{"id":83341,"date":"2020-09-07T20:36:26","date_gmt":"2020-09-07T18:36:26","guid":{"rendered":"https:\/\/www.freiburg-schwarzwald.de\/blog\/?page_id=83341"},"modified":"2026-06-13T08:03:58","modified_gmt":"2026-06-13T06:03:58","slug":"juedisches-leben","status":"publish","type":"page","link":"https:\/\/www.freiburg-schwarzwald.de\/blog\/religion\/juden\/juedisches-leben\/","title":{"rendered":"J\u00fcdisches-Leben"},"content":{"rendered":"<p>Home &gt;<a title=\"Religion\" href=\"https:\/\/www.freiburg-schwarzwald.de\/blog\/religion\/\">Religion<\/a>\u00a0&gt;<a title=\"Juden\" href=\"https:\/\/www.freiburg-schwarzwald.de\/blog\/religion\/juden\/\">Juden<\/a> &gt;J\u00fcdisches-Leben<\/p>\n<div id=\"attachment_40775\" style=\"width: 652px\" class=\"wp-caption alignnone\"><a href=\"https:\/\/www.freiburg-schwarzwald.de\/blog\/global\/israel\/israel2013\/jerusalem-neustadt\/jerusalem-elaksa-pan131026\/\" rel=\"attachment wp-att-40775\"><img loading=\"lazy\" decoding=\"async\" aria-describedby=\"caption-attachment-40775\" class=\"size-full wp-image-40775\" src=\"https:\/\/www.freiburg-schwarzwald.de\/blog\/wp-content\/uploads\/2013\/11\/jerusalem-elaksa-pan131026.jpg\" alt=\"Blick \u00fcber die El Aksa-Moschee (graue Kuppel) in Jerusalem zum \u00d6lberg am 26.10.2013\" width=\"642\" height=\"186\" srcset=\"https:\/\/www.freiburg-schwarzwald.de\/blog\/wp-content\/uploads\/2013\/11\/jerusalem-elaksa-pan131026.jpg 642w, https:\/\/www.freiburg-schwarzwald.de\/blog\/wp-content\/uploads\/2013\/11\/jerusalem-elaksa-pan131026-180x52.jpg 180w, https:\/\/www.freiburg-schwarzwald.de\/blog\/wp-content\/uploads\/2013\/11\/jerusalem-elaksa-pan131026-640x185.jpg 640w\" sizes=\"auto, (max-width: 642px) 100vw, 642px\" \/><\/a><p id=\"caption-attachment-40775\" class=\"wp-caption-text\">Blick \u00fcber Klagemauer und El Aksa-Moschee (graue Kuppel) in Jerusalem zum \u00d6lberg am 26.10.2013<\/p><\/div>\n<p>&nbsp;<\/p>\n<ul>\n<li><em>Listenauswahl eines Beitrags (Artikel\/Datum, Seite\/Inhalt):\u00a0<span style=\"text-decoration: underline;\">Klicken<\/span>\u00a0oder scrollen<\/em><\/li>\n<li><a href=\"https:\/\/www.freiburg-schwarzwald.de\/blog\/markt-der-partnerstaedte-freiburg\/\">Markt der Partnerst\u00e4dte Freiburg<\/a>\u00a0(12.6.2026)<\/li>\n<li><a href=\"https:\/\/www.freiburg-schwarzwald.de\/blog\/judenhass-ist-antisemitismus\/\">Judenhass ist Antisemitismus<\/a>\u00a0(19.5.2026)<\/li>\n<li><a href=\"https:\/\/www.freiburg-schwarzwald.de\/blog\/religion\/juden\/links-antisemitismus\/\">Hessischer Verfassungsschutz gibt zu: Antisemiten vor allem Islamisten und Linksextremisten<\/a>\u00a0(6.5.2026)<\/li>\n<li><a href=\"https:\/\/www.freiburg-schwarzwald.de\/blog\/global\/twintowns\/innsbruck\/\">Fred Mayer: Innsbruck 1945 \u2013 Freiburg 2026<\/a>\u00a0(23.4.2026)<\/li>\n<li><a href=\"https:\/\/www.freiburg-schwarzwald.de\/blog\/religion\/juden\/holocaust-instrumentalisieren\/\">Linksradikale wollen in Buchenwald gegen Israel demonstrieren<\/a>\u00a0(22.2.2026)<\/li>\n<li><a href=\"https:\/\/www.freiburg-schwarzwald.de\/blog\/global\/deutschland\/deutschland-juden\/\">SC Freiburg gegen Tel Aviv: So ordnet der Vizepr\u00e4sident von Makkabi Deutschland das Spiel ein<\/a>\u00a0(17.1.2026)<\/li>\n<li><a href=\"https:\/\/www.freiburg-schwarzwald.de\/blog\/regio\/heidelberg\/\">Gunter Frank: Antisemitismus im Heidelberger Gemeinderat<\/a>\u00a0(18.11.2025)<\/li>\n<li>J\u00fcdisches Leben ist auch in Freiburg nur noch mit Polizeischutz m\u00f6glich (11.11.2025)<\/li>\n<li><a href=\"https:\/\/www.freiburg-schwarzwald.de\/blog\/zentralrat-der-juden-gegen-merz\/\">Zentralrat der Juden gegen Merz<\/a>\u00a0(11.8.2025)<\/li>\n<li><a href=\"https:\/\/www.freiburg-schwarzwald.de\/blog\/global\/deutschland\/deutschland-juden\/\">Bei Pal\u00e4stinenser-Demo in Mannheim: Juden angegriffen und beschimpft<\/a> (29.7.2025)<\/li>\n<li><a href=\"https:\/\/www.freiburg-schwarzwald.de\/blog\/global\/deutschland\/deutschland-juden\/\">Chaim Noll: Zentralrat der Juden 75 Jahre alt \u2013 selbstgerecht und autorit\u00e4r<\/a>\u00a0(18.7.2025)<\/li>\n<li><a href=\"https:\/\/www.freiburg-schwarzwald.de\/blog\/religion\/juden\/juden-in-freiburg\/\">Polizei ermittelt nach Eierw\u00fcrfen auf israelisches Restaurant Jaffa in Freiburg<\/a> (20.7.2025)<\/li>\n<li><a href=\"https:\/\/www.freiburg-schwarzwald.de\/blog\/pmk-links-vor-pmk-rechts\/\">PMK links vor PMK rechts<\/a>\u00a0(12.6.2025)<\/li>\n<li><a href=\"https:\/\/www.freiburg-schwarzwald.de\/blog\/berlin-contra-kind-jude-christ\/\">Berlin contra Kind, Jude, Christ<\/a>\u00a0(23.5.2025)<\/li>\n<li><a href=\"https:\/\/www.freiburg-schwarzwald.de\/blog\/kultur\/erinnerungskultur\/\">Um wessen Erinnerungen geht es eigentlich<\/a> (13.5.2025)<\/li>\n<li><a href=\"https:\/\/www.freiburg-schwarzwald.de\/blog\/juedisches-leben-in-d-bedroht\/\">J\u00fcdisches Leben in D bedroht<\/a> (25.4.2025)<\/li>\n<li><a href=\"https:\/\/www.freiburg-schwarzwald.de\/blog\/religion\/islam\/islamismus\/\">Nur eine anti-islamistische Regierung kann unser Land retten!<\/a> (24.4.2025)<\/li>\n<li>Indubio Folge 377 \u2013 J\u00fcdisches Leben in Deutschland (20.4.2025)<\/li>\n<li><a href=\"https:\/\/www.freiburg-schwarzwald.de\/blog\/religion\/juden\/juden-in-freiburg\/\">Beinahe-Eklat bei Er\u00f6ffnung des Freiburger NS-Dokuzentrums: Es fehlt wieder mal der Weitblick<\/a> (21.3.2025)<\/li>\n<li><a href=\"https:\/\/www.freiburg-schwarzwald.de\/blog\/holocaust-zeitzeugen-anhoeren\/\">Holocaust: Zeitzeugen anh\u00f6ren<\/a>\u00a0(29.1.2025)<\/li>\n<li><a href=\"https:\/\/www.freiburg-schwarzwald.de\/blog\/business\/dienste\/immobilien\/wohnen\/no-go-area\/\">Henryk M. Broder: No-Go-Bereiche f\u00fcr Juden in Stuttgart<\/a>\u00a0(4.1.2025)<\/li>\n<li><a href=\"https:\/\/www.freiburg-schwarzwald.de\/blog\/antisemitisches-pogrom-in-nl\/\">Antisemitisches Pogrom in NL<\/a>\u00a0(8.11.2024)<\/li>\n<li><a href=\"https:\/\/www.freiburg-schwarzwald.de\/blog\/religion\/islam\/islamophobie\/\">Antisemitismus und Islamophobie \u2013 eine deutsche Scheinehe<\/a>\u00a0(4.10.2024)<\/li>\n<li><a href=\"https:\/\/www.freiburg-schwarzwald.de\/blog\/religion\/juden\/juden-in-der-afd\/\">Klonovsky: Rede bei \u201eJuden in der AfD\u201c in Mannheim am 20.7.2024<\/a>\u00a0(22.7.2024)<\/li>\n<li>Den Juden wird empfohlen sich zu verstecken (7.7.2024)<\/li>\n<li><a href=\"https:\/\/www.freiburg-schwarzwald.de\/blog\/global\/deutschland\/deutschland-hamas\/\">Pro-Pal\u00e4stina-Protestcamp an Uni Freiburg<\/a>\u00a0(4.7.2024)<\/li>\n<li><a href=\"https:\/\/www.freiburg-schwarzwald.de\/blog\/global\/deutschland\/deutschland-juden\/\">Das Land Brandenburg schenkt den Juden eine Synagoge<\/a> (4.7.2024)<\/li>\n<li><a href=\"https:\/\/www.freiburg-schwarzwald.de\/blog\/global\/deutschland\/deutschland-juden\/\">Koscheres Restaurant Bleibergs in Berlin macht zu \u2013 7.Oktober 2023<\/a> (9.6.2024)<\/li>\n<li><a href=\"https:\/\/www.freiburg-schwarzwald.de\/blog\/israel-gedenken-12-13mai-in-fr\/\">Israel: Gedenken 12-13Mai in FR<\/a>\u00a0(14.5.2024)<\/li>\n<li><a href=\"https:\/\/www.freiburg-schwarzwald.de\/blog\/demo-breisach-am-israel-chai\/\">Demo Breisach: Am Israel Chai<\/a>\u00a0(10.5.2024)<\/li>\n<li><a href=\"https:\/\/www.freiburg-schwarzwald.de\/blog\/global\/deutschland\/deutschland-juden\/\">Malca Goldstein-Wolf: Wie ich mich als J\u00fcdin in Deutschland f\u00fchle?<\/a>\u00a0(7.5.2024)<\/li>\n<li><a href=\"https:\/\/www.freiburg-schwarzwald.de\/blog\/global\/france\/frankreich2022\/\">Beate und Serge Klarsfeld: Juden f\u00fcr Rassemblement National<\/a>\u00a0(1.3.2024)<\/li>\n<li><a href=\"https:\/\/www.freiburg-schwarzwald.de\/blog\/jsud-und-rcds-gegen-extremismus\/\">JSUD und RCDS gegen Extremismus<\/a>\u00a0(10.2.2024)<\/li>\n<li><a href=\"https:\/\/www.freiburg-schwarzwald.de\/blog\/ueberfallen-weil-er-jude-ist\/\">\u00dcberfallen, weil er Jude ist<\/a> (7.2.2024)<\/li>\n<li><a href=\"https:\/\/www.freiburg-schwarzwald.de\/blog\/bildung\/holocaust-education\/\">Die Holocaust-\u00dcberlebende Eva Weyl hat in Freiburg ihre Lebensgeschichte erz\u00e4hlt<\/a> (29.1.2024)<\/li>\n<li>Wolffsohn &#8211; Gretchenfrage: Haben Juden in Deutschland eine Zukunft? (28.1.2024)<\/li>\n<li><a href=\"https:\/\/www.freiburg-schwarzwald.de\/blog\/bildung\/hochschulen-freiheit\/\">J\u00fcdische Studenten in Berlin drangsaliert und bespuckt<\/a> (15.12.2023)<\/li>\n<li><a href=\"https:\/\/www.freiburg-schwarzwald.de\/blog\/reichspogromnacht-9-11-1938\/\">Reichspogromnacht 9.11.1938<\/a>\u00a0(7.11.2023)<\/li>\n<li><a href=\"https:\/\/www.freiburg-schwarzwald.de\/blog\/neptunbrunnen-kapitulation\/\">Neptunbrunnen \u2013 Kapitulation?<\/a>\u00a0(5.11.2023)<\/li>\n<li><a href=\"https:\/\/www.freiburg-schwarzwald.de\/blog\/demo-verbot-wegen-sicherheit\/\">Demo-Verbot wegen Sicherheit?<\/a>\u00a0(22.10.2023)<\/li>\n<li><a href=\"https:\/\/www.freiburg-schwarzwald.de\/blog\/global\/deutschland\/deutschland-israel\/\">Anti-j\u00fcdische Ausschreitungen in D: Vom Multi-Kulti-Traum in den B\u00fcrgerkrieg<\/a>\u00a0(20.10.2023)<\/li>\n<li><a href=\"https:\/\/www.freiburg-schwarzwald.de\/blog\/wir-schaffen-es-nicht-mehr\/\">Wir schaffen es nicht (mehr)<\/a>\u00a0(16.10.2023)<\/li>\n<li><a href=\"https:\/\/www.freiburg-schwarzwald.de\/blog\/global\/deutschland\/deutschland-israel\/\">Martin E. Renner: Israel steht f\u00fcr uns alle<\/a>\u00a0(14.10.2023)<\/li>\n<li><a href=\"https:\/\/www.freiburg-schwarzwald.de\/blog\/hamas-beginnt-krieg-mit-israel\/\">Hamas beginnt Krieg mit Israel<\/a>\u00a0(8.10.2023)<\/li>\n<li>Diamantene Hochzeit: Felix und Heidi Rottberger, j\u00fcdischer Friedhof Freiburg (25.9.2023)<\/li>\n<li><a href=\"https:\/\/www.freiburg-schwarzwald.de\/blog\/religion\/juden\/judenhass2021\/\">\u201eVon Arabern verpr\u00fcgelt, weil ich Jude bin\u201c: Dieser Fall muss uns wachr\u00fctteln<\/a>\u00a0(7.8.2023)<\/li>\n<li><a href=\"https:\/\/www.freiburg-schwarzwald.de\/blog\/selbsthilfe\/soziales\/obdachlos\/\">Synagoge FR: Obdachlosen Menschen mehr W\u00fcrde erm\u00f6glichen<\/a>\u00a0(3.8.2023)<\/li>\n<li><a href=\"https:\/\/www.freiburg-schwarzwald.de\/blog\/jedem-sein-eigener-zentralrat\/\">Jedem sein eigener Zentralrat<\/a>\u00a0(14.7.2023)<\/li>\n<li><a href=\"https:\/\/www.freiburg-schwarzwald.de\/blog\/juedische-jugend-buht-roth-aus\/\">J\u00fcdische Jugend buht Roth aus<\/a>\u00a0(22.5.2023)<\/li>\n<li><a href=\"https:\/\/www.freiburg-schwarzwald.de\/blog\/yom-hashoah-holocaustgedenk\/\">Yom HaShoah, dem israelischen Holocaustgedenk<\/a>\u00a0(20.4.2023)<\/li>\n<li><a href=\"https:\/\/www.freiburg-schwarzwald.de\/blog\/religion\/juden\/juedisches-leben\/deutsch-israelischer-arbeitskreis\/\">Yom HaShoah \u2013 israelischer Holocaustgedenktag 18.4.2023 Ringsheim<\/a> (31.3.2023)<\/li>\n<li><a href=\"https:\/\/www.freiburg-schwarzwald.de\/blog\/olympia-attentat-muenchen-50\/\">Olympia-Attentat M\u00fcnchen 50 Jahre<\/a> (14.9.2022)<\/li>\n<li><a href=\"https:\/\/www.freiburg-schwarzwald.de\/blog\/kanzler-richtlinienkompetenz\/\">Kanzler-Richtlinienkompetenz<\/a>\u00a0(19.8.2022)<\/li>\n<li>Michael Wolffsohn: J\u00fcdisches Leben in Europa bedroht (14.8.2022)<\/li>\n<li>Wirft Frage auf, ob Antisemitismus-Beauftragte angemessene Befugnisse haben (17.6.2022)<\/li>\n<li><a href=\"https:\/\/www.freiburg-schwarzwald.de\/blog\/documenta-antisemitismus\/\">Documenta \u2013 Antisemitismus<\/a>\u00a0(22.6.2022)<\/li>\n<li><a href=\"https:\/\/www.freiburg-schwarzwald.de\/blog\/wolffsohn-juedische-geschichte\/\">Wolffsohn: J\u00fcdische Geschichte<\/a>\u00a0(9.6.2022)<\/li>\n<li><a href=\"https:\/\/www.freiburg-schwarzwald.de\/blog\/bka-verschleiert-antisemitismus\/\">BKA verschleiert Antisemitismus<\/a>\u00a0(14.5.2022)<\/li>\n<li><a href=\"https:\/\/www.freiburg-schwarzwald.de\/blog\/selbsthilfe\/frauen\/gender\/sexuell\/\">Wie man einen Penis manipuliert \u2013 AGK Potsdam<\/a> (10.5.2022)<\/li>\n<li>Juden in D schweigen zum Ukraine-Krieg (3.3.2022=<\/li>\n<li><a href=\"https:\/\/www.freiburg-schwarzwald.de\/blog\/ausgrenzung-ungeimpfter-tabu\/\">Ausgrenzung Ungeimpfter: Tabu<\/a>\u00a0(5.2.2022)<\/li>\n<li><a href=\"https:\/\/www.freiburg-schwarzwald.de\/blog\/religion\/juden\/judenhass2021\/\">\u00dcberfall auf 18-J\u00e4hrigen in K\u00f6ln, weil er eine Kippa trug<\/a> (24.8.2021)<\/li>\n<li>Politik uneins \u00fcber Anteil des eingewanderten Antisemitismus (28.5.2021)<\/li>\n<li><a href=\"https:\/\/www.freiburg-schwarzwald.de\/blog\/religion\/juden\/judenhass2021\/\">Chaim Noll: Kanzlerin hat offenen Judenhass in D wieder m\u00f6glich gemacht<\/a>\u00a0(19.5.2021)<\/li>\n<li><a href=\"https:\/\/www.freiburg-schwarzwald.de\/blog\/global\/israel\/antijudaismus\/\">Peter Hahne: Juden-Hass und Islam-Verharmlosung auf Demos<\/a>\u00a0(16.5.2021)<\/li>\n<li><a href=\"https:\/\/www.freiburg-schwarzwald.de\/blog\/israel-staatsraison-nur-verbal\/\">Israel Staatsraison \u2013 nur verbal<\/a>\u00a0(15.5.2021)<\/li>\n<li><a href=\"https:\/\/www.freiburg-schwarzwald.de\/blog\/synagogen-angegriffen-angst\/\">Synagogen angegriffen \u2013 Angst<\/a>\u00a0(13.5.2021)<\/li>\n<li><a title=\"Zentralrat der Juden: 70 Jahre\" href=\"https:\/\/www.freiburg-schwarzwald.de\/blog\/zentralrat-der-juden-70-jahre\/\">Zentralrat der Juden in deutschland (ZdJ): 70 Jahre<\/a>\u00a0(17.9.2020)<\/li>\n<li>Was der j\u00fcdische Friedhof in Freiburg mit \u201cM\u00e4rchen aus 1001 Nacht\u201d zu tun hat 7.9.2020)<\/li>\n<li>Herbolzheim versagte eine DIA-Veranstaltung \u00fcber Theodor Herzl (6.9.2020)<\/li>\n<li>Karl Lagerfeld: Der Skandal, der keiner ist (16.11.2017)<\/li>\n<\/ul>\n<ul>\n<li><a title=\"Antisemitismus\" href=\"https:\/\/www.freiburg-schwarzwald.de\/blog\/religion\/juden\/antisemitismus\/\">Antisemitismus<\/a><\/li>\n<li><a title=\"Auschwitz1945-2020\" href=\"https:\/\/www.freiburg-schwarzwald.de\/blog\/kultur\/erinnerungskultur\/auschwitz1945-2020\/\">Auschwitz1945-2020<\/a><\/li>\n<li><a title=\"Deutschland2020\" href=\"https:\/\/www.freiburg-schwarzwald.de\/blog\/global\/deutschland\/deutschland2020\/\">Deutschland2020<\/a><\/li>\n<li><a href=\"https:\/\/www.freiburg-schwarzwald.de\/blog\/religion\/juden\/juedisches-leben\/deutsch-israelischer-arbeitskreis\/\">Deutsch-Israelischer-Arbeitskreis DIA<\/a><\/li>\n<li><a href=\"https:\/\/www.freiburg-schwarzwald.de\/blog\/global\/deutschland\/deutschland-israel\/\">Deutschland-Israel<\/a><\/li>\n<li><a href=\"https:\/\/www.freiburg-schwarzwald.de\/blog\/global\/deutschland\/deutschland-juden\/\">Deutschland-Juden<\/a><\/li>\n<li><a href=\"https:\/\/www.freiburg-schwarzwald.de\/blog\/religion\/juden\/holocaust-instrumentalisieren\/\">Holocaust-Instrumentalisierung<\/a><\/li>\n<li><a title=\"Israel2013\" href=\"https:\/\/www.freiburg-schwarzwald.de\/blog\/global\/israel\/israel2013\/\">Israel2013<\/a><\/li>\n<li><a title=\"Israel2019\" href=\"https:\/\/www.freiburg-schwarzwald.de\/blog\/global\/israel\/israel2019\/\">Israel2019<\/a><\/li>\n<li><a title=\"Jerusalem\" href=\"https:\/\/www.freiburg-schwarzwald.de\/blog\/religion\/jerusalem\/\">Jerusalem<\/a><\/li>\n<li><a title=\"Juden\" href=\"https:\/\/www.freiburg-schwarzwald.de\/blog\/religion\/juden\/\">Juden<\/a><\/li>\n<li><a href=\"https:\/\/www.freiburg-schwarzwald.de\/blog\/religion\/juden\/juden-in-der-afd\/\">Juden-in-der-AfD<\/a><\/li>\n<li><a href=\"https:\/\/www.freiburg-schwarzwald.de\/blog\/religion\/juden\/juden-in-freiburg\/\">Juden-in-Freiburg<\/a><\/li>\n<li><a href=\"https:\/\/www.freiburg-schwarzwald.de\/blog\/religion\/juden\/judenhass2021\/\">Judenhass2021<\/a><\/li>\n<li><a title=\"Juden-instrumentalisieren\" href=\"https:\/\/www.freiburg-schwarzwald.de\/blog\/religion\/juden\/juden-instrumentalisieren\/\">Juden-instrumentalisieren<\/a><\/li>\n<li><a title=\"Palaestina\" href=\"https:\/\/www.freiburg-schwarzwald.de\/blog\/global\/israel\/palaestina\/\">Palaestina<\/a><\/li>\n<li><a title=\"Profanierung\" href=\"https:\/\/www.freiburg-schwarzwald.de\/blog\/kultur\/erinnerungskultur\/profanierung\/\">Profanierung<\/a><\/li>\n<li><a title=\"TelAviv\" href=\"https:\/\/www.freiburg-schwarzwald.de\/blog\/global\/twintowns\/telaviv\/\">Tel Aviv<\/a><\/li>\n<\/ul>\n<p><strong>\u2026 nur so eine Frage:<\/strong><br \/>\n<a href=\"https:\/\/www.freiburg-schwarzwald.de\/blog\/religion\/juden\/juedisches-leben\/\">J\u00fcdisches Leben<\/a>\u00a0ist in Deutschland bedroht. Das wird von\u00a0<a href=\"https:\/\/www.freiburg-schwarzwald.de\/blog\/kultur\/medien\/medien-politik\/\">Politik und Medien<\/a>\u00a0leider hingenommen. Was w\u00e4re, wenn auch <a href=\"https:\/\/www.freiburg-schwarzwald.de\/blog\/religion\/christen\/\">christliches Leben<\/a> bedroht w\u00fcrde? Oder wenn <a href=\"https:\/\/www.freiburg-schwarzwald.de\/blog\/global\/integration\/muslime\/\">muslimisches Leben<\/a> bedroht w\u00fcrde?<br \/>\n.<br \/>\n<strong>Nur noch 100.000 Juden in Deutschland<\/strong><br \/>\nIn Deutschland leben h\u00f6chstens 100.000 Juden, von denen nicht alle in die Synagoge gehen. Und mindestens 6.000.000 Muslime, die nicht alle die Moschee besuchen.<br \/>\nIn Europa: 1,5 Millionen Juden und 20 Millionen Muslime.<br \/>\n.<br \/>\n&#8222;J\u00fcdisches Leben ist in Deutschland nur noch unter Polizeischutz so m\u00f6glich, da\u00df man nicht um Leib und Leben f\u00fcrchten mu\u00df. &#8230; .<br \/>\nGewalt geht aus von radikal muslimisch gepr\u00e4gten bzw. islamistisch gepr\u00e4gten und linksextremistisch gepr\u00e4gten Menschen&#8220;<br \/>\n(DPolG-Vize Manuel Ostermann im Interview 4\/2025)<br \/>\n.<br \/>\nInformationen \u00fcber j\u00fcdisches Leben in Deutschland<br \/>\n<a href=\"https:\/\/haolam.de\">https:\/\/haolam.de<\/a><br \/>\n<a href=\"https:\/\/www.hagalil.com\">https:\/\/www.hagalil.com<br \/>\n<\/a><a href=\"https:\/\/www.juedische-rundschau.de\">https:\/\/www.juedische-rundschau.de<\/a><br \/>\n.<br \/>\nDie neuesten Informationen \u00fcber Israel aus Israel<br \/>\n<a href=\"https:\/\/www.haaretz.com\">https:\/\/www.haaretz.com<\/a><br \/>\n<a href=\"https:\/\/www.israelhayom.com\">https:\/\/www.israelhayom.com<\/a><br \/>\n<a href=\"https:\/\/www.jpost.com\">https:\/\/www.jpost.com<br \/>\n<\/a>\u00a0<a href=\"https:\/\/www.israelheute.com\">www.israelheute.com<\/a><br \/>\n=========================================================<\/p>\n<p><strong>Indubio Folge 377 \u2013 J\u00fcdisches Leben in Deutschland<\/strong><br \/>\nOstern beginnt und Pessach geht zu Ende. Gerd Buurmann spricht \u00fcber j\u00fcdisches Leben in Deutschland mit: Historikerin Simone Schermann, Musiker David Serebryanik aus Polen, Chaim Noll aus Israel und Henryk M. Broder aus Berlin. Kontrovers und am\u00fcsant. Anh\u00f6ren!<br \/>\n&#8230; Alles vom 20.4.2025 mit Gerd Buurmann bitte lesen auf<br \/>\n<a href=\"https:\/\/www.achgut.com\/artikel\/indubio_folge_377_juedisches_leben_in_deutschland\">https:\/\/www.achgut.com\/artikel\/indubio_folge_377_juedisches_leben_in_deutschland<\/a><br \/>\n.<br \/>\nEinige Zitate:<br \/>\nSchermann: &#8222;Es gibt Ortskr\u00e4fte aus Afghanistan. Wir Juden sind die Ortskr\u00e4fte f\u00fcr Gedenk- und Erinnerungskultur. Ich finde das andauernde Gedenken furchtbar. Die Reduzierung auf das Leid&#8220;.<br \/>\n&#8222;Judentum in D ist staatlich verwaltet und bezahlt. Ein Planstellenjudentum.&#8220;<br \/>\n.<br \/>\nBroder: &#8222;Das j\u00fcdische Leben in Deutschland ist ein gro\u00dfes potemkinisches Dorf, eine Inszenierung.&#8220;<br \/>\n&#8222;Der Jude ist der Rehabilitationshelfer der Deutschen. Und der ZdJ geh\u00f6rt dazu&#8220;<br \/>\n&#8222;Der importierte Antisemitismus ist das Hauptproblem. Er dient als Booster f\u00fcr den kaum noch vorhandenen indigenen Antisemitismus.&#8220;<br \/>\n&#8222;Ich warte auf den Tag, an dem die EKD mit den Gr\u00fcnen fusioniert&#8220;<\/p>\n<p>.<\/p>\n<p><strong>Den Juden wird empfohlen sich zu verstecken<\/strong><br \/>\nDie durch den Regierungsbeauftragten ausgerechnet f\u00fcr die Bek\u00e4mpfung des Antisemitismus an die Juden sotto voce und hinter vorgehaltener Hand aber doch tats\u00e4chlich ergangene Unterwerfungs-Empfehlung, sich zum eigenen Schutz nicht mehr in bestimmten \u00f6ffentlichen Bereichen etwa durch das Tragen der Kippa zu outen, stellt eine Kapitulation des Rechtsstaates dar, der nur knapp 75 Jahre nach den Schrecken der Shoah ganz offensichtlich nicht mehr seinem Schutzauftrag f\u00fcr seine j\u00fcdische Bev\u00f6lkerungsminderheit nachkommen will oder \u2013 was die Sache nicht besser macht \u2013 nicht mehr nachkommen kann.<br \/>\nDaran \u00e4ndert auch der sp\u00e4ter versuchte halbherzige R\u00fcckzug des Beauftragten aus dieser uns\u00e4glichen und blamablen Empfehlung nicht das Geringste. Schon die gespielte \u00dcberraschung der politisch Verantwortlichen \u00fcber den vermeintlich pl\u00f6tzlichen Anstieg antisemitischer Angriffe in diesem Lande und in ganz Westeuropa verhei\u00dft nichts Gutes f\u00fcr die Lauterkeit der vollmundig von unserer Politik verk\u00fcndeten Absicht, die Situation der Juden wirklich und wirksam verbessern zu wollen.<br \/>\n&#8230;.<br \/>\nNicht mehr selten werden wieder j\u00fcdische Sch\u00fcler aus deutschen, Islam-dominierten Schulen gepr\u00fcgelt, w\u00e4hrend Schulleitung, Lehrer und nichtj\u00fcdische Elternbeir\u00e4te unt\u00e4tig bleiben. Gleichzeitig verschweigen und negieren unsere linkslastigen \u00f6ffentlich-rechtlichen Mainstream-Medien und unsere mit dummdreist verlogenem Klimahype als neuem Stimmenbeschaffer ausschlie\u00dflich um ihre Wiederwahl, aber nicht um das Wohl der W\u00e4hler bem\u00fchten Politiker der ehemaligen Volksparteien und der sich der Gunst der Stunde erfreuenden gr\u00fcnen Klima-Scharlatane die offensichtliche Besch\u00e4digung unserer Gesellschaft und den vollkommen offensichtlichen Zusammenhang dieser Sachverhalte mit der nicht mehr zu \u00fcbersehenden islamischen Demokratie- und Rechtsverachtung und dem von Kindheit an anerzogenen Judenhass nicht weniger Muslime.<br \/>\n&#8230; Alles vom 7.7.2024 von Raphael Korenzecher bitte lesen auf <a href=\"https:\/\/juedischerundschau.de\/article.2024-07.kolumne-des-herausgebers-dr-r-korenzecher.html\">https:\/\/juedischerundschau.de\/article.2024-07.kolumne-des-herausgebers-dr-r-korenzecher.html<\/a><\/p>\n<p>&nbsp;<\/p>\n<p><strong>Wolffsohn &#8211; Gretchenfrage: Haben Juden in Deutschland eine Zukunft?<\/strong><br \/>\nAm <a href=\"https:\/\/www.freiburg-schwarzwald.de\/blog\/global\/israel\/israel7-10-2023\/\">7. Oktober 2023<\/a> veranstalten Hamas-Terroristen in Israel eine Mord- und Blutorgie. Das Entsetzen war zu Recht gro\u00df. Doch als Israel sich wehrte, geriet die Ursache fast in Vergessenheit. Mehr die Reaktion Israels als die Terroraktion der Hamas wurde weltweit auf Massendemonstrationen verdammt.<br \/>\n&#8230;<br \/>\nDas Fazit: Statt \u201eNie wieder!\u201c erleben wir ein \u201eSchon wieder!\u201c. Aber anders als \u201edamals\u201c: Damals kam DAS von ganz rechts. Heute gibt es auch dieses Ganz-Rechts. Inzwischen hat es zwei weitere, alles andere als ungef\u00e4hrliche Geschwister: Linksextremisten, n\u00fctzliche Idioten aus dem B\u00fcrgertum, besonders dem linksliberalen, sowie vor allem muslimische Antisemiten des Wortes und der Tat.<br \/>\nW\u00e4hrend es besonders amtlich, meist pr\u00e4sidial-pf\u00e4ffisch vorgetragen, und im Chor der scheinbar Auf- und Abgekl\u00e4rten \u2013 gerne auf Spruchb\u00e4ndern \u2013 \u201eNie wieder!\u201c hei\u00dft. Diese Parole verdeckt die Wirklichkeit des \u201eSchon wieder\u201c. Um die sie wirklich und ehrlich absto\u00dfende Wirklichkeit wegzureden, verk\u00fcnden politisch verantwortungsbewusste Verantwortungstr\u00e4ger dann inbr\u00fcnstig: \u201eAntisemitismus hat in Deutschland keinen Platz!\u201c Doch Wunsch und Wille sind leider nicht Wirklichkeit. Diese Wirklichkeit ist selbst verschuldet.<br \/>\n&#8230;<br \/>\nWorin besteht das geschichtspolitische und -p\u00e4dagogische Versagen? Die Antwort l\u00e4sst sich in einer Wortformel zusammenfassen: 1 statt 3. \u00dcblicherweise wurde, die dreifache Wirklichkeit verkennend, der Rechtsextremismus als \u201edie\u201c quasi einzige antisemitische Gefahr erkannt und benannt. Willentlich und wissentlich wurden die beiden anderen antisemitischen Hauptgefahren, Islamismus und Linksextremismus, verschwiegen oder verniedlicht und, wenn benannt, dann mit ideologischem Zuckerwasser, erg\u00e4nzt um Mengen von Moralin, \u00fcbergossen. Nichts sehen, nichts h\u00f6ren, nichts sagen.<br \/>\n&#8230;<br \/>\nDie Gretchenfrage lautet: Haben Juden in Deutschland eine Zukunft? Meine Antwort: Aufgrund der Demografie und der damit verbundenen antij\u00fcdischen Ideologie(n) langfristig so wenig wie in den anderen Staaten der Diaspora. \u00dcber kurz oder lang wird es, nach dem fiktiven Exodus der Bibel, einen zweiten Exodus nach Zion, also Israel, geben. Fraglich ist jedoch, ob es langfristig noch Israel geben wird, denn au\u00dfer Freunden des Wortes hat es heute nur einen der echten Tat-Freund: die USA.<br \/>\n&#8230; Alles vom 28.1.2024 von Michael Wolffsohn bitte lesen auf<br \/>\n<a href=\"https:\/\/www.tichyseinblick.de\/feuilleton\/buecher\/die-gretchenfrage-lautet-haben-juden-in-deutschland-eine-zukunft\/\">https:\/\/www.tichyseinblick.de\/feuilleton\/buecher\/die-gretchenfrage-lautet-haben-juden-in-deutschland-eine-zukunft\/<\/a><br \/>\n.<br \/>\n<em>Michael Wolffsohn:<\/em><br \/>\n<em>Nie wieder? schon wieder!<\/em><br \/>\n.<br \/>\nEinige Kommentare:<br \/>\n&#8222;Haben Juden in Deutschland eine Zukunft?&#8220; Unter Baerbock, Faeser, Essens, KGE &amp; Roth mit Sicherheit nicht. Denn unter der Regide dieser Bef\u00fcrworter und F\u00f6rderer unkontrollierter, schrankenloser Einwanderung ist der importierte Antisemitsmus leider nicht mehr aufzuhalten.<br \/>\nIn L\u00e4ndern wie der Schweiz hingegen haben Juden eine sichere Zukunft. Dort reagiert auch die rechtspopulistische, europaskeptische, nationalkonservative und wirtschafttsliberale SVP, die dem Land Wohlstand beschert und entgrenzte Verh\u00e4ltnisse wie in Deutschland vereitelt. Durch kontrollierte Einwanderung bleiben dem Land Antisemitismus und Terrorgefahr weitgehend erspart. Bei den Einwanderern wird von Anfang an auf Integrationsf\u00e4higkeit geachtet, dies gelingt und sorgt am Ende auch f\u00fcr mehr Akzeptanz im Volk. E.<br \/>\n.<br \/>\nDie Gretchenfrage: \u201eHaben Juden in Deutschland eine Zukunft?\u201c Meine Antwort: Allem Anschein nach nicht. Und auch wenn es Wolffsohn nicht gerne h\u00f6ren wird: \u2026 zumindest nicht ohne die AfD ! Civ<br \/>\n.<br \/>\nZum \u201egeschichtsp\u00e4dagogischen\u201c Versagen: Die Idee, mit m\u00f6glichst hoher \u201eAuschwitz-Pr\u00e4senz\u201c Antisemitismus verhindern zu wollen, habe ich noch nie verstanden. Es funktioniert m.E. nicht. Wer nicht aus sich selbst heraus empfindet, dass offene oder subtile Herabw\u00fcrdigung von Menschen falsch ist, dem ist hiermit nicht zu helfen.<\/p>\n<p>Mich hat Ralph Giordanos \u201eRoman\u201c Die Bertinis entscheidend ber\u00fchrt, nicht aber irgendeine der tausende von Auschwitz-Ermahnungen meines Lebens. Diese Ermahnungen haben mich eher w\u00fctend hinterlassen und tun es immer noch, weil man mir Schuld zuschieben will f\u00fcr Dinge, die ich nie verantwortete.<br \/>\nDiese pessimistische Sichtweise von Autor Wolffsohn teile ich. Leider. M.S.<br \/>\n.<br \/>\nm Grunde genommen kann man Herrn Wolffsohn in den meisten Punkten zustimmen. Allerdings sollte er nicht vergessen, dass auch er selbst einer derjenigen war, die den Fokus immer auf die vermeintliche Gefahr durch den Rechtsextremismus gelegt hat. Der traditionell antisemitische Linksextremismus kommt in seinen \u00c4u\u00dferungen praktisch nicht vor. Und es war exakt diese Nichtbeachtung, die dem Antisemitismus von linker Seite erst den Platz einger\u00e4umt hat, den er jetzt f\u00fcr sich in Anspruch nimmt. Selbst die ganzen j\u00fcdischen Organisationen, die sonst nicht m\u00fcde werden, den Deutschen Rechtsextremismus zu unterstellen, waren nach dem Massaker vom 7. Oktober erschreckend still. Selbst die vielen linken antisemitischen Demonstrationen haben sie nicht wirklich verurteilt. Stattdessen haben Sie in ihrem imagin\u00e4ren Kampf-gegen-Rechts weitergemacht. Auch die Umdeutung des Nationalsozialismus in eine Art von Rechtsextremismus ist Teil dieses ganzen Problems. Nationalsozialisten waren schon immer linke Extremisten. Ste<br \/>\n.<br \/>\nIch habe ein gro\u00dfes Herz f\u00fcr Israel und bete jeden Tag, dass Gott Israel besch\u00fctzen m\u00f6ge seit diesem Angriff durch die Teufel der Hamas am 7. Oktober. Michael Wolffsohn habe ich immer gerne gelesen. Weil ich seine klare Stellung zu Israel sch\u00e4tze.<br \/>\nAber seit er in einer Talkshow einen AfD Politiker v\u00f6llig unsachlich angep\u00f6belt hat, der Partei, die so oft im Bundestag als einzige an der Seite Israels gestimmt hat, l\u00e4uft er bei mir nur noch unter der Kategorie Systemtr\u00f6te. So wie Schuster, Knobloch und all die anderen, die nicht wissen, wo ihre Freunde und wo die Freunde ihrer \u00e4rgsten Feinde sitzen. Sie tr\u00f6ten zusammen mit Parteien und Journalisten von der roten Front aus SPD, Gr\u00fcnen, FDP und CDU\/CSU und nat\u00fcrlich der Linken gegen die AfD, die sich als einzige gegen den Massenimport des radikalen Islam stemmt, weil die wissen, was ihnen bl\u00fcht, wenn der Islam in Deutschland das Heft in die Hand bekommt.<br \/>\nIn Frankreich hat es der Islam geschafft, dass Juden nicht mehr sicher sind. In Deutschland ist er auf dem besten Wege dazu. Und die sozialistischen Aufm\u00e4rsche in Deutschland mobilisieren ja massenhaft f\u00fcr noch mehr ungehinderte Integration. Diese Irren werden erst begreifen, was sie angerichtet haben, wenn Deutschland den Weg des Libanon nachgegangen ist. Man h\u00e4tte auch Biografien von Opfern zur Kenntnis nehmen k\u00f6nnen wie Brigitte Gabriel, aber dazu sind die meisten Linken zu beschr\u00e4nkt.<br \/>\nSo machen sie weiter Deutschland kaputt, ohne dass sie einen Plan haben, was dann kommen soll.<br \/>\nUnd Stimmen, die eigentlich sehr wirkungsvoll sein k\u00f6nnten, wie die von Michael Wolffsohn, reihen sich ein in den Mainstream, der eifrig an der Vernichtung und Preisgabe Deutschlands an den Islam arbeitet.<br \/>\nDa ich aus einer Familie Heimatvertriebener stamme, wei\u00df ich von meinen Verwandten, dass eine verlorene Heimat nicht so leicht wieder zu finden ist. Sie einfach aufzugeben, ohne eine neue zu haben, ist eine Dummheit. Mik<br \/>\nEnde Kommentare<\/p>\n<p>&nbsp;<\/p>\n<p><strong>Diamantene Hochzeit: Felix und Heidi Rottberger, j\u00fcdischer Friedhof Freiburg<\/strong><br \/>\nSie sind vermutlich das bekannteste j\u00fcdische Paar Freiburgs und ganz sicher das beliebteste: Felix und Heidi Rottberger feierten Diamantene Hochzeit. Mit K\u00fcsschen vom Oberb\u00fcrgermeister.<br \/>\nWer den Empfang am Sonntag im Schloss Ebnet ausrichtet, wird nicht so ganz klar. Gastgeber ist irgendwie Hausherr Nikolaus von Gayling, der eng befreundet ist mit Felix Rottberger, diesem &#8222;liebensw\u00fcrdigen Menschen&#8220;. Organisation, Deko und Catering obliegt der Aktion Schalom, einem Freiburger Verein, in dem sich Christinnen und Christen f\u00fcr die Belange Israels und der j\u00fcdischen Bev\u00f6lkerung einsetzen. Und da ist die Gro\u00dffamilie mit f\u00fcnf Kindern, 15 Enkeln und zwei Urenkeln. Ein ebenso spontanes wie buntes Treiben in der Kulturscheune und drumherum.<br \/>\nIm Mittelpunkt stehen Felix und Heidi Rottberger, seit 60 Jahren verheiratet. Er wurde acht Tage zuvor 87, sie wird Ende Dezember 80 Jahre alt. Als sie ankommen, z\u00fccken die zahlreichen G\u00e4ste ihre Handykameras. Drinnen l\u00e4uft dezente Klezmer-Musik. Und f\u00fcrs Jubelpaar wurde extra eine Chuppa gebaut, ein Hochzeitsbaldachin, wie der orthodoxe Rabbiner Yakov Gitler erkl\u00e4rt. Darunter ein blumengeschm\u00fcckter Tisch mit siebenarmigem Leuchter.<br \/>\n&#8230; Alles vom 25.9.2023 bitte lesen auf<br \/>\n<a href=\"https:\/\/www.badische-zeitung.de\/vom-freiburger-oberbuergermeister-gab-s-ein-kuesschen-und-geschenke--286774419.html\">https:\/\/www.badische-zeitung.de\/vom-freiburger-oberbuergermeister-gab-s-ein-kuesschen-und-geschenke&#8211;286774419.html<\/a><\/p>\n<p>&nbsp;<\/p>\n<p><strong>Michael Wolffsohn: J\u00fcdisches Leben in Europa bedroht<\/strong><br \/>\nDer renommierte Historiker Michael Wolffsohn sieht eine besondere Gefahr f\u00fcr Juden in Deutschland durch Islamisten und Linksextremisten, die eine Allianz bilden. Letztere seien die n\u00fctzlichen Idioten des islamischen Antisemitismus.<br \/>\n&#8230;.<br \/>\nDie Linksextremisten und die Islamisten bilden inzwischen eine Allianz\u201c, erkl\u00e4rt Wolffsohn im Gespr\u00e4ch mit dem Magazin Tichys Einblick. \u201eIn Frankreich nennt man sie \u00abIslamogauchisme\u00bb. Diese sind subjektiv meistens keine Antisemiten, aber objektiv deren n\u00fctzliche Idioten. Deutsche Beh\u00f6rden nennen meistens nur die Gefahr des altneuen Rechtsextremismus\u201c, kritisiert der j\u00fcdische Historiker. Doch das sei falsch. \u201eSeit Jahren zeigen Umfragen unter den Juden Europas: Sie haben an erster Stelle islamische Judenfeindschaft erfahren, gefolgt von linker und erst auf dem dritten Platz rechter. Nochmals: nicht eine Gefahr, sondern drei. Alle drei sind, ganz w\u00f6rtlich, mordsgef\u00e4hrlich\u201c, so Wolffsohn. \u201eAus gesamteurop\u00e4isch-j\u00fcdischer Sicht sind, wohlgemerkt empirisch, Islamismus und Linksextremismus plus linksliberale Helfer die gr\u00f6\u00dfere Gefahr.\u201c<\/p>\n<p>In Deutschland sieht Wolffsohn keine Zukunft f\u00fcr j\u00fcdisches Leben. \u201eEs gibt in Deutschland etwa 200.000 Juden, doch etwas mehr als die H\u00e4lfte geh\u00f6rt keiner Gemeinde an. Das hei\u00dft: Ihnen bedeutet ihr Judentum auch ohne Bedrohung von au\u00dfen wenig. Als Kollektiv werden sie also verschwinden \u2013 abgesehen von der erkennbaren Auswanderung. Warum? Weil j\u00fcdisches Leben gef\u00e4hrdet ist und offenbar nicht gen\u00fcgend gesch\u00fctzt werden kann.\u201c<br \/>\nWolffsohn erinnert an den Ausspruch von Karl Lagerfeld, der 2015 in einer Talkshow gesagt hatte: \u201eWir k\u00f6nnen nicht Millionen Juden t\u00f6ten und Millionen ihrer schlimmsten Feinde ins Land holen.\u201c Wolffsohn: \u201eDer wunderbare Karl Lagerfeld: Er hatte ja so recht. Gerade deshalb wird er ja auch hierzulande sogar als Toter bestraft. Soweit ich wei\u00df, wurde in ganz Deutschland keine einzige Stra\u00dfe nach ihm benannt. Nicht einmal in seiner Heimatstadt Hamburg. Eine Schande.\u201c<br \/>\n&#8230; Alles vom 14.8.2022 bitte lesen auf<br \/>\n<a href=\"https:\/\/www.tichyseinblick.de\/daili-es-sentials\/michael-wolffsohn-juedisches-leben-in-europa-bedroht\/\">https:\/\/www.tichyseinblick.de\/daili-es-sentials\/michael-wolffsohn-juedisches-leben-in-europa-bedroht\/<\/a><\/p>\n<p>&nbsp;<\/p>\n<p><strong>Wirft Frage auf, ob Antisemitismus-Beauftragte angemessene Befugnisse haben<\/strong><br \/>\n<em>Ein Mann wird zusammengeschlagen, weil er f\u00fcr Israel demonstriert. Am Prozess gegen zwei Jugendliche darf Hamburgs Beauftragter f\u00fcr j\u00fcdisches Leben nicht als Beobachter teilnehmen. Er dr\u00fcckt seine Irritation \u00fcber die Ablehnung in einem Brief an die Justizsenatorin aus.<\/em><\/p>\n<p>An einem Septembertag 2021 stand J\u00f6rg Schr\u00f6der* mit drei anderen Mitstreitern vor dem Saturn in der M\u00f6nckebergstra\u00dfe, sie hielten eine Mahnwache und schwenkten Israel-Flaggen, forderten mit Plakaten eine klare Haltung gegen Antisemitismus. Schr\u00f6der hat j\u00fcdische Wurzeln, der Kampf gegen Israel- und Judenhass ist ihm wichtig.<br \/>\nPl\u00f6tzlich n\u00e4herten sich drei Jugendliche, zwei Jungen und ein M\u00e4dchen, der Gruppe. Sie riefen \u201eSchei\u00df Israel\u201c und \u201eFree Pal\u00e4stina\u201c und beschimpften die Teilnehmer der Mahnwache \u00fcbel, so schildert es Schr\u00f6der in einem Gespr\u00e4ch mit WELT. Als der heute 61-J\u00e4hrige fragte, was das solle, wurde er von einem der Jungen brutal niedergeschlagen.<br \/>\n<a href=\"https:\/\/www.welt.de\/regionales\/hamburg\/article233904936\/Hamburg-Mann-antisemitisch-beleidigt-und-ins-Gesicht-geschlagen.html\">https:\/\/www.welt.de\/regionales\/hamburg\/article233904936\/Hamburg-Mann-antisemitisch-beleidigt-und-ins-Gesicht-geschlagen.html<\/a><\/p>\n<p>Die verheerende Bilanz: Jochbeinbruch, Brillensplitter bohrten sich ins Auge, eine komplizierte Verletzung entstand. \u201eIch bin praktisch blind, sehe auf dem rechten Auge nur noch hell und dunkel\u201c, sagt Schr\u00f6der. Seinen echten Namen m\u00f6chte er nicht in der Zeitung lesen.<br \/>\nBeauftragter f\u00fcr j\u00fcdisches Leben darf nicht an Prozess teilnehmen<br \/>\nFreitag in einer Woche nun beginnt das Verfahren vor dem Hamburger Amtsgericht gegen die zwei mutma\u00dflichen T\u00e4ter. Es sind zwei Br\u00fcder mit syrischen Wurzeln, die heute 15 und 17 Jahre alt sind, die Anklage wirft ihnen K\u00f6rperverletzung vor. Auf Bitten des Opfers wollte Hamburgs Antisemitismus-Beauftragter Stefan Hensel am Verfahren als Beobachter teilnehmen. Doch dies untersagte das Gericht und f\u00fchrte rechtliche Bedenken an.<br \/>\nHensel ist f\u00fcr sein Amt vom Senat berufen. Ihm untersteht in der Gleichstellungsbeh\u00f6rde von Katharina Fegebank ein Arbeitsstab, er wirkt aber unabh\u00e4ngig. Er wunderte sich \u00fcber die Absage des Gerichts \u2013 und wandte sich nun mit einem Brief, der WELT vorliegt, an die Justizsenatorin Anna Gallina. \u201eIch m\u00f6chte hiermit meine Irritation \u00fcber die Ablehnung ausdr\u00fccken und begr\u00fcnden\u201c, schreibt Hensel.<br \/>\n&#8230; Alles vom 17.6.2022 bitte lesen auf<br \/>\n<a href=\"https:\/\/www.welt.de\/regionales\/hamburg\/article239400227\/Prozess-nach-Gewalttat-in-Hamburg-Antisemitismus-Beauftragter-darf-nicht-teilnehmen.html\">https:\/\/www.welt.de\/regionales\/hamburg\/article239400227\/Prozess-nach-Gewalttat-in-Hamburg-Antisemitismus-Beauftragter-darf-nicht-teilnehmen.html<\/a><\/p>\n<p>Einige Kommentare:<br \/>\nT\u00e4terschutz vor opferschutz!<br \/>\nW\u00e4ren die T\u00e4ter blond und \u201eobige\u201e T\u00e4ter \u201eOpfer\u201c, g\u00e4be es keinen t\u00e4terschutz, sondern Lichterketten!<\/p>\n<p>17.6.2022, A.K.<br \/>\nWie lange wollen wir noch die Augen vor dem muslimischen Antisemitismus verschlie\u00dfen?<br \/>\n17.6.2022m I.W.<\/p>\n<p>&#8222;Ob ein antisemitisches Tatmotiv vorliege, k\u00f6nne \u00fcberhaupt erst im Rahmen der Hauptverhandlung eruiert werden&#8220; Wetten Dass&#8230;&#8230;..nicht<br \/>\n17.6.2022, S.H.<\/p>\n<p>Wenn&#8217;s Deutsche gewesen w\u00e4ren g\u00e4be es keinen Zweifel, dass es sich um ein antisemitisches Motiv handelt.<br \/>\n17.6.2022, M.M.<\/p>\n<p><strong>Also die &#8222;\u00fcblichen Verd\u00e4chtigen&#8220;.<\/strong><br \/>\nDie Gleichen, die am HBf K\u00f6ln einen Kippatr\u00e4ger angegriffen und schwer verletzt haben (10 k\u00f6pfige Gruppe junger M\u00e4nner). M\u00e4nner mit dem selben muslimischen Hintergrund wie der junge Mann, der in Hagen eine Synagoge in die Luft sprengen wollte. Drei Vorf\u00e4lle, ein klar definierter T\u00e4terkreis. Alltag in Deutschland. Die Statistik wird vermutlich um 3 &#8222;rechtsradikale Taten&#8220; bereichtert werden. Die T\u00e4ter &#8211; wenn man sie \u00fcberhaupt findet &#8211; werden nach deutschem Jugendstrafrecht verurteilt werden &#8211; also Bew\u00e4hrung, nicht sp\u00fcrbar. Abschiebung in Heimatl\u00e4nder nicht m\u00f6glich, da ihnen dort Todesstrafe drohen k\u00f6nnte.<br \/>\n20.9.2021, J.M.<\/p>\n<p>Bei der Schwester Zeitung BLICK sind die Bilder der gesuchten bereits online und rein optisch w\u00fcrde ich s\u00fcdl\u00e4ndisch aus dem Morgenland best\u00e4tigen.<br \/>\n20.9.2021, E.F.<br \/>\nEnde Kommentare<\/p>\n<p>.<\/p>\n<p>&nbsp;<\/p>\n<p><strong>Juden in D schweigen zum Ukraine-Krieg<\/strong><br \/>\n<strong>Einmal Entnazifizieren \u00e0 la Putin bitte!<\/strong><br \/>\n\u00dcber den kruden Antisemitismus des Kremlherrn und das dr\u00f6hnende Schweigen des j\u00fcdischen Establishments zum Krieg gegen die <a href=\"https:\/\/www.freiburg-schwarzwald.de\/blog\/global\/ukraine\/ukraine-frieden\/\">Ukraine<\/a><br \/>\nIn Deutschland laviert sich derweil der Zentralrat der Juden in Deutschland (ZdJ), der jene 90.000 Juden vertritt, die in einer traditionellen Gemeinde organisiert sind, durch den Schlamassel. Denn wie auch beim Zentralrat der freigemeindlichen Juden n.e.V., der mit 41.500 Mitgliedern die restlichen gut 190.000 Juden in Deutschen repr\u00e4sentiert, stammen \u00fcber 90 Prozent der Mitglieder aus den Staaten der ehemaligen <a href=\"https:\/\/www.freiburg-schwarzwald.de\/blog\/global\/russland\/\">Sowjetunion<\/a>. Nat\u00fcrlich m\u00f6chte man in solch einer Lage keine unn\u00f6tigen Gr\u00e4ben aufrei\u00dfen. Aber Putin einfach so durchgehen zu lassen, dass er ein demokratisches Land milit\u00e4risch \u201centnazifizieren\u201d will \u2013 das h\u00e4tte einen lauteren Aufschrei bei den 90.000 traditionellen und staatlich alimentierten Juden in Deutschland ausl\u00f6sen m\u00fcssen. Von Leuten, die schon beginnen zu hyperventilieren, wenn man einfach nur von einer sonnt\u00e4glichen Spritztour mit dem \u201cVolkswagen\u201d auf der \u201cAutobahn\u201d erz\u00e4hlt. Nazi-Chiffren w\u00fcrde es dann hei\u00dfen und die Aufregung w\u00e4re vehement.<br \/>\n&#8230;. Alles vom 3.3.2022 bitte lesen auf<br \/>\n<a href=\"https:\/\/reitschuster.de\/post\/einmal-entnazifizieren-a-la-putin-bitte\/\">https:\/\/reitschuster.de\/post\/einmal-entnazifizieren-a-la-putin-bitte\/<\/a><\/p>\n<p>&nbsp;<\/p>\n<p><strong>Politik uneins \u00fcber Anteil des eingewanderten Antisemitismus<\/strong><br \/>\n<strong>Nahost-Konflikt: \u201eDa herrschte Pogromstimmung\u201c<\/strong><br \/>\nvon Peter Freitag<br \/>\nWie umgehen mit dem Antisemitismus, der sich bei Protesten von \u00fcberwiegend arabisch- oder t\u00fcrkischst\u00e4mmigen Demonstranten auf den Stra\u00dfen hierzulande offenbarte (JF 21\/21)? Was tun, wenn der kriegerische Konflikt im Nahen Osten dazu f\u00fchrt, da\u00df in Deutschland j\u00fcdische Einrichtungen attackiert werden? Das besch\u00e4ftigt Politik und Medien auch weiterhin. Im Bundestag verurteilten vergangene Woche alle Fraktionen die j\u00fcngsten antisemitischen Ausf\u00e4lle bei propal\u00e4stinensischen Kundgebungen scharf. Doch w\u00e4hrend die stellvertretende Vorsitzende der AfD-Fraktion, Beatrix von Storch, der Bundesregierung vorwarf, sie habe mit ihrer Einwanderungspolitik \u201eJudenha\u00df aus dem Nahen Osten nach Deutschland importiert\u201c, warfen Redner der anderen Fraktionen der AfD eine Instrumentalisierung des Themas vor.<\/p>\n<p>Unterdessen wurde erneut Kritik an der Erfassung antisemitischer Straftaten in der Kriminalstatistik laut. Denn ausweislich dieser gingen sie im vergangenen Jahr zu 94,6 Prozent auf das Konto politisch rechts motivierter T\u00e4ter (JF 21\/21). \u201eDie Statistik gibt die Realit\u00e4t nicht wieder\u201c, monierte der Direktor des American Jewish Committee (AJC) in Berlin, Remko Leemhuis, vergangene Woche in der Bundespressekonferenz.<br \/>\nAnstatt eine antisemitische Straftat, deren Urheber nicht ermittelt wurden, als \u201enicht zuzuordnen\u201c zu registrieren, werde sie als \u201ePolitisch Motivierte Kriminalit\u00e4t \u2013 rechts\u201c erfa\u00dft.<br \/>\nLeemhuis betonte, da\u00df die Erfahrungen aus den Opferberatungsstellen dieser Zuordnung widerspr\u00e4chen. Und er erw\u00e4hnte, bei einer der j\u00fcngsten Demonstrationen habe auf der stark migrantisch gepr\u00e4gten Sonnenallee in Neuk\u00f6lln \u201enicht weniger als eine Pogromstimmung\u201c geherrscht. Man habe schon \u00f6fter bei der Innenministerkonferenz auf eine \u00c4nderung der Vorgaben f\u00fcr die Erfassung gedrungen, doch bisher ohne Erfolg. \u201eWie wollen wir Antisemitismus bek\u00e4mpfen, wenn wir kein vollst\u00e4ndiges Bild haben, woher er kommt?\u201c beklagte der AJC-Vertreter.<br \/>\nDas Bundesinnenministerium h\u00e4lt ungeachtet dessen an der Praxis fest. Die Begr\u00fcndung f\u00e4llt dabei allerdings in die Kategorie \u201eHaben wir schon immer so gemacht\u201c. W\u00f6rtlich sagte Seehofers Sprecher, da\u00df \u201eBund und L\u00e4nder vereinbart haben, fremdenfeindliche und antisemitische Straftaten als rechtsmotiviert einzustufen, wenn die Tatumst\u00e4nde keine eindeutigen Hinweise auf eine andere Motivation zulassen.\u201c<\/p>\n<p>\u201eKeine statistischen Verzerrungen\u201c<br \/>\nDas Bundeskriminalamt teilte der JUNGEN FREIHEIT auf Anfrage mit, da\u00df grunds\u00e4tzlich \u201ealle politisch motivierten Straftaten differenziert zu bewerten und zu melden\u201c seien. Bei der Zuordnung werde \u201eim wesentlichen die ideologischen Hintergr\u00fcnde und Ursachen der Straftat abgebildet\u201c. Bei der Bewertung antisemitischer Straftaten trage man in der Praxis \u201eder engen inhaltlichen Verkn\u00fcpfung der rechten Ideologie mit antisemitischem Gedankengut Rechnung\u201c. L\u00e4gen gegenteilige Anhaltspunkte zur T\u00e4termotivation vor, erfordere dies die Zuordnung zu anderen \u201ePh\u00e4nomenbereichen\u201c, also etwa denen religi\u00f6ser oder ausl\u00e4ndischer Ideologie.<br \/>\nIn der Regel, so BKA-Sprecherin Barbara H\u00fcbner, \u201eergeben sich aus dem jeweiligen Sachverhalt Tatsachen (z. B. Wortlaut bzw. Sprache von antisemitischen Schmierereien, aktuelle\/historische politische Bezugsereignisse, Tatortumfeld, regionaler Bezug\/Religionszugeh\u00f6rigkeit der ggf. ermittelten Tatverd\u00e4chtigen mit Migrationshintergrund) zur eindeutigen Zuordnung der Straftat zu einem Ph\u00e4nomenbereich\u201c. Da bei den aufgekl\u00e4rten antisemitischen Straftaten der Anteil rechts-motivierter T\u00e4ter bei 90 Prozent gelegen habe, gehe man davon aus, da\u00df dies auch dem Anteil unter den nicht-aufgekl\u00e4rten entspreche. Sie als \u201enicht zuzuordnen\u201c zu verbuchen, w\u00e4re also laut BKA nicht \u201esachgerecht\u201c. Die interne Qualit\u00e4tssicherung habe in den vergangenen Jahren \u201ekeine Hinweise auf eine statistisch verzerrende Wirkung dieser Zuordnungsregel ergeben\u201c.<br \/>\nUnterdessen hatte Nordrhein-Westfalens Innenminister Herbert Reul (CDU) dem Rechtsausschu\u00df des Landtags \u00fcber den Ermittlungsstand nach den j\u00fcngsten Ausschreitungen berichtet, von denen das bev\u00f6lkerungsreichste Bundesland besonders betroffen war. Demnach habe die Polizei insgesamt 62 Vorf\u00e4lle mit antisemitischem oder antiisraelischem Bezug gemeldet. 111 Tatverd\u00e4chtige wurden erfa\u00dft, von denen man 36 namentlich identifizieren konnte. Sie alle sind laut Innenministerium arabischst\u00e4mmig und teilweise in Deutschland geboren, so da\u00df sie die deutsche Staatsb\u00fcrgerschaft bes\u00e4\u00dfen. Bei sieben Verd\u00e4chtigen l\u00e4gen \u201estaatsschutzrelevante Informationen\u201c vor.<br \/>\n&#8230; Alles vom 28.5.2021 von Peter Freitag bitte lesen in der JF 22\/21, Seite 4<\/p>\n<p>&nbsp;<\/p>\n<p><strong>Was der j\u00fcdische Friedhof in Freiburg mit &#8222;M\u00e4rchen aus 1001 Nacht&#8220; zu tun hat<\/strong><br \/>\nFelix Rottberger kennt unz\u00e4hlige Anekdoten \u00fcber den j\u00fcdischen Friedhof, den er seit 1966 verwaltet. Am Europ\u00e4ischen Tag der J\u00fcdischen Kultur f\u00fchrte er Interessierte \u00fcber das Gr\u00e4berfeld.<br \/>\nImmer schafft es Felix Rottberger, der 1936 als Kind einer vor dem Holocaust gefl\u00fcchteten Familie im isl\u00e4ndischen Exil geboren wurde, lang und noch nicht so lang Vergangenes lebendig mit der Gegenwart zu verkn\u00fcpfen. Das ist ihm umso wichtiger, weil derzeit, unter anderem bei den Protesten der Corona-Leugner, wieder besonders viel Antisemitismus auftaucht. Dagegen k\u00e4mpft er seit Jahrzehnten.<br \/>\nAls er den Friedhof, der vor 150 Jahren noch weit drau\u00dfen vor der Stadt gelegen hatte, 1966 kennenlernte, habe ihn das, was er sah, sehr traurig gemacht, erz\u00e4hlt er: Viele Grabsteine waren umgeworfen und zerst\u00f6rt. Im Lauf der Jahre wurden alle aufgerichtet. Doch vieles blieb in Vergessenheit. Die Unterlagen, die es zum Friedhof gab, verbrannten in der Synagoge in der Pogromnacht 1938.<br \/>\nManche der Menschen aber sind so bekannt, dass sie nicht vergessen werden k\u00f6nnen: So wie Gustav Weil, der 1808 in Sulzburg geboren wurde und 1889 in Freiburg starb. Er war Professor f\u00fcr Orientalische Sprachen in Heidelberg und \u00fcbersetzte als Erster die &#8222;M\u00e4rchen aus 1001 Nacht&#8220; ins Deutsche. Felix Rottberger zeigt unter anderem auch die Gr\u00e4ber der Familie Meyer, die das Bankhaus Meyer gegr\u00fcndet hatte, und der Familie Knopf, die den damals gr\u00f6\u00dften Kaufhauskonzern in S\u00fcdbaden mitsamt dem Freiburger Warenhaus Knopf geschaffen hatte. Beiden Familien wurde im Nationalsozialismus alles entrissen, was sie sich erarbeitet hatten.<br \/>\nManche j\u00fcdische Freiburger \u00fcberlebten, wie der Lederwarenh\u00e4ndler und SPD-Stadtrat Max Mayer, der in die USA fl\u00fcchtete. Trotz allem, was geschehen war, wollte er in Freiburg beerdigt werden. Andere verzweifelten und entschieden sich f\u00fcr den Suizid, wie 1939 der fr\u00fchere Friedhof-Verwalter Arthur M\u00fcller, der im Ersten Weltkrieg noch wie viele Juden f\u00fcr Deutschland gek\u00e4mpft hatte. Oder wie 1940 Therese Loewy, die Witwe des Mathematik-Professors Alfred Loewy.<br \/>\nNeben vielen alten Gr\u00e4bern gibt es einige neuere aus der Nachkriegszeit. Mittendrin ist das Grab von Siegfried Aufh\u00e4user, der 1884 geboren wurde und 1969 starb: Der Vorsitzende des Landesverbandes der Deutschen Angestellten-Gewerkschaft lebte eigentlich in Berlin. Doch als seine Frau Anna 1960 bei einer Kur in Badenweiler starb, habe er den Freiburger Friedhof entdeckt und so idyllisch gefunden, dass er beschloss, dass er und seine Frau dort begraben sein sollten.<br \/>\n&#8230; Alles vom 7.9.2020 bitte lesen auf<br \/>\n<a href=\"https:\/\/www.badische-zeitung.de\/was-der-juedische-friedhof-in-freiburg-mit-maerchen-aus-1001-nacht-zu-tun-hat\">https:\/\/www.badische-zeitung.de\/was-der-juedische-friedhof-in-freiburg-mit-maerchen-aus-1001-nacht-zu-tun-hat<\/a><\/p>\n<p>J\u00fcdischer Friedhof in Freiburg<br \/>\n<a href=\"https:\/\/www.freiburg-schwarzwald.de\/friedhoefe.htm#Freiburg%20-%20J%C3%BCdischer%20Friedhof%20an%20der%20Els%C3%A4sser%20Strasse\">https:\/\/www.freiburg-schwarzwald.de\/friedhoefe.htm#Freiburg%20-%20J%C3%BCdischer%20Friedhof%20an%20der%20Els%C3%A4sser%20Strasse<\/a><br \/>\n.<br \/>\nJ\u00fcdischer Friedhof Els\u00e4sser Stra\u00dfe in FR-Mooswald: Felix Rottberger f\u00fchrte (16.8.2008)<br \/>\n<a href=\"https:\/\/www.freiburg-schwarzwald.de\/friedhoefe1.htm#J%C3%BCdischer%20Friedhof%20Els%C3%A4sser%20Stra%C3%9Fe%20in%20FR-Mooswald:%20Felix%20Rottberger%20f%C3%BChrte\">https:\/\/www.freiburg-schwarzwald.de\/friedhoefe1.htm#J%C3%BCdischer%20Friedhof%20Els%C3%A4sser%20Stra%C3%9Fe%20in%20FR-Mooswald:%20Felix%20Rottberger%20f%C3%BChrte<\/a><br \/>\n.<\/p>\n<p>&nbsp;<\/p>\n<p><strong>Herbolzheim versagte eine DIA-Veranstaltung \u00fcber Theodor Herzl<\/strong><br \/>\nWas steckt dahinter? Ein Einzelfall oder typische Doppelz\u00fcngigkeit im Land?<\/p>\n<p>Der Europ\u00e4ische Tag der j\u00fcdischen Kultur am 6. September warf an einigen Orten des Kontinents seine Schatten voraus. Schatten im doppelten Sinn, denn nicht \u00fcberall waren Organisatoren der jeweiligen Veranstaltungen willkommen. So auch in Deutschland, namentlich im beschaulichen St\u00e4dtchen Herbolzheim im Breisgau in S\u00fcdbaden. Aber Theodor Herzl ging es 1897 auch nicht anders, als er einen Ort f\u00fcr den 1. Judenkongress suchte. Er musste nach Basel ausweichen.<\/p>\n<p>Der Deutsch-Israelischer-Arbeitskreis S\u00fcdlicher Oberrhein e.V. (DIA) plante hier einen Vortragsabend, und beantragte zusammen mit der Senioren-Union das \u201eTorhaus\u201c, die Kulturhochburg der Stadt \u2013 ehrlich gesagt die einzig noch geeignete \u00d6rtlichkeit f\u00fcr eine Kulturveranstaltung in der Stadt. Das Torhaus war f\u00fcr diesen Tag noch nicht anderweitig belegt. Umso mehr wunderte sich der \u00f6rtliche Mittelsmann des Vereins, der keine Zusage zur Durchf\u00fchrung dieses j\u00fcdischen Kulturtages erhielt. Auf Nachfrage wurde ihm von der Kulturabteilung der Stadt beschieden, \u201egeht nicht\u201c, der B\u00fcrgermeister will es nicht \u2013 Thomas Gedemer hei\u00dft er neuerdings.<\/p>\n<p>Das war nicht immer so. Dessen Vorg\u00e4nger Ernst Schilling hatte den Mut, die Geschichte einer Herbolzheimer Sinti-Familie aufarbeiten zu lassen, die \u201eweggekommen\u201c ist, wie es damals landl\u00e4ufig hie\u00df, wenn welche mit dem Zug den Weg ins Gas antraten. Das tat der Ex-B\u00fcrgermeister auch auf die Gefahr hin, dass er sich damit nicht nur Freunde macht. Herbolzheim hat jetzt ein kleines Denkmal zu diesem dunklen Kapitel der Ortsgeschichte \u2013 das seit es steht noch nie gesch\u00e4ndet wurde. Initiiert wurde diese Geschichte vom DIA-Mitglied Reinhold H\u00e4mmerle.<\/p>\n<p>Und jetzt? Bestand wieder die Gefahr, dass sich irgendein Nachkomme von damals an den Pranger gestellt f\u00fchlt? Nein, denn der \u201eGegenstand\u201c des Kulturabends ist nicht etwa die fast gelungenen Ausrottung der deutschen Juden mit ihrer Kultur. Das Thema des Abends sollte Theodor Herzl sein, Begr\u00fcnder des Staates Israel, anl\u00e4sslich seines Geburtstages vor 160 Jahren. Angek\u00fcndigt mit \u201eWie haben die St\u00e4dte Budapest, Wien und Paris auf ihn gewirkt und welchen Effekt hatten politische und gesellschaftliche Umbr\u00fcche auf sein Schaffen.\u201c F\u00fcr einen heutigen B\u00fcrgermeister also ein v\u00f6llig unverf\u00e4ngliches Thema. Es sei denn, er bef\u00fcrchtet Ungemach von anderer Seite: Die Stadt hat 2015 \u00fcberproportional viele Migranten aufgenommen, f\u00fcr die Israel teilweise ein Reizwort ist.<\/p>\n<p>Ich machte mir meine Gedanken dazu und frage mich, k\u00f6nnte es auch sein, dass dem B\u00fcrgermeister nicht das Thema an sich nicht gef\u00e4llt, sondern \u2026? Vorsitzende des Deutsch-Israelischer-Arbeitskreis S\u00fcdlicher Oberrhein e.V. (DIA) ist neuerdings eine Simone Schermann, die auch Referentin ist. Dazu kommt, dass sie dazu steht was sie ist, J\u00fcdin \u2013 \u201eeine deutsche J\u00fcdin, oder eine j\u00fcdische Deutsche\u201c, wie sie zu sagen pflegt. Und tats\u00e4chlich begr\u00fcndete der B\u00fcrgermeister seine Absage der j\u00fcdischen Veranstaltung damit, dass er \u201ekeine eventuellen Gegner\u201c haben wolle.<\/p>\n<p>Weil der Arbeitskreis samt seiner Referentin von der Stadt Herbolzheim \u201eeinen Korb\u201c bekam, fand die Kulturveranstaltung im sieben Kilometer entfernten M\u00fcnchweier statt \u2013 nicht weit vom j\u00fcdischen Friedhof der ehemaligen j\u00fcdischen Gemeinde von Kippenheim. Immerhin erhalten die Toten Juden von unserem Land ein ehrendes Gedenken, die lebenden Juden in Deutschland und Israel haben es schwerer.<br \/>\n6.9.2020, Albrecht K\u00fcnstle, Tel 0151-51 75 29 14, <a href=\"mailto:kuenstle.A@gmx.de\">kuenstle.A@gmx.de<\/a><br \/>\n.<br \/>\nDeutsch-Israelischer-Arbeitskreis S\u00fcdlicher Oberrhein e.V. (DIA)<br \/>\n<a href=\"https:\/\/dia-ettenheim-sued.de\/\">https:\/\/dia-ettenheim-sued.de\/<\/a><\/p>\n<p>Europ\u00e4ischer Tag der J\u00fcdischen Kultur 2020<br \/>\n<a href=\"https:\/\/www.gedenkstaetten-bw.de\/etjk\">https:\/\/www.gedenkstaetten-bw.de\/etjk<\/a><\/p>\n<p>&nbsp;<\/p>\n<p><strong>Karl Lagerfeld: Der Skandal, der keiner ist<\/strong><br \/>\nModesch\u00f6pfer Karl Lagerfeld kritisiert die deutsche Politik und warnt vor Antisemitismus unter Migranten. Das ist unbequem, doch keine Hetze. Die k\u00fcnstliche Aufregung zeigt, wie einseitig und angstbesetzt die Debatte gef\u00fchrt wird.<br \/>\n&#8230;<br \/>\nLagerfeld in Lagerfelds Worten: <em><strong>\u201eWir k\u00f6nnen nicht, selbst wenn Jahrzehnte zwischen den beiden Ereignissen liegen, Millionen Juden t\u00f6ten und Millionen ihrer schlimmsten Feinde ins Land holen.\u201c<\/strong><\/em> Zur Illustration verwies er auf einen jungen Syrer, der zur deutschen Gastgeberin gesagt habe, die \u201ebeste Erfindung Deutschlands\u201c sei der Holocaust gewesen. Lagerfeld gibt ein Zitat wieder, das wir bis zum Beweis des Gegenteils f\u00fcr authentisch halten m\u00fcssen. Und er behauptet eine ideologische Gemeinsamkeit von nationalsozialistischen Deutschen und heutigen Muslimen: den Judenhass. Sind diese Aussagen von der Meinungsfreiheit gedeckt? Aber nat\u00fcrlich. Wer hier nach Sanktion, Entschuldigung, R\u00fcge ruft und Volksverhetzung am Werk sieht, der beweist seine eigene Diskursunf\u00e4higkeit und Denkunwilligkeit. Der will anderen den Mund verbieten, damit er selbst nicht h\u00f6ren muss.<br \/>\nEs ist eine Binsenweisheit, dass der Koran judenfeindliche Stellen enth\u00e4lt, dass Mohammed kein Judenfreund war und dass viele Muslime in ihrer Heimat den Antisemitismus mit der Muttermilch aufgesogen haben. Wenn Menschen mit einer solchen Sozialisation in gro\u00dfer Zahl von Deutschland aufgenommen werden, wandert der Antisemitismus mit ein<br \/>\n&#8230; Alles vom 16.11.2017 von Alexander Kissler bitte lesen auf<br \/>\n<a href=\"https:\/\/www.cicero.de\/kultur\/antisemitismus-der-skandal-der-keiner-ist\">https:\/\/www.cicero.de\/kultur\/antisemitismus-der-skandal-der-keiner-ist<\/a><\/p>\n<p>.<\/p>\n","protected":false},"excerpt":{"rendered":"<p>Home &gt;Religion\u00a0&gt;Juden &gt;J\u00fcdisches-Leben &nbsp; Listenauswahl eines Beitrags (Artikel\/Datum, Seite\/Inhalt):\u00a0Klicken\u00a0oder scrollen Markt der Partnerst\u00e4dte Freiburg\u00a0(12.6.2026) Judenhass ist Antisemitismus\u00a0(19.5.2026) Hessischer Verfassungsschutz gibt zu: Antisemiten vor allem Islamisten und Linksextremisten\u00a0(6.5.2026) Fred Mayer: Innsbruck 1945 \u2013 Freiburg 2026\u00a0(23.4.2026) Linksradikale wollen in Buchenwald gegen Israel &hellip; <a href=\"https:\/\/www.freiburg-schwarzwald.de\/blog\/religion\/juden\/juedisches-leben\/\">Weiterlesen <span class=\"meta-nav\">&rarr;<\/span><\/a><\/p>\n","protected":false},"author":2,"featured_media":0,"parent":833,"menu_order":0,"comment_status":"open","ping_status":"closed","template":"","meta":{"footnotes":""},"class_list":["post-83341","page","type-page","status-publish","hentry"],"_links":{"self":[{"href":"https:\/\/www.freiburg-schwarzwald.de\/blog\/wp-json\/wp\/v2\/pages\/83341","targetHints":{"allow":["GET"]}}],"collection":[{"href":"https:\/\/www.freiburg-schwarzwald.de\/blog\/wp-json\/wp\/v2\/pages"}],"about":[{"href":"https:\/\/www.freiburg-schwarzwald.de\/blog\/wp-json\/wp\/v2\/types\/page"}],"author":[{"embeddable":true,"href":"https:\/\/www.freiburg-schwarzwald.de\/blog\/wp-json\/wp\/v2\/users\/2"}],"replies":[{"embeddable":true,"href":"https:\/\/www.freiburg-schwarzwald.de\/blog\/wp-json\/wp\/v2\/comments?post=83341"}],"version-history":[{"count":6,"href":"https:\/\/www.freiburg-schwarzwald.de\/blog\/wp-json\/wp\/v2\/pages\/83341\/revisions"}],"predecessor-version":[{"id":150379,"href":"https:\/\/www.freiburg-schwarzwald.de\/blog\/wp-json\/wp\/v2\/pages\/83341\/revisions\/150379"}],"up":[{"embeddable":true,"href":"https:\/\/www.freiburg-schwarzwald.de\/blog\/wp-json\/wp\/v2\/pages\/833"}],"wp:attachment":[{"href":"https:\/\/www.freiburg-schwarzwald.de\/blog\/wp-json\/wp\/v2\/media?parent=83341"}],"curies":[{"name":"wp","href":"https:\/\/api.w.org\/{rel}","templated":true}]}}