{"id":82668,"date":"2020-08-06T20:21:41","date_gmt":"2020-08-06T18:21:41","guid":{"rendered":"https:\/\/www.freiburg-schwarzwald.de\/blog\/?page_id=82668"},"modified":"2026-08-04T10:36:47","modified_gmt":"2026-08-04T08:36:47","slug":"doppelmoral","status":"publish","type":"page","link":"https:\/\/www.freiburg-schwarzwald.de\/blog\/global\/deutschland\/moral2015\/doppelmoral\/","title":{"rendered":"Doppelmoral"},"content":{"rendered":"<p><a href=\"https:\/\/www.freiburg-schwarzwald.de\/blog\">Home<\/a>\u00a0&gt;<a href=\"https:\/\/www.freiburg-schwarzwald.de\/blog\/selbsthilfe\/soziales\/justiz\/kuscheljustiz\/\">Kuscheljustiz<\/a>\u00a0&gt;<a href=\"https:\/\/www.freiburg-schwarzwald.de\/blog\/selbsthilfe\/soziales\/justiz\/rechtsstaat\/\">Rechtsstaa<\/a>t &gt;<a href=\"https:\/\/www.freiburg-schwarzwald.de\/blog\/kultur\/kulturverlust\/zweierlei\/\">Zweierlei<\/a> &gt;<a href=\"https:\/\/www.freiburg-schwarzwald.de\/blog\/business\/gesund\/corona-virus\/corona-justiz\/\">Corona-Justiz<\/a> &gt;Doppelmoral<\/p>\n<div id=\"attachment_82669\" style=\"width: 650px\" class=\"wp-caption alignnone\"><a href=\"https:\/\/www.freiburg-schwarzwald.de\/blog\/global\/deutschland\/moral2015\/doppelmoral\/lueneburger-heide6pan200803\/\" rel=\"attachment wp-att-82669\"><img loading=\"lazy\" decoding=\"async\" aria-describedby=\"caption-attachment-82669\" class=\"size-full wp-image-82669\" src=\"https:\/\/www.freiburg-schwarzwald.de\/blog\/wp-content\/uploads\/2020\/08\/lueneburger-heide6pan200803.jpg\" alt=\"L\u00fcneburger Heide nahe Wilseder Berg am 3.8.2020\" width=\"640\" height=\"326\" srcset=\"https:\/\/www.freiburg-schwarzwald.de\/blog\/wp-content\/uploads\/2020\/08\/lueneburger-heide6pan200803.jpg 640w, https:\/\/www.freiburg-schwarzwald.de\/blog\/wp-content\/uploads\/2020\/08\/lueneburger-heide6pan200803-180x91.jpg 180w\" sizes=\"auto, (max-width: 640px) 100vw, 640px\" \/><\/a><p id=\"caption-attachment-82669\" class=\"wp-caption-text\">L\u00fcneburger Heide nahe Wilseder Berg am 3.8.2020<\/p><\/div>\n<ul>\n<li><em>Listenauswahl eines Beitrags (Artikel\/Datum, Seite\/Inhalt):\u00a0<span style=\"text-decoration: underline;\">Klicken<\/span>\u00a0oder scrollen<\/em><\/li>\n<li><a href=\"https:\/\/www.freiburg-schwarzwald.de\/blog\/selbsthilfe\/soziales\/justiz\/justiz-politik\/\">Reichsb\u00fcrger-Prozess: Aus Sicht der Verteidigung nimmt das Verfahren mittlerweile albtraumhafte Z\u00fcge an<\/a>\u00a0(4.8.2026)<\/li>\n<li><a href=\"https:\/\/www.freiburg-schwarzwald.de\/blog\/selbsthilfe\/krise\/gewalt\/linke-gewalt\/\">Selbstmandatierung und moralische Legitimation im Linksextremismus<\/a>\u00a0(21.7.2026)<\/li>\n<li><a href=\"https:\/\/www.freiburg-schwarzwald.de\/blog\/spahn-doppelmoral-leihmutterahn\/\">Spahn: Doppelmoral Leihmutter<\/a>\u00a0(17.7.2026)<\/li>\n<li><a href=\"https:\/\/www.freiburg-schwarzwald.de\/blog\/vereine\/ngo\/ngo-linksmoral\/\">Thomas Hartung: Politische Gewalt statt Schutz der Demokratie<\/a>\u00a0(20.5.2026)<\/li>\n<li><a href=\"https:\/\/www.freiburg-schwarzwald.de\/blog\/frauen-zweierlei-gewalt\/\">Frauen \u2013 zweierlei Gewalt?<\/a>\u00a0(27.3.2026)<\/li>\n<li><a href=\"https:\/\/www.freiburg-schwarzwald.de\/blog\/global\/migration\/badoeynhausen-philippos24juni2024\/\">Filipp ist zu Tode gepr\u00fcgelt: Bew\u00e4hrungsstrafe und 80 Sozialstunden<\/a>\u00a0(6.3.2026)<\/li>\n<li><a href=\"https:\/\/www.freiburg-schwarzwald.de\/blog\/global\/migration\/badoeynhausen-philippos24juni2024\/\">Filipp (16) totgepr\u00fcgelt: Ein Jahr Bew\u00e4hrung f\u00fcr Angeklagten<\/a> (25.2.2026)<\/li>\n<li>Doppelmoral: &#8222;Junge Muslime&#8220; und &#8222;Junge M\u00e4nner&#8220; (4.1.2026)<\/li>\n<li><a href=\"https:\/\/www.freiburg-schwarzwald.de\/blog\/doppelmoral-film-cancelculture\/\">Doppelmoral Film-CancelCulture<\/a>\u00a0(21.11.2025)<\/li>\n<li><a href=\"https:\/\/www.freiburg-schwarzwald.de\/blog\/kultur\/medien\/beleidigung\/\">OK f\u00fcr Nazischlampe \u2013 Hausdurchsuchung f\u00fcr Schwachkopf<\/a> (19.10.2025)<\/li>\n<li><a href=\"https:\/\/www.freiburg-schwarzwald.de\/blog\/zweierlei-hausdurchsuchungen\/\">Zweierlei Hausdurchsuchungen<\/a>\u00a0(10.9.2025)<\/li>\n<li><a href=\"https:\/\/www.freiburg-schwarzwald.de\/blog\/polizisten-in-d-brauchen-schutz\/\">Polizisten in D brauchen Schutz<\/a>\u00a0(17.5.2025)<\/li>\n<li><a href=\"https:\/\/www.freiburg-schwarzwald.de\/blog\/kultur\/medien\/ressentiment\/\">J\u00fcrgen Gro\u00dfe: Die kalte Wut \u2013 Theorie und Praxis des Ressentiments<\/a>\u00a0(9.5.2025)<\/li>\n<li><a href=\"https:\/\/www.freiburg-schwarzwald.de\/blog\/engagement\/zukunft\/demokratie\/hanau19feb2020\/\">Das Attentat von Hanau vor 5 Jahren \u2013 und die Erz\u00e4hlung vom rassistischen T\u00e4ter<\/a>\u00a0(19.2.2025)<\/li>\n<li><a href=\"https:\/\/www.freiburg-schwarzwald.de\/blog\/selbsthilfe\/soziales\/justiz\/paralleljustiz\/\">Richter wollte Kritiker von Vergewaltiger-Urteil h\u00f6her bestrafen als T\u00e4ter<\/a> (25.11.2024)<\/li>\n<li><a href=\"https:\/\/www.freiburg-schwarzwald.de\/blog\/global\/deutschland\/deutsche-interessen\/\">S\u00f6llner: Deutscher Moralismus contra eigene Interessen<\/a>\u00a0(21.6.2024)<\/li>\n<li><a href=\"https:\/\/www.freiburg-schwarzwald.de\/blog\/boese-oder-tolerierbare-gewalt\/\">B\u00f6se oder tolerierbare Gewalt<\/a> (20.6.2024)<\/li>\n<li><a href=\"https:\/\/www.freiburg-schwarzwald.de\/blog\/vereine\/partei\/afd\/afd-opposition\/\">Wir werden sie jagen: Zuerst Volmer, dann Gauland<\/a>\u00a0(14.5.2024)<\/li>\n<li><a href=\"https:\/\/www.freiburg-schwarzwald.de\/blog\/kultur\/kulturverlust\/zweierlei\/\">Weil Fl\u00fcchtlinge M\u00fcll nicht trennen: Ludwigsburg stellt nur noch Restm\u00fclltonne vor Unterkunft<\/a>\u00a0(3.4.2024)<\/li>\n<li><a href=\"https:\/\/www.freiburg-schwarzwald.de\/blog\/religion\/islam\/islam-deutschland\/\">Susanne Schr\u00f6ter: Ramadan wird gefeiert, Karfreitag bek\u00e4mpft<\/a>\u00a0(29.3.2024)<\/li>\n<li><a href=\"https:\/\/www.freiburg-schwarzwald.de\/blog\/bildung\/schulen\/schulen-gewalt\/\">Polizei mit zweierlei Ma\u00df bei Schulgewalt<\/a>\u00a0(19.3.2024)<\/li>\n<li>Anabel Schunke: Linke Doppelmoral &#8211; Video (4.3.2024)<\/li>\n<li><a href=\"https:\/\/www.freiburg-schwarzwald.de\/blog\/kultur\/medien\/propaganda\/\">Ken Jebsen: Demonstration \u2013 Propaganda \u2013 Doppelmoral<\/a>\u00a0(24.1.2024)<\/li>\n<li><a href=\"https:\/\/www.freiburg-schwarzwald.de\/blog\/kultur\/kulturverlust\/zweierlei\/\">C0rona-\u00c4rztin Dr. Bianca Witzschel in Handschellen vor Gericht<\/a>\u00a0(15.11.2023)<\/li>\n<li><a href=\"https:\/\/www.freiburg-schwarzwald.de\/blog\/global\/ukraine\/ukraine-frieden\/\">R\u00fcckgabe von Kosovo an Serbien \u2013 Donbass an die Ukraine<\/a>? (30.10.2023)<\/li>\n<li><a href=\"https:\/\/www.freiburg-schwarzwald.de\/blog\/innenpolitik-vs-aussenpolitik\/\">Innenpolitik vs Aussenpolitik<\/a>\u00a0(24.6.2023)<\/li>\n<li>USA: Was f\u00fcr eine schreckliche Doppelmoral (11.4.2023)<\/li>\n<li><a href=\"https:\/\/www.freiburg-schwarzwald.de\/blog\/global\/ukraine\/ukrainekrieg\/\">Doppelmoral: Weltrettung hat Priorit\u00e4t vor Wirtschaft, aber nicht vor Krieg?<\/a>\u00a0(23.3.2023)<\/li>\n<li><a href=\"https:\/\/www.freiburg-schwarzwald.de\/blog\/kultur\/aufklaerung\/menschenrechte\/\">Menschenrechte: Doppelstandards der westlichen Au\u00dfenpolitik<\/a> (6.3.2023)<\/li>\n<li><a href=\"https:\/\/www.freiburg-schwarzwald.de\/blog\/business\/gesund\/corona-virus\/maske\/\">Ampel ohne Maske im Regierungsflugzeug nach Canada<\/a> (26.8.2022)<\/li>\n<li><a href=\"https:\/\/www.freiburg-schwarzwald.de\/blog\/drecks-jude-medien-schweigen\/\">Drecks Jude: Medien schweigen<\/a>\u00a0(22.4.2022)<\/li>\n<li><a href=\"https:\/\/www.freiburg-schwarzwald.de\/blog\/faeser-ramadan-ja-ostern-nein\/\">Faeser: Ramadan ja, Ostern nein<\/a> (19.4.2022)<\/li>\n<li><a href=\"https:\/\/www.freiburg-schwarzwald.de\/blog\/maske-demo-fr-ja-vfb-s-nein\/\">Maske: Demo FR ja \u2013 VfB S nein<\/a>\u00a0(19.3.2022)<\/li>\n<li>Doppelte Standards beim \u00d6R: 4000 Gute und 0 B\u00f6se in M\u00fcnchen (8.3.2022)<\/li>\n<li><a href=\"https:\/\/www.freiburg-schwarzwald.de\/blog\/energie-deutsche-doppelmoral\/\">Energie: Deutsche Doppelmoral<\/a>\u00a0(17.2.2022)<\/li>\n<li><a href=\"https:\/\/www.freiburg-schwarzwald.de\/blog\/engagement\/zukunft\/demokratie\/denunziation\/\">Meldestellen f\u00fcr Rassismus, \u2026 und Radfahrer-Feindlichkeit<\/a> (12.1.2022)<\/li>\n<li><a href=\"https:\/\/www.freiburg-schwarzwald.de\/blog\/engagement\/buergerinitiativen\/grundrechte-demo\/\">Demos: Von Doppelmoral gepr\u00e4gtes Verhalten der Polizei ist rassistisch<\/a>\u00a0(8.1.2022)<\/li>\n<li><a href=\"https:\/\/www.freiburg-schwarzwald.de\/blog\/rosenkranzgebet-wird-untersagt\/\">Rosenkranzgebet wird untersagt<\/a>\u00a0(30.12.2021)<\/li>\n<li><a href=\"https:\/\/www.freiburg-schwarzwald.de\/blog\/selbsthilfe\/frauen\/frauenmorde-migration\/\">Frauenmorde: Islamisten als T\u00e4ter oder nicht?<\/a>\u00a0(19.12.2021)<\/li>\n<li><a href=\"https:\/\/www.freiburg-schwarzwald.de\/blog\/engagement\/zukunft\/demokratie\/faschismus\/\">Dachauer KZ-H\u00e4ftling warnt vor Nazi-Gedankengut<\/a> (18.12.2021)<\/li>\n<li>Migrations-Logik: Einmal so und einmal so (27.10.2021)<\/li>\n<li>Sascha Lobo: Rechtsextremer versus islamistischer Mord &#8211; Verniedlichungsrassismus (21.10.2021)<\/li>\n<li>Noch so&#8217;n Doppelbegriff &#8211; Verrohung (25.8.2021)<\/li>\n<li><a href=\"https:\/\/www.freiburg-schwarzwald.de\/blog\/doppelmoral-bei-demos-spaltet\/\">Doppelmoral\u00a0 bei Demos spaltet<\/a> (21.7.2021)<\/li>\n<li><a href=\"https:\/\/www.freiburg-schwarzwald.de\/blog\/global\/integration\/fluechtlinge-kriminalitaet\/opfer\/\">W\u00fcrzburg darf keine Verbindung zu Migration und Islam haben<\/a>\u00a0(9.7.2021)<\/li>\n<li><a href=\"https:\/\/www.freiburg-schwarzwald.de\/blog\/moralisieren-argumentieren\/\">Moralisieren \u2013 Argumentieren<\/a>\u00a0(29.5.2021)<\/li>\n<li><a href=\"https:\/\/www.freiburg-schwarzwald.de\/blog\/antisemitismus-islam-und-links\/\">Antisemitismus: Islam und links<\/a>\u00a0(20.5.2021)<\/li>\n<li><a href=\"https:\/\/www.freiburg-schwarzwald.de\/blog\/engagement\/zukunft\/demokratie\/ermaechtigungsgesetz-2\/\">Doppelmoral im Bundestag \u2013 Notstand verordnen, selbst auf Regeln pfeifen<\/a> (22.4.21)<\/li>\n<li><a href=\"https:\/\/www.freiburg-schwarzwald.de\/blog\/business\/gesund\/corona-virus\/corona-migration\/\">Keine Intensivbetten f\u00fcr Querdenker \u2013 auch nicht f\u00fcr Migranten?<\/a>\u00a0(14.4.2021)<\/li>\n<li><a href=\"https:\/\/www.freiburg-schwarzwald.de\/blog\/engagement\/zukunft\/demokratie\/hanau19feb2020\/\">Ein Jahr nach Anschlag von Hanau: Geteilte Trauer<\/a>\u00a0(19.2.2021)<\/li>\n<li><a href=\"https:\/\/www.freiburg-schwarzwald.de\/blog\/engagement\/zukunft\/demokratie\/zweiklassengesellschaft\/\">Kindergeburtstag und Moscheegebet \u2013 zweierlei Ma\u00df<\/a> (5.2.2021)<\/li>\n<li>Doppeldeutige Zweierlei&#8217;s<\/li>\n<li><a href=\"https:\/\/www.freiburg-schwarzwald.de\/blog\/kultur\/kulturverlust\/sprachregime\/\">Doublethink \u2013 Michael Esders \u201eSprachregime\u201c<\/a> (2.2.2021)<\/li>\n<li><a href=\"https:\/\/www.freiburg-schwarzwald.de\/blog\/global\/usa\/biden\/\">Doppelter Massstab: Biden und Trump regieren per Dekret<\/a>\u00a0(21.1.2021)<\/li>\n<li><a href=\"https:\/\/www.freiburg-schwarzwald.de\/blog\/engagement\/rassismus\/\">Spuckattacke des Gladbacher Bundesligaspielers Marcus Thuram \u2013 Rassismus?<\/a>\u00a0(20.12.2020)<\/li>\n<li><a href=\"https:\/\/www.freiburg-schwarzwald.de\/blog\/engagement\/rassismus\/antirassismus\/\">Rassismus: Verbrechen der Mehrheit oder Recht der Minderheit?<\/a>\u00a0(16.12.2020)<\/li>\n<li>Erm\u00e4chtigungsgesetz und Nazi &#8211; zweierlei Ma\u00df\u00a0 (23.11.2020)<\/li>\n<li><a href=\"https:\/\/www.freiburg-schwarzwald.de\/blog\/engagement\/zukunft\/demokratie\/ermaechtigungsgesetz-2\/\">Doppelmoral: Gutes und b\u00f6ses Erm\u00e4chtigungsgesetz?<\/a> (19.11.2020)<\/li>\n<li><a href=\"https:\/\/www.freiburg-schwarzwald.de\/blog\/gegen-gewalt-von-extremisten\/\">Gegen Gewalt von Extremisten \u2013 nach Dresden, Paris und Nizza<\/a>\u00a0(30.10.2020)<\/li>\n<li><a title=\"Berlin-Demo am 29.8. verboten\" href=\"https:\/\/www.freiburg-schwarzwald.de\/blog\/berlin-demo-am-29-8-verboten\/\">Berlin-Demo am 29.8.2020 verboten<\/a>\u00a0(26.8.2020)<\/li>\n<li><a title=\"Deutsche sind keine Covidioten\" href=\"https:\/\/www.freiburg-schwarzwald.de\/blog\/deutsche-sind-keine-covidioten\/\">Deutsche sind keine Covidioten<\/a>\u00a0 (7.8.2020)<\/li>\n<li>Die Sportler Saibou und Wester im Kreuzfeuer der Medien: Rassismus der Rassismusj\u00e4ger (6.8.2020)<\/li>\n<li>&#8222;Guter Demonstrant&#8220; im ZDF gefeiert &#8211; &#8222;b\u00f6ser Demonstrant&#8220; gefeuert (6.8.2020)<\/li>\n<li>Bigott: Steinmeier ermahnt das Volk, w\u00e4hrend er im Urlaub F\u00fcnfe gerade sein l\u00e4sst (4.8.2020)<\/li>\n<\/ul>\n<ul>\n<li><a href=\"https:\/\/www.freiburg-schwarzwald.de\/blog\/kultur\/medien\/beleidigung\/\">Beleidigung<\/a><\/li>\n<li><a href=\"https:\/\/www.freiburg-schwarzwald.de\/blog\/global\/usa\/biden\/\">Biden<\/a><\/li>\n<li>Corona-Justiz<\/li>\n<li><a href=\"https:\/\/www.freiburg-schwarzwald.de\/blog\/engagement\/zukunft\/demokratie\/denunziation\/\">Denunziation<\/a><\/li>\n<li><a title=\"Deutsche-Kultur\" href=\"https:\/\/www.freiburg-schwarzwald.de\/blog\/global\/deutschland\/deutsche-kultur\/\">Deutsche-Kultur<\/a><\/li>\n<li><a title=\"Deutschland-Hoffnung\" href=\"https:\/\/www.freiburg-schwarzwald.de\/blog\/global\/deutschland\/deutschland-hoffnung\/\">Deutschland-Hoffnung<\/a><\/li>\n<li><a href=\"https:\/\/www.freiburg-schwarzwald.de\/blog\/kultur\/medien\/diskriminierung\/\">Diskriminierung<\/a><\/li>\n<li><a title=\"Eliten\" href=\"https:\/\/www.freiburg-schwarzwald.de\/blog\/engagement\/zukunft\/demokratie\/eliten\/\">Eliten<\/a><\/li>\n<li><a title=\"Europa-Leitkultur\" href=\"https:\/\/www.freiburg-schwarzwald.de\/blog\/kultur\/europa-leitkultur\/\">Europa-Leitkultur<\/a><\/li>\n<li><a title=\"Gesellschaft\" href=\"https:\/\/www.freiburg-schwarzwald.de\/blog\/global\/deutschland\/gesellschaft\/\">Gesellschaft<\/a><\/li>\n<li><a title=\"Gesinnungsdiktatur\" href=\"https:\/\/www.freiburg-schwarzwald.de\/blog\/kultur\/medien\/gesinnungsdiktatur\/\">Gesinnungsdiktatur<\/a><\/li>\n<li><a href=\"https:\/\/www.freiburg-schwarzwald.de\/blog\/selbsthilfe\/soziales\/justiz\/polizei\/hausdurchsuchung\/\">Hausdurchsuchung<\/a><\/li>\n<li><a title=\"Interkulturelle-Oeffnung\" href=\"https:\/\/www.freiburg-schwarzwald.de\/blog\/global\/integration\/interkulturelle-oeffnung\/\">Interkulturelle \u00d6ffnung<\/a><\/li>\n<li><a title=\"Mainstream\" href=\"https:\/\/www.freiburg-schwarzwald.de\/blog\/kultur\/medien\/mainstream\/\">Mainstream<\/a><\/li>\n<li><a title=\"Migrationshintergrund\" href=\"https:\/\/www.freiburg-schwarzwald.de\/blog\/global\/migration\/migrationshintergrund\/\">Migrationshintergrund<\/a><\/li>\n<li><a href=\"https:\/\/www.freiburg-schwarzwald.de\/blog\/vereine\/ngo\/ngo-linksmoral\/\">NGO-Linksmoral<\/a><\/li>\n<li><a href=\"https:\/\/www.freiburg-schwarzwald.de\/blog\/global\/integration\/fluechtlinge-kriminalitaet\/opfer\/\">Opfer<\/a><\/li>\n<li><a title=\"Parallelgesellschaft\" href=\"https:\/\/www.freiburg-schwarzwald.de\/blog\/global\/integration\/parallelgesellschaft\/\">Parallelgesellschaft<\/a><\/li>\n<li><a title=\"Parallelkultur\" href=\"https:\/\/www.freiburg-schwarzwald.de\/blog\/global\/integration\/parallelkultur\/\">Parallelkulturen<\/a><\/li>\n<li><a title=\"Patriotismus\" href=\"https:\/\/www.freiburg-schwarzwald.de\/blog\/engagement\/zukunft\/demokratie\/patriotismus\/\">Patriotismus<\/a><\/li>\n<li><a href=\"https:\/\/www.freiburg-schwarzwald.de\/blog\/kultur\/medien\/ressentiment\/\">Ressentiment<\/a><\/li>\n<li><a title=\"Spaltung\" href=\"https:\/\/www.freiburg-schwarzwald.de\/blog\/global\/deutschland\/spaltung\/\">Spaltung<\/a><\/li>\n<li><a title=\"Untergang\" href=\"https:\/\/www.freiburg-schwarzwald.de\/blog\/religion\/islam\/untergang\/\">Untergang Europas<\/a><\/li>\n<li><a title=\"Volk\" href=\"https:\/\/www.freiburg-schwarzwald.de\/blog\/engagement\/zukunft\/demokratie\/volk\/\">Volk<\/a><\/li>\n<li><a title=\"Wahlvolk\" href=\"https:\/\/www.freiburg-schwarzwald.de\/blog\/engagement\/zukunft\/demokratie\/wahlvolk\/\">Wahlvolk<\/a><\/li>\n<li><a title=\"Werte\" href=\"https:\/\/www.freiburg-schwarzwald.de\/blog\/global\/integration\/werte\/\">Werte<\/a><\/li>\n<li><a href=\"https:\/\/www.freiburg-schwarzwald.de\/blog\/kultur\/kulturverlust\/zweierlei\/\">Zweierlei<\/a><\/li>\n<li><a title=\"Zweiklassengesellschaft\" href=\"https:\/\/www.freiburg-schwarzwald.de\/blog\/engagement\/zukunft\/demokratie\/zweiklassengesellschaft\/\">Zweiklassengesellschaft<\/a><\/li>\n<\/ul>\n<p>&nbsp;<\/p>\n<p><strong>Doppelmoral: &#8222;Junge Muslime&#8220; und &#8222;Junge M\u00e4nner&#8220;<\/strong><br \/>\nZur Zeitungsmeldungen &#8222;Junge Muslime r\u00e4umen Silvesterm\u00fcll auf&#8220;<br \/>\nDie nach Silvester aufr\u00e4umen nennen die Medien &#8222;Junge Muslime&#8220;. Und die, die an Silvester Polizisten beschie\u00dfen, Sanit\u00e4ter angreifen und Frauen bedr\u00e4ngen, nennen sie &#8222;Junge M\u00e4nner&#8220;? Julian<br \/>\n4.1.2026<\/p>\n<p>&nbsp;<\/p>\n<p><strong>Anabel Schunke: Linke Doppelmoral &#8211; Video<\/strong><br \/>\nWir sind Linke, und der Sozialismus wurde noch nie richtig ausprobiert<br \/>\nWir sind Linke, und die AfD plant seine Freunde mit Migrationshintergrund zu deportieren&#8220;<br \/>\nWir sind Linke, und Kinder sind schlecht f\u00fcrs Klima<br \/>\nWir sind Linke und M\u00e4nner k\u00f6nnen schwanger werden<br \/>\nWir sind Linke, und wir demonstrieren zusammen mit Antisemiten gegen rechts<br \/>\n&#8230;<br \/>\nViel Spa\u00df mit der linken Doppelmoral<br \/>\n4.3.2024, Anabel Schunke<br \/>\n<a href=\"https:\/\/twitter.com\/ainyrockstar\/status\/1764677607226778096\">https:\/\/twitter.com\/ainyrockstar\/status\/1764677607226778096<\/a><\/p>\n<p>&nbsp;<\/p>\n<p><strong>USA: Was f\u00fcr eine schreckliche Doppelmoral<\/strong><br \/>\nDie USA haben das r\u00f6mische Statut nie unterzeichnet, in den USA m\u00fcsste Putin also theoretisch nicht mit einer Verhaftung rechnen. Die USA haben fr\u00fcher schon klar gemacht, dass sie verhindern werden, dass sich ein US-B\u00fcrger je vor dem Gerichtshof in Den Haag verantworten muss. Warum musste sich George W. Bush nicht wegen seines v\u00f6lkerrechtswidrigen Angriffs gegen den Irak in Den Haag verantworten? Was f\u00fcr eine schreckliche Doppelmoral.<br \/>\n11.4.2023, Thomas Rolle, Albbruck<br \/>\nZu: &#8222;Putin muss jetzt in 123 Staaten mit seiner Verhaftung rechnen&#8220;, BZ-Artikel von Christian Rath (Politik, 18. M\u00e4rz)<\/p>\n<p>&nbsp;<\/p>\n<p><strong>Doppelte Standards beim \u00d6R: 4000 Gute und 0 B\u00f6se in M\u00fcnchen<\/strong><br \/>\nDie Tagesschau berichtet von 4000 Menschen, die in M\u00fcnchen am 6.3.2022 gegen den Ukraine-Krieg demonstrieren.<br \/>\nVon den am gleichen Tag in der gleichen Stadt stattfindenden <a href=\"https:\/\/www.freiburg-schwarzwald.de\/blog\/engagement\/buergerinitiativen\/grundrechte-demo\/\">Demos<\/a> gegen die Corona-Restruktionen mit weit \u00fcber 4000 Menschen findet die Tagesschau kein Wort.<\/p>\n<p>Das Fatale: Die Teilnehmer beider Demos finanzieren die GEZ-Medien gleicherma\u00dfen mit 17 Euro\/Monat.<br \/>\n8.3.2022<\/p>\n<p>&nbsp;<\/p>\n<p><strong>Migrations-Logik: Einmal so und einmal so<\/strong><br \/>\nEinerseits erw\u00e4gt die EU Sanktionen gegen den weissrussischen Diktator Lukaschenko, weil er vornehmlich aus Syrien, Irak und Afghanistan stammende Migranten von Belarus \u00fcber die Grenze nach <a href=\"https:\/\/www.freiburg-schwarzwald.de\/blog\/global\/polen\/\">Polen<\/a> schleust, die dann nach Deutschland kommen.<br \/>\nAndererseits wurde die <a href=\"https:\/\/www.freiburg-schwarzwald.de\/blog\/luxuskinder-auch-luxuseltern\/\">Kapit\u00e4nin Rackete<\/a> mehrfach mit Preisen daf\u00fcr ausgezeichnet, da\u00df sie vornehmlich afrikanische Migranten nach Deutschland holt.<br \/>\nZweimal unkontrollierte Migration von gro\u00dfenteils jungen M\u00e4nnern als Asylbewerber. M\u00fc\u00dfte nicht auch Lukaschenko einen Preis bekommen?<br \/>\n27.10.2021)<\/p>\n<p>&nbsp;<\/p>\n<p>Sascha Lobo: Rechtsextremer versus islamistischer Mord &#8211; Verniedlichungsrassismus<br \/>\nDie Diagnose: Die deutsche Linke &#8211; und auch die Liberalen und B\u00fcrgerlichen &#8211; haben zweifellos vers\u00e4umt, eine nichtrassistische Islamismuskritik zu entwickeln. Das ist katastrophal genug. Aber in sozialen Medien wird sich nach dem Dresdner Mord &#8211; wie nach islamistischen Attentaten \u00fcblich &#8211; eine weitere, n\u00e4mlich emotionale Dimension entfalten. Nach dem von K\u00fchnert beschriebenen, bitteren Schweigen bestehen die z\u00f6gerlich eintreffenden, linken Wortmeldungen n\u00e4mlich aus einer eigent\u00fcmlichen, betretenen Traurigkeit. Vergleichbar mit den Reaktionen auf eine Naturkatastrophe, gegen die man halt leider, leider nichts tun kann.<br \/>\nMan erkennt die Absurdit\u00e4t im direkten Vergleich: Auf einen rechtsextremen Mord folgt linke Emp\u00f6rung, auf einen islamistischen Mord folgt eine stille, linke Zerknirschtheit, wie man sie Erdbebenopfern entgegenbringt. Manchmal sogar erg\u00e4nzt durch Relativierungen.<br \/>\n&#8230; Alles vom 21.10.2020 von Sascha Lobo bitte lesen auf<br \/>\n<a href=\"https:\/\/www.spiegel.de\/netzwelt\/netzpolitik\/islamistische-anschlaege-die-linke-social-media-empoerung-bleibt-aus-kolumne-a-9ac7415a-f0d2-4d7d-8279-e5c606f2a82f\">https:\/\/www.spiegel.de\/netzwelt\/netzpolitik\/islamistische-anschlaege-die-linke-social-media-empoerung-bleibt-aus-kolumne-a-9ac7415a-f0d2-4d7d-8279-e5c606f2a82f<\/a><\/p>\n<p>&nbsp;<\/p>\n<p>&nbsp;<\/p>\n<p><strong>Noch so&#8217;n Doppelbegriff &#8211; Verrohung<\/strong><br \/>\nDer gr\u00fcne Justizsenator von Berlin, Dirk Behrendt, sei betr\u00fcbt. Betr\u00fcbt dar\u00fcber, dass die Gewalt in Berliner <a href=\"https:\/\/www.freiburg-schwarzwald.de\/blog\/selbsthilfe\/soziales\/justiz\/gefaengnis\/\">Gef\u00e4ngnissen<\/a> deutlich zunehme, wie auch die Presse berichtet.<br \/>\n<a href=\"https:\/\/www.tagesspiegel.de\/berlin\/gewalt-in-berliner-gefaengnissen-jaehrlich-bis-zu-65-angriffe-auf-waerter\/27547430.html\">https:\/\/www.tagesspiegel.de\/berlin\/gewalt-in-berliner-gefaengnissen-jaehrlich-bis-zu-65-angriffe-auf-waerter\/27547430.html<\/a><br \/>\nGewalt gegen W\u00e4rter nimmt zu, und Gewalt gegen andere Gefangene noch viel mehr. &#8222;Justizsenator Dirk Behrendt (Gr\u00fcne) teilte mit: \u201eDie Verrohung unserer Gesellschaft, die sich beispielsweise in Angriffen auf Rettungskr\u00e4fte zeigt, spiegelt sich leider auch in den Gef\u00e4ngnissen wider.\u201c<br \/>\nDann liegt es nicht etwa an der \u201eDiversit\u00e4t\u201c der Gesellschaft, der \u201eWeltoffenheit\u201c f\u00fcr jeden Gewaltkriminellen der Welt, ethnische Konflikte im Knast, ist es nicht die von Gr\u00fcnen gebaute Utopie.<br \/>\nDann ist es \u201edie Verrohung unserer Gesellschaft\u201c. Wir sind dann dran schuld. Ein Problem \u201eunserer\u201c Gesellschaft. Wir machen sie roh. Nicht etwa der Import von Rohstoffen nach gr\u00fcner Ideologie. Dabei machen die da drin doch auch nichts anderes, als nur flei\u00dfig die \u00fcberkommenen Gesellschaftsmodelle des wei\u00dfen Mannes zu \u00fcberwinden. Geliefert wie bestellt. Und dann umgelabelt, weil man nicht der sein will, der es bestellt hat.<br \/>\n&#8230; Alles vom 25.8.2021 bitte lesen auf<br \/>\n<a href=\"https:\/\/www.danisch.de\/blog\/2021\/08\/25\/nochn-doppelbegriff-6\/#more-44890\">https:\/\/www.danisch.de\/blog\/2021\/08\/25\/nochn-doppelbegriff-6\/#more-44890<\/a><\/p>\n<p>&nbsp;<\/p>\n<p><strong>Doppeldeutige Zweierlei&#8217;s<\/strong><br \/>\nKlima und Wetter:<br \/>\nWarme und trockene Sommer sind Klima und beweisen den Klimawandel.<br \/>\nEisige Winter mit Schneest\u00fcrmen hingegen sind Wetter und beweisen gar nichts, quasi Einzelf\u00e4lle.<br \/>\n.<br \/>\nKriminalit\u00e4t D und Nicht-D:<br \/>\nEin Deutscher, der einen Moslem umbringt, beweist den Rassismus und die rechtsextreme Einstellung der Deutschen.<br \/>\nEin Moslem, der einen Deutschen umbringt, ist ein Einzelfall und darf nicht verallgemeinert werden.<br \/>\n7.2.2021<\/p>\n<p>&nbsp;<\/p>\n<p><strong>Erm\u00e4chtigungsgesetz und Nazi &#8211; zweierlei Ma\u00df\u00a0<\/strong><br \/>\nDer politik-mediale Bereich verwahrt sich gegen den Begriff <a href=\"https:\/\/www.freiburg-schwarzwald.de\/blog\/engagement\/zukunft\/demokratie\/ermaechtigungsgesetz-2\/\">&#8222;Erm\u00e4chtigungsgesetz&#8220;<\/a>, da dieser vergleich den Nationalsozialismus verharmlose.<\/p>\n<p><a href=\"https:\/\/www.freiburg-schwarzwald.de\/blog\/wp-content\/uploads\/2020\/11\/ermaechtigungsgesetz-doppelmoral201118.jpg\"><img loading=\"lazy\" decoding=\"async\" class=\"alignnone size-thumbnail wp-image-85071\" src=\"https:\/\/www.freiburg-schwarzwald.de\/blog\/wp-content\/uploads\/2020\/11\/ermaechtigungsgesetz-doppelmoral201118-180x115.jpg\" alt=\"\" width=\"180\" height=\"115\" srcset=\"https:\/\/www.freiburg-schwarzwald.de\/blog\/wp-content\/uploads\/2020\/11\/ermaechtigungsgesetz-doppelmoral201118-180x115.jpg 180w, https:\/\/www.freiburg-schwarzwald.de\/blog\/wp-content\/uploads\/2020\/11\/ermaechtigungsgesetz-doppelmoral201118.jpg 597w\" sizes=\"auto, (max-width: 180px) 100vw, 180px\" \/><\/a>\u00a0 \u00a0 2.4.20 und 18.11.20 &#8211; zweierlei Erm\u00e4chtigungsgesetze?<\/p>\n<p>Aber jeden Kritiker gegen die Corona-, Klima-, Migrations- sowie Energiepolitik als <a href=\"https:\/\/www.freiburg-schwarzwald.de\/blog\/religion\/juden\/nazi\/\">Nazi<\/a> zu diffamieren, dies verharmlost den Nationalsozialismus nat\u00fcrlich nicht.<br \/>\n23.11.2020<\/p>\n<p>&nbsp;<\/p>\n<p><strong>Die Sportler Saibou und Wester im Kreuzfeuer der Medien: Rassismus der Rassismusj\u00e4ger<\/strong><br \/>\nEin Sportler mit Migrationshintergrund wird f\u00fcr seine Teilnahme an einer politischen Demonstration gefeiert, zwei andere werden daf\u00fcr von ihren Arbeitgebern gefeuert und medial verh\u00f6hnt.<br \/>\nBasketballprofi Joshiko Saibou wurde entlassen, weil er an einer Demonstration gegen die Corona-Ma\u00dfnahmen teilgenommen hat. Angeblich, weil er dort ohne Mundschutz aufgetreten ist. Allerdings taten das andere Sportler auf Black-Lives-Matter-Demonstrationen ebenfalls, ohne dass das f\u00fcr sie negative Folgen hatte. Der Fu\u00dfball-Nationalspieler Benjamin Henrichs \u2013 auch er hat einen afrikanischen Migrationshintergrund \u2013 wurde f\u00fcr seine Teilnahme an einer BLM-Demonstration medial gefeiert \u2013 unter anderem im Aktuellen Sportstudio des ZDF von der eigens zu diesem Zweck anwesenden Dunya Hayali. &#8230;.<br \/>\nNein, hier geht es offensichtlich nicht um das Nichttragen eines Mundschutzes. Hier geht es um etwas Anderes: Hier sollen prominente Personen auf Kurs gebracht und ideologisch eingehegt werden. Hier wird dem Migrantenkind klar gemacht, was der Preis ist: Gefolgschaft.<br \/>\n\u201eIch bin Basketballspieler, aber in erster Linie bin ich ein Mensch, ein Mensch, der ein Recht auf eine freie Meinung hat. Und wenn die polarisierend ist, wird es viele Meinungen, viele Stimmen dazu geben und das ist komplett legitim. Aber am n\u00e4chsten Tag meinen Job und Lebensgrundlage zu verlieren, das ist eine schwierige Situation f\u00fcr mich aber vor allem ein Schlag ins Gesicht der Meinungsfreiheit.\u201c, erkl\u00e4rt der sichtlich getroffene Saibou nach der fristlosen K\u00fcndigung in einer Videobotschaft an seine Fans. Saibou fragt jetzt zu Recht: \u201eWie hoch h\u00e4ngt die Meinungsfreiheit wirklich?\u201c<br \/>\n&#8230; Alles vom 6.8.2020 von Alexander Wallasch bitte lesen auf<br \/>\n<a href=\"https:\/\/www.tichyseinblick.de\/kolumnen\/alexander-wallasch-heute\/sportler-saibou-und-wester-im-kreuzfeuer-der-medien\/\">https:\/\/www.tichyseinblick.de\/kolumnen\/alexander-wallasch-heute\/sportler-saibou-und-wester-im-kreuzfeuer-der-medien\/<\/a><br \/>\n..<br \/>\n<a href=\"https:\/\/www.freiburg-schwarzwald.de\/blog\/global\/deutschland\/moral2015\/doppelmoral\/doppelmoral-demo-bild202007\/\" rel=\"attachment wp-att-82673\"><img loading=\"lazy\" decoding=\"async\" class=\"alignnone size-thumbnail wp-image-82673\" src=\"https:\/\/www.freiburg-schwarzwald.de\/blog\/wp-content\/uploads\/2020\/08\/doppelmoral-demo-bild202007-145x180.jpg\" alt=\"doppelmoral-demo-bild202007\" width=\"145\" height=\"180\" srcset=\"https:\/\/www.freiburg-schwarzwald.de\/blog\/wp-content\/uploads\/2020\/08\/doppelmoral-demo-bild202007-145x180.jpg 145w, https:\/\/www.freiburg-schwarzwald.de\/blog\/wp-content\/uploads\/2020\/08\/doppelmoral-demo-bild202007-518x640.jpg 518w, https:\/\/www.freiburg-schwarzwald.de\/blog\/wp-content\/uploads\/2020\/08\/doppelmoral-demo-bild202007.jpg 551w\" sizes=\"auto, (max-width: 145px) 100vw, 145px\" \/><\/a>\u00a0 \u00a0 \u00a0 \u00a0 \u00a0\u00a0<a href=\"https:\/\/www.freiburg-schwarzwald.de\/blog\/berlin-demo-tag-der-freiheit\/doppelmoral-demo-faz2020aug\/\" rel=\"attachment wp-att-82744\"><img loading=\"lazy\" decoding=\"async\" class=\"alignnone size-thumbnail wp-image-82744\" src=\"https:\/\/www.freiburg-schwarzwald.de\/blog\/wp-content\/uploads\/2020\/08\/doppelmoral-demo-faz2020aug-180x158.jpg\" alt=\"doppelmoral-demo-faz2020aug\" width=\"180\" height=\"158\" srcset=\"https:\/\/www.freiburg-schwarzwald.de\/blog\/wp-content\/uploads\/2020\/08\/doppelmoral-demo-faz2020aug-180x158.jpg 180w, https:\/\/www.freiburg-schwarzwald.de\/blog\/wp-content\/uploads\/2020\/08\/doppelmoral-demo-faz2020aug.jpg 640w\" sizes=\"auto, (max-width: 180px) 100vw, 180px\" \/><\/a>\u00a0 \u00a0 \u00a0 \u00a0 \u00a0 \u00a0<a href=\"https:\/\/www.freiburg-schwarzwald.de\/blog\/berlin-demo-tag-der-freiheit\/corona2020loveparade2001\/\" rel=\"attachment wp-att-82588\"><img loading=\"lazy\" decoding=\"async\" class=\"alignnone size-thumbnail wp-image-82588\" src=\"https:\/\/www.freiburg-schwarzwald.de\/blog\/wp-content\/uploads\/2020\/08\/corona2020loveparade2001-180x178.jpg\" alt=\"corona2020loveparade2001\" width=\"180\" height=\"178\" srcset=\"https:\/\/www.freiburg-schwarzwald.de\/blog\/wp-content\/uploads\/2020\/08\/corona2020loveparade2001-180x178.jpg 180w, https:\/\/www.freiburg-schwarzwald.de\/blog\/wp-content\/uploads\/2020\/08\/corona2020loveparade2001.jpg 640w\" sizes=\"auto, (max-width: 180px) 100vw, 180px\" \/><\/a><\/p>\n<p>.<br \/>\nEinige Kommentare:<br \/>\n<strong>Welche Funktion hat der Migrant f\u00fcr die Linken?<\/strong><br \/>\nVor allem jene, mit seiner Anweseheit in Deutschland die Rechten und Konservativen zu \u00e4rgern. Dabei ist es die Aufgabe des Migranten, sich st\u00e4ndig \u00fcber Rassismus zu beklagen, welchen die Linken dann den \u00fcbrigen Deutschen gen\u00fcsslich unter die Nase reiben und sie dabei nat\u00fcrlich wieder g\u00e4ngeln, tadeln und beschimpfen k\u00f6nnen. Der Migrant soll also st\u00e4ndig die unterdr\u00fcckte Opferrolle spielen.<br \/>\nF\u00e4llt er aus dieser Rolle heraus, weil er erfolgreich ist und seine eigene Meinung hat, die nicht mit linken und gr\u00fcnen Glaubenss\u00e4tzen konform geht, ist es mit der Solidarit\u00e4t der Linken schnell vorbei und deren eigener unterdr\u00fcckter Rassismus kommt zum Vorschein. Bestes Beispiel: <a title=\"Xavier Naidoo: Ihr seid verloren\" href=\"https:\/\/www.freiburg-schwarzwald.de\/blog\/xavier-naidoo-ihr-seid-verloren\/\">Xavier Naidoo<\/a>. Fr\u00fcher Vorzeigemigrant (\u201eAdriano \u2013 Letze Warnung\u201c) und Songwriter des Sommerm\u00e4rchens, heute als rechter Verschw\u00f6rungstheoretiker verschm\u00e4ht.<br \/>\n6.2.2020, Jan<br \/>\n.<br \/>\n<strong>So schnell kann\u2019s im Deutschland von heute gehen. Falsche Meinung: Job weg.<\/strong><br \/>\nDer entscheidende Satz des Artikels:\u201cHier wird dem Migrantenkind klargemacht, was der Preis ist: Gefolgschaft.\u201c<br \/>\nDas ganze Geschwalle zu offenen Grenzen, Diversit\u00e4t und Rassismus ist nichts anderes, als Kunden- und W\u00e4hlerakquise bestimmter Zirkel und Kreise.<br \/>\nEs geht nur darum, \u201eNutzvieh\u201c aus dem Ausland zu importieren. Wenn das \u201eNutzvieh\u201c aber keins sein will, wird es eben geschlachtet. Und gerade diese Zirkel und Kreise meinen, sie h\u00e4tten die Moral gepachtet. Das ist schon eine ziemlich erstaunliche Frechheit. Die Democrats in den USA machen es genauso: Black Lives mattern nur so lange, wie sie W\u00e4hlerstimmen bringen.<br \/>\n6.8.2020, R.P. , TO<br \/>\n.<br \/>\n<strong>Sehr geehrter Herr Wallasch, ich glaube nicht, dass es sich hierbei um Rassismus handelt<\/strong>.<br \/>\nDie beiden werden ja nicht f\u00fcr ihre Hautfarbe kritisiert, sondern weil sie auf der Demo waren. Die Entt\u00e4uschung des Gutmenschen, der seine M\u00fcndel bevormundenden will, mag eine Rolle spielen, insgesamt nehme ich aber an, dass die Kritik an den beiden prominenten Sportlern noch viel h\u00e4rter ausfallen w\u00fcrde, wenn sie ethnische Deutsche w\u00e4ren. Kein deutscher Sportler ohne Mihigru w\u00fcrde sich auf so eine Demo trauen, selbst wenn sie 100% seine Einstellung wiedergibt. Er w\u00e4re sofort sozial tot, noch viel toter als diese beiden, die man noch mit Samthandschuhen anfasst. Durchgehen lassen kann man ihnen den Fehler aber nat\u00fcrlich nicht. Sie haben wohl ihr Privileg als Einwanderer (oder Kinder von Einwanderern) \u00fcbersch\u00e4tzt, dachten, keiner traut sich sie zu kritisieren. Was auf sie zukommt, h\u00e4tten sie aber wissen k\u00f6nnen, denn in den USA werden ja auch Schwarze schon mal abgeknallt, wenn sie sich gegen BLM Demonstranten stellen \u2013 auch wenn das \u201enur\u201c Weisse sind.<br \/>\n6.8.2020, Fre, TO<br \/>\n.<br \/>\n<strong>Ein Gespenst geht um in Deutschland \u2013 das Gespenst des Coronismus<\/strong><br \/>\nHinter den politischen und medialen Hetzkampagnen steht offenbar nicht l\u00e4nger die Bek\u00e4mpfung \u2013 einer f\u00fcr den Gro\u00dfteil aller Infizierten harmlosen \u2013 Atemwegserkrankung, sondern die willk\u00fcrliche Au\u00dferkraftsetzung der vom Grundgesetz garantierten Rechte und b\u00fcrgerlichen Freiheiten.<br \/>\nDie Diffamierung der freien Meinungs\u00e4u\u00dferung und aller nicht mainstreamkonformer Stimmen bis hin zur Ruinierung ihrer sozialen und wirtschaftlichen Existenzgrundlagen erinnert an die besonders finsteren Kapitel dieses mit dunklen Epochen nicht eben knapp bedachten Landes.<br \/>\n6.8.220, Mari, TO<br \/>\n.<br \/>\n<strong>Frau Wester und Herr Saibou. Hoffentlich lesen Sie auch Artikel wie diese.<\/strong><br \/>\nIch danke Ihnen f\u00fcr Ihren Mut zur Wahrheit! An Ihnen wird deutlich wie totalit\u00e4r Medien, Politik, Wirtschaft und Vereinswesen in Deutschland mittlerweile sind. An dem Umgang mit Ihnen zeigt sich das Gesicht der DDR, in der wir leben.<br \/>\nDie Teilnahme an Demonstrationen ist ein Grundrecht. Kein Vertrag, kein Verein, kein Unternehmen kann die GRUNDRECHTE ausschalten. Eine Maske zu tragen ist gesundheitssch\u00e4dlich, nicht n\u00fctzlich und in diesem Fall lediglich der neue Gesslerhut der neuen DDR.<br \/>\nIch war nie ein Fan von Basketball. Sogar ein Dirk Nowitzki konnte mich nicht aus der Reserve locken. Jetzt bin ich Fan von Basketball. In welchem (komischen, evtl. drittklassigen) Verein Sie von nun an spielen, ich werde zu Ihren Spielen kommen und das teuerste Eintrittsticket bezahlen. Ich werde Ihre Trikots kaufen und selber tragen! Wenn Sie den Telefonanbieter wechseln, dann tue ich das auch!<br \/>\nWhen the going gets tough, the Tough get going!<br \/>\n6.8.2020, Gro<br \/>\n.<br \/>\n<strong>Bestrafe einen, erziehe tausend.<\/strong><br \/>\nNat\u00fcrlich geht es den Regimetrompeten nicht um Hautfarben, Rassismus, Gesundheit usw., es geht darum, die Massen auf Linie zu bringen. Und das hat tats\u00e4chlich nicht nur Mao\u2019sche, sondern auch Orwell\u2019sche Qualit\u00e4t: Gleicher Sachverhalt, zweierlei Ma\u00dfstab \u2013 und das hat man zu glauben und f\u00fcr gut und richtig zu halten.<br \/>\nBLM-Demo dicht an dicht gut, Corona-Demo in eher lockerem Abstand b\u00f6se.<br \/>\nZimmer 101. Wieviele Finger sehen Sie? Es gibt sicher nicht wenige Leute schon im Lande, die tats\u00e4chlich 5 Finger sehen, wo es nur 4 sind \u2013 und die das nicht nur plappern, weil von Obrigkeit gew\u00fcnscht, sondern die das dann tats\u00e4chlich so f\u00fcr wahr halten. Um dann, erfolgreich erzogen, jeden anzuschreien, anzufallen, anzuzeigen, der noch immer 4 Finger sieht.<br \/>\nErschreckend, wie allm\u00e4hlich jede noch so horrorm\u00e4\u00dfige Zukunftsvision zum Alltag wird.<br \/>\n6.8.2020, A.E.<br \/>\n.<br \/>\n<strong>Unsere zerst\u00f6rte Demokratie ist durch demokratische Mittel nicht mehr reparabel<\/strong>.<br \/>\nIndem Medien, Politik, Justiz, Bildung und Kultur seit Jahrzehnten links unterwandert wurden gibt es weder Meinungsfreiheit, freie Marktwirtschaft, Rechtsstaat und unabh\u00e4ngige Justiz oder auch Presse als vierte Gewalt mehr. Kurz: Die Demokratie ist au\u00dfer Kraft gesetzt und nur noch eine H\u00fclse, so wie in der Deutschen \u201eDemokratrischen\u201c Republik. F\u00fcr eine neue Demokratie sollte man daraus lernen. Jetzt gibt es nur zwei M\u00f6glichkeiten: Revolution (sehr unwahrscheinlich) oder auf den \u00fcblichen Systemzusammenbruch des Sozialismus warten (kann dauern).<br \/>\n6.8.2020, J.SCH.<br \/>\nEnde der Kommentare<br \/>\n.<\/p>\n<p><strong>&#8222;Guter Demonstrant&#8220; im ZDF gefeiert &#8211; &#8222;b\u00f6ser Demonstrant&#8220; gefeuert<\/strong><br \/>\nDer Basketballer Joshiko Saibou, seines Zeichens Bundesliga- und Nationalspieler, ist von seinem Arbeitgeber, den &#8222;Telekom Baskets Bonn&#8220;, entlassen worden, weil er an der &#8222;Querdenken 711&#8220;-Demonstration der Corona-Ma\u00dfnahmen-Kritiker in Berlin teilgenommen hat. Maximilian Rieger, Journalist beim geb\u00fchrenfinanzierten Deutschlandradio, hatte ihn auf Twitter denunziert. &#8230;.<br \/>\nFu\u00dfball-Nationalspieler Benjamin Henrichs, der zu RB Leipzig wechselt, hat am 6. Juni mit heruntergezogenem Mundschutz an einer &#8222;Black Lives Matter&#8220;-Demonstration teilgenommen, auf der ganz offensichtlich der Mindestabstand nicht eingehalten wurde.<br \/>\n&#8230; unglaubliche Szenen im &#8222;Aktuellen Sportstudio&#8220; des ZDF. Keine andere als Dunja Hayali pr\u00e4sentierte in der v\u00f6llig politisierten Sendung einen Video-Einspieler, in dem zu sehen war, dass Henrichs ohne aufgesetzten Mundschutz an einer Demonstration teilgenommen hatte, an der die Hygiene-Vorschriften missachtet wurden.<br \/>\nIn lobendem Ton sagt der Sprecher \u00fcber den Nationalspieler: &#8222;Er ist letzten Samstag selbst auf die Stra\u00dfe gegangen, f\u00fcr Solidarit\u00e4t und Black Lives matter&#8220;. Sodann wiederholt Hayali nochmal lobend Henrichs Stra\u00dfen-Einsatz und fragt ihn, der als Studiogast anwesend ist, warum ihm das so wichtig sei. Kein einziges Wort zu dem Hygiene-Versto\u00df. Die gleiche Hayali, die sich am Wochenende massiv \u00fcber genau die gleichen Hygiene-Verst\u00f6\u00dfe bei der anderen Demonstration echauffierte.<br \/>\n&#8230;. Alles vom 6.8.2020 bitte lesen auf<br \/>\n<a href=\"https:\/\/www.reitschuster.de\/post\/guter-demonstrant-wird-gefeiert-b%C3%B6ser-demonstrant-wird-gefeuert\">https:\/\/www.reitschuster.de\/post\/guter-demonstrant-wird-gefeiert-b%C3%B6ser-demonstrant-wird-gefeuert<\/a><\/p>\n<p>.<\/p>\n<div id=\"attachment_83015\" style=\"width: 620px\" class=\"wp-caption alignnone\"><a href=\"https:\/\/www.freiburg-schwarzwald.de\/blog\/global\/deutschland\/moral2015\/doppelmoral\/maske-volk-ja-steinmeier-nein200728pan\/\" rel=\"attachment wp-att-83015\"><img loading=\"lazy\" decoding=\"async\" aria-describedby=\"caption-attachment-83015\" class=\"size-full wp-image-83015\" src=\"https:\/\/www.freiburg-schwarzwald.de\/blog\/wp-content\/uploads\/2020\/08\/maske-volk-ja-steinmeier-nein200728pan.jpg\" alt=\"Doppelmoral: Bundespr\u00e4sident Steinmeier h\u00e4lt sich nicht an Abstands- und Mundnasenschutz-Vorgaben\" width=\"610\" height=\"325\" srcset=\"https:\/\/www.freiburg-schwarzwald.de\/blog\/wp-content\/uploads\/2020\/08\/maske-volk-ja-steinmeier-nein200728pan.jpg 610w, https:\/\/www.freiburg-schwarzwald.de\/blog\/wp-content\/uploads\/2020\/08\/maske-volk-ja-steinmeier-nein200728pan-180x95.jpg 180w\" sizes=\"auto, (max-width: 610px) 100vw, 610px\" \/><\/a><p id=\"caption-attachment-83015\" class=\"wp-caption-text\">Doppelmoral: Bundespr\u00e4sident Steinmeier h\u00e4lt sich nicht an Abstands- und Mundnasenschutz-Vorgaben<\/p><\/div>\n<p><strong>.<br \/>\nBigott: Steinmeier ermahnt das Volk, w\u00e4hrend er im Urlaub F\u00fcnfe gerade sein l\u00e4sst<\/strong><br \/>\nGelebte Doppelmoral. Noch am Sonntag berichtete TE \u00fcber Frank-Walter Steinmeiers Auftritt beim S\u00fcdtiroler Landeshauptmann, dar\u00fcber, dass der Deutsche Bundespr\u00e4sident auch w\u00e4hrend seines Urlaubs im benachbartem Ausland keine Veranlassung oder Notwendigkeit erkennen lie\u00df, sich an die dortigen Corona-Ma\u00dfnahmen zu halten.<\/p>\n<p>Nun gut, wie wir ebenfalls seit Sonntag wissen, verzichten tausende Deutsche absichtsvoll auf Mund- und Nasenschutz und nutzten das vergangene Wochenende, um in Berlin ihrem Unmut \u00fcber die Corona-Ma\u00dfnahmen der Bundesregierung Ausdruck zu verleihen. Ist der deutsche Bundespr\u00e4sident gar selbst so ein Protestler? Steht er an der Spitze der Bewegung?<br \/>\nWeit gefehlt. Offensichtlich hat Frank-Walter Steinmeier bez\u00fcglich seiner Haltung in dieser Sache Siebenmeilenstiefel an: Wo er anl\u00e4sslich seines \u201eschon traditionellen Sommerurlaubes\u201c in S\u00fcdtirol ein Ischgl-m\u00e4\u00dfiges Risiko eingeht, hat der Bundespr\u00e4sident kein Problem damit, sich zur\u00fcck daheim vor die Kameras hinzustellen und via offiziellem Bundespr\u00e4sidenten-Facebook-Kanal dem deutschen Michel den Oberlehrmeister in Sachen Corona-Ma\u00dfnahmen zu geben.<br \/>\nZun\u00e4chst w\u00fcnscht uns der Sozialdemokrat, dass wir im Urlaub Erholung gefunden haben und \u201eim wahrsten Sinne des Wortes einmal durchatmen konnten nach den schwierigen Wochen, in denen das \u00f6ffentliche Leben zum Stillstand gekommen war.\u201c<br \/>\nSchon hier scheint er vergessen zu haben oder wissentlich zu ignorieren, dass es jetzt Millionen Deutsche mehr gibt, die seit Beginn der Corona-Ma\u00dfnahmen der Regierung eben das nicht mehr k\u00f6nnen: locker durchatmen. Warum? Weil nicht nur kein Urlaub mehr da ist, sondern nicht einmal mehr eine Arbeitsstelle.<br \/>\nFrank-Walter Steinmeier erkl\u00e4rt uns stattdessen, er h\u00e4tte noch ein paar Tage Resturlaub. Wie sch\u00f6n f\u00fcr ihn. Was wiederum die Frage aufwirft, wie das beim vom B\u00fcrger angestellten Bundespr\u00e4sidenten eigentlich ist: Gibt es da klare Urlaubsregelungen? Muss Steinmeier beispielsweise bei Krankheit irgendwo einen gelben Schein abgeben und riskiert dabei, gefeuert zu werden, wenn der bundespr\u00e4sidiale Schnupfen zu lange anh\u00e4lt?<br \/>\n\u201eIn diesem Sommer k\u00f6nnen wir wieder reisen\u201c, sagt er. Aber wer ist \u201ewir\u201c? Wohin soll die Reise hier gehen? Und wer soll die Sause dann bezahlen? Restaurants und Caf\u00e9s seien wieder ge\u00f6ffnet. Aber auch da muss man Scheine auf den Tisch legen. Da muss die Munition aus der Bazooka aufschlagen, da muss das Geld ankommen, dass so vollmundig versprochen und doch bei viel weniger Menschen in Corona-Ma\u00dfnahmen-Not angekommen ist.<br \/>\nSteinmeier selbst sind die Corona-Ma\u00dfnahmen jedenfalls sichtlich schnuppe, wenn der oberste Deutsche urlaubt. Zuhause l\u00e4sst er dann vor samtwei\u00dfem Vorh\u00e4ngen mit deutsch-akkuratem Faltenwurf und mit imagin\u00e4rem Drohfinger verlauten, wir sollen weiter Abstand halten, \u201edie Hygieneregeln beachten\u201c und \u201eMund- und Nasenschutz dort tragen, wo es empfohlen wird.\u201c Ah \u2013 so wie in S\u00fcdtirol, \u201ewo ab dem 10. Juni die Abstandsregel von einem Meter in offenen und geschlossenen R\u00e4umen statt der bisherigen zwei Meter\u201c gilt? (\u201eWird dieser Abstand von einem Meter unterschritten, ist es Pflicht, Mund und Nase zu bedecken.\u201c) Quelle: hier.<br \/>\n&#8230; Alles vom 4.8.2020 bitte lesen auf<br \/>\n<a href=\"https:\/\/www.tichyseinblick.de\/kolumnen\/alexander-wallasch-heute\/bigott-steinmeier-ermahnt-das-volk-waehrend-er-im-urlaub-fuenfe-gerade-sein-laesst\/\">https:\/\/www.tichyseinblick.de\/kolumnen\/alexander-wallasch-heute\/bigott-steinmeier-ermahnt-das-volk-waehrend-er-im-urlaub-fuenfe-gerade-sein-laesst\/<\/a><br \/>\n.<br \/>\nEInige Kommentare:<br \/>\n<strong>Es ist schon dem\u00fctigend, was unserer \u201eEliten\u201c mit uns machen.<\/strong><br \/>\nDer Frank wei\u00df schon warum. Im Moment ist keine Grippesaison. Da kann noch so sehr eine zweite Welle (die ist ja schon lange beschlossen, ohne das Virus gefragt zu haben) herbei geschrieben werden. W\u00e4re Corona wirklich so gef\u00e4hrlich, wie getan wird, w\u00fcrde sich der erste Mann im Staat ganz anders sch\u00fctzen und nicht nur er. Nochmal, die letzten Wochen immer 0,6 % positiv Getestete (RKI). Egal, wir wiederholen einfach, bis es auch der letzte glaubt. Wenn ich sehe, wie sehr die Menschen sich ver\u00e4ndern und leiden, dann steigt in mir Wut auf. Aber viele sind auch einfach zu denkfaul und h\u00f6rig, es ist aber auch verdammt gut gemacht.<br \/>\n260 Billionen Schulden in der Welt, 1,5 Billiarden an Finanzwetten, 2008 standen wir am Abgrund (Steinbr\u00fcck) \u2013 heute sind wir einen Schritt weiter.<br \/>\n4.8.2020, Cub, TO<\/p>\n<p><strong>Steinmeier sorgt vor: B\u00fcrger sind schuldig an Rezession<\/strong><br \/>\nEr sei \u201efroh in einem Land zu leben\u201c, sagt Frank-Walter Steinmeier, \u201ein dem sich so viele Menschen von Vernunft, Verantwortungsgef\u00fchl und Solidarit\u00e4t leiten lassen\u201c. Allerdings ist die Freude nicht ungetr\u00fcbt. \u201eDie Verantwortungslosigkeit einiger weniger ist ein Risiko f\u00fcr uns alle! Wenn wir jetzt nicht besonders vorsichtig sind, dann gef\u00e4hrden wir die Gesundheit vieler. Und wir gef\u00e4hrden dar\u00fcber hinaus die Erholung unserer Gesellschaft, unserer Wirtschaft, unseres Kulturlebens.\u201c<br \/>\nDer Bundespr\u00e4sident sorgt vor. Sollte es mit der Erholung unserer Gesellschaft, unserer Wirtschaft, unseres Kulturlebens nicht klappen, dann ist nicht die Politik daf\u00fcr verantwortlich, sondern einige wenige, die ein Risiko f\u00fcr uns alle sind!<br \/>\n&#8230; Alles vom 4.8.2020 von Henryk M. Broder bitte lesen auf<br \/>\n<a href=\"https:\/\/www.achgut.com\/artikel\/steinmeier_sorgt_vor\">https:\/\/www.achgut.com\/artikel\/steinmeier_sorgt_vor<\/a><br \/>\n.<br \/>\n<strong>Werter Herr Steinmeier,<\/strong><br \/>\nIhre Phrasen sind so ungeniessbar wie feine, saure Sahne mit verdorbenem Fischfilet. Sie erkl\u00e4ren sich solidarisch mit den Antisemiten aus dem vorderen Orient, hetzen in jenem Land, in dem Sie aufgrund eines undefinierbaren Geschachers auf Ihren goldenen Sessel gesp\u00fclt worden sind, gegen B\u00fcrger, die lediglich von einem Grundrecht Gebrauch machen und ihre Besorgnis ausdr\u00fccken wollen \u00fcber Massnahmen des Staates, den Sie zu repr\u00e4sentieren vorgeben. Sind Sie von allen Geistern verlassen?<br \/>\nZur Erinnerung: In Deutschland sind insgesamt bis heute 0,25 Prozent der Menschen mit dem Virus infiziert. NICHT KRANK!! Gestorben sind 0,01 Prozent der Bev\u00f6lkerung, von denen viele auch ohne Corona gestorben w\u00e4ren. Und Sie machen auf Panik, fahren mit Ihren Politikerkolleginnen die Wirtschaft herunter, verdonnern das Volk zum Tragen eines sinnlosen und wirkungslosen Maulkorbs, den Sie selbst ungef\u00e4hr so weggeschmissen haben wie Ihre Stasikollegin die Deutschlandflagge.<br \/>\nWie solidarisch werden Sie sich im kommenden Winter geb\u00e4rden, wenn die Folgen des Lockdowns Zehntausende von Menschen ruiniert? F\u00fchlen Sie sich diesbez\u00fcglich auch verantwortlich? Aber nein, dazu haben Sie nun S\u00fcndenb\u00f6cke definiert, denen Sie schon jetzt die Schuld zuweisen. Sie sind ein Pr\u00e4sidentenpilot, der ein Flugzeug steuert, von dem er keine Ahnung hat. Sie handeln unverantwortlich, unsolidarisch und parteiisch. In einer wirklichen Demokratie m\u00fcssten Sie freiwillig zur\u00fccktreten oder Sie w\u00fcrden vom Volk abgesetzt.<br \/>\n4.8.2020, J.C.<\/p>\n","protected":false},"excerpt":{"rendered":"<p>Home\u00a0&gt;Kuscheljustiz\u00a0&gt;Rechtsstaat &gt;Zweierlei &gt;Corona-Justiz &gt;Doppelmoral Listenauswahl eines Beitrags (Artikel\/Datum, Seite\/Inhalt):\u00a0Klicken\u00a0oder scrollen Reichsb\u00fcrger-Prozess: Aus Sicht der Verteidigung nimmt das Verfahren mittlerweile albtraumhafte Z\u00fcge an\u00a0(4.8.2026) Selbstmandatierung und moralische Legitimation im Linksextremismus\u00a0(21.7.2026) Spahn: Doppelmoral Leihmutter\u00a0(17.7.2026) Thomas Hartung: Politische Gewalt statt Schutz der Demokratie\u00a0(20.5.2026) Frauen &hellip; <a href=\"https:\/\/www.freiburg-schwarzwald.de\/blog\/global\/deutschland\/moral2015\/doppelmoral\/\">Weiterlesen <span class=\"meta-nav\">&rarr;<\/span><\/a><\/p>\n","protected":false},"author":2,"featured_media":0,"parent":73590,"menu_order":0,"comment_status":"open","ping_status":"closed","template":"","meta":{"footnotes":""},"class_list":["post-82668","page","type-page","status-publish","hentry"],"_links":{"self":[{"href":"https:\/\/www.freiburg-schwarzwald.de\/blog\/wp-json\/wp\/v2\/pages\/82668","targetHints":{"allow":["GET"]}}],"collection":[{"href":"https:\/\/www.freiburg-schwarzwald.de\/blog\/wp-json\/wp\/v2\/pages"}],"about":[{"href":"https:\/\/www.freiburg-schwarzwald.de\/blog\/wp-json\/wp\/v2\/types\/page"}],"author":[{"embeddable":true,"href":"https:\/\/www.freiburg-schwarzwald.de\/blog\/wp-json\/wp\/v2\/users\/2"}],"replies":[{"embeddable":true,"href":"https:\/\/www.freiburg-schwarzwald.de\/blog\/wp-json\/wp\/v2\/comments?post=82668"}],"version-history":[{"count":6,"href":"https:\/\/www.freiburg-schwarzwald.de\/blog\/wp-json\/wp\/v2\/pages\/82668\/revisions"}],"predecessor-version":[{"id":152287,"href":"https:\/\/www.freiburg-schwarzwald.de\/blog\/wp-json\/wp\/v2\/pages\/82668\/revisions\/152287"}],"up":[{"embeddable":true,"href":"https:\/\/www.freiburg-schwarzwald.de\/blog\/wp-json\/wp\/v2\/pages\/73590"}],"wp:attachment":[{"href":"https:\/\/www.freiburg-schwarzwald.de\/blog\/wp-json\/wp\/v2\/media?parent=82668"}],"curies":[{"name":"wp","href":"https:\/\/api.w.org\/{rel}","templated":true}]}}