{"id":82300,"date":"2020-07-21T07:34:34","date_gmt":"2020-07-21T05:34:34","guid":{"rendered":"https:\/\/www.freiburg-schwarzwald.de\/blog\/?page_id=82300"},"modified":"2026-07-09T09:28:15","modified_gmt":"2026-07-09T07:28:15","slug":"strassenschlacht","status":"publish","type":"page","link":"https:\/\/www.freiburg-schwarzwald.de\/blog\/selbsthilfe\/krise\/gewalt\/strassenschlacht\/","title":{"rendered":"Strassenschlacht"},"content":{"rendered":"<p><a href=\"https:\/\/www.freiburg-schwarzwald.de\/blog\">Home<\/a>\u00a0&gt;<a title=\"Selbsthilfe\" href=\"https:\/\/www.freiburg-schwarzwald.de\/blog\/selbsthilfe\/\">Selbsthilfe<\/a>\u00a0&gt;<a title=\"Krise\" href=\"https:\/\/www.freiburg-schwarzwald.de\/blog\/selbsthilfe\/krise\/\">Krise<\/a>\u00a0&gt;<a title=\"Gewalt\" href=\"https:\/\/www.freiburg-schwarzwald.de\/blog\/selbsthilfe\/krise\/gewalt\/\">Gewalt<\/a>\u00a0&gt;<a title=\"Polizei\" href=\"https:\/\/www.freiburg-schwarzwald.de\/blog\/selbsthilfe\/soziales\/justiz\/polizei\/\">Polizei<\/a>\u00a0&gt;<a title=\"Linke-Gewalt\" href=\"https:\/\/www.freiburg-schwarzwald.de\/blog\/selbsthilfe\/krise\/gewalt\/linke-gewalt\/\">Linke-Gewalt<\/a> &gt;Strassenschlacht<\/p>\n<div id=\"attachment_81656\" style=\"width: 649px\" class=\"wp-caption alignnone\"><a href=\"https:\/\/www.freiburg-schwarzwald.de\/blog\/selbsthilfe\/frauen\/gender\/trans\/fahrrad2blumen-pan2020juni17\/\" rel=\"attachment wp-att-81656\"><img loading=\"lazy\" decoding=\"async\" aria-describedby=\"caption-attachment-81656\" class=\"size-full wp-image-81656\" src=\"https:\/\/www.freiburg-schwarzwald.de\/blog\/wp-content\/uploads\/2020\/06\/fahrrad2blumen-pan2020juni17.jpg\" alt=\"Fahrrad auf dem Mohnfeld am 17. Juni 2020 bei Freiiburg\" width=\"639\" height=\"341\" srcset=\"https:\/\/www.freiburg-schwarzwald.de\/blog\/wp-content\/uploads\/2020\/06\/fahrrad2blumen-pan2020juni17.jpg 639w, https:\/\/www.freiburg-schwarzwald.de\/blog\/wp-content\/uploads\/2020\/06\/fahrrad2blumen-pan2020juni17-180x96.jpg 180w\" sizes=\"auto, (max-width: 639px) 100vw, 639px\" \/><\/a><p id=\"caption-attachment-81656\" class=\"wp-caption-text\">Fahrrad auf dem Mohnfeld am 17. Juni 2020 bei Freiiburg<\/p><\/div>\n<p><strong><br \/>\nParty- und Eventsszene\u00a0 (Stuttgarts OB Fritz Kuhn (Gr\u00fcne))<br \/>\n<\/strong>alias<br \/>\n<strong>Zusammenrottung von integrationsunwilligen Migranten und Linksradikalen zwecks Strassenschlacht bzw. Strassenkampf<\/strong><\/p>\n<p><strong>Strassenschlachten in Stuttgart und anderen St\u00e4dten: <\/strong><br \/>\n<strong>Events f\u00fcr erlebnisorientierte Jugendliche?<\/strong><\/p>\n<p>&nbsp;<\/p>\n<ul>\n<li><em>Listenauswahl eines Beitrags (Artikel\/Datum, Seite\/Inhalt): <span style=\"text-decoration: underline;\">Klicken<\/span> oder scrollen<\/em><\/li>\n<li><a href=\"https:\/\/www.freiburg-schwarzwald.de\/blog\/widersetzen-aber-ohne-gewalt\/\">Widersetzen \u2013 aber ohne Gewalt<\/a>\u00a0(9.7.2026)<\/li>\n<li><a href=\"https:\/\/www.freiburg-schwarzwald.de\/blog\/paris-psg-buergerkrieg-eu\/\">Paris PSG \u2013 B\u00fcrgerkrieg \u2013 EU<\/a>\u00a0(1.6.2026)<\/li>\n<li><a href=\"https:\/\/www.freiburg-schwarzwald.de\/blog\/selbsthilfe\/krise\/gewalt\/jugendgewalt\/\">Diversit\u00e4t am praktischen Beispiel: Montenegriner Gambier Pakistani Syrer Serbe<\/a>\u00a0(23,1,2026)<\/li>\n<li><a href=\"https:\/\/www.freiburg-schwarzwald.de\/blog\/selbsthilfe\/krise\/gewalt\/linke-gewalt\/giessen29nov2025linkegewalt\/\">Gie\u00dfen ist ein Kipppunkt<\/a> (2.12.2025)<\/li>\n<li><a href=\"https:\/\/www.freiburg-schwarzwald.de\/blog\/giessen-der-staat-laesst-gewalt-zu\/\">Gie\u00dfen: Der Staat l\u00e4\u00dft Gewalt zu<\/a> (30.11.2025)<\/li>\n<li><a href=\"https:\/\/www.freiburg-schwarzwald.de\/blog\/silvester-2023-24-friedlich\/\">Silvester 2024 \u2013 friedlich?<\/a>\u00a0(2.1.2024)<\/li>\n<li><a href=\"https:\/\/www.freiburg-schwarzwald.de\/blog\/global\/deutschland\/deutschland-israel\/\">Anti-j\u00fcdische Ausschreitungen in D: Vom Multi-Kulti-Traum in den B\u00fcrgerkrieg<\/a>\u00a0(20.10.2023)<\/li>\n<li><a href=\"https:\/\/www.freiburg-schwarzwald.de\/blog\/free-palestine-from-german-guilt\/\">\u201eFree Palestine from German guilt\u201c<\/a>\u00a0(20.10.2023)<\/li>\n<li>Susanne Schr\u00f6ter: Stra\u00dfenk\u00e4mpfe wie in Paris sind auch in Deutschland m\u00f6glich (12.8.2023)<\/li>\n<li><a href=\"https:\/\/www.freiburg-schwarzwald.de\/blog\/global\/migration\/migranten-benehmen\/\">Orientalisch gepr\u00e4gte m\u00e4nnliche Dominanz<\/a>\u00a0(27.7.2023)<\/li>\n<li><a href=\"https:\/\/www.freiburg-schwarzwald.de\/blog\/in-frankreich-guerre-civile\/\">In Frankreich: Guerre civile<\/a>\u00a0(2.7.2023)<\/li>\n<li><a href=\"https:\/\/www.freiburg-schwarzwald.de\/blog\/arbeit-nachtruhe-vor-party-laerm\/\">Arbeit\/Nachtruhe vor Party\/L\u00e4rm<\/a>\u00a0(19..6.2023)<\/li>\n<li><a href=\"https:\/\/www.freiburg-schwarzwald.de\/blog\/leipzig-linke-gewalt-fuer-lina-e\/\">Leipzig: Linke Gewalt f\u00fcr Lina E.<\/a>\u00a0(6.6.2023)<\/li>\n<li><a href=\"https:\/\/www.freiburg-schwarzwald.de\/blog\/selbsthilfe\/krise\/gewalt\/jugendgewalt\/\">Allahu Akbar-Rufe: Jugendliche beschimpfen Kirchenbesucher<\/a> (13.3.2023)<\/li>\n<li>\u201ePartyszene\u201c war wieder \u201eaktiv\u201c am Wochenende 4-5.3.2023 in HH (6.3.2023)<\/li>\n<li><a href=\"https:\/\/www.freiburg-schwarzwald.de\/blog\/gewaltmonopol-und-integration\/\">Gewaltmonopol und Integration<\/a>\u00a0(9.1.2023)<\/li>\n<li><a href=\"https:\/\/www.freiburg-schwarzwald.de\/blog\/parallelgesellschaften-silvester\/\">Parallelgesellschaften Silvester<\/a> (2.1.2023)<\/li>\n<li><a href=\"https:\/\/www.freiburg-schwarzwald.de\/blog\/regio\/orte\/stuttgart\/\">Waffenverbotszone in Stuttgarter Innenstadt<\/a> (17.12.2022)<\/li>\n<li><a href=\"https:\/\/www.freiburg-schwarzwald.de\/blog\/selbsthilfe\/krise\/gewalt\/krawalle\/\">K<\/a><a href=\"https:\/\/www.freiburg-schwarzwald.de\/blog\/selbsthilfe\/krise\/gewalt\/krawalle\/\">rawalle nach Marokko-Belgien 2:1 in Br\u00fcssel<\/a>\u00a0(27,11.2022)<\/li>\n<li><a href=\"https:\/\/www.freiburg-schwarzwald.de\/blog\/migrantenkrawallle-in-b-und-nl\/\">Migrantenkrawalle in B und NL<\/a> (28.11.2022)<\/li>\n<li><a href=\"https:\/\/www.freiburg-schwarzwald.de\/blog\/antidiskriminierungsbeauftragte\/\">Antidiskriminierungsbeauftragte<\/a>\u00a0(23.6.2022)<\/li>\n<li><a href=\"https:\/\/www.freiburg-schwarzwald.de\/blog\/selbsthilfe\/krise\/gewalt\/partyszene\/\">Partyszene wieder aktiv: Massenschl\u00e4gerei im Berliner Freibad<\/a> (20.6.2022)<\/li>\n<li><a href=\"https:\/\/www.freiburg-schwarzwald.de\/blog\/regio\/orte\/stuttgart\/\">Stuttgarter Innenstadt an Wochenenden: &#8222;migrantisch gepr\u00e4gt &#8230; wie im Affenzirkus&#8220;<\/a> (26.1.2022)<\/li>\n<li><a href=\"https:\/\/www.freiburg-schwarzwald.de\/blog\/religion\/juden\/judenhass2021\/\">\u00dcberfall auf 18-J\u00e4hrigen in K\u00f6ln, weil er eine Kippa trug<\/a>\u00a0(24.8.2021)<\/li>\n<li><a href=\"https:\/\/www.freiburg-schwarzwald.de\/blog\/jugend-kompetenz-oder-nix\/\">Jugend: Kompetenz oder nix als Geringqualifikation?<\/a>\u00a0(10.7.2021)<\/li>\n<li>Stuttgart: Hunderte Jugendliche randalieren \u2013 Verletzte Polizisten (30.5.2021)<\/li>\n<li><a href=\"https:\/\/www.freiburg-schwarzwald.de\/blog\/journos-helfen-journos-appell\/\">Journalisten helfen Journalisten \u2013 Appell<\/a>\u00a0(7.4.2021)<\/li>\n<li><a href=\"https:\/\/www.freiburg-schwarzwald.de\/blog\/grundrechte-demo-in-stuttgart\/\">Grundrechte-Demo in Stuttgart<\/a>\u00a0(5.4.2021)<\/li>\n<li><a href=\"https:\/\/www.freiburg-schwarzwald.de\/blog\/selbsthilfe\/krise\/gewalt\/linke-gewalt\/\">Gewaltkriminalit\u00e4t von links und Islam nehmen zu<\/a>\u00a0(28.10.2020)<\/li>\n<li><a title=\"Berlin-Demo29-8-2020\" href=\"https:\/\/www.freiburg-schwarzwald.de\/blog\/engagement\/zukunft\/demokratie\/berlin-demo29-8-2020\/\">Ank\u00fcndigung: Berlin invites EUROPE am 29.8.2020<\/a>\u00a0(18.8.2020)<\/li>\n<li><a title=\"Berlin-Demo: Tag der Freiheit\" href=\"https:\/\/www.freiburg-schwarzwald.de\/blog\/berlin-demo-tag-der-freiheit\/\">Berlin-Demo \u201cTag der Freiheit\u201d am 1.8.2020<\/a>\u00a0(5.8.2020)<\/li>\n<li>Massenkrawalle von Migranten: Die Verachtung kommt von au\u00dfen und innen (31.7.2020)<\/li>\n<li><a title=\"Stuttgart16Mai2020LinkeGewalt\" href=\"https:\/\/www.freiburg-schwarzwald.de\/blog\/selbsthilfe\/krise\/gewalt\/linke-gewalt\/stuttgart16mai2020linkegewalt\/\">Boris Palmer: Nach Stuttgart und Frankfurt \u201cIch bin f\u00fcr n\u00e4chtliche Ausgangssperren\u201d<\/a> (26.7.2020)<\/li>\n<li>Nach Krawallen: Palmer schreibt Brandbrief zu \u201ejungen gefl\u00fcchteten M\u00e4nnern\u201c &#8211; und fordert Pflicht-Dienst (22.7.)<\/li>\n<li><a title=\"Partyszene randaliert in S und F\" href=\"https:\/\/www.freiburg-schwarzwald.de\/blog\/partyszene-randaliert-in-s-und-f\/\">Partyszene randaliert in S und F<\/a> (21.7.2020)<\/li>\n<li>Polizist schreibt Brandbrief &#8211; \u00dcberweigend junge M\u00e4nner mit Migrationshintergrund&#8216; (20.6.2020)<\/li>\n<li>Migrations-Debatte zum Opernplatz\u00a0\u00fcberhaupt nicht notwendig? (20.7.2020)<\/li>\n<li>Rainer Wendt: Die Krawalle von Frankfurt werden keine Einzelf\u00e4lle bleiben (20.7.2020)<\/li>\n<li>Frankfurter Opernplatz: Ausschreitungen und Festnahmen nach Angriffen auf Polizisten (19.7.2020)<\/li>\n<li><a title=\"Stuttgart16Mai2020LinkeGewalt\" href=\"https:\/\/www.freiburg-schwarzwald.de\/blog\/selbsthilfe\/krise\/gewalt\/linke-gewalt\/stuttgart16mai2020linkegewalt\/\">Boris Palmer: Keine Partyszene, sondern Gewaltbereite mit Migrationsvordergrund<\/a> (11.7.2020)<\/li>\n<li><a title=\"Stuttgarter Sommern\u00e4chte\" href=\"https:\/\/www.freiburg-schwarzwald.de\/blog\/stuttgarter-sommernaechte\/\">Stuttgarter Sommern\u00e4chte<\/a> (21.6.2020)<\/li>\n<li><a title=\"Verwandtschaft in den USA\" href=\"https:\/\/www.freiburg-schwarzwald.de\/blog\/verwandtschaft-in-den-usa\/\">Verwandtschaft in den USA<\/a>\u00a0(4.6.2020)<\/li>\n<li><a title=\"Paralleljustiz\" href=\"https:\/\/www.freiburg-schwarzwald.de\/blog\/selbsthilfe\/soziales\/justiz\/paralleljustiz\/\">Physische wie verbale Gewalt gegen AfD: \u201eDie haben Blut geleckt, die wollen mehr\u201d (FAZ zur AfD)<\/a>\u00a0(9.4.2020)<\/li>\n<li><a title=\"Coronavirus: Opfer oder Crash?\" href=\"https:\/\/www.freiburg-schwarzwald.de\/blog\/coronavirus-opfer-oder-crash\/\">Nazis mit Corona anhusten (Max Czollek wie auch Jutta Ditfurth)<\/a>\u00a0(27.3.2020)<\/li>\n<li><a title=\"Die Linke: Reiche erschiessen\" href=\"https:\/\/www.freiburg-schwarzwald.de\/blog\/die-linke-reiche-erschiessen\/\">Die Linke: Reiche erschiessen<\/a>\u00a0(5.3.2020)<\/li>\n<li><a title=\"Extremismus\" href=\"https:\/\/www.freiburg-schwarzwald.de\/blog\/engagement\/zukunft\/demokratie\/extremismus\/\">439 rechtsextreme und 470 linksextreme Gewalttaten in 2019<\/a>\u00a0(28.1.2020)<\/li>\n<li>Auto von \u201eB.Z.\u201c-Journalist Gunnar Schupeliu in Brand gesetzt (2.1.2020)<\/li>\n<li><a title=\"Schweigen zu Augsburg: Nein\" href=\"https:\/\/www.freiburg-schwarzwald.de\/blog\/schweigen-zu-augsburg-nein\/\">Schweigen zu Augsburg: Nein<\/a>\u00a0(12.12.2019)<\/li>\n<li><a title=\"Kunstfreiheit\" href=\"https:\/\/www.freiburg-schwarzwald.de\/blog\/kultur\/kunst\/kunstfreiheit\/\">Zentrum f\u00fcr Politische Sch\u00f6nheit: Instrumentalisierung des Holocaust<\/a>\u00a0(4.12.2019)<\/li>\n<li><a title=\"Klonovsky\" href=\"https:\/\/www.freiburg-schwarzwald.de\/blog\/kultur\/dichter\/klonovsky\/\">Klonovsky: Die Linke \u2013 vom Gegenpart zum Parasit des Kapitalismus<\/a>\u00a0 (28.11.2019)<\/li>\n<li><a title=\"Liberte de Communication en F\" href=\"https:\/\/www.freiburg-schwarzwald.de\/blog\/liberte-de-communication-en-f\/\">Liberte de Communication en F<\/a>\u00a0(16.11.2019)<\/li>\n<li><\/li>\n<li><a title=\"Berlin-Demo29-8-2020\" href=\"https:\/\/www.freiburg-schwarzwald.de\/blog\/engagement\/zukunft\/demokratie\/berlin-demo29-8-2020\/\">Berlin-Demo29-8-2020<\/a><\/li>\n<li><a href=\"https:\/\/www.freiburg-schwarzwald.de\/blog\/selbsthilfe\/krise\/gewalt\/linke-gewalt\/erfurt4juli2026afd-parteitag\/\">Erfurt4Juli2026-AfD-Parteitag<\/a><\/li>\n<li><a href=\"https:\/\/www.freiburg-schwarzwald.de\/blog\/selbsthilfe\/krise\/gewalt\/linke-gewalt\/giessen29nov2025linkegewalt\/\">Gie\u00dfen29Nov2025LinkeGewalt<\/a><\/li>\n<li><a href=\"https:\/\/www.freiburg-schwarzwald.de\/blog\/selbsthilfe\/krise\/gewalt\/krawalle\/\">Krawalle<\/a><\/li>\n<li><a href=\"https:\/\/www.freiburg-schwarzwald.de\/blog\/selbsthilfe\/krise\/gewalt\/partyszene\/\">Partyszene<\/a><\/li>\n<li><a title=\"Querdenken\" href=\"https:\/\/www.freiburg-schwarzwald.de\/blog\/engagement\/zukunft\/demokratie\/opposition\/querdenken\/\">Querdenken<\/a><\/li>\n<li><a href=\"https:\/\/www.freiburg-schwarzwald.de\/blog\/regio\/orte\/stuttgart\/\">Stuttgart<\/a><\/li>\n<li><a href=\"https:\/\/www.freiburg-schwarzwald.de\/blog\/selbsthilfe\/krise\/gewalt\/linke-gewalt\/stuttgart16mai2020linkegewalt\/\">Stuttgart16Mai2020LinkeGewalt<\/a><\/li>\n<\/ul>\n<p>&nbsp;<\/p>\n<p><strong>Die meisten Migranten leben und arbeiten hier gerne und gewaltfrei<br \/>\n<\/strong>Deshalb ist es gerade in ihrem Sinne, die wenigen Gewaltbereiten von ihrem Tun abzubringen. Durch Benennen und Ahnden von Gewalttaten sowie durch Pr\u00e4vention und Aufkl\u00e4rung.<br \/>\nAlle Migranten, die ich kenne, sind best\u00fcrzt \u00fcber die vom BKA gemeldete Zunahme der migrantischen Gewalt und deren Verschweigen bzw. Kleinreden. Diesen mu\u00df geholfen werden. <strong><br \/>\n.<br \/>\n<\/strong><strong>B\u00f6llern?<\/strong><br \/>\n&#8222;Erinnert ihr euch an damals, als uns erz\u00e4hlt wurde, wir sollten wegen der traumatisierten Fl\u00fcchtlinge auf das <a href=\"https:\/\/www.freiburg-schwarzwald.de\/blog\/parallelgesellschaften-silvester\/\">B\u00f6llern verzichten<\/a>? Ja, ich lache auch immer noch&#8220;<br \/>\n31.12.2022, <a href=\"https:\/\/www.freiburg-schwarzwald.de\/blog\/business\/gesund\/corona-virus\/corona-migration\/\">Anabel Schunke<\/a>, auf Twitter<br \/>\n.<br \/>\n<strong>Faeser&#8217;s &#8222;Gute Politik&#8220;:<\/strong><br \/>\n<em>\u201eGute Politik muss klar benennen, was ist: Wir haben in deutschen Gro\u00dfst\u00e4dten ein Problem mit bestimmten jungen M\u00e4nnern mit Migrationshintergrund, die unseren Staat verachten, Gewalttaten begehen und mit Bildungs- und Integrationsprogrammen kaum erreicht werden.\u201c<\/em> Dieser erstaunlich ehrliche Statement von Innenministerin Nancy Faser (SPD) vier Tage nach der Silvesternacht 2022\/23 zeigt zweierlei:<br \/>\n1) Die bisherige Migrationspolitik seit 2015 ist gescheitert.<br \/>\n2) \u201eGute Politik\u201c darf nicht beim Benennen stehenbleiben, sondern es m\u00fcssen nun Taten folgen.<br \/>\n4.1.2023<br \/>\n=============================================================<br \/>\n.<\/p>\n<p><strong>Susanne Schr\u00f6ter: Stra\u00dfenk\u00e4mpfe wie in Paris sind auch in Deutschland m\u00f6glich<\/strong><br \/>\nDie Ethnologie-Professorin Susanne Schr\u00f6ter wirft Politikern Realit\u00e4tsverweigerung in der Migrations- und Integrationsfrage vor. Ein Gespr\u00e4ch \u00fcber Islamismus, Clankriminalit\u00e4t und die Frage, wie weit Deutschland noch von gewaltt\u00e4tigen Ausschreitungen wie in Frankreich entfernt ist.<br \/>\nDie Islamforscherin <a href=\"https:\/\/www.freiburg-schwarzwald.de\/blog\/palmer-n-wort-und-nazi-etikett\/\">Susanne Schr\u00f6ter<\/a> h\u00e4lt auch in Deutschland Ausschreitungen und Stra\u00dfenk\u00e4mpfe wie in Paris und Br\u00fcssel f\u00fcr m\u00f6glich. \u201eIn vielen Banlieues haben Salafisten die Macht \u00fcbernommen und eine gegen Frankreich gerichtete Gegengesellschaft aufgebaut. So weit ist es in Deutschland noch nicht. Aber Ans\u00e4tze \u00e4hnlicher Strukturen existieren auch bei uns, und ich sehe nicht, dass irgendjemand etwas dagegen unternimmt\u201c, bem\u00e4ngelt Prof. Schr\u00f6ter im Gespr\u00e4ch mit dem Monatsmagazin Tichys Einblick. Es g\u00e4be auch in Deutschland \u201eGemeinschaften, die nicht ankommen wollen, weil sie unsere Gesellschaft zutiefst ablehnen. Sie sind trotz unserer Werte und nicht ihretwegen gekommen.\u201c<br \/>\nMit dem Vorwurf des Rassismus werde jedoch eine offene Diskussion in Deutschland verhindert. \u201eEs ist ein gro\u00dfes Problem, dass die Beschreibung der Realit\u00e4t unter Verdacht gestellt wird, wenn sie Schattenseiten der Migration beinhaltet. Kollegen werden als Rassisten angegriffen, weil sie empirisch belegt haben, dass Muslime sich schlechter integrieren als Angeh\u00f6rige anderer Religionsgemeinschaften. Was nicht bedeutet, dass jeder Mensch muslimischen Glaubens schlecht integriert ist. Es ist nur eben eine nachweisbare statistische Evidenz.&#8220;<br \/>\n&#8230; Alles vom 12.8.2023 von Susanne Schr\u00f6ter bitte lesen auf<br \/>\n<a href=\"https:\/\/www.tichyseinblick.de\/daili-es-sentials\/te-09-2023-interview-susanne-schroeter\/\">https:\/\/www.tichyseinblick.de\/daili-es-sentials\/te-09-2023-interview-susanne-schroeter\/<\/a><\/p>\n<p>&nbsp;<\/p>\n<p><strong>\u201ePartyszene\u201c war wieder \u201eaktiv\u201c am Wochenende 4-5.3.2023<\/strong><br \/>\nIn mehreren St\u00e4dten, darunter Hamburg, Essen und Bremen kam es am Wochenende zu Randalen und Ausschreitungen von Jugendlichen mit der Polizei. Videos im Internet belegen die Szenen und zeigen, dass es sich bei den Randalierern \u00fcberwiegend um junge \u201eM\u00e4nner mit Migrationshintergrund\u201c handelt, wie man das neudeutsch nennt \u2013 wenn man nicht gleich von \u201ePartyszene\u201c spricht.<br \/>\n<a href=\"https:\/\/twitter.com\/i\/status\/1632317914832334851\">https:\/\/twitter.com\/i\/status\/1632317914832334851<\/a><br \/>\nDiesen Begriff pr\u00e4gte die Polizei 2020 nach heftigen Ausschreitungen durch einen migrantischen Mob in Stuttgart 2020. Er wurde seither zum Sinnbegriff f\u00fcr Verschleiern und Wegsehen. Ebenso wie die Bezeichnung der T\u00e4ter als \u201eerlebnisorientierte Jugendliche\u201c.Heftige Randale in mehreren St\u00e4dten<br \/>\n&#8230; Alles vom 6.3.2023 bitte lesen auf<br \/>\n<a href=\"https:\/\/reitschuster.de\/post\/partyszene-war-wieder-aktiv-am-wochenende\/\">https:\/\/reitschuster.de\/post\/partyszene-war-wieder-aktiv-am-wochenende\/<\/a><\/p>\n<p>.<\/p>\n<p><strong>Stuttgart: Hunderte Jugendliche randalieren \u2013 Verletzte Polizisten und Festnahmen<\/strong><br \/>\nIn Stuttgart kam es am Samstagabend zu Ausschreitungen zwischen Jugendlichen und der Polizei.<br \/>\n&#8230; Alles vom 30.5.2021 bitte lesen auf<br \/>\n<a href=\"https:\/\/www.tichyseinblick.de\/daili-es-sentials\/stuttgart-polizisten-verletzt-randale-hunderte-jugendliche\/\">https:\/\/www.tichyseinblick.de\/daili-es-sentials\/stuttgart-polizisten-verletzt-randale-hunderte-jugendliche\/<\/a><br \/>\n<a href=\"https:\/\/www.youtube.com\/watch?v=PFtZjUuOrGw\">https:\/\/www.youtube.com\/watch?v=PFtZjUuOrGw<\/a> &#8211; DIE WELT<br \/>\n<a href=\"https:\/\/www.youtube.com\/watch?v=unsCWte3tX8\">https:\/\/www.youtube.com\/watch?v=unsCWte3tX8<\/a><br \/>\n<a href=\"https:\/\/www.youtube.com\/watch?v=2mN-DB4KJHM\">https:\/\/www.youtube.com\/watch?v=2mN-DB4KJHM<\/a><\/p>\n<p>Kommentare:<br \/>\n<strong>Ali, Abdul, Sayat usw<\/strong><br \/>\nhallo, wir waren selber kurz vor Ort f\u00fcr 15 Minuten um uns das Theater anzuschauen. Es waren nicht 90 sondern 95 % und die trugen nicht die Namen Peter, Heinz, Max und G\u00fcnther, sondern Ali,Abdul,Sayat usw.<br \/>\nEinfach nur noch zum Kotzen was hier abgeht. Und dann kommt garantiert wieder die Trulla von Baden W\u00fcrttemb.Polizeipr\u00e4sidentin um die Ecke und labert was von Event &#8230;<br \/>\n1.6.2021, Ten<\/p>\n<p><strong>Licht am Ende des Tunnels ?<\/strong><br \/>\nDer Artikel geht darauf nicht ein, aber mich w\u00fcrde wirklich interessieren: Sind das in der Mehrheit Jugendliche mit Migrationshintergrund oder geb\u00fcrtige Deutsche? Wenn es n\u00e4mlich so w\u00e4re, dass deutsche Jugendliche sich diesen Diktaturtanz nicht mehr gefallen lassen, w\u00fcrde ich ein Licht am Ende des Tunnels sehen.<br \/>\n1.6.2021, Son<\/p>\n<p><strong>Also ehrlich, wie blind mu\u00df man sein wenn man die Bilder sieht,<\/strong><br \/>\nnicht erkennen zu wollen \u2013 mu\u00df man ja schon sagen \u2013 das diese so gern in MerkelFDJ-\u00d6R-sprech umgeframten \u201eJugendlichen\u201c zu 95% Einwanderer oder Einwandererkinder sind! Das erinnert an so viele andere Realit\u00e4tsverbiegungen in allen herrschenden Sozialismen!<br \/>\n1.6.2021, Hav<\/p>\n<p><strong>Der Migrantenanteil d\u00fcrfte bei 80% liegen<\/strong><br \/>\nUnd was machen wir, alle \u00fcber einen Kamm scheren, so wie immer?<br \/>\nNeue Vorschriften f\u00fcr uns, der Rest macht weiter wie gehabt, wir wollen ja keinen Rassismus.<br \/>\n1.6.2021, Mik<\/p>\n<p><strong>Das unterscheidet den nah\u00f6stlichen Migranten eben vom Biodeutschen<\/strong><br \/>\nW\u00e4hrend der Biodeutsche jeden Schwachsinn widerspruchslos hinnimmt und vor dem Staat M\u00e4nnchen macht, kann ich die Verachtung der Stattsgewalt seitens der Migranten an der Stelle durchaus verstehen.<br \/>\nWenn man sich in der Mitte zwischen bedingungslosem Gehorsam und v\u00f6lliger Verachtung der staatlichen Regeln treffen k\u00f6nnte, w\u00e4re das in Zeiten zunehmender staatlicher G\u00e4ngelung durchaus ein Gewinn f\u00fcr eine freie Gesellschaft. Mein Mitleid mit der Polizei, die jeden Schwachsinn kritiklos durchsetzt, h\u00e4lt sich arg in Grenzen. Das wird ein hei\u00dfer Sommer werden, wenn die Politik die v\u00f6llig \u00fcberzogenen Freiheitsenschr\u00e4nkungen nicht schleunigst f\u00fcr beendet erkl\u00e4rt. Das Ganze k\u00f6nnte Deutschland m\u00e4chtig um die Ohren fliegen.<br \/>\n1..6.2021, D.P.<\/p>\n<p><strong>Das Wort &#8222;Migrant&#8220; ist \u00fcberfl\u00fcssig<\/strong><br \/>\nFolgende Stichw\u00f6rter reichen um die Meldung einzuordnen: Hunderte Jugendliche (bzw. junge M\u00e4nner), aggressiv, aufgeheizte Stimmung, Party. Noch Fragen?<br \/>\n1.6.2021, Jer<\/p>\n<p><strong>\u00dcberwiegend junge (nah\u00f6stliche) M\u00e4nner &#8230;<\/strong><br \/>\nIch habe die Bilder und Videos gesehen dieser \u201c erlebnisorientierten Partyszene\u201c, die in Stuttgart, Hamburg, Weiden, Regensburg und Leipzig mit lauter Musik und Alkohol Samstag Nacht gefeiert hat. \u00dcberwiegend junge (nah\u00f6stliche) M\u00e4nner, in die sich nur wenig Frauen reingetraut haben. Fr\u00f6hlich selbstbewusst, wie \u00fcblich Regeln ignorierend und sofort aggressiv, wenn unsere Polizisten versuchten f\u00fcr Ordnung zu sorgen. Diese Machos werden uns noch l\u00e4nger Probleme bereiten.<br \/>\nDie Polizisten jedenfalls m\u00fcssen den Kopf hinhalten, wenn einige davon verletzt wurden, weil sie vom Mob mit Flaschen beworfen wurden. Welcome in Germany.<br \/>\n1.6.2021, Fel<\/p>\n<p><strong>Wenn die Polizei den R\u00fcckhalt der Bev\u00f6lkerung verliert<\/strong><br \/>\n\u2013 also insbes. der einfachen Leute, die t\u00e4glich malochen, und von deren Steuergelder diese B\u00fcttel finanziert werden (Beamtensold, Pension) \u2013 dann liegt das nicht an der Bev\u00f6lkerung.<br \/>\n1.6.2021, Tes<br \/>\nEnde Kommentare<\/p>\n<p>&nbsp;<\/p>\n<p>&nbsp;<\/p>\n<p><strong>Massenkrawalle von Migranten: Die Verachtung kommt von au\u00dfen und innen<\/strong><br \/>\nDie Meldungen \u00fcber Massenrandale h\u00e4ufen sich. Als Verursacher werden \u201eParty-\u201c oder \u201eEventszenen\u201c, \u201ePersonengruppen\u201c oder einfach nur \u201eM\u00e4nner\u201c namhaft gemacht. Doch das L\u00fcgendeutsch der politisch-medialen Wahrheitssysteme ist leicht zu entschl\u00fcsseln. Die ethnischkulturell grundierten Krawalle beschr\u00e4nken sich nicht auf Gro\u00dfst\u00e4dte wie Stuttgart, Frankfurt oder K\u00f6ln. Sogar die \u201edunkeldeutsche\u201c Provinz wird von den Errungenschaften der bunten Republik eingeholt. Im idyllischen Rheinsberg in Brandenburg, das Kurt Tucholsky zu seinem \u201eBilderbuch f\u00fcr Verliebte\u201c inspirierte, haben gerade Tschetschenen und t\u00fcrkische \u201eGraue W\u00f6lfe\u201c den Einheimischen gemeinsam ihre<br \/>\nSchlagkraft vorgef\u00fchrt.<br \/>\nDie tempor\u00e4re Landnahme findet auf zentralen Pl\u00e4tzen\u00a0deutscher Kommunen statt. Darin liegt ihre neue Qualit\u00e4t<br \/>\nund Wirkung \u00fcber den Moment und konkreten Ort hinaus\u00a0Der breitbeinigen Machtdemonstration und vorgreifenden<br \/>\nReviermarkierung hat die pazifizierte deutsche Rentnergesellschaft wenig mehr entgegenzusetzen als den R\u00fcckzug in<br \/>\ndie Nische.\u00a0Im Verhalten der Randalierer liegt viel Verachtung f\u00fcr\u00a0den Staat und die Deutschen \u00fcberhaupt, doch der Vorgang\u00a0hat zwei Beteiligte: die Ver\u00e4chter und diejenigen, die ihnen die Gr\u00fcnde liefern. Die SPD-Ministerpr\u00e4sidentin von<br \/>\nRheinland-Pfalz, \u201eMalu\u201c Dreyer, empfiehlt der Polizei, sich\u00a0zur\u00fcckzuhalten, <em><strong>also Beihilfe zur Gesetzlosigkeit zu leisten<\/strong><\/em>.<br \/>\nAndererseits \u2013 was soll Frau Dreyer denn sonst sagen? Zugeben, da\u00df ihr politisches Leben ein historischer Irrtum war<br \/>\nund sie einen Tr\u00fcmmerhaufen angerichtet hat?<br \/>\nIm rot-rot-gr\u00fcn regierten Berlin ist man schon einen\u00a0Schritt weiter. Hier m\u00fcssen die Clans sich nicht vor der Polizei f\u00fcrchten; die Polizei mu\u00df sich aufgrund eines Antidiskriminierungsgesetzes vor den Clans rechtfertigen. Bei der<br \/>\nKonstituierung eines neuen Ordnungsstaates werden sie ein gewichtiges Wort mitzureden haben. Das Springer-Blatt Welt am Sonntag bleibt trotzdem auf Merkel-Linie und verk\u00fcndet: \u201eRandale in der neuen Heimat\u201c.<br \/>\nBl\u00f6dsinn! Die Heimat, der Zusammenhang von Ortung und vertrauter Ordnung, wird durch die Implementierung des Nomadentums zerst\u00f6rt. Spengler beh\u00e4lt also recht. Nur verludern die gro\u00dfen St\u00e4dte heute nicht durch Leerzug, sondern durch prek\u00e4re Neuaufsiedlungen. Der Au\u00dfendruck ist so wirkungsvoll, weil er auf einen destruktiven Vorsatz im Innern trifft. Als seine Vertreter z\u00e4hlt Spengler auf gescheiterte Akademiker, Abenteurer, Spekulanten, Tagediebe, \u201euntermischt mit ein paar traurigen Schw\u00e4rmern f\u00fcr irgendwelche abstrakten Ideale\u201c und gekennzeichnet durch \u201edie Abwesenheit aller Instinkte f\u00fcr Ehre und Pflicht &#8230;\u201c Dabei ist es geblieben.<br \/>\n&#8230; Alles vom 31.7.2020 von Thorsten Hinz bitte lesen in der JF 32\/20, Seite 1<\/p>\n<p>.<\/p>\n<p>&nbsp;<\/p>\n<p><strong>Nach Krawallen: Palmer schreibt Brandbrief zu \u201ejungen gefl\u00fcchteten M\u00e4nnern\u201c &#8211; und fordert Pflicht-Dienst<\/strong><br \/>\nDas schreiben der T\u00fcbinger OB <a title=\"Palmer\" href=\"https:\/\/www.freiburg-schwarzwald.de\/blog\/vereine\/partei\/gruene\/palmer\/\">Palmer<\/a> sowie die Rathauschefs von Schw\u00e4bisch Gm\u00fcnd (Ostalbkreis) und Schorndorf (Rems-Murr-Kreis), Richard Arnold (CDU) und Matthias Klopfer (SPD), in dem am Dienstag ver\u00f6ffentlichten Brief.<br \/>\n\u201eUnter den Gefl\u00fcchteten gibt es eine kleine Gruppe gewaltbereiter junger M\u00e4nner, die eine starke Dominanz im \u00f6ffentlichen Raum aus\u00fcben und weit \u00fcberdurchschnittlich an schweren Straftaten insbesondere der sexuellen Gewalt und K\u00f6rperverletzung beteiligt sind\u201c, hei\u00dft es darin weiter. Bahnh\u00f6fe und \u00f6ffentliche Pl\u00e4tze jeder Mittelstadt im Land seien inzwischen gepr\u00e4gt von einem Milieu \u201enicht integrierter, h\u00e4ufig mit Kleinkriminalit\u00e4t und Straftaten in Verbindung zu bringender junger gefl\u00fcchteter M\u00e4nner\u201c.<br \/>\n&#8230; Alles vom 22.7.2020 bitte lesen auf<br \/>\n<a href=\"https:\/\/www.kreiszeitung.de\/politik\/krawalle-palmer-pflichtdienst-fluechtlinge-maenner-asylbewerber-brief-kretschmann-gruene-zr-13839954.html\">https:\/\/www.kreiszeitung.de\/politik\/krawalle-palmer-pflichtdienst-fluechtlinge-maenner-asylbewerber-brief-kretschmann-gruene-zr-13839954.html<br \/>\n<\/a>.<\/p>\n<p><strong>Hier die Dokumentation des offenen Briefs der drei Oberb\u00fcrgermeister im Wortlaut:<\/strong><br \/>\nSehr geehrter Herr Ministerpr\u00e4sident, sehr geehrter Herr Innenminister,<br \/>\nmit gro\u00dfer Sorge verfolgen wir Oberb\u00fcrgermeister nicht erst seit der j\u00fcngsten Krawallnacht in Stuttgart oder jetzt am Wochenende in Frankfurt am Main die zunehmende Aggressivit\u00e4t und Respektlosigkeit von Gruppen mit Jugendlichen und jungen Erwachsenen in unseren St\u00e4dten. Vor allem die Begegnung mit Einsatzkr\u00e4ften der Polizei, den Rettungsdiensten und der Feuerwehr, mit den Mitarbeiterinnen und Mitarbeitern in den Verwaltungen in unseren St\u00e4dten, aber auch die Auseinandersetzungen und Kontakte in unserem Alltag generell, sind hier gepr\u00e4gt von Provokation, mangelnder Kommunikationsf\u00e4higkeit, einem schw\u00e4bisch gesagt unversch\u00e4mten &#8222;Rotzbuben-Gehabe&#8220; und \u2013 in j\u00fcngster Zeit wachsend \u2013 auch von purer Gewaltbereitschaft. Wir sind hier mit Ihnen einer Meinung: Dies d\u00fcrfen wir nicht l\u00e4nger hinnehmen!<br \/>\nWir Oberb\u00fcrgermeister sind uns als Experten der Stadtgesellschaften vor Ort aber auch dar\u00fcber im Klaren, dass wir in dieser Diskussion mit einer pauschalen, dumpfen Brandmarkung junger Menschen als fanatisierte, marodierende Ausl\u00e4nderhorden so wenig weiterkommen wie mit einer von der eigenen Moral berauschten sozialp\u00e4dagogischen Betreuungsromantik. Das Ausblenden und Tabuisieren von kulturellen, sozialen, religi\u00f6sen und famili\u00e4ren &#8222;Karrieren&#8220; solcher st\u00e4dtischen Stressgruppen hilft uns genauso wenig, wie die von Ideologie getragene Fixierung auf Gruppenmerkmale und Vorurteile. Beides macht es sich zu einfach. Aus unserer Sicht bedarf es dabei zweier Antworten:<br \/>\nZum einen die des Rechtsstaats: Wir teilen Ihre Ansicht, dass wir hier konsequent mit den Mitteln der Polizei und der Justiz reagieren m\u00fcssen! Unsere Gesetze, unsere hervorragend ausgebildeten Mitarbeiterinnen und Mitarbeiter und unsere Strukturen in Baden-W\u00fcrttemberg bieten alle M\u00f6glichkeiten, angemessen, abgestuft, deutlich und mit Nachdruck gegen Gewalt, Vandalismus und Aggression vorzugehen und die Einhaltung von Regeln und Gesetzen durchzusetzen. Hier braucht der Staat, hier brauchen wir nicht neue Gesetze, sondern mehr Selbstbewusstsein, Mut und vor allem schnelles Handeln und eine schnelle Verurteilung nach begangene Straftaten. Von unserer Seite dazu ein klares Wort: Wir Oberb\u00fcrgermeister stehen hinter unseren Polizistinnen und Polizisten im S\u00fcdwesten!<br \/>\nDas allein ist aber nicht genug. Wir m\u00fcssen auch ehrlich und offen nach den Ursachen der \u00e4hnlich gelagerten Gewaltausbr\u00fcche in Stuttgart und Frankfurt fragen. Es scheint plausibel, dass der Frust \u00fcber die Freiheitsbeschr\u00e4nkungen in der Corona-Zeit dabei eine Rolle gespielt hat. Ebenso spricht manches f\u00fcr die These, die Debatte \u00fcber Rassismus bei der Polizei nach dem schrecklichen Tod des US-Amerikaners George Floyd, habe zur Wut auch auf unsere Beamten beigetragen. Ein Aspekt findet jedoch in der Debatte bisher kaum Beachtung: Die Rolle von Gefl\u00fcchteten bei der Entstehung einer gewaltbereiten Szene in der Stuttgarter Innenstadt.<br \/>\nBisher ist bekannt, dass neun von 24 in der Nacht fest genommenen jungen M\u00e4nner einen &#8222;Fl\u00fcchtlingsbezug&#8220; haben, also als Asylbewerber ins Land gekommen sind. Viele Tatverd\u00e4chtige sollen einschl\u00e4gig bei der Polizei bekannt sein.<br \/>\n.<br \/>\nAuf Videos und Fotos aus der Krawallnacht kann man erkennen, dass auch viele weitere Beteiligte an den Krawallen zu dieser Gruppe geh\u00f6ren k\u00f6nnten. In dieselbe Richtung deuten Aussagen der Polizei, wonach in den letzten Wochen bei Kontrollen in der Stuttgarter Innenstadt 70% der Probleme auf dort versammelte junge M\u00e4nner mit Fl\u00fcchtlingsbezug entfallen seien. Es ist keine Stammbaumforschung, sondern notwendige Pr\u00e4ventionsarbeit, das pr\u00e4zise zu analysieren.<br \/>\nWir halten das jedenfalls nicht f\u00fcr einen Zufall, sondern f\u00fcr die Fortsetzung eines Musters, dass bei vielen Straftaten der letzten Jahre erkennbar war: Unter den Gefl\u00fcchteten gibt es eine kleine Gruppe gewaltbereiter junger M\u00e4nner, die eine starke Dominanz im \u00f6ffentlichen Raum aus\u00fcben und weit \u00fcberdurchschnittlich an schweren Straftaten insbesondere der sexuellen Gewalt und K\u00f6rperverletzung beteiligt sind. Die Polizeiliche Kriminalstatistik des Bundeskriminalamts best\u00e4tigt, dass es sich dabei nicht um Einzelf\u00e4lle handelt, sondern um ein strukturelles Problem mit etwa 50.000 Mehrfachstraft\u00e4tern unter den Gefl\u00fcchteten.<br \/>\nUnsere Erfahrung mit diesen jungen M\u00e4nnern sagt uns: Das ist kein Problem der Landeshauptstadt. In jeder Mittelstadt in Baden-W\u00fcrttemberg hat sich mittlerweile ein Milieu nicht integrierter, h\u00e4ufig mit Kleinkriminalit\u00e4t und Straftaten in Verbindung zu bringender junger gefl\u00fcchteter M\u00e4nner gebildet, das an Bahnh\u00f6fen und \u00f6ffentlichen Pl\u00e4tzen zusammenkommt.<br \/>\nVon diesen sind mittlerweile viele nicht mehr f\u00fcr Sozial- oder Integrationsangebote erreichbar. Daf\u00fcr ist neben Traumatisierung und Gewalterfahrungen auch eine herkunftsgepr\u00e4gte M\u00e4nnlichkeitskultur verantwortlich. In vielen F\u00e4llen paart sich diese mit Entt\u00e4uschungen und Frustrationen \u00fcber die Realit\u00e4t ihres Lebens in Deutschland. Sie f\u00fchlen sich nicht angenommen, sehen keine Perspektiven, oft wegen fehlender Aussicht auf Anerkennung v\u00f6llig zurecht, haben keine Bet\u00e4tigung und k\u00f6nnen keine positiven Selbsterfahrungen machen. Eine gef\u00e4hrliche Mischung, die auch bei Ur-Gm\u00fcndern, Ur-Schorndorfern und Ur-T\u00fcbingern zur Gefahr f\u00fcr die Allgemeinheit werde m\u00fcsste. Wir haben Ihnen diese Problematik schon im Jahr 2017 vorgetragen und f\u00fcr einen doppelten Spurwechsel pl\u00e4diert. Einerseits, so unsere Auffassung, m\u00fcssen auch die Fl\u00fcchtlinge ohne Aussicht auf Anerkennung eine Perspektive erhalten. Die Mehrheit ist nun mehr als vier Jahre im Land, Abschiebungen sind nur noch bei wenigen zu erwarten. Statt Arbeitsverboten w\u00e4ren sinnvolle Bet\u00e4tigungsfelder f\u00fcr diese jungen M\u00e4nner notwendig. In Gm\u00fcnd haben wir sehr gute Erfahrungen damit gemacht, junge M\u00e4nner am Bahnhof als &#8222;Koffertr\u00e4ger&#8220; einen Sinn ihres Alltags zu geben. Auch die daraus entstehenden Kontakte waren wertvoll.<br \/>\nDieselbe Wirkung zeigte der Einsatz als Helfer bei der Landesgartenschau. Die Kommunen brauchen Instrumente und M\u00f6glichkeiten, um solche T\u00e4tigkeiten f\u00fcr die Allgemeinheit verpflichtend zu machen.<br \/>\nDieser Weg w\u00e4re viel wirksamer als nicht eintreibbare Geldstrafen oder Freiheitsentzug nach kleineren Straftaten. Wer sich bew\u00e4hrt, eine Ausbildung absolviert oder eine Stelle findet, sollte einfacher als heute die Chance bekommen, ein Aufenthaltsrecht zu erwerben. Junge M\u00e4nner brauchen Leistungsanreize statt Tr\u00fcbsal und Langeweile. Daher sollte ein Wechsel aus aussichtslosen Duldungsverfahren in ein Aufenthaltsrecht durch Leistung, Integration und Arbeit m\u00f6glich sein. Es gibt gesetzliche Verbesserungen in diesem Punkt, aber f\u00fcr die Problemgruppe sind diese bisher kaum nutzbar. Die H\u00fcrden sind zu hoch.<br \/>\nUnd bei manchen gen\u00fcgen Anreize einfach nicht. Davor die Augen zu verschlie\u00dfen, macht nichts besser. F\u00fcr die jungen M\u00e4nner auf Abwegen w\u00e4re es auch zu ihrem Schutz extrem wichtig, dass unser Staat ihnen fr\u00fchzeitig f\u00fcr sie verst\u00e4ndlich zeigt, wo Schluss ist. Das tun wir nicht. Im Gegenteil. Kleinkriminalit\u00e4t und stetige Konflikte mit der Polizei haben f\u00fcr Gefl\u00fcchtete nur in seltenen F\u00e4llen reale Konsequenzen. Diese in vielen Herkunftsl\u00e4ndern unbekannte Liberalit\u00e4t des Rechtsstaates wird oft als Schw\u00e4che unserer Polizei gedeutet und als Einladung zur Fortsetzung des strafbaren Verhaltens verstanden. Deshalb brauchen wir neben dem Wechsel zum Aufenthaltsrecht durch eigene Anstrengung auch einen Wechsel raus aus dem attraktiven Sozialraum der St\u00e4dte und Gemeinden in Folge von dauerhaftem Fehlverhalten.<br \/>\nWir wissen, dass f\u00fcr diese jungen M\u00e4nner eine zeitweilige R\u00fcckverweisung in die Erstaufnahmeeinrichtungen des Landes eine sp\u00fcrbare Sanktion w\u00e4re. Dort ist im Gegensatz zu den auf Integration ausgerichteten Unterbringungen in den St\u00e4dten eine Kontrolle durch Polizei und Sicherheitskr\u00e4fte m\u00f6glich. Es w\u00e4re auch gegen\u00fcber friedlichen jungen Leuten besser erkl\u00e4rbar, gezielt die Tunichtgute mit Einschr\u00e4nkungen zur Raison zu bringen, als alle mit n\u00e4chtlichen Ausgangssperren und Alkoholverbote in Haftung zu nehmen.<br \/>\nDas Land Hessen hat eine Regelung, die unserem Vorschlag \u00e4hnelt, in den Koalitionsvertrag aufgenommen, ohne dass dies auf rechtliche Bedenken gesto\u00dfen ist. Die Anstrengungen, Gef\u00e4hrder des Landes zu verweisen, begr\u00fc\u00dfen wir. Jedoch betrifft das nur eine extrem kleine Anzahl von Gefl\u00fcchteten. Die Gruppe, um die es uns geht, f\u00e4llt nicht unter die Gef\u00e4hrder, auch wenn manche von ihnen am Ende einer schiefen Bahn dort ankommen werden. F\u00fcr die meisten gilt das aber nicht.<br \/>\nNat\u00fcrlich wissen wir, dass diese unbequeme Wirklichkeit in unseren St\u00e4dten politisch heikel ist. Wenn Sie unserem Vorschlag folgen, wird Ihnen daraus sofort ein Rassismus-Vorwurf konstruiert. Wir sind aber der \u00dcberzeugung, dass wir Rassismus bek\u00e4mpfen k\u00f6nnen, wenn wir die Kriminalit\u00e4tsrate unter jungen Gefl\u00fcchteten M\u00e4nnern, insbesondere im Hinblick auf Straftaten im \u00f6ffentlichen Raum, senken. Denn dies ist einer der Quellen f\u00fcr \u00c4ngste und Wut, aus denen Rassismus Energie bezieht.<br \/>\nRichtig ist zweifelsohne, dass die Mehrheit der Krawallbr\u00fcder in Stuttgart keine Gefl\u00fcchteten waren. Auch \u00fcber die mangelnde Integration dieser jungen M\u00e4nner in unsere Gesellschaft m\u00fcssen wir uns Gedanken machen. Wir glauben, dass die Wiedereinf\u00fchrung eines verpflichtenden Dienstes an der Gesellschaft daf\u00fcr richtig w\u00e4re.<br \/>\nRespekt, Akzeptanz, Toleranz, den verantwortungsvollen Umgang mit Menschen lernt der junge Mensch nicht bei Wikipedia, Facebook und Instagram, sondern in der Begegnung mit anderen. In der Familie. In der Schule. Am Ausbildungsplatz. Im Verein. Im Alltag. Hier \u00fcbt man den Diskurs und den Umgang miteinander. Ja: manchmal auch steinig, hart und schmerzhaft. Diese sozialen Trainingsr\u00e4ume werden allerdings immer weniger. .<\/p>\n<p>Deshalb fordern wir, dass in Deutschland dringend ein verpflichtender gesellschaftlicher Grunddienst f\u00fcr alle jungen Menschen eingef\u00fchrt wird, die in unserem Land leben \u2013 unabh\u00e4ngig von der jeweiligen Staatsb\u00fcrgerschaft. Zw\u00f6lf Monate sollen sich die jungen Menschen hier f\u00fcr die Gesellschaft engagieren. Dieses soziale Pflichtjahr soll in der Tat f\u00fcr alle gelten \u2013 sei es bei der Bundeswehr (die Aussetzung des Wehrdienstes sollte ohnehin jetzt beendet werden), sei es in sozialen oder kulturellen Einrichtungen, bei der Betreuung von \u00e4lteren B\u00fcrgerinnen und B\u00fcrgern, sei es bei Arbeiten f\u00fcr die St\u00e4dte und Kommunen. F\u00fcr alle Dienstleistenden, die sich nicht auf Bundesebene, zum Beispiel im Wehrdienst oder beim THW engagieren, ist dabei die eigene Stadt, die eigene Gemeinde der richtige Ort f\u00fcr ein passendes Pflichtjahr. Hier sieht man sofort und konkret, was man mit seinem Einsatz bewegen kann. Und sie ist der passende Trainingsraum f\u00fcr das Ein\u00fcben der sozialen Fertigkeiten, die unsere Gesellschaft als unabdingbare Grundlage ben\u00f6tigt.<br \/>\nSehr geehrter Herr Ministerpr\u00e4sident, sehr geehrter Herr Innenminister,<br \/>\nwir bitten Sie daher um die Unterst\u00fctzung bei der Einf\u00fchrung eines Pflichtjahres f\u00fcr einen gesellschaftlichen Grunddienst in Deutschland, indem Sie:<br \/>\n1. \u00fcber den Bundesrat und die Kontakte zum Bund sowohl auf Regierungsebene wie auch in den jeweiligen Parteien eine solche Dienstpflicht f\u00fcr alle Menschen in unseren St\u00e4dten und Gemeinden anregen,<br \/>\n2. die rechtlichen, finanziellen und strukturellen M\u00f6glichkeiten, Chancen und Zielrichtungen einer solchen Dienstpflicht f\u00fcr alle in Baden-W\u00fcrttemberg aufzeigen und<br \/>\n3. Gespr\u00e4che zu einer solchen Umsetzung mit den Vertreterinnen und Vertretern des St\u00e4dte-, Gemeinde- und Landkreistages initiieren und aufnehmen.<br \/>\n4. Den doppelten Spurwechsel in Baden-W\u00fcrttemberg als Anreiz- und Sanktionssystem zu etablieren.<br \/>\nWir \u2013 als drei Oberb\u00fcrgermeister ganz unterschiedlich strukturierter St\u00e4dte und ganz unterschiedlichen politischen Hintergrundes \u2013 bieten Ihnen vollumf\u00e4ngliches Engagement und Mitarbeit an. Wir denken, dass wir auf die oben genannten gro\u00dfen Herausforderungen auch mit einem nicht minder gro\u00dfen, mutigen, starken Schritt reagieren m\u00fcssen. Die Juristinnen und Juristen werden viele Vorbehalte und Einw\u00e4nde haben. Das wissen wir. Aber hier bedarf es einer politischen Antwort. Und wenn n\u00f6tig muss die Politik auch das Rechtliche neu ordnen.<br \/>\nIn diesem Sinne, mit besten Gr\u00fc\u00dfen aus Schw\u00e4bisch Gm\u00fcnd, aus T\u00fcbingen und aus Schorndorf,<br \/>\nRichard Arnold, Oberb\u00fcrgermeister der Stadt Schw\u00e4bisch Gm\u00fcnd<br \/>\nBoris Palmer, Oberb\u00fcrgermeister der Universit\u00e4tsstadt T\u00fcbingen<br \/>\nMatthias Klopfer, Oberb\u00fcrgermeister der Stadt Schorndorf<br \/>\n19. Juli 2020<\/p>\n<p>.<br \/>\n<strong>Polizist schreibt Brandbrief &#8211; \u00dcberwiegend junge M\u00e4nner mit Migrationshintergrund&#8216;<\/strong><br \/>\n\u201eKein Benehmen, kein Skrupel\u201c \u2013 Polizist fordert nach Randale Konsequenzen. &#8230;\u00a0Auch der Mannheimer Vorsitzende der Gewerkschaft der Polizei (GdP), Thomas Mohr, meldete sich zu den Ausschreitungen zu Wort. Bei Facebook schrieb Mohr: \u201eDie \u201aRandale-Nacht\u2018 in Stuttgart empo\u0308rte alle! Jetzt auch in Frankfurt! Die Ta\u0308ter erneut u\u0308berwiegend junge Ma\u0308nner mit Migrationshintergrund, die keinen Respekt haben vor staatlichen Institutionen, kein Benehmen, keine Wertsch\u00e4tzung vor dem Eigentum anderer Menschen, keine Skrupel haben Menschen Gewalt anzutun.\u201c<br \/>\nEs gehe den T\u00e4tern um Anerkennung in den sozialen Medien. \u201eFu\u0308r ihre Taten erhalten sie von Schaulustigen Zustimmung und Beifall, wenn ein Stein einen Polizisten trifft! Soll das so weiter gehen?!\u201c, fragte Mohr. Der Polizist kritisierte derweil die Reaktion der Politik auf die Entwicklungen. \u201eSchaut man sich wieder medienwirksam bescha\u0308digte Polizeifahrzeuge an und geht dann nach einiger Zeit zur Tagesordnung u\u0308ber?!\u201c<br \/>\n&#8230; Alles vom 20.7.2020 bitte lesen auf<br \/>\n<a href=\"https:\/\/www.welt.de\/vermischtes\/article211900477\/Ausschreitungen-in-Frankfurt-Polizist-schreibt-Brandbrief.html\">https:\/\/www.welt.de\/vermischtes\/article211900477\/Ausschreitungen-in-Frankfurt-Polizist-schreibt-Brandbrief.html<\/a><br \/>\n.<br \/>\nEinige Kommentare<br \/>\nIch seh das n\u00fcchtern: Kommt ein T\u00e4ter nicht aus der EU werden seine verf\u00fcgbaren Verm\u00f6genswerte zur Schadendeckung beschlagnahmt und er wird ins n\u00e4chste Flugzeug gesetzt und erh\u00e4lt ein lebenslanges Einreiseverbot.<br \/>\nKommt er aus der EU sitzt er eine mehrj\u00e4hrige Haftstrafe ab und zahlt den Rest seines Lebens die Sch\u00e4den ab.<br \/>\n20..7.2020, Ch.B.<\/p>\n<p><strong>Migrantenszene statt Partyszene<\/strong><br \/>\nWer die Videos gesehen hat, die in so vielen whatsapp und sonstigen eher privaten Medien-Plattformen und chats verschickt wurden, dem m\u00fcsste direkt klar sein, was verschwiegen wird.<br \/>\nDer Begriff &#8222;Event-und Party Szene&#8220; wird jedenfalls ganz bald eine neue Bedeuting haben.<br \/>\n20.7.2020, J.K.<br \/>\n.<br \/>\n<strong>Warum feiert Frau G\u00f6ring-Eckardt nicht mit?<\/strong><br \/>\nSie hat sich doch schon so drauf gefreut. Was sagt sie denn nun dazu? &#8230;<br \/>\nWer so gegen \u00f6ffentliches und privates Eigentum und gegen Staatsvertreter vorgeht, hat meist noch nie im Leben etwas sinnvolles f\u00fcr die Gesellschaft geleistet. Der Staat muss endlich fordern statt f\u00f6rdern! Sozialjahr, Arbeitsverpflichtung etc. werden helfen.<br \/>\n20.7.2020, A.F.<br \/>\n.<br \/>\nDie meisten wissen was das Problem ist. Nur darf es auch n Deutschland niemand schreiben oder sagen. Wer allerdings mit offenen Augen durch die St\u00e4dte geht, sieht wie es sich seit 2015 noch schneller zum schlechten ge\u00e4ndert hat.<br \/>\n20.7.2020, Th.E.<br \/>\n.<br \/>\n<strong>Brauche mir nur die Bilder oder Videos anzusehen<\/strong><br \/>\nund wei\u00df welches Klientel es war was da Randale gemacht hat.Bestraft wird nur einer und das ist der Polizist der f\u00fcr Recht und Ordnung sorgen muss bei solchen Ausschreitungen ! Bin gespannt wann der erste Polizist sein Leben l\u00e4sst bei solch einer Ausschreitung. Dank an die Beamten die ihren Kopf am Wochenende in Frankfurt hinhalten mussten und f\u00fcr Recht und Ordnung gesorgt haben !<br \/>\n20.7.2020, S.D.P.<br \/>\n.<br \/>\n<strong>Der amerikanische Geheimdienst sagt bis sp\u00e4testens 2022 eine Unregierbarkeit<\/strong><br \/>\nbzw einen B\u00fcrgerkrieg voraus&#8230;. Ich denke wir steuern unaufhaltsam darauf zu Wem wir das unter anderem zu verdanken haben kann man leider nicht \u00f6ffentlich sagen.<br \/>\n20.7.2020, H.M.<br \/>\n.<br \/>\n<strong>Jetzt werden die Vorhersagen langsam Realit\u00e4t.<\/strong><br \/>\nEs wird irgendwann nicht mehr m\u00f6glich sein von den Zust\u00e4nden durch andere Themen, die eigentlich weit weniger wesentlich sind, abzulenken. Viele, die solche Vorkommnisse als falsch bezeichnet haben, werden gerade von den Fakten \u00fcberholt.<br \/>\n20.7.2020, And<br \/>\n.<br \/>\n<strong>Krawalle haben wir verdient<\/strong><br \/>\nEin Volk, welches seine Identit\u00e4t verleugnet, seine Geschichte verachtet, seine Traditionen, Werte, Sitten und Gebr\u00e4uche madig macht, sich seiner Wehrhaftigkeit beraubt, seine ureigensten Interessen negiert und sich nur in devoter B\u00fcckhaltung pr\u00e4sentiert wird mit dem bestraft, was es verdient &#8211; Verachtung! In der internationalen Politik wird das mit Geld zugekleistert aber im Kleinen geht das so ab wie in Frankfurt, Stuttgart etc.<br \/>\n20.7.2020, Kat<br \/>\n.<br \/>\n<strong>Framing schl\u00e4gt doch hier voll zu. Wie das alles verharmlost wird.<\/strong><br \/>\nBestes Beispiel die Hessenschau. Verharmlosung von allen Seiten. Die wahren Gr\u00fcnde werden nicht genannt.<br \/>\n20.7.2020, Ch.W.<br \/>\n.<br \/>\nEs ist einfach unglaublich, wenn man die Videoaufnahmen dieser Ausschreitungen sieht.<br \/>\nDiese ungehemmte Gewaltbereitschaft gegen fremden Eigentum und gegen Polizisten. Die Reaktion der Polizei dagegen ist l\u00e4cherlich und nicht ernst zu nehmen. Nachdem ja nun bekannt ist, dass solchen T\u00e4tern nichts passiert, werden diese Gewaltexzesse erstmal nicht aufh\u00f6ren (warum auch ? ).<br \/>\n20.7.2020, Kul<\/p>\n<p><strong>\u201eDas sind junge M\u00e4nner, die Integration nicht wollen\u201c.<\/strong><br \/>\nEin Gewerkschafter der Polizeigewerkschaft GdP \u00e4u\u00dferte sich wie folgt zu den Vorf\u00e4llen in Frankfurt: \u201eDas sind junge M\u00e4nner, die Integration nicht wollen\u201c. Immerhin haben die BILD und die Welt dies berichtet. Frau Esken und Herr Oppermann verbreiten nach wie vor das M\u00e4rchen von der Partyszene. Mal gespannt, ob der Polizist Kreide futtern muss.<br \/>\nUpdate: Um 20:29 Uhr meldet die BILD: \u201eWir haben ein Integrationsproblem\u201c.<br \/>\n20.7.2020, Ede<br \/>\nEnde Kommentare<\/p>\n<p>.<br \/>\n<strong>Migrations-Debatte zum Opernplatz gan nicht notwendig?<\/strong><br \/>\n\u201eWar es wirklich notwendig, in der offiziellen Pressemitteilung zu den Ausschreitungen ausdr\u00fccklich darauf hinzuweisen, dass unter den 39 festgenommenen Personen eine \u201a\u00fcberwiegende Mehrzahl\u2018 einen sogenannten Migrationshintergrund habe? &#8230; \u201eEs ist jedoch egal ob die Eltern oder Gro\u00dfeltern eines straff\u00e4llig gewordenen Menschen nun aus den Niederlanden, der T\u00fcrkei oder Japan stammen.\u201c<br \/>\n&#8230; Alles vom 20.7.2020 bitte lesen auf<br \/>\n<a href=\"https:\/\/www.tag24.de\/frankfurt\/frankfurt-krawalle-krawall-nacht-opernplatz-migrationshintergrund-auslaender-kommentar-polizei-1584802\">https:\/\/www.tag24.de\/frankfurt\/frankfurt-krawalle-krawall-nacht-opernplatz-migrationshintergrund-auslaender-kommentar-polizei-1584802<br \/>\n<\/a>\u00a0.<br \/>\nDiesem gutmenschlich-infantilen Kommentator w\u00e4re zuzustimmen, wenn es schon einmal randalierende Niederl\u00e4nder oder Japaner gegeben h\u00e4tte. Bei den T\u00fcrken sieht es da schon anders aus &#8211; obwohl der Gro\u00dfteil der hier lebenden und integrierten Deutscht\u00fcrken, vor allem der ersten und zweiten Generation der einstigen Gastarbeiter, selbst am fassungslosesten ist, wie Deutschland sich der Migration ab kaputtmachen l\u00e4sst.<br \/>\nSolange die Ursache der Krawalle &#8211; integrationsunwillige Migranten &#8211; nicht klar benennt, werden die Krawalle weiter bundesweit zunehmen. Der \u00f6ffentliche Raum geh\u00f6rt den Krawallmachern und Randalierern.<br \/>\n20.7.2020<\/p>\n<p>&nbsp;<\/p>\n<p><strong>Frankfurt: Horden gewaltt\u00e4tiger M\u00fcnner &#8211; gro\u00dfe Mehrzahl mit Migrationshintergrund<\/strong><br \/>\nErst Stuttgart, jetzt Frankfurt: Die grossen St\u00e4dte in Deutschlands S\u00fcdwesten haben ein Problem mit Horden gewaltt\u00e4tiger M\u00e4nner<br \/>\n&#8230; Ein randalierender Mob von 500 bis 800 Personen verh\u00f6hnte und attackierte die Polizei. Die Menge bewarf die Beamten mit Flaschen und verwandelte den Platz vor dem Opernhaus in ein Tr\u00fcmmerfeld. Junge Randalierer verletzten f\u00fcnf Einsatzkr\u00e4fte und besch\u00e4digten mehrere Fahrzeuge der Bundespolizei. 39 Tatverd\u00e4chtige im Alter von 17 bis 23 Jahren konnten die Beamten ermitteln, bis auf eine Ausnahme sind alle m\u00e4nnlich. Die grosse Mehrzahl von ihnen habe einen Migrationshintergrund, teilte die Polizei mit.<br \/>\n&#8230;.<br \/>\n\u00abWas dabei besonders schmerzlich ist, ist, dass die gesamte Menschenmenge von 500 bis 800 Personen johlt und Beifall klatscht, wenn unsere Kolleginnen und Kollegen von Flaschen getroffen werden\u00bb, sagte Frankfurts Polizeipr\u00e4sident Gerhard Bereswill.<br \/>\n&#8230;.<br \/>\n1500 Menschen bei Demonstration der Migrantifa<br \/>\nIn den sozialen Netzwerken machen linke Aktivisten seit den \u00abBlack Lives Matter\u00bb-Protesten Stimmung gegen die deutsche Polizei und forderten sogar deren Aufl\u00f6sung. Zu einem Aktionswochenende gegen Polizeigewalt hatte das B\u00fcndnis Migrantifa k\u00fcrzlich in Berlin aufgerufen. Mehr als 1500 Menschen demonstrierten dort am Samstag und warfen den Sicherheitsbeh\u00f6rden Rassismus vor.<br \/>\n&#8230;<br \/>\nAm Montag trafen sich Vertreter der Stadt Frankfurt mit der Polizei und f\u00e4llten mehrere Beschl\u00fcsse. Von Mitternacht an soll es k\u00fcnftig nicht mehr erlaubt sein, den Opernplatz zu betreten, berichtet die \u00abFrankfurter Allgemeine Zeitung\u00bb.<br \/>\n&#8230; Alles vom 20.7.2020 bitte lesen auf<br \/>\n<a href=\"https:\/\/www.nzz.ch\/international\/beifall-fuer-flaschenwuerfe-eine-analyse-der-krawalle-in-frankfurt-ld.1567157\">https:\/\/www.nzz.ch\/international\/beifall-fuer-flaschenwuerfe-eine-analyse-der-krawalle-in-frankfurt-ld.1567157<\/a><\/p>\n<p><strong>Mehrere Videos mit &#8222;Alahu Akbar&#8220;-Rufen:<\/strong><br \/>\n<a href=\"https:\/\/www.ffh.de\/nachrichten\/hessen\/rhein-main\/toController\/Topic\/toAction\/show\/toId\/245744\/toTopic\/nach-randale-opernplatz-teilweise-gesperrt.html\">https:\/\/www.ffh.de\/nachrichten\/hessen\/rhein-main\/toController\/Topic\/toAction\/show\/toId\/245744\/toTopic\/nach-randale-opernplatz-teilweise-gesperrt.html<\/a><\/p>\n<p><strong>Sie werfen Steine und Flaschen auf Polizisten:<\/strong><br \/>\n<a href=\"https:\/\/www.bild.de\/regional\/frankfurt\/frankfurt-aktuell\/40-festnahmen-flaschen-werfer-verletzen-polizisten-am-opernplatz-71964350.bild.html\">https:\/\/www.bild.de\/regional\/frankfurt\/frankfurt-aktuell\/40-festnahmen-flaschen-werfer-verletzen-polizisten-am-opernplatz-71964350.bild.html<br \/>\n<\/a>.<\/p>\n<p><strong>Rainer Wendt: Die Krawalle von Frankfurt werden keine Einzelf\u00e4lle bleiben<\/strong><br \/>\nErst Stuttgart, nun Frankfurt\/Main. In Deutschland etabliert sich eine neue Krawallkultur. Immer wieder sind es gewaltbereite Migranten, die in den offenen Kampf gegen die Polizei ziehen. &#8230;.<br \/>\nEs ist eine brandgef\u00e4hrliche Mischung aus wohlstandsverwahrlosten Krawallmachern, Integrationsverweigeren und anderem gewaltbereiten Klientel, das die Polizei auch in Zukunft in Atem halten wird.<br \/>\nWenn weite Teile der Politik die Polizei dann noch mit Rassimusvorw\u00fcrfen \u00fcberzieht und ihr auf diese Weise in den R\u00fccken f\u00e4llt, heizt dies die Stimmung zus\u00e4tzlich an. Nichts dvon darf uns \u00fcberraschen, das Ende der Gewaltspirale ist noch nicht erreicht. &#8230;<br \/>\nWie so oft, werden die kurze Festnahme und Personalienfeststellung durch die Polizei alles sein, was \u201cdie volle H\u00e4rte des Rechtsstaates\u201d zu bieten hat. So wird es schlimmer, Tag f\u00fcr Tag.<br \/>\n&#8230; Alles vom 20..2020 bitte lesen auf<br \/>\n<a href=\"https:\/\/www.theeuropean.de\/rainer-wendt\/krawalle-in-frankfurt-die-gewaltspirale-ist-noch-lange-nicht-erreicht\/\">https:\/\/www.theeuropean.de\/rainer-wendt\/krawalle-in-frankfurt-die-gewaltspirale-ist-noch-lange-nicht-erreicht\/<br \/>\n<\/a>.<\/p>\n<p><strong>Frankfurter Opernplatz: Ausschreitungen und Festnahmen nach Angriffen auf Polizisten<\/strong><br \/>\n&#8222;hoher Migrationsanteil, betrunken und hoch aggressiv.\u201c In einem von mehreren bei Hitradio FFH geposteten Augenzeugen-Videos sind \u201eAllah Akbar\u201c Rufe zu h\u00f6ren, w\u00e4hrend ein Warteh\u00e4uschen der \u00f6ffentlichen Verkehrsmittel mit einer der neuerdings 400 extra aufgestellten M\u00fclltonnen entglast wird.<br \/>\n&#8230; Alles vom 19.7.2020 bitte lesen auf<br \/>\n<a href=\"https:\/\/www.tichyseinblick.de\/daili-es-sentials\/frankfurt-ausschreitungen-festnahmen-polizei\/\">https:\/\/www.tichyseinblick.de\/daili-es-sentials\/frankfurt-ausschreitungen-festnahmen-polizei\/<\/a><br \/>\n. .<br \/>\nEinige Kommentare:<br \/>\n<strong>Frankfurt aktuell:<\/strong><br \/>\nIch bin heute (entgegen meiner Gewohnheit), wegen eines dringend Einkaufs, in der Frankfurter Innenstadt (Zeil) unterwegs gewesen. Auf dem Weg dorthin (zu Fu\u00df aus Bornheim kommend) und auch auf der Einkaufsmeile, war ich \u201egef\u00fchlt\u201c fast der einzige indigene Bewohner dieses Landes. Die obere Zeil ist zu einer \u201eBillig-Meile\u201c verkommen und besteht aus Billig-Shops und Restaurationen die auch drau\u00dfen servieren (die Klientel \u00fcberall die Gleiche). Der einzige \u201eLaden\u201c mit indigener \u201eBesetzung\u201c ist wohl das Polizeirevier.<br \/>\nWeiter geht es \u00fcber die Konstabler Wache\u2026hier, dem traditionellen Drogenverkaufspunkt in der Frankfurter Innenstadt, geht das Leben trotz Corona munter weiter\u2026und auch die Verk\u00e4ufe, wie ich bei einem kurzen Durchgang durch die Unterf\u00fchrung feststellen konnte. Dazu auch die Erkenntnis, dass das Sicherheitspersonal der Verkehrsbetriebe wohl auch vor allem aus NahOst denn aus dem Taunus kommt. Die Zeil ist voll\u2026.aber mit wem?\u2026.ein buntes Publikum?\u2026aber eine Komponente fehlt auffallend\u2026.die \u201eUreinwohner\u201c dieses Landes. Das die Zeil immer mehr an Kaufkraft verliert, sich immer mehr \u201eBillig-Shops\u201c etablieren\u2026.nun ja\u2026manche m\u00f6gen das ja. Karstadt\/Kaufhof\u2026.mal sehen wer zumacht (vielleicht beide)\u2026einer sicherlich. Ab in die Seitenstra\u00dfen ins Fachgesch\u00e4ft\u2026auch hier das weibliche Publikum mit vielen vielen Kinder\u2026trotz der Hitze\u2026.eingeh\u00fcllt in Bunte Kopft\u00fccher. Naja\u2026ich muss sie nicht tragen. Lautes l\u00e4rmen und rufen in allen Sprachen dieser Welt\u2026nur die meinige fehlt v\u00f6llig.<br \/>\nEin P\u00e4rchen vor mir unterh\u00e4lt sich\u2026tats\u00e4chlich in meiner Muttersprache\u2026und das ohne Akzent. Einkauf erledigt\u2026.es geht zur\u00fcck\u2026.das gleiche Bild. Noch ein Eis auf dem Weg zum Zoo\u2026.1,20 die Kugel von ein grimmig blickenden jungen Mann der mir das Wechselgeld auf den Tresen wirft (immerhin hat er mir nicht ins Eis gespuckt). Am Zoo stehen Schlangen an der Kasse\u2026hier immerhin das Verh\u00e4ltnis der Besucher 50\/50\u2026.soweit ich sehen kann. Auf dem Weg nach Hause\u2026.ca. 5km Fu\u00dfweg, waren die mir entgegenkommenden Damen und Herren nur ca. zu 20% der Deutschen Bev\u00f6lkerung zuzuordnen und meist \u00e4ltere Semester. Fazit: Keiner muss sich wundern, dass das was passiert, passiert. Alle k\u00f6nnen jeden Tag sehen wie es in unserem Land steht\u2026.auf der Stra\u00dfe, in den L\u00e4den, in der Bahn oder im Bus. Wundern muss sich wirklich keiner und das Gejammer der politischen Protagonisten und der Medien geht mir m\u00e4chtig auf die Nerven.<br \/>\n20.7.2020, Fat, TO<br \/>\n.<br \/>\n<strong>An den Wochenenden in \u201edeutschen\u201c Gro\u00dfst\u00e4dten nach 2015:\u00a0<\/strong><br \/>\nDie (mittlerweile altbekannten) Konsequenzen von Beh\u00f6rden und Polizei bei mittlerweile zur Normalit\u00e4t werdenden Migrantengewalt sind nun abermals:<br \/>\n\u2013 Sperrstunde (um 01:00 Uhr) und<br \/>\n\u2013 signifikante Polizeipr\u00e4senz<br \/>\nIst eigentlich mal jemandem aufgefallen, dass seit 2015 mit frappierender Zunahme kaum noch innerst\u00e4dtische Vergn\u00fcgungsviertel oder sonstige \u00f6ffentlichen Pl\u00e4tze an denen sich Menschen in Feierlaune versammeln \u2013 von \u00f6ffentlichen Festen und Schwimmb\u00e4dern ganz zu schweigen \u2013 ohne deutliche und dauerhafte Polizeipr\u00e4senz auskommen?<\/p>\n<p>Wochenenden in \u201edeutschen\u201c Gro\u00dfst\u00e4dten nach 2015: \u00dcberall Poller und Polizei. DAS hat Merkel geschafft.<br \/>\nWie sehr haben Merkels Migranten die Innenst\u00e4dte bereits ver\u00e4ndert? Ein Blick am Wochenende auf den Frankfurter Opernplatz oder die Fre\u00dfgass gen\u00fcgt: Poller und Polizei und Private Security.<br \/>\nDeutschland hat vielfach seine Leichtigkeit, seine Unbek\u00fcmmertheit verloren. Wir erleben seit 4, 5 Jahren einen immer deutlicher werdenden grundlegenden Stimmungswechsel in der Alltags- und Freizeitkultur in Deutschland. Wie sehr haben Merkels Migranten das Ausgehverhalten der Deutschen bereits ver\u00e4ndert? Die von den Kartellmedien wohlwollend flankierten Coronama\u00dfnahmen der Bundesregierung geben dem Ganzen nur noch den Rest.<br \/>\nWo ist der Aufschrei der Massenmedien? Verschweigen und ignorieren \u2013 alles unterm Teppich halten ist die Devise des regierungstreuen Medienkartells.<br \/>\nDie Wahrheit der gescheiterten Integration von hunderttausenden, eher mehreren Millionen, migrantischer, meist muslimischer, M\u00e4nner, wird bewusst im Sinne des politmedialen Machtkartells ignoriert und die Deutschen weiter benebelt und manipuliert.<br \/>\nDie Deutschen haben \u201edie Fresse zu halten\u201c (\u00d6zdemir) und Abermilliarden Steuern abzudr\u00fccken f\u00fcr sogenannte Fl\u00fcchtlinge und den Schutz ihrer selbst vor eben diesen.<\/p>\n<p>Aber die Deutschen haben\u00b4s ja \u2013 zumal verdient: Einerseits von Migrantenm\u00e4nnern attackiert zu werden (gerne auch deutsche Polizisten) und andererseits j\u00e4hrlich 20-25 Milliarden f\u00fcr Kost, Konsum &amp; Ko. (der seit einigen Jahren vollkommen ausufernde Sozialstaat Deutschlands l\u00e4sst gr\u00fc\u00dfen) und gleichzeitig immer mehr n\u00f6tig werdende Polizeistellen willf\u00e4hrig und \u201eFresse haltend\u201c bereitzustellen.<br \/>\nOhne Merkels Massenmigration w\u00fcrden in Deutschland vermutlich 30-40% aller Polizeistellen wegfallen und somit Abermilliarden alleine im Sicherheitsapparat eingespart werden k\u00f6nnen.<br \/>\nAber wer benennt all diese Zusammenh\u00e4nge? Die regierungstreuen Kartellmedien? Nat\u00fcrlich nicht.<br \/>\nUnd nebenbei \u2013 wenn Deutschland heute Millionen Fachkr\u00e4fte fehlen sollten, sollten Bundesregierungen mal damit anfangen, erstens wirkliche Fach- und F\u00fchrungskr\u00e4fte anzuziehen und zweitens r\u00fcckblickend \u00fcber die knapp 6 Millionen ungeborenen Deutschen nachdenken, die in den letzten 48 Jahren zwischen 1972 (DDR) bzw. 1976 (BRD) und 2019 weggemacht wurden. Sie w\u00e4ren heute zwischen 1 \u2013 48 Jahre alt, sicher gut ausgebildet und h\u00e4tten selbst schon wieder vielfach Kinder. Aber das ist ein anderes (wenn auch zusammenh\u00e4ngendes) Thema.<\/p>\n<p>Seitens linksschwarzgr\u00fcner Vertreter in Bundesregierung und Medien wird mit moralisch \u00fcberh\u00f6htem Zeigefinger in Richtung (ostdeutsche) Biodeutsche regelm\u00e4\u00dfig \u201egewarnt\u201c, dass das Wahlverhalten der Menschen zwischen Sachsen und Mecklenburg zum \u201eStandortrisiko\u201c f\u00fcr den Wirtschaftsstandort Deutschland und damit f\u00fcr den Wohlstand aller f\u00fchren k\u00f6nne, gar werde.<br \/>\nIch frage mich, welches \u201eStandortrisiko\u201c leitet sich wohl aus der zunehmenden massenhaft auftretenden Migrantengewalt in Deutschland und aus dem rapide in sich zusammenbrechenden Bildungsniveau neu-\u201edeutscher\u201c Sch\u00fcler und \u2013 aufgrund des seit Jahren gefahrenen hemmungslosen linksschwarzgr\u00fcnen \u201eAbitur-f\u00fcr-alle\u201c-Mantras \u2013 Studenten ab? Als Unternehmer mit langfristiger Investitionsentscheidung und Standortwahl w\u00fcrde ich diese Fragen stellen und mir den Standort Deutschland heute vielmehr noch als noch vor 15, 20 Jahren auch unter diesen Gesichtspunkten genauestens anschauen.<br \/>\nDie Standortsieger der Zukunft innerhalb Europas hei\u00dfen wenn das so weitergeht mit linksschwarzgr\u00fcn wohl k\u00fcnftig eher UK, Polen, Tschechien, Ungarn, D\u00e4nemark &amp; Co<br \/>\n10.7.2020, Kon, TO<br \/>\n.<br \/>\n<strong>Ach diese ganze Hetze wieder. Sind doch nur Einzelf\u00e4lle diese Partys.<\/strong><br \/>\nIst wie 2015 nur Einzelf\u00e4lle. Wer was anderes behauptet ist NAZI. (Ironie off)<br \/>\n20.7.2020, Don, TO<br \/>\n.<br \/>\n<strong>Sie s\u00e4en den Hass, in dem sie unseren Beh\u00f6rden pauschal Rassismus vorwerfen<\/strong><br \/>\nund Menschen kulturfremder Provenienz grenzenlos in unser Land schleusen, und wir alle ernten jetzt die Gewalt. Jene, welche die Ursachen f\u00fcr diese Gewaltspirale gesetzt haben, spielen sich jetzt auch noch als Oberlehrer auf. Denn wegen dieser eingeschleusten kulturfremden und vielfach gewaltaffinen Menschen wird unser aller Freiheit immer mehr eingeschr\u00e4nkt. Armes Deutschland.<br \/>\n20.7.2020, Vol<br \/>\n.<br \/>\n<strong>Solange sich der Finanzadel dort in F noch Wohlf\u00fchlt\u2026who cares?<\/strong><br \/>\nSind eh mittlerweile, wenn man die Zahlensch\u00f6nung einkalkuliert 70% Migranten da (2015 waren nach offiziellen Zahlen 52%).<br \/>\nSollen die doch doch Diversity in Polizei, \u00c4mtern und sonstigem haben und dann schaun wir mal wie es l\u00e4uft. Momentan jedenfalls scheinbar leicht schlechter werdend, wenn man nicht zu den Partypeople geh\u00f6rt.:D<br \/>\n20.7.2020, One<br \/>\n.<br \/>\n<strong>&#8230; wie schnell solche Vorkommnisse aus der medialen Berichterstattung verschwinden.<\/strong><br \/>\nZur Erinnerung: Am Montag nach den heftigen Krawallen in Stuttgart am 20.\/21. Juni sendete die ARD eine \u201eHart aber fair\u201c-Ausgabe zum Thema \u201eMassenerkrankung in der Fleischfabrik \u2013 Gefahr f\u00fcrs ganze Land?\u201c Das ist ebenso dreist wie typisch f\u00fcr die Meinungsmanipulatoren im \u00d6RR. Nun stelle man sich vor, in Stuttgart h\u00e4tte nicht die \u201eParty-Szene\u201c B\u00fcrgerkrieg gespielt, sondern Rechte oder Teilnehmer einer Pro-AfD-Demo. Das h\u00e4tte Brennpunkte und Heute-Spezials bedeutet.<br \/>\n20.7.2020, Lot<br \/>\n.<br \/>\n<strong>Unregierbarkeit und Anarchie ist das angestrebte Ziel der SPD, Linken und Gr\u00fcnen<\/strong><br \/>\n\u2013 weil das, was wir in D aufgebaut haben ja ach so ungerecht und kapitalistisch ist \u2026<br \/>\nF\u00fcr was zahlen wir in diesem Lande noch Steuern \u2013 es gibt keine konsequente Justiz, Abschiebung bleibt aus, Politik macht, was sie will (in der Blase sitzend) und man kapselt sich durch Framing und geplante \u201eSch\u00fctzgr\u00e4ben\u201c (Reichstag ?) weiterhin vom b\u00f6sen Volk ab<br \/>\n29.7.2020, MeH<br \/>\n.<br \/>\n<strong>Die armen traumatisierten Schutzsuchenden zeigen mehr und mehr ihr wahres Wesen<\/strong><br \/>\noffensichtlich \u2013 gleichm\u00e4\u00dfig fein verteilt \u00fcber St\u00e4dte und Regionen (Geheimplan X oder \u201eVerteilungsschl\u00fcssel\u201c ? ) \u2013 und der mitgebrachte Islamismus wirken wie ein Naturgesetz \u2013 so wie schon ein paar \u00d6ltropfen reichen, um das ganze Wasser zu vergiften .. Die Vergiftungs- , Verletzungs- und Todesf\u00e4lle des Islamismus m\u00fcssen wohl noch weiter zunehmen bis endlich klar wird eine lebensfeindliche Umwelt ist \u00fcberall entstanden\u2026<br \/>\n20.7.2020, Deu<br \/>\n.<br \/>\n<strong>Liebe Partyg\u00e4nger, ihr sucht Euch die falschen Zonen aus.<\/strong><br \/>\nGeht lieber in die schicken Altbauviertel. Da werdet ihr die Menschen treffen, die Euch willkommen hei\u00dfen. Diese Menschen wollen kulturelle Vielfalt. Lasst Euch einladen. Es macht viel mehr Spa\u00df einen Tesla zu entglasen als eine Bushaltestelle. Liebe Politiker, gerade die hessische Polizei hat nachgewiesen, dass sie rechts steht. Wir brauchen dringend eine Teilhabe aus der multikulturellen Gesellschaft, um die Polizei sensibler f\u00fcr das Thema zu machen. Die \u201eNo-Go-Areas\u201c nehmen zu!<br \/>\n29.7.2020, HGV<br \/>\n.<br \/>\n<strong>Eine Entwicklung, die seit 2015 vorhergesagt und bef\u00fcrchtet wurde.<\/strong><br \/>\nAuf das bestehende Integrationsproblem mit vorwiegend m\u00e4nnlichen, muslimischen jungen Menschen wurde das Fl\u00fcchtlingsproblem aufgesattelt. Diese v\u00f6llig unkontrollierte Bewegung versch\u00e4rfte das Geschlechterungleichgewicht nochmals. In der Altersgruppe der 18- bis 25-J\u00e4hrigen gab es mit rund 32 Prozent den geringsten Frauenanteil. Das ist weltweit bei Fl\u00fcchtlingen nur in Europa so einzigartig. Ein M\u00e4nner\u00fcberschuss schadet einer Gesellschaft nachhaltig. Das wird hierzulande leider ignoriert und verschwiegen. Es wird sich daher nicht bessern.<br \/>\n20.7.2020, Cle<br \/>\n&#8211;<br \/>\n<strong>Die Ereignisse in Deutschland sind bereits im Koran, Sure 3, Vers 27 festgehalten:<\/strong><br \/>\n\u00bbUnd Er gab euch zum Erbe ihr Land, ihre Wohnst\u00e4tten und ihren Besitz und auch ein Land, das ihr (vorher) nicht betreten hattet. Und Allah hat zu allem die Macht.\u00ab Nun muss Merkel nur noch eine kleine Korrektur ihres Geschwurbels vornehmen. Es heisst nun nicht mehr:<br \/>\n\u00bbDer Islam geh\u00f6rt zu Deutschland\u00ab, sondern<br \/>\n\u00bbDem Islam geh\u00f6rt Deutschland\u00ab.<br \/>\nSoviel sprachlich Korrektheit muss sein.<br \/>\n29.7.2020, W.M.<br \/>\n.<br \/>\n<strong>Geschichte wiederholt sich bekanntlich.<\/strong><br \/>\nEinmal mehr steht in einem Buch geschrieben, was auf eine minderwertige Kultur (siehe Sure 8, Vers 55) zukommt. Nun ist die Sachlage etwas anders. Heute ist \u2013 pardon \u2013 die \u201eK\u00f6terrasse\u201c (dies in der juristisch gebilligten Terminologie von Sure 8, Vers 55) die minderwertige Kultur und eine neue Herrenrasse, gem\u00e4ss Sure 3, Vers 110, die beste aller Gemeinschaften, gebietet das Recht, vorerst nur in K\u00f6ln, Stuttgart und Frankfurt. Die Geschichte der Banu Quraiza (<a href=\"https:\/\/de.wikipedia.org\/wiki\/Banu_Quraiza\">https:\/\/de.wikipedia.org\/wiki\/Banu_Quraiza<\/a>) ist vergessen, den IS hat es nie gegeben, in K\u00f6ln, Stuttgart und Frankfurt wird nur Partie gefeiert und die brennenden Kirchen in Frankreich erw\u00e4rmen die Herzen.<br \/>\n20.7.2020, W.M.<br \/>\n.<br \/>\n<strong>\u201e\u2026hoher Migrationsanteil, betrunken und hoch aggressiv.\u201c<\/strong><br \/>\nStuhlkreistherapien d\u00fcrften ein probates Deeskalationsmittel sein. Alle Festgenommenen sofort wieder frei lassen und wenn schon Gerichtsurteile, dann auf Bew\u00e4hrung. Jugendstrafen verstehen sich von selbst. Alle Afghanen sind Jugendliche unabh\u00e4ngig vom Alter.<br \/>\n20.7.2020, H.N.<br \/>\n.<br \/>\n<strong>Mal ein paar Fakten und sich daraus ergebende Fragen:<\/strong><br \/>\n&#8211; Die FAZ berichtete seit Wochen von feierw\u00fctigen Party-People auf dem Opernplatz. Und das etwa parallel zu \u201eStuttgart\u201c. Ist das nun geschickte und konsequente Umetikettierung, oder harmloses Framing, oder ist es vors\u00e4tzliche Falschinformation?<br \/>\n. Wie aus dem Polizeibericht hervorgeht, beobachteten die Beamten vor Ort schon Stunden vor ihrem Eingreifen kleinere Sch\u00e4gereien auf dem Opernplatz, ganz offensichtlich ohne einzugreifen. Wie soll man das werten, gibt es schon rechtsfreie Zonen? Oder gro\u00dfz\u00fcgigen kulturellen Rabatt?<br \/>\n\u2013 Wie aus dem Polizeibericht hervorgeht, war die Polizei gezwungen, ihre Kr\u00e4fte von anderen \u201eParty\u201c-Hotspots abzuziehen um \u00fcberhaupt eingreifen zu k\u00f6nnen. Gl\u00fccklicherweise blieb es dann an den \u00fcbrigen Hotspots ruhig, jedenfalls wird das im Bericht so dargestellt. Wie w\u00fcrde Frankfurt nun aussehen, wie w\u00e4re die Lage, wenn dem nicht so gewesen w\u00e4re?<br \/>\n\u2013 Wir haben es nicht geschafft. Was soll nun werden? Wird das Problem auf die Polizei abgew\u00e4lzt? Welche Priorit\u00e4ten werden beim Einsatz der offensichtlich \u00fcberforderten Polizei gesetzt werden? Welche Stadtviertel werden im Zweifelsfall preisgegeben? Bei welchen Gelegenheiten kann man nicht mehr sicher mit dem Eingreifen der Polizei rechnen?<br \/>\n20.7.2020, Vog<br \/>\n.<br \/>\n<strong>Die Zersetzung des Staates hat begonnen.<\/strong><br \/>\nMit bis zu dreiviertel durch linksradikale Parteien durchsetzter Bundestag und Landtage haben in ihren tiefen Hass \u00fcber das demokratische Deutschland \u00fcber Jahrzehnte gezielt inkompatible Kulturen, einhergehend mit martialischem Gewaltpotential importiert. Diese Sat geht nun \u00fcberall in Deutschland auf. Was jetzt folgt kennt man aus Schweden, Belgien und Frankreich bereits. B\u00fcrgerkriegs\u00e4hnliche Szenen auf den Stra\u00dfen, ganze Gegenden die verwahrlosen und brennende Kirchen und Kathedralen. Das ist ein importierter B\u00fcrgerkrieg gegen Deutschland und die verbliebenen Deutschen\u2026. Dieses Land und seine Menschen werden angegriffen. Aber anstatt das die Deutschen sich wehren, bek\u00f6stigen und verh\u00e4tscheln sie Sie jene Eroberer, die sie zutiefst verachten und zutiefst religi\u00f6s rassistisch hassen!<br \/>\n29.7.2020, Ali<br \/>\n.<br \/>\n<strong>Erste Wirkungen des Migrationspaktes<\/strong><br \/>\nWenn ich mir die Kommentare zu diesem Terror, jetzt auch in Frankfurt, hier auf TE, aber auch in Foren anderer Medien (z. B WO unter der Rubrik \u201ePanoram\u201c!), kann ich den meisten nur empfehlen, sich (nochmal?) den Inhalt des 2019 im Bundestag unter gro\u00dfer Zustimmung durchgewunkenen, ach so rechtsunverbindlichen Migrationspaktes anzusehen. Wurde ja auch hier auf TE ver\u00f6ffentlicht. U. a. hier <a href=\"https:\/\/www.tichyseinblick.de\/kolumnen\/spahns-spitzwege\/der-unverbindliche-migrationspakt-ploetzlich-doch-verbindlich\/\">https:\/\/www.tichyseinblick.de\/kolumnen\/spahns-spitzwege\/der-unverbindliche-migrationspakt-ploetzlich-doch-verbindlich\/<\/a><br \/>\nDieser ist ab dem n\u00e4chsten Tag konsequent umgesetzt worden (was nat\u00fcrlich nicht kommuniziert wurde im \u00d6R und den MSM). Alles, was im Zusammenhang mit den Aktivit\u00e4ten der zu uns illegal eingefallenen, meist muslimischen und kriminellen Invasoren vor allem nicht passiert, oder besser passieren darf!, ist dort wortgenau vorgegeben. Nicht wundern. Einfach nur nachlesen und sich dann mal dar\u00fcber klar werden, da\u00df das 87 % ja so gew\u00e4hlt und folglich auch gewollt haben.<br \/>\n20.7.2020, Gra<\/p>\n<p>.<\/p>\n<p>&nbsp;<\/p>\n<p><strong>Friedlich Feiernde &#8211; Jetzt in Frankfurt am Opernplatz<\/strong><br \/>\nNeulich gab es doch in Stuttgart diese Riesenrandale. Jetzt wohl in Frankfurt am Opernplatz. Die Hessenschau berichtet dar\u00fcber: Polizeipr\u00e4sident \u201centsetzt\u201d \u00fcber Randale am Opernplatz.<br \/>\n<a href=\"https:\/\/www.hessenschau.de\/panorama\/nach-freiluft-party-polizeipraesident-entsetzt-ueber-randale-am-opernplatz,randale-opernplatz-100.html\">https:\/\/www.hessenschau.de\/panorama\/nach-freiluft-party-polizeipraesident-entsetzt-ueber-randale-am-opernplatz,randale-opernplatz-100.html<\/a><br \/>\nDieselbe Story, oder wie man in Neuschw\u00e4tz so sch\u00f6n sagt, das \u201eNarrativ\u201d, wie in Stuttgart: Alles immer nur \u201efriedliche Feiernde\u201d. Ganz harmlos. Und dann ein kleiner Anlass, eigentlich war ja die Polizei selbst dran schuld. Und wenn es dann doch zu schlimm wird und man es nicht mehr verschweigen kann, dann waren es \u201ejunge M\u00e4nner\u201d.<br \/>\nWir werden permanent von den Medien verarscht.<br \/>\nWas soll das f\u00fcr ein \u201eFeiern\u201d sein, zu dem sich da Leute auf \u00f6ffentlichen Pl\u00e4tzen versammeln und bei erster Gelegenheit Massenrandale starten? Was wurde denn da gefeiert? Hatten die alle Geburtstag? Sind wir wieder Fu\u00dfballweltmeister geworden? Alle beim Junggesellenabschied? &#8230;.<br \/>\nAll cops are bastards\u201c \u2013 Linke Parolen. Das waren nicht irgendwelche Leute. Schon gar nicht \u201eFeiernde\u201d. Ah. Hoher Migrantenanteil. Betrunken und hoch aggressiv. Was man so unter \u201eFeiern\u201d versteht.<br \/>\nZu meiner Zeit stand Feiern f\u00fcr \u201eGute Laune\u201d, das Gegenteil von \u201eaggressiv\u201d. Das ist wohl lange her. Irgendo in den Nachrichten \u2013 ich wei\u00df nicht mehr, ob Fernsehen oder Radio \u2013 hie\u00df es heute, dass es fast alles \u201ejunge M\u00e4nner\u201d waren. Es sind einfach die M\u00e4nner, die an allem schuld sind.<br \/>\nIch habe vor einiger Zeit mal zu diesem \u201ehistorisch einzigartigen Experiment\u201d geschrieben,<br \/>\n<a href=\"https:\/\/www.danisch.de\/blog\/2018\/02\/23\/ein-historisch-einzigartiges-experiment\/\">https:\/\/www.danisch.de\/blog\/2018\/02\/23\/ein-historisch-einzigartiges-experiment\/<\/a><br \/>\ndass zu einem Experiment auch jemand geh\u00f6rt, der es \u00fcberwacht, auswertet, verantwortlich ist und es gegebenenfalls abbricht \u2013 und es \u00fcberhaupt Abbruchbedingungen gibt. Der aktuelle Medien- und Gesellschaftdruck gegen \u201eRassismus\u201d deutet darauf hin, dass Medien, Politik, Linken ziemlich klar ist, dass da gerade richtig was anbrennt, und die versuchen, m\u00f6glichst alle zum Schweigen zu bringen und die Schuld daran anderen anzulasten. Momentan f\u00e4hrt man gro\u00dfe Breitseiten gegen die Polizei. Was die alles zu tun und unterlassen habe.<br \/>\nIch habe noch nie etwas davon geh\u00f6rt, dass man irgendwelche Verhaltensanforderungen an Linke oder Migranten stellen w\u00fcrde.<br \/>\n&#8230; Alles vom 19.7.2020 bitte lesen auf<br \/>\n<a href=\"https:\/\/www.danisch.de\/blog\/2020\/07\/19\/friedlich-feiernde\/\">https:\/\/www.danisch.de\/blog\/2020\/07\/19\/friedlich-feiernde\/<\/a><\/p>\n<p>&nbsp;<\/p>\n","protected":false},"excerpt":{"rendered":"<p>Home\u00a0&gt;Selbsthilfe\u00a0&gt;Krise\u00a0&gt;Gewalt\u00a0&gt;Polizei\u00a0&gt;Linke-Gewalt &gt;Strassenschlacht Party- und Eventsszene\u00a0 (Stuttgarts OB Fritz Kuhn (Gr\u00fcne)) alias Zusammenrottung von integrationsunwilligen Migranten und Linksradikalen zwecks Strassenschlacht bzw. Strassenkampf Strassenschlachten in Stuttgart und anderen St\u00e4dten: Events f\u00fcr erlebnisorientierte Jugendliche? &nbsp; Listenauswahl eines Beitrags (Artikel\/Datum, Seite\/Inhalt): Klicken oder scrollen &hellip; <a href=\"https:\/\/www.freiburg-schwarzwald.de\/blog\/selbsthilfe\/krise\/gewalt\/strassenschlacht\/\">Weiterlesen <span class=\"meta-nav\">&rarr;<\/span><\/a><\/p>\n","protected":false},"author":2,"featured_media":0,"parent":8837,"menu_order":0,"comment_status":"open","ping_status":"closed","template":"","meta":{"footnotes":""},"class_list":["post-82300","page","type-page","status-publish","hentry"],"_links":{"self":[{"href":"https:\/\/www.freiburg-schwarzwald.de\/blog\/wp-json\/wp\/v2\/pages\/82300","targetHints":{"allow":["GET"]}}],"collection":[{"href":"https:\/\/www.freiburg-schwarzwald.de\/blog\/wp-json\/wp\/v2\/pages"}],"about":[{"href":"https:\/\/www.freiburg-schwarzwald.de\/blog\/wp-json\/wp\/v2\/types\/page"}],"author":[{"embeddable":true,"href":"https:\/\/www.freiburg-schwarzwald.de\/blog\/wp-json\/wp\/v2\/users\/2"}],"replies":[{"embeddable":true,"href":"https:\/\/www.freiburg-schwarzwald.de\/blog\/wp-json\/wp\/v2\/comments?post=82300"}],"version-history":[{"count":5,"href":"https:\/\/www.freiburg-schwarzwald.de\/blog\/wp-json\/wp\/v2\/pages\/82300\/revisions"}],"predecessor-version":[{"id":151314,"href":"https:\/\/www.freiburg-schwarzwald.de\/blog\/wp-json\/wp\/v2\/pages\/82300\/revisions\/151314"}],"up":[{"embeddable":true,"href":"https:\/\/www.freiburg-schwarzwald.de\/blog\/wp-json\/wp\/v2\/pages\/8837"}],"wp:attachment":[{"href":"https:\/\/www.freiburg-schwarzwald.de\/blog\/wp-json\/wp\/v2\/media?parent=82300"}],"curies":[{"name":"wp","href":"https:\/\/api.w.org\/{rel}","templated":true}]}}