{"id":81819,"date":"2020-07-01T13:24:02","date_gmt":"2020-07-01T11:24:02","guid":{"rendered":"https:\/\/www.freiburg-schwarzwald.de\/blog\/?page_id=81819"},"modified":"2026-06-13T08:03:37","modified_gmt":"2026-06-13T06:03:37","slug":"israel2020","status":"publish","type":"page","link":"https:\/\/www.freiburg-schwarzwald.de\/blog\/global\/israel\/israel2020\/","title":{"rendered":"Israel2020"},"content":{"rendered":"<p>Home &gt;<a title=\"Global\" href=\"https:\/\/www.freiburg-schwarzwald.de\/blog\/global\/\">Globa<\/a>l &gt;<a title=\"Juden\" href=\"https:\/\/www.freiburg-schwarzwald.de\/blog\/religion\/juden\/\">Juden<\/a>\u00a0&gt;Israel &gt;<a title=\"Israel2020\" href=\"https:\/\/www.freiburg-schwarzwald.de\/blog\/global\/israel\/israel2020\/\">Israel2020<\/a><\/p>\n<div id=\"attachment_40385\" style=\"width: 649px\" class=\"wp-caption alignnone\"><a href=\"https:\/\/www.freiburg-schwarzwald.de\/blog\/global\/israel\/israel2013\/genezareth\/genezareth-pan131029\/\" rel=\"attachment wp-att-40385\"><img loading=\"lazy\" decoding=\"async\" aria-describedby=\"caption-attachment-40385\" class=\"size-full wp-image-40385\" src=\"https:\/\/www.freiburg-schwarzwald.de\/blog\/wp-content\/uploads\/2013\/11\/genezareth-pan131029.jpg\" alt=\"Blick nach Westen \u00fcber den See Genezareth auf Tiberias am 29.10.2013\" width=\"639\" height=\"200\" srcset=\"https:\/\/www.freiburg-schwarzwald.de\/blog\/wp-content\/uploads\/2013\/11\/genezareth-pan131029.jpg 639w, https:\/\/www.freiburg-schwarzwald.de\/blog\/wp-content\/uploads\/2013\/11\/genezareth-pan131029-180x56.jpg 180w\" sizes=\"auto, (max-width: 639px) 100vw, 639px\" \/><\/a><p id=\"caption-attachment-40385\" class=\"wp-caption-text\">Blick nach Westen \u00fcber den See Genezareth auf Tiberias am 29.10.2013<\/p><\/div>\n<ul>\n<li><em>Listenauswahl eines Beitrags (Artikel\/Datum, Seite\/Inhalt):\u00a0<span style=\"text-decoration: underline;\">Klicken<\/span>\u00a0oder scrollen<\/em><\/li>\n<li><a href=\"https:\/\/www.freiburg-schwarzwald.de\/blog\/markt-der-partnerstaedte-freiburg\/\">Markt der Partnerst\u00e4dte Freiburg<\/a>\u00a0(12.6.2026)<\/li>\n<li><a href=\"https:\/\/www.freiburg-schwarzwald.de\/blog\/israel-europa-wird-islamisch\/\">Israel: Europa wird islamisch<\/a>\u00a0(18.8.2025)<\/li>\n<li><a href=\"https:\/\/www.freiburg-schwarzwald.de\/blog\/drusen-ermordet-berlin-jubelt\/\">Drusen ermordet \u2013 Berlin jubelt<\/a>\u00a0(23.7.2025)<\/li>\n<li><a href=\"https:\/\/www.freiburg-schwarzwald.de\/blog\/global\/deutschland\/deutschland-israel\/\">Deutschland braucht Israel mehr als umgekehrt<\/a>\u00a0(3.10.2024)<\/li>\n<li><a href=\"https:\/\/www.freiburg-schwarzwald.de\/blog\/global\/israel\/palaestina\/westbank\/\">Frieden im Westjordanland: Flurbereinigung<\/a>\u00a0(2.1.2024)<\/li>\n<li><a href=\"https:\/\/www.freiburg-schwarzwald.de\/blog\/bundestag-gegen-bds-boykott\/\">Bundestag gegen BDS-Boykott<\/a> (7.11.2023)<\/li>\n<li><a href=\"https:\/\/www.freiburg-schwarzwald.de\/blog\/global\/israel\/israel-geschichte\/\">Unsterbliche Nahost-Legenden und wie man sie zerlegt<\/a>\u00a0(25.10.2023)<\/li>\n<li><a href=\"https:\/\/www.freiburg-schwarzwald.de\/blog\/land-fuer-frieden\/\">Land f\u00fcr Frieden<\/a>\u00a0(12.10.2023)<\/li>\n<li><a href=\"https:\/\/www.freiburg-schwarzwald.de\/blog\/hamas-beginnt-krieg-mit-israel\/\">Hamas beginnt Krieg mit Israel<\/a> (8.10.2023)<\/li>\n<li><a href=\"https:\/\/www.freiburg-schwarzwald.de\/blog\/juedische-jugend-buht-roth-aus\/\">J\u00fcdische Jugend buht Roth aus<\/a>\u00a0(22.5.2023)<\/li>\n<li><a href=\"https:\/\/www.freiburg-schwarzwald.de\/blog\/religion\/juden\/juedisches-leben\/deutsch-israelischer-arbeitskreis\/\">Yom HaShoah \u2013 israelischer Holocaustgedenktag 18.4.2023 Ringsheim<\/a>\u00a0(31.3.2023)<\/li>\n<li><a href=\"https:\/\/www.freiburg-schwarzwald.de\/blog\/global\/arabien-israel\/\">Im Nahen Osten was Neues: Arabisch-israelische Beziehungen wachsen<\/a> (1.3.2023)<\/li>\n<li>ARD berichtet falsch zur Obersten Gerichtshof in Israel (18.1.2023)<\/li>\n<li>Seit \u00fcber 3000 Jahren leben Juden in Jerusalem (19.10.2022)<\/li>\n<li><a href=\"https:\/\/www.freiburg-schwarzwald.de\/blog\/olympia-attentat-muenchen-50\/\">Olympia-Attentat M\u00fcnchen 50 Jahre<\/a>\u00a0(14.9.2022)<\/li>\n<li><a href=\"https:\/\/www.freiburg-schwarzwald.de\/blog\/bildung\/holocaust-education\/\">Der Pal\u00e4stinenserpr\u00e4sident Abbas wirft Israel \u00ab50 Holocausts\u00bb an seinem Volk vor \u2013 und der deutsche Kanzler schweigt<\/a>\u00a0(17.8.2022)<\/li>\n<li><a href=\"https:\/\/www.freiburg-schwarzwald.de\/blog\/global\/ukraine\/ukraine-demokratie\/\">Ein j\u00fcdischer Held \u2013 Ukraine-Pr\u00e4sident Selenski<\/a>\u00a0(6.5.2022)<\/li>\n<li><a href=\"https:\/\/www.freiburg-schwarzwald.de\/blog\/global\/arabien-israel\/\">Israel und die Araber: Wind of Change<\/a> (3.5.2022)<\/li>\n<li><a href=\"https:\/\/www.freiburg-schwarzwald.de\/blog\/eine-unendliche-geschichte\/\">Eine unendliche Geschichte<\/a>\u00a0(26.5.2021)<\/li>\n<li><a href=\"https:\/\/www.freiburg-schwarzwald.de\/blog\/religion\/juden\/judenhass2021\/\">Chaim Noll: Kanzlerin hat offenen Judenhass in D wieder m\u00f6glich gemacht<\/a>\u00a0(19.5.2021)<\/li>\n<li><a href=\"https:\/\/www.freiburg-schwarzwald.de\/blog\/israel-die-einsame-demokratie\/\">Israel \u2013 die einsame Demokratie<\/a>\u00a0(18.5.2021)<\/li>\n<li><a href=\"https:\/\/www.freiburg-schwarzwald.de\/blog\/global\/israel\/90800-2\/\">Die unendliche Geschichte Hamas-Israel<\/a>\u00a0(17.5.2021)<\/li>\n<li><a href=\"https:\/\/www.freiburg-schwarzwald.de\/blog\/israel-staatsraison-nur-verbal\/\">Israel Staatsraison \u2013 nur verbal<\/a>\u00a0(15.5.2021)<\/li>\n<li><a href=\"https:\/\/www.freiburg-schwarzwald.de\/blog\/synagogen-angegriffen-angst\/\">Synagogen angegriffen &#8211; Angst<\/a> (13.5.2021)<\/li>\n<li><a href=\"https:\/\/www.freiburg-schwarzwald.de\/blog\/israel-und-deutschland-vakzine\/\">Israel und Deutschland: Vakzine<\/a> (27.2.2021)<\/li>\n<li>Trump, Johnson und Netanjahu erfolgreich &#8211; Journalisten nicht (25.2.2021)<\/li>\n<li><a href=\"https:\/\/www.freiburg-schwarzwald.de\/blog\/global\/arabien-israel\/\">Friede Israel-Pal\u00e4stina \u00fcber die Wirtschaft, nicht \u00fcber die Politik<\/a> (2.2.2021)<\/li>\n<li><a href=\"https:\/\/www.freiburg-schwarzwald.de\/blog\/global\/polen\/\">Willy Brandts Kniefall in Warschau 1970 und die Nahostpolitik<\/a> (6.12.2020)<\/li>\n<li><a title=\"Zentralrat der Juden: 70 Jahre\" href=\"https:\/\/www.freiburg-schwarzwald.de\/blog\/zentralrat-der-juden-70-jahre\/\">Zentralrat der Juden in Deutschland (ZdJ): 70 Jahre<\/a>\u00a0(17.9.2020)<\/li>\n<li><a title=\"Arabien-Israel\" href=\"https:\/\/www.freiburg-schwarzwald.de\/blog\/global\/arabien-israel\/\">Friedensvertrag. Bahrein und VAE mit Israel<\/a> (16.9.2020)<\/li>\n<li><a title=\"J\u00fcdisches-Leben\" href=\"https:\/\/www.freiburg-schwarzwald.de\/blog\/religion\/juden\/juedisches-leben\/\">Herbolzheim versagte eine DIA-Veranstaltung \u00fcber Theodor Herzl<\/a>\u00a0(6.9.2020)<\/li>\n<li>Alle arabischen Anrainerstaaten und der Irak haben Israel 1948 angegriffen (5.9.2020)<\/li>\n<li><a title=\"Profanierung\" href=\"https:\/\/www.freiburg-schwarzwald.de\/blog\/kultur\/erinnerungskultur\/profanierung\/\">Freiburg pr\u00fcft\u00a0Umgang mit zuk\u00fcnftigen Demos auf Platz der alten Synagoge<\/a>\u00a0(24.8.2020)<\/li>\n<li>Israel &#8211; Vereinte\u00a0Emirate: Manchmal werden Wunder wahr (17.8.2020)<\/li>\n<li><a title=\"Araber in Israel: von D ignoriert\" href=\"https:\/\/www.freiburg-schwarzwald.de\/blog\/araber-in-israel-von-d-ignoriert\/\">Araber in Israel: Von der deutschen Politik+Medien ignoriert<\/a> (14.7.2020)<\/li>\n<li><a title=\"Israel Jud\u00e4a Samaria Bundestag\" href=\"https:\/\/www.freiburg-schwarzwald.de\/blog\/israel-judaea-samaria-bundestag\/\">Israel Jud\u00e4a Samaria \u2013 im Bundestag<\/a>\u00a0(5.7.2020)<\/li>\n<li>Israel &#8211; der b\u00f6seste Staat der Welt? (1.7.2020)<\/li>\n<li>Die anti-israelische Internationale (29.6.2020)<\/li>\n<li>Warum es keine Besetzung von Jud\u00e4a und Samaria gibt (29.6.2020)<\/li>\n<li>The EU must recognize Israeli Sovereignty in Judea and Samaria (26.6.2020)<\/li>\n<li>Der Verbleib von Jud\u00e4a und Samaria in Israel ist nicht v\u00f6lkerrechtswidrig (20.6.2020)<\/li>\n<li><a href=\"https:\/\/www.freiburg-schwarzwald.de\/blog\/bildung\/heinsohn\/\">Gunnar Heinsohn: Das Hamas-Israel Paradox<\/a>\u00a0(19.5.2018)<\/li>\n<li><\/li>\n<li><a title=\"Antisemitismus\" href=\"https:\/\/www.freiburg-schwarzwald.de\/blog\/religion\/juden\/antisemitismus\/\">Antisemitismus<\/a><\/li>\n<li><a title=\"Arabien-Israel\" href=\"https:\/\/www.freiburg-schwarzwald.de\/blog\/global\/arabien-israel\/\">Arabien-Israel<\/a><\/li>\n<li><a title=\"Auschwitz1945-2020\" href=\"https:\/\/www.freiburg-schwarzwald.de\/blog\/kultur\/erinnerungskultur\/auschwitz1945-2020\/\">Auschwitz1945-2020<\/a><\/li>\n<li><a href=\"https:\/\/www.freiburg-schwarzwald.de\/blog\/religion\/juden\/juedisches-leben\/deutsch-israelischer-arbeitskreis\/\">Deutsch-Israelischer-Arbeitskreis DIA<\/a><\/li>\n<li><a title=\"Europa-Nationen\" href=\"https:\/\/www.freiburg-schwarzwald.de\/blog\/global\/eu\/europa-nationen\/\">Europa-Nationen<\/a><\/li>\n<li><a href=\"http:\/\/ga\">Gaza<\/a><\/li>\n<li><a title=\"Iran\" href=\"https:\/\/www.freiburg-schwarzwald.de\/blog\/global\/iran\/\">Iran<\/a><\/li>\n<li><a title=\"Israel\" href=\"https:\/\/www.freiburg-schwarzwald.de\/blog\/global\/israel\/\">Israel<\/a><\/li>\n<li><a title=\"Israel2013\" href=\"https:\/\/www.freiburg-schwarzwald.de\/blog\/global\/israel\/israel2013\/\">Israel2013<\/a><\/li>\n<li><a title=\"Israel2019\" href=\"https:\/\/www.freiburg-schwarzwald.de\/blog\/global\/israel\/israel2019\/\">Israel2019<\/a><\/li>\n<li><a href=\"https:\/\/www.freiburg-schwarzwald.de\/blog\/global\/israel\/israel-geschichte\/\">Israel-Geschichte<\/a><\/li>\n<li><a title=\"Jerusalem\" href=\"https:\/\/www.freiburg-schwarzwald.de\/blog\/religion\/jerusalem\/\">Jerusalem<\/a><\/li>\n<li><a title=\"Juden\" href=\"https:\/\/www.freiburg-schwarzwald.de\/blog\/religion\/juden\/\">Juden<\/a><\/li>\n<li><a href=\"https:\/\/www.freiburg-schwarzwald.de\/blog\/religion\/juden\/judenhass2021\/\">Judenhass2021<\/a><\/li>\n<li><a title=\"J\u00fcdisches-Leben\" href=\"https:\/\/www.freiburg-schwarzwald.de\/blog\/religion\/juden\/juedisches-leben\/\">J\u00fcdisches-Leben<\/a><\/li>\n<li><a title=\"Palaestina\" href=\"https:\/\/www.freiburg-schwarzwald.de\/blog\/global\/israel\/palaestina\/\">Palaestina<\/a><\/li>\n<li><a title=\"Profanierung\" href=\"https:\/\/www.freiburg-schwarzwald.de\/blog\/kultur\/erinnerungskultur\/profanierung\/\">Profanierung<\/a><\/li>\n<li><a title=\"TelAviv\" href=\"https:\/\/www.freiburg-schwarzwald.de\/blog\/global\/twintowns\/telaviv\/\">Tel Aviv<\/a><\/li>\n<li><a href=\"https:\/\/www.israelheute.com\/\">www.israelheute.com<\/a><\/li>\n<li><a href=\"https:\/\/www.freiburg-schwarzwald.de\/blog\/global\/ukraine\/ukraine-demokratie\/\">Ukraine-Demokratie<\/a><\/li>\n<li><a href=\"https:\/\/www.freiburg-schwarzwald.de\/blog\/global\/israel\/palaestina\/westbank\/\">West Bank<\/a><\/li>\n<\/ul>\n<p>&nbsp;<\/p>\n<p><strong>ARD berichtet falsch zur Obersten Gerichtshof in Israel<\/strong><br \/>\nZitat (<a href=\"https:\/\/www.freiburg-schwarzwald.de\/blog\/kultur\/medien\/oerr\/\">ARD-Nachrichten<\/a> vom 15.1.2023: &#8222;Proteste in Israel &#8211; Informationen von Sophie von der Tann in Tel Aviv): <em>\u201eDie gro\u00dfe Bef\u00fcrchtung ist, dass mit dieser Justizreform die Gewaltenteilung aufgehoben wird, dass Gesetze, die gegen die Verfassung versto\u00dfen, beschlossen werden k\u00f6nnten \u2026 Konkret geht es darum, dass die Knesset in der Lage sein soll, mit einer einfachen Mehrheit Entscheidungen vom Obersten Gericht zu \u00fcberstimmen. Und das hie\u00dfe dann auch, dass Gesetze, die gegen die Verfassung versto\u00dfen, beschlossen werden k\u00f6nnten. Im Moment ist hier das Oberste Gericht die einzige Kontrollinstanz \u00fcber das Parlament, und die w\u00e4re dann weitgehend ausgehebelt.<\/em><br \/>\n<em>\u00a0 Au\u00dferdem soll die Politik mehr Einfluss darauf bekommen, wer ernannt wird als Richter, und das wird nat\u00fcrlich die Unabh\u00e4ngigkeit der Justiz in Israel sehr beeintr\u00e4chtigen.\u201d<\/em><br \/>\nWie, wenn es ganz schlimm kommt, in Deutschland? Ist es nicht unangemessen, ja dreist, dass ausgerechnet eine deutsche, \u00fcberdies zwangsfinanzierte Journalistin den Einfluss der Politik auf die Ernennung von Verfassungsrichtern in einem anderen Land moniert?<\/p>\n<p>Strenggenommen geht es in Israel darum, dass vom Parlament beschlossene Gesetze nicht mehr ad libitum vom Obersten Gericht aufgehoben werden k\u00f6nnen. Ein israelischer Freund schreibt mir: \u201eDiese Sophie von der Tann ist so unglaublich inkompetent, es ist eine Schande, dass sie auf Kosten der GEZ-Zahler in Israel leben darf. Israel hat keine Verfassung, sondern mehrere Grundgesetze. Der BaGaZ (oberste Gerichtshof) setzt sich aus 15 Mitgliedern zusammen, die bislang haupts\u00e4chlich durch Kooptation gew\u00e4hlt wurden: 1948, bei der Staatsgr\u00fcndung, wurden von der sozialistischen Mehrheit linke Richter eingesetzt, und seither haben diese linken Richter wiederum linke Richter ernannt, obwohl die politische Linke im Verlauf der Jahrzehnte massiv an R\u00fcckhalt eingeb\u00fc\u00dft hat.<br \/>\nWas die Netanyahu-Regierung will, ist, dass die Richter k\u00fcnftig vom Parlament gew\u00e4hlt werden und nicht von einem intransparenten Gremium, in dem sich die abgehobenen Tel Aviver Sozis tummeln und rumkl\u00fcngeln.\u201d<br \/>\nF\u00fcr den Linken ist die Demokratie in Gefahr, wenn sie keine linken Mehrheiten produziert.<br \/>\n&#8230; Alles vom 18.1.2023 bitte lesen auf<br \/>\n<a href=\"https:\/\/www.klonovsky.de\/2023\/01\/18-januar-2022\/\">https:\/\/www.klonovsky.de\/2023\/01\/18-januar-2022\/<\/a><\/p>\n<p>&nbsp;<\/p>\n<p><strong>Seit \u00fcber 3000 Jahren leben Juden in Jerusalem<\/strong><br \/>\nDie australische Au\u00dfenministerin Penny Wong hat am Dienstag in Canberra erkl\u00e4rt, ihre Regierung werde die Anerkennung von West-Jerusalem als israelische Hauptstadt r\u00fcckg\u00e4ngig machen. Da f\u00e4llt mir ein Witz ein.<br \/>\nEin Jude, ein Christ und ein Moslem kommen in eine Bar. Sagt der Christ: \u201eIhr Juden habt Jesus umgebracht!\u201c Darauf erwidert der Jude: \u201eNein, das waren die Muslime.\u201c Das erz\u00fcrnt den Moslem, der sagt: \u201eSo ein Bl\u00f6dsinn. Vor zweitausend Jahren gab es noch gar keine Muslime.\u201c Der Christ nickt: Darauf sagt der Jude: \u201eStimmt. Dann k\u00f6nnen wir ja jetzt \u00fcber Jerusalem sprechen!\u201c<\/p>\n<p>Jerusalem ist die Hauptstadt Israels, ganz egal ob die Australische Regierung das anerkennt oder nicht. Jerusalem ist und bleibt die wichtigste Stadt der Juden. Jedes Jahr beenden Juden die Feierlichkeit zu Pessach mit dem Gebet: \u201eN\u00e4chstes Jahr in Jerusalem!\u201c Das Judentum kennt nur eine heilige St\u00e4tte. Es ist der Tempel, der auf dem Tempelberg stand. Dieser Tempelberg befindet sich in Jerusalem. Diese Stadt ist f\u00fcr Juden so heilig wie Mekka f\u00fcr Muslime und der Vatikan f\u00fcr Katholiken. Wer Juden Jerusalem abspricht, muss Muslimen Mekka und Katholiken den Vatikan absprechen.<\/p>\n<p>Seit \u00fcber 3000 Jahren leben Juden in Jerusalem.<br \/>\nIm j\u00fcdischen Tanach wird das Wort Jerusalem erstmals erw\u00e4hnt. Die erste Sprache, in der die Stadt beschrieben wurde, ist somit Hebr\u00e4isch, die Sprache der Juden und neben Arabisch die Nationalsprache Israels.<br \/>\nJerusalem war die Hauptstadt des K\u00f6nigreichs Israel! Dieses K\u00f6nigreich hat vor dreitausend Jahren existiert. Jerusalem war in der langen Geschichte seiner Existenz lediglich die Hauptstadt von Juden. Seit \u00fcber 3000 Jahren leben Juden in Jerusalem. Der Jude Jesus hat hier gepredigt. Juden waren, werden und sind in dieser Stadt niemals illegale Siedler sein, ob nun im Norden, S\u00fcden, Westen oder im Osten der Stadt!<br \/>\nMit der UN-Resolution 2334 vom 23. Dezember 2016 wurden Juden zu illegalen Siedlern in Ost-Jerusalem erkl\u00e4rt, obwohl sie dort l\u00e4nger leben als Christen und Muslime. Diese Resolution ist das Papier nicht wert, worauf sie gedruckt wurde. Die Vertreibung von Juden ist kein V\u00f6lkerrecht. Selbst dann nicht, wenn sich alle Staaten darauf einigen. Alle Staaten k\u00f6nnen Unrecht haben, wenn es um Juden geht. Es ist schon mal passiert.<br \/>\nVor 2000 Jahren gab es in Europa keine Christen. Vor \u00fcber 1500 Jahre gab es im Nahen Osten keine Muslime. Warum sind also Christen und Muslime keine illegalen Siedler in diesen Gebieten, aber Juden in Jerusalem, die dort kontinuierlich seit \u00fcber 3000 Jahren leben, lange bevor sich irgendeine andere heute aktive Gemeinschaft dort niedergelassen hat?<\/p>\n<p>Paris wurde gebaut, bevor es Frankreich gab<br \/>\nBerlin wurde gegr\u00fcndet, bevor es Deutschland gab. Paris wurde gebaut, bevor es Frankreich gab. London entstand, bevor es England gab. Wer erkl\u00e4rt, Jerusalem sei nicht die Hauptstadt der Juden, kann Berlin nicht als deutsche, Paris nicht als franz\u00f6sische und London nicht als englische Hauptstadt anerkennen.<br \/>\nEs ist v\u00f6llig absurd, Jerusalem nicht als Hauptstadt Israels anzuerkennen. Das Parlament und das Oberste Gericht Israels stehen in Jerusalem. Wer Jerusalem als Hauptstadt Israels nicht anerkennt, erkennt die Fakten nicht an. Jerusalem war, ist und wird immer die Hauptstadt der Juden bleiben.<br \/>\nSolange Jerusalem die Hauptstadt Israels ist, werden dort Juden, Christen, Muslime und alle anderen Religionen frei ihre Traditionen aus\u00fcben k\u00f6nnen, so wie es die Gesetze Israels vorsehen, die allen B\u00fcrgerinnen und B\u00fcrgern des Landes die gleichen Rechte garantieren, egal, woran sie glauben, wen sie lieben, wie die aussehen oder was f\u00fcr ein Geschlecht sie haben. Das ist in der Region einzigartig. So einzigartig wie Israel.<br \/>\n&#8230; Alles vom 19.10.2022 von Gerd Buurmann bitte lesen auf<br \/>\n<a href=\"https:\/\/www.achgut.com\/artikel\/dann_koennen_wir_ja_jetzt_ueber_jerusalem_sprechen\">https:\/\/www.achgut.com\/artikel\/dann_koennen_wir_ja_jetzt_ueber_jerusalem_sprechen<\/a><\/p>\n<p>&nbsp;<\/p>\n<p>.<\/p>\n<p><strong>Trump, Johnson und Netanjahu erfolgreich &#8211; Journalisten nicht<\/strong><br \/>\nDie Freunde der politischen Schwarz-Wei\u00df-Fotografie erkl\u00e4rten nach dem Platzen der Regierungskoalition von Israels Ministerpr\u00e4sident Benjamin Netanjahu, nach dem Umfragetief von Boris Johnson in London und der Wahlniederlage von <a href=\"https:\/\/www.freiburg-schwarzwald.de\/blog\/global\/usa\/trump\/\">Donald Trump<\/a>, die Hochzeit des politischen Populismus f\u00fcr beendet. Kaum einer ging mit seinem \u201ewishful thinking\u201c \u2013 also der Prophezeiung dessen, was man selber hofft \u2013 so weit wie der au\u00dfenpolitische Kopf der \u201eS\u00fcddeutschen Zeitung\u201c Stefan Kornelius: &#8222;Der Koalitionsbruch in Israel und Netanjahus Niedergang gehen einher mit anderen hoffnungsstiftenden Signalen aus der Welt der Populisten. Donald Trump: abgew\u00e4hlt und isoliert, ein W\u00fcterich, eingesperrt f\u00fcr vier Wochen noch im ovalen Zimmer des Wei\u00dfen Hauses. Boris Johnson: ein Kaiser mit immer neuen Kleidern. \u201c Sein Fazit \u2013 einen Tag vor Heiligabend ver\u00f6ffentlicht: &#8222;Trump, Johnson, Netanjahu \u2013 alle drei zehren von den k\u00fcmmerlichen Resten ihres Kapitals. \u201c<br \/>\nDie n\u00fcchternen Fakten, und nur darum kann es einem politisch unabh\u00e4ngigen Journalismus gehen, sehen deutlich anders aus:<\/p>\n<p>1. Benjamin Netanjahu sitzt dank der generalstabsm\u00e4\u00dfig durchgef\u00fchrten Impfkampagne (und dank seiner Wiederwahl) fester im Sattel denn je. Rund 70 Prozent des Neun-Millionen-Volkes sind geimpft. Freund und Feind applaudieren dem Ministerpr\u00e4sidenten.<br \/>\n2. Auch <a href=\"https:\/\/www.freiburg-schwarzwald.de\/blog\/johnson-rede-nach-dem-brexit\/\">Boris Johnson<\/a> l\u00f6ste im Zuge seiner Impfstrategie und mit seiner \u00d6ffnungspolitik (\u201eEinbahnstra\u00dfe zur Freiheit\u201c) beim heimischen Publikum eine Welle der Begeisterung aus. 40 Prozent der Briten und mehr als 90 Prozent der \u00fcber 70-J\u00e4hrigen sind mittlerweile gegen COVID-19 geimpft. Die Sommersaison ist seitens der Regierung zum Verreisen freigegeben. TUI meldet bei den Urlaubsbuchungen einen Anstieg von 500 Prozent.<br \/>\n3. Donald Trump denkt nicht daran, aufzugeben. \u201eEr ist die politisch vitalste Stimme unserer Partei\u201c, r\u00e4umt selbst sein ewiger Gegenspieler, der ehemalige Pr\u00e4sidentschaftskandidat und heutige Senator von Utah Mitt Romney ein. In der \u201eNew York Times\u201c prognostiziert er:<\/p>\n<p>Wir lernen: Das Publikum interessiert sich wenig f\u00fcr die Etiketten, die Journalisten zu verteilen haben. Eine Regierung wird nicht daran gemessen, ob sie links oder rechts blinkt, sondern ob sie effektiv regiert. Politik ist f\u00fcr die Mehrheit des B\u00fcrgertums eben keine Kampfsportart, sondern eine Disziplin zur Verbesserung ihrer Lebensumst\u00e4nde. Wer liefert, bleibt. Wer Lieferschwierigkeiten hat \u2013 siehe Trump in der Pandemie, siehe Johnson und sein Brexit \u2013 wird abgestraft. Und sei es auf Bew\u00e4hrung.<br \/>\nFazit:<br \/>\n<em><strong>B\u00fcrger sind von ihren Interessen getrieben; <\/strong><\/em><br \/>\n<em><strong>viele Journalisten von ihrer <a href=\"https:\/\/www.freiburg-schwarzwald.de\/blog\/kultur\/medien\/journalismus\/haltungsjournalismus\/\">Haltung<\/a>.\u00a0<\/strong><\/em><br \/>\nSie sprechen nur scheinbar \u00fcber Trump, Johnson und Netanjahu, aber in Wahrheit \u00fcber sich.<br \/>\n&#8230; Alles vom 25.2.2021 von Gabor Steinhart&#8217;s MorgenBriefing bitte lesen auf<br \/>\n<a href=\"https:\/\/news.gaborsteingart.com\/online.php\">https:\/\/news.gaborsteingart.com\/online.php<\/a><\/p>\n<p>&nbsp;<\/p>\n<p>&nbsp;<\/p>\n<p><strong>Alle arabischen Anrainerstaaten und der Irak haben Israel 1948 angegriffe<\/strong>n<br \/>\nHerr B\u00fcchi behauptet, dass Israels Gebietsanspruch f\u00fcr das Westjordanland weiterhin durch das V\u00f6lkerbundmandat von 1922 besteht. Dies trifft nicht zu. Der V\u00f6lkerbund wurde am 20. April 1946 aufgel\u00f6st. Als Rechtsnachfolger wurde die UN (Vereinte Nationen) am 26. Juni 1945 gegr\u00fcndet. Damit hatte die UN auch die M\u00f6glichkeit, bei \u00fcbernommenen Mandatsgebieten bei auftretenden Schwierigkeiten aktiv zu werden. Am Ende des Zweiten Weltkriegs h\u00e4uften sich im Noch-Mandatsgebiet Pal\u00e4stina terroristische Anschl\u00e4ge seitens der Pal\u00e4stinenser und auch von j\u00fcdischen Gruppen.<br \/>\nDie UN hat 1946 eine eigene Gruppierung gegr\u00fcndet mit dem Auftrag zu pr\u00fcfen, inwieweit eine Zweistaatenl\u00f6sung machbar ist, um die Region zu befrieden. Das Ergebnis der \u00dcberpr\u00fcfung wurde bei der UN-Vollversammlung am 29. November 1947 zur Abstimmung vorgelegt und fand Zustimmung. Die arabischen Staaten lehnten die Resolution ab. Auch auf j\u00fcdischer Seite gab es nicht nur Freude, sondern kritische Stimmen. Letztlich konnte sich David Ben-Gurion als Ministerpr\u00e4sident durchsetzen und am 14. Mai 1948 die Unabh\u00e4ngigkeit Israels ausrufen.<br \/>\nDer UN-Teilungsplan ist zun\u00e4chst bez\u00fcglich des f\u00fcr Israel angedachten Gebietes realisiert worden. Der pal\u00e4stinensische Staat entstand nicht, weil die arabischen Staaten die L\u00f6sung ablehnten. Jerusalem sollte f\u00fcr zehn Jahre eine freie Stadt sein, verwaltet von einem internationalen Komitee. Tats\u00e4chlich haben alle arabischen Anrainerstaaten und der Irak Israel am 15. Mai 1948 angegriffen. Dabei besetzte Jordanien das f\u00fcr die Pal\u00e4stinenser vorgesehene Westjordanland plus Ostjerusalem. Westjerusalem wurde von Israel besetzt, die Stadt blieb bis zum Sechstagekrieg geteilt.<br \/>\n5.9.2020, Johannes Reiner, B\u00f6tzingen, BZ<br \/>\n.<br \/>\n<strong>Westjordanland geh\u00f6rt zur j\u00fcdischen Heimst\u00e4tte<\/strong><br \/>\nDer Grund f\u00fcr schlechte Friedensaussichten liegt meiner Meinung nach im Islam, nach dessen Lehre (einst) islamisches Gebiet nie von Nicht-Muslimen beherrscht werden darf. Deshalb herrscht seit 100 Jahren ein Kampf gegen die dortigen Juden mit dem Ziel, ihre Pr\u00e4senz auszul\u00f6schen (siehe pal\u00e4stinensische Nationalcharta). Daran wird auch der Flirt Netanjahus mit den Vereinigten Arabischen Emiraten nichts \u00e4ndern, die sich im gemeinsamen Feind Iran gefunden haben.<br \/>\nIm Kommentar wird v\u00f6llig ignoriert, dass das Westjordanland gem\u00e4\u00df dem v\u00f6lkerrechtlich g\u00fcltigen V\u00f6lkerbundmandat von 1922 zur sogenannten j\u00fcdischen Heimst\u00e4tte (zwischen Jordan und Mittelmeer) geh\u00f6rt. Es war 1948 im arabischen Angriffskrieg gegen Israel zusammen mit Ost-Jerusalem illegal von Jordanien besetzt worden, bis 1967. Israels Gebietsanspruch besteht jedoch unver\u00e4ndert, das hei\u00dft, es existiert rechtlich kein &#8222;pal\u00e4stinensisches&#8220; Gebiet. \u00dcbrigens war der UNO-Teilungsplan von 1947 am Nein der Araber gescheitert, so dass das V\u00f6lkerbundsmandat g\u00fcltig blieb.<br \/>\nDass Gaza sicherheitshalber blockiert ist, ist auf den Terror der Hamas mittels tausender Raketen gegen Israel zur\u00fcckzuf\u00fchren. Davon sind lebenswichtige G\u00fcter jedoch nicht betroffen. Eigentlich grotesk, wenn gerade Chinas UN-Botschafter Israel vor Gewalt gegen die Zivilbev\u00f6lkerung warnt.<br \/>\n26.8.2020, Hanspeter B\u00fcchi, CH-St\u00e4fa,<br \/>\n.<br \/>\nDies ist ein Leserbrief zu &#8222;Der neue neue Nahost-Vertrag ist kein Pakt f\u00fcr den Frieden&#8220; vom 14.8.2020<br \/>\n<a href=\"https:\/\/www.badische-zeitung.de\/der-neue-neue-nahost-vertrag-ist-kein-pakt-fuer-den-frieden--191609431.html\">https:\/\/www.badische-zeitung.de\/der-neue-neue-nahost-vertrag-ist-kein-pakt-fuer-den-frieden&#8211;191609431.html<\/a><\/p>\n<p>.<\/p>\n<p>.<\/p>\n<p>&nbsp;<\/p>\n<p><strong>Israel &#8211; Vereinte Emirate: Manchmal werden Wunder wahr<\/strong><br \/>\nHeute ist Israel auf dem Gebiet der Hightech-Industrie eins der f\u00fchrenden L\u00e4nder der Welt. Zum Beispiel der weltweit gr\u00f6\u00dfte Exporteur unbemannter Flugk\u00f6rper (die unter anderem von der Bundeswehr geleast werden, zuletzt im Juni 2018 f\u00fcnf Eitan-Heron-Drohnen f\u00fcr rund eine Milliarde Euro).<br \/>\nViele der kleinen Start-ups von damals, gegr\u00fcndet von Studenten, sind heute weltweit t\u00e4tige Unternehmen, in vielen F\u00e4llen mit offiziellem Firmensitz im Ausland, um mit Staaten, die offiziell keine Beziehungen zu Israel unterhalten, Gesch\u00e4fte machen zu k\u00f6nnen, darunter mit arabischen, denen der 1948 verh\u00e4ngte Boykott der Arabischen Liga eine Fessel anlegte. Schon seit vielen Jahren gibt es, insgeheim oder offen, Handelsvertretungen Israels in arabischen (Kuwait, Katar, Bahrein) oder maghrebinischen Staaten (Marokko, Tunesien, Mauretanien) und umgekehrt. Zu Jordanien und \u00c4gypten bestehen ohnehin seit l\u00e4ngerem regul\u00e4re diplomatische Beziehungen.<br \/>\n.<br \/>\nDie technologischen Entwicklungen israelischer Wissenschaftler und Unternehmer sorgten auch daf\u00fcr, dass in diesen Jahren durch Einf\u00fchrung einer hocheffizienten Meerwasser-Entsalzung Israels Wasserproblem langfristig gel\u00f6st werden konnte und durch Entdeckung und Erschlie\u00dfung riesiger Erdgas-Vorkommen im Mittelmeer das Energieproblem. Israel, zur Zeit meiner Einwanderung vor f\u00fcnfundzwanzig Jahren noch abh\u00e4ngig vom Import australischer Steinkohle und zuletzt 2009 von einer Wasserknappheit heimgesucht, exportiert heute Wasser nach Jordanien und Erdgas nach \u00c4gypten. Die Pal\u00e4stinenser-Gebiete wurden, trotz aller vollmundigen Drohungen und Bekundungen seitens der Abbas-Beh\u00f6rde, abh\u00e4ngig von israelischen Wasser-Importen, Energie-Leistungen und wirtschaftlicher Zusammenarbeit mit dem vorgeblichen Feind.<br \/>\n&#8230;.<br \/>\nL\u00e4ngst ist an Stelle des fr\u00fcheren israelisch-arabischen Konflikts ein neuer Konflikt als Ursache des st\u00e4ndigen Unfriedens der Region getreten: der teils offene, teils verdeckte Krieg zwischen dem Iran der shiitischen Mullahs und der Allianz der sunnitisch-arabischen Staaten.<br \/>\n&#8230;<br \/>\nWer die Gaza-Kriege 2009, 2012 und 2014 in Israel miterlebt hat, erinnert sich an das allm\u00e4hliche Umschwenken der Arabischen Liga von anf\u00e4nglicher Solidarit\u00e4t mit der \u201eSache der Pal\u00e4stinenser\u201c zu zunehmender Gleichg\u00fcltigkeit und Ablehnung. Arabische Stimmen mehrten sich, die in der Hamas und anderen Pal\u00e4stinenser-Organisationen hoffnungslose Invest-Ruinen sahen, an die ihre arabischen Br\u00fcder in den reichen Golfstaaten schon zu viele Milliarden verschwendet h\u00e4tten.<br \/>\n&#8230;.<br \/>\nDer amerikanische Pr\u00e4sident Trump hat diese Entwicklungen erkannt und seit Beginn seiner Amtszeit auf eine Ann\u00e4herung zwischen Israel und den arabischen Staaten gesetzt. Anders als sein Vorg\u00e4nger Obama war sein Blick auf die israelisch-arabische Konstellation frei von den Behinderungen verj\u00e4hrter Ideologien. Ihm ging es nicht um post-kolonialistische Schuldgef\u00fchle des Westens gegen\u00fcber den in ihrem Opfer-Gesch\u00e4ft erstarrten \u201ePal\u00e4stinensern\u201c, sondern um Bewegung, Entwicklung und die Gelegenheit zu einem \u201eDeal\u201c. Er durchschaute die Notwendigkeit f\u00fcr die arabischen Staaten, sich Israel anzun\u00e4hern: ihre Not in der Bedrohung durch das aggressive Regime im Iran, ihre schwindende finanzielle Kraft durch den fallenden \u00d6lpreis, \u00fcberhaupt die sinkende Bedeutung des Erd\u00f6ls, folglich ihr wachsendes Interesse an ihrem Technologie-starken j\u00fcdischen Nachbarstaat, der ihnen bei der L\u00f6sung vieler ihrer Probleme helfen kann.<br \/>\n&#8230; Alles vom 17.8.2020 von Chaim Noll bitte lesen auF<br \/>\n<a href=\"https:\/\/www.achgut.com\/artikel\/manchmal_werden_wunder_wahr\">https:\/\/www.achgut.com\/artikel\/manchmal_werden_wunder_wahr<\/a><br \/>\n.<br \/>\nEinige Kommentare:<br \/>\n<strong>Und wieder hat Trump ein Wahlversprechen eingel\u00f6st,<\/strong><br \/>\nindem er einen wichtigen Schritt auf dem langem Weg zu einem f\u00fcr alle Beteiligten akzeptablen Frieden vollbracht hat, was selbstverst\u00e4ndlich alle Linken und Gr\u00fcnen einschl. unserer Regierung nebst ergebener Medien ganz anders sehen. Ihr Wahlkampf f\u00fcr die Demokraten in den USA geht mit unverminderter H\u00e4rte weiter, da kann Trump die ganze Welt befrieden, hier w\u00fcrde es nicht ankommen. Deutschland pflegt lieber die enge Verbindung zum Iran, ma\u00dfregelt Israel und bevorzugt das chinesische Staatsmodell. Was wollen wir mehr?<br \/>\n17.8.2020, M-A.SCH, TO<br \/>\n.<br \/>\n<strong>Solange es die islamische Ideologie (bzw. den Koran) im Hintergrund als Schwelbrand gibt,<\/strong><br \/>\nwird es NIE eine Befriedung des Nahen Ostens geben. Der Islam n\u00e4hrt den eigenen \u00dcberlegenheitswahn (durch Mordaufrufe und diffamierende Verunglimpfung gegen die \u201cUngl\u00e4ubigen\u201d) bei gleichzeitigem Versagen der islamischen Kultur f\u00fcr den eigenen Wohlstand zu sorgen. Alle (!) materiellen W\u00fcnsche muss sich der Muslim mit den Errungenschaften der westlichen Kultur erf\u00fcllen. Dieses absurde ideologische Theater zwischen \u00dcberlegenheitswahn und kulturellem Versagen wird immer wieder zu Unfrieden, Mord, B\u00fcrgerkrieg und Krieg f\u00fchren, wo immer Muslime sich an diesen \u201cvolksverhetzenden\u201d Koran halten. Und es wird immer Muslime geben, die sich daran halten. &#8211; &#8211; &#8211; Und genau dieses Problem wird Israel nie alleine l\u00f6sen k\u00f6nnen. Hier ben\u00f6tigt Israel die Hilfe der gesamten westlichen Welt.<br \/>\nDie gesamte westliche Welt muss den Muslimen die Aus\u00fcbung ihrer menschenverachtenden Religion verbieten. (V\u00f6llig zu recht differenziert das deutsche Grundgesetz deutlich zwischen der \u201cFreiheit des religi\u00f6sen Bekenntnisses\u201d (die ich keinem Menschen nehmen will, auch nicht einem Muslim) und der \u201cGew\u00e4hrung der Religionsaus\u00fcbung\u201d, die ich jeder (!) verhetzenden Ideologie nehmen will.) Erst wenn dies umgesetzt ist und der Druck auf diese religi\u00f6se Ideologie so gro\u00df wird, dass Reformbestrebungen einen toleranten Islam schaffen, der Toleranz verdient, wird sich die Situation \u00e4ndern. Nur ein solch dezidiert toleranter Islam gew\u00e4hrt Israel ein friedliches Auskommen mit den Nachbarstaaten. &#8211; &#8211; &#8211; Ansonsten kann ich die Anerkennung des Siegers von seiten der Araber \/ Muslime in Deutschland nicht erkennen. Je mehr sie aus der Rolle der Minderheit herauswachsen, desto anma\u00dfender ist deren Verhalten. Den westlichen, autochthonen B\u00fcrgern scheint eher die Rolle des Tribut-Zahlers zugestanden zu werden. Intoleranz und absurder \u00dcberlegenheitswahn von seiten der Muslime werden immer deutlicher.<br \/>\n17.8.2020, R.B.<br \/>\n.<br \/>\n<strong>Lieber Herr Noll, wo bleiben die Forderungen nach dem Friedensnobelpreis f\u00fcr Trump?<\/strong><br \/>\nW\u00e4hrend sich Deutschland mitsamt der EU den Mullahs an den Hals schmei\u00dft, sich einem UN &#8211; Antrag gegen Israel nach dem anderen anschlie\u00dft, die Familien von Terroristen finanziert und unvorstellbare Gelder in die \u2018pal\u00e4stinensische Sache\u2019 pumpt, die in Wirklichkeit nur die Sache einer Herrschaftsclique ist, f\u00f6rdert er den Frieden auf der Basis realistischer Einsch\u00e4tzung. \u00d6konomische und soziale Entwicklung gibt es erst, wenn der Hass gegangen ist. Die deutsche Au\u00dfenpolitik legitimiert aber diesen Hass und hilft ihn zu verst\u00e4tigen. In seiner Dummheit, seiner moralischen Sch\u00e4bigkeit und seiner linksideologischen Ewiggestrigkeit wird Deutschland gerade vorgef\u00fchrt. \u201cNiemand wird in der arabischen Tradition so hoch gesch\u00e4tzt wie der Sieger\u201d. Eben. W\u00e4hrend die USA und Israel zeigen, dass sie an ihren westlich aufgekl\u00e4rten Werten festhalten, Trump mit der Anerkennung Jerusalems nur Selbstverst\u00e4ndliches tut und die Intifada ausblieb, hat Deutschland durch seinen gef\u00e4hrlichen Kulturrealismus den Kompass v\u00f6llig verloren. Die nat\u00fcrliche Folge ist das paktieren und kuscheln mit den M\u00f6rdern. Im Innern wie im \u00c4u\u00dferen. Wer sich seiner kulturellen Mitte nicht mehr vergewissert und nicht mehr wei\u00df, wer man ist, weil ja alle Kulturen gleichwertig sein sollen, der wird nicht ernst genommen, weil er niemandem glaubhaft machen kann, dass er \u00fcberhaupt Werte hat. Jedes Gegen\u00fcber erkennt die kulturelle Selbstentfremdung. Die, welche in Deutschland bestimmen, brauchen keine linksradikalen Bilderst\u00fcrmer, die nicht einmal vor Kant &#8211; Denkm\u00e4lern halt machen. Das kriegen die schon selbst hin. Die Preisgabe der eigenen Kultur und die Ignoranz der eigenen Geschichte haben einen politischen Schlingerkurs hervorgebracht, welcher der Welt nichts bringt und nur den Fortbestand der eigenen Zivilisation bedroht.<br \/>\n7.8.2020, M.B.<br \/>\n.<br \/>\n<strong>Genau das ist der Trick. Niemand folgt freiwillig einem Schw\u00e4chling.<\/strong><br \/>\nDie islamische Welt schon gar nicht. Man muss die eigene St\u00e4rke und \u00dcberlegenheit demonstrieren und die Vorz\u00fcge aufzeigen, die es hat, wenn man sich anschlie\u00dft. Die reale Welt mit ihren Sorgen und N\u00f6ten findet im hier und jetzt statt, nicht in altert\u00fcmlichen biblischen Konflikten. Die Muhllahs im Iran verbauen ihrem Volk mit ihrem einzig auf ihr biblisches Feindbild reduziertem Weltbild die Zukunft. Die Muslimbr\u00fcder begehen den selben Fehler. Es gibt eine Welt au\u00dferhalb des Korans und diese Welt sollte nicht als Bedrohung, sondern als Chance zur Erweiterung des eigenen Horizonts gesehen werden.<br \/>\n17.8.2020, R.P.<br \/>\n.<br \/>\n<strong>Wenn man versucht, die Lage aus Sicht der Pal\u00e4stinenser zu sehen,<\/strong><br \/>\ndann folgt zwingend die n\u00e4chste Frage: Welcher Pal\u00e4stinenser ? So wird die schweigende und unterdr\u00fcckte Masse der Pal\u00e4stinenser sicher, wie \u00fcberall auf der Welt, ihr kleines Gl\u00fcck, Wohlstand, Sicherheit und Frieden suchen. Sicher, ein von Kindheit an auf Judenhass trainiertes Volk wird auch einen erklecklichen Anteil von ideologisierten Fanatikern haben, Aber vor allem die Machthaber sind von einem gegenteiligen Interesse getrieben. Sie saugen ihren Honig aus dem Hass und dem Elend ihrer Volksgenossen.<br \/>\nWenn Kriegstreiber wie Erdogan und das fanatisierte Mullah-Regime vorgebliche den \u2018Verrat\u2019 an der Sache der \u2018Pal\u00e4stinenser\u2019 &#8211; gemeint sind hier die honigsaugenden Gewaltherrscher &#8211; kritisieren, dann best\u00e4tigen sie nur das Bild jener b\u00f6sartigen Kriegstreiber, die nur vordergr\u00fcndig und fadenscheinig von Frieden reden, aber mit nichts weniger als der totalen Vernichtung Israels zufrieden w\u00e4ren. Wirkliche Freunde des Friedens wissen, dass dieser nur erreicht werden kann, wenn man bereit ist, sich gegenseitig zu respektieren und miteinander redet. Aber das verweigern die pal\u00e4stinensischen Machthaber seit Jahrzehnten. Sie k\u00f6nnen das nur, weil sie gro\u00dfz\u00fcgig von der EU, vor allem Deutschland, finanziert werden. Sind unsere Terrorfinanziers in der deutschen Regierung nur so blau\u00e4ugig, das sie den Zusammenhang nicht sehen? Oder sind sie perfide, dass sie genau das billigend in Kauf nehmen?<br \/>\n17.8.2020, M.L.<br \/>\n.<br \/>\n<strong>Deutschland hatte Ronald Reagan &#8211; Israel hat Trump<\/strong><br \/>\nDen Israelis w\u00fcnsche ich von Herzen, die sich andeutende Entspannung m\u00f6ge sich fortsetzen und Israel in die Lage bringen, endlich eine Zeit ohne Raketenangriffe und Selbstmordattentate zu erleben. Und Ihnen Herr Noll, w\u00fcnsche ich, dies m\u00f6ge Alles noch zu Ihren Lebzeiten geschehen. ++ Deutschland hatte Ronald Reagan, der die Grundlage zur Wiedervereinigung schuf &#8211; Israel kann auf Donald Trump bauen. Keine schlechten Aussichten, denke ich.<br \/>\n17.8.2020, B.F.<br \/>\n.<\/p>\n<p>&nbsp;<\/p>\n<p><strong>Israel &#8211; der b\u00f6seste Staat der Welt?<\/strong><br \/>\n<em>1.080 Abgeordnete aus 25 europ\u00e4ischen Staaten haben in einem Gemeinsamen Brief an die Regierungen ihrer L\u00e4nder appelliert, eine Annexion pal\u00e4stinensischer Gebiete durch Israel zu verhindern. Es gibt B\u00fcrger, die ihnen da entschieden widersprechen, beispielsweise mit diesem Brief:<\/em><\/p>\n<p>Gemeinsamer Brief an alle Nahostexperten<br \/>\nWir, die Unterst\u00fctzerinnen und Unterst\u00fctzer dieses Briefes, teilen ernsthafte Bedenken \u00fcber jene Parlamentarierinnen und Parlamentarier aus ganz Europa, die sich in den sogenannten israelisch-pal\u00e4stinensischen Konflikt einmischen. Wir sind zutiefst besorgt \u00fcber all die Pr\u00e4zedenzf\u00e4lle, die sie durch ihre Einmischungen schaffen und dadurch einen m\u00f6glichen Frieden verhindern.<br \/>\nDie angesprochenen Parlamentarierinnen und Parlamentarier torpedieren teilweise seit Jahrzehnten eine L\u00f6sung des Konflikts, indem sie sich f\u00fcr eine Zwei-Staaten-Regelung einsetzen, die von gro\u00dfen Teilen der arabischen Welt abgelehnt wird. Sie erkl\u00e4ren immer wieder selbstgerecht, im Einklang mit dem V\u00f6lkerrecht und mit einschl\u00e4gigen Resolutionen des Sicherheitsrats der Vereinten Nationen zu stehen. Bedauerlicherweise erkl\u00e4ren sie jedoch nicht, was dieser Einklang bedeutet.<\/p>\n<p>Das kleine Land Israel wird seit seiner Gr\u00fcndung immer wieder mit Raketen angegriffen, abgefeuert von militanten Gruppen, Terrororganisationen und hasserf\u00fcllten Regierungen, deren erkl\u00e4rtes Ziel es ist, Israel auszul\u00f6schen und das j\u00fcdische Volk zu vernichten. Manche L\u00e4nder finanzieren diese Gruppen, Organisationen und Regierungen. Keines dieser L\u00e4nder wird von den Vereinten Nationen so kritisiert wie Israel. Der sogenannte Menschenrechtsrat der Vereinten Nationen hat Israel stattdessen \u00f6fter verurteilt als alle anderen L\u00e4nder der Welt zusammen.\u00a0Die Vereinten Nationen haben das Land Israel \u00f6fter in Resolutionen verurteilt als<br \/>\nAfghanistan, \u00c4gypten, Albanien, Algerien, Andorra, Angola, Antarktis, Antigua und Barbuda, \u00c4quatorialguinea, Argentinien, Armenien, Aserbaidschan, \u00c4thiopien, Australien, Bahamas, Bahrain, Bangladesch, Barbados, Belgien, Belize, Benin, Bhutan, Bolivien, Bosnien und Herzegowina, Botsuana, Brasilien, Brunei, Bulgarien, Burkina Faso, Birma, Burundi, Chile, China, Cookinseln, Costa Rica, D\u00e4nemark, Deutschland, Dominica, Dominikanische Republik, Dschibuti, Ecuador, Elfenbeink\u00fcste, El Salvador, Eritrea, Estland, Falklandinseln, Fidschi, Finnland, F\u00f6derierte Staaten von Mikronesien, Frankreich, Franz\u00f6sisch Guayana, Gabun, Gambia, Georgien, Ghana, Grenada, Griechenland, Gro\u00dfbritannien, Guatemala, Guinea, Guinea-Bissau, Guyana, Haiti, Honduras, Indien, Indonesien, Irak, Iran, Irland, Island, Italien, Jamaika, Japan, Jemen, Jordanien, Kambodscha, Kamerun, Kanada, Kap Verde, Kasachstan, Katar, Kenia, Kirgisistan, Kiribati, Kolumbien, Komoren, Kongo, Kosovo, Kroatien, Kuba, Kuwait, Laos, Lesotho, Lettland, Libanon, Liberia, Libyen, Liechtenstein, Litauen, Luxemburg, Madagaskar, Malawi, Malaysia, Malediven, Mali, Malta, Marokko, Marshallinseln, Mauretanien, Mauritius, Mazedonien, Mexiko, Mikronesien, Moldawien, Monaco, Mongolei, Montenegro, Mosambik, Myanmar, Namibia, Nauru, Nepal, Neuseeland, Nicaragua, Niederlande, Niger, Nigeria, Nordkorea, Nordzypern, Norwegen, Oman, \u00d6sterreich, Pakistan, Palau, Pal\u00e4stina, Panama, Papua-Neuguinea, Paraguay, Peru, Philippinen, Polen, Portugal, Ruanda, Rum\u00e4nien, Russland, Saint Kitts und Nevis, Saint Lucia, Saint Vincent und die Grenadinen, Salomonen, Sambia, Samoa, San Marino, S\u00e3o Tom\u00e9 und Pr\u00edncipe, Saudi-Arabien, Senegal, Serbien, Seychellen, Sierra Leone, Singapur, Simbabwe, Slowakei, Slowenien, Somalia, Spanien, Sri Lanka, S\u00fcdafrika, Sudan, S\u00fcdsudan, S\u00fcdkorea, Surinam, Svalbard, Swasiland, Schweden, Schweiz, Syrien, Tadschikistan, Taiwan, Tansania, Thailand, Timor-Leste, Togo, Tonga, Trinidad und Tobago, Tschad, Tschechien, Tunesien, T\u00fcrkei, Turkmenistan, Tuvalu, Uganda, Ukraine, Ungarn, Uruguay, Usbekistan, Vanuatu, Vatikan, Venezuela, Vereinigte Arabische Emirate, Vereinigtes K\u00f6nigreich, Vereinigte Staaten von Amerika, Vietnam, Wei\u00dfrussland, Westsahara, Zentralafrikanische Republik und Zypern<br \/>\nzusammen. Daf\u00fcr gibt es nur zwei m\u00f6gliche Erkl\u00e4rungen: Entweder ist Israel ein Staat, b\u00f6ser, abartiger und verdammenswerter als alle anderen L\u00e4nder der Welt zusammen oder die Vereinten Nationen haben ein Problem mit dem j\u00fcdischen Staat.<br \/>\n&#8230; Alles vom 30.6.2020 von Grd Buurmann bitte lesen auf<br \/>\n<a href=\"https:\/\/www.tapferimnirgendwo.com\">https:\/\/www.tapferimnirgendwo.com<\/a><br \/>\n<a href=\"https:\/\/www.achgut.com\/artikel\/das_boeseste_land_der_welt\">https:\/\/www.achgut.com\/artikel\/das_boeseste_land_der_welt<\/a><br \/>\n.<br \/>\nEinige Kommentare:<br \/>\n<strong>Die UN wird doch von islamischen Staaten dominiert!<\/strong><br \/>\nDazu kommen die vielen islamophilen Staaten wie z. B. auch Deutschland. Was wollen Sie da anderes erwarten? Dieser Schrottverein UN m\u00fcsste komplett aufgel\u00f6st werden, er richtet nur Schaden an (s. auch IPCC mit seiner Klimaidiotie)! Israel ist der einzige demokratische Staat in dieser Region und muss sich gegen faschistoide islamische Diktaturen zur Wehr setzen (ganz extrem der IRAN mit seinem Steinzeit-Mullah-Regime)! Den letzte Satz der Kolumne unterschreibe ich! Meine Sympathien liegen eindeutig bei Israel!<br \/>\n30.6.2020, G.F.<br \/>\n.<br \/>\n<strong>Herr Buurmann, genau so ist es,<\/strong><br \/>\ndeshalb lieben die Islamisten und Terroristen Deutschland und deshalb lieben die meisten Deutschen die Islamisten und Terroristen so sehr, weil sie die gleiche Meinung zu Israel und Juden haben, man muss Juden vernichten, da sind sie sich einig. An berreicherung Deutschlands kommen die Juden nicht mit, nicht jetzt und nicht damalls. Deutschland wird NUr durch Islam berreichert, sagen die Herrschenden und werden mit grosse Euphorie gew\u00e4hlt.<br \/>\n30.6.2020, S.A.<\/p>\n<p>&nbsp;<\/p>\n<p><strong>Die anti-israelische Internationale<\/strong><br \/>\n1.080 Abgeordnete aus 25 europ\u00e4ischen Staaten haben in einem Gemeinsamen Brief an die Regierungen ihrer L\u00e4nder appelliert, eine Annexion pal\u00e4stinensischer Gebiete durch Israel zu verhindern, \u201ezutiefst besorgt \u00fcber den Pr\u00e4zedenzfall, den dies f\u00fcr die internationalen Beziehungen insgesamt schaffen w\u00fcrde\u201c, soll hei\u00dfen f\u00fcr die Besetzung Tibets durch China, den Anschluss der Krim an Russland und die Okkupation von Nord-Zypern durch die T\u00fcrkei. Mit von der Partie \u2013 die Spitzen der deutschen Gr\u00fcnen und Postkommunisten.<br \/>\n&#8230; Alles vom 29.6.2020 von Henryk M. Broder bitte lesen auf<br \/>\n<a href=\"https:\/\/www.achgut.com\/artikel\/die_anti_israelische_internationale\">https:\/\/www.achgut.com\/artikel\/die_anti_israelische_internationale<\/a><br \/>\n.<br \/>\nEinige Kommentare:<br \/>\n<strong>Es ist m\u00fc\u00dfig, sich dar\u00fcber aufzuregen<\/strong><br \/>\nDie Abgeordneten haben recht, widersprecht Ihnen nicht, denn dann denken sie sich nur noch bl\u00f6dere Sachen aus. Wer noch glaubt, ein demokratischer Austausch der Meinungen ist noch m\u00f6glich, der irrt gewaltig. Wir werden leider wieder einen geschichtlichen Tiefpunkt erreichen m\u00fcssen um Erkenntnisse f\u00fcr die Zukunft zu erhalten. Hoffentlich bald.<br \/>\n29.6.2020, P.M. AO<br \/>\n.<br \/>\n<strong>Die 20 EU-Mitgliedsstaaten, die 1922 tats\u00e4chlich f\u00fcr die Schaffung dieser j\u00fcdischen Rechte stimmten, waren:<\/strong> \u00d6sterreich, Belgien, Bulgarien, Kroatien, D\u00e4nemark, Estland, Finnland, Frankreich, Griechenland, Italien, Lettland, Litauen, Luxemburg, Niederlande, Polen, Portugal, Rum\u00e4nien, Slowakei, Spanien, Schweden.<br \/>\nArtikel 80 der Charta der Vereinten Nationen 1945: Diese Staaten, die jetzt Mitglieder der Vereinten Nationen und\/oder der Europ\u00e4ischen Union sind und die die gegenw\u00e4rtige Kakophonie der \u201cflagranten Verletzung des V\u00f6lkerrechts\u201d unterst\u00fctzen, m\u00fcssen ihren Kopf in kollektiver Scham h\u00e4ngen lassen. Sie f\u00f6rdern eine Atmosph\u00e4re des Judenhasses und der Anstachelung zur Gewalt. Diese Gr\u00fcnde erkl\u00e4ren jedoch auch den heftigen Widerstand der EU gegen den israelischen Souver\u00e4nit\u00e4tszug: \u201cErstens, [Israel] ist stolz nationalistisch; zweitens &#8211; dank der ideologischen Tarnung durch die Propagandaoffensive des KGB in den 1960er und 70er Jahren &#8211; kann [Israel] f\u00e4lschlicherweise als kolonialistisch und rassistisch dargestellt werden, wodurch den Europ\u00e4ern eine M\u00f6glichkeit geboten wird, ihre Schuld f\u00fcr ihre eigene kolonialistische und rassistische Vergangenheit zu lindern; drittens sind [Israels] lokale Feinde Muslime, was Europa eine M\u00f6glichkeit bietet, seinen eigenen unruhigen muslimischen Minderheiten Jizya zu bezahlen; und schlie\u00dflich ist [Israel] ein j\u00fcdischer Staat &#8211; und hier ist keine weitere Erkl\u00e4rung notwendig. \u201d Europas Antipathie gegen Juden kommt wieder einmal in Mode.<br \/>\n29.6.2020, S.M.<br \/>\n.<br \/>\n<strong>Herr Broder, was mache ich, wenn Sie sich irgendwann nicht mehr<\/strong><br \/>\nf\u00fcr das Wohl des Staates Israel einsetzen k\u00f6nnen. Sie sind praktisch der einzige, der mich \/ uns hier informiert. Mein ganz gro\u00dfes Dankesch\u00f6n daf\u00fcr. Und lassen Sie uns bitte zeitnah Ihren Nachfolger wissen. Ich habe n\u00e4mlich wirklich Angst, dass es irgendwann hei\u00dft, der Herr Broder ist leider &#8230;.<br \/>\n29.6.2020, J.M.<br \/>\n.<br \/>\n<strong>Warum kann die Welt das Land Israel und die Juden\/Israelis nicht einfach in Ruhe lassen?<\/strong><br \/>\nVor kurzem haben die Pal\u00e4stinenser \u00f6ffentlich verlauten lassen, dass sie Israelis\/Juden unbedingt t\u00f6ten und das Land zerst\u00f6ren wollen. Warum hat sich niemand von den aufgelisteten Schwachk\u00f6pfen dar\u00fcber ereifert? Sind das alles verkappte und zu gut bezahlte Moslems?<br \/>\n29.6.2020, J.G.R.B.<br \/>\n.<br \/>\n<strong>1080 Abgeordnete, aus 25 L\u00e4ndern? Aus Bund UND L\u00e4ndern?<\/strong><br \/>\nIst das alles , was man an links-gr\u00fcn-rotem Gebr\u00e4u zusammenemp\u00f6ren konnte? Ein bi\u00dfchen Zickenheiner, ein bi\u00dfchen Leidig, ein wenig Matchie und Gelbhaar,- und fertig ist der Grundkurs in Antiseminitismus. Also mal ehrlich, wenn man sich die Juden einmal ganz genau betrachtet, ethnisch halt, und nicht immer nur an Herrn Broder denkt, so richtig wei\u00df, sind die nicht. Shaun King zum Beispiel ist ein \u201eschwarzer Aktivist\u201c, aber auch \u201eder Neger wei\u00df\u201c (dieser Film fiel wahrscheinlich auch der Zensur zum Opfer) mit einer Haut wie Elfenbein. Er ruft zur Zerst\u00f6rung von Kirchenfenstern und Jesusstatuen auf, weil der Sohn Gottes f\u00fcr seinen Geschmack oft zu wei\u00dfh\u00e4utig dargestellt wird. Er selbst beschuldigt alle, die ihm mindestens EIN wei\u00dfes Elternteil unterstellen, der \u00fcblen Nachrede. Ich wei\u00df, dieser Wahnsinn ist kaum noch in Worte zu fassen! Da hat der Durchschnittsisraeli mehr Pigmentierung zu bieten. Hier k\u00f6nnen wir ansetzen. Wir bestehen genau wie die neue Berliner Gesetzgebung auf eine Umkehr der Beweislast. Wer sagt uns denn, da\u00df diese 1080 Abgeordneten aus der gleichen kukluxen, linken Judenhasser-Ecke nicht b\u00f6sartig und automatisch rassistisch antisemitisch reagieren, geradezu systemisch, wenn irgendeine Botschaft aus Israel deren ideologisierte Ohren erreicht? Nieder auf die Knie! Ich krieg keine Luft, Habeck!! Was war eigentlich mit Esken und Merkel los, keinen Stift zur Hand gehabt??<br \/>\n29.6.2020, S.SCH<br \/>\n.<br \/>\n<strong>Israel kann tun und lassen, was es will<\/strong><br \/>\n&#8211; die Israelhasser werden nicht zufrieden sein, bevor der j\u00fcdische Staat zerst\u00f6rt und alle Juden ermordet sind. Diese 1.080 Abgeordneten aus 25 europ\u00e4ischen Staaten verdienen nur eins &#8211; unendliche Verachtung.<br \/>\n29.6.2020, A.D.T.<br \/>\n.<br \/>\n.<\/p>\n<p><strong>Warum es keine Besetzung von Jud\u00e4a und Samaria gibt<\/strong><br \/>\n<strong>The EU must recognize Israeli Sovereignty in Judea and Samaria (s.u.)<\/strong><br \/>\n<em>Die neue israelische Regierung will die vom Milit\u00e4r verwalteten Gebiete in Jud\u00e4a und Samaria unter Zivilverwaltung stellen. Der Bundestag und die Regierungsparteien wollen dies am Mittwoch als \u201eAnnektierung\u201c verurteilen. Warum es keine \u201eillegale Okkupation\u201c gibt und Deutschland die israelische Souver\u00e4nit\u00e4t anerkennen sollte, schreibt Joachim Kuhs, MdEP<br \/>\n<\/em>\u00a0&#8211;<br \/>\n\u201eIsrael will illegale Siedlungen in Westjordanland annektieren\u201c, hallt es jetzt allenthalben aus den Mainstream-Medien. Das Framing gibt das \u201erichtige\u201c Urteil dazu schon vor. Andere Meinungen dazu werden Sie in der Tagesschau nicht h\u00f6ren. Korrekt w\u00fcrde es dagegen hei\u00dfen: Die neue Regierung Netanjahu-Gantz will die israelische Milit\u00e4rverwaltung in Jud\u00e4a und Samaria beenden.<br \/>\nHierzulande wird es als gegeben vorausgesetzt, dass die \u201ej\u00fcdischen Siedlungen\u201c in Jud\u00e4a und Samaria \u201enach internationalem Recht illegal\u201c seien. Doch diese Behauptung basiert auf einseitiger Propaganda, die allen historischen Fakten trotzt.<\/p>\n<p>Im Osmanischen Reich existierten weder Israel noch Pal\u00e4stina<br \/>\nIm Osmanischen Reich existierten weder Israel noch Pal\u00e4stina. Das Land hie\u00df S\u00fcdsyrien und lag dank der osmanischen Misswirtschaft und hoher Steuern brach. Die Bewohner waren gro\u00dfteils nomadische Hirten. Im Jahr 1882 lebten etwa 141.000 Moslems im sp\u00e4teren Israel, \u201edavon mindestens 25% Neuank\u00f6mmlinge,\u201c wie Historiker Ernst Frankenstein schrieb, und etwa 60.000 Juden.<\/p>\n<p>Mit dem Beginn der Zionistischen Bewegung von Theodor Herzl 1871 und dem legalen Erwerb von Land durch j\u00fcdische Siedler, die wirtschaftlichen Erfolg brachten, begann erst eine Sogwirkung, die die arabische Bev\u00f6lkerung des sp\u00e4teren Israels bis 1947 auf eine halbe Million anschwellen lie\u00df. Der Gro\u00dfteil der arabischen Bev\u00f6lkerung Israels sind also auch \u201eSiedler\u201c und tragen oft \u00e4gyptische, syrische und irakische Namen.<\/p>\n<p><em>\u201eMandatsgebiet Pal\u00e4stina\u201c<\/em><br \/>\nMit dem Ende des Osmanischen Reiches nach dem 1. WK teilten die Siegerm\u00e4chte Gro\u00dfbritannien und Frankreich den Nahen Osten unter sich auf. In der Balfour-Erkl\u00e4rung vom 2.11.1917 erkl\u00e4rte der britische Au\u00dfenminister Lord Balfour, die britische Regierung werde sich f\u00fcr eine \u201enationale Heimstatt des j\u00fcdischen Volkes\u201c einsetzen. Diese Formulierung wurde bei der Konferenz von San Remo am 18.-26. April 1920 \u00fcbernommen, bei der \u00fcber das Erbe des Osmanischen Reiches entschieden wurde, durch Beschluss des V\u00f6lkerbundes am 24.7.1922 ratifiziert. Durch diesen Beschluss wurde das \u201eMandatsgebiet Pal\u00e4stina\u201c unter britischer Verwaltung als \u201enationale Heimstatt der Juden\u201c geschaffen \u2013 auf einem Territorium, das sich vom Mittelmeer bis zum Irak erstreckte, also das gesamte heutige Israel und Jordanien.<\/p>\n<p>Der arabische Vertreter bei den Friedensverhandlungen von Paris 1920 war Emir Feisal (bekannt durch die Darstellung des Alec Guinness im Film \u201eLawrence von Arabien\u201c), der die Bem\u00fchungen um eine \u201enationale Heimstatt der Juden\u201c im \u201eMandatsgebiet Pal\u00e4stina\u201c begr\u00fc\u00dfte: \u201eWir Araber, vor allem die Gebildeten, betrachten die zionistische Bewegung mit gro\u00dfem Wohlwollen\u2026 Wir werden die Juden herzlich in ihrem Zuhause willkommen hei\u00dfen.\u201c Feisal wurde K\u00f6nig vom Irak und verzichtete laut einem Brief von T.E. Lawrence an Churchill 1921 \u201eauf alle Anspr\u00fcche auf West-Pal\u00e4stina\u201c (das heutige Israel).<br \/>\nDas sind die Urspr\u00fcnge des Staates Israel nach internationalem Recht. Nach Artikel 80 der Gr\u00fcndungscharta der Vereinten Nationen ist die UNO an die Beschl\u00fcsse des V\u00f6lkerbundes gebunden: \u201eNichts in dieser Charta soll die G\u00fcltigkeit bestehender internationaler Instrumente \u00e4ndern.\u201c<\/p>\n<p><em>Resolution 181: Juden versuchten Krieg noch aufzuhalten<\/em><br \/>\nDessen ungeachtet wurde am 29. November 1947 in der Resolution 181 der \u201eUNO-Teilungsplan f\u00fcr Pal\u00e4stina\u201c beschlossen. Die Juden, die eigentlich laut V\u00f6lkerbund Anspruch auf das ganze \u201eMandatsgebiet Pal\u00e4stina\u201c \u2013 inklusive Jordanien bis an den Irak \u2013 als \u201enationale Heimstatt der Juden\u201c hatten, stimmten dennoch zu und gaben sich mit weit weniger zufrieden, als ihnen nach internationalem V\u00f6lkerrecht zustand. Die Araber im Mandatsgebiet und die arabischen Nachbarstaaten lehnten die Resolution 181 ab, obwohl sie sich heute darauf berufen, wenn sie einen \u201eStaat Pal\u00e4stina\u201c in den Grenzen von 1947 fordern.<br \/>\nDer Krieg gegen die Juden begann bereits am n\u00e4chsten Morgen. \u201eEine bewaffnete Bande aus dem arabischen Jaffa attackierte an der K\u00fcste einen Bus voller Juden; f\u00fcnf wurden get\u00f6tet und etliche weitere verletzt. Kurz darauf nahmen arabische Angreifer einen anderen Bus unter Beschuss und t\u00f6teten dabei zwei Juden. Von Jaffa aus er\u00f6ffneten Scharfsch\u00fctzen das Feuer auf das unmittelbar benachbarte Tel Aviv, wobei mindestens ein Jude get\u00f6tet wurde. Am 2. Dezember begann ein vom Arabischen Hohen Komitee initiierter und f\u00fcr drei Tage anberaumter Generalstreik. In Jerusalem attackierte ein bewaffneter arabischer Mob j\u00fcdische Passanten und setzte j\u00fcdische Gesch\u00e4fte in Brand\u201c (A. Feuerherd und F. Markl, \u201eVereinte Nationen gegen Israel\u201c).<\/p>\n<p><em>Unabh\u00e4ngigkeitserkl\u00e4rung des Staates Israel 1948<\/em><br \/>\nAm Nachmittag des 14. Mai 1948 verlas David Ben-Gurion in Tel Aviv die Unabh\u00e4ngigkeitserkl\u00e4rung des Staates Israel, die am 15. Mai von den USA und am 17. Mai von der Sowjetunion anerkannt wurde. Am 15. Mai griffen \u00c4gypten, Syrien, Jordanien, Libanon und der Irak das neugegr\u00fcndete Israel an. Am Ende des Unabh\u00e4ngigkeitskrieges war Gaza von \u00c4gypten besetzt, Jud\u00e4a und Samaria von Jordanien, welches dieses Gebiet nun \u201eWestjordanland\u201c nannte. Die Besetzung von Jud\u00e4a und Samaria durch Jordanien blieb bis zur Eroberung durch Israel 1967 illegal und wurde au\u00dfer durch Pakistan und UK nie international anerkannt.<\/p>\n<p>Nach dem Sechs-Tage-Krieg 1967 verabschiedete die UNO die Resolution 242, bei der der \u201eAbzug der israelischen Streitkr\u00e4fte aus besetzten Gebieten\u201c gefordert wurde. Bewusst wurde hier nicht von \u201eallen besetzen Gebieten\u201c gesprochen. Mit dem Abzug Israels aus dem Sinai 1979 im Rahmen des Friedens mit \u00c4gypten, und aus dem Gaza-Streifen 2005 kann man also bereits von einem \u201eAbzug aus besetzten Gebieten\u201c sprechen. Hierbei lautete das Versprechen 2005 \u201eLand gegen Frieden\u201c, aber der Abzug aus dem Gazastreifen wurde schon 2006 mit einem Raketenbeschuss der Hamas quittiert, der bis heute nicht nachgelassen hat. Die Zwangsr\u00e4umung von Gush Katif im Gazastreifen, damals ein begehrtes Surferparadies, heute Terrorstaat, erwies sich als ein Riesenfehler \u2013 ein Trauma, das Israel nie wieder durchleben will.<\/p>\n<p>Im Laufe der 1950er und 60er Jahre bildeten die nun unabh\u00e4ngigen arabischen Staaten in den Vereinten Nationen mit dem Warschauer Pakt einen anti-Israel Block, der die UNO mehr und mehr in einen israelfeindlichen Verurteilungsapparat verwandelt hat. Israel wird von der UNO mehr verurteilt als alle Folterregime und Diktaturen der Welt zusammengenommen, wie UN Watch immer wieder eindrucksvoll dokumentiert.<\/p>\n<p><em>Obama-Regierung versuchte bis zuletzt israelfeindliche Entscheidungen durchzuboxen<\/em><br \/>\nDie Abstimmungen der UNO-Generalversammlung haben aber pro forma keinen international rechtlich bindenden Charakter ohne Zustimmung des Sicherheitsrates, wo die USA bisher immer die Verurteilung Israels verhindert haben \u2013 bis zur Resolution 2334, die die scheidende Obama-Regierung am 23.12.2016 noch durchpeitschte, obwohl die neugew\u00e4hlte Trump-Regierung dies mit allen Mitteln verhindern wollte.<\/p>\n<p>Diese Telefonate zwischen Trumps Sicherheitsberater Gen. Mike Flynn und dem russischen Botschafter Sergei Kisljak wurden ohne rechtliche Grundlage von der Obama-Regierung belauscht und bildeten die Urspr\u00fcnge der sogenannten \u201eSpygate-Aff\u00e4re\u201c, einem m\u00f6glicherweise illegalen Putschversuch gegen die demokratisch gew\u00e4hlte US-Regierung.<\/p>\n<p>Die \u201ePal\u00e4stinenser\u201c verweigern seit Jahrzehnten alle Angebote einer Verhandlungsl\u00f6sung, eines Friedensvertrages und einer Zweistaatenl\u00f6sung \u2013 so auch beim k\u00fcrzlich vorgelegten Trump-Plan. Sie sind das einzige Volk auf der Welt, das angeblich nach Unabh\u00e4ngigkeit trachtet, aber beharrlich immer wieder jedes Angebot eines eigenen Staates ablehnt.<\/p>\n<p>Die einzigen v\u00f6lkerrechtlich bindenden Vertr\u00e4ge, die die Pal\u00e4stinenserf\u00fchrung bez\u00fcglich Jud\u00e4a und Samaria unterzeichnet hat, sind die Osloer Vertr\u00e4ge von 1993 und 1995 zwischen Jitzhak Rabin und Jassir Arafat. Diese teilen Jud\u00e4a und Samaria in drei Gebiete, Area A, B und C auf. Area A sind die sogenannten \u201ePal\u00e4stinensischen Autonomiegebiete\u201c, Area C sind die Gebiete unter israelischer Verwaltung (sog. \u201eSiedlungen\u201c) und Area B ist eine Mischform \u2013 arabische Zivilverwaltung und israelisches Milit\u00e4r. Ich durfte im Sommer 2019 diese Gebiete bereisen und war beeinduckt vom Aufbruchsgeist und Friedenswillen, der dort herrscht.<\/p>\n<p>&nbsp;<\/p>\n<p>&nbsp;<\/p>\n<p>Jud\u00e4a und Samaria in drei Gebiete, Area A, B und C aufteilen<\/p>\n<p>&nbsp;<\/p>\n<p><em>Seit 1995 verweigert sich die korrupte Pal\u00e4stinenserf\u00fchrung allen Verhandlungen<\/em><br \/>\nSeit 1995 verweigert sich die korrupte Pal\u00e4stinenserf\u00fchrung allen Verhandlungen, die in den Osloer Vertr\u00e4gen eigentlich vereinbart sind. Somit gilt weiterhin die Aufteilung, die Rabin und Arafat 1995 beschlossen haben. Diese vertraglich vereinbarte Aufteilung als \u201eillegal\u201c zu bezeichnen, dabei aber an der darin vereinbarten pal\u00e4stinensischen Autonomie festhalten zu wollen, ist offenkundiger Unfug.<\/p>\n<p>Die Pal\u00e4stinenserf\u00fchrung um den Terroristen Mahmud Abbas, dem Finanzierer des Olympia-Attentates in M\u00fcnchen 1972, hat keinerlei Interesse an einer Friedensl\u00f6sung, denn sie w\u00fcrde ihre Pfr\u00fcnde und ihre \u00fcppigen Subventionen auf Kosten des deutschen und europ\u00e4ischen Steuerzahlers, ihre \u00c4mter, Villen und BMW-Limousinen, gef\u00e4hrden. Die einfachen Arbeiter und arabischen Bewohner von Jud\u00e4a und Samaria haben jedoch l\u00e4ngst erkannt, dass der Schl\u00fcssel zu ihrem Wohlstand Israel hei\u00dft. Jeden Tag pilgern \u00fcber 600.000 Araber zum Arbeiten \u00fcber die \u201eGr\u00fcne Linie\u201c nach Israel und stimmen so mit den F\u00fc\u00dfen ab.<br \/>\nDie Area C bleibt aber nach wie vor in einem rechtlichen Schwebezustand, unter der Verwaltung des israelischen Milit\u00e4rs. Es gilt unver\u00e4ndert das Osmanische Recht aus dem Jahr 1919, nach dem auch israelische Gerichte urteilen \u2013 die Pal\u00e4stinenser nutzen dieses Nomaden-Recht mit Unterst\u00fctzung der EU, um illegale Siedlungen in Area C zu bauen.<\/p>\n<p><em>Israel lebt und gedeiht, und wird nicht wieder verschwinden<\/em><br \/>\nNach 25 Jahren der pal\u00e4stinensischen Verweigerungshaltung hat die neue israelische Regierung beschlossen, diesen Zustand zu beenden und weite Teile der Area C unter israelische Zivilverwaltung zu stellen. Die arabischen Einwohner w\u00fcrden die israelische Staatsb\u00fcrgerschaft und Rechtssicherheit erhalten, die sich in Ostjerusalem als sehr beliebt erwiesen hat.<br \/>\nF\u00fcr eine Verhandlungsl\u00f6sung mit der Pal\u00e4stinenserf\u00fchrung ist die israelische Regierung immer noch offen. Das ist die hierzulande von Medien und Politik skandalisierte \u201eAnnektierung des Westjordanlandes\u201c: Zivilverwaltung statt Milit\u00e4r. Es ist lediglich eine Anerkennung der Realit\u00e4t \u2013 eine Realit\u00e4t, vor der die Pal\u00e4stinenserf\u00fchrung und weite Teile der deutschen Politik die Augen verschlie\u00dfen.<br \/>\nIsrael lebt und gedeiht, und wird nicht wieder verschwinden. Es ist Zeit, dies anzuerkennen.<br \/>\n&#8230; Alles vom 29.6.2020 von Joachim Kuhs bitte lesen auf<br \/>\n<a href=\"https:\/\/philosophia-perennis.com\/2020\/06\/29\/warum-es-keine-illegale-besetzung-von-judaea-und-samaria-gibt\/\">https:\/\/philosophia-perennis.com\/2020\/06\/29\/warum-es-keine-illegale-besetzung-von-judaea-und-samaria-gibt\/<\/a><br \/>\n.<br \/>\nDieser Artikel erschien zuerst auf Englisch auf Israel National News (siehe unten).<br \/>\n<em>Joachim Kuhs ist gelernter Rechnungspr\u00fcfer und Mitglied des Europ\u00e4ischen Parlamentes f\u00fcr die AfD, wo er im Haushaltsausschuss u. a. f\u00fcr EU-Gelder f\u00fcr Projekte in Israel verantwortlich ist. Er ist Mitglied des AfD-Bundesvorstands (Schriftf\u00fchrer) und Vorsitzender der \u201eChristen in der AfD\u201c. <a href=\"https:\/\/www.chrafd.de\/\">https:\/\/www.chrafd.de\/<\/a><\/em><br \/>\n<em> Kuhs lebt in Baden-Baden, hat 10 Kinder und 15 Enkel.<br \/>\n.<\/em><\/p>\n<p><strong>The EU must recognize Israeli Sovereignty in Judea and Samaria<\/strong><br \/>\n<em>Israel wants to go from military to civilian administration in Judea and Samaria. The Bundestag is expected to condemn it. I disagree.Op-ed.<br \/>\n<\/em>\u00a0.<br \/>\n&#8222;Israel moves to annex illegal settlements in West Bank\u201c howl the mainstream media in Germany. The framing already tells us what the \u201cright\u201d opinion on this heinous crime is. Other views are not heard in Europe. As a member of the European Parliament, I say it is high time to end this one-sided view of the disputed territories, end EU boycotts of Judea and Samaria, and stop funding the Palestinian terror apparatus with taxpayer Euros.<br \/>\nIn EU think tanks and European media, it is a given that \u201cJewish settlements\u201d in Judea and Samaria are \u201dillegal under international law\u201d \u2013 a false claim based on one-sided propaganda, which ignores the historical facts.<br \/>\nIn the Ottoman Empire, there was neither Israel nor Palestine. The region was called South Syria, and was mostly barren and void due to Ottoman mismanagement and exorbitant property taxes. The inhabitants were mostly nomadic shepherds. In the year 1882, approx. 141.000 Muslims lived on the territory that became Israel, \u201cof which at least 25% were newcomers,\u201c as historian Ernst Frankenstein wrote, and there were approx. 60.000 Jews.[1]<br \/>\nWith the onset of the Zionist Movement in 1871, Jews began moving to the territory and legally buying land. The settlers brought economic prosperity to the barren land, which created a \u201cpull effect\u201d, attracting thousands of Arabs from neighboring countries and swelling the Arab population to half a million in 1947. Thus, most of the Arab population of Israel are also \u201csettlers\u201d bearing Egyptian, Syrian and Iraqi names, as Joan Peters documents in her book \u201cFrom Time Immemorial\u201d.<\/p>\n<p>The normal Arab population and working people in Judea and Samaria have recognized that Israel offers them a better life than their corrupt leaders do.<br \/>\nWith the end of the Ottoman Empire after WW I, Great Britain and France divvied up the Middle East. In the Balfour Declaration of Nov. 2, 1917, British Foreign Secretary Lord Balfour declared: \u201cHis Majesty&#8217;s Government view with favour the establishment in Palestine of a national home for the Jewish people.\u201d This formulation was adopted by the San Remo Conference on April 18-26, 1920, where the future shape of the former Ottoman Empire was decided. This formulation was ratified by the League of Nations on July 24, 1922, creating the Mandate of Palestine as \u201cnational home for the Jewish people\u201d on the territory extending from the Mediterranean to Iraq, covering all of modern Israel and Jordan.<br \/>\nThe Arab delegate at the Paris Peace Talks 1920 was Emir Feisal, who welcomed the plans for a \u201cnational home for the Jewish people\u201d: \u201cWe Arabs, especially the educated among us, look with deepest sympathy on the Zionist movement&#8230;. We will wish the Jews a hearty welcome home.\u201d Feisal was made King of Iraq and \u201cagreed to abandon all claim \u2026 to Western Palestine\u201d (modern Israel), as T.E. Lawrence wrote to Winston Churchill in 1921.<br \/>\nSuch is the foundation of the State of Israel in international law. According to Article 80 of the United Nations Charter, the UN is bound to the League of Nations resolutions: \u201cNothing in this Charter shall be construed in or of itself to alter in any manner \u2026 the terms of existing international instruments to which Members of the United Nations may respectively be parties.\u201c<br \/>\nNonetheless, on November 29, 1947, the United Nations passed Resolution 181, the \u201cPartition Plan for Palestine.\u201c The Jews, who were technically entitled to a \u201cnational home\u201d from the Mediterranean to the Iraqi border, nevertheless agreed, settling for much less than they were due under \u201cinternational law.\u201d The Arabs in Mandatory Palestine and the neighboring states rejected Resolution 181, even if they today cite it as justification for demanding a state of Palestine \u201cin the Borders of 1947.\u201d<br \/>\n.<br \/>\nThe war against the Jews began on the day after ratification of Resolution 181. \u201cAn armed band from Arab Jaffa attacked a bus full of Jews along the coast, killing five and injuring several others. Shortly thereafter, Arabs attacked another bus, killing two Jews. Snipers opened fire from Jaffa on neighboring Tel Aviv, killing at least one. On Dec. 2, a three-day general strike organized by the Arab High Committee began. In Jerusalem, an armed mob of Arabs attacked Jewish passers-by and set fire to Jewish shops \u201c (Alex Feuerherd and Florian Markl, \u201cVereinte Nationen gegen Israel\u201c).<\/p>\n<p>On the afternoon of May 14, 1948, David Ben-Gurion read the Proclamation of Independence of the State of Israel in Tel Aviv , which was recognized by the USA on May 15 and the Soviet Union on May 17. On May 15, Egypt, Syria, Jordan, Lebanon and Iraq attacked the new-born state of Israel. When the War of Independence ended, Israel was free, but Gaza was occupied by Egypt, and Judea and Samaria by Jordan, which dubbed the territory the \u201cWest Bank.\u201d Jordan\u2019s illegal occupation of Judea and Samaria was never recognized internationally (except by Pakistan and the UK, which had officers serving with the Jordanian Army).<\/p>\n<p>After Israel took Judea and Samaria in the Six Day War, the UN passed Resolution 242, calling for \u201dwithdrawal of Israeli armed forces from territories occupied in the recent conflict.\u201d It explicitly and deliberately did not demand withdrawal from all territories. After Israel\u2019s withdrawal from Sinai 1979 and Gaza 2005, one can already speak of a \u201cwithdrawal from territories occupied.\u201d<\/p>\n<p>In 2005, the deal was supposed to be \u201cLand for Peace,\u201c a promise which was never fulfilled. In the year after the withdrawal from Gaza, Hamas fired almost a thousand rockets at Israel. The forced evacuation and bulldozing of Gush Katif, once a popular beach resort and surf spot, now a terrorist hellhole, proved to be a huge mistake \u2013 a trauma Israelis never wish to repeat.<\/p>\n<p>As the Arab nations became independent and joined the UN in the 1950s and \u201860s, they formed an anti-Israel voting bloc with the Warsaw pact, converting the UN into an anti-Israel lobby organization. The United Nations condemn Israel more frequently than all the world\u2019s tyrannies and terror regimes put together, as UN Watch documents.<\/p>\n<p>In terms of international law, however, the votes of the UN General Assembly are not binding without support of the Security Council, where the USA have always prevented one-sided condemnation of Israel \u2013 up until the fateful Resolution 2334, which the lame-duck Obama administration pushed through two days before Christmas, on Dec. 23, 2016, even though they knew full well their democratically elected successors, the Trump Administration, were trying to prevent this Resolution by all means possible \u2013 a striking break from US presidential tradition, where administrations are expected to work together to ensure a smooth handover of power.<br \/>\n.<br \/>\nInstead, the Obama administration and possibly the President himself were listening in on phone calls between incoming National Security adviser Gen. Mike Flynn and Russian ambassador Sergej Kislyak, without legal predicate, which became the basis for the \u201cSpygate\u201d affair, a potentially illegal coup attempt by Obama officials against the current, democratically elected US government.<br \/>\nThey are the only people in the world purporting to seek self-determination which consistently refuses every offer of statehood.<br \/>\nFor years, the Palestinian Arabs have been refusing peace talks that could lead to a two-state solution \u2013 most recently, in the case of the Trump Plan. They are the only people in the world purporting to seek self-determination which consistently refuses every offer of statehood.<br \/>\n.<br \/>\nThe only legally binding treaties the Palestinian leadership have agreed to concerning Judea and Samaria are the Oslo Accords of 1993 and 1995 between Yitzhak Rabin and Yasser Arafat, which partitioned Judea and Samaria into Area A, B und C. I was able to visit these areas in the Summer of 2019 and wrote about it for Arutz Sheva.<br \/>\nEver since 1995, the notoriously corrupt Palestinian Authority has resisted any further agreements as required by the Oslo Accords. So, the partition Rabin and Arafat agreed to in 1995 remains legal and in effect. Condemning this partition as \u201cillegal\u201d while at the same time supporting Palestinian Autonomy as agreed upon in the same treaty is patently absurd.<br \/>\nThe Palestinian leadership around the terrorist Mahmoud Abbas, the financier of the Munich Attacks 1972, has no interest in a peaceful solution, which would rob them of their authority and their access to generous international funding courtesy of the European taxpayer, endangering their status, their fancy mansions and their BMW limousines. However, the normal Arab population and working people in Judea and Samaria have recognized that Israel offers them a better life than their corrupt leaders do. Every day, over 600.000 Arabs cross the Green Line to go work in Israel, peacefully voting with their feet, even as Abbas refuses to hold elections since 2009.<br \/>\n.<br \/>\nArea C remains in a bizarre legal limbo, however, administered by the IDF. Israeli courts bend over backwards to apply Ottoman law dating back to the year 1919. Funded by the EU and European NGOs, the Palestinian Authority uses this Ottoman law to occupy Israeli land and build illegal settlements like Khan al Ahmar \u2013 and German Chancellor Angela Merkel threatens to cancel her visit to Israel if Khan al Ahmar is evacuated. An absurd state of affairs.<br \/>\nAfter 25 years of Palestinian obstruction and refusal to negotiate, the new Israeli coalition has decided to put an end to this bizarre charade and extend civilian authority over large parts of Area C. The Arab inhabitants will receive hotly sought-after Israeli rights, welfare and citizenship, and protection under Israeli law, which has proved very popular among Arabs in East Jerusalem.<br \/>\n.<br \/>\nThe European Union pays \u20ac300 Million every year to the Palestinian Authority, which uses this largesse to print school books lionizing terrorists and subsidize the families of terrorists. The EU pays \u20ac160 million a year to the corrupt anti-Israel UNRWA, and the German government more than doubled their UNRWA funding 2018 to \u20ac173 million.<br \/>\nNo one knows exactly how much taxpayer money the German government and EU pay to shady, unaccountable anti-Israel NGOs, which fund the legal defense of murderers, as Im Tirtzu pointed out on the visit of German FM Heiko Maas recently. When my party asked the German government to reveal how much they were paying NGOs active in Israel, we were informed that this information was top secret \u2013 information that was so sensitive it outweighed the taxpayers\u2019 right to know what is being done with their money! One can only imagine why.<br \/>\n.<br \/>\nIt is time for European Governments to abandon their obstruction and sabotage of a realistic peace, to end their generous and secret support for the Palestinian Authority, UNRWA and anti-Israel NGOs, and to support Israel in its quest for a peaceful future for all. It is time for Germany and the EU to join Arab governments like Egypt, Qatar, the UAE and Saudi Arabia in welcoming the Trump Peace Plan, and to support Israeli sovereignty in Judea and Samaria.<br \/>\nWe must recognize the fact that Israel is our friend, and Israel is here to stay.<br \/>\n.<br \/>\nSources:<br \/>\n[1] Ernst Frankenstein, &#8222;Justice for my People&#8220;, London 1943, p. 127Quoted in: Joan Peters, &#8222;From Time Immemorial&#8220;, Harper &amp; Row, Chicago 1984, p. 197<\/p>\n<p>&#8230; Alles vom 26.6.2020 bitte lesen auf<br \/>\n<a href=\"https:\/\/www.israelnationalnews.com\/News\/News.aspx\/282521\">https:\/\/www.israelnationalnews.com\/News\/News.aspx\/282521<\/a><br \/>\n.<br \/>\n<em>Joachim Kuhs is a trained Auditor. He is a member of the AfD National Committee, head of the \u201cChristians in the AfD\u201d and member of the Budget Committee in the EU Parliament. He lives in Baden-Baden, has 10 children and 12 grandchildren.<\/em><\/p>\n<p>.<\/p>\n<p>.<\/p>\n<p><strong>Der Verbleib von Jud\u00e4a und Samaria in Israel ist nicht v\u00f6lkerrechtswidrig<\/strong><br \/>\n<em>Auch gem\u00e4\u00df den Resolutionen des V\u00f6lkerbundes und der UNO ist Israels Pr\u00e4senz in den urj\u00fcdischen Gebieten Jud\u00e4a und Samaria legitim.<\/em><br \/>\nMit der innerstaatlichen Praxis haben sich der Rechtsstatus und die Rechte der indigenen V\u00f6lker weiterentwickelt und zum internationalen Gewohnheitsrecht herauskristallisiert. So erkl\u00e4rte beispielsweise die Interamerikanische Menschenrechtskommission, dass \u201ees eine internationale Gewohnheitsrechtsnorm gibt, die das Recht der indigenen V\u00f6lker auf ihr traditionelles Land bekr\u00e4ftigt\u201c. Der Afrikanische Gerichtshof f\u00fcr Menschen- und V\u00f6lkerrecht best\u00e4tigte, dass die Landrechte der indigenen V\u00f6lker gesch\u00fctzt sind und dass diese Rechte \u201eallgemeine Rechtsgrunds\u00e4tze\u201c darstellen. Unter anderem stimmten Belgien, Gro\u00dfbritannien, Frankreich, Deutschland, Israel und Luxemburg f\u00fcr die Erkl\u00e4rung. Seit 2007 haben Australien, Kanada, Neuseeland und die Vereinigten Staaten, die dagegen gestimmt hatten, die Erkl\u00e4rung im Jahr 2010 formell gebilligt. In ihren Beziehungen zu Israel k\u00f6nnen diese Staaten nicht behaupten, dass die Erkl\u00e4rung nicht f\u00fcr israelische Juden gilt, da eine solche Position auf eine eklatante Rassendiskriminierung hinauslaufen w\u00fcrde.<br \/>\n.<br \/>\nNach dem V\u00f6lkerrecht sind die Juden die Ureinwohner der als Jud\u00e4a, Samaria, Pal\u00e4stina, Israel und Heiliges Land bezeichneten L\u00e4nder und erf\u00fcllen daher die v\u00f6lkerrechtlich geforderten Kriterien. Die Juden sind die ethnische Gruppe, die vor 3.500 Jahren die urspr\u00fcnglichen Siedler von Jud\u00e4a und Samaria waren, als das Land vom Allm\u00e4chtigen den Juden geschenkt wurde. F\u00fchrer dieser Welt, die sich daf\u00fcr entschieden haben, die Geschichte zu verw\u00e4ssern, bezeichnen Jud\u00e4a und Samaria f\u00e4lschlicherweise als \u201eWestbank\u201c, \u201eWestjordanland\u201c oder die \u201ebesetzten pal\u00e4stinensischen Gebiete\u201c.<br \/>\nNach der Balfour-Erkl\u00e4rung von 1917 schufen der Vertrag von Lausanne (1923), das britische Mandat f\u00fcr Pal\u00e4stina (1922), die San-Remo-Resolution (1920) und der Vertrag von Sevres (1920) internationales Recht und anerkannten die historischen angestammten Rechte der Juden auf ihr Land und f\u00fchrten sie wieder ein. Die Unterzeichner dieser Vertr\u00e4ge und des Mandats (Gro\u00dfbritannien, Frankreich, T\u00fcrkei, Japan, Italien usw.) sind an diese Vertr\u00e4ge und das Mandat gebunden.<br \/>\nMit dem Mandat f\u00fcr Pal\u00e4stina, das Gro\u00dfbritannien im August 1922 erteilt wurde, erkannte der V\u00f6lkerbund \u201edie historische Verbindung des j\u00fcdischen Volkes mit Pal\u00e4stina an sowie die Grundlagen f\u00fcr die Wiederherstellung seiner nationalen Heimat in diesem Land\u201c.<br \/>\n&#8230; Alles vom 20.6.2020 bitte lesen auf<br \/>\n<a href=\"https:\/\/juedischerundschau.de\/article.2020-06.der-verbleib-von-judaea-und-samaria-in-israel-ist-nicht-voelkerrechtswidrig.html\">https:\/\/juedischerundschau.de\/article.2020-06.der-verbleib-von-judaea-und-samaria-in-israel-ist-nicht-voelkerrechtswidrig.html<\/a><\/p>\n","protected":false},"excerpt":{"rendered":"<p>Home &gt;Global &gt;Juden\u00a0&gt;Israel &gt;Israel2020 Listenauswahl eines Beitrags (Artikel\/Datum, Seite\/Inhalt):\u00a0Klicken\u00a0oder scrollen Markt der Partnerst\u00e4dte Freiburg\u00a0(12.6.2026) Israel: Europa wird islamisch\u00a0(18.8.2025) Drusen ermordet \u2013 Berlin jubelt\u00a0(23.7.2025) Deutschland braucht Israel mehr als umgekehrt\u00a0(3.10.2024) Frieden im Westjordanland: Flurbereinigung\u00a0(2.1.2024) Bundestag gegen BDS-Boykott (7.11.2023) Unsterbliche Nahost-Legenden und &hellip; <a href=\"https:\/\/www.freiburg-schwarzwald.de\/blog\/global\/israel\/israel2020\/\">Weiterlesen <span class=\"meta-nav\">&rarr;<\/span><\/a><\/p>\n","protected":false},"author":2,"featured_media":0,"parent":17167,"menu_order":0,"comment_status":"open","ping_status":"closed","template":"","meta":{"footnotes":""},"class_list":["post-81819","page","type-page","status-publish","hentry"],"_links":{"self":[{"href":"https:\/\/www.freiburg-schwarzwald.de\/blog\/wp-json\/wp\/v2\/pages\/81819","targetHints":{"allow":["GET"]}}],"collection":[{"href":"https:\/\/www.freiburg-schwarzwald.de\/blog\/wp-json\/wp\/v2\/pages"}],"about":[{"href":"https:\/\/www.freiburg-schwarzwald.de\/blog\/wp-json\/wp\/v2\/types\/page"}],"author":[{"embeddable":true,"href":"https:\/\/www.freiburg-schwarzwald.de\/blog\/wp-json\/wp\/v2\/users\/2"}],"replies":[{"embeddable":true,"href":"https:\/\/www.freiburg-schwarzwald.de\/blog\/wp-json\/wp\/v2\/comments?post=81819"}],"version-history":[{"count":6,"href":"https:\/\/www.freiburg-schwarzwald.de\/blog\/wp-json\/wp\/v2\/pages\/81819\/revisions"}],"predecessor-version":[{"id":150378,"href":"https:\/\/www.freiburg-schwarzwald.de\/blog\/wp-json\/wp\/v2\/pages\/81819\/revisions\/150378"}],"up":[{"embeddable":true,"href":"https:\/\/www.freiburg-schwarzwald.de\/blog\/wp-json\/wp\/v2\/pages\/17167"}],"wp:attachment":[{"href":"https:\/\/www.freiburg-schwarzwald.de\/blog\/wp-json\/wp\/v2\/media?parent=81819"}],"curies":[{"name":"wp","href":"https:\/\/api.w.org\/{rel}","templated":true}]}}