{"id":81375,"date":"2020-06-14T08:13:44","date_gmt":"2020-06-14T06:13:44","guid":{"rendered":"https:\/\/www.freiburg-schwarzwald.de\/blog\/?page_id=81375"},"modified":"2026-07-20T09:12:37","modified_gmt":"2026-07-20T07:12:37","slug":"migrantenkinder","status":"publish","type":"page","link":"https:\/\/www.freiburg-schwarzwald.de\/blog\/global\/migration\/migrantenkinder\/","title":{"rendered":"Migrantenkinder"},"content":{"rendered":"<p><a href=\"https:\/\/www.freiburg-schwarzwald.de\/blog\">Home<\/a>\u00a0&gt;<a title=\"Global\" href=\"https:\/\/www.freiburg-schwarzwald.de\/blog\/global\/\">Global<\/a>\u00a0&gt;<a title=\"Migration\" href=\"https:\/\/www.freiburg-schwarzwald.de\/blog\/global\/migration\/\">Migration<\/a>\u00a0&gt;<a title=\"Integration\" href=\"https:\/\/www.freiburg-schwarzwald.de\/blog\/global\/integration\/\">Integration<\/a>\u00a0&gt;<a title=\"Fluechtlinge\" href=\"https:\/\/www.freiburg-schwarzwald.de\/blog\/global\/integration\/fluechtlinge\/\">Fluechtlinge<\/a>\u00a0&gt;<a title=\"Migranten-Benehmen\" href=\"https:\/\/www.freiburg-schwarzwald.de\/blog\/global\/migration\/migranten-benehmen\/\">Migranten-Benehmen<\/a> &gt;Migrationskinder<\/p>\n<div id=\"attachment_81377\" style=\"width: 649px\" class=\"wp-caption alignnone\"><a href=\"https:\/\/www.freiburg-schwarzwald.de\/blog\/global\/migration\/migrantenkinder\/moneglia200606bad-pan\/\" rel=\"attachment wp-att-81377\"><img loading=\"lazy\" decoding=\"async\" aria-describedby=\"caption-attachment-81377\" class=\"size-full wp-image-81377\" src=\"https:\/\/www.freiburg-schwarzwald.de\/blog\/wp-content\/uploads\/2020\/06\/moneglia200606bad-pan.jpg\" alt=\"Baden im Mittelmeer am 7.6.2020: Ligurische K\u00fcste bei Moneglia\" width=\"639\" height=\"235\" srcset=\"https:\/\/www.freiburg-schwarzwald.de\/blog\/wp-content\/uploads\/2020\/06\/moneglia200606bad-pan.jpg 639w, https:\/\/www.freiburg-schwarzwald.de\/blog\/wp-content\/uploads\/2020\/06\/moneglia200606bad-pan-180x66.jpg 180w\" sizes=\"auto, (max-width: 639px) 100vw, 639px\" \/><\/a><p id=\"caption-attachment-81377\" class=\"wp-caption-text\">Baden im Mittelmeer am 7.6.2020: Ligurische K\u00fcste bei Moneglia<\/p><\/div>\n<p>&nbsp;<\/p>\n<ul>\n<li><em>Listenauswahl eines Beitrags: Bitte <span style=\"text-decoration: underline;\">anklicken<\/span> oder runterscrollen<\/em><\/li>\n<li><a href=\"https:\/\/www.freiburg-schwarzwald.de\/blog\/islam-oder-islamismus\/\">Islam oder Islamismus<\/a>\u00a0(20.7.2026)<\/li>\n<li><a href=\"https:\/\/www.freiburg-schwarzwald.de\/blog\/bildung\/schulen\/schulen-islamisten\/\">Angekettete Kinder bei \u00fcber 40\u00b0C: Islamistendemo mitten in Berlin<\/a>\u00a0(29.6.2026)<\/li>\n<li><a href=\"https:\/\/www.freiburg-schwarzwald.de\/blog\/12-mio-15-29jaehrige-kein-bock\/\">1,2 Mio 15-29J\u00e4hrige: Kein Bock<\/a>\u00a0(20.5.2026)<\/li>\n<li><a href=\"https:\/\/www.freiburg-schwarzwald.de\/blog\/mobbing-vom-politischen-islam\/\">Mobbing vom politischen Islam<\/a>\u00a0(28.12.2025)<\/li>\n<li><a href=\"https:\/\/www.freiburg-schwarzwald.de\/blog\/selbsthilfe\/krise\/gewalt\/jugendgewalt\/\">67 % der jugendlichen Intensivt\u00e4ter in NRW haben Migrationshintergrund<\/a> (11.4.2025)<\/li>\n<li><a href=\"https:\/\/www.freiburg-schwarzwald.de\/blog\/selbsthilfe\/krise\/gewalt\/kindergewalt\/\">M\u00e4dchengang-Terror an Oberschule in Sande<\/a>\u00a0(2.1.2025)<\/li>\n<li>Bessere Noten f\u00fcr Migrantenkinder? (20.1.2025)<\/li>\n<li><a href=\"https:\/\/www.freiburg-schwarzwald.de\/blog\/gegen-die-einseitigkeit\/\">Gegen die Einseitigkeit<\/a> (25.11.2024)<\/li>\n<li><a href=\"https:\/\/www.freiburg-schwarzwald.de\/blog\/southport-29-6-24-messermorde\/\">Southport 29.6.24 Messermorde<\/a>\u00a0(5.8.2024)<\/li>\n<li><a href=\"https:\/\/www.freiburg-schwarzwald.de\/blog\/global\/migration\/talahon\/\">Talahon \u2013 Gangsta mit Gucci-Cap, Jogginghose und Lacoste Shirt<\/a>\u00a0(28.7.2024)<\/li>\n<li><a href=\"https:\/\/www.freiburg-schwarzwald.de\/blog\/boese-oder-tolerierbare-gewalt\/\">B\u00f6se oder tolerierbare Gewalt<\/a>\u00a0(20.6.2024)<\/li>\n<li><a href=\"https:\/\/www.freiburg-schwarzwald.de\/blog\/selbsthilfe\/krise\/gewalt\/jugendgewalt\/\">Kriminalit\u00e4t: Jugendliche Migranten schlagen immer brutaler zu<\/a>\u00a0(14.5.2024)<\/li>\n<li><a href=\"https:\/\/www.freiburg-schwarzwald.de\/blog\/gewalt-muslimischer-schueler\/\">Gewalt muslimischer Sch\u00fcler<\/a>\u00a0(24.4.2024)<\/li>\n<li><a href=\"https:\/\/www.freiburg-schwarzwald.de\/blog\/bildung\/schulen\/schulen-islam\/\">Lernen neben Extremisten<\/a>\u00a0(19.4.2024)<\/li>\n<li><a href=\"https:\/\/www.freiburg-schwarzwald.de\/blog\/selbsthilfe\/krise\/gewalt\/jugendgewalt\/\">Offenburger Sch\u00fclermord: 15-j\u00e4hriger Mateja Z. festgenommen<\/a> (11.11.2023)<\/li>\n<li>Kinder-Stra\u00dfenfest in Berlin Kreuzberg: Verschleierung (4.6.2023)<\/li>\n<li><a href=\"https:\/\/www.freiburg-schwarzwald.de\/blog\/bildung\/kindergarten\/kita\/\">\u201eDu mir nix sagen, du deutsch!\u201c: Zoff mit Migranten-Jungs im Kindergarten<\/a> (5.4.23)<\/li>\n<li><a href=\"https:\/\/www.freiburg-schwarzwald.de\/blog\/selbsthilfe\/krise\/gewalt\/jugendgewalt\/\">Allahu Akbar-Rufe: Jugendliche beschimpfen Kirchenbesucher<\/a>\u00a0(13.3.2023)<\/li>\n<li><a href=\"https:\/\/www.freiburg-schwarzwald.de\/blog\/kindergewalt-und-tugenden\/\">Kindergewalt und Tugenden<\/a>\u00a0(2.3.2023)<\/li>\n<li><a href=\"https:\/\/www.freiburg-schwarzwald.de\/blog\/selbsthilfe\/krise\/gewalt\/kindergewalt\/\">Wenn Kinder t\u00f6ten: Stellen wir die richtigen Fragen?<\/a>\u00a0(21.3.2023)<\/li>\n<li><a href=\"https:\/\/www.freiburg-schwarzwald.de\/blog\/buch-lesen-bildung-migration\/\">Buch, Lesen, Bildung, Migration<\/a>\u00a0(21.12.2021)<\/li>\n<li><a href=\"https:\/\/www.freiburg-schwarzwald.de\/blog\/brennpunktschule-und-bildung\/\">Brennpunktschule und Bildung<\/a>\u00a0(30.11.2020)<\/li>\n<li><a title=\"Sozialismus ohne Sicherheit\" href=\"https:\/\/www.freiburg-schwarzwald.de\/blog\/sozialismus-ohne-sicherheit\/\">Sozialismus ohne Sicherheit \u2013 Albtraum des B\u00fcrgers<\/a>\u00a0(26.6.2020)<\/li>\n<li><a title=\"Gerichte\" href=\"https:\/\/www.freiburg-schwarzwald.de\/blog\/selbsthilfe\/soziales\/justiz\/gerichte\/\">Richter warnt: Viele Gewaltt\u00e4ter von Stuttgart m\u00fcssen keine Strafen f\u00fcrchten<\/a>\u00a0(26.6.2020)<\/li>\n<li>Ismail Tipi: Jugend ohne Tugend (8.6.2020)<\/li>\n<li><a title=\"Spaltung\" href=\"https:\/\/www.freiburg-schwarzwald.de\/blog\/global\/deutschland\/spaltung\/\">Maaz: Das gespaltene Land \u2013 Der deutsche Hang zum Mitl\u00e4ufertum<\/a>\u00a0(29.5.2020)<\/li>\n<li><a title=\"Consent-of-the-Governed\" href=\"https:\/\/www.freiburg-schwarzwald.de\/blog\/global\/deutschland\/consent-of-the-governed\/\">Peter Kuntze: Deutschland, die ethnisch fragmentierte Republik \u2013\u00a0Es wird noch bunter<\/a>\u00a0(29.5.2020)<\/li>\n<li><a title=\"Islam-Antisemitismus\" href=\"https:\/\/www.freiburg-schwarzwald.de\/blog\/religion\/islam\/islam-antisemitismus\/\">Georges Bensoussan zu Islam-Antisemitismus: Die T\u00e4ter sind tabu<\/a>\u00a0(18.1.2020)<\/li>\n<li><a title=\"Gesellschaft\" href=\"https:\/\/www.freiburg-schwarzwald.de\/blog\/global\/deutschland\/gesellschaft\/\">Yascha Mounk: ein \u201eeinmaliges soziales Experiment\u201c<\/a>\u00a0 (28.11.2019)<\/li>\n<li><a title=\"Alles Deutsche schlecht reden\" href=\"https:\/\/www.freiburg-schwarzwald.de\/blog\/alles-deutsche-schlecht-reden\/\">Alles Deutsche schlecht reden<\/a>\u00a0(27.11.2019)<\/li>\n<li><a title=\"Indoktrinierung\" href=\"https:\/\/www.freiburg-schwarzwald.de\/blog\/bildung\/schulen\/indoktrinierung\/\">Multikulti-Schulen sind die H\u00f6lle!<\/a>\u00a0(14.11.2019)<\/li>\n<li><a title=\"Gesellschaftsvertrag \u2013 Consent\" href=\"https:\/\/www.freiburg-schwarzwald.de\/blog\/gesellschaftsvertrag-consent\/\">Multikulti steht im Widerspruch zum \u201cConsent of the Governed\u201d<\/a>\u00a0(21.10.2019)<\/li>\n<li><a title=\"Bevoelkerungsaustausch\" href=\"https:\/\/www.freiburg-schwarzwald.de\/blog\/engagement\/zukunft\/demografie\/bevoelkerungsaustausch\/\">Multikulti scheitert schon allein wirtschaftlich<\/a>\u00a0(27.6.2019)<\/li>\n<li><a href=\"https:\/\/www.freiburg-schwarzwald.de\/blog\/jugendliche-pruegelei-amberg\/\">https:\/\/www.freiburg-schwarzwald.de\/blog\/jugendliche-pruegelei-amberg\/<\/a>\u00a0(31.12.2018)<\/li>\n<li><a href=\"https:\/\/www.freiburg-schwarzwald.de\/blog\/interkulturelle-oeffnung\/\">https:\/\/www.freiburg-schwarzwald.de\/blog\/interkulturelle-oeffnung\/<\/a>\u00a0(22.11.2016)<\/li>\n<li><a title=\"Multikulti\" href=\"https:\/\/www.freiburg-schwarzwald.de\/blog\/kultur\/leitkultur\/multikulti\/\">Multikulti: Eine als multikulturell verkl\u00e4rte Monokultur<\/a> (1.9.2016)<\/li>\n<li><\/li>\n<li><a href=\"https:\/\/www.freiburg-schwarzwald.de\/blog\/bildung\/schulen\/brennpunktschulen\/\">Brennpunktschulen<\/a><\/li>\n<li><a title=\"Deutsch\" href=\"https:\/\/www.freiburg-schwarzwald.de\/blog\/kultur\/deutsch\/\">Deutsch<\/a><\/li>\n<li><a title=\"Europa-Leitkultur\" href=\"https:\/\/www.freiburg-schwarzwald.de\/blog\/kultur\/europa-leitkultur\/\">Europa-Leitkultur<\/a><\/li>\n<li><a title=\"Gutmenschen\" href=\"https:\/\/www.freiburg-schwarzwald.de\/blog\/engagement\/gutmenschen\/\">Gutmenschen<\/a><\/li>\n<li><a title=\"Indoktrinierung\" href=\"https:\/\/www.freiburg-schwarzwald.de\/blog\/bildung\/schulen\/indoktrinierung\/\">Indoktrinierung<\/a><\/li>\n<li><a title=\"Integration\" href=\"https:\/\/www.freiburg-schwarzwald.de\/blog\/global\/integration\/\">Integration<\/a><\/li>\n<li><a title=\"Assimilation\" href=\"https:\/\/www.freiburg-schwarzwald.de\/blog\/global\/integration\/assimilation\/\">Assimilation<\/a><\/li>\n<li><a title=\"UMF\" href=\"https:\/\/www.freiburg-schwarzwald.de\/blog\/global\/integration\/umf\/\">Fluechtlinge \u2013 UMF<\/a><\/li>\n<li><a href=\"https:\/\/www.freiburg-schwarzwald.de\/blog\/selbsthilfe\/krise\/gewalt\/jugendgewalt\/\">Jugendgewalt<\/a><\/li>\n<li><a href=\"https:\/\/www.freiburg-schwarzwald.de\/blog\/selbsthilfe\/krise\/gewalt\/kindergewalt\/\">Kindergewalt<\/a><\/li>\n<li><a title=\"Kirche-Staat\" href=\"https:\/\/www.freiburg-schwarzwald.de\/blog\/religion\/kirche-staat\/\">Kirche-Staat<\/a><\/li>\n<li><a href=\"https:\/\/www.freiburg-schwarzwald.de\/blog\/bildung\/kindergarten\/kita\/\">Kita<\/a><\/li>\n<li><a title=\"Migration\" href=\"https:\/\/www.freiburg-schwarzwald.de\/blog\/global\/migration\/\">Migration<\/a><\/li>\n<li><a title=\"Islam-Reformen\" href=\"https:\/\/www.freiburg-schwarzwald.de\/blog\/religion\/islam\/islam-reformen\/\">Islam-Reformen<\/a><\/li>\n<li><a title=\"Liberalismus\" href=\"https:\/\/www.freiburg-schwarzwald.de\/blog\/engagement\/zukunft\/demokratie\/liberalismus\/\">Liberalismus<\/a><\/li>\n<li><a title=\"Paralleljustiz\" href=\"https:\/\/www.freiburg-schwarzwald.de\/blog\/selbsthilfe\/soziales\/justiz\/paralleljustiz\/\">Paralleljustiz<\/a><\/li>\n<li><a href=\"https:\/\/www.freiburg-schwarzwald.de\/blog\/bildung\/schulen\/schulen-islam\/\">Schulen-Islam<\/a><\/li>\n<li><a title=\"Soziales\" href=\"https:\/\/www.freiburg-schwarzwald.de\/blog\/selbsthilfe\/soziales\/\">Soziales<\/a><\/li>\n<li><a href=\"https:\/\/www.freiburg-schwarzwald.de\/blog\/global\/migration\/talahon\/\">Talahon<\/a><\/li>\n<li><a title=\"Voelkerwanderung\" href=\"https:\/\/www.freiburg-schwarzwald.de\/blog\/global\/voelkerwanderung\/\">V\u00f6lkerwanderung<\/a><\/li>\n<li><a title=\"Werte\" href=\"https:\/\/www.freiburg-schwarzwald.de\/blog\/global\/integration\/werte\/\">Werte<\/a><\/li>\n<\/ul>\n<p>&nbsp;<\/p>\n<p><strong>Bessere Noten f\u00fcr Migrantenkinder?<\/strong><br \/>\nEs ist eine Binse: Sch\u00fcler mit Migrationshintergrund erhalten von Lehrern allzu oft die besseren Noten als die anderen Kinder &#8211; vorausgesetzt, da\u00df sie im Unterricht nicht als St\u00f6rern auffallen. Ein Grund mag auch darin liegen, da\u00df Lehrer von Eltern in Angst versetzt wurden.<br \/>\nUnd es ist genauso eine Binse, da\u00df man nicht von Bevorteilung sprechen kann, wenn ein Migrantenkind bei gleicher Leistung die bessere Benotung erf\u00e4hrt. Denn Noten dienen dazu, den Sch\u00fclern einen Anhaltspunkt \u00fcber ihren tats\u00e4chlichen Leistungsstand zu geben &#8211; und dieser wird den Migranten verweigert.<br \/>\n20.1.2025<br \/>\n.<br \/>\nEnde von Beitrag &#8222;Bessere Noten f\u00fcr Migrantenkinder&#8220;<br \/>\n==============================================================<br \/>\nBeginn von Anlagen (1) &#8211; (2)<br \/>\n.<br \/>\n.<br \/>\n<strong>Studie: Migrantenkinder werden in der Schule nicht diskriminiert, sondern bevorteilt<\/strong><br \/>\nEine Studie der Universit\u00e4t Duisburg-Essen r\u00e4umt mit dem Vorurteil auf, dass Kinder mit Migrationshintergrund in der Schule benachteiligt werden. Die Studie kommt stattdessen zu der Erkenntnis, dass Kinder von Migranten von Lehrern besser benotet werden, als es ihre Tests bei einer Anonymisierung des Tests hergeben w\u00fcrden.<br \/>\nProfessorin Julia Bredtmann \u00e4u\u00dfert sich im Spiegel zu der Studie. \u201e[U]nsere Studie zeigt, dass in den deutschen Schulen keine systematische Diskriminierung bei der Notenvergabe von Schulkindern mit Migrationshintergrund stattfindet.\u201c Laut der Professorin wird vermutet, dass Lehrer \u201eauf diese Weise unbewusst versuchen, soziale Nachteile durch positivere Noten auszugleichen\u201c.<br \/>\n&#8230;<br \/>\nGleichzeitig warnt Bredtmann davor, dass der in der Studie aufgezeigte Effekt der Bevorzugung von Kindern mit Migrationshintergrund auch Nachteile f\u00fcr die Kinder haben kann. Die Kinder w\u00fcrden aufgrund des niedrigeren Anspruchs der Lehrer unter ihren Leistungen bleiben.<br \/>\n&#8230; Alles vom 20.1.2025 bitte lesen auf<br \/>\n<a href=\"https:\/\/apollo-news.net\/studie-migrantenkinder-werden-in-der-schule-nicht-diskriminiert-sondern-bevorteilt\/\">https:\/\/apollo-news.net\/studie-migrantenkinder-werden-in-der-schule-nicht-diskriminiert-sondern-bevorteilt\/<\/a><br \/>\n.<br \/>\nEinige Kommentare:<br \/>\nIch habe sofort gedacht, da\u00df es keine Bevorteilung ist, wenn man, ohne die entsprechende Leistung erbracht zu haben, eine gute Note erh\u00e4lt. Schlie\u00dflich sind Noten ja dazu gedacht, dem Sch\u00fcler einen Anhaltspunkt daf\u00fcr zu liefern, welches inhaltliche Ergebnis seine Anstrengung hat, also Aufwand und Ertrag ins Verh\u00e4ltnis zu setzen. Das Ziel ist der Wissenserwerb, nicht die gute Note!, Albert Pfl\u00fcger<br \/>\n.<br \/>\nAlso werden unsere Kinder beschissen und den migrantischen ein falsches Leistungsbild bescheinigt, was dann zu falscher Selbsteinsch\u00e4tzung f\u00fchrt. marie<br \/>\n.<br \/>\nLaut Jobcenter brauchen arbeitslose Eltern bis zum 3 Lebensjahr ihrer Kinder keine Jobs annehmen. Selbst dann nicht, w\u00fcrde ihnen ein Betreuungsplatz f\u00fcr die Kinder zur Verf\u00fcgung stehen. Gerade bei nicht-deutsch-sprechenden Familien bedeutet dies, dass der Staat das Leben dieser Familie mittels B\u00fcrgergeld finanziert\u2013gleichzeitig die Kinder in ihrer Heimatsprache zu Hause betreut werden. Wird innerhalb dieser 3 Jahre ein weiteres Kind geboren, werden diese Kinder evtl. bis zur Einschulung zu Hause mit fremder Sprache betreut. Dann braucht man sich nicht wundern, wenn immer mehr Kinder eingeschult werden, die kein deutsch sprechen.<br \/>\nWerden arbeitende Paare Eltern, gibt es nach dem 1. Jahr Elterngeld\u2013gar kein Geld mehr. In BW muss f\u00fcr die Betreuung in einer Krippe \u2013v on 7.30 Uhr bis 13.30 Uhr 430 Euro bezahlt werden ( ab September 455). Dann werden viele lieber B\u00fcrgergeld beziehen, sich die Miete und Heizung zahlen lassen- uizu<br \/>\n.<br \/>\nWir wohnen in einem Stadtteil Berlins, in dem all dies gar keine Rolle mehr spielt. Die Grundschulen werden zu \u00fcber 90 % von Kindern mit migrantischem Familienhintergrund besucht. Davon wiederum eine ganz gro\u00dfe Mehrheit aus t\u00fcrkischen und arabischen Familien stammend. Da spielt Diskriminierung oder nicht Diskriminierung so gut wie gar keine Rolle mehr. Freigeist<br \/>\nEnde Kommentare<br \/>\n.<br \/>\n.<br \/>\n(2) Kinder mit Migrationsgeschichte: &#8222;Keine systematische Diskriminierung bei der Notenvergabe\u00ab feststellbar&#8220;<br \/>\nKinder mit Migrationsgeschichte haben es im deutschen Schulsystem schwerer \u2013 aber bekommen sie auch schlechtere Noten? Bildungs\u00f6konomin Julia Bredtmann sagt: nein, im Gegenteil. Sie hat zum Thema geforscht..<br \/>\n.. Alles vom 18.1.2025 bitte lesen auf<br \/>\n<a href=\"https:\/\/www.spiegel.de\/panorama\/bildung\/schulnoten-und-migration-keine-systematische-diskriminierung-a-82de636e-039f-41f5-af7b-703fc33b2497\">https:\/\/www.spiegel.de\/panorama\/bildung\/schulnoten-und-migration-keine-systematische-diskriminierung-a-82de636e-039f-41f5-af7b-703fc33b2497<\/a><\/p>\n<p>&nbsp;<\/p>\n<p><strong>Kinder-Stra\u00dfenfest in Berlin Kreuzberg: Verschleierung<\/strong><br \/>\nEin <a href=\"https:\/\/www.freiburg-schwarzwald.de\/blog\/religion\/islam\/islam-deutschland\/\">muslimisches<\/a> Stra\u00dfenfest in Berlin-Kreuzberg, bei dem sich M\u00e4dchen ab sechs Jahren in Burkas und andere Ganzk\u00f6rperverschleierungen h\u00fcllen mussten. Zudem mussten fast alle minderj\u00e4hrigen M\u00e4dchen und Frauen mit dem Kopftuch rumzulaufen. &#8222;Herzlich willkommen&#8220; mit dem bitteren Beigeschmack von \u201eMultikulti\u201c, \u201eToleranz\u201c und \u201eVielfalt\u201c. Das Video zeigt: Bereits im fr\u00fchesten Kindesalter beginnt auch bei uns in Deutschland die kulturbereichernde Gleichschaltung und die v\u00f6llige Entrechtung der Frau. Im \u00f6ffentlichen Raum und erst recht\u00a0 hinter verschlossenen T\u00fcren in den Familien. Integration nein, Parallelgesellschaften ja.<br \/>\n4.6.2023<br \/>\n<a href=\"https:\/\/youtu.be\/ByvcTkXhsCE\">https:\/\/youtu.be\/ByvcTkXhsCE<\/a><\/p>\n<div id=\"attachment_112793\" style=\"width: 649px\" class=\"wp-caption alignnone\"><a href=\"https:\/\/www.freiburg-schwarzwald.de\/blog\/wp-content\/uploads\/2023\/06\/Kinderfest-Schleier-Berlin2305-pan.jpg\"><img loading=\"lazy\" decoding=\"async\" aria-describedby=\"caption-attachment-112793\" class=\"size-full wp-image-112793\" src=\"https:\/\/www.freiburg-schwarzwald.de\/blog\/wp-content\/uploads\/2023\/06\/Kinderfest-Schleier-Berlin2305-pan.jpg\" alt=\"\" width=\"639\" height=\"306\" srcset=\"https:\/\/www.freiburg-schwarzwald.de\/blog\/wp-content\/uploads\/2023\/06\/Kinderfest-Schleier-Berlin2305-pan.jpg 639w, https:\/\/www.freiburg-schwarzwald.de\/blog\/wp-content\/uploads\/2023\/06\/Kinderfest-Schleier-Berlin2305-pan-180x86.jpg 180w\" sizes=\"auto, (max-width: 639px) 100vw, 639px\" \/><\/a><p id=\"caption-attachment-112793\" class=\"wp-caption-text\">Kinderfest Berlin Mai 2023: Muslimische M\u00e4dchen unterm Schleier<\/p><\/div>\n<p>Kommentare:<br \/>\nUnfassbar! Man w\u00e4hnt sich in Marrakesch, Kabul oder Islamabad &#8211; aber nein, diese Demonstration von Frauenunterdr\u00fcckung und Islamfaschismus findet in Berlin &#8211; in UNSERER Bundeshauptstadt statt! Wo sind denn da die Regenbogenfahnen? Wo sind die Drag-Queens und Transfrauen\/m\u00e4nner?! Ja, tats\u00e4chlich: Deutschland ist BUNT! Vielf\u00e4ltig und soooo tolerant! tho<br \/>\n.<br \/>\nFurchtbarer Anblick. V.V.<br \/>\n.<br \/>\nTeile und Herrsche&#8220; -&gt; das gilt es zu verhindern.<br \/>\nGemeinsam + nur gemeinsam inkl. der hier gezeigten Bev\u00f6lkerungsgruppe wird es m\u00f6glich sein, die Ungerechtigkeiten (Beschneidung der Grundrechte, Kinderehen, Gender-Spalterei, Familienzerst\u00f6rung, Ausbeutung der Rohstoffe f\u00fcr E-Auto-Batterien und f\u00fcr Energiewende, Verurteilung Messer- und Machetenmorde unabh\u00e4ngig von der Herkunft) aufzul\u00f6sen.<br \/>\nMan lernt eher voneinander, die Deutschen z.B. \u00fcber die Wichtigkeit der traditionellen Familie, denn dieses haben die Dank Propaganda und kindlicher Naivit\u00e4t komplett verlernt.<br \/>\nDer anti-deutsche Kurs etlicher Regierungen Deutschlands darf nicht in &#8222;Teile und Herrsche&#8220; m\u00fcnden -&gt; da freuen sich die Machthaber dr\u00fcber um so mehr, denn darauf bauen die schlie\u00dflich ihre Macht auf. Wie<br \/>\n.<br \/>\nDystopisch. Wie aus einem Houellebecq-Film. T.Sch.<br \/>\nEnde Kommentare<\/p>\n<p>.<\/p>\n<p><strong>Ismail Tipi: Jugend ohne Tugend<\/strong><br \/>\n<em>Falsch verstandene Toleranz l\u00e4sst unsere Werte aussterben<\/em><br \/>\nEine gef\u00e4hrliche Erosion der Werte unserer Gesellschaft ist zu beobachten. Vor allem in der jungen Generation und besonders unter einigen Jugendlichen mit <a title=\"Migrationshintergrund\" href=\"https:\/\/www.freiburg-schwarzwald.de\/blog\/global\/migration\/migrationshintergrund\/\">Migrationshintergrund<\/a>. Staat und Gesellschaft m\u00fcssen diese Werte ohne falsche Toleranz dahin bringen, wo es wehtut.<br \/>\n.<br \/>\nFreiheit und Rechtsstaatlichkeit, Gleichheit und Gerechtigkeit, Verantwortung und Engagement \u2013 Das sind die fundamentalen Grunds\u00e4tze unserer Verfassung, unserer Gesellschaft und <a title=\"Consent-of-the-Governed\" href=\"https:\/\/www.freiburg-schwarzwald.de\/blog\/global\/deutschland\/consent-of-the-governed\/\">unseres Zusammenlebens<\/a>. Gerade unsere Gesellschaft ist auf diese demokratischen Werte gegr\u00fcndet, auf Werte, die wir als unzerst\u00f6rbar und unabdingbar betrachten.<br \/>\nUnd dennoch, so unangreifbar Freiheit und Demokratie lange gewirkt haben m\u00f6gen, ganz besonders nach der Wiedervereinigung, als in einem geeinten Deutschland als starkes Glied eines geeinten Europas alle gro\u00dfen Krisen scheinbar bew\u00e4ltigt und der Kampf gegen die Verfassungsfeinde geschlagen zu sein schien, so unangreifbar sind diese Werte schon lange nicht mehr.<br \/>\nDas liegt daran, dass unsere Verfassung, dass unsere Werte und unsere Kultur nicht aus sich heraus fortbestehen und sich weiter entwickeln k\u00f6nnen, ebenso wenig wie Demokratie aus sich heraus fortbestehen kann. Unsere Demokratie ist eine Herrschaft auf Zeit, in der Macht immer nur auf Zeit verliehen wird, keinesfalls aber lebenslang gepachtet oder gar vererbt wird. In diesem Bestehen und Vergehen von Macht liegt die Anmut unserer Demokratie, die dazu immer wieder unseren Beitrag braucht: Die Demokratie braucht Ideen, braucht den offenen Meinungsstreit und den kritischen Diskurs ebenso wie sie stabile Mehrheiten in der gesellschaftlichen Mitte zum Fortbestehen braucht.<\/p>\n<p>Daf\u00fcr braucht es Engagement, genauer das Engagement jedes einzelnen B\u00fcrgers. Keiner darf sich als blo\u00dfer passiver Beobachter begreifen. Demokratie lebt vom Mitmachen und vom Mitstreiten, vom Mitdiskutieren und vom Mitmischen. Sie braucht m\u00fcndige B\u00fcrger, die bereit sind, am demokratischen Gemeinwesen mitzubauen und die die Diskussionshoheit nicht den Vertretern extremer Positionen \u00fcberlassen wollen.<\/p>\n<p>Da schlie\u00dft sich der Kreis: Eine Politik der Mitte muss auf den Werten basieren, die das Fundament unseres Landes bilden. Das sind Freiheit und Rechtsstaatlichkeit, die soziale Marktwirtschaft und die Freiz\u00fcgigkeit ebenso wie die Achtung jedes Menschen und den Schutz seiner Individualit\u00e4t \u2013 unabh\u00e4ngig von dessen Herkunft, dessen Religion oder seinen \u00dcberzeugungen.<\/p>\n<p>Soweit die Theorie. Was ich jedoch beobachte, ist eine gef\u00e4hrliche Erosion ebendieser Werte, vor allem in der jungen Generation und besonders unter einigen Jugendlichen mit Migrationshintergrund. Das ist gleich in doppelter Hinsicht mehr als besorgniserregend:<br \/>\nZum einen sind die Jugendlichen die Hoffnungs- und Verantwortungstr\u00e4ger von morgen, in deren H\u00e4nden es liegen wird, die zuk\u00fcnftigen Geschicke dieses Landes zu leiten. Zum anderen versagen wir als Gesellschaft str\u00e4flich, wenn es uns nicht gelingen sollte, die Kinder von Einwanderern und deren Kinder von unseren demokratisch-rechtsstaatlichen Werten und Idealen zu \u00fcberzeugen. Was hierbei auf dem Spiel steht, ist nicht etwa die nur sehr vage identifizierbare und vieldiskutierte deutsche \u201eLeitkultur\u201c, sondern schlicht und ergreifend die Erhaltung unserer Werte, in letzter Konsequenz auch der Fortbestand unserer Demokratie.<\/p>\n<p>Der <em><strong>Angriff auf Polizei und Rettungskr\u00e4fte von Dietzenbach<\/strong><\/em> hat uns gezeigt, wohin der Verlust von Werten und Respekt f\u00fchren k\u00f6nnen: Schamlos werden die Polizei und ehrenamtliche Rettungskr\u00e4fte alarmiert und zu einem eigens daf\u00fcr gelegten Feuer gerufen. Dort angekommen werden sie von etwa 50 Personen aus einem Hinterhalt mit Steinen beworfen und m\u00fcssen um ihre Gesundheit bangen. Mehrere Augenzeugen beschuldigen eine Gruppe Jugendlicher f\u00fcr diese verachtungsw\u00fcrdige Tat verantwortlich zu sein und behaupten die Jugendlichen nicht nur beim Pr\u00e4parieren der Steinhaufen, sondern auch beim Mischen von Molotow-Cocktails beobachtet zu haben.<br \/>\nSofort dr\u00e4ngt sich mir hier die Frage auf: Was ist blo\u00df passiert? Haben wir es wirklich mit einer Jugend ohne Tugend zu tun und wie konnte es soweit kommen?<\/p>\n<p>Oftmals wird in dieser Debatte angef\u00fchrt, dass es sich bei jugendlichen Straft\u00e4tern vorwiegend um Migrantenkinder aus bildungsfernen Schichten handle. Ein Argument, das f\u00fcr mich keinerlei Geltung besitzt. Die meisten Migrantenkinder leben bereits in zweiter, dritter oder gar vierter Generation in Deutschland. Die \u00fcberw\u00e4ltigende Mehrheit ist in unserem Land geboren, mit der deutschen Staatsb\u00fcrgerschaft aufgewachsen und hier zur Schule gegangen \u2013 nicht wenige haben hier studiert oder eine Berufsausbildung abgeschlossen.<\/p>\n<p>Als Kind t\u00fcrkischer Einwanderer kann ich aus erster Hand berichten, wie mich dieses Land aufgenommen hat, wie ich in der Schule und in meinem privaten Umfeld die deutsche Kultur und die deutschen Werte kennen und sch\u00e4tzen gelernt habe und wie ich diese Werte zu meinen eigenen gemacht habe. Daher kann ich sagen: Bei Einwanderkindern kategorisch von bildungsfernen Schichten zu sprechen und diese vermeintliche Bildungsferne f\u00fcr das Einschlagen einer kriminellen Laufbahn verantwortlich zu machen, ist gelinde gesagt Bl\u00f6dsinn.<\/p>\n<p>Wer als Einwanderer nach Deutschland kommt, um hier zu leben, kann sich nicht auf seinem Migrationshintergrund ausruhen, sondern ist gefordert, sich mit unserem Rechtssystem, unseren Werten und unserer Kultur vertraut zu machen. Das gilt ganz besonders f\u00fcr Einwandererkinder der zweiten, dritten oder gar vierten Generation.<\/p>\n<p>F\u00fcr mich ist das Problem, weswegen viele Einwandererkinder sich nicht mit unseren Werten identifizieren k\u00f6nnen, ein ganz anderes: Viele dieser Kinder und Jugendlichen leben in zwei Parallelwelten. Sie m\u00fcssen tagt\u00e4glich den Spagat meistern zwischen der westlich-demokratischen Lebensart in der Schule und einer oftmals fundamental-traditionellen Lebensweise daheim.<\/p>\n<p>Viele dieser Kinder und Jugendlichen k\u00e4mpfen um eine Identit\u00e4t \u2013 und entscheiden sich gegen die deutsche. Sie sind dann sozusagen Migranten mit der Deutschen Staatsb\u00fcrgerschaft, denn die wird ihnen zumeist durch den Geburtsort innerhalb unseres Landes verliehen. Wir brauchen aber keine Deutschen Staatsb\u00fcrger, die diesem Privileg keine Verantwortung abgewinnen k\u00f6nnen, die in ihrem Pass nicht mehr als ein St\u00fcck Papier sehen. Wir brauchen \u00fcberzeugte Staatsb\u00fcrger, die ihre staatsb\u00fcrgerlichen Pflichten ernst nehmen und f\u00fcr Demokratie, Freiheit und Rechtsstaatlichkeit eintreten.<\/p>\n<p>Wie aber sollen wir die Kinder aus Einwandererfamilien hierzu erziehen, wenn wir zugleich zulassen, dass sie in den Hinterhofmoscheen und Migrantenvierteln unserer Gro\u00dfst\u00e4dte abgekapselt vom b\u00fcrgerlichen Rest unseres Landes leben \u2013 ohne zu einer tieferen Auseinandersetzung mit unseren Werten, die \u00fcber die Vermittlung dieser in der Schule hinausgeht, gezwungen zu werden?<br \/>\nSolange wir zulassen, dass manche Kinder und Jugendliche von politischen Extremisten, konservativ-fundamentalistischen Eltern und Familienoberh\u00e4uptern oder religi\u00f6sen Hardlinern wie beispielsweise Salafisten zu Werten erzogen werden, die schlichtweg unvereinbar mit den unsrigen sind, solange sehe ich schwarz f\u00fcr eine Jugend voller Tugend. Wenn es beispielsweise unter salafistisch gepr\u00e4gten Jugendlichen mitten in unserem Land zu Wettbewerben kommt, wer die deutschen \u201eKuffar\u201c, die Ungl\u00e4ubigen, am meisten hasst, dann sind wir an einem sehr kritischen Scheidepunkt angelangt.<br \/>\nEs gilt also, die Kinder und Jugendlichen m\u00f6glichst fr\u00fch, vor allem aber nachhaltig, f\u00fcr unsere Werte und unsere Kultur zu begeistern. Zugleich aber auch den Eltern und wom\u00f6glich auch der Gro\u00dfelterngeneration dieser Kinder klar zu machen, dass in diesem Land nur derjenige eine Perspektive haben wird, der sich klar zu unseren Werten, unserer Verfassung und unserer Demokratie bekennt.<\/p>\n<p>Es geht hierbei keinesfalls um erzwungene Assimilation oder das Ausmerzen fremder Kulturen \u2013 vielmehr geht es darum, die kulturelle Vielfalt zu erhalten. Daf\u00fcr brauchen wir jedoch klare Spielregeln: Die Spielregeln unseres Landes werden von der Verfassung und den Gesetzen bestimmt. Wer damit nicht einverstanden ist oder gar eigene Rechtssysteme wie die \u201eScharia\u201c oder private Friedensrichtersysteme \u00fcber deutsches Recht erheben will, f\u00fcr den kann Deutschland keine Heimat sein.<\/p>\n<p>Die Multi-Kulti-Romantiker werfen uns hier allzu oft Intoleranz oder gar rechtsextremes bis zuweilen nationalsozialistisches Denken vor. Vorw\u00fcrfe, die ich mit gr\u00f6\u00dfter Vehemenz zur\u00fcckweise: Keiner wird gezwungen, die Werte dieses Landes zu seinen eigenen zu machen. Es w\u00e4re ja absolut gegen den liberalen Gedanken, w\u00fcrden wir unsere Sicht der Dinge jedem schonungslos einbrennen wollen, wie ein Siegel \u2013 ohne R\u00fccksicht auf Verluste. Es geht eben nicht darum, jedem unsere Werte \u00fcberzust\u00fclpen, sondern im Streit um das bessere Argument f\u00fcr diese Werte und f\u00fcr unsere Verfassung zu werben.<\/p>\n<p>Klar m\u00fcssen aber auch die Folgen sein f\u00fcr alle, die unsere Werte und unsere Verfassung ablehnen: F\u00fcr sie kann es keine dauerhafte Zukunft in Deutschland geben. Die Menschenw\u00fcrde, b\u00fcrgerliche und individuelle Freiheiten, kurzum die freiheitlich-demokratische Grundordnung, stehen nicht zur Disposition. Wer sie ablehnt, der muss auch damit rechnen, von unserem Land abgelehnt zu werden.<\/p>\n<p>F\u00fcr mich und viele meiner Kollegen war und ist die Identifikation mit unseren Werten der Schl\u00fcssel zu einer gelungenen Integration. Daher haben wir immer darauf gedr\u00e4ngt, dass alle Einwanderer schnellstm\u00f6glich die deutsche Sprache in Wort und Schrift lernen m\u00fcssen. Nur dann n\u00e4mlich k\u00f6nnen sie unsere Werte richtig verstehen und k\u00f6nnen engagiert teilhaben an der Gestaltung der Politik, der Demokratie und der Gesellschaft.<\/p>\n<p>Dass wir vielerorts eine erfolgreiche und fruchtbringende Integrationsarbeit geleistet haben, haben zahllose Beispiele bewiesen. Aber es gibt auch noch einiges zu tun. Wir m\u00fcssen mit unserem Grundgesetz und unseren Werten bildlich gesprochen dorthin gehen, wo es wehtut, dorthin, wo die Ablehnung ebendieser am gr\u00f6\u00dften ist, wo man vom deutschen Staat am besten nichts sehen m\u00f6chte au\u00dfer der P\u00e4sse und der Aufenthaltsgenehmigungen. Zuk\u00fcnftig werden wir uns daran messen lassen m\u00fcssen, ob es uns gelingt, hier erfolgreich unsere Werte zu multiplizieren und denjenigen, die daf\u00fcr keine Verwendung sehen, die Ausreise als Perspektive aufzuzeigen.<\/p>\n<p>Wie so h\u00e4ufig gilt: Die Politik ist hier ebenso gefordert wie die Gesellschaft. Wir m\u00fcssen vorleben, was die deutschen Werte bedeuten und dass sie unzertrennlich mit dem Engagement f\u00fcr das demokratische Gemeinwesen verbunden sind. Hass, Intoleranz und Hetze haben bei uns keinen Platz. Wie also k\u00f6nnen wir Menschen f\u00fcr unsere Werte, f\u00fcr die Freiheit und die Demokratie begeistern? Mein Patentrezept ist gleichwegs optimistisch und universell einfach: Indem wir selbst daf\u00fcr brennen \u2013 schaden kann das auf gar keinen Fall.<br \/>\n&#8230; Alles vom 8.6.2020 von Ismail Tipi bitte lesen auf<br \/>\n<a href=\"https:\/\/www.tichyseinblick.de\/kolumnen\/ismail-tipi-klartext\/falsch-verstandene-toleranz-laesst-unsere-werte-aussterben\/\">https:\/\/www.tichyseinblick.de\/kolumnen\/ismail-tipi-klartext\/falsch-verstandene-toleranz-laesst-unsere-werte-aussterben\/<\/a><br \/>\n.<br \/>\nI<em>smail Tipi arbeitete nach einem Maschinenbaustudium als Reporter, Chefreporter und stellv. Redaktionsleiter von H\u00fcrriyet. Er arbeitet heute als freier Journalist u.a. f\u00fcr Zeitungen, TV und die Offenbach Post.<\/em><br \/>\n<em> Seit 1999 ist Ismail Tipi Mitglied der CDU; heute Mitglied des Landesvorstands der CDU und seit 2010 Mitglied des Landtags in Wiesbaden.<\/em><br \/>\n<a href=\"https:\/\/www.ismail-tipi.de\/\"><em> https:\/\/www.ismail-tipi.de\/<\/em><\/a><br \/>\n.<br \/>\nEinige Kommentare:<br \/>\n<strong>Was wir da beklagen, ist der Verlust der sozialen Normenkontrolle,\u00a0so wie wir sie kennen.<\/strong><br \/>\nDieses gesellschaftlich vereinbarte \u201eDas tut man nicht\u201c ist nicht weg, es hat sich ver\u00e4ndert.<br \/>\nSoziale \u201eNormen\u201c laufen in einigen Teilen der Gesellschaft \u00fcber religi\u00f6s basierte Verbindlichkeiten, andere n\u00e4hern sich dem Ehrenkodex fr\u00fcherer gesellschaftsferner Vereinigungen an. Diese soziale Normenkontrolle wird sich weiter ver\u00e4ndern und die rechtliche Normenkontrolle wird notgedrungen nachziehen. Wenn Kinder freitags die Schule schw\u00e4nzen, verstossen sie gegen eine Rechtsnorm, die durchweg mit einem nicht gerade geringen Ordnungsgeld belegt ist.<br \/>\nWenn solches Verhalten dann sogar durch Teile der eigentlich f\u00fcr die Einhaltung der Normen einstehenden Regierungsverantwortlichen auch noch gelobt wird, dann sehen an diesem Beispiel deutlich, dass sich da etwas bewegt. Erst asozial, was dann als \u201esozial\u201c, weil vorbildlich, geadelt wird \u2013 und dann wird notgedrungen irgendwann das \u201eRecht\u201c folgen m\u00fcssen, zun\u00e4chst durch Nichtaus\u00fcbung der vorgesehenen Rechtsfolgen aus dem nun \u201eformalen Fehlverhalten\u201c, dann durch \u00c4nderung des geschriebenen Rechts, um die entstandene L\u00fccke zu schliessen. So bewegt sich die Materie und die Bewegung wird bestimmt durch die aktiven Interessengruppen.<br \/>\n8.6.2020, Had, TO<br \/>\n.<br \/>\n<strong>In einem geistigen und sozialen Umfeld, dass keine Identit\u00e4t stiftet &#8230;.<\/strong><br \/>\nSehr geehrter Herr Tipi, ich lese ihre Kolumne eigentlich recht gern, vermisse aber ein bisschen die Selbstreflexion. Allein die Aussage der nur \u201esehr vage identifizierbare und vieldiskutierte deutsche \u201eLeitkultur\u201c\u201c finde ich befremdlich, da doch vollkommen klar ist, was mit Leitkultur gemeint ist.<br \/>\nSie sollten einfach mal durch die Welt reisen und die Menschen fragen, was sie f\u00fcr typisch deutsch halten, dann wir man Ihnen das sagen. Sie und Ihre Partei \u2013 und das ist ihre Partei \u2013 lassen sich eine Diskussion von den \u00d6kosozialisten aufdr\u00e4ngen, die sie vom Zaun gebrochen haben, aber nicht bereit sind, durchzustehen. Sie haben an der Stelle schon lange den Bus verpasst. Und die Ursache ist auch klar, Ihre Kanzlerin ist ein Wendehals und ein F\u00e4hnchen im Wind. Das haben die Presse und auch die \u00d6kosozialisten kapiert.<br \/>\nMachterhalt funktioniert auf Dauer nicht durch Anpassung der Meinung und Politik.<br \/>\nIn einem geistigen und sozialen Umfeld, dass keine Identit\u00e4t stiftet und in der entscheidende Protagonisten auf Deutschland schei \u2026 , muss man sich nicht wundern, wenn Integration nicht gelingt. Das hat Frau Merkel schon l\u00e4ngst erkannt, aber nichts in ihren Regierungsjahren unternommen. Wenn man mal \u00fcber den Zaun in Richtung T\u00fcrkei blickt, erkennt man das Identit\u00e4t stiften, sogar \u00fcber L\u00e4ndergrenzen funktioniert und die deutsche Regierung und Opposition, die selbstverst\u00e4ndlich auch in den L\u00e4ndern Erdogan unterst\u00fctzt. Herr Tipi, ist die deutsche Identit\u00e4t so viel weniger wert, wie die t\u00fcrkische. Welches Land auf der Welt baut einen Migrationsrat in Fahrwasser von zahlreichen NGOs auf. Ihre Partei steht zusammen mit den \u201evaterlandslosen Gesellen\u201c f\u00fcr eine destruktive Politik, die letztlich verst\u00e4rkt durch Presse und NGOs mehr zu einer Segregation beitr\u00e4gt, als Integration zu f\u00f6rdern.<br \/>\n8.6.2020, HGV, TO<br \/>\n.<br \/>\n<strong>Seit Jahrzehnten tut Linksgr\u00fcn alles,<\/strong><br \/>\ndamit sich Migranten aus der Gesellschaftsform Islam eben nicht integrieren m\u00fcssen, sondern nur die sozialen Leistungen in Anspruch nehmen k\u00f6nnen. Merke: Der Feind meines Feindes (in diesem Fall die demokratische, konservative Mehrheitsgesellschaft) ist mein Freund. Hier findet ein Stellvertreterkrieg statt, den wir als christlich, humanistische Gesellschaft nicht mehr gewinnen k\u00f6nnen, da wir erst jetzt erkennen, das wesentliche Teile der demokratischen Einrichtungen, wie Bildung, Politik, Rechtsprechung, Medien von dieser linksgr\u00fcnen Minderheit zuerst infiltriert und danach endg\u00fcltig erobert wurden.<br \/>\nWir k\u00e4mpfen nicht mehr. Hier kommt die eingeimpfte Erbschuld zweier verlorener Kriege zum Tragen. Diese Gesellschaft wird entweder in einen sozialistischen Staat zwangstransformiert, oder\/und danach in einen islamischen Gottesstaat, begr\u00fcndbar durch Demographie.<br \/>\n8.6.2020, Kal<br \/>\n.<br \/>\n<strong>Die Jugend von heute ist das Versagen ihrer Erzeuger,<\/strong><br \/>\ndenn die haben anderes zu tun als Werte und Grunds\u00e4tze anzumahnen, f\u00fcr ein gedeihliches Zusammenleben. One World ist der fiktive Gedanke und der f\u00fchrt in die Irre, weil Raffgier und Ausbeutung nur f\u00fcr wenige ertragreich ist und der Rest mu\u00df darben und auch das wird sich nicht \u00e4ndern, selbst wenn die ganze Welt ein gro\u00dfes Dorf darstellt und es dann auch in gewohnter Weise keine Unterschiede mehr gibt, weil Mc Donalds \u00fcberall ist und die Bausubstanz uniformiert wurde, \u00fcber deren Ausdruck man streiten kann und nicht jedermanns Geschmack ist und nur der Selbstgef\u00e4lligkeit ihrer Erbauer dient.<br \/>\nHier werden durch wenige ganze Strukturen weltweit lahmgelegt und China ist mit seinen gro\u00dfen St\u00e4dten ein Paradebeispiel wie alte Gegenden regelrecht plattgemacht wurden um den neuen Protzsymbolen zu weichen und die Kultur der Alten dabei vor die Hunde ging und was das noch mit Vielfalt zu tun hat ist die gro\u00dfe Frage, Einfalt w\u00e4re die bessere Bezeichnung und bei uns sind doch ganze Innenst\u00e4dte schon so kanalisiert, da\u00df man sich garnicht mehr verlaufen kann, wenn man wei\u00df wo sich die Neuen in den Hauptstra\u00dfen angesiedelt haben.<br \/>\nDas alles hat zur Folge, da\u00df es im Gegensatz zu fr\u00fcher keine gro\u00dfen Unterschiede mehr geben wird, au\u00dfer der Hautfarbe und auch das wird \u00fcber die Assimilation \u00fcber Jahrzehnte geregelt und dann sind wir ein gro\u00dfer Einheitsbrei und die Spannung ist weg und wir k\u00f6nnen gleich zuhause bleiben, denn warum soll ich denn verreisen, wenn es \u00fcberall gleich aussieht, das Essen der Bek\u00f6mmlichkeit wegen genormt ist und der Sprachroboter noch daran erinnert, da\u00df ich irgendwo anders bin, warum wei\u00df ich selbst nicht, aber das erkl\u00e4rt die Reiselustbranche, die ja auch noch von etwas leben will.<br \/>\n8.6.2020, Nib, TO<br \/>\n.<br \/>\n<strong>Genau deshalb, ist Deutschland eben kein Einwanderungsland.<\/strong><br \/>\nAbgesehen von der immer augenf\u00e4lligeren \u00dcberbev\u00f6lkerung\u2026.die Menschen die hier ankommen, Nachkommen zeugen und diese erziehen\u2026.wollen weder mit dem Land als solchem noch mit seiner Bev\u00f6lkerung und Kultur etwas zu tun haben. \u2026..z.B. die T\u00fcrken in Deutschland\u2026.wollen keine Deutsche werden\u2026.sie wollen eine zweite T\u00fcrkei in Deutschland. So einfach ist das. W\u00e4hrend so ziemlich jeder Migrant, der in die klassischen Einwanderungsl\u00e4nder USA, Kanada, Australien und Neuseeland kommt, sich eifrig daran machen sich mit dem Land zu identifizieren, bei der Hymne aufzustehen und die Hand ans Herz legen und in der Armee sogar f\u00fcr das neue Heimatland k\u00e4mpfen, sieht das in Deutschland genau anders herum aus. Man k\u00e4mpft gegen das Land in dem man aufw\u00e4chst, nutzt das System auf jede Weise aus und will es zu dem Land machen, aus dem man kommt und die eigene Kultur und Tradition hier etablieren. Deshalb ist Deutschland kein Einwanderungsland und die Migranten die hier her kommen sind keine Einwanderer, weil sie dieses Land und seine Menschen in der Regel in Bausch und Bogen ablehnen.<br \/>\n8.6.2020, Fat<\/p>\n<p><strong>Der Schl\u00fcssel, Herr Tipi, liegt in der deutschen Niederlage im Zweiten Weltkrieg,<\/strong><br \/>\nder den Deutschen dann verlorengegangen Ehre und Selbstwertgef\u00fchl, koloniale Herrschaft bis 1949 und, im Osten, lange dar\u00fcber hinaus, und den Narrativen zuerst der Siegerm\u00e4chte und dann der Linken, die darauf aufbauten. Weil das alles (im Westen vor allem) in einem atemlosen Schaffen und Wohlstandsbrei erstickt wurde, sind diese Dinge nie aufgel\u00f6st worden.<br \/>\nFragen Sie Ihre Eltern: Einwanderer, die nach Deutschland kommen, finden hier nichts vor, mit dem sie sich identifizieren k\u00f6nnen. Nicht da\u00df das Land unangehm w\u00e4re. Wie sagte mir mal eine T\u00fcrkin, ganz ohne Aggression: \u201eDeutschland ist doch toll, solange man nichts mit Deutschen zu tun haben mu\u00df!\u201c Schnell lernen sie die Dr\u00e4hte kennen, an denen sie ziehen m\u00fcssen, um den Einheimischen Schuldgef\u00fchle entlocken zu k\u00f6nnen und damit vor allem Geld aus der Tasche zu leiern, so da\u00df gro\u00dfe Teile der neueren Zuwanderer (nicht Ihre Eltern, die Gastarbeiter, aber die meisten danach) nur zum Transferbezug neigen. Das erzeugt eine von Verachtung und Anspruch zugleich gepr\u00e4gte Einstellung gegen\u00fcber dem Staat, der im wahrsten Sinne des Wortes zur ehrlosen, wenn auch lockenden Hure wird. Rein ist in diesem Weltbild dann immer nur die eigene Mutter \u2013 oder, eben die Heimat der Eltern\/Gro\u00dfeltern, also die T\u00fcrkei, Arabien, Russland, Kroatien, was auch immer.<br \/>\nDas moderne Deutschland ist selbstgewollt ein reiner Zweckstaat, der weder Heimat sein kann noch mehr will. Das irre Konstrukt des Verfassungspatriotismus reduziert ihn auf einen Gesetzestext, der trotzdem nicht einmal von der Regierung noch ernst genommen wird. Gew\u00e4hlt von einem Parlament, dem das oberste Verfassungsgericht bescheinigt hat, eigentlich illegal zustandegekommen zu sein. Im Osten ist man schon einen Schitt weiter, dort werden Landtagszusammensetzungen entweder vorher von der Regierungspartei vorbestimmt oder Wahlen r\u00fcckabgewickelt, bis sie passen. Kommt nach der n\u00e4chsten Runde von Landtagswahlen im Westen auch.<br \/>\nAuch viele Deutsche fremdeln mit Deutschland \u2013 und beileibe nicht nur Linke. Das ist nicht mehr ihre Heimat. Die T\u00fcrkei, Heimat Ihrer Eltern, leidet, bei aller \u00dcberh\u00f6hung durch hiesige Migranten, darunter nicht minder. Was bei uns 1945 war, war f\u00fcr die T\u00fcrken 1921, unser \u201ePotsdam\u201c war dort \u201eSevres\u201c, Adenauer hie\u00df dort Mustafa Kemal. Geraubt wurden den T\u00fcrken nicht nur ihre Wilayets in Nahost und dem Balkan, darauf h\u00e4tte ein osmanischer T\u00fcrke verzichten k\u00f6nnen, wenn er daf\u00fcr die Griechen und Araber endlich los war. Geraubt wurden ihnen ihre Kultur, ihre Ehre, ihr Selbstverst\u00e4ndnis. Menderes war der erste Aufstand, heute ist es Erdogan, dessen Regentschaft ohne \u201eSevres\u201c undenkbar w\u00e4re. Indes, mit dem Islam allein kann er den T\u00fcrken diese Wunde nicht heilen.<br \/>\nAuch in Deutschland haben Masseneinwanderung, Paneurop\u00e4isieung und Wohlstand die innere Leere dieses Landes nicht schlie\u00dfen k\u00f6nnen. Die \u201eWeltoffenen\u201c fliehen in eskapistischen Externalismus, die anderen in die innere Emigration. Und Ihre Leute klammern sich an ein Bild von Islam und T\u00fcrkei, das es in Wahrheit nie gab.<br \/>\nWir werden erst zu den Wurzeln zur\u00fcck m\u00fcssen, bevor wir aufeinander zugehen k\u00f6nnen. Der arabische und afghanische Homie in Dietzenbach sp\u00fcrt das nicht minder als der Deutsche in Gie\u00dfen. Nur da\u00df es bei dem einen \u201eIdentit\u00e4t\u201c und bei dem anderen \u201eRassismus\u201c genannt wird.<br \/>\n8.6.2020, Th.H., TO<\/p>\n<p><strong>Unfug, \u00fcber das verlorene Selbstwertgef\u00fchl nach WKII zu jammern<\/strong><br \/>\nDas ist doch alles jetzt wohl nicht Ihr Ernst, Herr Hellerberger. Deutsche und T\u00fcrken vereint im Leiden an ihrer jeweiligen Geschichte. Das ist kompletter Unfug und fast noch schlimmer als Herrn Tipis regelm\u00e4\u00dfiger Murmeltier-Beitrag. Und h\u00f6ren Sie bitte endlich einmal damit auf, \u00fcber das verlorene Selbstwertgef\u00fchl der Deutschen nach dem WK II zu jammern, insbesondere vor dem Hintergrund ihres ewigen Kleinredens der Aufbauleistung der Westdeutschen nach dem Krieg.<br \/>\nGenau an dieser Stelle liegen n\u00e4mlich die eigentlichen Probleme. Da ist von \u201eatemlosen Schaffen und Wohlstandsbrei, vor allem im Westen\u201c die Rede. \u00c4hnlich wie im Osten? Oder was? Wer solche Vergleiche anstellt, und Leistung wie Wohlstand in Frage stellt, sollte sich selbst einmal fragen, ob es nicht vielmehr diese Einstellung zum eigenen Land ist, die das Problem darstellt, als ein vor 75 Jahren verlorener Krieg.<br \/>\n8.6.2020, J.TH, TO<\/p>\n<p><strong>Bonner Republik und die DM<\/strong><br \/>\nIch bitte um Nachsicht, wenn ich mich gerade bei Hellerberger\/Thiel melde: Speziell an Herrn Hellerberger, der mich mit Wolfgang Herles zusammen als Kinder der Bonner Republik einordnet, ja, aber. An die Herren Thiel und Hellerberger: Mein Bild der Bonner Republik war 1979 etwa fertig. Einziger Kitt und einzige Identit\u00e4t: die DM. Was ich gar nicht negativ meine, sondern als schlichte Beobachtung. Dass mit der DM auch die Bonner Republik \u2013 oder was von ihr \u00fcbrig war \u2013 abtrat, machte ein Vakuum frei, in dem sich 68 und DDR gegen null Widerstand voll ausbreiten konnten.<br \/>\n8.6.2020, F.G.<br \/>\nJugend ohne Tugend. Wahre Worte.<br \/>\nWohlstandsverwahrlosung ohne Ende. Degeneration ohne Ende.<br \/>\nEs mangelt an der richtigen Erziehung, an der richtigen Bildung und es mangelt am richtigen Schliff.<br \/>\nDemokratie und Freiheit funktionieren nur mit Menschen, die gelernt haben, wie das geht. Eine Generation, die sich selbst nicht unter Kontrolle hat und sich selbst nicht die eigenen Schuhe zubinden kann, ist zu Demokratie und Freiheit nicht f\u00e4hig.<br \/>\n8.6.2020, R.P.<br \/>\n.<br \/>\n<strong>Unsere Jugend braucht keine Tugend mehr,<\/strong><br \/>\nsie lernen heute schon im Kinderfernsehen, in der Kita, und in der Schule die alternativlosen Werte der Politiker unserer Blockparteien, des gesetzlich finanzierten Staatsfernsehen, der steuersubventionierten NGOs, sowie der steuerfinanzierten Wissenschaft, die sich aus dem Mainstream einer linken und\/oder gr\u00fcnen Ideologie, also einem politischen Glauben speisen. Nur so konnte FFF entstehen!<br \/>\nOb sie als Erwachsene noch links und\/oder gr\u00fcn glauben werden, wie es ihnen beigebracht wurde, bleibt unter den k\u00fcnftigen \u00f6konomischen und sozialen Bedingungen abzuwarten und h\u00e4ngt nat\u00fcrlich auch davon ab, ob von der Ideologie abweichende Auffassungen dann noch m\u00f6glich sind.<br \/>\n8.6.2020, Vol<\/p>\n<p><strong>Politiker m\u00fcssen f\u00fcr Werte einstehen<\/strong><br \/>\nSie haben vollkommen Recht mit allem, was Sie schreiben. Das Problem ist, dass den Deutschen ja seit Jahren von Politikern, Linken etc. eingeredet wird, dass sie Rechte seien, wenn sie Ihre Werte achten und verteidigen.<br \/>\nInsofern muss es erst Politiker geben, die zu Deutschland stehen, seine B\u00fcrger ehrlich respektieren und sie ermutigen, selbstbewusst zu ihren Werten zu stehen. Im Moment haben wir nur sehr wenige solcher Poltiker. Es ist zu hoffen, dass das in Zukunft wieder anderes wird!<br \/>\n8.6.2020, Jule Kause<\/p>\n<p><strong>Wir k\u00f6nnen und m\u00fcssen niemanden \u00fcberzeugen<\/strong><br \/>\nTipi beschreibt die Gefahr immer wieder korrekt, aber die Ursachen inkorrekt,<br \/>\nund ist daher selbst Teil des Problems. \u201eEinwanderer und deren Kinder von unseren demokratisch-rechtsstaatlichen Werten und Idealen \u00fcberzeugen.\u201c<br \/>\nEs f\u00e4llt mir schwer das in einer Weise zu kommentieren die nicht zur Blockierung f\u00fchrt.<br \/>\nIch versuche es mal (gerade erst wurde ich wieder von der WELT blockiert):<br \/>\nWir k\u00f6nnen und m\u00fcssen niemanden \u00fcberzeugen.<br \/>\nWir k\u00f6nnen und m\u00fcssen aber Leute von unserer Gesellschaft fern halten,<br \/>\ndie keinen Funken Verst\u00e4ndnis oder gar Liebe f\u00fcr uns und unsere Werte haben.<br \/>\nAber das passiert nicht, da das unintelligente Narrativ gepflegt wird dass wir eben \u201e\u00fcberzeugen\u201c k\u00f6nnen.<br \/>\n8.6.2020, J.H.<br \/>\n.<br \/>\n<strong>\u201eHaben wir es wirklich mit einer Jugend ohne Tugend zu tun\u2026?\u201c<\/strong><br \/>\nJa, haben wir wohl, aber vor allem haben wir es mit einer v\u00f6llig skrupellosen Politikergeneration zu tun, denen das eigene Volk und die eigene Nation v\u00f6llig egal ist und das ist noch viel, viel schlimmer!<br \/>\n8.6.2020, Cet<\/p>\n<p><strong>Ein Schl\u00fcssel besteht darin, Leute gar nicht erst ins Land zu lassen,<\/strong><br \/>\nbei denen Zweifel bestehen, dass sie die Freiheitliche Grundordnung unterst\u00fctzen. Ebenso Leute, die nicht f\u00fcr sich selbst sorgen k\u00f6nnen, wie es B\u00fcrgerpflicht ist. Dann Leute, die als Ausl\u00e4nder Verbrechen begehen, bei Doppelstaatlern muss ggf. die Deutsche Staatsb\u00fcrgerschaft entzogen werden, bevor sie ausgewiesen werden.<br \/>\nDiejenigen, die eine Aufenthaltserlaubnis erhalten, m\u00fcssen sich schriftlich, m\u00fcndlich, \u00f6ffentlich, auf Video zur Freiheitlichen Grundordnung aktiv bekennen. Fallen sie diesbzgl. sp\u00e4ter negativ auf, werden sie ausgewiesen.<br \/>\nDas ist ein zwingender Teilaspekt des notwendigen Vorgehens. Die Probleme w\u00e4ren dann ca. Faktor 10 kleiner.<br \/>\nDes weiteren m\u00fcssen alle Spalter, Hetzer etc. ausgewiesen werden oder gar nicht erst ins Land gelassen werden, egal, wer das ist. Dazu z\u00e4hlen auch (angebliche) \u201eGeistliche\u201c, die abkommandiert werden, um eine Parallelgesellschaft zu sch\u00fcren.<br \/>\nMan m\u00fcsste auch gro\u00dfe Teile der (Fake-)Medien-Leute und der Politiker austauschen, n\u00e4mlich u.a. die, die ihrerseits nicht f\u00fcr die Grundwerte und Grundprinzipien stehen, sondern z.B. linken Geistesm\u00fcll verbreiten oder Verharmlosung von Clanverbrechen.<br \/>\nMit das gr\u00f6\u00dfte Problem sind die Clanideologien, hier m\u00fcssen alle Einwanderer sich ebenfalls m\u00fcndlich, schriftlich, \u00f6ffentlich, auf Video von distanzieren, sie m\u00fcssen auch umfassende Schulungen dazu bestehen, damit sie genauer wissen und verstehen, was Clanideologien genau sind, wozu sie dienen und warum sie schlecht und falsch sind.<br \/>\nUnd schlie\u00dflich brauchen wir eine positive, letztlich alles durchdringende Darstellung der Freiheitlichen Grundordnung, der Grundwerte und der Grundprinzipien. Jeden Tag.<br \/>\nDas alles werden Politkader, Politclowns, Linke, Medienfuzzis etc. aber niemals leisten, das k\u00f6nnen und wollen nur Echte B\u00fcrger leisten. Also solche, die hier auf TE unterwegs sind. Von uns wird das praktisch alleinig abh\u00e4ngen.<br \/>\n8.6.2020, B.H., TO<\/p>\n<p><strong>Die Jugend wird von Kindheit an links\/gr\u00fcn indoktriniert und manipuliert.<\/strong><br \/>\n\u201eFreiheit und Rechtsstaatlichkeit, Gleichheit und Gerechtigkeit, Verantwortung und Engagement \u2013 Das sind die fundamentalen Grunds\u00e4tze unserer Verfassung, unserer Gesellschaft und unsres Zusammenlebens. Gerade unsere Gesellschaft ist auf diese demokratischen Werte gegr\u00fcndet, auf Werte, die wir als unzerst\u00f6rbar und unabdingbar betrachten.\u201c<br \/>\nAch Herr Tipi, genau diese Werte sind es, die Ihre gro\u00dfe Unangreifbare G\u00f6ttliche und all die links\/gr\u00fcn Verstrahlten Wassertr\u00e4ger dieser Person tagt\u00e4glich mit F\u00fc\u00dfen treten. Demokratie wird seit 2003 in Deutschland systematisch abgeschafft.<br \/>\n\u201eJugend ohne Tugend \u2013 falsch verstandene Toleranz ?\u201c<br \/>\nDie Jugend wird von Kindheit an links\/gr\u00fcn indoktriniert und manipuliert. Seit wann regiert die CDU in Hessen und im Bund ? Kopieren Sie Ihren Artikel und dr\u00fccken Sie jeden Abgeordneten einen davon in die Hand. Der Fisch stinkt bekannterweise vom Kopf her.<br \/>\n8.6.2020, See<\/p>\n<p><strong>&#8230;. eine innere Zustimmung zu einem Land<\/strong><br \/>\nHerr Hayes, im Prinzip richtig, nur: Es leben bereits \u00fcber 16 Millionen Ausl\u00e4nder in Deutschland, und wir alle wissen, da\u00df es nicht weniger werden, dazu kommt die negative Geburtenrate der Deutschen. Der Ansatz, den Sie beschreiben, mag helfen, das Unheil nicht wachsen zu lassen, es w\u00e4chst aber allein schon durch die demographischen Realit\u00e4ten, und die beschreibt Herr Tipi zurecht.<br \/>\nEine innere Zustimmung zu einem Land, also Nationalbewu\u00dftsein, Patriotismus, gleich ob ich autochthon bin oder zugewandert, erfolgt immer nur mit dem Herzen, also rein emotional. Sie ist niemals rational. Und daher hat sie auch nichts mit Bildung zu tun (und kann mit \u201eKursen\u201c nicht erzeugt werden), sonst m\u00fc\u00dften alle Deustchen mit Hauptschulabschlu\u00df Vaterlandsverr\u00e4ter sein, typisch ist diese Attit\u00fcde aber eher, und das nicht nur hierzulande, f\u00fcr Wohlhabende und die Mittelschicht. Nationalistisch konnotierte Revolutionen\/Bewegungen sind immer kleinb\u00fcrgerlich, ob nun Trumps MAGA oder Deutschland \u00fcber alles im 3.Reich.<br \/>\nWas ist ein \u201eBekenntnis zur freiheitlich-demokratischen Grundordnung\u201c? Ich sage es Ihnen: Hohles Geschw\u00e4tz, gleich ob aus deutsch-autocchthonem oder migrantischem Immigrantenmund.<br \/>\nSie m\u00fcssen sagen k\u00f6nnen: \u201eIch liebe mein Land\u201c oder \u201eDas ist mein Land\u201c. So, wie sie das zu einer Frau oder Ihrem Kind sagen. Warum sie es lieben? Weil es Ihre Familie ist. Blut ist dicker als Wasser. Das ist der Stoff, aus dem Nationen und V\u00f6lker entstehen.<br \/>\n8.6.2020, TH.H.<\/p>\n<p><strong>Sehr geehrter Herr Tipi, seien Sie mir bitte nicht b\u00f6se, Ihr Artikel ist weltfremd.<\/strong><br \/>\nDie deutsche Politik versucht die Integration diverser zugezogener Volksgruppen seit \u00fcber 50 Jahren. Der Erfolg ist, so zumindest nach meiner Beobachtung, \u201ebescheiden\u201c. Die Gr\u00fcnde hierf\u00fcr sind vielschichtig und sollen hier nicht aufgez\u00e4hlt werden. Diese Feststellung ist aber aus meiner Sicht m\u00fc\u00dfig, denn f\u00fcr mich z\u00e4hlt nur das beobachtbare Ergebnis: die Integration gelingt nicht und wird prognostisch nicht gelingen. Warum also versuchen wir es immer und immer wieder? Entweder wir akzeptieren, dass andere Volksgruppen sich stets von den Einheimischen unterscheiden werden und unsere Werte nie annehmen werden oder wir beschlie\u00dfen, nur noch diejenigen in das Land zu lassen, die unsere gemeinsamen j\u00fcdisch \/ christlichen \/ humanistischen \/ demokratischen \/ freiheitlichen Werte teilen. Wir m\u00fcssen uns ein f\u00fcr alle Mal entscheiden, wollen wir eine \u201ebunte\u201c Mischung aus nicht integrierbar und \u201ehalt schon da\u201c oder wollen wir in einer Gesellschaft leben, die auf gemeinsamen Wurzeln fu\u00dft. Die erste Alternative bedeutet naturgem\u00e4\u00df steten Konflikt, die zweite eine gewisse Harmonie in der Gesellschaft. Um es zu pointieren: es ist eine Entscheidung zwischen \u201eKrieg oder Frieden\u201c und keine sich um noch mehr Integration zu bem\u00fchen.<br \/>\n8.6.2020, Hca, TO<\/p>\n<p><strong>Leitkultur?<\/strong><br \/>\n\u201eWie aber sollen wir die Kinder aus Einwandererfamilien hierzu erziehen, wenn wir zugleich zulassen, dass sie in den Hinterhofmoscheen und Migrantenvierteln unserer Gro\u00dfst\u00e4dte abgekapselt vom b\u00fcrgerlichen Rest unseres Landes leben \u2013 ohne zu einer tieferen Auseinandersetzung mit unseren Werten, die \u00fcber die Vermittlung dieser in der Schule hinausgeht, GEZWUNGEN zu werden?&#8220;<br \/>\nHoppla, Sie propagieren ja eine LEITKULTUR. Es w\u00e4re gewiss gut f\u00fcr alle wenn wir die Vorz\u00fcge der Moderne (auch Zivilisation genannt) und der Aufkl\u00e4rung dem Clandenken und dem \u201eRecht des St\u00e4rkeren\u201c vorziehen w\u00fcrden. Die aufnehmende Gesellschaft soll Ihrer Meinung nach den Migranten wieder einmal \u201eunsere Werte\u201c auf dem goldenen Tablett hinterher tragen. Ich sehe da eher eine Bringschuld. Schlie\u00dflich wollen die Migranten hier leben. Es w\u00e4re halb so schlimm mit der Nicht Integration, wenn die Migranten nicht leistungslos gem\u00e4\u00df G\u00f6ring-Eckardt\u2019s Phantasien in unseren Sozialsystemen \u201esich wohlf\u00fchlen w\u00fcrden\u201c.<br \/>\nAber nicht nur die Migranten machen es sich bequem, indem sie ihr Leben, gem\u00e4\u00df ihrer alten Heimat hier einfach weiterleben.<br \/>\nFragen Sie einmal einen deutschen Jugendlichen was ein Rechtsstaat und Werte sind . Ich vermute mal au\u00dfer Haltungsphrasen und Gutmenschengetue wird da wohl nicht allzuviel von Verantwortungsethik bzw. echten Werten und Tugenden zu finden sein. In der Schule wird doch nur noch gemacht bei was die Kinder und Jugendliche sich \u201egut f\u00fchlen\u201c. Die Zahlen sind erschreckend wieviele dieser \u201eZukunftstr\u00e4ger\u201c f\u00fcr den Arbeitsmarkt nicht mehr brauchbar sind.<br \/>\nDem Rest ist seit Jahrzehnten eingebl\u00e4ut worden, das Werte \u201eewig gestrig\u201c sind. Konservativ = Nazi. Das Steinzeit und Moderne gleichwertig sind, das Gewaltt\u00e4tige nur get\u00e4tschelt werden m\u00fcssen, dann ist alles wieder gut. \u00dcber die Opfer geht man achselzuckend hinweg. Oder wie der Steuerzahler gepl\u00fcndert wird um die Phantasien von wenigen zu befriedigen, die bedauerlicher Weise an den Hebeln der Macht sitzen.<br \/>\nDie \u201eWerte\u201c k\u00f6nnen nur schwer reanimiert werden. Das sind n\u00e4mlich Soft Skills. Sind sie erst einmal gr\u00f6\u00dffl\u00e4chig wegradiert worden, z.B. durch zuckers\u00fc\u00dfes Schulwesen ohne Leistungsanspruch, \u201eewige Schuld\u201c an einfach allem oder Relativieren bis der Arzt kommt, dann g\u00e4hnt bei den \u201eWerten\u201c einfach nur ein tiefes Loch. Woher sollen sie auch sonst kommen. Durch auswendig lernen oder vorsagen??? ENDE<br \/>\n8.6.2020, Ana<br \/>\n.<br \/>\n<strong>&#8230;. in zwei Parallelwelten<\/strong><br \/>\n\u201eF\u00fcr mich ist das Problem, weswegen viele Einwandererkinder sich nicht mit unseren Werten identifizieren k\u00f6nnen, ein ganz anderes: Viele dieser Kinder und Jugendlichen leben in zwei Parallelwelten. Sie m\u00fcssen tagt\u00e4glich den Spagat meistern zwischen der westlich-demokratischen Lebensart in der Schule und einer oftmals fundamental-traditionellen Lebensweise daheim.\u201c<br \/>\nDas Problem wurde zwar exakt definiert, aber die Schl\u00fcsse daraus gehen fehl. Diese beschriebene Klientel ist f\u00fcr die westliche Lebensart verloren und eine gro\u00dfe Gefahr f\u00fcr die Zukunft Deutschlands. Der Grund daf\u00fcr liegt nicht nur in \u201eeiner fundamental-traditionellen Lebensweise daheim\u201c, sondern zus\u00e4tzlich im islamischen Einfluss. Dort, wo der Islam fundamental ausgelegt wird, ist Hopfen und Malz verloren, wie meine Gro\u00dfmutter zu sagen pflegte.<br \/>\n8.6.2020, HRR<\/p>\n<p><strong>Tja Herr Tipi, Ihr Wort in Allahs Ohr.<\/strong><br \/>\nVor wieviel Jahren haben Sie das zum ersten mal geschrieben?<br \/>\nWieviel ist seitdem zum positiven passiert ?<br \/>\nVermutlich werden Sie von denen, die uns die Suppe eingebrockt haben, auch noch als rechter Staats- und Merkelfeind diffamiert, trotz Migrationshintergrund. Der Antifaschismus r\u00e4umt eben alles ab in Merkeldeutschland !<br \/>\n8.6.2020, Ans<\/p>\n<p><strong>Wieder ein feiner Aufsatz von Herrn Tipi, sehr geschmeidig,<\/strong><br \/>\ndas muss man zugeben. Ich erwarte von aktiven (?) Politikern einer Regierungspartei (dieses Detail fehlt merkw\u00fcrdigerweise stets bei Tipis Beitr\u00e4gen) aber nicht nur warme Worte, sondern vor allem entschlossenes und wirkungsvolles Handeln. Daher w\u00e4re ich dankbar f\u00fcr eine Liste von Erfolgen im Sinne eines Gegensteuerns gegen den Verfall unseres Landes in der \u00c4ra-Merkel. Vielleicht ein Thema f\u00fcr den n\u00e4chsten Aufsatz, Herr Tipi!<br \/>\n8.6.2020, L.D.G.<\/p>\n<p><strong>Ich will nicht, aber: Ich g\u00f6nne den jungen Leuten die Zukunft<\/strong><br \/>\n\u201eDaf\u00fcr braucht es Engagement, genauer das Engagement jedes einzelnen B\u00fcrgers\u201c &#8211;\u00a0und dazu geh\u00f6rt sehr, sehr viel Mut. Engagement in der Fl\u00fcchtlingshilfe, f\u00fcrs Klima, aktuell gegen Rassismus ist gew\u00fcnscht, Engagement f\u00fcr unsere Werte wie Freiheit, Demokratie, f\u00fcr Respekt, R\u00fccksichtnahme, Anstand ist voll r\u00e4\u00e4\u00e4\u00e4chts, voll Nazi. Das muss man schon aushalten k\u00f6nnen und wollen.<br \/>\nIch habe schon letztes Jahr beschlossen: <em><strong>ich will nicht.<\/strong><\/em> Ich g\u00f6nne den jungen Leuten die Zukunft, die sie sich gerade gestalten von ganzem Herzen. Und das ist das Einzige, was ich den Leuten auch sage, wenn sie mir wieder einmal einfach ihre Meinung aufzwingen wollen. Manchmal sag ich noch dazu, dass auch sie einmal alt werden. Manche reagieren ersch\u00fcttert, manche zornig, die Mehrheit begreifts nicht.<br \/>\n8.6.2020, Elly<\/p>\n<p><strong>Die Jugend wei\u00df, dass sie\u00a0einen Scherbenhaufen erben wird!<\/strong><br \/>\nObwohl ich es \u00e4hnlich mache, kann ich nach einer aufrichtigen Diskussion mit den jungen Leuten erkennen, dass sie es zwar auch so sehen, aber sich nicht gegen ihren \u201eMainstream\u201c auflehnen wollen.<br \/>\nDie Jugend wei\u00df, dass sie KEINE Rente, sondern einen Scherbenhaufen erben wird!<br \/>\n8.6.2020, THO<br \/>\n.<br \/>\n<strong>VOLLKOMMEN EINSEITIGE MANIPULATION<\/strong><br \/>\nEs gibt \u00fcberall solche und solche \u2013 das ist die Realit\u00e4t. Soll hei\u00dfen, es gibt \u00fcberall auf der Welt, in jedem Land, anst\u00e4ndige und weniger anst\u00e4ndige Leute. Und es w\u00e4re ein globaler p\u00e4dagogischer Auftrag, den Anstand mehr zur Geltung kommen zu lassen und Unfairness sowie Fehlverhalten zu sanktionieren. Das tut man aber nicht durch undifferenzierte Lobhudelei, wie es in Form des v\u00f6llig \u00fcberzogenen Toleranzbegriffs bei uns getan wird. In unseren Schulen werden Kinder im Rahmen einer regelrechten Gehirnw\u00e4sche im Sinne dieses wertbefreiten, gef\u00e4hrlichen Toleranzbegriffes indoktriniert.<br \/>\nSie werfen an Bahnh\u00f6fen B\u00e4rchen und Bl\u00fcmchen, sehen nicht die Schlepper- und Schleusermafia, die vielfach ebenfalls dahinter steht. Wie auch, werden sie selbst doch von ihrerseits verblendeten, fehlgeleiteten, weltfremden Lehrern unterrichtet, die selbst schon diese Gehirnw\u00e4sche durchlaufen haben.<br \/>\nEs war ein amerikanischer Pastor, der formulierte: \u201eToleranz ist die letzte Tugend einer untergehenden Zivilisation.\u201c Eben.<br \/>\nWer durch naive, realit\u00e4tsferne Toleranz davon abgehalten wird, die Realit\u00e4t zu erkennen, der begibt sich als Schaf unter W\u00f6lfe. Aus unserer Jugend werden Schafe gemacht, denen als h\u00f6chstes Lebensziel vorgegaukelt wird, W\u00f6lfe in ihren Stall einzuladen. Toleranz im Sinne der Schillerschen \u201eOde an die Freude\u201c (\u201eAlle Menschen werden Br\u00fcder\u201c) w\u00e4re an sich eine gute Sache. Aber die Realit\u00e4ten sehen anders aus.<br \/>\nSo weit, dass alle Menschen Br\u00fcder werden k\u00f6nnten sind wir noch lange nicht. Wir Deutsche, z.B., werden seit Jahrzehnten darauf getrimmt, den europ\u00e4ischen Dienstleister zu machen \u2013 und werden von anderen daf\u00fcr gnadenlos ausgenutzt.<br \/>\nDas Leben ist immer ein Geben und Nehmen. Wir allerdings sind nur noch am Geben und die anderen nur noch am Nehmen. Wenn wir nicht respektiert und permanent ausgenutzt, ja geradezu ausgebeutet (\u20ac, Asyl, etc), wenn wir \u00fcberfremdet, erniedrigt und gezwungen werden, den Ausverkauf all unserer Traditionen tatenlos hinzunehmen, dann hat das mit \u201eToleranz\u201c nichts mehr zu tun. Es ist einfach nur unendlich dumm.<br \/>\nUnd schafft b\u00f6ses Blut!<br \/>\n8.6.2020, H.CH., TO<\/p>\n<p><strong>Es ist NICHT unsere Aufgabe die Welt moralisch zu erziehen.<\/strong><br \/>\nInsbesondere wenn eine bestimmte Religion selbst den einfachsten ethischen Regeln (\u201eDu sollst nicht l\u00fcgen.\u201c etwa) diametral entgegen steht.<br \/>\n8.6.2020, A.N.<\/p>\n<p><strong>\u201eToleranz ist die letzte Tugend einer untergehenden Zivilisation.\u201c<\/strong><br \/>\nTolles Zitat, kommt in meine Sammlung.<br \/>\nAuch die Quellenangabe ist korrekt!<br \/>\n8.6.2020, R.S.<\/p>\n<p>&nbsp;<\/p>\n","protected":false},"excerpt":{"rendered":"<p>Home\u00a0&gt;Global\u00a0&gt;Migration\u00a0&gt;Integration\u00a0&gt;Fluechtlinge\u00a0&gt;Migranten-Benehmen &gt;Migrationskinder &nbsp; Listenauswahl eines Beitrags: Bitte anklicken oder runterscrollen Islam oder Islamismus\u00a0(20.7.2026) Angekettete Kinder bei \u00fcber 40\u00b0C: Islamistendemo mitten in Berlin\u00a0(29.6.2026) 1,2 Mio 15-29J\u00e4hrige: Kein Bock\u00a0(20.5.2026) Mobbing vom politischen Islam\u00a0(28.12.2025) 67 % der jugendlichen Intensivt\u00e4ter in NRW haben Migrationshintergrund &hellip; <a href=\"https:\/\/www.freiburg-schwarzwald.de\/blog\/global\/migration\/migrantenkinder\/\">Weiterlesen <span class=\"meta-nav\">&rarr;<\/span><\/a><\/p>\n","protected":false},"author":2,"featured_media":0,"parent":9150,"menu_order":0,"comment_status":"open","ping_status":"closed","template":"","meta":{"footnotes":""},"class_list":["post-81375","page","type-page","status-publish","hentry"],"_links":{"self":[{"href":"https:\/\/www.freiburg-schwarzwald.de\/blog\/wp-json\/wp\/v2\/pages\/81375","targetHints":{"allow":["GET"]}}],"collection":[{"href":"https:\/\/www.freiburg-schwarzwald.de\/blog\/wp-json\/wp\/v2\/pages"}],"about":[{"href":"https:\/\/www.freiburg-schwarzwald.de\/blog\/wp-json\/wp\/v2\/types\/page"}],"author":[{"embeddable":true,"href":"https:\/\/www.freiburg-schwarzwald.de\/blog\/wp-json\/wp\/v2\/users\/2"}],"replies":[{"embeddable":true,"href":"https:\/\/www.freiburg-schwarzwald.de\/blog\/wp-json\/wp\/v2\/comments?post=81375"}],"version-history":[{"count":5,"href":"https:\/\/www.freiburg-schwarzwald.de\/blog\/wp-json\/wp\/v2\/pages\/81375\/revisions"}],"predecessor-version":[{"id":151690,"href":"https:\/\/www.freiburg-schwarzwald.de\/blog\/wp-json\/wp\/v2\/pages\/81375\/revisions\/151690"}],"up":[{"embeddable":true,"href":"https:\/\/www.freiburg-schwarzwald.de\/blog\/wp-json\/wp\/v2\/pages\/9150"}],"wp:attachment":[{"href":"https:\/\/www.freiburg-schwarzwald.de\/blog\/wp-json\/wp\/v2\/media?parent=81375"}],"curies":[{"name":"wp","href":"https:\/\/api.w.org\/{rel}","templated":true}]}}