{"id":80377,"date":"2020-04-20T08:35:09","date_gmt":"2020-04-20T06:35:09","guid":{"rendered":"https:\/\/www.freiburg-schwarzwald.de\/blog\/?page_id=80377"},"modified":"2022-09-21T08:19:33","modified_gmt":"2022-09-21T06:19:33","slug":"corona-ngo","status":"publish","type":"page","link":"https:\/\/www.freiburg-schwarzwald.de\/blog\/business\/gesund\/corona-virus\/corona-ngo\/","title":{"rendered":"Corona-NGO"},"content":{"rendered":"<p><a href=\"https:\/\/www.freiburg-schwarzwald.de\/blog\">Home<\/a>\u00a0&gt;<a title=\"Business\" href=\"https:\/\/www.freiburg-schwarzwald.de\/blog\/business\">Business<\/a>\u00a0&gt;<a title=\"Gesund\" href=\"https:\/\/www.freiburg-schwarzwald.de\/blog\/business\/gesund\/\">Gesund<\/a>\u00a0&gt;<a title=\"Medizin\" href=\"https:\/\/www.freiburg-schwarzwald.de\/blog\/business\/gesund\/medizin\/\">Medizin<\/a>\u00a0&gt;<a title=\"Corona-Virus\" href=\"https:\/\/www.freiburg-schwarzwald.de\/blog\/business\/gesund\/corona-virus\/\">Corona-Virus<\/a>\u00a0&gt;Corona-NGO<\/p>\n<div id=\"attachment_80378\" style=\"width: 651px\" class=\"wp-caption alignnone\"><a href=\"https:\/\/www.freiburg-schwarzwald.de\/blog\/business\/gesund\/corona-virus\/80377\/corona-atemschutzmasken2020-04pan\/\" rel=\"attachment wp-att-80378\"><img loading=\"lazy\" decoding=\"async\" aria-describedby=\"caption-attachment-80378\" class=\"size-full wp-image-80378\" src=\"https:\/\/www.freiburg-schwarzwald.de\/blog\/wp-content\/uploads\/2020\/04\/corona-atemschutzmasken2020-04pan.jpg\" alt=\"Gesichtsmasken zur Coronakrise - selbstgemacht im April 2020\" width=\"641\" height=\"340\" srcset=\"https:\/\/www.freiburg-schwarzwald.de\/blog\/wp-content\/uploads\/2020\/04\/corona-atemschutzmasken2020-04pan.jpg 641w, https:\/\/www.freiburg-schwarzwald.de\/blog\/wp-content\/uploads\/2020\/04\/corona-atemschutzmasken2020-04pan-180x95.jpg 180w, https:\/\/www.freiburg-schwarzwald.de\/blog\/wp-content\/uploads\/2020\/04\/corona-atemschutzmasken2020-04pan-640x339.jpg 640w\" sizes=\"auto, (max-width: 641px) 100vw, 641px\" \/><\/a><p id=\"caption-attachment-80378\" class=\"wp-caption-text\">Gesichtsmasken zur Coronakrise &#8211; selbstgemacht im April 2020<\/p><\/div>\n<p>&nbsp;<\/p>\n<ul>\n<li><a href=\"https:\/\/www.freiburg-schwarzwald.de\/blog\/bill-gates-regiert-in-berlin-mit\/\">Bill Gates regiert in Berlin mit<\/a>\u00a0(21.9.2022)<\/li>\n<li><a href=\"https:\/\/www.freiburg-schwarzwald.de\/blog\/religion\/kirche-politik\/\">Glaube und Wissen \u2013 Kirchen und NGO-Kirchen<\/a>\u00a0(27.1.2022)<\/li>\n<li><a href=\"https:\/\/www.freiburg-schwarzwald.de\/blog\/inzidenz-fuer-notbremse-ungeeignetmse\/\">Inzidenz \u2013 f\u00fcr Notbremse ungeeignet<\/a>\u00a0(15.4.2021)<\/li>\n<li><a href=\"https:\/\/www.freiburg-schwarzwald.de\/blog\/heuchelei-abbitte-ohne-reue\/\">Heuchelei: Abbitte ohne Reue<\/a>\u00a0(26.3.2021)<\/li>\n<li><a href=\"https:\/\/www.freiburg-schwarzwald.de\/blog\/engagement\/zukunft\/demokratie\/totalitarismus\/\">Corona: Anleitung zum smarten Totalitarismus<\/a>\u00a0(1.3.2021)<\/li>\n<li>Vize-Weltmeister Carsten Ramelow kritisiert Corona-Politik (8.2.2021)<\/li>\n<li><a href=\"https:\/\/www.freiburg-schwarzwald.de\/blog\/ezb-endlose-geldvermehrung\/\">EZB: Endlose Geldvermehrung<\/a>\u00a0(11.12.2020)<\/li>\n<li>Naomi Seibt entlarvt Drosten, die angebliche Corona-Pandemie und den PCR-Test (14.9.2020)<\/li>\n<li>Stefan Schubert: Vorsicht Diktatur (23.8.2020)<\/li>\n<li>Kontaktschuld-Vorwurf: Talkshows ohne Prof Sucharit Bhakdi (14.7.2020)<\/li>\n<li><a title=\"Westen\" href=\"https:\/\/www.freiburg-schwarzwald.de\/blog\/engagement\/zukunft\/demokratie\/westen\/\">Gunnar Heinsohn: Corona-Lockdown verst\u00e4rkt Niedergang des Westens<\/a>\u00a0 (18.5.2020)<\/li>\n<li><a title=\"Zensur\" href=\"https:\/\/www.freiburg-schwarzwald.de\/blog\/kultur\/medien\/zensur\/\">Stefan Homburg: \u201czensiert, gel\u00f6scht oder mit shadow banning verborgen\u201d<\/a>\u00a0(3.5.2020)<\/li>\n<li>Digitalkonzerne aus USA, China und Indien &#8211; Gewinner nach Corona (21,4,2020)<\/li>\n<li><a title=\"Covid-19 im 40-Tage-Intervall?\" href=\"https:\/\/www.freiburg-schwarzwald.de\/blog\/covid-19-im-40-tage-intervall\/\">Covid-19 im 40-Tage-Intervall?<\/a>\u00a0(21.4.2020)<\/li>\n<li>Gates\u00a0unterst\u00fctzt den Spiegel mit 2,3 Mio Euro (17.4.2020)<\/li>\n<li>Offener Brief: OSF von Soros als Experten bei ARD und ZDF\u00a0 (8.4.2020)<\/li>\n<\/ul>\n<ul>\n<li><a title=\"Corona-Grundrechte\" href=\"https:\/\/www.freiburg-schwarzwald.de\/blog\/business\/gesund\/corona-virus\/corona-grundrechte\/\">Corona-Grundrechte<\/a><\/li>\n<li><a title=\"Corona-Migration\" href=\"https:\/\/www.freiburg-schwarzwald.de\/blog\/business\/gesund\/corona-virus\/corona-migration\/\">Corona-Migration<\/a><\/li>\n<li><a title=\"Corona-NGO\" href=\"https:\/\/www.freiburg-schwarzwald.de\/blog\/business\/gesund\/corona-virus\/corona-ngo\/\">Corona-NGO<\/a><\/li>\n<li><a title=\"Crash\" href=\"https:\/\/www.freiburg-schwarzwald.de\/blog\/business\/rezession\/crash\/\">Crash der Wirtschaft<\/a><\/li>\n<li><a href=\"https:\/\/www.freiburg-schwarzwald.de\/blog\/kultur\/medien\/diskussionskultur\/kontaktschuld\/\">Kontaktschuld<\/a><\/li>\n<li><a title=\"NGO\" href=\"https:\/\/www.freiburg-schwarzwald.de\/blog\/vereine\/ngo\/\">NGO<\/a><\/li>\n<li><a title=\"Sinn\" href=\"https:\/\/www.freiburg-schwarzwald.de\/blog\/global\/deutschland\/sinn\/\">Sinn<\/a><\/li>\n<\/ul>\n<p>&nbsp;<\/p>\n<h3><strong>\u00a0Angst- und Panikmache im Zeichen von Corona &#8211; Wer\u00a0und warum?<\/strong><\/h3>\n<p>W\u00e4hrend der Coronakrise wurden die Grundrechte des B\u00fcrgers drastisch eingeschr\u00e4nkt. Es ist zu bef\u00fcrchten, da\u00df nach Ende der Pandemie die supranationalen NGOs und Stiftungen\u00a0versuchen, diese Machtverschiebung in Deutschland f\u00fcr ihre Zwecke ausnutzen werden.<\/p>\n<p>&#8212;&#8212;&#8212;&#8212;&#8212;&#8212;&#8212;&#8212;&#8212;&#8212;&#8212;&#8212;<\/p>\n<p>.<\/p>\n<p><strong>Vize-Weltmeister Carsten Ramelow kritisiert Corona-Politik<\/strong><br \/>\n<em>Ramelow im Visier \u2013 nach Interview auf reitschuster.de<\/em><br \/>\nErst gestern habe ich ein Interview mit dem Vize-Weltmeister Carsten Ramelow ver\u00f6ffentlicht, in dem dieser die Corona-Politik der Bundesregierung kritisiert hat.<br \/>\n<a href=\"https:\/\/reitschuster.de\/post\/ramelow-macht-mobil-gegen-lockdown-aber-nicht-der-thueringer\/\">https:\/\/reitschuster.de\/post\/ramelow-macht-mobil-gegen-lockdown-aber-nicht-der-thueringer\/<\/a><br \/>\nIn meinen Augen eine v\u00f6llig normale Sache in einer normalen Demokratie: Ein Prominenter kritisiert die Regierung. &#8230;.<br \/>\nDer Artikel in der Regionalzeitung beginnt mit folgendem Satz: \u201eAuf der Internetseite des deutschen Journalisten Boris Reitschuster hat der ehemalige Leverkusener Fu\u00dfball-Profi Carsten Ramelow in einem am Samstag ver\u00f6ffentlichten Interview die aktuellen Ma\u00dfnahmen der Bundesregierung in der Corona-Pandemie in Frage gestellt.\u201c So sehr ich einerseits positiv \u00fcberrascht bin, dass bei der Nennung meiner Seite auf ein sonst h\u00e4ufiges \u201eFraming\u201c verzichtet wurde (auch bei der \u201eBild\u201c) und man faktisch Reklame f\u00fcr meine Seite macht \u2013 so sehr schockiert mich der Satz per se. Ein Ex-Fu\u00dfballer stellt die \u201eaktuellen Ma\u00dfnahmen der Regierung\u201c in Frage. Ich dachte bisher, so etwas sei allenfalls in autorit\u00e4ren Regimen einen Einstiegssatz und umso mehr eine Nachricht wert.<br \/>\n&#8230;..<br \/>\nEs sind verr\u00fcckte, ja hysterische Zeiten, in denen wir leben!<br \/>\nHand aufs Herz: H\u00e4tten Sie sich vorstellen k\u00f6nnen, dass Journalisten bei Bayern M\u00fcnchen angerufen h\u00e4tten, weil Franz Beckenbauer Helmut Kohls Politik kritisiert hat? Paul Breitner wurde einst von vielen Journalisten gefeiert, weil er die \u2013 damals konservative \u2013 Regierung kritisierte.<br \/>\n&#8230;. Alles vom 8.2.2021 bitte lesen auf<br \/>\n<a href=\"https:\/\/reitschuster.de\/post\/nach-interview-auf-reitschuster-de-ramelow-im-visier\/\">https:\/\/reitschuster.de\/post\/nach-interview-auf-reitschuster-de-ramelow-im-visier\/<\/a><\/p>\n<p>&nbsp;<\/p>\n<p><strong>Naomi Seibt entlarvt Drosten, die angebliche Corona-Pandemie und den PCR-Test<\/strong><br \/>\n<a title=\"Freie-Medien\" href=\"https:\/\/www.freiburg-schwarzwald.de\/blog\/kultur\/medien\/freie-medien\/\">Naomi Seibt<\/a> hat einen IQ \u00fcber 150 2 Klassen in der Schule \u00fcbersprungen. Sie erkl\u00e4rt sehr ausf\u00fchrlich und auch plakativ, wie trivial Prof. Drosten den Test zusammengebastelt hat.<br \/>\nDrosten hat s\u00e4mtliche Standards verletzt und auch nicht die Robert Koch Postulate erf\u00fcllt. Diese Robert Koch Postulate sind Pflicht f\u00fcr einen wissenschaftlichen Test und die Anerkennung eines Tests ohne diese Postulate in der Wissenschaft unm\u00f6glich.<br \/>\nDer Kernsatz ist folgender:<br \/>\n<em>&#8222;Es hat sich herausgestellt, das der Kernsatz der RNA schon in jedem Menschen vorhanden ist \u2013 das hei\u00dft der Grundbaustein der RNA nach der gesucht wird ist vom Mensch und nicht von einem Virus Er ist also \u201cENDOGEN\u201d ( Von innen kommend \u2013 k\u00f6rpereigen)&#8220;<br \/>\n<\/em>\u00a0.<br \/>\nDer Erfinder des PCR Tests der Nobelpreistr\u00e4ger Kary Mullis hat sich schockiert im letzten Jahr dagegen ausgesprochen das seine PCR Test zu einer Virussuche benutzt werden. Er sagte w\u00f6rtlich: &#8222;If they can find this virus in you at all and with PCR you can find almost everything in anybody\u201d \u00dcbersetzung: Falls sie dieses Virus \u00fcberhaupt in Ihnen finden k\u00f6nnen, dann nur, weil Sie mit den PCR Test fast alles in jedem Menschen finden k\u00f6nnen.<br \/>\nFazit: Der PCR ist ist ausschlie\u00dflich zur Vervielf\u00e4ltigung von Gensequenzen erfunden und geeignet \u2013 f\u00fcr nichts anderes und ganz sicher nicht um Viren nachzuweisen!<br \/>\n&#8230; Alles vom 14.9.2020 bitte lesen auf<br \/>\n<a href=\"https:\/\/nichtohneuns-freiburg.de\/wp-content\/uploads\/2020\/10\/Sensation_Naomi_Seibt_widerlegt_den_PCR_Test_von_Prof_Drosten_.mp4#t=1\">https:\/\/nichtohneuns-freiburg.de\/wp-content\/uploads\/2020\/10\/Sensation_Naomi_Seibt_widerlegt_den_PCR_Test_von_Prof_Drosten_.mp4#t=1<\/a>.<\/p>\n<p>&nbsp;<\/p>\n<p><strong>Stefan Schubert: Vorsicht Diktatur<\/strong><br \/>\nWie Merkel unsere innere Sicherheit zerst\u00f6rt. Der Buchautor von &#8222;Vorsicht Diktatur&#8220; Stefan Schubert im Gespr\u00e4ch mit Flesch am 19.8.2020:<br \/>\n<a href=\"https:\/\/youtu.be\/zJMA6OmPopw\">https:\/\/youtu.be\/zJMA6OmPopw<\/a><br \/>\n.<br \/>\nStefan Schubert: Vorsicht Diktatur,<br \/>\n320 Seiten, Rottenburg 2020, 22,99 Euro<br \/>\n.<br \/>\nEinige Aussagen im Buch &#8222;Vorsicht Diktatur&#8220;:<br \/>\nWussten Sie, dass es seit 2015 mehr als 1,3 Millionen Straftaten durch Zuwanderer gab?<br \/>\nWie die Eliten vor dem Islam auf die Knie gehen?<br \/>\nEin Krieg gegen die einheimische Bev\u00f6lkerung gef\u00fchrt wird?<br \/>\n.<br \/>\nKer\u00adnaus\u00adsa\u00adgen zur &#8222;Krimi\u00adnalit\u00e4t im Kon\u00adtext von Zu\u00adwan\u00adde\u00adrung&#8220; (Be\u00adtrach\u00adtungs\u00adzeit\u00adraum: 01.01. \u2013 30.09.2019) sind &#8211; wenn auch schwer &#8211; auf der Website des BKA zu finden:<br \/>\n<a href=\"https:\/\/www.bka.de\/SharedDocs\/Downloads\/DE\/Publikationen\/JahresberichteUndLagebilder\/KriminalitaetImKontextVonZuwanderung\/kernaussagenZuKriminalitaetImKontextVonZuwanderungIIIQuartal2019.html\">https:\/\/www.bka.de\/SharedDocs\/Downloads\/DE\/Publikationen\/JahresberichteUndLagebilder\/KriminalitaetImKontextVonZuwanderung\/kernaussagenZuKriminalitaetImKontextVonZuwanderungIIIQuartal2019.html<\/a><br \/>\n.<br \/>\n&#8222;Krieg gegen die eigene Bev\u00f6lkerung&#8220;<br \/>\nVerd\u00e4chtigung der eigenen B\u00fcrger.<br \/>\nIn HH sind 50% der Gef\u00e4ngnisinsassen Ausl\u00e4nder. Z\u00e4hlt man D mit Migrationshintergrund dazu, sind es ca 80%.<br \/>\n&#8222;Rechteextreme Gewalt&#8220; wird unerhrlich erhoben. So werden z.B. hinzugez\u00e4hlt:<br \/>\n-Ein Afghane auf dem Oktoerfest zeigt den Hitlergru\u00df.<br \/>\n&#8211; Die Andifa sprayt Hakenkreuzean dieWand<br \/>\n.<br \/>\nDer Kniefall der Eliten vor dem Islam.<br \/>\nIn <a title=\"Stuttgart16Mai2020LinkeGewalt\" href=\"https:\/\/www.freiburg-schwarzwald.de\/blog\/selbsthilfe\/krise\/gewalt\/linke-gewalt\/stuttgart16mai2020linkegewalt\/\">Stuttgart <\/a>und <a title=\"Strassenschlacht\" href=\"https:\/\/www.freiburg-schwarzwald.de\/blog\/selbsthilfe\/krise\/gewalt\/strassenschlacht\/\">Frankfurt<\/a>: Okkupation des \u00f6ffentlichen Raums durch Migranten.<br \/>\n23.8.2020<br \/>\n.<\/p>\n<p><strong>Kontaktschuld-Vorwurf: Talkshows ohne Prof Sucharit Bhakdi<\/strong><br \/>\nEs zeigte sich in den letzten Monaten auch, dass bestimmte Wissenschaftler in den Leitmedien nicht auftauchten, wie etwa Sucharit Bhakdi, laut ZDF ein \u201eCorona-Leugner\u201c.<br \/>\n<a href=\"https:\/\/www.zdf.de\/nachrichten\/panorama\/coronavirus-faktencheck-bhakdi-100.html\">https:\/\/www.zdf.de\/nachrichten\/panorama\/coronavirus-faktencheck-bhakdi-100.html<\/a><br \/>\nH\u00e4tte man auch Mediziner, die die Gefahren des Corona-Virus relativierten, ins Studio einladen sollen?<br \/>\nMeyen: Sicher. Eine Diskussion dar\u00fcber h\u00e4tte die Glaubw\u00fcrdigkeit der Corona-Ma\u00dfnahmen meiner Meinung nach gest\u00e4rkt. Es ist einfacher, in der Bev\u00f6lkerung ein Verst\u00e4ndnis f\u00fcr die Ma\u00dfnahmen zu erreichen, wenn ich die verschiedenen Positionen an einem Tisch habe und dar\u00fcber diskutiere. Dadurch kann sich jeder eine Meinung bilden und am Ende verstehen, warum die Regierung so handelt, wie sie handelt. Wenn ich aber bestimmte Positionen aus dem Diskurs ausschlie\u00dfe, sie obendrein als \u201eCorona-Leugner\u201c brandmarke, dann w\u00e4chst der Zweifel bei Mediennutzern. Die Positionen und die entsprechenden Realit\u00e4ten sind ja trotzdem da. Man muss sich daf\u00fcr nur mit seinem Arzt unterhalten oder mit Leuten, die bei einer Krankenkasse arbeiten. F\u00fcr die Menschen ist es dann schwer zu verstehen, warum das nicht im ZDF zu h\u00f6ren ist \u2013 und sie gehen zum Beispiel zu Kenfm, um sich ein Interview mit Bhakdi anzuschauen. Ich denke grunds\u00e4tzlich, dass der Dialog der richtige Weg ist.<br \/>\n&#8230; Alles vom 14.7.2020 bitte lesen auf<br \/>\n<a href=\"http:\/\/www.planet-interview.de\/interviews\/michael-meyen\/51694\/\">http:\/\/www.planet-interview.de\/interviews\/michael-meyen\/51694\/<\/a><br \/>\n.<br \/>\n<em>Michael Meyen ist Professor am Institut f\u00fcr Kommunikationswissenschaft und Medienforschung an der Ludwig-Maximilians-Universit\u00e4t M\u00fcnchen<\/em><\/p>\n<p>&nbsp;<\/p>\n<p>&nbsp;<\/p>\n<p><strong>Digitalkonzerne aus USA, China und Indien &#8211; Gewinner nach Corona<\/strong><br \/>\nVordergr\u00fcndig bestimmt die Coronakrise das Geschehen. Im Hintergrund aber laufen die Prozesse einer globalen Transformation. Die alte Welt \u2013 die jetzt mit einer Injektion von Steuerzahlergeld gerettet werden soll \u2013 verliert ihre Dominanz. Am Ende des Films, den wir unser Leben nennen, liquidieren die jungen digitalen Helden, die sich zun\u00e4chst im Hintergrund aufhielten, die Cowboys der fr\u00fchen Jahre. Corona hilft ihnen dabei. Alles sieht nach einem tragischen Unfall aus.<br \/>\nDie gro\u00dfen Digitalkonzerne aus Amerika, China und Indien \u2013 das l\u00e4sst sich in einer Art Halbzeitbilanz bereits jetzt schon erkennen \u2013 spielen ihre Vorteile derzeit perfekt aus. Im stark wachsenden App-Gesch\u00e4ft beispielsweise \u2013 im vergangenen Jahr wurden weltweit in den App-Stores von Google und Apple 84 Milliarden US-Dollar umgesetzt (fast eine Verdopplung zu 2016) \u2013 kommt ihnen kein deutsches Unternehmen in die Quere. Die Analyseplattform Sensor Tower bilanziert:<br \/>\nDie Top 20 der weltweit am meisten heruntergeladenen Apps wird dominiert von US-amerikanischen und asiatischen Anbietern. Die Top 5 bestehen aus vier Facebook-Apps und dem chinesischen Netzwerk Tiktok.<\/p>\n<p>Der Medienkonsum der Corona-Wochen wird nahezu in Echtzeit vermessen. Derweil die Nutzung von Auto, Flugzeug, Einzelhandel, Kino, Diskothek und Livekonzert abnimmt beziehungsweise ruht, gewinnen die digitalen Freizeitprodukte weiter an Dominanz. Vor allem die Generation Z (16 bis 23 Jahre) und die Jahrg\u00e4nge der Millennials (24 bis 37 Jahre) f\u00fchren mittlerweile ein Leben im Universum des Digitalen.<\/p>\n<p>Der Global Web Index, f\u00fcr den in Gro\u00dfbritannien und in den USA rund 4000 Menschen nach ihrem ver\u00e4nderten Medienkonsumverhalten durch die Coronakrise befragt worden sind, ergibt: &#8230;..<br \/>\n.<br \/>\nBei den Millennials wie auch in der Generation Z schaut man Filme und Serien verst\u00e4rkt \u00fcber das World Wide Web, das lineare Fernsehen verliert. Netflix und Nintendo triumphieren.<\/p>\n<p>Insgesamt sind die j\u00fcngeren Generationen neugieriger und informieren sich \u00fcber eine Vielzahl unterschiedlicher Kan\u00e4le. In der Krise wachsen aber vor allem digitale \u201eBleib-zu-Hause\u201c-Angebote wie Videos, TV- und Musik-Streaming sowie Online-Medien.<\/p>\n<p>Aber auch in der Generation X (38 bis 54 Jahre alt) hat die Nutzung von Online-Medien in der Krise erheblich zugenommen: 31 Prozent konsumieren verst\u00e4rkt Online-Portale, 35 Prozent auch mehr Videos.<\/p>\n<p>Bei den \u00e4lteren Jahrg\u00e4ngen, der Generation der Babyboomer (55 bis 64 Jahre alt) hat sich auf den meisten Alternativkan\u00e4len kaum etwas bewegt. Ihr Medienkonsum verl\u00e4uft statisch, was in den Aktienbewertungen f\u00fcr RTL (minus 60 Prozent seit 2015) und ProSiebenSat.1 (minus 77 Prozent seit 2015) reflektiert wird.<br \/>\n&#8230; Alles vom 21.4.2020 bitte lesen auf<br \/>\n<a href=\"https:\/\/news.gaborsteingart.com\/online.php?u=FFinV744313\">https:\/\/news.gaborsteingart.com\/online.php?u=FFinV744313<\/a><\/p>\n<p>&nbsp;<\/p>\n<p>.<\/p>\n<p>&nbsp;<\/p>\n<p>&nbsp;<\/p>\n<p><strong>Gates\u00a0unterst\u00fctzt den Spiegel mit 2,3 Mio Euro<br \/>\n<\/strong>Die Medien als \u201eVierte Gewalt\u201c kommen ihren Auftrag zur Kontrolle der Regierenden (z.B. der GroKo in Berlin) und M\u00e4chtigen (z.B. der weltweit agierenden <a title=\"NGO\" href=\"https:\/\/www.freiburg-schwarzwald.de\/blog\/vereine\/ngo\/\">NGOs<\/a> und <a title=\"Stiftungen\" href=\"https:\/\/www.freiburg-schwarzwald.de\/blog\/business\/stiftungen\/\">Stiftungen<\/a> wie der &#8222;Bill &amp; Melinda Gates Foundation (BMGF)&#8220; und der &#8222;Open Society Foundations (OSF)&#8220; von <a title=\"EU-Gewaltenteilung und Soros\" href=\"https:\/\/www.freiburg-schwarzwald.de\/blog\/eu-gewaltenteilung-und-soros\/\">Georges Soros<\/a> oft <a title=\"Haltungsjournalismus\" href=\"https:\/\/www.freiburg-schwarzwald.de\/blog\/kultur\/medien\/journalismus\/haltungsjournalismus\/\">nur ungern nach<\/a>. Im Spiegel erfahren die Leser, da\u00df George Soros zu den Financiers des Magazins z\u00e4hlt:<br \/>\n&#8222;Die Bill &amp; Melinda Gates Foundation (BMGF) unterst\u00fctzt das SPIEGEL-Projekt Globale Gesellschaft \u00fcber drei Jahre mit einer Gesamtsumme von rund 2,3 Mio Euro&#8220; &#8211; wie soll man bei solch einer gro\u00dfen finanziellen Abh\u00e4ngigkeit d-des SPIEGEL dem Statement &#8222;<em><strong>die redaktionellen Inhalte entstehen ohne Einfluss durch die Stiftung<\/strong><\/em>&#8220; BMGF Glauben schenken?<br \/>\n17.4.2020<\/p>\n<p>.<br \/>\n<strong>Gates-Stiftung spendet weitere 150 Millionen Dollar<\/strong><br \/>\nOffenlegung: Die Bill &amp; Melinda Gates Foundation (BMGF) unterst\u00fctzt das SPIEGEL-Projekt Globale Gesellschaft \u00fcber drei Jahre mit einer Gesamtsumme von rund 2,3 Mio. Euro. Unter dem Titel Globale Gesellschaft berichten Reporterinnen und Reporter aus Asien, Afrika, Lateinamerika und Europa, die Beitr\u00e4ge erscheinen im Auslandsressort des SPIEGEL.<br \/>\n&#8230; Alles vom 16.4.2020 bitte lesen auf<br \/>\n<a href=\"https:\/\/www.spiegel.de\/wirtschaft\/corona-stiftung-von-melinda-und-bill-gates-spendet-150-millionen-dollar-a-e89886d8-a012-4196-81d2-3e608acacb14\">https:\/\/www.spiegel.de\/wirtschaft\/corona-stiftung-von-melinda-und-bill-gates-spendet-150-millionen-dollar-a-e89886d8-a012-4196-81d2-3e608acacb14<\/a><br \/>\n.<br \/>\n<strong>Globale Gesellschaft &#8211; Projekt des Spiegel<\/strong><br \/>\nF\u00fcr unser Projekt Globale Gesellschaft berichten ReporterInnen aus Asien, Afrika, Lateinamerika und Europa \u00fcber Menschen, soziale Brennpunkte und gesellschaftliche Entwicklungen. In Reportagen, Analysen, Fotos, Videos und Podcasts erz\u00e4hlen wir von Ungerechtigkeiten vor dem Hintergrund der Globalisierung &#8211; aber auch von vielversprechenden Ans\u00e4tzen.<br \/>\nDas Projekt wird von der Bill &amp; Melinda Gates Foundation unterst\u00fctzt, die redaktionellen Inhalte entstehen ohne Einfluss durch die Stiftung.<br \/>\n<a href=\"https:\/\/www.spiegel.de\/thema\/globale_gesellschaft\/\">https:\/\/www.spiegel.de\/thema\/globale_gesellschaft\/<\/a><\/p>\n<p>&nbsp;<\/p>\n<p>&nbsp;<\/p>\n<p>.<br \/>\n<strong>Offener Brief: OSF von Soros als Experten bei ARD und ZDF<\/strong><br \/>\n<em>Die AfD-Abgeordneten Bystron, Hemmelgarn, H\u00f6chst, Uwe Schulz schrieben am 8. April 2020 den folgenden offenen Brief an den ARD-Vorsitzenden Tom Buhrow (<a title=\"WDR\" href=\"https:\/\/www.freiburg-schwarzwald.de\/blog\/kultur\/medien\/wdr\/\">WDR)<\/a> und den <a title=\"GEZ-Medien\" href=\"https:\/\/www.freiburg-schwarzwald.de\/blog\/kultur\/medien\/gez-medien\/\">ZDF-Intendanten<\/a> Thomas Bellut:<\/em><br \/>\n.<br \/>\nSehr geehrter Herr Buhrow, Herr Bellut,<br \/>\nals Bundestagsabgeordnete ist uns aufgefallen, dass in Ihrem Nachrichtenprogramm immer h\u00e4ufiger sogenannte \u201eExperten\u201c oder \u201eAktivisten\u201c zu Wort kommen, die den Open Society Foundations (OSF) nahestehen (Beispiele oben)<br \/>\nDie Open Society Foundations sind eine sehr intransparente Lobbygruppe, die weltweit eine sehr einseitige politische Agenda verfolgen. Zu den Forderungen der OSF geh\u00f6ren: die F\u00f6rderung der Politik offener Grenzen, das Sch\u00fcren \u00fcbertriebener Klimahysterie sowie die aggressive Bek\u00e4mpfung aller gesellschaftlicher Gruppen, die sich diesen Zielen entgegenstellen. In Deutschland wird dabei sogar die gr\u00f6\u00dfte Oppositionspartei im Deutschen Bundestag, die AfD, unter dem Deckmantel des \u201eKampfs gegen Rechts\u201c von den durch niemanden gew\u00e4hlten und somit auch von niemanden demokratisch legitimierten Mitgliedern der OSF-Gruppen betrieben.<br \/>\nAngesichts der Tatsache, dass diese angeblich \u201ezivilgesellschaftlichen\u201c Gruppen sich nie im Kampf gegen islamische oder linksextreme Gewalt engagiert haben oder sich f\u00fcr Klimarealismus, Islamismuskritik oder die Aufrechterhaltung der Grenzsicherheit ausgesprochen haben, ist offensichtlich, dass sie eine einseitige politische Agenda verfolgen.<br \/>\nDie OSF werden durch einen US-amerikanischen Milliard\u00e4r finanziert. Entsprechend folgt deren politische Agenda seinen Vorgaben. Die Aktivit\u00e4ten dieser Gruppen sind darauf ausgerichtet, diese Vorgaben zu erf\u00fcllen.<br \/>\n.<br \/>\nEs ist nicht die Aufgabe des \u00f6ffentlich-rechtlichen Rundfunks, der deutschen \u00d6ffentlichkeit die politische Agenda eines amerikanischen Milliard\u00e4rs zu vermitteln.<br \/>\nIm Gegenteil: Im \u00a711 des Rundfunkstaatsvertrags hei\u00dft es:<br \/>\n\u201eDie \u00f6ffentlich-rechtlichen Rundfunkanstalten haben bei der Erf\u00fcllung ihres Auftrags die Grunds\u00e4tze der Objektivit\u00e4t und Unparteilichkeit der Berichterstattung, die Meinungsvielfalt sowie die Ausgewogenheit ihrer Angebote zu ber\u00fccksichtigen.\u201c<br \/>\nAngesichts dieser Tatsachen stellen sich zahlreiche Geb\u00fchrenzahler mit uns die folgende Fragen:<br \/>\n&#8211; Wie bringen Sie die h\u00e4ufige Pr\u00e4senz von Lobbyisten der OSF und ihrer anverwandten Gruppen mit dem Grundsatz der Objektivit\u00e4t und Unparteilichkeit in Einklang?<br \/>\n&#8211; Warum werden die Lobbyisten der Open Society Foundations nicht als solche kenntlich gemacht und dem Zuschauer eine Einordnung ihrer linken politischen Ausrichtung erm\u00f6glicht?<br \/>\n&#8211; Warum kommen im Sinne der Ausgewogenheit nicht ebenso viele Vertreter und Lobbyisten von konservativen Lobby-Gruppen zu Wort, z.B. Linksextremismusforscher, Klimarealisten, Grenzschutzbef\u00fcrworter oder Islamismuskritiker?<br \/>\n.<br \/>\n&#8211; Jedes Jahr veranstaltet der NDR (u.a. Tagesschau) im Juni in Hamburg die Konferenz \u201enetzwerk recherche\u201c, bei der f\u00fchrende Vertreter der deutschen Presse mit sogenannten \u201eExperten\u201c diverser OSF-naher Lobbygruppen wie Correctiv, neue deutsche Medienmacher, Mediendienst Integration, bellingcat, Investigate Europe, journalists.network, journalismfund.eu, Frag den Staat, Reporter ohne Grenzen, Buzzfeed und ICIJ \u00fcber vorwiegend linke Themen wie \u201eKampf gegen Rechts\u201c und \u201eKlimawandel\u201c diskutieren.<br \/>\nWie hoch ist das Budget f\u00fcr diese Veranstaltung?<br \/>\nWarum werden keine Vertreter von konservativen alternativen Medien eingeladen?<br \/>\nWer sucht die G\u00e4ste aus, und warum haben so viele dieser G\u00e4ste Verbindungen zu OSF und ihrer anverwandten Gruppen?<br \/>\nWelchen Einfluss hat diese Veranstaltung auf Ihre Programmgestaltung?<\/p>\n<p>.<br \/>\nDer \u00f6ffentlich-rechtliche Rundfunk steht sowohl in der Fachwelt wie seitens der Geb\u00fchrenzahler in der Kritik, seine Berichterstattung eben nicht ausgewogen und unparteilich zu betreiben, sondern einen starken Drang zur Verbreitung von Regierungspositionen und zu tendenzi\u00f6s negativer Darstellung der Positionen gro\u00dfer Teile der demokratischen Opposition zu haben.<\/p>\n<p>Die Ablehnung dieser einseitigen Berichterstattung manifestiert sich in der dramatisch gestiegenen Zahl derjenigen Menschen, die (trotz Androhung von Strafen bis hin zum Gef\u00e4ngnis!) die Zahlung der Zwangs-Geb\u00fchren f\u00fcr den \u00d6R-Rundfunk mit aller Vehemenz ablehnen.<\/p>\n<p>Wir fordern Sie auf, die Fragen aus Respekt uns als Gesetzgebern und all Ihren Zuschauern und Geb\u00fchrenzahlern gegen\u00fcber, die Ihre hoch dotierten Jobs zwangsweise finanzieren m\u00fcssen, zeitnah zu beantworten.<br \/>\nWir fordern Sie auf, Ihr Verhalten unter den oben genannten Fakten zu reflektieren und seine Ver\u00e4nderung in die Wege zu leiten.<br \/>\nWir fordern Sie auf, sowohl die klaren Vorgaben des Rundfunkstaatsvertrags zu verinnerlichen und die bisherige, dem Staatsvertrag klar zuwiderlaufende Praxis zu beenden.<br \/>\nMit freundlichen Gr\u00fc\u00dfen,<br \/>\nPetr Bystron, Udo Hemmelgarn, Nicole H\u00f6chst, Uwe Schulz,<br \/>\nOrganisationspr\u00e4sidium des Kongresses der Freien Medien<br \/>\n8.4.2020,\u00a0<a href=\"https:\/\/nicole-hoechst.de\/\">https:\/\/nicole-hoechst.de\/<\/a><\/p>\n<p>.<br \/>\n<strong>\u201eMeine Damen und Herren, ich begr\u00fc\u00dfe Sie zur Soros-Show\u201c<\/strong><br \/>\nAn einem Abend gleich zwei f\u00fchrende Soros-\u201eExperten\u201c in den Hauptnachrichten &#8211; wieviel Open Society steckt in der \u00d6RR-Berichterstattung &#8211; und warum? &#8230;.<br \/>\nIn der 30-Minuten-Ausgabe der Tagesschau vom 5. April (\u201eBrennpunkt\u201c hie\u00dfen diese Extra-Ausgaben fr\u00fcher, seitdem sie zur Regel geworden sind, erst \u201eExtra\u201c und dann nur noch \u201elange Tagesschau\u201c) kommt am Ende ein Bericht, der nur als leidenschaftliches Pl\u00e4doyer f\u00fcr mehr Migrantenaufnahme aus Lesbos verstanden werden kann \u2013 egal, dass es auf Lesbos weniger Corona gibt als in Berlin, egal, dass die 1500 \u201eminderj\u00e4hrigen Fl\u00fcchtlinge\u201c, die scheinbar nur in Deutschland versorgt werden k\u00f6nnen, vermutlich auch ein vielfaches an Eltern und Verwandten nach sich ziehen werden.<br \/>\nDie Tagesschau konstruiert auf Kosten der Geb\u00fchrenzahler eine moralische Pflicht zu Open Borders \u201egerade in Zeiten von Corona\u201c. Das Resum\u00e9 darf dann Gerald Knaus ziehen, der 2016 schon \u201edie Blaupause f\u00fcr Merkels Asylpolitik erarbeitet\u201c hatte, so die WELT: \u201cEs geht immerhin darum, eine humanit\u00e4re Katastrophe in Griechenland zu vermeiden.\u201c Knaus ist Begr\u00fcnder und Vorsitzender der European Stability Initiative (ESI), die schon seit 2009 von Open Society finanziert wurde und 2015-17 einen Zuschuss von 300.000 $ erhielt. Knaus ist somit ein Lobbyist f\u00fcr den Mann, der 2015 im \u201eSoros-Plan\u201c laut WELT gefordert hatte, die EU m\u00fcsse \u201ein absehbarer Zukunft mindestens eine Million Asylsuchende j\u00e4hrlich aufnehmen.\u201c In der Tagesschau wird er jedoch nur als \u201eMigrationsforscher\u201c identifiziert. Einen Hinweis auf seine Soros-Lobbyistent\u00e4tigkeit erh\u00e4lt der Zuschauer nicht.<br \/>\n&#8230; Alles vom 8.4.2020 bitte lesen auf<br \/>\n<a href=\"https:\/\/haolam.de\/artikel\/Deutschland\/40723\/Meine-Damen-und-Herren-ich-begre-Sie-zur-SorosShow.html\">https:\/\/haolam.de\/artikel\/Deutschland\/40723\/Meine-Damen-und-Herren-ich-begre-Sie-zur-SorosShow.html<\/a><\/p>\n<p>&nbsp;<\/p>\n<p>&nbsp;<\/p>\n","protected":false},"excerpt":{"rendered":"<p>Home\u00a0&gt;Business\u00a0&gt;Gesund\u00a0&gt;Medizin\u00a0&gt;Corona-Virus\u00a0&gt;Corona-NGO &nbsp; Bill Gates regiert in Berlin mit\u00a0(21.9.2022) Glaube und Wissen \u2013 Kirchen und NGO-Kirchen\u00a0(27.1.2022) Inzidenz \u2013 f\u00fcr Notbremse ungeeignet\u00a0(15.4.2021) Heuchelei: Abbitte ohne Reue\u00a0(26.3.2021) Corona: Anleitung zum smarten Totalitarismus\u00a0(1.3.2021) Vize-Weltmeister Carsten Ramelow kritisiert Corona-Politik (8.2.2021) EZB: Endlose Geldvermehrung\u00a0(11.12.2020) Naomi Seibt &hellip; <a href=\"https:\/\/www.freiburg-schwarzwald.de\/blog\/business\/gesund\/corona-virus\/corona-ngo\/\">Weiterlesen <span class=\"meta-nav\">&rarr;<\/span><\/a><\/p>\n","protected":false},"author":2,"featured_media":0,"parent":79419,"menu_order":0,"comment_status":"open","ping_status":"closed","template":"","meta":{"footnotes":""},"class_list":["post-80377","page","type-page","status-publish","hentry"],"_links":{"self":[{"href":"https:\/\/www.freiburg-schwarzwald.de\/blog\/wp-json\/wp\/v2\/pages\/80377","targetHints":{"allow":["GET"]}}],"collection":[{"href":"https:\/\/www.freiburg-schwarzwald.de\/blog\/wp-json\/wp\/v2\/pages"}],"about":[{"href":"https:\/\/www.freiburg-schwarzwald.de\/blog\/wp-json\/wp\/v2\/types\/page"}],"author":[{"embeddable":true,"href":"https:\/\/www.freiburg-schwarzwald.de\/blog\/wp-json\/wp\/v2\/users\/2"}],"replies":[{"embeddable":true,"href":"https:\/\/www.freiburg-schwarzwald.de\/blog\/wp-json\/wp\/v2\/comments?post=80377"}],"version-history":[{"count":6,"href":"https:\/\/www.freiburg-schwarzwald.de\/blog\/wp-json\/wp\/v2\/pages\/80377\/revisions"}],"predecessor-version":[{"id":104554,"href":"https:\/\/www.freiburg-schwarzwald.de\/blog\/wp-json\/wp\/v2\/pages\/80377\/revisions\/104554"}],"up":[{"embeddable":true,"href":"https:\/\/www.freiburg-schwarzwald.de\/blog\/wp-json\/wp\/v2\/pages\/79419"}],"wp:attachment":[{"href":"https:\/\/www.freiburg-schwarzwald.de\/blog\/wp-json\/wp\/v2\/media?parent=80377"}],"curies":[{"name":"wp","href":"https:\/\/api.w.org\/{rel}","templated":true}]}}