{"id":78564,"date":"2020-01-25T20:39:44","date_gmt":"2020-01-25T19:39:44","guid":{"rendered":"https:\/\/www.freiburg-schwarzwald.de\/blog\/?page_id=78564"},"modified":"2026-02-22T16:52:04","modified_gmt":"2026-02-22T15:52:04","slug":"auschwitz1945-2020","status":"publish","type":"page","link":"https:\/\/www.freiburg-schwarzwald.de\/blog\/kultur\/erinnerungskultur\/auschwitz1945-2020\/","title":{"rendered":"Auschwitz1945-2020"},"content":{"rendered":"<p><a href=\"https:\/\/freiburg-schwarzwald.de\/blog\">Home<\/a>\u00a0&gt;<a title=\"Zukunft\" href=\"https:\/\/www.freiburg-schwarzwald.de\/blog\/engagement\/zukunft\/\">Zukunft<\/a>\u00a0&gt;<a title=\"Demokratie\" href=\"https:\/\/www.freiburg-schwarzwald.de\/blog\/engagement\/zukunft\/demokratie\/\">Demokratie<\/a>\u00a0&gt;<a title=\"Global\" href=\"https:\/\/www.freiburg-schwarzwald.de\/blog\/global\/\">Global<\/a>\u00a0&gt;<a title=\"Deutschland\" href=\"https:\/\/www.freiburg-schwarzwald.de\/blog\/global\/deutschland\/\">Deutschland<\/a>\u00a0&gt;<a title=\"Deutsche-Kultur\" href=\"https:\/\/www.freiburg-schwarzwald.de\/blog\/global\/deutschland\/deutsche-kultur\/\">Deutsche-Kultur<\/a>\u00a0&gt;<a title=\"Erinnerungskultur\" href=\"https:\/\/www.freiburg-schwarzwald.de\/blog\/kultur\/erinnerungskultur\/\">Erinnerungskultur<\/a> &gt;Auschwitz1945-2020<\/p>\n<div id=\"attachment_78710\" style=\"width: 650px\" class=\"wp-caption alignnone\"><a href=\"https:\/\/www.freiburg-schwarzwald.de\/blog\/kultur\/erinnerungskultur\/auschwitz1945-2020\/yadvashem7soldaten131027-pan\/\" rel=\"attachment wp-att-78710\"><img loading=\"lazy\" decoding=\"async\" aria-describedby=\"caption-attachment-78710\" class=\"size-full wp-image-78710\" src=\"https:\/\/www.freiburg-schwarzwald.de\/blog\/wp-content\/uploads\/2020\/01\/yadvashem7soldaten131027-pan.jpg\" alt=\"Eingang zu Yad Vashem am 27.10.2013\" width=\"640\" height=\"378\" srcset=\"https:\/\/www.freiburg-schwarzwald.de\/blog\/wp-content\/uploads\/2020\/01\/yadvashem7soldaten131027-pan.jpg 640w, https:\/\/www.freiburg-schwarzwald.de\/blog\/wp-content\/uploads\/2020\/01\/yadvashem7soldaten131027-pan-180x106.jpg 180w\" sizes=\"auto, (max-width: 640px) 100vw, 640px\" \/><\/a><p id=\"caption-attachment-78710\" class=\"wp-caption-text\">Eingang zu Yad Vashem am 27.10.2013<\/p><\/div>\n<p>&nbsp;<\/p>\n<ul>\n<li><em>Listenauswahl eines Beitrags (Artikel\/Datum, Seite\/Inhalt):\u00a0<span style=\"text-decoration: underline;\">Klicken<\/span>\u00a0oder scrollen<\/em><\/li>\n<li><a href=\"https:\/\/www.freiburg-schwarzwald.de\/blog\/religion\/juden\/holocaust-instrumentalisieren\/\">Linksradikale wollen in Buchenwald gegen Israel demonstrieren<\/a> (22.2.2026)<\/li>\n<li><a href=\"https:\/\/www.freiburg-schwarzwald.de\/blog\/kultur\/erinnerungskultur\/\">Habeck in Auschwitz \u2013 Die Schmutzigen, die H\u00e4sslichen und die Gemeinen 2025<\/a>\u00a0(31.1.2025)<\/li>\n<li><a href=\"https:\/\/www.freiburg-schwarzwald.de\/blog\/holocaust-zeitzeugen-anhoeren\/\">Holocaust: Zeitzeugen anh\u00f6ren<\/a>\u00a0(29.1.2025)<\/li>\n<li><a href=\"https:\/\/www.freiburg-schwarzwald.de\/blog\/engagement\/zukunft\/demokratie\/bundespraesident\/\">Frank-Walter Steinmeier am 13.2.2022 mit nur 73 % wiedergew\u00e4hlt<\/a>\u00a0(14.2.2022)<\/li>\n<li><a href=\"https:\/\/www.freiburg-schwarzwald.de\/blog\/religion\/juden\/holocaust-instrumentalisieren\/\">Broder: \u201eWeil sie damals so waren, wie ihr heute seid\u201c<\/a> (7.1.2022)<\/li>\n<li><a title=\"Israel2019\" href=\"https:\/\/www.freiburg-schwarzwald.de\/blog\/global\/israel\/israel2019\/\">Israels 72. Geburtstag w\u00e4re doch ein Grund zum Feiern<\/a>\u00a0(12.5.2020)<\/li>\n<li><a title=\"Faschismus\" href=\"https:\/\/www.freiburg-schwarzwald.de\/blog\/engagement\/zukunft\/demokratie\/faschismus\/\">Werde\u00a0ich als Jude in Deutschland zum Faschisten bzw. Rassisten?<\/a>\u00a0(8.3.2020)<\/li>\n<li><a title=\"Deutsch\" href=\"https:\/\/www.freiburg-schwarzwald.de\/blog\/kultur\/deutsch\/\">Die Sprache ist nicht schuld<\/a>\u00a0(13.2.2020)<\/li>\n<li><a title=\"Israel2019\" href=\"https:\/\/www.freiburg-schwarzwald.de\/blog\/global\/israel\/israel2019\/\">Deutschland \u2013 Israel:\u00a0Staatsraison Identit\u00e4t\u00a0Geschichte Schuld<\/a>\u00a0(30.1.2020)<\/li>\n<li><a title=\"Schuld\" href=\"https:\/\/www.freiburg-schwarzwald.de\/blog\/engagement\/zukunft\/schuld\/\">Mit der \u201ehistorischen Schuld\u201c, von der Steinmeier sprach, habe ich nichts zu tun<\/a>\u00a0(28.1.2020)<\/li>\n<li>Der Holocaust war eine Klimakatastrophe, die sich nicht wiederholen darf (28.1.2020)<\/li>\n<li><a title=\"Holocaust-Education\" href=\"https:\/\/www.freiburg-schwarzwald.de\/blog\/bildung\/holocaust-education\/\">Holocaust-Gedenken: Von der Unm\u00f6glichkeit des Erinnerns<\/a> (28.1.2020)<\/li>\n<li>Nein, die Bundesrepublik Deutschland sch\u00fctzt j\u00fcdisches Leben nicht (27.1.2020)<\/li>\n<li>Offener Brief an Sabine M\u00fcller (HR) von Simone Hofmann (25.1.2020)<\/li>\n<li>Broders Spiegel: Die deutsche Holocaust-Vorstellung (27.1.2020)<\/li>\n<li>Was erlauben Israel? (25.1.2020)<\/li>\n<li><a title=\"Auschwitz-Gedenken 1945-2020\" href=\"https:\/\/www.freiburg-schwarzwald.de\/blog\/auschwitz-gedenken-1945-2020\/\">Auschwitz-Gedenken 1945-2020<\/a> (25.1.2020)<\/li>\n<li>Bundespr\u00e4sident Steinmeier in Yad Vashem: Publicity statt Schweigen (24.1.2020)<\/li>\n<li><a title=\"Holocaust-Education\" href=\"https:\/\/www.freiburg-schwarzwald.de\/blog\/bildung\/holocaust-education\/\">Instrumentalisierung eines Gro\u00dfverbrechens: Die Erinnerung an den Holocaust sollte historisch n\u00fcchterner erfolgen<\/a>\u00a0(24.1.2020)<\/li>\n<li>Historiker Wolffsohn kritisiert Steinmeiers Rede in Israel &#8211; und neue\u00a0Gedenkkultur\u00a0 (24.1.2020)<\/li>\n<li><a title=\"Erinnerungskultur\" href=\"https:\/\/www.freiburg-schwarzwald.de\/blog\/kultur\/erinnerungskultur\/\">Holocaust-Gedenken: Der lange Schatten 75 Jahre nach Auschwitz<\/a>\u00a0(24.1.2020)<\/li>\n<li>Das Weltmoralhauptamt schenkt den Juden einen Kommentar (24.1.2020)<\/li>\n<li>Steinmeier: &#8222;Das gr\u00f6\u00dfte Verbrechen der Menschheitsgeschichte&#8220; (23.1.2020)<\/li>\n<\/ul>\n<ul>\n<li><a title=\"Zionismus 1897-33: Markenhof\" href=\"https:\/\/www.freiburg-schwarzwald.de\/blog\/zionismus-1897-33-markenhof\/\">Zionismus 1897-33: Markenhof<\/a>\u00a0 (23.1.2020)<\/li>\n<li><a title=\"Kunstfreiheit\" href=\"https:\/\/www.freiburg-schwarzwald.de\/blog\/kultur\/kunst\/kunstfreiheit\/\">Zentrum f\u00fcr Politische Sch\u00f6nheit: Instrumentalisierung des Holocaust<\/a>\u00a0(4.12.2019)<\/li>\n<li><a title=\"Klimaleugner\" href=\"https:\/\/www.freiburg-schwarzwald.de\/blog\/natur\/klima\/klimaleugner\/\">Brief eines \u201eKlimaleugners\u201c an einen Sportsfreund<\/a>\u00a0(30.11.2019)<\/li>\n<li><a title=\"Erinnerungskultur\" href=\"https:\/\/www.freiburg-schwarzwald.de\/blog\/kultur\/erinnerungskultur\/\">Eine Schande, ein Schmerz: Holocaust-Feiern verlogenen Veranstaltungen<\/a>\u00a0(1.11.2019)<\/li>\n<li><a title=\"Erinnerungskultur\" href=\"https:\/\/www.freiburg-schwarzwald.de\/blog\/kultur\/erinnerungskultur\/\">Yehuda\u00a0Bauer: Lob f\u00fcr deutsche\u00a0Gedenkkultur<\/a>\u00a0(25.6.2019)<\/li>\n<li><a href=\"https:\/\/www.freiburg-schwarzwald.de\/blog\/700000-e-ausgeben-oder-reden\/\">https:\/\/www.freiburg-schwarzwald.de\/blog\/700000-e-ausgeben-oder-reden\/<\/a>\u00a0(15.6.2019)<\/li>\n<li><a title=\"Holocaust-Education\" href=\"https:\/\/www.freiburg-schwarzwald.de\/blog\/bildung\/holocaust-education\/\">Zerr\u00fcttete deutsche Erinnerungskultur \u2013 3.Reich ja, DDR nein<\/a> (17.3.2019)<\/li>\n<li><a title=\"Holocaust-Education\" href=\"https:\/\/www.freiburg-schwarzwald.de\/blog\/bildung\/holocaust-education\/\">Deborah Feldman kritisiert deutsche Erinnerungskultur<\/a> (19.2.2019)<\/li>\n<li><a title=\"Holocaust-Education\" href=\"https:\/\/www.freiburg-schwarzwald.de\/blog\/bildung\/holocaust-education\/\">Rituelles Holocaust-Gedenken kann zur Falle werden<\/a> (30.1.2019)<\/li>\n<li><a href=\"https:\/\/www.freiburg-schwarzwald.de\/blog\/klimawandel-holocaustleugner\/\">https:\/\/www.freiburg-schwarzwald.de\/blog\/klimawandel-holocaustleugner\/<\/a>\u00a0(28.1.2019)<\/li>\n<li><a title=\"Holocaust-Education\" href=\"https:\/\/www.freiburg-schwarzwald.de\/blog\/bildung\/holocaust-education\/\">Holocaust-Verharmlosung: Nein, Muslime sind nicht \u201cdie neuen Juden\u201d<\/a> (10.10.2018)<\/li>\n<li><a href=\"https:\/\/www.freiburg-schwarzwald.de\/blog\/religion\/juden\/juedisches-leben\/\">Karl Lagerfeld: Der Skandal, der keiner ist<\/a> (16.11.2017)<\/li>\n<li><a title=\"Holocaust-Education\" href=\"https:\/\/www.freiburg-schwarzwald.de\/blog\/bildung\/holocaust-education\/\">Holocaust Education als Ursache f\u00fcr Deutsche Identit\u00e4tsprobleme<\/a> (13.8.2012)<\/li>\n<li><\/li>\n<li><a title=\"Antisemitismus\" href=\"https:\/\/www.freiburg-schwarzwald.de\/blog\/religion\/juden\/antisemitismus\/\">Antisemitismus<\/a><\/li>\n<li><a title=\"Erinnerungskultur\" href=\"https:\/\/www.freiburg-schwarzwald.de\/blog\/kultur\/erinnerungskultur\/\">Erinnerungskultur<\/a><\/li>\n<li><a title=\"Islam-Antisemitismus\" href=\"https:\/\/www.freiburg-schwarzwald.de\/blog\/religion\/islam\/islam-antisemitismus\/\">Islam-Antisemitismus<\/a><\/li>\n<li><a title=\"Juden\" href=\"https:\/\/www.freiburg-schwarzwald.de\/blog\/religion\/juden\/\">Juden \u2013 Verst\u00e4ndigung<\/a><\/li>\n<li><a title=\"Klimaleugner\" href=\"https:\/\/www.freiburg-schwarzwald.de\/blog\/natur\/klima\/klimaleugner\/\">Klimaleugner<\/a><\/li>\n<li><a title=\"Kultur\" href=\"https:\/\/www.freiburg-schwarzwald.de\/blog\/kultur\/\">Kultur<\/a><\/li>\n<li><a title=\"Kunstfreiheit\" href=\"https:\/\/www.freiburg-schwarzwald.de\/blog\/kultur\/kunst\/kunstfreiheit\/\">Kunstfreiheit<\/a><\/li>\n<li><a title=\"Missverstehen\" href=\"https:\/\/www.freiburg-schwarzwald.de\/blog\/kultur\/medien\/missverstehen\/\">Missverstehen mit Absicht<\/a><\/li>\n<li><a title=\"Nation\" href=\"https:\/\/www.freiburg-schwarzwald.de\/blog\/engagement\/zukunft\/demokratie\/nation\/\">Nation<\/a><\/li>\n<li><a title=\"Nazi\" href=\"https:\/\/www.freiburg-schwarzwald.de\/blog\/religion\/juden\/nazi\/\">Nazi<\/a><\/li>\n<\/ul>\n<ul>\n<li><a title=\"Jerusalem-Neustadt\" href=\"https:\/\/www.freiburg-schwarzwald.de\/blog\/global\/israel\/israel2013\/jerusalem-neustadt\/\">Yad Vashem<\/a><\/li>\n<\/ul>\n<p><strong>Der Holocaust ist das schlimmste Menschheitsverbrechen<\/strong><br \/>\nHolocaust kommt aus dem Griechischen f\u00fcr &#8222;v\u00f6llig verbrannt&#8220; und Schoa bzw. Schoah aus dem Hebr\u00e4ischen f\u00fcr &#8222;gro\u00dfe Katastrophe&#8220;. Beide Begriffe bezeichnen die systematische Vernichtung der Juden w\u00e4hrend des Nationalsozialismus 1933-1945.<br \/>\n==============================================================<\/p>\n<p>.<\/p>\n<p><strong>Der Holocaust war eine Klimakatastrophe, die sich nicht wiederholen darf<br \/>\n<\/strong>&#8230;<em> &#8222;Heute vor 75 Jahren wurde Auschwitz befreit. Der Holocaust war eines der gr\u00f6\u00dften Verbrechen im 2. Weltkrieg. Die Nazis geh\u00f6ren auch zu den gr\u00f6\u00dften Klimas\u00fcnder*innen, da ihr Vernichtungskrieg und ihre Panzer riesige Mengen an CO2 produziert haben. Viele Politiker sagen, dass sich das nicht wiederholen darf. Aber was tun sie gegen den Klima-Holocaust, der in diesem Moment Millionen Menschen und Tiere t\u00f6tet? Greta Thunberg hat in Davos richtig gesagt, dass seit Beginn der Klimaproteste nicht genug getan wurde. Wir m\u00fcssen die Klimaerw\u00e4rmung jetzt stoppen damit sich ein Holocaust nicht wiederholt.\u201c<\/em><br \/>\nZuerst dachte ich, es w\u00e4re eine Satire auf die Klimahysterie und wurde leicht sauer, dass mir so etwas nicht eingefallen ist. Dann schaute ich mir aber an, was der \u201eKlimaakitivist\u201c sonst so postet und mit wem er befreundet ist <a href=\"https:\/\/tomradtke.de\/posts\/20200127-auschwitz\/\">https:\/\/tomradtke.de\/posts\/20200127-auschwitz\/<\/a>, und begriff:<br \/>\n.<br \/>\nDas ist <a title=\"Satire\" href=\"https:\/\/www.freiburg-schwarzwald.de\/blog\/kultur\/kunst\/satire\/\">keine Satire<\/a>, er meint es ernst!<br \/>\nUnd damit der Klima-Holocaust, der in diesem Moment Millionen Menschen und Tiere t\u00f6tet, gestoppt wird, kandidiert er f\u00fcr die Linke bei den Wahlen zur Hamburgischen B\u00fcrgerschaft.<br \/>\n.. Alles vom 28.1.2020 von Henry. M. Broder bitte lesen auf<br \/>\n<a href=\"https:\/\/www.achgut.com\/artikel\/der_holocaust_war_eine_klimakatastrophe_die_sich_nicht_wiederholen_darf\">https:\/\/www.achgut.com\/artikel\/der_holocaust_war_eine_klimakatastrophe_die_sich_nicht_wiederholen_darf<\/a><br \/>\n.<br \/>\n<strong>Zwei Gedanken dazu: Der junge Mensch d\u00fcrfte kaum eine Einzelmeinung vertreten<\/strong>.<br \/>\nIn den Kreisen der Klimaaktivisten wird gewiss verbreitet so \u201cgedacht\u201d. Zweitens: offenbar hindert ein Hirntod nichts an der F\u00e4higkeit, etwas auf eine Homepage zu schreiben.<br \/>\n28.1.2020, P.S.<br \/>\n.<br \/>\n<strong>Was ist so ungew\u00f6hnlich an dem, was der junge Mann da schreibt?<\/strong><br \/>\nDas ist Gedankengut, das in den K\u00f6pfen zumindest der j\u00fcngeren Generation l\u00e4ngst in gro\u00dfer Breite angekommen ist, und dass der Holocaust weder schlimmer noch realer war als der \u201cmenschengemachte Klimawandel\u201d, stellt doch schon die Wortsch\u00f6pfung \u201cKlimaleugner\u201d klar. Nun gibt es bestimmte Zeitpunkte, ab wann was in welcher Offenheit ausgesprochen werden darf &#8211; und da war der junge Mann in seiner jugendlichen Naivit\u00e4t wohl ein klein wenig zu fr\u00fch dran, so dass ein paar Fr\u00f6sche wegen des pl\u00f6tzlichen Temperatursprungs im hei\u00dfen Bad erschrocken zappeln und quaken. In ein bis zwei Jahren wird man gelernt haben, \u00c4u\u00dferungen dieser Art als selbstverst\u00e4ndlich hinzunehmen.<br \/>\n28.1.2020. H.L., AO<br \/>\n.<\/p>\n<p>&nbsp;<\/p>\n<p><strong>Nein, die Bundesrepublik Deutschland sch\u00fctzt j\u00fcdisches Leben nicht<\/strong><br \/>\nIn seiner Rede in der Jerusalemer Holocaustgedenkst\u00e4tte Yad Vashem gab Bundespr\u00e4sident Frank-Walter Steinmeier folgende Versprechen ab: \u201eWir bek\u00e4mpfen den Antisemitismus! Wir trotzen dem Gift des Nationalismus! Wir sch\u00fctzen j\u00fcdisches Leben! Wir stehen an der Seite Israels!&#8220; Der Bundespr\u00e4sident l\u00fcgt, in Yad Vashem, vor den Augen der Welt.<br \/>\n&#8230; Alles vom 27.1.2020 bitte lesen auf<br \/>\n<a href=\"https:\/\/www.achgut.com\/artikel\/nein_die_bundesrepublik_deutschland_schuetzt_juedisches_leben_nicht\">https:\/\/www.achgut.com\/artikel\/nein_die_bundesrepublik_deutschland_schuetzt_juedisches_leben_nicht<\/a><br \/>\n.<\/p>\n<p><strong>Broders Spiegel: Die deutsche Holocaust-Vorstellung<\/strong><br \/>\nHeute ist der 75. Jahrestag der Befreiung von Auschwitz und damit offizieller Holocaust-Gedenktag. Doch die offiziellste Gedenkveranstaltung fand bekanntlich schon vor ein paar Tagen in Yad Vashem statt. Die deutschen Medien feierten den Auftritt von Bundespr\u00e4sident Steinmeier. Niemand erinnerte daran, dass derselbe Steinmeier den Herrschern in Teheran zum Jahrestag der Islamischen Revolution gratulierte, obwohl doch eines der Ziele der in die Jahre gekommenen Revolution\u00e4re die Vernichtung des Staates Israel ist. Stattdessen konnten deutsche Medienkonsumenten lernen, dass deutsche Gedenk-Spezialisten das Holocaust-Gedenken eigentlich viel besser beherrschen als die Israelis.<br \/>\n&#8230; Alles vom 27.1.2020 bitte lesen auf<br \/>\n<a href=\"https:\/\/www.achgut.com\/artikel\/broders_spiegel_die_deutsche_holocaust_vorstellung\">https:\/\/www.achgut.com\/artikel\/broders_spiegel_die_deutsche_holocaust_vorstellung<\/a><br \/>\n.<br \/>\nKommentare:<br \/>\n<strong>SgH. Broder, am Antisemitismus ist nicht nur der \u201cJude\u201d schuld.<\/strong><br \/>\nSelbst der \u201cNeger\u201d sollte endlich die Sklaverei verantworten. Nat\u00fcrlich kann man die Aufz\u00e4hlung der Verantwortlichen (Aboriginis, Armenier, Indianer\u2026.usw.) endlos fortsetzen\u2026, aber grunds\u00e4tzlich ist weltweit der \u201cDeutsche\u201d schuld. Er, der \u201cDeutsche\u201d ist die Wurzel des b\u00f6sen. Ein \u201cVolk\u201d mit so einer Brutalit\u00e4t sollte sich selbst zum Schafott begleiten. Ja, und der \u201cMichel\u201d (dumm wie eine Flasche Ketchup) geht auch noch ohne widerspruch! \u00dcber diesen \u201cGr\u00fc\u00dfaugust\u201d F.W. Steinmeier schreib ich nix, nicht meiner! P.S. Ich hatte letzte Woche die Gelegenheit am Landgericht Stuttgart Sie und die Herren Steinh\u00f6fel sowie Tichy live zu erleben. Ist dass die letzte Bastion des Widerstands?&#8216;<br \/>\n27.1.2020- H.W., AO<br \/>\n.<br \/>\n<strong>Ich kann leider nicht mehr daran glauben, dass dieser Kommentar, immer hin auf Tagesschau.de gebracht<\/strong>,<br \/>\nnur aus Bloedheit und linker Verblendung getextet wurde. Dahinter steckt eine Propagandastrategie, die schon laenger zu beobachten ist. Eine neue rote Linie wurde ueberschritten. Die linke israelhetze beruht auf dem diktum, dass die Juden nichts aus dem Holocaust gelernt haben, im gegensatz zu unsern Linken, die die Ursache allen Uebels im Nationalstaat, dem Kapitalismus und dem milit\u00e4risch industriellen komplex zweifelsfrei verortet haben. Israel pocht auf seine nationale Souver\u00e4nit\u00e4t, verteidigt sich milit\u00e4risch und steht mit dem kapitalistischen Satan im Bunde. Also bitte. Noch Fragen?&#8230;. Das schlimmste an all dem ist, dass ich diese Person auch noch finanzieren. Ein handfester Skandal.<br \/>\n27.1.2020, A.R.<br \/>\n.<br \/>\nSie haben vergessen zu erw\u00e4hnen, da\u00df dieser \u201eKampf\u201c gegen Anitsemitismus obendrein zur Niederhaltung des politischen Gegners mi\u00dfbraucht wird.<br \/>\n27.1.2020, B.S.<br \/>\n.<br \/>\n<strong>Hallo Herr Broder, ich verstehe die israelische Regierung leider auch nicht.<\/strong><br \/>\nDa ja bekannt ist, wie Herr Steinmeier sich gegen\u00fcber den Despoten in Teheran und allen islamistischen F\u00fchren verh\u00e4lt, ist es schon absurd, jemanden wie Herrn Steinmeier zum Redner am Holocaust-Gedenktag einzuladen. Das gleiche gilt f\u00fcr den Zentralrat der Juden in Deutschland, den ich auch nicht verstehe. Entweder man erkennt die Gefahr die von den vielen Zugereisten ausgeht nicht, oder man will es einfach aus Appeasement-Gr\u00fcnden nicht wahrhaben. \u00dcber den Kommentar von Frau M\u00fcller vom HR braucht man wohl gar nichts mehr zu sagen.<br \/>\n27.1.2020, C.G.<br \/>\n.<br \/>\n<strong>Jeder Rechte hat eine Machete im Schrank?<\/strong><br \/>\nIst das nicht Alles nur eine Frage der Gr\u00f6\u00dfenordnung? \u201cNie wieder\u201d bezieht sich ausschliesslich auf die Gr\u00f6\u00dfenordnung von 6 Millionen. Doch nicht auf einige wenige Tausend gesteinigter Frauen und\/oder aufgeh\u00e4ngter Homosexueller. Pillepalle. ++ Achtgeben m\u00fcssen wir in diesem entgrenzten Siedlungsgebiet nur darauf, moslemische M\u00e4dchen nicht zu Hauf von Rechtsextremen vergewaltigen zu lassen und darauf, da\u00df ausl\u00e4ndisch aussehende Mitb\u00fcrger nicht von den Rechten die Treppen hinunter oder auf Bahngleise geschubst werden, oder, da ja jeder Rechte, wie Jeder wissen sollte, mindestens eine Machete zu Hause im Schrank hat, mittels deren Messern hingerichtet werden. \u201cWehret den Anf\u00e4ngen\u201d kann nur bedeuten, Rechtsextreme daran zu hindern, Parteitagsveranstaltungen der CDU oder der SPD verhindern zu wollen und die Hallenvermieter davor zu besch\u00fctzen, von diesen k\u00f6rperlich bedroht zu werden. Das scheint unsere Regierung ja schon gut im Griff zu haben &#8211; oder? ++<br \/>\nIn welcher Zeit leben Sie, Herr Broder? Dieser Planet w\u00e4re ein Paradies, g\u00e4be es die Rechten und die Juden nicht. Die Einen w\u00fcrden nicht mehr gegen den menschgemachten Klimawandel und gegen geringf\u00fcgige aber unvermeidbare Kollateralsch\u00e4den pesten und die Anderen die L\u00e4nder der Religion des Friedens nicht mehr mit ihren Atomwaffen bedrohen. Diese Botschaft mu\u00df nur in passende Worte verpackt werden. Dann kann man sich sogar der Zustimmung der Rechten und der Israelis gewi\u00df sein. Weil: Wer schweigt, stimmt zu. Die Einen schweigen, weil man ihnen die Stimme genommen hat, die Anderen aus H\u00f6flichkeit und\/oder weil sie es sich aufgrund ihrer \u00dcberlegenheit gegen\u00fcber den Dummdreisten glauben leisten k\u00f6nnen. Was m.E. ein Fehler ist.<br \/>\nWer reden k\u00f6nnte, es aber nicht tut, der unterst\u00fctzt den \u00fcberproportionalen Zuwachs der Dummdreisten.<br \/>\n27.1.2020, B.F., AO<\/p>\n<p>Video zu: Broders Spiegel: Die deutsche Holocaust-Vorstellung vom 27.1.2020<br \/>\n<a href=\"https:\/\/youtu.be\/uWf2K33eyig\">https:\/\/youtu.be\/uWf2K33eyig<\/a><\/p>\n<p><strong>Offener Brief an Sabine M\u00fcller (HR) von Simone Hofmann<\/strong><br \/>\n<em>\u201eEs reicht nicht aus, eine beeindruckende Rede zu halten\u201c<\/em><\/p>\n<p>Sehr geehrte Frau M\u00fcller,<br \/>\nhaben Sie die Gedenkfeier \u00fcberhaupt gesehen? Und auch alles verstanden? Es scheint mir, als sei das nicht Fall.<br \/>\nJa, der deutsche Bundespr\u00e4sident hat eine beeindruckende Rede gehalten. Aber beeindruckende Reden reichen halt nicht aus, wenn den Worten keine Taten folgen und die tats\u00e4chlichen Handlungen den gesagten Worten nicht entsprechen. Die Versprechen, die Deutschland immer sehr gerne in Bezug auf Israel gibt, werden von den Amerikanern erf\u00fcllt. Was, wenn Deutschland irgendwann wirklich zu diesen Versprechen stehen muss?<br \/>\nAls Israeli w\u00fcrden Sie auch nicht auf das vertrauen, was gesagt wird, sondern auf das, was getan wird.<br \/>\nIsrael kann sich eben nicht auf jeden verlassen, der lautstark und mit leeren Worten Dinge verspricht, von denen man, durch dessen Handlungen, ausgehen kann, dass das Gesagte niemals in die Tat umgesetzt wird.<br \/>\nWas haben Sie denn erwartet? Haben Sie erwartet, dass Israel erfreut ruft: \u201eJa, Iran zerst\u00f6re den j\u00fcdischen Staat\u201c?<br \/>\nHaben Sie erwartet, dass Israel den Pal\u00e4stinensern zuruft: \u201eWir freuen uns, werft mehr Raketen auf uns ab?\u201c<br \/>\nHaben Sie im Ernst gedacht, dass sich Juden mit gesenktem Haupt der Welt pr\u00e4sentieren? Hier hat sich ein stolzes Israel pr\u00e4sentiert, das dem Holocaust gedenkt, aber gleichzeitig sagt: \u201eMit uns nie wieder! Und ja, wir k\u00f6nnen uns wehren! Und wir werden das auch tun!\u201c<\/p>\n<p>Genau damit haben Sie ganz offensichtlich ein Problem. Juden, die stolz und selbstbewusst auftreten und sich wehren k\u00f6nnen, sind f\u00fcr Sie wohl ein ungewohnter Anblick. Schade, dass Sie offensichtlich den Sinn des Gedenkens an den Holocaust \u00fcberhaupt nicht begriffen haben.<br \/>\nEs reicht eben nicht aus, sich mit betretenem Gesicht zu pr\u00e4sentieren, eine beeindruckende Rede zu halten und dann wieder zur Tagesordnung \u00fcberzugehen. Der Antisemitismus ist allgegenw\u00e4rtig und auch ich ertappe mich dabei, dass ich die Kette mit dem Davidstern, die ich stets trage, in manchen Situationen verdecke, weil ich Angst habe, als J\u00fcdin erkannt zu werden. Ist das f\u00fcr Sie normal? F\u00fcr mich nicht.<br \/>\nIch bin unendlich dankbar, dass wir Juden, egal wo wir auf der Welt leben, heute Israel haben und dieses Land f\u00fcr uns alle unsere Lebensversicherung ist. Was Sie hier in Ihrem Kommentar behaupten, zeigt mir einfach, dass Sie \u00fcberhaupt nicht begriffen haben, worum es geht, was auch ihre Wortwahl klar zum Ausdruck bringt.<br \/>\nSchade, denn wenn man alles richtig verstanden hat und den Sinn der Gedenkfeier begriffen hat, dann kann man nur sagen, dass Israel eine wunderbar w\u00fcrdige Gedenkfeier organisiert hat. Schade, dass Sie so gar nichts verstanden haben.<br \/>\nMit freundlichem Gru\u00df,<br \/>\nSimone Hofmann, Frankfurt<br \/>\n&#8230; Alles vom 25.1.2020 bitte lesen auf<br \/>\n<a href=\"https:\/\/tapferimnirgendwo.com\/2020\/01\/25\/es-reicht-nicht-aus-eine-beeindruckende-rede-zu-halten\/#comments\">https:\/\/tapferimnirgendwo.com\/2020\/01\/25\/es-reicht-nicht-aus-eine-beeindruckende-rede-zu-halten\/#comments<\/a><br \/>\nbzw.<br \/>\n<a href=\"https:\/\/www.tichyseinblick.de\/meinungen\/es-reicht-nicht-aus-eine-beeindruckende-rede-zu-halten\/\">https:\/\/www.tichyseinblick.de\/meinungen\/es-reicht-nicht-aus-eine-beeindruckende-rede-zu-halten\/<br \/>\n<\/a>\u00a0.<br \/>\nEinige Kommentare:<br \/>\n<strong>Was die ARD da von sich gab, ist kein Ausrutscher,<\/strong><br \/>\nkein Fehler und keine Unachtsamkeit, auch kein Nichtwissen oder schlichte Dummheit, sondern System. Als deutscher B\u00fcrger sch\u00e4me ich mich f\u00fcr Linksdeutschland, seine uns\u00e4glichen Politiker und seine uns\u00e4glichen Medien. Am sichersten vor Deutschland und seinen islamistischen Freunden ist man wohl als Staatsb\u00fcrger Israels in Israel. Wom\u00f6glich auch eine Alternative f\u00fcr junge Deutsche, die die linke und islamistische Radikalisierung Deutschlands nicht ertragen wollen.<br \/>\n28.1.2020, S.M.<br \/>\n.<br \/>\n<strong>Es ist eine elende Schande, dass heute in unserem Land \u2013 wirklich noch unser Land? \u2013<\/strong><br \/>\nunsere j\u00fcdischen Mitb\u00fcrger wieder beleidigt, bedroht und gemordet werden. Doch vor allem ist es eine Schande f\u00fcr die Merkel-Regierung und deren Staatsapparat. Die Welt wird nicht vergessen \u2013 weder den Holocaust noch all das, wof\u00fcr wir uns heute sch\u00e4men m\u00fcssen. Deutsche Besserwisserei, Schulmeisterei, politischer Dilettantismus und nun auch noch Klimahysterie verbunden mit den Widerspr\u00fcchen von Wort und Tat, von Gesetz und Lebenswirklichkeit.<br \/>\n28.1.2020, Herb<br \/>\n.<br \/>\n<strong>Linke Deutsche m\u00f6gen das nicht: Juden, die stolz und selbstbewusst auftreten<\/strong><br \/>\n\u201eGenau damit haben Sie ganz offensichtlich ein Problem. Juden, die stolz und selbstbewusst auftreten und sich wehren k\u00f6nnen, sind f\u00fcr Sie wohl ein ungewohnter Anblick.\u201c<br \/>\nEs gibt ein bestimmtes Grundmuster bei den Linksgr\u00fcnen: Durch sie bestimmte Opfergruppen, haben sich auch gef\u00e4lligst wie Opfer zu verhalten, mithin solche zu bleiben. Stolzes und selbstbewusstes Verhalten passt mit diesem Grundmuster nicht zusammen, da es Emanzipation bedeutet. Im Gegenteil: Eine Opfergruppe, die sich so verh\u00e4lt und infolge nat\u00fcrlich kein Opfer mehr sein kann, entzieht den Linksgr\u00fcnen ihre Gesch\u00e4ftsgrundlage. Diese besteht aus einem von ihnen zwangsverordneten \u201eF\u00fcrsorgegesch\u00e4ftsmodell\u201c, welches zu diesem Zwecke enorme Ressourcen, die wiederum von anderen erarbeitet werden m\u00fcssen, einfordert. F\u00e4llt nun eine Opfergruppe weg, f\u00e4llt eine S\u00e4ule des von ihnen installierten Umverteilungsapparats, von dem sie sich ihren Lebensunterhalt nicht zu knapp abschneiden, weg. Als nicht unbedeutender Nebeneffekt kommt hinzu, dass die Linksgr\u00fcnen wegen des teilweisen Wegfalls ihrer parasit\u00e4ren Gesch\u00e4ftsgrundlage insoweit nicht mehr von sich behaupten k\u00f6nnen, die \u201ebesseren Menschen\u201c, also moralisch h\u00f6herstehend zu sein.<br \/>\nLinksgr\u00fcne brauchen immerw\u00e4hrend m\u00f6glichst viele Opfer, die sie auf Kosten anderer zwangsumsorgen k\u00f6nnen, um auf diese Weise immanent von der durch sie aufgrund angeblicher moralischer \u00dcberlegenheit selbst organisierten Umverteilung m\u00f6glichst gut leben zu k\u00f6nnen. Die gr\u00f6\u00dfte von den Linksgr\u00fcnen zu Opfern ernannte Gruppe, sind \u00fcbrigens die sogenannten \u201eVerbraucher\u201c. Die d\u00fcrfen die ihnen aufgedr\u00e4ngte Bereicherung in Form von staatlicher Zwangsf\u00fcrsorge dann auch gleich selbst bezahlen.<br \/>\n28.1.2020, St.B.<br \/>\n.<\/p>\n<p><strong>Was erlauben Israel?<\/strong><br \/>\nSabine M\u00fcller vom Hessischen Rundfunk ist tief entt\u00e4uscht \u00fcber den unw\u00fcrdigen Umgang Israels mit dem Holocaust. In einem Kommentar f\u00fcr das ARD-Hauptstadtstudio stellt Sabine M\u00fcller fest: <em>\u201eAn Bundespr\u00e4sident Steinmeier lag es nicht: Der Gedenktag in Yad Vashem wurde von den egoistischen Auftritten Israels und Russlands \u00fcberschattet. Eine vertane Chance im Kampf gegen Antisemitismus.\u201c<\/em> Sabine M\u00fcller ist \u201etraurig\u201c, dass es in Jerusalem mit dem \u201ew\u00fcrdigen Gedenken\u201c nicht \u201egeklappt hat\u201c, erkl\u00e4rt aber auch, dass das mit dem Nichtklappen nicht an der deutschen Seite gelegen hat. Wenn Deutschland etwas macht, dann gr\u00fcndlich: <em>\u201eJa, vieles war w\u00fcrdig und \u00fcberzeugend, und dazu hat der deutsche Bundespr\u00e4sident Frank-Walter Steinmeier beigetragen.\u201c<\/em><br \/>\nJa, Deutschland wei\u00df, wie es geht. Am deutschen Wesen soll die Welt genesen. Zu Deutschlands Beitrag sagt Sabine M\u00fcller: \u201eDas war w\u00fcrdig.\u201c Israel aber benahm sich laut Frau M\u00fcller unw\u00fcrdig: \u201eUnw\u00fcrdig war dagegen, wie Israel und Russland diesen Gedenktag teilweise kaperten. Wie sie vor der offiziellen Veranstaltung sozusagen ihre eigene politische und erinnerungspolitische Privatparty feierten.\u201c Sabine M\u00fcller behauptet, Israel habe das Gedenken \u201egekapert\u201c und eine unw\u00fcrdige \u201ePrivatparty\u201c daraus gemacht.<br \/>\n&#8230;.<br \/>\nFrau M\u00fcller, es ist im hohen Ma\u00dfe respektlos, wenn eine deutsche Journalistin einer j\u00fcdischen Regierung in einem j\u00fcdischen Staat vorwirft, den Opfern des Holocausts nicht w\u00fcrdig zu gedenken und sogar unterstellt, aus dem Gedenken eine \u201ePrivatparty\u201c zu machen.<br \/>\n<em><strong>Ihr Kommentar klingt in etwa so:<\/strong><\/em><br \/>\n<em><strong>\u201eWas erlauben Israel? Wir Deutschen haben nicht \u00fcber sechs Millionen Juden ermordet, damit jetzt in einem Land, in dem \u00fcber sechs Millionen Juden leben, so unw\u00fcrdig damit umgegangen wird. Etwas mehr Respekt vor Deutschland. Wir nehmen die Dinge noch ernst! Wir haben den Holocaust ernstgenommen und jetzt nehmen wir das Gedenken ernst. Das lassen wir uns weder von Juden, noch von irgendwelchen dahergelaufenen Russen kaputt machen. Daf\u00fcr hat mein Land nicht sechs Millionen Juden umgebracht!\u201c<\/strong><\/em><br \/>\nJa, Frau M\u00fcller, so in etwa klingt Ihr Kommentar.<br \/>\n.<br \/>\nEs gibt zwei verschiedene Formen der Erinnerung. Die einen gedenken, weil sie nicht vergessen wollen und die anderen gedenken, weil sie nicht vergessen k\u00f6nnen.<br \/>\nWer nicht vergessen kann, weil es Teil der eigenen schmerzhaften Geschichte ist, gedenkt nicht, weil er sich davon etwas verspricht, er gedenkt, weil er nicht anders kann, weil das Erinnern ein Schrei ist aus Schmerz, Wut und Unverst\u00e4ndnis.<br \/>\nWer aber nicht vergessen will, der erhofft sich aus dem Gedenken ein Profit und sieht die Erinnerung als Chance, etwas daraus zu lernen.<br \/>\nWas aber soll es aus dem Holocaust zu lernen geben? Dass Menschen zu grausamen Ungeheuerlichkeiten in der Lage sind? Dass man Menschen nicht millionenfach vergast? Dass Juden auch Menschen sind? Dass man lieb zueinander sein sollte? Dass man sich wehren darf, wenn man verfolgt wird? Dass man Menschen, die andere Menschen vergasen, den Krieg erkl\u00e4rt? Dass man wahnsinnige Menschen mit allen Mitteln entwaffnet? Dass man judenfeindliche Regime nicht im Namen des deutschen Volkes zum 40. Jubil\u00e4um gratuliert, wie es Bundespr\u00e4sident Steinmeier mit dem iranischen Regime getan hat? All das sollte man auch ohne Holocaust wissen. Der Holocaust ist keine Nachhilfestunde f\u00fcr moralisch Sitzengebliebene. Das Gedenken an den Holocaust ist keine Chance auf eine Verbesserung der Welt. Der Holocaust ist ein unvergessbares und unverzeihliches Verbrechen, aus dem es nichts zu lernen gibt.<br \/>\n&#8230; Alles vom 25.1.2020 von Gerd Buurmann bitte lesen auf<br \/>\n<a href=\"https:\/\/tapferimnirgendwo.com\/2020\/01\/24\/was-erlauben-israel\/\">https:\/\/tapferimnirgendwo.com\/2020\/01\/24\/was-erlauben-israel\/<\/a><br \/>\n.<br \/>\nKommentare:<br \/>\n<strong>Lieber Herr Buurmann,<\/strong><br \/>\nSie wissen es einfach immer wieder auf den Punkt zu bringen, was an Deutschland nicht stimmt. Das ist Qualit\u00e4tsjournalismus, im Gegensatz zu diesem uns\u00e4glichen Stuss, den Frau M\u00fcller pr\u00e4sentiert. Nochmals danke, und auf dass Sie noch lange weiterschreiben!<br \/>\n25.1.2020, A.F.<br \/>\n.<br \/>\n<strong>Dieses Instrumentalisieren des Holocaust f\u00fcr die eigene politische Agenda<\/strong><br \/>\n\u201eFast m\u00f6chte man annehmen, sie denkt: Daf\u00fcr hat mein Land nicht sechs Millionen Juden umgebracht.\u201c Hammerhart auf den Punkt gebracht, ich bin fast vom Stuhl gefallen, als ich das gelesen hab.<br \/>\nAber genau diese \u00fcberhebliche, dumme Arroganz, dieses permanente Instrumentalisieren des Holocaust f\u00fcr die eigene politische Agenda \u2013 was man\/frau ja ach so gerne der \u201eGegenseite\u201c vorwirft \u2013 ist das alte und neue Grund\u00fcbel in unserer Gesellschaft! Es wurde nichts gelernt, gar nichts!!<br \/>\n25.1.2020, B.K.<br \/>\n.<br \/>\n<strong>&#8230; da erkennen sogar die, die Nichtjuden sind &#8230;<\/strong><br \/>\nEs ist mit diese Frau M\u00fcller, dass man nicht schwer zu entdecken, woher bei ihr der Wind pfeift\u2026 ist etwas wie wenn Obama ein bayerische Dirndl anzieht und laut zujubelt in englisch dass er ein bayrische Madl sei\u2026<br \/>\nalso da erkennen sogar die Berliner, dass da was wohl nicht stimmt\u2026 So ist es auch mit diese Frau M\u00fcller.. ich denke, dass da erkennen sogar die, die Nichtjuden sind.. dass da wohl um \u2026.. !!!<br \/>\n24.1.2020, Tiqvah Bat Shalom<br \/>\n.<br \/>\n<strong>Einzigartige Niedertracht, der \u00d6R sorgt wieder f\u00fcr neue Ma\u00dfst\u00e4be<\/strong><br \/>\n. Daf\u00fcr bin ich sogar ein wenig dankbar. Eine nicht ganz helle Dame ver\u00e4rgert ausspricht, wie es in ihr denkt, und die Redakteure lassen dies durchgehen, weil sie eben alle dort genauso ticken. Es ist besser, wenn Eiter von alleine rauskommt, selbst als Betriebsunfall, ungewollt. Es ist noch ein gutes Argument, den Laden genauer anzuschauen und \u00fcber \u201eDemokratieabgabe\u201c zu diskutieren.<br \/>\n24.1.2020, Paa<br \/>\n.<br \/>\nWir sind halt Mustersch\u00fcler<br \/>\nHolocaust-Gedenken: Am linksgr\u00fcnen deutschen Wesen soll die Welt genesen! https:\/\/justpaste.it\/3jqsh<br \/>\nDas erinnert mich an den katholischen Priester der mir in Yad Vashem gesagt hat, was denkst du von der Behandlung der Pal\u00e4stinenser durch die israelische Armee, wenn wir gerade hier sind? (Ich f\u00fchre Touristen durch Israel und auch in Yad Vashem) Die deutsche \u00dcberheblichkeit: \u201ewir haben unsere Schulaufgaben gemacht, wir wissen was der Holocaust ist und jetzt predigen wir der ganzen Welt, was sie zu tun haben. Wir sind halt Mustersch\u00fcler und Wirtschaftswunderkinder! Hallelujah!<br \/>\n24.1.2020, Jacqueline R.<\/p>\n<p>&nbsp;<\/p>\n<p>.<\/p>\n<p>&nbsp;<\/p>\n<p><strong>Bundespr\u00e4sident Steinmeier in Yad Vashem: Publicity statt Schweigen<\/strong><br \/>\nBundespr\u00e4sident Steinmeier hat in Yad Vashem gestern nicht geschwiegen. Das hat ein anderer Pr\u00e4sident vor ihm. Ich sch\u00e4me mich f\u00fcr Steinmeier. W\u00e4re nur Roman Herzog seligen Angedenkens dort gewesen. Er h\u00e4tte wohl in W\u00fcrde geschwiegen \u2013 und keinen Publicity-Stunt gegeben. Wirklich unfassbar ist aber, was Tagesschau.de dann anschlie\u00dfend aus dem Steinmeier-Besuch machte.<br \/>\n&#8230; Alles vom 24.1.2020 von Carl Christian Jancke bitte lesen auf<br \/>\n<a href=\"https:\/\/www.achgut.com\/artikel\/bundespraesident_in_yad_vashem_publicity_statt_schweigen\">https:\/\/www.achgut.com\/artikel\/bundespraesident_in_yad_vashem_publicity_statt_schweigen<\/a><br \/>\n.<br \/>\nEinige Kommentare:<br \/>\n<strong>tagesschau-Kommentar: Wie aus dem Lehrbuch des Antisemitismus!<\/strong><br \/>\nDen offen antisemitischen Kommentar von Frau Sabine M\u00fcller hatte ich gar nicht mitbekommen, weil ich selbstverst\u00e4ndlich nie die Deutsche Wochensch\u2026 \u00e4h Tagesschau gucke. Unfassbar, wie verkommen dieses Land mittlerweile ist. \u201cDie Juden haben eine Chance gegen den Antisemitismus vertan &#8211; die Juden sind selber schuld am Antisemitismus\u201d &#8211; wie aus dem Lehrbuch, und dann auch noch zwangsfinanziert von meinem Geld.<br \/>\n24.1.2020, J.N.<br \/>\n.<br \/>\n<strong>Es ist einmalig in der Welt, dass eine Regierung das eigene Staatsvolk \u00fcberall in der Welt schlecht macht<\/strong>.<br \/>\nEs ist ja nicht nur Steinmeier allein, der die Deutschen immer noch als Nazis sieht und das auch noch \u00fcberall herumerz\u00e4hlt. Merkel und viele andere diffamieren immerzu diejenigen, die ihre Geh\u00e4lter bezahlen, die sich auf der Arbeit krummlegen, damit diese Herrschaften in Saus und Braus leben k\u00f6nnen. Zum Dank daf\u00fcr, werden wir noch vor der ganzen Welt\u00f6ffentlichkeit schlecht gemacht. Muslime k\u00f6nnen Juden in Deutschland schlagen, ermorden, beschimpfen. Es interessiert weder Frau Merkel noch Herrn Steinmeier. Im Gegenteil, alle Schandtaten von Muslimen h\u00e4ngt man uns Deutschen an. Derweil schwarwenzelt unsere Obrigkeit um das Regime von Teheran herum, treten nicht f\u00fcr die Demonstranten dort ein, lassen die Frauen dort allein, die f\u00fcr ihre Freiheit demonstrieren. Man ist auf der Seite der Mullahs. Pfui Deibel noch mal. So wie Steinmeier der Opfer gedenkt, gedenkt man nicht Opfern in der Vergangenheit. Jedes Gedenken sollte einen Weg nach vorn zeigen. Deutschland aber, schaut immer nur zur\u00fcck und macht sich damit selbst unm\u00f6glich.<br \/>\n24.1.2020, Petra W.<br \/>\n.<br \/>\n<strong>&#8222;&#8230; you remain a partner in 21st century Nazism\u201c<\/strong><br \/>\nSteven Rose kommentierte als Leser die Rede perfekt in der Times of Israel. Da lese ich \u201d &#8230;.Yes, Mr President ,we really appreciate your kind words and your presence in our capital, Jerusalem, but until Germany turns off the money supply to those who target Jews for being Jews, you remain a partner in 21st century Nazism. \u201c<br \/>\nIch verstehe das auf Deutsch wie folgt: \u201d&#8230;Ja, Herr President, wir sch\u00e4tzen wirklich Ihre freundlichen Worte und Ihre Gegenwart in unserer Hauptstadt Jerusalem, aber solange Deutschland nicht aufh\u00f6rt, jene zu unterst\u00fctzen, die Juden deshalb angreifen, weil sie Juden sind, solange bleibt man leider ein Komplize des Nazismus des 21 sten Jahrhunderts\u201d<br \/>\n24.1.2020, Gabriele K.<br \/>\n.<br \/>\n<strong>Israel ist nicht die Moralpuppe der Deutschen!<\/strong><br \/>\nIch werde Israel nie verstehen, warum es sich zur Marionette der L\u00e4uterungsshow der Deutschen herabw\u00fcrdigt und in Yad Vashem daf\u00fcr noch eine B\u00fchne unterh\u00e4lt. Holocaust\u00fcberlebende f\u00fcr eine protestantische Moralveranstaltung \u201cdienstverpflichten\u201d ist nicht eine L\u00e4uterung, sondern die Weiterf\u00fchrung der Objektsbetrachtung: Der Mensch als Objekt F\u00dcR deutsche Zwecke der Politik, ob bei der AFA, der IG Farben oder heute f\u00fcr die Tagesthemen.<br \/>\nUm den Menschen und sein Innerstes geht es bei den Deutschen nie. Wenn es einem Deutschen daran l\u00e4ge, w\u00fcrde er so einen alten Menschen privat einladen, ohne Presse und sich abendelang in die Geschichte versenken &#8211; um sie besser zu verstehen, aus ganz eigenen Gr\u00fcnden. Statt dessen geschieht alles f\u00fcr die Presse, f\u00fcr die Entourage und die Berichterstattung der Bundeskanzlei. Israel ist nicht die Moralpuppe der Deutschen ! Israel hat nicht die Funktion als Sklave der deutschen Moral zu dienen und sich hierf\u00fcr ver-dingen zu lassen. Aber genau das passiert. Das Gedenken wird zu einer deutschen Option der Macht und die Macht der Moral wird ausgetragen in dieser ausw\u00e4rtigen Beziehung. Erst haben die Juden f\u00fcr die deutschen in den Fabriken arbeiten m\u00fcssen, heute m\u00fcssen sie f\u00fcr sie moralisch arbeiten &#8211; Unterwerfung unter den deutschen Willen ist beides &#8211; um die Toten geht es nie, es sei denn in einem Nie\u00dfbrauch f\u00fcr den guten Lack. Die deutsche Au\u00dfenpolitik ist heuchlerisch und geschmacklos.<br \/>\n24.1.2020, J.SCH<br \/>\n.<br \/>\n<strong>Schabbat Shalom<\/strong><br \/>\nMan darf sich \u00fcberhaupt nicht mehr wundern. Ein Bundespr\u00e4sident, der noch vor kurzer Zeit das Regime in Teheran gelobt hat und seine Repr\u00e4sentanten empfangen hat, der gibt sich jetzt daf\u00fcr her, die Toten in Auschwitz zu beweinen. Hat dieser Mensch noch eine Moral, wenn er einem Regime zu jubelt, das den erneuten Genozid von Juden fast t\u00e4glich zu Staatsr\u00e4son propagiert.?? erst k\u00fcrzlich hat einer der f\u00fchrenden Mullahs ,ich glaube es war am Montag, erneut mit der Ausradierung von Israel auf der Landkarte gedroht.<br \/>\nDas kann er machen, da ihm kein westlicher Politiker widerspricht. Und wenn die Journalisten von heute das auch so sehen, dann ist es deren sekund\u00e4rer Antisemitismus, der hier durchschl\u00e4gt. Dass die Russen, genauer eigentlich die Ukrainer (es war eine ukrainische Brigade, die Auschwitz befreite)diese B\u00fchne mehr zusteht als den deutschen oder den Franzosen, das d\u00fcrfte eigentlich klar sein. In Frankreich sind in den letzten Jahren Dutzende von Juden ermordet worden, wobei die T\u00e4ter allesamt aus einer bestimmten,doch so friedlichen Religion stammten.Inzwischen findet der Zentralrat der franz\u00f6sischen Juden (CRIF) daf\u00fcr aber deutliche Worte, was man von seinem bundesrepublikanischen \u00c4quivalent nicht gerade behaupten kann. Schabbat Shalom<br \/>\n24.1.2020 J.K<br \/>\n.<br \/>\n<strong>Welche Kinder bespucken j\u00fcdische Kinder auf dem Schulhof?<\/strong><br \/>\nBesonders erschreckend ist doch, dass der Herr Bundespr\u00e4sident insinuiert, die Deutschen h\u00e4tten aus der Vergangenheit nicht wirklich gelernt. Damit behauptet er doch, dass hier immer noch oder wieder zahlreiche Nazis herumlaufen. Eine absurde Verleumdung. Als Beleg f\u00fchrt er an, dass j\u00fcdische Kinder auf dem Schulhof bespuckt werden. Welche Kinder verhalten sich so? Meine jedenfalls nicht. K\u00f6nnte sich um ein importiertes Problem handeln. Der rechtsradikale Antisemit aus Halle soll der zweite Beleg sein. Ist dieser Irre auch nur ansatzweise repr\u00e4sentativ f\u00fcr das Deutschland, welches der Bundespr\u00e4sident zu vertreten hat?<br \/>\n24.1.2020, T.M.<br \/>\n&#8230; . Kein Wort zu dem Import von muslimischem Antisemitismus<br \/>\nDer Steinmeier-Auftritt ist an Verlogenheit kaum zu \u00fcberbieten. Kein Wort zu dem auch von seiner Partei zu verantwortendem massenhaften Import von muslimischem Antisemitismus . Kein Wort dazu , dass der \u201d F\u00fchrer \u201d schon den Gro\u00dfmufti von Jerusalem mit der \u201d Endl\u00f6sung der Judenfrage \u201d in Pal\u00e4stina beauftragt hatte , Steinmeier leistet durch seine Appeasement &#8211; Politik gegen\u00fcber dem Mullah &#8211; Regime Beihilfe zur \u201d Endl\u00f6sung der Israeifrage \u201d . Einfach ekelhaft !<br \/>\n24.1.2020, H.K.<br \/>\n.<br \/>\n<strong>Zitat Steinmeier (not my president):<\/strong><br \/>\n\u201eDie b\u00f6sen Geister zeigen sich heute in neuem Gewand. Mehr noch: Sie pr\u00e4sentieren ihr antisemitisches, ihr v\u00f6lkisches, ihr autorit\u00e4res Denken als Antwort f\u00fcr die Zukunft, als neue L\u00f6sung f\u00fcr die Probleme unserer Zeit.\u201c Mit dieser Aussage hat er leider Recht. Die Frage ist, an wen er dabei denkt. Aber welch ein Gl\u00fcck, dass es im Schloss Bellevue offenbar keine Spiegel gibt.<br \/>\n24.1.2020, M.ST<br \/>\n.<br \/>\n<strong>Wenn ich in DE bin, hole ich jeden Morgen einer \u00e4lteren Dame die Zeitung aus dem Briefkasten.<\/strong><br \/>\nIn diesem Fall die M\u00e4rkische Allgemeine, vormals Kampfblatt der Bezirksleitung der SED Potsdam, jetzt organisatorisch und wenn ich die Schlagzeilen \u00fcberfliege auch ideologisch in den H\u00e4nden der SPD. Heut stand neben Spaltmeier eine Schlagzeile \/ Zitat: \u201cEs ist dasselbe B\u00f6se\u201d, \u00b4Ja, stimmt`, habe ich so gedacht. Die Sicht der Tagesschau, dass Israel die Chance verpasst hat, etwas gegen Antisemitismus zu unternehmen, ist\u2026 wo sind die Kotzt\u00fcten, wenn man sie braucht. Irgendwo habe ich es schon mal gelesen, dass die Juden dran schuld sind.<br \/>\n24.1.2020, J.TH<br \/>\n.<br \/>\nSteinmeier &#8211; und das ist eigentlich schrecklich, instrumentalisiert den Holocaust, um selbst daraus f\u00fcr seine Genossen Honig saugen zu wollen. Sich dem Antisemitismus in den Weg zu stellen, sollte zur DNA jedes Bundespr\u00e4sidenten geh\u00f6ren. Den Antisemitismus einer einzelnen Partei und Richtung zuzuweisen, und das auch noch in Israel sogar in Yad Vashem, w\u00e4hrend das riesige Tor des importierten Antisemitismus, die Begeisterung f\u00fcr den Iran oder der als \u201eIsraelkritik\u201c oder Kritik am \u201eWeltkapital\u201c getarnte Antisemitismus der Genossen v\u00f6llig unter den Tisch f\u00e4llt, der nach etlichen Studien zusammen mit Muslimen das bei weitem gr\u00f6\u00dfte Problem in Deutschland darstellt, ist niedertr\u00e4chtig.<br \/>\n24.1.2020, A.W.<br \/>\n.<br \/>\n<strong>Steinmeier h\u00e4tte, wenn er unbedingt reden wollte, sich daf\u00fcr entschuldigen m\u00fcssen<\/strong>,<br \/>\ndass seine Partei Koalitionen mit einer Partei eingeht, die schlimmste antisemitische Abgeordnete aufstellt, wie zum Beispiel Str\u00f6bele, der anl\u00e4sslich des ersten Golfkrieges, mit dem Israel nichts zu tun hatte, den Raketenschutz f\u00fcr den bedrohten Staat mit den Worten verhindern wollte: \u201cWenn ich eine Eskalation des Krieges damit verhindern k\u00f6nnte, dass 1 Million Juden sterben m\u00fcssten, w\u00fcrde ich das in Kauf nehmen\u201d (Spiegel 18\/91). Selbst sein \u201cParteifreund\u201d Konrad Weiss bezeichnete ihn auf einer Veranstaltung als schlimmen Antisemiten, der schon das Wort Jude nur mit Hass ausspreche. Str\u00f6beles Kumpan Kunzelmann, mehrfach vorbestraft, ebenfalls nat\u00fcrlich Abgeordneter in Berlin, war sogar noch einen Zahn sch\u00e4rfer und ihm wird so Ungeheuerliches vorgeworfen, dass die sonst so beredten Medien dazu lieber schweigen. Der eine wird als \u201cB\u00fcrgerrechtler\u201d bezeichnet und der andere war ja soooo lustig.<br \/>\n24.1.2020, H.J.<br \/>\n.<br \/>\n<strong>Yad Vashem ist ist ein Ort der tiefen Trauer, ja des Grauens.<\/strong> Deutsche sollten dort in sich gehen, sich sch\u00e4men und einfach nur die Schnauze halten. &#8230; Mir hat es die Sprache verschlagen, wie diese peinliche Figur den Holocaust-Gedenktag in Yad Vaschem missbraucht hat! Alle wissen, dass er mit den \u00e4rgsten, den aggressivsten Feinden Israels paktiert. Voller Scham gebe ich zu Protokoll: Dieser Profi-Heuchler ist nicht mein Pr\u00e4sident.<br \/>\n24.1.2020, A.R.<br \/>\n.<br \/>\nDurch eine lange Reihe von scheinbar beil\u00e4ufig gemachten Bemerkungen (Beispiel: Feine Sahne) hat Frank-Walter Steinmeier \u00fcber die Jahre wahrscheinlich mehr AfD-W\u00e4hler induziert als mancher gr\u00fcner Krakeeler in seinem Tschenderwahn. Ich halte ihn trotzdem f\u00fcr einen der \u201ewertvollsten Politiker\u201c. Steinmeier hat den Kandidaten Trump einen \u201cHassprediger\u201d genannt, noch heute auf der BRD-Agenda. Das hat Steinmeier in den USA ein generelles Hausverbot eingebracht, er wurde nach dem Sieg Trumps zur Lame Duck, die niemand empf\u00e4ngt.<br \/>\nEs ist wohl die perfideste Folge des Merkel\/Steinmeier-Staates, dass Deutschland f\u00fcr Juden unbewohnbar wird. Die pathologische Toleranz (dem immanent obsz\u00f6n intoleranten Islam gegen\u00fcber), aber auch pathologische Intoleranz quer durch alle Altparteien gegen\u00fcber Israel. Und als Sahneh\u00e4ubchen der Widerw\u00e4rtigkeit stellen sich die Verursacher der Misere hin, und suchen die Schuld bei (immer denselben) anderen. Daran \u00e4ndert seine Rede in YAD VASCHEM nichts. M.f.G.<br \/>\n24.1.2020, D.B.<br \/>\n.<br \/>\n<strong>Roman Herzog:<\/strong><br \/>\n\u201cDies ist ein Ort des Schreckens, des Erinnerns und der Trauer &#8211; nicht der Publicity.\u201d Wer im vorliegenden Kontext mehr dazu sagt redet nur dar\u00fcber und sollte besser schweigen. Siehe <a href=\"https:\/\/www.spiegel.de\/spiegel\/print\/d-9158591.html\">https:\/\/www.spiegel.de\/spiegel\/print\/d-9158591.html<br \/>\n<\/a>24.1.2020, K.M.<br \/>\n<strong>Historiker Wolffsohn kritisiert Steinmeiers Rede in Israel &#8211; und neue Gedenkkultur\u00a0<\/strong><br \/>\nAls erstes deutsches Staatsoberhaupt durfte Frank-Walter Steinmeier in Yad Vashem sprechen. Dass der Bundespr\u00e4sident dabei &#8222;zu viele gro\u00dfe Worte&#8220; w\u00e4hlte, kritisiert der Historiker Michael Wolffsohn.<br \/>\n&#8222;Es sind zudem die immergleichen Worte, also deren Inflationierung. Damit werden sie wertlos. Kein Wunder, dass kaum noch jemand zuh\u00f6rt&#8220;, sagte Wolffsohn.<br \/>\n.<br \/>\nNeue Gedenkkultur in Deutschland gefordert. Auf das nach wie vor hohe Ma\u00df an Antisemitismus in Deutschland hat der Historiker eine eigene Erkl\u00e4rung:<br \/>\n<em><strong>&#8222;Dass es eben nicht nur den alten und neuen, immer antij\u00fcdischen Rechtsextremismus gibt,<br \/>\nsondern auch antisemitischen Linksextremismus und antisemitische Muslime&#8220;,<br \/>\n<\/strong><\/em>sagte Wolffsohn. Angesichts der Tatsache, dass rund ein Viertel der Deutschen heute einen Migrationshintergrund habe, fordert der Historiker eine neue Gedenkkultur n Dieutschland: &#8222;Die bisherige Gedenkkultur Deutschlands richtet sich nur an die Nachfahren der Deutschen, die das NS-Regime miterlebt, getragen und ertragen haben. Als ob etwa die muslimische Welt beim Judenmorden und im Zweiten Weltkrieg nicht mit den Hitler-Banden zusammengearbeitet h\u00e4tte&#8220;, sagte Wolffsohn.<br \/>\n&#8230; Alles vom 24.1.2020 bitte lesen auf<br \/>\n<a href=\"https:\/\/www.pnp.de\/nachrichten\/politik\/3582627_Historiker-Michael-Wolffsohn-kritisiert-Steinmeiers-Rede-in-Israel.html\">https:\/\/www.pnp.de\/nachrichten\/politik\/3582627_Historiker-Michael-Wolffsohn-kritisiert-Steinmeiers-Rede-in-Israel.html<\/a><br \/>\n.<br \/>\n<strong>Das Weltmoralhauptamt schenkt den Juden einen Kommentar<\/strong><br \/>\nOhne eine Tagesschau-Redakteurin w\u00fcssten wir nicht, dass Israel beinahe das Holocaust-Gedenken vermasselt h\u00e4tte. Was w\u00fcrde eigentlich aus der Welt, wenn das deutsche Fernsehen irgendwann nicht mehr sendet? Nicht auszudenken.<br \/>\nEs gibt Kommentare, die wie eine Erfindung klingen. Sicherlich, ein wohlmeinender deutscher Journalist ist per Definition ein Bescheidwissenschaftler mit der Lizenz, allen auf dem Erdenrund \u2013 die Angela Merkel und Robert Habeck einmal ausgenommen \u2013 Fehler, Irrt\u00fcmer und Dummheiten vorzuhalten. Insbesondere die Redakteure und Redakteurinnen aus dem ARD-Kommentarpool bilden eine Art Weltmoralhauptamt, f\u00fcr das thematische Grenzen nicht existieren. Aber der Tagesschau-Kommentar, in dem Sabine M\u00fcller vom ARD-Hauptstadtstudio die Israelis f\u00fcr deren egoistische und schlecht organisiert Holocaust-Gedenkfeier in Yad Vashem zur Rechenschaft zog, stellt doch etwas ganz Besonderes dar. Und zwar ein bisher nicht geschriebenes, aber jetzt eben doch existierendes und in der ARD-Mediathek abrufbares Ruhmesblatt in der Geschichte des \u00f6ffentlich-rechtlichen Rundfunks.<br \/>\n&#8230;.<br \/>\n\u201eUnw\u00fcrdig war dagegen, wie Israel und Russland diesen Gedenktag teilweise kaperten. Wie sie vor der offiziellen Veranstaltung sozusagen ihre eigene politische und erinnerungspolitische Privatparty feierten \u2013 mit [\u2026] dem demonstrativ \u00fcberlangen bilateralen Gespr\u00e4chen zwischen Ministerpr\u00e4sident Benjamin Netanyahu und Pr\u00e4sident Wladimir Putin. Wie sie die Einweihung eines Denkmals zur Erinnerung an die Belagerung Leningrads gnadenlos \u00fcberzogen, wie sie 90-j\u00e4hrige, 100-j\u00e4hrige Holocaust-\u00dcberlebende eine Dreiviertelstunde lang in Yad Vashem warten lie\u00dfen wie bestellt und nicht abgeholt \u2013 und dazu noch mehr als 40 Staats- und Regierungschefs.\u201c<br \/>\nIsrael kapert das Gedenken an die Shoa, es kapert \u00fcberhaupt Yad Vashem, feiert dort eine Privatparty, auf der es zugeht wie in der Judenschul. Und dann kommt noch Russland mit seinem Mahnmal f\u00fcr die etwa eine Million Toten, die bei der Belagerung von Leningrad starben. Gut, die Blockade endete am 27. Januar 1944, genau ein Jahr vor der Befreiung von Auschwitz, es gibt also einen doppelten Gedenktag \u2013 aber Leningrad ist ja nun wirklich, wie M\u00fcller feststellt, eine Angelegenheit, die nur Russen betrifft und h\u00f6chstens in deren erinnerungspolitischen Privatpartys ihren Platz h\u00e4tte.<br \/>\nBei dem \u201e\u00fcberlangen bilateralen Gespr\u00e4ch\u201c zwischen Netanjahu und Putin \u2013 und nur deutsche ARD-Mitarbeiter wissen, was angemessen und was \u00fcberlang ist \u2013 bei dem Gespr\u00e4ch also ging es \u00fcbrigens um die vorzeitige Freilassung der israelischen Yogalehrerein Naama Issachar, die als Transitreisende wegen eines Bagatellbesitzes von Haschisch in Russland zu mehr als sieben Jahren Haft verurteilt worden war.<br \/>\nAuf den Umstand, dass die Gedenkfeier 40 Minuten sp\u00e4ter begann als geplant, st\u00fctzt M\u00fcller ihren Kommentar faktisch. Aber eigentlich geht es ihr um etwas Grunds\u00e4tzliches, n\u00e4mlich um die Feststellung, dass Israel als j\u00fcdischer Staat nicht einfach das Holocaust-Gedenken f\u00fcr sich in Anspruch nehmen kann. So etwas gilt n\u00e4mlich als \u201enationales Eigeninteresse\u201c. Und das geht im 21. Jahrhundert nat\u00fcrlich nicht.<br \/>\n&#8230;.<br \/>\nWas die Juden und die von ihnen beinahe vermasselte Judenmord-Erinnerung in Israel angeht: Im kommenden Jahr sollte der Gedenktag am besten gleich unter deutscher Leitung stattfinden, damit sich so etwas nie wiederholt. Von Organisation versteht Deutschland immerhin noch ein bisschen, wenn auch nicht mehr ganz so viel wie vor achtzig Jahren.<br \/>\n&#8230; Alles vom 24.1.2020 von Alexander Wendt bitte lesen auf<br \/>\n<a href=\"https:\/\/www.publicomag.com\/2020\/01\/das-weltmoralhauptamt-schenkt-den-juden-einen-kommentar\/\">https:\/\/www.publicomag.com\/2020\/01\/das-weltmoralhauptamt-schenkt-den-juden-einen-kommentar\/<\/a><\/p>\n<p>.<\/p>\n<p><strong>Steinmeier: &#8222;Das gr\u00f6\u00dfte Verbrechen der Menschheitsgeschichte&#8220;<\/strong><br \/>\nFrank-Walter Steinmeier, unser momentan bester Bundespr\u00e4sident aller Zeiten, hat bei seiner Rede zum 75. Jahrestag der Befreiung von Auschwitz in Yad Vashem den Holocaust &#8222;das gr\u00f6\u00dfte Verbrechen der Menschheitsgeschichte&#8220; genannt. Nun wei\u00df ich zwar nicht, mit welchem Messger\u00e4t Herr Steinmeier, unter Br\u00fcdern auch Pahl-Rugensteinmeier gehei\u00dfen, die Massenmordgr\u00f6\u00dfe misst und ob er zum Beispiel den &#8222;Gro\u00dfen Sprung nach vorn&#8220;, den Holodomor, die Eroberung S\u00fcdamerikas durch die Spanier, die Bilanz des muslimischen Sklavereiimperiums in Afrika, den Mongolensturm oder die Taten der Assyrer zum Vergleich mitgemessen hat, aber es wird schon stimmen, der Mann hat ja auch exzellente Berater und Vorgesetzte. Au\u00dferdem: Wenn wir schon nicht mehr Fu\u00dfballweltmeister sind&#8230;<br \/>\n.<br \/>\nMit seiner Klassifikation verweist der Bundespr\u00e4sident freilich meinen Schwiegervater vom Rang hinunter ins Parkett. Zwar wurde dessen gesamte Familie von den Deutschen ausgel\u00f6scht, aber das geschah nicht explizit, weil man sie als Juden verfolgte, sondern w\u00e4hrend der Belagerung Leningrads. Als der Ring sich um die Stadt schloss, war mein Schw\u00e4her sechs Jahre alt; sp\u00e4ter fand man den Bub inmitten seiner verhungerten Angeh\u00f6rigen. Der Blockade fielen etwa eine Million Leningrader zum Opfer. Aber nicht durch das von Steinmeier ausgemessene gr\u00f6\u00dfte Verbrechen der Geschichte, sondern sie verhungerten praktisch nebenher und zweiter Klasse.<br \/>\n.<br \/>\nEin Volk, welches das Kreuz des gr\u00f6\u00dften Verbrechens der Menschheitsgeschichte tr\u00e4gt, hat eigentlich nichts mehr auf der Erde zu suchen. Insofern sollten die Deutschen heil-, nein: pudelfroh dar\u00fcber sein, dass sie \u00fcberhaupt noch existieren und sich bei der Klimarettung, der Afrikarettung und durch die Aufnahme m\u00f6glichst vieler Migranten zum letzten Mal bew\u00e4hren d\u00fcrfen. Darin besteht der tiefe Sinn des Steinmeierschen Selbstbezichtigungssuperlativs. Ist das verstanden worden?<br \/>\n.<br \/>\nAllerdings kam Steinmeier nicht um den Hinweis herum, dass sich Juden neuerdings in Deutschland wieder nicht mehr sicher f\u00fchlen, dass sie in der \u00d6ffentlichkeit beschimpft und t\u00e4tlich angegriffen werden, leider meistens von den Falschen. Hier verspricht aber rasche und konsequente Einb\u00fcrgerung Abhilfe. Dann darf der n\u00e4chste Bundespr\u00e4sident s\u00fcndenstolz verk\u00fcnden, dass s\u00e4mtliche Attacken auf Juden endlich wieder von Deutschen begangen werden.<br \/>\n&#8230; Alles vom 23.1.2020 bitte lesen auf <a href=\"https:\/\/michael-klonovsky.de\/acta-diurna\">https:\/\/michael-klonovsky.de\/acta-diurna<\/a><\/p>\n","protected":false},"excerpt":{"rendered":"<p>Home\u00a0&gt;Zukunft\u00a0&gt;Demokratie\u00a0&gt;Global\u00a0&gt;Deutschland\u00a0&gt;Deutsche-Kultur\u00a0&gt;Erinnerungskultur &gt;Auschwitz1945-2020 &nbsp; Listenauswahl eines Beitrags (Artikel\/Datum, Seite\/Inhalt):\u00a0Klicken\u00a0oder scrollen Linksradikale wollen in Buchenwald gegen Israel demonstrieren (22.2.2026) Habeck in Auschwitz \u2013 Die Schmutzigen, die H\u00e4sslichen und die Gemeinen 2025\u00a0(31.1.2025) Holocaust: Zeitzeugen anh\u00f6ren\u00a0(29.1.2025) Frank-Walter Steinmeier am 13.2.2022 mit nur 73 % &hellip; <a href=\"https:\/\/www.freiburg-schwarzwald.de\/blog\/kultur\/erinnerungskultur\/auschwitz1945-2020\/\">Weiterlesen <span class=\"meta-nav\">&rarr;<\/span><\/a><\/p>\n","protected":false},"author":2,"featured_media":0,"parent":71360,"menu_order":0,"comment_status":"open","ping_status":"closed","template":"","meta":{"footnotes":""},"class_list":["post-78564","page","type-page","status-publish","hentry"],"_links":{"self":[{"href":"https:\/\/www.freiburg-schwarzwald.de\/blog\/wp-json\/wp\/v2\/pages\/78564","targetHints":{"allow":["GET"]}}],"collection":[{"href":"https:\/\/www.freiburg-schwarzwald.de\/blog\/wp-json\/wp\/v2\/pages"}],"about":[{"href":"https:\/\/www.freiburg-schwarzwald.de\/blog\/wp-json\/wp\/v2\/types\/page"}],"author":[{"embeddable":true,"href":"https:\/\/www.freiburg-schwarzwald.de\/blog\/wp-json\/wp\/v2\/users\/2"}],"replies":[{"embeddable":true,"href":"https:\/\/www.freiburg-schwarzwald.de\/blog\/wp-json\/wp\/v2\/comments?post=78564"}],"version-history":[{"count":5,"href":"https:\/\/www.freiburg-schwarzwald.de\/blog\/wp-json\/wp\/v2\/pages\/78564\/revisions"}],"predecessor-version":[{"id":146056,"href":"https:\/\/www.freiburg-schwarzwald.de\/blog\/wp-json\/wp\/v2\/pages\/78564\/revisions\/146056"}],"up":[{"embeddable":true,"href":"https:\/\/www.freiburg-schwarzwald.de\/blog\/wp-json\/wp\/v2\/pages\/71360"}],"wp:attachment":[{"href":"https:\/\/www.freiburg-schwarzwald.de\/blog\/wp-json\/wp\/v2\/media?parent=78564"}],"curies":[{"name":"wp","href":"https:\/\/api.w.org\/{rel}","templated":true}]}}