{"id":78302,"date":"2020-01-17T14:42:30","date_gmt":"2020-01-17T13:42:30","guid":{"rendered":"https:\/\/www.freiburg-schwarzwald.de\/blog\/?page_id=78302"},"modified":"2026-05-06T14:56:26","modified_gmt":"2026-05-06T12:56:26","slug":"oma-umweltsau","status":"publish","type":"page","link":"https:\/\/www.freiburg-schwarzwald.de\/blog\/selbsthilfe\/senioren\/oma-umweltsau\/","title":{"rendered":"Oma-Umweltsau"},"content":{"rendered":"<p>Home &gt;<a title=\"Familie\" href=\"https:\/\/www.freiburg-schwarzwald.de\/blog\/selbsthilfe\">Selbsthilfe<\/a>\u00a0&gt;<a title=\"Familie\" href=\"https:\/\/www.freiburg-schwarzwald.de\/blog\/selbsthilfe\/familie\/\">Familie<\/a>\u00a0&gt;<a title=\"Frauen\" href=\"https:\/\/www.freiburg-schwarzwald.de\/blog\/selbsthilfe\/frauen\/\">Frauen<\/a>\u00a0&gt;<a title=\"Generationen\" href=\"https:\/\/www.freiburg-schwarzwald.de\/blog\/selbsthilfe\/familie\/generationen\/\">Generationen<\/a> &gt;Oma-Umweltsau<\/p>\n<div id=\"attachment_69061\" style=\"width: 650px\" class=\"wp-caption alignnone\"><a href=\"https:\/\/www.freiburg-schwarzwald.de\/blog\/engagement\/zukunft\/schuld\/herbstomaopa-pan181112\/\" rel=\"attachment wp-att-69061\"><img loading=\"lazy\" decoding=\"async\" aria-describedby=\"caption-attachment-69061\" class=\"size-full wp-image-69061\" src=\"https:\/\/www.freiburg-schwarzwald.de\/blog\/wp-content\/uploads\/2018\/01\/herbstomaopa-pan181112.jpg\" alt=\"November-Herbst 12.11.2018\" width=\"640\" height=\"348\" srcset=\"https:\/\/www.freiburg-schwarzwald.de\/blog\/wp-content\/uploads\/2018\/01\/herbstomaopa-pan181112.jpg 640w, https:\/\/www.freiburg-schwarzwald.de\/blog\/wp-content\/uploads\/2018\/01\/herbstomaopa-pan181112-180x97.jpg 180w\" sizes=\"auto, (max-width: 640px) 100vw, 640px\" \/><\/a><p id=\"caption-attachment-69061\" class=\"wp-caption-text\">November-Herbst 12.11.2018<\/p><\/div>\n<p>&nbsp;<\/p>\n<ul>\n<li><em>Listenauswahl eines Beitrags (Artikel\/Datum, Seite\/Inhalt): <span style=\"text-decoration: underline;\">Klicken<\/span> oder scrollen<\/em><\/li>\n<li><a href=\"https:\/\/www.freiburg-schwarzwald.de\/blog\/kika-migra-kids-ertraenken-oma\/\">KIKA: Migra-Kids ertr\u00e4nken Oma<\/a>\u00a0(6.5.2026)<\/li>\n<li><a href=\"https:\/\/www.freiburg-schwarzwald.de\/blog\/ki-video-oma-und-die-enkelin\/\">KI-Video: Oma und die Enkelin<\/a>\u00a0(9.4.2024)<\/li>\n<li><a href=\"https:\/\/www.freiburg-schwarzwald.de\/blog\/einfach-deutsche-ueber-70-toeten\/\">Einfach Deutsche \u00fcber 70 t\u00f6ten<\/a> (20.11.2023)<\/li>\n<li><a href=\"https:\/\/www.freiburg-schwarzwald.de\/blog\/ist-der-oerr-noch-reformierbar\/\">Ist der \u00d6RR noch reformierbar?<\/a> (27.8.2022)<\/li>\n<li><a href=\"https:\/\/www.freiburg-schwarzwald.de\/blog\/briefgenerator-enkel-an-oma\/\">Briefgenerator: Enkel an Oma<\/a>\u00a0(19.9.2021)<\/li>\n<li><a href=\"https:\/\/www.freiburg-schwarzwald.de\/blog\/meine-oma-liegt-im-koma\/\">Meine Oma liegt im Koma<\/a>\u00a0(20.12.2020)<\/li>\n<li><a title=\"Grosseltern, Kinder und Enkel\" href=\"https:\/\/www.freiburg-schwarzwald.de\/blog\/grosseltern-kinder-und-enkel\/\">Grosseltern, Kinder und Enkel: Kaum Gespr\u00e4che<\/a>\u00a0(20.10.2020)<\/li>\n<li><a title=\"WDR\" href=\"https:\/\/www.freiburg-schwarzwald.de\/blog\/kultur\/medien\/wdr\/\">\u00d6R als nicht-kontrollierbares Herrschaftsinstrument<\/a>\u00a0(28.7.2020)<\/li>\n<li>ARD und ZDF Indoktrinationsplattformen links-gr\u00fcner Weltanschauung (12.1.2020)<\/li>\n<li>Buhrow gibt es zu: Es gab doch eine echte Emp\u00f6rung von H\u00f6rern (3.1.2020)<\/li>\n<\/ul>\n<ul>\n<li><a title=\"GEZ-Medien\" href=\"https:\/\/www.freiburg-schwarzwald.de\/blog\/kultur\/medien\/gez-medien\/\">Chor des NDR 2018: \u201cFick die Cops, sie sind Bullenschweine\u201d<\/a>\u00a0(29.12.2019)<\/li>\n<li><a title=\"Alte\" href=\"https:\/\/www.freiburg-schwarzwald.de\/blog\/selbsthilfe\/senioren\/alte\/\">Die Revolution frisst ihre Omas: \u201cUmweltsau\u201d, \u201cbald nicht mehr da\u201d<\/a>\u00a0(29.12.2919)<\/li>\n<li><a title=\"GEZ-Medien\" href=\"https:\/\/www.freiburg-schwarzwald.de\/blog\/kultur\/medien\/gez-medien\/\">So heizt man Pogromstimmungen an: Umweltsau, Nazisau<\/a>\u00a0(29.12.2019)<\/li>\n<li><a href=\"https:\/\/www.freiburg-schwarzwald.de\/blog\/selbsthilfe\/kinder\/kinder-instrumentalisieren\/\">Oma Umweltsau: Ideologische Instrumentalisierung der Kinder gegen Erwachsenen<\/a>\u00a0(29.12.2019)<\/li>\n<li><a title=\"Meine Oma f\u00e4hrt Motorrad\" href=\"https:\/\/www.freiburg-schwarzwald.de\/blog\/meine-oma-faehrt-motorrad\/\">Meine Oma f\u00e4hrt Motorrad<\/a>\u00a0(28.12.2019)<\/li>\n<li><a href=\"https:\/\/www.freiburg-schwarzwald.de\/blog\/selbsthilfe\/kinder\/kinder-instrumentalisieren\/\">Kinder im WDR: Meine Oma ist \u2018ne alte Umweltsau<\/a> (28.12.2019)<\/li>\n<li><\/li>\n<li><a href=\"https:\/\/www.freiburg-schwarzwald.de\/blog\/selbsthilfe\/kinder\/kinder-instrumentalisieren\/\">Kinder instrumentalisieren<\/a><\/li>\n<li><a href=\"https:\/\/www.freiburg-schwarzwald.de\/blog\/kultur\/medien\/oerr\/\">\u00d6RR<\/a><\/li>\n<li><a href=\"https:\/\/www.freiburg-schwarzwald.de\/blog\/selbsthilfe\/senioren\/omaopa\/\">OmaOpa<\/a><\/li>\n<\/ul>\n<p>&nbsp;<\/p>\n<p><strong>ARD und ZDF Indoktrinationsplattformen links-gr\u00fcner Weltanschauung<\/strong><br \/>\nIn einem Gastbeitrag f\u00fcr unsere Zeitungsgruppe wirft der CDU-Bundestagsabgeordnete Michael von Abercron ARD und ZDF eine Vernachl\u00e4ssigung der \u201egebotenen politischen Neutralit\u00e4t\u201c vor.<br \/>\n<em><strong>\u201eNicht nur die Nachrichtensendungen, sondern auch die politischen Magazine und Talkshows <\/strong><\/em><br \/>\n<em><strong>verkommen immer mehr zu einheitlichen Indoktrinationsplattformen, <\/strong><\/em><br \/>\n<em><strong>die durch eine links-gr\u00fcne Weltanschauung gepr\u00e4gt sind\u201c,<\/strong> <\/em><br \/>\nschreibt der CDU-Politiker.<br \/>\nAls Beispiel nannte er unter anderem die Satire-Sendungen \u201eHeute Show\u201c und \u201eExtra drei\u201c sowie den umstrittenen Clip des WDR, in dem ein Kinderchor des Senders eine Abwandlung des Liedes \u201e<a title=\"Meine Oma f\u00e4hrt Motorrad\" href=\"https:\/\/www.freiburg-schwarzwald.de\/blog\/meine-oma-faehrt-motorrad\/\">Meine Oma f\u00e4hrt im H\u00fchnerstall Motorrad\u201c<\/a> mit dem Titel \u201eMeine Oma ist \u2019ne alte Umweltsau\u201c gesungen hatte. \u201eWaren fr\u00fcher die Magazine wenigstens noch so austariert, dass das politische Spektrum vom ZDF Magazin bis Panorama und Monitor noch einigerma\u00dfen abgebildet waren, so gibt es heute nur noch die eine Richtung mit einer Art linker Wohlf\u00fchlkommunikation\u201c, so von Abercron. \u201eSie kommt manchmal satirisch verpackt, zum Beispiel in der \u201aHeute Show\u2018 oder \u201aExtra drei\u2018, daher, aber die politischen Botschaften sind immer eindeutig und lassen sich von den Wahlbotschaften der Gesinnungsgenossen kaum noch unterscheiden.\u201c<br \/>\nDer \u00f6ffentlich-rechtliche Rundfunk sei deshalb v\u00f6llig zurecht ins Kreuzfeuer einer kritischen Diskussion geraten. Wirtschaftlich und politisch unabh\u00e4ngige Nachrichten sowie Informationen, Dokumentationen und Kultur seien notwendiger Bestandteil unserer Demokratie, meinte der CDU-Politiker. Deshalb seien Forderungen nach der Abschaffung des \u00f6ffentlichen Rundfunks zur\u00fcckzuweisen. \u201eDas bedeutet aber nicht, dass Reformen nicht mehr als \u00fcberf\u00e4llig sind\u201c, so von Abercon. \u201eEs kann nicht sein, dass die \u00f6ffentlichen Sendeanstalten st\u00e4ndig ihre Angebote ausweiten und andererseits immer mehr Geld fordern. Dies f\u00fchrt letztlich zu noch h\u00f6heren Rundfunkgeb\u00fchren, an deren Sinnhaftigkeit immer mehr Zweifel angebracht sind.\u201c<br \/>\n&#8230; Alles vom 12.1.2020 bitte lesen auf<br \/>\n<a href=\"https:\/\/www.noz.de\/deutschland-welt\/politik\/artikel\/1975278\/in-der-cdu-wird-massive-kritik-an-der-politischen-ausrichtung-des-oeffentlich-rechtlichen-rundfunks-laut\">https:\/\/www.noz.de\/deutschland-welt\/politik\/artikel\/1975278\/in-der-cdu-wird-massive-kritik-an-der-politischen-ausrichtung-des-oeffentlich-rechtlichen-rundfunks-laut<\/a><br \/>\n.<br \/>\nRichtig Herr Gossling, wem was nicht passt, der diskutiert oder argumentiert nicht mehr, sondern stellt seinen Gegner pauschal in die rechte Ecke. Hat bislang wunderbar als Ablenkungsman\u00f6ver funktioniert, wie hier. Zur Feststellung, ob &#8222;ARD und ZDF als Indoktrinationsplatform links-gr\u00fcner Weltanschauung&#8220; gilt, wird gar nicht eingegangen und mit dem Pauschalargument &#8222;Rechts&#8220; widersprochen. Ich stimme dem CDU-Politiker voll zu<br \/>\n12.1.2020, C.S.<\/p>\n<p><strong>WRD hat einen Erziehungsauftrag, den die zu Erziehenden selbst finanzieren<\/strong><br \/>\nAnja Reschke von Panorama hat ja l\u00e4ngst im Schweizer Fernsehen zugegeben das die \u00d6ffentlich Rechtlichen einen Erziehungsauftrag haben . Wer also Links Gr\u00fcn Erzogen werden will soll sich den Rotz anschauen . Die AfD ist das was die CDU vor 20 Jahren mal war, &#8230;<br \/>\n12.1.2020, D.N.<\/p>\n<p><strong>Umweltsau-Oma: Aber B\u00fcrger kann Betroffenheit im WDR nicht \u00e4u\u00dfern<\/strong><br \/>\nGanz am Rande nur erw\u00e4hnt Thomas Fricker das emotional aufgeladene Thema Umwelt-Oma im WDR, um sich dann in seinem Essay generell den Ursachen und Folgen von Emp\u00f6rungswellen zu widmen. Aber ist es wirklich ein so neues Ph\u00e4nomen, wenn Menschen sich \u00fcber Politik, Sport, Job und so weiter kritisch bis abf\u00e4llig auslassen?<br \/>\nIn der grauen Netzwerkvorzeit gingen Erregungen zu Alltagsthemen kaum \u00fcber einen kleineren Empf\u00e4ngerkreis hinaus. Via Twitter &amp; Co. erh\u00e4lt der B\u00fcrger heute ein Ventil f\u00fcr seine bisherige Ohnmacht, Ansichten, Gef\u00fchle und vor allem, um seinen Unmut einer breiteren \u00d6ffentlichkeit mitzuteilen und sich zu solidarisieren. Dieser freischaffende Mann im WDR zum Beispiel hat ein f\u00fcr Teile unserer Gesellschaft durchaus fragw\u00fcrdiges Lied betextet und darf einen gro\u00dfen, meinungsstarken Sender als Multiplikator benutzen. Er trifft damit auch auf Menschen, die das Lied eher als Zumutung empfinden, <em><strong>denen aber diese Sendeplattform zur Darstellung ihrer Betroffenheit nicht zur Verf\u00fcgung steht.<\/strong><\/em> Folglich ergie\u00dft sich ihr Frust spontan und aus unterschiedlichen Positionen in einem Shitstorm \u00fcber alle Netzwerke, schlechte Manieren inklusive.<br \/>\nL\u00e4sst die von Fricker ge\u00e4u\u00dferte Bef\u00fcrchtung \u00fcber das Verschwinden von \u00d6ffentlichkeit vielleicht auch erkennen, dass \u00f6ffentliche Medien einen schleichenden Schwund ihrer Nachrichten- und Deutungshoheit bef\u00fcrchten und eine Machtlosigkeit gegen\u00fcber den neuen Kommunikationsformen empfinden? F\u00f6rdern die Netzwerke nicht eher den Gewinn an \u00d6ffentlichkeit und Meinungs\u00e4u\u00dferung?<br \/>\n1.1.2020, Bernd Gehler, Pfaffenweiler, BZ<\/p>\n<p>&nbsp;<\/p>\n<p><strong>Buhrow gibt es zu: Es gab doch eine echte Emp\u00f6rung von H\u00f6rern<\/strong><br \/>\nIn der Debatte um das &#8222;Umweltsau&#8220;-Lied des WDR hat Intendant Tom Buhrow den Vorwurf zur\u00fcckgewiesen, vor rechten Kreisen eingeknickt zu sein. &#8222;Nein, bin ich nicht&#8220;, sagte der Chef des gr\u00f6\u00dften ARD-Senders dem Spiegel. Der WDR habe durchaus die Mechanismen der rechten Mobilisierung im Internet erkannt. Daneben habe es aber auch eine echte, nicht gesteuerte Emp\u00f6rung von ansonsten wohlmeinenden H\u00f6rern gegeben.<\/p>\n<p>&#8222;Da hatten wir wirklich Hunderte Seniorinnen und Senioren und deren Enkel am Telefon. Uns war sofort klar, diese Menschen waren nicht Teil einer orchestrierten Sache. &#8230; Wir k\u00f6nnen doch nicht einfach so tun, als ob es nicht z\u00e4hlt, wenn sich ein gro\u00dfer Teil unseres Publikums zu Unrecht angegriffen f\u00fchlt. Soll ich denen sagen: Sie sitzen einer rechten Instrumentalisierung auf, und Ihre Gef\u00fchle sind deshalb irrelevant?&#8220;<br \/>\n&#8230; Alles vom 3.1.2019 bitte lesen auf<br \/>\n<a href=\"https:\/\/www.spiegel.de\/plus\/tom-buhrow-ueber-wdr-umweltsau-video-ich-bin-nicht-eingeknickt-a-00000000-0002-0001-0000-000168763984\">https:\/\/www.spiegel.de\/plus\/tom-buhrow-ueber-wdr-umweltsau-video-ich-bin-nicht-eingeknickt-a-00000000-0002-0001-0000-000168763984<\/a><br \/>\n.<br \/>\n<strong>WDR in der Opferrolle: Drohungen entschuldigen nicht Fehlverhalten des WDR<\/strong><br \/>\nWDR-Intendant Buhrow entschuldigte sich gesch\u00e4ftsm\u00e4\u00dfig &#8211; und ging dann sofort zu einer Strategie \u00fcber, die leider sehr h\u00e4ufig geworden ist: Er fiel in die Opferrolle. Berichtete von Morddrohungen, etc.. Wenn es diese gibt, sind sie durch nichts zu entschuldigen. Aber sie \u00e4ndern \u00fcberhaupt nichts am Fehlverhalten der \u00f6ffentlich-rechtlichen Sender. Und sollten davon auch nicht ablenken.<br \/>\n4.1.2020<\/p>\n<p>&nbsp;<\/p>\n","protected":false},"excerpt":{"rendered":"<p>Home &gt;Selbsthilfe\u00a0&gt;Familie\u00a0&gt;Frauen\u00a0&gt;Generationen &gt;Oma-Umweltsau &nbsp; Listenauswahl eines Beitrags (Artikel\/Datum, Seite\/Inhalt): Klicken oder scrollen KIKA: Migra-Kids ertr\u00e4nken Oma\u00a0(6.5.2026) KI-Video: Oma und die Enkelin\u00a0(9.4.2024) Einfach Deutsche \u00fcber 70 t\u00f6ten (20.11.2023) Ist der \u00d6RR noch reformierbar? (27.8.2022) Briefgenerator: Enkel an Oma\u00a0(19.9.2021) Meine Oma liegt &hellip; <a href=\"https:\/\/www.freiburg-schwarzwald.de\/blog\/selbsthilfe\/senioren\/oma-umweltsau\/\">Weiterlesen <span class=\"meta-nav\">&rarr;<\/span><\/a><\/p>\n","protected":false},"author":2,"featured_media":0,"parent":183,"menu_order":0,"comment_status":"open","ping_status":"closed","template":"","meta":{"footnotes":""},"class_list":["post-78302","page","type-page","status-publish","hentry"],"_links":{"self":[{"href":"https:\/\/www.freiburg-schwarzwald.de\/blog\/wp-json\/wp\/v2\/pages\/78302","targetHints":{"allow":["GET"]}}],"collection":[{"href":"https:\/\/www.freiburg-schwarzwald.de\/blog\/wp-json\/wp\/v2\/pages"}],"about":[{"href":"https:\/\/www.freiburg-schwarzwald.de\/blog\/wp-json\/wp\/v2\/types\/page"}],"author":[{"embeddable":true,"href":"https:\/\/www.freiburg-schwarzwald.de\/blog\/wp-json\/wp\/v2\/users\/2"}],"replies":[{"embeddable":true,"href":"https:\/\/www.freiburg-schwarzwald.de\/blog\/wp-json\/wp\/v2\/comments?post=78302"}],"version-history":[{"count":6,"href":"https:\/\/www.freiburg-schwarzwald.de\/blog\/wp-json\/wp\/v2\/pages\/78302\/revisions"}],"predecessor-version":[{"id":148771,"href":"https:\/\/www.freiburg-schwarzwald.de\/blog\/wp-json\/wp\/v2\/pages\/78302\/revisions\/148771"}],"up":[{"embeddable":true,"href":"https:\/\/www.freiburg-schwarzwald.de\/blog\/wp-json\/wp\/v2\/pages\/183"}],"wp:attachment":[{"href":"https:\/\/www.freiburg-schwarzwald.de\/blog\/wp-json\/wp\/v2\/media?parent=78302"}],"curies":[{"name":"wp","href":"https:\/\/api.w.org\/{rel}","templated":true}]}}