{"id":77403,"date":"2019-12-21T15:22:57","date_gmt":"2019-12-21T14:22:57","guid":{"rendered":"https:\/\/www.freiburg-schwarzwald.de\/blog\/?page_id=77403"},"modified":"2025-06-17T22:22:06","modified_gmt":"2025-06-17T20:22:06","slug":"ddr-stasi","status":"publish","type":"page","link":"https:\/\/www.freiburg-schwarzwald.de\/blog\/global\/deutschland\/ddr-stasi\/","title":{"rendered":"DDR-Stasi"},"content":{"rendered":"<p><a href=\"https:\/\/freiburg-schwarzwald.de\/blog\">Home<\/a>\u00a0&gt;<a title=\"Engagement\" href=\"https:\/\/www.freiburg-schwarzwald.de\/blog\/engagement\/\">Engagement<\/a>\u00a0&gt;<a title=\"Zukunft\" href=\"https:\/\/www.freiburg-schwarzwald.de\/blog\/engagement\/zukunft\/\">Zukunft<\/a>\u00a0&gt;<a title=\"Demokratie\" href=\"https:\/\/www.freiburg-schwarzwald.de\/blog\/engagement\/zukunft\/demokratie\/\">Demokratie<\/a>\u00a0&gt;<a title=\"Global\" href=\"https:\/\/www.freiburg-schwarzwald.de\/blog\/global\/\">Global<\/a>\u00a0&gt;<a title=\"Deutschland\" href=\"https:\/\/www.freiburg-schwarzwald.de\/blog\/global\/deutschland\/\">Deutschland<\/a>\u00a0&gt;<a title=\"DDR\" href=\"https:\/\/www.freiburg-schwarzwald.de\/blog\/global\/deutschland\/ddr\/\">DDR<\/a>\u00a0&gt;DDR-Stasi<\/p>\n<div id=\"attachment_49812\" style=\"width: 649px\" class=\"wp-caption alignnone\"><a href=\"https:\/\/www.freiburg-schwarzwald.de\/blog\/engagement\/zukunft\/krieg\/kriegsdenkmale\/mohn9rot-pan140801\/\" rel=\"attachment wp-att-49812\"><img loading=\"lazy\" decoding=\"async\" aria-describedby=\"caption-attachment-49812\" class=\"size-full wp-image-49812\" src=\"https:\/\/www.freiburg-schwarzwald.de\/blog\/wp-content\/uploads\/2014\/08\/mohn9rot-pan140801.jpg\" alt=\"Mohnfeld auf der Baar \u00f6stlich vom Hochschwarzwald am 1.8.2014\" width=\"639\" height=\"240\" srcset=\"https:\/\/www.freiburg-schwarzwald.de\/blog\/wp-content\/uploads\/2014\/08\/mohn9rot-pan140801.jpg 639w, https:\/\/www.freiburg-schwarzwald.de\/blog\/wp-content\/uploads\/2014\/08\/mohn9rot-pan140801-180x67.jpg 180w\" sizes=\"auto, (max-width: 639px) 100vw, 639px\" \/><\/a><p id=\"caption-attachment-49812\" class=\"wp-caption-text\">Mohnfeld auf der Baar \u00f6stlich vom Hochschwarzwald am 1.8.2014<\/p><\/div>\n<ul>\n<li><em>Listenauswahl eines Beitrags (Artikel\/Datum, Seite\/Inhalt):\u00a0<span style=\"text-decoration: underline;\">Klicken<\/span>\u00a0oder scrollen<\/em><\/li>\n<li><a href=\"https:\/\/www.freiburg-schwarzwald.de\/blog\/17-juni-1953-und-17-juni-2025\/\">17. Juni 1953 und 17. Juni 2025<\/a>\u00a0(17.6.2925)<\/li>\n<li>Annalena Baerbock verh\u00f6hnt die Ostdeutschen mit einem uns\u00e4glichen Vergleich (31.8.2024)<\/li>\n<li>\u201eHeute ist es noch viel schlimmer als zu der damaligen Zeit\u201c (8.6.2024)<\/li>\n<li><a href=\"https:\/\/www.freiburg-schwarzwald.de\/blog\/engagement\/zukunft\/demokratie\/nationalfeiertag\/\">DDR-B\u00fcrgerrechtler Werner Schulz (Gr\u00fcne) starb am 9.11.2022<\/a>\u00a0(11.11.2022)<\/li>\n<li><a href=\"https:\/\/www.freiburg-schwarzwald.de\/blog\/global\/russland\/russland-bashing\/\">Du k\u00f6nntest doch etwas von deinem KGB-Sal\u00e4r spenden<\/a> (8.4.2022)<\/li>\n<li><a title=\"Barbe\" href=\"https:\/\/www.freiburg-schwarzwald.de\/blog\/engagement\/zukunft\/barbe\/\">Corona-Demo 16.5.2020 Berlin: Angelika Barbe festgenommen<\/a> (6.5.2020)<\/li>\n<li><a title=\"B\u00e4rbel Bohley \u2013 Prophezeiung\" href=\"https:\/\/www.freiburg-schwarzwald.de\/blog\/baerbel-bohley-prophezeiung\/\">B\u00e4rbel Bohley \u2013 Prophezeiung<\/a>\u00a0(21.12.2019)<\/li>\n<li>Theo Lehmann:\u00a0Erstes Weihnachtsfest nach Mauerfall vor\u00a030 Jahren\u00a0 (20.12.2019)<\/li>\n<li>Hartwig Kluge: DDR-H\u00e4ftling und heutiger Freiburger vor 50 Jahren in die Freiheit entlassen (19.12.2019)<\/li>\n<li><a title=\"Klonovsky\" href=\"https:\/\/www.freiburg-schwarzwald.de\/blog\/kultur\/dichter\/klonovsky\/\">Klonovsky: Die Linke \u2013 vom Gegenpart zum Parasit des Kapitalismus<\/a>\u00a0 (28.11.2019)<\/li>\n<li><a title=\"Maa\u00dfen: Mauerfall 30 Jahre\" href=\"https:\/\/www.freiburg-schwarzwald.de\/blog\/maassen-mauerfall-30-jahre\/\">Maa\u00dfen: Mauerfall 30 Jahre\u00a0<\/a>(21.11.2019)<\/li>\n<li><a title=\"DDR\" href=\"https:\/\/www.freiburg-schwarzwald.de\/blog\/global\/deutschland\/ddr\/\">Nichts darf vergessen werden \u2013 Unrechtsstaat DDR<\/a> (11.11.2019<\/li>\n<\/ul>\n<ul>\n<li><a title=\"DDR2.0\" href=\"https:\/\/www.freiburg-schwarzwald.de\/blog\/global\/deutschland\/ddr2-0\/\">Die DDR-B\u00fcrgerrechtler als die letzten Romantiker der Bundesrepublik<\/a>\u00a0(8.11.2019)<\/li>\n<li><a title=\"Klonovsky\" href=\"https:\/\/www.freiburg-schwarzwald.de\/blog\/kultur\/dichter\/klonovsky\/\">Ich komme aus der DDR, ich komme aus der Zukunft \u2013 Video und Text<\/a>\u00a0(8.11.2019)<\/li>\n<li><a title=\"Mauerfall vor 30 Jahren Berlin\" href=\"https:\/\/www.freiburg-schwarzwald.de\/blog\/mauerfall-vor-30-jahren-berlin\/\">Mauerfall vor 30 Jahren Berlin<\/a>\u00a0(9.11.2019)<\/li>\n<li><a title=\"Mauerfall1989\" href=\"https:\/\/www.freiburg-schwarzwald.de\/blog\/global\/deutschland\/mauerfall1989\/\">Monika Maron: Unser galisches Gel\u00e4chter \u2013 Zum Mauerfall vor 30 Jahren<\/a>\u00a0(7.11.2019)<\/li>\n<li><a title=\"DDR2.0\" href=\"https:\/\/www.freiburg-schwarzwald.de\/blog\/global\/deutschland\/ddr2-0\/\">Roger K\u00f6ppel: Volk ohne Heimat \u2013 Zwei deutsche Identit\u00e4ten<\/a>\u00a0(6.11.2019)<\/li>\n<li><a title=\"Kapitalismus\" href=\"https:\/\/www.freiburg-schwarzwald.de\/blog\/engagement\/zukunft\/demokratie\/kapitalismus\/\">Klonovsky: Die Linke vom Widerpart zum\u00a0Parasit des Kapitalismus<\/a>\u00a0(6.11.2019)<\/li>\n<li><a title=\"Weiter so \u2013 trotz Abwahl\" href=\"https:\/\/www.freiburg-schwarzwald.de\/blog\/weiter-so-trotz-abwahl\/\">\u201cWeiter so\u201d in Th\u00fcringen \u2013 trotz Abwahl<\/a>\u00a0(28.10.2019)<\/li>\n<li><a title=\"Sozialismus\" href=\"https:\/\/www.freiburg-schwarzwald.de\/blog\/engagement\/zukunft\/demokratie\/sozialismus\/\">Landsbergis: \u201eDeutschland gleitet ein drittes Mal in den Sozialismus ab\u201c<\/a>\u00a0(20.10.2019)<\/li>\n<li><a title=\"Dresden\" href=\"https:\/\/www.freiburg-schwarzwald.de\/blog\/global\/deutschland\/dresden\/\">BuchHaus Loschwitz\u00a0von Susanne Dagen \u2013 Politische Gespr\u00e4che<\/a>\u00a0(2.10.2019)<\/li>\n<li><a title=\"DDR2.0\" href=\"https:\/\/www.freiburg-schwarzwald.de\/blog\/global\/deutschland\/ddr2-0\/\">Gysi als Redner zu 1989 in Leipzig: Verh\u00f6hnung der Opfer<\/a>\u00a0(28.6.2019)<\/li>\n<li><a title=\"Nationalstolz\" href=\"https:\/\/www.freiburg-schwarzwald.de\/blog\/engagement\/zukunft\/demokratie\/nationalstolz\/\">Nationalfeiertag: 17. Juni 1953 statt 3. Oktober 1989<\/a>\u00a0(17.6.2019)<\/li>\n<li><a title=\"DDR\" href=\"https:\/\/www.freiburg-schwarzwald.de\/blog\/global\/deutschland\/ddr\/\">70 Jahre Luftbr\u00fccke Berlin \u2013 Erinnerungsflug verboten<\/a> (17.6.2019)<\/li>\n<li><a href=\"https:\/\/www.freiburg-schwarzwald.de\/blog\/freiheit-und-der-17-juni-1953\/\">https:\/\/www.freiburg-schwarzwald.de\/blog\/freiheit-und-der-17-juni-1953\/<\/a>\u00a0(17.6.2019)<\/li>\n<li><a title=\"DDR2.0\" href=\"https:\/\/www.freiburg-schwarzwald.de\/blog\/global\/deutschland\/ddr2-0\/\">Wolf Biermann und der Gutedelpreis: Schwere Kost bei Sch\u00e4ufele und Wein<\/a>\u00a0(6.5.2019)<\/li>\n<li><a href=\"https:\/\/www.freiburg-schwarzwald.de\/blog\/nazis-raus-aber-wohin\/\">https:\/\/www.freiburg-schwarzwald.de\/blog\/nazis-raus-aber-wohin\/<\/a>\u00a0(13.1.2019)<\/li>\n<li><a href=\"https:\/\/www.freiburg-schwarzwald.de\/blog\/fremd-im-eigenen-land\/\">https:\/\/www.freiburg-schwarzwald.de\/blog\/fremd-im-eigenen-land\/<\/a>\u00a0(8.1.2019)<\/li>\n<li><a title=\"Deutschland-kaputt\" href=\"https:\/\/www.freiburg-schwarzwald.de\/blog\/global\/deutschland\/deutschland-kaputt\/\">Merkel verh\u00f6hnt die Deutschen<\/a>\u00a0(4.1.2019)<\/li>\n<li><a title=\"Deutschland-kaputt\" href=\"https:\/\/www.freiburg-schwarzwald.de\/blog\/global\/deutschland\/deutschland-kaputt\/\">Die deutsche Lust am Niedergang \u2013 Sorglosigkeit und Lust an Deindustrialisierung<\/a>\u00a0(1.1.2019)<\/li>\n<li><a href=\"https:\/\/www.freiburg-schwarzwald.de\/blog\/wir-verhindern-zukunft-2019\/\">https:\/\/www.freiburg-schwarzwald.de\/blog\/wir-verhindern-zukunft-2019\/<\/a>\u00a0(1.1.2019)<\/li>\n<li><\/li>\n<li><a title=\"Barbe\" href=\"https:\/\/www.freiburg-schwarzwald.de\/blog\/engagement\/zukunft\/barbe\/\">Angelika Barbe &#8211; DDR-Widerstandsk\u00e4mpferin<\/a><\/li>\n<li><a title=\"Angst\" href=\"https:\/\/www.freiburg-schwarzwald.de\/blog\/engagement\/zukunft\/angst\/\">Angst<\/a><\/li>\n<li><a title=\"DDR2.0\" href=\"https:\/\/www.freiburg-schwarzwald.de\/blog\/global\/deutschland\/ddr2-0\/\">DDR2.0<\/a><\/li>\n<li><a title=\"Deutschland2030\" href=\"https:\/\/www.freiburg-schwarzwald.de\/blog\/global\/deutschland\/deutschland2030\/\">Deutschland2030<\/a><\/li>\n<li><a title=\"Deutschland-verrecke\" href=\"https:\/\/www.freiburg-schwarzwald.de\/blog\/global\/deutschland\/deutschland-verrecke\/\">Deutschland verrecke<\/a><\/li>\n<li><a title=\"Diskussionskultur\" href=\"https:\/\/www.freiburg-schwarzwald.de\/blog\/kultur\/medien\/diskussionskultur\/\">Diskussionskultur<\/a><\/li>\n<li><a title=\"Dresden\" href=\"https:\/\/www.freiburg-schwarzwald.de\/blog\/global\/deutschland\/dresden\/\">Dresden<\/a><\/li>\n<li><a title=\"Ehrlichkeit\" href=\"https:\/\/www.freiburg-schwarzwald.de\/blog\/engagement\/zukunft\/ehrlichkeit\/\">Ehrllchkeit<\/a><\/li>\n<li><a title=\"Gesinnungsethik\" href=\"https:\/\/www.freiburg-schwarzwald.de\/blog\/engagement\/zukunft\/demokratie\/gesinnungsethik\/\">Gesinnungsethik<\/a><\/li>\n<li><a title=\"Groessenwahn\" href=\"https:\/\/www.freiburg-schwarzwald.de\/blog\/engagement\/zukunft\/groessenwahn\/\">Gr\u00f6\u00dfenwahn<\/a><\/li>\n<li><a title=\"Infantil\" href=\"https:\/\/www.freiburg-schwarzwald.de\/blog\/bildung\/infantil\/\">Infantil<\/a><\/li>\n<li><a title=\"Kapitalismus\" href=\"https:\/\/www.freiburg-schwarzwald.de\/blog\/engagement\/zukunft\/demokratie\/kapitalismus\/\">Kapitalismus<\/a><\/li>\n<li><a title=\"Mauerfall1989\" href=\"https:\/\/www.freiburg-schwarzwald.de\/blog\/global\/deutschland\/mauerfall1989\/\">Mauerfall1989<\/a><\/li>\n<li><a href=\"https:\/\/www.freiburg-schwarzwald.de\/blog\/engagement\/zukunft\/demokratie\/repression\/\">Repression<\/a><\/li>\n<li><a title=\"Respekt\" href=\"https:\/\/www.freiburg-schwarzwald.de\/blog\/engagement\/respekt\/\">Respekt<\/a><\/li>\n<li><a href=\"https:\/\/www.freiburg-schwarzwald.de\/blog\/global\/russland\/russland-bashing\/\">Russland-Bashing<\/a><\/li>\n<li><a title=\"Selbsthass\" href=\"https:\/\/www.freiburg-schwarzwald.de\/blog\/engagement\/zukunft\/selbsthass\/\">Selbsthass<\/a><\/li>\n<li><a title=\"Sozialismus\" href=\"https:\/\/www.freiburg-schwarzwald.de\/blog\/engagement\/zukunft\/demokratie\/sozialismus\/\">Sozialismus<\/a><\/li>\n<li><a title=\"Wutbuerger\" href=\"https:\/\/www.freiburg-schwarzwald.de\/blog\/engagement\/wutbuerger\/\">Wutb\u00fcrger<\/a><\/li>\n<li><a title=\"Zeitgeist\" href=\"https:\/\/www.freiburg-schwarzwald.de\/blog\/engagement\/zeitgeist\/\">Zeitgeist<\/a><\/li>\n<\/ul>\n<p>&nbsp;<\/p>\n<p><strong>Annalena Baerbock verh\u00f6hnt die Ostdeutschen mit einem uns\u00e4glichen Vergleich<\/strong><br \/>\nDie Haltung der Gr\u00fcnen, die eine zutiefst westdeutsche Partei, die zutiefst eine Post-68er Partei ist, zu Ostdeutschland hat Annalena Baerbock in einem Wahlkampfauftritt vor handverlesenem Publikum in einem Kino in Chemnitz noch einmal bekr\u00e4ftigt, als sie sagte:<br \/>\n<em><strong>\u201eDie gr\u00f6\u00dften Demonstrationen in unserem gemeinsamen Land waren eben nicht 1989. Die gr\u00f6\u00dften Demonstrationen, die es jemals in unserem Land gegeben hat, waren im Januar, Februar und M\u00e4rz vielleicht auch noch mitgez\u00e4hlt.\u201c<\/strong><\/em><br \/>\nEs l\u00e4sst sich einsehen, dass eine Trampolinspringerin aus Pattensen nicht wei\u00df, was es bedeutet, gegen eine hochger\u00fcstete Staatsmacht auf die Stra\u00dfe zu gehen, gegen eine allm\u00e4chtige Geheimpolizei. Weil das Annalena Baerbock nicht wei\u00df, hier zwei kurze Protokollausz\u00fcge von 1989, die belegen, wie die Staatsmacht zur\u00fcckschlug, bevor sie mangels sowjetischer Unterst\u00fctzung implodierte:<br \/>\n\u201eZwei zivile \u201aSicherheitskr\u00e4fte\u2018 f\u00fchren einen jungen Mann ab, mit der freien Faust schlagen beide ihm pausenlos ins Gesicht. Eine etwas korpulente Frau wird im Laufschritt abgef\u00fchrt, ein Schrei der Frau, sie knickt um und verliert einen Schuh, die restlichen 20 m bis zum Bus wird sie die Stra\u00dfe entlanggeschleift \u2026 in den Bus kann kaum ein Verhafteter einsteigen, die meisten werden von hinten so gesto\u00dfen, dass sie auf die Stufen fallen.\u201c Und: \u201eBesonders von etlichen auf dem Lkw sitzenden Frauen und M\u00e4dchen wurde mit zunehmender Dringlichkeit die M\u00f6glichkeit gefordert, auf die Toilette zu gehen. Dieses Ansinnen wurde von unseren Bewachern auf dem Lkw und von zus\u00e4tzlich hinter dem Fahrzeug postierten B\u00fctteln mit Hunden mit ekelhaftesten Beleidigungen beantwortet.\u201c<br \/>\nDass 1989 in Ostdeutschland erst Tausende, dann Hunderttausende f\u00fcr Demokratie und Freiheit auf die Stra\u00dfe gegangen sind, ohne zu wissen, ob sie wieder nach Hause kommen oder sie in einem der Lager, die man f\u00fcr die Oppositionellen begann einzurichten, verschwinden w\u00fcrden, wusste am Anfang niemand.<br \/>\nMan muss die Ostdeutschen, man muss die Friedliche Revolution so verachten, wie die Gr\u00fcnen es tun, wenn man sie mit den Regierungsaufm\u00e4rschen von 2024 von gr\u00fcnen NGOs, organisiert aufgrund einer Propagandal\u00fcge, vergleicht. Baerbocks Vergleich besitzt die Qualit\u00e4t, als w\u00fcrde jemand behaupten:<br \/>\n\u201eDie gr\u00f6\u00dften Demonstrationen in unserem gemeinsamen Land waren eben nicht 1989. Die gr\u00f6\u00dften Demonstrationen, die es jemals in unserem Land gegeben hat, waren die 1. Mai Demonstrationen in der DDR.\u201c<br \/>\nBaerbock bringt es fertig, Aufm\u00e4rsche im Sinne der Ampel-Regierung, von der Polizei gesch\u00fctzt, mit Demonstrationen gegen die Regierung, von Polizei und Geheimdienst angegriffen, zu vergleichen.<br \/>\n&#8230; Alles vom 31.8.2024 bitte lesen auf<br \/>\n<a href=\"https:\/\/www.tichyseinblick.de\/meinungen\/annalena-baerbock-verhoehnt-die-ostdeutschen\/\">https:\/\/www.tichyseinblick.de\/meinungen\/annalena-baerbock-verhoehnt-die-ostdeutschen\/<\/a><\/p>\n<p>&nbsp;<\/p>\n<p><strong>\u201eHeute ist es noch viel schlimmer als zu der damaligen Zeit\u201c<\/strong><br \/>\n<strong>Leserbrief der Woche zum Video von <a href=\"https:\/\/www.freiburg-schwarzwald.de\/blog\/viel-sylt-wenig-mannheim\/\">Sylt<\/a><\/strong><br \/>\n&#8230;Sehr geehrtes Team Reitschuster, Ich bin nun schon seit vielen Jahren emsiger Leser ihrer Seite. Die Beitr\u00e4ge von Ihnen haben mir in der dunklen Zeit des Corona Wahns viel Kraft und Mut gegeben. Nun m\u00f6chte ich ebenfalls einmal einen Leserbrief senden bez\u00fcglich der \u201eVorf\u00e4lle\u201c in Sylt oder Niedersachsen oder wo auch immer noch solche Dinge gerade passieren.<br \/>\nUm dies genauer zu betrachten, muss ich erst einmal in meine Jugend zur\u00fcckgehen. Ich wurde in der DDR geboren und bin dort aufgewachsen. Im Jahr 1989 war ich mit einer der Ersten, der auf den Demos mitgegangen ist. Unser Ziel war es, das bestehende Regime zu Ver\u00e4nderungen zu zwingen. Wir wollten eine M\u00f6glichkeit haben, zu reisen, eine freie Wahl der Arbeit und die eigene Verwirklichung. Dies war das urspr\u00fcngliche Ziel.<br \/>\nKlar hat sich daraus der Wunsch nach der Wiedervereinigung entwickelt, aber dies sollte nicht so schnell passieren. Aber dies nur nebenbei.<br \/>\nIch als \u201eOssi\u201c habe es erlebt, was passiert, wenn man seine Meinung \u00e4u\u00dfert. Dies war wahrhaftig nicht ohne Repressalien vonstatten gegangen.<br \/>\nAber heute ist es noch viel schlimmer als zu der damaligen Zeit.<br \/>\nIch m\u00f6chte hier niemanden angreifen, aber der ach so satte \u201eWessi\u201c ist so tr\u00e4ge in seiner Art und Auffassung, dass er gar nicht merkt, wie seine Freiheit von Tag zu Tag beschnitten wird.<br \/>\nDies war auch ein Grund, warum ich mit meiner Partnerin aus Deutschland weggegangen bin.<br \/>\nUnd nun mein Kommentar zu den Vorf\u00e4llen, welche jetzt so aufgebauscht werden.<br \/>\nDiese jungen Menschen auf Sylt haben eigentlich nur das gesagt, was die meisten Menschen mittlerweile denken. Die deutsche Politik mit ihren rot-gr\u00fcnen Ideologen hat das Land innerhalb von zwei Jahren so heruntergewirtschaftet, wie ich es noch nicht erlebt habe. Sicherlich ging dies auch schon unter der Regierung von Merkel &amp; Co los, aber da muss man doch ehrlich sein, da hatte die SPD schon ihre Finger mit im Spiel.<\/p>\n<p>Was ist nur aus Deutschland geworden?!<br \/>\nEs ist doch so, wenn ein Asylant aus Syrien, Afrika etc. nach Deutschland kommt, dann wird alles daf\u00fcr getan, diesen zu integrieren. Nur wollen die meisten dies doch gar nicht. Ihre Auffassung vom Leben in Deutschland ist so: Wir bekommen Geld f\u00fcr das Nichtstun und jeder, der dann etwas gegen diese Menschen sagt, gilt sofort als ausl\u00e4nderfeindlich.<\/p>\n<p>Auch in meiner Jugend und auch nach der Wende wurden Lieder gesungen, welche einen \u2013 wie man das heute nennen w\u00fcrde \u2013 Nazi-Hintergrund hatten. Nur hatten wir damals alle das Gl\u00fcck, dass es keine Handys gab und nicht alles in den sozialen Netzwerken gepostet wurde.<br \/>\nWir haben auf den Festen Lieder gesungen wie von Heino \u201eSchwarz-braun ist die Haselnuss\u201c oder \u201eBella Ciao\u201c usw\u2026 Was auch immer wieder gern gesungen wurde, sind die sogenannten alten Kampflieder der Arbeiter. Nur diese Lieder kennt heute so gut wie keiner mehr.<br \/>\nUnd warum? Na das entspricht doch nicht dem Gro\u00dfen und Ganzen. Diese Jugendlichen auf Sylt wurden nun von der linken staatlichen Medienlandschaft so verurteilt und so direkt ins Abseits gestellt, dass f\u00fcr sie eine Zukunft in Deutschland fast unm\u00f6glich ist. Also gehen wieder einmal junge und wahrscheinlich auch intelligente Menschen ins Ausland. Aber das hat ja dann den Vorteil, dass keiner mehr den Mund aufmacht und die neuen \u201eDeutschen\u201c sich immer mehr erlauben k\u00f6nnen.<br \/>\nIch verwende einmal ein Zitat beziehungsweise einen gefl\u00fcgelten Ausdruck von Heinrich Heine \u201eDenk ich an Deutschland in der Nacht, dann bin ich um den Schlaf gebracht.\u201c<br \/>\nNichts war so schlimm in der deutschen Geschichte wie die Jahre von 1933 bis 1945! Aber seit den Corona-Zeiten und den Einschr\u00e4nkungen der Freiheit n\u00e4hert sich Deutschland diesen Zeiten immer mehr, nur diesmal unter dem Deckmantel der woken rot-gr\u00fcnen Ideologie. Alles, was dieser Politik nicht entspricht, wird denunziert, \u00fcberwacht, verfolgt und \u00f6ffentlich an den Pranger gestellt.<br \/>\nWas ist nur aus Deutschland geworden?! Auf jeden Fall ist es nicht das Land, welches wir Ossis uns gew\u00fcnscht haben.<br \/>\nBitte verzeihen Sie mir, dass ich in Teilen so abgeschweift bin, nur geht mir diese verdammte Hexenjagd auf den Zeiger.<br \/>\n&#8230; Alles vom 8.6.2024 bitte lesen auf<br \/>\n<a href=\"https:\/\/reitschuster.de\/post\/heute-ist-es-noch-viel-schlimmer-als-zu-der-damaligen-zeit\/\">https:\/\/reitschuster.de\/post\/heute-ist-es-noch-viel-schlimmer-als-zu-der-damaligen-zeit\/<\/a><\/p>\n<p>&nbsp;<\/p>\n<p><strong>Theo Lehmann:\u00a0Erstes Weihnachtsfest nach Mauerfall vor 30 Jahren\u00a0<\/strong><br \/>\nVor drei\u00dfig Jahren feierten die Deutschen nach Jahrzehnten der Teilung erstmals wieder gemeinsam Weihnachten. Theo Lehmann, damals als erfolgreichster deutscher Jugendpfarrer im Fadenkreuz der Stasi, war dabei.<br \/>\nInterview von Moritz Schwarz<br \/>\n.<br \/>\nHerr Dr. Lehmann, wie war das vor drei\u00dfig Jahren: das erste Weihnachtsfest nach dem Fall der Mauer?<br \/>\nTheo Lehmann: Es war eine unglaubliche Zeit! Obwohl ich sicher war, da\u00df die DDR eines Tages zusammenbrechen und die Teilung unseres Landes \u00fcberwunden sein w\u00fcrde, habe ich vor dem Herbst 1989 nicht geglaubt, da\u00df das noch zu meinen Lebzeiten passieren w\u00fcrde.<br \/>\n.<br \/>\nEs war nach 28 Jahren Mauer das erste gemeinsame Weihnachtsfest der Deutschen.<br \/>\nLehmann: Geteilt waren wir schon seit der Potsdamer Konferenz 1945. Aber richtig, bis zum Bau der Mauer am 13. August 1961 konnte man noch \u00fcber die Zonengrenze hin und her, um etwa Verwandte zu besuchen oder gemeinsam Weihnachten zu feiern. Und nun war das, nach fast drei\u00dfig Jahren \u2013 kaum zu fassen! \u2013, erstmals wieder zu Weihnachten 1989 m\u00f6glich. Doch waren es unglaublich turbulente Tage damals, nicht das, was man unter adventlicher Ruhe und weihnachtlicher Besinnlichkeit versteht. An das eigentliche Weihnachtsfest kann ich mich deshalb auch nicht mehr erinnern. Wohl aber an meine Weihnachtspredigt, die ich in der Chemnitzer Lutherkirche gehalten habe. Es ging um Kapitel 3 der Offenbarung und das Thema \u201eWach auf!\u201c, und ich sagte unter anderem: \u201eFreiwillig hat die SED uns keinen Millimeter Freiheit einger\u00e4umt. Deshalb m\u00fcssen wir wachsam sein! Wachsam, damit die nie wieder die Macht kriegen, egal unter welchem Namen sie auftreten. Denn Menschen, die uns vierzig Jahre lang\u201c, die DDR war 1949 gegr\u00fcndet worden, \u201ebelogen haben, glauben wir kein Wort. K\u00f6nnen wir nicht vertrauen, d\u00fcrfen wir nicht vertrauen! Mi\u00dftrauen und Wachsamkeit gegen\u00fcber allen, die bisher \u00fcber uns geherrscht haben, ist die erste B\u00fcrgerpflicht! Das ist der Preis der Freiheit.\u201c<br \/>\n.<br \/>\nGesagt haben Sie das vor 5.000 Jugendlichen, im Rahmen Ihres Jugendgottesdiensts, des gr\u00f6\u00dften, den es in der DDR gab.<br \/>\nLehmann: Nicht nur in der DDR \u2013 meines Wissens gab es auch in Westdeutschland nichts Vergleichbares. Wobei die Sch\u00e4tzung der Teilnehmerzahl zwischen f\u00fcnf- und dreitausend lag und ich daher dreitausend bevorzuge. Drei\u00dfig Jahre lang haben wir ab 1971 einmal im Monat diesen Jugendgottesdienst veranstaltet, wobei wir ihn stets zweimal nacheinander feiern mu\u00dften, weil die R\u00e4ume h\u00f6chstens die H\u00e4lfte der Menschen fassen konnten. Und die Teilnehmer kamen nicht nur aus Chemnitz und Umgebung, sondern reisten aus allen m\u00f6glichen Bezirken der DDR an.<br \/>\n.<br \/>\nWarum hatte ausgerechnet Ihr Jugendgottesdienst solchen Erfolg? War er politisch?<br \/>\nLehmann: Nein, im Gegenteil. Obwohl ich, aus christlichem Elternhaus stammend, immer schon ein Gegner der SED-Diktatur und des Kommunismus war, habe ich Politik in meinen Predigten gemieden, ging es mir doch darum, das Evangelium zu verk\u00fcndigen und Menschen zu Jesus zu bringen. Ich kann Ihre Frage allerdings nicht beantworten, da ich selbst nicht wei\u00df, warum wir solchen Erfolg hatten. Ich kann nur vermuten: Da ich vor allem Menschen ansprechen wollte, die noch keine Christen waren, verzichtete ich auf Liturgie und Talar, hatte f\u00fcr die Musik eine Band, neue Lieder und neue Elemente, wie die M\u00f6glichkeit, Fragen zu stellen, oder jedesmal der Auftritt eines Liedermachers. All das ergab eine damals neue Form von Gottesdienst, was mit eine Rolle gespielt haben mag. Vor allem aber, denke ich, haben die Inhalte den Nerv der Zeit getroffen.<br \/>\n.<br \/>\nWie das, wenn diese nicht politisch, sondern streng biblisch waren?<br \/>\nLehmann: Das eben zeigt, wie unheimlich aktuell die Bibel in Wahrheit ist!<br \/>\nInwiefern?<br \/>\n.<br \/>\nLehmann: Tja, den meisten Leuten ist das nicht klar. Weil sie die Bibel nicht kennen. Lesen Sie die mal!<br \/>\nSie meinen das Neue Testament mit den Themen Erl\u00f6sung, Frieden, Gerechtigkeit?<br \/>\nLehmann: Sicher, aber ebenso das Alte Testament, denken Sie etwa an das Buch Daniel oder an die Geschichte Abrahams! Auch wenn ich nie politisch predigte, ergaben sich politische Schlu\u00dffolgerungen daraus. Ebenso bei dem, was unsere Liedermacher vortrugen, obwohl auch sie nicht politisch waren, wie damals etwa Wolf Biermann oder Stephan Krawczyk, riskierten sie dennoch mitunter Kopf und Kragen. Also nicht wie Liedermacher heute, die die wirklich heiklen Themen gar nicht mehr anpacken, sondern meist nur das, wof\u00fcr sie von fast allen Seiten Applaus bekommen.<br \/>\n.<br \/>\nGeben Sie ein Beispiel f\u00fcr Ihre Methode.<br \/>\nLehmann: Gleich f\u00fcr den ersten Gottesdienst hatte ich ein Lied geschrieben: \u201eDiese Welt mit ihren Herren mu\u00df vergehen \/ Aber unser Herr, der kommt!\u201c, das \u00fcbrigens noch heute gesungen wird.<br \/>\n.<br \/>\nDas hat die SED als Provokation gesehen?<br \/>\nLehmann: Die hat unseren ganzen Gottesdienst als Provokation empfunden! Schon weil er mitten in Karl-Marx-Stadt stattfand \u2013 wie Chemnitz von 1953 bis 1990 zwangsweise hie\u00df \u2013, das der SED nach dem Wiederaufbau als sozialistische Musterstadt galt. Der Kommunismus besagt, da\u00df Religion angesichts seines Siegeszuges abst\u00fcrbe. Wir aber demonstrierten \u00f6ffentlich genau das Gegenteil \u2013 ausgerechnet an einem Ort, den sie als den ihren betrachteten. Und es kamen nicht ein paar alte Omas, sondern 3.000 junge Leute, Monat f\u00fcr Monat und Jahrzehnt f\u00fcr Jahrzehnt!<br \/>\n.<br \/>\nWarum wurde er nicht einfach verboten?<br \/>\nLehmann: Das wagte die SED offenbar nicht. Aber wie ich nach 1989 aus den Akten erfuhr, hatte die Stasi alle m\u00f6glichen Pl\u00e4ne geschmiedet, um uns zu sabotieren. Angefangen damit, die Stromversorgung zu kappen, \u00fcber St\u00f6rungen durch FDJ-Trupps bis zum Sprengen der Veranstaltung mittels Butters\u00e4ure und einer Bombendrohung. Doch nichts davon wurde umgesetzt.<br \/>\n.<br \/>\nWarum nicht?<br \/>\nLehmann: Weil Gott seine Hand \u00fcber uns gehalten hat.<br \/>\n.<br \/>\nHatte die Stasi nicht einfach Angst vor der Reaktion der \u00d6ffentlichkeit?<br \/>\nLehmann: Ach, die Stasi hat ja noch ganz andere Sachen gemacht. Darum glaube ich, wir hatten den Beistand Gottes. Ich wei\u00df, was Sie denken \u2013 wahrscheinlich das, was die Leute denken, wenn ich die Geschichte von Daniel in der L\u00f6wengrube erz\u00e4hle. In der Gott auf wunderbare Weise den Propheten vor den Raubtiern rettete, indem er es bes\u00e4nftigte. Aber genau das ist es, was ich damals mit der Stasi erlebt habe, die die Macht hatte, uns wie eine Laus zu zerquetschen. Aber Gott hat dieser Bestie die Schnauze zugedr\u00fcckt. Und sie hatte nicht nur Ma\u00dfnahmen gegen unseren Gottesdienst geplant, sondern auch gegen mich pers\u00f6nlich, inklusive mich in Richtung Westen loszuwerden. Und auch auf die Gefahr hin, da\u00df Sie mich erneut bel\u00e4cheln: Ich betrachte auch den Fall der Mauer und den Untergang der DDR als ein biblisches Wunder!<br \/>\n.<br \/>\nInwiefern das?<br \/>\nLehmann: Weil, und das wissen die meisten Leute heute nicht mehr, sie eine in jeder Hinsicht bis an die Z\u00e4hne bewaffnete Diktatur war. Und weil etwa w\u00e4hrend der Montagsdemonstrationen Leipzig wie eine Stadt unter milit\u00e4rischer Belagerung war: \u00dcberall Volkspolizei, Volksarmee, bewaffnete Betriebskampfgruppen sowie die hochgef\u00e4hrliche Staatssicherheit. Dazu Vorbereitung von Krankenh\u00e4usern, Bereitstellung von Blutkonserven und Planungen zur Internierung von Gefangenen. Und dann \u2013 fiel kein einziger Schu\u00df! Das kann nur der nicht f\u00fcr ein Wunder halten, der sich nicht klarmacht, wie die Lage war.<br \/>\n.<br \/>\nWir m\u00fcssen wachsam sein! Damit die nie wieder die Macht kriegen, egal unter welchem Namen sie auftreten &#8230; Mi\u00dftrauen gegen\u00fcber allen, die \u00fcber uns geherrscht haben &#8230; Das ist der Preis der Freiheit\u201c, haben Sie, wie Sie sagten, zu Weihnachten 1989 gepredigt. Heute regiert die SED als Die Linke in drei Bundesl\u00e4ndern, in zwei weiteren war sie an der Macht. War Ihre Warnung umsonst?<br \/>\nLehmann: Nein, aber es ist unertr\u00e4glich, da\u00df die Partei und die DDR und die Mitverantwortlichen von damals heute nicht so schlecht angesehen sind, wie sie es sein m\u00fc\u00dften. Anders ist etwa nicht zu erkl\u00e4ren, da\u00df ohne einen Sturm tiefster Emp\u00f6rung \u00f6ffentlich gesagt werden kann, die DDR sei kein Unrechtstaat gewesen. Oder denken Sie an die Renten der SED-Eliten, die \u00fcber denen derer liegen, die unter ihnen im Zuchthaus sa\u00dfen. Viele Kader sind in Wirtschaft und Politik untergekommen. Ich hatte damals geglaubt, die w\u00fcrden alle rausfliegen \u2013 ein Irrtum. Und da\u00df sie in Th\u00fcringen sogar die Regierung anf\u00fchrt, unvorstellbar! Allerdings ist, was ich mir 1989 vorgestellt habe, nach der Nazizeit auch nicht gelungen. Vielleicht ist es ja auch gar nicht anders m\u00f6glich &#8230;<br \/>\n.<br \/>\nEs geht also nur um die \u201eLinke\u201c?<br \/>\nLehmann: Nein, keineswegs. Heute erf\u00fcllen sich allgemein die prophetischen Worte der <strong>B\u00fcrgerrechtlerin B\u00e4rbel Bohley:<\/strong> <em>\u201eStasi-Strukturen (und die) Methoden, mit denen sie gearbeitet haben &#8230; All das wird in die falschen H\u00e4nde geraten. Man wird sie ein wenig adaptieren, damit sie zu einer freien, westlichen Gesellschaft passen. Man wird St\u00f6rer nicht unbedingt verhaften \u2013 es gibt feinere M\u00f6glichkeiten, unsch\u00e4dlich zu machen. Aber die geheimen Verbote, das Beobachten, der Argwohn, die Angst, das Isolieren und Ausgrenzen, das Brandmarken und Mundtotmachen wird wiederkommen &#8230; Man wird Einrichtungen schaffen, viel effektiver, viel feiner als die Stasi. Auch das st\u00e4ndige L\u00fcgen wird wiederkommen, die Desinformation und der Nebel, in dem alles seine Kontur verliert.\u201c<\/em> Als ich damals zur Wendezeit jeden eiskalten Montagabend vor dem \u201eNischel\u201c, der gro\u00dfen Plastik des Kopfs von Karl Marx im Chemnitzer Zentrum, stand und mitdemonstriert habe, h\u00e4tte ich es nie f\u00fcr m\u00f6glich gehalten, da\u00df man, entsprechend Bohleys Worten, 25 Jahre sp\u00e4ter ebenda wieder zur Verteidigung der Meinungsfreiheit demonstrieren w\u00fcrde, als sich dort 2014 Pegida versammelte.<br \/>\n.<br \/>\n<strong>Dieser Vergleich gilt heute als \u201eBeleidigung\u201c der Friedlichen Revolution.<\/strong><br \/>\nLehmann: Als ich sah, wie man damals \u00fcber die Menschen bei Pegida sprach, n\u00e4mlich als \u201ePack\u201c und Demokratie\u00adfeinde, erinnerte mich das daran, wie zur SED-Zeit wir beschrieben wurden \u2013 n\u00e4mlich genauso, nur da\u00df man Rowdys und staatsfeindliche Elemente sagte. Also bin ich los, um mir selbst ein Bild zu machen. Was ich vorfand, war kein \u201ePack\u201c (Sigmar Gabriel), sondern vor allem B\u00fcrger. Ich erinnere mich auch, wie sich vor 1989 die Stasi intern beklagte, ich bliebe in meinen Predigten stets \u201eunterhalb der strafrechtlichen Relevanz\u201c, Zitat aus meiner Stasi-Akte. Genau so ist es heute wieder: da\u00df man \u00fcberlegen mu\u00df, wie man formuliert, um nicht sanktioniert zu werden! Damit will ich nicht sagen, da\u00df die Zust\u00e4nde heute wie in der DDR sind \u2013 das sind sie nicht. Aber wir marschieren in ihre Richtung! Denn das Charakteristische der DDR war diese schwarze Decke der Angst, die \u00fcber den Menschen lag und von der wir nach der Friedlichen Revolution erstmals wirklich befreit waren \u2013 es gab wirkliche Freiheit! Doch heute ist diese schwarze Decke zur\u00fcck \u2013 und das h\u00e4tte ich 1989 niemals f\u00fcr m\u00f6glich gehalten.<br \/>\n.<br \/>\n<strong>Heute kritisieren Sie aber auch die Kirche.<\/strong><br \/>\nLehmann: Gerade zu Weihnachten mu\u00df man erinnern, wie feige diese heute gro\u00dfe Teile der biblischen Botschaft verschweigt! Etwa die S\u00fcnde \u2013 weil sie Angst hat, da\u00df die Leute das nicht h\u00f6ren wollen. Die Leute wollten nicht, da\u00df man ihnen droht. Das ist ein Witz, denn kein Pfarrer droht auch nur entfernt, wie es etwa die \u00fcberaus popul\u00e4re Greta Thunberg tut, die sagt, sie wolle, da\u00df die Menschen vor Angst in Panik geraten. Und die Vorstellung, da\u00df es kein g\u00f6ttliches Gericht g\u00e4be, ist ebenso falsch. Denn Gericht bedeutet nichts anderes, als da\u00df es Gerechtigkeit und Rettung gibt \u2013 bedeutet n\u00e4mlich, da\u00df die gro\u00dfen Lumpen am Ende nicht davonkommen und ihre Opfer nicht auf der Strecke bleiben werden. Was feiern wir denn zu Weihnachten? Die Geburt von Jesus Christus, unserem Retter! Doch gerettet werden kann nur, wenn auch Gefahr besteht.<br \/>\n&#8230; Alles vom 20.12.2019 von Moritz Schwarz bitte lesen<br \/>\nin der Jungen Freiheit, 52\/19, Seite 3<\/p>\n<p><em>Dr. Theo Lehmann, wegen seiner f\u00fcr die SED provozierenden bibeltreuen Predigten geriet der Chemnitzer Jugendpfarrer in den siebziger Jahren in Konflikt mit dem Ministerium f\u00fcr Staatssicherheit. Dieses infiltrierte sein privates Umfeld, initiierte Verleumdungskampagnen und versuchte, ihn au\u00dfer Landes zu dr\u00e4ngen.<br \/>\nAls einer derjenigen, die \u201edie Friedliche Revolution von 1989 erst m\u00f6glich gemacht haben\u201c, wurde dem evangelischen Theologen, geboren 1934 in Dresden, 2003 die Verfassungsmedaille des Freistaats Sachsen verliehen.<br \/>\n2006 erhielt er den Walther-K\u00fcnneth-Preis der Kirchlichen Sammlung f\u00fcr Bibel und Bekenntnis.<br \/>\nIm Jahr 2005 erschien seine Autobiographie \u201eFreiheit wird dann sein. Aus meinem Leben\u201c<\/em><\/p>\n<p>.<\/p>\n<p><strong>Hartwig Kluge: DDR-H\u00e4ftling und heutiger Freiburger vor 50 Jahren in die Freiheit entlassen<\/strong><br \/>\n<em>Nach einem Fluchtversuch wurde Hartwig Kluge in der DDR inhaftiert. Am Tag seiner Entlassung durfte er in den Westen ausreisen und kam nach S\u00fcdbaden. Die Freiheit ist das gr\u00f6\u00dfte Geschenk seines Lebens.<\/em><br \/>\n<em>F\u00fcr BZ-Mitarbeiter Hartwig Kluge ist jedes Jahr bereits am 19. Dezember Weihnachten. Denn an diesem Tag \u2013 der sich heute zum 50. Mal j\u00e4hrt \u2013 bekam er das gr\u00f6\u00dfte Geschenk seines Lebens: die Freiheit.<\/em><br \/>\n.<br \/>\nDer 72-J\u00e4hrige wurde im Januar 1969 in der DDR nach einem gescheiterten Fluchtversuch inhaftiert. Knapp ein Jahr sp\u00e4ter durfte er nach Westdeutschland ausreisen. F\u00fcr ihn ist der Tag der Freilassung jedes Jahr ein Grund zu feiern.<br \/>\nSchon als Jugendlicher konnte sich Kluge, aufgewachsen in gutb\u00fcrgerlichen Verh\u00e4ltnissen, nicht so recht mit dem sozialistischen System der DDR anfreunden. Sein Unmut wuchs mit den Jahren. Nach dem Abitur versagte man ihm die M\u00f6glichkeit, Deutsch und Sport auf Lehramt zu studieren. Als offizielle Begr\u00fcndung wurde das Nichtbestehen der Aufnahmepr\u00fcfung an der Universit\u00e4t angef\u00fchrt. Aus den Stasi-Akten erfuhr Kluge, viele Jahre sp\u00e4ter allerdings, dass nicht sein Abschneiden entscheidend war, sondern das Begleitschreiben des Rektors, der den jungen Mann als vermeintlichen Regimegegner auswies.<br \/>\n.<br \/>\n<strong>Sein Fluchtversuch an der ungarisch-jugoslawischen Grenze schlug fehl<\/strong><br \/>\nKluge sollte, so der Wunsch von oben, nach dem Abitur zun\u00e4chst in der Braunkohlefabrik arbeiten. Das wollte er nicht. Stattdessen begann er ein Kirchenrechts-studium \u2013 und davon zu tr\u00e4umen, in den Westen zu gehen. Ende 1968 plante er seine Flucht. Diese scheiterte am 3. Januar 1969 an der ungarisch-jugoslawischen Grenze \u2013 und Kluge wurde zu 18 Monaten Haft verurteilt. Nach den ersten Wochen im Gef\u00e4ngnis von Budapest kam er f\u00fcnf Monate in Untersuchungshaft im &#8222;Roten Ochsen&#8220;, dem Zuchthaus seiner Geburtsstadt Halle. Anschlie\u00dfend wurde er zun\u00e4chst nach Cottbus und sp\u00e4ter Chemnitz verlegt.<br \/>\nSeine Erinnerungen an die Zeit hinter Gittern sind f\u00fcr Kluge qualvoll. Nicht nur wegen der Brutalit\u00e4t und zerm\u00fcrbenden, bis zu 20 Stunden dauernden Verh\u00f6ren. Sondern vor allem deshalb, weil seine Eltern zun\u00e4chst dachten, ihr Sohn sei tot. Die Mutter erlitt deshalb einen Nervenzusammenbruch. &#8222;Ich konnte im Vorfeld niemandem von meinen Fluchtpl\u00e4nen erz\u00e4hlen&#8220;, erinnert er sich. &#8222;Damit h\u00e4tte ich die Eingeweihten in Gefahr gebracht.&#8220; Also wussten weder seine Eltern, noch die Geschwister, was er vorhatte. Bis die Stasi die Familie \u00fcber die Inhaftierung Hartwig Kluges informierte, gingen mehrere Wochen ins Land. &#8222;Meine Eltern erfuhren es beil\u00e4ufig, als die Stasi kam, um mein Zimmer zu durchsuchen.&#8220;<\/p>\n<p><strong>Die Zeit im Gef\u00e4ngnis war gepr\u00e4gt von Ungewissheit<\/strong><br \/>\nKonsequenzen hatte der Fluchtversuch f\u00fcr Vater Joachim Kluge auch insofern, als dessen Tierarztpraxis aus diesem Grund verstaatlicht wurde. &#8222;Gl\u00fccklicherweise hat er mir das nie \u00fcbel genommen, unsere Beziehung hat noch nicht einmal Haarrisse bekommen&#8220;, sagt Kluge. Der starke Familienzusammenhalt war es auch, der ihm zur Freiheit verhalf: &#8222;Dank meiner Verwandten in Westdeutschland kam ich auf die Freikaufliste.&#8220;<br \/>\n.<br \/>\nDoch zuvor musste er ausharren. &#8222;Ich erinnere mich an jeden einzelnen Tag meiner Haft.&#8220; Viele Erinnerungen dieser Zeit hat er sp\u00e4ter aufgeschrieben. Etwa die an ein Schachbrett, das er auf ein St\u00fcck Toilettenpapier gemalt hatte und mit dem er durch die Zellwand mit seinem Gegen\u00fcber per Klopfzeichen spielte. Oder daran, dass politischen und damit vermeintlich gef\u00e4hrlichen Gefangenen viel weniger Respekt entgegengebracht wurde, als &#8222;nur Kriminellen&#8220;. Die vielen bangen Stunden voller Ungewissheit sind unvergessen. &#8222;Ich habe mich immer wieder gefragt: Was machen sie mit dir? Was wissen sie \u00fcber dich?&#8220;<br \/>\nAm 18. Dezember 1969 bekam er die Mitteilung, &#8222;nicht w\u00fcrdig&#8220; zu sein, in der DDR zu leben. &#8222;Das war eine der sch\u00f6nsten Nachrichten meines Lebens&#8220;, erz\u00e4hlt Kluge mit einem L\u00e4cheln auf den Lippen. Am folgenden Tag war es so weit: Kluge und weitere 29 H\u00e4ftlinge durften ausreisen. Um genau 18.13 Uhr \u00fcberquerte der Bus &#8222;diese furchtbare Grenze&#8220;. Hartwig Kluge erinnert sich daran, als w\u00e4re es gestern gewesen. &#8222;Im Bus gab es Bananen und Apfelsinen, an der Autobahnrastst\u00e4tte Rollbraten.&#8220; In Gie\u00dfen endete die Reise. Das Ankommen in der Freiheit ist Kluge so lebendig im Ged\u00e4chtnis, als w\u00e4re es gestern gewesen: &#8222;Der Osten war dunkel, im Westen funkelte die Weihnachtsbeleuchtung.&#8220; Ein Bummel durch die Glitzerwelt und dazu Geld f\u00fcr das erste Bier auf der anderen Seite: &#8222;Das war das Paradies f\u00fcr uns.&#8220;<br \/>\nIn Freiburg begann Kluge 1970 ein neues Leben \u2013 wegen der Entfernung zu Berlin<br \/>\n.<br \/>\nEin paar Tage sp\u00e4ter holten Verwandte Kluge in Gie\u00dfen ab, er feierte mit ihnen Weihnachten und Silvester. &#8222;1970 begann ein neues Leben f\u00fcr mich.&#8220; In Freiburg. Dorthin ging Kluge, &#8222;weil ich so weit wie m\u00f6glich von Berlin weg sein wollte&#8220;. Er studierte Jura, arbeitete anschlie\u00dfend bei einer privaten Krankenversicherung und fand auch sein privates Gl\u00fcck. Nach Stationen in L\u00f6rrach und Mannheim kehrte er vor 26 Jahren nach Freiburg zur\u00fcck. Kluge empfindet gro\u00dfe Dankbarkeit daf\u00fcr, psychisch so stabil zu sein. Er wei\u00df, dass das nicht jedem verg\u00f6nnt ist und viele mit ihrer Vergangenheit keinen Frieden schlie\u00dfen k\u00f6nnen. 2010 war er so weit, dass er noch einmal zum &#8222;Roten Ochsen&#8220; zur\u00fcckkehrte.<br \/>\nBereits 1992 bekam Kluge Zugriff auf seine Stasi-Akte. Seit er diese gelesen hat, ist er sich sicher: &#8222;Die waren mir dicht auf den Fersen \u2013 und h\u00e4tten mich auch eingelocht, wenn ich nicht versucht h\u00e4tte zu fl\u00fcchten.&#8220; Etliche Vergehen waren 1968 in seiner Akte vermerkt. Etwa, dass er nicht zur Wahl gegangen war. Oder bei einem Fu\u00dfballspiel den Schiedsrichter als &#8222;Russenkopp&#8220; beschimpft hatte. &#8222;Lauter so Kinkerlitzchen.&#8220;<br \/>\n.<br \/>\n<strong>Laut Stasi-Akte wurde Kluge von einem pers\u00f6nlichen Kontakt verraten<\/strong><br \/>\nGanz zentral war f\u00fcr Kluge beim Stasi-Aktenstudium die Frage nach dem &#8222;Wer?&#8220;. Waren die N\u00e4chsten echte Freunde, oder eben doch Spitzel? Kluges Freunde waren echt. Bis auf einen sehr pers\u00f6nlichen Kontakt, der sich als Stasi-Spitzel herausstellte. Kluge erz\u00e4hlt das mit Entt\u00e4uschung. Aber ohne Bitterkeit. Viele Zeitzeugen verdr\u00e4ngen ihre Vergangenheit, m\u00f6chten nicht dar\u00fcber sprechen. Kluges Vater etwa wollte seine Stasi-Akte nicht lesen. Daf\u00fcr machte sein Sohn es nach dessen Tod. &#8222;Das war kn\u00fcppelhart&#8220;, gibt er zu. Mehr als ein Dutzend Spitzel seien auf ihn angesetzt gewesen. &#8222;Mein Vater hatte gro\u00dfes Gl\u00fcck, dass seine Renitenz keine Konsequenzen hatte.&#8220;<br \/>\nSeine Erfahrungen und seine Erinnerungen nutzt der zweifache Vater Hartwig Kluge heute, um Jugendliche \u00fcber die deutsche Vergangenheit aufzukl\u00e4ren. Seit drei Jahren besucht er regelm\u00e4\u00dfig Schulen und spricht mit Teenagern \u00fcber die Geschichte, &#8222;um deren Demokratiebewusstsein zu wecken&#8220;. Dabei gibt er emotionale und pers\u00f6nliche Einblicke in sein Leben in der DDR, &#8222;die nicht nur Stasi war, aber eben auch&#8220;.<br \/>\n.<br \/>\n<strong>Den 19. Dezember feiert Kluge seither jedes Jahr<\/strong><br \/>\nHartwig Kluge akzeptiert seine Vergangenheit und das ihm widerfahrene Unrecht. Und doch l\u00e4sst es ihn nicht los. &#8222;Dass ich immer wieder schlecht tr\u00e4ume, zeigt mir, dass es in meinem Unterbewusstsein Spuren hinterlassen hat.&#8220; Immer geholfen hat ihm all die Jahre das Laufen: Mehrere Marathons, ungez\u00e4hlte Halbmarathons und viele weitere Wettbewerbe hat er bestritten. &#8222;Das Laufen war immer ein Kontinuum in meinem Leben.&#8220; Genauso wie die j\u00e4hrliche Feier des 19. Dezembers.<\/p>\n<p><a href=\"https:\/\/www.freiburg-schwarzwald.de\/blog\/global\/deutschland\/ddr-stasi\/kluge-hartwig-ddr201912\/\" rel=\"attachment wp-att-77430\"><img loading=\"lazy\" decoding=\"async\" class=\"alignnone size-thumbnail wp-image-77430\" src=\"https:\/\/www.freiburg-schwarzwald.de\/blog\/wp-content\/uploads\/2019\/12\/kluge-hartwig-ddr201912-101x180.jpg\" alt=\"kluge-hartwig-ddr201912\" width=\"101\" height=\"180\" srcset=\"https:\/\/www.freiburg-schwarzwald.de\/blog\/wp-content\/uploads\/2019\/12\/kluge-hartwig-ddr201912-101x180.jpg 101w, https:\/\/www.freiburg-schwarzwald.de\/blog\/wp-content\/uploads\/2019\/12\/kluge-hartwig-ddr201912.jpg 360w\" sizes=\"auto, (max-width: 101px) 100vw, 101px\" \/><\/a>\u00a0.<a href=\"https:\/\/www.freiburg-schwarzwald.de\/blog\/global\/deutschland\/ddr-stasi\/kluge-hartwig-ddr201912\/\" rel=\"attachment wp-att-77430\"><br \/>\n<\/a><\/p>\n<p>Heute ist es wieder so weit. Hartwig Kluge hat Freunde eingeladen. Um Punkt 18.13 Uhr wird angesto\u00dfen. Nat\u00fcrlich mit Rotk\u00e4ppchensekt.<br \/>\n&#8230; Alles vom 19.12.2019 von Hartwig Kluge bitte lesen auf<br \/>\n<a href=\"https:\/\/www.badische-zeitung.de\/ddr-haeftling-und-heutiger-freiburger-vor-50-jahren-in-die-freiheit-entlassen--180675235.html\">https:\/\/www.badische-zeitung.de\/ddr-haeftling-und-heutiger-freiburger-vor-50-jahren-in-die-freiheit-entlassen&#8211;180675235.html<\/a><\/p>\n<p>&nbsp;<\/p>\n","protected":false},"excerpt":{"rendered":"<p>Home\u00a0&gt;Engagement\u00a0&gt;Zukunft\u00a0&gt;Demokratie\u00a0&gt;Global\u00a0&gt;Deutschland\u00a0&gt;DDR\u00a0&gt;DDR-Stasi Listenauswahl eines Beitrags (Artikel\/Datum, Seite\/Inhalt):\u00a0Klicken\u00a0oder scrollen 17. Juni 1953 und 17. Juni 2025\u00a0(17.6.2925) Annalena Baerbock verh\u00f6hnt die Ostdeutschen mit einem uns\u00e4glichen Vergleich (31.8.2024) \u201eHeute ist es noch viel schlimmer als zu der damaligen Zeit\u201c (8.6.2024) DDR-B\u00fcrgerrechtler Werner Schulz (Gr\u00fcne) &hellip; <a href=\"https:\/\/www.freiburg-schwarzwald.de\/blog\/global\/deutschland\/ddr-stasi\/\">Weiterlesen <span class=\"meta-nav\">&rarr;<\/span><\/a><\/p>\n","protected":false},"author":2,"featured_media":0,"parent":62490,"menu_order":0,"comment_status":"open","ping_status":"closed","template":"","meta":{"footnotes":""},"class_list":["post-77403","page","type-page","status-publish","hentry"],"_links":{"self":[{"href":"https:\/\/www.freiburg-schwarzwald.de\/blog\/wp-json\/wp\/v2\/pages\/77403","targetHints":{"allow":["GET"]}}],"collection":[{"href":"https:\/\/www.freiburg-schwarzwald.de\/blog\/wp-json\/wp\/v2\/pages"}],"about":[{"href":"https:\/\/www.freiburg-schwarzwald.de\/blog\/wp-json\/wp\/v2\/types\/page"}],"author":[{"embeddable":true,"href":"https:\/\/www.freiburg-schwarzwald.de\/blog\/wp-json\/wp\/v2\/users\/2"}],"replies":[{"embeddable":true,"href":"https:\/\/www.freiburg-schwarzwald.de\/blog\/wp-json\/wp\/v2\/comments?post=77403"}],"version-history":[{"count":5,"href":"https:\/\/www.freiburg-schwarzwald.de\/blog\/wp-json\/wp\/v2\/pages\/77403\/revisions"}],"predecessor-version":[{"id":135339,"href":"https:\/\/www.freiburg-schwarzwald.de\/blog\/wp-json\/wp\/v2\/pages\/77403\/revisions\/135339"}],"up":[{"embeddable":true,"href":"https:\/\/www.freiburg-schwarzwald.de\/blog\/wp-json\/wp\/v2\/pages\/62490"}],"wp:attachment":[{"href":"https:\/\/www.freiburg-schwarzwald.de\/blog\/wp-json\/wp\/v2\/media?parent=77403"}],"curies":[{"name":"wp","href":"https:\/\/api.w.org\/{rel}","templated":true}]}}