{"id":76876,"date":"2019-12-09T19:44:09","date_gmt":"2019-12-09T18:44:09","guid":{"rendered":"https:\/\/www.freiburg-schwarzwald.de\/blog\/?page_id=76876"},"modified":"2019-12-25T13:29:10","modified_gmt":"2019-12-25T12:29:10","slug":"augsburg061219tod-nach-sturz","status":"publish","type":"page","link":"https:\/\/www.freiburg-schwarzwald.de\/blog\/global\/migration\/augsburg061219tod-nach-sturz\/","title":{"rendered":"Augsburg061219tod-nach-sturz"},"content":{"rendered":"<p><a href=\"https:\/\/www.freiburg-schwarzwald.de\/blog\">Home<\/a>\u00a0&gt;<a title=\"Selbsthilfe\" href=\"https:\/\/www.freiburg-schwarzwald.de\/blog\/selbsthilfe\/\">Selbsthilfe<\/a>\u00a0&gt;<a title=\"Krise\" href=\"https:\/\/www.freiburg-schwarzwald.de\/blog\/selbsthilfe\/krise\/\">Krise<\/a>\u00a0&gt;<a title=\"Gewalt\" href=\"https:\/\/www.freiburg-schwarzwald.de\/blog\/selbsthilfe\/krise\/gewalt\/\">Gewalt<\/a>\u00a0&gt;<a title=\"Polizei\" href=\"https:\/\/www.freiburg-schwarzwald.de\/blog\/selbsthilfe\/soziales\/justiz\/polizei\/\">Polizei<\/a>\u00a0&gt;<a title=\"Integration\" href=\"https:\/\/www.freiburg-schwarzwald.de\/blog\/global\/integration\/\">Integration<\/a>\u00a0&gt;<a title=\"Kriminalitaet\" href=\"https:\/\/www.freiburg-schwarzwald.de\/blog\/selbsthilfe\/krise\/gewalt\/kriminalitaet\/\">Kriminalitaet<\/a>\u00a0&gt;Augsburg061219tot-nach-sturz<\/p>\n<div id=\"attachment_70760\" style=\"width: 651px\" class=\"wp-caption alignnone\"><a href=\"https:\/\/www.freiburg-schwarzwald.de\/blog\/business\/rezession\/schwarzwald-berge2019pan\/\" rel=\"attachment wp-att-70760\"><img loading=\"lazy\" decoding=\"async\" aria-describedby=\"caption-attachment-70760\" class=\"size-full wp-image-70760\" src=\"https:\/\/www.freiburg-schwarzwald.de\/blog\/wp-content\/uploads\/2019\/02\/schwarzwald-berge2019pan.jpg\" alt=\"Blick vom Feldberg nach S\u00fcden \u00fcber die Schwarzwald-Berge im Januar 2019\" width=\"641\" height=\"272\" srcset=\"https:\/\/www.freiburg-schwarzwald.de\/blog\/wp-content\/uploads\/2019\/02\/schwarzwald-berge2019pan.jpg 641w, https:\/\/www.freiburg-schwarzwald.de\/blog\/wp-content\/uploads\/2019\/02\/schwarzwald-berge2019pan-180x76.jpg 180w, https:\/\/www.freiburg-schwarzwald.de\/blog\/wp-content\/uploads\/2019\/02\/schwarzwald-berge2019pan-640x271.jpg 640w\" sizes=\"auto, (max-width: 641px) 100vw, 641px\" \/><\/a><p id=\"caption-attachment-70760\" class=\"wp-caption-text\">Blick vom Feldberg nach S\u00fcden \u00fcber die Schwarzwald-Berge im Januar 2019<\/p><\/div>\n<p>&nbsp;<\/p>\n<ul>\n<li><a title=\"Kriminalstatistik\" href=\"https:\/\/www.freiburg-schwarzwald.de\/blog\/selbsthilfe\/krise\/gewalt\/kriminalstatistik\/\">Migranten sind zehnmal \u00f6fter mordverd\u00e4chtig<\/a>\u00a0(17.12.2019)<\/li>\n<li><a title=\"Zivilcourage\" href=\"https:\/\/www.freiburg-schwarzwald.de\/blog\/engagement\/zivilcourage\/\">Intifada der Zornigen \u2013\u00a0Der Preis der Zivilcourage nach Augsburg<\/a> (13.12.2019)<\/li>\n<li><a title=\"Schweigen zu Augsburg: Nein\" href=\"https:\/\/www.freiburg-schwarzwald.de\/blog\/schweigen-zu-augsburg-nein\/\">Schweigen zu Augsburg: Nein<\/a> (12.12.2019)<\/li>\n<li>Boris Palmer zu Augsburg: Ja, es gibt Migrantengewalt (11.12.2019)<\/li>\n<li>Augsburgs OB nennt Totschlag von Feuerwehrmann \u201etragischen Vorfall\u201c (11.12.2019)<\/li>\n<li><a title=\"Aufschrei Trauer MeToo \u2013 nichts\" href=\"https:\/\/www.freiburg-schwarzwald.de\/blog\/aufschrei-trauer-metoo-nichts\/\">Aufschrei Trauer MeToo &#8211; Nichts<\/a> (11.12.2019)<\/li>\n<li><a title=\"Augsburg: Feuerwehrmann tot\" href=\"https:\/\/www.freiburg-schwarzwald.de\/blog\/augsburg-feuerwehrmann-tot\/\">Augsburg: Feuerwehrmann tot<\/a> (10.12.2019)<\/li>\n<li>Der Schlag war unvermittelt mit voller Wucht (9.12.2019)<\/li>\n<li>Augsburg: Tod durch Sturz? (9.12.2019)<\/li>\n<li><a title=\"Weihnachten\" href=\"https:\/\/www.freiburg-schwarzwald.de\/blog\/religion\/kirchen\/weihnachten\/\">Augsburger Christkindlesmarkt: 49-J\u00e4hriger totgeschlagen<\/a> (8.12.2019)<\/li>\n<li><a title=\"Berlin Breidscheidplatz 19dez17\" href=\"https:\/\/www.freiburg-schwarzwald.de\/blog\/berlin-breidscheidplatz-19dez17\/\">Breitscheidplatz \u2013 erw\u00fcnschtes Vergessen der Opfer<\/a> (24.9.2019)<\/li>\n<li><\/li>\n<li><a title=\"Bremen07-01-2019anschlag\" href=\"https:\/\/www.freiburg-schwarzwald.de\/blog\/engagement\/zukunft\/demokratie\/bremen07-01-2019anschlag\/\">Bremen07-01-2019Anschlag<\/a><\/li>\n<li><a title=\"Berlin\" href=\"https:\/\/www.freiburg-schwarzwald.de\/blog\/global\/deutschland\/berlin\/\">Berllin<\/a><\/li>\n<li><a title=\"Bruessel22-3-2016\" href=\"https:\/\/www.freiburg-schwarzwald.de\/blog\/engagement\/zukunft\/demokratie\/bruessel22-3-2016\/\">Bruessel22-3-2016<\/a><\/li>\n<li><a title=\"Deutschland\" href=\"https:\/\/www.freiburg-schwarzwald.de\/blog\/global\/deutschland\/\">Deutschland<\/a><\/li>\n<li><a title=\"Dreisam-Mord\" href=\"https:\/\/www.freiburg-schwarzwald.de\/blog\/global\/integration\/dreisam-mord\/\">Dreisam-Mord<\/a><\/li>\n<li><a title=\"IS\" href=\"https:\/\/www.freiburg-schwarzwald.de\/blog\/religion\/islam\/is\/\">IS<\/a><\/li>\n<li><a title=\"Islam\" href=\"https:\/\/www.freiburg-schwarzwald.de\/blog\/religion\/islam\/\">Islam<\/a><\/li>\n<li><a title=\"Linke-Gewalt\" href=\"https:\/\/www.freiburg-schwarzwald.de\/blog\/selbsthilfe\/krise\/gewalt\/linke-gewalt\/\">Linke-Gewalt<\/a><\/li>\n<li><a title=\"Migration-jung\" href=\"https:\/\/www.freiburg-schwarzwald.de\/blog\/global\/migration\/migration-jung\/\">Migration-jung \u2013 Bindungslos-vagabundierende Migration<\/a><\/li>\n<li><a title=\"Paris13nov2015\" href=\"https:\/\/www.freiburg-schwarzwald.de\/blog\/engagement\/zukunft\/demokratie\/paris13nov2015\/\">Paris13nov2015<\/a><\/li>\n<li><a title=\"Rouen26July2016\" href=\"https:\/\/www.freiburg-schwarzwald.de\/blog\/engagement\/zukunft\/demokratie\/rouen26july2016\/\">Rouen26July2016<\/a><\/li>\n<li><a title=\"Strasbourg11Dez2018\" href=\"https:\/\/www.freiburg-schwarzwald.de\/blog\/global\/integration\/strasbourg11dez2018\/\">Strasbourg11Des2018 \u2013 Islam-Terroranschlag<\/a><\/li>\n<li><a title=\"Terror\" href=\"https:\/\/www.freiburg-schwarzwald.de\/blog\/religion\/islam\/terror\/\">Terror<\/a><\/li>\n<li><a title=\"Youth-Bulges\" href=\"https:\/\/www.freiburg-schwarzwald.de\/blog\/engagement\/zukunft\/krieg\/youth-bulges\/\">Youth Bulges \u2013 Jugend und Krieg<\/a><\/li>\n<\/ul>\n<p>&nbsp;<\/p>\n<p><strong>Am 6.12.2019 wird ein 49j\u00e4hriger Feuerwehrmann\u00a0im Zuge des Besuchs des Augsburger Christkindlesmarkts vermutlich von einem 17-J\u00e4hrigen Deutschen mit t\u00fcrkischem und libanesischen Pa\u00df tot geschlagen. Sechs weitere Jugendliche sind ebenfalls in Haft, davon 5 mit t\u00fcrkischen Wurzeln.<\/strong><\/p>\n<p>&nbsp;<\/p>\n<p>&nbsp;<\/p>\n<p><strong>Boris Palmer zu Augsburg: Ja, es gibt Migrantengewalt<\/strong><br \/>\n<em>Der brutale Totschlag mitten in Augsburg hat nun die bundesweiten Medien erreicht. Leider wird wie so oft das Problem weitgehend ausgeklammert: Es gibt Gewalt mit Migrationshintergrund.<\/em><br \/>\n&#8230;.<br \/>\nDie AfD hat aber so leichtes Spiel, die Leute zu verhetzen, weil immer wieder versucht wird, die Frage, warum Gewalt und Migration viel zu oft zusammenh\u00e4ngen, zu tabuisieren.<br \/>\nDer Satz, das habe doch nichts mit der Herkunft zu tun, ist schlicht empirisch falsch. Und wer danach fragt, benutzt keine rassistischen Begriffe, sondern betreibt Ursachenforschung.<br \/>\nImmerhin, die S\u00fcddeutsche gesteht das heute weitgehend zu und anerkennt auch, was die Statistik ohnehin unbestreitbar sagt: <em><strong>Unter den Zugewanderten und den Gefl\u00fcchteten gibt es eine erh\u00f6hte Kriminalit\u00e4tsbelastung.<\/strong><\/em> Leider bleibt sie aber bei dem richtigen wie banalen Satz stehen, ob Jugendliche kriminell werden oder nicht, entscheide nicht der genetische, sondern der soziale Hintergrund. Wer etwas anderes behauptet, ist auch einfach nur bescheuert.<br \/>\nDie Erkl\u00e4rung des sozialen Hintergrunds greift aber zu kurz. Es ist eben kein Zufall, das kriminelle Clans \u00fcberwiegend libanesischer Herkunft (Miri-Clan) sind. Es ist kein Zufall, dass Drogendealer in Baden-W\u00fcrttemberg mittlerweile h\u00e4ufig gambischer Herkunft sind. Und es ist kein Zufall, dass Gewaltkriminalit\u00e4t bei jungen M\u00e4nnern besonders ausgepr\u00e4gt ist, wenn sie aus L\u00e4ndern kommen, in denen Gewalt in Gesellschaft und Familie noch legitim ist, in denen ein M\u00e4nnerbild fortlebt, das auf der Aus\u00fcbung von Gewalt beruht, in denen patriarchale Strukturen bis heute nicht aufgebrochen wurden.<br \/>\nDer Unterschied? Soziale Teilhabedefizite weisen uns auf real existierende M\u00e4ngel des Sozialstaats und der Integrationsangebote hin. Das anzusprechen f\u00e4llt uns leicht, denn da kritisieren wir ja die deutsche Gesellschaft und den deutschen Staat.<br \/>\n<em><strong>Die aus den Herkunftsl\u00e4ndern mitgebrachten und an die Kinder weiter gegebene Mannlichkeitsvorstellungen und Gewalt legitimierenden Strukturen zu erkennen und ihnen entgegenzutreten, f\u00e4llt uns schwerer, weil das f\u00e4lschlicherweise mit Rassismus und Ausl\u00e4nderfeindlichkeit gleichgesetzt wird. <\/strong><\/em><\/p>\n<p>Es ist einer der schlimmsten Folgen der <a title=\"Palmer\" href=\"https:\/\/www.freiburg-schwarzwald.de\/blog\/vereine\/partei\/gruene\/palmer\/\">identit\u00e4tslinken<\/a> L\u00e4uterungsagenda, dass Gewalt im Kontext von Migration verharmlost und nicht konsequent bek\u00e4mpft wird.<br \/>\nDie Stuttgarter Zeitung beschreibt, was das bei vielen Menschen ausl\u00f6st. Zitat: \u201eViele sind w\u00fctend, wie dieser B\u00e4r von einem Mann, der eigentlich nicht reden kann, weil die Tr\u00e4nen immer wieder seine Stimme ersticken. Er sei auch Feuerwehrmann gewesen, sagt er, deswegen gehe ihm der Tod des Kollegen so nahe: <em>\u201eAber jedes Arschloch darf nach Deutschland rein. Und hinterher hei\u00dft\u2018s dann, der Vater sei Alkoholiker gewesen, die Mutter Nutte, er selber ohne Arbeit. Und dann wird so ein Schl\u00e4ger frei gesprochen. So schaut\u2019s aus bei uns.\u201c<\/em><br \/>\n&#8230; Alles vom 11.12.2019 von <a title=\"Palmer\" href=\"https:\/\/www.freiburg-schwarzwald.de\/blog\/vereine\/partei\/gruene\/palmer\/\">Boris Palmer<\/a> bitte lesen auf<br \/>\n<a href=\"https:\/\/www.theeuropean.de\/boris-palmer\/ja-es-gibt-migrantengewalt-in-deutschland\/\">https:\/\/www.theeuropean.de\/boris-palmer\/ja-es-gibt-migrantengewalt-in-deutschland\/<\/a><\/p>\n<p>.<\/p>\n<p><strong>Augsburgs OB nennt Totschlag von Feuerwehrmann \u201etragischen Vorfall\u201c<\/strong><br \/>\nach der T\u00f6tung des Feuerwehrmanns Roland S. am Augsburger K\u00f6nigsplatz am 6. Dezember versucht der Oberb\u00fcrgermeister der Stadt Kurt Gribl (CSU) weiter, Begriffe wie \u201eTotschlag\u201c oder \u201eVerbrechen\u201c zu vermeiden. In einer von ihm unterzeichneten Todesanzeige spricht er stattdessen von einem \u201etragischen Vorfall\u201c \u2013 so, als h\u00e4tte es sich bei dem Tod des Familienvaters um einen Unfall gehandelt<br \/>\n&#8230; Alles vom 11.12.2019 bitte lesen auf<br \/>\n<a href=\"https:\/\/www.tichyseinblick.de\/daili-es-sentials\/augsburgs-ob-nennt-totschlag-von-feuerwehrmann-tragischen-vorfall\/\">https:\/\/www.tichyseinblick.de\/daili-es-sentials\/augsburgs-ob-nennt-totschlag-von-feuerwehrmann-tragischen-vorfall\/<\/a><br \/>\n.<br \/>\n<a href=\"https:\/\/www.freiburg-schwarzwald.de\/blog\/global\/migration\/augsburg061219tod-nach-sturz\/augsburg06dez2019todesanzeige\/\" rel=\"attachment wp-att-76965\"><img loading=\"lazy\" decoding=\"async\" class=\"alignnone wp-image-76965 size-thumbnail\" src=\"https:\/\/www.freiburg-schwarzwald.de\/blog\/wp-content\/uploads\/2019\/12\/Augsburg06dez2019todesanzeige-180x180.jpg\" alt=\"Augsburg06dez2019todesanzeige\" width=\"180\" height=\"180\" srcset=\"https:\/\/www.freiburg-schwarzwald.de\/blog\/wp-content\/uploads\/2019\/12\/Augsburg06dez2019todesanzeige-180x180.jpg 180w, https:\/\/www.freiburg-schwarzwald.de\/blog\/wp-content\/uploads\/2019\/12\/Augsburg06dez2019todesanzeige.jpg 400w\" sizes=\"auto, (max-width: 180px) 100vw, 180px\" \/><\/a><\/p>\n<p>.<br \/>\nKommentare:<br \/>\n<strong>Eisesk\u00e4lte<\/strong><br \/>\nEs ist unfassbar mit was f\u00fcr einer Eisesk\u00e4lte solche Darsteller gesegnet sind. Und das alles nur in der Hoffnung das Frauchen und Herrchen dem Fiffi \u00fcbers K\u00f6pfchen streicheln und ihm f\u00fcr seine Besonnenheit loben. Ich glaube dieser Empork\u00f6mmling hat nicht die geringste Ahnung davon welche unbeschreibliche Qualen die Witwe des Feuerwehrmannes erleiden mu\u00df. Es ist nur noch ekelhaft<br \/>\n11.12.2019, Leo, TO<br \/>\n.<br \/>\n<strong>Tragischer Vorfall?<\/strong><br \/>\nUnerschrocken rotzen die Systemlinge<br \/>\nden Opfern und ihren Angeh\u00f6rigen<br \/>\nauch noch unverfroren ins Gesicht,<br \/>\nmachen T\u00e4ter zu Opfern.<br \/>\nAus einem Mord einen tragischen Vorfall.<br \/>\n11.12.2019, Lu, TO<br \/>\n.<br \/>\n<strong>Herzlos, schamlos, ehrlos \u2013 dieser Dr. Gribl<\/strong><br \/>\nIch halte eher das B\u00fcrgermeistersein des Herrn Gribl f\u00fcr einen \u201etragischen Vorfall\u201c.<br \/>\nWie w\u00fcrden es die Relativierer und Sch\u00f6nredner bezeichnen, wenn nicht ein Feuerwehrmann sondern der Herr Oberb\u00fcrgermeister erschlagen worden w\u00e4re? K\u00f6nnte mir vorstellen, dass dies mehrere Wochen Dauerthema in den Fernsehkan\u00e4len w\u00e4re. Aber so \u2013 ein Feuerwehrmann?<br \/>\n11.12.2019, Her<br \/>\n.<br \/>\n<strong>Vor l\u00e4ngerer Zeit kam mein weit \u00fcber 80 j\u00e4hriger Vater in seine Geburtsstadt<\/strong><br \/>\num seine Schwester zu begraben. Er kam mit der Bahn an und meinte die Bahnhofsstra\u00dfe konnte man schon vor einigen Jahren nicht mehr wiedererkennen, nur noch orientalische L\u00e4nden und als er zum K\u00f6nigsplatz kam, ist er lieber au\u00dfen herum gelaufen, denn was dort abgelungert hat, war ihm klar, da\u00df das sehr gef\u00e4hrlich ist und aus einer Nichtigkeit heraus lebensgef\u00e4hrlich werden kann. Wortw\u00f6rtlich ich m\u00f6chte nicht durch ein Getto von Istanbul laufen. Das ist keine Neurose von einem alten Mann, er ist bei weitaus klarerem Verstand im Gegensatz zu jungen Politikern.<br \/>\nEr hat in Augsburg seine Kindheit und die meiste Zeit seines Lebens verbracht, aber wir sind schon vor vielen Jahren als ganze Familie aus dieser sch\u00f6nen Stadt aber mittlerweile zu einem Loch verkommen, ausgewandert\u2026und jetzt stellen Sie sich einmal vor was in so jemanden vor sich geht der auch noch die Bombardierung im WK2 als kleines Kind erlebt und \u00fcberlebt hat und sich solch ein Geschwafel von so einem FDJ-Mutti-G\u00fcnstling anh\u00f6ren mu\u00df!<br \/>\n11.12.2019, Ver, TO<br \/>\n.<br \/>\n<strong>Tragik &#8211; Ist Augsburgs OB nicht der deutschen Sprache m\u00e4chtig?<\/strong><br \/>\nTragisch: auf verh\u00e4ngnisvolle Weise eintretend<br \/>\nund schicksalhaft in den Untergang f\u00fchrend und daher menschliche Ersch\u00fctterung ausl\u00f6send.<br \/>\nSchicksalhaft: vom Schicksal bestimmt, ohne menschliches Zutun geschehend, zustande kommend und unabwendbar.<br \/>\nSind die der deutschen Sprache nicht m\u00e4chtig oder ist das nur infam?<br \/>\n11.12.2019, M.v.R., TO<br \/>\n.<br \/>\n<strong>Sprachliche Perversion: Tragischer Unfall statt Grauenvolles Gewaltverbrechen<\/strong><br \/>\nBei sowas fehlen einem schlicht die Worte. Meine Frau ist noch heute angewidert von der Berichterstattung \u00fcber den kleinen Leo, der in Frankfurt \u201egeschubst wurde und zu Tode kam\u201c. Anstatt es als das zu benennen, was sie allesamt sind, n\u00e4mlich grauenvolle Gewaltverbrechen, vergeht man sich in sprachlichen Perversionen. Einfach nur ekelhaft solche Leute.<br \/>\n11.12.2019, T.R.<br \/>\n.<br \/>\n<strong>Tragisch, meinte der B\u00fcrgermeister, weil wieder ein Migrantenkind<\/strong><br \/>\ndurch den speziell bayerischen Rassismus aus seinem moslemischen Habitat gerissen wird. Die Chiffre \u201etragischer Vorfall\u201c dient insbesondere dem Gericht bei der Kategorisierung dieses Unfalls. In einer Todesanzeige politischen Einflu\u00df auf einen Strafprozess zu nehmen hatten wir auch noch nicht, Herr Griebl.<br \/>\n11.12.2019, Dan, TO<br \/>\n.<br \/>\n<strong>Ja wie soll ich sagen?<\/strong><br \/>\nWenn diese ganze Geschichte von Integrationsversagen und Betroffenheits Vorgegaukelung unbedeutend w\u00e4hr . Aber es geht hier um Schicksale, Kinder welche ohne ihren leiblichen Vater aufwachsen. Eine Ehefrau welche auf einmal mit Existenz- und Zukunfts\u00e4ngsten konfrontiert ist. Aber die Darstellung wird inzwischen etwas phantasievoller. Vom Einzelfall zu einem Tragischen Ereignis. Was ist das Ereignis? Ist der Tot eines Menschen, welcher durch Fremdeinwirkung entstand, ein Ereignis? Die Verrohung unserer Gesellschaft ist im vollem Gange und diese welche solche Worte, f\u00fcr diese weittragenden pers\u00f6nlichen Ereignisse, zu relativieren suchen, haben nicht das geringste Gef\u00fchl geschweige den Empathie. Das geschehene so zu verharmlosen. Sie (nicht ich) sollen sich bis zum tiefsten Grund sch\u00e4men. Nur noch peinlich und traurig.<br \/>\n11.12.2019, P.P., TO<\/p>\n<p><strong>Ob aus Berlin, Freiburg, Offenburg, Kandel, Bonn, K\u00f6ln, Chemnitz \u2013<\/strong><br \/>\negal von welchem Verantwortlichen an den vielen Orten, an denen Menschen durch die Hand von Merkels G\u00e4sten gesch\u00e4digt wurden \u2013 war entweder nichts oder solch triefender beschwichtigender Schmonzes nach Mord und Totschlag von wem auch immer zu h\u00f6ren. Und der sofort folgende Kampf der Bunten gegen Rechts. Nat\u00fcrlich.<br \/>\nUnd mit jedem weiteren Toten stellt sich Bedford-Strohm ob seiner ekligen Plattheit weiter ins Abseits, zumal die anders sozialisierten von dem Kirchenmann tatkr\u00e4ftig mit ins Land gezogen werden: \u201eVielleicht w\u00e4re sie noch am Leben, wenn sie aus dem Mi\u00dftrauen heraus gelebt h\u00e4tte\u201c, gab der EKD-Chef zu bedenken, um dann jedoch zu fragen: \u201eAber w\u00e4re das das bessere Leben gewesen?\u201c<br \/>\n11.12.2019, Kas<\/p>\n<p><strong>Bei einem solchen Verbrechen gibt es nicht nur ein Opfer<\/strong>,<br \/>\nsondern eine ganze Reihe davon: Die Familie, die Verwandten, Freunde und gute Bekannte, die in Zukunft auf einen lieben Menschen verzichten m\u00fcssen, weil es dem T\u00e4ter, pardon, dem Tatverd\u00e4chtigen, so gefallen hat. In der Traueranzeige zu schreiben, das Opfer w\u00e4re bei einem \u201etragischen Vorfall verstorben\u201c, ist nicht nur ein Schlag ins Gesicht des Get\u00f6teten, sondern auch der Hinterbliebenen. &#8222;Durch ein sinnloses Verbrechen wurde am 6.12.2019 unser gesch\u00e4tzter Kollege Rolans S. get\u00f6tet.&#8220; Das w\u00e4re die korrekte Version gewesen. Die andere zeigt, wes Geistes Kind die beiden kondolierenden \u201eW\u00fcrdentr\u00e4ger\u201c sind.<br \/>\n12.11.2019, E.P.<\/p>\n<p>&nbsp;<\/p>\n<p><strong>Der Schlag war unvermittelt mit voller Wucht<\/strong><br \/>\nGegen 22.40 (am 6.12.2019) trug sich die Tat am K\u00f6nigsplatz in Augsburg zu: Der Mitarbeiter der Augsburger Berufsfeuerwehr war am Freitagabend mit seiner Frau und dem befreundeten Paar auf dem Weihnachtsmarkt unterwegs und anschlie\u00dfend in einem Restaurant. Auf dem Heimweg gingen die beiden Frauen voraus, der 49-J\u00e4hrige folgte mit seinem 50 Jahre alten Bekannten. Die \u00dcberwachungsvideos des Tatorts zeigen, wie die beiden M\u00e4nner auf eine Gruppe von sieben Jugendlichen trafen und zun\u00e4chst an ihnen vorbeigingen. Dann drehte sich das sp\u00e4tere Opfer aus einem noch unbekannten Grund Richtung der Gruppe um.<br \/>\nMan sieht daraufhin nach Angaben eines Polizeisprechers, wie die Gruppe gestikuliert, auf den 49-J\u00e4hrigen zugeht, ihn umringt und ein Schlag f\u00e4llt. <em><strong>\u201eDer Schlag war unvermittelt, von der Seite und mit voller Wucht und hat zum Tode gef\u00fchrt\u201c<\/strong><\/em>, sagte der Leiter Kriminalpolizei Augsburg, Gerhard Zintl, am Montag.<br \/>\nDie Gruppe der jungen M\u00e4nner habe sich weiterbewegt und sei auf den 50 Jahre alten Begleiter des Opfers zugegangen, der seinem am Boden liegenden Bekannten zu Hilfe kommen wollte. Der 50-J\u00e4hrige sei attackiert und im Gesicht schwer verletzt worden.<br \/>\n\u201eDer ganze Handlungsablauf hat wenige Sekunden gedauert\u201c, sagte Zintl. Die Frauen blieben k\u00f6rperlich unverletzt. Sieben Verd\u00e4chtige wurden seitdem festgenommen.<br \/>\n&#8230; Alles vom 9.12.2019 bitte lesen auf<br \/>\n<a href=\"https:\/\/www.welt.de\/vermischtes\/article204167598\/Augsburg-Der-Schlag-war-unvermittelt-mit-voller-Wucht.html\">https:\/\/www.welt.de\/vermischtes\/article204167598\/Augsburg-Der-Schlag-war-unvermittelt-mit-voller-Wucht.html<br \/>\n.<br \/>\n<\/a>Alle sieben Jugendlichen ins in Augsburg geboren.<br \/>\nF\u00fcnf haben t\u00fcrkischen Migrationshintergrund, einer italientisch-albannischen.<a href=\"https:\/\/www.welt.de\/vermischtes\/article204167598\/Augsburg-Der-Schlag-war-unvermittelt-mit-voller-Wucht.html\"><br \/>\n<\/a>\u00a0.<br \/>\nKommentare:<br \/>\n&#8222;<strong>Es seien jugendtypische Delikte gewesen&#8220;, so Augsburger Kripochef Gerhard Zintl&#8220;<\/strong><br \/>\nEin jugendtypisches Delikt? Ah ja, Totschlag ist jugendtypisch! Was oder wen versucht man, durch solche zynischen Begr\u00fcndungen zu sch\u00fctzen? Wo soll man dieses Land, in dem wir leben, verorten, wo so etwas jugendtypisch ist?<br \/>\n9.12.2019, A.B.,WO<br \/>\n.<br \/>\n&#8222;Es seien jugendtypische Delikte gewesen, unter anderem auch K\u00f6rperverletzung, sagte der Augsburger Kripochef Gerhard Zintl.&#8220; Dann habe ich ja anscheinend eine sehr untypische Jugend gehabt, da ich nicht mit dem Gesetz in Konflikt gewesen bin.<br \/>\n9.12.2019, H.R.<br \/>\n.<br \/>\n<strong>&#8222;Unertr\u00e4gliche Anfeindungen&#8220; hat der Feuerwehrmann erlitten.<\/strong><br \/>\nDie waren tats\u00e4chlich nicht zu ertragen, und deshalb lebt er jetzt nicht mehr. Ich glaube gern, da\u00df die Emotionen hier hochkochen. Aber die werden nicht dadurch beruhigt, da\u00df weiterhin seitens der Politik und der Medien, nicht der Polizei, die ja meist Ro\u00df und Reiter nennt, wenn sie darf, abgewiegelt, bewchwichtigt, und gewarnt wird, &#8222;man d\u00fcrfe jetzt nicht&#8230;&#8220;. Doch, man darf. Man mu\u00df sogar. Sonst wird es n\u00e4mlich nicht besser. Im Gegenteil.<br \/>\n9.12.2019, M.E., WO<br \/>\n.<br \/>\n<strong>Mein Sohn wurde \u00fcberfallen und ausgeraubt.<\/strong><br \/>\nVon drei Jugendlichen im Alter von 19-21 die dann trotz Vorstrafen alle Bew\u00e4hrungsstrafen bekommen haben. Er hatte mehrere komplizierte Br\u00fcche im Kiefer, durfte wochenlang nur \u00fcber den Strohhalm Nahrung aufnehmen, hat ein Jahr nicht studieren k\u00f6nnen und bleibende Sch\u00e4den. \u00dcber die Nationalit\u00e4t der T\u00e4ter darf ich nicht schreiben. Sonst wird der Kommentar gel\u00f6scht&#8230;. ich bin nur froh dass mein Sohn \u00fcberlebt hat. Dies war leider nur dem einem Opfer in Augsburg verg\u00f6nnt. Ich f\u00fchle mit den Angeh\u00f6rigen. Leider werden die Strafen nicht ad\u00e4quat sein.<br \/>\n9.12.2019, S.T.<\/p>\n<p>.<\/p>\n<p><strong>Augsburg: Tod durch Sturz?<\/strong><br \/>\nDie t\u00f6dliche Attacke auf einen Feuerwehrmann am 7.12.2019 in Augsburg besch\u00e4ftigt die Menschen bundesweit. Der Autor dieses Beitrages stammt aus Augsburg und hat eine vorl\u00e4ufige und pers\u00f6nliche Chronik der Ereignisse und der medialen Reaktionen zusammen gestellt.<br \/>\n&#8230;.<br \/>\n<strong>Ich will informiert werden und kein \u201e<a title=\"Framing\" href=\"https:\/\/www.freiburg-schwarzwald.de\/blog\/kultur\/medien\/framing\/\">Framing<\/a>\u201c<\/strong><br \/>\nDer Bayerische Rundfunk schrieb \u00fcber den tragischen Tod: \u201eNach dem Besuch des #Augsburg|er Weihnachtsmarktes ist ein Mann bei einem handgreiflichen Streit mit einer Gruppe junger M\u00e4nner t\u00f6dlich verletzt worden. Er st\u00fcrzte dabei so schwer, dass er wenig sp\u00e4ter verstarb.\u201c Die Augsburger Allgemeine schrieb in einer Video-Unterschrift: \u201eAm Freitagabend ist ein Mann am K\u00f6nigsplatz nach einer k\u00f6rperlichen Auseinandersetzung gestorben.\u201c Als ich das las, wurde ich w\u00fctend. Ich komme mir als Leser dumm verkauft vor \u2013 insbesondere als Geb\u00fchrenzahler, denn die Nachrichten des Bayerischen Rundfunks muss ich auch noch mit meinem Geld mitfinanzieren. Daf\u00fcr will ich informiert werden, und kein \u201eFraming\u201c und keine Verharmlosung erhalten. Wenn suggeriert wird, der Sturz sei die Todesursache, klingt das f\u00fcr mich wie Hohn. Fast so, wie wenn man nach einem Erschie\u00dfen sagen w\u00fcrde, das Opfer sei an \u201einneren Verblutungen\u201c gestorben.<br \/>\n.<br \/>\nDas erinnert etwas an den Fall im s\u00e4chsisch-anhaltinischen K\u00f6then im Sommer 2018, als afghanische Asylbewerber einem jungen Mann Tritte gegen den Kopf versetzten, der deren Streit um die Schwangerschaft einer Frau schlichten wollte und in der anschlie\u00dfenden Pr\u00fcgelei zu Boden gegangen war. Nicht durch Schl\u00e4ge und Tritte sei das Opfer ums Leben gekommen, sondern an einem Herzinfarkt gestorben, hie\u00df es sp\u00e4ter: Die Ermittler sprachen von einem \u201eversagensbereiten Herz\u201c (ich w\u00fcrde eher von \u201eversagensbereiten\u201c Beh\u00f6rden sprechen).<br \/>\n.<br \/>\nMit solchem \u201eFraming\u201c und Verharmlosen verspielen Medien, insbesondere die \u00f6ffentlich-rechtlichen, das Vertrauen der Menschen \u2013 das bei sehr vielen ohnehin schon sehr gering ist. Was in den sozialen Medien teilweise spekuliert wurde \u2013 angeheizt durch das in den vergangenen Jahren so verbreitete \u201ebetreute Informieren\u201c mit all seinen Auslassungen, dass es sich bei den Tatverd\u00e4chtigen um \u201eFl\u00fcchtlinge\u201c handeln k\u00f6nnte, hat sich nicht best\u00e4tigt. Wohl aber die Spekulation, dass es sich nicht um \u201eBio-Deutsche\u201c handelte.<br \/>\n&#8230;<br \/>\nAuf twitter kommentierte ein Leser meinen tweet sinngem\u00e4\u00df: \u201eWenn es Deutsche gewesen w\u00e4ren, h\u00e4tten wir schon lange eine T\u00e4terbeschreibung\u201c. Kurz darauf war der Kommentar gel\u00f6scht. Offenbar war er dem Autor selbst zu heikel (hoffentlich nicht den Administratoren von twitter). So politisch inkorrekt der Kommentar auch sein mag \u2013 er gibt genau wieder, was hinter vorgehaltener Hand spekuliert wird, und wie ersch\u00fcttert das Vertrauen in die Medien und auch in die Polizei ist.<br \/>\n&#8230;.<br \/>\nJournalisten, Politiker und Polizeichefs m\u00fcssen endlich verstehen: Mit der aktuellen Vogel-Strau\u00df-Taktik, die viele von ihnen an den Tag legen, <em><strong>mit dem Negieren und Verdr\u00e4ngen des Offensichtlichen und dem steten Herunterspielen von Ph\u00e4nomenen als \u201eEinzelfall\u201c zugunsten eines durch Ideologie (oder Mitl\u00e4uferschaft mit derselben) gepr\u00e4gten utopischen Weltbildes haben sie genau das geschaffen, was sie verhindern wollten.<\/strong><\/em><br \/>\nIch habe in Russland erlebt, wohin eine Politik f\u00fchrt, die Offensichtliches verschleiert und Realit\u00e4ten durch Utopie ersetzt. Noch sind wir nicht so weit. Aber viele Journalisten und Politiker marschieren stramm in diese Richtung. Gnade uns Gott davor! Oder noch besser: Unternehmen wir etwas dagegen und machen wir den Mund auf! Solange wir es noch k\u00f6nnen.<br \/>\n&#8230; Alles vom 9.12.2019 von Boris Reitschuster bitte lesen auf<br \/>\n<a href=\"https:\/\/www.achgut.com\/artikel\/tod_durch_sturz\">https:\/\/www.achgut.com\/artikel\/tod_durch_sturz<\/a><br \/>\nDieser Kommentar ist zuerst auf reitschuster.de erschienen.<br \/>\n<a href=\"https:\/\/www.reitschuster.de\/post\/tod-durch-sturz\">https:\/\/www.reitschuster.de\/post\/tod-durch-sturz<\/a><\/p>\n<p><em>Der Autor: Boris Reitschuster leitete von 1999 bis 2015 das Moskauer B\u00fcro des Nachrichtenmagazins Focus und ist Autor zahlreicher B\u00fccher \u00fcber das zeitgen\u00f6ssische Russland. Er lebt in Berlin und stammt aus Augsburg.<\/em><br \/>\n.<br \/>\n8.12.2019<br \/>\n<a href=\"https:\/\/presse-augsburg.de\/als-retter-gekommen-als-engel-gegangen-musste-augsburger-feuerwehrmann-zivlicourage-mit-dem-leben-bezahlen\/511628\/\">https:\/\/presse-augsburg.de\/als-retter-gekommen-als-engel-gegangen-musste-augsburger-feuerwehrmann-zivlicourage-mit-dem-leben-bezahlen\/511628\/<\/a><\/p>\n<p>&#8230;.<br \/>\nEinige Kommentare:<br \/>\n<strong>Zivilcourage herunter zu schlucken und hilflos zuschauen<\/strong><br \/>\nLa\u00df uns doch mal nach Augsburg fahren, sagte ich am Samstag zu meinem Mann, googelte die Stadt &#8211; und da erschien die Nachricht von der Attacke auf offener Stra\u00dfe. Das war\u2019s dann mit den Reisepl\u00e4nen, vorallem da man h\u00f6rt, dass Bel\u00e4stigungnen im \u00f6ffentliche Raum dort zunehmen.<br \/>\nAllein heute abend z\u00e4hlte ich auf der SWRAktuell Website, die normalerweise zur\u00fcckhaltend \u00fcber diese Themen berichten, sage und schreibe 4 F\u00e4lle von Attacken berichtet: 3 davon t\u00f6dlich, 2 davon mit einem Messer. &#8211;<br \/>\nVor kurzem las ich wieder mal von der t\u00f6dlichen Attacke auf Dominik Brunner 2009. Mann-oh-mann, das war eine andere Zeit, was die Betroffenheit und die Reaktionen anging! Ein deutschlandweiter Aufruf nach Zivilcourage folgte. Aber Sie haben recht, Herr Reitschuster, heutzutage bei der un\u00fcberschaubaren Vielzahl an t\u00f6dlichen oder fast t\u00f6dlichen Angriffen, tut man gut daran, die Zivilcourage herunter zu schlucken und hilflos, aber mit unversehrter Milz rechtzeitig das Weite zu suchen. Wem jetzt vor \u00c4rger das (nicht vorhandene, lol.) Messer in der Tasche aufgehen m\u00f6chte, sollte daran denken, dass wir keinesfalls hilflos sind, wenn es darum geht, die f\u00fcr unsere Sicherheit zust\u00e4ndigen Politiker zur Verantwortung zu ziehen!<br \/>\n9.12.2019, C.B., AO<\/p>\n<p><strong> Ostrovsky Zitat:\u201cDer Video\u00fcberwachung ist gar nichts zu verdanken.<\/strong><br \/>\nSie sch\u00fctzt die Opfer nicht. Sie f\u00fchrt nicht dazu, dass sich an Brennpunkten die Polizei zeigt, wenn es n\u00f6tig w\u00e4re. Sie ist h\u00f6chstens dazu geeignet, dass man &#8211; wenn mal wieder jemand tot auf der Stra\u00dfe liegt &#8211; danach nicht so viele M\u00fche mit der Aufkl\u00e4rung hat.\u201d Exakt. Kamera\u00fcberwachung verhindert keinen Mord und keine Gewalttat im Affekt, denn dem T\u00e4ter ist die Kamera\u00fcberwachung in dem Moment v\u00f6llig egal, wenn er sie \u00fcberhaupt bemerkt. Und Kamera\u00fcberwachung verhindert auch keinen geplanten Anschlag. Sie sorgt nur daf\u00fcr, dass sich die T\u00e4ter maskieren. Siehe Fall Magnitz. Kamera\u00fcberwachung f\u00fchrt also nicht dazu, dass keine Straftaten begangen und keine Opfer produziert werden. Sie erleichtert eventuell die Aufkl\u00e4rung der Tat. Dem (toten) Opfer und seinen Angeh\u00f6rigen hilft dies jedoch \u00fcberhaupt nicht. Das einzige was einem potentiellen Opfer helfen kann, ist die M\u00f6glichkeit zur Selbstverteidigung. Und dies wird dem anst\u00e4ndigen B\u00fcrger von Politik und Justiz in Deutschland so schwer wie gerade eben m\u00f6glich gemacht. Wer sich in Deutschland wehrt, landet entweder auf dem Friedhof oder vor Gericht. In anderen L\u00e4ndern l\u00e4uft dies anders. Zum Beispiel in den USA, in Tschechien, der Schweiz oder mittlerweile auch in Brasilien oder in Italien.<br \/>\n9.12.2019, R.P.<br \/>\n.<br \/>\n<strong>Schlimmer wird noch der zweite Teil der Trag\u00f6die sein: das Gerichtsverfahren<\/strong><br \/>\n(falls es zustande kommt), das alles daransetzen wird, die T\u00e4ter zu entlasten. Und daf\u00fcr dem Opfer, das sich nicht mehr wehren kann, zur Not sogar Rassismus unterstellen wird. Auf das Versagen der Medien folgt in der Regel das Versagen der Justiz, die das tote Opfer noch postum verh\u00f6hnt und gewaltt\u00e4tigen muslimischen T\u00e4tern das falsche Signal gibt.<br \/>\n9.12.2019, D.J., TO<br \/>\n.<br \/>\n<strong>Beweis f\u00fcr gescheiterte Integration<\/strong><br \/>\nBeim Lesen der Mainstream-Presse zum Mord an dem Feuerwehrmann in Augsburg springt dem kritischen Beobachter die nachgerade erleichterte Kommentierung im Hinblick auf den 17 j\u00e4hrigen, polizeibekannten Intensivt\u00e4ter ins Auge. Nein, kein 2015 eingereister \u201cFl\u00fcchtling\u201d, ein AUGSBURGER &#8211; zwar mit drei (!) P\u00e4ssen (libanesisch, t\u00fcrkisch, deutsch) aber eben ein hier geborener Totschl\u00e4ger. Als ob das auch nur einem Deut \u201cbesser\u201d w\u00e4re! Das Gegenteil ist richtig ! Der Totschl\u00e4ger und seine Mordskumpanen mit Mihigru sind <em><strong>das blutige Symbol einer in weiten Teilen gescheiterten Integration,<\/strong><\/em> die unser Land zivilisatorisch ins Mittelalter zur\u00fcckwerfen &#8211; wenn nicht endlich Polizei, Justiz und Politik hart durchgreifen werden! Meine Trauer gilt der Ehefrau und den Angeh\u00f6rigen des Opfers .<br \/>\n9.12.2019. M.R.<br \/>\n.<br \/>\n<strong>Der Mob regiert in diesem Land !<\/strong><br \/>\nWer es wagt zu widersprechen wird totgeschlagen, niedergemetzelt. Bilanz heute: 1 Polizeibeamter im M\u00fcnchner Hauptbahnhof, eine 78 j\u00e4hrige Frau in Stuttgart. Wie wird das Urteil lauten: Totschlag mit Todesfolge , mildernde Umst\u00e4nde weil \u201eJugendliche.\u201c Die Familien der Opfer haben lebensl\u00e4nglich.<br \/>\n9.12.2019, S.O.<br \/>\n<strong>Zivilcourage bei Migranten lebensgef\u00e4hrlich?<\/strong><\/p>\n<p>Herr Reitschuster, als ehemalige Augsburgerin kann ich Ihnen nur aus vollem Herzen zustimmen. Die Berichterstattung , insbesondere der \u00d6R machte mich zornig, w\u00fctend. Es schien immer der Unterton durch- der Mann war wohl auch selbst schuld, er wird wohl etwas gesagt, getan haben um diese Clique zu \u201e provozieren \u201e und nat\u00fcrlich sind alle , welche sich in den sozialen Netzwerken emp\u00f6ren von Haus aus b\u00f6se Wortverdreher. Auch die Worte des OB klangen wie Zynismus pur &#8211; er bedankt sich tats\u00e4chlich bei all denen welche sich \u201e zu Gewaltfreiheit und unseren Werten \u201e bekennen. Was f\u00fcr ein Hohn , alle triefen vor Betroffenheit und sind entsetzt. Wieso sagt niemand dass , diese Taten w\u00fctend machen und dar\u00fcber nachdenken lassen wie die inzwischen dritte Generation an Migranten das komplette Versagen von Integration demonstrieren. Und wie wird die Vierte sein?? Ich bekenne mich dazu, dass ich meiner Familie und meinem engsten Freundeskreis von \u201e Zivilcourage \u201e dringend abrate. Maximum im \u00f6ffentlichen Raum stets Handy parat haben um auf den Notruf Knopf dr\u00fccken zu k\u00f6nnen. Denn Zivilcourage ist hier nicht nur lebensgef\u00e4hrlich , sondern wird im Zweifelsfall wenn man sie gegen\u00fcber der \u201e falschen Zielgruppe \u201e demonstriert auch gegen einen selbst ausgelegt.<br \/>\n9.12.2019, A.B.<br \/>\n.<br \/>\n<strong>&#8230;. wenn die Tatverd\u00e4chtigen Rechtsradikale w\u00e4ren?<\/strong><br \/>\nZitat: \u201cden Lackmus-Test machen: Wer w\u00fcrde erwarten, dass ein Medium den Sturz als Todesursache herausstellen w\u00fcrde, wenn die Tatverd\u00e4chtigen Rechtsradikale w\u00e4ren?\u201d Das Problem ist ja nicht nur auf den Journalismus beschr\u00e4nkt\u2026 Machen wir den Lackmus-Test beim Fall des \u201cFrankfurter ICE-Schubsers\u201d: Die Staatsanwaltschaft will in diesem Fall nicht auf Mord pl\u00e4dieren, sondern nur noch auf Totschlag\u2026 Anstatt das die Staatsanwaltschaft Gr\u00fcnde sucht, um eine m\u00f6glichst harte Strafe herauszuholen (der Job einer Staatsanwaltschaft), werden Gr\u00fcnde gesucht die Strafe m\u00f6glichst abzusenken (eigentlich der Job der Verteidigung). H\u00e4tte die Staatsanwaltschaft (!) auch so gehandelt, wenn der T\u00e4ter ein drogens\u00fcchtiger Deutscher mit rechter Gesinnung und das Opfer ein Migrantenkind gewesen w\u00e4ren??? (Ich bezweifele es\u2026)<br \/>\n9.12.2019, H.SCH<br \/>\n.<br \/>\n<strong>Es geht darum, wem der \u00f6ffentliche Raum geh\u00f6rt.<\/strong><br \/>\nDie Jugendbande hatte da ganz klare Vorstellungen. Und auch davon, wem er nicht geh\u00f6rt\u2026 Apropos Jugendbande: Man stelle sich vor, die 7 w\u00e4ren deutsche Mitglieder eines z.B. Sch\u00fctzenvereins gewesen und mit einem t\u00fcrkischen Familienvater aneinandergeraten &#8211; aus n\u00e4mlichem Motiv und mit gleicher Folge. Die Medien \u00fcberschlugen sich, die Politik schnappatmete weg. Rechts. Ein tolles Land!<br \/>\n9.12.2019, R.K., AO<br \/>\n.<br \/>\n<strong>Wir verurteilen die Umerziehungslager in China<\/strong><br \/>\nund leben selbst in einer gigantischen Anstalt. Wo im erstgenannten Kn\u00fcppel und Brutalit\u00e4t die \u201cp\u00e4dagogische\u201d Arbeit bestimmen, verhelfen uns Regierung, Medien, spezielle Gesetze, Framing, PC und Newspeak zur einzig wahren Denkweise. So wird uns dann die kritische Sicht und die freie Meinungs\u00e4u\u00dferung aberzogen. Schwerpunkte hierbei d\u00fcrften wohl die Auseinandersetzung mit den Folgen der Migration und dem Klimawandel sein.<br \/>\n9.12.2019, J.N., AO<br \/>\n.<br \/>\n<strong>&#8230;. von einem Naturereignis (Meteroiten) ungl\u00fccklich am Kopf getroffen?<\/strong><br \/>\nHabe die Meldung gestern auch in der ZDF heute show um 19 Uhr geh\u00f6rt und gesehen, und mir ist lediglich fragmentartig (oder framing-artig?) in Erinnerung geblieben, dass da \u201cein 49-J\u00e4hriger\u201d wohl irgendwie ungl\u00fccklich von einem Naturereignis (wie einem Meteroiten) ungl\u00fccklich am Kopf getroffen wurde und dabei verstarb. Mit Sicherheit wei\u00df ich noch, dass es sich bei dem Vorfall um etwas Indirektes, Empfangendes, Entgegennehmendes, gehandelt haben musste, so jedenfalls war die Qualit\u00e4ts-Nachricht formuliert. Deswegen kann ich \u00fcberhaupt nicht verstehen, warum Augsburg keine heile Welt mehr sein soll. Zumal die Kanzlerin meiner Kenntnis nach nicht zutiefst best\u00fcrzt und auch nicht betroffen ist und, soweit ich wei\u00df, auch keine tiefe Scham empfindet. Vielleicht ja nach einem Jahr Bedenkzeit?<br \/>\n9.2.2019, H.L., AO<br \/>\n.<br \/>\n<strong>Herr Reitschuster &#8211; die Destabilisierung Deutschlands<\/strong><br \/>\nist gerade doch das Ziel der Politik, um dann \u00fcber Notstandsgesetze die Diktatur entg\u00fcltig einf\u00fchren zu k\u00f6nnen: Klimanotstand, Wohnungsnotstand, Nazinotstand (vulgo Notstand wegen \u201c\u00fcberbordender\u201d Kritik an der Regierung) wurden schon ausgerufen. Der n\u00e4chste absehbare Notstand wird der Energienotstand sein. Fallen dann wg. Deindustrialisierung zu viele Arbeitspl\u00e4tze weg &#8211; und die B\u00fcrger werden aufm\u00fcpfig, kommen Ausgangsverbote. Usw. usw. Dann wird die Regierung \u00fcber Zuteilungen das Leben der B\u00fcrger sozialistisch einnorden &#8211; und das war`s dann mit der Freiheit\u2026<br \/>\n9.12.2019, TH.W.<br \/>\n.<br \/>\n<strong>Wie tief das Misstrauen sitzt? &#8211;<\/strong><br \/>\n\u2018Gruppe, Gruppen\u2019 = muslimischer \u2018Migrationshintergrund\u2019 (MiHiGru) &#8211; \u2018Mann, M\u00e4nner\u2019 = MiHiGru &#8211; \u2018Familienstreit\u2019 = MiHiGru &#8211; \u2018Hochzeitsgesellschaft\u2019 = MiHiGru &#8211; \u2018Messer, Axt, Machete\u2019 = MiHiGru &#8211; \u2018Clan\u2019 = MiHiGru &#8211; \u2018Deutscher\u2019 = Migrant mit deutschem Pass &#8211; \u2018In Deutschland geboren\u2019 = MiHiGru &#8211; \u2018Horst K. (36)\u2019 = Deutscher.<br \/>\n9.12.2019, E.T.<br \/>\n.<br \/>\n<strong>Wie geht das mit 3 Staatsb\u00fcrgerschaften?<\/strong><br \/>\nNun, wom\u00f6glich wurde der T\u00e4ter im Libanon geboren. Wurde so Libanese. Dann gings in die T\u00fcrkei. Jetzt gen\u00fcgt ein Elternteil als T\u00fcrke, um selbst T\u00fcrke zu werden, die T\u00fcrkei erlaubt doppelte Staatsb\u00fcrgerschaften. Dann gings nach Deutschland. Und hier dasselbe Spiel, jetzt \u00fcber den Aufenthalt. Der Begriff der \u201cdoppelten Staatsb\u00fcrgerschaft\u201d geht also fehl. Richtig muss es hei\u00dfen: Mehrfachstaatsb\u00fcrgerschaft. Also das, was das V\u00f6lkerrecht aus gutem Grund verhindern will. Warum das Mehrfachstaatsb\u00fcrgerschaftsmodell bei uns als Integrationsleistung bejubelt wird, hat sich mir nie erschlossen. Das Gegenteil ist richtig. Warum sich integrieren, wenn das Ticket f\u00fcr einen dauerhaften Aufenthalt in der ehemaligen Heimat bereits gezogen ist?<br \/>\n9.12.019, A.R<br \/>\n.<br \/>\n<strong>P\u00f6belattacken &#8211; was tun?<\/strong><br \/>\nIm wichtigsten Augenblick seines Lebens \u201centscheidet\u201d sich ein Mensch f\u00fcr die einzig falsche von mehreren Reaktions- und Handlungsalternativen. F\u00fcr mich wird dadurch das Ausma\u00df dieser unfa\u00dfbaren Trag\u00f6die noch um eine zus\u00e4tzliche Dimenson gr\u00f6\u00dfer. Experten warnen immer wieder davor, in F\u00e4llen solcher Brisanz eine Art \u201cHeld\u201d abzugeben. Zumal dann, wenn man unmittelbar selbst nicht gef\u00e4hrdet ist. Wir sind nun mal kein John Wayne oder Bud Spencer &#8211; und: wir befinden uns im realen Leben. In einem mir erinnerlichen Fall kam ein Jogger in einer Gr\u00fcnanlage an einer Stelle mit rumlungernden Jugendlichen vorbei. Deren P\u00f6belattacken hat er sich (zu?) energisch verbeten. Wie zu erwarten war, eskalierte das Ganze, mit dem Ergebnis, da\u00df der L\u00e4ufer \u201cnur\u201d mit Verletzungen davonkam. Anmerkung: Ich habe lange \u00fcberlegt, dies alles zu schreiben, da es zu sehr nach \u201cselber Schuld\u201d aussehen k\u00f6nnte. Ich lasse das offen\u2026<br \/>\n9.12.2019, H.B., AO<br \/>\n.<br \/>\n<strong>Linke sind Rassisten &#8211; Beweis:<\/strong><br \/>\nSagen wir es doch, wie es ist: Solange das Opfer Deutscher ist, ist es kein Rassismus, sobald der T\u00e4ter Deutscher ist, ist es Rassismus. Was im Grunde einfach nur eins bedeutet: Linke sind exakt das, was sie vorgeben zu bek\u00e4mpfen: Sie sind diskriminierend, sie haben ethnische Vorurteile, sie sind Rassisten. Und genau so sollte man sie auch nennen, denn das haben sie verdient.<br \/>\n9.12.2019, M.K.<\/p>\n<p><strong>Auch Sie, sehr geehrter Herr Reitschuster, vermeiden es,<\/strong><br \/>\nden Tatbestand zu nennen, der all den in Ihrem sehr langen Text beschriebenen Ph\u00e4nomenen physischer und psychischer Gewalt gegen indigene Deutsche zugrunde liegt: der Islam! Die Mihigrus und Ihigrus (Invasionshintergr\u00fcndige) leben hier v\u00f6llig ungehemmt ihren Djihad aus, brutale Gewalt gegen die Kuffar und, wenn die es wagen, sich wehren zu wollen, juristisch oder wie auch immer, legen sie den Psychoterror noch obendrauf. Und die ganzen Quislinge, Kollaborateure in Politik, Beh\u00f6rden, Medien, Kirchen, Schulen, \u201cKunst\u201d etc. verbreiten ebenfalls Psychoterror gegen jeden, der sich Djihad, Islamisierung und \u201cZur\u00fcckdr\u00e4ngung des deutschen Bev\u00f6lkerungsanteils\u201d (der gr\u00fcne Trittin, wenn ich mich recht erinnere) widersetzt oder diese Realit\u00e4ten im Siedlungsgebiet des ehemaligen Staates Deutschland auch nur benennt. Die Basis der Zersetzung unseres Landes und der Vernichtung seiner autochthonen Bev\u00f6lkerung ist der Islam und seine Anh\u00e4nger, F\u00f6rderer und Apologeten.<br \/>\nPS: Der zweite Totschl\u00e4ger, der als \u201cItaliener\u201d bezeichnet wurde, hat wohl einen albanischen Vordergrund\u2026<br \/>\n9.12.2019, F.B., AO<br \/>\n.<br \/>\n<strong>Integrierte Gewalt<\/strong><br \/>\nEs ist eine rein importierte und politisch zwischenzeitlich unter Mithilfe der Massenmedien auch \u201cintegrierte\u201d Gewalt. Die dabei immer zahlreicheren, autochthonen Deutschen Opfer werden von der \u201cWir-sind-bunt-Fraktion zwischenzeitlich wie banale Kollateralsch\u00e4den abgehakt. F\u00fcr die verblendeten, Internationalsozialisten kann halt einfach nicht sein, was nicht sein darf. Wenn hier ein Deutscher nach einem \u201cwas kuckst Du\u201d mal nicht die Augen senkt, sondern dem noch nicht so lange hier Lebenden ein paar Meter hinterherrennt, schwadronieren die gro\u00dfe Vorsitzende und ihre untert\u00e4nigen Klatschhasen von Hetzjagden auf Ausl\u00e4ndern. Wenn zwischenzeitlich aber im Wochenrhythmus hier Deutsche an Bahnh\u00f6fen, in Stra\u00dfenbahnen und selbst schon mitten in den Innenst\u00e4dten GANZ GEZIELT angemacht, ausgeraubt, vergewaltigt und wie hier erneut get\u00f6tete werden, lamentieren diese taktlosen Schmierfinken von einem \u201cvorausgegangen Streit\u201d. Was f\u00fcr ein banaler Streit kann auch nur als ansatzweise Rechtfertigung gelten, einem Menschen so gegen den Kopf zu schlagen, das diese stirbt. Was f\u00fcr eine Kinderstube, was f\u00fcr eine zutiefst asoziale Sozialisation steckt in deren Elternh\u00e4usern. Nein, ich will so etwas hier nicht \u201cintegriert\u201d wissen. Was soll das werden, eine Eroberung, sind die Deutschen etwa schon zu Vogelfreien erkl\u00e4rt worden?<br \/>\n9.12.2019, A.S.<br \/>\n.<br \/>\n<strong>Ich habe gelernt, zwischen den Zeilen zu lesen<\/strong>.<br \/>\nWird die Nationalit\u00e4t eines T\u00e4ters nicht genannt, handelt es sich fast immer um einen Ausl\u00e4nder. Wird als Nationalit\u00e4t \u201cDeutscher\u201d genannt, ist es fast immer eine Person mit Migrationshintergrund. Bei bio-deutschen T\u00e4tern wird \u00fcblicherweise ein deutscher Vorname genannt.<br \/>\n9.12.2019, M.K., AO<\/p>\n<p>.<\/p>\n<p><strong>Polizei: Mein Sohn sei selbst schuld<\/strong><br \/>\nMein Sohn stand mit Freunden in einer Gruppe auf dem Festplatz eines Stadtfestes. Er drehte sich um, um zu schauen, wer neben ihnen steht. Er hatte sich noch nicht richtig rumgedreht da bekam er einen Schlag mitten in sein Gesicht, ohne jegliche Veranlassung, mehrere Z\u00e4hne wurden dabei ausgeschlagen. Der Schl\u00e4ger hatte Migrantenhintergrund. Bei der Vernehmung bei der Polizei versuchte dann der Polizist den Ablauf der Tat so zu drehen, dass mein Sohn selber schuld sei, obwohl es gen\u00fcgend Zeugen gab, die den Vorfall beschreiben konnten. Durch dieses hinterlistige Verhalten des Polizisten ist bei unserer ganzen Familie jegliche Achtung und jeder Respekt gegen\u00fcber Polizeibeamten verloren gegangen. V<br \/>\nor der Vernehmung klingelte der Vater des Schl\u00e4gers an unserer Haust\u00fcr. Als wir die T\u00fcr \u00f6ffneten schaute er uns drohend an und ging schweigend weg. Wir und insbesondere unser Sohn hatte dann gro\u00dfe Angst, unser Sohn traute sich nicht, alleine zur Vernehmung zur Polizei zu gehen und er traute sich auch nicht mehr abends auf die Stra\u00dfe. Gottseidank ist unser Sohn dann kurze Zeit sp\u00e4ter in eine andere Stadt zum Studieren gezogen.<br \/>\n12.12.2019, Alf, TO<br \/>\n.<br \/>\n<strong>Der Feuerwehrmann &#8211; namenloses Opfer und doch auch wieder nicht<\/strong><br \/>\nDass jetzt die Rede so oft vom \u201eFeuerwehrmann\u201c ist liegt mit Sicherheit nicht im Interesse der Haltungsmedien und wurde bestimmt von ihnen auch nicht gewollt. Aber jetzt ist es eben ein \u201eFeuerwehrmann\u201c aus einer obendrein auch noch gesellschaftlich hoch angesehenen Berufsgruppe. Ein Feuerwehrmann, den auch die Medien nicht &#8211; wie z.B. ins Gleis \u201egeschubste\u201c tote Kinder- zum zweiten mal totschweigen k\u00f6nnen. Die Feuerwehr schafft sich -auch zum \u00c4rger aller Mainstreammedien &#8211; eben eine \u201e\u00d6ffentlichkeit\u201c, \u2026 und die Medien wissen nicht, wie relativierend dagegen vorgehen sollten. &#8230;<br \/>\nFeuerwehr, eine wichtige und vom B\u00fcrger geachtete Institution,o b Berufs- oder freiwillige Feuerwehr; und h\u00e4tte man denen das Trauern verboten, w\u00e4re ich gespannt gewesen was passiert.<br \/>\n12.12.2019, Civ, TO<\/p>\n","protected":false},"excerpt":{"rendered":"<p>Home\u00a0&gt;Selbsthilfe\u00a0&gt;Krise\u00a0&gt;Gewalt\u00a0&gt;Polizei\u00a0&gt;Integration\u00a0&gt;Kriminalitaet\u00a0&gt;Augsburg061219tot-nach-sturz &nbsp; Migranten sind zehnmal \u00f6fter mordverd\u00e4chtig\u00a0(17.12.2019) Intifada der Zornigen \u2013\u00a0Der Preis der Zivilcourage nach Augsburg (13.12.2019) Schweigen zu Augsburg: Nein (12.12.2019) Boris Palmer zu Augsburg: Ja, es gibt Migrantengewalt (11.12.2019) Augsburgs OB nennt Totschlag von Feuerwehrmann \u201etragischen Vorfall\u201c (11.12.2019) &hellip; <a href=\"https:\/\/www.freiburg-schwarzwald.de\/blog\/global\/migration\/augsburg061219tod-nach-sturz\/\">Weiterlesen <span class=\"meta-nav\">&rarr;<\/span><\/a><\/p>\n","protected":false},"author":2,"featured_media":0,"parent":9150,"menu_order":0,"comment_status":"open","ping_status":"closed","template":"","meta":{"footnotes":""},"class_list":["post-76876","page","type-page","status-publish","hentry"],"_links":{"self":[{"href":"https:\/\/www.freiburg-schwarzwald.de\/blog\/wp-json\/wp\/v2\/pages\/76876","targetHints":{"allow":["GET"]}}],"collection":[{"href":"https:\/\/www.freiburg-schwarzwald.de\/blog\/wp-json\/wp\/v2\/pages"}],"about":[{"href":"https:\/\/www.freiburg-schwarzwald.de\/blog\/wp-json\/wp\/v2\/types\/page"}],"author":[{"embeddable":true,"href":"https:\/\/www.freiburg-schwarzwald.de\/blog\/wp-json\/wp\/v2\/users\/2"}],"replies":[{"embeddable":true,"href":"https:\/\/www.freiburg-schwarzwald.de\/blog\/wp-json\/wp\/v2\/comments?post=76876"}],"version-history":[{"count":0,"href":"https:\/\/www.freiburg-schwarzwald.de\/blog\/wp-json\/wp\/v2\/pages\/76876\/revisions"}],"up":[{"embeddable":true,"href":"https:\/\/www.freiburg-schwarzwald.de\/blog\/wp-json\/wp\/v2\/pages\/9150"}],"wp:attachment":[{"href":"https:\/\/www.freiburg-schwarzwald.de\/blog\/wp-json\/wp\/v2\/media?parent=76876"}],"curies":[{"name":"wp","href":"https:\/\/api.w.org\/{rel}","templated":true}]}}