{"id":76665,"date":"2019-12-03T08:55:14","date_gmt":"2019-12-03T07:55:14","guid":{"rendered":"https:\/\/www.freiburg-schwarzwald.de\/blog\/?page_id=76665"},"modified":"2026-04-24T21:51:03","modified_gmt":"2026-04-24T19:51:03","slug":"islamophobie","status":"publish","type":"page","link":"https:\/\/www.freiburg-schwarzwald.de\/blog\/religion\/islam\/islamophobie\/","title":{"rendered":"Islamophobie"},"content":{"rendered":"<p><a href=\"https:\/\/freiburg-schwarzwald.de\/blog\">Home<\/a>\u00a0&gt;<a title=\"Religion\" href=\"https:\/\/www.freiburg-schwarzwald.de\/blog\/religion\/\">Religion<\/a>\u00a0&gt;<a title=\"Islam\" href=\"https:\/\/www.freiburg-schwarzwald.de\/blog\/religion\/islam\/\">Islam<\/a>\u00a0&gt;<a title=\"Religionsunterricht\" href=\"https:\/\/www.freiburg-schwarzwald.de\/blog\/religion\/religionsunterricht\/\">Religionsunterricht<\/a>\u00a0&gt;Islamophobie<\/p>\n<div id=\"attachment_68787\" style=\"width: 649px\" class=\"wp-caption alignnone\"><a href=\"https:\/\/www.freiburg-schwarzwald.de\/blog\/global\/integration\/landflucht\/oman-pan20181031\/\" rel=\"attachment wp-att-68787\"><img loading=\"lazy\" decoding=\"async\" aria-describedby=\"caption-attachment-68787\" class=\"size-full wp-image-68787\" src=\"https:\/\/www.freiburg-schwarzwald.de\/blog\/wp-content\/uploads\/2018\/11\/oman-pan20181031.jpg\" alt=\"Oman - Wohnhaus am 31.10.2018\" width=\"639\" height=\"350\" srcset=\"https:\/\/www.freiburg-schwarzwald.de\/blog\/wp-content\/uploads\/2018\/11\/oman-pan20181031.jpg 639w, https:\/\/www.freiburg-schwarzwald.de\/blog\/wp-content\/uploads\/2018\/11\/oman-pan20181031-180x98.jpg 180w\" sizes=\"auto, (max-width: 639px) 100vw, 639px\" \/><\/a><p id=\"caption-attachment-68787\" class=\"wp-caption-text\">Oman &#8211; Wohnhaus am 31.10.2018<\/p><\/div>\n<ul>\n<li><em>Listenauswahl eines Beitrags (Artikel\/Datum, Seite\/Inhalt):\u00a0<span style=\"text-decoration: underline;\">Klicken<\/span>\u00a0oder scrollen<\/em><\/li>\n<li><a href=\"https:\/\/www.freiburg-schwarzwald.de\/blog\/kultur\/buurmann\/\">Buurmann: Islamophobie &#8211; Warum Angst nicht ausgerottet werden kann und soll<\/a> (4.4.2026)<\/li>\n<li><a href=\"https:\/\/www.freiburg-schwarzwald.de\/blog\/global\/deutschland\/moral2015\/doppelmoral\/\">Doppelmoral: \u201eJunge Muslime\u201c und \u201eJunge M\u00e4nner\u201c<\/a>\u00a0(4.1.2026)<\/li>\n<li><a href=\"https:\/\/www.freiburg-schwarzwald.de\/blog\/houellebecq-2015-unterwerfung\/\">Houellebecq 2015 Unterwerfung<\/a>\u00a0(14.8.2025)<\/li>\n<li>Antisemitismus und Islamophobie \u2013 eine deutsche Scheinehe (4.10.2024)<\/li>\n<li><a href=\"https:\/\/www.freiburg-schwarzwald.de\/blog\/polizistenmord-durch-islamist\/\">Polizistenmord durch Islamist<\/a>\u00a0(3.6.2024)<\/li>\n<li><a href=\"https:\/\/www.freiburg-schwarzwald.de\/blog\/selbsthilfe\/psyche\/phobie\/\">Die deutsche phobokratische Republik und ihre Freunde<\/a> (18.4.2024)<\/li>\n<li><a href=\"https:\/\/www.freiburg-schwarzwald.de\/blog\/selbsthilfe\/psyche\/phobie\/\">Phobiker, nichts als Phobiker!<\/a>\u00a0(13.4.2024)<\/li>\n<li><a href=\"https:\/\/www.freiburg-schwarzwald.de\/blog\/religion\/islam\/islam-deutschland\/\">Das deutsche Islamdebakel geht weiter: Expertenbericht<\/a>\u00a0(25.7.2023)<\/li>\n<li>Moralkeule \u00abIslamo\u00adphobie\u00bb (30.6.2023)<\/li>\n<li><a href=\"https:\/\/www.freiburg-schwarzwald.de\/blog\/global\/eu\/grenzen\/grenzenlos\/\">Grenzen \u2013 Ausgrenzung \u2013 grenzenlose Welt \u2013 offene Grenzen<\/a>\u00a0(25.8.2021)<\/li>\n<li>Klaus Kinzler: Islamophobie nicht mit Antisemitismus vergleichbar (9.4.2021)<\/li>\n<li><a href=\"https:\/\/www.freiburg-schwarzwald.de\/blog\/engagement\/zukunft\/demokratie\/tabu\/\">Tabu: Migranten auf Corona-Intensivstationen \u00fcberrepr\u00e4sentiert<\/a>\u00a0(4.3.2021)<\/li>\n<li>Ethnologin Susanne Schr\u00f6ter: Islamophobie-Vorwurf von Deutsch-Links wie von Erdogan (18.12.2020)<\/li>\n<li><a href=\"https:\/\/www.freiburg-schwarzwald.de\/blog\/religion\/islam\/islam-politik\/\">Politischer Islam: B\u00fcrgerbewegung PaxEuropa (BPE) informiert<\/a>\u00a0(4.12.2020)<\/li>\n<li><a href=\"https:\/\/www.freiburg-schwarzwald.de\/blog\/gegen-gewalt-von-extremisten\/\">Gegen Gewalt von Extremisten \u2013 nach Dresden, Paris und Nizza<\/a>\u00a0(30.10.2020)<\/li>\n<li>Islamophil-Islamophob-Christophob: Worte mit dunklem Hintergrund (2.12.2019)<\/li>\n<li>\u00d6sterreich: Liberale Muslime kritisieren \u201eIslamophobiekeule\u201c in Politik &amp; Medien (4.8.2016)<\/li>\n<li><a title=\"Nazi-Keule Islamophobie-Keule\" href=\"https:\/\/www.freiburg-schwarzwald.de\/blog\/nazi-keule-islamophobie-keule\/\">Nazi-Keule &#8211; Islamophobie-Keule<\/a> (1.3.2015)<\/li>\n<\/ul>\n<ul>\n<li><a title=\"Bevormundung\" href=\"https:\/\/www.freiburg-schwarzwald.de\/blog\/engagement\/zukunft\/demokratie\/bevormundung\/\">Bevormundung<\/a><\/li>\n<li><a href=\"https:\/\/www.freiburg-schwarzwald.de\/blog\/kultur\/buurmann\/\">Buurmann<\/a><\/li>\n<li><a title=\"Debatte\" href=\"https:\/\/www.freiburg-schwarzwald.de\/blog\/engagement\/zukunft\/demokratie\/debatte\/\">Debatte<\/a><\/li>\n<li><a title=\"Diffamierung\" href=\"https:\/\/www.freiburg-schwarzwald.de\/blog\/kultur\/medien\/diffamierung\/\">Diffamierung<\/a><\/li>\n<li><a title=\"Diskussionskultur\" href=\"https:\/\/www.freiburg-schwarzwald.de\/blog\/kultur\/medien\/diskussionskultur\/\">Diskussionskultur<\/a><\/li>\n<li><a title=\"Fake-News\" href=\"https:\/\/www.freiburg-schwarzwald.de\/blog\/kultur\/medien\/fake-news\/\">Fake-News<\/a><\/li>\n<li><a title=\"Freie-Medien\" href=\"https:\/\/www.freiburg-schwarzwald.de\/blog\/kultur\/medien\/freie-medien\/\">Freie-Medien<\/a><\/li>\n<li><a title=\"Gruen-Links\" href=\"https:\/\/www.freiburg-schwarzwald.de\/blog\/engagement\/zukunft\/demokratie\/gruen-links\/\">Gruen-Links<\/a><\/li>\n<li><a title=\"Haltungsjournalismus\" href=\"https:\/\/www.freiburg-schwarzwald.de\/blog\/kultur\/medien\/journalismus\/haltungsjournalismus\/\">Haltungsjournalismus<\/a><\/li>\n<li><a href=\"https:\/\/www.freiburg-schwarzwald.de\/blog\/religion\/islam\/islam-antisemitismus\/\">Islam-Antisemitismus<\/a><\/li>\n<li><a title=\"Konformismus\" href=\"https:\/\/www.freiburg-schwarzwald.de\/blog\/kultur\/medien\/political-correctness\/konformismus\/\">Konformismus<\/a><\/li>\n<li><a title=\"Medienvielfalt\" href=\"https:\/\/www.freiburg-schwarzwald.de\/blog\/kultur\/medien\/medienvielfalt\/\">Medienvielfalt<\/a><\/li>\n<li><a title=\"Meinungsfreiheit\" href=\"https:\/\/www.freiburg-schwarzwald.de\/blog\/kultur\/medien\/meinungsfreiheit\/\">Meinungsfreiheit<\/a><\/li>\n<li><a href=\"https:\/\/www.freiburg-schwarzwald.de\/blog\/selbsthilfe\/psyche\/phobie\/\">Phobie<\/a><\/li>\n<li><a title=\"Kirche-Politik\" href=\"https:\/\/www.freiburg-schwarzwald.de\/blog\/religion\/kirche-politik\/\">Politik<\/a><\/li>\n<li><a title=\"Politische-Bildung\" href=\"https:\/\/www.freiburg-schwarzwald.de\/blog\/bildung\/politische-bildung\/\">Politische Bildung (Lehrer)<\/a><\/li>\n<li><a title=\"Postfaktisch\" href=\"https:\/\/www.freiburg-schwarzwald.de\/blog\/kultur\/medien\/postfaktisch\/\">Postfaktisch<\/a><\/li>\n<li><a title=\"Pressekodex\" href=\"https:\/\/www.freiburg-schwarzwald.de\/blog\/kultur\/medien\/pressekodex\/\">Pressekodex<\/a><\/li>\n<li><a href=\"https:\/\/www.freiburg-schwarzwald.de\/blog\/engagement\/zukunft\/demokratie\/tabu\/\">Tabu<\/a><\/li>\n<\/ul>\n<p><strong>Islamophobie<\/strong><br \/>\n\u201eDer Begriff \u2018Islamophobie\u2019 wurde bereits vor hundert Jahren von franz\u00f6sischen Kolonialbeamten in Algerien verwendet, seine Popularisierung erfolgte aber erst im Zuge der radikalen Proteste gegen Schriftsteller wie Salman Rushdie, Irshad Manji oder Ayan Hirsi Ali. Benutzt wurde er vor allem von islamischen Fundamentalisten, denen jede Kritik an ihrer Weltanschauung als Tods\u00fcnde galt. Chomeini, der Mann hinter dem Rushdie-Kopfgeld, bezeichnete selbst unverschleierte Frauen als \u2018islamophob\u2019. Der Vorwurf wurde also benutzt, um gegen Kritiker und Gem\u00e4\u00dfigte zu hetzen \u2013 h\u00e4ufig mit t\u00f6dlichen Folgen.\u201c<br \/>\nMark Feldon, Geograph und \u00dcbersetzer, auf\u00a0 https:\/\/www.Achgut.com am 4. 10.2024<br \/>\n=============================================================<\/p>\n<p>&nbsp;<\/p>\n<p><strong>Antisemitismus und Islamophobie \u2013 eine deutsche Scheinehe<\/strong><br \/>\n&#8230;<br \/>\nEine neue Qualit\u00e4t des Judenhasses<br \/>\nAuch fr\u00fcher schon war es Juden und Israelis oft nicht m\u00f6glich, sich unbeschwert in deutschen St\u00e4dten zu bewegen. Seit dem 7. Oktober jedoch haben wir es mit einer neuen Qualit\u00e4t zu tun. Berichten der Recherche- und Informationsstelle Antisemitismus (RIAS) aber auch pers\u00f6nlichen Gespr\u00e4chen nach findet ein R\u00fcckzug von Juden aus dem \u00f6ffentlichen Raum statt. Man meidet U-Bahn und Bus, tr\u00e4gt keine j\u00fcdischen oder israelischen Symbole mehr, unterh\u00e4lt sich nicht auf Hebr\u00e4isch und gibt sich bei der Arbeit oder an der Uni nicht als Jude und vor allem nicht als Unterst\u00fctzer Israels zu erkennen.<br \/>\nWer erfahren m\u00f6chte, wie verzweifelt und entt\u00e4uscht viele Juden sind, tut gut daran, eine der wenigen pro-israelischen Kundgebungen zu besuchen. Es handelt sich dabei um echte pazifistische Veranstaltungen, auf denen nicht Rache, Eskalation und Vernichtung gefordert werden, sondern ein Ende der Geiselnahme, des dauernden Raketenbeschusses und der st\u00e4ndigen israelfeindlichen Agitation. Anders als bei vielen pro-pal\u00e4stinensische Demonstrationen ist der Ton hier nicht laut, aggressiv und hetzerisch, sondern fassungslos und flehend: \u201eWarum sind wir nur so wenige? Warum r\u00fchrt das Schicksal der Juden unsere Politiker, K\u00fcnstler, Journalisten, Aktivsten nicht? Haben wir noch eine Zukunft hier?\u201c Der deutsche Staat, dem die Sicherheit Israels doch als \u201eStaatsr\u00e4son\u201c gilt, hat ebenso versagt wie die deutsche Gesellschaft, die so stolz darauf ist \u201edie Lehren der Vergangenheit\u201c gezogen und in eine \u201ewehrhafte Demokratie\u201c aufgebaut zu haben.<br \/>\nDass der Judenhass nach dem 7. Oktober eine neue Qualit\u00e4t bekommen hat, l\u00e4sst sich nicht bezweifeln. Rabbi Menachem Margolin, Vorsitzender der Europ\u00e4isch-J\u00fcdischen-Vereinigung, nennt die Situation \u201edie Schlimmste seit dem Zweiten Weltkrieg\u201c, und der niederl\u00e4ndische Schriftsteller Leon De Winter h\u00e4lt ein Ende des europ\u00e4ischen Judentums bis 2050 f\u00fcr wahrscheinlich. Ganz anders sieht es bei Muslimen aus, die weiterhin zu Hunderttausenden aus islamischen L\u00e4ndern nach Westeuropa einwandern. W\u00e4hrend Juden sich aus der \u00d6ffentlichkeit zur\u00fcckziehen, ihre Identit\u00e4t verbergen und ihre Institutionen gesch\u00fctzt werden m\u00fcssen, wird der Islam in Westeuropa immer dominanter und sichtbarer, sei es durch Aufm\u00e4rsche, Fahnen, islamkonforme Verschleierungen und Trachten, Graffitis, laute M\u00e4rtyrer-Ges\u00e4nge und Gebetsrufe, durch islamische Institutionen, Moscheen und Halal-L\u00e4den.<\/p>\n<p>Islamophobie\u201c?<br \/>\nEs finden auf deutschen Stra\u00dfen keine Demonstrationen statt, auf denen die Vernichtung eines islamischen Landes gefordert oder Pal\u00e4stina als \u201eKinderm\u00f6rder\u201c oder \u201eV\u00f6lkerm\u00f6rder\u201c d\u00e4monisiert wird. Es gibt auch keine einflussreichen Initiativen, die zum Boykott arabischer Institutionen oder Personen aufrufen. Weder werden Halal-L\u00e4den dazu gezwungen, Produkte aus ihrem Sortiment zu nehmen, noch sind deutsche Innenst\u00e4dte voll mit islamfeindlichen Graffitis und Postern.<br \/>\n&#8230;<br \/>\nIn dem Buch \u201eInterregnum. Was kommt nach der liberalen Demokratie\u201c beschreiben Kolja Zydatiss und ich einen Westen, der sich in einer permanenten Krise befindet. Zu dieser Krise geh\u00f6rt auch der Zweifel an fr\u00fcheren Glaubenss\u00e4tzen und Gewissheiten. Das erkl\u00e4rt die Aggressivit\u00e4t, mit der heute um die Bestimmung von Begriffen und Symbolen gestritten wird. In den letzten Monaten wurde in Deutschland u.a. um die Bedeutung von \u201eKalifat\u201c, \u201eGenozid\u201c und \u201eScharia\u201c, des Wolfgru\u00dfes, des Tauhid-Zeigefingers oder des Gebetsrufes gerungen. Die Institutionalisierung des \u201eIslamophobie\u201c-Vorwurfs macht eine Diskussion \u00fcber sie unm\u00f6glich und wird bestehende Ressentiment nur verst\u00e4rken.<br \/>\nDer Antisemitismus ist eine Weltanschauung, die den schwedischen Sozialisten, den irakischen Nationalisten, den deutschen Neonazi, den Islamisten, den queeren Aktivisten und die Klimaaktivistin miteinander verbindet. Er ist eine universelle Grammatik, die alle Unterschiede \u00fcberbr\u00fcckt, ein Esperanto des Ressentiments. Der Antisemit tut \u201edas B\u00f6se f\u00fcr das Gute\u201c schrieb Jean-Paul Sartre. Er ist ein \u201eZerst\u00f6rer aus Berufung, Sadist reinen Herzens\u201c, der sich \u201eden Tod der Juden\u201c w\u00fcnscht. Nicht jeder westliche B\u00fcrger wollte nach 1945 wissen, was Antisemitismus ist und was der Antisemit will, aber es waren ausreichend viele, so dass ein R\u00fcckfall in die Barbarei unwahrscheinlich erschien. Das hat sich ge\u00e4ndert. <em><strong>In der Gleichnennung von Antisemitismus und \u201eIslamophobie\u201c wird sowohl das Besondere am Judenhass als auch am Islam verschleiert.<\/strong><\/em><br \/>\n&#8230; Alles vom 4.10.2024 von Mark Feldon bitte lesen auf<br \/>\n<a href=\"https:\/\/www.achgut.com\/artikel\/antisemitismus_und_islamophobie_eine_deutsche_scheinehe\">https:\/\/www.achgut.com\/artikel\/antisemitismus_und_islamophobie_eine_deutsche_scheinehe<\/a><\/p>\n<p><em>Kolja Zydatiss nd Mark Feldon: Interregnum<\/em><br \/>\n<em>Was kommt nach der liberalen Demokratie<\/em><br \/>\n<em>Verlag langen-M\u00fcller<\/em><br \/>\n<em>ISBN 378 4437060, 24 Euro<\/em><br \/>\n<em>.<\/em><br \/>\n<em>Das liberale Zeitalter endet. Wir leben im INTERREGNUM, der Zeit zwischen zwei politischen Ordnungen. Der Optimismus, der auf den Zusammenbruch der kommunistischen Regime folgte, ist l\u00e4ngst einem bedr\u00fcckenden Gef\u00fchl des Niedergangs gewichen. Moralismus, ideologische Frontenbildung und ein aktivistischer Staat treten an die Stelle klassisch-liberaler Werte. Was auf das Interregnum folgen wird, wissen wir nicht. Aber der Blick in andere L\u00e4nder und Kontinente l\u00e4sst die Elemente einer neuen Ordnung erkennen: Sozialkonservatismus in Polen, Disneyland mit Todesstrafe in Singapur oder ein imperialistisches Russland, das im Bund mit China eine neue antiwestliche Achse bildet. Oder droht uns eine hyperliberale Postdemokratie, in der die Freiheit des Einzelnen neuartigen Staatszielen Klimagerechtigkeit, Vielfalt, Transhumanismus untergeordnet wird? Welche Entwicklungen k\u00f6nnen wir bereits in Deutschland betrachten?<\/em><\/p>\n<p>&nbsp;<\/p>\n<p><strong>Moralkeule \u00abIslamo\u00adphobie\u00bb<\/strong><br \/>\n<strong>Der N\u00e4hrboden der AfD<\/strong><br \/>\nDieser Erkenntnis widersetzend h\u00e4lt die rot-rot-gr\u00fcne Politik weiterhin an der Idealvorstellung einer \u00abFolklore-Multikulti-Gesellschaft\u00bb fest und sieht in ihrem antikapitalistischen \u00abKampf gegen rechts\u00bb den politischen Islam als Partner. Sie unterst\u00fctzt dessen Vertreter im Inland finanziell und logistisch und l\u00e4sst ihn in den eigenen Reihen politisch teilhaben \u2013 bei gleichzeitigem aussenpolitischem Wohlwollen gegen\u00fcber den im Ausland regierenden Strippenziehern in der Hoffnung, die Eingeb\u00fcrgerten als W\u00e4hler zu gewinnen.<br \/>\nDazu geh\u00f6rt eine Politik, die bewusst die staatliche Neutralit\u00e4t gef\u00e4hrdet, indem man die religi\u00f6se Symbolik bei Besch\u00e4ftigten des Staates in seinen Einrichtungen unter dem Mantel der Religionsaus\u00fcbungsfreiheit gew\u00e4hren l\u00e4sst, \u00abStaatsvertr\u00e4ge\u00bb mit religi\u00f6sen Vereinen und Verb\u00e4nden schliesst, die aus islamischen und islamistischen Staaten unmittelbar oder mittelbar gesteuert werden: So geschehen in zwei Bundesl\u00e4ndern, in weiteren ist es bereits angedacht.<br \/>\nIn diesen \u00abStaatsvertr\u00e4gen\u00bb wird diesen Vereinigungen unter anderem der islamische Religionsunterricht an staatlichen Schulen unkontrolliert \u00fcberlassen und finanziert. Des weiteren werden diesen islamischen und islamistischen \u00abVertragspartnern\u00bb Rechte einger\u00e4umt, die es ihnen unter anderem erlauben, \u00fcber die Auswahl an Lehrkr\u00e4ften und Lehrinhalten an theologischen Fakult\u00e4ten staatlicher Universit\u00e4ten mitzubestimmen.<br \/>\nDass der politische Islam kein Interesse an der Erreichung der oben definierten Integration hat, sagen seine beteiligten Vertreter zum Teil ganz offen. Sie lehnen dies als \u00ab<a href=\"https:\/\/www.freiburg-schwarzwald.de\/blog\/global\/integration\/assimilation\/\">Assimilation<\/a>\u00bb ab und stellen ebenfalls ganz offen verfassungsrechtliche und gesellschaftliche Konsenswerte in Frage oder lehnen sie unter Berufung auf die Religions\u00adfreiheit vollkommen ab.<br \/>\nZudem verweigern sie offene Bekenntnisse zu bestimmten gesellschaftlichen Konsens\u00adwerten, wie zum Beispiel Homosexualit\u00e4t, Antisemitismus, Zwangsheirat, Polygynie, Gleichberechtigung der Geschlechter und vor allem die H\u00f6herrangigkeit der Verfassung gegen\u00fcber dem Koran.<br \/>\nDaraus kann geschlossen werden, dass ein unkontrollierter Zustrom an Asylbewerbern aus Gesellschaften, in denen die Scharia gilt oder zumindest gesellschaftliche Akzeptanz besitzt und als \u00abgelebtes Nebenrecht\u00bb de facto Geltung (wieder)erlangt hat, dieses jetzt schon virulente Problem nur noch verst\u00e4rken wird.<br \/>\nDiejenigen, die auf diese konkreten Gef\u00e4hrdungen der Integrationsziele und Angriffe auf das gesamtgesellschaftliche Konsenswertesystem oder andere Missst\u00e4nde, wie zum Beispiel pers\u00f6nliche Verflechtungen von Mitgliedern dieser islamistischen oder nationalistischen Einrichtungen und Politikern und Parteien, hinweisen oder von Vorkommnissen in diesen immer h\u00e4ufiger neu gebauten und gef\u00f6rderten Moscheen berichten, werden von der rot-rot-gr\u00fcn-woken Gesellschaft und deren politischen Vertretern gerne als \u00abislamophob\u00bb bezeichnet \u2013 selbst dann, wenn sie selbst bekennende Muslime sind \u2013, ohne zu wissen, dass es <em><strong>Ajatollah Chomeini war, der \u00abIslamophobie\u00bb als Kampfbegriff gegen den \u00abungl\u00e4ubigen\u00bb Westen pr\u00e4gte.<\/strong><\/em> Aber wahrscheinlich ist es ihnen auch v\u00f6llig egal, denn Sozialdemokraten und Gr\u00fcne gratulieren den Ajatollahs im Iran auch gerne zu den j\u00e4hrlichen Revolutionsfeierlichkeiten.<br \/>\n&#8230; Alles vom 30.6.2023 von Erol \u00d6zaraca bitte lesen auf<br \/>\n<a href=\"https:\/\/schweizermonat.ch\/der-naehrboden-der-afd\">https:\/\/schweizermonat.ch\/der-naehrboden-der-afd<\/a><\/p>\n<p>Erol \u00d6zkaraca ist Rechtsanwalt und war bis 2017 Mitglied der SPD<\/p>\n<p>&nbsp;<\/p>\n<p><strong>Klaus Kinzler: Islamophobie nicht mit Antisemitismus vergleichbar<\/strong><br \/>\n<strong>Der deutsche Professor ist in Grenoble\/Frankreich ins Visier der Kritik geraten.<\/strong><br \/>\nMit seiner drahtigen Erscheinung und seinem resoluten Auftreten entspricht Klaus Kinzler so gar nicht dem franz\u00f6sischen Stereotyp eines Germanistikprofessors. Eher pa\u00dft all das zu seiner Selbstbezeichnung gegen\u00fcber dem Nachrichtensender CNews, als \u201eKrieger, der sich nicht auf die F\u00fc\u00dfe treten l\u00e4\u00dft\u201c. Eine durchaus kalkulierte Provokation des Wahlfranzosen aus Stuttgart: Immerhin entspricht der fr\u00fchere Bundeswehroffizier mit seinen blauen Augen und blonden Haaren voll und ganz dem historischen Deutschenbild in Frankreich.<br \/>\nWas mu\u00df passieren, damit ein \u201eganz normaler Deutschprofessor an einem Provinzinstitut\u201c, so Kinzler \u00fcber sich selbst, sich nicht nur an seiner Hochschule, dem Institut d\u2019\u00e9tudes politiques de Grenoble, sondern auf landesweiter B\u00fchne verteidigen mu\u00df? Es begann mit einer Debattenveranstaltung am Institut, mittels derer ihre studentischen Initiatoren eine Gleichsetzung von Islamophobie mit Antisemitismus und Rassismus erreichen wollten. <em><strong>Kinzler lehnte das ab: Islamophobie sei zwar Diskriminierung, bedeute aber kein millionenfaches Morden.<\/strong><\/em><\/p>\n<p>Au\u00dferdem wagte der mit einer Moslemin verheiratete 61j\u00e4hrige zu \u00e4u\u00dfern, da\u00df er dem Christentum gegen\u00fcber dem Islam den Vorzug gebe, etwa wegen dessen g\u00e4nzlich unterschiedlichen Umgangs mit dem Thema Ehebruch der Frau.<br \/>\nImmerhin mehrere Monate konnte die Debatte, trotz einiger beleidigter moslemischer Studenten, intern gehalten werden. Bis Aktivisten k\u00fcrzlich das Geb\u00e4ude des Institus f\u00fcr politische Studien mit Parolen beschmierten: \u201eFaschisten in unseren H\u00f6rs\u00e4len! Professor Kinzler entlassen! Die Islamophobie t\u00f6tet\u201c, stand da in gro\u00dfen Lettern zu lesen. Zeitgleich initiierte die Studentengewerkschaft Unef einen Shitstorm in den sogenannten Sozialen Medien.<br \/>\nWas folgte, wirft ein Schlaglicht auf die Situation der <a href=\"https:\/\/www.freiburg-schwarzwald.de\/blog\/bildung\/hochschulen-freiheit\/\">Freiheit von Lehre und Meinung<\/a>: Eine Vizepr\u00e4sidentin der Hochschule wollte Kinzler verbieten, mit der Presse zu reden. Einige Dozenten, die meinen, er habe das Ansehen des Instituts beschmutzt, schneiden ihn seither. Dazu ihre Weigerung, seine Unterscheidung zwischen Islam und Islamismus nachzuvollziehen: In einer Anh\u00f6rung erkl\u00e4rte er seinen Standpunkt, traf aber auf Kollegen, die, so Kinzler, \u201eeinbetoniert in ihrem Elfenbeinturm nicht begriffen haben, was da auf dem Spiel steht\u201c.<br \/>\nEr werde nun wohl bis zu seiner Pensionierung Persona non grata sein, gab er j\u00fcngst gegen\u00fcber der Presse resigniert zu Protokoll. Eine Isolation, die eine weitere Ann\u00e4herung an das Thema seiner Diplomarbeit darstellt, die er vor 35 Jahren an der Universit\u00e4t Nizza \u00fcber H\u00f6lderlins \u201eHyperion\u201c schrieb. Dessen Romanheld, ebenfalls am Unverstand der Gesellschaft scheiternd, sich ins Eremitendasein getrieben sieht. Und der \u00fcbrigens auch mit dem Islam k\u00e4mpfte, damals im von diesem in Gestalt der t\u00fcrkischen Osmanen unterworfenen Griechenland.<br \/>\n&#8230; Alles vom 9.10.2021 bitte lesen in der JF 15\/21, Seite 3<br \/>\n<a href=\"https:\/\/www.junge-freiheit.de\">https:\/\/www.junge-freiheit.de<\/a><\/p>\n<p>&nbsp;<\/p>\n<p>&nbsp;<\/p>\n<p><strong>Ethnologin Susanne Schr\u00f6ter: Islamophobie-Vorwurf von Deutsch-Links wie Erdogan<\/strong><br \/>\nOliver Gierens: Sie forschen zum Thema Islam \u2013 das ist ein gesellschaftlich aufgeladenes Thema. Ist das ein Bereich, wo man in der Forschung schnell an die Grenzen des \u00f6ffentlich Sagbaren ger\u00e4t?<br \/>\nSusanne Schr\u00f6ter: Man wird sehr schnell der \u201eIslamophobie\u201c oder des \u201eantimuslimischen Rassismus\u201c bezichtigt. Weltweit werden diese Begriffe auch von Vertretern des Iran, der Islamischen Weltliga oder von Herrn Erdogan verwendet. Kritik am Islamismus oder an der Politik islamistischer Regierungen soll als rassistisch oder als krankhaft denunziert werden. Es gibt einen \u201eEuropean Islamophobia Report\u201c, dessen Herausgeber Erdogan nahestehen. In diesem Report, der \u00fcbrigens sogar mit EU-Geldern gef\u00f6rdert wird, werden liberale Muslime wie Mouhanad Khorchide oder Erdogan-Kritiker mit Rechtsradikalen in einen Topf geworfen und als islamophob verurteilt.<br \/>\n&#8230; Alles vom 18.12.2020 bitte lesen auf<br \/>\n<a href=\"https:\/\/www.tichyseinblick.de\/feuilleton\/buecher\/ethnologin-susanne-schroeter-ueber-postkolonialismus-als-druckmittel\">https:\/\/www.tichyseinblick.de\/feuilleton\/buecher\/ethnologin-susanne-schroeter-ueber-postkolonialismus-als-druckmittel<\/a>\/<\/p>\n<p>&nbsp;<\/p>\n<p>&nbsp;<\/p>\n<p><strong>Islamophil-Islamophob-Christophob: Worte mit dunklem Hintergrund<\/strong><\/p>\n<p><strong>&#8211; &#8222;Islamophob\u201c: Propagandabegriff, um Islamkritiker mundtot zu machen<\/strong><br \/>\nvon <a href=\"https:\/\/www.freiburg-schwarzwald.de\/blog\/religion\/christen\/naechstenliebe\/\">Dr. Udo Hildenbrand<\/a>.<br \/>\nWie sagt schon der Kirchenlehrer Augustinus \u2013 hier frei \u00fcbersetzt? \u201eDen Irrtum hassen, den Irrenden aber lieben\u201c. Ein wahrhaft christliches Wort, ganz im Sinne des Jesuswortes: \u201eLiebet eure Feinde\u201c (Matth\u00e4us 5,44; Lukas 6, 27. 35).<br \/>\n.<br \/>\nEin islamophiler Mensch ist \u2013 w\u00f6rtlich \u2013 ein \u201eFreund\u201c (griech. \u201eph\u00edlos\u201c) des Islams,<br \/>\ndagegen ist ein islamophober\u2013 wiederum w\u00f6rtlich \u2013 einer, der \u201eAngst\/Furcht\u201c( griech. \u201eph\u00f3bos\u201c) vor dem Islam hat.<br \/>\nDass aus einem Islamophoben, also einem, der Angst vor dem Islam hat, ein Islam-Feind\/Hasser werden kann, dazu unten der Versuch, diesen kleinen, jedoch bedr\u00fcckenden \u201ePhobien-Dschungel\u201c zu entwirren.<br \/>\n.<br \/>\n<strong>Kein Zwang zur Islamophilie (Islamfreundschaft,- liebe)<\/strong><br \/>\nNiemand ist verpflichtet, islamophil zu sein, also Sympathien f\u00fcr die Religion Mohammeds zu empfinden, Freund dieser Religion zu sein, gar den Islam zu lieben. Christlich, human ist es jedoch, den Muslimen als den Angeh\u00f6rigen dieser Religion christlich, menschlich zu begegnen, woraus sich seitens der Christen durchaus auch Freundschaft entwickeln kann. Denn f\u00fcr Christen gibt es kein Verbot, mit Muslimen Freundschaft zu schlie\u00dfen.<br \/>\n.<br \/>\nAuch die Heirat zwischen Christen und Muslimen ist nach christlicher Lehre m\u00f6glich (vgl. dazu: Kath. Kirchenrecht CIC, cc. 1129 ff.). Um sich jedoch Entt\u00e4uschung, Leid und Not k\u00fcnftig m\u00f6glichst zu ersparen, sollten sich Frauen, die einen Muslim heiraten wollen, zuvor Gedanken machen \u00fcber das Frauenbild, dass der sogenannte \u201eewig-g\u00fcltige\u201c Koran propagiert, auch \u00fcber die tats\u00e4chlichen Verh\u00e4ltnisse in dem Land, aus dem der vorgesehene muslimische Ehepartner stammt. Fachleute raten zu einem Ehevertrag, der bei Muslimen nicht au\u00dfergew\u00f6hnlich ist.<br \/>\nWie sieht es aber nach offizieller islamischer Lehre mit Freundschaft und Liebe in dieser Konstellation umgekehrt, n\u00e4mlich aus islamischer Perspektive aus? Die Koransure 5,51 beantwortet die Frage nach der Freundschaft mit einer eindeutigen Absage. Bei einer Heirat zwischen Muslimen und Nichtmuslimen sind letztere sowie auch muslimische Frauen aus unterschiedlichen Gr\u00fcnden immer grundlegend benachteiligt.<br \/>\nDie Worte \u201eIslamophilie\u201c und \u201eislamophil\u201c sind neben ihrem prim\u00e4r positiven Bedeutungsinhalt auch negativ konnotiert und werden im Kontext der Islamdebatte nicht selten als schm\u00e4hendes, auch diffamierendes Schimpfwort gegen Islamsympathisanten und islamfreundliche Aussagen benutzt.<br \/>\n.<br \/>\n<strong>Begr\u00fcndete Angst (\u201ePhobie\u201c) vor dem Islam?<\/strong><br \/>\nIn unserer freiheitlichen Demokratie haben wir das Recht, jeder Religion und jeder Weltanschauung gegen\u00fcber kritisch, gar ablehnend zu sein, selbstverst\u00e4ndlich (?) auch dem Islam gegen\u00fcber. Wir haben das Recht, islamophob zu sein im eigentlichen Sinn dieses Wortes, n\u00e4mlich \u00c4ngste und Sorgen im Blick auf den Islam zu haben, gerade auch bez\u00fcglich der gesellschaftlichen Entwicklung in unserem Land und in Europa. Wo aber liegen die speziellen Gr\u00fcnde f\u00fcr berechtigte Skepsis, Kritik, Ablehnung und Angst dieser Religion gegen\u00fcber?<\/p>\n<p>Es sind die mit Skepsis und Kritik verbundenen Bedrohungs-und Verlust\u00e4ngste in weiten Teilen der Bev\u00f6lkerung. So die Sorgen und \u00c4ngste um Identit\u00e4ts-, Kultur- und Traditionsverlust, Sicherheits-, Wohlstands- sowie auch Kontrollverlust \u00fcber unser Land usw. Es sind vor allem auch die \u00fcberall nachlesbaren, schon tausendfach ver\u00f6ffentlichten und vor allem auch unwiderlegten Fakten aus der islamischen Welt, die bei vielen Menschen keineswegs angenehme islamophile Gef\u00fchle ausl\u00f6sen, vielmehr Sorgen, \u00c4ngste und Abwehrmechanismen. Welche Fakten sind damit gemeint?<\/p>\n<p>Fakten im Koran,<br \/>\nFakten im Leben Mohammeds,<br \/>\nFakten in der bedr\u00fcckenden islamischen Geschichte,<br \/>\nFakten in der heutigen Praxis islamischer Staaten,<br \/>\nFakten in den islamischen Rechtsgutachten, den Fatwas,<br \/>\nFakten vor allem auch in den zeitgeschichtlichen,\u00a0den Islam, die Muslime betreffenden Verhaltensweise und Vorg\u00e4ngen, in den Ereignissen und Entwicklungen ringsum, in Europa und weltweit.<\/p>\n<p>Dazu kommt noch die Tatsache, dass jeder einzelne Nichtmuslim immer im Fadenkreuz dieser Religion ist. Denn nach islamischer Lehre ist er immer als \u201eUngl\u00e4ubiger\u201c zu betrachten. Sobald es die Mehrheitsverh\u00e4ltnisse erm\u00f6glichen, ist dieser \u201eUngl\u00e4ubige\u201c zu bekehren oder zu bek\u00e4mpfen \u2013 oder, wenn\u00b4s gut geht, als kopfsteuerzahlender B\u00fcrger zweiter Klasse zu behandeln, inclusive aller im Islam jahrhundertelang erprobter und verfeinerter Diskriminierungsvariationen.<\/p>\n<p>Es gibt also mehr als genug berechtigte Gr\u00fcnde, den Islam als ein religi\u00f6s-ideologisches Gedankensystem mit seinem absoluten Wahrheits- und politischen und gesellschaftlichen Machtanspruch kritisch, skeptisch, ablehnend und auch angstbesetzt zu betrachten.<\/p>\n<p><strong>Islamophobie: Ein Kampfbegriff<\/strong><br \/>\nVon England aus breitete sich in den 1990er-Jahren dieser Begriff \u201eIslamophobie\u201c aus, sodann verst\u00e4rkt nach dem Terroranschlag am 9.11.2001 in New York und vor allem nach dem Drama der d\u00e4nischen Mohammed-Karikaturen im Jahre 2005. Eine andere These verlegt die Begriffsinitialz\u00fcndung nach Riad.<\/p>\n<p>Der Substantiv \u201eIslamophobie\u201c und das Adjektiv \u201eislamophob\u201c werden jedenfalls als Kampfbegriffe politisch-islamischer Vereine und Organisationen wie AKP und Muslimbruderschaft verwendet und mit \u201eIslam-Abneigung\/-Antipathie \/-Hetze\/-Hass\/-Feindschaft\u201c \u00fcbersetzt. Dementsprechend ist eine \u201e islamophobe Rede\u201c immer zu verstehen als eine gegen Muslime\/den Islam gerichtete \u201eHassrede\u201c. Dabei ist bemerkenswert: Der sprachliche Ursprung des Begriffs \u201eIslamophobie\u201c wird in sein Gegenteil verdreht: Aus \u201eAngst vor den Muslimen\/dem Islam\u201c wird \u201eHetze\/Gegnerschaft\/Feindschaft gegen, Hass usw. auf die Muslime\/den Islam\u201c.<\/p>\n<p>Verwendet wird dieser Kampfbegriff auch in Anlehnung an das deutsche Fremdwort \u201eXenophobie\u201c (griech. \u201eAngst vor Fremden\u201c). Dieses Wort wird jedoch mit \u201eFremdenfeindlichkeit\u201c, \u201eAusl\u00e4nderfeindlichkeit\u201c gleichgesetzt. Somit wird es \u2013 wie das Wort \u201eIslamophobie\u201c- ins Gegenteil seiner Ursprungsbedeutung verdreht. Insgeheim wird Islamfeindlichkeit (Islamophobie) damit auch als eine verkleidete Fremden- und Ausl\u00e4nderfeindlichkeit interpretiert. Diese Interpretation ist jedoch genauso falsch, wie etwa Katholikenfeindlichkeit mit Ausl\u00e4nderfeindlichkeit gleichzusetzen.<\/p>\n<p>Ein Hauptproblem des weit verbreiteten Propaganda-Begriffes \u201eIslamophobie\u201c liegt vor allem auch darin, dass Kritik an der islamischen Religion und Diskriminierung von Menschen miteinander vermischt werden.<\/p>\n<p><strong>Zielsetzung: Islamkritik zum Schweigen bringen<\/strong><br \/>\nIn den verschiedenen Formen der Islamdebatte wollen Muslime sowie islamophile Diskutanten\/Sympathisanten mit diesem Kampfbegriff \u201eIslamophobie\u201c( \u201eIslam-Hetze\/-Hass\/-Feindschaft\u201c) unangenehme Fragen m\u00f6glichst schnell abw\u00fcrgen, legitime Kritik an realen, durch den Islam verursachten Problemen verdecken und Kritiker mundtot machen.<\/p>\n<p>Konkret versucht man, z. B. islamisch begr\u00fcndete Menschenrechtsverletzungen und Unterdr\u00fcckungsstrukturen zu tabuisieren. Wer etwa auch Kopftuchzwang und Zwangsheirat in muslimischen Familien ablehnt, wer den Islam nicht kompatibel h\u00e4lt mit unserer freiheitlich demokratischen Grundordnung, wird sofort mit diesem Kampfbegriff \u201eislamophob\u201c skandalisiert. Ebenso wird mit dem Islamophobie-Vorwurf nachdr\u00fccklich versucht, die Deutungshoheit \u00fcber die Islam-Debatte (zur\u00fcck) zu gewinnen.<br \/>\nVor allem aber steht hinter diesem Begriff die muslimische Forderung nach gesellschaftlicher \u00c4chtung jeglicher Kritik an der Religion Mohammeds. Man will also in unserer freiheitlichen Demokratie exakt das versuchen einzuf\u00fchren, was in den islamischen L\u00e4ndern schon immer unverr\u00fcckbare, quasi-dogmatische Tradition ist: Keine (Selbst-)Kritik am Islam.<\/p>\n<p><strong>Islamophobie auch im \u201eKampf gegen Rechts\u201c<\/strong><br \/>\nAuch von nichtmuslimischer islamophiler Seite her wird in Deutschland der Kampfbegriff Islamophobie vor allem im omin\u00f6sen \u201eKampf gegen Rechts\u201c eingesetzt. Dabei wird Islamophobie oft parallelisiert mit Antisemitismus, Homophobie, auch mit anderen Vorurteilen, die es nach diesen Zeitgenossen als verabscheuenswert zu verurteilen gilt.<\/p>\n<p>In diesem Kontext sei mit einer pers\u00f6nlichen Erfahrung von David Berger das weithin feststellbare Ph\u00e4nomen der einseitigen Kritik an der Katholischen Kirche einerseits und am Islam andererseits durch insbesondere linkslastige Journalisten und Politiker beschrieben:<br \/>\n\u201eWenn ich den Papst, die katholische Kirche und deren Fundamentalisten wegen ihrer Homophobie heftig kritisiere, bekomme ich fast einhellige Zustimmung. Wenn ich auf die Homophobie im Islam und den t\u00f6dlichen Hass bei den Islamisten hinweise, h\u00f6re ich regelm\u00e4\u00dfig den Vorwurf, ich sei islamophob und rechtspopulistisch. Was stimmt da in unserer Wahrnehmung nicht?\u201c<br \/>\nAuf beiden oben genannten Berufsgruppen d\u00fcrfte tendenziell auch der in bildhaft- eing\u00e4ngiger Sprache gefasste Vorwurf von Rayk Anders zutreffen:<br \/>\n\u201eVor MUSLIMEN kuschen, auf CHRISTEN rumhacken!\u201c<\/p>\n<p><strong>\u201eAnti-muslimischer Rassismus\u201c: Ein unlogischer Begriff<\/strong><br \/>\nSchnell sehen sich Islamkritiker neben dem Vorwurf der Islamophobie auch dem Parallel-Vorwurf des \u201eanti-muslimischen Rassismus\u201c ausgesetzt. Mit dem Einsatz dieser Rassismus-Keule will man suggerieren, der Islam sei eine Rasse. Dabei wird auch hier die Haltung des Misstrauens und der Abneigung\/Feindschaft gegen diese angebliche \u201eislamische Rasse\u201c mit der Kritik an der Religion Mohammeds verbunden wird. So versucht man, Islamkritiker als Rassisten zu denunzieren und damit als diskursunf\u00e4hig zu disqualifizieren \u2013 frei nach dem Motto: Wer den Islam kritisiert, ist ein Rassist, und Rassisten haben generell kein Recht auf Meinungsfreiheit.<\/p>\n<p>Doch keine Religion oder Weltanschauung, auch nicht die Religion Mohammeds, kann als Rasse bezeichnet werden. Denn Rasse ist grundlegend eine biologische\/biologistische Kategorie. So sind Muslime genau so wenig eine Rasse wie etwa Christen oder Angeh\u00f6rige anderer Religionsgemeinschaften. Vielmehr entstammen diese religi\u00f6sen Gruppen jeweils zahlreichen Ethnien, die weltweit verstreut in eigengepr\u00e4gten, in sich z. T. stark divergierenden Territorien und Kulturen leben.<\/p>\n<p><strong>Fatale Absichten: Islamophobie pathologisieren, kriminalisieren, bestrafen<\/strong><br \/>\nMuslimischerseits ist ganz offensichtlich beabsichtigt, sogar in die Gesetzgebung unserer freiheitlichen Demokratie einzugreifen. Mit dem Begriff \u201eIslamophobie\u201c will man n\u00e4mlich Islam-Kritiker zun\u00e4chst pathologisieren, indem man von der \u201eKrankheit der Islamophobie\u201c spricht. Sodann ist geplant, die von dieser angeblich krankhaften und b\u00f6sartigen Islamophobie befallenen Kritiker sowie alle, die Unbehagen, \u00c4ngste und Sorgen im Blick auf den Islam artikulieren, auch noch zu kriminalisieren.<br \/>\nDie ultimative Begr\u00fcndung f\u00fcr dieses Kriminalisieren liegt auch schon l\u00e4ngt parat: \u201eIslamophobie\u201c sei die \u201eschlimmste Form des Terrorismus\u201c und deshalb strafrechtlich zu verfolgen. Islamophobie also nach der Vorstellung von Muslimen ein strafbares Delikt mit dem Ziel, Islamkritik zu unterbinden, g\u00e4nzlich zum Verstummen bringen! Fraglos ein un\u00fcbersehbarer massiver Eingriff aufgrund von totalit\u00e4rer Gesinnung in die vom deutschen Grundgesetz garantierte Meinungsfreiheit.<br \/>\nBei dieser Denkweise des Pathologisierens, Kriminalisierens und Bestrafens werden sofort auch bedr\u00fcckende Erinnerungen an die Sowjetunion wachgerufen: Kritiker des Kommunismus wurden n\u00e4mlich mit Medikamenten ruhig gestellt und in psychiatrische Anstalten weggesperrt. Muslime wollen gleich in Gef\u00e4ngnisse einsperren!<\/p>\n<p><strong>Aufruf an die Politik<\/strong><br \/>\nBleibt nur zu hoffen, dass unsere politischen Verantwortungstr\u00e4ger\/innen in allen Parteien so hellh\u00f6rig und so weise sind, diese antidemokratischen, totalit\u00e4ren Planungen zur strafrechtlichen Sanktionierung von Islamkritik zu durchschauen und den Planern von Vornherein einen dicken Strich durch die Rechnung zu machen. Orientierung dazu k\u00f6nnte u. a. der Islamwissenschaftler Tilman Nagel geben, der davor warnt, sich einem religi\u00f6s-politischen System zu unterwerfen:<br \/>\n\u201eIch \u2026 muss hinnehmen, dass das Christentum oder die s\u00e4kulare Staats- und Gesellschaftsordnung in islamischen Publikationen grob verzeichnet oder geschm\u00e4ht werden. Nicht hingegen darf ich billigen, dass, wie mit der Verwendung des Begriffs \u201aIslamophobie\u2018 beabsichtigt, ein religi\u00f6s-politisches System, das bedingungslose Anerkennung und kritiklose Unterwerfung fordert, f\u00fcr unantastbar erkl\u00e4rt werden soll. Einen solchen Schutz haben nicht einmal die Verfechter des Marxismus-Leninismus f\u00fcr ihre Ideologie erreichen k\u00f6nnen\u201c. (Hervorhebung: U.H.)<\/p>\n<p><strong>Christophobie: Christen als weltweit am st\u00e4rksten verfolgte Gruppe<\/strong><br \/>\nDer im Vergleich zum Kampfbegriff \u201eIslamophobie\u201c \u00e4u\u00dferst selten und erst in j\u00fcngerer Zeit gebrauchte Begriff \u201eChristophobie\u201c, gelegentlich auch \u201eChristianophobie\u201c, wird offensichtlich im Anschluss an den \u201everdreht\u201c \u00fcbersetzten Begriff \u201eIslamophobie\u201c ebenfalls falsch \u00fcbersetzt. Denn die exakte \u00dcbersetzung w\u00e4re: \u201eAngst vor dem Christentum bzw. vor Christen\u201c. So wird dieser Begriff (sinnvollerweise) analog zum Islamophobie- Begriff \u00fcbersetzt mit: \u201eGegnerschaft, Feindschaft, Hass usw. gegen das Christentum, gegen die Christen\u201c.<br \/>\nIm Rahmen dieser Ausf\u00fchrungen kann die schwer belastete Thematik der weltweit feststellbaren Christen-\/Christentumsfeindlichkeit in all ihren bedr\u00fcckenden Schattierungen nicht anliegengerecht dargestellt werden. Eine weitaus umfangreichere Berichterstattung in den kirchlichen und \u00f6ffentlichen Medien ist zu erhoffen und auch dringend erforderlich. Denn unverst\u00e4ndlicherweise lag allzu lange der Mantel des Schweigens \u00fcber dem Drama der Christenverfolgung in unserer Zeit. Hier m\u00fcssen zwei skizzenhafte Hinweise zum Thema gen\u00fcgen:<\/p>\n<p>Nach einer Sch\u00e4tzung der Vereinten Nationen (UN) \u201eleidet ein Drittel der Weltbev\u00f6lkerung in irgendeiner Form unter religi\u00f6ser Verfolgung\u2026, wobei Christen die am st\u00e4rksten verfolgte Gruppe sind\u201c. Auch wird festgestellt, dass in manchen Regionen das Ausma\u00df und die Art der Verfolgung von Christen \u201enah an der internationalen Definition von V\u00f6lkermord\u201c ist.<br \/>\nA. Hirsi Ali, Politikerin somalischer Herkunft, Exmuslima, Atheistin, stellt die Begriffe \u201e Islamophobie\u201c und \u201eChristophobie\u201c einander gegen\u00fcber. Dabei konstatiert sie: \u00dcber das \u201ePh\u00e4nomen der Christophobie wird in den westlichen Medien (im Gegensatz zu der weitaus h\u00e4ufiger diskutierten \u201aIslamophobie\u2018) erstaunlich wenig berichtet\u2026\u201c. Jede \u201eunparteiische Bewertung \u2026 f\u00fchrt zum Schluss, dass das Ausma\u00df der Islamophobie gering ist im Vergleich zu der Christophobie, die in s\u00e4mtlichen L\u00e4ndern der Welt mit einer muslimischen Mehrheit herrscht.\u201c<br \/>\n.<br \/>\n<strong>Das Ende aller Religionskritik?<\/strong><br \/>\nIn diesen Ausf\u00fchrungen wurde u. a. deutlich: Mit dem Kampf-und Propaganda-Begriff \u201eIslamophobie\u201c soll muslimischerseits jegliche Islamkritik zum Verstummen gebracht und reale Problem verdeckt werden. Das Erreichen dieser autorit\u00e4ren, antidemokratischen Zielsetzung aber w\u00e4re zugleich auch das Ende aller glaubw\u00fcrdigen Formen von Islamdebatten und Dialogveranstaltungen auf allen gesellschaftlichen und kirchlichen Ebenen. Denn Dialog in einer freien Gesellschaft ohne die M\u00f6glichkeit zur kritischen Auseinandersetzung kann niemals sinnvoll und zielf\u00fchrend sein. Dialog ohne kritische Auseinandersetzung ist ein Widerspruch in sich.<\/p>\n<p>Des gedeihlichen Zusammenlebens der Menschen willen bleibt jedoch auch weiterhin der offene und ehrliche Dialog zwischen den Religionen und Weltanschauungen dringend angesagt. Ein Dialog also ohne Leisetreterei und Besch\u00f6nigung, ohne Ausblenden und T\u00e4uschung und ohne freiheitsbeschr\u00e4nkender Bevormundung. Darin m\u00fcssen keineswegs vordringlich theologische Themen auf den Tisch kommen, vielmehr vorrangig die anstehenden sozialen und kulturellen Probleme und Spannungen, die sich aus dem Zusammenleben mit Muslimen in unserer freiheitlich- demokratischen Gesellschaft ergeben.<br \/>\n2.12.2019, <a href=\"https:\/\/www.freiburg-schwarzwald.de\/blog\/global\/eu\/grenzen\/grenzenlos\/\">Dr. Udo Hildenbrand<\/a><br \/>\n.<br \/>\n<em>Dr. Udo Hildenbrand ist Mitautor des Buches<\/em><br \/>\n<em> \u201eFreiheit und Islam. Fakten, Fragen Forderungen\u201c. 848 Seiten, 34 \u20ac , 2\/2016<\/em><br \/>\n<em> von Udo Hildenbrand , Friedrich Rau, Reinhard Wenner<\/em><br \/>\n<em> ISBN-13: 978-3873365650<\/em><br \/>\n<em> Im Buchhandel oder portofrei gegen Rechnung bei Reinhard.Wenner@gmx.de<br \/>\n<\/em>\u00a0.<br \/>\nDer Beitrag ist ist auch erschienen auf<br \/>\n<a href=\"https:\/\/charismatismus.wordpress.com\/2017\/10\/03\/islamische-merkmale-dominanzdenken-kritikresistenz-schuldverweigerung-opferrollen-und-forderungsmentalitaet\/\">https:\/\/charismatismus.wordpress.com\/2017\/10\/03\/islamische-merkmale-dominanzdenken-kritikresistenz-schuldverweigerung-opferrollen-und-forderungsmentalitaet\/<\/a><br \/>\n.<br \/>\n<strong>Dr. theol. Hildenbrand, Udo:<\/strong> Spiritual in einem Frauenkloster. Zuvor langj\u00e4hriger Gemeindepfarrer, auch Wissenschaftlicher Assistent am Lehrstuhl f\u00fcr Liturgiewissenschaft an der Universit\u00e4t Freiburg im Breisgau, Referent f\u00fcr Priesterfortbildung, Di\u00f6zesanpr\u00e4ses des Allgemeinen C\u00e4cilienverbandes der Erzdi\u00f6zese Freiburg, Generalpr\u00e4ses des deutschsprachigen C\u00e4cilienverbandes. Dozent im Fach Liturgik an der Staatlichen Hochschule f\u00fcr Musik in Freiburg und an anderen Ausbildungsst\u00e4tten. Herausgeber einiger B\u00fccher und Zeitschriftenartikel mit Schwerpunkt Liturgie und Kirchenmusik. Seit etwa 20 Jahren intensive Besch\u00e4ftigung mit der Islam-Problematik, verbunden mit einer Reihe themenbezogener Vortr\u00e4ge.<br \/>\n.<br \/>\n<strong>Dr. phil. Rau, Friedrich:<\/strong> Studium der Geschichte und Philosophie (Analytische Philosophie, Wissenschaftstheorie) in M\u00fcnster, W\u00fcrzburg, Berlin und M\u00fcnchen. Zusatzstudien in Politischer Wissenschaft u. a. am Otto-Suhr-Institut der FU Berlin. Magister Artium (MA) an der FU Berlin, Dr. phil. an der LMU M\u00fcnchen. Einige Jahre T\u00e4tigkeit in freier Wirtschaft und \u00f6ffentlicher Verwaltung. 1975-2000 Abteilungsleiter am Zentralarchiv f\u00fcr empirische Sozialforschung an der Universit\u00e4t zu K\u00f6ln. Mitglied in einer Gesellschaft f\u00fcr Menschenrechte. Ass. jur., Dipl. Theol.<br \/>\n.<br \/>\n<strong>Wenner, Reinhard:<\/strong> Einige Jahre Referent und Dozent f\u00fcr Erwachsenenbildung in einer Akademie, danach im Sekretariat der Deutschen Bischofskonferenz zust\u00e4ndig f\u00fcr Kirchenrecht und Kirchenrechtliche Dokumentation. Herausgeber des Loseblattwerks Beschl\u00fcsse der Deutschen Bischofskonferenz und der Leits\u00e4tze-Sammlungen zu kirchlichen Ehenichtigkeitsverfahren im deutschsprachigen Raum; mehrere Artikel im Lexikon f\u00fcr Kirchen-und Staatskirchenrecht sowie Ver\u00f6ffentlichungen zu (staats-) kirchenrechtlichen Themen. Seit 15 Jahren verst\u00e4rkt besch\u00e4ftigt mit Menschenrechtsfragen, Christenverfolgungen und mit dem Islam.<br \/>\n.<br \/>\n.<br \/>\n<strong>\u00d6sterreich: Liberale Muslime kritisieren \u201eIslamophobiekeule\u201c in Politik &amp; Medien<\/strong><br \/>\n<em>\u201eIslamophopie-L\u00fcge sch\u00fctzt radikale Islamisten\u201c<\/em><br \/>\nDie Initiative Liberaler Muslime \u2013 ILM\u00d6 ist der Meinung, Islamkritik und Meinungsfreiheit seien niemals Islamophobie oder Rassismus. Vielmehr verstecken sich radikale Islamisten hinter diesem k\u00fcnstlichen Begriff. Sie wollen mit der Islamophobiekeule jegliche Kritik und Meinungsfreiheit in Europa verhindern und einen Feldzug gegen Kritiker starten.<br \/>\nEs handelt sich um eine europaweite konzertierte Kampagne gegen die Meinungsfreiheit, der sich alle aufgekl\u00e4rten Menschen und liberalen Muslime in den Weg stellen m\u00fcssen. In der Vergangenheit waren derartige \u00c4u\u00dferungen und Veranstaltungen in Europa meist dazu angetan, unter dem Deckmantel des Kampfbegriffes \u201eIslamophobie\u201c jegliche Kritik am Islam und an radikalen Islamisten wie der Muslimbruderschaft, Mill\u00ee G\u00f6r\u00fc\u015f, Atib oder Salafisten im Keim zu ersticken.<br \/>\n.<br \/>\nBUCH von Amer Albayati, dem Pr\u00e4sidenten der \u00f6sterreichischen LIBERALEN MUSLIME<br \/>\n\u201eDen Bef\u00fcrwortern, Stimmungsmachern und Organisatoren dieser gef\u00e4hrlichen Kampagne sei einmal mehr gesagt, dass es niemals Islamophobie sein kann, wenn man im Rahmen der Meinungsfreiheit offenkundige Fehlentwicklungen kritisiert. Dem in ganz Europa zu beobachtenden Versuch, mit diesem von dubiosen Islamisten erfundenen Kampfbegriff Kritiker mundtot zu machen, werden wir liberalen Muslime mit aller Macht entgegentreten\u201c, erkl\u00e4rt Amer Albayati, Pr\u00e4sident der Initiative Liberaler Muslime \u00d6sterreich \u2013 ILM\u00d6. Die Verfechter dieses Begriffes zielen stets darauf ab, islamistische Missst\u00e4nde und Skandale nachtr\u00e4glich zu vertuschen, um damit radikalen Islamisten eine Imagepolitur zu verpassen. Wir appellieren daher an die Vertreter der Medien, dieses Ansinnen stets kritisch zu hinterfragen und zu entlarven. Was sagen Experten und Insider zum Begriff \u201eIslamophobie\u201c?<br \/>\n.<br \/>\nIslamexperte Dr. Michael Ley schrieb dazu in seinem aktuellen Buch:<br \/>\n\u201eDie islamophilen Eliten behindern die Integration vieler Muslime insofern, als sie ihnen einen Opferstatus zugestehen und damit keine Selbstverantwortung der Migranten verlangen. Diese Ideologie unterst\u00fctzt die Intentionen muslimischer Verb\u00e4nde, mit dem Verweis auf Rassismus und \u2018Islamophobie\u2018, eine Integration zu unterlaufen.\u201c<br \/>\n.<br \/>\nDr. Thomas Tartsch, Politikberater und Experte f\u00fcr Terrorism-Counterterrorism, sagt zum Kampfbegriff Islamophobie:<br \/>\n\u201eEs hat sich Islamophobie zu einem inhaltslosen Kampfbegriff entwickelt, der im politischen Diskurs instrumentalisiert wurde, um jede legitime Kritik am Islam als Religionssystem mit spezifischen kulturellen Auspr\u00e4gungen sozial zu stigmatisieren, da diese Kritik bestimmte Islamauslegungen und islamistische Akteure thematisiert.<br \/>\nDiese Instrumentalisierung dient auch den Vertretern des organisierten ideologischen Islam, die damit ihre politischen Zielvorstellungen durchsetzen wollen. Islamophobie wurde erstmals von den iranischen Mullahs 1979 benutzt, um angeblich nicht islamische Bekleidung bei Frauen zu kritisieren\u201c.<br \/>\nQuelle und FORTSETZUNG der Pressemitteilung hier: <a href=\"https:\/\/www.initiativeliberalermuslime.org\/pressemitteilungen\/20-04-2016-islamophobiekeule\/\">https:\/\/www.initiativeliberalermuslime.org\/pressemitteilungen\/20-04-2016-islamophobiekeule\/<\/a><br \/>\n&#8230; Alles vom 4.8.2016 von Felizitas K\u00fcble bitte lesen auf<br \/>\n<a href=\"https:\/\/charismatismus.wordpress.com\/2016\/08\/04\/oesterreich-liberale-muslime-kritisieren-islamophobiekeule-in-politik-medien\/\">https:\/\/charismatismus.wordpress.com\/2016\/08\/04\/oesterreich-liberale-muslime-kritisieren-islamophobiekeule-in-politik-medien\/<\/a><\/p>\n","protected":false},"excerpt":{"rendered":"<p>Home\u00a0&gt;Religion\u00a0&gt;Islam\u00a0&gt;Religionsunterricht\u00a0&gt;Islamophobie Listenauswahl eines Beitrags (Artikel\/Datum, Seite\/Inhalt):\u00a0Klicken\u00a0oder scrollen Buurmann: Islamophobie &#8211; Warum Angst nicht ausgerottet werden kann und soll (4.4.2026) Doppelmoral: \u201eJunge Muslime\u201c und \u201eJunge M\u00e4nner\u201c\u00a0(4.1.2026) Houellebecq 2015 Unterwerfung\u00a0(14.8.2025) Antisemitismus und Islamophobie \u2013 eine deutsche Scheinehe (4.10.2024) Polizistenmord durch Islamist\u00a0(3.6.2024) Die &hellip; <a href=\"https:\/\/www.freiburg-schwarzwald.de\/blog\/religion\/islam\/islamophobie\/\">Weiterlesen <span class=\"meta-nav\">&rarr;<\/span><\/a><\/p>\n","protected":false},"author":2,"featured_media":0,"parent":12111,"menu_order":0,"comment_status":"open","ping_status":"closed","template":"","meta":{"footnotes":""},"class_list":["post-76665","page","type-page","status-publish","hentry"],"_links":{"self":[{"href":"https:\/\/www.freiburg-schwarzwald.de\/blog\/wp-json\/wp\/v2\/pages\/76665","targetHints":{"allow":["GET"]}}],"collection":[{"href":"https:\/\/www.freiburg-schwarzwald.de\/blog\/wp-json\/wp\/v2\/pages"}],"about":[{"href":"https:\/\/www.freiburg-schwarzwald.de\/blog\/wp-json\/wp\/v2\/types\/page"}],"author":[{"embeddable":true,"href":"https:\/\/www.freiburg-schwarzwald.de\/blog\/wp-json\/wp\/v2\/users\/2"}],"replies":[{"embeddable":true,"href":"https:\/\/www.freiburg-schwarzwald.de\/blog\/wp-json\/wp\/v2\/comments?post=76665"}],"version-history":[{"count":5,"href":"https:\/\/www.freiburg-schwarzwald.de\/blog\/wp-json\/wp\/v2\/pages\/76665\/revisions"}],"predecessor-version":[{"id":148241,"href":"https:\/\/www.freiburg-schwarzwald.de\/blog\/wp-json\/wp\/v2\/pages\/76665\/revisions\/148241"}],"up":[{"embeddable":true,"href":"https:\/\/www.freiburg-schwarzwald.de\/blog\/wp-json\/wp\/v2\/pages\/12111"}],"wp:attachment":[{"href":"https:\/\/www.freiburg-schwarzwald.de\/blog\/wp-json\/wp\/v2\/media?parent=76665"}],"curies":[{"name":"wp","href":"https:\/\/api.w.org\/{rel}","templated":true}]}}