{"id":76640,"date":"2019-12-01T19:49:31","date_gmt":"2019-12-01T18:49:31","guid":{"rendered":"https:\/\/www.freiburg-schwarzwald.de\/blog\/?page_id=76640"},"modified":"2026-01-22T09:36:06","modified_gmt":"2026-01-22T08:36:06","slug":"klimaleugner","status":"publish","type":"page","link":"https:\/\/www.freiburg-schwarzwald.de\/blog\/natur\/klima\/klimaleugner\/","title":{"rendered":"Klimaleugner"},"content":{"rendered":"<p>Home &gt;<a title=\"Natur\" href=\"https:\/\/www.freiburg-schwarzwald.de\/blog\/natur\/\">Natur<\/a>\u00a0&gt;<a title=\"Klima\" href=\"https:\/\/www.freiburg-schwarzwald.de\/blog\/natur\/klima\/\">Klima<\/a>\u00a0&gt;<a title=\"Klimawandel\" href=\"https:\/\/www.freiburg-schwarzwald.de\/blog\/natur\/klima\/klimawandel\/\">Klimawandel<\/a>\u00a0&gt;<a href=\"https:\/\/www.freiburg-schwarzwald.de\/blog\/natur\/klima\/klima-religion\/\">Klima-Religion<\/a> &gt;Klimaleugner<\/p>\n<div id=\"attachment_60728\" style=\"width: 649px\" class=\"wp-caption alignnone\"><a href=\"https:\/\/www.freiburg-schwarzwald.de\/blog\/global\/integration\/fluechtlinge-arbeit\/strand6vater-sohn-pan160503\/\" rel=\"attachment wp-att-60728\"><img loading=\"lazy\" decoding=\"async\" aria-describedby=\"caption-attachment-60728\" class=\"size-full wp-image-60728\" src=\"https:\/\/www.freiburg-schwarzwald.de\/blog\/wp-content\/uploads\/2016\/05\/strand6vater-sohn-pan160503.jpg\" alt=\"Vater und Sohn beim Sandburgenbau am Mittelmeer bei Venedig 3.5.2016\" width=\"639\" height=\"275\" srcset=\"https:\/\/www.freiburg-schwarzwald.de\/blog\/wp-content\/uploads\/2016\/05\/strand6vater-sohn-pan160503.jpg 639w, https:\/\/www.freiburg-schwarzwald.de\/blog\/wp-content\/uploads\/2016\/05\/strand6vater-sohn-pan160503-180x77.jpg 180w\" sizes=\"auto, (max-width: 639px) 100vw, 639px\" \/><\/a><p id=\"caption-attachment-60728\" class=\"wp-caption-text\">Vater und Sohn beim Sandburgenbau am Mittelmeer bei Venedig 3.5.2016<\/p><\/div>\n<p>&nbsp;<\/p>\n<ul>\n<li><em>Listenauswahl eines Beitrags (Artikel\/Datum, Seite\/Inhalt): <span style=\"text-decoration: underline;\">Klicken<\/span> oder scrollen<\/em><\/li>\n<li><a href=\"https:\/\/www.freiburg-schwarzwald.de\/blog\/natur\/klima\/klimaskeptiker\/\">Die UNO will jegliche Kritik an der Klimapolitik zensieren, nachdem ein Whistleblower sie als kompletten Betrug entlarvt hat<\/a> (20.1.2026)<\/li>\n<li><strong><a href=\"https:\/\/www.freiburg-schwarzwald.de\/blog\/sonne-wandelt-klima-nicht-co2\/\">Sonne wandelt Klima, nicht CO2<\/a>\u00a0(11.1.2026)<\/strong><\/li>\n<li><a href=\"https:\/\/www.freiburg-schwarzwald.de\/blog\/bildung\/wissenschaft\/physik\/\">Gerd Gantef\u00f6r: Physikprofessor kl\u00e4rt mit wachsendem Erfolg \u00fcber Klima-Alarmismus auf<\/a>\u00a0(1.8.2025)<\/li>\n<li><a href=\"https:\/\/www.freiburg-schwarzwald.de\/blog\/natur\/klima\/co2\/co2-klimaluege\/\">Der CO2-Betrug: Es ist alles gelogen<\/a>\u00a0(31.3.2025)<\/li>\n<li><a href=\"https:\/\/www.freiburg-schwarzwald.de\/blog\/juliwetter-gut-das-ernten-nicht\/\">Juliwetter gut \u2013 das Ernten nicht<\/a>\u00a0(28.7.2024)<\/li>\n<li>John F. Clauser: US-Nobelpreistr\u00e4ger sorgt mit Klimawandelkritik f\u00fcr Wirbel\u00a0 (28.6.2024)<\/li>\n<li><a href=\"https:\/\/www.freiburg-schwarzwald.de\/blog\/natur\/klima\/hitze\/\">Meteorologie: Der heisse trockene Sommer 1911<\/a>\u00a0(19.8.2023<\/li>\n<li><a href=\"https:\/\/www.freiburg-schwarzwald.de\/blog\/natur\/klima\/co2\/\">0,000028 Prozent: Deutschlands Anteil am weltweiten CO2 in der Luft<\/a>\u00a0(30.4.2023)<\/li>\n<li><a href=\"https:\/\/www.freiburg-schwarzwald.de\/blog\/kultur\/medien\/verschwoerungstheorien\/\">Verschw\u00f6rungstheoretiker &gt; Conspiracy und Leugner &gt;Holocaustleugner<\/a>\u00a0(29.3.2023)<\/li>\n<li><a href=\"https:\/\/www.freiburg-schwarzwald.de\/blog\/natur\/klima\/klimaterrorismus\/\">Klimaterrorismus Kurzkommentar: Wetterschisser, keine Klimaterroristen<\/a>\u00a0(10.1.2023)<\/li>\n<li><a href=\"https:\/\/www.freiburg-schwarzwald.de\/blog\/energie\/energiepolitik\/eike\/\">15. EIKE-Klimakonferenz: \u201eRussisches Roulette mit sechs Kugeln\u201c<\/a>\u00a0(25.11.2022)<\/li>\n<li><a href=\"https:\/\/www.freiburg-schwarzwald.de\/blog\/natur\/klima\/klima-forschung\/\">Klimamodelle<\/a>\u00a0(4.11.2022)<\/li>\n<li><a href=\"https:\/\/www.freiburg-schwarzwald.de\/blog\/energie\/energiepolitik\/eike\/\">14. EIKE-Tagung in Gera \u2013 parallel zur COP26 in Glasgow<\/a>\u00a0(18.11.2021)<\/li>\n<li><a href=\"https:\/\/www.freiburg-schwarzwald.de\/blog\/natur\/klima\/menschengemacht\/\">Menschengemachter Klimawandel? Fragen eines Naturwissenschaftlers<\/a>\u00a0(22.5.2021)<\/li>\n<li><a href=\"https:\/\/www.freiburg-schwarzwald.de\/blog\/wunschzettel-ans-christkind\/\">Wunschzettel ans Christkind<\/a>\u00a0(24.12.2020)<\/li>\n<li><a title=\"Apologize for the Climate Scare\" href=\"https:\/\/www.freiburg-schwarzwald.de\/blog\/apologize-for-the-climate-scare\/\">Apologize For The Climate Scare<\/a>\u00a0(16.7.2020)<\/li>\n<li>Klimahysterie: Das \u201eUnwort des Jahres\u201c ist linker Unsinn\u00a0 (15.1.2020)<\/li>\n<li>Klimaleugner lautet das wahre Unwort des Jahres 2019: Warum dies eine gute Wahl war (13.1.2020)<\/li>\n<li><a title=\"Klima-Religion\" href=\"https:\/\/www.freiburg-schwarzwald.de\/blog\/natur\/klima\/klima-religion\/\">Klimaleugner, Umweltsau, Verschissmus: Unworte 2019<\/a>\u00a0(12.1.2020)<\/li>\n<li><a title=\"Gr\u00fcne glauben sich selbst nicht\" href=\"https:\/\/www.freiburg-schwarzwald.de\/blog\/gruene-glauben-sich-selbst-nicht\/\">Gr\u00fcne glauben sich selbst nicht<\/a>\u00a0(26.12.2019)<\/li>\n<li>Historiker Joachim Radkau fordert mehr Dialog zwischen den beiden Klimalagern (30.11.2019)<\/li>\n<li>Brief eines \u201eKlimaleugners\u201c an einen Sportsfreund (30.11.2019)<\/li>\n<\/ul>\n<ul>\n<li><a title=\"CO2\" href=\"https:\/\/www.freiburg-schwarzwald.de\/blog\/natur\/klima\/co2\/\">CO2-Fu\u00dfabdruck \u2013 Carbon Footprint CF<\/a><\/li>\n<li><a title=\"Corona-Virus\" href=\"https:\/\/www.freiburg-schwarzwald.de\/blog\/business\/gesund\/corona-virus\/\">Corona-Virus<\/a><\/li>\n<li><a title=\"Deutschland-Hoffnung\" href=\"https:\/\/www.freiburg-schwarzwald.de\/blog\/global\/deutschland\/deutschland-hoffnung\/\">Deutschland-Hoffnung<\/a><\/li>\n<li><a href=\"https:\/\/www.freiburg-schwarzwald.de\/blog\/energie\/energiepolitik\/eike\/\">EIKE<\/a><\/li>\n<li><a href=\"https:\/\/www.freiburg-schwarzwald.de\/einsparen.htm\">Einsparen statt verschwenden<\/a>\u00a0&gt;Einsparen<\/li>\n<li><a title=\"Emissionshandel\" href=\"https:\/\/www.freiburg-schwarzwald.de\/blog\/natur\/klima\/emissionshandel\/\">Emissionshandel<\/a><\/li>\n<li><a title=\"FridaysForFuture\" href=\"https:\/\/www.freiburg-schwarzwald.de\/blog\/natur\/klima\/fridaysforfuture\/\">FridaysForFuture<\/a><\/li>\n<li><a title=\"Geologie\" href=\"https:\/\/www.freiburg-schwarzwald.de\/blog\/natur\/geologie\/\">Geologie<\/a><\/li>\n<li><a href=\"https:\/\/www.freiburg-schwarzwald.de\/blog\/engagement\/zukunft\/demokratie\/grundgesetz\/grundgesetz-klima\/\">Grundgesetz-Klima<\/a><\/li>\n<li><a title=\"Gruen-Links\" href=\"https:\/\/www.freiburg-schwarzwald.de\/blog\/engagement\/zukunft\/demokratie\/gruen-links\/\">Gr\u00fcn-Links<\/a><\/li>\n<li><a title=\"Hitze\" href=\"https:\/\/www.freiburg-schwarzwald.de\/blog\/natur\/klima\/hitze\/\">Hitze<\/a><\/li>\n<li><a title=\"Klimagerechtigkeit\" href=\"https:\/\/www.freiburg-schwarzwald.de\/blog\/natur\/klima\/klimagerechtigkeit\/\">Klimagerechtigkeit<\/a><\/li>\n<li><a title=\"Klima-Forschung\" href=\"https:\/\/www.freiburg-schwarzwald.de\/blog\/natur\/klima\/klima-forschung\/\">Klima-Forschung<\/a><\/li>\n<li><a href=\"https:\/\/www.freiburg-schwarzwald.de\/blog\/natur\/klima\/klimaskeptiker\/\">Klimaskeptiker<\/a><\/li>\n<li><a href=\"https:\/\/www.freiburg-schwarzwald.de\/blog\/natur\/klima\/klimaterrorismus\/\">Klimaterrorismus<\/a><\/li>\n<li><a href=\"https:\/\/www.freiburg-schwarzwald.de\/blog\/natur\/klima\/klimawandel-glaube\/\">Klimawandel-Glaube<\/a><\/li>\n<li><a title=\"Klimawandel-natuerlich\" href=\"https:\/\/www.freiburg-schwarzwald.de\/blog\/natur\/klima\/klimawandel-natuerlich\/\">Klimawandel-natuerlich<\/a><\/li>\n<li><a href=\"https:\/\/www.freiburg-schwarzwald.de\/blog\/natur\/klima\/menschengemacht\/\">Menschengemachter Klimawandel<\/a><\/li>\n<li><a title=\"Migrationspolitik\" href=\"https:\/\/www.freiburg-schwarzwald.de\/blog\/global\/migration\/migrationspolitik\/\">Migrationspolitik ab 2020<\/a><\/li>\n<li><a href=\"https:\/\/www.freiburg-schwarzwald.de\/blog\/global\/deutschland\/moral2015\/moralismus\/\">Moralismus<\/a><\/li>\n<li><a title=\"Nachhaltigkeit\" href=\"https:\/\/www.freiburg-schwarzwald.de\/blog\/natur\/klima\/nachhaltigkeit\/\">Nachhaltigkeit<\/a><\/li>\n<li><a title=\"Religion\" href=\"https:\/\/www.freiburg-schwarzwald.de\/blog\/religion\/\">Religion<\/a><\/li>\n<li><a title=\"Schulstreik\" href=\"https:\/\/www.freiburg-schwarzwald.de\/blog\/bildung\/schulen\/schulstreik\/\">Schulstreik<\/a><\/li>\n<li><a title=\"Spaltung\" href=\"https:\/\/www.freiburg-schwarzwald.de\/blog\/global\/deutschland\/spaltung\/\">Spaltung der Gesellschaft<\/a><\/li>\n<li><a title=\"Suffizienz\" href=\"https:\/\/www.freiburg-schwarzwald.de\/blog\/engagement\/zukunft\/suffizienz\/\">Suffizienz<\/a><\/li>\n<li><a title=\"Transformation\" href=\"https:\/\/www.freiburg-schwarzwald.de\/blog\/natur\/klima\/transformation\/\">Transformation zur \u00d6kodiktatur<\/a><\/li>\n<li><a title=\"Umwelt\" href=\"https:\/\/www.freiburg-schwarzwald.de\/blog\/natur\/umwelt\/\">Umwelt<\/a><\/li>\n<li><a title=\"Weltuntergang\" href=\"https:\/\/www.freiburg-schwarzwald.de\/blog\/natur\/klima\/weltuntergang\/\">Weltuntergang<\/a><\/li>\n<\/ul>\n<p>Klimaleugner gibt es nicht &#8211; es sind Klimawandelskeptiker<br \/>\n==========================================================<\/p>\n<p><strong>John F. Clauser: US-Nobelpreistr\u00e4ger sorgt mit Klimawandelkritik f\u00fcr Wirbel\u00a0<\/strong><br \/>\n<strong>Der Ketzer<\/strong><\/p>\n<p>Der Weltklimarat IPCC sei eine der schlimmsten Quellen f\u00fcr gef\u00e4hrliche Falschinformationen. John F. Clauser, der dies gut gelaunt in den Raum wirft, ist nicht irgendwer: Der Experimentalphysiker, der als au\u00dfergew\u00f6hnlich talentiert und intelligent gilt, hat sich mit Grundlagen der Quantenmechanik befa\u00dft, vor allem mit der befremdlichen \u201enichtlokalen Quantenverschr\u00e4nkung\u201c \u2013 also dem Ph\u00e4nomen, da\u00df Elementarteilchen, die weit voneinander entfernt und durch nichts verbunden sind, auf bis heute r\u00e4tselhafte Weise miteinander interagieren k\u00f6nnen. Er hat experimentell bewiesen, da\u00df dieses spukhafte Geschehen real ist. Daf\u00fcr erhielt der US-Amerikaner 2022 zusammen mit dem Franzosen Alain Aspect und dem \u00d6sterreicher Anton Zeilinger den Nobelpreis f\u00fcr Physik.<\/p>\n<p>Der Ausnahmewissenschaftler scheut provokante Aussagen nicht, etwa j\u00fcngst auf der Konferenz des Europ\u00e4ischen Instituts f\u00fcr Klima und Energie (EIKE) bei Wien (JF 26\/14). Doch schon vor einem Jahr unterzeichnete er die \u201eWeltklima-Erkl\u00e4rung\u201c der Climate Intelligence Foundation, einer niederl\u00e4ndischen Stiftung, die Gegengewicht zur erdr\u00fcckenden Menge der Klimapanikstiftungen sein will. Kernaussage: Es gibt keinen Klimanotstand. Clauser ist nach dem Physiker Ivar Giaever der zweite Nobelpreistr\u00e4ger, dessen Name die Erkl\u00e4rung ziert. Zudem trat er 2023 dem Vorstand der in den USA beheimateten Organisation \u201eCO2-Coalition\u201c mit den Worten bei: \u201eEs gibt keine Klimakrise, denn steigende CO2-Konzentration wird der Welt zugute kommen.\u201c Und er verweist auf die Wolkenbedeckung, die in erster Linie die Temperatur der Erde reguliere, nicht das durch Verbrennung freigesetzte CO2. Die IPCC-Klimamodelle kritisiert er als unzuverl\u00e4ssig, da sie dies nicht ausreichend ber\u00fccksichtigten. Das r\u00e4umt \u00fcbrigens auch der Weltklimarat selbst ein.<\/p>\n<p><em><strong>\u201eDie Welt ist \u00fcberschwemmt von Pseudowissenschaft und Desinformation zu opportunistischen Zwecken.\u201c<\/strong><\/em><br \/>\nVolltreffer! Seitdem herrscht helle Panik: \u201eF\u00fchrende Klimawissenschaftler\u201c seien alarmiert, feuern aufgebracht Bl\u00e4tter wie die Washington Post zur\u00fcck, die penibel dar\u00fcber wachen, da\u00df keiner vom rechten Pfad des Klimapanikglaubens abweicht. Ihre gro\u00dfe Mehrheit sei sich einig, die Erw\u00e4rmung habe katastrophale Folgen, und sie klagen, Clauser nutze seinen Ruf, die \u00d6ffentlichkeit \u00fcber den planetaren Notfall in die Irre zu f\u00fchren.<br \/>\n\u201eAuch wenn es viele \u00e4rgert, der Planet ist nicht in Gefahr\u201c, widerspricht der 82j\u00e4hrige aus Pasadena in Kalifornien, der wei\u00df, was Wissenschaft in Wahrheit bedeutet: \u201eIch habe das gro\u00dfe Privileg, mit Gott zu sprechen \u2013 obwohl ich Atheist bin. Denn im Labor stelle ich sorgf\u00e4ltig mathematisch begr\u00fcndete Fragen und beobachte die entsprechende universelle Wahrheit.\u201c Physik sei geduldiges Beobachten, exaktes Messen, genaues Auswerten: \u201ePr\u00e4zise Beobachtungen haben Vorrang vor rein spekulativen Theorien.\u201c<\/p>\n<p>\u201eDie Welt\u201c, schimpft er, \u201eist \u00fcberschwemmt mit Pseudowissenschaft, wissenschaftlicher Fehlinformation und mit dem, was ich \u2018Techno-Cons\u2019 nenne: wissenschaftliche Desinformation zu opportunistischen Zwecken.\u201c Es tut sich was: Seri\u00f6se Forscher ertragen immer weniger den fahrl\u00e4ssigen Umgang der Klimapanikforscher mit der Wissenschaft und erheben ihre Stimme. Clauser ist nicht der erste, und er wird nicht der letzte sein. www.johnclauser.com<br \/>\n&#8230; Alles vom 28.6.2024 bitte lesen in der F 27\/24, Seite 3<br \/>\n<a href=\"https:\/\/www.junge-freiheit.de\">https:\/\/www.junge-freiheit.de<\/a><\/p>\n<p>&nbsp;<\/p>\n<p><strong>Klimahysterie: Das \u201eUnwort des Jahres\u201c ist linker Unsinn<\/strong><br \/>\nDas \u201eUnwort\u201c des Jahres 2019 steht in einer \u00fcblen Tradition: Mit dem \u201eUnwort\u201c-Begriff werden meist Andersdenkende diskreditiert, die den Geboten der linken Sprachpolizei nicht folgen wollen. Dieses Jahr wird suggeriert, dass jeder, der kritisch vor einer Klimahysterie warnt, auch gegen Klimaschutz sei. Demnach gibt es angeblich gar keine Klimahysterie \u2013 alles nur eine Erfindung und eine \u00fcble Masche von Rechten. Meine Meinung: \u201eKlimaleugner\u201c w\u00e4re als Unwort des Jahres passender gewesen, da Menschen, die nicht unkritisch in den Chor der herrschenden Meinungen einstimmen, damit kriminalisiert werden.<br \/>\nUntersucht man die Begriffe, die in fr\u00fcheren Jahren als Worte bzw. Unworte des Jahres gek\u00fcrt wurden, dann wird deutlich, dass sich darin die Weltsicht der Linksintellektuellen verdichtet. \u201eUnworte\u201c, die von politisch Linksstehenden verwendet werden, gibt es nach dieser Lesart nicht. \u201eUnworte\u201c sind vorwiegend Begriffe, die \u2013 tats\u00e4chlich oder vermeintlich \u2013 von Liberalen, Konservativen oder Rechten verwendet werden. Mit \u201eSprachwissenschaft\u201c, wie es unkritisch in Medien hei\u00dft, haben all die Worte, Unworte usw., die j\u00e4hrlich von einer linken Jury als solche bestimmt werden, nicht das Geringste zu tun. Hier wollen sich Linksintellektuelle ihrer Deutungshoheit versichern und Andersdenkende l\u00e4cherlich machen und diffamieren.<br \/>\n&#8230; Alles vom 15.1.2020 von Rainer Zitelmann bitte lesen auf<br \/>\n<a href=\"https:\/\/www.theeuropean.de\/rainer-zitelmann\/klimahysterie-ist-unwort-des-jahres\/\">https:\/\/www.theeuropean.de\/rainer-zitelmann\/klimahysterie-ist-unwort-des-jahres\/<\/a><br \/>\n.<br \/>\n2014 war L\u00fcgenpresse das Unwort des Jahres. Im selben Jahr wurde Claas Relotius als &#8222;Journalist des Jahres&#8220; ausgezeichnet!<br \/>\n15.1.2020, gre<br \/>\n.<\/p>\n<p><strong>Klimaleugner lautet das wahre Unwort des Jahres 2019: Warum dies eine gute Wahl war<\/strong><br \/>\nIn Bezug auf \u201eKlimaleugner\u201c geht es also darum, dass so getan wird, dass etwas mit dem Klima vollkommen klar und erwiesen sei, dies auch fast alle wissen, nur eben einige Verr\u00fcckte das \u201eleugnen\u201c. Und dieses etwas, damit ist nat\u00fcrlich gemeint, nicht dass es ein Klima gibt, auch nicht dass dieses sich best\u00e4ndig wandelt, dass es also einen Klimawandel gibt, sondern gemeint ist, dass dieser Klimawandel sehr stark menschengemacht, sprich anthropogen verursacht sein soll und bedingt durch die industrielle Revolution seit dem 19. Jahrhundert ganz ungew\u00f6hnlich schnell verlaufen w\u00fcrde. Das ist die eigentliche Behauptung, die als selbstverst\u00e4ndlich und erwiesen suggeriert werden soll. Zugleich soll mit der Qualifikation \u201eLeugner\u201c eine Analogie oder zumindest eine Assoziation zu Strafprozessen hergestellt werden, in denen der Angeklagte leugnet, die Straftat, zum Beispiel einen Betrug, eine Vergewaltigung oder einen Mord, begangen zu haben. Oder aber noch schlimmer und perfider: Es soll eine Analogie oder Assoziation zum Holocaust, dem millionenfachen fabrikm\u00e4\u00dfigen Morden der Nazis, hergestellt werden, genauer: zu den Unmenschen, die diesen Holocaust leugnen und damit die Opfer der Nazis und deren Hinterbliebenen im Nachhinein auch noch verh\u00f6hnen und quasi ein zweites Mal ein Verbrechen an ihnen begehen, indem sie nicht einmal anerkennen, welch schreckliches Unrecht diesen Menschen angetan wurde.<br \/>\nMit diesem wahren Unwort \u201eKlimaleugner\u201c werden also andere, die \u2013 wom\u00f6glich mehr als berechtigte \u2013 Zweifel hegen, ob es a) \u00fcberhaupt eine v\u00f6llige ungew\u00f6hnliche Abnormalit\u00e4t bez\u00fcglich der Geschwindigkeit des Wandel des Klimas gibt, oder b) Zweifel an der stark menschengemachten Verursachung dieses beschleunigten Wandels, in die N\u00e4he von Holocaustleugnern ger\u00fcckt. Perfider und b\u00f6sartiger geht es wohl kaum noch.<br \/>\n..<br \/>\n\u201eUmweltsau\u201c und \u201eVerschissmus\u201c auf den Pl\u00e4tzen zwei und drei<br \/>\nAuf Platz zwei und drei finden sich mit 647 Stimmen (13,6 Prozent) \u201eUmweltsau\u201c und \u201eVerschissmus\u201c mit 575 Stimmen (12,1 Prozent).<br \/>\n&#8230; Alles vom 13.1.2020 bitte lesen auf<br \/>\n<a href=\"https:\/\/juergenfritz.com\/2020\/01\/13\/klimaleugner-lautet-das-wahre-unwort-des-jahres-2019\/\">https:\/\/juergenfritz.com\/2020\/01\/13\/klimaleugner-lautet-das-wahre-unwort-des-jahres-2019\/<\/a><\/p>\n<p><strong>Klimahysterie Unwort 2019<\/strong><br \/>\nDazu passend die Meldung, dass \u201cKlimahysterie\u201d zum Unwort des Jahres gew\u00e4hlt wurde. Tagesschau.de schreibt: \u201cEine sprachkritische Jury hat \u201cKlimahysterie\u201d zum Unwort des Jahres 2019 gek\u00fcrt. Mit dem Ausdruck w\u00fcrden \u201cKlimaschutzbem\u00fchungen und die Klimaschutzbewegung diffamiert und Debatten diskreditiert\u201d, hie\u00df es zur Begr\u00fcndung.\u201d Soso, Debatten werden diskreditiert, weil jemand der Meinung ist, dass der ganze Spuk der Klimahysterie schon pathologische Z\u00fcge annimmt. DAS ist die Art von Demokratie, die unsere Staatsmedien und Politiker uns aufzwingen wollen. Ich nenne das Diktatur. Ich habe bei der Umfrage angeregt, dass man sich hier zun\u00e4chst anonymisiert per Mail kontakten kann, der Kontaktierte kann dann entscheiden, ob er den Kontakt mit seiner Mailadresse beantwortet oder nicht. Freunde (und nat\u00fcrlich Freundinnen, die \u201cd\u201d k\u00f6nnen mir den Buckel\u2026) im Geiste, es wird Zeit, zur Tat zu schreiten, schreiben ist eine m\u00e4chtige Waffe, aber wenn die, die es betrifft, es nicht lesen\u2026 Lasst uns real etwas unternehmen.<br \/>\n14.1.2020, HaJo Wolf<br \/>\n.<br \/>\n<strong>Klimahysterie anstelle Klimaleugner?<\/strong><br \/>\nAn so einem Tag, an dem dieser Verein der gutmenschlichen Sprachpolizisten wieder einmal das sogenannte Unwort des Jahres bekannt gegeben hat, ist so ein Beitrag nicht hoch genug einzusch\u00e4tzen. Der Klimahysteriker soll ein Unwort sein, aber der Klimaleugner, welcher bewusst an den Straftatbestand der Holocaustlegnung erinnern soll, nicht. L\u00e4cherlich. Und dieser Verein beklagt einen Angriff auf die Wissenschaft. Welche Wissenschaft meinen wir denn dann. Die Geschw\u00e4tzwissenschaften in Deutschland? Lustig, die Software kennt den Begriff der Geschw\u00e4tzwissenschaften nicht und markiert sie als Fehler.<br \/>\n14.1.2020, Jochen Br\u00fchl<\/p>\n<p>&nbsp;<\/p>\n<p><strong>Historiker Joachim Radkau fordert mehr Dialog zwischen den beiden Klimalagern<\/strong><br \/>\nRadkau: \u00abEs geh\u00f6rt zur Political Correctness, sich zum Glauben an den Klimawandel zu bekennen. In Wahrheit nimmt man ihn nicht ernst\u00bb<br \/>\n.. Alles vom 30.11.2019 bitte lesen auf<br \/>\n<a href=\"https:\/\/kaltesonne.de\/historiker-joachim-radkau-fordert-mehr-dialog-zwischen-den-beiden-klimalagern\/\">https:\/\/kaltesonne.de\/historiker-joachim-radkau-fordert-mehr-dialog-zwischen-den-beiden-klimalagern\/<\/a><\/p>\n<p>.<\/p>\n<p><strong>Brief eines \u201eKlimaleugners\u201c an einen Sportsfreund<br \/>\n<\/strong><em>K\u00fcrzlich geriet ich in eine hitzige Debatte mit einem Sportkollegen, der mich am Ende als \u201eKlimaleugner\u201c bezeichnete. Dies nahm ich zum Anlass f\u00fcr einen offenen Brief, in dem ich meinen Standpunkt kl\u00e4re. Und andererseits darauf hinweise, dass Begriffe wie \u201eKlimaleugner\u201c die Wurzel vielen \u00dcbels sind.<br \/>\n<\/em>\u00a0.<br \/>\nLieber F.,<br \/>\nich habe eine Weile \u00fcberlegt, ob ich Dir schreiben soll. Ich tue es, weil es mir um einige prinzipielle Dinge geht, \u00fcber die ich mir selbst klar werden wollte. Deswegen bin ich Dir auch ein wenig dankbar f\u00fcr die Anregungen, die ich nach unserem w\u00f6chentlichen Sporttermin durch Dich und Deinen Vorwurf des Klimaleugners erhalten habe.<br \/>\nErstens \u2013 und so etwas st\u00f6\u00dft mir als jemandem, der t\u00e4glich mit Sprache arbeitet \u2013 besonders auf, ist Deine unreflektierte \u00dcbernahme von Begriffen problematisch. Nur ein paar Erl\u00e4uterungen zu dem von Dir verwendeten und mir unterstellten Begriff des \u201eKlimaleugners\u201c:<br \/>\n1) Der Begriff ist unsinnig. Kein Mensch leugnet das Klima, das w\u00e4re so, als ob man den Tod oder physikalische Naturgesetze leugnet.<br \/>\n2)\u00a0Der Begriff ist pejorativ, also abwertend gemeint. Er suggeriert semantisch, wohl nicht ohne Absicht, eine N\u00e4he zum <a title=\"Holocaust-Education\" href=\"https:\/\/www.freiburg-schwarzwald.de\/blog\/bildung\/holocaust-education\/\">Holocaustleugner<\/a>, setzt also den Anderen in eine unmoralische Position, die die eigene aufwertet und moralisch adelt.<br \/>\n3) Der Begriff ist totalit\u00e4r, da er insinuiert, es g\u00e4be nur eine einzige Wahrheit und wer ihr widerspricht, der muss im Unrecht sein, also leugnen. Eine andere Meinung wird so gar nicht mehr zugelassen oder in den Bereich des Verfemten verschoben.<br \/>\n.<br \/>\n<strong>\u00c4u\u00dferst perfide, aber wirkungsvoll<\/strong><br \/>\nWer Andersdenkende als \u201eLeugner\u201c diskreditiert, ist f\u00fcr Dogmen und Unfehlbarkeit und versucht zu diffamieren. Das Framing, das Du dann sofort gesetzt hast, ist die Gleichung: Bist Du gegen Greta, dann bist Du das B\u00f6se. Denn niemand kann gegen Greta\/Umwelt sein. Wer gegen die herrschende Auffassung ist, ist nicht nur ein Leugner, sondern auch gegen Umweltschutz. Diese Gleichung ist \u00e4u\u00dferst perfide, aber wirkungsvoll, denn sie macht den Anderen zum unmoralischen Menschen, der im Diskurs keine Stimme haben kann.<br \/>\nDas scheint mir f\u00fcr Deutschland symptomatisch: Praktisch jedes Themenfeld wurde in diesem Land seit Jahren von unz\u00e4hligen Tabus und Sprechverboten begleitet: Migration, Bildung, Geschlechterverh\u00e4ltnisse, Kindererziehung, Kriminalit\u00e4t, Klimawandel, Atomkraft, Gentechnik. Im Idealfall hat jeder die \u201erichtige Meinung\u201c dazu, ja, in allen diesen F\u00e4llen kann es im Prinzip nur eine richtige Meinung geben, alle anderen sind am besten bei Strafe des gesellschaftlichen Ausschlusses zu verbieten oder \u2013 die Macht dazu hat man noch nicht \u2013 unter Strafe zu stellen. Zumindest m\u00fcssen die Protagonisten von \u201eFehlmeinungen\u201c in die rechte, rassistische, populistische, neoliberale oder unmoralische Ecke gestellt werden.<br \/>\n.<br \/>\nDie moderne Wissenschaft basiert auf Hypothesenbildung und Falsifikation. Es ist vollkommen naiv, zu glauben, dass eine einmal formulierte Hypothese auf alle Zeiten G\u00fcltigkeit haben kann, insbesondere bei einem chaotischen und multivariaten System wie dem Klima. Es handelt sich hier um komplexe Simulationsmodelle, die mit vielen Unsicherheiten rechnen. Alle diese Modelle haben einen experimentellen Charakter. Biologen, Geologen oder Pal\u00e4oklimatologen, die mit empirischen Daten (etwa der Analyse von Baumringen oder Stalagmiten) arbeiten, sind bezeichnenderweise oft kritischer, was die Theorien des IPCC (Intergovernmental Panel on Climate Change) betrifft. Warum ein einziges Element (CO2) aus einem hochkomplexen System nun alles erkl\u00e4ren soll, erschlie\u00dft sich vielen Wissenschaftlern nicht. Ein kritischer Kopf muss sich fragen, warum so sehr auf wissenschaftliche \u00dcbereinstimmung gepocht wird. Schlie\u00dflich sind Wissenschaftler auch bei weit weniger komplexen Fragen immer verschiedener Meinung.<\/p>\n<p>Kann man die Ergebnisse wissenschaftlicher Arbeit noch bezweifeln, wenn ein Diskurs dar\u00fcber verhindert wird und das einzig m\u00f6gliche Narrativ von vornherein feststeht? Das IPCC verfolgt in den Augen vieler Kritiker mehr eine politische Agenda und hat mit Wissenschaft wenig zu tun. Der Austritt ehemaliger Mitglieder aufgrund von Zweifeln an den vorherrschenden Erkl\u00e4rungsmodellen, die Manipulation widersprechender Daten (im sog. Climategate kulminierend), die st\u00e4ndige R\u00fccknahme von Prognosen, die Verquickung von Politik und Wissenschaft, das alles sind Hinweise darauf, dass wir zumindest vorsichtig sein sollten, was die Ergebnisse des IPCC anbelangt.<br \/>\nWidersprechende Theorien<br \/>\nUnser Ausgangspunkt war mein Einwand, dass es durchaus viele Wissenschaftler gibt, die sowohl den anthropogenen Anteil als auch die CO2-Theorie aufgrund eigener Ergebnisse bezweifeln (die 97-Prozent-Theorie, die der Mainstream st\u00e4ndig propagiert, ist l\u00e4ngst widerlegt, sogar der SPIEGEL hatte dazu mal einen kritischen Artikel, das kann man also wissen). Im Unterschied zu Dir ma\u00dfe ich mir kein abschlie\u00dfendes Urteil zu, sondern nehme zun\u00e4chst zur Kenntnis, dass es verschiedene Positionen gibt. Ich kann und will nicht entscheiden, wer recht hat, aber so zu tun, als ob man im alleinigen Besitz der Wahrheit ist, das ist Religion, aber nicht Wissenschaft. Im Netz kann man sofort hunderte Studien finden, die unter dem Stichwort: \u201eSupporting Skeptic Arguments Against ACC\/AGW Alarmism\u201c, gegenteillige Positionen vertreten.<br \/>\nVor Kurzem gab es eine Petition von 500 Wissenschaftlern an die UNO, in der die CO2-Theorie komplett abgelehnt wird. Warum h\u00f6rt man davon so wenig in den Medien? Nochmals, und ich hoffe, Du verstehst das: Ich will damit nur sagen (und darum ging unser Konflikt), es gibt auch andere Positionen als diejenigen, die die mediale Aufmerksamkeit haben, da sie nicht das erw\u00fcnschte Narrativ bedienen. Ich frage mich, warum Du es nicht zulassen kannst, dass es die EINE Erkl\u00e4rung nicht gibt und Du so emotional reagierst, nur weil ich n\u00fcchtern die unterschiedlichen Positionen abw\u00e4ge. Aber wie Du schon sagtest, Du kennst eben niemanden mit einer anderen Meinung. Das ist nat\u00fcrlich ein guter Schutz.<br \/>\nWir k\u00f6nnen mit unseren basalen naturwissenschaftlichen Kenntnissen auch schwer beurteilen, welche Theorie nun richtig ist und welche falsch. Zumindest sollte man aber zur Kenntnis nehmen, dass es unterschiedliche Erkl\u00e4rungsmodelle gibt. Als Psychologe besch\u00e4ftigen mich aber ganz andere, f\u00fcr mich wichtigere Fragen. Dazu ein paar Anmerkungen.<br \/>\n.<br \/>\n<strong>Kindeswohlgef\u00e4hrdung<\/strong><br \/>\nIch habe mir \u2013 auf Deinen Hinweis \u2013 nun einige Videos von Greta Thunberg, auch jenes bei den Vereinten Nationen, angeschaut. Was ich da gesehen habe, hat mich wirklich ersch\u00fcttert. Die Instrumentalisierung eines behinderten Kindes f\u00fcr die eigene Agenda grenzt f\u00fcr mich an Kindeswohlgef\u00e4hrdung. Es gibt in der westlichen Welt eine Schutzpflicht gegen\u00fcber einem Kind. Warum die Eltern nicht wegen Kindesmissbrauchs belangt werden, wei\u00df ich nicht. Man braucht kein Psychologe zu sein, um zu prophezeien, dass hier bald ein psychischer Zusammenbruch erfolgen wird.<br \/>\nUnabh\u00e4ngig davon ist vor allem der letzte Auftritt mehr als grotesk. Die Untergangsszenarien und die Unerbittlichkeit, die Maximalforderungen, die jeden, der nicht bereit ist, 100-prozentig zuzustimmen, grenzenlos beschimpft, das alles hat etwas Totalit\u00e4res, Erschreckendes. Am interessantesten ist aber die Reaktion der beschimpften Erwachsenen: Sie applaudieren ihrer eigenen Abwertung! Ein Facebook-User schrieb dazu treffend:<br \/>\n\u201eMich hat dieser Auftritt tief geschockt, und ebenso die Reaktionen. Dieser Fanatismus. Diese Instrumentalisierung. Das Ganze hat etwas Mittelalterliches. Totalit\u00e4res. Es erinnert an Videos von sowjetischen Revolution\u00e4ren in den Anfangstagen und Applaus f\u00fcr Selbstbezichtigungen unter Stalin. Oder an chinesische Auftritte zur Zeiten der Kulturrevolution. Die heutige Greta Rede in New York sollte jeder sehen, um eine Diktatur zu verstehen. Und alle sind begeistert. Wer das ablehnt, hat sich f\u00fcr immer aus der Volksgemeinschaft ausgeschlossen. Schon jetzt, nur mit einer oberfl\u00e4chlichen Diskussion, ist die Stimmung aufgeladen.\u201c<br \/>\n.<br \/>\nWillkommen im totalit\u00e4ren Staat, nur diesmal unter dem Banner des \u00d6kologismus und zum Wohl der Uneinsichtigen. Kannst Du wirklich nicht sehen, was hier f\u00fcr ein Tor ge\u00f6ffnet wird? Denn um die Menschheit zu \u201eretten\u201c, sind totalit\u00e4re Visionen ohne jegliche Scham aussprech- und umsetzbar. So fordert Fridays for Future eine globale, totale Mobilmachung von Ressourcen zur \u201eRettung\u201c und zwar in einem Ausma\u00df \u201e\u00e4hnlich wie zu Kriegszeiten\u201c. Dass Bewegungen wie die Endzeitsekte Extinction Rebellion gerade in Deutschland so viele gl\u00e4ubige Anh\u00e4nger finden, ist kein Zufall. Und es ist wohl keine allzu gewagte Prognose, dass mit der sogenannten Klimabewegung neue Formen des Terrors und der Gewalt einhergehen werden.<br \/>\n.<br \/>\n<strong>Weniger Ende der Welt, mehr Ende des Monats<\/strong><br \/>\nEs ist vollkommen anma\u00dfend und zeugt von keinerlei Geschichtskenntnis, wenn Jugendliche Westeuropas behaupten, sie h\u00e4tten Angst, in dieser Welt zu leben. Alle vorherigen Generationen haben wirkliche Kriege, Katastrophen, Hunger und Diktaturen erlebt. Die heute herabgesetzte Vorg\u00e4ngergeneration hat all das unter gro\u00dfen Anstrengungen, Verzicht und Disziplin aufgebaut, von dem die Wohlstandskinder nun profitieren.<br \/>\nEiner der wenigen vern\u00fcnftigen Gr\u00fcnen, Boris Palmer, hat in diesem Sinne auf die Rede Thunbergs geantwortet: \u201eNein, wir haben deine Jugend nicht zerst\u00f6rt. Wir haben eine Welt erschaffen, die bessere Lebenschancen f\u00fcr junge Menschen bietet als jemals zuvor in der Geschichte.\u201c<br \/>\n.<br \/>\nDie erste Generation, die in ihrem Leben keinerlei Entbehrungen oder Verzicht mehr leisten musste, hat nun mit dem Klimawandel ihr s\u00e4kulares Heilsprojekt gefunden, auf das sie ihren Generationenkonflikt projiziert. Es g\u00e4be \u00fcbrigens viel f\u00fcr die FFFs zu tun, das w\u00e4re aber anstrengend: n\u00e4mlich Umwelt- und Naturschutz aktiv zu unterst\u00fctzen, Parks von M\u00fcll zu s\u00e4ubern, Flussufer, St\u00e4dte zu reinigen, wirklichen Konsumverzicht. In der Realit\u00e4t hinterlassen die Gretaj\u00fcnger nach ihren Demos aber nur tonnenweise Dreck und Wohlstandsm\u00fcll. Umweltschutz fordert in der Regel ein wenig mehr Engagement als imagin\u00e4rer Klimaschutz. Was die Militanz der Bewegung derzeit noch hemmt, ist nur das schlechte Gewissen ob der eigenen Heuchelei.<br \/>\n.<br \/>\nMan wei\u00df ja aus Untersuchungen, dass der Gr\u00fcnw\u00e4hler im Durchschnitt \u00fcber das h\u00f6chste Einkommen verf\u00fcgt, die meisten Flugreisen unternimmt und auch beim privaten Konsum ganz vorne dran ist. Zur SUV-Dichte in den linksgr\u00fcn dominierten Stadtteilen, mit denen Soja-Malte oder Anna-Sophie zur Schule gefahren werden, sage ich jetzt nichts.<br \/>\nDie eigentliche Spaltung (nicht nur) in Deutschland bringt der franz\u00f6sische Sozialgeograph Christophe Guilly auf den Punkt. Sie verl\u00e4uft heute zwischen einer linksgr\u00fcnen Bourgeoisie und denjenigen, die \u201esich weniger Gedanken \u00fcber das Ende der Welt machen, sondern \u00fcber das Ende des Monats.\u201c In der Regel leben Letztere aber wohl um einiges umweltvertr\u00e4glicher als der urbane, globale Moralist.<\/p>\n<p><strong>S\u00e4kularer Religionsersatz<\/strong><br \/>\nWir haben es hier mit einer s\u00e4kularen Heilslehre zu tun, die alle Zeichen einer Religion tr\u00e4gt. Dazu geh\u00f6ren: Die Masse der Gl\u00e4ubigen und der Mitl\u00e4ufer, eine Gruppe von H\u00e4retikern und Ketzern (\u201eKlimaleugner\u201c, kritische Wissenschaftler) die bek\u00e4mpft werden muss. Dann nat\u00fcrlich Schuldige (die b\u00f6se Industrie, der Kapitalismus, die Alten), das Auftauchen einer Prophetin (Greta), die lauten Forderungen nach Bu\u00dfe und Verzicht (vor allem f\u00fcr die anderen), die Zerknirschtheit des S\u00fcnders, gepaart mit Scham, schlie\u00dflich die ertr\u00e4umte Katharsis und nat\u00fcrlich auch eine apokalyptische Vision, nur, anders als noch in der Offenbarung des Johannes, ohne Transzendenz, das hei\u00dft, es folgt kein Paradies.<br \/>\n.<br \/>\nEs scheint, als w\u00e4re hier eine Ersatzreligion gefunden worden, die insbesondere eine von allen existenziellen Problemen befreite Jugend anzieht, die nun ein gemeinsames Projekt hat. In der Vorstellung des drohenden Unterganges der Menschheit, in der die Schuldigen ausgemachte Sache sind, steckt aber auch ein Moment der Lust an der Katastrophe. Angstlust hat Freud das genannt.<br \/>\nEndzeitreligionen neigen zu Fanatismus. Widerspruch ist nicht mehr erlaubt. Jeder, der nur ansatzweise Kritik oder Fragen stellt, wird gnadenlos ins Abseits gestellt. Er leugnet eben. Hier kommen typisch \u201edeutsche Tugenden\u201c zum Ausbruch: die Selbst\u00fcbersch\u00e4tzung, der missionarische Eifer, die moralische Rigorosit\u00e4t und ein humorbefreiter Furor. Am deutschen Wesen soll wieder einmal die Welt genesen.<br \/>\n.<br \/>\n<strong>Tabuisierung der Bev\u00f6lkerungsexplosion<\/strong><br \/>\nDas gr\u00f6\u00dfte Problem, das immer noch tabuisiert wird, ist die Demographie. Die demografische Entwicklung der arabischen, aber vor allem der afrikanischen L\u00e4nder, \u00fcbertrifft alles, was historisch bekannt ist. Selbst die Bev\u00f6lkerungsexplosion in Europa seit dem 15. Jahrhundert, die im 19. Jahrhundert ihren H\u00f6hepunkt fand, verblasst dagegen in ihrer Dynamik. Afrika w\u00e4chst jede Woche um fast eine Million Menschen, das sind 40-50 Millionen im Jahr. Keine \u00d6konomie der Welt kann auf Dauer ein Bev\u00f6lkerungswachstum wie in Afrika oder den arabischen L\u00e4ndern absorbieren. Damit bleiben den nachdr\u00e4ngenden jungen M\u00e4nnern drei M\u00f6glichkeiten:<br \/>\nDie Gewalt richtet sich nach innen, B\u00fcrgerkrieg, Rebellion, ein Aufstand gegen die staatlichen Institutionen und dominanten V\u00e4ter.<br \/>\nGibt es infolge staatlicher Repression kein Ventil, das den Druck reduziert, kann die L\u00f6sung in der Konstruktion eines \u00e4u\u00dferen Feindes (der Westen, das Judentum) und dem Anschluss an radikale Gruppen (IS, Boko Haram, andere Terrormilizen) liegen.<br \/>\nEs gelingt die Flucht und Auswanderung in die befriedeten Wohlstandzonen, nach geografischer Lage der Dinge also nach Europa und hier \u2013 aufgrund seines umfangreichen Sozialsystems und der mentalen Verfassung des Landes \u2013 nach Deutschland.<br \/>\nDiesem Problem m\u00fcssen wir uns stellen, und es ist in meinem Augen um vieles dringlicher. DAS wird aber aktuell durch die Klimadebatte vollkommen verstellt.<\/p>\n<p><strong>Moralisierung ist kontraproduktiv<\/strong><br \/>\nDass die Energiewende gescheitert ist, das kann man inzwischen vielfach nachlesen. Die horrenden Kosten von mehreren 100 Milliarden Euro haben keinerlei Einsparungen an CO2 gebracht (das war ja das Ziel). Die physikalischen und chemischen Grenzwerte von Wind und Sonnenenergie k\u00f6nnen nicht au\u00dfer Kraft gesetzt werden, auch wenn manche glauben, zaubern zu k\u00f6nnen. Das alleinige Setzen auf E-Mobilit\u00e4t (Rohstoffe, Problem der Batterien, Ladestationen und so weiter), die Zerst\u00f6rung und Rodung von W\u00e4ldern f\u00fcr immer gr\u00f6\u00dfere Windanlagen, die nicht grundlastf\u00e4hig sind und deren Recycling ungekl\u00e4rt ist, fehlende Trassen, fehlende Speicherm\u00f6glichkeiten, das notwendige und irrsinnig teure Back-up durch konventionelle Kraftwerke, die zur Stabilisierung des Stromnetzes am Netz gehalten werden m\u00fcssen und so weiter.<br \/>\n.<br \/>\nIch glaube, wir sollten anfangen umzudenken und nicht Abermilliarden von Euro ausgeben f\u00fcr null Effekt. Wir m\u00fcssen unsere Umwelt und Natur sch\u00fctzen. Dass jeder einen vern\u00fcnftigen Umweltschutz verfolgen sollte, dar\u00fcber herrscht wohl Konsens. Ich wehre mich aber gegen hysterische, radikale und v\u00f6llig unvern\u00fcnftige Forderungen, gegen Weltuntergangs-Phantasien, die unsinnige Milliarden kosten und die die heimischen Industrien zerst\u00f6ren, auf denen der Reichtum des Landes beruht. Meiner Meinung nach sollte sich jeder vern\u00fcnftige Mensch gegen diese Einseitigkeit wehren und kritisch hinterfragen, wem das alles n\u00fctzt. Politik ist immer interessengebunden. Die Moralisierung politischer oder wissenschaftlicher Kontroversen halte ich f\u00fcr kontraproduktiv.<br \/>\nEs wird zwischen uns nie einen Konsens geben. Das ist f\u00fcr mich auch nicht n\u00f6tig. Das einzige, was mich wirklich st\u00f6rt, ist Deine rein moralische Haltung und Deine Emp\u00f6rung dar\u00fcber, dass es Leute gibt, die anders denken als man selbst. Beim Sport sollte das keine Rolle spielen, und ich m\u00f6chte diese Themen auch nicht in unserer Runde vertiefen. Danke f\u00fcr Dein Verst\u00e4ndnis.<br \/>\n30.11.2019, <a title=\"Apokalypse\" href=\"https:\/\/www.freiburg-schwarzwald.de\/blog\/natur\/klima\/apokalypse\/\">Alexander Meschnig<\/a><br \/>\n<a href=\"https:\/\/www.achgut.com\/artikel\/brief_eines_klimaleugners_an_einen_sportsfreund\">https:\/\/www.achgut.com\/artikel\/brief_eines_klimaleugners_an_einen_sportsfreund<br \/>\n<\/a>\u00a0.<br \/>\n<em>Dr. Alexander Meschnig, geboren 1965 in Dornbirn (\u00d6sterreich), studierte Psychologie und P\u00e4dagogik in Innsbruck. 1992 Umzug nach Berlin und Promotion in Politikwissenschaften an der Humboldt-Universit\u00e4t zu Berlin.<\/em><br \/>\n<em>Neben kulturwissenschaftlichen Ver\u00f6ffentlichungen (\u201ewww.revolution.de. Die Kultur der New Economy\u201c 2001, \u201eArbeit als Lebensstil\u201c 2003, \u201eWunschlos ungl\u00fccklich\u201c 2005) arbeitet er vor allem zu den Themen Nationalsozialismus (\u201eUns kriegt ihr nicht. J\u00fcdische \u00dcberlebende erz\u00e4hlen\u201c, 2013), Milit\u00e4r- und Kriegsgeschichte (\u201eDer Wille zur Bewegung. Milit\u00e4rischer Traum und totalit\u00e4res Programm\u201c, 2008).<\/em><br \/>\n<em>Auf der \u201eAchse\u201c analysiert er unter mentalit\u00e4tsgeschichtlicher und psycho-historischer Perspektive die politische Situation in Deutschland. Er lebt mit Frau und Siam-Kater in Berlin.<br \/>\n<\/em>\u00a0.<br \/>\n.<br \/>\nEinige Kommentare:<br \/>\n<strong>Viel besser kann man es nicht ausdr\u00fccken.<\/strong><br \/>\nWobei ich noch hinzuf\u00fcgen mag, dass meines Erachtens es zwei Gruppen bei den Klimawandelhysterikern gibt: Eine kleine Gruppe, die sich daran eine goldene Nase verdient, und eine gro\u00dfe Gruppe, f\u00fcr die das eine Ersatzreligion ist. Allerdings stellt diese gro\u00dfe Gruppe selbst in den jeweiligen Altersgruppen nur eine kleine Minderheit dar, wird allerdings von den Medien und Profiteuren gern als Mehrheit dargestellt.<br \/>\n30.11.2019, A.D., AO (Achgut Online)<br \/>\n..<br \/>\n<strong>IPCC als Klimaleugner!<\/strong><br \/>\nDer Begriff Klimaleugner ist ebenso absurd ist wie etwa Wetterleugner. Vermutlich ist damit Klima\u00e4nderungsleugner gemeint, was zwar als Schm\u00e4hwort nicht so leicht von der Zunge geht, aber zumindest semantisch sinnvoll ist. Doch wer leugnet \u00c4nderungen des Klimas? Vor allem der Weltklimarat (IPCC) selbst, der nach wie vor die Hockeyschl\u00e4ger-Hypothese verbreitet. Danach soll die globale Durchschnittstemperatur erst seit der Industrialisierung angestiegen sein &#8211; wie das Blatt eines Hockeyschl\u00e4gers. Fr\u00fchere Klima\u00e4nderungen, insbesondere die mittelalterliche Warmzeit, mit wesentlich h\u00f6heren Temperaturen als heute, werden geleugnet, da dies nicht mit der Hypothese des CO2-bedingten Klimawandels in Einklang zu bringen w\u00e4re. Kritiker forderten die Herausgabe der IPCC-Daten, um nachzuweisen, dass diese manipuliert wurden, doch der IPCC weigerte sich. Als der Erfinder der Hockeyschl\u00e4ger-Kurve deshalb als krimineller Betr\u00fcger beschimpft wurde, klagte er neulich wegen Verleumdung &#8211; und verlor den Prozess. Er und der IPCC k\u00f6nnen deshalb nach wie vor als Betr\u00fcger bezeichnet werden. Sie und ihre Anh\u00e4nger sind die eigentlichen Klima\u00e4nderungsleugner.<br \/>\n30.11.2019, W.A.<br \/>\n.<br \/>\n<strong>Angstlust in der Wohlstandsblase<\/strong><br \/>\nStichwort Angstlust. Sie geniessen lustvoll ihre Angst, weil sie von konkreten Herausforderungen des \u00dcberlebens so hervorragend bewahrt sind, sie sind gen\u00e4hrt, leiden keinen Hunger, sind medizinisch gut versorgt, haben keine existentiellen, finanziellen, materiellen Sorgen, auch morgen haben sie zu essen, haben sie ein Bett, ein gesichertes Dach \u00fcber dem Kopf, sind sie versorgt. Sie sind in einer Wohlf\u00fchlwohlstandsblase, die ihnen keine echten Herausforderungen, kein echtes Risiko, abzwingt. Sie m\u00fcssen vor nichts wirklich bestehen, auch nicht vor sich selber, bzw. das am wenigsten.<br \/>\nSie, die Jungen, wenden sich gegen Jene, die Alten, die diese Wohlsf\u00fchlwohlstandsblase f\u00fcr sie bereitet haben, deren Gefangene sie geworden sind, unf\u00e4hig, unwillig, sich daraus selbst herauszul\u00f6sen, was der hinterlassene M\u00fcll nach den Umweltdemonstrationen deutlich zeigt. Sie bleiben abh\u00e4ngig, lustvoll, von der Wohlf\u00fchlwohlstandsblase, die sie nicht wirklich missen m\u00f6chten. Es ist diesselbe Lust an der Katastrophe, der Grusel, wie sie auch, gem\u00fctlich auf dem Sofa, eine Couchpotato beim abendlichen Krimi haben kann. Wehe, er w\u00fcrde erleben, was er gerade sieht, seine Lust an der Angst w\u00fcrde der Angst weichen, m\u00fcsste er um sein \u00dcberleben f\u00fcrchten. Auch W\u00e4hne k\u00f6nnen den Strukturen einer Heilslehre folgen. Sie sind Folge von Scheitern und setzen es fort. Dem Gr\u00f6\u00dfwahnsinnigen gelingt es nicht gro\u00df zu sein, er w\u00e4hnt es nur, und indem er es w\u00e4hnt, setzt er das Scheitern fort. Massenw\u00e4hne sind billig zu haben, man muss einfach nur mitw\u00e4hnen und kann sich als Teil einer Gemeinschaft f\u00fchlen, Beispiele daf\u00fcr gibt es viele. Pseudoreligion, Massenwahn, ist es so, hat es den Keim des Scheiterns, der Katastrophe in sich. Diese ist zumeist eine ganz andere sein, als die angek\u00fcndigte, da der Wahn von vornherein die Wirklichkeit verkennt, die konkreten Herausforderungen. In Notzeiten verschwinden die Neurosen, werden W\u00e4hne durch die Wirklichkeit geheilt.<br \/>\n30.11.2019, G.F.<br \/>\n.<br \/>\n<strong>Es w\u00e4re interessant in 50 Jahren<\/strong><br \/>\ndie Geschichte von der Erfindung des menschengemachten Klimawandels zu lesen. Leider wird sie dann bei uns niemand mehr schreiben. Die westeurop\u00e4ische Gesellschaft wird sich bis dahin in ihrem heroischen Kampf gegen den menschengemachten Klimawandel selbst entleibt haben und das Gebiet ist von arabischen Clans \u00fcbernommen worden.<br \/>\n30.11.2019, M.B.<br \/>\n.<br \/>\n<strong>Minderheit von Jugendlichen ist bei FFF<\/strong><br \/>\nEin stetig wiederholter Irrtum ist, dass DIE Jugend gleichbedeutend mit FFF ist. Die allermeisten Jugendlichen sind und waren dort nicht dabei, das kann man nicht ausrechnen sondern das kriegt man mit, wenn man mit Jugendlichen zu tun hat. Die meisten Journalisten haben das nicht, deswegen dieser Fehler.<br \/>\n30.11.2019, J.M.<\/p>\n","protected":false},"excerpt":{"rendered":"<p>Home &gt;Natur\u00a0&gt;Klima\u00a0&gt;Klimawandel\u00a0&gt;Klima-Religion &gt;Klimaleugner &nbsp; Listenauswahl eines Beitrags (Artikel\/Datum, Seite\/Inhalt): Klicken oder scrollen Die UNO will jegliche Kritik an der Klimapolitik zensieren, nachdem ein Whistleblower sie als kompletten Betrug entlarvt hat (20.1.2026) Sonne wandelt Klima, nicht CO2\u00a0(11.1.2026) Gerd Gantef\u00f6r: Physikprofessor kl\u00e4rt &hellip; <a href=\"https:\/\/www.freiburg-schwarzwald.de\/blog\/natur\/klima\/klimaleugner\/\">Weiterlesen <span class=\"meta-nav\">&rarr;<\/span><\/a><\/p>\n","protected":false},"author":2,"featured_media":0,"parent":503,"menu_order":0,"comment_status":"open","ping_status":"closed","template":"","meta":{"footnotes":""},"class_list":["post-76640","page","type-page","status-publish","hentry"],"_links":{"self":[{"href":"https:\/\/www.freiburg-schwarzwald.de\/blog\/wp-json\/wp\/v2\/pages\/76640","targetHints":{"allow":["GET"]}}],"collection":[{"href":"https:\/\/www.freiburg-schwarzwald.de\/blog\/wp-json\/wp\/v2\/pages"}],"about":[{"href":"https:\/\/www.freiburg-schwarzwald.de\/blog\/wp-json\/wp\/v2\/types\/page"}],"author":[{"embeddable":true,"href":"https:\/\/www.freiburg-schwarzwald.de\/blog\/wp-json\/wp\/v2\/users\/2"}],"replies":[{"embeddable":true,"href":"https:\/\/www.freiburg-schwarzwald.de\/blog\/wp-json\/wp\/v2\/comments?post=76640"}],"version-history":[{"count":6,"href":"https:\/\/www.freiburg-schwarzwald.de\/blog\/wp-json\/wp\/v2\/pages\/76640\/revisions"}],"predecessor-version":[{"id":144593,"href":"https:\/\/www.freiburg-schwarzwald.de\/blog\/wp-json\/wp\/v2\/pages\/76640\/revisions\/144593"}],"up":[{"embeddable":true,"href":"https:\/\/www.freiburg-schwarzwald.de\/blog\/wp-json\/wp\/v2\/pages\/503"}],"wp:attachment":[{"href":"https:\/\/www.freiburg-schwarzwald.de\/blog\/wp-json\/wp\/v2\/media?parent=76640"}],"curies":[{"name":"wp","href":"https:\/\/api.w.org\/{rel}","templated":true}]}}