{"id":75838,"date":"2019-11-08T16:37:55","date_gmt":"2019-11-08T15:37:55","guid":{"rendered":"https:\/\/www.freiburg-schwarzwald.de\/blog\/?page_id=75838"},"modified":"2026-01-22T21:27:56","modified_gmt":"2026-01-22T20:27:56","slug":"framing","status":"publish","type":"page","link":"https:\/\/www.freiburg-schwarzwald.de\/blog\/kultur\/medien\/framing\/","title":{"rendered":"Framing"},"content":{"rendered":"<p><a href=\"https:\/\/www.freiburg-schwarzwald.de\/blog\">Home<\/a>\u00a0&gt;<a title=\"Kultur\" href=\"https:\/\/www.freiburg-schwarzwald.de\/blog\/kultur\/\">Kultur<\/a>\u00a0&gt;<a title=\"Medien\" href=\"https:\/\/www.freiburg-schwarzwald.de\/blog\/kultur\/medien\/\">Medien<\/a>\u00a0&gt;<a title=\"Zeitung\" href=\"https:\/\/www.freiburg-schwarzwald.de\/blog\/kultur\/medien\/zeitung\/\">Zeitung<\/a>\u00a0&gt;<a title=\"Medien\" href=\"https:\/\/www.freiburg-schwarzwald.de\/blog\/kultur\/medien\/\">Medien<\/a> &gt;Framing<\/p>\n<div id=\"attachment_74956\" style=\"width: 649px\" class=\"wp-caption alignnone\"><a href=\"https:\/\/www.freiburg-schwarzwald.de\/blog\/selbsthilfe\/familie\/fahrrad-familie-pan20190928\/\" rel=\"attachment wp-att-74956\"><img loading=\"lazy\" decoding=\"async\" aria-describedby=\"caption-attachment-74956\" class=\"size-full wp-image-74956\" src=\"https:\/\/www.freiburg-schwarzwald.de\/blog\/wp-content\/uploads\/2012\/04\/fahrrad-familie-pan20190928.jpg\" alt=\"Familie mit dem Fahrrad unterwegs an der Dreisam in Freiburg am 28.9.2019\" width=\"639\" height=\"272\" srcset=\"https:\/\/www.freiburg-schwarzwald.de\/blog\/wp-content\/uploads\/2012\/04\/fahrrad-familie-pan20190928.jpg 639w, https:\/\/www.freiburg-schwarzwald.de\/blog\/wp-content\/uploads\/2012\/04\/fahrrad-familie-pan20190928-180x76.jpg 180w\" sizes=\"auto, (max-width: 639px) 100vw, 639px\" \/><\/a><p id=\"caption-attachment-74956\" class=\"wp-caption-text\">Familie mit dem Fahrrad unterwegs an der Dreisam in Freiburg am 28.9.2019<\/p><\/div>\n<ul>\n<li><em>Listenauswahl eines Beitrags (Artikel\/Datum, Seite\/Inhalt):\u00a0<span style=\"text-decoration: underline;\">Klicken<\/span>\u00a0oder scrollen\u00a0<\/em><\/li>\n<li><a href=\"https:\/\/www.freiburg-schwarzwald.de\/blog\/kultur\/medien\/diskussionskultur\/verleugnung\/\">Verleugungssph\u00e4re \u2013 D\u00e9nisph\u00e8re: Die links-woke Ersatzwirklichkeit<\/a>\u00a0(21.1.2026)<\/li>\n<li><a href=\"https:\/\/www.freiburg-schwarzwald.de\/blog\/guenther-medienregulierung\/\">G\u00fcnther: Medienregulierung<\/a>\u00a0 (22.1.2026)<\/li>\n<li><a href=\"https:\/\/www.freiburg-schwarzwald.de\/blog\/engagement\/zukunft\/demokratie\/freiheit\/abweichende-meinung\/\">Blo\u00df nicht selber denken! Es macht sich eine neue Staatsgl\u00e4ubigkeit breit<\/a>\u00a0(19.t6.2025)<\/li>\n<li><a href=\"https:\/\/www.freiburg-schwarzwald.de\/blog\/scheinwelten-contra-realitaet\/\">Scheinwelten gegen Realit\u00e4t<\/a>\u00a0(26.8.2024)<\/li>\n<li><a href=\"https:\/\/www.freiburg-schwarzwald.de\/blog\/buerger-glauben-der-propaganda\/\">B\u00fcrger glauben der Propaganda<\/a>\u00a0(21.5.2024)<\/li>\n<li><a href=\"https:\/\/www.freiburg-schwarzwald.de\/blog\/vereine\/ngo\/correctiv\/\">Scholz strickt die Gruselgeschichte von Correctiv weiter<\/a>\u00a0(11.3.2024)<\/li>\n<li>Correctiv: Das ZDF nutzt Framing auch f\u00fcr unbelegte Behauptungen (2.3.2024)<\/li>\n<li><a href=\"https:\/\/www.freiburg-schwarzwald.de\/blog\/geheimtreffen-correctiv-wannsee\/\">Geheimtreffen Correctiv Wannsee<\/a>\u00a0(21.1.2024)<\/li>\n<li><a href=\"https:\/\/www.freiburg-schwarzwald.de\/blog\/kultur\/medien\/framing\/geheimtreffen\/\">\u201eWannseekonferenz 2.0\u201c: Was war wirklich los?<\/a> (20.1.2024)<\/li>\n<li><a href=\"https:\/\/www.freiburg-schwarzwald.de\/blog\/global\/integration\/abschiebung\/remigration\/\">Remigration: Das Unwort des Jahres ist ein sprachpolizeiliches Eigentor<\/a>\u00a0(15.1.2024)<\/li>\n<li><a href=\"https:\/\/www.freiburg-schwarzwald.de\/blog\/engagement\/zukunft\/demokratie\/verfassung\/staatsfeinde\/\">Propaganda-Trommelfeuer gegen die Bauern (als Staatsfeinde) bleibt wirkungslos<\/a>\u00a0(10.1.2024)<\/li>\n<li><a href=\"https:\/\/www.freiburg-schwarzwald.de\/blog\/realitaet-schlaegt-narrative\/\">Realit\u00e4t schl\u00e4gt Narrative<\/a>\u00a0(28.12.2023)<\/li>\n<li><a href=\"https:\/\/www.freiburg-schwarzwald.de\/blog\/kultur\/medien\/diskussionskultur\/diskussionskultur2023\/\">Faeser: \u201eAfD schreckt Fachkr\u00e4fte aus dem Ausland ab\u201c<\/a>\u00a0(25.8.2023)<\/li>\n<li><a href=\"https:\/\/www.freiburg-schwarzwald.de\/blog\/1-bild-sagt-mehr-als-1000-worte\/\">1 Bild sagt mehr als 1000 Worte<\/a>\u00a0(20.7.2023)<\/li>\n<li><a href=\"https:\/\/www.freiburg-schwarzwald.de\/blog\/framing-wir-sparen-viel-gas\/\">Framing: Wir sparen viel Gas<\/a>\u00a0(17.10.2022)<\/li>\n<li><a href=\"https:\/\/www.freiburg-schwarzwald.de\/blog\/engagement\/gutmenschen\/wutwinter\/\">Politischer Wortschatz: \u201eWutwinter\u201c 2022\/23<\/a>\u00a0(12.8.2022)<\/li>\n<li><a href=\"https:\/\/www.freiburg-schwarzwald.de\/blog\/natur-ist-weder-gut-noch-boese\/\">Natur ist weder gut noch b\u00f6se<\/a>\u00a0(10.8.2022)<\/li>\n<li><a href=\"https:\/\/www.freiburg-schwarzwald.de\/blog\/zdf-manipuliert-bild-von-akw\/\">ZDF manipuliert Bild von AKW<\/a>\u00a0(3.8.2022)<\/li>\n<li>Sing along &#8211; Meinungs\u00e4u\u00dferung im Chor (7.7.2022)<\/li>\n<li><a href=\"https:\/\/www.freiburg-schwarzwald.de\/blog\/lpb-blutruenstige-monster\/\">LpB: Blutr\u00fcnstige Monster<\/a>\u00a0(14.4.2022)<\/li>\n<li><a href=\"https:\/\/www.freiburg-schwarzwald.de\/blog\/den-zeitungen-geht-es-schlecht\/\">Den Zeitungen geht es schlecht<\/a>\u00a0(2.4.2022)<\/li>\n<li><a href=\"https:\/\/www.freiburg-schwarzwald.de\/blog\/kultur\/medien\/journalismus\/ruthenberg-medien\/\">3. Videobotschaft \u201eFramen wir uns positiv\u201c von Martin Ruthenberg<\/a>\u00a0(16.1.2022)<\/li>\n<li><a href=\"https:\/\/www.freiburg-schwarzwald.de\/blog\/stromkrise-framing-kernkraft\/\">Stromkrise, Framing, Kernkraft<\/a>\u00a0(27.9.2021)<\/li>\n<li><a href=\"https:\/\/www.freiburg-schwarzwald.de\/blog\/kultur\/medien\/propaganda\/\">\u00bbDas Framing der Linken\u00ab \u2013 nun statistisch belegt<\/a> (26.9.2021)<\/li>\n<li>Das Framing der Linken &#8211; Holger Schmitt (20.8.2021)<\/li>\n<li><a href=\"https:\/\/www.freiburg-schwarzwald.de\/blog\/kultur\/medien\/meinungsfreiheit\/eigene-meinung\/\">Gefahr f\u00fcr Demokratie: Viele sehen Meinungsfreiheit eingeschr\u00e4nkt<\/a> (13.7.2021)<\/li>\n<li><a href=\"https:\/\/www.freiburg-schwarzwald.de\/blog\/ein-jahr-corona-aktuelle-zahlen\/\">Ein Jahr Corona: aktuelle Zahlen<\/a>\u00a0(23.3.2021)<\/li>\n<li><a href=\"https:\/\/www.freiburg-schwarzwald.de\/blog\/patienten-mit-kommunikationsbarriere\/\">P<\/a><a href=\"https:\/\/www.freiburg-schwarzwald.de\/blog\/patienten-mit-kommunikationsbarriere\/\">atienten mit Kommunikationsbarriere: Migration \u2013 Intensivstation<\/a>\u00a0(3.3.2021)<\/li>\n<li><a href=\"https:\/\/www.freiburg-schwarzwald.de\/blog\/kultur\/medien\/medienleute\/\">Weckruf \u2013 an die Journalisten der Leitmedien<\/a>\u00a0(7.1.2021)<\/li>\n<li><a title=\"Weltrettung\" href=\"https:\/\/www.freiburg-schwarzwald.de\/blog\/global\/deutschland\/weltrettung\/\">Deutschland \u2013 Noch kurz die Welt retten<\/a>\u00a0(24.7.2020)<\/li>\n<li><a title=\"Literatur\" href=\"https:\/\/www.freiburg-schwarzwald.de\/blog\/kultur\/dichter\/literatur\/\">Michael Esders: Sprachregime. Die Macht der politischen Wahrheitssysteme<\/a>\u00a0(24.7.2020)<\/li>\n<li><a title=\"Holocaust-Education\" href=\"https:\/\/www.freiburg-schwarzwald.de\/blog\/bildung\/holocaust-education\/\">Instrumentalisierung eines Gro\u00dfverbrechens: Die Erinnerung an den Holocaust sollte historisch n\u00fcchterner erfolgen<\/a>\u00a0(24.1.2020)<\/li>\n<li><a title=\"Mauerfall vor 30 Jahren Berlin\" href=\"https:\/\/www.freiburg-schwarzwald.de\/blog\/mauerfall-vor-30-jahren-berlin\/\">Mauerfall vor 30 Jahren Berlin<\/a> (9.11.2019)<\/li>\n<li><a href=\"https:\/\/www.freiburg-schwarzwald.de\/blog\/kultur\/medien\/faktencheck\/\">Correctiv als selbsternannte Staatszensur \u2013 Faktencheck<\/a>\u00a0(19.10.2019)<\/li>\n<li>Framing bei der Bundestags-Berichterstattung durch SPON (8.11.2019)<\/li>\n<li><a title=\"Intellektuelle\" href=\"https:\/\/www.freiburg-schwarzwald.de\/blog\/global\/deutschland\/gesellschaft\/intellektuelle\/\">Diener der Macht: Medien, Intellektuelle<\/a>\u00a0(18.10.2019)<\/li>\n<li><a title=\"Manipulation\" href=\"https:\/\/www.freiburg-schwarzwald.de\/blog\/kultur\/medien\/manipulation\/\">AfD-Hirse: ZDF stellt gr\u00fcne MdB als gew\u00f6hnliche Kundin dar<\/a>\u00a0(15.10.2019)<\/li>\n<li><a href=\"https:\/\/www.freiburg-schwarzwald.de\/blog\/heute-journal-schockt-mit-krieg\/\">https:\/\/www.freiburg-schwarzwald.de\/blog\/heute-journal-schockt-mit-krieg\/<\/a>\u00a0(8.4.2019)<\/li>\n<li><a title=\"Fernsehen\" href=\"https:\/\/www.freiburg-schwarzwald.de\/blog\/kultur\/medien\/fernsehen\/\">RBB legt Palmer gef\u00e4lschte Antwort in den Mund\u00a0<\/a>(9.3.2019)<\/li>\n<li><a title=\"Framing-Manual der ARD\" href=\"https:\/\/www.freiburg-schwarzwald.de\/blog\/framing-manual-der-ard\/\">Framing-Manual der ARD<\/a>\u00a0(3.3.2019)<\/li>\n<li><a title=\"Fernsehen\" href=\"https:\/\/www.freiburg-schwarzwald.de\/blog\/kultur\/medien\/fernsehen\/\">ARD-Manual fordert: moralische Argumente zu GEZ gem\u00e4\u00df Framing<\/a>\u00a0(19.2.2019)<\/li>\n<\/ul>\n<ul>\n<li>Framing (englisch) f\u00fcr Einrahmung (deutsch)<\/li>\n<\/ul>\n<ul>\n<li><a title=\"Bevormundung\" href=\"https:\/\/www.freiburg-schwarzwald.de\/blog\/engagement\/zukunft\/demokratie\/bevormundung\/\">Bevormundung<\/a><\/li>\n<li><a title=\"Denunziation\" href=\"https:\/\/www.freiburg-schwarzwald.de\/blog\/engagement\/zukunft\/demokratie\/69724-2\/\">Denunziation<\/a><\/li>\n<li><a title=\"Diffamierung\" href=\"https:\/\/www.freiburg-schwarzwald.de\/blog\/kultur\/medien\/diffamierung\/\">Diffamierung<\/a><\/li>\n<li><a title=\"Diskussionskultur\" href=\"https:\/\/www.freiburg-schwarzwald.de\/blog\/kultur\/medien\/diskussionskultur\/\">Diskussionskultur<\/a><\/li>\n<li><a title=\"Ehrlichkeit\" href=\"https:\/\/www.freiburg-schwarzwald.de\/blog\/engagement\/zukunft\/ehrlichkeit\/\">Ehrlichkeit<\/a><\/li>\n<li><a title=\"Fake-News\" href=\"https:\/\/www.freiburg-schwarzwald.de\/blog\/kultur\/medien\/fake-news\/\">Fake-News<\/a><\/li>\n<li><a href=\"https:\/\/www.freiburg-schwarzwald.de\/blog\/kultur\/medien\/faktencheck\/\">Faktencheck<\/a><\/li>\n<li><a href=\"https:\/\/www.freiburg-schwarzwald.de\/blog\/kultur\/medien\/framing\/geheimtreffen\/\">Geheimtreffen<\/a><\/li>\n<li><a title=\"GEZ-Medien\" href=\"https:\/\/www.freiburg-schwarzwald.de\/blog\/kultur\/medien\/gez-medien\/\">GEZ-Medien<\/a><\/li>\n<li><a title=\"Klonovsky\" href=\"https:\/\/www.freiburg-schwarzwald.de\/blog\/kultur\/dichter\/klonovsky\/\">Klonowsky<\/a><\/li>\n<li><a title=\"Mainstream\" href=\"https:\/\/www.freiburg-schwarzwald.de\/blog\/kultur\/medien\/mainstream\/\">Mainstream-Medien<\/a><\/li>\n<li><a title=\"Manipulation\" href=\"https:\/\/www.freiburg-schwarzwald.de\/blog\/kultur\/medien\/manipulation\/\">Manipulation durch Medien<\/a><\/li>\n<li><a href=\"https:\/\/www.freiburg-schwarzwald.de\/blog\/kultur\/medien\/medienleute\/\">Medienleute<\/a><\/li>\n<li><a title=\"Medienvielfalt\" href=\"https:\/\/www.freiburg-schwarzwald.de\/blog\/kultur\/medien\/medienvielfalt\/\">Medienvielfalt<\/a><\/li>\n<li><a href=\"https:\/\/www.freiburg-schwarzwald.de\/blog\/kultur\/medien\/meinungsfreiheit\/\">Meinungsfreiheit<\/a><\/li>\n<li><a title=\"Missverstehen\" href=\"https:\/\/www.freiburg-schwarzwald.de\/blog\/kultur\/medien\/missverstehen\/\">Missverstehen mit Absicht<\/a><\/li>\n<li><a title=\"Postfaktisch\" href=\"https:\/\/www.freiburg-schwarzwald.de\/blog\/kultur\/medien\/postfaktisch\/\">Postfaktisch<\/a><\/li>\n<li><a href=\"https:\/\/www.freiburg-schwarzwald.de\/blog\/kultur\/medien\/propaganda\/\">Propaganda<\/a><\/li>\n<li><a title=\"Relativierung\" href=\"https:\/\/www.freiburg-schwarzwald.de\/blog\/kultur\/medien\/relativierung\/\">Relativierung<\/a><\/li>\n<li><a href=\"https:\/\/www.freiburg-schwarzwald.de\/blog\/kultur\/medien\/journalismus\/ruthenberg\/\">Ruthenberg-Medien<\/a><\/li>\n<li><a href=\"https:\/\/www.freiburg-schwarzwald.de\/blog\/engagement\/zukunft\/demokratie\/verfassung\/staatsfeinde\/\">Staatsfeinde<\/a><\/li>\n<li><a href=\"https:\/\/www.freiburg-schwarzwald.de\/blog\/engagement\/zukunft\/demokratie\/tabu\/\">Tabu<\/a><\/li>\n<li><a title=\"Talkshow\" href=\"https:\/\/www.freiburg-schwarzwald.de\/blog\/kultur\/medien\/talkshow\/\">Talkshow<\/a><\/li>\n<li><a href=\"https:\/\/www.freiburg-schwarzwald.de\/blog\/kultur\/medien\/diskussionskultur\/verleugnung\/\">Verleugnung der Realit\u00e4t<\/a><\/li>\n<li><a title=\"Verschwoerungstheorien\" href=\"https:\/\/www.freiburg-schwarzwald.de\/blog\/kultur\/medien\/verschwoerungstheorien\/\">Verschwoerungstheorien<\/a><\/li>\n<li><a title=\"Vorverurteilung\" href=\"https:\/\/www.freiburg-schwarzwald.de\/blog\/kultur\/medien\/vorverurteilung\/\">Vorverurteilung<\/a><\/li>\n<li><a href=\"https:\/\/www.freiburg-schwarzwald.de\/blog\/kultur\/medien\/framing\/geheimtreffen\/\">Wannseekonferenz2.0<\/a><\/li>\n<li><a title=\"Weltrettung\" href=\"https:\/\/www.freiburg-schwarzwald.de\/blog\/global\/deutschland\/weltrettung\/\">Weltrettung<\/a><\/li>\n<li><a href=\"https:\/\/www.freiburg-schwarzwald.de\/blog\/engagement\/gutmenschen\/wutwinter\/\">Wutwinter<\/a><\/li>\n<li><a title=\"Zensur\" href=\"https:\/\/www.freiburg-schwarzwald.de\/blog\/kultur\/medien\/zensur\/\">Zensur<\/a><\/li>\n<\/ul>\n<p>&nbsp;<\/p>\n<p>&nbsp;<\/p>\n<p><strong>Framing = einen Sachverhalt &#8222;rahmen&#8220;,<\/strong><br \/>\ndas hei\u00dft in einen anderen Kontext stellen, so da\u00df er zu den oftmals unlauteren Intentionen des Autors passt. Man koppelt einen an sich positiven Sachverhalt immer wieder mit negativen Assoziationen (z.B. Angst vor Diffamierung) und schon ist der Leser propagandam\u00e4\u00dfig auf Linie.<br \/>\nSie geh\u00f6ren zusammen:<br \/>\nMeinungsfreiheit und Meinungslenkung (Framing)<\/p>\n<p>=====================================================<\/p>\n<p><strong>Correctiv: Das ZDF nutzt Framing auch f\u00fcr unbelegte Behauptungen<\/strong><br \/>\nObwohl das <a href=\"https:\/\/www.freiburg-schwarzwald.de\/blog\/vereine\/ngo\/correctiv\/\">Portal Correctiv<\/a> den Begriff \u201eDeportation\u201c bereits still und heimlich getilgt hat, f\u00e4hrt das ZDF in der Verwendung fort. Ein anschauliches Beispiel daf\u00fcr, wie Propaganda funktioniert. TE fragte beim ZDF an. Die Antwort wirft allerdings weitere Fragen auf.<br \/>\n&#8230;<br \/>\nTE richtete folgende Presseanfrage an das ZDF, um Klarheit zu gewinnen:<br \/>\n\u201eDas ZDF heute-Journal hat berichtet, bei dem <a href=\"https:\/\/www.freiburg-schwarzwald.de\/blog\/kultur\/medien\/framing\/geheimtreffen\/\">Treffen in Potsdam<\/a> sei \u00fcber \u201aDeportationspl\u00e4ne von Staatsb\u00fcrgern oder Europ\u00e4ern\u2018 diskutiert worden \u2013 obwohl inzwischen erwiesen ist, dass bei dem Treffen in Potsdam nicht \u00fcber Pl\u00e4ne zur \u201aDeportation\u2018 gesprochen wurde. Auch das Medienportal Correctiv spricht nicht mehr von \u201aDeportation\u2018.<br \/>\n1) Welche Belege hat das ZDF, auf die es seine Behauptung st\u00fctzt, bei dem Treffen seien \u201aDeportationspl\u00e4ne von Staatsb\u00fcrgern oder Europ\u00e4ern\u2018 diskutiert worden?<br \/>\n2) Wenn das ZDF keine Belege hat, stellt sich die Frage: Ist das ZDF bereit, im Dienste \u201aeiner guten Sache\u2018 inhaltliche Falschbehauptungen in die Welt zu setzen bzw. aufrechtzuerhalten?\u201c<br \/>\n&#8230;<br \/>\nNoch Fragen? Aber ja, eine einzige: Wie lange will sich der ZDF-Fernsehrat noch Hetze und Desinformation im ZDF anschauen? In Brandenburg, Sachsen und Th\u00fcringen werden im Herbst die W\u00e4hler den Parteien auch diese Frage stellen, weshalb sie so viel Geld f\u00fcr einen Sender ausgeben m\u00fcssen, der weder den Informations-, noch den Bildungs-, noch den Kulturauftrag erf\u00fcllt, der nicht objektiv berichtet und nicht belegte Behauptungen als Tatsachen sendet.<br \/>\n&#8230; Alles vom 2.3.2024 von Klaus-R\u00fcdiger Mai bitte lesen auf<br \/>\n<a href=\"https:\/\/www.tichyseinblick.de\/feuilleton\/medien\/zdf-framing-correctiv-afd-le-pen-meloni\/\">https:\/\/www.tichyseinblick.de\/feuilleton\/medien\/zdf-framing-correctiv-afd-le-pen-meloni\/<\/a><\/p>\n<p>&nbsp;<\/p>\n<p><strong>Sing along &#8211; Meinungs\u00e4u\u00dferung im Chor<\/strong><br \/>\nIn der \u00f6ffentlichen Kommunikation spielt eine bestimmte Technik eine immer wichtigere Rolle, wenn es darum geht, ein bestimmtes Thema auf die B\u00fchne zu bringen, und noch mehr, wenn ein dringendes Interesse daran besteht, etwas von der B\u00fchne fernzuhalten: die Praxis des <a href=\"https:\/\/www.freiburg-schwarzwald.de\/blog\/religion\/zivilreligion\/\">Sing along<\/a>, der Meinungs\u00e4u\u00dferung im Chor. Mehrere reichweitenstarke Personen geben fast gleichzeitig beinahe gleichlautende Erkl\u00e4rungen ab, die bestimmte Schl\u00fcsselbegriffe enthalten. Idealerweise stammen die Urheber der Wortmeldungen aus unterschiedlichen, aber miteinander verbundenen Bereichen, etwa aus Medien, dem Wissenschaftsbereich und politischen Organisationen. Sing along wirkt haupts\u00e4chlich durch den Verst\u00e4rkungseffekt. Wenn eine Hand voll Personen sich gleichlautend zu einem Thema \u00e4u\u00dfert, und sich dann wiederum gen\u00fcgend Helfer finden, die ihre Erkl\u00e4rungen in sozialen Netzwerken teilen und in Medien zitieren, entsteht in der \u00d6ffentlichkeit der Eindruck, wichtige Leute, die ein Problem aus verschiedenen Perspektiven betrachten, w\u00fcrden einander best\u00e4tigen. Ihr Argument erh\u00e4lt dadurch in der Aufmerksamkeits\u00f6konomie einen h\u00f6heren Wert. Der Vorgang t\u00e4uscht, milder gesagt, er erweckt einen falschen Eindruck. Denn erstens schauen die Sing-along-Teilnehmer in Wirklichkeit nicht aus verschiedenen, sondern identischen Perspektiven auf eine Sache. Zweitens handelt es sich nicht um Best\u00e4tigung, wenn mehrere Leute gleichzeitig dasselbe sagen. Die Technik \u00e4hnelt einem Ph\u00e4nomen aus der herk\u00f6mmlichen \u00d6konomie, dem pump and dump-Prinzip am Aktienmarkt: Mehrere Mitspieler loben \u00f6ffentlich eine bestimmte Aktie, die dann tats\u00e4chlich steigt, weil andere Markteilnehmer das simultane Lob als wechselseitige Best\u00e4tigung von Expertenurteilen deuten.<br \/>\n&#8230; Alles vom 7.7.2022 von Alexander Wendt bitt lesen auf<br \/>\n<a href=\"https:\/\/www.publicomag.com\/2022\/07\/wir-wissen-auch-so-was-wir-glauben\/\">https:\/\/www.publicomag.com\/2022\/07\/wir-wissen-auch-so-was-wir-glauben\/<\/a><\/p>\n<p>&nbsp;<\/p>\n<p><strong>Das Framing der Linken &#8211; Holger Schmitt<\/strong><br \/>\nSprachrahmen. Der Begriff Framing stammt vom englischen Wort \u201eframe\u201c (Rahmen). Da\u00df unsere Sprache sich immer in einem gewissen Deutungsrahmen abspielt, ist zun\u00e4chst nichts Ungew\u00f6hnliches. Problematisch ist aber die Entwicklung der vergangenen Jahre. \u201eFraming\u201c erscheint immer mehr als \u201esprachliche Manipulationstechnik\u201c im politischen Diskurs, schildert der Sprachwissenschaftler Holger Schmitt, der sich der \u201eBrille\u201c der Linken widmet. So werden Begriffe wie \u201eNazi\u201c umgedeutet und als Waffe gegen politische Gegner angewandt, andere Worte wie \u201eRasse\u201c sollen nach ihrem Willen hingegen ganz aus unserem Vokabular verschwinden. Auch ideologiefreie Ausdr\u00fccke wie \u201ePopulist\u201c oder \u201eHa\u00df\u201c scheinen nach linkem Framing nur noch Facetten konservativer Positionen zu sein. Schmitt nimmt sich zahlreiche k\u00fcnstlich polarisierte Begriffe zur Brust und zeigt die Diskrepanz zwischen der heutigen Besetzung des Wortes und dem urspr\u00fcnglich damit Gemeinten auf. Tabellarisch f\u00fchrt er auf, von wem und in welcher H\u00e4ufigkeit bestimmte Worte heute zu finden sind und ermutigt den Leser damit zu klarer Sicht statt politisch korrekter Framing-Brille.<br \/>\n&#8230; Alles vom 20.8.2021 bitte lesen in der JF 34\/21, Seite 21<\/p>\n<p><em>Holger Schmitt: Das Framing der Linken. Von \u201eUmverteilung\u201c, \u201eDiversit\u00e4t\u201c und \u201eNazis\u201c. Gerhard Hess Verlag, Bad Schussenried 2021, broschiert, 229 Seiten, Abbildungen, 16,80 Euro<\/em><\/p>\n<p>&nbsp;<\/p>\n<p><strong>Framing bei der Bundestags-Berichterstattung durch SPON<\/strong><br \/>\nGesetzsabstimmungen sind nur zul\u00e4ssig ist, wenn mindestens die H\u00e4lfte der 709 Abgeordneten auch anwesend ist, also 355 MdBs. In der Nacht vom 7.11.2019 auf den 8.11.2019 gegen 1:45 Uhr waren weit mehr als die H\u00e4lfte aller Abgeordnetenpl\u00e4tze unbesetzt. Dennoch wollte Bundestagsvizepr\u00e4sident Hans-Peter Friedrich (CSU) \u00fcber das Energiewirtschaftsgesetz und weitere Gesetzentw\u00fcrfe abstimmen lassen, wie das folgende Video verdeutlicht:<br \/>\n<a href=\"https:\/\/youtu.be\/Tw5f9bt0_us\">https:\/\/youtu.be\/Tw5f9bt0_us<\/a><br \/>\n.<br \/>\nObwohl im Bundestag weit weniger als die geforderten 355 Abgeordneten anwesend sind, sagt Friedrich, da\u00df nach Meinung des Pr\u00e4sidiums die Beschlu\u00dff\u00e4higkeit gegeben ist. Daraufhin beantragt die AfD eine namentliche Abstimmung, bei der sich zeigt, da\u00df lediglich 133 der 709 Abgeordneten des Bundestags anwesend sind, womit der Bundestag entgegen der \u201eMeinung des Pr\u00e4sidiums\u201c eben nicht beschlu\u00dff\u00e4hig war. Es fehlen \u00fcber 200 (!) MdBs.<br \/>\nDer Antrag der AfD erfolgte also zu Recht.<br \/>\n.<br \/>\nNun zum Framing dieser bundest\u00e4glichen Realit\u00e4t durch SPON:<br \/>\nUnter der Schlagzeile <em>\u201eAfD provoziert Abbruch der Bundestagssitzung&#8220;<\/em> hei\u00dft es: \u201eZu sp\u00e4ter Stunde leert sich der Bundestag \u2013 trotzdem wird normalerweise weiter abgestimmt. Nicht so an diesem Donnerstag. Das lag an einem Antrag der AfD.\u201c<br \/>\nStatt die AfD mittels Framing zu Unrecht als &#8222;Provokateur&#8220; darzustellen, h\u00e4tte SPON ohne Framing eigentlich melden m\u00fcssen<em> \u201c \u2026 trotzdem wird unnormalerweise weiter abgestimmt\u201c<\/em> oder noch besser, weil ehrlicher: <em>\u201c \u2026 unter fortgesetzter Mi\u00dfachtung der notwendigen Beschlu\u00dff\u00e4higkeit sollten im Bundestag wieder einmal Gesetze durchgedr\u00fcckt werden.\u201c <\/em>Mittels Framing haben es die Spiegel-Journalisten also geschafft, da\u00df die Leser der Meinung sind, das Scheitern der Gesetzesabstimmung\u00a0sei nicht der fehlenden Abgeordneten-Pr\u00e4senz anzulasten, sondern der Provokation der AfD. Nun ja &#8211; offiziell gilt ja noch immer: Framing ist keine L\u00fcge..<br \/>\n&#8230; Alles vom 8.11.2019 bitte lesen auf<br \/>\n<a href=\"https:\/\/www.spiegel.de\/politik\/deutschland\/afd-fraktion-provoziert-abbruch-der-bundestags-sitzung-a-1295457.html\">https:\/\/www.spiegel.de\/politik\/deutschland\/afd-fraktion-provoziert-abbruch-der-bundestags-sitzung-a-1295457.html<\/a><\/p>\n<p>&nbsp;<\/p>\n<p><strong>Framing (englisch) f\u00fcr Einrahmung (deutsch)<\/strong><br \/>\n<em>Framing in der Familie:<\/em><br \/>\n\u201cIch brauche ein Smartphone\u201d, sagt der 9-j\u00e4hrige Filius \u2013 \u201cnein\u201d der Papa. Also die Nachricht in einen Rahmen setzen: \u201cDie meisten in meiner Klasse haben ein Smartphone, nur ich nicht\u201d \u2013 Papa bleibt beim \u201cnein\u201d. Der Bedeutungsrahmen \u201cKlasse\u201d hat nichts gebracht, also den Frame wechseln in \u201cLernen\u201d: \u201cAufs Smartphone kann ich eine App runterladen, mit der ich z.B. besser Mathe lernen kann.\u201d \u2013 \u201cja, wenn das so ist\u201d stimmt der Papa begeistert zu, denn Lernen soll der Filius allzumal. Der Sohn hat erfolgreich Framing praktiziert: Ziel des Framing ist, durch Verwendung bestimmter Begriffe und Geschichten (Narrative) die Gedankeng\u00e4nge des Empf\u00e4ngers in eine bestimmte Richtung zu lenken.<br \/>\nFraming hat immer zwei Seiten: Wer etwas einrahmen will, der will auch (au\u00dferhalb des Rahmens) etwas ausschlie\u00dfen, ausgrenzen!<br \/>\n.<br \/>\n<em>Framing in den Medien:<\/em><br \/>\n\u201eFraming\u201c ist die Kunst, einen wahren Sachverhalt so wiederzugeben, da\u00df er vom Rezipienten anders verstanden wird, ohne da\u00df er hinterher behaupten kann, er sei angelogen worden.<br \/>\nBeispiel: Der ber\u00fcchtigte \u201eEinmann\u201c, der irgendjemanden \u00fcberfallen, erstochen oder vor einen Zug gesto\u00dfen hat. Das ist zwar nicht falsch, aber der Schwerpunkt in der Berichterstattung wird auf das Geschlecht des T\u00e4ters gelegt, obwohl die Information \u00fcber seine Herkunft sehr viel interessanter gewesen w\u00e4re.<br \/>\nWenn \u201eEinmann\u201c hingegen einen Geldbeutel findet und bei der Polizei abgibt, dann ist Einmann oft \u201eSyrer\u201c.<\/p>\n<p>&nbsp;<\/p>\n","protected":false},"excerpt":{"rendered":"<p>Home\u00a0&gt;Kultur\u00a0&gt;Medien\u00a0&gt;Zeitung\u00a0&gt;Medien &gt;Framing Listenauswahl eines Beitrags (Artikel\/Datum, Seite\/Inhalt):\u00a0Klicken\u00a0oder scrollen\u00a0 Verleugungssph\u00e4re \u2013 D\u00e9nisph\u00e8re: Die links-woke Ersatzwirklichkeit\u00a0(21.1.2026) G\u00fcnther: Medienregulierung\u00a0 (22.1.2026) Blo\u00df nicht selber denken! Es macht sich eine neue Staatsgl\u00e4ubigkeit breit\u00a0(19.t6.2025) Scheinwelten gegen Realit\u00e4t\u00a0(26.8.2024) B\u00fcrger glauben der Propaganda\u00a0(21.5.2024) Scholz strickt die Gruselgeschichte von &hellip; <a href=\"https:\/\/www.freiburg-schwarzwald.de\/blog\/kultur\/medien\/framing\/\">Weiterlesen <span class=\"meta-nav\">&rarr;<\/span><\/a><\/p>\n","protected":false},"author":2,"featured_media":0,"parent":678,"menu_order":0,"comment_status":"open","ping_status":"closed","template":"","meta":{"footnotes":""},"class_list":["post-75838","page","type-page","status-publish","hentry"],"_links":{"self":[{"href":"https:\/\/www.freiburg-schwarzwald.de\/blog\/wp-json\/wp\/v2\/pages\/75838","targetHints":{"allow":["GET"]}}],"collection":[{"href":"https:\/\/www.freiburg-schwarzwald.de\/blog\/wp-json\/wp\/v2\/pages"}],"about":[{"href":"https:\/\/www.freiburg-schwarzwald.de\/blog\/wp-json\/wp\/v2\/types\/page"}],"author":[{"embeddable":true,"href":"https:\/\/www.freiburg-schwarzwald.de\/blog\/wp-json\/wp\/v2\/users\/2"}],"replies":[{"embeddable":true,"href":"https:\/\/www.freiburg-schwarzwald.de\/blog\/wp-json\/wp\/v2\/comments?post=75838"}],"version-history":[{"count":6,"href":"https:\/\/www.freiburg-schwarzwald.de\/blog\/wp-json\/wp\/v2\/pages\/75838\/revisions"}],"predecessor-version":[{"id":144652,"href":"https:\/\/www.freiburg-schwarzwald.de\/blog\/wp-json\/wp\/v2\/pages\/75838\/revisions\/144652"}],"up":[{"embeddable":true,"href":"https:\/\/www.freiburg-schwarzwald.de\/blog\/wp-json\/wp\/v2\/pages\/678"}],"wp:attachment":[{"href":"https:\/\/www.freiburg-schwarzwald.de\/blog\/wp-json\/wp\/v2\/media?parent=75838"}],"curies":[{"name":"wp","href":"https:\/\/api.w.org\/{rel}","templated":true}]}}