{"id":75786,"date":"2019-11-07T13:50:15","date_gmt":"2019-11-07T12:50:15","guid":{"rendered":"https:\/\/www.freiburg-schwarzwald.de\/blog\/?page_id=75786"},"modified":"2026-09-01T17:09:13","modified_gmt":"2026-09-01T15:09:13","slug":"mauerfall1989","status":"publish","type":"page","link":"https:\/\/www.freiburg-schwarzwald.de\/blog\/global\/deutschland\/mauerfall1989\/","title":{"rendered":"Mauerfall1989"},"content":{"rendered":"<p><a href=\"https:\/\/freiburg-schwarzwald.de\/blog\">Home<\/a>\u00a0&gt;<a title=\"Engagement\" href=\"https:\/\/www.freiburg-schwarzwald.de\/blog\/engagement\/\">Engagement<\/a>\u00a0&gt;<a title=\"Zukunft\" href=\"https:\/\/www.freiburg-schwarzwald.de\/blog\/engagement\/zukunft\/\">Zukunft<\/a>\u00a0&gt;<a title=\"Demokratie\" href=\"https:\/\/www.freiburg-schwarzwald.de\/blog\/engagement\/zukunft\/demokratie\/\">Demokratie<\/a>\u00a0&gt;<a title=\"Global\" href=\"https:\/\/www.freiburg-schwarzwald.de\/blog\/global\/\">Global<\/a>\u00a0&gt;<a title=\"Deutschland\" href=\"https:\/\/www.freiburg-schwarzwald.de\/blog\/global\/deutschland\/\">Deutschland<\/a> &gt;Mauerfall1989<\/p>\n<div id=\"attachment_75639\" style=\"width: 610px\" class=\"wp-caption alignnone\"><a href=\"https:\/\/www.freiburg-schwarzwald.de\/blog\/kultur\/medien\/repression\/stpeter-nebel2019okt22pan\/\" rel=\"attachment wp-att-75639\"><img loading=\"lazy\" decoding=\"async\" aria-describedby=\"caption-attachment-75639\" class=\"size-full wp-image-75639\" src=\"https:\/\/www.freiburg-schwarzwald.de\/blog\/wp-content\/uploads\/2019\/10\/stpeter-nebel2019okt22pan.jpg\" alt=\"Blick von St.Peter im Hochschwarzwald (18 Grad) auf Freiburg im dichten Nebel (9 Grad) am 22.10.2019\" width=\"600\" height=\"224\" srcset=\"https:\/\/www.freiburg-schwarzwald.de\/blog\/wp-content\/uploads\/2019\/10\/stpeter-nebel2019okt22pan.jpg 600w, https:\/\/www.freiburg-schwarzwald.de\/blog\/wp-content\/uploads\/2019\/10\/stpeter-nebel2019okt22pan-180x67.jpg 180w\" sizes=\"auto, (max-width: 600px) 100vw, 600px\" \/><\/a><p id=\"caption-attachment-75639\" class=\"wp-caption-text\">Blick von St.Peter im Hochschwarzwald (18 Grad) auf Freiburg im dichten Nebel (9 Grad) am 22.10.2019<\/p><\/div>\n<ul>\n<li><em>Listenauswahl eines Beitrags: Bitte anklicken oder runterscrollen<\/em><\/li>\n<li><a href=\"https:\/\/www.freiburg-schwarzwald.de\/blog\/ddr-aufarbeitung\/\">Die DDR verschwand 1990 \u2013 Ihre Funktion\u00e4re auch?<\/a>\u00a0(31.8.2026)<\/li>\n<li><a href=\"https:\/\/www.freiburg-schwarzwald.de\/blog\/plauen-7-10-1989-demo-8-8-2026\/\">Plauen 7.10.1989 Demo 8.8.2026<\/a>\u00a0(8.8.2026)<\/li>\n<li><a href=\"https:\/\/www.freiburg-schwarzwald.de\/blog\/schicksalstag-9-november-1989\/\">Schicksalstag 9. November 1989<\/a>\u00a0(14.11.2025)<\/li>\n<li><a href=\"https:\/\/www.freiburg-schwarzwald.de\/blog\/kultur\/erinnerungskultur\/erinnerungspolitik\/\">9. November \u2013 Vier Schicksalstage der Deutschen<\/a>\u00a0(11.11.2025)<\/li>\n<li><a href=\"https:\/\/www.freiburg-schwarzwald.de\/blog\/engagement\/zukunft\/demokratie\/bundespraesident\/\">Rede zum 9. November: Steinmeier \u00fcberschreitet die Grenzen seines Amtes<\/a> (10.11.2025)<\/li>\n<li><a href=\"https:\/\/www.freiburg-schwarzwald.de\/blog\/engagement\/zukunft\/demokratie\/bundespraesident\/\">Steinmeier-Rede 9.11.2025: \u201eNie hat ein Bundespr\u00e4sident sein Amt so missbraucht\u201c<\/a>\u00a0(10.11.2025)<\/li>\n<li><a href=\"https:\/\/www.freiburg-schwarzwald.de\/blog\/jammer-ossi-und-besser-wessi\/\">Jammer-Ossi und Besser-Wessi<\/a> (10.10.2025)<\/li>\n<li><a href=\"https:\/\/www.freiburg-schwarzwald.de\/blog\/nationalfeiertag-am-3-10-2025\/\">Nationalfeiertag am 3.10.2025<\/a>\u00a0(3.10.2025)<\/li>\n<li><a href=\"https:\/\/www.freiburg-schwarzwald.de\/blog\/engagement\/zukunft\/demokratie\/unseredemokratie\/\">Manfred Haferburg: Der \u00dcbergang von Demokratie in \u201eunsere Demokratie\u201c<\/a>\u00a0(23.3.2025)<\/li>\n<li>FAZ ignoriert den 35.Jahrestag des Mauerfalls am 9.11.2024 (9.11.2024)<\/li>\n<li><a href=\"https:\/\/www.freiburg-schwarzwald.de\/blog\/9-11-ist-kein-nationalfeiertag\/\">9.11. ist kein Nationalfeiertag<\/a> (9.11.2024)<\/li>\n<li><a href=\"https:\/\/www.freiburg-schwarzwald.de\/blog\/deutsch-deutsches-miteinander\/\">Deutsch-deutsches Miteinander<\/a>\u00a0(9.9.2024)<\/li>\n<li>35. Jahrestag der Grenz\u00f6ffnung in Ungarn 1989 (5.9.2024)<\/li>\n<li><a href=\"https:\/\/www.freiburg-schwarzwald.de\/blog\/engagement\/zukunft\/demokratie\/volk\/\">Wir sind das Volk\u201c: Nie wieder 17. Juni! Nie wieder 9. November 1989!<\/a> (16.1.2024)<\/li>\n<li><a href=\"https:\/\/www.freiburg-schwarzwald.de\/blog\/3-10-feiertag-ohne-feierlaune\/\">3.10. \u2013 Feiertag ohne Feierlaune<\/a>\u00a0(4.10.2023)<\/li>\n<li><a href=\"https:\/\/www.freiburg-schwarzwald.de\/blog\/engagement\/zukunft\/demokratie\/nationalfeiertag\/17juni1953\/\">17. Juni 2023 in der deutschen Erinnerungspolitik<\/a>\u00a0(18..6.2023)<\/li>\n<li><a href=\"https:\/\/www.freiburg-schwarzwald.de\/blog\/17-juni-kein-nationalfeiertag\/\">17. Juni: Kein Nationalfeiertag mehr<\/a>\u00a0(15.6.2023)<\/li>\n<li><a href=\"https:\/\/www.freiburg-schwarzwald.de\/blog\/engagement\/zukunft\/demokratie\/nationalfeiertag\/\">DDR-B\u00fcrgerrechtler Werner Schulz (Gr\u00fcne) starb am 9.11.2022<\/a> (11.11.2022)<\/li>\n<li><a href=\"https:\/\/www.freiburg-schwarzwald.de\/blog\/tag-der-deutschen-einheit-3-10-2\/\">Tag der Deutschen Einheit 3.10.<\/a>\u00a0(4.10.2022)<\/li>\n<li>ZDF \u00fcbertr\u00e4gt zum Tag der deutschen Einheit 3.10.2022 (30.9.2022)<\/li>\n<li><a href=\"https:\/\/www.freiburg-schwarzwald.de\/blog\/global\/deutschland\/ddr2-0\/\">Die Idee der zwei Deutschlands \u2013 Sinn oder Unsinn?<\/a> (22.10.2021)<\/li>\n<li><a href=\"https:\/\/www.freiburg-schwarzwald.de\/blog\/niemand-hat-die-absicht\/\">Niemand hat die Absicht \u2026<\/a>\u00a0(13.8.2021)<\/li>\n<li><a href=\"https:\/\/www.freiburg-schwarzwald.de\/blog\/global\/deutschland\/vertriebene\/\">\u201eDokumentationszentrum Flucht, Vertreibung, Vers\u00f6hnung\u201c er\u00f6ffnet<\/a>\u00a0(2.7.2021)<\/li>\n<li><a href=\"https:\/\/www.freiburg-schwarzwald.de\/blog\/nationalfeiertag-17-juni-1953\/\">Nationalfeiertag 17.6.1953 ade<\/a>\u00a0(17.6.20219<\/li>\n<li><a href=\"https:\/\/www.freiburg-schwarzwald.de\/blog\/engagement\/zukunft\/demokratie\/nationalfeiertag\/\">Volksaufstand 17. Juni 1953 und \u201efriedliche Revolution\u201c 1989<\/a>\u00a0(17.6.2021)<\/li>\n<li><a href=\"https:\/\/www.freiburg-schwarzwald.de\/blog\/eu-westeuropa-und-osteuropa\/\">EU: Westeuropa und Osteuropa<\/a>\u00a0(7.3.2021)<\/li>\n<li><a href=\"https:\/\/www.freiburg-schwarzwald.de\/blog\/umstritten-monika-maron\/\">Umstritten \u2013 Monika Maron?<\/a>\u00a0(2.12.2020)<\/li>\n<li>Mauerbau begann vor 59 Jahren am 13.8.1961: Meinungsfreiheit? (14.8.2020)<\/li>\n<li><a title=\"DDR\" href=\"https:\/\/www.freiburg-schwarzwald.de\/blog\/global\/deutschland\/ddr\/\">Vor 30 Jahren: Die D-Mark-Gewinner der DDR \u2013 SED bzw. Linke<\/a> (1.7.2020)<\/li>\n<li>Gunter Wei\u00dfgerber: Fiktive Rede zum 30 Jahrestag der Deutschen Einheit (1.7.2020)<\/li>\n<li><a title=\"Barbe\" href=\"https:\/\/www.freiburg-schwarzwald.de\/blog\/engagement\/zukunft\/barbe\/\">Corona-Demo 16.5.2020 Berlin: Angelika Barbe festgenommen<\/a> (6.5.2020)<\/li>\n<li><a title=\"Osteuropa-8-Mai-1945\" href=\"https:\/\/www.freiburg-schwarzwald.de\/blog\/engagement\/zukunft\/demokratie\/osteuropa-8-mai-1945\/\">Der Osten: Eine 75-j\u00e4hrige Geschichte des Vergessens<\/a>\u00a0(8.5.2020)<\/li>\n<li><a title=\"DDR-Stasi\" href=\"https:\/\/www.freiburg-schwarzwald.de\/blog\/global\/deutschland\/ddr-stasi\/\">Theo Lehmann:\u00a0Erstes Weihnachtsfest nach Mauerfall vor\u00a030 Jahren<\/a>\u00a0 (20.12.2019)<\/li>\n<li><a title=\"Maa\u00dfen: Mauerfall 30 Jahre\" href=\"https:\/\/www.freiburg-schwarzwald.de\/blog\/maassen-mauerfall-30-jahre\/\">Maa\u00dfen: Mauerfall 30 Jahre <\/a>(21.11.2019)<\/li>\n<li><a title=\"Nationalstolz\" href=\"https:\/\/www.freiburg-schwarzwald.de\/blog\/engagement\/zukunft\/demokratie\/nationalstolz\/\">Offizielle Mauerfall-Feier 9.11.2019-9.11.2019: Ohne Schwarz-Rot-Gold<\/a> (12.11.2019)<\/li>\n<li><a title=\"DDR\" href=\"https:\/\/www.freiburg-schwarzwald.de\/blog\/global\/deutschland\/ddr\/\">Nichts darf vergessen werden \u2013 Unrechtsstaat DDR<\/a>\u00a0(11.11.2019)<\/li>\n<li><a title=\"Klonovsky\" href=\"https:\/\/www.freiburg-schwarzwald.de\/blog\/kultur\/dichter\/klonovsky\/\">Ich komme aus der DDR, ich komme aus der Zukunft \u2013 Video und Text<\/a>\u00a0(8.11.2019)<\/li>\n<li>Angelika Barbe: Mauerfall: Eine bittere Bilanz (8.11.2019)<\/li>\n<li><a title=\"Kapitalismus\" href=\"https:\/\/www.freiburg-schwarzwald.de\/blog\/engagement\/zukunft\/demokratie\/kapitalismus\/\">Klonovsky: Die Linke vom Widerpart zum\u00a0Parasit des Kapitalismus<\/a>\u00a0(6.11.2019)<\/li>\n<li><a title=\"Deutschland ist ein Rechtsstaat\" href=\"https:\/\/www.freiburg-schwarzwald.de\/blog\/deutschland-ist-ein-rechtsstaat\/\">Deutschland ist ein Rechtsstaat <\/a>(7.11.2019)<\/li>\n<li>Monika Maron: Unser galliges Gel\u00e4chter &#8211; Zum Mauerfall vor 30 Jahren (7.11.2019)<\/li>\n<li>9. November 1989: Das Ende eines Sonderweges (7.11.2019)<\/li>\n<li>Roger K\u00f6ppel: Volk ohne Heimat &#8211; EU als Vaterlandsersatz (6.11.2019)<\/li>\n<\/ul>\n<ul>\n<li><a href=\"https:\/\/www.freiburg-schwarzwald.de\/blog\/engagement\/zukunft\/demokratie\/nationalfeiertag\/17juni1953\/\">17Juni1953<\/a><\/li>\n<li><a title=\"Barbe\" href=\"https:\/\/www.freiburg-schwarzwald.de\/blog\/engagement\/zukunft\/barbe\/\">Angelika Barbe<\/a><\/li>\n<li><a title=\"DDR\" href=\"https:\/\/www.freiburg-schwarzwald.de\/blog\/global\/deutschland\/ddr\/\">DDR<\/a><\/li>\n<li><a href=\"https:\/\/www.freiburg-schwarzwald.de\/blog\/ddr-aufarbeitung\/\">DDR-Aufarbeitung<\/a><\/li>\n<li><a title=\"DDR-Stasi\" href=\"https:\/\/www.freiburg-schwarzwald.de\/blog\/global\/deutschland\/ddr-stasi\/\">DDR-Stasi<\/a><\/li>\n<li><a title=\"Deutsche-Geschichte\" href=\"https:\/\/www.freiburg-schwarzwald.de\/blog\/global\/deutschland\/deutsche-geschichte\/\">Deutsche Geschichte<\/a><\/li>\n<li><a title=\"Deutsche-Kultur\" href=\"https:\/\/www.freiburg-schwarzwald.de\/blog\/global\/deutschland\/deutsche-kultur\/\">Deutsche Kultur<\/a><\/li>\n<li><a title=\"Deutschland-verrecke\" href=\"https:\/\/www.freiburg-schwarzwald.de\/blog\/global\/deutschland\/deutschland-verrecke\/\">Deutschland verrecke<\/a><\/li>\n<li><a title=\"Direkte-Demokratie\" href=\"https:\/\/www.freiburg-schwarzwald.de\/blog\/engagement\/zukunft\/demokratie\/direkte-demokratie\/\">Direkte Demokratie<\/a><\/li>\n<li><a title=\"EU\" href=\"https:\/\/www.freiburg-schwarzwald.de\/blog\/global\/eu\/\">EU<\/a><\/li>\n<li><a title=\"EU-Reform\" href=\"https:\/\/www.freiburg-schwarzwald.de\/blog\/global\/eu\/eu-reform\/\">EU-Reform<\/a><\/li>\n<li><a title=\"Faschismus\" href=\"https:\/\/www.freiburg-schwarzwald.de\/blog\/engagement\/zukunft\/demokratie\/faschismus\/\">Faschismus<\/a><\/li>\n<li><a title=\"Grundgesetz\" href=\"https:\/\/www.freiburg-schwarzwald.de\/blog\/engagement\/zukunft\/demokratie\/grundgesetz\/\">Grundgesetz<\/a><\/li>\n<li><a title=\"Hambacher-Fest\" href=\"https:\/\/www.freiburg-schwarzwald.de\/blog\/engagement\/zukunft\/demokratie\/hambacher-fest\/\">Hambacher-Fest<\/a><\/li>\n<li><a title=\"Ideologie\" href=\"https:\/\/www.freiburg-schwarzwald.de\/blog\/engagement\/zukunft\/ideologie\/\">Ideologie<\/a><\/li>\n<li><a title=\"Kapitalismus\" href=\"https:\/\/www.freiburg-schwarzwald.de\/blog\/engagement\/zukunft\/demokratie\/kapitalismus\/\">Kapitalismus<\/a><\/li>\n<li><a title=\"Leitkultur\" href=\"https:\/\/www.freiburg-schwarzwald.de\/blog\/kultur\/leitkultur\/\">Leitkultur<\/a><\/li>\n<li><a href=\"https:\/\/www.freiburg-schwarzwald.de\/blog\/kultur\/dichter\/maron\/\">Monika Maron<\/a><\/li>\n<li><a title=\"Nation\" href=\"https:\/\/www.freiburg-schwarzwald.de\/blog\/engagement\/zukunft\/demokratie\/nation\/\">Nation<\/a><\/li>\n<li><a href=\"https:\/\/www.freiburg-schwarzwald.de\/blog\/engagement\/zukunft\/demokratie\/nationalfeiertag\/\">Nationalfeiertag<\/a><\/li>\n<li><a title=\"Nationalismus\" href=\"https:\/\/www.freiburg-schwarzwald.de\/blog\/engagement\/zukunft\/demokratie\/nationalismus\/\">Nationalismus<\/a><\/li>\n<li><a title=\"Nationalstolz\" href=\"https:\/\/www.freiburg-schwarzwald.de\/blog\/engagement\/zukunft\/demokratie\/nationalstolz\/\">Nationalstolz<\/a><\/li>\n<li><a title=\"Nazi\" href=\"https:\/\/www.freiburg-schwarzwald.de\/blog\/religion\/juden\/nazi\/\">Nazi<\/a><\/li>\n<li><a title=\"Osteuropa-8-Mai-1945\" href=\"https:\/\/www.freiburg-schwarzwald.de\/blog\/engagement\/zukunft\/demokratie\/osteuropa-8-mai-1945\/\">Osteuropa-8-Mai-1945<\/a><\/li>\n<li><a title=\"Patriotismus\" href=\"https:\/\/www.freiburg-schwarzwald.de\/blog\/engagement\/zukunft\/demokratie\/patriotismus\/\">Patriotismus<\/a><\/li>\n<li><a title=\"Populismus\" href=\"https:\/\/www.freiburg-schwarzwald.de\/blog\/engagement\/zukunft\/demokratie\/populismus\/\">Populismus<\/a><\/li>\n<li><a title=\"Steuern\" href=\"https:\/\/www.freiburg-schwarzwald.de\/blog\/engagement\/verbraucher\/steuern\/\">Steuern<\/a><\/li>\n<li><a title=\"Unterwerfung\" href=\"https:\/\/www.freiburg-schwarzwald.de\/blog\/religion\/islam\/unterwerfung\/\">Unterwerfung<\/a><\/li>\n<li><a title=\"Volk\" href=\"https:\/\/www.freiburg-schwarzwald.de\/blog\/engagement\/zukunft\/demokratie\/volk\/\">Volk<\/a><\/li>\n<\/ul>\n<p>&nbsp;<\/p>\n<p><strong>Das sozialistische Menschenexperiment in Ostdeutschland &#8211; vergessen<\/strong><br \/>\n\u201e30 Jahre nach dem Mauerfall gibt es in der Bundesrepublik keinen prominenten Politiker, der sich noch erkennbar mit dem sozialistischen Menschenexperiment in Ostdeutschland auseinandersetzt. Obwohl Deutschland seit 14 Jahren von einer Kanzlerin regiert wird, die das SED-Regime selbst erlebt hat, spielt die Erfahrung des Kommunismus im Politikbetrieb praktisch keine Rolle mehr.\u201c<br \/>\nHubertus Knabe, Historiker, in der \u201eWelt am Sonntag\u201c am 3. November 2019<\/p>\n<p>=============================================<\/p>\n<p><strong>FAZ ignoriert den 35.Jahrestag des Mauerfalls am 9.11.2024<\/strong><br \/>\n<em>Anl\u00e4\u00dflich des 35. Jahrestags des 9. Novembers 1989 erscheint die FAZ ohne einen einzigen Beitrag, der dieses herausragende Datum w\u00fcrdigt. <a href=\"https:\/\/www.freiburg-schwarzwald.de\/blog\/kultur\/medien\/alternative-medien\/\">JF<\/a>-Chefredakteur Dieter Stein sieht darin ein &#8222;Sinnbild alarmierender Geschichtsvergessenheit&#8220; und schreibt einen entsetzten Offenen Brief.<\/em><\/p>\n<p><strong>Offener Brief an die \u201eZeitung f\u00fcr Deutschland\u201c<\/strong><br \/>\nWie konnte die FAZ den Jahrestag des Mauerfalls vergessen?<br \/>\nLiebe Kollegen der FAZ,<br \/>\neigentlich wollte ich Euch zum 75. Geburtstag Eurer ehrw\u00fcrdigen Zeitung gratulieren. Gestern war die FAZ mit einer opulenten Beilage erschienen, wo sie sich eindrucksvoll als \u201eZeitung der Freiheit\u201c gefeiert hat.<br \/>\nHeute morgen schlage ich die Ausgabe vom 9. November auf. In vielen Beitr\u00e4gen geht es um die Regierungskrise nach dem Platzen der Ampel und die weltpolitischen Folgen nach dem Sieg von Donald Trump. Erst nach einigen Seiten f\u00e4llt mir auf. Es fehlt etwas. Ich bl\u00e4ttere noch einmal durch. Nichts.<br \/>\n.<br \/>\nSinnbild alarmierender Geschichtsvergessenheit<br \/>\nSie haben es fertiggebracht, in der Ausgabe zum 9. November keinen einzigen Beitrag unterzubringen, der den 35. Jahrestag des Mauerfalls in Berlin w\u00fcrdigt. Das ist ein Armutszeugnis. Ersch\u00fctternd. Es ist ein Sinnbild alarmierender Geschichtsvergessenheit, die unsere Zeit pr\u00e4gt.<br \/>\nAls die Mauer vor 35 Jahren fiel, war die FAZ eine der letzten Zeitungen, die noch wahrnehmbar am Ziel der Wiedervereinigung, der Einheit der Nation festhielt. Jedenfalls verf\u00fcgte sie \u00fcber eine Reihe markanter Journalisten, die das Verdienst hatten, eisern den in der Pr\u00e4ambel des Grundgesetzes festgehaltenen politischen Kernauftrag immer wieder wachzuhalten.<br \/>\nDer Historiker Peter Hoeres hat in seinem zum 70. Geburtstag der FAZ ver\u00f6ffentlichten Werk \u201eZeitung f\u00fcr Deutschland\u201c daran erinnert, da\u00df sich Ende der achtziger Jahre gro\u00dfe Teile des westdeutschen geistigen Milieus mit der \u201eZweistaatlichkeit abgefunden, sich in ihr eingerichtet\u201c hatten.<\/p>\n<p>Was ist von diesem Geist \u00fcbriggeblieben?<br \/>\nDie FAZ hingegen trat, so Hoeres, stets \u201eprogrammatisch f\u00fcr die Wiedervereinigung ein und hielt daran auch in den 1980er Jahren fest\u201c. Er z\u00e4hlte zu den besonders Pr\u00e4genden vor allem den aus B\u00f6hmen vertriebenen Johann Georg Rei\u00dfm\u00fcller, den Dresdner Friedrich Karl Fromme, den Leipziger Fritz Ulrich Fack und den G\u00f6rlitzer Ernst-Otto Maetzke. Auch Karl Feldmeyer z\u00e4hlte dazu, der sp\u00e4ter f\u00fcr die JF schreiben sollte.<br \/>\nScharf griff beispielsweise Maetzke in der FAZ den damaligen CDU-Generalsekret\u00e4r Heiner Gei\u00dfler an, als dieser 1988 Abschied vom Ziel der Wiedervereinigung nehmen wollte \u2013 heute v\u00f6llig vergessen! Ob die CDU die Pr\u00e4ambel des Grundgesetzes \u201edann zu einem unanst\u00e4ndigen Text erkl\u00e4re?\u201c fragte Maetzke h\u00f6hnisch. Was ist von diesem Geist \u00fcbriggeblieben, der einmal die \u201eZeitung f\u00fcr Deutschland\u201c pr\u00e4gte?<br \/>\nGerade jetzt, angesichts wachsender politischer Polarisierung und einer schweren nicht nur politischen Krise Deutschlands w\u00e4re eine Besinnung auf den Patriotismus, den Freiheitswillen unserer Nation wichtig, um Aufbruchsgeist und Zuversicht zu wecken. Der 9. November 1989 war Triumph der Freiheit \u00fcber die Diktatur und ein Symbol des selbstverst\u00e4ndlichen Willens zur Einheit unserer Nation.<br \/>\nDiesen Willen m\u00fcssen wir wachhalten. Es lebe die Freiheit!<br \/>\nHerzlichst<br \/>\nIhr Dieter Stein<br \/>\n&#8230; Alles vom 9.11.2024 von Dieter Stein bitte lesen auf<br \/>\n<a href=\"https:\/\/jungefreiheit.de\/kultur\/medien\/2024\/wie-konnte-die-faz-den-jahrestag-des-mauerfalls-vergessen\/\">https:\/\/jungefreiheit.de\/kultur\/medien\/2024\/wie-konnte-die-faz-den-jahrestag-des-mauerfalls-vergessen\/<\/a><br \/>\n,<br \/>\nEinige Kommentare:<br \/>\nF\u00fcr mich war die F.A.Z. mal eine Institution und tats\u00e4chlich die beste Zeitung der Welt. Diese Zeitung wurde mir praktisch in die Wiege gelegt. Bereits zu Schulzeiten bezweifelte ich, dass sich ein 1933 wiederholen k\u00f6nnte, weil es ein funktionierendes Bundesverfassungsgericht g\u00e4be und selbst wenn dies versagen w\u00fcrde, dann g\u00e4be es noch die F.A.Z.. Ersteres hat eklatant w\u00e4hrend Corona versagt, letztere hat sich angeschlossen. Fr\u00fcher wurden die \u201eFremden Federn\u201c von Gauland bis Gysi gef\u00fcllt, doch dann gab es nur noch ein Mantra: Regierungspropaganda. Sie ist nun ein w\u00fcrdige Nachfolgerin von Neues Deutschland Peter<br \/>\n.<br \/>\nJeden Freitag bekomme ich vom Nachbarn (pensionierter Oberst) die FAZ, aber nur wegen des R\u00e4tsels in der Freitagsausgabe. Ich l\u00f6se n\u00e4mlich gerne knifflige R\u00e4tsel, bei denen man um die Ecke denken mu\u00df. Die Zeitung von gestern enthielt einen Extra-Teil zum 75j\u00e4hrigen Bestehen der F.A.Z. Da belobigt man sich nur selbst. Kein einziges Wort der Selbstkritik, obwohl die Abonnenten-Zahlen stark zur\u00fcckgegangen sind! Wahrscheinlich wird auch die \u201eFrankfurter Allgemeine\u201c inzwischen von der Regierung bzw. von Milliard\u00e4ren bezahlt, deren Blick auf die Welt sie dann nat\u00fcrlich teilen mu\u00df. Pfui Deibel! AnePetra<br \/>\n.<br \/>\nSehr geehrter Herr Stein, ich habe damals die vielen Demonstrationen und die Grenz\u00f6ffnung ungl\u00e4ubig miterlebt. Keine \u201eMauern\u201c mehr, nirgends? Tats\u00e4chlich! Ein Nachgeborener wird unsere gl\u00fccklichen Emotionen kaum nachempfinden k\u00f6nnen. Da\u00df die FAZ keine Zeile zu diesem Ereignis \u00fcbrig hatte \u2013 Nebbich. Mich ersch\u00fcttert vielmehr eine neue Mauer. Die deutsche geistige \u201eBrandmauer\u201c arroganter, angstgetriebener Politiker und ihrer Unterst\u00fctzer! Niemals h\u00e4tte ich es f\u00fcr m\u00f6glich gehalten, da\u00df mich geistige \u00dcberwachung, Angst und Einschr\u00e4nkungen nun im hohen Alter wieder einholen w\u00fcrden. Yehudit<br \/>\n.<br \/>\nDie FAZ ist mit ihrer CDU nach links abgerutscht. Auf ein Versehen zu hoffen, ist naiv. Die gesamte Presse hofft auf \u00dcberlebenshilfen in Form von staatliche Subventionen. In diesem Verteilungskampf als \u201ekonservativ\u201c zu gelten, kann dabei t\u00f6dlich sein. Joachim Reuter<br \/>\n.<br \/>\nIch glaube nicht an ein Versehen , sondern Absicht. Gr\u00fcnde \u00e4hnlich der heutigen Ministerin Claudia Roth, die damals offen f\u00fcr Nie wieder Deutschland demonstrierte. Ich bin mir sicher, Fazreporter lauern heute an Gedenkorten des Mauerfalls, um die AfD in die Naziecke zu r\u00fccken. Das gibt dann den \u00fcblichen Artikel, vielleicht mit Forderung den Gedenktag zu ignorieren, und stattdessen den Tag der Brandmauer einzuf\u00fchren. Mephisto<br \/>\n.<br \/>\nHerr Stein scheint immer noch nicht kapiert zu haben, da\u00df die FAZ eine Lizenzzeitung der Besatzer ist, deren Aufgabe die antideutsche Gehirnw\u00e4sche der Deutschen ist . Alles wa es zu wissen gilt hat deren Exherausgeber und Freimaurer Paul Sethe bereits vor Jahrzehnten freim\u00fctig erkl\u00e4rt: \u201c Die Pressefreiheit in der BRD ist die Freiheit von 200 ausgew\u00e4hlten Personen\u201c! Engelsberger<br \/>\nEnde Kommentare<\/p>\n<p>&nbsp;<\/p>\n<p><strong>35. Jahrestag der Grenz\u00f6ffnung in Ungarn 1989<\/strong><br \/>\nVor 35 Jahren zerriss der Eiserne Vorhang in <a href=\"https:\/\/www.freiburg-schwarzwald.de\/blog\/global\/eu\/ungarn\/\">Ungarn<\/a>. Ein Festakt in Berlin erinnerte an das historische Ereignis. Der Gro\u00dfteil von Hauptstadtpresse und Politik zeigte kein Interesse<br \/>\n\u201eUngarn hat keine Belehrungen aus Westeuropa n\u00f6tig. Und schon gar nicht aus Deutschland\u201c, stellte Gerhard Papke bei seiner Er\u00f6ffnungsrede der Feierstunde fest, zu der die Deutsch-Ungarische Gesellschaft am Mittwochabend in die Botschaft Ungarns Unter den Linden geladen hatte. Papke, ehemals Fraktionschef der FDP in Nordrhein-Westfahlen, geh\u00f6rt als Vorsitzender der l\u00e4nder\u00fcbergreifenden Organisation zu den vehementesten Verteidigern des kleinen EU-Staates, dem ein gro\u00dfer Teil des deutschen Politikbetriebs und der deutschen Medien vor allem mit barschen Zurechtweisungen begegnen.<br \/>\nBei der Veranstaltung handelte es sich allerdings weniger um einen Abend zur aktuellen Politik, jedenfalls nicht unmittelbar, sondern um den Festakt zum 35. Jahrestag der Grenz\u00f6ffnung in Ungarn. Damals fiel in den Tagen zwischen dem 19. August und dem 11. September 1989 zwischen dem reformerischen Ostblockstaat und \u00d6sterreich der Eiserne Vorhang. Diese Sommerwochen markierten un\u00fcbersehbar das Ende des Ostblocks.<br \/>\n&#8230;<br \/>\nBis heute tritt Ungarns Regierung f\u00fcr einen restriktiven Umgang mit der Asyleinwanderung auf das Gebiet der Staatengemeinschaft ein \u2013 im Gegensatz zu den Regierungen Merkel und Scholz. Papke nutzte die Gelegenheit, um darauf hinzuweisen, dass es in Ungarn keinen Islamismus gebe, daf\u00fcr aber ein j\u00fcdisches Leben ohne schwere Polizeibewachung der Synagogen. Botschafter P\u00e9ter Gy\u00f6rk\u00f6s konnte sich in einer Rede Seitenhiebe auf die tendenzi\u00f6se Berichterstattung vieler deutscher Medien nicht verkneifen. K\u00fcrzlich hatte der SPIEGEL in seiner Titelgeschichte \u201eWie Faschismus beginnt\u201c Viktor Orb\u00e1n ernsthaft in die N\u00e4he Hitlers ger\u00fcckt.<br \/>\nEine Besonderheit des Abends lag darin, dass sowohl ein gro\u00dfer Teil der Medien als auch der Politik die Veranstaltung komplett ignorierten. Dabei geh\u00f6rte der Sommer in Freiheit in Ungarn vor 35 Jahren zur Geschichte der Deutschen Einheit. Das historische Ereignis von damals scheint heute nicht mehr ins offizielle deutsche Konzept zu passen.<br \/>\n&#8230; Alles vom 5.9.2024 bitte lesen im Newsletter von <a href=\"https:\/\/www.tichyseinblick.de\">https:\/\/www.tichyseinblick.de<\/a><br \/>\n.<br \/>\nDeutsch-Ungarische Gesellschaft in Berlin<br \/>\n<a href=\"http:\/\/www.d-u-g.org\/startseite.html\">http:\/\/www.d-u-g.org\/startseite.html<\/a><\/p>\n<p>&nbsp;<\/p>\n<p><strong>ZDF \u00fcbertr\u00e4gt zum Tag der deutschen Einheit 3.10.2022<\/strong><br \/>\nMAINZ. Zum diesj\u00e4hrigen Tag der Deutschen Einheit am 3. Oktober \u00fcbertr\u00e4gt das ZDF ab 10 Uhr den \u00f6kumenischen Gottesdienst aus dem Erfurter Dom Sankt Marien. Gefeiert wird er von dem katholischen Erfurter Bischof Ulrich Neymeyr und dem Landesbischof der Evangelischen Kirche in Mitteldeutschland, Friedrich Kramer, der auch die Predigt h\u00e4lt. Au\u00dferdem laufen in dem Sender drei Dokumentationen zum Thema. In \u201eIch bin deutsch\u201c (11 Uhr) berichten junge Menschen, die in der Wendezeit geboren wurden, \u00fcber ihr Heimatgef\u00fchl. In \u201eWeimar \u2013 Zwischen Prunk und Platte\u201c (19.15 Uhr) wird deutlich, wie sich die Stadt seit dem Mauerfall ver\u00e4ndert hat. In \u201eWir bleiben! Jung. Ostdeutsch. Selbstbewu\u00dft.\u201c (19.30 Uhr) sind junge Ostdeutsche zu erleben, die bewu\u00dft in ihrer Heimat bleiben und die Situation dort verbessern wollen.<br \/>\nGastgeber f\u00fcr das B\u00fcrgerfest zum Tag der Deutschen Einheit ist in diesem Jahr der Freistaat Th\u00fcringen. Auf einer L\u00e4ndermeile pr\u00e4sentieren sich die 16 Bundesl\u00e4nder mit ihren kulturellen und kulinarischen Besonderheiten. Zudem haben in Erfurt alle st\u00e4dtischen Museen und Galerien vom 1. bis 3.Oktober kostenfrei ge\u00f6ffnet. (tha)<br \/>\n<a href=\"https:\/\/www.tag-der-deutschen-einheit.de\">https:\/\/www.tag-der-deutschen-einheit.de<\/a><br \/>\n&#8230; Alles vom 30.9.2022 bitte lesen in der JF40\/22, Seite 16<\/p>\n<p>&nbsp;<\/p>\n<p><strong>Mauerbau begann vor 59 Jahren am 13.8.1961: Meinungsfreiheit?<\/strong><br \/>\nDer Regierungssprecher der GroKo, Steffen Reibert (CDU) twitterte zum Jahrestag des baus der Berliner Mauer:<br \/>\n<em>Steffen Seibert @RegSprecher <\/em><br \/>\n<em>&#8222;Am Morgen des 13. August 1961 \u2013 heute vor 59 Jahren \u2013 begann der Bau der Berliner Mauer. Sie zementierte die Unfreiheit in der DDR. Der Jahrestag erinnert auch an unser Gl\u00fcck, heute im vereinten Deutschland mit Meinungs- und Reisefreiheit leben zu k\u00f6nnen.&#8220;<\/em><br \/>\n<em>10:50 vorm. \u00b7 13. Aug. 2020<\/em><br \/>\nDoch wie steht es um die Reisefreiheit angesichts Corona (ich soll heute nicht in die Tschechische Republik reisen)? Und um die <a title=\"Meinungsfreiheit\" href=\"https:\/\/www.freiburg-schwarzwald.de\/blog\/kultur\/medien\/meinungsfreiheit\/\">Meinungsfreiheit<\/a> im Zeichen vom &#8222;Kampf gegen Rechts&#8220; (der Kabarettist <a title=\"DFG l\u00f6scht Dieter Nuhr\" href=\"https:\/\/www.freiburg-schwarzwald.de\/blog\/dfg-loescht-dieter-nuhr\/\">Dieter Nuhr<\/a> musste seinen Beitrag zur Wissenschaft auf der Website der DFG l\u00f6schen)?<br \/>\n14.8.2020<br \/>\n.<br \/>\n<strong>Steffen Seibert und die Meinungsfreiheit<\/strong><br \/>\nHeuchelei. Was nicht dabei steht, ist, dass die Meinungsfreiheit hier gerade systematisch zertr\u00fcmmert und verengt wird, dass die Regierung sogar Ex-Stasi-Mitarbeiter bauftragt und bezahlt, um Meinungsfreiheit abzubauen, und die Parteien mit der Antifa verwoben sind, die Leute k\u00f6rperlich angreift und sie pers\u00f6nlich terrorisiert, um deren Meinungsfreiheit zu unterbinden. &#8230;<br \/>\nSt\u00e4ndig versucht man, im Netz Mauern aufzubauen. St\u00e4ndig versucht man, einen einheitlichen unkritisierbaren oppositionsfreien politischen Block zu bauen. St\u00e4ndig wird im Pressebereich jeder drangsaliert oder abges\u00e4gt, der aus der Reihe tanzt.<br \/>\n.. Alles vom 14.8.2020 bitte lesen auf<br \/>\n<a href=\"https:\/\/www.danisch.de\/blog\/2020\/08\/14\/steffen-seibert-und-die-meinungsfreiheit\/\">https:\/\/www.danisch.de\/blog\/2020\/08\/14\/steffen-seibert-und-die-meinungsfreiheit\/<\/a>.<\/p>\n<p>&nbsp;<\/p>\n<p><strong>Gunter Wei\u00dfgerber: Fiktive Rede zum 30 Jahrestag der Deutschen Einheit<\/strong><br \/>\n<strong>Meine Bundestags-Rede: Der verlorene Kompass<\/strong><br \/>\n<em>Die Bundeszentrale f\u00fcr politische Bildung bat die ehemaligen Abgeordneten der ersten freigew\u00e4hlten Volkskammer der DDR um eine fiktive Bundestagsrede vor dem Hintergrund 30 Jahre Deutsche Einheit. Hier mein Part: <\/em><br \/>\n<em>Denkanst\u00f6\u00dfe zur Lage der Nation \u2013 Fiktive Rede im Deutschen Bundestag <\/em><br \/>\n<em>von Gunter Wei\u00dfgerber<br \/>\n<\/em>\u00a0.<br \/>\nLiebe Kolleginnen und Kollegen,<br \/>\n1990 begaben sich die Ostdeutschen mehrheitlich unter das Dach der Deutschen Einheit, um durch die Mitgliedschaft in der Europ\u00e4ischen Wirtschaftsgemeinschaft (EWG) und der NATO ihre 1989 gewonnenen Freiheiten irreversibel absichern zu k\u00f6nnen. Nie wieder sollte die Hand des Moskauer B\u00e4ren nach uns greifen. Sp\u00e4testens am 19. August 1991 d\u00fcrfte es vielen, die vorher noch der M\u00f6glichkeit eines \u201eDritten Weges\u201c zwischen Sozialismus und Kapitalismus anhingen, klar geworden sein, dass wir im Falle eines Putschistensieges in Moskau in der Falle von 1953, 1956, 1961, 1968, 1981 gesessen h\u00e4tten \u2013 mit all den brutalen Folgen, die in den Geschichtsb\u00fcchern (noch) nachlesbar sind. Ich danke noch immer dem Gl\u00fcck, welches mich 1989\/90 an Freiheit, Demokratie und Deutscher Einheit hat mitwirken lassen! Doch wie steht es mit unseren W\u00fcnschen von damals in Bezug auf deren Solidit\u00e4t heute?<br \/>\nDas Demonstrationsrecht erk\u00e4mpften wir gegen die hochger\u00fcstete Staatsmacht 1989 zuerst. Das gelang auch, weil Michail Gorbatschow den deutschen Kommunisten in Ostberlin seine Sch\u00fctzenhilfe gegen die Bev\u00f6lkerung verwehrte und die SED-F\u00fchrung inklusive ihres Offizierskorps in Armee und Polizei Angst hatte, dass sich die Waffen der Soldaten und Polizisten gegen sie selbst und nicht gegen das Volk richten w\u00fcrden.<br \/>\nDas Demonstrationsrecht ist seiner Natur nach unpolitisch und geh\u00f6rt keiner einzelnen Gruppe, Partei oder Regierung. Der parteipolitisch unabh\u00e4ngige und wehrhafte Staat sch\u00fctzt den Rechtsrahmen des Grundgesetzes und damit die offene plurale Gesellschaft. Soweit zum Ziel der meisten 89er Demonstranten \u201emittelosteuropaweit\u201c.<br \/>\nWir wollten das Demonstrationsrecht f\u00fcr alle in einer weltanschaulich neutralen Republik im Rahmen von freien Wahlen, Gewaltenteilung in Legislative, Exekutive, Judikative \u2013 und unabh\u00e4ngige Medien, die darauf achten, dass Verfassungsfeinde nicht den Staat okkupieren k\u00f6nnen. Wer Verfassungsfeind ist, stellt dabei nicht die politische Konkurrenz fest. Das ist allein Sache des Bundesverfassungsgerichts. Soweit die Theorie seit 1848 und 1989.<\/p>\n<p><em>Wie steht es um die Praxis des Jahres 2020?<\/em><br \/>\nDas Demonstrationsrecht ist seitens des Staates sicher. Das merken die rechten und linken R\u00e4nder der Gesellschaft immer wieder \u2013 deren Demonstrationen werden polizeilich gesch\u00fctzt. Demonstrationsrecht und Meinungsfreiheit stehen jedoch von anderer Seite unter gewaltigem Druck. Unter der spalterischen Parole \u201eKampf gegen rechts\u201c unterliegt inzwischen jede auch nur in Details von der Regierungslinie abweichende Meinung dem offizi\u00f6sen Verdikt: \u201eRechts\u201c, \u201eNazi\u201c, \u201eVerschw\u00f6rerungstheoretiker\u201c, \u201eSkeptiker\u201c und \u2013 ganz neu \u2013 \u201eRassist\u201c. Obwohl die Bundesregierung parteipolitisch neutral sein muss \u2013 Innenminister Seehofer wurde dies beispielgebend vom Bundesverfassungsgericht im Juni eindringlich ins ministerielle Stammbuch geschrieben \u2013, f\u00f6rdert sie unverh\u00e4ltnism\u00e4\u00dfig Aktivisten und Vereine\/Antifa\/NGOs, die das politische Leben der res publica mit einer Linksau\u00dfenbrille beurteilen.<br \/>\nStatt den Extremen aller Seiten \u2013 den rechten, den linken, den islamistischen \u2013 beherzt entgegenzutreten, verlor diese Bundesregierung den Kompass der ausgleichenden Mitte und brachte die Bundesrepublik in die schwierigste Schieflage seit ihrem Bestehen.<br \/>\nPolitisch \u00e4u\u00dfert seine Meinung nur noch \u00f6ffentlich, wer auf Regierungs- und Antifa-Linie lustwandelt. Nachfragend oder kritisch \u00e4u\u00dfert sich inzwischen nur noch, wer mutig und\/oder unabh\u00e4ngig ist oder wer nichts zu verlieren hat. Gro\u00dfe Teile der Bev\u00f6lkerung sind l\u00e4ngst auf dem Weg in die private Nische und gehen der Republik verloren. Das k\u00f6nnen sich Diktaturen vermeintlich leisten, Demokratien gef\u00e4hrden sich damit selbst.<\/p>\n<p>Die \u00d6ffentlich-Rechtlichen Medien haben eine traurige Genese zum Staats- und Regierungsfunk hinter sich. Der Glanz von ARD und ZDF ist perdu. F\u00fcr immer? Auch vielen privaten Medien ist das so hinter den Spiegel zu stecken. Die \u201eVierte Gewalt\u201c wurde zum Transmissionsriemen der Kabinette Merkel I\u2013IV. Inzwischen werden sie zum Teil staatlich bezuschusst. Aus unabh\u00e4ngigen, der objektiven Berichterstattung verpflichteten Medien wurden abh\u00e4ngige, einseitige, die Pluralit\u00e4t verheimlichende Organe. Kehren wir um!<\/p>\n<p>Meinten die meisten 89er Demonstranten im Sinne Voltaires, jede Meinung, sei sie noch so \u00e4rgerlich, m\u00fcsse ge\u00e4u\u00dfert werden d\u00fcrfen, so ist 2020 festzustellen, dass das Behindern nicht verbotener Demonstrationen geduldet wird und das \u00c4u\u00dfern eigener, vom Regierungskurs abweichender Meinungen zwar (noch?) nicht ins Gef\u00e4ngnis oder ins Lager f\u00fchrt, aber die Existenz kosten kann. Eine offene Gesellschaft, die nicht atmen kann, f\u00fchrt sich ad absurdum.<\/p>\n<p>Unsere Freiheit folgte 1989 dem gerade gewonnenen Demonstrationsrecht auf dem Fu\u00df. Abgesichert hatten wir die Freiheit in einem ersten Schritt mit der ersten und letzten freien Volkskammerwahl. Seit dem 18. M\u00e4rz 1990 besa\u00df die DDR-Bev\u00f6lkerung erstmals ein Parlament und eine Regierung, die aus freien Wahlen hervorging. 2020 besitzen wir diese Freiheit noch immer. Werden wir sie nach einem \u00f6kologischen Umbau noch immer besitzen?<\/p>\n<p>\u201eFreie Wahlen!\u201c war eine Hauptforderung 1989. Wir setzten diese Forderung durch und w\u00e4hlen seitdem regelm\u00e4\u00dfig die Parlamente der verschiedenen Ebenen. 2020 ist zu konstatieren, im Lande gibt es Bestrebungen, das Wahlrecht zu deformieren. Die gro\u00dfe Zahl der \u00dcberhangmandate f\u00fchrt zu abstrusen \u00dcberlegungen, die Erststimmen (Direktmandate) zu Lasten der Zweitstimmen zu k\u00fcrzen \u2013 also den Proporz zwischen direkter Demokratie (Direktmandat) und Parteiendemokratie (Parteilistenplatz) zugunsten der Parteilinien zu verzerren. K\u00e4me es dahin, verk\u00e4me die Bundesrepublik zu einer st\u00e4rkeren Beute von Parteien. Kreativit\u00e4t, Mut, Entschlossenheit w\u00fcrden unter Kandidaten und Abgeordneten in die Nische der Existenzsicherung entfleuchen. Die Bundesrepublik w\u00fcrde eine andere, unsympathischere.<br \/>\n<em>Sehr geehrte Damen und Herren, liebe Kolleginnen und Kollegen,<\/em><br \/>\n1989 kam mit \u201eFreie Wahlen jetzt!\u201c eine zentrale Forderung von \u201eunten\u201c. 2020 mehren sich Forderungen von \u201eoben\u201c nach Wahlwiederholungen. Im Februar dieses Jahres wurde der Freidemokrat und Katholik Thomas Kemmerich in geheimer Wahl zum Minderheits-Ministerpr\u00e4sidenten von Th\u00fcringen gew\u00e4hlt. Sein Regierungsangebot hatte er an CDU, SPD und Gr\u00fcne gerichtet. 1989\/90 h\u00e4tte diese Wahl Bestand gehabt. Die Ostdeutschen wollten nach Jahrzehnten von Diktatur und Einheitsliste frei w\u00e4hlen und die Ergebnisse akzeptieren.<br \/>\nWas hat sich in den vergangenen drei\u00dfig Jahren so dramatisch ver\u00e4ndert, dass es einer faktischen Obrigkeit m\u00f6glich ist, Wahlen und Wahlergebnisse nach politischer Wetterlage gebrauchen oder missbrauchen zu k\u00f6nnen? Drei Jahrzehnte war es \u2013 gut begr\u00fcndet \u2013 nicht m\u00f6glich, der Regierungslinie unangenehme Wahlergebnisse r\u00fcckg\u00e4ngig zu machen. Kritiker von SED-PDS\/Linke-Kooperationen k\u00e4mpften zwar gegen solche B\u00fcndnisse an, akzeptierten diese letztlich jedoch immer und immer wieder. Aus Gr\u00fcnden der Rechtsstaatlichkeit und der Achtung vor dem F\u00f6deralismus im Staat und in den Parteien.<br \/>\n2020 ma\u00dfte sich die Bundeskanzlerin der Bundesrepublik Deutschland, eine ehedem Ostdeutsche, die Forderung nach R\u00fcckg\u00e4ngigmachung der juristisch einwandfreien Wahl des FDP-Ministerpr\u00e4sidenten Kemmerich an. Zentralstaat schlug F\u00f6deralstaat. Ein Dammbruch.<br \/>\nEbenfalls 2020 erlebten wir die Diskussionen um die Wahlen des Kulturamtsleiters von Radebeul und einer linksextremen Politikerin in Mecklenburg-Vorpommern zur Verfassungsrichterin. Im Fall von J\u00f6rg Bernig setzte die Obrigkeit eine Neuwahl an, der sich der juristisch einwandfrei gew\u00e4hlte Delinquent konsequenterweise nicht aussetzte. Er h\u00e4tte das allen 89er Forderungen zuwiderlaufende Verfahren akzeptiert. F\u00fcr ihn, f\u00fcr sehr viele Demonstranten von damals, w\u00e4re das ein Schritt hinter die Friedliche Revolution gewesen. Anders der Fall Borchardt. Sie bleibt trotz Protesten selbstverst\u00e4ndlich im Amt, keine Obrigkeit fordert deren R\u00fcckzug. Dabei ist diese Frau tats\u00e4chlich eine Feindin der \u201eFreiheitlich-Demokratischen Grundordnung\u201c. Was J\u00f6rg Bernig definitiv nicht ist. Er ist im Gegensatz zur linken Verfassungsrichterin mit verfassungsfeindlichen Anschauungen ein Demokrat, der innerhalb des politischen Systems auf dem vormaligen Platz der CDU der Zeit vor Frau Merkel positioniert ist. Muss die CDU-Geschichte 1949 bis 2005 nun umgeschrieben werden?<\/p>\n<p><em>Ich bin ersch\u00fcttert und komme zur\u00fcck zu 1989<\/em><br \/>\nIch sage es so, der Weg vom \u201eFreie Wahlen jetzt!\u201c zum \u201eW\u00e4hlen lassen, bis es passt\u201c ist ein Weg zu 1984, zu Die Farm der Tiere, Fahrenheit 451 oder Der vormundschaftliche Staat. Halten wir inne! Besinnen wir uns! Geben wir der Meinungs-, der Wissenschaftsfreiheit und dem Demonstrationsrecht wieder den Platz, den sie noch vor wenigen Jahren einnahmen und diese Republik zum Besten machten, was es je innerhalb deutscher Staatsgrenzen gab.<\/p>\n<p>Stichwort Wissenschaftsfreiheit: These und Antithese, das Hinterfragen scheinbar fester Positionen, scheinbar unwiderlegbarer Erkenntnisse geh\u00f6rt seit der Aufkl\u00e4rung zum Besteck seri\u00f6ser Wissenschaft. Dieses Besteck verlor in den letzten beiden Jahrzehnten in Deutschland, aber auch weltweit, an Bedeutung. Aus einer Wissenschaft, die sich im kreativen Diskurs von These und Antithese immer weiterentwickelte, wurde ein Wissenschaftsbetrieb, der von der \u00f6ffentlich-politisch gef\u00f6rderten Thesenbest\u00e4tigung zulasten der kritischen Nachfrage lebt. Wir ersticken die Wissenschaft und damit unsere Weiterentwicklung. Geben wir der Wissenschaft ihre Freiheit zur\u00fcck!<\/p>\n<p>Ich bin meinem Schicksal dankbar, in einer Zeit politisch wirksam gewesen sein zu k\u00f6nnen, die zu den gl\u00fccklichen Momenten der deutschen und europ\u00e4ischen Geschichte geh\u00f6rt. Ohne unsere mittelosteurop\u00e4ischen Nachbarn und Freunde \u2013 herausragend an dieser Stelle seien Polen, Ungarn und die Tschechoslowakei sowie Michail Gorbatschow mit seiner Politik von Glasnost und Perestroika genannt \u2013 h\u00e4tten wir diese gl\u00fcckliche Zeit mit ihren wunderbaren europ\u00e4ischen Folgen nicht erleben k\u00f6nnen.<br \/>\nUnbedingt sei auch der US-amerikanische Pr\u00e4sident George Bush gew\u00fcrdigt. Seine kluge und auf Gorbatschows Stellung innerhalb der sowjetischen F\u00fchrung bedachte Politik gab uns Deutschen die Chance, die historisch kurzzeitig ge\u00f6ffnete T\u00fcr zu Freiheit und Sicherheit in der Einheit souver\u00e4n mit dem \u201eZwei-Plus-Vier-Vertrag\u201c zu durchschreiten. Mit f\u00fcnfundvierzig Jahren Versp\u00e4tung und der \u00dcberwindung einer weiteren Diktatur bekamen die Deutschen und ihre Nachbarn damit endlich ihren Friedensvertrag.<br \/>\nIch danke posthum Willy Brandt f\u00fcr dessen \u201eNeue Ostpolitik\u201c, Helmut Schmidt, Ronald Reagan, Helmut Kohl f\u00fcr die Idee und das Umsetzen der \u201eDoppelten Nulll\u00f6sung\/NATO-Doppelbeschlu\u00df\u201c! Ohne die Vertrauens- und Gleichgewichtspolitik und deren Ergebnisse m\u00fcssten auch die \u201eLeipziger Friedensgebete\u201c noch immer unter den Bedingungen kommunistischer Unfreiheit organisiert werden.<\/p>\n<p>Ich danke den Ostdeutschen, die unter Androhung der Todesstrafe als Deutsche von Deutschland nach Deutschland fl\u00fcchteten. Sie f\u00fchrten unter Lebensgefahr den Unrechtsstaat DDR aller Welt vor Augen und zerst\u00f6rten dessen unmoralische Grundlagen, ebenso wie die Oppositionellen der 50er, 60er, 70er und 80er Jahre. Der Erfolg von 1989 hatte viele M\u00fctter und V\u00e4ter. Die Fl\u00fcchtlinge und politischen Gefangenen der Diktatur des Proletariats geh\u00f6ren untrennbar dazu.<br \/>\nNicht zuletzt danke ich Richard Schr\u00f6der. Als SPD-Fraktionsvorsitzender hatte er wesentlichen Anteil an der Zustimmung der ostdeutschen Sozialdemokratie am 23. August 1990 zum Beitritt zur Bundesrepublik nach GG 23. Ohne die SPD-Fraktion h\u00e4tte es keine verfassungsgebende Zweidrittelmehrheit f\u00fcr diesen Schritt gegeben. Auch dank der SPD gewannen wir damit nahezu drei\u00dfig Jahre Aufschwung, Sicherheit, gute europ\u00e4ische und transatlantische Nachbarschaft.<br \/>\nSozialdemokrat bin ich wieder ohne Parteibuch. Mein Ideal ist eine Sozialdemokratie, deren vornehme Aufgabe die Interessenvertretung von Facharbeitern, Technikern, Ingenieuren, Wissenschaftlern, willentlich aufstrebenden Menschen ist, die die von der Kehrseite des Erfolgs betroffenen Mitb\u00fcrger nicht aus dem Auge verlieren. Ohne den starken Wirtschafts-, Energie- und Wissenschaftsstandort Deutschland ist das nicht zu haben. Meine vormalige Partei verlie\u00df diesen Kurs irreversibel. Das hat die Bundesrepublik Deutschland nicht verdient!<br \/>\nIch bin gern Deutscher, Europ\u00e4er und Transatlantiker in einer offenen Gesellschaft. Halten wir alle diese Republik offen!<br \/>\n&#8230; Alles vom 1.7.2020 bitte lesen auf<br \/>\n<a href=\"https:\/\/www.achgut.com\/artikel\/meine_bundestagsrede_der_verlorene_kompass\">https:\/\/www.achgut.com\/artikel\/meine_bundestagsrede_der_verlorene_kompass<\/a><br \/>\n.<br \/>\n<em>Gunter Wei\u00dfgerber (Jahrgang 1955) trat am 8. Oktober 1989 in das Neue Forum ein und war am 7. November 1989 Gr\u00fcndungsmitglied der Leipziger SDP. F\u00fcr die SDP\/SPD sprach er regelm\u00e4\u00dfige als Redner der Leipziger Montagsdemonstrationen 1989\/90.<\/em><br \/>\n<em>Gunter Wei\u00dfgerber war von 1990 bis 2009 Bundestagsabgeordneter und in dieser Zeit 15 Jahre Vorsitzender der s\u00e4chsischen Landesgruppe der SPD-Bundestagsfraktion (1990 bis 2005). Den Deutschen Bundestag verlie\u00df er 2009 aus freier Entscheidung. 2019 trat er aus der SPD aus. Die Gr\u00fcnde daf\u00fcr erl\u00e4utert er hier. Er sieht sich, wie schon mal bis 1989, wieder als \u201cSozialdemokrat ohne Parteibuch\u201d. Wei\u00dfgerber ist studierter Ingenieur f\u00fcr Tiefbohr-Technologie. Er ist derzeit Unternehmensberater und Publizist.<\/em><br \/>\n<em>Weiterf\u00fchrender Link: <a href=\"https:\/\/www.weissgerber-freiheit.de\">https:\/\/www.weissgerber-freiheit.de<\/a><\/em><\/p>\n<p>.<br \/>\nEinige Kommentare:<br \/>\n<strong>Was ist es, was unser. Land hat un-demokratisch werden lassen?<\/strong><br \/>\n&#8230;, un-offen, nicht leistungsorientiert, un-freiheitlich, tendenziell autorit\u00e4r, einseitig, geistig erstarrt hat werden lassen? Wer in diesem Land verbietet wem die Meinung.<br \/>\nWer in diesem Land m\u00f6chte nur eine einzige Meinung zulassen? Und wer sind seine global agierenden Mitstreiter?<br \/>\nWer hat diese Entwicklung in Deutschland gef\u00f6rdert? Wer hat sie beg\u00fcnstigt?<br \/>\nWer wusste genau, wie die linken Meinungsmacher reagieren w\u00fcrden, wenn \u201esie\u201c bestimmte Entscheidungen trifft, die von einem betr\u00e4chtlichen Teil der Bev\u00f6lkerung abgelehnt werden w\u00fcrden, jedoch von der politischen Linken, vertreten in den Medien, begeistert beklatscht werden w\u00fcrden?<br \/>\nWer wusste genau, dass diese einmal getroffenen Entscheidungen nur mit einem hohen Ma\u00df an Zwang und autorit\u00e4ren, aber vor allem manipulativen Ma\u00dfnahmen durchzuf\u00fchren und beizubehalten sein w\u00fcrden?<br \/>\nWer wusste genau, dass hierdurch unsere Gesellschaft gespalten und unwiederbringlich auf Linkskurs gebracht werden w\u00fcrde.<br \/>\nWer wusste genau, dass diese Art des Regierens nicht den demokratischen Ma\u00dfst\u00e4ben entspricht, die noch vor 10 bis 30 Jahren in ganz Deutschland normal waren?<br \/>\nWer wusste genau, dass sich das Land in Richtung eines Sozialismus entwickeln w\u00fcrde, sobald sein Geist aus der Flasche gelassen ward.<br \/>\nWer wusste genau, dass sich die politische Linke sich diese Chance nicht entgehen lassen w\u00fcrde?<br \/>\nDass sie alles daran setzen w\u00fcrde, nun N\u00e4gel mit K\u00f6pfen zu machen, sich das Heft des Handelns nicht mehr w\u00fcrde aus der Hand nehmen lassen?<br \/>\nDeshalb ist nun Deutschland nicht mehr so frei, wie es \u201edamals\u201c noch war. Und es wird schwer sein, den alten Zustand zur\u00fcckzuerlangen.<br \/>\n1.7.2020, W.A., AO<\/p>\n<p>.<br \/>\n<strong>Lieber Herr Wei\u00dfgerber, herzlichen Dank f\u00fcr Ihre wunderbare Rede.<\/strong><br \/>\nW\u00fcrden solche Reden von SPD Spitzenpolitikern heute im Bundestag gehalten, w\u00e4re die Partei wirklich noch eine Volkspartei wie zu Zeiten von Carlo Schmid, Fritz Erler, Klaus von Dohnanyi und Helmut Schmidt.<br \/>\n1.7.2020, V.S.<br \/>\n.<br \/>\n<strong>Ja Leute, wenn sich mal ein paar mehr bequemen w\u00fcrden,<\/strong><br \/>\nals die Mitglieder der AfD, die viel riskieren und die der freien W\u00e4hler und einige Versprengte wie z.B. Herr Wei\u00dfgerber, Frau Lengsfeld, Herr Tichy, Herr Broder, Herr Maxeiner und so weiter, auch aufzustehen und zu sagen, wo es langzugehen hat, k\u00f6nnte sich mal was bewegen. Die freien W\u00e4hler sind zu klein und die AfD wird st\u00e4ndig an die Wand gestellt und zur Abschreckung vor aller Augen scheinexekutiert und die vielen Einzelk\u00e4mpfer sind so nicht stark genug. Die AfD ist eine Sammlungsbewegung, in der man sich verb\u00fcnden kann \u00fcber alle Ideologien hinweg. Alle die hier mit den F\u00fc\u00dfen trappeln, sollten eintreten und Gesicht zeigen, oder zumindest den Laden unterst\u00fctzen. Bei allen Konflikten und aller Kritik, wir haben nur diese Kraft, oder sieht hier jemand noch ein Angebot? Ich bin da drin und es ist schon anstrengend, aber auch sehr befreiend, denn da reden alle miteinander, von links bis rechts. Bei mir in Leipzig ist das jedenfalls so. Wir haben auch einen guten Kreisvorsitzenden, der st\u00e4ndig von der Antifa angegriffen wird, aber der Mann bleibt stehen. Schlie\u00df euch an, es wird Zeit!<br \/>\n17.2020, St. R.<br \/>\nBravo! F\u00fcr diese Rede bekommen Sie stehende Ovationen! Bitte mailen Sie diese Rede auch an unsere Bundeskanzlerin. Aber ich bef\u00fcrchte, dass sie sie nicht nur nicht lesen wird, sondern sie auch (ohne Kenntnis des Inhalts) als \u201cnicht hilfreich\u201d abstempeln wird.<br \/>\n1.7.2020, S.W.<\/p>\n<p>.<br \/>\n.<\/p>\n<p><strong>Angelika Barbe: Mauerfall: Eine bittere Bilanz<\/strong><br \/>\n<em>Der Fall der Mauer gilt heute als die Sternstunde der Deutschen \u2013 die unm\u00f6glich gewesen w\u00e4re ohne die Friedliche Revolution, die Menschen wie Angelika Barbe herbeigef\u00fchrt haben. Heute zieht die ehemalige DDR-B\u00fcrgerrechtlerin allerdings eine bittere Bilanz. Interview mit Moritz Schwarz.<\/em><br \/>\n.<br \/>\nFrau Barbe, wie war das, als Sie am 9. November 1989 die SED besiegt haben?<br \/>\nAngelika Barbe: Der 9. November war ein gro\u00dfartiger Tag! Aber der entscheidende war er nicht \u2013 das war vier Wochen fr\u00fcher, der 9. Oktober.<br \/>\nWeshalb?<br \/>\nBarbe: Weil das der letzte Tag war, an dem die SED mit Gewalt h\u00e4tte reagieren k\u00f6nnen, was viele bef\u00fcrchtet haben. Doch dann str\u00f6mten am 9. Oktober so viele Menschen auf der Stra\u00dfen, da\u00df sie von nun an in der Defensive war. Von nun an lief es quasi auf eine \u00d6ffnung der Mauer zu, auch wenn wir nicht ahnten, da\u00df es so schnell gehen w\u00fcrde. So konnte ich die Nachricht zun\u00e4chst auch nicht glauben \u2013 als sie sich aber als wahr herausstellte, war das ein unbeschreiblich phantastisches Gef\u00fchl! Dennoch, der Tag des Volkes war der 9. Oktober. Der 9. November dagegen wurde zum Tag der Staatsm\u00e4nner, mit ihren Reden und ihrem Anspruch auf einen Anteil am Fall der Mauer. Bis heute gibt es deshalb im Westen kein Interesse am 9. Oktober \u2013 da man an ihm keinen Anteil hat, kann man an ihn auch keine politischen Anspr\u00fcche kn\u00fcpfen. Im Gegensatz zum 9. November, mit dem sich etwa die Idee der \u201eEurop\u00e4isierung\u201c verbinden l\u00e4\u00dft. Was nicht hei\u00dft, da\u00df man im Osten gegen Europa w\u00e4re \u2013 wohl aber haben viele hier Vorbehalte gegen\u00fcber einem EU-Staat. Der 9. Oktober aber, der allein der Tag der Ostdeutschen ist, pa\u00dft im Westen niemandem ins Konzept.<br \/>\n.<br \/>\nVielleicht wird seine Bedeutung im Westen einfach nicht voll verstanden?<br \/>\nBarbe: Sicher, das auch. Doch geht es schon darum, die ostdeutsche Selbstbefreiung nicht anerkennen zu m\u00fcssen.<br \/>\nWie das? Die Friedliche Revolution gilt doch als \u201edie\u201c Sternstunde der Deutschen.<br \/>\nBarbe: Wenn das so ist, wieso werden die Ostdeutschen dann f\u00fcr politisch r\u00fcckst\u00e4ndig erkl\u00e4rt? W\u00fcrde die Friedliche Revolution tats\u00e4chlich als die gro\u00dfartige demokratische Leistung anerkannt, die sie ist, w\u00e4re ihr Lob nicht nur Lippenbekenntnis, h\u00e4tte man Respekt vor den Ostdeutschen und w\u00fcrde uns hier nicht wie ein politisches Entwicklungsland behandeln.<br \/>\n.<br \/>\nSie spielen auf die Debatte um den j\u00fcngsten AfD-Wahlerfolge an?<br \/>\nBarbe: Es ist uns\u00e4glich, wie die Ostdeutschen wieder als demokratieunf\u00e4hig hingestellt werden. Was ist das anderes als die v\u00f6llige Mi\u00dfachtung der Friedlichen Revolution? Dabei bedeutete diese, da\u00df die Menschen den Mut aufbrachten, f\u00fcr Freiheit und Recht auf die Stra\u00dfe zu gehen, trotz der Angst, verhaftet oder erschossen zu werden. Und als das geschafft war, entstanden \u00fcberall im Land B\u00fcrgerkomitees und Runde Tische.<br \/>\nAber war das nicht nur eine kleine Schicht?<br \/>\nBarbe: Nat\u00fcrlich war das nie die Mehrheit, aber auch im Westen war die nie politisch engagiert. Wohl aber ging es weit \u00fcber uns B\u00fcrgerrechtler hinaus. Ich glaube, im Westen ist bis heute nicht klar, welches Ausma\u00df das hatte! \u00dcberall war Bewegung \u2013 Arbeiter gr\u00fcndeten Gewerkschaften, Eltern demokratisierten die Schulen, Studenten die Unis, B\u00fcrgerkomitees die Verwaltung \u2013 kaum ein Bereich, in dem sich nicht B\u00fcrger einmischten. B\u00fcrgerkomitees l\u00f6sten sogar die Stasi auf! Da wurde nicht einfach nur die Politik demokratisiert, sondern eine komplette Gesellschaft! Und alles selbstgemacht, von Grund auf.<\/p>\n<p>Sie meinen, ohne die fertigen Strukturen, wie im Westen, wo es gen\u00fcgt, ohne selbst nachzudenken einfach mitzumachen?<\/p>\n<p>Barbe: Ich will nicht Ost- und Westdeutsche gegeneinander ausspielen, aber wenn, wie unl\u00e4ngst, zum Beispiel Christian Wolff, ehemaliger Pfarrer der Leipziger Thomaskirche, der erst nach der Friedlichen Revolution aus dem Westen kam, uns nun \u00f6ffentlich belehrt, was Demokratie ist, bleibt mir die Spucke weg!<\/p>\n<p>Wenn also nicht durch das von ihm, den Medien und meisten Politikern diagnostizierte Demokratiedefizit, wie erkl\u00e4ren sich dann die Wahlerfolge der AfD?<br \/>\nBarbe: Sie sind vor allem Ausdruck dessen, da\u00df sich die Ostdeutschen bewahrt haben, was sie 1989 errungen haben \u2013 eine eigene Meinung.<\/p>\n<p>Wenn das stimmt, w\u00e4re das pikant, denn dann entspr\u00e4che das Verhalten der etablierten Parteien und Medien ja dem der SED.<br \/>\nBarbe: Dar\u00fcber sollten die mal nachdenken!<\/p>\n<p>Welche Rolle hat dann die AfD inne?<br \/>\nBarbe: Sie ist der legitime politische Ausdruck jener, die nicht zufrieden sind. Da\u00df das von vielen vor allem im Westen nicht kapiert wird, liegt daran, wie gesagt, da\u00df die Friedliche Revolution nicht verstanden wurde, da\u00df nicht verstanden wird, <em><strong>wie etwa die Selbsterm\u00e4chtigung der Kanzlerin, 2015 die Grenzen zu \u00f6ffnen<\/strong><\/em>, hier gewirkt hat. Die Friedliche Revolution war auch ein Aufstand gegen die Willk\u00fcr, die wir hier vierzig Jahre lang zu f\u00fcrchten hatten. Stets war man von der Laune von SED-Funktion\u00e4ren abh\u00e4ngig, und die Erlangung von Demokratie und Rechtsstaat bedeuten hier deshalb sehr viel! <em><strong>Und dann kommt Frau Merkel und setzt einfach das Recht au\u00dfer Kraft \u2013 und weder Parlament noch Medien schreiten ernstlich ein. Das war ein solcher Schlag ins Gesicht!<\/strong><\/em> Dachten wir doch, die Zeiten, in denen von oben verordnet wurde, h\u00e4tten wir ein f\u00fcr allemal beendet. Und obendrein wurde Kritik daran in die \u201erechte Ecke\u201c geschoben. Dabei entsprang sie vielfach jenem demokratischen Sinn, der 1989 auch die Friedliche Revolution angesto\u00dfen und getragen hat. Und das gleiche gilt nach meiner Ansicht auch f\u00fcr Pegida. Ich habe damals den Rat Bert Brechts befolgt, sich selbst ein Bild zu machen und war \u00fcberrascht, \u00fcber die vielen unterschiedlichen Menschen, die ich dort getroffen habe, \u00fcber die interessanten und durchaus reflektierten Dinge, die sie erz\u00e4hlt haben und auch \u00fcber die zum Teil klugen Spr\u00fcche auf ihren Transparenten.<\/p>\n<p>Sie geh\u00f6rten in der DDR zur B\u00fcrgerrechtsbewegung, zum Umfeld von B\u00e4rbel Bohley, Ulrike Poppe, Jens Reich, Marianne Birthler etc. Mit Markus Meckel und anderen gr\u00fcndeten Sie im Oktober 1989 die Sozialdemokratische Partei (SDP), die sogenannte \u201eOst-SPD\u201c. Weshalb reden Sie heute so ganz anders als Ihre Mitstreiter?<br \/>\nBarbe: Ich rede wie damals: Ich sage, was ist.<br \/>\nWerden Sie von den anderen angefeindet?<br \/>\nBarbe: Nein. Es gibt zwar ein paar, die mich schneiden, aber mehr nicht.<br \/>\nNiemand hat Sie zur Rede gestellt?<br \/>\nBarbe: Nein, allerdings stehen wir heute auch nicht mehr in Kontakt.<br \/>\n.<br \/>\nWarum haben Sie sich damals f\u00fcr die SDP entschieden und nicht f\u00fcr das Neue Forum, das schlie\u00dflich als die politische Hauptorganisation der B\u00fcrgerrechtsbewegung galt?<br \/>\nBarbe: Ich war einfach fasziniert, als mir Martin Gutzeit von der Idee erz\u00e4hlte. Denn zum einen war das Neue Forum damals noch keine Partei, sondern nur eine Gruppe. Doch eine Partei zu gr\u00fcnden, bedeutete die SED erneut herauszufordern. Insbesondere eine sozialdemokratische Partei, f\u00fcr die es n\u00e4mlich nach dem Selbstverst\u00e4ndnis der SED gar keinen Platz gab, schlie\u00dflich sah sie sich ja selbst als die SPD \u2013 als historische Verschmelzung von SPD und KPD, deshalb: Sozialistische Einheitspartei.<br \/>\n.<br \/>\nWarum haben Sie sich nicht gleich SPD genannt?<br \/>\nBarbe: Wir wollten es der SED nicht erm\u00f6glichen, uns als aus dem Westen gesteuert darzustellen. Die Vereinigung mit der SPD kam dann im September 1990, kurz vor der ersten gesamtdeutschen Bundestagswahl. \u00dcbrigens sehr zum \u00c4rger der SED, die n\u00e4mlich plante, sich selbst in SPD umzubenennen.<br \/>\nBitte?<br \/>\nBarbe: Sie wollte ihr schlechtes Image abstreifen. Da wir aber schneller waren, mu\u00dfte sie mit PDS vorliebnehmen: Partei des \u201edemokratischen\u201c Sozialismus. Allerdings f\u00fchrte das Zusammengehen mit der SPD bei mir zu ziemlicher Ern\u00fcchterung, denn nur ein Teil der Partei um Willy Brandt nahm uns mit Freude auf. F\u00fcr den anderen Teil waren wir B\u00fcrgerrechtler zuvor schon nur St\u00f6rfaktor ihrer Beziehung zur SED. Zum Beispiel Walter Momper, Regierender B\u00fcrgermeister der SPD in West-Berlin, der noch im Oktober 1989 forderte, nicht auf uns, die demokratische Opposition zu setzen, sondern auf \u201eReformkr\u00e4fte\u201c in der SED. Unfa\u00dfbar!<br \/>\n.<br \/>\nVielleicht glaubte er nur nicht, da\u00df Sie sich durchsetzen w\u00fcrden?<br \/>\nBarbe: Nein, das hatte seine Ursache in der Freundschaft, die ein Teil der SPD mit der SED-Diktatur geschlossen und die sich sp\u00e4testens mit dem skandal\u00f6sen gemeinsamen SPD-SED-Strategiepapier von 1987 entwickelt hatte.<br \/>\nWer Entspannung will, mu\u00df zu vertrauensvoller Atmosph\u00e4re kommen, so ist das.<br \/>\nBarbe: Entspannung ist ein Geben und Nehmen \u2013 anfreunden mu\u00df man sich daf\u00fcr nicht. Und die SED hielt ihre Versprechen gar nicht, was in der SPD aber einfach hingenommen wurde, weil man die Freundschaft nicht riskieren wollte. Zu Recht hat etwa der ehemalige Bundesminister Dieter Haack, einer der Kritiker dieser Politik in der SPD, Egon Bahr, einem der K\u00f6pfe der Richtung, einmal angebr\u00fcllt: Von deiner Strategie \u201eWandel durch Ann\u00e4herung\u201c ist nur noch die Ann\u00e4herung an die SED geblieben!<br \/>\nIst das fair? Die Neue Ostpolitik hat trotz allem Freir\u00e4ume f\u00fcr die Opposition gebracht. Kein B\u00fcrgerrechtler, der sp\u00e4ter nicht betonte, wie wichtig etwa die KSZE-Verhandlungen gewesen seien.<br \/>\nBarbe: Stimmt, aber ich kritisiere nicht die Ann\u00e4herung an sich, sondern ihre Art. N\u00e4mlich, da\u00df es dem Teil der SPD, der sie betrieb, nicht, wie er behauptete, um Freiheit und Demokratie ging, sondern darum, sich mit der SED anzufreunden \u2013 um mit ihr ein linkes B\u00fcndnis zu schmieden. Ich nenne das Verrat! Und diese Schuld hat die SPD nie aufgearbeitet \u2013 bis heute wird sie verdr\u00e4ngt und beschwiegen.<br \/>\n.<br \/>\n1996 sind Sie aus Protest gegen die Zusammenarbeit mit der PDS ausgetreten.<br \/>\nBarbe: Es ist f\u00fcr mich unfa\u00dfbar, da\u00df ausgerechnet die SPD erm\u00f6glichte, alte SED-Kader wieder in \u00c4mter kommen zu lassen. Leute, die nie ehrlich bereut haben! Etwa Bundestagsvizepr\u00e4sidentin Petra Pau, die als Kader im FDJ-Zentralrat in der DDR die milit\u00e4rische Erziehung an Schulen organisierte, also Kinder Handgranatenattrappen werfen lie\u00df! Und heute gibt sie mit ihrer Partei die Friedensengel! 1989 haben wir geglaubt, diese Leute ein f\u00fcr allemal los zu sein \u2013 heute regieren sie uns wieder. Was f\u00fcr eine Verh\u00f6hnung aller ihrer Opfer!<br \/>\nWie haben Sie sich damals das Jahr Drei\u00dfig nach der DDR vorgestellt?<br \/>\nBarbe: Ich habe nie, wie B\u00e4rbel Bohley, die 1989 im Westen als f\u00fchrende B\u00fcrgerrechtlerin galt, geglaubt, es w\u00e4re m\u00f6glich, die DDR zu reformieren. Ich habe parlamentarische Demokratie und Rechtsstaat f\u00fcr richtig und realistisch gehalten. Und ich habe auch immer ganz selbstverst\u00e4ndlich die Wiedervereinigung gewollt, schlie\u00dflich war Deutschland doch ein Land. Allerdings hat B\u00e4rbel uns gewarnt \u2013 und heute mu\u00df ich sagen, sie hatte recht! Sie prophezeite:<br \/>\n<em>\u201eDie &#8230; Stasi-Strukturen, (die) Methoden, mit denen sie gearbeitet haben &#8230;<br \/>\nAll das wird in die falschen H\u00e4nde geraten.<br \/>\nMan wird sie ein wenig adaptieren, damit sie zu einer freien, westlichen Gesellschaft passen.<br \/>\nMan wird St\u00f6rer nicht unbedingt verhaften, es gibt feinere M\u00f6glichkeiten, unsch\u00e4dlich zu machen.<br \/>\nAber die geheimen Verbote, das Beobachten, der Argwohn, die Angst, das Isolieren und Ausgrenzen, das Brandmarken und mundtotmachen, derer die sich nicht anpassen, wird wiederkommen.<br \/>\nGlaubt mir, man wird Einrichtungen schaffen, die viel effektiver arbeiten, viel feiner als die Stasi.<br \/>\nAuch das st\u00e4ndige L\u00fcgen wird wiederkommen, die Desinformation und der Nebel, in dem alles seine Kontur verliert.\u201c<\/em><br \/>\nIch hielt das damals f\u00fcr v\u00f6llig \u00fcbertrieben. Heute aber staune ich mit gr\u00f6\u00dftem Entsetzen, wie exakt sie doch den Nagel auf den Kopf getroffen hat!<br \/>\n8.11.2019, Angelika Barbe: &#8222;Ein phantastischer Moment&#8220;, Junge Freiheit, Seite 3<br \/>\n.<\/p>\n<p><em><strong>Angelika Barbe,<\/strong><br \/>\ndie Biologin, geboren 1951 in Brandenburg an der Havel, engagierte sich ab 1986 in der DDR-B\u00fcrgerrechtsbewegung. Erst im Friedenskreis Pankow mit Vera Lengsfeld und Freya Klier aktiv, gr\u00fcndete sie 1987 den Johannisthaler Frauenfriedenskreis und stie\u00df 1988 zum Friedenskreis Friedrichsfelde um Reinhard Schult. Am 7. Oktober 1989 gr\u00fcndete sie mit anderen die Sozialdemokratische Partei (SDP), f\u00fcr die sie im April 1990 als Abgeordnete in die erste frei gew\u00e4hlte Volkskammer, das Parlament der DDR, einzog. Nach Vereinigung der SDP mit der SPD war sie von 1990 bis 1994 Abgeordnete des ersten gesamtdeutschen Bundestags und bis 1995 Mitglied im Parteivorstand. Aus Protest gegen eine Zusammenarbeit mit der PDS, der ehemaligen SED, trat sie 1996 zur CDU \u00fcber und gr\u00fcndete mit B\u00e4rbel Bohley, J\u00fcrgen Fuchs und Ehrhart Neubert in Berlin das \u201eB\u00fcrgerb\u00fcro\u201c zur Beratung ehemals politisch Verfolgter. 2000 wurde sie f\u00fcr das Amt des Landesbeauftragten Sachsens f\u00fcr die Stasiunterlagen vorgeschlagen. Bis 2017 war sie bei der S\u00e4chsischen Landeszentrale f\u00fcr politische Bildung t\u00e4tig.<\/em><\/p>\n<p>&nbsp;<\/p>\n<p>&nbsp;<\/p>\n<p><strong>Monika Maron: Zum Mauerfall vor 30 Jahren<\/strong><br \/>\n<strong>Unser galliges Gel\u00e4chter<br \/>\n\u2013 es liegt mir fern, die Bundesrepublik mit der DDR zu vergleichen<\/strong><br \/>\n.<br \/>\n<em>Die Schriftstellerin Monika Maron erinnert sich an den Mauerfall: Jeder, der sprechen wollte, konnte nun sprechen, wer f\u00fcr oder gegen etwas k\u00e4mpfen wollte, konnte das \u00f6ffentlich und ungef\u00e4hrdet tun. Und heute? Da wird Menschen wegen unerw\u00fcnschter Meinungen die Existenz wieder erschwert oder sogar zerst\u00f6rt.<\/em><br \/>\n<em> .<\/em><br \/>\nEs gab nicht viel, was ich vermisst habe, nachdem die DDR im Orkus der Geschichte versunken war. Und was ich h\u00e4tte vermissen k\u00f6nnen, den Bautzener Senf zum Beispiel, gibt es ja heute noch. Nur eins schien mir f\u00fcr immer verloren zu sein, weil es einem an diesen Ort und diese Zeit gebundenen, unentrinnbaren und dem\u00fctigenden Gef\u00fchl der Ohnmacht entsprungen war: <strong>unser galliges Gel\u00e4chter.<\/strong><br \/>\n.<br \/>\nWenn Menschen aus dem Westen mir erz\u00e4hlen, was sie in der DDR erlebt haben \u2013 meistens sind es Geschichten vom Grenz\u00fcbergang, wo sie ein Ohrl\u00e4ppchen herzeigen mussten, oder von Gastst\u00e4ttenbesuchen, wo sie schlecht behandelt wurden und \u00fcber das Wort S\u00e4ttigungsbeilage gelacht haben \u2013, wenn sie mir also diese Geschichten erz\u00e4hlen, frage ich: Und waren Sie auch in Wohnungen? Denn wenn sie nicht in Wohnungen waren, wissen sie nichts. In den Wohnungen sassen wir am Abend und bis in die Nacht, tranken schlechten Wein und lachten auf diese besondere bittere Art.<br \/>\nWir hatten viel Zeit, waren selten verreist, und weil viele kein Telefon hatten, klingelten sie abends an den T\u00fcren ihrer Freunde und waren einfach da. Und dann erz\u00e4hlte man, was man erlebt hatte auf dem Wohnungsamt, mit der Polizei, im Betrieb oder Institut, mit einem Parteisekret\u00e4r, dem Chefredakteur, den Handwerkern, den Taxifahrern, beim Schuhekaufen f\u00fcr die Kinder, und fast alle diese Geschichten waren so absurd, dass man dar\u00fcber nur verzweifeln, vor Wut toben oder dar\u00fcber lachen konnte, w\u00fctend und verzweifelt lachen.<br \/>\n.<br \/>\n<strong>Dieses Gel\u00e4chter<\/strong> war eine Form des Widerstands, es einte uns und zog eine Wand zum Rest der kleinen, f\u00fcr uns bestimmten Welt. Dann \u00f6ffnete sich die Welt und damit verstummte auch dieses Gel\u00e4chter. Jeder, der sprechen wollte, konnte nun sprechen, wer schreiben wollte, konnte schreiben, und wer f\u00fcr oder gegen etwas k\u00e4mpfen wollte, konnte das \u00f6ffentlich und ungef\u00e4hrdet tun. Die Erinnerung an unser galliges Gel\u00e4chter habe ich bewahrt wie die Erinnerung an alles, das sch\u00f6n war in dieser Zeit: die Jugend, Liebe, Freundschaft.<br \/>\n.<br \/>\nAber seit einigen Jahren h\u00f6re ich es wieder, ein b\u00f6ses, hilfloses Lachen, von mir und von anderen, von Ostdeutschen und von Westdeutschen auch. Inzwischen haben wir alle Telefone, sogar mobile, wir haben weniger Zeit und sind oft verreist, wir klingeln nicht einfach bei Freunden, sondern verabreden uns, wir schicken uns Artikel per E-Mail, und wenn wir sie gelesen haben, telefonieren wir, fragen uns gegenseitig, ob die alle irre sind oder wir selbst, und weil wir uns nicht erkl\u00e4ren k\u00f6nnen,<br \/>\n&#8211; warum das alles passiert,<br \/>\n&#8211; warum uns eine genderisierte Sprachverst\u00fcmmelung zugemutet wird,<br \/>\n&#8211; warum Hunderttausende Windr\u00e4der gebaut werden sollen, die den Energiebedarf nicht werden sichern k\u00f6nnen,<br \/>\ngleichzeitig aber auf Elektroautos und -roller gesetzt wird,<br \/>\n&#8211; warum Hunderttausende Einwanderer ins Land gelassen werden, von denen man weiss, dass sie nicht bleiben<br \/>\nd\u00fcrften, man sie aber auch nicht wieder ausser Landes bringen kann,<br \/>\n&#8211; warum uns nun t\u00e4glich mit dem Weltuntergang gedroht wird, obwohl niemand wissen kann, ob er stattfinden wird,<br \/>\nweil wir uns das alles trotz ehrlichem Bem\u00fchen einfach nicht erkl\u00e4ren k\u00f6nnen, verfallen wir nach einigem St\u00f6hnen und ratlosen S\u00e4tzen in <strong>dieses besondere, gallige Gel\u00e4chter<\/strong>.<br \/>\n.<br \/>\nIch habe nicht f\u00fcr m\u00f6glich gehalten, dass mir das noch einmal passiert. Als ich 1988 aus Ostberlin nach Hamburg gezogen bin und bei Zarrentin zum ersten Mal \u00fcber die Grenze fuhr und das Schild mit dem Bundesadler sah, breitete sich in mir das Wort Freiheit zu einem Gl\u00fccksgef\u00fchl aus. Und so war es auch. Ich war frei; frei zu schreiben, zu sprechen, zu leben. Und als ich binnen k\u00fcrzester Zeit mit den Hamburger Gr\u00fcnen und Feministinnen zusammenprallte, war das eine lehrreiche Erfahrung, mehr nicht. Ich ahnte nur, dass das keine wunderbare Freundschaft werden k\u00f6nnte. Aber sie waren nicht das Land, nicht die Zeitungen, nicht der Rundfunk, auch wenn sie da gewiss sassen, aber sie beherrschten sie nicht.<br \/>\nMit dem Verschwinden der DDR war ich von ihr auch literarisch befreit und schrieb einen Roman \u00fcber die Liebe, danach die Geschichte meiner Familie; ich holte nach, wozu mir die Umst\u00e4nde meines Lebens zuvor keinen Atem gelassen hatten. Meine politischen Interventionen und Zwischenrufe, vor allem zu den Asymmetrien der deutschen Vereinigung, schrieb ich f\u00fcr Zeitungen.<br \/>\n.<br \/>\nAls ich 2010 begann, mich f\u00fcr den Islam zu interessieren, ging es mir weniger um den Islam als um den Umgang mit seinen Kritikern, in dem ich ein Muster wiederzuerkennen glaubte. Islamkritiker wie Necla Kelek wurden pl\u00f6tzlich als \u00abheilige Krieger\u00bb und \u00abHassprediger\u00bb beschimpft, als st\u00fcnde es ihnen nicht zu, sich mit ihrer eigenen Herkunft und Kultur auseinanderzusetzen.<br \/>\nSie wurden ihrer eigenen Konflikte beraubt, die nun von der westdeutschen Linken als deren eigene Angelegenheit \u00fcbernommen wurden, so wie auch die Ostdeutschen von ihren Konflikten enteignet wurden, indem jedes Problem, das sie miteinander hatten, in das Konfliktpotenzial westdeutscher Parteien integriert wurde und fortan als Ost-West-Konflikt galt, als w\u00e4ren die Ostdeutschen vierzig Jahre lang eine homogene Masse gewesen.<br \/>\n.<br \/>\nIn den Jahren 2014, als die Pegida zum ersten Mal auf die Dresdener Strassen ging, und 2015, als eine Million Fl\u00fcchtlinge und Einwanderer unkontrolliert die deutschen Grenzen passierten, verwandelten sich diese Konfliktfelder in Kampfzonen, in denen die Begriffe links und rechts endg\u00fcltig bedeutungslos wurden.<br \/>\n.<br \/>\nWer die bis dahin selbstverst\u00e4ndlichen Forderungen der Linken wie die Aufkl\u00e4rung, den s\u00e4kularen Staat und die Frauenrechte verteidigte, fand sich pl\u00f6tzlich auf dem rechten Kampffeld wieder; und meine linken, gr\u00fcnen Feministinnen aus Hamburg verteidigten vermutlich leidenschaftlich das islamische Kopftuch und forderten Verst\u00e4ndnis auch f\u00fcr die hartgesottensten muslimischen Frauenver\u00e4chter, was f\u00fcr mich bedeutet: Sie waren zu Reaktion\u00e4rinnen mutiert, also rechts.<br \/>\nDer Osten avancierte in den Jahren danach von der Mitleids- und Witzfigur der Medien zu ihrer Hassfigur. Die dummen Ostdeutschen, die eben keine Fremden kannten, obwohl sie seit einem Vierteljahrhundert selbst durch die Welt reisten, auch in Dresden ARD und ZDF sehen konnten und die seit 1990 Hunderttausende Sp\u00e4taussiedler aus Russland und Kasachstan aufgenommen hatten.<br \/>\nSie hatten erlebt, wie ihre gut ausgebildeten Kinder in den Westen abwanderten, weil sie im Osten keine Arbeit fanden, und liessen sich nun erz\u00e4hlen, dass schlecht ausgebildete, fremde junge M\u00e4nner als Arbeitskr\u00e4fte gebraucht w\u00fcrden.<br \/>\nSeit 1990 sind f\u00fcnf Millionen Ostdeutsche in den Westen gezogen. Die Jugend, die dem Osten fehlt, lebt im Westen. Auch danach h\u00e4tte man fragen k\u00f6nnen, ehe man ganz Sachsen zum Nazisumpf erkl\u00e4rt und, wie eine Journalistin k\u00fcrzlich stolz verk\u00fcndete, keinen s\u00e4chsischen Apfelsaft mehr kauft. Man h\u00e4tte fragen k\u00f6nnen, was die Menschen pl\u00f6tzlich auf die Strasse treibt, bevor man sie als \u00abbesorgte B\u00fcrger\u00bb l\u00e4cherlich macht, als \u00abAbgeh\u00e4ngte\u00bb diffamiert und \u00fcber den Umweg rechtsradikal und rechtsextrem als Nazis \u00fcber eine Grenze schiebt, die sie vielleicht nie hatten \u00fcbertreten wollen.<br \/>\n.<br \/>\nAber Rechte fragt man nicht, mit Rechten redet man nicht, B\u00fccher von Rechten liest man nicht, Rechten darf man ihre St\u00e4nde auf Buchmessen verw\u00fcsten, Rechten h\u00f6rt man nicht zu und antwortet ihnen nicht \u2013 und wer oder was rechts ist, entscheidet jeder, der sich f\u00fcr links h\u00e4lt. Schon die Frage, ob der Klimawandel wirklich nur menschengemacht ist oder wie viel Einwanderung eine Gesellschaft vertr\u00e4gt, ohne schwerwiegenden Schaden zu nehmen, oder ob dieses Genderkauderwelsch wirklich den Frauen nutzt, kann ausreichen, um rechter Gesinnungsart verd\u00e4chtigt zu werden.<br \/>\nWie es scheint, hat die gr\u00fcn-linke Seite, verst\u00e4rkt durch eine gewandelte CDU, den Kampf um die Deutungshoheit gewonnen um den Preis, dass die AfD zu einer konstanten politischen Kraft geworden ist. Was f\u00fcr ein Sieg!<br \/>\nK\u00fcrzlich erz\u00e4hlte ich einem Freund, ich f\u00fchlte mich beim Schreiben zuweilen wie fr\u00fcher, als ich mein erstes Buch \u00abFlugasche\u00bb geschrieben habe, wieder gedr\u00e4ngt ins Politische, weil es mich jeden Tag umtreibt, und bedr\u00e4ngt von dem Gedanken, was ich mir wohl einbrocke, wenn ich einen Protagonisten meines Buches diesen oder jenen Satz sagen lasse.<br \/>\nDer Freund war emp\u00f6rt: Wie ich die Bundesrepublik mit der DDR vergleichen k\u00f6nne und ob ich noch ganz bei Verstand sei. Es liegt mir fern, die Bundesrepublik mit der DDR zu vergleichen. Weder f\u00fcrchte ich, mein Buch k\u00f6nnte wie in der DDR verboten werden, noch halte ich f\u00fcr m\u00f6glich, dass ich juristisch belangt werden k\u00f6nnte.<br \/>\nUnd trotzdem habe ich dieses Gef\u00fchl.<br \/>\n.<br \/>\nNat\u00fcrlich, Deutschland ist ein Rechtsstaat; darum werden B\u00fccher nicht verboten und Schriftsteller nicht verhaftet. Aber es gibt auch in einem Rechtsstaat M\u00f6glichkeiten, Menschen wegen unerw\u00fcnschter Meinungen die Existenz zu erschweren oder sogar zu zerst\u00f6ren. Wenn Zweifel schon verd\u00e4chtig sind, wenn Fragen als Provokationen wahrgenommen werden, wenn Bedenken als reaktion\u00e4r gelten, wenn im Streit nur eine Partei immer recht hat, k\u00f6nnen einen alte Gef\u00fchle eben \u00fcberkommen. Und dann kann man dar\u00fcber verzweifeln, vor Wut toben oder dar\u00fcber lachen, <strong>unser sch\u00f6nes galliges Gel\u00e4chter.<br \/>\n<\/strong>\u00a0.<br \/>\n&#8230; Alles vom 7.11.2019 von Monika Maron bitte lesen auf<br \/>\n<a href=\"https:\/\/www.nzz.ch\/feuilleton\/monika-maron-es-liegt-mir-fern-die-bundesrepublik-mit-der-ddr-zu-vergleich-ld.1519713?mktcid=nled&amp;mktcval=107_2019--11-07&amp;kid=nl107_2019-11-7\">https:\/\/www.nzz.ch\/feuilleton\/monika-maron-es-liegt-mir-fern-die-bundesrepublik-mit-der-ddr-zu-vergleich-ld.1519713?mktcid=nled&amp;mktcval=107_2019&#8211;11-07&amp;kid=nl107_2019-11-7<\/a><br \/>\n.<br \/>\n<em><strong>Monika Maron<\/strong><\/em><br \/>\n<em>Monika Maron, geb. 1941 in Berlin, ist Schriftstellerin. Studium der Theaterwissenschaft und Kunstgeschichte in Ost-Berlin. Ihr erster Roman \u201eFlugasche\u201c gilt als das \u201eerste Umwelt-Buch der DDR\u201c. Es konnte 1981 wegen des kritischen Inhalts nicht in der DDR erscheinen, sondern nur in Westdeutschland bei S. Fischer. Maron ist u.a. Tr\u00e4gerin des Deutschen Nationalpreises (2009).<\/em><br \/>\n<em>Von der Schriftstellerin Monika Maron ist zuletzt der Roman \u00abMunin oder Chaos im Kopf\u00bb im S.-Fischer-Verlag, Frankfurt am Main, 2018, erschienen.<\/em><br \/>\n<em>Weiterf\u00fchrende Links:<\/em><br \/>\n<a href=\"https:\/\/www.literaturport.de\/Monika.Maron\/\">https:\/\/www.literaturport.de\/Monika.Maron\/<\/a><\/p>\n<p>.<\/p>\n<p><strong>9. November 1989: Das Ende eines Sonderweges<\/strong><br \/>\nIn meiner Kindheit machten wir Anfang der siebziger Jahre Urlaub in der L\u00fcneburger Heide. Wir spazierten zu einer gesprengten Elbbr\u00fccke. Unser Vater wies nach Osten und meinte: \u201eDort dr\u00fcben geht Deutschland weiter.\u201c Ich bin mit dem Bewu\u00dftsein gro\u00dfgeworden, da\u00df die Teilung ein anormaler, gewaltsamer Zustand war.<br \/>\nAb 1983 besuchte ich jedes Jahr unsere kirchliche Partnergemeinde in der DDR und besah die Mauer in Berlin von \u00f6stlicher Seite. Sollte hier unsere Geschichte enden? F\u00fcr die deutsche Einheit zu k\u00e4mpfen h\u00e4tte das wichtigste politische Ziel sein m\u00fcssen \u2013 dachte ich. Doch begegneten uns Lehrer, Pfarrer, Journalisten, Professoren, die in scheinbar gro\u00dfer Mehrheit verk\u00fcndeten: Das Zeitalter der Nationalstaaten sei vorbei, es sei ein Segen, da\u00df Deutschland nicht mehr einen gef\u00e4hrlichen gro\u00dfen Block in der Mitte Europas bilde und den Frieden in Europa nicht mehr bedrohen k\u00f6nne.<br \/>\nBeim Wehrdienst erkl\u00e4rte mir mein Kompaniechef im Sp\u00e4tsommer 1989, als wir \u00fcber die Meldungen von Demonstrationen und Massenflucht aus der DDR sprachen, die Mauer stehe noch in den n\u00e4chsten 50 Jahren. Viele hatten es sich in Westdeutschland behaglich im Schatten der Mauer eingerichtet, auf deren \u00f6stlicher Seite 17 Millionen Deutsche im Spiel des Lebens einfach die Niete gezogen hatten.<br \/>\nMit dieser politischen Windstille war es am 9. November 1989 vorbei. Die Stra\u00dfen waren schwarz vor Menschen, als ich mit Freunden am 10. November in Berlin eintraf. Unb\u00e4ndige Freude brach sich Bahn. Mit der furchtbaren Mauer fiel eine tonnenschwere Last von uns ab. Der <em><strong>\u201eR\u00fcckruf in die Geschichte\u201c<\/strong><\/em> (Karlheinz Wei\u00dfmann) war da.<br \/>\n.<br \/>\n<em><strong>F\u00fcr die erdr\u00fcckende Mehrheit der Deutschen auf beiden Seiten der Mauer stellte sich nie die Frage der Einheit \u2013 sie hatten niemals aufgeh\u00f6rt, sich selbstverst\u00e4ndlich als eine Nation zu verstehen. Das war f\u00fcr Teile der Politischen Klasse, vor allem der Linken, emp\u00f6rend.<\/strong> <\/em>Gerade das hatte man geglaubt, doch \u00fcberwunden zu haben.<br \/>\nDie Wut bei westdeutschen Linksintellektuellen dar\u00fcber, da\u00df die Deutschen in der DDR vor 30 Jahren das von Gorbatschow angesto\u00dfene Tauwetter nutzten und die Mauer \u00fcberrannten, dauert teilweise bis heute an: Ein Echo davon vernehmen wir, wenn aktuell die Rede ist von vermeintlicher \u201eR\u00fcckst\u00e4ndigkeit\u201c der Ostdeutschen, die die Frechheit besitzen, anders zu w\u00e4hlen als ihre aufgekl\u00e4rten, kosmopolitischen Landsleute in Westdeutschland.<br \/>\nWir feiern eigentlich einen doppelten Mauerfall: einerseits den Einsturz der m\u00f6rderischen Grenze, mit der die kommunistische DDR ihre B\u00fcrger einsperrte, andererseits den Zusammenbruch der postnationalen, ahistorischen Illusion eines westeurop\u00e4ischen Sonderweges. Das Wunderbare ist doch: Seit dem 9. November 1989 ist die Geschichte wieder offen.<br \/>\n8.11.2019, Dieter Stein, Junge Freieit, Seite 1<\/p>\n<p>&nbsp;<\/p>\n<p><strong>Roger K\u00f6ppel: Volk ohne Heimat &#8211; EU als Vaterlandsersatz<\/strong><\/p>\n<p>Die Deutschen haben ihren eigenen Untergang \u00fcberlebt und Grossartiges geleistet. Die Wiedervereinigung gelang bewundernswert, doch mit der Mauer fielen alte Sicherheiten. Die Deutschen wirken verwirrt, etwas verloren zwischen nationalen T\u00f6nen aus dem Osten und europ\u00e4ischen Selbstzweifeln im Westen.<br \/>\nVor dreissig Jahren fiel die Mauer. Deutschland hat sich wiedervereinigt. Entgegen landl\u00e4ufigen Bef\u00fcrchtungen kam es nicht zum R\u00fcckfall in Nationalismus und Machtbetrunkenheit.<br \/>\n&#8230;<br \/>\nInsgesamt ist Deutschland ein Ph\u00e4nomen der T\u00fcchtigkeit, ein \u00dcberlebenswunder. Die Deutschen waren die Architekten ihres Untergangs, den sie schliesslich \u00fcberwanden. 1945 lag das Land in Tr\u00fcmmern. Schon 1961 hatten sie die Briten an Wohlstand \u00fcberholt. Das war ironischerweise auch deshalb m\u00f6glich, weil der alles wegr\u00e4umende Bombenkrieg den Deutschen die Chance einer umfassenden industriellen Modernisierung gab, w\u00e4hrend die Siegerm\u00e4chte Frankreich und Grossbritannien auf ihren unzerst\u00f6rten rostenden Fabriken sitzenblieben.<br \/>\n.<br \/>\nZur Niederlage kam die Schande: Nach der Katastrophe von Hitlers nationalem Gr\u00f6ssenwahn durften die Deutschen nicht mehr Deutsche sein. Also halfen sie mit, die EU zu erfinden, um dann als Europ\u00e4er, entgiftet, auf die B\u00fchne zur\u00fcckzukehren. <em><strong>Seither ist das vereinigte Europa, im Westen, f\u00fcr die Deutschen eine Art Vaterlandsersatz.<\/strong><\/em> Das erkl\u00e4rt ihre fast religi\u00f6se Bereitschaft, Unmengen an Geld in dieses Projekt zu investieren, das viele Deutsche zwar l\u00e4ngst als Fehlkonstrukt durchschauen, f\u00fcr das sie aber trotzdem weiterzahlen, weil es ein unverzichtbarer Bestandteil ihres Wesens und kein alternatives Identit\u00e4tsangebot in Sicht ist.<br \/>\n&#8230; Alles vom 6.11.2019 von Roger K\u00f6ppel bitte lesen auf<br \/>\n<a href=\"https:\/\/www.weltwoche.ch\/ausgaben\/2019-45\/artikel\/volk-ohne-heimat-die-weltwoche-ausgabe-45-2019.html\">https:\/\/www.weltwoche.ch\/ausgaben\/2019-45\/artikel\/volk-ohne-heimat-die-weltwoche-ausgabe-45-2019.html<\/a><\/p>\n","protected":false},"excerpt":{"rendered":"<p>Home\u00a0&gt;Engagement\u00a0&gt;Zukunft\u00a0&gt;Demokratie\u00a0&gt;Global\u00a0&gt;Deutschland &gt;Mauerfall1989 Listenauswahl eines Beitrags: Bitte anklicken oder runterscrollen Die DDR verschwand 1990 \u2013 Ihre Funktion\u00e4re auch?\u00a0(31.8.2026) Plauen 7.10.1989 Demo 8.8.2026\u00a0(8.8.2026) Schicksalstag 9. November 1989\u00a0(14.11.2025) 9. November \u2013 Vier Schicksalstage der Deutschen\u00a0(11.11.2025) Rede zum 9. November: Steinmeier \u00fcberschreitet die Grenzen &hellip; <a href=\"https:\/\/www.freiburg-schwarzwald.de\/blog\/global\/deutschland\/mauerfall1989\/\">Weiterlesen <span class=\"meta-nav\">&rarr;<\/span><\/a><\/p>\n","protected":false},"author":2,"featured_media":0,"parent":62490,"menu_order":0,"comment_status":"open","ping_status":"closed","template":"","meta":{"footnotes":""},"class_list":["post-75786","page","type-page","status-publish","hentry"],"_links":{"self":[{"href":"https:\/\/www.freiburg-schwarzwald.de\/blog\/wp-json\/wp\/v2\/pages\/75786","targetHints":{"allow":["GET"]}}],"collection":[{"href":"https:\/\/www.freiburg-schwarzwald.de\/blog\/wp-json\/wp\/v2\/pages"}],"about":[{"href":"https:\/\/www.freiburg-schwarzwald.de\/blog\/wp-json\/wp\/v2\/types\/page"}],"author":[{"embeddable":true,"href":"https:\/\/www.freiburg-schwarzwald.de\/blog\/wp-json\/wp\/v2\/users\/2"}],"replies":[{"embeddable":true,"href":"https:\/\/www.freiburg-schwarzwald.de\/blog\/wp-json\/wp\/v2\/comments?post=75786"}],"version-history":[{"count":6,"href":"https:\/\/www.freiburg-schwarzwald.de\/blog\/wp-json\/wp\/v2\/pages\/75786\/revisions"}],"predecessor-version":[{"id":153370,"href":"https:\/\/www.freiburg-schwarzwald.de\/blog\/wp-json\/wp\/v2\/pages\/75786\/revisions\/153370"}],"up":[{"embeddable":true,"href":"https:\/\/www.freiburg-schwarzwald.de\/blog\/wp-json\/wp\/v2\/pages\/62490"}],"wp:attachment":[{"href":"https:\/\/www.freiburg-schwarzwald.de\/blog\/wp-json\/wp\/v2\/media?parent=75786"}],"curies":[{"name":"wp","href":"https:\/\/api.w.org\/{rel}","templated":true}]}}