{"id":75417,"date":"2019-10-22T19:27:44","date_gmt":"2019-10-22T17:27:44","guid":{"rendered":"https:\/\/www.freiburg-schwarzwald.de\/blog\/?page_id=75417"},"modified":"2026-01-17T18:38:28","modified_gmt":"2026-01-17T17:38:28","slug":"bauern-protest","status":"publish","type":"page","link":"https:\/\/www.freiburg-schwarzwald.de\/blog\/natur\/landwirt\/bauern-protest\/","title":{"rendered":"Bauern-Protest"},"content":{"rendered":"<p><a href=\"https:\/\/www.freiburg-schwarzwald.de\/blog\">Home<\/a>\u00a0&gt;<a title=\"Natur\" href=\"https:\/\/www.freiburg-schwarzwald.de\/blog\/natur\/\">Natur<\/a>\u00a0&gt;<a title=\"Landwirt\" href=\"https:\/\/www.freiburg-schwarzwald.de\/blog\/natur\/landwirt\/\">Landwirt<\/a>\u00a0&gt;<a title=\"Ernaehrung\" href=\"https:\/\/www.freiburg-schwarzwald.de\/blog\/natur\/ernaehrung\/\">Ern\u00e4hrung<\/a> &gt;Bauern-Protest<\/p>\n<div id=\"attachment_75260\" style=\"width: 608px\" class=\"wp-caption alignnone\"><a href=\"https:\/\/www.freiburg-schwarzwald.de\/blog\/kultur\/internet\/darknet\/oberried-weilersbach-pan201910\/\" rel=\"attachment wp-att-75260\"><img loading=\"lazy\" decoding=\"async\" aria-describedby=\"caption-attachment-75260\" class=\"size-full wp-image-75260\" src=\"https:\/\/www.freiburg-schwarzwald.de\/blog\/wp-content\/uploads\/2019\/10\/oberried-weilersbach-pan201910.jpg\" alt=\"Blick nach S\u00fcden 9\/2019 \u00fcber Weilersbach auf Oberried im Schwarzwald\" width=\"598\" height=\"278\" srcset=\"https:\/\/www.freiburg-schwarzwald.de\/blog\/wp-content\/uploads\/2019\/10\/oberried-weilersbach-pan201910.jpg 598w, https:\/\/www.freiburg-schwarzwald.de\/blog\/wp-content\/uploads\/2019\/10\/oberried-weilersbach-pan201910-180x83.jpg 180w\" sizes=\"auto, (max-width: 598px) 100vw, 598px\" \/><\/a><p id=\"caption-attachment-75260\" class=\"wp-caption-text\">Blick nach S\u00fcden 9\/2019 \u00fcber Weilersbach auf Oberried im Schwarzwald<\/p><\/div>\n<p>&nbsp;<\/p>\n<ul>\n<li><em>Listenauswahl eines Beitrags (Artikel\/Datum, Seite\/Inhalt):\u00a0<span style=\"text-decoration: underline;\">Klicken<\/span>\u00a0oder scrollen<\/em><\/li>\n<li><a href=\"https:\/\/www.freiburg-schwarzwald.de\/blog\/global\/eu\/mercosur\/\">Mercosur-Abkommen und EU-Handelspolitik<\/a>\u00a0(17.1.2026)<\/li>\n<li>Nach Mercosur-Abkommen: Ostdeutsche Bauern protestieren und machen gegen EU-Deal mobil (10.1.2026)<\/li>\n<li>Achgut und die Bauernproteste (19.12.202)<\/li>\n<li><a href=\"https:\/\/www.freiburg-schwarzwald.de\/blog\/engagement\/verbraucher\/steuern\/co2-steuer\/\">Deutschlands Klimavorreiter-Wahn: Milliardenbu\u00dfen f\u00fcr CO2<\/a>\u00a0(6.12.2025)<\/li>\n<li><a href=\"https:\/\/www.freiburg-schwarzwald.de\/blog\/bauernhof\/baldenwegerhof\/\">Betreiber des Baldenweger Hofs in Stegen: \u201eVor allem Hasen und H\u00fchner werden geklaut\u201c<\/a>\u00a0(15.11.2025)<\/li>\n<li><a href=\"https:\/\/www.freiburg-schwarzwald.de\/blog\/selbsthilfe\/jugend\/jugend-protest\/\">Die Jugend sollte auf die Stra\u00dfe gehen und gegen diese Politik protestieren<\/a>\u00a0(18.5.2025)<\/li>\n<li><a href=\"https:\/\/www.freiburg-schwarzwald.de\/blog\/natur\/landwirt\/schwarzwaldbauern\/\">Weihnachtsgedanken 2024 \u2013 Schwarzwaldbauern<\/a>\u00a0(18.12.2024)<\/li>\n<li><a href=\"https:\/\/www.freiburg-schwarzwald.de\/blog\/bauern-demo-23-11-2024-berlin\/\">Bauern-Demo 23.11.2024 Berlin<\/a> (23.11.2024)<\/li>\n<li><a href=\"https:\/\/www.freiburg-schwarzwald.de\/blog\/katholische-kirche-vs-bauern\/\">Katholische Kirche vs. Bauern<\/a>\u00a0(26.10.2024)<\/li>\n<li><a href=\"https:\/\/www.freiburg-schwarzwald.de\/blog\/regio\/orte\/oberibental\/\">Agrarpolitik f\u00fcr Bergbauern (wie den Luxhof) und Gro\u00dfbauern trennen<\/a> (8.5.2024)<\/li>\n<li>Bauern-Proteste: Mist auf die Autobahn (30.2.2024)<\/li>\n<li>Bauern-Proteste: Es geht gegen eine willk\u00fcrliche Politik (8.3.2024)<\/li>\n<li><a href=\"https:\/\/www.freiburg-schwarzwald.de\/blog\/schwarzwaldbauern-offener-brief\/\">Schwarzwaldbauern: Offener Brief<\/a> (21.2.2024)<\/li>\n<li><a href=\"https:\/\/www.freiburg-schwarzwald.de\/blog\/global\/eu\/eu-agrar\/\">Bauern-Proteste: EU-Politik zerst\u00f6rt die Landwirtschaft<\/a> (20.2.2024)<\/li>\n<li>B\u00fcrgerdialog im Rebberg Buchholz\/Sexau (19.2.2024)<\/li>\n<li><a href=\"https:\/\/www.freiburg-schwarzwald.de\/blog\/natur\/landwirt\/agrar\/\">EU gibt Bauern-Protesten nach<\/a> (17.2.2024)<\/li>\n<li><a href=\"https:\/\/www.freiburg-schwarzwald.de\/blog\/kultur\/medien\/kampf-gegen-gruene\/\">Biberach: Bauern gegen Gr\u00fcnen-Parteitag<\/a>\u00a0(15.2.2024)<\/li>\n<li><a href=\"https:\/\/www.freiburg-schwarzwald.de\/blog\/engagement\/buergerinitiativen\/demo\/demos-gegen-rechts\/\">Aufstand der Gratismutigen: Demos \u201egegen rechts\u201c vs Bauernproteste<\/a> (10.2.2024)<\/li>\n<li>Liebe Bauern, lasst Euch nicht beirren! (7.2.2024)<\/li>\n<li>Das Lied zum Bauernprotest: &#8222;Das lassen wir nicht mehr zu!\u201c (3.2.2024)<\/li>\n<li><a href=\"https:\/\/www.freiburg-schwarzwald.de\/blog\/bauernproteste-gegen-ampel\/\">Bauernproteste gegen Ampel<\/a>\u00a0(2.2.2024)<\/li>\n<li><a href=\"https:\/\/www.freiburg-schwarzwald.de\/blog\/global\/france\/frankreich2022\/\">Bauernproteste im Elsass: \u201eDie Blockade in Stra\u00dfburg ist ein starkes Signal\u201c<\/a>\u00a0(1.2.2024)<\/li>\n<li>Medien ignorieren Bauernproteste \u2013 obwohl die sogar Hamburger Hafen und Stuttgarter Autobahn lahmlegen (31.1.2024)<\/li>\n<li>Angeblich Lautst\u00e4rkegrenze \u00fcberschritten: Bauern in Sachsen drohen hohe Bu\u00dfgeldstrafen (31.1.2024)<\/li>\n<li>F\u00fcr Bauernproteste haben viele Menschen (ca 80 %) Verst\u00e4ndnis (19.1.2024)<\/li>\n<li><a href=\"https:\/\/www.freiburg-schwarzwald.de\/blog\/engagement\/buergerinitiativen\/demo\/demos-gegen-rechts\/\">Ulrike Gu\u00e9rot: Demos \u201egegen rechts\u201c tragen faschistische Elemente<\/a>\u00a0(28.1.2024)<\/li>\n<li>Bauern und B\u00fcrger &#8211; Die wertsch\u00f6pfende Mitte meldet sich zu Wort (27.1.2024)<\/li>\n<li>Bauerndemos: LSV Staffelfahrt 27.1.-7.2.2024 zu 13 Hauptst\u00e4dten in D (26.1.2024)<\/li>\n<li><a href=\"https:\/\/www.freiburg-schwarzwald.de\/blog\/engagement\/buergerinitiativen\/demo\/demos-gegen-rechts\/\">Demos \u201egegen rechts\u201c \u2013 Demos der Bauern<\/a> (24.1.2024)<\/li>\n<li><a href=\"https:\/\/www.freiburg-schwarzwald.de\/blog\/demonstrationen-gegen-rechts\/\">Demonstrationen gegen rechts<\/a>\u00a0(23.1.2024)<\/li>\n<li><a href=\"https:\/\/www.freiburg-schwarzwald.de\/blog\/natur\/landwirt\/landwirtschaft\/\">Bauernproteste \u2013 Erwerbsbetriebe \u2013 Einkommen<\/a>\u00a0(17.1.2024)<\/li>\n<li><a href=\"https:\/\/www.freiburg-schwarzwald.de\/blog\/mittelstand-lost-ampel-woke\/\">Mittelstand lost &#8211; Ampel woke<\/a> (17.1.2024)<\/li>\n<li><a href=\"https:\/\/www.freiburg-schwarzwald.de\/blog\/business\/industrie\/mittelstand\/mittelstand-proteste\/\">Der Bauernprotest mobilisiert den Mittelstand<\/a> (16.1.2024)<\/li>\n<li><a href=\"https:\/\/www.freiburg-schwarzwald.de\/blog\/bauern-demo-berlin-15-1-2024\/\">Bauern-Demo Berlin 15.1.2024<\/a>\u00a0(15.1.2024)<\/li>\n<li><a href=\"https:\/\/www.freiburg-schwarzwald.de\/blog\/kultur\/kulturverlust\/woke-lost\/\">Der neue P\u00f6belaufstand, bei dem keine Gefangenen gemacht werden<\/a>\u00a0(15.1.2024)<\/li>\n<li><a href=\"https:\/\/www.freiburg-schwarzwald.de\/blog\/bauern-demo-auf-muensterplatz\/\">Bauern-Demo auf M\u00fcnsterplatz<\/a>\u00a0(12.1.2024)<\/li>\n<li>Bauernproteste gehen weiter: Immer mehr Branchen schlie\u00dfen sich den Landwirten an (12.1.2024)<\/li>\n<li><a href=\"https:\/\/www.freiburg-schwarzwald.de\/blog\/die-angst-vor-den-bauern\/\">Die Angst vor den Bauern<\/a>\u00a0(10.1.2024)<\/li>\n<li><a href=\"https:\/\/www.freiburg-schwarzwald.de\/blog\/natur\/ernaehrung\/nahrungsmittel\/\">Das Nahrungsmittelmonopol \u2013 Agenda 2030 des WEF<\/a>\u00a0(9.1.2024)<\/li>\n<li><a href=\"https:\/\/www.freiburg-schwarzwald.de\/blog\/bauernproteste-8-1-in-freiburg\/\">Bauernproteste 8.1. in Freiburg<\/a>\u00a0(8.1.2024)<\/li>\n<li><a href=\"https:\/\/www.freiburg-schwarzwald.de\/blog\/natur\/landwirt\/bauern-protest\/berlin8jan2024\/\">Traktoren haben Bauern und Kinder<\/a> (8.1.2024)<\/li>\n<li><a href=\"https:\/\/www.freiburg-schwarzwald.de\/blog\/natur\/landwirt\/bauern-protest\/berlin8jan2024\/\">The Power of the Bauer<\/a>\u00a0(7.1.2024)<\/li>\n<li><a href=\"https:\/\/www.freiburg-schwarzwald.de\/blog\/natur\/landwirt\/bauern-rechts\/\">Nat\u00fcrlich sind Bauern rechts, was denn sonst?<\/a> (6.1.2024)<\/li>\n<li><a href=\"https:\/\/www.freiburg-schwarzwald.de\/blog\/natur\/landwirt\/bauern-protest\/berlin8jan2024\/\">Prof. Schwab: Wer sind im Sinne des Bauernverbands \u201eSchwachk\u00f6pfe\u201c und \u201eSpinner\u201c?<\/a>\u00a0(27.12.2023)<\/li>\n<li><a href=\"https:\/\/www.freiburg-schwarzwald.de\/blog\/natur\/landwirt\/bauern-protest\/berlin8jan2024\/\">Marc Friedrich und Antony Lee zu den Bauernprotesten im Januar 2024<\/a> (26.12.2023)<\/li>\n<li>Bauernproteste &#8211; Meine Sichtweise (19.12.2023)<\/li>\n<li><a href=\"https:\/\/www.freiburg-schwarzwald.de\/blog\/bauern-aufstand-gegen-ampel\/\">Bauern-Aufstand gegen Ampel<\/a> (18.12.2023)<\/li>\n<li>Anthony Lee, Landwirte-Sprecher (LsV): Abschaffung der\u00a0 Versorgungssicherheit (21.10.2023)<\/li>\n<li><a href=\"https:\/\/www.freiburg-schwarzwald.de\/blog\/erntedank-schwarzwaldbauern\/\">Erntedank Schwarzwaldbauern<\/a>\u00a0(15.9.2023)<\/li>\n<li>WHO: Wann kommt der Bauernaufstand? (12.9.2023)<\/li>\n<li><a href=\"https:\/\/www.freiburg-schwarzwald.de\/blog\/natur\/ernaehrung\/getreide\/\">Wutrede eines weizen-anbauenden Landwirts<\/a>\u00a0(2.8.2023)<\/li>\n<li><a href=\"https:\/\/www.freiburg-schwarzwald.de\/blog\/global\/eu\/green-deal\/\">Landwirt Anthony-Robert Lee zu Green-Deal und \u00d6zdemir<\/a> (18.7.2023)<\/li>\n<li><a href=\"https:\/\/www.freiburg-schwarzwald.de\/blog\/bauerntag-jammern-von-oben\/\">Bauerntag: Jammern von oben<\/a>\u00a0(8.7.2023)<\/li>\n<li>Der Bauer und sein Klima (21.4.2023)<\/li>\n<li>LSV: \u201eWir sterben gerade wie die Fliegen\u201c (24.12.2022)<\/li>\n<li><a href=\"https:\/\/www.freiburg-schwarzwald.de\/blog\/landwirte-zu-weihnachten\/\">Landwirte zu Weihnachten<\/a>\u00a0(21.12.2022)<\/li>\n<li>Bauernproteste: Milchb\u00e4uerin Skrolly und Bauernfr\u00fchst\u00fcck (22.9.2022)<\/li>\n<li><a href=\"https:\/\/www.freiburg-schwarzwald.de\/blog\/natur\/landwirt\/blhv\/\">BLHV-Bauernpr\u00e4sident fordert Landwirte zum Umdenken auf<\/a>\u00a0(20.9.2022)<\/li>\n<li>Anthony-Robert Lee: &#8222;Wir k\u00f6nnen uns nicht mehr ern\u00e4hren\u201c (24.8.2022)<\/li>\n<li><a href=\"https:\/\/www.freiburg-schwarzwald.de\/blog\/natur\/landwirt\/agrar\/\">Julian Reichelt: Landwirte \u2013 Feind der Gr\u00fcnen<\/a>\u00a0(17.8.2022)<\/li>\n<li><a href=\"https:\/\/www.freiburg-schwarzwald.de\/blog\/global\/niederlande\/\">Niederlande: Streit zwischen Landwirten und Regierung nimmt kein Ende<\/a> (5.8.22)<\/li>\n<li><a href=\"https:\/\/www.freiburg-schwarzwald.de\/blog\/weizen-in-d-nicht-brotbackfaehig\/\">Weizen in D nicht brotbackf\u00e4hig<\/a>\u00a0(29.7.2022)<\/li>\n<li><a href=\"https:\/\/www.freiburg-schwarzwald.de\/blog\/global\/niederlande\/\">Bauernproteste in den Niederlanden<\/a>\u00a0(29.7.2022)<\/li>\n<li><a href=\"https:\/\/www.freiburg-schwarzwald.de\/blog\/mit-oekologie-in-die-hungersnot\/\">Mit \u00d6kologie in die Hungersnot<\/a>\u00a0(23.4.2022)<\/li>\n<li><a href=\"https:\/\/www.freiburg-schwarzwald.de\/blog\/natur\/landwirt\/kommune\/\">Schafhof St. Peter: Wie lebt es sich in einer Kommune?<\/a>\u00a0(11.9.2021)<\/li>\n<li>Freiebauern.de: \u00d6ko &#8211; G\u00e4nsebl\u00fcmchenwiese mit Streichelzoo bringt nichts (20.8.2021)<\/li>\n<li>Warum nun auch Landwirte Frau Merkel abkanzeln (14.2.2021)<\/li>\n<li>Schill (BLHV): &#8222;Die meisten wissen, dass es so nicht weiter geht&#8220; (24.2.2020)<\/li>\n<li>Bauern-Demo in Westfalen gegen Verunglimpfung\u00a0durch\u00a0WDR\u00a0 (21.1.2020)<\/li>\n<li>Land schafft Verbindung: Bauernprotest in Berlin (29.11.2019)<\/li>\n<li><a title=\"Gelbwesten F \u2013 Gr\u00fcnkreuze D\" href=\"https:\/\/www.freiburg-schwarzwald.de\/blog\/gelbwesten-f-gruenkreuze-d\/\">Gelbwesten F &#8211; Gr\u00fcnkreuze D<\/a> (28.11.2019)<\/li>\n<li>Agrarlobby sollte Interessen im Dialog mit der Gesellschaft diskutieren (15.11.2019)<\/li>\n<li>Bauernproteste: \u201eHoffentlich dreht keiner durch\u201c (1.11.2019)<\/li>\n<li>S\u00fcdbadische Landwirte protestieren am M\u00fcnsterplatz in Freiburg (22.10.2019)<\/li>\n<li>Land schafft Verbindung &#8211; Demos am 22.10.2019<\/li>\n<li>700 Landwirte demonstrierten (22.10.2019)<\/li>\n<li>Bauernproteste in Deutschland: \u201eSie s\u00e4en und ernten nicht, aber wissen alles besser\u201c (22.10.2019)<\/li>\n<li><strong><a title=\"Landwirt\" href=\"https:\/\/www.freiburg-schwarzwald.de\/blog\/natur\/landwirt\/\">Dirk Maxeiner: Ernte-Dank an Jungbauern, Agrarforschern und Food-Importeure<\/a>\u00a0(20.10.2010)<\/strong><\/li>\n<\/ul>\n<ul>\n<li><a href=\"https:\/\/www.freiburg-schwarzwald.de\/dorf.htm\">D\u00f6rfer<\/a>\u00a0&gt;Dorf<\/li>\n<li><a href=\"https:\/\/www.freiburg-schwarzwald.de\/blog\/natur\/landwirt\/bauern-rechts\/\">Bauern-rechts<\/a><\/li>\n<li><a title=\"Bergbauern\" href=\"https:\/\/www.freiburg-schwarzwald.de\/blog\/natur\/landwirt\/bergbauern\/\">Bergbauern<\/a><\/li>\n<li><a href=\"https:\/\/www.freiburg-schwarzwald.de\/blog\/natur\/landwirt\/bauern-protest\/berlin8jan2024\/\">Berlin8Jan2024: Bauern-Proteste, Streiks<\/a><\/li>\n<li><a href=\"https:\/\/www.freiburg-schwarzwald.de\/blog\/engagement\/verbraucher\/steuern\/co2-steuer\/\">CO2-Steuer<\/a><\/li>\n<li><a href=\"https:\/\/www.freiburg-schwarzwald.de\/blog\/engagement\/buergerinitiativen\/demo\/demos-gegen-rechts\/\">Demos-gegen-rechts<\/a><\/li>\n<li><a href=\"https:\/\/www.freiburg-schwarzwald.de\/blog\/global\/eu\/eu-agrar\/\">EU-agrar<\/a><\/li>\n<li><a href=\"https:\/\/www.freiburg-schwarzwald.de\/bergbauern.htm#Freiwilligenhilfe%20auf%20Almwirtschaften\">Freiwilligenhilfe auf Almwirtschaften<\/a>\u00a0&gt;Bergbauern<\/li>\n<li><a href=\"https:\/\/www.freiburg-schwarzwald.de\/proschwarzwaldbauern.htm\">Forum Pro Schwarzwaldbauern \u2013 Verein<\/a>\u00a0&gt;ProSchwarzwaldbauern<\/li>\n<li><a href=\"https:\/\/www.freiburg-schwarzwald.de\/blog\/global\/eu\/green-deal\/\">Green-Deal<\/a><\/li>\n<li><a href=\"https:\/\/www.freiburg-schwarzwald.de\/schoenenberg-grenzsteine.htm\">Gemarkungsgrenzen, Grenzsteine, Flur<\/a>\u00a0&gt;Schoenenberg-Grenzsteine<\/li>\n<li><a href=\"https:\/\/www.freiburg-schwarzwald.de\/blog\/selbsthilfe\/jugend\/jugend-protest\/\">Jugend-Protest<\/a><\/li>\n<li><a href=\"https:\/\/www.freiburg-schwarzwald.de\/blog\/kultur\/medien\/kampf-gegen-gruene\/\">Kampf-gegen-Gr\u00fcne<\/a><\/li>\n<li><a title=\"Kleinbauern\" href=\"https:\/\/www.freiburg-schwarzwald.de\/blog\/natur\/landwirt\/kleinbauern\/\">Kleinbauern<\/a><\/li>\n<li><a href=\"https:\/\/www.freiburg-schwarzwald.de\/landwirt.htm\">Landwirtschaft im Hochschwarzwald<\/a>\u00a0&gt;Landwirt<\/li>\n<li><a href=\"https:\/\/www.freiburg-schwarzwald.de\/hirtenbuben.htm\">Hirtenbuben fr\u00fcher<\/a>\u00a0&gt;Hirtenbuben<\/li>\n<li><a title=\"BLHV\" href=\"https:\/\/www.freiburg-schwarzwald.de\/blog\/natur\/landwirt\/blhv\/\">BLHV<\/a>\u00a0&gt;BLHV<\/li>\n<li><a href=\"https:\/\/www.freiburg-schwarzwald.de\/blog\/natur\/landwirt\/kommune\/\">Kommune<\/a><\/li>\n<li><a href=\"https:\/\/www.freiburg-schwarzwald.de\/blog\/natur\/landwirt\/landwirtschaft\/\">Landwirtschaft<\/a><\/li>\n<li><a href=\"https:\/\/www.freiburg-schwarzwald.de\/blog\/business\/industrie\/mittelstand\/mittelstand-proteste\/\">Mittelstand-Proteste<\/a><\/li>\n<li><a href=\"https:\/\/www.freiburg-schwarzwald.de\/blog\/natur\/ernaehrung\/nahrungsmittel\/\">Nahungsmittel<\/a><\/li>\n<li><a href=\"https:\/\/www.freiburg-schwarzwald.de\/meine-landwirtschaft.htm\">Meine-Landwirtschaft \u2013 Kampagne<\/a>\u00a0&gt;Meine-Landwirtschaft<\/li>\n<li><a href=\"https:\/\/www.freiburg-schwarzwald.de\/blog\/global\/niederlande\/\">Niederlande<\/a><\/li>\n<li><a title=\"Obstbau\" href=\"https:\/\/www.freiburg-schwarzwald.de\/blog\/natur\/landwirt\/obstbau\/\">Obstbau<\/a><\/li>\n<li><a href=\"https:\/\/www.freiburg-schwarzwald.de\/hoefener.htm#Wald-%20und%20Weidegenossenschaft%20H%C3%B6fener%20H%C3%BCtte\">Wald- und Weidegenossenschaft H\u00f6fener H\u00fctte<\/a>\u00a0&gt;Hoefener<\/li>\n<li><a href=\"https:\/\/www.freiburg-schwarzwald.de\/stwilhelmer.htm#Weidegenossenschaft%20Kirchzarten%20-%20St.Wilhelmer%20H%C3%BCtte\">Weidegenossenschaft Kirchzarten \u2013 St.Wilhelmer H\u00fctte<\/a>\u00a0&gt;StWilhelmer<\/li>\n<li><a title=\"Weinbau\" href=\"https:\/\/www.freiburg-schwarzwald.de\/blog\/natur\/landwirt\/weinbau\/\">Weinbau<\/a><\/li>\n<li><a href=\"https:\/\/www.freiburg-schwarzwald.de\/stollenbacher.htm#Weidegenossenschaft%20Oberried\">Weidegenossenschaft Oberried<\/a>\u00a0&gt;Stollenbacher<\/li>\n<li><a href=\"https:\/\/www.freiburg-schwarzwald.de\/bergbauern#Weideverband\">Weide- und Landschaftspflegezweckverband<\/a><\/li>\n<li><a title=\"Wiese\" href=\"https:\/\/www.freiburg-schwarzwald.de\/blog\/natur\/landwirt\/wiese\/\">Wiese<\/a><\/li>\n<li><a href=\"https:\/\/www.freiburg-schwarzwald.de\/bergbauern#ZALP%20-%20Internetseite%20der%20%C3%84lplerinnen%20und%20%C3%84lpler\">ZALP \u2013 Internetseite der \u00c4lplerinnen und \u00c4lpler<\/a><\/li>\n<li><a href=\"https:\/\/www.freiburg-schwarzwald.de\/bergbauern#Links\">Links<\/a><\/li>\n<\/ul>\n<div id=\"attachment_119800\" style=\"width: 650px\" class=\"wp-caption alignnone\"><a href=\"https:\/\/www.freiburg-schwarzwald.de\/blog\/wp-content\/uploads\/2024\/01\/bauernproteste-schachspiel-pan240115.jpg\"><img loading=\"lazy\" decoding=\"async\" aria-describedby=\"caption-attachment-119800\" class=\"size-full wp-image-119800\" src=\"https:\/\/www.freiburg-schwarzwald.de\/blog\/wp-content\/uploads\/2024\/01\/bauernproteste-schachspiel-pan240115.jpg\" alt=\"\" width=\"640\" height=\"361\" srcset=\"https:\/\/www.freiburg-schwarzwald.de\/blog\/wp-content\/uploads\/2024\/01\/bauernproteste-schachspiel-pan240115.jpg 640w, https:\/\/www.freiburg-schwarzwald.de\/blog\/wp-content\/uploads\/2024\/01\/bauernproteste-schachspiel-pan240115-180x102.jpg 180w\" sizes=\"auto, (max-width: 640px) 100vw, 640px\" \/><\/a><p id=\"caption-attachment-119800\" class=\"wp-caption-text\">Bauernproteste 1\/2024 und Schachspiel: Am Ende verliert der K\u00f6nig<\/p><\/div>\n<p><strong>Bauern-Proteste ohne Gegendemonstrationen<\/strong><br \/>\nInteressant ist ja, da\u00df die Demonstrationen durch keinerlei <a href=\"https:\/\/www.freiburg-schwarzwald.de\/blog\/engagement\/buergerinitiativen\/demo\/gegendemonstration\/\">Gegendemonstrationen<\/a> der Antifa oder \u00e4hnlicher Unterst\u00fctzungextremisten der Ampel gest\u00f6rt wurden. Das liegt wohl daran, da\u00df sie mit den Bauern einen der wenigen noch wehrhaften Berufsst\u00e4nde gegen sich gehabt h\u00e4tten. Da war wohl das Risiko zu gro\u00df, eins auf die M\u00fctze zu bekommen.<br \/>\nKlaus Weber, Tichys Einblick 03\/2024, Seite 25.<br \/>\n========================================================<br \/>\n.<\/p>\n<p>&nbsp;<\/p>\n<p><strong>Nach Mercosur-Abkommen: Ostdeutsche Bauern protestieren und machen gegen EU-Deal mobil<\/strong><br \/>\nDas Mercosur-Handelsabkommen sorgt bei deutschen Bauern f\u00fcr viel Frust und Angst um die Zukunft. Heimische Produkte k\u00f6nnten durch billige Importware aus S\u00fcdamerika ersetzt werden. Bundeskanzler Merz begr\u00fc\u00dft jedoch die Entscheidung der Europ\u00e4ischen Union.<br \/>\n&#8230; Alles vom 10.1.2026 bitte lesen auf<br \/>\n<a href=\"https:\/\/foreverpollution.eu\/map\/\">https:\/\/apollo-news.net\/nach-mercosur-abkommen-ostdeutsche-bauern-protestieren-und-machen-gegen-eu-deal-mobil\/<\/a><br \/>\n.<br \/>\nEinige Kommentare:<br \/>\nFreihandel ist nur gut, wenn f\u00fcr alle die gleichen Regeln gelten. Meistens wird es sich dann aber nicht lohnen, ein Produkt \u00fcber den Ozean zu schippern und es wird unges\u00fcnder sein, weil unreif geerntet.<br \/>\nWenn wir in der EU alles maximal teuer und b\u00fcrokratisch machen, m\u00fcssen wir theoretisch alles importieren. Daf\u00fcr werden wir dann allerdings NULL Geld haben, weil wir ja nichts mehr produzieren.<br \/>\nDie EU \u2013 Politik zerst\u00f6rt unsere Wirtschaft und sorgt f\u00fcr Hungersnot und frierende Menschen in zerfallenden feuchten Wohnungen. Das ist nicht \u00fcbertrieben, sondern nur ein Blick in die Zukunft. felix1<br \/>\n.<br \/>\nFREIHANDEL wie der Begriff schon sagt ist FREI von allem und braucht KEIN Vertragswerk von irgendwelch obskuren Regierungen und\/oder Institutionen.<br \/>\nEin bew\u00e4hrtes Prinzip seit Jahrtausende wo es nur um Angebot und Nachfrage geht. Dissenter<br \/>\n.<br \/>\nMerz hat das EU-Abkommen in h\u00f6chsten T\u00f6nen gelobt. Der Bauernpr\u00e4sident ist ein CDU Mitglied. Die SPD Ostbeauftragte will ein AFD Verbot. Die Bauern bei ihren Protest in Br\u00fcssel haben aber gezeigt, was sie von diesem Abkommen halten. Juerge<br \/>\n.<br \/>\nWenn die Bauern ALLE streiken und diesmal NICHT wieder aufh\u00f6ren, dann steht D. still und bei allen Bauern der EU dann die EU auch Feierabend.<br \/>\nDie EU ist menschenfeindlich w\u00fcrden manche sagen, da denen menschliche Existenzen ob nun finanziell oder physisch total egal sind. S\u00e4mtliche Nahrungslieferung sollten einen Bogen um Br\u00fcssel und Stra\u00dfburg machen, w\u00fcrden manche vorschlagen. Dann k\u00f6nnen sie ihr Laborfleisch, Insektenm\u00fcsli und Leitungswasser in einem PFAS verseuchten Gebiet zu sich nehmen. (<a href=\"https:\/\/foreverpollution.eu\/map\/\">https:\/\/foreverpollution.eu\/map\/<\/a>)<br \/>\n.<br \/>\nMomentan verstehe ich den Sinn nicht. Die s\u00fcdamerikanische Bev\u00f6lkerung, gerade die Menschen mit mittlerem bis unterdurchschnittlichem Einkommen, \u00e4chzen gerade unter den (z.B) immer mehr steigenden Fleischpreisen. Das wird dort immer mehr zum Gut der Wohlhabenden. Mit dem Export versch\u00e4rft sich die Lage dramatisch.Ach so, die faire und menschenfreundliche EU, was denn sonst (Ironie off) Snoopy<br \/>\nEnde Kommentare<\/p>\n<p>&nbsp;<\/p>\n<p><strong>Achgut und die Bauernproteste<\/strong><br \/>\nAuf Achgut.com konnten Sie beispielsweise einen ausf\u00fchrlichen Bericht \u00fcber eine positive Sp\u00e4tfolge der Bauernproteste lesen (\u201eErfolg der Bauernproteste: Bundesverwaltungsgericht z\u00fcndet Bombe\u201c <a href=\"https:\/\/www.achgut.com\">https:\/\/www.achgut.com\/artikel\/erfolg_der_bauernproteste_bundesverwaltungsgericht_zuendet_bombe<\/a> ). Es geht dabei um eine veritable Niederlage deutscher Beh\u00f6rden vor dem Bundesverwaltungsgericht. Das Gericht stellt das Grundgesetz \u00fcber die sogenannte \u201eD\u00fcngeverordnung\u201c. Das klingt technokratisch und langweilig. Darum hat sich wohl auch kaum ein Journalist die M\u00fche gemacht, die Tragweite dieses Urteils aufzuzeigen. Die ist n\u00e4mlich auch f\u00fcr andere Bereiche exemplarisch: Die Grundrechte der B\u00fcrger werden hier gegen\u00fcber einem \u00fcbergriffigen Staat wiederhergestellt. Das ist ein Grund zur Freude und ein Grund zur Ermutigung, weil eben doch nicht alles verloren ist, weil nicht jede Anstrengung umsonst ist, weil es in unseren Institutionen immer noch Menschen gibt, die demokratische Morsesignale senden.<br \/>\nDie Bauernproteste vor zwei Jahren bestimmten alle Schlagzeilen, und dann zog die mediale Karawane einfach weiter. Das verfestigt den Eindruck, dass man sowieso \u201enichts machen kann\u201c. Doch, man kann. Beispielsweise wenn die Bauern vor das Bundesverwaltungsgericht ziehen. Oder wenn Achgut.com die Zensur in diesem Land in z\u00e4hen Prozessen vor Gericht niederringt. Die sind in unserem Falle mittlerweile Legion. Und einige \u2013 etwa gegen das Zensurunternehmen \u201eNewsGuard\u201c \u2013 laufen auch noch.<br \/>\n&#8230;<br \/>\nAchgut.com dokumentiert die Entwicklung in diesem Land nunmehr seit 21 Jahren. Von unseren Lesern finanziert, unabh\u00e4ngig und gegen alle Widerst\u00e4nde. Reich werden kann man damit nicht, lediglich reich an Erfahrung. Die verhilft auch zu einer gewissen Unaufgeregtheit und Gelassenheit, selbst unseren Humor haben wir uns bewahrt. Und prek\u00e4re Finanzen sind leider unser treuer Begleiter, die staatlich forcierte \u201eDemonetarisierung&#8220; (Nancy Faeser) kritischer Stimmen traf uns mit als erste. Dennoch oder gerade deshalb lieben wir es, aus vermeintlichen Ausnahmezust\u00e4nden und Politsprechblasen die Luft herauszulassen. Ganz nebenbei schrumpfen wir den Du\u0308nkel manch selbsternannter \u201eQualit\u00e4ts-Journalisten\u201c auf Normalma\u00df. Auch wollen wir \u00fcber den jeweiligen Skandal des Tages hinaus fundierten Hintergrund und analytische Orientierung bieten. Einst nannte man das politisches Feuilleton im besten Sinne.<\/p>\n<p><em>Ach, schon Weihnachten &#8230; Schnell an Achgut spenden HIER.<\/em><br \/>\n<a href=\"https:\/\/www.achgut.com\/seite\/achgut_spendenaufruf\"><em>https:\/\/www.achgut.com\/seite\/achgut_spendenaufruf<\/em><\/a><br \/>\n<em>Spende als Direkt\u00fcberweisung: <\/em><br \/>\n<em>Achgut Media GmbH<\/em><br \/>\n<em>IBAN: DE22 1009 0000 2474 4900 10<\/em><br \/>\n<em>Verwendungszweck: \u201eUnterstuetzung\u201c<\/em><\/p>\n<p>&#8230; Alles vom 19.12.2025 im Wochen-Newsletter bitte lesen auf<br \/>\n<a href=\"https:\/\/www.achgut.com\">https:\/\/www.achgut.com<\/a><\/p>\n<p>&nbsp;<\/p>\n<p><strong>Bauern-Proteste: Mist auf die Autobahn<\/strong><br \/>\nStuttgart, Deutschland: Die Bauern machen weiter und die Menschen gehen gerne auf die Stra\u00dfe , um ihre Unterst\u00fctzung zu leisten. Es sieht so aus, als h\u00e4tten unsre deutschen Landwirte endlich begonnen, auf die Taktiken der franz\u00f6sischen Landwirte zu achten!!<br \/>\n30.1.2024<br \/>\n<a href=\"https:\/\/twitter.com\/kripp_m\/status\/1752333626849517840\">https:\/\/twitter.com\/kripp_m\/status\/1752333626849517840<\/a><\/p>\n<p>&nbsp;<\/p>\n<p><strong>Bauern-Proteste: Es geht gegen eine willk\u00fcrliche Politik<\/strong><br \/>\n<strong>M\u00e4nner! Richtige M\u00e4nner! Es gibt sie noch!<\/strong><br \/>\nIm \u00fcbrigen: Bauern k\u00f6nnen fast alles, wenn Not am Mann ist. Bestens zu empfehlen, sofern man einen Cowboy als Mann m\u00f6chte. Der Haken: Sie arbeiten zu viel. Bauernproteste finden mittlerweile EU-weit statt. K\u00f6rperlich arbeitende M\u00e4nner wie die Bauern geh\u00f6ren zu denen, die Hillary Clinton einst als \u201ebasket of deplorables\u201c verunglimpft hat. Und das hat sich bekanntlich ger\u00e4cht. Sie geh\u00f6ren zu den Somewheres, den Verwurzelten, nicht zu den Anywheres, den bindungslosen, die sich als Kosmopoliten sehen und die das Bodenst\u00e4ndige als \u201erechts\u201c verd\u00e4chtigen. Es geht bei den Protesten l\u00e4ngst nicht mehr um Subventionen, \u00fcber deren Sinn man streiten kann. Es geht gegen eine willk\u00fcrliche Politik, die jede Planungssicherheit vermissen l\u00e4sst, das Bild vom den Boden und das Grundwasser vergiftenden Tierqu\u00e4ler pflegt und den Fleischkonsum \u00e4chtet.<br \/>\nDoch b\u00e4uerliche Arbeit ist auch Kulturlandschaftspflege, die im allgemeinen Interesse liegen sollte, also auch bezahlt werden muss. Klimasch\u00fctzer m\u00f6chten die Viehhaltung stutzen, weil das Rindvieh \u201eKlimagift\u201c Methan r\u00fclpst und furzt. Die \u201eNaturfreunde\u201c der Gr\u00fcnen st\u00f6rt es hingegen nicht, wenn Ackerfl\u00e4che unter Solarplatten verschwindet und Wald f\u00fcr Windm\u00fchlen geopfert wird. Das ist die Zerst\u00f6rung einer Kulturlandschaft.<br \/>\nEs ist im \u00dcbrigen nicht sonderlich weise, sich, was die Ern\u00e4hrung betrifft, vom Weltmarkt v\u00f6llig abh\u00e4ngig zu machen. Die Seeblockade durch die Briten hat im ersten Weltkrieg zu hunderttausenden von zivilen Toten in Deutschland und \u00d6sterreich gef\u00fchrt. Souver\u00e4n ist, wer (nicht nur) im Krisenfall \u00fcber Energiequellen und Nahrungssicherheit verf\u00fcgt. Die Sache mit der Energie hat diese Regierung ja bereits erledigt. Den n\u00e4chsten Schritt sollte man ihr besonders schwer machen.<br \/>\n&#8230; Alles vom 8.3.2024 von Cora Stephan bitte lesen auf<br \/>\n<a href=\"https:\/\/www.achgut.com\/artikel\/maenner_richtige_maenner_es_gibt_sie_noch\">https:\/\/www.achgut.com\/artikel\/maenner_richtige_maenner_es_gibt_sie_noch<\/a><\/p>\n<p><em>Cora Stephan ist Publizistin und Schriftstellerin. Viele ihrer Romane und Sachb\u00fccher wurden Bestseller. Ihr aktueller Roman hei\u00dft \u201e\u00dcber alle Gr\u00e4ben hinweg. Roman einer Freundschaft&#8220;<\/em><\/p>\n<p>&nbsp;<\/p>\n<p><strong>B\u00fcrgerdialog im Rebberg Buchholz\/Sexau<\/strong><br \/>\nAm 15.2.2024 fand auf Einladung cs BLHV Ortsgruppe Buchholz ein B\u00fcrgerdialug am Fu\u00df der Buchholzer Rebberge statt. Bei einbrechender Dunkelheit. 150 Traktoren mit Licht-Illumination im Rebberg, Mahnfeuer. Acht Landwirte schilderten ihre Probleme. Sprecher ist der Landwirt Franz L\u00f6ffler aus St. Peter.<br \/>\n<a href=\"https:\/\/youtu.be\/pb_SFLAF9bw?si=OzZ0odz7yujPATAY\">https:\/\/youtu.be\/pb_SFLAF9bw?si=OzZ0odz7yujPATAY<\/a><br \/>\n19.2.2024<\/p>\n<p>.<\/p>\n<p><strong>Liebe Bauern, lasst Euch nicht beirren!<\/strong><br \/>\n<em>Die Bauern erleben gerade eine Diffamierungskampagne. Hoffentlich lassen sie sich davon nicht beirren.<\/em><br \/>\nNachdem einige Landwirte mit mir auf meinem Podcast Indubio \u00fcber die aktuellen Bauernproteste gesprochen hatten, wurden sie von manchen Leuten in den sozialen Netzwerken mit der Behauptung konfrontiert, die Achse des Guten sei ein rechtsradikaler Blog. Immer wieder wurde Wikipedia zitiert, wo leider tats\u00e4chlich steht: \u201eDie Achse des Guten, gegr\u00fcndet 2004, ist ein im Spektrum der politischen Rechten verorteter Blog.\u201c<br \/>\nWer die Achse des Guten im Spektrum der politischen Rechten verortet und vor allem, warum, steht da nicht, aber das k\u00fcmmert die Leute nicht, die die Achse diffamieren wollen. Ich bin ein Autor der Achse des Guten, denn sie bietet Raum f\u00fcr unabh\u00e4ngiges Denken, und diesen Raum brauche ich, um meine Gedanken zu beackern. Ich liebe die Freiheit und sch\u00e4tze die Werte der Aufkl\u00e4rung. Vor allem aber sehe ich mich jenseits des \u00fcberkommenen Rechts-Links-Schemas, genauso wie die Achse.<br \/>\n&#8230;<br \/>\nH\u00f6rt auf, die Bauern zu diffamieren<br \/>\nSeit Wochen wird nun versucht, die Landwirte auf den Bauernprotesten in eine rechtsextreme Ecke zu stellen. Ich wei\u00df, wie sich das anf\u00fchlt und wie sehr das schmerzen kann. Vor allem aber wei\u00df ich, dass die Bauern nicht in diese Ecke geh\u00f6ren.<br \/>\n&#8230;<br \/>\n<em><strong>Bauern wissen, was Freiheit bedeutet<\/strong><\/em><br \/>\nIch habe Respekt vor Menschen, nicht aber vor ihren Ideologien, Religionen und \u00dcberzeugungen. Respekt geb\u00fchrt Menschen, nicht Ideen. Ich habe Respekt vor den Bauern, besonders daf\u00fcr, was sie leisten. Sie halten dieses Land am Leben. Kaum jemand verteidigt die Freiheit mehr als die Bauern, denn die Bauern wissen, was Freiheit bedeutet. Freiheit bedeutet nicht Freiheit von Sorgen, sondern echte Freiheit ist die Freiheit in den Sorgen des Lebens. Die Ernte will schlie\u00dflich erarbeitet werden.<br \/>\nFreiheit bedeutet, die Verantwortung zu \u00fcbernehmen, f\u00fcr sein Leben, f\u00fcr seine Liebsten, f\u00fcr den Hof und f\u00fcr die N\u00e4chsten. Freiheit bedeutet, mit der Natur um das zu ringen, was zum Leben n\u00f6tig ist. Wenn das Feld bestellt, die Kuh gemolken und das Schwein gef\u00fcttert werden m\u00fcssen, interessiert es den Bauern nicht, auf welcher Seite irgendwelche Politiker in den St\u00e4dten sitzen, ob nun links oder rechts.<br \/>\n&#8230; Alles vom 7.2.2024 von Gerd Buurmann bitte lesen auf<br \/>\n<a href=\"https:\/\/www.achgut.com\/artikel\/liebe_bauern_lasst_euch_nicht_beirren\">https:\/\/www.achgut.com\/artikel\/liebe_bauern_lasst_euch_nicht_beirren<\/a><br \/>\n.<br \/>\n<strong>Indubio Folge 314 \u2013 \u201cDas lassen wir nicht mehr zu!\u201d<\/strong><br \/>\nBauern und Unternehmer geben in dieser Sendung Einblicke in die Proteste, die sich im ganzen Land verbreiten.<br \/>\n\u201eDas lassen wir nicht mehr zu!&#8220; https:\/\/youtu.be\/LuIeUCgUJ0U So lautet ein Protestlied nach einer bekannten Melodie, gedichtet von dem Bauernsohn Bernd Gast. Gerd Buurmann spricht \u00fcber die aktuellen Bauernproteste sowohl mit Bernd Gast in Stuttgart als auch mit den Landwirten und Unternehmern Bernd Achgelis in Wilhelmshaven, Markus Wipperf\u00fcrth in der N\u00e4he von K\u00f6ln und Anthony Lee in Plauen. Ein Einblick in die deutschlandweiten Proteste der Landwirte.<br \/>\n&#8230; Alles von Gerd Buurmann vom 4.2.2024 bitte lesen auf<br \/>\n<a href=\"https:\/\/www.achgut.com\/artikel\/indubio_folge_314_04_02_2024_das_lassen_wir_nicht_mehr_zu\">https:\/\/www.achgut.com\/artikel\/indubio_folge_314_04_02_2024_das_lassen_wir_nicht_mehr_zu<\/a><\/p>\n<p>&nbsp;<\/p>\n<p><strong>Das Lied zum Bauernprotest: &#8222;Das lassen wir nicht mehr zu!\u201c<\/strong><br \/>\n<a href=\"https:\/\/www.youtube.com\/watch?v=LuIeUCgUJ0U\">https:\/\/www.youtube.com\/watch?v=LuIeUCgUJ0U<\/a><br \/>\nLied von https:\/\/www.berndgast.com,<br \/>\nDies ist die zweite Version dieses Songs zum Bauernprotest. Mit vielen Bildern der Demo in Berlin! Die &#8222;alte&#8220; Version findet man hier: <a href=\"https:\/\/youtu.be\/f61TVohY2mI\">https:\/\/youtu.be\/f61TVohY2mI<\/a><br \/>\nWeiterhin gilt: Ich bin gerne bereit, diesen Song bei Bauernveranstaltungen Live (unentgeltlich) zu spielen und singen. Anfragen bitte an: info@berndgast.com<br \/>\n<a href=\"https:\/\/www.berndgast.com\">https:\/\/www.berndgast.com<\/a><br \/>\n.<br \/>\nLied &#8222;Nie wieder Altpartei&#8220;<br \/>\n\u00d6ko-Muttis, holt die Kinder rein &#8211; jetzt melden sich die &#8222;alten wei\u00dfen M\u00e4nner&#8220; zu Wort. Ich hatte schon &#8217;ne ganze Weile \u00fcber einem Lied gebr\u00fctet, das man auch gut mal in der Kneipe singen kann und das des (normalen) Volkes Meinung in ein paar Reime fast. Und in Anbetracht der aktuellen Umfragewerte der Altparteien zumindest hier im Osten denke ich, nicht ganz falsch zu liegen. Also denkt immer sch\u00f6n daran: Nie wieder Altpartei!<br \/>\n<a href=\"https:\/\/youtu.be\/Ym13LrT86wo\">https:\/\/youtu.be\/Ym13LrT86wo<\/a> &#8211; Lied von Esteban Cortez<br \/>\nMehr Lieder <a href=\"https:\/\/www.freiburg-schwarzwald.de\/blog\/kultur\/dichter\/liedermacher\/lied\/\">hier<\/a><\/p>\n<p>&nbsp;<\/p>\n<p><strong>Medien ignorieren Bauernproteste \u2013 obwohl die sogar Hamburger Hafen und Stuttgarter Autobahn lahmlegen<\/strong><br \/>\nObwohl tausende Traktoren seit Montag an Demonstrationen in Hamburg und Stuttgart beteiligt sind, schweigen die allermeisten Medien. In der Hansestadt wurde der Hafen stundenlang blockiert, in Schwaben verstopften 3.000 Traktoren die Autobahn.<br \/>\n&#8230; Alles vom 31.1.2024 bitte lesen auf<\/p>\n<blockquote class=\"wp-embedded-content\" data-secret=\"jojFm9ynR8\"><p><a href=\"https:\/\/apollo-news.net\/medien-ignorieren-bauernproteste-obwohl-die-sogar-hamburger-hafen-und-stuttgarter-autobahn-lahmlegen\/\">Medien ignorieren Bauernproteste \u2013 obwohl die sogar Hamburger Hafen und Stuttgarter Autobahn lahmlegen<\/a><\/p><\/blockquote>\n<p><iframe loading=\"lazy\" class=\"wp-embedded-content\" sandbox=\"allow-scripts\" security=\"restricted\" style=\"position: absolute; visibility: hidden;\" title=\"&#8222;Medien ignorieren Bauernproteste \u2013 obwohl die sogar Hamburger Hafen und Stuttgarter Autobahn lahmlegen&#8220; &#8211; Apollo News\" src=\"https:\/\/apollo-news.net\/medien-ignorieren-bauernproteste-obwohl-die-sogar-hamburger-hafen-und-stuttgarter-autobahn-lahmlegen\/embed\/#?secret=knUjZv6HhD#?secret=jojFm9ynR8\" data-secret=\"jojFm9ynR8\" width=\"600\" height=\"338\" frameborder=\"0\" marginwidth=\"0\" marginheight=\"0\" scrolling=\"no\"><\/iframe><br \/>\nDie Bauernproteste gehen weiter und weiter und weiter \u2026<br \/>\nAuch wenn fast s\u00e4mtliche Leitmedien mit den Pro-Ampel-Aufm\u00e4rschen (\u201egegen Rechts \u201c) lautes \u00dcbert\u00f6nungstopfschlagen demonstrieren \u2013 die Mittelstandsproteste der Landwirte, Spediteure, Handwerker in Deutschland gehen unvermindert weiter. Was sich die letzten Tage getan hat:<br \/>\nHamburger Hafen \u2013 blockiert, Schiffe k\u00f6nnen ihre Ladung nicht l\u00f6schen, Stuttgarter Innenstadt am Dienstag: dicht. Hunderte Traktoren und Lastwagen fuhren in die Innenstadt. Sie kippten teilweise nach franz\u00f6sischem Vorbild Mist auf Stra\u00dfen ab. Auf dem Cannstatter Wasen protestierten rund 5000 Landwirte bei einer gro\u00dfen Bauernkundgebung gegen die Ampelpolitik. Das Volksfestgel\u00e4nde war von dieser Gro\u00dfdemonstration der Bauern \u00fcberf\u00fcllt. Damit haben bereits zum dritten Mal Bauern in der Landeshauptstadt demonstriert. Nicht nur Bauern, auch Handwerksbetriebe, Transportunternehmen und der \u00bbMittelstand\u00ab sind dabei. &#8230;<br \/>\n&#8230; Alles vom 31.1.2024 bitte lesen auf<br \/>\n<a href=\"https:\/\/www.tichyseinblick.de\/daili-es-sentials\/bauernproteste-gehen-weiter\/\">https:\/\/www.tichyseinblick.de\/daili-es-sentials\/bauernproteste-gehen-weiter\/<\/a><\/p>\n<p>.<br \/>\n<strong>Angeblich Lautst\u00e4rkegrenze \u00fcberschritten: Bauern in Sachsen drohen hohe Bu\u00dfgeldstrafen<\/strong><br \/>\nAm Montag fanden in Bautzen und G\u00f6rlitz gro\u00dfe Bauernproteste statt. Die zust\u00e4ndigen Landrats\u00e4mter pr\u00fcfen nun jedoch beh\u00f6rdliche Konsequenzen. Die Proteste seien zu laut gewesen. Es drohen in Bu\u00dfgelder in dreistelliger H\u00f6he.<br \/>\nDie Bauernproteste gehen ununterbrochen weiter. In Stuttgart sollen sich k\u00fcrzlich tausende Personen versammelt haben. Auch in Sachsen halten die Proteste an. Die Landrats\u00e4mter legen dem Protest aber zunehmend Steine in den Weg. Demonstrationen in Bautzen und Sachsen wurden mit hohen Auflagen versehen. Verst\u00f6\u00dfe gegen diese Auflagen k\u00f6nnte die Teilnehmer nun teuer zu stehen kommen.<a href=\"https:\/\/www.youtube.com\/watch?v=LVivHdxa8wE\">https:\/\/www.youtube.com\/watch?v=LVivHdxa8wE<\/a><br \/>\n&#8230; Alles vom 31.1.2024 bitte lesen auf<br \/>\n<a href=\"https:\/\/apollo-news.net\/angeblich-lautstaerkegrenze-ueberschritten-bauern-in-sachsen-drohen-hohe-bussgeldstrafen\/\">https:\/\/apollo-news.net\/angeblich-lautstaerkegrenze-ueberschritten-bauern-in-sachsen-drohen-hohe-bussgeldstrafen\/<\/a><\/p>\n<p>.<\/p>\n<p>&nbsp;<\/p>\n<p><strong>F\u00fcr Bauernproteste haben viele Menschen (ca 80 %) Verst\u00e4ndnis<\/strong><br \/>\nF\u00fcr die Bauernproteste haben viele Menschen Verst\u00e4ndnis\u00a0\u00a0und Sympathie, auch ich als Diplom-Agrar\u00f6konom. Der Produktionsfaktor Boden ist nicht vermehrbar, im Gegenteil, t\u00e4glich werden knapp 55 Hektar Boden umgewidmet f\u00fcr Stra\u00dfen und Bebauung. So verschwinden im Jahr 20.075 Hektar Produktionsfl\u00e4che (entspricht \u00fcber 20.000 Fu\u00dfballfeldern) f\u00fcr die Landwirtschaft. T\u00e4glich verschwindet also ein b\u00e4uerlicher Familienbetrieb. Dazu kommt die Auflage, da\u00df vier Prozent der Fl\u00e4che Brachen sein m\u00fcssen. Auf immer weniger Fl\u00e4che m\u00fcssen die Bauern also immer mehr produzieren, da sie die Preise f\u00fcr ihre Erzeugnisse auf dem Markt nicht selber gestalten k\u00f6nnen, sondern durch die EU-Agrar-Politik definiert werden. Landwirte sind deshalb \u201eMengenanpasser\u201c, denn Menge mal Preis ergibt den Rohertrag\/Umsatz. Dann kommen aber Mengenanpassungen durch Auflagen und Verordnungen f\u00fcr bestimmte Produkte dazu (siehe Milch), Vorschriften zum Einsatz von Pflanzenschutzmitteln und D\u00fcngemitteln, Vorschriften zur Tierhaltung, Vorschriften zur G\u00fclle- und Mistentsorgung usw.<\/p>\n<p>Landwirte erzeugen f\u00fcr unser Land die Grundnahrungsmittel durch Getreide, Milch und Fleisch, R\u00fcben, Kartoffeln, Gem\u00fcse, Obst und vieles mehr. Von den Nahrungsmittel-Konzernen bekommen die Bauern fast keine ausk\u00f6mmlichen Preise, Geld verdienen nur die Nahrungsmittel-Konzerne und der Lebensmittel-Handel (siehe etwa die milliardenschweren Discounter Aldi und Lidl). F\u00fcr die Landmaschinen ist Diesel notwendig, da alle vorgestellten Alternativen noch f\u00fcr l\u00e4ngere Zeit utopisch sind. Die bisherigen Subventionen erhalten die Bauern wegen des nationalen Ziels der Agrarpolitik: der Sicherstellung einer \u00fcberwiegend nationalen Eigenversorgung. Wenn nun diese Erleichterungen wegfallen, werden die deutschen Bauern relativ schnell in Existenzn\u00f6te geraten, Betriebe werden zahlungsunf\u00e4hig, gro\u00dfe industrielle landwirtschaftliche Betriebe pachten und kaufen alles auf, ein H\u00f6fe-Sterben ist unausweichlich. Ob die Standards f\u00fcr die landwirtschaftliche Produktion und Tierhaltung im Ausland als Billig-Produktionsl\u00e4nder so gut sind wie bei uns, mu\u00df bezweifelt werden. Die Politik mu\u00df sich entscheiden, ob sie f\u00fcr Deutschland eine gesunde, ausreichende Nahrungsmittelproduktion wie bisher sichern will oder ob ihr das Schicksal der Bauern egal ist. Strukturwandel braucht Zeit und Geld. Es geht um die Zukunft junger Landwirte, die eine Perspektive brauchen. Wer gestorben ist, ist tot. Eine Auferstehung gibt es nur im christlichen Glauben.<br \/>\nDr. Kuno Zeller, Freiburg<br \/>\n&#8230; Alles vom 19.1.2024 bitte lesen in der JF 4\/24, Seite 23<\/p>\n<p>&nbsp;<\/p>\n<p><strong>Bauern und B\u00fcrger &#8211; Die wertsch\u00f6pfende Mitte meldet sich zu Wort<\/strong><br \/>\nEs ist kurzsichtig, in der AfD die gr\u00f6\u00dfte Bedrohung der Freiheit zu sehen. Es ist der Staat selbst, der seine B\u00fcrger an der Gurgel hat. Noch abwegiger ist es deshalb, ausgerechnet dem Staat die Bek\u00e4mpfung dieser Gefahr anzuvertrauen. Der Glaube, mit Verboten sei alles zu regeln, ist typisch deutsch.<br \/>\n&#8230;<br \/>\nEigentlich d\u00fcrfte sich die Rebellion der Bauern nicht allein gegen den Staat richten. Das ganze System der Landwirtschaft ist krank. Sie ist eingeklemmt zwischen D\u00fcngemittel- und Lebensmittelindustrie und immer m\u00e4chtigeren Handelsorganisationen. Im Big Business ist der Landmann der Schw\u00e4chste. Der Staat sollte ihn eigentlich sch\u00fctzen. Er tut de facto aber das Gegenteil. Er erh\u00f6ht den Zwang.<br \/>\n<em><strong>Die Landwirtschaft ist komplett durchreguliert. Zerrieben zwischen Big Business und Beh\u00f6rden fehlt dem Bauer die Luft zum Atmen.<\/strong><\/em> Er ist der Leibeigene eines Dilemmas: die Industrie presst ihn aus, die gr\u00fcne Obrigkeit mag ihn nicht. Zum Raubbau am Land kommt der Raubbau am Bauern. Insofern greifen die Demonstrationen zu kurz. Aber zu wahren Reformen ist der Staat \u2013 hier vor allem die EU \u2013 nicht in der Lage. Er h\u00e4lt sich am Schw\u00e4chsten, an den Bauern schadlos. Wenn die Bauern den Staat nicht mehr als Existenzgaranten sondern als Existenzgef\u00e4hrder ansehen m\u00fcssen, ist etwas grunds\u00e4tzlich aus dem Lot. Wem sollen sie noch vertrauen?<br \/>\n&#8230; Alles vom 27.1.2024 von Wolfgang Herles bitte lesen auf<br \/>\n<a href=\"https:\/\/www.tichyseinblick.de\/kolumnen\/herles-faellt-auf\/bauern-und-buerger\/\">https:\/\/www.tichyseinblick.de\/kolumnen\/herles-faellt-auf\/bauern-und-buerger\/<\/a><\/p>\n<p>&nbsp;<\/p>\n<p><strong>Bauerndemos: LSV Staffelfahrt 27.1.-7.2.2024 zu 13 Hauptst\u00e4dten in D<\/strong><br \/>\nLSV Deutschland und FREIE BAUERN starten Staffelfahrt f\u00fcr Umsteuern in der Agrarpolitik.<br \/>\nKundgebungen:<br \/>\n27.1. In Kiel, 16 Uhr<br \/>\n28.1. Schwerin, 14 Uhr<br \/>\n29.1. Potsdam, 14 Uhr<br \/>\n30.1. Magdeburg, 14 Uhr<br \/>\n31.1. Dresden, 14 Uhr<br \/>\n1.2. Erfurt, 14 Uhr<br \/>\n2.2. M\u00fcnchen, 14 Uhr<br \/>\n3.2. Stuttgart, 14 Uhr<br \/>\n4.2. Saarbr\u00fccken, 14 Uhr<br \/>\n5.2. Mainz, 14 Uhr<br \/>\n5.2. Wiesbaden, 18 Uhr<br \/>\n6.2. D\u00fcsseldorf, 14 Uhr<br \/>\n7.2. Hannover, 14 Uhr<br \/>\n<a href=\"https:\/\/lsvdeutschland.de\/\">https:\/\/lsvdeutschland.de\/<\/a><br \/>\n<a href=\"https:\/\/moderner-landwirt.de\/werner-fuer-wertschoepfung-lsv-deutschland-und-freie-bauern-starten-staffelfahrt-fuer-umsteuern-in-der-agrarpolitik\/\">https:\/\/moderner-landwirt.de\/werner-fuer-wertschoepfung-lsv-deutschland-und-freie-bauern-starten-staffelfahrt-fuer-umsteuern-in-der-agrarpolitik\/<\/a><\/p>\n<p>Deutschland und FREIE BAUERN starten Staffelfahrt f\u00fcr Umsteuern in der Agrarpolitik <a href=\"https:\/\/www.youtube.com\/watch?v=ouZsStKSda8\">https:\/\/www.youtube.com\/watch?v=ouZsStKSda8<\/a><br \/>\n.<br \/>\nLSV Deutschland und FREIE BAUERN haben ihre Auffassung bekr\u00e4ftigt, dass die von der Bundesregierung geplante Steuererh\u00f6hung auf Agrardiesel nicht beschlossen werden darf, so lange die landwirtschaftlichen Betriebe die daraus unmittelbar resultierenden Einkommensverluste nicht durch eine h\u00f6here Wertsch\u00f6pfung ausgleichen k\u00f6nnen. Unter dem Motto \u201eWerner f\u00fcr Wertsch\u00f6pfung\u201c bricht daher am Sonnabend der Milchviehhalter Werner Koslowski aus dem nieders\u00e4chsischen Wohnste mit seinem Traktor zu einer zw\u00f6lft\u00e4gigen Reise in die deutschen Landeshauptst\u00e4dte auf, um jeweils vor den Landtagen die Forderungen beider Interessenorganisationen zu \u00fcbergeben.<br \/>\n\u201eWir verlangen von der Politik konkrete Ma\u00dfnahmen gegen den Preisdruck durch Importe und Monopole, die unseren Betrieben \u00f6konomische Spielr\u00e4ume in der Wertsch\u00f6pfungskette verschaffen\u201c, sagt Frerk Arfsten von den FREIEN BAUERN, der die Idee zur Staffelfahrt mit Werner Koslowski hatte. \u201eUnsere Forderungen kosten kein Steuergeld, sie entlasten den Staat, st\u00e4rken unternehmerische Eigenverantwortung\u201c erg\u00e4nzt Uta von Schmidt-K\u00fchl von LSV Deutschland, die die Route geplant hat.<br \/>\n26.1.2024, <a href=\"https:\/\/lsvdeutschland.de\/\">https:\/\/lsvdeutschland.de\/<\/a><\/p>\n<p>&nbsp;<\/p>\n<p><strong>Bauernproteste gehen weiter: Immer mehr Branchen schlie\u00dfen sich den Landwirten an<\/strong> | WELT News<br \/>\nHans-Ulrich J\u00f6rges, 12.1.2024<br \/>\n&#8222;1 Mrd f\u00fcrs Kanzleramt w\u00e4re genau der Betrag, den die Bauern nun sparen sollen&#8220;<br \/>\n<a href=\"https:\/\/www.freiburg-schwarzwald.de\/blog\/mittelstand-lost-ampel-woke\/\">https:\/\/www.youtube.com\/watch?v=Fmntqc5DqNQ&amp;t=187s<\/a><\/p>\n<p>&nbsp;<\/p>\n<p><strong>Anthony Lee, Landwirte-Sprecher (LsV):\u00a0 Abschaffung der\u00a0 Versorgungssicherheit<\/strong><br \/>\nThomas Frenk , Vorsitzender der Freien Bauern BaW<\/p>\n<p>Anthony Lee, ein umtriebiger Landwirt aus Niedersachsen <a href=\"https:\/\/youtu.be\/HmYHzjZ1lzY\">https:\/\/youtu.be\/HmYHzjZ1lzY<\/a>, kommt am Sonntag 5.11.2023 nach Titisee-Neustadt, um zum Thema &#8222;Klima und Artenschutz in der Landwirtschaft&#8220; zu sprechen:<br \/>\n<a href=\"https:\/\/bz-ticket.de\/die-basis-baden-wuerttemberg-neustaedter-hof-neustadt-titisee-neustadt\">https:\/\/bz-ticket.de\/die-basis-baden-wuerttemberg-neustaedter-hof-neustadt-titisee-neustadt<\/a><\/p>\n<p><a href=\"https:\/\/www.youtube.com\/watch?v=p8dW3g0Tft4\">https:\/\/www.youtube.com\/watch?v=p8dW3g0Tft4<\/a><br \/>\nSchwarzwald TV<br \/>\n<a href=\"https:\/\/www.youtube.com\/\">https:\/\/www.youtube.com\/<\/a>@SchwarzwaldTVinfo<br \/>\n.<br \/>\nTeil 1 des Vortrags &#8222;Abschaffung der Versorgungssicherheit unter dem Deckmantel des angeblichen Klima- und Artenschutzes&#8220; von Anthony Lee und Thomas Frenk am 05.11.2023 in Titisee-Neustadt.<br \/>\nThomas Frenk: &#8222;Wir wollen nicht wenig gro\u00dfe, sondern viele starke Betriebe&#8220;<br \/>\n5.11.2023, <a href=\"https:\/\/youtu.be\/mL1AAjn9Kyc\">https:\/\/youtu.be\/mL1AAjn9Kyc<\/a><br \/>\ndieBasis LV BW<\/p>\n<p>Abschaffung der Versorgungssicherheit Teil 2<br \/>\nAnthony Lee spricht frei und hat alle Punkte gut zusammengefasst<br \/>\n<a href=\"https:\/\/youtu.be\/hNyCQXsPR2s\">https:\/\/youtu.be\/hNyCQXsPR2s<\/a><\/p>\n<p>&nbsp;<\/p>\n<p><strong>WHO: Wann kommt der Bauernaufstand?<\/strong><br \/>\n<a href=\"https:\/\/tube4.apolut.net\/w\/eLp6PpVWXRjg7a3CrnkddD\">https:\/\/tube4.apolut.net\/w\/eLp6PpVWXRjg7a3CrnkddD<\/a><br \/>\nVor wenigen Wochen schrieb ich auf Ansage! eine \u201cUnternehmer-Kolumne\u201c, in der ich versuchte aufzuzeigen, was die von der Weltgesundheitsorganisation (WHO) geplanten \u00c4nderungen der Internationalen Gesundheitsvorschriften (IGV, englisch: International Health Regulations, IHR) und des kommenden globalen Pandemievertrages (englisch: Conventional Agreement, CA+) f\u00fcr die deutschen Unternehmer bedeuten werden, sofern denn den jeweiligen \u00c4nderungen der IGV von Seiten der deutschen Regierung bis zum Dezember 2023 (f\u00fcr die \u00c4nderungen im Mai 2022) beziehungsweise zehn Monate nach den zugestimmten \u00c4nderungen vom Mai 2024 nicht widersprochen wird, respektive wenn die CA+ im Mai 2024 von der World Health Assembly akzeptiert und nachfolgend von den Mitgliedstaaten ratifiziert werden.<br \/>\nObwohl von den \u201cMedizinern und Wissenschaftlern f\u00fcr Gesundheit, Freiheit und Demokratie e.V.\u201d (MWGFD) ein eigens aufgestellter \u201eUnternehmerverteiler\u201c erarbeitet wurde, waren die Reaktionen darauf leider m\u00e4\u00dfig. Eine Arbeiterwohlfahrt schrieb, sie sei an derlei \u201enicht interessiert\u201c, ein mittelst\u00e4ndischer Unternehmerverband aus Hessen bekundete gar seinen Unwillen ob der unerbetenen Information; ein j\u00e4mmerliches Selbstverst\u00e4ndnis des freien deutschen Unternehmertums und wirtschaftlicher Planung! Wer interessiert ist, kann die Kolumne auf der Webseite von MWGFD, unter der dortigen Rubrik \u201eWHO\u201c, gerne nachlesen.<br \/>\nNun denn. Vielleicht sind unsere Bauern (pardon: die Vertreter der Landwirtschaft) ja schlauer und cleverer? Sie haben schlie\u00dflich aus der irischen Zeitung \u201eIndependent\u201c erfahren m\u00fcssen, wohin sie ein vermeintlicher Gesundheitsnotstand im Zeichen der Klimaschutzma\u00dfnahmen (genauer: des Klimawahns) f\u00fchren wird: Nach Aussagen unabh\u00e4ngiger Parlamentarier gebe es dort bereits einen regierungsamtlichen \u201eGeheimplan zum Massaker an unseren kostbaren K\u00fchen\u201c: Fast 200.000 St\u00fcck Vieh von insgesamt sch\u00e4tzungsweise zwei Millionen Tieren sollen nach dem Willen des Agrarministeriums der gr\u00fcn-konservativen Regierung in den n\u00e4chsten drei Jahren zus\u00e4tzlich get\u00f6tet werden \u2013 und das nur, um den Methan-Aussto\u00df zu reduzieren, der angeblich 25-mal klimasch\u00e4dlicher als CO2 sei. Das sei \u201eein monstr\u00f6ser Anschlag auf das l\u00e4ndliche Irland\u201c, w\u00fctete Pat McCormack als Sprecher der fast 18.000 irischen Milchbauern.<br \/>\nAber nicht nur auf Irland, auch in den Niederlanden rumorte es heftig: &#8230;<br \/>\n&#8230; Alles vom 12.9.2023 von Uwe G. Kranz bitte lesen auf<br \/>\n<a href=\"https:\/\/apolut.net\/who-wann-kommt-der-bauernaufstand-von-uwe-g-kranz\/\">https:\/\/apolut.net\/who-wann-kommt-der-bauernaufstand-von-uwe-g-kranz\/<\/a><\/p>\n<p>&nbsp;<\/p>\n<p><strong>Der Bauer und sein Klima<\/strong><br \/>\n<strong>Wetterforscher entlarvt Klima- und Energiewende-Schwindel<\/strong><br \/>\n<a href=\"https:\/\/youtu.be\/DIucNnxKick\">https:\/\/youtu.be\/DIucNnxKick<\/a><br \/>\nZusammenschnitt der Statements des renommierten Meteorologen und Astrophysikers Piers Corbyn in Marijn Poels\u2019 Dokumentarfilm \u201eDer Bauer und sein Klima\u201c (D 2017). Deutsche Untertitel von YouTuber \u201aKlimaquatsch\u2019. 24.7.2019 und 21.4.2023<br \/>\n.<\/p>\n<p><strong>Bauernproteste &#8211; Meine Sichtweise<\/strong><br \/>\nBevor wir die Bauern beklatschen und bejubeln sollten wir kritisch nachfragen. Mein Landwirt aus dem Allg\u00e4u hat mir diese Worte gesagt: &#8222;Wenn die Bauern Subventionen bek\u00e4men wenn sie bei Regen &#8222;m\u00e4hen&#8220; w\u00fcrden dann w\u00fcrden sie dies auch noch tun. Viele von ihnen haben sich f\u00fcr viel Geld prostituiert. Nicht alle aber viele! Er spricht mir aus der Seele!<br \/>\nWieso gehen die Bauern &#8222;nur&#8220; f\u00fcr mehr Geld (um uns weiter mit Glyphosat &amp; Co. zu vergiften) auf die Stra\u00dfe, anstatt f\u00fcr Moral, Umdenken &amp; Werte?<br \/>\n00:22 Bauern oder Massen-Landwirte?<br \/>\n01:14 Von Subventionen abh\u00e4ngig gemacht<br \/>\n04:20 Steuern auf Steuern?<br \/>\n05:25 Beim CoronaVerbrechen (fast) eiskalt<br \/>\n06:30 Es geht nur um die Kohle<br \/>\n07:25 Realtalk: Wieviel &#8222;Gift&#8220; war es wirklich?<br \/>\n08:37 Konventionell oder Biologisch?<br \/>\n11:14 Tierwohl?<br \/>\n15:47 Das ganze &#8222;System&#8220; hinterfragen<br \/>\n16:25 Ihr vergiftet alles<br \/>\n23:05 Paradigmenwechsel?<br \/>\n27:25 Endzeit (Irlmaier)<br \/>\n19.12.2023<br \/>\n<a href=\"https:\/\/t.me\/parasign\/4596\">https:\/\/t.me\/parasign\/4596<\/a><br \/>\nZusatz: Gesteuerte Opposition beim Bauernverband<br \/>\n(<a href=\"https:\/\/t.me\/Irlmaier\/1412\">https:\/\/t.me\/Irlmaier\/1412<\/a>) , (<a href=\"https:\/\/t.me\/systemende2023\/7594\">https:\/\/t.me\/systemende2023\/7594<\/a>)<\/p>\n<p>&nbsp;<\/p>\n<p><strong>LSV: \u201eWir sterben gerade wie die Fliegen\u201c<\/strong><br \/>\n<strong>Der irre Krieg der Gr\u00fcnen gegen die Bauern \u2013 und seine dramatischen Folgen<\/strong><br \/>\n&#8230; Wir sind nur noch ausf\u00fchrende Organe\u201c, klagt Anthony Lee, Landwirt und Sprecher des Vereins \u201eLandwirtschaft verbindet Deutschland e.V.\u201c http:\/\/lsvdeutschland.de\/: Was die Bauern anzubauen haben, schreibe ihnen heute die Politik bzw. die B\u00fcrokratie vor. Das sei der direkte Weg in die Katastrophe. Er habe den Eindruck, die Bauernh\u00f6fe und die traditionelle Landwirtschaft w\u00fcrden gezielt zerst\u00f6rt, so Lee: Sie sterben weg wie die Fliegen. &#8230;<br \/>\nDie Landwirtschaft werde abgeschafft, klagt Lee: \u201eJeden Tag sterben sechs bis sieben Betriebe in Deutschland. Wenn das alles weg ist, wird das wie der Kohle \u2013 aus der sind wir ausgestiegen, und versuchen jetzt in der Notlage verzweifelt, sie wieder ans Netz zu bringen. Aber die Mitarbeiter sind gar nicht mehr da. Bei uns ist es so: Wenn ein landwirtschaftlicher Betrieb zumacht, ist der weg. Wir setzen die Versorgungssicherheit dramatisch aufs Spiel. Ich verstehe nicht, dass die Politik das nicht auf dem Schirm hat.\u201c Beste B\u00f6den m\u00fcssten zwangsweise stillgelegt werden. Die Deutschen meinten offenbar, dass alles im \u00dcberfluss da sei. Doch das k\u00f6nne sich sehr schnell \u00e4ndern.<br \/>\nDie Landwirte seien heute die Pr\u00fcgelknaben der Nation; an allem seien sie schuld, selbst am Bienensterben \u201eEs kann nicht sein, dass unsere Kinder heute in der Schule gemobbt werden, das man ihnen sagt: Du kommst ja von den b\u00f6sen Bauern!\u201c sagt Lee: \u201eIch habe die ganze Welt bereist. Das gibt es nur in Deutschland! Aber das machen wir jetzt nicht mehr mit!\u201c Er kenne kein anderes Land, in dem \u201edas so irre ist\u201c. Dabei seien die Folgen des Bauernhof-Sterbens dramatisch: \u201eStirbt der Bauer, stirbt das Dorf.\u201c<\/p>\n<p>Interview mit Anthony Robert Lee &#8211; Landwirt und Sprecher von LSV:<br \/>\n<a href=\"https:\/\/youtu.be\/6sbCWsn2BJ4\">https:\/\/youtu.be\/6sbCWsn2BJ4<\/a><\/p>\n<p>.. Alles vom 25.12.2022 bitte lesen auf<br \/>\n<a href=\"https:\/\/reitschuster.de\/post\/wir-sterben-gerade-wie-die-fliegen\/\">https:\/\/reitschuster.de\/post\/wir-sterben-gerade-wie-die-fliegen\/<\/a><\/p>\n<p>Kommentare:<br \/>\nIn der Schweiz gab es \u00e4hnliche Tendenzen. Mehrfach durch Volksabstimmungen abgewiesen, zudem gibt es in CH einen Importschutz&#8230;. direkte Demokratie f\u00fcr D!<br \/>\n25.12.2022, F.S.<\/p>\n<p>Leider alles sehr wahr.<br \/>\nIch ziehe den Hut vor den Landwirten, G\u00e4rtnern und Forstwirten.<br \/>\nEs geh\u00f6rt schon viel Enthusiasmus und Liebe zum Beruf dazu, dass sie noch nicht aufgeben.<br \/>\nHoffentlich wachen die Menschen in unserem Land endlich auf und heizen diesen ruin\u00f6sen Politikern endlich richtig ein.<br \/>\n25.12.2022, E.M.<br \/>\nEnde Kommentare<\/p>\n<p>&nbsp;<\/p>\n<p>&nbsp;<\/p>\n<p><strong>Bauernproteste: Milchb\u00e4uerin Skrolly und Bauernfr\u00fchst\u00fcck<\/strong><br \/>\nSeit Jahren versuchen die Bauern, die Deutschland (noch) autark ern\u00e4hren k\u00f6nnen, auf ihre Lage aufmerksam zu machen. Die EU macht ihnen das Leben schwer und behindert vor allem die Produktion. Zus\u00e4tzlich m\u00fcssen sich unsere konventionellen Landwirte gefallen lassen, dass sie in der \u00d6ffentlichkeit als Umwelts\u00fcnder und Tierqu\u00e4ler hingestellt werden.<br \/>\nAngesichts der sich abzeichnenden Nahrungsmittelkrise sollte es dringend ein Umdenken geben. Deutschland muss, was die Nahrungsproduktion betrifft, unbedingt autark bleiben.<br \/>\nAber auch die alternativen Medien nehmen kaum Kenntnis von den Bauernprotesten, die es nicht nur in Deutschland, sondern auch in anderen europ\u00e4ischen L\u00e4ndern gibt, vor allem in den Niederlanden und in Frankreich. Deshalb mache ich an dieser Stelle auf die Aktion der <a href=\"https:\/\/www.freiburg-schwarzwald.de\/blog\/natur\/landwirt\/milch\/\">Milchb\u00e4uerin<\/a> Skrolly aufmerksam, die mit ihrem Trecker am 17.09. nach Hamburg vor die Kunsthalle fuhr. Die Kamera von Filmemacherin Rebecca Sommer begleitete Milchb\u00e4uerin Skrolly aus Bad Oldesloh dabei, die mit ihrer Aktion den B\u00fcrgerprotestmarsch \u201cFrieren, Pleiten, Impfpflicht-Nein Danke!\u201d per Trecker unterst\u00fctzte. Die Bauern wollen mit dieser Demonstration auf ihre Not aufmerksam machen.<br \/>\n<a href=\"https:\/\/www.youtube.com\/watch?v=U0dBW2GuOdM\">https:\/\/www.youtube.com\/watch?v=U0dBW2GuOdM<\/a><br \/>\nVideo \u00a9 Rebecca Sommer, Sommerfilms<\/p>\n<p>Eine weitere Empfehlung: \u201cBAUERNFR\u00dcHST\u00dcCK\u201d. (90-Minuten-Film)<br \/>\n<a href=\"https:\/\/moderner-landwirt.de\/bauernfru%cc%88hstu%cc%88ck-12-landwirte-sprechen-tacheles\/\">https:\/\/moderner-landwirt.de\/bauernfru%cc%88hstu%cc%88ck-12-landwirte-sprechen-tacheles\/<\/a><br \/>\nHier sprechen echte Bauern Tacheles. Man sitzt mit am Tisch, wo sich 12 Landwirte beim Fr\u00fchst\u00fccken austauschen. Analysiert wird das Hier und Jetzt und teils hitzig diskutiert, was zu tun ist. Alle 12 Bauern engagieren sich seit Jahren \u00fcber die Arbeit auf dem eigenen Hof hinaus f\u00fcr das \u00dcberleben von traditionellen b\u00e4uerlichen Familienbetrieben und sind aktiv im Bauernwiderstand.<br \/>\n&#8230; Alles vom 22.9.2022 bitte lesen auf<br \/>\n<a href=\"https:\/\/vera-lengsfeld.de\/2022\/09\/22\/die-lage-der-bauern-und-ihre-proteste\/\">https:\/\/vera-lengsfeld.de\/2022\/09\/22\/die-lage-der-bauern-und-ihre-proteste\/<\/a><\/p>\n<p>.<\/p>\n<p><strong>Anthony-Robert Lee: &#8222;Wir k\u00f6nnen uns nicht mehr ern\u00e4hren\u201c<\/strong><br \/>\nAnthony-Robert Lee bei Viertel nach Acht in BILD TV<br \/>\nAug 23, 2022 Landwirt und Sprecher \u201eLandwirtschaft verbindet Deutschland e.V.\u201c Anthony-Robert Lee macht sich gro\u00dfe Sorge um die Zukunft der Landwirtschaft und um sein eigenes Leben als Landwirt. Er sagt:<br \/>\n\u201eIch sorge mich um meine Zukunft. Landwirte k\u00f6nnen nicht mehr mit dem Einzelhandel konkurrieren und auch nicht mehr mit den billigeren Produkten aus dem Ausland. Beispiel: Pr\u00e4sident Bolsonaro in Brasilien holzt die Regenw\u00e4lder ab und nutzt die Fl\u00e4chen f\u00fcr Viehzucht.<br \/>\nDas Rindfleisch wird zum Teil zu Dumping-Preisen ins Ausland exportiert.<br \/>\nIn Deutschland sind die D\u00fcngevorgaben so, dass der Proteingehalt des Weizens nur bei ungef\u00e4hr acht statt bei zw\u00f6lf Prozent liegt. Deutschland schafft sich ern\u00e4hrungspolitisch ab, wird sich bald selbst nicht mehr versorgen k\u00f6nnen \u2013 Friede und Wohlstand sind gef\u00e4hrdet.\u201c<br \/>\n<a href=\"https:\/\/youtu.be\/2lQ43phefrw\">https:\/\/youtu.be\/2lQ43phefrw<\/a><\/p>\n<p>Kommentar:<br \/>\nJournalistisch gut gemachter Beitrag, aber leider einseitige Auswahl 3 (deutscher Gr\u00f6\u00dfenwahn: wir besiegen eine Atommacht) zu 1 (Pfl\u00fcger). Warum nicht ausgewogener 2 zu 2 (Pfl\u00fcger + Friedensbewegung)?<br \/>\nEnde Kommentar<br \/>\n24.8.2022<br \/>\n<a href=\"https:\/\/www.badische-zeitung.de\/ein-friede-ist-nicht-in-sicht--216524707.html?ts=1661329101#comment_216538395\">https:\/\/www.badische-zeitung.de\/ein-friede-ist-nicht-in-sicht&#8211;216524707.html?ts=1661329101#comment_216538395<\/a><\/p>\n<p>&nbsp;<\/p>\n<p><strong>Freiebauern.de: \u00d6ko &#8211; G\u00e4nsebl\u00fcmchenwiese mit Streichelzoo bringt nichts<\/strong><br \/>\nDer mittelst\u00e4ndische Verband Freie Bauern hat vor \u201e\u00f6kologischen Mi\u00dfverst\u00e4ndnissen\u201c beim Umbau des deutschen Agrarsektors gewarnt. \u201eF\u00fcr die Umwelt bringt es rein gar nichts, wenn wir unsere Landwirtschaft in eine G\u00e4nsebl\u00fcmchenwiese mit Streichelzoo verwandeln und die Lebensmittel kommen aus dem brennenden Regenwald\u201c, kritisierte Peter Guhl von der Bundesvertretung in Westmecklenburg.<br \/>\n\u00d6kologisch richtig sei vielmehr eine hohe Selbstversorgung aus heimischer Erzeugung in einer hochproduktiven Kulturlandschaft: \u201eNeue Naturschutzgebiete, Bl\u00fchfl\u00e4chen und Vern\u00e4ssungen brauchen wir daf\u00fcr definitiv nicht\u201c, findet der 56j\u00e4hrige Milchviehhalter vom Hof Weitenfeld im Amt Boizenburg-Land. \u201eOhne die Rodung von W\u00e4ldern und die Trockenlegung von S\u00fcmpfen seit dem Mittelalter h\u00e4tte es unsere abwechslungsreichen Landschaften mit ihrer vielf\u00e4ltigen Flora und Fauna nie gegeben.\u201c<br \/>\nNeue Bewirtschaftungsauflagen oder Fl\u00e4chenstillegungen f\u00fchrten lediglich \u201ezu noch mehr Abh\u00e4ngigkeit von Importen und zu Umweltzerst\u00f6rung anderswo\u201c, so Guhl.<br \/>\n<a href=\"https:\/\/www.freiebauern.de\">https:\/\/www.freiebauern.de<\/a><br \/>\n&#8230; Alles vom 20.8.2021 bitte lesen in der JF 34\/21, Seite 22<\/p>\n<p>&nbsp;<\/p>\n<p><strong>Warum nun auch Landwirte Frau Merkel abkanzeln<\/strong><br \/>\n<em>&#8211; Der Landwirtschaft steht laut Zeitung mehr Fl\u00e4che zur Verf\u00fcgung<\/em><br \/>\n<em>&#8211; Zuerst sterben die H\u00f6fe, dann Landstriche, schlie\u00dflich unser Land<\/em><\/p>\n<p>Die alle zehn Jahre stattfindende Landwirtschaftsz\u00e4hlung sollte eigentlich an den Tag bringen, worin die Probleme dieses kleinen aber elementar wichtigen Wirtschaftssektors begr\u00fcndet liegen. Aber nein, die Medien werfen Nebelkerzen, insbesondere Zeitungen. Die Badische Zeitung vom 10.2.2021: \u201eDie Landwirtschaft pr\u00e4gt das Bild der Landschaft\u201c \u2013 wie idyllisch: \u201eFeld, Wald und Wiese bestimmen das Bild in Deutschland und Europa.\u201c Die Realit\u00e4t ist aber: Sie werden Schlag auf Schlag zur\u00fcckgedr\u00e4ngt. Stattdessen ist zu lesen \u2026<\/p>\n<p>\u201eBauern haben mehr Fl\u00e4che\u2026\u201c. Tats\u00e4chlich? Interessant, haben die Landwirte irgendwo Kolonien von denen unsereins nichts wei\u00df? Nein, das nutzbare Land nimmt ab. Wenn ich mich umschaue, weist jede Gemeinde und Stadt neue Wohngebiete aus. Es wird gebaut was das Zeug h\u00e4lt. Viele drehen den Zentren den R\u00fccken, weil dort die Einwohnerstruktur schlechter und es immer enger wird. Sie ziehen ins Umland indem sie dort bauen oder in neugebauten H\u00e4usern Wohnungen anmieten. Merkels Neub\u00fcrger ziehen dagegen in die St\u00e4dte, sobald sie einen Aufenthaltsstatus erhalten.<\/p>\n<p>Der Fl\u00e4chenbedarf und -verbrauch steigt mit den Millionen neuer Einwohner Deutschlands. Was zur Folge hat, dass die Siedlungsfl\u00e4che (und f\u00fcr Verkehr) t\u00e4glich um 56 Hektar zunimmt, rund 80 Fu\u00dfballfelder! Niemand sage, \u201ejuckt mich nicht, ich spiele kein Fu\u00dfball\u201c.<br \/>\nDer Mensch lebt auch nicht vom Brot allein, sondern noch von anderen Fr\u00fcchten der Felder, die immer weniger werden \u2013 nicht mehr. Der Fl\u00e4chenverbrauch verst\u00e4rkte sich ab 2016 wieder, dreimal darf geraten werden warum. 2019 betrug er f\u00fcr Geb\u00e4ude und deren Freifl\u00e4chen elf Prozent mehr gegen\u00fcber 2015. Gegen\u00fcber dem Vorjahr sogar sprunghaft um 6,2 Prozent bzw. 1.625 km\u00b2; ein Streifen von 3 km Breite von Karlsruhe bis Hamburg. Seit 1992 nahm die Siedlungsfl\u00e4che um 33 Prozent zu.<\/p>\n<p><em><strong>Den schwarzen Peter hat haupts\u00e4chlich die Landwirtschaft.<\/strong><\/em> Den Landwirten geh\u00f6rten diese Fl\u00e4chen zwar nicht, das meiste war gepachtet. Entscheidend sind die Eink\u00fcnfte, die verloren gehen, wenn man auf weniger Feldern weniger anbauen kann. Um die Familien zu ern\u00e4hren, muss deshalb rationalisiert werden. Modernere Maschinen lohnen aber nur bei gr\u00f6\u00dferen Anbaufl\u00e4chen, nicht bei weniger. Deshalb m\u00fcssen jedes Jahr H\u00f6fe ihren Betrieb aufgeben; die Felder werden von Anderen gepachtet und weiterbewirtschaftet. Seit 2000 hat sich die Zahl der Landwirtschaftsbetriebe auf 263.500 halbiert. Die Hofgr\u00f6\u00dfe stieg auf durchschnittliche 69 Hektar, aber bei vielen Kulturen sind 100 Hektar zum \u00dcberleben n\u00f6tig.<\/p>\n<p>Auch den \u00fcberlebenden H\u00f6fen geht es nicht gut. Die Wertsch\u00f6pfung, die erzielbaren Preise f\u00fcr Landwirtschaftsprodukte machen gerade noch 0,8 Prozent des gesamten Bruttoinlandsprodukts aus. Die Eink\u00fcnfte m\u00fcssen sich aber 1,3 Prozent der in der Landwirtschaft t\u00e4tigen Bauern und deren Familienangeh\u00f6rige teilen. Das bedeutet, die Ertr\u00e4ge in diesem Prim\u00e4rsektor liegen deutlich hinter dem Sekund\u00e4rsektor (produzierendes Gewerbe) und dem terti\u00e4ren (Dienstleistungen) zur\u00fcck. Zwar stecken Millionen Euro im Inventar solcher Betriebe. Aber vom notwendigen Maschinenpark k\u00f6nnen die Landwirte so wenig runterbei\u00dfen wie Unternehmer von ihren Fabriken.<\/p>\n<p>Problem erkannt, aber leider nicht gebannt. Sogar die Bundesregierung wei\u00df, dass der Fl\u00e4chenfra\u00df so nicht weitergehen kann. Die Baulandpreise nehmen zu und mit ihnen die Immobilien und Mieten. Deshalb wurde als Politikziel proklamiert, bis 2030 neben den Bauern \u201enur noch\u201c 30 Hektar pro Tag opfern zu wollen. Im Kapitel \u201eMa\u00dfnahmen gegen den Fl\u00e4chenverbrauch\u201c des Bundesumweltministeriums finden sich \u00fcber zehn verschiedene Ans\u00e4tze und Instrumente. Das wichtigste aber fehlt: die Zuzugsoffensive Merkels zu stoppen. Unter ihrer Regie nahm die Einwohnerzahl in den letzten acht Jahren um zweieinhalb Millionen zu, die alle wohnen und ern\u00e4hrt sein wollen.<\/p>\n<p>Wer glaubt, den Gr\u00fcnen sei die Ressourcenschonung von landwirtschaftlich nutzbarer Natur ein besonderes Anliegen, glaubt auch an den Kretschmann Baden-W\u00fcrttembergs. Die Gr\u00fcnen wollen r\u00fccksichtslos Menschen aus jedem Winkel dieser Erde zureisen lassen ohne zu sagen, wie sie diese im \u00fcberlaufenen Land unterbringen und versorgen wollen. Und wie sie trotz aller Begleitumst\u00e4nde ihre selbst hochgesteckten Klimaziele erreichen wollen. Vielleicht zaubern diese vor den Wahlen noch Schamanen aus dem Hut, die das alles unter denselben bringen. Ich habe noch Ursprungsgr\u00fcne im Bekanntenkreis, welche \u00fcber die Migrationspolitik Politik ebenfalls den Kopf sch\u00fctteln. Je mehr die Berufsgr\u00fcnen die Parlamente erobern, desto mehr verlieren sie an Bodenhaftung. Wohin soll das f\u00fchren? Wird Grund und Boden als Spekulationsobjekt unbezahlbar?<\/p>\n<p><em><strong>In den USA ist inzwischen Bill Gates der gr\u00f6\u00dfte Eigent\u00fcmer von Ackerland.<\/strong><\/em> Hoffen wir, in Deutschland kreist kein solcher Geier \u00fcber den H\u00f6fen unserer Landwirte. Im Moment sind es die Gr\u00fcnen, die der Landwirtschaft mit allerlei Schikanen zusetzen. Deshalb demonstrierten einige Bauern in Berlin. Vielleicht steckt sogar System hinter dieser Politik. Denn ver\u00f6detes Ackerland von ausgestiegenen Bauern l\u00e4sst sich widerstandslos mit Solarparks zupflastern. Ein Eldorado f\u00fcr die FFF-Aktivistin Luisa Neubauer, die von den Gr\u00fcnen verg\u00f6ttert wird.<br \/>\n14.2.2021, Albrecht K\u00fcnstle<\/p>\n<p>&nbsp;<\/p>\n<p>&nbsp;<\/p>\n<p><strong>Schill (BLHV): &#8222;Die meisten wissen, dass es so nicht weiter geht&#8220;<\/strong><br \/>\nNicht die Landwirtschaft alleine wird in Haftung genommen f\u00fcr das Erreichen der Artenschutzziele, sondern auch Verbraucher, Kommunen und das Land. So steht es im Eckpunktepapier, das das Land mit den Initiatoren des Volksbegehrens &#8222;Rettet die Bienen&#8220; ausgehandelt hat. Friedbert Schill, \u00d6kolandwirt in der March und Kreisvorsitzender des Bauernverbands BLHV in Freiburg, erkl\u00e4rt im Gespr\u00e4ch mit Klaus Riexinger, was die Landwirtschaft beitragen kann.<br \/>\nBZ: Herr Schill, hat das Land mit seinem Eckpunktepapier zur Befriedung des Konflikts zwischen Landwirtschaft und Umweltschutz beigetragen?<br \/>\nSchill: Ja, klar. Wenn man sich anschaut, was im Volksbegehren alles gefordert wurde, wurde einiges richtig gut entsch\u00e4rft.<br \/>\nBZ: Was sind f\u00fcr Sie die entscheidenden Ver\u00e4nderungen?<br \/>\nSchill: Die Reduktion der Pflanzenschutzmittel ist zwar immer noch umstritten, weil als Ziel bis 2030 50 Prozent vorgegeben sind. Es steht aber nicht mehr drin, dass jeder Betrieb das Ziel erreichen muss; das Land insgesamt muss diese Reduktion erreichen. Daf\u00fcr steht auch das Land in der Verantwortung.<br \/>\nBZ: Der Bauernverband BLHV ist bereit mitzumachen \u2013 vorausgesetzt \u00d6konomie und \u00d6kologie sind vereinbar.<br \/>\nSchill: Im Moment hat der Markt eine unglaubliche Macht. Manche Handelsunternehmen kommen mit Vorschriften, die \u00fcber den gesetzlichen Rahmen hinausgehen. Vor allem f\u00fcr kleinere Betriebe ist es fast nicht leistbar. Die kleinteilige s\u00fcdbadische Landwirtschaft ist da klar gegen\u00fcber Gro\u00dfbetrieben benachteiligt. Deshalb sollten wir dringend den Absatz regionaler Produkte in unserer Region steigern und somit unsere Produzenten st\u00e4rken.<\/p>\n<p>BZ: An der Marktmacht des Lebensmittelhandels werden Sie kaum etwas \u00e4ndern.<br \/>\nSchill: Aber es entstehen Nischen. Was mir Freude bereitet, ist, dass die inhabergef\u00fchrten Edeka-M\u00e4rkte relativ selbst\u00e4ndig sind. Meine beiden S\u00f6hne haben sich mit zwei anderen Betrieben zusammengetan und eine Marke gegr\u00fcndet \u2013 die sind damit jetzt in regionalen Edeka-M\u00e4rkten vertreten. Bernhard Walz in Heitersheim hat auch seine eigene Marke gegr\u00fcndet und liefert an die Hieber-M\u00e4rkte. So eine Kooperation er\u00f6ffnet neue Chancen, sie ist allerdings mit Aufwand verbunden \u2013 vor allem im Marketing. F\u00fcr Landwirte ist das neu. Bislang liefern die Betriebe ihre Ware einfach beim H\u00e4ndler ab. Auf der anderen Seite gibt es auch im Naturkosthandel eine Konzentration. Die Betriebe werden gr\u00f6\u00dfer und f\u00fcr die kleinen, regionalen Erzeuger schwerer erreichbar. Gefragt sind gr\u00f6\u00dfere Erzeuger.<br \/>\nBZ: Warum gibt es in der Landwirtschaft keinen Aufschrei wegen des Insektensterbens? Schlie\u00dflich sind 80 Prozent der Pflanzen auf die Best\u00e4ubungsleistung der Bienen angewiesen. Ohne Bienen keine Landwirtschaft.<br \/>\nSchill: Sie haben Recht. Eigentlich h\u00e4tte es einen Aufschrei geben m\u00fcssen. Ihre Frage hat aber eine psychologische Dimension. Vielleicht kam der Aufschrei aus Sicht der Landwirtschaft von der falschen Seite zuerst und viele haben den Eindruck, dass man mit dem Finger auf uns zeigt. Dann darf man nicht vergessen, dass viele Betriebe ums \u00dcberleben k\u00e4mpfen. In dieser Situation kommen weitere Auflagen. Ich habe aber den Eindruck, dass die meisten Landwirte wissen, dass es so wie bisher nicht weitergehen kann.<br \/>\nBZ: Etwa 14 Prozent der Betriebe haben bis 2018 auf Bio umgestellt. Nun soll die Quote bis 2030 auf 30 bis 40 Prozent gehoben werden. Wie kann das Land darauf Einfluss nehmen?<br \/>\nSchill: Das Land hat sich angeschaut wie viele Betriebe in der Vergangenheit auf Bio umgestellt haben und hat das dann auf das Jahr 2030 hochgerechnet. Das k\u00f6nnte tats\u00e4chlich klappen. Wir m\u00fcssen aber darauf achten, dass es f\u00fcr Bio-Produkte auch einen Markt gibt. Ohne steigende Nachfrage geht es nicht. Das Land kann \u00d6kolandfl\u00e4chen subventionieren, Umstellungen unterst\u00fctzen und es kann f\u00fcr eine Marktstimulierung sorgen.<br \/>\nBZ: Sie haben bereits 1981 auf Bio umgestellt. Was war Ihre Motivation?<br \/>\nSchill: Ich habe eine Frau aus Eichstetten geheiratet \u2026 (lacht)<br \/>\nBZ: \u2026 Eichstetten gilt als Bio-Hochburg.<br \/>\nSchill: Ja. Als damals 25-J\u00e4hriger bin ich in dieses Biotop in Eichstetten geraten und habe gesehen wie die Landwirtschaft dort anders gelebt wird. Da war Sch\u00f6pfung ein Thema und der Umgang mit der Natur und den Tieren. Mit \u00d6ko oder Gr\u00fcn hatte das nichts zu tun. Wir d\u00fcrfen heute nicht den Konflikt mit Ideologien \u00fcberfrachten. Auch die Schwarzen sollten begreifen, dass es um mehr geht als um Schwarz oder Gr\u00fcn.<\/p>\n<p><em>Friedbert Schill (65) bewirtschaftet mit seiner Familie 60 Hektar, davon f\u00fcnf Hektar Reben. Zum Hof geh\u00f6rt auch eine Strau\u00dfe.<\/em><br \/>\n&#8230; Alles vom 24.2.2020 bitte lesen auf<br \/>\n<a href=\"https:\/\/www.badische-zeitung.de\/die-meisten-wissen-dass-es-so-nicht-weiter-geht--182921947.html\">https:\/\/www.badische-zeitung.de\/die-meisten-wissen-dass-es-so-nicht-weiter-geht&#8211;182921947.html<\/a><\/p>\n<p>.<\/p>\n<p>&nbsp;<\/p>\n<p><strong>Bauern-Demo in Westfalen gegen Verunglimpfung durch WDR\u00a0<\/strong><br \/>\nBauern aus Ostwestfalen-Lippe wollen am Dienstag ab 13 Uhr mit Treckern durch Bielefeld fahren und vor dem WDR-Regionalstudio an der Lortzingstra\u00dfe demonstrieren. &#8230;<br \/>\nLandwirt Markus Blome aus Delbr\u00fcck (Kreis Paderborn) hat die Demo angemeldet: \u201eSie richtet sich nicht gegen das Studio Bielefeld, sondern gegen den <a title=\"WDR\" href=\"https:\/\/www.freiburg-schwarzwald.de\/blog\/kultur\/medien\/wdr\/\">WDR in K\u00f6ln<\/a>. Wir beobachten, dass in vielen Radio- und TV-Programmen des WDR einseitig zu Lasten der Bauern berichtet wird. Warum kommt der WDR nicht auf unsere H\u00f6fe und macht sich selbst ein Bild?\u201c Die Bauern erwarten 100 Trecker.<br \/>\n&#8230; Alles vom 21.1.2020 bitte lesen auf<br \/>\n<a href=\"https:\/\/www.westfalen-blatt.de\/OWL\/Bielefeld\/Bielefeld\/4105504-Mit-Treckern-durch-Bielefeld-Detmolder-Strasse-gesperrt-Bauern-Demo-gegen-WDR\">https:\/\/www.westfalen-blatt.de\/OWL\/Bielefeld\/Bielefeld\/4105504-Mit-Treckern-durch-Bielefeld-Detmolder-Strasse-gesperrt-Bauern-Demo-gegen-WDR<br \/>\n<\/a>.<\/p>\n<p><strong>Demo gegen WDR: Verunglimpfung der Bauern<\/strong><br \/>\n50 Bauern aus OWL protestieren in Bielefeld gegen den WDR: \u201eAuf dem Land brodelt es\u201c<br \/>\nBielefeld (WB). Mit 50 Traktoren haben erboste Landwirte aus weiten Teilen Ostwestfalen-Lippes am Dienstagmittag zeitweise den Bielefelder Innenstadtverkehr blockiert. Vor dem Landesstudio des Westdeutschen Rundfunks (WDR) protestierten sie gegen die ihrer Meinung nach \u201eeinseitige und verunglimpfende Berichterstattung\u201c in mehreren TV- und Radiosendungen der WDR-Zentrale in K\u00f6ln.<br \/>\nManche von ihnen waren bereits bei den Bauerndemonstrationen in Berlin und Hamburg, um ihre Berufssparte dort gegen die Vorw\u00fcrfe in Sachen Tierschutz und D\u00fcngeregeln zu verteidigen. In ihrem Gep\u00e4ck nach Bielefeld hatten sie Plakate mit Aufschriften wie \u201eDie Maus und der Elefant \u2013 ihr wart wohl schon lange nicht mehr auf dem Land\u201c, \u201eBiete Praktikumsstelle f\u00fcr Redakteure auf dem Bauernhof\u201c oder \u201eKennt Ihr den Unterschied zwischen Nachricht und Meinung?\u201c und eine gro\u00dfe Portion Wut: \u201eAuf dem Land brodelt es. Die Leute haben die Schnauze voll von dieser Stimmungsmache gegen uns!\u201c, wetterte Landwirt Burkhard Berg aus Lichtenau.<br \/>\nSo soll ein Beitrag in dem naturwissenschaftlich orientierten WDR-Format \u201eQuarks und Co.\u201c die Landwirtschaft f\u00fcr den Untergang der Menschheit verantwortlich gemacht haben. Eine andere Sendung auf 1-Live soll unterstellt haben, dass \u201edie K\u00fche in unserer Massentierhaltung Euter so gro\u00df wie Kleinwagen haben und aus ihnen nur Eiter und Antibiotika k\u00e4men\u201c. Diese Darstellung habe nichts mit objektiver, wissenschaftlich basierter Berichterstattung zu tun, finden die heimischen Bauern.<br \/>\n\u201eDas ist Stimmungsmache. Bitte unterlassen Sie das und bleiben sie bei der Wahrheit\u201c, fordern sie von den WDR-Redakteuren. \u201eAuch wir zahlen Rundfunkgeb\u00fchren und erwarten daf\u00fcr von diesem \u00f6ffentlich-rechtlichen Sender, dass er seinen Verpflichtungen nachkommt.\u201c Unter dem Titel \u201ePressefreiheit ist die Verpflichtung zu Wahrheit und Neutralit\u00e4t\u201c \u00fcbergab Bauernsprecher Marcus Blome aus Delbr\u00fcck ein entsprechendes Schreiben an J\u00f6rg Br\u00fccher, den WDR-Studioleiter in Bielefeld. Der ist zwar nicht verantwortlich f\u00fcr die kritisierten Inhalte, versprach aber, seine Kollegen in K\u00f6ln \u00fcber die Bielefelder Aktion in Kenntnis zu setzen. &#8230;.<br \/>\nWenn er eines der ihm hier angebotenen Praktika auf dem Bauernhof tats\u00e4chlich antr\u00e4te, was er denn da genau machen m\u00fcsste, wollte Br\u00fccher wissen. \u201eDen ganzen Tag malochen\u201c, bekam er unter schallendem Gel\u00e4chter zu h\u00f6ren. \u201eUnd bringen Sie Ihre Gummistiefel mit\u201c, empfahl einer der Demonstranten.<br \/>\nGenerell zeigten die mental aufgeheizten Bauern aber Gespr\u00e4chsbereitschaft: \u201eKommen Sie in unsere Betriebe. Machen Sie sich selbst ein Bild von der modernen Landwirtschaft\u201c, hatte Marcus Blome stellvertretend f\u00fcr alle formuliert. \u201eWir bieten Ihnen alle Facetten, die der l\u00e4ndliche Raum und die Landwirtschaft zu bieten haben. Denn wir Landwirte sind es doch, die unser Volk satt machen!\u201c<br \/>\n&#8230; Alles vom 22.1.2020 bitte lesen auf<br \/>\n<a href=\"https:\/\/www.westfalen-blatt.de\/OWL\/Bielefeld\/Bielefeld\/4106616-50-Bauern-aus-OWL-protestieren-in-Bielefeld-gegen-den-WDR-Auf-dem-Land-brodelt-es\">https:\/\/www.westfalen-blatt.de\/OWL\/Bielefeld\/Bielefeld\/4106616-50-Bauern-aus-OWL-protestieren-in-Bielefeld-gegen-den-WDR-Auf-dem-Land-brodelt-es<\/a><\/p>\n<p>&nbsp;<\/p>\n<p><strong>Land schafft Verbindung: Bauernprotest in Berlin<\/strong><br \/>\n<strong>Bauern ohne Bonzen<\/strong><br \/>\n<em>Protestbewegung \u201eLand schafft Verbindung\u201c: Zum zweiten Mal innerhalb weniger Wochen gehen Zehntausende Landwirte gegen die Bundesregierung auf die Stra\u00dfe<\/em><br \/>\n<em>von Christian Vollradt<\/em><br \/>\nTraktoren so weit das Auge reicht, aufgereiht wie an einer Perlenschnur, mitten in der Hauptstadt, geparkt entlang der Stra\u00dfe des 17. Juni. Berlin erlebte am Dienstag einen besonderen Protestzug. In kilometerlangen Konvois waren Bauern aus ganz Deutschland zusammengekommen, nach Veranstalterangaben rund 40.000 Teilnehmer und \u00fcber 8.000 Schlepper. Es war die Fortsetzung der j\u00fcngsten Demonstrationen gegen die Agrarpolitik der Bundesregierung (JF 45\/19).<br \/>\nIhre Kritik an versch\u00e4rften Richtlinen beim D\u00fcngereinsatz oder Pflanzenschutz wollen die Landwirte nicht als Opposition gegen Insektenschutz beispielsweise, das Tierwohl oder bessere Grundwasserqualit\u00e4t verstanden wissen. Dies seien \u201ealles Dinge, die auch Landwirten am Herzen liegen\u201c, weil sie \u201eauf eine intakte Natur angewiesen\u201c sind. Die Auswirkungen der im Agrarpaket zusammengeschn\u00fcrten Beschl\u00fcsse seien jedoch keiner Folgeabsch\u00e4tzung unterzogen worden, \u201eihre direkte Auswirkung auf die regionale Landwirtschaft in keiner Weise beleuchtet und das Fachwissen und die vielf\u00e4ltigen Erfahrungen der Landwirte vor Ort\u201c nicht ber\u00fccksichtigt worden.<br \/>\nDie Bauern br\u00e4uchten nicht permanent neue Bestimmungen, sondern wegen notwendiger Investitionen Planungssicherheit und eine Politik, die ihre Entscheidungen nicht \u201eauf der Suche nach m\u00f6glichst gro\u00dfem Applaus der breiten \u00d6ffentlichkeit\u201c treffe, sondern auf Grundlage wissenschaftlicher Erkenntnisse, hei\u00dft es in einem Aufruf der Demonstrationsanmelder. Besonders sauer st\u00f6\u00dft vielen, die seit mehreren Generationen ihre H\u00f6fe betreiben, auf, da\u00df sie einseitig f\u00fcr \u00f6kologische Mi\u00dfst\u00e4nde verantwortlich gemacht werden. Bauernfamilien beklagen, da\u00df ihre Kinder in der Schule gemobbt werden. Und die Sorge, ob der stets weitervererbte Betrieb eine Zukunft hat, treibt alle um. Symbolisch stehen zahlreiche Trettraktoren und Kindergummistiefel vor dem Brandenburger Tor. Ein kleiner Junge tr\u00e4gt ein Schild: \u201eMama, lohnt es sich, einen Treckerf\u00fchrerschein zu machen?\u201c<\/p>\n<p>Sowohl bei den Organisatoren der erst im Oktober ins Leben gerufenen Gruppe \u201eLand schafft Verbindung\u201c auf der B\u00fchne als auch unter den Teilnehmern begreift man die aktuellen Proteste auch als Signal an die eigenen Interessenverb\u00e4nde. \u201eNehmt euch an uns ein Beispiel\u201c, ruft einer der Redner dem Deutschen Bauernverband sowie dessen Konkurrenten in der Branche zu. \u201eH\u00f6rt auf, gegeneinander zu arbeiten! Und la\u00dft euch nicht von Politikern gegeneinander ausspielen, nur gemeinsam k\u00f6nnen wir etwas erreichen!\u201c<br \/>\nSogar hauptamtliche Mitarbeiter des Bauernverbandes geben zu, da\u00df diese Basisbewegung mehr Aufmerksamkeit f\u00fcr die Sorgen des Berufsstands erzielt hat als die in Berlin gut vernetzte Lobby. \u201eHier steht das Volk, keine Funktion\u00e4re\u201c, meint einer von ihnen am Rande der Demonstration vor dem Brandenburger Tor. Allein \u00fcber Kontakte durch Soziale Netzwerke und WhatsApp-Gruppen h\u00e4tten haupts\u00e4chlich j\u00fcngere Landwirte ein Netzwerk gekn\u00fcpft und Zehntausende auf die Stra\u00dfe gebracht, zeigte sich der Agrarwissenschaftler beeindruckt. \u201eDie Leute sind echt w\u00fctend, das l\u00e4\u00dft sich nicht mehr einfangen. Denen macht keiner mehr etwas vor.\u201c<br \/>\nDas bekamen auch Umweltministerin Svenja Schulze (SPD) und Landwirtschaftsministerin Julia Kl\u00f6ckner (CDU) bei ihren um Beschwichtigung bem\u00fchten Auftritten vor den Demonstranten zu sp\u00fcren. Deren Zorn auf die Politik entlud sich nicht nur in Buhrufen oder Pfiffen, sondern f\u00fcr eine Weile auch mit \u2013 verabredetem \u2013 Schweigen. Mucksm\u00e4uschenstill war es da auf einmal inmitten der Menschenmenge. Ein Zeichen, das seine Wirkung nicht verfehlte.<br \/>\nEine kleine Gruppe Bauern aus Niedersachsen, die sich \u00fcber die ihrer Meinung nach zu einseitige und allein an der Ideologie von Umweltverb\u00e4nden sowie NGOs orientierte Berichterstattung der linken Tageszeitung taz ge\u00e4rgert haben, stattete vor Beginn der Demo der Redaktion einen kurzen Besuch ab. Mit einem Traktor sowie Transparenten zogen sie vor den Sitz der Zeitung in der Friedrichstra\u00dfe, luden Redakteure zum Kaffee und Gespr\u00e4ch ein und \u00fcberreichten eine goldene Schubkarre \u2013 bef\u00fcllt mit echtem Pferdemist.<br \/>\n29.11.2019, Christian Vollradt , JF 49\/19, Seite 7, <a href=\"https:\/\/www.jungefreiheit.de\">https:\/\/www.jungefreiheit.de<\/a><\/p>\n<p><a href=\"https:\/\/www.land-schafft-verbindung.de\">https:\/\/www.land-schafft-verbindung.de<\/a><\/p>\n<p>&nbsp;<\/p>\n<p>.<\/p>\n<p>&nbsp;<\/p>\n<p><strong>Agrarlobby sollte Interessen im Dialog mit der Gesellschaft diskutieren<\/strong><br \/>\nEndlich wird \u00fcber die Lage unserer Landwirtschaft, aber auch die Lage von Umwelt und Natur \u00f6ffentlich diskutiert. Bei aller notwendig gewordenen Heftigkeit nach so vielen Jahren des Aussitzens seitens des gesamten Agrarapparates bedarf es doch des genauen Hinschauens.<br \/>\nEs ist mehr als schade, wenn die BZ einen dpa-Bericht \u00fcbernimmt, in dem die zwei gegens\u00e4tzlichen Demonstrationen ineinanderger\u00fchrt werden: einerseits der der ewig gestrigen Agrarlobby, die wieder einmal versucht, die notwendigen Reformen zugunsten unserer Umwelt aufzuhalten; andererseits die Demonstration eines B\u00fcndnisses von Landwirten und Umweltsch\u00fctzern vor dem Stra\u00dfburger Europaparlament, die genau diese Reformen dringend einfordert.<br \/>\nTraurig, wie sich auch die badischen Bauernverb\u00e4nde wieder einmal in die Phalanx der norddeutschen Gro\u00dfbetriebe und Massentierhalter zwingen lassen, die es einfach nicht akzeptieren wollen, dass nach \u00fcber zehn Jahren des Verschluderns und steigender Nitratwerte im Grundwasser endlich doch auch in Deutschland die Europ\u00e4ische Gew\u00e4sserrichtlinie umzusetzen ist. \u00c4hnlich gestrig und verstockt zeigen sich die badischen Agrarfunktion\u00e4re bislang bez\u00fcglich des Volksbegehrens &#8222;Rettet die Bienen&#8220;. Und selbst jetzt, wo ihnen die Landesregierung mit einem sehr moderaten Eckpunktepapier aus der Trotzecke helfen will, verbreiten sie lieber Weltuntergangsstimmung und die Spaltung der Gesellschaft. Es wird h\u00f6chste Zeit, dass auch die Agrarlobby begreift, dass man seine Interessen nachhaltig nur im offenen Dialog mit der Gesellschaft durchsetzen kann.<br \/>\n15.11.2019, Eckhard Engert, Agraringenieur, Freiburg, BZ<br \/>\n.<br \/>\nZu: &#8222;Proteste gegen die Agrarpolitik&#8220;, Agenturbeitrag (Wirtschaft) vom 22.10.2019<br \/>\n<a href=\"https:\/\/www.badische-zeitung.de\/bauern-protestieren-gegen-agrarpolitik--178623602.html\">https:\/\/www.badische-zeitung.de\/bauern-protestieren-gegen-agrarpolitik&#8211;178623602.html<br \/>\n<\/a>\u00a0.<br \/>\n<strong>Deutsch-franz\u00f6sischer Demonstrationszug zum Europaparlament wollte nachhaltige EU-Agrarreform<\/strong><br \/>\nDie BZ gibt dem Protest der gro\u00dfen Bauernverb\u00e4nde viel Raum: Gleich auf der Titelseite ein Foto mit Traktoren auf dem M\u00fcnsterplatz, auf der Wirtschaftsseite ein zusammenfassender dpa-Bericht zu den Forderungen der protestierenden Bauern und B\u00e4uerinnen. Dabei gilt das mediale Interesse vor allem denjenigen, die sich gegen Umweltauflagen wie zum Beispiel strengere D\u00fcngeregeln (Gew\u00e4sserschutz) und Einschr\u00e4nkung des Pestizideinsatzes positionieren. Aufmerksamkeit bekommen also Bef\u00fcrworter einer industrialisierten Landwirtschaft, die mit verantwortlich ist f\u00fcr die Ver\u00f6dung von Landschaften und D\u00f6rfern (Agrarw\u00fcsten, Tierfabriken, Verlust von Artenvielfalt, H\u00f6festerben).<br \/>\nSchade, dass die Badische Zeitung dem grenz\u00fcbergreifenden deutsch-franz\u00f6sischen Demonstrationszug zum Europaparlament so wenig Aufmerksamkeit gewidmet hat. Der fand zwar zeitgleich zu den Protesten von Bauernverband und Agrarindustrie statt, hatte aber eine deutlich andere Zielsetzung: eine nachhaltige EU-Agrarreform, die eine menschen-, tier- und umweltfreundliche Landwirtschaft f\u00f6rdert, durch entsprechende Rahmenbedingungen, auch bei der Vergabe von Subventionen. F\u00fcr diese Ziele zogen die demonstrierenden Bauern und B\u00e4uerinnen, Imker und Naturschutzaktive gemeinsam zum Europaparlament in Stra\u00dfburg.<br \/>\nDass dieses Ziel einer Agrarwende f\u00fcr mehr Tierwohl, Arten- und Umweltschutz erreicht wird, daf\u00fcr sind wir als Konsumenten mit verantwortlich. Mit unserem Einkaufsverhalten zeigen wir n\u00e4mlich unsere Wertsch\u00e4tzung f\u00fcr eine umweltfreundliche regionale Landwirtschaft. Ebenso wichtig ist au\u00dferdem die Unterst\u00fctzung politischer Forderungen, also: keine Handelsabkommen mit Staaten, die die Abholzung von W\u00e4ldern und andere Umweltzerst\u00f6rungen erlauben.<br \/>\n15.11.2019, Rita Makarinus, Offenburg,BZ<br \/>\n.<\/p>\n<p><strong>Die Anliegen der beiden Kundgebungen waren v\u00f6llig unterschiedlich<\/strong><br \/>\nZwei Demonstrationen zur Agrarpolitik gab es, die in ihrer Zielsetzung ganz unterschiedlich waren. Eine in Freiburg sowie in anderen deutschen St\u00e4dten und eine in Stra\u00dfburg, an welcher ich teilnahm. In Stra\u00dfburg wurde vor dem dort tagenden EU-Parlament lautstark eine Wende in der Agrarpolitik und deren Subventionierung unter Beteiligung von Landwirten gefordert. Notwendig sind eine auf Nachhaltigkeit setzende Direktf\u00f6rderung und die Vermeidung klimasch\u00e4dlicher Monokulturen, nicht artgerechter Massentierhaltung und die Vermeidung von Nitrat und Pestiziden in unserem Trink- und Grundwasser. In Freiburg protestierten Landwirte f\u00fcr den agrarpolitischen Status quo, gegen &#8222;Pro Biene&#8220; und \u00fcberhaupt gegen das bescheidene Agrarpaket der Bundesregierung, das zuk\u00fcnftig strengere D\u00fcngeregelungen sowie das Verbot von Glyphosat f\u00fcr den Insektenschutz ab 2023 vorsieht.<br \/>\nDie Anliegen der beiden Kundgebungen waren von ihrer Ausrichtung her v\u00f6llig unterschiedlich. Dass die Badische Zeitung diese in ihrer Berichterstattung vermengt, ist unsachgem\u00e4\u00df und unangemessen.<br \/>\n15.11.2019, Benedikt Kaukler, Freiburg<\/p>\n<p>&nbsp;<\/p>\n<p>&nbsp;<\/p>\n<p><strong>Bauernproteste: \u201eHoffentlich dreht keiner durch\u201c<\/strong><br \/>\nMoritz Schwarz<br \/>\n<em>Zigtausende Bauern haben etliche deutsche Gro\u00dfst\u00e4dte lahmgelegt. Denn ihre Lage werde immer verzweifelter, so Bauernbundpr\u00e4sident Kurt-H. Klamroth, auch wegen der wachsenden \u00d6ko-Ideologie<\/em><br \/>\n.<br \/>\nHerr Klamroth, lange haben die Bauern nicht mehr demonstriert. Warum jetzt wieder?<br \/>\nKurt-Henning Klamroth: Was viele B\u00fcrger nicht mitbekommen haben ist, da\u00df der Protest nicht von uns, den Bauernverb\u00e4nden, organisiert wurde, sondern ein Aufstehen der Basis ist! Ich finde das gut, und nat\u00fcrlich haben wir ihn unterst\u00fctzt. Denn er zeigt, wie gro\u00df Verzweiflung und Wut vieler Bauernfamilien inzwischen sind. Als sich vergangene Woche allein zweitausend Schlepper auf den Weg zum Bundeslandwirtschaftsministerium in Bonn gemacht haben und mit weiteren 13.000 Traktoren in anderen deutschen St\u00e4dten demonstriert wurde, dachte ich nur: Hoffentlich dreht keiner unserer Bauern durch!<br \/>\n.<br \/>\nWarum denn das?<br \/>\nKlamroth: Zum einen, weil die wirtschaftliche Lage vieler H\u00f6fe durch eine geradezu perverse Agrarpolitik inzwischen sehr prek\u00e4r ist. Zum anderen wegen der permanenten Anfeindungen, die wir seitens Politik, Medien, Umweltverb\u00e4nden und eines Teils der Gesellschaft erdulden m\u00fcssen. Das hat Ausma\u00dfe angenommen, die nicht mehr ertr\u00e4glich sind!<br \/>\n\u00dcbertreiben Sie nicht? Es gibt auch viel Verst\u00e4ndnis in Medien und \u00d6ffentlichkeit.<br \/>\nKlamroth: Was ich auch nicht leugne, aber viel h\u00e4ufiger sind unfachliche Diffamierungen: der Bauer als Buhmann, verantwortlich f\u00fcr Tierleid, Insektensterben, Chemie im Essen, Grundwasserverschmutzung und dank Klein-Greta jetzt auch noch f\u00fcr die Klimaerw\u00e4rmung.<em><strong> Die Folgen sp\u00fcren wir im Alltag: es reicht von bl\u00f6den Spr\u00fcchen, wenn man in die Kneipe kommt, \u00fcber w\u00fcsteste Beschimpfungen bei der Feldarbeit durch Passanten, die uns \u201eUmweltvergifter\u201c, \u201eTierqu\u00e4ler\u201c, gar \u201eNazis\u201c nennen \u2013 bis hin mitunter zum Mobbing von Bauern-Kindern in der Schule.<\/strong><\/em> Das Ma\u00df ist voll!<br \/>\n.<br \/>\nAber Tierleid, Insektensterben, Grundwasserverschmutzung etc. sind doch Fakt.<br \/>\nKlamroth: Ist eine bestimmte Schadschwelle erreicht, spr\u00fchen wir nat\u00fcrlich Insektizide gegen Ungeziefer, also gegen die Ernte massiv bedrohende Schadinsekten. Das tut auch jeder B\u00fcrger zu Hause, vermutlich viel intensiver, wenn er gegen l\u00e4stige Fliegen spr\u00fcht \u2013 und das garantiert ohne vorherige Schadschwellenanalyse. D\u00fcnger, der von der Pflanze in der aktuellen Vegetationsperiode nicht v\u00f6llig verbraucht wird, bleibt nat\u00fcrlich erst einmal als positiver Saldo im Boden, das hei\u00dft aber noch lange nicht, da\u00df er ins Grundwasser geht. \u00dcbrigens, bis er \u00fcberhaupt ins drei\u00dfig Meter tiefe Grundwasser sickert, dauert es vierzig Jahre! In den lokal sehr begrenzten Gebieten mit Stickstoff\u00fcberschu\u00df, etwa bei uns in Sachsen-Anhalt, diskutieren wir also \u00fcber Altlasten oder Hinterlassenschaften der DDR-\u00c4ra. Bauern sind heute fachlich viel weiter und d\u00fcngen umweltbewu\u00dfter, als da\u00df das von links-gr\u00fcnen Ideologen als \u201eArgument\u201c mi\u00dfbraucht werden d\u00fcrfte. So werden schlagbezogene Analysen gemacht \u2013 ein Schlag ist ein landwirtschaflich genutztes St\u00fcck Land \u2013 und gem\u00e4\u00df komplizierter Berechnungen wird exakt ged\u00fcngt. Wenn man wirklich wissen will, welchen Anteil die Landwirtschaft tats\u00e4chlich an der Grundwasserbelastung hat, sollte man Proben aus Auffanggr\u00e4ben von Feldern nehmen. Ich habe deren Wasser vor laufender Kamera getrunken \u2013 und erfreue mich bester Gesundheit! \u00dcbrigens, trotz, oder besser wegen, des Einsatzes von Chemie ist Menge und Qualit\u00e4t der Nahrung heute viel h\u00f6her als davor \u2013 als sie oft von Krankheitserregern befallen oder von Sch\u00e4dlingen vernichtet wurde. Wir werden immer \u00e4lter, und das ist vor allem wohl auf gesunde Ern\u00e4hrung zur\u00fcckzuf\u00fchren. Doch all das bleibt in den Medien gern unerw\u00e4hnt. Dort werden wir lieber als die Verursacher von Problemen dargestellt, die in Wahrheit Folge unserer modernen Massengesellschaft sind.<br \/>\nWoher r\u00fchrt die verzerrte Wahrnehmung?<br \/>\nKlamroth: Ich meine von einer immer massiver werdenden unfachlichen \u00d6ko-Ideologie, getragen vom Zeitgeist, vielen Medien, von fast allen Parteien, insbesondere den Gr\u00fcnen, und immer aggressiveren Umwelt-Lobbyverb\u00e4nden. Letztere haben inzwischen solchen Einflu\u00df auf die Politik, da\u00df die ihren Forderungen oft folgt, ohne sie zu hinterfragen. So werden immer h\u00e4ufiger Ma\u00dfnahmen ergriffen und Steuergeld verschwendet, die der Umwelt nichts bringen, wenn nicht gar schaden, den Bauern aber das \u00dcberleben schwerer, wenn nicht unm\u00f6glich machen.<br \/>\nAber die Politik machen weder Gr\u00fcne noch Lobbyverb\u00e4nde, sondern die Bundesregierung unter F\u00fchrung der Union.<br \/>\nKlamroth: Das stimmt, und ich habe immer davor gewarnt, da\u00df CDU\/CSU mehr und mehr Richtung Rot-Gr\u00fcn r\u00fccken \u2013 um zu verhindern, da\u00df linker ideologischer Unsinn in die Mitte der Gesellschaft vordringt. Wenn eine b\u00fcrgerliche Partei sich Richtung Rot-Gr\u00fcn ver\u00e4ndert, kann sie keine zukunftsfeste Wirtschaftspolitik machen, was ich f\u00fcr den Standort Deutschland sehr gef\u00e4hrlich finde!<br \/>\n.<br \/>\nSie sind doch selbst CDU-Mitglied.<br \/>\nKlamroth: Sogar seit \u00fcber drei\u00dfig Jahren \u2013 und wie sehr ich jahrzehntelang f\u00fcr die Union gek\u00e4mpft habe! Um so bitterer ist es, heute erleben zu m\u00fcssen, wie meine Partei in Teilen Agrarpolitik unter ideologischen Vorzeichen ausgerechnet der Gr\u00fcnen macht. Und wie sich deshalb immer mehr Bauern von ihr abwenden.<br \/>\nWohin?<br \/>\nKlamroth: Immer mehr zur AfD. Inzwischen heuern selbst gute Leute, die sich mit der Materie auskennen, leider bei der AfD an, um dort Agrarpolitik zu machen. Bei der Landtagswahl in Sachsen-Anhalt 2016 haben bereits 22 Prozent der Bauern AfD gew\u00e4hlt, 2019 in Sachsen waren es schon 34 Prozent \u2013 haupts\u00e4chlich zu Lasten der CDU. Im Grunde geht es uns wie Dieselfahrern oder Eigenheimbesitzern, die \u201eklimagerecht\u201c renovieren m\u00fcssen. Wir werden traktiert und so mancher ruiniert \u2013 nicht um Umwelt- und Naturschutz, sondern um eine Ideologie durchzusetzen, die oft bar jeder Vernunft und Wissenschaftlichkeit l\u00e4ngst machtpolitischer Selbstzweck ist. Wir k\u00e4mpfen also nicht nur f\u00fcr unsere H\u00f6fe und unseren Stand, sondern gegen eine Ideologie, die die ganze Gesellschaft im Visier hat und die nicht haltmachen wird, sollte es ihr eines Tages gelingen, die deutschen Bauern zu ruinieren.<br \/>\nSie sind also entt\u00e4uscht von der CDU?<br \/>\nKlamroth: Nein, das ist das falsche Wort. Ich bin ver\u00e4rgert \u2013 dar\u00fcber, da\u00df wertvolle wertkonservative Grunds\u00e4tze und eine treue, immerhin noch zu 75 Prozent konfessionell christlich gebundene W\u00e4hlerschaft zugunsten des Zeitgeists aufgegeben wird. Die \u00fcbergro\u00dfe Mehrheit der Bauern betreibt eine leistungsf\u00e4hige Landwirtschaft, die sich auf die Generationsverantwortung und den Sch\u00f6pfungsgedanken bezieht. Der Liebe Gott hat uns als \u201eFleischfresser\u201c auf die Welt geschickt \u2013 aber solange wir mit Natur und Tieren leben, wird mit diesen anst\u00e4ndig umgegangen! Daf\u00fcr brauche ich bestimmt keine Nachhilfe irgendwelcher durchgeknallter Gr\u00fcner! Und ich setze auch schon deshalb keine Mittel ein, die die Umwelt vergiften, weil ich damit die Existenz meines Sohnes, der zum Gl\u00fcck den Hof \u00fcbernimmt, und damit Tradition und Erbe, zerst\u00f6ren w\u00fcrde. F\u00fcr unsere Familie l\u00e4\u00dft sich die Zugeh\u00f6rigkeit zum Bauernstand n\u00e4mlich bis ins Jahr 1632 dokumentieren. Sie m\u00fcssen bedenken: unser Stand denkt in Generationen! Und oft ist nichts wichtiger, als da\u00df der Hof eines Tages von den Kindern weitergef\u00fchrt wird. Zum Schlimmsten geh\u00f6rt, wenn sie dir sagen, da\u00df sie das nicht tun werden, weil die Landwirtschaft wegen der Agrarpolitik nur noch viel Arbeit und Sorgen, aber keine Sicherheit mehr bringt und man sich obendrein st\u00e4ndig rechtfertigen und beschimpfen lassen mu\u00df.<br \/>\n.<br \/>\nAuch wenn es unzul\u00e4ssig ist, Bauern nur als Urheber von Umweltproblemen zu sehen, verursachen sie solche nat\u00fcrlich. Ein gewisses Reglement \u2013 jenseits von Ideologie \u2013 m\u00fc\u00dften Sie also doch akzeptieren, um Landwirtschaft \u00f6kologischer zu machen?<br \/>\nKlamroth: Dagegen ist nichts einzuwenden, und es ist im \u00fcbrigen auch keine Erfindung des heutigen Zeitgeists. Denn sp\u00e4testens seit den preu\u00dfischen Reformen Hardenbergs und Steins ab 1807, zu denen auch eine Agrarreform geh\u00f6rte, und dem bahnbrechenden Wirken Johann Heinrich von Th\u00fcnens 1826 ist vern\u00fcnftige Reglementierung Teil landwirtschaftlicher Produktion. Und werden Insektizide ordnungsgem\u00e4\u00df eingesetzt, kann es zu keinem Bienensterben kommen. Aber solche \u201eDetails\u201c interessieren nat\u00fcrlich nicht \u2013 viel einfacher ist es, uns das Bienensterben in die Schuhe zu schieben und Ma\u00dfnahmen zu erlassen, die uns kujonieren, den Bienen nichts bringen, aber den Eindruck erwecken, die Politik tue etwas. So l\u00e4uft das!<br \/>\nSie wollen behaupten, es g\u00e4be in der Landwirtschaft \u00f6kologisch nichts zu verbessern?<br \/>\nKlamroth: Nein, aber das m\u00fcssen sinnvolle, wissenschaftlich begr\u00fcndete Vorschl\u00e4ge sein. Etwa ist die teilfl\u00e4chenspezifische Ausbringung von D\u00fcnge- und Pflanzenschutzmitteln heute, dank modernster Proze\u00dfsteuerung an der Optimierungsgrenze. In vielen Gespr\u00e4chen mit Politik und Verwaltung habe ich, oft auch mit Zorn, zur Kenntnis nehmen m\u00fcssen, da\u00df viele zwar \u201equatschen\u201c, aber keine Ahnung haben \u2013 was k\u00fcmmern die Fakten, solange, was sie machen, ins einschl\u00e4gige politische Meinungsbild pa\u00dft! Und wenn sich die eine oder andere Me\u00dfstelle nicht eignet \u2013 sprich, nicht die \u201egew\u00fcnschte\u201c Grundwasserbelastung\u201c anzeigt \u2013, wird nicht gesagt, alles in Ordnung, sondern man verlegt den Me\u00dfpunkt eben an einen anderen Grundwasser-\u201eHotspot\u201c.<br \/>\nDie Lage der Bauern ist allerdings nicht nur Folge grassierender \u00d6ko-Ideologie.<br \/>\nKlamroth: Ja, das stimmt. Aber wenn ich diesen Faktor anteilsm\u00e4\u00dfig einsch\u00e4tzen sollte, w\u00fcrde ich sagen, er macht etwa sechzig Prozent \u2013 also immerhin \u00fcber die H\u00e4lfte \u2013 unserer Problemlage aus.<\/p>\n<p>Sie kritisieren \u00d6koverordnungen, die den Bauern das \u00dcberleben unm\u00f6glich machen w\u00fcrden. Tats\u00e4chlich aber klagen diese \u00fcber so wirkende Regulierungen schon seit Jahrzehnten, lange bevor CDU\/CSU auf den gr\u00fcnen Zeitgeist eingeschwenkt sind.<br \/>\nKlamroth: Auch das stimmt. Doch war es von der damaligen b\u00fcrokratischen \u00dcberregulierung zur heutigen \u00f6koideologischen ein erheblicher quantitativer und qualitativer Sprung! Und auch wenn es nie gehalten wurde, damals hat jede Partei versprochen: W\u00e4hlt uns, wir bauen B\u00fcrokratie ab! Heute dagegen werben sie mit dem Versprechen immer mehr gr\u00fcner Regulierung! Dennoch, ja, nicht alles Unheil kommt von links. Ich habe schon beklagt, die Politik plage uns mit \u00d6ko-Regelungen, ohne zu wissen, wie die Situation wirklich ist. In der Tat findet sich dieses Problem auch unabh\u00e4ngig vom \u00d6ko-Thema. So behauptet die Politik unverdrossen, eine Arbeitskraft in der Landwirtschaft habe 36.000 Euro durchschnittliches Jahreseinkommen. Da bleibt mir die Spucke weg! Seit Jahren laufen wir gegen diese Phantasiebeispielrechnung Sturm, ohne Erfolg. Doch wie wollen Politiker verantwortungsbewu\u00dfte Agrarpolitik machen, wenn sie die Lage der Bauern falsch ein- und \u00fcbersch\u00e4tzen? Bauern finanzieren zum Beispiel Kredite f\u00fcr Grunderwerb aus ihrem versteuerten Einkommen: Erst bezahlen sie Einkommenssteuer und aus dem dann der Familie zur Verf\u00fcgung stehenden Betrag noch den Ackerkauf.<br \/>\n.<br \/>\nWas werden die Proteste bewirken?<br \/>\nKlamroth: Sie haben erst einmal eine gro\u00dfe Aufmerksamkeit geschaffen, aber das politische Leben ist nat\u00fcrlich viel komplizierter. Es ist wichtig, da\u00df die eigentliche Agrarpolitik gemeinsam mit den legitimierten Berufsst\u00e4nden gemacht wird, und deren hoher Sachverstand wieder Einzug in die agrarpolitischen Aktivit\u00e4ten und Entscheidungen von Bund und L\u00e4ndern findet. F\u00fcr viele Betriebe ist es l\u00e4ngst \u201enach zw\u00f6lf\u201c, und wenn wir uns nicht sofort und gr\u00fcndlich auf unsere konservativen Werte besinnen, gehen nicht nur Strukturen und Traditionen auf den Bauernh\u00f6fen verloren, sondern der gesamte l\u00e4ndliche Raum wird irreversiblen Schaden nehmen. Ich \u00e4rgere mich aber \u00fcber den immer gleichen Gesichtsausdruck der abgew\u00e4hlten Politiker oder \u00fcber ihren geheuchelten Kommentar: \u201eJetzt haben wir euch verstanden!\u201c Das ist d\u00fcmmlich, und sie sind \u00fcberbezahlt.<br \/>\n.<br \/>\n1.11.2019, &#8222;Bauernproteste: Hoffentlich dreht keiner durch&#8220;, Junge Freiheit 45\/19, Seite 3<br \/>\n<a href=\"https:\/\/www.junge-freiheit.de\u00a0\">https:\/\/www.junge-freiheit.de\u00a0<\/a><\/p>\n<p><em>Kurt-Henning Klamroth, ist Pr\u00e4sident des Deutschen Bauernbundes, einer von mehreren Dachorganisationen privater Landwirteverb\u00e4nde in Deutschland, mit Schwerpunkt in Mitteldeutschland. Der Landwirt bewirtschaftet in Thale im Harz (Sachsen-Anhalt) den in der DDR enteigneten Traditionshof seiner Familie mit 140 K\u00fchen und fast 400 Hektar Land, der 1990 restituiert wurde. Dort wurde der auf Landwirtschaftstechnik spezialisierte Diplomingenieur 1952 geboren.<\/em><br \/>\n<a href=\"https:\/\/www.bauernbund.de\">https:\/\/www.bauernbund.de<\/a><\/p>\n<p>&nbsp;<\/p>\n<p><strong>S\u00fcdbadische Landwirte protestieren am M\u00fcnsterplatz in Freiburg<\/strong><br \/>\nAm Dienstag, 22.10.2019, treffen am <a title=\"Muensterplatz\" href=\"https:\/\/www.freiburg-schwarzwald.de\/blog\/regio\/freiburg\/muensterplatz\/\">Freiburger M\u00fcnsterplatz<\/a> immer mehr Traktoren und Landwirte ein. Sie demonstrieren im Rahmen der gesamtdeutschen Bewegung &#8222;Land schafft Verbindung&#8220; gegen die zunehmende Reglementierung und auch Verh\u00f6hnung der Landwirtschaft. Und auch gegen aktuelle Vorhaben wie <a title=\"Rettet die Bienen\" href=\"https:\/\/www.freiburg-schwarzwald.de\/blog\/rettet-die-bienen\/\">&#8222;Pro Biene&#8220;<\/a> und den Berliner &#8222;Agrarpakt&#8220;. Zentraldemo in Bonn.<br \/>\nDie Organisatoren in Freiburg sind private Gruppen von Bauern aus Hochwarzwald, Hotzenwald, Markgr\u00e4flerland, Baar, Hegau, Kaiserstuhl, Breisgau und Ortenau &#8211; allesamt unabh\u00e4ngig von <a title=\"BLHV\" href=\"https:\/\/www.freiburg-schwarzwald.de\/blog\/natur\/landwirt\/blhv\/\">Bauernverb\u00e4nden<\/a> und politischen Parteien.<\/p>\n<p><a href=\"https:\/\/www.freiburg-schwarzwald.de\/blog\/natur\/landwirt\/bauern-protest\/bauerndemo1-191022\/\" rel=\"attachment wp-att-75420\"><img loading=\"lazy\" decoding=\"async\" class=\"alignnone size-thumbnail wp-image-75420\" src=\"https:\/\/www.freiburg-schwarzwald.de\/blog\/wp-content\/uploads\/2019\/10\/bauerndemo1-191022-180x135.jpg\" alt=\"bauerndemo1-191022\" width=\"180\" height=\"135\" srcset=\"https:\/\/www.freiburg-schwarzwald.de\/blog\/wp-content\/uploads\/2019\/10\/bauerndemo1-191022-180x135.jpg 180w, https:\/\/www.freiburg-schwarzwald.de\/blog\/wp-content\/uploads\/2019\/10\/bauerndemo1-191022.jpg 640w\" sizes=\"auto, (max-width: 180px) 100vw, 180px\" \/><\/a>\u00a0 \u00a0 \u00a0 \u00a0 \u00a0\u00a0<a href=\"https:\/\/www.freiburg-schwarzwald.de\/blog\/natur\/landwirt\/bauern-protest\/bauerndemo2-191022\/\" rel=\"attachment wp-att-75421\"><img loading=\"lazy\" decoding=\"async\" class=\"alignnone size-thumbnail wp-image-75421\" src=\"https:\/\/www.freiburg-schwarzwald.de\/blog\/wp-content\/uploads\/2019\/10\/bauerndemo2-191022-180x135.jpg\" alt=\"bauerndemo2-191022\" width=\"180\" height=\"135\" srcset=\"https:\/\/www.freiburg-schwarzwald.de\/blog\/wp-content\/uploads\/2019\/10\/bauerndemo2-191022-180x135.jpg 180w, https:\/\/www.freiburg-schwarzwald.de\/blog\/wp-content\/uploads\/2019\/10\/bauerndemo2-191022.jpg 640w\" sizes=\"auto, (max-width: 180px) 100vw, 180px\" \/><\/a>\u00a0 \u00a0 \u00a0 \u00a0 \u00a0\u00a0<a href=\"https:\/\/www.freiburg-schwarzwald.de\/blog\/natur\/landwirt\/bauern-protest\/bauerndemo3-191022\/\" rel=\"attachment wp-att-75423\"><img loading=\"lazy\" decoding=\"async\" class=\"alignnone size-thumbnail wp-image-75423\" src=\"https:\/\/www.freiburg-schwarzwald.de\/blog\/wp-content\/uploads\/2019\/10\/bauerndemo3-191022-180x135.jpg\" alt=\"bauerndemo3-191022\" width=\"180\" height=\"135\" srcset=\"https:\/\/www.freiburg-schwarzwald.de\/blog\/wp-content\/uploads\/2019\/10\/bauerndemo3-191022-180x135.jpg 180w, https:\/\/www.freiburg-schwarzwald.de\/blog\/wp-content\/uploads\/2019\/10\/bauerndemo3-191022.jpg 640w\" sizes=\"auto, (max-width: 180px) 100vw, 180px\" \/><\/a><br \/>\n(1) Hist. Kaufhaus am 22.10.2019\u00a0 \u00a0 \u00a0 \u00a0 \u00a0 (2) Land schafft Verbindung<\/p>\n<p><a href=\"https:\/\/www.freiburg-schwarzwald.de\/blog\/natur\/landwirt\/bauern-protest\/bauerndemo4-191022\/\" rel=\"attachment wp-att-75424\"><img loading=\"lazy\" decoding=\"async\" class=\"alignnone size-thumbnail wp-image-75424\" src=\"https:\/\/www.freiburg-schwarzwald.de\/blog\/wp-content\/uploads\/2019\/10\/bauerndemo4-191022-180x135.jpg\" alt=\"bauerndemo4-191022\" width=\"180\" height=\"135\" srcset=\"https:\/\/www.freiburg-schwarzwald.de\/blog\/wp-content\/uploads\/2019\/10\/bauerndemo4-191022-180x135.jpg 180w, https:\/\/www.freiburg-schwarzwald.de\/blog\/wp-content\/uploads\/2019\/10\/bauerndemo4-191022.jpg 640w\" sizes=\"auto, (max-width: 180px) 100vw, 180px\" \/><\/a>\u00a0 \u00a0 \u00a0 \u00a0 \u00a0\u00a0<a href=\"https:\/\/www.freiburg-schwarzwald.de\/blog\/natur\/landwirt\/bauern-protest\/bauerndemo5-191022\/\" rel=\"attachment wp-att-75425\"><img loading=\"lazy\" decoding=\"async\" class=\"alignnone size-thumbnail wp-image-75425\" src=\"https:\/\/www.freiburg-schwarzwald.de\/blog\/wp-content\/uploads\/2019\/10\/bauerndemo5-191022-180x135.jpg\" alt=\"bauerndemo5-191022\" width=\"180\" height=\"135\" srcset=\"https:\/\/www.freiburg-schwarzwald.de\/blog\/wp-content\/uploads\/2019\/10\/bauerndemo5-191022-180x135.jpg 180w, https:\/\/www.freiburg-schwarzwald.de\/blog\/wp-content\/uploads\/2019\/10\/bauerndemo5-191022.jpg 640w\" sizes=\"auto, (max-width: 180px) 100vw, 180px\" \/><\/a>\u00a0 \u00a0 \u00a0 \u00a0 \u00a0\u00a0<a href=\"https:\/\/www.freiburg-schwarzwald.de\/blog\/natur\/landwirt\/bauern-protest\/bauerndemo6-191022\/\" rel=\"attachment wp-att-75426\"><img loading=\"lazy\" decoding=\"async\" class=\"alignnone size-thumbnail wp-image-75426\" src=\"https:\/\/www.freiburg-schwarzwald.de\/blog\/wp-content\/uploads\/2019\/10\/bauerndemo6-191022-180x135.jpg\" alt=\"bauerndemo6-191022\" width=\"180\" height=\"135\" srcset=\"https:\/\/www.freiburg-schwarzwald.de\/blog\/wp-content\/uploads\/2019\/10\/bauerndemo6-191022-180x135.jpg 180w, https:\/\/www.freiburg-schwarzwald.de\/blog\/wp-content\/uploads\/2019\/10\/bauerndemo6-191022.jpg 640w\" sizes=\"auto, (max-width: 180px) 100vw, 180px\" \/><\/a><br \/>\n(4)\u00a0 \u00a0 \u00a0 \u00a0 \u00a0 \u00a0 \u00a0 \u00a0 \u00a0 \u00a0 \u00a0 \u00a0 \u00a0 \u00a0 \u00a0 \u00a0 \u00a0 \u00a0 \u00a0 \u00a0 \u00a0 \u00a0 \u00a0 \u00a0 \u00a0 \u00a0 \u00a0 \u00a0 \u00a0 \u00a0(5) \u00dcber 800 Besucher am M\u00fcnster\u00a0 \u00a0 \u00a0 \u00a0 \u00a0(6)<\/p>\n<p><a href=\"https:\/\/www.freiburg-schwarzwald.de\/blog\/natur\/landwirt\/bauern-protest\/bauerndemo7-191022\/\" rel=\"attachment wp-att-75427\"><img loading=\"lazy\" decoding=\"async\" class=\"alignnone size-thumbnail wp-image-75427\" src=\"https:\/\/www.freiburg-schwarzwald.de\/blog\/wp-content\/uploads\/2019\/10\/bauerndemo7-191022-135x180.jpg\" alt=\"bauerndemo7-191022\" width=\"135\" height=\"180\" srcset=\"https:\/\/www.freiburg-schwarzwald.de\/blog\/wp-content\/uploads\/2019\/10\/bauerndemo7-191022-135x180.jpg 135w, https:\/\/www.freiburg-schwarzwald.de\/blog\/wp-content\/uploads\/2019\/10\/bauerndemo7-191022.jpg 480w\" sizes=\"auto, (max-width: 135px) 100vw, 135px\" \/><\/a>\u00a0 \u00a0 \u00a0 \u00a0 \u00a0 \u00a0 \u00a0 \u00a0 \u00a0 \u00a0 \u00a0 \u00a0 \u00a0<a href=\"https:\/\/www.freiburg-schwarzwald.de\/blog\/natur\/landwirt\/bauern-protest\/bauerndemo8-191022\/\" rel=\"attachment wp-att-75428\"><img loading=\"lazy\" decoding=\"async\" class=\"alignnone size-thumbnail wp-image-75428\" src=\"https:\/\/www.freiburg-schwarzwald.de\/blog\/wp-content\/uploads\/2019\/10\/bauerndemo8-191022-180x135.jpg\" alt=\"bauerndemo8-191022\" width=\"180\" height=\"135\" srcset=\"https:\/\/www.freiburg-schwarzwald.de\/blog\/wp-content\/uploads\/2019\/10\/bauerndemo8-191022-180x135.jpg 180w, https:\/\/www.freiburg-schwarzwald.de\/blog\/wp-content\/uploads\/2019\/10\/bauerndemo8-191022-640x482.jpg 640w, https:\/\/www.freiburg-schwarzwald.de\/blog\/wp-content\/uploads\/2019\/10\/bauerndemo8-191022.jpg 749w\" sizes=\"auto, (max-width: 180px) 100vw, 180px\" \/><\/a>\u00a0 \u00a0 \u00a0 \u00a0 \u00a0\u00a0<a href=\"https:\/\/www.freiburg-schwarzwald.de\/blog\/natur\/landwirt\/bauern-protest\/bauerndemo9-191022\/\" rel=\"attachment wp-att-75429\"><img loading=\"lazy\" decoding=\"async\" class=\"alignnone size-thumbnail wp-image-75429\" src=\"https:\/\/www.freiburg-schwarzwald.de\/blog\/wp-content\/uploads\/2019\/10\/bauerndemo9-191022-135x180.jpg\" alt=\"bauerndemo9-191022\" width=\"135\" height=\"180\" srcset=\"https:\/\/www.freiburg-schwarzwald.de\/blog\/wp-content\/uploads\/2019\/10\/bauerndemo9-191022-135x180.jpg 135w, https:\/\/www.freiburg-schwarzwald.de\/blog\/wp-content\/uploads\/2019\/10\/bauerndemo9-191022.jpg 480w\" sizes=\"auto, (max-width: 135px) 100vw, 135px\" \/><\/a><br \/>\n(7) Protest aus Oberharmersbach\u00a0 \u00a0 \u00a0 \u00a0 \u00a0 \u00a0 (8) Martin aus Opfingen\u00a0 \u00a0 \u00a0 \u00a0 \u00a0 \u00a0 \u00a0 \u00a0 \u00a0 \u00a0 \u00a0 \u00a0 \u00a0 \u00a0(9) Beatrix Jenne vom Kaiserstuhl<\/p>\n<p>(1) Traktoren zuhauf auf dem Freiburger M\u00fcnsterplaz zwischen Altem Kaufhaus und M\u00fcnster.<\/p>\n<p>(6) Zun\u00e4chst spricht Kevin Vogel: &#8222;Wir wollen die kleinb\u00e4uerliche Landschaft erhalten.&#8220;<\/p>\n<p>(8) Zweiter Sprecher ist Martin Linser, Landwirt und Winzer aus Opfingen:<br \/>\n&#8222;Wir Kleinbauern wehren uns, von NGO&#8217;s und selbsternannten Weltrettern gesagt zu bekommen, wo es lang geht und wie man die Natur und Landschaft richtig pflegt. &#8230; Sie sind sich nicht bewu\u00dft, was f\u00fcr eien psychischer Druck sie durch ihre Spr\u00fcche auf uns laden, und auch auf unsere Kinder. Die werden in der Schule gemobbt, z.B. mit &#8222;Dein Vater vergiftet unsere Pflanzen und Tiere&#8220;.<br \/>\n.<br \/>\n(9) Dann spricht Beatrix Jenne von Landmaschinen Jenne in K\u00f6nigschaffhausen: &#8222;Wenn ProBiene\u00a0eins zu eins umgesetzt wird, k\u00f6nnen wir unseren Betrieb schlie\u00dfen.&#8220;<br \/>\n22.10.2019<br \/>\n.<\/p>\n<p><strong>Land schafft Verbindung &#8211; Demos am 22.10.2019<\/strong><br \/>\nDie Bewegung \u201eLand schafft Verbindung \u2013 wir rufen zu Tisch\u201c ruft zu Kundgebungen auf. Bundesweit organisieren sich Landwirte, weil sie von der derzeitigen Umwelt- und Landwirtschaftspolitik die Wirtschaftskraft und den sozialen Frieden im l\u00e4ndlichen Raum in Deutschland gef\u00e4hrdet sehen. Innerhalb weniger Tage nach Gr\u00fcndung haben sich auf Facebook schon mehr als 14.000 Menschen in der Gruppe Land schafft Verbindung zusammengefunden. Die Gruppe plant eine Zentralveranstaltung am<br \/>\n22. Oktober 2019 um 11:00 Uhr<br \/>\nauf dem M\u00fcnsterplatz in Bonn<br \/>\n.<br \/>\nAber auch an vielen anderen Orten Deutschlands (Bonn, Bayreuth, W\u00fcrzburg, Freiburg, M\u00fcnchen, Hannover, Rostock, Berlin, Oldenburg, Stuttgart, Rendsburg, Magdeburg, Freiburg im Breisgau, L\u00fcneburg, M\u00fcnster, Erfurt, Uelzen) werden sich Bauern mit ihren Landmaschinen auf den Weg in die gro\u00dfen St\u00e4dte machen, um f\u00fcr Ihre Anliegen einzustehen:<br \/>\nDas Agrarpaket gef\u00e4hrdet b\u00e4uerliche Familienbetriebe. Wir wollen sie erhalten.<br \/>\nDie Versch\u00e4rfung der D\u00fcngeverordnung f\u00fchrt zu Unterd\u00fcngung. In den sogenannten roten Gebieten schadet das dem Boden und dem Wasser mehr, als es n\u00fctzt.<br \/>\nBuhmann der Politik und vieler NGOs: Die permanente negative Stimmungsmache, das Bauernbashing, f\u00fchrt zu \u00c4rger und Frustration im Berufsstand. Diskriminierung, Benachteiligung und Mobbing von Angeh\u00f6rigen geh\u00f6ren zur Tagesordnung. Das gef\u00e4hrdet die Zukunft der Betriebe und des l\u00e4ndlichen Raums. Unter solchen gesellschaftlichen Umst\u00e4nden und st\u00e4ndig an den Pranger gestellt zu werden, oft weder fach- noch sachgerecht, verliert der Beruf des Landwirts seine Attraktivit\u00e4t.<br \/>\nDas Mercosur-Handelsabkommen gef\u00e4hrdet durch Billigpreise importierter Waren die Versorgung mit sicheren, qualitativ hochwertigen und gepr\u00fcften Lebensmitteln aus der Region.<br \/>\n&#8230; mehr vom 22.10.2019 bitte lesen auf <a href=\"https:\/\/landschafftverbindung.de\/\">https:\/\/landschafftverbindung.de\/<\/a><\/p>\n<p>.<\/p>\n<p><strong>700 Landwirte demonstrierten<\/strong><br \/>\nRund 700 Landwirte aus der gesamten Region versammelten sich auf der S\u00fcdseite des M\u00fcnsters, vom Stadtrand lotste die Polizei w\u00e4hrenddessen 85 Landwirte auf Schleppern in die Stadt, die vor und hinter dem gro\u00dfen Pulk der b\u00e4uerlichen Demonstranten in Aufstellung gingen. Mit rund 10.000 Pferdest\u00e4rken wurde beeindruckend Pr\u00e4senz gezeigt. &#8222;Wir h\u00e4tten locker auch 500 Traktoren hier auffahren lassen k\u00f6nnen&#8220;, stellte Kevin Vogel klar, Winzer aus Kiechlingsbergen und Pressesprecher der hiesigen Initiative &#8222;Land schafft Verbindung&#8220;. &#8230;<br \/>\nEugen Hensler, Simon Zimmermann, Michael Nutsch \u2013 sie alle waren sich einig: Das Gespr\u00e4ch mit Politik und Verbraucher muss das gemeinsame Nachdenken \u00fcber sinnige Konzepte \u00f6ffnen.<br \/>\n&#8230; Alles vom 22.10.2019 bitte lesen auf<br \/>\n<a href=\"https:\/\/www.badische-zeitung.de\/700-landwirte-demonstrierten-mit-85-traktoren-auf-muensterplatz\">https:\/\/www.badische-zeitung.de\/700-landwirte-demonstrierten-mit-85-traktoren-auf-muensterplatz<\/a><\/p>\n<p>&nbsp;<\/p>\n<p><strong>Bauernproteste in Deutschland: \u201eSie s\u00e4en und ernten nicht, aber wissen alles besser\u201c<\/strong><br \/>\nBei ihrer (Bayerns Landwirtschaftsministerin Michaela Kaniber) Rede wurde das gesamte Dilemma deutlich. Es ist lauten NGOs, radikalisierte Tiersch\u00fctzern und st\u00e4dtischen Gr\u00fcnen gelungen, mit inhaltsleeren, aber hoch emotionalen Kampfbegriffen wie Klimawandel, Insektenschutz, \u00dcberd\u00fcngung, Massentierhaltung all diejenigen auf einen Gegenpol zur Landwirtschaft zu bewegen, die davon genauso viel Ahnung haben wie die Kuh von der Botanik der Pflanzen, die sie frisst. <strong><em>Ein st\u00e4dtisches Publikum, das weder Weizen von Roggen noch Pflug von Egge unterscheiden kann, will Landwirten \u00fcber Verordnungen ihre Betriebsweise vorschreiben.<\/em><\/strong><br \/>\n&#8230;<br \/>\nZuvor hatten Landwirte wie Georg Mayerhofer ihre Wut \u00fcber die neuen Verordnungen und Reglementierungen in die Menge gerufen. Mayerhofer griff auch vehement die Medien an, die durch sehr einseitige Berichterstattung f\u00fcr die Stimmung gegen\u00fcber den Landwirten mitverantwortlich sein. Mayerhofer: \u00bbEs sind ja heute viele Medienvertreter da. Die haben auch eine Verantwortung. Medien und NGOs verunglimpfen h\u00e4ufig unser Tun und zeigen dabei meist nur v\u00f6llig verk\u00fcrzte und unvollst\u00e4ndige Bilder unserer Branche.\u00ab Die Resonanz bei den Landwirten: Ein lautes Hup- und Pfeifkonzert. Er fuhr fort: \u00bbTeile der Politik treiben einen Keil in die gr\u00fcne Branche. Aussagen wie \u00bbAckergifte und Trinkwasservergifteter\u00ab beherrschen deren Rede. Das k\u00f6nnen wir uns so nicht gefallen lassen!\u00ab<br \/>\n&#8230;. Alles vom 22.10.2019 bitte lesen auf<br \/>\n<a href=\"https:\/\/www.tichyseinblick.de\/daili-es-sentials\/bauernproteste-in-deutschland-sie-saeen-und-ernten-nicht-aber-wissen-alles-besser\/\">https:\/\/www.tichyseinblick.de\/daili-es-sentials\/bauernproteste-in-deutschland-sie-saeen-und-ernten-nicht-aber-wissen-alles-besser\/<\/a><\/p>\n<p><a href=\"https:\/\/www.freiburg-schwarzwald.de\/blog\/natur\/landwirt\/bauern-protest\/bauerndemo10-ernten191022\/\" rel=\"attachment wp-att-75452\"><img loading=\"lazy\" decoding=\"async\" class=\"alignnone size-thumbnail wp-image-75452\" src=\"https:\/\/www.freiburg-schwarzwald.de\/blog\/wp-content\/uploads\/2019\/10\/bauerndemo10-ernten191022-180x135.jpg\" alt=\"bauerndemo10-ernten191022\" width=\"180\" height=\"135\" srcset=\"https:\/\/www.freiburg-schwarzwald.de\/blog\/wp-content\/uploads\/2019\/10\/bauerndemo10-ernten191022-180x135.jpg 180w, https:\/\/www.freiburg-schwarzwald.de\/blog\/wp-content\/uploads\/2019\/10\/bauerndemo10-ernten191022.jpg 620w\" sizes=\"auto, (max-width: 180px) 100vw, 180px\" \/><\/a>\u00a0 &#8222;Sie s\u00e4en und ernten nicht, aber wissen alles besser&#8220; &#8211; als der dumme Bauer<a href=\"https:\/\/www.freiburg-schwarzwald.de\/blog\/natur\/landwirt\/bauern-protest\/bauerndemo10-ernten191022\/\" rel=\"attachment wp-att-75452\"><br \/>\n<\/a>\u00a0.<br \/>\n.<br \/>\n<strong>St\u00e4dter, Medien und NGOs wissen alles besser?<\/strong><br \/>\n\u201eEin st\u00e4dtisches Publikum, das weder Weizen von Roggen noch Pflug von Egge unterscheiden kann, will Landwirten \u00fcber Verordnungen ihre Betriebsweise vorschreiben. \u201c Unsere politischen Gaukler haben auch keine Ahnung und ma\u00dfen sich an, dem Volk vorzuschreiben, wie die Gesellschaft auszusehen hat. \u201eDann liegt es an uns zu diktieren, wie ne Gesellschaft auszusehen hat.\u201c Man kann nur hoffen, da\u00df das Volk diese Gaukler zur Rechenschaft zieht und diesen diktiert, was eine Regierung ausmacht.<br \/>\n22.10.2019, Alf,<\/p>\n","protected":false},"excerpt":{"rendered":"<p>Home\u00a0&gt;Natur\u00a0&gt;Landwirt\u00a0&gt;Ern\u00e4hrung &gt;Bauern-Protest &nbsp; Listenauswahl eines Beitrags (Artikel\/Datum, Seite\/Inhalt):\u00a0Klicken\u00a0oder scrollen Mercosur-Abkommen und EU-Handelspolitik\u00a0(17.1.2026) Nach Mercosur-Abkommen: Ostdeutsche Bauern protestieren und machen gegen EU-Deal mobil (10.1.2026) Achgut und die Bauernproteste (19.12.202) Deutschlands Klimavorreiter-Wahn: Milliardenbu\u00dfen f\u00fcr CO2\u00a0(6.12.2025) Betreiber des Baldenweger Hofs in Stegen: \u201eVor &hellip; <a href=\"https:\/\/www.freiburg-schwarzwald.de\/blog\/natur\/landwirt\/bauern-protest\/\">Weiterlesen <span class=\"meta-nav\">&rarr;<\/span><\/a><\/p>\n","protected":false},"author":2,"featured_media":0,"parent":1014,"menu_order":0,"comment_status":"open","ping_status":"closed","template":"","meta":{"footnotes":""},"class_list":["post-75417","page","type-page","status-publish","hentry"],"_links":{"self":[{"href":"https:\/\/www.freiburg-schwarzwald.de\/blog\/wp-json\/wp\/v2\/pages\/75417","targetHints":{"allow":["GET"]}}],"collection":[{"href":"https:\/\/www.freiburg-schwarzwald.de\/blog\/wp-json\/wp\/v2\/pages"}],"about":[{"href":"https:\/\/www.freiburg-schwarzwald.de\/blog\/wp-json\/wp\/v2\/types\/page"}],"author":[{"embeddable":true,"href":"https:\/\/www.freiburg-schwarzwald.de\/blog\/wp-json\/wp\/v2\/users\/2"}],"replies":[{"embeddable":true,"href":"https:\/\/www.freiburg-schwarzwald.de\/blog\/wp-json\/wp\/v2\/comments?post=75417"}],"version-history":[{"count":5,"href":"https:\/\/www.freiburg-schwarzwald.de\/blog\/wp-json\/wp\/v2\/pages\/75417\/revisions"}],"predecessor-version":[{"id":144407,"href":"https:\/\/www.freiburg-schwarzwald.de\/blog\/wp-json\/wp\/v2\/pages\/75417\/revisions\/144407"}],"up":[{"embeddable":true,"href":"https:\/\/www.freiburg-schwarzwald.de\/blog\/wp-json\/wp\/v2\/pages\/1014"}],"wp:attachment":[{"href":"https:\/\/www.freiburg-schwarzwald.de\/blog\/wp-json\/wp\/v2\/media?parent=75417"}],"curies":[{"name":"wp","href":"https:\/\/api.w.org\/{rel}","templated":true}]}}