{"id":75050,"date":"2019-10-08T11:43:40","date_gmt":"2019-10-08T09:43:40","guid":{"rendered":"https:\/\/www.freiburg-schwarzwald.de\/blog\/?page_id=75050"},"modified":"2025-10-17T14:11:02","modified_gmt":"2025-10-17T12:11:02","slug":"sutter3kg","status":"publish","type":"page","link":"https:\/\/www.freiburg-schwarzwald.de\/blog\/business\/dienste\/immobilien\/sutter3kg\/","title":{"rendered":"Sutter3KG"},"content":{"rendered":"<p>dd.<\/p>\n<div id=\"attachment_57009\" style=\"width: 649px\" class=\"wp-caption alignnone\"><a href=\"https:\/\/www.freiburg-schwarzwald.de\/blog\/global\/integration\/einwanderungsgesetz\/kartaus-bauernhof-pan151021\/\" rel=\"attachment wp-att-57009\"><img loading=\"lazy\" decoding=\"async\" aria-describedby=\"caption-attachment-57009\" class=\"size-full wp-image-57009\" src=\"https:\/\/www.freiburg-schwarzwald.de\/blog\/wp-content\/uploads\/2014\/12\/kartaus-bauernhof-pan151021.jpg\" alt=\"Bauernhof an der Kartaus in Freiburg am 21.10.2015\" width=\"639\" height=\"251\" srcset=\"https:\/\/www.freiburg-schwarzwald.de\/blog\/wp-content\/uploads\/2014\/12\/kartaus-bauernhof-pan151021.jpg 639w, https:\/\/www.freiburg-schwarzwald.de\/blog\/wp-content\/uploads\/2014\/12\/kartaus-bauernhof-pan151021-180x70.jpg 180w\" sizes=\"auto, (max-width: 639px) 100vw, 639px\" \/><\/a><p id=\"caption-attachment-57009\" class=\"wp-caption-text\">Bauernhof an der Kartaus in Freiburg am 21.10.2015<\/p><\/div>\n<p>&nbsp;<\/p>\n<ul>\n<li><em>Listenauswahl eines Beitrags (Artikel\/Datum, Seite\/Inhalt): <span style=\"text-decoration: underline;\">klicken<\/span> oder scrollen<\/em><\/li>\n<li><a href=\"https:\/\/www.freiburg-schwarzwald.de\/blog\/business\/dienste\/immobilien\/holzhaus\/schwarzwaldhaus\/\">Was das Schwarzwaldhaus einem Neubau voraus hat: Architekt Hardy Happle \u00fcber die Zukunft des Bauens<\/a>\u00a0(29.6.2025)<\/li>\n<li><a href=\"https:\/\/www.freiburg-schwarzwald.de\/blog\/regio\/orte\/kirchzarten\/pfeiferberg\/\">Wieselbauernhof in Neuh\u00e4user-Pfeiferberg<\/a> (13.6.2025)<\/li>\n<li>Willi Sutter: Aus Alt mach Zukunft (7.7.2023)<\/li>\n<li>Wei\u00dftannenr\u00e4umler in der Rainhofscheune &#8211; Macher (10.11.2021)<\/li>\n<li>Meierhof der Kartaus: Restaurierung durch Willi Sutter -Film\u00a0 (24.3.2021)<\/li>\n<li><a href=\"https:\/\/www.freiburg-schwarzwald.de\/blog\/sanierung-meierhof-kartaus\/\">Sanierung Meierhof Kartaus durch Willi Sutter<\/a>\u00a0(19.12.20209<\/li>\n<li><a href=\"https:\/\/www.freiburg-schwarzwald.de\/blog\/business\/dienste\/immobilien\/passivhochhaus\/\">Buggi52 \u2013 Deutschland h\u00f6chstes Haus in Holzbauweise<\/a> (16.12.2020)<\/li>\n<li><a title=\"500 Jahre alte Scheune \u2013 Abriss?\" href=\"https:\/\/www.freiburg-schwarzwald.de\/blog\/500-jahre-alte-scheune-abriss\/\">500 Jahre alte Scheune &#8211; Abri\u00df?<\/a> (7.12.2019)<\/li>\n<li><a title=\"Husemann-Klinik: Neubau kalt\" href=\"https:\/\/www.freiburg-schwarzwald.de\/blog\/husemann-klinik-neubau-kalt\/\">Husemann-Klinik kalt<\/a>\u00a0(5.12.2019)<\/li>\n<li>Sutter3KG &#8211; Einzug am Kunzenhof in Littenweiler (8.10.2019)<\/li>\n<li><a href=\"https:\/\/www.freiburg-schwarzwald.de\/blog\/bauwerk-schwarzwaldhof\/\">Bauwerk Schwarzwaldhof<\/a>\u00a0(21.8.2019)<\/li>\n<li><\/li>\n<li>SUTTER\u00b3KG in Freiburg-Littenweiler<\/li>\n<\/ul>\n<ul>\n<li><a title=\"Aufstocken\" href=\"https:\/\/www.freiburg-schwarzwald.de\/blog\/business\/dienste\/immobilien\/nachverdichtung\/aufstocken\/\">Aufstocken von Wohngeb\u00e4uden<\/a><\/li>\n<li><a title=\"Bauen-Pfusch\" href=\"https:\/\/www.freiburg-schwarzwald.de\/blog\/business\/dienste\/immobilien\/bauen-pfusch\/\">Bauen-Pfusch<\/a><\/li>\n<li><a title=\"Bebauung\" href=\"https:\/\/www.freiburg-schwarzwald.de\/blog\/business\/dienste\/immobilien\/bebauung\/\">Bebauung \u2013 Verdichtung \u2013 Neubau<\/a><\/li>\n<li><a title=\"Boden\" href=\"https:\/\/www.freiburg-schwarzwald.de\/blog\/natur\/boden\/\">Boden<\/a><\/li>\n<li><a title=\"Boarding-House\" href=\"https:\/\/www.freiburg-schwarzwald.de\/blog\/business\/dienste\/immobilien\/wohnen\/boarding-house\/\">Boarding-House<\/a><\/li>\n<li><a href=\"https:\/\/www.freiburg-schwarzwald.de\/littenweiler\/buggingerstrasse50.htm\">Buggi 50 \u2013 Hochhaus als Passivhaus saniert<\/a>\u00a0&gt;Buggingerstrasse50<\/li>\n<li><a title=\"Dachsanierung\" href=\"https:\/\/www.freiburg-schwarzwald.de\/blog\/business\/handwerk\/dachsanierung\/\">Dachsanierung<\/a><\/li>\n<li><a title=\"Demenz-Wohngruppen\" href=\"https:\/\/www.freiburg-schwarzwald.de\/blog\/selbsthilfe\/chronisch\/demenz\/demenz-wohngruppen\/\">Demenz-Wohngruppen<\/a><\/li>\n<li><a title=\"Denkmal\" href=\"https:\/\/www.freiburg-schwarzwald.de\/blog\/business\/dienste\/immobilien\/denkmal\/\">Denkmal und Denkmalschutz<\/a><\/li>\n<li><a title=\"Domiziel\" href=\"https:\/\/www.freiburg-schwarzwald.de\/blog\/business\/dienste\/immobilien\/domiziel\/\">Domiziel<\/a><\/li>\n<li><a title=\"Einfachwohnung\" href=\"https:\/\/www.freiburg-schwarzwald.de\/blog\/business\/dienste\/immobilien\/einfachwohnung\/\">Einfachwohnung<\/a><\/li>\n<li><a href=\"https:\/\/www.freiburg-schwarzwald.de\/energieberater.htm\">Energieberatung<\/a>\u00a0&gt;Energieberater<\/li>\n<li><a title=\"Enteignung\" href=\"https:\/\/www.freiburg-schwarzwald.de\/blog\/selbsthilfe\/soziales\/justiz\/rechtsstaat\/enteignung\/\">Enteignung<\/a><\/li>\n<li><a title=\"Gebaeudesanierung\" href=\"https:\/\/www.freiburg-schwarzwald.de\/blog\/business\/handwerk\/gebaeudesanierung\/\">Geb\u00e4udesanierung<\/a><\/li>\n<li><a title=\"Gutleutmatten\" href=\"https:\/\/www.freiburg-schwarzwald.de\/blog\/regio\/freiburg\/haslach\/gutleutmatten\/\">Gutleutmatten<\/a><\/li>\n<li><a title=\"Hirschen-WG\" href=\"https:\/\/www.freiburg-schwarzwald.de\/blog\/business\/dienste\/immobilien\/wohnen\/hirschen-wg\/\">Hirschen-WG<\/a><\/li>\n<li><a title=\"Holzbau\" href=\"https:\/\/www.freiburg-schwarzwald.de\/blog\/business\/handwerk\/holzbau\/\">Holzbau, Holzh\u00e4user<\/a><\/li>\n<li><a title=\"Kartaus-Baustelle\" href=\"https:\/\/www.freiburg-schwarzwald.de\/blog\/bildung\/schulen\/uwc-freiburg\/kartaus-baustelle\/\">Kartaus<\/a>\u00a0&#8211; auch Meierhof<\/li>\n<li><a title=\"Labyrinth\" href=\"https:\/\/www.freiburg-schwarzwald.de\/blog\/selbsthilfe\/chronisch\/demenz\/labyrinth\/\">Labyrinth<\/a><\/li>\n<li><a title=\"Miete\" href=\"https:\/\/www.freiburg-schwarzwald.de\/blog\/business\/dienste\/immobilien\/miete\/\">Miete \u2013 Mietwohnungen<\/a><\/li>\n<li><a title=\"Nachverdichtung\" href=\"https:\/\/www.freiburg-schwarzwald.de\/blog\/business\/dienste\/immobilien\/nachverdichtung\/\">Nachverdichtung<\/a><\/li>\n<li><a title=\"Passivhochhaus\" href=\"https:\/\/www.freiburg-schwarzwald.de\/blog\/business\/dienste\/immobilien\/passivhochhaus\/\">Passivhochhaus<\/a><\/li>\n<li><a title=\"Quartier\" href=\"https:\/\/www.freiburg-schwarzwald.de\/blog\/business\/dienste\/immobilien\/quartier\/\">Quartier als abgegrenztes Wohngebiet<\/a><\/li>\n<li><a href=\"https:\/\/www.freiburg-schwarzwald.de\/blog\/business\/dienste\/immobilien\/holzhaus\/schwarzwaldhaus\/\">Schwarzwaldhaus<\/a><\/li>\n<li><a title=\"Sozialwohnung\" href=\"https:\/\/www.freiburg-schwarzwald.de\/blog\/business\/dienste\/immobilien\/wohnen\/sozialwohnung\/\">Sozialwohnung<\/a><\/li>\n<li><a title=\"Waldquartiere\" href=\"https:\/\/www.freiburg-schwarzwald.de\/blog\/business\/dienste\/immobilien\/waldquartiere\/\">Waldquartiere<\/a><\/li>\n<li><a title=\"Westarkaden\" href=\"https:\/\/www.freiburg-schwarzwald.de\/blog\/regio\/freiburg\/westarkaden\/\">Westarkaden<\/a><\/li>\n<li><a title=\"Wohnen\" href=\"https:\/\/www.freiburg-schwarzwald.de\/blog\/business\/dienste\/immobilien\/wohnen\/\">Wohnen, Wohnprojekte und Wohnformen<\/a><\/li>\n<li><a title=\"Zweite-Miete\" href=\"https:\/\/www.freiburg-schwarzwald.de\/blog\/business\/dienste\/immobilien\/zweite-miete\/\">Zweite Miete<\/a><\/li>\n<\/ul>\n<p>&nbsp;<\/p>\n<p><strong>Willi Sutter: Aus Alt mach Zukunft<\/strong><br \/>\nDie energetische Sanierung alter Geb\u00e4ude ist eine der dringenden Aufgaben f\u00fcr die Zukunft. Willi Sutter macht das schon seit mehr als 40 Jahren.<br \/>\nH\u00e4userkampf! Das ist es, was Willi Sutter macht. Der gutgelaunte Mann Anfang 60 mit der Schildm\u00fctze und den karierten Hemden, der so fr\u00f6hlich und freundlich von seinen Projekten erz\u00e4hlt, er ist ein radikaler Streiter f\u00fcr altes Gem\u00e4uer, f\u00fcr historisch Vernachl\u00e4ssigtes, f\u00fcr Geb\u00e4ude, die andere am liebsten abrei\u00dfen lassen w\u00fcrden. &#8222;Meine Arbeit muss man politisch verstehen&#8220;, sagt er, und Zeugnisse seines politischen Engagements \u00fcber Jahrzehnte hinweg kann man inzwischen in der ganzen Region besichtigen.<br \/>\nWilli Sutter hat sich einen Namen damit gemacht, dass er alte Immobilien, f\u00fcr die kaum jemand Verwendung fand, saniert und neu belebt hat: Die Klosterscheune in Oberried, die Birkenhofscheune in Kirchzarten-Burg und der Farrenstall in Freiburg-Waltershofen sind nur einige Beispiele f\u00fcr heruntergekommene Geb\u00e4ude, an deren Sanierung er mitgewirkt hat. Und von denen viele f\u00fcr soziale Zwecke genutzt werden.<\/p>\n<p>Angefangen hatte alles in den 1980er Jahren in Sutters Heimatort Titisee-Neustadt. &#8222;Damals war es ganz schrecklich, viele alte H\u00e4user wurden einfach abgerissen&#8220;, erz\u00e4hlt er. Zusammen mit vier Freunden wollte er, der schon immer ein Faible f\u00fcr alte Geb\u00e4ude hatte, das nicht hinnehmen. Die Viererbande kaufte kurzerhand das besetzte und vom Abriss bedrohte Kl\u00f6sterle, ein historisches Kapuzinerkloster, und gr\u00fcndete eine Interessengemeinschaft, die den Bau nach vielen Querelen zu sanieren begann. &#8222;Bissle crazy war das schon&#8220;, gibt er heute zu, zumal die jungen Leute von Sanierungen so gut wie keine Ahnung hatten. &#8222;Wir hatten nichts gelernt und wurden viel bel\u00e4chelt.&#8220; F\u00fcr die Freskoanstriche lernte Sutter, wie man Putze mit K\u00e4lberhaaren, Kasein und Sumpfkalk historisch korrekt herstellt, &#8222;nachhaltig, ohne Schadstoffe, und der Putz bindet beim Trocknen CO2&#8220;. Der \u00f6kologische Ansatz war damals schon zu erkennen, zeigt sich heute in Holzfassaden, thermischen Solaranlagen, Batteriespeichern. Dazu kam die soziale Komponente: Die erste Alten-WG in Neustadt zog ins Kl\u00f6sterle ein, ein Buchladen, eine Kulturkneipe und ein Kindergarten kamen hinzu. Eine bunte Mischung bei der Nutzung des Geb\u00e4udes, das schwebte Sutter damals vor. Das hat er mit seinen Mitstreiterinnen und Mitstreitern hingekriegt, immer wieder.<br \/>\nWeithin bekannt wurde der Autodidakt durch seine Mitarbeit bei der Sanierung der <a href=\"https:\/\/www.freiburg-schwarzwald.de\/blog\/goldene-krone-landfrauencafe\/\">Goldenen Krone<\/a>, einem sch\u00e4big gewordenen Baudenkmal des Jugendstils in St. M\u00e4rgen, das von einer mutigen Gruppe von B\u00fcrgern gekauft und gerettet wurde. Dort entstand im Zuge der Sanierung das weithin bekannte Caf\u00e9, das inzwischen genossenschaftlich gef\u00fchrt wird. &#8222;Die Goldene Krone war die Initialz\u00fcndung&#8220;, sagt er heute. Kommunen und private Investoren wurden auf den ungew\u00f6hnlichen Sanierer aufmerksam.<\/p>\n<p>Die <a href=\"https:\/\/www.freiburg-schwarzwald.de\/blog\/500-jahre-alte-scheune-abriss\/\">Rainhofscheune<\/a> in Kirchzarten-Burg hat er mit seinen Partnern zu einem Hotel mit Restaurant umgebaut \u2013 und energetisch so saniert, dass Scheune und das dazugeh\u00f6rige Wohngeb\u00e4ude f\u00fcr 3400 Quadratmeter beheizte Fl\u00e4che gerade mal 9000 Euro f\u00fcr Heizung und Warmwasser im Jahr verbrauchen, &#8222;das ist ph\u00e4nomenal gut&#8220;. Die Rainhofscheune ist inzwischen eine der Naturparkscheunen des Naturparks S\u00fcdschwarzwald.<\/p>\n<p>Der <a href=\"https:\/\/www.freiburg-schwarzwald.de\/blog\/sanierung-meierhof-kartaus\/\">Meierhof<\/a> in Freiburg, fast schon abbruchreif, wurde zu 80 Prozent erhalten und mit zw\u00f6lf Wohnungen ausgestattet. Auch neue H\u00e4user hat Sutter mit seinem Planungsb\u00fcro Sutter3 projektiert. Mit dem planenden Architekten Weissenrieder entstand das Holzhochhaus im Freiburger Stadtteil Weingarten, ein \u00e4u\u00dferst kompliziertes Projekt: Unten ein Supermarkt f\u00fcr den verdichteten Stadtteil, oben Wohnraum mit klugen Grundrissen, auf dem Dach der Spielplatz f\u00fcr einen Kindergarten. &#8222;Wir haben sogar sechs Apartments f\u00fcr Wohnungssuchende aus der Notfallkartei der Stadt zur Verf\u00fcgung gestellt.&#8220;<\/p>\n<p>Null Probleme gebe es mit diesen Mietern. Neubauten sind aber eher die Ausnahme. Altbauten, ist Sutter \u00fcberzeugt, sind die einzige M\u00f6glichkeit, g\u00fcnstige Mieten im sozialen Bereich zu bieten, wegen Zusch\u00fcssen, F\u00f6rderungen und steuerlichen Vorteilen. Und: &#8222;Bauen ist der Klimafaktor schlechthin&#8220;, mit 40 Prozent der CO2-Emissionen weltweit. Die energetische Sanierung alter Geb\u00e4ude, graue Energie sparen, das ist die Zukunft, sagt Sutter. &#8222;Wir d\u00fcrfen nicht mehr abrei\u00dfen, sondern m\u00fcssen andere Denkweisen entwickeln.&#8220; Er hat vor mehr als 40 Jahren damit angefangen, heute gilt er als Vorreiter und Vorbild. Ein bissle crazy ist er geblieben; als Mitbegr\u00fcnder und einer der Vorst\u00e4nde der Genossenschaft Wohnbau. Bodenst\u00e4ndig schafft er mit seinen Mitstreitern schon seit nunmehr 20 Jahren sozialen Wohnraum f\u00fcr Benachteiligte \u2013 vorzugsweise in alten Geb\u00e4uden.<br \/>\n&#8230; Alles vom 7.7.2023 von Simone Lutz bitte lesen auf<br \/>\n<a href=\"https:\/\/www.badische-zeitung.de\/aus-alt-mach-neu-xvqwvgaix--272694749.html\">https:\/\/www.badische-zeitung.de\/aus-alt-mach-neu-xvqwvgaix&#8211;272694749.html<\/a><\/p>\n<p>&nbsp;<\/p>\n<p>&nbsp;<\/p>\n<p><strong>Wei\u00dftannenr\u00e4umler in der Rainhofscheune &#8211; Macher<\/strong><br \/>\nDer Wei\u00dftannenraum in der <a href=\"https:\/\/www.freiburg-schwarzwald.de\/blog\/500-jahre-alte-scheune-abriss\/\">Rainhofscheune<\/a> im Birkenhof ist ein Ort der Begegnung, der Ausstellung und der Ideen. Inzwischen hat sich dort eine Community aus \u00fcber zwanzig Betrieben aus dem s\u00fcdbadischen Raum zusammengefunden, die modellhaft Projekte ansto\u00dfen und umsetzen will. Vergangene Woche lud der Initiator dieser Gruppe, Willi Sutter, in die Rainhofscheune ein, um vorzustellen, wof\u00fcr die Wei\u00dftannenr\u00e4umler stehen und was sie bisher schon auf die Beine gestellt haben.<\/p>\n<p>Wof\u00fcr stehen die Wei\u00dftannenr\u00e4umler? Die Wei\u00dftannenr\u00e4umler sind Macher. Sie wollen die Region voranbringen und gleichzeitig die Tradition bewahren. Sie wollen die Herausforderung des Wandels \u2013 sei es Corona, sei es der Klimawandel \u2013 annehmen und an nachhaltigen L\u00f6sungen arbeiten.<br \/>\nBeispielhaft ist das <a href=\"https:\/\/www.freiburg-schwarzwald.de\/blog\/business\/dienste\/immobilien\/holzhaus\/\">BUGGI 52<\/a>, das erste \u201eFast-Hochhaus\u201c Deutschlands in Holzbauweise, das klimaneutral gebaut und in dem CO2 gebunden wurde. Neben Neubauten aus Holz, die Moderne und Tradition verbinden, liegt der Community der Erhalt und die Sanierung vieler alter Schwarzwaldh\u00f6fe am Herzen. Den Akteuren gelangen es, viele H\u00f6fe vor dem Zerfall zu retten und neuen Nutzungen zuzuf\u00fchren.<br \/>\nSo der Altbirklehof in Hinterzarten-Breitnau, in dem neben Wohnungen und Internatsunterk\u00fcnften auch die gute Stube als kultureller Veranstaltungsraum geschaffen wurden, oder die Rainhofscheune im Birkenhof, die lange Jahre ungenutzt dem Zerfall preisgegeben war. Nach der Sanierung zogen ein Hotel mit Gastronomie und eine Buchhandlung ein; gleichzeitig stehen mit dem Wei\u00dftannenraum und der gro\u00dfen Tenne Ausstellungs- und Veranstaltungsr\u00e4ume zur Verf\u00fcgung.<br \/>\nUmbauen und Sanieren bedeute Nachhaltigkeit durch Erhalt, f\u00fchrte Cornelia Haas von Sutter3 aus. Gleichzeitig werde dadurch die die Landschaft pr\u00e4gende Bautradition des Schwarzwalds bewahrt. Nicht zuletzt k\u00f6nne die Sanierung dieser traditionellen Geb\u00e4ude neue Impulse f\u00fcr viele Schwarzwaldd\u00f6rfer setzen und zu ihrer Wiederbelebung beitragen. In den gro\u00dfen, leerstehenden H\u00f6fen k\u00f6nne Wohn- und Gesch\u00e4ftsraum entstehen. Sind die D\u00f6rfer belebt, dann werden sie auch f\u00fcr das Wohnen wieder attraktiv und entlasten so die St\u00e4dte vom Siedlungsdruck. Musikalische und kabarettistische Einlagen kamen von <a href=\"https:\/\/www.freiburg-schwarzwald.de\/blog\/uli-fuehre-singt-hebel\/\">Uli F\u00fchre<\/a>, dem es ein Anliegen ist, den Dialekt als Tradition in der Region zu bewahren.<\/p>\n<p>Im Forum Die Wei\u00dftannenr\u00e4umler sind \u00fcber zwanzig Firmen zusammengeschlossen. Sie wollen sich k\u00fcnftig verst\u00e4rkt im Bildungsbereich engagieren und planen f\u00fcr 2022 eine Veranstaltungsreihe zum Thema nachhaltige <a href=\"https:\/\/www.freiburg-schwarzwald.de\/blog\/bauwerk-schwarzwaldhof\/\">Baukultur<\/a> im Schwarzwald.<br \/>\n&#8230; Alles vom 10.11.2021 von Dagmar Engesser bitte lesen auf <a href=\"https:\/\/www.dreisamtaeler.de\">https:\/\/www.dreisamtaeler.de<\/a> , Seite 4<\/p>\n<p>&nbsp;<\/p>\n<p>&nbsp;<\/p>\n<p><strong>Meierhof der Kartaus: Restaurierung durch Sutter (Film)<\/strong><br \/>\n<strong>Rettung vor der Abrissbirne &#8211; Firma Sutter gibt Altbauten eine Zukunft<\/strong><br \/>\nWilli Sutter KG ist Spezialist und ein bew\u00e4hrtes Team aus Altbaurettern. Der Film begleitet den Unternehmer und sein Team bei der Restaurierung des Meierhofs (an der <a href=\"https:\/\/www.freiburg-schwarzwald.de\/blog\/natur\/garten\/kartaus\/\">Kartaus<\/a> in Freiburg) &#8211; und erz\u00e4hlt parallel von einer Familie, die notgedrungen ausziehen musste.<br \/>\nSendung vom Mi, 24.3.2021 18:15 Uhr, made in S\u00fcdwest, SWR Fernsehen<br \/>\n&#8230; Alles vom 7.3.2021 bitte lesen auf<br \/>\n<a href=\"https:\/\/www.swrfernsehen.de\/made-in-suedwest\/rettung-vor-der-abrissbirne-firma-sutter-gibt-altbauten-eine-zukunft-100.html\">https:\/\/www.swrfernsehen.de\/made-in-suedwest\/rettung-vor-der-abrissbirne-firma-sutter-gibt-altbauten-eine-zukunft-100.html<\/a><\/p>\n<p>&nbsp;<\/p>\n<p>&nbsp;<\/p>\n<p><strong>Sutter3KG &#8211; Einzug am Kunzenhof in Littenweiler<\/strong><br \/>\nWo einst im Kunzenhof in <a title=\"Littenweiler\" href=\"https:\/\/www.freiburg-schwarzwald.de\/blog\/regio\/freiburg\/littenweiler\/\">Littenweiler<\/a>\u00a0eine bauf\u00e4llige Gewerbehalle stand, hat die &#8222;Sutter3KG&#8220; jetzt f\u00fcr 1,85 Millionen Euro einen markanten, zweigeschossigen Holzbau hingestellt \u2013 aus einheimischen H\u00f6lzern, barrierefrei und einer Photovoltaikanlage f\u00fcr 80 Prozent der im B\u00fcroalltag ben\u00f6tigten Energie. Der Clou: die Fassade, f\u00fcr die Wei\u00dftannen aus dem Attental verbaut wurden \u2013 und zwar die normalerweise zu Pellets verarbeiteten Schwartenbretter, also Bretter mit Rinde. &#8222;Wir haben die gesamten B\u00e4ume verarbeitet, nicht nur sch\u00f6ne Teile&#8220;, sagt Willi Sutter, Gr\u00fcnder und einer der vier Chefs. &#8222;Die H\u00fclle des Stammes ist auch die H\u00fclle des Geb\u00e4udes.&#8220;<br \/>\n.<br \/>\nWilli Sutter ist bekannt, nicht nur in der Branche. Er hat sich mit dem Unternehmen &#8222;Sutter3KG&#8220; auf die Sanierung historischer Geb\u00e4ude spezialisiert und baut nebenbei mit der Genossenschaft Bogenst\u00e4ndig Wohnungen f\u00fcr Menschen am Rand der Gesellschaft. &#8222;Sutter3KG&#8220; hat den Farrenstall in Waltershofen und die Alte Schule in Haslach umgebaut, richtet das <a title=\"Schauinsland\" href=\"https:\/\/www.freiburg-schwarzwald.de\/blog\/regio\/berge\/schauinsland\/\">Berghaus<\/a> auf dem Schauinsland her, errichtet in Weingarten ein achtst\u00f6ckiges Holzhaus und restauriert und saniert zwischen L\u00f6rrach und Offenburg altehrw\u00fcrdige Geb\u00e4ude wie die <a title=\"Burg-Birkenhof\" href=\"https:\/\/www.freiburg-schwarzwald.de\/blog\/regio\/orte\/kirchzarten\/burg-birkenhof\/\">Rainhofscheune<\/a> in Kirchzarten-Burg oder die <a title=\"Goldene Krone Landfrauencafe\" href=\"https:\/\/www.freiburg-schwarzwald.de\/blog\/goldene-krone-landfrauencafe\/\">Goldene Krone in St. M\u00e4rgen<\/a>. Mit der Schauinslandbahn ging\u2019s hoch hinaus: F\u00fcr die Freiburger Verkehrs-AG hat die &#8222;Sutter3KG&#8220; das Restaurant der Bergstation neu gestaltet. Die Sanierung alter Geb\u00e4ude ist zum Alleinstellungsmerkmal geworden \u2013 Werbung muss das Unternehmen keine mehr machen.<br \/>\n.<br \/>\nNun ist das Planungsb\u00fcro von Kirchzarten in den Freiburger Osten umgezogen. Im Dreisamtal waren die Mitarbeiter auf drei B\u00fcros in einem Geb\u00e4udekomplex verteilt, alles war umst\u00e4ndlich. Als die Gesellschaft das Gel\u00e4nde f\u00fcr 430 000 Euro kaufen konnte, habe man nicht lange \u00fcberlegt, sagt Axel B\u00fcrk, einer der Gesch\u00e4ftsf\u00fchrer.<br \/>\nEin Jahr Vorlauf, acht Monate Bauzeit und viel gemeinsame Planung \u2013 nun sind die Arbeitspl\u00e4tze f\u00fcr 23 Menschen fertig, schlicht, hell, modern und dennoch warm. Holz ist hier \u00fcberall: Holzwolleplatten f\u00fcr W\u00e4nde, Seekiefer als einfaches Material f\u00fcr die B\u00fcroeinrichtung, Fichte und Tanne f\u00fcr W\u00e4nde und Decken, L\u00e4rche f\u00fcr Fenster \u2013 &#8222;wir zeigen, was es f\u00fcr Materialien gibt&#8220;, sagt B\u00fcrk.<br \/>\nF\u00fcr Energie sorgt eine Photovoltaikanlage auf dem Flachdach. Sie liefert rund 30 000 Kilowattstunden pro Jahr, was den Energiebedarf \u2013 Heizw\u00e4rme, Warmwasser, Strom f\u00fcr Computer und die Ladestationen der vier E-Autos \u2013 voraussichtlich zu 80 Prozent deckt. Tags\u00fcber wird der Strom verbraucht, der auch tags\u00fcber produziert wird, der Wochenendstrom wird in einem Batteriespeicher gespeichert.<br \/>\n&#8222;Uns gef\u00e4llt das Haus sehr gut&#8220;, sagt Willi Sutter, &#8222;aber da gibt es geteilte Meinungen.&#8220; Die wie ungehobelt wirkende Fassade ist vielleicht gew\u00f6hnungsbed\u00fcrftig \u2013 die, die drin arbeiten, f\u00fchlen sich wohl. &#8222;Es ist kein Stadthaus, sondern ein Arbeitsgeb\u00e4ude, das sollte man sehen&#8220;, so Sutter. Am Freitag kann sich jeder selbst ein Bild davon machen.<br \/>\n&#8230; Alles vom 8.10.2019 von Simone Lutz bitte lesen auf<br \/>\n<a href=\"https:\/\/www.badische-zeitung.de\/das-planungsbuero-sutter3kg-ist-nach-littenweiler-gezogen-in-einen-zweigeschossigen-holzbau\">https:\/\/www.badische-zeitung.de\/das-planungsbuero-sutter3kg-ist-nach-littenweiler-gezogen-in-einen-zweigeschossigen-holzbau<\/a><\/p>\n<p><em>Tag der offenen T\u00fcr am Freitag, 11. Oktober 2019, von 14 bis 17 Uhr im Kunzenhof 18 mit der Pr\u00e4sentation von Projekten, F\u00fchrungen und kleiner Handwerkerausstellung<\/em><\/p>\n<p>.<\/p>\n<p>&nbsp;<\/p>\n<p><strong>SUTTER\u00b3KG in Freiburg-Littenweiler<\/strong><br \/>\nKunzenhof 18, 79117 Freiburg, Tel 0761\/769981-70 (Zentrale)<br \/>\nFax 0761\/769981-80, E-Mail: <a href=\"mailto:info@sutter3kg.de\">info@sutter3kg.de<\/a><br \/>\n<a href=\"https:\/\/www.sutter3kg.de\">https:\/\/www.sutter3kg.de<\/a><br \/>\n.<br \/>\nF\u00fcnf Gr\u00fcnde f\u00fcr SUTTER3KG:<br \/>\nPlanung und Bauleitung f\u00fcr historische denkmalgesch\u00fctzte Bauwerke<br \/>\nPlanung energetischer Sanierungen im Denkmal<br \/>\nErarbeitung attraktiver Nutzungskonzeptionen<br \/>\nBeratung von Kommunen<br \/>\nBeratung privater Denkmalprojekte<\/p>\n","protected":false},"excerpt":{"rendered":"<p>dd. &nbsp; Listenauswahl eines Beitrags (Artikel\/Datum, Seite\/Inhalt): klicken oder scrollen Was das Schwarzwaldhaus einem Neubau voraus hat: Architekt Hardy Happle \u00fcber die Zukunft des Bauens\u00a0(29.6.2025) Wieselbauernhof in Neuh\u00e4user-Pfeiferberg (13.6.2025) Willi Sutter: Aus Alt mach Zukunft (7.7.2023) Wei\u00dftannenr\u00e4umler in der Rainhofscheune &hellip; <a href=\"https:\/\/www.freiburg-schwarzwald.de\/blog\/business\/dienste\/immobilien\/sutter3kg\/\">Weiterlesen <span class=\"meta-nav\">&rarr;<\/span><\/a><\/p>\n","protected":false},"author":2,"featured_media":0,"parent":957,"menu_order":0,"comment_status":"open","ping_status":"closed","template":"","meta":{"footnotes":""},"class_list":["post-75050","page","type-page","status-publish","hentry"],"_links":{"self":[{"href":"https:\/\/www.freiburg-schwarzwald.de\/blog\/wp-json\/wp\/v2\/pages\/75050","targetHints":{"allow":["GET"]}}],"collection":[{"href":"https:\/\/www.freiburg-schwarzwald.de\/blog\/wp-json\/wp\/v2\/pages"}],"about":[{"href":"https:\/\/www.freiburg-schwarzwald.de\/blog\/wp-json\/wp\/v2\/types\/page"}],"author":[{"embeddable":true,"href":"https:\/\/www.freiburg-schwarzwald.de\/blog\/wp-json\/wp\/v2\/users\/2"}],"replies":[{"embeddable":true,"href":"https:\/\/www.freiburg-schwarzwald.de\/blog\/wp-json\/wp\/v2\/comments?post=75050"}],"version-history":[{"count":5,"href":"https:\/\/www.freiburg-schwarzwald.de\/blog\/wp-json\/wp\/v2\/pages\/75050\/revisions"}],"predecessor-version":[{"id":140237,"href":"https:\/\/www.freiburg-schwarzwald.de\/blog\/wp-json\/wp\/v2\/pages\/75050\/revisions\/140237"}],"up":[{"embeddable":true,"href":"https:\/\/www.freiburg-schwarzwald.de\/blog\/wp-json\/wp\/v2\/pages\/957"}],"wp:attachment":[{"href":"https:\/\/www.freiburg-schwarzwald.de\/blog\/wp-json\/wp\/v2\/media?parent=75050"}],"curies":[{"name":"wp","href":"https:\/\/api.w.org\/{rel}","templated":true}]}}