{"id":74594,"date":"2019-09-01T09:17:38","date_gmt":"2019-09-01T07:17:38","guid":{"rendered":"https:\/\/www.freiburg-schwarzwald.de\/blog\/?page_id=74594"},"modified":"2026-07-04T09:38:47","modified_gmt":"2026-07-04T07:38:47","slug":"deutsche-geschichte","status":"publish","type":"page","link":"https:\/\/www.freiburg-schwarzwald.de\/blog\/global\/deutschland\/deutsche-geschichte\/","title":{"rendered":"Deutsche-Geschichte"},"content":{"rendered":"<p><a href=\"https:\/\/www.freiburg-schwarzwald.de\/blog\">Home<\/a>\u00a0&gt;<a title=\"Kultur\" href=\"https:\/\/www.freiburg-schwarzwald.de\/blog\/kultur\/\">Kultur<\/a>\u00a0&gt;<a href=\"https:\/\/www.freiburg-schwarzwald.de\/blog\/global\/deutschland\/deutsche-kultur\/\">Deutsche Kultur<\/a>\u00a0&gt;<a href=\"https:\/\/www.freiburg-schwarzwald.de\/blog\/kultur\/kulturrevolution\/\">Kulturrevolution<\/a>\u00a0&gt;<a href=\"https:\/\/www.freiburg-schwarzwald.de\/blog\/kultur\/kulturverlust\/\">Kulturverlust<\/a> &gt;Deutsche Geschichte<\/p>\n<div id=\"attachment_74149\" style=\"width: 648px\" class=\"wp-caption alignnone\"><a href=\"https:\/\/www.freiburg-schwarzwald.de\/blog\/natur\/garten\/hirzberggarten\/trockenmauer1garten151021pan\/\" rel=\"attachment wp-att-74149\"><img loading=\"lazy\" decoding=\"async\" aria-describedby=\"caption-attachment-74149\" class=\"size-full wp-image-74149\" src=\"https:\/\/www.freiburg-schwarzwald.de\/blog\/wp-content\/uploads\/2019\/07\/trockenmauer1garten151021pan.jpg\" alt=\"Trockenmauer am Eingang zum Hirzberggarten am 21.10.2015\" width=\"638\" height=\"393\" srcset=\"https:\/\/www.freiburg-schwarzwald.de\/blog\/wp-content\/uploads\/2019\/07\/trockenmauer1garten151021pan.jpg 638w, https:\/\/www.freiburg-schwarzwald.de\/blog\/wp-content\/uploads\/2019\/07\/trockenmauer1garten151021pan-180x110.jpg 180w\" sizes=\"auto, (max-width: 638px) 100vw, 638px\" \/><\/a><p id=\"caption-attachment-74149\" class=\"wp-caption-text\">Trockenmauer am Eingang zum Hirzberggarten am 21.10.2015<\/p><\/div>\n<p>&nbsp;<\/p>\n<ul>\n<li><em>Listenauswahl eines Beitrags (Artikel\/Datum, Seite\/Inhalt):\u00a0<span style=\"text-decoration: underline;\">Klicken<\/span>\u00a0oder scrollen<\/em><\/li>\n<li>Politische Instrumentalisierung von &#8222;Alles f\u00fcr D&#8230;&#8220; (3.7.2026)<\/li>\n<li><a href=\"https:\/\/www.freiburg-schwarzwald.de\/blog\/global\/deutschland\/vertriebene\/vertreibung\/\">Dokumentationszentrum Flucht, Vertreibung: Das verdr\u00e4ngte deutsche Leid<\/a>\u00a0(12.6.2026)<\/li>\n<li><a href=\"https:\/\/www.freiburg-schwarzwald.de\/blog\/konrad-adenauer-150-jahre\/\">Konrad Adenauer \u2013 150 Jahre<\/a>\u00a0(30.1.2026)<\/li>\n<li><a href=\"https:\/\/www.freiburg-schwarzwald.de\/blog\/schicksalstag-9-november-1989\/\">Schicksalstag 9. November 1989<\/a>\u00a0(14.11.2025)<\/li>\n<li><a href=\"https:\/\/www.freiburg-schwarzwald.de\/blog\/kultur\/erinnerungskultur\/erinnerungspolitik\/\">9. November \u2013 Vier Schicksalstage der Deutschen<\/a>\u00a0(11.11.2025)<\/li>\n<li>Deutsche Legenden, Wer schreibt unsere Geschichte? (8.10.2025)<\/li>\n<li><a href=\"https:\/\/www.freiburg-schwarzwald.de\/blog\/nationalfeiertag-am-3-10-2025\/\">Nationalfeiertag am 3.10.2025<\/a>\u00a0(3.10.2025)<\/li>\n<li><a href=\"https:\/\/www.freiburg-schwarzwald.de\/blog\/regio\/heimat\/dortu\/dortu2026\/\">Maximilian Dortu 2026: Wunsch und Vision \u2013 deutsche Revolution 1848<\/a> (6.8.2025)<\/li>\n<li><a href=\"https:\/\/www.freiburg-schwarzwald.de\/blog\/meinungsfreiheit-heute-dortu\/\">Meinungsfreiheit heute \u2013 Dortu<\/a>\u00a0(1.8.2025)<\/li>\n<li><a href=\"https:\/\/www.freiburg-schwarzwald.de\/blog\/20-juli-1944-mut-vor-81-jahren\/\">20. Juli 1944: Mit vor 81 Jahren<\/a>\u00a0(20.7.2025)<\/li>\n<li><a href=\"https:\/\/www.freiburg-schwarzwald.de\/blog\/17-juni-1953-und-17-juni-2025\/\">17. Juni 1953 und 17. Juni 2025<\/a>\u00a0(17.6.2925)<\/li>\n<li>Schulunterricht: Deutsche Geschichte beginnt erst mit der Nazizeit (25.5.2025)<\/li>\n<li><a href=\"https:\/\/www.freiburg-schwarzwald.de\/blog\/engagement\/zukunft\/demokratie\/osteuropa-8-mai-1945\/\">Stadt der Gegens\u00e4tze: Wer Ostdeutschland verstehen will, muss nach G\u00f6rlitz<\/a>\u00a0(17,5,2025)<\/li>\n<li><a href=\"https:\/\/www.freiburg-schwarzwald.de\/blog\/kultur\/aufklaerung\/genozid\/\">Vor 80 Jahren: Der vertuschte V\u00f6lkermord und wie das System uns in Knechtschaft h\u00e4lt<\/a> (1.5.2025)<\/li>\n<li><a href=\"https:\/\/www.freiburg-schwarzwald.de\/blog\/engagement\/zukunft\/demokratie\/unseredemokratie\/\">Manfred Haferburg: Der \u00dcbergang von Demokratie in \u201eunsere Demokratie\u201c<\/a>\u00a0(23.3.2025)<\/li>\n<li>Thorsten Schulte: Fremdbestimmt: 120 Jahre L\u00fcgen und T\u00e4uschungen bis heute (6.2.2025)<\/li>\n<li><a href=\"https:\/\/www.freiburg-schwarzwald.de\/blog\/holocaust-zeitzeugen-anhoeren\/\">Holocaust: Zeitzeugen anh\u00f6ren<\/a>\u00a0(29.1.2025)<\/li>\n<li>Bernd Wagner: Die letzten Europ\u00e4er &#8211; Belle \u00c9poque bzw. Wilhelmismus 1871-2014 (27.11.2024)<\/li>\n<li><a href=\"https:\/\/www.freiburg-schwarzwald.de\/blog\/global\/deutschland\/mauerfall1989\/\">35. Jahrestag der Grenz\u00f6ffnung in Ungarn 1989<\/a>\u00a0(5.9.2024)<\/li>\n<li>Joachim Fest: Aufkl\u00e4rung &#8211; Gewaltenteilung &#8211; Studienjahre in Freiburg (16.6.2024)<\/li>\n<li><a href=\"https:\/\/www.freiburg-schwarzwald.de\/blog\/kant-300-jahre-aufklaerung\/\">Kant 300 Jahre \u2013 Aufkl\u00e4rung<\/a>\u00a0(1.5.2024)<\/li>\n<li><a href=\"https:\/\/www.freiburg-schwarzwald.de\/blog\/kultur\/erinnerungskultur\/erinnerungspolitik\/\">Thorsten Hinz: \u201eRahmenkonzept Erinnerungskultur\u201c \u2013 Sch\u00f6nes neues Regenbogenland<\/a>\u00a0(19.4.2024)<\/li>\n<li>Rahmenkonzept Erinnerungskultur aus dem Kulturstaatsministerium (17.4.2024)<\/li>\n<li><a href=\"https:\/\/www.freiburg-schwarzwald.de\/blog\/engagement\/zukunft\/demokratie\/verfassung\/staatsfeinde\/\">Begriff der Staatsfeindlichkeit: Im 3.Reich und DDR ja. In BRD nein (noch?)<\/a>\u00a0(19.3.2024)<\/li>\n<li><a href=\"https:\/\/www.freiburg-schwarzwald.de\/blog\/engagement\/zukunft\/demokratie\/opposition\/querdenker\/\">Faust als nationale Symbolfigur war ein Querdenker<\/a> (14.3.2023)<\/li>\n<li><a href=\"https:\/\/www.freiburg-schwarzwald.de\/blog\/kultur\/erinnerungskultur\/\">Erinnerungskultur im Wandel: Beispiel Dresden und Frankfurt am Main<\/a>\u00a0(16.2.2024)<\/li>\n<li><a href=\"https:\/\/www.freiburg-schwarzwald.de\/blog\/geschichte\">Geschichtsunterricht<\/a>\u00a0(11.2.2024)<\/li>\n<li><a href=\"https:\/\/www.freiburg-schwarzwald.de\/blog\/global\/deutschland\/dresden\/\">Stadt Dresden best\u00e4tigt: Gedenkschrift am Altmarkt f\u00fcr Opfer der Luftangriffe geschliffen<\/a>\u00a0(15.1.2024)<\/li>\n<li><a href=\"https:\/\/www.freiburg-schwarzwald.de\/blog\/engagement\/zukunft\/demokratie\/volk\/\">Das Deutsche Volk<\/a>\u00a0(28.12.2023)<\/li>\n<li><a href=\"https:\/\/www.freiburg-schwarzwald.de\/blog\/natur\/neujahr\/\">Egon W. Kreutzer: Ich liebe Deutschland \u2013 Gedanken zum Jahreswechsel 2023 \u2013 2024<\/a>\u00a0(21.12.2023)<\/li>\n<li><a href=\"https:\/\/www.freiburg-schwarzwald.de\/blog\/free-palestine-from-german-guilt\/\">\u201eFree Palestine from German guilt\u201c<\/a>\u00a0(20.10.2023)<\/li>\n<li><a href=\"https:\/\/www.freiburg-schwarzwald.de\/blog\/3-10-feiertag-ohne-feierlaune\/\">3.10. \u2013 Feiertag ohne Feierlaune<\/a>\u00a0(4.10.2023)<\/li>\n<li><a href=\"https:\/\/www.freiburg-schwarzwald.de\/blog\/engagement\/zukunft\/demokratie\/nationalfeiertag\/17juni1953\/\">Hubertus Knabe zum 17. Juni 1953: \u201eDas gro\u00dfe Schweigen\u201c<\/a>\u00a0(22.6.2023)<\/li>\n<li><a href=\"https:\/\/www.freiburg-schwarzwald.de\/blog\/engagement\/zukunft\/demokratie\/nationalfeiertag\/17juni1953\/\">17. Juni 2023 in der deutschen Erinnerungspolitik<\/a>\u00a0(18..6.2023)<\/li>\n<li><a href=\"https:\/\/www.freiburg-schwarzwald.de\/blog\/yom-hashoah-holocaustgedenk\/\">Yom HaShoah, dem israelischen Holocaustgedenk<\/a>\u00a0(20.4.2023)<\/li>\n<li>Es ist an der Zeit, dass Deutschland seinen Preussen-Komplex ablegt (16.1.2023)<\/li>\n<li>Familie Bismarck kritisiert Au\u00dfenministerin Baerbock (23.12.2022)<\/li>\n<li><a href=\"https:\/\/www.freiburg-schwarzwald.de\/blog\/kultur\/kulturkampf\/\">Kulturkampf: Annalena Baerbock contra Otto von Bismarck<\/a> (20.12.2022)<\/li>\n<li><a href=\"https:\/\/www.freiburg-schwarzwald.de\/blog\/volkstrauertag-ohne-stadt-fr\/\">Volkstrauertag \u2013 ohne Stadt FR<\/a>\u00a0(21.11.2022)<\/li>\n<li><a href=\"https:\/\/www.freiburg-schwarzwald.de\/blog\/regio\/elsass\/elsass-geschichte\/\">Das Elsass hadert mit dem Gedenken an den Ersten Weltkrieg 11.11.1918<\/a>\u00a0(8.11.2022)<\/li>\n<li><a href=\"https:\/\/www.freiburg-schwarzwald.de\/blog\/kulturkampf-kreuz-und-bibel\/\">Kulturkampf: Kreuz und Bibel<\/a>\u00a0(7.11.2022)<\/li>\n<li><a href=\"https:\/\/www.freiburg-schwarzwald.de\/blog\/global\/deutschland\/deutschland-provisorium\/\">Welche Zukunft f\u00fcr die Bundesrepublik Deutschland?<\/a>\u00a0(3.10.2022)<\/li>\n<li><a href=\"https:\/\/www.freiburg-schwarzwald.de\/blog\/regio\/heimat\/heimatland\/\">Nun ade du mein lieb\u2018 Heimatland<\/a>\u00a0(1.6.2022)<\/li>\n<li><a href=\"https:\/\/www.freiburg-schwarzwald.de\/blog\/bomben-auf-dresden-13-2-1944\/\">Bomben auf Dresden 13.2.1944<\/a>\u00a0(13.2.2022)<\/li>\n<li><a href=\"https:\/\/www.freiburg-schwarzwald.de\/blog\/98247-2\/\">Dresden: Einfach nur Vandalismus<\/a>\u00a0(1,2,2022)<\/li>\n<li><a href=\"https:\/\/www.freiburg-schwarzwald.de\/blog\/global\/deutschland\/merkel-deutschland\/\">16 Jahre Merkel \u2013 eine Bilanz von A bis Z im August 2021<\/a>\u00a0(29.8.2021)<\/li>\n<li><a href=\"https:\/\/www.freiburg-schwarzwald.de\/blog\/niemand-hat-die-absicht\/\">Niemand hat die Absicht \u2026<\/a>\u00a0(13.8.2021)<\/li>\n<li><a href=\"https:\/\/www.freiburg-schwarzwald.de\/blog\/global\/deutschland\/vertriebene\/\">\u201eDokumentationszentrum Flucht, Vertreibung, Vers\u00f6hnung\u201c er\u00f6ffnet<\/a> (2.7.2021)<\/li>\n<li><a href=\"https:\/\/www.freiburg-schwarzwald.de\/blog\/engagement\/zukunft\/demokratie\/nationalfeiertag\/\">Volksaufstand 17. Juni 1953 und \u201efriedliche Revolution\u201c 1989<\/a>\u00a0(17.6.2021)<\/li>\n<li><a href=\"https:\/\/www.freiburg-schwarzwald.de\/blog\/kultur\/kulturverlust\/cancelculture\/\">Kolja Zydatiss: Cancel Culture \u2013 Demokratie in Gefahr<\/a>\u00a0(29.3.2021)<\/li>\n<li><a href=\"https:\/\/www.freiburg-schwarzwald.de\/blog\/global\/osteuropa\/\">Zu Ungarn: Kritik aus der CDU an der Europ\u00e4ischen Volkspartei<\/a>\u00a0(6.3.2021)<\/li>\n<li><a href=\"https:\/\/www.freiburg-schwarzwald.de\/blog\/global\/deutschland\/nationalstaat\/\">Vor 150 Jahren: Bismarck schafft die Einheit der Nation<\/a>\u00a0(18.1.2021)<\/li>\n<li><a href=\"https:\/\/www.freiburg-schwarzwald.de\/blog\/global\/deutschland\/nationalstaat\/\">Nationalstaat 1971-2021: Hurra, wir haben Geburtstag!<\/a> (15.1.2021)<\/li>\n<li><a href=\"https:\/\/www.freiburg-schwarzwald.de\/blog\/germanen\/\">Zeitungsmythos: Die Germanen gab es nicht (?)<\/a>\u00a0 (11.12.2020)<\/li>\n<li><a href=\"https:\/\/www.freiburg-schwarzwald.de\/blog\/strassen-schulen-umbenennen\/\">Strassen Schulen umbenennen<\/a>\u00a0(5.12.2020)<\/li>\n<li><a title=\"Kulturrevolution als Paradoxie\" href=\"https:\/\/www.freiburg-schwarzwald.de\/blog\/kulturrevolution-als-paradoxie\/\">Egon Flaig: Kulturrevolution \u2013 Geschichte des Westens als Fake History<\/a>\u00a0(9.8.2020)<\/li>\n<li><a title=\"Vertriebene\" href=\"https:\/\/www.freiburg-schwarzwald.de\/blog\/global\/deutschland\/vertriebene\/\">Vertriebene vor 70 Jahren am 5.8.1950: \u201eWir verzichten auf Rache und Vergeltung<\/a>\u201c (7.8.2020)<\/li>\n<li><a title=\"Kulturverlust\" href=\"https:\/\/www.freiburg-schwarzwald.de\/blog\/kultur\/kulturverlust\/\">David Engels: Leben mit dem Niedergang Europas<\/a>\u00a0(24.7.2020)<\/li>\n<li><a title=\"DDR\" href=\"https:\/\/www.freiburg-schwarzwald.de\/blog\/global\/deutschland\/ddr\/\">Vor 30 Jahren: Die D-Mark-Gewinner der DDR \u2013 SED bzw. Linke reichste Partei<\/a>\u00a0(1.7.2020)<\/li>\n<li><a title=\"Mauerfall1989\" href=\"https:\/\/www.freiburg-schwarzwald.de\/blog\/global\/deutschland\/mauerfall1989\/\">Gunter Wei\u00dfgerber: Fiktive Rede zum 30 Jahrestag der Deutschen Einheit<\/a> (1.7.2020)<\/li>\n<li><a title=\"Denkmal\" href=\"https:\/\/www.freiburg-schwarzwald.de\/blog\/business\/dienste\/immobilien\/denkmal\/\">Denkm\u00e4ler: Das Erbe ausl\u00f6schen \u2013 Antirassismus \u2013 USA<\/a>\u00a0(19.6.2020)<\/li>\n<li><a title=\"Osteuropa-8-Mai-1945\" href=\"https:\/\/www.freiburg-schwarzwald.de\/blog\/engagement\/zukunft\/demokratie\/osteuropa-8-mai-1945\/\">Der Osten: Eine 75-j\u00e4hrige Geschichte des Vergessens<\/a>\u00a0(8.5.2020)<\/li>\n<li><a title=\"Gruene\" href=\"https:\/\/www.freiburg-schwarzwald.de\/blog\/vereine\/partei\/gruene\/\">Robert Habeck: \u201cPatriotismus, Vaterlandsliebe also, fand ist stets zum Kotzen\u201d<\/a>\u00a0(23.3.2020)<\/li>\n<li><a title=\"Auschwitz1945-2020\" href=\"https:\/\/www.freiburg-schwarzwald.de\/blog\/kultur\/erinnerungskultur\/auschwitz1945-2020\/\">Steinmeiers Rede auf Englisch in Yad Vashem erntete er auch Kritik<\/a>\u00a0(10.2.2020)<\/li>\n<li><a title=\"Holocaust-Education\" href=\"https:\/\/www.freiburg-schwarzwald.de\/blog\/bildung\/holocaust-education\/\">Instrumentalisierung eines Gro\u00dfverbrechens: Die Erinnerung an den Holocaust sollte historisch n\u00fcchterner erfolgen<\/a>\u00a0(24.1.2020)<\/li>\n<li><a title=\"Alte\" href=\"https:\/\/www.freiburg-schwarzwald.de\/blog\/selbsthilfe\/senioren\/alte\/\">Die Revolution frisst ihre Omas: \u201cUmweltsau\u201d, \u201cbald nicht mehr da\u201d<\/a>\u00a0(29.12.2919)<\/li>\n<li><a title=\"Juden-instrumentalisieren\" href=\"https:\/\/www.freiburg-schwarzwald.de\/blog\/religion\/juden\/juden-instrumentalisieren\/\">Nazis \u2013 Angebot und Nachfrage: CDU\u00a0Linksruck,\u00a0AFD<\/a>\u00a0(9.12.2019)<\/li>\n<li><a title=\"Freiburg 1944: Nie wieder Krieg\" href=\"https:\/\/www.freiburg-schwarzwald.de\/blog\/freiburg-1944-nie-wieder-krieg\/\">Freiburg 1944: Nie wieder Krieg<\/a>\u00a0(28.11.2019)<\/li>\n<li><a title=\"Maa\u00dfen: Mauerfall 30 Jahre\" href=\"https:\/\/www.freiburg-schwarzwald.de\/blog\/maassen-mauerfall-30-jahre\/\">Maa\u00dfen: Mauerfall 30 Jahre\u00a0<\/a>(21.11.2019)<\/li>\n<li>Wolfgang Bittner: \u201eDie Heimat, der Krieg und der Goldene Westen (15.11.2019)<\/li>\n<li><a title=\"Mauerfall1989\" href=\"https:\/\/www.freiburg-schwarzwald.de\/blog\/global\/deutschland\/mauerfall1989\/\">Monika Maron: Unser galliges Gel\u00e4chter \u2013 Zum Mauerfall vor 30 Jahren<\/a>\u00a0(7.11.2019)<\/li>\n<li>Das Zeitalter der Amnesie &#8211; wir vergessen unsere Geschichte.(31.8.2019)<\/li>\n<li><\/li>\n<li><a href=\"https:\/\/www.freiburg-schwarzwald.de\/blog\/engagement\/zukunft\/demokratie\/nationalfeiertag\/17juni1953\/\">17Juni1953 &#8211; Volksaufstand<\/a><\/li>\n<li><a href=\"https:\/\/www.freiburg-schwarzwald.de\/blog\/kultur\/kulturverlust\/cancelculture\/\">Cancel Culture<\/a><\/li>\n<li><a href=\"https:\/\/www.freiburg-schwarzwald.de\/blog\/global\/deutschland\/deutschland-provisorium\/\">Deutschland-Provisorium<\/a><\/li>\n<li><a href=\"https:\/\/www.freiburg-schwarzwald.de\/blog\/kultur\/erinnerungskultur\/\">Erinnerungskultur<\/a><\/li>\n<li><a href=\"https:\/\/www.freiburg-schwarzwald.de\/blog\/kultur\/erinnerungskultur\/erinnerungspolitik\/\">Erinnerungspolitik<\/a><\/li>\n<li><a href=\"https:\/\/www.freiburg-schwarzwald.de\/blog\/germanen\/\">Germanen<\/a><\/li>\n<li><a href=\"https:\/\/www.freiburg-schwarzwald.de\/blog\/regio\/heimat\/heimatland\/\">Heimatland<\/a><\/li>\n<li><a title=\"Juden-instrumentalisieren\" href=\"https:\/\/www.freiburg-schwarzwald.de\/blog\/religion\/juden\/juden-instrumentalisieren\/\">Juden instrumentalisieren<\/a><\/li>\n<li><a title=\"Kulturrevolution\" href=\"https:\/\/www.freiburg-schwarzwald.de\/blog\/kultur\/kulturrevolution\/\">Kulturrevolution<\/a><\/li>\n<li><a title=\"Mauerfall1989\" href=\"https:\/\/www.freiburg-schwarzwald.de\/blog\/global\/deutschland\/mauerfall1989\/\">Mauerfall1989<\/a><\/li>\n<li><a href=\"https:\/\/www.freiburg-schwarzwald.de\/blog\/engagement\/zukunft\/demokratie\/nationalfeiertag\/\">Nationalfeiertag<\/a><\/li>\n<li><a href=\"https:\/\/www.freiburg-schwarzwald.de\/blog\/global\/deutschland\/nationalstaat\/\">Nationalstaat<\/a><\/li>\n<li><a title=\"Osteuropa-8-Mai-1945\" href=\"https:\/\/www.freiburg-schwarzwald.de\/blog\/engagement\/zukunft\/demokratie\/osteuropa-8-mai-1945\/\">Osteuropa-8-Mai-1945<\/a><\/li>\n<li><a title=\"Schuld\" href=\"https:\/\/www.freiburg-schwarzwald.de\/blog\/engagement\/zukunft\/schuld\/\">Schuld<\/a><\/li>\n<li><a title=\"Vertriebene\" href=\"https:\/\/www.freiburg-schwarzwald.de\/blog\/global\/deutschland\/vertriebene\/\">Vertriebene<\/a><\/li>\n<li><a href=\"https:\/\/www.freiburg-schwarzwald.de\/blog\/global\/deutschland\/vertriebene\/vertreibung\/\">Vertreibung<\/a><\/li>\n<\/ul>\n<p>&nbsp;<\/p>\n<p><strong>Politische Instrumentalisierung von &#8222;Alles f\u00fcr D&#8230;&#8220;<\/strong><br \/>\nEs soll hier nicht prim\u00e4r um den Sinn eines Verbots der Allerweltsfloskel \u201eAlles f\u00fcr D.\u201c gehen, sondern vor allem darum, wie dieser Satz gezielt gegen politische Gegner instrumentalisiert wird.<br \/>\n.<\/p>\n<div id=\"attachment_151106\" style=\"width: 650px\" class=\"wp-caption alignnone\"><a href=\"https:\/\/www.freiburg-schwarzwald.de\/blog\/wp-content\/uploads\/2026\/07\/alles-fuer-deutschland-ludwig1848pan.jpg\"><img loading=\"lazy\" decoding=\"async\" aria-describedby=\"caption-attachment-151106\" class=\"size-full wp-image-151106\" src=\"https:\/\/www.freiburg-schwarzwald.de\/blog\/wp-content\/uploads\/2026\/07\/alles-fuer-deutschland-ludwig1848pan.jpg\" alt=\"\" width=\"640\" height=\"372\" srcset=\"https:\/\/www.freiburg-schwarzwald.de\/blog\/wp-content\/uploads\/2026\/07\/alles-fuer-deutschland-ludwig1848pan.jpg 640w, https:\/\/www.freiburg-schwarzwald.de\/blog\/wp-content\/uploads\/2026\/07\/alles-fuer-deutschland-ludwig1848pan-180x105.jpg 180w\" sizes=\"auto, (max-width: 640px) 100vw, 640px\" \/><\/a><p id=\"caption-attachment-151106\" class=\"wp-caption-text\">Proklamation von K\u00f6nig Ludwig I. von Bayern am 6. M\u00e4rz 1848: &#8222;Alles f\u00fcr Deutschland&#8220;<\/p><\/div>\n<p>Aktuell wird er zur <a href=\"https:\/\/www.freiburg-schwarzwald.de\/blog\/bjoern-hoecke-ungeskriptet-ben\/\">Zensur des Vloggers Ben Berndt<\/a> missbraucht, und auch, wenn dieser Versuch vor Gericht scheitern wird, offenbart er einen Staat, eine Regierung, der jedes Mittel recht ist, um ihre demokratisch nicht mehr legitimierte Macht zu behalten, \u00f6ffentliche Meinung zu kontrollieren und die Opposition zu diffamieren.<br \/>\nPersonen, die diese Floskel (ungestraft) verwendeten:<br \/>\nK\u00f6nig Ludwig I. von Bayern (1848, M\u00e4rzrevolution), Karl H\u00f6ltermann und Otto H\u00f6rsig (SPD, seit 1931), Wilhelm Pieck und Otto Grotewohl (SED, seit 1946), Bund der Deutschen (BdD, 1957 auf einem Wahlplakat),<br \/>\nGerhard Schr\u00f6der (SPD, 2002 im Spiegel), Dorothee B\u00e4r (CSU, 2018 auf Twitter), Cathy Hummels (2024 auf Instagram), Stefan Kuzmany (Kolumnen\u00fcberschrift 2023 im Spiegel: &#8222;So gesehen: Alles f\u00fcr Deutschland&#8220;).<br \/>\nUnd nat\u00fcrlich Bj\u00f6rn H\u00f6cke, der als einziger bestraft wurde, obwohl er versicherte, die angebliche Relevanz zur SA, wie all die zuvor Erw\u00e4hnten auch, nicht gewusst zu haben (die unerf\u00fcllbare Beweislast des Gegenteils h\u00e4tte beim Gericht gelegen, jedenfalls in einem Rechtsstaat).<br \/>\n&#8230; Alles vom 3.7.2026 on Pommes Leibowitz bitte lesen auf<br \/>\n<a href=\"https:\/\/philosophia-perennis.com\/2026\/07\/03\/wie-eine-angebliche-sa-parole-zur-politischen-waffe-wird\/\">https:\/\/philosophia-perennis.com\/2026\/07\/03\/wie-eine-angebliche-sa-parole-zur-politischen-waffe-wird\/<\/a><\/p>\n<p>&nbsp;<\/p>\n<p><strong>Deutsche Legenden, Wer schreibt unsere Geschichte?<\/strong><br \/>\nIm Verlag KulturhHaus Loschwitz erschienen ist ein Sammelband, der sich mit historischen Legenden bzw. der Revision politisch motivierter tendenzi\u00f6ser Darstellungen der deutschen Geschichte besch\u00e4ftigt. Cora Stephan hat sieben Autoren versammelt, die unter anderem folgende Fragen traktieren oder jedenfalls aufwerfen (und anders beantworten als z.B. Ihr Fernseher): Sind die Benin-Bronzen Raubkunst, weshalb Deutschland sie zur\u00fcckgeben musste? Hat die deutsche Schutztruppe in Namibia zu Kolonialzeiten einen Genozid an den widerst\u00e4ndigen Herero ver\u00fcbt? Was ist dran am \u201epostkolonialen Narrativ\u201d, wonach nur Wei\u00dfe T\u00e4ter sind? Ist der \u201epreu\u00dfische Militarismus\u201d die Wurzel allen deutschen \u00dcbels, und tr\u00e4gt das Kaiserreich die Schuld am Ersten Weltkrieg? War das fl\u00e4chendeckende Bombardement der Briten im Zweiten Weltkrieg eine Reaktion auf den deutschen Angriff auf Coventry?<br \/>\nDie Autoren sind Prof. Peter J. Brenner, Mathias Brodkorb, Arthur Ponsonby, Alfred Schlicht, Rainer F. Schmidt, Volker Seitz, Cora Stephan selbst sowie meiner Mutter j\u00fcngster Sohn (<a href=\"https:\/\/www.freiburg-schwarzwald.de\/blog\/kultur\/dichter\/klonovsky\/\">Michael Klonovsky<\/a>).<br \/>\n.<br \/>\n<em>Cora Stephan (Hrsg): Deutsche Legenden, Wer schreibt unsere Geschichte?<\/em><br \/>\n<em>Sonderband EXIL, 248 Seiten, 22 Euro<\/em><br \/>\n<em>Edition KulturHaus Loschwitz Dresden,<\/em><br \/>\n.<br \/>\nInterview vom 26.9.2025 mit Cora Stephan zum Buch:<br \/>\n<a href=\"https:\/\/www.alexander-wallasch.de\/kultur\/neues-buch-deutsche-legenden-wer-schreibt-unsere-geschichte\">https:\/\/www.alexander-wallasch.de\/kultur\/neues-buch-deutsche-legenden-wer-schreibt-unsere-geschichte<\/a><br \/>\n&#8230; Alles vom 8.10.2025 bitte lesen auf<br \/>\n<a href=\"https:\/\/www.klonovsky.de\/2025\/10\/ja-is-denn-heut-schon-weihnachten\/\">https:\/\/www.klonovsky.de\/2025\/10\/ja-is-denn-heut-schon-weihnachten\/<\/a><\/p>\n<p>&nbsp;<\/p>\n<p><strong>Schulunterricht: Deutsche Geschichte beginnt erst mit der Nazizeit<\/strong><br \/>\n\u201eUnterrichtet wird mancherorts fast nur noch die neueste Geschichte. So kann der Eindruck entstehen, da\u00df die deutsche Vergangenheit fast nur aus der Nazizeit besteht, es gibt nichts Positives.<br \/>\nOb es der Westen generell ist oder speziell Deutschland: \u00fcberall nur Schuld und das B\u00f6se. Die f\u00fcr manche \u00fcberraschende Reaktion der Sch\u00fcler darauf ist wachsender <a href=\"https:\/\/www.freiburg-schwarzwald.de\/blog\/engagement\/zukunft\/demokratie\/extremismus\/rechtsextremismus\/\">Rechtsradikalismus<\/a> bei den einen, hypersensible <a href=\"https:\/\/www.freiburg-schwarzwald.de\/blog\/kultur\/kulturverlust\/woke\/\">Wokeness<\/a> bei den anderen.\u201c<br \/>\nHarald Martenstein, Publizist, in der \u201eWelt am Sonntag\u201c am 25. Mai 2025<\/p>\n<p>&nbsp;<\/p>\n<p><strong>Thorsten Schulte: Fremdbestimmt: 120 Jahre L\u00fcgen und T\u00e4uschungen bis heute<\/strong><br \/>\nDas neue Buch von Thorsten Schulte ist nicht irgendein Buch. Es ist ein Buch, dass den Leser mit auf die Reise nimmt. Eine Reise in die Vergangenheit. Wer es liest, wird es am liebsten gleich wieder in die Ecke legen, denn es rei\u00dft Denkverbote ein.<br \/>\nWir tauchen in diesem Interview in die Geschichte ein, um die Gegenwart zu verstehen. Wie entstehen Kriege? Wer finanziert diese? Wieso kommt es zu Kriegen? Wer l\u00fcgt? Warum ist man fremdbestimmt? Was macht die Propaganda der etablierten Medien aus uns und unserer Denkweise?<br \/>\nWir haben uns mit Thorsten Schulte getroffen, um all diese Fragen in einem gemeinsamen Gespr\u00e4ch zu diskutieren.<br \/>\n6.2.2025<br \/>\n<a href=\"https:\/\/www.youtube.com\/watch?v=Lk6JBSuY8ic\">https:\/\/www.youtube.com\/watch?v=Lk6JBSuY8ic<\/a><br \/>\n<a href=\"https:\/\/hearthis.at\/eingeschenkt.tv\/thorstenschulteinterview\">https:\/\/hearthis.at\/eingeschenkt.tv\/thorstenschulteinterview<\/a>\/<\/p>\n<p><em>Thorsten Schulte: Fremdbestimmt<\/em><br \/>\n<em>120 Jahre L\u00fcgen und T\u00e4uschung<\/em><br \/>\n<em>VFFW Verlag, 22 Euro<\/em><\/p>\n<p>Verlagsinfo:<br \/>\nSeit Mai 2024 wird die 9. Auflage mit zus\u00e4tzlichen Seiten, 888 statt 879 Fu\u00dfnoten (die hervorragend lesbar in Schwarz gedruckt sind), aktuell g\u00fcltigen Quellen im Internet sowie mit einem Personenregister von 14 Seiten ausgeliefert!*** Dieses Buch ist ein Warnruf an alle Europ\u00e4er! Kurt Tucholsky schrieb 1931: \u00bbDas Volk versteht das meiste falsch; aber es f\u00fchlt das meiste richtig.\u00ab Immer mehr Menschen f\u00fchlen, dass die Zukunft Deutschlands und Europas in Gefahr ist, verstehen jedoch noch nicht die Ursachen. Deshalb muss das ganze Ausma\u00df von T\u00e4uschung und Fremdbestimmung offengelegt werden. Nur so k\u00f6nnen wir erkennen, was uns heute bedroht, warum gegen den Mehrheitswillen offenkundig regiert wird und was wir dagegen tun k\u00f6nnen. Thorsten Schulte demaskiert in diesem Buch die Geschichtsschreibung der Sieger, deckt Unwahrheiten, Halbwahrheiten und das Weglassen wichtiger Fakten in unseren Medien auf. Er entlarvt das verzerrte Geschichtsbild, das immer noch zu einem Schuldkomplex der Deutschen mit verheerenden Folgen f\u00fchrt. Erst dadurch wird seine Gefahrenanalyse in diesem Buch f\u00fcr das heutige Deutschland verst\u00e4ndlich. Wir m\u00fcssen unsere Geschichte kennen und zwar die wahre Geschichte. Die New York Times huldigte dem letzten deutschen Kaiser im Juni 1913 mit der heute undenkbaren \u00dcberschrift: Kaiser, 25 Jahre Herrscher, gefeiert als Friedensstifter. Den Deutschen wird nachweisbar gezielt vorenthalten, welcher US-Vertreter am 20. November 1922 den sp\u00e4teren deutschen Diktator traf und ihn als \u00bbfabelhaften Demagogen\u00ab bezeichnete. Der ehemalige US-Pr\u00e4sident Harry S. Truman bemerkte \u00fcber Deutschland und Russland im Juni 1941: \u00bbLasst sie sich doch gegenseitig so weit wie m\u00f6glich ausrotten\u00ab. Bekam der deutsche Bundeskanzler Willy Brandt Gelder des US-Geheimdienstes CIA? Wurden Spitzenpolitiker der Gr\u00fcnen im Ausland ausgebildet? Frankreichs Zeitung Le Figaro schrieb 1992 \u00fcber den Maastrichter Vertrag, der den Weg zum Euro ebnete: \u00bbMaastricht, das ist der Versailler Vertrag ohne Krieg\u00ab. Wer konnte bei der Euro-Rettung Angela Merkel 2011 womit zum Weinen bringen? Deutschlands Zukunft ist bedroht, wenn wir nicht handeln. Wir Deutschen m\u00fcssen unsere Augen jetzt zum Sehen benutzen, damit wir sie nicht sp\u00e4ter zum Weinen gebrauchen. Mut zur Wahrheit f\u00fcr unsere Kinder und Enkel!<\/p>\n<p>&nbsp;<\/p>\n<p><strong>Bernd Wagner: Die letzten Europ\u00e4er &#8211; Belle \u00c9poque bzw. Wilhelmismus 1871-2014<\/strong><br \/>\nWarum ist eine der produktivsten Epochen Europas so wenig im Ged\u00e4chtnis der Europ\u00e4er verankert? Dieser Frage geht Bernd Wagner in seinem Buch \u201eDie letzten Europ\u00e4er\u201c nach. Die Zeit von 1871 bis zum Ersten Weltkrieg hat wie kaum eine andere Epoche Deutschland und Europa gepr\u00e4gt. Dennoch ist sie aus dem kollektiven Ged\u00e4chtnis fast verschwunden.<br \/>\n&#8230;<br \/>\nIn Frankreich wird sie immerhin \u201eBelle \u00c9poque\u201c genannt, in Deutschland \u201eWilhelmismus\u201c, was nicht nur trist, sondern negativ klingt. Die Menschen, die in dieser Zeit geboren wurden, werden die \u201eZwischengeneration\u201c genannt. Zwischen was? Ein Zeitalter ging sp\u00e4testens mit der Aufkl\u00e4rung seinem Ende zu. Das neue Zeitalter, das im Entstehen ist, hat immer noch keinen Namen. Sicher ist nur, dass es nicht das \u201eAge of Aquarius\u201c, das sich die Generation der 60er- und 70er-Jahre des letzten Jahrhunderts ertr\u00e4umte, oder das Ende der Geschichte ist, wie nach dem Zusammenbruch des kommunistischen Blocks hoffnungstrunken prophezeit wurde.<\/p>\n<p>W\u00e4hrend es im \u201eWilhelmismus\u201c europaweit zu einer regelrechten Explosion von Genies auf allen Gebieten gekommen ist, werden wir heute von einer Zeitgeist-Elite dominiert, die im Vergleich schlichten Geistes ist, daf\u00fcr aber ein \u00fcberbordendes Sendungsbewusstsein hat und der durch nichts zu ersch\u00fctternden Meinung ist, recht zu haben. <a href=\"https:\/\/www.freiburg-schwarzwald.de\/blog\/engagement\/zukunft\/demokratie\/merkelismus\/\">Ex-Kanzlerin Merkel<\/a> ist eine typische Vertreterin dieser Spezies. <em><strong>Ihr j\u00fcngst vorgestelltes Buch \u201eFreiheit\u201c, das von \u201eunfassbarer \u00d6dnis\u201c (Jan Fleischhauer) ist, h\u00e4tte eigentlich \u201eIch habe recht\u201c hei\u00dfen m\u00fcssen.<\/strong> <\/em>Mit Freiheit hat das mehr als 700 Seiten umfassende Werk nur insofern zu tun, als Merkel wie kein anderer Nachkriegspolitiker die Weichen f\u00fcr die Zerst\u00f6rung der Freiheit gestellt hat.<br \/>\n&#8230;<br \/>\nWagners \u201evergn\u00fcglich und lehrreich zu lesenden K\u00fcnstlerportr\u00e4ts dieser einzigartigen und doch fast vergessenen Individualisten zeichnen Denkmal und Zeugnis eines gelebten Europas, das es so nicht mehr gibt.\u201c Wagner macht uns klar, wie gro\u00df der Verlust ist.<br \/>\n&#8230; Alles vom 27.11.2024 bitte lesen auf<br \/>\n<a href=\"https:\/\/vera-lengsfeld.de\/2024\/11\/27\/7862\/\">https:\/\/vera-lengsfeld.de\/2024\/11\/27\/7862\/<\/a><br \/>\n<em>.<\/em><br \/>\n<em>Bernd Wagner: Die letzten Europ\u00e4er \u2013 Sieben Studien, <\/em><br \/>\n<em>Buchhaus Loschwitz Dresden 2024<\/em><\/p>\n<p>&nbsp;<\/p>\n<p>&nbsp;<\/p>\n<p><strong>Joachim Fest: Aufkl\u00e4rung &#8211; Gewaltenteilung &#8211; Studienjahre in Freiburg<\/strong><br \/>\n<strong>Skeptizismus ist der eigentliche Kern des <a href=\"https:\/\/www.freiburg-schwarzwald.de\/blog\/engagement\/zukunft\/demokratie\/konservativismus\/\">Konservatismus<\/a><\/strong><\/p>\n<p>Willemsen befragt Joachim Fest (Zeugen des Jahrhunderts):<br \/>\n<em>Einige Zitate von Fest:<\/em><br \/>\n<em>&#8222;Ich wei\u00df seither, da\u00df es das B\u00f6se gibt. Das gibt es wirklich. &#8230; Doe Aufkl\u00e4rung hat uns ein positives Menschenbild gegeben: Das B\u00f6se gibt es nicht, das kommt aus falscher Erziehung und alschen sozialen Verh\u00e4ltnissen. Das ist der gro\u00dfe Irrtum der <a href=\"https:\/\/www.freiburg-schwarzwald.de\/blog\/kultur\/aufklaerung\/\">Aufkl\u00e4rung<\/a>. Und Hitler ist f\u00fcr mich eine Art Widerruf der Aufkl\u00e4rung. &#8230;<\/em><br \/>\n<em>Die Opfer, die das grauenvolle 20. Jahrhundert gekostet hat, das geht so in die 150 &#8211; 200 Millionen Menschen. Alles einzelne Schicksale . Man kann sich dies nicht klar machen, ohne tief deprimiert zu werden. Das ist die Natur des Menschen. Deswegen glaube ich nicht mehr an die Verhei\u00dfung der Aufkl\u00e4rung, da\u00df der Mensch ein vernunftgeleitetes und zum Guten neigendes Wesen ist. <\/em><br \/>\n<em>&#8230;<\/em><br \/>\n<em>Die <a href=\"https:\/\/www.freiburg-schwarzwald.de\/blog\/engagement\/zukunft\/demokratie\/gewaltenteilung\/\">Gewaltenteilung<\/a> mu\u00df erhalten werden. <\/em><br \/>\n<em>Wie alle leben in der Freiheit und der Rechtsstaatlichkeit. Aber ausgedr\u00fcckt und wertgesch\u00e4tzt wird dies nicht. Die Freiheit ist in Deutschland nicht hoch besetzt. Wenn es darauf ankommt, wird die Sicherheit der Freiheit vorgezogen. Ich f\u00fcrchte, f\u00fcr die Sicherheit werden gerne Grundrechtsbeschr\u00e4nkungen zugelassen.&#8220;<\/em><br \/>\n<em>Ende Zitate von Fest<\/em><br \/>\n<em>15.12.2020, <a href=\"https:\/\/www.youtube.com\/watch?v=b4KXHBsojGU\">https:\/\/www.youtube.com\/watch?v=b4KXHBsojGU<\/a><\/em><\/p>\n<p>Der wahrscheinlich letzte Grandseigneur der deutschen Historikerzunft erinnert sich darin an seine Studentenzeit in Freiburg, einer heute nurmehr noch in woker Geistesfeindschaft und Illiberalit\u00e4t erstarrten Universit\u00e4t, an welcher zu studieren weiland eine Freude gewesen sein muss.<br \/>\nFest entsinnt sich beispielsweise einer Vorlesung seines Germanistikprofessors \u00fcber die \u201evier Ph\u00e4notypen der abendl\u00e4ndischen Literatur\u201d: Don Quichotte, Don Juan, Faust, Hamlet. Wer sich ausmalt, heute tr\u00e4te in Freiburg ein Literaturprofessor mit einem solchen thesenstarken Vortrag ans Pult, h\u00f6rt f\u00f6rmlich das Aufjaulen des Feminats und der Poststrukturalisten. Aber es ist wahr.<br \/>\nDas ganze Interview ist h\u00f6renswert. Fest z\u00e4hlte noch zu jenen Historikern, die wussten, dass ihr Fach mehr zur Literatur als zur Wissenschaft geh\u00f6rt, dass letztlich immer Menschen und nicht Strukturen Geschichte machen, und dass die Sprache, das Einf\u00fchlungsverm\u00f6gen sowie die Phantasie des Historikers eine Vergangenheit weit eindr\u00fccklicher zum Leben erwecken als Statistiken, Entwicklungschemata, angebliche Kausalit\u00e4ten und im jeweils angesagten Sinne gezogene \u201eLehren\u201d. Wer \u201eeine Zeit begreifen\u201c wolle, bemerkte er einmal, werde allein aus \u201epedantisch zusammengetragenen Materialhaufen kein lebendiges Bild gewinnen\u201c. Auch dem \u201eKonzept\u201d Entwicklung stand er recht reserviert gegen\u00fcber; wenn er \u00fcberhaupt irgendetwas aus seinen historischen Studien gelernt habe, sagte er mir gegen\u00fcber einmal, dann dass jeder Fortschritt mit enormen Verlusten bezahlt werde.<\/p>\n<p>Joachim Fest glaubte nicht an die Aufkl\u00e4rung, ohne ihr v\u00f6llig abzuschw\u00f6ren, das war die Lektion der Nazijahre. An seinem Beispiel kann man gut studieren, dass der Skeptizismus und mit ihm das skeptische, allen Bon Sauvage-Predigern und Wolkenkuckucksheimverhei\u00dfern zutiefst misstrauende Menschenbild der recht eigentliche Kern des Konservatismus ist.<\/p>\n<p>Interview von Roger Willemsen mit Joachim Fest. Der wahrscheinlich letzte Grandseigneur der deutschen Historikerzunft erinnert sich darin an seine Studentenzeit in Freiburg, einer heute nurmehr noch in woker Geistesfeindschaft und Illiberalit\u00e4t erstarrten Universit\u00e4t, an welcher zu studieren weiland eine Freude gewesen sein muss.<\/p>\n<p>Fest entsinnt sich beispielsweise einer Vorlesung seines Germanistikprofessors \u00fcber die \u201evier Ph\u00e4notypen der abendl\u00e4ndischen Literatur\u201d: Don Quichotte, Don Juan, Faust, Hamlet. Wer sich ausmalt, heute tr\u00e4te in Freiburg ein Literaturprofessor mit einem solchen thesenstarken Vortrag ans Pult, h\u00f6rt f\u00f6rmlich das Aufjaulen des Feminats und der Poststrukturalisten. Aber es ist wahr.<\/p>\n<p>Das ganze Interview ist h\u00f6renswert. Fest z\u00e4hlte noch zu jenen Historikern, die wussten, dass ihr Fach mehr zur Literatur als zur Wissenschaft geh\u00f6rt, dass letztlich immer Menschen und nicht Strukturen Geschichte machen, und dass die Sprache, das Einf\u00fchlungsverm\u00f6gen sowie die Phantasie des Historikers eine Vergangenheit weit eindr\u00fccklicher zum Leben erwecken als Statistiken, Entwicklungschemata, angebliche Kausalit\u00e4ten und im jeweils angesagten Sinne gezogene \u201eLehren\u201d. Wer \u201eeine Zeit begreifen\u201c wolle, bemerkte er einmal, werde allein aus \u201epedantisch zusammengetragenen Materialhaufen kein lebendiges Bild gewinnen\u201c. Auch dem \u201eKonzept\u201d Entwicklung stand er recht reserviert gegen\u00fcber; wenn er \u00fcberhaupt irgendetwas aus seinen historischen Studien gelernt habe, sagte er mir gegen\u00fcber einmal, dann dass jeder Fortschritt mit enormen Verlusten bezahlt werde.<\/p>\n<p>Joachim Fest glaubte nicht an die Aufkl\u00e4rung, ohne ihr v\u00f6llig abzuschw\u00f6ren, das war die Lektion der Nazijahre. An seinem Beispiel kann man gut studieren, dass der Skeptizismus und mit ihm das skeptische, allen Bon Sauvage-Predigern und Wolkenkuckucksheimverhei\u00dfern zutiefst misstrauende Menschenbild der recht eigentliche Kern des Konservatismus ist.<br \/>\n&#8230; Alles vom 16.6.2024 von <a href=\"https:\/\/www.freiburg-schwarzwald.de\/blog\/kultur\/dichter\/klonovsky\/\">Michael Klonovsky<\/a> bitte lesen auf<br \/>\n<a href=\"https:\/\/www.klonovsky.de\/2024\/06\/16-juni-2024\/\">https:\/\/www.klonovsky.de\/2024\/06\/16-juni-2024\/<\/a><\/p>\n<p>&nbsp;<\/p>\n<p>&nbsp;<\/p>\n<p><strong>Rahmenkonzept Erinnerungskultur aus dem Kulturstaatsministerium<\/strong><br \/>\n<strong>F\u00fcr Claudia Roth ist deutsche Geschichte alles, nur nicht die Geschichte der Deutschen<\/strong><br \/>\n&#8230;<br \/>\nDas Konzept hat es in sich: Die Kulturstaatsministerin gibt darin umfassend Einblick in ihre Vorstellung, wie der deutsche Umgang mit Geschichte umgestaltet werden muss. Und zwar, indem den beiden zentralen deutschen Erinnerungss\u00e4ulen Nationalsozialismus sowie Deutsche Teilung\/Deutsche Einheit drei weitere Themenfelder hinzugef\u00fcgt werden: \u201eKolonialismus\u201c, \u201eErinnerungskultur und Einwanderungsgesellschaft\u201c, \u201eKultur der Demokratie\u201c.<br \/>\n&#8230;<br \/>\n<a href=\"https:\/\/www.freiburg-schwarzwald.de\/blog\/kultur\/erinnerungskultur\/\">Deutsche Erinnerungskultur<\/a> also als Vielfaltsgeschichte, die jeden Tag neu ausgehandelt wird zwischen denen, die schon l\u00e4nger hier leben, und denen, die dies noch nicht ganz so lange tun.<\/p>\n<p>Kein Interesse besteht hingegen an spezifisch deutschen \u201eErinnerungsorten\u201c: Flucht und <a href=\"https:\/\/www.freiburg-schwarzwald.de\/blog\/global\/deutschland\/vertriebene\/\">Vertreibung von 12 Millionen Deutschen<\/a> aus Ostdeutschland nach dem zweiten Weltkrieg etwa verbucht das Konzept ganz im gr\u00fcnen Jargon schlicht als eine Facette der Geschichte von \u201eMobilit\u00e4t und Migration\u201c. W\u00fcrdigung von Leben und Kultur der Deutschen als Deutsche von Schlesien bis Ostpreu\u00dfen? Fehlanzeige!<br \/>\nInsgesamt blickt das Papier mit einer auffallend asymmetrischen Brille auf das Aufeinandertreffen von Einheimischen und Migranten. So wird etwa besonders hervorgehoben, dass \u201esogenannte\u201c Gastarbeiter essentieller Teil des Wirtschaftswunders gewesen seien. Dem gegen\u00fcbergestellt werden die \u201eschlechten Arbeitsbedingungen, Fremdenfeindlichkeit und der Rassismus\u201c, der ihre Integration erschwert habe. An anderer Stelle hei\u00dft es, den Integrationsanstrengungen von Einwanderern geb\u00fchre \u201egro\u00dfe Anerkennung\u201c. Kurz darauf wird festgehalten, im Alltag erlebten Einwanderer \u201eDiskriminierung bis hin zu offenem Hass, Hetze und Gewalt\u201c.<\/p>\n<p>Wunderbar in den Gestus der Selbstgei\u00dfelung und in den Zeitgeist von Politik und Geschichtswissenschaft f\u00fcgt sich dann auch ein, dass die Kulturstaatsministerin einen starken Schwerpunkt auf die Erinnerung an die <a href=\"https:\/\/www.freiburg-schwarzwald.de\/blog\/global\/kolonialismus\/\">deutsche Kolonialgeschichte<\/a> legen will. Konkret geht es ihr etwa um eine weitere Besch\u00e4ftigung mit der R\u00fcckf\u00fchrung \u201ekolonialer\u201c G\u00fcter in die Ursprungsl\u00e4nder oder auch \u201eden Umgang mit kolonialen Spuren im \u00f6ffentlichen Raum\u201c.<br \/>\nVoll auf postkolonialer Linie beklagt das Konzept, dass sich an den Folgen \u201evon Imperialismus und Kolonialismus\u201c viele aktuelle Ph\u00e4nomene von Ungleichheit festmachen lie\u00dfen. Die Ereignisse beeinflussten bis heute politisch-gesellschaftliche Verh\u00e4ltnisse, etwa in Form von Diskriminierung und Rassismus. Offen benennt das Konzept die Absicht, mit dieser geschichtspolitischen Schwerpunktsetzung den \u201eKampf gegen aktuellen Rassismus in der deutschen Gesellschaft\u201c zu betreiben.<br \/>\n&#8230; Alles vom 17.4.2024 von Sandro Serafin bitte lesen auf<br \/>\n<a href=\"https:\/\/www.tichyseinblick.de\/meinungen\/rahmenkonzept-erinnerungskultur-roth\/\">https:\/\/www.tichyseinblick.de\/meinungen\/rahmenkonzept-erinnerungskultur-roth\/<\/a><\/p>\n<p>&nbsp;<\/p>\n<p><strong>Es ist an der Zeit, dass Deutschland seinen Preussen-Komplex ablegt<\/strong><br \/>\nManche Nationen pflegen mit Stolz ihr Kulturerbe. Deutschland hat die Gr\u00fcnen, die Namen wie Bismarck ausradieren. Welcher historische Waschzwang treibt Annalena Baerbock und Claudia Roth um?<br \/>\nDer britische Historiker und Bismarck-Biograf A. J. P. Taylor hat einmal gesagt, wenn man wissen wolle, wie die Deutschen gerade tickten, m\u00fcsse man sie \u00fcber ihr Verh\u00e4ltnis zu Bismarck befragen. F\u00fcr Konservative ist Bismarck bis heute der Architekt des deutschen Kaiserreichs, angesehener Aussenpolitiker und Begr\u00fcnder einer langen Periode des Friedens, des Wohlstands und der fortschrittlichen Sozialpolitik. F\u00fcr Linke wiederum ist Bismarck ein reaktion\u00e4rer Kriegstreiber, der Sozialisten und Katholiken verfolgte und den deutschen Sonderweg bereitete \u2013 vom Ersten Weltkrieg bis zum \u00abDritten Reich\u00bb.<br \/>\nBismarck jedenfalls geh\u00f6rt zu Deutschland wie Churchill zu Grossbritannien. Was man im Haus von Bismarcks j\u00fcngster Amtsnachfolgerin, Annalena Baerbock, jetzt offenbar anders sieht, sie will den Politiker aus dem Ged\u00e4chtnis verbannen. Nat\u00fcrlich haben beide Staatsm\u00e4nner ihre dunklen Seiten; ein Bismarck vielleicht noch mehr, weil er Repr\u00e4sentant nicht einfach einer konstitutionellen Monarchie war, sondern mit einem Bein noch im Absolutismus stand.<br \/>\nAber die Figur Bismarck ist auch untrennbar mit dem Aussenministerium verbunden \u2013 als erster Reichskanzler, Aussenminister und Namensgeber des Ausw\u00e4rtigen Amtes (AA). Von solchen Tatsachen unber\u00fchrt, hat Baerbock, zum Ausklang des ersten Regierungsjahres der \u00abAmpel\u00bb, ein bisschen historische Kosmetik betrieben: Sie liess das Bismarck-Zimmer im Aussenamt umtaufen und das dort bis anhin pr\u00e4sentierte Bismarck-Portr\u00e4t Franz von Lenbachs entfernen.<br \/>\n&#8230; Alles vom 16.1.2023 bitte lesen auf<br \/>\n<a href=\"https:\/\/www.nzz.ch\/feuilleton\/es-ist-an-der-zeit-dass-deutschland-seinen-preussen-komplex-ablegt-ld.1720780\">https:\/\/www.nzz.ch\/feuilleton\/es-ist-an-der-zeit-dass-deutschland-seinen-preussen-komplex-ablegt-ld.1720780<\/a><\/p>\n<p>&nbsp;<\/p>\n<p><strong>Familie Bismarck kritisiert Au\u00dfenministerin Baerbock<\/strong><br \/>\nDie Umbenennung des Bismarck-Zimmers im Ausw\u00e4rtigen Amt hat die Familie des ersten Reichskanzlers zu scharfer Kritik an Au\u00dfenministerin Annalena Baerbock (Gr\u00fcne) veranla\u00dft. Auch ein Bild des Reichsgr\u00fcnders von 1871 hatte die Politikerin entfernen lassen.<br \/>\nMan sei entsetzt, \u201eda\u00df mit unserer eigenen Geschichte und mit unserem eigenen Land so umgegangen wird\u201c, hei\u00dft es in einer Erkl\u00e4rung des \u201evon Bismarck\u2019schen Familienverbandes\u201c, zu dem rund 340 Mitglieder des m\u00e4rkischen Adelsgeschlechtes geh\u00f6ren. \u201eDas Gem\u00e4lde von Otto von Bismarck als Gr\u00fcnder des Ausw\u00e4rtigen Amtes und auch erster Leiter dieses Amtes im Bismarck-Zimmer abzuh\u00e4ngen und auch das Zimmer umzubenennen, zeugt davon, da\u00df Baerbock f\u00fcr Deutschland kein Geschichtsbewu\u00dftsein hat\u201c, hei\u00dft es in der von Alexander von Bismarck verfa\u00dften Erkl\u00e4rung. In dem Raum trifft sich die Gr\u00fcnen-Politikerin mit Abteilungsleitern zu Besprechungen. Er hei\u00dft nun \u201eSaal der Deutschen Einheit\u201c.<br \/>\nDer Ministerin wirft die Familie vor, \u201eihr Amt verfehlt\u201c zu haben. Sie trete moralisierend auf und verdrehe die Geschichte. Die Leistungen Otto von Bismarcks (1815\u20131898) w\u00fcrden nicht angemessen gew\u00fcrdigt. So sei unter ihrem Vorfahren auch das B\u00fcrgerliche Gesetzbuch entstanden, das noch heute in Deutschland gelte. Das Ausw\u00e4rtige Amt hatte die Umbenennung damit begr\u00fcndet, sich auf die \u201edemokratische Geschichte Deutschlands\u201c beziehen und auch daran erinnern zu wollen, da\u00df in dem Raum einst das Politb\u00fcro der SED tagte.<br \/>\nOtto von Bismarck hat die Einheit Deutschlands 1871 zu einem Nationalstaat vorangetrieben und war nicht nur Kanzler, sondern auch Au\u00dfenminister. Der Name \u201eAusw\u00e4rtiges Amt\u201c geht auf ihn zur\u00fcck. Das Bismarck-Zimmer hatte es bereits im 1951 wiedergegr\u00fcndeten Au\u00dfenministerium in Bonn gegeben.<br \/>\n<a href=\"https:\/\/www.bismarck-familie.de\">https:\/\/www.bismarck-familie.de<\/a><\/p>\n<p>&#8230; Alles vom 23.12.2022 von Ulrich van Suntun bitte lesen in der JF 52\/22, Seie 2<\/p>\n<p>&nbsp;<\/p>\n<p><strong>Wolfgang Bittner: \u201eDie Heimat, der Krieg und der Goldene Westen<\/strong><br \/>\n<em>\u201eDas pa\u00dft aber nicht ins vorgegebene Bild\u201c &#8211; Mit seinem neuen Roman \u201eDie <a title=\"Heimat\" href=\"https:\/\/www.freiburg-schwarzwald.de\/blog\/regio\/heimat\/\">Heimat<\/a>, der Krieg und der Goldene Westen\u201c hat der Schriftsteller Wolfgang Bittner ein meisterliches Werk \u00fcber Deutschlands Untergang und Neubeginn anhand des Nachkriegsschicksals einer Vertriebenenfamilie aus Oberschlesien vorgelegt<\/em><br \/>\n<em>von Moritz Schwarz<br \/>\n<\/em>\u00a0.<br \/>\nHerr Dr. Bittner, Ihr neuer Roman erf\u00e4hrt eine erstaunlich geringe Resonanz in den Feuilletons. Warum?<br \/>\nWolfgang Bittner: Da\u00df \u201eDie Heimat, der Krieg und der Goldene Westen\u201c \u2013 im Gegensatz zur Resonanz in den sogenannten alternativen Internetmedien \u2013 in den Feuilletons der Leitmedien keine Beachtung findet, mag erstaunlich sein, aber es ist nicht unverst\u00e4ndlich. Erstens schreibe ich, wie fast immer, mit gesellschaftspolitischem Hintergrund, viele etablierte Kritiker vertreten aber die Meinung, Literatur m\u00fcsse \u201eunpolitisch\u201c sein \u2013 nat\u00fcrlich in ihrem ideologisch gepr\u00e4gten Sinne. Zweitens gehe ich auf bestimmte Themen in einer Weise ein, die von solchen Kritikern nicht goutiert wird. Etwa auf die v\u00f6lkerrechtswidrige, inhumane Vertreibung Millionen Deutscher bei Kriegsende, den Verlust eines Drittels des ehemaligen Deutschen Reiches oder die einseitige Westbindung, als nach der bedingungslosen Kapitulation Deutschland besetzt wurde und die Weichen f\u00fcr das gestellt worden sind, womit wir es bis heute zu tun haben. Das pa\u00dft nicht ins vorgegebene Bild.<br \/>\n&#8230;.<br \/>\nSie zeigen die Deutschen als Opfer von Russen und Polen, verweisen aber auch auf die Untaten von deutscher Seite. Allerdings ist eine Darstellung nur deutscher Untaten bekanntlich problemlos m\u00f6glich. W\u00e4hrend eine Darstellung nur der Untaten an Deutschen unm\u00f6glich ist, wenn man sich nicht vernichtender Vorw\u00fcrfe aussetzen m\u00f6chte. Deshalb die Frage: Verweisen Sie auf die deutschen Untaten wirklich nur aus Objektivit\u00e4t oder aus Schuldreflex, volksp\u00e4dagogischer Absicht oder um sich vor Vorw\u00fcrfen zu sch\u00fctzen?<br \/>\nBittner: Ich habe in meiner Literatur nie taktiert, mich nie nach der Mode oder dem gerichtet, was genehm ist. Krieg ist immer etwas Furchtbares, das Menschen zu Opfern und zu T\u00e4tern werden l\u00e4\u00dft, da gibt es Verbrechen auf allen Seiten. Deswegen schreibe ich seit jeher gegen Gewalt und Krieg.<br \/>\nJedes Volk mu\u00df mit seiner <a title=\"Schuld\" href=\"https:\/\/www.freiburg-schwarzwald.de\/blog\/engagement\/zukunft\/schuld\/\">Schuld<\/a> umgehen, und es l\u00e4\u00dft sich auf deutscher Seite nicht leugnen oder relativieren, da\u00df man Hunderttausende sowjetische Kriegsgefangene verhungern lie\u00df, da\u00df es auf sowjetischer Seite 27 Millionen Kriegsopfer gab und etwa sechs Millionen Juden systematisch umgebracht wurden.<br \/>\nWas dann Hitler und die deutsche Kriegsschuld angeht, m\u00f6chte ich auf mein im September erschienenes Sachbuch \u201eDer neue West-Ost-Konflikt. Inszenierung einer Krise\u201c verweisen. Darin gehe ich in zwei l\u00e4ngeren Kapiteln auf den Ersten und Zweiten Weltkrieg ein, darauf da\u00df beide Kriege unter anderem von Briten, Franzosen und US-Finanzeliten provoziert wurden und da\u00df die These von der Alleinschuld Deutschlands nicht stimmt. Das entspricht nicht der g\u00e4ngigen Geschichtsauffassung, und nat\u00fcrlich stehe ich damit bei bestimmten Kreisen in Verdacht des Geschichtsrevisionismus. Aber allm\u00e4hlich werden die Archive ge\u00f6ffnet, und alles, was ich schreibe, l\u00e4\u00dft sich belegen.<br \/>\n.<br \/>\nWarum ist es eigentlich so schwer f\u00fcr uns, Deutsche einmal nur als Opfer darzustellen? Die Frage ergibt sich, weil dies bei allen andern, Russen, Polen, Amerikanern etc., immer wieder gemacht wird. Letzteres ist zwar legitim, zeigt aber die Unf\u00e4higkeit dazu bei uns Deutschen nicht, da\u00df dem offenbar ein Komplex zugrunde liegt?<br \/>\nBittner: Die Deutschen sind ebensowenig ein Opfervolk wie sie ein T\u00e4tervolk sind. Sie sind, wie fast alle V\u00f6lker, beides. Auf mich bezogen, war ich als Kind ganz eindeutig ein Opfer der Verh\u00e4ltnisse, was im Roman, der autobiographisch unterlegt ist, thematisiert wird. Ich bin allerdings \u2013 um auf meine eigene Geschichte zu kommen, die nur zu Teilen mit der Romangeschichte korrespondiert \u2013 weder ein Opfer geblieben noch zum T\u00e4ter geworden. Und was meine Kinder und Enkelkinder angeht, haben sie nichts mit Verbrechen zu tun, die in der Vergangenheit in deutschem Namen begangen wurden. Diese perpetuierte Selbstbezichtigung, die es bei keinem anderen Volk gibt, sollte aufh\u00f6ren, denn sie bewirkt das Gegenteil dessen, was sie zu bezwecken vorgibt. Der Opportunismus, die Unterw\u00fcrfigkeit und die Scheinheiligkeit, die die deutsche Politik seit 1945 kennzeichnen, sind sch\u00e4dlich und kontraproduktiv.<br \/>\n&#8230;.<br \/>\nHeute beanspruchen wir, Toleranz, Meinungsfreiheit und Emanzipation der B\u00fcrger erreicht zu haben. Trifft das zu?<br \/>\nBittner: Das sind gro\u00dfe Worte, mit denen ich in dieser hermetischen Begrifflichkeit nicht viel anzufangen wei\u00df. Ich kann darauf nur antworten, da\u00df ich mich emanzipiert habe und ich im Rahmen der Gesetze alles sagen und schreiben kann, was ich will \u2013 aber es wird verhindert, da\u00df es viele h\u00f6ren oder lesen. Zu diesem bedeutenden, umfangreichen Thema m\u00f6chte ich erneut auf mein Buch \u00fcber den neuen West-Ost-Konflikt verweisen, das ich im Anschlu\u00df an meinen Roman ver\u00f6ffentlicht habe. Es ist gerade in die zweite Auflage gegangen, wird jedoch, wie \u00fcblich, von den sogenannten Qualit\u00e4tsmedien boykottiert. Wer hineinschaut, wird wissen, warum das so ist.<br \/>\nSie haben lange und gern im Ausland gelebt. Warum sind Sie dennoch zur\u00fcckgekehrt und haben ein Buch \u00fcber Deutschlands Vergangenheit geschrieben?<br \/>\nBittner: So ganz von Deutschland gel\u00f6st habe ich mich nie, obwohl ich mich seit 1945, also bereits als Kind, irgendwie heimatlos, entwurzelt f\u00fchlte. Vielleicht bin ich deswegen so oft, gern und lange gereist \u2013 wom\u00f6glich auf der Suche nach Heimat. Ich hatte immer schon das Bed\u00fcrfnis, mir Klarheit \u00fcber diese Befindlichkeit zu verschaffen. Und das kann ich als Schriftsteller nat\u00fcrlich am besten, wenn ich dar\u00fcber schreibe, also auch \u00fcber das Leben und mein Leben in der deutschen Vergangenheit.<br \/>\nIhr Buch endet mit den Worten: \u201eUnd alles, alles ist gut.\u201c Meinen Sie das auch bez\u00fcglich des in Ihre Geschichte eingewobenen Schicksals Deutschlands?<br \/>\nBittner: Nat\u00fcrlich nicht. Wie wir heute wissen, war Mitte der f\u00fcnfziger Jahre \u00fcberhaupt nicht alles gut. Aber ebenso wie f\u00fcr den Protagonisten Eichendorffs in seinem Buch vom Taugenichts, dem dieser Schlu\u00dfsatz entlehnt ist, war in diesem Moment f\u00fcr den Jungen in meinem Roman, tats\u00e4chlich \u201ealles, alles gut\u201c.<br \/>\n.<br \/>\n15.11.2019, Komplettes Interview von Moritz Schwarz mit Wolfgang Bittner bitte lesen in:<br \/>\nJunge Freiheit 47\/19, Seite 3<br \/>\n.<br \/>\n<em>Dr. Wolfgang Bittner, der Publizist und promovierte Jurist wurde 1941 in Gleiwitz\/Oberschlesien geboren und wuchs nach Vertreibung der Familie in einem Barackenlager im ostfriesischen Wittmund auf. Bereits mit seinem vielgelobten Deb\u00fctroman \u201eDer Aufsteiger oder Ein Versuch zu leben\u201c (1978) erregte er Aufmerksamkeit. Seitdem ver\u00f6ffentlichte der mehrfach ausgezeichnete Schriftsteller zahlreiche weitere B\u00fccher sowie Gastbeitr\u00e4ge, unter anderem in der Frankfurter Rundschau, Zeit oder Neuen Z\u00fcrcher Zeitung. Im M\u00e4rz ist sein neuer Roman erschienen: \u201eDie Heimat, der Krieg und der Goldene Westen\u201c<\/em><br \/>\n<a href=\"https:\/\/www.wolfgangbittner.de\">https:\/\/www.wolfgangbittner.de<\/a><\/p>\n<p>&nbsp;<\/p>\n<p>&nbsp;<\/p>\n<p><strong>Das Zeitalter der Amnesie &#8211; Von Joel Kotkin<\/strong><br \/>\nWir leben, wie der indische Essayist Saeed Akhter Mirza es formuliert hat, in einem \u201eZeitalter der Amnesie\u201c.<br \/>\n<em><strong>Weltweit, vor allem im Westen,<br \/>\nverwerfen wir \u00fcber Jahrtausende \u00fcberlieferte Erkenntnisse und Wissen<br \/>\nund ersetzen sie durch politisch korrekte Gemeinpl\u00e4tze,<br \/>\ndie sich Medien und Hochschulen ausgedacht haben.<\/strong><\/em><br \/>\nIn gewisser Weise erinnert dieser Prozess, wenn auch in digitaler Form, an das Mittelalter. Das bewusste Lenken von Gedanken \u2013 und die Manipulation der Vergangenheit f\u00fcr politische Zwecke \u2013 wird allt\u00e4glich und allgegenw\u00e4rtig.<br \/>\n&#8230;.<br \/>\nEine wegweisende Studie des University College London (UCL), die auf der regelm\u00e4\u00dfigen Untersuchung von 11.000 im Jahr 2000 geborenen Kindern basierte, ergab, dass nur jeder zehnte befragte Sch\u00fcler jemals aus Spa\u00df in seiner Freizeit gelesen hat<br \/>\n&#8230;<br \/>\nDie Geschichte zeigt, dass diejenigen, die von der absoluten \u00dcberlegenheit ihres Glaubens ausgingen, selten zu Skepsis oder Zweifeln neigten. Bildung und Kultiviertheit f\u00fchren nicht zwangsl\u00e4ufig zu Aufgekl\u00e4rtheit. Akademiker, Entertainer und Wissenschaftler gediehen in der Sowjetunion, und im nationalsozialistischen Deutschland dienten sie als \u201eBollwerk\u201c der Partei und sp\u00e4ter des Regimes. (4) Akademiker, K\u00fcnstler und Journalisten k\u00f6nnen sich als die lautst\u00e4rksten Konformisten und Vollstrecker der Orthodoxie erweisen. Entscheidend f\u00fcr eine solche missliche Entwicklung ist das Fehlen unterschiedlicher, gegens\u00e4tzlicher Standpunkte. Die westlichen Universit\u00e4ten sind zunehmend von einer besorgniserregenden Einstimmigkeit betroffen. Laut Umfragedaten des Higher Education Research Institute (HERI) an der University of California, Los Angeles (UCLA) identifizierten sich 1990 42 Prozent der Professoren als \u201elinksliberal\u201c oder \u201eweit links\u201c. Bis 2014 war diese Zahl auf 60 Prozent gestiegen. Eine andere Untersuchung an 51 Spitzen-Hochschulen ergab, dass das Verh\u00e4ltnis von Linken zu Konservativen im Extremfall 70 zu 1 betragen kann und normalerweise bei mindestens 8 zu 1 liegt. An Eliteuniversit\u00e4ten wie Wellesley, Swarthmore oder Williams erreicht das Verh\u00e4ltnis erstaunliche 120 zu 1.<br \/>\n&#8230;.<br \/>\nGefahr f\u00fcr die Demokratie: Die S\u00e4uberung der Universit\u00e4ten und Medien von konservativem oder gar klassisch liberalem Denken hat bereits Auswirkungen auf die Demokratie. Etwa 40 Prozent der amerikanischen Millennials bef\u00fcrworten eine Begrenzung von \u00c4u\u00dferungen, die als beleidigend f\u00fcr Minderheiten angesehen werden.<br \/>\n&#8230;.<br \/>\nDie Verbreitung von Massenbildung mag beispielhaft f\u00fcr das Versprechen der liberalen Zivilisation stehen. Aber ohne ein Verst\u00e4ndnis und eine Wertsch\u00e4tzung dessen, was die Zivilisation gedeihen lie\u00df, k\u00f6nnte die Massenbildung auch ihre Aufl\u00f6sung beschleunigen. Die Verk\u00fcrzung und Umgestaltung der Vergangenheit spielt eine wesentliche Rolle bei der Untergrabung der liberalen Demokratie. Die gro\u00dfen Vorbilder der Vergangenheit \u2013 Washington, Madison, Burke, Jefferson, Lincoln, Churchill \u2013 haben alle gewarnt, dass der Mensch nicht notwendigerweise gut ist, und dass deshalb die Macht verteilt und eingeschr\u00e4nkt werden muss und nicht auf eine oder wenige Personen konzentriert werden darf. Dennoch erleben wir heute die Schaffung einer Gesellschaft, wie sie sich H. G. Wells vorgestellt hat, kontrolliert von einer \u201equalifizierten\u201c Elite. Diese \u201eaufstrebende Klasse von f\u00e4higen M\u00e4nnern\u201c, schrieb Wells, sollte die Aufgabe \u00fcbernehmen, \u201edie dysfunktionalen Massen zu kontrollieren und zu beschr\u00e4nken&#8230;\u201c. Diese neue Elite, prophezeite er, w\u00fcrde die Demokratie durch einen \u201eh\u00f6heren Organismus\u201c ersetzen, den er \u201edie Neue Republik\u201c nannte. (5) Jede vern\u00fcnftige Betrachtung der Geschichte warnt uns vor solchen Griffen nach der Macht, wie gut gemeint sie auch sein m\u00f6gen. Aber das wird nicht verfangen, wenn die junge Generation von der Vergangenheit abgeschnitten und von einer stark manipulierten, technologiegetriebenen Realit\u00e4t gepr\u00e4gt bleibt. Wenn man das intellektuelle Erbe nicht kennt, welches der Demokratie, der individuellen Freiheit und der offenen Diskussionskultur zu Grunde liegt, dann wird man es wahrscheinlich auch nicht vermissen, wenn es untergraben wird. (6)<br \/>\n&#8230;. Alles vom 31.8.2019 von Joel Kotkin bitte lesen auf<br \/>\n<a href=\"https:\/\/www.achgut.com\/artikel\/das_zeitalter_der_amnesie\/\">https:\/\/www.achgut.com\/artikel\/das_zeitalter_der_amnesie\/<\/a><\/p>\n<p>J<em>oel Kotkin ist Presidential Fellow an der Chapman University in Orange, Kalifornien und Gesch\u00e4ftsf\u00fchrer des Center for Opportunity Urbanism in Houston, Texas. Sein letztes Buch \u201eThe Human City: Urbanism for the Rest of us\u201c erschien 2017 im Agate Verlag. Dieser Beitrag ist zuerst auf Englisch beim Online-Magazin Quillette erschienen.<\/em><\/p>\n<p>Kommentare:<br \/>\n<strong>Eine furchterregende Bestandsaufnahme<\/strong><br \/>\nDabei werde ich die \u201cVollendung\u201d dieses Albtraums nicht mehr erleben. Bin zu alt. Aber es erkl\u00e4rt mein Unbehagen dar\u00fcber, was in der Gesellschaft seit Jahrzehnten vor sich geht. Jetzt deutlich schneller als seinerzeit als dieser Prozess fast unmerklich begann. Bin froh, da\u00df ich es nicht erleben werde, Zugleich mu\u00df ich an meine Gro\u00dfnichten \/ Gro\u00dfneffen denken und an alle in ihrem Alter. Schrecklich, was auf sie wartet!\u2014Warum nennt man die Personen die solche r\u00fcckw\u00e4rtsgehende Ideen vertreten \u201cProgressive\u201d? Sie sind doch echte Reaktion\u00e4re oder Regressive. Von \u201cprogressiv\u201d keine Rede. lg Alma Ruth<br \/>\n31.8.2019, A.R., AO<br \/>\n.<br \/>\n\u201eWenn man das intellektuelle Erbe nicht kennt, welches der Demokratie, der individuellen Freiheit und der offenen Diskussionskultur zu Grunde liegt, dann wird man es wahrscheinlich auch nicht vermissen, wenn es untergraben wird.\u201c Wenn westliche Millennials dieses Erbe nicht kennen, dann liegt das nicht nur an den Schulen und Universit\u00e4ten, sondern vielleicht sogar in erster Linie an den \u201e68er\u201c Eltern, die zu bequem bzw. ideologisch zu verbildet sind, den Sinn von Traditionen sowie unbequeme Tatsachen sowohl des Lebensalltags als auch der Geschichte des eigenen Landes\/Kontinents zu vermitteln. Dass es auch (oder gerade?) unter heutigen Akademikern zu viele Leseunwillige oder Personen mit minder ausgepr\u00e4gtem Leseverst\u00e4ndnis (und Rechtschreibschw\u00e4che) gibt, f\u00fchrt dazu, dass nur noch das Hier und Jetzt und Sofort und ICH z\u00e4hlt. Das kann man durchaus mit dem Begriff \u201cMassenamnesie\u201d zusammenfassen.<br \/>\n31.8.019, I.G.,AO<br \/>\n.<br \/>\nIch lehre und forsche an einer amerikanischen Uni und ich wuerde schaetzen, dass die Kollegen hier ziemlich gleich verteilt sind. Das hat den grossen Vorteil, dass alle mit allen sprechen und ein Verteufeln sehr schwierig ist. Die Studenten sind m.E. noch nicht so verdummt worden wie dies an den grossen Forschungsuniversitaeten der Fall ist. Und in fuenf Jahren, wenn Trump den Stab an einen anderen Praesidenten abgeben wird, ist Amerika wieder ein Stueck normaler geworden. In Deutschland wird man den Weg wie immer bis ganz ans Ende gehen. Und dieses Mal haben nicht bloss 32% der Politik der Vernichtung zugestimmt, sondern ueber 80%.<br \/>\n31.8.2019, R.L., AO<br \/>\n.<br \/>\nAlles richtig und zutreffend in diesem Beitrag &#8211; bis auf das v\u00f6llig falsche und \u00fcberfl\u00fcssige Mittelalterbashing &#8211; ironischerweise ist es gerade die neuzeitliche und vor allem neuere Mittelalterverachtung, die ein wesentliches Fundament der neuen Bildungs- und Wissensverachtung darstellt. Die Diffamierung der Vergangenheit und historischer Menschen als \u201cdumm\u201d, \u201cignorant\u201d, \u201cunwissend\u201d und als voller Vorurteile beladen bildet seit jeher das Zentralmotiv des neueren politisch \u201ckorrekten\u201d Totalitarismus. Tats\u00e4chlich aber war das europ\u00e4ische Mittelalter eines der dynamischten,, innovativsten Zeitalter der Menschheitsgeschichte \u00fcberhaupt. Egal ob auf dem Gebiet der Kunst, der Philosopie, der Architektur oder der Technik. Im Mittelalter wurden die Grundlagen der modernen europ\u00e4ischen (und damit \u201cwestlichen\u201d) Welt gelegt. Und GENAU DESHALB ist das europ\u00e4ische Mittelalter seit geraumer Zeit das Hauptangriffsziel der neuheidnischen Zivilisationsfeinde. Das europ\u00e4ische Mittelalter aber war neugierig, wissensdurstig und fest davon \u00fcberzeugt, dass wahrer Glaube und echtes wissenschaftliches Erkenntnisstreben zueinander geh\u00f6rten und einander bedingten. Das esoterische Geschwafel unserer Zeit ist dagegen das Produkt einer an sich selbst irre gegangenen \u201cModerne\u201d und ein R\u00fcckfall in vor-mittelalterliche Zeiten.<br \/>\n31.8.2019, R.B., AO<br \/>\n.<br \/>\n<strong>Information ist uninteressant geworden<\/strong><br \/>\nInformation steht zwar massenweise zur Verf\u00fcgung, doch kaum jemand interessiert sich daf\u00fcr, diese zu konsultieren. Was nicht gesch\u00e4tzt wird, wird missachtet, staubt vor sich hin. Es ist nicht einmal mehr n\u00f6tig, st\u00f6rende B\u00fccher zu verbrennen, missliebige Autoren zu beschweigen. Das geschieht ganz von alleine.<br \/>\nMan erschafft ein Ambiente, in welchem das Nachschlagen, etwa in alten Werken, als \u00fcberfl\u00fcssig, als Zeitverschwendung erscheint. Als zu vernachl\u00e4ssigender Luxus. Daf\u00fcr ist die Zeit zu knapp. Besch\u00e4ftigen wir uns mit wichtigeren Dingen. Wie steht es beispielsweise um das Lesen der Bibel? Angeblich sind wir doch von j\u00fcdisch-christlichen Werten gepr\u00e4gt. Warum gilt es dann als Zeitverschwendung, sich mit den Inhalten zu befassen? Wer die russische Seele verstehen will und beispielsweise etwas \u00fcber napoleonische Feldz\u00fcge erfahren m\u00f6chte, sollte sich Tolstoi und Dostojewski zuwenden. Wer sich von Sprache verzaubern lassen will, sollte Goethe lesen. Und hinter der reinen Sprache sind Wahrheiten zu entdecken, genauso wie bei Dostojewski. Wer wissen will, wie sich Diktatur entwickelt und funktioniert, sollte Orwell lesen.<br \/>\nUnd so gibt es so viel zu entdecken, was so viel mehr Tiefe und Wahrheit besitzt, als die heutige Literatur der Political Correctness. Doch wer es darauf anlegt, kann junge Menschen von all diesem Wissen abschneiden, ohne auch nur etwas zu verbieten. Er schl\u00e4fert sie ein und erhebt das eigene Ges\u00e4usel zum Ma\u00df aller Dinge. Er gibt vor, die geistige Entwicklung sei nun an einer Stelle angekommen, an der man nun endlich das Wahre gefunden habe. Alles Vergangene sei mehr oder weniger mit Irrt\u00fcmern behaftet, sei unvollst\u00e4ndig, sei bestenfalls Wegetappe gewesen, doch die geistige Vollendung stehe erst jetzt kurz bevor. Die Menschheit w\u00fcrde nun bald aus ihrer geistigen Versklavung befreit werden. Und dann werde es keine Unterschiede mehr geben zwischen den Menschen, dann seien endlich alle gleich, das Paradies auf Erden sei dann nur noch eine Frage der Zeit.<br \/>\n31.8.2019, W.A., AO<br \/>\n.<br \/>\n<strong>Wo liegt W\u00fcrzburg? An der W\u00fcrz<\/strong><br \/>\nDas trifft mM genau die Wirkungsweise der Merkel\u00b4schen Regierung iS von AgitProp \u00e1 la DD(III.)R.<br \/>\nDas Vergessenmachen historischer Geschehnisse, auch hier k\u00fcrzlich zur\u00fcckliegende, z.B. SED-Unrechtsstaat; das \u00dcberziehen der politischen\/pers\u00f6nlichen Gegner und der Bev\u00f6lkerung mit erstickenden, giftigen Mehltau.<br \/>\nDas Ausweichen direkter argumentativer Konfrontation unter Einbeziehung der ehemaligen 4. Macht, den sog. MSM und zwangsfinzierten \u00d6R, die sich lieber gehei\u00dfgem\u00e4\u00df mit neuen Symbolfiguren \u00e1 la Greta besch\u00e4ftigt, oder auch gelegentlich unangenehmen ausl\u00e4ndischen Politiker mit H\u00e4me und L\u00fcgen \u00fcberzieht -&gt; Kleber \u00fcber B.Johnson etc., ihren Auftrag aber, die investigative Infragestellung der Regierung, insgesamt die wirtschaftlichen, welt-\/sicherheits-\/politischen, wissenschaftlichen, kulturellen Geschehnisse etc. offensichtlich vielfach bewu\u00dft(!) vernachl\u00e4ssigt. Ganz im Sinne von \u201cPanem et circenses\u201d.<br \/>\nUnd die Jesus-Kreuz-verleugnenden AmtsGesch\u00e4ftsKirchen sind munter dabei, in einer Art Neo-Konkordat. Wenn das Gutenberg geahnt h\u00e4tte, was sp\u00e4ter aus seiner revolution\u00e4ren, die Menschheitsentwicklung f\u00f6rdenden Erfindung gemacht wird?<br \/>\nUm ein bi\u00dfchen den Allgemeinwissensstand deutscher Sport-\/Journos zu zeigen, gab es 2018(?) ein Gespr\u00e4ch zweier solcher speziell Begabten im \u00d6R-Radio (WDR?): \u201cAn welchem Fluss liegt eigentlich W\u00fcrzburg?\u201d Antwort: \u201cAn der W\u00fcrz.\u201d Masel tov.<br \/>\n31.8.2019, H.M.<br \/>\n.<br \/>\n<strong>Die unglaubliche Verbl\u00f6dung<\/strong><br \/>\nIch sehe jeden Tag, dass die im Artikel festgestellte Amnesie vor allem die Folge einer unglaublichen Verbl\u00f6dung und Oberfl\u00e4chlichkeit ist. In zwanzig, drei\u00dfig Jahren sind fast alle, die es noch besser wissen &#8211; die \u00fcberhaupt wissen, was Wissen \u00fcberhaupt bedeutet, weg. Ich beneide niemanden, der dann leben muss, ganz besonders nicht die Minderheit, die den Kopf noch zum eigenst\u00e4ndigen Denken benutzt.<br \/>\n31.8.2019, L.SCH, AO<br \/>\n.<br \/>\n<strong>Ein nur allzu wahrer Bericht!<\/strong><br \/>\nVergessen und Desinteresse, totales Durcheinander im geringf\u00fcgigen verbliebenen Flickwerk eines rudiment\u00e4ren Schulwissens konstatiere ich bei s\u00e4mtlichen Altersklassen. Wie Kleist es einmal beschreibt: \u201cIn Eurem Kopfe liegen Wissenschaft und Irrtum geknetet innig wie ein Teig beisammen\u2026\u201d Das beobachte ich (71) sogar bei nahezu s\u00e4mtlichen Altersgenossen neben dem v\u00f6lligen Unwillen, ein Buch zu lesen, dasselbe bei ihren eigenen Kindern und Enkeln. Bei nahezu allen unter Sechzigj\u00e4hrigen kommt inzwischen eine komplette Unf\u00e4higkeit hinzu, einen Sachverhalt in gutem und korrekten Deutsch auszudr\u00fccken. Und das alles best\u00e4tigen mir deutsche, englische, italienische und franz\u00f6sische Freunde &#8211; alles Beobachtungen aus dem ehemals \u201cgebildeten\u201d Mittelstand. \u201cHurra, wir verbl\u00f6den, f\u00fcr uns bezahlt der Staat!\u201d Dieser mittlerweile hundertj\u00e4hrige Spottvers besa\u00df noch nie so w\u00f6rtliche Richtigkeit wie heute.<br \/>\n31.8.2019 B.M., AO<\/p>\n","protected":false},"excerpt":{"rendered":"<p>Home\u00a0&gt;Kultur\u00a0&gt;Deutsche Kultur\u00a0&gt;Kulturrevolution\u00a0&gt;Kulturverlust &gt;Deutsche Geschichte &nbsp; Listenauswahl eines Beitrags (Artikel\/Datum, Seite\/Inhalt):\u00a0Klicken\u00a0oder scrollen Politische Instrumentalisierung von &#8222;Alles f\u00fcr D&#8230;&#8220; (3.7.2026) Dokumentationszentrum Flucht, Vertreibung: Das verdr\u00e4ngte deutsche Leid\u00a0(12.6.2026) Konrad Adenauer \u2013 150 Jahre\u00a0(30.1.2026) Schicksalstag 9. November 1989\u00a0(14.11.2025) 9. November \u2013 Vier Schicksalstage der &hellip; <a href=\"https:\/\/www.freiburg-schwarzwald.de\/blog\/global\/deutschland\/deutsche-geschichte\/\">Weiterlesen <span class=\"meta-nav\">&rarr;<\/span><\/a><\/p>\n","protected":false},"author":2,"featured_media":0,"parent":62490,"menu_order":0,"comment_status":"open","ping_status":"closed","template":"","meta":{"footnotes":""},"class_list":["post-74594","page","type-page","status-publish","hentry"],"_links":{"self":[{"href":"https:\/\/www.freiburg-schwarzwald.de\/blog\/wp-json\/wp\/v2\/pages\/74594","targetHints":{"allow":["GET"]}}],"collection":[{"href":"https:\/\/www.freiburg-schwarzwald.de\/blog\/wp-json\/wp\/v2\/pages"}],"about":[{"href":"https:\/\/www.freiburg-schwarzwald.de\/blog\/wp-json\/wp\/v2\/types\/page"}],"author":[{"embeddable":true,"href":"https:\/\/www.freiburg-schwarzwald.de\/blog\/wp-json\/wp\/v2\/users\/2"}],"replies":[{"embeddable":true,"href":"https:\/\/www.freiburg-schwarzwald.de\/blog\/wp-json\/wp\/v2\/comments?post=74594"}],"version-history":[{"count":5,"href":"https:\/\/www.freiburg-schwarzwald.de\/blog\/wp-json\/wp\/v2\/pages\/74594\/revisions"}],"predecessor-version":[{"id":151107,"href":"https:\/\/www.freiburg-schwarzwald.de\/blog\/wp-json\/wp\/v2\/pages\/74594\/revisions\/151107"}],"up":[{"embeddable":true,"href":"https:\/\/www.freiburg-schwarzwald.de\/blog\/wp-json\/wp\/v2\/pages\/62490"}],"wp:attachment":[{"href":"https:\/\/www.freiburg-schwarzwald.de\/blog\/wp-json\/wp\/v2\/media?parent=74594"}],"curies":[{"name":"wp","href":"https:\/\/api.w.org\/{rel}","templated":true}]}}