{"id":74107,"date":"2019-07-31T21:07:15","date_gmt":"2019-07-31T19:07:15","guid":{"rendered":"https:\/\/www.freiburg-schwarzwald.de\/blog\/?page_id=74107"},"modified":"2026-01-12T10:42:58","modified_gmt":"2026-01-12T09:42:58","slug":"hirzberggarten","status":"publish","type":"page","link":"https:\/\/www.freiburg-schwarzwald.de\/blog\/natur\/garten\/hirzberggarten\/","title":{"rendered":"Hirzberggarten"},"content":{"rendered":"<p><a href=\"https:\/\/freiburg-schwarzwald.de\/blog\">Home<\/a>\u00a0&gt;<a title=\"Natur\" href=\"https:\/\/www.freiburg-schwarzwald.de\/blog\/natur\/\">Natur<\/a>\u00a0&gt;<a title=\"Garten\" href=\"https:\/\/www.freiburg-schwarzwald.de\/blog\/natur\/garten\/\">Garten<\/a>\u00a0&gt;Hirzberggarten<\/p>\n<div id=\"attachment_74149\" style=\"width: 648px\" class=\"wp-caption alignnone\"><a href=\"https:\/\/www.freiburg-schwarzwald.de\/blog\/natur\/garten\/hirzberggarten\/trockenmauer1garten151021pan\/\" rel=\"attachment wp-att-74149\"><img loading=\"lazy\" decoding=\"async\" aria-describedby=\"caption-attachment-74149\" class=\"size-full wp-image-74149\" src=\"https:\/\/www.freiburg-schwarzwald.de\/blog\/wp-content\/uploads\/2019\/07\/trockenmauer1garten151021pan.jpg\" alt=\"Trockenmauer am Eingang zum Hirzberggarten am 21.10.2015\" width=\"638\" height=\"393\" srcset=\"https:\/\/www.freiburg-schwarzwald.de\/blog\/wp-content\/uploads\/2019\/07\/trockenmauer1garten151021pan.jpg 638w, https:\/\/www.freiburg-schwarzwald.de\/blog\/wp-content\/uploads\/2019\/07\/trockenmauer1garten151021pan-180x110.jpg 180w\" sizes=\"auto, (max-width: 638px) 100vw, 638px\" \/><\/a><p id=\"caption-attachment-74149\" class=\"wp-caption-text\">Trockenmauer am Eingang zum Hirzberggarten am 21.10.2015<\/p><\/div>\n<p><strong>&#8222;Wir sind\u00a0 die Natursch\u00fctzer&#8220;<\/strong><\/p>\n<ul>\n<li><em>Listenauswahl eines Beitrags (Artikel\/Datum, Seite\/Inhalt):\u00a0Klicken\u00a0oder scrollen<\/em><\/li>\n<li><a href=\"https:\/\/www.freiburg-schwarzwald.de\/blog\/tourismus\/gastro\/gasthaus\/stahl\/\">Freiburg-Oberau \u2013 Hirzberg \u2013 Papierfabrik Flinsch \u2013 Rabenkopf<\/a>\u00a0(12.1.2026)<\/li>\n<li><a href=\"https:\/\/www.freiburg-schwarzwald.de\/blog\/natur\/garten\/naturgarten\/\">Naturgarten-Wettbewerb im Biosph\u00e4rengebiet Schwarzwald<\/a> (14.6.2021)<\/li>\n<li><a href=\"https:\/\/www.freiburg-schwarzwald.de\/blog\/garten-und-landschaftsschutz\/\">https:\/\/www.freiburg-schwarzwald.de\/blog\/garten-und-landschaftsschutz\/<\/a>\u00a0(28.8.2019)<\/li>\n<li>Hirzberggarten als Gemeinschaftsgarten (9.8.2019)<\/li>\n<li><a title=\"Hirzberg\" href=\"https:\/\/www.freiburg-schwarzwald.de\/blog\/regio\/freiburg\/hirzberg\/\">G\u00e4rtner f\u00fcrchten am Hirzberg um ihre Kleing\u00e4rten, da das Areal im Landschaftsschutzgebiet liegt<\/a>\u00a0(27.7.2019)<\/li>\n<li><\/li>\n<li>Hirzberggarten in Freiburg-Oberau<\/li>\n<li>Bienenf\u00fchrungen im Hirzberggarten<\/li>\n<li><a title=\"Bickenreute\" href=\"https:\/\/www.freiburg-schwarzwald.de\/blog\/bauernhof\/bickenreute\/\">Bickenreute<\/a><\/li>\n<li><a title=\"Biodiversitaet\" href=\"https:\/\/www.freiburg-schwarzwald.de\/blog\/natur\/biodiversitaet\/\">Biodiversit\u00e4t<\/a><\/li>\n<li><a title=\"Boden\" href=\"https:\/\/www.freiburg-schwarzwald.de\/blog\/natur\/boden\/\">Boden<\/a><\/li>\n<li><a title=\"Dreisamgarten\" href=\"https:\/\/www.freiburg-schwarzwald.de\/blog\/natur\/garten\/dreisamgarten\/\">Dreisamgarten<\/a><\/li>\n<li><a title=\"Hirzberg\" href=\"https:\/\/www.freiburg-schwarzwald.de\/blog\/regio\/freiburg\/hirzberg\/\">Hirzberg<\/a><\/li>\n<li><a title=\"Imker\" href=\"https:\/\/www.freiburg-schwarzwald.de\/blog\/business\/handwerk\/imker\/\">Imker<\/a><\/li>\n<li><a title=\"Stahl\" href=\"https:\/\/www.freiburg-schwarzwald.de\/blog\/tourismus\/gastro\/gasthaus\/stahl\/\">Gasthaus zum Stahl<\/a><\/li>\n<li><a href=\"https:\/\/www.freiburg-schwarzwald.de\/blog\/natur\/garten\/naturgarten\/\">Naturgarten<\/a><\/li>\n<li><a href=\"https:\/\/www.freiburg-schwarzwald.de\/blog\/regio\/kaiserstuhl\/naturgarten-kaiserstuhl\/\">Naturgarten-Kaiserstuhl<\/a><\/li>\n<li><a title=\"Naturschutz\" href=\"https:\/\/www.freiburg-schwarzwald.de\/blog\/natur\/naturschutz\/\">Naturschutz<\/a><\/li>\n<li><a href=\"https:\/\/www.freiburg-schwarzwald.de\/blog\/natur\/landwirt\/saatgut\/samengarten\/\">Samengarten<\/a><\/li>\n<\/ul>\n<p>&nbsp;<\/p>\n<p>&nbsp;<\/p>\n<p><strong>\u00a0Hirzberggarten in\u00a0Freiburg-Oberau<\/strong><\/p>\n<p><a href=\"https:\/\/www.freiburg-schwarzwald.de\/blog\/natur\/garten\/hirzberggarten\/hirzberggarten12-190730\/\" rel=\"attachment wp-att-74110\"><img loading=\"lazy\" decoding=\"async\" class=\"alignnone size-thumbnail wp-image-74110\" src=\"https:\/\/www.freiburg-schwarzwald.de\/blog\/wp-content\/uploads\/2019\/07\/hirzberggarten12-190730-180x101.jpg\" alt=\"hirzberggarten12-190730\" width=\"180\" height=\"101\" srcset=\"https:\/\/www.freiburg-schwarzwald.de\/blog\/wp-content\/uploads\/2019\/07\/hirzberggarten12-190730-180x101.jpg 180w, https:\/\/www.freiburg-schwarzwald.de\/blog\/wp-content\/uploads\/2019\/07\/hirzberggarten12-190730-640x360.jpg 640w, https:\/\/www.freiburg-schwarzwald.de\/blog\/wp-content\/uploads\/2019\/07\/hirzberggarten12-190730.jpg 999w\" sizes=\"auto, (max-width: 180px) 100vw, 180px\" \/><\/a>\u00a0 \u00a0 \u00a0 \u00a0 \u00a0 \u00a0<a href=\"https:\/\/www.freiburg-schwarzwald.de\/blog\/natur\/garten\/hirzberggarten\/hirzberggarten7dachwurz190730\/\" rel=\"attachment wp-att-74111\"><img loading=\"lazy\" decoding=\"async\" class=\"alignnone size-thumbnail wp-image-74111\" src=\"https:\/\/www.freiburg-schwarzwald.de\/blog\/wp-content\/uploads\/2019\/07\/hirzberggarten7dachwurz190730-180x101.jpg\" alt=\"hirzberggarten7dachwurz190730\" width=\"180\" height=\"101\" srcset=\"https:\/\/www.freiburg-schwarzwald.de\/blog\/wp-content\/uploads\/2019\/07\/hirzberggarten7dachwurz190730-180x101.jpg 180w, https:\/\/www.freiburg-schwarzwald.de\/blog\/wp-content\/uploads\/2019\/07\/hirzberggarten7dachwurz190730.jpg 640w\" sizes=\"auto, (max-width: 180px) 100vw, 180px\" \/><\/a>\u00a0 \u00a0 \u00a0 \u00a0 \u00a0 \u00a0<a href=\"https:\/\/www.freiburg-schwarzwald.de\/blog\/natur\/garten\/hirzberggarten\/hirzberggarten3-190730\/\" rel=\"attachment wp-att-74112\"><img loading=\"lazy\" decoding=\"async\" class=\"alignnone size-thumbnail wp-image-74112\" src=\"https:\/\/www.freiburg-schwarzwald.de\/blog\/wp-content\/uploads\/2019\/07\/hirzberggarten3-190730-101x180.jpg\" alt=\"hirzberggarten3-190730\" width=\"101\" height=\"180\" srcset=\"https:\/\/www.freiburg-schwarzwald.de\/blog\/wp-content\/uploads\/2019\/07\/hirzberggarten3-190730-101x180.jpg 101w, https:\/\/www.freiburg-schwarzwald.de\/blog\/wp-content\/uploads\/2019\/07\/hirzberggarten3-190730.jpg 360w\" sizes=\"auto, (max-width: 101px) 100vw, 101px\" \/><\/a><br \/>\nTrockenmauer mit oberer H\u00fctte\u00a0 \u00a0Bl\u00fchende Dachwurz\u00a0 \u00a0 \u00a0 \u00a0 \u00a0Imker Jochen Schmidt<\/p>\n<p><a href=\"https:\/\/www.freiburg-schwarzwald.de\/blog\/natur\/garten\/hirzberggarten\/hirzberggarten11-190730\/\" rel=\"attachment wp-att-74113\"><img loading=\"lazy\" decoding=\"async\" class=\"alignnone size-thumbnail wp-image-74113\" src=\"https:\/\/www.freiburg-schwarzwald.de\/blog\/wp-content\/uploads\/2019\/07\/hirzberggarten11-190730-180x101.jpg\" alt=\"hirzberggarten11-190730\" width=\"180\" height=\"101\" srcset=\"https:\/\/www.freiburg-schwarzwald.de\/blog\/wp-content\/uploads\/2019\/07\/hirzberggarten11-190730-180x101.jpg 180w, https:\/\/www.freiburg-schwarzwald.de\/blog\/wp-content\/uploads\/2019\/07\/hirzberggarten11-190730.jpg 640w\" sizes=\"auto, (max-width: 180px) 100vw, 180px\" \/><\/a>\u00a0 \u00a0 \u00a0 \u00a0 \u00a0\u00a0<a href=\"https:\/\/www.freiburg-schwarzwald.de\/blog\/natur\/garten\/hirzberggarten\/hirzberggarten10ringelnatter190730\/\" rel=\"attachment wp-att-74114\"><img loading=\"lazy\" decoding=\"async\" class=\"alignnone size-thumbnail wp-image-74114\" src=\"https:\/\/www.freiburg-schwarzwald.de\/blog\/wp-content\/uploads\/2019\/07\/hirzberggarten10ringelnatter190730-180x133.jpg\" alt=\"hirzberggarten10ringelnatter190730\" width=\"180\" height=\"133\" srcset=\"https:\/\/www.freiburg-schwarzwald.de\/blog\/wp-content\/uploads\/2019\/07\/hirzberggarten10ringelnatter190730-180x133.jpg 180w, https:\/\/www.freiburg-schwarzwald.de\/blog\/wp-content\/uploads\/2019\/07\/hirzberggarten10ringelnatter190730-640x474.jpg 640w, https:\/\/www.freiburg-schwarzwald.de\/blog\/wp-content\/uploads\/2019\/07\/hirzberggarten10ringelnatter190730.jpg 742w\" sizes=\"auto, (max-width: 180px) 100vw, 180px\" \/><\/a>\u00a0 \u00a0 \u00a0 \u00a0 \u00a0\u00a0<a href=\"https:\/\/www.freiburg-schwarzwald.de\/blog\/natur\/garten\/hirzberggarten\/hirzberggarten9-190730\/\" rel=\"attachment wp-att-74115\"><img loading=\"lazy\" decoding=\"async\" class=\"alignnone size-thumbnail wp-image-74115\" src=\"https:\/\/www.freiburg-schwarzwald.de\/blog\/wp-content\/uploads\/2019\/07\/hirzberggarten9-190730-101x180.jpg\" alt=\"hirzberggarten9-190730\" width=\"101\" height=\"180\" srcset=\"https:\/\/www.freiburg-schwarzwald.de\/blog\/wp-content\/uploads\/2019\/07\/hirzberggarten9-190730-101x180.jpg 101w, https:\/\/www.freiburg-schwarzwald.de\/blog\/wp-content\/uploads\/2019\/07\/hirzberggarten9-190730-360x640.jpg 360w, https:\/\/www.freiburg-schwarzwald.de\/blog\/wp-content\/uploads\/2019\/07\/hirzberggarten9-190730.jpg 562w\" sizes=\"auto, (max-width: 101px) 100vw, 101px\" \/><br \/>\n<\/a>Blick nach Osten zum Hirzberg\u00a0 \u00a0 Ringelnatter\u00a0 \u00a0 \u00a0 \u00a0 \u00a0 \u00a0 \u00a0 \u00a0 \u00a0 \u00a0 \u00a0 \u00a0 \u00a0 \u00a0 \u00a0Bienenbaum<br \/>\n&#8230;<br \/>\n<a href=\"https:\/\/www.freiburg-schwarzwald.de\/blog\/natur\/garten\/hirzberggarten\/hirzberggarten2-190730\/\" rel=\"attachment wp-att-74116\"><img loading=\"lazy\" decoding=\"async\" class=\"alignnone size-thumbnail wp-image-74116\" src=\"https:\/\/www.freiburg-schwarzwald.de\/blog\/wp-content\/uploads\/2019\/07\/hirzberggarten2-190730-180x101.jpg\" alt=\"hirzberggarten2-190730\" width=\"180\" height=\"101\" srcset=\"https:\/\/www.freiburg-schwarzwald.de\/blog\/wp-content\/uploads\/2019\/07\/hirzberggarten2-190730-180x101.jpg 180w, https:\/\/www.freiburg-schwarzwald.de\/blog\/wp-content\/uploads\/2019\/07\/hirzberggarten2-190730.jpg 640w\" sizes=\"auto, (max-width: 180px) 100vw, 180px\" \/><\/a>\u00a0 \u00a0 \u00a0 \u00a0 \u00a0 \u00a0<a href=\"https:\/\/www.freiburg-schwarzwald.de\/blog\/natur\/garten\/hirzberggarten\/hirzberggarten1-190730\/\" rel=\"attachment wp-att-74117\"><img loading=\"lazy\" decoding=\"async\" class=\"alignnone size-thumbnail wp-image-74117\" src=\"https:\/\/www.freiburg-schwarzwald.de\/blog\/wp-content\/uploads\/2019\/07\/hirzberggarten1-190730-180x101.jpg\" alt=\"hirzberggarten1-190730\" width=\"180\" height=\"101\" srcset=\"https:\/\/www.freiburg-schwarzwald.de\/blog\/wp-content\/uploads\/2019\/07\/hirzberggarten1-190730-180x101.jpg 180w, https:\/\/www.freiburg-schwarzwald.de\/blog\/wp-content\/uploads\/2019\/07\/hirzberggarten1-190730.jpg 640w\" sizes=\"auto, (max-width: 180px) 100vw, 180px\" \/><\/a>\u00a0 \u00a0 \u00a0 \u00a0 \u00a0\u00a0<a href=\"https:\/\/www.freiburg-schwarzwald.de\/blog\/natur\/garten\/hirzberggarten\/hirzberggarten8schmidt190730\/\" rel=\"attachment wp-att-74118\"><img loading=\"lazy\" decoding=\"async\" class=\"alignnone size-thumbnail wp-image-74118\" src=\"https:\/\/www.freiburg-schwarzwald.de\/blog\/wp-content\/uploads\/2019\/07\/hirzberggarten8schmidt190730-101x180.jpg\" alt=\"hirzberggarten8schmidt190730\" width=\"101\" height=\"180\" srcset=\"https:\/\/www.freiburg-schwarzwald.de\/blog\/wp-content\/uploads\/2019\/07\/hirzberggarten8schmidt190730-101x180.jpg 101w, https:\/\/www.freiburg-schwarzwald.de\/blog\/wp-content\/uploads\/2019\/07\/hirzberggarten8schmidt190730-360x640.jpg 360w, https:\/\/www.freiburg-schwarzwald.de\/blog\/wp-content\/uploads\/2019\/07\/hirzberggarten8schmidt190730.jpg 562w\" sizes=\"auto, (max-width: 101px) 100vw, 101px\" \/><br \/>\n<\/a>\u00a0Trockenmauer\u00a0 \u00a0 \u00a0 \u00a0 \u00a0 \u00a0 \u00a0 \u00a0 \u00a0 \u00a0 Baumst\u00e4mme f\u00fcr Wildbienen\u00a0 \u00a0 \u00a0 \u00a0 \u00a0 Das Imkerehepaar<br \/>\n..<br \/>\n<a href=\"https:\/\/www.freiburg-schwarzwald.de\/blog\/natur\/garten\/hirzberggarten\/hirzberggarten13-190730\/\" rel=\"attachment wp-att-74119\"><img loading=\"lazy\" decoding=\"async\" class=\"alignnone size-thumbnail wp-image-74119\" src=\"https:\/\/www.freiburg-schwarzwald.de\/blog\/wp-content\/uploads\/2019\/07\/hirzberggarten13-190730-180x101.jpg\" alt=\"hirzberggarten13-190730\" width=\"180\" height=\"101\" srcset=\"https:\/\/www.freiburg-schwarzwald.de\/blog\/wp-content\/uploads\/2019\/07\/hirzberggarten13-190730-180x101.jpg 180w, https:\/\/www.freiburg-schwarzwald.de\/blog\/wp-content\/uploads\/2019\/07\/hirzberggarten13-190730.jpg 640w\" sizes=\"auto, (max-width: 180px) 100vw, 180px\" \/><\/a>\u00a0 \u00a0 \u00a0 \u00a0 \u00a0\u00a0<a href=\"https:\/\/www.freiburg-schwarzwald.de\/blog\/natur\/garten\/hirzberggarten\/hirzberggarten14-190730\/\" rel=\"attachment wp-att-74120\"><img loading=\"lazy\" decoding=\"async\" class=\"alignnone size-thumbnail wp-image-74120\" src=\"https:\/\/www.freiburg-schwarzwald.de\/blog\/wp-content\/uploads\/2019\/07\/hirzberggarten14-190730-180x101.jpg\" alt=\"hirzberggarten14-190730\" width=\"180\" height=\"101\" srcset=\"https:\/\/www.freiburg-schwarzwald.de\/blog\/wp-content\/uploads\/2019\/07\/hirzberggarten14-190730-180x101.jpg 180w, https:\/\/www.freiburg-schwarzwald.de\/blog\/wp-content\/uploads\/2019\/07\/hirzberggarten14-190730-640x360.jpg 640w, https:\/\/www.freiburg-schwarzwald.de\/blog\/wp-content\/uploads\/2019\/07\/hirzberggarten14-190730.jpg 999w\" sizes=\"auto, (max-width: 180px) 100vw, 180px\" \/><\/a>\u00a0 \u00a0 \u00a0 \u00a0 \u00a0\u00a0<a href=\"https:\/\/www.freiburg-schwarzwald.de\/blog\/natur\/garten\/hirzberggarten\/hirzberggarten15-190730\/\" rel=\"attachment wp-att-74121\"><br \/>\n<\/a>Obstgarten mit \u00c4pfeln\u00a0 \u00a0 \u00a0 \u00a0 \u00a0 \u00a0 \u00a0 \u00a0 \u00a0 \u00a0 \u00a0 \u00a0 \u00a0 \u00a0 \u00a0 Trockenmauer<br \/>\n&#8230;<br \/>\n<a href=\"https:\/\/www.freiburg-schwarzwald.de\/blog\/natur\/garten\/hirzberggarten\/hirzberggarten4imker190730\/\" rel=\"attachment wp-att-74123\"><img loading=\"lazy\" decoding=\"async\" class=\"alignnone size-thumbnail wp-image-74123\" src=\"https:\/\/www.freiburg-schwarzwald.de\/blog\/wp-content\/uploads\/2019\/07\/hirzberggarten4imker190730-180x101.jpg\" alt=\"hirzberggarten4imker190730\" width=\"180\" height=\"101\" srcset=\"https:\/\/www.freiburg-schwarzwald.de\/blog\/wp-content\/uploads\/2019\/07\/hirzberggarten4imker190730-180x101.jpg 180w, https:\/\/www.freiburg-schwarzwald.de\/blog\/wp-content\/uploads\/2019\/07\/hirzberggarten4imker190730.jpg 640w\" sizes=\"auto, (max-width: 180px) 100vw, 180px\" \/><\/a>\u00a0 \u00a0 \u00a0 \u00a0 \u00a0\u00a0<a href=\"https:\/\/www.freiburg-schwarzwald.de\/blog\/natur\/garten\/hirzberggarten\/hirzberggarten4-190730\/\" rel=\"attachment wp-att-74124\"><img loading=\"lazy\" decoding=\"async\" class=\"alignnone size-thumbnail wp-image-74124\" src=\"https:\/\/www.freiburg-schwarzwald.de\/blog\/wp-content\/uploads\/2019\/07\/hirzberggarten4-190730-101x180.jpg\" alt=\"hirzberggarten4-190730\" width=\"101\" height=\"180\" srcset=\"https:\/\/www.freiburg-schwarzwald.de\/blog\/wp-content\/uploads\/2019\/07\/hirzberggarten4-190730-101x180.jpg 101w, https:\/\/www.freiburg-schwarzwald.de\/blog\/wp-content\/uploads\/2019\/07\/hirzberggarten4-190730.jpg 360w\" sizes=\"auto, (max-width: 101px) 100vw, 101px\" \/><br \/>\n<\/a>\u00a0 Lavendel und Bienen\u00a0 \u00a0 \u00a0 \u00a0 \u00a0 \u00a0 \u00a0 \u00a0 \u00a0 \u00a0 \u00a0 \u00a0 \u00a0 \u00a0 \u00a0Blick nach oben<br \/>\n..<br \/>\nDie am Fu\u00df des Hirzbergs (Gewanne Hirzberg, Trottmatte) liegenden 33 G\u00e4rten bilden eine Einheit. &#8222;Wir sind die Natursch\u00fctzer&#8220; &#8211; diesem Slogan entspricht der Garten der Imkerfamilie Jochen Schmidt\u00a0voll und ganz:<br \/>\nTerrassierung durch Trockenmauern mit Steinen vom Schlo\u00dfberg und aus dem nahen Hexental. In den Mauern finden viele Tiere ein zuhause, wie Eidechsen, Wildbienen, Auf den schmalen Terrassenstreifen wird Obst und Gem\u00fcse angebaut.<br \/>\nEin ausgekl\u00fcgeltes Bew\u00e4sserungssystem sorgt daf\u00fcr, dass kein Tropfen Wasser verloren geht. Wasser von D\u00e4chern in Zisternen sammeln und sp\u00e4ter verteilen. Quelle, Teiche.<br \/>\nBienen: Derzeit sind acht Bienenv\u00f6lker im Garten verteilt. Auswahl der B\u00e4ume, Str\u00e4ucher und Blumen so, dass die Bienen \u00fcbers Jahr hinweg Bl\u00fcten bzw. Nahrung erhalten. So liefern mehrerer Bienenb\u00e4ume (Duftraute bzw. Tausendbl\u00fctenbaum) von Juni bis Oktober mit ihren wei\u00dfen Doldenbl\u00fcten ein wertvolles Nektarangebot.<br \/>\nLehrg\u00e4nge zur Imkerei f\u00fcr Interessierte vorort.<br \/>\nAmphibien: In den Teichen finden sich zahlreiche Tiere, Molche, Ringelnattern, Libellen, &#8230;<\/p>\n<p>Garten von Sabine von Wolffersdorf<br \/>\n<a href=\"https:\/\/schoenergartenamhirzberg.jimdofree.com\/\">https:\/\/schoenergartenamhirzberg.jimdofree.com\/<br \/>\n<\/a>.<br \/>\nKooperation mit:<br \/>\n<a href=\"https:\/\/www.gartenleben-freiburg.de\">https:\/\/www.gartenleben-freiburg.de<\/a><\/p>\n<p>&nbsp;<\/p>\n<p><strong>Bienenf\u00fchrungen im Hirzberggarten\u00a0<\/strong><br \/>\n<em>bei dem Imker Jochen Schmidt<\/em><br \/>\n<em>f\u00fcr<\/em><br \/>\n<em>Eltern und Kinder<\/em><br \/>\n<em>Gro\u00dfeltern und Enkel<\/em><br \/>\n.<br \/>\nIm Garten am Hirzberg in der Kart\u00e4userstrasse<br \/>\nTermine nach Vereinbarung<\/p>\n<p>Anfahrt von Freiburg kommend:<br \/>\nBei Kart\u00e4userstrasse 77 (vor Gasthaus zum Stahl und Camping) nach links in n\u00f6rdlicher Richtung zum Hirzberg,<br \/>\nnach 120 m links in den ungeteerten Feldberg abbiegen und 100 \u00fcber eine Wiese.<br \/>\nGPS-Daten des Hirzberggartens: 47.99374284; 7.87007801<br \/>\n79104 Freiburg-Oberau<br \/>\n.<br \/>\nPreis pro Peron 3 Euro<br \/>\nAnmeldung:<br \/>\nImkerehepaar Jochen und Gudrun Schmidt<br \/>\nSchwarzwaldstrasse 268, 79117 Freiburg-Ebnet<br \/>\nTel 0761\/60987<br \/>\n<a href=\"mailto:schmidt.jochen-peter@gmx.de\">schmidt.jochen-peter@gmx.de<\/a><br \/>\nHonigkauf: Im Hirzberggarten oder der Wohnung m\u00f6glich<\/p>\n<p>&#8212;&#8212;&#8212;&#8212;&#8212;&#8212;&#8212;&#8212;&#8212;&#8212;&#8212;&#8211;<\/p>\n<p>&nbsp;<\/p>\n<p>&nbsp;<\/p>\n<p><strong>Hirzberggarten als Gemeinschaftsgarten<\/strong><\/p>\n<p><a href=\"https:\/\/www.freiburg-schwarzwald.de\/blog\/natur\/garten\/hirzberggarten\/hizberggarten2bienengruppe201908\/\" rel=\"attachment wp-att-74478\"><img loading=\"lazy\" decoding=\"async\" class=\"alignnone size-thumbnail wp-image-74478\" src=\"https:\/\/www.freiburg-schwarzwald.de\/blog\/wp-content\/uploads\/2019\/07\/hizberggarten2bienengruppe201908-180x101.jpg\" alt=\"hizberggarten2bienengruppe201908\" width=\"180\" height=\"101\" srcset=\"https:\/\/www.freiburg-schwarzwald.de\/blog\/wp-content\/uploads\/2019\/07\/hizberggarten2bienengruppe201908-180x101.jpg 180w, https:\/\/www.freiburg-schwarzwald.de\/blog\/wp-content\/uploads\/2019\/07\/hizberggarten2bienengruppe201908-640x360.jpg 640w, https:\/\/www.freiburg-schwarzwald.de\/blog\/wp-content\/uploads\/2019\/07\/hizberggarten2bienengruppe201908.jpg 800w\" sizes=\"auto, (max-width: 180px) 100vw, 180px\" \/><\/a>\u00a0 \u00a0 \u00a0 \u00a0 \u00a0\u00a0<a href=\"https:\/\/www.freiburg-schwarzwald.de\/blog\/natur\/garten\/hirzberggarten\/hizberggarten1bienengruppe201908\/\" rel=\"attachment wp-att-74479\"><img loading=\"lazy\" decoding=\"async\" class=\"alignnone size-thumbnail wp-image-74479\" src=\"https:\/\/www.freiburg-schwarzwald.de\/blog\/wp-content\/uploads\/2019\/07\/hizberggarten1bienengruppe201908-180x135.jpg\" alt=\"hizberggarten1bienengruppe201908\" width=\"180\" height=\"135\" srcset=\"https:\/\/www.freiburg-schwarzwald.de\/blog\/wp-content\/uploads\/2019\/07\/hizberggarten1bienengruppe201908-180x135.jpg 180w, https:\/\/www.freiburg-schwarzwald.de\/blog\/wp-content\/uploads\/2019\/07\/hizberggarten1bienengruppe201908-640x482.jpg 640w, https:\/\/www.freiburg-schwarzwald.de\/blog\/wp-content\/uploads\/2019\/07\/hizberggarten1bienengruppe201908.jpg 648w\" sizes=\"auto, (max-width: 180px) 100vw, 180px\" \/><\/a><br \/>\nHirzberggarten &#8211; Blick nach Norden\u00a0 \u00a0 \u00a0 \u00a0 Die Gruppe im August 2019<\/p>\n<p>Bild im Hirzberggarten: Drei deutsche Studentinnen, Erziehungswissenschaften und Umweltschutz, ein Franzose, ein Gambier. Marie ist Sozialarbeiterin (fehlt auf dem Foto).<br \/>\nDer Vorstand vom NABU Freiburg, Herr Ralf Schmidt, hat das Vorhaben vermittelt und unterst\u00fctzt es sweiterhin.<\/p>\n<p>.<br \/>\n<strong>Biodiversit\u00e4t und Permakultur im Hirzberggarten &#8211; Bericht von Lucie<\/strong><br \/>\nAls wir angesprochen wurden, ob wir nicht Lust h\u00e4tten, uns insgesamt zu f\u00fcnft um einen Gemeinschaftsgarten zu k\u00fcmmern, waren wir sofort begeistert. Denn wir besch\u00e4ftigen uns schon l\u00e4nger mit dem Gedanken wie wir unser Leben m\u00f6glichst nachhaltig gestalten k\u00f6nnen. Und dazu geh\u00f6rt sowohl eine m\u00f6glichst regionale und saisonale Lebensweise , als auch als eine Basis des Ganzen der Gedanke des Teilens. Wir wollten unser Wissen und unseren Enthusiasmus mit den anderen engagierten Menschen teilen und in der Praxis anwenden<br \/>\n.<br \/>\nGudrun und Jochen Schmidt verf\u00fcgen schon \u00fcber jahrzehntelange Erfahrung im G\u00e4rtnern und vor allem im Schaffen von einem artenreichen \u00d6kosystem. Und wir f\u00fcnf haben unser eigenes Wissen in ganz unterschiedlichen Bereichen gesammelt. Unsere Vorstellungen<br \/>\nf\u00fcr den gemeinsamen Garten sind aber sehr \u00e4hnlich. Das Wichtigste ist f\u00fcr uns, die Artenvielfalt und den schon bestehenden Strukturreichtum zu erhalten. Denn Gudrun und Jochen haben \u00fcber viele Jahre ein kleines Gartenparadies geschaffen, das keinesfalls an eine monotone Rasenfl\u00e4che mit vereinzelten Zuchtblumen erinnert. Ganz im Gegenteil ,in vielen Stunden m\u00fchsamer Arbeit haben die beiden oft unterst\u00fctzt von Freiwilligen \u2013den gesamten Garten mit Trockenmauern terrassiert. Sie haben unterschiedlichste Pflanzen, Str\u00e4ucher und B\u00e4ume gepflanzt , die f\u00fcr ihre Bienenv\u00f6lker und viele weitere Best\u00e4uber bl\u00fchen. Und derzeit wird ein Naturteich angelegt, der weiteren Amphibien und Reptilien Lebensraum bieten wird.<br \/>\nWir wollen die bestehende Biodiversit\u00e4t durch Elemente der Permakultur bereichern und unseren Beitrag leisten, damit der Garten weiterhin ein Ort des Austausches und des Zusammenkommens bleibt. Denn gerade in den j\u00fcngeren Generationen, die im schnelllebigen Zeitalter gro\u00dfwerden, ist es wichtig , die Grundlage des Lebens greifbar zu machen. Es macht eben doch einen Unterschied, ob man sein Obst und Gem\u00fcse allzeit bereit im Supermarkt kauft oder es selber vom Samen bis zur essreifen Frucht gro\u00dfzieht.<br \/>\nDabei lernt man die Kostbarkeit der Lebensmittel, sowie des Zusammenspiels eines funktionierenden \u00d6kosystems mit den abiotischen Faktoren wieder neu kennen und sch\u00e4tzen. Die Arbeit im Garten macht uns bewusst, wie knapp die Ressource Wasser sein kann und wie man durch eine ausreichende Artenvielfalt und gesammeltes Regenwasser einem Wassermangel vorbeugen kann. Und sie macht deutlich, wie die unterschiedlichen Akteure eines gesunden Lebensraumes miteinander interagieren.<br \/>\nAber sie zeigt uns auch, wie man Menschen unterschiedlich en Alters und unterschiedlichster Kulturen zusammenbringt und f\u00fcr das selbstst\u00e4ndige Engagement zum Umweltschutz begeistern kann.<br \/>\n.<br \/>\nEs w\u00e4re daher unverantwortlich, wenn die G\u00e4rten am Hirzberg mit ihrer jeweiligen Pers\u00f6nlichkeit verschwinden m\u00fcssten. Da mit ihnen nicht nur der Strukturreichtum, der vielen verschiedenen Tier-und Pflanzenarten einen Lebensraum bietet, sondern auch das angesammelte Wissen verloren gehen w\u00fcrden . Der Hirzberg mit seinen G\u00e4rten lebt schlie\u00dflich vom Austausch der Erfahrungen und der Weitergabe von Wissen.<br \/>\nWir f\u00fcnf sind nur ein Beispiel f\u00fcr viele andere Menschen, die in den G\u00e4rten am Hirzberg zwischen Wald und Stadt im Sinne des Naturschutzes ein Reich der Artenvielfalt bewahren wollen.<br \/>\nDenn jeder Garten, der weichen muss, wird Unruhe ins \u00d6kosystem bringen und bei Ausbleiben einer intensiven Pflege unweigerlich zur Verwaldung f\u00fchren, was unter anderem einen gro\u00dfen Verlust vieler Reptilien und Amphibien bedeuten w\u00fcrde, die immer weniger geeignete Lebensr\u00e4ume finden.<br \/>\n4.8.2019, Lucie Drews<br \/>\n.<br \/>\n.<br \/>\n<strong>Gem\u00fcse und Imkerei im Hirzberggarten &#8211; Bericht von Alina<\/strong><br \/>\nZu Beginn dieses Jahrs beschlossen meine Mitbewohnerin Josefin und ich, eher aus Neugierde, als mit dem Hintergedanken uns tats\u00e4chlich Bienen anzuschaffen, einen Imkerkurs zu belegen. Im Verlaufe der Kurseinheiten wurde uns jedoch schnell klar, dass wir uns nicht nur theoretisch mit dieser Materie besch\u00e4ftigen wollen, sondern uns gerne um eigenes Bienenvolk k\u00fcmmern w\u00fcrden.<br \/>\nDa wir keinen eigenen Garten besitzen stellte sich nun also die Frage nach einem geeigneten Standort. Auf der Suche nach einem zuk\u00fcnftigen Zuhause f\u00fcr unsere Sch\u00fctzlinge beschlossen wir, uns an die Freiburger Ortsgruppe des NABU zu wenden, die sich unter anderem aktiv f\u00fcr den Bienenschutz einsetzen. Und so lernten wir den Hobbyimker Jochen und seine Frau Gudrun Schmidt kennen.<br \/>\nNach einem kurzen Telefonat wurde direkt ein Treffen im wundersch\u00f6nen Garten am Hirzberg verabredet, der alle unsere Erwartungen \u00fcbertraf und in den wir uns sofort verliebten. Der naturnahe und wilde Stil des Gartens, mit seinem gro\u00dfen \u00f6kologischen Wert, gefiel uns auf Anhieb sehr gut. Jochen und Gudrun empfingen uns herzlich mit Kaffee, Kuchen und interessanten Gespr\u00e4chen. Noch am selben Nachmittag bildeten wir zusammen mit Jochen unseren ersten Ableger und gr\u00fcndeten somit unser eigenes Bienenvolk. Au\u00dferdem boten die beiden uns an, im Garten mit einer Gruppe von Freunden mitzuarbeiten und das Gartenhaus zu nutzen, was innerhalb weniger Wochen auch in die Tat umgesetzt wurde.<br \/>\nF\u00fcr mich ist der Garten vor allem ein sehr guter Ausgleich zum Studium, wo man sehr viel Zeit mit theoretischer Arbeit verbringt. Der Garten ist ein Ort um den Alltagsstress f\u00fcr eine Weile hinter sich zu lassen und etwas sinnvolles mit den H\u00e4nden zu arbeiten und dabei durch Gudruns langj\u00e4hrige Gartenerfahrungen und Jochens Ideenreichtum einiges \u00fcber das G\u00e4rtnern und die Erschaffung eines Lebensraumes f\u00fcr ein gro\u00dfes Spektrum an Tier- und Pflanzenarten zu erlernen. Da wir uns alle sehr um eine \u00f6kologische Lebensweise bem\u00fchen ist es dar\u00fcber hinaus super, die M\u00f6glichkeit zu haben, eigene Lebensmittel anzubauen und dadurch eine ganz andere Beziehung und viel mehr Wertsch\u00e4tzung f\u00fcr unser allt\u00e4gliches Obst und Gem\u00fcse zu erlangen. Vor einigen Wochen konnten wir zum Beispiel Johannisbeeren und Stachelbeeren ernten. Momentan wachsen Zucchini und Weintrauben und auch unsere Tomaten und die Rote Beete k\u00f6nnen schon bald geerntet werden.<br \/>\nDurch die zahlreichen Trockenmauern, die Jochen in Eigenarbeit im gesamten Garten angelegt hat, die Verteilung von Totholz und den Naturteich der momentan in Arbeit ist, bietet der Garten eine wertvolle Lebensgrundlage f\u00fcr viele Insekten-, Vogel-, Amphibien- und Pflanzenarten. Besonders im Anbetracht des Insektensterbens und dem R\u00fcckgang der Vogelpopulationen ist es uns daher ein Anliegen, bei der Aufrechterhaltung dieses wilden Gartens und damit bei der Schaffung wichtiger Lebensr\u00e4ume mithelfen zu k\u00f6nnen und dadurch zumindest im Kleinen etwas gegen den Trend des Artensterbens beitragen zu k\u00f6nnen.<br \/>\n19.8.2019, Alina<\/p>\n","protected":false},"excerpt":{"rendered":"<p>Home\u00a0&gt;Natur\u00a0&gt;Garten\u00a0&gt;Hirzberggarten &#8222;Wir sind\u00a0 die Natursch\u00fctzer&#8220; Listenauswahl eines Beitrags (Artikel\/Datum, Seite\/Inhalt):\u00a0Klicken\u00a0oder scrollen Freiburg-Oberau \u2013 Hirzberg \u2013 Papierfabrik Flinsch \u2013 Rabenkopf\u00a0(12.1.2026) Naturgarten-Wettbewerb im Biosph\u00e4rengebiet Schwarzwald (14.6.2021) https:\/\/www.freiburg-schwarzwald.de\/blog\/garten-und-landschaftsschutz\/\u00a0(28.8.2019) Hirzberggarten als Gemeinschaftsgarten (9.8.2019) G\u00e4rtner f\u00fcrchten am Hirzberg um ihre Kleing\u00e4rten, da das Areal im &hellip; <a href=\"https:\/\/www.freiburg-schwarzwald.de\/blog\/natur\/garten\/hirzberggarten\/\">Weiterlesen <span class=\"meta-nav\">&rarr;<\/span><\/a><\/p>\n","protected":false},"author":2,"featured_media":0,"parent":1660,"menu_order":0,"comment_status":"open","ping_status":"closed","template":"","meta":{"footnotes":""},"class_list":["post-74107","page","type-page","status-publish","hentry"],"_links":{"self":[{"href":"https:\/\/www.freiburg-schwarzwald.de\/blog\/wp-json\/wp\/v2\/pages\/74107","targetHints":{"allow":["GET"]}}],"collection":[{"href":"https:\/\/www.freiburg-schwarzwald.de\/blog\/wp-json\/wp\/v2\/pages"}],"about":[{"href":"https:\/\/www.freiburg-schwarzwald.de\/blog\/wp-json\/wp\/v2\/types\/page"}],"author":[{"embeddable":true,"href":"https:\/\/www.freiburg-schwarzwald.de\/blog\/wp-json\/wp\/v2\/users\/2"}],"replies":[{"embeddable":true,"href":"https:\/\/www.freiburg-schwarzwald.de\/blog\/wp-json\/wp\/v2\/comments?post=74107"}],"version-history":[{"count":4,"href":"https:\/\/www.freiburg-schwarzwald.de\/blog\/wp-json\/wp\/v2\/pages\/74107\/revisions"}],"predecessor-version":[{"id":144047,"href":"https:\/\/www.freiburg-schwarzwald.de\/blog\/wp-json\/wp\/v2\/pages\/74107\/revisions\/144047"}],"up":[{"embeddable":true,"href":"https:\/\/www.freiburg-schwarzwald.de\/blog\/wp-json\/wp\/v2\/pages\/1660"}],"wp:attachment":[{"href":"https:\/\/www.freiburg-schwarzwald.de\/blog\/wp-json\/wp\/v2\/media?parent=74107"}],"curies":[{"name":"wp","href":"https:\/\/api.w.org\/{rel}","templated":true}]}}