{"id":73658,"date":"2019-07-07T12:27:37","date_gmt":"2019-07-07T10:27:37","guid":{"rendered":"https:\/\/www.freiburg-schwarzwald.de\/blog\/?page_id=73658"},"modified":"2026-02-11T16:36:44","modified_gmt":"2026-02-11T15:36:44","slug":"schweigen","status":"publish","type":"page","link":"https:\/\/www.freiburg-schwarzwald.de\/blog\/global\/deutschland\/schweigen\/","title":{"rendered":"Schweigen"},"content":{"rendered":"<p><a href=\"https:\/\/freiburg-schwarzwald.de\/blog\">Home<\/a>\u00a0&gt;<a title=\"Engagement\" href=\"https:\/\/www.freiburg-schwarzwald.de\/blog\/engagement\/\">Engagement<\/a>\u00a0&gt;<a title=\"Zukunft\" href=\"https:\/\/www.freiburg-schwarzwald.de\/blog\/engagement\/zukunft\/\">Zukunft<\/a>\u00a0&gt;<a title=\"Demokratie\" href=\"https:\/\/www.freiburg-schwarzwald.de\/blog\/engagement\/zukunft\/demokratie\/\">Demokratie<\/a>\u00a0&gt;<a title=\"Global\" href=\"https:\/\/www.freiburg-schwarzwald.de\/blog\/global\/\">Global<\/a>\u00a0&gt;<a title=\"Deutschland\" href=\"https:\/\/www.freiburg-schwarzwald.de\/blog\/global\/deutschland\/\">Deutschland<\/a>\u00a0&gt;Schweigen<\/p>\n<div id=\"attachment_71525\" style=\"width: 651px\" class=\"wp-caption alignnone\"><a href=\"https:\/\/www.freiburg-schwarzwald.de\/blog\/business\/industrie\/deindustrialisierung\/narzissen-herz-freiburg-dreisam1903pan\/\" rel=\"attachment wp-att-71525\"><img loading=\"lazy\" decoding=\"async\" aria-describedby=\"caption-attachment-71525\" class=\"size-full wp-image-71525\" src=\"https:\/\/www.freiburg-schwarzwald.de\/blog\/wp-content\/uploads\/2019\/03\/narzissen-herz-freiburg-dreisam1903pan.jpg\" alt=\"Herz von bl\u00fchenden Narzissen an der Dreisam in Freiburg im M\u00e4rz 2019 \" width=\"641\" height=\"316\" srcset=\"https:\/\/www.freiburg-schwarzwald.de\/blog\/wp-content\/uploads\/2019\/03\/narzissen-herz-freiburg-dreisam1903pan.jpg 641w, https:\/\/www.freiburg-schwarzwald.de\/blog\/wp-content\/uploads\/2019\/03\/narzissen-herz-freiburg-dreisam1903pan-180x88.jpg 180w, https:\/\/www.freiburg-schwarzwald.de\/blog\/wp-content\/uploads\/2019\/03\/narzissen-herz-freiburg-dreisam1903pan-640x315.jpg 640w\" sizes=\"auto, (max-width: 641px) 100vw, 641px\" \/><\/a><p id=\"caption-attachment-71525\" class=\"wp-caption-text\">Herz von bl\u00fchenden Narzissen an der Dreisam in Freiburg im M\u00e4rz 2019<\/p><\/div>\n<p>&nbsp;<\/p>\n<ul>\n<li><em>Listenauswahl eines Beitrags: Bitte\u00a0<span style=\"text-decoration: underline;\">anklicken<\/span>\u00a0oder runterscrollen<\/em><\/li>\n<li><a href=\"https:\/\/www.freiburg-schwarzwald.de\/blog\/global\/migration\/u-bahn-mord-wandsbek29jan2026\/\">Hamburger U-Bahn-Mord: Preis des Schweigens<\/a>\u00a0(6.2.2026)<\/li>\n<li><a href=\"https:\/\/www.freiburg-schwarzwald.de\/blog\/desinformation-falsch-oder-nix\/\">Desinformation: Falsch oder nix<\/a>\u00a0(28.10.2025)<\/li>\n<li><a href=\"https:\/\/www.freiburg-schwarzwald.de\/blog\/kirk-nachrufe-diskussion-gebet\/\">Kirk Nachrufe: Diskussion Gebet<\/a>\u00a0(14.9.2025)<\/li>\n<li><a href=\"https:\/\/www.freiburg-schwarzwald.de\/blog\/engagement\/rassismus\/\">Rassismus: Floyd \u2013 Iryna \u2013 Liana<\/a>\u00a0(9.9.2025)<\/li>\n<li><a href=\"https:\/\/www.freiburg-schwarzwald.de\/blog\/global\/deutschland\/schweigen\/schweigespirale\/\">Merz MUSSTE Waffenembargo f\u00fcr Israel sagen \u2013 gem\u00e4\u00df Schweigespirale<\/a> (11.8.2025)<\/li>\n<li><a href=\"https:\/\/www.freiburg-schwarzwald.de\/blog\/kultur\/kulturverlust\/gewohnheit\/\">Dener: Gew\u00f6hnung ist der Anfang vom Ende<\/a> (22.7.2025)<\/li>\n<li><a href=\"https:\/\/www.freiburg-schwarzwald.de\/blog\/engagement\/bequemlichkeit\/passiv\/\">Alle warten \u2013 aber worauf?<\/a>\u00a0(1.7.2025)<\/li>\n<li>Frank W. Haubold: Ich habe geschwiegen (2.5.2025)<\/li>\n<li><a href=\"https:\/\/www.freiburg-schwarzwald.de\/blog\/selbsthilfe\/jugend\/jugend-zukunft\/\">Stille Kapitulation: Die schweigende, wehrlose junge Generation<\/a>\u00a0(4.4.2025)<\/li>\n<li>Schweigende Mehrheit &#8211; Schweigespirale &#8211; Isolationsfurcht &#8211; Untertan (26.3.2025)<\/li>\n<li><a href=\"https:\/\/www.freiburg-schwarzwald.de\/blog\/vergewaltigungsskandal-gbr\/\">Vergewaltigungsskandal GBR<\/a>\u00a0(6.1.2025)<\/li>\n<li><a href=\"https:\/\/www.freiburg-schwarzwald.de\/blog\/regierung-gegen-bevoelkerung\/\">Regierung gegen Bev\u00f6lkerung<\/a>\u00a0(12.4.2023)<\/li>\n<li><a href=\"https:\/\/www.freiburg-schwarzwald.de\/blog\/business\/industrie\/mittelstand\/unternehmer\/\">Paul Busse: Das Schweigen der Unternehmer<\/a>\u00a0(3.12.2022)<\/li>\n<li><a href=\"https:\/\/www.freiburg-schwarzwald.de\/blog\/tyrannei-der-mehrheit\/\">Tyrannei der Mehrheit<\/a>\u00a0(3.1.2022)<\/li>\n<li><a href=\"https:\/\/www.freiburg-schwarzwald.de\/blog\/engagement\/zukunft\/demokratie\/toleranz\/\">Taleb: Die intolerante Minderheit gewinnt<\/a>\u00a0(27.12.2021)<\/li>\n<li><a href=\"https:\/\/www.freiburg-schwarzwald.de\/blog\/patienten-mit-kommunikationsbarriere\/\">Patienten mit Kommunikationsbarriere: Migration \u2013 Intensivstation<\/a>\u00a0(3.3.2021)<\/li>\n<li><a href=\"https:\/\/www.freiburg-schwarzwald.de\/blog\/business\/gesund\/corona-virus\/corona-angst\/\">Norbert Bolz: Angst macht dumm<\/a>\u00a0(11.12.2020)<\/li>\n<li><a href=\"https:\/\/www.freiburg-schwarzwald.de\/blog\/demokratie-braucht-spalter\/\">Demokratie braucht Spalter<\/a>\u00a0(28.11.2020)<\/li>\n<li><a href=\"https:\/\/www.freiburg-schwarzwald.de\/blog\/kultur\/medien\/meinungsfreiheit\/\">Meinungsfreiheit und Medien: 58% f\u00fcr \u201eVorsicht bei \u201eheiklen Themen\u201c<\/a>\u00a0(28.11.2020)<\/li>\n<li><a href=\"https:\/\/www.freiburg-schwarzwald.de\/blog\/engagement\/resignation-der-mitte\/\">Mir f\u00e4llt vieles auf, aber fast nichts mehr ein \u2013 ich brauche eine Auszeit<\/a> (9.11.2020)<\/li>\n<li><a title=\"Die Linke: Reiche erschiessen\" href=\"https:\/\/www.freiburg-schwarzwald.de\/blog\/die-linke-reiche-erschiessen\/\">Die Linke: Reiche erschiessen<\/a>\u00a0(5.3.2020)<\/li>\n<li>Das dr\u00f6hnende Schweigen der \u201eEliten\u201c, wenn Gewalt von Linken oder Migranten kommt (19.1.2020)<\/li>\n<li><a title=\"Schweigen zu Augsburg: Nein\" href=\"https:\/\/www.freiburg-schwarzwald.de\/blog\/schweigen-zu-augsburg-nein\/\">Schweigen zu Augsburg: Nein<\/a>\u00a0(12.12.2019)<\/li>\n<li><a title=\"Schweigen der Mitte \u2013 vornehm\" href=\"https:\/\/www.freiburg-schwarzwald.de\/blog\/schweigen-der-mitte-vornehm\/\">Schweigen der Mitte &#8211; vornehm<\/a> (3.12.2019)<\/li>\n<li><a title=\"Parlamentarismus\" href=\"https:\/\/www.freiburg-schwarzwald.de\/blog\/engagement\/zukunft\/demokratie\/parlament\/parlamentarismus\/\">Alexis de Tocqueville \u2013\u00a0Der Widersacher wird zum Feind<\/a> (28.11.2019)<\/li>\n<li><a title=\"Aufklaerung statt Ideologie\" href=\"https:\/\/www.freiburg-schwarzwald.de\/blog\/aufklaerung-statt-ideologie\/\">Auflkl\u00e4rung statt Ideologie<\/a>\u00a0(19.7.2019)<\/li>\n<li>Wir schweigenden L\u00e4mmer &#8211; es gibt keine abweichenden Meinungen mehr (6.7.2019)<\/li>\n<li><a href=\"https:\/\/www.freiburg-schwarzwald.de\/blog\/freier-demokratischer-diskurs\/\">https:\/\/www.freiburg-schwarzwald.de\/blog\/freier-demokratischer-diskurs\/<\/a>\u00a0(8.7.2019)<\/li>\n<li><a title=\"Moral2015\" href=\"https:\/\/www.freiburg-schwarzwald.de\/blog\/global\/deutschland\/moral2015\/\">Vahlefeld: Der ganze Stolz der Deutschen<\/a>\u00a0(3.7.2019)<\/li>\n<li><a title=\"Meinungsfreiheit\" href=\"https:\/\/www.freiburg-schwarzwald.de\/blog\/kultur\/medien\/meinungsfreiheit\/\">Gauck: Begrenzte Meinungsfreiheit bei uns in Deutschland<\/a>\u00a0(20.6.2019)<\/li>\n<li><a href=\"https:\/\/www.freiburg-schwarzwald.de\/blog\/is\">Youtube l\u00f6scht Kanal von Hamed Abdel-Samad<\/a>\u00a0(19.6.2019)<\/li>\n<li><a href=\"https:\/\/www.freiburg-schwarzwald.de\/blog\/manchmal-schweige-ich-mit-16\/\">https:\/\/www.freiburg-schwarzwald.de\/blog\/manchmal-schweige-ich-mit-16\/<\/a>\u00a0(25.5.2019)<\/li>\n<li><a title=\"Debatte\" href=\"https:\/\/www.freiburg-schwarzwald.de\/blog\/engagement\/zukunft\/demokratie\/debatte\/\">Murray: Debatte in D europaweit am st\u00e4rksten eingeschr\u00e4nkt<\/a>\u00a0(23.5.2019)<\/li>\n<li><a title=\"Verschwoerungstheorien\" href=\"https:\/\/www.freiburg-schwarzwald.de\/blog\/kultur\/medien\/verschwoerungstheorien\/\">Ausstellung \u201cVerschw\u00f6rungstheorien\u201d \u2013 Rede von Frank-Walter Steinmeier \u2013 OFFENER BRIEF<\/a>\u00a0(17.5.2019)<\/li>\n<li><a title=\"Meinungsfreiheit\" href=\"https:\/\/www.freiburg-schwarzwald.de\/blog\/kultur\/medien\/meinungsfreiheit\/\">Redefreiheit: Politisch kampagnenf\u00e4hig ist nur, wer Zugriff auf den \u00f6ffentlichen Raum hat<\/a>\u00a0(16.5.2019)<\/li>\n<li><a title=\"Medien\" href=\"https:\/\/www.freiburg-schwarzwald.de\/blog\/kultur\/medien\/\">Springer-CEO D\u00f6pfner: Gegen den intentionalen\u00a0Relotius-Journalismus<\/a>\u00a0 (10.2.2019)<\/li>\n<li><a title=\"Zeitung\" href=\"https:\/\/www.freiburg-schwarzwald.de\/blog\/kultur\/medien\/zeitung\/\">Print-Medien: Links, leserbrief-einseitig, urban<\/a>\u00a0(21.1.2019)<\/li>\n<li><a href=\"https:\/\/www.freiburg-schwarzwald.de\/blog\/fremd-im-eigenen-land\/\">https:\/\/www.freiburg-schwarzwald.de\/blog\/fremd-im-eigenen-land\/<\/a>\u00a0(8.1.2019)<\/li>\n<li><a href=\"https:\/\/www.freiburg-schwarzwald.de\/blog\/information-ausgewogenheit\/\">https:\/\/www.freiburg-schwarzwald.de\/blog\/information-ausgewogenheit\/<\/a>\u00a0(30.11.2018)<\/li>\n<li><a href=\"https:\/\/www.freiburg-schwarzwald.de\/blog\/meinungsvielfalt-medienvielfalt\/\">https:\/\/www.freiburg-schwarzwald.de\/blog\/meinungsvielfalt-medienvielfalt\/<\/a>\u00a0(29.11.2018)<\/li>\n<li><a title=\"Journalismus\" href=\"https:\/\/www.freiburg-schwarzwald.de\/blog\/kultur\/medien\/journalismus\/\">Hamed Abdel-Samad, Constantin Schreiber, Ahmad Mansour: Keine Meinungsfreiheit an DJS<\/a>\u00a0(27.11.2018)<\/li>\n<li><a title=\"Bundestag\" href=\"https:\/\/www.freiburg-schwarzwald.de\/blog\/engagement\/zukunft\/demokratie\/bundestag\/\">Bundestag: Geistige Bequemlichkeit dank Anti-AfD-Reflex<\/a>\u00a0(25.11.2018)<\/li>\n<li><a href=\"https:\/\/www.freiburg-schwarzwald.de\/blog\/schweigespirale-zur-migration\/\">https:\/\/www.freiburg-schwarzwald.de\/blog\/schweigespirale-zur-migration\/<\/a>\u00a0(16.7.2017)<\/li>\n<li><\/li>\n<li><a title=\"Bevormundung\" href=\"https:\/\/www.freiburg-schwarzwald.de\/blog\/engagement\/zukunft\/demokratie\/bevormundung\/\">Bevormundung<\/a><\/li>\n<li><a title=\"Bundestag\" href=\"https:\/\/www.freiburg-schwarzwald.de\/blog\/engagement\/zukunft\/demokratie\/bundestag\/\">Bundestag<\/a><\/li>\n<li><a title=\"Debatte\" href=\"https:\/\/www.freiburg-schwarzwald.de\/blog\/engagement\/zukunft\/demokratie\/debatte\/\">Debatte<\/a><\/li>\n<li><a title=\"Demonstrationsrecht\" href=\"https:\/\/www.freiburg-schwarzwald.de\/blog\/engagement\/buergerinitiativen\/demonstrationsrecht\/\">Demonstrationsrecht<\/a><\/li>\n<li><a title=\"Diskussionskultur\" href=\"https:\/\/www.freiburg-schwarzwald.de\/blog\/kultur\/medien\/diskussionskultur\/\">Diskussionskultur<\/a><\/li>\n<li><a title=\"Einsch\u00fcchterung\" href=\"https:\/\/www.freiburg-schwarzwald.de\/blog\/kultur\/medien\/einschuechterung\/\">Einsch\u00fcchterung<\/a><\/li>\n<li><a title=\"Fake-News\" href=\"https:\/\/www.freiburg-schwarzwald.de\/blog\/kultur\/medien\/fake-news\/\">Fake-News<\/a><\/li>\n<li><a title=\"Freie-Medien\" href=\"https:\/\/www.freiburg-schwarzwald.de\/blog\/kultur\/medien\/freie-medien\/\">Freie Medien<\/a><\/li>\n<li><a title=\"Gesinnungsdiktatur\" href=\"https:\/\/www.freiburg-schwarzwald.de\/blog\/kultur\/medien\/gesinnungsdiktatur\/\">Gesinnungsdiktatur<\/a><\/li>\n<li><a href=\"https:\/\/www.freiburg-schwarzwald.de\/blog\/kultur\/kulturverlust\/gewohnheit\/\">Gewohnheit<\/a><\/li>\n<li><a title=\"GEZ-Medien\" href=\"https:\/\/www.freiburg-schwarzwald.de\/blog\/kultur\/medien\/gez-medien\/\">GEZ-Medien<\/a><\/li>\n<li><a title=\"Integration\" href=\"https:\/\/www.freiburg-schwarzwald.de\/blog\/global\/integration\/\">Integration<\/a><\/li>\n<li><a title=\"Kampf-gegen-Rechts\" href=\"https:\/\/www.freiburg-schwarzwald.de\/blog\/kultur\/medien\/kampf-gegen-rechts\/\">Kampf-gegen-Rechts<\/a><\/li>\n<li><a title=\"Luegenpresse\" href=\"https:\/\/www.freiburg-schwarzwald.de\/blog\/kultur\/medien\/luegenpresse\/\">L\u00fcgenpresse<\/a><\/li>\n<li><a title=\"Meinungsfreiheit\" href=\"https:\/\/www.freiburg-schwarzwald.de\/blog\/kultur\/medien\/meinungsfreiheit\/\">Meinungsfreiheit<\/a><\/li>\n<li><a title=\"Missverstehen\" href=\"https:\/\/www.freiburg-schwarzwald.de\/blog\/kultur\/medien\/missverstehen\/\">Missverstehen mit Absicht<\/a><\/li>\n<li><a title=\"Moral2015\" href=\"https:\/\/www.freiburg-schwarzwald.de\/blog\/global\/deutschland\/moral2015\/\">Moral2015<\/a><\/li>\n<li><a title=\"Multikulti\" href=\"https:\/\/www.freiburg-schwarzwald.de\/blog\/kultur\/leitkultur\/multikulti\/\">Multikulti<\/a><\/li>\n<li><a title=\"Freie-Medien\" href=\"https:\/\/www.freiburg-schwarzwald.de\/blog\/kultur\/medien\/freie-medien\/\">Neue-Medien<\/a><\/li>\n<li><a title=\"Parallelkultur\" href=\"https:\/\/www.freiburg-schwarzwald.de\/blog\/global\/integration\/parallelkultur\/\">Parallelkulturen<\/a><\/li>\n<li><a title=\"Parlamentarismus\" href=\"https:\/\/www.freiburg-schwarzwald.de\/blog\/engagement\/zukunft\/demokratie\/parlament\/parlamentarismus\/\">Parlamentarismus<\/a><\/li>\n<li><a title=\"Repression\" href=\"https:\/\/www.freiburg-schwarzwald.de\/blog\/engagement\/zukunft\/demokratie\/repression\/\">Repression<\/a><\/li>\n<li><a href=\"https:\/\/www.freiburg-schwarzwald.de\/blog\/engagement\/resignation-der-mitte\/\">Resignation-der-Mitte<\/a><\/li>\n<li><a href=\"https:\/\/www.freiburg-schwarzwald.de\/blog\/global\/deutschland\/schweigen\/schweigespirale\/\">Schweigespirale<\/a><\/li>\n<li><a href=\"https:\/\/www.freiburg-schwarzwald.de\/blog\/engagement\/zukunft\/demokratie\/tabu\/\">Tabu<\/a><\/li>\n<li><a title=\"Talkshow\" href=\"https:\/\/www.freiburg-schwarzwald.de\/blog\/kultur\/medien\/talkshow\/\">Talkshow<\/a><\/li>\n<li><a title=\"Verschwoerungstheorien\" href=\"https:\/\/www.freiburg-schwarzwald.de\/blog\/kultur\/medien\/verschwoerungstheorien\/\">Verschw\u00f6rungstheorien<\/a><\/li>\n<li><a title=\"Youtube\" href=\"https:\/\/www.freiburg-schwarzwald.de\/blog\/kultur\/medien\/youtube\/\">Youtube<\/a><\/li>\n<li><a title=\"Willkommenskultur\" href=\"https:\/\/www.freiburg-schwarzwald.de\/blog\/global\/integration\/willkommenskultur\/\">Willkommenskultur<\/a><\/li>\n<li><a title=\"Zeitgeist\" href=\"https:\/\/www.freiburg-schwarzwald.de\/blog\/engagement\/zeitgeist\/\">zeitgeist<\/a><\/li>\n<\/ul>\n<p><strong>Schweigende Mehrheit<\/strong><br \/>\n&#8222;Der gr\u00f6\u00dfte Schaden entsteht durch die Schweigende Mehrheit,<br \/>\ndie \u00fcberleben will,<br \/>\nsich f\u00fcgt und alles mitmacht&#8220;<br \/>\n(Sophie Scholl)<\/p>\n<div id=\"attachment_110888\" style=\"width: 648px\" class=\"wp-caption alignnone\"><a href=\"https:\/\/www.freiburg-schwarzwald.de\/blog\/wp-content\/uploads\/2023\/03\/schweigemarsch-FR-salzstrasse-pan230318.jpg\"><img loading=\"lazy\" decoding=\"async\" aria-describedby=\"caption-attachment-110888\" class=\"size-full wp-image-110888\" src=\"https:\/\/www.freiburg-schwarzwald.de\/blog\/wp-content\/uploads\/2023\/03\/schweigemarsch-FR-salzstrasse-pan230318.jpg\" alt=\"\" width=\"638\" height=\"360\" srcset=\"https:\/\/www.freiburg-schwarzwald.de\/blog\/wp-content\/uploads\/2023\/03\/schweigemarsch-FR-salzstrasse-pan230318.jpg 638w, https:\/\/www.freiburg-schwarzwald.de\/blog\/wp-content\/uploads\/2023\/03\/schweigemarsch-FR-salzstrasse-pan230318-180x102.jpg 180w\" sizes=\"auto, (max-width: 638px) 100vw, 638px\" \/><\/a><p id=\"caption-attachment-110888\" class=\"wp-caption-text\"><a href=\"https:\/\/www.freiburg-schwarzwald.de\/blog\/engagement\/buergerinitiativen\/demos-in-freiburg\/freiseinfreiburg\/\">Schweigemarsch<\/a> f\u00fcr den Frieden in Freiburg am 18.3.2023<\/p><\/div>\n<p>&nbsp;<\/p>\n<p><strong>Frank W. Haubold: Ich habe geschwiegen<\/strong><br \/>\nAls die Leserforen der gro\u00dfen Medien abgeschaltet oder zensiert wurden, habe ich geschwiegen. Man musste ja auch nicht jedem Schreihals ein Podium bieten.<\/p>\n<p>Als die Coronama\u00dfnahmen kamen und Kritiker mundtot gemacht wurden, habe ich geschwiegen. Ich hatte Angst und vertraute den Experten im Fernsehen.<\/p>\n<p>Als Messerangriffe allt\u00e4glich wurden und Frauen sich nachts kaum noch auf die Stra\u00dfe trauten, habe ich geschwiegen. Ich wollte nicht, dass man mich f\u00fcr einen Rassisten hielt.<\/p>\n<p>Als mitten in der Energiekrise die Atomkraftwerke abgeschaltet wurden, habe ich geschwiegen, schlie\u00dflich gab es ja immer noch Strom.<\/p>\n<p>Als man die russischen TV- und Internetkan\u00e4le abschaltete, habe ich geschwiegen. Ich hatte mich ja ohnehin nie f\u00fcr dergleichen interessiert.<\/p>\n<p>Als es hie\u00df, die Bundesrepublik m\u00fcsse kriegst\u00fcchtig gemacht werden, habe ich geschwiegen, schlie\u00dflich konnte es ja nicht schaden, wenn die Bundeswehr gest\u00e4rkt wurde.<\/p>\n<p>Als Ungarn aus der EU geworfen und Russland zum Feindstaat erkl\u00e4rt wurde, habe ich geschwiegen, denn es war gut, dass Europa den Russen die Stirn bot.<\/p>\n<p>Als die AfD sanktioniert und sp\u00e4ter verboten wurde, habe ich geschwiegen, denn ich wollte nicht als Sympathisant gelten.<\/p>\n<p>Als Regierungsgegner wegen Volksverhetzung verhaftet und eingesperrt wurden, habe ich geschwiegen, ich war ja kein Regierungsgegner.<\/p>\n<p>Als der private Waffenbesitz verboten wurde, habe ich geschwiegen. Ich war ja kein J\u00e4ger oder Sportsch\u00fctze.<\/p>\n<p>Als die Wehrpflicht wieder eingef\u00fchrt wurde, habe ich geschwiegen. Ich hatte keine Kinder in dem Alter und au\u00dferdem konnte es den jungen Leuten nur guttun, wenn sie Ordnung und Disziplin lernten.<\/p>\n<p>Als die Verteidigungsanleihe eingef\u00fchrt wurde, habe ich geschwiegen, denn die betraf ohnehin nur Verm\u00f6gende und die konnten schlie\u00dflich auch einmal etwas f\u00fcr die Allgemeinheit tun.<\/p>\n<p>Als Verfassungsfeinde ihre P\u00e4sse abgeben mussten, habe ich geschwiegen, denn ich war ja kein Verfassungsfeind.<\/p>\n<p>Als das Nachtstromverbot kam, habe ich geschwiegen. Erstens h\u00e4tte ich sowieso nichts dagegen ausrichten k\u00f6nnen und zweitens galt es nur von 22:00 Uhr bis morgens um sechs, wo ich sowieso schlief.<\/p>\n<p>Als das unregulierte Internet und der Mobilfunk gesperrt wurden, habe ich geschwiegen. Immerhin waren die zertifizierten Seiten ja weiterhin erreichbar, sodass man \u00fcber alles Wichtige informiert war.<\/p>\n<p>Als die Lebensmittel rationiert wurden, habe ich geschwiegen, weil ich verstanden hatte, dass man sich in Krisenzeiten einschr\u00e4nken muss. Au\u00dferdem gab es immer noch genug zu essen, jedenfalls meistens.<\/p>\n<p>Als die Ausgangssperre kam, habe ich geschwiegen, denn es war wegen der Pl\u00fcnderer ohnehin zu gef\u00e4hrlich auf den Stra\u00dfen geworden. Es war auch sicherer, wenn das Lieferauto von der Polizei begleitet wurde.<\/p>\n<p>Als die B\u00fcrger heute Morgen aufgefordert wurden, Schutzr\u00e4ume oder Keller aufzusuchen, habe ich nat\u00fcrlich auch geschwiegen. Bei wem h\u00e4tte ich mich denn beschweren sollen, was ohnehin nicht meine Art ist? Vielleicht ist es ja nur eine \u00dcbung, trotzdem habe ich Angst. Warum passiert das alles, ich habe doch gar nichts getan?<br \/>\n&#8230; Alles vom 2.5.2025 von Frank W. Haubold bitte lesen auf<br \/>\n<a href=\"https:\/\/philosophia-perennis.com\/2025\/05\/26\/ich-habe-geschwiegen\/\">https:\/\/philosophia-perennis.com\/2025\/05\/26\/ich-habe-geschwiegen\/<\/a><br \/>\n.<br \/>\nFrank W. Haubold wurde 1955 in Frankenberg (Sachsen) geboren. Nach dem Abitur studierte er Informatik und Biophysik in Dresden und Berlin (Promotion 1989). Seit 1989 schreibt er Romane, Erz\u00e4hlungen und Kurzgeschichten unterschiedlicher Genres (Science Fiction, Mystery-Thriller, Gegenwart).<br \/>\nFrank W. Haubold ist nicht nur einer der scharfsinnigsten Analysten der politischen Zeitgeschichte, sondern auch auf dem Feld der Belletristik prominent. Einige seiner Romane und Geschichten wurden f\u00fcr Literaturpreise nominiert und belegten vordere Pl\u00e4tze bei den jeweiligen Wettbewerben. 2012 gewann er den Kurd-La\u00dfwitz-Preis f\u00fcr die beste deutschsprachige SF-Erz\u00e4hlung. 2008 gewann er den Deutschen Science Fiction Preis in beiden Kategorien (Bester Roman mit \u201eDie Schatten des Mars\u201c und Beste Kurzgeschichte mit \u201eHeimkehr\u201c). Einige seiner Erz\u00e4hlungen wurden mittlerweile \u00fcbersetzt und erschienen u. a. in Russland, Irland, Italien und den USA.<br \/>\n<em>\u00a0<\/em><br \/>\n<em>Frank W. Haubold: Im Blindflug<\/em><br \/>\n<em>Ein Land vor dem Absturz<\/em><br \/>\n<em>30.3.2022, 138 Seiten, Taschenbuch, 7.90 Euro<\/em><br \/>\nNach den Vorg\u00e4ngerb\u00e4nden \u00bbHeimsuchung\u00ab (2020) und \u00bbIrrenhaus D.\u00ab (2021) pr\u00e4sentiert der Schriftsteller Frank W. Haubold eine neue Sammlung von Beobachtungen und Kommentaren zum Zeitgeschehen und zeichnet dabei das deprimierende Bild eines Landes, das von Krise zu Krise taumelt und sich immer weiter von demokratischen und rechtsstaatlichen Prinzipien entfernt.<\/p>\n<p><a href=\"https:\/\/www.freiburg-schwarzwald.de\/blog\/wp-content\/uploads\/2025\/09\/niemoeller-schweigen-statt-protest.jpg\"><img loading=\"lazy\" decoding=\"async\" class=\"alignnone size-thumbnail wp-image-138892\" src=\"https:\/\/www.freiburg-schwarzwald.de\/blog\/wp-content\/uploads\/2025\/09\/niemoeller-schweigen-statt-protest-180x160.jpg\" alt=\"\" width=\"180\" height=\"160\" srcset=\"https:\/\/www.freiburg-schwarzwald.de\/blog\/wp-content\/uploads\/2025\/09\/niemoeller-schweigen-statt-protest-180x160.jpg 180w, https:\/\/www.freiburg-schwarzwald.de\/blog\/wp-content\/uploads\/2025\/09\/niemoeller-schweigen-statt-protest.jpg 558w\" sizes=\"auto, (max-width: 180px) 100vw, 180px\" \/><\/a>\u00a0 \u00a0 \u00a0Martin Niem\u00f6ller: Schweigen statt Protestieren<br \/>\n.<\/p>\n<p><strong>Schweigende Mehrheit &#8211; Schweigespirale &#8211; Isolationsfurcht &#8211; Untertan<\/strong><br \/>\nMit Isolationsfurcht beschreibt <a href=\"https:\/\/www.freiburg-schwarzwald.de\/blog\/engagement\/buergerinitiativen\/demo\/massendemonstrationen\/\">Prof. Elisabeth Noelle-Neumann<\/a>, der Begr\u00fcnderin des Meinungsforschungsinstituts Allensbach die angeborene Neigung des Menschen, sich m\u00f6glichst <a href=\"https:\/\/www.freiburg-schwarzwald.de\/blog\/kultur\/medien\/political-correctness\/konformismus\/\">konform<\/a> im kommunikativen Windschatten der Freunde und Verwandten zu bewegen. Die durch Kopfsch\u00fctteln und Stirnrunzeln ausgedr\u00fcckte Isolationsandrohung verst\u00e4rkt die Isolationsfurcht noch. Beides zusammen zwingen den braven B\u00fcrger zur <a href=\"https:\/\/www.freiburg-schwarzwald.de\/blog\/schweigespirale-zur-migration\/\">Schweigespirale<\/a>. Der Untertan f\u00fchlt sich in der Schweigenden Mehrheit am wohlsten &#8211; denn die Mehrheit mu\u00df gut sein.<br \/>\n26.3.2025<br \/>\n.<\/p>\n<p><strong>Das dr\u00f6hnende Schweigen der \u201eEliten\u201c, wenn Gewalt von Linken oder Migranten kommt<\/strong><br \/>\nWer kennt sie nicht: die hypermoralischen und hypertoleranten Appelle der politischen, kirchlichen, medialen und wissenschaftlichen \u201eEliten\u201c, wenn ultrarechte Kriminelle, Glatzk\u00f6pfe und Spinner handgreiflich oder verbal, tats\u00e4chlich oder von den \u201eEliten\u201c erfunden, gegen das Gesetz oder die Regeln gedeihlichen Zusammenlebens versto\u00dfen? Dann geht ein saurer Moralinregen \u00fcber das Land. Dann hei\u00dft es bedeutungsschwanger: \u201eNie wieder!\u201c, \u201eGesicht zeigen!\u201c, \u201eZeichen setzen!\u201c, \u201eFlagge zeigen!\u201c \u201eStimme erheben!\u201c Mahnwachen sind dann angesagt und Lichterketten. Letztere gibt es schon mal gegen rechts, wiewohl diejenigen, die am 2.Oktober 2000 an einer D\u00fcsseldorfer Synagoge Feuer legten, Muslime waren.<br \/>\nDann sehen wir \u2013 medial millionenfach verbreitet \u2013 ernste, grimmige und entschlossene Gesichter. \u201eEin freundliches Gesicht zeigen!\u201c \u2013 das ist auch angesagt, aber nur, letzteres hat Merkel Mitte September 2015 gesagt, als es um die \u201eZuwanderung\u201c von Hundertausenden von \u201eSchutzsuchenden\u201c, \u201eSchutzbed\u00fcrftigen\u201c, \u201eMigranten\u201c, \u201eAsylsuchenden\u201c, \u201eFl\u00fcchtlingen\u201c, \u201eFl\u00fcchtenden\u201c usw. ging. Denn ohne dieses \u201efreundliche Gesicht\u201c sei Deutschland nicht mehr ihr Land \u2026 Wie bigott die \u201eElite\u201c damit umgeht, erkennt man allein an folgenden Beispielen der letzten Tage und Wochen. Eine kleine, gewiss unvollst\u00e4ndige Auswahl \u2013 die noch nicht einmal ausholt Richtung \u201eF\u00e4lle\u201c in Freiburg, Kandel, Flensburg, Wiesbaden usw.<br \/>\n14 Beispiele aus wenigen Wochen \u2013 stellvertretend f\u00fcr viele mehr:<br \/>\n.<br \/>\n1) Dr\u00f6hnendes Schweigen, wenn Professoren und Gastredner an Hochschulen (sogenannten <a title=\"Hochschulen-Freiheit\" href=\"https:\/\/www.freiburg-schwarzwald.de\/blog\/bildung\/hochschulen-freiheit\/\">Hochschulen<\/a>) daran gehindert werden, eine Vorlesung oder eine Veranstaltung zu bestreiten, vernimmt man aus dem Munde von Bundespr\u00e4sident, Bundeskanzlerin, Kirchenf\u00fcrsten, Islamverb\u00e4nden nichts. Siehe<br \/>\n<a href=\"https:\/\/www.tichyseinblick.de\/kolumnen\/josef-kraus-lernen-und-bildung\/schauplatz-universitaet-es-ist-was-faul-an-deutschlands-hochschulen\/\">https:\/\/www.tichyseinblick.de\/kolumnen\/josef-kraus-lernen-und-bildung\/schauplatz-universitaet-es-ist-was-faul-an-deutschlands-hochschulen\/<\/a><br \/>\n2) &#8211; 14)<\/p>\n<p>Es sind dies 14 Beispiele, die sich problemlos, ja endlos erg\u00e4nzen lie\u00dfen. Jede Woche k\u00f6nnte man dazu eine Synopse erstellen. Wenn hier \u201elinke\u201c und \u201es\u00fcdl\u00e4ndische\u201c Gewaltt\u00e4ter aneinandergereiht werden, dann ist das keine Willk\u00fcr. Damit soll zumindest angedeutet werden, dass beide T\u00e4tergruppen gleiche Ziele haben: erstens sich dieses Land zur Beute zu machen, und zweitens <a title=\"Islam-Antisemitismus\" href=\"https:\/\/www.freiburg-schwarzwald.de\/blog\/religion\/islam\/islam-antisemitismus\/\">Antisemitismus pur<\/a> zu pflegen, sowie mit Israel den einzigen demokratischen Staat im Nahen Osten ausl\u00f6schen zu wollen.<br \/>\n.<br \/>\nWie geht die <a title=\"Eliten\" href=\"https:\/\/www.freiburg-schwarzwald.de\/blog\/engagement\/zukunft\/demokratie\/eliten\/\">\u201eElite\u201c<\/a> damit um? Mit selektivem Wachkoma! Ganz einfach: wachkomat\u00f6s! Ignorieren, Wegschauen, Wegh\u00f6ren, Beschwichtigen, Bagatellisieren, Selektieren \u2013 oder wenn es gar nicht anders geht: verbal wegbef\u00f6rdern. Wie?<br \/>\n<strong>Erstens<\/strong> sind all dies ja <a title=\"Einzelfall\" href=\"https:\/\/www.freiburg-schwarzwald.de\/blog\/selbsthilfe\/soziales\/justiz\/einzelfall\/\">\u201eEinzelf\u00e4lle\u201c<\/a>. Soweit es um T\u00e4ter mit \u201es\u00fcdl\u00e4ndischem\u201c Aussehen geht, hat das nichts mit dem Islam oder der muslimischen Herkunft zu tun. Wer anderes behauptet, ist ein \u201eRassist\u201c (am Rande: auch wenn eine Religion keine Rasse ist). \u00dcberhaupt soll man gef\u00e4lligst unterscheiden zwischen Islam und Islamismus. Zumindest in Deutschland. Auch wenn die arabische Sprache keine Unterscheidung zwischen Islam und Islamismus kennt. Damit gilt f\u00fcr Deutschland: Der Islam hat nichts mit dem Islam zu tun. Oder?<br \/>\n<strong>Zweitens<\/strong> handelt es sich bei diesen Beispielen wahrscheinlich um die Folge traumatischer Erlebnisse und um das Ergebnis einer zu schwach ausgepr\u00e4gten deutschen <a title=\"Schuldkomplex\" href=\"https:\/\/www.freiburg-schwarzwald.de\/blog\/global\/deutschland\/schuldkomplex\/\">Willkommens- und Integrationsschuld<\/a>.<br \/>\n<strong>Drittens:<\/strong> Die Nennung der Herkunft der T\u00e4ter gilt als rassistisch. Also hei\u00dft es in den Medien zumeist: eine Gruppe junger M\u00e4nner oder Deutsche (zumeist <a title=\"Passdeutsche\" href=\"https:\/\/www.freiburg-schwarzwald.de\/blog\/global\/deutschland\/passdeutsche\/\">Passdeutsche<\/a>). Und vor allem: Die \u00d6ffentlichkeit muss davon verschont bleiben. Denn diese Taten und T\u00e4ter haben nur \u201eregionale\u201c Bedeutung.<br \/>\n<strong>Viertens<\/strong>: Was die Linken, die Antifaschisten betrifft, so handelt es sich hier nicht um Gewaltt\u00e4ter, sondern euphemistisch um \u201eAktivisten\u201c, \u201eDemonstranten\u201c, \u201eAutonome\u201c, \u201eChaoten\u201c, \u201eRandalierer\u201c usw. Und das sind ja die Guten&#8230;.<br \/>\n&#8230; Alles vom 19.1.2020 von Josef Kraus bitte lesen auf<br \/>\n<a href=\"https:\/\/www.tichyseinblick.de\/kolumnen\/josef-kraus-lernen-und-bildung\/droehnendes-schweigen-der-eliten\/\">https:\/\/www.tichyseinblick.de\/kolumnen\/josef-kraus-lernen-und-bildung\/droehnendes-schweigen-der-eliten\/<br \/>\n<\/a>\u00a0.<br \/>\nKommentare:<br \/>\n<strong>Diese Methoden kennt der gelernte DDR- B\u00fcrger zur Gen\u00fcge.<\/strong><br \/>\nAlle Vorkommnisse ,die den B\u00fcrger \u00fcber bestimmte Zust\u00e4nde w\u00fctend machen konnten , wurden nur ganz begrenzt regional beleuchtet, oder total verschwiegen. Andere eher wenig relevante oder sogar erfundene Ereignisse wurden zu einen Luftschiff auf geblasen. Wir kommen langsam aber sicher wieder zu solchen Zust\u00e4nden. Die Volksverdummung hat seit 2015 an Fahrt gewonnen .und wird auch weiter zu nehmen.<br \/>\n19.1.2020, Rai<br \/>\n.<br \/>\n<strong>Deutschland vor 5-10 Jahren? Und in 5-10- Jahren?<\/strong><br \/>\nUnd nun versuchen wir doch mal, uns dieses ehemals so sch\u00f6ne und erfolgreiche Land in sagen wir mal 5-10 Jahren vorzustellen. Kleine Hilfestellung: H\u00e4tten wir vor 5-10 Jahren \u2013 bei einer entsprechenden Frage \u2013 die heutigen Zust\u00e4nde in DE ernsthaft f\u00fcr m\u00f6glich gehalten? Nein? Und was wird nun die Realit\u00e4t in DE sein, die wir uns vielleicht nur heute ebenso noch nicht vorstellen k\u00f6nnen?<br \/>\nTrauen wir der aktuellen politischen Klasse in Bund und L\u00e4ndern realistisch zu, an dieser Tendenz k\u00fcnftig etwas entscheidendes zu \u00e4ndern? Welche Anzeichen gibt es daf\u00fcr ?<br \/>\nIch habe auf diese Fragen mit meiner Frau eine einzige Antwort gefunden: Auswandern.<br \/>\n19.1.2020, Jo<br \/>\n.<br \/>\n<strong>Bev\u00f6lkerung wird von einer verlogenen Medienlandschaft dumm gehalten<\/strong><br \/>\nWer die richtigen Internetseiten liest ** wei\u00df das alles. Die normale Bev\u00f6lkerung, die nur \u201eihre\u201c Zeitung liest oder gar nur die Fernsehnachrichten, oder die Studenten, die gar nichts lesen au\u00dfer auf sie abgestimme Seiten der sozialen Medien, wissen all dies nicht. Die Bev\u00f6lkerung wird von einer verlogenen Medienlandschaft dumm gehalten. Mich macht das w\u00fctend.<br \/>\n19.1.2020, M.S.<br \/>\n.<br \/>\n<strong>&#8230;. da opfert man den gesunden Menschenverstand<\/strong><br \/>\nNeben der verlogenen Medienlandschaft gibt es auch noch die damit eng verbundenen Landschaften von Mainstreampolitik, Kirchen, NGOs, Verb\u00e4nden, (DGB-) Gewerkschaften \u2013 und nicht zuletzt die grundlegende \u201eHaltung\u201c des Normalo-Michels. Und letztere ist auch beim akademischen Nachwuchs \u2013 mehr denn je \u2013 darauf ausgerichtet, im Mainstream zu surfen, Teil des \u201ewir-sind mehr\u201c zu sein und auf jeden Abweichler mit Unmut, Missbilligung, Ausgrenzung, ja Hass zu reagieren. Da opfert man den gesunden Menschenverstand allzu gerne der pers\u00f6nlichen Gefallsucht (\u201eLikes\u201c) und l\u00e4sst sich denken und leben anstatt selbst aktiv zu sein \u2026<br \/>\n19.1.2020, Ent<br \/>\n.<br \/>\n<strong>&#8230;kein dr\u00f6hnendes Schweigen, sondern perfide Methode<\/strong><br \/>\nHervorragende Zusammenstellung, lieber Herr Kraus, die man in der Tat endlos fortsetzen k\u00f6nnte! Doch \u201ewachkomat\u00f6s\u201c w\u00fcrde ich das dr\u00f6hnende Schweigen nicht nennen. Es steckt eine perfide Methode dahinter \u2013 ganz im Sinne links-gr\u00fcner Ideologie und ihrem hasserf\u00fcllten &#8222;Kampf gegen Rechts\u201c. Alles, was Letzteren schadet, hat das klammheimliche Einverst\u00e4ndnis unserer \u201eEliten\u201c, wodurch linke \u201eAktivisten\u201c geradezu ermuntert werden. Das ist das wirklich Schlimme an der Geschichte. Die Eliten machen sich damit n\u00e4mlich mitschuldig an der Verwahrlosung des Landes und der Zunahme von Gewalt. Das hat es zu Zeiten der RAF damals nicht gegeben.<br \/>\n19.1.2020, U.SCH<br \/>\n.<br \/>\n<strong>Beim Verschweigen bleibt es ja nicht. Die Verschweiger diffamieren diejenigen,<\/strong><br \/>\ndie das Problem ansprechen, pauschal als pathologische Hasser, Islamophobe oder Rechtsextreme. Diese Infamie ist so vielfach und hochgradig, da\u00df man in der Analyse dieses \u201eVerhaltens\u201c meist hinterherhinkt. Man sollte keine Scheu haben, genau das, was sie einem vorwerfen, umzukehren. Wegen des Projektionsmechanismus ist das \u201enee du\u201c gerechtfertigt. Man verl\u00e4\u00dft damit nicht den Boden der Sachlichkeit. Die Linken sind die eigentlichen Prim\u00e4rhasser, denn sie haben kein positives Verh\u00e4ltnis zu ihrer Herkunft und eigenen Kultur. Daher die undifferenzierte Fremdenliebe, immer einhergehend mit Eigenhass. Sie sind eben nicht offen, sondern m\u00fcssen immer erst irgendeine T\u00fcre zuknallen, hier die eigene.<br \/>\n19.1.2020, Pan<br \/>\n.<br \/>\n<strong>Nie wieder!<\/strong><br \/>\nAber weder den rechten Faschismus, der mir fast den Tod und dazu den Niedergang Deutschlands bedeutete. Aber auch nicht den linken Sozialismus, dessen Diktatur mir danach wesentliche Teile meines Lebens versaute. Geboren in Deutschlands Weimarer Republik, aufgewachsen im Nazireich und verantwortlich gemacht f\u00fcr alle Grausamkeit dieser Welt. Wer seit ihr eigentlich, ihr Kinder aus einer Wohlstandwelt die ihr weder geschaffen noch erhalten k\u00f6nnt, die mir diesen ersten hinein geborenen Teil meines Lebens, immer noch vorwerfen? Meine Generation musste leiden f\u00fcr etwas was, sie selber nicht verursacht. Aber wir schufen Euch diese neue Welt. Und wer seit ihr Linken, denen die Milliarden gleichg\u00fcltig, die unter linken Diktaturen gelitten. Von denen Millionen einer dogmatischen Ideologie wegen in den Tod geschickt wurden? Ihr solltet es eigentlich wissen. Auch ihr seit nicht besser als die tats\u00e4chlichen Faschisten.<br \/>\n19.1.2020, Ebe<br \/>\n.<br \/>\n<strong>Und wo sind die ganzen t\u00e4glichen rechten Straftaten,<\/strong><br \/>\ngegen die der Staat mit zig Millionen von Euro vorgeht? Nichts wesentlich zu h\u00f6ren und zu lesen in unseren Staatsmedien! Und glaubt mir, die w\u00fcrden sich an jeder rechten Meldung tagelang erg\u00f6tzen. Also wo ist die viel beschworene rechte Gefahr, wenn man davon nicht einmal in der linken Presse was liest? Ist es vielleicht doch so, dass die \u00fcberbordende Gewalt eher von Migranten und dem Antifa-Linkszeugs auf der Stra\u00dfe ausgeht? Die verarschen uns alle nach Strich und Faden und verteilen nur unser Steuergeld an die Handlanger der Politik in den ganzen Antonio-Stiftungen &amp; Co. gegen den imagin\u00e4ren K(r)ampf gegen Rechts. Derweil b\u00fcgeln die alles weiter seelenruhig auf Links.<br \/>\n19.1.2020, T.R.<br \/>\n.<br \/>\n\u201eDas dr\u00f6hnende Schweigen der Eliten\u201c, sehr verehrter Herr Kraus, droht bei mir einen irreparablen H\u00f6rsturz zu verursachen. Ich ertrage den Wahnsinn nicht mehr!<br \/>\n19.1.2020, D.M.<br \/>\n.<br \/>\n<strong>Es liegt allein an der \u201edeutschen K\u00f6terrasse\u201c* \u2013 wie gew\u00e4hlt, so geliefert.<\/strong><br \/>\nDieser Begriff, den ein T\u00fcrke in Hamburg gepr\u00e4gt hat und der laut Hamburger Staatsanwaltschaft keine Volksverhetzung ist, ist zwar recht grob, aber auch absolut zutreffend, wie ich inzwischen leider zugeben muss. Wer blindlings einer solchen gegen sich selbst gerichteten Politik hinterherrennt und sich daf\u00fcr von deren \u201eOpfergruppen\u201c auch noch verpr\u00fcgeln l\u00e4sst, hat wahrlich keine andere Bezeichnung verdient. Man kann sich f\u00fcr dieses (identit\u00e4tslose) Volk nur schwer sch\u00e4men.<br \/>\n19.1.2020. St.B.<\/p>\n<p>.<\/p>\n<p>&nbsp;<\/p>\n<p>&nbsp;<\/p>\n<p><strong>Wir schweigenden L\u00e4mmer &#8211;\u00a0es gibt keine abweichenden Meinungen mehr<\/strong><br \/>\nvon Lisa Marie Kaus<br \/>\n.<br \/>\nIch wei\u00df nicht mehr, was ich schreiben soll. Es ist bereits alles gesagt und mittlerweile sogar von jedem. Gleichzeitig ist es auch egal, ob ich etwas schreibe oder nicht. Denn die, die es lesen, sind nicht die, die ich erreichen m\u00fcsste. Sie, liebe Leser, sind wahrscheinlich hier, weil Sie \u2013 in einem Dickicht des einseitigen Fokus der Medien \u2013 auf der Suche sind nach heterogenen Meinungen. Zumindest schlie\u00dfe ich jetzt einfach mal von mir auf Sie. Seit Jahren bin ich davon entsetzt, dass man <em><strong>im \u00f6ffentlichen Raum \u2013 vom Radio \u00fcber Fernsehen und Zeitungen bis hin zum <a title=\"Kirchentag\" href=\"https:\/\/www.freiburg-schwarzwald.de\/blog\/religion\/kirchen\/kirchentag\/\">evangelischen Kirchentag<\/a> \u2013 keine abweichenden Meinungen<\/strong><\/em> h\u00f6rt. Nat\u00fcrlich k\u00f6nnen die S\u00fcddeutsche Zeitung, der Tagesspiegel und die Passauer Neue Presse der AfD geistige Mitt\u00e4terschaft bei der <a title=\"Luebcke02Juni2019\" href=\"https:\/\/www.freiburg-schwarzwald.de\/blog\/engagement\/zukunft\/demokratie\/luebcke02juni2019\/\">Ermordung Walter L\u00fcbckes<\/a> unterstellen. Nat\u00fcrlich kann man der Meinung sein, die gr\u00f6\u00dfte Gefahr komme \u201evon rechts\u201c und es sei nun an der Zeit, Grundrechte f\u00fcr solche Gef\u00e4hrder auszusetzen, da der Umsturz unmittelbar bevorstehe.<br \/>\nEs kann aber nicht sein, dass der <a title=\"GEZ-Medien\" href=\"https:\/\/www.freiburg-schwarzwald.de\/blog\/kultur\/medien\/gez-medien\/\">\u00f6ffentlich-rechtliche Rundfunk<\/a>, mit dem Nimbus der Objektivit\u00e4t und journalistischen Redlichkeit, Politik macht. Dabei mache ich Anja Reschke und Dunja Hayali ihr Verhalten nicht mal zum Vorwurf. Wer, wie die beiden, stellvertretend f\u00fcr so viele, davon \u00fcberzeugt ist, einen Erziehungsauftrag f\u00fcr die unbedarften Zuschauer, ja, f\u00fcr die gesamte Demokratie zu haben, muss so auftreten. So mancher Inquisitor mag noch am Sterbebett j\u00e4mmerlich dar\u00fcber verzweifelt sein, dass er nicht mehr Ketzer durch Folter und Verbrennen hatte retten k\u00f6nnen. Es ist aber h\u00f6chst gef\u00e4hrlich, wenn man diese Form des Staatsb\u00fcrgerkundefernsehens zum Goldstandard der ver\u00f6ffentlichten Meinung erkl\u00e4rt.<br \/>\n.<br \/>\nAls mein Vater seine Verwandten in der <a title=\"DDR2.0\" href=\"https:\/\/www.freiburg-schwarzwald.de\/blog\/global\/deutschland\/ddr2-0\/\">DDR<\/a> besuchte, erl\u00e4uterten sie ihm, dass sie den Moderator des schwarzen Kanals nur \u201eSchnitz\u201c nannten, so schnell schalteten sie den Fernseher ab, wenn Karl-Eduard von Schnitzler auf der Mattscheibe erschien. Eigentlich sind die Zeiten aktuell so schlecht, sie schreien nach \u00e4hnlich guten Witzen. Und dennoch, ich kenne keine. Wenn man sich zwischen Tagesspiegel am Fr\u00fchst\u00fcckstisch und Tagesschau auf dem Sofa bewegt, erlebt man nur eine Meinungsrichtung und f\u00fchlt sich objektiv und gut informiert. Karl-Eduard konnte davon nur tr\u00e4umen. Er hatte es immer noch mit dem vermaledeiten Westfernsehen zu tun. Ein solches Korrektiv fehlt uns heute.<br \/>\nNun muss ich den deutschen \u00f6ffentlich-rechtlichen Rundfunk kurz in Schutz nehmen. Auch die BBC ist nicht objektiv. Im Zusammenhang mit dem EU-Referendum und der Brexit-Berichterstattung wird immer wieder kritisiert, die \u00f6ffentlich finanzierten Fernseh- und Rundfunksender w\u00fcrden zu einseitig berichten und Brexiteers nicht gleichberechtigt zu Wort kommen lassen. Ein ganzer Wikipedia-Eintrag ist der Kritik an der BBC gewidmet.<br \/>\n.<br \/>\nUnd da sind wir auch schon beim Unterschied. In <a title=\"Grossbritannien\" href=\"https:\/\/www.freiburg-schwarzwald.de\/blog\/global\/grossbritannien\/\">Gro\u00dfbritannien<\/a> wird dar\u00fcber DEBATTIERT. Dort positionierten sich die gro\u00dfen Zeitungen vor dem Referendum auch deutlich pro oder contra <a title=\"Brexit\" href=\"https:\/\/www.freiburg-schwarzwald.de\/blog\/global\/eu\/brexit\/\">Brexit<\/a>. Da wusste man, was man in der Hand hielt. In Deutschland w\u00e4ren solche Deklarierungen illegal \u2013 zumindest, wenn man AKKs Gesetzeskommentar folgt. Generell diskreditiert man sich in Deutschland mit Kritik am \u00f6ffentlich-rechtlichen Rundfunk oder der EU sofort selbst und macht seine N\u00e4he zum rechten Rand deutlich. Als sich k\u00fcrzlich die Kandidaten f\u00fcr den Tory-Parteivorsitz auf BBC One den Fragen von Zuschauern stellten, leitete Lee aus Norwich seinen Redebeitrag damit ein, er habe bei den EU-Wahlen die Brexitpartei gew\u00e4hlt. Wer, der nicht in der Castingkartei von \u201eSchwiegertochter gesucht\u201c zu finden ist, und somit zumindest unter dem Verdacht steht, vor sich selbst gesch\u00fctzt werden zu m\u00fcssen, w\u00fcrde beim MoMa-Caf\u00e9 Dunja Hayali offen erz\u00e4hlen, er k\u00f6nne den Brexit verstehen und habe bei der Wahl zum Europaparlament die AfD gew\u00e4hlt?<br \/>\n.<br \/>\n<strong><em>210 Euro Demokratieabgabe zahlen wir im Jahr<\/em><\/strong>. In der Schule lernten wir, dass keine journalistische Quelle so glaubw\u00fcrdig und redlich sei wie ARD und ZDF. Wir lernten, dass ohne die <a title=\"GEZ-Medien\" href=\"https:\/\/www.freiburg-schwarzwald.de\/blog\/kultur\/medien\/gez-medien\/\">\u00d6ffentlich-Rechtlichen<\/a> nur Schund im Fernsehen laufen w\u00fcrde. Warum das, was bei Zeitungen doch gut funktionierte \u2013 ein freier Markt, der keinen inhaltlichen Unterbietungswettbewerb erlebte \u2013 beim Fernsehen nicht m\u00f6glich sein sollte, lernten wir nicht. Ebenfalls lernten wir nicht, wieso der Staat die Informationsbed\u00fcrfnisse der B\u00fcrger besser kennen sollte als sie selbst.<br \/>\nAngesichts dieser Vorbildung haben es <a title=\"Freie-Medien\" href=\"https:\/\/www.freiburg-schwarzwald.de\/blog\/kultur\/medien\/freie-medien\/\">alternative Medien<\/a> schwer. Sie haben es schwer, \u00fcberhaupt konsultiert zu werden, und sie haben es schwer, f\u00fcr glaubw\u00fcrdig gehalten zu werden. Erst k\u00fcrzlich konnte man im Deutschlandfunk erfahren, welch unsaubere und dilettantische Artikel Tichys Einblick, Cicero und NZZ ver\u00f6ffentlichten, w\u00e4hrend Relotius nat\u00fcrlich nur ein tragischer Einzelfall sei. Die Argumente sind nicht wichtig, entscheidend ist, von wem sie kommen. Das ist nicht mal b\u00f6ser Wille \u2013 das ist nur menschlich. \u201eWo hast du das schon wieder her?\u201c Und deshalb ist es auch egal, was ich schreibe, denn Menschen, die nicht sowieso schon die Mehrheitsmeinung pr\u00fcfen und angreifen, werden das hier nicht lesen.<br \/>\n.<br \/>\n<strong>Sind wir Teil einer gro\u00dfen schweigenden Mehrheit?<\/strong><br \/>\nW\u00e4hrend in Gro\u00dfbritannien \u00fcber die Objektivit\u00e4t der \u00f6ffentlichen Medien diskutiert wird und diese Debatte dadurch m\u00f6glich ist, dass es ein heterogenes ver\u00f6ffentlichtes Meinungsbild gibt, w\u00fcrde ich, ohne meine kleine Echokammer im Internet, keine abweichenden Einsch\u00e4tzungen und Meinungen zu lesen, zu sehen oder zu h\u00f6ren bekommen. Und der Austausch im deutschen \u201eintellectual dark web\u201c stimmt einen gerne mal optimistisch. In den Artikeln auf Achgut.com und in den Kommentaren darunter gibt es sie, die gef\u00e4hrliche abweichende Meinung. Als Achgut.com-Autor erreicht man viele Leute, die sich differenziert und detailliert mit den jeweiligen Themen auseinandersetzen. Wir sind alle Mitglieder in einem Feel-Good-Gespr\u00e4chskreis. Erleichterung: Man ist doch nicht allein mit seiner oppositionellen Position. Zuversicht: Sind wir also ein schreibender und lesender Teil einer gro\u00dfen <a title=\"Schweigespirale zur Migration\" href=\"https:\/\/www.freiburg-schwarzwald.de\/blog\/schweigespirale-zur-migration\/\">schweigenden Mehrheit<\/a>? Folgen wir mal dieser These. Um die schweigende Masse im Nationalsozialismus zu beschreiben, wird oft Martin Niem\u00f6ller zitiert:<br \/>\n<em>\u201eAls die Nazis die Kommunisten holten, habe ich geschwiegen; ich war ja kein Kommunist. <\/em><br \/>\n<em>Als sie die Sozialdemokraten einsperrten, habe ich geschwiegen; ich war ja kein Sozialdemokrat. <\/em><br \/>\n<em>Als sie die Gewerkschafter holten, habe ich geschwiegen, ich war ja kein Gewerkschafter. <\/em><br \/>\n<em>Als sie mich holten, gab es keinen mehr, der protestieren konnte.\u201c<\/em><br \/>\n.<br \/>\n<strong>Konkreter wird der Sachverhalt, wenn man sich mit den Novemberpogromen 1938 besch\u00e4ftigt<\/strong><br \/>\nEine Sammlung von Briefen von Augenzeugen aus diesen Tagen l\u00e4sst nicht den Schluss zu, dass der \u00fcberwiegende Teil der Deutschen die \u00dcbergriffe und Ausschreitungen bef\u00fcrwortet hat. In kaum einem Bericht wird von einer zustimmenden Haltung der Bev\u00f6lkerung gesprochen. Im Gegenteil. Viele Briefe zeugen von der Emp\u00f6rung und Ablehnung, die die meisten gegen\u00fcber den Pogromen empfinden. Der Gro\u00dfteil der Bev\u00f6lkerung ist innerlich entsetzt \u00fcber die Taten, schweigt aber, so wird es immer wieder geschildert. Selbst Parteimitglieder sind entr\u00fcstet \u00fcber die brutalen Ausschreitungen.<br \/>\nBerufliche Abh\u00e4ngigkeiten sorgen aber daf\u00fcr, dass alle Einw\u00e4nde nur im Stillen ge\u00e4u\u00dfert werden. Eine Kleinstadt boykottiert einen ans\u00e4ssigen B\u00e4cker, da sich der Sohn des Besitzers beim Pogrom besonders hervorgetan hatte. Regierungsbaurat Kurt Krimmel aus Oberschlesien verabschiedet sich kurz vor seiner Ausreise aus Deutschland von seinen Kollegen, die ihm entgegnen: \u201eWir sind traurig und sch\u00e4men uns, dass wir Deutsche sind. Wir beneiden Sie, dass Sie hier rauskommen.\u201c Gustav Lask, dem in der Pogromnacht in Kiel von zwei jungen SS-Leuten in den R\u00fccken geschossen wurde, erh\u00e4lt nach seiner Entlassung aus dem Krankenhaus von vielen Menschen Zuspruch. Blumen und anonyme Sympathiebekundungen flattern in sein Haus. Am 10. November um 11 Uhr wird ein Verfasser eines Briefes von einer Mannschaft aus SS und SA abgef\u00fchrt. Der Trupp, mit etwa 35 Gefangenen, wird durch die Stadt getrieben.<br \/>\nPassanten gr\u00fc\u00dfen die Verhafteten freundlich. Von Volkszorn, so der Autor, habe er nichts gesp\u00fcrt. Einige Juden kommen in diesen Tagen bei ihnen teilweise Unbekannten unter. Villenbesitzer, Pensionsinhaberinnen und Kaufleute verstecken viele, die so einer Verhaftung entgehen. Am 17. November erscheint in der holl\u00e4ndischen Tageszeitung \u201eHet Volk\u201c ein offener Brief von 25 Deutschen, die in den Niederlanden wohnen. Sie dr\u00fccken darin ihre tiefe Abscheu \u00fcber die Pogrome aus und versichern, dass die Mehrzahl der Deutschen nicht dahinterstehe. Gleichzeitig nennen sie ihre Namen nicht \u2013 die Angst vor Repressalien f\u00fcr sie, oder ihre Angeh\u00f6rigen in Deutschland, ist zu gro\u00df.<\/p>\n<p><strong>Die Zustimmung aus der Bev\u00f6lkerung ist passiver Natur<\/strong><br \/>\nZustimmung wird vor allem von offizieller, beh\u00f6rdlicher Stelle beschrieben. In einer Kirche in M\u00fcnchen predigt ein Pfarrer, dass die Pogrome Gottes Wille seien. Ein Brief, der vor 1936 verfasst worden sein muss, berichtet von systematischer Dem\u00fctigung und Ausgrenzung j\u00fcdischer Kinder in der Schule. F\u00fcr schlechtes Benehmen m\u00fcssen \u201earische\u201c Sch\u00fcler neben dem Juden der Klasse sitzen. In einem Elterngespr\u00e4ch legt ein Lehrer einem Vater nahe, sein Kind freiwillig von der Schule zu nehmen, da er sonst pers\u00f6nlich daf\u00fcr sorgen w\u00fcrde, dass sein Kind jeden Tag weinend von der Schule nach Hause k\u00e4me. Ein Rektor einer M\u00e4dchenschule in N\u00fcrnberg tut sich besonders hervor. Im Sommer 1936 verlassen die letzten j\u00fcdischen M\u00e4dchen seine Einrichtung. Vor der versammelten Schule hatte er sie vortreten lassen und angeprangert, dass sie \u2013 als Vertreter der minderwertigen Rasse \u2013 immer noch da seien.<br \/>\nDie beiden Kinder waren tr\u00e4nen\u00fcberstr\u00f6mt nach Hause gekommen. Die Zustimmung, die von der Bev\u00f6lkerung ausgeht, ist passiver Natur. Eine Briefeschreiberin aus Breslau fasst zusammen: \u201eBessere Leute sch\u00e4men sich, kleine Leute gleichg\u00fcltig, keine Seele kocht.\u201c In einem weiteren Brief erg\u00e4nzt sie: \u201eSie werden durch geschickte Propaganda stark beeinflusst und glauben das, was sie schwarz auf wei\u00df zu lesen bekommen.\u201c Vor einem gro\u00dfen Eckladen beobachtet ein Holl\u00e4nder in Berlin, wie die Schaulustigen erst mit \u201estummem Schrecken\u201c davorstehen und nach einer gewissen Zeit dann doch das verw\u00fcstete Gesch\u00e4ft pl\u00fcndern.<br \/>\nNein, wir leben nicht in einem totalit\u00e4ren Terrorregime. Bei uns gibt es keine Konzentrationslager. Niemand wird wegen seiner Abstammung oder seiner politischen Einstellung verhaftet. Niemand muss, vor schier endloser Verzweiflung dar\u00fcber, dass man gezwungen ist, zuzusehen wie der eigene, \u00fcber 70-j\u00e4hrige Vater von KZ-Aufsehern totgeschlagen wird, in den elektrischen Lagerzaun rennen, um dort vom Tod erl\u00f6st zu werden. Bei uns wird nicht auf offener Stra\u00dfe \u2013 unter Billigung und Beteiligung der Staatsgewalt, wie im November 1938 aus Ostfriesland berichtet \u2013 ein 19-J\u00e4hriger verpr\u00fcgelt, ins Wasser geworfen und, nachdem er sich wider Erwarten ans Ufer retten kann, bewusstlos geschlagen und zur\u00fcck ins Wasser geworfen, wo er ertrinkt. Kein Arzt, wie jener, von dem in einem Brief aus Mergentheim zu lesen ist, wird heute verhaftet, weil er einen schwer misshandelten Rabbiner versorgen m\u00f6chte. Bei uns wird niemand am Grenz\u00fcbertritt gehindert \u2013 egal in welche Richtung \u2013 und niemand darf nicht studieren, weil seine Eltern als politisch unzuverl\u00e4ssig gelten. Wir achten nicht auf ein Knacken in der Telefonleitung, und bei privaten Gespr\u00e4chen riskieren wir lediglich Freundschaften, wenn wir offen unsere Meinung sagen. Doch bestand die DDR auch 12 Jahre ohne Mauer.<\/p>\n<p><strong>Nur in der Diskussion kann man voneinander lernen<\/strong><br \/>\nDie westlichen Demokratien basieren auf dem Prinzip der offenen Gesellschaft, die der <em><strong>Philosoph Karl Popper<\/strong><\/em> beschreibt. <em><strong>Im Zentrum unserer Freiheit steht der Diskurs<\/strong><\/em>. \u00c4hnlich einem Forscher, der Thesen aufstellt, die sich der Kritik und Pr\u00fcfung der Forschergemeinschaft unterziehen m\u00fcssen, sollte auch unsere Gesellschaft Politik als Trial and Error sehen. Das Sch\u00f6ne an der <a title=\"Demokratie\" href=\"https:\/\/www.freiburg-schwarzwald.de\/blog\/engagement\/zukunft\/demokratie\/\">Demokratie<\/a> ist der Fakt, dass ein Umsturz, also das Abw\u00e4hlen einer politischen Theorie, unblutig durch Stimmabgabe erfolgt.<strong><em> Die Falsifikation der politischen Ideen, die zur Wahl gestellt werden, darf dabei nicht durch <a title=\"Ideologie\" href=\"https:\/\/www.freiburg-schwarzwald.de\/blog\/engagement\/zukunft\/ideologie\/\">Dogmen<\/a> oder Interessengruppen behindert werden.<\/em> <\/strong>Die Institutionen eines <a title=\"Rechtsstaat\" href=\"https:\/\/www.freiburg-schwarzwald.de\/blog\/selbsthilfe\/soziales\/justiz\/rechtsstaat\/\">Rechtsstaates<\/a> sollen diese Konzentration von Macht beschr\u00e4nken und gew\u00e4hrleisten, dass eine freie kontroverse Diskussion innerhalb der Gesellschaft fortlaufend stattfinden kann.<br \/>\n<a title=\"Hochschulen \u2013 Meinungsfreiheit\" href=\"https:\/\/www.freiburg-schwarzwald.de\/blog\/hochschulen-meinungsfreiheit\/\">Poppers<\/a> Ansatz basiert dabei auf einer einfachen Lebenseinstellung: dem <em><strong>kritischen Rationalismu<\/strong><\/em>s. \u00c4hnlich dem klassischen Liberalismus betont er die Fehlbarkeit des Menschen. Nur in der <a title=\"Diskussionskultur\" href=\"https:\/\/www.freiburg-schwarzwald.de\/blog\/kultur\/medien\/diskussionskultur\/\">Diskussion<\/a> kann man voneinander lernen, Fehler in der eigenen Argumentation erkennen (da sind wir wieder bei den Naturwissenschaften) und der Wahrheit ein St\u00fcck n\u00e4her kommen. Denn in der offenen Gesellschaft geht es jedem ehrlich nur um die objektive Wahrheit. Sogar Franziska Keller (alias Ska Keller, Anm. d. Red.) aus Guben w\u00fcrde wohl unterschreiben, dass unsere offene, westliche, demokratische Welt auf den Werten der <a title=\"Aufklaerung\" href=\"https:\/\/www.freiburg-schwarzwald.de\/blog\/kultur\/aufklaerung\/\">Aufkl\u00e4rung<\/a> beruht. Sapere aude setzt die freie Meinungsbildung ins Zentrum. Sich frei eine <a title=\"Meinungsfreiheit\" href=\"https:\/\/www.freiburg-schwarzwald.de\/blog\/kultur\/medien\/meinungsfreiheit\/\">eigene Meinung<\/a> zu bilden, ist ein Wert an sich. Nur eine Gesellschaft, die dazu in der Lage ist, Meinungen zu respektieren, die sie f\u00fcr absolut falsch h\u00e4lt, ist eine <a title=\"Gesellschaft\" href=\"https:\/\/www.freiburg-schwarzwald.de\/blog\/global\/deutschland\/gesellschaft\/\">freie Gesellschaft<\/a>.<br \/>\nDies bedeutet jedoch nicht Beliebigkeit und Pazifismus bis zur Selbstaufgabe. Der Fakt, dass wir uns stets irren k\u00f6nnen, befreit uns nicht von Entscheidungen und entl\u00e4sst uns nicht aus der Verantwortung. Durch Wahlen kann mal jene politische Str\u00f6mung, mal die andere in die Regierung gesp\u00fclt werden. <em><strong>Nur weil eine Meinung die Zustimmung der Mehrheit bekommen hat, hei\u00dft es nicht, dass sie richtig ist. Deshalb bleibt auch stets der Weg der Bek\u00e4mpfung mit demokratischen Mitteln: Diskurs, <a title=\"Bassam Tibi: Kritik gleich Phobie\" href=\"https:\/\/www.freiburg-schwarzwald.de\/blog\/bassam-tibi-kritik-gleich-phobie\/\">Kritik<\/a>, Hinterfragen der eigenen Position, Achtung der demokratischen Institutionen.<\/strong><\/em><\/p>\n<p><strong>Gandhi w\u00e4re an den Deutschen verzweifelt<\/strong><br \/>\nWas aber, wenn dies die politischen und medialen Eliten der aktuellen Mehrheitsmeinung nicht so sehen? Weder scheinen sie sich ihrer eigenen Fehlbarkeit bewusst noch sind sie auf der Suche nach der Wahrheit. Sie haben sie l\u00e4ngst gefunden. <em><strong>Die Gr\u00fcnen Khmer kann es nur in Deutschland geben<\/strong><\/em>. Wenn sich dieses Volk im Recht f\u00fchlt, geht es \u00fcber Leichen. In einem Beitrag vor einiger Zeit bin ich darauf eingegangen, warum das so sein k\u00f6nnte. Die Konsequenz daraus f\u00fcr den Einzelnen lie\u00df ich damals au\u00dfen vor. Popper wird in diesem Zusammenhang sehr deutlich und w\u00e4hlt erschreckende Worte:<br \/>\n<em>\u201eIntoleranz ist gewaltsam zu unterdr\u00fccken, <\/em><br \/>\n<em>wenn ihre Anh\u00e4nger eine rationale Diskussion ablehnen.\u201c<br \/>\n<\/em>\u00a0.<br \/>\n<em><strong>Eine gesellschaftliche Diskussion, die unterschiedliche Meinungen abbilden, aushalten und wertsch\u00e4tzen kann, gibt es in Deutschland nicht. Ein <a title=\"Diskussionskultur\" href=\"https:\/\/www.freiburg-schwarzwald.de\/blog\/kultur\/medien\/diskussionskultur\/\">Diskurs<\/a> findet nicht statt. Punkt.<\/strong><\/em> Unsere offene Gesellschaft, die sich die Deutschen \u2013 zumindest im Westen \u2013 selbst nie erk\u00e4mpft haben, zerbr\u00f6selt vor unseren Augen. Unsere Institutionen versagen. <strong><em>Ist jetzt der von Popper geforderte Widerstand geboten?<\/em><\/strong> Kann ich behaupten, ich sei ein Anh\u00e4nger der Freiheit und des klassischen Liberalismus und finanziere dennoch widerstandslos die <a title=\"Maa\u00dfen zur Meinungsdiktatur\" href=\"https:\/\/www.freiburg-schwarzwald.de\/blog\/maassen-zur-meinungsdiktatur\/\">Meinungshegemonen<\/a> ARD und ZDF j\u00e4hrlich mit 210 Euro? Der Philosoph ist kein Prophet. Die Absolution erteilt weder er noch sonst jemand. Wir alle sind mit der Last der Verantwortung f\u00fcr die Freiheit unserer Entscheidung geboren.<br \/>\nGandhi zettelte mit seinem Salzmarsch eine Kettenreaktion von zivilem Ungehorsam an. Die indische Bev\u00f6lkerung gewann, seinem Beispiel folgend, ihr Salz selbst und brach damit das Salzgesetz der Kolonialmacht Gro\u00dfbritannien. Die Inder hatten die Schnauze voll, j\u00e4hrlich \u00fcber 6 Millionen britische Pfund Salzsteuer an die Besatzer abzuf\u00fchren. 8 Milliarden Euro zahlen die Haushalte in Deutschland j\u00e4hrlich an die <a title=\"GEZ-Medien\" href=\"https:\/\/www.freiburg-schwarzwald.de\/blog\/kultur\/medien\/gez-medien\/\">\u00d6ffentlich-Rechtlichen<\/a>. Widerstand ist zwecklos? Gandhi w\u00e4re an den Deutschen verzweifelt. Und auch ich tue nichts. Ich schreibe nur ein paar Zeilen, damit ich nicht platze.<br \/>\n.<br \/>\nNein, dieser Text <a title=\"Deutschland\" href=\"https:\/\/www.freiburg-schwarzwald.de\/blog\/global\/deutschland\/\">\u00e4ndert nichts<\/a>. Es ist alles gesagt \u2013 mittlerweile von jedem. Nat\u00fcrlich steht mir frei, eine Partei zu gr\u00fcnden und mit demokratischen Mitteln an der eingefahrenen Meinung zu r\u00fctteln. Jeder kann dazu aufrufen, die A3 zu Ferienbeginn zu blockieren, um gegen die Einseitigkeit von ARD und ZDF zu demonstrieren. \u201eEin Zeichen setzen\u201c ist nicht nur ein abgedroschener Kampfbegriff derer, die sich nie mit Freiheit besch\u00e4ftigt haben. Einige haben in den letzten Jahren versucht, ihren Unmut gegen den <a title=\"Mainstream\" href=\"https:\/\/www.freiburg-schwarzwald.de\/blog\/kultur\/medien\/mainstream\/\">politischen Mainstream<\/a> auszudr\u00fccken und haben zu dem einen (Parteigr\u00fcndung) oder dem anderen Mittel (Demonstration) gegriffen. Doch auch das \u00e4nderte nichts. Ein herrschaftsfreier Diskurs, der sich den jeweiligen Argumenten und Positionen unvoreingenommen gen\u00e4hert h\u00e4tte, fand nie statt.<br \/>\nDie Vertreter der Hauptmeinung nutzten diese Wortmeldungen nie zum kritischen und bescheidenen Hinterfragen der eigenen \u00dcberzeugung. W\u00fcrden wir morgen fr\u00fch die A3 blockieren, w\u00e4ren wir morgen Abend die n\u00e4chste \u201erechte Fratze\u201c in den Tagesthemen. Das <a title=\"Framing-Manual der ARD\" href=\"https:\/\/www.freiburg-schwarzwald.de\/blog\/framing-manual-der-ard\/\">Framing<\/a> der abweichenden Meinung, vor allem durch die bis an die Z\u00e4hne finanzierten \u00d6ffentlich-Rechtlichen, rei\u00dft das Fundament unserer offenen Gesellschaft ein und gef\u00e4hrdet die Freiheit. Wer heute noch f\u00fcr die <a title=\"AfD\" href=\"https:\/\/www.freiburg-schwarzwald.de\/blog\/vereine\/partei\/afd\/\">AfD <\/a>arbeitet, ist im besten Fall ein hoffnungsloser Idealist, und im schlechtesten Fall hat er, in seinem falsch gekn\u00f6pften, mit Fettflecken \u00fcbers\u00e4ten Hemd, eh nichts mehr zu verlieren. Eine abweichende Meinung zerst\u00f6rt Karrieren und gef\u00e4hrdet die eigene Sicherheit. Da fl\u00fcchtet man sich lieber in sein privates Biedermeier. Ich wei\u00df, wovon ich rede. Ich bin da schon l\u00e4ngst angekommen.<br \/>\n.<br \/>\nNein, wir leben nicht in einem totalit\u00e4ren Staat, und dennoch stehen gerade wir dabei und schauen zu, wie die Reschkes und die Hayalis, die Rackete-Anh\u00e4nger und die B\u00f6hmermanns, wie die Merkels und Leyendeckers, wie unsere medialen und politischen <a title=\"Eliten\" href=\"https:\/\/www.freiburg-schwarzwald.de\/blog\/engagement\/zukunft\/demokratie\/eliten\/\">Eliten<\/a> die Schaufenster unserer Freiheit zerschmettern.<br \/>\n(1) Wenn die schweigende Mehrheit im November 1938 sich getraut h\u00e4tte, laut zu widersprechen \u2013 alle h\u00e4tte das Regime nicht wegsperren k\u00f6nnen.<br \/>\n(2) Die Briten verhafteten, im Rahmen des Salzmarsches, 60.000 Inder und verloren den Kampf gegen <a title=\"Indien\" href=\"https:\/\/www.freiburg-schwarzwald.de\/blog\/global\/indien\/\">Gandhis Unabh\u00e4ngigkeitsbewegung<\/a> gerade deswegen.<br \/>\n(3) Wenn Sie also, erleichtert durch den frischen Wind der abweichenden Meinung hier auf Achgut.com, meinen \u201eDas wird schon\u201c, dann denken Sie an all das zersplitterte Glas, das l\u00e4ngst auf der Stra\u00dfe liegt und \u00fcber das Sie und ich jeden Tag mit stummem Schrecken hinweglaufen.<br \/>\n.<br \/>\n&#8230; Alles vom 6.7.2019 von Lisa Marie Kaus bitte lesen auf<br \/>\n<a href=\"https:\/\/www.achgut.com\/artikel\/wir_schweigenden_laemmer\">https:\/\/www.achgut.com\/artikel\/wir_schweigenden_laemmer<br \/>\n<\/a>\u00a0.<br \/>\n<i>\u00a0.<\/i><\/p>\n<p><strong>Innere Emigration &#8211; oder Auswanderung<\/strong><br \/>\nZustimmung! Auch ich lebe l\u00e4ngst im \u201cprivaten Biedermeier\u201d. Frank Thiess pr\u00e4gte dazu den Begriff \u201cInnere Emigration\u201d der in etwa das selbe beschreibt. Geistig schon seit Jahren, zunehmend aber auch in realer Planung, sitze ich auf gepackten Koffern. Dieses Land ist nicht mehr mein Land. Meine Heimat ist irgendwann\u00b4verschieden. Sanft im selbgerechten Schlaf aus dem Leben geglitten. Widerspruch ist sinnlos geworden. Klar, in meinem (zunehmend kleiner werdenden) Bekanntenkreis herrscht oftmals noch Wut \u00fcber die Zust\u00e4nde, die Politik und die Medien die unisono den selben bleiernen Sermon absondern. Meist aber \u00fcberwiegt die Resignation. Hin und Wieder ein kurzer aufflackern von stillem Aufbegehren. Manchmal der Wunsch, der Teufel .. oder ein langanhaltender Total-Blackout &#8230; m\u00f6ge dieses verdammte Land heimsuchen. Auf das die ganze Bande den Preis f\u00fcr ihr uns\u00e4gliches Lemmingdasein bezahlt.<br \/>\nAber dann denke ich an meine Familie. Dann fange ich wieder an Dinge wegzuwerfen. Dinge von denen ich glaube das ich sie nicht werde mitnehmen k\u00f6nenn. Viel wird es eh nicht sein. Vorallem wird es nicht viele sein, an das ich errinnert werden m\u00f6chte. Die meisten Deutschen, seien es die 1848\/49er-Revolution\u00e4re, die Fl\u00fcchtenden der drei\u00dfiger Jahre, Die welche aus der DDR verschwanden, oder all die anderen Millionen die diesen Land den R\u00fccken kehrten, sie gingen nicht mit lauten Fl\u00fcchen und dem zuschlagen von T\u00fcren hinter sich. Sie gingen still und mit gesenktem Haupt. Kopfsch\u00fcttelnd vielleicht, aber niemals in dem sie hinter sich das Haus anz\u00fcndeten. Sie verschwanden. Sie verschwinden immer noch. Dieses Land hat ihnen nie auch nur eine Tr\u00e4ne hinterher geweint. Es wird auch mir keine Tr\u00e4ne hinterher weinen. Und das macht mir das Gehen irgendwie leicht.<br \/>\n2l7l2019, A.M., AO<br \/>\n.<br \/>\n<strong>Bundestag: Nur 299 von 709 direkt gew\u00e4hlt &#8211; deshalb Pfr\u00fcnde<\/strong><br \/>\nDas Merkelsystem hat durchaus totalitaristische Z\u00fcge. Immerhin 87% Mehrheit im <a title=\"Bundestag\" href=\"https:\/\/www.freiburg-schwarzwald.de\/blog\/engagement\/zukunft\/demokratie\/bundestag\/\">Bundestag<\/a>, jedenfalls bei den wichtigsten Fragen (Open Borders und Bankenrettung). Die 709 Abgeordneten des gr\u00f6\u00dften Bundestages aller Zeiten werden auch nicht f\u00fcr Merkels Abl\u00f6sung stimmen, es sind n\u00e4mlich nur 299 Abgeordnete direkt gew\u00e4hlt, 410 sind \u00fcber Parteilisten drin, sie verdanken ihre millionenschweren Pfr\u00fcnde also direkt dem <a title=\"Merkelismus\" href=\"https:\/\/www.freiburg-schwarzwald.de\/blog\/engagement\/zukunft\/demokratie\/merkelismus\/\">Merkelsystem<\/a>. Der gr\u00f6\u00dfte BT aller Zeiten ist gleichzeitig der schw\u00e4chste.<br \/>\nDas jetzige System ist viel n\u00e4her mit der DDR verwandt als mit der Bundesrepublik der 80er Jahre (Schmidt\/Kohl).<br \/>\n2.7.2019, J.P.N., AO<br \/>\n.<br \/>\n<strong>Es gibt ein \u201cWestfernsehen\u201d!<\/strong><br \/>\nEs hei\u00dft Achsedesgutentichyseinblickdushanwegnerj\u00fcrgenfritzblogphilosophiaperennisjungefreiheit, ein bisschen BILD, dann noch manche Schweizer Zeitungen\u2026Man muss sie nur halt mal konsultieren! Gut, Sie erreichen nicht die Vollverbohrten, das mag sein. Doch der treuen Leser sind viele, und sie versuchen sich an Aufkl\u00e4rung. Immerhin.<br \/>\n2.7.209, M.R.<\/p>\n<p><strong>Ich halte nicht mehr viel von diesem Land und von diesem Volk<br \/>\n<\/strong>\u00a0Vor allem diese guten Qualit\u00e4ts-Mitl\u00e4ufer haben es mir angetan. Trotzdem gibt es einige Punkte festzuhalten:<br \/>\n1.) Anfang der 1990iger Jahre gab es schon einmal eine Asylwelle. Damals gab es keine \u201cWillkommenskultur\u201d. Und damals wurde diese Welle durch eine Gesetzes\u00e4nderung bald aufgehalten. Heute ist es komplett anders.<br \/>\n2.) Auch andere L\u00e4nder im Westen sind betroffen: In GB ist die Islamisierung schon weiter fortgeschritten als in Deutschland. In Schweden ist die Einschr\u00e4nkung der Meinungsfreiheit schon weiter fortgeschritten als in Deutschland. in Frankreich ist die k\u00f6rperliche Bedrohungslage schon weiter fortgeschritten als in Deutschland. Es ist eine Entwicklung in vielen L\u00e4ndern Westeuropas.<br \/>\n6.7.219, M.L.<\/p>\n<p>.<br \/>\n<strong>Was tun &#8211; gegen die einseitige Indoktrination der \u00d6ffentlich-Rechtlichen?<\/strong><br \/>\nAngesichts der Situation, wie von Lisa Marie Kaus geschildert, geht der Appell an die Fairness ins Leer. Also m\u00fcssen wir uns anders wehren. Aber es gibt ein Problem. Die \u00d6R sind Teil des Apparats. Wer aber den Apparat hat, hat die Macht. Auf Grund seiner inh\u00e4renten Gewalt kann er ohne gr\u00f6\u00dfere Extra-Energie seine Kontrahenten erm\u00fcden und schlie\u00dflich \u00fcberw\u00e4ltigen &#8211; genau so, wie ein Seestern eine Muschel umklammert h\u00e4lt und schlie\u00dflich \u00f6ffnet, wenn die Muskeln der Muschel erm\u00fcden und dem Zug des Seesterns keinen Widerstand mehr entgegensetzen k\u00f6nnen. Aber: Gegen den kreativen Widerstand vieler ist der Apparat schlie\u00dflich machtlos, dann gerade seine Tr\u00e4gheit verhindert eine flexible Antwort. Hier mein Vorschlag: 1) die Abbuchungserlaubnis der \u00d6R k\u00fcndigen 2) mahnen lassen 3) flexibel nachzahlen, und zwar immer wieder. Wenn sich Zehntausende beteiligen, wird die Wirkung nicht ausbleiben.<br \/>\n6.7.2019, W.M., AO<br \/>\n.<br \/>\n<strong>Der Zug ist abgefahren<\/strong><br \/>\nIch ( geb. 1960 ) war nie ein \u201d schweigendes Lamm \u201c. &#8211; Aber aus meinen 30j\u00e4hrigen Debatten \u00fcber die einzig wahre Religion wei\u00df ich, da\u00df den Leuten ein Problem von gro\u00dfer Tragweite solange am Arsch vorbeigeht, bis sie selbst unausweichlich betroffen sind. Und die allermeisten W\u00e4hler der einzig wahren Partei sind nicht anders. Sie haben ganz treudoof und brav gelebt mit der SPD und der CDU ,in ihren modrigen Pullis. Es hat \u2018ne halbe Ewigkeit gedauert, bis die endlich und ZU SP\u00c4T aufgewacht sind. So wird es auch jetzt werden : die Fakten, denen man hinterherrennen mu\u00df, wurden sp\u00e4testens Ende der 90er geschaffen durch Schr\u00f6der \/Fischer und jetzt wird \u00fcber das Missmanagement geheult. Der Zug ist abgefahren : Alternde B\u00fcrger machen keine Revolution von unten. Die Brut, die folgt , ist zu doof f\u00fcr sowas und auf jeden Rentner oder Pension\u00e4r, der die Schnauze voll hat, kommen vier oder f\u00fcnf, die ganz gut klarkommen. Man kann rumzappeln, aber da m\u00fcssen jetzt alle durch. Bis das Geld alle ist oder die einzig wahre Religion endg\u00fcltig den Ton angibt. \u00dcberragende Arbeit, Frau Kaus !<br \/>\n6.7.2019, T.T.<br \/>\n.<br \/>\n<strong>Eine gespaltene Gesellschaft l\u00e4sst sich viel leichter man\u00f6vrieren<\/strong><br \/>\nEs geht nur um Spaltung. Jeder gegen jeden und Gott, Allah und Konsorten gegen Alle.. Eine gespaltene Gesellschaft l\u00e4sst sich viel leichter \u201cman\u00f6vrieren\u201d. Eine starke Mitte bedroht die Taschenspielertricks von denen, die es ja gar nicht gibt, nennen wir sie mal \u201cDeep State\u201d. Oder meint noch irgend jemand, den gibt es nur in den USA? Eine homogene Gesellschaft kann sich jederzeit auch aus den R\u00e4ndern wieder zur Mitte bewegen aka zusammenschlie\u00dfen und #wirsindmehr Oben in den Allerwertesten treten. Das fraktalisierte Multikulti der Parallelgesellschaften hat nicht nur die zwei mittlerweile ziemlich k\u00fcnstlichen Konfliktebenen Links\/rechts sondern eins, zwei, drei, ganz viele, In diesen Gewaltgesellschaften, wo jeder Furz t\u00e4glich neu ausgehandelt wird, also das Faustrecht entscheidet, wird sich nie mehr ein echter Widerstand formieren k\u00f6nnen. Eher haut man sich gegenseitig den Sch\u00e4del ein. Schon geschickt eingef\u00e4delt von denen, die es nicht gibt, doch die Natur findet einen Weg. Da bin ich mir sicher. Wer allerdings meint, wir w\u00e4ren auf dem Weg in die Diktatur oder dass in Deutschland ein rechtsradikaler Umsturz quasi kurz bevorsteht, der hat den Schuss nicht geh\u00f6rt und schon gar nicht Mohammeds weise Worte, wie man mit Ungl\u00e4ubigen (aka Untermenschen) zu verfahren habe. Untermensch ist nat\u00fcrlich voll Nazi, aber f\u00fcr die Religion des Friedens gelten ja eigene Gesetze.<br \/>\n6.7.2019, V.K.<br \/>\n.<br \/>\n<strong>Schweigen &#8211; einfach wegsehen<\/strong><br \/>\nIch m\u00f6chte ausdr\u00fccklich die zweifellos bedenklichen Entwicklung unserer Gesellschaft nicht mit der im Dritten Reich vergleichen. Bez\u00fcglich der \u201cschweigenden Mehrheit\u201d, die in Umfragen ein Sprachverbot beklagt, bin ich inzwischen nicht mehr sicher, wie sehr sie Dinge ausserhalb ihres direkten Lebensumfeldes wirklich interessieren, wenn noch genug im Geldbeutel ist. Unvergesslich das bittere Fazit des britischen Historikers und Hitler-Biografen Ian Kershaw zur grossen Schuldfrage, wie hier der Holocaust m\u00f6glich wurde:<br \/>\n<em>\u201cEine Minderheit war daf\u00fcr.<\/em><br \/>\n<em> Eine noch kleinere Minderheit war dagegen. <\/em><br \/>\n<em>Die grosse Mehrheit der deutschen Bev\u00f6lkerung hat einfach weggesehen.\u201d<\/em><br \/>\n6.7.2019, M.H.<br \/>\n.<br \/>\n<strong>AfD als Alternative<\/strong><br \/>\nFrau Knaus, es gibt eine L\u00f6sung. Ich weiss, das ist abgedroschen aber wir haben im Gegensatz zu 1938 eine Demokratie in Deutschland. Alle die hier auf Achgut klagen m\u00fcssen glasklar einsehen, dass es nur die AfD gibt, die bei der Sache nicht mitmacht. Es ist eben auch typisch deutsch zu jammern und sich dann doch wieder von der AfD zu distanzieren, als ob das Haar in der Suppe wichtiger ist als die Suppe. Solange man nicht einmal den Mut hat in aller Stille ein Kreuz an einer bestimmten Stelle zu machen, weil das vielleicht doch auch ein paar Leuten dienen k\u00f6nnte, die vielleicht doch ein wenig stark rechts sind, und man daher dann doch vielleicht lieber wie bisher w\u00e4hlt, wenn man also die XYZ w\u00e4hlt, also dem Rat der Blockparteien folgt, nun, solange geht es eben weiter.wie bisher. Wer sich mit der Geschichte besch\u00e4ftigt, st\u00f6sst in Deutschland auf den 20.Juli 1944, das Attentat von Stauffenberg und Mitstreiter. Dieses einzigartige Auflehnen erfolgte selbst bei diesen tapferen Deutschen erst nach unendlichen, qu\u00e4lenden Diskussion und Bedenken, ob die T\u00f6tung eines Adolf Hitler nach 11 Jahren Schreckensherrschaft und vier Jahren Kriegsschrecken denn zu rechtfertigen sei. F\u00fcr mich bringt das den Sachverhalt auf den Punkt. Die AfD ist keine Nazi-Partei. Sie vertritt, was die CDU in ihrem Parteiprogramm von 2002 vertrat. Punkt. Alles andere sind Petitessen, die zur Verunglimpfung der Partei dienen sollen. Mein Gott, keine Partei hat nur lupenreine Mitglieder. Wer die AfD w\u00e4hlt, geht ein kleines Risiko ein, dass die falschen an die Macht kommen. Wer sie nicht w\u00e4hlt geht ein grosses Risiko ein, dass die falschen an der Macht bleiben. PS: Ich bin nicht AfD Mitglied, da ich in der Schweiz lebe, w\u00e4re es aber, lebte ich in Deutschland.<br \/>\n6.7.2019, A.K.<br \/>\n.<br \/>\n<strong>&#8230; es fehlt der Hirte<\/strong><br \/>\nSie beschreiben in einem wunderbaren Artikel die Situation in diesem Land und haben vollkommen Recht mit der gew\u00e4hlten \u00dcberschrift \u201cWir schweigenden L\u00e4mmer\u201d, die das ganze Dilemma zum Ausdruck bringt. Nur wie sollen die L\u00e4mmer mit ihren begrenzten M\u00f6glichkeiten reagieren, wenn die W\u00f6lfe und Aasgeier sie umkreisen. Sie verharren auf der Stelle und ihr Bl\u00f6ken dr\u00fcckt die ganze Hoffnungslosigkeit aus. Wenn man in diesem Land miterlebt, wie es seit vielen Jahren schon zugrunde gerichtet wird und das mit zunehmender Geschwindigkeit, dann hilft es auch nichts, wenn das Innere sich nach au\u00dfen kehrt vor Hilflosigkeit.<br \/>\nAuch Wahlen, wie die neueste Geschichte in Europa oder Ostdeutschland zeigt, kann man zuk\u00fcnftig vergessen. Das war der letzte Hoffnungsschimmer des einfachen B\u00fcrger, ein Gl\u00fchl\u00e4mpchen der Hoffnung, das von den Eliten zertreten wird. Sind wir besser dran als die T\u00fcrken mit ihren Erdogan, dessen Regime an die schlimmste Zeit der j\u00fcngsten deutschen Geschichte erinnert. Die Frage die sich stellt und zu der eine Antwort fehlt ist die, was k\u00f6nnen die L\u00e4mmer tun, um such aus Ihrer hoffnungslosen Situation zu befreien. Es fehlt der Hirte, es fehlt die Wegbeschreibung f\u00fcr den Ausweg, es fehlt das Eingreifen der H\u00fctehunde, die W\u00f6lfe vertreiben k\u00f6nnen. Die wurden von den Eliten inzwischen eingeschl\u00e4fert, sonst h\u00e4tte es gar nicht soweit kommen d\u00fcrfen. Welche Mittel haben die L\u00e4mmer? Was kann ein einfacher B\u00fcrger in unserer Zeit dazu beitragen, dass das Disaster ein Ende nimmt? Die L\u00e4mmer dr\u00fccken ihre Hilflosigkeit mit Bl\u00f6ken aus, der einfache B\u00fcrger steckt den Kopf in den Sand, weil ihn sonst die Hoffnungslosigkeit krank macht. Hilfeschreie gab es schon genug, wenn man z.B. an die Aussageen des Handballers Kretschmar zur\u00fcckdenkt. Was wir brauchen sind Hirten, sind Autorit\u00e4ten, sind Wegbereiter, sind Hoffnungstr\u00e4ger oder ein Wunder<br \/>\n6.7.2019, E.F., AO<br \/>\n.<br \/>\n<strong>Der Zugang zu den \u201egro\u00dfen\u201c Medien bleibt\u00a0den alternativen Medien verwehrt<\/strong><br \/>\nDer Block (oder soll man sagen, das Kartell?) der etablierten Parteien hat einen Rahmen abgesteckt, innerhalb dessen man sich frei bewegen darf. Geistig frei bewegen darf. \u00dcbertritt man die geistige Grenze, die dieser Rahmen vorgibt, befindet man sich im ungesch\u00fctzten Niemandsland. Man wird gewisserma\u00dfen vogelfrei. Man k\u00f6nnte auch sagen, zum Abschluss freigegeben. Denn man wird nicht einmal mehr als Demokrat betrachtet, sondern wird quasi zu einem verfassungsfeindlichen Outlaw. F\u00fcr diesen Outlaw sollen nicht die gleichen Rechte gelten, wie f\u00fcr diejenigen, die sich innerhalb des Rahmens aufhalten. So meinen zumindest bestimmte Vertreter der etablierten Parteien. Innerhalb des Rahmens : Demokrat. Au\u00dferhalb des Rahmens : Demokratiefeind. Dass diese Einstellung dem Wesen einer Demokratie widerspricht, haben wir schon ausgiebig besprochen. Also, die etablierten Parteien sagen : Wer uns nicht w\u00e4hlt, ist gegen die Demokratie. Er verliert die Wertsch\u00e4tzung, den Schutz der Gemeinschaft. Er hat es verschissen. Er ist raus. Rein k\u00f6nnte er allenfalls als Zeitzeuge gegen die AfD und bekennender, reuiger, sich zum Kartell bekennender, S\u00fcnder. Er darf dann auf Vergebung hoffen. Wir finden also eine Situation vor, die mit demokratischen Werten, mit Meinungsfreiheit immer weniger in Einklang zu bringen ist. Was aber bleibt uns \u00fcbrig, als das Benennen dessen, was wir mit Sorge beobachten?<br \/>\n<em><strong>Der Zugang zu den \u201egro\u00dfen\u201c Medien bleibt uns verwehrt.<\/strong> <\/em>Demonstrationen w\u00fcrden vom Kartell propagandistisch genutzt werden. Sie w\u00fcrden schon die \u201egeeigneten\u201c Gesichter herausfischen, um uns in ein abschleckendes Licht zu r\u00fccken. Man w\u00fcrde uns bei \u201eden Rechten\u201c einzureihen wissen, w\u00fcrde uns ver\u00e4chtlich zu machen verstehen. Uns als widerw\u00e4rtiges Beispiel zur Schau stellen. Noch mehr des geistig zerbrochenen Kristalls w\u00fcrde auf den B\u00fcrgersteigen einen h\u00e4sslichen Klang hinterlassen. Und die Mehrheit w\u00fcrde indifferent schweigen. Und die Medien w\u00fcrden Beifall klatschen. Das \u201eKartell\u201c w\u00e4re wohl zufrieden.<br \/>\nNachtrag: Und doch, Frau Kaus. In Ihrer scheinbaren Verzweiflung erkenne ich einen Aufforderung. In Ihrer Resignation ein Nein. Das Nein des lebendigen Menschen. Eines K\u00e4mpfers. Das Nein desjenigen, der sagt : Jetzt erst recht. Ich stehe ein f\u00fcr meine Werte. Ich glaube an die Wahrheit. Ich f\u00fcge mich nicht der Unwahrheit. Ich verschmelze nicht mit der L\u00fcge. Ich verteidige meine Meinung, auch wenn ich dieses mit Ausgrenzung zu bezahlen habe. Auch wenn ich dieses mit \u00c4chtung meiner Person zu bezahlen habe. Denn dieser Preis ist gering. Welchen Preis hatten diejenigen zu zahlen, die sich nicht am Pl\u00fcndern der j\u00fcdischen Gesch\u00e4fte beteiligten, die, die ihre Menschlichkeit nicht f\u00fcr 2 Mark f\u00fcnfzig verkauften, die, die eine heimgesuchte j\u00fcdische Familie bei sich versteckten, sie vor den Schergen und Mitl\u00e4ufern des Ungeistes, der Gewalt, der Unfreiheit, bargen und ihnen versuchten, wenn auch nur f\u00fcr eine Nacht, beizustehen. Mut gibt es nicht zu kaufen, noch liegt er auf der Stra\u00dfe herum, man erarbeitet ihn sich. Zun\u00e4chst in kleinem Rahmen, in einer Diskussion mit Freunden, mithilfe eines Leserbriefes, den man an eine Zeitung schickt, oder indem man tats\u00e4chlich eine Demo aufsucht und sich den Beschimpfungen und dem Bespucktwerden seitens derer stellt, die meinen, auf der richtigen Seite zu stehen.<br \/>\n6.7.2019, W.A.<br \/>\n.<br \/>\n<strong>Ihr Pessimismus ist leider Realismus.<\/strong><br \/>\nEs gibt offenbar (im Westen) keine \u201eschweigende Mehrheit\u201c, sondern nur die Mehrheit der \u00fcber Jahrzehnte von Politik und Medien systematisch verdummten und gehirngewaschenen Deutschen. Der von mir verehrte Sir Karl Popper w\u00fcrde heute in einer \u201ekritischen Betrachtung\u201c von z.B. der SZ, der Zeit oder des Spiegels wohl als Rechtspopulist oder gar Nazi geschm\u00e4ht; nicht nur wegen seiner Ausf\u00fchrungen zur Demokratie, sondern ganz besonders wegen seiner Auffassungen in der Wissenschaftstheorie, die Wissenschaftlichkeit am Prinzip der Falsifizierbarkeit festmacht &#8211; und die Dogmatik der Klimasektierer als unwissenschaftliche Ersatzreligion entlarvte. Die Betrachtung allein auf Deutsche zu verengen wird dem Problem des zunehmenden \u201eLinks- und \u00d6kofaschismus\u201c auf der Welt nicht gerecht. Ein Blick auf die USA und die dortigen Hochschulen macht deutlich, wohin die Reise geht: Wer sich als Verantwortungsethiker outet und der links-gr\u00fcnen Gesinnungsethik widerspricht, wird im wahrsten Sinne zerst\u00f6rt. Beruflich, materiell und gesellschaftlich &#8211; inklusive Sippenhaft, wie der Umgang mit dem renommierten Juraprofessor zeigte, der sich \u201eerdreiste\u201c, ausgerechnet Weinstein verteidigen zu wollen. Es mag sein, dass Deutsche noch etwas leichter manipulierbar sind, aber in den westlichen Gesellschaften\/L\u00e4ndern verh\u00e4lt es sich nicht viel anders. Der Hinweis auf die Strippenzieher im Hintergrund ist m\u00fc\u00dfig. Ich denke, hier wissen alle Leser, wer gemeint ist.<br \/>\n6.7.2019, G.B. AO<br \/>\n.<br \/>\nJa, wir schweigen in der \u00d6ffentlichkeit! Das ist aber kein deutsches Alleinstellungsmerkmal, kein rein deutsches Ph\u00e4nomen. Wir sind auch nicht das Volk der Richter und Henker. Man braucht heute keine KZs, keine SA und keine SS mehr. Die Mittel das aufm\u00fcpfige Volk zu disziplinieren sind andere. Alexander Meschnig ver\u00f6ffentlichte am 11.01.19 hier bei Achgut seinen Artikel \u201eDer deutsche Herbst 2015\u201c. Dort schrieb er: \u201eIn seinem ber\u00fchmten, 1840 erschienenen Hauptwerk \u201c\u00dcber die Demokratie in Amerika\u201d beschreibt Alexis de Tocqueville die innere Logik des Ausgeschlossenwerdens in einer freien Welt:<br \/>\n<em>\u201eDer Machthaber sagt hier nicht mehr: \u201aDu denkst wie ich, oder du stirbst\u2018, er sagt: \u201aDu hast die Freiheit, nicht zu denken wie ich; Leben, Verm\u00f6gen und alles bleibt dir erhalten: aber von dem Tage an bist du ein Fremder unter uns. (&#8230;) Du wirst weiter bei den Menschen wohnen, aber deine Rechte auf menschlichen Umgang verlieren.\u2019\u201c<\/em><br \/>\nUnsere Medien, die Gerichte und Staatsanwaltschaften, die Exekutive vom Bundespr\u00e4sidenten bis hinunter zum Ortsvorsteher, Gewerkschaften, Kirchen und sogar die Industrie sind willige Helfer dabei. Und wenn es dennoch jemand wagt, zu <a title=\"Opposition\" href=\"https:\/\/www.freiburg-schwarzwald.de\/blog\/engagement\/zukunft\/demokratie\/opposition\/\">opponieren<\/a>, dann haut ihn die Antifa weg. Das ist das Deutschland heute. Wie soll denn der Widerstand ablaufen? Heute w\u00e4re selbst Gandhi erfolglos.<br \/>\n6.7.2019, W.H.<br \/>\n.<br \/>\n<strong>&#8230; in London ja, in D undenkbar<\/strong><br \/>\nVor vier Wochen war ich in London und sah eine Art Podiumsdiskussion mit Talkrunden-Format, in der es um das alles beherrschende Thema ging. Eine Dame aus dem Publikum erkl\u00e4rte: \u201cIch habe gegen den Brexit gestimmt, &#8211; jetzt stimme ich daf\u00fcr, weil ich es unertr\u00e4glich finde, wie ein demokratisch zustande gekommenes Ergebnis einfach nicht akzeptiert wird, weil es einer Mehrheit in Politik und Medien nicht pa\u00dft!\u201d Und siehe da &#8211; was bei uns st\u00fcrmische Proteste seitens der \u201cGuten und Gerechten\u201d ausgel\u00f6st h\u00e4tte, stie\u00df hier auf teils Beifall und teils betretenes Schweigen. Der ganze Vorgang, &#8211; im heutigen Deutschland undenkbar\u2026<br \/>\n6.7.2019, B.M. AO<br \/>\n.<br \/>\n<strong>Das klingt sehr resignierend, ist es vielleicht auch<br \/>\n<\/strong>Auch ich habe das Gef\u00fchl, es gibt nichts mehr zu sagen. Es ist bereits alles gesagt, und das nicht nur einmal. \u00c4ndern wird sich eh nichts. Das Gegenteil ist der Fall, siehe \u00dcberschallflug der Gr\u00fcnInnen. Andererseits habe ich immer noch Schwierigkeiten, die heutige Zeit mit dem 3. Reich zu vergleichen. Jedoch, wenn man sich \u00fcberlegt, wie real gef\u00e4hrlich ein AfD-Mensch lebt, wenn er sich dazu outet, dann wird einem doch angst und bange. Und dieser medial st\u00e4ndige, undifferentierte Bezug zur AfD, die f\u00fcr den Tod des Regierungspr\u00e4sidenten mit verantwortlich sein soll (sicherlich war auch die AfD schuld, als die NSU w\u00fctete\u2026), l\u00e4sst man sich auch zwangsl\u00e4ufig an die damalige Zeit erinnern, nach dem Motto: Wer hat Schuld? Die Juden haben Schuld! Was mich am meisten verst\u00f6rt ist jedoch die nicht mehr leugbare Tatsache der tendenti\u00f6sen, zumindest nicht neutralen Berichterstattung, wenn es um muslimische Verbrechen geht. Da hei\u00dft es pl\u00f6tzlich \u201cEinzelfall\u201d, und es habe nat\u00fcrlich nix mit einer Ideologie zu tun. Wie viele Einzelf\u00e4lle, wo Deutschen im eigenen Land durch eine bestimmte Menschengruppe umgebracht wurden,, gibt\u2019s schon?<br \/>\n6.7.2019, K.N.<br \/>\n.<br \/>\nGenauso ist es, wie Sie es beschreiben. Eins haben Sie vergessen zu erw\u00e4hnen: Zu den Gr\u00fcnen Khmer (perfekte Formulierung!) kommen noch die deutschen, oft konvertierten Islamisten-Apologeten hinzu, die uns zwingen wollen, ihre Religion und damit auch den \u201cVorrang der Scharia vor den staatlichen Gesetzen\u201d als friedlichste Form der religi\u00f6sen Aus\u00fcbung eines Islam zu verstehen und uns letztlich damit f\u00fcr dumm verkaufen. Eine mittelalterliche, anti-aufkl\u00e4rerische Religion Hand in Hand mit Linken, Gr\u00fcnen, CDU\/SPD, Evangelischen und Katholischen, das ist die herrschende Meinung in Deutschland 2019. Ich frage mich oft: Haben die Linken, Gr\u00fcnen, CDU\/SPD-Islam-Apologeten jemals die historisch belegten Phasen einer jeden Revolution verinnerlicht? Zuerst wird von allen Kr\u00e4ften gemeinsam die aktuelle Herrschaft \u00fcberwunden, dann folgt die Konter-Revolution durch eine dominierende neue Ideologie (vgl. den Prozess der iranischen Revolution 1978\/1979). Die dominierende neue Ideologie k\u00f6nnte in Deutschland durchaus die Islamisten-Gruppe werden, ausgeschlossen ist das nicht.<br \/>\n6.7.2019, S.N.<br \/>\n.<br \/>\n<strong>Ungehorsam gesinnungs-justiziabel?<\/strong><br \/>\nDa direkte Aufrufe zu Ungehorsam wahrscheinlich mittlerweile schon gesinungs-justizabel sind, was w\u00e4re wenn, die freien Medien, mal dar\u00fcber nachd\u00e4chten mit Gedankenspielen einen inszenierten Massenstreik zu beschreiben. Also bspw. Was w\u00fcrde passieren, wenn am bspw. 1.10.19 allle GEZ-Zahler zeitgleich die Zahlung einstellen w\u00fcrde? Was w\u00e4re wenn sich 3 Millionen gleichzeitig entschliessen keine GEZ mehr zu zahlen, welche M\u00f6glichkeiten h\u00e4tte dann der Eintreiber? Was w\u00fcrde passieren? Gro\u00dfes Gebell, 100 Schauprozesse und dann? Wenn sich diese 3 Millionen weiterhin standhaft weigern, das Gesparte in einen Solidarit\u00e4tstopf geben um die Schuprozess-Opfer zu unterst\u00fctzen, was w\u00e4re dann? Die Gerichte w\u00fcrden unter der Lawine an Prozessen komplett zusmannenbrechen, also justiziabel w\u00e4re das Problem nicht zu l\u00f6sen. Totzuschweigen w\u00e4re das Problem auch nicht. Wahrscheinlich w\u00fcrden sich sukzessive immer ehr Nicht-Zahler anschliessen. Was dann? Ein solches Szeneraio, nat\u00fcrlich rein hypothetisch;-) , es w\u00e4re ein intereressanter nat\u00fcrlich rein utopischer Artikel, stellen Sie vor liebr Leser am 1.10.19 beschleissen 3 Millionen GEZ Zahler plo\u00f6tzlich nicht mehr zu zahelne, was w\u00e4re dann?<br \/>\n6.7.2019, M.ST, AO<br \/>\n.<br \/>\n<strong>Nazi verbieten<\/strong><br \/>\nDie Etikettierung NAZI geh\u00f6rt unter Strafe gestellt. Sie soll jeden Kritiker mundtot machen und vom demokratischen Diskurs ausschliessen. So stirbt die Freiheit in kleinen Schritten und JEDER hat es gewusst!<br \/>\n6.7.2019, M.B.<\/p>\n<p>&nbsp;<\/p>\n","protected":false},"excerpt":{"rendered":"<p>Home\u00a0&gt;Engagement\u00a0&gt;Zukunft\u00a0&gt;Demokratie\u00a0&gt;Global\u00a0&gt;Deutschland\u00a0&gt;Schweigen &nbsp; Listenauswahl eines Beitrags: Bitte\u00a0anklicken\u00a0oder runterscrollen Hamburger U-Bahn-Mord: Preis des Schweigens\u00a0(6.2.2026) Desinformation: Falsch oder nix\u00a0(28.10.2025) Kirk Nachrufe: Diskussion Gebet\u00a0(14.9.2025) Rassismus: Floyd \u2013 Iryna \u2013 Liana\u00a0(9.9.2025) Merz MUSSTE Waffenembargo f\u00fcr Israel sagen \u2013 gem\u00e4\u00df Schweigespirale (11.8.2025) Dener: Gew\u00f6hnung ist der &hellip; <a href=\"https:\/\/www.freiburg-schwarzwald.de\/blog\/global\/deutschland\/schweigen\/\">Weiterlesen <span class=\"meta-nav\">&rarr;<\/span><\/a><\/p>\n","protected":false},"author":2,"featured_media":0,"parent":62490,"menu_order":0,"comment_status":"open","ping_status":"closed","template":"","meta":{"footnotes":""},"class_list":["post-73658","page","type-page","status-publish","hentry"],"_links":{"self":[{"href":"https:\/\/www.freiburg-schwarzwald.de\/blog\/wp-json\/wp\/v2\/pages\/73658","targetHints":{"allow":["GET"]}}],"collection":[{"href":"https:\/\/www.freiburg-schwarzwald.de\/blog\/wp-json\/wp\/v2\/pages"}],"about":[{"href":"https:\/\/www.freiburg-schwarzwald.de\/blog\/wp-json\/wp\/v2\/types\/page"}],"author":[{"embeddable":true,"href":"https:\/\/www.freiburg-schwarzwald.de\/blog\/wp-json\/wp\/v2\/users\/2"}],"replies":[{"embeddable":true,"href":"https:\/\/www.freiburg-schwarzwald.de\/blog\/wp-json\/wp\/v2\/comments?post=73658"}],"version-history":[{"count":6,"href":"https:\/\/www.freiburg-schwarzwald.de\/blog\/wp-json\/wp\/v2\/pages\/73658\/revisions"}],"predecessor-version":[{"id":145603,"href":"https:\/\/www.freiburg-schwarzwald.de\/blog\/wp-json\/wp\/v2\/pages\/73658\/revisions\/145603"}],"up":[{"embeddable":true,"href":"https:\/\/www.freiburg-schwarzwald.de\/blog\/wp-json\/wp\/v2\/pages\/62490"}],"wp:attachment":[{"href":"https:\/\/www.freiburg-schwarzwald.de\/blog\/wp-json\/wp\/v2\/media?parent=73658"}],"curies":[{"name":"wp","href":"https:\/\/api.w.org\/{rel}","templated":true}]}}