{"id":73508,"date":"2019-07-01T21:58:26","date_gmt":"2019-07-01T19:58:26","guid":{"rendered":"https:\/\/www.freiburg-schwarzwald.de\/blog\/?page_id=73508"},"modified":"2023-10-05T19:53:18","modified_gmt":"2023-10-05T17:53:18","slug":"seenotrettung","status":"publish","type":"page","link":"https:\/\/www.freiburg-schwarzwald.de\/blog\/global\/deutschland\/seenotrettung\/","title":{"rendered":"Seenotrettung"},"content":{"rendered":"<p><a href=\"https:\/\/www.freiburg-schwarzwald.de\/blog\">Home<\/a>\u00a0&gt;\u00a0<a title=\"Global\" href=\"https:\/\/www.freiburg-schwarzwald.de\/blog\/global\/\">Globa<\/a>l\u00a0&gt;<a title=\"EU\" href=\"https:\/\/www.freiburg-schwarzwald.de\/blog\/global\/eu\/\">EU<\/a>\u00a0&gt;<a title=\"Migration\" href=\"https:\/\/www.freiburg-schwarzwald.de\/blog\/global\/migration\/\">Migration<\/a>\u00a0&gt;<a title=\"Mittelmeer\" href=\"https:\/\/www.freiburg-schwarzwald.de\/blog\/global\/mittelmeer\/\">Mittelmeer<\/a> &gt;<a title=\"Deutschland-kaputt\" href=\"https:\/\/www.freiburg-schwarzwald.de\/blog\/global\/deutschland\/deutschland-kaputt\/\">Deutschland<\/a> &gt;Seenotrettung<\/p>\n<div id=\"attachment_72227\" style=\"width: 650px\" class=\"wp-caption alignnone\"><a href=\"https:\/\/www.freiburg-schwarzwald.de\/blog\/global\/italien\/moneglia\/moneglia-pan201904\/\" rel=\"attachment wp-att-72227\"><img loading=\"lazy\" decoding=\"async\" aria-describedby=\"caption-attachment-72227\" class=\"size-full wp-image-72227\" src=\"https:\/\/www.freiburg-schwarzwald.de\/blog\/wp-content\/uploads\/2012\/05\/moneglia-pan201904.jpg\" alt=\"Moneglia mit Camping Smeraldo (links) und Lemegio (rechts oben) an der ligurischen K\u00fcste am 29.4.2019\" width=\"640\" height=\"213\" srcset=\"https:\/\/www.freiburg-schwarzwald.de\/blog\/wp-content\/uploads\/2012\/05\/moneglia-pan201904.jpg 640w, https:\/\/www.freiburg-schwarzwald.de\/blog\/wp-content\/uploads\/2012\/05\/moneglia-pan201904-180x59.jpg 180w\" sizes=\"auto, (max-width: 640px) 100vw, 640px\" \/><\/a><p id=\"caption-attachment-72227\" class=\"wp-caption-text\">Moneglia mit Camping Smeraldo (links) und Lemegio (rechts oben) an der ligurischen K\u00fcste am 29.4.2019<\/p><\/div>\n<ul>\n<li><a href=\"https:\/\/www.freiburg-schwarzwald.de\/blog\/eu-migrationspakt-unwirksam\/\">EU-Migrationspakt unwirksam<\/a>\u00a0(5.10.2023)<\/li>\n<li>Elon Musk zur illegalen Migration: Was wirklich hinter der \u201eSeenotrettung\u201c steckt! (2.10.2023)<\/li>\n<li><a href=\"https:\/\/www.freiburg-schwarzwald.de\/blog\/lampedusa-gesundheitssystem\/\">Lampedusa \u2013 Gesundheitssystem<\/a>\u00a0(30.9.2023)<\/li>\n<li><a href=\"https:\/\/www.freiburg-schwarzwald.de\/blog\/maassen-cdu-und-werteunion\/\">Maa\u00dfen: CDU und Werteunion<\/a>\u00a0(16.2.2023)<\/li>\n<li><a title=\"Weltrettung\" href=\"https:\/\/www.freiburg-schwarzwald.de\/blog\/global\/deutschland\/weltrettung\/\">Deutschland \u2013 Noch kurz die Welt retten<\/a>\u00a0(24.7.2020)<\/li>\n<li>PR-Agenturen f\u00fcr Zuwanderung:\u00a0Akademisch zertifiziert &#8211; Der Gro\u00dfe Austausch als Chance (24.7.2020)<\/li>\n<li><a title=\"Schleuser\" href=\"https:\/\/www.freiburg-schwarzwald.de\/blog\/global\/eu\/schleuser\/\">Seenotrettung \u2013 Wie die ev. Kirche unter die Reeder kommt<\/a>\u00a0(19.12.2019)<\/li>\n<li><a title=\"Evangelisch\" href=\"https:\/\/www.freiburg-schwarzwald.de\/blog\/religion\/evangelisch\/\">Seenotrettung: Offener Brief an die Evangelische Kirche in Deutschland (EKD)<\/a> (18.12.2019)<\/li>\n<li><a title=\"Martinsgans und Laternengans\" href=\"https:\/\/www.freiburg-schwarzwald.de\/blog\/martinsgans-und-laternengans\/\">Martinsgans und Laternengans<\/a>\u00a0(14.11.2019)<\/li>\n<li>Kirche sollte die Geretteten auch betreuen (21.9.2019)<\/li>\n<li><a href=\"https:\/\/www.freiburg-schwarzwald.de\/blog\/ekd-kirchenschiff-schlepper\/\">https:\/\/www.freiburg-schwarzwald.de\/blog\/ekd-kirchenschiff-schlepper\/<\/a>\u00a0(26.7.2019)<\/li>\n<li>Seenotrettung: Beim Kult um Carola Rackete offenbart sich ein gef\u00e4hrlicher neudeutscher Gr\u00f6\u00dfenwahn (11.7.2019)<\/li>\n<li><a title=\"Moral2015\" href=\"https:\/\/www.freiburg-schwarzwald.de\/blog\/global\/deutschland\/moral2015\/\">Deutsches Moralherrenmenschentum: Irrwitz der \u201eSeenotrettung\u201c<\/a> (8.7.2019)<\/li>\n<li>Doppelmoral der Deutschen gegen\u00fcber Italien (2.7.2019)<\/li>\n<li>Der h\u00e4ssliche Deutsche ist wieder da &#8211; in Italien mit Carola Rackete und Sea-Watch (2.7.2019)<\/li>\n<li>Schicken wir ein Schiff &#8211; Protestanten-Gesinnungsethik zu Seawatch (1.7.2019)<\/li>\n<li><a title=\"Schuld\" href=\"https:\/\/www.freiburg-schwarzwald.de\/blog\/engagement\/zukunft\/schuld\/\">Gutmenschen \/ Wohlf\u00fchlmitmenschen \u2013 Schuld gegen S\u00fchne tauschen<\/a> (1.7.2019)<\/li>\n<li>Seenotrettung: Gr\u00fcndeutscher Zeitgeist im Krieg mit Italien (1.7.2019)<\/li>\n<\/ul>\n<ul>\n<li><a title=\"Abschiebung\" href=\"https:\/\/www.freiburg-schwarzwald.de\/blog\/global\/integration\/abschiebung\/\">Abschiebung<\/a><\/li>\n<li><a title=\"Armutszuwanderung\" href=\"https:\/\/www.freiburg-schwarzwald.de\/blog\/global\/integration\/armutszuwanderung\/\">Armutszuwanderung<\/a><\/li>\n<li><a title=\"Asyl\" href=\"https:\/\/www.freiburg-schwarzwald.de\/blog\/global\/integration\/asyl\/\">Asyl<\/a><\/li>\n<li><a title=\"Budapest-Dublin2015\" href=\"https:\/\/www.freiburg-schwarzwald.de\/blog\/global\/eu\/budapest-dublin2015\/\">Budapest-Dublin2015<\/a><\/li>\n<li><a title=\"EU-Migration\" href=\"https:\/\/www.freiburg-schwarzwald.de\/blog\/global\/eu\/eu-migration\/\">EU-Migration<\/a><\/li>\n<li><a title=\"Familiennachzug\" href=\"https:\/\/www.freiburg-schwarzwald.de\/blog\/global\/migration\/familiennachzug\/\">Familiennachzug<\/a><\/li>\n<li><a title=\"Fluechtlinge-Islam\" href=\"https:\/\/www.freiburg-schwarzwald.de\/blog\/global\/integration\/fluechtlinge-islam\/\">Fluechtlinge-Islam<\/a><\/li>\n<li><a title=\"Fluechtlingshelfer\" href=\"https:\/\/www.freiburg-schwarzwald.de\/blog\/global\/integration\/fluechtlingshelfer\/\">Fluechtlingshelfer<\/a><\/li>\n<li><a title=\"Global-Migration\" href=\"https:\/\/www.freiburg-schwarzwald.de\/blog\/global\/globalisierung\/global-migration\/\">Globaler Pakt zur Migration<\/a><\/li>\n<li><a title=\"Grenzen\" href=\"https:\/\/www.freiburg-schwarzwald.de\/blog\/global\/eu\/grenzen\/\">Grenzen<\/a><\/li>\n<li><a title=\"Groessenwahn\" href=\"https:\/\/www.freiburg-schwarzwald.de\/blog\/engagement\/zukunft\/groessenwahn\/\">Gr\u00f6\u00dfenwahn<\/a><\/li>\n<li><a title=\"Italien\" href=\"https:\/\/www.freiburg-schwarzwald.de\/blog\/global\/italien\/\">Italien<\/a><\/li>\n<li><a title=\"Italienroute\" href=\"https:\/\/www.freiburg-schwarzwald.de\/blog\/global\/migration\/italienroute\/\">Italienroute<\/a><\/li>\n<li><a title=\"Migration-Internet\" href=\"https:\/\/www.freiburg-schwarzwald.de\/blog\/global\/migration\/migration-internet\/\">Migration-Internet<\/a><\/li>\n<li><a title=\"Migration-Flugzeug\" href=\"https:\/\/www.freiburg-schwarzwald.de\/blog\/global\/migration\/migration-flugzeug\/\">Migration-Flugzeug<\/a><\/li>\n<li><a title=\"Migration-Paradoxon\" href=\"https:\/\/www.freiburg-schwarzwald.de\/blog\/global\/migration\/migration-paradoxon\/\">Migration-Paradoxon<\/a><\/li>\n<li><a title=\"Moral2015\" href=\"https:\/\/www.freiburg-schwarzwald.de\/blog\/global\/deutschland\/moral2015\/\">Moral2015<\/a><\/li>\n<li><a title=\"Schleuser\" href=\"https:\/\/www.freiburg-schwarzwald.de\/blog\/global\/eu\/schleuser\/\">Schleuser<\/a><\/li>\n<li><a title=\"Schuld\" href=\"https:\/\/www.freiburg-schwarzwald.de\/blog\/engagement\/zukunft\/schuld\/\">Schuld<\/a><\/li>\n<li><a title=\"UMF\" href=\"https:\/\/www.freiburg-schwarzwald.de\/blog\/global\/integration\/umf\/\">UMF \u2013 Unbegleitete Minderj\u00e4hrige Fl\u00fcchtlinge<\/a><\/li>\n<li><a title=\"Weltrettung\" href=\"https:\/\/www.freiburg-schwarzwald.de\/blog\/global\/deutschland\/weltrettung\/\">Weltrettung<\/a><\/li>\n<li><a title=\"Willkommenskultur\" href=\"https:\/\/www.freiburg-schwarzwald.de\/blog\/global\/integration\/willkommenskultur\/\">Willkommenskultur<\/a><\/li>\n<li><a title=\"Wir-schaffen-das\" href=\"https:\/\/www.freiburg-schwarzwald.de\/blog\/global\/migration\/wir-schaffen-das\/\">Wir schaffen das<\/a><\/li>\n<li><a title=\"Youth-Bulges\" href=\"https:\/\/www.freiburg-schwarzwald.de\/blog\/engagement\/zukunft\/krieg\/youth-bulges\/\">Youth Bulges \u2013 Jugendliche Gewalt<\/a><\/li>\n<li><a title=\"Zuwanderer\" href=\"https:\/\/www.freiburg-schwarzwald.de\/blog\/global\/migration\/zuwanderer\/\">Zuwanderer<\/a><\/li>\n<\/ul>\n<p>&nbsp;<\/p>\n<p><strong>Elon Musk zur illegalen Migration: Was wirklich hinter der \u201eSeenotrettung\u201c steckt!<\/strong><br \/>\n\u201eDas ist nichts anderes als regierungsamtliche Schleuserei, organisiert aus Habecks Wirtschaftsministerium.\u201c &#8211; Handelt die deutsche Regierung wirklich im Sinne seines Volkes? Elon Musk, das Genie unserer Zeit, legt den Finger auf die Wunde: Er hinterfragt die deutsche Einreisepolitik und stellt die Bundesregierung blo\u00df! Warum sieht ein Vision\u00e4r wie <a href=\"https:\/\/www.freiburg-schwarzwald.de\/blog\/twitter-zensurfrei-elon-musk\/\">Musk<\/a> klare Missst\u00e4nde, die viele \u00fcbersehen? Wir blicken hinter die Kulissen der Schlepper, NGOs und die dazugeh\u00f6rigen Verstrickungen der Bundesregierung, und die deutsche Regierung am Scheideweg: Wann kommt der Wechsel in der Einreisepolitik?<br \/>\n&#8230; Alles vom 2.10.2023 bitte lesen auf<br \/>\n<a href=\"https:\/\/www.nius.de\/episodes\/illegale-migration-was-wirklich-hinter-der-seenotrettung-steckt\/a1c95640-beff-4cb2-a9f6-a43bc9785d7a\">https:\/\/www.nius.de\/episodes\/illegale-migration-was-wirklich-hinter-der-seenotrettung-steckt\/a1c95640-beff-4cb2-a9f6-a43bc9785d7a<\/a><\/p>\n<p>&nbsp;<\/p>\n<p><strong>PR-Agenturen f\u00fcr Zuwanderung:\u00a0Akademisch zertifiziert &#8211; Der Gro\u00dfe Austausch als Chance<\/strong><br \/>\nAnfang Juli, nach einem Br\u00fcsseler Treffen mit Kollegen, frohlockte Bundesinnenminister Horst Seehofer (CSU) in glasklarer Orwell-Diktion: die \u201eEU-Asylreform\u201c werde gelingen. Reform meint dabei nicht w\u00f6rtlich eine Verbesserung des Bestehenden im Sinne einer Eind\u00e4mmung der Masseneinwanderung nach Europa, sondern deren ungebremsten Fortgang. Nur mit neuem Verteilungsschl\u00fcssel, da sich jetzt angeblich auch die Osteurop\u00e4er an der \u201eSeenotrettung beteiligen wollen\u201c.<br \/>\nUm hierzulande diese \u201eReform\u201c mit Wissenschaftslametta zu schm\u00fccken, stehen dem obersten deutschen \u201eSeenotretter\u201c Heerscharen von \u201eMigrationsforschern\u201c zu Diensten. Die derzeit allerdings, infolge zunehmender, freilich allein in den Medien der Gegen\u00f6ffentlichkeit stattfindender Kritik um ihren wissenschaftlichen Nimbus bangen m\u00fcssen. \u201eEin\u00e4ugigkeit\u201c wirft ihnen der Hamburger Neurologe Wolfgang Meins vor, weil ihre mit Millionen Steuergeldern finanzierten \u201eForschungen\u201c ausschlie\u00dflich dem linksradikalen <a title=\"Transformation\" href=\"https:\/\/www.freiburg-schwarzwald.de\/blog\/natur\/klima\/transformation\/\">No-Border-Dogma<\/a> huldigten und \u201eKollateralsch\u00e4den\u201c wie die psychischen N\u00f6te, in die viele Einheimische wegen der ihnen aufgezwungenen ethnisch-kulturellen Ver\u00e4nderungen ihrer Lebenswelt gerieten, konsequent ignorieren w\u00fcrden (Achse des Guten vom 7. Juli).<br \/>\n.<br \/>\nSelbst das Regierungsblatt FAZ fragt sch\u00fcchtern: <strong><em>\u201eIst das Deutsche Zentrum f\u00fcr Integrations- und Migrationsforschung mehr als eine PR-Agentur f\u00fcr Zuwanderung?\u201c<\/em><\/strong> Worauf die Professorin Naika Foroutan, eine Berliner Vertreterin dieser Form politisch erw\u00fcnschter Agitation, dem Blatt das Rhetorische der Frage so exklusiv wie unbewu\u00dft best\u00e4tigt: sie wolle Migration nur positiv als \u201eChance\u201c, nie als \u201eGefahr\u201c darstellen (FAZ vom 8. Juli 2020).<br \/>\n&#8230; Alles vom 24.7.2020 bitte lesen auf JF, 31\/20, Seite 15<\/p>\n<p>.<\/p>\n<p>&nbsp;<\/p>\n<p><strong>Kirche sollte die Geretteten auch betreuen<\/strong><br \/>\nEs gibt doch keinen Zweifel, dass Seenotrettung vor der libyschen K\u00fcste das Gesch\u00e4ft der Schleuser erleichtert. Je weniger Seenotrettung, umso schwerer haben es Schleuser, die verzweifelten Migranten auf v\u00f6llig unt\u00fcchtige Schlauchboote zu zw\u00e4ngen. Je weniger Schlauchboote, umso weniger Ertrunkene.<br \/>\nDenkt die Kirche weiter als bis zur Seenotrettung? Die gr\u00f6\u00dferen Probleme beginnen doch erst danach in den Aufnahmel\u00e4ndern: fremde Sprache, kein Job, keine Familie, keine Ausbildung, sp\u00e4ter auch keine ausreichende Rente. Betreut die Kirche anschlie\u00dfend die von ihr Geretteten? Oder macht das, wie zu erwarten, die Allgemeinheit?<br \/>\nDer Tod im Mittelmeer kann doch nicht durch mehr Seenotrettungsschiffe gel\u00f6st werden, sondern zum Beispiel durch Aufnahmezentren in Libyen. Ein solches sollte die Kirche finanzieren und betreuen. Vor allem aber muss sie die Finanzierung und Betreuung der von ihr Geretteten \u00fcbernehmen. Dann wird aus dem ersten Schritt ein Weg zu einem guten Ende und nicht nur eine plakative Aktion.<br \/>\nDer barmherzige Samariter lie\u00df den Schwerverletzten, der unter die R\u00e4uber gefallen war, nicht liegen, sondern transportierte ihn auf seinem Reittier zur Herberge, gab dem Wirt zwei Dinare und beauftragte ihn mit der weiteren Pflege, verbunden mit der Zusage der Wiederkehr und der Erstattung weiterer Kosten. Die evangelische Kirche sollte bitte das Gleichnis ganz lesen und nicht nur den Anfang.<br \/>\n21.9.2019, Franz Daschner, Freiburg, BZ<br \/>\n.<br \/>\nZu: &#8222;Evangelische Kirche will Schiff entsenden&#8220;, Beitrag von Annemarie R\u00f6sch und Agentur (Politik, 13. September)<br \/>\n<a href=\"https:\/\/www.badische-zeitung.de\/evangelische-kirche-will-schiff-zur-seenotrettung-entsenden--177209648.html\">https:\/\/www.badische-zeitung.de\/evangelische-kirche-will-schiff-zur-seenotrettung-entsenden&#8211;177209648.html<\/a><br \/>\n.<br \/>\nIn vielen afrikanischen L\u00e4ndern gibt es christliche Kirchen. Mit dem Geld f\u00fcr die Schiffe k\u00f6nnten sie unterst\u00fctzt werden, um die Menschen vor Ort dort zu halten und ihnen beim Aufbau einer Existenz zu helfen. Und sie sollten darauf einwirken, die M\u00e4rchen \u00fcber das &#8222;goldene Europa&#8220; endlich ad absurdum zu f\u00fchren, denn die meisten der Gefl\u00fcchteten werden auf irgendwelchen Tomatenplantagen der italienischen Mafia landen.<br \/>\n13.9.2019, D.F., BZO<br \/>\n.<br \/>\n<strong>Die geistige Hilflosigkeit der deutschen Eliten<\/strong><br \/>\nIm Juli 2015 befragte das Meinungsforschungsinstitut Allensbach 500 Spitzenkr\u00e4fte aus Wirtschaft, Politik und Verwaltung zum Fl\u00fcchtlingsproblem. 77 % meinten, dass das Problem der Fl\u00fcchtlingsstr\u00f6me aus Afrika in absehbarer Zeit nicht l\u00f6sbar sei und waren dagegen, \u00e4hnlich wie Australien Fl\u00fcchtlingsboote abzufangen und zur\u00fcckzuschicken. Das Umfrageergebnis zeigt das tragische Ausma\u00df der geistigen Hilflosigkeit im Umgang mit dem Thema auch unter den Eliten. Um die Verbesserung der Verh\u00e4ltnisse muss man sich selbstverst\u00e4ndlich bem\u00fchen. Aber das Schicksal Afrikas liegt nicht in unserer Hand. Es liegt in der Hand der dortigen V\u00f6lker und Eliten. Man muss auf Verbesserungen hoffen. Und falls sie nur langsam eintritt muss man das eigene Land vor den Folgen der dortigen ungel\u00f6sten Probleme sch\u00fctzen.<br \/>\nAn dieser Stelle fehlt es vielen und offenbar auch gro\u00dfen Teilen der deutschen Eliten am Gef\u00fchl f\u00fcr Proportionen und f\u00fcr die quantitativen Dimensionen dieses Problems. Selbst Fl\u00fcchtlingsstr\u00f6me aus Afrika, die das dortige demografische Problem allenfalls im niedrigen einstelligen Prozentbereich &#8211; also gar nicht f\u00fchlbar &#8211; entlasten, sind in ihrer Dimension schon gro\u00df genug, um die kulturelle Identit\u00e4t Europas grundlegend zu ver\u00e4ndern. Rein moralisch haben wir aber gegen\u00fcber jenen Menschen aus Afrika, die es bis an unsere Grenzen geschafft haben, keine andere Verpflichtung als gegen\u00fcber allen anderen 6 Milliarden Menschen auf der Erde, die nicht in den entwickelten L\u00e4ndern und zumeist nicht in einer Demokratie leben.<br \/>\nNach der UNO-Prognose nimmt die Bev\u00f6lkerungszahl in Afrika allein in den n\u00e4chsten 15 Jahren um 554 Millionen Menschen zu, also 36,9 Millionen pro Jahr. Wenn also nur<br \/>\n10-20 Prozent dieser Menschen ihr Heil in der Auswanderung sucht, dann sind das immer noch 3,6 &#8211; 7,2 Millionen j\u00e4hrlich. Unterstellen wir weiter, dass davon nur 90 Prozent nach Europa\/Deutschland wollen, dann sind das immer noch 3,24-6,48 Millionen\/Jahr. In nur 10 Jahren sind das also mindestens 32 Millionen Afrikaner. Angesichts der Beliebtheit und Willkommenskultur Deutschlands k\u00f6nnten die Zuwanderungszahlen aus Afrika damit die Geburtenrate (ca. 500-600-tausend\/Jahr) in Deutschland wesentlich \u00fcbersteigen. Das w\u00fcrde in wenigen Jahren die demografische Gewichtsverteilung in Deutschland auf den Kopf stellen und unsere Kultur grundlegend ver\u00e4ndern.<\/p>\n<p>Dies alles w\u00fcrde geschehen, ohne echte und unbekannte Not in Afrika zu verhindern. \u00dcberall in Afrika sinkt die Sterberate und steigt die Lebenserwartung. Die Auswanderung nach Europa w\u00fcrde ausschlie\u00dflich geschehen, weil viele afrikanische Staaten schlecht regiert sind. Es ist im Interesse gerade der schlecht regierten L\u00e4nder Afrikas, dass die besonders unzufriedenen und hoffentlich besonders aktiven Menschen im Lande bleiben und die Verh\u00e4ltnisse dort verbessern, anstatt zu fliehen. Solche Verbesserungen w\u00e4ren beispielsweise die Anhebung der Bildung bei den Frauen und die Aufkl\u00e4rung der Geburtenkontrolle. Ihre V\u00f6lker sind zu ungeduldig, um ihre Volkswirtschaften aus eigenen Kr\u00e4ften zu entwickeln. Im Interesse Europas ist das gewiss nicht. Die Europ\u00e4er haben alles moralische Recht, die Einwanderung aus Afrika nach ihren W\u00fcnschen zu steuern. Dazu m\u00fcssen sie allerdings dann \u00fcber die n\u00f6tigen Instrumente verf\u00fcgen.<br \/>\nBis 2050 wird sich die Einwohnerzahl in Afrika nach UN-Berechnungen auf 2,5-Milliarden verdoppeln. Derzeit leben fast 7,6 Milliarden Menschen auf der Erde; 2050 werden es voraussichtlich 9,8 Milliarden sein. Was l\u00e4ge da n\u00e4her, als mehr Familienplanung anzubieten? Zumal der Migrationsstrom von Afrika-Europa vor riesige Herausforderungen stellt. Zu einer verantwortungsvollen L\u00f6sung muss aber auch geh\u00f6ren, Kriegsfl\u00fcchtlinge in sicheren Lagern m\u00f6glichst nahe ihrer Heimat unterzubringen und die Unterhaltung dieser Lager \u00fcber die UN-Fl\u00fcchtlingsorganisation UNHCR zu unterst\u00fctzen. Mit den Kosten eines Fl\u00fcchtlings in Deutschland kann man in Jordanien 130 Menschen helfen.<br \/>\n13.9.2019, Klaus Dietz, BZO<\/p>\n<p>&nbsp;<\/p>\n<p>&nbsp;<\/p>\n<p>&nbsp;<\/p>\n<p><strong>Vom hohen Ro\u00df<\/strong><br \/>\n<strong>Seenotrettung: Beim Kult um Carola Rackete offenbart sich ein gef\u00e4hrlicher neudeutscher <a title=\"Groessenwahn\" href=\"https:\/\/www.freiburg-schwarzwald.de\/blog\/engagement\/zukunft\/groessenwahn\/\">Gr\u00f6\u00dfenwahn<\/a><\/strong><br \/>\nThorsten Hinz<br \/>\nDer Kult um die Sea-Watch-3-Kapit\u00e4nin Carola Rackete ist die Komplement\u00e4rveranstaltung zur Kampagne \u201egegen Rechts\u201c, die dem Mord am CDU-Mann Walter L\u00fcbcke folgte. Nachdem die patentierten Statthalter der Demokratie sich im schwei\u00dftreibenden Kampf gegen das B\u00f6se verausgabt haben, d\u00fcrfen sie in der Feier einer Ikone des Guten frische Kr\u00e4fte tanken.<br \/>\nTypischerweise bedenken sie nicht, da\u00df die Vorg\u00e4nge im Mittelmeer keine interne Angelegenheit sind; es handelt sich um ein Politikum auf internationaler Ebene. Was als \u201eSeenotrettung\u201c firmiert, stellt eine Beihilfe zum kriminellen Schleppertum dar. Nebenbei hat Frau Rackete die Souver\u00e4nit\u00e4t, die territoriale Hoheit und die Gesetze Italiens mi\u00dfachtet und die Besatzung eines Patrouillenbootes in Gefahr gebracht. Zur Lebensrettung h\u00e4tte es v\u00f6llig ausgereicht, die Bootsinsassen zum libyschen Ausgangshafen zur\u00fcckzubringen. Doch der Geisterfahrerin auf hoher See ging es um die politische Demonstration und den symbolischen Wiedergutmachungsakt: Als \u201ewei\u00dfe Deutsche, die in einem reichen Land mit dem richtigen Pa\u00df\u201c geboren worden sei, habe sie die moralische Verpflichtung, denjenigen zu helfen, die nicht die gleichen M\u00f6glichkeiten wie sie gehabt h\u00e4tten. Sie und ihre <a title=\"Gesinnungsethik\" href=\"https:\/\/www.freiburg-schwarzwald.de\/blog\/engagement\/zukunft\/demokratie\/gesinnungsethik\/\">Gesinnungsfreunde<\/a> wollen den Italienern und ganz Europa eine Einwanderungspolitik aufzwingen, die ihnen moralische Befriedigung verschafft. Ungefragt b\u00fcrden sie anderen die Konsequenzen ihrer pubert\u00e4ren Gewissenskonflikte auf.<\/p>\n<p>Wenn eine \u00fcberdrehte und selbstherrliche Individual-Moral die Beziehungen zwischen den L\u00e4ndern bestimmt, werden sie unberechenbar und ist das Chaos sicher. Daran verschwenden die Spitzen-Diskutanten und -Kommentatoren in Deutschland jedoch kein Wort. Vielmehr verleihen sie den Eigenm\u00e4chtigkeiten der Egomanin eine metapolitische, ach was, eine transzendentale Dimension. Hamburgs Erzbischof hat die 31j\u00e4hrige reflexhaft zur Beinahe-Heiligen in der Nachfolge Jesu Christi erhoben. Politiker, Journalisten und sogar Wirtschaftsvertreter nehmen den religi\u00f6s gestimmten Ton ungepr\u00fcft auf.<br \/>\nDer blasse Sachwalter im Schlo\u00df Bellevue und der Au\u00dfenminister haben der italienischen Justiz und Regierung umgehend klargemacht, wie die einzig m\u00f6gliche Entscheidung \u00fcber die arrestierte Rackete auszusehen habe. Verst\u00e4ndlicherweise hat das den italienischen Innenminister Matteo Salvini zu der Ansage veranla\u00dft, Steinmeier und Maas sollten sich gef\u00e4lligst um die Probleme im eigenen Land k\u00fcmmern. Die Frankfurter Allgemeine Zeitung erweist sich zuverl\u00e4ssig als das Referenzblatt bundesdeutscher Inferiorit\u00e4t und verk\u00fcndet, die Sea-Watch-Betreiber h\u00e4tten \u201edie Moral auf ihrer Seite\u201c. Und Siemens-Chef \u201eJoe\u201c (eigentlich: Josef) Kaeser twitterte: \u201eMenschen, die Leben retten, sollten nicht verhaftet werden. Menschen, die t\u00f6ten, Ha\u00df und Schaden s\u00e4en und f\u00f6rdern, sollten es.\u201c<\/p>\n<p>Unbek\u00fcmmert setzt der bundesdeutsche Michel sich \u00fcber das V\u00f6lkerrecht, \u00fcber nationale Gesetze, \u00fcber diplomatische Gepflogenheiten und H\u00f6flichkeitsregeln hinweg und betreibt vom Hochsitz der Hypermoral die Neuordnung der Welt als ethisch korrekten Gro\u00dfraum. Vor dem Hintergrund einer amoralischen NS-Vergangenheit war es zun\u00e4chst ang\u00e4ngig, st\u00e4rker als andere den moralischen Aspekt in der Politik hervorzuheben.<em><strong> L\u00e4ngst ist das Mittel zum Zweck geworden, hat sich als Hypermoral verselbst\u00e4ndigt und ist in einen \u201emoralischen Imperialismus\u201c (Viktor Orb\u00e1n) umgeschlagen<\/strong><\/em>, der dazu neigt, andere V\u00f6lker und Staaten als moralisch minderwertig zu klassifizieren und sich \u00fcber sie zu erheben. Heute trifft es Italien, gestern traf es die Ungarn und Polen, vorgestern die Griechen, morgen wird Ru\u00dfland und \u00fcbermorgen wieder Donald Trump an der Reihe sein.<\/p>\n<p><em><strong>Der Gr\u00f6\u00dfenwahn bundesdeutscher Spielart macht Deutschland als Partner unm\u00f6glich<\/strong><\/em>, zur F\u00fchrung in Europa ungeeignet und international l\u00e4cherlich. Denn dem Ausland bleibt ja nicht verborgen, wie gleichzeitig Deutschlands Substanz schwindet; wie die ungesteuerte Zuwanderung es besch\u00e4digt; wie seine Infrastruktur buchst\u00e4blich zerbr\u00f6selt; wie seine technische und intellektuelle Leistungsf\u00e4higkeit abnimmt.<\/p>\n<p>Arnold Gehlen hat \u00fcber das in zwei Weltkriegen besiegte Deutschland ge\u00e4u\u00dfert, widerlegte V\u00f6lker neigten, um Schonung zu erlangen, zur Missionierung der anderen. Auch diese Schwundstufe der Au\u00dfenpolitik verlangt ihren Akteuren viel ab: Diskretion, Geduld, die F\u00e4higkeit zur Empathie. Gehlens Prognose war \u00fcbertrieben optimistisch, denn die politische Mentalit\u00e4t, die heute die Medien, Parteien, Kirchen, Nichtregierungsorganisationen, Verb\u00e4nde durchwirkt, ist besserwisserisch, infantil, autoaggressiv. Zwei verinnerlichte Zielvorgaben sch\u00e4len sich als handlungsleitend heraus: Die europ\u00e4ischen Staaten als souver\u00e4nes Ordnungsprinzip, als Einheit von Territorium, Staatsvolk, Staatsgewalt, sollen au\u00dfer Kraft gesetzt und Europa als \u201ewei\u00dfer\u201c Kulturraum abgeschafft werden.<br \/>\nDie Tendenzen sind zwar auch in anderen L\u00e4ndern wirksam, wie Jean Raspails vision\u00e4res \u201eHeerlager der Heiligen\u201c und zuletzt Douglas Murrays Buch \u201eDer Selbstmord Europas\u201c zeigen. Vor allem entspringen sie den universell wirksamen, egalit\u00e4ren Instinkten der Massengesellschaft. \u201eMassen entstehen\u201c, so Karl Jaspers, \u201ewo Menschen ohne eigentliche Welt, ohne Herkunft und Boden verf\u00fcgbar und austauschbar werden.\u201c Eine Erfahrung, die Deutschland im 20. Jahrhundert nachdr\u00fccklicher als andere Nationen ereilt und die seine politische DNS gepr\u00e4gt hat. Sie erkl\u00e4rt die hypermoralische Avantgarde-Position, die es jetzt einnimmt und den anderen L\u00e4ndern Gr\u00fcnde liefert, die deutsche Frage als einen medizinischen Fall zu begreifen, vor dem man sich in acht nehmen mu\u00df.<br \/>\n.<br \/>\n11.7.2019, Thorsten Hinz, Vom hohen Ro\u00df &#8211; Seenotrettung:<br \/>\nBeim Kult um Carola Rackete offenbart sich ein gef\u00e4hrlicher neudeutscher Gr\u00f6\u00dfenwahn<br \/>\nJunge Freiheit, 29\/19, Seite 1, <a href=\"https:\/\/www.junge-freiheit.de\">www.junge-freiheit.de<\/a><\/p>\n<p>&nbsp;<\/p>\n<p>&nbsp;<\/p>\n<p>&nbsp;<\/p>\n<p><strong>Doppelmoral der Deutschen gegen\u00fcber Italien<\/strong><br \/>\n<em>Die Vorg\u00e4nge auf der italienischen Insel Lampedusa zeigen das ganze Scheitern der europ\u00e4ischen Fl\u00fcchtlingspolitik. Um die etwa 40 Fl\u00fcchtlinge, die dort an Land gegangen sind, geht es dabei nur am Rande. Hauptakteure sind eine eigenm\u00e4chtig handelnde deutsche Kapit\u00e4nin, ein rigoroser italienischer Innenminister und ein scheinheiliger Chor deutscher Politiker.<br \/>\n<\/em>\u00a0.<br \/>\n<em>Auf den moralischen Zeigefinger reagiert Italien empfindlich<\/em><br \/>\nDass Menschen in Seenot gerettet werden m\u00fcssen, steht au\u00dfer Frage. Das Seerecht schreibt aber nicht vor, dass die Geretteten nach Italien gebracht werden m\u00fcssen. Das ist aber genau das, was die Italiener so erz\u00fcrnt. In diesem Punkt wei\u00df der rechtsnationale italienische Innenminister Matteo Salvini die Mehrheit der Bev\u00f6lkerung hinter sich. Diese reagiert n\u00e4mlich ausgesprochen empfindlich, wenn vor allem Deutsche, wie so oft, ihren moralischen Zeigefinger erheben \u2013 selbst die Fl\u00fcchtlinge aber nicht aufnehmen wollen. Dass nun ausgerechnet eine deutsche Kapit\u00e4nin einer deutschen Organisation die Einfahrt in einen italienischen Hafen erzwingt und dabei beinahe ein Polizeiboot zerquetscht, das sich in den Weg stellte, wird in Italien als Anma\u00dfung empfunden. Wenn dann noch deutsche Politiker bis hin zu Bundespr\u00e4sident Steinmeier die Kapit\u00e4nin f\u00fcr ihren Mut loben, ist das auch ein Fall von Doppelmoral. Denn wenn all den Kritikern Italiens das Schicksal der 40 Fl\u00fcchtlinge auf der Sea-Watch 3 wirklich so am Herzen gelegen h\u00e4tte, dann h\u00e4tten sie sie l\u00e4ngst mit einem Schiff nach Deutschland holen k\u00f6nnen.<br \/>\n.<br \/>\n<em>Das brachiale Vorgehen einer jungen Frau wird verkl\u00e4rt<\/em><br \/>\nIn Ermangelung eigener Courage verkl\u00e4ren sie stattdessen lieber das brachiale, durchaus problematische Vorgehen einer jungen Frau als Heldentat. H\u00e4tte Deutschland unkonventionell, also unter Missachtung der Dublin-Regeln, die Fl\u00fcchtlinge aufgenommen, h\u00e4tte man wom\u00f6glich einen Pr\u00e4zedenzfall geschaffen \u2013 das aber wollte man auf gar keinen Fall. Hierin besteht die Scheinheiligkeit der sich emp\u00f6renden Politiker.<br \/>\nUnd \u00fcbrigens: Weil infolge des harten Kurses Italiens gegen die Seenotretter immer weniger von diesen auf dem Mittelmeer unterwegs sind, \u00e4ndern die Schlepper ihre Strategie. Sie schicken Fl\u00fcchtlinge immer weniger in Schlauchbooten auf See, sondern verstecken sie zunehmend im Bauch gr\u00f6\u00dferer Schiffe oder Yachten (&#8222;Mutterschifftrick&#8220;). Diese fahren dann in H\u00e4fen ein oder sehr dicht an die weitl\u00e4ufige K\u00fcste heran, wo die Menschen unentdeckt an Land gehen k\u00f6nnen. Auch hier schaut Europa weg, l\u00e4sst Italien allein und pr\u00fcgelt lieber auf den Rechtspopulisten Salvini ein.<br \/>\n.<br \/>\n<em>Viele bleiben im Gut-und-B\u00f6se-Schema, aber das ist zu einfach<\/em><br \/>\nAber dar\u00fcber nachzudenken, welchen Anteil die europ\u00e4ische Fl\u00fcchtlingspolitik daran hat, dass die Italiener eine \u2013 inzwischen sogar popul\u00e4re \u2013 Populistenregierung haben, auf die Idee kommt keiner. Da bleibt man lieber beim Gut-und-B\u00f6se-Schema, sammelt Spenden f\u00fcr die Kapit\u00e4nin und sieht sich selbst als &#8222;Guter&#8220;. Ist es wirklich so einfach?<br \/>\n&#8230; Alles vom 2..2019 von Karl-Heinz Fesenmeier bitte lesen auf<br \/>\n<a href=\"https:\/\/www.badische-zeitung.de\/streit-um-kapitaenin-rackete-zeigt-deutsche-doppelmoral-bei-fluechtlingskrise\">https:\/\/www.badische-zeitung.de\/streit-um-kapitaenin-rackete-zeigt-deutsche-doppelmoral-bei-fluechtlingskrise<br \/>\n<\/a>.<\/p>\n<p><strong>&#8230; unsere verlogenen Politiker und Kirchen<\/strong><br \/>\nSehr geehrter Herr Fesenmeier endlich mal ein Kommentar der die Dinge beim Namen nennt. Gratuliere Ihnen dazu. Sie stellen darin die richtigen Fragen und ziehen auch die richtigen Schl\u00fcsse. Sie ziehen unseren verlogenen Politikern die Maske vom Gesicht und legen den Finger in die Wunde unserer missgl\u00fcckten EU Fl\u00fcchtlingspolitik! An derer man ja auch die Einigkeit in Europa sehr gut ablesen kann. Die Populisten kommen nicht pl\u00f6tzlich aus einem schwarzen Loch oder von irgendwo her. Die deutsche wie auch andere nationale Regierungen sowie das EU Parlament sind mit Ihrer Politik die Ursache f\u00fcr das Erstarken der Nationalisten.<br \/>\n2.7.2019 H.L., BZO<\/p>\n<p>&nbsp;<\/p>\n<p>&nbsp;<\/p>\n<p><strong>Der h\u00e4ssliche Deutsche ist wieder da &#8211; in Italien mit Carola Rackete und Sea-Watch<\/strong><br \/>\nDer Empfang der Kapit\u00e4nin der Sea-Watch, Carola Rackete, in Italien war wohl nicht ganz so, wie sie sich das vorgestellt hatte. Pfiffe und Proteste der Bev\u00f6lkerung begleiteten ihre Festnahme auf Lampedusa, der von der Migrationswelle \u00fcberrannten italienischen Insel. Es ist eben ein Unterschied, ob man ganz oben auf der moralischen Kommandobr\u00fccke steht, oder ganz unten im richtigen Leben mit den Folgen von massenhafter Migration zurechtkommen muss.<br \/>\nV\u00f6llig unger\u00fchrt von der Tatsache, dass Frau Rackete gef\u00e4hrlich und r\u00fccksichtslos handelte und reihenweise gegen Gesetze verstie\u00df, wurde sie zuhause in Deutschland zur Jeanne d\u2019Arc gek\u00fcrt, zu einer deutschen Heldengestalt des Jahres 2019. Bis hinauf zum Bundespr\u00e4sident brach sich ein deutscher Moralblitz Bahn, der sich darin gef\u00e4llt, die begriffsstutzigen Italiener dar\u00fcber aufzuk\u00e4ren, was rechtens ist und was nicht.<br \/>\nIm Stile der Emser Depesche forderte man die sofortige Freilassung von Carola Rackete, so als ob das nicht von der italienischen Justiz entschieden w\u00fcrde, sondern von jenseits des Brenners imaginierten Notstandsgesetzen. Es wird Geld gesammelt f\u00fcr das deutsche Mittelmeercorps, Politik und viele Medien stehen begeistert Spalier. Vor dem Schloss von Racketes Heimatstadt Celle marschierten \u00f6rtliche Honoratioren auf, Gewerkschaften, Kirchenvertreter und die Fridays-for-Future-Jugend eingeschlossen, um die Tochter der Stadt vor Ihren H\u00e4schern zu erretten (\u201eF\u00fcr Seenot-Rettung bestraft zu werden ist unter aller Sau\u201c).<br \/>\n.<br \/>\nDie s\u00fcdlichen Nachbarn haben indessen keine Lust, sich schurigeln zu lassen, und der italienische Innenminister Matteo Salvini wei\u00df die Stimmung seiner Landsleute f\u00fcr sich zu nutzen. Er bedachte das Auftreten von Frau Rackete mit den Attributen \u201eDeutsch, wei\u00df und reich\u201c.<br \/>\nEr ist wieder da, der h\u00e4ssliche Deutsche, gerne auch bunt, weiblich und mit Rasta-Z\u00f6pfen, aber ansonsten ganz der Alte, nur dass er der Welt nicht den Krieg, sondern den Frieden erkl\u00e4rt (so ein treffendes Bonmot). Der Vater von Carola Rackete empfiehlt seiner Tochter jedenfalls, andere Saiten aufzuziehen: \u201eLeider kann sie kein Italienisch. Sonst w\u00fcrde sie Innenminister Matteo Salvini einen Satz rote Ohren verpassen\u201c. Das ist genau der Ton, den andere V\u00f6lker an den Deutschen so sch\u00e4tzen.<br \/>\n&#8230; Alles vom 2.7.2019 von Dirk Maxeiner bitte lesen auf<br \/>\n<a href=\"https:\/\/www.achgut.com\/artikel\/der_haessliche_deutsche_ist_wieder_da\">https:\/\/www.achgut.com\/artikel\/der_haessliche_deutsche_ist_wieder_da<\/a><\/p>\n<p>&nbsp;<\/p>\n<p><strong>Schicken wir ein Schiff &#8211; Protestanten-Gesinnungsethik zu Seawatch<\/strong><br \/>\nEnde Juni startete die evangelische Kirche deswegen die Petition \u201eRat der Evangelischen Kirche Deutschlands und alle Gliedkirchen: Schicken wir ein Schiff!\u201c Ziel ist es, 25.000 Unterschriften zu sammeln. Ein christlicher Bekannter von mir hat diese Petition unterschrieben und mich per Mail gefragt, ob ich es ihm gleichtun wolle. Auf der Website der Petition las ich mir die Beschreibung durch: \u201eWeil keine Rettungsschiffe durch die Gew\u00e4sser fahren, die Rettungen durchf\u00fchren, steigt die Todesrate weiter, wenn wir nicht jetzt handeln. Wir brauchen wieder Schiffe, die Sorge tragen k\u00f6nnen, dass der n\u00e4chste Weltfl\u00fcchtlingstag geb\u00fchrend gefeiert werden kann. Wir als Sea-Watch wollen gemeinsam mit der Zivilgesellschaft, den St\u00e4dten und Kommunen, der Kirche und euch allen ein Zeichen setzen und ein Schiff in das t\u00f6dlichste Gew\u00e4sser der Welt schicken. Ein Schiff der Gemeinschaft, der Solidarit\u00e4t und N\u00e4chstenliebe. Ein Schiff von uns, von euch, von allen.\u201c Darauf antwortete ich meinem Bekannten folgendes:<br \/>\ndas werde ich nicht unterschreiben. Gerade, weil ich nicht will, dass noch mehr Menschen im Mittelmeer ertrinken. Ich halte es f\u00fcr unverantwortlich, Hoffnungen zu wecken und Menschen aufs Meer zu locken. Die Leute, die da ihr letztes Geld an Schlepper geben, sind das R\u00fcckgrat der Gesellschaften, aus denen sie stammen. Neulich schrieb ein Freund, die H\u00e4ndler im Senegal verkauften ihre Gesch\u00e4fte, um sich nach Europa aufzumachen. Hier brauche sie niemand. Im Senegal schaffen sie Jobs und Auskommen. Falsche Anreize sind m\u00f6rderisch. Fahr in die Hamburger Schanze und guck dir die Dealer an. Geh auf den Stra\u00dfenstrich in Rom. Der ist voller Frauen aus Nigeria. Willst Du das?<br \/>\nDie Hoffnungsfrohen wollten das bestimmt nicht, als sie aufbrachen. Doch auf die meisten, die die m\u00f6rderische Reise \u00fcberleben, wartet in Europa nicht das gro\u00dfe Gl\u00fcck, sondern das Elend der Fremde. \u201eSchicken wir ein Schiff!\u201c Und dann? Was soll werden mit diesen Verlorenen? Wer f\u00e4ngt sie auf?<br \/>\nSiehst Du nicht die Eigensucht der selbstgerechten \u201eHelfer\u201c, die N\u00e4chstenliebe vorsch\u00fctzen, um sich gut zu f\u00fchlen. Weil sie es nicht aushalten, in einer Welt zu leben, in der 3,5 Milliarden Menschen von weniger als 2 Dollar am Tag leben m\u00fcssen? Sie kaufen sich die Illusion \u201egerecht\u201c zu sein und spenden ein paar Euro f\u00fcr ein Schiff, um ihre Schuldgef\u00fchle zu d\u00e4mpfen. Sie erheben sich moralisch \u00fcber all jene, die nach 40 Jahren Arbeit mit knapp 800 Euro in Rente gehen. Diese sind nicht scharf auf noch mehr Armutseinwanderung in die Sozialsysteme, die sie ein Leben lang finanziert haben.<br \/>\nWo ist die N\u00e4chstenliebe der Selbstgerechten, die Schiffe schicken? Ich finde sie verdammt erbarmungslos gegen\u00fcber denen direkt vor ihrer Haust\u00fcr, die als Rentner in M\u00fclltonnen nach Pfandflaschen suchen. Klar, die sind alt und wei\u00df und oft m\u00e4nnlich, aber es sind immerhin die vor der eigenen Haust\u00fcr, und sie ertrinken auch, anders als die auf dem Mittelmeer. Denn die setzen sich immerhin freiwillig ins marode Schlauchboot. Die vor der eigenen Haust\u00fcr wurden da hineingesto\u00dfen.<br \/>\nIch bin davon \u00fcberzeugt, dass jedes \u201eRetter-Schiff\u201c falsche Hoffnungen weckt und dadurch nur neue Tote produziert. F\u00fcr jeden Aufgefischten durch die \u201eHelfer\u201c Aufgefischten ertrinkt ein Dutzend. Wem ist damit gedient? Bei der Wahl zwischen zwei Fehlern entscheidet man sich f\u00fcr den, der hoffentlich weniger Schaden anrichtet. Das tut mitunter richtig weh. Man sieht so oder so beschissen aus. Aber es geht nicht ums Gut-Aussehen. Es geht darum, kein unn\u00f6tiges Leid zu stiften.<br \/>\nDas ist meine Moral. Das magst Du kaltherzig finden. Glaub mir, ich habe eine sehr lebhafte Vorstellung davon, wie es ist, wenn Artgenossen ertrinken. Ich habe mehr Menschen beim Sterben zugesehen als die meisten. Freude hat mir das keine bereitet. Ich will das nicht unterst\u00fctzen. Trotzdem Gutes an Dich, C.<br \/>\n&#8230; Alles von Christoph Ernst vom 1.7.2019 bitte lesen auf<br \/>\n<a href=\"https:\/\/www.cicero.de\/aussenpolitik\/fluchtlingspolitik-sea-watch-3-italien-carola-rackete-evangelische-kirche\">https:\/\/www.cicero.de\/aussenpolitik\/fluchtlingspolitik-sea-watch-3-italien-carola-rackete-evangelische-kirche<\/a><br \/>\n.<br \/>\n<strong>Bedford-Strohm&#8217;s naive Gesinnungsethik<\/strong><br \/>\nWer sagt: \u201eEine junge Frau wird in einem europ\u00e4ischen Land verhaftet, weil sie Menschenleben gerettet hat und die geretteten Menschen sicher an Land bringen will. Eine Schande f\u00fcr Europa!\u201c, der ist entweder ignorant oder er sagt bewusst die Unwahrheit. Selbst die urspr\u00fcngliche Aufnahme der Migranten durch Frau Rackete war nicht wirklich das, was man eine Seenotrettung nennen k\u00f6nnte. Vielmehr halte ich eine solche Aufnahme f\u00fcr eine Fortf\u00fchrung einer Schleppert\u00e4tigkeit, die unbedingt unterbunden w\u00fcrden m\u00fcsste, um das fortgesetzte Ertrinken von Migranten zu verhindern. Und selbstverst\u00e4ndlich hat die Verhaftung von Frau Rackete nichts mit einer Seenotrettung zu tun. Sie wurde verhaftet, weil sie willentlich gegen italienische Gesetze versto\u00dfen hat. Auch das Urteil des EGMR hat sie einfach ignoriert.<br \/>\nDass Bedford-Strohm sich von einer naiven Gesinnungsethik leiten l\u00e4sst, macht mich traurig und zornig. Jemand in seiner Position m\u00fcsste es besser wissen.<br \/>\n2.7.2019, D.L., CO<br \/>\n.<br \/>\n<strong>Evangelikale Moralapostel in die Schranken weisen<\/strong><br \/>\nHerr Ernst hat mir aus der Seele geschrieben. Das unertr\u00e4glich moralisierende Treiben von Bedford-Strohm und seinen links-gr\u00fcnen Sponsoren geh\u00f6rt endlich an den \u00f6ffentlichen Medien-Pranger und man sollte von ihm strikt verlangen, die pers\u00f6nliche vollumf\u00e4ngliche Kosten-B\u00fcrgschaft f\u00fcr jeden durch seine Vermittlung geretteten Armutsfl\u00fcchtling zu \u00fcbernehmen. Da erfahrungsgem\u00e4\u00df beim Geld, insbes. dem eigenen, recht schnell die Freundschaft aufh\u00f6rt, w\u00fcrde vermutlich auch bei B-S und seinen gr\u00fcn-linken evangelikalen Moralaposteln das narzistische Gutmenschen-Helfer-Syndrom sehr bald im Bankrott enden.<br \/>\nEs ist nur zu w\u00fcnschen, dass Italien im aktuellen Fall der Sea-Watch 3 ein hartes Exempel statuiert, d.h. 3 Jahre Knast f\u00fcr Frau Rackete, Freilassung nach 1 Jahr mit Bu\u00dfgeld von 1 Mio \u20ac (bisher schon 500.000 Spenden!), das Schiff f\u00fcr 3 Jahre konfiszieren, striktes Anlandeverbot f\u00fcr selbsternannte &#8222;Rettungsschiffe&#8220; und R\u00fccktransport der betreffenden Fl\u00fcchtlinge nach Lybien. Muster: Australien<br \/>\n2.7.2019, J.SCH<br \/>\n.<br \/>\n<strong>Egoistische Eigensucht selbstgerechter \u201eHelfer\u201c<\/strong><br \/>\nEs ist alles richtig gesagt; es ist nur zu hoffen, dass jene gutherzigen Spender und Petitionsunterzeichner vertieft Nachdenken, das ein weiter so, weder uns und schon gar nicht Migranten aus aller Welt nutzt. Egoistische Eigensucht selbstgerechter \u201eHelfer\u201c, die christliche F\u00fcrsorge betonen, beispielhaft vom Schlage eines Heinrich Bedford-Strohm, handeln geradezu fahrl\u00e4ssig wenn nicht gar gemein gef\u00e4hrlich. Wo soll das Enden? In die \u00e4hnliche Kerbe schlug auch Bundespr\u00e4sident Steinmeier, der substanziell wenig zur Probleml\u00f6sung beisteuert. Im Gegenteil: er verhilft einer gescheiterten Kapit\u00e4nin zur \u00f6ffentlichen Publicity, sich als Spitzenpolitiker gegen einen souver\u00e4nen Staat, und das ist Italien, in Stellung zu bringen, der 100.000 tausende Menschen aufgenommen hat jetzt die Rei\u00dfleine zieht. Abgesehen davon sollten die Herren aus der gesellschaftlichen Moralelite wissen, dass sie Europa weiter spalten, den Kontinent in eine nie da gewesene Katastrophe f\u00fchren. Was f\u00fcr ein Paradoxon!<br \/>\n2.7.2019, T.v.B., CO<\/p>\n<p>&nbsp;<\/p>\n<p>&nbsp;<\/p>\n<p><strong>Seenotrettung: Gr\u00fcndeutscher Zeitgeist im Krieg mit Italien<\/strong><br \/>\n<em>Rackete: Was erlaubt sich der gr\u00fcndeutsche Zeitgeist noch alles? Dem Ganzen liegt nicht die Frage von Seenotrettung zugrunde, sondern ein offener Krieg des gr\u00fcndeutschen Zeitgeistes gegen alles, was nicht seiner Ideologie entspricht.<br \/>\n<\/em>\u00a0.<br \/>\nEs ist etwas passiert im Verh\u00e4ltnis zwischen Deutschen und Italienern. Wenn man auf der Wasserscheide steht, wird das umso deutlicher. Und es f\u00e4llt schwer, die eine Seite irgendwie noch erkl\u00e4ren, in Schutz nehmen zu wollen, wenn einem die Frage gestellt wird: \u201eWas erlauben sich die Deutschen eigentlich?\u201c Viel zu viel. Anders kann man es eigentlich nicht mehr ausdr\u00fccken. Es gibt das bekannte Sprichwort, dass die Italiener die Deutschen bewundern, aber nicht lieben; und dass die Deutschen die Italiener lieben, sie aber nicht bewundern. Die pirateriehafte Amokfahrt einer deutschen M\u00f6chtegernskipperin, die das Leben italienischer Beamter bei einem fahrl\u00e4ssigen Anlegeman\u00f6ver aufs Spiel setzt, um \u2013 vermeintlich \u2013 das Leben von Migranten zu retten, treibt die Lage auf den H\u00f6hepunkt. Hier die faschistische Wache Salvinis, dort die Unterdr\u00fcckten dieser Welt. Es ist eine der Episoden, die deutlich zeigen, dass es hier weder um Menschlichkeit noch um Menschenleben geht.<\/p>\n<p>MISSTRAUEN IN DIE DEUTSCHE DEMOKRATIE<br \/>\nZDF-Sommerinterview: Frank-Walter und die Kultur des Uns\u00e4glichen<br \/>\nWir erleben derzeit eine breite Front medialer, politischer, aktivistischer und kirchlicher Interessenvertreter, die mit ihrem Anhang und einem ausgedehnten Wurmfortsatz emotionalisierter Wutb\u00fcrger nicht nur Stimmung gegen den italienischen Innenminister machen, sondern aufgrund ihrer zur Schau gestellten Hysterie die deutsch-italienischen Beziehungen massiv st\u00f6ren. Da ist der S\u00e4ulenheilige der gr\u00fcnen Bewegung, Robert Habeck, der \u201edie Ruchlosigkeit der italienischen Regierung\u201c gei\u00dfelt, und sich dann in typischer Projektion dar\u00fcber beklagt, dass Salvini sie als das bezeichnet, was sie ist: eine Piratin. \u201eEine Sprachverdrehung Orwellschen Ausma\u00dfes\u201c schimpft der gef\u00fchlte Kanzler des gr\u00fcnsten Deutschlands aller Zeiten. Dass die Skipperin mit ihrem illegalen Eindringen in italienische Hoheitsgew\u00e4sser \u2013 trotz mehrfacher Warnung \u2013 genau den Tatbestand der klassischen Piraterie erf\u00fcllt, n\u00e4mlich Rechtlosigkeit auf dem Meer, sei hier nur der Vollst\u00e4ndigkeit wegen erw\u00e4hnt.<br \/>\nEs folgt der Au\u00dfenminister h\u00f6chstpers\u00f6nlich, der davor warnt, dass \u201eSeenotrettung\u201c nicht \u201ekriminalisiert\u201c werden d\u00fcrfe. Das stimmt \u2013 aber mit Sicherheit anders intendiert, als es Heiko Maas denkt. Denn niemand kriminalisiert die Seenotrettung mehr als SeaWatch und seine Helfershelfer, wenn explizit italienisches Recht gebrochen wird. Maas\u2018 sortiert sich hier in die Riege des Mediengeschehens ein, welche die Position von Rechtsbrecher und Rechtsvollstrecker vertauscht. Das Narrativ: Salvini breche See- und V\u00f6lkerrecht. Dabei gab es mit der Aquarius bereits einen Pr\u00e4zedenzfall, der deutlich machte, dass es so einfach nicht ist. Grunds\u00e4tzlich hat n\u00e4mlich jedes Land das Recht, in seinen Hafen (und auch seine Hoheitsgew\u00e4sser) einzulassen wen es will und wann es will. Es besteht grunds\u00e4tzlich die Pflicht, zu helfen \u2013 das kann aber auch auf See geschehen. Ein \u201eAnlanderecht\u201c existiert in diesem Sinne nicht. Das ein \u00e4u\u00dferster Extremfall vorliege, bei dem aus gewohnheitsrechtlichen und karitativen Gr\u00fcnden ein Schiff in einen Hafen einfahren d\u00fcrfe, hat der Gerichtshof f\u00fcr Menschenrechte der EU bereits am 25. Juni verneint und damit der italienischen Position Recht gegeben.<br \/>\nCarola Rackete hat all das gewusst. Bereits seit Januar hat SeaWatch immer wieder gegen die Auflagen Italiens versto\u00dfen. Die am 12. Juni aufgenommenen Migranten hatten keinerlei Aussicht darauf, in Lampedusa an Land gehen zu d\u00fcrfen. SeaWatch beharrte dennoch darauf, diese in genau diesen einen Hafen bringen zu m\u00fcssen. Zwei Wochen lang. Eine Zeitspanne, in der man auch gut bis nach Hamburg h\u00e4tte fahren k\u00f6nnen. Oder Island. Oder sogar Tunesien.<br \/>\nGinge es SeaWatch tats\u00e4chlich um \u201eMenschen\u201c und \u201eMenschlichkeit\u201c, best\u00e4nde f\u00fcr die Passagiere an Bord wirklich \u201eSuizidgefahr\u201c \u2013 dann h\u00e4tte ein verantwortungsbewusster Kapit\u00e4n den n\u00e4chsten Hafen aufgesucht, in dem er sicher anlanden konnte, im Sinne seiner \u201ehumanit\u00e4ren Pflicht\u201c. Rackete entschied anders. Sie beharrte, wartete. SeaWatch steigerte sich zu der Bemerkung, dass man auf See \u201eeingesperrt\u201c sei. Ausgerechnet auf dem Meer. Gro\u00dfe Teile der deutschen \u00d6ffentlichkeit sind offensichtlich davon \u00fcberzeugt, dass es der \u201eMenschlichkeit\u201c keinen Abbruch tut, wenn man seine ideologisch-politischen Spielereien mit der Lega auf dem R\u00fccken soeben Geretteter austr\u00e4gt. Allein das Vorgehen stellt infrage, ob es sich wirklich um einen \u201eNotfall\u201c gehandelt hat. Als Krankenwagenfahrerin h\u00e4tte sich Rackete jedenfalls disqualifiziert.<br \/>\n.<br \/>\nGEHT MARX NICHT, DANN GRAMSCI<br \/>\nZivilgesellschaft \u2013 ein Leitbild?<br \/>\nEs ging offensichtlich um ein Exempel, mit breiter Unterst\u00fctzung an der Heimatfront, wo Jan B\u00f6hmermann bereits darauf wartete, Geld f\u00fcr eine Prozesshilfe zu sammeln. Dem liegt nicht die Frage von Seenotrettung zugrunde, sondern ein offener Krieg des gr\u00fcndeutschen Zeitgeistes gegen alles, was nicht seiner Ideologie entspricht. Matteo Salvini ist der Antichrist dieser Bewegung. Die Verherrlichung der angeblichen \u201eKapit\u00e4nin\u201c \u2013 nichts weiter als die \u00dcbernahme eines Wortspiels der italienischen Presse gegen den \u201eCapitano\u201c Salvini \u2013 ist der Greta-Verehrung nicht fern. Da ist er wieder, dieser deutsch-gr\u00fcne Habitus, dieses hypermoralische \u201eich kann nicht anders\u201c, diese heuchlerische Nelson-Mandela-Attit\u00fcde: und repr\u00e4sentiert alles, weshalb das Diktum vom h\u00e4sslichen Deutschen wieder die Runde macht.<br \/>\nVerd\u00e4chtig offen hat Rackete einmal angemerkt, um was es wirklich geht: sie sei wei\u00df, reich und deutsch, deshalb f\u00fchle sie sich verpflichtet, Menschen zu helfen. Die Priorit\u00e4ten sind klar verteilt: nicht um \u201eMenschlichkeit\u201c geht es, sondern um die Ausf\u00fcllung innerer Leere und eines moralischen Gewissens, das egozentrisch um sich selbst kreist. Die beinharte Aktion gegen das italienische Zollschiff zeigt dies umso klarer. Es ist die v\u00f6llige \u00dcberzeugung, das \u201eGute\u201c zu verteidigen, ohne die eigenen Taten zu hinterfragen. Was dahinter steht, ist weder dem\u00fctig noch tapfer noch vorbildlich: in Wirklichkeit ist es ein Gef\u00fchl der \u00dcberlegenheit, das an den finstersten Rassismus der Kolonialzeit erinnert. Das Weltbild lie\u00dfe sich folgenderma\u00dfen zusammenfassen: Die dummen Italiener haben Faschisten an die Macht gebracht, und die per se edlen, aber naiven Wilden brauchen Hilfe \u2013 seht, was ich f\u00fcr ein guter Mensch bin.<br \/>\nWelcher deutsche Geist einer solchen Haltung innewohnt, wurde an anderer Stelle gen\u00fcgend ausgef\u00fchrt.<br \/>\nEs ist demnach nicht verwunderlich, dass gerade der herrschende gr\u00fcne Zeitgeist der nationalistischste und von Ressentiments durchsetzteste ist. Neben Habeck ist da ein Ruprecht Polenz von der CDU, der verlauten l\u00e4sst: \u201eSalvini benutzt Sea Watch 3 f\u00fcr seine faschistische Mobilisierung der Italiener gegen Fl\u00fcchtlinge und die EU.\u201c Cem \u00d6zdemir: \u201eRechtspopulisten wie Salvini und seine Kollegen von der AfD haben es immer darauf abgesehen, die Menschlichkeit in uns zu zerst\u00f6ren.\u201c Bedford-Strohm: \u201eEine junge Frau wird in einem europ\u00e4ischen Land verhaftet, weil sie Menschenleben gerettet hat und die geretteten Menschen sicher an Land bringen will.\u201c Die SZ: \u201eDie Sea-Watch-Kapit\u00e4nin braucht keinen Heldenstatus, sondern einen Freispruch.\u201c<br \/>\nDazu der Anhang von Mitl\u00e4ufern, der die Situation mit Faschismusparolen, Artikel 1 und vielen anderen Dingen garniert, welche die hypermoralische Selbstsicherheit st\u00e4rken.<br \/>\n.<br \/>\nDIE POLITISCHE KLASSE BIEDERT SICH AN<br \/>\nDeutsches Klima: Gewalt gegen die Gesellschaft ist erlaubt<br \/>\nDie Reihen fest geschlossen hinter einer Rechtsbrecherin, der man nachsagt, sie h\u00e4tte Recht eingehalten. Mehr Fake News waren nie. Und es sind Vorg\u00e4nge, die der italienischen \u00d6ffentlichkeit \u2013 der Corriere della Sera berichtete \u2013 nicht verborgen bleiben. Da echauffierte sich die Bild-Zeitung \u00fcber die P\u00f6belei Salvinis, Rackete gehe den Italienern \u201eauf die Eier\u201c. Es ist dies, was gesch\u00e4tzte siebzig Prozent der Italiener denken, ansonsten t\u00e4tigte ein Populist nicht solche Aussagen. Man fragt sich: warum gab es vorher kein Eingreifen der deutschen Regierung? F\u00fcr die Italiener, die seit nunmehr zwei Jahrzehnten hinsichtlich der Migrationsfrage von der EU und ihren Mitgliedern allein gelassen werden \u2013 sieht man von gro\u00dfz\u00fcgigen Seenotrettern ab, die noch mehr Migranten an Italiens Str\u00e4nde bringen \u2013 stellen sich unangenehme Fragen. Fragen, die dazu f\u00fchren, Deutschland nicht nur hinsichtlich der Finanz- und Wirtschaftspolitik als Gegner einzusch\u00e4tzen. Der hypermoralische Tonfall kommt im Heimatland machiavellistischer Pragmatiker nicht gut an \u2013 auch, weil darin eine Stimme der Suprematie liegt, wie sie von deutschen Zungen seit dem 2. Weltkrieg unbekannt war.<br \/>\nWenn die deutschgr\u00fcne Bewegung demnach von \u201eMenschlichkeit\u201c spricht, handelt es sich in Wirklichkeit um Hass. Hass auf die italienische Regierung und ihren Innenminister, der alles verachtenswerte, \u201eRechte\u201c symbolisiert. Hass auf den gemeinen Italiener, der sich von Salvini hat verf\u00fchren lassen. Hass auf die Beamten, die sich Rackete entgegenstellten \u2013 ansonsten h\u00e4tte deren m\u00f6gliches Martyrium l\u00e4ngst zum Nachdenken angeregt. Auf Twitter springt #freeCarolaRackete in die Charts. Man feiert Rackete nicht, weil sie eine Deutsche ist; sondern, weil sie die eigene Ideologie verteidigt wie Greta den Klimahype. Das ist auch schon das einzige, was diesen Wahn vom Chauvinismus und Nationalismus des letzten Jahrhunderts unterscheidet. Der hegemonial-imperialistische Vibe, der in den Forderungen von NGOs, Medien und Politikern bebt, l\u00e4sst den Jingoismus wilhelminischer Zeiten als possierliche Randnotiz erscheinen.<br \/>\nMarco Gallina, &#8222;Sie nennen ihren Hass \u201eMenschlichkeit\u201c, 29..6.2019<br \/>\n<a href=\"https:\/\/www.marcogallina.de\/2019\/06\/29\/sie-nennen-ihren-hass-menschlichkeit\/\">https:\/\/www.marcogallina.de\/2019\/06\/29\/sie-nennen-ihren-hass-menschlichkeit\/<\/a><br \/>\n.<br \/>\n&#8230; am 1.7.2019 von Marco Gallina unter dem Titel<br \/>\n&#8222;Rackete: Was erlaubt sich der gr\u00fcndeutsche Zeitgeist noch alles? auch erschienen auf<br \/>\n<a href=\"https:\/\/www.tichyseinblick.de\/meinungen\/rackete-was-erlaubt-sich-der-gruendeutsche-zeitgeist-noch-alles\/\">https:\/\/www.tichyseinblick.de\/meinungen\/rackete-was-erlaubt-sich-der-gruendeutsche-zeitgeist-noch-alles\/<br \/>\n<\/a>\u00a0.<br \/>\n.<br \/>\n<strong>Wir \u00fcberheblichen Deutschen<\/strong><br \/>\nSch\u00f6n und klar zusammengefasst, und mir ist die Erz\u00e4hlung vom h\u00e4sslichen, \u00fcberheblichen Deutschen nun schon vermehrt begegnet. Ausserhalb beginnt man wieder, uns zu hassen. Na vielen Dank auch, Marco Gallina.<br \/>\n30.6.2019, MS, MARO<br \/>\n.<br \/>\n<strong>Linke Deutsche gegen Salvini &#8211; mit Migranten als Statisten<\/strong><br \/>\nEs handelt sich um eine politische Aktion radikaler Linker gegen Salvini. Man hat eine ideologisch gefestigte junge Frau, die auf Bei\u00dfhemmnung z\u00e4hlen darf und mit der sich auch Feministinnen und Gretagl\u00e4ubige identifizieren k\u00f6nnen, als \u201eKapit\u00e4nin\u201c mit der Hauptrolle ausgestattet, eine Gruppe Migranten als Statisten f\u00fcr die N\u00f6tigung zu \u201ehumanen Zwecken\u201c an Bord genommen und jetzt in aller Welt\u00f6ffentlichkeit den \u201erechtspopulistischen\u201c Salvini herausgefordert. Linke deutsche Spitzenpolitiker sind auf diese Propaganda abgefahren und mischen mit, ebenso deutsche Spitzenfunktion\u00e4re und die \u00fcblichen Medienvertreter. Es geht hier um einen Kulturkampf, der von radikalen linken Kr\u00e4ften inszeniert wird. Und wenn es denen gelingt, mit ihrer Gewalt und folgenlos Recht zu brechen und dabei auch noch Salvini zu besch\u00e4digen, haben sie ihr Ziel erreicht.<br \/>\n1.7.2019, KUN, MARO<br \/>\n.<br \/>\n<strong>Deutscher Gr\u00f6\u00dfenwahn<\/strong><br \/>\nAm deutschen Wesen soll die Welt genesen.<br \/>\nFrau Rackete steht in einer Linie mit Kaiser Wilhelm II.<br \/>\nGenau wie Merkel. Und Habeck.<br \/>\nWeimar klopft lautstark an die T\u00fcr\u2026<br \/>\n1.7.2019, R.P., TO<br \/>\n.<br \/>\n<strong>Ein sehr guter und realistischer Artikel von Marco Gallina<\/strong><br \/>\nDoch kommen wir doch einmal zum Kern. Was denken sich diese selbsternannten \u201eGutmenschen\u201cdes links, gr\u00fcnen Meinungsmanagements eigentlich, wenn diese von den Kirchen flankiert noch mehr illegale Einwanderung fordern. Italien hat erhebliche finanzielle Probleme und einen desolaten Arbeitsmarkt. Deutschland mit 83 Millionen Einwohnern muss mittlerweile 2.1 Millionen Fl\u00fcchtlinge beherbergen und alimentieren.\u201cEin reiches Land \u201c seien wir, wird uns immer gesagt . Von 83 Millionen arbeiten 44 Millionen, abz\u00fcglich 10 Millionen in Minijobs und abz\u00fcglich 4 Millionen in prek\u00e4ren Arbeitsverh\u00e4ltnissen, bleiben 30 Millionen \u00fcbrig, die das alles und die restlichen 53 Millionen, davon 21 Millionen Rentner, Tendenz wegen der Babyboomer steigend, finanzieren m\u00fcssen und schon bis Mitte Juli f\u00fcr Abgaben arbeiten. Was will man uns von diesen Realit\u00e4tsverweigerern noch zumuten und vor allem , was lassen wir uns eigentlich noch alles gefallen, bis wir auf die Barrikaden gehen. Auf meiner Webseite https:\/\/Fortunannetz.de schreiben ich mir dar\u00fcber schon die Finger wund.<br \/>\n1.7.2019, H.H., TO<br \/>\n.<br \/>\nBitte lieber Herr Innenminister Salvini, und liebe italienische Justiz, bleiben Sie hart und verurteilen Sie diese kriminelle Schlepperin zu Gef\u00e4ngnis nicht unter drei Jahren ohne Bew\u00e4hrung! Setzen Sie Zeichen gegen die Gesetzlosigkeit, nicht nur die Deutschlands, sondern auch gegen die Gesetzlosigkeit der Funktin\u00e4rs-EU! Gott sch\u00fctze Sie, Gott sch\u00fctze BELLA ITALIA!<br \/>\n1.7.2019, S.K., TO<br \/>\n.<br \/>\nNicht nur bedenklich, sondern wirklich und wahrhaftig erschreckend finde ich, wie Repr\u00e4sentanten unseres Staates bereit sind, f\u00fcr eine nach ihrer Ansicht nach gute Sache Recht zu beugen und das auch noch von einem anderen souver\u00e4nen Staat zu verlangen. Von Staatskaspern \u00e0 la B\u00f6hmermann erwarte ich nichts Vern\u00fcnftiges, aber Minister (!) \u2013 wobei die Partei kaum noch eine Rolle zu spielen scheint \u2013 und der Bundespr\u00e4sident (!) sollten es doch besser wissen. Merken sie denn nicht, da\u00df die Anwendung des Rechts je nach Gesinnung den Weg aus einem Rechtsstaat \u2013 der doch gerade von ihnen so laut und st\u00e4ndig beschworen wird \u2013 hin zu einem Gesinnungs- ja Willk\u00fcrstaat beschreitet? Hatten wir das nicht schon zweimal in unserer Geschichte, da\u00df f\u00fcr die \u201egute\u201c Sache das Recht zurechtgebogen wird? Zur rechtlichen Seite eine meiner Ansicht nach gute Erl\u00e4uterung auf der \u201eAchse\u201c: <a href=\"https:\/\/www.achgut.com\/artikel\/steinmeier_und_co_manoevrieren_den_rechtsstaat_in_seenot\">https:\/\/www.achgut.com\/artikel\/steinmeier_und_co_manoevrieren_den_rechtsstaat_in_seenot<\/a><br \/>\n1.7.2019, ND, TO<br \/>\n.<br \/>\n<strong>Deutschland&#8217;s \u201eHerrschaft des Unrechts\u201c<\/strong><br \/>\nDas Geschehen macht deutlich, wie umfassend und erdr\u00fcckend sich Deutschland mittlerweile im Griff einer Ideologie befindet, die alle bisher g\u00fcltigen Ma\u00dfst\u00e4be sich unterwirft und die s\u00e4mtliche Machtinstitutionen einer Gesellschaft schon unter ihr Banner gezwungen hat.<br \/>\nEin ehemaliger Justizminister geht wie selbstverst\u00e4ndlich davon aus, da\u00df mehrfacher Rechtsbruch, bis hin zum gewaltsamen Eindringen in den Hafen eines befreundeten Landes, unter Inkaufnahme von Toten und Verletzten, straffrei ausgehen wird. Dieser Mann, Maas, ist heute Au\u00dfenminister und scheint keinen Augenblick einen Gedanken daran zu verschwenden, wie seine arrogante Attit\u00fcde das Verh\u00e4ltnis zwischen beiden L\u00e4ndern beeintr\u00e4chtigen mu\u00df; nicht nur bei der Regierung, sondern auch in weiten Teilen der italiensischen Bev\u00f6lkerung. Ja, deutsche Besserwisserei, Selbstanma\u00dfung, Selbst\u00fcbersch\u00e4tzung sind l\u00e4ngst zur\u00fcckgekehrt, ausgerechnet im Schafspelz des Gutmenschentums.<br \/>\nEs kommt nun alles darauf an, da\u00df die italienische Justiz sich weder einsch\u00fcchtern noch einfl\u00fcstern l\u00e4\u00dft; das Schiff mu\u00df aus dem Verkehr gezogen werden und die verantwortliche Schiffsf\u00fchrerin mit ihm f\u00fcr ein paar Jahre wenigstens. Eine Geldstrafe w\u00e4re keine Strafe, da das Sympathisantentun bereit steht, f\u00fcr alles finanziell geradezustehen.<br \/>\nDie \u201eHerrschaft des Unrechts\u201c h\u00e4lt an in diesem Land, dessen Grenze mit Billigung der politisch Verantwortlichen weit offen stehen, in dem Lehrer und Politiker das Schuleschw\u00e4nzen aus ideologischen Gr\u00fcnden gut hei\u00dfen, indem sog. \u201eKlimareiter\u201c massenhaft fremdes Eigentum besch\u00e4digen bis hin zur offiziell verteidigten Verletzung der Souver\u00e4nit\u00e4t \u201ebefreundeter\u201c Staaten.<br \/>\nUnd alle machen mit: Politik, Medien, Kirchen, Unterhaltungsindustrie, ein Land wie aus einem Gu\u00df totalitaristischer Pr\u00e4gung.<br \/>\n1.7.2019 , I.P., TO<br \/>\n.<br \/>\n<strong>Ich lebe seit vielen Jahren in Italien<\/strong><br \/>\nund hier ist man wirklich not amused \u00fcber die Deutschen Kommentare, besonders die der offiziellen Regierungsvertreter. Am Samstag waren meine Frau und ich auf der Hochzeit der Tochter eines Cousins meiner Frau. Und obwohl ich mich nach nun 42 Jahren eher als Italiener f\u00fchle, musste ich auf peinliche Fragen antworten.<br \/>\nWarum der Bundespr\u00e4sident, der deutsche Au\u00dfenminister und die deutsche Prese sich derma\u00dfen abf\u00e4llig \u00fcber die Italiener \u00e4u\u00dfern, das kann hier niemand von meiner Verwandtschaft Anw\u00fcrfe verstehen. Der Vorwurf, Italien habe etwas gegen die Seenotrettung versteht hier keiner, denn es ging doch bei dem Vorfall nicht um die Rettung Schiffbr\u00fcchiger, sondern um die illegale Verbringen derselben nach Italien. Und das, weil Marokko und auch Algerien der SeaWatch das Angebot machten, einen dortigen Hafen anzulaufen. Auch hier gibt es nur Schwierigkeiten mit den Nordafrikanern und alle Italirner, die ich kenne, sind eher f\u00fcr eine generelle Abschiebung.<br \/>\n1.7.2019, DEL, TO<br \/>\n.<br \/>\n\u00c8 veramente una vergogna! Per carit\u00e0, amico, d\u00ec agli Italiani, che non tutti i tedeschi pensano cos\u00ec, \u00e8 solamente il complesso politico-mediale, che ha perso la bussola della morale. Ahi, che peccato!<br \/>\n&#8230;<br \/>\nDadurch, dass sie den ihr von der zust\u00e4ndigen Seenotrettungsleitstelle zugewiesenen Ausschiffungshafen nicht anlief, sondern statt dessen ungeb\u00fchrlich lange in it. Hoheitsgew\u00e4ssern verweilte, k\u00f6nnte man aufgr. der anzunehmenden Freiheitsberaubung der Migranten an Bord von Erf\u00fcllung eines Teiltatbestands von Piraterie sprechen. Unerheblich ist dabei, ob sich die Opfer Frau Racketes mit ihr solidarisch erkl\u00e4rten (Stockholmsyndrom).<br \/>\n1.7.2019, O.D., TO<br \/>\n.<br \/>\nDann sagen Sie unseren italienischen Freunden, da\u00df die absolute Mehrheit der Deutschen Ihrer Meinung ist und eine durchgedrehte G\u00f6re das deutsch-italienische Verh\u00e4ltnis enorm belastet. &#8230;<br \/>\nNachtrag: Deutschland wurde nicht umsonst ausgesucht f\u00fcr die Machenschaften Gr\u00fcnlinker und des Islam. Es ist das Herz und der Motor Europas<br \/>\n1.7.2019, REA47, TO<br \/>\n.<br \/>\nIch w\u00fcrde das mit dem \u201c Hass auf die rechten Italiener \u201c nicht \u00fcberstrapazieren. Unsere links-gr\u00fcnen Gutmenschen hassen jeden der nicht ihrer Meinung ist. Wenn es zutrifft, dass ca. 70% der Italiener so denken wie Salvini, dann besteht zumindest Hoffnung auf die italienische Justiz, und dass sie nicht dem links-gr\u00fcn-populistischen Druck der 30% aus Italien selbst, und dem Druck aus Berlin und Br\u00fcssel nachgibt und ein gr\u00fcndliches Verfahren \u00fcber alle m\u00f6glichen Anklagepunkte durchzieht. F\u00fcr die deutsche Seite zeichnet sich wieder einmal ab, dass die links-gr\u00fcnen Gutmenschen nicht nur den Verfassungsbruch von 2015 negieren, sondern auch f\u00fcr die Zukunft Recht und Gesetz nach ihrer Ideologie interpretieren werden. Eine Koalition G-R-R w\u00e4re noch nicht gleich das Ende der Geschichte, vielleicht sogar eine Katharsis f\u00fcr das b\u00fcrgerlich-liberale Lager mit der Chance eines Rebound, aber auch ein m\u00f6glicher erster Schritt in eine neostalinistische Klima- und \u00d6kodiktatur.<br \/>\n1.7.2019, BK<br \/>\n.<br \/>\nKeine Rettung, sondern Abholung<br \/>\nDie \u201eSeenotretter \u201estehen auf einem schwachen Fundament, zumindest wenn es um die Logik geht. Aber sie k\u00f6nnen mit der Unterst\u00fctzung der linken Medien rechnen und all jener Politiker, die sich in deren Gefangenschaft begeben haben. \u201eWer einen Menschen rettet, kann kein Krimineller sein\u201c, hei\u00dft es. Ja klar. Aber hier geht es nicht um \u201eRettung\u201c, sondern um \u201eAbholung\u201c. Wer einen Menschen vor der K\u00fcste Afrikas abholt, um ihn in das deutsche Sozialsystem einzuschleusen, mu\u00df sich die Frage gefallen lassen, ob das mit den Gesetzen vereinbar ist. Da hilft auch kein Bedford-Strohm und kein Steinmeier. Gesetze sind dazu da, eingehalten zu werden. Aber wer heute Gesetzlichkeit fordert, macht sich als Mitt\u00e4ter verd\u00e4chtig, hat quasi den Finger am Abzug. Wenn es nicht gelingt, wieder die Herrschaft des gesunden Menschenverstandes herzustellen, hat das Schland bald<br \/>\n1.7.2019, TAV, TO<\/p>\n<p>1979 war die Politik einig, das wir nicht f\u00fcr alle Fl\u00fcchtlinge aus Asien zust\u00e4ndig sind.<br \/>\nhttps:\/\/www.spiegel.de\/spiegel\/print\/d-39868686.html<br \/>\n2019 ist sich die Politik offensichtlich einig (ausser AFD), das wir f\u00fcr Fl\u00fcchtlinge aus der ganzen Welt, besonders Muslime und Afrikaner zust\u00e4ndig sind. Schleudertrauma vom Kopfsch\u00fctteln.<br \/>\n1.7.2019, AR, TO<br \/>\n.<br \/>\nDanke Marco Gallina f\u00fcr diese stringente Beweisf\u00fchrung und klare Sprache. Gr\u00fcne Hybris, gr\u00fcne Hypermoral, gr\u00fcner Imperialismus \u2013 Menschenhandel als gute Tat \u2013 und Erpressung des souver\u00e4nen italienischen Staates und der italienischen Freunde m\u00fcssen wohl einem totalit\u00e4ren Denken zugeordnet werden . Der neue Faschismus tritt in gr\u00fcner Verkleidung und mit offenen Kragen auf. L\u00e4ngst geht es nicht mehr um Erhalt der Landschaft und eine bessere Umwelt, sondern um das Kapern unseres Staates und um die Errichtung einer neu-totalit\u00e4ren Spielart des kommunistischen Dirigismus . Windr\u00e4der, E-Autos, Blutauffrischung, Genderei, Sexualisierung bis in die Kinderg\u00e4rten, Abschaffung der elterlichen Erziehung und Verantwortung, Selbsthass und die Errichtung der EUdSSR sind einige der schlimmsten Begleiterscheinungen einer v\u00f6llig abgehobenen Schicht, die noch nie im Schwei\u00dfe ihres Angesichtes gearbeitet hat und doch alles besser wei\u00df. Es ist wieder einmal das deutsche Wesen, an dem die Welt gesunden soll. Der Deutsche lebt entweder in der Vergangenheit oder in Utopia, aber auf keinen Fall in der Wirklichkeit.<br \/>\n1.7.2019, BRA<br \/>\n.<br \/>\n<strong>\u201eWas erlauben sich Carola Rackete?\u201c<\/strong>,<br \/>\nm\u00f6chte ich in Abwandlung Giovanni Trappatonis fragen. Das deutsche Herrenmenschentum, welches erwartet, dass ihm die Welt folgt, ist zur\u00fcck; diesmal in Gestalt gr\u00fcn-linker Bessermenschen mit ihrer unverhandelbaren Ideologie. Fehlt nicht mehr viel zu einer \u00fcberarbeiteten Form des deutschen Faschismus. Wie hie\u00df es gleich noch in einem bekannten, deutschen Volkslied vergangen geglaubter Tage: \u201eDenn heute da h\u00f6rt uns Deutschland Und morgen die ganze Welt!\u201c Da ich f\u00fcr die Entwicklung unseres Landes keinerlei Optimismus mehr habe, ertappe ich mich ab und an dabei, dass ich denke: M\u00f6ge dieses deutsche Volk endlich aussterben! Diese epidemiehaft verbreitete, arrogante Hohlk\u00f6pfigkeit ist ja nicht mehr auszuhalten. Vor uns liegt eine Agonie. Nach dem \u00d6ko-Faschismus, mit all seiner geballten Faktenleugnung, wird der Islam das Ruder des leck geschlagenen Tankers Deutschland \u00fcbernehmen. Ich m\u00f6chte nur noch von Bord!<br \/>\n1.7.2019, M.B., TO<br \/>\n.<br \/>\nDas ganze Seenotrettungsthema strotzt von einer Unlogik, da\u00df man nicht glauben kann, da\u00df intelligente Menschen diese nicht sofort bemerken m\u00fc\u00dften: Warum m\u00fcssen sich die jungen M\u00e4nner erst diesem Initiationsritus der maritimen Selbstgef\u00e4hrdung unterwerfen, um in die europ\u00e4ischen Sozialsysteme zu gelangen, wenn man sie doch einfach in Afrika abholen k\u00f6nnte. Denn von wo sie starten, ist ja bekannt und da keiner abgewiesen werden darf, h\u00e4tten alle, die sich an Afrikas K\u00fcsten einfinden, einen Anspruch auf Transit! Mit dieser Strategie w\u00fcrde sich die Notwendigkeit einer permanenten Seenotrettungsbereitschaft sofort er\u00fcbrigen, keiner k\u00e4me mehr in Gefahr, keine k\u00e4me mehr um. Das w\u00fcrde aber nat\u00fcrlich zwingend den n\u00e4chsten Schritt erfordern: die Triage oder anders, wer entschiede, wer und wieviele abgeholt werden und wohin sie gebracht werden. Diesem logisch zwingenden Schritt entzieht man sich, in dem man den \u201eFlaschenhals\u201c der Mittelmeer\u00fcberquerung als H\u00fcrde aufrecht erh\u00e4lt und den Kollateralschaden der Ertrunkenen auf zweierlei Weise f\u00fcr sich nutzt: erstens kann man sich so richtig als humanit\u00e4rer Retter derer aufspielen, die man durch seine infame Politik erst in die Notwendigkeit einer inzenierten Seenotrettung gebracht hat und zweitens sch\u00fctzt man sich durch diese \u201enat\u00fcrliche Auswahl\u201c vor dem gef\u00fcrchteten Volkssturm in den europ\u00e4ischen L\u00e4ndern, der irgendwann ausbr\u00e4che, wenn eine unbegrenze Zuwanderung die Sozialkassen und das t\u00e4glich neuzudefinierende Zusammenleben in die Katastrophe treiben w\u00fcrde.<br \/>\n1.7.2019, DR.M.<br \/>\n.<br \/>\n<strong>Die Deutschnationalit\u00e4t ist von Gr\u00fcnlinks eben zu beseitigen<\/strong><br \/>\nMarco Gallini \u00fcberbetont das Nationalistische im aktuellen Handeln deutscher Akteure eklatant. Der deutsche Hypermoralismus ist nicht nationalbezogen (auch wenn er es in der Konsequenz vielleicht ist) sondern im Gegenteil post- bis antinational. Ein Nationalist ist Matteo Salvini \u2013 und er kann es sein, weil, anders als in Deutschland, die italienische Nation, die der deutschen sicher und anders als in anderen europ\u00e4ischen Nationen darin \u00e4hnelt, da\u00df das Bekenntnis zu ihr stets prek\u00e4r ist und von starken Regionalismen \u00fcberlagert wird, durch Mussolini nicht kontaminiert und delegitimiert wurde. Das aber ist in Deutschland der Fall, wo selbst Rechte, denken wir in der Tat an Gaulands Fliegenschi\u00df-Aff\u00e4re, sich nicht von der Fixierung auf Hitler als den Kristallisationspunkt deutscher Nationalit\u00e4t l\u00f6sen k\u00f6nnen.<br \/>\nF\u00fcr die deutsche Linke ist die exzessive Einwanderung nach Deutschland, die selbstverst\u00e4ndlich die deutsche Kultur und das Deutschtum zersetzt und allm\u00e4hlich verdr\u00e4ngt (zumindest da, wo sie bereits nicht mehr reversibel ist und die Mehrheitsverh\u00e4ltnisse \u00e4ndert, also in Westdeutschland und Berlin) der einzige und beste Garant, die Deutschnationalit\u00e4t zu beseitigen und damit ein IV. Reich zu verhindern. Alles andere Gefasel von Multikulti und bunt ist nur aufgesetzt und Camouflage oder Rechtfertigung der eigentlichen Absicht. Und so ist ungebremste, freie Einwanderung und zudem noch die von m\u00f6glichst kulturfremden Ethnien f\u00fcr sie eine politische Conditio sine qua non, die sie unerbittlich und ohne R\u00fccksicht auf Verluste verteidigen, wei\u00df Gott nicht erst seit 2015.<br \/>\nSalvini gef\u00e4hrdet das. Setzt er sich durch, versiegt weniger der Zustrom aus Afrika und dem Orient, die Zuwanderer werden andere Weg finden, so \u00fcber Osteuropa oder Spanien oder wirklich direkt per Schiff nach Deutschland. Viele kommen ohnehin per Flugzeug. Doch sein Vorgehen, w\u00fcrde es durchkommen, w\u00fcrde das Narrativ besch\u00e4digen, das es eine Bringschuld der Europ\u00e4er gibt, Einwanderung zuzulassen. Einwanderung f\u00e4nde nicht mehr selbsterm\u00e4chtigt statt als \u201eFl\u00fcchtling\u201c sondern unterl\u00e4ge wieder dem opportunistischen Gutd\u00fcnken und Abw\u00e4gen des Zielstaates. W\u00fcrde man das aus Sicht der Linken aber dulden, w\u00e4re damit die Institution Nation als solches wieder restituiert \u2013 und damit auch die der deutschen. Das Asylrecht als Einwanderungsrecht und Garant starker Zuwanderungszahlen w\u00e4re obsolet.<br \/>\nDazu abschlie\u00dfend folgende Anregung zu einer \u00dcberlegung: Wie s\u00e4hen die westlichen Bundesl\u00e4nder und Berlin, ihr Lebensgef\u00fchl, und wie s\u00e4he das Handeln der lokalen Eliten heute aus, h\u00e4tte es die Gastarbeiter- und sp\u00e4ter Asylzuwanderung so nie gegeben, bzw. h\u00e4tte man sie bestenfalls Anfang der 1970er beendet und alle Zugewanderten und ihre Nachkommen konsequent repatriiert anstatt sie in Deutschland zu belassen, auch wenn das vor\u00fcbergehend Engp\u00e4sse auf dem minderqualifizierten Arbeitsmarkt (Kohleminen, M\u00fcllabfuhr, Autoherstellung) gehabt h\u00e4tte?<br \/>\nSicher ist, so meine Ansicht, da\u00df die deutsche Linke sich ein anderes Ankerobjekt als den Ausl\u00e4nder h\u00e4tte suchen m\u00fcssen. Ostdeutschland, das bis heute kaum Zuwanderung erf\u00e4hrt (und vor 1961 und seit 1990 eher einen massiven Exodus junger Menschen und B\u00fcrgerlicher verkraften mu\u00df) kann als gewisse Referenz dienen, denn obwohl auch andere Faktoren die Andersartigkeit von West- und Ostdeutschen beeinflussen \u2013 die deutsche Nation als solche stand im Osten nie zu Debatte, sonst g\u00e4be es heute noch die DDR, egal wie verfa\u00dft.<br \/>\nWestdeutschland aber hat sein deutsches Nationalbewu\u00dftsein und konkludent auch sein Kulturbewu\u00dftsein schon vor 1989 verloren. So mag es nicht erstaunen, da\u00df \u2013 trotz fast 20 Millionen Ausl\u00e4ndern in Westdeutschland \u2013 allein schon die blo\u00dfe Aussicht, die Zuwanderung k\u00f6nne, wenn nicht versiegen, so doch zum Rinnsal werden, unter den linken Eliten derartige Panik ausl\u00f6st. Bei der Wiedervereinigung hatten sie nie Angst vor den Russen oder den Ostdeutschen \u2013 sondern Angst vor einer Wiederkehr des Deutschtums im Westen. Anneta Kahane hat es treffend ausgedr\u00fcckt: Ostdeutschland sei bis heute \u201ezu wei\u00df\u201c \u2013 also gar nicht deutsch im heutigen Sinne.<br \/>\nDarum geht es hier.<br \/>\n1.7.2019, TH,H.<\/p>\n","protected":false},"excerpt":{"rendered":"<p>Home\u00a0&gt;\u00a0Global\u00a0&gt;EU\u00a0&gt;Migration\u00a0&gt;Mittelmeer &gt;Deutschland &gt;Seenotrettung EU-Migrationspakt unwirksam\u00a0(5.10.2023) Elon Musk zur illegalen Migration: Was wirklich hinter der \u201eSeenotrettung\u201c steckt! (2.10.2023) Lampedusa \u2013 Gesundheitssystem\u00a0(30.9.2023) Maa\u00dfen: CDU und Werteunion\u00a0(16.2.2023) Deutschland \u2013 Noch kurz die Welt retten\u00a0(24.7.2020) PR-Agenturen f\u00fcr Zuwanderung:\u00a0Akademisch zertifiziert &#8211; Der Gro\u00dfe Austausch als &hellip; <a href=\"https:\/\/www.freiburg-schwarzwald.de\/blog\/global\/deutschland\/seenotrettung\/\">Weiterlesen <span class=\"meta-nav\">&rarr;<\/span><\/a><\/p>\n","protected":false},"author":2,"featured_media":0,"parent":62490,"menu_order":0,"comment_status":"open","ping_status":"closed","template":"","meta":{"footnotes":""},"class_list":["post-73508","page","type-page","status-publish","hentry"],"_links":{"self":[{"href":"https:\/\/www.freiburg-schwarzwald.de\/blog\/wp-json\/wp\/v2\/pages\/73508","targetHints":{"allow":["GET"]}}],"collection":[{"href":"https:\/\/www.freiburg-schwarzwald.de\/blog\/wp-json\/wp\/v2\/pages"}],"about":[{"href":"https:\/\/www.freiburg-schwarzwald.de\/blog\/wp-json\/wp\/v2\/types\/page"}],"author":[{"embeddable":true,"href":"https:\/\/www.freiburg-schwarzwald.de\/blog\/wp-json\/wp\/v2\/users\/2"}],"replies":[{"embeddable":true,"href":"https:\/\/www.freiburg-schwarzwald.de\/blog\/wp-json\/wp\/v2\/comments?post=73508"}],"version-history":[{"count":5,"href":"https:\/\/www.freiburg-schwarzwald.de\/blog\/wp-json\/wp\/v2\/pages\/73508\/revisions"}],"predecessor-version":[{"id":115895,"href":"https:\/\/www.freiburg-schwarzwald.de\/blog\/wp-json\/wp\/v2\/pages\/73508\/revisions\/115895"}],"up":[{"embeddable":true,"href":"https:\/\/www.freiburg-schwarzwald.de\/blog\/wp-json\/wp\/v2\/pages\/62490"}],"wp:attachment":[{"href":"https:\/\/www.freiburg-schwarzwald.de\/blog\/wp-json\/wp\/v2\/media?parent=73508"}],"curies":[{"name":"wp","href":"https:\/\/api.w.org\/{rel}","templated":true}]}}