{"id":73364,"date":"2019-06-24T18:44:30","date_gmt":"2019-06-24T16:44:30","guid":{"rendered":"https:\/\/www.freiburg-schwarzwald.de\/blog\/?page_id=73364"},"modified":"2019-08-11T18:10:56","modified_gmt":"2019-08-11T16:10:56","slug":"luebcke02juni2019","status":"publish","type":"page","link":"https:\/\/www.freiburg-schwarzwald.de\/blog\/engagement\/zukunft\/demokratie\/luebcke02juni2019\/","title":{"rendered":"Luebcke02Juni2019"},"content":{"rendered":"<p><a href=\"https:\/\/freiburg-schwarzwald.de\/blog\">Home<\/a>\u00a0&gt;<a title=\"Engagement\" href=\"https:\/\/www.freiburg-schwarzwald.de\/blog\/engagement\/\">Engagement<\/a>\u00a0&gt;<a title=\"Zukunft\" href=\"https:\/\/www.freiburg-schwarzwald.de\/blog\/engagement\/zukunft\/\">Zukunft<\/a>\u00a0&gt;<a title=\"Demokratie\" href=\"https:\/\/www.freiburg-schwarzwald.de\/blog\/engagement\/zukunft\/demokratie\/\">Demokratie<\/a>\u00a0&gt;Luebcke02juni2019<\/p>\n<div id=\"attachment_71391\" style=\"width: 648px\" class=\"wp-caption alignnone\"><a href=\"https:\/\/www.freiburg-schwarzwald.de\/blog\/kultur\/medien\/diskriminierung\/kuechenschellen-kaiserstuhl2019-03pan\/\" rel=\"attachment wp-att-71391\"><img loading=\"lazy\" decoding=\"async\" aria-describedby=\"caption-attachment-71391\" class=\"size-full wp-image-71391\" src=\"https:\/\/www.freiburg-schwarzwald.de\/blog\/wp-content\/uploads\/2019\/03\/kuechenschellen-kaiserstuhl2019-03pan.jpg\" alt=\"K\u00fcchenschellen im warmen Kaiserstuhl bei Freiburg am 20.3.2019\" width=\"638\" height=\"353\" srcset=\"https:\/\/www.freiburg-schwarzwald.de\/blog\/wp-content\/uploads\/2019\/03\/kuechenschellen-kaiserstuhl2019-03pan.jpg 638w, https:\/\/www.freiburg-schwarzwald.de\/blog\/wp-content\/uploads\/2019\/03\/kuechenschellen-kaiserstuhl2019-03pan-180x99.jpg 180w\" sizes=\"auto, (max-width: 638px) 100vw, 638px\" \/><\/a><p id=\"caption-attachment-71391\" class=\"wp-caption-text\">K\u00fcchenschellen im warmen Kaiserstuhl bei Freiburg am 20.3.2019<\/p><\/div>\n<ul>\n<li>Totalit\u00e4re Gesinnungen und geistiger Terror auf dem Vormarsch (15.7.2019)<\/li>\n<li>Mordfall L\u00fcbcke: Schuldzuweisung der CDU an die AfD unverantwortlich (Kubicki) (3.7.2019)<\/li>\n<li>WerteUnion an Tauber: Was tun Sie anders als instrumentalisieren? (25.6.2019)<\/li>\n<li><a href=\"https:\/\/www.freiburg-schwarzwald.de\/blog\/es-gibt-auch-keine-gute-gewalt\/\">https:\/\/www.freiburg-schwarzwald.de\/blog\/es-gibt-auch-keine-gute-gewalt\/<\/a>\u00a0(24.6.2019)<\/li>\n<li>&#8222;Du tr\u00e4gst Mitschuld an seinem Tod&#8220; (24.6.2019)<\/li>\n<li>AKK gibt AfD Mitschuld am L\u00fcbcke-Mord: &#8222;Waffe an die Schl\u00e4fe gedr\u00fcckt&#8220; (24.6.2019)<\/li>\n<li>Einzelfall L\u00fcbcke &#8211; Instumentalisieren (23.6.2019)<\/li>\n<li>Da stehen die Freiheitsfeinde &#8211; Vom Ausschlachten des Mordes an Walter L\u00fcbcke (21.6.2019<strong>)<\/strong><\/li>\n<li>Peter Tauber &#8211; Mitschuld-Logik von AfD und 68er? (19.6.2019)<\/li>\n<li>Walter L\u00fcbcke wurde am 2.6.2019 niedergeschossen (19.6.2019)<\/li>\n<\/ul>\n<ul>\n<li>Der Mord an Dr. Walter L\u00fcbcke<\/li>\n<li><a title=\"Chemnitz-Messermord26-08-2018\" href=\"https:\/\/www.freiburg-schwarzwald.de\/blog\/engagement\/zukunft\/demokratie\/chemnitz-messermord26-08-2018\/\">Chemnitz-Messermord26-8-2018\u00a0<\/a><\/li>\n<li><a title=\"Dagegen\" href=\"https:\/\/www.freiburg-schwarzwald.de\/blog\/engagement\/dagegen\/\">Dagegen-Sein<\/a><\/li>\n<li><a title=\"Diffamierung\" href=\"https:\/\/www.freiburg-schwarzwald.de\/blog\/kultur\/medien\/diffamierung\/\">Diffamierung<\/a><\/li>\n<li><a title=\"Ehrlichkeit\" href=\"https:\/\/www.freiburg-schwarzwald.de\/blog\/engagement\/zukunft\/ehrlichkeit\/\">Ehrllchkeit<\/a><\/li>\n<li><a title=\"Einzelfall\" href=\"https:\/\/www.freiburg-schwarzwald.de\/blog\/selbsthilfe\/soziales\/justiz\/einzelfall\/\">Einzelfall<\/a><\/li>\n<li><a title=\"Gesinnungsdiktatur\" href=\"https:\/\/www.freiburg-schwarzwald.de\/blog\/kultur\/medien\/gesinnungsdiktatur\/\">Gesinnungsdiktatur<\/a><\/li>\n<li><a title=\"Gesinnungsethik\" href=\"https:\/\/www.freiburg-schwarzwald.de\/blog\/engagement\/zukunft\/demokratie\/gesinnungsethik\/\">Gesinnungsethik<\/a><\/li>\n<li><a title=\"Gutmenschen\" href=\"https:\/\/www.freiburg-schwarzwald.de\/blog\/engagement\/gutmenschen\/\">Gutmenschen<\/a><\/li>\n<li><a title=\"Instrumentalisierung\" href=\"https:\/\/www.freiburg-schwarzwald.de\/blog\/kultur\/medien\/instrumentalisierung\/\">Instrumentalisierung<\/a><\/li>\n<li><a title=\"Integration\" href=\"https:\/\/www.freiburg-schwarzwald.de\/blog\/global\/integration\/\">Integration<\/a><\/li>\n<li><a title=\"Journalismus\" href=\"https:\/\/www.freiburg-schwarzwald.de\/blog\/kultur\/medien\/journalismus\/\">Journalismus<\/a><\/li>\n<li><a title=\"Kampf-gegen-Rechts\" href=\"https:\/\/www.freiburg-schwarzwald.de\/blog\/kultur\/medien\/kampf-gegen-rechts\/\">Kampf gegen rechts<\/a><\/li>\n<li><a title=\"Kommunikation\" href=\"https:\/\/www.freiburg-schwarzwald.de\/blog\/kultur\/internet\/kommunikation\/\">Kommunikation<\/a><\/li>\n<li><a title=\"Luebcke-Instrumentalisierung\" href=\"https:\/\/www.freiburg-schwarzwald.de\/blog\/engagement\/zukunft\/demokratie\/luebcke-instrumentalisierung\/\">Luebcke-Instrumentalisierung<\/a><\/li>\n<li><a title=\"Mainstream\" href=\"https:\/\/www.freiburg-schwarzwald.de\/blog\/kultur\/medien\/mainstream\/\">Mainstream<\/a><\/li>\n<li><a title=\"Meinungsfreiheit\" href=\"https:\/\/www.freiburg-schwarzwald.de\/blog\/kultur\/medien\/meinungsfreiheit\/\">Meinungsfreiheit<\/a><\/li>\n<li><a title=\"Messerstecher\" href=\"https:\/\/www.freiburg-schwarzwald.de\/blog\/selbsthilfe\/soziales\/justiz\/messerstecher\/\">Messerstecher<\/a><\/li>\n<li><a title=\"Missverstehen\" href=\"https:\/\/www.freiburg-schwarzwald.de\/blog\/kultur\/medien\/missverstehen\/\">Missverstehen mit Absicht<\/a><\/li>\n<li><a title=\"Nazi\" href=\"https:\/\/www.freiburg-schwarzwald.de\/blog\/religion\/juden\/nazi\/\">Nazi<\/a><\/li>\n<li><a title=\"Political-Correctness\" href=\"https:\/\/www.freiburg-schwarzwald.de\/blog\/kultur\/medien\/political-correctness\/\">Political Correctness<\/a><\/li>\n<li><a title=\"Pressekodex\" href=\"https:\/\/www.freiburg-schwarzwald.de\/blog\/kultur\/medien\/pressekodex\/\">Pressekodex<\/a><\/li>\n<li><a title=\"Rassismus\" href=\"https:\/\/www.freiburg-schwarzwald.de\/blog\/engagement\/rassismus\/\">Rassismus<\/a><\/li>\n<li><a title=\"Respekt\" href=\"https:\/\/www.freiburg-schwarzwald.de\/blog\/engagement\/respekt\/\">Respekt und Toleranz<\/a><\/li>\n<li><a title=\"Vorverurteilung\" href=\"https:\/\/www.freiburg-schwarzwald.de\/blog\/kultur\/medien\/vorverurteilung\/\">Vorverurteilung<\/a><\/li>\n<\/ul>\n<p>&nbsp;<\/p>\n<p><strong>Der Mord an Dr. Walter L\u00fcbcke<\/strong><br \/>\nDr. Walter L\u00fcbcke wird am 2.6.2019 nachts zuhause bei Kassel erschossen. Als vermutlicher T\u00e4ter wird ein Rechtsradikaler festgenommen. Solch ein furchtbarer Mord ist zu verurteilen und macht traurig und sprachlos.<br \/>\n.<br \/>\nBevor die Tat \u00fcberhaupt aufgekl\u00e4rt und der T\u00e4ter sich in einem Gerichtsverfahren stellt, bricht in den Medien eine gro\u00dfe Emp\u00f6rungswelle los: Schuldzuweisungen, Instrumentalisierungen, Geistige T\u00e4terschaft, Spekulationen, Verd\u00e4chtigungen, Vorw\u00fcrfe, Stories, &#8230;. All dies vergiftet das politische Klima und zerst\u00f6rt die <a title=\"Diskussionskultur\" href=\"https:\/\/www.freiburg-schwarzwald.de\/blog\/kultur\/medien\/diskussionskultur\/\">Diskussionskultur<\/a> unserer demokratischen Gesellschaft. Schon allein aus Respekt vor dem\u00a0Toten sollte man mit den unseligen\u00a0Statements\u00a0gegen Rechts (Liberale, Konservative, Nationale in und au\u00dferhalb der AfD) endlich aufh\u00f6ren. In einem Rechtsstaat haben die Gerichte zu entscheiden.<\/p>\n<p><em>Eine Anmerkung zum Totengedenken:<\/em><br \/>\nF\u00fcr den ermordeten Walter L\u00fcbcke (65) konnte auf Mahnwachen und Demos im \u00f6ffentlichen Raum still und friedlich gedacht werden &#8211; tr\u00f6stlich auch f\u00fcr die Angeh\u00f6rigen. Gut so und eigentlich selbstverst\u00e4ndlich.<br \/>\nF\u00fcr die am 27.12.2017 in <a title=\"Kandel-Bluttat27-12-2017\" href=\"https:\/\/www.freiburg-schwarzwald.de\/blog\/engagement\/zukunft\/demokratie\/kandel-bluttat27-12-2017\/\">Kandel\/S\u00fcdpfalz ermordete Mia (15)<\/a> hingegen war ein friedliches Gedenken im \u00f6ffentlichen Raum bis heute nicht m\u00f6glich. Ich war selbst auf den ersten beiden Mahnwachen &#8211; von Freundinnen der Mutter von Mia organisiert &#8211; in der S\u00fcdpfalz zugegen: Die Antifa-Trillerpfeifen der Gegendemos zerst\u00f6rten jegliche Ruhe und Besinnlichkeit.<\/p>\n<p><em>Walter L\u00fcbcke Mahnwache &#8230;<\/em><br \/>\nAn einer Mahnwache f\u00fcr den ermordeten Kasseler Regierungspr\u00e4sidenten Walter L\u00fcbcke haben in dessen Heimatstadt Wolfhagen mehrere Hundert Menschen teilgenommen. &#8230; In Kassel gingen am Samstag ebenfalls Hunderte Menschen wegen des Mordes an L\u00fcbcke auf die Stra\u00dfe. &#8230; Alles vom 22.6.2019 bitte lesen auf<br \/>\n<a href=\"https:\/\/www.spiegel.de\/panorama\/justiz\/walter-luebcke-mahnwache-in-wolfhagen-mit-hunderten-menschen-a-1273802.html\">https:\/\/www.spiegel.de\/panorama\/justiz\/walter-luebcke-mahnwache-in-wolfhagen-mit-hunderten-menschen-a-1273802.html<\/a><\/p>\n<p>&#8212;&#8212;&#8212;&#8212;&#8212;&#8212;&#8212;&#8212;&#8212;&#8212;<\/p>\n<p>&nbsp;<\/p>\n<p><strong>Totalit\u00e4re Gesinnungen und geistiger Terror auf dem Vormarsch<\/strong><br \/>\n<em>Der Mordfall L\u00fcbcke bietet den Regierungsparteien die traurige Gelegenheit, von ihrer verfassungs- und gesetzeswidrigen Politik der unbegrenzten und unkontrollierten Massenimmigration weiter abzulenken, indem sie ihren gef\u00e4hrlichen Kritikern Mitschuld am Tod des CDU-Politikers vorwerfen. Die Absurdit\u00e4t solcher Vorw\u00fcrfe wird in der bereits v\u00f6llig verwilderten politischen Debatte von vielen schon gar nicht mehr empfunden. Im verzweifelten Kampf gegen rechts um den Erhalt der Macht scheint jedes Mittel recht \u2013 eine fatale Entwicklung.<br \/>\n<\/em>\u00a0.<br \/>\nDer CDU-Mann L\u00fcbcke geh\u00f6rte im Herbst 2015 zu den eifrigsten Bef\u00fcrwortern der unbegrenzten Aufnahme von Fl\u00fcchtlingen und Migranten, die er aus christlichen Werten begr\u00fcndete. In einer von 800 B\u00fcrgern besuchten Versammlung informierte er an diesem Tag \u00fcber die vorgesehene Einrichtung einer \u201eFl\u00fcchtlingsunterkunft\u201c f\u00fcr 700 Personen im Ort. Im Verlaufe seiner Ausf\u00fchrungen sagte er:<br \/>\n<em>\u201eIch w\u00fcrde sagen, es lohnt sich, in unserem Land zu leben. Da muss man f\u00fcr Werte eintreten.<br \/>\nUnd wer diese Werte nicht vertritt, der kann jederzeit dieses Land verlassen,<br \/>\nwenn er nicht einverstanden ist. \u2026 Es ist die Freiheit eines jeden Deutschen. \u2026\u201c<\/em><\/p>\n<p>Auf dem kurzen Video2 h\u00f6rt man, dass die bis dahin ruhig zuh\u00f6renden B\u00fcrger nach diesen S\u00e4tzen in ihrer weit \u00fcberwiegenden Mehrheit spontan emp\u00f6rt auflachten und viele laut buhten. Zwei Tage sp\u00e4ter berichtete die Nachrichtenplattform \u201elokalo24\u201c, dass zu L\u00fcbcke bis zu diesem Zeitpunkt mehr als 350 heftige E-Mails als Reaktion auf das Video eingegangen seien, darunter auch Morddrohungen.<br \/>\n\u00dcber die \u00c4u\u00dferung L\u00fcbckes, die allgemein formuliert ist, waren nicht nur Rechtsextremisten emp\u00f6rt, sondern viele normale B\u00fcrger aus der Mitte der Gesellschaft, zu Recht. Denn man halte sich vor Augen: Ein gro\u00dfer Teil der Deutschen sieht durch diese neue gesetzeswidrige unkontrollierte Zuwanderungsflut die innere Sicherheit und l\u00e4ngerfristig die eigene Identit\u00e4t als deutsches Volk gef\u00e4hrdet. Und da r\u00e4t ihnen ein Regierungsvertreter kalt, Deutschland zu verlassen, wenn sie mit der grenzenlosen Aufnahme von Migranten, die allesamt verschleiernd Fl\u00fcchtlinge genannt werden, nicht einverstanden sind. Das ist ein Schlag ins Gesicht der angestammten Bev\u00f6lkerung, die empfinden muss: <em><strong>Nicht den Ausl\u00e4ndermassen wird die Einreise verweigert, sondern den Deutschen die Ausreise empfohlen, wenn sie ihr Recht auf eine andere Meinung geltend machen. Das entspringt einer totalit\u00e4ren Gesinnung.<br \/>\n<\/strong><\/em>\u00a0.<br \/>\nProf. Egon Flaig bemerkt dazu:<br \/>\n\u201eWer Staatsb\u00fcrgern das Angebot macht, ihren Staat zu verlassen,<br \/>\nspielt mit dem B\u00fcrgerrecht;<br \/>\ner spricht jenen, die \u00b4nicht einverstanden sind`, das Recht ab,<br \/>\nB\u00fcrger unserer Republik zu sein.<br \/>\nDas ist ein furchtbarer Fall von politischem Extremismus.<br \/>\nWer nach \u00b4Hass` in der politischen Sprache sucht, findet ihn hier in der Form von kaltem Bedacht.\u00a0Die \u00c4u\u00dferung macht das Gedicht Bertold Brechts akut, in dem der nach dem 17. Juni 1953 der DDR-Regierung riet, sie m\u00f6ge sich \u00b4ein anderes Volk` w\u00e4hlen. \u00b4Freiheit`, so Rosa Luxemburg, \u00b4ist immer die Freiheit des Andersdenkenden`. Wer denen r\u00e4t, das Land zu verlassen, spricht ihnen die Freiheit ab, anders zu denken und den Dissens vorzubringen. Das hei\u00dft auch, die Diskussion zu verweigern und die demokratische \u00d6ffentlichkeit besch\u00e4digen.\u201c 3<br \/>\n.<br \/>\nCDU und Regierung h\u00e4tten eine solche tief polarisierende und spalterische Aussage auch nicht unwidersprochen stehen lassen d\u00fcrfen. Denn, wie Prof. Flaig anf\u00fcgt: \u201eSagt jemand etwas Uns\u00e4gliches, ist das nicht schlimm, wenn eine funktionierende \u00d6ffentlichkeit es kritisiert und mit Argumenten den Politiker n\u00f6tigt, sich zu korrigieren. Geschieht das nicht, f\u00f6rdert dies jenes Klima, in dem Fanatiker glauben, morden zu d\u00fcrfen.\u201c<br \/>\n&#8230;.<br \/>\nFazit: Wenn in der politischen und medialen \u00d6ffentlichkeit nicht mehr inhaltlich auf die Argumente des Andersdenkenden eingegangen, sondern dieser pers\u00f6nlich hasserf\u00fcllt diskreditiert, diffamiert und verleumdet wird, um ihn dadurch \u00fcberhaupt als Konkurrenten auszuschalten, ist der Boden der Demokratie verlassen, die in dem gemeinsamen Ringen um die rechten Inhalte besteht. Dann hat der blanke Trieb um die alleinige Macht die Maske abgelegt. Die bisher verborgen gehaltene totalit\u00e4re Gesinnung, die nicht nur das Handeln, sondern auch das Denken anderer der eigenen Herrschaft unterwerfen will, ist unverh\u00fcllt an den Tag getreten und schwingt die Peitsche des geistigen Terrorismus.<br \/>\n&#8230; Alles vom 15.7.2019 bitte lesen auf<br \/>\n<a href=\"https:\/\/fassadenkratzer.wordpress.com\/2019\/07\/15\/totalitaere-gesinnungen-und-geistiger-terror-auf-dem-vormarsch\/\">https:\/\/fassadenkratzer.wordpress.com\/2019\/07\/15\/totalitaere-gesinnungen-und-geistiger-terror-auf-dem-vormarsch\/<\/a><\/p>\n<p>.Kommentare:<br \/>\n<strong>,,Wer Staatsb\u00fcrgern das Angebot macht, ihren Staat zu verlassen, spielt mit dem B\u00fcrgerrecht;\u2026\u201c<\/strong><br \/>\nDie empfundene Emp\u00f6rung angesichts eines solchen vergifteten Angebotes wird in diesem Artikel analysiert. F\u00fchlte man sich wom\u00f6glich noch ,,unwohl\u201c mit der eigenen Empfindung aufgrund der geballten Medienkanonade gegen ,,Andersdenkende\u201c, kann man sich nach dieser Lekt\u00fcre sicher sein, dass das Gef\u00fchlte auch rational darlegbar und begr\u00fcndbar ist. Die Entwicklung in diesem Deutschland ist allerdings furchtbar, vor allem, wenn man das Wort ,,Ent-Wickel-ung\u201c in diesem Sinne betrachtet, also Dinge, die im Kern vorhanden sind, sich durch Entwickeln offenbaren.<br \/>\n18.7.2019, M.N., FAO<br \/>\n.<br \/>\n<strong>Menschenrechte?<\/strong><br \/>\nDie selbsternannte politische Elite in diesem Land, mehrheitlich zusammengesetzt aus einer Negativauslese, redet \u00fcber Menschenrechte, folgt dabei einer Agenda fern jeder Realit\u00e4t. Egon Flaig schrieb 2006 in der Frankfurter Rundschau den Artikel:\u201cEs kann keine islamischen Menschenrechte geben\u201c.<br \/>\nhttps:\/\/www.fr.de\/politik\/kann-keine-islamischen-menschenrechte-geben-11652391.html<br \/>\nAll denen, die das Wort \u201eMenschenrechte\u201c best\u00e4ndig nach ihrer durch Unkenntnis oder Schlimmeres ausgezeichneten Agenda auslegen wollen, sei der Artikel w\u00e4rmstens empfohlen. Durch die Masseneinwanderung Kulturfremder werden die Menschenrechte der Europ\u00e4er binnen zwei drei Dekaden ausgehebelt sein und die heutigen Bef\u00fcrworter der Masseneinwanderung werden, falls sie nicht gn\u00e4digerweise ihrem biologischen Ende zum Opfer gefallen sind, sich auf ihre Menschenrechte nicht beziehen k\u00f6nnen.<br \/>\n17.7.2019, LO, FAO<\/p>\n<p>.<br \/>\n.<\/p>\n<p><strong>Mordfall L\u00fcbcke: Schuldzuweisung der CDU an die AfD unverantwortlich (Kubicki)<\/strong><br \/>\n<em>\u201eDie (Mit-)Schuldzuweisungen, die nun in die Richtung politischer Kontrahenten ausgesto\u00dfen werden, halte ich nicht nur f\u00fcr kontraproduktiv, sondern auch f\u00fcr hochgradig gef\u00e4hrlich: <\/em><br \/>\n<em>Die CDU hat in einer Entschlie\u00dfung des Pr\u00e4sidiums und Bundesvorstands am Montag eine ziemlich gerade Linie zwischen der AfD und dem Mord (am Walter L\u00fcbcke)gezogen. Auch der fr\u00fchere CDU-Generalsekret\u00e4r Peter Tauber hatte einen entsprechenden Ton gegen\u00fcber der AfD angeschlagen.<\/em><br \/>\n<em>Im Strafrecht haben wir dankenswerterweise die Unschuldsvermutung. Nur ein Gericht kann die Schuld eines Angeklagten im Rahmen eines ordentlichen rechtsstaatlichen Verfahrens feststellen. <\/em><br \/>\n<em>Wenn es aber darum geht, im Bereich des Politischen Schuldige f\u00fcr eine Straftat zu benennen, scheinen einige zu meinen, dieses Prinzip einfach aus den Angeln heben zu d\u00fcrfen. <\/em><br \/>\n<em>Wenn man in der falschen Partei ist, tr\u00e4gt man nun \u201eMitschuld\u201c an dem Mord. Dies ist nicht nur unseri\u00f6s, es ist zudem unverantwortlich. Denn es versch\u00e4rft die gesellschaftliche Spaltung, die man selbst beklagt.\u201c<\/em><br \/>\nWolfgang Kubicki (Stellv. Bundesvors. der FDP), 3.7.2019, Quelle FAZ sowie<br \/>\n<a href=\"https:\/\/www.facebook.com\/groups\/331904190515494\/?multi_permalinks=879536395752268%2C879600905745817%2C879501389089102%2C879563925749515%2C879524102420164&amp;notif_id=1561882630605091&amp;notif_t=group_activity\">https:\/\/www.facebook.com\/groups\/331904190515494\/?multi_permalinks=879536395752268%2C879600905745817%2C879501389089102%2C879563925749515%2C879524102420164&amp;notif_id=1561882630605091&amp;notif_t=group_activity<\/a><\/p>\n<p>&nbsp;<\/p>\n<p>&#8211;<\/p>\n<p><strong>WerteUnion an Tauber: Was tun Sie anders als instrumentalisieren?<\/strong><br \/>\nIn einem offenen Brief, der Cicero vorliegt, werfen Mitglieder der Werteunion dem ehemaligen Generalsekret\u00e4r Peter Tauber vor, den Tod von Walter L\u00fcbcke zu instrumentalisieren. \u201eHerr Tauber, Sie und andere haben sich wiederholt emp\u00f6rt gezeigt, wenn die Migrationspolitik der Bundesregierung mit den zahlreichen Verbrechen von Migranten, die durch diese Politik ins Land gebracht wurden, in Zusammenhang gebracht wurde &#8211; so zum Beispiel in Ihrer Rede in der Bundestagsdebatte zum Tod von Susanna. Politische Instrumentalisierung von Verbrechen sei unanst\u00e4ndig.\u201c, schreiben die Verfasser des Briefes. \u201eWas tun Sie nun Anderes mit Ihrem Angriff auf uns von der WerteUnion?\u201c<br \/>\nVorsitzender der 2017 gegr\u00fcndeten, konservativen Werteunion ist der CDU-Politiker Alexander Mitsch. Auch der ehemalige Verfassungsschutzpr\u00e4sident Hans-Georg Maa\u00dfen und der Politikwissenschaftler Werner Patzelt geh\u00f6ren ihr an.<br \/>\n&#8230; gesamter Offener Brief vom 25.6.2019 bitte lesen auf<br \/>\n<a href=\"https:\/\/www.cicero.de\/innenpolitik\/werteunion-walter-luebcke-peter-tauber-offener-brief-max-otte-afd\">https:\/\/www.cicero.de\/innenpolitik\/werteunion-walter-luebcke-peter-tauber-offener-brief-max-otte-afd<\/a><br \/>\n.<br \/>\n<strong>Auch die AfD ist Fleisch vom Fleische der Union<\/strong><br \/>\nEs ist die gleiche \u201eSchlacht\u201c, die die Merkelisten auch mit der AfD schlagen. Herr Gaulands Biographie ist doch geradezu typisch. Auch wenn es (leider) keiner zugeben will, in Wahrheit unterscheiden sich die Anh\u00e4nger der WerteUnion und der AfD doch nur darin, ob man die Union noch f\u00fcr reformierbar h\u00e4lt, oder zur \u00dcberzeugung gekommen ist, da\u00df der \u201epoint of no return\u201c leider schon \u00fcberschritten wurde. Ich denke dabei nicht an gewisse Fl\u00fcgelleute, aber z.B. Georg Pazderski w\u00fcrde doch in der WerteUnion gar nicht auffallen. W\u00e4hrend die linke H\u00e4lfte des politischen Spektrums inzwischen problemlos selbst mit der Ex-SED koaliert, \u00fcberbietet sich die rechte H\u00e4lfte mit gegenseitiger Abgrenzung. Wir brauchen dringend norwegische Verh\u00e4ltnisse, wo seit Jahren Konservative, sog. \u201eRechtspopulisten\u201c und Liberale im Parlament an einem Strang ziehen, zum Wohle aller. Dies kann auch die inhaltlichen Schw\u00e4chen der Einzelparteien korrigieren. Hoffentlich sto\u00dfen die neuen L\u00e4nder dieses Tor auf&#8230;<br \/>\n25,6,2019, PlL.J., CO<br \/>\n.<br \/>\nStephan E. sitzt im Untersuchungsgef\u00e4ngnis; er ist noch nicht verurteilt. Aber der oberschlaue Tauber macht andere schon mitschuldig. Primitiv und erb\u00e4rmlich.<br \/>\n25.6.2019, H.K., CO<br \/>\n.<br \/>\n<strong>Im Umkehrschluss !<\/strong><br \/>\nJetzt gilt es vor allem einen Schuldigen f\u00fcr die Morde und Verbrechen durch Migranten zu finden die unkontrolliert in Land gelassen wurden mit Strafakte in der Herkunftsl\u00e4ndern und IS Zugeh\u00f6rigkeit. Wer war nochmal zust\u00e4ndig, Merkel + Seehofer ? Und als 3 gr\u00f6\u00dfter Waffenlieferant der Welt w\u00e4re Deutschland verantwortlich f\u00fcr die Toten die durch deutsche Waffen sterben. Man kann alles instrumentalisieren &#8211; mit etwas Phantasie ! Der M\u00f6rder wird gefunden und m\u00f6glicherweise bestraft werden &#8211; Ende. Ich denke der aufgekl\u00e4rte B\u00fcrger und W\u00e4hler wird das entscheiden. Die Zeiten von BILD + Blitztip sind vorbei&#8230;&#8230;&#8230;und schlie\u00dflich gibt es den Cicero \ud83d\ude09<br \/>\n25.6.2019, B.E., CO<br \/>\n<strong>&#8222;Du tr\u00e4gst Mitschuld an seinem Tod&#8220;<\/strong><\/p>\n<p>CDU-Politiker Peter Tauber hat die Kritik an seiner fr\u00fcheren Parteikollegin Erika Steinbach versch\u00e4rft. Auf Twitter schrieb er in Bezug auf den Tod von Walter L\u00fcbcke: &#8222;Du tr\u00e4gst Mitschuld an seinem Tod.&#8220; Der Kasseler Regierungspr\u00e4sident wurde ermordet, dringend tatverd\u00e4chtig ist ein polizeibekannter Rechtsextremist.<br \/>\n&#8230; Alles vom 24.6.2019 bitte lesen auf<br \/>\n<a href=\"https:\/\/www.welt.de\/politik\/deutschland\/article195783867\/Tauber-vs-Steinbach-Noch-schlimmer-dass-Du-Luebcke-gekannt-hast.html\">https:\/\/www.welt.de\/politik\/deutschland\/article195783867\/Tauber-vs-Steinbach-Noch-schlimmer-dass-Du-Luebcke-gekannt-hast.html<\/a><br \/>\n.<br \/>\n<strong>&#8230;. wie 1972 bei Heinrich B\u00f6ll &#8211; heute Erika Steinbach<\/strong><br \/>\nHatten wir das nicht schon mal? Als 1972 Heinrich B\u00f6ll von Politikern und Medien der *geistigen Mitt\u00e4terschaft am Terrorismus\u201c der RAF bezichtigt wurde \u00e4usserten sich deutsche Schriftstller (u. a. auch Wallraff) in einem offenen Brief:<br \/>\n&#8222;Die unterzeichneten deutschen Schriftsteller warnen vor einer abermaligen Zerst\u00f6rung der Keime einer freiheitlich demokratischen Grundordnung in Deutschland unter dem Vorwand ihrer Verteidigung. Die Verfolgung von definierbaren Straftaten wie Bombenanschl\u00e4gen und sonstigem Terror ist eine Sache, die Diskriminierung politischer Gesinnungen ist eine vollst\u00e4ndig andere.\u201c<br \/>\nHaben wir es heute nicht dem gleichen Sachverhalt zu tun wenn auch aus einer anderen poltischen Grundhaltung. Heute geht es wieder um die Diskriminierung poltischer Gesinnungen Andersdenkender. Und wo sind unsere Schrifsteller, Medienleute, Kulturschaffenden? Sie schweigen!<br \/>\n24.6.2019,G.S.,WO<\/p>\n<p>Dann wollen wir mal f\u00fcr Frau Steinbach und Herrn Tauber hoffen, dass sich keiner da drau\u00dfen an Steinbach vergreift. Dann w\u00e4re Tauber Mitschuld. Der Mann verbreitet eine Hetze, der vergisst komplett die Tatsache, dass immer noch der T\u00e4ter f\u00fcr seine Tat verantwortlich ist (Ausnahme Auftragsmord). Ich fand und finde Steinbach schon etwas erzkonservativ, aber habe sie f\u00fcr ihre Art und Weise, mit dem Mobbing der CDU umzugehen, respektiert. Dass L\u00fcbcke so einen Tod fand erschreckt mich. Seinen Spruch fand ich zwar auch unter aller Kanone, ihn umzubringen geht aber unmissverst\u00e4ndlich viel zu weit. Nur: Die Fl\u00fcchtlings-Demokraten haben es bis heute vers\u00e4umt, die Bev\u00f6lkerung in den zwangsbegl\u00fcckten Gemeinden nach der Akzeptanz von Asylunterk\u00fcnften zu befragen. Warum eigentlich?<br \/>\n24.6.2019, C.H., WO<br \/>\n.<br \/>\nTauber selbst hat sich doch auch st\u00e4ndig abf\u00e4llig \u00fcber Arbeitslose ge\u00e4u\u00dfert, mitnichten w\u00fcrde ich Tauber unterstellen, er w\u00e4re mitverantwortlich wenn sich ein Arbeitsloser deshalb umgebracht h\u00e4tte. Bei Frau Steinbach, \u00fcber deren Aussagen ich schon seit Jahren den Kopf sch\u00fcttele, kann man wohl noch weniger von einer Mitschuld ausgehen. Luebckes bekannte Aussage war v\u00f6llig daneben, ob man die jetzt nach 4 Jahren noch st\u00e4ndig wieder aufw\u00e4rmen mu\u00dfte, sei dahingestellt, aber Kritiker, selbst wenn sich einige im Wort vergriffen haben, als Mitt\u00e4ter eines Mordes zu bezeichnen ist nun wirklich absurd und auch schon unversch\u00e4mt.<br \/>\n24.6.2019, W.K.,WO<br \/>\n.<br \/>\n<strong>&#8222;Du tr\u00e4gst Mitschuld an seinem Tod.&#8220;<\/strong><br \/>\nIm Grunde ist das Verleumdung, das ist ein Straftatbestand und derartige verbalen Herzjagden sollten von Politikern, besonders \u00fcber Twitter, nicht gef\u00fchrt werden. Es vergiftet die Debatte und die Gesellschaft. Tauber war meiner Ansicht nach immer ein Politiker, der seine eigenen Interessen vor allen anderen sieht und hier nutzt er eine ermordete Person f\u00fcr seine Zwecke.<br \/>\n24.6.2019, N.E., WO<br \/>\n.<br \/>\n<strong>Kleines Gedankenexperiment, Herr Tauber<\/strong><br \/>\nIrgendwelche durchgeknallten Antifa-Extremisten (oder andere Linksterroristen) ver\u00fcben nun in ihrem ideologischen Eifer einen Anschlag auf Frau Steinbach. Sind Sie dann mit Schuld daran, weil Sie Frau Steinbach kritisiert haben? Oder weniger theoretisch: Jemand kritisiert die Politik Israels, und es kommt zu Anschl\u00e4gen auf j\u00fcdische Einrichtungen &#8211; ist dann der Kritisierende Schuld am aufkommenden Antisemitismus?<br \/>\nDie Weiterungen Ihres irrationalen Ansatzes sind Legion: Die Juden zur Zeit Jesu kritisierten Jesus, die R\u00f6mer richteten ihn hin: sind die Juden nun Mitschuld an der Hinrichtung Jesu (Vorsicht, Fallle: diese Behauptung ist eine der Wurzeln des christlichen Antijudaismus). Oder wer immer 1978 Herrn Schleyer kritisierte, ist Mitschuld an dessen Ermordeung? Sind Sie vern\u00fcnftigen Argumenten soweit offen, Herr Tauber, dass Sie die Folgen in Erw\u00e4gung ziehen k\u00f6nnten, die die Schuldlawine, die derart kurzschl\u00fcssige \u00c4u\u00dferungen ausl\u00f6sen. Sie selbst kritisieren die AfD in ungebremster Art &#8211; Sind Sie nun Mitschuld an den Anschl\u00e4gen, die auf die AfD und ihr Personal ver\u00fcbt wurden (mehr als doppelt soviele als auf alle anderen Parteien zusammen).<br \/>\n24.6.2019, F.M., WO<br \/>\n.<br \/>\n<strong>Instrumentalisierung f\u00fcr Wahlzwecke?<\/strong><br \/>\n&#8222;Das Verbrechen werde jetzt von politischen Kr\u00e4ften instrumentalisiert, die wegen der bevorstehenden Landtagswahlen in Sachsen, Th\u00fcringen und Brandenburg erkennbar in Panik geraten seien und versuchten, AfD-Anh\u00e4nger zu stigmatisieren und mundtot zu machen. \u201eDas ist eine Entwicklung in Deutschland, die brandgef\u00e4hrlich ist.\u201c<br \/>\nGenau so ist es! Gerade Politiker der etablierten Parteien haben immer wieder vor der Instrumentalisierung von Gewaltakten durch Fl\u00fcchtlinge gewarnt. Jetzt greifen sie zur selben Methode. Das l\u00e4\u00dft schon tief blicken!<br \/>\n24.6.2019, M.U, WO<\/p>\n<p>&#8222;Es lohnt sich, in unserem Land zu leben. Da muss man f\u00fcr Werte eintreten, und wer diese Werte nicht vertritt, der kann jederzeit dieses Land verlassen, wenn er nicht einverstanden ist. Das ist die Freiheit eines jeden Deutschen.\u201c Walter L\u00fcbcke am 14.10.2015<br \/>\n24.6.2019, P.C., WO<\/p>\n<p>.<\/p>\n<p><strong>AKK gibt AfD Mitschuld am L\u00fcbcke-Mord: &#8222;Waffe an die Schl\u00e4fe gedr\u00fcckt&#8220;<\/strong><br \/>\nNachgehakt von Anne Will, wurde die CDU-Vorsitzende Annegret Kramp-Karrenbauer dann noch deutlicher: Sie k\u00f6nne bei Hans-Georg Maa\u00dfen \u201evor allem \u00fcberhaupt nicht nachvollziehen\u201c, dass dieser jetzt in einem Interview mit dem Deutschlandfunk dazu \u201eaufgerufen hat, man k\u00f6nne sich m\u00f6glicherweise auch Ann\u00e4herungen an die AfD vorstellen\u201c. Denn zumindest Teile dieser Partei oder ihrer Repr\u00e4sentanten z\u00f6gen keine klare Linie zu Rechtsextremisten und Rechtsradikalen. Und diese w\u00fcrden zum Teil das \u201egeistige Klima\u201c desjenigen schaffen, der da augenscheinlich auf der Terrasse die Waffe in die Hand genommen, sie Walter L\u00fcbcke an die Schl\u00e4fe gedr\u00fcckt und dann abgedr\u00fcckt habe. \u201eJemand, der dann sagt, einer solchen Partei kann man sich ann\u00e4hern \u2013 egal ob das Hans-Georg Maa\u00dfen ist oder irgendein anderes Mitglied meiner Partei \u2013 muss ich sagen: Der soll nur mal kurz die Augen schlie\u00dfen, soll sich Walter L\u00fcbcke vorstellen\u201c, sagte sie. Wer das tue, w\u00fcrde \u201enie mehr auf die Idee kommen, dass man mit einer Partei wie der AfD als Christdemokrat zusammenarbeiten kann.\u201c Jeder m\u00fcsse sich fragen, wie man das nach dem Tod von Walter L\u00fcbcke mit dem eigenen Gewissen vereinbaren k\u00f6nne.<br \/>\n&#8230;. Alles vom 24.6.2019 bitte lesen auf<br \/>\n<a href=\"https:\/\/www.cicero.de\/innenpolitik\/akk-anne-will-annegret-kramp-karrenbauer-hans-georg-maassen-nsu-walter-luebcke\/plus\">https:\/\/www.cicero.de\/innenpolitik\/akk-anne-will-annegret-kramp-karrenbauer-hans-georg-maassen-nsu-walter-luebcke\/plus<\/a><br \/>\n.<br \/>\n<strong>Wenn eine Partei an einem Mord verantwortlich sein soll!<\/strong><br \/>\n\u00dcbernimmt dann die CDU &amp; Co. auch die Verantwortung f\u00fcr die Morde, Verbrechen, Berlin &#8211; Attentat durch Fl\u00fcchtlinge und Migranten die sie unkontrolliert und fahrl\u00e4ssig in das Land gelassen haben? Unterschwellig nat\u00fcrlich nur. Oder hat Frau AKK daf\u00fcr auch eine eigene Logik?<br \/>\n24.6.2019, B.SCH, CO<br \/>\n.<br \/>\n<strong>Demokratischer Sozialismus der CDU?<\/strong><br \/>\nDer Kampf der CDU gegen \u201eRechts\u201c vertreibt ihr ehemaliges W\u00e4hlerklientel! Wer die fr\u00fcheren Werte (die ich hier nicht beschreiben muss) der CDU w\u00e4hlen will steht im deutschen Parteienspektrum vor unl\u00f6sbaren Problemen. Er kann die CDU w\u00e4hlen, um dann doch die sozialistische \u00d6ko-Politik der Gr\u00fcnen zu erhalten. Gr\u00fcne und SPD stehen f\u00fcr einen radikalen Gesellschaftswandel hin zu einem multikulturellen, offenen, sozialistischen Staat nach Vorbild von Maos China. Welche Alternative hat der W\u00e4hler, der das nicht will? Wenn die CDU diese Menschen weiter ausgrenzt, weiter gegen deren \u00fcberwiegend nicht radikale Einstellung hetzt, werden mehr Menschen zur AfD wandern.<br \/>\nIm Gegensatz dazu wird der \u00d6ko-Terrorismus von z. B. \u201eEnde Gel\u00e4nde\u201c von der Politik fast schon hofiert. Ein paar tausend Menschen, teilweise finanziert von einer Windkraftlobby bestimmen die deutsche Energiepolitik. Ist das unsere Demokratie?<br \/>\n24.6.2019, HJ. W., CO<br \/>\n.<br \/>\n<strong>Meuthen: Bei Anne Will \u00fcber die AfD, nicht mit der AfD sprechen<\/strong><br \/>\nMeuthen: &#8222;Fast immer l\u00e4uft es n\u00e4mlich so wie gestern bei Anne Will: Man spricht \u00dcBER uns, und zwar in \u00fcbelster Art und Weise \u2013 aber man spricht nat\u00fcrlich nicht MIT uns. Die M\u00f6glichkeit, dass wir uns zu derart uns\u00e4glichen Vorw\u00fcrfen sofort und vor gleichem Publikum \u00e4u\u00dfern k\u00f6nnten, verweigert man uns. Und diese \u00fcbelste Art und Weise wurde gestern geradezu zelebriert: Frau Kramp-Karrenbauer, selbst politisch aussichtslos mit dem R\u00fccken zur Wand stehend, erdreistete sich allen Ernstes und wiederholt zu insinuieren, dass wir f\u00fcr diese furchtbare Mordtat mitverantwortlich seien. Dieses niedertr\u00e4chtige und groteske Ansinnen gipfelte darin, dass sie meinte, wer sich vorstellen k\u00f6nnte, mit so einer Partei zusammenzuarbeiten, der solle die Augen schlie\u00dfen und sich vorstellen, wie Walter L\u00fcbcke die Waffe an die Schl\u00e4fe gehalten und abgedr\u00fcckt wurde Wie tief besch\u00e4mend und sch\u00e4big ist es, dieses schreckliche Mordgeschehen in einer Talkshow f\u00fcr parteipolitische Zwecke zu instrumentalisieren.&#8220;<br \/>\n&#8230;<br \/>\n<em>AKK gegen AfD: \u201eAugen schlie\u00dfen und sich den Mord an L\u00fcbcke vorstellen\u201c<\/em><br \/>\nTeile der AfD, so Kramp-Karrenbauer, z\u00f6gen keine Grenze zu Rechtsradikalen und schufen das geistige Klima f\u00fcr den Menschen, der Walter L\u00fcbcke ermordet haben soll. \u201eJemand der sagt, einer solchen Partei k\u00f6nne man sich ann\u00e4hern\u201c, sagte AKK, \u201esoll die Augen schlie\u00dfen und sich Walter L\u00fcbcke vorstellen, und wird nie mehr auf die Idee kommen, dass man mit einer Partei wie der AfD als Christdemokrat zusammenarbeiten kann.\u201c Kramp-Karrenbauer weiter: \u201eJedes CDU-Mitglied, das von so etwas redet oder tr\u00e4umt, muss sich wirklich die h\u00f6chstpers\u00f6nliche Frage stellen, wie er das mit seinem Gewissen vereinbaren kann!\u201c<br \/>\n&#8230; Alles vom 24.6.2019 bitte lesen auf<br \/>\n. <a href=\"https:\/\/www.merkur.de\/\u2026\/bei-anne-will-akk-bringt-afd-in-ver\">https:\/\/www.merkur.de\/\u2026\/bei-anne-will-akk-bringt-afd-in-ver<\/a>\u2026<br \/>\n.<br \/>\n<strong>Jetzt fliegen die Steine aus dem sprichw\u00f6rtlichen Glashaus.<\/strong><br \/>\nMan kann der AfD manches vorwerfen, aber es gibt keinen einzigen Straft\u00e4ter, der seinen Aufenthalt in Deutschland einer politischen Entscheidung der AfD verdankt. Es gibt hingegen nach dem BKA Lagebild Kriminalit\u00e4t im Kontext von Zuwanderung 2018 \u00fcber 160.000 tatverd\u00e4chtige Neuzuwanderer, darunter schwerste Gewalt- und Sexualverbrecher die ihren Aufenthalt in Deutschland der politischen Entscheidung Merkels und ihrer Regierungspartner und Parteifreunde in der Union verdanken.<br \/>\n24.6.2019, LEN<br \/>\nEs ist gar nicht n\u00f6tig, die Augen zu schlie\u00dfen und sich (wie von AKK vorgeschlagen) den Mord an L\u00fcbcke vorzustellen. Man kann sich stattdessen im Video die Enthauptung einer jungen Europ\u00e4erin in Marokko anschauen und sich dann die Frage stellen, wie man es mit seinem Gewissen vereinbaren kann, junge M\u00e4nner aus einem solchen Land, denen man an der Grenze nicht ansieht, ob sie harmlos sind oder ob sie zu jenen z\u00e4hlen (z.B. den Verfassern der zahlreichen Internetbotschaften an die Mutter des Opfers), die den geistigen N\u00e4hrboden f\u00fcr solche Taten lieferten, in unserer Gesellschaft willkommen zu hei\u00dfen.<br \/>\n24.6.2019, KEM<br \/>\n.<br \/>\n<strong>Fakten gegen das verzerrte Agitationsbild, das in Formaten wie bei Will gezeichnet wird:<\/strong><br \/>\nIm Jahr 2018 registrierte das Bundeskriminalamt (BKA) insgesamt 43 Gewaltdelikte gegen Politiker in Deutschland. F\u00fcnf wurden rechtsextremen T\u00e4tern zugeschrieben, 18 linksextremen T\u00e4tern, 20 konnten nicht zugeordnet werden. Im ersten Quartal 2019 meldete das BKA insgesamt 320 politisch motivierte Straftaten, die sich gegen Parteimitglieder oder Parteigeb\u00e4ude richteten. Dabei traf es u.a. 155 mal die AfD, 34 mal die SPD, 30 mal CDU und CSU, 29 mal die Gr\u00fcnen, 18 mal die Linke. Die AfD hat ein Gewaltproblem und zwar als massiv Gesch\u00e4digte.<br \/>\n24.6.2019, P.R.<br \/>\n.<\/p>\n<p><strong>F\u00fcr oder gegen Totalitarismus \u2013 Jeder muss sich entscheiden!<\/strong><br \/>\nZur Klarstellung: So bedauerlich und verachtenswert jede Gewalt ist, besonders wenn sie sich gegen Menschen im Dienst der Allgemeinheit richtet, so gef\u00e4hrlich ist die \u00c4u\u00dferung von Tauber. Meinungen, die in anderen L\u00e4ndern der EU Regierungspolitik sind, k\u00f6nnen in seri\u00f6sem Umfeld nicht in einen Kontext gestellt werden, der den \u201cEinzelfall\u201d L\u00fcbcke \u2013 und genau das ist er \u2013 zum Totschlagsargument kritischer Vernunft hochstilisiert. Das nennt man eigentlich \u201cInstrumentalisieren\u201d. Tauber begibt sich hier auf den Kriegspfad des einzigen menschgemachten Klimawandels unserer Zeit: Es ist das Klima der gesellschaftlichen Debatte welches er noch mehr vergiftet.<br \/>\nJede Debatte lebt nicht vom Konsens, sondern von der Kontroverse, vom besseren Argument, einer der zentralen Errungenschaften der Aufkl\u00e4rung. Es ist n\u00e4mlich der teurere Mut zum Gebrauch des eigenen Verstandes, nicht der billige zum Nachbeten regierungsamtlicher Propaganda, der von uns allen abverlangt wird.<br \/>\nEs ist alarmierend, wenn jetzt schon Mitglieder von Taubers eigener Partei, der CDU, (wie Max Otte und Alexander Mitsch) unter einen moralischen Generalvorbehalt gestellt, ihnen eine Mitschuld an politischen Attentaten attestiert wird. Ein anderer Ex-Generalsekret\u00e4r, Ruprecht Polenz, steht der Sinn gar nach einer regelrechten S\u00e4uberung in den eigenen Reihen. Apropos Verrohung des Denkens und der Sprache!<br \/>\nDie Fragmentierung der ehemaligen Volksparteien schreitet offenbar mit gro\u00dfen Schritten voran. Ein Ende ist deswegen nicht abzusehen, weil in naher Zukunft Dreier- und Viererb\u00fcndnisse noch zusammenzwingen, was eigentlich erstens, nicht zusammengeh\u00f6rt, und zweitens, den W\u00e4hlerwillen \u2013 betrachtet man die politischen Inhalte \u2013 grob missachtet..<br \/>\n&#8230; Alles vom 23.6.2019 von Matthias Moosdorf bitte lesen auf<br \/>\n<a href=\"https:\/\/vera-lengsfeld.de\/2019\/06\/23\/fuer-oder-gegen-totalitarismus-jeder-muss-sich-entscheiden\/#more-4488\">https:\/\/vera-lengsfeld.de\/2019\/06\/23\/fuer-oder-gegen-totalitarismus-jeder-muss-sich-entscheiden\/#more-4488<br \/>\n<\/a>.<\/p>\n<p><strong>Da stehen die Freiheitsfeinde &#8211; Vom Ausschlachten des Mordes an Walter L\u00fcbcke<\/strong><br \/>\n<em>Nach dem Mord an dem Kassler Regierungspr\u00e4sidenten fordert Ex-CDU-Generalsekret\u00e4r Tauber einen Grundrechtsentzug selbst f\u00fcr b\u00fcrgerliche Konservative. Und andere neue Diskurs-Tabus. Sie befeuern damit ein antiliberales Klima<\/em><\/p>\n<p>Von dem fr\u00fcheren CDU-Generalsekret\u00e4r und heutigen Verteidigungs-Staatssekret\u00e4r Peter Tauber h\u00f6rte die \u00d6ffentlichkeit l\u00e4ngere Zeit wenig bis nichts. Bis zur Verhaftung des Rechtsextremen Stephan E., der als dringend tatverd\u00e4chtig gilt, den Kasseler Regierungspr\u00e4sidenten Walter L\u00fcbcke erschossen zu haben. Der Gastbeitrag Taubers in der \u201eWelt\u201c unter der \u00dcberschrift \u201eDieser Feind steht rechts\u201c wirkt so, als w\u00fcrde er Forderungen, Abrechnungen und Beschuldigen versammeln, die der CDU-Politiker unabh\u00e4ngig von dem Verbrechen an L\u00fcbcke schon l\u00e4nger loswerden wollte.<br \/>\n<em>\u201eNicht nur die politische Gewalt und Gewaltbereitschaft von rechts nimmt zu\u201c, schreibt Tauber: \u201eAuch das politische Klima dieser Republik hat sich ver\u00e4ndert. Die AfD im Deutschen Bundestag und in den L\u00e4nderparlamenten leistet dazu einen Beitrag. Sie hat mit der Entgrenzung der Sprache den Weg bereitet f\u00fcr die Entgrenzung der Gewalt. Erika Steinbach, einst eine Dame mit Bildung und Stil, demonstriert diese Selbstradikalisierung jeden Tag auf Twitter. Sie ist ebenso wie die H\u00f6ckes, Ottes und Weidels durch eine Sprache, die enthemmt und zur Gewalt f\u00fchrt, mitschuldig am Tod Walter L\u00fcbckes.\u201c<\/em><br \/>\n&#8230;<br \/>\nNach Angaben des Bundesinnenministeriums wurden im ersten Quartal 2019 mehr AfD-Vertreter Opfer politisch motivierter Attacken als Politiker aller anderen Parteien zusammen (114 AfD-Vertreter, 69 Vertreter aller anderen). Der bis heute nicht aufgekl\u00e4rte Angriff auf den Bremer AfD-Bundestagsabgeordneten Frank Magnitz h\u00e4tte auch anders ausgehen k\u00f6nnen. Immerhin fiel der Politiker nach einem Hieb gegen den Kopf ungebremst, und schlug auf dem Boden auf.\u00dcber Magnitz ergoss sich damals im Netz H\u00e4me; die freie taz-Autorin Veronika Kracher twitterte: \u201eDass #Magnitz zusammengelatzt wurde ist \u00fcbrigens die konsequente Durchf\u00fchrung von #NazisRaus. Abhauen werden die nicht. Die werden sich bei der gr\u00f6\u00dften m\u00f6glichen Bedrohungssituation aber zweimal \u00fcberlegen ob sie offen faschistische Politik machen. Deshalb: mit ALLEN Mitteln.\u201c Was also sollten dann nach Taubers und Polenz\u2018 und Spiegel-Online-Standards die Folgen sein, wenn es auf der rechten Seite ein Todesopfer gibt? Gro\u00dfe Flurbereinigung links der Mitte? Grundrechtsentzug f\u00fcr die taz-Redaktion? W\u00e4re dann jeder, der gegen die AfD kommentierte oder polemisierte, ein Mitt\u00e4ter?<br \/>\n&#8230;<br \/>\nPolitiker und Medienleute, die einen noch gar nicht aufgekl\u00e4rten Mord ausschlachten und zur Abrechnung mit politischen Gegnern nutzen, die sowieso schon auf ihrer Liste standen, die am liebsten politische Grundrechte schleifen und eine politische Flurbereinigung durchf\u00fchren w\u00fcrden \u2013 das sind keine Verteidiger der Freiheit. Sie sind autorit\u00e4r. Und sie kommen nicht, um Fordustans Formulierung aufzugreifen, aus einem bestimmten Klima. Sie erzeugen es. Was passiert, wenn die Liberalit\u00e4t zu wenige Anw\u00e4lte findet, kann jeder an der Geschichte der Weimarer Republik studieren.<br \/>\n&#8230; Alles vom 21.6.019 von Alexander Wendt bitte lesen auf<br \/>\n<a href=\"https:\/\/www.publicomag.com\/2019\/06\/da-stehen-die-freiheitsfeinde\/\">https:\/\/www.publicomag.com\/2019\/06\/da-stehen-die-freiheitsfeinde\/<\/a><\/p>\n<p>Hier soll ein Verbrechen benutzt werden, um politische Gegner so effektiv wie m\u00f6glich mundtot zu machen und politisch auszuschalten. Hier werden Tatsachen verdreht und Sachverhalte behauptet, die einer sachlichen \u00dcberpr\u00fcfung wohl kaum standhalten d\u00fcrften. Wer will sich hier einem potentiellen linksgr\u00fcnen Koalitionspartner anbiedern? Sich in dessen Augen als tauglich erweisen f\u00fcr den Kampf gegen Rechts. Als tauglich erweisen f\u00fcr jene, die die Meinungsfreiheit nur dann hochhalten, wenn es ihre eigene Meinung betrifft. F\u00fcr jene, die Demokratie nur als \u00dcbergang betrachten, deren (heimliches) Ziel jedoch Sozialismus hei\u00dft. F\u00fcr jene, die fr\u00fcher die CDU zu ihren politischen Gegnern z\u00e4hlte und dieses auch eigentlich heute noch tut. Will man diese Leute davon \u00fcberzeugen, dass die CDU nun eine von ihnen ist? Dass man nun auf einer Wellenl\u00e4nge liegt? Ist die CDU von heute bereit f\u00fcr den \u00f6kologisch ausgerichteten Sozialismus? Will man dieses ausdr\u00fccken? Der Eindruck entsteht. Denn niemand, der mit den Prinzipien einer parlamentarischen Demokratie einverstanden ist, sollte argumentieren, wie es Herr Tauber tut.<br \/>\n21.6.2019m W.A., AO<br \/>\n.<br \/>\n.<br \/>\n<strong>Schwennicke: Gilt Peter Tauber&#8217;s Mitschuld-Logik der AfD und auch\u00a0der\u00a0 68er?<\/strong><br \/>\nPeter Tauber behauptet, die AfD und mancher Parteifreund tr\u00fcgen eine Mitschuld am Tod Walter L\u00fcbckes. Folgt man dieser Logik, w\u00e4ren alle 68er auch \u201emitschuldig\u201c an den Toten der RAF. Wei\u00df der ehemalige Generalsekret\u00e4r der CDU eigentlich, was er tut?<br \/>\n&#8230;. Alles vom 19.6.2019 von Christoph Schwennicke bitte lesen auf<br \/>\n<a href=\"https:\/\/www.cicero.de\/innenpolitik\/peter-tauber-afd-joachim-gauck-cdu\/plus\">https:\/\/www.cicero.de\/innenpolitik\/peter-tauber-afd-joachim-gauck-cdu\/plus<\/a><\/p>\n<p>&nbsp;<\/p>\n<p><strong>Walter L\u00fcbcke wurde am 2.6.2019 niedergeschossen<\/strong><br \/>\nErmittlern zufolge wurde Walter L\u00fcbcke in der Nacht zum 2. Juni 2019 gegen 0.30 Uhr aus n\u00e4chster N\u00e4he niedergeschossen. Der Regierungspr\u00e4sident von Kassel wurde wenig sp\u00e4ter mit einer Schusswunde am Kopf auf der Terrasse seines Wohnhauses im hessischen Wolfhagen-Istha entdeckt. Der 65-J\u00e4hrige kam in ein Krankenhaus, wo er wenig sp\u00e4ter starb. Die Ermittler gehen davon aus, dass L\u00fcbcke aus rechtsextremen Motiven heimt\u00fcckisch ermordet wurde &#8230;<br \/>\n&#8230; Alles vom 19.6.2019 bitte lesen auf<br \/>\n<a href=\"https:\/\/www.spiegel.de\/panorama\/justiz\/walter-luebcke-was-wir-ueber-den-mordfall-wissen-und-was-nicht-a-1273031.html\">https:\/\/www.spiegel.de\/panorama\/justiz\/walter-luebcke-was-wir-ueber-den-mordfall-wissen-und-was-nicht-a-1273031.html<\/a><\/p>\n","protected":false},"excerpt":{"rendered":"<p>Home\u00a0&gt;Engagement\u00a0&gt;Zukunft\u00a0&gt;Demokratie\u00a0&gt;Luebcke02juni2019 Totalit\u00e4re Gesinnungen und geistiger Terror auf dem Vormarsch (15.7.2019) Mordfall L\u00fcbcke: Schuldzuweisung der CDU an die AfD unverantwortlich (Kubicki) (3.7.2019) WerteUnion an Tauber: Was tun Sie anders als instrumentalisieren? (25.6.2019) https:\/\/www.freiburg-schwarzwald.de\/blog\/es-gibt-auch-keine-gute-gewalt\/\u00a0(24.6.2019) &#8222;Du tr\u00e4gst Mitschuld an seinem Tod&#8220; (24.6.2019) AKK &hellip; <a href=\"https:\/\/www.freiburg-schwarzwald.de\/blog\/engagement\/zukunft\/demokratie\/luebcke02juni2019\/\">Weiterlesen <span class=\"meta-nav\">&rarr;<\/span><\/a><\/p>\n","protected":false},"author":2,"featured_media":0,"parent":21084,"menu_order":0,"comment_status":"open","ping_status":"closed","template":"","meta":{"footnotes":""},"class_list":["post-73364","page","type-page","status-publish","hentry"],"_links":{"self":[{"href":"https:\/\/www.freiburg-schwarzwald.de\/blog\/wp-json\/wp\/v2\/pages\/73364","targetHints":{"allow":["GET"]}}],"collection":[{"href":"https:\/\/www.freiburg-schwarzwald.de\/blog\/wp-json\/wp\/v2\/pages"}],"about":[{"href":"https:\/\/www.freiburg-schwarzwald.de\/blog\/wp-json\/wp\/v2\/types\/page"}],"author":[{"embeddable":true,"href":"https:\/\/www.freiburg-schwarzwald.de\/blog\/wp-json\/wp\/v2\/users\/2"}],"replies":[{"embeddable":true,"href":"https:\/\/www.freiburg-schwarzwald.de\/blog\/wp-json\/wp\/v2\/comments?post=73364"}],"version-history":[{"count":0,"href":"https:\/\/www.freiburg-schwarzwald.de\/blog\/wp-json\/wp\/v2\/pages\/73364\/revisions"}],"up":[{"embeddable":true,"href":"https:\/\/www.freiburg-schwarzwald.de\/blog\/wp-json\/wp\/v2\/pages\/21084"}],"wp:attachment":[{"href":"https:\/\/www.freiburg-schwarzwald.de\/blog\/wp-json\/wp\/v2\/media?parent=73364"}],"curies":[{"name":"wp","href":"https:\/\/api.w.org\/{rel}","templated":true}]}}