{"id":72695,"date":"2019-05-26T08:57:27","date_gmt":"2019-05-26T06:57:27","guid":{"rendered":"https:\/\/www.freiburg-schwarzwald.de\/blog\/?page_id=72695"},"modified":"2026-07-07T07:28:31","modified_gmt":"2026-07-07T05:28:31","slug":"manipulation","status":"publish","type":"page","link":"https:\/\/www.freiburg-schwarzwald.de\/blog\/kultur\/medien\/manipulation\/","title":{"rendered":"Manipulation"},"content":{"rendered":"<p><a href=\"https:\/\/www.freiburg-schwarzwald.de\/blog\">Home<\/a>\u00a0&gt;<a title=\"Kultur\" href=\"https:\/\/www.freiburg-schwarzwald.de\/blog\/kultur\/\">Kultur<\/a>\u00a0&gt;<a title=\"Medien\" href=\"https:\/\/www.freiburg-schwarzwald.de\/blog\/kultur\/medien\/\">Medien<\/a>\u00a0&gt;<a title=\"Political-Correctness\" href=\"https:\/\/www.freiburg-schwarzwald.de\/blog\/kultur\/medien\/political-correctness\/\">Political-Correctness<\/a>\u00a0&gt;<a title=\"Haltungsjournalismus\" href=\"https:\/\/www.freiburg-schwarzwald.de\/blog\/kultur\/medien\/journalismus\/haltungsjournalismus\/\">Haltungsjournalismus<\/a> &gt;Manipulation<\/p>\n<div id=\"attachment_72100\" style=\"width: 648px\" class=\"wp-caption alignnone\"><a href=\"https:\/\/www.freiburg-schwarzwald.de\/blog\/regio\/freiburg\/dietenbach-stadtteil\/dietenbach-im-westen-von-freiburg2019pan\/\" rel=\"attachment wp-att-72100\"><img loading=\"lazy\" decoding=\"async\" aria-describedby=\"caption-attachment-72100\" class=\"size-full wp-image-72100\" src=\"https:\/\/www.freiburg-schwarzwald.de\/blog\/wp-content\/uploads\/2013\/04\/dietenbach-im-westen-von-freiburg2019pan.jpg\" alt=\"Blick nach Osten \u00fcber das Dietenbach-Gel\u00e4nde - links Zubringer Mitte mit Dreisam\" width=\"638\" height=\"359\" srcset=\"https:\/\/www.freiburg-schwarzwald.de\/blog\/wp-content\/uploads\/2013\/04\/dietenbach-im-westen-von-freiburg2019pan.jpg 638w, https:\/\/www.freiburg-schwarzwald.de\/blog\/wp-content\/uploads\/2013\/04\/dietenbach-im-westen-von-freiburg2019pan-180x101.jpg 180w\" sizes=\"auto, (max-width: 638px) 100vw, 638px\" \/><\/a><p id=\"caption-attachment-72100\" class=\"wp-caption-text\">Blick nach Osten \u00fcber das Dietenbach-Gel\u00e4nde &#8211; links Zubringer Mitte mit Dreisam<\/p><\/div>\n<p>&nbsp;<\/p>\n<ul>\n<li><em>Listenauswahl eines Beitrags: Bitte <span style=\"text-decoration: underline;\">anklicken<\/span> oder runterscrollen<\/em><\/li>\n<li><a href=\"https:\/\/www.freiburg-schwarzwald.de\/blog\/oerr-tribunal-statt-interview\/\">\u00d6RR: Tribunal statt Interview<\/a>\u00a0(7.7.2026)<\/li>\n<li><a href=\"https:\/\/www.freiburg-schwarzwald.de\/blog\/geheimplan-potsdam-war-luege\/\">Geheimplan Potsdam war L\u00fcge<\/a>\u00a0(17.4.2026)<\/li>\n<li><a href=\"https:\/\/www.freiburg-schwarzwald.de\/blog\/kultur\/medien\/einseitigkeit\/\">Der Verfall des Journalismus wird besonders deutlich, wenn man in die Vergangenheit schaut<\/a>\u00a0(25,3,2026)<\/li>\n<li><a href=\"https:\/\/www.freiburg-schwarzwald.de\/blog\/religion\/christen\/christenfeindlichkeit\/\">Islam positiv, Christentum negativ dargestellt \u2013 ZDF spricht von \u201eungl\u00fccklicher\u201c Kombination in Kindersendung<\/a>\u00a0(25.3.2026)<\/li>\n<li><a href=\"https:\/\/www.freiburg-schwarzwald.de\/blog\/correctiv-meinung-statt-fakten\/\">Correctiv: Meinung statt Tatsache<\/a>\u00a0(18.3.2026)<\/li>\n<li><a href=\"https:\/\/www.freiburg-schwarzwald.de\/blog\/urkundenfaelschung-legalisiert\/\">Urkundenf\u00e4lschung legalisiert?<\/a>\u00a0(14.1.2026)<\/li>\n<li><a href=\"https:\/\/www.freiburg-schwarzwald.de\/blog\/kultur\/medien\/talkshow\/\">Talkshows: das gro\u00dfe Selbstgespr\u00e4ch der Staatsjournalisten<\/a>\u00a0(22.12.2025)<\/li>\n<li><a href=\"https:\/\/www.freiburg-schwarzwald.de\/blog\/sydney-oerr-charlie-kirk\/\">Sydney \u2013 \u00d6RR \u2013 Charlie Kirk<\/a>\u00a0(17.12.2025)<\/li>\n<li><a href=\"https:\/\/www.freiburg-schwarzwald.de\/blog\/engagement\/rassismus\/antirassismus\/\">Antirassismusbeauftragte (SPD) verteilt 21,8 Millionen Euro an NGOs<\/a>\u00a0(4.12.2025)<\/li>\n<li><a href=\"https:\/\/www.freiburg-schwarzwald.de\/blog\/vereine\/partei\/cdu\/brandmauer\/brandmauer-wirtschaft\/\">Campact sendet Frist-Mails an 36 Unternehmen zwecks Brandmauer-Disziplinierung<\/a>\u00a0(27.11.2025)<\/li>\n<li><a href=\"https:\/\/www.freiburg-schwarzwald.de\/blog\/kultur\/medien\/zensur\/online-zensur\/\">Deutschland hat kein Desinformationsproblem, aber ein Zensurproblem<\/a>\u00a0(23.11.2025)<\/li>\n<li><a href=\"https:\/\/www.freiburg-schwarzwald.de\/blog\/kultur\/medien\/zensur\/online-zensur\/\">\u201eZensurnetzwerk\u201c Deutschland: Wie die Regierung mit NGOs die Meinungsfreiheit untergr\u00e4bt<\/a>\u00a0(22.11.2025)<\/li>\n<li><a href=\"https:\/\/www.freiburg-schwarzwald.de\/blog\/kultur\/medien\/social-media\/suchen\/\">Reportage Seitenwechsel \u2013 Aber Googgle-Sucheinschr\u00e4nkung<\/a>\u00a0(10.11.2025)<\/li>\n<li><a href=\"https:\/\/www.freiburg-schwarzwald.de\/blog\/geiselaustausch-laut-zdf-nein\/\">Geiselaustausch laut ZDF: Nein!<\/a>\u00a0(13.10.2025)<\/li>\n<li><a href=\"https:\/\/www.freiburg-schwarzwald.de\/blog\/un\/\">Die ARD berichtet von der UN: Nichtneutral, einseitig, tendenzi\u00f6s<\/a>\u00a0(30.9.2025)<\/li>\n<li><a href=\"https:\/\/www.freiburg-schwarzwald.de\/blog\/kultur\/medien\/desinformation\/\">Kommunikationsmuster \u201eJa, aber \u2026\u201c zwecks Schuldumkehr<\/a> (18.9.2025)<\/li>\n<li><a href=\"https:\/\/www.freiburg-schwarzwald.de\/blog\/global\/integration\/fluechtlinge-kriminalitaet\/opfer-taeter-umkehr\/\">Das geheuchelte \u201eAber\u201c und die linke Schuldumkehr<\/a>\u00a0(16.9.2025)<\/li>\n<li><a href=\"https:\/\/www.freiburg-schwarzwald.de\/blog\/global\/russland\/russland-bashing\/\">Desinformation: Russen-Anschlag auf Flugzeug von vdL<\/a>\u00a0(7.9.2025)<\/li>\n<li><a href=\"https:\/\/www.freiburg-schwarzwald.de\/blog\/wahl-no-problem-no-opposition\/\">Wahl: no Problem no Opposition<\/a> (29.8.2025)<\/li>\n<li><a href=\"https:\/\/www.freiburg-schwarzwald.de\/blog\/kultur\/medien\/sommerinterview\/\">Initiator des Sommerinterview-Skandals: Polizei und ARD haben \u201emitgeholfen\u201c<\/a>\u00a0(22.7.2025)<\/li>\n<li><a href=\"https:\/\/www.freiburg-schwarzwald.de\/blog\/sommerinterview-afd-stoerung\/\">Sommerinterview AfD: St\u00f6rung<\/a>\u00a0(21.7.2025)<\/li>\n<li><a href=\"https:\/\/www.freiburg-schwarzwald.de\/blog\/medienluege-zu-bidens-demenz\/\">Medienl\u00fcge zu Biden\u2019s Demenz<\/a>\u00a0(23.5.2025)<\/li>\n<li><a href=\"https:\/\/www.freiburg-schwarzwald.de\/blog\/kriminalstatistik-verzerrt-realitaet\/\">Kriminalstatistik verzerrt Realit\u00e4t<\/a>\u00a0(22.5.2025)<\/li>\n<li><a href=\"https:\/\/www.freiburg-schwarzwald.de\/blog\/medienkampagne\/\">Vosgerau: Medienkampagne BfV\/AfD 2025 \u00e4hnlich Correctiv\/Wannsee 2023<\/a>\u00a0(5.5.2025)<\/li>\n<li><a href=\"https:\/\/www.freiburg-schwarzwald.de\/blog\/falschmeldung-im-dreier-schritt\/\">Falschmeldung im Dreier-Schritt<\/a>\u00a0(12.4.2025)<\/li>\n<li><a href=\"https:\/\/www.freiburg-schwarzwald.de\/blog\/ard-didi-und-miosga\/\">ARD: Didi und Miosga<\/a>\u00a0(8.4.2025)<\/li>\n<li>Der scheinobjektive Journalismus als Methode: Meinungsmanipulation beim \u00d6RR (3.4.2025)<\/li>\n<li><a href=\"https:\/\/www.freiburg-schwarzwald.de\/blog\/business\/handel\/buchhandel\/\">Klonovsky: Bahnhofsbuchhandlung \u2013 Tristesse . \u201eEs ist 5 vor 1933\u2033<\/a>\u00a0(21.2.2025)<\/li>\n<li><a href=\"https:\/\/www.freiburg-schwarzwald.de\/blog\/engagement\/zukunft\/demokratie\/hanau19feb2020\/\">Das Attentat von Hanau vor 5 Jahren \u2013 und die Erz\u00e4hlung vom rassistischen T\u00e4ter<\/a>\u00a0(19.2.2025)<\/li>\n<li><a href=\"https:\/\/www.freiburg-schwarzwald.de\/blog\/vereine\/ngo\/correctiv\/\">Blick zur\u00fcck im Zorn: Ein Jahr nach dem Correctiv-Skandal \u2013 Die L\u00fcge lebt fort<\/a> (10.1.2025)<\/li>\n<li><a href=\"https:\/\/www.freiburg-schwarzwald.de\/blog\/vereine\/ngo\/correctiv\/\">Simone Baum \u2013 Die Potsdam-Legende<\/a> (1.1.2025)<\/li>\n<li><a href=\"https:\/\/www.freiburg-schwarzwald.de\/blog\/vereine\/ngo\/correctiv\/\">Correctiv ist ein \u201edreckiges L\u00fcgen-Medium\u201c \u2013 gemeinn\u00fctzig?<\/a>\u00a0(12.12.2024)<\/li>\n<li><a href=\"https:\/\/www.freiburg-schwarzwald.de\/blog\/engagement\/zukunft\/ehrlichkeit\/\">Medien-Coach entlarvt Scholz: Freie Rede nur vorgegaukelt<\/a> (13.11.2024)<\/li>\n<li><a href=\"https:\/\/www.freiburg-schwarzwald.de\/blog\/global\/deutschland\/mauerfall1989\/\">FAZ ignoriert den 35.Jahrestag des Mauerfalls am 9.11.2024<\/a>\u00a0(9.11.2024)<\/li>\n<li><a href=\"https:\/\/www.freiburg-schwarzwald.de\/blog\/kultur\/internet\/\">Angriff auf Archive.org und Ende von Google-Cache beg\u00fcnstigen Zensur und Manipulation des Internets<\/a>\u00a0(3.11.2024)<\/li>\n<li><a href=\"https:\/\/www.freiburg-schwarzwald.de\/blog\/kultur\/medien\/zeitung\/zeitschrift\/\">F\u00f6rderung l\u00e4uft nun aus: Spiegel erhielt insgesamt 5,4 Millionen Dollar von der Gates-Stiftung<\/a>\u00a0(25.10.2024)<\/li>\n<li><a href=\"https:\/\/www.freiburg-schwarzwald.de\/blog\/geheimtreffen-und-hetzjagden\/\">Geheimtreffen und Hetzjagden<\/a>\u00a0(15.10.2024)<\/li>\n<li><a href=\"https:\/\/www.freiburg-schwarzwald.de\/blog\/kultur\/medien\/gleichschaltung\/\">Die Medien unterscheiden sich kaum<\/a>\u00a0(30.9.2024)<\/li>\n<li><a href=\"https:\/\/www.freiburg-schwarzwald.de\/blog\/engagement\/zukunft\/demokratie\/wahlen-ex-ddr\/\">ARD: Die 100 \u2013 Ist die AfD eigentlich ein Problem? Agitprop kurz vor der Wahl<\/a>\u00a0(27.9.2024)<\/li>\n<li><a href=\"https:\/\/www.freiburg-schwarzwald.de\/blog\/scheinwelten-contra-realitaet\/\">Scheinwelten gegen Realit\u00e4t<\/a>\u00a0(26.8.2024)<\/li>\n<li><a href=\"https:\/\/www.freiburg-schwarzwald.de\/blog\/kultur\/medien\/desinformation\/\">Wie aus \u201eZensur\u201c der \u201eKampf gegen Desinformation\u201c wurde: Eine deutsche Geschichte in sechs Schritten<\/a>\u00a0(19.6.2024)<\/li>\n<li><a href=\"https:\/\/www.freiburg-schwarzwald.de\/blog\/vereine\/ngo\/correctiv\/\">Correctiv gesteht Falschbehauptungen zum \u201eGeheimtreffen\u201c ein<\/a>\u00a0(21.6.2024)<\/li>\n<li><a href=\"https:\/\/www.freiburg-schwarzwald.de\/blog\/engagement\/zukunft\/demokratie\/chemnitz-messermord26-08-2018\/chemnitz2018-2023\/\">Chemnitz: Das Platzen der Merkelschen Hetzjagd-L\u00fcgen<\/a>\u00a0 (25.4.2024)<\/li>\n<li><a href=\"https:\/\/www.freiburg-schwarzwald.de\/blog\/gewalt-buerger-desinformiert\/\">Gewalt: B\u00fcrger desinformiert<\/a>\u00a0(21.5.2024)<\/li>\n<li><a href=\"https:\/\/www.freiburg-schwarzwald.de\/blog\/ki-macht-von-google-u-openai\/\">KI-Macht von Google und OpenAI<\/a>\u00a0(19.5.2024)<\/li>\n<li><a href=\"https:\/\/www.freiburg-schwarzwald.de\/blog\/extremismus-studien-manipuliert\/\">Extremismus-Studien manipuliert<\/a>\u00a0(16.3.2024)<\/li>\n<li><a href=\"https:\/\/www.freiburg-schwarzwald.de\/blog\/kultur\/medien\/framing\/geheimtreffen\/\">\u201eWannseekonferenz 2.0\u201c: Was war wirklich los?<\/a>\u00a0(20.1.2024)<\/li>\n<li><a href=\"https:\/\/www.freiburg-schwarzwald.de\/blog\/engagement\/zukunft\/demokratie\/verfassung\/staatsfeinde\/\">Der Feind lauert \u00fcberall: V-Leute d\u00fcrfen k\u00fcnftig vorbestraft sein<\/a>\u00a0(11.1.2024)<\/li>\n<li><a href=\"https:\/\/www.freiburg-schwarzwald.de\/blog\/engagement\/zukunft\/demokratie\/verfassung\/staatsfeinde\/\">Propaganda-Trommelfeuer gegen die Bauern (als Staatsfeinde) bleibt wirkungslos<\/a>\u00a0(10.1.2024)<\/li>\n<li><a href=\"https:\/\/www.freiburg-schwarzwald.de\/blog\/realitaet-schlaegt-narrative\/\">Realit\u00e4t schl\u00e4gt Narrative<\/a>\u00a0(28.12.2023)<\/li>\n<li><a href=\"https:\/\/www.freiburg-schwarzwald.de\/blog\/kultur\/medien\/diskussionskultur\/diskussionskultur2023\/\">Faeser: \u201eAfD schreckt Fachkr\u00e4fte aus dem Ausland ab\u201c<\/a>\u00a0(25.8.2023)<\/li>\n<li><a href=\"https:\/\/www.freiburg-schwarzwald.de\/blog\/kultur\/medien\/youtube\/\">\u201eDemos Kratos\u201c will dem linken Irrsinn mit Fakten begegnen<\/a>\u00a0(25.8.2023)<\/li>\n<li><a href=\"https:\/\/www.freiburg-schwarzwald.de\/blog\/1-bild-sagt-mehr-als-1000-worte\/\">1 Bild sagt mehr als 1000 Worte<\/a> (20.7.2023)<\/li>\n<li><a href=\"https:\/\/www.freiburg-schwarzwald.de\/blog\/business\/gesund\/corona-virus\/corona-rechenschaft\/\">Corona-Berichterstattung: Einseitigkeit und Verzerrung<\/a>\u00a0(11.4.2023)<\/li>\n<li><a href=\"https:\/\/www.freiburg-schwarzwald.de\/blog\/kultur\/medien\/oerr\/\">Funk-Format: Demokratie ist Gegenst\u00fcck von Kapitalismus<\/a>\u00a0(29.3.2023)<\/li>\n<li><a href=\"https:\/\/www.freiburg-schwarzwald.de\/blog\/kultur\/medien\/zensur\/sprechverbot\/\">Daniele Ganser: Wie Medien manipulativ \u00fcber ihn berichten an einem Beispiel<\/a> (9.3.2023)<\/li>\n<li><a href=\"https:\/\/www.freiburg-schwarzwald.de\/blog\/kultur\/medien\/propaganda\/\">Gekaufte Journalisten \u2013 Bundesministerien finanzieren 200 Journalisten mit 1,5 Mio Euro<\/a> \/8.3.2023)<\/li>\n<li><a href=\"https:\/\/www.freiburg-schwarzwald.de\/blog\/global\/eu\/europa\/nato\/\">Strategische Manipulation der NATO \u2013 Psychologische Kriegsf\u00fchrung<\/a>\u00a0(5,3,2023)<\/li>\n<li><a href=\"https:\/\/www.freiburg-schwarzwald.de\/blog\/kultur\/medien\/luegenpresse\/\">Kai Gniffke (ARD) und Giovanni di Lorenzo (Die Zeit) zur \u201eL\u00fcgenpresse\u201c<\/a> (1.3.2023)<\/li>\n<li><a href=\"https:\/\/www.freiburg-schwarzwald.de\/blog\/lumpenpazifist-friedensschwurbler\/\">Lumpenpazifist Friedensschwurbler<\/a>\u00a0(28.2.2023)<\/li>\n<li><a href=\"https:\/\/www.freiburg-schwarzwald.de\/blog\/jeffrey-sachs-oerr-berlin-demo\/\">Jeffrey Sachs, \u00d6RR, Berlin-Demo<\/a>\u00a0(26.2.2023)<\/li>\n<li><a href=\"https:\/\/www.freiburg-schwarzwald.de\/blog\/kultur\/medien\/zensur\/\">Regierung, Big Pharma, Social Media als Zensurkartell<\/a>\u00a0(27.1.2023)<\/li>\n<li><a href=\"https:\/\/www.freiburg-schwarzwald.de\/blog\/kultur\/medien\/mainstream\/\">Michael Meyen: Leitmedienrealit\u00e4t jenseits der Wirklichkeit<\/a>\u00a0(22.1.2023)<\/li>\n<li><a href=\"https:\/\/www.freiburg-schwarzwald.de\/blog\/kultur\/medien\/verschwoerungstheorien\/\">Twitter-Files: \u201eJede Verschw\u00f6rungstheorie ist wahr geworden\u201c<\/a> (15.1.2023)<\/li>\n<li><a href=\"https:\/\/www.freiburg-schwarzwald.de\/blog\/kultur\/medien\/medien-unabhaengigkeit\/\">Linke: Aristokratischen Eliten durch b\u00fcrgerliche Eliten ersetzen<\/a>\u00a0(16.12.2022)<\/li>\n<li><a href=\"https:\/\/www.freiburg-schwarzwald.de\/blog\/regierungskampagne-nudging\/\">Regierungskampagne: Nudging<\/a>\u00a0(21.11.2022)<\/li>\n<li><a href=\"https:\/\/www.freiburg-schwarzwald.de\/blog\/mutigmacher-org-oerr-reform\/\">Mutigmacher.org: \u00d6RR-Reform<\/a>\u00a0(6.10.2022)<\/li>\n<li>RBB-Geb\u00fchrensender sch\u00fcrt mit Bild-Manipulation Klima-Angst (19.8.2022)<\/li>\n<li><a href=\"https:\/\/www.freiburg-schwarzwald.de\/blog\/global\/globalisierung\/macht\/\">Hannes Hofbauer: Zensur \u2013 Die Macht absichern<\/a>\u00a0(12.8.2022)<\/li>\n<li><a href=\"https:\/\/www.freiburg-schwarzwald.de\/blog\/zdf-manipuliert-bild-von-akw\/\">ZDF manipuliert Bild von AKW<\/a>\u00a0(3.8.2022)<\/li>\n<li>Albrecht M\u00fcller: Methoden der Manipulation (8.5.2022)<\/li>\n<li><a href=\"https:\/\/www.freiburg-schwarzwald.de\/blog\/global\/ukraine\/donbass\/\">Donbass: Was soll man den Medien und den von ihnen beeinflussten Politikern glauben?<\/a> (23.4.2022)<\/li>\n<li><a href=\"https:\/\/www.freiburg-schwarzwald.de\/blog\/schweden-zdf-desinformiert\/\">Schweden: ZDF desinformiert<\/a>\u00a0(20.4.2022)<\/li>\n<li><a href=\"https:\/\/www.freiburg-schwarzwald.de\/blog\/kultur\/medien\/medien-politik\/\">Politik und Medien. Die Komplizen der emotionalen Erpressung<\/a>\u00a0(2.4.2022)<\/li>\n<li><a href=\"https:\/\/www.freiburg-schwarzwald.de\/blog\/den-zeitungen-geht-es-schlecht\/\">Den Zeitungen geht es schlecht<\/a>\u00a0(2.4.2022)<\/li>\n<li><a href=\"https:\/\/www.freiburg-schwarzwald.de\/blog\/religion\/islam\/islamismus\/\">Deutsche Welle: Mit Islamisten kooperiert<\/a>\u00a0(18.2.2022)<\/li>\n<li><a href=\"https:\/\/www.freiburg-schwarzwald.de\/blog\/kultur\/medien\/luegenpresse\/\">Titelzeile in Widerspruch zum Inhalt formulieren \u2013 wozu?<\/a>\u00a0(27.1.2022)<\/li>\n<li><a href=\"https:\/\/www.freiburg-schwarzwald.de\/blog\/kultur\/medien\/missverstehen\/\">FAZ verschweigt 10000-Menschen-Demo in Frankfurt<\/a>\u00a0(25.1.2022)<\/li>\n<li><a href=\"https:\/\/www.freiburg-schwarzwald.de\/blog\/unwahre-zahlen-machen-angst\/\">Unwahre Zahlen machen Angst<\/a>\u00a0(18.12.2021)<\/li>\n<li><a href=\"https:\/\/www.freiburg-schwarzwald.de\/blog\/minderheiten-spielen-empoerung\/\">Minderheiten spielen Emp\u00f6rung<\/a>\u00a0(29.10.2021)<\/li>\n<li><a href=\"https:\/\/www.freiburg-schwarzwald.de\/blog\/stromkrise-framing-kernkraft\/\">Stromkrise, Framing, Kernkraft<\/a>\u00a0(27.9.2021)<\/li>\n<li><a href=\"https:\/\/www.freiburg-schwarzwald.de\/blog\/kultur\/medien\/propaganda\/\">\u00bbDas Framing der Linken\u00ab \u2013 nun statistisch belegt<\/a>\u00a0(26.9.2021)<\/li>\n<li><a href=\"https:\/\/www.freiburg-schwarzwald.de\/blog\/ungarn-zuerst-info-dann-urteil\/\">Ungarn: Zuerst Info, dann Urteil<\/a>\u00a0(25.6.2021)<\/li>\n<li>Manipulation der Medien: Infizierte = Erkrankte (3,4,2021)<\/li>\n<li><a href=\"https:\/\/www.freiburg-schwarzwald.de\/blog\/engagement\/buergerinitiativen\/grundrechte-demo\/\">Medien eskalieren, Polizei will deeskalieren: Gro\u00dfdemo in Stuttgart<\/a>\u00a0(3.4.2021)<\/li>\n<li>10 Jahre dem Tsunami \u2013 deutsche Medien haben nichts dazu gelernt (19.3.2021)<\/li>\n<li><a href=\"https:\/\/www.freiburg-schwarzwald.de\/blog\/fake-news-kaum-korrigierbar\/\">Fake News \u2013 kaum korrigierbar<\/a>\u00a0(11.2.2021)<\/li>\n<li><a href=\"https:\/\/www.freiburg-schwarzwald.de\/blog\/business\/gesund\/corona-virus\/maske\/\">Maas beweist: Es gibt ein deutsches und ein t\u00fcrkisches Covid19-Virus<\/a> (19.1.2021)<\/li>\n<li><a href=\"https:\/\/www.freiburg-schwarzwald.de\/blog\/kultur\/medien\/journalismus\/haltungsjournalismus\/\">Ein Heiligenschein f\u00fcr Angela Merkel \u2013 bezahlter Qualit\u00e4tsjournalismus<\/a>\u00a0(1.1.2021)<\/li>\n<li><a href=\"https:\/\/www.freiburg-schwarzwald.de\/blog\/aufschrei-volk-mdbs-medien\/\">Aufschei durch Volk, MdB&#8217;s, Medien?<\/a> (15.11.2020)<\/li>\n<li><a href=\"https:\/\/www.freiburg-schwarzwald.de\/blog\/leipzig-7-11-20-friedliche-demo\/\">Leipzig7-11-20 friedliche Demo<\/a>\u00a0(7.11.2020)<\/li>\n<li><a href=\"https:\/\/www.freiburg-schwarzwald.de\/blog\/engagement\/zukunft\/demokratie\/dresden-messermord04-10-2020\/\">LSVD: Islamistischer Angriff auf schwules Paar in Dresden<\/a>\u00a0(30.10.2020)<\/li>\n<li><a title=\"Diskriminierung in D niedrig\" href=\"https:\/\/www.freiburg-schwarzwald.de\/blog\/diskriminierung-in-d-niedrig\/\">Diskriminierung in D erfreulich niedrig<\/a>\u00a0 (11.7.2020)<\/li>\n<li><a title=\"Medien und Demos \u2013 in D und F\" href=\"https:\/\/www.freiburg-schwarzwald.de\/blog\/medien-und-demos-in-d-und-f\/\">Medien und Demos \u2013 in D und F<\/a>\u00a0(11.7.2020)<\/li>\n<li><a title=\"Medien\" href=\"https:\/\/www.freiburg-schwarzwald.de\/blog\/kultur\/medien\/\">80% der Deutschen w\u00fcnschen sich \u201eneutral\u201c vermittelte Nachrichten<\/a>\u00a0(17.6.2020)<\/li>\n<li><a href=\"https:\/\/www.freiburg-schwarzwald.de\/blog\/kultur\/medien\/medienleute\/\">Reitschuster-Restle: Woher kommt Ihre Angst vor anderen Meinungen?<\/a>\u00a0(22.5.2020)<\/li>\n<li><a title=\"Verschw\u00f6rungstheoretiker: wir?\" href=\"https:\/\/www.freiburg-schwarzwald.de\/blog\/verschwoerungstheoretiker-wir\/\">Verschw\u00f6rungstheoretiker: wir demonstrierende B\u00fcrger?<\/a>\u00a0(12.5.2020)<\/li>\n<li><a title=\"RKI-Zahlen: Lockdown umsonst\" href=\"https:\/\/www.freiburg-schwarzwald.de\/blog\/rki-zahlen-lockdown-umsonst\/\">RKI-Zahlen: Lockdown umsonst<\/a>\u00a0(19.4.2020)<\/li>\n<li>EU-Gerichtshof durch Soros manipuliert (28.2.2020)<\/li>\n<li><a title=\"Oma-Umweltsau\" href=\"https:\/\/www.freiburg-schwarzwald.de\/blog\/selbsthilfe\/senioren\/oma-umweltsau\/\">ARD und ZDF Indoktrinationsplattformen links-gr\u00fcner Weltanschauung<\/a>\u00a0(12.1.2020)<\/li>\n<li><a title=\"Trump\" href=\"https:\/\/www.freiburg-schwarzwald.de\/blog\/global\/usa\/trump\/\">Trump-Brief an Nancy Pelosi am 17.12.2019 \u2013 Impeachment<\/a>\u00a0(23.12.2019)<\/li>\n<li><a title=\"Deutsche Arroganz zu GB und F\" href=\"https:\/\/www.freiburg-schwarzwald.de\/blog\/deutsche-arroganz-zu-gb-und-f\/\">Deutsche Arroganz zu GB und F<\/a>\u00a0(14.12.2019)<\/li>\n<li><a title=\"Politisch kontaminierte Hirse?\" href=\"https:\/\/www.freiburg-schwarzwald.de\/blog\/politisch-kontaminierte-hirse\/\">Politisch kontaminierte Hirse?<\/a>\u00a0(15.10.2019)<\/li>\n<li>\u201eAfD-Hirse\u201c: ZDF stellt gr\u00fcne MdB als gew\u00f6hnliche Kundin dar (15.10.2019)<\/li>\n<li><a title=\"Halle09Okt2019\" href=\"https:\/\/www.freiburg-schwarzwald.de\/blog\/engagement\/zukunft\/demokratie\/halle09okt2019\/\">Mathias D\u00f6pfner: Nie wieder \u201cNie wieder\u201d<\/a>\u00a0(10.10.2019)<\/li>\n<li><a title=\"Apokalypse\" href=\"https:\/\/www.freiburg-schwarzwald.de\/blog\/natur\/klima\/apokalypse\/\">Eine trostlose s\u00e4kulare Religion: die Greta-Apokalypse kennt keine Erl\u00f6sung<\/a>\u00a0(28.9.2019)<\/li>\n<li><a title=\"Fernsehen\" href=\"https:\/\/www.freiburg-schwarzwald.de\/blog\/kultur\/medien\/fernsehen\/\">Schweizer Medien sind das \u201eWestfernsehen\u201c der Deutschen<\/a>\u00a0 (27.9.2019)<\/li>\n<li><a title=\"Zensur\" href=\"https:\/\/www.freiburg-schwarzwald.de\/blog\/kultur\/medien\/zensur\/\">Steinh\u00f6fel: \u201eL\u00f6schen nach politischem Muster\u201c<\/a>\u00a0(13.9.2019)<\/li>\n<li><a title=\"Erziehung\" href=\"https:\/\/www.freiburg-schwarzwald.de\/blog\/religion\/islam\/erziehung\/\">Die Vereinnahmung der Kindheit durch die Kultur der Toleranz<\/a>\u00a0(8.8.2019)<\/li>\n<li><a title=\"Wikipedia\" href=\"https:\/\/www.freiburg-schwarzwald.de\/blog\/kultur\/medien\/wikipedia\/\">Wikipedia ist linkslastig<\/a> (17.7.2019)<\/li>\n<li><a title=\"Meinungsfreiheit\" href=\"https:\/\/www.freiburg-schwarzwald.de\/blog\/kultur\/medien\/meinungsfreiheit\/\">Gauck: Begrenzte Meinungsfreiheit bei uns in Deutschland<\/a>\u00a0(20.6.2019)<\/li>\n<li>Das Rezo-Dossier &#8211; Influencer (7.6.2019)<\/li>\n<li><a title=\"Oesterreich\" href=\"https:\/\/www.freiburg-schwarzwald.de\/blog\/global\/oesterreich\/\">Eine-Welt-Ideologe contra Populismus \u2013 Beispiel Strache-Video\u00a0<\/a>(31.5.2019)<\/li>\n<li>Publico: Die Psychologie des gr\u00fcnen Erfolgs &#8211; Astroturf, Framing, Overton-Window\u00a0(30.5.2019)<\/li>\n<li>Rezo-Video als Profi-Manipulation? (25.5.2019)<\/li>\n<li><a title=\"FridaysForFuture\" href=\"https:\/\/www.freiburg-schwarzwald.de\/blog\/natur\/klima\/fridaysforfuture\/\">Best\u00e4tigt: Fridays for future finanziell fremdgesteuert<\/a> (18.4.2019)<\/li>\n<\/ul>\n<ul>\n<li><a title=\"Medienvielfalt\" href=\"https:\/\/www.freiburg-schwarzwald.de\/blog\/kultur\/medien\/medienvielfalt\/\">Alternative Medien \u2013 Neue Medien \u2013 Freie Denker (Link-Kiste)<\/a><\/li>\n<li><a title=\"Apokalypse\" href=\"https:\/\/www.freiburg-schwarzwald.de\/blog\/natur\/klima\/apokalypse\/\">Apokalypse<\/a><\/li>\n<li><a title=\"Demonstrationsrecht\" href=\"https:\/\/www.freiburg-schwarzwald.de\/blog\/engagement\/buergerinitiativen\/demonstrationsrecht\/\">Demonstrationsrecht<\/a><\/li>\n<li><a title=\"Debatte\" href=\"https:\/\/www.freiburg-schwarzwald.de\/blog\/engagement\/zukunft\/demokratie\/debatte\/\">Debatte<\/a><\/li>\n<li><a href=\"https:\/\/www.freiburg-schwarzwald.de\/blog\/kultur\/medien\/desinformation\/\">Desinformation<\/a><\/li>\n<li><a title=\"Diskussionskultur\" href=\"https:\/\/www.freiburg-schwarzwald.de\/blog\/kultur\/medien\/diskussionskultur\/\">Diskussionskultur<\/a><\/li>\n<li><a href=\"https:\/\/www.freiburg-schwarzwald.de\/blog\/engagement\/zukunft\/demokratie\/dresden-messermord04-10-2020\/\">Dresden-Messermord04-10-2020<\/a><\/li>\n<li><a title=\"Fake-News\" href=\"https:\/\/www.freiburg-schwarzwald.de\/blog\/kultur\/medien\/fake-news\/\">Fake-News<\/a><\/li>\n<li><a href=\"https:\/\/www.freiburg-schwarzwald.de\/blog\/kultur\/medien\/desinformation\/falschmeldung\/\">Falschmeldung<\/a><\/li>\n<li><a href=\"https:\/\/www.freiburg-schwarzwald.de\/blog\/kultur\/medien\/framing\/\">Framing<\/a><\/li>\n<li><a title=\"Freie-Medien\" href=\"https:\/\/www.freiburg-schwarzwald.de\/blog\/kultur\/medien\/freie-medien\/\">Freie-Medien<\/a><\/li>\n<li><a href=\"https:\/\/www.freiburg-schwarzwald.de\/blog\/kultur\/medien\/framing\/geheimtreffen\/\">Geheimtreffen<\/a><\/li>\n<li><a href=\"https:\/\/www.freiburg-schwarzwald.de\/blog\/kultur\/medien\/gleichschaltung\/\">Gleichschaltung<\/a><\/li>\n<li><a title=\"Integration\" href=\"https:\/\/www.freiburg-schwarzwald.de\/blog\/global\/integration\/\">Integration<\/a><\/li>\n<li><a title=\"Kampf-gegen-Rechts\" href=\"https:\/\/www.freiburg-schwarzwald.de\/blog\/kultur\/medien\/kampf-gegen-rechts\/\">Kampf-gegen-Rechts<\/a><\/li>\n<li><a title=\"Klima-Religion\" href=\"https:\/\/www.freiburg-schwarzwald.de\/blog\/natur\/klima\/klima-religion\/\">Klima-Religion<\/a><\/li>\n<li><a href=\"https:\/\/www.freiburg-schwarzwald.de\/blog\/engagement\/zukunft\/demokratie\/leipzig-querdenken7-11-2020\/\">Leipzig-Querdenken7-11-2020<\/a><\/li>\n<li><a title=\"Luegenpresse\" href=\"https:\/\/www.freiburg-schwarzwald.de\/blog\/kultur\/medien\/luegenpresse\/\">L\u00fcgenpresse<\/a><\/li>\n<li><a href=\"https:\/\/www.freiburg-schwarzwald.de\/blog\/medienkampagne\/\">Medienkampagne &#8211; gegen AfD<\/a><\/li>\n<li><a href=\"https:\/\/www.freiburg-schwarzwald.de\/blog\/kultur\/medien\/medienleute\/\">Medienleute<\/a><\/li>\n<li><a title=\"Medienvielfalt\" href=\"https:\/\/www.freiburg-schwarzwald.de\/blog\/kultur\/medien\/medienvielfalt\/\">Medienvielfalt<\/a><\/li>\n<li><a title=\"Meinungsfreiheit\" href=\"https:\/\/www.freiburg-schwarzwald.de\/blog\/kultur\/medien\/meinungsfreiheit\/\">Meinungsfreiheit<\/a><\/li>\n<li><a href=\"https:\/\/www.freiburg-schwarzwald.de\/blog\/kultur\/medien\/medien-unabhaengigkeit\/\">Medien-Unabhaengigkeit<\/a><\/li>\n<li><a href=\"https:\/\/www.freiburg-schwarzwald.de\/blog\/kultur\/medien\/medien-politik\/\">Medien-Politik<\/a><\/li>\n<li><a title=\"Missverstehen\" href=\"https:\/\/www.freiburg-schwarzwald.de\/blog\/kultur\/medien\/missverstehen\/\">Missverstehen mit Absicht<\/a><\/li>\n<li><a title=\"Multikulti\" href=\"https:\/\/www.freiburg-schwarzwald.de\/blog\/kultur\/leitkultur\/multikulti\/\">Multikulti<\/a><\/li>\n<li><a href=\"https:\/\/www.freiburg-schwarzwald.de\/blog\/kultur\/medien\/zensur\/online-zensur\/\">Online-Zensur<\/a><\/li>\n<li><a href=\"https:\/\/www.freiburg-schwarzwald.de\/blog\/global\/integration\/fluechtlinge-kriminalitaet\/opfer-taeter-umkehr\/\">Opfer-T\u00e4ter-Umkehr<\/a><\/li>\n<li><a href=\"https:\/\/www.freiburg-schwarzwald.de\/blog\/kultur\/medien\/oerr\/\">\u00d6RR<\/a><\/li>\n<li><a title=\"Oma-Umweltsau\" href=\"https:\/\/www.freiburg-schwarzwald.de\/blog\/selbsthilfe\/senioren\/oma-umweltsau\/\">Oma-Umwelltsau<\/a><\/li>\n<li><a title=\"Parallelkultur\" href=\"https:\/\/www.freiburg-schwarzwald.de\/blog\/global\/integration\/parallelkultur\/\">Parallelkulturen<\/a><\/li>\n<li><a href=\"https:\/\/www.freiburg-schwarzwald.de\/blog\/kultur\/kunst\/satire\/\">Satire<\/a><\/li>\n<li><a href=\"https:\/\/www.freiburg-schwarzwald.de\/blog\/kultur\/medien\/sommerinterview\/\">Sommerinterview<\/a><\/li>\n<li><a href=\"https:\/\/www.freiburg-schwarzwald.de\/blog\/engagement\/zukunft\/demokratie\/verfassung\/staatsfeinde\/\">Staatsfeinde<\/a><\/li>\n<li><a title=\"Talkshow\" href=\"https:\/\/www.freiburg-schwarzwald.de\/blog\/kultur\/medien\/talkshow\/\">Talkshow<\/a><\/li>\n<li><a href=\"https:\/\/www.freiburg-schwarzwald.de\/blog\/kultur\/medien\/framing\/geheimtreffen\/\">Wannseekonferenz2.0<\/a><\/li>\n<li><a title=\"Werte\" href=\"https:\/\/www.freiburg-schwarzwald.de\/blog\/global\/integration\/werte\/\">Werte<\/a><\/li>\n<li><a title=\"Wikipedia\" href=\"https:\/\/www.freiburg-schwarzwald.de\/blog\/kultur\/medien\/wikipedia\/\">Wikipedia<\/a><\/li>\n<li><a title=\"Willkommenskultur\" href=\"https:\/\/www.freiburg-schwarzwald.de\/blog\/global\/integration\/willkommenskultur\/\">Willkommenskultur<\/a><\/li>\n<li><a title=\"Zeitgeist\" href=\"https:\/\/www.freiburg-schwarzwald.de\/blog\/engagement\/zeitgeist\/\">Zeitgeist<\/a><\/li>\n<\/ul>\n<p>&nbsp;<\/p>\n<h3><strong>Schweizer Medien sind das &#8222;Westfernsehen&#8220; der Deutschen<br \/>\n.<br \/>\n<\/strong><strong>\u201eEs ist nicht die Aufgabe von Journalismus,<br \/>\n\u00fcber die Themen zu informieren, die die Leute wissen wollen.<br \/>\nSondern \u00fcber das, was sie wissen sollen.\u201c<br \/>\n<\/strong>Tilo Jung, Journalist<\/h3>\n<div id=\"attachment_143240\" style=\"width: 595px\" class=\"wp-caption alignnone\"><a href=\"https:\/\/www.freiburg-schwarzwald.de\/blog\/wp-content\/uploads\/2025\/12\/talkshows-parteien2025pan.jpg\"><img loading=\"lazy\" decoding=\"async\" aria-describedby=\"caption-attachment-143240\" class=\"size-full wp-image-143240\" src=\"https:\/\/www.freiburg-schwarzwald.de\/blog\/wp-content\/uploads\/2025\/12\/talkshows-parteien2025pan.jpg\" alt=\"\" width=\"585\" height=\"254\" srcset=\"https:\/\/www.freiburg-schwarzwald.de\/blog\/wp-content\/uploads\/2025\/12\/talkshows-parteien2025pan.jpg 585w, https:\/\/www.freiburg-schwarzwald.de\/blog\/wp-content\/uploads\/2025\/12\/talkshows-parteien2025pan-180x78.jpg 180w\" sizes=\"auto, (max-width: 585px) 100vw, 585px\" \/><\/a><p id=\"caption-attachment-143240\" class=\"wp-caption-text\">Politische Parteien in den Talkshows in 2025<\/p><\/div>\n<p>=============================================================<\/p>\n<p>&nbsp;<\/p>\n<p><strong>Der scheinobjektive Journalismus als Methode: Meinungsmanipulation beim \u00d6RR<\/strong><br \/>\n<strong>\u201eWir sind dankbar f\u00fcr Fl\u00fcchtlinge\u201c<\/strong><br \/>\nIn seinem Rundfunkurteil vom 18. Juli 2018 begr\u00fcndet das Bundesverfassungsgericht die Zwangsabgabe f\u00fcr die \u00f6ffentlich-rechtlichen Rundfunkanstalten mit der dort gebotenen, keiner \u201eeinseitigen Einflu\u00dfnahme\u201c ausgesetzten Objektivit\u00e4t der Berichterstattung sowie einer Meinungsvielfalt, die durch \u201everantwortungsvolles journalistisches Handeln eingeordnet\u201c werde. Das sei eine f\u00fcr das Funktionieren der Demokratie wichtige Qualit\u00e4tsgarantie, wie sie unter dem Druck von Einschaltquoten und Werbeauftr\u00e4gen produzierende private Medien nicht geben k\u00f6nnten. Die Rot-Roben m\u00fcssen in ihrem Karlsruher Elfenbeinturm schon damals selten ARD und ZDF eingeschaltet haben. Dabei begannen just 2018 \u201eQualit\u00e4tsjournalisten\u201c des Staatsfunks laut zu einfordern, was l\u00e4ngst Praxis war: \u201eHaltung\u201c. \u201eWenn Journalisten behaupten, sie seien neutral\u201c, formulierte der Moderator Georg Restle das Credo seiner Zunft, \u201edann l\u00fcgen sie\u201c. Seitdem habe sich, wie Bernd Stegemann, Professor f\u00fcr Theatergeschichte und Dramaturgie an der Hochschule f\u00fcr Schauspielkunst Ernst Busch in Berlin, bilanziert, \u201eder scheinobjektive Journalismus als Methode\u201c perfektioniert. Der \u00d6RR informiere nicht objektiv, sondern manipuliere Meinungen nach altbekannten propagandistischen Rezepten. Was sich leicht an Restles \u201eMonitor\u201c-Magazin in der ARD studieren lasse, das gerade in Sachen Migration stets zu propagandistischer H\u00f6chstform auflaufe, wenn aus dem bunten Reigen von Bildern und Texten die frohe Botschaft erklinge: \u201eEs gibt keine Probleme mit der Migration. Wir sind nicht \u00fcberfordert. Wir sind dankbar f\u00fcr Fl\u00fcchtlinge.\u201c<br \/>\n&#8230; Alles vom 3.4.2025 bitte lesen auf<br \/>\n<a href=\"https:\/\/www.cicero.de\/kultur\/meinungsmanipulationen-beim-orr-scheinobjektiver-journalismus-als-methode\">https:\/\/www.cicero.de\/kultur\/meinungsmanipulationen-beim-orr-scheinobjektiver-journalismus-als-methode<\/a><\/p>\n<p>&nbsp;<\/p>\n<p><strong>RBB-Geb\u00fchrensender sch\u00fcrt mit Bild-Manipulation Klima-Angst<\/strong><br \/>\nSchaut man auf den Twitter Account des \u00f6ffentlich-rechtlichen Senders RBB \u2013 der zuletzt weniger durch Journalismus als die Prunksucht und Ausgaben-Manie seiner Intendantin aufgefallen ist \u2013 bekommt man es mit der Angst zu tun. In einem Tweet ist dort das Bild eines herbstlichen Berlins zu sehen, mit gelb gef\u00e4rbten Bl\u00e4ttern an den B\u00e4umen. Darunter steht: \u201eHerbst im August \u2013 #Berlin\u200ber B\u00e4ume sind gestresst von der D\u00fcrre der letzten Monate. Deswegen werfen sie verfr\u00fcht ihre Bl\u00e4tter ab. Sieht es bei euch auch schon herbstlich aus?\u201c Auf Instagram fragte ein Leser, von wann das Bild ist. Die Antwort des RBB: \u201eDas Foto wurde gestern aufgenommen, also am 18. August.\u201c<br \/>\nDie mit Geb\u00fchren finanzierte Anstalt hat dabei aber nicht mit kritischen Beobachtern gerechnet wie mit dem Blogger \u201eArgonerd\u201c, der bekannt ist f\u00fcr seine akribischen Recherchen und f\u00fcr das Aufdecken von Doppelmoral und F\u00e4lschungen in Politik und Medien. Das tut er, ohne einen Cent Steuergelder daf\u00fcr zu bekommen, wie das bei vielen der so genannten Faktencheckern der Fall ist \u2013 die sich fast ausschlie\u00dflich darauf konzentrieren, Kritiker der Regierung unter die Lupe zu nehmen. Und sie bei jeder sich bietenden Gelegenheit diffamieren. Parallel ziehen sie es vor, Fehler und L\u00fcgen von Medien und Regierung schweigend zu \u00fcbergehen. Sie sind damit zu einer Streitaxt der Regierung geworden. Kritiker sprechen sogar von einer \u201eStasi im Outsourcing\u201c.<br \/>\n\u201eArgonerd\u201c hat nun den Geb\u00fchrensender RBB beim Manipulieren entlarvt. Denn das Bild, mit dem die Anstalts-Journalisten faktisch Klimaangst sch\u00fcren, ist gar nicht aktuell. Es stammt nicht aus diesen hei\u00dfen August-Tagen, sondern aus dem November 2020. Und dass sich im November die Bl\u00e4tter der B\u00e4ume gelb oder braun f\u00e4rben, hat nichts mit dem Klimawandel zu tun. Auch wenn das manchen Klima-Angstmachern bei den \u00d6ffentlich-Rechtlichen vielleicht gegen den Strich geht:<br \/>\n<a href=\"https:\/\/www.freiburg-schwarzwald.de\/blog\/wp-content\/uploads\/2022\/08\/RBB-herbstImAugust2022-argonerd220819.jpg\"><img loading=\"lazy\" decoding=\"async\" class=\"alignnone size-thumbnail wp-image-103569\" src=\"https:\/\/www.freiburg-schwarzwald.de\/blog\/wp-content\/uploads\/2022\/08\/RBB-herbstImAugust2022-argonerd220819-180x158.jpg\" alt=\"\" width=\"180\" height=\"158\" srcset=\"https:\/\/www.freiburg-schwarzwald.de\/blog\/wp-content\/uploads\/2022\/08\/RBB-herbstImAugust2022-argonerd220819-180x158.jpg 180w, https:\/\/www.freiburg-schwarzwald.de\/blog\/wp-content\/uploads\/2022\/08\/RBB-herbstImAugust2022-argonerd220819-640x560.jpg 640w, https:\/\/www.freiburg-schwarzwald.de\/blog\/wp-content\/uploads\/2022\/08\/RBB-herbstImAugust2022-argonerd220819-768x672.jpg 768w, https:\/\/www.freiburg-schwarzwald.de\/blog\/wp-content\/uploads\/2022\/08\/RBB-herbstImAugust2022-argonerd220819.jpg 800w\" sizes=\"auto, (max-width: 180px) 100vw, 180px\" \/><\/a> \u00a0 &#8222;Herbst im August&#8220; (Fake links, orig. rechts)<br \/>\n.<br \/>\n&#8230; Alles vom 19.8.2022 bitte lesen auf<br \/>\n<a href=\"https:\/\/reitschuster.de\/post\/gebuehrensender-schuert-mit-bilder-manipulation-klima-angst\/\">https:\/\/reitschuster.de\/post\/gebuehrensender-schuert-mit-bilder-manipulation-klima-angst\/<\/a><\/p>\n<p>\u201eHerbst im August\u201c (@rbb24)<br \/>\n<a href=\"https:\/\/twitter.com\/argonerd\/status\/1560597848571318276\">https:\/\/twitter.com\/argonerd\/status\/1560597848571318276<\/a><\/p>\n<p>Einige Kommentare:<br \/>\nLeute von RBB: H\u00f6rt endlich, endlich auf zu l\u00fcgen und Panik zu verbreiten. Ihr seid einfach nicht mehr zu ertragen. Es gibt KEINEN menschgemachten Klimawandel. Seit nunmehr 50 Jahren, von 1972 an, werden wir belogen und betrogen. Erst war es baumsterben, dann saurer Regen, dann Ozonloch, dann \u00d6l ist bald alle, dann neue Eiszeit, dann Polkappen bald eisfrei, dann CO2 u.s.w.. Dann noch die verbl\u00f6deten Klimah\u00fcpfer. Wenn ich aus meinem Fenster schaue, sehe ich, da\u00df die Welt noch da ist. Also, ihr Klimaspinner. Nichts von den Horrormeldungen ist jemals eingetreten. Ihr seid derma\u00dfen verlogen. Das ist einfach unglaublich. Ich verachte euch zutiefst. Einfach ekelhaft.<br \/>\n19.8.2022, H.P.<\/p>\n<p>Wir habe eine D\u00fcrreperiode &#8211; das ist gar keine Frage &#8211; die aber auch im Berliner- und im Brandenburger Bereich hausgemacht ist. Der Stopp der Wasserzufuhr aus dem Braunkohletagebau und die neuen Tesla-Werke, die enorme Wassermassen verbrauchen, geben der ohnehin niederschlagsarmen Gegend den Rest. Hinzu kommt, dass Stra\u00dfenb\u00e4ume, die ohnehin unter Wassermangel aufgrund der Bodenversiegelung leiden, schon seit langen nicht mehr gew\u00e4ssert werden. Man muss Geld sparen!<br \/>\nDas ist hier eine billige Manipulation die selbst meine 7j\u00e4hrige Enkelin in Frage stellen w\u00fcrde!<br \/>\nMein Tipp f\u00fcr das richtige Angstsch\u00fcren an unsere apokalyptischen Reiter und Verk\u00fcnder der Klimakatastrophe:<br \/>\nMerkt euch die Positionen der sichtbar gewordenen &#8222;Hungersteine&#8220; in den ausgetrockneten Fl\u00fcssen. Wenn ihr sie fachgerecht entfernt, k\u00f6nnt ihr den Leuten wirklich glaubhaft erz\u00e4hlen, dass es so eine D\u00fcrre noch nie gegeben hat,<br \/>\nIhr seid unprofessionelle Amateure!<br \/>\n19.8.2022, G.W.<\/p>\n<p>Eine weitere Manipulation von den \u00d6RR-Gr\u00fcnenanh\u00e4ngern, sind die schwarz rauchenden K\u00fchlt\u00fcrme von Kraftwerken. Das Traurige, zu viele ihrer Noch-Zuschauer, glauben diesen Bl\u00f6dsinn, weshalb sich bei allem momentanen Theater nichts, aber auch gar nichts \u00e4ndern wird.<br \/>\n19.8.2022, K.D.<\/p>\n<p>Das Foto stammt vom 1.11.2020!!! Das hat mit &#8222;Reitschuster&#8220; nichts zu tun. Wir haben dieses Jahr mal wieder einen richtigen Sommer, da es in der Zeit vom &#8222;Siebenschl\u00e4fer&#8220; sch\u00f6n und warm war. Ist eine alte Bauernregel, die meist auch zutrifft. Solche Sommer kenne ich noch aus meiner Kindheit. Da waren wir in den Sommerferien jeden Tag im Bad. Und wenn es hier und da tats\u00e4chlich vertrocknete Pflanzen geben sollte, dann muss man auch aktuelle Bilder nehmen und nicht welche vom Herbst von vor zwei Jahren! Das ist Betrug, dient der Panikmache und Klimahysterie und ist einfach nur noch zum ko&#8230;!<br \/>\n19.8.2022, Ste<br \/>\nEnde Kommentare<\/p>\n<p>&nbsp;<\/p>\n<p><strong>Albrecht M\u00fcller: Methoden der Manipulation<br \/>\n<\/strong>In dem Buch &#8222;Glaube wenig &#8211; Hinterfrage alles &#8211; Denke selbst&#8220; werden 19 Methoden der Manipulation beschrieben:<br \/>\n1. Sprachregelung 25<br \/>\n2. Manipulation mithilfe von st\u00e4ndig gebrauchten und mit einer Bewertung versehenen Begriffen 28<br \/>\n3. Geschichten verk\u00fcrzt erz\u00e4hlen 29<br \/>\n4. Verschweigen 33<br \/>\n5. Wiederholen \u2013 steter Tropfen h\u00f6hlt den Stein 37<br \/>\n6. \u00dcbertreiben \u2013 es wird schon etwas h\u00e4ngen bleiben 39<br \/>\n7. Die gleiche Botschaft aus verschiedenen Ecken aussenden 41<br \/>\n8. Alle in der Runde sind der gleichen Meinung. Dann muss es ja richtig sein. 43<br \/>\n9. Der Wippschaukeleffekt 45<br \/>\n10. Umfragen nutzen, um Meinung zu machen 48<br \/>\n11. B sagen und A meinen 51<br \/>\n12. NGOs gr\u00fcnden oder benutzen 53<br \/>\n13. Ein Sammelsurium von Andeutungen macht in der Summe die Halbwahrheiten zur Wahrheit 55<br \/>\n14. Experten helfen \u2013 zu manipulieren 56<br \/>\n15. Namen verkn\u00fcpfen und damit Einzelne bewerten 61<br \/>\n16. Gezielter Einsatz von Emotionen 65<br \/>\n17. Konflikte nutzen und inszenieren, um Meinung zu machen 67<br \/>\n18. Die Verbreitung und Nutzung des Grundgef\u00fchls \u00bbWir sind die Guten\u00ab 68<br \/>\n19. Pars pro toto \u2013 ein Teil steht f\u00fcr das Ganze<\/p>\n<p>Albrecht M\u00fcller:<br \/>\nGlaube wenig &#8211; Hinterfrage alles &#8211; Denke selbst<br \/>\nWie man Manipulationen durchschaut<br \/>\n\u00dcberarbeitete und erweiterte Neuauflage 5\/2022, 10 Euro<br \/>\n.<br \/>\n<em>Albrecht M\u00fcller (* 16. Mai 1938 in Heidelberg) ist ein deutscher Volkswirt, Publizist und ehemaliger Politiker (SPD). M\u00fcller war Planungschef im Bundeskanzleramt unter den Bundeskanzlern Willy Brandt und Helmut Schmidt. Weiter war er von 1987 bis 1994 f\u00fcr die SPD Mitglied des Deutschen Bundestages und ist seit 2003 als Autor und Mitherausgeber der NachDenkSeiten <a href=\"https:\/\/www.nachdenkseiten.de\">https:\/\/www.nachdenkseiten.de<\/a> t\u00e4tig.<\/em><\/p>\n<p>7.5.2022<\/p>\n<p>.<\/p>\n<p><strong>Manipulation der Medien: Infizierte = Erkrankte<\/strong><br \/>\n\u201eDie meisten Printmedien setzen in ihren Statistiken bis heute \u2018Infizierte\u2019 mit \u2018Erkrankte\u2019 gleich. Dabei sind die meisten j\u00fcngeren Infizierten symptomfrei, also nicht erkrankt.<br \/>\n(&#8230;)<br \/>\nMan hat das Gef\u00fchl, man wird manipuliert. Und das mu\u00df gar nicht aus niederen Motiven heraus geschehen: Jemandem die Wahrheit vorzuenthalten, kann auch aus dem Wunsch heraus erfolgen, jemanden zu besch\u00fctzen oder zu einem erw\u00fcnschten Verhalten zu veranlassen.<br \/>\nDie Menschen aber wollen sich selbst ein Urteil bilden, und dazu m\u00fcssen sie umfassend, nicht einseitig, informiert sein.\u201c<br \/>\nJulian Nida-R\u00fcmelin, Philosoph, im \u201eSpiegel\u201c am 3.4.2021<\/p>\n<p>&nbsp;<\/p>\n<p><strong>10 Jahre nach dem Tsunami \u2013 die deutschen Medien haben nichts dazu gelernt<\/strong><br \/>\nIn den Tagen der <a href=\"https:\/\/www.freiburg-schwarzwald.de\/blog\/fukushima-beben-tsunami-akw\/\">Katastrophe in Fukushima<\/a>, im M\u00e4rz 2011, war ich in Indonesien und betrachtete fassungslos die extrem unterschiedliche Berichterstattung der internationalen und der deutschen Medien.<br \/>\nDie internationale Presse berichtete \u00fcber den Tsunami, der rund 20.000 Menschen das Leben kostete, 120.000 H\u00e4user zerst\u00f6rte und eine halbe Million Menschen obdachlos machte. Das menschliche Leid, geschaffen durch eine Naturkatastrophe stand im Vordergrund.<br \/>\nDie deutschen Medien dagegen schufen eine Hysterie ohnegleichen, indem sie im Minutentakt \u00fcber die Reaktor-Havarie berichteten und apokalyptische Untergangsszenarien aller Art nach Deutschland verbreiteten.<br \/>\nDiese Medien haben es bis heute geschafft, dass den Menschen beim Stichwort Fukushima nicht der Tsunami, sondern die Havarie eines Atomkraftwerks einf\u00e4llt. Auch bei der jetzigen Berichterstattung zum zehnten Jahrestag kamen die meisten Menschen aufgrund der medialen Manipulationen wohl nicht auf den Gedanken, dass die wirkliche Katastrophe ein Tsunami war, der 20 000 Menschenleben forderte.<br \/>\n.<br \/>\n<em><strong>Der Begriff Manipulation ist hier fast zu tief gegriffen. Man k\u00f6nnte auch noch das Wort menschenverachtend hinzuf\u00fcgen.<\/strong><\/em> Sie sind sich offensichtlich nicht zu schade im angeblichen Dienst f\u00fcr die Menschen, die Todesursache zu verf\u00e4lschen, indem sie falsche Zusammenh\u00e4nge herstellen. Diese Einheitsberichterstattung war dann wohl auch die Blaupause f\u00fcr die Positiv-Hysterie bei der illegalen Einwanderung 2015.<br \/>\n.<br \/>\nNun, 10 Jahre nach dem AKW-Unfall, stellt sich heraus, dass alle Schreckensszenarien unberechtigt waren. Weder gab es nachweisbar viele Krebstote durch den Atomunfall, noch massenweise Fehlgeburten oder Missbildungen.<br \/>\n&#8230;Alles vom 19.3.2021 von Klaus-J\u00fcrgen Gadamer bitte lesen auf<br \/>\n<a href=\"https:\/\/www.tichyseinblick.de\/meinungen\/10-jahre-nach-fukushima-deutsche-medien\/\">https:\/\/www.tichyseinblick.de\/meinungen\/10-jahre-nach-fukushima-deutsche-medien\/<\/a><\/p>\n<p>&nbsp;<\/p>\n<p><strong>EU-Gerichtshof durch Soros manipuliert<\/strong><br \/>\nJe offener sich diese Gesellschaft gibt, desto versteckter wird sie manipuliert:<br \/>\nhttps:\/\/www.rt.com\/op-ed\/481651-george-soros-european-court-judges\/<br \/>\n&#8222;The study has found that, out of the 100 judges who have served on the bench of the European Court of Human Rights in the period 2009-2019, nearly a quarter (22) have strong links to George Soros\u2019 Open Society Foundation or to NGOs like Amnesty International and others which are funded by it. Human Rights Watch, for instance, has received $100 million from the Open Society Foundation since 2010.&#8220;<br \/>\n&#8230; Alles vom 28.2.2020 bitte lesen auf<br \/>\n<a href=\"https:\/\/michael-klonovsky.de\/acta-diurna\">https:\/\/michael-klonovsky.de\/acta-diurna<\/a><\/p>\n<p>.<\/p>\n<p>&nbsp;<\/p>\n<p><strong>\u201eAfD-Hirse\u201c: ZDF stellt gr\u00fcne MdB als gew\u00f6hnliche Kundin dar<\/strong><br \/>\nJan Plessow ist AfD-Mitglied und Inhaber der \u201eSpreew\u00e4lder Hirsem\u00fchle\u201c, einer Marke f\u00fcr Bio-Hirse. Als Pessows Parteizugeh\u00f6rigkeit bekannt wurde, nahmen einige Biol\u00e4den die Marke aus dem Sortiment. Ob das eine angemessene Reaktion ist, dar\u00fcber l\u00e4sst sich streiten, aber nat\u00fcrlich sollten Unternehmer v\u00f6llig frei entscheiden d\u00fcrfen, mit wem sie Gesch\u00e4fte machen.<br \/>\nH\u00f6chst bedenklich ist hingegen die <a title=\"Politisch kontaminierte Hirse?\" href=\"https:\/\/www.freiburg-schwarzwald.de\/blog\/politisch-kontaminierte-hirse\/\">Berichterstattung des ZDF<\/a> \u00fcber den Sachverhalt. In diesem Nachrichtenbeitrag kommt zun\u00e4chst Jan Plessow zu Wort. Hinter seinem Namen l\u00e4sst das K\u00fcrzel \u201e(AfD)\u201c keinen Zweifel an Plessows Parteizugeh\u00f6rigkeit. Anschlie\u00dfend appelliert der Pr\u00e4sident des Brandenburgischen Bauernverbandes, man solle einen Gang zur\u00fcck schalten und den Verbraucher entscheiden lassen. Der Beitrag ist mittlerweile aus der ZDF-Mediathek verschwunden, er ist aber noch auf YouTube.<br \/>\n<a href=\"https:\/\/www.youtube.com\/watch?v=B3RLA62m8Wg\">https:\/\/www.youtube.com\/watch?v=B3RLA62m8Wg<\/a><br \/>\nAb Minute 1:20 wird es dann brisant. Aus dem Off wird erk\u00e4rt, die Kunden in diesem Biomarkt h\u00e4tten sich bereits entschieden und st\u00fcnden hinter der Entscheidung, die \u201eAfD-Hirse\u201c aus den Regalen zu nehmen. Anschlie\u00dfend wird eine \u201eKundin\u201c befragt. Sie findet deutliche Worte gegen die AfD und bringt ihre Unterst\u00fctzung des Boykotts zum Ausdruck. Doch was dem Zuschauer nicht mitgeteilt wird: Bei der \u201eKundin\u201c handelt es sich um Monika Lazar, eine Bundestagsabgeordnete der Gr\u00fcnen. Hinter ihrem Namen fehlt das Parteienk\u00fcrzel. Hier sehen Sie einen entsprechenden Screenshot.<br \/>\n<a href=\"https:\/\/youtu.be\/B3RLA62m8Wg\">https:\/\/youtu.be\/B3RLA62m8Wg<\/a><br \/>\nDass eine Gr\u00fcnen-Abgeordnete der AfD den gr\u00f6\u00dftm\u00f6glichen Schaden zuf\u00fcgen will, ist klar. Doch das ZDF stellt Lazar als ganz gew\u00f6hnliche Kundin des Bioladens dar, eine zweite Meinung h\u00f6ren wir nicht. Dem Zuschauer wird die Voreingenommenheit der Interviewten unterschlagen. Diese Art der Berichterstattung ist tendezi\u00f6s und undurchsichtig. Das ZDF wird seinem Auftrag einer ausgewogenen Berichterstattung mit diesem Beitrag nicht gerecht.<br \/>\n&#8230; Alles vom 15.10.2019 von Marvin Wank bitte lesen auf<br \/>\n<a href=\"https:\/\/apollo-news.net\/afd-hirse-zdf-stellt-gruene-mdb-als-gewoehnliche-kundin-dar\/\">https:\/\/apollo-news.net\/afd-hirse-zdf-stellt-gruene-mdb-als-gewoehnliche-kundin-dar\/<\/a><\/p>\n<p><strong>Spreew\u00e4lder Hirsem\u00fchle<\/strong><br \/>\nMit der Entstehung des Bewu\u00dftseins f\u00fcr eine vollwertige und ausgewogene Ern\u00e4hrung mit Lebensmitteln aus \u00f6kologischem Landbau, fand auch das fast vergessene <a title=\"Hirse\" href=\"https:\/\/www.freiburg-schwarzwald.de\/blog\/natur\/ernaehrung\/getreide\/hirse\/\">Hirsekorn<\/a> wieder auf den Tisch zur\u00fcck. Die stetige Entwicklung der Nachfrage f\u00fcr \u00f6kologisch erzeugte Produkte schuf die Basis f\u00fcr die Bildung eines Marktes f\u00fcr Hirsekorn, von dem mittlerweile auch vielf\u00e4ltigste Verarbeitungsprodukte angeboten werden. Bis zum Jahr 2004 beruhte das Angebot ausschlie\u00dflich auf Importen aus L\u00e4ndern wie den USA, Kanada, China, Ungarn, \u00d6sterreich oder auch Russland. Diese Situation war und ist insofern unbefriedigend, da Rispenhirse bis zu Beginn des 20. Jahrhunderts in Deutschland (der Anbau konzentrierte sich ab dem 17.\/18. Jh. in den s\u00fcdlichen Gebieten der Mark Brandenburg) ein einheimisches Getreide war, das in fr\u00fcheren Zeiten sogar als beste Frucht gegen den Hunger, somit als Grundnahrungsmittel, hoch gesch\u00e4tzt wurde.<br \/>\n<a href=\"https:\/\/www.hirsemuehle.de\/hirse_htmls\/hirse_wiedereinfuehrung.htm\">https:\/\/www.hirsemuehle.de\/hirse_htmls\/hirse_wiedereinfuehrung.htm<\/a><\/p>\n<p><strong>Kauft nicht bei &#8230;.<\/strong><br \/>\nNSDAP 1933: \u201eKauft nicht bei Juden!\u201c<br \/>\nGr\u00fcne 2019: \u201e Kauft nicht bei Klimaleugnern und AfD Mitgliedern!\u201c<br \/>\n15.10.2019, JO, ANO<br \/>\n.<br \/>\n<strong>GEZ-Systemversagen<\/strong><br \/>\nWir k\u00f6nnen noch ewig das Systemversagen der GEZ-Medien beklagen, es ficht sie nicht einen Deut. Die einzige Sprache die sie verstehen, ist der KONSEQUENTE Boykott. Was wollen sie tun, wenn analog zu Friday for Hubrum eine \u201eGeknechtete gegen GEZ\u201c entsteht, welche pl\u00f6tzlich massenhaft die Zahlung einstellt? &#8230;.<br \/>\n15.20.019, DLP, ANO<br \/>\n.<br \/>\n<strong>Die klare Verletzung des Rundfunkstaatsvertrages ist eine Tatsache<\/strong><br \/>\nAber wird hier nicht schon die Grenze zum Betrug \u00fcberschritten? &#8230;.<br \/>\nSorry, aber die Berichterstattung des ZDF nicht undurchsichtig, sie ist allzu durchsichtig. Damit wird ein Klima der Ausgrenzung und Hetze gesch\u00fcrt, wie ich es seit 30 Jahren nicht mehr f\u00fcr m\u00f6glich gehalten h\u00e4tte. Es ist an der Zeit sich zu sch\u00e4men, wenn man dies alles widerspruchslos toleriert, gleich von welcher&#8230;<br \/>\n15.10.2019, M.H.,AO<\/p>\n<p>&nbsp;<\/p>\n<p><strong>Das Rezo-Dossier &#8211; Influencer<\/strong><br \/>\nRezo, ein so genannter \u201eInfluencer\u201c, hat mit einem inhaltlich nicht besonders originellen Video davon abgelenkt, dass es bei der Europawahl um die Mehrheitsverh\u00e4ltnisse im europ\u00e4ischen Parlament ging. Und nicht um die \u201eZerst\u00f6rung der CDU\u201d \u2013 die macht das schon selber \u2013 und auch nicht um den Klimaschutz.<br \/>\n&#8230;.<br \/>\nRezo steht bei der TubeOne GmbH unter Vertrag. Die sorgt f\u00fcr Aufnahmetechnik und Support und vermarktet ihn im Gegenzug. TubeOne geh\u00f6rt wiederum zum Au\u00dfenwerber Str\u00f6er, zu dem auch t-online und das Nachrichtenportal f\u00fcr die Jugend \u201ewatson\u201d und andere z\u00e4hlen. t-online hat den schlagenden Vorteil, dass die News-Seite bei allen Telekom-Kunden ungefragt auf der Eingangsseite erscheint, wenn sie sich einw\u00e4hlen. Zwischen den drei Angeboten entstehen Synergieeffekte, wenn t-online oder Watson etwa \u00fcber ein neues Podcast-Angebot berichtet oder umgekehrt entsprechende Angebote von der Konkurrenz ignoriert.<br \/>\n&#8230; Alles vom 7.6.2019 von Carl Christian Jancke bitte lesen auf<br \/>\n<a href=\"https:\/\/www.achgut.com\/artikel\/das_rezo_dossier\">https:\/\/www.achgut.com\/artikel\/das_rezo_dossier<\/a><br \/>\n.<br \/>\n<strong>Menschlicher Einflu\u00df auf Erderw\u00e4rmung ist vernachl\u00e4ssigbar gering?<\/strong><br \/>\nIch hatte die Tage das zweifelhafte Vergn\u00fcgen mit offensichtlich mindestens einem (schon lange nicht mehr jugendlichen) Konsumenten dieses Rezo-Videos. Dieser beschuldigte mich in sehr unh\u00f6flichen Worten des Wahnsinns &#8211; mit folgender Argumentation: Wenn 97 Prozent der Wissenschaftler der Meinung seien, der Klimawandel sei im Wesentlichen durch den Menschen verursacht, dann w\u00e4re es quasi geisteskrank, eine andere Meinung zu vertreten. So als w\u00e4re ich die einzige Geisterfahrerin auf einer f\u00fcnfspurigen Autobahn und w\u00fcrde behaupten, alle anderen verletzten die Verkehrsregeln.<br \/>\nJetzt gibt es aber einen SPON-Artikel bereits vom 23.09.2014, der dem 97-Prozent-Konsens deutlich widerspricht, den Pr\u00e4sident Obama aufgrund der Auswertung von Studien von Klimaforschern behauptet hatte: \u201cDie Studie belegt also lediglich eine Banalit\u00e4t: Wissenschaftler sind sich weitgehend einig, dass der Mensch zur Klimaerw\u00e4rmung beitr\u00e4gt.(&#8230;) Zu den eigentlich entscheidenden Fragen jedoch macht die Cook-Studie keine Aussage: Wie gro\u00df ist der menschengemachte Anteil am Klimawandel? Und wie gef\u00e4hrlich ist der Klimawandel?\u201d<br \/>\n.<br \/>\nDas hei\u00dft, rein theoretisch k\u00f6nnten demnach 90 Prozent jener Studien auch zum Ergebnis gehabt haben, der Einfluss des Menschen sei zwar da, aber vernachl\u00e4ssigbar oder eine weitere M\u00f6glichkeit, dass eine w\u00e4rmere Erde das Pflanzenwachstum genauso f\u00f6rdert wie das CO2, wodurch auch die Produktion von Nahrungsmitteln erleichtert w\u00e4re.<br \/>\nEin weiterer T\u00e4uschungsversuch folgte daraufhin laut dem SPON-Artikel: \u201cKlimaforscher f\u00f6rdern das Missverst\u00e4ndnis nun mit einer Kampagne. Anl\u00e4sslich des Uno-Klimagipfels am Dienstag in New York haben 97 von ihnen Stellungnahmen ver\u00f6ffentlicht, die Einigkeit zum Klimathema betonen sollen.\u201d Und es haftet so offenbar im kollektiven Ged\u00e4chtnis.<br \/>\n7.6.2019, S.SCH, AO<br \/>\n.<br \/>\n<strong>Influencer als Meinungsmacher<\/strong><br \/>\nInfluencer &#8211; wieso nimmt man nicht einen deutschen Begriff? Wahrscheinlich weil dann der eine oder andere erst begreifen w\u00fcrde, was der Antrieb der \u201cInfluencer\u201d ist. Bei Bezeichnungen wie \u201cBeeinflusser\u201d oder \u201cMeinungsmacher\u201d w\u00fcrde evtl. mancher begreifen, wie er\/ sie\/ es manipuliert werden soll. Bei allen Influencern steckt ein bestimmtes (meist wirtschaftliches) Interesse dahinter. Und die \u201cFollower\u201d lassen sich entsprechend manipulieren &#8211; ganz egal ob Wahl- oder Kaufentscheidungen! Eigenes Denken wird ausgeschaltet. G\u00f6bbels war mit seiner Sportpalast-Rede auch ein Influencer. Das sollte zu denken geben!<br \/>\n76.2019, H.M.<\/p>\n<p>&nbsp;<\/p>\n<p><strong>Publico: Die Psychologie des gr\u00fcnen Erfolgs &#8211; Astroturf, Framing, Overton-Window<\/strong><br \/>\n<em>Warum schafft es die Partei, zu einer Kraft aufzusteigen, die tats\u00e4chlich den n\u00e4chsten Kanzler stellen k\u00f6nnte? Auch deshalb, weil sie politische Techniken beherrscht, die ihre Konkurrenten noch nicht einmal erkennen<\/em><br \/>\n<em>Von Dirk Schwarzenberg und <a title=\"Klima-Religion\" href=\"https:\/\/www.freiburg-schwarzwald.de\/blog\/natur\/klima\/klima-religion\/\">Alexander Wendt<\/a><br \/>\n<\/em>\u00a0.<br \/>\nDas Wahlergebnis der Gr\u00fcnen in Deutschland l\u00e4sst sich nicht verstehen ohne drei Begriffe, die in der US-amerikanischen Politik seit Jahrzehnten eingef\u00fchrt, hierzulande allerdings \u2013 zumindest zwei von ihnen \u2013 als Begriff noch weitgehend unbekannt sind. Als Technik selbst allerdings nicht. Die Gr\u00fcnen und ihr organisatorische wie mediales Umfeld bedienen seit etwa einem Jahr dreier Instrumente in Perfektion, w\u00e4hrend die anderen Parteien die Praxis noch nicht einmal begreifen: Astroturfing, Framing und gezielte Beeinflussung des Overton Windows.<br \/>\n.<br \/>\nUm mit dem ersten zu beginnen: Bei <strong>Astroturf<\/strong> handelte es sich urspr\u00fcnglich um einen Begriff f\u00fcr Kunstrasen in Stadien. Schon in den 90er Jahren benutzten Politiker und Politanalysten das Wort f\u00fcr \u00f6ffentlichkeitswirksame Aktionen, die koordiniert und gewisserma\u00dfen im Ganzen ausgerollt werden, aber den Eindruck einer spontanen, an vielen Stellen gleichzeitig entstehenden Aktivit\u00e4t erwecken sollen. Also das Gegenteil eines Kunstrasens, n\u00e4mlich eine urw\u00fcchsige Graswurzelbewegung. Der Begriff geht wahrscheinlich auf den texanischen Senator Lloyd Bentsen zur\u00fcck, der 1985 pl\u00f6tzlich sehr viele Briefe und Postkarten bekam, scheinbar von normalen, unabh\u00e4ngig voneinander agierenden B\u00fcrgern, die ihn beknieten, sich besser um die Interessen der Versicherungswirtschaft zu k\u00fcmmern. \u201cA fellow from Texas\u201c, meinte Bentsen, \u201ecan tell the difference between grass roots and AstroTurf\u2026 this is generated mail.\u201d Mit simpler Briefpost betreibt heute niemand mehr Astroturfing. Die Instrumente sind unendlich wirkungsvoller, und die Praxis zielt auf die breite \u00d6ffentlichkeit: Mit vorgeblich von unten gewachsenen Bewegungen wie den \u201eSchulstreiks f\u00fcr das Klima\u201c, mit Youtube-Videos und mit Ver\u00f6ffentlichungswellen von Appellen.<br \/>\n.<br \/>\nMit dem Begriff<strong> Framing<\/strong> immerhin kann sp\u00e4testens seit dem \u201eARD-Framing-Manual\u201c der Publizistin Elisabeth Wehling schon eine etwas gr\u00f6\u00dfere \u00d6ffentlichkeit in Deutschland etwas anfangen. <a href=\"https:\/\/www.publicomag.com\/2019\/02\/sie-werden-geframt-von-ihrer-ard\/\">https:\/\/www.publicomag.com\/2019\/02\/sie-werden-geframt-von-ihrer-ard\/<\/a><br \/>\nZur kurzen Erinnerung: Wehling, eine mit wohlklingendem eigenen Institut selbstnobilitierten Psychologin, hatte f\u00fcr die ARD 2017 ein so genanntes <a title=\"Framing-Manual der ARD\" href=\"https:\/\/www.freiburg-schwarzwald.de\/blog\/framing-manual-der-ard\/\">Framing-Manual<\/a> verfasst, in dem sie dem Senderverbund riet, f\u00fcr eine h\u00f6here Akzeptanz des Geb\u00fchrensystems moralisch aufgeladene Begriffe in Umlauf zu bringen. Etwa \u201eGemeinwohl-Funk\u201c f\u00fcr den \u00f6ffentlich-rechtlichen Rundfunk. Kritiker sollten folglich als Gemeinwohl-Feinde, Geb\u00fchrenverweigerer als \u201evertragsbr\u00fcchig\u201c stigmatisiert werden.<br \/>\nTheoretiker und Praktiker des Framing (von Frame, Rahmen) erkl\u00e4ren Sachverhalte als praktisch beliebig dekonstruierbar. F\u00fcr sie gibt es keine Objektivit\u00e4t, selbst in der Naturwissenschaft nicht, sondern nur \u201eDeutungsrahmen\u201c, die, je nachdem, wie sie gesetzt werden, die \u00f6ffentliche Diskussion leiten. Was ja auch zu einem gewissen Grad zutrifft. Es lenkt die Wahrnehmung vieler Medienkonsumenten erheblich, wenn etwa Demonstranten in Chemnitz als \u201eMob\u201c bezeichnet werden, gewaltt\u00e4tige Besetzer im Hambacher Forst dagegen als \u201eAktivisten\u201c. Oder ob ein Medium von \u201eKlimaentwicklung\u201c und \u201eKlimawandel\u201c schreibt \u2013 oder von \u201eKlimakrise\u201c.<br \/>\n.<br \/>\nBeides, scheinbar spontane Bewegungen wie Begriffspr\u00e4gung beeinflussen wiederum das <strong>Overton-Window<\/strong>. Den Begriff des \u201eWahrnehmungsfensters\u201c pr\u00e4gte der amerikanische Politikwissenschaftler Joseph P. Overton (1960 -2003). Nach seinem Modell existiert ein Fenster der Wahrnehmung f\u00fcr gesellschaftliche Themen, das jedenfalls f\u00fcr die gro\u00dfe Bev\u00f6lkerungsmehrheit definiert, was als akzeptabel, umk\u00e4mpft und au\u00dfenseiterisch gilt. Overton entwarf folgende Skala:<br \/>\nGeltende Politik, popul\u00e4re Ansicht, zunehmende Vernunft, noch akzeptable Ansichten, Radikalit\u00e4t und \u201eundenkbare\u201c Ansichten (\u201ePolicy, Popular, Sensible, Acceptable, Radical, Unthinkable\u201c). Wie ein Blick in die Geschichte zeigt, \u00e4ndert sich die Bewertung vieler Ansichten in diesem Fenster von Generation zu Generation, und zwar nicht selten grundlegend. Massenverfolgung, die im Dritten Reich oder in der stalinistischen Sowjetunion als \u201enormal\u201c galt, geh\u00f6rt heute zu Recht zu den Schreckensvorstellungen. Aber auch etwas kleinere und abgegrenzte Themen gleiten auf die Skala. Zu DDR-Zeiten hatten sich beispielsweise mit der Stabilisierung der SED-Herrschaft die meisten im Land mit Enteignung und Kollektivierung abgefunden. Im Westen galt dieses Gesellschaftsmodell sp\u00e4testens seit dem Erfolg des Wirtschaftswunders als undenkbar, mindestens als radikal.<br \/>\nUnmittelbar nach dem Zusammenbruch der DDR 1989 \u00fcberlebten Enteignungsphantasien bestenfalls noch im h\u00e4rtesten SED- und DKP-Funktion\u00e4rsmilieu. Heute gleitet die Wahrnehmung gerade wieder in Richtung \u201eempfindlich\u201c bis \u201eakzeptabel\u201c, wenn etwa Kevin K\u00fchnert Kollektivierungspl\u00e4ne f\u00fcr BMW entwirft, und der Gr\u00fcnenvorsitzende Robert Habeck meint, \u00fcber die Enteignung von Immobilien sollte ruhig einmal nachgedacht werden. Begriffe und Themen driften nicht nur einfach in dem Wahrnehmungsfenster. Sie lassen sich mit Geschick und Anstrengung auch ganz gezielt verschieben.<br \/>\n.<br \/>\n<em><strong>Als klassisches Astroturf-und-Framing-Unternehmen d\u00fcrfte das Unternehmen Greta einmal in Psychologielehrb\u00fccher eingehen.<\/strong><\/em> Der Blogger Don Alphonso hatte schon im M\u00e4rz 2019 ein nicht f\u00fcr die \u00d6ffentlichkeit bestimmtes Strategiepapier ver\u00f6ffentlicht, das zeigt, wie straff und professionell die \u201e<a title=\"FridaysForFuture\" href=\"https:\/\/www.freiburg-schwarzwald.de\/blog\/natur\/klima\/fridaysforfuture\/\">Fridays for Future<\/a>\u201c-Bewegung tats\u00e4chlich organisiert wird \u2013 vor allem von den Gr\u00fcnen.<br \/>\n<a href=\"https:\/\/www.welt.de\/kultur\/stuetzen-der-gesellschaft\/plus189977675\/Don-Alphonso-Zurueck-ins-Mittelalter-mit-dem-Friday-for-Future.html\">https:\/\/www.welt.de\/kultur\/stuetzen-der-gesellschaft\/plus189977675\/Don-Alphonso-Zurueck-ins-Mittelalter-mit-dem-Friday-for-Future.html<\/a><br \/>\n.<br \/>\nBei deutschen Demo-Auftritten Thunbergs weichen zwei Personen der 16-J\u00e4hrigen so gut wie nie von der Seite: Luisa Neubauer, eine Art Klimajugend-Beauftragte der Gr\u00fcnen, und Jakob Blasel, Greenpeace-Aktivist und Mitglied der Gr\u00fcnen Jugend. Zwei gutaussehende und mediengewandte junge Gr\u00fcne, ein praktisch unkritisierbares Kind im Rang einer \u201eProphetin\u201c (G\u00f6ring-Eckardt) \u2013 das Trio wirkt so smart zusammengecastet wie eine der notorischen Neunziger-Jahre-Boybands.<br \/>\nZu den Sch\u00fclerdemonstrationen kommt nicht nur eine fast durchgehend wohlwollende Begleitung durch die etablierten Medien, wo wiederum das Herz der Journalistenmehrheit f\u00fcr die Gr\u00fcnen schl\u00e4gt. Dazu kommt, wie eine Recherche von Tichys Einblick zeigte, im Hintergrund eine NGO. <a href=\"https:\/\/www.tichyseinblick.de\/meinungen\/bestaetigt-fridays-for-future-finanziell-fremdgesteuert\/\">https:\/\/www.tichyseinblick.de\/meinungen\/bestaetigt-fridays-for-future-finanziell-fremdgesteuert\/<\/a><\/p>\n<p>&#8230; Alles vom30.5.2019 von Alexander Wendt bitte lesen auf<br \/>\n<a href=\"https:\/\/www.publicomag.com\/2019\/05\/publico-dossier-die-psychologie-des-gruenen-erfolgs\/\">https:\/\/www.publicomag.com\/2019\/05\/publico-dossier-die-psychologie-des-gruenen-erfolgs\/<\/a><\/p>\n<p>&nbsp;<\/p>\n<p>&#8230; bereits mittendrin<br \/>\nNun d\u00fcrfte jedem klar werden: Einen Umsturz zum Sozialismuss mit den RotGr\u00fcnen und all den anderen Roten einschlie\u00dflich CDU wird keineswegs gewaltt\u00e4tig erfolgen, warum? Weil wir schon mittendrin sind in der kaum sp\u00fcrbaren gewaltlosen Umwandlung zum Sozialismus. St\u00fcck f\u00fcr St\u00fcck und immer ein bi\u00dfchen mehr \u2013 mithilfe der Psychologie, gerichtet gegen das eigene Volk und mit versteckten Hebeln wie Framing, Astroturf und Co.<br \/>\n30.5.2019, LIB, PO<br \/>\n.<br \/>\n<strong>Manipulationstechniken im Verbund mit Big Money<\/strong><br \/>\nVielen vielen Dank f\u00fcr diese wunderbare Analyse! Mein Gedanke: Moderne (oder wiederentdeckte) Manipulationstechniken im Verbund mit Big Money, starken und professionellen Lobbyverb\u00e4nden, sozialen Echtzeitmedien, akademischen Kopflangern als Dienstleister, skrupellose Machtpolitikern und einer Presselandschaft in Selbstgleichschaltung oder finanzieller Abh\u00e4ngigkeit von Wenigen sind das potentielle Leichentuch der Demokratie. (Das Wort Demokratie wird voraussichtlich umdefiniert werden m\u00fcssen, um zuk\u00fcnftig nicht aus dem Rahmen zu fallen)<br \/>\nWas passiert? Man besorgt sich die demokratischen Mehrheiten, indem man den W\u00e4hlerwillen unmerklich in bestimmte Richtungen lenkt, sich mittels Astroturfing Kredibilit\u00e4t erschafft, Prozesse rationaler Analyse Abw\u00e4gung durch Emotionsaufladung unter Gef\u00fchlsvorbehalt stellt und entwertet, einige Begriffe umdefiniert, ins nicht-sagbare verschiebt und negativ aufl\u00e4dt. Man skandalisiert das Triviale und trivialisiert den Skandal. Hinzu kommt der Gew\u00f6hnungseffekt und eine ganze anthropologische Schatzkiste an ungenutzten M\u00f6glichkeiten, wie der hier beschriebene \u201cPanik-Keine-Zeit-Modus\u201d, der zus\u00e4tzlich Denkprozesse verk\u00fcrzt und unter Zeitvorbehalt stellt. (Jeder Betr\u00fcger nutzt diese Technik)<br \/>\nAls Pegida mit ihrer \u201cL\u00fcgenpresse\u201d aufkam, wurden sie vielfach vom Establishment bel\u00e4chelt. Auch wenn der Vorwurf nur die gro\u00dfen Printmedien betraf, d\u00fcckte er aus: \u201cWir merken, was ihr da treibt \u2013 und es gef\u00e4llt uns nicht, verarscht zu werden\u201d.<br \/>\nIch bin ratlos, wie man diesem konzertierten Angriff standhalten kann und \u00fcberhaupt noch mit eigener Meinung oder alternativen Erkl\u00e4rungen durchdringen kann, wenn vermutlich 2\/3 aller W\u00e4hler gef\u00fchrt und eigenordet werden, um als Meinungs- und Narrativmultiplikatoren das gew\u00fcnschte Wahlergebnis herbeizuf\u00fchren. Eine Partei, die da nicht mitspielt, hat keine Chance.<br \/>\nDie EU-Wahl war die schmutzigste Wahl bisher und ich bin sehr auf die anstehenden Landtagswahlen gespannt, wenn unsere Gemeinwohl-Leitmedien wieder lenkend eingreifen und die Astroturfing-on-Demand Twitter- und Youtube-Erregungsspule brummt.<br \/>\n\u201cWas ist Aufkl\u00e4rung? Aufkl\u00e4rung ist der Ausgang des Menschen aus seiner selbst verschuldeten Unm\u00fcndigkeit. Was ist Unm\u00fcndigkeit? Unm\u00fcndigkeit ist das Unverm\u00f6gen, sich seines Verstandes ohne Leitung eines anderen zu bedienen.\u201d<br \/>\nWir sind zur\u00fcckgefallen in die Unm\u00fcndigkeit! Unter Vorherrschaft der Dekonstruktivisten ergibt die Kantsche Maxime \u201cSapere aude! \u201d keinerlei Sinn mehr!<br \/>\n31.5.2019, SMI, PO<br \/>\n.<br \/>\n<strong>Ein sehr guter Artikel, der am Ende sogar Hoffnung macht<\/strong>,<br \/>\nweil sich so eine Panikmache nicht mehr steigern lie\u00dfe und in ihrer Wirkung mit der Zeit verschlei\u00dfen w\u00fcrde Ich will ja nicht den Teufel an die Wand malen, aber die j\u00fcngere Geschichte lehrt, dass es da noch unendliche Steigerungsm\u00f6glichkeiten gibt, gerade wenn Kinder oder Jugendliche die Antreiber sind:<br \/>\n1. Kambodscha, Rote Khmer. Die \u201eGuerillas\u201c, verantwortlich f\u00fcr den Genozid mit 1,7..2,2 Millionen Toten, waren in der \u00fcberwiegenden Mehrheit um 16 Jahre alte Kinder (Generation \u201eGreta\u201c)<br \/>\n2. China, \u201eKuturrevolution\u201c, 65 Millionen Tote. Die \u201eRevolution\u00e4re\u201c waren fast ausschlie\u00dflich Jugendliche um 25 Jahre (Generation \u201eRezo\u201c).<br \/>\n1.6.2019, L.W., PO<\/p>\n<p><strong>Lieber Herr Schwarzenberg, lieber Herr Wendt,<\/strong><br \/>\nDanke! Ihr obiger Aufsatz ist der beste politische Artikel der letzten Jahre und sollte in jeder Parteizentrale als Poster an der Wand h\u00e4ngen. Man fragt sich als Beobachter warum hochbezahlte Marketingleute der anderen Parteien den Sachverhalt und m\u00f6gliche Gegenma\u00dfnahmen nicht kommunizieren k\u00f6nnen. Das Personal geh\u00f6rt jedenfalls gefeuert und ausgetauscht. Ich teile ihren Optimismus der Abnutzungsthese jedoch nicht. Die Kampagne fand in einem der 20 k\u00e4ltesten Maimonate seit Beginn der Aufzeichnungen gegen den gesunden Menschenverstand statt und hat dennoch gez\u00fcndet (der irrationale Feldzug gegen \u201cden Diesel\u201d passt \u00fcbrigens auch noch analog gut dazu). Will man sich von den Gr\u00fcnen nicht restlos fertig machen lassen, muss zum propagandistischen Vergeltungsschlag ausgeholt werden. Die politische Kultur wird nach diesem Wahlkampf eine andere sein als zuvor oder wir marschieren in die gr\u00fcne Nudging-Diktatur. Die Gr\u00fcnen zwingen dies den anderen Parteien auf. Die hilflosen Versuche von AKK die Musketen der Gr\u00fcnen wieder in den Schrank zu legen, scheint zudem von der anderen Seite der Partei der Gr\u00fcnen (inkl. Vorfeld, Medien etc.) abglehnt zu werden.<br \/>\nTreppenwitz der Geschichte: Die letzte Partei, die \u00fcber eine damals neue Form der Propaganda an die Macht gelangte war die NSDAP. Sie war auch die letzte Partei vor den Gr\u00fcnen, die mit der Macht des Symbols im Parteiwappen hantierte (Sonnenblume heute, Hakenkreuz damals). Auch in den 1930ger Jahren hatten die anderen Parteien der Konzentration von inszenierter Propaganda und Medien\u00fcbermacht (Hugenberg u.a.) nichts Entscheidendes entgegenzusetzen. Die Rolle der Kommunisten von damals muss nun abstruser Weise (da eigentlich nach den Wertvorstellungen der 1990er Jahre zutiefst b\u00fcrgerliche Mitte) die AfD \u00fcbernehmen, die aber der \u00dcbermacht der linken Seite unterlegen ist (nat\u00fcrlich ist das Szenanrio diesmal nicht geeignet Stra\u00dfengewalt \u00fcber die Angriffe auf Einzelne hinaus zu generieren; das wollen die Gr\u00fcnen tats\u00e4chlich nicht, niemand wird daran sterben).<br \/>\n31.5.2019, TH., PO<\/p>\n<p>&nbsp;<\/p>\n<p>.<br \/>\n<em>Lesenswertes und informatives Buch:<br \/>\nRamin Peymani: <\/em><br \/>\n<em>Chronik des Untergangs<\/em><br \/>\n<em>Ist es wirklich bereits 5 vor 12?<\/em><br \/>\n<em>1.Aufl., 2019, 12.95 Euro<br \/>\n.<\/em><\/p>\n<p><strong>Rezo-Video als Profi-Manipulation?<\/strong><\/p>\n<p><em>Seit ein paar Tagen wird von allen Mainstream-Medien ein junger Mann hoch gejazzt, der vorher angeblich ganz unpolitisch nur Musik gemacht hat und dem es pl\u00f6tzlich reichte und Ein Video gegen die CDU (ein bi\u00dfchen auch gegen die SPD) produzierte, die angeblich unt\u00e4tig dem verheerenden Klimawandel zuschaue, zu wenig gegen die Ungleichheit tue und damit der jungen Generation die Zukunft verbaue. Wunderbarerweise hatte dieser bislang Unbekannte sofort an die Millionen Clicks.<br \/>\n<\/em>\u00a0.<br \/>\nAn seiner Originalit\u00e4t oder einer \u00fcberraschenden neuen Botschaft kann das nicht gelegen haben, denn er pr\u00e4sentiert nichts als die gr\u00fcn-linken Stereotype, mit denen wir tagt\u00e4glich von den Medien, neuerdings auch von Unternehmen, die besonders politisch-korrekt sein wollen, berieselt werden. Wie <a title=\"FridaysForFuture\" href=\"https:\/\/www.freiburg-schwarzwald.de\/blog\/natur\/klima\/fridaysforfuture\/\">Greta<\/a> ist Rezo ein Unterst\u00fctzer der herrschenden Politik, von der er nur noch mehr will, ohne anscheinend die blasseste Ahnung davon zu haben, welche Folgen das h\u00e4tte. W\u00fcrden seien Forderungen realisiert. Machen wir doch die Probe aufs Exempel: Folgen wir dem Vorschlag des Pro Lausitzer Braunkohle e.V. und schalten, wie Rezo, Greta und ihre Apologeten es wollen, ab Montag alle Kohle- und Atomkraftwerke ab! Mal sehen, wer als Erster das gro\u00dfe Heulen bekommt.<br \/>\nRezo ist ein typisches Propagandaprodukt der Weltretter und -verbesserer, die keine Ahnung haben, aber alles besser wissen und an deren Wesen die Welt genesen soll. Unsere gr\u00fcn-linke Presse, die sich immer mehr auf Propaganda verlegt, hat zu Rezo zum Ruhm verholfen.<br \/>\nDas witzige an der Geschichte ist, dass die Union, die dank Kanzlerin Merkel zur vierten linksgr\u00fcnen Partei mutiert ist und alle gr\u00fcnen-linken Forderungen politisch durchsetzt, nun verschwinden soll. Der Mohr hat seine Schuldigkeit getan, der Mohr soll gehen. Gr\u00fcn-Links will jetzt die Sache selbst in die Hand nehmen und nicht mehr vom Katzentisch aus steuern.<br \/>\n&#8230;. Alles vom 25.5.2019 bitte lesen auf<br \/>\n<a href=\"https:\/\/vera-lengsfeld.de\/2019\/05\/25\/rezo-und-die-manipulatoren\/\">https:\/\/vera-lengsfeld.de\/2019\/05\/25\/rezo-und-die-manipulatoren\/<br \/>\n<\/a>\u00a0.<\/p>\n","protected":false},"excerpt":{"rendered":"<p>Home\u00a0&gt;Kultur\u00a0&gt;Medien\u00a0&gt;Political-Correctness\u00a0&gt;Haltungsjournalismus &gt;Manipulation &nbsp; Listenauswahl eines Beitrags: Bitte anklicken oder runterscrollen \u00d6RR: Tribunal statt Interview\u00a0(7.7.2026) Geheimplan Potsdam war L\u00fcge\u00a0(17.4.2026) Der Verfall des Journalismus wird besonders deutlich, wenn man in die Vergangenheit schaut\u00a0(25,3,2026) Islam positiv, Christentum negativ dargestellt \u2013 ZDF spricht von &hellip; <a href=\"https:\/\/www.freiburg-schwarzwald.de\/blog\/kultur\/medien\/manipulation\/\">Weiterlesen <span class=\"meta-nav\">&rarr;<\/span><\/a><\/p>\n","protected":false},"author":2,"featured_media":0,"parent":678,"menu_order":0,"comment_status":"open","ping_status":"closed","template":"","meta":{"footnotes":""},"class_list":["post-72695","page","type-page","status-publish","hentry"],"_links":{"self":[{"href":"https:\/\/www.freiburg-schwarzwald.de\/blog\/wp-json\/wp\/v2\/pages\/72695","targetHints":{"allow":["GET"]}}],"collection":[{"href":"https:\/\/www.freiburg-schwarzwald.de\/blog\/wp-json\/wp\/v2\/pages"}],"about":[{"href":"https:\/\/www.freiburg-schwarzwald.de\/blog\/wp-json\/wp\/v2\/types\/page"}],"author":[{"embeddable":true,"href":"https:\/\/www.freiburg-schwarzwald.de\/blog\/wp-json\/wp\/v2\/users\/2"}],"replies":[{"embeddable":true,"href":"https:\/\/www.freiburg-schwarzwald.de\/blog\/wp-json\/wp\/v2\/comments?post=72695"}],"version-history":[{"count":6,"href":"https:\/\/www.freiburg-schwarzwald.de\/blog\/wp-json\/wp\/v2\/pages\/72695\/revisions"}],"predecessor-version":[{"id":151201,"href":"https:\/\/www.freiburg-schwarzwald.de\/blog\/wp-json\/wp\/v2\/pages\/72695\/revisions\/151201"}],"up":[{"embeddable":true,"href":"https:\/\/www.freiburg-schwarzwald.de\/blog\/wp-json\/wp\/v2\/pages\/678"}],"wp:attachment":[{"href":"https:\/\/www.freiburg-schwarzwald.de\/blog\/wp-json\/wp\/v2\/media?parent=72695"}],"curies":[{"name":"wp","href":"https:\/\/api.w.org\/{rel}","templated":true}]}}