{"id":72002,"date":"2019-04-24T08:10:57","date_gmt":"2019-04-24T06:10:57","guid":{"rendered":"https:\/\/www.freiburg-schwarzwald.de\/blog\/?page_id=72002"},"modified":"2025-12-28T13:11:43","modified_gmt":"2025-12-28T12:11:43","slug":"fgm","status":"publish","type":"page","link":"https:\/\/www.freiburg-schwarzwald.de\/blog\/selbsthilfe\/frauen\/fgm\/","title":{"rendered":"FGM"},"content":{"rendered":"<p>Home &gt;<a title=\"Selbsthilfe\" href=\"https:\/\/www.freiburg-schwarzwald.de\/blog\/selbsthilfe\/\">Selbsthilfe<\/a>\u00a0&gt;<a title=\"Frauen\" href=\"https:\/\/www.freiburg-schwarzwald.de\/blog\/selbsthilfe\/frauen\/\">Frauen<\/a>\u00a0&gt;<a title=\"Sexuellermissbrauch\" href=\"https:\/\/www.freiburg-schwarzwald.de\/blog\/selbsthilfe\/krise\/sexuellermissbrauch\/\">Sexueller Mi\u00dfbrauch<\/a>\u00a0&gt;<a title=\"Genitalverstuemmelung\" href=\"https:\/\/www.freiburg-schwarzwald.de\/blog\/selbsthilfe\/frauen\/genitalverstuemmelung\/\">Genitalverstuemmelung<\/a> &gt;FMG<\/p>\n<div id=\"attachment_71391\" style=\"width: 648px\" class=\"wp-caption alignnone\"><a href=\"https:\/\/www.freiburg-schwarzwald.de\/blog\/kultur\/medien\/diskriminierung\/kuechenschellen-kaiserstuhl2019-03pan\/\" rel=\"attachment wp-att-71391\"><img loading=\"lazy\" decoding=\"async\" aria-describedby=\"caption-attachment-71391\" class=\"size-full wp-image-71391\" src=\"https:\/\/www.freiburg-schwarzwald.de\/blog\/wp-content\/uploads\/2019\/03\/kuechenschellen-kaiserstuhl2019-03pan.jpg\" alt=\"K\u00fcchenschellen im warmen Kaiserstuhl bei Freiburg am 20.3.2019\" width=\"638\" height=\"353\" srcset=\"https:\/\/www.freiburg-schwarzwald.de\/blog\/wp-content\/uploads\/2019\/03\/kuechenschellen-kaiserstuhl2019-03pan.jpg 638w, https:\/\/www.freiburg-schwarzwald.de\/blog\/wp-content\/uploads\/2019\/03\/kuechenschellen-kaiserstuhl2019-03pan-180x99.jpg 180w\" sizes=\"auto, (max-width: 638px) 100vw, 638px\" \/><\/a><p id=\"caption-attachment-71391\" class=\"wp-caption-text\">K\u00fcchenschellen im warmen Kaiserstuhl bei Freiburg am 20.3.2019<\/p><\/div>\n<ul>\n<li><em>Listenauswahl eines Beitrags (Artikel\/Datum, Seite\/Inhalt): <span style=\"text-decoration: underline;\">Klicken<\/span> oder scrollen<\/em><\/li>\n<li>Genitalverst\u00fcmmelung als kulturelle Vielfalt \u2013 die linke Moral ist keine (25.12.2025)<\/li>\n<li>Woke Ideologen: Kritik an weiblicher Genital\u00adverst\u00fcmmelung ist rassistisch (22.12.2025)<\/li>\n<li>Ein wokes Pl\u00e4doyer f\u00fcr die weibliche Genital\u00adverst\u00fcmmelung (18.12.2025)<\/li>\n<li>2.000 muslimische M\u00e4dchen in Deutschland mit Genitalverst\u00fcmmelung (15.12.2020)<\/li>\n<li><a href=\"https:\/\/www.freiburg-schwarzwald.de\/blog\/freiheitliche-grundordnung\/\">Freiheitlich-demokratische Grundordnung ist \u00fcberlegen &#8211; Aayan Hirsi Al<\/a>i (1.12.2020)<\/li>\n<li><a title=\"FGM 68000 mal in Deutschland\" href=\"https:\/\/www.freiburg-schwarzwald.de\/blog\/fgm-68000-mal-in-deutschland\/\">FGM \u201cnur\u201d 68.000 mal in Deutschland<\/a>\u00a0(28.6.2020)<\/li>\n<li>Verst\u00fcmmelung immer noch grausame Praxis (18.5.2019)<\/li>\n<li>M\u00fcssen davon ausgehen, dass M\u00e4dchen in den Ferien verst\u00fcmmelt werden (24.4.2019)<\/li>\n<\/ul>\n<ul>\n<li><a title=\"Erziehung\" href=\"https:\/\/www.freiburg-schwarzwald.de\/blog\/religion\/islam\/erziehung\/\">Erziehung der Kinde<\/a>r<\/li>\n<li><a title=\"Frauenrechte\" href=\"https:\/\/www.freiburg-schwarzwald.de\/blog\/global\/integration\/frauenrechte\/\">Frauenrechte<\/a><\/li>\n<li><a title=\"Frauen-Freiheit\" href=\"https:\/\/www.freiburg-schwarzwald.de\/blog\/selbsthilfe\/frauen\/frauen-freiheit\/\">Frauen-Freiheit<\/a><\/li>\n<li><a title=\"Genitalverstuemmelung\" href=\"https:\/\/www.freiburg-schwarzwald.de\/blog\/selbsthilfe\/frauen\/genitalverstuemmelung\/\">Genitalverstummelung<\/a><\/li>\n<li><a title=\"Haeusliche-Gewalt\" href=\"https:\/\/www.freiburg-schwarzwald.de\/blog\/selbsthilfe\/krise\/gewalt\/haeusliche-gewalt\/\">H\u00e4usliche Gewalt<\/a><\/li>\n<li><a title=\"Islam-Opferrolle\" href=\"https:\/\/www.freiburg-schwarzwald.de\/blog\/religion\/islam\/islam-opferrolle\/\">Islam-Opferrolle<\/a><\/li>\n<li><a title=\"Islam-Sexualitaet\" href=\"https:\/\/www.freiburg-schwarzwald.de\/blog\/religion\/islam\/islam-sexualitaet\/\">Islam-Sexualitaet<\/a><\/li>\n<li><a title=\"Kinderehe\" href=\"https:\/\/www.freiburg-schwarzwald.de\/blog\/religion\/islam\/kinderehe\/\">Kinderehe<\/a><\/li>\n<li><a title=\"Koeln-Silvester2015\" href=\"https:\/\/www.freiburg-schwarzwald.de\/blog\/global\/integration\/koeln-silvester2015\/\">Koeln-Silvester2015<\/a><\/li>\n<li><a title=\"Migration\" href=\"https:\/\/www.freiburg-schwarzwald.de\/blog\/global\/migration\/\">Migration<\/a>\u00a0&gt;Migration<\/li>\n<li><a title=\"Parallelgesellschaft\" href=\"https:\/\/www.freiburg-schwarzwald.de\/blog\/global\/integration\/parallelgesellschaft\/\">Parallelgesellschaft<\/a><\/li>\n<li><a title=\"Paralleljustiz\" href=\"https:\/\/www.freiburg-schwarzwald.de\/blog\/selbsthilfe\/soziales\/justiz\/paralleljustiz\/\">Paralleljustiz<\/a><\/li>\n<li><a title=\"Patriarchat\" href=\"https:\/\/www.freiburg-schwarzwald.de\/blog\/religion\/islam\/patriarchat\/\">Patriarchat<\/a><\/li>\n<li><a title=\"Islam-Sexualitaet\" href=\"https:\/\/www.freiburg-schwarzwald.de\/blog\/religion\/islam\/islam-sexualitaet\/\">Sexualitaet<\/a><\/li>\n<li><a title=\"Terre-des-Femmes\" href=\"https:\/\/www.freiburg-schwarzwald.de\/blog\/selbsthilfe\/frauen\/terre-des-femmes\/\">Terre-des-Femmes<\/a><\/li>\n<li><a title=\"Verschleierung\" href=\"https:\/\/www.freiburg-schwarzwald.de\/blog\/religion\/islam\/verschleierung\/\">Verschleierung<\/a><\/li>\n<li><a title=\"Zwangsheirat\" href=\"https:\/\/www.freiburg-schwarzwald.de\/blog\/selbsthilfe\/frauen\/zwangsheirat\/\">Zwangsheirat<\/a><\/li>\n<\/ul>\n<p>Weibliche Genitalverst\u00fcmmelung (englisch: female genital mutilation, kurz FGM), weibliche Genitalbeschneidung (englisch: female genital cutting, kurz FGC) oder Verst\u00fcmmelung weiblicher Genitalien<br \/>\nbezeichnet die teilweise oder vollst\u00e4ndige Entfernung beziehungsweise Besch\u00e4digung der \u00e4u\u00dferen weiblichen Geschlechtsorgane.<br \/>\n==============================================================<\/p>\n<p>&nbsp;<\/p>\n<p><strong>Genitalverst\u00fcmmelung als kulturelle Vielfalt \u2013 die linke Moral ist keine<\/strong><br \/>\nWieder einmal kritisieren linke Akademiker den Begriff \u201eweibliche Genitalverst\u00fcmmelung\u201c. Das zeigt eine perfide Doppelmoral: Moralische Standards werden bedingungslos einer vermeintlichen kulturellen Sensibilit\u00e4t geopfert.<br \/>\nAlle Jahre wieder geistert eine wissenschaftliche Ver\u00f6ffentlichung postkolonial indoktrinierter Akademiker durch die \u00d6ffentlichkeit, in der die in Teilen Afrikas und Asiens verbreitete Praxis der weiblichen Genitalverst\u00fcmmelung (\u201efemale genital mutilation\u201c) bei kleinen M\u00e4dchen relativiert wird. Schon vor einigen Jahren wurde vorgeschlagen, das Wort \u201emutilation\u201c (Verst\u00fcmmelung) durch \u201ecutting\u201c (Schneiden) zu ersetzen, um einen weniger wertenden Begriff zu verwenden.<br \/>\n.<br \/>\nTrotz breiter Kritik an fr\u00fcheren Vorst\u00f6\u00dfen pl\u00e4dieren nun erneut 25 Wissenschaftler in einem Essay im Journal of Medical Ethics <a href=\"https:\/\/jme.bmj.com\/content\/early\/2025\/12\/14\/jme-2025-110961\">https:\/\/jme.bmj.com\/content\/early\/2025\/12\/14\/jme-2025-110961<\/a> f\u00fcr die Einf\u00fchrung eines weiteren Euphemismus. Die Wahl fiel diesmal auf den Begriff \u201efemale genital practices\u201c (weibliche Genitalpraktiken) \u2013 das Hauptargument ist jedoch im Kern dasselbe geblieben. Der Begriff Verst\u00fcmmelung sei demnach \u201estigmatisierend\u201c, weil er westliche Vorurteile gegen\u00fcber den kulturellen Praktiken von Migranten und Gesellschaften des sogenannten \u201eGlobalen S\u00fcdens\u201c verst\u00e4rke.<br \/>\n&#8230;<br \/>\nDass viele linksgerichtete Akademiker den Unterschied zwischen einem brutalen Gewaltakt, der der Kontrolle weiblicher Sexualit\u00e4t dient, und selbst gew\u00e4hlten \u00e4sthetischen Eingriffen nicht mehr klar benennen k\u00f6nnen, l\u00e4sst tief blicken und wirkt in vielerlei Hinsicht symptomatisch. \u00c4hnliche Muster lassen sich auch in anderen Kontexten beobachten. Aus Angst, zu \u201estigmatisieren\u201c, scheint bei einem wachsenden Teil der Linken die moralische Urteilskraft vor lauter Kultursensibilit\u00e4t vollst\u00e4ndig verloren zu gehen. Dabei werden pl\u00f6tzlich Positionen verteidigt, die man ansonsten gern vorgibt zu bek\u00e4mpfen. Der gegen den Westen gerichtete Vorwurf, \u201eDoppelstandards\u201c zu bedienen, erweist sich vor diesem Hintergrund als dreiste Projektion.<br \/>\n&#8230; Alles vom 25.12.2025 bitte lesen auf<br \/>\n<a href=\"https:\/\/apollo-news.net\/genitalverstmmelung-und-kinderkopftuch-linke-kultursensibilitt-kennt-keine-grenzen\/\">https:\/\/apollo-news.net\/genitalverstmmelung-und-kinderkopftuch-linke-kultursensibilitt-kennt-keine-grenzen\/<\/a><\/p>\n<p>&nbsp;<\/p>\n<p><strong>Woke Ideologen: Kritik an weiblicher Genital\u00adverst\u00fcmmelung ist rassistisch<\/strong><br \/>\nEin umstrittener wissenschaftlicher Beitrag, der in dem renommierten medizinischen Fachjournal \u201eJournal of medical ethics\u201c erschienen ist <a href=\"https:\/\/jme.bmj.com\/content\/early\/2025\/12\/14\/jme-2025-110961\">https:\/\/jme.bmj.com\/content\/early\/2025\/12\/14\/jme-2025-110961<\/a> , hat eine heftige \u00f6ffentliche Debatte ausgel\u00f6st. In dem Artikel vertreten 25 Forscher die These, dass die bisherige Kritik an weiblicher Genitalverst\u00fcmmelung (Female Genital Mutilation, FGM) auf rassistischen Stereotypen und einer verzerrten Wahrnehmung westlicher Gesellschaften beruhe.<br \/>\n.<br \/>\nSo \u00e4hnlich wie \u201eDesigner-Vaginas\u201c<br \/>\nZudem wird vorgeschlagen, statt von \u201eVerst\u00fcmmelung\u201c von \u201eweiblichen Genitalpraktiken\u201c zu sprechen und verharmlosende Parallelen zu kosmetischen Genitaloperationen im Westen zu ziehen. Dass sich im \u201eGlobalen Norden\u201c immer mehr Frauen \u201eDesigner-Vaginas\u201c operieren lie\u00dfen, sei doch eine ganz \u201e\u00e4hnliche Praktik\u201c, \u00fcber die sich keiner aufrege.<br \/>\nBei so viel Irrsinn, wundert es einen fast noch, dass die Forschungsgruppe hier nicht auch noch auf die Genitalverst\u00fcmmelungen schon bei Kindern im Rahmen der Trans-Konversionstherapien hingewiesen haben.<br \/>\nMenschenrechts- und Frauenrechtsorganisationen sowie politische Beobachter betonen seit vielen Jahren, dass die \u201eweibliche Beschneidung\u201c (FGM) eine ernsthafte Verletzung der k\u00f6rperlichen Unversehrtheit und ein eindeutiger Menschenrechtsversto\u00df ist, mit Schmerzen, Infektionen und langfristigen, h\u00e4ufig irreversiblen, gesundheitlichen Sch\u00e4den verbunden.<br \/>\n.<br \/>\nPosthumanistische Abschaffung der Menschenrechte<br \/>\nSie warnen davor, die Praxis zu verharmlosen oder kulturelle Relativierung \u00fcber den Schutz von Kindern und M\u00e4dchen zu stellen. Besonders der Vergleich mit \u00e4sthetischen Eingriffen im Westen st\u00f6\u00dft auf Emp\u00f6rung, da er das Gewaltpotenzial und die fehlende Einwilligungsf\u00e4higkeit bei Minderj\u00e4hrigen au\u00dfer Acht lasse.<br \/>\nDas Fachjournal selbst verteidigte die Ver\u00f6ffentlichung als Beitrag zu einer offenen ethischen Debatte, betonte jedoch, dass die Meinungen der Autoren nicht unbedingt die Position der Redaktion widerspiegeln. Die Kontroverse zeigt die schwierige Balance zwischen kultureller Sensibilit\u00e4t und dem Schutz fundamentaler Menschenrechte.<br \/>\nHier zeigt sich bereits sehr anschaulich die Forderung der Ideologen der \u201eneuen Normalit\u00e4t\u201c die Menschenrechte durch eine pragmatische Ethik des Augenblicks zu ersetzen. Vor diesem Hintergrund ist es nur noch eine Frage der Zeit bis auch die auch hier immer wieder vorgebrachte Kritik an muslimischen Kinderehen, bei denen es nicht selten vorkommt, dass ein 50-j\u00e4hriger Mann ein 7-j\u00e4hriges M\u00e4dchen heiratet, als \u201erassistisch\u201c verunglimpft werden.<br \/>\n&#8230; Alles vom 22.12.2025 bitte lesen auf<br \/>\n<a href=\"https:\/\/philosophia-perennis.com\/2025\/12\/22\/woke-ideologen-kritik-an-weiblicher-genitalverstuemmelung-ist-rassistisch\/\">https:\/\/philosophia-perennis.com\/2025\/12\/22\/woke-ideologen-kritik-an-weiblicher-genitalverstuemmelung-ist-rassistisch\/<\/a><br \/>\n.<br \/>\n.<br \/>\n<strong>Ein wokes Pl\u00e4doyer f\u00fcr die weibliche Genital\u00adverst\u00fcmmelung<\/strong><br \/>\nVerwendet werden rostige Rasierklingen, stumpfe Scheren, Messer oder Scherben, um die Klitoris und die Schamlippen wegzuschneiden. Oft wird die Vulva danach bis auf eine kleine \u00d6ffnung f\u00fcr Urin und Menstruationsblut zugen\u00e4ht. Die weibliche Genitalverst\u00fcmmelung <a href=\"https:\/\/www.tagesanzeiger.ch\/genitalverstuemmelung-bei-maedchen-verursacht-milliardenkosten-596071822731\">https:\/\/www.tagesanzeiger.ch\/genitalverstuemmelung-bei-maedchen-verursacht-milliardenkosten-596071822731<\/a> ist eine der grauenhaftesten m\u00e4nnlichen Erfindungen, um \u00fcber Frauen zu herrschen. In der Schweiz <a href=\"https:\/\/www.tagesanzeiger.ch\/bundesrat-setzt-gremium-im-kampf-gegen-verstuemmelung-ein-659894643954\">https:\/\/www.tagesanzeiger.ch\/bundesrat-setzt-gremium-im-kampf-gegen-verstuemmelung-ein-659894643954<\/a> ist sie verboten, internationale Organisationen stufen die Praktik als Menschenrechtsverletzung ein.<br \/>\n&#8230;<br \/>\nKritik an einer Menschenrechts\u00adverletzung \u00abrassistisch\u00bb?<br \/>\nDer Erguss ist schwer ertr\u00e4glich. Die freiwillige Lifestyle-Entscheidung erwachsener Frauen gleichzusetzen mit der Gewalthandlung an wehrlosen M\u00e4dchen, ist grotesk. Ebenso der Vorwurf, der Westen setze mit dem Verbot eine sch\u00fctzenswerte \u00abKultur\u00bb herab. Aber die Argumentation ist die logische Folge eines weitverbreiteten Denkens in akademischen Kreisen <a href=\"https:\/\/www.tagesanzeiger.ch\/uni-basel-sekretariat-basel-verschickt-protestbrief-gegen-zionistische-weisse-vorherrschaft-877304389670\">https:\/\/www.tagesanzeiger.ch\/uni-basel-sekretariat-basel-verschickt-protestbrief-gegen-zionistische-weisse-vorherrschaft-877304389670<\/a>. Wenn die Kritik an Burka oder Kopftuch <a href=\"https:\/\/www.tagesanzeiger.ch\/kopftuch-verbot-an-schulen-schweizer-islam-kennerin-spricht-679715745838\">https:\/\/www.tagesanzeiger.ch\/kopftuch-verbot-an-schulen-schweizer-islam-kennerin-spricht-679715745838<\/a> rassistisch genannt wird und Statistiken als rassistisch gelten, weil sie zeigen, dass gewisse Migrantengruppen h\u00e4ufiger Sexualdelikte <a href=\"https:\/\/www.tagesanzeiger.ch\/frank-urbaniok-lesung-aus-migrationskritischem-buch-nach-drohungen-abgesagt-925961164844\">https:\/\/www.tagesanzeiger.ch\/frank-urbaniok-lesung-aus-migrationskritischem-buch-nach-drohungen-abgesagt-925961164844<\/a> begehen, dann sind eben auch jene rassistisch, welche die genitale Verst\u00fcmmelung von ausl\u00e4ndischen M\u00e4dchen anklagen.<br \/>\nDass die woke Ideologie damit die Frauen verr\u00e4t: offenbar egal.<br \/>\n&#8230; Alles vom 18.12.2025 von Bettina Weber bitte lesen auf<br \/>\n<a href=\"https:\/\/www.tagesanzeiger.ch\/genitalverstuemmelung-forschung-wirft-kritikern-rassismus-vor-253619356130\">https:\/\/www.tagesanzeiger.ch\/genitalverstuemmelung-forschung-wirft-kritikern-rassismus-vor-253619356130<\/a><\/p>\n<p>&nbsp;<\/p>\n<p><strong>2.000 muslimische M\u00e4dchen in Deutschland mit Genitalverst\u00fcmmelung<\/strong><br \/>\nEs ist ein unglaublicher Skandal: Tausende zum Teil sehr junger M\u00e4dchen und Frauen aus \u00c4gypten, \u00c4thiopien, Eritrea, Sudan, Mali, Somalia und anderen L\u00e4ndern werden in Deutschland verst\u00fcmmelt. Die Politik kuscht vor Migranten-Verb\u00e4nden.<br \/>\nEine aktuelle Umfrage der TaskForce<br \/>\n<a href=\"https:\/\/www.taskforcefgm.de\/wp-content\/uploads\/kassenaerztlicheVereinigung_Umfrage-1.pdf\">https:\/\/www.taskforcefgm.de\/wp-content\/uploads\/kassenaerztlicheVereinigung_Umfrage-1.pdf<\/a><br \/>\nbei den kassen\u00e4rztlichen Vereinigungen der Bundesl\u00e4nder \u00fcber die Anzahl von Patientinnen mit Genitalverst\u00fcmmelung (Diagnoseschl\u00fcssel Z91.7) enth\u00fcllt folgende Fakten:<br \/>\n&#8211; Im Jahr 2019 wurden knapp 2.000 Patientinnen mit einer behandlungsbed\u00fcrftigen Genitalverst\u00fcmmelung diagnostiziert. Das sind fast 40% mehr als 2016, als rund 1.300 dieser Diagnosen gestellt wurden.<br \/>\n&#8211; Bei fast 200 der diagnostizierten Opfer handelte es sich um minderj\u00e4hrige M\u00e4dchen, die H\u00e4lfte davon j\u00fcnger als 12 Jahre.<br \/>\n&#8211; Insgesamt wurde seit 2016 bei mehr als 530 minderj\u00e4hrigen M\u00e4dchen eine Genitalverst\u00fcmmelung festgestellt, davon waren 250 j\u00fcnger als 12 Jahre und mehr als 100 sogar j\u00fcnger als f\u00fcnf Jahre.<br \/>\n.<br \/>\nDiese Zahlen beziehen sich ausschlie\u00dflich auf M\u00e4dchen und Frauen, die kassen\u00e4rztlich ambulant betreut wurden. Genitalverst\u00fcmmelungen, die im Rahmen station\u00e4rer Aufenthalte in Krankenh\u00e4usern festgestellt wurden oder im Rahmen privat\u00e4rztlicher Behandlungen, sind hier nicht erfasst.<br \/>\n\u201eWas wir anhand dieser Zahlen sehen, ist nur die Spitze des Eisberges und bilden vielleicht 2% bis 5% der tats\u00e4chlichen Verst\u00fcmmelungsopfer, die in unserem Land leben, denn eine l\u00fcckenlose Datenerhebung ist von den politischen Verantwortlichen nicht gewollt\u201c, so TaskForce-Gr\u00fcnderin Ines Laufer.<br \/>\n.<br \/>\nErst im letzten Monat deckte die TaskForce auf, wie Franziska Giffey und ihr Familienministerium das Problem der Genitalverst\u00fcmmelungen in Deutschland kleinrechnen und mit viel zu niedrigen Zahlen die \u00d6ffentlichkeit t\u00e4uschen.<br \/>\n&#8230; Alles vom 15.12.2020 von Ines Laufer bitte lesen auf<br \/>\n<a href=\"https:\/\/www.tichyseinblick.de\/daili-es-sentials\/2-000-muslimische-maedchen-in-deutschland-mit-genitalverstuemmelung\/\">https:\/\/www.tichyseinblick.de\/daili-es-sentials\/2-000-muslimische-maedchen-in-deutschland-mit-genitalverstuemmelung\/<\/a><br \/>\n.<br \/>\n<strong>TaskforceFGM.de: Genitalverst\u00fcmmelung an M\u00e4dchen<br \/>\n&#8211; falsche Zahlen durch Giffey<\/strong><br \/>\nIn einer von vielen Medien 1:1 \u00fcbernommenen Pressemeldung behauptete SPD-Familienministerin Franziska Giffey im Sommer 2020: \u201e66.707 Frauen mussten hierzulande eine solche Menschenrechtsverletzung (Anm: Genitalverst\u00fcmmelung) erleiden, hat eine neue Untersuchung ergeben\u2026\u201c Die TaskForce hat nachgefragt und res\u00fcmiert: Es handelt sich hier schlichtweg um eine falsche Tatsachenbehauptung.<br \/>\n&#8230;.<br \/>\nDie tats\u00e4chliche Zahl der in Deutschland lebenden M\u00e4dchen und Frauen aus L\u00e4ndern, in denen Genitalverst\u00fcmmelungen entweder landesweit oder gebietsweise oft fl\u00e4chendeckend ver\u00fcbt werden, \u00fcbersteigt die vom BMFSFJ \u201eberechnete Zahl\u201c um ein Vielfaches:<br \/>\n<em><strong>Mehr als 330.000 M\u00e4dchen und Frauen aus Risikol\u00e4ndern,<br \/>\ndavon knapp 22.000 Minderj\u00e4hrige aus Hochrisikol\u00e4ndern<br \/>\nmit Verst\u00fcmmelungsraten ab 75%<\/strong><br \/>\n<\/em>\u00a0.<br \/>\nMehr als eine Viertelmillion potentieller Opfer und \u00fcber 20.000 M\u00e4dchen, die als hochgef\u00e4hrdet gelten m\u00fcssen, da ihre Familien aus einem Hochrisikoland stammen leben in Deutschland! An dieser Gef\u00e4hrdung \u00e4ndert auch \u2013 entgegen der Suggestionen des BMFSFJ \u2013 die Geburt der Kinder in Deutschland nichts, &#8230;<br \/>\n&#8230; Alles von 11\/2020 bitte lesen auf<br \/>\nhttps:\/\/www.taskforcefgm.de\/2020\/11\/genitalverstuemmelung-an-maedchen-die-falschen-zahlen-der-ministerin-giffey\/ .<\/p>\n<p><strong>2.000 Patientinnen in Deutschland mit Genitalverst\u00fcmmelung diagnostiziert<\/strong><br \/>\nNach unseren Sch\u00e4tzungen m\u00fcssen wir von \u00fcber 20.000 hochgef\u00e4hrdeten minderj\u00e4hrigen M\u00e4dchen ausgehen, die aus Hochrisikol\u00e4ndern mit einer Verst\u00fcmmelungsrate \u00fcber 75% stammen, z.B. \u00c4gypten, \u00c4thiopien, Eritrea, Sudan, Mali, Somalia uvm.<br \/>\n\u201eDas Umfrageergebnis zeigt, dass tats\u00e4chlich hunderte minderj\u00e4hrige Verst\u00fcmmelungsopfer von \u00c4rzten identifiziert werden, aber \u2013 und das ist de facto ein echter Skandal \u2013 ohne strafrechtliche Konsequenzen f\u00fcr die i.d.R. als Anstifter agierenden Familienmitglieder\u201c er\u00f6rtert Ines Laufer. \u201eDas ist die direkte Folge der politisch gewollten T\u00e4terschutzpolitik, mit der seit Jahrzehnten u.a. die \u00c4rzteschaft daran gehindert wird, diese Gewalttaten den Ermittlungsbeh\u00f6rden anzuzeigen.<br \/>\nUmfassender Schutz der gef\u00e4hrdeten Kinder ist so einfach \u2013 allein es fehlt der politische Wille<br \/>\nDie TaskForce fordert seit \u00fcber einem Jahrzehnt die Umsetzung ebenso simpler wie wirksamer, umfassender staatlicher Schutzma\u00dfnahmen f\u00fcr alle gef\u00e4hrdeten M\u00e4dchen, wie z.B. regelm\u00e4\u00dfige medizinische Unversehrtheitskontrollen und Einf\u00fchrung einer \u00e4rztlichen Meldepflicht an die Strafverfolgungsbeh\u00f6rden, wenn Genitalverst\u00fcmmelungen an minderj\u00e4hrigen Opfern festgestellt werden. Doch w\u00e4hrend der Steuerzahler f\u00fcr v\u00f6llig verfehlte, wirkungslose \u201eAufkl\u00e4rungsstrategien\u201c zu Kasse gebeten wird, weigern sich Bundesregierung und Parlamentarier nach wie vor, ihrem Schutzauftrag f\u00fcr die spezifisch gef\u00e4hrdeten M\u00e4dchen nachzukommen und es dr\u00e4ngt sich die Frage auf, wie lange die \u00d6ffentlichkeit das noch hinnehmen will.<br \/>\n&#8230; Alles vom 2.12.2020 bitte lesen auf<br \/>\n<a href=\"https:\/\/www.taskforcefgm.de\/2020\/12\/2-000-patientinnen-in-deutschland-mit-genitalverstuemmelung-diagnostiziert\/\">https:\/\/www.taskforcefgm.de\/2020\/12\/2-000-patientinnen-in-deutschland-mit-genitalverstuemmelung-diagnostiziert\/<\/a><br \/>\n.<br \/>\nEinige Kommentare:<br \/>\n<strong>Es brodelt \u00fcberall.<\/strong><br \/>\nS\u00e4mtliche feministischen Aktionen und Errungenschaften der letzten 100 Jahre waren f\u00fcr die Tonne! Ich wage zu bezweifeln, dass die vielen F\u00e4sser, die in den letzten Jahren durch den Islam in Deutschland ge\u00f6ffnet wurden, jemals wieder geschlossen werden k\u00f6nnen. Es sind einfach zu viele! Selbst wenn es eine Wille zur Eind\u00e4mmung der islamischen Gepflogenheiten geben w\u00fcrde, rechne ich mit massiven evtl. sogar gewaltt\u00e4tigen Widerstand unserer G\u00e4ste.<br \/>\n15.12.020, THE<br \/>\n.<br \/>\n<strong>Ich kann hier jedem die diversen Kleinen Anfragen der AfD zu diesem Thema empfehlen.<\/strong> Unter Anderem:<br \/>\n<a href=\"https:\/\/kleineanfragen.de\/berlin\/18\/21351-genitalverstuemmelung\">https:\/\/kleineanfragen.de\/berlin\/18\/21351-genitalverstuemmelung<\/a><br \/>\n<a href=\"https:\/\/www.bundestag.de\/presse\/hib\/797650-797650\">https:\/\/www.bundestag.de\/presse\/hib\/797650-797650<\/a><br \/>\n<a href=\"https:\/\/dipbt.bundestag.de\/dip21\/btd\/19\/016\/1901641.pdf\">https:\/\/dipbt.bundestag.de\/dip21\/btd\/19\/016\/1901641.pdf<\/a><br \/>\n15.12.2020, D.M.<br \/>\n.<br \/>\n<strong>Warum kuscht diese Regierung vor islamischen Verb\u00e4nden?<\/strong><br \/>\nWarum tut sie nichts gegen muslimische Gewalt, gegen islamische Steinzeitpraktiken wie hier Genitalverst\u00fcmmelung ? Warum weigert sie sich muslimische Gewaltt\u00e4ter aus l\u00e4cherlichen, fadenscheinigen Gr\u00fcnden abzuschieben ? Vielleicht weil sie Angst vor brutalen Moslemaufst\u00e4nden hat, die unweigerlich in den B\u00fcrgerkrieg f\u00fchren werden. Die allermeisten Illegalen, die in den letzten 5 Jahren zu uns gekommen sind, sind Muslime aus extrem r\u00fcckst\u00e4ndigen Staaten. Die meisten von ihnen haben in ihrem Leben nur Gewalt kennengelernt und sehen daher in Gewaltanwendung das legitime Mittel zur Durchsetzung ihrer Interessen. \u00dcber 2 Mill. sind bis heute nach Deutschland gekommen, die meisten ohne jegliche Integrationsperspektive. Wenn nur 10% von ihnen zur Gewalt entschlossen sind, dann steht unserem Land ein B\u00fcrgerkrieg wie in Syrien oder Afghanistan bevor. Einen ersten Vorgeschmack haben die Illegalenunruhen von Stuttgart und Frankfurt geliefert. Da\u00df es nicht zu Toten und Schwerverletzten kam, lag an der relativ niedrigen Zahl von wenigen hundert Aufst\u00e4ndischen aus dem Morgenland. Es d\u00fcrfte nur noch eine Frage der Zeit sein, wann es hier zu echten B\u00fcrgerkriegsszenen kommt, besonders jetzt im Hinblick auf die sich drastisch verschlechternde wirtschaftliche Lage. Wenn der Migrantensturm erst mal losbricht, wird so schnell auch keine Normalit\u00e4t wieder einkehren.<br \/>\n15.12.2020, HAS<br \/>\n.<br \/>\n<strong>Die linksgr\u00fcne Opferindustrie hat ihre politisch korrekte Opferhierarchie<\/strong><br \/>\n\u201eFeministinnen schauen sehr bem\u00fcht weg, weil Kritik an der Verst\u00fcmmelung von M\u00e4dchen als Kritik an Zuwanderung und Islam gewertet werden k\u00f6nnte.\u201c<br \/>\nDie linksgr\u00fcne Opferindustrie hat eben ihre politisch korrekte Opferhierarchie. Und f\u00fcr den Platz in dieser Opferhierarchie ist der Schutz von abstrakten gesellschaftlichen Gruppierungen (Minderheiten, farbig, Religion etc. pp.) eben viel bedeutender, als die konkrete physische Opfereigenschaft \u2013 und seien es auch Kinder. Linksgr\u00fcn ist eben ein durch und durch geisteskrankes, ja man darf wohl sagen, perverses (entartetes) System.<br \/>\n15.12.2020, ST.B.<br \/>\n.<br \/>\n<strong>Es gibt keine r\u00fcckst\u00e4ndige L\u00e4nder,<\/strong><br \/>\ndas ist nur die Sicht des alten wei\u00dfen Mannes, alle Kulturen sind gleich gut und wenn es noch Azteken g\u00e4be, dann w\u00e4ren auch Menschenopfer f\u00fcr Personen dieser Sichtweise ganz OK. Frauen rettet man mit Binnen-I und einer Arml\u00e4nge Abstand. Freuen wir uns um das so sch\u00f6n um Genitalsverst\u00fcmmelung bereicherte Land (ehemals Deutschland).<br \/>\n15.12.2020, Lar<br \/>\n.<br \/>\n<strong>&#8230; kein Expertenkreis &#8222;Problematische kulturelle Praktiken und Ideologien&#8220;<\/strong><br \/>\nDas ist schrecklich. Ich muss da immer an K. G\u00f6ring-Eckardts Statement denken: \u201eUnser Land wird sich \u00e4ndern, und zwar drastisch. Und ich freue mich darauf!\u201c Nicht, dass ich ihr unterstelle, sich DARAUF gefreut zu haben, nat\u00fcrlich. Ihr Statement steht aber symbolisch f\u00fcr ein undifferenziertes Ja zu einer Weltoffenheit und Ver\u00e4nderung der Gesellschaft ohne Wenn und Aber. Wir haben zwar einen Expertenkreis Muslimfeindlichkeit des Bundesinnenministeriums, um die einheimische Bev\u00f6lkerung tolerant zu machen, und wissen inzwischen alle, dass die Frage \u201eWo kommen Sie her\u201c doch arg rassistisch ist, aber wir verf\u00fcgen \u00fcber keinen Expertenkreis &#8222;Problematische kulturelle Praktiken und Ideologien&#8220; (ggf. unter Mitwirkung von Migrantenverb\u00e4nden). Der w\u00fcrde mit Sicherheit als Fremdenfeindlichkeit missbilligt. Und machen wir uns nichts vor: Je mehr Zuwanderung, desto mehr problematische importierte Kultur gibt es.<br \/>\n15.12.2020, flo<br \/>\n.<br \/>\n<strong>Siehe Schweden:<\/strong><br \/>\n<a href=\"https:\/\/www.thelocal.se\/20140620\/swedish-school-class-genitally-mutilated\">https:\/\/www.thelocal.se\/20140620\/swedish-school-class-genitally-mutilated<\/a><br \/>\noder die Schweiz:<br \/>\n<a href=\"https:\/\/www.srf.ch\/news\/schweiz\/weibliche-beschneidung-auch-in-der-schweiz-ein-thema\">https:\/\/www.srf.ch\/news\/schweiz\/weibliche-beschneidung-auch-in-der-schweiz-ein-thema<\/a><br \/>\n<a href=\"https:\/\/www.srf.ch\/news\/schweiz\/problem-genitalverstuemmelung-tausende-maedchen-in-der-schweiz-gefaehrdet\">https:\/\/www.srf.ch\/news\/schweiz\/problem-genitalverstuemmelung-tausende-maedchen-in-der-schweiz-gefaehrdet<\/a><br \/>\n15.12.2020, D.M.<\/p>\n<p>.<\/p>\n<p>&nbsp;<\/p>\n<p><strong>Verst\u00fcmmelung immer noch grausame Praxis<\/strong><br \/>\nWeibliche Genitalverst\u00fcmmelung (Female Genital Mutilation, FGM) bezeichnet verschiedene Formen operativer Eingriffe, bei denen die \u00e4u\u00dferen weiblichen Genitalien ohne medizinische Gr\u00fcnde teilweise oder ganz entfernt werden. Durchgef\u00fchrt wird diese Praktik meist an Minderj\u00e4hrigen, \u00fcberwiegend ohne Bet\u00e4ubung und unter schlechten hygienischen Bedingungen. Der Eingriff kann nicht r\u00fcckg\u00e4ngig gemacht werden und f\u00fchrt h\u00e4ufig zu direkten, aber auch langfristigen psychischen und k\u00f6rperlichen Sch\u00e4den. Folgen der Genitalverst\u00fcmmelung sind neben Blutungen Schmerzen, Infektionen sowie Beschwerden bei der Menstruation und beim Wasserlassen.<\/p>\n<p>Ayaan Hirsi Ali, niederl\u00e4ndisch-amerikanische Frauenrechtlerin und Islamkritikerin somalischer Herkunft beschreibt die Praxis in ihrer Autobiografie <em>\u201eMein Leben, meine Freiheit\u201c Piper, 2007: &#8222;In Somalia wie in vielen L\u00e4ndern Afrikas und des Nahen Ostens werden kleine M\u00e4dchen \u201arein\u2018, indem man ihnen Teile der Genitalien wegschneidet. Anders l\u00e4sst sich diese Prozedur, die im Normalfall im Alter von f\u00fcnf Jahren vorgenommen wird, nicht beschreiben. Dem Kind werden Klitoris und die Labien abgeschnitten oder abgeschabt oder \u2013 in Gebieten, in denen man mehr Mitleid walten l\u00e4sst \u2013 lediglich eingeschnitten oder durchstochen. H\u00e4ufig wird die Wunde so zusammengen\u00e4ht, da\u00df der dicke Gewebestreifen aus dem eigenen vernarbten Fleisch des M\u00e4dchens eine Art Keuschheitsg\u00fcrtel bildet. Ein sorgsam plaziertes L\u00f6chlein l\u00e4\u00dft einen d\u00fcnnen Urinstrahl durch. Nur mit viel Gewalt l\u00e4\u00dft sich dieses Narbengewebe f\u00fcr den Geschlechtsverkehr weiten&#8230; Viele M\u00e4dchen sterben nach der Beschneidung an Infektionen. Andere Komplikationen verursachen mehr oder weniger lebenslang gro\u00dfe Schmerzen.\u201c<\/em><br \/>\nZahlreiche internationale Konventionen beziehen Stellung gegen FGM. Besondere Bedeutung kommt im afrikanischen Zusammenhang dem 2003 unterzeichneten Maputo-Protokoll, einem Zusatzprotokoll zur Afrikanischen Charta f\u00fcr Menschen- und V\u00f6lkerrechte zu. Artikel 5 erkennt sch\u00e4dliche Praktiken wie FGM ausdr\u00fccklich als Menschenrechtsverletzung an und unterstreicht die Verantwortung der Staaten, Frauen durch Gesetzgebung und \u00f6ffentliche Bewusstseinsbildung zu sch\u00fctzen und zu f\u00f6rdern. In vielen L\u00e4ndern steht weibliche Genitalverst\u00fcmmelung inzwischen offiziell unter Strafe. Einen echten Schutz bieten Verbote aber erst, wenn sie nicht nur im Strafrecht, sondern auch im Rechtsbewusstsein der Bev\u00f6lkerung verankert sind.<br \/>\n&#8230; Alles vom 18.5.2019 von Volker seitz bitte lesenauf<br \/>\n<a href=\"https:\/\/www.achgut.com\/artikel\/Verstuemmelung_immer_noch_grausame_Praxis\">https:\/\/www.achgut.com\/artikel\/Verstuemmelung_immer_noch_grausame_Praxis<\/a><\/p>\n<p><strong>Hallo Ska Keller: Betroffenheit ist wie Ohnmacht &#8230;<\/strong><br \/>\nEs ist schon sp\u00e4t und wahrscheinlich habe ich keine Chance mehr, ver\u00f6ffentlicht zu werden. Meine Betroffenheit angesichts dessen was ich hier lese, ist wie eine Ohnmacht. Sie , sehr geerhter Herr Seitz, beschreiben alles sehr technisch &#8211; das ist es aber nicht! Es ist ein Verbrechen im Namen des Islam. \u201cHallo Frau Roth, hallo Frau G\u00f6hring-Eckert, Ska Keller &#8230;. das geschieht abartig, verbrecherisch und lebensfeindlich &#8211; unter Ihrem Schutz! Ich wei\u00df nichts davon, dass so etwas im Namen von Christen, Budhisten, Hinduisten u.sw. geschieht ?<br \/>\n18.5.2019, L.H. AO<\/p>\n<p>&nbsp;<\/p>\n<p>.<br \/>\n<strong>M\u00fcssen davon ausgehen, dass M\u00e4dchen in den Ferien verst\u00fcmmelt werden<\/strong><br \/>\nDer Entzug des deutschen Passes droht jedem, der M\u00e4dchen zum Zweck der Genitalverst\u00fcmmelung ins Ausland begleitet. Doch seit der Gesetzes\u00e4nderung 2017 ist kein einziger Pass eingezogen worden. F\u00fcr die FDP ist das Gesetz nur ein Feigenblatt.<br \/>\n&#8230;<br \/>\n\u201eEs zeigt sich, dass die Bundesregierung die Dimension des Problems nicht erkannt hat\u201c, sagte die stellvertretende FDP-Fraktionsvorsitzende Katja Suding WELT. Dass bislang kein einziger Pass entzogen wurde, lasse keinesfalls darauf schlie\u00dfen, dass das Passgesetz wirksam sei, so Suding weiter. \u201eEs ist v\u00f6llig unrealistisch, dass allein die \u00c4nderungen im Passgesetz inzwischen alle Ferienbeschneidungen verhindern. Wir m\u00fcssen daher davon ausgehen, dass weiterhin M\u00e4dchen in den Ferien verst\u00fcmmelt werden.\u201c Insofern scheine das neue Passgesetz nur ein Feigenblatt zu sein, so Suding weiter. \u201eDie Bundesregierung muss mehr daf\u00fcr tun, die M\u00e4dchen und Frauen wirksam zu sch\u00fctzen. Die Genitalverst\u00fcmmelung bringt unendliches physisches und psychisches Leid \u00fcber die betroffenen M\u00e4dchen und Frauen.\u201c Nach einer 2017 vom Bundesfamilienministerium vorgelegten Studie leben in Deutschland gesch\u00e4tzt 50.000 genitalverst\u00fcmmelte Frauen. Zwischen 1500 und 5700 in Deutschland lebende M\u00e4dchen sind akut davon bedroht, beschnitten zu werden.<br \/>\n&#8230;.<br \/>\nIn den Integrationskursen wird das Thema jedoch nicht behandelt, wie die Bundesregierung auf Anfrage mitteilte. Diese Kurse dienten der Vermittlung von ausreichenden Deutschkenntnissen und von Kenntnissen der Rechtsordnung, der Geschichte und der Kultur in Deutschland. \u201eDie konkrete Aufkl\u00e4rung \u00fcber weibliche Genitalverst\u00fcmmelung ist kein expliziter inhaltlicher Bestandteil des Integrationskurses&#8220;<br \/>\n&#8230;. Alles vom 22.4.2019 bitte lesen auf<br \/>\n<a href=\"https:\/\/www.welt.de\/politik\/deutschland\/article192257029\/Beschneidung-Maedchen-in-den-Ferien-verstuemmelt.html?wtrid=onsite.onsitesearch\">https:\/\/www.welt.de\/politik\/deutschland\/article192257029\/Beschneidung-Maedchen-in-den-Ferien-verstuemmelt.html?wtrid=onsite.onsitesearch<br \/>\n<\/a>\u00a0.<br \/>\n26.7.2018<br \/>\n<a href=\"https:\/\/www.welt.de\/politik\/deutschland\/article180010172\/Genitalverstuemmelung-Zahl-betroffener-Maedchen-in-Deutschland-steigt.html\">https:\/\/www.welt.de\/politik\/deutschland\/article180010172\/Genitalverstuemmelung-Zahl-betroffener-Maedchen-in-Deutschland-steigt.html<\/a><br \/>\n.<br \/>\n21.3.2018<br \/>\n<a href=\"https:\/\/www.welt.de\/politik\/deutschland\/article174757654\/Vaginale-Beschneidung-Maedchen-zum-Verstuemmeln-in-die-Ferien-geschickt.html\">https:\/\/www.welt.de\/politik\/deutschland\/article174757654\/Vaginale-Beschneidung-Maedchen-zum-Verstuemmeln-in-die-Ferien-geschickt.html<\/a><br \/>\n.<\/p>\n<p><strong>&#8222;M\u00fcssen davon ausgehen, dass M\u00e4dchen in den Ferien verst\u00fcmmelt werden.&#8220;<\/strong><br \/>\nAllein diese Aussage zeigt die Hilflosigkeit und den fehlenden Willen, dieser Barbarei ein Ende zu bereiten. Es w\u00e4re so einfach, das Problem unter Kontrolle zu bekommen. Alle nach Deutschland eingereisten M\u00e4dchen werden amts\u00e4rztlich auf Unversehrtheit untersucht &#8211; und diese Kontrolluntersuchungen werden in Kitas, Kinderg\u00e4rten und Schulen durch Amts\u00e4rzte wiederholt, die Verst\u00f6\u00dfe dann zur Anzeige bringen m\u00fcssen, die die Aberkennung der deutschen Staatsb\u00fcrgerschaft und die Ausweisung der Familie zur Folge haben muss. Es ginge, aber man will nicht und nimmt das Leid dieser M\u00e4dchen, die vor Tyrannei geflohen sind, in Deutschland billigend in Kauf &#8211; tolle Regierung und verlogenen Gr\u00fcninnen.<br \/>\n22.4.2019, S.T., WO<br \/>\n.<br \/>\nDas Thema ist bekannt. Die Hintergr\u00fcnde sind es auch. Niemand macht etwas dagegen, um ja nicht in die N\u00e4he einer AfD ger\u00fcckt zu werden. Dabei m\u00fcsste doch jeder vern\u00fcnftige und nachdenkende Mensch erkennen, dass Menschen mit solchem tief verwurzelten kulturellen Hintergrund in Europa und Deutschland keinen Platz finden d\u00fcrfen. Eltern, die so mit ihren Kindern umgehen, M\u00dcSSEN zur\u00fcck. Und \u00fcberhaupt: Wer hat denn vielen von diesen \u00fcberhaupt den deutschen Pass gegeben?<br \/>\n22.4.2019, W.H.<br \/>\n.<br \/>\nWieso das kein Thema f\u00fcr die Integrationskurse ist, bleibt mir \u201ezun\u00e4chst unklar\u201c. Dort wird die deutsche Rechtsordnung besprochen und dass Genitalverst\u00fcmmelung ( oder \u201eFerienbeschneidung\u201c wie es so sch\u00f6n hei\u00dft, als ob die Ferien gek\u00fcrzt w\u00fcrden) mit dieser Rechtsordnung nicht vereinbar ist, sollte durchaus priorit\u00e4r besprochen werden. Sonst hei\u00dft es wieder, man h\u00e4tte ja nicht wissen k\u00f6nnen, ect. pp.<br \/>\n22.4.2019, B.K.<br \/>\n.<br \/>\nEs gibt nur eine M\u00f6glichkeit dagegen vor zu gehen. Zuerst mal m\u00fcssen Besuche beim Frauenarzt f\u00fcr M\u00e4dchen in bestimmten altern zur Pflicht werden. Nur dann kann sowas \u00fcberhaupt aufgedeckt werden. Dann braucht es saftige Strafen f\u00fcr die Erziehungsberechtigten und Entzug des Sorgerechts. Und Strafrechtliche Verfolgung von Beschneidetinnen in Deutschland.<br \/>\n22.4.2019, M.K.,<br \/>\n.<br \/>\nEine gyn\u00e4kologische Erstuntersuchung ist tats\u00e4chlich bei Einreise geboten, sonst l\u00e4sst sich nicht mehr nachweisen, ob eine Beschneidung nicht schon vor dem Aufenthalt in D vorgenommen wurde. Ausserdem k\u00f6nnte dies einen Teil der unberechtigten Migranten fernhalten, wenn sich rumspricht, dass Beschneidungen hier strafrechtlich geahndet werden (sofern es jemals wirklich dazu kommt).<br \/>\n22.4.2019, H.S.<br \/>\n.<br \/>\n<strong>Film &#8222;W\u00fcstenblume&#8220; &#8211; unbedingt anschauen!<\/strong><br \/>\nEs gibt einen mittlerweile bekannten und sehr guten Film, &#8222;W\u00fcstenblume&#8220;. Den sollten sich alle, haupts\u00e4chlich M\u00e4nner und wenn n\u00f6tig zwangsweise ansehen. Der kam letztens sogar mal auf irgnedeinem Sender. Und sonst? Wie w\u00e4re es, das im Unterricht anzusprechen, in Kursen, in der Politik? Nein, da bekommen Sexualstraft\u00e4ter, Vergewaltiger, Grapscher etc. Rabatt wegen &#8222;Haftempfindlichkeit&#8220;, oder betroffene Frauen werden zus\u00e4tzlich auch noch in Verhandlungen niedergemacht. Menschlich sind hier alle gleich, dh. f\u00fcr mich sind sie es. Die bisherige Politik ist was das betrifft, nicht handlungsf\u00e4hig. Pfui!<br \/>\n22.4.2019, S.H.<br \/>\n.<br \/>\n<strong>Faszination f\u00fcr steinzeitliche Praktiken in D<\/strong><br \/>\nWenn es irgendjemanden ernsthaft interessieren w\u00fcrde, w\u00e4re es strafbar. Freiheitsstrafe, Passentzug, Ausweisung.<br \/>\nHier gibt es aber offenbar eine gewisse Faszination f\u00fcr steinzeitliche Praktiken: Genitalverst\u00fcmmelung, Beschneidungen bei Kindern, Minderj\u00e4hrigenehen, Zwangsheirat, mildernde Umst\u00e4nde bei Ehrenmord etc. etc. Alles kein Problem, geh\u00f6rt jetzt halt auch zu Deutschland. Da kann einem nur schlecht werden.<br \/>\n22.4.2019, A.J.S.<br \/>\n.<br \/>\nOffensichtlich verstehen ein Teil der Kommentatoren hier nicht den Unterschied zwischen Genitalverst\u00fcmmelung bei M\u00e4dchen und Frauen und der Beschneidung bei Jungen und M\u00e4nnern. Bei der Beschneidung von Jungen oder M\u00e4nnern wird die Vorhaut des Penis abgetrennt. Bei M\u00e4dchen und Frauen hingegen ist das gesamte \u00e4u\u00dfere Genital betroffen. So w\u00e4re das m\u00e4nnliche Pendant zur weiblichen Genitalverst\u00fcmmelung n\u00e4her an der Kastration als an der Beschneidung. Was wesentlich ist, dass in Deutschland die FGM im September 2013 als ausdr\u00fccklicher Straftatbestand (u.a. schwerwiegender Eingriff in die k\u00f6rperliche Unversehrtheit) in die Gesetze aufgenommen worden und wurde zum Verbrechen heraufgestuft.<br \/>\n\u00a7226A, STGB: \u201cWer die \u00e4u\u00dferen Genitalien einer weiblichen Person verst\u00fcmmelt, wird mit Freiheitsstrafe nicht unter einem Jahr bestraft.\u201d Das H\u00f6chstma\u00df der Strafe liegt bei 15 Jahren. Der Straftatbestand des FGM existiert seit 2013, es ist noch unglaubw\u00fcrdiger, wenn die FDP jetzt anf\u00fchrt, dass durch die FGM in den Ferien nichts passiert ist. Bisher gab es \u00fcberhaupt noch keine Verurteilung nach \u00a7226A STGB!<br \/>\n22.4.2019, O.E.<br \/>\n.<br \/>\n<strong>Verfolgt nach D, dann zum Urlaub zur\u00fcck zwecks FMG?<\/strong><br \/>\nMerkw\u00fcrdig genug ist es schon , verfolgt im Herkunftsland zu sein und dann dort Urlaub zu machen um steinzeitliche Rituale zu zelebrieren. Was sind wir nur f\u00fcr Idioten!! &#8230;<br \/>\nDas frage ich mich auch schon seit Jahren. Eine monatelange, gef\u00e4hrliche Flucht vor Verfolgung und Unterdr\u00fcckung. .. und dann mal eben mit dem Ferienflieger Urlaub in der alten Heimat machen. Kann mir das mal jemand schl\u00fcssig erkl\u00e4ren?<br \/>\n22.4.2019, H.M.<\/p>\n","protected":false},"excerpt":{"rendered":"<p>Home &gt;Selbsthilfe\u00a0&gt;Frauen\u00a0&gt;Sexueller Mi\u00dfbrauch\u00a0&gt;Genitalverstuemmelung &gt;FMG Listenauswahl eines Beitrags (Artikel\/Datum, Seite\/Inhalt): Klicken oder scrollen Genitalverst\u00fcmmelung als kulturelle Vielfalt \u2013 die linke Moral ist keine (25.12.2025) Woke Ideologen: Kritik an weiblicher Genital\u00adverst\u00fcmmelung ist rassistisch (22.12.2025) Ein wokes Pl\u00e4doyer f\u00fcr die weibliche Genital\u00adverst\u00fcmmelung (18.12.2025) &hellip; <a href=\"https:\/\/www.freiburg-schwarzwald.de\/blog\/selbsthilfe\/frauen\/fgm\/\">Weiterlesen <span class=\"meta-nav\">&rarr;<\/span><\/a><\/p>\n","protected":false},"author":2,"featured_media":0,"parent":59,"menu_order":0,"comment_status":"open","ping_status":"closed","template":"","meta":{"footnotes":""},"class_list":["post-72002","page","type-page","status-publish","hentry"],"_links":{"self":[{"href":"https:\/\/www.freiburg-schwarzwald.de\/blog\/wp-json\/wp\/v2\/pages\/72002","targetHints":{"allow":["GET"]}}],"collection":[{"href":"https:\/\/www.freiburg-schwarzwald.de\/blog\/wp-json\/wp\/v2\/pages"}],"about":[{"href":"https:\/\/www.freiburg-schwarzwald.de\/blog\/wp-json\/wp\/v2\/types\/page"}],"author":[{"embeddable":true,"href":"https:\/\/www.freiburg-schwarzwald.de\/blog\/wp-json\/wp\/v2\/users\/2"}],"replies":[{"embeddable":true,"href":"https:\/\/www.freiburg-schwarzwald.de\/blog\/wp-json\/wp\/v2\/comments?post=72002"}],"version-history":[{"count":5,"href":"https:\/\/www.freiburg-schwarzwald.de\/blog\/wp-json\/wp\/v2\/pages\/72002\/revisions"}],"predecessor-version":[{"id":143479,"href":"https:\/\/www.freiburg-schwarzwald.de\/blog\/wp-json\/wp\/v2\/pages\/72002\/revisions\/143479"}],"up":[{"embeddable":true,"href":"https:\/\/www.freiburg-schwarzwald.de\/blog\/wp-json\/wp\/v2\/pages\/59"}],"wp:attachment":[{"href":"https:\/\/www.freiburg-schwarzwald.de\/blog\/wp-json\/wp\/v2\/media?parent=72002"}],"curies":[{"name":"wp","href":"https:\/\/api.w.org\/{rel}","templated":true}]}}