{"id":71949,"date":"2019-04-22T20:42:02","date_gmt":"2019-04-22T18:42:02","guid":{"rendered":"https:\/\/www.freiburg-schwarzwald.de\/blog\/?page_id=71949"},"modified":"2026-02-13T15:34:54","modified_gmt":"2026-02-13T14:34:54","slug":"klimawandel-natuerlich","status":"publish","type":"page","link":"https:\/\/www.freiburg-schwarzwald.de\/blog\/natur\/klima\/klimawandel-natuerlich\/","title":{"rendered":"Klimawandel-natuerlich"},"content":{"rendered":"<p>Home &gt;<a title=\"Natur\" href=\"https:\/\/www.freiburg-schwarzwald.de\/blog\/natur\/\">Natur<\/a>\u00a0&gt;<a title=\"Klima\" href=\"https:\/\/www.freiburg-schwarzwald.de\/blog\/natur\/klima\/\">Klima<\/a>\u00a0&gt;<a title=\"Klimawandel\" href=\"https:\/\/www.freiburg-schwarzwald.de\/blog\/natur\/klima\/klimawandel\/\">Klimawandel<\/a>\u00a0&gt;<a title=\"FridaysForFuture\" href=\"https:\/\/www.freiburg-schwarzwald.de\/blog\/natur\/klima\/fridaysforfuture\/\">FridaysForFuture<\/a> &gt;Klimawandel-natuerlich<\/p>\n<div id=\"attachment_71391\" style=\"width: 648px\" class=\"wp-caption alignnone\"><a href=\"https:\/\/www.freiburg-schwarzwald.de\/blog\/kultur\/medien\/diskriminierung\/kuechenschellen-kaiserstuhl2019-03pan\/\" rel=\"attachment wp-att-71391\"><img loading=\"lazy\" decoding=\"async\" aria-describedby=\"caption-attachment-71391\" class=\"size-full wp-image-71391\" src=\"https:\/\/www.freiburg-schwarzwald.de\/blog\/wp-content\/uploads\/2019\/03\/kuechenschellen-kaiserstuhl2019-03pan.jpg\" alt=\"K\u00fcchenschellen im warmen Kaiserstuhl bei Freiburg am 20.3.2019\" width=\"638\" height=\"353\" srcset=\"https:\/\/www.freiburg-schwarzwald.de\/blog\/wp-content\/uploads\/2019\/03\/kuechenschellen-kaiserstuhl2019-03pan.jpg 638w, https:\/\/www.freiburg-schwarzwald.de\/blog\/wp-content\/uploads\/2019\/03\/kuechenschellen-kaiserstuhl2019-03pan-180x99.jpg 180w\" sizes=\"auto, (max-width: 638px) 100vw, 638px\" \/><\/a><p id=\"caption-attachment-71391\" class=\"wp-caption-text\">K\u00fcchenschellen im warmen Kaiserstuhl bei Freiburg am 20.3.2019<\/p><\/div>\n<ul>\n<li><em>Listenauswahl eines Beitrags: Bitte <span style=\"text-decoration: underline;\">anklicken<\/span> oder runterscrollen<\/em><\/li>\n<li><a href=\"https:\/\/www.freiburg-schwarzwald.de\/blog\/deregulierung-usa-klima-co2\/\">Deregulierung: USA Klima CO2<\/a>\u00a0(13.2.2026)<\/li>\n<li><a href=\"https:\/\/www.freiburg-schwarzwald.de\/blog\/gutes-waldjahr-2025-mit-regen\/\">Gutes Waldjahr 2025 mit Regen<\/a>\u00a0(29.1.2026)<\/li>\n<li><strong><a href=\"https:\/\/www.freiburg-schwarzwald.de\/blog\/sonne-wandelt-klima-nicht-co2\/\">Sonne wandelt Klima, nicht CO2<\/a>\u00a0(11.1.2026)<\/strong><\/li>\n<li><a href=\"https:\/\/www.freiburg-schwarzwald.de\/blog\/traumsommer-trotz-klimawandel\/\">Traumsommer trotz Klimawandel<\/a>\u00a0(30.9.2025)<\/li>\n<li><a href=\"https:\/\/www.freiburg-schwarzwald.de\/blog\/natur\/klima\/klima-forschung\/klimawissenschaft\/\">CWG: Die Klimawissenschaft ist zur\u00fcck<\/a>\u00a0(11.8.2025)<\/li>\n<li><a href=\"https:\/\/www.freiburg-schwarzwald.de\/blog\/business\/gesund\/\">Medizin kennt keine klimawandelbedingte Gesundheitsbedrohung<\/a> (15.11.2024)<\/li>\n<li><a href=\"https:\/\/www.freiburg-schwarzwald.de\/blog\/juliwetter-gut-das-ernten-nicht\/\">Juliwetter gut \u2013 das Ernten nicht<\/a>\u00a0(28.7.2024)<\/li>\n<li><a href=\"https:\/\/www.freiburg-schwarzwald.de\/blog\/kastanienbluete-bienen-kirschen\/\">Kastanienbl\u00fcte Bienen Kirschen<\/a>\u00a0(18.6.2024)<\/li>\n<li><a href=\"https:\/\/www.freiburg-schwarzwald.de\/blog\/natur\/klima\/klima-religion\/\">Klimareligion \u2013 Keine Panik!<\/a>\u00a0(31.1.2024)<\/li>\n<li><a href=\"https:\/\/www.freiburg-schwarzwald.de\/blog\/natur\/klima\/co2\/\">Dank CO2: Erde wird immer gr\u00fcner [Neue Studie]<\/a> (31.1.2024)<\/li>\n<li><a href=\"https:\/\/www.freiburg-schwarzwald.de\/blog\/bildung\/wissenschaft\/physik\/\">Physik und Klimawandel: Die Angst vor der Wahrheit<\/a> (16.12.2023)<\/li>\n<li><a href=\"https:\/\/www.freiburg-schwarzwald.de\/blog\/natur\/klima\/klima-system\/\">Das Klima-System ist selbstregulierend<\/a>\u00a0(9.12.2023)<\/li>\n<li><a href=\"https:\/\/www.freiburg-schwarzwald.de\/blog\/natur\/klima\/weltuntergang\/\">Und wenn der Mensch gar nicht Ursache des Klimawandels w\u00e4re?<\/a> (27.10.2023)<\/li>\n<li><a href=\"https:\/\/www.freiburg-schwarzwald.de\/blog\/natur\/klima\/klima-forschung\/\">Vahrenholt: Wissenschaft mit neuen Erkenntnissen zu globaler Erw\u00e4rmung<\/a>\u00a0(13.9.2023)<\/li>\n<li><a href=\"https:\/\/www.freiburg-schwarzwald.de\/blog\/natur\/klima\/klimanotstand\/\">\u201eEs gibt keinen Klimanotstand\u201c \u2013 CLINTEL-Liste von 1600 Wissenschaftlern unterzeichnet<\/a>\u00a0(7.9.2023)<\/li>\n<li><a href=\"https:\/\/www.freiburg-schwarzwald.de\/blog\/natur\/klima\/menschengemacht\/\">Wie bildet man sich eine Meinung zum Klimawandel?<\/a>\u00a0(29.9.2023)<\/li>\n<li><a href=\"https:\/\/www.freiburg-schwarzwald.de\/blog\/natur\/klima\/klimapolitik\/klimapolitik-alternativ\/\">Vorschl\u00e4ge f\u00fcr eine bessere Klimaschutzpolitik<\/a>\u00a0(26.8.2022)<\/li>\n<li><a href=\"https:\/\/www.freiburg-schwarzwald.de\/blog\/energie\/energiepolitik\/eike\/\">14. EIKE-Tagung in Gera \u2013 parallel zur COP26 in Glasgow<\/a>\u00a0(18.11.2021)<\/li>\n<li><a href=\"https:\/\/www.freiburg-schwarzwald.de\/blog\/natur\/klima\/klimapolitik\/\">Frank Hennig: Klimad\u00e4mmerung<\/a>\u00a0(6.8.2021)<\/li>\n<li><a href=\"https:\/\/www.freiburg-schwarzwald.de\/blog\/natur\/klima\/menschengemacht\/\">RTL: \u201cDie Theorie der menschengemachten Erderw\u00e4rmung ist \u2026 ein gro\u00dfer Schwindel\u201d<\/a> (31.7.2021)<\/li>\n<li><a href=\"https:\/\/www.freiburg-schwarzwald.de\/blog\/natur\/wald\/forst\/\">Waldbau: Der Wald der Zukunft wird bunter sein<\/a> (31.7.2021)<\/li>\n<li><a href=\"https:\/\/www.freiburg-schwarzwald.de\/blog\/natur\/klima\/menschengemacht\/\">Menschengemachter Klimawandel? Fragen eines Naturwissenschaftlers<\/a>\u00a0(22.5.2021)<\/li>\n<li><a href=\"https:\/\/www.freiburg-schwarzwald.de\/blog\/natur\/umwelt\/umweltschutz\/\">Georg Etscheit: Ein Umweltjournalist muss gehen<\/a>\u00a0(29.1.2021)<\/li>\n<li><a title=\"Anthropodizee-Frage und Klima\" href=\"https:\/\/www.freiburg-schwarzwald.de\/blog\/anthropodizee-frage-und-klima\/\">Anthropozidee-Frage und Klima<\/a>\u00a0(10.9.2020)<\/li>\n<li><a title=\"Kinder-instrumentalisieren\" href=\"https:\/\/www.freiburg-schwarzwald.de\/blog\/selbsthilfe\/kinder\/kinder-instrumentalisieren\/\">Kinder im WDR: Meine Oma ist \u2018ne alte Umweltsau<\/a>\u00a0(28.12.2019)<\/li>\n<li><a title=\"Energie CO2 Dekarbonisierung\" href=\"https:\/\/www.freiburg-schwarzwald.de\/blog\/energie-co2-dekarbonisierung\/\">Manfred Haferburg: Energie CO2 Dekarbonisierung<\/a>\u00a0(6.11.2019)<\/li>\n<li><a title=\"Klimaleugner: psychisch Kranke\" href=\"https:\/\/www.freiburg-schwarzwald.de\/blog\/klimaleugner-psychisch-kranke\/\">Klimaleugner: psychisch Kranke<\/a>\u00a0(9.10.2019)<\/li>\n<li><a title=\"Apokalypse\" href=\"https:\/\/www.freiburg-schwarzwald.de\/blog\/natur\/klima\/apokalypse\/\">Eine trostlose s\u00e4kulare Religion: die Greta-Apokalypse kennt keine Erl\u00f6sung<\/a>\u00a0(28.9.2019)<\/li>\n<li><a title=\"Greta\" href=\"https:\/\/www.freiburg-schwarzwald.de\/blog\/natur\/klima\/greta\/\">Gretas Wutrede beim Klima-Sondergipfel am 23.9.2019 in New York<\/a>\u00a0(24.9.2019)<\/li>\n<li><a title=\"Klimapolitik\" href=\"https:\/\/www.freiburg-schwarzwald.de\/blog\/natur\/klima\/klimapolitik\/\">Klimawandel &#8211; nicht menschengemacht<\/a> (20.9.2019)<\/li>\n<li><a href=\"https:\/\/www.freiburg-schwarzwald.de\/blog\/hockeystick-klimakurve-unwahr\/\">https:\/\/www.freiburg-schwarzwald.de\/blog\/hockeystick-klimakurve-unwahr\/<\/a>\u00a0(12.9.2019)<\/li>\n<li>Hockeystick-Kurve der Klimaforscher\u00a0scheitert vor Gericht\u00a0(31.8.2019)<\/li>\n<li>Wahrheit basiert auf Tatsachen \u2013 das gilt auch f\u00fcr \u201eFridays for Future\u201c (16.7.2019)<\/li>\n<li><a title=\"Wald\" href=\"https:\/\/www.freiburg-schwarzwald.de\/blog\/natur\/wald\/\">ETH Z\u00fcrich: Baumpflanzungen f\u00fcr Klima und CO2 effektiver<\/a> (4.7.2019)<\/li>\n<li><a href=\"https:\/\/www.freiburg-schwarzwald.de\/blog\/eine-panik-nach-der-anderen\/\">https:\/\/www.freiburg-schwarzwald.de\/blog\/eine-panik-nach-der-anderen\/<\/a>\u00a0(10.7.2019)<\/li>\n<li><a title=\"Geologie\" href=\"https:\/\/www.freiburg-schwarzwald.de\/blog\/natur\/geologie\/\">CO2 does not cause global warming<\/a>\u00a0(14.6.2019)<\/li>\n<li><a title=\"Weltuntergang\" href=\"https:\/\/www.freiburg-schwarzwald.de\/blog\/natur\/klima\/weltuntergang\/\">Wir riechen aus Prinzip nach Kernseife<\/a>\u00a0(16.6.2019)<\/li>\n<li><a href=\"https:\/\/www.freiburg-schwarzwald.de\/blog\/pfingsten-und-der-heilige-geist\/\">https:\/\/www.freiburg-schwarzwald.de\/blog\/pfingsten-und-der-heilige-geist\/<\/a>\u00a0(9.6.2019)<\/li>\n<li><a title=\"Klima-Forschung\" href=\"https:\/\/www.freiburg-schwarzwald.de\/blog\/natur\/klima\/klima-forschung\/\">Die Forschung zwingt uns nicht zum Klimaschutz<\/a> (4.6.2019)<\/li>\n<li><a href=\"https:\/\/www.freiburg-schwarzwald.de\/blog\/klimawandel-religion\/\">https:\/\/www.freiburg-schwarzwald.de\/blog\/klimawandel-religion\/<\/a>\u00a0(2.6.2019)<\/li>\n<li>Vahrenholt: Gr\u00fcne Klima-Religion und \u00d6ko-Planwirtschaft (31.5.2019)<\/li>\n<li><a href=\"https:\/\/www.freiburg-schwarzwald.de\/blog\/narrative-euro-migration-klima\/\">https:\/\/www.freiburg-schwarzwald.de\/blog\/narrative-euro-migration-klima\/<\/a>\u00a0(30.5.2019)<\/li>\n<li>Robert von Loewenstern:\u00a0 WfD &#8211; W\u00e4rme f\u00fcr Deutschland: Ich bin f\u00fcr Klimawandel &#8211; ACHTUNG SATIRE (22.4.2019)<\/li>\n<li>Notre Dame und das Klima (21.4.2019)<\/li>\n<li><a title=\"FridaysForFuture\" href=\"https:\/\/www.freiburg-schwarzwald.de\/blog\/natur\/klima\/fridaysforfuture\/\">Best\u00e4tigt: Fridays for future finanziell fremdgesteuert <\/a>(18.4.2019)<\/li>\n<li>Egon W. Kreutzer: Klimawandel beg\u00fcnstigte den Bau von Notre-Dame (16.4.2019)<\/li>\n<li><strong><a title=\"Klima-Religion\" href=\"https:\/\/www.freiburg-schwarzwald.de\/blog\/natur\/klima\/klima-religion\/\">FAZ: Wider die Klimahysterie \u2013 Mehr Licht im Dunkel des Klimawandels<\/a> (3.4.2007)<\/strong><\/li>\n<\/ul>\n<ul>\n<li><a title=\"Anthropodizee\" href=\"https:\/\/www.freiburg-schwarzwald.de\/blog\/bildung\/philosophie\/anthropodizee\/\">Anthropozidee<\/a><\/li>\n<li><a title=\"Apokalypse\" href=\"https:\/\/www.freiburg-schwarzwald.de\/blog\/natur\/klima\/apokalypse\/\">Apokalypse<\/a><\/li>\n<li><a title=\"CO2\" href=\"https:\/\/www.freiburg-schwarzwald.de\/blog\/natur\/klima\/co2\/\">CO2-Fu\u00dfabdruck \u2013 Carbon Footprint CF<\/a><\/li>\n<li><a href=\"https:\/\/www.freiburg-schwarzwald.de\/blog\/energie\/energiepolitik\/eike\/\">EIKE<\/a><\/li>\n<li><a href=\"https:\/\/www.freiburg-schwarzwald.de\/einsparen.htm\">Einsparen statt verschwenden<\/a>\u00a0&gt;Einsparen<\/li>\n<li><a title=\"FridaysForFuture\" href=\"https:\/\/www.freiburg-schwarzwald.de\/blog\/natur\/klima\/fridaysforfuture\/\">FridaysForFuture<\/a><\/li>\n<li><a title=\"Greta\" href=\"https:\/\/www.freiburg-schwarzwald.de\/blog\/natur\/klima\/greta\/\">Greta<\/a><\/li>\n<li><a title=\"Hitze\" href=\"https:\/\/www.freiburg-schwarzwald.de\/blog\/natur\/klima\/hitze\/\">Hitze<\/a><\/li>\n<li><a title=\"Kinder-instrumentalisieren\" href=\"https:\/\/www.freiburg-schwarzwald.de\/blog\/selbsthilfe\/kinder\/kinder-instrumentalisieren\/\">Kinder-instrumentalisieren<\/a><\/li>\n<li><a title=\"Klimagerechtigkeit\" href=\"https:\/\/www.freiburg-schwarzwald.de\/blog\/natur\/klima\/klimagerechtigkeit\/\">Klimagerechtigkeit<\/a><\/li>\n<li><a title=\"Klima-Forschung\" href=\"https:\/\/www.freiburg-schwarzwald.de\/blog\/natur\/klima\/klima-forschung\/\">Klima-Forschung<\/a><\/li>\n<li><a title=\"Klimapolitik\" href=\"https:\/\/www.freiburg-schwarzwald.de\/blog\/natur\/klima\/klimapolitik\/\">Klimapolitik<\/a><\/li>\n<li><a href=\"https:\/\/www.freiburg-schwarzwald.de\/blog\/natur\/klima\/klimapolitik\/klimapolitik-alternativ\/\">Klimapolitik-alternativ<\/a><\/li>\n<li><a title=\"Klima-Religion\" href=\"https:\/\/www.freiburg-schwarzwald.de\/blog\/natur\/klima\/klima-religion\/\">Klima-Religion<\/a><\/li>\n<li><a href=\"https:\/\/www.freiburg-schwarzwald.de\/blog\/natur\/klima\/klima-system\/\">Klima-System<\/a><\/li>\n<li><a href=\"https:\/\/www.freiburg-schwarzwald.de\/blog\/natur\/klima\/klimaskeptiker\/\">Klimaskeptiker<\/a><\/li>\n<li><a title=\"Klimawandel\" href=\"https:\/\/www.freiburg-schwarzwald.de\/blog\/natur\/klima\/klimawandel\/\">Klimawandel<\/a><\/li>\n<li><a href=\"https:\/\/www.freiburg-schwarzwald.de\/blog\/natur\/klima\/klima-forschung\/klimawissenschaft\/\">Klimawissenschaft<\/a><\/li>\n<li><a href=\"https:\/\/www.freiburg-schwarzwald.de\/blog\/natur\/klima\/menschengemacht\/\">Menschengemachter Klimawandel<\/a><\/li>\n<li><a title=\"Nachhaltigkeit\" href=\"https:\/\/www.freiburg-schwarzwald.de\/blog\/natur\/klima\/nachhaltigkeit\/\">Nachhaltigkeit<\/a><\/li>\n<li><a href=\"https:\/\/www.freiburg-schwarzwald.de\/blog\/bildung\/wissenschaft\/physik\/\">Physik<\/a><\/li>\n<li><a title=\"Religion\" href=\"https:\/\/www.freiburg-schwarzwald.de\/blog\/religion\/\">Religion<\/a><\/li>\n<li><a title=\"Schulstreik\" href=\"https:\/\/www.freiburg-schwarzwald.de\/blog\/bildung\/schulen\/schulstreik\/\">Schulstreik<\/a><\/li>\n<li><a title=\"Suffizienz\" href=\"https:\/\/www.freiburg-schwarzwald.de\/blog\/engagement\/zukunft\/suffizienz\/\">Suffizienz<\/a><\/li>\n<li><a title=\"Transformation\" href=\"https:\/\/www.freiburg-schwarzwald.de\/blog\/natur\/klima\/transformation\/\">Transformation<\/a><\/li>\n<li><a title=\"Umwelt\" href=\"https:\/\/www.freiburg-schwarzwald.de\/blog\/natur\/umwelt\/\">Umwelt<\/a><\/li>\n<li><a href=\"https:\/\/www.freiburg-schwarzwald.de\/blog\/natur\/umwelt\/umweltschutz\/\">Umweltschutz<\/a><\/li>\n<li><a title=\"Weltuntergang\" href=\"https:\/\/www.freiburg-schwarzwald.de\/blog\/natur\/klima\/weltuntergang\/\">Weltuntergang<\/a><\/li>\n<\/ul>\n<p><em><strong>Klimawandel als nat\u00fcrliche Schwankungen des Klimas<br \/>\ngab es schon immer, auch ohne den Menschen.<br \/>\nUnsere gro\u00dfe Aufgabe: Umweltschutz, Energiesparen, Ressourcenschonung, Bescheidenheit, &#8230;<\/strong><\/em><\/p>\n<p>Klimawandel als Klimakatastrophe anzuprangern bzw. beseitigen zu k\u00f6nnen,<br \/>\n<em><strong>ist menschlicher Gr\u00f6\u00dfenwahn<br \/>\naus Gr\u00fcnden von Machtstreben sowie Gesch\u00e4ftemacherei<\/strong><\/em><\/p>\n<p>&#8222;Den Klimawandel gibt es seit Millionen von Jahren. Das ist keine statische, gradlinige Entwicklung. Die Welt wird nicht in 5 Jahren untergehen. Das ist Hysterie, die gesch\u00fcrt wird &#8211; sie ist unertr\u00e4glich&#8220;<br \/>\n(Reinhold Messner, Bergsteiger aus S\u00fcdtirol, 2020)<br \/>\n==========================================================<br \/>\n.<\/p>\n<p><strong>Hockeystick-Kurve der Klimaforscher unbewiesen<\/strong><br \/>\nBeweise bitte! \u2013 Ein Star der Klimaforschung scheitert vor Gericht<br \/>\nStellen Sie sich vor, sie sitzen bei einer Pokerpartie und haben gute Karten. Sie ahnen, dass Ihr Gegen\u00fcber ein lausiges Blatt hat, aber der grinst Sie nur an und erh\u00f6ht die Eins\u00e4tze. Ihnen geht langsam das Geld aus, aber Sie gehen schlie\u00dflich aufs Ganze und wollen sehen. Die Regeln sind klar, Karten auf den Tisch! Doch ihr Gegen\u00fcber grinst weiter und zeigt seine Karten nicht. Sicher, Sie gewinnen! Der Einsatz geh\u00f6rt Ihnen, aber Ihr Gegen\u00fcber behauptet frech, er habe gar nicht verloren, er habe nur eine Frist verstreichen lassen. Sein Blatt sei nach wie vor unschlagbar, er zeigt es Ihnen aber nicht!<br \/>\nWas nach einem ganz miesen Spiel klingt, ist die Realit\u00e4t. Der Spieler, der \u201esehen\u201c wollte hei\u00dft Timothy Ball, ein kanadischer Geograph, der Typ mit dem \u201egeheimen Blatt\u201c ist Michael Mann, ein amerikanischer Pal\u00e4oklimatologe. Das \u201eSpiel\u201c fand vor wenigen Tagen am obersten Gericht von British Columbia in Kanada statt. Fall Sie von dieser Partie bisher nichts geh\u00f6rt haben, liegt das jedoch nicht daran, dass sie nur von \u201elokaler Bedeutung\u201c w\u00e4re. Die Bedeutung des Spiels ist gro\u00df, auch deshalb, weil sein Ausgang ein aus Angst errichtetes Geb\u00e4ude ins Wanken bringt und dessen Fundament sich gerade in Treibsand verwandelt hat: die M\u00e4r vom ausschlie\u00dflich menschengemachten Klimawandel und ihre graphische Inkarnation, die wie ein Hockeyschl\u00e4ger steil nach oben abknickende Temperaturkurve, auch als &#8222;Hockeystick-Kurve&#8220; einschl\u00e4gig bekannt geworden.<br \/>\nMichael Mann ist niemand anderes als der Vater dieser Hockeystick-Kurve, einer Grafik der globalen Durchschnittstemperatur, die seit tausend Jahren angeblich nur so vor sich hin d\u00fcmpelte, bis der Mensch mit der Industrialisierung daf\u00fcr gesorgt h\u00e4tte, dass die Temperatur rasant anstieg. Das sieht dann aus, wie ein Eishockey-Schl\u00e4ger, dessen Blatt in Richtung Klimakalypse weist. Beweis erbracht, Panik erzeugt!<br \/>\n&#8230;<\/p>\n<p><a href=\"https:\/\/www.freiburg-schwarzwald.de\/blog\/natur\/klima\/klimawandel-natuerlich\/klima-hockey-stick20190821\/\" rel=\"attachment wp-att-74621\"><img loading=\"lazy\" decoding=\"async\" class=\"alignnone size-thumbnail wp-image-74621\" src=\"https:\/\/www.freiburg-schwarzwald.de\/blog\/wp-content\/uploads\/2019\/04\/klima-hockey-stick20190821-180x124.jpg\" alt=\"klima-hockey-stick20190821\" width=\"180\" height=\"124\" srcset=\"https:\/\/www.freiburg-schwarzwald.de\/blog\/wp-content\/uploads\/2019\/04\/klima-hockey-stick20190821-180x124.jpg 180w, https:\/\/www.freiburg-schwarzwald.de\/blog\/wp-content\/uploads\/2019\/04\/klima-hockey-stick20190821.jpg 608w\" sizes=\"auto, (max-width: 180px) 100vw, 180px\" \/><\/a><\/p>\n<p>Oben: Manns \u201eHockeystick-Kurve IPCC\u201d, unten Balls Klimakurve. Quelle: ccfsh.org<\/p>\n<p>Der Beweis der Hockeystick-Kurve bleibt aus:<br \/>\nWer Hockeystick-Kurven zeichnet, muss Daten, Algorithmen und die H\u00e4nde vorzeigen, mit denen er beides in die gew\u00fcnschte Form geknetet hat. Womit wir wieder bei der Pokerpartie vor dem kanadischen Gericht w\u00e4ren.<br \/>\nTimothy (Tim) Ball ist Wissenschaftler, ein vorlauter noch dazu und er tut das, was Wissenschaftler nun mal so tun: Er zweifelt. (Etwas, dass man auch am Inhalt des Wikipedia-Artikels \u00fcber ihn tun sollte.) Er kam n\u00e4mlich bei der Auswertung der Klimadaten der letzten 2.000 Jahre zu ganz anderen Ergebnissen als Mann. F\u00fcr Mann und seine Hockeykurve hat es sowas wie die r\u00f6mische Warmzeit, das mittelalterliche Klimaoptimum oder die \u201ekleine Eiszeit\u201c nicht gegeben, was Ball dazu veranlasste, zu kalauern, Mann geh\u00f6re wohl eher in ein Staatsgef\u00e4ngnis als an die Universit\u00e4t von Pennsylvania (orig. \u201cbelongs in the state pen, not Penn. State\u201c), was zwar schlagfertig und witzig ist, ihm jedoch eine Verleumdungsklage von Mann einbrachte, \u00fcber welche nun entschieden wurde.<br \/>\nUm es kurz zu machen: Der Prozess zog sich \u00fcber Jahre hin und war f\u00fcr Ball nicht der einzige dieser Art. Erst 2018 wurde eine andere Klage gegen ihn abgewiesen. Das IPCC schickt seine Besten, um Ball sein freches Mundwerk zu stopfen, was aber nicht sonderlich gut gelingen will. Das Gericht in Kanada jedenfalls wollte Ball Gelegenheit geben, seine Betrugs-Anschuldigungen zu beweisen \u2013 und nat\u00fcrlich auch Mann, diese zu widerlegen. Die Sache sei ganz einfach, Mann solle dem Gericht die Daten offenlegen, die zu seiner Hockeystick-Kurve f\u00fchrten. Eine schon h\u00e4ufig gestellte Forderung, welcher Mann bislang \u2013 wohl in guter Alchemistentradition \u2013 und auch vor Gericht nicht nachkam. Thomas Lifson dr\u00fcckt es in \u201eAmerican Thinker\u201c so aus: \u201eReal science, not the phony \u201aconsensus\u2018 version, requires open access to data, so that skeptics (who play a key role in science) can see if results are reproducible.\u201c<br \/>\n&#8230;<br \/>\nSchaut man sich das mangelnde mediale Echo auf das Gerichtsurteil in Kanada an, k\u00f6nnte man jedoch verzweifeln. \u00dcberall Schweigen im Walde. Mit Ausnahme einiger kleiner Journale und Blogs in den USA und Kanada (hier, hier und hier) ist die Niederlage Manns keine Meldung wert, dabei ist die Tragweite noch gar nicht abzusch\u00e4tzen. Zwanzig Jahre \u201eKlimaforschung\u201c in eine einzige, verengte Richtung stehen auf der Kippe und mit ihnen hunderte Milliarden Euro und Dollar, die teils schon ausgegeben wurden, teils zugesagt sind.<br \/>\nBedenkt man, wie viel f\u00fcr Aktivisten und Profiteure der Klimahysterie auf dem Spiel steht, war Manns Gegenwehr vor Gericht \u2013 die ja die Gegenwehr des gesamten Klima-Establishments h\u00e4tte sein m\u00fcssen \u2013 geradezu erschreckend schwach. Das ausbleibende Medienecho zeigt jedoch wieder einmal, dass es in der Klimadebatte l\u00e4ngst nicht mehr um Fakten geht, auch nicht um gerichtsfeste.<br \/>\nViele Medien hecheln nun schon seit mindestens zwei Jahrzehnten so begierig der Apokalypse entgegen, dass man sich die Entschuldigungstexte gar nicht ausdenken mag, welche die Klebercl\u00e4use und Gausegundulas vom Teleprompter ablesen m\u00fcssten, w\u00fcrde der ganze Klimazirkus in sich zusammenbrechen: \u201e\u00c4hm, \u201atschuldigung, war gar nicht so schlimm wie wir immer sagten, wir hatten da einen kleinen Fehler bei der Grundannahme\u2026 sorry\u201c. Und weil das nie geschehen wird, werden die Zuschauer von Lesch &amp; Lanz nichts vom Urteil eines kanadischen obersten Gerichts erfahren und auch nichts von seiner Tragweite. Tim Ball rief \u201eDer Klimagott ist tot\u201c, dessen Verteidiger Michael Mann schwieg, und keiner hat etwas mitbekommen.<br \/>\nUnd nun das Wetter. Heute 32 Grad in Deutschland, die Klimakatastrophe ist da! Wir werden alle sterben! Mea Culpa! CO2-Steuer jetzt!<br \/>\n&#8230;.. Alles vom 1.9.2019 bitte lesen auf<br \/>\n<a href=\"https:\/\/unbesorgt.de\/ein-pokerspiel-um-hockeystick-und-klimakatastrophe\/\">https:\/\/unbesorgt.de\/ein-pokerspiel-um-hockeystick-und-klimakatastrophe\/<\/a><br \/>\noder auf<br \/>\n<a href=\"https:\/\/www.achgut.com\/artikel\/beweise_bitte_ein_star_der_klimaforschung_vor_gericht\">https:\/\/www.achgut.com\/artikel\/beweise_bitte_ein_star_der_klimaforschung_vor_gericht<\/a><br \/>\nGlaubt Obama noch an sich?<br \/>\n.<br \/>\nKommentare:<\/p>\n<p><strong>&#8230;. glaubt Obama an sich?<\/strong><br \/>\nWarum kauft sich jemand, wie der Klimaprophet Barack Obama ein 15 Millionen Dollar Anwesen mit Meereszugang auf Martha\u2019s Vineyard direkt im Atlantik, wo er selbst folgendes prophezeite: \u201cNo nation, however large or small, wealthy or poor, can escape the impact of climate change. Rising sea levels threaten every coastline.\u201d \u201cMore powerful storms and floods threaten every continent. The science is beyond dispute and the facts are clear. Sea levels are rising. Coastlines are shrinking.\u201d? Glaubt er nicht mehr, hat er jemals daran geglaubt, ist er inzwischen selbst zum Klimaleugner geworden??<br \/>\n31.8.2019, E.SCH, AO<br \/>\n.<br \/>\n<strong>Was n\u00fctzen schon Urteile im Ausland?<\/strong><br \/>\nWas das Ausland \u00fcber das idiotische Verhalten deutscher Politik denkt und sagt, interessiert unser abgehobenes Regierungspersonal wie die ber\u00fchmte deutsche Eiche, an der sich die \u201cSau schrubbt\u201d. \u00c4hnliche Urteile werden hier kaum zu erwarten sein, hat sich der Marsch durch die Institutionen doch mittlerweile bis ins h\u00f6chste deutsche Gericht durchgebahnt, an dem die Kinder und Enkel der 68er heute als willf\u00e4hrige Helfer die Politik ihrer Regierung (solange sie links genug ist) best\u00e4tigt. Grundgesetz war gestern. Heute z\u00e4hlt Haltung.<br \/>\n31.8.2019, L.B., AO<br \/>\n.<br \/>\n<strong>Und wieder versagen \u00f6ffentlich-rechtliche \u201cFaktenchecker\u201d,<\/strong><br \/>\nweil die gr\u00fcnrote Propaganda-Brille sie vor dem \u201cGift\u201d der Wahrheit sch\u00fctzt. &#8211; Danke, verehrter Roger Letsch, dass Sie an diesem Thema dranbleiben und vor so verkommenen Pseudowissenschaftlern wie Harald Lesch nicht kapitulieren. Es ist sch\u00e4ndlich, dass kaum noch ehrbare Wissenschaftler und Journalisten die Stimme erheben gegen die Klima-Apokalyptiker von Merkels Gnaden. Der \u00d6ko-Institutionenfilz, der unter Merkels Kanzlerschaft entstanden ist und Millionen und Milliarden Steuer-Euros verschlingt, will ja nicht arbeitslos werden! ER IST ES ABER, DEM WIR DEN FACHKR\u00c4FTEMANGEL ZU VERDANKEN HABEN! Man darf sicher sein, dass in der \u00c4ra nach Merkel die freizusetzenden \u00d6ko-Klima-Fachkr\u00e4fte keinen Fu\u00df mehr auf den Boden bekommen werden. (Damit haben die steuerfinanzierten \u201cGro\u00dfen Transformatoren\u201d nicht gerechnet.)<br \/>\n1.9.2019, A.R., AO<br \/>\n.<br \/>\nIch habe \u00fcberhaupt kein Problem mit Michael Mann. Sein Schwindel (Hockey-Kurve) wurde ja auch schon vor Jahren von McIntyre und McKitrick grundlegend aufgedeckt. Na und? Schwindler gibt es immer und \u00fcberall. ABER der UMGANG mit ihnen spricht B\u00e4nde! M. Mann wurde nie belangt, nie korrigiert, nie ausgestossen. Die Selbstreinigungskr\u00e4fte des Wissenschaftsbetriebs haben auf ganzer Linie versagt, sie sind ausgeschaltet worden. Und das heisst ganz einfach: Die IPCC-Forschung ist keine Wissenschaft. Sie ist Propaganda.<br \/>\n1.9.2019, E.T., AO<\/p>\n<p><a href=\"https:\/\/www.freiburg-schwarzwald.de\/blog\/hockeystick-klimakurve-unwahr\/\">https:\/\/www.freiburg-schwarzwald.de\/blog\/hockeystick-klimakurve-unwahr\/<\/a><\/p>\n<p>.<\/p>\n<p>&nbsp;<\/p>\n<p><strong>Wahrheit basiert auf Tatsachen \u2013 das gilt auch f\u00fcr \u201eFridays for Future\u201c<\/strong><br \/>\nEin 18-j\u00e4hriger Gymnasiast aus K\u00f6ln rechtfertigt sich gegen\u00fcber dem Reporter eines Nachrichtenmagazins f\u00fcr seine Teilnahme an den Freitagsdemonstrationen der Klimaaktivisten mit den Worten: &#8222;Wieso sollte ich in die Schule gehen, wenn ich wei\u00df, dass es in ein paar Jahrzehnten keine Schule mehr geben wird, wenn wir jetzt nicht auf die Stra\u00dfe gehen.\u201c Die Motive seiner Mitstreiter klingen \u00e4hnlich: Die Welt gehe unter, wenn sie sich jetzt nicht f\u00fcr das Klima ins Zeug legten.<br \/>\nIn Geografie und Biologie haben die Freitagsaktivisten solche Untergangsszenarien sicher nicht gelernt. Selbst die Umweltorganisation Greenpeace, nicht eben f\u00fcr Untertreibungen bekannt, kennt kein Klimamodell, das auch nur ann\u00e4hernd die Weltuntergangs\u00e4ngste der demonstrierenden Sch\u00fcler rechtfertigen w\u00fcrde. Nat\u00fcrlich darf man im Meinungskampf \u00fcbertreiben. Das haben Jugendbewegungen immer schon getan. Wenn aber von sieben etablierten Umweltorganisationen eben mal drei die krassen Forderungen der Klima-Jugend teilen, besteht die Gefahr, dass sich die Sch\u00fcler durch ihren dystopischen Radikalismus selbst<br \/>\n<strong><em>Die \u00d6ffentlichkeit wirkt an der quasireligi\u00f6sen \u00dcberh\u00f6hung der Sch\u00fclerbewegung flei\u00dfig mit<\/em><\/strong>. So hat Berlins katholischer Bischof Heiner Koch die Vorbildwirkung der schwedischen Klimaschutz-Aktivistin Greta Thunberg mit der von Jesus Christus verglichen. Auch historische Parallelen dr\u00e4ngen sich auf. Im Jahr 1212 brachen Tausende Kinder und Jugendliche zu einem Kreuzzug zur Befreiung des Heiligen Landes auf, weil fanatische Bisch\u00f6fe der Meinung waren, nur \u201eunschuldige\u201c Kinder k\u00f6nnten die Erl\u00f6sung bringen. Kein einziges Kind kam damals ans Ziel.<br \/>\n.<br \/>\nIch habe am Gymnasium Klimapolitik unterrichtet. Dabei habe ich immer Wert darauf gelegt, alle bekannten Fakten zur Diskussion zu stellen. Dazu geh\u00f6rt die Tatsache, dass Deutschland nur f\u00fcr zwei Prozent des weltweiten CO2-Aussto\u00dfes verantwortlich ist. Hilfreich ist auch das Faktum, dass der Anteil der regenerativen Energie an der deutschen Stromerzeugung inzwischen 44 Prozent betr\u00e4gt \u2013 mit steigender Tendenz. Damit ist Deutschland Vorbild f\u00fcr alle Industriel\u00e4nder. Den Sch\u00fclern ist auch bekannt, dass die ihnen so verhassten Kohlekraftwerke nur deshalb so lange am Netz bleiben m\u00fcssen, weil die Regierung im Jahre 2011 beschlossen hat, endg\u00fcltig aus der Atomenergie auszusteigen. Wenn man sich nur auf die stark wetterabh\u00e4ngige Wind- und Solarenergie verlie\u00dfe, s\u00e4\u00dfen wir an bedeckten und windarmen Tagen im Dunkeln, und das Handy k\u00f6nnte keinen Strom mehr ziehen. In einem Sozialstaat sollte man auch nicht die 50.000 Familien vergessen, die von der Arbeit in der Kohle leben.<br \/>\n.<br \/>\n<em>Sie wollen alles und das sofort:<\/em><br \/>\nOffensichtlich verfangen solch harte Fakten bei den klimabewegten Sch\u00fclern nicht. Sie wollen alles und das sofort. Ihr Blick ist zudem in problematischer Weise auf Deutschland verengt. In Brasilien werden laut Satellitendaten in jedem Monat 739 Quadratkilometer Regenwald abgeholzt. Das entspricht zwei Fu\u00dfballfeldern pro Minute. In wenigen Jahren k\u00f6nnten 30 Prozent des gesamten Regenwaldes f\u00fcr immer verloren sein.<br \/>\nIm Geografie-Unterricht lernen die Sch\u00fcler, dass Regenw\u00e4lder das Weltklima stabilisieren, indem sie der Atmosph\u00e4re CO2 entziehen und Sauerstoff abgeben. Allein der Amazonas-Regenwald schluckt etwa zwei Milliarden Tonnen CO2 im Jahr. Das ist das 13-Fache der j\u00e4hrlichen CO2-Emissionen des gesamten Autoverkehrs in Deutschland. Wenn man das wei\u00df, h\u00e4tte man allen Grund, vor der brasilianischen Botschaft in Berlin zu demonstrieren, um die rechtsgerichtete Regierung Brasiliens von diesem Irrsinn abzubringen. Auch vor der chinesischen und indischen Botschaft k\u00f6nnte man aufmarschieren, weil diese L\u00e4nder die Kohleverbrennung unbeirrt ausbauen und gar nicht daran denken, nach deutschem Vorbild ein Gesetz zum verbindlichen Kohle-Ausstieg zu beschlie\u00dfen. <strong><em>Sollten nicht rationale Effektivit\u00e4tserw\u00e4gungen dazu f\u00fchren, dass man die gr\u00f6\u00dften Verursacher der Klimaerw\u00e4rmung zuerst aufs Korn nimmt, anstatt sich auf den Klima-Primus Deutschland einzuschie\u00dfen?<\/em><\/strong><br \/>\n.<br \/>\nIn den letzten Jahren ist es m\u00fchsamer geworden, mit Sch\u00fclern der gymnasialen Oberstufe rational \u00fcber gesellschaftspolitische Themen zu diskutieren. In fast jedem Politik-Kurs gibt es Sch\u00fcler, die mit Inbrunst Fakten anzweifeln und unverdrossen eigene \u201eErkenntnisse\u201c dagegenstellen. Im Kurs \u201ePolitik und Wirtschaft\u201c wird zum Beispiel bezweifelt, dass sich die in jeder Talkshow ge\u00e4u\u00dferte These, in unserem Land gehe die Schere zwischen Arm und Reich immer weiter auseinander, nicht durch Fakten belegen l\u00e4sst.<br \/>\nDer Gini-Koeffizient, Ma\u00dfstab der Einkommensverteilung (0 = alles gleich; 1 = einer hat alles), ist in Deutschland seit mehr als zehn Jahren stabil. Er zeigt auch das Ma\u00df an Umverteilung zugunsten der unteren Einkommensschichten. Vor Umverteilung liegt der Faktor bei 0,5, nach Umverteilung bei 0,29. W\u00e4ren die Fl\u00fcchtlinge nicht in die Armutsstatistik gerutscht, fiele der Koeffizient noch g\u00fcnstiger aus.<br \/>\n.<br \/>\n<em>Vorwurf, zum Klub der \u201eKlimaleugner\u201c zu geh\u00f6ren<\/em>:<br \/>\nSchwierig ist auch die Vermittlung einfachster Steuertatsachen: Der deutsche Spitzensteuersatz beginnt heute schon beim 1,3-Fachen des Durchschnittseinkommens. In den 60er-Jahren musste man noch das 15-Fache verdienen, damit der h\u00f6chste Steuersatz greift. Auf Unglauben st\u00f6\u00dft auch die Tatsache, dass die reichsten zehn Prozent der Deutschen 50 Prozent des gesamten Aufkommens der Einkommensteuer generieren.<br \/>\nIch habe erlebt, wie ein Sch\u00fcler den exponentiellen Kurvenverlauf der Einkommensteuer anzweifelte, weil er in den sozialen Netzwerken mit der kruden Botschaft gef\u00fcttert worden war: Die Reichen sind stinkreich und geben nichts ab. Basta.<br \/>\n\u00dcber Klimafragen kann man mit politisch aktiven Sch\u00fclern kaum noch rational diskutieren, weil einem allein das Beharren auf Fakten den Vorwurf einbringen kann, man geh\u00f6re zum Klub der \u201eKlimaleugner\u201c. Schuld an dieser konfrontativen Diskussionskultur ist die moralische \u00dcberh\u00f6hung der Politik. Wer f\u00fcr sich moralische Untadeligkeit in Anspruch nimmt, ist schnell bei der Hand, den Diskussionspartner, der das eigene Weltbild nicht teilt, als Ignoranten oder Freund der Auto-Lobby abzukanzeln.<br \/>\nAus eigener Jugenderfahrung wei\u00df ich, wohin es f\u00fchrt, wenn man Tatsachen zum Zwecke einer h\u00f6heren Moral und einer verhei\u00dfungsvollen Utopie ignoriert. Aus der kreativen antiautorit\u00e4ren Rebellion der Studenten und Obersch\u00fcler im Jahre 1968 wurde in den fr\u00fchen 70er-Jahren eine dogmatische kommunistische Bewegung, die sich von der intellektuellen Redlichkeit verabschiedete und zu abstrusen Welterkl\u00e4rungstheorien Zuflucht nahm. Am Ende dieser Entwicklung standen die Anbetung einer Diktatur (Maoisten) und die Aus\u00fcbung brutaler Gewalt (RAF).<br \/>\nIch w\u00fcrde mir w\u00fcnschen, dass die klimabewegten Obersch\u00fcler sich nicht g\u00e4nzlich von der Maxime verabschieden, dass man die Wahrheit immer in den Tatsachen suchen muss. Der Fachunterricht am Gymnasium ist auf diese wissenschaftliche Pr\u00e4misse ausgerichtet.<\/p>\n<p><em>Das s\u00fc\u00dfe Gift der einfachen Welterkl\u00e4rung:<\/em><br \/>\n<strong><em>Gymnasiale Bildung will die Sch\u00fcler zu kritischem Denken und Problembewusstsein erziehen. Dieses entsteht jedoch nur, wenn die Aneignung der Wirklichkeit nach der aufkl\u00e4rerischen Maxime geschieht:<\/em> <\/strong>Am Anfang ist der Zweifel. Jede Theorie hat nur so lange Bestand, bis sie von einer neuen Theorie abgel\u00f6st wird, die die Wirklichkeit stimmiger beschreibt. Blo\u00dfe Behauptungen oder ideologische Setzungen erlauben keine Ann\u00e4herung an die Wahrheit.<br \/>\n.<br \/>\nIch habe pers\u00f6nlich erlebt, wie sich Klimaforscher von einer zuvor vehement vertretenen Theorie verabschieden mussten. Bei einer Podiumsdiskussion in einem Berliner Gymnasium zum Klimawandel fragte ich eine Wissenschaftlerin vom Potsdam-Institut f\u00fcr Klimafolgenforschung, wie es komme, dass sich ihre Prognosen \u00fcber den Anstieg des Weltmeeresspiegels in den letzten Jahren von drei Metern auf zuletzt 60 Zentimeter reduziert haben (die aktuelle Prognose betr\u00e4gt nach dem IPCC-Bericht von 2013 45-82 Zentimeter). Die Wissenschaftlerin gab die offenherzige Auskunft, es liege daran, dass die Computer, die die Klimamodelle durchrechneten, immer leistungsf\u00e4higer w\u00fcrden. Die aktuelle Prognose sei dem neuesten Equipment geschuldet. Die Sch\u00fcler waren verbl\u00fcfft, weil sie live erleben konnten, wie eine Wissenschaftlerin eine Theorie, die die Politik jahrelang in helle Aufregung versetzt hat, einfach wieder \u201eeinkassiert\u201c. Trial and Error gilt eben auch in der Klimawissenschaft.<br \/>\n.<br \/>\nEs w\u00e4re zu w\u00fcnschen, dass die kritischen Sch\u00fcler, wenn sie sich weiterhin gegen die Klima-Erw\u00e4rmung engagieren, nicht dem s\u00fc\u00dfen Gift der einfachen Welterkl\u00e4rung erliegen. Die Sehnsucht nach einfachen L\u00f6sungen ist n\u00e4mlich keineswegs das Privileg rechtspopulistischer Parteien und Gruppierungen.<br \/>\nDie Sch\u00fcler sollten Fakten nicht deshalb leugnen, weil sie unbequem sind und das eigene Narrativ von der bevorstehenden Katastrophe nicht unterst\u00fctzen. Man m\u00f6chte ihnen nicht w\u00fcnschen, dass sie sich in der Rolle des Don Quijote wiederfinden, der seinem Diener Sancho Pansa sein n\u00e4rrisches Credo verk\u00fcndet: \u201eTatsachen, mein Lieber, sind die Feinde der Wahrheit.\u201c<br \/>\nAlles vom 16.7.2019 von Rainer Werner bitte lesen auf <a href=\"https:\/\/www.welt.de\/debatte\/kommentare\/plus196991791\/Fridays-for-Future-Wahrheit-basiert-noch-immer-auf-Tatsachen.html\">https:\/\/www.welt.de\/debatte\/kommentare\/plus196991791\/Fridays-for-Future-Wahrheit-basiert-noch-immer-auf-Tatsachen.html<\/a><br \/>\n.<br \/>\n<em>Rainer Werner ist ehemaliger Lehrer, er lebt in Berlin. Er ist Autor des Buches \u201eFluch des Erfolgs \u2013 Wie das Gymnasium zur \u00b4Gesamtschule light` mutiert\u201c. Sein Blog: F\u00fcr eine gute Schu<\/em>le<\/p>\n<p><a href=\"https:\/\/guteschuleblog.wordpress.com\/\">https:\/\/guteschuleblog.wordpress.com\/<\/a><\/p>\n<p>Buch von Rainer Werner:<br \/>\nFluch des Erfolgs<br \/>\nWie das Gymnasium zur &#8222;Gesamtschule light&#8220; mutiert<br \/>\nVerlag Auriga, Berlin 2015<br \/>\n10,00 EUR<br \/>\n<a href=\"https:\/\/www.rainer-werner.com\/index.html\">https:\/\/www.rainer-werner.com\/index.html<\/a><br \/>\nNorman Investigativ &#8211; Klimawandel-schwindel:<br \/>\n<a href=\"https:\/\/www.youtube.com\/watch?v=ZYXrGlYAZOg\">https:\/\/www.youtube.com\/watch?v=ZYXrGlYAZOg<br \/>\n<\/a>.<\/p>\n<p><strong>Ein Lehrer, der den Sch\u00fclern Fakten entgegenh\u00e4lt und dann die &#8222;Klimaleugner-Keule&#8220; bekommt?<\/strong><br \/>\nEcht? Im Gymnasium der Enkelin einer Freundin ist das ganz genau anders. Da wird der Klimaunsinn als harter Fakt verkauft und wer kritisch ist, der wird in der Klasse vor versammelter Mannschaft runtergeputzt oder sogar vor die T\u00fcr gesetzt, weil er den Unterricht st\u00f6rt.<br \/>\n18.7.2019, HA<br \/>\n.<br \/>\n<strong>Klimawandel in der Schule: Wissenschaftlich belegte Fakten oder aber Meinungen<\/strong><br \/>\nNaturwissenschaftlich-technische Wahrheit basiert auf beobachtbaren, messbaren und per Experiment zu best\u00e4tigenden Tatsachen. Zu neuen und wahren Erkenntnissen kommt man, wenn pr\u00fcfbare Hypothesen durch Beobachtung, Messung und Experiment best\u00e4tigt werden k\u00f6nnen und dann als Thesen Grundlage von zu formulierenden naturwissenschaftlichen Theorien werden. Wird eine Hypothese nicht durch Beobachtung, Messung und Experiment best\u00e4tigt, verliert sie nicht grunds\u00e4tzlich ihren Wert f\u00fcr die wissenschaftliche Arbeit. Sie kann nur nicht mehr als These in eine naturwissenschaftliche Theorie eingef\u00fcgt werden.<br \/>\n18.7.2019, BET<\/p>\n<p>&nbsp;<\/p>\n<p>&nbsp;<\/p>\n<p>&nbsp;<\/p>\n<p><strong>Vahrenholt: Gr\u00fcne Klima-Religion und \u00d6ko-Planwirtschaft<\/strong><br \/>\nEine <a title=\"Klimawandel\" href=\"https:\/\/www.freiburg-schwarzwald.de\/blog\/natur\/klima\/klimawandel\/\">Studie renommierter Forscher<\/a> berechnet die immensen Kosten und problematischen Folgen gr\u00fcner Klimapolitik. Ist diese Politik auf demokratischem Wege \u00fcberhaupt durchsetzbar oder die \u00d6ko-Diktatur alternativlos?<br \/>\nDer Gr\u00fcnen Programm zur Abschaffung Deutschlands nimmt Formen an. Im gr\u00fcnen Diskurs um die Klima- und Energiepolitik feiern nicht nur planwirtschaftliche Gedanken und Modelle ein auffallendes Comeback, sondern auch <a title=\"Religion\" href=\"https:\/\/www.freiburg-schwarzwald.de\/blog\/religion\/\">quasi-religi\u00f6se apokalyptische Visionen<\/a>, in deren Vorstellungswelt demokratische Systeme nicht passen. Wo es um Sein oder Nicht-Sein, um Leben oder Tod geht, machen Mehrheitsentscheide keinen Sinn, sind schlimmstenfalls sogar sch\u00e4dlich.<br \/>\nWer sich der Klimarettung in den Weg stellt, hat daher aus der Sicht extrem(istisch)er Klimaretter jegliche Legitimit\u00e4t verloren und geh\u00f6rt politisch m\u00f6glichst hinter Schloss und Riegel. Sollten sie sich inner- und au\u00dferhalb der Parlamente in Deutschland politisch weiter durchsetzen, steht zu bef\u00fcrchten, dass diese Betrachtungsweise weiter um sich greift und das \u201eAbholen und Mitnehmen\u201c von B\u00fcrgern allm\u00e4hlich wieder eher den Sinn bekommen wird, den es in den neuen Bundesl\u00e4ndern zu <a title=\"DDR2.0\" href=\"https:\/\/www.freiburg-schwarzwald.de\/blog\/global\/deutschland\/ddr2-0\/\">DDR-Zeiten<\/a> schon einmal hatte.<br \/>\n&#8230; Alles vom 31.5.2019 bitte lesen auf<br \/>\n<a href=\"https:\/\/www.tichyseinblick.de\/meinungen\/gruene-klimapolitik-keine-alternative-zur-oeko-diktatur\/\">https:\/\/www.tichyseinblick.de\/meinungen\/gruene-klimapolitik-keine-alternative-zur-oeko-diktatur\/<\/a><br \/>\n.<br \/>\nDie Studie \u00abEnergiesysteme der Zukunft\u00bb kann hier heruntergeladen werden:<br \/>\n<a href=\"https:\/\/energiesysteme-zukunft.de\/studienvergleich-energiewende\/\">https:\/\/energiesysteme-zukunft.de\/studienvergleich-energiewende\/<\/a><\/p>\n<p><a href=\"https:\/\/energiesysteme-zukunft.de\/fileadmin\/user\u2013upload\/Publikationen\/pdf\/ESYS\u2013Analyse\u2013Sektorkopplung.pdf\">https:\/\/energiesysteme-zukunft.de\/fileadmin\/user\u2013upload\/Publikationen\/pdf\/ESYS\u2013Analyse\u2013Sektorkopplung.pdf<\/a><br \/>\n.<br \/>\n<em><a title=\"CO2\" href=\"https:\/\/www.freiburg-schwarzwald.de\/blog\/natur\/klima\/co2\/\">Prof. Dr. Fritz Vahrenholt<\/a> hat in Chemie promoviert und ist Honorarprofessor an der Universit\u00e4t Hamburg. Als Vertreter der SPD war er Umweltsenator in Hamburg (1991 bis 1997). Unter Bundeskanzler Gerhard Schr\u00f6der war er auch als Berater f\u00fcr Energiefragen auf Bundesebene t\u00e4tig.<\/em><\/p>\n<p><strong>China zwingen?<\/strong><br \/>\nDa Deutschland nur etwa 2,4% des weltweiten CO2-Aussto\u00dfes verursacht, m\u00fcssen noch L\u00e4nder wie China (26,4%) und USA (17,7%) zum Mitmachen gezwungen werden.<br \/>\n\u00dcberzeugt dies dann Habeck oder Baerbock? Oder soll die Bundeswehr ran? Wenn das Leben auf der Erde davon abh\u00e4ngt w\u00e4re es ja ein Verteidigungsfall.<br \/>\n31.5.2019, H.T., TO<br \/>\n.<br \/>\n<strong>Gr\u00fcne ungleich \u00d6ko<\/strong><br \/>\nMan sollte endlich aufh\u00f6ren damit, B90 \/ Die Gr\u00fcnen mit \u201e\u00d6ko\u201c in Verbindung zu bringen. ie \u201eGr\u00fcnen\u201c sind durch und durch naturfeindlich. Es mag da ja noch einige naive Mitl\u00e4ufer geben, welche Habeck und Co. f\u00fcr Natursch\u00fctzer halten, aber die d\u00fcrften eine winzige Minderheit sein. der sich ernsthaft f\u00fcr \u00d6kologie, Natur- und Heimatschutz einsetzt, wird niemals eine Partei w\u00e4hlen, die sich zwar \u201egr\u00fcn\u201c nennt, aber die Zerst\u00f6rung genau dieses, unseren Lebensraums f\u00f6rdert, indem sie die Landschaft \u201everspargelt\u201c und ein dichtbesiedeltes Gebiet durch Migration bis zum Bersten vollpumpt. Die \u201eGr\u00fcnen\u201c stehen f\u00fcr nichts anderes als die Zerst\u00f6rung noch funktionierender \u00d6kosysteme, sowohl in der Natur als auch im menschlichen Miteinander. Es ist eine totalitaristische Gruppierung, \u201egr\u00fcn\u201c ist daran allenfalls die Farbe des Kriegsherren Mohammed.<br \/>\n31.5.2019, AN, TO<br \/>\n.<br \/>\n<strong>Das Klima ist robust<\/strong><br \/>\nKeine Sorge, das Klima ist robust und sozusagen Demographie-neutral, die Sonne \u00fcber Gallien schien auch den R\u00f6mern nach Einverleibung des keltischen Territoriums und ihrem quasi Genozid an den Kelten (jeder Dritte tot?), genau wie sie den Europ\u00e4er in Nordamerika nach Vernichtung der Ureinwohner schien. Die Frage ist eher, ob Kelten und Indianer sich vielleicht weniger Sorgen ums Wetter h\u00e4tten machen, daf\u00fcr tats\u00e4chliche Gefahren fr\u00fchzeitig erkennen sollen?<br \/>\n31.5.2019, GM<br \/>\n.<br \/>\n<strong>Zwangsherrschaft der Klimahysteriker<\/strong><br \/>\n\u201eIst diese Politik auf demokratischem Wege \u00fcberhaupt durchsetzbar oder die \u00d6ko-Diktatur alternativlos?\u201c Nat\u00fcrlich ist diese Politik auf \u201edemokratischem Wege\u201c (whatever that may be) NICHT durchsetzbar. Das schreibe ich hier seit Monaten. Die Totalit\u00e4t der angestrebten Zwangsherrschaft \u00fcbertrifft sogar alle aus der Geschichte bekannten totalitaristischen Zwangssysteme dadurch, dass der CO2-Menschenschwindel als Begr\u00fcndung f\u00fcr staatlichen Zwang hinsichtlich JEDER noch so elementarer und privater menschlichen Handlung herhalten kann, denn JEDE menschliche Handlung ist mit Kohlendioxidaussto\u00df verbunden. Wenn die Altmaoisten, Kulturmarxisten und die hysterisch pl\u00e4rrenden Greta-J\u00fcnger zum Erfolg kommen, \u00fcbersteigen die Konsequenzen potentiell jede Dystopie, die sich bisher phantasiebegabte Geister ausgedacht haben.<br \/>\nDeswegen schreibe ich seit gef\u00fchlten Ewigkeiten Finger und Tastatur kaputt, weil man das f\u00fcrchterlich ernst nehmen muss und Gesp\u00f6tt oder L\u00e4cherlichmachen infantiler Vorgehensweisen am Kern des totalit\u00e4ren Anspruchs vorbeigehen.<br \/>\n31.5.2019, K.N., TO<\/p>\n<p>&nbsp;<\/p>\n<p><strong>WfD &#8211; W\u00e4rme f\u00fcr Deutschland: Ich bin f\u00fcr Klimawandel &#8211;\u00a0 ACHTUNG SATIRE<\/strong><\/p>\n<p>Da ich nach meinem Outing nichts mehr zu verlieren habe, bin ich entschlossen, eine Bewegung zu gr\u00fcnden. Arbeitstitel: <em><strong>WiB \u2013 Warm is Beautiful<\/strong><\/em>. Eine sp\u00e4tere Parteigr\u00fcndung ist nicht ausgeschlossen (Arbeitstitel: <em><strong>WfD \u2013 W\u00e4rme f\u00fcr Deutschland<\/strong><\/em>). Interessenten k\u00f6nnen sich im Kommentarbereich melden, ein Bitcoin-Konto f\u00fcr Gro\u00dfspenden ist in Vorbereitung (spontane Vorabzuwendungen bitte hier).<br \/>\nDie WiB-Bewegung soll ein Gegengewicht zur erdr\u00fcckenden gr\u00fcnen Meinungsmacht aufbauen und wird sich vorrangig um \u00d6ffentlichkeitsarbeit k\u00fcmmern. Falls Sie dies als hoffnungsloses Unterfangen ansehen, bedenken Sie bitte: Man kann den Menschen alles verkaufen, wirklich alles. Wer es nicht glaubt, erinnere sich an den Skandal um sogenannten Analogk\u00e4se. Noch vor zehn Jahren als ekliger Industriedreck verteufelt, wird die Pampe heute mit Riesengewinnen als veganer K\u00e4se an verpeilte Besserverdiener abgesetzt.<br \/>\nDie erste Aufgabe von WiB wird sein, dem Nachwuchs zu vermitteln, dass er sich den Flachspruch \u201eWir haben die Erde nur von unseren Kindern geliehen\u201c in die Haare schmieren kann. Die Erde geh\u00f6rt den Erwachsenen, wie bereits ein kurzer Blick ins Grundbuch beweist. Das ist auch gut so, denn Kinder w\u00fcrden den Planeten in Nullkommanichts kaputthauen, wie jedes Spielzeug.<\/p>\n<p>Was f\u00fcr die bisher ebenso \u00fcberprivilegierten wie unterperformenden Sonnengewinnler in s\u00fcdlichen Gefilden gilt, betrifft auch Kinder. Eigenverantwortung ist angesagt. Keine Generation profitiert so sehr von den Leistungen ihrer Ahnen wie die jetzt Geborenen und noch zu Geb\u00e4renden. Sie erben Wissen, Technologie, Infrastruktur und nicht zuletzt pers\u00f6nliches Verm\u00f6gen in historisch einmaligem Ausma\u00df. Macht was draus, lautet die Losung der Zeit. Entwickeln statt einfordern, erwirtschaften statt erbetteln \u2013 das m\u00fcssen die Leitlinien der Generation Mimimi sein. Dar\u00fcber hinaus kann eine Portion Demut und Dankbarkeit nicht schaden.<br \/>\nApropos Kinder. Falls es Sie interessiert, was aus den \u201eFridays for Future\u201c-Pl\u00e4nen meines Neffen wurde: Er beschloss \u2013 aus welchen Gr\u00fcnden auch immer \u2013, nicht der schwedischen Prophetin ins Lala-Land zu folgen. Statt dessen ging er in die Schule. Dort fand er sich in Gesellschaft von drei anderen Losern wieder, die entweder auch einen reaktion\u00e4ren Onkel haben oder sowieso nie mitkriegen, was abgeht. Unterricht fand nicht statt. Der Lehrk\u00f6rper hatte sich bereits ins wohlverdiente Wochenende verabschiedet.<br \/>\nUnter dem Eindruck dieser Erfahrung beschloss ich, meinem Neffen jede zuk\u00fcnftige Teilnahme am Freaky Friday zu erlauben. Einzige Bedingung: Er nimmt seinen Onkel mit und bastelt vorab gro\u00dfe Schilder. Eins f\u00fcr mich (\u201eStrukturwandel, Sinneswandel, Klimawandel: Ich sage ja!\u201c) und eins f\u00fcr ihn (\u201eKlimawandel? G\u00f6nn dir!\u201c). F\u00fcr den Fall, dass uns die Transparente in eventuellen Tumulten fr\u00fchzeitig abhanden kommen, werde ich f\u00fcr uns beide au\u00dferdem T-Shirts mit themenneutraler, aufmunternder Botschaft bedrucken lassen: \u201eHeult leise, ihr Opfer!\u201c<br \/>\n&#8230;. Alles vom 22.4.2019 von <a title=\"Klimawandel\" href=\"https:\/\/www.freiburg-schwarzwald.de\/blog\/natur\/klima\/klimawandel\/\">Robert von Loewenstern<\/a> bitte lesen auf<a href=\"https:\/\/www.achgut.com\/artikel\/ich_bin_fuer_klimawandel._leben_sie_wohl\"><br \/>\nhttps:\/\/www.achgut.com\/artikel\/ich_bin_fuer_klimawandel._leben_sie_wohl<br \/>\n<\/a>.<a href=\"https:\/\/www.achgut.com\/artikel\/ich_bin_fuer_klimawandel._leben_sie_wohl\"><br \/>\n<\/a>\u00a0.<br \/>\n<strong>&#8230;. es noch Verstand in Germania gibt<\/strong><br \/>\nO Gott, was haben wir nach dem Lesen Ihres Textes in Boston, Massachusetts, gelacht, Herr von Loewenstern! Wir sind als Psychotherapeuten vor dem systemisch-induzierten Wahnsinn in Deutschland geflohen, aber es ist ermutigend an Ihnen zu sehen, dass es noch Verstand in Germania gibt. In unseren Klienten-Hinweisen auf die Risiken und Nebenwirkungen beim Gebrauch des Verstandes unter <a href=\"https:\/\/coaching-institute.net\/angstambulanz\/angst-psychotherapie-risiko.html#r79\">https:\/\/coaching-institute.net\/angstambulanz\/angst-psychotherapie-risiko.html#r79<\/a> schrieben wir:<br \/>\nDer franz\u00f6sische Politiker Charles-Maurice de Talleyrand-P\u00e9rigord, der schon lange Zeit vor den deutschen Umbr\u00fcchen als Musterbeispiel f\u00fcr einen politischen Wendehals und f\u00fcr diplomatische Anpassungsf\u00e4higkeit in die Geschichte eingegangen ist, notierte f\u00fcr sich am 16.05.1832 \u201cein gro\u00dfartiges Wort eines gro\u00dfen Mannes: \u2018Ich f\u00fcrchte eher eine Armee von hundert Schafen, die von einem L\u00f6wen befehligt werden, als eine Armee von hundert L\u00f6wen, die von einem Schaf gef\u00fchrt werden.\u2019\u201d[79]<br \/>\nRobert von L\u00f6wenenstern, gr\u00fcnden Sie Ihre \u201cPartei deutscher Patrioten f\u00fcr Eigenverantwortung\u201d und retten Sie das Erbe deutscher Kultur. Die deutschen Schafen bed\u00fcrfen Ihrer F\u00fchrung. Wir unterst\u00fctzen Sie gern.<br \/>\n22.4.2019, J.S., AO<br \/>\n.<br \/>\n<strong>fr\u00f6hlicher Satiriker<\/strong><br \/>\nSehr geehrter Herr von Loewenstern, Sie wollen sich doch nicht so einfach vom Hof stehlen. Nun da Sie sich als so fr\u00f6hlicher Satiriker geoutet haben. Ihr Artikel hat bei mir ins Schwarze getroffen. Bislang war es mir eher fremd, den Klimawandel zu begr\u00fc\u00dfen. Eher redete ich einer fr\u00f6hlichen Bedenkenlosigkeit das Wort. Warum aber sollte man das nicht lustvoll steigern, wenn die \u00d6ko-Flagelanten sich ebenso woll\u00fcstig mit ihren \u00c4ngsten peitschen? Mir erscheint der Klima-Hype als grandiose Inszenierung, die von wirklichen und auch wirklich l\u00f6sbaren Problemen ablenkt. Probleme l\u00f6sen k\u00f6nnen unsere Politiker nicht so gut. Lieber h\u00e4ufen sie erdachte auf vorherige selbstgeschaffene Krisen und dies in konsequenter Reihung. Diese apokalyptischen Klima-Visionen l\u00e4hmen uns und unsere Kinder. Sie rauben die Kr\u00e4fte, die wir brauchen, um unsere Zukunft planvoll und energisch zu gestalten. Machen wir also Witze \u00fcber die Klima-Mullahs, solange wir es noch k\u00f6nnen.<br \/>\n22.4.2019, R.ST, AO<br \/>\n.<br \/>\n<strong>&#8230; der WfD beitreten<\/strong><br \/>\nIch bin ganz bei Ihnen, Herr Loewenstern und werde selbstverst\u00e4ndlich der WfD beitreten. Hier will ich auch gar nicht \u00fcber die Klimaoptima der letzten paar tausend Jahre reden, und was wir aktuell daraus lernen k\u00f6nnen. Nein, am Herzen liegt mir ein Aspekt des Klimawandels, der leider immer zu kurz kommt. Ich als \u00fcberzeugter Willkommensaktivist und Teddyb\u00e4renwerfer freue mich sehr, dass wir unser Klima den Bed\u00fcrfnissen unserer schutzbefohlenen neuen Mitb\u00fcrger anpassen und helfe dabei nach Kr\u00e4ften mit. Leider ist es mir aus finanziellen Gr\u00fcnden nicht m\u00f6glich, noch mehr Diesel zu verfeuern, aber ich tue mein M\u00f6glichstes.<br \/>\nUmso entt\u00e4uschter bin ich von meinen Mitb\u00fcrgern im hellen Deutschland, deren Gastlichkeit und \u201cfreundliches Gesicht\u201d offensichtlich nur geheuchelt sind. Insbesondere die J\u00fcnger*innen von Greta sind mir sehr suspekt in ihrer dogmatischen Einseitigkeit. Sollten sie einer falschen Prophetin folgen?<br \/>\n22.4.2019, H.B.<br \/>\n.<br \/>\n<strong>realit\u00e4tsbezogene Satire<\/strong><br \/>\nBezeichnend finde ich, dass eine Satire realit\u00e4tsbezogener daherkommt wie das todernst gemeinte Katastrophen- und Panikgeschwafel der Politiker und TV-\u201cExperten\u201d. Wir verschleudern j\u00e4hrlich mindestens 30 Milliarden f\u00fcr EEG, Netzausbau, Pseudoforschung usw. und vernachl\u00e4ssigen daf\u00fcr unsere Bildungseinrichtungen und die Infrastruktur. Anstatt j\u00e4hrlich ein paar Millionen f\u00fcr den Deichausbau auszugeben und modernste Energietechnik in Form von KKWs der neuesten Generation mit der H\u00e4lfte der Kosten aufzubauen, in 30 Jahren werden wir die Fusionstechnologien haben, schmeissen wir das Geld den \u00d6kokapitalisten hinterher, die sich damit Schl\u00f6sser bauen und dann den ganzen subventionierten \u00d6kotechnikmist den Chinesen zur weiteren Verwertung \u00fcbergeben. Der Rest der Subventionen wird in menschen- und naturverachtende Technik aus dem vorigen Jahrhundert gesteckt, die Deutschland in wenigen Jahren in eine lebensfeindliche Industriew\u00fcste verwandelt haben wird, ohne das Klima auch nur im geringsten beeinflussen zu k\u00f6nnen. Das Ganze erinnert mich auch an die Guru-Bewegungen vor einigen Jahrzehnten, in denen unsere Jugend massenhaft irgendwelchen Heilsversprechern hinterhergelaufen ist, bis sie gemerkt haben, dass sich das Seelenheil auch nach der \u00dcbertragung des gesamten Verm\u00f6gens auf die Hare-Krishnan-Konten einfach nicht einstellen wollte.<br \/>\n22.4.2019, W:G.<br \/>\n.<br \/>\n<strong>herzerfrischender Sarkasmus<\/strong><br \/>\nIch finde Ihren von herzerfrischendem Sarkasmus getragenen Beitrag \u00fcberaus interessant und lesenswert. Stimme Ihnen auch aus vollem Herzen zu. Halte selbst auch nichts von der ganzen Hysterie um die Themen Migration und sog. Klimawandel. Trotzdem liegt mir unsere Umwelt sehr am Herzen. Und da sehe ich eine ungeheuere Heuchelei und Verlogenheit. Nehmen wir nur einmal Silvster: da werden Millionen Tonnen Schwefel und Feinstaub in die Athmosph\u00e4re bef\u00f6rdert &#8211; und niemanden st\u00f6rt es!!! Und warum? Der Staat verdient Millionen am Verkauf dieser wirklichen Klimaverunreiniger!!! Von dem ganzen Dreck, der hinterher auf den Stra\u00dfen rumliegt, in die Fl\u00fcsse gelangt und letztendlich im Meer, ganz zu schweigen. Und dann die Tiere, V\u00f6gel, die aus Angst nicht wissen, wo sie hin sollen. Man sieht es an den eigenen Katzen, die dann aus Panik in den Kleiderschrank wollen usw. usw. .Das ist eines der wirklichen Probleme. Aber daf\u00fcr streikt niemand!<br \/>\n22.4.2019, P.B.<br \/>\n.<br \/>\nDie \u2018geile DNA\u2019 des Neffen begreife ich als heredit\u00e4ren famili\u00e4ren Nachlass von Onkels Seite, denn Ihr heutiger Beitrag ist eine gro\u00dfartige \u2018Leistung\u2019 seines \u2018Ahnen\u2019. Sie sprechen mir wahrlich Wort f\u00fcr Wort aus dem Herzen, und bieten diesem gesellschaftlich anger\u00fchrten \u2018bullshit\u2019 mit so viel Verve, Humor und Phantasie Paroli, da\u00df man seinen, eigentlich berechtigten, \u00c4rger vergi\u00dft, und der gr\u00fcn verschuldeten Problematik nur noch das einzig probate Mittel entgegensetzt, die entwaffnende Kraft des Humors.<br \/>\nDie Gr\u00fcndung der WiB-Bewegung halte ich wirklich f\u00fcr eine gute Idee, denn das menschliche Gehirn speist sich aus dem Angebot im \u00f6ffentlichen Raum und eine angenehme Alternative zur Panikmache irrer Politikdilettanten, findet immer seine Anh\u00e4nger. Au\u00dferdem, die n\u00e4chste Eiszeit kommt bestimmt, wir sollten alle soviel W\u00e4rme wie m\u00f6glich in unsere Lebenszeit einbauen. <em><strong>Wir werden viel CO2 aus Flugzeugmotoren sparen, wenn in Deutschland Mittelmeerklima vorherrscht<\/strong><\/em>, nur f\u00fcr die gr\u00fcne Logik. Danke f\u00fcr diesen vergn\u00fcglichen Artikel. Falls Ihr Neffe noch mehr von Ihrer geilen DNA in sich versp\u00fcren sollte, wie w\u00e4r\u2019s mit einem Artikel auf Achgut? Fr\u00fch \u00fcbt sich\u2026.<br \/>\n22.4.2019, S.SCH.<br \/>\n.<br \/>\nLieber Herr von Loewenstein, keine Sorge, sie sind nicht allein! Im WDR zumindest wird in den Interviews zur Vorhersage stets von \u201csch\u00f6nem sonnigen Wetter\u201d geschw\u00e4rmt und \u201ckaltes oder nasses Wetter\u201d miesgemacht. Das sind alles Sympathisanten, d\u00fcrfen die nur nicht zugeben. Alles Gute f\u00fcr die sonnige Zukunft!<br \/>\n22.4.2019, R.E., AO<br \/>\n.<br \/>\n<strong>Klimadiversit\u00e4t<\/strong><br \/>\nBeim Klimawandel und der nachgelagerten Klimakatastrophe handelt es sich ja auch nicht um eine wesentliche Mehrheit tangierende negative Umweltereignisse sondern lediglich um ein kollektives Semantikproblem welches &#8211; Wehling sei dank &#8211; kurz, einfach und viel billiger per Framing aus der Welt zu bef\u00f6rdern w\u00e4re: kaum nennt man die Erscheinung in Klimavielfalt oder besser noch Klimadiversit\u00e4t um und verkn\u00fcpft diese mit dem Narrativ der W\u00e4rmediskriminierung, sind zahlreiche neue Freunde nicht zuletzt aus dem Lager der sogenannten Geisteswissenschaften garantiert. Ansonsten: von Loewenstern for Bundeskanzler and Literaturnobelpreis. Danke\u2026<br \/>\n22.4.2019, S.W.<\/p>\n<p><strong>\u00a0Humor.<\/strong><br \/>\nSehr geehrter Herr Loewenstern, Gratulation, einfach genial, genau mein Humor der b\u00f6sen alten wei\u00dfen M\u00e4nner aus dem ehemaligem Land der Dichter und Denker! &#8230;<br \/>\nWir werden viel CO2 aus Flugzeugmotoren sparen,\u00a0\u00a0wenn in Deutschland Mittelmeerklima herrscht<br \/>\n22.4.2019, P.W.<br \/>\n.<br \/>\nIch hab mir gestern einen Sonnenbrand geholt, deshalb zweifle ich noch, ob ich bei der WiB-Bewegung mitmachen soll. Jedoch sympathisiere ich bereits. Und so ein fr\u00fcher Sommer hat was. 8 Monate Sommer im Jahr sind nicht zu verachten. Der Mallorca-Urlaub kann storniert werden. Wir fahren an den M\u00f6hnesee. Je l\u00e4nger ich nachdenke, desto unwiderstehlicher erscheint mir der Klimawandel. Das ist die Befreiung. Wechseln wir auf die Sonnenseite. Holen wir uns das Urlaubswetter doch nach Hause. Machen wir mal Pause. Sollen doch die S\u00fcdl\u00e4nder anfangen, zu schuften. Und mal die Frau in Ruhe lassen. Was gegen die \u00dcberbev\u00f6lkerung tun. Ein bisschen Enthaltsamkeit \u00fcben. Daf\u00fcr mal einen Spaten in die Hand nehmen. Selber einen Brunnen bauen. Nix Bundeswehr. Und nachts mal durchschlafen. Kein Gebet um vier. Ausgeschlafen an die Arbeit gehen. Und nicht wieder hinlegen. L\u00e4sst du jetzt wohl mal die Frau in Ruhe. Ja und dann klappt das schon mit der Eigenverantwortung. Mit der Eigeninitiative. Dann wird das was mit dem selbstgebauten Brunnen. Und die, die schon hier sind, haltet euch von Bahnh\u00f6fen und Parks fern. Repariert mal ein Fahrrad, das man euch geschenkt hat. S\u00e4ubert mal das Treppenhaus in eurer Unterkunft. Werft mal einen Blick in euer Deutschbuch. Interessiert euch mal f\u00fcr die Kultur eures Gastlandes. Ihr werdet sehen, da wird Energie frei. Dann klappt das vielleicht mit dem Ankommen.<br \/>\n22.4.2019, W.A.<br \/>\n.<br \/>\n<strong>Volle Zustimmung!<\/strong><br \/>\nNachdem wir vorgestern aus einem verregneten Golf-Urlaub in Portugal heimgekehrt waren und gestern unser Sonntagsfr\u00fchst\u00fcck auf der sonnigen heimischen Terrasse einnahmen, war auch unser Gedanke: Es lebe die globale Erw\u00e4rmung! Unsere Kinder (16 und 22) geh\u00f6ren ebenfalls zu denjenigen, die ihre Freitage lieber in der Schule bzw. Uni (Medizin) verbringen. Zum Gl\u00fcck ist in unserer Gegend die Million\u00e4rsdichte h\u00f6her als die Kopftuchdichte, sodass an Freitagen tats\u00e4chlich auch noch Lehrer in der Schule anwesend sind. Nat\u00fcrlich hat unser Nachwuchs mit einer gewissen jugendlichen Naivit\u00e4t zu k\u00e4mpfen, aber bisher konnte ich unsere Tochter erfolgreich davon abhalten, die Gr\u00fcnen zu w\u00e4hlen. Unser Sohn sympathisiert ohnehin eher mit der FDP. Regelm\u00e4\u00dfige Aufkl\u00e4rung \u00fcber Steuer- und Bevormundungspl\u00e4ne hilft da weiter. Und nat\u00fcrlich sehen auch mein Mann und ich unsere erzieherische Hauptaufgabe darin, unsere Kinder mit einer vern\u00fcnftigen Ausbildung zu versorgen, um sie dann in die Eigenverantwortung zu entlassen &#8211; wie auch unsere Eltern vor uns. Wenn also WiB und\/oder WfD tats\u00e4chlich Realit\u00e4t werden, sind wir dabei!<br \/>\n22.4.2019, C.H.<\/p>\n<p>.<\/p>\n<p><strong>Notre Dame und das Klima<\/strong><br \/>\nMit dem Bau von Notre Dame wurde ca. 1100 begonnen. Nach 200 Jahren war erstmals eine kirchliche Nutzung m\u00f6glich. Die Kirchenbauer profitierten von der \u201cMittelalterlichen Warmzeit 900 \u2013 1375\u2033, die frostfreie Winter und hei\u00dfe Sommer mit bis zur 40 Grad brachten. W\u00e4hrend der anschlie\u00dfenden \u201cMittelalterlichen Kaltzeit 1375 \u2013 1850\u2033 wurde an der Kathedrale weiter gebaut \u2013 m\u00fchsamer, aber erfolgreich. Und nun wurde die \u201cNeuzeitliche Warmzeit 1850 \u2013 \u2026\u201d ausgerufen, die irgendwann einmal in eine neue Kaltzeit m\u00fcnden wird.<br \/>\nAu\u00dfer wir glauben mit Greta an das Ende der nat\u00fcrlichen\u00a0<a title=\"Klimawandel\" href=\"https:\/\/www.freiburg-schwarzwald.de\/blog\/natur\/klima\/klimawandel\/\">Klimaschwankungen<\/a>\u00a0und damit verbunden an die Unm\u00f6glichket, Notre Dame nach dem <a title=\"Notre-Dame15-04-2019\" href=\"https:\/\/www.freiburg-schwarzwald.de\/blog\/global\/france\/notre-dame15-04-2019\/\">Brand am 15.4.2019<\/a> wieder aufzubauen.<br \/>\n21.4.2019<br \/>\n<strong>Egon W. Kreutzer: Klimawandel beg\u00fcnstigte den Bau von Notre-Dame\u00a0<\/strong><br \/>\nDas prosperierende Leben, der wirtschaftliche Aufschwung, dem wir die Zeugnisse gotischer Baukunst \u00fcberall in Europa verdanken, war die Folge der \u201eMittelalterlichen Warmzeit\u201c. Die Winter waren kurz und mild, die Sommer warm, die Ernten reich, es herrschte \u00dcberfluss, und dieser \u00dcberfluss machte es m\u00f6glich, in aller damaligen Fr\u00f6mmigkeit das gro\u00dfe Werk zu beginnen und zu vollenden.<br \/>\nDiese Warmzeit, die etwa um 900 n.Chr. einsetzte und um das Jahr 1375 n.Chr. ziemlich abrupt endete und in die bis etwa 1850 w\u00e4hrende, kleine Eiszeit \u00fcberging, brachte in Mitteleuropa Durchschnittstemperaturen mit sich, die den heutigen Temperaturen durchaus vergleichbar waren. Wissenschaftliche Studien, die dies belegen, sind zahlreich vorhanden.<br \/>\nMit dem Aufkommen der <a title=\"Klimawandel\" href=\"https:\/\/www.freiburg-schwarzwald.de\/blog\/natur\/klima\/klimawandel\/\">Theorie des menschengemachten Klimawandels<\/a> wurde vorsorglich auch der Begriff der \u201eMittelalterlichen Warmzeit\u201c ins Archiv verschoben und stattdessen die Bezeichnung \u201eMittelalterliche Klima-Anomalie\u201c gew\u00e4hlt, denn nur, wenn es schon damals eine Anomalie war, kann es auch heute wieder eine sein.\u00a0Das ist \u201eFraming\u201c in seiner sch\u00f6nsten Form.<br \/>\n<strong><em>Ein f\u00fcr Europa damals schon segensreiches Klima,<br \/>\ndas rund 400 Jahre anhielt,<br \/>\nmuss vollkommen unnormal gewesen sein,<br \/>\nsonst k\u00f6nnte ja auch das heutige Klima nicht unnormal,<br \/>\nnicht verursacht, nicht menschengemacht sein<br \/>\nund nicht mit \u00fcbermenschlichen Anstrengungen bek\u00e4mpft werden m\u00fcssen.<br \/>\n<\/em><\/strong>\u00a0.<br \/>\nSo hat man das Jahr 1850 gew\u00e4hlt \u2013 und es als \u201edas vorindustrielle Zeitalter\u201c bezeichnet \u2013 um den Nullpunkt der Temperaturentwicklung zu setzen und mit gro\u00dfem L\u00e4rm darauf hinzuweisen, dass es seit dem Ende der kleinen Eiszeit schon wieder so schrecklich viel w\u00e4rmer geworden sei.<br \/>\nDie gro\u00dfen gotischen Kathedralen \u00fcberall in Europa (wie <a title=\"Notre-Dame15-04-2019\" href=\"https:\/\/www.freiburg-schwarzwald.de\/blog\/global\/france\/notre-dame15-04-2019\/\">Notre Dame<\/a>) sind der Beweis, dass eine Zunahme der Durchschnittstemperatur um ein oder zwei Grad Celsius gegen\u00fcber 900 n.Chr. oder 1850 n.Chr. kein Nachteil, sondern ein Vorteil ist.<br \/>\nSie sind ein Fingerzeig auf die Klimageschichte der Erde, die lange bevor Menschen CO2 freisetzten nicht nur Eiszeiten hervorbrachte, in denen ein Drittel der Landfl\u00e4che der Erde zum Teil kilometerdick mit Eis bedeckt war, w\u00e4hrend die Gletscher heute nur noch ein Zehntel der Landfl\u00e4che bedecken, sondern auch Zeiten stetigen Temperaturanstiegs.<br \/>\nKlima kennt keine Anomalien, nur Ver\u00e4nderungen. Ver\u00e4nderungen, die bis zum Einsetzen der Industrialisierung zweifellos haupts\u00e4chlich von der Intensit\u00e4t der Sonneneinstrahlung ausgel\u00f6st wurden. Seitdem hat der Mensch die Sonne ersetzt und heizt die Erde selbst auf. (?) Hoffen wir, dass Notre-Dame wieder aufgebaut werden kann, und dass das Wetter in Paris die Arbeiten beg\u00fcnstigt.<br \/>\n&#8230;. Alles vom 16.4.2019 bitte lesen auf<br \/>\n<a href=\"https:\/\/www.epochtimes.de\/meinung\/gastkommentar\/egon-w-kreutzer-notre-dame-und-das-klima-a2858624.html\">https:\/\/www.epochtimes.de\/meinung\/gastkommentar\/egon-w-kreutzer-notre-dame-und-das-klima-a2858624.html<\/a><\/p>\n","protected":false},"excerpt":{"rendered":"<p>Home &gt;Natur\u00a0&gt;Klima\u00a0&gt;Klimawandel\u00a0&gt;FridaysForFuture &gt;Klimawandel-natuerlich Listenauswahl eines Beitrags: Bitte anklicken oder runterscrollen Deregulierung: USA Klima CO2\u00a0(13.2.2026) Gutes Waldjahr 2025 mit Regen\u00a0(29.1.2026) Sonne wandelt Klima, nicht CO2\u00a0(11.1.2026) Traumsommer trotz Klimawandel\u00a0(30.9.2025) CWG: Die Klimawissenschaft ist zur\u00fcck\u00a0(11.8.2025) Medizin kennt keine klimawandelbedingte Gesundheitsbedrohung (15.11.2024) Juliwetter gut &hellip; <a href=\"https:\/\/www.freiburg-schwarzwald.de\/blog\/natur\/klima\/klimawandel-natuerlich\/\">Weiterlesen <span class=\"meta-nav\">&rarr;<\/span><\/a><\/p>\n","protected":false},"author":2,"featured_media":0,"parent":503,"menu_order":0,"comment_status":"open","ping_status":"closed","template":"","meta":{"footnotes":""},"class_list":["post-71949","page","type-page","status-publish","hentry"],"_links":{"self":[{"href":"https:\/\/www.freiburg-schwarzwald.de\/blog\/wp-json\/wp\/v2\/pages\/71949","targetHints":{"allow":["GET"]}}],"collection":[{"href":"https:\/\/www.freiburg-schwarzwald.de\/blog\/wp-json\/wp\/v2\/pages"}],"about":[{"href":"https:\/\/www.freiburg-schwarzwald.de\/blog\/wp-json\/wp\/v2\/types\/page"}],"author":[{"embeddable":true,"href":"https:\/\/www.freiburg-schwarzwald.de\/blog\/wp-json\/wp\/v2\/users\/2"}],"replies":[{"embeddable":true,"href":"https:\/\/www.freiburg-schwarzwald.de\/blog\/wp-json\/wp\/v2\/comments?post=71949"}],"version-history":[{"count":6,"href":"https:\/\/www.freiburg-schwarzwald.de\/blog\/wp-json\/wp\/v2\/pages\/71949\/revisions"}],"predecessor-version":[{"id":145685,"href":"https:\/\/www.freiburg-schwarzwald.de\/blog\/wp-json\/wp\/v2\/pages\/71949\/revisions\/145685"}],"up":[{"embeddable":true,"href":"https:\/\/www.freiburg-schwarzwald.de\/blog\/wp-json\/wp\/v2\/pages\/503"}],"wp:attachment":[{"href":"https:\/\/www.freiburg-schwarzwald.de\/blog\/wp-json\/wp\/v2\/media?parent=71949"}],"curies":[{"name":"wp","href":"https:\/\/api.w.org\/{rel}","templated":true}]}}