{"id":71768,"date":"2019-04-12T10:26:14","date_gmt":"2019-04-12T08:26:14","guid":{"rendered":"https:\/\/www.freiburg-schwarzwald.de\/blog\/?page_id=71768"},"modified":"2026-08-13T10:13:03","modified_gmt":"2026-08-13T08:13:03","slug":"segregation","status":"publish","type":"page","link":"https:\/\/www.freiburg-schwarzwald.de\/blog\/global\/integration\/segregation\/","title":{"rendered":"Segregation"},"content":{"rendered":"<p><a href=\"https:\/\/www.freiburg-schwarzwald.de\/blog\">Home<\/a>\u00a0&gt;<a title=\"Global\" href=\"https:\/\/www.freiburg-schwarzwald.de\/blog\/global\/\">Global<\/a>\u00a0&gt;<a title=\"Integration\" href=\"https:\/\/www.freiburg-schwarzwald.de\/blog\/global\/integration\/\">Integration<\/a>\u00a0&gt;<a title=\"Migration\" href=\"https:\/\/www.freiburg-schwarzwald.de\/blog\/global\/migration\/\">Migration<\/a> &gt;Segregation<\/p>\n<div id=\"attachment_71391\" style=\"width: 648px\" class=\"wp-caption alignnone\"><a href=\"https:\/\/www.freiburg-schwarzwald.de\/blog\/kultur\/medien\/diskriminierung\/kuechenschellen-kaiserstuhl2019-03pan\/\" rel=\"attachment wp-att-71391\"><img loading=\"lazy\" decoding=\"async\" aria-describedby=\"caption-attachment-71391\" class=\"size-full wp-image-71391\" src=\"https:\/\/www.freiburg-schwarzwald.de\/blog\/wp-content\/uploads\/2019\/03\/kuechenschellen-kaiserstuhl2019-03pan.jpg\" alt=\"K\u00fcchenschellen im warmen Kaiserstuhl bei Freiburg am 20.3.2019\" width=\"638\" height=\"353\" srcset=\"https:\/\/www.freiburg-schwarzwald.de\/blog\/wp-content\/uploads\/2019\/03\/kuechenschellen-kaiserstuhl2019-03pan.jpg 638w, https:\/\/www.freiburg-schwarzwald.de\/blog\/wp-content\/uploads\/2019\/03\/kuechenschellen-kaiserstuhl2019-03pan-180x99.jpg 180w\" sizes=\"auto, (max-width: 638px) 100vw, 638px\" \/><\/a><p id=\"caption-attachment-71391\" class=\"wp-caption-text\">K\u00fcchenschellen im warmen Kaiserstuhl bei Freiburg am 20.3.2019<\/p><\/div>\n<p>&nbsp;<\/p>\n<ul>\n<li><em>Listenauswahl eines Beitrags (Artikel\/Datum, Seite\/Inhalt): <span style=\"text-decoration: underline;\">Klicken<\/span> oder scrollen<\/em><\/li>\n<li><a href=\"https:\/\/www.freiburg-schwarzwald.de\/blog\/global\/roma\/\">Tomas Wald vom Roma-B\u00fcro: Geschichten vom schwierigen \u00dcberleben<\/a>\u00a0(13.8.2026)<\/li>\n<li>Linke Vergesellschaftung von Wohnungsgesellschaften: \u201eBerliner Mischung\u201c (10.8.2026)<\/li>\n<li><a href=\"https:\/\/www.freiburg-schwarzwald.de\/blog\/clan\/\">5000 Clan-Straftaten pro Jahr allein in NRW<\/a>\u00a0(1.10.2025)<\/li>\n<li><a href=\"https:\/\/www.freiburg-schwarzwald.de\/blog\/global\/integration\/fluechtlinge-wohnung\/\">Die Verdr\u00e4ngung der Deutschen aus den St\u00e4dten<\/a>\u00a0(27.9.2025)<\/li>\n<li>Migranten definieren sich ethnisch-kulturell-religi\u00f6s: Getrennt leben als Folge (15.9.2025)<\/li>\n<li>\u201eFremd im eigenen Land\u201c \u2013 Wie Migration westeurop\u00e4ische St\u00e4dte zur Unkenntlichkeit ver\u00e4ndert (7.6.2025)<\/li>\n<li><a href=\"https:\/\/www.freiburg-schwarzwald.de\/blog\/signale-southport-und-berlin\/\">Signale von Southport 29.6.2024 und Berlin 3.8.2024<\/a>\u00a0(8.8.2024)<\/li>\n<li><a href=\"https:\/\/www.freiburg-schwarzwald.de\/blog\/southport-29-6-24-messermorde\/\">Southport 29.6.24 Messermorde<\/a> (5.8.2024)<\/li>\n<li><a href=\"https:\/\/www.freiburg-schwarzwald.de\/blog\/euer-land-gehoert-euch-nicht\/\">Euer Land geh\u00f6rt euch nicht<\/a>\u00a0(1.9.2023)<\/li>\n<li><a href=\"https:\/\/www.freiburg-schwarzwald.de\/blog\/business\/dienste\/immobilien\/stadt\/urbanisierung\/\">Urbanisierung. Die Zukunft unserer St\u00e4dte<\/a>\u00a0(22.9.2021)<\/li>\n<li><a href=\"https:\/\/www.freiburg-schwarzwald.de\/blog\/global\/suedafrika\/\">Es gilt das Recht des St\u00e4rkeren \u2013 in S\u00fcdafrika und in Deutschland?<\/a>\u00a0(12.8.2021)<\/li>\n<li><a href=\"https:\/\/www.freiburg-schwarzwald.de\/blog\/engagement\/zukunft\/demokratie\/tabu\/\">Tabu: Corona ist ein Migrationsproblem<\/a>\u00a0(18.4.2021)<\/li>\n<li><a href=\"https:\/\/www.freiburg-schwarzwald.de\/blog\/bildung\/bildung-integration\/\">Integrationsvergeblichkeit zwischen Gebildeten und Bildungsfernen<\/a>\u00a0(3.1.2021)<\/li>\n<li><a href=\"https:\/\/www.freiburg-schwarzwald.de\/blog\/religion\/islam\/islamismus\/\">Islam-motivierte Terroristen finden Unterschlupf in Gegengesellschaften<\/a>\u00a0(25.11.2020)<\/li>\n<li><a title=\"Integration-gescheitert\" href=\"https:\/\/www.freiburg-schwarzwald.de\/blog\/global\/integration\/integration-gescheitert\/\">Maa\u00dfen: Integration in Parallelgesellschaften, nicht aber in deutsche Gesellschaft<\/a> (10.4.2019)<\/li>\n<\/ul>\n<ul>\n<li><a title=\"Assimilation\" href=\"https:\/\/www.freiburg-schwarzwald.de\/blog\/global\/integration\/assimilation\/\">Assimilation<\/a><\/li>\n<li><a href=\"https:\/\/www.freiburg-schwarzwald.de\/blog\/bildung\/bildung-integration\/\">Bildung-Integration<\/a><\/li>\n<li><a title=\"Buschkowsky\" href=\"https:\/\/www.freiburg-schwarzwald.de\/blog\/global\/integration\/parallelgesellschaft\/buschkowsky\/\">Buschkowsky<\/a><\/li>\n<li><a title=\"Clan\" href=\"https:\/\/www.freiburg-schwarzwald.de\/blog\/clan\/\">Clan<\/a><\/li>\n<li><a title=\"Ehre\" href=\"https:\/\/www.freiburg-schwarzwald.de\/blog\/global\/tuerkei\/ehre\/\">Ehre<\/a><\/li>\n<li><a title=\"UMF\" href=\"https:\/\/www.freiburg-schwarzwald.de\/blog\/global\/integration\/umf\/\">Fluechtlinge \u2013 UMF<\/a><\/li>\n<li><a title=\"Gesellschaft\" href=\"https:\/\/www.freiburg-schwarzwald.de\/blog\/global\/deutschland\/gesellschaft\/\">Gesellschaft<\/a><\/li>\n<li><a title=\"Ghetto\" href=\"https:\/\/www.freiburg-schwarzwald.de\/blog\/global\/integration\/ghetto\/\">Ghetto<\/a><\/li>\n<li><a title=\"Integration-Bringschuld\" href=\"https:\/\/www.freiburg-schwarzwald.de\/blog\/global\/integration\/integration-bringschuld\/\">Integration-Bringschuld<\/a><\/li>\n<li><a title=\"Kirche-Staat\" href=\"https:\/\/www.freiburg-schwarzwald.de\/blog\/religion\/kirche-staat\/\">Kirche-Staat<\/a><\/li>\n<li><a title=\"Migranten-Benehmen\" href=\"https:\/\/www.freiburg-schwarzwald.de\/blog\/global\/migration\/migranten-benehmen\/\">Migranten-Benehmen<\/a><\/li>\n<li><a title=\"Migration\" href=\"https:\/\/www.freiburg-schwarzwald.de\/blog\/global\/migration\/\">Migration<\/a><\/li>\n<li><a title=\"Migration-Paradoxon\" href=\"https:\/\/www.freiburg-schwarzwald.de\/blog\/global\/migration\/migration-paradoxon\/\">Migration-Paradoxon<\/a><\/li>\n<li><a title=\"Multikulti\" href=\"https:\/\/www.freiburg-schwarzwald.de\/blog\/kultur\/leitkultur\/multikulti\/\">Multikulti<\/a><\/li>\n<li><a title=\"Muslime\" href=\"https:\/\/www.freiburg-schwarzwald.de\/blog\/global\/integration\/muslime\/\">Muslime<\/a><\/li>\n<li><a title=\"Muslime-Anzahl\" href=\"https:\/\/www.freiburg-schwarzwald.de\/blog\/global\/integration\/muslime\/muslime-anzahl\/\">Muslime-Anzahl<\/a><\/li>\n<li><a title=\"Opposition\" href=\"https:\/\/www.freiburg-schwarzwald.de\/blog\/engagement\/zukunft\/demokratie\/opposition\/\">Opposition<\/a><\/li>\n<li><a title=\"Paralleljustiz\" href=\"https:\/\/www.freiburg-schwarzwald.de\/blog\/selbsthilfe\/soziales\/justiz\/paralleljustiz\/\">Paralleljustiz<\/a><\/li>\n<li><a title=\"Parallelkultur\" href=\"https:\/\/www.freiburg-schwarzwald.de\/blog\/global\/integration\/parallelkultur\/\">Parallelkultur<\/a><\/li>\n<li><a title=\"Revier\" href=\"https:\/\/www.freiburg-schwarzwald.de\/blog\/global\/integration\/revier\/\">Revier<\/a><\/li>\n<li><a href=\"https:\/\/www.freiburg-schwarzwald.de\/blog\/global\/roma\/\">Roma\/Sinti<\/a><\/li>\n<li><a title=\"Scharia\" href=\"https:\/\/www.freiburg-schwarzwald.de\/blog\/religion\/islam\/scharia\/\">Scharia<\/a><\/li>\n<li><a title=\"Schulen-deutsch\" href=\"https:\/\/www.freiburg-schwarzwald.de\/blog\/bildung\/schulen\/schulen-deutsch\/\">Schulen-deutsch<\/a><\/li>\n<li><a title=\"Soziales\" href=\"https:\/\/www.freiburg-schwarzwald.de\/blog\/selbsthilfe\/soziales\/\">Soziales<\/a><\/li>\n<li><a title=\"Ueberfremdung\" href=\"https:\/\/www.freiburg-schwarzwald.de\/blog\/global\/integration\/ueberfremdung\/\">Ueberfremdung<\/a><\/li>\n<li><a href=\"https:\/\/www.freiburg-schwarzwald.de\/blog\/business\/dienste\/immobilien\/stadt\/urbanisierung\/\">Urbanisierung<\/a><\/li>\n<li><a title=\"Verschleierung\" href=\"https:\/\/www.freiburg-schwarzwald.de\/blog\/religion\/islam\/verschleierung\/\">Verschleierung<\/a><\/li>\n<li><a title=\"Voelkerwanderung\" href=\"https:\/\/www.freiburg-schwarzwald.de\/blog\/global\/voelkerwanderung\/\">V\u00f6lkerwanderung<\/a><\/li>\n<\/ul>\n<p>&nbsp;<\/p>\n<p>:<br \/>\n<strong>Linke Vergesellschaftung von Wohnungsgesellschaften: \u201eBerliner Mischung\u201c<\/strong><br \/>\n&#8230;<br \/>\nMir geht aber noch etwas ganz anderes \u2013 wieder \u2013 durch den Kopf. Die sogenannte \u201eBerliner Mischung\u201c. Denen geht es nicht ums Geld und die Mietpreise sind denen v\u00f6llig egal. Es geht hier nur darum, die Hoheit \u00fcber die Vermietung zu bekommen und die Berliner Mischung durchzusetzen. Was ist die \u201eBerliner Mischung\u201c?<br \/>\nUrspr\u00fcnglich bezeichnet der Begriff etwas anderes, n\u00e4mlich eine im 19. Jahrhundert in Berlin entstandene typische st\u00e4dtebauliche Art der Bebauung in Mischform aus Wohnen und Gewerbe. Mir ist der Begriff in den letzten Jahren aber \u2013 nur selten und in kaum \u00f6ffentlichem Gebrauch \u2013 in einer deutlich anderen Bedeutung untergekommen. Inzwischen n\u00e4mlich bezeichnet man damit das angestrebte Mischverh\u00e4ltnis von Deutschen, Muslimen, Schwarzen, Schwulen, Queers und was im Zoo so heruml\u00e4uft, pro Treppenaufgang in gro\u00dfen Mietsh\u00e4usern. Marxistisches Ziel ist es, dass jeder st\u00e4ndig und jeden Tag mit Leuten aller Herkunft und aller Kulturen konfrontiert ist, damit die Gesellschaft zwangsdurchmischt wird. Damit es kein in dem Haus wohnen die Deutschen, in dem anderen die T\u00fcrken und in dem da hinten die Syrer gibt, sondern die linke Vorstellung von der v\u00f6llig durchmischten und eigenschaftslosen Gesellschaft per Mietvertrag durchgesetzt werden kann.<br \/>\nMakler haben mir das gesagt, als ich damals nach einer Wohnung suchte. Ich habe es danach auch noch ein-, zweimal irgendwo gelesen, aber in den offiziellen Mediensprachgebrauch ist es wohl nicht \u00fcbergegangen, weil man nicht will, dass das so offen bekannt wird. Oder zumindest fr\u00fcher nicht wollte.<br \/>\nIch glaube nicht, dass es Linken da bei dieser Enteignungsorgie um Profite und Mietpreise geht. Ich glaube, dass denen Geld weitgehend egal ist, wenn es nicht in ihre eigenen Taschen flie\u00dft, inbesondere das des Steuerzahlers oder des Mieters. Denn was Deutsche an Miete zahlen, ist Linken egal, und die Miete f\u00fcr Migranten \u00fcbernimmt ohnehin der Staat. Warum sollten sich Linke f\u00fcr die H\u00f6he der Mieten interessieren?<br \/>\nIch glaube, hier geht es allein darum, die Vermietungshoheit politisch zu steuern und die \u201eBerliner Mischung\u201c durchzusetzen. Um Rassen-, Religions- und Herkunftsquoten in jedem einzelnen Hausaufgang durchzusetzen, die Leute zum Zusammenleben zu zwingen.<br \/>\nOder anders gesagt, dass das Zusammenleben t\u00e4glich neu ausgehandelt werden muss, und dieses Aushandeln an der eigenen Wohnungst\u00fcr beginnt.<br \/>\nNoch.<br \/>\nDenn ein anderes Ziel ist ja, den Wohnraum pro Person zu reduzieren und mehr Leute in Wohnungen zu stopfen, und Alte aus ihren Wohnungen zu werfen und in Rentner-WGs zusammenzupferchen. Und dreimal d\u00fcrft Ihr raten, wie diese Rentner-WGs gemischt werden, wenn die Wohnungen und Geb\u00e4ude dem Staat geh\u00f6ren und Linke regieren. Dann f\u00e4ngt das Aushandeln n\u00e4mlich nicht mehr erst an der Wohnungst\u00fcr an. Ich wei\u00df, wovon ich rede. Ich habe 7 Jahre in einem Studentenwohnheim gewohnt mit vielen Ausl\u00e4ndern auf dem Flur. Wir hatten da einiges \u201eauszuhandeln\u201c.<\/p>\n<p>Ich glaube, bei dieser Enteignungsnummer geht es ausschlie\u00dflich darum. Diese \u201eBerliner Mischung\u201c.<br \/>\nGinge es um Geld und Mieten, w\u00fcrde man das Geld verwenden, um neue Geb\u00e4ude zu bauen. Das aber w\u00fcrde zu lange dauern und br\u00e4uchte Platz, den man in Berlin kaum hat. Man w\u00fcrde logischerweise woanders bauen m\u00fcssen. Und ich glaube auch nicht, dass der Staat Mieten billiger anbieten k\u00f6nnte, denn die Grundkosten sind ja dieselben. Im Gegenteil, es gibt ja Wohnungen im Besitz von Berlin, und da l\u00e4uft es gar nicht gut. Und auch nicht billiger.<br \/>\nIch glaube, es geht darum, diese Mischung durchzusetzen. Man hat jetzt genug Migranten in Berlin als \u201eZutat\u201c f\u00fcr den Teig, und jetzt machen sie sich ans Umr\u00fchren.<br \/>\n&#8230; Alles vom 11.8.2026 bitte lesen auf<br \/>\n<a href=\"https:\/\/www.danisch.de\/blog\/2026\/08\/11\/die-linke-vergesellschaftung-von-wohnungsgesellschaften\/\">https:\/\/www.danisch.de\/blog\/2026\/08\/11\/die-linke-vergesellschaftung-von-wohnungsgesellschaften\/<\/a><\/p>\n<p>&nbsp;<\/p>\n<p><strong>Migranten definieren sich ethnisch-kulturell-religi\u00f6s: Getrennt leben als Folge<\/strong><br \/>\nIn England <a href=\"https:\/\/www.klonovsky.de\/2025\/09\/15-september-2025\/\">https:\/\/www.youtube.com\/watch?v=tKbdoa9wgOc<\/a> gehen inzwischen Zehntausende auf die Stra\u00dfe gegen die fortgesetzte Massenmigration. Nat\u00fcrlich werden sie vom Establishment und den regierungsfrommen Medien als Rechtsextreme geframt. Das Recht der Staatsb\u00fcrger auf innere Sicherheit und k\u00f6rperliche Unversehrtheit ist eine rechtsextreme Forderung.<br \/>\nDie (west)europ\u00e4ischen Eliten haben einen \u00fcber Jahrhunderte bestehenden Grundkonsens, n\u00e4mlich die Auffassung, dass V\u00f6lker in pr\u00e4zise definierten Territorien leben und sich wesentlich \u00fcber Abstammung definieren, aufgek\u00fcndigt. Die billige Pointe besteht darin, dass vor allem muslimische Einwanderer sich weiterhin ethnisch-kulturell-religi\u00f6s definieren. Wohin das f\u00fchren muss, hat der Psychotherapeut Burkhard Hofmann, der in Nahen Osten zahlreiche arabische Patienten behandelt, in seinem 2018 erschienenen Buch \u201eUnd Gott schuf die Angst. Ein Psychogramm der arabischen Seele\u201d geschrieben: \u201eUnvermeidbar ist, dass, wenn der Islam einmal Mehrheitskonsens ist, sich die Strukturen unvermeidlich in Richtung Gottesstaat ver\u00e4ndern werden.\u201d<br \/>\nDas sei \u201edie Aufgabe jedes gl\u00e4ubigen Muslims\u201c. Der von woken Wunschweltenbesiedlern gern vorgetragene Einwand, die meisten Moslems seien erstens friedlich und zweitens auf dem Wege, die westliche Lebensart anzunehmen und Religion als Privatsache zu behandeln, verkennt \u2013 bewusst, und das letztlich aus Feigheit \u2013 die einfache Tatsache, dass die Loyalit\u00e4t auch der Nichtradikalen immer zuerst dem Islam geh\u00f6rt und erst recht im Konfliktfall dem Islam geh\u00f6ren wird.<\/p>\n<p>\u201eMachen wir uns keine Illusionen \u00fcber die Machbarkeit von Integration an Stellen, wo dies schlichte Realit\u00e4tsverleugnung bedeutet. Der Glaube bleibt f\u00fcr den strenggl\u00e4ubigen Muslim auch in weltlichen Fragen die letzte Autorit\u00e4t. Unsere Vorstellung der Trennung von Kirche, Glauben und Staat wird als defizit\u00e4re Position wahrgenommen. Aus dieser Perspektive betrachtet, geh\u00f6rt der Islam eben nicht zu Deutschland\u201c, schreibt Hofmann. \u201eDie Spannung zwischen religi\u00f6sen \u00dcberlegenheitsw\u00fcnschen und hilfsbed\u00fcrftiger Unterlegenheit ist f\u00fcr jeden Fl\u00fcchtling schwer auszuhalten.\u201c Das erlebe er auch als Therapeut in der arabischen Welt. \u201eDie Hilfsbed\u00fcrftigkeit auf der einen, der stolze Blick nach unten auf mich herab auf der anderen Seite: Die strukturelle \u00c4hnlichkeit zu den kulturellen Problemen der Immigration in Europa und besonders Deutschland dr\u00e4ngt sich auf.\u201c<\/p>\n<p>Was daraus folgt? Dass man sich der Illusionen begeben und die Realit\u00e4t annehmen muss. Das funktioniert sogar ohne Schuldzuweisungen. Die Perspektive des Therapeuten liefert daf\u00fcr ein interessantes Gleichnis: Wenn der westlichen Lebensart \u201eals Grundlage des Zusammenlebens aus zum Teil durchaus nachvollziehbaren Gr\u00fcnden der Respekt versagt bleibt, sollten wir aufh\u00f6ren, uns gegenseitig zu \u00fcberfordern. Nicht alles ist \u00fcberbr\u00fcckbar, nicht jede Eigenart ist mit der des anderen so kompatibel, dass ein gedeihliches Zusammenleben eine Chance hat. Und manchmal ist das Getrenntleben nicht nur f\u00fcr Paare die bessere L\u00f6sung.\u201c<br \/>\n&#8230; Alles vom 15.9.2025 bitte lesen auf<br \/>\n<a href=\"https:\/\/www.klonovsky.de\/2025\/09\/15-september-2025\/\">https:\/\/www.klonovsky.de\/2025\/09\/15-september-2025\/<\/a><\/p>\n<p>&nbsp;<\/p>\n<p><strong>\u201eFremd im eigenen Land\u201c \u2013 Wie Migration westeurop\u00e4ische St\u00e4dte zur Unkenntlichkeit ver\u00e4ndert<\/strong><br \/>\n<strong>Keine Integration, sondern Verdr\u00e4ngung<\/strong><br \/>\nEntfremdung, \u00dcberfremdung und Kontrollverlust sind in Deutschland, Gro\u00dfbritannien, Frankreich, Belgien etc. l\u00e4ngst Alltag. Eine Reportage zeigt exemplarisch, wie die Massenmigration der letzten Jahrzehnte Gesellschaften und Stadtbilder in ganz Westeuropa grundlegend ver\u00e4ndert hat.<\/p>\n<p>\u201eIch f\u00fchle mich wie ein Fremder in meiner eigenen Stadt.\u201c Mit diesen Worten beschreibt eine 68-j\u00e4hrige Britin das Lebensgef\u00fchl, das in vielen westlichen Gro\u00dfst\u00e4dten heute um sich greift. Was die Telegraph-Reporterin <a href=\"https:\/\/www.telegraph.co.uk\/news\/2025\/05\/29\/erdington-birmingham-stranger-in-own-town\/\">https:\/\/www.telegraph.co.uk\/news\/2025\/05\/29\/erdington-birmingham-stranger-in-own-town\/<\/a> in Erdington, einem Vorort von Birmingham, beobachtet, steht exemplarisch f\u00fcr eine Entwicklung, die sich quer durch Europa zieht: eine dramatische Ver\u00e4nderung von Gesellschaft und Stadtbild, getrieben durch Jahrzehnte ungesteuerte Migration, massiv beschleunigt in den letzten zehn Jahren<br \/>\n&#8230;<br \/>\nWas sich in Erdington beobachten l\u00e4sst, ist also doppelt alarmierend. Einerseits die faktische Kapitulation vor der galoppierenden Verwahrlosung ganzer Stadtviertel. Andererseits der Versuch, Kritiker dieser Entwicklung mit staatlicher H\u00e4rte zum Schweigen zu bringen. Wer heute den Satz ausspricht \u201eIch f\u00fchle mich wie ein Fremder in meiner eigenen Stadt\u201c, l\u00e4uft Gefahr, schon morgen als Hassredner kriminalisiert zu werden.<br \/>\n&#8230;<br \/>\nFranz\u00f6sische Ortschaften in weiten Teilen okkupiert<br \/>\nAuch in Frankreich sind St\u00e4dte wie Aulnay\u2011sous\u2011Bois (n\u00f6rdlicher Pariser Rand) von einer deutlich ver\u00e4nderten Bev\u00f6lkerungsstruktur gepr\u00e4gt. Aulnay-sous-Bois ist eines der ber\u00fcchtigten Banlieues. Die j\u00fcngsten INSEE-Daten belegen: In diesem D\u00e9partement ist jeder zweite Einwohner entweder selbst eingewandert oder als Kind eingewandert \u2013 bei den unter 18-J\u00e4hrigen liegt der Anteil immigrierter Herkunft sogar bei etwa 50\u202f%. Offizielle Angaben zeigen zudem, dass rund 31\u202f% der Bev\u00f6lkerung ausl\u00e4ndische Staatsb\u00fcrger sind \u2013 eine Stadt, die sich weit entfernt vom klassischen franz\u00f6sischen Siedlungsbild behauptet.<br \/>\n&#8230; Alles vom 8.6.2025 von Sofia Taxidis bitte lesen auf<br \/>\n<a href=\"https:\/\/www.tichyseinblick.de\/kolumnen\/aus-aller-welt\/fremd-im-eigenen-land-migration-westeuropa\">https:\/\/www.tichyseinblick.de\/kolumnen\/aus-aller-welt\/fremd-im-eigenen-land-migration-westeuropa<\/a><\/p>\n<p>&nbsp;<\/p>\n<p><strong>Integration in Deutschland = Integration in Parallelgesellschaften = Segregation<\/strong><br \/>\n\u201cDie Integration ist m\u00f6glich, wenn man die rechtlichen Rahmenbedingungen schafft und auch die Leute dazu bringt, sich integrieren zu lassen oder sich zu integrieren. Integration kann man nicht nur anordnen, sondern Integration muss man auch fordern. Das ist die Erwartungshaltung, die man an jeden Ausl\u00e4nder haben muss, der zu uns kommt.<br \/>\n<strong>Und meine Sorge ist, dass es eine Integration gibt,<br \/>\naber keine Integration in die deutsche Gesellschaft,<br \/>\nsondern Integration in die arabische Gesellschaft,<br \/>\nin die salafistische Gesellschaft oder<br \/>\ndie t\u00fcrkische Gesellschaft in Deutschland,<br \/>\ndass wir also\u00a0<a title=\"Parallelgesellschaft\" href=\"https:\/\/www.freiburg-schwarzwald.de\/blog\/global\/integration\/parallelgesellschaft\/\">Parallelgesellschaften<\/a>\u00a0haben.<\/strong><br \/>\nUnd das muss aus meiner Sicht mit aller Kraft verhindert werden.\u00a0(Das gesellschaftliche Klima) hat sich in den letzten Jahren aus meiner Sicht eher zum Schlechteren ver\u00e4ndert. Und das habe ich auch als Pr\u00e4sident des Bundesverfassungsschutzes mit Sorge gesehen. &#8230;. <a title=\"Integration-gescheitert\" href=\"https:\/\/www.freiburg-schwarzwald.de\/blog\/global\/integration\/integration-gescheitert\/\">mehr dazu hier<\/a> &#8230;&#8220; .\u00a0<em><br \/>\n<\/em><br \/>\n11.4.2019, Hans-Georg Maa\u00dfen\u00a0 (Auszug aus\u00a0<a title=\"Maa\u00dfen zur Meinungsdiktatur\" href=\"https:\/\/www.freiburg-schwarzwald.de\/blog\/maassen-zur-meinungsdiktatur\/\">TV-Interview im ungarischen Fernsehen<\/a>)<br \/>\nDas \u201egesprochene Wort\u201c hier:\u00a0<a href=\"https:\/\/www.youtube.com\/watch?v=kvUak6QFocQ\">https:\/\/www.youtube.com\/watch?v=kvUak6QFocQ<\/a><\/p>\n","protected":false},"excerpt":{"rendered":"<p>Home\u00a0&gt;Global\u00a0&gt;Integration\u00a0&gt;Migration &gt;Segregation &nbsp; Listenauswahl eines Beitrags (Artikel\/Datum, Seite\/Inhalt): Klicken oder scrollen Tomas Wald vom Roma-B\u00fcro: Geschichten vom schwierigen \u00dcberleben\u00a0(13.8.2026) Linke Vergesellschaftung von Wohnungsgesellschaften: \u201eBerliner Mischung\u201c (10.8.2026) 5000 Clan-Straftaten pro Jahr allein in NRW\u00a0(1.10.2025) Die Verdr\u00e4ngung der Deutschen aus den St\u00e4dten\u00a0(27.9.2025) &hellip; <a href=\"https:\/\/www.freiburg-schwarzwald.de\/blog\/global\/integration\/segregation\/\">Weiterlesen <span class=\"meta-nav\">&rarr;<\/span><\/a><\/p>\n","protected":false},"author":2,"featured_media":0,"parent":1875,"menu_order":0,"comment_status":"open","ping_status":"closed","template":"","meta":{"footnotes":""},"class_list":["post-71768","page","type-page","status-publish","hentry"],"_links":{"self":[{"href":"https:\/\/www.freiburg-schwarzwald.de\/blog\/wp-json\/wp\/v2\/pages\/71768","targetHints":{"allow":["GET"]}}],"collection":[{"href":"https:\/\/www.freiburg-schwarzwald.de\/blog\/wp-json\/wp\/v2\/pages"}],"about":[{"href":"https:\/\/www.freiburg-schwarzwald.de\/blog\/wp-json\/wp\/v2\/types\/page"}],"author":[{"embeddable":true,"href":"https:\/\/www.freiburg-schwarzwald.de\/blog\/wp-json\/wp\/v2\/users\/2"}],"replies":[{"embeddable":true,"href":"https:\/\/www.freiburg-schwarzwald.de\/blog\/wp-json\/wp\/v2\/comments?post=71768"}],"version-history":[{"count":5,"href":"https:\/\/www.freiburg-schwarzwald.de\/blog\/wp-json\/wp\/v2\/pages\/71768\/revisions"}],"predecessor-version":[{"id":152592,"href":"https:\/\/www.freiburg-schwarzwald.de\/blog\/wp-json\/wp\/v2\/pages\/71768\/revisions\/152592"}],"up":[{"embeddable":true,"href":"https:\/\/www.freiburg-schwarzwald.de\/blog\/wp-json\/wp\/v2\/pages\/1875"}],"wp:attachment":[{"href":"https:\/\/www.freiburg-schwarzwald.de\/blog\/wp-json\/wp\/v2\/media?parent=71768"}],"curies":[{"name":"wp","href":"https:\/\/api.w.org\/{rel}","templated":true}]}}