{"id":71712,"date":"2019-04-09T13:19:53","date_gmt":"2019-04-09T11:19:53","guid":{"rendered":"https:\/\/www.freiburg-schwarzwald.de\/blog\/?page_id=71712"},"modified":"2026-04-29T13:26:54","modified_gmt":"2026-04-29T11:26:54","slug":"erziehung","status":"publish","type":"page","link":"https:\/\/www.freiburg-schwarzwald.de\/blog\/religion\/islam\/erziehung\/","title":{"rendered":"Erziehung"},"content":{"rendered":"<p><a href=\"https:\/\/freiburg-schwarzwald.de\/blog\">Home<\/a>\u00a0&gt;<a title=\"Religion\" href=\"https:\/\/www.freiburg-schwarzwald.de\/blog\/religion\/\">Religion<\/a>\u00a0&gt;<a title=\"Islam\" href=\"https:\/\/www.freiburg-schwarzwald.de\/blog\/religion\/islam\/\">Islam<\/a>\u00a0&gt;Erziehung der Kinder<\/p>\n<div id=\"attachment_71403\" style=\"width: 649px\" class=\"wp-caption alignnone\"><a href=\"https:\/\/www.freiburg-schwarzwald.de\/blog\/selbsthilfe\/kinder\/kids\/mandelbaum-kaiserstuhl2019-03-20pan\/\" rel=\"attachment wp-att-71403\"><img loading=\"lazy\" decoding=\"async\" aria-describedby=\"caption-attachment-71403\" class=\"size-full wp-image-71403\" src=\"https:\/\/www.freiburg-schwarzwald.de\/blog\/wp-content\/uploads\/2019\/03\/mandelbaum-kaiserstuhl2019-03-20pan.jpg\" alt=\"Mandelbaum-Bl\u00fcte im Kaiserstuhl bei Freiburg am 20. M\u00e4rz 2019\" width=\"639\" height=\"316\" srcset=\"https:\/\/www.freiburg-schwarzwald.de\/blog\/wp-content\/uploads\/2019\/03\/mandelbaum-kaiserstuhl2019-03-20pan.jpg 639w, https:\/\/www.freiburg-schwarzwald.de\/blog\/wp-content\/uploads\/2019\/03\/mandelbaum-kaiserstuhl2019-03-20pan-180x89.jpg 180w\" sizes=\"auto, (max-width: 639px) 100vw, 639px\" \/><\/a><p id=\"caption-attachment-71403\" class=\"wp-caption-text\">Mandelbaum-Bl\u00fcte im Kaiserstuhl bei Freiburg am 20. M\u00e4rz 2019<\/p><\/div>\n<p>&nbsp;<\/p>\n<ul>\n<li><em>Listenauswahl eines Beitrags (Artikel\/Datum, Seite\/Inhalt):\u00a0<span style=\"text-decoration: underline;\">Klicken\u00a0<\/span>oder scrollen<\/em><\/li>\n<li><a href=\"https:\/\/www.freiburg-schwarzwald.de\/blog\/selbsthilfe\/frauen\/gender\/sexuell\/fruehsexualisierung\/\">Holzpenisse und Leckt\u00fccher: Sozialistischer Jugendverband \u201eFalken\u201c empfiehlt Sex-Spiele f\u00fcr Kinder ab sechs<\/a>\u00a0(28.4.2026)<\/li>\n<li><a href=\"https:\/\/www.freiburg-schwarzwald.de\/blog\/bildung\/schulen\/schulpflicht\/\">Nicht der Pflicht zu gen\u00fcgen: Schulpflicht \u2013 Hausunterricht<\/a>\u00a0(24.4.2026)<\/li>\n<li><a href=\"https:\/\/www.freiburg-schwarzwald.de\/blog\/schule-indoktrinieren-ngos\/\">Schule: Indoktrinieren \u2013 NGOs<\/a>\u00a0(24.4.2026)<\/li>\n<li><a href=\"https:\/\/www.freiburg-schwarzwald.de\/blog\/selbsthilfe\/frauen\/gender\/sexuell\/sexualpaedagogik\/\">P\u00e4dophile Sexualp\u00e4dagogik: \u201eWissenschaftlich\u201c gedecktes Grooming<\/a>\u00a0(10.4.2026)<\/li>\n<li><a href=\"https:\/\/www.freiburg-schwarzwald.de\/blog\/tatort-kita-fruehsexualisierung\/\">Tatort Kita: Fr\u00fchsexualisierung<\/a>\u00a0(16.11.2025)<\/li>\n<li><a href=\"https:\/\/www.freiburg-schwarzwald.de\/blog\/kultur\/dichter\/literatur\/bibliothek\/\">Bibliothekare akzeptieren Gerichtsurteil nicht und fordern gesetzliches Mandat zur Volkserziehung<\/a> (22.7.2025)<\/li>\n<li><a href=\"https:\/\/www.freiburg-schwarzwald.de\/blog\/selbsthilfe\/kinder\/kinder-indoktrinierung\/\">Indoktrination mit Zwangsgeb\u00fchren: Wie ARD und ZDF Kinder sexualisieren<\/a>\u00a0(13.6.2025)<\/li>\n<li><a href=\"https:\/\/www.freiburg-schwarzwald.de\/blog\/bildung\/begabung\/\">Die Studienstiftung des deutschen Volkes misstraut dem deutschen Volk<\/a> (1,6,2025)<\/li>\n<li><a href=\"https:\/\/www.freiburg-schwarzwald.de\/blog\/buch-mit-umstritten-aufkleber\/\">Buch mit \u201eumstritten\u201c-Aufkleber<\/a>\u00a0(14,5,2025)<\/li>\n<li><a href=\"https:\/\/www.freiburg-schwarzwald.de\/blog\/muttertag-bleibt-muttertag\/\">Muttertag bleibt Muttertag<\/a>\u00a0(11.5.2025)<\/li>\n<li><a href=\"https:\/\/www.freiburg-schwarzwald.de\/blog\/engagement\/zukunft\/demokratie\/nudging\/\">Betreutes Lesen jetzt gerichtsfest. \u201e\u201eWerk mit umstrittenem Inhalt\u201c<\/a> (25.4.2025)<\/li>\n<li><a href=\"https:\/\/www.freiburg-schwarzwald.de\/blog\/engagement\/gutmenschen\/gut-boese\/\">Zum Buch von Rutger Bregman: \u201eIm Grunde gut\u201c<\/a>\u00a0(20.1.2023)<\/li>\n<li><a href=\"https:\/\/www.freiburg-schwarzwald.de\/blog\/selbsthilfe\/kinder\/kindergrundsicherung\/\">Welche gesellschaftspolitische Bedeutung hat die Kindergrundsicherung?<\/a>\u00a0(28.6.2024)<\/li>\n<li>David Engels: Germany\u2019s Next Minority Model GNTM &#8211; Umerziehung (18.76.2023)<\/li>\n<li><a href=\"https:\/\/www.freiburg-schwarzwald.de\/blog\/beutelsbacher-konsens-kinder\/\">Beutelsbacher Konsens \u2013 Kinder<\/a>\u00a0(10.5.2023)<\/li>\n<li><a href=\"https:\/\/www.freiburg-schwarzwald.de\/blog\/ist-der-oerr-noch-reformierbar\/\">Ist der \u00d6RR noch reformierbar?<\/a>\u00a0(27.8.2022<\/li>\n<li><a href=\"https:\/\/www.freiburg-schwarzwald.de\/blog\/lpb-blutruenstige-monster\/\">LpB: Blutr\u00fcnstige Monster<\/a>\u00a0(14.4.2022)<\/li>\n<li><a href=\"https:\/\/www.freiburg-schwarzwald.de\/blog\/bildung\/begabung\/intelligenz\/\">Volkmar Weiss: Die IQ-Falle \u2013 Intelligenz, Sozialstruktur<\/a>\u00a0(18.2.2022)<\/li>\n<li><a href=\"https:\/\/www.freiburg-schwarzwald.de\/blog\/global\/schweden\/\">Schweden \u2013 Sch\u00fclerparadies in Corona-Zeiten<\/a>\u00a0(29.1.2021)<\/li>\n<li><a href=\"https:\/\/www.freiburg-schwarzwald.de\/blog\/brennpunktschule-und-bildung\/\">Brennpunktschule und Bildung<\/a>\u00a0(30.11.2020)<\/li>\n<li><a title=\"Familie geht vor \u2013 Initiative\" href=\"https:\/\/www.freiburg-schwarzwald.de\/blog\/familie-geht-vor-initiative\/\">Familie geht vor \u2013 Initiative<\/a>\u00a0(28.6.2020)<\/li>\n<li><a title=\"Migrantenkinder\" href=\"https:\/\/www.freiburg-schwarzwald.de\/blog\/global\/migration\/migrantenkinder\/\">Ismail Tipi: Jugend ohne Tugend<\/a>\u00a0(8.6.2020)<\/li>\n<li><a title=\"Sexualisierung\" href=\"https:\/\/www.freiburg-schwarzwald.de\/blog\/selbsthilfe\/kinder\/sexualisierung\/\">Fr\u00fckindliche Sexualerziehung: Kinderrechte ins Grundgesetz \u2013 Elternrechte an den Staat?<\/a>\u00a0(8.1.2020)<\/li>\n<li><a title=\"Verbl\u00f6dung menschengemacht\" href=\"https:\/\/www.freiburg-schwarzwald.de\/blog\/verbloedung-menschengemacht\/\">Verbl\u00f6dung menschengemacht<\/a>\u00a0(22.12.2019)<\/li>\n<li><a title=\"Indoktrinierung\" href=\"https:\/\/www.freiburg-schwarzwald.de\/blog\/bildung\/schulen\/indoktrinierung\/\">Lachtag statt Weihnachtstag<\/a>\u00a0(14.12.2019)<\/li>\n<li><a title=\"Augsburg061219tod-nach-sturz\" href=\"https:\/\/www.freiburg-schwarzwald.de\/blog\/global\/migration\/augsburg061219tod-nach-sturz\/\">Boris Palmer zu Augsburg: Ja, es gibt Migrantengewalt<\/a>\u00a0(11.12.2019)<\/li>\n<li><a title=\"Indoktrinierung\" href=\"https:\/\/www.freiburg-schwarzwald.de\/blog\/bildung\/schulen\/indoktrinierung\/\">Multikulti-Schulen sind die H\u00f6lle!<\/a>\u00a0(14.11.2019)<\/li>\n<li>Die Vereinnahmung der Kindheit durch die Kultur der Toleranz (8.8.2019)<\/li>\n<li><a href=\"https:\/\/www.freiburg-schwarzwald.de\/blog\/gewalt-an-grundschulen-in-fr\/\">https:\/\/www.freiburg-schwarzwald.de\/blog\/gewalt-an-grundschulen-in-fr\/<\/a>\u00a0(14.4.2019)<\/li>\n<li>Boris Palmer kritisiert Erziehung der Migrantenkinder (8.4.2019)<\/li>\n<\/ul>\n<ul>\n<li><a href=\"https:\/\/www.freiburg-schwarzwald.de\/blog\/bildung\/begabung\/\">Begabung<\/a><\/li>\n<li><a href=\"https:\/\/www.freiburg-schwarzwald.de\/blog\/bildung\/schulen\/brennpunktschulen\/\">Brennpunktschulen<\/a><\/li>\n<li><a title=\"Burkini\" href=\"https:\/\/www.freiburg-schwarzwald.de\/blog\/religion\/islam\/burkini\/\">Burkini<\/a><\/li>\n<li><a title=\"Patriarchat\" href=\"https:\/\/www.freiburg-schwarzwald.de\/blog\/religion\/islam\/patriarchat\/\">Clan<\/a><\/li>\n<li><a href=\"https:\/\/www.freiburg-schwarzwald.de\/blog\/bildung\/erziehung-freiheit\/\">Erziehung-Freiheit<\/a><\/li>\n<li><a title=\"Familie\" href=\"https:\/\/www.freiburg-schwarzwald.de\/blog\/selbsthilfe\/familie\/\">Familie<\/a><\/li>\n<li><a title=\"Fluechtlinge-Islam\" href=\"https:\/\/www.freiburg-schwarzwald.de\/blog\/global\/integration\/fluechtlinge-islam\/\">Fluechtlinge-Islam<\/a><\/li>\n<li><a href=\"https:\/\/www.freiburg-schwarzwald.de\/blog\/kultur\/medien\/framing\/\">Framing<\/a><\/li>\n<li><a title=\"Frauen-Iran\" href=\"https:\/\/www.freiburg-schwarzwald.de\/blog\/global\/iran\/frauen-iran\/\">Frauen im Iran<\/a><\/li>\n<li><a title=\"Islam-Frauen\" href=\"https:\/\/www.freiburg-schwarzwald.de\/blog\/religion\/islam\/islam-frauen\/\">Frauen-Islam<\/a><\/li>\n<li><a href=\"https:\/\/www.freiburg-schwarzwald.de\/blog\/selbsthilfe\/frauen\/gender\/sexuell\/fruehsexualisierung\/\">Fr\u00fchsexualisierung<\/a><\/li>\n<li><a title=\"Genitalverstuemmelung\" href=\"https:\/\/www.freiburg-schwarzwald.de\/blog\/selbsthilfe\/frauen\/genitalverstuemmelung\/\">Genitalverstuemmelung<\/a><\/li>\n<li><a href=\"https:\/\/www.freiburg-schwarzwald.de\/blog\/engagement\/gutmenschen\/gut-boese\/\">gut-b\u00f6se<\/a><\/li>\n<li><a title=\"Indoktrinierung\" href=\"https:\/\/www.freiburg-schwarzwald.de\/blog\/bildung\/schulen\/indoktrinierung\/\">Indoktrinierung<\/a><\/li>\n<li><a title=\"Integration-Islam\" href=\"https:\/\/www.freiburg-schwarzwald.de\/blog\/global\/integration\/integration-islam\/\">Integration-Islam<\/a><\/li>\n<li><a href=\"https:\/\/www.freiburg-schwarzwald.de\/blog\/bildung\/begabung\/intelligenz\/\">Intelligenz<\/a><\/li>\n<li><a title=\"Islam-Frauen\" href=\"https:\/\/www.freiburg-schwarzwald.de\/blog\/religion\/islam\/islam-frauen\/\">Islam-Frauenbild<\/a><\/li>\n<li><a title=\"Islam-Sexualitaet\" href=\"https:\/\/www.freiburg-schwarzwald.de\/blog\/religion\/islam\/islam-sexualitaet\/\">Islam-Sexualitaet<\/a><\/li>\n<li><a title=\"Kelek\" href=\"https:\/\/www.freiburg-schwarzwald.de\/blog\/religion\/islam\/kelek\/\">Kelek Necla<\/a><\/li>\n<li><a title=\"Kinderehe\" href=\"https:\/\/www.freiburg-schwarzwald.de\/blog\/religion\/islam\/kinderehe\/\">Kinderehe<\/a><\/li>\n<li><a href=\"https:\/\/www.freiburg-schwarzwald.de\/blog\/selbsthilfe\/kinder\/kindergrundsicherung\/\">Kindergrundsicherung<\/a><\/li>\n<li><a href=\"https:\/\/www.freiburg-schwarzwald.de\/blog\/selbsthilfe\/kinder\/kinder-indoktrinierung\/\">Kinder-Indoktrinierung<\/a><\/li>\n<li><a title=\"Kopftuch\" href=\"https:\/\/www.freiburg-schwarzwald.de\/blog\/kopftuch\/\">Kopftuch<\/a><\/li>\n<li><a title=\"Migrantenkinder\" href=\"https:\/\/www.freiburg-schwarzwald.de\/blog\/global\/migration\/migrantenkinder\/\">Migrantenkinder<\/a><\/li>\n<li><a href=\"https:\/\/www.freiburg-schwarzwald.de\/blog\/engagement\/zukunft\/demokratie\/nudging\/\">Nudging<\/a><\/li>\n<li><a href=\"https:\/\/www.freiburg-schwarzwald.de\/blog\/kultur\/medien\/oerr\/\">\u00d6RR<\/a><\/li>\n<li><a href=\"https:\/\/www.freiburg-schwarzwald.de\/blog\/bildung\/schulen\/schulpflicht\/\">Schulpflicht<\/a><\/li>\n<li><a title=\"Sexualisierung\" href=\"https:\/\/www.freiburg-schwarzwald.de\/blog\/selbsthilfe\/kinder\/sexualisierung\/\">Sexualisierung<\/a><\/li>\n<li><a href=\"https:\/\/www.freiburg-schwarzwald.de\/blog\/selbsthilfe\/frauen\/gender\/sexuell\/sexualpaedagogik\/\">Sexualp\u00e4dagogik<\/a><\/li>\n<li><a title=\"Untergang\" href=\"https:\/\/www.freiburg-schwarzwald.de\/blog\/religion\/islam\/untergang\/\">Untergang Europas<\/a><\/li>\n<li><a title=\"Unterwerfung\" href=\"https:\/\/www.freiburg-schwarzwald.de\/blog\/religion\/islam\/unterwerfung\/\">Unterwerfung<\/a><\/li>\n<li><a title=\"Verbl\u00f6dung\" href=\"https:\/\/www.freiburg-schwarzwald.de\/blog\/bildung\/verbloedung\/\">Verbl\u00f6dung<\/a><\/li>\n<li><a title=\"Zwangsheirat\" href=\"https:\/\/www.freiburg-schwarzwald.de\/blog\/selbsthilfe\/frauen\/zwangsheirat\/\">Zwangsheirat<\/a><\/li>\n<\/ul>\n<p>Erziehung der Kinder: &gt;<a href=\"https:\/\/www.freiburg-schwarzwald.de\/blog\/bildung\/\">Bildung<\/a>\u00a0 &gt;<a href=\"https:\/\/www.freiburg-schwarzwald.de\/blog\/selbsthilfe\/familie\/\">Familie<\/a><br \/>\nVolkserziehung: hier\u00a0 \u00a0&gt;<a href=\"https:\/\/www.freiburg-schwarzwald.de\/blog\/kultur\/medien\/propaganda\/\">Propaganda<\/a>\u00a0 &gt;<a href=\"https:\/\/www.freiburg-schwarzwald.de\/blog\/bildung\/schulen\/indoktrinierung\/\">Indoktrinierung<\/a><br \/>\n.<br \/>\n<strong>Aufgabe der staatsfinanzierten NGOs als Vormund der\u00a0<a href=\"https:\/\/www.freiburg-schwarzwald.de\/blog\/global\/deutschland\/gesellschaft\/zivilgesellschaft\/\">Zivilgesellschaft<\/a>:<\/strong><br \/>\n<strong>Umerziehung<\/strong><br \/>\nBeispiel: Gegen virtuelle bzw.\u00a0<a href=\"https:\/\/www.freiburg-schwarzwald.de\/blog\/vergewaltigung-virtuell-digital\/\">digitale Gewalt<\/a>\u00a0(im Internet) mit Gesetzen vorgehen und reale Gewalt (seit der\u00a0<a href=\"https:\/\/www.freiburg-schwarzwald.de\/blog\/global\/deutschland\/grenzoeffnung2015\/\">Grenz\u00f6ffnung 9\/2015<\/a>\u00a0zunehmend) ignorieren.<br \/>\n============================================================<\/p>\n<p>.<\/p>\n<p><strong>David Engels: Germany\u2019s Next Minority Model GNTM &#8211; Umerziehung<\/strong><br \/>\nDen Machern von GNTM geht es nicht um Sch\u00f6nheit, sondern um Umerziehung. Die gewachsenen Identit\u00e4ten Europas sollen aufgebrochen werden. Ist es auch Wahnsinn, so hat es Methode &#8211; auch bar der Erkenntnis, dass fr\u00fchere Siegerinnen bereits Minorit\u00e4ten entstammten.<br \/>\n&#8230;<br \/>\nPlatz 1 erlangte Vivien (Koblenz), die (passend zum \u201eStolzmonat\u201c) gerne ihren \u201eStolz\u201c auf ihre brasilianische Identit\u00e4t \u00e4u\u00dfert, deren Ausma\u00dfe in den Medien h\u00f6flicherweise mit der Bezeichnung \u201ePlus-Size-Model\u201c umschrieben werden und die gerne \u00fcber die gesellschaftliche \u00c4chtung beleibterer Damen spricht. Platz 2 erreichte Somajia (Bielefeld), deren Eltern aus Togo stammen, die zeigen will, \u201edass auch ein muslimisches M\u00e4dchen das Zeug dazu hat, GNTM zu werden\u201c (wieso sollte es das nicht?), die gelegentlich ihre Erfahrungen mit dem Alltagsrassismus beim Busfahren in Deutschland beklagt und den Preis \u201enicht nur f\u00fcr sich, sondern f\u00fcr [ihre] ganze Familie und Community\u201c gewinnen will \u2013 also wohl Bielefeld. Platz 3 gewann schlie\u00dflich die ebenfalls aus Togo stammende Olivia (Hamburg), die ihre fr\u00fche Kindheit im Asylheim verbrachte, in den Medien (nicht nur) aufgrund ihrer tiefen Stimme regelm\u00e4\u00dfig als \u201eTransgender\u201c identifiziert wird und \u00fcber eine umfangreiche Per\u00fcckensammlung verf\u00fcgt (varietas delectat). Ihr Ziel: \u201eM\u00e4dels, die so aussehen wie ich, zeigen, dass es nicht nur eine Version von h\u00fcbsch gibt.\u201c<br \/>\nMan merkt die Absicht und ist verstimmt. All dies mag erkl\u00e4ren, wieso denn auch auf Twitter eine heftige Diskussion um GNTM losgebrochen ist, nachdem ich so unvorsichtig war, meine ehrliche handwerkliche Anerkennung f\u00fcr die eiserne Konsequenz linker Eliten zum Ausdruck zu bringen, Deutschland auf dem Rei\u00dfbrett umzugestalten und dabei offensichtlich auch GNTM nicht zu vernachl\u00e4ssigen.<br \/>\n&#8230;<br \/>\nDer in Schulen, Medien, Universit\u00e4ten, Kunst, \u201eZivilgesellschaft\u201c und Politik immer wieder klar ge\u00e4u\u00dferte Wunsch zum Umbau Deutschlands (und ganz Europas) in ein wildes Durch- und Neben-, leider selten nur Miteinander verschiedenster kultureller, religi\u00f6ser, sexueller und v.a. sonstiger Identit\u00e4ten bei gleichzeitiger R\u00fcckdr\u00e4ngung, ja zunehmend Diskreditierung der bisherigen christlich-abendl\u00e4ndischen Leitkultur erfa\u00dft nunmehr auch noch die belanglosesten Lebensbereiche wie GNTM.<br \/>\n&#8230;<br \/>\nEs geht den Machern und Entscheidern von GNTM \u2013 trotz, ich wiederhole es gerne, strengsten und objektivsten Ausleseverfahren \u2013 also offensichtlich weder um Sch\u00f6nheit, noch um Repr\u00e4sentativit\u00e4t: Im Zentrum steht vielmehr jene selbe volksp\u00e4dagogische Absicht, die uns ohnehin schon seit Jahren von \u00fcberall her entgegenschallt. Auf der einen Seite gilt der neuen, atheistischen Gesellschaft woker Obedienz der K\u00f6rper zwar als der ultimative Tr\u00e4ger des menschlichen Seins, dessen Seele mit gr\u00f6\u00dftem Aufwand zur h\u00f6chstens psychiatrisch relevanten Illusion weggedeutet wird; gleichzeitig aber ist es auch Teil jener transhumanistischen Doxa, jegliches Naturrecht zu negieren und den K\u00f6rper vielmehr als Baukasten zu betrachten, der jederzeit beliebig umzumodeln sei \u2013 von dick zu d\u00fcnn, von Mann zu Frau, von alt zu jung, von schwarz zu wei\u00df, etc.: eine Art unbewu\u00dfte Gnosis, in deren Zentrum ein rein materialistisch gefa\u00dftes und zutiefst a-historisches und wohl auch a-moralisches \u201eBewu\u00dftsein\u201c steht, das den eigenen K\u00f6rper als beliebiges Fahrzeug und den Mitmenschen als Konsumgut betrachtet \u2013 alles notd\u00fcrftig im Zaum gehalten durch eine Kultur des als demokratisch ausgegebenen \u201eAushandelns\u201c, unter der in Wirklichkeit der Abgrund eines bodenlosen Relativismus g\u00e4hnt.<br \/>\nAuf der anderen Seite wird mit gewaltigem Aufwand versucht, die gewachsenen Identit\u00e4ten Deutschlands und des Abendlands aufzubrechen, zu diskreditieren und zu minorisieren, um zumindest auf dem europ\u00e4ischen und nordamerikanischen Kontinent einen Ableger jenes dystopischen genderfluiden Multikulti-Weltstaats zu schaffen, dem sich der Rest der Welt zu Recht mit zunehmender Sorge entzieht.<br \/>\n&#8230; Alles vom 18.6.2023 von <a href=\"https:\/\/www.freiburg-schwarzwald.de\/blog\/engagement\/zukunft\/demokratie\/konservatismus\/\">David Engels<\/a> bitte lesen auf<br \/>\n<a href=\"https:\/\/www.tichyseinblick.de\/feuilleton\/germanys-next-topmodel-2023\/\">https:\/\/www.tichyseinblick.de\/feuilleton\/germanys-next-topmodel-2023\/<\/a><\/p>\n<p>Einige Kommentare:<br \/>\nDiese Umerziehung wird heutzutage in jedem Versandhauskatalog zelebriert, wo die Kleidung \u00fcberwiegend von nichtwei\u00dfen Models pr\u00e4sentiert wird. Offensichtlich merken die H\u00e4ndler nicht, dass ich als \u201eb\u00f6se alte wei\u00dfe Frau\u201c mir nicht vorstellen kann, diese Klamotten tragen zu k\u00f6nnen und meine Eink\u00e4ufe daher stark zur\u00fcckgegangen sind. Dem<br \/>\n.<br \/>\nOft wird dem Kapitalismus angelastet, dass er das Subjekt zum Objekt degradiert, was meiner Feststellung nach lediglich jene oberfl\u00e4chliche Betrachtungsweise und Ressentiments der Menschen widergibt, deren charakterliche Schw\u00e4chen, sowie objektive und intellektuelle Nachteile ihre Vorz\u00fcge bei weitem \u00fcberwiegen. Der einzige \u201eFehler\u201c des Kapitalismus liegt im Umstand, dass er uns jeden Tag unsere Unzul\u00e4nglichkeiten und Schw\u00e4chen vor Augen f\u00fchrt. Entweder man entschliesst sich, daran zu wachsen und eine Verbesserung seiner selbst anzustreben, oder gibt anderen die Schuld f\u00fcr die eigenen Unzul\u00e4nglichkeiten. Ersteres ist eine Frage der Eigenverantwortung. Das Zweite ist eine schlichte Ausrede f\u00fcr das eigene Versagen, sowie die Ablehnung der Eigenverantwortung, alles Merkmale einer sozialistischen Denkweise. Die beliebtheit des Sozialismus ergibt sich aus seiner Funktionsweise, er fordert nicht Eigenverantwortung von den Menschen, sondern bedient den heimlichen Groll, den Neid, die Missgunst und Rachgel\u00fcste der Zukurzgekommenen, welche das Heer sind mit welchem er diese Welt immer wieder von neuem knechtet.<br \/>\nDie Intension der Darstellung sch\u00f6ner Menschen auf Plakaten ist nicht diejenige Neid und Missgunst zu erzeugen, sondern die Bed\u00fcrfnisse nach Produkten zu schaffen, welche bestm\u00f6glich dargestellt werden, um damit unser Augen zu erfreuen und in uns den Wunsch wecken, die dargestellte Sch\u00f6nheit anzustreben, in dem man das angebotene Produkt kauft. Es geh\u00f6rt schon eine ordentliche Portion Naivit\u00e4t dazu, Werbung mit der Realit\u00e4t zu verwechseln und zu Fordern, dass die Werbung doch den tats\u00e4chlichen Gegebenheiten entsprechen m\u00f6ge. Es ist aber geradezu Pervers in der Werbung die Umkehr von Sch\u00f6nheit mit offensichtlich adip\u00f6sen Menschen zu betreiben. Ebenso absurd ist es Bierwerbung mit Transaktivistinnen zu betreiben, welche bis Dato wohl kaum Zielgruppe der Bierindustrie wahren, sind oder sein werden. Dies ist keine Werbung mehr, sondern ein Versuch im Sinne einer Kulturmarxistischen Agenda Begriffe zu vertauschen und die Menschen zu verwirren.<br \/>\nDie kindliche Sehnsucht nach einer Welt ohne Knappheit l\u00e4sst sich auf drei Wegen stillen: Gewaltsam durch Revolution, demokratisch durch Beschr\u00e4nkung und Kulturell durch Verwirrung. Phil<br \/>\n.<br \/>\nEigentlich traurig, dass sich die M\u00e4dchen so vor den Karren spannen lassen und niemand, insbesondere nicht aus deren Familien, sie davon abh\u00e4lt oder vor den Konsequenzen warnt. Sie sind reine Verf\u00fcgungsmasse einer Bewegung, statt eigenst\u00e4ndige Pers\u00f6nlichkeiten zu entwickeln und ihr Leben frei zu gestalten. Die Auftr\u00e4ge werden, wie die Erfahrung anderer Finalistinnen gezeigt hat, ausbleiben, da zum Modeln mehr geh\u00f6rt, als bei Klum eine (in meinen Augen) gescriptete Show zu \u201egewinnen\u201c. Mir tun die M\u00e4dchen einfach nur Leid und f\u00fcr Leute wie Klum, die sie in diese Falle locken, empfinde ich ein ger\u00fcttet Ma\u00df an Verachtung. L.B.<br \/>\n.<br \/>\nIch bin gerade aus Polen zur\u00fcck gekehrt. Es f\u00e4llt auf, dass sich die Lidl-Prospekte dort und hier unterscheiden. Dort: erkennbar mitteleurop\u00e4ische Models. Ausschlie\u00dflich. Hier: stets auf irgendeiner Seite auch PoC. Meist bei sportlichen Aktivit\u00e4ten oder in Unterw\u00e4sche. Obwohl PoC ja nicht wirklich das Bild unserer St\u00e4dte dominieren. Doch jene, die das Bild unserer St\u00e4dte dominieren, und vermutlich zu nicht geringen Teilen die Kundschaft von Lidl Deutschland darstellen, findet man erstaunlicherweise (?) nicht in den hiesigen Lidl-Prospekten. Felix Polonia. G.W.<br \/>\n.<br \/>\nIn Kroatien ebenso (Schwarz-Gruppe: Lidl+Kaufland). Dort sieht man noch nicht einmal mitteleurop\u00e4ische, sondern ausschlie\u00dflich eindeutig erkennbare Gesichter von autochtonen Einheimischen garniert mit rot-wei\u00dfen Schachbrettmustern in Anlehnung an das Landeswappen. Also eindeutig \u201eNazi\u201c-Werbung P.K.<br \/>\n.<br \/>\nAch lieber David Engels, Sie haben ja mit allem recht. Aber vielleicht w\u00e4re es besser \u2013 auch wenn Sie daf\u00fcr auf ihr Autorenhonorar f\u00fcr diesen Artikel verzichten m\u00fc\u00dften \u2013 solche Alibiveranstaltungen der rot-gr\u00fcnen Blase einfach zu ignorieren. Wir Tichy-Leser wissen ohnehin, da\u00df dies Unsinn ist und die Nichtleser glauben ohnehin alles, was ihnen der Zwangsrundfunk und die Privaten (die meist nicht besser sind) auftischen. Ich habe so einen Unsinn wie \u201aGNTM\u2018 noch nie gesehen und dadurch viel Lebenszeit f\u00fcr Besseres gespart. J.R.<br \/>\nEnde Kommentare<\/p>\n<p>&nbsp;<\/p>\n<p><strong>Die Vereinnahmung der Kindheit durch die Kultur der Toleranz<\/strong><br \/>\n<em>Kinder waren \u00fcber die Jahrhunderte immer wieder der \u00dcbermacht ihrer Eltern und Erziehungsberechtigten ausgeliefert. In Deutschland wurde dem erst im Jahr 2000 gesetzliche Grenzen gesetzt.<br \/>\n..<\/em>.<br \/>\nDie Zeiten haben sich ge\u00e4ndert. Nicht Schl\u00e4ge und Misshandlungen, nicht die Angst vor H\u00f6llenfeuern sondern &#8222;soft power&#8220;, PR, <a title=\"Nudging\" href=\"https:\/\/www.freiburg-schwarzwald.de\/blog\/engagement\/zukunft\/demokratie\/nudging\/\">Nudging<\/a> und Framing sollen nun die B\u00fcrger vom Kleinkindalter an im Sinne der globalistischen Eliten erziehen. Zu diesen Techniken geh\u00f6ren:<br \/>\n&#8211; Flutung mit Informationen (Gef\u00fchl der Informiertheit)<br \/>\n&#8211; St\u00e4ndige Wiederholungen (Illusion eines Wahrheitsgehaltes. Derzeit u.a. &#8222;<a title=\"Klimawandel\" href=\"https:\/\/www.freiburg-schwarzwald.de\/blog\/natur\/klima\/klimawandel\/\">Klimawandel<\/a>, Klimakrise, Klimanotstand)<br \/>\n&#8211; Abweichen auf Nebenschaupl\u00e4tze<br \/>\n&#8211; Erzeugung von Feindbildern; Verbreitung von \u00c4ngsten (Weltuntergang, brennende Erdkugel, sozialer Abstieg, Rechts- und Linksterror)<br \/>\n&#8211; Messen mit zweierlei Ma\u00df: Der Lichtkegel wird auf die Untaten der &#8222;B\u00f6sen&#8220; gerichtet, w\u00e4hrend man sich selber als Werteh\u00fcter darstellt, dessen eigene Taten dann im Dunkeln bleiben.<br \/>\n.<br \/>\n\u201eRehabilitationsprogramm\u201c f\u00fcr eine \u201eKultur der <a title=\"Toleranz\" href=\"https:\/\/www.freiburg-schwarzwald.de\/blog\/engagement\/zukunft\/demokratie\/toleranz\/\">Toleranz<\/a>\u201c: &#8222;Political correctness&#8220; als Erziehungsprogramm und Gedankenpolizei hat sich wie Mehltau \u00fcber unser Land gelegt. In Br\u00fcssel und anderswo wird unter Berufung auf &#8222;Demokratie&#8220; und &#8222;unsere Werte&#8220; unerm\u00fcdlich daran gearbeitet, den B\u00fcrger zu entm\u00fcndigen, unsere b\u00fcrgerlichen Rechte aufzuweichen und unseren Zusammenhalt als Gesellschaft zu zerst\u00f6ren.<br \/>\n&#8230; Alles vom 8.8.2019 von Ingrid Ansari bitte lesen auf<br \/>\n<a href=\"https:\/\/www.achgut.com\/artikel\/die_vereinnahmung_der_kindheit\">https:\/\/www.achgut.com\/artikel\/die_vereinnahmung_der_kindheit<\/a><br \/>\n.<br \/>\nEinige Kommentare:<br \/>\n<strong>Religion ist ungleich Ideologie<\/strong><br \/>\nDen meisten Ihrer Thesen, Frau Ansari, kann ich folgen. Nur, dass Sie eingangs Religion und Ideologie quasi in einen Topf werfen, ist f\u00fcr mich nicht nachvollziehbar, vielleicht r\u00fchrt es von einer atheistischen Weltanschauung. Wenn Religion &#8211; wie der Islam &#8211; als Ideologie daher kommt, dann haben Sie nat\u00fcrlich recht. Auch das Christentum &#8211; falsch verstanden und falsch gelebt &#8211; hatte ideologische Komponenten. Luther spricht von der Freiheit eines Christenmen- schen &#8211; hier ist nicht der Raum n\u00e4her darauf einzugehen. F\u00fcr mich ist eine Religion ideologiefrei, wenn ich frei bin, ihr ( bzw. Christus) zu folgen oder auch nicht. Ideologien zeichnen sich vor allem dadurch aus, dass sie einen \u201cAlleinvertretungsanspruch\u201d haben. Den hat das Christentum heute nicht mehr. Und das gereicht ihm in der Auseinandersetzung durchaus zum Problem, weil uns der Islam nicht auf Augenh\u00f6he begegnen kann und will. Ihre Ausf\u00fchrungen zur Toleranz sind interessant. Tolerenz ist ein derzeit oft und zu oft bem\u00fchte Terminus. Sie gilt als Tugend, wird aber zur Schw\u00e4che, wenn sie Beliebigkeit und Relativismus erzeugt. M.M.n. darf sie nur in einem ganz bestimmten Kontext gefordert und ausge\u00fcbt werden.<br \/>\n8.8.2019, D.J.<br \/>\n.<br \/>\nMenen Eltern bin ich ewig dankbar, dass sie mir eine humanistische Bildung angedeihen lie\u00dfen; meinen Lehrern, dass sie mir beibrachten, zu lernen, zu hinterfragen, kritisch zu sein und Informationen nicht unbesehen f\u00fcr bare M\u00fcnze zu nehmen, sondern zu verifizieren. Uns wurden Werte vermittelt, die ihre G\u00fcltigkeit bis heute nicht verloren haben, sie werden allerdings nicht mehr vermittelt: Ehrlichkeit, Fairness, Achtung und Respekt, ethisch-moralische Prinzipien, Meinungsfreiheit etc., basierend zumeist auf der christlich-j\u00fcduschen Tradition und Moralvorstellung. Religion als Fundament hat ausgedient, woran die Amtskirchen gro\u00dfen Anteil haben. Der Mensch ben\u00f6tigt offensichtlich Ersatzreligionen: Sozialismus\/Kommunismus, auch die NS-Ideologie war eine Ersatzreligion, die sich zudem zahlreicher germanisch-nordischer Elemente bediente. Die Ersatzreligion des 21. Jahrhunderts ist rotgr\u00fcn. Bedingungslos und ohne \u00dcberpr\u00fcfung wird geglaubt, was die G\u00f6tter der Gr\u00fcnen und Linken als Dogma und einzige Wahrheit verk\u00fcnden. Wer kritisch hinterfragt, wer diese Wahrheit gar als L\u00fcge entlarvt, der ist Feind Nr. 1, wenigstens Populist, meist aber auch Rechter oder gar Nazi.. Die Lehrerschaft, \u00fcberwiegend links oder gr\u00fcn, verletzt permanent ihre politische Neutralit\u00e4tspflicht, indem sie linksgr\u00fcne L\u00fcgen den Kindern &#8211; nichts anderes sind die Sch\u00fcler &#8211; in die K\u00f6pfe h\u00e4mmern. Vollgetankt mit L\u00fcgen und Ideologie folgen die Sch\u00fcler vorbehaltslos den Rattenf\u00e4ngern, Warnungen, Mahnungen, Bitten um Nachdenken und Einsatz des gesunden Menschenverstandes verhallen ungeh\u00f6rt. Die Instrumentalisierung einer ganzen Generation zu linksgr\u00fcner Ideologie stelle ich auf die gleiche verbrecherische Stufe wie die Indoktrinierung durch die NSDAP und die SED. Es wird lange dauern, bis diese Generation einsieht, welchen Scharlatanen sie gefolgt ist. Zu lange vielleicht\u2026<br \/>\n8.8.2019, H.W.<br \/>\n.<br \/>\n<strong>&#8230; die wahre Klimakatastrophe: Dummheit!<\/strong><br \/>\nWerden die Kabarettisten arbeitslos? Spott und Veralberung sind ja nicht mehr erlaubt. Darf Religionskritik noch sein? Das Mittelalter wirft seinen t\u00f6dlichen Schatten\u2026 Werden unvoreingenommene Wissenschaften noch geduldet? Darf man sagen, dass Ethnien sich auch in der Intelligenz unterscheiden (ist Fakt)? Muss man in einem (zumindest ehemalig) aufgekl\u00e4rten Land jeden kulturellen\/religi\u00f6sen Unsinn von zivilisatorisch zur\u00fcckgebliebenen Ethnien dulden, die sich im ehemals eigenen Land breitgemacht haben? W\u00fcrde der letzte Satz mir schon einen Aufenthalt in einem Toleranzseminar einbringen? Wie bringt man strenggl\u00e4ubigen Muslimen dieToleranz f\u00fcr Andersgl\u00e4ubige und &#8211; noch besser &#8211; Atheisten bei? Wie kann ein so unhomogener Staat noch regiert werden? Wie kriegt man die allerorten entstehenden Minderheiten (auch die biodeutschen geh\u00f6ren bald dazu) unter einen Hut? Wer sich am besten vermehrt, wird das Sagen haben und eventuell das utopische Traumgebilde mit Lust wieder zerst\u00f6ren\u2026. Wir haben ein Klima, in dem solch giftige Bl\u00fcten der Dummheit wie im Artikel beschrieben, bestens gedeihen. Das nenne ich die wahre Klimakatastrophe!<br \/>\n8.8.2019, G.W.<br \/>\n.<br \/>\n<strong>Nudging und Framing<\/strong><br \/>\n\u201c&#8230;Die Zeiten haben sich ge\u00e4ndert. Nicht Schl\u00e4ge und Misshandlungen, nicht die Angst vor H\u00f6llenfeuern sondern \u201csoft power\u201d, PR, Nudging und Framing sollen nun die B\u00fcrger vom Kleinkindalter an im Sinne der globalistischen Eliten erziehen.\u201d Erziehen trifft es wohl nicht ganz richtig. Es ist und bleibt ideologische Dressur (Adolf Hitler:\u201cDann kommt eine neue deutsche Jugend, und die d r e s s i e r e n wir schon von ganz klein an f\u00fcr diesen Staat.), wenn auch mit verfeinerten Methoden. Das Resultat ist eine Meinungsdiktatur.<br \/>\n8.8.2019, St.R.<br \/>\n.<br \/>\n<strong>Freie, gerade Menschen, w\u00e4r\u2019n ein sch\u00f6nes Ziel &#8230;.<\/strong><br \/>\n\u201cB\u00fccher und Filme aus dem 19. und 20. Jahrhundert f\u00fchren uns Elternh\u00e4user von Augen, in denen K\u00e4lte, Unterdr\u00fcckung und pure Angst herrschten.\u201d Das in diesen B\u00fcchern Geschilderte gab es sicher, aber gab es das oft? War es gar die Regel? Ich glaube, hier ist eine gewisse Skepsis angebracht, so anders waren die Menschen nicht wie die heutigen. Man sollte nicht das Seltene als Regel darstellen. Aber war heute geschieht, das kann der noch nicht hirngewaschene Zeitgenosse t\u00e4glich erleben, es ist gruselig. Was wird den Kindern angetan? Sie wachsen in Falschheit und Verlogenheit auf. Psychische Krankheiten, ja Geisteskrankheiten k\u00f6nnen sich entwickeln, wenn man in der L\u00fcge aufw\u00e4chst. Ganz tief im Inneren sp\u00fcrt der Mensch die Verlogenheit, selbst wenn er sich \u00e4u\u00dferlich der politischen Korrektheit und der neuen Religion \u201cKlimaschutz\u201d anschlie\u00dft. Man gehe einfach mal auf den Campus einer Universit\u00e4t und lasse den Eindruck, den die Studenten auf einen machen, auf sich wirken. \u201cFreie, gerade Menschen, w\u00e4r\u2019n ein sch\u00f6nes Ziel, Menschen ohne R\u00fcckgrat haben wir schon zu viel\u201d sang einst Bettina Wegener. Das gilt heute mehr denn je.<br \/>\n8.8.2019, A.G.<br \/>\n.<br \/>\nDa wandelt man gedankenversunken Lust \u00fcber die interessanten Zeilen des obigen Artikels, kontextuiert pers\u00f6nliche mehrj\u00e4hrige Erfahrungen in den Artikelkommentierungen einer traditionsreichen nieders\u00e4chsischen Zeitung mit dem Wertgehalt von Diskussionskultur, sorgt sich um den beispielgebenden Fingerzeig auf k\u00fcnftige Entwicklungen durch die Einstellung der dortigen Kommentierfunktionen, f\u00fchlt sich niedergeschlagen in Erinnerung an die Fastkapitulation eines intelligenten Sprachgenies, der da sagte\/schrieb \u201emir fehlen die Worte\u201c, \u201eich bin sprachlos\u201c, um dann rabiat von den 68er Versagens\u00e4ngsten eingesogen zu werden. Frau Roth meldete sich heute zu Wort. Stolpert man sich stressgetestet ihrer Argumentationskette auf heute.de herunter, klaffen vier Fragen am diskursfreudigen Demokratenkopf. Was ist \u201eantimuslimischer Rassismus\u201c? Welche Form und Tiefe an Islamkritik ist genehm, ohne sich dem Rassistenvorwurf auszusetzen? Gilt das demokratische Recht \u201eaufzustehen und dagegenzuhalten, Gesicht zu zeigen und die Stimme zu erheben, aufzukl\u00e4ren und zu widersprechen\u201c nur im Kontext rotgr\u00fcner Ideologien, oder ist es auch dem Zentralrat der Ex-Muslime noch erlaubt? Ist der Wunsch nach \u201eSo sollten wir die antirassistische Aufkl\u00e4rungs- und Pr\u00e4ventionsarbeit intensivieren und verstetigen, allen voran in den Schulen. \u201c eine Best\u00e4tigung der Warnung, die Frau Ansari oben artikuliert hat? Und nun, was machen? Broders zeitweilige Sprachohnmacht zu einer Konstante werden lassen? Woodstock 2.0 wieder mit konservativer Hilfe aufleben lassen, damit die Blumenfreunde geerdet werden? Ich pl\u00e4diere daf\u00fcr, weiter in demokratischer Grenzziehung seine Meinung kundzutun und die Rahmenbedingungen daf\u00fcr zu verteidigen. Ganz im Sinne und im Danke f\u00fcr die Exkursion in Ihre Gedanken von Frau Ansari.<br \/>\n8.8.2019, G.I., AO<br \/>\n.<br \/>\nEs ist heutzutage kaum m\u00f6glich, meinen Mitmenschen die totalit\u00e4ren Z\u00fcge der aktuell auf uns wirksamen Politik zu vermitteln. \u201cM\u00f6chtest du nun auch das, was die Populisten wollen?\u201d &#8211; \u201cUns geht\u2019s doch so gut, wir haben alles und k\u00f6nnen in Urlaub fahren und haben alles &#8230; was soll das jetzt?\u201d So, w\u00f6rtlich, die Reaktionen. Dass man in den Forderungen der UN, der EU, aber auch vieler Opportunisten in den hiesigen politischen Gremien eine Abwendung von der Demokratie und eine Hinwendung zu einer unkontrollierbaren multipolaren Szene aus m\u00e4chtigen und zugleich banalen Qliquen lesen kann &#8211; das ist tabu. Zu kompliziert, zu m\u00fchselig, zu einsam, sich hierzu zu \u00e4u\u00dfern. Wie kompliziert, einsam und m\u00fchselig wird es f\u00fcr die Mitl\u00e4ufer*Innen in 10 Jahren sein? All die Jasager*Innen werden nicht in Ruhe alt. Zitat: Und das ist gut so.<br \/>\n8.8.2019, J.S.<br \/>\n.<br \/>\n<strong>Ich bin Jahrgang 1959<\/strong><br \/>\nMeine Kindheit bestand aus allerlei Abenteuer und Erlebnissen . Es wurde Fu\u00dfball oder Knicker ( Murmeln) gespielt , auf B\u00e4ume geklettert oder Fahrrad ( ohne Gangschaltung) gefahren . Wenn man eine Zigarette im Mund hatte und Polizei bog um die Ecke , wurde die Kippe umgehend entsorgt. Das Wort eines Schwimmmeisters war Gesetz und beim \u00fcberschreiten der Badezeit ging der Puls beim verlassen der Halle in die H\u00f6he , weil man Sorge hatte nachbezahlen zu m\u00fcssen . Seiner ersten Liebe schenkte man einen Ring aus dem Kaugummiautomaten und beim Flaschendrehen oder in der Raupenbahn wurden erste z\u00e4rtliche K\u00fcsse ausgetauscht. M\u00e4dchen und Jungs mit Brille wurden aus Prinzip nicht geschlagen und lag der Gegner am Boden war der Kampf beendet . Wer die missachtete wurde ge\u00e4chtet . So war meine Kindheit und f\u00fcr kein Geld der Welt m\u00f6chte ich diese Zeit missen oder sie mit der heutigen Jugend tauschen .<br \/>\n8.8.219, K-H.B.<br \/>\n.<br \/>\n<strong>Ja, es ist alles gesagt und beklagt in diesem St\u00fcck. Die \u201cGro\u00dfe Transformation\u201d ist im Gang<br \/>\n<\/strong>Das politmediale Propagandamonster nutzt die eingetriebene Zwangsgeb\u00fchr um s\u00e4mtliche Lebensbereiche zu einer realit\u00e4tsfernen Wunschwahrheit zu formen. Dabei wird das ABC der psychologischen Kriegsf\u00fchrung angewandt. Uns werden Menschen vorgestellt, die in ein politisch korrektes Feindbild passen und deswegen auch verachtet, gehasst, bek\u00e4mpft werden d\u00fcrfen. Die \u201cVorbilder\u201d sind f\u00fcr gew\u00f6hnlich Personen, die ihre gehobene Position im politischen R\u00e4derwerk ungestraft missbrauchen, ungestraft materielle Sch\u00e4den in H\u00f6he von Abermillionen zu verantworten haben. Andere stehen in der Linie von machtvollen UN-Kampagnen, die den Bruch von Rechtsstaatlichkeit alternativlos erscheinen lassen sollen, weil sie wegen der vermeintlich moralisch hohen Zielen \u00fcber dem Recht stehen. Wenn diese kompakte Ladung L\u00fcge und Manipulationen von den Beherrschten\/Belogenen nicht mehr zur Kenntnis genommen wird und keinen organisierten Widerstand ausl\u00f6st, ist es der Staatspropaganda gelungen, das Ma\u00df an Angst, Resignation, bestenfalls Gleichg\u00fcltigkeit zu erzeugen, das man f\u00fcr den ungest\u00f6rten Abbau von Demokratie und Rechtsstaatlichkeit braucht. Gibt es unter den Tausenden von Intellektuellen, die sich von den Instituten des Merkelfilzes haben ern\u00e4hren und fesseln lassen, wirklich niemanden, der den Schutz von Freiheit, Nation, Familie, Wahrheit und Demokratie h\u00f6her einsch\u00e4tzt, als seinen sicheren Job? Ich f\u00fcrchte, die wirklichen etablierten Verfassungsfeinde werden eine kritische Opposition mit allen Mitteln zu verhindern wissen.<br \/>\n8.8.2019, A.R., AO<br \/>\n.<br \/>\n<strong>Das ECTR und sein \u201cEuropean Framework National Statute for the Promotion of Tolerance\u201d<br \/>\n<\/strong> erinnern mich stark an den Film \u201cDemolition Man\u201d. Allerdings stellte sich mir auch umgehend die Frage, mit welchen Mitteln und welchem Personal die diesbez\u00fcgliche Strafverfolgung w\u00fcrde geleistet werden sollen, wo doch der Staat \/ die Staaten schon mit der Verfolgung der aktuellen Straftatbest\u00e4nde gro\u00dfe Schwierigkeiten hat \/ haben. &#8230;.<br \/>\nDas wirklich Perfide ist, dass die Mehrheit es entweder nicht merkt oder nicht wahrhaben will, wie sie manipuliert wird. Die Tatsache, dass der \u00fcberwiegende Teil der Menschen Herdentiere sind, hat die totalit\u00e4re Propaganda in der Geschichte bislang immer zu nutzen gewusst, die Minderheit der Ketzer, Einzelg\u00e4nger und Querk\u00f6pfe konnte mit Gewalt zum Schweigen gebracht werden. Daher ist es leider kein Wunder, dass sich Geschichte immer wieder wiederholt, obwohl die Mechanismen bekannt sind und man sie in einem kurzen Text anschaulich beschreiben kann, so wie es hier geschieht.<br \/>\n8,8.2019, L.SCH<br \/>\n.<br \/>\n<strong>\u00dcberbev\u00f6lkerung ist das Problem, nicht Klima!<\/strong><br \/>\nWir sollten Fr\u00fcheres nicht vermengen mit dem, was heute geschieht: Die FFF-Kids um Greta haben eine echte, sehr berechtigte Lebensangst. Noch ein paar k\u00fchle Tage im August, und es wird ihnen wom\u00f6glich langsam d\u00e4mmern: Das Klima ist nicht ihr Problem. Die historisch v\u00f6llig erst- und bisher einmalige \u00fcberbordende \u00dcberbev\u00f6lkerung mit den Effekten von Immigration\/Invasion wird ihnen vielschneller den Garaus machen als sie sich bislang vorstellen k\u00f6nnen. Es sagt ihnen auch keiner von den Erwachsenen, weil die selber zu doof sind, das zu erkennen. Aber die Erkenntnis wird kommen, schon bald &#8211; so auch das Ende der Gr\u00fcnen und aller anderen Traumt\u00e4nzer. Alle Probleme, die derzeit so aufgebauscht werden, l\u00f6se sich in Wohlgefallen auf, wenn wir die hyperfertilen Vielgeb\u00e4rer*Innen zwingen, das sein zu lassen oder selbst in ihrem eigenen Dreck zu ersticken, ohne uns da mit rein zu reiten. \u201cDie Erde w\u00e4chst nicht mit\u201d, \u201cie Reichen werden Todesz\u00e4une ziehen\u201d- wollen sie nicht selbst Kalkutta werden, s. \u201cSpiegel\u201d 16\/1982 mit diesen Stichworten leicht zu finden, nur EIN Treffer.<br \/>\n8.8.2019, G.G.<br \/>\n.<br \/>\n<strong>Liebe Frau Ansari, die Gedankenpolizei und ihre entsprechende Justiz werden kl\u00e4glich scheitern<br \/>\n<\/strong>Am Freigeist, an der eigenen Phantasielosigkeit der ideologischen Vorbeter und ihrer v\u00f6lligen Herz &#8211; und Geistlosigkeit, an der systemischen Verachtung von Meinung, an der sprachlichen Einfalt\u2026 Am Ende wird der geistige Mauerbau dazu f\u00fchren, dass diese Mauer doch wieder eingerissen wird. Die neuen Totalitaristen werden allein schon an der Schweykschen Unlust scheitern, sich menschenverachtenden Unsitten anzuschlie\u00dfen. Es werden die \u2018normalen\u2019 Leute sein, nicht die, welche sich f\u00fcr intellektuell halten, die den totalit\u00e4ren Zug das Wahnsinns stoppen werden.<br \/>\n8.8.019, M.B.<br \/>\n.<br \/>\nMan hat uns gelehrt best\u00e4ndig auf die S\u00fcnden der Vergangenheit zu schauen, dabei best\u00e4ndig an die Brust unserer Altvorderen zu schlagen. Dazu hat man uns gelehrt die Art wie unsere Eliten es f\u00fcr gut halten als die einzig wahre Art zu leben zu betrachten und gleichzeitig zu denken, dass alle anderen das von sich aus einsehen, von sich aus gut sind und nur, wie man an der Vergangenheit sieht, der alte, wei\u00dfe Mann b\u00f6se sein kann und ist. Im Grunde durchgeknalltes Christentum: wir haben die Erkenntnis, deshalb wissen wir was gut und b\u00f6se ist, alle anderen haben diese Erkenntnis nicht, und sind deshalb des B\u00f6sen auch nicht f\u00e4hig! Die Begeisterungsf\u00e4higkeit der Jugend wird missbraucht, das ist das eine, das andere ist, dass man, wenn man die Sache n\u00fcchtern betrachtet die Jugend aktuell dazu bringt, ihre eigene Zukunft zu zerst\u00f6ren! Allerdings hat man hierzulande sich schon gar zu lange der Zukunft verweigert (Kinder sind nun mal die Zukunft eines Landes und ein Land welches in der Abtreibung ein hohes Gut sieht, hat sich der Zukunft schon lange verweigert was man auch daran sieht, dass das \u201cAufziehen\u201d der Zukunft m\u00f6glichst billig (Krippe, Hort) f\u00fcr die Allgemeinheit zu sein hat, wo kommen wir denn hin, wenn man die M\u00fctter daf\u00fcr frei stellt?) Man hat, davon nochmal abgesehen, seit Jahrzehnten die Probleme die sicher kommen auf die lange Bank geschoben, Stichwort Renten, aber auch die Fragen nach den Produktionsweisen (ob es sinnvoll ist, dass die Unternehmen best\u00e4ndig verkaufen m\u00fcssen und deshalb die Produkte immer kurzlebiger werden) usw (die Gr\u00fcnen sind Spinner aber im Grunde wissen wir alle dass unsere Art zu leben nicht gut ist, nur sind die Gr\u00fcnen eben Ablassh\u00e4ndler versprechen so weiter machen zu k\u00f6nnen und von den Folgen verschont zu werden) und nun dr\u00e4unen die dunklen Wolken am Horizont und da man eben genau nicht vorgesorgt hat, will man meiner Meinung nach den Zusammenbruch, deshalb Zuwanderung, deshalb FFF, damit das System zusammenbricht.<br \/>\n8.8.2019, T.K.<br \/>\n.<br \/>\n\u201cDer 2008 gegr\u00fcndete \u201cEuropean Council on Tolerance and Reconciliation \u201d (ECTR), legte ein entsprechendes im Internet nur auf Englisch abrufbares European Framework National Statute for the Promotion of Tolerance\u201d vor. \u201d Sind Sie sicher, dass das nur in Englisch vorliegt? Aus der Stalinzeit muss das doch in Russisch vorliegen. \u201c&#8230;sollen ein \u201cRehabilitationsprogramm\u201d durchlaufen, in dem ihnen eine \u201cKultur der Toleranz\u201d anerzogen werden soll.\u201d Da liegen ja reichhaltige Erfahrungen vor. Das hat schon bei den richtigen Nazionalsozialisten und internationalen Sozialisten gut funktioniert. Nach jahrelangem Besuch dieser Art Rehazentren, die hie\u00dfen damals Konzentrationslager, Gulag, gelbes Elend Bautzen, haben die meisten die Schnauze gehalten.<br \/>\n8.8.2019, J.T<br \/>\n..<br \/>\n&lt;&lt;&lt;Unser aller vordringliche Aufgabe besteht also darin, nicht das Feld zu r\u00e4umen: die freie Rede gegen alle Widerst\u00e4nde und Diffamierungen zu verteidigen und die Degeneration des \u00f6ffentlichen Debattenraums r\u00fcckg\u00e4ngig zu machen.&lt;&lt;&lt;<br \/>\nDanke Frau Ansari, da sprechen Sie etwas an, das gerade bei Achgut. immer wieder Thema ist.. Mit Ihrem Schlussatz bringen Sie alles auf den Punkt. Ich habe 2013 auf einer Reise durch Frankreich bis hinauf in den Norden mehrere Holl\u00e4nder getroffen, die nach D\u00e4nemark, nach Norwegen ausgewandert sind und mir erz\u00e4hlt hatten, dass bei ihnen die Kita-Pflicht immer fr\u00fcher auferlegt wird, bis schlussendlich zum S\u00e4uglingsalter. Das waren dann auch die Gr\u00fcnde f\u00fcr ihren Auszug samt Familien. Ich konnte das zu dieser Zeit nicht wirklich nachvollziehen, weil mich als Schweizer \u201cnoch\u201d via direkte -Demokratie und Stimmzettel einbringen kann. Wie lange noch? Dem aufmerksamen B\u00fcrger f\u00e4llt diese Tendenz in ganz Europa auf, ausser vielleicht den Oststaaten wie Ungarn, Polen, weil die aufgrund ihrer Sozialistischen Vergangenheit doch noch einige solche Schreckgespenster in den Knochen haben. b.schaller<br \/>\n8.8.2019, B.SCH<br \/>\n.<br \/>\n<strong>Debattenkultur. Wo gibt es die denn in unserer Gesellschaft noch?<\/strong><br \/>\nIch kann sie nicht mehr finden.<br \/>\nDer Gro\u00dfteil der Kinder ist doch heute schon medial verdummt. Dazu noch die fr\u00fchzeitige ideologische Haltungslenkung in den Schulen. Wenn es da nicht Eltern gibt, die hier korrigierend eingreifen, sind diese Kinder verloren. Aber die meisten Eltern der heutigen Kinder sind doch in den 90er Jahren selbst schon so aufgewachsen. Was will man da erwarten. \u00dcbrigens ist die Vereinnahmung von Kindern zum Erreichen eigener politischer Ziele schon immer von totalit\u00e4ren Staaten und Diktaturen angewendet worden. Die ehemalige DDR bildete da keine Ausnahme, obwohl die dortige politische Zwangsideologisierung eher erduldet als verinnerlicht wurde. Panik hatten wir keine. Uns Kinder und Jugendliche ging dieser SED-Sch**\u00df am Allerwertesten vorbei. Man machte halt mit, weil man musste. Mehr nicht. Heute ist das anders. Die Kinder haben jegliches eigenst\u00e4ndiges Denken bereits verloren. Und wenn schon YouTuber ihnen sagen, was richtig ist, dann glauben die das auch.<br \/>\n8.8.2019, T.K.<br \/>\n.<br \/>\n\u201cKleine Kinder erwerben Wissen \u00fcber die Welt, haben aber keine bewusste Erinnerung an den Lernvorgang. Wir sprechen von fr\u00fchkindlicher Amnesie.\u201d &#8211; Und daher kann die Rolle anwesender, liebevoller Eltern nicht gro\u00df genug geschrieben werden. Und mir wird ersichtlich, warum die Parteien fast unisono KITA ab Geburt fordern und Ganztagsbetreuung an der Schule haben wollen. Den Jesuiten wird folgender Ausspruch zugeschrieben: \u201cGib mir ein Kind die ersten sechs Lebensjahre und es geh\u00f6rt ein Leben lang der Kirche.\u201d<br \/>\n8.8.2019, F.R., AO<\/p>\n<p>.<\/p>\n<p><strong>Boris Palmer kritisiert Erziehung der Migrantenkinder<\/strong><br \/>\nT\u00fcbingens Oberb\u00fcrgermeister Boris Palmer (Gr\u00fcne) kritisiert die Erziehungsmethoden von Zuwanderereltern. \u201eIch bin mir ziemlich sicher, dass man Eltern, die wenige Jahre hier leben, erkl\u00e4ren muss, wie Erziehung bei uns funktioniert\u201c, sagte er der Deutschen Presse-Agentur. Sobald Kindern physisch oder seelisch schwerer Schaden angetan werde, m\u00fcsse man sich einmischen. Der Hintergrund: Palmer hatte auf einem T\u00fcbinger Spielplatz einen Mann beobachtet, der einen rund zweij\u00e4hrigen weinenden und schreienden Jungen immer weiter schaukelte, und auf Facebook davon berichtet. Die Mutter des Jungen im schwarzen Kopftuch und Umhang habe zugeschaut, schrieb Palmer. Er ist davon \u00fcberzeugt: \u201eEs handelt sich um eine P\u00e4dagogik, die mit Kultur zu tun hat.\u201c In Saudi-Arabien oder Afghanistan gebe es \u201enoch eine v\u00f6llig andere Vorstellung von P\u00e4dagogik und M\u00e4nnlichkeit als bei uns\u201c. Der Oberb\u00fcrgermeister forderte daraufhin den Mann auf, das zu beenden, was dieser getan habe.<br \/>\n&#8230; \u201eDie Eltern waren erkennbar der Meinung, das schreiende Kind soll so lernen, mit der Angst umzugehen. So erzieht man Jungs zu harten M\u00e4nnern. &#8230;. <strong>Wenn wir uns einig sind, dass das bei den Nazis falsch war, warum sollte es dann heute nicht m\u00f6glich sein, es bei Einwanderern auf dem Spielplatz falsch zu finden?\u201c<\/strong>, so der Oberb\u00fcrgermeister. &#8230;. Alles vom 8.4.2019 bitt lesen auf<br \/>\n<a href=\"https:\/\/www.welt.de\/politik\/deutschland\/article191573789\/Boris-Palmer-kritisiert-Zuwanderer-Eltern-Muessen-ihnen-Erziehung-erklaeren.html\">https:\/\/www.welt.de\/politik\/deutschland\/article191573789\/Boris-Palmer-kritisiert-Zuwanderer-Eltern-Muessen-ihnen-Erziehung-erklaeren.html<\/a><br \/>\n.<br \/>\nDiese Leute bringen ihre Kultur hierher &#8211; das sieht man \u00fcberall in UNSEREN Schulen, Bahnh\u00f6fen, \u00f6ffentlichen Pl\u00e4tzen, Spielpl\u00e4tzen. Es ist doch ein Wunschtraum, zu glauben, dass dieses Menschen sich wegen uns \u00e4ndern. Das Gegenteil wird der Fall sein. Es gibt aus unserer Gesellschaft schon zu viele Signale der Selbstaufgabe und die Forderungen aus diesem Kulturkreis sind \u00fcberbordend (Sch\u00e4chten von Tieren, Kinderehen, Polygamie, Clan-Bildung, Umbenennung unserer Feste aus R\u00fccksicht etc.). Nein &#8211; wir m\u00fcssen mit Selbstbewusstsein UNSERE Werte verteidigen und vor allem endlich den weiteren Zuzug stoppen. Wir gef\u00e4hrden sonst den inneren Frieden in unserem Land.<br \/>\n9.4.2019, H.G., WO<br \/>\n.<br \/>\n<strong>&#8230; das w\u00e4re rassistisch und anma\u00dfend.<\/strong><br \/>\n\u201eIch bin mir ziemlich sicher, dass man Eltern, die wenige Jahre hier leben, erkl\u00e4ren muss, wie Erziehung bei uns funktioniert\u201c, Nein, das w\u00e4re rassistisch und anma\u00dfend. Richtig ist das man diese Menschen ihre Kinder erziehen lassen kann wie sie es wollen. Diese Leute sollten dann nur halt zuhause bleiben und nicht Deutschland mit sich und ihrer kulturell fremden Existenz belasten.<br \/>\n9.4.2019, R.H., WO<br \/>\n.<br \/>\nWir m\u00fcssen ihnen erkl\u00e4ren, wie Erziehung funktioniert\u201c Herr Palmer, ich MUSS gar nichts. Ich wurde nicht nach meiner Meinung gefragt, als man die Grenzen offenstehen lie\u00df. Ich klinke mich an dieser Stelle aus und w\u00fcnsche Ihnen viel Erfolg.<br \/>\n9.4.2019, MI<br \/>\n.<br \/>\nDie Erziehungsmethoden von Zuwanderereltern kann man nicht \u00e4ndern, weil es zu ihrer Kultur geh\u00f6rt und tief verwurzelt ist. F\u00fcr mich geh\u00f6rt zur Erziehung, dass ein Kind die ganze Bandbreite der Gef\u00fchle kennenlernen muss, um sp\u00e4ter Emphatie und Mitgef\u00fchl zeigen zu k\u00f6nnen. Wieviel Mitgef\u00fchl zeigen diese Kulturen z.B. mit Frauen und kleinen M\u00e4dchen, die grausamst beschnitten werden und selbst hier in Deutschland von diesem schrecklichen Brauch nicht lassen wollen ?<br \/>\nIch hoffe, dieses Beispiel schreiben zu d\u00fcrfen, weil es f\u00fcr mich eine unglaubliche Gef\u00fchllosigkeit ist, die man schon den kleinsten M\u00e4dchen antut und die Zuwanderer mit hierher bringen und die Politik kaum etwas dagegen tut.<br \/>\n9.4.2019, M.W.<br \/>\n.<br \/>\nHier tut es definitiv Not, weil diese Kinder irgendwann auch mal auf Grundschullehrer\/innen, Klassenkameraden und sp\u00e4ter auf die Gesellschaft losgelassen werden. Das sind diejenigen, die evl. dann vor Gericht Bonuspunkte bekommen wg. schlechter Kindheit. Wie viele seelisch verrohte Menschen k\u00f6nnen wir ertragen (tolerieren) ?<br \/>\n9.4.2019, J.S.<br \/>\n.<br \/>\nSo will Herr Palmer und &#8211; ich vermute &#8211; die meisten B\u00fcrger, die neuen Bewohner hier also umerziehen. Wohl in der Hoffnung, diese w\u00fcrden zu Neu-BRD-B\u00fcrgern? Aber so wird es nicht ausgehen. Jede Kultur (vor Allem die noch an sich glaubt) wird ihre Werte und Ansichten weitervermitteln an die Kinder und in ihrer Blase leben. Je mehr Menschen, desto gr\u00f6\u00dfer die Blase und damit die Parallelgesellschaften. \u00dcbrigens ist das ihr gutes Recht, was Erziehung anbelangt. Die Vorstellung einer neuen Superkultur sind lediglich feuchte Tr\u00e4ume eines Herrn Timmermanns oder eines Herrn Habeck und vieler Anderer.<br \/>\n9.4.2019, M.N., WO<br \/>\n.<br \/>\n<strong>Nichts zu integrieren<\/strong><br \/>\nNein, falsch! Schon der gro\u00dfe Karl Valentin wusste: &#8222;Erziehung bringt eh nix &#8211; die moch oim sowieso blo\u00df ois noch.&#8220; Diese Leute sind so sozialisiert &#8211; da kann man nichts mehr dran \u00e4ndern, oder, wie ein Psychologe bei Peter Hahne es einmal zusammenfasste: &#8222;Da ist nichts zu integrieren!&#8220;<br \/>\n9.4.2019, J.F., WO<br \/>\n.<br \/>\n<strong>Projekt Heilerziehungsanstalt Deutschland scheitert<\/strong><br \/>\nKulturelle Unterschiede \u00fcber Jahrhunderte\/Jahrtausende der verschiedensten Ethnien dieses Planeten lassen sich nicht im Erwachsenenalter \u00e4ndern. Besonders auch dann nicht, wenn die Eingewanderten keinerlei Interesse an Integration besitzen und es von ihnen auch nicht verlangt wird. Die Begrifflichkeit Assimilation wird nur negativ gepr\u00e4gt wiedergegeben in Deutschland, doch ist sie ein St\u00fcck weit Mindestvoraussetzung welche zu erwarten ist. Das Projekt Heilerziehungsanstalt Deutschland scheitert und das von Tag zu Tag.<br \/>\n9.4.2019, M.S.<br \/>\n.<br \/>\nLieber Herr Palmer, ich kann Ihnen absolut Recht geben! Bitte machen Sie weiter so uns an das &#8222;Normale&#8220; der deutschen Kultur und Realit\u00e4t der letzten freiheitlich demokratischen 80 Jahre zu erinnern und uns nicht ins Bockshorn jagen zu lassen. Wir haben eine Anspruch darauf unser Leben so weiterzuleben wie bisher und auf Mi\u00dfst\u00e4nde aufmerksam zu machen, auch auf dem Spielplatz und gegen\u00fcber anderen Eltern oder ggf. Einwanderereltern.<br \/>\nKinder, deren Willen &#8222;gebrochen&#8220; wird, entwickeln sich zu kleinen Psychoten, die schlimmstenfalls sp\u00e4ter zu politischen Extremisten werden. Das brauchen wir hier nicht! Deutliche Signale des Kindes m\u00fcssen geh\u00f6rt werden und man muss reagieren. Auch wenn es das Nachbarkind betrifft.<br \/>\n9.4.2019, S.SCH,<br \/>\n.<br \/>\n<strong>Eibl-Eibesfeldt: Liebe<\/strong><br \/>\nNormalerweise ist Erziehung wirklich Sache der Eltern, nur was ist das Ergebnis? Junge M\u00e4nner, die nicht gelernt haben, empathisch zu agieren, die gelernt haben, dass Mitleid Schw\u00e4che bedeutet und unm\u00e4nnlich ist. Wer nur eine harte Hand kennt und eingetrichtert bekommt, dass dies rechtens und ehrbar ist, wird dieses Verhalten in Partnerschaft und Kindererziehung weiter geben. Interessant sind dazu die Erkenntnisse von Eibl-Eibesfeldt. Naturv\u00f6lker, die ihre Kinder liebevoll gro\u00df zogen l\u00f6sten ihre Konflikte friedlich, nicht kriegerisch. Insofern ist es gut, archaisch handelnde Eltern zum Umdenken anzuregen anstatt weg zu sehen,<br \/>\n9.4.2019, L.M.<br \/>\n.<br \/>\n<strong>KGE: Islam-Bereicherung oder Weicheierziehung?<\/strong><br \/>\n&#8222;T\u00fcbingens Oberb\u00fcrgermeister Boris Palmer (Gr\u00fcne) kritisiert die Erziehungsmethoden von Zuwanderereltern.&#8220; Er, als Gr\u00fcner und 68er Ableger, will denen, welche die Gr\u00fcnen als kulturelle Bereicherung und Goldst\u00fccke f\u00fcr Deutschland feiern, ihnen will er Erziehung beibringen? Okay das mit den Kinderl\u00e4den (P\u00e4dophilie!) ging damals schief, aber die Kinder von damals sitzen heute in den Parlamenten und erfahren laut Umfragen wachsende Zustimmung und stehen f\u00fcr die kulturelle Bereicherung aus dem islamischen Kulturkreis. Also was jetzt? Kulturelle Bereicherung aus dem islamischen Kulturkreis, wieder hin zu echten und wilden Kerlen oder weiterhin gem\u00e4\u00df Katrin G\u00f6ring-Eckardt deutsches Weicheiererziehung mit Glitzernagellack oder Einhornstaub f\u00fcr Jungs? Die Gr\u00fcnen sollten sich langsam mal entscheiden.<br \/>\n9.4.2019, P.D.<br \/>\n.<br \/>\n<strong>Nazi und Islam sind eins<\/strong><br \/>\nPrima ist der Hinweis von Herrn Palmer, dass dies Nazi-Erziehungsmethodik ist. Herr Palmer setzt voraus, dass Nazis auch von Arabern f\u00fcr Verbrecher gehalten werden. Wer mal des \u00d6fteren im arabisch\/muslimischen L\u00e4ndern unterwegs war wird feststellen, dass die Araber und Muslime Hitler und seine Vasallen prima finden, insbesondere, weil Millionen Juden ermordet wurden. Antisemitismus ist in muslimischen Gesellschaften absolut akzeptiert.<br \/>\n9.4.2019, F.K., WO<br \/>\n.<br \/>\n<strong>Palmer konvertieren<\/strong><br \/>\nreinreden lassen. Gerade bei den Jungs, die keinerlei Respekt gegen\u00fcber Frauen zeigen, noch nicht einmal ihren M\u00fcttern gegen\u00fcber. Immer wieder zu beobachten bei Dramen in Superm\u00e4rkten oder sogar in der Schule den Lehrerinnen gegen\u00fcber. Lieber Herr Palmer, heere Absicht aber v\u00f6llig aussichtslos. Dann k\u00f6nnten wir gleich versuchen, sie zu konvertieren.<br \/>\n9.4.2019, S.D<br \/>\n.<br \/>\nGenau das ist der Punkt: Man kann Individuen intergrieren, aber keine ganzen Gesellschaften! &#8230;<br \/>\nDas schlimme ist das diese gef\u00fchlsm\u00e4\u00dfig abgestumpfte Kinder dann in den Schulen sozialisierte Kinder tyrannisieren!<br \/>\n9.4.2019, J.F.<br \/>\n.<br \/>\nVielleicht sollte man besser aussuchen, welche Leute mit welchem &#8222;Erziehungsstil&#8220; nach Deutschland einwandern d\u00fcrfen. Das w\u00fcrde allen Beteiligten viel Ressourcen und \u00c4rger ersparen.<br \/>\n9.4.2019, E.N.<br \/>\n.<br \/>\n<strong>Bedrohung bei Einmischung<\/strong><br \/>\nEs ist schwer festgefahrene Verhaltensmuster zu unterbrechen. Wer es wagt sich in einer strenggl\u00e4ubigen, Familie aufzulehnen hat meist schlechte Karten bzw. wird bedroht. Wie wollen wir agieren? Viele, weibliche, Migranten f\u00fcgen sich ihrem Schicksal, weil Unselbstst\u00e4ndigkeit und \u00c4ngste sie wie gel\u00e4hmt in ihrem Alltag ohne Perspektiven fesseln . Aus Angst verurteilt , versto\u00dfen oder gar schlimmere Konsequenzen erleiden zu m\u00fcssen arrangieren sie sich mit ihrem k\u00fcmmerlichen selbstlosen Dasein. Was haben diese Frauen auch f\u00fcr Perspektiven, werden ja absichtlich klein gehalten. Halten dieses Dasein sogar f\u00fcr normal, weil es nicht anders sein darf. Ob der Vater auf dem Spielplatz, die R\u00fcge wohl zum Anlass nimmt sich zu \u00e4ndern? Wohl eher nicht. Was h\u00e4tte er wohl gemacht, h\u00e4tte die Frau ihm das untersagt????<br \/>\n9.4.2019, H.M.<br \/>\n.<br \/>\n<strong>Multikulti: jetzt habt ihr&#8217;s<\/strong><br \/>\nSo ist es nun einmal in einer Multikulturellen Gesellschaft. Man hat auch multikulturelle Erziehungsmethoden. Da unser Grundgesetz besagt das Erziehung das Recht der Eltern ist, kann man h\u00f6chstens im Fall von nachgewiesener Kindesmisshandlung etwas machen. Auch wenn ich pers\u00f6nlich es schlimm finde, was Kinder so durch die eigenen Eltern erleiden m\u00fcssen, es geht uns nichts an. Multikulti ist manchmal eben auch nachteilig und nicht immer nur sch\u00f6n bunt und freundlich. Ihr Gr\u00fcnen wolltet genau das. Nun beschwert euch nicht.<br \/>\n9.4.2019, M.G.<br \/>\n.<br \/>\nBei einem Flug aus den Emiraten sa\u00dfen f\u00fcnf arabische Familien mit Kleinkindern um uns herum und alle lie\u00dfen ihre Kinder einfach schreien, ohne sich auch nur einen Deut darum zu k\u00fcmmern. Stundenlang, es war grauenvoll, die Eltern waren einfach nur v\u00f6llig desinteressiert, die Passagiere und Stewardessen daf\u00fcr mit den Nerven am Ende. Einen Streit wollte wohl niemand auf diesem engen Raum riskieren, das war sicher auch besser so. Dieses Verhalten sehe ich auch hier oft. Allerdings bin ich mir nicht sicher, ob das nicht eher der sozialen Schichtung als der Herkunft geschuldet ist, denn auch die Familien im Flugzeug waren ganz offensichtlich aus der Kategorie &#8222;Flodders&#8220;. Oder sagen wir mal so: Die Kinder eines arabischen Wissenschaftlers oder K\u00fcnstlers sind unter Umst\u00e4nden besser dran, da wird sicher mehr \u00fcber Erziehung reflektiert. Ich bin froh, dass Palmer sich traut, solche Sachen anzusprechen &#8211; schon der Kinder wegen.<br \/>\n9.4.2019, G.W.<br \/>\n.<br \/>\nIch sch\u00e4tze Herrn Palmer sehr. Dennoch m\u00f6chte ich ihm widersprechen: &#8222;Wir&#8220; m\u00fcssen nicht erkl\u00e4ren, die Menschen haben sich selbst unserer Erziehungs- und Landeskultur anzupassen.<br \/>\nDie Migranten haben eine Bringschuld, sich in die Gesellschaft einzuf\u00fcgen, wir haben keine Integrationsschuld.<br \/>\nDas klingt zun\u00e4chst hart &#8211; insbesondere in Deutschland &#8211; aber so funktioniert das in allen L\u00e4ndern, in denen sich Migranten ansiedeln. Ich argumentiere im \u00dcbrigen aus der Position der Migranten, da ich selbst Ausl\u00e4nderin in einem Gastland bin.<br \/>\n9.4.2019, A.W.<br \/>\n.<br \/>\n<strong>Das B\u00f6ckenf\u00f6rdesche Paradon<\/strong><br \/>\nDie Demokratie lebt von Voraussetzungen, die sie selbst nicht garantieren kann. Die Einmischung Palmers ist auf zwischenmenschlicher Ebene in Ordnung, aber der Staat hat die Finger davon zu lassen, solange keine Kindeswohlgef\u00e4hrdung im Rechtssinne vorliegt. Das ist der Preis der freiheitlichen Grundordnung. Das B\u00f6ckenf\u00f6rdesche Paradon sollte sich die Politik dringend bei der Einwanderung zu Herzen nehmen. Sind erst zu viele da, hat der Staat keine rechtliche Handhabe mehr, sich gegen die Aush\u00f6hlung wesentlicher Prinzipien des Zusammenlebens und schlie\u00dflich sogar seiner m\u00f6glichen Abschaffung in der heutigen Form zu wehren.<br \/>\n9.4.2019, F.R.O.,<br \/>\n.<br \/>\nErkl\u00e4ren, wie Erziehung richtig ist? Das funktioniert nicht. Die jetzigen jungen Erwachsenen sind soziokulturell fertig gepr\u00e4gt. Das ber\u00fchmte \u201eZettel in die Hand dr\u00fccken&#8220; ist weggeworfenes Geld. Ich kenne privat 3 kurdische Familien mit insgesamt 7 Kindern. Und nein, da findet gar nichts an Erziehung statt. Tv, Smartphone schon in j\u00fcngsten Jahren und egal was sie verkehrt machen, es gibt immer Schl\u00e4ge. Vorlesen, malen, ein Puzzle zusammensetzen; sich einfach mit den Kindern auch mal besch\u00e4ftigen, findet absolut nicht statt. Und ich glaube, das sind keine Einzelf\u00e4lle, das wird die Regel sein.<br \/>\n9.4.2019, G.H., WO<br \/>\n.<br \/>\nPalmer ist naiv<br \/>\nHerr Palmer geh\u00f6rt ja zu den (wenigen) Gr\u00fcnen die ich nicht absolut unertr\u00e4glich finde, aber dennoch&#8230; seine ideologisch gepr\u00e4gte Naivit\u00e4t und Realit\u00e4tsverweigerung kann er halt nicht ablegen. Viele bis die meisten Zuwanderer aus dem genannten Kulturkreis haben meiner Ansicht, Beobachtung und Erfahrung nach in keiner Weise vor sich hier irgendwie anzupassen. Sie m\u00fcssen das auch nicht, daf\u00fcr sind sie schon viel zu viele. Sie sind auch nicht gekommen weil sie akut in Gefahr waren (bis auf wenige), sondern weil sie sich manche vielleicht tolle Jobs mit viel Einkommen versprochen haben (unrealistisch, weil meistens ungebildet, zumindest nach unseren Ma\u00dfst\u00e4ben) aber viel \u00f6fter weil hier das Geld auf&#8217;s Konto kommt wie der Strom aus der Steckdose. Und nat\u00fcrlich bringen sie neben ihrer K\u00fcche (ein gern genommenes Argument der Blau\u00e4ugigen f\u00fcr Einwanderung) auch ihre Lebensweise mit, ihre Konflikte, Feindschaften und ja, auch ihre Erziehungsmethoden. Die dann wiederum oft etwas damit zu tun haben wie sie als Erwachsene sozialisiert sind. Und wir als Autochthone k\u00f6nnen herzlich wenig daran \u00e4ndern, egal wie viele weitere Milliarden wir f\u00fcr mehr Sozialarbeiter verschleudern.<br \/>\n9-4-2019, N.C<\/p>\n<p><strong>\u201eWir m\u00fcssen ihnen erkl\u00e4ren, wie Erziehung funktioniert\u201c<\/strong><br \/>\nFalsch! Eine Jahrhunderte lang gewachsene soziokulturelle Tradition mit staatsideologischer Religion kann man nicht mit ein paar Erkl\u00e4rb\u00e4r-Kurse umkrempeln.<br \/>\n9.4.2019, HG.M.<br \/>\n.<br \/>\nTypisch Linke: Palmer will mit erzieherischen Ma\u00dfnahmen ein Problem l\u00f6sen, welches seine Parteifreunde selbst importiert haben. Wer die halbe Welt bei sich willkommen hei\u00dft, darf sich nicht wundern, wenn auch die entsprechende Familienkultur hier Verbreitung findet. Art. 6 GG: &#8222;Pflege und Erziehung der Kinder sind das nat\u00fcrliche Recht der Eltern und die zuv\u00f6rderst ihnen obliegende Pflicht&#8220;.<br \/>\n9.4.2019, T.G., WO<br \/>\n.<br \/>\n<strong>Nicht Wegschauen bei sexuellem wie seelischem Mi\u00dfbrauch<\/strong><br \/>\nder Erkenntnis, dass die Gesellschaft Schuld am sexuellen Missbrauch von Kindern ist, weil sie nichts anderes tut, als best\u00e4ndig wegzuschauen. Jetzt wird hingeschaut &#8211; und das geht anscheinend irgendwie gar nicht. Oder ist diese Form des seelischen Missbrauchs nicht wert, beachtet und angesprochen zu werden?<br \/>\n9.4.2019, H.S.<br \/>\n.<br \/>\n<strong>Verkehrsampel<\/strong><br \/>\nDer Rat mit dem \u201eErkl\u00e4ren\u201c ist ja wirklich klasse. In diesem Kontext bewege man sich einmal durch die Gegend und beobachte, ohne jede Wertung. Z.B. an der Ampel einer vielbefahrenen Stra\u00dfe- wer hat seine Kinder in aller Regel nicht an der Hand und l\u00e4sst sie unbek\u00fcmmert an der Bordsteinkante herumhampeln? Die statistische Verteilung ist eindeutig. Die Sozialindustrie bringt nun als Reaktion auf diese v\u00f6llig neue Erkenntnis vielleicht den Familienbegleiter heraus, damit \u201ewir\u201c es dann \u201eschaffen\u201c.<br \/>\n9.4.2019, P.O.<br \/>\n.<br \/>\n<strong>Muslim-Kritik-Tabu<\/strong><br \/>\nHerr Palmer ist sehr Sympathisch&#8230;leider sagen mir solche S\u00e4tze &#8222;Wir m\u00fcssen ihnen erkl\u00e4ren&#8220; dass er entweder die Kernproblematik nicht versteht oder er kennt sie u versucht lediglich eine Diskussion anzuregen. Antisemitismus, Frauenfeindliche Haltungen, kinderfeindliche Erziehung etc kann man nicht weg-erkl\u00e4ren. In D. gibt es das Islam u Muslime Kritik-Tabu..somit ist jede art von Weiterentwicklung UNM\u00d6GLICH. Sogar Aufkl\u00e4rern die selbst aus so einer Kultur stammen wird es unm\u00f6glich gemacht brisante Themen \u00fcberhaupt anzusprechen. Siehe zb Verwandtenehen die zu Behinderungen, Erkrankungen f\u00fchren k\u00f6nnen oder die Entrechtung kleiner M\u00e4dchen deren Zukunftaussichren sp\u00e4testens wenn man sie dem KT samt Gesamtpaket unterwirft nicht mal ansatzweise an die M\u00f6glichkeiten nichtmuslimischer M\u00e4dchen heranreichen oder der Umstand dass die klassische Pubert\u00e4t bei jungen Muslimen nicht gibt..einzige Abgrenzung zu den Eltern f\u00fchrt h\u00e4ufig dazu dass sie sie im t\u00fcrkisch, afghanisch etc sein..im Muslim sein noch \u00fcbertreffen m\u00fcssen. Die Politik, der meinungsf\u00fchrende Feminismus u gro\u00dfe Teile der Medien haben das Kritiktabu der Fundamentalisten \u00fcbernommen u \u00fcber jede Emanzipation, Weiterentwicklung gestellt..der Weg ist somt blockiert! Gestern Nacht kam der Jungfrauenwahn im TV&#8230;nachts wenn die meisten schlafen.<br \/>\n8.4.2019, D.D.<\/p>\n<p>.<br \/>\n<strong>Palmer gegen &#8222;schwarze P\u00e4dagogik&#8220; von Migranten<\/strong><br \/>\nDer T\u00fcbinger Oberb\u00fcrgermeister Boris Palmer (Gr\u00fcne) hat mit seinem Eingreifen in die Erziehung eines Zuwandererpaares f\u00fcr Aufregung gesorgt. &#8222;Ich bin mir ziemlich sicher, dass man Eltern, die wenige Jahre hier leben, erkl\u00e4ren muss, wie Erziehung bei uns funktioniert&#8220; &#8230; Alles vom 9.4.2019 bitte lesen auf<br \/>\n<a href=\"https:\/\/www.focus.de\/politik\/deutschland\/tuebingen-ob-palmer-mischt-sich-ein-weil-eltern-kind-schreien-lassen_id_10566865.html\">https:\/\/www.focus.de\/politik\/deutschland\/tuebingen-ob-palmer-mischt-sich-ein-weil-eltern-kind-schreien-lassen_id_10566865.html<\/a><\/p>\n<p>.<br \/>\n<strong>Palmer macht Wahlhilfe<\/strong><br \/>\nF\u00fcr mich ist das nichts anderes als verdeckte Wahlhilfe. Es soll dem naiven Wahlmichel suggeriert werden das bei Deutschlands Abschaffungspartei Nr. 1 noch konservative Werte vorhanden sind. Erinnere gern an die Aussage von Herrn Palmer vor nicht all zu langer Zeit. Man solle doch die kriminellen Asylanten aufs Land abschieben. Wie ein Herr Kretschmann ebenfalls sind beide nun einmal in dieser ABSOLUT unw\u00e4hlbaren Partei! Leider werden wieder viele Zeitgenossen darauf herein fallen.<br \/>\n9.4.2019, M.M., FO<br \/>\n.<br \/>\n<strong>Palmer hat Recht<\/strong><br \/>\nDas Ergebnis von solch einer &#8222;schwarzen P\u00e4dagogik&#8220; sah man u.a. in der Silvesternacht 2015\/2016 in K\u00f6ln. Die Jungen, die so erzogen werden, sind sp\u00e4ter keine mutigen M\u00e4nner, sondern, wie auch die damaligen Nazis, feige, weil man Mut nur aufbauen kann, wenn man lernt, anderen Menschen zu vertrauen und zu kommunizieren, was einem nicht gef\u00e4llt. Der Vater in diesem Beispiel lehrt seinem Sohn aber, dass Kommunikation keinen Sinn hat, weil der St\u00e4rkere machen kann, was er will.<br \/>\n9.4.2019, A.F., FO<br \/>\n.<br \/>\n<strong>Im Grunde ist das demzufolge muslimische Religionskritik was Palmer hier macht,<\/strong><br \/>\n&#8222;&#8230;weil er das Verhalten des Paares auch in einen kulturell bedingten Zusammenhang setzte und als Methode der sogenannten schwarzen P\u00e4dagogik kritisierte.&#8220; Hier setzt Palmer muslimische Lebensart mit schwarzer P\u00e4dagogik gleich.<br \/>\n9.4.2019, M.M. WO<br \/>\n.<br \/>\n<strong>Gut gemacht, Herr Palmer!<\/strong><br \/>\nWenn wir uns einig sind, dass das bei den Nazis falsch war, warum sollte es dann heute nicht m\u00f6glich sein, es bei Einwanderern auf dem Spielplatz falsch zu finden?&#8220;, so der Oberb\u00fcrgermeister.&#8220; Der Mann wird mir immer sympathischer. Schade, dass er in der falschen Partei ist. Ich finde es gut, dass er sich eingemischt hat. Ich h\u00e4tte mich nicht getraut, aus Angst, dann ein Messer zwischen de Rippen zu haben.<br \/>\n9.4.2019, L.R., WO<\/p>\n","protected":false},"excerpt":{"rendered":"<p>Home\u00a0&gt;Religion\u00a0&gt;Islam\u00a0&gt;Erziehung der Kinder &nbsp; Listenauswahl eines Beitrags (Artikel\/Datum, Seite\/Inhalt):\u00a0Klicken\u00a0oder scrollen Holzpenisse und Leckt\u00fccher: Sozialistischer Jugendverband \u201eFalken\u201c empfiehlt Sex-Spiele f\u00fcr Kinder ab sechs\u00a0(28.4.2026) Nicht der Pflicht zu gen\u00fcgen: Schulpflicht \u2013 Hausunterricht\u00a0(24.4.2026) Schule: Indoktrinieren \u2013 NGOs\u00a0(24.4.2026) P\u00e4dophile Sexualp\u00e4dagogik: \u201eWissenschaftlich\u201c gedecktes Grooming\u00a0(10.4.2026) Tatort &hellip; <a href=\"https:\/\/www.freiburg-schwarzwald.de\/blog\/religion\/islam\/erziehung\/\">Weiterlesen <span class=\"meta-nav\">&rarr;<\/span><\/a><\/p>\n","protected":false},"author":2,"featured_media":0,"parent":12111,"menu_order":0,"comment_status":"open","ping_status":"closed","template":"","meta":{"footnotes":""},"class_list":["post-71712","page","type-page","status-publish","hentry"],"_links":{"self":[{"href":"https:\/\/www.freiburg-schwarzwald.de\/blog\/wp-json\/wp\/v2\/pages\/71712","targetHints":{"allow":["GET"]}}],"collection":[{"href":"https:\/\/www.freiburg-schwarzwald.de\/blog\/wp-json\/wp\/v2\/pages"}],"about":[{"href":"https:\/\/www.freiburg-schwarzwald.de\/blog\/wp-json\/wp\/v2\/types\/page"}],"author":[{"embeddable":true,"href":"https:\/\/www.freiburg-schwarzwald.de\/blog\/wp-json\/wp\/v2\/users\/2"}],"replies":[{"embeddable":true,"href":"https:\/\/www.freiburg-schwarzwald.de\/blog\/wp-json\/wp\/v2\/comments?post=71712"}],"version-history":[{"count":6,"href":"https:\/\/www.freiburg-schwarzwald.de\/blog\/wp-json\/wp\/v2\/pages\/71712\/revisions"}],"predecessor-version":[{"id":148485,"href":"https:\/\/www.freiburg-schwarzwald.de\/blog\/wp-json\/wp\/v2\/pages\/71712\/revisions\/148485"}],"up":[{"embeddable":true,"href":"https:\/\/www.freiburg-schwarzwald.de\/blog\/wp-json\/wp\/v2\/pages\/12111"}],"wp:attachment":[{"href":"https:\/\/www.freiburg-schwarzwald.de\/blog\/wp-json\/wp\/v2\/media?parent=71712"}],"curies":[{"name":"wp","href":"https:\/\/api.w.org\/{rel}","templated":true}]}}