{"id":71400,"date":"2019-03-22T21:53:02","date_gmt":"2019-03-22T20:53:02","guid":{"rendered":"https:\/\/www.freiburg-schwarzwald.de\/blog\/?page_id=71400"},"modified":"2026-07-05T11:41:37","modified_gmt":"2026-07-05T09:41:37","slug":"kids","status":"publish","type":"page","link":"https:\/\/www.freiburg-schwarzwald.de\/blog\/selbsthilfe\/kinder\/kids\/","title":{"rendered":"Kids"},"content":{"rendered":"<p><a href=\"https:\/\/www.freiburg-schwarzwald.de\/blog\">Home<\/a>\u00a0&gt;<a title=\"Selbsthilfe\" href=\"https:\/\/www.freiburg-schwarzwald.de\/blog\/selbsthilfe\/\">Selbsthilfe<\/a>\u00a0&gt;<a title=\"Zukunft\" href=\"https:\/\/www.freiburg-schwarzwald.de\/blog\/engagement\/zukunft\/\">Zukunft<\/a>\u00a0&gt;<a title=\"Kinder\" href=\"https:\/\/www.freiburg-schwarzwald.de\/blog\/selbsthilfe\/kinder\/\">Kinder<\/a>\u00a0&gt;<a title=\"Maedchen\" href=\"https:\/\/www.freiburg-schwarzwald.de\/blog\/selbsthilfe\/kinder\/maedchen\/\">Maedchen<\/a> &gt;Kids<\/p>\n<div id=\"attachment_90462\" style=\"width: 649px\" class=\"wp-caption alignnone\"><a href=\"https:\/\/www.freiburg-schwarzwald.de\/blog\/wp-content\/uploads\/2021\/05\/kinder-spielen-im-wohnzimmer-pan210425.jpg\"><img loading=\"lazy\" decoding=\"async\" aria-describedby=\"caption-attachment-90462\" class=\"size-full wp-image-90462\" src=\"https:\/\/www.freiburg-schwarzwald.de\/blog\/wp-content\/uploads\/2021\/05\/kinder-spielen-im-wohnzimmer-pan210425.jpg\" alt=\"\" width=\"639\" height=\"310\" srcset=\"https:\/\/www.freiburg-schwarzwald.de\/blog\/wp-content\/uploads\/2021\/05\/kinder-spielen-im-wohnzimmer-pan210425.jpg 639w, https:\/\/www.freiburg-schwarzwald.de\/blog\/wp-content\/uploads\/2021\/05\/kinder-spielen-im-wohnzimmer-pan210425-180x87.jpg 180w\" sizes=\"auto, (max-width: 639px) 100vw, 639px\" \/><\/a><p id=\"caption-attachment-90462\" class=\"wp-caption-text\">Kinder spielen im Wohnzimmer April 2021 &#8211; BigTech kreativ<\/p><\/div>\n<ul>\n<li><em>Listenauswahl eines Beitrags (Artikel\/Datum, Seite\/Inhalt):\u00a0<span style=\"text-decoration: underline;\">Klicken<\/span>\u00a0oder scrollen<\/em><\/li>\n<li><a href=\"https:\/\/www.freiburg-schwarzwald.de\/blog\/business\/gesund\/hebammen\/\">Hebammen sollen abtreiben? Hier sprechen sich drei von ihnen klar dagegen aus<\/a>\u00a0(4.7.2026)<\/li>\n<li><a href=\"https:\/\/www.freiburg-schwarzwald.de\/blog\/selbsthilfe\/frauen\/gender\/sexuell\/fruehsexualisierung\/\">Holzpenisse und Leckt\u00fccher: Sozialistischer Jugendverband \u201eFalken\u201c empfiehlt Sex-Spiele f\u00fcr Kinder ab sechs<\/a>\u00a0(28.4.2026)<\/li>\n<li><a href=\"https:\/\/www.freiburg-schwarzwald.de\/blog\/bildung\/kindergarten\/kita\/\">Tatort Kita: Der woke Angriff auf unsere Kinder<\/a>\u00a0(6.11.2025)<\/li>\n<li><a href=\"https:\/\/www.freiburg-schwarzwald.de\/blog\/religion\/islam\/islam-maedchen\/\">Otto verkauft Ganzk\u00f6rperverschleierung f\u00fcr Kita-Kinder<\/a>\u00a0(26.8.2025)<\/li>\n<li><a href=\"https:\/\/www.freiburg-schwarzwald.de\/blog\/muttertag-bleibt-muttertag\/\">Muttertag bleibt Muttertag<\/a>\u00a0(11.5.2025)<\/li>\n<li><a href=\"https:\/\/www.freiburg-schwarzwald.de\/blog\/selbsthilfe\/kinder\/sexualisierung\/\">Evangelische Kita wollte Doktorspiele bei Kindern \u2013 Erzieher sollten \u201eunkommentiert beobachten\u201c<\/a>\u00a0(14.4.2025)<\/li>\n<li><a href=\"https:\/\/www.freiburg-schwarzwald.de\/blog\/d-kinderfeindlich-bildungsarm\/\">D: kinderfeindlich, bildungsarm<\/a>\u00a0(21.5.2023)<\/li>\n<li><a href=\"https:\/\/www.freiburg-schwarzwald.de\/blog\/bildung\/kindergarten\/kita\/\">Anstehende Erh\u00f6hung der Kitageb\u00fchren in Freiburg<\/a>\u00a0(11.4.2023)<\/li>\n<li><a href=\"https:\/\/www.freiburg-schwarzwald.de\/blog\/selbsthilfe\/krise\/gewalt\/kindergewalt\/\">Wenn M\u00e4dchen brutal werden: Antdeutscher Rassismus \u2013 Smartphone-Addiction<\/a>\u00a0(22.3.2023)<\/li>\n<li><a href=\"https:\/\/www.freiburg-schwarzwald.de\/blog\/bildung\/intersektionale-bildung\/\">\u201eIntersektionale P\u00e4dagogik\u201c kommt \u00fcber die BpB in Kitas und Schulen<\/a> (3.2.2023)<\/li>\n<li><a href=\"https:\/\/www.freiburg-schwarzwald.de\/blog\/lassen-sie-die-kinder-in-ruhe\/\">Lassen Sie die Kinder in Ruhe<\/a>\u00a0(23.8.2022)<\/li>\n<li><a href=\"https:\/\/www.freiburg-schwarzwald.de\/blog\/selbsthilfe\/frauen\/gender\/lgbtq\/\">Wenn der LGBTQ-Aktivismus in der KITA ankommt<\/a>\u00a0(5.5.2022)<\/li>\n<li>Woke Werbung:\u00a0 Kinderkriegen ist &#8222;B\u00e4h&#8220; (29.4.2022)<\/li>\n<li><a href=\"https:\/\/www.freiburg-schwarzwald.de\/blog\/eine-andere-freiheit\/\">Eine andere Freiheit<\/a>\u00a0(10.9.2021)<\/li>\n<li><a href=\"https:\/\/www.freiburg-schwarzwald.de\/blog\/luxuskinder-auch-luxuseltern\/\">Luxuskinder \u2013 auch Luxuseltern?<\/a>\u00a0(9.9.2021)<\/li>\n<li><a href=\"https:\/\/www.freiburg-schwarzwald.de\/blog\/business\/gesund\/corona-virus\/corona-kinder\/\">Corona: \u201eVielen Kindern geht es schlecht\u201c<\/a> (22.5.2021)<\/li>\n<li><a href=\"https:\/\/www.freiburg-schwarzwald.de\/blog\/kinder-als-corona-leidtragende\/\">Kinder als Corona-Leidtragende<\/a>\u00a0(21.5.2021)<\/li>\n<li><a href=\"https:\/\/www.freiburg-schwarzwald.de\/blog\/business\/gesund\/corona-virus\/corona-kinder\/\">Generation Maske: Geraubte Kindheit<\/a>\u00a0(1.4.2021)<\/li>\n<li><a href=\"https:\/\/www.freiburg-schwarzwald.de\/blog\/offene-schulen-kinder-first\/\">Offene Schulen \u2013 Kinder first<\/a>\u00a0(22.3.2021)<\/li>\n<li><a href=\"https:\/\/www.freiburg-schwarzwald.de\/blog\/kinderkopftuch-kita-und-schule\/\">Kinderkopftuch: Kita und Schule<\/a>\u00a0(19.3.2021)<\/li>\n<li><a href=\"https:\/\/www.freiburg-schwarzwald.de\/blog\/global\/schweden\/\">Schweden \u2013 Sch\u00fclerparadies in Corona-Zeiten<\/a>\u00a0(29.1.2021)<\/li>\n<li><a href=\"https:\/\/www.freiburg-schwarzwald.de\/blog\/schulen-und-kitas-wieder-oeffnen\/\">Schulen und Kitas wieder \u00f6ffnen!<\/a>\u00a0(20.1.2021)<\/li>\n<li><a href=\"https:\/\/www.freiburg-schwarzwald.de\/blog\/selbsthilfe\/kinder\/\">Prof H\u00fcther: Was die Corona-Massnahmen mit unseren Kindern machen<\/a>\u00a0(19.12.2020)<\/li>\n<li><a href=\"https:\/\/www.freiburg-schwarzwald.de\/blog\/kultur\/dichter\/literatur\/maerchen\/\">M\u00e4rchen mit diskriminierenden Inhalten: Kampf gegen Rechts<\/a>\u00a0(16.12.2020)<\/li>\n<li><a title=\"Klima \u2013 den Kindern vorlesen\" href=\"https:\/\/www.freiburg-schwarzwald.de\/blog\/klima-den-kindern-vorlesen\/\">Klima \u2013 den Kindern vorlesen<\/a>\u00a0(23.8.2020)<\/li>\n<li><a title=\"Mit Schnupfen nicht in die Kita\" href=\"https:\/\/www.freiburg-schwarzwald.de\/blog\/mit-schnupfen-nicht-in-die-kita\/\">Mit Schnupfen nicht in die Kita<\/a>\u00a0(28.7.2020)<\/li>\n<li><a title=\"Familie geht vor \u2013 Initiative\" href=\"https:\/\/www.freiburg-schwarzwald.de\/blog\/familie-geht-vor-initiative\/\">Familie geht vor \u2013 Initiative<\/a>\u00a0(28.6.2020)<\/li>\n<li><a title=\"Sexualisierung\" href=\"https:\/\/www.freiburg-schwarzwald.de\/blog\/selbsthilfe\/kinder\/sexualisierung\/\">Fr\u00fckindliche Sexualerziehung: Kinderrechte ins Grundgesetz \u2013 Elternrechte an den Staat?<\/a>\u00a0(8.1.2020)<\/li>\n<li><a title=\"UMA\" href=\"https:\/\/www.freiburg-schwarzwald.de\/blog\/global\/integration\/uma\/\">UMA auf Lesbos: Kinder nach Hause bringen<\/a> (4.1.2020)<\/li>\n<li><a title=\"Babuschka in RUS \u2013 Oma in D\" href=\"https:\/\/www.freiburg-schwarzwald.de\/blog\/babuschka-in-rus-oma-in-d\/\">Babuschka in RUS \u2013 Oma in D<\/a>\u00a0(30.12.2019)<\/li>\n<li><a title=\"Kinder-instrumentalisieren\" href=\"https:\/\/www.freiburg-schwarzwald.de\/blog\/selbsthilfe\/kinder\/kinder-instrumentalisieren\/\">Kinder im WDR: Meine Oma ist \u2018ne alte Umweltsau<\/a>\u00a0(28.12.2019)<\/li>\n<li><a title=\"Babyboom\" href=\"https:\/\/www.freiburg-schwarzwald.de\/blog\/selbsthilfe\/kinder\/babyboom\/\">Babyboom bei Migrantinnen<\/a>\u00a0(18.12.2019)<\/li>\n<li><a title=\"Indoktrinierung\" href=\"https:\/\/www.freiburg-schwarzwald.de\/blog\/bildung\/schulen\/indoktrinierung\/\">Lachtag statt Weihnachtstag<\/a>\u00a0(14.12.2019)<\/li>\n<li>KiDS &#8211; Kinder vor Diskriminierung sch\u00fctzen (21.3.2019)<\/li>\n<\/ul>\n<p>&nbsp;<\/p>\n<ul>\n<li><a href=\"https:\/\/www.freiburg-schwarzwald.de\/angst.htm\">Angst<\/a>\u00a0&gt;Angst<\/li>\n<li><a title=\"Babyboom\" href=\"https:\/\/www.freiburg-schwarzwald.de\/blog\/selbsthilfe\/kinder\/babyboom\/\">Babyboom<\/a><\/li>\n<li><a href=\"https:\/\/www.freiburg-schwarzwald.de\/blog\/business\/gesund\/corona-virus\/corona-kinder\/\">Corona-Kinder<\/a><\/li>\n<li><a title=\"Diskriminierung\" href=\"https:\/\/www.freiburg-schwarzwald.de\/blog\/kultur\/medien\/diskriminierung\/\">Diskriminierung<\/a><\/li>\n<li><a title=\"FridaysForFuture\" href=\"https:\/\/www.freiburg-schwarzwald.de\/blog\/natur\/klima\/fridaysforfuture\/\">Fridays for Future<\/a><\/li>\n<li><a href=\"https:\/\/www.freiburg-schwarzwald.de\/blog\/selbsthilfe\/frauen\/gender\/sexuell\/fruehsexualisierung\/\">Fr\u00fchsexualisierung<\/a><\/li>\n<li><a href=\"https:\/\/www.freiburg-schwarzwald.de\/blog\/business\/gesund\/hebammen\/\">Hebammen<\/a><\/li>\n<li><a href=\"https:\/\/www.freiburg-schwarzwald.de\/blog\/bildung\/intersektionale-bildung\/\">Intersektionale-Bildung<\/a><\/li>\n<li><a href=\"https:\/\/www.freiburg-schwarzwald.de\/blog\/religion\/islam\/islam-maedchen\/\">Islam-M\u00e4dchen<\/a><\/li>\n<li><a href=\"https:\/\/www.freiburg-schwarzwald.de\/steinmetz.htm#Xertifix.de%20-%20Natursteine%20fair%20-%20ohne%20Kinderarbeit\">Kinderarbeit \u2013 Steine \u2013 Xertifix<\/a>\u00a0&gt;Steinmetz<\/li>\n<li><a href=\"https:\/\/www.freiburg-schwarzwald.de\/littenweiler\/kinder.htm\">Kinder im Raum Freiburg<\/a>\u00a0&gt;freiburg-dreisamtal.de\/kinder.htm<\/li>\n<li><a title=\"Kindergarten\" href=\"https:\/\/www.freiburg-schwarzwald.de\/blog\/bildung\/kindergarten\/\">Kinderg\u00e4rten und Kitas<\/a><\/li>\n<li><a title=\"Kinder-instrumentalisieren\" href=\"https:\/\/www.freiburg-schwarzwald.de\/blog\/selbsthilfe\/kinder\/kinder-instrumentalisieren\/\">Kinder-instrumentalisieren<\/a><\/li>\n<li><a href=\"https:\/\/www.freiburg-schwarzwald.de\/jugendfreizeit.htm\">Kinder- und Jugendfreizeiten<\/a>\u00a0&gt;Jugendfreizeit<\/li>\n<li><a title=\"Kinderlos\" href=\"https:\/\/www.freiburg-schwarzwald.de\/blog\/selbsthilfe\/kinder\/kinderlos\/\">Kinderlos \u2013 Geburtenerate<\/a><\/li>\n<li><a href=\"https:\/\/www.freiburg-schwarzwald.de\/littenweiler\/kinderkrippe.htm\">Krippenpl\u00e4tze<\/a>\u00a0&gt;Kinderkrippen<\/li>\n<li><a href=\"https:\/\/www.freiburg-schwarzwald.de\/blog\/selbsthilfe\/krise\/gewalt\/kindergewalt\/\">Kindergewalt<\/a><\/li>\n<li><a href=\"https:\/\/www.freiburg-schwarzwald.de\/kinderlos.htm\">Kinderlosigkeit bei uns<\/a>\u00a0&gt;Kinderlos<\/li>\n<li><a title=\"Kinderwunsch\" href=\"https:\/\/www.freiburg-schwarzwald.de\/blog\/selbsthilfe\/kinder\/kinderwunsch\/\">Kinderwunsch<\/a><\/li>\n<li><a title=\"Kinderkrippe\" href=\"https:\/\/www.freiburg-schwarzwald.de\/blog\/bildung\/kinderkrippe\/\">Kita<\/a><\/li>\n<li><a href=\"https:\/\/www.freiburg-schwarzwald.de\/blog\/selbsthilfe\/frauen\/gender\/lgbtq\/\">LGBTQ<\/a><\/li>\n<li><a title=\"Maedchen\" href=\"https:\/\/www.freiburg-schwarzwald.de\/blog\/selbsthilfe\/kinder\/maedchen\/\">M\u00e4dchen<\/a><\/li>\n<li><a title=\"Maerchen\" href=\"https:\/\/www.freiburg-schwarzwald.de\/blog\/kultur\/dichter\/literatur\/maerchen\/\">M\u00e4rchenerz\u00e4hler<\/a>\u00a0&gt;Maerchen<\/li>\n<li><a title=\"Menschenrechte\" href=\"https:\/\/www.freiburg-schwarzwald.de\/blog\/kultur\/aufklaerung\/menschenrechte\/\">Menschenrechte<\/a><\/li>\n<li><a title=\"Praegung\" href=\"https:\/\/www.freiburg-schwarzwald.de\/blog\/selbsthilfe\/kinder\/praegung\/\">Pr\u00e4gung<\/a><\/li>\n<li><a title=\"Sexualisierung\" href=\"https:\/\/www.freiburg-schwarzwald.de\/blog\/selbsthilfe\/kinder\/sexualisierung\/\">Sexualisierung<\/a><\/li>\n<li><a title=\"Spielen\" href=\"https:\/\/www.freiburg-schwarzwald.de\/blog\/spielen\/\">Spielen<\/a><\/li>\n<li><a href=\"https:\/\/www.freiburg-schwarzwald.de\/spielzeug.htm\">Spielzeug f\u00fcr Kinder<\/a>\u00a0&gt;Spielzeug<\/li>\n<\/ul>\n<p>&nbsp;<\/p>\n<p><strong>Woke Werbung:\u00a0 Kinderkriegen ist &#8222;B\u00e4h&#8220;<\/strong><br \/>\n<a href=\"https:\/\/www.freiburg-schwarzwald.de\/blog\/kultur\/kulturverlust\/woke\/\">Woke<\/a>, die zerst\u00f6rerische Unkultur, h\u00e4lt auch in der Werbung Einzug. So bei Aldi-Nord; Kinderfeindliche Propaganda im Warenkorb<br \/>\n<a href=\"https:\/\/youtu.be\/yYX5n1ZaOos\">https:\/\/youtu.be\/yYX5n1ZaOos<\/a><br \/>\n29.4.2022<\/p>\n<p>.<\/p>\n<p><strong>KiDS &#8211; Kinder vor Diskriminierung sch\u00fctzen<\/strong><br \/>\nNachwuchsapatschen und Babyscheichs: Mein Besuch auf der KiDs-Internetpr\u00e4senz beantwortete gleich in der \u00dcberschrift eine meiner Fragen, die nach dem versalen Binnen-D. Bei \u201eKiDs\u201c handelt es sich n\u00e4mlich um ein ausgefuchstes Akronym. Es steht f\u00fcr \u201eKinder vor Diskriminierung sch\u00fctzen\u201c. Etwas irritierend finde ich, dass man sich auf die Fahne schreibt, nur Kinder vor Diskriminierung sch\u00fctzen zu wollen. Meine Hoffnung war, dass den gef\u00fchllosen Ungeheuern auch beigebracht wird, gegen\u00fcber Erwachsenen sensibel und zur\u00fcckhaltend aufzutreten.<br \/>\nIch habe n\u00e4mlich hierzulande noch nicht so viele schutzbed\u00fcrftige Nachwuchsapatschen und Babyscheichs in Kitas erlebt. Klar, inzwischen findet man dort zuhauf Surens\u00f6hnchen, die sich kulturbedingt wie kleine Prinzen auff\u00fchren. Um es karrieretechnisch bis zum Scheich zu bringen, m\u00fcssen die aber im Normalfall noch eine ordentliche Lebensstrecke zur\u00fccklegen. Sei\u2019s drum, hoffen wir einfach, dass Kinder, denen Respekt vor kleinen Mitmenschen beigebracht wird, diesen automatisch auf die gro\u00dfen ausdehnen, so dass auch die Futterfreundin bei Edeka und ich von der Erziehungsleistung profitieren k\u00f6nnten. Gut finde ich jedenfalls schon mal, dass die \u201eKiDs aktuell\u201c-Macher*innen erkannt haben, dass Kitas und Kinderl\u00e4den \u201enicht au\u00dferhalb von gesellschaftlichen Machtverh\u00e4ltnissen\u201c stehen. W\u00e4re ja noch sch\u00f6ner.<br \/>\n&#8230; Alles vom 21.3.2019 von Robert von Loewenstern bitte lesen auf<br \/>\n<a href=\"https:\/\/www.achgut.com\/artikel\/kitas_im_parallel_universum\">https:\/\/www.achgut.com\/artikel\/kitas_im_parallel_universum<br \/>\n<\/a>.<\/p>\n<p><strong>Kinder vor Diskriminierung Sch\u00fctzen &#8211; KIDS<\/strong><br \/>\n\u201eKiDs \u2013 Kinder vor Diskriminierung sch\u00fctzen!\u201c setzt sich zusammen aus\u2026<br \/>\n&#8211; dem bundesweiten Kampagnenbereich,<br \/>\n&#8211; dem berlinweiten Beratungsangebot zu Diskriminierungsf\u00e4llen, die junge Kinder betreffen,<br \/>\n&#8211; der Prozessbegleitung zu diskriminierungssensiblen Beschwerdeverfahren in Kitas.<br \/>\nIn unserem Team arbeiten sexismus- und rassismuserfahrene Personen sowie Menschen, die Diskriminierungserfahrungen aufgrund von Heteronormativit\u00e4t machen.<br \/>\n<a href=\"https:\/\/kids.kinderwelten.net\/de\">https:\/\/kids.kinderwelten.net\/de<br \/>\n<\/a>\u00a0.<br \/>\nDas einzige, was diese lebensunt\u00fcchtigen, v\u00f6llig verwirrten Geister bei den Kleinkindern anrichten ist, sie zu lebensunt\u00fcchtigen, v\u00f6llig verwirrten Jugendlichen heranzuz\u00fcchten, die dann weiter zu lebensunt\u00fcchtigen, v\u00f6llig verwirrten Erwachsenen werden. Verwirrte erzeugen nur Verwirrung und davon gibt es bei den Gr\u00fcnkhmers jetzt schon gen\u00fcgend!<br \/>\n21.3.2019, J.L., AO<br \/>\n.<br \/>\nEin w\u00fctendmachendes relevantes gesellschaftliches Thema so unterhaltsam an die Leut zu bringen, da gh\u00f6rt scho gscheit Talent dazu. Super analysiert Herr L\u00f6wenstein, alle Infos f\u00fcr die eigene Recherche hinterlegt, falls man noch Inhalt im Magenraum zum kotzen parat hat. Man muss an einigen Stellen echt aufpassen beim Lesen, dass es einem beim Lachen nicht hochkommt &#8211; h\u00e4tte evtl. am Anfang des Beitrags eine Warnung platziert werden m\u00fcssen. (Hihi!) Ja ernsthaft: wer Kinder hat, kennt solche Gschichten inzwischen vermehrt aus eigener Anschauung. Bevor &#8211; falls \u00fcberhaupt &#8211; in diesem grenzenlosen Lande noch mal eine Verbesserung der gesellschaftlichen Verh\u00e4ltnisse erreicht werden sollte &#8211; bis dahin wird alles noch viel exaltierter gretaisiert und die erarbeiteten Werte der letzten 150 Jahre pervertiert und entmenschlicht. Viel zu viele w\u00e4hnen sich noch immer im Schlaf der (Selbst-)Gerechten.<br \/>\n21.3.2019, D.J., AO<br \/>\n.<br \/>\n<strong>Warum \u00dcberfluss t\u00f6tet<\/strong><br \/>\nst tats\u00e4chlich nur mit viel Humor verdaulich, vielen Dank f\u00fcr die Aufkl\u00e4rung und kabarettistische Einordnung. Wenn ich von solchen Institutionen und gesellschaftlichen Fehlentwicklungen h\u00f6re, stelle ich mir immer vor, dass es wohl in den letzten gro\u00dfen Tagen des r\u00f6mischen Reiches, oder anderer gro\u00dfer Kulturen, \u00e4hnlich zugegangen sein muss. Die Leute haben alles, es gibt nichts mehr sinnvolles nach dem man Streben k\u00f6nnte, g\u00e4hnende Langeweile im Gehirn und im Leben. Ideale Voraussetzungen um sich dann mit v\u00f6lligem Quatsch geistig zu verwurschteln, um schlussendlich an der eigenen Dummheit zu ersticken und unterzugehen. Ich bin leider \u00fcberzeugt, dass hier nur ein totaler Reset in der Dimension und Qualit\u00e4t einer globalen Zombie-Apokalypse helfen kann. Ich sehe auch immer st\u00e4rkere Parallelen zum Paradies der M\u00e4use, Universe 25 des Verhaltensforschers John Bumpass Calhoun: zunehmend stark desorientierte Gruppen in der Bev\u00f6lkerung, neue gesellschaftliche Klassen und neue soziale Regeln innerhalb dieser Klassen. Klassifizierung von \u201cPack\u201d und gesellschaftlich anerkannte Klassen. Google: Warum \u00dcberfluss t\u00f6tet.<br \/>\n21.3.2019, M.M.<br \/>\n.<br \/>\nSolcher Schwachsinn(bei &#8222;Kids aktuell&#8220;) ist tats\u00e4chlich nur mit viel Humor verdaulich, vielen Dank f\u00fcr die Aufkl\u00e4rung und kabarettistische Einordnung. Wenn ich von solchen Institutionen und gesellschaftlichen Fehlentwicklungen h\u00f6re, stelle ich mir immer vor, dass es wohl in den letzten gro\u00dfen Tagen des r\u00f6mischen Reiches, oder anderer gro\u00dfer Kulturen, \u00e4hnlich zugegangen sein muss.<br \/>\nDie Leute haben alles, es gibt nichts mehr sinnvolles nach dem man Streben k\u00f6nnte, g\u00e4hnende Langeweile im Gehirn und im Leben. Ideale Voraussetzungen um sich dann mit v\u00f6lligem Quatsch geistig zu verwurschteln, um schlussendlich an der eigenen Dummheit zu ersticken und unterzugehen.<br \/>\nIch bin leider \u00fcberzeugt, dass hier nur ein totaler Reset in der Dimension und Qualit\u00e4t einer globalen Zombie-Apokalypse helfen kann. Ich sehe auch immer st\u00e4rkere Parallelen zum Paradies der M\u00e4use, Universe 25 des Verhaltensforschers John Bumpass Calhoun: zunehmend stark desorientierte Gruppen in der Bev\u00f6lkerung, neue gesellschaftliche Klassen und neue soziale Regeln innerhalb dieser Klassen. Klassifizierung von \u201cPack\u201d und gesellschaftlich anerkannte Klassen. Google: Warum \u00dcberfluss t\u00f6tet.<br \/>\n21.3.2019, F.L.<\/p>\n","protected":false},"excerpt":{"rendered":"<p>Home\u00a0&gt;Selbsthilfe\u00a0&gt;Zukunft\u00a0&gt;Kinder\u00a0&gt;Maedchen &gt;Kids Listenauswahl eines Beitrags (Artikel\/Datum, Seite\/Inhalt):\u00a0Klicken\u00a0oder scrollen Hebammen sollen abtreiben? Hier sprechen sich drei von ihnen klar dagegen aus\u00a0(4.7.2026) Holzpenisse und Leckt\u00fccher: Sozialistischer Jugendverband \u201eFalken\u201c empfiehlt Sex-Spiele f\u00fcr Kinder ab sechs\u00a0(28.4.2026) Tatort Kita: Der woke Angriff auf unsere Kinder\u00a0(6.11.2025) &hellip; <a href=\"https:\/\/www.freiburg-schwarzwald.de\/blog\/selbsthilfe\/kinder\/kids\/\">Weiterlesen <span class=\"meta-nav\">&rarr;<\/span><\/a><\/p>\n","protected":false},"author":2,"featured_media":0,"parent":274,"menu_order":0,"comment_status":"open","ping_status":"closed","template":"","meta":{"footnotes":""},"class_list":["post-71400","page","type-page","status-publish","hentry"],"_links":{"self":[{"href":"https:\/\/www.freiburg-schwarzwald.de\/blog\/wp-json\/wp\/v2\/pages\/71400","targetHints":{"allow":["GET"]}}],"collection":[{"href":"https:\/\/www.freiburg-schwarzwald.de\/blog\/wp-json\/wp\/v2\/pages"}],"about":[{"href":"https:\/\/www.freiburg-schwarzwald.de\/blog\/wp-json\/wp\/v2\/types\/page"}],"author":[{"embeddable":true,"href":"https:\/\/www.freiburg-schwarzwald.de\/blog\/wp-json\/wp\/v2\/users\/2"}],"replies":[{"embeddable":true,"href":"https:\/\/www.freiburg-schwarzwald.de\/blog\/wp-json\/wp\/v2\/comments?post=71400"}],"version-history":[{"count":6,"href":"https:\/\/www.freiburg-schwarzwald.de\/blog\/wp-json\/wp\/v2\/pages\/71400\/revisions"}],"predecessor-version":[{"id":151155,"href":"https:\/\/www.freiburg-schwarzwald.de\/blog\/wp-json\/wp\/v2\/pages\/71400\/revisions\/151155"}],"up":[{"embeddable":true,"href":"https:\/\/www.freiburg-schwarzwald.de\/blog\/wp-json\/wp\/v2\/pages\/274"}],"wp:attachment":[{"href":"https:\/\/www.freiburg-schwarzwald.de\/blog\/wp-json\/wp\/v2\/media?parent=71400"}],"curies":[{"name":"wp","href":"https:\/\/api.w.org\/{rel}","templated":true}]}}