{"id":7129,"date":"2012-07-16T09:22:30","date_gmt":"2012-07-16T09:22:30","guid":{"rendered":"https:\/\/www.freiburg-schwarzwald.de\/blog\/?page_id=7129"},"modified":"2025-09-30T09:05:23","modified_gmt":"2025-09-30T07:05:23","slug":"kapitalanlage","status":"publish","type":"page","link":"https:\/\/www.freiburg-schwarzwald.de\/blog\/business\/dienste\/kapitalanlage\/","title":{"rendered":"Kapitalanlage"},"content":{"rendered":"<p>Home &gt;<a title=\"Business\" href=\"https:\/\/www.freiburg-schwarzwald.de\/blog\/business\/\">Business<\/a> &gt;<a title=\"Dienste\" href=\"https:\/\/www.freiburg-schwarzwald.de\/blog\/business\/dienste\/\">Dienste<\/a> &gt;Kapitalanlage<\/p>\n<div id=\"attachment_6895\" style=\"width: 610px\" class=\"wp-caption alignnone\"><a href=\"https:\/\/www.freiburg-schwarzwald.de\/blog\/regio\/hochrhein\/wasserkraftwerk3pan-080814\/\" rel=\"attachment wp-att-6895\"><img loading=\"lazy\" decoding=\"async\" aria-describedby=\"caption-attachment-6895\" class=\"size-full wp-image-6895\" title=\"wasserkraftwerk3pan-080814\" src=\"https:\/\/www.freiburg-schwarzwald.de\/blog\/wp-content\/uploads\/2012\/07\/wasserkraftwerk3pan-080814.jpg\" alt=\"\" width=\"600\" height=\"180\" srcset=\"https:\/\/www.freiburg-schwarzwald.de\/blog\/wp-content\/uploads\/2012\/07\/wasserkraftwerk3pan-080814.jpg 600w, https:\/\/www.freiburg-schwarzwald.de\/blog\/wp-content\/uploads\/2012\/07\/wasserkraftwerk3pan-080814-180x54.jpg 180w\" sizes=\"auto, (max-width: 600px) 100vw, 600px\" \/><\/a><p id=\"caption-attachment-6895\" class=\"wp-caption-text\">Blick nach Nordosten \u00fcber den Hochrhein zur Kraftwerkbaustelle bei Schw\u00f6rstadt rechts am 14.8.2008<\/p><\/div>\n<p>&nbsp;<\/p>\n<ul>\n<li><em>Listenauswahl eines Beitrags (Artikel\/Datum, Seite\/Inhalt):\u00a0<span style=\"text-decoration: underline;\">Klicken<\/span>\u00a0oder scrollen<\/em><\/li>\n<li><a href=\"https:\/\/www.freiburg-schwarzwald.de\/blog\/energie\/erneuerbare\/\">Wie ich meine Windkraft-Investitionen beerdigen durfte<\/a>\u00a0(31.7.2025)<\/li>\n<li><a href=\"https:\/\/www.freiburg-schwarzwald.de\/blog\/global\/finanzsystem\/krypto\/\">Wie Kryptow\u00e4hrungen die Welt revolutionieren<\/a>\u00a0(20.6.2025)<\/li>\n<li><a href=\"https:\/\/www.freiburg-schwarzwald.de\/blog\/global\/finanzsystem\/bitcoin\/\">Bitcoin an der Zeitmauer: Es geht um Resilienz statt nur um Rendite<\/a>\u00a0(25.5.2025)<\/li>\n<li>ESG-Kriterien f\u00fcr Nachhaltige Geldanlagen (14.9.2013)<\/li>\n<li><a href=\"https:\/\/www.freiburg-schwarzwald.de\/blog\/ecoreporter-nachhaltigkeitsiegel\/\">https:\/\/www.freiburg-schwarzwald.de\/blog\/ecoreporter-nachhaltigkeitsiegel\/<\/a>\u00a0(5.9.2013)<\/li>\n<li><a href=\"https:\/\/www.freiburg-schwarzwald.de\/blog\/regiowind-ertrag-2012-gut\/\">https:\/\/www.freiburg-schwarzwald.de\/blog\/regiowind-ertrag-2012-gut\/<\/a>\u00a0(12.4.2013)<\/li>\n<li><a href=\"https:\/\/www.freiburg-schwarzwald.de\/littenweiler\/banken1.htm#Mikrokredite f\u00fcr Entwicklungsl\u00e4nder - Fehler im System\">Mikrokredite f\u00fcr Entwicklungsl\u00e4nder &#8211; Fehler im System?<\/a>&gt;Banken1 (21.10.2011)<\/li>\n<li><a href=\"https:\/\/www.freiburg-schwarzwald.de\/littenweiler\/ph1.htm#M\u00fcnzen - 5000 Geldm\u00fcnzen aus Kupfer auf einem Haufen\">M\u00fcnzen &#8211; 5000 Geldm\u00fcnzen aus Kupfer auf einem Haufen<\/a>&gt;PH1 (24.7.2011)<\/li>\n<li>Bauminvest \u2013 Das Geld w\u00e4chst aus der Wurzel&gt;Kapitalanlage (8.4.2010)<\/li>\n<li>Der Erneuerbare: Fonds investiert in Wind, Wasser und Sonne &gt;Kapitalanlage (31.3.2010)<\/li>\n<li>Gr\u00fcnes Geld Freiburg am 23.Oktober 2010 im Historischen Kaufhaus(4.3.2010)<\/li>\n<li><a href=\"https:\/\/www.freiburg-schwarzwald.de\/ag.htm#Regionalwert AG will weiter wachsen - zweifache Rendite\">Regionalwert AG will weiter wachsen &#8211; zweifache Rendite<\/a>&gt;AG (14.1.2010)<\/li>\n<li>Gr\u00fcnes Geld: Freiburger Tag am 10.Okt. im Historischen Kaufhaus&gt;Kapitalanlage (8.10.2009)<\/li>\n<li><a href=\"https:\/\/www.freiburg-schwarzwald.de\/finanzsystem1.htm#B\u00f6rsenumsatzsteuer n\u00fctzt nur europaweit: 70 Mrd Euro\">B\u00f6rsenumsatzsteuer n\u00fctzt nur europaweit: 70 Mrd Euro<\/a>&gt;Finanzsystem1 (25.7.2009)<\/li>\n<li><a href=\"https:\/\/www.freiburg-schwarzwald.de\/finanzsystem.htm#Bankenkrach - strenge Kontrollen wie in Spanien\">Bankenkrach &#8211; strenge Kontrollen wie in Spanien?<\/a> &gt;Finanzsystem (18.11.2008)<\/li>\n<li><a href=\"https:\/\/www.freiburg-schwarzwald.de\/finanzsystem.htm#Der Banker als Junkie\">Der Banker als Junkie<\/a>&gt;Finanzsystem (28.10.2008)<\/li>\n<li><a href=\"https:\/\/www.freiburg-schwarzwald.de\/wind1.htm#Geldflaute bei Regiowind - Dieses Jahr keine Aussch\u00fcttung\">Geldflaute bei Regiowind &#8211; Dieses Jahr keine Aussch\u00fcttung<\/a> &gt;Wind1 (3.12.2005)<\/li>\n<li><a href=\"https:\/\/www.freiburg-schwarzwald.de\/littenweiler\/solar2.htm#Aktien von Photovoltaik-Unternehmen legten drastisch zu\">Aktien von Photovoltaik-Unternehmen legten drastisch zu<\/a>&gt;Solar2 (30.9.2005)<\/li>\n<li>Bioenergie &#8211; Beteiligungsprojekte zur \u00d6ko-Kapitalanlage \u00fcber fesa-GmbH &gt;Kapitalanlage (29.9.)<\/li>\n<li><\/li>\n<li><a href=\"https:\/\/www.freiburg-schwarzwald.de\/blog\/global\/finanzsystem\/bitcoin\/\">Bitcoin<\/a><\/li>\n<li><a href=\"https:\/\/www.freiburg-schwarzwald.de\/blog\/energie\/energiewende\/energie-kurskorrektur\/\">Energie-Kurskorrektur<\/a><\/li>\n<li><a href=\"https:\/\/www.freiburg-schwarzwald.de\/blog\/global\/finanzsystem\/krypto\/\">Krypto<\/a><\/li>\n<li><a title=\"Risikokapital\" href=\"https:\/\/www.freiburg-schwarzwald.de\/blog\/business\/risikokapital\/\">Risikokapital<\/a><\/li>\n<li><a href=\"https:\/\/www.freiburg-schwarzwald.de\/55mrdeuro.htm\">55 Mrd Euro als Staatsschulden falsch verbucht &#8211; einfach so<\/a> &gt;55MrdEuro<\/li>\n<li>Baum-Invest &#8211; Holz in Costa Rica &gt;Kapitalanlage<\/li>\n<li>Oikocredit F\u00f6rderkreis Baden-W\u00fcrttemberg e.V. &gt;Kapitalanlage<\/li>\n<li><a href=\"https:\/\/www.freiburg-schwarzwald.de\/oekologie.htm#rote f\u00e4den - \u00f6kosoziales Unternehmernetzwerk\">Rote F\u00e4den &#8211; \u00f6kosoziales Unternehmernetzwerk in L\u00f6rrach<\/a> &gt;Oekologie<\/li>\n<li><a href=\"https:\/\/www.freiburg-schwarzwald.de\/emissionshandel.htm\">Emissionshandel &#8211; Global Woods aus M\u00fcnstertal<\/a> &gt;Emissionshandel<\/li>\n<li><a href=\"https:\/\/www.freiburg-schwarzwald.de\/energiepolitik.htm#Sch\u00f6nau im Wiesental - B\u00fcrger \u00fcbernehmen die Stromversorgung\">EWS &#8211; Energiewerke Sch\u00f6nau <\/a>&gt;Energiepolitik<\/li>\n<li><a href=\"https:\/\/www.freiburg-schwarzwald.de\/littenweiler\/solar.htm#fesa GmbH Freiburg\">fesa GmbH Freiburg<\/a> &gt;Solar<\/li>\n<li><a href=\"https:\/\/www.freiburg-schwarzwald.de\/finanzsystem.htm\">Finanzsystem<\/a> &gt;Finanzsystem<\/li>\n<\/ul>\n<p><strong>Das nicht haltbare staatliche Subventionsversprechen<\/strong><br \/>\nDer Windrad-\/Solarinvestor von 2025 legt sein Kapital im Vertrauen auf die 20-j\u00e4hrige <a href=\"https:\/\/www.freiburg-schwarzwald.de\/blog\/engagement\/zukunft\/demokratie\/staat\/subventionen\/\">Subventionszusage<\/a> des Staates an \u2013 in einem Vertrag zu Lasten Dritter, n\u00e4mlich des Steuerb\u00fcrgers und seiner Kinder. Kann dieses von unseren Politikern eingebrockte staatliche Subventionsversprechen bis 2045 bei anhaltender Schrumpfung der Volkswirtschaft und Deindustrialisierung je gehalten werden? Eine grundlegende Frage, auf die Manfred Haferburg immer wieder hinweist \u2013 mehr\u00a0<a href=\"https:\/\/www.freiburg-schwarzwald.de\/blog\/energie\/energiewende\/energie-kurskorrektur\/\">hier<\/a>.<br \/>\n===========================================================<\/p>\n<p>&nbsp;<\/p>\n<p><strong>ESG-Kriterien f\u00fcr Nachhaltige Geldanlagen<\/strong><\/p>\n<p>\u00dcber 13.6 Billionen Dollar werden nach Angaben der US-amerikanischen Global Sustainable Investment Alliance nach ESG-Kriterien verwaltet, flie\u00dfen also in Unternehmen, die bestimmten ethischen und \u00f6kologischen Standards entsprechen. ESG steht f\u00fcr Environment (Umwelt), Social und Good Governance (gute Unternehmensf\u00fchrung). ESG-Analysten erstellen Nachhaltigkeits-Ratings, die aber \u2013 anders als bei Finanzkennzahlen \u2013 noch keinem allgemein anerkannten Kriterienkatalog bzw. Beurteilungssystem unterliegen.<\/p>\n<p>Wissenschaftler der Universit\u00e4t Harburg fanden heraus, dass Unternehmen, die Auflagen zu Umweltschutz,\u00a0 Arbeitsschutz und Unternehmensf\u00fchrung beachten,\u00a0 langfristig erfolgreicher an der B\u00f6rse notieren. Die Steinbeis-Hochschule meldet in einer Studie, dass nachhaltige Geldanlagen eine bessere Perspektive bieten als herk\u00f6mmliche. Deshalb haben Gro\u00dfanleger wie DWS, First State, ING Diba, Allianz, Pensionsfonds von Sparkassen und MetallRente in gro\u00dfem Ma\u00df nachhaltig investiert.<br \/>\nIm Gegensatz zu institutionellen tun sich private Geldanleger hinsichtlich einer \u00d6ko-Anlage schwer. Denn nachdem viele Anlagen in Windkraft, Solar und Wasser floppten, sind solche Fonds vielen Leuten zu spekulativ. Unter dem Begriff Nachhaltigkeit konnte man alles verkaufen. Deshalb arbeitet der Branchenverband \u201eForum Nachhaltige Geldanlage\u201c FNG daran, einen G\u00fctesiegel zu erstellen, damit die Fonds einen bestimmten Mindestkriterien einhalten. Doch beim Definiere der Kriterien f\u00fcr das \u00d6ko-Label tut sich das FNG schwer.<br \/>\n13.9.2013<\/p>\n<p>&nbsp;<\/p>\n<p><strong>Bauminvest \u2013 Das Geld w\u00e4chst aus der Wurzel<\/strong><\/p>\n<p>Aktien? Gold? Einige Investoren legen ihr Geld lieber in Edelholz an \u2013 zum Beispiel bei einem Freiburger Fonds namens Bauminvest. Der sorgt daf\u00fcr, dass in Zentralamerika ver\u00f6dete Landstriche neu bepflanzt werden. Stefan Pr\u00f6stler blickt auf Reihen von Sch\u00f6sslingen verschiedener Tropenh\u00f6lzer und sagt: &#8222;Wir pflanzen keine B\u00e4ume. Wir konstruieren Wurzeln.&#8220; Er steht in der von ihm aufgebauten Baumschule auf der Finca San Rafael im Norden Costa Ricas. Hier soll ein Wald voller Edelh\u00f6lzer aufwachsen, die man weltweit vermarkten kann. Zahltag wird in zwei Jahrzehnten sein. Investitionen in Holz erfordern Geduld. Pr\u00f6stler forstet in San Rafael 140 Hektar Weideland mit Tropenholz auf. Das entspricht der Fl\u00e4che von 190 Fu\u00dfballfeldern. Das Land geh\u00f6rt dem Fonds &#8222;Bauminvest 1&#8220;. Hinter dem Projekt steht Stefans Vater <a href=\"https:\/\/www.freiburg-schwarzwald.de\/kapitalanlage.htm#Baum-Invest - Holz in Costa Rica\">Leo Pr\u00f6stler<\/a> \u2013 in S\u00fcdbaden bekannt als ehemaliger Gesch\u00e4ftsf\u00fchrer des \u00d6koinstituts in Freiburg und Gr\u00fcnder des Waschb\u00e4r-Versands f\u00fcr \u00d6koprodukte. Er hat seine Kontakte in der deutschen Szene der \u00d6kounternehmer spielen lassen und Mitstreiter gefunden, die das Holzprojekt 2007 angeschoben haben. Keine Unbekannten allesamt, sondern Menschen, die ein Motto Erich K\u00e4stners verinnerlicht haben \u2013 &#8222;Tue Gutes und rede dar\u00fcber&#8220; . Dazu geh\u00f6ren die Stromrebellen <a href=\"https:\/\/www.freiburg-schwarzwald.de\/strom.htm#EWS Sch\u00f6nau\">Ursula und Michael Sladek aus Sch\u00f6nau<\/a> ebenso wie der verstorbene Gr\u00fcnder der Freiburger Solarfabrik Georg Salvamoser. Als der Fonds im Dezember 2009 geschlossen wurde, hatten 630 Menschen 7,8 Millionen Euro aufgebracht.<br \/>\nDer Boden auf der Finca San Rafael ist sauer. Er enth\u00e4lt viel Eisen und Aluminium. Um ihn zu verbessern, setzt Pr\u00f6stler auf nat\u00fcrliche Methoden. Kompost, W\u00fcrmer und Mykorrhizapilze sollen helfen, Minerald\u00fcnger \u00fcberfl\u00fcssig zu machen. Unkrautbek\u00e4mpfungsmittel sind tabu. Den Einheimischen ist so etwas suspekt. Sie w\u00fcrden lieber nach dem regionaltypischen Motto d\u00fcngen \u2013 &#8222;si no es de Bayer, no es bueno&#8220;. Wenn es also nicht von Bayer komme, tauge es nichts. Doch Pr\u00f6stler geht den gr\u00fcnen Weg. Mit einem Labor in der Hauptstadt San Jos\u00e9 t\u00fcftelt er an der Mischung von N\u00e4hrstoffen, die das Edelholz wachsen lassen sollen. Das ist gemeint, wenn er sagt: &#8222;Wir konstruieren Wurzeln.&#8220; Allm\u00e4hlich verfliegt die Skepsis der Einheimischen. Sie sehen, dass Pr\u00f6stlers B\u00e4ume so gut wachsen wie die auf den umliegenden Pflanzungen. Die Finca San Rafael ist nicht der schlechteste Ort, um zu arbeiten. In klaren N\u00e4chten leuchtet manchmal die Glut der Lava des daueraktiven Vulkans Arenal 50 Kilometer weit her\u00fcber. Im S\u00fcden thront der Cerro Platanar, ebenfalls ein Vulkan in der Kette von mehr oder weniger aktiven Feuerbergen, die ganz Mittelamerika durchzieht. Die Vulkane begrenzen das hei\u00df-feuchte Tiefland, in dem Costa Ricas Landwirtschaft in den vergangenen Jahrzehnten den bis heute erreichten Wohlstand des Landes erwirtschaftet hat. Hier w\u00e4chst, was die Regale der Tropenfruchtabteilungen deutscher Superm\u00e4rkte f\u00fcllt. Zum Beispiel die Ananas von Dole, dem amerikanischen Frucht-Multi, au\u00dferdem Bananen, Papayas, Zuckerrohr. Und Yucca f\u00fcr die Pflanzenabteilungen. Seit einigen Jahren ist ein neues Produkt auf den Weltmarkt gekommen: aufgeforstetes Tropenholz, vor allem Teak, ein Einwanderer aus S\u00fcdasien. Vor 40 Jahren dampfte auf den kleinen H\u00fcgeln, \u00fcber die Pr\u00f6stler in Gummistiefeln stapft, noch ein urspr\u00fcnglicher <a href=\"https:\/\/www.freiburg-schwarzwald.de\/wald.htm\">Regenwald<\/a>. Dann kamen die Holzf\u00e4ller. Rinder brauchten den Platz, um sich rund zu fressen. Fleischproduktion f\u00fcr die burgerhungrigen M\u00e4gen in Costa Rica und seinen Nachbarl\u00e4ndern, aber auch in den USA und in Europa. Jetzt beginnt ein neuer Zyklus. Der Fonds hat mit dem Geld der Anleger den Grund und Boden gekauft sowie die Setzlinge, um aus der Wiese wieder Wald zu machen. In 20 bis 25 Jahren wollen die Investoren, die je mindestens 5000 Euro eingesetzt haben, eine ordentliche Rendite erzielen. Zwischen 2 und 11 Prozent k\u00f6nnten es werden, steht im Prospekt des Fonds. 7 Prozent h\u00e4lt Initiator Leo Pr\u00f6stler f\u00fcr realistisch. Wenn alles schief geht, kann das Geld aber auch komplett weg sein. Noch sieht das Gel\u00e4nde eher wie eine Streuobstwiese aus, nicht wie ein Wald. Kleinere Inseln bereits erwachsener B\u00e4ume des urspr\u00fcnglichen Dschungels sind erhalten geblieben. Auf den freien Fl\u00e4chen dazwischen stehen die Setzlinge im kniehohen Gras. Die \u00e4ltesten Teakpflanzen sind schon acht Meter gro\u00df, die j\u00fcngsten einheimischen Geh\u00f6lze mannshoch. Auf der Finca haben Pr\u00f6stler und seine einheimischen Mitarbeiter 100 000 B\u00e4ume gepflanzt. Die H\u00e4lfte davon sind Teakb\u00e4ume, der Rest verteilt sich auf die einheimischen Arten Almendro, Roble Coral, Cebo und einige Caoba, wie Mahagoni hier hei\u00dft. Die ben\u00f6tigen einen gr\u00f6\u00dferen Abstand voneinander als die anderen Baumsorten, wegen der Sch\u00e4dlinge. Eine Motte greift den jungen Mahagoni an. Stehen die B\u00e4ume weit genug auseinander, sind sie vor massenhaftem Befall sicher. In der eigenen Baumschule zieht Pr\u00f6stler die Setzlinge f\u00fcr die Bauminvest-Unternehmungen, aber auch f\u00fcr verschiedene Projekte in der Nachbarschaft. Zum Beispiel f\u00fcr die Dorfschule, der der Fonds ein Hektar Land geschenkt hat, damit die Kinder spielerisch etwas \u00fcber ihren Lebensraum lernen und was darauf w\u00e4chst. &#8222;Das hat nicht gut funktioniert&#8220;, bedauert Pr\u00f6stler. Die Menschen zieht es in die St\u00e4dte. Verglichen mit einem Job in der aufstrebenden Computer- und Dienstleistungsindustrie des Landes ist Landarbeit in Costa Rica nicht hoch angesehen. Auf Interesse bei den Einheimischen sto\u00dfen die Aktivit\u00e4ten der Freiburger Fonds gleichwohl. Immerhin bietet Pr\u00f6stler den Familien seiner Mitarbeiter die M\u00f6glichkeit, auf dem Gel\u00e4nde Waldfeldbau zu betreiben. Im Schutz der Baumkronen gedeihen Bananen, Ingwer und Yucca. Noch steht die Nebenerwerbslandwirtschaft auf der Finca erst am Anfang. Gro\u00df ist die Sorge, die Ernte k\u00f6nnte gestohlen werden. Die fest angestellten Forstarbeiter verdienen bei Bauminvest rund 1000 Colones am Tag. Das sind 1,31 Euro. Der gesetzliche Mindestlohn in Costa Rica betr\u00e4gt 800 Colones.<\/p>\n<p>Der 29-J\u00e4hrige Pr\u00f6stler ist ein Seiteneinsteiger im Forstgesch\u00e4ft. Der gelernte Veranstaltungstechniker sorgte sieben Jahre lang in S\u00fcdbaden f\u00fcr den richtigen Klang bei Konzerten. 2007 \u00fcbernahm er die Aufgabe, die Pflanzungen von Bauminvest zu beaufsichtigen. Sein Wissen \u00fcber Edelh\u00f6lzer hat er sich selbst beigebracht. Die Natur sieht er als seine beste Lehrerin: &#8222;Auf ausgedehnten Spazierg\u00e4ngen durch die tropischen W\u00e4lder habe ich viel gelernt. Zum Beispiel, welche Baumarten sich in der Natur zusammenfinden.&#8220; Ganz ohne fachkundigen Beistand ist er nicht. Zu Beginn half ihm Jan van der Snee. Der Holl\u00e4nder forstet seit 14 Jahren Fl\u00e4chen in Costa Rica auf. Regelm\u00e4\u00dfigen Kontakt h\u00e4lt Pr\u00f6stler auch zum in ganz Lateinamerika aktiven Tropenwaldinstitut Centro Agron\u00f3mico Tropical y Ense\u00f1anza (Catie). Mit einem Mitarbeiter von Catie hat er sich im Norden des Landes eine Versuchsfinca angeschafft. Dort experimentieren die beiden.<\/p>\n<p>Seit kurzem ist &#8222;Bauminvest 2&#8220; am Start \u2013 als neue Chance f\u00fcr &#8222;langfristig orientierte Anleger mit \u00f6kologischem und sozialem Engagement&#8220;, wie es im dazugeh\u00f6rigen Prospekt hei\u00dft. Der neue Fonds, dem eine mehr als 500 Hektar gro\u00dfe Finca in La Virgen, anderthalb Autostunden s\u00fcd\u00f6stlich von San Rafael, geh\u00f6rt, will 8,25 Millionen Euro einsammeln. Mindestens 350 Hektar sollen aufgeforstet werden. Stefan Pr\u00f6stler schw\u00e4rmt: &#8222;Der Mutterboden reicht bis zu vier Meter tief&#8220; \u2013 viel tiefer als hier in San Rafael. Aus seinen Studien hat Pr\u00f6stler seine eigene Aufforstungsstrategie entwickelt. Wo die Konkurrenz bis zu 1100 Setzlinge auf einem Hektar unterbringt, m\u00fcssen bei Pr\u00f6stler 700 gen\u00fcgen. &#8222;Wenn man dichter pflanzt, muss man fr\u00fcher ausd\u00fcnnen&#8220;, sagt der Autodidakt. &#8222;Das kostet, und das d\u00fcnne Holz bringt nichts ein.&#8220; Wenn alles gut geht, werden auf San Rafael in 20 Jahren etwa 240 B\u00e4ume je Hektar \u00fcbrig geblieben sein. Pr\u00f6stler erwartet, dass die einheimischen Sorten vor allem auf den mittelamerikanischen M\u00e4rkten abgesetzt werden. Das Teak d\u00fcrfte nach Asien gehen, vor allem nach China und Indien. Dort k\u00f6nnte so mancher in Costa Rica oder Panama gezogene Stamm f\u00fcr die rituelle Verbrennung eines verstorbenen Hindus in Rauch aufgehen. Schon ist das m\u00fchsam \u00fcber Jahre gespeicherte <a href=\"https:\/\/www.freiburg-schwarzwald.de\/klima.htm\">Kohlendioxid (CO<sub>2<\/sub>)<\/a> wieder verpufft.<br \/>\nAuf solch anarchische Verirrungen der M\u00e4rkte haben die guten Menschen aus Freiburg keinen Einfluss. Auch wenn sie, wie einige der Gr\u00fcndungsinvestoren von Bauminvest, eingestiegen sind, um ihr vom CO<sub>2<\/sub>-Aussto\u00df ihrer Unternehmen belastetes Gewissen zu entlasten. Und um mit dem positiven CO<sub>2<\/sub>-Effekt zu werben \u2013 wie die Reiseausr\u00fcster Vaude und Globetrotter oder die Teekampagne, die ihre \u00d6koware auch nicht gerade von um die Ecke bezieht. Die Finca San Rafael, die dann Regenwald, Viehweide und wieder Wald gewesen sein wird, wird teilweise wieder zur Brache. &#8222;Dann ist hier alles wieder kahl&#8220;, sagt Pr\u00f6stler. Es sei denn, die Anleger entscheiden sich f\u00fcr eine zeitlich gestaffelte Holzernte und eine kontinuierliche Nachpflanzung, was auch eine Streckung der Auszahlungen bedeuten k\u00f6nnte. Dann k\u00f6nnte zwar nicht der Urwald zur\u00fcckkehren, aber eine Art Wald, wie wir ihn aus dem Schwarzwald kennen. Der war vor 250 Jahren v\u00f6llig am Ende, bevor die nachhaltige Bewirtschaftung begann. Seither wird <a href=\"https:\/\/www.freiburg-schwarzwald.de\/nachhaltigkeit.htm\">nur soviel entnommen wie nachgepflanzt werden kann<\/a>. Gel\u00e4nge das auch in Costa Rica, h\u00e4tte Stefan Pr\u00f6stler etwas von Grund auf neu aufgebaut.<\/p>\n<p>BAUMINVEST 2 &#8211; neuer Fonds<br \/>\nEs handelt sich um eine geschlossene Beteiligung in Form einer GmbH und Co. KG. Die Anleger sind Kommanditisten und haften mit ihrer Einlage. Die Mindestbeteiligung betr\u00e4gt 5000 Euro. Die Laufzeit des Fonds ist auf 24 Jahre angesetzt. Wer 10 000 Euro investiert, soll laut Prognose 32 600 Euro herausbekommen. In diesem Betrag sind die eingezahlten 10 000 Euro enthalten. Wer 2010 beitritt, zahlt kein Aufgeld, ab 2011 fallen 7 Prozent an. Sie dienen als Ausgleich f\u00fcr den Wert, der bis dahin geschaffen wurde. Die Fondsinitiatorin, die Firma Querdenker GmbH, veranschlagt f\u00fcr &#8222;Bauminvest 2&#8220; Vertriebskosten von 1,16 Millionen Euro. Hinzu kommen Verwaltungskosten und gegebenenfalls Erfolgsprovisionen. Die tats\u00e4chlichen Kosten und Ertr\u00e4ge k\u00f6nnen von der Prognose abweichen. So rechnet Bauminvest damit, dass der Holzpreis j\u00e4hrlich um zwei Prozent zulegt. Die Anleger sollten beachten, dass die Investitionen in Costa Rica und die Erl\u00f6se aus dem Holzverkauf in Dollar abgerechnet werden. Somit ergibt sich ein Wechselkursrisiko gegen\u00fcber dem Euro. Risikomindernd wirkt sich aus, dass der Fonds ohne Fremdkapital auskommen will. Bei einer unternehmerischen Beteiligung handelt es sich um ein langfristiges Investment. Anleger, die ihr Geld zwischendurch ben\u00f6tigen, k\u00f6nnen ihre Anteile wom\u00f6glich nicht oder nicht zu einem angemessenen Preis loswerden, gibt die Stiftung Warentest zu bedenken. Geeignet seien Beteiligungen an geschlossenen Fonds vor allem f\u00fcr Investoren mit bereits gut gestreutem Portfolio als Beimischung.<br \/>\n8.4.2010, BZ, Anno Fricke, <a href=\"https:\/\/www.annofricke.de\/\">www.annofricke.de<\/a><\/p>\n<p>Gutes tun und daran verdienen<br \/>\nGeld in Wald anzulegen kann eine gute Sache sein. Aufforstungen haben positive Wirkungen auf den Naturhaushalt. Aufgeforstet wird meist in strukturschwachen Regionen. So entstehen dort Jobs, wo sie besonders notwendig sind. Das sind gewichtige Argumente, wie sie von Waldfonds vorgetragen werden. Neben den ethischen Vorz\u00fcgen werden dem Anleger attraktive Renditen in Aussicht gestellt. Man tut also Gutes und verdient daran. Die Neuauflage des Freiburger Bauminvest-Fonds sieht vor, mit 8,25 Millionen Euro rund 350 Hektar aufzuforsten und zu bewirtschaften. Das ergibt die stolze Summe von mehr als 23 000 Euro je Hektar. Eine Menge Holz, die nur erwirtschaftet werden kann, wenn sich Baumwachstum und Holzmarkt sehr g\u00fcnstig entwickeln. Zweifel kommen dem Waldbauer bei der Strategie, mit sehr wenigen B\u00e4umen die Best\u00e4nde zu begr\u00fcnden. Trotz der Fragen w\u00fcnsche ich dem Freiburger Unternehmen und seinen Investoren, dass s\u00e4mtliche Annahmen eintreten und sich das \u00d6koinvestment mit den in Aussicht gestellten sieben Prozent rentiert. Weil es eben eine gute Sache sein kann, Geld in Wald anzulegen.<br \/>\nLeserbrief vom 17.4.2010 von Dr. Markus Grulke (Dipl.-Forstwirt), Freiburg<\/p>\n<h1><\/h1>\n<p><strong>Der Erneuerbare: Fonds investiert in Wind, Wasser und Sonne<\/strong><\/p>\n<p>Offener Investmentfonds bietet breite Risikostreuung und hohe Flexibilit\u00e4t \u2013 In Europa bisher einmalig<\/p>\n<p>Freiburg (gl\u00fc.) Menschen, die ihr Geld in der Nutzung erneuerbarer Energien anlegen, gibt es gerade in der Region Freiburg viele. Zahlreiche <a href=\"https:\/\/www.freiburg-schwarzwald.de\/wind.htm\">Wind<\/a>-, Wasser- und <a href=\"https:\/\/www.freiburg-schwarzwald.de\/littenweiler\/solar.htm\">Solaranlagen<\/a> konnten in den letzten zwei Jahrzehnten in S\u00fcdbaden nicht zuletzt durch die Aktivit\u00e4ten der in Ebringen ans\u00e4ssigen \u201e\u00d6kostromgruppe Freiburg\u201c errichtet werden. Finanzierungsgrundlage war meistens ein geschlossener Investmentfonds, in den klar benannte Summen f\u00fcr einen festgelegten Zeitraum einbezahlt werden mussten. Jetzt ist die \u201e\u00d6kostromgruppe Freiburg\u201c nach \u00fcber zwei Jahren Planungsarbeit mit dem europaweit ersten offenen Investmentfonds f\u00fcr \u00d6koprojekte auf den Markt gekommen, der gerade f\u00fcr Privatanleger interessant sei. Sein beziehungsreicher Name \u201eDer Erneuerbare\u201c trifft den \u201eNagel des Ziels mitten auf den Kopf\u201c. \u00d6kostrom-Gesch\u00e4ftsf\u00fchrer Andreas Markowsky machte vor der Presse in Freiburg deutlich, dass die Umstellung der Energieversorgung zunehmend an Dynamik gewinne. Schlie\u00dflich erg\u00e4ben sich volkswirtschaftlich erhebliche Vorteile, denn die \u201eRohstoffe\u201c <a href=\"https:\/\/www.freiburg-schwarzwald.de\/wasser.htm\">Wasser<\/a>, Wind und Sonne st\u00e4nden kostenlos zur Verf\u00fcgung. Der Bau von weltweit sehr zahlreich notwendigen Anlagen erfordere Investitionen von mehreren hundert Milliarden Euro. Gut w\u00e4re deshalb, dass immer mehr Menschen bereit w\u00e4ren, ihr Geld in den Erhalt der Umwelt zu stecken. Da aber manchen die geschlossenen Fonds zu unflexibel seien, h\u00e4tte die \u201e\u00d6kostromgruppe Freiburg\u201c jetzt mit \u201eDer Erneuerbare\u201c eine erfolgversprechende Alternative aufgelegt, die mit hoher Flexibilit\u00e4t und breiter Risikostreuung gerade f\u00fcr Privatpersonen attraktiv sei. Beim \u201eDer Erneuerbare\u201c k\u00f6nne jeder zu jeder Zeit beliebige Summen einzahlen, sich immer \u00fcber den Stand z.B. der Rendite \u2013 bis zu vier Prozent erhofft Markowsky \u2013 kundig machen und auch jederzeit wieder aussteigen. Der vom Bankhaus Hauck &amp; Aufh\u00e4user in Luxemburg verwaltete neue Fonds kann unter der Wertpapierkennnummer HAFX4Y, ISIN LU479516238 bei jeder Bank oder Sparkasse gezeichnet werden. Um immer f\u00fcr gew\u00fcnschte R\u00fcckzahlungen bereit zu sein, h\u00e4lt der Fonds mindestens f\u00fcnfzehn Prozent seiner Anlagen als liquide Mittel vor. Den Rest investiert \u201eDer Erneuerbare\u201c nach Vorschl\u00e4gen der \u201e\u00d6kostrom GmbH\u201c in Beteiligungen an Unternehmen, insbesondere Kommanditgesellschaften, die mit Wasserkraft-, Windenergie- und Photovoltaik-Anlagen Strom erzeugen. \u201eEin Teil dieser Anlagen wird in S\u00fcdbaden stehen\u201c, erkl\u00e4rte Markowsky, \u201eder Fonds investiert aber auch europaweit.\u201c Seiner Meinung nach ist \u201eDer Erneuerbare\u201c auch bestens als Altersvorsorge geeignet. Zusammenfassend stellte der Gesch\u00e4ftsf\u00fchrer der \u00d6kostromgruppe fest: \u201eDie st\u00e4rkere Nutzung erneuerbarer Energien erfordert auch attraktive Geldanlagem\u00f6glichkeiten, die den Kundenw\u00fcnschen entsprechen. Dass der nach unserer Kenntnis europaweit erste offene Fonds in diesem Segment von Freiburg aus auf den Weg gebracht wurde, st\u00e4rkt die Green City.\u201c Mehr zur <a href=\"https:\/\/www.freiburg-schwarzwald.de\/strom.htm#\u00d6kostrom Erzeugung Freiburg GmbH\">\u201e\u00d6kostromgruppe Freiburg\u201c<\/a> ist in dem informativen Internetauftritt zu finden.<br \/>\nGerhard L\u00fcck, 31.3.2010, <a href=\"https:\/\/www.dreisamtaeler.de\/\">www.dreisamtaeler.de<\/a><\/p>\n<p>Fondsprospekt:<br \/>\n<a href=\"https:\/\/www.hauck-aufhaeuser.lu\/haig\">www.hauck-aufhaeuser.lu\/haig<\/a><br \/>\n<a href=\"https:\/\/www.bloomberg.com\/\">www.bloomberg.com<\/a><\/p>\n<p>&nbsp;<\/p>\n<p><strong>Gr\u00fcnes Geld Freiburg am 23.Oktober 2010 im Historischen Kaufhaus<\/strong><\/p>\n<p>Krisenfeste Kapitalanlagen \u201emit Sinn\u201c werden wieder am 23. Oktober 2010 bei der Messe &#8218;Gr\u00fcnes Geld Freiburg&#8216; pr\u00e4sentiert (bisheriger Name der beliebten Veranstaltung: \u201eFreiburger Tag f\u00fcr ethische und \u00f6kologische Geldanlage\u201c). Ort dieser Messe mit Vortragsprogramm ist das Historische Kaufhaus am<br \/>\nM\u00fcnsterplatz.<br \/>\nGr\u00fcnes Geld Freiburg, Messe mit Vortragsprogramm<br \/>\nSamstag, 23. Oktober 2010; 9:30 \u2013 18:30 Uhr in Freiburg\/Brsg., Historisches Kaufhaus am M\u00fcnsterplatz, Eintritt frei!<\/p>\n<p>Bettina Stein, ECOeffekt GmbH, <a href=\"mailto:stein@ecoeffekt.de\">stein@ecoeffekt.de<\/a> , <a href=\"https:\/\/www.gruenes-geld.de\/freiburg\">www.gruenes-geld.de\/freiburg<\/a><br \/>\n23.10.2010<\/p>\n<p>&nbsp;<\/p>\n<p><strong>Baum-Invest &#8211; Holz in Costa Rica<\/strong><\/p>\n<p>Leo Pr\u00f6stler ist ein umtriebiger Zeitgenosse. Eigentlich hat er einmal Stahlwerke auf der ganzen Welt errichtet \u2013 dann beginnt er in den 70er Jahren den Umweltschutz f\u00fcr sich zu entdecken, wurde 1980 Chef des <a href=\"https:\/\/www.freiburg-schwarzwald.de\/littenweiler\/umwelt.htm#\u00d6ko-Institut Freiburg\">Freiburger \u00d6koinstitutes<\/a>. Doch es wird nicht seine letzte berufliche Herausforderung bleiben. Mit <a href=\"https:\/\/www.freiburg-schwarzwald.de\/ecommerce.htm#Waschb\u00e4r - Umweltversand Freiburg\">\u201eWaschb\u00e4r\u201c<\/a> gr\u00fcndet Leo Pr\u00f6stler vor 20 Jahren in Freiburg den ersten deutschen Umwelt-Versand, heute forstet er mit seinem Sohn Stefan Pr\u00f6stler mit seiner neuen Firma \u201eBaum-Invest\u201c W\u00e4lder in Costa Rica auf.<br \/>\n13.1.2010, <a href=\"https:\/\/www.landesschau-bw.de\/\">www.landesschau-bw.de<\/a><\/p>\n<p>Drei-S\u00e4ulen-Modell:<br \/>\n1. Forst (Aufforstung mit tropischen Edelh\u00f6lzern als Mischforst),<br \/>\n2. Waldfeldbau (\u00d6kologische Landwirtschaft im Forst)<br \/>\n3. Bioreserve (Naturreservate als Schutzzonen f\u00fcr seltene Tiere und Pflanzen)<\/p>\n<p>Investoren profitieren von einer guten Rendite von 7 %.<br \/>\nDer erwartete Kapitalr\u00fcckfluss \u00fcber 22 Jahre betr\u00e4gt im Normalfall 332 % nach Steuern.<br \/>\n<a href=\"https:\/\/www.bauminvest.de\/\">www.bauminvest.de<\/a><\/p>\n<p><a href=\"https:\/\/www.freiburg-schwarzwald.de\/kapitalanlage.htm#Bauminvest ? Das Geld w\u00e4chst aus der Wurzel\">Bauminvest \u2013 Das Geld w\u00e4chst aus der Wurzel<\/a> &gt;Kapitalanlage (8.4.2010)<\/p>\n<p>&nbsp;<\/p>\n<p>&nbsp;<\/p>\n<p><strong>Black Forest Venture &#8211; Investorennetz in Freiburg<\/strong><\/p>\n<p>Der Black Forest Venture Day richtet sich zum einen an Venture Capital Fonds, Privatinvestoren und Business Angels die Interesse haben, in junge innovative Existenzgr\u00fcnder zu investieren.\u00a0 Zum anderen an innovative\u00a0 Start-ups und Vorgr\u00fcndungen mit tragf\u00e4higer Gesch\u00e4ftsidee, die nach Kapital f\u00fcr die erste Finanzierungsrunde suchen.<\/p>\n<p>Black Forest Venture Day &#8211; Wir bringen Gr\u00fcnder und Investoren zusammen<br \/>\nProf. Dr. Bernhard Arnolds, Leiter der Zentralstelle f\u00fcr Technologietransfer (ZFT)<br \/>\nDr. Thomas Maier, Abteilungsleiter Gr\u00fcnderb\u00fcro, Zentralstelle f\u00fcr Technologietransfer (ZFT), Stefan-Meier-Str. 8, 79104 Freiburg<\/p>\n<p>Tel\u00a00761\/2095212<br \/>\n<a title=\"\" href=\"https:\/\/www.blackforestventure.de\/\" target=\"_blank\" rel=\"noopener\">www.blackforestventure.de<\/a>.<br \/>\n<a href=\"https:\/\/www.freiburg-schwarzwald.de\/industrie3.htm#Gr\u00fcnderb\u00fcro der Uni Freiburg veranstaltet Black Forest Venutre Day\">Gr\u00fcnderb\u00fcro der Uni Freiburg veranstaltet Black Forest Venutre Day<\/a> &gt;Industrie3 (30.9.2010)<\/p>\n<p>&nbsp;<\/p>\n<p>&nbsp;<\/p>\n<p><strong>Gr\u00fcnes Geld: Freiburger Tag am 10.Okt. im Historischen Kaufhaus<\/strong><\/p>\n<p>Krisenfeste Kapitalanlagen \u201emit Sinn\u201c werden am 10. Oktober 30 Aussteller beim \u201eFreiburger Tag f\u00fcr ethische und \u00f6kologische Geldanlage\u201c den Besuchern vorstellen. Ort dieser Messe mit Vortragsprogramm: das Historische Kaufhaus am M\u00fcnsterplatz.<\/p>\n<p>Freiburger Tag f\u00fcr ethische und \u00f6kologische Geldanlage, Messe mit Vortragsprogramm<br \/>\nSamstag, 10. Oktober 2009; 9:30 \u2013 18:30 Uhr<br \/>\nin Freiburg\/Brsg., Historisches Kaufhaus am M\u00fcnsterplatz<br \/>\n<a href=\"https:\/\/www.gruenes-geld.de\/freiburger-tag\">www.gruenes-geld.de\/freiburger-tag<\/a><br \/>\n8.10.2009<\/p>\n<p>Aussteller 2009:<br \/>\nBaden-W\u00fcrttembergische Bank <a href=\"https:\/\/www.bw-bank.de\/\" target=\"_blank\" rel=\"noopener\">www.bw-bank.de<\/a><br \/>\nBank Sarasin AG <a href=\"https:\/\/www.sarasin.de\/\" target=\"_blank\" rel=\"noopener\">www.sarasin.de<\/a><br \/>\nBaumInvest GmbH &amp; Co.KG <a href=\"https:\/\/www.bauminvest.de\/\" target=\"_blank\" rel=\"noopener\">www.bauminvest.de<\/a><br \/>\nBayerische Landessiedlungsgesellschaft mbH Holding <a href=\"https:\/\/www.blsh.de\/\" target=\"_blank\" rel=\"noopener\">www.blsh.de<\/a><br \/>\nbiosanica Naturprodukte GmbH <a href=\"https:\/\/www.biosanica.de\/\" target=\"_blank\" rel=\"noopener\">www.biosanica.de<\/a><br \/>\nBISA S.A., Niederlassung Deutschland <a href=\"https:\/\/www.bankinvest-fonds.de\/\" target=\"_blank\" rel=\"noopener\">www.bankinvest-fonds.de<\/a><br \/>\nECOeffekt GmbH <a href=\"https:\/\/www.ecoeffekt.de\/\" target=\"_blank\" rel=\"noopener\">www.ecoeffekt.de<\/a><br \/>\nECOreporter.de AG <a href=\"https:\/\/www.ecoreporter.de\/\" target=\"_blank\" rel=\"noopener\">www.ecoreporter.de<\/a><br \/>\necovision GmbH <a href=\"https:\/\/www.ecovision-gmbh.de\/\" target=\"_blank\" rel=\"noopener\">www.ecovision-gmbh.de<\/a><br \/>\nGLS Bank eG <a href=\"https:\/\/www.gls.de\/\" target=\"_blank\" rel=\"noopener\">www.gls.de<\/a><br \/>\nGRE AG <a href=\"https:\/\/www.gre-ag.com\/\" target=\"_blank\" rel=\"noopener\">www.gre-ag.com<\/a><br \/>\nGreen City Energy GmbH <a href=\"https:\/\/www.greencity-energy.de\/\" target=\"_blank\" rel=\"noopener\">www.greencity-energy.de<\/a><br \/>\nH\u00f6ng Wealth Management <a href=\"https:\/\/www.hoeng.de\/\" target=\"_blank\" rel=\"noopener\">www.hoeng.de<\/a><br \/>\nJ\u00fcdischer Nationalfonds JNF &#8211; KKL <a href=\"https:\/\/www.jnf-kkl.de\/\" target=\"_blank\" rel=\"noopener\">www.jnf-kkl.de<\/a><br \/>\nKlimaGut Immobilien AG <a href=\"https:\/\/www.klimagut.ag\/\" target=\"_blank\" rel=\"noopener\">www.klimagut.ag<\/a><br \/>\nLBBW Asset Management GmbH <a href=\"https:\/\/www.lbbw-am.de\/\" target=\"_blank\" rel=\"noopener\">www.lbbw-am.de<\/a><br \/>\nMurphy &amp; Spitz Umwelt Consult GmbH <a href=\"https:\/\/www.murphyandspitz.de\/\" target=\"_blank\" rel=\"noopener\">www.murphyandspitz.de<\/a><br \/>\nOekogeno eG <a href=\"https:\/\/www.oekogeno.de\/\" target=\"_blank\" rel=\"noopener\">www.oekogeno.de<\/a><br \/>\nOikocredit &#8211; F\u00f6rderkreis Baden-W\u00fcrttemberg e.V. <a href=\"https:\/\/www.oikocredit.org\/\" target=\"_blank\" rel=\"noopener\">www.oikocredit.org<\/a><br \/>\nPrime Energy Invest AG <a href=\"https:\/\/www.prime-energy-invest.de\/\" target=\"_blank\" rel=\"noopener\">www.prime-energy-invest.de<\/a><br \/>\nProClient Finanz- und Versicherungsmakler <a href=\"https:\/\/www.proclient-online.de\/\" target=\"_blank\" rel=\"noopener\">www.proclient-online.de<\/a><br \/>\nProVita GmbH <a href=\"https:\/\/www.provita-gmbh.com\/\" target=\"_blank\" rel=\"noopener\">www.provita-gmbh.com<\/a> RGE Energy\u00a0AG<br \/>\n<a href=\"https:\/\/www.rgeenergy.de\/\" target=\"_blank\" rel=\"noopener\">www.rgeenergy.de<\/a><br \/>\nS.A.G. Solarstrom AG <a href=\"https:\/\/www.solarstromag.com\/\" target=\"_blank\" rel=\"noopener\">www.solarstromag.com<\/a><br \/>\nsolarcomplex AG <a href=\"https:\/\/www.solarcomplex.de\/\" target=\"_blank\" rel=\"noopener\">www.solarcomplex.de<\/a><br \/>\nSwisscanto Fondsleitung AG <a title=\"Opens external link in new window\" href=\"https:\/\/www.swisscanto.de\/\" target=\"_blank\" rel=\"noopener\">www.swisscanto.de<\/a><br \/>\nThe Tree Partner Company GmbH &amp; Co.KG <a href=\"https:\/\/www.tree-partner.com\/\" target=\"_blank\" rel=\"noopener\">www.tree-partner.com<\/a><br \/>\nVersiko AG <a href=\"https:\/\/www.versiko.de\/\" target=\"_blank\" rel=\"noopener\">www.versiko.de<\/a><br \/>\nVolksbank Freiburg eG <a href=\"https:\/\/www.volksbank-freiburg.de\/\" target=\"_blank\" rel=\"noopener\">www.volksbank-freiburg.de<\/a><br \/>\nWindw\u00e4rts Energie GmbH <a title=\"Opens external link in new window\" href=\"https:\/\/www.windwaerts.de\/\" target=\"_blank\" rel=\"noopener\">www.windwaerts.de<\/a><\/p>\n<p>&nbsp;<\/p>\n<p><strong>Oikocredit F\u00f6rderkreis Baden-W\u00fcrttemberg e.V.<\/strong><\/p>\n<p>&#8222;Oikocredit ist eine internationale Genossenschaft, die Menschen auf ihrem Weg aus der Armut unterst\u00fctzt. Daf\u00fcr stellen wir Kredite und Kapitalbeteiligungen f\u00fcr Mikrofinanzinstitutionen, Genossenschaften sowie kleine und mittlere Unternehmen in Entwicklungsl\u00e4ndern bereit. \u201eHilfe zur Selbsthilfe\u201c &#8211; diese Idee verfolgt Oikocredit bereits seit 35 Jahren und z\u00e4hlt heute zu den weltweit f\u00fchrenden privaten Entwicklungsfinanziers. Unsere Projektpartner in Afrika, Asien, Lateinamerika und Osteuropa k\u00f6nnen durch ihre genauen Kenntnisse der lokalen Bedingungen zielgerichtet Mikrokredite vergeben. So erreichen sie derzeit etwa 17 Millionen Menschen. Oikocredit ist offen f\u00fcr Privatinvestoren, die sich bereits ab einem Betrag von 200 EUR beteiligen k\u00f6nnen:&#8220;<\/p>\n<p>Oikocredit F\u00f6rderkreis Baden-W\u00fcrttemberg e.V., Vereins-Registernummer VR 720361 Stuttgart.<br \/>\nc\/o Dr. G\u00fcnter Banzhaf, Sr. Rebecca Langer als Mitglied des Vorstandes. Vogelsangstra\u00dfe 62, 70197 Stuttgart, Tel 0711-120005-0.<br \/>\n<a href=\"mailto:baden-wuerttemberg@oikocredit.org\">baden-wuerttemberg@oikocredit.org<\/a> , <a href=\"https:\/\/www.oikocredit.org\/\">www.oikocredit.org<\/a><\/p>\n<p>Die 1975 gegr\u00fcndete Genossenschaft Oikocredit vergibt Darlehen an Mikrofinanzorganisationen in armen L\u00e4ndern. In Deutschland hat Oikocredit acht F\u00f6rderkreise. Der F\u00f6rderkreis Baden-W\u00fcrttemberg z\u00e4hlt fast 5500 Mitglieder, die 61 Millionen Euro in Oikocredit investiert haben. Weltweit verwaltet Oikocredit Anlagen in H\u00f6he von 456 Millionen Euro und arbeitet mit 600 Partnern in 71 L\u00e4ndern zusammen, darunter Indien, Bolivien und Kambodscha. Die Genossenschaft zahlt ihren Mitgliedern eine Rendite von nur zwei Prozent und betont ihre nicht kommerzielle Ausrichtung. Oikocredit r\u00e4umt ein, auch schlechte Erfahrungen mit Mikrofinanzinstituten gemacht zu haben. &#8222;Es gibt einige urspr\u00fcnglich sehr soziale Institute, die auch dank uns stark gewachsen sind und dann Kapital von kommerziellen Investoren erhalten haben&#8220;, sagt Oikocredit-Sprecherin Ulrike Haug. Am Ende habe Oikocredit nur einen Bruchteil vom Gesamtkapital ausgemacht und wenig Einfluss auf die Ausrichtung der Institute und deren Zinspolitik gehabt.<br \/>\nSeit dem Start des Mikrokreditfonds Deutschland Anfang 2010 wurden mehr als 5000 Mikrokredite in H\u00f6he von 30 Millionen Euro vergeben. Der Zinssatz betr\u00e4gt 7,5 Prozent, die Laufzeit maximal drei Jahre. Menschen mit Migrationshintergrund erhalten derzeit mehr als die H\u00e4lfte der Kredite. Schwerpunkte der finanzierten Branchen sind Dienstleistungen, gefolgt von Gastronomie und Einzelhandel. Die Ausfallquote bei der R\u00fcckzahlung lag laut Bundesregierung bei 2,9 Prozent.<\/p>\n<div><a href=\"https:\/\/www.freiburg-schwarzwald.de\/littenweiler\/banken1.htm#Mikrokredite f\u00fcr Entwicklungsl\u00e4nder - Fehler im System\">Mikrokredite f\u00fcr Entwicklungsl\u00e4nder &#8211; Fehler im System?<\/a> &gt;Banken1 (21.10.2011)<\/div>\n<p>&nbsp;<\/p>\n<p align=\"left\"><strong>Bioenergie &#8211; Beteiligungsprojekte zur \u00d6ko-Kapitalanlage \u00fcber fesa-GmbH<\/strong><\/p>\n<p>Das Kreislaufkonzept mit Biomasse, Contracting, KWK und Pellets und Pelleterzeugung in Buchenbach bei Freiburg mit B\u00fcrgerbeteiligung ist erfolgreich in Betrieb genommen worden. Ein neues Beteiligungs-Modell f\u00fcr Folgeprojekte der EC Bioenergie in Arbeit, Ihre Registrierung bei der <a href=\"https:\/\/www.freiburg-schwarzwald.de\/littenweiler\/solar.htm#fesa GmbH Freiburg\">Fesa GmbH<\/a> in Freiburg ist jetzt m\u00f6glich und wichtig, weil wiederum eine sehr rasche \u00dcberzeichnung erwartet wird.<br \/>\nMehr auf <a href=\"https:\/\/www.bioenergie-sonnen-pellet.de\/beteiligungsprojekt.htm\" target=\"_blank\" rel=\"noopener\">www.bioenergie-sonnen-pellet.de\/beteiligungsprojekt.htm<\/a> (27.9.2005)<\/p>\n<p align=\"left\"><a href=\"https:\/\/www.freiburg-schwarzwald.de\/littenweiler\/pellets.htm#Beteiligung am Holzpelletwerk Buchenbach \u00fcber fesa GmbH\">Bioenergie-Sonnen-Pellet.de, Beteiligung an erneuerbaren Energien<\/a> &gt;Pellets (13.11.2004)<br \/>\n<a href=\"https:\/\/www.freiburg-schwarzwald.de\/littenweiler\/pellets.htm#Pelletwerk Buchenbach: Holzenergie - Pellets - Bioenergie\">BSP &#8211; Bioenergie-Sonnen-Pellet in Buchenbach<\/a> &gt;Pellets<\/p>\n","protected":false},"excerpt":{"rendered":"<p>Home &gt;Business &gt;Dienste &gt;Kapitalanlage &nbsp; Listenauswahl eines Beitrags (Artikel\/Datum, Seite\/Inhalt):\u00a0Klicken\u00a0oder scrollen Wie ich meine Windkraft-Investitionen beerdigen durfte\u00a0(31.7.2025) Wie Kryptow\u00e4hrungen die Welt revolutionieren\u00a0(20.6.2025) Bitcoin an der Zeitmauer: Es geht um Resilienz statt nur um Rendite\u00a0(25.5.2025) ESG-Kriterien f\u00fcr Nachhaltige Geldanlagen (14.9.2013) https:\/\/www.freiburg-schwarzwald.de\/blog\/ecoreporter-nachhaltigkeitsiegel\/\u00a0(5.9.2013) &hellip; <a href=\"https:\/\/www.freiburg-schwarzwald.de\/blog\/business\/dienste\/kapitalanlage\/\">Weiterlesen <span class=\"meta-nav\">&rarr;<\/span><\/a><\/p>\n","protected":false},"author":4,"featured_media":0,"parent":191,"menu_order":0,"comment_status":"closed","ping_status":"closed","template":"","meta":{"footnotes":""},"class_list":["post-7129","page","type-page","status-publish","hentry"],"_links":{"self":[{"href":"https:\/\/www.freiburg-schwarzwald.de\/blog\/wp-json\/wp\/v2\/pages\/7129","targetHints":{"allow":["GET"]}}],"collection":[{"href":"https:\/\/www.freiburg-schwarzwald.de\/blog\/wp-json\/wp\/v2\/pages"}],"about":[{"href":"https:\/\/www.freiburg-schwarzwald.de\/blog\/wp-json\/wp\/v2\/types\/page"}],"author":[{"embeddable":true,"href":"https:\/\/www.freiburg-schwarzwald.de\/blog\/wp-json\/wp\/v2\/users\/4"}],"replies":[{"embeddable":true,"href":"https:\/\/www.freiburg-schwarzwald.de\/blog\/wp-json\/wp\/v2\/comments?post=7129"}],"version-history":[{"count":4,"href":"https:\/\/www.freiburg-schwarzwald.de\/blog\/wp-json\/wp\/v2\/pages\/7129\/revisions"}],"predecessor-version":[{"id":139570,"href":"https:\/\/www.freiburg-schwarzwald.de\/blog\/wp-json\/wp\/v2\/pages\/7129\/revisions\/139570"}],"up":[{"embeddable":true,"href":"https:\/\/www.freiburg-schwarzwald.de\/blog\/wp-json\/wp\/v2\/pages\/191"}],"wp:attachment":[{"href":"https:\/\/www.freiburg-schwarzwald.de\/blog\/wp-json\/wp\/v2\/media?parent=7129"}],"curies":[{"name":"wp","href":"https:\/\/api.w.org\/{rel}","templated":true}]}}