{"id":7085,"date":"2012-07-16T06:38:07","date_gmt":"2012-07-16T06:38:07","guid":{"rendered":"https:\/\/www.freiburg-schwarzwald.de\/blog\/?page_id=7085"},"modified":"2025-11-04T10:26:34","modified_gmt":"2025-11-04T09:26:34","slug":"badisch-elsaessische","status":"publish","type":"page","link":"https:\/\/www.freiburg-schwarzwald.de\/blog\/engagement\/buergerinitiativen\/badisch-elsaessische\/","title":{"rendered":"Badisch-Elsaessische"},"content":{"rendered":"<p>Home &gt;Engagement &gt;<a title=\"Buergerinitiativen\" href=\"https:\/\/www.freiburg-schwarzwald.de\/blog\/engagement\/buergerinitiativen\/\">Buergerinitiativen<\/a> &gt;Badisch-Elsaessische<\/p>\n<div id=\"attachment_7100\" style=\"width: 614px\" class=\"wp-caption alignnone\"><a href=\"https:\/\/www.freiburg-schwarzwald.de\/blog\/engagement\/buergerinitiativen\/badisch-elsaessische\/mahnweg23pan070420\/\" rel=\"attachment wp-att-7100\"><img loading=\"lazy\" decoding=\"async\" aria-describedby=\"caption-attachment-7100\" class=\"size-full wp-image-7100\" title=\"mahnweg23pan070420\" src=\"https:\/\/www.freiburg-schwarzwald.de\/blog\/wp-content\/uploads\/2012\/07\/mahnweg23pan070420.jpg\" alt=\"\" width=\"604\" height=\"226\" srcset=\"https:\/\/www.freiburg-schwarzwald.de\/blog\/wp-content\/uploads\/2012\/07\/mahnweg23pan070420.jpg 604w, https:\/\/www.freiburg-schwarzwald.de\/blog\/wp-content\/uploads\/2012\/07\/mahnweg23pan070420-180x67.jpg 180w\" sizes=\"auto, (max-width: 604px) 100vw, 604px\" \/><\/a><p id=\"caption-attachment-7100\" class=\"wp-caption-text\">Mahnweg am 20.4.2007 um 18.30 Uhr: Blick nach Norden zum Batzenberg zwischen Pfaffenweiler und Kirchhofen<\/p><\/div>\n<ul>\n<li><em>Listenauswahl eines Beitrags (Artikel\/Datum, Seite\/Inhalt):\u00a0<span style=\"text-decoration: underline;\">Klicken<\/span>\u00a0oder scrollen<\/em><\/li>\n<li><a href=\"https:\/\/www.freiburg-schwarzwald.de\/blog\/wyhl-demo-50-jahre1975-2025\/\">Wyhl-Demo 50 Jahre 1975-2025<\/a>\u00a0(4.11.2025)<\/li>\n<li><a href=\"https:\/\/www.freiburg-schwarzwald.de\/blog\/engagement\/buergerinitiativen\/wyhl\/\">Wyhl und die Linken: Film \u201eGeschichten aus dem Wyhler Wald\u201c<\/a>\u00a0(25.10.2025)<\/li>\n<li><a href=\"https:\/\/www.freiburg-schwarzwald.de\/blog\/engagement\/buergerinitiativen\/badisch-elsaessische-buergerinitiativen\/\">Axel Mayer: R\u00fcckblick AKW\/Klima \u2013 Vor 50 Jahren Marckolsheim<\/a> (3.9.2024)<\/li>\n<li><a href=\"https:\/\/www.freiburg-schwarzwald.de\/blog\/engagement\/buergerinitiativen\/badisch-elsaessische-buergerinitiativen\/\">Vor 50 Jahren wurden die Badisch-Els\u00e4ssischen B\u00fcrgerinitiativen gegr\u00fcndet<\/a> (2.8.2024)<\/li>\n<li><a href=\"https:\/\/www.freiburg-schwarzwald.de\/blog\/akw-ler-jean-jacques-rettig-tot\/\">AKW-ler Jean-Jacques Rettig tot<\/a> (1.3.2024)<\/li>\n<li><a href=\"https:\/\/www.freiburg-schwarzwald.de\/blog\/badische-revolution-dortu\/\">175 Jahre Badische Revolution 1848 \u2013 2023<\/a>\u00a0(28.2.2023)<\/li>\n<li><a title=\"Fukushima 9 Jahre \u2013 Gedenktag\" href=\"https:\/\/www.freiburg-schwarzwald.de\/blog\/fukushima-9-jahre-gedenktag\/\">Fukushima 9 Jahre \u2013 Gedenktag<\/a>\u00a0(14.1.2020)<\/li>\n<li>Frauen beim AKW-Widerstand in Wyhl &#8211; Zeitzeuginnen gesucht (17.4.2013)<\/li>\n<li>Badisch-Elsaessische B\u00fcrgerinitiativen &#8211; Badisch-Elsaessische.net<\/li>\n<li>Die Badisch-Els\u00e4ssischen B\u00fcrgerinitiativen \u2013 Ihr Widerstand gegen das Atomkraftwerk Wyhl (Dr. Georg L\u00f6ser)<\/li>\n<li><a href=\"https:\/\/www.freiburg-schwarzwald.de\/weisweil.htm#10 Jahre F\u00f6rderverein Solarregio: Ehrenamtliche Arbeit f\u00fcr erneuerbare Energien\">10 Jahre F\u00f6rderverein Solarregio: Ehrenamtliche Arbeit f\u00fcr Erneuerbare<\/a> &gt;Weisweil (5.12)<\/li>\n<li><a href=\"https:\/\/www.freiburg-schwarzwald.de\/akw13.htm#\u00d6kum. Gottesdienst am Ostermontag im Freiburger M\u00fcnster: Tscher\/Fuku\">\u00d6kum. Gottesdienst am Ostermontag im Freiburger M\u00fcnster: Tscher\/Fuku<\/a> &gt;AKW13 (19.4.2011)<\/li>\n<li><a href=\"https:\/\/www.freiburg-schwarzwald.de\/papst.htm#Windturbine f\u00fcr Papst Benedikt XVI in Freiburg\">Windturbine f\u00fcr Papst Benedikt XVI in Freiburg<\/a> &gt;Papst (24.3.2011)<\/li>\n<li><a href=\"https:\/\/www.freiburg-schwarzwald.de\/freiamt1.htm#Erzkonservative gr\u00fcn vor \u00c4rger: CDU verhindert Windkraft\">Erzkonservative gr\u00fcn vor \u00c4rger: CDU verhindert Windkraft<\/a> &gt;Freiamt1 (18.3.2011)<\/li>\n<li><a href=\"https:\/\/www.freiburg-schwarzwald.de\/freiamt1.htm#Drehbares Solar-Gartenhaus am Schillingerberg: Genehmigung, Abri\u00df\">Drehbares Solar-Gartenhaus am Schillingerberg: Genehmigung, Abri\u00df<\/a> &gt;Freiamt1 (25.1.2011)<\/li>\n<li><a href=\"https:\/\/www.freiburg-schwarzwald.de\/akw9.htm#Uranabbau in Niger: Schwerwiegende Folgen f\u00fcr Volk der Tuareg\">Uranabbau in Niger: Schwerwiegende Folgen f\u00fcr Volk der Tuareg<\/a> &gt;AKW9 (4.3.2008)<\/li>\n<li><a href=\"https:\/\/www.freiburg-schwarzwald.de\/akw9.htm#Weber ist nicht up-todate in der Atomfrage\">Weber ist nicht up-todate in der Atomfrage<\/a> &gt;AKW9 (27.1.2008)<\/li>\n<li><a href=\"https:\/\/www.freiburg-schwarzwald.de\/tschernobyl2007.htm\">Mahnweg am 20.\/21.April vom Freiburger M\u00fcnster zum Atomkraftwerk Fessenheim<\/a> &gt;Tschernobyl (16.4.07)<\/li>\n<li><a href=\"https:\/\/www.freiburg-schwarzwald.de\/buergerinitiativen1.htm#Mahnweg f\u00fcr das Leben: FR - Ehrenkirchen - Fessenheim am 27.\/28.April\">Mahnweg f\u00fcr das Leben: FR &#8211; Ehrenkirchen &#8211; Fessenheim am 20.\/21.April<\/a> &gt;Buergerini (2.3.2007<\/li>\n<li><\/li>\n<li><a href=\"https:\/\/www.freiburg-schwarzwald.de\/blog\/engagement\/buergerinitiativen\/badisch-elsaessische-buergerinitiativen\/\">Badisch-Elsaessische-Buergerinitiativen<\/a><\/li>\n<li><a title=\"Wyhl\" href=\"https:\/\/www.freiburg-schwarzwald.de\/blog\/engagement\/buergerinitiativen\/wyhl\/\">Wyhl<\/a><\/li>\n<\/ul>\n<p>&nbsp;<\/p>\n<p>&nbsp;<\/p>\n<p><strong>Badisch-Elsaessische B\u00fcrgerinitiativen &#8211; Badisch-Elsaessische.net<\/strong><\/p>\n<p>Auf der Homepage <a href=\"https:\/\/www.badisch-elsaessische.net\/\">www.Badisch-Elsaessische.net<\/a> finden Interessenten in deutscher und franz\u00f6sischer Sprache<br \/>\ndie aktuellen Veranstaltungstermine und lesenswerte Informationen (auch zum <a href=\"https:\/\/www.freiburg-schwarzwald.de\/akw.htm\">AKW<\/a> ) \u00fcber die Geschichte der Badisch-Els\u00e4ssischen B\u00fcrgerinitiativen.<br \/>\n<a href=\"https:\/\/www.badisch-elsaessische.net\/\">www.Badisch-Elsaessische.net<\/a><\/p>\n<p>SprecherInnen: Philippe Hugoniot, Colette Marchal, Bernd N\u00f6ssler, Erhard Schulz, Heinz Siefritz<br \/>\nB\u00fcgerinitiative Weisweil e.V., Hauptstra\u00dfe 53, 79367 Weisweil<\/p>\n<p>Badisch-Els\u00e4ssischen B\u00fcrgerinitiativen<br \/>\nASSOCIATIONS ANTINUCLEAIRES DE BADE ET D&#8217;ALSACE<br \/>\nKonto \/ No de compte: 22 053 994,Sparkasse Freiburg\/N\u00f6rdl. Breisgau,BLZ 680 501 01<\/p>\n<div>Kontakt f\u00fcr die Medien in Deutschland:<br \/>\nErhard Schulz<br \/>\nMitglied im Sprecherkreis der Badisch-Els\u00e4ssischen B\u00fcrgerinitiativen<br \/>\nKandelstra\u00dfe 51, 79312 Emmendingen, Tel 07641-41252, Fax: 07641-570807<br \/>\nerhard-schulz at t-online.de<\/div>\n<div><\/div>\n<div><span style=\"font-family: Arial; font-size: x-small;\">\u00a0<\/span><\/div>\n<p>&nbsp;<\/p>\n<p><strong>Frauen beim AKW-Widerstand in Wyhl &#8211; Zeitzeuginnen gesucht<\/strong><\/p>\n<p>Im Herbst 2012 trafen sich zahlreiche Frauen im B\u00fcrgersaal in Weisweil, um von ihren Erfahrungen im Widerstand gegen Blei und Atom zu erz\u00e4hlen. Anlass waren die Publikationen von Prof. Jens Ivo Engels im Internet, speziell zur Rolle der Frauen im Wyhl-Widerstand. An diesem Abend erz\u00e4hlten die Frauen anschaulich, wie vielf\u00e4ltig, neu, phantasievoll, freudig entschlossen, auch anstrengend, konfliktreich, schmerzlich der Widerstand war &#8211; doch gemeinsam \u00fcberschritten sie so manche Grenze&#8230;mit viel Erfolg. &#8222;Nur&#8220; in Fessenheim tickt eine Zeitbombe seit 1977 &#8211; und manche Frauen sind seit Jahrzehnten aktiv. Andere setzen sich inzwischen mit anderen Themen, an anderen Orten, f\u00fcr Menschen in Not ein, oder brauchen im Alter selbst Unterst\u00fctzung.\u00a0Uns wurde deutlich, wie wertvoll die Berichte der Zeitzeuginnen sind, die sich seit Beginn der 70er Jahre in Kaiseraugst, Breisach, Marckolsheim, Fessenheim, Wyhl, Heitersheim, Gerstheim, Heiteren engagierten. Wir haben begonnen, Interviews und Erz\u00e4hlungen von Frauen aus dem Widerstand im Dreyeckland aufzuzeichnen.\u00a0Je mehr Frauen mitmachen, desto reicher und bunter wird sein, was f\u00fcr die Nachkommenden erhalten bleibt. Schreiben wir unsere Geschichte selbst und \u00fcberlassen wir(FETT KURSIV) das nicht fernen Professoren!<br \/>\nMit diesem Verzell-Nachmittag wollen wir uns anw\u00e4rmen, erinnern, erz\u00e4hlen, zuh\u00f6ren:<br \/>\n&#8211; Was war uns damals wichtig?<br \/>\n&#8211; Wieso und wie habe ich mitgemacht?<br \/>\n&#8211; Wie hat sich dadurch mein Leben ver\u00e4ndert?<br \/>\n&#8211; Wer hat Zeit und Lust, in der Gruppe mitzuarbeiten oder Projekte zu starten?<br \/>\n&#8211; Wer weiss Geldgeber f\u00fcr Projekte (Film, Buch, Archiv, &#8230;)<\/p>\n<p>Kurt Schmidt<br \/>\nBI-Weisweil, Salmenstr. 8 , 79367 Weisweil , Tel +49 (0)7646 1039<br \/>\n<a href=\"mailto:schmidt.kurt@t-online.de\">schmidt.kurt@t-online.de<\/a>, Web: \u00a0<a href=\"https:\/\/www.archiv-badisch-elsaessische-bi.net\/\">https:\/\/www.archiv-badisch-elsaessische-bi.net<\/a><br \/>\n17.4.2013<\/p>\n<p><strong>Die Badisch-Els\u00e4ssischen B\u00fcrgerinitiativen \u2013 Ihr Widerstand gegen das Atomkraftwerk Wyhl <\/strong><\/p>\n<p align=\"left\"><em>Grenz\u00fcberschreitende Zusammenarbeit gegen Atomkraft und f\u00fcr Alternativen am s\u00fcdlichen Oberrhein und anderswo Die Badisch-Els\u00e4ssischen B\u00fcrgerinitiativen \u2013 Ihr Widerstand gegen das Atomkraftwerk Wyhl und weitere Standorte und die Folgen bis Fukushima \u2013 lieber aktiv als\u00a0 radioaktiv<\/em><br \/>\n<em>von Dr. Georg L\u00f6ser<\/em><\/p>\n<p align=\"left\">Einleitung und Zusammenfassung<br \/>\n1. Das drohende \u201eRuhrgebiet am Oberrhein\u201d<br \/>\n2. Zur Vorgeschichte ab 1969\/70: Atomkraftprotest zu Kaiseraugst (CH), Fessenheim (F) und Breisach (D)<br \/>\n3. \u201eMarckolsheim\u201d und \u201eWyhl\u201d und die Gr\u00fcndung der Badisch-Els\u00e4ssischen B\u00fcrgerinitiativen<br \/>\n4. Die Badisch-Els\u00e4ssischen B\u00fcrgerinitiativen und der lange Kampf um das Atomkraftwerk Wyhl<br \/>\n5. Fessenheim (II): Breite Proteste und die Kontrollkommissionen<br \/>\n6. Erfolge und Misserfolg: Schw\u00f6rstadt und Heitersheim\/Baden, Gerstheim und Heiteren\/Elsass<br \/>\n7. Die Europa-Erkl\u00e4rung, die ersten Wyhl-Jahrestage<br \/>\n8. Auswirkungen und Folgewirkungen der Badisch-Els\u00e4ssischen B\u00fcrgerinitiativen<br \/>\n8.1. Unterst\u00fctzung des Widerstandes bei Atomstandorten au\u00dferhalb der Region<br \/>\n8.2. Denk-Male<br \/>\n8.3. Die Badisch-Els\u00e4ssischen B\u00fcrgerinitiativen nach 2000 bis heute<br \/>\n8.4. Neue Initiativen gegen das Atomkraftwerk Fessenheim<br \/>\n8.5. Weitere Folgewirkungen und Nachwirkungen am Oberrhein und anderswo<br \/>\n9. Fazit und Ausblick<br \/>\nAnhang 1: pers\u00f6nliche Anmerkungen \/ Widmung<br \/>\nAnhang 2: zum Autor<br \/>\nAnhang 3: Literaturhinweise<br \/>\nAnhang 4: Abbildungen aus der Pr\u00e4sentation vom 12.4.2002 und andere Abb.<br \/>\n\u00a9 Dr.rer.nat. Georg L\u00f6ser<\/p>\n<p><a title=\"Badisch-Elsaessische-Buergerinitiativen\" href=\"https:\/\/www.freiburg-schwarzwald.de\/blog\/engagement\/buergerinitiativen\/badisch-elsaessische-buergerinitiativen\/\">Badisch-Els\u00e4ssischen B\u00fcrgerinitiativen \u2013 Ihr Widerstand gegen das Atomkraftwerk Wyhl<\/a> (ausf\u00fchrlicher Text)<strong><br \/>\n<\/strong><\/p>\n<p><strong>Einleitung und Zusammenfassung<\/strong><br \/>\nDie Badisch-Els\u00e4ssischen B\u00fcrgerinitiativen und mit ihnen breite Schichten der Bev\u00f6lkerung in der Region beiderseits am s\u00fcdlichen Oberrhein haben Geschichte gemacht. H\u00f6hepunkte und Brennpunkte ihrer Arbeit und Aktionen waren die K\u00e4mpfe um die geplanten Atomkraftwerke Wyhl\/Baden, Fessenheim sowie Gerstheim\/Elsass ebenso wie um eine geplante Bleichemiefabrik in Marckolsheim\/Elsass Die Badisch-Els\u00e4ssischen B\u00fcrgerinitiativen entstanden formell mit ihrem internationalen Komitee am 25.8.1974 in Weisweil und mit ihrer damaligen \u201eErkl\u00e4rung der 21 B\u00fcrgerinitiativen an die Badisch-Els\u00e4ssische Bev\u00f6lkerung\u201d. Sie wuchsen bald auf fast 50 Initiativen an. Sie sind im Zusammenhang zu sehen mit den etwa zeitgleichen K\u00e4mpfen um das geplante Atomkraftwerk Kaiseraugst bei Basel und weitere Atomanlagen im Dreil\u00e4ndereck, dem schon zuvor begonnenen Protest gegen das Atomkraftwerk Fessenheim, mit der erste in Europa, und \u2013 bereits sehr intensiv, mit\u00a0 gro\u00dfer Resonanz und erfolgreich \u2013 gegen das geplante Atomkraftwerk bei Breisach. Sie widersetzten sich der drohenden Vision einer weitgehenden, streckenweise gro\u00dffl\u00e4chig geplanten atomkraftbetriebenen Industrialisierung am s\u00fcdlichen Oberrhein. Hinter dem bei Marckolsheim, Wyhl und Kaiseraugst besonders eskalierten Protest stand und steht prim\u00e4r die gemeinsame Sorge von Menschen um die Existenzgrundlagen: f\u00fcr Leben und Gesundheit auch k\u00fcnftiger Generationen, f\u00fcr Weinbau und Landwirtschaft, die sch\u00f6ne Heimat, f\u00fcr gute Arbeitspl\u00e4tze. Die Badisch-Els\u00e4ssischen B\u00fcrgerinitiativen haben mit ihrem Widerstand und vielf\u00e4ltigen Aktionen den Grundstein gelegt f\u00fcr einen atomenergiekritischen Konsens im Dreil\u00e4ndereck, der politisch und zugleich fr\u00fch am klarsten \u2013 nach Volksabstimmungen \u2013 in den beiden Baseler Kantonen Ausdruck fand und findet, der aber u.a. auch in einem \u201eSchwur\u201d els\u00e4ssischer B\u00fcrgermeister, Kommunalvertreter und Vereinigungen gegen weitere Atomkraftwerke sowie in S\u00fcdbaden in der Verhinderung mehrerer geplanter Atomenergieanlagen gipfelte. Die B\u00fcrgerinitiativen haben auf der Ebene aktiver B\u00fcrgerschaft Beispiele grenz\u00fcberschreitender Zusammenarbeit und Verst\u00e4ndigung gesetzt. Sie haben hierdurch auch die offizielle regionale Zusammenarbeit befruchtet und vorangetrieben. Ihre \u201eVolkshochschule Wyhler Wald\u201d hat \u00fcber 13 Jahre auf besetzten Baupl\u00e4tzen und in D\u00f6rfern und St\u00e4dten der Region als Kommunikations- und Informationszentrum, als innovativer, volksnaher Bildungstr\u00e4ger, als \u201egeistiges Kraftwerk\u201d, neu-alemannisches Kulturzentrum und Aush\u00e4ngeschild der\u00a0 Initiativen gewirkt. Aus dem Contra heraus wurden mit den popul\u00e4ren Sasbacher Sonnentagen 1976-78 konkrete positive Energie-Visionen entwickelt, die sich als popul\u00e4re \u00d6ko-Spezialmessen in Rouffach sowie fortgesetzt in Colmar\/Elsass, direkt und zuerst aber als \u00d6KO-Solar-Energie- und Umwelt-Messen in Freiburg sowie anderswo in Deutschland und anderen L\u00e4ndern weiterentwickelten. Eine Reihe bedeutender regionaler bis nationaler Umweltschutz- und Alternativenergie-Vereinigungen der B\u00fcrgerInnen sowie Ans\u00e4tze zu einer Umwelt- und Solar-Modellregion am Oberrhein sind im Gefolge entstanden, gewachsen bzw. weiterhin am Entstehen.<br \/>\nDie Badisch-Els\u00e4ssischen B\u00fcrgerinitiativen, auch heutzutage in kleinerer Form und mit neuen Instrumenten weiterbestehen, haben mit ihrem Wirken und ihrer Streitkultur auf schwierigem Feld \u2013 im Ringen mit dem Staat, Konzernen und einer Staatsgrenze \u2013 ein St\u00fcck \u201eDemokratie von unten\u201d verwirklicht. Dieses fand vor allem mit dem gemeinsamen Kampf um Wyhl auch weltweite Beachtung und zeigt \u00fcber die Region am s\u00fcdlichen Oberrhein hinaus zahlreiche und weitreichende positive Folgewirkungen.<br \/>\n&#8230;..<br \/>\n<strong>9\u00a0 Fazit und Ausblick<br \/>\n<\/strong>In Marckolsheim und Wyhl und zu Fessenheim haben die Badisch-Els\u00e4ssischen B\u00fcrgerinitiativen mit ihrer grenz\u00fcberschreitenden Kooperation Geschichte gemacht. Sie haben im Ringen mit dem Staat und den Konzernen ein St\u00fcck k\u00e4mpferischer \u201eDemokratie von unten\u201d vorgelebt, das weltweite\u00a0Beachtung fand und nicht nur am s\u00fcdlichen Oberrhein viele positive Folgewirkungen zeigt. Ihr teilweise\u00a0sehr erfolgreicher Widerstand gegen Atomkraft und ihr Einsatz f\u00fcr Alternativen ist eng verflochten mit\u00a0weiteren Anti-Atom- und Energie-Initiativen am Oberrhein. Dies wirkte und wirkt weiterhin als Vorbild\u00a0in der Region, in Deutschland und in anderen L\u00e4ndern.\u00a0Einerseits kann zum Beispiel durch einen gro\u00dfen Atomenergieunfall in der trinationalen Region die\u00a0Arbeit der Badisch-Els\u00e4ssischen B\u00fcrgerinitiativen in der Region weitgehend vergeblich werden.\u00a0Andererseits aber kann als eine Sp\u00e4tfolge am Oberrhein \u2013 trotz des dortigen gro\u00dfen Entwicklungsdrucks\u00a0auf diese zentrale Region der EU \u2013 immer noch eine <strong>europ\u00e4ische Modellregion f\u00fcr \u00f6kologische <\/strong>Energie und f\u00fcr die Entwicklung von Nachhaltigkeit\u00a0entstehen. Daf\u00fcr m\u00fcssen jedoch die technischen, geistigen, gesellschaftlichen und politischen Potentiale von der regionalen Politik und den hiesigen\u00a0Institutionen viel intensiver in dieser Richtung genutzt werden. Bei der offiziellen trinationalen\u00a0Oberrheinkonferenz, und beim Oberrheinrat sind hierf\u00fcr bisher nur zarte Ans\u00e4tze erkennbar, umso mehr\u00a0aber bei engagierten Teilen der B\u00fcrgerschaft und des Mittelstands sowie in inzwischen vielen St\u00e4dten\u00a0und D\u00f6rfern. Aus Erfahrung der Badisch-Els\u00e4ssischen B\u00fcrgerinitiativen sprechend, wird es n\u00f6tig sein,\u00a0dass aktive Teile der Bev\u00f6lkerung und ihre Vereinigungen die Politik und Wirtschaft weiterhin\u00a0anschieben und selber Verantwortung \u00fcbernehmen.<br \/>\nDr.rer.nat. Georg L\u00f6ser, Gundelfingen\/Freiburg i.Br., im April 2002, Februar 2005 und August 2011<\/p>\n<p><em>Dr. Georg L\u00f6ser, Weiherweg 4B, D-79194 Gundelfingen, im April 2002<\/em><br \/>\n<em>glp052-fpc\/Ver\u00f6ff\/BEBILFE6.rtf =Badisch-Elss-Bis-Koll-2002-Langfassung endg 23.06.2002, korr. 040825<\/em><br \/>\n<em>aktueller Stand: 28.8.2011<\/em><br \/>\n<em>Die kompletten Text von Dr. L\u00f6ser finden Sie hier:<\/em><br \/>\n<em><a href=\"https:\/\/www.freiburg-schwarzwald.de\/pdf\/badisch-elsaessische-loeser201108.pdf\">https:\/\/www.freiburg-schwarzwald.de\/pdf\/badisch-elsaessische-loeser201108.pdf<\/a><\/em><\/p>\n<p><em>In dem so informativen Buch\u00a0<\/em><br \/>\n<em>Dr. Georg L\u00f6ser:\u00a0Buch \u201cDie AKW-Protestbewegung von Wyhl bis Brokdorf\u201d &#8211; Besser aktiv als radioaktiv,<\/em><br \/>\n<em>Bibliothek des Widerstands des Laika-Verlags, 2011<\/em><br \/>\n<em>ISBN: 978-3-942261-01-0<br \/>\n<\/em><em>werden die Informationen zur Widerstandsbewegung in Wyhl aktualisiert mit den aktuellen Wyhl-Folgen, AKW Fukushima und\u00a0 AKW Fessenheim.<\/em><\/p>\n","protected":false},"excerpt":{"rendered":"<p>Home &gt;Engagement &gt;Buergerinitiativen &gt;Badisch-Elsaessische Listenauswahl eines Beitrags (Artikel\/Datum, Seite\/Inhalt):\u00a0Klicken\u00a0oder scrollen Wyhl-Demo 50 Jahre 1975-2025\u00a0(4.11.2025) Wyhl und die Linken: Film \u201eGeschichten aus dem Wyhler Wald\u201c\u00a0(25.10.2025) Axel Mayer: R\u00fcckblick AKW\/Klima \u2013 Vor 50 Jahren Marckolsheim (3.9.2024) Vor 50 Jahren wurden die Badisch-Els\u00e4ssischen &hellip; <a href=\"https:\/\/www.freiburg-schwarzwald.de\/blog\/engagement\/buergerinitiativen\/badisch-elsaessische\/\">Weiterlesen <span class=\"meta-nav\">&rarr;<\/span><\/a><\/p>\n","protected":false},"author":4,"featured_media":0,"parent":2329,"menu_order":0,"comment_status":"closed","ping_status":"closed","template":"","meta":{"footnotes":""},"class_list":["post-7085","page","type-page","status-publish","hentry"],"_links":{"self":[{"href":"https:\/\/www.freiburg-schwarzwald.de\/blog\/wp-json\/wp\/v2\/pages\/7085","targetHints":{"allow":["GET"]}}],"collection":[{"href":"https:\/\/www.freiburg-schwarzwald.de\/blog\/wp-json\/wp\/v2\/pages"}],"about":[{"href":"https:\/\/www.freiburg-schwarzwald.de\/blog\/wp-json\/wp\/v2\/types\/page"}],"author":[{"embeddable":true,"href":"https:\/\/www.freiburg-schwarzwald.de\/blog\/wp-json\/wp\/v2\/users\/4"}],"replies":[{"embeddable":true,"href":"https:\/\/www.freiburg-schwarzwald.de\/blog\/wp-json\/wp\/v2\/comments?post=7085"}],"version-history":[{"count":5,"href":"https:\/\/www.freiburg-schwarzwald.de\/blog\/wp-json\/wp\/v2\/pages\/7085\/revisions"}],"predecessor-version":[{"id":141125,"href":"https:\/\/www.freiburg-schwarzwald.de\/blog\/wp-json\/wp\/v2\/pages\/7085\/revisions\/141125"}],"up":[{"embeddable":true,"href":"https:\/\/www.freiburg-schwarzwald.de\/blog\/wp-json\/wp\/v2\/pages\/2329"}],"wp:attachment":[{"href":"https:\/\/www.freiburg-schwarzwald.de\/blog\/wp-json\/wp\/v2\/media?parent=7085"}],"curies":[{"name":"wp","href":"https:\/\/api.w.org\/{rel}","templated":true}]}}