{"id":69843,"date":"2018-12-27T21:11:45","date_gmt":"2018-12-27T20:11:45","guid":{"rendered":"https:\/\/www.freiburg-schwarzwald.de\/blog\/?page_id=69843"},"modified":"2026-04-17T14:52:10","modified_gmt":"2026-04-17T12:52:10","slug":"fake-news","status":"publish","type":"page","link":"https:\/\/www.freiburg-schwarzwald.de\/blog\/kultur\/medien\/fake-news\/","title":{"rendered":"Fake-News"},"content":{"rendered":"<p><a href=\"https:\/\/www.freiburg-schwarzwald.de\/blog\">Home<\/a>\u00a0&gt;<a title=\"Kultur\" href=\"https:\/\/www.freiburg-schwarzwald.de\/blog\/kultur\/\">Kultur<\/a>\u00a0&gt;<a title=\"Medien\" href=\"https:\/\/www.freiburg-schwarzwald.de\/blog\/kultur\/medien\/\">Medien<\/a>\u00a0&gt;<a title=\"Zeitung\" href=\"https:\/\/www.freiburg-schwarzwald.de\/blog\/kultur\/medien\/zeitung\/\">Zeitung<\/a>\u00a0&gt;<a title=\"Luegenpresse\" href=\"https:\/\/www.freiburg-schwarzwald.de\/blog\/kultur\/medien\/luegenpresse\/\">Luegenpresse<\/a> &gt;Fake-News<\/p>\n<div id=\"attachment_68143\" style=\"width: 649px\" class=\"wp-caption alignnone\"><a href=\"https:\/\/www.freiburg-schwarzwald.de\/blog\/sport\/sportlern\/biken\/radwanderwege\/fahrrad-rahmenbruch-pan180912\/\" rel=\"attachment wp-att-68143\"><img loading=\"lazy\" decoding=\"async\" aria-describedby=\"caption-attachment-68143\" class=\"size-full wp-image-68143\" src=\"https:\/\/www.freiburg-schwarzwald.de\/blog\/wp-content\/uploads\/2014\/04\/fahrrad-rahmenbruch-pan180912.jpg\" alt=\"Fahrrad nach Rahmenbruch und Sturz am 12.9.2018\" width=\"639\" height=\"402\" srcset=\"https:\/\/www.freiburg-schwarzwald.de\/blog\/wp-content\/uploads\/2014\/04\/fahrrad-rahmenbruch-pan180912.jpg 639w, https:\/\/www.freiburg-schwarzwald.de\/blog\/wp-content\/uploads\/2014\/04\/fahrrad-rahmenbruch-pan180912-180x113.jpg 180w\" sizes=\"auto, (max-width: 639px) 100vw, 639px\" \/><\/a><p id=\"caption-attachment-68143\" class=\"wp-caption-text\">Fahrrad nach Rahmenbruch und Sturz am 12.9.2018<\/p><\/div>\n<p>&nbsp;<\/p>\n<ul>\n<li><em>Listenauswahl eines Beitrags: Bitte\u00a0<span style=\"text-decoration: underline;\">anklicken<\/span>\u00a0oder runterscrollen<\/em><\/li>\n<li><a href=\"https:\/\/www.freiburg-schwarzwald.de\/blog\/geheimplan-potsdam-war-luege\/\">Geheimplan Potsdam war L\u00fcge<\/a>\u00a0(17.4.2026)<\/li>\n<li><a href=\"https:\/\/www.freiburg-schwarzwald.de\/blog\/zdf-fake-news-ki-propaganda\/\">ZDF: Fake-News KI Propaganda<\/a>\u00a0(17.2.2026)<\/li>\n<li>Faktencheck bei Tatsachen (ja\/nein)- nicht bei Gef\u00fchlen (27.10.2025)<\/li>\n<li><a href=\"https:\/\/www.freiburg-schwarzwald.de\/blog\/medienkampagne\/\">Vosgerau: Medienkampagne BfV\/AfD 2025 \u00e4hnlich Correctiv\/Wannsee 2023<\/a>\u00a0(5.5.2025)<\/li>\n<li><a href=\"https:\/\/www.freiburg-schwarzwald.de\/blog\/falschmeldung-im-dreier-schritt\/\">Falschmeldung im Dreier-Schritt<\/a>\u00a0(12.4.2025)<\/li>\n<li><a href=\"https:\/\/www.freiburg-schwarzwald.de\/blog\/global\/ukraine\/ukraine-demokratie\/\">Die Bilder von Butscha: Realit\u00e4t oder Inszenierung?<\/a>\u00a0(1.4.2025)<\/li>\n<li><a href=\"https:\/\/www.freiburg-schwarzwald.de\/blog\/kultur\/medien\/faktencheck\/\">Wie Faktenchecker die Unwahrheit verbreiten und die Debatte vergiften<\/a> (18.1.2025)<\/li>\n<li><a href=\"https:\/\/www.freiburg-schwarzwald.de\/blog\/buerger-taeuschung-deportation\/\">B\u00fcrger-T\u00e4uschung: Deportation<\/a>\u00a0(22.10.2024)<\/li>\n<li><a href=\"https:\/\/www.freiburg-schwarzwald.de\/blog\/scheinwelten-contra-realitaet\/\">Scheinwelten gegen Realit\u00e4t<\/a>\u00a0(26.8.2024)<\/li>\n<li>Correctiv zu Potsdam: Sebnitz und Chemnitz lassen gr\u00fc\u00dfen (16.8.2024)<\/li>\n<li><a href=\"https:\/\/www.freiburg-schwarzwald.de\/blog\/vereine\/ngo\/correctiv\/\">Correctiv gesteht Falschbehauptungen zum \u201eGeheimtreffen\u201c ein<\/a>\u00a0(21.6.2024)<\/li>\n<li><a href=\"https:\/\/www.freiburg-schwarzwald.de\/blog\/vereine\/ngo\/correctiv\/\">Correctiv: Ende der Potsdam-Manipulationsgeschichte<\/a>\u00a0(19.6.2024)<\/li>\n<li><a href=\"https:\/\/www.freiburg-schwarzwald.de\/blog\/boese-oder-tolerierbare-gewalt\/\">B\u00f6se oder tolerierbare Gewalt<\/a>\u00a0(20.6.2024)<\/li>\n<li><a href=\"https:\/\/www.freiburg-schwarzwald.de\/blog\/kultur\/medien\/social-media\/\">Steinh\u00f6fel: Die digitale Bevormundung<\/a>\u00a0(26.5.2024)<\/li>\n<li><a href=\"https:\/\/www.freiburg-schwarzwald.de\/blog\/gewalt-buerger-desinformiert\/\">Gewalt: B\u00fcrger desinformiert<\/a>\u00a0(21.5.2024)<\/li>\n<li>Verbreiter von Fake News auch in Berlin (21.3.2024)<\/li>\n<li><a href=\"https:\/\/www.freiburg-schwarzwald.de\/blog\/kultur\/medien\/framing\/geheimtreffen\/\">Die M\u00e4r vom \u201eGeheimtreffen\u201c im Faktencheck<\/a>\u00a0(24.1.2024)<\/li>\n<li><a href=\"https:\/\/www.freiburg-schwarzwald.de\/blog\/geheimtreffen-correctiv-wannsee\/\">Geheimtreffen Correctiv Wannsee<\/a>\u00a0(21.1.2024)<\/li>\n<li><a href=\"https:\/\/www.freiburg-schwarzwald.de\/blog\/kultur\/medien\/framing\/geheimtreffen\/\">\u201eWannseekonferenz 2.0\u201c: Was war wirklich los?<\/a>\u00a0(20.1.2024)<\/li>\n<li><a href=\"https:\/\/www.freiburg-schwarzwald.de\/blog\/falschmeldung-im-dlf-wozu\/\">Falschmeldung im DLF &#8211; wozu?<\/a> (19.10.2023)<\/li>\n<li><a href=\"https:\/\/www.freiburg-schwarzwald.de\/blog\/kultur\/medien\/youtube\/\">\u201eDemos Kratos\u201c will dem linken Irrsinn mit Fakten begegnen<\/a>\u00a0(25.8.2023)<\/li>\n<li><a href=\"https:\/\/www.freiburg-schwarzwald.de\/blog\/1-bild-sagt-mehr-als-1000-worte\/\">1 Bild sagt mehr als 1000 Worte<\/a>\u00a0(20.7.2023)<\/li>\n<li>KGE: Fakenews zur W\u00fcste Brandenburg zwecks Angstmachen (18.6.2023)<\/li>\n<li><a href=\"https:\/\/www.freiburg-schwarzwald.de\/blog\/heute-14-3-2023-vor-drei-jahren\/\">Heute 14.3.2023 vor drei Jahren<\/a> (14.3.2023)<\/li>\n<li><a href=\"https:\/\/www.freiburg-schwarzwald.de\/blog\/kultur\/medien\/zensur\/sprechverbot\/\">Daniele Ganser: Wie Medien manipulativ \u00fcber ihn berichten an einem Beispiel<\/a>\u00a0(9.3.2023)<\/li>\n<li><a href=\"https:\/\/www.freiburg-schwarzwald.de\/blog\/global\/japan\/fukushima\/\">Fake-Nuss: von 18500 Fukushima-Toten in der ARD und anderen M\u00e4rchen<\/a>\u00a0(22.1.2023)<\/li>\n<li><a href=\"https:\/\/www.freiburg-schwarzwald.de\/blog\/business\/gesund\/corona-virus\/corona-angst\/\">Der Milit\u00e4rkonvoi aus Bergamo: Fake-Bild<\/a> (26.4.2021)<\/li>\n<li><a href=\"https:\/\/www.freiburg-schwarzwald.de\/blog\/fukushima-beben-tsunami-akw\/\">Fukushima Seebeben Tsunami AKW<\/a>\u00a0(12.3.2021)<\/li>\n<li><a href=\"https:\/\/www.freiburg-schwarzwald.de\/blog\/fake-news-kaum-korrigierbar\/\">Fake News &#8211; kaum korrigierbar<\/a> (11.2.2021)<\/li>\n<li><a href=\"https:\/\/www.freiburg-schwarzwald.de\/blog\/global\/schweden\/\">Schweden: Corona-Mehrsterblichkeit in D gr\u00f6\u00dfer als in S<\/a>\u00a0(12.1.2021)<\/li>\n<li><a href=\"https:\/\/www.freiburg-schwarzwald.de\/blog\/global\/schweden\/\">Panikt ihr noch oder lebt ihr wieder? Ein Brief aus Schweden<\/a>\u00a0(31.12.2020)<\/li>\n<li><a title=\"Zensur\" href=\"https:\/\/www.freiburg-schwarzwald.de\/blog\/kultur\/medien\/zensur\/\">Zensur f\u00fcr Hassrede \u2013 Paprika-So\u00dfe statt Zigeuner-So\u00dfe, Paprika-Baron\u00a0statt Zigeuner-Baron<\/a>\u00a0(25.8.2020)<\/li>\n<li><a title=\"Wahrheit\" href=\"https:\/\/www.freiburg-schwarzwald.de\/blog\/engagement\/zukunft\/wahrheit\/\">Wahrheit, die ich meine<\/a>\u00a0(21.7.2020)<\/li>\n<li><a title=\"Fake News \u2013 auch vom Staat?\" href=\"https:\/\/www.freiburg-schwarzwald.de\/blog\/fake-news-auch-vom-staat\/\">Fake News &#8211; auch vom Staat?<\/a> (20.3.2020)<\/li>\n<li>dpa erfindet den Besuch eines AfD-Manns auf Lesbos (9.3.2020)<\/li>\n<li><a title=\"Fernsehen\" href=\"https:\/\/www.freiburg-schwarzwald.de\/blog\/kultur\/medien\/fernsehen\/\">J\u00fcdische Rundschau: Wir brauchen ein deutsches Pendant zu Fox News<\/a>\u00a0(26.2.2020)<\/li>\n<li>Fake News und L\u00fcge der Medien am Beispiel &#8222;Faschist&#8220; (10.2.2020)<\/li>\n<li><a title=\"Mauerfall vor 30 Jahren Berlin\" href=\"https:\/\/www.freiburg-schwarzwald.de\/blog\/mauerfall-vor-30-jahren-berlin\/\">Mauerfall vor 30 Jahren Berlin<\/a>\u00a0(9.11.2019)<\/li>\n<li><a href=\"https:\/\/www.freiburg-schwarzwald.de\/blog\/kultur\/medien\/faktencheck\/\">Correctiv als selbsternannte Staatszensur \u2013 Faktencheck<\/a>\u00a0(19.10.2019)<\/li>\n<li><a title=\"Politisch kontaminierte Hirse?\" href=\"https:\/\/www.freiburg-schwarzwald.de\/blog\/politisch-kontaminierte-hirse\/\">Politisch kontaminierte Hirse?<\/a>\u00a0(15.10.2019)<\/li>\n<li><a title=\"Zensur\" href=\"https:\/\/www.freiburg-schwarzwald.de\/blog\/kultur\/medien\/zensur\/\">Steinh\u00f6fel: \u201eL\u00f6schen nach politischem Muster\u201c<\/a>\u00a0(13.9.2019)<\/li>\n<li><a title=\"Offenburg-Arztmord16Aug2018\" href=\"https:\/\/www.freiburg-schwarzwald.de\/blog\/global\/integration\/offenburg-arztmord16aug2018\/\">Landgericht Bremen: Ausdruck \u201eGoldst\u00fcck\u201c kann Hetze sein<\/a>\u00a0(21.6.2019)<\/li>\n<li><a href=\"https:\/\/www.freiburg-schwarzwald.de\/blog\/manchmal-schweige-ich-mit-16\/\">https:\/\/www.freiburg-schwarzwald.de\/blog\/manchmal-schweige-ich-mit-16\/<\/a>\u00a0(25.5.2019)<\/li>\n<li><a title=\"Enteignung\" href=\"https:\/\/www.freiburg-schwarzwald.de\/blog\/selbsthilfe\/soziales\/justiz\/rechtsstaat\/enteignung\/\">Karl Lauterbach: Miethaie enteignen in Berlin wie die Juden im 3.Reich?<\/a>\u00a0(10.4.2019)<\/li>\n<li><a href=\"https:\/\/www.freiburg-schwarzwald.de\/blog\/no-fake-gcm-doch-verbindlich\/\">https:\/\/www.freiburg-schwarzwald.de\/blog\/no-fake-gcm-doch-verbindlich\/<\/a>\u00a0(21.3.2019)<\/li>\n<li>LpB meldet Fake News zu Fukushima (12.3.2019)<\/li>\n<li><a title=\"Fernsehen\" href=\"https:\/\/www.freiburg-schwarzwald.de\/blog\/kultur\/medien\/fernsehen\/\">RBB legt Palmer gef\u00e4lschte Antwort in den Mund<\/a>\u00a0(9.3.2019)<\/li>\n<li><a href=\"https:\/\/www.freiburg-schwarzwald.de\/blog\/fake-news-und-wunschdenken\/\">https:\/\/www.freiburg-schwarzwald.de\/blog\/fake-news-und-wunschdenken\/<\/a> (17.1.2019)<\/li>\n<li><a href=\"https:\/\/www.freiburg-schwarzwald.de\/blog\/fake-news-18-hetzjagd-handy\/\">https:\/\/www.freiburg-schwarzwald.de\/blog\/fake-news-18-hetzjagd-handy\/<\/a> (28.12.2018)<\/li>\n<li>Fake New: Handy-Checks von Migranten bringen nichts (27.12.2018)<\/li>\n<li><a href=\"https:\/\/www.freiburg-schwarzwald.de\/blog\/islamintegration-fake-zur-wahl\/\">https:\/\/www.freiburg-schwarzwald.de\/blog\/islamintegration-fake-zur-wahl\/<\/a> (28..8.2017)<\/li>\n<li><a href=\"https:\/\/www.freiburg-schwarzwald.de\/blog\/fake-news-und-faker\/\">https:\/\/www.freiburg-schwarzwald.de\/blog\/fake-news-und-faker\/<\/a> (18.1.2017)<\/li>\n<\/ul>\n<ul>\n<li><a title=\"Medienvielfalt\" href=\"https:\/\/www.freiburg-schwarzwald.de\/blog\/kultur\/medien\/medienvielfalt\/\">Alternative Medien \u2013 Neue Medien \u2013 Freie Denker (Link-Kiste)<\/a><\/li>\n<li><a title=\"Demonstrationsrecht\" href=\"https:\/\/www.freiburg-schwarzwald.de\/blog\/engagement\/buergerinitiativen\/demonstrationsrecht\/\">Demonstrationsrecht<\/a><\/li>\n<li><a href=\"https:\/\/www.freiburg-schwarzwald.de\/blog\/kultur\/medien\/desinformation\/\">Desinformation<\/a><\/li>\n<li><a title=\"Diskussionskultur\" href=\"https:\/\/www.freiburg-schwarzwald.de\/blog\/kultur\/medien\/diskussionskultur\/\">Diskussionskultur<\/a><\/li>\n<li><a title=\"Europa-Leitkultur\" href=\"https:\/\/www.freiburg-schwarzwald.de\/blog\/kultur\/europa-leitkultur\/\">Europa-Leitkultur<\/a><\/li>\n<li><a href=\"https:\/\/www.freiburg-schwarzwald.de\/blog\/kultur\/medien\/faktencheck\/\">Faktencheck<\/a><\/li>\n<li><a href=\"https:\/\/www.freiburg-schwarzwald.de\/blog\/kultur\/medien\/desinformation\/falschmeldung\/\">Falschmeldung<\/a><\/li>\n<li><a href=\"https:\/\/www.freiburg-schwarzwald.de\/blog\/kultur\/medien\/framing\/geheimtreffen\/\">Geheimtreffen<\/a><\/li>\n<li><a title=\"Integration\" href=\"https:\/\/www.freiburg-schwarzwald.de\/blog\/global\/integration\/\">Integration<\/a><\/li>\n<li><a title=\"Kampf-gegen-Rechts\" href=\"https:\/\/www.freiburg-schwarzwald.de\/blog\/kultur\/medien\/kampf-gegen-rechts\/\">Kampf-gegen-Rechts<\/a><\/li>\n<li><a title=\"Luegenpresse\" href=\"https:\/\/www.freiburg-schwarzwald.de\/blog\/kultur\/medien\/luegenpresse\/\">L\u00fcgenpresse<\/a><\/li>\n<li><a href=\"https:\/\/www.freiburg-schwarzwald.de\/blog\/medienkampagne\/\">Medienkampagne &#8211; gegen AfD<\/a><\/li>\n<li><a title=\"Medienvielfalt\" href=\"https:\/\/www.freiburg-schwarzwald.de\/blog\/kultur\/medien\/medienvielfalt\/\">Medienvielfalt<\/a><\/li>\n<li><a title=\"Meinungsfreiheit\" href=\"https:\/\/www.freiburg-schwarzwald.de\/blog\/kultur\/medien\/meinungsfreiheit\/\">Meinungsfreiheit<\/a><\/li>\n<li><a title=\"Missverstehen\" href=\"https:\/\/www.freiburg-schwarzwald.de\/blog\/kultur\/medien\/missverstehen\/\">Missverstehen mit Absicht<\/a><\/li>\n<li><a title=\"Multikulti\" href=\"https:\/\/www.freiburg-schwarzwald.de\/blog\/kultur\/leitkultur\/multikulti\/\">Multikulti<\/a><\/li>\n<li><a href=\"https:\/\/www.freiburg-schwarzwald.de\/blog\/kultur\/medien\/social-media\/\">Social Media<\/a><\/li>\n<li><a title=\"Talkshow\" href=\"https:\/\/www.freiburg-schwarzwald.de\/blog\/kultur\/medien\/talkshow\/\">Talkshow<\/a><\/li>\n<li><a title=\"Wahrheit\" href=\"https:\/\/www.freiburg-schwarzwald.de\/blog\/engagement\/zukunft\/wahrheit\/\">Wahrheit<\/a><\/li>\n<li><a href=\"https:\/\/www.freiburg-schwarzwald.de\/blog\/kultur\/medien\/framing\/geheimtreffen\/\">Wannseekonferenz2.0<\/a><\/li>\n<li><a title=\"Werte\" href=\"https:\/\/www.freiburg-schwarzwald.de\/blog\/global\/integration\/werte\/\">Werte<\/a><\/li>\n<li><a title=\"Willkommenskultur\" href=\"https:\/\/www.freiburg-schwarzwald.de\/blog\/global\/integration\/willkommenskultur\/\">Willkommenskultur<\/a><\/li>\n<li><a title=\"Zeitgeist\" href=\"https:\/\/www.freiburg-schwarzwald.de\/blog\/engagement\/zeitgeist\/\">Zeitgeist<\/a><\/li>\n<li><a title=\"Zensur\" href=\"https:\/\/www.freiburg-schwarzwald.de\/blog\/kultur\/medien\/zensur\/\">Zensur<\/a><\/li>\n<\/ul>\n<p>&nbsp;<\/p>\n<p><strong>Faktencheck bei Tatsachen (ja\/nein)- nicht bei Gef\u00fchlen<\/strong><br \/>\nFaktencheck? Ein seichtes Gew\u00e4sser! In der Wissenschaft sind Fakten pr\u00fcfbare Tatsachen, die entweder wahr oder falsch sein k\u00f6nnen. Boolsche Aussagen. Null oder eins. Wahr oder falsch. Die Dinge, um die es hier geht, sind aber nicht &#8222;entweder, oder&#8220;, sondern sowohl als auch. Insoweit ist das &#8222;Fake News&#8220; hier davon abh\u00e4ngig, welchen Standpunkt man selbst einnimmt. Politik ist nicht schwarz oder weiss, sondern eher grau. Irgendwas dazwischen. Daher f\u00fchrt so ein Lehrgang zu nichts. Das Wort &#8222;Fake News&#8220; ist bei uns w\u00e4hrend Corona angekommen, als man versuchte etwas in Tatsachen zu packen von dem man wenig wusste. Du hast recht und du liegst falsch? Sogar namhafte Wissenschaftler kamen sich da in die Haare, eben abh\u00e4ngig vom jeweiligen Standpunkt, und beide konnten ihre oft gegens\u00e4tzlichen Standpunkte mit Tatsachen untermauern. Wer sich hier, vor allem als Laie, ein Bild machen will kann kaum anders als so viele Quellen wie m\u00f6glich heranzuziehen, und abzuw\u00e4gen wer was dazu schreibt. Man glaubt nicht nur einem, sondern schaut sich auch die Gegenseite an. Dann liegt es an einem selbst, was man davon h\u00e4lt.<br \/>\n27.10.2025, Thomas Laut<\/p>\n<p>&nbsp;<\/p>\n<p><strong>Correctiv zu Potsdam: Sebnitz und Chemnitz lassen gr\u00fc\u00dfen<\/strong><br \/>\nZum Schwerpunktthema: \u201eFake-News! \/ Die <a href=\"https:\/\/www.freiburg-schwarzwald.de\/blog\/vereine\/ngo\/correctiv\/\">Aff\u00e4re Correctiv<\/a>\u201c, JF 33\/24<br \/>\nDieser Medienskandal erinnert stark an die Aff\u00e4re um den sechsj\u00e4hrigen Joseph aus Sebnitz, der angeblich von Neonazis im Schwimmbad ertr\u00e4nkt wurde. Im Jahr 2000 war dieses M\u00e4rchen, ausgehend von haltlosen Behauptungen der Mutter, ungepr\u00fcft von allen Mainstream-Medien \u00fcbernommen und skandalisiert worden, als Beweis f\u00fcr deutschen Rassismus und rechtsradikale Exzesse. Ebenso wie sich diesmal der Bundespr\u00e4sident bem\u00fc\u00dfigt f\u00fchlte, die Fake-News-Produzenten von Correctiv einzuladen, nahmen sich damals Kanzler Schr\u00f6der und Bundespr\u00e4sident Rau pers\u00f6nlich der Sache an. Nachdem das Kartenhaus der L\u00fcgen zusammengebrochen war, gelobten die Vertreter der genasf\u00fchrten Medien Besserung f\u00fcr die Zukunft.<br \/>\nNichts dergleichen ist passiert, siehe <a href=\"https:\/\/www.freiburg-schwarzwald.de\/blog\/engagement\/zukunft\/demokratie\/chemnitz-messermord26-08-2018\/chemnitz2018-2023\/\">Hetzjagden von Chemnitz<\/a>, die M\u00e4rchen von Spiegel-Autor Relotius oder aktuell die Wannseekonferenz 2.0. Es ist dies ein grundlegendes Wesensmerkmal des Journalismus, der in seiner widerw\u00e4rtigen Gestalt auch Journaille genannt wird: Wenn die Story das bietet, was der Zeitgeist fordert, dann wird sie ungepr\u00fcft verbreitet oder bei Bedarf gleich ganz erfunden.<\/p>\n<p>Beim Rezipienten, also dem Zeitungsleser oder Fernsehzuschauer, der eigentlich wahrheitsgem\u00e4\u00df informiert werden m\u00f6chte, fallen solche M\u00e4rchen trotzdem auf fruchtbaren Boden und entfalten die gew\u00fcnschte Wirkung. In seinem Werk \u201ePsychologie der Massen\u201c stellte Gustave Le Bon schon vor \u00fcber einhundert Jahren fest: In der Masse hat die Behauptung mehr Gewicht als der Beweis.<br \/>\nMatthias Schneider, Speyer<br \/>\n&#8230; Alles vom 16.8.2024 bitte lesen in der IF 23\/24, Seite 23<\/p>\n<p>&nbsp;<\/p>\n<p><strong>Verbreiter von Fake News auch in Berlin<\/strong><br \/>\nDie Verbreiter von Fake News sitzen nicht nur in Moskau, Teheran und Nordkorea. Sie sitzen auch in Berlin.<br \/>\nExklusivnews handgefertigt: Und aus der Hauptstadt heraus arbeiteten sie zum Beispiel f\u00fcr das Meinungsforschungsinstitut Civey, dessen unsaubere, weil nicht-repr\u00e4sentative und algorithmisch nachbearbeitete Umfragen vom Spiegel jahrelang als \u201eExklusivnews\u201c publiziert wurden. Forsa-Chef Prof. Manfred G\u00fcllner \u2013 mit 82 Jahren Deutschlands dienst\u00e4ltester Demoskop \u2013 sagt: &#8222;Civey ist kein Meinungsforschungsinstitut, sondern ein Generator zur Erzeugung von Zerrbildern der Realit\u00e4t. \u201c<br \/>\nWarum das wichtig ist: Mit Meinungsumfragen l\u00e4sst sich Politik machen. Mit ihren Ergebnissen kann man Stimmungen verst\u00e4rken, abbremsen oder umdrehen. Der Trend ist \u2013 so traurig das klingt \u2013 oft genug ein Produkt aus den Munitionsfabriken der Demoskopen.<br \/>\n&#8230;<br \/>\nGenug ist genug: Der neue Spiegel-Chefredakteur Dirk Kurbjuweit hat die vor sechs Jahren gestartete Kooperation mit Civey nun beendet. Die Verdachtsmomente gegen das Meinungsforschungsinstitut, das wom\u00f6glich nur ein Meinungsmanipulations-Institut ist, waren erdr\u00fcckend.<br \/>\n&#8230; Alles vom 21.3.2024 bitte lesen auf<br \/>\n<a href=\"https:\/\/www.thepioneer.de\/originals\/thepioneer-briefing-business-class-edition\/briefings\/meinungsumfrage-manipulation-von-wirklichkeit\">https:\/\/www.thepioneer.de\/originals\/thepioneer-briefing-business-class-edition\/briefings\/meinungsumfrage-manipulation-von-wirklichkeit<\/a><\/p>\n<p>&nbsp;<\/p>\n<p><strong>KGE: Fakenews zur W\u00fcste Brandenburg zwecks Angstmachen<\/strong><br \/>\nAlarm! Aufgrund des menschengemachten Klimawandels beginnt mitten in Deutschland bereits W\u00fcstenbildung. Die D\u00fcrre-Katastrophe hat unsere Breiten bereits fest im Griff. Das wollte Katrin G\u00f6ring-Eckardt (Gr\u00fcne) auf Twitter nahelegen. Dazu postete die Vizepr\u00e4sidentin des Deutschen Bundestags (!) und Ex-Vorsitzende der deutschen Gr\u00fcnen den Link zu einem Beitrag der deutschen Ausgabe des Magazins National Geographic \u2013 mit einem Bild, das eine solche W\u00fcste direkt vor unserer Haust\u00fcre zeigt: die sogenannte \u201eLieberoser W\u00fcste\u201c. <a href=\"https:\/\/de.wikipedia.org\/wiki\/Lieberoser_W%C3%BCste\">https:\/\/de.wikipedia.org\/wiki\/Lieberoser_W%C3%BCste<\/a><br \/>\n,<br \/>\n<a href=\"https:\/\/www.freiburg-schwarzwald.de\/blog\/wp-content\/uploads\/2023\/06\/fake-KGR-wuerste-brandenburg230618.jpg\"><img loading=\"lazy\" decoding=\"async\" class=\"alignnone size-full wp-image-113107\" src=\"https:\/\/www.freiburg-schwarzwald.de\/blog\/wp-content\/uploads\/2023\/06\/fake-KGR-wuerste-brandenburg230618.jpg\" alt=\"\" width=\"675\" height=\"719\" srcset=\"https:\/\/www.freiburg-schwarzwald.de\/blog\/wp-content\/uploads\/2023\/06\/fake-KGR-wuerste-brandenburg230618.jpg 675w, https:\/\/www.freiburg-schwarzwald.de\/blog\/wp-content\/uploads\/2023\/06\/fake-KGR-wuerste-brandenburg230618-601x640.jpg 601w, https:\/\/www.freiburg-schwarzwald.de\/blog\/wp-content\/uploads\/2023\/06\/fake-KGR-wuerste-brandenburg230618-169x180.jpg 169w\" sizes=\"auto, (max-width: 675px) 100vw, 675px\" \/><\/a><\/p>\n<p>.<br \/>\nWer die Geschichte dieser sandigen Fl\u00e4che, 95 Kilometer von Berlin entfernt, kennt, hat den \u00fcbernommenen Fehler der gr\u00fcnen Politikerin freilich sofort erkannt \u2013 denn mit dem Klimawandel hat diese rein gar nichts zu tun. Durch einen gro\u00dfen Waldbrand 1942 entstanden, wurde die Fl\u00e4che jahrelang als sowjetischer Truppen\u00fcbungsplatz benutzt. Weil st\u00e4ndig schwere Panzer durch das Gebiet rollten, blieb die \u201ePanzerw\u00fcste\u201c genau das: eine W\u00fcste. Umweltsch\u00fctzer k\u00e4mpfen sogar darum, diese Fl\u00e4che zu erhalten.<br \/>\n18.6.2023 von Argo Nerd bitte lesen auf<br \/>\n<a href=\"https:\/\/twitter.com\/argonerd\/status\/1670310521437036545\">https:\/\/twitter.com\/argonerd\/status\/1670310521437036545<\/a><br \/>\noder<br \/>\nW\u00fcsten-Panik: Gr\u00fcne m\u00f6chte Klimawandel mit Bild von Truppen\u00fcbungsplatz \u201ebeweisen\u201c<br \/>\n<a href=\"https:\/\/www.tichyseinblick.de\/daili-es-sentials\/katrin-goering-eckardt-fake-bild-klimawandel\/\">https:\/\/www.tichyseinblick.de\/daili-es-sentials\/katrin-goering-eckardt-fake-bild-klimawandel\/<\/a><\/p>\n<p>&nbsp;<\/p>\n<p>&nbsp;<\/p>\n<p><strong>dpa erfindet den Besuch eines AfD-Manns auf Lesbos<\/strong><br \/>\n<strong>Und die halbe Medien-Republik schreibt ab<\/strong><br \/>\nDer Besuch auf Lesbos war dann doch nicht so erfreulich, wie AfD-Politiker Oliver Kirchner ihn sich vorgestellt hatte\u201c, berichtete die \u201etaz\u201c am Sonntag \u00fcber einen angeblichen Besuch des AfD-Manns auf der griechischen Insel, die Ziel vieler Migranten ist:<br \/>\n.<br \/>\n<em>\u201eDer AfD-Fraktionschef in Sachsen-Anhalt hatte mit dem rechten Blogger Oliver Flesch auf einer antifaschistischen Demo in der Inselhauptstadt \u201eagitiert\u201c und wurde daraufhin von Antifaschist*innen eingekesselt. Retterin in der Not: die griechische Polizei. Voller Dankbarkeit zeigt sich der AfD-Politiker f\u00fcr seine Befreiung aus den F\u00e4ngen der Antifa.\u201c<\/em><br \/>\n.<br \/>\n\u201eStern Online\u201c machte aus dem Vorfall eine gr\u00f6\u00dfere Geschichte mit der der \u00dcberschrift \u201eLesbos: AfD-Politiker ger\u00e4t bei Demo mit Linken aneinander\u201c. Und der Unterzeile: \u201eDie Krise an der EU-Au\u00dfengrenze zieht Rechte und Rechtsextreme aus Deutschland an. Ein AfD-Politiker berichtet nun, er sei von antifaschistischen Demonstranten \u201eeingekesselt\u201c worden.\u201c<br \/>\n\u00c4hnliche Beitr\u00e4ge ver\u00f6ffentlichten auch \u201eZeit Online\u201c, \u201eMerkur\u201c, \u201eNOZ\u201c, der \u201eMitteldeutsche Rundfunk\u201c und andere. Die \u201eStern\u201c-Geschichte las sich (\u201eein AfD-Politiker berichtet nun\u201c) zumindest in der Unterzeile so, als h\u00e4tte der \u201eStern\u201c mit Kirchner gesprochen, und verf\u00fcge \u00fcber Informationen aus erster Hand.\u00a0Hatte er allerdings nicht.<br \/>\n<em><strong>Die Geschichte von der Kirchner-Visite auf Lesbos ist falsch.<\/strong><\/em> \u201eIch war noch nie in meinem Leben in Griechenland\u201c, sagt der Politiker auf Nachfrage von TE. Er habe inzwischen rechtliche Schritte gegen verschiedene Medien eingeleitet. Dpa zog die Meldung mittlerweile zur\u00fcck. Kirchner sagte, eine dpa \u2013Mitarbeiterin habe ihn angerufen und sich bei ihm entschuldigt.<br \/>\n&#8230;.<br \/>\nDie Fehlmeldung zeigt gleich drei Probleme vieler deutscher Medien.<br \/>\n<em><strong>Erstens<\/strong> <\/em>schreiben oder senden ihre Journalisten gern ohne \u00dcberpr\u00fcfung, wenn ein Sachverhalt zu passen scheint. AfD-Mann, auch noch aus dem Osten, macht Stimmung gegen Migranten auf Lesbos \u2013 da er\u00fcbrigt sich eine Nachfrage. Die w\u00e4re in Kirchners Fall sehr einfach gewesen: Seine Mobilfunknummer findet sich auf der Website seiner Fraktion gleich neben seinem Foto.<\/p>\n<p><em><strong>Das zweite Problem<\/strong> <\/em>besteht in der Medien-Monokultur. dpa und Dienste wie das Redaktionsnetzwerk Deutschland (RND) versorgen dutzende Bl\u00e4tter und Sender mit Material, das Redaktionen, wie der Fall zeigt, ohne \u00dcberpr\u00fcfung und eins zu eins \u00fcbernehmen. Ihre Beitr\u00e4ge unterscheiden sich nur durch die \u00dcberschriften, die suggerieren sollen, die jeweiligen Medien h\u00e4tten einen eigenen Zugang zu dem Thema. Die deutsche Medienvielfalt, von der Verlagsmanager und Medienforscher gern schw\u00e4rmen, besteht in Wirklichkeit vor allem in einer Vielfalt der Vertriebskan\u00e4le f\u00fcr identische Inhalte aus wenigen H\u00e4nden. Viele Online-Redaktionen von Bl\u00e4ttern, die wirtschaftlich unter Druck stehen, besch\u00e4ftigen eigentlich keine Redakteure mehr, sondern Textverarbeiter, die angelieferte Text-Fertigprodukte f\u00fcr das eigene Portal umpacken.<br \/>\nUnter diesen Bedingungen verbreiten sich Falschmeldungen viral, nicht nur im Fall des falschen AfD-Manns auf Lesbos. Ende 2019 behauptete beispielsweise ein Journalist der \u201eKieler Nachrichten\u201c, der Kabarettist Dieter Nuhr habe bei seinem Auftritt Greta Thunberg mit Hitler und Stalin verglichen. Obwohl er \u00fcberhaupt kein passendes Nuhr-Zitat lieferte, wanderte die Unterstellung via RND zu dem Online-Auftritt dutzenden Bl\u00e4ttern, die das St\u00fcck ohne R\u00fcckfrage nach einem Beleg \u00fcbernahmen, erst Recht ohne eine R\u00fcckfrage bei Nuhr. Sp\u00e4ter korrigierten die Zeitungen reihenweise die Meldung.<br \/>\n<em><strong>Was zum dritten Problem<\/strong><\/em> f\u00fchrt: den Korrekturen. Der \u201eStern\u201c l\u00f6schte einfach kommentarlos seine Meldung \u00fcber Kirchner auf Lesbos. Wer <a href=\"https:\/\/www.stern.de\/fluechtlingskrise-lesbos\u2013afd-politiker-geraet-bei-demo-mit-linken-aneinander-9173932.html\">https:\/\/www.stern.de\/fluechtlingskrise-lesbos\u2013afd-politiker-geraet-bei-demo-mit-linken-aneinander-9173932.html<\/a><br \/>\nanklickt, gelangt zu einer Fehlermeldung: \u201eSorry, wir finden den Artikel nicht.<br \/>\n&#8230; Alles vom 9.3.2020 von Alexander Wendt bite lesen auf<br \/>\n<a href=\"https:\/\/www.tichyseinblick.de\/daili-es-sentials\/fake-nuss-dpa-erfindet-den-besuch-eines-afd-manns-auf-lesbos-und-die-halbe-medien-republik-schreibt-ab\/\">https:\/\/www.tichyseinblick.de\/daili-es-sentials\/fake-nuss-dpa-erfindet-den-besuch-eines-afd-manns-auf-lesbos-und-die-halbe-medien-republik-schreibt-ab\/<\/a><br \/>\n.<br \/>\nKommentare:<br \/>\n<strong>Inzwischen wird gradezu schamlos gelogen<\/strong><br \/>\nDas Schlimme an einem Konsens in den meisten Medien ist, dass er in alle Richtungen funktioniert. Ist der Konsens: Alle gegen rechts, wird er auch schnell zu: Alle gegen links. Daf\u00fcr m\u00fcssen diese Medien und ihre Belegschaft nicht mal ausgetauscht werden. Das zeigt die ganze Unsch\u00e4rfe von Informationen, soweit sie von wechselnden Haltungen abh\u00e4ngig gemacht und damit gefiltert weitergegeben werden. Der Begriff L\u00fcgenpresse kam erst verst\u00e4rkt auf, als die Filter zu durchl\u00e4ssig wurden. Dann griff man zu \u201eRelotius\u201c, und eine Zeit lang sickerte nichts durch. Inzwischen wird gradezu schamlos gelogen, da die Gesellschaft eine Bereitstellung von Informationen durch Pressemedien nicht mehr als \u201ef\u00fcr sie gemacht\u201c begreift. So k\u00f6nnen die betreffenden Medien Informationen zum reinen Selbstzweck ihrer eigenen Existenz benutzen. Der Aktie Information haben Spiegel &amp; Co einen wahren B\u00e4rendienst erwiesen.<br \/>\n9.3.2020, cfp<br \/>\n.<br \/>\n<strong>Gibt es schon das goldene Relotiusblatt als Auszeichnung?<\/strong><br \/>\nWas der eine nicht wei\u00df, das schreibt er bei einem ab, der auch nix wusste und nur abgeschrieben hat, bei einem, der sich das ausgedacht hat. Oder falsch interpretiert. Gibt es schon sowas wie das goldene Relotiusblatt als Auszeichnung ? Besonders erstaunlich finde ich, dass sogar die Rechtschreibfehler bei diesen Aktionen mit \u00fcbernommen werden. Das ist wirklich peinlich.<br \/>\nEr war ihr seinen Mantel \u00fcber den Arm. Er warf, m\u00fcsste es hei\u00dfen. Da haben dann scheinbar alle den Fehler \u00fcbernommen. 3. Klasse, Grundschule.<br \/>\n9.3.2020, C.M.<br \/>\n.<br \/>\n<strong>Die scheinen auch gar nicht mehr so Welt- oder Lebenserfahren sein zu m\u00fcssen<\/strong><br \/>\n\u2013 bei der Einmischung bestimmter Kreise von au\u00dfen: \u201eHier der artikel, \u00e4ndert das bitte.\u201c <a href=\"https:\/\/twitter.com\/ErikMarquardt\/status\/1237294562420436992\">https:\/\/twitter.com\/ErikMarquardt\/status\/1237294562420436992<\/a><br \/>\nDass die Zeit ist, wie sie halt nun mal ist, braucht jetzt dann auch nicht mehr zu wundern. Gab es so was nicht schon mal bei einem EX-BP, der das aber telefonisch erledigt sehen wollte und dessen Anfang vom Ende damit eingeleitet wurde?<br \/>\n9.3.2020, Cas<br \/>\n.<br \/>\n<strong>Ganz offensichtlich ist dpa kein Medium, das Nachrichten und Neuigkeiten recherchiert,<\/strong><br \/>\nsondern eines, das Nachrichten und Neuigkeiten \u201eal gusto\u201c erfindet und dann ver\u00f6ffentlichen l\u00e4sst. Ich vermisse da ganz besonders \u201eCorrectiv\u201c, das es sich doch nach Selbstdarstellung zur Aufgabe gemacht hat, solche \u201eNachrichten\u201c als Fake News zu entlarven. Die Medien versinken doch geradezu in einem Morast aus l\u00fcgen- und l\u00fcckenhaften Nachrichten und werden nicht m\u00fcde, sich selbst als \u201eQualit\u00e4tsmedien\u201c zu feiern. Bald auch noch mit finanzieller Unterst\u00fctzung des Steuerzahlers. Man kann es kaum noch ertragen.<br \/>\n9.3.2020, A.L.<br \/>\n.<br \/>\n<strong>Newsaggregatoren wie \u201eGoogle News\u201c erfassen die L\u00fcgen?<\/strong><br \/>\nWas auch gerne gemacht wird: eine Falschinformation oder eine Hetz\u00fcberschrift raushauen und wenige Stunden sp\u00e4ter klammheimlich wieder entfernen oder \u00e4ndern. So hat vor ein paar Tagen BILD Online den frisch gew\u00e4hlten Parlamentsvize von Th\u00fcringen, Prof. Kaufmann, in der \u00dcberschrift eben mal so als \u201eRechtsextremen\u201c diffamiert. Wenige Stunden sp\u00e4ter war er dann nur noch \u201eRechtspopulist\u201c. M\u00f6glicherweise spekulieren die Lumpenpresseprotagonisten darauf, dass Newsaggregatoren wie \u201eGoogle News\u201c dann die Hetz\u00fcberschrift schon erfasst haben und sie in Suchergebnissen weiterhin anzeigen.<br \/>\n9.3.2020 A.R.<br \/>\n.<br \/>\n<strong>Die Vorgehensweisen gewisser Medien sind zumeist keine Versehen,<\/strong><br \/>\nsondern systematische Volksverdummungen mit der Annahme, \u201eEs wird schon was h\u00e4ngenbleiben\u201c, womit das Ziel erreicht w\u00e4re. Schaut man sich, hier die politischen Kenntnisse, von lauthals t\u00f6nenden Parteien-Nachl\u00e4ufern an, so stellt man fest, da\u00df au\u00dfer Nachgeplappere, meist nichts Sach- konkretes herauskommt. Ganz schlimm sind Kinder\/Jugend-Verf\u00fchrungen, wenn die Protagonisten nicht genauer wissen wof\u00fcr sie herhalten sollen.<br \/>\n9.3.2020, Rau<br \/>\n.<br \/>\n<strong>Das System ist seit ewigen Zeiten bekannt:<\/strong><br \/>\n\u201eaudacter calumniare, semper aliquid haeret, \u201everleumde nur dreist, es bleibt immer etwas h\u00e4ngen\u201c\u201c Francis Bacon (1561 bis 1626) englischer Philosoph und Staatsmann.<br \/>\n9-3-20020, hum<br \/>\nAuch die \u201eHetzjagden von Chemnitz\u201c waren eine Medienerfindung,<br \/>\ndie niemand hinterfragte, alle verbreiteten und die die Regierung weiterhin als Wahrheit behauptet. Einen wichtigen Beleg, dass es tats\u00e4chlich eine L\u00fcge war, lieferte dieses freie Medium hier.<br \/>\nEs wurde jedoch trotzdem beschlossen, die Erfindung zur Wahrheit zu erkl\u00e4ren Es wurde einfach von der Regierung und ihren m\u00e4chtigen Medien so festgelegt. Macht. Deshalb bleibt es zwar eine L\u00fcge, es gilt jedoch als wahr und die Regierung und ihre Medien m\u00fcssen sich nicht rechtfertigen. Die B\u00fcrgerrechtlerin Frau Lengsfeld hatte Einblick in Stasi-Lehrschriften. Dort wurde genau dieses Vorgehen gelehrt: Durch die st\u00e4ndige Wiederholung einer L\u00fcge wird diese irgendwann in den K\u00f6pfen der Masse zur Wahrheit. Auch wenn die hier besprochene L\u00fcge berichtigt wurde, ist doch eine Wirkung erreicht worden. Allein das z\u00e4hlt.<br \/>\n9.3.2020, t.SCH<br \/>\n.<br \/>\n<strong>Zitat von der dpa-Website:<br \/>\n<\/strong>&#8222;Die Berichterstattung der dpa will sich qualitativ an drei Begriffen messen lassen: Unabh\u00e4ngigkeit, Zuverl\u00e4ssigkeit und Schnelligkeit.\u201c Auch dies geriert zur L\u00fcge. Im \u00dcbrigen geh\u00f6rt die dpa zu einem gro\u00dfen Teil dem \u00d6R-Rundfunk (laut Wikipedia 11,64%, laut dpa-Website bis zu 15%). Dazu kommen noch die ganzen Mainstream-Medien, die je bis zu 1,5% besitzen d\u00fcrfen. Da kommt schon deutlich mehr als ein Drittel zusammen, grob gerechnet (was Genaueres gibt die dpa-Website nicht preis). Da die freien Medien wohl keine Gesellschafter der dpa sind, herrscht hier sicherlich Einigkeit unter dem Dach der dpa bez\u00fcglich der korrekten politischen Einstellung, zumal Besitzer und Kunden \u00fcberwiegend identisch sind.<br \/>\nKein Wunder, dass der 17-k\u00f6pfige Aufsichtsrat, die 3-k\u00f6pfige Gesch\u00e4ftsleitung und die 4-k\u00f6pfige Chefredaktion (bei 677 Angestellten!) so herzerfrischend lachen auf der dpa-Homepage. Mit dem rund 15%igen Gesellschafter \u00d6R-Rundfunk hat man einen treuen Kunden (mit dem nach Auflage bzw. Zuschauern (?) abgerechnet wird) und damit einen sch\u00f6nen Weg gefunden, an den \u00d6R-Zwangsgeb\u00fchren teilzuhaben.<br \/>\nFazit: Mainstream-Medien, \u00d6R-Rundfunk und dpa sind ein und dasselbe.<br \/>\n9.3.2020, R.B.<\/p>\n<p><strong>Seltsamerweise berichten MSM nicht, wenn eine Reisegruppe der AfD sich auf nach Syrien macht,<\/strong><br \/>\num sich unvoreingenommen ein Bild \u00fcber die Lage dort zu erarbeiten und versucht, Kontakte zu Politik und Unternehmen zu bahnen. Mehr \u00fcber die Reise der Abgeordneten erf\u00e4hrt man auf youtube.<br \/>\n9.3.2020, Lan<br \/>\n.<br \/>\n<strong>Und die halbe Medien-Republik schreibt ab!<\/strong><br \/>\nEin reichliches Jahr war ich im Leserbeirat einer gr\u00f6\u00dferen Lokalzeitung. Dort wurden auch die einzelnen Rubriken behandelt. Ich habe in Vorbereitung einer solchen Analyse-veranstaltung die Ausgaben einer Woche untersucht und dann die Inhalte der Herkunft zugeordnet. Vom Ergebnis war ich erstaunt. So deutlich h\u00e4tte ich es nicht erwartet. Im Bereich Politik kamen 80%, beim Deckblatt 50% , Leben&amp;Stil 65%, Wirtschaft 70%, Panorama 82% usw. der Artikel von der dpa. Auf meine Frage, warum man nicht auch andere und internationale Agenturen verwendet, wurde der Preis als Grund f\u00fcr diese Einseitigkeit genannt. Ich denke, dies beweist, dass die halbe Medien-Republik abschreibt. Denn warum sollte es bei anderen Bl\u00e4ttern anders ablaufen?<br \/>\n9.3.2020, Bud<br \/>\n.<br \/>\n<strong>Die beiden \u00e4lteren Damen,<\/strong><br \/>\ndie ich letztes Jahr noch \u00f6fter traf, winken jeweils ab, wenn ich auf Alternativmedien verwies \u2013 wiewohl mit smartphones best\u00fcckt. Auch der Hinweis, dass sie doch intelligent w\u00e4ren und somit sich einen eigenen Reim auf das, was vor ihren Augen passiert, machen k\u00f6nnen, fiel nicht auf fruchtbaren Boden. Seitdem mag ich mich nicht mehr auseinander setzen\u2026<br \/>\nDie AfD findet man im Original wie Trump auf twitter. Der Kanal, der die \u201ekleinen Anfragen\u201c sammelte, soll leider abgeschaltet werden: <a href=\"https:\/\/kleineanfragen.de\/bundestag\/fraktion\/afd\">https:\/\/kleineanfragen.de\/bundestag\/fraktion\/afd<\/a><br \/>\n9.3.2020, Kas<br \/>\nDas Bl\u00f6de am Presserecht ist, da\u00df man den Anspruch einer Gegendarstellung nur gegen\u00fcber einem konkreten ver\u00f6ffentlichenden Medium hat. Eine Gegendarstellung durch dpa oder RND w\u00fcrde ja auch niemand ver\u00f6ffentlichen m\u00fcssen.<br \/>\nDa kann man also ein paar Dutzend Eilverf\u00fcgungen erlassen lassen, aber am Ende verliert man gegen dieses System eben \u201esystembedingt\u201c.<br \/>\n9.3.2020, C.N.<br \/>\n.<br \/>\n<strong>Relotius hat sein Zeug wenigstens noch selber erfunden.<\/strong><br \/>\nStern, Zeit , taz und Kumpanen schreiben einfach ab, was ihnen dpa an M\u00e4rchen serviert- Ich bin jetzt mal ganz nett und sage diese Presseorgane betreffend, \u201eGrimms M\u00e4rchen Presse\u201c, preisverd\u00e4chtig f\u00fcr die \u201eSchmutzige Ente\u201c.<br \/>\n9.3.2020, Bab<br \/>\n.<br \/>\n<strong>Dies ist eine neue Form der Verleumdung.<\/strong><br \/>\nEtwas behaupten was nicht stimmt, es gro\u00df verteilen, der Dummichel liest nur die Schlagzeile und schon ist es in den K\u00f6pfen. Entschuldigt wird sich dann klammheimlich und die L\u00f6schung hat keinerlei Wert. Das Deutschland mit diesen Blockparteien und diesen Medien kann wirklich \u201everrecken\u201c und ist ein \u201emieses St\u00fcck Scheisse\u201c.<br \/>\n9.3.2020, End<br \/>\n.<br \/>\n<strong>Auf neudeutsch spricht man aktuell von Fake News.<\/strong><br \/>\nDas ist Journalismus der ganz \u00fcblen Art. Da hilft mir dann am Ende auch die Entschuldigung der dpa Mitarbeiterin nicht, weil es eine gezielte, voller Absicht rausgegebene Falschmeldung gewesen ist.<br \/>\n9.3.2020, D.n.P.<br \/>\nEnde der Kommentare<\/p>\n<p>.<\/p>\n<p>&nbsp;<\/p>\n<p><strong>Fake News und L\u00fcge der Medien am Beispiel &#8222;Faschist&#8220;<\/strong><br \/>\n<em>Vorbemerkung: Mir geht es hier nicht um die AfD, nicht um H\u00f6cke, nicht um Th\u00fcringen. Mir geht es darum, wie wir von den Medien und in den Social Media belogen werden. Einfach mal so um zu zeigen, wie Medien arbeiten.<br \/>\n<\/em>\u00a0.<br \/>\nIch habe heute ziemlich viele Zuschriften zu meinem Artikel von gestern bekommen, wonach die in Medien, Presse usw. st\u00e4ndig repetierte und dem Namen dauerattributierte Aussage, das Verwaltungsgericht Meiningen habe durch Urteil festgestellt, <em><strong>dass man H\u00f6cke einen Faschisten nennen d\u00fcrfe<\/strong><\/em>, schlicht falsch ist und einer Nachpr\u00fcfung (Mediensprech: \u201eFaktencheck\u201d) nicht standh\u00e4lt.<br \/>\nDas war kein Urteil, sein ein Eilbeschluss innerhalb von eineinhalb Stunden, an dem H\u00f6cke nicht einmal beteiligt war, und in dem es nur darum ging, dass der Widerspruch gegen eine Auflage der Stadt Eisenach, die den Gebrauch des Begriffs \u201eFaschist\u201d untersagt hatte, aufschiebende Wirkung hat, weil er auf den ersten schnellen Blick nicht so aus der Luft geholt w\u00e4re, dass das Rechtsmittel missbr\u00e4uchlich w\u00e4re, also der normale Rechtsweg mit aufschiebendem Widerspruch stattf\u00e4nde.<br \/>\nIch bin mir zwar sicher, dass ich diese Behauptung eines Gerichtsurteils in den letzten Tagen und Wochen in der normalen Presse \u2013 besonders zu Th\u00fcringen \u2013 mindestens ein Dutzend Mal (eher zwei), geh\u00f6rt habe, hatte mir aber die Quellen nicht notiert. Ach, w\u00e4r das sch\u00f6n, wenn wir mit der KI so weit w\u00e4ren, dass wir automatisch Mitschriften aller Fernseh- und Radiokan\u00e4le bek\u00e4men und dann darin suchen k\u00f6nnten, wer wann was in welcher Sendung gesagt hat. Ich habe jetzt auch nicht die Zeit, das alles nochmal durchzuschauen.\u00a0Weil aber viele gefragt haben, habe ich nochmal etwas zusammengesucht.<br \/>\n.<br \/>\n<em>Der Anne Will-Trash<\/em><br \/>\nAnne Will hat sich zur Trash-Sendung gemacht. Jede Menge M\u00fcll, alle schreien durcheinander, Anne Will r\u00fchrt um und kassiert. Die Sendung von gestern, 9.2.2020, war ja der Grund, warum ich \u00fcberhaupt mal nach diesem \u201eUrteil\u201d gesucht hatte. Hier mal die Stelle, die mir im Ohr weh getan hat:<br \/>\n<a href=\"https:\/\/www.danisch.de\/blog\/wp-content\/uploads\/2020\/02\/2020.02.09_AnneWill_Hoecke_spar6_h264.mp4\">https:\/\/www.danisch.de\/blog\/wp-content\/uploads\/2020\/02\/2020.02.09_AnneWill_Hoecke_spar6_h264.mp4<\/a><br \/>\n.<br \/>\nDas muss man sich mal klarmachen, wieviele Fehl- und Fake-Informationen Anne Will \u2013 ehemalige Tagesthemen-Moderatorin \u2013 in einem oder wenigen S\u00e4tzen unterbringt:<br \/>\n1. <em>\u201eUrteil des Verwaltungsgerichts Meinungen\u201d<\/em>: Es war ein Beschluss, kein Urteil.<br \/>\n2.\u00a0<em>\u201eungestraft\u201d<\/em>: Es war ein Verwaltungs- und kein Strafgericht, das Verwaltungsgericht kann nicht dar\u00fcber entscheiden, ob sich jemand der Verleumdung, Beleidigung usw. strafbar machen kann.<br \/>\n3.\u00a0<em>\u201eals Faschisten bezeichnen darf\u201d<\/em>: Haben die auch nicht entschieden. Die haben eine Eilpr\u00fcfung gemacht und sind zu dem Ergebnis gekommen, dass \u00fcber den Widerspruch noch entschieden werden muss und der Widerspruch bis dahin die \u00fcbliche aufschiebende Wirkung hat, weil er nach erster Schnellpr\u00fcfung nicht v\u00f6llig aus der Luft gegriffen ist. Ob er berechtigt ist, war nicht Gegenstand der Entscheidung.<br \/>\n4.\u00a0<em>\u201eDem hat er nicht widersprochen\u201d<\/em>: Wie auch, H\u00f6cke war ja nicht Verfahrensbeteiligter. Weder konnte er formal widersprechen, noch von der Entscheidung wissen. Und nach der Demo konnte er auch nicht mehr widersprechen, weil die Sache vorbei war. Will macht daraus aber, dass er es damit akzeptiert habe.<br \/>\n5.\u00a0<em>\u201eDieser Mann ist ein Faschist, man darf ihn so nennen\u201d<\/em>: Hat das Gericht weder entschieden, noch k\u00f6nnte es das als Verwaltungsgericht, noch war H\u00f6cke verfahrensbeteiligt.<br \/>\n6.\u00a0Selbst wenn das so w\u00e4re: Es ist nicht ersichtlich, ob man ihn mehr \u201eFaschist\u201d nennen k\u00f6nnte als jeden anderen, ein Gericht k\u00f6nnte ja auch meinen, dass man einfach jeden Menschen \u201eFaschist\u201d nennen darf, es hat so also keinerlei Inhalt. Man m\u00fcsste schon zeigen, dass man ihn Faschist nennen darf und die meisten anderen nicht, er sich also irgendwie unterscheidet.<br \/>\nSt\u00e4ndig macht die ARD, vor allem der NDR, f\u00fcr den Anne Will ja produziert, einen auf Faktenchecker und Fake-News-K\u00e4mpfer, und dann trasht die Will da einfach so drauf los.<br \/>\n&#8230;.<br \/>\n<em>Was ist ein \u201eFaschist\u201d?<\/em><br \/>\nIst jemand aufgefallen, dass nicht ein einziger sagt, was er unter einem \u201eFaschisten\u201d versteht oder was das bedeuten soll, sondern es immer nur um \u201eEin Gericht hat erlaubt, ihn Faschisten zu nennen!\u201d, v\u00f6llig egal, was der Begriff bedeuten soll?<br \/>\nIm Prinzip geht es um Lynchjustiz. Jemand wird angeschmiert, stigmatisiert, zum Abschuss freigegeben, und dann meinen alle, sie d\u00fcrfen jetzt frei draufhauen, wie im Mittelalter bei einem, der f\u00fcr vogelfrei erkl\u00e4rt wurde. Ausgerechnet die, die sich auf die Fahnen schreiben, gegen Nazis zu sein, arbeiten genau so, wie der Nationalsozialismus damals funktioniert hat: Man stigmatisiert jemanden als b\u00f6se, markiert ihn, stellt es als legitimiert hin und haut drauf. Und reihenweise machen sie mit.<br \/>\nEs ist das, was ich immer schreibe: Man hat den Nationalsozialismus und das Dritte Reich historisch-geschichtlich auf ein Gerippe aus Symbolen und Bezeichnungen reduziert, an dem man sich abarbeiten kann, aber man sagt nichts \u00fcber die Methoden, weil man die nun selbst nutzt.<br \/>\n&#8230; Alles vom 10.2.2020 bitte lesen auf<br \/>\n<a href=\"https:\/\/www.danisch.de\/blog\/2020\/02\/10\/fake-news-und-deren-verbreitung-unter-dem-makroskop\/#more-34029\">https:\/\/www.danisch.de\/blog\/2020\/02\/10\/fake-news-und-deren-verbreitung-unter-dem-makroskop\/#more-34029<\/a><br \/>\nFake News: Das Gerichtsurteil, jemanden als Faschisten zu bezeichnen<br \/>\nFake-News im Fernsehen?<br \/>\nEigentlich mache ich hier gerade was sinnvolles, aber ich hatte nebenbei noch den Fernseher laufen, und lief gerade das uns\u00e4gliche Weibergekeife, an dem auch M\u00e4nner teilnehmen, genannt \u201eAnne Will\u201d. Alle schreien durcheinander, alle beschimpfen sich, und Anne Will bekommt einen Haufen Geld daf\u00fcr. Gerade eben schrien sie alle durcheinander, dass man Bj\u00f6rn H\u00f6cke laut eines Gerichtsurteils \u201eFachist\u201d nennen darf. Was mich daran erinnerte, dass ich in den letzten Tagen der Th\u00fcringen-Diskussion mindestens 20 oder 30 Mal gelesen und im Fernsehen\/Radio geh\u00f6rt habe, dass man AfD immer im Kontext H\u00f6cke sieht, und man H\u00f6cke stets mit dem Satz beschreibt, dass man ihn laut Gerichtsurteil einen Faschisten nennen d\u00fcrfe.<br \/>\nWas allerdings meiner juristischen Erfahrung zum Recht der Meinungsfreiheit \u00fcberhaupt nicht entspricht. Es w\u00fcrde da nicht reinpassen, dass ein Gericht urteilen w\u00fcrde, <em><strong>dass eine Person X generell mit dem Schimpfwort Y belegt werden k\u00f6nne<\/strong><\/em>. Das geht schon deshalb nicht, weil es keine Allgemeinurteile gibt, und es immer darauf ankommt, aus welchem Kontext das erfolgt, also im Einzelfall entschieden werden muss. Es gibt keine Urteile der Form \u201eJeder darf den X einen Y nennen\u201d, weil sich Urteile immer nur auf den Kl\u00e4ger des jeweiligen Falles beziehen.<br \/>\nWeil die da gerade alle wieder rumschreien, habe ich mal gesucht, was in diesem \u201eUrteil\u201d denn nun eigentlich drinstehen soll. Man kommt da etwa auf diesen ZEIT\u2013 oder diesen SPIEGEL\u2013Artikel, oder auch die FAZ. Wobei sie teilweise selbst angeben, dass einer vom anderen abgeschrieben hat. Aber es stammt alles vom Zeitraum Ende September 2019. Beim Spiegel gibt es einen Download der Entscheidung.<br \/>\n<a href=\"https:\/\/cdn.prod.www.spiegel.de\/media\/64a8f9a1-0001-0014-0000-000000044935\/media-44935.pdf\">https:\/\/cdn.prod.www.spiegel.de\/media\/64a8f9a1-0001-0014-0000-000000044935\/media-44935.pdf<br \/>\n<\/a>\u00a0.<br \/>\nDas ist absoluter K\u00e4se, was da gestreut wird.<br \/>\n1. Erstens ist es ein Beschluss und kein Urteil.<br \/>\n2. Es ging um einen Eilantrag und nicht um ein normales Gerichtsverfahren.<br \/>\n3. Zweitens ist es ein Verwaltungsgericht, und das ist gar nicht daf\u00fcr zust\u00e4ndig, was Person A \u00fcber Person B sagen kann.<br \/>\n4. Es ging nicht darum, jemandem konkret diese Aussage zu verbieten, sondern darum, ob ein Widerspruch aufschiebende Wirkung hat und einstweiliger Rechtsschutz gew\u00e4hrt wird.<br \/>\n5. H\u00f6cke war nicht mal Partei in der Streitsache, es kann also keine Entscheidung gegen H\u00f6cke sein, dass man ihn so nennen d\u00fcrfe.<br \/>\n.<br \/>\nWarum geht es da? Jemand hatte eine Demonstration mit dem Titel \u201eProtest gegen die rassistische AfD, insbesondere gegen den Faschisten H\u00f6cke\u201d angemeldet. Die Stadt Eisenach hatte die Demo nur unter der Auflage genehmigt, dass die Bezeichnung \u201eFaschist\u201d im Rahmen der Versammlung untersagt wird.<br \/>\nUnd nun muss man sich das mal im Detail anschauen: Jemand von den Demo-Veranstaltern beantragte eine einstweilige Verf\u00fcgung gegen die Stadt Eisenach, gegen die Auflage.<br \/>\n&#8230;<br \/>\nmachen Presse und Fernsehen das Dauergeprassel, dass man H\u00f6cke nach einem Gerichtsurteil als Faschisten bezeichnen d\u00fcrfe.<br \/>\nWas schlichtweg falsch ist. Wenn es um diese Entscheidung geht, und eine andere habe ich nicht gefunden, dann ist das schlichtweg falsch, Fake News, denn das steht da nicht ansatzweise. Da steht, dass eine Auflage der Stadt Eisenach im Eilverfahren erst mal ausgesetzt wird, bis dar\u00fcber entschieden wird<br \/>\n&#8230; Alles vom 9.2.2020 bitte lesen auf<br \/>\n<a href=\"https:\/\/www.danisch.de\/blog\/2020\/02\/09\/fake-news-das-gerichtsurteil-jemanden-als-faschisten-zu-bezeichnen\/\">https:\/\/www.danisch.de\/blog\/2020\/02\/09\/fake-news-das-gerichtsurteil-jemanden-als-faschisten-zu-bezeichnen\/<\/a><\/p>\n<p>&nbsp;<\/p>\n<p>&nbsp;<\/p>\n<p>.<\/p>\n<p>&nbsp;<\/p>\n<p><strong>Marc Jongen &#8211; Die 11 Stufen zur Hatespeech:<\/strong><br \/>\n<a href=\"https:\/\/www.youtube.com\/watch?v=J0GOhyMrh7g&amp;t=419s\">https:\/\/www.youtube.com\/watch?v=J0GOhyMrh7g&amp;t=419s<\/a><br \/>\n<strong>LpB meldet Fake News zu Fukushima<\/strong><br \/>\nUnser Land war einst f\u00fcr seine Bildung ber\u00fchmt. Selbst Absolventen einer Dorfschule beherrschten Grundbegriffe der Mathematik, kannten naturwissenschaftliche Zusammenh\u00e4nge, wussten um die Geschichte und konnten Goethegedichte rezitieren. Jeder Dorfsch\u00fcler h\u00e4tte m\u00fchelos einen Kraftwerksunfall von einem Unwetter unterscheiden k\u00f6nnen, selbst wenn ersterer die Folge des letzteren gewesen sein sollte.<br \/>\nHeutzutage k\u00f6nnen das die Verantwortlichen f\u00fcr politische Bildung in Baden W\u00fcrttemberg nicht mehr. Oder wollen es aus Propagandazwecken nicht. Gestern twitterte die Landeszentrale f\u00fcr politische Bildung Baden W\u00fcrttemberg: \u201eHeute gedenken wir der vielen tausend Opfer der #Atomkatastrophe von #Fukushima. Am 11. M\u00e4rz 2011 [\u2026]\u201c<br \/>\nDamals hat ein Tsunami unvorstellbaren Ausma\u00dfes die japanische K\u00fcste verw\u00fcstet. Dabei kam es auch zu einer Havarie eines Atomkraftwerkes, das von der Monsterwelle erfasst worden war. Es kam aber eben nicht zu einem GAU. Es gab keinen einzigen Toten infolge der Havarie der K\u00fchlsysteme. Alle Toten waren Opfer des Tsunamis.<br \/>\nM\u00f6glich ist aber auch, dass die Verantwortlichen dieses Tweets das genau wussten, aus ideologischen Gr\u00fcnden aber bewusst gelogen haben. Ich wei\u00df nicht, was schlimmer ist, die grassierende Unbildung oder die wachsende Propaganda.<br \/>\n&#8230;. Alles vom 12.3.2019 bitte lesen auf<br \/>\n<a href=\"https:\/\/vera-lengsfeld.de\/2019\/03\/12\/deutschland-steigt-ab\/\">https:\/\/vera-lengsfeld.de\/2019\/03\/12\/deutschland-steigt-ab\/<\/a><\/p>\n<p><a href=\"https:\/\/twitter.com\/lpbbw\/status\/1104985301804449792\">https:\/\/twitter.com\/lpbbw\/status\/1104985301804449792<br \/>\n<\/a>\u00a0.<br \/>\nLandeszentrale f\u00fcr Politische Bildung Baden-W\u00fcrttemberg:<br \/>\n<a href=\"https:\/\/twitter.com\/lpbbw\/status\/1104985301804449792\">https:\/\/twitter.com\/lpbbw\/status\/1104985301804449792<\/a><\/p>\n<p>Javier Salas\u200f @kirmestechno \u00b7 2h2 hours ago<br \/>\nUi ui ui &#8211; das soll politische Bildung sein? Es gab in Fukushima soweit ich wei\u00df keinen einzigen Toten durch Strahlung. Aber knapp 20.000 Tote durch den Tsunami. So werden Opfer instrumentalisiert. Kommt der Tweet evtl. vom &#8222;Ministerium f\u00fcr Wahrheit&#8220;? #1984<br \/>\nFrank Wagner\u200f @FraDiavo \u00b7 1h1 hour ago<br \/>\nEs gab maximal 1 (in Worten: ein) Opfer des Reaktorunfalls, aber ca. 19.000 Opfer von Erdbeben und Tsunami. Was f\u00fcr eine unglaubliche Fehlmeldung!<br \/>\nJ\u00f6rg Viermann\u200f @s04paps \u00b7 1h1 hour ago<br \/>\nNicht einmal das, Herr Wagner. Dieser eine Arbeiter, um den es da geht, hatte nicht nur in Fukushima gearbeitet, die Dosis, die er bei Arbeiten in anderen japanischen Kernkraftwerken erhalten hatte war \u00e4hnlich hoch wie dort und zudem ist er an Lungenkrebs gestorben, der nicht.<br \/>\n.<br \/>\nReplying to @lpbbw<br \/>\nIst das Euer Ernst? Die @lpbbw (Landeszentrale f\u00fcr politische Bildung) erkl\u00e4rt 20.000 Erdbeben- und Schockwellen-Opfer zu Opfern der #Atomenergie? Was f\u00fcr eine widerliche Instrumentalisierung und historische L\u00fcge. &#8211; @hfiechtner<\/p>\n<p>&nbsp;<\/p>\n<p><strong>Fake New: Handy-Checks von Migranten bringen nichts<\/strong><br \/>\n<em>Diese ganz normalen Fake News sind so zahlreich, dass sie sich nicht alle auff\u00fchren und anmahnen lassen, auch wenn wir uns auf der Achse noch so sehr bem\u00fchen. Sie sind oft kaum erkennbar und m\u00f6gen im Einzelfall nicht besonders bedeutsam erscheinen. Aber in der Summe k\u00f6nnen sie zur gro\u00dfen L\u00fcge werden. Nicht selten werden sie es auch.<\/em><br \/>\n<em> Alles wahr \u2013 und alles L\u00fcge<\/em><br \/>\nEin besonders feines Exemplar solcher unscheinbar daherkommenden Fake News m\u00f6chte ich Ihnen hier aufzeigen. Die Besonderheit daran ist, dass an der Nachricht tats\u00e4chlich alles wahr ist \u2013 und gleichzeitig nicht. Ja, das gibt es, Nachrichten, die einer juristischen Vivisektion standhalten und die trotzdem eine einzige L\u00fcge sind. Diese L\u00fcge h\u00e4tte im konkreten Fall jeder Journalist leicht aufdecken k\u00f6nnen. Er h\u00e4tte daf\u00fcr weder vor die T\u00fcr gehen noch zum Telefon greifen m\u00fcssen. Eine halbst\u00fcndige Internetrecherche h\u00e4tte gen\u00fcgt. Es hat sich nur keiner die M\u00fche gemacht. Und so wurde die Story ungepr\u00fcft und kritiklos \u00fcbernommen und \u00fcber die ganze Republik verbreitet. Bevor wir ins Detail gehen, empfehle ich Ihnen, das nicht besonders lange St\u00fcck im Original zu genie\u00dfen. Nat\u00fcrlich sind Sie jetzt aufgrund der Einleitung voreingenommen und als Achse-Leser oder -Leserin ohnehin besonders sensibilisiert. Trotzdem, versuchen Sie den Artikel so zu lesen, wie Sie tausend andere Artikel lesen. Lesen Sie schnell, nur einmal, \u00fcberfliegen Sie meinetwegen. Und wenn es irgend geht, versuchen Sie sich dar\u00fcber hinaus vorzustellen, wie ein durchschnittlicher Medienkonsument den Beitrag wohl wahrnehmen w\u00fcrde. Bitte hier entlang:<br \/>\n<a href=\"https:\/\/www.sueddeutsche.de\/politik\/fluechtlinge-auswertung-von-handys-bringt-kaum-nutzen-1.4046049\">https:\/\/www.sueddeutsche.de\/politik\/fluechtlinge-auswertung-von-handys-bringt-kaum-nutzen-1.4046049<\/a><br \/>\n.<br \/>\nSch\u00f6n, dass Sie wieder da sind. Wie Sie gesehen haben, handelt es sich um einen Exklusivbericht der \u201eS\u00fcddeutschen Zeitung\u201c, \u00fcber den ich im Sommer gestolpert bin. Fassen wir zusammen (f\u00fcr alle, die den Pfad nach Prantlhausen erschrocken sofort wieder verlassen haben):<br \/>\nAm 8. Juli 2018 brachte die \u201eSZ\u201c exklusiv eine Meldung zur Identit\u00e4tsfeststellung von Migranten mit der \u00dcberschrift \u201eAuswertung von Handys bringt kaum Nutzen\u201c. Die Kernaussagen setzte die \u201eSZ\u201c in Aufz\u00e4hlungspunkten vor den Artikel: \u201eSeit September 2017 wertet das Bamf Daten von Mobiltelefonen aus, die Fl\u00fcchtlinge bei sich tragen. Ganz offensichtlich bringt die aufwendige Aktion nicht viel: Offenbar haben sich in den neun Monaten seit September 2017 Hinweise auf Widerspr\u00fcche nur in 100 F\u00e4llen ergeben. Die Linke sieht damit ein verbreitetes Vorurteil als widerlegt an.\u201c<br \/>\nIm Artikel hei\u00dft es: \u201eDie Auswertung der Auswertung belegt auch nicht den verbreiteten Verdacht, dass Fl\u00fcchtlinge in gr\u00f6\u00dferem Ausma\u00df versuchen zu tricksen oder zu l\u00fcgen bei ihren Angaben zu Identit\u00e4t, Herkunft und Staatsangeh\u00f6rigkeit.\u201c<br \/>\nUnd weiter: \u201eLediglich in zwei Prozent, also in rund 100 F\u00e4llen, ergaben sich Widerspr\u00fcche. Unbekannt ist allerdings, ob sich diese Widerspr\u00fcche im Gespr\u00e4ch mit den Antragstellern aufl\u00f6sen lie\u00dfen oder auf diese Weise L\u00fcgen enttarnt wurden. Laut Bundesregierung lasse sich dies statistisch nicht ermitteln \u2013 es fl\u00f6ssen ,viele andere Aspekte\u2018 in die Bewertung ein.\u201c<br \/>\n.<br \/>\n\u201eVorurteil widerlegt\u201c<br \/>\nIm letzten Absatz setzt die \u201eSZ\u201c noch einmal nach: \u201eF\u00fcr Ulla Jelpke, innenpolitische Sprecherin der Linken, liefern die Auswertungen der Pilotphase dennoch wichtige Erkenntnisse: Sie ,widerlegen ein verbreitetes Vorurteil: Ein Missbrauch oder falsche Angaben von Asylsuchenden in einer relevanten Gr\u00f6\u00dfenordnung lassen sich damit gerade nicht belegen\u2018. Die Zahlen ,unterstreichen die Unverh\u00e4ltnism\u00e4\u00dfigkeit dieser massenhaften Verletzung des Rechts auf informelle Selbstbestimmung\u2018.\u201c<br \/>\nWas bleibt beim Leser h\u00e4ngen (abgesehen davon, dass die \u201eSZ\u201c offenbar den Unterschied zwischen informeller und informationeller Selbstbestimmung nicht kennt)?<br \/>\nErstens: Die umstrittenen und mit hohem Aufwand eingef\u00fchrten Handyauswertungen zur Identit\u00e4tskl\u00e4rung von Asyl- und sonstigen Schutzsuchenden sind im Grunde \u00fcberfl\u00fcssig, weil sie nichts bringen. Nur bei zwei Prozent der kontrollierten Mobiltelefone ergaben sich \u00fcberhaupt \u201eWiderspr\u00fcche\u201c. Selbst bei denen ist aber nicht klar, ob sie zur Aufdeckung einer Identit\u00e4tst\u00e4uschung f\u00fchrten.<br \/>\nDamit ist zweitens ein <strong><em>\u201everbreitetes Vorurteil widerlegt\u201c<\/em><\/strong>, wie die \u201eSZ\u201c gleich dreifach einh\u00e4mmert. <em><strong>Das Vorurteil n\u00e4mlich, dass Schutzsuchende in gro\u00dfer Zahl bei Identit\u00e4t und Herkunft l\u00fcgen<\/strong><\/em> \u2013 so zumindest d\u00fcrften es die allermeisten Leser verstehen. Der Umkehrschluss liegt auf der Hand: Ali Normalasylant ist eine ehrliche Haut, wie die Handyauswertungen beweisen.<br \/>\n.<br \/>\nAuf diese frohe Botschaft sprang die willkommensergebene dpa dankbar auf, und so verbreitete sich Frau Jelpkes \u201eWiderlegung eines Vorurteils\u201c quer durch die Medienlandschaft. \u201eWelt\u201c, \u201eFocus\u201c, \u201eN\u00fcrnberger Nachrichten\u201c, \u201eWAZ\u201c, \u201eHeise Online\u201c, \u201eSchweriner Volkszeitung\u201c, \u201eGreenpeace Magazin\u201c, \u201eOberbayerisches Volksblatt\u201c und andere brachten das \u201eSZ\u201c\/dpa-St\u00fcck praktisch gleichlautend.<br \/>\n.<br \/>\n<em>Der Jelpke-Spin? Geschenkt<\/em><br \/>\nNun mag der aufmerksame Leser einwenden: Aber Frau Jelpke hat doch gar nicht behauptet, dass laut Handyauswertungen die allermeisten Schutzsuchenden ehrlich seien. Sie hat nur gesagt, dass mit den Handyauswertungen \u201eein Missbrauch oder falsche Angaben von Asylsuchenden in einer relevanten Gr\u00f6\u00dfenordnung\u201c nicht zu belegen seien. Und das stimmt sogar.<br \/>\nDie Aussage von Frau Jelpke ist, genau betrachtet, korrekt und unangreifbar. Die Linke-Abgeordnete wei\u00df als ehemalige Journalistin mit Worten umzugehen. Ihr Zitat ist clever, weil es den oben beschriebenen Eindruck \u201eAli ist ehrlich\u201c erweckt, ohne dies ausdr\u00fccklich zu sagen. Das ist nat\u00fcrlich manipulativ, aber das wollen wir Frau Jelpke nicht ankreiden. Als Linke-Abgeordnete ist sie eine Lobbyistin, eine Promoterin der Ansichten, Standpunkte und Ziele ihrer Partei. Sie ist \u201eparteiisch\u201c im eigentlichen Wortsinn.<br \/>\nDies aufzuzeigen, einzuordnen und geradezur\u00fccken ist Aufgabe von Journalisten. Beziehungsweise w\u00e4re es, theoretisch. Dass die \u201eS\u00fcddeutsche\u201c hierbei versagt, ob aus reinem Unverm\u00f6gen oder ganz bewusst \u2013 geschenkt. Was will man erwarten von einem Blatt, das selbst so erkennbar parteiisch ist und sich l\u00e4ngst von den Grunds\u00e4tzen eines ehrlichen, unvoreingenommenen Journalismus verabschiedet hat. Seien wir dankbar, dass der aufmerksame Leser den manipulativen Dreh in diesem Fall immer noch relativ leicht selbst enttarnen kann. Ginge es nur um den Jelpke-Spin, w\u00fcrde ich Sie hier nicht mit ein paar hundert W\u00f6rtern bel\u00e4stigen.<br \/>\n.<br \/>\n<em>Alles h\u00e4ngt an einem Wort<\/em><br \/>\nNein, es geht hier um mehr. Ich wei\u00df nicht, ob Ihnen beim Lesen des \u201eSZ\u201c-Artikel das eine, das alles entscheidende Wort aufgefallen ist. Das eine Wort, das die komplette Story aushebelt. Gleichzeitig ist es das Wort, das der \u201eSZ\u201c wie zuf\u00e4llig dazu dient, bei eventuellen unangenehmen Nachfragen antworten zu k\u00f6nnen: Aber es steht doch im Artikel! Wir haben nichts, aber auch gar nichts verschwiegen!<br \/>\nFalls Ihnen das omin\u00f6se Wort nicht aufgesto\u00dfen ist, d\u00fcrfen Sie gerne noch einmal lesen. Ob ja oder nein \u2013 sagen Sie es mir im Kommentarbereich. Es interessiert mich wirklich. Und bitte, Sie m\u00fcssen sich nicht d\u00e4mlich vorkommen oder gar sch\u00e4men, wenn Sie nicht wissen, wovon ich rede. Das alles entscheidende Wort ist so unauff\u00e4llig und breit auslegbar, dass es v\u00f6llig normal ist, wenn Sie es \u00fcbersehen haben. Ich bin mir nicht sicher, ob ich es wahrgenommen h\u00e4tte, h\u00e4tte ich nicht Vorkenntnisse gehabt.<br \/>\nUnd hier, ta-taaa, ist das Wort: \u201egebeten\u201c. Der vollst\u00e4ndige \u201eSZ\u201c-Satz lautet: \u201eWer als Fl\u00fcchtling keinen Pass vorlegt, wird um die Herausgabe seines Mobiltelefons gebeten.\u201c Nun kann man eine \u2013 auch beh\u00f6rdliche \u2013 \u201eBitte\u201c durchaus als Aufforderung verstehen, die trotz aller H\u00f6flichkeit verbindlich ist. Ist sie aber in diesem Fall nicht. \u201eGebeten\u201c bedeutet hier \u201eunverbindliche Bitte\u201c. Der Antragsteller, dessen Identit\u00e4t zweifelhaft ist, kann sein Handy herausgeben. Muss er aber nicht. Dieser Umstand, den die \u201eSZ\u201c so geschickt versteckt, \u00e4ndert alles.<\/p>\n<p><em>Und nun die echten Fakten<\/em><br \/>\nDass \u201egebeten\u201c wirklich \u201egebeten\u201c bedeutet und nicht \u201everbindlich aufgefordert\u201c oder \u201egezwungen\u201c, ergibt sich aus der Originalquelle, also der Antwort der Bundesregierung auf die Kleine Anfrage der Linke-Abgeordneten Jelpke. Die Antwort ist nicht auf Anhieb zu finden, denn Frau Jelpke ist eine sehr flei\u00dfige Oppositionspolitikerin. Sie stellt Kleine Anfragen am laufenden Band und erh\u00e4lt entsprechend viele und umfangreiche Antworten. In unserem Fall versteckt sich die Antwort der Bundesregierung in einem 80-seitigen Dokument namens \u201eDrucksache 19\/3148\u201c vom 3. Juli 2018.<\/p>\n<p>Dort k\u00f6nnen Sie auf Seite 27 nachlesen: \u201eKann der Antragsteller bei der Asylantragstellung keinen Pass oder Passersatz vorlegen, wird nach mobilen Datentr\u00e4gern gefragt und um Herausgabe gebeten. Wird ein Datentr\u00e4ger ausgeh\u00e4ndigt, wird dieser ausgelesen.\u201c<br \/>\nIm Umkehrschluss: <strong><em>Wenn der Antragsteller auf die Bamf-Bitte keinen mobilen Datentr\u00e4ger aush\u00e4ndigt, wird nicht ausgelesen und ausgewertet. So einfach ist das.<\/em><\/strong><\/p>\n<p>Fassen wir die Fakten zusammen, diesmal die echten: Die gro\u00dfe Mehrheit der Schutzbegehrenden meldet sich hierzulande ohne Pass oder vergleichbare Dokumente. Anfang 2016 waren es nach Angaben der Bundespolizei fast 80 Prozent. Laut BAMF-Sch\u00e4tzungen von Anfang 2017 sind es im Mittel ungef\u00e4hr 60 Prozent, die ohne ein Identifikationsdokument Asyl oder Fl\u00fcchtlingsschutz beantragen. Genaue Zahlen gibt es nicht, weil das BAMF dieses Merkmal statistisch nicht erfasst.<br \/>\nDie Zahlen? Absolut unerheblich<br \/>\nDie knapp zwei Drittel, die sich ohne (echten oder gef\u00e4lschten) Ausweis beim Bamf melden, werden seit September 2017 in einem Pilotprojekt \u201egebeten\u201c, das Handy zur Auswertung abzugeben. Von diesen \u201eGebetenen\u201c kommt nur ein Drittel der Bitte nach. Von diesem Drittel der Gebetenen sind wiederum zwei Drittel der Handyauswertungen nicht aussagekr\u00e4ftig (also bei etwa 20 Prozent der Gebetenen).<br \/>\nDas kann zum Beispiel daran liegen, dass die Auswertungstechnik unvollkommen ist oder wegen rechtlicher Hindernisse scheitert (unter anderem d\u00fcrfen Fotos aus Datenschutzgr\u00fcnden nicht betrachtet werden). Die mangelnde Aussagekraft kann aber auch daran liegen, dass der Antragsteller sein Handy vor Aush\u00e4ndigung \u201eresettet\u201c (auf den Auslieferungszustand zur\u00fcckgesetzt) hat oder ein Smartphone \u00fcbergibt, das er eine Woche zuvor in Deutschland beim O2-Shop seines Vertrauens erworben hat.<br \/>\nBei einem Drittel des aush\u00e4ndigenden Drittels der \u201eGebetenen\u201c (also bei etwa jedem zehnten Zweifelsfall) best\u00e4tigt die Handyauswertung die Angaben des Antragstellers. Das kann daran liegen, dass seine Angaben wahr sind. Oder auch daran, dass er vom Schlepper seines Vertrauens ein perfekt vorbereitetes Handy mit schl\u00fcssiger Fluchtstory erhalten hat, wie die \u201eWelt\u201c erst vor ein paar Tagen meldete.<br \/>\nAber selbst bei dieser aktuellen und kritischen \u201eWelt\u201c-Story bleibt der entscheidende Umstand unerw\u00e4hnt: <em><strong>Die Zweifelsf\u00e4lle m\u00fcssen ihr Mobiltelefon zur Identit\u00e4tspr\u00fcfung nicht aush\u00e4ndigen. Allein dies macht die ganzen gerade aufgef\u00fchrten Prozentzahlen obsolet. Sie sind v\u00f6llig unerheblich<\/strong><\/em>.<br \/>\n.<br \/>\n<em>Die echte Nachricht: Farce, Placebo, Nebelkerze<\/em><br \/>\nNoch einmal, um jedes m\u00f6gliche Missverst\u00e4ndnis auszuschlie\u00dfen: Wie viele Zuwandererhandys bei der derzeitigen Auswertungspraxis welches Ergebnis liefern, hat keinerlei Aussagekraft.<br \/>\nDenn eine freiwillige Telefonauswertung zur Aufdeckung von Identit\u00e4tst\u00e4uschern ist \u00e4hnlich sinnvoll wie eine Alkoholkontrolle, bei der nur Autofahrer ins R\u00f6hrchen blasen, die aus eigenem Antrieb mitmachen.<br \/>\nOder eine Radarkontrolle, bei der nur geblitzt wird, wer vorher zugestimmt hat.<br \/>\nOder eine Steuerpr\u00fcfung, die nur bei denen stattfindet, die bereit sind, ihre Belege auszuh\u00e4ndigen.<br \/>\nAlle anderen \u2013 sprich: im Zweifel alle \u00dcbelt\u00e4ter \u2013 bleiben unbehelligt.<\/p>\n<p>Um auf die Ausgangsmeldung der \u201eS\u00fcddeutschen\u201c und ihrer treuen Zutr\u00e4gerin Jelpke zur\u00fcckzukommen: Statt \u201eAuswertung von Handys bringt kaum Nutzen\u201c h\u00e4tte die \u00dcberschrift nach allen journalistischen Standards lauten m\u00fcssen: \u201eHandyauswertung kann kaum Nutzen bringen\u201c. Mindestens.<\/p>\n<p>Richtiger, angemessener \u2013 und als journalistische Zuspitzung absolut zul\u00e4ssig, wenn nicht sogar notwendig \u2013 w\u00e4re die \u00dcberschrift gewesen: \u201e<em><strong>Handyauswertung ist eine Farce\u201c.<\/strong><\/em> Meinetwegen statt \u201eFarce\u201c auch gerne \u201eAugenwischerei\u201c, \u201eNebelkerze\u201c, \u201ePlacebo\u201c, \u201eBeruhigungspille\u201c oder \u201eW\u00e4hlert\u00e4uschung\u201c.<\/p>\n<p>All das w\u00fcrde den Kern der Wahrheit eher treffen als die bisherige Berichterstattung zum Thema. Im Umkehrschluss: <strong><em>Jede Story, die die Freiwilligkeit der Handyauswertung wegl\u00e4sst oder nicht prominent hervorhebt, geht am Kern der Wahrheit vorbei.<\/em><\/strong> Und damit ist sie was, ob beabsichtigt oder nicht? Richtig: Fake News. Beziehungsweise in Deutschland: ganz normale Fake News.<br \/>\n.<br \/>\n<em>Die Spitze des Eisbergs<\/em><br \/>\nIch wei\u00df nicht, wie es Ihnen geht. Je mehr ich dar\u00fcber nachdenke, desto ungeheuerlicher erscheint mir dieses scheinbar so unbedeutende Beispiel, das ich Ihnen hier geschildert habe. Ungeheuerlich auch und gerade deswegen, weil es so einfach zu entlarven war und es trotzdem keiner getan hat. Im Gegenteil, die hauptberuflichen Kollegen haben es in gro\u00dfer Zahl besinnungslos weiterverbreitet. Die Frage dr\u00e4ngt sich auf, was die hauptberuflichen Kollegen eigentlich hauptberuflich machen.<br \/>\nH\u00e4tte ich nicht noch einen Day Job, k\u00f6nnte ich monatlich x weitere solcher Beispiele aus meiner pers\u00f6nlichen Sammlung auf der Achse sezieren (und damit meine ich nicht die bereits hinreichend demontierten Fehlberichterstattungen); von bewussten Auslassungen (nennen wir sie \u201eOmitted News\u201c) \u00fcber Verdrehungen (nennen wir sie \u201eTwisted News\u201c) bis zu den zahlreichen in den Medien widerspruchslos wiedergegebenen falschen \u201eNarrativen\u201c (nennen wir sie \u201eSneaky News\u201c). Sie alle sind Teil der Fake News. Der ganz normalen Fake News.<br \/>\n&#8230;.<br \/>\nAlles von Robert von Loewenstern vom 27.12.2018 bitte lesen auf<br \/>\n<a href=\"https:\/\/www.achgut.com\/artikel\/die_taegliche_fake_new_oder_kein_anschluss_unter_dieser_nummer\">https:\/\/www.achgut.com\/artikel\/die_taegliche_fake_new_oder_kein_anschluss_unter_dieser_nummer<\/a><\/p>\n","protected":false},"excerpt":{"rendered":"<p>Home\u00a0&gt;Kultur\u00a0&gt;Medien\u00a0&gt;Zeitung\u00a0&gt;Luegenpresse &gt;Fake-News &nbsp; Listenauswahl eines Beitrags: Bitte\u00a0anklicken\u00a0oder runterscrollen Geheimplan Potsdam war L\u00fcge\u00a0(17.4.2026) ZDF: Fake-News KI Propaganda\u00a0(17.2.2026) Faktencheck bei Tatsachen (ja\/nein)- nicht bei Gef\u00fchlen (27.10.2025) Vosgerau: Medienkampagne BfV\/AfD 2025 \u00e4hnlich Correctiv\/Wannsee 2023\u00a0(5.5.2025) Falschmeldung im Dreier-Schritt\u00a0(12.4.2025) Die Bilder von Butscha: Realit\u00e4t oder &hellip; <a href=\"https:\/\/www.freiburg-schwarzwald.de\/blog\/kultur\/medien\/fake-news\/\">Weiterlesen <span class=\"meta-nav\">&rarr;<\/span><\/a><\/p>\n","protected":false},"author":2,"featured_media":0,"parent":678,"menu_order":0,"comment_status":"open","ping_status":"closed","template":"","meta":{"footnotes":""},"class_list":["post-69843","page","type-page","status-publish","hentry"],"_links":{"self":[{"href":"https:\/\/www.freiburg-schwarzwald.de\/blog\/wp-json\/wp\/v2\/pages\/69843","targetHints":{"allow":["GET"]}}],"collection":[{"href":"https:\/\/www.freiburg-schwarzwald.de\/blog\/wp-json\/wp\/v2\/pages"}],"about":[{"href":"https:\/\/www.freiburg-schwarzwald.de\/blog\/wp-json\/wp\/v2\/types\/page"}],"author":[{"embeddable":true,"href":"https:\/\/www.freiburg-schwarzwald.de\/blog\/wp-json\/wp\/v2\/users\/2"}],"replies":[{"embeddable":true,"href":"https:\/\/www.freiburg-schwarzwald.de\/blog\/wp-json\/wp\/v2\/comments?post=69843"}],"version-history":[{"count":5,"href":"https:\/\/www.freiburg-schwarzwald.de\/blog\/wp-json\/wp\/v2\/pages\/69843\/revisions"}],"predecessor-version":[{"id":148008,"href":"https:\/\/www.freiburg-schwarzwald.de\/blog\/wp-json\/wp\/v2\/pages\/69843\/revisions\/148008"}],"up":[{"embeddable":true,"href":"https:\/\/www.freiburg-schwarzwald.de\/blog\/wp-json\/wp\/v2\/pages\/678"}],"wp:attachment":[{"href":"https:\/\/www.freiburg-schwarzwald.de\/blog\/wp-json\/wp\/v2\/media?parent=69843"}],"curies":[{"name":"wp","href":"https:\/\/api.w.org\/{rel}","templated":true}]}}