{"id":69724,"date":"2018-12-23T14:58:16","date_gmt":"2018-12-23T13:58:16","guid":{"rendered":"https:\/\/www.freiburg-schwarzwald.de\/blog\/?page_id=69724"},"modified":"2026-08-01T11:07:13","modified_gmt":"2026-08-01T09:07:13","slug":"denunziation","status":"publish","type":"page","link":"https:\/\/www.freiburg-schwarzwald.de\/blog\/engagement\/zukunft\/demokratie\/denunziation\/","title":{"rendered":"Denunziation"},"content":{"rendered":"<p><a href=\"https:\/\/www.freiburg-schwarzwald.de\/blog\">Home<\/a>\u00a0&gt;<a title=\"Kultur\" href=\"https:\/\/www.freiburg-schwarzwald.de\/blog\/kultur\/\">Kultur<\/a>\u00a0&gt;<a title=\"Medien\" href=\"https:\/\/www.freiburg-schwarzwald.de\/blog\/kultur\/medien\/\">Medien<\/a>\u00a0&gt;<a title=\"Diskussionskultur\" href=\"https:\/\/www.freiburg-schwarzwald.de\/blog\/kultur\/medien\/diskussionskultur\/\">Diskussionskultur<\/a>\u00a0&gt;Denunziation<\/p>\n<div id=\"attachment_68143\" style=\"width: 649px\" class=\"wp-caption alignnone\"><a href=\"https:\/\/www.freiburg-schwarzwald.de\/blog\/sport\/sportlern\/biken\/radwanderwege\/fahrrad-rahmenbruch-pan180912\/\" rel=\"attachment wp-att-68143\"><img loading=\"lazy\" decoding=\"async\" aria-describedby=\"caption-attachment-68143\" class=\"size-full wp-image-68143\" src=\"https:\/\/www.freiburg-schwarzwald.de\/blog\/wp-content\/uploads\/2014\/04\/fahrrad-rahmenbruch-pan180912.jpg\" alt=\"Fahrrad nach Rahmenbruch und Sturz am 12.9.2018\" width=\"639\" height=\"402\" srcset=\"https:\/\/www.freiburg-schwarzwald.de\/blog\/wp-content\/uploads\/2014\/04\/fahrrad-rahmenbruch-pan180912.jpg 639w, https:\/\/www.freiburg-schwarzwald.de\/blog\/wp-content\/uploads\/2014\/04\/fahrrad-rahmenbruch-pan180912-180x113.jpg 180w\" sizes=\"auto, (max-width: 639px) 100vw, 639px\" \/><\/a><p id=\"caption-attachment-68143\" class=\"wp-caption-text\">Fahrrad nach Rahmenbruch und Sturz am 12.9.2018<\/p><\/div>\n<ul>\n<li><em>Listenauswahl eines Beitrags (Artikel\/Datum, Seite\/Inhalt):\u00a0<span style=\"text-decoration: underline;\">Klicken<\/span>\u00a0oder scrollen<\/em><\/li>\n<li><a href=\"https:\/\/www.freiburg-schwarzwald.de\/blog\/engagement\/zukunft\/wahrheit\/\">Thomas Hartung: Die Umwettung der Wahrheit \u2013 zu Medienkampagnen<\/a>\u00a0(29.7.2026)<\/li>\n<li><a href=\"https:\/\/www.freiburg-schwarzwald.de\/blog\/engagement\/zukunft\/demokratie\/staat\/beamte\/\">Arne Sch\u00f6nbohm: BSI-Beamter \u2013 Falschaussage B\u00f6hmermann \u2013 Entlassung<\/a>\u00a0(24.7.2026)<\/li>\n<li><a href=\"https:\/\/www.freiburg-schwarzwald.de\/blog\/engagement\/zukunft\/demokratie\/denunziation\/meldewesen\/\">Prof Murswiek zur Aussteigerhilfe rechts: \u201eDer Staat darf es nicht\u201c<\/a>\u00a0(24.6.2026)<\/li>\n<li><a href=\"https:\/\/www.freiburg-schwarzwald.de\/blog\/engagement\/zukunft\/demokratie\/denunziation\/meldewesen\/\">MEME: Meldestelle f\u00fcr Meldestellen bei Tichy eingerichtet<\/a>\u00a0(15.3.2026)<\/li>\n<li><a href=\"https:\/\/www.freiburg-schwarzwald.de\/blog\/kultur\/medien\/meinungsfreiheit\/meinungszensur\/\">HateAid im internationalen Scheinwerferlicht: Staatliche Zensur in privater Kost\u00fcmierung<\/a>\u00a0(27.12.2025)<\/li>\n<li><a href=\"https:\/\/www.freiburg-schwarzwald.de\/blog\/engagement\/zukunft\/demokratie\/denunziation\/meldewesen\/\">Meldestelle REspect! : Der Staat bin ich<\/a>\u00a0(12.12.2025)<\/li>\n<li><a href=\"https:\/\/www.freiburg-schwarzwald.de\/blog\/kultur\/zivilisiertheit\/\">Thorsten Hinz: Vom Verlust der Zivilisiertheit<\/a>\u00a0(5.12.2025)<\/li>\n<li><a href=\"https:\/\/www.freiburg-schwarzwald.de\/blog\/selbsthilfe\/krise\/doxing\/\">ZDF-B\u00f6hmermann: Soziale Zerst\u00f6rung eines jungen Mannes durch Doxing<\/a>\u00a0(17.5.2025)<\/li>\n<li>Vier Meldestellen in NRW: Dunkelfelder im Denunziantenstadl (20.3.2025)<\/li>\n<li><a href=\"https:\/\/www.freiburg-schwarzwald.de\/blog\/kultur\/medien\/verschwoerungstheorien\/\">Beratungskompass Verschw\u00f6rungsdenken<\/a> (10.3.2025)<\/li>\n<li><a href=\"https:\/\/www.freiburg-schwarzwald.de\/blog\/vereine\/ngo\/correctiv\/\">Blick zur\u00fcck im Zorn: Ein Jahr nach dem Correctiv-Skandal \u2013 Die L\u00fcge lebt fort<\/a>\u00a0(10.1.2025)<\/li>\n<li><a href=\"https:\/\/www.freiburg-schwarzwald.de\/blog\/kultur\/medien\/meinungsfreiheit\/volksverhetzung\/\">Privates Gespr\u00e4ch wird Volksverhetzung<\/a>\u00a0(22.11.2024)<\/li>\n<li><a href=\"https:\/\/www.freiburg-schwarzwald.de\/blog\/wolfsgruss-oder-schweigefuchs\/\">Wolfsgru\u00df oder Schweigefuchs<\/a>\u00a0(7.7.2024)<\/li>\n<li><a href=\"https:\/\/www.freiburg-schwarzwald.de\/blog\/resignation-der-buerger\/\">Resignation der B\u00fcrger<\/a>\u00a0(27.3.2024)<\/li>\n<li><a href=\"https:\/\/www.freiburg-schwarzwald.de\/blog\/taeter-opfer-umkehr-an-schulen\/\">T\u00e4ter-Opfer-Umkehr an Schulen<\/a>\u00a0(24.3.2024)<\/li>\n<li><a href=\"https:\/\/www.freiburg-schwarzwald.de\/blog\/engagement\/zukunft\/demokratie\/gesinnungsethik\/gesinnungspruefung\/\">Nach Meinungsterror: Jetzt auch noch Rufmord an Sch\u00fclerin<\/a> (20.3.2024)<\/li>\n<li><a href=\"https:\/\/www.freiburg-schwarzwald.de\/blog\/global\/integration\/fluechtlinge-kriminalitaet\/opfer-taeter-umkehr\/\">Opfer-T\u00e4ter-Umkehr bei Schulgewalt am Gymnasium Ribnitz-Damgarte<\/a>n (19.3.2024)<\/li>\n<li><a href=\"https:\/\/www.freiburg-schwarzwald.de\/blog\/engagement\/zukunft\/barbe\/\">Barbe zum 18.3.: Assange Haft \u2013 DDR 1990 Wahl \u2013 Loretta denunziert<\/a>\u00a0(18.3.2024)<\/li>\n<li><a href=\"https:\/\/www.freiburg-schwarzwald.de\/blog\/rektor-denunziert-schuelerin\/\">Rektor denunziert Sch\u00fclerin &#8211; Polizei im Unterricht<\/a> (16.3.2024)<\/li>\n<li><a href=\"https:\/\/www.freiburg-schwarzwald.de\/blog\/hinweisgeberschutzgesetz\/\">Hinweisgeberschutzgesetz<\/a>\u00a0(12.9.2023)<\/li>\n<li><a href=\"https:\/\/www.freiburg-schwarzwald.de\/blog\/engagement\/zukunft\/demokratie\/denunziation\/meldewesen\/\">Hubertus Knabe: Deutschland eifrig Spitzelland<\/a> (26.8.2023)<\/li>\n<li>Hinweisgeberschutzgesetz: Nur f\u00fcr Deutschsprachige? (26.6.2023)<\/li>\n<li><a href=\"https:\/\/www.freiburg-schwarzwald.de\/blog\/engagement\/zukunft\/demokratie\/denunziation\/meldestellen\/\">Meldestellen: Nie war es so leicht, mi\u00dfliebige Personen anzuzeigen<\/a> (14.4.2023)<\/li>\n<li>Demokratie braucht keine Denunzianten \u2013 und keine \u00abAntifeminismus\u00bb-Meldestelle (12.2.2023)<\/li>\n<li><a href=\"https:\/\/www.freiburg-schwarzwald.de\/blog\/kultur\/medien\/hass\/hetze\/\">Sarah Bosetti: \u201eQuerdenker sind ein bisschen wie Hitler\u201c<\/a>\u00a0(30.1.2023)<\/li>\n<li><a href=\"https:\/\/www.freiburg-schwarzwald.de\/blog\/unschuldsvermutung-beweislast\/\">Unschuldsvermutung Beweislast<\/a>\u00a0(12.12.2022)<\/li>\n<li><a href=\"https:\/\/www.freiburg-schwarzwald.de\/blog\/engagement\/zukunft\/demokratie\/demokratischer-staat\/\">Zehn Grundhaltungen, die meine demokratische Gesinnung beweisen<\/a>\u00a0(16.12.2022)<\/li>\n<li><a href=\"https:\/\/www.freiburg-schwarzwald.de\/blog\/engagement\/zukunft\/demokratie\/verfassung\/\">Ha\u00df und Hetze kommen jetzt direkt vom Amt<\/a>\u00a0(4.11.2022)<\/li>\n<li><a href=\"https:\/\/www.freiburg-schwarzwald.de\/blog\/business\/dienste\/werbung\/\">Audi cancelt Werbung bei \u201eAchse des Guten\u201c<\/a>\u00a0(8.7.2022)<\/li>\n<li><a href=\"https:\/\/www.freiburg-schwarzwald.de\/blog\/selbsthilfe\/krise\/doxing\/\">Doxing gegen Berliner Verfassungsschutz-Beamtin<\/a>\u00a0(3.6.2022)<\/li>\n<li>Meldestellen f\u00fcr Rassismus, &#8230; und Radfahrer-Feindlichkeit (12.1.2022)<\/li>\n<li><a href=\"https:\/\/www.freiburg-schwarzwald.de\/blog\/engagement\/zukunft\/demokratie\/denunziation\/ausgrenzung\/\">Kauft nicht bei Ungeimpften<\/a> (8.12.2021)<\/li>\n<li><a href=\"https:\/\/www.freiburg-schwarzwald.de\/blog\/religion\/juden\/nazi\/\">Roger K\u00f6ppel: H\u00f6rt mit dieser Nazis-Paranoia auf!<\/a>\u00a0(21.9.2021)<\/li>\n<li><a href=\"https:\/\/www.freiburg-schwarzwald.de\/blog\/global\/deutschland\/ddr2-0\/\">Die magische Kraft der Armbinde: Junge FDJ und junge Gr\u00fcne<\/a> (12.9.2021)<\/li>\n<li><a href=\"https:\/\/www.freiburg-schwarzwald.de\/blog\/kultur\/medien\/hass\/\">Ist der von links kommende Hass etwa guter Hass?<\/a>\u00a0(18.2.2021)<\/li>\n<li><a href=\"https:\/\/www.freiburg-schwarzwald.de\/blog\/fake-news-kaum-korrigierbar\/\">Fake News \u2013 kaum korrigierbar<\/a>\u00a0(11.2.2021)<\/li>\n<li><a href=\"https:\/\/www.freiburg-schwarzwald.de\/blog\/kultur\/medien\/faktencheck\/\">Achgut setzt \u201eCorrectiv\u201c Grenzen<\/a>\u00a0(30.10.2020)<\/li>\n<li><a href=\"https:\/\/www.freiburg-schwarzwald.de\/blog\/kultur\/medien\/diskussionskultur\/kontaktschuld\/\">Kontaktschuld-Prinzip zerst\u00f6rt die Diskussionskultur<\/a>\u00a0(24.10.2020)<\/li>\n<li>Berliner Senat: Mit dem ausgestreckten Mittelfinger f\u00fcr alle ohne Maske (16.10.2020)<\/li>\n<li><a title=\"Doppelmoral\" href=\"https:\/\/www.freiburg-schwarzwald.de\/blog\/global\/deutschland\/moral2015\/doppelmoral\/\">Die Sportler Saibou und Wester im Kreuzfeuer der Medien: Rassismus der Rassismusj\u00e4ger<\/a>\u00a0(6.8.2020)<\/li>\n<li>Wie der \u00f6ffentlichrechtliche Rundfunk einen Bundeswehrsoldaten in die rechtsradikale Ecke stellte (24.7.2020)<\/li>\n<li>Wem geh\u00f6rt die Stadt? BR und Correctiv fragen Mieter (31.1.2020)<\/li>\n<li><a title=\"Repression\" href=\"https:\/\/www.freiburg-schwarzwald.de\/blog\/engagement\/zukunft\/demokratie\/repression\/\">Repression statt L\u00f6sung \u2013\u00a0Politische Legitimit\u00e4t und die Angst der Deutschen<\/a>\u00a0(28.11.2019)<\/li>\n<li><a title=\"Repression\" href=\"https:\/\/www.freiburg-schwarzwald.de\/blog\/kultur\/medien\/repression\/\">Thorsten Hinz: Meinungsfreiheit \u2013 Die Schlammlawine rollt<\/a>\u00a0(1.11.2019)<\/li>\n<li><a title=\"Offenburg-Arztmord16Aug2018\" href=\"https:\/\/www.freiburg-schwarzwald.de\/blog\/global\/integration\/offenburg-arztmord16aug2018\/\">Landgericht Bremen: Ausdruck \u201eGoldst\u00fcck\u201c kann Hetze sein<\/a>\u00a0(21.6.2019)<\/li>\n<li>Antifa denunziert &#8222;Junges Freiburg&#8220;-Vorsitzende Kathrin Vogel (31.1.2019)<\/li>\n<li><a href=\"https:\/\/www.freiburg-schwarzwald.de\/blog\/silencing-und-konformismus\/\">https:\/\/www.freiburg-schwarzwald.de\/blog\/silencing-und-konformismus\/<\/a>\u00a0(25.1.2019)<\/li>\n<li>Politisch Andersdenkende: In der Rolle des S\u00fcndenbocks\u00a0 (18.1.2019)<\/li>\n<li><a href=\"https:\/\/www.freiburg-schwarzwald.de\/blog\/jugendliche-pruegelei-amberg\/\">https:\/\/www.freiburg-schwarzwald.de\/blog\/jugendliche-pruegelei-amberg\/<\/a>\u00a0(31.12.2018)<\/li>\n<li>Mein K\u00fcnstler, dein Spitzel\u00a0 &#8211; Denunziation durch &#8222;Soko Chemnitz&#8220; (14.12.2018)<\/li>\n<\/ul>\n<ul>\n<li><a title=\"Apo2018\" href=\"https:\/\/www.freiburg-schwarzwald.de\/blog\/engagement\/buergerinitiativen\/apo2018\/\">Apo2018<\/a><\/li>\n<li><a href=\"https:\/\/www.freiburg-schwarzwald.de\/blog\/engagement\/zukunft\/demokratie\/denunziation\/ausgrenzung\/\">Ausgrenzung<\/a><\/li>\n<li><a title=\"Bevormundung\" href=\"https:\/\/www.freiburg-schwarzwald.de\/blog\/engagement\/zukunft\/demokratie\/bevormundung\/\">Bevormundung<\/a><\/li>\n<li><a title=\"Cottbus\" href=\"https:\/\/www.freiburg-schwarzwald.de\/blog\/engagement\/zukunft\/demokratie\/cottbus\/\">Cottbus<\/a><\/li>\n<li><a href=\"https:\/\/www.freiburg-schwarzwald.de\/blog\/engagement\/zukunft\/demokratie\/demokratiefoerderung\/\">Demokratiefoerderung<\/a><\/li>\n<li><a title=\"Demonstrationsrecht\" href=\"https:\/\/www.freiburg-schwarzwald.de\/blog\/engagement\/buergerinitiativen\/demonstrationsrecht\/\">Demonstrationsrecht<\/a><\/li>\n<li><a title=\"Diffamierung\" href=\"https:\/\/www.freiburg-schwarzwald.de\/blog\/kultur\/medien\/diffamierung\/\">Diffamierung<\/a><\/li>\n<li><a title=\"Diskriminierung\" href=\"https:\/\/www.freiburg-schwarzwald.de\/blog\/kultur\/medien\/diskriminierung\/\">Diskriminierung<\/a><\/li>\n<li><a title=\"Diskussionskultur\" href=\"https:\/\/www.freiburg-schwarzwald.de\/blog\/kultur\/medien\/diskussionskultur\/\">Diskussionskultur<\/a><\/li>\n<li><a title=\"Doppelmoral\" href=\"https:\/\/www.freiburg-schwarzwald.de\/blog\/global\/deutschland\/moral2015\/doppelmoral\/\">Doppelmoral<\/a><\/li>\n<li><a href=\"https:\/\/www.freiburg-schwarzwald.de\/blog\/selbsthilfe\/krise\/doxing\/\">Doxing<\/a><\/li>\n<li><a href=\"https:\/\/www.freiburg-schwarzwald.de\/blog\/kultur\/medien\/faktencheck\/\">Faktencheck<\/a><\/li>\n<li><a title=\"Gesinnungsdiktatur\" href=\"https:\/\/www.freiburg-schwarzwald.de\/blog\/kultur\/medien\/gesinnungsdiktatur\/\">Gesinnungsdiktatur<\/a><\/li>\n<li><a href=\"https:\/\/www.freiburg-schwarzwald.de\/blog\/engagement\/zukunft\/demokratie\/gesinnungsethik\/gesinnungspruefung\/\">Gesinnungspr\u00fcfung<\/a><\/li>\n<li><a title=\"Instrumentalisierung\" href=\"https:\/\/www.freiburg-schwarzwald.de\/blog\/kultur\/medien\/instrumentalisierung\/\">Instrumentalisierung<\/a><\/li>\n<li><a title=\"Integration\" href=\"https:\/\/www.freiburg-schwarzwald.de\/blog\/global\/integration\/\">Integration<\/a><\/li>\n<li><a title=\"Konformismus\" href=\"https:\/\/www.freiburg-schwarzwald.de\/blog\/kultur\/medien\/political-correctness\/konformismus\/\">Konformismus<\/a><\/li>\n<li><a href=\"https:\/\/www.freiburg-schwarzwald.de\/blog\/kultur\/medien\/diskussionskultur\/kontaktschuld\/\">Kontaktschuld<\/a><\/li>\n<li><a title=\"Luegenpresse\" href=\"https:\/\/www.freiburg-schwarzwald.de\/blog\/kultur\/medien\/luegenpresse\/\">L\u00fcgenpresse<\/a><\/li>\n<li><a title=\"Meinungsfreiheit\" href=\"https:\/\/www.freiburg-schwarzwald.de\/blog\/kultur\/medien\/meinungsfreiheit\/\">Meinungsfreiheit<\/a><\/li>\n<li><a href=\"https:\/\/www.freiburg-schwarzwald.de\/blog\/engagement\/zukunft\/demokratie\/denunziation\/meldestellen\/\">Meldestellen<\/a><\/li>\n<li><a href=\"https:\/\/www.freiburg-schwarzwald.de\/blog\/engagement\/zukunft\/demokratie\/denunziation\/meldewesen\/\">Meldewesen<\/a><\/li>\n<li><a title=\"Multikulti\" href=\"https:\/\/www.freiburg-schwarzwald.de\/blog\/kultur\/leitkultur\/multikulti\/\">Multikulti<\/a><\/li>\n<li><a title=\"Parallelkultur\" href=\"https:\/\/www.freiburg-schwarzwald.de\/blog\/global\/integration\/parallelkultur\/\">Parallelkulturen<\/a><\/li>\n<li><a title=\"Rechts\" href=\"https:\/\/www.freiburg-schwarzwald.de\/blog\/engagement\/zukunft\/demokratie\/rechts\/\">Rechts<\/a><\/li>\n<li><a href=\"https:\/\/www.freiburg-schwarzwald.de\/blog\/engagement\/zukunft\/demokratie\/repression\/\">Repression<\/a><\/li>\n<li><a title=\"Talkshow\" href=\"https:\/\/www.freiburg-schwarzwald.de\/blog\/kultur\/medien\/talkshow\/\">Talkshow<\/a><\/li>\n<li><a href=\"https:\/\/www.freiburg-schwarzwald.de\/blog\/kultur\/medien\/meinungsfreiheit\/volksverhetzung\/\">Volksverhetzung<\/a><\/li>\n<li><a title=\"Werte\" href=\"https:\/\/www.freiburg-schwarzwald.de\/blog\/global\/integration\/werte\/\">Werte<\/a><\/li>\n<li><a title=\"Willkommenskultur\" href=\"https:\/\/www.freiburg-schwarzwald.de\/blog\/global\/integration\/willkommenskultur\/\">Willkommenskultur<\/a><\/li>\n<li><a title=\"Wohnungssuche\" href=\"https:\/\/www.freiburg-schwarzwald.de\/blog\/business\/dienste\/immobilien\/wohnen\/wohnungssuche\/\">Wohnungssuche<\/a><\/li>\n<li><a href=\"https:\/\/www.freiburg-schwarzwald.de\/blog\/kultur\/zivilisiertheit\/\">Zivilisiertheit<\/a><\/li>\n<\/ul>\n<p>&nbsp;<\/p>\n<p><strong>Vier Meldestellen in NRW: Dunkelfelder im Denunziantenstadl<\/strong><br \/>\nK\u00f6nnte im bev\u00f6lkerungsreichsten Bundesland jetzt die Stunde der Denunzianten schlagen? Am Montag gingen vier von der schwarz-gr\u00fcnen Landesregierung in D\u00fcsseldorf finanzierte Meldestellen online, bei denen Diskriminierungen gemeldet werden k\u00f6nnen. Die Portale wurden noch von den schwarz-gelben Vorg\u00e4ngern in Auftrag gegeben. Im Januar 2022 waren in Iserlohn mehrere muslimische Gr\u00e4ber verw\u00fcstet worden.<br \/>\nDem Integrationsministerium zufolge k\u00f6nnen bei den neuen Stellen antimuslimische Vorf\u00e4lle, Antiziganismus und weitere Formen des Rassismus sowie Vorf\u00e4lle im Kontext der sexuellen Orientierung und geschlechtlichen Identit\u00e4t gemeldet werden. Eine eigene Meldestelle f\u00fcr antisemitische Vorf\u00e4lle gibt es bereits, mit bisherigen Kosten bei rund 1,5 Millionen Euro. F\u00fcr das laufende Jahr sind jeweils 180.000 Euro f\u00fcr den Betrieb der einzelnen Meldestellen eingeplant. Laut dem zust\u00e4ndigen Ministerium pr\u00fcfen die Meldestellen aber keine Vorf\u00e4lle auf Strafbarkeit und haben keinen Verfolgungs- oder Sanktionierungsauftrag. \u201eWer einen Vorfall zur Anzeige bringen m\u00f6chte, mu\u00df daf\u00fcr zur Polizei gehen\u201c, teilte die Beh\u00f6rde mit. Der Zweck der Meldestellen sei es, \u201edas Dunkelfeld von erlebter oder beobachteter Diskriminierung von Minderheiten zu erhellen \u2013 und nicht deren strafrechtliche Bewertung.\u201c<br \/>\nWichtig ist nach Aussage des Ministeriums festzustellen, wo und in welchen Kontexten es h\u00e4ufig zu Diskriminierungen kommt. Finden etwa viele homophobe Anfeindungen, die gemeldet werden, in Schulen statt? Fallen muslimfeindliche Spr\u00fcche besonders h\u00e4ufig im Sportverein? So solle eine statistische Grundlage entstehen, um dann zielgerichtete politische Ma\u00dfnahmen zur Pr\u00e4vention einzuleiten, sagte Integrationsministerin Josefine Paul (Gr\u00fcne).<br \/>\nDagegen nennt die Bild-Zeitung die neue Einrichtung \u201ePetzportal\u201c. Ohne juristisch eindeutige Definition k\u00f6nne jedes Verhalten zum Beleg f\u00fcr Rassismus oder Queerfeindlichkeit gemacht werden. Dies sei ein moderner Pranger. Auf diesen Zug sprang auch die FDP auf, obwohl sie der alten Landesregierung noch angeh\u00f6rte. \u201eStatt Polizei und Justiz zu st\u00e4rken, werden Meldestellen f\u00fcr nicht strafbare Meinungs\u00e4u\u00dferungen eingerichtet. Ihre Einrichtung ist ein Fehler. Wir brauchen keine Diskriminierungsb\u00fcrokratie, die politisch korrektes Verhalten durchsetzen will\u201c, so der Landtagsfraktionschef Henning H\u00f6ne.<br \/>\nDas Problem: Niemand kann nachpr\u00fcfen, ob die gemeldeten Vorg\u00e4nge wirklich der Wahrheit entsprechen. Die Meldestelle MEDAR habe gar nicht das Personal, um eigenst\u00e4ndig zu recherchieren, ob sich ein Vorfall tats\u00e4chlich so zugetragen hat wie geschildert, teilten die Betreiber mit. Auch deswegen war vor allem die AfD-Fraktion im D\u00fcsseldorfer Landtag dagegen. Die Meldestellen k\u00f6nnten einen \u201eGeist der Denunziation\u201c f\u00f6rdern, hie\u00df es seitens der Partei. Sie forderte deshalb schon vor Monaten einen Stopp des Projekts. Datensch\u00fctzer \u00e4u\u00dferten zudem Zweifel an der sicheren Anonymisierung, insbesondere bei Screenshots von Online-Diskriminierungen. Integrationsministerin Josefine Paul sagt dennoch: \u201eDie Meldestellen sind notwendig, weil es hier noch erhebliche Dunkelfelder gibt.\u201c<br \/>\n&#8230; Alles vom 20.3.2025 von Christian Schreiber bitte lesen in der JF 13\/25, Seite 4<\/p>\n<p>&nbsp;<\/p>\n<p>&nbsp;<\/p>\n<p><strong>Hinweisgeberschutzgesetz: Nur f\u00fcr Deutschsprachige?<\/strong><br \/>\nAm 2. Juli tritt das Hinweisgeberschutzgesetz in Kraft. Unternehmen ab 250 Besch\u00e4ftigten m\u00fcssen interne \u201eHinweisgebersysteme\u201d einrichten. Ende des Jahres folgen dann alle Unternehmen ab 50 \u201eMitarbeitenden\u201d. Anonyme Hinweise m\u00fcssen nicht, k\u00f6nnen aber, das hei\u00dft: werden bearbeitet. Ein solches offizielles Denunziationsinstrument gab es nicht einmal in der DDR und im Dritten Reich.<br \/>\n&#8230;<br \/>\n\u201eWas nicht auf den ersten Blick zu erkennen ist: Das komplette Einsch\u00fcchterungssystem beruht auf dem Gebrauch der deutschen Sprache und ist daher ausschlie\u00dflich gegen die gerichtet, \u201adie schon l\u00e4nger hier leben\u2019. Was auf arabisch und\/oder t\u00fcrkisch ge\u00e4u\u00dfert wird, bleibt jenseits dieses \u00dcberwachungssystems. Ob das von den Machern und deren Hinterleuten so beabsichtigt ist oder wenigstens erkannt wird, kann ich nicht beurteilen. Auf jeden Fall bedeutet das einen weiteren Schritt zur Festigung der gesellschaftlichen Fragmentierung und zur St\u00e4rkung der migrantischen Strukturen.\u201d (Leser ***)<br \/>\n&#8230; Alles vom 26.6.2023 von Michael Klonovsky bitte lesen auf<br \/>\n<a href=\"https:\/\/www.klonovsky.de\/2023\/06\/26-juni-2023\/\">https:\/\/www.klonovsky.de\/2023\/06\/26-juni-2023\/<\/a><\/p>\n<p>&nbsp;<\/p>\n<p><strong>Demokratie braucht keine Denunzianten \u2013 und keine \u00abAntifeminismus\u00bb-Meldestelle<\/strong><br \/>\nDas gr\u00fcne Familienministerium unterst\u00fctzt mit Steuergeldern eine Website der Amadeu-Antonio-Stiftung, bei der \u00abantifeministisches\u00bb Verhalten gemeldet werden soll. So wird es kinderleicht, Eltern und konservative Politiker anzuschw\u00e4rzen.<br \/>\nWeniger als f\u00fcnf Minuten dauert es, eine unliebsame Person, die den Studiengang Gender-Studies als \u00abGeldverschwendung\u00bb bezeichnet, bei einer staatlich gef\u00f6rderten Stiftung zu melden. Die Best\u00e4tigung der Meldung folgt sogleich per Mail mit bestem Dank vom \u00abAntifeminismus-Monitoring-Team\u00bb der Amadeu-Antonio-Stiftung. Vergleiche zum Stasi-\u00dcberwachungsapparat der DDR w\u00e4ren historisch schief, trotzdem ist es nicht frei von Ironie, dass die Gr\u00fcnderin der Stiftung und ehemalige Vorsitzende, Anetta Kahane, von 1974 bis 1982 inoffizielle Mitarbeiterin der Staatssicherheit war.<br \/>\nDie Meldestelle Antifeminismus ist das erste bundesweite Portal, wo \u00absexistisch, frauen- und queerfeindlich motivierte\u00bb Worte, Taten, Organisationen und Menschen anonym gemeldet werden k\u00f6nnen. Das gr\u00fcne Familienministerium unter Leitung von Lisa Paus f\u00f6rdert diesen feministischen Schutzwall mit 133 000 Euro. Im Jahr 2020 betrug das Budget der Amadeu-Antonio-Stiftung 5,8 Millionen Euro. Ein Teil des Geldes kommt vom Staat und damit von den B\u00fcrgern, die im Fall der neuen Meldestelle durch Steuergelder ihre eigene Diskreditierung finanzieren.<br \/>\n&#8230; Alles vom 12.2.2023 bitte lesen auf<br \/>\n<a href=\"https:\/\/www.nzz.ch\/meinung\/der-andere-blick\/antifeminismus-meldestelle-ein-problem-fuer-die-demokratie-ld.1726891?reduced=true\">https:\/\/www.nzz.ch\/meinung\/der-andere-blick\/antifeminismus-meldestelle-ein-problem-fuer-die-demokratie-ld.1726891?reduced=true<\/a><\/p>\n<p><a href=\"https:\/\/www.amadeu-antonio-stiftung.de\/projekte\/meldestelle-antifeminismus\/\">https:\/\/www.amadeu-antonio-stiftung.de\/projekte\/meldestelle-antifeminismus\/<\/a><br \/>\n<a href=\"https:\/\/www.antifeminismus-melden.de\">https:\/\/www.antifeminismus-melden.de<\/a><br \/>\n.<br \/>\n<strong>\u201eMeldestelle Antifeminismus\u201c \u2013 Lisa Paus und ihr Petz-Portal<\/strong><br \/>\nAversion gegen Gender-Gaga? Fall f\u00fcr die Meldestelle. Kritik an der aggressiven Transgender-Lobby und deren Finanzierung? Fall f\u00fcr die Meldestelle. Zweifel an \u201eAufkl\u00e4rungsunterricht\u201c f\u00fcr Elfj\u00e4hrige \u00fcber Hormongaben und operative Geschlechtsumwandlungen? Fall f\u00fcr die Meldestelle. Teilnahme an einer \u201eDemo f\u00fcr alle\u201c zur Verteidigung eines traditionellen Ehe- und Familienbildes? Fall f\u00fcr die Meldestelle.<br \/>\n&#8230; Alles vom 19.2.2023 bitte lesen auf<br \/>\n<a href=\"https:\/\/www.cicero.de\/innenpolitik\/meldestelle-antifeminismus-lisa-paus-und-ihr-petz-portal\">https:\/\/www.cicero.de\/innenpolitik\/meldestelle-antifeminismus-lisa-paus-und-ihr-petz-portal<\/a><\/p>\n<p>&nbsp;<\/p>\n<p><strong>Meldestellen f\u00fcr Rassismus, &#8230; und Radfahrer-Feindlichkeit<\/strong><br \/>\n\u201eWir wollen neben der Meldestelle Antisemitismus, die in diesem Jahr ihre Arbeit aufnimmt, neue Meldestellen f\u00fcr anti-muslimischen Rassismus, f\u00fcr Antiziganismus, anti-schwarzen und anti-asiatischen Rassismus sowie f\u00fcr Queer-Feindlichkeit aufbauen&#8220;, sagte NRW-Staatssekret\u00e4rin Gonca T\u00fcrkeli-Dehnert (CDU) der \u201eWestdeutschen Allgemeinen Zeitung&#8220;.<br \/>\n<a href=\"https:\/\/www.stern.de\/gesellschaft\/regional\/nrw-will-islamfeindliche-straftaten-besser-erfassen-31489046.html\">https:\/\/www.stern.de\/gesellschaft\/regional\/nrw-will-islamfeindliche-straftaten-besser-erfassen-31489046.html<\/a><br \/>\n\u2013 Sehr gut, aber nicht genug! Noch mehr \u201eMeldestellen&#8220; m\u00fcssen eingerichtet werden. F\u00fcr antiadip\u00f6sen Rassismus, f\u00fcr Radfahrer-Feindlichkeit, gegen die Benachteiligung von Menschen ohne Migrationshintergrund, gegen die Schikanen, denen Veganer und Vegetarier ausgesetzt sind, zum Schutz von Personen mit Laktose-Intoleranz und Gluten-Allergie.<br \/>\n&#8230; Alles von Henryk M.Broder vom 12.1.2022 bitte lesen auf <a href=\"https:\/\/www.achgut.com\">https:\/\/www.achgut.com<\/a><\/p>\n<p>&nbsp;<\/p>\n<p><strong>Berliner Senat: Mit dem ausgestreckten Mittelfinger f\u00fcr alle ohne Maske<\/strong><br \/>\nEinige Tage bel\u00e4stigte eine Werbekampagne der Berliner Senatsverwaltung f\u00fcr Wirtschaft und der Tourismusmarketinggesellschaft Visit Berlin die Einwohner und seine G\u00e4ste in der Hauptstadt. Eine \u00e4ltere Dame zeigt in Zeitungs- und ausgeh\u00e4ngten Plakatkampagnen mit der Anmerkung \u201eDer erhobene Zeigefinger f\u00fcr alle ohne Maske. Wir halten die <a title=\"Corona-Angst\" href=\"https:\/\/www.freiburg-schwarzwald.de\/blog\/business\/gesund\/corona-virus\/corona-angst\/\">Corona-Regeln<\/a> ein.\u201c ihren Mittelstinkefinger. Sogar das Ausland berichtet von diesem geistigen Erguss kreativer Verirrung.<br \/>\n&#8222;I am pretty confident in my education and experience as a physician working in vaccine safety that this is not a good example of effective public health communication.&#8220;<br \/>\n.<br \/>\n<a href=\"https:\/\/www.freiburg-schwarzwald.de\/blog\/engagement\/zukunft\/demokratie\/denunziation\/corona-mittelfinger-berlin\/\" rel=\"attachment wp-att-83790\"><img loading=\"lazy\" decoding=\"async\" class=\"alignnone size-thumbnail wp-image-83790\" src=\"https:\/\/www.freiburg-schwarzwald.de\/blog\/wp-content\/uploads\/2018\/12\/corona-mittelfinger-berlin-180x94.jpg\" alt=\"corona-mittelfinger-berlin\" width=\"180\" height=\"94\" srcset=\"https:\/\/www.freiburg-schwarzwald.de\/blog\/wp-content\/uploads\/2018\/12\/corona-mittelfinger-berlin-180x94.jpg 180w, https:\/\/www.freiburg-schwarzwald.de\/blog\/wp-content\/uploads\/2018\/12\/corona-mittelfinger-berlin-640x336.jpg 640w, https:\/\/www.freiburg-schwarzwald.de\/blog\/wp-content\/uploads\/2018\/12\/corona-mittelfinger-berlin.jpg 680w\" sizes=\"auto, (max-width: 180px) 100vw, 180px\" \/><\/a><br \/>\n.<br \/>\n&#8222;Berlin has eschewed polite public messaging on the coronavirus in favour of a more direct reminder of the rules by flipping the bird to people who won\u2019t wear a mask. An ad placed in local papers by the German capital\u2019s senate as part of a public information campaign shows an elderly woman presenting her outstretched middle finger to the camera, next to the words: \u201cA finger-wag for all those without a mask: we stick to corona rules.\u201d<br \/>\nIn a city that prides itself on its Berliner Schnauze \u2013 the coarse-but-hearty \u201cBerlin gob\u201d \u2013 public service messaging could not afford to moralise from on high, said a spokesperson for Visit Berlin, the tourism agency that developed the campaign.&#8220;<\/p>\n<p>Eine bemerkenswerte Fehlleistung erster Klasse, die vor allem die <em><strong>Verrohung der Gesellschaft<\/strong><\/em> aufzeigt, die in die Chefetagen der Verwaltungen, Beh\u00f6rden und der Politik l\u00e4ngst eingezogen ist. \u00c4hnlich anderer Beleidigungskampagnen, denken wir nur an die umweltsauende Oma des WDR, schie\u00dfw\u00fctiger Primitivpolizisten oder Menschen, die man besser auf der M\u00fcllhalde entsorgen sollte, scheint in diesem Land ein geistiger P\u00f6bel immer mehr die Oberhand zu gewinnen. Andersdenkende kann man gleich als Rassisten, Nazis oder Verschw\u00f6rungstheoretiker mit der Moralkeule verbal erschlagen. Das hat den Vorteil, dass man sich nicht mehr sachlich mit Kritik auseinanderzusetzen muss. Warum noch diskutieren? Passt schon, das mit dem Mittelfinger.<br \/>\nBesonders pikant wird es, wenn Politiker, die sich gern und laut \u00fcber den Verfall der guten Sitten beklagen, davon sprechen, dass andere Personen \u201ePack\u201c, \u201eMischpoke\u201c, \u201eRattenf\u00e4nger\u201c, oder \u201ekleine Halbneger\u201c w\u00e4ren. Auch untereinander beleidigen sich Politiker im Bundestag besonders gern. Die Liste<br \/>\n<a href=\"https:\/\/www.vice.com\/de\/article\/59n9n8\/von-arschloch-bis-hurensohn-die-haufigsten-beleidigungen-im-bundestag\">https:\/\/www.vice.com\/de\/article\/59n9n8\/von-arschloch-bis-hurensohn-die-haufigsten-beleidigungen-im-bundestag<\/a><br \/>\nist lang, &#8230; Alles vom 16.10.2020 bitte lesen auf<br \/>\n<a href=\"https:\/\/www.tichyseinblick.de\/meinungen\/berliner-senat-mit-dem-ausgestreckten-mittelfinger-fuer-alle-ohne-maske\/\">https:\/\/www.tichyseinblick.de\/meinungen\/berliner-senat-mit-dem-ausgestreckten-mittelfinger-fuer-alle-ohne-maske\/<br \/>\n<\/a>\u00a0.<br \/>\nKommentare:<br \/>\n<strong>Plakataktion in bester Tradition einer dunklen Vergangenheit<\/strong><br \/>\nDoch das Plakat richtet sich sicher nicht gegen die Bewohner in Neuk\u00f6lln, wo das Problem am gr\u00f6\u00dften ist und die Stadt am meisten wegschaut?<br \/>\n16.10.2020, E.F.TO<\/p>\n<p><strong>Nun sind wir mal nicht so empfindlich!<\/strong><br \/>\nWir leben doch in der \u201eDiktatur des Proletariats\u201c. Und da darf\u2019s eben eine bisschen deftiger werden, wenn es um\u2019s \u201eGute\u201c geht und von den \u201eGuten\u201c kommt. Und deftiger meint bei den (Funktion\u00e4rs-) Proleten immer Ausgrenzung Andersdenkender und -meinender im Wege von stigmatisierender, diffamierender und belehrender \u201eSatire\u201c, die objektiv gesehen regelm\u00e4\u00dfig strafrechtsrelevanten Charakter hat.<br \/>\n16.10.2020, St.B.<br \/>\n.<br \/>\n<strong>Nazi-Methoden?<\/strong><br \/>\nInteressant, dass sich heutzutage Methoden bedient werden, die sonst den Nationalsozialisten vorbehalten war. Permanente Entmenschlichung, sich \u00fcber sie lustig machen, sie als dumm zu bezeichnen senkt die Hemmschwelle gegen\u00fcber Beleidigung und Gewalt jeder Art<br \/>\n16.10.2020, Pol<br \/>\nEnde Kommentare<\/p>\n<p>&nbsp;<\/p>\n<p><strong>Wie der \u00f6ffentlichrechtliche Rundfunk einen Bundeswehrsoldaten in die rechtsradikale Ecke stellte<\/strong><br \/>\n<strong>Ein paar falsche Likes, und raus bist du?<\/strong><br \/>\nOberstleutnant B. war beim deutschen Milit\u00e4r f\u00fcr die sozialen Netzwerke zust\u00e4ndig und steht nun wegen seines Verhaltens bei Instagram in der Kritik. Ein Beitrag der ARD insinuiert, er habe politisch fragw\u00fcrdige Verbindungen. Die Vorw\u00fcrfe sind jedoch schwach begr\u00fcndet. &#8230;<br \/>\nK\u00f6nnen ein paar Klicks eine Karriere zerst\u00f6ren? Diese Frage stellt sich im Fall des Bundeswehrsoldaten und Buchautors Marcel B. Der Offizier arbeitet im Presse- und Informationsstab des Verteidigungsministeriums und war massgeblich an Kampagnen der Bundeswehr in den sozialen Netzwerken beteiligt. In einem Beitrag des ARD-Magazins \u00abPanorama\u00bb heisst es nun, er habe auf Instagram mit einem Rechtsradikalen sympathisiert und sei mit dem Mann vernetzt gewesen.<br \/>\n&#8230; Alles vom 24.7.2020 bitte lesen auf<br \/>\n<a href=\"https:\/\/www.nzz.ch\/international\/wie-ein-bundeswehrsoldat-in-die-rechte-ecke-gestellt-wird-ld.1568048?mktcid=nled&amp;mktcval=164_2020-07-25&amp;kid=_2020-7-24&amp;ga=1\">https:\/\/www.nzz.ch\/international\/wie-ein-bundeswehrsoldat-in-die-rechte-ecke-gestellt-wird-ld.1568048<\/a><\/p>\n<p>&nbsp;<\/p>\n<p>.<\/p>\n<p><strong>Wem geh\u00f6rt die Stadt? BR und Correctiv fragen Mieter<\/strong><br \/>\n<em>Wem geh\u00f6rt die Stadt? So lautet der Slogan einer gro\u00df angelegten Recherche, die momentan in M\u00fcnchen, Augsburg und W\u00fcrzburg l\u00e4uft. Und wer w\u00fcsste das nicht gern. Einfach so oder weil man gern wissen m\u00f6chte, an wen man sich mit einem <a title=\"Miete\" href=\"https:\/\/www.freiburg-schwarzwald.de\/blog\/business\/dienste\/immobilien\/miete\/\">Mietgesuch<\/a> oder Kaufangebot wenden soll.<\/em><br \/>\n\u201eZusammen mit B\u00fcrgerinnen und B\u00fcrgern m\u00f6chten BR und <a title=\"Global Compact on Refugees\" href=\"https:\/\/www.freiburg-schwarzwald.de\/blog\/global-compact-on-refugees\/\">Correctiv<\/a> den Wohnungsmarkt transparenter machen\u201c hei\u00dft es auf der Website der Aktion. Der Bayerische Rundfunk und das sogenannte \u201eRecherchezentrum\u201c Correctiv, die sich f\u00fcr diese Aktion zusammen getan haben, fragen weiter:<br \/>\n\u201eWem geh\u00f6ren die Wohnungen in Augsburg, M\u00fcnchen und W\u00fcrzburg? Wo flie\u00dft die<a title=\"Mieten\" href=\"https:\/\/www.freiburg-schwarzwald.de\/blog\/business\/dienste\/mieten\/\"> Miete<\/a> hin und wer profitiert von den steigenden Preisen? Zusammen mit B\u00fcrgerinnen und B\u00fcrgern m\u00f6chten BR und Correctiv den Wohnungsmarkt transparenter machen. Lassen Sie uns gemeinsam herausfinden: Wem geh\u00f6rt die Stadt?\u201c<br \/>\n.<br \/>\nDie Formulierung \u201ewo flie\u00dft die <a title=\"Zweite-Miete\" href=\"https:\/\/www.freiburg-schwarzwald.de\/blog\/business\/dienste\/immobilien\/zweite-miete\/\">Miete<\/a> hin\u201c winkt mit einem Generalablass f\u00fcr die Politik und schiebt die Verantwortung f\u00fcr die steigenden Mieten gleich zu Beginn dezent in Richtung der Investoren, die \u201eprofitieren\u201c, also irgendwie Profit machen, womit Gut und B\u00f6se in dieser Sache bereits unauff\u00e4llig zugeordnet sind. Die Rolle des Staates als Mietentreiber wird gar nicht erst erw\u00e4hnt, obwohl doch, um gleich eingangs ein Beispiel zu nennen, die M\u00fcnchner Finanz\u00e4mter gerade dadurch von sich reden gemacht haben, dass Sie Hauseigent\u00fcmern, die ihre Wohnungen nach Ansicht der Finanzbeamten zu billig vermieteten, die Steuererkl\u00e4rungen zusammengestrichen haben.<br \/>\n.<br \/>\nWas bezweckt der BR, also der \u00f6ffentlich-rechtliche Rundfunk dieses Landes, mit dieser seltsam selektiven Neugier? Und warum ist er f\u00fcr eine Recherche, also eigentlich dem Kerngesch\u00e4ft journalistischer Profis, auf Correktiv angewiesen? Welches Geb\u00fchrengeld flie\u00dft denn in diesem Zusammenhang wohin? Wer profitiert davon?<br \/>\nIm Rundfunkstaatsvertrag hei\u00dft es unter \u201eAuftrag\u201c jedenfalls: \u201eDie \u00f6ffentlich-rechtlichen Rundfunkanstalten haben bei der Erf\u00fcllung ihres Auftrags die Grunds\u00e4tze der Objektivit\u00e4t und Unparteilichkeit der Berichterstattung, die Meinungsvielfalt sowie die Ausgewogenheit ihrer Angebote zu ber\u00fccksichtigen\u201c. Und steht dar\u00fcber hinaus irgendwo im Rundfunkstaatsvertrag, dass es die Aufgabe des BR oder der ARD ist, unter dem Vorwand journalistischer B\u00fcrger-Recherche die Einwohner seines informationellen Grundversorgungsgebiets zur Aufgabe elementarer Datenschutzstandards zu bewegen?<br \/>\n&#8230;.<br \/>\nDer pauschale Verdacht, da stimme was nicht: In den Niederlanden kostet der Bau einer Wohnung etwa ein Drittel weniger als im BER-Land Deutschland. Au\u00dferdem zeugt es von beispielloser Realit\u00e4tsverweigerung, den Mangel an g\u00fcnstigem Wohnraum nicht mit der vor f\u00fcnf Jahren in Gang gesetzten <a title=\"Migration-Wohnen\" href=\"https:\/\/www.freiburg-schwarzwald.de\/blog\/global\/migration\/migration-wohnen\/\">Armutszuwanderung<\/a> in Verbindung bringen zu wollen, die die Situation zumindest versch\u00e4rft. Gerade in gr\u00f6\u00dferen St\u00e4dten wie M\u00fcnchen, Augsburg, W\u00fcrzburg oder Hamburg.<br \/>\nDie Wortwahl der Correctiv-Aktivisten, die absch\u00e4tzige Betrachtung von \u201eRendite\u201c oder Formulierungen wie \u201ewo das Geld hinflie\u00dft\u201c, als handele es sich um eine illegale Kloake, der pauschale Verdacht, da stimme was nicht, all das weist in die Richtung, in welche beispielsweise Berlin seit einiger Zeit geht. Der \u201egesellschaftliche Trend\u201c geht in Richtung Wohnungs-Allmende, und der Staat hat endlich ein weiteres Bet\u00e4tigungsfeld, auf dem er als F\u00fcrsorger mit angema\u00dftem Wissen f\u00fcr alle sorgen, es allen recht machen will.<br \/>\n&#8230; Alles vom 31.1.2020 von Roger Letsch bitte lesen auf <a href=\"https:\/\/www.achgut.com\/artikel\/wem_gehoert_die_stadt_und_wem_gehoert_der_bayrische_rundfunk\">https:\/\/www.achgut.com\/artikel\/wem_gehoert_die_stadt_und_wem_gehoert_der_bayrische_rundfunk<\/a><br \/>\n.<br \/>\nKommentare:<br \/>\n<strong>Das Denunziantentum funktioniert auch auf anderer Ebene.<\/strong><br \/>\nBei SWR 1 war vor Tagen zu h\u00f6ren, da\u00df die Stadt Worms eine Internetseie freigeschaltet hat, auf der der \u201cM\u00fcndige B\u00fcrger\u201d -unter Mitteilung seines Namens als Zeuge- die selbst aufgenommenen Handy-Fotos von Parks\u00fcndern im \u00f6ffentlichen Raum einstellen k\u00f6nne. Man w\u00fcrde dann den Sachverhalt pr\u00fcfen u. ggf. Bu\u00dfgelder verteilen. Da wird doch das Wesen des verhinderten M\u00f6chtegern-Schutzmannes aufs Beste befriedigt. Irgendwie scheint mir, wird damit ein Bio-Deutsches Gen aktiviert, denn ich habe bisher nichts davon geh\u00f6rt, da\u00df bei anderen Nationen derartige Charaktere um Befriedigung ihrer Neigungen betteln.<br \/>\n31.1.2020, W.R.<br \/>\n.<br \/>\n<strong>Die Netto-Zuwanderung von 3 Millionen in den letzten 5 Jahren<\/strong><br \/>\nbei den Gr\u00fcnden f\u00fcr die Wohnungsknappheit auszulassen, ist genau so peinlich, wie die Aktion des BR.<br \/>\n31.1.2020, G.P.<br \/>\n.<br \/>\n<strong>Grundeigentum der Gemeinden der Evangelischen Kirche Deutschlands (EKD):<\/strong><br \/>\nAuf einer der maximal schwierig auffindbaren Webseiten steht die Angabe der Grundfl\u00e4che, die den Gemeinden der EKD geh\u00f6rt: 325.000 Hektar. Das sind 3,25 Milliarden Quadratmeter = 3.250 Quadratkilometer, entsprechend 3,6 mal Grundfl\u00e4che der gr\u00f6\u00dften Stadt Deutschlands: Berlin. Oder: 0,9% Grundfl\u00e4che der Bundesrepublik Deutschland. Umgerechnet geh\u00f6rt jeder 110. Quadratmeter der Bundesrepublik den Gemeinden der EKD. Arm wie Kirchenm\u00e4use?<br \/>\n31.1.2020, R.K.<br \/>\n.<br \/>\n<strong>Wenn ein Vermieter seine pers\u00f6nlichen Daten (Namen, Adresse, Finanzeinnahmen) \u00f6ffentlich gemacht findet,<\/strong> kann er die Verursacher a. auf Unterlassung und b. auf Schadenersatz verklagen. Ein Schaden entsteht zB dann, wenn jemand an die Hauswand spr\u00fcht und zB \u201cMiethai\u201d schreibt. Dann k\u00f6nnte man den BR verklagen.<br \/>\n31.1.2020,R.M.<br \/>\n.<br \/>\n<strong>Den Mietvertrag weitergeben, ist rechtens<\/strong><br \/>\n&#8211; wenn die pers\u00f6nlichen Daten des Vermieters unkenntlich gemacht werden. Die Personendaten des Vermieters herauszugeben, ist strafbar. Jeder Vermieter, dem dadurch ein Schaden entsteht (den er nachweisen muss), kann den Mieter zivilrechtlich und n\u00f6tigenfalls strafrechtlich belangen. Egal, was die Hanswurste von Correctiv da so vollmundig t\u00f6nen.<br \/>\n31.1.2020, W.K.<br \/>\n.<br \/>\n<strong>Wohin es f\u00fchrt, wenn sich der Staat um Wohnungen und Miete k\u00fcmmert,<\/strong><br \/>\nkonnte man bis vor 30 Jahren in der DDR besichtigen. Wenn Sozialismusjunkies von Correctiv und BR wieder dahin zur\u00fcck wollen, viel Spa\u00df. Der Mangel an Wohnungen war \u00fcbrigens ein Grundproblem der DDR, das man bis zu ihrem seligen Ende nicht in den Griff bekam. Aber nur vorw\u00e4rts Genossen von Correctiv und BR. Vielleicht gibt es in Deutschland genug Deppen, die Euch folgen.<br \/>\n31.1.2020, F.M.<br \/>\n.<br \/>\n<strong>Warum sollte es die uns\u00e4gliche Schn\u00fcffelei denn bei ihrer Gesinnungsvariante belassen?<\/strong><br \/>\nDas Eindringen in die Privatsph\u00e4re des B\u00fcrgers f\u00e4ngt im \u00dcbrigen gerade erst an. Zuk\u00fcnftig wird man diesbez\u00fcglich wohl noch etliches mehr erwarten d\u00fcrfen. Stichwort Klima. Neu in diesem Falle ist allerdings, dass nun schon Rundfunkanstalten wie der BR mitmischen, der sich zudem eines &#8211; sagen wir mal &#8211; nicht unumstrittenen \u201cZulieferers\u201d bedient. Erstaunlich, was die \u00d6R mit den stattlichen Zwangsgeb\u00fchren der B\u00fcrger alles zu finanzieren gedenken. Ein einziger Blick nur nach Westen und man wird staunen, dass man sich hierzulande selbst v\u00f6llig Unerw\u00fcnschtes verbl\u00fcffend arg-, klag- und widerstandslos gefallen l\u00e4sst. Von unseren ebenso sympathischen wie streitbaren Nachbarn, den Franzosen, k\u00f6nnten wir in mancher Hinsicht jedenfalls so einiges lernen.<br \/>\n31.1.2020, S.B.<br \/>\n.<br \/>\n<strong>Ich vermute mal, selbst der gr\u00f6\u00dfte Trottel kapiert:<br \/>\n<\/strong> Wenn ich durch Massenzuwanderung die Nachfrage in die H\u00f6he treibe, steigt der Preis f\u00fcr die Mieten. Und damit sich die Wut der B\u00fcrger \u00fcber die steigenden Mieten in die richtige Richtung leiten l\u00e4sst, gibt es eben solche Berichte.<br \/>\n31.1.2020, M.L.<\/p>\n<p><strong>In W\u00fcrzburg plakatiert die SPD zur Kommunalwahl derzeit ja auch \u201cW\u00fcrzburg nazifrei\u201d<\/strong>.<br \/>\nPassend zum Schn\u00fcffeln des BR. Wir sind halt mal wieder im Sozialismus gelandet. Da aber jeder Nazi ist, der nicht links ist, frage ich mich: Wohin kommen dann all die W\u00fcrzburger \u201cNazis\u201d, wenn man die Stadt nazifrei machen will? Gibt es Lager in einer alten Kaserne? Gef\u00e4ngnis? Deportation? \u00d6ffentliche zur Schau Stellung oder gar Hinrichtung?<br \/>\n31.1.2020, J.SCH.<br \/>\n.<br \/>\n<strong>K\u00f6nnte eine Aktion vom Staatssicherheitsdienst sein,<\/strong><br \/>\nheute unter dem Namen Correctiv bekannt, besser Stasi-ctiv, in Zusammenarbeit mit dem gleichgeschalteten Medienapparat. Was ist das Ziel? Vermute eine Art Bewu\u00dftseinserweiterung im Sinne linker Umverteilung. Der Vermieter soll d e n u z i a t o r i s c h , \u00fcber die Autorit\u00e4t und Wirkung der Medien, an die \u00d6ffentlichkeit gezerrt werden. Es geht weiter, lieber Leser, linke \u00dcberwachung und Kontrolle greift Raum, &#8211; Wohnraum. Man beabsichtigt eine Spaltung zwischen Eigent\u00fcmern, also Kapitalisten mit (Gro\u00df)-Grundbesitz, die damit EINK\u00dcNFTE erwirtschaften, (Gier, Sabber) und armen Mietern, die wom\u00f6glich a u s g e b e u t e t werden. Nebenbei wird noch potentieller bewohnbarer Raum f\u00fcr eine, unter links-gr\u00fcn st\u00e4ndig weiter betriebene, Migrantenflut eruiert. Wunderbar. Wir haben eine win-win-Situation. Am besten startet man in den GR\u00dcNEN bayrischen Hochburgen, den Zentren der meisten Migranten, Antifanten und Linksverpeilten, weil man dort die gr\u00f6\u00dfte Akzeptanz erwartet und auf Grund der Menschendichte begleitende propagandistische Ma\u00dfnahmen die gr\u00f6\u00dfte Wirkung erzielen. Neid erzeugen, Zwietracht s\u00e4en, selbst nur aufwiegeln und auf das erarbeitete Geld der anderen schielen, ohne selbst wertsch\u00f6pfende Arbeit zu verrichten. Das ist linke Politik.<br \/>\n31.1.2020, S.SCH<br \/>\n.<br \/>\n<strong>Wenn es um den Kampf f\u00fcr Gleichheit geht, spielt also der Datenschutz pl\u00f6tzlich keine Rolle mehr<\/strong>.<br \/>\nWenn es gegen b\u00f6se Ausbeuter geht, darf jeder schn\u00fcffeln und sich f\u00fcr die Schn\u00fcffelei vom B\u00fcrger bezahlen lassen. In wessen Namen ma\u00dfen sich die \u201eRotfront-K\u00e4mpfer\u201c ihre Unternehmungen an? Im Namen des B\u00fcrgers? Soll Eigentum gebrandmarkt werden? Soll der Vermieter genauso gebrandmarkt werden, wie man dieses bei Bankern, Reichen, Nationalisten, Konservativen, Kapitalisten, Andersdenkenden bereits nahezu geschafft hat. Sehen wir demn\u00e4chst im Tatort den b\u00f6sen Vermieter? Den geldgeilen Abzocker? Und daneben die ausgebeutete \u201earme Sau\u201c? Die Sozialisten bekommen Oberwasser, selbst in Bayern. Das ist erschreckend.<br \/>\n31.1.2020, W.A.<br \/>\n.<br \/>\n<strong>Dass \u201eCorrectiv\u201c ein \u201eunabh\u00e4ngiger, mutiger Journalismus\u201c sei,<\/strong><br \/>\nist in sofern ein Oxymoron, wie deren andauernde Zusammenarbeit mit den \u00d6ffentlichen-Rechtlichen nicht weniger ist, als eine staatliche Journalisten-Subvention durch die Hintert\u00fcr. Die Hamburger Aktion erinnerte an dunklere Zeiten unserer Geschichte, da ganz unverhohlen selbsternannte Gute und Gerechte ihre Mitmenschen dazu aufriefen, andere zu denunzieren, mitsamt pers\u00f6nlichster Details. Es war das Sammeln eines Waffenschranks. Ich war erfreut \u00fcber die nur 1.000 Denunziationen, f\u00fcr meine sonst so triefend rote Heimatstadt. Typisch f\u00fcr den Meinungsjournalismus: Da es nur die eine richtige (und einzige wichtige) Meinung gibt, muss man halt noch lauter schreien. Und da f\u00e4hrt man besser, statt bei einem darbenden Lokalblatt (Abendblatt) sich bei verbeamteten Glaubensbr\u00fcdern (BR) einzuhaken. Zur Thematik: W\u00e4ren Correctiv echte Journalisten, w\u00fcrden sie nicht ihre Zeit verschwenden f\u00fcr das Aufbauen von Denunziationsplattformen oder Zwien von Klassenhass sondern mal die wissenschaftliche Faktenlage studieren. Japan und anscheinend auch Holland (dort ist die Reform nicht so lange her wie in Japan) haben die Immobilienpreis-Expolosion gel\u00f6st. Mietpreise machen einen immer geringeren Anteil am Brutto aus. Das Verbindende beider L\u00e4nder in ihrer Baupolitik ist a) eine Wiederherstellung von Eigentumsrechten (in sofern dass es rechtlich sehr schwer wird, sich in dieses einzumischen) und b) eine Verlagerung jeglicher Einmischungskompetenz auf h\u00f6chst m\u00f6gliche Verwaltungsebene, also in der Hauptstadt. Absoluter Kontrast dazu in Deutschland, wo durch ein hinderliches BauGB s\u00e4mtliche kommunalen Bau\u00e4mter eigene Regeln aufstellen k\u00f6nnen und sich gerieren, wie absolutistische Herrscher. Aber da w\u00e4ren wir wieder bei der Haltung: Wundert es wen, dass Meinungsjournalisten nicht so \u201einvestigativ\u201e werden, wenn es um ihre Glaubensbr\u00fcder in der Verwaltung geht?<br \/>\n31.1.2020, A.S.<br \/>\n.<br \/>\n<strong>Entscheidend bei solchen Aktionen ist nicht das Ergebnis sondern, die Suggestivwirkung,<\/strong><br \/>\ndie sich aus der Bezeichnung, Beschreibung und Intention der Aktion ergibt. Es gilt, ein alternatives Narrativ zu schaffen zu den unverkennbaren Tatsachen. Das lenkt wirkungsvoll ab von den Hauptursachen Massenmigration und Zinspolitik. Wir hatten bis 2015 gen\u00fcgend bezahlbaren Wohnraum, zumindest auf dem Land. Damals suchte ich gerade nach einer Wohnung und kann mit Sicherheit sagen, dass kurze Zeit nach der Entscheidung unserer Kanzlerin, unkontrollierte Masseneinwanderung zuzulassen und beizubehalten die Wohnungsangebote schlagartig gegen Null gingen (es traute sich keiner mehr, zu inserieren, um den ger\u00fcchteweise drohenden Zwangseinquartierungen zu entgehen) und gebrauchte Immobilien ruckzuck von Investoren weggekauft wurden, die daraus lukrative Fl\u00fcchtlingsunterk\u00fcnfte machten. Inzwischen gibt es wieder Wohnungen, aber zu stark erh\u00f6hten Preisen.<br \/>\n31.1.2020, G.K.<\/p>\n<p>.<br \/>\n.<\/p>\n<p><strong>Antifa denunziert &#8222;Junges Freiburg&#8220;-Vorsitzende Kathrin Vogel<\/strong><br \/>\nPolitische Wachsamkeit ist wichtig. Wie es aussieht, wenn dabei s\u00e4mtliche Grenzen \u00fcberschritten werden, ist derzeit nach einer anonymen Aussendung der \u201eAutonomen Antifa\u201c zu beobachten, die die Vorsitzende von \u201eJunges Freiburg\u201c, Kathrin Vogel, diskreditiert hat. Anlass waren nicht etwa rechtsradikale \u00c4u\u00dferungen der 24-J\u00e4hrigen, sondern ein vier Jahre alter, unpolitischer \u201eFacebook\u201c-Post gegen\u00fcber einem sich in fragw\u00fcrdigem Umfeld befindenden Bekannten aus Jugendtagen, sowie Vogels Mitgliedschaft in einer studentischen Verbindung. Flugs distanzierten sich Mitglieder der Fraktionsgemeinschaft von \u201eJunges Freiburg \/ Die Partei \/ Gr\u00fcne Alternative\u201c von ihr, Vogel trat zur\u00fcck. Wenn anonyme, unbewiesene Beschuldigungen reichen, um R\u00fccktritte zu erzwingen, dann hat die politische Kultur einen bedenklichen Tiefpunkt erreicht.<br \/>\nStefan Ummenhofer, 31.1.2019, www.stadtkurier<br \/>\n.<br \/>\n<strong>Junges-Freiburg-Vorsitzende Kathrin Vogel tritt zur\u00fcck<\/strong><br \/>\nNach einer anonymen Ver\u00f6ffentlichung der Autonomen Antifa Freiburg ist Kathrin Vogel als Vorsitzende von Junges Freiburg zur\u00fcckgetreten. Im Schreiben wurde sie in die N\u00e4he von Rechten ger\u00fcckt.<br \/>\n&#8230; Alles vom 28.1.2019 bitte lesen auf<br \/>\n<a href=\"https:\/\/www.badische-zeitung.de\/freiburg\/junges-freiburg-vorsitzende-kathrin-vogel-tritt-zurueck--165156314.html\">https:\/\/www.badische-zeitung.de\/freiburg\/junges-freiburg-vorsitzende-kathrin-vogel-tritt-zurueck&#8211;165156314.html<\/a><\/p>\n<p><strong>Fragezeichen<\/strong><br \/>\nSie war in einer Studentinnenverbindung, der von der AntiFa (!) anonym (!) Kontakte (?) zur AFD nachgesagt(!) werden und ger\u00e4t deswegen unter Nazi-Verdacht?<br \/>\n28.1.2019, J.B.<br \/>\n.<br \/>\nStellungnahme von Kathrin Vogel vom 281.2019<br \/>\n<a href=\"https:\/\/sbamueller.wordpress.com\/2019\/01\/30\/jetzt-spricht-kathrin-vogel\/?fbclid=IwAR2i4iX3q6V0UXwfj9KkCXp36-HT7xJBuF94bbi0nmlIyuOIoO19r9zdH9c\">https:\/\/sbamueller.wordpress.com\/2019\/01\/30\/jetzt-spricht-kathrin-vogel\/?fbclid=IwAR2i4iX3q6V0UXwfj9KkCXp36-HT7xJBuF94bbi0nmlIyuOIoO19r9zdH9c<\/a><\/p>\n<p><strong>Was ist das f\u00fcr ein Rechtsstaat?<\/strong><br \/>\nWas hier l\u00e4uft ist f\u00fcr mich eine Mischung aus pers\u00f6nlicher Hexenjagd und Schmierenkom\u00f6die. Es mag von mir aus ja Stimmen das Frau Vogel, sich mit welchen pers\u00f6nlichen Freizeitaktivit\u00e4ten und Bekanntschaften auch immer,f\u00fcr eine Kandidatur auf einem vorderen Listenplatz bei &#8222;Junges Freiburg&#8220; diskreditiert hat. Von mir aus kann eine Gruppe die zusammen Kommunalpolitik betreibt zur Erkenntnis gelangen. Wir nehmen jemand anderes f\u00fcr den aussichtsreichen Listenplatz auf der Kommunalwahlliste ,und schicken ihn dann hoffentlich nach den Wahlen im Mai 2019 in den Gemeinderat. So l\u00e4uft Politik. Das w\u00e4re ja noch in Ordnung und statthaft.<br \/>\n.<br \/>\nAber was die Autoren dieses Schreibens als &#8222;autonome Antifa &#8220; gemacht haben geht einfach viel viel zu weit. Die ge\u00e4usserte Kritik ist weder zielgerichtet noch sachlich. Sie dient aus meiner Sicht einzig und allein dazu einer jungen Frau deren pers\u00f6nlicher Lebenswandel einige Leute ganz offensichtlich nicht gut finden kaputt zu machen.Beim Lesen des Textes und ich habe ihn mehrfach gelesen ist mir nie klargeworden welche Art von Sauerei Frau Vogel als Person denn da nun genau begangen hat? Welche Fl\u00fcchtlingsunterkunft wurde durch sie angez\u00fcndet? Welcher ausl\u00e4ndische Mitb\u00fcrger von ihr halb totgepr\u00fcgelt? War sie gar Mitglied des NSU? In dieser Art liest sich der Text jedenfalls,man liest und liest und wartet auf die gro\u00dfe Sauerei. Gar nichts davon ist der Fall. Sie ist Mitglied in einer Art von Studentenverbindung und hat wom\u00f6glich einen Bekannten aus Jugendzeiten der politisch &#8222;rechte Ansichten&#8220; hat. Wenn das in einem demokratischen Rechtsstaat irgendwelche anonymen Menschen dazu berechtigen sollte intimste Daten eines anderen Menschen der ihnen nicht passt preiszugeben. Was ist dass dann f\u00fcr ein Rechtsstaat? Das sich nun diverse andere Akteure der Freiburger Kommunalpolitik flei\u00dfig von der mit Dreck beworfenen jungen Frau distanzieren wirft Fragen auf. Zum einen wie ein Stadtrat Sergio Schmidt der ebenfalls bei &#8222;Junges Freiburg&#8220; aktiv ist eine solch unm\u00f6gliche Person sogar \u00fcber einen l\u00e4ngeren Zeitraum als Vorsitzende seiner Gruppe geduldet hat? \u00c4hnlich agieren auch die anderen Fraktionsmitglieder der Franktion JPG. Haben alle Angst im Mai nicht wieder gew\u00e4hlt zu werden? Keiner den Mut einer jungen Frau mal \u00f6ffentlich zur Seite zu stehen die sich als Mensch doch nichts zuschulden kommen lassen hat. Auch wenn sie sich vielleicht f\u00fcr die Politik unm\u00f6glich gemacht haben sollte? Ich selbst bin \u00fcbrigens Mitglied der Partei die Linke und wie ich glaube ein gro\u00dfer Verfechter des Antifaschismus und einer Bewunderung jeglicher rechter Umtriebe in der Politik sehr unverd\u00e4chtig.<br \/>\n8..2019, J\u00fcrgen G., BZO<br \/>\nAntifa-Papier diskreditiert Vorsitzende von Junges Freiburg.<br \/>\n<a href=\"https:\/\/www.badische-zeitung.de\/freiburg\/antifa-papier-diskreditiert-vorsitzende-von-junges-freiburg--165082687.html\">https:\/\/www.badische-zeitung.de\/freiburg\/antifa-papier-diskreditiert-vorsitzende-von-junges-freiburg&#8211;165082687.html<\/a><br \/>\n.<br \/>\nDenunziantentum und Ketzerei 4.0 . V\u00f6llig ok und gutgehei\u00dfen vom Mainstream 2019. Die Antifa ist in der Mitte der Gesellschaft angekommen.<br \/>\n26.1.2019, M.Sch., BZO<\/p>\n<p><strong>Denunzierung<\/strong>, die Antifa setzt dieses Mittel ein, und begibt sich in die unterste Schublade. Ebenso ist die Antifa ja nicht einmal bereit, die, die solche Denunzierungen schreiben, zu benennen. Verstecken hinter der Anonymit\u00e4t, Antifa, der neue Blockwart f\u00fcr Freiburg ? Dieser Artikel besteht nur aus fadenscheinigen, und nicht belegten Behauptungen.<br \/>\nTh.S., BZO<\/p>\n<p>&nbsp;<\/p>\n<p>&nbsp;<\/p>\n<p><strong>Politisch Andersdenkende: In der Rolle des S\u00fcndenbocks<\/strong><br \/>\n<em>Diskurs: Politisch Andersdenkende werden als L\u00fcgner, Hetzer und Brandstifter markiert und angegriffen<\/em><br \/>\n.<br \/>\nDer lebensgef\u00e4hrliche Anschlag auf den Bremer AfD-Vorsitzenden und Bundestagsabgeordneten <a title=\"Bremen07-01-2019anschlag\" href=\"https:\/\/www.freiburg-schwarzwald.de\/blog\/engagement\/zukunft\/demokratie\/bremen07-01-2019anschlag\/\">Frank Magnitz (66)<\/a> fand in einem politischen und medialen Kontext statt. Die AfD ist durchweg einer Verdachts-, mindestens einer Negativberichterstattung ausgesetzt. Die Partei sei \u201ewiderw\u00e4rtig\u201c, \u201efremdenfeindlich\u201c, \u201emenschenverachtend\u201c, wurzele geistig im Nationalsozialismus und verbreite \u201eHa\u00df\u201c und \u201eHetze\u201c, so der g\u00e4ngige Tenor. Doppelte Standards sind das \u00dcbliche. Alexander Gaulands \u00c4u\u00dferung am Abend der Bundestagswahl, man werde die Kanzlerin \u201ejagen\u201c, wird der unmittelbare Wortsinn unterlegt. Die Ank\u00fcndigung der SPD-Vorsitzenden Andrea Nahles in Richtung Union: \u201eAb morgen kriegn sie in die Fresse!\u201c, wird dagegen metaphorisch aufgefa\u00dft. Die Ver\u00f6ffentlichung intimer Chats, ein W\u00e4scheklau am Badesee, die Aussp\u00e4hung der Privatsph\u00e4re, der Psycho- und Alltagsterror gegen AfD-Politiker gilt zwar nicht als fein, doch letztlich als angemessen. Unmenschen verdienen nun mal eine Sonderbehandlung, lautet die giftige Insinuation, die Tag f\u00fcr Tag ins Bewu\u00dftsein des Publikums getr\u00e4ufelt wird.<br \/>\n&#8230;.<br \/>\nMan m\u00f6chte den Professor am Ohr zupfen und ermahnen: \u201eHeinrich, lies den ganzen Satz!\u201c Gauland hatte gesagt: \u201eHitler und die Nazis sind nur ein Vogelschi\u00df in \u00fcber 1.000 Jahren erfolgreicher deutscher Geschichte.\u201c Das Wort bezog sich ausschlie\u00dflich auf die zw\u00f6lfj\u00e4hrige Zeitperiode, nicht auf den Holocaust. Doch Detering braucht die Unterstellungen und Verzerrungen, um das \u201ezur Fratze gewordene Zerrbild\u201c des \u201eromantischen Nationalismus\u201c im AfD-F\u00fchrungspersonal kenntlich zu machen und schlie\u00dflich zum finalen Schlag auszuholen: Gaulands Sprache sei \u201eblo\u00df der schlecht verkleidete Jargon von Gangstern\u201c. Der \u00f6ffentlich-rechtliche NDR machte daraus die Meldung: \u201eGermanist: AfD-Sprache \u2018Jargon von Verbrechern\u2019\u201c. Die Magnitz-Attent\u00e4ter d\u00fcrfen sich mit dem Germanistik-Professor und dem Staatssender im Einklang und als Vollstreckungsbeamte der guten Gesinnung f\u00fchlen.<br \/>\n&#8230;.<br \/>\nDie \u201eHaltung\u201c ist f\u00fcr Journalisten zum Schl\u00fcsselbegriff geworden, weshalb schon vom \u201eHaltungsjournalismus\u201c die Rede ist. Er bezeichnet keine pluralistische \u00dcberzeugung, sondern den Anspruch geistig-moralischer \u00dcberlegenheit und schlie\u00dft den politischen \u201eKampf gegen Rechts\u201c ein. Im offiziellen Sprachgebrauch der DDR verband die \u201eHaltung\u201c sich mit der \u201eParteilichkeit\u201c zur \u201eparteilichen Haltung\u201c. Das Adjektiv \u201eparteilich\u201c besitzt eine andere Qualit\u00e4t als \u201eparteiisch\u201c. Wer \u201eparteiisch\u201c ist, r\u00e4umt seine Voreingenommenheit und damit die Unvollkommenheit seines Versuchs der Wahrheitsfindung ein. Deshalb akzeptiert er andere, auch gegenteilige Haltungen und Perspektiven.<br \/>\nDie Vertreter der \u201eparteilichen Haltung\u201c hingegen f\u00fchlten und f\u00fchlen sich identisch mit \u201eechter Objektivit\u00e4t\u201c und als Vollstecker der \u201egeschichtlichen Notwendigkeit\u201c (W\u00f6rterbuch der marxistisch-leninistischen Philosophie, Ost-Berlin 1984). Andersdenkende sind demzufolge L\u00fcgner, Hetzer, geistige Brandstifter, politische Verbrecher, die mundtot gemacht werden m\u00fcssen.<br \/>\nDas Gegenst\u00fcck zum parteilichen <a title=\"Haltungsjournalismus\" href=\"https:\/\/www.freiburg-schwarzwald.de\/blog\/kultur\/medien\/journalismus\/haltungsjournalismus\/\">Haltungsjournalismus<\/a> ist die alternativlose Politik. Gemeinsam bilden sie eine Machtstruktur. Georg Restle ist Teil von ihr und deshalb unf\u00e4hig, sie offenzulegen oder gar zu kritisieren. Er und seine Gesinnungsgenossen k\u00f6nnen ihre \u00f6ffentliche Dominanz nicht mehr positiv begr\u00fcnden. Um so aggressiver reagieren sie. Zur Vorgeschichte des \u00dcberfalls auf Frank Magnitz geh\u00f6rt ein Artikel, der zum Jahreswechsel in der taz erschien und einen Rundumschlag gegen die \u201eAfD-Rechtsau\u00dfen\u201c, \u201eRechtspopulisten\u201c und \u201ebraunen Horden\u201c enthielt.<br \/>\n&#8230;<br \/>\nDie bunte und weltoffene Gesellschaft, die man erfolgreich erk\u00e4mpft hat, bringt Probleme mit sich, die man sich im Traum nicht vorgestellt hat und f\u00fcr die man keine L\u00f6sung wei\u00df. Hingegen ehrt den Kabarettisten J\u00fcrgen von der Lippe das Eingest\u00e4ndnis, Witze \u00fcber den Islam aus Angst zu unterlassen. Sein Leben sei ihm \u201ewichtiger als ein guter Gag\u201c<br \/>\n&#8230;.<br \/>\nIm Widerstand gegen das imaginierte B\u00f6se d\u00fcrfen die Menschen sich weiterhin gut und aufgekl\u00e4rt f\u00fchlen, wenn sie andere verfolgen, \u00e4chten, verletzen oder gar t\u00f6ten. Gleichzeitig findet die Gesellschaft zu neuer Einheit. Ist das die ultimative Form der Selbstvergewisserung, wenn liberale Demokratien in eine Lebenskrise geraten?<br \/>\n18.1.2019, Thorsten Hinz, Junge Freiheit vom 18.1.2019, Seite 13<br \/>\n<strong>Mein K\u00fcnstler, dein Spitzel\u00a0 &#8211; Denunziation durch &#8222;Soko Chemnitz&#8220;<\/strong><br \/>\n<em>Praktischer Totalitarismus: Die \u201eSoko Chemnitz\u201c tarnt sich als Aktionskunst, die Denunziation ist ganz real<\/em><br \/>\n<em>von Thorsten Hinz<\/em><br \/>\nMit der neuesten Aktion des \u201eZentrums f\u00fcr politische Sch\u00f6nheit\u201c hat die Eskalationsschraube der Denunziation eine neue Drehung bekommen. Eine sogenannte \u201eSoko <a title=\"Chemnitz-Messermord26-08-2018\" href=\"https:\/\/www.freiburg-schwarzwald.de\/blog\/engagement\/zukunft\/demokratie\/chemnitz-messermord26-08-2018\/\">Chemnitz<\/a>\u201c installierte einen Internetpranger, auf dem die Chemnitzer Demonstranten, die im August gegen die blutigen Folgen der Grenz\u00f6ffnung in ihrer Stadt protestierten, zur Fahndung und anschlie\u00dfenden Anzeige bei ihren Arbeitgebern ausgeschrieben wurden. Um die K\u00fcndigungen \u201eaufgrund charakterlicher Eignung\u201c (gemeint war Nichteignung) oder \u201ewegen Rufsch\u00e4digung\u201c zu erleichtern, wurden Vordrucke bereitgestellt.<br \/>\nDie vorgeblichen K\u00fcnstler sind B\u00fcttelnaturen und gleichzeitig \u00dcberzeugungst\u00e4ter. Sie spinnen die l\u00e4ngst widerlegte, aber regierungsamtliche Legende von einer \u201erechten Hetzjagd\u201c fort und leiten aus ihr die totale Selbsterm\u00e4chtigung \u00fcber Andersdenkende ab.<br \/>\nIn den Auftritten und Interviews von Philipp Ruch, dem Chef des \u201eZentrums\u201c, verbinden sich die eiskalte Stringenz des Psychopathen mit dem Charme des Tscheka-Offiziers. Trotzdem haben der Kultur- und Medienbetrieb sowie staatliche Instanzen sein Treiben als Aktionskunst, als Satire, als phantasievolle Grenz\u00fcberschreitung anerkannt und gefeiert. Manche tun es bis heute. Der einzige Fehler von Stasi-Minister Erich Mielke und seinen offiziellen und inoffiziellen Mitstreitern w\u00e4re demnach gewesen, nicht beizeiten dem Deutschen B\u00fchnenverein beigetreten zu sein und den Mauerstaat zur k\u00fcnstlerischen Freiluftinszenierung erkl\u00e4rt zu haben.<br \/>\nDie Denunzianten-Plattform wurde inzwischen abgeschaltet, doch im Raum bleibt die Drohung stehen, da\u00df niemand, der sich \u00f6ffentlich gegen Merkels Politik wendet, dem Auge und dem r\u00e4chenden Arm des Gro\u00dfen Bruders entgeht.<\/p>\n<p>Im Grunde haben die Radikal-Jakobiner nur die Tendenzen und Intentionen, die in Staat und Gesellschaft wirksam sind, konsequent zugespitzt. Die Bestrebungen staatlicher und semistaatlicher Institutionen, oppositionelle \u00c4u\u00dferungen und Aktivit\u00e4ten bis in die Ver\u00e4stelungen des privaten und sozialen Lebens der Protagonisten zu kontrollieren und abzublocken, sind evident. Unter dem Deckmantel der Kunst haben Ruch &amp; Co. nun totalit\u00e4re Herrschaftsmuster vorexerziert und eine Zukunft antizipiert, in welcher der Zugang zu Arbeitseinkommen, aber auch zu Wohnraum, Bankkonto, \u00e4rztlicher Versorgung usw. direkt an politisches Wohlverhalten gekoppelt ist.<\/p>\n<p>Der Totalitarismus-Begriff bleibt gew\u00f6hnlich f\u00fcr den Kommunismus und den Nationalsozialismus reserviert, obwohl l\u00e4ngst klar und nachgewiesen ist, da\u00df auch das liberale System totalit\u00e4re Z\u00fcge annehmen kann. Praktischer Totalitarismus hei\u00dft, tradierte Lebenszusammenh\u00e4nge als falsch und \u00fcberholt zu verdammen und die Menschen aus ihnen herauszul\u00f6sen, um die isolierten Individuen als funktionale Gr\u00f6\u00dfe in neue, ideologisch begr\u00fcndete Strukturen einzuf\u00fcgen. Das Handeln wird auf ein teleologisches Ziel ausgerichtet, das in fr\u00fcheren Totalitarismen in der klassenlosen Gesellschaft oder einer rassischen Hierarchie bestand. Heute ist es das Zukunftsmodell einer grenzenlosen Welt, die von herkunfts- und ortlosen Arbeitsbienen und Konsumdrohnen besiedelt wird.<\/p>\n<p>Wurden in den L\u00e4ndern des real existierenden Sozialismus die Menschen mit Kampagnen zu Plan\u00aderf\u00fcllungen, mit oktroyierten Selbstverpflichtungen zu Ehren von Parteitagen und Staatsjubil\u00e4en auf Trab gehalten, formiert die \u201eoffene\u201c Gesellschaft die Menschen mit Willkommensoffensiven, mit dem \u201eKampf gegen Rechts\u201c und einer Klimareligion, die von S\u00fcnde, Einkehr, Bu\u00dfe und m\u00f6glicher Erl\u00f6sung erz\u00e4hlt. Da sich nicht jeder freiwillig in die Gleichschaltung f\u00fcgt, lauert im Hintergrund die Gewaltandrohung des sozialen Totschlags.<\/p>\n<p>Was das \u201eZentrum f\u00fcr politische Sch\u00f6nheit\u201c noch als Kunst apostrophiert, ist in der Realit\u00e4t bereits angekommen. Ein aktuelles und besonders widerw\u00e4rtiges Beispiel ist die Kita-Brosch\u00fcre der Amadeu-Antonio-Stiftung, die Handreichungen zur Entlarvung politisch unzuverl\u00e4ssiger Elternh\u00e4user enth\u00e4lt und durch ein Vorwort der Bundesfamilienministerin mit regierungsamtlichen Weihen versehen wurde. Die Kitas sollen in ein informelles Informations- und Spitzelsystem integriert werden, das in die Eltern-Kind-Beziehung eingreift, Mi\u00dftrauen, Denunziationsfurcht und politischen Anpassungszwang in den Familien s\u00e4t und damit die \u2013 laut Karl Marx \u2013 \u201ekleinste Zelle der Gesellschaft\u201c aufspaltet. So w\u00e4ren die Kinder von Anfang an dem Zugriff \u00f6ffentlicher, politischer und medialer Gewalten ausgeliefert.<br \/>\nWenn Philipp Ruch seine Aktivit\u00e4ten als Beitrag zur permanenten \u201eEntnazifizierung\u201c begr\u00fcndet, agiert er keineswegs im luftleeren Raum. Sp\u00e4testens seit das Grundgesetz h\u00f6chstrichterlich als \u201eexpliziter Gegenentwurf\u201c zum Nationalsozialismus klassifiziert wurde, ist die staatliche Existenz der Bundesrepublik auf eine dezidiert ideologische, n\u00e4mlich antifaschistische Interpretation festgelegt, die der etablierten Politik als bequemer Legitimationsgrund dient. Um ihren Erkl\u00e4rungsanspruch \u00fcber eine dynamische Wirklichkeit aufrechtzuhalten, m\u00fcssen Ideologien beziehungsweise ihre Vertreter und Nutznie\u00dfer ebenfalls eine Dynamik entwickeln. Je dysfunktionaler ihre Politik sich auswirkt, um so vehementer unterstellen der Politik-, Medien- und angeschlossene Kulturbetrieb ihren Kritikern die Neigung zum Faschismus.<\/p>\n<p>Die sich als k\u00fcnstlerische Tabubrecher in Szene setzen, sind Vollstrecker einer beschr\u00e4nkten Staatsr\u00e4son, die sich einen ebenso beschr\u00e4nkten \u201ehomo bundesrepublicanensis\u201c geformt hat. Die Lust am gefahrlosen Denunzieren ist ihm genauso eingeschrieben wie die Angst und das Zur\u00fcckweichen vor wehrf\u00e4higen Gegnern.<\/p>\n<p>Welche Prognose kann man einem Staat noch stellen, der solche Eigenschaften heranzieht und n\u00f6tig zu haben glaubt?<br \/>\n14.12.2018, <a title=\"Trauer\" href=\"https:\/\/www.freiburg-schwarzwald.de\/blog\/selbsthilfe\/psyche\/trauer\/\">Thorsten Hinz<\/a>, &#8222;Mein K\u00fcnstler, Dein Spitzel&#8220; ,<br \/>\nJunge Freiheit, Seite 1, <a href=\"https:\/\/www.jungefeiheit.de\">https:\/\/www.jungefeiheit.de<\/a><\/p>\n","protected":false},"excerpt":{"rendered":"<p>Home\u00a0&gt;Kultur\u00a0&gt;Medien\u00a0&gt;Diskussionskultur\u00a0&gt;Denunziation Listenauswahl eines Beitrags (Artikel\/Datum, Seite\/Inhalt):\u00a0Klicken\u00a0oder scrollen Thomas Hartung: Die Umwettung der Wahrheit \u2013 zu Medienkampagnen\u00a0(29.7.2026) Arne Sch\u00f6nbohm: BSI-Beamter \u2013 Falschaussage B\u00f6hmermann \u2013 Entlassung\u00a0(24.7.2026) Prof Murswiek zur Aussteigerhilfe rechts: \u201eDer Staat darf es nicht\u201c\u00a0(24.6.2026) MEME: Meldestelle f\u00fcr Meldestellen bei Tichy &hellip; <a href=\"https:\/\/www.freiburg-schwarzwald.de\/blog\/engagement\/zukunft\/demokratie\/denunziation\/\">Weiterlesen <span class=\"meta-nav\">&rarr;<\/span><\/a><\/p>\n","protected":false},"author":2,"featured_media":0,"parent":21084,"menu_order":0,"comment_status":"open","ping_status":"closed","template":"","meta":{"footnotes":""},"class_list":["post-69724","page","type-page","status-publish","hentry"],"_links":{"self":[{"href":"https:\/\/www.freiburg-schwarzwald.de\/blog\/wp-json\/wp\/v2\/pages\/69724","targetHints":{"allow":["GET"]}}],"collection":[{"href":"https:\/\/www.freiburg-schwarzwald.de\/blog\/wp-json\/wp\/v2\/pages"}],"about":[{"href":"https:\/\/www.freiburg-schwarzwald.de\/blog\/wp-json\/wp\/v2\/types\/page"}],"author":[{"embeddable":true,"href":"https:\/\/www.freiburg-schwarzwald.de\/blog\/wp-json\/wp\/v2\/users\/2"}],"replies":[{"embeddable":true,"href":"https:\/\/www.freiburg-schwarzwald.de\/blog\/wp-json\/wp\/v2\/comments?post=69724"}],"version-history":[{"count":6,"href":"https:\/\/www.freiburg-schwarzwald.de\/blog\/wp-json\/wp\/v2\/pages\/69724\/revisions"}],"predecessor-version":[{"id":152155,"href":"https:\/\/www.freiburg-schwarzwald.de\/blog\/wp-json\/wp\/v2\/pages\/69724\/revisions\/152155"}],"up":[{"embeddable":true,"href":"https:\/\/www.freiburg-schwarzwald.de\/blog\/wp-json\/wp\/v2\/pages\/21084"}],"wp:attachment":[{"href":"https:\/\/www.freiburg-schwarzwald.de\/blog\/wp-json\/wp\/v2\/media?parent=69724"}],"curies":[{"name":"wp","href":"https:\/\/api.w.org\/{rel}","templated":true}]}}