{"id":69695,"date":"2018-12-23T13:01:24","date_gmt":"2018-12-23T12:01:24","guid":{"rendered":"https:\/\/www.freiburg-schwarzwald.de\/blog\/?page_id=69695"},"modified":"2026-03-25T16:12:26","modified_gmt":"2026-03-25T15:12:26","slug":"bauen-pfusch","status":"publish","type":"page","link":"https:\/\/www.freiburg-schwarzwald.de\/blog\/business\/dienste\/immobilien\/bauen-pfusch\/","title":{"rendered":"Bauen-Pfusch"},"content":{"rendered":"<p>Home &gt;<a title=\"Soziales\" href=\"https:\/\/www.freiburg-schwarzwald.de\/blog\/selbsthilfe\/soziales\/\">Soziales<\/a>\u00a0&gt;<a title=\"Dienste\" href=\"https:\/\/www.freiburg-schwarzwald.de\/blog\/business\/dienste\/\">Dienste<\/a>\u00a0&gt;<a title=\"Immobilien\" href=\"https:\/\/www.freiburg-schwarzwald.de\/blog\/business\/dienste\/immobilien\/\">Immobilien<\/a> &gt;<a href=\"https:\/\/www.freiburg-schwarzwald.de\/blog\/business\/dienste\/immobilien\/bebauung\/\">Bebauung<\/a> &gt;Bauen-Pfusch<\/p>\n<div id=\"attachment_68133\" style=\"width: 649px\" class=\"wp-caption alignnone\"><a href=\"https:\/\/www.freiburg-schwarzwald.de\/blog\/engagement\/zukunft\/demokratie\/eliten\/uni-bibliothek-fr-pan180917\/\" rel=\"attachment wp-att-68133\"><img loading=\"lazy\" decoding=\"async\" aria-describedby=\"caption-attachment-68133\" class=\"size-full wp-image-68133\" src=\"https:\/\/www.freiburg-schwarzwald.de\/blog\/wp-content\/uploads\/2018\/09\/uni-bibliothek-FR-pan180917.jpg\" alt=\"Uni-Bibliothek in Freiburg am 17.9.2018\" width=\"639\" height=\"339\" srcset=\"https:\/\/www.freiburg-schwarzwald.de\/blog\/wp-content\/uploads\/2018\/09\/uni-bibliothek-FR-pan180917.jpg 639w, https:\/\/www.freiburg-schwarzwald.de\/blog\/wp-content\/uploads\/2018\/09\/uni-bibliothek-FR-pan180917-180x95.jpg 180w\" sizes=\"auto, (max-width: 639px) 100vw, 639px\" \/><\/a><p id=\"caption-attachment-68133\" class=\"wp-caption-text\">Uni-Bibliothek in Freiburg am 17.9.2018<\/p><\/div>\n<p>&nbsp;<\/p>\n<p>&nbsp;<\/p>\n<ul>\n<li><em>Listenauswahl eines Beitrags (Artikel\/Datum, Seite\/Inhalt): <span style=\"text-decoration: underline;\">Klicken<\/span> oder scrollen<\/em><\/li>\n<li><a href=\"https:\/\/www.freiburg-schwarzwald.de\/blog\/bildung\/hochschulen\/universitaet\/uni-bibliothek\/\">Unibibliothek FR: Stellt sich das Geb\u00e4ude ma\u00dflos zur Schau, verliert es jede \u00c4sthetik<\/a>\u00a0(25.3.2026)<\/li>\n<li>Alle Stahlelemente der UB-Fassade m\u00fcssen neu montiert werden (20.12.2018)<\/li>\n<li>Im Dachgeschoss des Augustinermuseums ist ein Pilz entdeckt worden (17.12.2018)<\/li>\n<\/ul>\n<ul>\n<li><a title=\"Aufstocken\" href=\"https:\/\/www.freiburg-schwarzwald.de\/blog\/business\/dienste\/immobilien\/nachverdichtung\/aufstocken\/\">Aufstocken von Wohngeb\u00e4uden<\/a><\/li>\n<li><a title=\"Bebauung\" href=\"https:\/\/www.freiburg-schwarzwald.de\/blog\/business\/dienste\/immobilien\/bebauung\/\">Bebauung \u2013 Verdichtung \u2013 Neubau<\/a><\/li>\n<li><a title=\"Boden\" href=\"https:\/\/www.freiburg-schwarzwald.de\/blog\/natur\/boden\/\">Boden<\/a><\/li>\n<li><a title=\"Boarding-House\" href=\"https:\/\/www.freiburg-schwarzwald.de\/blog\/business\/dienste\/immobilien\/wohnen\/boarding-house\/\">Boarding-House<\/a><\/li>\n<li><a title=\"Concierge\" href=\"https:\/\/www.freiburg-schwarzwald.de\/blog\/business\/dienste\/immobilien\/wohnen\/concierge\/\">Concierge<\/a><\/li>\n<li><a href=\"https:\/\/www.freiburg-schwarzwald.de\/littenweiler\/buggingerstrasse50.htm\">Buggi 50 \u2013 Hochhaus als Passivhaus saniert<\/a>\u00a0&gt;Buggingerstrasse50<\/li>\n<li><a title=\"Dachsanierung\" href=\"https:\/\/www.freiburg-schwarzwald.de\/blog\/business\/handwerk\/dachsanierung\/\">Dachsanierung<\/a><\/li>\n<li><a title=\"Denkmal\" href=\"https:\/\/www.freiburg-schwarzwald.de\/blog\/business\/dienste\/immobilien\/denkmal\/\">Denkmal und Denkmalschutz<\/a><\/li>\n<li><a title=\"Gebaeudesanierung\" href=\"https:\/\/www.freiburg-schwarzwald.de\/blog\/business\/handwerk\/gebaeudesanierung\/\">Geb\u00e4udesanierung<\/a><\/li>\n<li><a title=\"Nachverdichtung\" href=\"https:\/\/www.freiburg-schwarzwald.de\/blog\/business\/dienste\/immobilien\/nachverdichtung\/\">Nachverdichtung<\/a><\/li>\n<li><a title=\"Obsoleszenz\" href=\"https:\/\/www.freiburg-schwarzwald.de\/blog\/engagement\/zukunft\/obsoleszenz\/\">Obsoleszenz beim Bauen<\/a><\/li>\n<li><a title=\"Passivhochhaus\" href=\"https:\/\/www.freiburg-schwarzwald.de\/blog\/business\/dienste\/immobilien\/passivhochhaus\/\">Passivhochhaus<\/a><\/li>\n<li><a title=\"Sozialwohnung\" href=\"https:\/\/www.freiburg-schwarzwald.de\/blog\/business\/dienste\/immobilien\/wohnen\/sozialwohnung\/\">Sozialwohnung<\/a><\/li>\n<li><a title=\"Westarkaden\" href=\"https:\/\/www.freiburg-schwarzwald.de\/blog\/regio\/freiburg\/westarkaden\/\">Westarkaden<\/a><\/li>\n<li><a title=\"Wohnen\" href=\"https:\/\/www.freiburg-schwarzwald.de\/blog\/business\/dienste\/immobilien\/wohnen\/\">Wohnen, Wohnprojekte und Wohnformen<\/a><\/li>\n<\/ul>\n<p><strong>Alle Stahlelemente der UB-Fassade m\u00fcssen neu montiert werden<\/strong><br \/>\nDie Unibibliothek Freiburg bleibt ein Problemkind: An der Fassade m\u00fcssen alle Stahl-Elemente abgenommen werden. Zwischen der Fachfirma und der Landesbeh\u00f6rde gibt es einen Millionenstreit.<br \/>\nS\u00e4mtliche Stahl-Elemente an der Fassade der Universit\u00e4tsbibliothek m\u00fcssen abgenommen werden. Anlass ist eine mit Kleber angebrachte Halterung auf der R\u00fcckseite einer einzigen Paneele, die im August heruntergefallen war. Das Amt &#8222;Verm\u00f6gen und Bau&#8220; besteht darauf, dass zur Sicherheit nun s\u00e4mtliche Stahlelemente vernietet werden, daf\u00fcr muss jedes Element abgenommen werden. Die Fassadenfirma f\u00fchrt den Vorfall im Sommer auf eine Besch\u00e4digung zur\u00fcck. Zugleich streitet sie seit 2016 mit dem Bauherrn um die Abschlussrechnung.<br \/>\nBei den Studierenden ist sie \u2013 das belegen die extrem hohen Nutzerzahlen \u2013 \u00e4u\u00dferst beliebt, doch seit die 53 Millionen Euro teure Unibibliothek (UB) im Juli 2015 er\u00f6ffnet wurde, traten immer wieder kleinere und gr\u00f6\u00dfere Wehwehchen zutage. Die Kosten zu deren Behebung liegen mittlerweile bei mehr als einer halben Million Euro.<br \/>\nH\u00f6hepunkt ist nun das Problem mit der Fassade: Im August fiel ein 4 mal 16 Zentimeter gro\u00dfes, als Halterung auf der R\u00fcckseite einer Stahlpaneele fungierendes Blechteil herunter.Verletzt wurde dabei niemand, aber das zust\u00e4ndige Landesamt &#8222;Verm\u00f6gen und Bau&#8220; lie\u00df zur Sicherheit sofort das gesamte Geb\u00e4ude umz\u00e4unen und die Eing\u00e4nge provisorisch \u00fcberdachen. Schon am n\u00e4chsten Tag war der Hersteller und Monteur der Fassade, die Firma Fr\u00fch aus Umkirch, vor Ort. Das Familienunternehmen mit 150 Mitarbeitern hat sich auf aufsehenerregende Stahl- und Glasfassaden in aller Welt fokussiert. Der Architekt der UB, der Basler Heinrich Degelo, sagt, dass mit Fr\u00fch beim Bau der Fassade alles reibungslos gelaufen sei. Neben der Firma aus Umkirch war ein Planungsb\u00fcro beratend involviert, die Bauaufsicht selbst hatte aber &#8222;Verm\u00f6gen und Bau&#8220;.<br \/>\nNach der Besichtigung am Tag nach dem Herunterfallen des Fassadenteils wurde entschieden, sicherheitshalber alle horizontal angebrachten Elemente \u2013 sie sind oben jeweils am Stahlrahmenkonstrukt vernietet und r\u00fcckseitig mit der geklebten Halterung fixiert \u2013 abzunehmen und zu kontrollieren. &#8222;Verm\u00f6gen und Bau&#8220; zog einen Gutachter hinzu. Im Raum stand die Frage: Einzelfall oder Systemfehler? Das Ergebnis aus Fr\u00fchs Sicht: ein Einzelfall. Allerdings r\u00e4umt er ein, dass bei zwei weiteren \u00fcberpr\u00fcften Elementen der Kleber &#8222;in absehbarer Zeit&#8220; h\u00e4tte problematisch werden k\u00f6nnen. Das Verfahren sei eigens mit einer darauf spezialisierten Firma entwickelt, abgestimmt und zugelassen, sein Personal f\u00fcr diese spezielle Fassade extra geschult worden. F\u00fcr &#8222;Verm\u00f6gen und Bau&#8220;-Chef Karl-Heinz B\u00fchler entspricht das Klebeverfahren indes nicht deutschen Vorgaben.<br \/>\nIst der Kleber schuld \u2013 oder wurde die Fassade besch\u00e4digt?<br \/>\nAn Kleber-M\u00e4ngel glaubt Fr\u00fch nicht. Der BZ zeigt er ein ihm zugespieltes Foto, auf dem eindeutig zu sehen ist, dass jemand \u2013 warum auch immer \u2013 am unter den unteren Rand einer Fassadenpaneele einen Holzkeil gesteckt hat. F\u00fcr ihn ist klar, dass dadurch ein Schaden an der sensiblen Fassade entstanden ist und den Kleber gel\u00f6st hat. Hinzu kommt: Am Geb\u00e4ude waren Fassadenkletterer zugange, obwohl Fr\u00fch die Beh\u00f6rde 2012 darauf aufmerksam gemacht hatte, dass die Fassade nur von au\u00dfen mit Hubsteigern gereinigt werden d\u00fcrfe, da Fassadenkletterer Sch\u00e4den anrichten k\u00f6nnen, dies belegt ein Schriftst\u00fcck. Auch Degelo sagt, dass Fassadenkletterer keine Option seien, weil die Bleche verbeulen k\u00f6nnen.<br \/>\nDeshalb redet Anton Fr\u00fch \u2013 anders als &#8222;Verm\u00f6gen und Bau&#8220; \u2013 auch nicht von einem Gew\u00e4hrleistungsmangel. Gleichwohl werde er die problematischen Teile nat\u00fcrlich neu anbringen. Dar\u00fcber hinaus habe er angeboten, alle gleichen Fassadenelemente genauso nachtr\u00e4glich mechanisch zu sichern \u2013 &#8222;das w\u00e4re der Rede nicht wert gewesen&#8220;. Der Gutachter habe der L\u00f6sung am 19. Oktober zugestimmt.<br \/>\nFr\u00fch schickte &#8222;Verm\u00f6gen und Bau&#8220; aber auch das Foto mit dem Holzkeil und wies auf die vermutete Besch\u00e4digung hin; eine Antwort habe er nicht bekommen. Karl-Heinz B\u00fchler, Leiter von &#8222;Verm\u00f6gen und Bau&#8220;, sagt, er k\u00f6nne \u00fcber das Thema nicht en detail reden, sagt aber: Nicht nur die kleinen, horizontalen Elemente m\u00fcssen alle abgenommen und nachtr\u00e4glich vernietet werden, sondern s\u00e4mtliche Stahlelemente, auch die gro\u00dfen \u2013 im Grunde also die ganze Fassade au\u00dfer die Fenster. Man habe, sagt B\u00fchler, Fr\u00fch eine Frist gesetzt, in der alles nachzur\u00fcsten sei. Tue die Firma das nicht, werde er eine andere beauftragen. Dies w\u00fcrde mit Sicherheit einen sechsstelligen Betrag kosten. Wer daf\u00fcr aufkommt, m\u00fcsste wohl ein Gericht entscheiden. F\u00fcr B\u00fchler ist klar: Das wird Fr\u00fch in Rechnung gestellt.<br \/>\n.<br \/>\nAn diesem Punkt ist eine andere Auseinandersetzung zwischen Fr\u00fch und der Landesbeh\u00f6rde von Bedeutung: Urspr\u00fcnglich sollte der Fassadenbau durch die Firma Fr\u00fch 6,5 Millionen Euro kosten. Da allerdings kurz vor Beginn der Stahlpaneelenproduktion das ausgew\u00e4hlte spiegelpolierte Material auf Wunsch des Bauherrn durch eine andere Oberfl\u00e4chenbearbeitung ersetzt wurde und aus einer zweij\u00e4hrigen Bauzeit f\u00fcr die Firma Fr\u00fch am Ende viereinhalb Jahre wurden, stiegen Fr\u00fchs Kosten auf 10,6 Millionen Euro an, sagt Anton Fr\u00fch.<br \/>\nIm September 2016 schickte er die Schlussabrechnung an &#8222;Verm\u00f6gen und Bau&#8220; \u2013 bezahlt wurden bis heute lediglich 6,3 Millionen Euro. Einen Grund daf\u00fcr habe man ihm nicht genannt, dabei sei er bereit und es auch von Projekten mit privaten Bauherren gewohnt, dass man sich in so einem Fall zusammensetze und alles durchgehe, sagt Fr\u00fch. Dies sei trotz seiner Bitten nicht geschehen. So einen Fall habe er in 30 Berufsjahren noch nicht gehabt: &#8222;Das ist ein absolutes \u00c4rgernis.&#8220; F\u00fcr &#8222;Fr\u00fch Metallbau&#8220; sind die fehlenden mehr als 4,2 Millionen Euro (hinzu kommen inzwischen 50 000 Euro f\u00fcr den Mahnbescheid) ein Problem, wenn auch bislang nicht existenzgef\u00e4hrdend; einen Erweiterungsbau auf dem eigenen Firmengel\u00e4nde hat das Fr\u00fch deshalb auf Eis gelegt. Er bef\u00fcrchtet zudem einen Imageschaden.<br \/>\nEr bietet an, B\u00fchlers Forderung, s\u00e4mtliche Stahlelemente abzunehmen und zu vernieten, zu erf\u00fcllen; daf\u00fcr brauche man 15 bis 30 Wochen. Er w\u00fcrde dies sogar kostenlos erledigen, auch wenn es sich seiner Meinung nach nicht um eine Gew\u00e4hrleistung handle. Einzige Bedingung: Das Land muss die ausstehenden mehr als 4 Millionen Euro an Fr\u00fch bezahlen.<br \/>\nDas Landesfinanzministerium wollte Fragen dazu nicht beantworten, es handle sich um laufende juristische Verfahren. Stand heute l\u00e4uft also alles auf eine Entscheidung vor Gericht hinaus \u2013 die UB bleibt in jedem Fall noch monatelang eine umz\u00e4unte Baustelle. F\u00fcr Architekt Heinrich Degelo ist der jetzige Zustand traurig. Von der Fassadenproblematik erfuhr er \u00fcbrigens zuf\u00e4llig, als er einer Gruppe aus seiner Basler Heimat durch das Geb\u00e4ude f\u00fchren wollte \u2013 und vor dem Bauzaun stand.<br \/>\n&#8230; Alles vom 22.12.2018 bitte lesen auf<br \/>\n<a href=\"https:\/\/www.badische-zeitung.de\/freiburg\/alle-stahlelemente-der-ub-fassade-muessen-neu-montiert-werden\">https:\/\/www.badische-zeitung.de\/freiburg\/alle-stahlelemente-der-ub-fassade-muessen-neu-montiert-werden<\/a><br \/>\n.<br \/>\n<a href=\"https:\/\/www.badische-zeitung.de\/freiburg\/ub-fassade-wird-noch-immer-nicht-repariert-und-das-amt-schweigt--158071040.html\">https:\/\/www.badische-zeitung.de\/freiburg\/ub-fassade-wird-noch-immer-nicht-repariert-und-das-amt-schweigt&#8211;158071040.html<\/a><br \/>\n.<br \/>\n<strong>Das Finanzministerium in Stuttgart mauert<\/strong><br \/>\nDicke Luft wegen schlechter Bel\u00fcftungsanlage, eine defekte Dreht\u00fcr, ein nicht funktionierender Behinderteneingang, undichte Stellen, zu wenig Arbeitspl\u00e4tze in Spitzenzeiten, ein zerbrochener Boden im Erdgeschoss, ein heruntergefallenes Fassadenteil&#8230; Pannen an der neuen Unibibliothek, kleine und gr\u00f6\u00dfere, verschuldete und unverschuldete, sind l\u00e4ngst der Running Gag in der Stadt. F\u00fcr den Architekten Heinrich Degelo, der nach eigener Aussage weiterhin viel Lob f\u00fcr sein Geb\u00e4ude erh\u00e4lt, geh\u00f6ren Nachbesserungen dazu \u2013 ein so komplexes Geb\u00e4ude sei nicht unter Laborbedingungen zu errichten&#8230;..<br \/>\nAlles vom 22.12.2018 bitte lesen auf<br \/>\n<a href=\"https:\/\/www.badische-zeitung.de\/freiburg\/das-ministerium-fuer-finanzen-mauert-die-transparenz-fehlt\">https:\/\/www.badische-zeitung.de\/freiburg\/das-ministerium-fuer-finanzen-mauert-die-transparenz-fehlt<\/a><br \/>\n.<br \/>\n<strong>Closed-Shop-Business<\/strong><br \/>\nDas Rechnungspr\u00fcfungsamt bem\u00e4ngelt, das statistisch gesehen 34 von 35 \u00f6ffentliche Auftragsvergaben nach Unregelm\u00e4ssigkeiten geschehen, die nach geltendem Vergaberecht streng genommmen illegal waren und sind. Leider ist diese Pr\u00fcfstelle um 7 Jahre im Verzug und kann nur l\u00e4ngs vergangenes nachkommentieren. Auch um die Qualfikation der immer und immer wiederkehrenden, selben Unternehmen ist es schlecht bestellt, die Kriterien sachkundig\/zuverl\u00e4ssig\/leistungsf\u00e4hig werden bei weitem nicht erf\u00fcllt, Neuzug\u00e4nge gibt es genauso wenig wie echter Wettbewerb, man kennt sich halt aus ganzen Familiendynastien in Bau\u00e4mtern und den Vorzugsfirmen, &#8218;Closed-Shop-Business&#8216; klingt das dann zur\u00fcckhaltend und vornehm!<br \/>\n22.12.2018, H.F.<br \/>\n.<br \/>\n<strong>Tja, das sind die Fallstricke beim \u00f6ffentlichen Bauen:<\/strong><br \/>\nKurz vor Produktionsbeginn verlangt der Bauherr eine andere Oberfl\u00e4che der Fassadenplatten- das ganze soll nat\u00fcrlich nicht mehr kosten, dann werden Bauherr und andere Verantwortliche darauf hingewiesen, dass keine Fassadenkletterer die Fassade reinigen d\u00fcrfen, um keine Sch\u00e4den zu verursachen, dann wird verlangt, dass alle Elemente per Nieten befestigt werden m\u00fcssen. Dazu kommt dass Verm\u00f6gen und Bau die Bauaufsicht hatte. Eine Bauaufsicht hat wichtige Arbeiten w\u00e4hrend des Baues zu pr\u00fcfen und evtl zu dokumentieren. H\u00e4tten da nicht handwerkliche Systemfehler entdeckt werden m\u00fcssen? Ja! Hier h\u00e4tte das angebliche untaugliche Klebeverfahren erkannt werden m\u00fcssen. Vergleich von Soll und Ist. Wenn ich nicht sicher bin ob ein Nagel 80 oder 65 mm lang ist, messe ich ihn eben.Pl\u00f6tzlich taugt die Verklebung ( so wie sie wohl im Leistungsverzeichnis ausgeschrieben war) nichts mehr.? Terminsetzung zur Behebung des &#8222;m\u00f6glichen&#8220; Mangels l\u00e4sst sich leicht sagen, aber schwer begr\u00fcnden und durchsetzen.Welche Freiburger Damen und Herren haben denn die \u00c4nderung der Oberfl\u00e4che veranlasst? Toll, wie hier Verantwortung ignoriert wird.<br \/>\n22.12.2018, R.B.<\/p>\n<p>.<br \/>\n<strong>Im Dachgeschoss des Augustinermuseums ist ein Pilz entdeckt worden<\/strong><br \/>\nNeue Hiobsbotschaft f\u00fcrs <a title=\"Augustinermuseum\" href=\"https:\/\/www.freiburg-schwarzwald.de\/blog\/kultur\/museum\/augustinermuseum\/\">Augustinermuseum<\/a>: Im Dachgeschoss des Kirchenschiffs ist durch Zufall ein Pilzbefall entdeckt worden. Der barocke Dachstuhl wurde erst vor gut zehn Jahren komplett saniert \u2013 f\u00fcr 650.000 Euro.<br \/>\n&#8230; Alles vom 17.12.2018 bitte lesen auf<br \/>\n<a href=\"https:\/\/www.badische-zeitung.de\/freiburg\/im-dachgeschoss-des-augustinermuseums-ist-ein-pilz-entdeckt-worden--162216296.html\">https:\/\/www.badische-zeitung.de\/freiburg\/im-dachgeschoss-des-augustinermuseums-ist-ein-pilz-entdeckt-worden&#8211;162216296.html<\/a><\/p>\n","protected":false},"excerpt":{"rendered":"<p>Home &gt;Soziales\u00a0&gt;Dienste\u00a0&gt;Immobilien &gt;Bebauung &gt;Bauen-Pfusch &nbsp; &nbsp; Listenauswahl eines Beitrags (Artikel\/Datum, Seite\/Inhalt): Klicken oder scrollen Unibibliothek FR: Stellt sich das Geb\u00e4ude ma\u00dflos zur Schau, verliert es jede \u00c4sthetik\u00a0(25.3.2026) Alle Stahlelemente der UB-Fassade m\u00fcssen neu montiert werden (20.12.2018) Im Dachgeschoss des Augustinermuseums &hellip; <a href=\"https:\/\/www.freiburg-schwarzwald.de\/blog\/business\/dienste\/immobilien\/bauen-pfusch\/\">Weiterlesen <span class=\"meta-nav\">&rarr;<\/span><\/a><\/p>\n","protected":false},"author":2,"featured_media":0,"parent":957,"menu_order":0,"comment_status":"open","ping_status":"closed","template":"","meta":{"footnotes":""},"class_list":["post-69695","page","type-page","status-publish","hentry"],"_links":{"self":[{"href":"https:\/\/www.freiburg-schwarzwald.de\/blog\/wp-json\/wp\/v2\/pages\/69695","targetHints":{"allow":["GET"]}}],"collection":[{"href":"https:\/\/www.freiburg-schwarzwald.de\/blog\/wp-json\/wp\/v2\/pages"}],"about":[{"href":"https:\/\/www.freiburg-schwarzwald.de\/blog\/wp-json\/wp\/v2\/types\/page"}],"author":[{"embeddable":true,"href":"https:\/\/www.freiburg-schwarzwald.de\/blog\/wp-json\/wp\/v2\/users\/2"}],"replies":[{"embeddable":true,"href":"https:\/\/www.freiburg-schwarzwald.de\/blog\/wp-json\/wp\/v2\/comments?post=69695"}],"version-history":[{"count":2,"href":"https:\/\/www.freiburg-schwarzwald.de\/blog\/wp-json\/wp\/v2\/pages\/69695\/revisions"}],"predecessor-version":[{"id":147041,"href":"https:\/\/www.freiburg-schwarzwald.de\/blog\/wp-json\/wp\/v2\/pages\/69695\/revisions\/147041"}],"up":[{"embeddable":true,"href":"https:\/\/www.freiburg-schwarzwald.de\/blog\/wp-json\/wp\/v2\/pages\/957"}],"wp:attachment":[{"href":"https:\/\/www.freiburg-schwarzwald.de\/blog\/wp-json\/wp\/v2\/media?parent=69695"}],"curies":[{"name":"wp","href":"https:\/\/api.w.org\/{rel}","templated":true}]}}