{"id":6918,"date":"2012-07-14T16:54:42","date_gmt":"2012-07-14T16:54:42","guid":{"rendered":"https:\/\/www.freiburg-schwarzwald.de\/blog\/?page_id=6918"},"modified":"2025-08-27T13:41:40","modified_gmt":"2025-08-27T11:41:40","slug":"fluechtlingswohnheim","status":"publish","type":"page","link":"https:\/\/www.freiburg-schwarzwald.de\/blog\/selbsthilfe\/soziales\/fluechtlingswohnheim\/","title":{"rendered":"Fluechtlingswohnheim"},"content":{"rendered":"<p><a href=\"https:\/\/www.freiburg-schwarzwald.de\/blog\">Home<\/a> &gt;<a title=\"Selbsthilfe\" href=\"https:\/\/www.freiburg-schwarzwald.de\/blog\/selbsthilfe\/\">Selbsthilfe<\/a> &gt;<a title=\"Soziales\" href=\"https:\/\/www.freiburg-schwarzwald.de\/blog\/selbsthilfe\/soziales\/\">Soziales<\/a> &gt;<a title=\"Wohnen\" href=\"https:\/\/www.freiburg-schwarzwald.de\/blog\/business\/dienste\/immobilien\/wohnen\/\">Wohnen<\/a> &gt;<a title=\"Obdachlos\" href=\"https:\/\/www.freiburg-schwarzwald.de\/blog\/selbsthilfe\/soziales\/obdachlos\/\">Obdachlos<\/a> &gt;Fluechtlingswohnheim<\/p>\n<div id=\"attachment_15662\" style=\"width: 648px\" class=\"wp-caption alignnone\"><a href=\"https:\/\/www.freiburg-schwarzwald.de\/blog\/regio\/freiburg\/littenweiler\/littenweiler-studenten\/littenweiler2ph-pan21115\/\" rel=\"attachment wp-att-15662\"><img loading=\"lazy\" decoding=\"async\" aria-describedby=\"caption-attachment-15662\" class=\"size-full wp-image-15662\" title=\"littenweiler2ph-pan21115\" src=\"https:\/\/www.freiburg-schwarzwald.de\/blog\/wp-content\/uploads\/2012\/11\/littenweiler2ph-pan21115.jpg\" alt=\"\" width=\"638\" height=\"205\" srcset=\"https:\/\/www.freiburg-schwarzwald.de\/blog\/wp-content\/uploads\/2012\/11\/littenweiler2ph-pan21115.jpg 638w, https:\/\/www.freiburg-schwarzwald.de\/blog\/wp-content\/uploads\/2012\/11\/littenweiler2ph-pan21115-180x57.jpg 180w\" sizes=\"auto, (max-width: 638px) 100vw, 638px\" \/><\/a><p id=\"caption-attachment-15662\" class=\"wp-caption-text\">Blick vom Eichberg \u00fcber die PH in FR-Littenweiler zum Rosskopf am 16.11.2012<\/p><\/div>\n<p><strong>Fl\u00fcchtlingswohnheime im Raum Freiburg<\/strong><\/p>\n<ul>\n<li><em>Listenauswahl eines Beitrags: Bitte anklicken oder runterscrollen<\/em><\/li>\n<li><a href=\"https:\/\/www.freiburg-schwarzwald.de\/blog\/global\/integration\/asylanten\/\">Landeserstaufnahme LEA Freiburg: Peter Kramer<\/a> (27.8.2025)<\/li>\n<li><a href=\"https:\/\/www.freiburg-schwarzwald.de\/blog\/global\/migration\/migration-wohnen\/\">Geplante Asylantenunterkunft in winzigem Dorf Bairawis be\u00e4ngstigt Bewohner<\/a> (26.11.2024)<\/li>\n<li>Freiburg und die Fl\u00fcchtlinge: Das Ende der Illusionen (23.10.2023)<\/li>\n<li><a href=\"https:\/\/www.freiburg-schwarzwald.de\/blog\/selbsthilfe\/krise\/gewalt\/brandstiftung\/\">Brandstiftung in Asylunterkunft Wismar: Pyromanisch statt politisch?<\/a> (25.11.2022)<\/li>\n<li><a title=\"Fluechtlingsbetreuer\" href=\"https:\/\/www.freiburg-schwarzwald.de\/blog\/global\/integration\/fluechtlingsbetreuer\/\">Ein Lichtblick f\u00fcr arabische Fl\u00fcchtlinge in Freiburg \u2013 Elias Othman<\/a>\u00a0(9.7.2020)<\/li>\n<li><a title=\"Corona-Migration\" href=\"https:\/\/www.freiburg-schwarzwald.de\/blog\/business\/gesund\/corona-virus\/corona-migration\/\">S\u00fcdl\u00e4nder\u201c entrei\u00dft Asylmitarbeiter Mundschutz und bespuckt ihn<\/a>\u00a0(25.3.2020)<\/li>\n<li><a title=\"Steinhalde\" href=\"https:\/\/www.freiburg-schwarzwald.de\/blog\/regio\/freiburg\/ebnet\/steinhalde\/\">Neubau von Einfachwohnungen f\u00fcr Migranten am\u00a0 Ende der Ebneter Steinhalde<\/a>\u00a0(25.2.2019)<\/li>\n<li><a title=\"Kriminalitaet\" href=\"https:\/\/www.freiburg-schwarzwald.de\/blog\/selbsthilfe\/krise\/gewalt\/kriminalitaet\/\">Fl\u00fcchtlinge sind in FR \u00fcber 10 mal so h\u00e4ufig an Raub\u00fcberf\u00e4llen beteiligt<\/a> &gt;Kriminalitaet (4.4.2016)<\/li>\n<li>Zwei strafunm\u00fcndige Steinewerfer von B31-Br\u00fccke (14.10.2015)<\/li>\n<li>Bewohner legten den Brand in Bissierstrasse\u00a0selbst (16.1.015)<\/li>\n<li>Theater Hammerschmiedstrasse &#8211; Kapriole (29.1.2014)<\/li>\n<li><a href=\"https:\/\/www.freiburg-schwarzwald.de\/blog\/fluechtlingswohnheim-kinder\/\">https:\/\/www.freiburg-schwarzwald.de\/blog\/fluechtlingswohnheim-kinder<\/a>\/ (20.1.2014)<\/li>\n<li><a href=\"https:\/\/www.freiburg-schwarzwald.de\/blog\/frauenfussball-ph-fluechtlinge\/\">https:\/\/www.freiburg-schwarzwald.de\/blog\/frauenfussball-ph-fluechtlinge\/<\/a>\u00a0(25.8.2013)<\/li>\n<li><a href=\"https:\/\/www.freiburg-schwarzwald.de\/blog\/drogendealer-fluechtlingsheim\/\">https:\/\/www.freiburg-schwarzwald.de\/blog\/drogendealer-fluechtlingsheim\/<\/a>\u00a0(24.7.2013)<\/li>\n<li><a href=\"https:\/\/www.freiburg-schwarzwald.de\/blog\/fluechtlingswohnheim-theater\/\">https:\/\/www.freiburg-schwarzwald.de\/blog\/fluechtlingswohnheim-theater\/<\/a>\u00a0(10.7.2013)<\/li>\n<li><a href=\"https:\/\/www.freiburg-schwarzwald.de\/blog\/fluechtlingswohnheim-anwohner\/\">https:\/\/www.freiburg-schwarzwald.de\/blog\/fluechtlingswohnheim-anwohner\/<\/a>\u00a0(13.12.2012)<\/li>\n<li><a href=\"https:\/\/www.freiburg-schwarzwald.de\/blog\/zeit-fuer-kinder-initiative-finanziert-ferienfreizeit-fur-migrantenkinder\/\">www.freiburg-schwarzwald.de\/blog\/zeit-fuer-kinder-initiative-finanziert-ferienfreizeit-fur-migrantenkinder\/<\/a>\u00a0(19.7.12)<\/li>\n<li>Sommerfest am 14.Juli 2012 (15.7.2012)<\/li>\n<li>CHRONIK des Fl\u00fcchtlingswohnheims Hamerschmiedstrasse (Juli 2012)<\/li>\n<li><a href=\"https:\/\/www.freiburg-schwarzwald.de\/littenweiler\/rundertisch.htm\">https:\/\/www.freiburg-schwarzwald.de\/littenweiler\/rundertisch.htm<\/a><\/li>\n<li><a href=\"https:\/\/www.freiburg-schwarzwald.de\/littenweiler\/asyl-hammerschmiedstrasse.htm\">https:\/\/www.freiburg-schwarzwald.de\/littenweiler\/asyl-hammerschmiedstrasse.htm<\/a>\u00a0&#8211; Sommerfeste fr\u00fcher<\/li>\n<li>Fl\u00fcchtlingsunterk\u00fcnfte in Freiburg<\/li>\n<li>Fl\u00fcchtlingswohnheim Hammerschmiedstrasse in Freiburg-Waldsee<\/li>\n<li>Zeit f\u00fcr Kinder &#8211; Patenschaft f\u00fcr Fl\u00fcchtlingskinder<\/li>\n<li><a href=\"https:\/\/www.freiburg-schwarzwald.de\/altglashuetten1.htm#90 Asylbewerber sollen in ein 360-Seelen-Dorf\">90 Asylbewerber sollen in ein 360-Seelen-Dorf<\/a> &gt;Altglashuetten1 (26.1.2012)<\/li>\n<li><a href=\"https:\/\/www.freiburg-schwarzwald.de\/littenweiler\/asyl-hammerschmiedstrasse.htm#14 Familien seit \u00fcber 11 Jahren in Sammelunterk\u00fcnften in FR\">14 Familien seit \u00fcber 11 Jahren in Sammelunterk\u00fcnften in FR<\/a> &gt;Asyl (16.12.2011)<\/li>\n<li><a href=\"https:\/\/www.freiburg-schwarzwald.de\/migration.htm#Freiburg neben Stuttgart und Pforzheim Hauptziel illegaler Fl\u00fcchtlinge\">Freiburg neben Stuttgart und Pforzheim Hauptziel illegaler Fl\u00fcchtlinge<\/a> &gt;Migration (6.12.11)<\/li>\n<li><a href=\"https:\/\/www.freiburg-schwarzwald.de\/littenweiler\/littenweiler12.htm#Dorf aktuell: Integration, FAIRBURG, Bahnhof, PH\">Dorf aktuell: Integration, FAIRBURG, Bahnhof, PH<\/a> &gt;Littenweiler12 (1.12.2011)<\/li>\n<li><a href=\"https:\/\/www.freiburg-schwarzwald.de\/littenweiler\/dreifaltigkeit.htm#Das etwas andere Sommerfest im Freiburger Osten\">Das etwas andere Sommerfest im Freiburger Osten<\/a> &gt;Dreifaltigkeit (2.8.2010)<\/li>\n<li><a href=\"https:\/\/www.freiburg-schwarzwald.de\/littenweiler\/oberwiehre1.htm#Sonntagsausfl\u00fcge mit Fl\u00fcchtlingskindern: Unterst\u00fctzung gesucht\">Sonntagsausfl\u00fcge mit Fl\u00fcchtlingskindern: Unterst\u00fctzung gesucht<\/a> &gt;Oberwiehre1 (31.5.2009)<\/li>\n<li><a href=\"https:\/\/www.freiburg-schwarzwald.de\/littenweiler\/kinder3.htm#Kinder Wohnheim Hammerschmiedstrasse - Unterst\u00fctzung, Hilfe\">Kinder Wohnheim Hammerschmiedstrasse &#8211; Unterst\u00fctzung, Hilfe<\/a> &gt;Kinder3 (13.3.2008)<\/li>\n<li><a href=\"https:\/\/www.freiburg-schwarzwald.de\/littenweiler\/littenweiler8.htm#Interkultureller Garten an der H\u00f6llentalbahn\">Interkultureller Garten an der H\u00f6llentalbahn<\/a> &gt;Littenweiler8 (3.6.2007)<\/li>\n<li><a href=\"https:\/\/www.freiburg-schwarzwald.de\/littenweiler\/denaj.htm#Bleiberecht f\u00fcr Denaj - weitere Aufgaben f\u00fcr Runden Tisch Littenweiler\">Bleiberecht f\u00fcr Denaj &#8211; nun weitere Aufgaben f\u00fcr &#8222;Runden Tisch&#8220; Littenweiler<\/a> &gt;Denaj (27.1.2007)<\/li>\n<li><a href=\"https:\/\/www.freiburg-schwarzwald.de\/littenweiler\/asyl-hammerschmiedstrasse.htm#Sommerfest beim Wohnheim Hammerschmiedstrasse\">Sommerfest beim Wohnheim Hammerschmiedstrasse<\/a> (1.7.2006)<\/li>\n<li><a href=\"https:\/\/www.freiburg-schwarzwald.de\/littenweiler\/soziales1.htm#Fl\u00fcchtlingsheim Hammerschmiedstra\u00dfe musste alleine feiern\">Fl\u00fcchtlingsheim feiert 10j\u00e4hriges Bestehen<\/a> &gt;Soziales1<\/li>\n<li><a href=\"https:\/\/www.freiburg-schwarzwald.de\/littenweiler\/oberwiehre.htm#Hammerschmiedstra\u00dfe - Begegnungsfest mit Fl\u00fcchtlingswohnheim\">Hammerschmiedstra\u00dfe &#8211; Begegnungsfest mit Fl\u00fcchtlingswohnheim<\/a>\u00a0&gt;Oberwiehre (28.6.2005)<\/li>\n<li><\/li>\n<li><strong><a href=\"https:\/\/www.freiburg-schwarzwald.de\/littenweiler\/asyl-hammerschmiedstrasse.htm#Asylanten-Unterkunft\">Asylanten-Unterkunft Hammerschmiedstrasse<\/a>\u00a0&gt;Asyl-Hammerschmiedstrasse (Archivseite)<\/strong><\/li>\n<li><a title=\"Asylanten\" href=\"https:\/\/www.freiburg-schwarzwald.de\/blog\/global\/integration\/asylanten\/\">Asylanten in FR<\/a><\/li>\n<li><a href=\"https:\/\/www.freiburg-schwarzwald.de\/abschiebung.htm\">Abschiebung &#8211; Asyl<\/a> &gt;Abschiebung<\/li>\n<li><a href=\"https:\/\/www.freiburg-schwarzwald.de\/littenweiler\/denaj.htm\">Familie Denaj aus Freiburg-Littenweiler<\/a> &gt;Denaj<\/li>\n<li><a title=\"Fluechtlinge\" href=\"https:\/\/www.freiburg-schwarzwald.de\/blog\/global\/integration\/fluechtlinge\/\">Fluechtlinge<\/a><\/li>\n<li><a title=\"Fluechtlinge-Wohnung\" href=\"https:\/\/www.freiburg-schwarzwald.de\/blog\/global\/integration\/fluechtlinge-wohnung\/\">Fluechtlinge-Wohnen<\/a><\/li>\n<li><a title=\"Fluechtlingshelfer\" href=\"https:\/\/www.freiburg-schwarzwald.de\/blog\/global\/integration\/fluechtlingshelfer\/\">Fluechtlingshelfer<\/a><\/li>\n<li><a title=\"Fluechtlinge-Hammerschmiedstrasse\" href=\"https:\/\/www.freiburg-schwarzwald.de\/blog\/selbsthilfe\/soziales\/fluechtlinge-hammerschmiedstrasse\/\">Fl\u00fcchtlingsunterkunft FR Hammerschmiedstrasse (Neubau)<\/a><\/li>\n<li><a title=\"Fluechtlinge-Hoellentalstrasse\" href=\"https:\/\/www.freiburg-schwarzwald.de\/blog\/selbsthilfe\/soziales\/fluechtlinge-hoellentalstrasse\/\">Fl\u00fcchtlingsunterkunft FR-Littenweiler H\u00f6llentalstrasse<\/a><\/li>\n<li><a title=\"Kappler-Knoten\" href=\"https:\/\/www.freiburg-schwarzwald.de\/blog\/regio\/freiburg\/littenweiler\/kappler-knoten\/\">Fl\u00fcchtlingsunterkunft FR Kappler-Knoten<\/a><\/li>\n<li><a title=\"Neuansiedlung\" href=\"https:\/\/www.freiburg-schwarzwald.de\/blog\/global\/integration\/neuansiedlung\/\">Neuansiedlung<\/a><\/li>\n<li><a title=\"Roma\" href=\"https:\/\/www.freiburg-schwarzwald.de\/blog\/global\/roma\/\">Roma und Sinti<\/a><\/li>\n<li><a href=\"https:\/\/www.freiburg-schwarzwald.de\/littenweiler\/wohnen.htm#Wohnheime f\u00fcr Fl\u00fcchtlinge\/Migranten in Freiburg\">Wohnheime in FR<\/a> &gt;Wohnen<\/li>\n<\/ul>\n<p>&nbsp;<\/p>\n<h5><a href=\"https:\/\/www.freiburg-schwarzwald.de\/blog\/selbsthilfe\/soziales\/fluechtlingswohnheim\/migration-garten150911\/\" rel=\"attachment wp-att-56435\"><img loading=\"lazy\" decoding=\"async\" class=\"alignnone size-thumbnail wp-image-56435\" src=\"https:\/\/www.freiburg-schwarzwald.de\/blog\/wp-content\/uploads\/2012\/07\/migration-garten150911-180x135.jpg\" alt=\"migration-garten150911\" width=\"180\" height=\"135\" srcset=\"https:\/\/www.freiburg-schwarzwald.de\/blog\/wp-content\/uploads\/2012\/07\/migration-garten150911-180x135.jpg 180w, https:\/\/www.freiburg-schwarzwald.de\/blog\/wp-content\/uploads\/2012\/07\/migration-garten150911.jpg 640w\" sizes=\"auto, (max-width: 180px) 100vw, 180px\" \/><\/a><br \/>\n(1) Amjad im seinem Gem\u00fcsegarten<\/h5>\n<p>&nbsp;<\/p>\n<p><strong>Fl\u00fcchtlingsunterk\u00fcnfte in Freiburg<br \/>\n<\/strong>St\u00e4dtische Wohnheim St. Christophe an der Hermann-Mitsch-Stra\u00dfe nahe der Messe<br \/>\nSt\u00e4dtische Unterkunft an der Hammerschmiedstra\u00dfe in Littenweiler<br \/>\nWohnheim an der Bissierstra\u00dfe im Stadtteil Betzenhausen (Eigent\u00fcmer\u00a0Land\u00a0 BW)<br \/>\nAlle insgesamt 929 Wohnheimpl\u00e4tze sind im Oktober 2012 belegt;<\/p>\n<p>&nbsp;<\/p>\n<p><strong>Fl\u00fcchtlingswohnheim Hammerschmiedstrasse<br \/>\n<\/strong>Die Fl\u00fcchtlingsunterk\u00fcnfte in der Hammerschmiedstra\u00dfe\u00a0 wurden 1992 erbaut und stehen\u00a0unter der Obhut des Amtes\u00a0 f\u00fcr Wohnraumversorgung\u00a0der Stadt Freiburg. Die Sozialp\u00e4dagoginnen Ingrid Braun und Gisela Hein vom Sozialen Dienst arbeiten seit vielen Jahren als Ansprechpartnerinnen und Betreuerinnen vor Ort. In den\u00a0 f\u00fcnf\u00a0 Behelfsbauten in der Hammerschmiedstra\u00dfe sind bis zu 220 Personen, darunter 100 Kinder und Jugendliche unter 18 Jahren, untergebracht. Die meisten von ihnen sind Roma und Ashkali, ethnische Minderheiten\u00a0aus dem Kosovo. Fast alle Kinder und Jugendlichen besuchen Kinderg\u00e4rten, Horte\u00a0 oder Schulen.\u00a0 Einige Familien haben inzwischen die Chance auf ein Bleiberecht.Eine H\u00fcrde ist nach wie vor die Arbeits- und Wohnungssuche. Nur wenige haben eine feste Stelle. Die meisten Fl\u00fcchtlinge sind im Reinigungs-, Gastronomie- und K\u00fcchenbereich t\u00e4tig. Die Jugendlichen sind auf der Suche nach Lehrstellen. Bei den M\u00e4dchen steht an erster Stelle der Wunsch Friseurin zu werden. Die Jungen sind meist praktisch begabt,\u00a0 f\u00fcr sie\u00a0 w\u00e4ren Lehrstellen im handwerklichen Bereich ideal. Wenn jemand eine Wohnung vermieten m\u00f6chte oder falls es Firmen gibt, die Arbeit oder Lehrstellen zu vergeben haben &#8211; bitte wenden an:<\/p>\n<p>Sozialer Dienst f\u00fcr Fl\u00fcchtlinge<br \/>\nSozialp\u00e4dagoginnen\u00a0Ingrid Braun und Gisela Hein<br \/>\nHammerschmiedstrasse 18a-e<br \/>\n79117 Freiburg-Oberwiehre-Waldsee<br \/>\nTel 0761-709852, Sprechzeiten sind Montag, Mittwoch, Freitag von 09 &#8211; 12 Uhr sowie Mo und Mi 14-16 Uhr<br \/>\n<a href=\"mailto:ingrid.baun@stadt.freiburg.de\">ingrid.baun@stadt.freiburg.de<\/a> , <a href=\"mailto:gisela.hein@stadt.freiburg.de\">gisela.hein@stadt.freiburg.de<\/a><\/p>\n<p>Helferkreis Hammerschmiedstrasse<br \/>\nCaritas FR-Stadt, Philipp Bono, Michael Schmitz-Steinh\u00e4user, Gabi Lindinger<br \/>\nTel 0761&amp;50478-15, <a href=\"mailto:sozialdienst-fluechtlinge@caritas-freiburg.de\">sozialdienst-fluechtlinge@caritas-freiburg.de<\/a><br \/>\n<a href=\"mailto:michael.schmitz-steinhaeuser@caritas-freiburg.de\">michael.schmitz-steinhaeuser@caritas-freiburg.de<\/a><\/p>\n<p>&nbsp;<\/p>\n<p><strong>Zeit f\u00fcr Kinder &#8211; Patenschaft f\u00fcr Fl\u00fcchtlingskinder<br \/>\n<\/strong>Studenten engagieren sich f\u00fcr Kinder des Asylbewerberwohnheims Littenweiler\u00a0.<br \/>\n&#8211; Als Pate\/Patin unternimmst du zwei bis drei Mal pro Monat etwas mit deinem Patenkind.<br \/>\n&#8211; Die Patenschaften dauern in der Regel ein Semester oder ein halbes Jahr.<br \/>\n&#8211; Bei Interesse nehmen wir dich mit ins Heim und du kannst dir ein Bild davon machen<br \/>\n&#8211; Wenn du dir vorstellen k\u00f6nntest, eine Patenschaft zu \u00fcbernehmen, stellen wir dir ein Kind vor und ihr k\u00f6nnt schauen, ob ihr zusammen passt<\/p>\n<p>Ansprechpartnerin von <em>Zeit f\u00fcr Kinder<\/em> ist Anna-Sophia Clemens. Zu erreichen ist sie unter<br \/>\n<a href=\"mailto:zeitfuerkinder-freiburg@web.de\">zeitfuerkinder-freiburg@web.de<\/a> oder unter der Telefonnummer 015739616880.<br \/>\n<a href=\"https:\/\/zeitfuerkinder.wordpress.com\/kontakt\/\">https:\/\/zeitfuerkinder.wordpress.com\/kontakt\/<\/a><\/p>\n<p>======================================================<\/p>\n<p>&nbsp;<\/p>\n<p><strong>Freiburg und die Fl\u00fcchtlinge: Das Ende der Illusionen<\/strong><br \/>\nDie Folgen der millionenfachen Massenmigration nach Deutschland sind so verheerend, dass selbst in den verblendetsten Resthabitaten wohlstandsprogressiver Willkommens-Multikulti-Apostel langsam die h\u00e4ssliche Realit\u00e4t Einzug h\u00e4lt. Das gilt auch f\u00fcr das notorisch gr\u00fcne Freiburg: Angesichts von rund 160 migrantischen Jungm\u00e4nnern,<br \/>\n<a href=\"https:\/\/www.t-online.de\/nachrichten\/deutschland\/innenpolitik\/id_100262040\/migration-stimmungswechsel-in-freiburg-ploetzlich-sind-sie-gegen-fluechtlinge.html\">https:\/\/www.t-online.de\/nachrichten\/deutschland\/innenpolitik\/id_100262040\/migration-stimmungswechsel-in-freiburg-ploetzlich-sind-sie-gegen-fluechtlinge.html<\/a><br \/>\ndie jeden Monat in die einst so beschauliche Universit\u00e4tsstadt str\u00f6men, m\u00fcssen auch die gr\u00f6\u00dften Migrationsfans einr\u00e4umen, dass die Kapazit\u00e4ten endg\u00fcltig ersch\u00f6pft sind.<br \/>\n&#8230;<br \/>\nGestern \u201cWir haben Platz\u201d br\u00fcllen, heute Brandbriefe schreiben<br \/>\nEnde September beteiligte sich sogar der parteilose, jedoch von einem linken B\u00fcndnis ins Amt gebrachte Oberb\u00fcrgermeister Martin Horn \u2013 einst ein Verfechter der \u201cWir haben Platz\u201d- und \u201cSichere H\u00e4fen\u201c-Politik \u2013 an einem Brandbrief mehrerer baden-w\u00fcrttembergischer St\u00e4dte an die gr\u00fcn-schwarze Landesregierung.<br \/>\n&#8230;<br \/>\nDie Stimmung ist, in ganz Deutschland, endg\u00fcltig auf dem Siedepunkt angekommen. Dennoch ist nicht zu erwarten, dass die Politik die Kehrtwende schafft. Dazu ist der Wille nicht stark genug. Die Entwicklung hin zur immer weiteren Ghettoisierung der Gesellschaft ist somit wohl unumkehrbar.<br \/>\n&#8230; Alles vom 23.10.2023 bitte lesen auf<br \/>\n<a href=\"https:\/\/ansage.org\/freiburg-und-die-fluechtlinge-das-ende-der-illusionen\/\">https:\/\/ansage.org\/freiburg-und-die-fluechtlinge-das-ende-der-illusionen\/<\/a><\/p>\n<p>&nbsp;<\/p>\n<p>&nbsp;<\/p>\n<p><strong>Zwei strafunm\u00fcndige Steinewerfer von B31-Br\u00fccke<\/strong><br \/>\nIm Mai wurden in Littenweiler, auf H\u00f6he der Hammerschmiedstra\u00dfe bei der dortigen Br\u00fccke bereits am 2. Mai durch unbekannte T\u00e4ter faustgro\u00dfe Steine auf die B31 geworfen. Hierdurch wurden acht Autos leicht besch\u00e4digt. Durch einen Hinweiseber, der sich aufgrund des Zeugenaufrufs meldete sowie anschlie\u00dfende Ermittlungen durch den Polizeiposten Freiburg-Littenweiler, konnten die Steinewerfer nun ausgemacht werden. Es handelt sich um zwei 9-j\u00e4hrige und einen 12-j\u00e4hrigen Jungen, die in der dortigen Unterkunft in der Hammerschmiedstra\u00dfe untergebracht sind. Mit den Eltern der strafunm\u00fcndigen Kinder wurden belehrende Gespr\u00e4che gef\u00fchrt.<br \/>\n14.10.2015, Dreisamtaeler.de<\/p>\n<p>&nbsp;<\/p>\n<p><strong>Bewohner legten den Brand in Bissierstrasse\u00a0selbst<\/strong><\/p>\n<p class=\"vorwort\">50 000 Euro Schaden in Fl\u00fcchtlingsunterkunft. Der Brand in einer st\u00e4dtischen Fl\u00fcchtlingsunterkunft an der Bissierstra\u00dfe im Stadtteil Betzenhausen ist absichtlich gelegt worden.\u00a0Als Ausl\u00f6ser vermuten die Ermittler einen Konflikt unter den Bewohnern oder mit Besuchern &#8230;.<br \/>\nAlles vom 16.1.2015 bitte lesen auf<br \/>\n<a href=\"https:\/\/www.badische-zeitung.de\/freiburg\/bewohner-legten-den-brand-selbst--99016409.html\">https:\/\/www.badische-zeitung.de\/freiburg\/bewohner-legten-den-brand-selbst&#8211;99016409.html <\/a><\/p>\n<p><strong>Online-Petition gegen Fl\u00fcchtlings-Unterkunft in L\u00f6rrach-Brombach<\/strong><br \/>\nZu gro\u00df und mitten im Wohngebiet: Eine Online-Petition wendet sich gegen eine Gemeinschaftsunterkunft f\u00fcr Fl\u00fcchtlinge in Brombach. Die Initiatorin kritisiert vor allem die Informationspolitik der Stadt. &#8230;.<br \/>\nAlles vom 11.6.2014 bitte lesen auf<br \/>\n<a href=\"https:\/\/www.badische-zeitung.de\/online-petition-gegen-fluechtlings-unterkunft\">https:\/\/www.badische-zeitung.de\/online-petition-gegen-fluechtlings-unterkunft<\/a><\/p>\n<p><a href=\"https:\/\/www.change.org\/de\/Petitionen\/frau-ob-heute-bluhm-asylbewerber-ja-massenunterbringung-nein-stoppt-den-geplanten-bau-in-brombach-wir-brauchen-eine-faire-l%C3%B6sung\">https:\/\/www.change.org\/de\/Petitionen\/frau-ob-heute-bluhm-asylbewerber-ja-massenunterbringung-nein-stoppt-den-geplanten-bau-in-brombach-wir-brauchen-eine-faire-l%C3%B6sung<\/a><br \/>\n.<\/p>\n<p><strong>Kleine Wohneinheiten statt Ghetto<\/strong><br \/>\nSo manche Kommentatoren\/innen interpretieren hier etwas in die Situation, was schlichtweg Populismus darstellt. Ich lese in keinster Weise heraus, das sich die Initiatorin gegen Asylbewerber richtet. Es scheint doch eher die Angst umzugehen das ein &#8222;Ghetto&#8220; f\u00fcr jeweils 150 verfolgte Menschen gebaut werden soll, was sicher einer Integration nicht f\u00f6rderlich ist. Das da auch pers\u00f6nliche Interessen durchklingen (Immobilienpreise,&#8230;.) , das ist doch legitim. Ich pers\u00f6nlich w\u00fcrde solch eine Petition nicht mittragen, kann aber durchaus Verunsicherungen bei Teilen der Brombacher Bev\u00f6lkerung verstehen. Es bleibt zu hoffen, das der zust\u00e4ndige Landkreis der Bev\u00f6lkerung ein tragf\u00e4higes Konzept vorstellt, und warum nicht kleinere Wohneinheiten, damit die von Krieg und Leid verfolgten Menschen eine bessere Chance erhalten sich hier zu integrieren. Desweiteren w\u00fcnsche ich den Initiatoren, das sie sich nicht vom rechten Gesocks vor den Karren spannen l\u00e4\u00dft.<br \/>\n11.6.2014, Andreas Daute<\/p>\n<p>Man darf nicht den Fehler begehen und von weinigen auf die B\u00fcrger einer ganzen Stadt schlie\u00dfen.<br \/>\n113 Unterzeichner bedeuten im Umkehrschlu\u00df da\u00df die \u00fcberwiegende Mehrheit der L\u00f6rracher und Brombacher B\u00fcrger tolerant und positiv eingestellt ist und nur eine kleine Randgruppe gegen die Fl\u00fcchtlingsunterkunft ist.<br \/>\n11.6.2014, Manuel<br \/>\n.<br \/>\n<strong>Altbau statt Neubau<\/strong><br \/>\nIch bin gegen den Bau des Asylbewerberheimes, da ich der Meinung bin, dass es gen\u00fcgend Schul- und Kinderg\u00e4rten gibt, welche dringend saniert werden sollten. Da ich selbst Ausl\u00e4nder bin, hat dies nichts mit Ausl\u00e4nderfeindlichkeit zu tun!! Ein Altbau w\u00fcrde doch reichen? Aber ein Neubau mitten in Brombach? Warum muss dies der Steuerzahler bezahlen? Wir brauchen Fachkr\u00e4fte (Italien, Spanien, Portugal) und keine &#8222;Fl\u00fcchtlinge&#8220;, welche (leider) auch hier keine Perspektive haben, da es Ihnen an Bildung und Offenheit fehlt.<br \/>\n11.6.2014, Raffael Ciraldo<\/p>\n<p>&nbsp;<\/p>\n<p><strong>Gro\u00dfunterkunft oder kleine Einrichtungen<\/strong><br \/>\nDie Tatsache dass sich L\u00f6rrach entschieden hat, die 150 Fl\u00fcchtlinge an einem Ort unterzubringen zeigt, wie gro\u00df die Schwierigkeiten sind, eine solche Entscheidung durchzusetzen. Baut man eine Gro\u00dfunterkunft an einem Ort hat man 113 Opponenten aus der kleinen Nachbarschaft. Baut man 10 Einrichtungen f\u00fcr je 15 Fl\u00fcchtlinge verteilt \u00fcber die ganze Stadt, dann hat die Verwaltung die H\u00f6lle auf Erden. Denn jene, die sich nun im Gutmenschentum suhlen, h\u00e4tten ansonsten ebenfalls &#8222;gute Gr\u00fcnde&#8220; finden m\u00fcssen, warum es in ihrer Nachbarschaft bei aller grunds\u00e4tzlichen Zustimmung gerade nicht geht. Von daher sollte sich jeder mit Kritik an den aufst\u00e4ndischen Anwohnern zur\u00fcckhalten, wenn er nicht im gleichen Atemzug eine Wohnung in seiner Nachbarschaft benennt, in die Fl\u00fcchtlinge einziehen k\u00f6nnen.<br \/>\n11.6.2014, Reiner Bombach<\/p>\n<p><strong>Ohne t\u00e4gliche Sozialarbeiter-Hilfe geht es nicht<\/strong><br \/>\nAls in unserer kleinen Gemeinde ein Asylbewerberheim mit \u00fcber 100 Menschen geplant wurde, hat die Gemeinde dann die Unterbringung von ca. 100 auf 45 Personen heruntergehandelt. Das Haus ist proper und es gibt fast nur 2-Bett-Zimmer. Die anf\u00e4nglichen Bedenken aus der Bev\u00f6lkerung konnten dank vieler ehrenamtlicher Helfer bis jetzt zerstreut werden. Unsere Gemeinde lebt vom Tourismus und das Haus steht nicht an ungesehener Stelle sondern fast mitten drin. Man muss die Zust\u00e4ndigen von den Landrats\u00e4mtern verstehen: der Zustrom rei\u00dft nicht ab und es wird in Zukunft immer mehr Wohnraum zu beschaffen sein. Da unsere Gemeinde nicht in der N\u00e4he einer Stadt liegt, haben wir einen Fahrdienst zum n\u00e4chsten Supermarkt organisiert, ebenso, gleich zu Anfang nach der Ankunft, einen Deutschkurs. Aus der Bev\u00f6lkerung kamen dazu sehr gro\u00dfz\u00fcgig die Spenden. Familien mit Kindern wurden, da wir keinen Ortskern besitzen, nicht zugewiesen, wohl aber seit einem Jahr schwangere Afrikanerinnen, die dann ihr Baby in unserem zust\u00e4ndigen Krankenhaus auf die Welt gebracht haben. Diese Frauen haben in der Regel ein schlimmes Schicksal hinter sich. In dem Haus waren und sind viele unterschiedliche Kulturen und Bildungsgrade unter einem Dach untergebracht mit st\u00e4ndigem Wechsel, je nach Status der Anerkennung, das allein ist schon Sprengstoff genug: aus Afghanistan, Pakistan, Iran, Syrien, verschiedene L\u00e4nder aus Afrika,Tibet, dem Balkan, um nur einige zu nennen. Manche haben ein Studium in ihrem Land absolviert, sind bem\u00fcht Deutsch zu lernen und sind bald wieder aus unserm Haus verschwunden. Andere bem\u00fchen sich Deutsch zu lernen, obwohl oft die Vermutung nahe liegt, dass weder Schreib- noch Rechenkenntnisse vorhanden sind, wieder andere wollen gar kein Deutsch lernen. Da treibt einen dann auch der Umgang mit Geld, vor allem bei den jungen M\u00fcttern, schon mal zur Verzweiflung. Da die neu geborenen Babys sehr wohl von unserm Staat gut versorgt werden, die M\u00fctter aber dringend Anleitung beim Ausgeben der &#8222;Sch\u00e4tze&#8220; ben\u00f6tigen, wird dann meist das i-phone der Babynahrung oder dem Kinderbett vorgezogen. Wenn Wohnungen endlich gefunden werden, man nette Vermieter gefunden hat, dann kommt das n\u00e4chste Problem: In den meisten F\u00e4llen wird die W\u00e4sche auf der Heizung getrocknet, die Sommer wie Winter auf Hochtouren l\u00e4uft, damit die gewohnten Temperaturen erreicht werden. Fenster sind mit Rolladen verschlossen, von L\u00fcften keine Spur. Man sitzt auch schon mal unter der Dusche auf einem Hocker, das Wasser steht ja immer zur Verf\u00fcgung. Nach sp\u00e4testens einem halben Jahr ist die Wohnung total verschimmelt und der Vermieter steht kurz vor der Einweisung ins Irrenhaus. Wohl gemerkt: so sind nicht alle, aber das, was ich hier beschreibe, wird uns dauerhaft in den n\u00e4chsten Jahren zum Problem werden. Das k\u00f6nnen die wenigen Ehrenamtlichen und die Betreuer vom Landratsamt an der Basis nicht auffangen. Hier fehlen gen\u00fcgend Helfer, die bei der Eingew\u00f6hnung in unsere Kultur Hilfestellung geben und eine Eingliederung in unsere Gesellschft erm\u00f6glichen. Dazu braucht es aber Ver\u00e4nderungen durch politische L\u00f6sungen, gute Informationen und vor allen Dingen vertrauensvolle und offene Zusammenarbeit von allen Beteiligten, damit wir dauerhaft und sinnvoll helfen k\u00f6nnen. So ist es zur Zeit nur das ber\u00fchmte &#8222;Hamsterrad&#8220;, das sich immer mehr fremdgesteuert in der Geschwindigkeit steigert.\u00a0 Fakt ist: Es ist nicht unbedingt die Gr\u00f6\u00dfe und die Lage eines Hauses f\u00fcr die Asylsuchenden ausschlaggebend, sondern die Betreuung an der Basis mit gen\u00fcgend ehrenamtlichen Helfern und Angestellten vom Landratsamt, die dann auch ihr Bestes geben k\u00f6nnen, wenn sie sehen, dass ihre Hilfe nicht verpufft. Bei uns, in unserer Asylbewerberunterkunft, ist n\u00e4mlich seit Dezember letzten Jahres der Sozialarbeiter nur 3 Mal pro Woche f\u00fcr 1,5 Stunden anwesend und das auch oft nicht, obwohl uns das vom Landratsamt zugesicht worden war. Hilfe wird bei der in der N\u00e4he wohnenden Deutschlehrerin gesucht, die Samstag und Sonntag unfreiwillige Ansprechpartnerin ist und dann auch schon mal nachts mit dem zust\u00e4ndigen Notarzt telefonieren muss, um einen nicht notwendigen Einsatz abzuwenden. Ich k\u00f6nnte noch einen ganzen Roman aus meinen Erfahrungen zusammenstellen. Wir m\u00fcssen helfen, das ist klar! Aber wir m\u00fcssen unsere Hilfe gemeinsam besser organisieren. Vielleicht k\u00f6nnte ein Runder Tisch mit Betroffenen an der Basis und mit zust\u00e4ndigen Politikern tragf\u00e4hige L\u00f6sungen erarbeiten. Alle Helfer an der Basis w\u00e4ren sicher dankbar.<br \/>\n11.6.2014, Heidi Bauer<\/p>\n<p>&nbsp;<\/p>\n<p>&nbsp;<\/p>\n<p>&nbsp;<\/p>\n<div><strong>Theater Hammerschmiedstrasse &#8211; Kapriole<\/strong><br \/>\nJugendliche aus der\u00a0Fluechtlingsunterkunft\u00a0Hammerschmiedstra\u00dfe und Jugendliche der\u00a0Freien demokratischen <a title=\"Konrad-Guenther-Park\" href=\"https:\/\/www.freiburg-schwarzwald.de\/blog\/regio\/freiburg\/oberwiehre\/konrad-guenther-park\/\">Schule Kapriole<\/a>\u00a0in Littenweiler\u00a0erarbeiten gemeinsam ein Theaterst\u00fcck.\u00a0Ein Skript f\u00fcr die B\u00fchne\u00a0entsteht St\u00fcck f\u00fcr St\u00fcck. Dabei\u00a0gehen wir von einer Familie\u00a0aus, die in heutiger\u00a0Zeit aus einem durch Krieg zerr\u00fctteten Deutschland flieht.\u00a0Das St\u00fcck wirft Fragen auf zum Leben im Fl\u00fcchtlingswohnheim, zur Fl\u00fcchtlingspolitik, zu Kinder- und Menschenrechten. Anfang Mai 2014 werden die Proben in einer Auff\u00fchrung m\u00fcnden.<\/div>\n<div>Die genauen Termine werden noch bekannt gegeben.<\/div>\n<div>29.1.2014, \u00a0<a href=\"https:\/\/roma-soccer.blogspot.de\/\">https:\/\/roma-soccer.blogspot.de\/<\/a><\/div>\n<div><\/div>\n<div><\/div>\n<p><strong>Acht Monate als Sch\u00fcler\u00a0im Asylantenheim Hammerschmiedstrasse<\/strong><br \/>\n&#8222;Wir sind Kurden und kommen aus dem Irak. Aufgrund unserer Religion (Yesiden) wurden wir dort verfolgt. Wir mussten aus dem Irak fliehen, weil dort schon seit 2003 Krieg, Gewalt und Unterdr\u00fcckung herrschen. Meine Mutter, meine vier j\u00fcngeren Geschwister und ich kamen im Dezember 2010 mit dem Flugzeug von Damaskus nach D\u00fcsseldorf. In Damaskus, der Hauptstadt von Syrien, hatten wir unser Visum und unsere P\u00e4sse bekommen. Von D\u00fcsseldorf fuhren wir mit dem Zug nach Freiburg. Dort lebte mein Vater schon seit drei Jahren. Zuerst kamen wir ins Asylantenheim in der Hammerschmiedstra\u00dfe, wo wir mit zwei Gro\u00dffamilien w\u00e4hrend der ersten acht Monate auf 55 Quadratmetern lebten. Es gab dort keine Betten, und wir schliefen alle auf Matratzen. Die Einrichtung bestand nur aus Schr\u00e4nken und sechs Matratzen. Dadurch dass wir kein Deutsch konnten, hatten wir keine Freunde und Bekannten. Man f\u00fchlt sich sehr hilflos und alleine gelassen. Nach acht Wochen durften mein Bruder und ich zum ersten Mal in die Schule. Wir lernten einzelne W\u00f6rter, die bald zu S\u00e4tzen wurden und auch die Kontakte zu Mitsch\u00fclern wuchsen. Trotzdem war ich alleine, traute mich nicht hinaus und sa\u00df nur zu Hause.<br \/>\n22.3.2012, Walid Kheder, Friedrich-Weinbrenner-Gewerbeschule Freiburg, Kooperationsklasse<\/p>\n<p><strong>20 Jahre Fl\u00fcchtlingswohnheim Hammerschmiedstrasse &#8211; 1992-2012<\/strong><\/p>\n<p>Wilfried Nagel, engagiert beim B\u00fcrgerverein und SPD-Ortsverein Oberwiehre-Waldsee. Umso wichtiger fand er den \u2013 \u00fcberwiegend weiblichen \u2013 Unterst\u00fctzungskreis der Dreifaltigkeitsgemeinde, der 20 Jahre sp\u00e4ter auf f\u00fcnf Leute geschrumpft, immer noch kleine Anschaffungen finanziert. Mehr tut sich inzwischen au\u00dfer bei der Frauengruppe bei den Patenschaften des Vereins &#8222;Zeit f\u00fcr Kinder&#8220; und beim Fu\u00dfballspielen, das Studierende, organisiert vom Sozialreferat der P\u00e4dagogischen Hochschule, mit gro\u00dfer Nachfrage f\u00fcr Kinder und Jugendliche anbieten.<br \/>\nAlles vom 10.7.2012 bitte lesen auf<br \/>\n<a href=\"https:\/\/www.badische-zeitung.de\/freiburg-ost\/zu-hause-im-provisorium--61361066.html\">https:\/\/www.badische-zeitung.de\/freiburg-ost\/zu-hause-im-provisorium&#8211;61361066.html<\/a><br \/>\n&#8211;<\/p>\n<p><strong>Sommerfest am\u00a0Samstag, 14. Juli 2012<br \/>\n<\/strong><br \/>\nSommerfest von 16 bis 19 Uhr im Fl\u00fcchtlingswohnheim \u00a0Hammerschmiedstra\u00dfe 18 a bis e, mit Musik von Al Jawalla, Anita Morasch, Musikern aus der Unterkunft (drei Gruppen schlossen sich zusammen zu den &#8222;Hammerschmied-Jungs&#8220;) und Kindern Klasse 2 der Reinhold-Schneider-Schule. Eintritt frei.<\/p>\n<div id='gallery-1' class='gallery galleryid-6918 gallery-columns-3 gallery-size-thumbnail'><dl class='gallery-item'>\n\t\t\t<dt class='gallery-icon landscape'>\n\t\t\t\t<a href='https:\/\/www.freiburg-schwarzwald.de\/blog\/selbsthilfe\/soziales\/fluechtlingswohnheim\/fluechtling0sueden120714\/'><img loading=\"lazy\" decoding=\"async\" width=\"180\" height=\"135\" src=\"https:\/\/www.freiburg-schwarzwald.de\/blog\/wp-content\/uploads\/2012\/07\/fluechtling0sueden120714-180x135.jpg\" class=\"attachment-thumbnail size-thumbnail\" alt=\"\" aria-describedby=\"gallery-1-6973\" srcset=\"https:\/\/www.freiburg-schwarzwald.de\/blog\/wp-content\/uploads\/2012\/07\/fluechtling0sueden120714-180x135.jpg 180w, https:\/\/www.freiburg-schwarzwald.de\/blog\/wp-content\/uploads\/2012\/07\/fluechtling0sueden120714.jpg 640w\" sizes=\"auto, (max-width: 180px) 100vw, 180px\" \/><\/a>\n\t\t\t<\/dt>\n\t\t\t\t<dd class='wp-caption-text gallery-caption' id='gallery-1-6973'>\n\t\t\t\tFluechtlingswohnheim 14.7.2012 Sommerfest &#8211; Innenhof\n\t\t\t\t<\/dd><\/dl><dl class='gallery-item'>\n\t\t\t<dt class='gallery-icon landscape'>\n\t\t\t\t<a href='https:\/\/www.freiburg-schwarzwald.de\/blog\/selbsthilfe\/soziales\/fluechtlingswohnheim\/fluechtling1anita120714\/'><img loading=\"lazy\" decoding=\"async\" width=\"180\" height=\"135\" src=\"https:\/\/www.freiburg-schwarzwald.de\/blog\/wp-content\/uploads\/2012\/07\/fluechtling1anita120714-180x135.jpg\" class=\"attachment-thumbnail size-thumbnail\" alt=\"\" aria-describedby=\"gallery-1-6974\" srcset=\"https:\/\/www.freiburg-schwarzwald.de\/blog\/wp-content\/uploads\/2012\/07\/fluechtling1anita120714-180x135.jpg 180w, https:\/\/www.freiburg-schwarzwald.de\/blog\/wp-content\/uploads\/2012\/07\/fluechtling1anita120714.jpg 640w\" sizes=\"auto, (max-width: 180px) 100vw, 180px\" \/><\/a>\n\t\t\t<\/dt>\n\t\t\t\t<dd class='wp-caption-text gallery-caption' id='gallery-1-6974'>\n\t\t\t\tFl\u00fcchtlingswohnheim 14.7.2012 &#8211; Anita Morasch singt\n\t\t\t\t<\/dd><\/dl><dl class='gallery-item'>\n\t\t\t<dt class='gallery-icon portrait'>\n\t\t\t\t<a href='https:\/\/www.freiburg-schwarzwald.de\/blog\/selbsthilfe\/soziales\/fluechtlingswohnheim\/fluechtling2sozialarbeit120714\/'><img loading=\"lazy\" decoding=\"async\" width=\"135\" height=\"180\" src=\"https:\/\/www.freiburg-schwarzwald.de\/blog\/wp-content\/uploads\/2012\/07\/fluechtling2sozialarbeit120714-135x180.jpg\" class=\"attachment-thumbnail size-thumbnail\" alt=\"\" aria-describedby=\"gallery-1-6975\" srcset=\"https:\/\/www.freiburg-schwarzwald.de\/blog\/wp-content\/uploads\/2012\/07\/fluechtling2sozialarbeit120714-135x180.jpg 135w, https:\/\/www.freiburg-schwarzwald.de\/blog\/wp-content\/uploads\/2012\/07\/fluechtling2sozialarbeit120714.jpg 480w\" sizes=\"auto, (max-width: 135px) 100vw, 135px\" \/><\/a>\n\t\t\t<\/dt>\n\t\t\t\t<dd class='wp-caption-text gallery-caption' id='gallery-1-6975'>\n\t\t\t\tFl\u00fcchtlingswohnheim 14.7.2012 &#8211; Die Sozialarbeiterinnen begruessen zum Sommerfest\n\t\t\t\t<\/dd><\/dl><br style=\"clear: both\" \/><dl class='gallery-item'>\n\t\t\t<dt class='gallery-icon landscape'>\n\t\t\t\t<a href='https:\/\/www.freiburg-schwarzwald.de\/blog\/selbsthilfe\/soziales\/fluechtlingswohnheim\/fluechtling3kienzler120714\/'><img loading=\"lazy\" decoding=\"async\" width=\"180\" height=\"135\" src=\"https:\/\/www.freiburg-schwarzwald.de\/blog\/wp-content\/uploads\/2012\/07\/fluechtling3kienzler120714-180x135.jpg\" class=\"attachment-thumbnail size-thumbnail\" alt=\"\" aria-describedby=\"gallery-1-6976\" srcset=\"https:\/\/www.freiburg-schwarzwald.de\/blog\/wp-content\/uploads\/2012\/07\/fluechtling3kienzler120714-180x135.jpg 180w, https:\/\/www.freiburg-schwarzwald.de\/blog\/wp-content\/uploads\/2012\/07\/fluechtling3kienzler120714.jpg 640w\" sizes=\"auto, (max-width: 180px) 100vw, 180px\" \/><\/a>\n\t\t\t<\/dt>\n\t\t\t\t<dd class='wp-caption-text gallery-caption' id='gallery-1-6976'>\n\t\t\t\tFl\u00fcchtlingswohnheim 14.7.2012 &#8211; Pfarrer Kienzler Littenweiler\n\t\t\t\t<\/dd><\/dl><dl class='gallery-item'>\n\t\t\t<dt class='gallery-icon landscape'>\n\t\t\t\t<a href='https:\/\/www.freiburg-schwarzwald.de\/blog\/selbsthilfe\/soziales\/fluechtlingswohnheim\/fluechtling4menzinger120714\/'><img loading=\"lazy\" decoding=\"async\" width=\"180\" height=\"135\" src=\"https:\/\/www.freiburg-schwarzwald.de\/blog\/wp-content\/uploads\/2012\/07\/fluechtling4menzinger120714-180x135.jpg\" class=\"attachment-thumbnail size-thumbnail\" alt=\"\" aria-describedby=\"gallery-1-6977\" srcset=\"https:\/\/www.freiburg-schwarzwald.de\/blog\/wp-content\/uploads\/2012\/07\/fluechtling4menzinger120714-180x135.jpg 180w, https:\/\/www.freiburg-schwarzwald.de\/blog\/wp-content\/uploads\/2012\/07\/fluechtling4menzinger120714.jpg 640w\" sizes=\"auto, (max-width: 180px) 100vw, 180px\" \/><\/a>\n\t\t\t<\/dt>\n\t\t\t\t<dd class='wp-caption-text gallery-caption' id='gallery-1-6977'>\n\t\t\t\tFl\u00fcchtlingswohnheim 14.7.2012 &#8211; Glueckwuensche am Container\n\t\t\t\t<\/dd><\/dl><dl class='gallery-item'>\n\t\t\t<dt class='gallery-icon landscape'>\n\t\t\t\t<a href='https:\/\/www.freiburg-schwarzwald.de\/blog\/selbsthilfe\/soziales\/fluechtlingswohnheim\/fluechtling5menzinger-bona120714\/'><img loading=\"lazy\" decoding=\"async\" width=\"180\" height=\"135\" src=\"https:\/\/www.freiburg-schwarzwald.de\/blog\/wp-content\/uploads\/2012\/07\/fluechtling5menzinger-bona120714-180x135.jpg\" class=\"attachment-thumbnail size-thumbnail\" alt=\"\" aria-describedby=\"gallery-1-6978\" srcset=\"https:\/\/www.freiburg-schwarzwald.de\/blog\/wp-content\/uploads\/2012\/07\/fluechtling5menzinger-bona120714-180x135.jpg 180w, https:\/\/www.freiburg-schwarzwald.de\/blog\/wp-content\/uploads\/2012\/07\/fluechtling5menzinger-bona120714.jpg 640w\" sizes=\"auto, (max-width: 180px) 100vw, 180px\" \/><\/a>\n\t\t\t<\/dt>\n\t\t\t\t<dd class='wp-caption-text gallery-caption' id='gallery-1-6978'>\n\t\t\t\tFl\u00fcchtlingswohnheim 14.7.2012 &#8211; Blumen von Herrn Bona an Frau Menzinger\n\t\t\t\t<\/dd><\/dl><br style=\"clear: both\" \/><dl class='gallery-item'>\n\t\t\t<dt class='gallery-icon landscape'>\n\t\t\t\t<a href='https:\/\/www.freiburg-schwarzwald.de\/blog\/selbsthilfe\/soziales\/fluechtlingswohnheim\/fluechtling6hammerschmied120714\/'><img loading=\"lazy\" decoding=\"async\" width=\"180\" height=\"135\" src=\"https:\/\/www.freiburg-schwarzwald.de\/blog\/wp-content\/uploads\/2012\/07\/fluechtling6hammerschmied120714-180x135.jpg\" class=\"attachment-thumbnail size-thumbnail\" alt=\"\" aria-describedby=\"gallery-1-6979\" srcset=\"https:\/\/www.freiburg-schwarzwald.de\/blog\/wp-content\/uploads\/2012\/07\/fluechtling6hammerschmied120714-180x135.jpg 180w, https:\/\/www.freiburg-schwarzwald.de\/blog\/wp-content\/uploads\/2012\/07\/fluechtling6hammerschmied120714.jpg 640w\" sizes=\"auto, (max-width: 180px) 100vw, 180px\" \/><\/a>\n\t\t\t<\/dt>\n\t\t\t\t<dd class='wp-caption-text gallery-caption' id='gallery-1-6979'>\n\t\t\t\tFl\u00fcchtlingswohnheim 14.7.2012 &#8211; Kleingartenverein\n\t\t\t\t<\/dd><\/dl><dl class='gallery-item'>\n\t\t\t<dt class='gallery-icon landscape'>\n\t\t\t\t<a href='https:\/\/www.freiburg-schwarzwald.de\/blog\/selbsthilfe\/soziales\/fluechtlingswohnheim\/fluechtling7mundharmonika120714\/'><img loading=\"lazy\" decoding=\"async\" width=\"180\" height=\"135\" src=\"https:\/\/www.freiburg-schwarzwald.de\/blog\/wp-content\/uploads\/2012\/07\/fluechtling7mundharmonika120714-180x135.jpg\" class=\"attachment-thumbnail size-thumbnail\" alt=\"\" aria-describedby=\"gallery-1-6980\" srcset=\"https:\/\/www.freiburg-schwarzwald.de\/blog\/wp-content\/uploads\/2012\/07\/fluechtling7mundharmonika120714-180x135.jpg 180w, https:\/\/www.freiburg-schwarzwald.de\/blog\/wp-content\/uploads\/2012\/07\/fluechtling7mundharmonika120714.jpg 640w\" sizes=\"auto, (max-width: 180px) 100vw, 180px\" \/><\/a>\n\t\t\t<\/dt>\n\t\t\t\t<dd class='wp-caption-text gallery-caption' id='gallery-1-6980'>\n\t\t\t\tFl\u00fcchtlingswohnheim 14.7.2012 &#8211; Mundharmonika Klasse 2 der Reinhold-Schneider-Schule\n\t\t\t\t<\/dd><\/dl><dl class='gallery-item'>\n\t\t\t<dt class='gallery-icon portrait'>\n\t\t\t\t<a href='https:\/\/www.freiburg-schwarzwald.de\/blog\/selbsthilfe\/soziales\/fluechtlingswohnheim\/fluechtling8maedchen120714\/'><img loading=\"lazy\" decoding=\"async\" width=\"142\" height=\"180\" src=\"https:\/\/www.freiburg-schwarzwald.de\/blog\/wp-content\/uploads\/2012\/07\/fluechtling8maedchen120714-142x180.jpg\" class=\"attachment-thumbnail size-thumbnail\" alt=\"\" aria-describedby=\"gallery-1-6981\" srcset=\"https:\/\/www.freiburg-schwarzwald.de\/blog\/wp-content\/uploads\/2012\/07\/fluechtling8maedchen120714-142x180.jpg 142w, https:\/\/www.freiburg-schwarzwald.de\/blog\/wp-content\/uploads\/2012\/07\/fluechtling8maedchen120714.jpg 504w\" sizes=\"auto, (max-width: 142px) 100vw, 142px\" \/><\/a>\n\t\t\t<\/dt>\n\t\t\t\t<dd class='wp-caption-text gallery-caption' id='gallery-1-6981'>\n\t\t\t\tFl\u00fcchtlingswohnheim 14.7.2012 &#8211; Zwei am Container\n\t\t\t\t<\/dd><\/dl><br style=\"clear: both\" \/><dl class='gallery-item'>\n\t\t\t<dt class='gallery-icon landscape'>\n\t\t\t\t<a href='https:\/\/www.freiburg-schwarzwald.de\/blog\/selbsthilfe\/soziales\/fluechtlingswohnheim\/fluechtling9maedchen120714\/'><img loading=\"lazy\" decoding=\"async\" width=\"180\" height=\"142\" src=\"https:\/\/www.freiburg-schwarzwald.de\/blog\/wp-content\/uploads\/2012\/07\/fluechtling9maedchen120714-180x142.jpg\" class=\"attachment-thumbnail size-thumbnail\" alt=\"\" aria-describedby=\"gallery-1-6982\" srcset=\"https:\/\/www.freiburg-schwarzwald.de\/blog\/wp-content\/uploads\/2012\/07\/fluechtling9maedchen120714-180x142.jpg 180w, https:\/\/www.freiburg-schwarzwald.de\/blog\/wp-content\/uploads\/2012\/07\/fluechtling9maedchen120714.jpg 640w\" sizes=\"auto, (max-width: 180px) 100vw, 180px\" \/><\/a>\n\t\t\t<\/dt>\n\t\t\t\t<dd class='wp-caption-text gallery-caption' id='gallery-1-6982'>\n\t\t\t\tFl\u00fcchtlingswohnheim 14.7.2012 &#8211; Vier am Container\n\t\t\t\t<\/dd><\/dl><dl class='gallery-item'>\n\t\t\t<dt class='gallery-icon landscape'>\n\t\t\t\t<a href='https:\/\/www.freiburg-schwarzwald.de\/blog\/selbsthilfe\/soziales\/fluechtlingswohnheim\/fluechtling10maedchen120714\/'><img loading=\"lazy\" decoding=\"async\" width=\"180\" height=\"135\" src=\"https:\/\/www.freiburg-schwarzwald.de\/blog\/wp-content\/uploads\/2012\/07\/fluechtling10maedchen120714-180x135.jpg\" class=\"attachment-thumbnail size-thumbnail\" alt=\"\" aria-describedby=\"gallery-1-6983\" srcset=\"https:\/\/www.freiburg-schwarzwald.de\/blog\/wp-content\/uploads\/2012\/07\/fluechtling10maedchen120714-180x135.jpg 180w, https:\/\/www.freiburg-schwarzwald.de\/blog\/wp-content\/uploads\/2012\/07\/fluechtling10maedchen120714.jpg 640w\" sizes=\"auto, (max-width: 180px) 100vw, 180px\" \/><\/a>\n\t\t\t<\/dt>\n\t\t\t\t<dd class='wp-caption-text gallery-caption' id='gallery-1-6983'>\n\t\t\t\tFl\u00fcchtlingswohnheim 14.7.2012 &#8211; im Innenhof\n\t\t\t\t<\/dd><\/dl><dl class='gallery-item'>\n\t\t\t<dt class='gallery-icon landscape'>\n\t\t\t\t<a href='https:\/\/www.freiburg-schwarzwald.de\/blog\/selbsthilfe\/soziales\/fluechtlingswohnheim\/fluechtling11liebner120714\/'><img loading=\"lazy\" decoding=\"async\" width=\"180\" height=\"135\" src=\"https:\/\/www.freiburg-schwarzwald.de\/blog\/wp-content\/uploads\/2012\/07\/fluechtling11liebner120714-180x135.jpg\" class=\"attachment-thumbnail size-thumbnail\" alt=\"\" aria-describedby=\"gallery-1-6984\" srcset=\"https:\/\/www.freiburg-schwarzwald.de\/blog\/wp-content\/uploads\/2012\/07\/fluechtling11liebner120714-180x135.jpg 180w, https:\/\/www.freiburg-schwarzwald.de\/blog\/wp-content\/uploads\/2012\/07\/fluechtling11liebner120714.jpg 640w\" sizes=\"auto, (max-width: 180px) 100vw, 180px\" \/><\/a>\n\t\t\t<\/dt>\n\t\t\t\t<dd class='wp-caption-text gallery-caption' id='gallery-1-6984'>\n\t\t\t\tFl\u00fcchtlingswohnheim 14.7.2012 &#8211; Frau Liebner, fr\u00fchere Rektorin der RSS\n\t\t\t\t<\/dd><\/dl><br style=\"clear: both\" \/><dl class='gallery-item'>\n\t\t\t<dt class='gallery-icon portrait'>\n\t\t\t\t<a href='https:\/\/www.freiburg-schwarzwald.de\/blog\/selbsthilfe\/soziales\/fluechtlingswohnheim\/fluechtlingswohnheim12buffet120714\/'><img loading=\"lazy\" decoding=\"async\" width=\"139\" height=\"180\" src=\"https:\/\/www.freiburg-schwarzwald.de\/blog\/wp-content\/uploads\/2012\/07\/fluechtlingswohnheim12buffet120714-139x180.jpg\" class=\"attachment-thumbnail size-thumbnail\" alt=\"\" aria-describedby=\"gallery-1-6985\" srcset=\"https:\/\/www.freiburg-schwarzwald.de\/blog\/wp-content\/uploads\/2012\/07\/fluechtlingswohnheim12buffet120714-139x180.jpg 139w, https:\/\/www.freiburg-schwarzwald.de\/blog\/wp-content\/uploads\/2012\/07\/fluechtlingswohnheim12buffet120714.jpg 494w\" sizes=\"auto, (max-width: 139px) 100vw, 139px\" \/><\/a>\n\t\t\t<\/dt>\n\t\t\t\t<dd class='wp-caption-text gallery-caption' id='gallery-1-6985'>\n\t\t\t\tFl\u00fcchtlingswohnheim 14.7.2012 &#8211; Kuchen vom Freundeskreis\n\t\t\t\t<\/dd><\/dl><dl class='gallery-item'>\n\t\t\t<dt class='gallery-icon landscape'>\n\t\t\t\t<a href='https:\/\/www.freiburg-schwarzwald.de\/blog\/selbsthilfe\/soziales\/fluechtlingswohnheim\/fluechtlingswohnheim13buffet120714\/'><img loading=\"lazy\" decoding=\"async\" width=\"180\" height=\"135\" src=\"https:\/\/www.freiburg-schwarzwald.de\/blog\/wp-content\/uploads\/2012\/07\/fluechtlingswohnheim13buffet120714-180x135.jpg\" class=\"attachment-thumbnail size-thumbnail\" alt=\"\" aria-describedby=\"gallery-1-6986\" srcset=\"https:\/\/www.freiburg-schwarzwald.de\/blog\/wp-content\/uploads\/2012\/07\/fluechtlingswohnheim13buffet120714-180x135.jpg 180w, https:\/\/www.freiburg-schwarzwald.de\/blog\/wp-content\/uploads\/2012\/07\/fluechtlingswohnheim13buffet120714.jpg 640w\" sizes=\"auto, (max-width: 180px) 100vw, 180px\" \/><\/a>\n\t\t\t<\/dt>\n\t\t\t\t<dd class='wp-caption-text gallery-caption' id='gallery-1-6986'>\n\t\t\t\tFl\u00fcchtlingswohnheim 14.7.2012 &#8211; Selbstgebackenes aus vielen L\u00e4ndern\n\t\t\t\t<\/dd><\/dl><dl class='gallery-item'>\n\t\t\t<dt class='gallery-icon landscape'>\n\t\t\t\t<a href='https:\/\/www.freiburg-schwarzwald.de\/blog\/selbsthilfe\/soziales\/fluechtlingswohnheim\/fluechtlingswohnheim14hock120714\/'><img loading=\"lazy\" decoding=\"async\" width=\"180\" height=\"139\" src=\"https:\/\/www.freiburg-schwarzwald.de\/blog\/wp-content\/uploads\/2012\/07\/fluechtlingswohnheim14hock120714-180x139.jpg\" class=\"attachment-thumbnail size-thumbnail\" alt=\"\" aria-describedby=\"gallery-1-6987\" srcset=\"https:\/\/www.freiburg-schwarzwald.de\/blog\/wp-content\/uploads\/2012\/07\/fluechtlingswohnheim14hock120714-180x139.jpg 180w, https:\/\/www.freiburg-schwarzwald.de\/blog\/wp-content\/uploads\/2012\/07\/fluechtlingswohnheim14hock120714.jpg 638w\" sizes=\"auto, (max-width: 180px) 100vw, 180px\" \/><\/a>\n\t\t\t<\/dt>\n\t\t\t\t<dd class='wp-caption-text gallery-caption' id='gallery-1-6987'>\n\t\t\t\tFl\u00fcchtlingswohnheim 14.7.2012 &#8211; Hock im Innenhof\n\t\t\t\t<\/dd><\/dl><br style=\"clear: both\" \/><dl class='gallery-item'>\n\t\t\t<dt class='gallery-icon landscape'>\n\t\t\t\t<a href='https:\/\/www.freiburg-schwarzwald.de\/blog\/selbsthilfe\/soziales\/fluechtlingswohnheim\/fluechtlingswohnheim15spielmobil120714\/'><img loading=\"lazy\" decoding=\"async\" width=\"180\" height=\"135\" src=\"https:\/\/www.freiburg-schwarzwald.de\/blog\/wp-content\/uploads\/2012\/07\/fluechtlingswohnheim15spielmobil120714-180x135.jpg\" class=\"attachment-thumbnail size-thumbnail\" alt=\"\" aria-describedby=\"gallery-1-6988\" srcset=\"https:\/\/www.freiburg-schwarzwald.de\/blog\/wp-content\/uploads\/2012\/07\/fluechtlingswohnheim15spielmobil120714-180x135.jpg 180w, https:\/\/www.freiburg-schwarzwald.de\/blog\/wp-content\/uploads\/2012\/07\/fluechtlingswohnheim15spielmobil120714.jpg 640w\" sizes=\"auto, (max-width: 180px) 100vw, 180px\" \/><\/a>\n\t\t\t<\/dt>\n\t\t\t\t<dd class='wp-caption-text gallery-caption' id='gallery-1-6988'>\n\t\t\t\tFl\u00fcchtlingswohnheim 14.7.2012 &#8211; Spielmobil im Garten\n\t\t\t\t<\/dd><\/dl><dl class='gallery-item'>\n\t\t\t<dt class='gallery-icon portrait'>\n\t\t\t\t<a href='https:\/\/www.freiburg-schwarzwald.de\/blog\/selbsthilfe\/soziales\/fluechtlingswohnheim\/fluechtlingswohnheim16fernsehen120714\/'><img loading=\"lazy\" decoding=\"async\" width=\"135\" height=\"180\" src=\"https:\/\/www.freiburg-schwarzwald.de\/blog\/wp-content\/uploads\/2012\/07\/fluechtlingswohnheim16fernsehen120714-135x180.jpg\" class=\"attachment-thumbnail size-thumbnail\" alt=\"\" aria-describedby=\"gallery-1-6989\" srcset=\"https:\/\/www.freiburg-schwarzwald.de\/blog\/wp-content\/uploads\/2012\/07\/fluechtlingswohnheim16fernsehen120714-135x180.jpg 135w, https:\/\/www.freiburg-schwarzwald.de\/blog\/wp-content\/uploads\/2012\/07\/fluechtlingswohnheim16fernsehen120714.jpg 480w\" sizes=\"auto, (max-width: 135px) 100vw, 135px\" \/><\/a>\n\t\t\t<\/dt>\n\t\t\t\t<dd class='wp-caption-text gallery-caption' id='gallery-1-6989'>\n\t\t\t\tFl\u00fcchtlingswohnheim 14.7.2012 &#8211; TV-Sch\u00fcsseln \u00fcber der Eingangst\u00fcre\n\t\t\t\t<\/dd><\/dl><dl class='gallery-item'>\n\t\t\t<dt class='gallery-icon landscape'>\n\t\t\t\t<a href='https:\/\/www.freiburg-schwarzwald.de\/blog\/selbsthilfe\/soziales\/fluechtlingswohnheim\/fluechtlingswohnheim17fernsehen120714\/'><img loading=\"lazy\" decoding=\"async\" width=\"180\" height=\"135\" src=\"https:\/\/www.freiburg-schwarzwald.de\/blog\/wp-content\/uploads\/2012\/07\/fluechtlingswohnheim17fernsehen120714-180x135.jpg\" class=\"attachment-thumbnail size-thumbnail\" alt=\"\" aria-describedby=\"gallery-1-6990\" srcset=\"https:\/\/www.freiburg-schwarzwald.de\/blog\/wp-content\/uploads\/2012\/07\/fluechtlingswohnheim17fernsehen120714-180x135.jpg 180w, https:\/\/www.freiburg-schwarzwald.de\/blog\/wp-content\/uploads\/2012\/07\/fluechtlingswohnheim17fernsehen120714.jpg 640w\" sizes=\"auto, (max-width: 180px) 100vw, 180px\" \/><\/a>\n\t\t\t<\/dt>\n\t\t\t\t<dd class='wp-caption-text gallery-caption' id='gallery-1-6990'>\n\t\t\t\tFl\u00fcchtlingswohnheim 14.7.2012 &#8211; TV, Kinderwagen, Mopeds\n\t\t\t\t<\/dd><\/dl><br style=\"clear: both\" \/><dl class='gallery-item'>\n\t\t\t<dt class='gallery-icon landscape'>\n\t\t\t\t<a href='https:\/\/www.freiburg-schwarzwald.de\/blog\/selbsthilfe\/soziales\/fluechtlingswohnheim\/fluechtlingswohnheim18fernsehen120714\/'><img loading=\"lazy\" decoding=\"async\" width=\"180\" height=\"137\" src=\"https:\/\/www.freiburg-schwarzwald.de\/blog\/wp-content\/uploads\/2012\/07\/fluechtlingswohnheim18fernsehen120714-180x137.jpg\" class=\"attachment-thumbnail size-thumbnail\" alt=\"\" aria-describedby=\"gallery-1-6991\" srcset=\"https:\/\/www.freiburg-schwarzwald.de\/blog\/wp-content\/uploads\/2012\/07\/fluechtlingswohnheim18fernsehen120714-180x137.jpg 180w, https:\/\/www.freiburg-schwarzwald.de\/blog\/wp-content\/uploads\/2012\/07\/fluechtlingswohnheim18fernsehen120714.jpg 637w\" sizes=\"auto, (max-width: 180px) 100vw, 180px\" \/><\/a>\n\t\t\t<\/dt>\n\t\t\t\t<dd class='wp-caption-text gallery-caption' id='gallery-1-6991'>\n\t\t\t\tFl\u00fcchtlingswohnheim 14.7.2012 &#8211; TV nach Bosnien, Kosovo, Serbien, Mazedonien, &#8230;\n\t\t\t\t<\/dd><\/dl><dl class='gallery-item'>\n\t\t\t<dt class='gallery-icon landscape'>\n\t\t\t\t<a href='https:\/\/www.freiburg-schwarzwald.de\/blog\/selbsthilfe\/soziales\/fluechtlingswohnheim\/fluechtlingswohnheim19fernsehen120714\/'><img loading=\"lazy\" decoding=\"async\" width=\"180\" height=\"135\" src=\"https:\/\/www.freiburg-schwarzwald.de\/blog\/wp-content\/uploads\/2012\/07\/fluechtlingswohnheim19fernsehen120714-180x135.jpg\" class=\"attachment-thumbnail size-thumbnail\" alt=\"\" aria-describedby=\"gallery-1-6992\" srcset=\"https:\/\/www.freiburg-schwarzwald.de\/blog\/wp-content\/uploads\/2012\/07\/fluechtlingswohnheim19fernsehen120714-180x135.jpg 180w, https:\/\/www.freiburg-schwarzwald.de\/blog\/wp-content\/uploads\/2012\/07\/fluechtlingswohnheim19fernsehen120714.jpg 640w\" sizes=\"auto, (max-width: 180px) 100vw, 180px\" \/><\/a>\n\t\t\t<\/dt>\n\t\t\t\t<dd class='wp-caption-text gallery-caption' id='gallery-1-6992'>\n\t\t\t\tFl\u00fcchtlingswohnheim 14.7.2012 &#8211; Bretter vor dem Fenster fuers Fernsehen\n\t\t\t\t<\/dd><\/dl><dl class='gallery-item'>\n\t\t\t<dt class='gallery-icon landscape'>\n\t\t\t\t<a href='https:\/\/www.freiburg-schwarzwald.de\/blog\/selbsthilfe\/soziales\/fluechtlingswohnheim\/fluechtlingswohnheim20fernsehen120714\/'><img loading=\"lazy\" decoding=\"async\" width=\"180\" height=\"135\" src=\"https:\/\/www.freiburg-schwarzwald.de\/blog\/wp-content\/uploads\/2012\/07\/fluechtlingswohnheim20fernsehen120714-180x135.jpg\" class=\"attachment-thumbnail size-thumbnail\" alt=\"\" aria-describedby=\"gallery-1-6993\" srcset=\"https:\/\/www.freiburg-schwarzwald.de\/blog\/wp-content\/uploads\/2012\/07\/fluechtlingswohnheim20fernsehen120714-180x135.jpg 180w, https:\/\/www.freiburg-schwarzwald.de\/blog\/wp-content\/uploads\/2012\/07\/fluechtlingswohnheim20fernsehen120714.jpg 640w\" sizes=\"auto, (max-width: 180px) 100vw, 180px\" \/><\/a>\n\t\t\t<\/dt>\n\t\t\t\t<dd class='wp-caption-text gallery-caption' id='gallery-1-6993'>\n\t\t\t\tFl\u00fcchtlingswohnheim 14.7.2012 &#8211; Blick nach Westen\n\t\t\t\t<\/dd><\/dl><br style=\"clear: both\" \/><dl class='gallery-item'>\n\t\t\t<dt class='gallery-icon landscape'>\n\t\t\t\t<a href='https:\/\/www.freiburg-schwarzwald.de\/blog\/selbsthilfe\/soziales\/fluechtlingswohnheim\/fluechtlingswohnheim21tanz120714\/'><img loading=\"lazy\" decoding=\"async\" width=\"180\" height=\"140\" src=\"https:\/\/www.freiburg-schwarzwald.de\/blog\/wp-content\/uploads\/2012\/07\/fluechtlingswohnheim21tanz120714-180x140.jpg\" class=\"attachment-thumbnail size-thumbnail\" alt=\"\" aria-describedby=\"gallery-1-6994\" srcset=\"https:\/\/www.freiburg-schwarzwald.de\/blog\/wp-content\/uploads\/2012\/07\/fluechtlingswohnheim21tanz120714-180x140.jpg 180w, https:\/\/www.freiburg-schwarzwald.de\/blog\/wp-content\/uploads\/2012\/07\/fluechtlingswohnheim21tanz120714-640x498.jpg 640w, https:\/\/www.freiburg-schwarzwald.de\/blog\/wp-content\/uploads\/2012\/07\/fluechtlingswohnheim21tanz120714.jpg 641w\" sizes=\"auto, (max-width: 180px) 100vw, 180px\" \/><\/a>\n\t\t\t<\/dt>\n\t\t\t\t<dd class='wp-caption-text gallery-caption' id='gallery-1-6994'>\n\t\t\t\tFl\u00fcchtlingswohnheim 14.7.2012 &#8211; Tanzen\n\t\t\t\t<\/dd><\/dl><dl class='gallery-item'>\n\t\t\t<dt class='gallery-icon landscape'>\n\t\t\t\t<a href='https:\/\/www.freiburg-schwarzwald.de\/blog\/selbsthilfe\/soziales\/fluechtlingswohnheim\/fluechtlingswohnheim22tanz120714\/'><img loading=\"lazy\" decoding=\"async\" width=\"180\" height=\"140\" src=\"https:\/\/www.freiburg-schwarzwald.de\/blog\/wp-content\/uploads\/2012\/07\/fluechtlingswohnheim22tanz120714-180x140.jpg\" class=\"attachment-thumbnail size-thumbnail\" alt=\"\" aria-describedby=\"gallery-1-6995\" srcset=\"https:\/\/www.freiburg-schwarzwald.de\/blog\/wp-content\/uploads\/2012\/07\/fluechtlingswohnheim22tanz120714-180x140.jpg 180w, https:\/\/www.freiburg-schwarzwald.de\/blog\/wp-content\/uploads\/2012\/07\/fluechtlingswohnheim22tanz120714.jpg 636w\" sizes=\"auto, (max-width: 180px) 100vw, 180px\" \/><\/a>\n\t\t\t<\/dt>\n\t\t\t\t<dd class='wp-caption-text gallery-caption' id='gallery-1-6995'>\n\t\t\t\tFl\u00fcchtlingswohnheim 14.7.2012 &#8211; Tanzen\n\t\t\t\t<\/dd><\/dl><dl class='gallery-item'>\n\t\t\t<dt class='gallery-icon landscape'>\n\t\t\t\t<a href='https:\/\/www.freiburg-schwarzwald.de\/blog\/selbsthilfe\/soziales\/fluechtlingswohnheim\/fluechtlingswohnheim23tanz120714\/'><img loading=\"lazy\" decoding=\"async\" width=\"180\" height=\"141\" src=\"https:\/\/www.freiburg-schwarzwald.de\/blog\/wp-content\/uploads\/2012\/07\/fluechtlingswohnheim23tanz120714-180x141.jpg\" class=\"attachment-thumbnail size-thumbnail\" alt=\"\" aria-describedby=\"gallery-1-6996\" srcset=\"https:\/\/www.freiburg-schwarzwald.de\/blog\/wp-content\/uploads\/2012\/07\/fluechtlingswohnheim23tanz120714-180x141.jpg 180w, https:\/\/www.freiburg-schwarzwald.de\/blog\/wp-content\/uploads\/2012\/07\/fluechtlingswohnheim23tanz120714.jpg 637w\" sizes=\"auto, (max-width: 180px) 100vw, 180px\" \/><\/a>\n\t\t\t<\/dt>\n\t\t\t\t<dd class='wp-caption-text gallery-caption' id='gallery-1-6996'>\n\t\t\t\tFl\u00fcchtlingswohnheim 14.7.2012 &#8211; Auch die M\u00e4nner tanzen\n\t\t\t\t<\/dd><\/dl><br style=\"clear: both\" \/><dl class='gallery-item'>\n\t\t\t<dt class='gallery-icon landscape'>\n\t\t\t\t<a href='https:\/\/www.freiburg-schwarzwald.de\/blog\/selbsthilfe\/soziales\/fluechtlingswohnheim\/fluechtlingswohnheim24gesang120714\/'><img loading=\"lazy\" decoding=\"async\" width=\"180\" height=\"135\" src=\"https:\/\/www.freiburg-schwarzwald.de\/blog\/wp-content\/uploads\/2012\/07\/fluechtlingswohnheim24gesang120714-180x135.jpg\" class=\"attachment-thumbnail size-thumbnail\" alt=\"\" aria-describedby=\"gallery-1-6997\" srcset=\"https:\/\/www.freiburg-schwarzwald.de\/blog\/wp-content\/uploads\/2012\/07\/fluechtlingswohnheim24gesang120714-180x135.jpg 180w, https:\/\/www.freiburg-schwarzwald.de\/blog\/wp-content\/uploads\/2012\/07\/fluechtlingswohnheim24gesang120714.jpg 640w\" sizes=\"auto, (max-width: 180px) 100vw, 180px\" \/><\/a>\n\t\t\t<\/dt>\n\t\t\t\t<dd class='wp-caption-text gallery-caption' id='gallery-1-6997'>\n\t\t\t\tFl\u00fcchtlingswohnheim 14.7.2012 &#8211; Er singt auf Romanes\n\t\t\t\t<\/dd><\/dl><dl class='gallery-item'>\n\t\t\t<dt class='gallery-icon landscape'>\n\t\t\t\t<a href='https:\/\/www.freiburg-schwarzwald.de\/blog\/selbsthilfe\/soziales\/fluechtlingswohnheim\/fluechtlingswohnheim25sozialarbeit120714\/'><img loading=\"lazy\" decoding=\"async\" width=\"180\" height=\"138\" src=\"https:\/\/www.freiburg-schwarzwald.de\/blog\/wp-content\/uploads\/2012\/07\/fluechtlingswohnheim25sozialarbeit120714-180x138.jpg\" class=\"attachment-thumbnail size-thumbnail\" alt=\"\" aria-describedby=\"gallery-1-6998\" srcset=\"https:\/\/www.freiburg-schwarzwald.de\/blog\/wp-content\/uploads\/2012\/07\/fluechtlingswohnheim25sozialarbeit120714-180x138.jpg 180w, https:\/\/www.freiburg-schwarzwald.de\/blog\/wp-content\/uploads\/2012\/07\/fluechtlingswohnheim25sozialarbeit120714.jpg 639w\" sizes=\"auto, (max-width: 180px) 100vw, 180px\" \/><\/a>\n\t\t\t<\/dt>\n\t\t\t\t<dd class='wp-caption-text gallery-caption' id='gallery-1-6998'>\n\t\t\t\tFl\u00fcchtlingswohnheim 14.7.2012 &#8211; Philipp Bona, Ingrid Braun, Gisela Hein und Walter Kr\u00f6gner (von rechts)\n\t\t\t\t<\/dd><\/dl><dl class='gallery-item'>\n\t\t\t<dt class='gallery-icon landscape'>\n\t\t\t\t<a href='https:\/\/www.freiburg-schwarzwald.de\/blog\/selbsthilfe\/soziales\/fluechtlingswohnheim\/fluechtlingswohnheim26buben120714\/'><img loading=\"lazy\" decoding=\"async\" width=\"180\" height=\"135\" src=\"https:\/\/www.freiburg-schwarzwald.de\/blog\/wp-content\/uploads\/2012\/07\/fluechtlingswohnheim26buben120714-180x135.jpg\" class=\"attachment-thumbnail size-thumbnail\" alt=\"\" aria-describedby=\"gallery-1-6999\" srcset=\"https:\/\/www.freiburg-schwarzwald.de\/blog\/wp-content\/uploads\/2012\/07\/fluechtlingswohnheim26buben120714-180x135.jpg 180w, https:\/\/www.freiburg-schwarzwald.de\/blog\/wp-content\/uploads\/2012\/07\/fluechtlingswohnheim26buben120714.jpg 640w\" sizes=\"auto, (max-width: 180px) 100vw, 180px\" \/><\/a>\n\t\t\t<\/dt>\n\t\t\t\t<dd class='wp-caption-text gallery-caption' id='gallery-1-6999'>\n\t\t\t\tFl\u00fcchtlingswohnheim 14.7.2012 &#8211; Viel ganz liebe Buben\n\t\t\t\t<\/dd><\/dl><br style=\"clear: both\" \/><dl class='gallery-item'>\n\t\t\t<dt class='gallery-icon landscape'>\n\t\t\t\t<a href='https:\/\/www.freiburg-schwarzwald.de\/blog\/selbsthilfe\/soziales\/fluechtlingswohnheim\/fluechtlingswohnheim27bosnien120714\/'><img loading=\"lazy\" decoding=\"async\" width=\"180\" height=\"135\" src=\"https:\/\/www.freiburg-schwarzwald.de\/blog\/wp-content\/uploads\/2012\/07\/fluechtlingswohnheim27bosnien120714-180x135.jpg\" class=\"attachment-thumbnail size-thumbnail\" alt=\"\" aria-describedby=\"gallery-1-7000\" srcset=\"https:\/\/www.freiburg-schwarzwald.de\/blog\/wp-content\/uploads\/2012\/07\/fluechtlingswohnheim27bosnien120714-180x135.jpg 180w, https:\/\/www.freiburg-schwarzwald.de\/blog\/wp-content\/uploads\/2012\/07\/fluechtlingswohnheim27bosnien120714.jpg 640w\" sizes=\"auto, (max-width: 180px) 100vw, 180px\" \/><\/a>\n\t\t\t<\/dt>\n\t\t\t\t<dd class='wp-caption-text gallery-caption' id='gallery-1-7000'>\n\t\t\t\tFl\u00fcchtlingswohnheim 14.7.2012 &#8211; Maxum mit Bosnien-Flagge auf der rechten Wange\n\t\t\t\t<\/dd><\/dl><dl class='gallery-item'>\n\t\t\t<dt class='gallery-icon landscape'>\n\t\t\t\t<a href='https:\/\/www.freiburg-schwarzwald.de\/blog\/selbsthilfe\/soziales\/fluechtlingswohnheim\/fluechtlingswohnheim28bosnien120714\/'><img loading=\"lazy\" decoding=\"async\" width=\"180\" height=\"135\" src=\"https:\/\/www.freiburg-schwarzwald.de\/blog\/wp-content\/uploads\/2012\/07\/fluechtlingswohnheim28bosnien120714-180x135.jpg\" class=\"attachment-thumbnail size-thumbnail\" alt=\"\" aria-describedby=\"gallery-1-7001\" srcset=\"https:\/\/www.freiburg-schwarzwald.de\/blog\/wp-content\/uploads\/2012\/07\/fluechtlingswohnheim28bosnien120714-180x135.jpg 180w, https:\/\/www.freiburg-schwarzwald.de\/blog\/wp-content\/uploads\/2012\/07\/fluechtlingswohnheim28bosnien120714.jpg 640w\" sizes=\"auto, (max-width: 180px) 100vw, 180px\" \/><\/a>\n\t\t\t<\/dt>\n\t\t\t\t<dd class='wp-caption-text gallery-caption' id='gallery-1-7001'>\n\t\t\t\tFl\u00fcchtlingswohnheim 14.7.2012 &#8211; Familie Aliju &#8211; Frankreich auf der linken Wange\n\t\t\t\t<\/dd><\/dl><dl class='gallery-item'>\n\t\t\t<dt class='gallery-icon landscape'>\n\t\t\t\t<a href='https:\/\/www.freiburg-schwarzwald.de\/blog\/selbsthilfe\/soziales\/fluechtlingswohnheim\/fluechtlingswohnheim29kroegner120714\/'><img loading=\"lazy\" decoding=\"async\" width=\"180\" height=\"135\" src=\"https:\/\/www.freiburg-schwarzwald.de\/blog\/wp-content\/uploads\/2012\/07\/fluechtlingswohnheim29kroegner120714-180x135.jpg\" class=\"attachment-thumbnail size-thumbnail\" alt=\"\" aria-describedby=\"gallery-1-7002\" srcset=\"https:\/\/www.freiburg-schwarzwald.de\/blog\/wp-content\/uploads\/2012\/07\/fluechtlingswohnheim29kroegner120714-180x135.jpg 180w, https:\/\/www.freiburg-schwarzwald.de\/blog\/wp-content\/uploads\/2012\/07\/fluechtlingswohnheim29kroegner120714.jpg 640w\" sizes=\"auto, (max-width: 180px) 100vw, 180px\" \/><\/a>\n\t\t\t<\/dt>\n\t\t\t\t<dd class='wp-caption-text gallery-caption' id='gallery-1-7002'>\n\t\t\t\tFl\u00fcchtlingswohnheim 14.7.2012 &#8211; Stadtrat Walter Kr\u00f6gner\n\t\t\t\t<\/dd><\/dl><br style=\"clear: both\" \/><dl class='gallery-item'>\n\t\t\t<dt class='gallery-icon landscape'>\n\t\t\t\t<a href='https:\/\/www.freiburg-schwarzwald.de\/blog\/selbsthilfe\/soziales\/fluechtlingswohnheim\/fluechtlingswohnheim30bleiberecht120714\/'><img loading=\"lazy\" decoding=\"async\" width=\"180\" height=\"135\" src=\"https:\/\/www.freiburg-schwarzwald.de\/blog\/wp-content\/uploads\/2012\/07\/fluechtlingswohnheim30bleiberecht120714-180x135.jpg\" class=\"attachment-thumbnail size-thumbnail\" alt=\"\" aria-describedby=\"gallery-1-7003\" srcset=\"https:\/\/www.freiburg-schwarzwald.de\/blog\/wp-content\/uploads\/2012\/07\/fluechtlingswohnheim30bleiberecht120714-180x135.jpg 180w, https:\/\/www.freiburg-schwarzwald.de\/blog\/wp-content\/uploads\/2012\/07\/fluechtlingswohnheim30bleiberecht120714.jpg 640w\" sizes=\"auto, (max-width: 180px) 100vw, 180px\" \/><\/a>\n\t\t\t<\/dt>\n\t\t\t\t<dd class='wp-caption-text gallery-caption' id='gallery-1-7003'>\n\t\t\t\tFl\u00fcchtlingswohnheim 14.7.2012 &#8211; Bleiberecht\n\t\t\t\t<\/dd><\/dl><dl class='gallery-item'>\n\t\t\t<dt class='gallery-icon landscape'>\n\t\t\t\t<a href='https:\/\/www.freiburg-schwarzwald.de\/blog\/selbsthilfe\/soziales\/fluechtlingswohnheim\/fluechtlingswohnheim31sambastas120714\/'><img loading=\"lazy\" decoding=\"async\" width=\"180\" height=\"135\" src=\"https:\/\/www.freiburg-schwarzwald.de\/blog\/wp-content\/uploads\/2012\/07\/fluechtlingswohnheim31sambastas120714-180x135.jpg\" class=\"attachment-thumbnail size-thumbnail\" alt=\"\" aria-describedby=\"gallery-1-7004\" srcset=\"https:\/\/www.freiburg-schwarzwald.de\/blog\/wp-content\/uploads\/2012\/07\/fluechtlingswohnheim31sambastas120714-180x135.jpg 180w, https:\/\/www.freiburg-schwarzwald.de\/blog\/wp-content\/uploads\/2012\/07\/fluechtlingswohnheim31sambastas120714.jpg 640w\" sizes=\"auto, (max-width: 180px) 100vw, 180px\" \/><\/a>\n\t\t\t<\/dt>\n\t\t\t\t<dd class='wp-caption-text gallery-caption' id='gallery-1-7004'>\n\t\t\t\tFl\u00fcchtlingswohnheim 14.7.2012 &#8211; Sambastas trommeln\n\t\t\t\t<\/dd><\/dl><dl class='gallery-item'>\n\t\t\t<dt class='gallery-icon landscape'>\n\t\t\t\t<a href='https:\/\/www.freiburg-schwarzwald.de\/blog\/selbsthilfe\/soziales\/fluechtlingswohnheim\/fluechtlingswohnheim32fahrrad120714\/'><img loading=\"lazy\" decoding=\"async\" width=\"180\" height=\"135\" src=\"https:\/\/www.freiburg-schwarzwald.de\/blog\/wp-content\/uploads\/2012\/07\/fluechtlingswohnheim32fahrrad120714-180x135.jpg\" class=\"attachment-thumbnail size-thumbnail\" alt=\"\" aria-describedby=\"gallery-1-7005\" srcset=\"https:\/\/www.freiburg-schwarzwald.de\/blog\/wp-content\/uploads\/2012\/07\/fluechtlingswohnheim32fahrrad120714-180x135.jpg 180w, https:\/\/www.freiburg-schwarzwald.de\/blog\/wp-content\/uploads\/2012\/07\/fluechtlingswohnheim32fahrrad120714.jpg 640w\" sizes=\"auto, (max-width: 180px) 100vw, 180px\" \/><\/a>\n\t\t\t<\/dt>\n\t\t\t\t<dd class='wp-caption-text gallery-caption' id='gallery-1-7005'>\n\t\t\t\tFl\u00fcchtlingswohnheim 14.7.2012 &#8211; Fahrr\u00e4der gibts zuhauf\n\t\t\t\t<\/dd><\/dl><br style=\"clear: both\" \/><dl class='gallery-item'>\n\t\t\t<dt class='gallery-icon landscape'>\n\t\t\t\t<a href='https:\/\/www.freiburg-schwarzwald.de\/blog\/selbsthilfe\/soziales\/fluechtlingswohnheim\/fluechtlingswohnheim33garten120714\/'><img loading=\"lazy\" decoding=\"async\" width=\"180\" height=\"135\" src=\"https:\/\/www.freiburg-schwarzwald.de\/blog\/wp-content\/uploads\/2012\/07\/fluechtlingswohnheim33garten120714-180x135.jpg\" class=\"attachment-thumbnail size-thumbnail\" alt=\"\" aria-describedby=\"gallery-1-7006\" srcset=\"https:\/\/www.freiburg-schwarzwald.de\/blog\/wp-content\/uploads\/2012\/07\/fluechtlingswohnheim33garten120714-180x135.jpg 180w, https:\/\/www.freiburg-schwarzwald.de\/blog\/wp-content\/uploads\/2012\/07\/fluechtlingswohnheim33garten120714.jpg 640w\" sizes=\"auto, (max-width: 180px) 100vw, 180px\" \/><\/a>\n\t\t\t<\/dt>\n\t\t\t\t<dd class='wp-caption-text gallery-caption' id='gallery-1-7006'>\n\t\t\t\tFl\u00fcchtlingswohnheim 14.7.2012 &#8211; Garten zwischen den H\u00e4usern\n\t\t\t\t<\/dd><\/dl><dl class='gallery-item'>\n\t\t\t<dt class='gallery-icon landscape'>\n\t\t\t\t<a href='https:\/\/www.freiburg-schwarzwald.de\/blog\/selbsthilfe\/soziales\/fluechtlingswohnheim\/fluechtlingswohnheim34solar120714\/'><img loading=\"lazy\" decoding=\"async\" width=\"180\" height=\"135\" src=\"https:\/\/www.freiburg-schwarzwald.de\/blog\/wp-content\/uploads\/2012\/07\/fluechtlingswohnheim34solar120714-180x135.jpg\" class=\"attachment-thumbnail size-thumbnail\" alt=\"\" aria-describedby=\"gallery-1-7007\" srcset=\"https:\/\/www.freiburg-schwarzwald.de\/blog\/wp-content\/uploads\/2012\/07\/fluechtlingswohnheim34solar120714-180x135.jpg 180w, https:\/\/www.freiburg-schwarzwald.de\/blog\/wp-content\/uploads\/2012\/07\/fluechtlingswohnheim34solar120714.jpg 639w\" sizes=\"auto, (max-width: 180px) 100vw, 180px\" \/><\/a>\n\t\t\t<\/dt>\n\t\t\t\t<dd class='wp-caption-text gallery-caption' id='gallery-1-7007'>\n\t\t\t\tBlick nach Norden am 14.7.2012 &#8211; Photovoltaik, B31 und Fluechtligswohnheim (von links)\n\t\t\t\t<\/dd><\/dl><dl class='gallery-item'>\n\t\t\t<dt class='gallery-icon landscape'>\n\t\t\t\t<a href='https:\/\/www.freiburg-schwarzwald.de\/blog\/selbsthilfe\/soziales\/fluechtlingswohnheim\/fluechtlingswohnheim35jawalla120714\/'><img loading=\"lazy\" decoding=\"async\" width=\"180\" height=\"135\" src=\"https:\/\/www.freiburg-schwarzwald.de\/blog\/wp-content\/uploads\/2012\/07\/fluechtlingswohnheim35jawalla120714-180x135.jpg\" class=\"attachment-thumbnail size-thumbnail\" alt=\"\" aria-describedby=\"gallery-1-7008\" srcset=\"https:\/\/www.freiburg-schwarzwald.de\/blog\/wp-content\/uploads\/2012\/07\/fluechtlingswohnheim35jawalla120714-180x135.jpg 180w, https:\/\/www.freiburg-schwarzwald.de\/blog\/wp-content\/uploads\/2012\/07\/fluechtlingswohnheim35jawalla120714.jpg 640w\" sizes=\"auto, (max-width: 180px) 100vw, 180px\" \/><\/a>\n\t\t\t<\/dt>\n\t\t\t\t<dd class='wp-caption-text gallery-caption' id='gallery-1-7008'>\n\t\t\t\tFl\u00fcchtlingswohnheim 14.7.2012 &#8211; Die Band Jawalla spielt\n\t\t\t\t<\/dd><\/dl><br style=\"clear: both\" \/><dl class='gallery-item'>\n\t\t\t<dt class='gallery-icon landscape'>\n\t\t\t\t<a href='https:\/\/www.freiburg-schwarzwald.de\/blog\/selbsthilfe\/soziales\/fluechtlingswohnheim\/fluechtlingswohnheim36tanz120714\/'><img loading=\"lazy\" decoding=\"async\" width=\"180\" height=\"135\" src=\"https:\/\/www.freiburg-schwarzwald.de\/blog\/wp-content\/uploads\/2012\/07\/fluechtlingswohnheim36tanz120714-180x135.jpg\" class=\"attachment-thumbnail size-thumbnail\" alt=\"\" aria-describedby=\"gallery-1-7009\" srcset=\"https:\/\/www.freiburg-schwarzwald.de\/blog\/wp-content\/uploads\/2012\/07\/fluechtlingswohnheim36tanz120714-180x135.jpg 180w, https:\/\/www.freiburg-schwarzwald.de\/blog\/wp-content\/uploads\/2012\/07\/fluechtlingswohnheim36tanz120714.jpg 640w\" sizes=\"auto, (max-width: 180px) 100vw, 180px\" \/><\/a>\n\t\t\t<\/dt>\n\t\t\t\t<dd class='wp-caption-text gallery-caption' id='gallery-1-7009'>\n\t\t\t\tFl\u00fcchtlingswohnheim 14.7.2012 &#8211; Tanz der M\u00e4nner\n\t\t\t\t<\/dd><\/dl><dl class='gallery-item'>\n\t\t\t<dt class='gallery-icon portrait'>\n\t\t\t\t<a href='https:\/\/www.freiburg-schwarzwald.de\/blog\/selbsthilfe\/soziales\/fluechtlingswohnheim\/fluechtlingswohnheim38jugend120714\/'><img loading=\"lazy\" decoding=\"async\" width=\"135\" height=\"180\" src=\"https:\/\/www.freiburg-schwarzwald.de\/blog\/wp-content\/uploads\/2012\/07\/fluechtlingswohnheim38jugend120714-135x180.jpg\" class=\"attachment-thumbnail size-thumbnail\" alt=\"\" aria-describedby=\"gallery-1-7014\" srcset=\"https:\/\/www.freiburg-schwarzwald.de\/blog\/wp-content\/uploads\/2012\/07\/fluechtlingswohnheim38jugend120714-135x180.jpg 135w, https:\/\/www.freiburg-schwarzwald.de\/blog\/wp-content\/uploads\/2012\/07\/fluechtlingswohnheim38jugend120714.jpg 480w\" sizes=\"auto, (max-width: 135px) 100vw, 135px\" \/><\/a>\n\t\t\t<\/dt>\n\t\t\t\t<dd class='wp-caption-text gallery-caption' id='gallery-1-7014'>\n\t\t\t\tFl\u00fcchtlingswohnheim 14.7.2012 &#8211; Sehen und gesehen werden\n\t\t\t\t<\/dd><\/dl><dl class='gallery-item'>\n\t\t\t<dt class='gallery-icon landscape'>\n\t\t\t\t<a href='https:\/\/www.freiburg-schwarzwald.de\/blog\/selbsthilfe\/soziales\/fluechtlingswohnheim\/fluechtlingswohnheim37tanz120714\/'><img loading=\"lazy\" decoding=\"async\" width=\"180\" height=\"139\" src=\"https:\/\/www.freiburg-schwarzwald.de\/blog\/wp-content\/uploads\/2012\/07\/fluechtlingswohnheim37tanz120714-180x139.jpg\" class=\"attachment-thumbnail size-thumbnail\" alt=\"\" aria-describedby=\"gallery-1-7015\" srcset=\"https:\/\/www.freiburg-schwarzwald.de\/blog\/wp-content\/uploads\/2012\/07\/fluechtlingswohnheim37tanz120714-180x139.jpg 180w, https:\/\/www.freiburg-schwarzwald.de\/blog\/wp-content\/uploads\/2012\/07\/fluechtlingswohnheim37tanz120714.jpg 637w\" sizes=\"auto, (max-width: 180px) 100vw, 180px\" \/><\/a>\n\t\t\t<\/dt>\n\t\t\t\t<dd class='wp-caption-text gallery-caption' id='gallery-1-7015'>\n\t\t\t\tFl\u00fcchtlingswohnheim 14.7.2012 &#8211; Alle tanzen mit\n\t\t\t\t<\/dd><\/dl><br style=\"clear: both\" \/><dl class='gallery-item'>\n\t\t\t<dt class='gallery-icon portrait'>\n\t\t\t\t<a href='https:\/\/www.freiburg-schwarzwald.de\/blog\/selbsthilfe\/soziales\/fluechtlingswohnheim\/fluechtlingswohnheim39jugend120714\/'><img loading=\"lazy\" decoding=\"async\" width=\"135\" height=\"180\" src=\"https:\/\/www.freiburg-schwarzwald.de\/blog\/wp-content\/uploads\/2012\/07\/fluechtlingswohnheim39jugend120714-135x180.jpg\" class=\"attachment-thumbnail size-thumbnail\" alt=\"\" aria-describedby=\"gallery-1-7016\" srcset=\"https:\/\/www.freiburg-schwarzwald.de\/blog\/wp-content\/uploads\/2012\/07\/fluechtlingswohnheim39jugend120714-135x180.jpg 135w, https:\/\/www.freiburg-schwarzwald.de\/blog\/wp-content\/uploads\/2012\/07\/fluechtlingswohnheim39jugend120714.jpg 480w\" sizes=\"auto, (max-width: 135px) 100vw, 135px\" \/><\/a>\n\t\t\t<\/dt>\n\t\t\t\t<dd class='wp-caption-text gallery-caption' id='gallery-1-7016'>\n\t\t\t\tFl\u00fcchtlingswohnheim 14.7.2012 &#8211; Blick nach Osten\n\t\t\t\t<\/dd><\/dl><dl class='gallery-item'>\n\t\t\t<dt class='gallery-icon portrait'>\n\t\t\t\t<a href='https:\/\/www.freiburg-schwarzwald.de\/blog\/selbsthilfe\/soziales\/fluechtlingswohnheim\/fluechtlingswohnheim40ugend120714\/'><img loading=\"lazy\" decoding=\"async\" width=\"125\" height=\"180\" src=\"https:\/\/www.freiburg-schwarzwald.de\/blog\/wp-content\/uploads\/2012\/07\/fluechtlingswohnheim40ugend120714-125x180.jpg\" class=\"attachment-thumbnail size-thumbnail\" alt=\"\" aria-describedby=\"gallery-1-7017\" srcset=\"https:\/\/www.freiburg-schwarzwald.de\/blog\/wp-content\/uploads\/2012\/07\/fluechtlingswohnheim40ugend120714-125x180.jpg 125w, https:\/\/www.freiburg-schwarzwald.de\/blog\/wp-content\/uploads\/2012\/07\/fluechtlingswohnheim40ugend120714.jpg 447w\" sizes=\"auto, (max-width: 125px) 100vw, 125px\" \/><\/a>\n\t\t\t<\/dt>\n\t\t\t\t<dd class='wp-caption-text gallery-caption' id='gallery-1-7017'>\n\t\t\t\tFl\u00fcchtlingswohnheim 14.7.2012 &#8211; Zwei Schwestern\n\t\t\t\t<\/dd><\/dl><dl class='gallery-item'>\n\t\t\t<dt class='gallery-icon portrait'>\n\t\t\t\t<a href='https:\/\/www.freiburg-schwarzwald.de\/blog\/selbsthilfe\/soziales\/fluechtlingswohnheim\/fluechtlingswohnheim41ugend120714\/'><img loading=\"lazy\" decoding=\"async\" width=\"135\" height=\"180\" src=\"https:\/\/www.freiburg-schwarzwald.de\/blog\/wp-content\/uploads\/2012\/07\/fluechtlingswohnheim41ugend120714-135x180.jpg\" class=\"attachment-thumbnail size-thumbnail\" alt=\"\" aria-describedby=\"gallery-1-7018\" srcset=\"https:\/\/www.freiburg-schwarzwald.de\/blog\/wp-content\/uploads\/2012\/07\/fluechtlingswohnheim41ugend120714-135x180.jpg 135w, https:\/\/www.freiburg-schwarzwald.de\/blog\/wp-content\/uploads\/2012\/07\/fluechtlingswohnheim41ugend120714.jpg 480w\" sizes=\"auto, (max-width: 135px) 100vw, 135px\" \/><\/a>\n\t\t\t<\/dt>\n\t\t\t\t<dd class='wp-caption-text gallery-caption' id='gallery-1-7018'>\n\t\t\t\tFl\u00fcchtlingswohnheim 14.7.2012 &#8211; Jugend\n\t\t\t\t<\/dd><\/dl><br style=\"clear: both\" \/><dl class='gallery-item'>\n\t\t\t<dt class='gallery-icon landscape'>\n\t\t\t\t<a href='https:\/\/www.freiburg-schwarzwald.de\/blog\/selbsthilfe\/soziales\/fluechtlingswohnheim\/migration-garten150911\/'><img loading=\"lazy\" decoding=\"async\" width=\"180\" height=\"135\" src=\"https:\/\/www.freiburg-schwarzwald.de\/blog\/wp-content\/uploads\/2012\/07\/migration-garten150911-180x135.jpg\" class=\"attachment-thumbnail size-thumbnail\" alt=\"\" srcset=\"https:\/\/www.freiburg-schwarzwald.de\/blog\/wp-content\/uploads\/2012\/07\/migration-garten150911-180x135.jpg 180w, https:\/\/www.freiburg-schwarzwald.de\/blog\/wp-content\/uploads\/2012\/07\/migration-garten150911.jpg 640w\" sizes=\"auto, (max-width: 180px) 100vw, 180px\" \/><\/a>\n\t\t\t<\/dt><\/dl>\n\t\t\t<br style='clear: both' \/>\n\t\t<\/div>\n\n<p>Fr\u00fchmorgens noch Regen, zwischen 16 und 19 Uhr dann strahlender Sonnenschein &#8211; alles passte beim diesj\u00e4hrigen Sommerfest an der Hammerschmiedstrasse:<br \/>\nSpielmobil mit vielen Attraktionen f\u00fcr die Kinder im Garten. Die &#8222;Hammerschmied-Strassenjungs&#8220;, zu denen sich drei Bands zusammengefunden haben, spielten und sangen auf Romanes so mitrei\u00dfend (ganz besonders der junge Fidyni Vogel), dass nicht nur die Frauen, sondern auch M\u00e4nner mittanzten. Auf die Frage nach einer \u00dcbersetzung der auf Romanes gesungenen Worte konnte (es gibt viele Romanes-Dialekte) und wollte (Texte des S\u00e4ngers spontan wie &#8222;Sonne scheint&#8220;, &#8222;h\u00fcpf, h\u00fcpf, h\u00fcpf&#8220;, &#8222;Haben ein Fest , viele sind da, kostet nichts&#8220;) niemand antworten. Ein f\u00fcr deutsche Lande ungew\u00f6hnlich junges Fest: \u00dcber 100 Kinder und Jugendliche bei &#8222;nur&#8220; 120 Erwachsenen. Dazwischen die beiden Schwestern Badema (14) und Sadihje (16) mit Stretch-Outfit in Schwarz und Tigerfell. Und Buben, die Fangerles spielten. Die Sozialarbeiterinnen Ingrid Braun und Gisela Hein begr\u00fc\u00dften die zahlreichen G\u00e4ste und stellten das Programm vor &#8211; bewundernswert, wie sie geduldig Fragen beantworteten, organisierten, mithalfen und auch die verlorengegangenen Eltern der kleinen Mia suchten. Philipp Bono von Caritas Freiburg stand mit Rat und Tat zur Seite. \u00dcberall waren sie pr\u00e4sent, die Damen und Herren von HelferInnenkreis und Gemeinde Hl. Dreifaltigkeit &#8211; im Garten, am Buffet, im Container und beim Aufschlie\u00dfen der Toiletten. Die Ex-Rektorin Gerda Liebner der Reinhold-Schneider-Schule Littenweiler, die mit dem &#8222;Runden Tisch Sozialer Brennpunkt&#8220; so viel Gutes Initiiert hat, war auch da. Patenprojekt &#8222;Zeit f\u00fcr Kinder&#8220;, Studierende der nahen PH mit ihrem Sozialprojekt, Kleing\u00e4rtner vom Verein Freiburg-Ost in der Hammerschmiedstrasse auf der anderen Seite der B31. TV-Sch\u00fcsseln \u00fcberall f\u00fcr den Fernsehkontakt in die Heimat &#8211; zuweilen vier Receiver f\u00fcr einen Fernseher: Bosnia, Serbia, Kosovo, Albania. Viel hinreissende Musik wurde gespielt: Die &#8222;Hammerschmied-Jungs&#8220;, die Band Al Jawalla, ein Trio von jungen Heimbewohnern, die Mundharmonikaspieler der Klasse 2 der RSS, die Romanes-S\u00e4ngerin Anita Morasch aus Herdern; alle luden zum Mitmachen, Mitsingen und Mittanzen ein &#8211; mit Ausnahme der Sambastas (die nur sich selbst betrommelten bzw. darstellten und m\u00f6glichst laut jedes Gespr\u00e4ch ringsum unm\u00f6glich machten). Die &#8222;Alten&#8220; und Familien sa\u00dfen seitab unter den B\u00e4umen und schauten dem Treiben aus sicherer Entfernung zu. Viele gute Gespr\u00e4che wurden gef\u00fchrt und vielleicht auch Kontakte gekn\u00fcpft. \u00dcberall Kinder und Jugendliche, Babys und Pubertierende, Kids und &#8222;Hey du da&#8220;\u00a0&#8211; was f\u00fcr ein Reichtum. \u00a0<a href=\"https:\/\/www.bleiberecht-freiburg-brhs.de\">www.bleiberecht-freiburg-brhs.de<\/a> mit eigenem Stand und Infomaterial. Am Buffet gab es reichlich und vor allem S\u00fc\u00dfes &#8211; selbstgebacken von den Heimbewohnerinnen. Ein wirklich sch\u00f6nes Sommerfest.<br \/>\nEkke, 14.7.2012<\/p>\n<p><strong>Tanzen wie auf dem Balkan<\/strong><br \/>\n&#8222;In den zwanzig Jahren seit dem Bau des Heims hat sich gar nicht viel ver\u00e4ndert, das ist das Dramatische&#8220;, sagt Gisela Hein, die seit 15 Jahren im Sozialdienst des Heims arbeitet. Viele Menschen m\u00fcssen im beengten Wohnheim bleiben, obwohl sie extern wohnen d\u00fcrften, weil sie keine bezahlbare Wohnung finden. Dankbar sind Gisela Hein und ihre Kollegin Ingrid Braun f\u00fcr die Unterst\u00fctzung aus der Bev\u00f6lkerung. &#8230;<br \/>\nAlles vom 16.7.2012 bitte lesen auf<br \/>\n<a href=\"https:\/\/www.badische-zeitung.de\/freiburg\/tanzen-wie-auf-dem-balkan--61714457.html\">https:\/\/www.badische-zeitung.de\/freiburg\/tanzen-wie-auf-dem-balkan&#8211;61714457.html<br \/>\n<\/a><br \/>\n<strong>Sommerfest in der Hammerschmiedstra\u00dfe &#8211; <\/strong><strong>20 Jahre Fl\u00fcchtlings\u00adwohn\u00adheim<br \/>\n<\/strong>Wilde Trommelkl\u00e4nge und Jungs in rosa-bunten Outfits, Be\u00adwohner\/innen der Hammerschmiedstra\u00dfe und Besu\u00adcher\/\u00adinnen des Sommerfestes bewegen sich mit. Es spielt \u201eSambasta\u201c, eine Trommlergruppe, die sonst eher auf links\u00adalterna\u00adtiven Protestveranstaltungen oder Demonstrationen zu h\u00f6ren ist. Das Spielmobil hat einen ruhigeren Standort hinten auf der Wiese. Hier beim Fest nimmt niemand den Trommlern ihre Ohrst\u00f6psel wegen K\u00f6rperverletzung weg, wie beim deutsch-franz\u00f6sischen Gipfel am 10. Dezember 2010 in Freiburg. \u201eDer eine Trommler war bei uns Prak\u00adti\u00adkant und hat sich bereit erkl\u00e4rt auf dem Sommerfest zu spielen\u201c, sagt Gisela Braun, eine der beiden P\u00e4dagoginnen des Fl\u00fcchtlingswohnheims. Es feiert sein 20-j\u00e4hriges Be\u00adsteh\u00aden. In Vertretung f\u00fcr B\u00fcrgermeister Ulrich von Kirch\u00adbach \u00fcberbrachte SPD-Stadtrat Walter Kr\u00f6gner die Gru\u00df\u00adwor\u00adte der Stadt. Er hob die positive Arbeit der verschie\u00adden\u00aden Gruppen hervor, die sich um die Integration der Heim\u00adbe\u00adwohner\/innen bem\u00fchten. Ein Unding sei es zum Bei\u00adspiel, dass eine Familie schon seit 13 Jahren in der Unter\u00adkunft lebt. Er unterstrich auch, dass die Wohnungsnot in Frei\u00adburg Einheimische und Fl\u00fcchtlinge gleicherma\u00dfen treffe. &#8222;Insbesondere die Kinder, die hier geboren sind, ha\u00adben doch vielmehr mit ihrem jetzigen Wohnort gemein als mit dem Herkunftsland ihrer Eltern\u201c, so Walter Kr\u00f6gner. Das Sommerfest wird alle zwei Jahre ausgerichtet. Dieses Jahr wurde ein besonders umfangreiches Programm zum Ju\u00adbil\u00e4um geboten. Die Bewohner\/innen haben mitgehol\u00adfen. Viel Unterst\u00fctzung erf\u00e4hrt die Einrichtung auch von der Pfarrgemeinde Heilige Dreifaltigkeit. Studierende der P\u00e4dagogischen Hochschule haben 2008 eine Fu\u00dfballgruppe gegr\u00fcndet. Beim Patenprojekt &#8222;Zeit f\u00fcr Kinder&#8220; k\u00fcmmern sich Ehrenamtliche um die Kinder und machen Ausfl\u00fcge mit ihnen. Wer daf\u00fcr Interesse hat, kann sich gerne melden. Auch Wohnungen werden immer wieder gesucht f\u00fcr einige der derzeit 220 Heimbewohner, die hier auf sehr beengtem Raum wohnen m\u00fcssen.<br \/>\n13.8.2012, Anja Lusch, Littenweuiler Dorfblatt<\/p>\n<p>&nbsp;<\/p>\n<p><strong>CHRONIK des Fl\u00fcchtlingswohnheims Hamerschmiedstrasse<\/strong><\/p>\n<p>15.03.1992<strong><br \/>\n<\/strong>Das Fl\u00fcchtlingswohnheim wird erstmals mit Asylbewerbern aus den staatlichen Sammelunterk\u00fcnften belegt. Innerhalb weniger Wochen leben bis zu 20 verschiedene Nationalit\u00e4ten im Wohnheim (Gesamtkapazit\u00e4t von 266 Personen). Neben zahlreichen Familien sind bei der ersten Belegung des Wohnheimes viele alleinstehende M\u00e4nner aus verschiedenen Kontinenten untergebracht. Die Asylverfahren sind langwierig, so dass die Menschen mehrere Jahre im Wohnheim verbringen. Die Kinder und Jugendlichen werden in die f\u00fcr sie eigens gegr\u00fcndete Internationale Vorbereitungsklasse der Reinhold-Schneider-Schule in Littenweiler aufgenommen. Im Stadtteil gr\u00fcnden die B\u00fcrger einen HelferInnenkreis. Dieser trifft sich regelm\u00e4\u00dfig im Wohnheim und begleitet die Fl\u00fcchtlinge. Einzelkontakte entstehen. Es werden zusammen Kaffeenachmittage und Feste (Sommerfest, Nikolausfeier) gestaltet. Neben der professionellen sozialen Betreuung der Fl\u00fcchtlinge durch das Sozial- und Jugendamt, die von 1,5 Fachkr\u00e4ften wahrgenommen wird, helfen viele ehrenamtliche B\u00fcrger mit, Kindergruppen, Sprachkurse etc. f\u00fcr die Bewohner\u00a0 einzurichten.<br \/>\nAufgrund der zunehmenden Fremdenfeindlichkeit in Deutschland, die auch im Wohnheim sp\u00fcrbar wird, bilden sich weitere Unterst\u00fctzungsgruppen, so z.B. die \u201eB\u00fcrgerinitiative gegen Fremdenfeindlichkeit e.V.\u201c, die auch in anderen st\u00e4dtischen Fl\u00fcchtlingswohnheimen aktiv wird.<\/p>\n<p>1993<br \/>\nDie Unterbringung im Wohnheim ist sehr eng (4,5 qm pro Person). Es gibt kaum Ausweichm\u00f6glichkeiten f\u00fcr die Bewohner. Das politische Klima verschlechtert sich. Ein neues Ausl\u00e4nderrecht und Asylbewerberleistungsgesetz wird vom Bundestag verabschiedet. Es bringt f\u00fcr die Fl\u00fcchtlinge deutliche Verschlechterungen in ihrem Lebensalltag (z.B. Sachleistungen, geminderte Sozialhilfe).<br \/>\nErste Fl\u00fcchtlinge aus dem ehemaligen Jugoslawien (Bosnien\u2013Herzegowina) werden im Wohnheim als B\u00fcrgerkriegsfl\u00fcchtlinge aufgenommen.<\/p>\n<p>1994<br \/>\nDas Jahr steht unter dem Einfluss der ge\u00e4nderten Gesetze. Die Fl\u00fcchtlinge bekommen statt Geld nur noch Lebensmittelpakete. Durch zahlreiche Aktionen weisen die verschiedenen Helferkreise der Fl\u00fcchtlingswohnheime in der Stadt Freiburg die \u00d6ffentlichkeit auf die verschlechterten Bedingungen f\u00fcr Fl\u00fcchtlinge hin. Ehrenamtliche und Fl\u00fcchtlinge organisieren eine zeitlich begrenzte Aktion, in der die Lebensmittelpakete abgekauft werden. Sie f\u00fchren mit anderen Gruppen die Fastenaktion \u201eEssen was auf den Tisch kommt\u201c durch. Die Stadt Freiburg lenkt schlie\u00dflich ein und zahlt eingeschr\u00e4nkte Geldleistungen aus. Auch vor dem Hintergrund, dass die Sachleistungen f\u00fcr die Fl\u00fcchtlinge verwaltungs- und kostenintensiver waren.<\/p>\n<p>1995<br \/>\nDie Sympathie f\u00fcr die Fl\u00fcchtlinge sinkt in der Bev\u00f6lkerung. Erschwerend wirkt eine erneute \u00c4nderung des Asylbewerberleistungsgesetzes, die die Situation der Fl\u00fcchtlinge weiter verschlechtert (\u00e4rztliche Versorgung nur im Notfall). Die politische Arbeit der Helfer in verschiedenen Gremien wird immer wichtiger. Die Menschen leben teilweise bereits seit 1992 im Wohnheim. Die Spannungen unter den Fl\u00fcchtlingen aufgrund der langen Verweildauer in sehr beengten Verh\u00e4ltnissen nehmen zu. F\u00fcr viele wird die Situation immer unertr\u00e4glicher. Die Zahl der Fl\u00fcchtlinge aus dem ehemaligen Jugoslawien \u2013 Bosnien-Herzegowina (Muslime) und dem Kosovo (Albaner und ethnische Minderheiten, wie Roma und Ashkali) steigt. Die zweitgr\u00f6\u00dfte Gruppe von Fl\u00fcchtlingen sind Kurden aus der T\u00fcrkei.<\/p>\n<p>1996<br \/>\nEs werden vom Regierungspr\u00e4sidium verst\u00e4rkt Ausreiseaufforderungen an die Bewohner aus Bosnien-Herzegowina und dem Kosovo versandt. F\u00fcr Bosnien-Herzegowina wird vom Land BW ein R\u00fcckf\u00fchrungsprogramm verf\u00fcgt. Auch die Situation f\u00fcr die Menschen aus dem Kosovo wird immer dramatischer. Viele haben Angst vor einer Abschiebung. Einzelne Familien und Einzelpersonen fl\u00fcchten in die Illegalit\u00e4t oder fliehen in andere europ\u00e4ische L\u00e4nder. Einige Familien versuchen \u00fcber\u00a0 ein Weiterwanderdungsprogramm in die U.S.A. und Kanada die\u00a0 R\u00fcckf\u00fchrung in ihr Heimatland zu verhindern.<\/p>\n<p>1997<br \/>\nEin neues Fl\u00fcchtlingsunterbringungsgesetz regelt den Alltag der Fl\u00fcchtlinge in Deutschland. Fl\u00fcchtlinge, die einen Asylantrag gestellt haben,\u00a0 m\u00fcssen\u00a0 w\u00e4hrend des Verfahrens in den staatlichen Sammelunterk\u00fcnften wohnen .Sie erhalten ausschlie\u00dflich Sachleistungen und Taschengeld. Die st\u00e4dtischen Fl\u00fcchtlingswohnheime werden nur noch mit Fl\u00fcchtlingen mit dem Rechtsstatus der \u201eDuldung\u201c oder\u00a0 anerkannten Fl\u00fcchtlinge belegt. Letztere Gruppe ist minimal und wird in absehbarer Zeit \u00fcber die kommunale Wohnversorgung versorgt. (In der staatlichen Sammelunterkunft verbleiben nur Fl\u00fcchtlinge mit einer Aufenthaltsgestattung. Ihre Zukunft ist ungewiss). Das Wohnheim ist am 01.09.1997 mit 174 Personen belegt. Seit Jahren ist dies der niedrigste Belegungsstand.<\/p>\n<p>1998<br \/>\nDie Situation f\u00fcr Fl\u00fcchtlinge aus dem Kosovo verschlechtert sich. Viele leben in der Ungewissheit, ob ihre Familienangeh\u00f6rigen im Kosovo das drohende serbische Protektorat \u00fcberleben. Es kommt zur erneuten Vertreibung der V\u00f6lker auf dem Balkan.<\/p>\n<p>1999<br \/>\nDie Nato greift milit\u00e4risch in das Geschehen im Kosovo ein. Viele Menschen sind auf dem Balkan unterwegs. Der Krieg ver\u00e4ndert die politischen Verh\u00e4ltnisse im Kosovo. Die albanischen Familien aus dem Kosovo m\u00fcssen und wollen in ihr Heimatland zur\u00fcck. R\u00fcckkehrhilfen in Zusammenarbeit mit der Kfor werden angeboten. Die ethnische Minderheiten im Kosovo werden von der Mehrheitsbev\u00f6lkerung, den Albanern und Serben, vertrieben.<\/p>\n<p>2000<br \/>\nDie hier lebenden Fl\u00fcchtlinge helfen ihren Verwandten aus ihrem Heimatland, die den Weg nach Deutschland geschafft haben. Zunehmend kommen Menschen, die zu dem Volk der Roma und Ashkali, der ethnischen Minderheiten aus dem Kosovo, geh\u00f6ren. Sie werden sowohl durch die serbische, wie auch durch die albanische Bev\u00f6lkerung vertrieben. Das Wohnheim erreicht wieder eine volle Belegung.<\/p>\n<p>2001<br \/>\nIm Januar 2001 leben 235 Personen im Wohnheim. Immer wieder kommen Menschen \u00fcber illegale Wege aus dem Kosovo nach Deutschland. Sie m\u00fcssen sich\u00a0 gegen\u00fcber der Ausl\u00e4nderbeh\u00f6rde als Angeh\u00f6rige der Roma ausweisen und werden von der Stadt Freiburg geduldet.<br \/>\nDer Anteil der kinderreichen Familien nimmt zu. Die Menschen sind\u00a0 bei ihrer Ankunft oft in einem sehr schlechten gesundheitlichen Zustand. Sie hatten in ihrem Heimatland kaum am Schul- und Bildungssystem teilgenommen, sodass die Erwachsenen\u00a0h\u00e4ufig Analphabeten sind.\u00a0 Im Vergleich zu den Anfangsjahren des Wohnheimes ist der Kinderanteil von ca. 70 auf ca. 120 Kinder angestiegen. Die Betreuung der Kinder nimmt einen Hauptteil der Arbeit des Sozialen Dienstes ein.<\/p>\n<p>2002<br \/>\nDas Wohnheim beherbergt seit 10 Jahren Fl\u00fcchtlinge aus verschiedenen L\u00e4ndern und Kontinenten der Erde. Das Engagement der B\u00fcrger im Stadtteil, sich f\u00fcr die hier lebenden Fl\u00fcchtlinge einzusetzen ist gesunken. Trotzdem wird in Zusammenarbeit mit verschiedenen Gruppen am 21.06.2002 ein Wohnheimfest stattfinden. F\u00fcr die Menschen im Wohnheim eine M\u00f6glichkeit,\u00a0 Anderen zu begegnen.<br \/>\nDurch den Neubau der B31 Ost ist ein dauerhaft hoher L\u00e4rmpegel sehr belastend f\u00fcr die Bewohnerinnen und Bewohner des Wohnheims. Stadtrat Kr\u00f6gner (SPD) verhilft dem Wohnheim zu einer Schallschutzwand.<\/p>\n<p>2003<br \/>\nDer Fl\u00fcchtlingsbericht wird im Gemeinderat vorgestellt; mit der Drucksache G04089 wird ein Personalschl\u00fcssel\u00a0 von 1: 135 ( bisher 1:160) angeregt, der aktuell Grundlage f\u00fcr sozialp\u00e4dagogisches Handeln in allen Wohnheimen der Stadt Freiburg ist. Der Soziale Dienst im Wohnheim Bissierstr. in Tr\u00e4gerschaft des Deutschen Roten Kreuzes arbeitet ebenfalls nach dem neuen Stellenschl\u00fcssel.\u00a0\u00a0Die Kindergartenpl\u00e4tze in Littenweiler reichen nicht aus. Im Wohnheim werden zwei Gruppen f\u00fcr Vorschulkinder von Honorarkr\u00e4ften angeboten.<br \/>\nAls gro\u00dfe Entlastung wird von den Familien empfunden, dass das angrenzende Grundst\u00fcck durch den Helferkreis dazu gepachtet werden konnte und somit mehr Spielfl\u00e4che und\u00a0 ein Grillplatz zur Verf\u00fcgung steht.<br \/>\nEs ergehen vermehrt Ausreiseverf\u00fcgungen von der Ausl\u00e4nderbeh\u00f6rde an Familien aus dem Kosovo. B\u00fcrgermeister von Kirchbach kommt pers\u00f6nlich in die Wohnheime und stellt sich den Fragen der Betroffenen.<\/p>\n<p>2004<br \/>\nDas Wohnheim Hammerschmiedstra\u00dfe ist inzwischen das gr\u00f6\u00dfte Wohnheim der Stadt.<br \/>\nBeim Sommerfest 2004 wird das neue Gel\u00e4nde als Erweiterung der Freifl\u00e4che und der\u00a0 Betreuungscontainer eingeweiht. Dieser erm\u00f6glicht nun den Bewohnern Wohnheimversammlungen durchzuf\u00fchren. Erstmals wird &#8211; im str\u00f6menden Regen-\u00a0 zusammen mit dem Kleingartenverein Freiburg-Ost ein Begegnungsfest gefeiert<\/p>\n<p>2005<br \/>\nGro\u00dfe Reform der Sozialleistungsgesetzgebung: die sog. HARTZ IV Reform tritt im Januar in Kraft und betrifft\u00a0 auch Fl\u00fcchtlinge, die eine Aufenthaltserlaubnis haben. Am 09. Februar wird nach einem Beschluss des Gemeinderates der Stadt Freiburg ein Bewohnerbeirat gew\u00e4hlt. Das Projekt ist auf zwei Jahre angelegt. Hintergrund ist, die Beteiligungsm\u00f6glichkeiten der Fl\u00fcchtlinge zu erh\u00f6hen und damit ihre Lebenssituation zu verbessern. Ein Erfolg ist, dass nunmehr private Waschmaschinen auf den Wohnfluren aufgestellt werden d\u00fcrfen. Das Projekt Bewohnerbeteiligung wird nach zwei Jahren nicht verl\u00e4ngert.<br \/>\nZum ersten Mal wird am 08. April\u00a0 in Freiburg der Internationale Roma-Tag gefeiert.<\/p>\n<p>2006<br \/>\nAm 04. 04. 04 findet im Rathaus eine Podiumsdiskussion zur Lebenssituation der Roma in Freiburg statt. Am 11. April verabschiedet der Gemeinderat eine Resolution f\u00fcr ein Bleiberecht der hier lebenden Roma.<br \/>\nAb dem 15 .April gew\u00e4hrt die Evang. Friedensgemeinde einem Familienvater aus dem Wohnheim\u00a0 Hammerschmiedstra\u00dfe\u00a0Schutz vor der drohenden Abschiebung nach Serbien-Montenegro. Vor knapp 10 Jahren war die junge Familie vor dem B\u00fcrgerkrieg nach Deutschland geflohen. Die 5 Kinder sind gut im Stadtteil integriert. Eine breite Unterst\u00fctzung kommt aus der Reinhold-Schneider-Schule.<br \/>\nDie Innenministerkonferenz beschlie\u00dft im November eine Bleiberechtsregelung f\u00fcr langj\u00e4hrig Geduldete. Die Familie erh\u00e4lt ein Bleiberecht und kann wieder im Wohnheim aufgenommen werden.<\/p>\n<p>2007<br \/>\nDie Anzahl der Fl\u00fcchtlinge die nach Deutschland einreisen sinkt. Im Wohnheim leben derzeit 124 Menschen aus 11 unterschiedlichen L\u00e4ndern. Nahezu alle haben lediglich eine Duldung. Durch die Bleiberechtsregelung konnten einige langj\u00e4hrig geduldete Familien Arbeit finden und aus dem Wohnheim ausziehen.<br \/>\nIm Juni organisiert die KJHG der angrenzenden Kath. Gemeinde Heilige Dreifaltigkeit ein Kinderfest f\u00fcr die Kinder des Wohnheimes &#8211; es ist ein voller Erfolg.<br \/>\nHaus E\u00a0 wird mit\u00a0 obdachlos gewordenen Frauen belegt, die bisher in der Bayernstra\u00dfe untergebracht waren. Durch die freigewordenen Kapazit\u00e4ten k\u00f6nnen dringende Reparatur- und Renovierungsarbeiten durchgef\u00fchrt werden. Die Familien ziehen innerhalb des Wohnheimes um.<\/p>\n<p>2008<br \/>\nEs kommen wieder vermehrt Fl\u00fcchtlinge aus dem Kosovo die den ethnischen Minderheiten angeh\u00f6ren nach Deutschland und werden im Wohnheim aufgenommen.<br \/>\nBeim Sommerfest wird in Kooperation mit der Freiburger Fu\u00dfballschule und Amnesty International ein Fu\u00dfballturnier durchgef\u00fchrt. Studierende der nahegelegenen P\u00e4dagogischen Hochschule \u00fcbernehmen das Training und entwickeln dar\u00fcber hinaus vielf\u00e4ltige Unterst\u00fctzung f\u00fcr die vielen neu eingereisten Kinder und Jugendlichen, die Gro\u00dfteils zun\u00e4chst nicht beschult werden. Es entsteht eine enge Kooperation mit dem Sozialreferat und dem Haus\u00a0 197. Der B\u00fcrgerverein Oberwiehre &#8211; Waldsee springt zur Finanzierung der Angebote hilfreich ein. Das Wohnheim Hammerschmiedstra\u00dfe ist wieder \u201enur\u201c mit Fl\u00fcchtlingen belegt.<br \/>\nDie obdachlosen Frauen werden im ehemaligen Fl\u00fcchtlingswohnheim Wiesentalstra\u00dfe untergebracht.<\/p>\n<p>2009<br \/>\nDer Soziale Dienst f\u00fcr Fl\u00fcchtlinge wird zum 01. M\u00e4rz 2009 dem im Vorjahr neu gegr\u00fcndeten Amt f\u00fcr Wohnraumversorgung (AWV) zugeordnet. Das neue Amt k\u00fcmmert sich um die Unterbringung\u00a0 Obdachloser in der Stadt Freiburg.<br \/>\nDas Theater Freiburg startet in Zusammenarbeit mit Element 3 ein Projekt mit Roma-Jugendlichen. Das St\u00fcck CARMEN NOW erz\u00e4hlt von der schwierigen Liebesgeschichte einer deutschen Frau mit einem jungen Rom. Die Veranstaltungen sind jedes Mal ausverkauft.<\/p>\n<p>2010<br \/>\nDurch die \u00c4nderung der Visavorschriften in Serbien kommen viele neue Familien aus dem Kosovo und Serbien nach Freiburg. Das Wohnheim &#8211; ist wie alle anderen st\u00e4dtischen Wohnheime &#8211; wieder voll belegt.<br \/>\nDie Stadt beschlie\u00dft im Mai 2010 die neu eingereisten Fl\u00fcchtlinge nur noch Sachleistungen (Chipkarte) und Taschengeld auf unbestimmte Zeit zu gew\u00e4hren. Die Ausl\u00e4nderbeh\u00f6rde fordert die neu eingereisten Familien schnell wieder zur Ausreise auf. Trotz alldem wird ein Sommerfest im Gemeindesaal der Hl. Dreifaltigkeit mit dem Helferkreis und dem Caritas Verband Freiburg Stadt e.V. im Juni gefeiert. Regen in der Nacht zuvor machte ein Fest auf dem Gel\u00e4nde des Wohnheimes\u00a0unm\u00f6glich. Das Sommerfest ist sehr gut von\u00a0 BewohnerInnen und G\u00e4sten besucht.<br \/>\nDas Theater Freiburg entwickelt in Zusammenarbeit mit Element 3 ein Theaterevent CARMEN GO HOME zur Unterst\u00fctzung der aktuellen Situation der Fl\u00fcchtlinge in den Wohnheimen. Viele Bewohner aus dem Wohnheim Hammerschmiedstra\u00dfe engagieren sich in diesen Projekten und Veranstaltungen zur Situation der hier in Freiburg lebenden ethnischen Minderheit der Roma aus dem Kosovo.<\/p>\n<p>2011<br \/>\nBis Herbst 2011 ist die Anzahl der Fl\u00fcchtlinge die im Wohnheim aufgenommen werden und wieder \u201efreiwillig\u201c in ihr Heimatland zur\u00fcckreisen m\u00fcssen hoch. In Zahlen ausgedr\u00fcckt werden mehr als 200 Menschen im Wohnheim aufgenommen und wieder zur\u00fcckgeschickt. Gleichzeitig ist das Wohnheim voll belegt. Dadurch entsteht\u00a0 gro\u00dfe Unruhe im Wohnheim. Der Soziale Dienst ist damit besch\u00e4ftigt, die Familien in dieser unsicheren Lage zu begleiten und die Kinder in Einrichtungen, wie Kindergarten und Schule zu vermitteln.<br \/>\nDie neue Landesregierung in Baden-W\u00fcrttemberg beschlie\u00dft im Herbst \u00fcber den Winter keine Fl\u00fcchtlinge nach Serbien oder in den Kosovo auszuweisen, bis eine Delegation von Politikern vor Ort sich kundig gemacht hat und eine Einsch\u00e4tzung trifft.<\/p>\n<p>2012<br \/>\nIm Januar reist die Delegation der Landesregierung in den Kosovo. Im M\u00e4rz 2012 wird jedoch\u00a0 der Abschiebestopp f\u00fcr Serbien aufgehoben. F\u00fcr Fl\u00fcchtlinge aus dem Kosovo sollen Einzelentscheidungen vorgenommen werden. Wieder erhalten Familien ihre Ausreiseaufforderung. Die Situation vieler Familien, aus dem\u00a0 Wohnheim\u00a0 ist ungewiss. Zahlreiche engagierte Unterst\u00fctzer versuchen den Familien beizustehen und ihnen zu helfen.<\/p>\n<p>2012 besteht das Wohnheim Hammerschmiedstra\u00dfe 20 Jahr. Die Stadt Freiburg hatte urspr\u00fcnglich die Geb\u00e4ude nur\u00a0 f\u00fcr 10 Jahre geleast. Beim diesj\u00e4hrigen Sommerfest wird das \u201eJubil\u00e4um\u201c gefeiert. Nach wie vor kommen viele Fl\u00fcchtlinge nach Freiburg. Die Unterbringung im Wohnheim hat sich seit 1992 kaum ver\u00e4ndert. Noch immer fehlen ausreichend Wohnungen in der Stadt, um Familien dort unterzubringen.<\/p>\n<p>Juli 2012<br \/>\nMichael Schmitz-Steinh\u00e4user, <a href=\"mailto:sozialdienst-fluechtlinge@caritas-freiburg.de\">sozialdienst-fluechtlinge@caritas-freiburg.de<\/a><br \/>\nGisela Hein, <a href=\"mailto:gisela.hein@stadt-freiburg.de\">gisela.hein@stadt-freiburg.de<\/a><br \/>\nIngrid Braun, Gabi Lindinger<\/p>\n","protected":false},"excerpt":{"rendered":"<p>Home &gt;Selbsthilfe &gt;Soziales &gt;Wohnen &gt;Obdachlos &gt;Fluechtlingswohnheim Fl\u00fcchtlingswohnheime im Raum Freiburg Listenauswahl eines Beitrags: Bitte anklicken oder runterscrollen Landeserstaufnahme LEA Freiburg: Peter Kramer (27.8.2025) Geplante Asylantenunterkunft in winzigem Dorf Bairawis be\u00e4ngstigt Bewohner (26.11.2024) Freiburg und die Fl\u00fcchtlinge: Das Ende der Illusionen &hellip; <a href=\"https:\/\/www.freiburg-schwarzwald.de\/blog\/selbsthilfe\/soziales\/fluechtlingswohnheim\/\">Weiterlesen <span class=\"meta-nav\">&rarr;<\/span><\/a><\/p>\n","protected":false},"author":4,"featured_media":0,"parent":42,"menu_order":0,"comment_status":"closed","ping_status":"closed","template":"","meta":{"footnotes":""},"class_list":["post-6918","page","type-page","status-publish","hentry"],"_links":{"self":[{"href":"https:\/\/www.freiburg-schwarzwald.de\/blog\/wp-json\/wp\/v2\/pages\/6918","targetHints":{"allow":["GET"]}}],"collection":[{"href":"https:\/\/www.freiburg-schwarzwald.de\/blog\/wp-json\/wp\/v2\/pages"}],"about":[{"href":"https:\/\/www.freiburg-schwarzwald.de\/blog\/wp-json\/wp\/v2\/types\/page"}],"author":[{"embeddable":true,"href":"https:\/\/www.freiburg-schwarzwald.de\/blog\/wp-json\/wp\/v2\/users\/4"}],"replies":[{"embeddable":true,"href":"https:\/\/www.freiburg-schwarzwald.de\/blog\/wp-json\/wp\/v2\/comments?post=6918"}],"version-history":[{"count":5,"href":"https:\/\/www.freiburg-schwarzwald.de\/blog\/wp-json\/wp\/v2\/pages\/6918\/revisions"}],"predecessor-version":[{"id":138385,"href":"https:\/\/www.freiburg-schwarzwald.de\/blog\/wp-json\/wp\/v2\/pages\/6918\/revisions\/138385"}],"up":[{"embeddable":true,"href":"https:\/\/www.freiburg-schwarzwald.de\/blog\/wp-json\/wp\/v2\/pages\/42"}],"wp:attachment":[{"href":"https:\/\/www.freiburg-schwarzwald.de\/blog\/wp-json\/wp\/v2\/media?parent=6918"}],"curies":[{"name":"wp","href":"https:\/\/api.w.org\/{rel}","templated":true}]}}