{"id":68956,"date":"2018-11-19T15:35:07","date_gmt":"2018-11-19T14:35:07","guid":{"rendered":"https:\/\/www.freiburg-schwarzwald.de\/blog\/?page_id=68956"},"modified":"2026-07-16T08:09:11","modified_gmt":"2026-07-16T06:09:11","slug":"europa-der-vaterlaender","status":"publish","type":"page","link":"https:\/\/www.freiburg-schwarzwald.de\/blog\/global\/eu\/europa-der-vaterlaender\/","title":{"rendered":"Europa-der-Vaterl\u00e4nder"},"content":{"rendered":"<p><a href=\"https:\/\/www.freiburg-schwarzwald.de\/blog\">Home<\/a>\u00a0&gt;<a title=\"Global\" href=\"https:\/\/www.freiburg-schwarzwald.de\/blog\/global\/\">Global<\/a>\u00a0&gt;<a title=\"EU\" href=\"https:\/\/www.freiburg-schwarzwald.de\/blog\/global\/eu\/\">EU<\/a>\u00a0&gt;<a title=\"EU-Migration\" href=\"https:\/\/www.freiburg-schwarzwald.de\/blog\/global\/eu\/eu-migration\/\">EU-Migration<\/a>\u00a0&gt;Europa-der-Vaterl\u00e4nder<\/p>\n<div id=\"attachment_68957\" style=\"width: 648px\" class=\"wp-caption alignnone\"><a href=\"https:\/\/www.freiburg-schwarzwald.de\/blog\/global\/eu\/europa-der-vaterlaender\/nebel-stpeter-rheintal-pan181116-2\/\" rel=\"attachment wp-att-68957\"><img loading=\"lazy\" decoding=\"async\" aria-describedby=\"caption-attachment-68957\" class=\"wp-image-68957 size-full\" src=\"https:\/\/www.freiburg-schwarzwald.de\/blog\/wp-content\/uploads\/2018\/11\/nebel-stpeter-rheintal-pan1811161.jpg\" alt=\"St.Peter im Schwarzwald - Blick zum Nebel des Rheintals im Oktober 2018\" width=\"638\" height=\"234\" srcset=\"https:\/\/www.freiburg-schwarzwald.de\/blog\/wp-content\/uploads\/2018\/11\/nebel-stpeter-rheintal-pan1811161.jpg 638w, https:\/\/www.freiburg-schwarzwald.de\/blog\/wp-content\/uploads\/2018\/11\/nebel-stpeter-rheintal-pan1811161-180x66.jpg 180w\" sizes=\"auto, (max-width: 638px) 100vw, 638px\" \/><\/a><p id=\"caption-attachment-68957\" class=\"wp-caption-text\">St.Peter im Schwarzwald &#8211; Blick zum Nebel des Rheintals im Oktober 2018<\/p><\/div>\n<ul>\n<li><em>Beitrag aus Liste bitte ausw\u00e4hlen durch <span style=\"text-decoration: underline;\">Anklicken<\/span> oder Runterscrollen:<\/em><\/li>\n<li><a href=\"https:\/\/www.freiburg-schwarzwald.de\/blog\/global\/eu\/europa-nationen\/\">Die EU \u2013 Feind des eigentlichen Europas und der Freiheit<\/a> (25.6.2026)<\/li>\n<li><a href=\"https:\/\/www.freiburg-schwarzwald.de\/blog\/d-neutral-eu-friedensordnung\/\">D neutral \u2013 EU Friedensordnung<\/a>\u00a0(4.2.2026)<\/li>\n<li><a href=\"https:\/\/www.freiburg-schwarzwald.de\/blog\/global\/eu\/europa\/europa-konservativ\/\">Battle for the Soul of Europe<\/a>\u00a0(12.12.2025)<\/li>\n<li><a href=\"https:\/\/www.freiburg-schwarzwald.de\/blog\/eu-demokratie-christentum\/\">EU \u2013 Demokratie \u2013 Christentum<\/a>\u00a0(21.11.2024)<\/li>\n<li><a href=\"https:\/\/www.freiburg-schwarzwald.de\/blog\/global\/eu\/patriotsforeurope\/\">Wer sind die \u201ePatrioten f\u00fcr Europa\u201c<\/a>\u00a0(3.7.2024)<\/li>\n<li><a href=\"https:\/\/www.freiburg-schwarzwald.de\/blog\/eu-und-d-die-zukunft-ist-rechts\/\">EU und D: Die Zukunft ist rechts<\/a>\u00a0(11.6.2024)<\/li>\n<li><a href=\"https:\/\/www.freiburg-schwarzwald.de\/blog\/alfred-grosser-mit-99-gestorben\/\">Alfred Grosser mit 99 gestorben<\/a>\u00a0(17.2.2024)<\/li>\n<li><a href=\"https:\/\/www.freiburg-schwarzwald.de\/blog\/global\/eu\/europa\/europa-kulturkreis\/\">Daily Telegraph: Europe is finished \u2013 Europa ist am Ende<\/a>\u00a0(16.2.2024)<\/li>\n<li><a href=\"https:\/\/www.freiburg-schwarzwald.de\/blog\/global\/eu\/europawahl2024\/\">Identit\u00e4t &amp; Demokratie (ID): Fraktion im EU-Parlament<\/a>\u00a0(1.5.2023)<\/li>\n<li><a href=\"https:\/\/www.freiburg-schwarzwald.de\/blog\/amitie-franco-allemande-60\/\">Amiti\u00e9 franco-allemande: 60 Jahre<\/a>\u00a0(20.1.2023)<\/li>\n<li><a href=\"https:\/\/www.freiburg-schwarzwald.de\/blog\/de-gaulle-f-d-eu-ru-ua-usa\/\">De Gaulle: F, D, EU, RU, UA, USA<\/a>\u00a0(12.1.2023)<\/li>\n<li><a href=\"https:\/\/www.freiburg-schwarzwald.de\/blog\/guerot-endspiel-europa\/\">Gu\u00e9rot: Endspiel Europa<\/a>\u00a0(30.12.2022)<\/li>\n<li><a href=\"https:\/\/www.freiburg-schwarzwald.de\/blog\/global\/eu\/europa\/europa-usa\/\">Ulrike Gu\u00e9rot, Hauke Ritz: Endspiel Europa<\/a>\u00a0(16.12.2022)<\/li>\n<li><a href=\"https:\/\/www.freiburg-schwarzwald.de\/blog\/vaterlandsliebe-nur-anderswo\/\">Vaterlandliebe nur anderswo<\/a> (26.10.2022)<\/li>\n<li><a href=\"https:\/\/www.freiburg-schwarzwald.de\/blog\/global\/italien\/italien2022\/\">Giorgia Meloni im Wahlkampf 2022<\/a>\u00a0(24.9.2022)<\/li>\n<li><a href=\"https:\/\/www.freiburg-schwarzwald.de\/blog\/engagement\/zukunft\/demokratie\/demokratie-nation\/\">Klaus von Dohnanyi : Nationale Interessen<\/a>\u00a0(13.5.2022)<\/li>\n<li><a href=\"https:\/\/www.freiburg-schwarzwald.de\/blog\/engagement\/zukunft\/demokratie\/dezentral\/\">Dezentral und neutral \u2013 Vielfalt kleiner Staaten<\/a>\u00a0(9.3.2022)<\/li>\n<li><a href=\"https:\/\/www.freiburg-schwarzwald.de\/blog\/business\/gesund\/corona-virus\/corona-abendland\/\">David Engels: Viel Zeit zur inneren Gesundung des Abendlandes bleibt nicht<\/a>\u00a0(2.2.2022)<\/li>\n<li><a href=\"https:\/\/www.freiburg-schwarzwald.de\/blog\/global\/eu\/europa\/europa-kulturkreis\/\">David Engels: Es gilt, diese abendl\u00e4ndische Zivilisation zu sch\u00fctzen<\/a> (23.1.2022)<\/li>\n<li><a href=\"https:\/\/www.freiburg-schwarzwald.de\/blog\/ein-europa-souveraener-staaten\/\">Ein Europa souver\u00e4ner Staaten<\/a>\u00a0(26.10.2021)<\/li>\n<li><a href=\"https:\/\/www.freiburg-schwarzwald.de\/blog\/engagement\/zukunft\/demokratie\/souveraenitaet\/\">Souver\u00e4nit\u00e4tsbewusstsein: Ein deutsches Defizit?<\/a>\u00a0(22.10.2021)<\/li>\n<li><a href=\"https:\/\/www.freiburg-schwarzwald.de\/blog\/polen-nationalstaat-gegen-eu\/\">Polen: Nationalstaat gegen EU<\/a>\u00a0(21.10.2021)<\/li>\n<li><a href=\"https:\/\/www.freiburg-schwarzwald.de\/blog\/ampel-dahrendorf-demokratie\/\">Ampel: Dahrendorf Demokratie<\/a>\u00a0(4.10.2021)<\/li>\n<li><a href=\"https:\/\/www.freiburg-schwarzwald.de\/blog\/global\/eu\/ost-west\/\">Warum der Westen den Osten nicht versteht<\/a>\u00a0(2.7.2021)<\/li>\n<li><a href=\"https:\/\/www.freiburg-schwarzwald.de\/blog\/global\/eu\/brexit\/\">GB schl\u00e4gt D \u2013 unbequeme Wahrheit<\/a>\u00a0(4.6.2021)<\/li>\n<li><a href=\"https:\/\/www.freiburg-schwarzwald.de\/blog\/global\/eu\/europa-nationen\/\">Vaclav Klaus: Die fortschreitende Selbstzerst\u00f6rung des Westens<\/a>\u00a0(28.5.2021)<\/li>\n<li><a href=\"https:\/\/www.freiburg-schwarzwald.de\/blog\/global\/eu\/dexit\/\">Roger K\u00f6ppel: Dexit-Bef\u00fcrwortung der AfD f\u00f6rdert demokratische Debatte<\/a>\u00a0(13.4.2021)<\/li>\n<li><a href=\"https:\/\/www.freiburg-schwarzwald.de\/blog\/global\/eu\/eu-schuldenunion\/\">Bundesverfassungsgericht stoppt Corona-Wiederaufbaufonds<\/a>\u00a0(2.4.2021)<\/li>\n<li><a href=\"https:\/\/www.freiburg-schwarzwald.de\/blog\/regio\/heimat\/geschichte\/\">Nachkriegsgeschichte Europas ab 1949: Versagen des Westens<\/a>\u00a0(7.2.2021)<\/li>\n<li><a href=\"https:\/\/www.freiburg-schwarzwald.de\/blog\/global\/eu\/brexit\/\">Get Brexit done<\/a>\u00a0(3.1.2021)<\/li>\n<li><a href=\"https:\/\/www.freiburg-schwarzwald.de\/blog\/global\/globalisierung\/macht\/\">Das kommende Machtmodell \u2013 Oligopoleigentum mit Linksideologie<\/a>\u00a0(30.12.2020)<\/li>\n<li><a title=\"Polen w\u00e4hlt polnisch: Duda\" href=\"https:\/\/www.freiburg-schwarzwald.de\/blog\/polen-waehlt-polnisch-duda\/\">Polen w\u00e4hlt polnisch: Pr\u00e4sident Duda best\u00e4tigt<\/a> (13.7.2020)<\/li>\n<li><a title=\"Verfassungsgericht\" href=\"https:\/\/www.freiburg-schwarzwald.de\/blog\/engagement\/zukunft\/demokratie\/verfassungsgericht\/\">EZB-Urteil des Bundesverfassungsgerichtes: Winds of Change?<\/a>\u00a0(7.5.2020)<\/li>\n<li><a title=\"Visegrad\" href=\"https:\/\/www.freiburg-schwarzwald.de\/blog\/global\/eu\/visegrad\/\">Solidarit\u00e4t: Kampfbegriff des EU-Apparats gegen die Souver\u00e4nit\u00e4t der Mitglieder<\/a>\u00a0(5.3.2020)<\/li>\n<li><a title=\"Johnson: Rede nach dem Brexit\" href=\"https:\/\/www.freiburg-schwarzwald.de\/blog\/johnson-rede-nach-dem-brexit\/\">Johnson: Rede nach dem Brexit<\/a>\u00a0(4.2.2020)<\/li>\n<li><a title=\"Deutsche-Kultur\" href=\"https:\/\/www.freiburg-schwarzwald.de\/blog\/global\/deutschland\/deutsche-kultur\/\">Roger Scruton: Kulturelles Erbe des Westens \u2013 sieben Charakteristika<\/a>\u00a0(17.12.2019)<\/li>\n<li><a title=\"Deutsche Arroganz zu GB und F\" href=\"https:\/\/www.freiburg-schwarzwald.de\/blog\/deutsche-arroganz-zu-gb-und-f\/\">Deutsche Arroganz zu GB und F<\/a>\u00a0(14.12.2019)<\/li>\n<li>Roger K\u00f6ppel: Volk ohne Heimat &#8211; EU\u00a0 (6.11.2019)<\/li>\n<li><a title=\"Sozialismus\" href=\"https:\/\/www.freiburg-schwarzwald.de\/blog\/engagement\/zukunft\/demokratie\/sozialismus\/\">Landsbergis: \u201eDeutschland gleitet ein drittes Mal in den Sozialismus ab\u201c<\/a>\u00a0(20.10.2019)<\/li>\n<li><a href=\"https:\/\/www.freiburg-schwarzwald.de\/blog\/peripherie-contra-metropole\/\">https:\/\/www.freiburg-schwarzwald.de\/blog\/peripherie-contra-metropole\/<\/a>\u00a0(27.7.2019)<\/li>\n<li>Finkielkraut: Papst unterzeichnete den Tod Europas\u00a0 (31.5.2019)<\/li>\n<li><a href=\"https:\/\/www.freiburg-schwarzwald.de\/blog\/eu-wahlbeteiligung-erfreulich\/\">https:\/\/www.freiburg-schwarzwald.de\/blog\/eu-wahlbeteiligung-erfreulich\/<\/a>\u00a0(27.5.2019)<\/li>\n<li>Winkler: EU als Verbund postklassischer Nationalstaaten\u00a0 (5.5.2019)<\/li>\n<li>Europa: Pl\u00e4doyer f\u00fcr die Selbstbehauptung der Nationen\u00a0 (3.5.2019)<\/li>\n<li><a title=\"Deutschland2030\" href=\"https:\/\/www.freiburg-schwarzwald.de\/blog\/global\/deutschland\/deutschland2030\/\">Pipes: Drei Wege gegen die Islamisierung Deutschlands<\/a>\u00a0(25.4.2019)<\/li>\n<li>&#8222;The Movement&#8220;\u00a0von Steve Bannon &#8211; ein Klub der Konservativen (5.4.2019)<\/li>\n<li>Migration ist Schicksalsfrage des 21. Jahrhunderts &#8211; Tagung in Budapest (25.3.2019)<\/li>\n<li>Migration ist Schicksalsfrage des 21. Jahrhunderts &#8211; Grundsatzrede von Viktor Orban (25.3.2019)<\/li>\n<li><a href=\"https:\/\/www.freiburg-schwarzwald.de\/blog\/global\/deutschland\/nationalstaat\/\">Heinrich August Winkler: Europas falsche Freunde<\/a>\u00a0(23.10.2017)<\/li>\n<li>Die Illusionen der grenzenlosen Welt &#8211; Globaler Norden beutet globalen S\u00fcden aus (19.2.2017)<\/li>\n<\/ul>\n<ul>\n<li><a title=\"Nation\" href=\"https:\/\/www.freiburg-schwarzwald.de\/blog\/engagement\/zukunft\/demokratie\/nation\/\">Nach dem Brexit: Verlierer Deutschland\u00a0 \u2013 EU-Sperrminorit\u00e4t ade<\/a>\u00a0(21.12.2018)<\/li>\n<li>Europa der Vaterl\u00e4nder &#8211; Pr\u00e4sident de Gaulle<\/li>\n<li><a href=\"https:\/\/www.freiburg-schwarzwald.de\/blog\/business\/gesund\/corona-virus\/corona-abendland\/\">Corona-Abendland<\/a><\/li>\n<li><a title=\"Demokratie\" href=\"https:\/\/www.freiburg-schwarzwald.de\/blog\/engagement\/zukunft\/demokratie\/\">Demokratie<\/a><\/li>\n<li><a title=\"Deutschland\" href=\"https:\/\/www.freiburg-schwarzwald.de\/blog\/global\/deutschland\/\">Deutschland<\/a><\/li>\n<li><a href=\"https:\/\/www.freiburg-schwarzwald.de\/blog\/engagement\/zukunft\/demokratie\/dezentral\/\">dezentral &#8211; Staaten<\/a><\/li>\n<li><a title=\"EU\" href=\"https:\/\/www.freiburg-schwarzwald.de\/blog\/global\/eu\/\">EU<\/a><\/li>\n<li><a title=\"EU-Migration\" href=\"https:\/\/www.freiburg-schwarzwald.de\/blog\/global\/eu\/eu-migration\/\">Eu-Migration<\/a><\/li>\n<li><a title=\"EU-Reform\" href=\"https:\/\/www.freiburg-schwarzwald.de\/blog\/global\/eu\/eu-reform\/\">EU-Reform<\/a><\/li>\n<li><a href=\"https:\/\/www.freiburg-schwarzwald.de\/blog\/global\/eu\/europa\/europa-konservativ\/\">Europa-konservativ<\/a><\/li>\n<li><a href=\"https:\/\/www.freiburg-schwarzwald.de\/blog\/global\/eu\/europa\/europa-kulturkreis\/\">Europa-Kulturkreis<\/a><\/li>\n<li><a href=\"https:\/\/www.freiburg-schwarzwald.de\/blog\/global\/eu\/eu-schuldenunion\/\">EU-Schuldenunion<\/a><\/li>\n<li><a title=\"Europa-Nationen\" href=\"https:\/\/www.freiburg-schwarzwald.de\/blog\/global\/eu\/europa-nationen\/\">Europa-Nationen<\/a><\/li>\n<li><a href=\"https:\/\/www.freiburg-schwarzwald.de\/blog\/global\/eu\/europa\/europa-usa\/\">Europa-USA<\/a><\/li>\n<li><a title=\"Export\" href=\"https:\/\/www.freiburg-schwarzwald.de\/blog\/business\/export\/\">Export<\/a><\/li>\n<li><a title=\"FairerHandel\" href=\"https:\/\/www.freiburg-schwarzwald.de\/blog\/global\/fairerhandel\/\">Fairer Handel<\/a><\/li>\n<li><a title=\"Finanzsystem\" href=\"https:\/\/www.freiburg-schwarzwald.de\/blog\/global\/finanzsystem\/\">Finanzsystem<\/a><\/li>\n<li><a title=\"France\" href=\"https:\/\/www.freiburg-schwarzwald.de\/blog\/global\/france\/\">France \u2013 Frankreich<\/a><\/li>\n<li><a title=\"Global-Migration\" href=\"https:\/\/www.freiburg-schwarzwald.de\/blog\/global\/globalisierung\/global-migration\/\">Globaler Migrationspakt<\/a><\/li>\n<li><a title=\"Globalisierung\" href=\"https:\/\/www.freiburg-schwarzwald.de\/blog\/global\/globalisierung\/\">Globalisierung<\/a><\/li>\n<li><a title=\"Griechenland\" href=\"https:\/\/www.freiburg-schwarzwald.de\/blog\/global\/griechenland\/\">Griechenland<\/a><\/li>\n<li><a title=\"Grossbritannien\" href=\"https:\/\/www.freiburg-schwarzwald.de\/blog\/global\/grossbritannien\/\">Grossbritannien<\/a><\/li>\n<li><a href=\"https:\/\/www.freiburg-schwarzwald.de\/blog\/global\/italien\/italien2022\/\">Italien2022<\/a><\/li>\n<li><a href=\"https:\/\/www.freiburg-schwarzwald.de\/blog\/global\/globalisierung\/macht\/\">Macht &#8211; Machtmodelle<\/a><\/li>\n<li><a title=\"Nation\" href=\"https:\/\/www.freiburg-schwarzwald.de\/blog\/engagement\/zukunft\/demokratie\/nation\/\">Nation<\/a><\/li>\n<li><a href=\"https:\/\/www.freiburg-schwarzwald.de\/blog\/global\/eu\/ost-west\/\">Ost-West<\/a><\/li>\n<li><a href=\"https:\/\/www.freiburg-schwarzwald.de\/blog\/global\/eu\/patriotsforeurope\/\">PatriotsForEurope<\/a><\/li>\n<li><a href=\"https:\/\/www.freiburg-schwarzwald.de\/blog\/global\/polen\/polen-nation\/\">Polen-Nation<\/a><\/li>\n<li><a href=\"https:\/\/www.freiburg-schwarzwald.de\/blog\/engagement\/zukunft\/demokratie\/souveraenitaet\/\">Souver\u00e4nit\u00e4t<\/a><\/li>\n<li><a title=\"Sozialismus\" href=\"https:\/\/www.freiburg-schwarzwald.de\/blog\/engagement\/zukunft\/demokratie\/sozialismus\/\">Sozialismus<\/a><\/li>\n<li><a title=\"Ungarn\" href=\"https:\/\/www.freiburg-schwarzwald.de\/blog\/global\/eu\/ungarn\/\">Ungarn<\/a><\/li>\n<li><a title=\"Verfassungsgericht\" href=\"https:\/\/www.freiburg-schwarzwald.de\/blog\/engagement\/zukunft\/demokratie\/verfassungsgericht\/\">Verfassungsgericht &#8211; BVerfG<\/a><\/li>\n<\/ul>\n<p>&nbsp;<\/p>\n<p><strong>Europa der Vaterl\u00e4nder &#8211; Pr\u00e4sident de Gaulle\u00a0<\/strong><\/p>\n<p><strong>Europa der Vaterl\u00e4nder &#8211; Europa als Bund souver\u00e4ner Staaten<\/strong><br \/>\ndiesen Begriff hat Charles de Gaulle gepr\u00e4gt und im Beisein von Konrad Adenauer verk\u00fcndet<br \/>\nWenn Nationalismus bedeutet, dass man sich mit letzter Entschlossenheit f\u00fcr die eigene Nation einsetzt, dann waren mindestens zwei Gr\u00fcndungsv\u00e4ter der EU &#8211; Winston Churchill und Charles de Gaulle &#8211; ausgesprochene Nationalisten, denen es nie in den Sinn kam, irgendeine Gr\u00f6\u00dfe ihrem Vaterland vor- oder \u00fcberzuordnen<br \/>\n.<br \/>\n<strong>Zu den Besonderheiten Europas geh\u00f6rt seine historisch gewachsene nationale Vielfalt. Wer die Nationen und die Nationalstaaten abschaffen will, zerst\u00f6rt Europa und f\u00f6rdert den Nationalismus.\u201c<br \/>\n<\/strong>(Heinrich August Winkler, 2017, <a href=\"https:\/\/www.freiburg-schwarzwald.de\/blog\/global\/deutschland\/nationalstaat\/\">mehr)\u00a0<\/a><br \/>\n==========================================================<\/p>\n<p>&nbsp;<\/p>\n<p><strong>Roger K\u00f6ppel: Volk ohne Heimat &#8211; EU<\/strong><br \/>\nDie faszinierende Aufgabe wird es sein, den nationalen Freiheitsdrang der Ostdeutschen ins europ\u00e4ische Ersatzvaterland der Westdeutschen einzuschmelzen. Es geht um Nuancen, nicht um ein Entweder-oder. Eine neue Balance ist gesucht. Wie viel EU ist sinnvoll, wie viel nationale Eigenverantwortung darf es sein? Die Deutschen k\u00f6nnen sich der Debatte stressfrei stellen. Das Ergebnis wird ein besseres Deutschland sein. Und eine bessere EU.<br \/>\n&#8230; Alles vom 6.11.2019 von Roger K\u00f6ppel bitte lesen auf<br \/>\n<a href=\"https:\/\/www.weltwoche.ch\/ausgaben\/2019-45\/artikel\/volk-ohne-heimat-die-weltwoche-ausgabe-45-2019.html\">https:\/\/www.weltwoche.ch\/ausgaben\/2019-45\/artikel\/volk-ohne-heimat-die-weltwoche-ausgabe-45-2019.html<\/a><\/p>\n<p><strong>Sterilisierte Ersatzdeutsche Euro-Vaterland<\/strong><br \/>\n&#8218;Faszinierende Aufgabe wird es sein, den nationalen Freiheitsdrang der Ostdeutschen ins europ\u00e4ische Ersatzvaterland der Westdeutschen einzuschmelzen.&#8216; Daran finde ich \u00fcberhaupt nichts Faszinierendes. Auch nicht faszinierend, aber sinnvoller w\u00e4re es, das sterilisierte ersatzdeutsche Euro-Vaterland in ein freiheitlich-nationales Deutschland zu transformieren.<br \/>\n7.11.2019, M.B., WWO<br \/>\n<strong>Finkielkraut: Papst unterzeichnete den Tod Europas<\/strong><br \/>\nIn Deutschland ergreifen offizielle <a title=\"Juden\" href=\"https:\/\/www.freiburg-schwarzwald.de\/blog\/religion\/juden\/\">j\u00fcdische Organisationen<\/a> h\u00e4ufig offen f\u00fcr <a title=\"Islam\" href=\"https:\/\/www.freiburg-schwarzwald.de\/blog\/religion\/islam\/\">moslemische<\/a> Masseneinwanderung und die Politik von <a title=\"Merkel-muss-weg\" href=\"https:\/\/www.freiburg-schwarzwald.de\/blog\/engagement\/zukunft\/demokratie\/merkel-muss-weg\/\">Frau Merkel<\/a> Partei \u2013 und verurteilen auch sachliche Kritik daran als \u201eantisemitisch\u201c und \u201erassistisch\u201c.<br \/>\n.<br \/>\n<a title=\"Islam-Antisemitismus\" href=\"https:\/\/www.freiburg-schwarzwald.de\/blog\/religion\/islam\/islam-antisemitismus\/\">Finkielkraut<\/a>: <strong><em>Die Haltung dieser Organisationen soll gro\u00dfherzig erscheinen, tats\u00e4chlich aber ist sie dumm und selbstm\u00f6rderisch.<\/em><\/strong> Denn solches Verhalten kann in der Realit\u00e4t nur <a title=\"Juden\" href=\"https:\/\/www.freiburg-schwarzwald.de\/blog\/religion\/juden\/\">Judenfeindschaft<\/a> f\u00f6rdern.<br \/>\n.<br \/>\nIch habe keinerlei Nachsicht gegen\u00fcber dieser Einstellung. <a title=\"Gesinnungsethik\" href=\"https:\/\/www.freiburg-schwarzwald.de\/blog\/engagement\/zukunft\/demokratie\/gesinnungsethik\/\">Moral<\/a> beinhaltet auch ein klares Bewu\u00dftsein. Und diese blau\u00e4ugige Haltung betrifft nicht nur die offiziellen j\u00fcdischen Organisationen, sondern auch die offizielle katholische Kirche und die <a title=\"Evangelisch\" href=\"https:\/\/www.freiburg-schwarzwald.de\/blog\/religion\/evangelisch\/\">protestantischen Instanzen<\/a>. Papst Franziskus etwa pl\u00e4diert sogar f\u00fcr eine verst\u00e4rkte Einwanderung, f\u00fcr die Umsetzung des <a title=\"Global-Migration\" href=\"https:\/\/www.freiburg-schwarzwald.de\/blog\/global\/globalisierung\/global-migration\/\">UN-Migrationspaktes<\/a>, f\u00fcr eine Ausdehnung der Aufnahmekriterien. Er tr\u00e4gt nicht einmal mehr Sorge daf\u00fcr, da\u00df die <a title=\"Christenverfolgung\" href=\"https:\/\/www.freiburg-schwarzwald.de\/blog\/religion\/christen\/christenverfolgung\/\">Christen <\/a>in Europa in der Mehrheit bleiben. <strong><em>Dieser\u00a0 <a title=\"Katholisch\" href=\"https:\/\/www.freiburg-schwarzwald.de\/blog\/religion\/katholisch\/\">Papst<\/a> unterzeichnete ohne mit der Wimper zu zucken den Tod Europas, so wie wir es kennen.<\/em> <\/strong><br \/>\n&#8230;. Alles von Alain <a title=\"Linke-Gewalt\" href=\"https:\/\/www.freiburg-schwarzwald.de\/blog\/selbsthilfe\/krise\/gewalt\/linke-gewalt\/\">Finkielkraut<\/a> zu &#8222;Europa: Dumm und selbstm\u00f6rderisch&#8220; bitte lesen<br \/>\nin Junge Freiheit, 31.5.2019, Seite 3<br \/>\n.<br \/>\n<em>Prof. Dr. Alain Finkielkraut, z\u00e4hlt zu den f\u00fchrenden franz\u00f6sischen Intellektuellen der Gegenwart. Er ist Mitglied der Acad\u00e9mie fran\u00e7aise und lehrt Philosophie an einer der beiden altehrw\u00fcrdigsten Elitehochschulen Frankreichs, der \u00c9cole polytechnique in Paris. Bekannt wurde er durch seine zahlreichen Buchver\u00f6ffentlichungen und Auftritte in den Medien. Au\u00dferdem moderiert er eine eigene Sendung im Radiosender France Culture. Wegen seiner teilweise politisch unkorrekten \u00c4u\u00dferungen gilt er einem Teil der franz\u00f6sischen \u00d6ffentlichkeit als \u201eumstritten\u201c. Geboren wurde der Sohn eines emigrierten j\u00fcdischen Auschwitz\u00fcberlebenden aus Polen 1949 in Paris.<\/em><\/p>\n<p>&nbsp;<\/p>\n<p>&nbsp;<\/p>\n<p><strong>Winkler: EU als Verbund postklassischer Nationalstaaten<\/strong><br \/>\n<em>Die \u00fcberw\u00e4ltigende Mehrheit der Menschen in Europa denkt nicht daran, ihren historisch gewachsenen Nationalstaat aufzugeben. Ein Pl\u00e4doyer f\u00fcr mehr Ehrlichkeit.<\/em><br \/>\n&#8230;.<br \/>\nDie Europ\u00e4ische Union ist ein Staatenverbund postklassischer Nationalstaaten. Postklassische Nationalstaaten unterscheiden sich von den \u00e4lteren, klassischen, voll souver\u00e4nen Nationalstaaten dadurch, dass sie einige ihrer Hoheitsrechte gemeinsam aus\u00fcben und andere auf supranationale Einrichtungen \u00fcbertragen haben. Wer die Parole ausgibt, es gelte, die Nationalstaaten in einem vereinigten Europa aufzul\u00f6sen, \u00fcbersieht, dass die \u00fcberw\u00e4ltigende Mehrheit der Europ\u00e4erinnen und Europ\u00e4er gar nicht daran denkt, ihren historisch gewachsenen Nationalstaat aufzugeben. Zudem bildet der Nationalstaat in Europa bis heute den sichersten Hort von Rechtsstaat, Sozialstaat und Demokratie. Um diese Errungenschaften zu bewahren und weiterzuentwickeln, bedarf es einer immer engeren Zusammenarbeit der europ\u00e4ischen Staaten, die sich zu diesen Werten bekennen. Dieses Ziel ist bescheidener als das eines europ\u00e4ischen Bundesstaats oder einer europ\u00e4ischen Republik. Aber es ist realistischer und demokratischer als jede nur vermeintlich europafreundliche Utopie.<br \/>\n&#8230; Alles von Heinrich August Winkler vom 5.5.2019 bitte lesen auf<br \/>\n<a href=\"https:\/\/www.tagesspiegel.de\/politik\/deutschland-vor-der-europawahl-den-nationalisten-nutzt-die-konfliktscheu-der-eu-freunde\/24305094.html\">https:\/\/www.tagesspiegel.de\/politik\/deutschland-vor-der-europawahl-den-nationalisten-nutzt-die-konfliktscheu-der-eu-freunde\/24305094.html<\/a><br \/>\n.<br \/>\n<strong>Europa: Pl\u00e4doyer f\u00fcr die Selbstbehauptung der Nationen<\/strong><br \/>\nMit Schillers 1785 aus utopisch-idealistischem Geist entstandener Ode \u201eAn die Freude\u201c haben die Verfechter eines vereinten Europas, nicht zuletzt dank Beethovens gro\u00dfartiger Musik, den Grundton gesetzt. 1985 offiziell zur Hymne der EU erkl\u00e4rt, ist nicht nur in Deutschland der Vers \u201eAlle Menschen werden Br\u00fcder\u201c als Chorgesang quasi zum Gassenhauer s\u00e4mtlicher Eine-Welt-Apologeten avanciert.<br \/>\nAls Kosmopoliten und Internationalisten eint sie das universalistische Ziel, durch \u00dcberwindung ethnisch-kultureller Identit\u00e4ten und Abschaffung der jeweiligen Nationalstaaten die Menschheit als Summe geschichts- und bindungsloser Individuen neu zu konstituieren.<br \/>\nIm gegenw\u00e4rtigen <a title=\"Europawahl\" href=\"https:\/\/www.freiburg-schwarzwald.de\/blog\/global\/eu\/europawahl\/\">Europa-Wahlkampf<\/a> sind es hierzulande die links-gr\u00fcnen Eliten, unterst\u00fctzt von liberalistischen und talmi-konservativen Kreisen, die eine antinationale Front als Zwischenstufe des \u201eOne World\u201c-Konzepts bilden. Sie alle pl\u00e4dieren daf\u00fcr, die Br\u00fcsseler Kommission und das Stra\u00dfburger Parlament durch \u00dcbertragung weiterer Kompetenzen zu st\u00e4rken, um die Integration und damit die Zentralisierung der Macht zu Lasten der Mitgliedsstaaten voranzutreiben. Letztlich soll aus dem supranationalen Staatenbund ein Bundesstaat nach amerikanischem Vorbild werden. Nur gemeinsam, so das Mantra, k\u00f6nne sich Europa in der Welt behaupten, nur vereint sei es m\u00f6glich, globalen Herausforderungen wie dem Klimawandel oder dem islamistischen Terrorismus die Stirn zu bieten.<br \/>\n.<br \/>\nDie Zeit der Nationalstaaten sei unwiderruflich vorbei; wer die Uhr zur\u00fcckdrehen wolle, sei ein engstirniger \u201eRechtspopulist\u201c, der die Zukunft des Kontinents gef\u00e4hrde. Ist diese Analyse schl\u00fcssig? Im Bewu\u00dftsein der verbalen Anma\u00dfung, die EU stets gleichzusetzen mit Europa, soll mit zwei Thesen geantwortet werden:<\/p>\n<p>\u2022 These 1: Die Aufl\u00f6sung begrenzter Identit\u00e4ten in immer gr\u00f6\u00dfer werdenden Strukturen mutet an wie eine Flucht aus dem Konkreten ins Abstrakte, aus dem Hier und Heute in ein nebul\u00f6ses Morgen. K\u00f6nnte es sein, da\u00df sich tiefenpsychologisch hinter der Delegierung von Verantwortung f\u00fcr ein \u00fcberliefertes Gemeinwesen prim\u00e4r in Deutschland die Abdankung der Eliten aus der Erkenntnis politischer Impotenz verbirgt?<\/p>\n<p>\u2022 These 2: Nichts spricht dagegen, da\u00df sich Einzelstaaten auch im Zeitalter der Globalisierung sehr wohl behaupten k\u00f6nnen. Erforderlich sind geopolitisches Verst\u00e4ndnis und diplomatisches Geschick \u2013 Talente, an denen es besonders den Deutschen gebricht.<br \/>\n&#8230;<br \/>\nAlles vom 3.5.2019 von Peter Kuntze zu &#8222;Europa: Pl\u00e4doyer f\u00fcr die Selbstbehauptung der Nationen &#8211; farbig statt br\u00fcsselgrau&#8220; bitte lesen in: Junge Freiheit, Seite 18, <a href=\"https:\/\/www.junge-freiheit.de\">https:\/\/www.junge-freiheit.de<\/a><\/p>\n<p><em>Peter Kuntze, Jahrgang 1941, war Redakteur der S\u00fcddeutschen Zeitung. Auf dem Forum schrieb er zuletzt \u00fcber den Kampf gegen Volk, Nation und Staat (\u201eEndspiel um Deutschland\u201c, JF 4\/19).<\/em><\/p>\n<p>&nbsp;<\/p>\n<p>&nbsp;<\/p>\n<p>&nbsp;<\/p>\n<p><strong>&#8222;The Movement&#8220; von Steve Bannon &#8211; ein Klub der Konservativen<\/strong><br \/>\n<em>Er galt bis zu seinem Zerw\u00fcrfnis mit US-Pr\u00e4sident <a title=\"Trump\" href=\"https:\/\/www.freiburg-schwarzwald.de\/blog\/global\/usa\/trump\/\">Donald Trump<\/a> als dessen rechtskonservatives Meisterhirn. Nun will der ehemalige \u201eBreitbart\u201c-Chef Steve Bannon mit \u201eThe Movement\u201c Europa revolutionieren<\/em><\/p>\n<p>Herr Bannon, Ihre Ank\u00fcndigung, ein weltweites rechtskonservatives Netzwerk mit dem Namen \u201eThe Movement\u201c und Sitz in Italien aufbauen zu wollen, hat f\u00fcr Schlagzeilen gesorgt. Wen m\u00f6chten Sie f\u00fcr das Projekt gewinnen?<br \/>\nSteve Bannon: Ich spreche daf\u00fcr mit vielen Parteien und Bewegungen weltweit, die sich mit dem Thema Souver\u00e4nit\u00e4t und Verteidigung der Nation besch\u00e4ftigen. So habe ich in Italien Lega-Chef Matteo Salvini und viele Politiker seiner Partei getroffen. In Frankreich ist mein Ansprechpartner selbstverst\u00e4ndlich Marine Le Pen und in Deutschland die Alternative f\u00fcr Deutschland, die eine hervorragende Arbeit leistet. Allerdings kommen meine Gegen\u00fcber nicht nur aus <a title=\"Europa-Nationen\" href=\"https:\/\/www.freiburg-schwarzwald.de\/blog\/global\/eu\/europa-nationen\/\">Europa,<\/a> sondern auch aus den USA, aus Lateinamerika, ja dem ganzen eurasischen Kontinent.<br \/>\n&#8230;<br \/>\nWas soll \u201eThe Movement\u201c sein? Wie soll es funktionieren und vor allem: Was sollte es nach Ihrer Vorstellung einmal leisten?<br \/>\nBannon: Ich m\u00f6chte klarstellen, da\u00df es nicht darum geht, eine \u00fcbernationale Partei zu schaffen. Nein, \u201eThe Movement\u201c wird eine Art Klub sein, der seinen ganz unterschiedlichen Mitgliedern die M\u00f6glichkeit zur informellen Vernetzung bietet. Denn nach meiner Erfahrung ist es sehr wichtig, da\u00df eine Struktur existiert, die es erm\u00f6glicht, Perspektiven und Strategien zu teilen.<br \/>\nWichtig dabei ist mir auch, da\u00df ich nur f\u00fcr den Klub verantwortlich bin und auch nur f\u00fcr dessen Aufbau Geld beschaffe, nicht aber f\u00fcr seine Mitglieder. Nur so, mit Eigenverantwortung aller Seiten, kann das funktionieren.<br \/>\n4.4.2019, Steve Bannon, &#8222;Ihr k\u00f6nnt gewinnen&#8220;, Interview von Luca Steinmann<br \/>\nJF, Seite 3<\/p>\n<p><em>Steve Bannon, war Wahlkampfberater Donald Trumps, dann Chefstratege im Wei\u00dfen Haus (von August 2016 bis August 2017). Zuvor leitete er, ab 2012 bis 2018 (mit einem Jahr Unterbrechung, in dem er f\u00fcr Trump t\u00e4tig war), \u201eBreitbart News\u201c, das f\u00fchrende Online-Nachrichtenportal der amerikanischen Neuen Rechten, der Alternative-Right-Bewegung (\u201eAlt-Right\u201c).<br \/>\nDer ehemalige Marine-Offizier, geboren 1957 in Norfolk, Virgina, studierte Stadtplanung, Sicherheitspolitik sowie in Harvard Betriebswirtschaftslehre und arbeitete als Investmentbanker, Berater von General Electric, Filmproduzent, au\u00dferdem zuvor als Direktor des international bekannten Forschungsprojektes \u201eBiosphere 2\u201c (1993 bis 1995). Zeitweilig hatte er auch eine eigene politische Radioshow. Bannon, der streng katholisch orientiert ist, gilt als sogenannter Konservativer Revolution\u00e4r und Kulturk\u00e4mpfer und will sich mit dem Netzwerk \u201eThe Movement\u201c ein politisches Standbein in Europa schaffen, um in der westlichen Welt langfristig einen konservativen Paradigmenwechsel zu erreichen.<\/em><\/p>\n<p>&nbsp;<\/p>\n<p>&nbsp;<\/p>\n<p>&nbsp;<\/p>\n<p><strong>Migration ist Schicksalsfrage des 21. Jahrhunderts &#8211; Tagung Budapest<\/strong><\/p>\n<p>Mit dem &#8222;Migration ist Schicksalsfrage des 21. Jahrhunderts&#8220; veranstaltete die Mathias Corvinus Universit\u00e4t in Budapest vom 22. bis 24. M\u00e4rz eine Konferenz \u00fcber Migration. An der sowohl wissenschaftlich als auch politisch hochrangig besetzten Konferenz nahmen unter anderen die islamkritische Freiheitsaktivistin Ayaan Hirsi Ali, der britische Migrationskritiker Douglas Murray, der ehemalige franz\u00f6sische Pr\u00e4sident Nicolas Sarkozy und der ehemalige tschechische Ministerpr\u00e4sident und Staatspr\u00e4sident V\u00e1clav Klaus teil. Zum Abschluss der Konferenz sprach der ungarische Ministerpr\u00e4sident Viktor Orb\u00e1n. Er legte sein vorbereitetes Redemanuskript zur Seite und umriss noch einmal den Standpunkt Ungarns in der Frage der Migration. Er gab eine dramatische Einsch\u00e4tzung der Gef\u00e4hrdung Ungarns in der EU, distanzierte sich vom multikulturalistischen Zukunftsbild Westeuropas, und schlie\u00dflich machte er einen Vorschlag, wie nach den Europawahlen die Mitgliedsl\u00e4nder die Kompetenzen in den Bereichen Grenzschutz und Migration von der Kommission in ihre nationale Verantwortung zur\u00fcckerlangen k\u00f6nnten.<br \/>\n&#8230;<br \/>\n&#8222;Wir m\u00fcssen eine riesige Niederlage zugeben: die vier Jahre, die seit 2015 vergangen sind. Wir m\u00fcssen zugeben, dass die F\u00fchrung der Europ\u00e4ischen Union, so wie ihre jetzigen Strukturen sind, unf\u00e4hig ist, die Fragen der Migration und des Grenzschutzes zu l\u00f6sen. Wenn sie dazu in den vergangenen vier Jahren nicht imstande war, so gibt es keinen Grund daran zu glauben, dass sie es morgen schaffen wird. (\u2026) <strong><em>Man muss die Kompetenz f\u00fcr Migration und Grenzschutz der Kommission wegnehmen und diese Kompetenz den Mitgliedstaaten zur\u00fcckgeben. Die Mitgliedstaaten sollten \u00fcber ihre Innenminister diese Kompetenz an eine neue K\u00f6rperschaft \u00fcbertragen, damit die Innenminister dort gemeinsame Antworten auf die Herausforderungen des Grenzschutzes und der Migration geben k\u00f6nnen.<\/em><\/strong> Wenn wir wenigstens so viel nach den Europawahlen erreichen k\u00f6nnten, h\u00e4tte es sich schon gelohnt, diese Wahlen zu veranstalten.&#8220;<br \/>\n&#8230; Alles vom 25.3.2019 bitte lesen auf<br \/>\n<a href=\"https:\/\/www.tichyseinblick.de\/kolumnen\/aus-aller-welt\/viktor-orban-die-migration-ist-die-schicksalsfrage-des-21-jahrhunderts\/\">https:\/\/www.tichyseinblick.de\/kolumnen\/aus-aller-welt\/viktor-orban-die-migration-ist-die-schicksalsfrage-des-21-jahrhunderts\/<\/a><\/p>\n<p><strong>Hier ist das ganze Programm!<\/strong><br \/>\n<a href=\"https:\/\/budapestsummit.mcc.hu\/en\/detailed-program\">https:\/\/budapestsummit.mcc.hu\/en\/detailed-program<\/a><br \/>\nWie Sie sehen k\u00f6nnen, die Redner sind keine NAZIS, sondern hochrangige Experten. Es ist verwunderlich, dass au\u00dfer TICHY keine Zeitung oder TV dar\u00fcber ein Wort verlassen hat.<br \/>\nHier ist die Seite von dem ungarischen. Ministerpr\u00e4sidenten. Man kann f\u00fcr Jahre seine Reden lesen.<br \/>\n<a href=\"https:\/\/www.miniszterelnok.hu\/en\/\">https:\/\/www.miniszterelnok.hu\/en\/<\/a><br \/>\nDas die Welt stumm ist, verstehe ich nicht. Herr Kalnoky als Siebenb\u00fcrgen Ungarn muss ungarisch sprechen, also die mangelnde Sprachkenntnisse ist kein Grund.<br \/>\nArtikel an Freunden, Bekannten weitergeben! Unter <a href=\"https:\/\/www.miniszterelnok.hu\">https:\/\/www.miniszterelnok.hu<\/a>, rechts oben \u201een\u201c dr\u00fccken kann man seine Reden auch Englisch oder Deutsch in Original lesen. Also: weitergeben bitte.<br \/>\n25.3.2019, A-M, TO<br \/>\n.<br \/>\nVielen Dank f\u00fcr diese interessante Darstellung. Sie zeigt sehr sch\u00f6n auf, wie stark die Differenzen in der Betrachtungsweise des Themas Migration sind. Nach meiner Auffassung sind sie derzeit un\u00fcberbr\u00fcckbar. Warum, das hat Herr Orban ja fast perfekt herausgearbeitet. Solange im Westen multikulti-freundliche Parteien das Sagen haben, wird sich hier nichts \u00e4ndern. Eine Trendwende w\u00e4re nur gegen den von Herrn Orban dargestellten 85%-Widerstand in den Medien usw. m\u00f6glich, obwohl in der Bev\u00f6lkerung die Mehrheitsverh\u00e4ltnisse sicher etwas anders liegen. Leider bildet sich aber genau dieses Verh\u00e4ltnis derzeit bei uns in den Wahlen noch ab, was mich immer wieder wundert.<br \/>\nOrban sagte: \u201eSollte die Migration von der europ\u00e4ischen Politik nicht mit jener Ernsthaftigkeit behandelt werden, wie wir es hier w\u00e4hrend dieser Konferenz getan haben, sollte sie nicht auf die Tagesordnung gesetzt und sollten keine sofortigen Entscheidungen getroffen werden,\u2026\u201c. Das Ende lasse ich weg, da dieser Schritt bereits getan wurde. Die meisten L\u00e4nder haben sich mit dem Migrationspakt ganz offiziell bereits f\u00fcr eine L\u00f6sung entschieden, hier irrt Herr Orban also, wenn er das Ausstehen einer Entscheidung annimmt. Diese ist zu Ungunsten der Stammbev\u00f6lkerung bereits gefallen. Es ginge jetzt nur noch darum, diesen Schritt zu revidieren und die Folgen abzumildern. Daf\u00fcr hat Mitteleuropa (Def. Orban) aus der Sicht von Herrn Orban nat\u00fcrlich noch keinerlei Veranlassung. Ich hoffe, es kann seine Reihen geschlossen halten.<br \/>\n25.3.2019, Moni, TO<br \/>\n.<br \/>\n<strong>Ekstase die Selbstvernichtung<\/strong><br \/>\nWas mir wirklich einfach unbegreiflich ist, dass es so unglaublich viele europ\u00e4ische Politiker gibt, die ganz bewu\u00dft die Stabilit\u00e4t ihrer L\u00e4nder vernichten wollen. Warum dieser ganze Quatsch mit muslimischer Massenumsiedlung, Gender, Klimareligion, Framing etc.? Was ist das nur f\u00fcr ein Virus? Geld allein kann es nicht sein. Gibt es gerade in der Politik denn \u00fcberhaupt keine patriotischen Gef\u00fchle mehr? Die Aufarbeitung des ersten und zweiten Weltkriegs scheint v\u00f6llig in die falsche Richtung gelaufen zu sein \u2013 insbesondere scheint sie in Deutschland ein Heer von masochistischen, wehleidigen Kreaturen hervorgebracht zu haben, die mit Ekstase die Selbstvernichtung und die der ganzen westeurop\u00e4ischen Gesellschaft betreiben.<br \/>\n25.3.2019, Sonny<br \/>\n.<br \/>\n<strong>Herr im eigenen Lande<\/strong><br \/>\nOrban spricht Dinge aus, die eine schlichte Selbstverst\u00e4ndlichkeit sein sollten, es aber nicht mehr sind. Es ist der selbstverst\u00e4ndliche Anspruch eines jeden Menschen, Herr im eigenen Hause zu sein. Seine Familie zu sch\u00fctzen, sein Leben in seiner Heimat nach eigenen gemeinsamen Regeln zu leben und nicht zuzulassen, da\u00df Fremde, die mit ihm nicht Freund sein wollen, sich an seinen Sachen vergreifen, seine Regeln mi\u00dfachten und ihre eigenen an deren Stelle setzen wollen, weil sie meinen, von einer h\u00f6heren Macht dazu legitimiert, geradezu bestimmt zu sein. Es ist nicht \u00fcblich in menschlichen Gesellschaften, mit jedem zu teilen, der aggressive Forderungen erhebt. \u00dcblich ist es, zu kooperieren, sich gegen solche zusammenzuschlie\u00dfen und das Eigene zu verteidigen. Nur wenn das nicht gelingt, weicht man aus, geht woanders hin und verdr\u00e4ngt die dort Lebenden. Das ist V\u00f6lkerwanderung. Wenn das nicht klappt, endet man als Volk in der Diaspora, verstreut auf die ganze Welt. So ist es den Juden einst ergangen. Da\u00df Orbans Auffassungen \u00fcberhaupt strittig sein k\u00f6nnen, da\u00df sie innerhalb der EU nicht auf breite Zustimmung sto\u00dfen, das ist das eigentlich Verwunderliche.<br \/>\n25.3.2019, A.P., AO<br \/>\n.<br \/>\nAls wir jung waren dachten wir, dieses Land wird eines Tages an einer Atombombe zerschellen. Das ist lange her. Heute wissen wir, es wird nicht zerschellen, es wird bis zum endlos hinausgezogenen Tod dahinsiechen,und mit ihm Europa und die halbe Welt. Alle Berechnungen und Hochrechnungen deuten darauf hin das sich der Islam aufgrund von Zwangsmigration und extremer Geburtenrate innerhalb k\u00fcrzester Zeit durchsetzen wird. Verglichen mit dem was dann folgt, waren die Verw\u00fcstungen der beiden deutschen Diktaturen geradezu Kindergeburtstage. Dieser Proze\u00df l\u00e4uft schneller als die meisten Leute denken. Es wird vielleicht noch eine oder zwei Generationen dauern, aber der Punkt einer m\u00f6glichen Umkehr ist bereits \u00fcberschritten.<br \/>\n25.3.209, W-D<br \/>\n.<br \/>\n<strong>Migration ist die Schicksalsfrage dieses Planeten &#8211; aus zwei Gr\u00fcnden<\/strong><br \/>\nIch gehe noch einen Schritt weiter als Viktor Orban: Die Migration ist die Schicksalsfrage dieses Planeten und zwar aus zwei Gr\u00fcnden: Zum einen wird durch Migration der 3. Welt der Anpassungsdruck genommen, selbst etwas gegen die \u00dcberbev\u00f6lkerung zu tun. Ganz im Gegenteil. Durch die Geldtransfers zur\u00fcck in die Herkunftsl\u00e4nder wird Migration und Bev\u00f6lkerungswachstum geradezu zum boomenden Gesch\u00e4ft der dortigen Eliten. Zum anderen destabilisiert die Migration die erste Welt sowohl politisch als auch wirtschaftlich in desastr\u00f6ser Weise. Die F\u00e4higkeit und Bereitschaft anderen zu helfen, kommt bei einem failing state wie dem Libanon vollst\u00e4ndig zum Erliegen. Bekommen wir die Migration nicht in den Griff, droht der Menschheit und dem Planeten wahlweise der Kollaps durch Krieg, Hunger, Seuchen oder Vergiftung.<br \/>\n25.3.2019, IJ<br \/>\n.<br \/>\n<strong>Bev\u00f6lkerungsexxplosion = Problem Nr. 1<\/strong><br \/>\nDie Fluchtursachen k\u00f6nnte man nur durch verminderte Vermehrung bek\u00e4mpfen. Dieses Ziel wird aber nirgends verfolgt. Statt dessen wird die Bev\u00f6lkerungsexplosion durch allerlei Hilfen im medizinischen Bereich und durch Lebensmittelhilfen weiter angeheizt. Die nat\u00fcrliche Begrenzung durch Krankheit und Hunger wird ausgehebelt im Namen der Menschlichkeit. Dabei ist es sonnenklar, da\u00df wir den \u00dcberschu\u00df nur um den Preis der eigenen Verdr\u00e4ngung aufnehmen k\u00f6nnen. Es geht einfach darum, wer \u201edie Menschheit\u201c sein wird, eines Tages. Es werden die sein, die mehr Kinder bekommen. Also nicht wir.<br \/>\n25.3.2019, A.P.<br \/>\n.<br \/>\nFreiheit und Selbstbestimmung<br \/>\nZitat: \u201e\u2026Aber wir k\u00f6nnen es nicht akzeptieren, dass der Westen aufgrund seiner Erfahrungen uns sagen will, wie wir zu denken haben, und wie wir uns mit jenen vermengen sollen, mit denen sich zu vermengen bisher noch nicht notwendig war\u2026.\u201cNur das z\u00e4hlt ! Und Orban macht alles richtig \u2013 leider der einzige \u2013 aber im Artikel wird auch die \u201eEndlichkeit\u201c der politischen Wehrf\u00e4higkeit Ungarns angerissen. (Dem Druck nicht ewig standhalten) Und verfolgt man die Entwicklung der EU-Blase weiter, kann man von dort keine Vernunft mehr erwarten. Es w\u00e4re schlimm, w\u00fcrde man eine Europ\u00e4ische Armee gr\u00fcnden \u2013 das w\u00e4re f\u00fcr Ungarn der Todessto\u00df per Einsatzbefehl. Es gibt daher in Abw\u00e4gung versagender Appelle aus meiner Sicht nur einen Weg, schnell aus dieser EU raus! Auf Italien warten sehe ich kritisch. Auch wenn man den wirtschaftlichen finanziellen Hebel gegen Ungarn ansetzt \u2013 aber Freiheit und Selbstbestimmung kann nicht mit Geld bezahlt werden \u2013 sie wird mit Gewalt vernichtet! Das sollten sich alle Ungarn vor Augen f\u00fchren weil sie es schon einmal erlebten. Ich w\u00fcsste nicht wie \u2013 aber ich w\u00fcrde Orban gern unterst\u00fctzen.<br \/>\n25.3.2019, SK<br \/>\n.<br \/>\n<strong>Die BEV\u00d6LKERUNGSEXPLOSION die Schicksalsfrage des 21. JAHRHUNDERTS<\/strong><br \/>\nAlle anderen Probleme lassen sich darauf zur\u00fcckf\u00fchren, insbesondere:<br \/>\n\u2013 Massenmigration<br \/>\n\u2013 Klimawandel<br \/>\n\u2013 Umweltverschmutzung<br \/>\n\u2013 Infantizid (t\u00e4gliches Sterben von 20.000 Kindern)<br \/>\n\u2013 Verteilungsk\u00e4mpfe<br \/>\n\u2013 Resourcenknappheit<br \/>\nOhne L\u00f6sung der Bev\u00f6lkerungsexplosion sind alle anderen Probleme unl\u00f6sbar.<br \/>\nDas muss man unseren ignoranten Politkern ins Hirn h\u00e4mmern !!<br \/>\n25.3.2019 Boes<br \/>\n.<br \/>\n<strong>Bev\u00f6lkerungsexplosion wird von Kath und Islam torpediert<\/strong><br \/>\nDem ist fast nichts hinzuzuf\u00fcgen. Au\u00dfer,da\u00df die UN dieses Thema nicht anr\u00fchren, weil zwei M\u00e4chte jeden Gedanken an eine \u00dcber-Bev\u00f6lkerung \u2013 und damit logisch zwingend an das Gegenmittel einer Geburtenkontrolle \u2013 torpedieren:<br \/>\n1) Katholische Kirche<br \/>\n2) Islam<br \/>\nErstere aus alter Ideologie, zweiter, weil der Geburten-Jihad seine perfekte Waffe ist\u2026<br \/>\n25.3.2019, EH<\/p>\n<p><strong>Migration ist Schicksalsfrage des 21. Jahrhunderts &#8211; Grundsatzrede von Viktor Orban<\/strong><\/p>\n<p>An der Mathias Corvinus Universit\u00e4t in Budapest fand vom 22. bis 24. M\u00e4rz eine Konferenz \u00fcber Migration statt zu &#8222;Migration ist Schicksalsfrage des 21. Jahrhunderts&#8220;. Teilnehmer waren u.a.<br \/>\n<em>&#8211; die islamkritische Freiheitsaktivistin Ayaan Hirsi Ali,<\/em><br \/>\n<em> &#8211; der britische Migrationskritiker Douglas Murray,<\/em><br \/>\n<em> &#8211; der ehemalige franz\u00f6sische Pr\u00e4sident Nicolas Sarkozy und<\/em><br \/>\n<em> &#8211; der ehemalige tschechische Ministerpr\u00e4sident und Staatspr\u00e4sident V\u00e1clav Klaus.<\/em><br \/>\nZum Abschluss der Konferenz sprach<br \/>\nHier der Wortlaut der der ungarische Ministerpr\u00e4sident Viktor Orb\u00e1n.<\/p>\n<p>&#8222;Ich begr\u00fc\u00dfe Sie recht herzlich. If you allow me I will speak my native language, the Hungarian, not especially because the audience, because I think they all speak English, but especially for the Hungarian public and media. So, please accept it. Wir danken unseren aus dem Ausland angereisten G\u00e4sten, dass sie zu uns gekommen sind. So etwas ist ein gro\u00dfes Abenteuer, Sie wissen gar nicht, wie gro\u00df es ist. Sie sind die G\u00e4ste eines alten Landes. Heute ist dies nicht unser Thema, dar\u00fcber rede ich jetzt nicht ausf\u00fchrlich, doch damit Sie einen Eindruck davon erhalten, was f\u00fcr ein \u00fcber eine tiefe und eigent\u00fcmliche Kultur verf\u00fcgendes Land Sie als G\u00e4ste begr\u00fc\u00dfen darf, m\u00f6chte ich drei einfache sprachliche Dinge erw\u00e4hnen, die die Tiefe der ungarischen Seele und das Althergebrachte der ungarischen Geschichte zeigen. Wenn ich \u00fcber jemanden sage, der mit mir den Vater und die Mutter gemeinsam hat, was unser Verh\u00e4ltnis ist, was, sagen wir, die Engl\u00e4nder einfach als \u201ebrother\u201c bezeichnen, dann sagen wir auf Ungarisch f\u00fcr Bruder das Wort \u201etestv\u00e9r\u201c, was soviel hei\u00dft wie \u201eBlut meines K\u00f6rpers\u201c.<br \/>\nWenn ich sagen will, dass es eine Frau gibt, mit der ich bis zum Ende meines Lebens zusammenleben m\u00f6chte, dann habe ich keine \u201ewife\u201c, sondern \u201eegy m\u00e1sik felem\u201c, also \u201eeine andere H\u00e4lfte\u201c. Oder wenn ich sage, ich m\u00f6chte mein Leben in Gesundheit leben, in guter Kondition, dann sage ich nicht \u201ehealth\u201c, sondern \u201eeg\u00e9szs\u00e9g\u201c, also \u201eGanzheit\u201c, \u201ewhole-ness\u201c oder etwas \u00c4hnliches, wenn man solches \u00fcberhaupt \u00fcbersetzen kann. Dies ist also ein eigent\u00fcmlicher Ort der Welt, und deshalb ist es f\u00fcr uns immer eine Ehre, wenn wir einen Gast empfangen d\u00fcrfen, weil wir der Ansicht sind, es sei eine Ehre f\u00fcr uns, wenn sich jemand f\u00fcr ein Land mit zehn Millionen Einwohnern, f\u00fcr eine Nation von f\u00fcnfzehn Millionen Menschen interessiert. Mir ist die Aufgabe zugefallen, das zusammenzufassen, was bisher geschehen ist. Dies kann ich kurz machen, indem ich sage, wir haben von jedem das bekommen, was wir erwartet hatten. Von den Tschechen haben wir eine kristallklare Analyse erhalten, von den Spaniern die gro\u00dfe christliche Seele, von unseren australischen Freunden die angels\u00e4chsische N\u00fcchternheit, und von Herrn Pr\u00e4sidenten Sarkozy die franz\u00f6sische Eleganz. Schon war es nicht vergebens, zusammenzukommen.<\/p>\n<p>Ungarn spielt heute eine f\u00fchrende Rolle in der Debatte um die Migration. Nichts rechtfertigt das. Ungarn ist ein Land mit zehn Millionen Einwohnern, wenn auch seine Armee qualitativ hochwertig ist, so stellt es doch angesichts seiner Gr\u00f6\u00dfe keine Bedrohung dar. Wenn wir uns mit den T\u00fcrken unterhalten, pflege ich zu sagen, wir haben so viele Soldaten wie sie am Wochenende Fl\u00fcchtige haben. Und wir Ungarn wissen, dass es nat\u00fcrlich eine europ\u00e4ische Gleichberechtigung gibt, doch z\u00e4hlt trotzdem die Gr\u00f6\u00dfe, und jeder hat seinen eigenen Platz in der Welt. Und dieser Platz, der der unsrige ist, diese Gr\u00f6\u00dfe pr\u00e4destiniert uns nicht daf\u00fcr, in jedweder europ\u00e4ischen Diskussion, besonders in einer gesamteurop\u00e4ischen Debatte eine derart herausragende Rolle zu spielen wie in der Diskussion \u00fcber die Migration. Die erste Sache, die ich sagen m\u00f6chte, ist, dass die Situation unnat\u00fcrlich ist. Die zweite Sache, die wir im Zusammenhang damit sagen m\u00fcssen, ist, dass sie zwar unnat\u00fcrlich ist, doch nicht wir haben sie uns ausgew\u00e4hlt. Das ist ganz einfach die Folge eines geographischen und historischen Umstandes, denn Ungarn ist ein Hinterland; ist Hinterland Richtung Osten und ist Hinterland Richtung S\u00fcden. Und es spielt dann eine herausragende Rolle, wenn unserer gemeinsamen Heimat, Europa, aus dem Osten oder aus dem S\u00fcden irgendeine Gefahr droht. Wir sind aus dem Grund auf die Titelbl\u00e4tter der Zeitungen im Jahre 1956 gelangt, da uns der Aufstand gegen die aus dem Osten drohende Unterdr\u00fcckung \u2013 und wir hatten auch keine andere Wahl \u2013 zum Weltruhm katapultierte. Und jetzt ist die Situation die gleiche.<br \/>\n.<br \/>\n<strong>Das Schicksal der geografischen Lage von Ungarn<\/strong><br \/>\nWenn die Migranten nicht das Meer w\u00e4hlen, sondern den Landweg, dann kommen sie notwendigerweise \u00fcber die S\u00fcdgrenzen Ungarns nach Europa. Ganz gleich, ob wir diese Rolle gewollt haben oder nicht, ganz gleich ob sie in Relation steht oder nicht, ganz gleich ob wir Lust haben oder nicht, wir befinden uns dort, wo wir sind, und nachdem wir unsere Grenzen verteidigen wollen, folgte daraus ein europ\u00e4ischer Ruhm. Weder Ungarn noch die f\u00fchrenden Politiker Ungarns \u2013 auch mich hierin inbegriffen \u2013 wollen in Europa irgendeine f\u00fchrende Rolle spielen. Wir haben eine alte ungarische Welt, deren Aufrechterhaltung, deren Instandhaltung, deren Anpassung an die Zukunft uns gerade genug Arbeit macht.<br \/>\nDoch kann man nichts machen, wenn wir nicht noch einmal das erleben m\u00f6chten, was wir alle erlebt haben, dass von einem Tag zum anderen mangels einer Grenze auf einmal 400.000 Menschen, in der Mehrheit M\u00e4nner im wehrf\u00e4higen Alter, zwar ohne Waffen, aber wie Soldaten \u00fcber unsere Grenze hinwegmarschieren, nach Ungarn einmarschieren, und wir \u00fcber keinerlei physische Kraft verf\u00fcgen, um dies zu stoppen, um eine aus 400.000 Menschen bestehende, unbewaffnete, jedoch eine bedeutende physische Kraft darstellende Masse aufzuhalten oder um mit ihr umzugehen, also dieses Gef\u00fchl des Ausgeliefertseins wollen wir nicht noch einmal erleben.<br \/>\nSo ergab es sich, dass wir einen Zaun errichtet, den Grenzschutz eingef\u00fchrt und uns gegen den europ\u00e4ischen Mainstream gewendet haben. Und nachdem der liebe Gott uns geholfen hat, und er uns sowohl 2010 und auch 2014 erlaubte, ohne irgendeine Koalition die Regierungsmehrheit zu haben, ja uns sogar erlaubte, ohne Koalition \u00fcber eine Zweidrittelmehrheit im Parlament zu verf\u00fcgen, also konnten wir auch die im Interesse des Schutzes vor der Migration notwendigen Verfassungs\u00e4nderungen durchf\u00fchren \u2013 was einen Luxus in der gegenw\u00e4rtigen Lage in Europa darstellt \u2013, da also der liebe Gott uns diese Instrumente gegeben hat, mussten wir diese nutzen. So sind wir in die Situation geraten, dass wir heute hier eine Konferenz veranstalten.<\/p>\n<p><strong>K\u00f6nnen wir wirklich \u201enichts tun\u201c?<\/strong><br \/>\nDer Herr Au\u00dfenminister aus Australien riet uns von der europ\u00e4ischen Geste ab, die lautet: Wir k\u00f6nnen nichts tun. Und er wei\u00df es aus Australien, dass die Menschen so etwas nicht gerne haben, und sie solche Politiker feuern. Gl\u00fcckliche Unschuld! In Europa ist das nicht so, Herr Au\u00dfenminister. In Europa gibt es ein Mantra, ein Dogma, das seit drei\u00dfig Jahren errichtet wird, und in dem die Geste \u201eich kann nichts tun\u201c positive Bedeutung besitzt. Und m\u00f6glicherweise gef\u00e4llt dies den Menschen nicht, doch am n\u00e4chsten Morgen schmettert die Presse, die Soft Power Lobeshymnen \u00fcber den, der sagt: \u201eIch kann nichts tun.\u201c Ich erkl\u00e4re Ihnen das.<br \/>\nIn Europa hat man im Laufe von 30, 40 Jahren die Konzeption aufgebaut, nach der die Gesellschaft und besonders die gemeinsame europ\u00e4ische Welt von Institutionen und nicht von Personen gef\u00fchrt werden soll, und die Institutionen seien in der Lage, auf alle Krisen \u2013 vielleicht langsamer als notwendig dann eine Antwort zu geben. Deshalb stellt in der europ\u00e4ischen politischen Konzeption die Institution eine gute Sache dar: Je gr\u00f6\u00dfer desto besser, w\u00e4hrend der starke Politiker eine schlechte Sache ist. Deshalb erh\u00e4lt jeder starke f\u00fchrende Politiker eine negative Beurteilung, der sagt: \u201eIch l\u00f6se das, ich unternehme es, zu l\u00f6sen, was angeblich unm\u00f6glich ist.\u201c Und in dem Moment greift ihn die gesamte europ\u00e4ische Soft Power an. Nicht ich bin es, der hier\u00fcber am meisten \u00fcber Kenntnisse verf\u00fcgt, hier ist Herr Pr\u00e4sident Nicolas Sarkozy, der genau erkl\u00e4ren kann, wie ein starker f\u00fchrender Politiker in Europa vom Mainstream anstelle von Anerkennung automatisch den Titel \u201egef\u00e4hrlich\u201d verliehen bekommt. Hierf\u00fcr gibt es sicherlich auch historische Gr\u00fcnde.<\/p>\n<p><strong>Die Intellektuellen Westeuropas sind fast alle linksliberal<\/strong><br \/>\nMeine zweite Bemerkung: Man muss sich von der Angst befreien, man muss die Angst ausl\u00f6schen. Das ist in Westeuropa sehr schwer. Was ich jetzt sage, ist eine Sch\u00e4tzung. Meiner Ansicht nach ist in der Westh\u00e4lfte Europas die die Politik umgebende, diese aber nicht beeinflussen k\u00f6nnende Welt, die wir der Einfachheit halber als Soft Power bezeichnen sollten, die Thinktanks, die NGOs, die Universit\u00e4ten, die \u201epublic intellectuals\u201c, wie sie unser australischer Freund bezeichnete, die Medien, diese Welt, die die Politik umgibt, meiner Sch\u00e4tzung nach zu 85 Prozent linksliberal, und in der Lage, aufeinander abgestimmt zu handeln. Selbst wenn ein westeurop\u00e4ischer Politiker das denkt, was ein Ungar denkt, und dann dies so vortr\u00e4gt, wie ein Ungar, dann wird er am n\u00e4chsten Morgen von diesen 85 Prozent in kleine St\u00fccke zerrissen. Wir sind nicht mutiger als die Westeurop\u00e4er, sondern die Situation ist die, dass in Mitteleuropa die sich um die \u201ehardcore power\u201c, also den Kern der Macht befindliche Soft Power ungef\u00e4hr zu 50-50 Prozent geteilt ist, sie bewegt sich im Augenblick vielleicht noch ein bisschen in christlich-konservative Richtung, dieser historische Prozess l\u00e4uft. Deshalb kann ich diese S\u00e4tze, jene Herangehensweise, die ich hier Zuhause und im Ausland anwende, \u00fcberleben.<br \/>\nHier in Mitteleuropa \u00fcberlebe ich es, aber im Westen \u00fcberlebe ich es nicht. Obwohl wir der \u00dcberzeugung sind, sowohl rein faktisch als auch moralisch Recht zu haben, und europ\u00e4ische Interessen zu vertreten, hatten in Westeuropa vielleicht noch nie ein Ministerpr\u00e4sident und Land, wie ich und Ungarn, eine derart schlechte Reputation. Das zeigt sehr gut, dass wir hier nat\u00fcrlich k\u00e4mpfen, und solange wir unsere Zweidrittelmehrheit im Parlament haben werden, k\u00e4mpfen wir mutig weiter, doch ist dies, wie ich das gesagt habe, kein nat\u00fcrlicher Zustand. Es ist also f\u00fcr Ungarn eine Schl\u00fcsselfrage \u2013 das erkl\u00e4rt vielleicht jene Hoffnungen, die wir an die Italiener kn\u00fcpfen \u2013, dass endlich ein gro\u00dfes Land kommen soll. Nicht ein Land von zehn Millionen, sondern ein gro\u00dfes Land, die Franzosen oder die Spanier oder die Italiener oder die Deutschen.<\/p>\n<p>Doch wenn ich mich heute umblicke, dann sehe ich, dass es heute ein Land gibt, in dem eine Regierung kommen kann, die das sagt, was wir sagen, und es so sagt, wie wir das sagen, und die das vertritt, was wir vertreten, gerade aus dem Grunde, weil es auch ein Hinterland ist, mit einer Meeresgrenze, und es ist in seinem Interesse, die Migration aufzuhalten, auch auf dem Meer aufzuhalten, und soweit ich das sehe, ist dies Italien. Aber irgendjemand muss kommen, denn jetzt halten wir noch eine Weile durch, das kann aber nicht bis zum Ende aller Tage so weitergehen, ganz einfach aus dem Grund, da unsere Energien endlich sind. Wir brauchen ein gro\u00dfes Land, das endlich von Westeuropa aus das gleiche sagt wie wir. Im entgegengesetzten Fall halten wir, Mitteleurop\u00e4er, vergebens durch, wir werden in Europa eine Niederlage erleiden. Soviel vielleicht zur politischen Lage.<\/p>\n<p><strong>Warum Integration so oft nicht funktioniert<\/strong><br \/>\nDie Migration ist die wichtigste Kraft, welche die Einheit attackiert, und auch eine sehr ernsthafte intellektuelle und politische Herausforderung darstellt. Denn deutlich erkennbar scheiden sich in der Angelegenheit der Migration Westeuropa und Mitteleuropa voneinander. Diese Trennung ist soziologischer Natur, sie h\u00e4ngt nicht von unserer Entscheidung ab. Es geschah n\u00e4mlich, dass sich in den westeurop\u00e4ischen L\u00e4ndern jene Situation einstellte, in der neben der die christliche Kultur vertretende urspr\u00fcnglichen Bev\u00f6lkerung in den vergangenen einigen Jahrzehnten eine bedeutende, zahlenm\u00e4\u00dfig viel schneller als die urspr\u00fcngliche Bev\u00f6lkerung anwachsende, \u00fcber ein starkes Selbstbewusstsein verf\u00fcgende Minderheit erschien.<br \/>\nDie Gr\u00f6\u00dfenverh\u00e4ltnisse ver\u00e4ndern sich kontinuierlich zu Ungunsten der christlichen urspr\u00fcnglichen Bev\u00f6lkerung und zu Gunsten der angekommenen neuen, grundlegend einen muslimischen Charakter tragenden Gemeinschaft. Deshalb ist heute in Westeuropa im Zusammenhang mit der Migration gleich nach dem Grenzschutz die wichtigste Frage, wie das, was bereits geschehen ist, das hei\u00dft dass sie hier sind, wie unser Zusammenleben mit ihnen gemanagt werden soll. Und bei jedem Gedanken geht es darum, sowohl die Prinzipien als auch die Ideologie sucht danach, auf welcher prinzipiellen Grundlage man das Nebeneinanderleben der miteinander offensichtlich sich nicht vermischen wollenden Kulturen handhaben k\u00f6nnte.<\/p>\n<p>An dieser Stelle \u00f6ffne ich eine Klammer, es gibt viele Indikatoren der Integration, diese betrachte ich im Allgemeinen nicht als ernsthafte Indikatoren, ich glaube sie auch nicht. Die wahre Integration besitzt laut der ungarischen Erfahrung einen Indikator, und das ist der Indikator der Zahlen von Mischehen. Wenn wir bereit sind, einander zum Partner zu w\u00e4hlen, dann haben wir uns zueinander integriert. Wenn wir niemals, mathematisch gesehen nur wenige auf diese Weise w\u00e4hlen, dann hei\u00dft dies, wir sind nicht integriert. Und in dieser Hinsicht gibt es in Westeuropa eine gro\u00dfe unintegrierte Gemeinschaft. Und deshalb konzentrieren sich alle Fragen hierauf. Demgegen\u00fcber ist die Lage in Mitteleuropa die, dass es hier keine Massen gibt. Deshalb mobilisieren wir null Energie f\u00fcr die Frage, wie man Migranten integrieren muss, denn das, was nicht vorhanden ist, muss man nicht integrieren. Und alle unsere Anstrengungen sind darauf gerichtet, dass es auch keine geben soll. Wir hier in Mitteleuropa sind der Ansicht, dass sich eine Situation herausgebildet hat.<\/p>\n<p>Ob wir diese Situation verdienen oder nicht, ob wir Gl\u00fcck haben oder nicht, das ist egal, aber eine Situation hat sich herausgebildet. Wir haben keine im Sinne der Zivilisation sich von der urspr\u00fcnglichen Bev\u00f6lkerung unterscheidenden gro\u00dfen Volksmassen mit uns zusammen im Land, und wir m\u00f6chten diesen Zustand bewahren. Deshalb sprechen die Westler dar\u00fcber, wie wir zusammenleben, wie wir uns integrieren sollen, und wir sprechen dar\u00fcber, auf welche Weise dieser Gedanke erst gar nicht notwendig werde.<br \/>\nDeshalb reden die beiden H\u00e4lften der europ\u00e4ischen Politik, die westliche und die \u00f6stliche, aneinander vorbei, und offensichtlich sind ganz andere Prinzipien notwendig, um deinen Standpunkt, nach dem du solche Massen erst gar nicht haben willst, zu verteidigen, und es sind wiederum andere Prinzipien dazu notwendig, um zu erkl\u00e4ren, warum und wie du sie integrieren und mit ihnen zusammenleben willst. Und aus diesem Grunde entfernt sich die europ\u00e4ische Politik auch hinsichtlich des tats\u00e4chlichen politischen Handelns und der geistigen Ann\u00e4herung auf bedrohliche Weise voneinander, sie schreiten aneinander vorbei. Wie man diesen Unterschied \u00fcberbr\u00fccken k\u00f6nnte, darauf kennt heute niemand die Antwort.<\/p>\n<p><strong>Das Recht eines Landes, \u201eNein\u201c zu sagen<\/strong><br \/>\nIn dieser Auseinandersetzung empfinden wir uns, das muss ich ehrlich zugeben, in der moralischen \u00dcberlegenheit. Mag sein, dass dies nicht sch\u00f6n ist, vielleicht entspricht es auch der christlichen Demut nicht in allen Dingen, doch empfinden wir, Ungarn, uns in der mit den Westlern gef\u00fchrten Diskussion in moralischer \u00dcberlegenheit. Der Grund daf\u00fcr ist der folgende. Wir haben den Eindruck, sie wollen uns ihre eigene Situation und die daraus entspringende Ann\u00e4herung aufzwingen.<br \/>\nAuch wir haben eine Ann\u00e4herung, doch wollen wir diese ihnen nicht aufzwingen, und das verleiht uns eine moralische \u00dcberlegenheit. Wir wollen ihnen auch keine Ratschl\u00e4ge geben, wie sie jenen Zustand wiederherstellen sollen, als es noch keine Migranten in gro\u00dfen Massen gab, denn das ist ihre Sache, das sind ihre Prinzipien, das ist ihre Ann\u00e4herung, das ist ihre Integrationspolitik, das ist ihre Zukunft. Doch k\u00f6nnen wir auch nicht akzeptieren, dass sie aufgrund ihrer eigenen Erfahrungen uns sagen wollen, wie wir zu denken haben, und wie wir uns mit jenen zu vermischen haben, mit denen wir dies vorerst noch nicht mussten.<br \/>\nDas f\u00fchrt uns zu der philosophischen Frage, wenn es eine Gemeinschaft gibt \u2013 und hierin, glaube ich, stimme ich mit unserem australischen Gast \u00fcberein \u2013, die ein souver\u00e4ner Staat ist, \u00fcber Grenzen verf\u00fcgt, eine Bev\u00f6lkerung besitzt, eine Verfassung und eine Legalit\u00e4t hat, und eine kulturelle Qualit\u00e4t besitzt, ob sie dann das Recht besitzt, auf diese kulturelle Qualit\u00e4t zu bestehen, oder muss sie die Lehre der Westler akzeptieren, nach der die westliche multikulturelle Staatsstruktur h\u00f6herwertiger sei als unsere homogene Struktur, und wir uns deshalb mit dem Mittel der Migration multikulturell umgestalten m\u00fcssten. Besitzt ein Land das Recht, \u201eNein\u201c zu sagen?<\/p>\n<p>Man kann dar\u00fcber diskutieren, ob der Multikulturalismus irgendwann eines Tages eine h\u00f6herwertige und wertvollere Welt zum Ergebnis haben wird als der Ausgangspunkt, dar\u00fcber kann man diskutieren. Dies ist nicht die Frage, sondern ob es f\u00fcr uns, Ungarn, obligatorisch ist, an diesem Versuch teilzunehmen? Oder ob wir das Recht besitzen, zu sagen: \u201eVielen Dank, wir m\u00f6chten uns nicht \u00e4ndern, wir m\u00f6chten so bleiben, wie wir jetzt sind. Selbstverst\u00e4ndlich besitzen wir Fehler, die wir gerne verbessern, aber im Wesentlichen wollen wir uns nicht \u00e4ndern.\u201c Besitzt ein Land das Recht dazu? Dies ist f\u00fcr einen angels\u00e4chsischen Geist eine sinnlose Frage, da die Antwort eine Evidenz darstellt: Ja, es besitzt das Recht. Aber wenn du das Mitglied der Europ\u00e4ischen Union bist, die auch eine politische Integration darstellt, dann ist die Antwort nicht so eindeutig. Und das ist es, was heute in den Debatten Ungarn Leiden zuf\u00fcgt.<br \/>\nWelche Welt hinterlassen wir den Nachkommen?<br \/>\nEs gibt einen ber\u00fchmten, vielleicht in Kanada lebenden ungarischen Demographen, er hei\u00dft P\u00e1l Dem\u00e9ny, mit dem ich das Gl\u00fcck habe, von Zeit zu Zeit konsultieren zu d\u00fcrfen, und ich lerne viel von ihm. Es handelt sich um einen alten Herrn, und er sagt, die Migration erhalte aus dem Grunde nicht die entsprechende Aufmerksamkeit, weil der Zeithorizont in der Politik kurz, in der Migration aber lang ist. Und tats\u00e4chlich ergeben sich in unser aller Leben und so auch in der Politik immer Angelegenheiten, die dringend erledigt werden m\u00fcssen. Sowohl f\u00fcr die W\u00e4hler als auch f\u00fcr die Politiker sind am wichtigsten: die dringend zu erledigenden Angelegenheiten. Sagen wir, der Brexit, um einen gr\u00f6\u00dferen Happen zu nennen. Die Migration hat einen anderen Charakter, den Zeithorizont der Migration muss man in Jahrzehnten messen.<br \/>\nIch nenne Ihnen jetzt hier einige Zahlen. Ich bin ein Mensch von 56 Jahren, und wenn mir der liebe Gott hilft, dann werde ich 2050 noch leben. Wer heute 40 Jahre alt ist, der wird 2060 noch am Leben sein. Wer 20 Jahre alt ist, der wird beinahe mit Sicherheit 2080 noch leben. Ein 10-J\u00e4hriger wird auch 2090 noch leben. Und wer irgendwann jetzt auf die Welt kommt, w\u00e4hrend wir uns unterhalten, der wird aller Wahrscheinlichkeit nach auch das 22. Jahrhundert erleben. Und wir alle geh\u00f6ren einer Gemeinschaft an, wir geh\u00f6ren zu der Gemeinschaft der heute lebenden Ungarn. Deshalb tragen wir auch Verantwortung, jeder entsprechend seines eigenen Alters, doch besitzen die zu den vorhin aufgez\u00e4hlten Lebensaltern geh\u00f6renden Gruppen eine gemeinsame Verantwortung f\u00fcr die Zukunft. Jene, die heute hier sitzen, werden noch sehen, wie Europa in 20, 30 und 40 Jahren aussehen wird, und sie werden in 20-30-40 Jahren dar\u00fcber reden, was die europ\u00e4ischen Entscheidungstr\u00e4ger heute vers\u00e4umt haben. Das ist es, was wir den Politikern klarmachen m\u00fcssen, dass es immer dringendere Angelegenheiten gibt als die in einer Perspektive von 20-30 Jahren bedrohliche Konsequenzen mit sich bringende Migration, jedoch m\u00fcssen trotzdem wir jetzt Entscheidungen treffen, denn sonst werden unsere Nachkommen im \u00dcbrigen in 20-30-40 Jahren mit Konsequenzen konfrontiert werden, vielleicht auch wir selbst noch, die wir bereuen werden.<br \/>\n.<br \/>\n<strong>Der Druck des Bev\u00f6lkerungswachstums<\/strong><br \/>\nIm Allgemeinen arbeite ich auf Grund der Daten der Uno. Die Uno sagt in ihrer Sch\u00e4tzung von 2017 nicht weniger, als dass 2030 die Einwohnerzahl Europas um einige Millionen abnehmen wird, und bis 2030 wird jene von Afrika um 448 Millionen anwachsen. Innerhalb von 13 Jahren wird die Bev\u00f6lkerung von Afrika um eine halbe Milliarde Menschen anwachsen.<br \/>\nDie Bev\u00f6lkerungszahl Afrikas wird nur um ein bisschen weniger in den kommenden zehn und einigen Jahren ansteigen als die gegenw\u00e4rtige Zahl der Einwohner der Europ\u00e4ischen Union. Und dies wird auf die Weise geschehen, dass sich w\u00e4hrenddessen der Unterschied zwischen dem Niveau des afrikanischen Lebens und dem des europ\u00e4ischen Lebens nicht verringern, sondern sich \u2013 wenn die Dinge so weiterlaufen \u2013 vielmehr vergr\u00f6\u00dfern wird. Infolgedessen wird der Druck, der sich von Afrika aus nach Europa richtet, dass man von dort hierher kommen will, mit Sicherheit wachsen, ich kann das mit der Gewissheit der Kr\u00e4fte der Naturgesetze sagen. Und das wird auf Europa einstr\u00f6men.<br \/>\n.<br \/>\nEbenfalls im Vergleich zu 2010 \u2013 sagt eine andere Prognose \u2013 wird bis 2050, wenn wir noch leben werden, die Zahl der muslimischen Bev\u00f6lkerung in Europa von den gegenw\u00e4rtigen vierzig und einigen Millionen auf mindestens 70 Millionen anwachsen, und die der Christen wird parallel dazu um 99 Millionen abnehmen. Und da habe ich die Massen der neu Ankommenden noch gar nicht mitgez\u00e4hlt.<br \/>\nDies bedeutet, dass wenn die europ\u00e4ische Politik die Migration nicht mit der Ernsthaftigkeit auf die Tagesordnung setzt, wie wir das heute hier getan haben, und nicht schon jetzt und sofort Entscheidungen trifft, dann beginnen Prozesse, die man sp\u00e4ter nicht mehr aufhalten kann. Afrika kann man nicht in f\u00fcnf Jahren entwickeln, jetzt muss man mit dem Entwickeln beginnen, damit wir die Hilfe dorthin tragen, und nicht die Probleme von dort zu uns kommen. Die Einheit von Ost und West in der Frage der Migration muss jetzt hergestellt werden, jetzt muss ein Modus Vivendi gefunden werden, denn sp\u00e4ter wird dies unm\u00f6glich sein. Sowohl hinsichtlich der europ\u00e4ischen Einheit als auch des Grenzschutzes sowie der Migration muss jetzt gehandelt werden.<br \/>\n.<br \/>\n<strong>Die Migrationspolitik der EU hat versagt<\/strong><br \/>\nAbschlie\u00dfend m\u00f6chte ich den Vorschlag von Herrn Pr\u00e4sidenten Sarkozy f\u00fcr die eine m\u00f6gliche L\u00f6sung begr\u00fc\u00dfen, der \u2013 vielleicht etwas weniger philosophisch als ich das jetzt formulieren werde \u2013 sagt, das wichtigste in der Politik sei das Zugeben des Misserfolgs. Ich sage nicht, es sei leicht, zu siegen, doch ist das m\u00f6glich, so etwas kommt vor. Es ist eine leichte Sache, mit dem Sieg zusammenzuleben.<br \/>\nDie F\u00e4higkeit, die Niederlage zuzugeben, den Misserfolg zuzugeben, ist in der Politik am wichtigsten, besonders in der internationalen Politik. Und hier haben wir vor uns einen gewaltigen Misserfolg. Seit 2015 sind inzwischen vier Jahre vergangen. Wir m\u00fcssen zugeben, es ist unangenehm, doch m\u00fcssen wir zugeben, dass die f\u00fchrenden Politiker der Europ\u00e4ischen Union, die gegenw\u00e4rtigen Strukturen der Europ\u00e4ischen Union sind nicht in der Lage, die Angelegenheit der Migration und des Grenzschutzes zu l\u00f6sen. Und wenn sie dazu in den vergangenen vier-f\u00fcnf Jahren nicht in der Lage waren, haben wir keinen Grund anzunehmen, morgen w\u00fcrden sie dann dazu in der Lage sein.<\/p>\n<p>Deshalb muss man in das System eingreifen, und so wie im Interesse der W\u00e4hrung der Rat der zur W\u00e4hrungsunion geh\u00f6renden Finanzminister geschaffen worden ist, muss aus den Innenministern der zur Schengen-Zone geh\u00f6renden L\u00e4nder ein neues Gremium geschaffen werden. <em><strong>Man muss der Kommission das Recht der Migration und des Grenzschutzes wegnehmen, dieses Recht muss man den Mitgliedsstaaten zur\u00fcckgeben<\/strong><\/em>, und die Mitgliedsstaaten m\u00fcssen \u00fcber ihre Innenminister in eine neue K\u00f6rperschaft delegiert werden, damit dort die Innenminister gemeinsam Antworten auf die Fragen des Grenzschutzes und der Migration geben. Wenn wir zumindest so viel nach den europ\u00e4ischen Wahlen erreichen w\u00fcrden, dann h\u00e4tte es sich schon gelohnt, die europ\u00e4ischen Wahlen durchzuf\u00fchren.&#8220;<br \/>\nEnde der Rede von Viktor Orban<br \/>\n26.3.2019<br \/>\n.<br \/>\nKommentierung der Rede von Orban:<br \/>\n<a href=\"https:\/\/www.cicero.de\/aussenpolitik\/viktor-orban-migration-ungarn-eu-europa\">https:\/\/www.cicero.de\/aussenpolitik\/viktor-orban-migration-ungarn-eu-europa<\/a><\/p>\n<p>.<\/p>\n<p><strong>Die Illusionen der grenzenlosen Welt &#8211; Globaler Norden beutet globalen S\u00fcden aus<\/strong><br \/>\nBis weit hinein in die Sozial- und Geisteswissenschaften sind solche Konzepte verbreitet. Ein aktuelles Beispiel liefern Ulrich Brand und Markus Wissen mit ihrem demn\u00e4chst erscheinenden Buch \u201eImperiale Lebensweise. Zur Ausbeutung von Mensch und Natur im globalen Kapitalismus\u201c. Demnach beuten die Staaten und Gesellschaften des \u201eglobalen Nordens\u201c diejenigen des \u201eglobalen S\u00fcdens\u201c aus, indem sie die sozial-\u00f6kologischen Kosten ihres imperialen Lebens dort abl\u00fcden.<br \/>\nDie Migrationsbewegungen nach Norden seien als Gegenwehr des S\u00fcdens zu begreifen, auf die wiederum \u201edie kapitalistischen Zentren\u201c mit einer \u201eautorit\u00e4ren Politik der Abschottung und Ausgrenzung\u201c reagierten. Dass die Tonangebenden in jenen \u201ekapitalistischen Zentren\u201c nicht weniger gegen \u201eAbschottung\u201c sind als sie selbst, haben Brand und Wissen offenbar noch nicht mitbekommen. Die Alternative, die Brand und Wissen in Aussicht stellen, ist: eine \u201esolidarische Lebensweise\u201c in einer (vom Nationalstaat und seinen Begrenzungen befreiten) \u201edemokratischen, sozial und \u00f6kologisch gerechten Gesellschaft im globalen Ma\u00dfstab\u201c. Die Schritte dahin: \u201eSolidarit\u00e4t mit Gefl\u00fcchteten sowie die K\u00e4mpfe um Ern\u00e4hrungssouver\u00e4nit\u00e4t, Klimagerechtigkeit und Energiedemokratie\u201c.<br \/>\nEin weltumspannender Wunschtraum also, in dem die \u00fcberkommenen Gesellschaften und die Staaten, in denen sie sich bislang organisieren, also die Strukturen, die Ordnung, aber auch Macht mit sich bringen, keine Rolle mehr spielen sollen. Man k\u00f6nnte es auch einfach Anarchie nennen \u2013 wenn der Begriff nicht so sehr nach Bombenlegern und so wenig nach \u00f6kologisch nachhaltiger Ern\u00e4hrung kl\u00e4nge.<br \/>\n&#8230; Alles vom 19.2.2017 von Ferdinand Knau\u00df bitte lesen auf<br \/>\n<a href=\"https:\/\/www.wiwo.de\/politik\/deutschland\/knauss-kontert-die-illusionen-der-grenzenlosen-welt\/19409594.html\">https:\/\/www.wiwo.de\/politik\/deutschland\/knauss-kontert-die-illusionen-der-grenzenlosen-welt\/19409594.html<\/a><\/p>\n<p>&nbsp;<\/p>\n","protected":false},"excerpt":{"rendered":"<p>Home\u00a0&gt;Global\u00a0&gt;EU\u00a0&gt;EU-Migration\u00a0&gt;Europa-der-Vaterl\u00e4nder Beitrag aus Liste bitte ausw\u00e4hlen durch Anklicken oder Runterscrollen: Die EU \u2013 Feind des eigentlichen Europas und der Freiheit (25.6.2026) D neutral \u2013 EU Friedensordnung\u00a0(4.2.2026) Battle for the Soul of Europe\u00a0(12.12.2025) EU \u2013 Demokratie \u2013 Christentum\u00a0(21.11.2024) Wer sind die &hellip; <a href=\"https:\/\/www.freiburg-schwarzwald.de\/blog\/global\/eu\/europa-der-vaterlaender\/\">Weiterlesen <span class=\"meta-nav\">&rarr;<\/span><\/a><\/p>\n","protected":false},"author":2,"featured_media":0,"parent":2859,"menu_order":0,"comment_status":"open","ping_status":"closed","template":"","meta":{"footnotes":""},"class_list":["post-68956","page","type-page","status-publish","hentry"],"_links":{"self":[{"href":"https:\/\/www.freiburg-schwarzwald.de\/blog\/wp-json\/wp\/v2\/pages\/68956","targetHints":{"allow":["GET"]}}],"collection":[{"href":"https:\/\/www.freiburg-schwarzwald.de\/blog\/wp-json\/wp\/v2\/pages"}],"about":[{"href":"https:\/\/www.freiburg-schwarzwald.de\/blog\/wp-json\/wp\/v2\/types\/page"}],"author":[{"embeddable":true,"href":"https:\/\/www.freiburg-schwarzwald.de\/blog\/wp-json\/wp\/v2\/users\/2"}],"replies":[{"embeddable":true,"href":"https:\/\/www.freiburg-schwarzwald.de\/blog\/wp-json\/wp\/v2\/comments?post=68956"}],"version-history":[{"count":6,"href":"https:\/\/www.freiburg-schwarzwald.de\/blog\/wp-json\/wp\/v2\/pages\/68956\/revisions"}],"predecessor-version":[{"id":151568,"href":"https:\/\/www.freiburg-schwarzwald.de\/blog\/wp-json\/wp\/v2\/pages\/68956\/revisions\/151568"}],"up":[{"embeddable":true,"href":"https:\/\/www.freiburg-schwarzwald.de\/blog\/wp-json\/wp\/v2\/pages\/2859"}],"wp:attachment":[{"href":"https:\/\/www.freiburg-schwarzwald.de\/blog\/wp-json\/wp\/v2\/media?parent=68956"}],"curies":[{"name":"wp","href":"https:\/\/api.w.org\/{rel}","templated":true}]}}