{"id":6871,"date":"2012-07-13T14:30:34","date_gmt":"2012-07-13T14:30:34","guid":{"rendered":"https:\/\/www.freiburg-schwarzwald.de\/blog\/?page_id=6871"},"modified":"2024-06-14T20:54:31","modified_gmt":"2024-06-14T18:54:31","slug":"kartaus","status":"publish","type":"page","link":"https:\/\/www.freiburg-schwarzwald.de\/blog\/natur\/garten\/kartaus\/","title":{"rendered":"Kartaus"},"content":{"rendered":"<p>Home &gt;<a title=\"Natur\" href=\"https:\/\/www.freiburg-schwarzwald.de\/blog\/natur\/\">Natur<\/a> &gt;<a title=\"Garten\" href=\"https:\/\/www.freiburg-schwarzwald.de\/blog\/natur\/garten\/\">Garten<\/a>&gt;Kartaus<\/p>\n<div id=\"attachment_7028\" style=\"width: 649px\" class=\"wp-caption alignnone\"><a href=\"https:\/\/www.freiburg-schwarzwald.de\/blog\/natur\/garten\/kartaus\/kartaus-pan120713\/\" rel=\"attachment wp-att-7028\"><img loading=\"lazy\" decoding=\"async\" aria-describedby=\"caption-attachment-7028\" class=\"size-full wp-image-7028\" title=\"kartaus-pan120713\" src=\"https:\/\/www.freiburg-schwarzwald.de\/blog\/wp-content\/uploads\/2012\/07\/kartaus-pan120713.jpg\" alt=\"\" width=\"639\" height=\"302\" srcset=\"https:\/\/www.freiburg-schwarzwald.de\/blog\/wp-content\/uploads\/2012\/07\/kartaus-pan120713.jpg 639w, https:\/\/www.freiburg-schwarzwald.de\/blog\/wp-content\/uploads\/2012\/07\/kartaus-pan120713-180x85.jpg 180w\" sizes=\"auto, (max-width: 639px) 100vw, 639px\" \/><\/a><p id=\"caption-attachment-7028\" class=\"wp-caption-text\">Blick nach Norden \u00fcber Dreisam und Uni-Sportplatz (links) zur Kartaus am 13.7.2012<\/p><\/div>\n<ul>\n<li>Bodo Kaiser: Film \u00fcber Kartaus &#8211; United World College UWC\u00a0 (14.6.2024)<\/li>\n<li>Kartaus Klostergarten: F\u00fchrung und Gartenrunde (8.8.2023)<\/li>\n<li><a href=\"https:\/\/www.freiburg-schwarzwald.de\/blog\/regio\/fluss\/dreisam\/ottiliensee\/\">Ottiliensee \u2013 neuer Naturbadesee an der Dreisam<\/a>\u00a0(18.4.2022)<\/li>\n<li><a href=\"https:\/\/www.freiburg-schwarzwald.de\/blog\/business\/dienste\/immobilien\/sutter3kg\/\">Meierhof der Kartaus: Restaurierung durch Willi Sutter -Film<\/a>\u00a0 (24.3.2021)<\/li>\n<li>Kartaus-Klostergarten: Eva Sch\u00fcle mit UWC-Sch\u00fclern im WDR (15.3.2021)<\/li>\n<li><a href=\"https:\/\/www.freiburg-schwarzwald.de\/blog\/sanierung-meierhof-kartaus\/\">Sanierung Meierhof Kartaus durch Willi Sutter<\/a> (19.12.2020)<\/li>\n<li><a href=\"https:\/\/www.freiburg-schwarzwald.de\/blog\/kartaus-meierhof-abriss-erhalt\/\">https:\/\/www.freiburg-schwarzwald.de\/blog\/kartaus-meierhof-abriss-erhalt\/<\/a> (19.6.2015)<\/li>\n<li><a href=\"https:\/\/www.freiburg-schwarzwald.de\/blog\/kartaus-architekten-fuer-moderne-streuwuerfelwiese\/\">https:\/\/www.freiburg-schwarzwald.de\/blog\/kartaus-architekten-fuer-moderne-streuwuerfelwiese\/<\/a>\u00a0(5.11.2012)<\/li>\n<li><a href=\"https:\/\/www.freiburg-schwarzwald.de\/blog\/kartausgarten-bietet-alles-obst-gemuese-heilkraeuter-blumen\/\">https:\/\/www.freiburg-schwarzwald.de\/blog\/kartausgarten-bietet-alles-obst-gemuese-heilkraeuter-blumen\/<\/a>\u00a0(6.8.2012)<\/li>\n<li><a href=\"https:\/\/www.freiburg-schwarzwald.de\/blog\/gartenfest-an-der-kartaus-beim-wasserschloessle\/\">https:\/\/www.freiburg-schwarzwald.de\/blog\/gartenfest-an-der-kartaus-beim-wasserschloessle\/<\/a>\u00a0(26.7.2012)<\/li>\n<li><a href=\"https:\/\/www.freiburg-schwarzwald.de\/blog\/kartaus-letzter-rundgang-vor-dem-umbau-zum-bosch-college\/\">https:\/\/www.freiburg-schwarzwald.de\/blog\/kartaus-letzter-rundgang-vor-dem-umbau-zum-bosch-college\/<\/a>\u00a0(26.7.12)<\/li>\n<li><a href=\"https:\/\/www.freiburg-schwarzwald.de\/blog\/robert-bosch-college-an-kartaus-offenlage-bebauungsplan\/\">https:\/\/www.freiburg-schwarzwald.de\/blog\/robert-bosch-college-an-kartaus-offenlage-bebauungsplan\/<\/a>\u00a0(25.7.2012)<\/li>\n<li><a href=\"https:\/\/www.freiburg-schwarzwald.de\/littenweiler\/kartaus1.htm\">Aktuelle Infos zur Kartaus ab 2008 bis Juli 2012<\/a> &gt;Kartaus1<\/li>\n<li><a href=\"https:\/\/www.freiburg-schwarzwald.de\/littenweiler\/kartaus#Busfahrer Jean Luc - Ausfl\u00fcge mit Esprit\">Busfahrer Jean Luc &#8211; Ausfl\u00fcge mit Esprit<\/a> (24.10.2007)<\/li>\n<li><a href=\"https:\/\/www.freiburg-schwarzwald.de\/littenweiler\/heilkraeuter1.htm#Essbare Bl\u00fcten zum zweiten Fr\u00fchst\u00fcck an der Kartaus\">Essbare Bl\u00fcten zum zweiten Fr\u00fchst\u00fcck an der Kartaus<\/a> &gt;Heilkraeuter1 (2.8.2007)<\/li>\n<li><a href=\"https:\/\/www.freiburg-schwarzwald.de\/littenweiler\/kartaus.htm#Kr\u00e4utervormittag mit Heilkr\u00e4uterfachfrau Ursula Bertsch\">Kr\u00e4utervormittag mit Heilkr\u00e4uterfachfrau Ursula Bertsch<\/a> (13.7.2007)<\/li>\n<li><a href=\"https:\/\/www.freiburg-schwarzwald.de\/littenweiler\/kartaus#Kartausbach zwischen Strandbad und Sandfangbr\u00fccke\">Kartausbach zwischen Strandbad und Sandfangbr\u00fccke<\/a> (14.4.2007)<\/li>\n<li><a href=\"https:\/\/www.freiburg-schwarzwald.de\/dichter2.htm#Heinrich-Hansjakob-Gesellschaft erinnert an den Pfarrer und Denker\">Heinrich-Hansjakob-Gesellschaft erinnert an den Pfarrer und Denker<\/a> &gt;Dichter2 (18.7.2006)<\/li>\n<li><a href=\"https:\/\/www.freiburg-schwarzwald.de\/littenweiler\/kartaus#Die Kartauswiesen sind keine ungenutzte Freifl\u00e4che!\">Die Kartauswiesen sind keine &#8222;ungenutzte&#8220; Freifl\u00e4che!<\/a> (11.4.2006)<\/li>\n<li><a href=\"https:\/\/www.freiburg-schwarzwald.de\/littenweiler\/kartaus#Hilfe - die Kartauswiesen m\u00fcssen freibleiben\">Hilfe &#8211; die Kartauswiesen m\u00fcssen freibleiben<\/a> (11.4.2006)<\/li>\n<li><a href=\"https:\/\/www.freiburg-schwarzwald.de\/littenweiler\/kartaus#Heftiger Zwist um die Kartauswiesen\">Heftiger Zwist um die Kartauswiesen<\/a> (4.4.2006)<\/li>\n<li><a href=\"https:\/\/www.freiburg-schwarzwald.de\/littenweiler\/kartaus#Brief des B\u00fcrgervereins Oberwiehre-Waldsee an OB und Unirektor\">Brief des B\u00fcrgervereins Oberwiehre-Waldsee an OB und Unirektor<\/a> (24.3.2006)<\/li>\n<li><a href=\"https:\/\/www.freiburg-schwarzwald.de\/littenweiler\/senioren2.htm#Kartaus mit bewegter Geschichte - Kloster, Gutshof und Altenheim\">Kartaus mit bewegter Geschichte &#8211; Kloster, Gutshof und Altenheim<\/a>\u00a0&gt;Senioren2 (27.6.2005)<\/li>\n<li><a href=\"https:\/\/www.freiburg-schwarzwald.de\/littenweiler\/senioren1.htm#Kartaus - neue Wege zur Betreuung von Demenzkranken\">Kartaus &#8211; neue Wege zur Betreuung von Demenzkranken<\/a> &gt;Senioren1 (18.7.2002)<\/li>\n<li><a href=\"https:\/\/www.freiburg-schwarzwald.de\/littenweiler\/kartaus#Kartaus - m\u00fcssen die Ordensfrauen das Altenheim verlassen?\">Kartaus &#8211; m\u00fcssen die Ordensfrauen das Altenheim verlassen?<\/a> (10.1996)<\/li>\n<li><a href=\"https:\/\/www.freiburg-schwarzwald.de\/littenweiler\/kartaus#Kartaus - F\u00fchrung durch ein modernes Pflegeheim\">Kartaus &#8211; F\u00fchrung durch ein modernes Pflegeheim\u00a0<\/a> (10.1996)<\/li>\n<li><\/li>\n<li><a href=\"https:\/\/www.freiburg-schwarzwald.de\/blog\/regio\/fluss\/dreisam\/dreisam-renaturierung\/\">Dreisam-Renaturierung<\/a><\/li>\n<li><a title=\"Kartaus-Baustelle\" href=\"https:\/\/www.freiburg-schwarzwald.de\/blog\/bildung\/schulen\/uwc-freiburg\/kartaus-baustelle\/\">Kartaus-Neubau Baustelle<\/a>\u00a0&gt;Kartaus-Baustelle<\/li>\n<li><strong><a href=\"https:\/\/www.freiburg-schwarzwald.de\/littenweiler\/kartaus.htm\">Kartaus &#8211; Unsere\u00a0Kartaus-Seite bis Juli 2012<\/a> &gt;Archivseite\u00a0<\/strong><\/li>\n<li><a href=\"https:\/\/www.freiburg-schwarzwald.de\/littenweiler\/kartausgarten.htm#Bauerngarten - ehem Klostergartenanlage\">Kartausgarten &#8211; Bauerngarten &#8211; ehem Klostergartenanlage<\/a> &gt;Kartausgarten<\/li>\n<li><a href=\"https:\/\/www.freiburg-schwarzwald.de\/littenweiler\/kartaus-bauernhof.htm#Ehemalige Kartauswirtschaft zwischen Bauernhof udn Stromschl\u00f6ssle\">Kartauswirtschaft zwischen Bauernhof und Stromschl\u00f6ssle<\/a> &gt;Kartaus-Bauernhof<\/li>\n<li><a title=\"UWC-Freiburg\" href=\"https:\/\/www.freiburg-schwarzwald.de\/blog\/bildung\/schulen\/uwc-freiburg\/\">UWC &#8211; Bosch-College an der Kartaus<\/a><\/li>\n<li><a href=\"https:\/\/www.freiburg-schwarzwald.de\/littenweiler\/kartaus#Kartaus - Kulturlandschaft im Freiburger Osten\">Kartaus &#8211; Kulturlandschaft im Freiburger Osten<\/a><\/li>\n<li><a href=\"https:\/\/www.freiburg-schwarzwald.de\/littenweiler\/kartaus#Altenpflegeheim Kartaus\">Altenpflegeheim Kartaus<\/a><\/li>\n<li><a title=\"UWC-Freiburg\" href=\"https:\/\/www.freiburg-schwarzwald.de\/blog\/bildung\/schulen\/uwc-freiburg\/\">UWC &#8211; Bosch-College an der Kartaus<\/a><\/li>\n<li><a href=\"https:\/\/www.freiburg-schwarzwald.de\/littenweiler\/kartaus#Johannisheim am Hirzberg\">Johannisheim am Hirzberg<\/a><\/li>\n<li><a href=\"https:\/\/www.freiburg-schwarzwald.de\/littenweiler\/kartaus#Heinrich Hansjakob und die Kartaus\">Heinrich Hansjakob &#8211; Wohnung in der Kartaus<\/a><\/li>\n<li><a href=\"https:\/\/www.freiburg-schwarzwald.de\/littenweiler\/kartaus#Bauernhof an der Kartaus\">Bauernhof an der Kartaus<\/a><\/li>\n<li><a href=\"https:\/\/www.freiburg-schwarzwald.de\/littenweiler\/kartausgarten.htm#Bauerngarten - ehem Klostergartenanlage\">Bauerngarten &#8211; ehem Klostergartenanlage<\/a> &gt;Kartausgarten<\/li>\n<li><a href=\"https:\/\/www.freiburg-schwarzwald.de\/littenweiler\/kartaus-bauernhof.htm#Ehemalige Kartauswirtschaft zwischen Bauernhof udn Stromschl\u00f6ssle\">Ehemalige Kartauswirtschaft zwischen Bauernhof und Stromschl\u00f6ssle<\/a> &gt;Kartaus-Bauernhof<\/li>\n<li><a href=\"https:\/\/www.freiburg-schwarzwald.de\/littenweiler\/kartaus-bauernhof.htm#Kartausbach zwischen Strandbad und Sandfangbr\u00fccke\">Kartausbach zwischen Strandbad und Sandfang<\/a> &gt;Kartaus-Bauernhof<\/li>\n<li><a href=\"https:\/\/www.freiburg-schwarzwald.de\/littenweiler\/kartaus.htm\">Kartaus &#8211; Unsere bisherige Kartaus-Seite<\/a> &gt;www.freiburg-dreisamtal.de\/kartaus.htm<\/li>\n<li><a href=\"https:\/\/www.freiburg-schwarzwald.de\/littenweiler\/regenfrau.htm\">Regenfrau an der Kartaus<\/a> &gt;Regenfrau<\/li>\n<li><a href=\"https:\/\/www.freiburg-schwarzwald.de\/littenweiler\/kartaus.htm#Sanierungsarbeiten Kartaus\">Klostergarten &#8211; Sanierung der Mauern im Kostergarten<\/a><\/li>\n<li><a href=\"https:\/\/www.freiburg-schwarzwald.de\/blog\/regio\/fluss\/dreisam\/ottiliensee\/\">Ottiliensee<\/a><\/li>\n<li><a href=\"https:\/\/www.freiburg-schwarzwald.de\/littenweiler\/pflege.htm\">Pflegeheime<\/a> &gt;Pflege<\/li>\n<li><a href=\"https:\/\/www.freiburg-schwarzwald.de\/littenweiler\/kartaus#Schafe an der Kartaus\">Schafe an der Kartaus<\/a><\/li>\n<li><a href=\"https:\/\/www.freiburg-schwarzwald.de\/littenweiler\/kartaus-bauernhof.htm#Stromschl\u00f6ssle - Wassernutzung seit 1907\">Stromschl\u00f6ssle &#8211; Wassernutzung seit 1907<\/a> &gt;Kartaus-Bauernhof<\/li>\n<li><a href=\"https:\/\/www.freiburg-schwarzwald.de\/littenweiler\/scfreiburg.htm\">SC Freiburg &#8211; Nachbar der Kartaus &#8211; DER SC STEIGT AUF<\/a> &gt;SCfreiburg<\/li>\n<li><a href=\"https:\/\/www.freiburg-schwarzwald.de\/littenweiler\/dreisamuferweg.htm\">Mit dem Fahrrad, Rollstuhl, Kinderwagen oder gar zu Fu\u00df unterwegs<\/a> &gt;Dreisamuferweg<\/li>\n<li><a href=\"https:\/\/www.freiburg-schwarzwald.de\/senioren.htm\">Selbsthilfegruppen und Infos f\u00fcr Senioren<\/a> &gt;frsw.de\/senioren<\/li>\n<\/ul>\n<p>&nbsp;<\/p>\n<h5><a href=\"https:\/\/www.freiburg-schwarzwald.de\/blog\/natur\/garten\/kartaus\/kartaus-blumen120711\/\" rel=\"attachment wp-att-6903\"><img loading=\"lazy\" decoding=\"async\" class=\"alignnone size-thumbnail wp-image-6903\" title=\"kartaus-blumen120711\" src=\"https:\/\/www.freiburg-schwarzwald.de\/blog\/wp-content\/uploads\/2012\/07\/kartaus-blumen120711-135x180.jpg\" alt=\"\" width=\"135\" height=\"180\" srcset=\"https:\/\/www.freiburg-schwarzwald.de\/blog\/wp-content\/uploads\/2012\/07\/kartaus-blumen120711-135x180.jpg 135w, https:\/\/www.freiburg-schwarzwald.de\/blog\/wp-content\/uploads\/2012\/07\/kartaus-blumen120711.jpg 480w\" sizes=\"auto, (max-width: 135px) 100vw, 135px\" \/><\/a>\u00a0\u00a0\u00a0\u00a0\u00a0\u00a0\u00a0\u00a0\u00a0\u00a0\u00a0\u00a0\u00a0\u00a0\u00a0\u00a0\u00a0\u00a0 \u00a0\u00a0\u00a0 <a href=\"https:\/\/www.freiburg-schwarzwald.de\/blog\/natur\/garten\/kartaus\/kartaus-diestel120711\/\" rel=\"attachment wp-att-6904\"><img loading=\"lazy\" decoding=\"async\" class=\"alignnone size-thumbnail wp-image-6904\" title=\"kartaus-diestel120711\" src=\"https:\/\/www.freiburg-schwarzwald.de\/blog\/wp-content\/uploads\/2012\/07\/kartaus-diestel120711-144x180.jpg\" alt=\"\" width=\"144\" height=\"180\" srcset=\"https:\/\/www.freiburg-schwarzwald.de\/blog\/wp-content\/uploads\/2012\/07\/kartaus-diestel120711-144x180.jpg 144w, https:\/\/www.freiburg-schwarzwald.de\/blog\/wp-content\/uploads\/2012\/07\/kartaus-diestel120711-512x640.jpg 512w, https:\/\/www.freiburg-schwarzwald.de\/blog\/wp-content\/uploads\/2012\/07\/kartaus-diestel120711.jpg 513w\" sizes=\"auto, (max-width: 144px) 100vw, 144px\" \/><\/a>\u00a0\u00a0\u00a0\u00a0\u00a0\u00a0\u00a0\u00a0\u00a0\u00a0\u00a0\u00a0\u00a0\u00a0\u00a0\u00a0\u00a0\u00a0\u00a0\u00a0\u00a0 <a href=\"https:\/\/www.freiburg-schwarzwald.de\/blog\/natur\/garten\/kartaus\/kartaus-diestel1-120711\/\" rel=\"attachment wp-att-6905\"><img loading=\"lazy\" decoding=\"async\" class=\"alignnone size-thumbnail wp-image-6905\" title=\"kartaus-diestel1-120711\" src=\"https:\/\/www.freiburg-schwarzwald.de\/blog\/wp-content\/uploads\/2012\/07\/kartaus-diestel1-120711-180x135.jpg\" alt=\"\" width=\"180\" height=\"135\" srcset=\"https:\/\/www.freiburg-schwarzwald.de\/blog\/wp-content\/uploads\/2012\/07\/kartaus-diestel1-120711-180x135.jpg 180w, https:\/\/www.freiburg-schwarzwald.de\/blog\/wp-content\/uploads\/2012\/07\/kartaus-diestel1-120711.jpg 640w\" sizes=\"auto, (max-width: 180px) 100vw, 180px\" \/><\/a><br \/>\n(1) Taglilien am 11.7.,2012\u00a0\u00a0\u00a0\u00a0\u00a0\u00a0\u00a0\u00a0\u00a0\u00a0\u00a0\u00a0\u00a0\u00a0\u00a0\u00a0 \u00a0 (2) Disteln<\/h5>\n<h5><a href=\"https:\/\/www.freiburg-schwarzwald.de\/blog\/natur\/garten\/kartaus\/kartaus-emmer120711-2\/\" rel=\"attachment wp-att-6906\"><img loading=\"lazy\" decoding=\"async\" class=\"alignnone size-thumbnail wp-image-6906\" title=\"kartaus-emmer120711\" src=\"https:\/\/www.freiburg-schwarzwald.de\/blog\/wp-content\/uploads\/2012\/07\/kartaus-emmer120711-135x180.jpg\" alt=\"\" width=\"135\" height=\"180\" srcset=\"https:\/\/www.freiburg-schwarzwald.de\/blog\/wp-content\/uploads\/2012\/07\/kartaus-emmer120711-135x180.jpg 135w, https:\/\/www.freiburg-schwarzwald.de\/blog\/wp-content\/uploads\/2012\/07\/kartaus-emmer120711.jpg 480w\" sizes=\"auto, (max-width: 135px) 100vw, 135px\" \/><\/a>\u00a0\u00a0\u00a0\u00a0\u00a0\u00a0\u00a0\u00a0\u00a0\u00a0\u00a0\u00a0\u00a0\u00a0\u00a0\u00a0\u00a0\u00a0 \u00a0\u00a0\u00a0 <a href=\"https:\/\/www.freiburg-schwarzwald.de\/blog\/natur\/garten\/kartaus\/kartaus120713\/\" rel=\"attachment wp-att-7033\"><img loading=\"lazy\" decoding=\"async\" class=\"alignnone size-thumbnail wp-image-7033\" title=\"kartaus120713\" src=\"https:\/\/www.freiburg-schwarzwald.de\/blog\/wp-content\/uploads\/2012\/07\/kartaus120713-180x135.jpg\" alt=\"\" width=\"180\" height=\"135\" srcset=\"https:\/\/www.freiburg-schwarzwald.de\/blog\/wp-content\/uploads\/2012\/07\/kartaus120713-180x135.jpg 180w, https:\/\/www.freiburg-schwarzwald.de\/blog\/wp-content\/uploads\/2012\/07\/kartaus120713.jpg 640w\" sizes=\"auto, (max-width: 180px) 100vw, 180px\" \/><\/a>\u00a0\u00a0\u00a0\u00a0\u00a0\u00a0\u00a0\u00a0\u00a0\u00a0 <a href=\"https:\/\/www.freiburg-schwarzwald.de\/blog\/natur\/garten\/kartaus\/kartaus-apfel120922\/\" rel=\"attachment wp-att-11858\"><img loading=\"lazy\" decoding=\"async\" class=\"alignnone size-thumbnail wp-image-11858\" title=\"kartaus-apfel120922\" src=\"https:\/\/www.freiburg-schwarzwald.de\/blog\/wp-content\/uploads\/2012\/07\/kartaus-apfel120922-180x135.jpg\" alt=\"\" width=\"180\" height=\"135\" srcset=\"https:\/\/www.freiburg-schwarzwald.de\/blog\/wp-content\/uploads\/2012\/07\/kartaus-apfel120922-180x135.jpg 180w, https:\/\/www.freiburg-schwarzwald.de\/blog\/wp-content\/uploads\/2012\/07\/kartaus-apfel120922.jpg 640w\" sizes=\"auto, (max-width: 180px) 100vw, 180px\" \/><\/a><br \/>\n(4) Emmer\u00a0 \u00a0 \u00a0 \u00a0 \u00a0 \u00a0 \u00a0 \u00a0 \u00a0 \u00a0 \u00a0 \u00a0 \u00a0 \u00a0 \u00a0 \u00a0 \u00a0 \u00a0 \u00a0 \u00a0(5) Blick \u00fcber die Dreisam 13.7.2012\u00a0 \u00a0 \u00a0 \u00a0 (6) Am Wasserschl\u00f6ssle und Bach<\/h5>\n<h5><a href=\"https:\/\/www.freiburg-schwarzwald.de\/blog\/natur\/garten\/kartaus\/kartaus-fischteich20922\/\" rel=\"attachment wp-att-11859\"><img loading=\"lazy\" decoding=\"async\" class=\"alignnone size-thumbnail wp-image-11859\" title=\"kartaus-fischteich20922\" src=\"https:\/\/www.freiburg-schwarzwald.de\/blog\/wp-content\/uploads\/2012\/07\/kartaus-fischteich20922-135x180.jpg\" alt=\"\" width=\"135\" height=\"180\" srcset=\"https:\/\/www.freiburg-schwarzwald.de\/blog\/wp-content\/uploads\/2012\/07\/kartaus-fischteich20922-135x180.jpg 135w, https:\/\/www.freiburg-schwarzwald.de\/blog\/wp-content\/uploads\/2012\/07\/kartaus-fischteich20922.jpg 480w\" sizes=\"auto, (max-width: 135px) 100vw, 135px\" \/><\/a>\u00a0\u00a0\u00a0\u00a0\u00a0\u00a0\u00a0\u00a0\u00a0\u00a0\u00a0\u00a0\u00a0\u00a0\u00a0\u00a0\u00a0\u00a0 \u00a0\u00a0\u00a0\u00a0 <a href=\"https:\/\/www.freiburg-schwarzwald.de\/blog\/natur\/garten\/kartaus\/kartaus-fischteich1-20922\/\" rel=\"attachment wp-att-11860\"><img loading=\"lazy\" decoding=\"async\" class=\"alignnone size-thumbnail wp-image-11860\" title=\"kartaus-fischteich1-20922\" src=\"https:\/\/www.freiburg-schwarzwald.de\/blog\/wp-content\/uploads\/2012\/07\/kartaus-fischteich1-20922-180x135.jpg\" alt=\"\" width=\"180\" height=\"135\" srcset=\"https:\/\/www.freiburg-schwarzwald.de\/blog\/wp-content\/uploads\/2012\/07\/kartaus-fischteich1-20922-180x135.jpg 180w, https:\/\/www.freiburg-schwarzwald.de\/blog\/wp-content\/uploads\/2012\/07\/kartaus-fischteich1-20922.jpg 640w\" sizes=\"auto, (max-width: 180px) 100vw, 180px\" \/><\/a>\u00a0\u00a0\u00a0\u00a0\u00a0\u00a0\u00a0\u00a0\u00a0 <a href=\"https:\/\/www.freiburg-schwarzwald.de\/blog\/natur\/garten\/kartaus\/kartaus121029\/\" rel=\"attachment wp-att-19302\"><img loading=\"lazy\" decoding=\"async\" class=\"alignnone size-thumbnail wp-image-19302\" title=\"kartaus121029\" src=\"https:\/\/www.freiburg-schwarzwald.de\/blog\/wp-content\/uploads\/2012\/07\/kartaus121029-180x135.jpg\" alt=\"\" width=\"180\" height=\"135\" srcset=\"https:\/\/www.freiburg-schwarzwald.de\/blog\/wp-content\/uploads\/2012\/07\/kartaus121029-180x135.jpg 180w, https:\/\/www.freiburg-schwarzwald.de\/blog\/wp-content\/uploads\/2012\/07\/kartaus121029.jpg 640w\" sizes=\"auto, (max-width: 180px) 100vw, 180px\" \/><\/a><br \/>\n(7) Fischteich im Garten\u00a0 \u00a0 \u00a0 \u00a0 \u00a0 \u00a0 \u00a0 \u00a0 \u00a0 \u00a0 \u00a0 \u00a0 \u00a0 \u00a0 \u00a0 (8) Blick nach S\u00fcden 22.9.2012\u00a0 \u00a0 \u00a0 \u00a0 \u00a0 (9) Schafe am 12.10.2012<\/h5>\n<h5><a href=\"https:\/\/www.freiburg-schwarzwald.de\/blog\/natur\/garten\/kartaus\/dreisam3kartaus130214\/\" rel=\"attachment wp-att-22390\"><img loading=\"lazy\" decoding=\"async\" class=\"alignnone size-thumbnail wp-image-22390\" title=\"dreisam3kartaus130214\" src=\"https:\/\/www.freiburg-schwarzwald.de\/blog\/wp-content\/uploads\/2012\/07\/dreisam3kartaus130214-180x145.jpg\" alt=\"\" width=\"180\" height=\"145\" srcset=\"https:\/\/www.freiburg-schwarzwald.de\/blog\/wp-content\/uploads\/2012\/07\/dreisam3kartaus130214-180x145.jpg 180w, https:\/\/www.freiburg-schwarzwald.de\/blog\/wp-content\/uploads\/2012\/07\/dreisam3kartaus130214.jpg 638w\" sizes=\"auto, (max-width: 180px) 100vw, 180px\" \/><\/a>\u00a0\u00a0\u00a0\u00a0\u00a0\u00a0\u00a0\u00a0\u00a0 <a href=\"https:\/\/www.freiburg-schwarzwald.de\/blog\/natur\/garten\/kartaus\/dreisam2kartaus130214\/\" rel=\"attachment wp-att-22389\"><img loading=\"lazy\" decoding=\"async\" class=\"alignnone wp-image-22389\" title=\"dreisam2kartaus130214\" src=\"https:\/\/www.freiburg-schwarzwald.de\/blog\/wp-content\/uploads\/2012\/07\/dreisam2kartaus130214-180x144.jpg\" alt=\"\" width=\"180\" height=\"144\" srcset=\"https:\/\/www.freiburg-schwarzwald.de\/blog\/wp-content\/uploads\/2012\/07\/dreisam2kartaus130214-180x144.jpg 180w, https:\/\/www.freiburg-schwarzwald.de\/blog\/wp-content\/uploads\/2012\/07\/dreisam2kartaus130214.jpg 639w\" sizes=\"auto, (max-width: 180px) 100vw, 180px\" \/><\/a>\u00a0\u00a0\u00a0\u00a0\u00a0\u00a0\u00a0\u00a0\u00a0 <a href=\"https:\/\/www.freiburg-schwarzwald.de\/blog\/natur\/garten\/kartaus\/kartaus131203\/\" rel=\"attachment wp-att-41748\"><img loading=\"lazy\" decoding=\"async\" title=\"kartaus131203\" src=\"https:\/\/www.freiburg-schwarzwald.de\/blog\/wp-content\/uploads\/2012\/07\/kartaus131203-180x135.jpg\" alt=\"\" width=\"180\" height=\"135\" \/><\/a><br \/>\n(10) 14.2.2013 Kartaus-Bauernhof\u00a0 \u00a0 \u00a0 \u00a0 \u00a0 \u00a0 \u00a0(11) 14.2.2013 Kartaus Baustelle\u00a0 \u00a0 \u00a0 \u00a0 \u00a0(12) 3.12.2013<\/h5>\n<h5><a href=\"https:\/\/www.freiburg-schwarzwald.de\/blog\/natur\/garten\/kartaus\/kartaus6aprikosen140227\/\" rel=\"attachment wp-att-45747\"><img loading=\"lazy\" decoding=\"async\" class=\"alignnone size-thumbnail wp-image-45747\" src=\"https:\/\/www.freiburg-schwarzwald.de\/blog\/wp-content\/uploads\/2012\/07\/kartaus6aprikosen140227-180x135.jpg\" alt=\"kartaus6aprikosen140227\" width=\"180\" height=\"135\" srcset=\"https:\/\/www.freiburg-schwarzwald.de\/blog\/wp-content\/uploads\/2012\/07\/kartaus6aprikosen140227-180x135.jpg 180w, https:\/\/www.freiburg-schwarzwald.de\/blog\/wp-content\/uploads\/2012\/07\/kartaus6aprikosen140227.jpg 640w\" sizes=\"auto, (max-width: 180px) 100vw, 180px\" \/><\/a>\u00a0\u00a0\u00a0\u00a0\u00a0\u00a0\u00a0\u00a0\u00a0 <a href=\"https:\/\/www.freiburg-schwarzwald.de\/blog\/natur\/garten\/kartaus\/kartaus1haus-fensterlos140803\/\" rel=\"attachment wp-att-49828\"><img loading=\"lazy\" decoding=\"async\" class=\"alignnone size-thumbnail wp-image-49828\" src=\"https:\/\/www.freiburg-schwarzwald.de\/blog\/wp-content\/uploads\/2012\/07\/kartaus1haus-fensterlos140803-180x135.jpg\" alt=\"kartaus1haus-fensterlos140803\" width=\"180\" height=\"135\" srcset=\"https:\/\/www.freiburg-schwarzwald.de\/blog\/wp-content\/uploads\/2012\/07\/kartaus1haus-fensterlos140803-180x135.jpg 180w, https:\/\/www.freiburg-schwarzwald.de\/blog\/wp-content\/uploads\/2012\/07\/kartaus1haus-fensterlos140803.jpg 640w\" sizes=\"auto, (max-width: 180px) 100vw, 180px\" \/><\/a>\u00a0\u00a0\u00a0\u00a0\u00a0\u00a0\u00a0\u00a0\u00a0 <a href=\"https:\/\/www.freiburg-schwarzwald.de\/blog\/natur\/garten\/kartaus\/kartaus8maierhof140803\/\" rel=\"attachment wp-att-49829\"><img loading=\"lazy\" decoding=\"async\" class=\"alignnone size-thumbnail wp-image-49829\" src=\"https:\/\/www.freiburg-schwarzwald.de\/blog\/wp-content\/uploads\/2012\/07\/kartaus8maierhof140803-180x146.jpg\" alt=\"kartaus8maierhof140803\" width=\"180\" height=\"146\" srcset=\"https:\/\/www.freiburg-schwarzwald.de\/blog\/wp-content\/uploads\/2012\/07\/kartaus8maierhof140803-180x146.jpg 180w, https:\/\/www.freiburg-schwarzwald.de\/blog\/wp-content\/uploads\/2012\/07\/kartaus8maierhof140803.jpg 640w\" sizes=\"auto, (max-width: 180px) 100vw, 180px\" \/><\/a><br \/>\n(13) Kartaus-Aprikosen 27.2.2014 <a title=\"Kartaus-Baustelle\" href=\"https:\/\/www.freiburg-schwarzwald.de\/blog\/bildung\/schulen\/uwc-freiburg\/kartaus-baustelle\/\">mehr<\/a>\u00a0 \u00a0 \u00a0(14) Haus fensterlos\u00a0 \u00a0 \u00a0 \u00a0 \u00a0 \u00a0 \u00a0 \u00a0 \u00a0 \u00a0 \u00a0 \u00a0 \u00a0 (15) Der Meierhof 3.8.2014<\/h5>\n<h5><a href=\"https:\/\/www.freiburg-schwarzwald.de\/blog\/natur\/garten\/kartaus\/kartaus11werkstatt140827\/\" rel=\"attachment wp-att-50455\"><img loading=\"lazy\" decoding=\"async\" class=\"alignnone size-thumbnail wp-image-50455\" src=\"https:\/\/www.freiburg-schwarzwald.de\/blog\/wp-content\/uploads\/2012\/07\/kartaus11werkstatt140827-180x144.jpg\" alt=\"kartaus11werkstatt140827\" width=\"180\" height=\"144\" srcset=\"https:\/\/www.freiburg-schwarzwald.de\/blog\/wp-content\/uploads\/2012\/07\/kartaus11werkstatt140827-180x144.jpg 180w, https:\/\/www.freiburg-schwarzwald.de\/blog\/wp-content\/uploads\/2012\/07\/kartaus11werkstatt140827.jpg 638w\" sizes=\"auto, (max-width: 180px) 100vw, 180px\" \/><\/a>\u00a0\u00a0\u00a0\u00a0\u00a0\u00a0\u00a0\u00a0\u00a0<a href=\"https:\/\/www.freiburg-schwarzwald.de\/blog\/natur\/garten\/kartaus\/kartaus12werkstatt-kueche140827\/\" rel=\"attachment wp-att-50456\"><img loading=\"lazy\" decoding=\"async\" class=\"alignnone size-thumbnail wp-image-50456\" src=\"https:\/\/www.freiburg-schwarzwald.de\/blog\/wp-content\/uploads\/2012\/07\/kartaus12werkstatt-kueche140827-180x135.jpg\" alt=\"kartaus12werkstatt-kueche140827\" width=\"180\" height=\"135\" srcset=\"https:\/\/www.freiburg-schwarzwald.de\/blog\/wp-content\/uploads\/2012\/07\/kartaus12werkstatt-kueche140827-180x135.jpg 180w, https:\/\/www.freiburg-schwarzwald.de\/blog\/wp-content\/uploads\/2012\/07\/kartaus12werkstatt-kueche140827.jpg 640w\" sizes=\"auto, (max-width: 180px) 100vw, 180px\" \/><\/a>\u00a0 \u00a0 \u00a0 \u00a0 \u00a0<a href=\"https:\/\/www.freiburg-schwarzwald.de\/blog\/natur\/garten\/kartaus\/kartaus1meierhof150626\/\" rel=\"attachment wp-att-55190\"><img loading=\"lazy\" decoding=\"async\" class=\"alignnone size-thumbnail wp-image-55190\" src=\"https:\/\/www.freiburg-schwarzwald.de\/blog\/wp-content\/uploads\/2012\/07\/kartaus1meierhof150626-180x135.jpg\" alt=\"kartaus1meierhof150626\" width=\"180\" height=\"135\" srcset=\"https:\/\/www.freiburg-schwarzwald.de\/blog\/wp-content\/uploads\/2012\/07\/kartaus1meierhof150626-180x135.jpg 180w, https:\/\/www.freiburg-schwarzwald.de\/blog\/wp-content\/uploads\/2012\/07\/kartaus1meierhof150626.jpg 640w\" sizes=\"auto, (max-width: 180px) 100vw, 180px\" \/><\/a><br \/>\n(16) Im Wasserschl\u00f6ssle \u00a0am 3.8.2014\u00a0 \u00a0 \u00a0 \u00a0 \u00a0 \u00a0 \u00a0 \u00a0 \u00a0 \u00a0 \u00a0 \u00a0 \u00a0 \u00a0 \u00a0 \u00a0 \u00a0 \u00a0 \u00a0 \u00a0 \u00a0 \u00a0 \u00a0 \u00a0 \u00a0 \u00a0 \u00a0 \u00a0 \u00a0 \u00a0 \u00a0 \u00a0 (18) \u00a0Meierhof am 26.6.2015<\/h5>\n<h5><a href=\"https:\/\/www.freiburg-schwarzwald.de\/blog\/natur\/garten\/kartaus\/kartaus2meierhof150626\/\" rel=\"attachment wp-att-55192\"><img loading=\"lazy\" decoding=\"async\" class=\"alignnone size-thumbnail wp-image-55192\" src=\"https:\/\/www.freiburg-schwarzwald.de\/blog\/wp-content\/uploads\/2012\/07\/kartaus2meierhof150626-180x135.jpg\" alt=\"kartaus2meierhof150626\" width=\"180\" height=\"135\" srcset=\"https:\/\/www.freiburg-schwarzwald.de\/blog\/wp-content\/uploads\/2012\/07\/kartaus2meierhof150626-180x135.jpg 180w, https:\/\/www.freiburg-schwarzwald.de\/blog\/wp-content\/uploads\/2012\/07\/kartaus2meierhof150626.jpg 640w\" sizes=\"auto, (max-width: 180px) 100vw, 180px\" \/><\/a>\u00a0 \u00a0 \u00a0 \u00a0 \u00a0\u00a0<a href=\"https:\/\/www.freiburg-schwarzwald.de\/blog\/natur\/garten\/kartaus\/kartaus3lehrer-wuerfel150626\/\" rel=\"attachment wp-att-55193\"><img loading=\"lazy\" decoding=\"async\" class=\"alignnone size-thumbnail wp-image-55193\" src=\"https:\/\/www.freiburg-schwarzwald.de\/blog\/wp-content\/uploads\/2012\/07\/kartaus3lehrer-wuerfel150626-180x135.jpg\" alt=\"kartaus3lehrer-wuerfel150626\" width=\"180\" height=\"135\" srcset=\"https:\/\/www.freiburg-schwarzwald.de\/blog\/wp-content\/uploads\/2012\/07\/kartaus3lehrer-wuerfel150626-180x135.jpg 180w, https:\/\/www.freiburg-schwarzwald.de\/blog\/wp-content\/uploads\/2012\/07\/kartaus3lehrer-wuerfel150626.jpg 640w\" sizes=\"auto, (max-width: 180px) 100vw, 180px\" \/><\/a>\u00a0 \u00a0 \u00a0 \u00a0 \u00a0\u00a0<a href=\"https:\/\/www.freiburg-schwarzwald.de\/blog\/natur\/garten\/kartaus\/kartaus4lehrer-wuerfel150626\/\" rel=\"attachment wp-att-55194\"><img loading=\"lazy\" decoding=\"async\" class=\"alignnone size-thumbnail wp-image-55194\" src=\"https:\/\/www.freiburg-schwarzwald.de\/blog\/wp-content\/uploads\/2012\/07\/kartaus4lehrer-wuerfel150626-180x135.jpg\" alt=\"kartaus4lehrer-wuerfel150626\" width=\"180\" height=\"135\" srcset=\"https:\/\/www.freiburg-schwarzwald.de\/blog\/wp-content\/uploads\/2012\/07\/kartaus4lehrer-wuerfel150626-180x135.jpg 180w, https:\/\/www.freiburg-schwarzwald.de\/blog\/wp-content\/uploads\/2012\/07\/kartaus4lehrer-wuerfel150626.jpg 640w\" sizes=\"auto, (max-width: 180px) 100vw, 180px\" \/><\/a><br \/>\n(19) Meierhof Osten 26.6.2015\u00a0 \u00a0 \u00a0 \u00a0 \u00a0 \u00a0 \u00a0 \u00a0 \u00a0 \u00a0 \u00a0 (20) Blick\u00a0 zu den W\u00fcrfeln\u00a0 \u00a0 \u00a0 \u00a0 \u00a0 \u00a0 \u00a0 \u00a0 \u00a0 \u00a0 (21) Blick \u00fcber die W\u00fcrfel<\/h5>\n<h5><a href=\"https:\/\/www.freiburg-schwarzwald.de\/blog\/natur\/garten\/kartaus\/kartaus5mensa150626\/\" rel=\"attachment wp-att-55196\"><img loading=\"lazy\" decoding=\"async\" class=\"alignnone size-thumbnail wp-image-55196\" src=\"https:\/\/www.freiburg-schwarzwald.de\/blog\/wp-content\/uploads\/2012\/07\/kartaus5mensa150626-180x135.jpg\" alt=\"kartaus5mensa150626\" width=\"180\" height=\"135\" srcset=\"https:\/\/www.freiburg-schwarzwald.de\/blog\/wp-content\/uploads\/2012\/07\/kartaus5mensa150626-180x135.jpg 180w, https:\/\/www.freiburg-schwarzwald.de\/blog\/wp-content\/uploads\/2012\/07\/kartaus5mensa150626.jpg 640w\" sizes=\"auto, (max-width: 180px) 100vw, 180px\" \/><\/a>\u00a0 \u00a0 \u00a0 \u00a0 \u00a0\u00a0<a href=\"https:\/\/www.freiburg-schwarzwald.de\/blog\/natur\/garten\/kartaus\/kartaus6mensa150626\/\" rel=\"attachment wp-att-55197\"><img loading=\"lazy\" decoding=\"async\" class=\"alignnone size-thumbnail wp-image-55197\" src=\"https:\/\/www.freiburg-schwarzwald.de\/blog\/wp-content\/uploads\/2012\/07\/kartaus6mensa150626-180x135.jpg\" alt=\"kartaus6mensa150626\" width=\"180\" height=\"135\" srcset=\"https:\/\/www.freiburg-schwarzwald.de\/blog\/wp-content\/uploads\/2012\/07\/kartaus6mensa150626-180x135.jpg 180w, https:\/\/www.freiburg-schwarzwald.de\/blog\/wp-content\/uploads\/2012\/07\/kartaus6mensa150626.jpg 640w\" sizes=\"auto, (max-width: 180px) 100vw, 180px\" \/><\/a>\u00a0 \u00a0 \u00a0 \u00a0 \u00a0\u00a0<a href=\"https:\/\/www.freiburg-schwarzwald.de\/blog\/natur\/garten\/kartaus\/kartaus7garten150626\/\" rel=\"attachment wp-att-55198\"><img loading=\"lazy\" decoding=\"async\" class=\"alignnone size-thumbnail wp-image-55198\" src=\"https:\/\/www.freiburg-schwarzwald.de\/blog\/wp-content\/uploads\/2012\/07\/kartaus7garten150626-180x135.jpg\" alt=\"kartaus7garten150626\" width=\"180\" height=\"135\" srcset=\"https:\/\/www.freiburg-schwarzwald.de\/blog\/wp-content\/uploads\/2012\/07\/kartaus7garten150626-180x135.jpg 180w, https:\/\/www.freiburg-schwarzwald.de\/blog\/wp-content\/uploads\/2012\/07\/kartaus7garten150626.jpg 640w\" sizes=\"auto, (max-width: 180px) 100vw, 180px\" \/><\/a><br \/>\n(22) Blick Mensa 26.6.2015\u00a0 \u00a0 \u00a0 \u00a0 \u00a0 \u00a0 \u00a0 \u00a0 \u00a0(23) Blick ostw\u00e4rts Mensa\u00a0 \u00a0 \u00a0 \u00a0 \u00a0 \u00a0 \u00a0 \u00a0 \u00a0 (24) Blick s\u00fcdw\u00e4rts Klostergarten<\/h5>\n<h5><a href=\"https:\/\/www.freiburg-schwarzwald.de\/blog\/natur\/garten\/kartaus\/kartaus-bauernhof151021\/\" rel=\"attachment wp-att-57003\"><img loading=\"lazy\" decoding=\"async\" class=\"alignnone size-thumbnail wp-image-57003\" src=\"https:\/\/www.freiburg-schwarzwald.de\/blog\/wp-content\/uploads\/2012\/07\/kartaus-bauernhof151021-180x135.jpg\" alt=\"kartaus-bauernhof151021\" width=\"180\" height=\"135\" srcset=\"https:\/\/www.freiburg-schwarzwald.de\/blog\/wp-content\/uploads\/2012\/07\/kartaus-bauernhof151021-180x135.jpg 180w, https:\/\/www.freiburg-schwarzwald.de\/blog\/wp-content\/uploads\/2012\/07\/kartaus-bauernhof151021.jpg 640w\" sizes=\"auto, (max-width: 180px) 100vw, 180px\" \/><\/a>\u00a0 \u00a0 \u00a0 \u00a0 \u00a0\u00a0<a href=\"https:\/\/www.freiburg-schwarzwald.de\/blog\/bildung\/schulen\/uwc-freiburg\/kartaus160226\/\" rel=\"attachment wp-att-59766\"><img loading=\"lazy\" decoding=\"async\" class=\"alignnone size-thumbnail wp-image-59766\" src=\"https:\/\/www.freiburg-schwarzwald.de\/blog\/wp-content\/uploads\/2012\/04\/kartaus160226-180x135.jpg\" alt=\"kartaus160226\" width=\"180\" height=\"135\" srcset=\"https:\/\/www.freiburg-schwarzwald.de\/blog\/wp-content\/uploads\/2012\/04\/kartaus160226-180x135.jpg 180w, https:\/\/www.freiburg-schwarzwald.de\/blog\/wp-content\/uploads\/2012\/04\/kartaus160226.jpg 640w\" sizes=\"auto, (max-width: 180px) 100vw, 180px\" \/><\/a>\u00a0 \u00a0 \u00a0 \u00a0 \u00a0\u00a0<a href=\"https:\/\/www.freiburg-schwarzwald.de\/blog\/natur\/garten\/kartaus\/kartaus-fruehling160419\/\" rel=\"attachment wp-att-60571\"><img loading=\"lazy\" decoding=\"async\" class=\"alignnone size-thumbnail wp-image-60571\" src=\"https:\/\/www.freiburg-schwarzwald.de\/blog\/wp-content\/uploads\/2012\/07\/kartaus-fruehling160419-180x135.jpg\" alt=\"kartaus-fruehling160419\" width=\"180\" height=\"135\" srcset=\"https:\/\/www.freiburg-schwarzwald.de\/blog\/wp-content\/uploads\/2012\/07\/kartaus-fruehling160419-180x135.jpg 180w, https:\/\/www.freiburg-schwarzwald.de\/blog\/wp-content\/uploads\/2012\/07\/kartaus-fruehling160419.jpg 640w\" sizes=\"auto, (max-width: 180px) 100vw, 180px\" \/><\/a><br \/>\n(25) Kartaus Meierhof 21.10.2015\u00a0 \u00a0 \u00a0 \u00a0 \u00a0 \u00a0 \u00a0 \u00a0 \u00a0 (26) Kartaus 26.2.2016\u00a0 \u00a0 \u00a0 \u00a0 \u00a0 \u00a0 \u00a0 \u00a0 \u00a0 \u00a0 (27) Fr\u00fchling Kartaus 17.4.16<\/h5>\n<h5><a href=\"https:\/\/www.freiburg-schwarzwald.de\/blog\/wp-content\/uploads\/2020\/12\/kartaus-klostergarten20201219.jpg\"><img loading=\"lazy\" decoding=\"async\" class=\"alignnone size-thumbnail wp-image-85939\" src=\"https:\/\/www.freiburg-schwarzwald.de\/blog\/wp-content\/uploads\/2020\/12\/kartaus-klostergarten20201219-180x135.jpg\" alt=\"\" width=\"180\" height=\"135\" srcset=\"https:\/\/www.freiburg-schwarzwald.de\/blog\/wp-content\/uploads\/2020\/12\/kartaus-klostergarten20201219-180x135.jpg 180w, https:\/\/www.freiburg-schwarzwald.de\/blog\/wp-content\/uploads\/2020\/12\/kartaus-klostergarten20201219-640x480.jpg 640w, https:\/\/www.freiburg-schwarzwald.de\/blog\/wp-content\/uploads\/2020\/12\/kartaus-klostergarten20201219.jpg 700w\" sizes=\"auto, (max-width: 180px) 100vw, 180px\" \/><\/a>\u00a0 \u00a0 \u00a0 \u00a0 b<br \/>\n(28) Klostergarten 19.12.2020<\/h5>\n<p>&nbsp;<\/p>\n<p>(1) Taglilien<br \/>\n(2) Kartausgarten am 11.7.2012 &#8211; Disteln<br \/>\n(3) Kartausgarten am 11.7.2012 &#8211; Disteln &#8211; Blick nach Osten zum Dreisamtal-Gewitter<br \/>\n(5) Blick \u00fcber die Dreisam zur Kartaus am 13.7.2012<br \/>\n(6) Kartaus 22.9.2012 &#8211; die \u00c4pfel sind reif<br \/>\n(7) Kartaus 22.9.2012 &#8211; Blick nach Osten am Fischteich im Klostergarten<br \/>\n(8) Blick nach S\u00fcden am 22.9.2012 &#8211; Fische im Klostergarten<br \/>\n(18) &#8211; (24) Impressionen von der Kartaus, nachdem die Bauarbeiten nun abgeschlossen sind: Der <a title=\"Kartaus Meierhof \u2013 Abriss Erhalt\" href=\"https:\/\/www.freiburg-schwarzwald.de\/blog\/kartaus-meierhof-abriss-erhalt\/\">Meierhof soll abgerissen<\/a> werden (eine unvorstellbare Fehlentscheidung). Die W\u00fcrfel (alias Bergdorf im Tessin, alias Betonkl\u00f6tze) bleiben ein Fremdk\u00f6rper. Die Mensa ist von Gr\u00fcn umgeben. Und im alten <a title=\"Kartaus-Baustelle\" href=\"https:\/\/www.freiburg-schwarzwald.de\/blog\/bildung\/schulen\/uwc-freiburg\/kartaus-baustelle\/\">Klostergarten<\/a> bl\u00fchen die Lilien und werden die ersten Klar\u00e4pfel so ganz langsam reif.<\/p>\n<p>&nbsp;<\/p>\n<p>.<br \/>\n<strong>Bodo Kaiser: Film \u00fcber Kartaus &#8211; United World College UWC\u00a0<\/strong><br \/>\n<strong>Ein Film der Freiburger <a href=\"https:\/\/www.freiburg-schwarzwald.de\/blog\/kultur\/medien\/film\/\">Filmemachers<\/a>\u00a0 <a href=\"https:\/\/www.freiburg-schwarzwald.de\/blog\/corona-welten-von-bodo-kaiser\/\">Bodo Kaiser<\/a><br \/>\n<\/strong><br \/>\nDort, wo vor mehr als 100 Jahren der Pfarrer und Schriftsteller Heinrich Hansjakob in der Zur\u00fcckgezogenheit des Klosters die meisten seiner mehr als 70 volks- und landeskundlichen B\u00fccher \u00fcber die Region am Oberrhein verfasste, herrscht heute reges Leben: Vor genau f\u00fcnf Jahren, am 23. September 2014 wurde hier das United World College der Robert-Bosch-Stiftung er\u00f6ffnet; seither leben und lernen hier 200 Jugendliche aus der ganzen Welt zusammen.<br \/>\nZwischen 16 und 19 Jahre alt sind die jungen Menschen, die nicht nur aus aller Welt, sondern auch aus allen sozialen Schichten stammen. Und die in dieser in Deutschland bisher einzigen und in ihrer Art einmaligen Oberstufenschule in zwei Jahren eine weltweit anerkannte Hochschulberechtigung erlangen. Wobei es den Schultr\u00e4gern, den P\u00e4dagogen und der Schulleitung nicht nur darum geht: Das auf den Prinzipien von Kurt Hahn basierende Bildungskonzept vereint internationale Verst\u00e4ndigung, soziales Engagement und innovative Unterrichtsformen, die \u00fcber das Klassenzimmer hinausgehen.<br \/>\nVoraussetzung f\u00fcr die Aufnahme ist lediglich Eignung und Begabung; Jugendlichen aus prek\u00e4ren Verh\u00e4ltnissen steht die Schule durch ein umfassendes Stipendienprogramm der Stiftung ebenso offen wie Kindern wohlhabender Familien: 70 Prozent der derzeitigen Sch\u00fcler sind Stipendiaten. Durch das Zusammenleben mit Menschen aus vielen Kulturen und unterschiedlichen Gesellschaftsschichten in einem von Toleranz gepr\u00e4gten Umfeld sollen die Sch\u00fcler auf eine globalisierte Welt vorbereitet und bef\u00e4higt werden, f\u00fcr deren Probleme L\u00f6sungen gemeinsam zu finden \u2013 auf der Grundlage von V\u00f6lkerverst\u00e4ndigung, Frieden, Gerechtigkeit, \u00d6kologie und Nachhaltigkeit.<br \/>\nDieses Konzept \u2013 und vor allem seine Umsetzung \u2013 hat den Freiburger Filmemacher Bodo Kaiser so sehr \u00fcberzeugt, dass er jetzt einen Film \u00fcber das im ehemaligen und inzwischen hochmodernisierten Kart\u00e4userkloster untergebrachten UWC einen Film gedreht hat. Darin kommen Sch\u00fclerinnen und Sch\u00fcler zu Wort \u2013 nicht nur in Interviews, sondern auch w\u00e4hrend ihrer vielf\u00e4ltigen au\u00dferunterrichtlichen T\u00e4tigkeiten wie etwa der Pflege des alten Klostergartens, dem von Eva-Maria Sch\u00fcle angelegten und gehegten Herzst\u00fcck der Anlage.<br \/>\nZu Wort kommen auch verschiedene Lehrerinnen und Lehrer sowie Schulleiter Laurence Nodder, der in der allgemeinen und verbindlichen Unterrichts- und Umgangssprache Englisch mit gro\u00dfer Begeisterung von den Eleven und der Einrichtung erz\u00e4hlt. Zu Wort kommt aber auch Historisches: Den zuweilen h\u00f6chst unterhaltsamen und sehr anschaulichen Sequenzen \u00fcber das Heute stellt Kaiser Aufnahmen gegen\u00fcber, in denen Joachim Scheck von \u201eVistatours\u201c vom Leben der M\u00f6nche und den Ver\u00e4nderungen erz\u00e4hlt, denen die Kartause im Laufe ihrer 700j\u00e4hrigen Geschichte unterworfen war.<br \/>\nDer Film gibt einen ausgezeichneten Einblick in diese Geschichte, dokumentiert und verkn\u00fcpft Vergangenheit und Gegenwart sehr sch\u00f6n miteinander \u2013 im Hinblick auf die Zukunft, die dieser ungew\u00f6hnliche Ort und seine derzeitigen Bewohner m\u00f6glicherweise vor sich haben. Etwa ein Jahr hat Bodo Kaiser daran gearbeitet. Dabei konnte er auf Aufnahmen zur\u00fcckgreifen, die er bereits w\u00e4hrend der langwierigen Umbauzeit machte \u2013 damals allerdings mit einer ganz anderen Idee: Er wollte kritisch dokumentieren, wie \u201edieser wunderbare Ort durch bauliche Ver\u00e4nderungen zerst\u00f6rt\u201c werde, wie Gro\u00dfbaubauprojekte durch ihre Erdbewegungen \u201edie Landschaft verschandeln\u201c. Heute findet er, dass sich letztlich alles gut zusammengef\u00fcgt hat \u2013 und dass das United World College \u201egenau das richtige Projekt f\u00fcr Freiburg ist\u201c.<br \/>\n14.6.2024<\/p>\n<p>&nbsp;<\/p>\n<p><strong>Kartaus Klostergarten: F\u00fchrung und Gartenrunde<\/strong><br \/>\n<strong>&#8222;Gr\u00fcne Freundinnen und gemeine Gew\u00e4chse&#8220;<\/strong><br \/>\nIm Garten menschelt es. Wild und frech geht\u2019s durcheinander und ist doch ruhig und sch\u00f6n. Die Seele tankt auf. Manchmal tut ein anderer Blick gut \u2013 mit dieser Brille gehen wir heute in den Garten. Gr\u00fcne Freundinnen und gemeine Gew\u00e4chse, Pflanzen zum Lieben und Durchatmen buhlen um Aufmerksamkeit: Es geht um bet\u00e4ubende Bl\u00e4tter und D\u00fcfte, die t\u00f6ten, um Dornen, die sch\u00fctzen und Bl\u00fcten zum Schlafen. Um erregende Aromen, Zapfen voll Hormone und Winde, die wehen. Wir runden die Gartenrunde ab mit Schmusebl\u00e4ttern, Wermutstropfen und einer sanften T\u00e4ndelei. Alles im Gr\u00fcnen Bereich!?<br \/>\nReferentin: Ursel B\u00fchring unterst\u00fctzt von Eva-Maria Sch\u00fcle<br \/>\n8.8.2023, 16 &#8211; 18.30 Uhr<br \/>\nAnmeldung: klostergarten@uwcrobertboschcollege.de<br \/>\n<a href=\"http:\/\/www.uwcrobertboschcollege.de\">http:\/\/www.uwcrobertboschcollege.de<\/a><br \/>\n<a href=\"https:\/\/gartenwelten-dreisamtal.de\/veranstaltungen\/gruene-freundinnen-gemeine-gewaechse\/\">https:\/\/gartenwelten-dreisamtal.de\/veranstaltungen\/gruene-freundinnen-gemeine-gewaechse\/<\/a><\/p>\n<p>&nbsp;<\/p>\n<p><strong>Kartaus-Klostergarten: Eva Sch\u00fcle mit UWC-Sch\u00fclern im WDR<\/strong><br \/>\n<strong>Gemeinschaftsgarten mit internationalem Flair<\/strong><br \/>\nIn Freiburg im Breisgau werden die Hobbyg\u00e4rtnerinnen und G\u00e4rtner von Eva Sch\u00fcle in einem ganz besonderen Garten empfangen: einem ehemaligen Nutzgarten der Kart\u00e4userm\u00f6nche. Dieser Garten ist \u201eihre Erde\u201c, ihre Heimat.<br \/>\n<a href=\"https:\/\/www.freiburg-schwarzwald.de\/littenweiler\/kartausgarten.htm\">https:\/\/www.freiburg-schwarzwald.de\/littenweiler\/kartausgarten.htm<\/a><\/p>\n<p>2014 wurde das gesamte ehemalige Klosterareal an das <a href=\"https:\/\/www.freiburg-schwarzwald.de\/blog\/bildung\/schulen\/uwc-freiburg\/\">UWC Robert Bosch College<\/a> verpachtet. Heute leben hier (nach <a href=\"https:\/\/www.freiburg-schwarzwald.de\/blog\/bildung\/schulen\/uwc-freiburg\/kartaus-baustelle\/\">Umbau und Erweiterung<\/a>) Internatssch\u00fcler aus aller Welt zwischen 16 und 19 Jahre f\u00fcr zwei Jahre, um ihre Hochschulreife zu erwerben. Eva ist jetzt als Gartenp\u00e4dagogin \u00a0angestellt und g\u00e4rtnert nun in dem 2000 Quadratmeter gro\u00dfen Klostergarten mit der Unterst\u00fctzung der Sch\u00fcler und Sch\u00fclerinnen.<\/p>\n<p><a href=\"https:\/\/www.freiburg-schwarzwald.de\/blog\/wp-content\/uploads\/2021\/04\/kartaus-schuele-garten2020.jpg\"><img loading=\"lazy\" decoding=\"async\" class=\"alignnone size-thumbnail wp-image-90022\" src=\"https:\/\/www.freiburg-schwarzwald.de\/blog\/wp-content\/uploads\/2021\/04\/kartaus-schuele-garten2020-180x101.jpg\" alt=\"\" width=\"180\" height=\"101\" srcset=\"https:\/\/www.freiburg-schwarzwald.de\/blog\/wp-content\/uploads\/2021\/04\/kartaus-schuele-garten2020-180x101.jpg 180w, https:\/\/www.freiburg-schwarzwald.de\/blog\/wp-content\/uploads\/2021\/04\/kartaus-schuele-garten2020-640x360.jpg 640w, https:\/\/www.freiburg-schwarzwald.de\/blog\/wp-content\/uploads\/2021\/04\/kartaus-schuele-garten2020-768x432.jpg 768w, https:\/\/www.freiburg-schwarzwald.de\/blog\/wp-content\/uploads\/2021\/04\/kartaus-schuele-garten2020.jpg 800w\" sizes=\"auto, (max-width: 180px) 100vw, 180px\" \/><\/a>\u00a0 \u00a0 \u00a0 Eva Sch\u00fcle im Gew\u00e4chshaus 2020<\/p>\n<p>In dem historischen Gew\u00e4chshaus aus dem Jahr 1907 sind schon viele Pflanze gezogen worden. Denn keine einzige Pflanze im Garten wurde gekauft: Alle Pflanzen werden aus Samen selbst gezogen.<br \/>\n&#8230; Alles vom 8.2.2021 bitte lesen auf<br \/>\n<a href=\"https:\/\/www1.wdr.de\/fernsehen\/garten-und-lecker\/eva-schuele-102.html\">https:\/\/www1.wdr.de\/fernsehen\/garten-und-lecker\/eva-schuele-102.html<\/a><br \/>\n.<br \/>\n<strong>WDR-Video: &#8222;Bunte Gartenheimat&#8220; zum Finale in Freiburg<\/strong><br \/>\n<strong>15.03.2021 \u2219 Garten &amp; Lecker \u2219 WDR Fernsehen<\/strong><br \/>\nZum Finale der Gartenreise geht es nach Freiburg in den Schwarzwald. Dort bewirtschaftet Eva Sch\u00fcle einen 2000 Quadratmeter gro\u00dfen und 500 Jahre alten Klostergarten. Allerdings g\u00e4rtnert sie darin nicht alleine &#8211; rund 200 Sch\u00fclerinnen und Sch\u00fcler des UWC Robert Bosch College aus aller Welt helfen ihr dabei.<br \/>\n<a href=\"https:\/\/www.ardmediathek.de\/video\/garten-und-lecker\/bunte-gartenheimat-zum-finale-in-freiburg-s03-e04\/wdr-fernsehen\/Y3JpZDovL3dkci5kZS9CZWl0cmFnLTcyYTBiMTQwLTgwYjktNGQ5NS1iODgwLTFhZTI5MTljMTA1MA\/\">https:\/\/www.ardmediathek.de\/video\/garten-und-lecker\/bunte-gartenheimat-zum-finale-in-freiburg-s03-e04\/wdr-fernsehen\/Y3JpZDovL3dkci5kZS9CZWl0cmFnLTcyYTBiMTQwLTgwYjktNGQ5NS1iODgwLTFhZTI5MTljMTA1MA\/<\/a><\/p>\n<p>&nbsp;<\/p>\n","protected":false},"excerpt":{"rendered":"<p>Home &gt;Natur &gt;Garten&gt;Kartaus Bodo Kaiser: Film \u00fcber Kartaus &#8211; United World College UWC\u00a0 (14.6.2024) Kartaus Klostergarten: F\u00fchrung und Gartenrunde (8.8.2023) Ottiliensee \u2013 neuer Naturbadesee an der Dreisam\u00a0(18.4.2022) Meierhof der Kartaus: Restaurierung durch Willi Sutter -Film\u00a0 (24.3.2021) Kartaus-Klostergarten: Eva Sch\u00fcle mit &hellip; <a href=\"https:\/\/www.freiburg-schwarzwald.de\/blog\/natur\/garten\/kartaus\/\">Weiterlesen <span class=\"meta-nav\">&rarr;<\/span><\/a><\/p>\n","protected":false},"author":2,"featured_media":0,"parent":1660,"menu_order":0,"comment_status":"closed","ping_status":"closed","template":"","meta":{"footnotes":""},"class_list":["post-6871","page","type-page","status-publish","hentry"],"_links":{"self":[{"href":"https:\/\/www.freiburg-schwarzwald.de\/blog\/wp-json\/wp\/v2\/pages\/6871","targetHints":{"allow":["GET"]}}],"collection":[{"href":"https:\/\/www.freiburg-schwarzwald.de\/blog\/wp-json\/wp\/v2\/pages"}],"about":[{"href":"https:\/\/www.freiburg-schwarzwald.de\/blog\/wp-json\/wp\/v2\/types\/page"}],"author":[{"embeddable":true,"href":"https:\/\/www.freiburg-schwarzwald.de\/blog\/wp-json\/wp\/v2\/users\/2"}],"replies":[{"embeddable":true,"href":"https:\/\/www.freiburg-schwarzwald.de\/blog\/wp-json\/wp\/v2\/comments?post=6871"}],"version-history":[{"count":5,"href":"https:\/\/www.freiburg-schwarzwald.de\/blog\/wp-json\/wp\/v2\/pages\/6871\/revisions"}],"predecessor-version":[{"id":124361,"href":"https:\/\/www.freiburg-schwarzwald.de\/blog\/wp-json\/wp\/v2\/pages\/6871\/revisions\/124361"}],"up":[{"embeddable":true,"href":"https:\/\/www.freiburg-schwarzwald.de\/blog\/wp-json\/wp\/v2\/pages\/1660"}],"wp:attachment":[{"href":"https:\/\/www.freiburg-schwarzwald.de\/blog\/wp-json\/wp\/v2\/media?parent=6871"}],"curies":[{"name":"wp","href":"https:\/\/api.w.org\/{rel}","templated":true}]}}