{"id":68597,"date":"2018-11-01T11:01:51","date_gmt":"2018-11-01T10:01:51","guid":{"rendered":"https:\/\/www.freiburg-schwarzwald.de\/blog\/?page_id=68597"},"modified":"2026-07-04T09:39:43","modified_gmt":"2026-07-04T07:39:43","slug":"instrumentalisierung","status":"publish","type":"page","link":"https:\/\/www.freiburg-schwarzwald.de\/blog\/kultur\/medien\/instrumentalisierung\/","title":{"rendered":"Instrumentalisierung"},"content":{"rendered":"<p><a href=\"https:\/\/www.freiburg-schwarzwald.de\/blog\">Home<\/a>\u00a0&gt;<a title=\"Kultur\" href=\"https:\/\/www.freiburg-schwarzwald.de\/blog\/kultur\/\">Kultur<\/a>\u00a0&gt;<a title=\"Medien\" href=\"https:\/\/www.freiburg-schwarzwald.de\/blog\/kultur\/medien\/\">Medien<\/a>\u00a0&gt;<a title=\"Diskussionskultur\" href=\"https:\/\/www.freiburg-schwarzwald.de\/blog\/kultur\/medien\/diskussionskultur\/\">Diskussionskultur<\/a>\u00a0&gt;Instrumentalisierung<\/p>\n<div id=\"attachment_68515\" style=\"width: 650px\" class=\"wp-caption alignnone\"><a href=\"https:\/\/www.freiburg-schwarzwald.de\/blog\/regio\/verkehr\/rosskopftunnel\/belchen-herbst20181020\/\" rel=\"attachment wp-att-68515\"><img loading=\"lazy\" decoding=\"async\" aria-describedby=\"caption-attachment-68515\" class=\"size-full wp-image-68515\" src=\"https:\/\/www.freiburg-schwarzwald.de\/blog\/wp-content\/uploads\/2018\/10\/belchen-herbst20181020.jpg\" alt=\"Herbst am Belchen im Oktober 2018\" width=\"640\" height=\"295\" srcset=\"https:\/\/www.freiburg-schwarzwald.de\/blog\/wp-content\/uploads\/2018\/10\/belchen-herbst20181020.jpg 640w, https:\/\/www.freiburg-schwarzwald.de\/blog\/wp-content\/uploads\/2018\/10\/belchen-herbst20181020-180x82.jpg 180w\" sizes=\"auto, (max-width: 640px) 100vw, 640px\" \/><\/a><p id=\"caption-attachment-68515\" class=\"wp-caption-text\">Herbst am Belchen im Oktober 2018<\/p><\/div>\n<p>&nbsp;<\/p>\n<ul>\n<li><em>Listenauswahl eines Beitrags: Bitte <span style=\"text-decoration: underline;\">anklicken<\/span> oder runterscrollen<\/em><\/li>\n<li><a href=\"https:\/\/www.freiburg-schwarzwald.de\/blog\/global\/deutschland\/deutsche-geschichte\/\">Politische Instrumentalisierung von \u201eAlles f\u00fcr D\u2026\u201c<\/a> (3.7.2026)<\/li>\n<li><a href=\"https:\/\/www.freiburg-schwarzwald.de\/blog\/religion\/juden\/holocaust-instrumentalisieren\/\">Linksradikale wollen in Buchenwald gegen Israel demonstrieren<\/a>\u00a0(22.2.2026)<\/li>\n<li>Aschaffenburg: Wer Morde mit Demo-Selfies instrumentalisiert, hat keine Haltung (26.1.2025)<\/li>\n<li><a href=\"https:\/\/www.freiburg-schwarzwald.de\/blog\/engagement\/zukunft\/demokratie\/hanau19feb2020\/\">Das instrumentalisierte Gedenken: Bundeskanzler verschweigt 10. Opfer des Hanau-Attent\u00e4ters<\/a>\u00a0(19.2.2024)<\/li>\n<li><a href=\"https:\/\/www.freiburg-schwarzwald.de\/blog\/kultur\/medien\/diskussionskultur\/106921-2\/\">Generalverdacht-Vorwurf beleidigt die B\u00fcrger<\/a> (7.12.2022)<\/li>\n<li><a href=\"https:\/\/www.freiburg-schwarzwald.de\/blog\/natur\/klima\/ueberflutung\/\">Weder Korrelation noch Kausalit\u00e4t: Flut und Klima<\/a>\u00a0(21.7.2021)<\/li>\n<li><a href=\"https:\/\/www.freiburg-schwarzwald.de\/blog\/kultur\/medien\/propaganda\/\">Staatspropaganda bei Flut 2021: Private Helfer \u2013 \u201eKampf gegen Rechts\u201c<\/a>\u00a0(24.7.2021)<\/li>\n<li><a href=\"https:\/\/www.freiburg-schwarzwald.de\/blog\/hochwasser-durch-klimawandel\/\">Hochwasser durch Klimawandel?<\/a> (16.7.2021)<\/li>\n<li><a title=\"Hanau19Feb2020\" href=\"https:\/\/www.freiburg-schwarzwald.de\/blog\/engagement\/zukunft\/demokratie\/hanau19feb2020\/\">Fatih Alasalvaroglu \u2013 ein Deutscht\u00fcrke zu Hanau<\/a>\u00a0(26.2.2020)<\/li>\n<li><a title=\"Hanau: Jurist Psychiater Schuld\" href=\"https:\/\/www.freiburg-schwarzwald.de\/blog\/hanau-jurist-psychiater-schuld\/\">Hanau: Jurist Psychiater Schuld<\/a> (23.2.2020)<\/li>\n<li><a title=\"Holocaust-Education\" href=\"https:\/\/www.freiburg-schwarzwald.de\/blog\/bildung\/holocaust-education\/\">Instrumentalisierung eines Gro\u00dfverbrechens: Die Erinnerung an den Holocaust sollte historisch n\u00fcchterner erfolgen<\/a> (24.1.2020)<\/li>\n<li>Instrumentalisierungs-Hitliste der Linken: Frauen, Zuwanderer, Kinder, Tiere (12.1.2020)<\/li>\n<li><a title=\"Meine Oma f\u00e4hrt Motorrad\" href=\"https:\/\/www.freiburg-schwarzwald.de\/blog\/meine-oma-faehrt-motorrad\/\">Meine Oma f\u00e4hrt Motorrad<\/a> (28.12.2019)<\/li>\n<li><a title=\"Kinder-instrumentalisieren\" href=\"https:\/\/www.freiburg-schwarzwald.de\/blog\/selbsthilfe\/kinder\/kinder-instrumentalisieren\/\">Kinder im WDR: Meine Oma ist \u2018ne alte Umweltsau<\/a>\u00a0(28.12.2019)<\/li>\n<li><a title=\"Luebcke-Instrumentalisierung\" href=\"https:\/\/www.freiburg-schwarzwald.de\/blog\/engagement\/zukunft\/demokratie\/luebcke-instrumentalisierung\/\">Einzelfall L\u00fcbcke \u2013 Instumentalisieren<\/a> (23.6.2019)<\/li>\n<li><a href=\"https:\/\/www.freiburg-schwarzwald.de\/blog\/schulkinder-keine-angstmache\/\">https:\/\/www.freiburg-schwarzwald.de\/blog\/schulkinder-keine-angstmache\/<\/a>\u00a0(16.2.2019)<\/li>\n<li>Strasbourg:\u00a0<a href=\"https:\/\/www.freiburg-schwarzwald.de\/blog\/relativieren-instrumentalisieren\/\">https:\/\/www.freiburg-schwarzwald.de\/blog\/relativieren-instrumentalisieren\/<\/a>\u00a0(13.12.2018)<\/li>\n<li>Khashoggi: Instrumentalisieren gut bzw. erw\u00fcnscht, da von Gr\u00fcnlinks (3.12..2018)<\/li>\n<li>Die Instrumentalisierung der ermordeten Juden (22.11.2018)<\/li>\n<li>Zwischen echter Trauer und dem Vorwurf der Instrumentalisierung (20.11.2018)<\/li>\n<li>Afghane schneidet Rentner die Kehle durch &#8211; nicht instrumentalisieren (19.11.2018)<\/li>\n<li>Nach Gruppenvergewaltigung: Gebetsm\u00fchlenartig Instrumentalisierung (5.11.2018)<\/li>\n<li>Politische Instrumentalisierung als\u00a0Basis f\u00fcr Ver\u00e4nderungen(1.11.2018)<\/li>\n<li><\/li>\n<li><a title=\"Chemnitz-Messermord26-08-2018\" href=\"https:\/\/www.freiburg-schwarzwald.de\/blog\/engagement\/zukunft\/demokratie\/chemnitz-messermord26-08-2018\/\">Chemnitz-Messermord26-8-2018\u00a0<\/a><\/li>\n<li><a title=\"Dagegen\" href=\"https:\/\/www.freiburg-schwarzwald.de\/blog\/engagement\/dagegen\/\">Dagegen-Sein<\/a><\/li>\n<li><a title=\"Diffamierung\" href=\"https:\/\/www.freiburg-schwarzwald.de\/blog\/kultur\/medien\/diffamierung\/\">Diffamierung<\/a><\/li>\n<li><a title=\"Ehrlichkeit\" href=\"https:\/\/www.freiburg-schwarzwald.de\/blog\/engagement\/zukunft\/ehrlichkeit\/\">Ehrllchkeit<\/a><\/li>\n<li><a title=\"Einzelfall\" href=\"https:\/\/www.freiburg-schwarzwald.de\/blog\/selbsthilfe\/soziales\/justiz\/einzelfall\/\">Einzelfall<\/a><\/li>\n<li><a href=\"https:\/\/www.freiburg-schwarzwald.de\/blog\/kultur\/medien\/diskussionskultur\/106921-2\/\">Generalverdacht<\/a><\/li>\n<li><a title=\"Gesinnungsdiktatur\" href=\"https:\/\/www.freiburg-schwarzwald.de\/blog\/kultur\/medien\/gesinnungsdiktatur\/\">Gesinnungsdiktatur<\/a><\/li>\n<li><a title=\"Gesinnungsethik\" href=\"https:\/\/www.freiburg-schwarzwald.de\/blog\/engagement\/zukunft\/demokratie\/gesinnungsethik\/\">Gesinnungsethik<\/a><\/li>\n<li><a title=\"Gruppenvergewaltigung\" href=\"https:\/\/www.freiburg-schwarzwald.de\/blog\/selbsthilfe\/krise\/sexuellermissbrauch\/gruppenvergewaltigung\/\">Gruppenvergewaltigung<\/a><\/li>\n<li><a title=\"Gutmenschen\" href=\"https:\/\/www.freiburg-schwarzwald.de\/blog\/engagement\/gutmenschen\/\">Gutmenschen<\/a><\/li>\n<li><a href=\"https:\/\/www.freiburg-schwarzwald.de\/blog\/religion\/juden\/holocaust-instrumentalisieren\/\">Holocaust-Instrumentalisierung<\/a><\/li>\n<li><a title=\"Integration\" href=\"https:\/\/www.freiburg-schwarzwald.de\/blog\/global\/integration\/\">Integration<\/a><\/li>\n<li><a title=\"Journalismus\" href=\"https:\/\/www.freiburg-schwarzwald.de\/blog\/kultur\/medien\/journalismus\/\">Journalismus<\/a><\/li>\n<li><a title=\"Juden-instrumentalisieren\" href=\"https:\/\/www.freiburg-schwarzwald.de\/blog\/religion\/juden\/juden-instrumentalisieren\/\">Juden-instrumentalisieren<\/a><\/li>\n<li><a title=\"Kinder-instrumentalisieren\" href=\"https:\/\/www.freiburg-schwarzwald.de\/blog\/selbsthilfe\/kinder\/kinder-instrumentalisieren\/\">Kinder-instrumentalisieren<\/a><\/li>\n<li><a title=\"Kampf-gegen-Rechts\" href=\"https:\/\/www.freiburg-schwarzwald.de\/blog\/kultur\/medien\/kampf-gegen-rechts\/\">Kampf gegen rechts<\/a><\/li>\n<li><a title=\"Kommunikation\" href=\"https:\/\/www.freiburg-schwarzwald.de\/blog\/kultur\/internet\/kommunikation\/\">Kommunikation<\/a><\/li>\n<li><a title=\"Luebcke02Juni2019\" href=\"https:\/\/www.freiburg-schwarzwald.de\/blog\/engagement\/zukunft\/demokratie\/luebcke02juni2019\/\">Luebcke02juni2019<\/a><\/li>\n<li><a title=\"Mainstream\" href=\"https:\/\/www.freiburg-schwarzwald.de\/blog\/kultur\/medien\/mainstream\/\">Mainstream<\/a><\/li>\n<li><a title=\"Meinungsfreiheit\" href=\"https:\/\/www.freiburg-schwarzwald.de\/blog\/kultur\/medien\/meinungsfreiheit\/\">Meinungsfreiheit<\/a><\/li>\n<li><a title=\"Messerstecher\" href=\"https:\/\/www.freiburg-schwarzwald.de\/blog\/selbsthilfe\/soziales\/justiz\/messerstecher\/\">Messerstecher<\/a><\/li>\n<li><a title=\"Missverstehen\" href=\"https:\/\/www.freiburg-schwarzwald.de\/blog\/kultur\/medien\/missverstehen\/\">Missverstehen mit Absicht<\/a><\/li>\n<li><a title=\"Nazi\" href=\"https:\/\/www.freiburg-schwarzwald.de\/blog\/religion\/juden\/nazi\/\">Nazi<\/a><\/li>\n<li><a title=\"Political-Correctness\" href=\"https:\/\/www.freiburg-schwarzwald.de\/blog\/kultur\/medien\/political-correctness\/\">Political Correctness<\/a><\/li>\n<li><a title=\"Pressekodex\" href=\"https:\/\/www.freiburg-schwarzwald.de\/blog\/kultur\/medien\/pressekodex\/\">Pressekodex<\/a><\/li>\n<li><a title=\"Rassismus\" href=\"https:\/\/www.freiburg-schwarzwald.de\/blog\/engagement\/rassismus\/\">Rassismus<\/a><\/li>\n<li><a title=\"Respekt\" href=\"https:\/\/www.freiburg-schwarzwald.de\/blog\/engagement\/respekt\/\">Respekt und Toleranz<\/a><\/li>\n<li><a title=\"Vorverurteilung\" href=\"https:\/\/www.freiburg-schwarzwald.de\/blog\/kultur\/medien\/vorverurteilung\/\">Vorverurteilung<\/a><\/li>\n<li><a title=\"Zeitung\" href=\"https:\/\/www.freiburg-schwarzwald.de\/blog\/kultur\/medien\/zeitung\/\">Zeitung<\/a><\/li>\n<li><a title=\"Zensur\" href=\"https:\/\/www.freiburg-schwarzwald.de\/blog\/kultur\/medien\/zensur\/\">Zensur<\/a><\/li>\n<\/ul>\n<p><strong>Instrumentalisieren:\u00a0<\/strong><br \/>\nMenschen bzw. Ereignisse als Mittel zum Zweck gebrauchen<\/p>\n<p>==================================================<\/p>\n<p>.<\/p>\n<p><strong>Aschaffenburg: Wer Morde mit Demo-Selfies instrumentalisiert, hat keine Haltung<\/strong><br \/>\nKommentar<br \/>\nZwei Menschen sind tot, darunter ein Kind. Aber sich von <a href=\"https:\/\/www.freiburg-schwarzwald.de\/blog\/aschaffenburg-kind-erstochen\/\">Aschaffenburg<\/a> gleich die Stimmung vermiesen lassen? Mitnichten. Am Brandenburger Tor zeigen Spitzen-Gr\u00fcne, wie man trotzdem lacht.<br \/>\n&#8230;<br \/>\nVon der Demo am Brandenburger Tor gibt es viele Selfies. Unter anderem von Franziska Brantner. Darauf lacht die Gr\u00fcne-Parteichefin mit Katrin G\u00f6ring-Eckardt, Felix Banaszak, Lisa Paus und Michael Kellner, als h\u00e4tte Robert Habeck die absolute Mehrheit f\u00fcr die Gr\u00fcnen geholt. Im Hintergrund h\u00e4lt Luisa Neubauer ein Schild in die H\u00f6he, auf dem steht: \u201eSie haben Hass. Wir haben Haltung.\u201c<br \/>\nAber stimmt das \u00fcberhaupt? Ist es wirklich anst\u00e4ndig, sich angesichts eines Doppelmordes grinsend abzulichten? Geht es um die Haltung, wenig bis nichts an irregul\u00e4rer Migration \u00e4ndern zu wollen? Entschuldigung, aber diese Haltung ist doch einer der Gr\u00fcnde, die erst zu dieser Demonstration gef\u00fchrt haben. Was die Gr\u00fcnen wohl sagen wollen: Wir sind die Guten. Wir haben Recht. Seht her, mit uns sind die Massen. Mit euch Rechten ist doch nur die Witzfigur Elon Musk.<br \/>\n&#8230;<br \/>\nAls Armin Laschet nach der Flut lachte und der 20-Sekunden-Schnipsel durchs Land ging, war klar, es handelte sich um eine unbewusste Handlung. Das \u201eWir sind die Guten\u201c-Woodstock vom Brandenburger Tor war mit voller Absicht. Vielleicht erwarte ich zu viel: Gr\u00fcne m\u00fcssen beim Instrumentalisieren offenbar nicht immer bierernst sein, es geht doch auch fr\u00f6hlich &#8230; Hey, wir sind hier, weil ein kleiner Junge gestorben ist, lass nochmal schnell in die Kamera grinsen.<br \/>\n.. Alles vom 26.1.2025 von Daniel Cremer bitte lesen auf<br \/>\n<a href=\"https:\/\/www.berliner-zeitung.de\/politik-gesellschaft\/shitstorm-fuer-demo-selfie-froehlich-instrumentalisieren-mit-den-gruenen-kommentar-li.2291404\">https:\/\/www.berliner-zeitung.de\/politik-gesellschaft\/shitstorm-fuer-demo-selfie-froehlich-instrumentalisieren-mit-den-gruenen-kommentar-li.2291404<\/a><\/p>\n<p>&nbsp;<\/p>\n<p><strong>Instrumentalisierungs-Hitliste der Linken: Frauen, Zuwanderer, Kinder, Tiere<\/strong><br \/>\nEin anst\u00e4ndiger Mensch, also ein Mensch, der den Anspruch an sich stellt, anst\u00e4ndig zu sein, hat eine Maxime, die Immanuel Kant schon vor Jahrhunderten in seiner Metaphysik der Sitten formuliert hat: \u201eDie Menschheit selbst ist eine W\u00fcrde; denn der Mensch kann von keinem Menschen [\u2026] blo\u00df als Mittel, sondern muss jederzeit zugleich als Zweck gebraucht werden und darin besteht seine W\u00fcrde.\u201c Ob die Beschr\u00e4nkung des Instrumentalisierungsverbots auf Menschen noch zeitgem\u00e4\u00df ist, ist eine Frage, die an anderer Stelle diskutiert werden soll. Hier ist relevant, dass Kant es als mit der Menschenw\u00fcrde unvereinbar ansieht, Menschen nur als Mittel zu einem Zweck zu gebrauchen, sie nicht zugleich als Mittel und Zweck zu sehen.<br \/>\nDie Linke hat eine lange Geschichte darin, andere Menschen als Mittel zum Zweck zu gebrauchen. Grundlage dieses wiederkehrend faschistoiden Elements ist die \u00dcberzeugung von Linken, sie w\u00fcssten besser als andere, was f\u00fcr diese anderen gut sei, sie k\u00f6nnten, aufgrund ihrer linken Erleuchtung, \u00fcber die K\u00f6pfe von anderen hinweg entscheiden, was notwendig den Anderen zum Mittel reduziert, dem ein Zweck, an dem er freilich nicht beteiligt ist, versprochen wird.<br \/>\n&#8230; Alles von 12.1.2020 bitte lesen auf<br \/>\n<a href=\"https:\/\/sciencefiles.org\/2020\/01\/12\/frauen-zuwanderer-kinder-tiere-die-instrumentalisierungs-hitliste-der-linken\/\">https:\/\/sciencefiles.org\/2020\/01\/12\/frauen-zuwanderer-kinder-tiere-die-instrumentalisierungs-hitliste-der-linken\/<\/a><\/p>\n<p>.<\/p>\n<p>&nbsp;<\/p>\n<p><strong>Khashoggi: Instrumentalisieren gut bzw. erw\u00fcnscht, da von Gr\u00fcnlinks<\/strong><br \/>\n\u201cNicht instrumentalisieren\u201d sagen immer diejenigen, denen ein Ereignis oder ein Fakt gerade so gar nicht in den Kram passt. Offensichtlich gibt es neben diesem &#8222;schlechten&#8220; aber auch \u201cgutes\u201d Instrumentalisieren. Was ist gemeint? Vor einigen Wochen wurde der Saudi-arabische Journalist Jamal Khashoggi grausam ermordet, mit entsprechenden weltweiten Reaktionen. Nirgends zu lesen war etwa folgendes:<br \/>\n<em>&#8222;Wir d\u00fcrfen diesen Mord nicht instrumentalisieren, denn nicht alle Saudi-Araber sind M\u00f6rder. Die Kampagne dient nur dazu Vorurteile, Hass und Hetze gegen die K\u00f6nigsfamilie zu sch\u00fcren.<br \/>\nAuch d\u00fcrfen interessierte Kreise durch einen solchen Einzelfall nicht die M\u00f6glichkeit bekommen, bereits geschlossene R\u00fcstungsvertr\u00e4ge zu torpedieren.<br \/>\nWir m\u00fcssen statt dessen verst\u00e4rkt Ursachen m\u00e4nnlicher Gewalt bek\u00e4mpfen, und die gibt es \u00fcberall, nicht nur bei den Saudis.\u201d<\/em><br \/>\nSie finden das absurd? Genau! Und dennoch geh\u00f6rt es in \u00e4hnlicher Form zum t\u00e4glich \u00fcblichen linken Politikersprech &#8211; nur eben in anderen Zusammenh\u00e4ngen.<br \/>\n3.12.2018<br \/>\n.<\/p>\n<p><strong>Die Instrumentalisierung der ermordeten Juden<\/strong><br \/>\nIm Zentrum der zartf\u00fchligen Israelkritik, die auf offenen Judenhass bzw. Antizionismus immer mehr verzichtet, steht die Erinnerungspolitik, bzw. das, was sich mit ihr begr\u00fcnden und bewirken l\u00e4sst. Das Lernen aus der Geschichte ist heute die Vorleistung zur moralischen \u00dcberlegenheit in allen Fragen. Dass das verdinglichte Gedenkritual einer spontanen Erinnerung, die auf gegenw\u00e4rtiger Erfahrung beruht, inkommensurabel ist und nichts mit der Treue zu den in Auschwitz und anderswo Ermordeten zu tun hat, muss nicht eigens erw\u00e4hnt werden.<br \/>\nKeine \u00dcberraschung ist, dass die Generalsekret\u00e4rin der CDU, Annegret Kramp-Karrenbauer, die aus der Ermordung von Millionen einen Flei\u00dfwettbewerb macht, ihre politischen Anschauungen nicht aus der Lekt\u00fcre von Adorno und Jank\u00e9l\u00e9vitch gewonnen hat. <em><strong>\u00dcberraschend ist aber, dass diese immer gleichen Instrumentalisierungen der Ermordeten keinen mehr aufregen:<\/strong><\/em> \u201eWo wir aus dem Grauen der Vergangenheit lernen wollen, sprechen ihre Vertreter von einem \u201aDenkmal der Schande\u2018\u201c. (23)<br \/>\n.<br \/>\nKlassenbester im Kurs \u201eAuschwitz f\u00fcr gute Deutsche\u201c ist Heiko Maas, der laut Eigenwerbung wegen Auschwitz in die Politik gegangen ist und nicht zuf\u00e4llig so wirkt, als w\u00e4re er dem Film Die Feuerzangenbowle entsprungen. Tats\u00e4chlich inkarniert sich in Maas reiner als in jedem anderen Mitglied des Teams Merkel der deutscht\u00fcmelnde S\u00fcndenstolz eines Volks von sich zu Oberlehrern aufspreizenden refrakt\u00e4ren Primanern, denen das Belehren, Bekritteln und Ermahnen des zivilisierten Rests der Menschheit als Alibi dient, um die eigenen Zerst\u00f6rungsphantasien auszuleben.<br \/>\nW\u00e4hrend die Flucht franz\u00f6sischer Juden nach Israel anh\u00e4lt und l\u00e4ngst auch in Deutschland bekannt ist, dass der Gro\u00dfteil antisemitisch motivierter Angriffe auf Juden von Moslems begangen wird, erkl\u00e4ren Islamwissenschaftler, Soziologen und P\u00e4dagogen islamischen Antisemitismus zu einem antimuslimischen Ressentiment.<br \/>\n&#8230;. Alles von David Schneider vom 22.11.2018 bitte lesen auf <a href=\"https:\/\/www.achgut.com\/artikel\/juden_in_der_afd_kein_recht_auf_extreme_meinungen\">https:\/\/www.achgut.com\/artikel\/juden_in_der_afd_kein_recht_auf_extreme_meinungen<\/a><br \/>\nZuerst ver\u00f6ffentlicht auf<br \/>\n<a href=\"https:\/\/beta.redaktion-bahamas.org\/artikel\/2018\/80-kein-recht-auf-extreme-meinungen\/\">https:\/\/beta.redaktion-bahamas.org\/artikel\/2018\/80-kein-recht-auf-extreme-meinungen\/<\/a><br \/>\n<strong>Zwischen echter Trauer und dem Vorwurf der Instrumentalisierung<\/strong><br \/>\nEs scheint nur um eines zu gehen: Trauernde und Emp\u00f6rte zu diffamieren, sich dabei als &#8222;Gute&#8220; zu gerieren, denn um die Opfer geht es ihnen nicht.<br \/>\nDer bestialische Mord an dem 85j\u00e4hrigen Rentner in Wittenburg, Mecklenburg-Vorpommern (von einem Afghanen im Schlaf die Kehle durchgeschnitten) ist eine von vielen Taten der vergangenen Monate seit 2015, die einen betroffen und w\u00fctend zur\u00fccklassen. &#8230;<br \/>\nDie Mitte, das Ausgleichende, k\u00f6nnen weder Seibert, Maas noch Merkel. Vern\u00fcnftige Worte des Miteinanders, ein aufeinander zugehen: darauf wartet man vergebens. ,,,<br \/>\nDie Politik spricht den B\u00fcrgern in unmittelbarer N\u00e4he oder Nachbarschaft ab, f\u00fcr das Opfer \u00f6ffentlich zu trauern. Schon die Anteilnahme und Trauer gilt als Instrumentalisierung<br \/>\n&#8230; Alles vom 20.11.2018 von Giovanni Deriu bitte lesen auf<br \/>\n<a href=\"https:\/\/www.tichyseinblick.de\/meinungen\/zwischen-echter-betroffenheit-und-dem-vorwurf-der-instrumentalisierung\/\">https:\/\/www.tichyseinblick.de\/meinungen\/zwischen-echter-betroffenheit-und-dem-vorwurf-der-instrumentalisierung\/<\/a><\/p>\n<p>&nbsp;<\/p>\n<p><strong>Afghane schneidet Rentner die Kehle durch &#8211; nicht instrumentalisieren<\/strong><br \/>\nEin abgelehnter Asylbewerber (20) aus Afghanistan hat in Wittenburg\/MV einem Rentner (85) im Schlaf die <a title=\"Messerstecher\" href=\"https:\/\/www.freiburg-schwarzwald.de\/blog\/selbsthilfe\/soziales\/justiz\/messerstecher\/\">Kehle durchgeschnitten<\/a>, der bosnische Haushaltshelfer sah dies \u00fcber eine Babyphone-Kamera. Die in der Fl\u00fcchtlingshilfe des Opfers engagierte Tochter des Toten hatte den Afghanen als G\u00e4rtner und Pfleger f\u00fcr ihren Vater vermittelt. MV-Innenminister Lorenz Caffier (CDU) warnte, die Tat f\u00fcr politische Zwecke zu instrumentalisieren.<br \/>\n19.11.2018<\/p>\n<p><strong>Aufruf zur Besonnenheit<\/strong><br \/>\nIn Wittenburg (Mecklenburg-Vorpommern) hat ein abgelehnter, aber geduldeter Asylbewerber aus Afghanisten einem 85j\u00e4hrigen Deutschen die Kehle durchgeschnitten. Der zust\u00e4ndige Innenminister Lorenz Caffier (CDU) warnte nordisch k\u00fchl davor, &#8222;die Tat f\u00fcr politische Zwecke zu instrumentalisieren und sie daf\u00fcr zu missbrauchen, zu Hass und Gewalt aufzurufen&#8220;.<br \/>\nAuch ich rufe zur Besonnheit auf. Mag der subjektive Eindruck eine Zunahme von Messertaten suggerieren, so ist doch die Zahl der Todesopfer nach wie vor denkbar niedrig! &#8222;<a title=\"Chemnitz: Hetzjagd war L\u00fcge\" href=\"https:\/\/www.freiburg-schwarzwald.de\/blog\/chemnitz-hetzjagd-war-luege\/\">Feine Sahne Fischfilet<\/a>&#8220; ist bestimmt bereit, mit einem Konzert am Tatort ein Zeichen <a title=\"Kampf-gegen-Rechts\" href=\"https:\/\/www.freiburg-schwarzwald.de\/blog\/kultur\/medien\/kampf-gegen-rechts\/\">gegen &#8222;rechts&#8220;<\/a> zu setzen. &#8230;<br \/>\n19.11.2018, <a href=\"https:\/\/www.michael-klonovsky.de\/acta-diurna\">https:\/\/www.michael-klonovsky.de\/acta-diurna<\/a><\/p>\n<p><strong>Instrumentalisieren: Von links, aber nicht von rechts<\/strong><br \/>\nAber f\u00fcr links instrumentalisieren konnte man den <a title=\"Chemnitz-Messermord26-08-2018\" href=\"https:\/\/www.freiburg-schwarzwald.de\/blog\/engagement\/zukunft\/demokratie\/chemnitz-messermord26-08-2018\/\">Tod des 35-j\u00e4hrigen Chemnitzers <\/a>schon? Da gab es doch ein Konzert mit teilweise linksradikalen, wegen schwerer K\u00f6rperverletzung und Landfriedensbruches vorbestrafter, vom Verfassungsschutz beobachteter Bands, nicht wahr? Oder 7 dumme Jungs mit Luftgewehr, da wurde sofort der Untergang des Staates heraufbeschworen. Oder das gefakte &#8222;Hetzjagd&#8220;-Video, da waren sich Frau Merkel und Herr Seibert nicht zu schade, dieses ungepr\u00fcfte, von einer Antifa-Seite stammende Video zu instrumentalisieren. Merke: Es kommt darauf an, wer instrumentalisiert und zu welchem Zwecke es dient. &#8230;<br \/>\n20.11.2018, Heiko Stenderhoff, FO<br \/>\n.<br \/>\n<strong>Instrumentalisierungs-Warnung = Verh\u00f6hnung der Opfer<\/strong><br \/>\nWiederum begangen von einem abgelehnten Asylbewerber und vor Instrumentalisierung zu warnen, ist doch der Gipfel der Verh\u00f6hnung des Opfers. Wer solche Antworten auf solche Schwerverbrechen gibt, f\u00f6rdert die gesellschaftlich Spaltung und die St\u00e4rkung von radikalen Gruppierungen. Statt sich darum zu k\u00fcmmern, dass die 100.000ende von unberechtigt sich hier aufenthaltende Scheinasylanten und Straft\u00e4ter abgeschoben werden, werden deutsche Staatsb\u00fcrger, die sich immer mehr gegen diese Verbrechen wenden, als rechts oder ausl\u00e4nderfeindlich diskreditiert. Ich will mein Land vor 2015 wiederhaben. Sicher, gesetzeskonform und rechtsstaatlich. Wer das nicht verstehen will, wird von mir nicht mehr gew\u00e4hlt. Und ich muss mich an garnichts gew\u00f6hnen, auch nicht daran, dass diese Leute nun mal da sind.<br \/>\n20.11.2018, Holger Richter, FO<br \/>\n<strong>Fakten benennen ist keine Instrumentalisierung<\/strong><br \/>\nIst Abscheu vor Mord rechtsradikal? Fakten beim Namen nennen ist keine Instrumentalisierung. Wegschauen und Weglassen schon. Nachrichten sollten berichten wie es ist und nichts weglasssen, damit es so erscheint, wie es sein soll. Die W\u00fcrde der Opfer ist h\u00f6her zu achten als die der T\u00e4ter, denn ohne T\u00e4ter g\u00e4be es keine Opfer.<br \/>\n20.11.2018, Francis Wegner, FO<\/p>\n<p><strong>Instrumentalisierung beginnt schon fr\u00fcher<\/strong><br \/>\nWenn Nachrichten danach ausgesucht werden, um bestimmte Gruppen zu stigmatisieren &#8211; dann f\u00e4ngt die Instrumentalsierung schon an.<br \/>\n20.11.2018, Emil Walter, FO<\/p>\n<p><strong>Es ist doch Wesen von Politik, zu instrumentalisieren<\/strong><br \/>\nGewarnt werden sollte vor Verdummung! Nat\u00fcrlich wird in der Politik alles instrumentalisiert. Das ist das Wesen von Politik und bedeutet nichts anderes als das m\u00f6glichst Fakten die die eigene Position unterstreichen und belegen auch bekannt gemacht werden. Also auch die Warnung vor Instrumentalisierung durch die F\u00f6rderer der Masseneinwanderung. Wenn die Tatsachen jedoch offensichtlich sind und vor ihrer Kenntnisnahme gewarnt wird, wird faktenfrei instrumentalisiert. Diese Form wird regelm\u00e4\u00dfig von den Bef\u00fcrwortern der Masseneinwanderung genutzt, um von den eigenen Fehlern abzulenken. Das geschieht inzwischen schon in solch absurder Weise wie hier, aber auch Kandel, Freiburg, K\u00f6ln etc. Das macht die Menschen nur noch w\u00fctender! Mit Recht!<br \/>\n20.11.2018, Francois Leblanx, FO<\/p>\n<p>Ein hilfsbed\u00fcrfteiger alter Mensch wurde von einem hilfesuchenden, angeblich vor Folter und Mord geflohenen Mann get\u00f6tet. Eine besondere Trag\u00f6die ist es das die Tochter des Ermordeten, die ehrenamtlich f\u00fcr die in ihrer Heimat Afghanistan bedrohten Fl\u00fcchtlinge arbeitet, ihrem Vater den mutma\u00dflichen M\u00f6rder ins Haus schickte. Daran gibt es nichts zu besch\u00f6nigen.<br \/>\nDer M\u00f6rder ist nicht der B\u00f6se, nein das ist der rassistische, sexistische, nazistische, chauvenistische (hab ich was vegessen?) b\u00f6se Rechte, der einfach nicht kapieren will, da\u00df dies wieder mal mit nichts zu tun hat, ein Einzelfall.<\/p>\n<p><strong>Ignorieren der Tat als einzige M\u00f6glichkeit, nicht zu instrumentalisieren<\/strong><br \/>\nDie einzige M\u00f6glichkeit so eine Tat nicht zu instrumentalisieren ist Schweigen dar\u00fcber. Analog haben also nach 1945 die \u00fcberlebenden Juden und Israel den Holocaust instrumentalisiert indem sie nicht dar\u00fcber schwiegen.<br \/>\n20.11.2018, Axel56, JFO<br \/>\nDeutschland 2018: 85j\u00e4hrige Opas bekommen von ihren in der Fl\u00fcchtlingshilfe engagierten T\u00f6chtern bosnische Haushaltshelfer und afghanische Pflegekr\u00e4fte vermittelt, die dann sp\u00e4ter noch als G\u00e4rtner und Kehlendurchschneider t\u00e4tig werden. Was soll es da noch zu instrumentalisieren geben?<br \/>\nw20.11.2018, Sp\u00e4t, JFO<\/p>\n<p><strong>Der rechten Instrumentalisierung belangloser Einzelf\u00e4lle entgegentreten<\/strong><br \/>\nJa nun: Muslim schneidet deutschem Rentner die Kehle durch. Sowas ist doch inzwischen kaum noch eine Schlagzeile wert. Nur die populistischen rechten Rasssisten machen davon jedesmal noch ein gro\u00dfes Geschrei. Also das sollte wirklich mal unterbunden werden, das spaltet blo\u00df die Gesellschaft und st\u00f6rt die Willkomenskultur! \u00dcber den Mord in Chemnitz hat unsere Quali\u00e4tspresse vern\u00fcnftigerweise doch nach kurzer Erw\u00e4hnung auch einhellig geschwiegen und stattdessen wochenlang nur \u00fcber die viel wichtigeren v\u00f6lkisch motivierten Hetzjagden berichtet, die durch die Zivilcourage der vertrauensw\u00fcrdigen Widerstandsgruppe Antifa-Zeckenbi\u00df mit einem seri\u00f6sen Video aufgedeckt wurden. So ist es richtig in der zivilen Vielfaltsgesellschaft, so tritt man der rechten Instrumentalisierung weniger belangloser Einzelf\u00e4lle erfolgreich entgegen, die nichts mit garnichts zu tun haben!<br \/>\n20.11.2018, E.Eckstein ,JFO<\/p>\n<p>&nbsp;<\/p>\n<p>&nbsp;<\/p>\n<p>&nbsp;<\/p>\n<p><strong>Gruppenvergewaltigung in FR: Instrumentalisierung schlimmer als Tat<\/strong><br \/>\nNun wird wieder diskutiert. \u00dcber die Situation in Freiburg, wo erst vor zwei Jahren die junge Medizinstudentin Maria Ladenburger von dem afghanischen Asybewerber Hussein K. ermordet wurde. \u00dcber die politische Instrumentalisierung von Taten, die f\u00fcr nicht wenige B\u00fcrger und Politiker schlimmer zu sein scheint als die eigentliche Tat. \u00dcber Vorurteile, die angesichts der Tatsache, dass ausl\u00e4ndische B\u00fcrger in Freiburg f\u00fcr 50 Prozent aller Vergewaltigungen verantwortlich sind, l\u00e4ngst keine mehr sind.<br \/>\nFakt ist: Die Haftanstalten sind voll. In einigen von ihnen betr\u00e4gt der Ausl\u00e4nderanteil mittlerweile mehr als 70 Prozent. Justizvollzugsbeamte verstehen die H\u00e4ftlinge nicht mehr. Dort nimmt die Radikalismus der mehrheitlich muslimischen H\u00e4ftlinge meist erst richtig an Fahrt auf.<br \/>\nDie prall gef\u00fcllten Gef\u00e4ngnisse sorgen wiederum daf\u00fcr, dass immer mehr schwere Straftaten lediglich mit Bew\u00e4hrungsstrafen geahndet werden. Ja, vielleicht hatte man auch einfach keinen Platz f\u00fcr Majd H. (Vergewaltiger einer 18-J\u00e4hrigen in Freiburg neben einer Disko am 13.10.2019), der u.a. einen behinderten Mann im Freibad (Strandbad) mit einem Baseballschl\u00e4ger verpr\u00fcgelte. Was auch immer der Grund war: Dass solche Intensivt\u00e4ter auf freiem Fu\u00df sind, ist ein fatales Signal in Richtung Bev\u00f6lkerung. Nicht nur, dass es nicht vermittelbar ist, weshalb so jemand unbehelligt frei heruml\u00e4uft, es korrumpiert auch das Vertrauen in den Rechtsstaat und l\u00e4sst das eigene Sicherheitsempfinden ins Bodenlose absinken.<br \/>\n&#8230; Alles von Anabel Schunke vom 5.11.2018 bitte lesen auf<br \/>\n<a href=\"https:\/\/www.achgut.com\/artikel\/das_sicherheitsempfinden_sinkt_ins_bodenlose\">https:\/\/www.achgut.com\/artikel\/das_sicherheitsempfinden_sinkt_ins_bodenlose<\/a><br \/>\n.<br \/>\n<strong>Chemnitz 56% Migrantenanteil bei Sexualdelikten &#8211; wie Freiburg<\/strong><br \/>\nF\u00fcr Chemnitz gilt \u00c4hnliches wie f\u00fcr Freiburg. 2017 betrug der Ausl\u00e4nderanteil an den Tatverd\u00e4chtigen bei Sexualdelikten stolze 56% (PKS Landeskriminalamt Sachsen). Was das ARD-Morgenmagazin aus dieser Tatsache machte (bzw. nicht machte, denn es ignoriert sie vollst\u00e4ndig) kann man in der Sendung vom 1.11. 18 sehen. Kommentar und genauere Info dazu bei M. Klonovskys \u201cActa Diurna\u201d vom 5.11. &#8211; Des weiteren wundert mich eigentlich, wie weit der Niedergang des logischen Denkens in unserem sch\u00f6nen dekadenten neuen Deutschland schon vorangekommen ist.<br \/>\nMan unterstellt den <a title=\"3 Demonstrationen \u2013 0 Trauer\" href=\"https:\/\/www.freiburg-schwarzwald.de\/blog\/3-demonstrationen-0-trauer\/\">Demonstranten in Freiburg<\/a>, dass sie angeblich eine Vergewaltigung politisch instrumentalisierten. Wenn Menschen, die gegen eine Vergewaltigung demonstrieren, diese instrumentalisieren &#8211; instrumentalisieren Gr\u00fcne dann etwa nicht vergiftete Nahrung und die Weltklimaver\u00e4nderung? Denn politisch brauchen die Gr\u00fcnen diese Dinge doch so dringend wie die Luft zum Atmen (sorry, das geht ja kaum mehr &#8211; wegen Feinstaub).<br \/>\n5.11.2018, Anne Bl\u00e4ser, AO<\/p>\n<p>Der Massen-Irrtum Deutscher besteht (noch) darin, die Flut abd\u00e4mmen zu k\u00f6nnen. Die illegale Zuwanderer zu Integrierten zu machen. Dass der Staat dies \u00fcbernimmt, der hat das Monopol des \u201cMachers\u201d. Herrgott, was ist schon dabei, wenn der Nachbar undeutlich spricht und anders aussieht ? So denkt man hier und dort. D<br \/>\nDas Dumme daran ist, dass die meisten Nachbarn anders ticken. Wenn sie zur Macht geworden sind, bestimmen sie, wie wir zu leben haben. Das ist unvorstellbar ? Aber ja doch, jetzt noch !<br \/>\n5.11.2018, Anders Dairie, AO<\/p>\n<p>\u201cEine sozialistische Diktatur zeichnet sich dadurch aus, da\u00df man Kriminelle verschont und die Opposition mit aller H\u00e4rte verfolgt!\u201d Alexander Solschenizijn in \u2018Der Archipel Gulag\u2019<br \/>\n5.11.2018, Roland Jungnitsch, AO<\/p>\n<p><strong>Deutsche Medien gesteuert?<\/strong><br \/>\nEs gibt noch etwas, da\u00df Sie vielleicht noch nicht richtig erkannt haben und nur f\u00fcr jemand ersichtlich ist, der die deutschen Medien mit den Medien eines anderen Landes (z.B. England oder Italien) auf muttersprachlichem Niveau beobachten kann. Bei der Gegen\u00fcberstellung und Analyse der italienischen Medien (Tageszeitungen und Nachrichtensender sowie im Fernsehen wie auch im Netz) mit den deutschen Medien ist eindeutig zu erkennen, wie mit Stereotypen und Vorurteilen gearbeitet wird, um somit die Massen nach Belieben (tagespolitisch) zusteuern. Nach einiger Zeit \u00fcberkommt einem instinktiv das Gef\u00fchl, da\u00df es eine h\u00f6here Instanz geben mu\u00df, die diese gegens\u00e4tzlichen Szenarien b\u00fcndelt und in eine bestimmte Richtung lenkt. So sehe ich das.<br \/>\n5.11.2018, Adolf Murmelstein, AO<\/p>\n<p><strong>Kontrolle \u00fcber die Sicherheit in Deutschland verloren<\/strong>, was mich angesichts der weiter anhaltenden, hohen Grenz\u00fcberschreitung, junger M\u00e4nner w\u00fctend und fassungslos macht. In der \u00f6sterreichischen Presse bef\u00fcrchtet man einen bevorstehenden Durchbruch (mindestens 20.000 Migranten) an der Bosnisch-Kroatische Grenze. 95% dieser Migranten, die da durchbrechen wollen, seien junge, teils schon sehr aggressive M\u00e4nner. Bestehend aus Pakistanern, Iraner, Algerier und Marokkaner. Dem Klientel, was in DE f\u00fcr richtig \u00c4rger sorgt. In Spanien rei\u00dft die Zufuhr junger M\u00e4nner aus Afrika auch nicht ab. Deutschland und skandinavische L\u00e4nder als Zielort. Viele Zuwanderer h\u00e4tten Prepaid-Debitkarten des UNHCR und der Unicef. Und Merkel will den Migrationspakt unterschreiben, was die ganze Sache weiter befeuert. Was ist das f\u00fcr eine kranke Politik.<br \/>\n5.11.2018, Gabriele Bondzion, AO<\/p>\n<p>&nbsp;<\/p>\n<p><strong>Nach Gruppenvergewaltigung: Gebetsm\u00fchlenartig Instrumentalisierung<\/strong><br \/>\nUnd wieder eine <a title=\"3 Demonstrationen \u2013 0 Trauer\" href=\"https:\/\/www.freiburg-schwarzwald.de\/blog\/3-demonstrationen-0-trauer\/\">abscheuliche Tat<\/a>. Mir klingen noch die gebetsm\u00fchlenartig runtergeleierten Kommentare der Politiker in den Ohren, die von &#8222;einem erfreulichen R\u00fcckgang der Kriminalit\u00e4t&#8220; berichteten, die behaupteten: &#8222;Deutschland sei so sicher wie seit 25 Jahren nicht&#8220;. Und wieder \u00fcberbieten sich unsere Politiker mit Worth\u00fclsen wie &#8222;geschockt&#8220; und &#8222;fassungslos&#8220;, sie rufen nach Aufkl\u00e4rung, warnen vor Instrumentalisierung und rufen nach mehr Personal. Herr Strobl k\u00fcndigt sogar einfallsreich eine \u00dcberpr\u00fcfung der Sicherheitslage an. Vorsichtshalber wird dann, wie auch in der Vergangenheit, nachgeschoben, man d\u00fcrfe nat\u00fcrlich nicht verallgemeinern und absolute Sicherheit g\u00e4be es halt nicht.<br \/>\n.<br \/>\nAber: Hatten wir das nicht schon mehrmals? Die heutige Situation ist nun wirklich nicht mehr sch\u00f6n zu reden, auszusitzen oder gar zu rechtfertigen. Nein, unsere Politiker haben bisher Warnungen ignoriert und es gleichzeitig vers\u00e4umt, entsprechende Ma\u00dfnahmen zu treffen, um geordnete Verfahren durchf\u00fchren zu k\u00f6nnen.<br \/>\nAber ich finde, auch jene unter uns, die in bester Absicht und in gutem Glauben unterst\u00fctzen, sollten ihr Urteilsverm\u00f6gen nicht tr\u00fcben lassen. Lassen wir uns nicht zu Erf\u00fcllungsgehilfen von Politikern und Organisationen machen. Was alle angeht, k\u00f6nnen nur alle l\u00f6sen, hat D\u00fcrrenmatt einmal gesagt.<br \/>\n5.11.2018, Axel Becker, Schliengen<br \/>\n.<br \/>\n<strong>Rosarote Brille &#8211; gr\u00fcne M\u00fctze<\/strong><br \/>\nUnd \u2013 Freiburger \u2013 was wollt ihr tun, nach dieser Vergewaltigung einer jungen Frau durch Asylanten? Nichts. Sch\u00f6n die rosarote Brille putzen, die gr\u00fcne M\u00fctze zurechtr\u00fccken \u2013 und Unterschriften zur Unterst\u00fctzung traumatisierter Asylanten sammeln.<br \/>\n5.11.2018, J\u00fcrgen Woettke, Freiburg, BZO<\/p>\n<p>&nbsp;<\/p>\n<p><strong>Politische Instrumentalisierung als Basis f\u00fcr Ver\u00e4nderungen<\/strong><\/p>\n<p>Politische Instrumentalisierungen gab es immer schon, sie sind nichts\u00a0B\u00f6ses oder Unanst\u00e4ndiges. Es sind stets Taten, Geschehnisse oder \u201eVerwerfungen\u201c, die die Grundlage f\u00fcr Kritik und darauffolgende politische Ver\u00e4nderungen bilden. So wird Robespierre zu Beginn der Franz\u00f6sischen Revolution doch keine \u201epolitische Instrumentalisierung\u201c unterstellt, wenn er Hunger und Armut der Franzosen aufnimmt und politische Ver\u00e4nderungen fordert. Auch wird Luther kein Vorwurf gemacht, weil er den korrupten Abla\u00dfhandel der Katholiken instrumentalisiert f\u00fcr seine Thesen. Soll man den Gr\u00fcnen die \u201epolitische Instrumentalisierung\u201c der Rodung des Hambacher Forsts zum Vorwurf machen?<\/p>\n<p>Wenn die Partei X den zunehmenden Unmut der B\u00fcrger \u00fcber fehlenden Wohnraum aufgreift und ihn mit dem Slogan &#8222;20000 Wohnungen bauen in <a title=\"Dietenbach-Stadtteil\" href=\"https:\/\/www.freiburg-schwarzwald.de\/blog\/regio\/freiburg\/dietenbach-stadtteil\/\">Dietenbach<\/a>&#8220; instrumentalisiert f\u00fcr die eigenen politischen Zwecke, um gew\u00e4hlt zu werden, dann ist dies OK &#8211; ob die Partei X nun CDU, AfD, Linke, FDP oder SPD hei\u00dft.<br \/>\nWenn nun seit <a title=\"Budapest-Dublin2015\" href=\"https:\/\/www.freiburg-schwarzwald.de\/blog\/global\/eu\/budapest-dublin2015\/\">Budapest 9\/2015<\/a> bei den Themen Migration und Islam jedwede politische Instrumentalisierung kritisiert und abgelehnt wird, dann beinhaltet das nichts anderes als <a title=\"Diskussionskultur\" href=\"https:\/\/www.freiburg-schwarzwald.de\/blog\/kultur\/medien\/diskussionskultur\/\">Diskussionsverbot<\/a>, <a title=\"Zensur\" href=\"https:\/\/www.freiburg-schwarzwald.de\/blog\/kultur\/medien\/zensur\/\">Zensur<\/a> und undemokratische\u00a0\u00a0<a title=\"Nudging\" href=\"https:\/\/www.freiburg-schwarzwald.de\/blog\/engagement\/zukunft\/demokratie\/nudging\/\">Bevormundung<\/a>, um die Massenimmigration f\u00fcr unver\u00e4nderbar bzw. alternativlos im Sinne von &#8222;nun\u00a0sind sie eben da&#8220; hinzustellen<br \/>\n1.11.2018<\/p>\n<p>&nbsp;<\/p>\n<p><strong>Wird Freiburg instrumentalisiert? Ja, mit guten Gr\u00fcnden!<\/strong><br \/>\nJewede Diskussion \u00fcber die politischen Ursachen und eine Ver\u00e4nderung des Status Quo soll verhindert werden. Taten wie in Freiburg werden als Naturgewalt dargestellt, die in keinem Zusammenhang mit politischen Entscheidungen stehen. Wer dennoch f\u00fcr politische Ver\u00e4nderungen in diesen Fragen auf die Stra\u00dfe geht, ist Nazi und instrumentalisiert. Wer nicht instrumentalisiert, sind hingegen Leute, die Gruppenvergewaltigungen, Morde und Terroranschl\u00e4ge zum Anlass nehmen, um ihren Entwurf einer \u201ebunten\u201c und \u201eweltoffenen\u201c Gesellschaft immer und immer wieder unter die Menschen zu bringen.<br \/>\nNein, das ist mitnichten ein Aufstand anst\u00e4ndiger Demokraten. Es ist eine Kampfansage tolit\u00e4r denkender Anti-Demokraten, die die Deutungshoheit \u00fcber das beanspruchen, was diskutiert und politisch ver\u00e4ndert werden darf und was nicht.<br \/>\n&#8230; Alles von Anabel Schunke vom 31.10.2018 bitte lesen auf<br \/>\n<a href=\"https:\/\/www.achgut.com\/artikel\/wird_freiburg_instrumentalisiert_ja_mit_guten_gruenden\">https:\/\/www.achgut.com\/artikel\/wird_freiburg_instrumentalisiert_ja_mit_guten_gruenden<\/a><\/p>\n<p>Sie haben recht, Frau Schunke, alles unertr\u00e4glich, dumm und am deutschen Volk total vorbei. 7 syrische Migranten vergewaltigen eine Studentin in Freiburg, 6 afghanische Migranten eine 15-j\u00e4hrige in M\u00fcnchen. Es wird immer schrecklicher. Der Freiburger Michbubi-OB und seine Integrationsbeauftragte haben jeden Bezug zu den B\u00fcrgern und deren Realit\u00e4ten verloren. Die Menschen mit angeborenem welcome-syndrom schreien ihre abgedroschenen Parolen zwar immer noch durch die Gegend, aber ich bin zunehmend optimistisch. Weil mittlerweile zunehmend vom Volk wahrgenommen wird, da\u00df das ganze Fiasko seit 2015 von der Kanzlerin und ihren moralisch hochbegabten Parteimitgliedern zu vertreten ist. Kauder weg, Parteivorsitz von Merkel weg, 37% in Bayern, 27% in Hessen. Und der Herr Merz steht vor der T\u00fcr.<br \/>\n31.10.2018, Fritz Kolb, AO<\/p>\n<p>Sehr gut erkannt, dass der Vorwurf der politischen Instrumentalisierung verhindern soll, etwas \u00f6ffentlich als problematisch zu thematisieren. Es ist die gleiche Taktik wie beim Populismus-Vorwurf. Ein Begriff wie Populismus ist ja &#8211; wie der Begriff der politischen Instrumentalisierung &#8211; per se neutral und muss erst einmal mit ideologischem Inhalt gef\u00fcllt werden. Wenn neutrale Begriffe aber von vorneherein als ideologisch belastet gelten sollen, steckt dahinter nat\u00fcrlich der Versuch, alternative \u00c4u\u00dferungen und W\u00fcnsche von B\u00fcrgern moralisch zu diffamieren und so den Korridor des politisch Sagbaren einzuengen. Im Wettstreit Emotionen und Emp\u00f6rungspathos wider das Austauschen von Argumenten haben leider die Argumente derzeit das absolute Nachsehen.<br \/>\n31.10.2018, Frank Pressler, AO<\/p>\n<p>Es geht hier nicht nur um die \u201cKampfansage totalit\u00e4r denkender Anti-Demokraten,&#8230;\u201d. Dann w\u00e4re alles einfach. Nein, hier hat sich eine Massenpsychose sondergleichen in den K\u00f6pfen und Seelen von Selbsthassern eingeschrieben. Sich selbst und die Seinen nicht wertzusch\u00e4tzen, nicht f\u00fcr eigene Interessen, sondern f\u00fcr fremde auf die Stra\u00dfe zu gehen, ist individualpsychologisch in h\u00f6chstem Ma\u00dfe pathologisch. Die daraus resultierende Irrationalit\u00e4tssteigerung bedeutet ohne Zweifel einen libidin\u00f6sen Gewinn f\u00fcr die Gegendemonstranten. Etwas von der sadistischen Lust der Vergewaltiger lebt in deren beharrlichen F\u00fcrsprechern fort. Da helfen keine Appelle von au\u00dfen.<br \/>\n31.10.2018, Michael Hinz, AO<\/p>\n<p>Man soll, ja man muss sogar solche Verbrechen \u201cinstrumentalisieren\u201d. Den Mord an Khashoggi ebenso wie die \u00e4usserst grausame Vergewaltigung der jungen Frau. Denn wie sonst sollen solche Verbrechen denn beurteilt werden k\u00f6nnen? Regierungs-und Parteimitglieder sollten sich den bl\u00f6den Spruch; \u201cNur keine Pauschalisierenden, nur keine Instrumentalisierungen\u201d schleunigst abgew\u00f6hnen, ebenso wie die ewigen elenden Bevormundungsversuche von Intelligenten Mitb\u00fcrgern.<br \/>\n310.10.2018, Chris Hofer, AO<\/p>\n<p>\u201cNein, das ist mitnichten ein Aufstand anst\u00e4ndiger Demokraten. Es ist eine Kampfansage tolit\u00e4r denkender Anti-Demokraten, die die Deutungshoheit \u00fcber das beanspruchen, was diskutiert und politisch ver\u00e4ndert werden darf und was nicht.\u201d Dieser Satz geh\u00f6rt wirklich in Gold eingerahmt. Man kann gar nicht deutlich genug herausstellen, dass es gerade die linken Parteien, Gruppen und fast alle Medien sind, die in extremster Weise Ungl\u00fccke f\u00fcr ihre Zwecke instrumentalisieren. Das beste Beispiel haben Sie nicht erw\u00e4hnt: Den Holocaust. Dieser wird millionenfach schamlos instrumentalisiert um alle, die man \u201crechts\u201d verortet, zu bek\u00e4mpfen. Soll hei\u00dfen, wenn man den \u201cKampf gegen Rechts\u201d nicht unerm\u00fcdlich und intensiv fortf\u00fchrt, erwarten uns V\u00f6lkermord, Barbarei, Krieg usw\u2026<br \/>\n31.10.2018, Alexander Damaskinos, AO<\/p>\n<p>Die Gegendemonstrationen in Freiburg, Kandel, Chemnitz haben den alleinigen Zweck die systematischen Missst\u00e4nde zu leugnen, die zu diesen Anl\u00e4ssen f\u00fchrten, denn dann m\u00fcssten sie zugeben, dass die von ihnen unterst\u00fctzte \u201cFl\u00fcchtlings&#8220;politik einen grunds\u00e4tzlichen Systemfehler hat. &#8230;<br \/>\nIch kann Ihren Ausf\u00fchrungen ohne Einschr\u00e4nkung zustimmen. Die \u201cGr\u00fcnen\u201d instrumentalisieren eine Demo der AfD, um gegen deren Instrumentalisierung zu demonstrieren. Wer findet den Fehler? Und die Beispiele lie\u00dfen sich beliebig fortf\u00fchren. Sobald eine rechsextrem motivierte Starftat medial ausgeschlachtet wird, stehen die \u201cGr\u00fcnen\u201d an vorderster Front, um diese Straftat f\u00fcr ihre eigenen, politischen Motive zu instrumentalisieren. Und ich teile Ihre Ansicht: eine derartige Vorgehensweise w\u00e4re nicht verwerflich, sondern erwartungsgem\u00e4\u00df und sozialad\u00e4quat, und zwar unagh\u00e4ngig von der eigenen politischen Einstellung. Die \u201cGr\u00fcnen\u201d leben und agieren indes in einem horizontbegrenztem Kokon. Alle Ansichten au\u00dferhalb des Kokons werden unsachlich als \u201cNazi\u201d und \u201crechts\u201d totgeschrien. Eine politische Auseinandersetzung unter einem gepflegtem Austausch von Argumenten wird strikt vermieden. Die Gespr\u00e4chskultur in Deutschland ist vom Aussterben bedroht. Die Demokratie geht vor die Hunde.<br \/>\n31.10.2018, S. Krings, AO<\/p>\n<p><strong>Prim\u00e4rereignis kleinreden &#8211; Singul\u00e4rerei<\/strong>gnis\u00a0&#8222;Kampf gegen Rechts&#8220; gro\u00dfreden<br \/>\nNat\u00fcrlich instrumentalisiert die AfD die Massenvergewaltigung von Freiburg und andere \u00e4hnliche Ereignisse. Und sie w\u00e4re bescheuert, w\u00fcrde sie es nicht tun. Und die Gegendemonstranten instrumentalisieren die AfD-Kundgebung f\u00fcr ihre Zwecke, um vor dem vermeintlichen Rechtsruck zu warnen und ihre Vorstellungen einer multikulturellen Gesellschaft zu verteidigen. Die unabl\u00e4ssige Warnung, man d\u00fcrfe Gewalttaten von sogenannten Fl\u00fcchtlingen nicht instrumentalisieren, soll verhindern, da\u00df \u00fcber die Ursachen gesprochen wird. H\u00e4tte die linke Seite ein gutes Gewissen, w\u00fcrde sie sich einer solchen Diskussion ohne Angst stellen. Aber sie hat kein gutes Gewissen, weil sie in ihrem Innersten wei\u00df, da\u00df mit ihrem multikulturellen Ansatz etwas nicht stimmt, das aber vor sich selbst und der Welt nicht eingestehen, ja vielleicht nicht einmal wahrhaben will. Man igelt sich in seiner Vauban-Idylle ein (Vauban ist das Vorzeige-\u00d6koviertel von Freiburg), gie\u00dft sorgf\u00e4ltig seine Hanfpfl\u00e4nzchen auf dem hinteren Balkon, organisiert einen Fahrdienst f\u00fcr seine T\u00f6chter &#8211; man wei\u00df ja nie, bei der sexuellen Gewalt, die vom m\u00e4nnlichen Geschlecht ausgeht &#8211; und l\u00e4\u00dft seine Jalousien herunter, wenn die Wirklichkeit zu heftig durchs Fenster scheint. So l\u00fcgt man sich seine Welt zurecht. Es ist schon furchtbar schwer, sich von Lebensl\u00fcgen verabschieden zu m\u00fcssen. Nichts dokumentiert das besser als das Gestottere des Freiburger Oberb\u00fcrgermeisters, des Ersten Wirklichkeitsverweigerers Freiburgs. Wieder einmal wird das Prim\u00e4rereignis, n\u00e4mlich das Gewaltverbrechen, mit ein paar empathiefreien Floskeln abgehandelt und sich dem Sekund\u00e4rereignis, der \u201cInstrumentalisierung durch die AfD\u201d, gewidmet. Man kann diesen Menschen nicht anders bezeichnen denn als totalen Versager. In Duisburg mu\u00dfte ein Oberb\u00fcrgermeister weichen, als ihm im entscheidenden Moment die Worte der Zuwendung und des Trostes fehlten. In Freiburg wird man den Oberb\u00fcrgermeister loben, weil er \u201cHaltung\u201d gezeigt hat.<br \/>\n1.10.2018, Thomas Hechinger, AO<\/p>\n<p><strong>Ich als Frau beanspruche mein \u201cRecht auf einen Generalverdacht\u201d<\/strong><br \/>\nZustimmung! Ein anderer mantram\u00e4\u00dfig wiederholter Satz ist der Aufruf, Paulschalverurteilungen und Generalverdacht zu vermeiden. Auch hierzu k\u00f6nnte man einen ganzen Artikel schreiben. Dazu zwei Gedanken: 1) das undifferenzierte Benennen aller Immigranten als \u201cFl\u00fcchtlinge\u201d und der pauschale bedingungslose Vertrauensvorschluss hat uns \u00fcberhaupt erst in die Zwickm\u00fchle gebracht, pauschal verd\u00e4chtigen zu m\u00fcssen. 2) pauschales Verd\u00e4chtigen ist in anderem Zusammenhang gang und g\u00e4be. Es wird dann auch gerne \u201cVorsicht\u201d genannt. Ein Beispiel dazu: Kindern sch\u00e4rft man ein, \u201cnimm niemals Geschenke von fremden M\u00e4nnern an oder gehe mit ihnen mit!\u201d Die \u00fcberw\u00e4ltigende Mehrheit der deutschen M\u00e4nner verh\u00e4lt sich nat\u00fcrlich nicht p\u00e4dophil. Jeder wei\u00df das. In diesem Zusammenhang bevorzugt die Mehrzahl der deutschen M\u00fctter aber ein \u201cbetter safe than sorry\u201d anstatt sich f\u00fcr die Rechte der zu Unrecht unter Generalverdacht gebrachten M\u00e4nner einzusetzen oder daf\u00fcr auf die Stra\u00dfe zu gehen. Derselbe Generalverdacht gilt \u00fcbrigens f\u00fcr alle B\u00fcrger, die professionell oder ehrenamtlich mit Kindern arbeiten. Von ihnen verlangt man, dass sie per polizeilichem F\u00fchrungszeugnis ihre Integrit\u00e4t beweisen. Nix Vertrauensvorschuss. Keiner k\u00fcmmert sich in diesem Zusammenhang um meine verletzte Ehre\u2026 Man sieht also, selbst eine geringe Anzahl an \u201cschwarzen Schafen\u201d kann ein von der Gesellschaft als gerechtfertigt empfundenes pauschales Misstrauen hervorrufen. Schaut man sich die Anzahl der straft\u00e4tig gewordenen \u201cschwarzen Schafe\u201d unter den eingewanderten muslimischen M\u00e4nnern an, so \u00fcbersteigt sie schon seit l\u00e4ngerer Zeit die Schwelle des f\u00fcr mich tolerierbaren. Ich pers\u00f6nlich als Frau beanspruche hier und jetzt mein \u201cRecht auf einen Generalverdacht\u201d. Ich bin zu keinem Vertrauenvorschuss mehr bereit. Die Bringschuld liegt bei den Migranten.<br \/>\n31.10.2018, Cornelia Buchta, AO<\/p>\n<p><strong>Weibliche Fl\u00fcchtlinge aufnehmen!<\/strong><br \/>\nWer sch\u00fctzt uns vor den \u201cSchutzsuchenden\u201d? Nach meiner Meinung sollten, wenn schon, bevorzugt weibliche Fl\u00fcchtlinge in Deutschland aufgenommen werden, denn diese Frauen und M\u00e4dchen in den Herkunftsl\u00e4ndern sind mit Sicherheit sehr viel schutzbed\u00fcrftig\u200ber als jene jungen M\u00e4nner, die es zur Zeit massenhaft nach Deutschland zieht. Schlie\u00dflich hei\u00dft es ja auch z.B. bei Schiffskatastrophen immer: \u201cFrauen und Kinder zuerst!\u201d Aber die gegenw\u00e4rtige Praxis, dass aufgenommene Fl\u00fcchtlinge fast ausschlie\u00dflich junge M\u00e4nner sind, hilft den wirklich Schutzbed\u00fcrftigen, n\u00e4mlich den Frauen und M\u00e4dchen in den Herkunftsl\u00e4ndern, einerseits nicht und erzeugt andererseits durch den zunehmenden \u00dcberschuss an Knaben und jungen M\u00e4nnern in Deutschland, die auch noch kulturfremd und oft gewaltaffin sind, gewaltigen sozialen Sprengstoff.<br \/>\n31.10.2018, Karl Mallinger, AO<\/p>\n<p>&nbsp;<\/p>\n","protected":false},"excerpt":{"rendered":"<p>Home\u00a0&gt;Kultur\u00a0&gt;Medien\u00a0&gt;Diskussionskultur\u00a0&gt;Instrumentalisierung &nbsp; Listenauswahl eines Beitrags: Bitte anklicken oder runterscrollen Politische Instrumentalisierung von \u201eAlles f\u00fcr D\u2026\u201c (3.7.2026) Linksradikale wollen in Buchenwald gegen Israel demonstrieren\u00a0(22.2.2026) Aschaffenburg: Wer Morde mit Demo-Selfies instrumentalisiert, hat keine Haltung (26.1.2025) Das instrumentalisierte Gedenken: Bundeskanzler verschweigt 10. Opfer &hellip; <a href=\"https:\/\/www.freiburg-schwarzwald.de\/blog\/kultur\/medien\/instrumentalisierung\/\">Weiterlesen <span class=\"meta-nav\">&rarr;<\/span><\/a><\/p>\n","protected":false},"author":2,"featured_media":0,"parent":678,"menu_order":0,"comment_status":"open","ping_status":"closed","template":"","meta":{"footnotes":""},"class_list":["post-68597","page","type-page","status-publish","hentry"],"_links":{"self":[{"href":"https:\/\/www.freiburg-schwarzwald.de\/blog\/wp-json\/wp\/v2\/pages\/68597","targetHints":{"allow":["GET"]}}],"collection":[{"href":"https:\/\/www.freiburg-schwarzwald.de\/blog\/wp-json\/wp\/v2\/pages"}],"about":[{"href":"https:\/\/www.freiburg-schwarzwald.de\/blog\/wp-json\/wp\/v2\/types\/page"}],"author":[{"embeddable":true,"href":"https:\/\/www.freiburg-schwarzwald.de\/blog\/wp-json\/wp\/v2\/users\/2"}],"replies":[{"embeddable":true,"href":"https:\/\/www.freiburg-schwarzwald.de\/blog\/wp-json\/wp\/v2\/comments?post=68597"}],"version-history":[{"count":5,"href":"https:\/\/www.freiburg-schwarzwald.de\/blog\/wp-json\/wp\/v2\/pages\/68597\/revisions"}],"predecessor-version":[{"id":151108,"href":"https:\/\/www.freiburg-schwarzwald.de\/blog\/wp-json\/wp\/v2\/pages\/68597\/revisions\/151108"}],"up":[{"embeddable":true,"href":"https:\/\/www.freiburg-schwarzwald.de\/blog\/wp-json\/wp\/v2\/pages\/678"}],"wp:attachment":[{"href":"https:\/\/www.freiburg-schwarzwald.de\/blog\/wp-json\/wp\/v2\/media?parent=68597"}],"curies":[{"name":"wp","href":"https:\/\/api.w.org\/{rel}","templated":true}]}}