{"id":68527,"date":"2018-10-26T22:08:17","date_gmt":"2018-10-26T20:08:17","guid":{"rendered":"https:\/\/www.freiburg-schwarzwald.de\/blog\/?page_id=68527"},"modified":"2026-04-26T21:19:59","modified_gmt":"2026-04-26T19:19:59","slug":"trauer","status":"publish","type":"page","link":"https:\/\/www.freiburg-schwarzwald.de\/blog\/selbsthilfe\/psyche\/trauer\/","title":{"rendered":"Trauer"},"content":{"rendered":"<p>Home &gt;<a title=\"Selbsthilfe\" href=\"https:\/\/www.freiburg-schwarzwald.de\/blog\/selbsthilfe\/\">Selbsthilfe<\/a>\u00a0&gt;<a title=\"Gesund\" href=\"https:\/\/www.freiburg-schwarzwald.de\/blog\/business\/gesund\/\">Gesund<\/a>\u00a0&gt;<a title=\"Psyche\" href=\"https:\/\/www.freiburg-schwarzwald.de\/blog\/selbsthilfe\/psyche\/\">Psyche<\/a>\u00a0&gt;Trauer<\/p>\n<div id=\"attachment_68515\" style=\"width: 650px\" class=\"wp-caption alignnone\"><a href=\"https:\/\/www.freiburg-schwarzwald.de\/blog\/regio\/verkehr\/rosskopftunnel\/belchen-herbst20181020\/\" rel=\"attachment wp-att-68515\"><img loading=\"lazy\" decoding=\"async\" aria-describedby=\"caption-attachment-68515\" class=\"size-full wp-image-68515\" src=\"https:\/\/www.freiburg-schwarzwald.de\/blog\/wp-content\/uploads\/2018\/10\/belchen-herbst20181020.jpg\" alt=\"Herbst am Belchen im Oktober 2018\" width=\"640\" height=\"295\" srcset=\"https:\/\/www.freiburg-schwarzwald.de\/blog\/wp-content\/uploads\/2018\/10\/belchen-herbst20181020.jpg 640w, https:\/\/www.freiburg-schwarzwald.de\/blog\/wp-content\/uploads\/2018\/10\/belchen-herbst20181020-180x82.jpg 180w\" sizes=\"auto, (max-width: 640px) 100vw, 640px\" \/><\/a><p id=\"caption-attachment-68515\" class=\"wp-caption-text\">Herbst am Belchen im Oktober 2018<\/p><\/div>\n<p>&nbsp;<\/p>\n<ul>\n<li><em>Listenauswahl eines Beitrags (Artikel\/Datum, Seite\/Inhalt):\u00a0<span style=\"text-decoration: underline;\">Klicken<\/span>\u00a0oder scrollen<\/em><\/li>\n<li><a href=\"https:\/\/www.freiburg-schwarzwald.de\/blog\/trauerwache-deutschland-in-dd\/\">Trauerwache Deutschland in DD<\/a>\u00a0(26.4.2026)<\/li>\n<li><a href=\"https:\/\/www.freiburg-schwarzwald.de\/blog\/kultur\/friedhoefe\/friedwald\/\">Friedwald: Bestattungswald \u201eLichtung der Ruhe \u2013 B\u00fcrgler Wald\u201c<\/a>\u00a0(4.7.2025)<\/li>\n<li><a href=\"https:\/\/www.freiburg-schwarzwald.de\/blog\/opfer-messer-attacken-anonym\/\">Opfer Messer-Attacken anonym<\/a> (10.2.2025)<\/li>\n<li><a href=\"https:\/\/www.freiburg-schwarzwald.de\/blog\/magdeburg-terror-vergessen\/\">Magdeburg Terror \u2013 Vergessen<\/a>\u00a0(13.1.2025)<\/li>\n<li><a href=\"https:\/\/www.freiburg-schwarzwald.de\/blog\/trauer-integration-magdeburg\/\">Trauer Integration: Magdeburg<\/a>\u00a0(29.12.2024)<\/li>\n<li><a href=\"https:\/\/www.freiburg-schwarzwald.de\/blog\/trauer-nach-solingen\/\">Trauer nach Solingen<\/a>\u00a0(27.8.2024)<\/li>\n<li><a href=\"https:\/\/www.freiburg-schwarzwald.de\/blog\/global\/deutschland\/deutschland-israel\/\">Igor Levit und das erkaltete Deutschland: Die Unf\u00e4higkeit zu trauern<\/a> (1.12.2023)<\/li>\n<li><a href=\"https:\/\/www.freiburg-schwarzwald.de\/blog\/global\/migration\/migranten-gewalt\/luise12erstochen230311\/\">Bewegende Trauerfeier f\u00fcr get\u00f6tete Luise<\/a> (22.3.2023)<\/li>\n<li><a href=\"https:\/\/www.freiburg-schwarzwald.de\/blog\/gunnar-heinsohn-1943-2023\/\">Gunnar Heinsohn (1943 \u2013 2023)<\/a>\u00a0 (18.2.2023)<\/li>\n<li><a href=\"https:\/\/www.freiburg-schwarzwald.de\/blog\/selbsthilfe\/psyche\/trauer\/sterben\/\">DGHS: Humanes Sterben \u2013 Edith Vieser in Freiburg<\/a>\u00a0(11.1.2023)<\/li>\n<li><a href=\"https:\/\/www.freiburg-schwarzwald.de\/blog\/volkstrauertag-ohne-stadt-fr\/\">Volkstrauertag &#8211; ohne Stadt FR<\/a> (21.11.2022)<\/li>\n<li>Ein Land, in dem man nicht einmal mehr trauern darf? (4.2.2022)<\/li>\n<li><a href=\"https:\/\/www.freiburg-schwarzwald.de\/blog\/dresden-nur-vandalismus\/\">Linksextreme zerst\u00f6ren \u201eTrauerndes M\u00e4dchen\u201c in Dresden<\/a> (4.2.2022)<\/li>\n<li><a href=\"https:\/\/www.freiburg-schwarzwald.de\/blog\/selbsthilfe\/psyche\/trauer\/tod\/\">Steve Jobs: \u201eStay hungry, stay foolish\u201c \u2013 Stanford-Rede auf deutsch<\/a>\u00a0(11.10.2021)<\/li>\n<li><a href=\"https:\/\/www.freiburg-schwarzwald.de\/blog\/natur\/klima\/ueberflutung\/\">133 Menschen im Ahrtal gestorben<\/a> (13.8.2021)<\/li>\n<li><a href=\"https:\/\/www.freiburg-schwarzwald.de\/blog\/kultur\/friedhoefe\/ruheberg\/\">Ruheberg bei Oberried \u2013 gepflegt von Carlos Cuellar Solis<\/a>\u00a0(26.6.2021)<\/li>\n<li><a href=\"https:\/\/www.freiburg-schwarzwald.de\/blog\/global\/integration\/fluechtlinge-kriminalitaet\/opfer\/\">Wie das BKA unerw\u00fcnschte Tatbest\u00e4nde aus der Statistik verschwinden l\u00e4sst<\/a>\u00a0(8.7.2021)<\/li>\n<li><a href=\"https:\/\/www.freiburg-schwarzwald.de\/blog\/vor-dem-tod-retten\/\">Vor dem Tod retten<\/a>\u00a0(23.2.2021)<\/li>\n<li><a href=\"https:\/\/www.freiburg-schwarzwald.de\/blog\/engagement\/zukunft\/demokratie\/hanau19feb2020\/\">Ein Jahr nach Anschlag von Hanau: Geteilte Trauer<\/a> (19.2.2021)<\/li>\n<li><a href=\"https:\/\/www.freiburg-schwarzwald.de\/blog\/business\/gesund\/corona-virus\/corona-tod\/\">Der Tod mit Covid \u2013 eine Beschreibung<\/a>\u00a0(25.1.2021)<\/li>\n<li><a href=\"https:\/\/www.freiburg-schwarzwald.de\/blog\/angst-vor-dem-erstickungstod\/\">Angst vor dem Erstickungstod<\/a>\u00a0(24.1.2021)<\/li>\n<li><a href=\"https:\/\/www.freiburg-schwarzwald.de\/blog\/keine-uebersterblichkeit-in-2020\/\">Keine \u00dcbersterblichkeit in 2020<\/a>\u00a0(5.1.2021)<\/li>\n<li><a href=\"https:\/\/www.freiburg-schwarzwald.de\/blog\/bild-zu-paris-und-bild-zu-wien\/\">Bild zu Paris (bekannt) und Bild zu Wien (unbekannt)<\/a>\u00a0(13.11.2020)<\/li>\n<li><a title=\"\u201cEwig-Leben\u201d-Gesetz\" href=\"https:\/\/www.freiburg-schwarzwald.de\/blog\/ewig-leben-gesetz\/\">\u201cEwig-Leben\u201d-Gesetz<\/a>\u00a0(21.8.2020)<\/li>\n<li><a title=\"\u00dcbersterblichkeit zwecks Angst\" href=\"https:\/\/www.freiburg-schwarzwald.de\/blog\/uebersterblichkeit-zwecks-angst\/\">\u00dcbersterblichkeit zwecks Angst<\/a>\u00a0(27.5.2020)<\/li>\n<li>Der Volkstrauertag in der postnationalen Gesellschaft (15.11.2019)<\/li>\n<li>Sch\u00e4ndungen von Gefallenendenkm\u00e4lern &#8211; Ein Akt der Barberei (15.11.2019)<\/li>\n<li>Volkstrauertag: St\u00e4ndig werden Gefallenendenkm\u00e4ler Opfer von Vandalismus\u00a0 (15.11.2019)<\/li>\n<li><a title=\"Tod \u2013 Allerheiligen Allerseelen\" href=\"https:\/\/www.freiburg-schwarzwald.de\/blog\/tod-allerheiligen-allerseelen\/\">Tod &#8211; Allerheiligen Allerseelen<\/a> (2.11.2019)<\/li>\n<li>Kindsm\u00f6rder am Frankfurt HbF: &#8222;Was mu\u00df jemand erlebt haben ..?&#8220; (2.8.2019)<\/li>\n<li>Jeder Mensch hat das Recht zu trauern &#8211; ohne linke Antifa-Pfeifen einer\u00a0 Gegendemonstration (15.12.2018)<\/li>\n<li>Schon die Anteilnahme dient als Instrumentalisierung (20.11.2018)<\/li>\n<li><a title=\"Trillerpfeifen Glocken \u2013 Trauer\" href=\"https:\/\/www.freiburg-schwarzwald.de\/blog\/trillerpfeifen-glocken-trauer\/\">Thorsten Hinz: Was wissen die Toten &#8211; Deutungshoheit:\u00a0zur ermordeten Studentin Sophia L\u00f6sche<\/a> (5.11.2018)<\/li>\n<li>Frauenmorde: Gute Trauer, schlechte Trauer (27.9.2018)<\/li>\n<li><a title=\"Susanna von Iraker ermordet\" href=\"https:\/\/www.freiburg-schwarzwald.de\/blog\/susanna-von-irakern-ermordet\/\">Susanna Feldmann von Iraker ermordet<\/a>\u00a0(7.6.2018)<\/li>\n<\/ul>\n<ul>\n<li><a title=\"Bremen07-01-2019anschlag\" href=\"https:\/\/www.freiburg-schwarzwald.de\/blog\/engagement\/zukunft\/demokratie\/bremen07-01-2019anschlag\/\">Bremen07-01-2019Anschlag<\/a><\/li>\n<li><a title=\"Dreisam-Mord\" href=\"https:\/\/www.freiburg-schwarzwald.de\/blog\/global\/integration\/dreisam-mord\/\">Dreisam-Mord<\/a><\/li>\n<li><a title=\"Berlin19dez2016\" href=\"https:\/\/www.freiburg-schwarzwald.de\/blog\/engagement\/zukunft\/demokratie\/berlin19dez2016\/\">Berlin19dez2016<\/a><\/li>\n<li><a href=\"https:\/\/www.freiburg-schwarzwald.de\/blog\/business\/gesund\/corona-virus\/corona-tod\/\">Corona-Tod<\/a><\/li>\n<li><a title=\"Fluechtlinge\" href=\"https:\/\/www.freiburg-schwarzwald.de\/blog\/global\/integration\/fluechtlinge\/\">Fluechtlinge<\/a><\/li>\n<li><a title=\"Frauenmorde-Migration\" href=\"https:\/\/www.freiburg-schwarzwald.de\/blog\/selbsthilfe\/frauen\/frauenmorde-migration\/\">Frauenmorde-Migration<\/a><\/li>\n<li><a href=\"https:\/\/www.freiburg-schwarzwald.de\/blog\/kultur\/friedhoefe\/friedwald\/\">Friedwald<\/a><\/li>\n<li><a title=\"Kandel-Bluttat27-12-2017\" href=\"https:\/\/www.freiburg-schwarzwald.de\/blog\/engagement\/zukunft\/demokratie\/kandel-bluttat27-12-2017\/\">Kandel-Bluttat27-12-2017<\/a><\/li>\n<li><a title=\"Lebensschutz\" href=\"https:\/\/www.freiburg-schwarzwald.de\/blog\/business\/gesund\/lebensschutz\/\">Lebensschutz<\/a><\/li>\n<li><a title=\"Migration\" href=\"https:\/\/www.freiburg-schwarzwald.de\/blog\/global\/migration\/\">Migration<\/a><\/li>\n<li><a title=\"Muslime\" href=\"https:\/\/www.freiburg-schwarzwald.de\/blog\/global\/integration\/muslime\/\">Muslime<\/a><\/li>\n<li><a title=\"Offenburg-Arztmord16Aug2018\" href=\"https:\/\/www.freiburg-schwarzwald.de\/blog\/global\/integration\/offenburg-arztmord16aug2018\/\">Offenburg-Arztmord18 Aug2018<\/a><\/li>\n<li><a href=\"https:\/\/www.freiburg-schwarzwald.de\/blog\/global\/integration\/fluechtlinge-kriminalitaet\/opfer\/\">Opfer<\/a><\/li>\n<li><a title=\"Parallelkultur\" href=\"https:\/\/www.freiburg-schwarzwald.de\/blog\/global\/integration\/parallelkultur\/\">Parallelkultur<\/a><\/li>\n<li><a href=\"https:\/\/www.freiburg-schwarzwald.de\/blog\/kultur\/friedhoefe\/ruheberg\/\">Ruheberg<\/a><\/li>\n<li><a href=\"https:\/\/www.freiburg-schwarzwald.de\/blog\/selbsthilfe\/psyche\/trauer\/sterben\/\">Sterben<\/a><\/li>\n<li><a title=\"Strasbourg11Dez2018\" href=\"https:\/\/www.freiburg-schwarzwald.de\/blog\/global\/integration\/strasbourg11dez2018\/\">Strasbourg11Des2018 \u2013 Islam-Terroranschlag<\/a><\/li>\n<li><a href=\"https:\/\/www.freiburg-schwarzwald.de\/blog\/selbsthilfe\/psyche\/trauer\/tod\/\">Tod<\/a><\/li>\n<\/ul>\n<p>&nbsp;<\/p>\n<p><strong>Ein Land, in dem man nicht einmal mehr trauern darf?<br \/>\n<\/strong>Uwe Steimle: Seit seinem Rauswurf beim MDR \u201efunkt\u201c er erfolgreich auf Youtube. Als neuen Bundespr\u00e4sidenten empfiehlt der Satiriker nat\u00fcrlich sich selbst \u2013 doch auch dem AfD-\u00dcberraschungskandidaten kann er etwas abgewinnen<br \/>\nvon Moritz Schwarz<\/p>\n<p>Herr Steimle, am 13. Februar ist die Wahl des Bundespr\u00e4sidenten. W\u00e4re Max Otte der richtige Kandidat?<br \/>\nUwe Steimle: Ich denke schon, ihm ist Familie, Heimat und Nation wichtig, er hat Ahnung von Finanzen, vor allem aber will er Dialog statt Spaltung! Wobei, der 13. Februar, das ist ja nicht irgendein Tag, sondern der Tag, an dem &#8230;<br \/>\n&#8230; ja?<br \/>\nSteimle: &#8230; entschuldigen Sie &#8230;<br \/>\n&#8230; Sie meinen, der Jahrestag der Vernichtung Dresdens?<br \/>\nSteimle: &#8230; da kommen mir schnell &#8230;<br \/>\nKein Problem &#8230; nehmen Sie sich Zeit &#8230;<br \/>\nSteimle: Was sind wir nur f\u00fcr ein Land &#8230; in dem man nicht einmal mehr trauern darf?<br \/>\nInwiefern?<br \/>\nSteimle: Ohne da\u00df einem vorgeworfen wird, \u201eT\u00e4ter zu Opfern\u201c zu machen, Leute <a href=\"https:\/\/www.freiburg-schwarzwald.de\/blog\/dresden-nur-vandalismus\/\">die Bombardierung als \u201eSieg\u201c feiern<\/a>, die Gedenkst\u00e4tten zerst\u00f6ren und \u00f6ffentlich h\u00f6hnen: \u201eBomber Harris do it again!\u201c Das w\u00e4re etwa ein Thema, f\u00fcr das Max Otte sicher die angemessene Sensibilit\u00e4t h\u00e4tte.<br \/>\n&#8230; Alles vom 4.2.2022 bitte lesen in der JF 6\/22, Seite 3<br \/>\n<a href=\"https:\/\/www.junge-freiheit.de\">https:\/\/www.junge-freiheit.de<\/a><\/p>\n<p>&nbsp;<\/p>\n<p><strong>Der Volkstrauertag in der postnationalen Gesellschaft<\/strong><br \/>\n<em>\u201eWohl dem, der seiner V\u00e4ter gern gedenkt\u201c<\/em><br \/>\n<em>von Karlheinz Wei\u00dfmann<\/em><br \/>\n.<br \/>\nIm Rahmen der Klimabewegung ist viel die Rede von der Verantwortung der Heutigen f\u00fcr die Kommenden. Die Erwachsenen sollen sich in die Pflicht genommen f\u00fchlen durch die Kinder, auch die ungeborenen, und ihnen einen lebensf\u00e4higen Planeten hinterlassen. Verkn\u00fcpft wird damit eine Vorstellung von \u201eGenerationenvertrag\u201c, die den urspr\u00fcnglichen Sinn verfehlt. Edmund Burke, auf den der Begriff zur\u00fcckgeht, hatte ihn an ein \u201eStimmrecht f\u00fcr die Toten\u201c gebunden. Davon ist jetzt keine Rede mehr. Man hat die Gewichte verschoben, zu ungunsten der Vergangenheit, zu gunsten der Zukunft. Auch das trennt uns von allen Fr\u00fcheren, denen der Gedanke selbstverst\u00e4ndlich war, da\u00df man seinen Eltern und seinen Vorfahren nicht nur verdanke, auf der Welt zu sein, sondern ihnen gegen\u00fcber auch eine Pflicht zur Piet\u00e4t bestehe. Das biblische Gebot, Vater und Mutter zu ehren, als vornehmstes der Zweiten Tafel des Dekalogs, aber auch die in den alten Kulturen zentrale Bedeutung des Ahnenkults waren daf\u00fcr ein starker Ausdruck. Bei Goethe hie\u00df es noch ganz selbstverst\u00e4ndlich:<br \/>\n\u201eWohl dem, der seiner V\u00e4ter gern gedenkt, \/<br \/>\nder froh von ihren Taten, ihrer Gr\u00f6\u00dfe \/<br \/>\nden H\u00f6rer unterh\u00e4lt und, still sich freuend, \/<br \/>\nans Ende dieser sch\u00f6nen Reihe sich geschlossen sieht!\u201c<br \/>\n.<br \/>\nDavon bleibt in der Gegenwart wenig. Wir leben nur noch ausnahmsweise an den Orten, an denen unsere Vorfahren lebten und ihre Gr\u00e4ber liegen. Der selbstverst\u00e4ndliche Respekt gegen\u00fcber den \u00c4lteren hat sich mit den Manieren erledigt. Der <a title=\"Nation\" href=\"https:\/\/www.freiburg-schwarzwald.de\/blog\/engagement\/zukunft\/demokratie\/nation\/\">Geschichtsverlust<\/a> tut ein \u00dcbriges, wenn es um diejenigen geht, die man nicht im Sinn des Einzelnen, sondern im Sinn der Gemeinschaft als Vorfahren betrachtet, an deren Verdienste und deren Opfer fr\u00fcher regelm\u00e4\u00dfig erinnert wurde. Diese Feststellung gilt f\u00fcr die Deutschen in besonderem Ma\u00dfe, was, wenn sonst nicht, dann am Volkstrauertag deutlich wird. In dem Ma\u00df, in dem uns die Vorstellung abhanden gekommen ist, ein \u201eVolk\u201c und mithin ein \u00fcber die Zeit dauernder, identifizierbarer Verband zu sein, in dem Ma\u00df ist uns auch die Vorstellung abhanden gekommen, da\u00df wir den Vorg\u00e4ngern etwas schulden. Ganz im Gegenteil: Sie schulden uns etwas, Rechtfertigung vor allem f\u00fcr das, was sie getan oder unterlassen haben.<br \/>\nWenn die offiziellen Verlautbarungen am Volkstrauertag das deutsche Leid nicht einebnen ins Allgemein-Menschliche, dann enden sie regelm\u00e4\u00dfig mit einer Selbstanklage, die tats\u00e4chlich eine Anklage ist: eine Anklage der Toten, die keinen Verteidiger mehr finden. Man sollte die tief demoralisierende Wirkung dieses Vorgehens nicht untersch\u00e4tzen und sich auf das besinnen, was nach dem Ersten Weltkrieg als Zweck des Volkstrauertags bestimmt worden war: im Gedenken an die Gefallenen ein Aufruf \u201ezu segensreicher Arbeit an unseres Volkes und unseres Vaterlandes Zukunft\u201c.<br \/>\n15.11.2019, Karlheinz Wei\u00dfmann, Junge Freiheit, 47\/19, Seite 1<br \/>\n.<\/p>\n<p><strong>Sch\u00e4ndungen von Gefallenendenkm\u00e4lern &#8211; Ein Akt der Barberei<\/strong><br \/>\nEs ist eine Frage der Menschlichkeit, wie man unseren oft noch sehr jungen M\u00e4nner gedenkt, die in den Weltkriegen, aber auch in den Eins\u00e4tzen der Bundeswehr als Soldaten ihr Leben geopfert haben. Wenn nun zum wiederholten Male das bei Bretzenheim in Rheinland-Pfalz gelegene Mahnmal \u201eFeld des Jammers\u201c offensichtlich von Linksextremisten gesch\u00e4ndet wurde, dann ist es auch eine Frage des Anstands, wie die Gesellschaft darauf reagiert. Ein Aufschrei der sogenannten Zivilgesellschaft war jedoch nicht zu vernehmen.<br \/>\nDas Schweigen f\u00fcgt sich bestens ein in eine sich ver\u00e4ndernde Gedenkkultur, die auch der mehr und mehr parteipolitisch unterwanderte Volksbund Deutsche Kriegsgr\u00e4berf\u00fcrsorge (VDK) aktiv mit dem sinnfreien Vorschlag vorantreibt, in Gedenkansprachen \u201eGefl\u00fcchtete\u201c zu Wort kommen zu lassen. \u00dcberdies fiel es dem Pr\u00e4sidenten des VDK, General a.D. Wolfgang Schneiderhan im pers\u00f6nlichen Gespr\u00e4ch mit mir recht schwer zu erkl\u00e4ren, warum der VDK dem Gedenken der Gefallenen der Bundeswehr so nachrangig Beachtung schenkt. Der anstehende Volkstrauertag sollte ein Anla\u00df sein, sich sch\u00fctzend vor unsere gefallenen Soldaten \u2013 auch die der Bundeswehr \u2013 zu stellen. Denkmalsch\u00e4ndungen sind ein Akt der Barbarei.<br \/>\n15.11.2019, Uwe Junge, Junge Freiheit 47\/19,Seite 2<br \/>\n.<\/p>\n<p><strong>Volkstrauertag: St\u00e4ndig werden Gefallenendenkm\u00e4ler Opfer von Vandalismus<\/strong><br \/>\n<em>\/ Emp\u00f6rung in Eisenach &#8211; Du habest uns hier liegen gesehen<\/em><br \/>\n<em>Christian Vollradt<\/em><\/p>\n<p><a title=\"Vandalismus\" href=\"https:\/\/www.freiburg-schwarzwald.de\/blog\/selbsthilfe\/krise\/gewalt\/vandalismus\/\">Vandalismus<\/a> ist es immer, meistens hat er einen politischen Hintergrund, wenn Gefallenendenkm\u00e4ler beschmiert werden. J\u00fcngste F\u00e4lle \u2013 ohne Anspruch auf Vollst\u00e4ndigkeit: Im nieders\u00e4chsischen L\u00fcneburg wurden dieser Tage das Dragonerdenkmal sowie die dazugeh\u00f6renden Stein- und Bronzeplatten mit den Namen der Gefallenen gro\u00dffl\u00e4chig mit violetter und t\u00fcrkiser Farbe vollgesprayt.<br \/>\nAnfang des Monats wurden laut dem linksextremen Szeneportal Indymedia auch an weiteren Orten \u201eim l\u00e4ndlichen Raum des n\u00f6rdlichen Niedersachsens zahlreiche Kriegerdenkm\u00e4ler versch\u00f6nert\u201c. Deren \u201eunbehelligtes Fortbestehen\u201c, hei\u00dft es in der Selbstbezichtigung, dr\u00fccke das \u201eWeiterleben eines revisionistischen Geschichtsverst\u00e4ndnisses aus\u201c. Weiter schrieben die T\u00e4ter, den anstehenden Volkstrauertag vor Augen: \u201eWir beschmutzen die vermeintliche Ehre dieser deutschen Soldaten, um auf die weitl\u00e4ufige Verkl\u00e4rung des Nationalsozialismus aufmerksam zu machen.\u201c<br \/>\n.<br \/>\n\u00c4hnlich motiviert gegen \u201egeschichtsrevisionistisches \u2018Heldengedenken\u2019\u201c war eine anonyme Gruppe, die sich vergangene Woche zur Sch\u00e4ndung eines Denkmals f\u00fcr deutsche Kriegsgefangene im rheinland-pf\u00e4lzischen Bretzenheim bei Bad Kreuznach bekannt hat. Die bislang unbekannten T\u00e4ter spr\u00fchten linksextreme Parolen wie \u201eKeine Opfer, sondern T\u00e4ter\u201c oder \u201eJammert woanders\u201c sowie \u201eNazi-Dreck\u201c auf das Denkmal \u201eFeld des Jammers\u201c, das zu den Rheinwiesenlagern geh\u00f6rt. Das Mahnmal war 1966 durch eine Privatinitiative finanziert und errichtet worden. Es ist \u201eallen in Gefangenschaft verstorbenen deutschen Soldaten zum Gedenken\u201c gewidmet. Bad Kreuznach war ein Standort der Rheinwiesenlager, in denen die USA, Gro\u00dfbritannien und Frankreich ab April 1945 rund eine Million deutscher Kriegsgefangener untergebracht hatten.<br \/>\nBetroffen vom Anschlag auf das Burschenschaftsdenkmal auf der G\u00f6pelskuppe im th\u00fcringischen Eisenach Ende Oktober (JF 45\/19) war auch die dort befindliche Langemarck-Gedenkst\u00e4tte. Sie wurde 1933 f\u00fcr die in der Flandernschlacht von 1914 gefallenen Studenten und Burschenschafter errichtet und erinnert seit 1990 an alle Gefallenen beider Weltkriege aus den Reihen der Deutschen Burschenschaft.<br \/>\n.<br \/>\nDie vermummten T\u00e4ter hatten die Gedenkst\u00e4tte mit teerhaltiger schwarzer Farbe aus Feuerl\u00f6schern gesch\u00e4ndet. In der Bev\u00f6lkerung der Wartburg-Stadt hat dieser Vandalismus f\u00fcr gro\u00dfe Emp\u00f6rung gesorgt und Anteilnahme hervorgerufen. Einwohner protestierten mit Kerzen am Denkmal, B\u00fcrger und \u00f6rtliche Unternehmen spendeten f\u00fcr die Beseitigung des auf insgesamt 100.000 Euro gesch\u00e4tzten Schadens und die Wiederherstellung. Insgesamt konnte der Denkmalerhaltungsverein bereits rund 40.000 Euro an Spenden verzeichnen, teilte dessen Vorsitzender Axel Zimmermann der JUNGEN FREIHEIT mit. Er freue sich besonders \u00fcber die zahlreichen Solidarit\u00e4tsbekundungen seitens der Eisenacher sowie auch von Th\u00fcringens Wirtschafts- und Wissenschaftsminister Wolfgang Tiefensee (SPD).<br \/>\n15.11.2019, Christian Vollradt, &#8222;- Du habest uns hier liegen gesehen&#8220;,<br \/>\nJunge Freiheit 47\/19, Seite 4<br \/>\n.<br \/>\n<a href=\"https:\/\/www.bretzenheim.de\">https:\/\/www.bretzenheim.de<\/a><br \/>\n<a href=\"https:\/\/www.denkmalerhaltungsverein.de\">https:\/\/www.denkmalerhaltungsverein.de<\/a><\/p>\n<p>&nbsp;<\/p>\n<p>&nbsp;<\/p>\n<p>&nbsp;<\/p>\n<p><strong>Kindsm\u00f6rder am Frankfurt HbF: &#8222;Was mu\u00df jemand erlebt haben ..?&#8220;<\/strong><br \/>\nBei der \u00f6kumenischen Andacht f\u00fcr den 8-j\u00e4hrigen Jungen, der im <a title=\"Frankfurt Hauptbahnhof 29Juli\" href=\"https:\/\/www.freiburg-schwarzwald.de\/blog\/frankfurt-hauptbahnhof-29juli\/\">Frankfurter Hauptbahnhof<\/a> von einem Eritr\u00e4er vor einen ICE gesto\u00dfen worden ist und <a title=\"Bahnsteig\" href=\"https:\/\/www.freiburg-schwarzwald.de\/blog\/global\/deutschland\/bahnsteig\/\">im Gleisbett starb<\/a>, sagte die evangelische Pfarrerin Jutta Jekel am 30.7.2019 zum T\u00e4ter:<br \/>\n<em><strong>\u201e&#8230; Was mu\u00df jemand erlebt und erlitten haben,<br \/>\nwenn er anderen so etwas Furchtbares antut?&#8230; \u201c<\/strong><\/em><br \/>\nDie Ungeheuerlichkeit dieses Statements wird einem bewu\u00dft, wenn man sich vorstellt, die Mutter des ermordeten Buben m\u00fc\u00dfte dies lesen. Zeigt sich hier die von Mitscherlich angemahnte &#8222;<a title=\"Unf\u00e4higkeit zu trauern\" href=\"https:\/\/www.freiburg-schwarzwald.de\/blog\/unfaehigkeit-zu-trauern\/\">Unf\u00e4higkeit der Deutschen zu trauern<\/a>&#8222;?<br \/>\n2.8.2019<br \/>\n.<br \/>\n<strong>&#8222;Was mu\u00df jemand erlebt haben ..?&#8220; &#8211; eine Analyse<\/strong><br \/>\nWer ist denn \u201ejemand\u201c?<br \/>\nEiner jener \u201edie Menschen\u201c, die allesamt gleich sind?<br \/>\nWeswegen wir ihn auch ganz unbedingt verstehen m\u00fcssen? Weil es keine Kulturen gibt, in denen man leichter \u2013 und andere, in denen man schwerer zum M\u00f6rder wird? Weil dieselben zivilisatorischen Standards \u00fcberall auf der Welt gelten?<br \/>\nWas mu\u00df Jackson B., der M\u00f6rder von Voerde, \u201eerlebt und erlitten\u201c haben, da\u00df er eine junge Frau und Mutter vor den Zug stie\u00df? Anja N. (34) soll sie gehei\u00dfen haben, wenn ich mich recht erinnere. Es ist gar nicht so einfach, ihren Namen zu erfahren, selbst wenn man mehrere Meldungen der vergangenen Woche zum Mord von Voerde googelt. Ich meine, ich h\u00e4tte irgendwo \u201eAnja N. (34)\u201c gelesen, aber ich finde es auf die Schnelle nicht mehr.<br \/>\nWas mu\u00df der Syrer \u201eerlebt und erlitten\u201c haben, der gestern in Stuttgart am hellichten Tag einen Deutsch-Kasachen mit <a title=\"Messerstecher\" href=\"https:\/\/www.freiburg-schwarzwald.de\/blog\/selbsthilfe\/soziales\/justiz\/messerstecher\/\">einer Machete niedermetzelte<\/a>?<br \/>\nWas m\u00fcssen die <a title=\"Zusammenrottung\" href=\"https:\/\/www.freiburg-schwarzwald.de\/blog\/selbsthilfe\/krise\/gewalt\/zusammenrottung\/\">Freibad-Terroristen<\/a> alles \u201eerlebt und erlitten\u201c haben, da\u00df sie sich so benehmen wie sie sich benehmen?<br \/>\nWas mu\u00df Anis Amri \u201eerlebt und erlitten\u201c haben, um erst einen LKW-Fahrer umzubringen und als n\u00e4chstes mit dem LKW zw\u00f6lf weitere Personen totzufahren \u2013 usw.usf.?<br \/>\nDie interessantere Frage: Was mu\u00df eigentlich das Hirn dieser Pfarrerin \u201eerlebt und erlitten\u201c haben, da\u00df sie sich in dem Wahn befindet, irgendwer w\u00fcrde ihr ein solches Geseiche als \u201echristliche Fragestellung\u201c abkaufen? Hier geht es doch l\u00e4ngst um etwas ganz anderes. Hier wird in einer realit\u00e4tsblinden Konsequenz systematisch \u201eGottes freier Mensch\u201c zum Opfer seiner \u201eMitmenschen\u201c erkl\u00e4rt. Undenkbar ist, da\u00df es sich bei dem T\u00e4ter ganz einfach um einen b\u00f6sen Menschen handeln k\u00f6nnte, der sich in seiner ganzen Freiheit vor Gott daf\u00fcr entschieden hat, b\u00f6se zu sein. Undenkbar scheint es f\u00fcr diese Pfarrerin zu sein, da\u00df sich dieser \u201evon seinem Sch\u00f6pfer geliebte Mensch\u201c gedacht haben k\u00f6nnte: \u201eIst mir schei\u00dfegal, ob Gott mich liebt. Ich nehme mir jetzt einfach mal die Freiheit, gegen das f\u00fcnfte Gebot zu versto\u00dfen, damit es mir \u2013 und sonst niemandem \u2013 endlich besser geht. Und wenn es blo\u00df von kurzer Dauer ist. Irgendwo in der Bibel wird schon stehen, da\u00df ich kaputt machen soll, was mich kaputt macht.\u201c \u2013 Irrtum. Das steht ganz woanders.<br \/>\nWas w\u00e4re denn die Konsequenz daraus, sich st\u00e4ndig zu \u00fcberlegen, was Straft\u00e4ter \u201eerlebt und erlitten\u201c haben, so da\u00df sie zu Straft\u00e4tern geworden sind? \u2013 Da\u00df wir uns alle an den Patschh\u00e4ndchen nehmen, die Pfarrerin in die Mitte, \u2013 und mit empathisch tr\u00e4nenden Augen in die Gef\u00e4ngnisse streben, um mit den Knackis zusammen dar\u00fcber zu weinen, was sie alles \u201eerlebt und erlitten\u201c haben?<br \/>\nIch stelle hier eine provokante Frage: Was mu\u00df eigentlich <em><strong>Pater Maximilian Kolbe<\/strong><\/em> \u201eerlebt und erlitten\u201c haben, da\u00df er sich dazu entschlo\u00df, sein eigenes f\u00fcr die Rettung eines anderen Lebens hinzugeben, anstatt auch nur dabei zuzusehen, wie seinem Mitmenschen das Leben genommen wird? Und ich frage: Wer steht in der Nachfolge Jesu? Pater Maximilian Kolbe? Oder doch die evangelische Pfarrerin in ihrem egalitaristisch dekonstruierten \u201eGlauben\u201c, sie d\u00fcrfe die Entscheidungsfreiheit des einzelnen Christenmenschen negieren, um ihn einem christlich daherkommenden, realiter aber vulg\u00e4rkommunistischen Paternalismus zu unterstellen?<br \/>\n.<br \/>\nInzwischen wissen wir, da\u00df es sich bei dem T\u00e4ter um einen <a title=\"Christen\" href=\"https:\/\/www.freiburg-schwarzwald.de\/blog\/religion\/christen\/\">christlichen Pietisten<\/a> gehandelt haben d\u00fcrfte, der deshalb selbst ganz genau wu\u00dfte, was er tat. Es ist heute bekannt, da\u00df er wohl eine ganze Zimmerwand seiner Wohnung in der Schweiz mit christlichen Symbolen tapeziert hatte. Die Frage ist nicht, was er wohl \u201eerlebt und erlitten\u201c hat, sondern die Frage ist, warum er sich als freier Christenmensch daf\u00fcr entschied, gegen das zu versto\u00dfen, woran er selbst glaubt \u2013 und stattdessen lieber zum S\u00fcnder zu werden. Die Antwort: Eben wegen seiner Entscheidungsfreiheit vor Gott. Die Frau Pfarrerin kann sich ihren sprichw\u00f6rtlich \u201egottverdammten\u201c Paternalismus sonstwo hinstecken.&#8220;<br \/>\n&#8230; Alles vom 1.8.2019 bitte lesen auf<br \/>\n<a href=\"https:\/\/www.journalistenwatch.com\/2019\/08\/01\/mord-frankfurt-die\/\">https:\/\/www.journalistenwatch.com\/2019\/08\/01\/mord-frankfurt-die\/<\/a><br \/>\n.<br \/>\nAlso wenn jemand etwas erlebt und erlitten hat, dann darf er mich einfach so t\u00f6ten? Reicht dann schon wenn sich morgens jemand mit hei\u00dfem Kaffee sein Hemd bekleckert hat? Der Eritreer hat 11 Jahre in der Schweiz gelebt, sogar in einer sch\u00f6nen Gegend, er hatte Familie und eine Arbeit. Warum ermordet er dann pl\u00f6tzlich ein Kind? Nach 11 Jahren wo er was erlebt und erlitten hat? Ich glaube es gibt Menschen, die morden einfach so. Ohne Grund. Woher wissen die Schweizer wieviele Menschen er in seinem Heimatland ermordet hat. Ist das wirklich sein richtiger Name? Das ist n\u00e4mlich das Problem. Wir wissen gar nicht wer hier t\u00e4glich reinspaziert. Die Gef\u00e4ngnisse in Afrika wurden ge\u00f6ffnet und Richtung Merkel geschickt. M\u00f6rder, Vergewaltiger, Kindersch\u00e4nder, eiskalte Killer (sind dabei). Und diese Menschen sind eine tickende Zeitbombe. Und irgendwann gehen sie pl\u00f6tzlich hoch und wehe DU bist in der N\u00e4he.<br \/>\n1.8.2019, D.ST, JOO<br \/>\n.<br \/>\nDer Eritreer lebte im idyllischen W\u00e4denswil am sehr sch\u00f6nen Z\u00fcrichsee (wundersch\u00f6ne Gegend). Obwohl er nach 12 Jahren in der Schweiz kaum deutsch sprach, bekam er einen Job vermittelt beim Top-Arbeitgeber, dem staatlichen VBZ (Verkehrsbetriebe Z\u00fcrich) als Schlosser. Vermutlich mit Lohn zwischen 4000-5000 Euros. Frau und Kinder hatte er und eine riesige Terasse vor der Wohnung hatte er. So schlecht erging es ihm. So mancher arbeitslose ausgesteuerter Schweizer hatte bestimmt gerne mit ihm getauscht.<br \/>\n1.8.2019, J.S., JOO<br \/>\n.<br \/>\nNein, die Frage ist nicht, was das Hirn dieser Pfarrerin erlebt und erlitten haben mu\u00df, um so etwas zu sagen: \u201eWir k\u00f6nnen aber auch fragen, was ist passiert, dass jemand, ein Mensch, ein T\u00e4ter, so wird, \u2026 was muss jemand erlebt und erlitten haben, wenn er anderen so etwas Furchtbares antut.\u201c &#8211; Pfarrerin Jutta Jekel am 30.07.2019. Die Frage ist, warum wohl genau das niemand \u00fcber den M\u00f6rder von Walter L\u00fcbcke wissen will.<br \/>\n1.8.2019, GI<br \/>\n.<\/p>\n<p>&nbsp;<\/p>\n<p><strong>Jeder Mensch hat das Recht zu trauern &#8211; ohne linke Antifa-Pfeifen einer Gegendemonstration<\/strong><br \/>\n<em>Artikel 1 GG vom 23.5.1949 lautet &#8222;Die W\u00fcrde des Menschen ist unantastbar&#8220;.<\/em><br \/>\n<em>Verk\u00fcndung der Menschenrechte am 10.12.1948: \u201eAlle Menschen sind frei und gleich an W\u00fcrde und Rechten geboren.\u201c<\/em><br \/>\n<em> \u00a0.<\/em><br \/>\nJeder Mensch hat das Recht zu trauern und auch das Recht, Trauer, Mitgef\u00fchl, Anteilnahme, Besorgnis, Angst und auch Wut zu zeigen und zu demonstrieren. Nachdem der mutma\u00dfliche <a title=\"Strasbourg11Dez2018\" href=\"https:\/\/www.freiburg-schwarzwald.de\/blog\/global\/integration\/strasbourg11dez2018\/\">muslimische Attent\u00e4ter Ch\u00e9rif Chekatt<\/a> von der Polizei get\u00f6tet worden war, formierten sich am 14.12.2018 viele Stra\u00dfburger zu einer Demo, um ihr Mitgef\u00fchl f\u00fcr die erstochenen, erschossenen bzw. verletzten Opfer zu bekunden.<br \/>\nOb diese Demonstrierenden nun FN-, Macron- oder CGT-Anh\u00e4nger waren, interessierte nicht. Niemand kommt auf die Idee, die Trauernden w\u00fcrden den Islam-Messerterror instrumentalisieren zu Ausl\u00e4nderhass. Ein solch stiller Trauerzug w\u00e4re auf der anderen Seite des Rheins nicht m\u00f6glich.<br \/>\nIn Deutschland w\u00fcrde die Stille \u00fcbert\u00f6nt von den Trillerpfeifen und &#8222;Nazi raus&#8220;-Rufen von Antifa bzw. linken <a title=\"Kandel Chemnitz Strasbourg\" href=\"https:\/\/www.freiburg-schwarzwald.de\/blog\/kandel-chemnitz-strasbourg\/\">Gegendemonstranten<\/a>. Denn wer in D gegen muslimische Gewalt demonstriert, gilt als Rechtsextremer und Neo-Nazi. So brutal einfach ist das.<br \/>\nSo brutal zerst\u00f6rt ist die Trauerkultur in Deutschland..<br \/>\n15.12.2018<\/p>\n<p>&nbsp;<\/p>\n<p><strong>Schon die Anteilnahme dient als Instrumentalisierung<\/strong><br \/>\nNach Kandel, Offenburg, Freiburg etc. jetzt Wittenburg. Die Politik spricht den B\u00fcrgern in unmittelbarer N\u00e4he oder Nachbarschaft ab, f\u00fcr das Opfer \u00f6ffentlich zu trauern. Schon die Anteilnahme und Trauer gilt als Instrumentalisierung (anscheinend gegen Ausl\u00e4nder und Fl\u00fcchtlinge), aber weniger wegen der Trauer, sondern deshalb, weil sich danach wohl \u201eTrittbrettfahrer\u201c und tats\u00e4chlich Instrumentalisierende dazu stellen und politisch mit Parolen und Slogans \u201ePolitik\u201c machen k\u00f6nnten.<br \/>\nNur, auf der anderen Seite spielt dann die oft dreifach gr\u00f6\u00dfere Menge auf der Klaviatur der Instrumentalisierung, weit entfernt von Trauer f\u00fcr die Opfer, als vielmehr dem Anschreien gegen ehrlich besorgte Menschen, weil manche Zugewanderte den Asylschutz f\u00fcr ihren Freiraum und ihre Untaten missbrauchen.<br \/>\n&#8230; Alles vom 20.11.2018 von Giovanni Deriu bitte lesen auf<br \/>\n<a href=\"https:\/\/www.tichyseinblick.de\/meinungen\/zwischen-echter-betroffenheit-und-dem-vorwurf-der-instrumentalisierung\/\">https:\/\/www.tichyseinblick.de\/meinungen\/zwischen-echter-betroffenheit-und-dem-vorwurf-der-instrumentalisierung\/<\/a><br \/>\n.<br \/>\n<em>Giovanni Deriu, Dipl. Sozialp\u00e4dagoge, Freier Journalist. <\/em><br \/>\n<em>Seit 20 Jahren in der (interkulturellen) Erwachsenenbildung t\u00e4tig.<br \/>\n<\/em>\u00a0.<br \/>\n<strong>Frauenmorde: Gute Trauer, schlechte Trauer<\/strong><br \/>\n<em>Die Eltern einer ermordeten Studentin (<a title=\"Dreisam-Mord\" href=\"https:\/\/www.freiburg-schwarzwald.de\/blog\/global\/integration\/dreisam-mord\/\">Maria L. in Freiburg<\/a>) werden von Zeitungsverlagen offiziell geehrt, weil sie keinen \u00bbHass\u00ab an den Tag legten. Die Mutter der <a title=\"Frauenmorde-Migration\" href=\"https:\/\/www.freiburg-schwarzwald.de\/blog\/selbsthilfe\/frauen\/frauenmorde-migration\/\">ermordeten<\/a> J\u00fcdin Susanna F. dagegen wird auf Facebook zensiert. Gibt es heute \u00bbgute\u00ab und \u00bbschlechte\u00ab Trauer?<\/em><br \/>\n&#8230;<br \/>\nDie Eltern gr\u00fcndeten eine Stiftung im Namen ihrer Tochter (<a href=\"https:\/\/www.maria-ladenburger-stiftung.de\">maria-ladenburger-stiftung.de<\/a>), die unter anderem behinderten Studenten beim Studium hilft; die Preisverleihung durch die Zeitungen scheint mir dagegen mindestens fragw\u00fcrdig. Nicht nur wird durch den Preis der Tod der Tochter gef\u00e4hrlich nah in die N\u00e4he von <a title=\"UMA-Hussein\" href=\"https:\/\/www.freiburg-schwarzwald.de\/blog\/global\/integration\/uma-hussein\/\">M\u00e4rtyrertum<\/a> ger\u00fcckt, es wird auch eine Form der Trauer als extra gut deklariert, und damit alle anderen Formen von Trauer eben als weniger gut. Dass deutsche Zeitungen zum guten Teil parteiisch sind (Stichwort \u00bbHaltung\u00ab), das ist nun wirklich wenig kontrovers, doch indem sie elterliche Formen der Trauer implizit in gut vs. b\u00f6se teilen, damit haben die Zeitungsleute ein ganz neues moralisches Glatteis entdeckt \u2013 das immerhin ist beeindruckend. Wer sagt denn, dass es eine langfristige schlechtere Reaktion von Eltern w\u00e4re, gegen die Ursachen des sinnlosen Todes ihres Kindes zu protestieren?<br \/>\n&#8230;<br \/>\nNehmen wir, zum Vergleich, eine andere Trauernde. Die Mutter der ebenfalls von einem Fl\u00fcchtling ermordeten J\u00fcdin <a title=\"Susanna von Iraker ermordet\" href=\"https:\/\/www.freiburg-schwarzwald.de\/blog\/susanna-von-irakern-ermordet\/\">Susanna Feldmann<\/a> (siehe z.B. <a href=\"https:\/\/www.juedische-allgemeine.de\">https:\/\/www.juedische-allgemeine.de<\/a>, 10.6.2018) nahm ihr Schicksal nicht ganz so gefasst hin. Sie schrieb etwa auf Facebook einen verzweifelten, anklagenden Brief an Merkel. Titel: \u00bbAn Ihren H\u00e4nden klebt Blut!\u00ab \u2013 F\u00fcr diese Trauernde gab es keine Zeitungspreise. Ihr Brief wurde gesperrt. Eine Folge des Zensurgesetzes \u00bbNetzDG\u00ab? Man wei\u00df es nicht. Es ist im Dunkeln. Es ist vieles recht merkw\u00fcrdig, was in diesem Rechtsstaat passiert. Zum Gl\u00fcck gibt es nicht nur die organisierten Zeitungsverleger, sondern auch Freie Denker, und einer davon hat den Brief der Mutter dokumentiert und ver\u00f6ffentlicht. Der Anfang und ein Auszug daraus:<br \/>\n<em>Sehr geehrte Frau Merkel,<\/em><br \/>\n<em>nach dem grausamen Mord meiner geliebten Tochter Susanna vom 23.05.2018 ( ihre Leiche wurde erst 14 Tage sp\u00e4ter vergraben, neben den Bahngleisen gefunden, sie war gerade mal 14 Jahre alt!! ) f\u00e4llt es mir immer noch sehr schwer die richtigen Worte zu finden. (\u2026) Bedeutet Ihnen Ihr eigenes Volk denn gar nichts? Ist es Ihnen wirklich total egal, dass Ihre G\u00e4ste hier das Land langsam aber sicher zerst\u00f6ren, dass die Familien ihre Kinder, M\u00fctter, V\u00e4ter, Geschwister, Gro\u00dfeltern durch Ihre G\u00e4ste Frau Merkel verlieren m\u00fcssen? (\u2026)<\/em><br \/>\n(Der ganze Brief hier zu lesen)<\/p>\n<p>Die Mutter von Susanna wird keine Preise von Zeitungsverlagen bekommen. Sie schreit ihren Schmerz auf Facebook heraus, und dort muss sie sich mit den Zensoren herumschlagen. &#8230;.<br \/>\nIch verstehe beide elterliche Reaktionen. Ich verstehe die Wut und ich verstehe den Wunsch, ein moralisches \u00bbdouble down\u00ab zu fahren. Ich w\u00fcrde es nicht wagen, eines oder das andere zu werten.<br \/>\n&#8230;.<br \/>\nIch bin kein calvinistischer Preu\u00dfe, am Mittwoch nicht und auch an keinem anderen Wochentag. Ich will nicht besonnen sterben, nicht f\u00fcr einen Kaiser und nicht f\u00fcr linksgr\u00fcnen Wahn. Ich will die Trauernden tr\u00f6sten, ihre Hand halten, doch niemals st\u00fcnde es mir zu, eine gute von einer anderen Trauer zu unterscheiden. Ich will leben, nichts ist wichtiger als das Leben. Ich will, dass meine Kinder leben, und ich will, dass deine Kinder leben. Ich habe es mir \u00fcberlegt, ich will doch nicht von Treu und Redlichkeit bis an irgendein k\u00fchles Grab singen. Ich will andere Melodien singen, andere Melodien und bessere Texte. Etwa diesen:<br \/>\n<strong><em>Dieser Weg wird kein leichter sein<\/em><\/strong><br \/>\n<strong><em>Dieser Weg wird steinig und schwer<\/em><\/strong><br \/>\n<strong><em>Nicht mit vielen wirst du dir einig sein<\/em><\/strong><br \/>\n<strong><em>Doch dieses Leben bietet so viel mehr<\/em><\/strong><br \/>\n(Dieser Weg\u00ab von Xavier Naidoo)<\/p>\n<p>&#8230; Alles von Dushan Wegner vom 27.9.018 bitte lesen auf<br \/>\n<a href=\"https:\/\/www.tichyseinblick.de\/meinungen\/gute-trauer-schlechte-trauer\/\">https:\/\/www.tichyseinblick.de\/meinungen\/gute-trauer-schlechte-trauer\/<br \/>\n<\/a>\u00a0.<br \/>\n<strong>Tiefe Trauer um Maria, um Susanne, um Mia und um Sophia<\/strong><br \/>\nMich erf\u00fcllt tiefe Trauer um Maria, um Susanne, um Mia und um Sophia obwohl ich sie nicht kannte. Sie wurden aus dem Leben mit Gewalt gerissen bevor es richtig angefangen hatte.<br \/>\nObwohl sie so jung waren, gab es niemand der sie vor der dunkelsten Stunde des gewaltsamen Todes sch\u00fctzen konnte. Es gab niemanden der sie vor der Angst, dem Schrecken gefolgt von Schmerz und Dem\u00fctigung bewahrte. Sie werden uns allen als Gesellschaft endg\u00fcltig fehlen. Sie werden nicht mehr lachen und dumme Sachen machen. Sie werden nie mehr einen Beruf ergreifen, sie werden keine Familien mehr gr\u00fcnden. Sie werden uns fehlen. Unsere Gesellschaft hat den Welpenschutz f\u00fcr seine Jugend verloren und keine politische Korrektheit wird den Verlust dieser jungen Frauen jemals bes\u00e4nftigen, sie sind unser dumpfer Schmerz unsere jungen Menschen nicht gen\u00fcgend gesch\u00fctzt zu haben.<br \/>\n27.89.2018, Boudicca, TO<br \/>\n.<br \/>\nLieber Herr Wegner, mit diesem aufr\u00fcttelnden Artikel haben Sie sich selbst \u00fcbertroffen! Sie sprechen mir aus dem Herzen, indem Sie Verlogenheit und politische Instrumentalisierung (kein Hass nach Mord) schonungslos aufdecken. Sie haben so Recht, man kann nicht Trauer mit Trauer vergleichen und die eine als preisw\u00fcrdig ansehen und die andere nicht. Dahinter steckt Erziehungsjournalismus, denn eine Preisvergabe zeigt das richtige Verhalten an: Wenn schon die Eltern von Maria keinen Hass hegen, dann solltest du es erst recht nicht tun! (Damit auch keine Zuwanderungskritik!) Nimm dir ein Beispiel!<br \/>\n27.9.2018, Gertraude Wenz, TO<\/p>\n<p>Sch\u00f6ner Text. Ich denke oft an die toten M\u00e4dchen. An die \u201eKollateralsch\u00e4den\u201c der Invasion. Ja, und nat\u00fcrlich ist man bestrebt, dies alles als \u201enormal\u201c darzustellen \u2013 und uns eine \u201egute\u201c Trauer anzuerziehen. Ohne mich. Vielleicht gibt es auch noch eine dritte Form der Trauer: die \u201eabsolut perverse\u201c Trauer. Denken Sie an das Foto dieses (psychisch kranken?) \u201eAktivisten\u201c, der die Refugee-Welcome-Flagge hisste \u2013 an dem Tatort in Chemnitz, an dem Daniel H. von Refugees abgestochen worden war. Das ist ein Foto, das ich nie vergessen werde.<br \/>\n27.9.2018, Mica, TO<br \/>\n.<br \/>\nNoch etwas, falls Herr Ladenburger hier mitliest. Im Internet gibt es eine Seite, die heisst \u201e1000 und eine Geschichte\u201c. Dort gibt es tausende Geschichten deutscher junger Frauen, die auf afrikanische oder arabische M\u00e4nner \u201ehereingefallen\u201c sind, und ihre Naivit\u00e4t teuer bezahlt haben. In den seltensten F\u00e4llen ging es hier wirklich um Gewalt , k\u00f6rperlich oder sexuell. Fast immer ging es ums Geld, aber auch das sollte NICHT verharmlost werden, denn auch das ist so erniedrigend f\u00fcr die betroffenen Frauen. Wo bleibt \u201eme too\u201c, wenn es um die Ehre dieser Frauen geht? Von 10 islamisch\/afrikanischen Lovestorys wird vielleicht eine gut ausgehen.<br \/>\n27.9.2018, Ruud, TO<\/p>\n<p>Der Brief der Mutter hat mich bis ins Innerste ersch\u00fcttert. Ich habe mir vorgestellt, da\u00df dies meine Tochter gewesen w\u00e4re. Ich m\u00f6chte dieser Mutter mein tiefstes Mitgef\u00fchl und Beileid aussprechen und ihr zu ihrem Mut und ihrer Zivilcourage gratulieren. Danke daf\u00fcr. Denn Sie schreiben diesen Brief auch, um meine Tochter zu sch\u00fctzen. Wenn das DatenDG dazu f\u00fchrt, da\u00df solche Briefe gel\u00f6scht werden, so befinden wir uns am Beginn des Endes der Meinungsfreiheit. Hier gilt dann doch die Devise \u201eWehret den Anf\u00e4ngen\u201c. H. Maas steht hier in der Tradition seines saarl\u00e4ndischen Landsmannes H. Honecker bez\u00fcglich Abschaffung der Meinungs-und Pressefreitheit. Zwei Grundrechte, die hier in Gefahr geraten.<br \/>\n27.9.2018, Butlerparker, TO<br \/>\n.<br \/>\n\u201eGute oder schtechte Trauer\u201c, das ist alles nur Fiktion! Schlie\u00dflich gibt es kein Gut und kein B\u00f6se, und der L\u00f6we hat keinen Fehler gemacht, nur weil er die Antilope gefressen hat. Wenn jemand vergeben will, dann ist es seine Sache, und wenn der Andere v\u00f6llig ausrastet und Blut sehen will, dann ist das ebenso nat\u00fcrlich. Die Hinterbliebenen der Opfer sollten deutlich mehr Mitsprache bei der Rechtssprechung haben, schlie\u00dflich ist ein Mord kein Kavaliersdelikt.<br \/>\n27.9.2018, BK, TO<\/p>\n<p><strong>War das nicht schon immer so?<\/strong><br \/>\nDa\u00df Regierungen gerne bestimmen wollen, um was und wie getrauert wird ? Angeh\u00f6rige Gefallener mu\u00dften stolz sein \u2013 \u00f6ffentliche Trauer und Wut waren gef\u00e4hrlich (s. Fallada \u201ejeder stirbt f\u00fcr sich allein\u201c). Jetzt sind es halt die im Namen von Multikulti Gefallenen.<br \/>\n27.9.2018, fischer, TO<br \/>\n.<\/p>\n<p><strong>Gefallen im Krieg der Kulturen<\/strong><br \/>\nTats\u00e4chlich sind nun aber deutsche Zeitungsverleger angetreten, der Aversion gegen die W\u00fcrdigung nationaler Helden den Kampf anzusagen. Mit dem \u201eB\u00fcrgerpreis der deutschen Zeitungen\u201c, der seit 2010 verliehen wird, ehren sie mit den Eltern der 2016 verstorbenen Maria Ladenburger erstmals die Hinterbliebenen einer im \u201eKrieg der Kulturen\u201c gefallenen Frau. Die 19-J\u00e4hrige war damals zun\u00e4chst vergewaltigt und bis zur Bewusstlosigkeit gew\u00fcrgt worden, bevor sie vom T\u00e4ter zum Sterben in die Dreisam gelegt wurde und ertrank. Der junge Mann, ein doch nicht ganz 17-j\u00e4hriger Asylbewerber aus Afghanistan, dessen Pflegeeltern 2.600 Euro monatlich f\u00fcr seine Unterbringung kassierten und der zuvor schon einmal in Griechenland eine Frau die Klippe hinunterwarf, begr\u00fcndete seine Tat damals mit den Worten: \u201eEs war doch nur eine Frau\u201c. &#8230;.<br \/>\n&#8230; Alles von Anabel Schunke vom 26.9.2018 bitte lesen auf<br \/>\n<a href=\"https:\/\/www.achgut.com\/artikel\/wir_gedenken_den_gefallenen_soldaten_im_kampf_der_kulturen\">https:\/\/www.achgut.com\/artikel\/wir_gedenken_den_gefallenen_soldaten_im_kampf_der_kulturen<\/a><br \/>\n.<br \/>\nVor ein paar Jahren w\u00e4re der Artikel als eine Albtr\u00e4ume verursachende absurde Dystopie verstanden worden. Jetzt erleben wir diese Groteske. Live und in Farbe. Zeitungen, \u201eKulturschaffende\u201c und \u201eJournalisten\u201c mit Haltung, die sich selbst zu solchen inthronisieren, feiern sich in Selbstgerechtigkeit, indem sie Opfern einer falschen Politik Preise verleihen. Opfer der Politik, die sie willf\u00e4hrig hochgejubelt und hochgeschrieben haben. In ihrer arroganten \u00dcberheblichkeit suhlen sie sich im Moralin, dabei tragen sie Mitschuld am Leid der Opfer!<br \/>\n26.9.2018, Thomas Grote, AO<\/p>\n<p>Wenn eine Haltung von Hinterbliebenen auszeichnungsw\u00fcrdig ist, dann doch die der Mutter der ermordeten Susanna, Diana Feldmann. Ich hoffe, Frau Feldmann bleibt stark und k\u00e4mpft weiter daf\u00fcr, dass die Ermordung ihrer Tochter im Bewusstsein der \u00d6ffentlichkeit bleibt. Die Eltern der ermordeten Maria Ladenburger m\u00f6gen dagegen Trost in ihrer politischen Korrektheit suchen. Die Herabwertung des Lebens ihrer Tochter ist der Preis, den sie f\u00fcr diese Haltung zu entrichten bereit sind. Diesen entrichteten Preis k\u00f6nnen sie nun mit dem empfangenen Preis, der Auszeichnung, kompensieren. Anscheinend k\u00f6nnen sie es ja. F\u00fcr mich sind solche Formen von Selbstentfremdung nicht nachvollziehbar und schon gar nicht erstrebenswert.<br \/>\n26.9.2018, Lutz Herzer, AO<\/p>\n<p>Was w\u00fcrde es Vater L. in seinem beruflichen Umfeld, der europ\u00e4ischen Kommission, n\u00fctzen, wenn er verst\u00e4ndlicherweise \u00e4ussern w\u00fcrde: Steigt mir auf den Buckel mit eurem Migrationsirrsinn. Davon w\u00fcrde seine Tochter nicht wieder lebendig werden. Bis zu Pensionierung sind es noch gesch\u00e4tzte 15 Jahre. Also ist es doch fast alternativlos weiterhin mit den linksgr\u00fcnen W\u00f6lfen zu heulen. Was mich auf der Pulse of Europe &#8211; Website irritiert ist, dass von Europa die Rede ist aber ausschlie\u00dflich EU-Symbole zu sehen sind, als ob es identisch w\u00e4re. Allerdings gibt es ja auch in der EU hoffnungsvolle Entwicklungen der R\u00fcckbesinnung auf zivilisatorische Werte.<br \/>\n26.9.2018, Gerd Koslowski, AO.<\/p>\n<p><strong>Sprachlos<\/strong><br \/>\n\u201cEine Art Orden- und Flaggenersatz f\u00fcr den Dienst an der multikulturellen Gesellschaft. Eine Ideologie, deren quasi-religi\u00f6se Z\u00fcge langsam ein Ausma\u00df an Perversion offenbaren, das sprachlos macht.\u201d Sehr geehrte Frau Schunke, Sie haben Recht, manche Entwicklung macht nur noch sprachlos! Von dem Handeln der Eltern von Maria Ladenburger wei\u00df ich zu wenig, und selbstverst\u00e4ndlich unterstelle ich diesen aufrichtige Motive. Ich hoffe, dass Die Eltern den Preis noch ablehnen werden, denn auf dem Ereignis eines besonders grausamen Mordes der Tochter eine Ehrung aufzubauen, erscheint mir so etwas von pervers, dass mir das Atmen schwer f\u00e4llt.<br \/>\nLeo Hohensee \/ 26.09.2018, AO<\/p>\n","protected":false},"excerpt":{"rendered":"<p>Home &gt;Selbsthilfe\u00a0&gt;Gesund\u00a0&gt;Psyche\u00a0&gt;Trauer &nbsp; Listenauswahl eines Beitrags (Artikel\/Datum, Seite\/Inhalt):\u00a0Klicken\u00a0oder scrollen Trauerwache Deutschland in DD\u00a0(26.4.2026) Friedwald: Bestattungswald \u201eLichtung der Ruhe \u2013 B\u00fcrgler Wald\u201c\u00a0(4.7.2025) Opfer Messer-Attacken anonym (10.2.2025) Magdeburg Terror \u2013 Vergessen\u00a0(13.1.2025) Trauer Integration: Magdeburg\u00a0(29.12.2024) Trauer nach Solingen\u00a0(27.8.2024) Igor Levit und das erkaltete &hellip; <a href=\"https:\/\/www.freiburg-schwarzwald.de\/blog\/selbsthilfe\/psyche\/trauer\/\">Weiterlesen <span class=\"meta-nav\">&rarr;<\/span><\/a><\/p>\n","protected":false},"author":2,"featured_media":0,"parent":1146,"menu_order":0,"comment_status":"open","ping_status":"closed","template":"","meta":{"footnotes":""},"class_list":["post-68527","page","type-page","status-publish","hentry"],"_links":{"self":[{"href":"https:\/\/www.freiburg-schwarzwald.de\/blog\/wp-json\/wp\/v2\/pages\/68527","targetHints":{"allow":["GET"]}}],"collection":[{"href":"https:\/\/www.freiburg-schwarzwald.de\/blog\/wp-json\/wp\/v2\/pages"}],"about":[{"href":"https:\/\/www.freiburg-schwarzwald.de\/blog\/wp-json\/wp\/v2\/types\/page"}],"author":[{"embeddable":true,"href":"https:\/\/www.freiburg-schwarzwald.de\/blog\/wp-json\/wp\/v2\/users\/2"}],"replies":[{"embeddable":true,"href":"https:\/\/www.freiburg-schwarzwald.de\/blog\/wp-json\/wp\/v2\/comments?post=68527"}],"version-history":[{"count":6,"href":"https:\/\/www.freiburg-schwarzwald.de\/blog\/wp-json\/wp\/v2\/pages\/68527\/revisions"}],"predecessor-version":[{"id":148371,"href":"https:\/\/www.freiburg-schwarzwald.de\/blog\/wp-json\/wp\/v2\/pages\/68527\/revisions\/148371"}],"up":[{"embeddable":true,"href":"https:\/\/www.freiburg-schwarzwald.de\/blog\/wp-json\/wp\/v2\/pages\/1146"}],"wp:attachment":[{"href":"https:\/\/www.freiburg-schwarzwald.de\/blog\/wp-json\/wp\/v2\/media?parent=68527"}],"curies":[{"name":"wp","href":"https:\/\/api.w.org\/{rel}","templated":true}]}}