{"id":68418,"date":"2018-10-13T20:28:24","date_gmt":"2018-10-13T18:28:24","guid":{"rendered":"https:\/\/www.freiburg-schwarzwald.de\/blog\/?page_id=68418"},"modified":"2025-12-03T13:52:40","modified_gmt":"2025-12-03T12:52:40","slug":"generationenvertrag","status":"publish","type":"page","link":"https:\/\/www.freiburg-schwarzwald.de\/blog\/engagement\/zukunft\/generationenvertrag\/","title":{"rendered":"Generationenvertrag"},"content":{"rendered":"<p><a href=\"https:\/\/www.freiburg-schwarzwald.de\/blog\">Home<\/a>\u00a0&gt;<a title=\"Engagement\" href=\"https:\/\/www.freiburg-schwarzwald.de\/blog\/engagement\/\">Engagement<\/a>\u00a0&gt;<a title=\"Zukunft\" href=\"https:\/\/www.freiburg-schwarzwald.de\/blog\/engagement\/zukunft\/\">Zukunft<\/a> &gt;Generationenvertrag<\/p>\n<div id=\"attachment_68133\" style=\"width: 649px\" class=\"wp-caption alignnone\"><a href=\"https:\/\/www.freiburg-schwarzwald.de\/blog\/engagement\/zukunft\/demokratie\/eliten\/uni-bibliothek-fr-pan180917\/\" rel=\"attachment wp-att-68133\"><img loading=\"lazy\" decoding=\"async\" aria-describedby=\"caption-attachment-68133\" class=\"size-full wp-image-68133\" src=\"https:\/\/www.freiburg-schwarzwald.de\/blog\/wp-content\/uploads\/2018\/09\/uni-bibliothek-FR-pan180917.jpg\" alt=\"Uni-Bibliothek in Freiburg am 17.9.2018\" width=\"639\" height=\"339\" srcset=\"https:\/\/www.freiburg-schwarzwald.de\/blog\/wp-content\/uploads\/2018\/09\/uni-bibliothek-FR-pan180917.jpg 639w, https:\/\/www.freiburg-schwarzwald.de\/blog\/wp-content\/uploads\/2018\/09\/uni-bibliothek-FR-pan180917-180x95.jpg 180w\" sizes=\"auto, (max-width: 639px) 100vw, 639px\" \/><\/a><p id=\"caption-attachment-68133\" class=\"wp-caption-text\">Uni-Bibliothek in Freiburg am 17.9.2018<\/p><\/div>\n<ul>\n<li><em>Listenauswahl eines Beitrags: Bitte\u00a0<span style=\"text-decoration: underline;\">anklicken<\/span>\u00a0oder runterscrollen<\/em><\/li>\n<li><a href=\"https:\/\/www.freiburg-schwarzwald.de\/blog\/rente-ju-prof-raffelhueschen\/\">Rente \u2013 JU \u2013 Prof Raffelh\u00fcschen<\/a>\u00a0(3.12.2025)<\/li>\n<li><a href=\"https:\/\/www.freiburg-schwarzwald.de\/blog\/selbsthilfe\/soziales\/sozialstaat\/sozial\/\">\u201eGenerationenvertrag\u201c\u2013 Warum noch mitmachen und zahlen f\u00fcr Rente und Gesundheit?<\/a>\u00a0(17.11.2025)<\/li>\n<li><a href=\"https:\/\/www.freiburg-schwarzwald.de\/blog\/selbsthilfe\/soziales\/arbeit\/rente\/\">Einige Zahlen zur Erhellung der Rentendebatte<\/a> (11.8.2025)<\/li>\n<li>Jetzt geht es um die wirtschaftliche Substanz Deutschlands \u2013 und um die neue Generation (8.9.2024)<\/li>\n<li><a href=\"https:\/\/www.freiburg-schwarzwald.de\/blog\/selbsthilfe\/familie\/generationen\/\">Alte wei\u00dfe M\u00e4nner \u2013 vor 100 Jahren geboren<\/a> (26.9.2023)<\/li>\n<li>Raffelh\u00fcschen: Kinder contra Generationenbertrag (20.3.2023)<\/li>\n<li><a href=\"https:\/\/www.freiburg-schwarzwald.de\/blog\/selbsthilfe\/familie\/generationen\/\">Babyboomer in Rente \u2013 und was danach?<\/a>\u00a0(11.12.2022)<\/li>\n<li><a href=\"https:\/\/www.freiburg-schwarzwald.de\/blog\/dulger-rentensystem-kollabiert\/\">Dulger: Rentensystem kollabiert<\/a>\u00a0(2.11.2022)<\/li>\n<li><a title=\"Migrantenkinder\" href=\"https:\/\/www.freiburg-schwarzwald.de\/blog\/global\/migration\/migrantenkinder\/\">Ismail Tipi: Jugend ohne Tugend<\/a>\u00a0(8.6.2020)<\/li>\n<li><a title=\"Grundrechte: Sch\u00e4uble Palmer\" href=\"https:\/\/www.freiburg-schwarzwald.de\/blog\/grundrechte-schaeuble-palmer\/\">Grundrechte und Corona-Lockdown: Sch\u00e4uble und Palmer<\/a>\u00a0(29.4.2020)<\/li>\n<li><a title=\"Babuschka in RUS \u2013 Oma in D\" href=\"https:\/\/www.freiburg-schwarzwald.de\/blog\/babuschka-in-rus-oma-in-d\/\">Babuschka in RUS \u2013 Oma in D<\/a>\u00a0(30.12.2019)<\/li>\n<li><a title=\"OpaOma bald nicht mehr dabei\" href=\"https:\/\/www.freiburg-schwarzwald.de\/blog\/opaoma-bald-nicht-mehr-dabei\/\">OpaOma bald nicht mehr dabei<\/a>\u00a0(23.12.2019)<\/li>\n<li><a title=\"Rente\" href=\"https:\/\/www.freiburg-schwarzwald.de\/blog\/selbsthilfe\/soziales\/arbeit\/rente\/\">Raffelh\u00fcschen: F\u00fcr Grundrente kein Bedarf<\/a> (5.2.2019)<\/li>\n<li>Raffelh\u00fcschen: 2\/3 Sozialabgaben und 1\/3 Steuern, um aktuelles Niveau zu halten (13.10.2018)<\/li>\n<\/ul>\n<p>&nbsp;<\/p>\n<ul>\n<li><a title=\"Deutsche-Kultur\" href=\"https:\/\/www.freiburg-schwarzwald.de\/blog\/global\/deutschland\/deutsche-kultur\/\">Deutsche Kultur<\/a><\/li>\n<li><a title=\"Deutschland-verrecke\" href=\"https:\/\/www.freiburg-schwarzwald.de\/blog\/global\/deutschland\/deutschland-verrecke\/\">Deutschland-verrecke<\/a><\/li>\n<li><a title=\"Eliten\" href=\"https:\/\/www.freiburg-schwarzwald.de\/blog\/engagement\/zukunft\/demokratie\/eliten\/\">Eliten<\/a><\/li>\n<li><a title=\"Freiheit\" href=\"https:\/\/www.freiburg-schwarzwald.de\/blog\/engagement\/zukunft\/demokratie\/freiheit\/\">Freiheit<\/a><\/li>\n<li><a href=\"https:\/\/www.freiburg-schwarzwald.de\/blog\/selbsthilfe\/familie\/generationen\/\">Generationen<\/a><\/li>\n<li><a title=\"Gesellschaft\" href=\"https:\/\/www.freiburg-schwarzwald.de\/blog\/global\/deutschland\/gesellschaft\/\">Gesellschaft \u2013 monokulturell oder multikulturell<\/a><\/li>\n<li><a title=\"Global-Migration\" href=\"https:\/\/www.freiburg-schwarzwald.de\/blog\/global\/globalisierung\/global-migration\/\">Globaler Pakt zur Migration<\/a><\/li>\n<li><a title=\"Groessenwahn\" href=\"https:\/\/www.freiburg-schwarzwald.de\/blog\/engagement\/zukunft\/groessenwahn\/\">Groessenwahn<\/a><\/li>\n<li><a title=\"Grundgesetz\" href=\"https:\/\/www.freiburg-schwarzwald.de\/blog\/engagement\/zukunft\/demokratie\/grundgesetz\/\">Grundgesetz<\/a><\/li>\n<li><a title=\"Migrantenkinder\" href=\"https:\/\/www.freiburg-schwarzwald.de\/blog\/global\/migration\/migrantenkinder\/\">Migrantenkinder<\/a><\/li>\n<li><a title=\"Migration\" href=\"https:\/\/www.freiburg-schwarzwald.de\/blog\/global\/migration\/\">Migration<\/a><\/li>\n<li><a title=\"Nationalismus\" href=\"https:\/\/www.freiburg-schwarzwald.de\/blog\/engagement\/zukunft\/demokratie\/nationalismus\/\">Nationalismus<\/a><\/li>\n<li><a href=\"https:\/\/www.freiburg-schwarzwald.de\/blog\/business\/volkswirtschaft\/niedergang\/\">Niedergang<\/a><\/li>\n<li><a title=\"Patriotismus\" href=\"https:\/\/www.freiburg-schwarzwald.de\/blog\/engagement\/zukunft\/demokratie\/patriotismus\/\">Patriotismus<\/a><\/li>\n<li><a title=\"Rechtsstaat\" href=\"https:\/\/www.freiburg-schwarzwald.de\/blog\/selbsthilfe\/soziales\/justiz\/rechtsstaat\/\">Rechtsstaat<\/a><\/li>\n<li><a title=\"Rente\" href=\"https:\/\/www.freiburg-schwarzwald.de\/blog\/selbsthilfe\/soziales\/arbeit\/rente\/\">Rente<\/a><\/li>\n<li><a title=\"Senioren\" href=\"https:\/\/www.freiburg-schwarzwald.de\/blog\/selbsthilfe\/senioren\/\">Senioren<\/a><\/li>\n<li><a href=\"https:\/\/www.freiburg-schwarzwald.de\/blog\/selbsthilfe\/soziales\/sozialstaat\/sozial\/\">sozial<\/a><\/li>\n<li><a title=\"Sozialstaat\" href=\"https:\/\/www.freiburg-schwarzwald.de\/blog\/selbsthilfe\/soziales\/sozialstaat\/\">Sozialstaat<\/a><\/li>\n<li><a title=\"Staatsbuergerschaft\" href=\"https:\/\/www.freiburg-schwarzwald.de\/blog\/engagement\/zukunft\/demokratie\/staatsbuergerschaft\/\">Staatsb\u00fcrgerschaft<\/a><\/li>\n<li><a title=\"Steuern\" href=\"https:\/\/www.freiburg-schwarzwald.de\/blog\/engagement\/verbraucher\/steuern\/\">Steuern<\/a><\/li>\n<li><a title=\"Volk\" href=\"https:\/\/www.freiburg-schwarzwald.de\/blog\/engagement\/zukunft\/demokratie\/volk\/\">Volk<\/a><\/li>\n<li><a title=\"Werte\" href=\"https:\/\/www.freiburg-schwarzwald.de\/blog\/global\/integration\/werte\/\">Werte<\/a><\/li>\n<li><a title=\"Zukunftsfaehiges-Deutschland\" href=\"https:\/\/www.freiburg-schwarzwald.de\/blog\/engagement\/zukunft\/zukunftsfaehiges-deutschland\/\">Zukunftsf\u00e4higes Deutschland<\/a><\/li>\n<\/ul>\n<p>&nbsp;<\/p>\n<p><a href=\"https:\/\/www.freiburg-schwarzwald.de\/blog\/wp-content\/uploads\/2023\/02\/generationen-deutschland-klonovsky2023.jpg\"><img loading=\"lazy\" decoding=\"async\" class=\"alignnone size-full wp-image-110026\" src=\"https:\/\/www.freiburg-schwarzwald.de\/blog\/wp-content\/uploads\/2023\/02\/generationen-deutschland-klonovsky2023.jpg\" alt=\"\" width=\"640\" height=\"577\" srcset=\"https:\/\/www.freiburg-schwarzwald.de\/blog\/wp-content\/uploads\/2023\/02\/generationen-deutschland-klonovsky2023.jpg 640w, https:\/\/www.freiburg-schwarzwald.de\/blog\/wp-content\/uploads\/2023\/02\/generationen-deutschland-klonovsky2023-180x162.jpg 180w\" sizes=\"auto, (max-width: 640px) 100vw, 640px\" \/><\/a><\/p>\n<p><a href=\"https:\/\/www.klonovsky.de\/2022\/03\/16-maerz-2022\/\"> https:\/\/www.klonovsky.de\/2022\/03\/16-maerz-2022\/<\/a><br \/>\n=========================================================<br \/>\n.<\/p>\n<p><strong>Jetzt geht es um die wirtschaftliche Substanz Deutschlands \u2013 und um die neue Generation<\/strong><br \/>\n<strong>Die Erben-Generation<\/strong><br \/>\nNach nur zwei Jahren Ampel geht es an die wirtschaftliche Substanz Deutschlands. Wohl noch nie in der Geschichte hat eine Regierung derartig sehenden Auges das ihr anvertraute Land ruiniert &#8211; selbst Argentinien hat daf\u00fcr l\u00e4nger ben\u00f6tigt. Erst geht es bergab, aber aus dem Scheitern erw\u00e4chst neue Kraft.<br \/>\nDer VW-Konzern wird wohl zwei weitere Werke schlie\u00dfen, nachdem der ebenfalls unter diesem Dach herumfuhrwerkende AUDI bereits ein Werk in Br\u00fcssel zur Disposition gestellt hat.<br \/>\nBeim letzten nennenswerten Stahlkonzern Thyssen-Krupp kann jeden Tag der Ofen aus sein. Schnell noch zwei Milliarden f\u00fcr den Umbau zur Herstellung von \u201egr\u00fcnem Stahl\u201c kassiert \u2013 jetzt droht die Pleite, und Stahl ist grasgr\u00fcn. N\u00e4mlich nicht vorhanden.<br \/>\nMit der Meyer-Werft in Papenburg versinkt die letzte namhafte deutsche Werft; sie wird k\u00fcnstlich noch mit etwas Staatsknete \u00fcber Wasser gehalten. Aber die Lecks sind zu gro\u00df.<br \/>\nMiele gibt sich gr\u00fcn und woke, k\u00e4mpft gegen die AfD und verlagert die Produktion nach Polen. Die Gummi-Industrie, Michelin usw. schlie\u00dfen ihre deutschen Reifen-Werke.<br \/>\nDas sind die gro\u00dfen Namen. Die Kleineren kennt man kaum bis nicht, nennt man nicht, und doch gehen mit ihnen die Jobs von Tausenden zu Ende und Know How verloren.<br \/>\nAufk\u00e4ufer aus Indien und China machen ihre Runde. Sie kaufen Werke, bauen ab, bauen wieder auf und futsch.<br \/>\nWintershall-Dea, wichtiger Rohstoff- und Energieversorger, wurde von der BASF gerade an den britischen Konkurrenten verkauft. 500 Mitarbeiter in der Zentrale in Kassel verlieren ihren Job. Zwei d\u00fcrfen verbleiben. Der Industriestandort Deutschland wird gepl\u00fcndert.<br \/>\nWas verloren ist, kommt nicht wieder.<br \/>\n&#8230;<br \/>\nNoch sind phantastische Grundlagen in Wissenschaft, Technik und Forschung vorhanden, die nur von den auf ihnen lastenden Genderwissenschaftlern befreit werden m\u00fcssten. Niemand zwingt Deutschland dazu, weiter Ministerien zu unterhalten, die nur die parteipolitische Parit\u00e4t bedienen. Fachkr\u00e4ftemangel w\u00e4re beseitigt, wenn der \u00f6ffentliche Dienst verschlankt und auf seine wesentlichen Funktionen zur\u00fcckgef\u00fchrt werden w\u00fcrde. Die allermeisten Polizisten w\u00e4ren gl\u00fccklich, wenn sie ihre Schutzfunktion wahrnehmen d\u00fcrften und erwarten k\u00f6nnten, dass T\u00e4ter auch als solche behandelt und nicht hofiert werden, wenn die gerichts\u00fcbliche T\u00e4ter-Opfer-Umkehr aufgegeben w\u00fcrde.<br \/>\nDaf\u00fcr allerdings w\u00e4re ein breiter Bewusstseinswandel notwendig. In der j\u00fcngsten Generation gibt es Ans\u00e4tze f\u00fcr eine neue \u201eskeptische Generation\u201c, auf die Norbert Bolz hingewiesen hat: ein Begriff urspr\u00fcnglich von Helmut Schelsky f\u00fcr die Generation der unmittelbaren Nachkriegszeit. Nach den Erfahrungen, die sie mit Nationalsozialismus und Weltkrieg erlitten hatten, waren sie kritisch jeder Ideologie gegen\u00fcber. F\u00fcr sie z\u00e4hlte Leistung und K\u00f6nnen. Statt gro\u00dfen Visionen irgendwelcher \u201eGro\u00dfen Transformationen\u201c folgten sie dem Prinzip Ausprobieren: Trial and Error, Probieren und Korrigieren, wie es Sir Karl Popper als Denk- und Handlungsprinzip vorausgedacht hat. Von Helmut Schmidt, einem typischen Vertreter der desillusionierten und kritischen Generation, stammt das Wort: \u201eWenn ich Visionen habe, gehe ich zum Augenarzt\u201c. Wer mit dieser N\u00fcchternheit an Energiewende, Migrationspolitik oder auch an die verordnete Gesellschaftspolitik der sexuellen Transformation unserer Kinder herangeht, braucht eine Dauerkarte beim Augenarzt. Oder er lacht einfach dar\u00fcber. Und wer glaubt schon daran, dass es 96 verschiedene Geschlechter gibt?<br \/>\nWenn sie jetzt lachen, ist schon wieder ein Mitglied f\u00fcr die skeptische Generation gewonnen. Und die Wirklichkeit gewinnt bekanntlich immer.<br \/>\n&#8230; Alles vom 8.9.2024 von Roland Tichy bitte lesen auf<br \/>\n<a href=\"https:\/\/www.tichyseinblick.de\/tichys-einblick\/jetzt-geht-es-um-die-wirtschaftliche-substanz-deutschlands-und-um-die-neue-generation\/\">https:\/\/www.tichyseinblick.de\/tichys-einblick\/jetzt-geht-es-um-die-wirtschaftliche-substanz-deutschlands-und-um-die-neue-generation\/<\/a><\/p>\n<p>&nbsp;<\/p>\n<p><strong>Raffelh\u00fcschen: Kinder contra Generationenbertrag<\/strong><br \/>\n\u201eWenn wir sagen: Die Leistung des Sozialstaats k\u00f6nnen wir nicht einschr\u00e4nken \u2013 das f\u00fchrt dazu, da\u00df immer der junge Mensch daf\u00fcr verantwortlich ist, den Sozialstaat aufrechtzuerhalten. Deshalb sind unsere Generationenvertr\u00e4ge nicht nachhaltig finanzierbar. Die junge Generation wird mit Beitragss\u00e4tzen von 55, 60 Prozent leben m\u00fcssen. Sie wird mit Steuers\u00e4tzen leben m\u00fcssen, die nicht mehr 23, 24 Prozent des Bruttoinlandsprodukts ausmachen, sondern 28, 29 oder 30 Prozent des BIP. Die Jungen werden sehen, da\u00df ein Drittel bis die H\u00e4lfte des Bundeshaushalts in die Rentenkassen und die Gesundheitsausgaben flie\u00dft. Damit zwingen wir unsere Kinder eigentlich, den Generationenvertrag zu k\u00fcndigen.\u201c<br \/>\nBernd Raffelh\u00fcschen, Professor f\u00fcr Finanzwissenschaft an der Albert-Ludwigs-Universit\u00e4t Freiburg, auf \u201eFocus online\u201c am 20. M\u00e4rz 2023<\/p>\n<p>&nbsp;<\/p>\n<p><strong>Raffelh\u00fcschen: 2\/3 Sozialabgaben und 1\/3 Steuern, um aktuelles Niveau zu halten<\/strong><br \/>\nWill man das derzeitige Leistungsniveau in der Renten-, Kranken- und Pflegeversicherung halten, m\u00fcssten zuk\u00fcnftige Beitragszahler willens sein, fast zwei Drittel ihres Einkommens an Sozialabgaben und das restliche Drittel an Steuern abzuf\u00fchren. Das hieraus resultierende Akzeptanzproblem zuk\u00fcnftiger Generationen mit den bestehenden Generationenvertr\u00e4gen ist nur zu offensichtlich.<br \/>\nWill man zuk\u00fcnftigen Generationen dieses Dilemma ersparen, so bleibt nur der Weg der intergenerativen Gleichbehandlung durch eingefrorene Beitragss\u00e4tze bei endogener Anpassung des Leistungsniveaus.<br \/>\nDieser Weg, der mit den Rentenreformen der Agenda 2010 bereits unter der Kanzlerschaft von Gerhard Schr\u00f6der erstmals beschritten wurde, ist zugleich generationen- und verursachergerecht. Denn die Beitragszahler der Zukunft sind nicht verantwortlich f\u00fcr die Anzahl der \u00e4lteren Leistungsempf\u00e4nger, wohingegen die geburtenstarken Jahrg\u00e4nge sehr wohl verantwortlich sind f\u00fcr die geringe Anzahl der Beitragszahler. Korrigieren k\u00f6nnen sie hieran allerdings nichts mehr, und deshalb muss die Botschaft an den Verursacher ganz eindeutig sein: Die geburtenstarken Jahrg\u00e4nge werden f\u00fcr ein geringeres Rentenniveau l\u00e4nger arbeiten m\u00fcssen \u2013 das haben sie sich selbst so verdient.<br \/>\n&#8230; Alles vom 13.10.2018 von Bernd Raffelh\u00fcschen bitte lesen auf<br \/>\n<a href=\"https:\/\/www.theeuropean.de\/bernd-raffelhueschen\/14834-deutsche-willkommenskultur\">https:\/\/www.theeuropean.de\/bernd-raffelhueschen\/14834-deutsche-willkommenskultur<\/a><br \/>\n.<br \/>\nVollst\u00e4ndigen Artikel unter \u201eCESifo\u201c lesen:<br \/>\n<a href=\"https:\/\/www.cesifo-group.de\/DocDL\/sd-2018-18-chiemsee-konferenz-raffelhueschen.pdf\">https:\/\/www.cesifo-group.de\/DocDL\/sd-2018-18-chiemsee-konferenz-raffelhueschen.pdf<\/a><\/p>\n<p>&nbsp;<\/p>\n","protected":false},"excerpt":{"rendered":"<p>Home\u00a0&gt;Engagement\u00a0&gt;Zukunft &gt;Generationenvertrag Listenauswahl eines Beitrags: Bitte\u00a0anklicken\u00a0oder runterscrollen Rente \u2013 JU \u2013 Prof Raffelh\u00fcschen\u00a0(3.12.2025) \u201eGenerationenvertrag\u201c\u2013 Warum noch mitmachen und zahlen f\u00fcr Rente und Gesundheit?\u00a0(17.11.2025) Einige Zahlen zur Erhellung der Rentendebatte (11.8.2025) Jetzt geht es um die wirtschaftliche Substanz Deutschlands \u2013 und &hellip; <a href=\"https:\/\/www.freiburg-schwarzwald.de\/blog\/engagement\/zukunft\/generationenvertrag\/\">Weiterlesen <span class=\"meta-nav\">&rarr;<\/span><\/a><\/p>\n","protected":false},"author":2,"featured_media":0,"parent":2250,"menu_order":0,"comment_status":"open","ping_status":"closed","template":"","meta":{"footnotes":""},"class_list":["post-68418","page","type-page","status-publish","hentry"],"_links":{"self":[{"href":"https:\/\/www.freiburg-schwarzwald.de\/blog\/wp-json\/wp\/v2\/pages\/68418","targetHints":{"allow":["GET"]}}],"collection":[{"href":"https:\/\/www.freiburg-schwarzwald.de\/blog\/wp-json\/wp\/v2\/pages"}],"about":[{"href":"https:\/\/www.freiburg-schwarzwald.de\/blog\/wp-json\/wp\/v2\/types\/page"}],"author":[{"embeddable":true,"href":"https:\/\/www.freiburg-schwarzwald.de\/blog\/wp-json\/wp\/v2\/users\/2"}],"replies":[{"embeddable":true,"href":"https:\/\/www.freiburg-schwarzwald.de\/blog\/wp-json\/wp\/v2\/comments?post=68418"}],"version-history":[{"count":5,"href":"https:\/\/www.freiburg-schwarzwald.de\/blog\/wp-json\/wp\/v2\/pages\/68418\/revisions"}],"predecessor-version":[{"id":142406,"href":"https:\/\/www.freiburg-schwarzwald.de\/blog\/wp-json\/wp\/v2\/pages\/68418\/revisions\/142406"}],"up":[{"embeddable":true,"href":"https:\/\/www.freiburg-schwarzwald.de\/blog\/wp-json\/wp\/v2\/pages\/2250"}],"wp:attachment":[{"href":"https:\/\/www.freiburg-schwarzwald.de\/blog\/wp-json\/wp\/v2\/media?parent=68418"}],"curies":[{"name":"wp","href":"https:\/\/api.w.org\/{rel}","templated":true}]}}