{"id":68186,"date":"2018-09-21T12:05:33","date_gmt":"2018-09-21T10:05:33","guid":{"rendered":"https:\/\/www.freiburg-schwarzwald.de\/blog\/?page_id=68186"},"modified":"2026-01-09T16:38:37","modified_gmt":"2026-01-09T15:38:37","slug":"global-migration","status":"publish","type":"page","link":"https:\/\/www.freiburg-schwarzwald.de\/blog\/global\/globalisierung\/global-migration\/","title":{"rendered":"Global-Migration"},"content":{"rendered":"<p><a href=\"https:\/\/www.freiburg-schwarzwald.de\/blog\">Home<\/a>\u00a0&gt;<a title=\"Global\" href=\"https:\/\/www.freiburg-schwarzwald.de\/blog\/global\/\">Global<\/a>\u00a0&gt;<a title=\"Globalisierung\" href=\"https:\/\/www.freiburg-schwarzwald.de\/blog\/global\/globalisierung\/\">Globalisierung<\/a> &gt;Global-Migration<\/p>\n<div id=\"attachment_68141\" style=\"width: 649px\" class=\"wp-caption alignnone\"><a href=\"https:\/\/www.freiburg-schwarzwald.de\/blog\/kultur\/medien\/diskussionskultur\/platz-synagoge-fr-pan180912\/\" rel=\"attachment wp-att-68141\"><img loading=\"lazy\" decoding=\"async\" aria-describedby=\"caption-attachment-68141\" class=\"size-full wp-image-68141\" src=\"https:\/\/www.freiburg-schwarzwald.de\/blog\/wp-content\/uploads\/2016\/01\/platz-synagoge-FR-pan180912.jpg\" alt=\"Platz der Alten Synagoge in Freiburg am 12.9.2018\" width=\"639\" height=\"363\" srcset=\"https:\/\/www.freiburg-schwarzwald.de\/blog\/wp-content\/uploads\/2016\/01\/platz-synagoge-FR-pan180912.jpg 639w, https:\/\/www.freiburg-schwarzwald.de\/blog\/wp-content\/uploads\/2016\/01\/platz-synagoge-FR-pan180912-180x102.jpg 180w\" sizes=\"auto, (max-width: 639px) 100vw, 639px\" \/><\/a><p id=\"caption-attachment-68141\" class=\"wp-caption-text\">Platz der Alten Synagoge in Freiburg am 12.9.2018<\/p><\/div>\n<ul>\n<li><em>Listenauswahl eines Beitrags (Artikel\/Datum, Seite\/Inhalt):\u00a0<span style=\"text-decoration: underline;\">Klicken<\/span>\u00a0oder scrollen\u00a0<\/em><\/li>\n<li><a href=\"https:\/\/www.freiburg-schwarzwald.de\/blog\/global\/deutschland\/sieferle\/\">Sieferle \u201eEpochenwechsel\u201c: Universalismus (Migration) vs Partikularismus (Nationen)<\/a>\u00a0(7.1.2026)<\/li>\n<li><a href=\"https:\/\/www.freiburg-schwarzwald.de\/blog\/global\/globalisierung\/global-government\/informationsregime\/\">Facebooks neue Waffe: Eine KI trainiert auf dich \u2013 kontrolliert von den USA<\/a>\u00a0(17.4.2025)<\/li>\n<li><a href=\"https:\/\/www.freiburg-schwarzwald.de\/blog\/global\/migration\/replacement-migration\/\">Replacement Migration \u2013 Lesenswertes von den Vereinten Nationen<\/a> (23.7.2024)<\/li>\n<li><a href=\"https:\/\/www.freiburg-schwarzwald.de\/blog\/global\/globalisierung\/global-government\/\">Deutschland als Experimentierfeld der Globaliste<\/a>n (6.10.2023)<\/li>\n<li><a href=\"https:\/\/www.freiburg-schwarzwald.de\/blog\/global\/globalisierung\/great-rising\/\">Great Rising versus Great Reset<\/a>\u00a0(5.9.2023)<\/li>\n<li><a href=\"https:\/\/www.freiburg-schwarzwald.de\/blog\/global\/globalisierung\/global-government\/\">UNdemokratische \u00dcbernahme: Von \u201eGlobal Governance\u201c zu \u201eGlobal Government\u201c<\/a>\u00a0(15.7.2023)<\/li>\n<li><a href=\"https:\/\/www.freiburg-schwarzwald.de\/blog\/business\/gesund\/who\/\">WHO-Pandemievertrag \u2013 Nein!<\/a>\u00a0(5.7.2023)<\/li>\n<li><a href=\"https:\/\/www.freiburg-schwarzwald.de\/blog\/global\/globalisierung\/un\/\">Vereinten Nationen fordern Zensur \u2013 \u201eDesinformation\u201c und Meinungsfreiheit<\/a>\u00a0(28.6.2023)<\/li>\n<li><a href=\"https:\/\/www.freiburg-schwarzwald.de\/blog\/religion\/zivilreligion\/\">Vigano: Moral der neuen Weltordnung als globalistische Religion<\/a>\u00a0(8.3.2023)<\/li>\n<li><a href=\"https:\/\/www.freiburg-schwarzwald.de\/blog\/asylrecht-lockt-migranten-an\/\">Asylrecht lockt Migranten an<\/a>\u00a0(10.11.2021)<\/li>\n<li><a href=\"https:\/\/www.freiburg-schwarzwald.de\/blog\/engagement\/zukunft\/demokratie\/experiment\/\">Mounk-Experiment gescheitert?<\/a>\u00a0(6.11.2021)<\/li>\n<li><a href=\"https:\/\/www.freiburg-schwarzwald.de\/blog\/soehne-und-weltmacht-buch\/\">S\u00f6hne und Weltmacht \u2013 Buch von Gunnar Heinsohn<\/a>\u00a0(12.9.2021)<\/li>\n<li><a href=\"https:\/\/www.freiburg-schwarzwald.de\/blog\/engagement\/zukunft\/demokratie\/nation\/nation-building\/\">Universalismus-Anspruch des Westens ist am Ende<\/a>\u00a0(27.8.2021)<\/li>\n<li><a href=\"https:\/\/www.freiburg-schwarzwald.de\/blog\/global\/eu\/grenzen\/grenzenlos\/\">Grenzen \u2013 Ausgrenzung \u2013 grenzenlose Welt \u2013 offene Grenzen<\/a>\u00a0(25.8.2021)<\/li>\n<li><a href=\"https:\/\/www.freiburg-schwarzwald.de\/blog\/global\/globalisierung\/bigtech\/\">Elon Musk\/Tesla als Beispiel zur Allianz \u201eBig Tech mit Lifestyle-Linken\u201c<\/a>\u00a0(6.5.2021)<\/li>\n<li><a href=\"https:\/\/www.freiburg-schwarzwald.de\/blog\/global\/globalisierung\/macht\/\">Das kommende Machtmodell \u2013 Oligopoleigentum mit Linksideologie<\/a>\u00a0(30.12.2020)<\/li>\n<li><a href=\"https:\/\/www.freiburg-schwarzwald.de\/blog\/rcep-und-eu-auf-und-ab\/\">RCEP und EU \u2013 Auf und\u00a0 Ab<\/a>\u00a0(16.11.2020)<\/li>\n<li><a href=\"https:\/\/www.freiburg-schwarzwald.de\/blog\/global\/globalisierung\/nwo\/\">Globale Insti\u00adtu\u00adtionen statt Demo\u00adkratie?<\/a>\u00a0(21.10.2020)<\/li>\n<li><a href=\"https:\/\/www.freiburg-schwarzwald.de\/blog\/global\/globalisierung\/wef\/\">Partnerschaften des WEF: UN, Weltbank, Gates Foundation, WHO, \u2026.<\/a>\u00a0(18.10.2020)<\/li>\n<li><a title=\"Selbstaufgabe einer Zivilisation?\" href=\"https:\/\/www.freiburg-schwarzwald.de\/blog\/selbstaufgabe-einer-zivilisation\/\">Selbstaufgabe einer Zivilisation?<\/a>\u00a0(17.10.2020)<\/li>\n<li><a title=\"Migrationspakt\" href=\"https:\/\/www.freiburg-schwarzwald.de\/blog\/global\/eu\/migrationspakt\/\">Neuer EU-Migrationspakt: EU-Kommission plant an \u00d6ffentlichkeit vorbei \u2013 Soft Law<\/a>\u00a0(4.9.2020)<\/li>\n<li><a title=\"Voelkerwanderung\" href=\"https:\/\/www.freiburg-schwarzwald.de\/blog\/global\/voelkerwanderung\/\">Migrationsgrund laut UNO: Geldtranfer nach Hause (60%) \u2013 nicht Flucht (14%)<\/a>\u00a0(19.6.2020)<\/li>\n<li><a title=\"NWO\" href=\"https:\/\/www.freiburg-schwarzwald.de\/blog\/global\/globalisierung\/nwo\/\">Die Neue Weltordnung ist keine Verschw\u00f6rungstheorie<\/a>\u00a0(30.5.2020)<\/li>\n<li><a title=\"EU-Afrika\" href=\"https:\/\/www.freiburg-schwarzwald.de\/blog\/global\/eu\/eu-afrika\/\">EU-Parlaments-Entschlie\u00dfung f\u00fcr Menschen afrikanischer Abstammung: Kritik<\/a>\u00a0(20.12.2019)<\/li>\n<li><a title=\"Migration-Paradoxon\" href=\"https:\/\/www.freiburg-schwarzwald.de\/blog\/global\/migration\/migration-paradoxon\/\">Zusammenhang Sozialleistungen \u2013 Migration (Magnethypothese) nachgewiesen<\/a>\u00a0(13.12.2019)<\/li>\n<li><a title=\"Global-Migration\" href=\"https:\/\/www.freiburg-schwarzwald.de\/blog\/global\/globalisierung\/global-migration\/\">UN-Migrationspakt: Atemverschlagende Einfalt<\/a> (18.10.2019)<\/li>\n<li><a title=\"Europa-der-Vaterl\u00e4nder\" href=\"https:\/\/www.freiburg-schwarzwald.de\/blog\/global\/eu\/europa-der-vaterlaender\/\">Finkielkraut: Papst unterzeichnete den Tod Europas<\/a>\u00a0 (31.5.2019)<\/li>\n<li>Migrationspakt doch verbindlich &#8211; Geheimverhandlungen (23.5.2019)<\/li>\n<li><a href=\"https:\/\/www.freiburg-schwarzwald.de\/blog\/no-fake-gcm-doch-verbindlich\/\">https:\/\/www.freiburg-schwarzwald.de\/blog\/no-fake-gcm-doch-verbindlich\/<\/a>\u00a0(21.3.2019)<\/li>\n<li>Migrationspakt ist wohl doch rechtsverbindlich (19.3.2019)<\/li>\n<li>UN-Migrationspakt: 5 dagegen, 12 enthalten\u00a0 (4.1.2019)<\/li>\n<li><a href=\"https:\/\/www.freiburg-schwarzwald.de\/blog\/gleiches-recht-alle-zuwanderer\/\">https:\/\/www.freiburg-schwarzwald.de\/blog\/gleiches-recht-alle-zuwanderer\/<\/a> (24.12.2018)<\/li>\n<li>Vier Ziele des Migrationspaktes f\u00fcr\u00a0<a title=\"One-World\" href=\"https:\/\/www.freiburg-schwarzwald.de\/blog\/global\/globalisierung\/one-world\/\">OneWorld<\/a>\u00a0(7.12.2018)<\/li>\n<li>Eugen Abler (CDU-MdB): Unterschrift zum Migrationspakt ist Landesverrat (7.12.2018)<\/li>\n<li><a href=\"https:\/\/www.freiburg-schwarzwald.de\/blog\/france-generaele-gegen-gcm\/\">https:\/\/www.freiburg-schwarzwald.de\/blog\/france-generaele-gegen-gcm\/<\/a> (10.12.2018)<\/li>\n<li>Migrationspakt: Ohne Grenzen wird jeder Grenz\u00fcbertritt legal (2.12.2018)<\/li>\n<li><a title=\"Bundestag\" href=\"https:\/\/www.freiburg-schwarzwald.de\/blog\/engagement\/zukunft\/demokratie\/bundestag\/\">Bundestag: Geistige Bequemlichkeit dank Anti-AfD-Reflex<\/a>\u00a0(23.11.2018)<\/li>\n<li><a href=\"https:\/\/www.freiburg-schwarzwald.de\/blog\/eine-einladung-an-alle-der-gcm\/\">https:\/\/www.freiburg-schwarzwald.de\/blog\/eine-einladung-an-alle-der-gcm\/<\/a> (26.11.2018)<\/li>\n<li>Deutsches Strebertum wird Migrationspakt bis hinters Komma umsetzen (22.11.2018)<\/li>\n<li><a title=\"UN-Fl\u00fcchtlingspakt\" href=\"https:\/\/www.freiburg-schwarzwald.de\/blog\/global\/migration\/un-fluechtlingspakt\/\">UN-Fl\u00fcchtlingspakt: Petition gegen Unterzeichnung bitte unterst\u00fctzen<\/a> (24.11.2018)<\/li>\n<li><a title=\"Polen\" href=\"https:\/\/www.freiburg-schwarzwald.de\/blog\/global\/polen\/\">Kurz: Es gibt nicht die guten, moralisch \u00fcberlegenen Westeurop\u00e4er<\/a>\u00a0 (23.11.2018)<\/li>\n<li><a href=\"https:\/\/www.freiburg-schwarzwald.de\/blog\/palmer-migrationspakt-so-nicht\/\">https:\/\/www.freiburg-schwarzwald.de\/blog\/palmer-migrationspakt-so-nicht\/<\/a> (20.11.2018)<\/li>\n<li>RTL-Chef J\u00f6rz Zajonic zum UN-Migrationspakt (16.11.2018)<\/li>\n<li>Mit dem Migrationspakt wird die Souver\u00e4nit\u00e4t demokratischer Nationalstaaten untergraben (15.11.2018)<\/li>\n<li><a href=\"https:\/\/www.freiburg-schwarzwald.de\/blog\/aerzte-fernreisen-dank-un-pakt\/\">https:\/\/www.freiburg-schwarzwald.de\/blog\/aerzte-fernreisen-dank-un-pakt\/<\/a> (12.11.2018)<\/li>\n<li>UNO-Mitgliedstaaten: Migration ist ein Menschenrecht (11.11.2018)<\/li>\n<li>Migrationpakt statt Geburtenkontrolle (10.11.2018)<\/li>\n<li>Anh\u00f6rung zum UN-Migrationspakt am 8.11.2018 im Bundestag mit Rede von Gauland (9.11.2018)<\/li>\n<li>Alexander Mitsch (CDU-Werteunion) fordert Diskussion \u00fcber UN-Migrationspakt (8.11.2018)<\/li>\n<li><a href=\"https:\/\/www.freiburg-schwarzwald.de\/blog\/demokratie-lebt-von-debatte\/\">https:\/\/www.freiburg-schwarzwald.de\/blog\/demokratie-lebt-von-debatte\/<\/a> (8.11.2018)<\/li>\n<li>GCfM macht Abweisungen von Migranten an der Grenze unm\u00f6glich (8.11.2018)<\/li>\n<li>GCfM (Global Compact for Migration): 23 mal &#8222;Wir verpflichten uns&#8220; zu Recht auf Migration (8.11.2018)<\/li>\n<li><a title=\"Satire\" href=\"https:\/\/www.freiburg-schwarzwald.de\/blog\/kultur\/kunst\/satire\/\">Mexikanische Besiedlung der T\u00fcrkei und der UN-Migrationspakt<\/a>\u00a0&gt;Satire (7.11.2018)<\/li>\n<li><a href=\"https:\/\/www.freiburg-schwarzwald.de\/blog\/oesterreich-ist-frei-gegen-gcm\/\">https:\/\/www.freiburg-schwarzwald.de\/blog\/oesterreich-ist-frei-gegen-gcm\/<\/a> (3.11.2018)<\/li>\n<li>\u00d6sterreich zieht sich aus UNO-Migrationspakt zur\u00fcck (31.10.2018)<\/li>\n<li>GCM &#8211; naive Sicht auf die Migration (20.10.2018)<\/li>\n<li>Nicolaus Fest: &#8222;Global Migration Compact&#8220; verhindern (1.10.2018)<\/li>\n<li>Globaler Pakt f\u00fcr Migration &#8211; Petition (21.9.2018)<\/li>\n<li><a title=\"Global Compact on Refugees\" href=\"https:\/\/www.freiburg-schwarzwald.de\/blog\/global-compact-on-refugees\/\">Global Compact on Refugees<\/a>\u00a0(18.7.2018)<\/li>\n<li><a title=\"Hunger\" href=\"https:\/\/www.freiburg-schwarzwald.de\/blog\/global\/hunger\/\">Hoimar von Ditfurth: Die m\u00f6rderische Konsequenz des Mitleids<\/a>\u00a0(13.8.1984)<\/li>\n<\/ul>\n<ul>\n<li><a title=\"Bevoelkerungsaustausch\" href=\"https:\/\/www.freiburg-schwarzwald.de\/blog\/engagement\/zukunft\/demografie\/bevoelkerungsaustausch\/\">Bev\u00f6lkerungsaustausch<\/a><\/li>\n<li><a href=\"https:\/\/www.freiburg-schwarzwald.de\/blog\/global\/globalisierung\/bigtech\/\">BigTech<\/a><\/li>\n<li><a title=\"Budapest-Dublin2015\" href=\"https:\/\/www.freiburg-schwarzwald.de\/blog\/global\/eu\/budapest-dublin2015\/\">Budapest-Dublin2015<\/a><\/li>\n<li><a title=\"EU-Afrika\" href=\"https:\/\/www.freiburg-schwarzwald.de\/blog\/global\/eu\/eu-afrika\/\">EU-Afrika<\/a><\/li>\n<li><a title=\"UN-Fl\u00fcchtlingspakt\" href=\"https:\/\/www.freiburg-schwarzwald.de\/blog\/global\/migration\/un-fluechtlingspakt\/\">EU-Fl\u00fcchtlingspakt<\/a><\/li>\n<li><a href=\"https:\/\/www.freiburg-schwarzwald.de\/blog\/engagement\/zukunft\/demokratie\/experiment\/\">Experiment &#8211; Mounk<\/a><\/li>\n<li><a title=\"Fluechtlinge\" href=\"https:\/\/www.freiburg-schwarzwald.de\/blog\/global\/integration\/fluechtlinge\/\">Fl\u00fcchtlinge<\/a><\/li>\n<li><a href=\"https:\/\/www.freiburg-schwarzwald.de\/blog\/global\/globalisierung\/global-government\/\">Global-Government<\/a><\/li>\n<li><a href=\"https:\/\/www.freiburg-schwarzwald.de\/blog\/global\/globalisierung\/great-rising\/\">Great-Rising<\/a><\/li>\n<li><a href=\"https:\/\/www.freiburg-schwarzwald.de\/blog\/global\/eu\/grenzen\/grenzenlos\/\">grenzenlos<\/a><\/li>\n<li><a title=\"Grenz\u00f6ffnung2015\" href=\"https:\/\/www.freiburg-schwarzwald.de\/blog\/global\/deutschland\/grenzoeffnung2015\/\">Grenz\u00f6ffnung2015<\/a><\/li>\n<li><a title=\"Groessenwahn\" href=\"https:\/\/www.freiburg-schwarzwald.de\/blog\/engagement\/zukunft\/groessenwahn\/\">Gr\u00f6\u00dfenwahn<\/a><\/li>\n<li><a href=\"https:\/\/www.freiburg-schwarzwald.de\/blog\/global\/globalisierung\/global-government\/informationsregime\/\">Informationsregime<\/a><\/li>\n<li><a title=\"Integration-Islam\" href=\"https:\/\/www.freiburg-schwarzwald.de\/blog\/global\/integration\/integration-islam\/\">Integration-Islam<\/a><\/li>\n<li><a title=\"Integrieren\" href=\"https:\/\/www.freiburg-schwarzwald.de\/blog\/global\/integration\/integrieren\/\">Integrieren<\/a><\/li>\n<li><a title=\"Islam\" href=\"https:\/\/www.freiburg-schwarzwald.de\/blog\/religion\/islam\/\">Islam<\/a><\/li>\n<li><a title=\"Kontrollierte-Grenzen\" href=\"https:\/\/www.freiburg-schwarzwald.de\/blog\/global\/migration\/kontrollierte-grenzen\/\">Kontrollierte-Grenzen<\/a><\/li>\n<li><a title=\"Kontrollverlust\" href=\"https:\/\/www.freiburg-schwarzwald.de\/blog\/engagement\/zukunft\/demokratie\/kontrollverlust\/\">Kontrollverlust des deutschen Staates<\/a><\/li>\n<li><a href=\"https:\/\/www.freiburg-schwarzwald.de\/blog\/global\/globalisierung\/macht\/\">Macht<\/a><\/li>\n<li><a title=\"Menschenrechte\" href=\"https:\/\/www.freiburg-schwarzwald.de\/blog\/kultur\/aufklaerung\/menschenrechte\/\">Menschenrechte<\/a><\/li>\n<li><a title=\"Migration-Zahlen\" href=\"https:\/\/www.freiburg-schwarzwald.de\/blog\/global\/migration\/migration-zahlen\/\">Migration-Zahlen<\/a><\/li>\n<li><a title=\"Migrationsindustrie\" href=\"https:\/\/www.freiburg-schwarzwald.de\/blog\/global\/integration\/migrationsindustrie\/\">Migrationsindustrie<\/a><\/li>\n<li><a title=\"Migrationspakt\" href=\"https:\/\/www.freiburg-schwarzwald.de\/blog\/global\/eu\/migrationspakt\/\">Migrationspakt der EU<\/a><\/li>\n<li><a href=\"https:\/\/www.freiburg-schwarzwald.de\/blog\/engagement\/zukunft\/demokratie\/nation\/nation-building\/\">Nation-Building<\/a><\/li>\n<li><a title=\"Neuansiedlung\" href=\"https:\/\/www.freiburg-schwarzwald.de\/blog\/global\/integration\/neuansiedlung\/\">Neuansiedlung<\/a><\/li>\n<li><a title=\"NWO\" href=\"https:\/\/www.freiburg-schwarzwald.de\/blog\/global\/globalisierung\/nwo\/\">NWO<\/a><\/li>\n<li><a title=\"One-World\" href=\"https:\/\/www.freiburg-schwarzwald.de\/blog\/global\/globalisierung\/one-world\/\">One-World<\/a><\/li>\n<li><a href=\"https:\/\/www.freiburg-schwarzwald.de\/blog\/global\/migration\/replacement-migration\/\">Replacement-Migration<\/a><\/li>\n<li><a title=\"UMF\" href=\"https:\/\/www.freiburg-schwarzwald.de\/blog\/global\/integration\/umf\/\">UMF<\/a><\/li>\n<li><a title=\"UN-Fl\u00fcchtlingspakt\" href=\"https:\/\/www.freiburg-schwarzwald.de\/blog\/global\/migration\/un-fluechtlingspakt\/\">UN-Fl\u00fcchtlingspakt<\/a><\/li>\n<li><a href=\"https:\/\/www.freiburg-schwarzwald.de\/blog\/global\/globalisierung\/un\/\">UN<\/a><\/li>\n<li><a title=\"Versorgungsmigration\" href=\"https:\/\/www.freiburg-schwarzwald.de\/blog\/global\/migration\/versorgungsmigration\/\">Versorgungsmigration<\/a><\/li>\n<li><a title=\"Voelkerwanderung\" href=\"https:\/\/www.freiburg-schwarzwald.de\/blog\/global\/voelkerwanderung\/\">Voelkerwanderung<\/a><\/li>\n<li><a href=\"https:\/\/www.freiburg-schwarzwald.de\/blog\/global\/globalisierung\/wef\/\">WEF<\/a><\/li>\n<li><a title=\"Werte\" href=\"https:\/\/www.freiburg-schwarzwald.de\/blog\/global\/integration\/werte\/\">Werte \u2013 Integration<\/a><\/li>\n<\/ul>\n<p>&nbsp;<\/p>\n<p><strong>\u00a0Unterschiedliche Namen des Migrationspakts:<\/strong><br \/>\n<strong>&#8211; Global Compact for Migration, kurz: GCM<\/strong><br \/>\n<strong> &#8211; UN-Migrationspakt<\/strong><br \/>\n<strong> &#8211; Globaler Migrationspakt<\/strong><br \/>\n.<\/p>\n<p>&nbsp;<\/p>\n<p><a href=\"https:\/\/www.freiburg-schwarzwald.de\/blog\/global\/afrika\/afrika-d-us-cn-ind\/\" rel=\"attachment wp-att-68933\"><img loading=\"lazy\" decoding=\"async\" class=\"alignnone size-thumbnail wp-image-68933\" src=\"https:\/\/www.freiburg-schwarzwald.de\/blog\/wp-content\/uploads\/2013\/05\/afrika-D-US-CN-IND-141x180.jpg\" alt=\"afrika-D--US-CN-IND\" width=\"141\" height=\"180\" srcset=\"https:\/\/www.freiburg-schwarzwald.de\/blog\/wp-content\/uploads\/2013\/05\/afrika-D-US-CN-IND-141x180.jpg 141w, https:\/\/www.freiburg-schwarzwald.de\/blog\/wp-content\/uploads\/2013\/05\/afrika-D-US-CN-IND.jpg 498w\" sizes=\"auto, (max-width: 141px) 100vw, 141px\" \/><\/a><\/p>\n<p>Gegen\u00fcber dem kleinen, aber\u00a0<a title=\"Groessenwahn\" href=\"https:\/\/www.freiburg-schwarzwald.de\/blog\/engagement\/zukunft\/groessenwahn\/\">gr\u00f6\u00dfenwahnsinnigen<\/a>\u00a0Deutschland (oben blau) ist Afrika gro\u00df:<br \/>\nDie USA (gr\u00fcn), Indien (orange) und China (gelb) passen rein und dann bleibt noch viel Platz.<br \/>\nDies ist kein Fake, sondern wahr: Schauen Sie nach unter\u00a0<a href=\"https:\/\/www.thetruesize.com\/\">https:\/\/www.thetruesize.com<\/a><br \/>\nAlexander Gauland am 18.11.2018 zum Migrationspakt sowie Bundeshaushalt 2019<br \/>\n(diese Rede wurde von Schweizer Medien als &#8222;\u00e4u\u00dferst informativ&#8220; bezeichnet):<br \/>\n<a href=\"https:\/\/www.youtube.com\/watch?v=mraQE-lNvn4\">https:\/\/www.youtube.com\/watch?v=mraQE-lNvn4<\/a><\/p>\n<p>Globaler UN-Migrationspakt nicht bindend?<br \/>\n<a href=\"https:\/\/www.youtube.com\/watch?v=GF4q0v-iRhw\">https:\/\/www.youtube.com\/watch?v=GF4q0v-iRhw<\/a><\/p>\n<p>Dr. Gottfried Curio AfD in Dessau. Rede zum UN-Migrationspakt. 04.11.2018<br \/>\n<a href=\"https:\/\/www.youtube.com\/watch?v=lWcTviA1kyw\">https:\/\/www.youtube.com\/watch?v=lWcTviA1kyw<\/a><\/p>\n<p>Rede von J\u00f6rg Meuthen in Magdeburg &#8211; EU<br \/>\n<a href=\"https:\/\/www.youtube.com\/watch?v=qdjDBsNitIQ\">https:\/\/www.youtube.com\/watch?v=qdjDBsNitIQ<\/a><\/p>\n<p>.&#8212;&#8212;&#8212;&#8212;&#8212;&#8212;&#8212;&#8212;&#8212;<\/p>\n<p>&nbsp;<\/p>\n<p><strong>Migrationspakt doch verbindlich &#8211; Geheimverhandlungen<\/strong><br \/>\nDer Migrationspakt sollte erst an der \u00d6ffentlichkeit vorbei gelotst werden, dann, als das schief ging, wurde versichert, er sei nur eine unverbindliche Absichtserkl\u00e4rung. Inzwischen sickerte durch, dass er verbindlich f\u00fcr alle EU-L\u00e4nder gemacht werden soll, auch diejenigen, die den Pakt abgelehnt haben. Das soll die \u00d6ffentlichkeit aber nicht mitkriegen<br \/>\nWie war noch mal der Spruch des EU-Kommissionspr\u00e4sidenten Jean-Claude Juncker? \u201eWir beschlie\u00dfen etwas, stellen das dann in den Raum und warten einige Zeit ab, was passiert. Wenn es dann kein gro\u00dfes Geschrei gibt und keine Aufst\u00e4nde, weil die meisten gar nicht begreifen, was da beschlossen wurde, dann machen wir weiter \u2013 Schritt f\u00fcr Schritt, bis es kein Zur\u00fcck mehr gibt.\u201d<br \/>\nNoch mal Juncker: \u201eWenn es ernst wird, muss man l\u00fcgen.\u201d Oder Gesetze brechen. Die werden, seit Angela Merkel Kanzlerin ist, sowieso wie unverbindliche Absichtserkl\u00e4rungen behandelt.<br \/>\nWie sagte Kanzlerin Merkel bereits vor Jahren? \u201e\u2026wir haben wahrlich keinen Rechtsanspruch auf Demokratie und soziale Marktwirtschaft auf alle Ewigkeit. \u201d &#8230; Alles vom 23.5.2019 bitte lesen auf<br \/>\n<a href=\"https:\/\/vera-lengsfeld.de\/2019\/05\/23\/das-strache-video-ist-eine-straftat\/\">https:\/\/vera-lengsfeld.de\/2019\/05\/23\/das-strache-video-ist-eine-straftat\/<\/a><br \/>\n.<br \/>\n17.5.2019<br \/>\n<a href=\"https:\/\/www.tagesspiegel.de\/politik\/geheime-besprechungen-beim-un-migrationspakt-auswaertiges-amt-raeumt-nichtoeffentliche-sitzungen-ein\/24354780.html\">https:\/\/www.tagesspiegel.de\/politik\/geheime-besprechungen-beim-un-migrationspakt-auswaertiges-amt-raeumt-nichtoeffentliche-sitzungen-ein\/24354780.html<\/a><\/p>\n<p>&nbsp;<\/p>\n<p><strong>Verschw\u00f6rungstheorien: Steinmeier und Geheimes zum UN-Migrationspakt<\/strong><br \/>\nDie Ironie in der Gleichzeitigkeit zweier aktueller Meldungen aus dem politischen Zirkus lie\u00df mich schmunzeln! Die eine Meldung tr\u00e4gt den Titel: Steinmeier ruft zum Kampf gegen Verschw\u00f6rungstheorien auf (welt.de, 17.5.2019)<br \/>\n<a href=\"https:\/\/www.welt.de\/politik\/deutschland\/article193707119\/Steinmeier-ruft-zum-Kampf-gegen-Verschwoerungstheorien-auf.html\">https:\/\/www.welt.de\/politik\/deutschland\/article193707119\/Steinmeier-ruft-zum-Kampf-gegen-Verschwoerungstheorien-auf.html<\/a><br \/>\nDie andere Meldung lautet: Geheime Besprechungen beim UN-Migrationspakt \u2013 Ausw\u00e4rtiges Amt r\u00e4umt nicht\u00f6ffentliche Sitzungen ein (tagesspiegel.de, 17.5.2019)<br \/>\n<a href=\"https:\/\/www.tagesspiegel.de\/politik\/geheime-besprechungen-beim-un-migrationspakt-auswaertiges-amt-raeumt-nichtoeffentliche-sitzungen-ein\/24354780.html\">https:\/\/www.tagesspiegel.de\/politik\/geheime-besprechungen-beim-un-migrationspakt-auswaertiges-amt-raeumt-nichtoeffentliche-sitzungen-ein\/24354780.html<br \/>\n<\/a>\u00a0.<br \/>\nIn dem einen Text lesen wir: <em>&#8222;Bis heute glauben laut Steinmeier \u201eviele Menschen daran, dass sich reale oder irreale Verschw\u00f6rer im Geheimen zusammentun, um dunkle, meist verbrecherische Komplotte zu schmieden\u201c. (welt.de, 17.5.2019)<\/em><br \/>\nIm anderen Text lesen wir: <em>&#8222;Entgegen offizieller Darstellungen des Ausw\u00e4rtigen Amts (AA) wurde der umstrittene Migrationspakt der Vereinten Nationen in Teilen unter Ausschluss der \u00d6ffentlichkeit verhandelt.&#8220; (tagesspiegel.de, 17.5.2019)<br \/>\n<\/em>\u00a0.<br \/>\nIm einen Text lesen wir: <em>\u201ePopulisten in vielen L\u00e4ndern verbreiten nicht nur sogenannte alternative Wahrheiten, sondern offensichtliche L\u00fcgen und Verschw\u00f6rungstheorien.\u201c<\/em> Als Beispiel nannte er die \u201ewirklich gef\u00e4hrliche Behauptung vom angeblichen gro\u00dfen Austausch der Bev\u00f6lkerung\u201c. (welt.de, 17.5.2019)<br \/>\n.<br \/>\nMerkel spricht derweil selbst \u00fcber \u201eResettlementfl\u00fcchtlinge\u201c (siehe @RegSprecher, 2.5.2019, bilden Sie sich auf \u201eUmsiedlungsfl\u00fcchtlinge\u201c Ihren eigenen Reim\u2026), und dieselbe Regierung will partout nicht verraten, wie viele Migranten tats\u00e4chlich eingeflogen werden \u2013 es sind wohl nicht wenige (jungefreiheit.de, 15.5.2019).<br \/>\n\u201eVerschw\u00f6rungstheorie\u201c ist ein politisches Kampfwort, \u00e4hnlich wie \u201ePopulismus\u201c. In w\u00f6rtlicher Bedeutung bezeichnet das Wort \u201eVerschw\u00f6rungstheorie\u201c eine \u00fcberpr\u00fcfbare Theorie, wonach sich m\u00e4chtige Akteure zum Schaden der Gesellschaft \u201everschworen\u201c haben. Nicht jede Verschw\u00f6rungstheorie in der Geschichte erwies sich als falsch, und wahrlich nicht jede erwies sich als richtig.<br \/>\n&#8230; Alles vom 19.5.2019 bitte lesen auf<br \/>\n<a href=\"https:\/\/www.achgut.com\/artikel\/verschwoerungstheorien_und_kompromat\/\">https:\/\/www.achgut.com\/artikel\/verschwoerungstheorien_und_kompromat\/<\/a><br \/>\n.<br \/>\n<strong>Lieber Herr Wegner, wieso sollten die keinen \u201cgro\u00dfen Plan\u201d haben?<\/strong><br \/>\nTrauen Sie \u201cDenen\u201d das nicht zu? Was ist denn der Globale Migrationspakt anderes als \u201cder gro\u00dfe Plan\u201d. Yascha Mounk in den Tagesthemen (aus dem Ged\u00e4chtnis): \u201cWir (Wer dieses WIR wohl ist. Verschw\u00f6rer?) verwandeln eine monokulturelle in eine multikulturelle Gesellschaft. Da kann es Verwerfungen geben.\u201d Das man dazu die B\u00fcrger der Aufnahmel\u00e4nder nicht einmal fragt, geh\u00f6rt auch zu dieser \u201cVerwandlung\u201d. Wer den gro\u00dfen Plan \u00d6ko-Sozialistische Diktatur noch nicht sieht, sollte sich mal fragen, wieso alle zuf\u00e4lligen Partikularinteressen immer genau auf ein Ziel hin arbeiten.<br \/>\nBeispiel Strache: \u201cDas Material sei der SZ \u201evor einigen Wochen in einem verlassenen Hotel auf USB-Sticks \u00fcbergeben worden\u201c. Es sei kein Geld gezahlt worden und zur \u201eMotivation des Informanten sei nichts Aussagekr\u00e4ftiges bekannt\u201c (Spiegel).\u201d (nach Tichys Einblick). Wer ein Video dreht und es zwei Jahre in der Hinderhand h\u00e4lt, bis man es abschie\u00dfen kann, der hat sicher keinen Plan. Weder hat er einen bei der Aufnahme gehabt, noch jetzt bei der \u201cVer\u00f6ffentlichung.\u201d Alles ganz zuf\u00e4llig, v\u00f6llig planlos und mit EU-Wahl hat das schon gar nichts zu tun. Viele \u201cVerschw\u00f6rungstheorien\u201d sind n\u00e4her an der Wahrheit, als der Unsinn der uns in der Tagesschau als Wirklichkeit vorgegauckelt wird. Und was ist eigentlich mit der \u201cVerschw\u00f6rungstheorie\u201d in Chemnitz habe es \u201cHetzjagden\u201d gegeben.<br \/>\n19.5.2019, V.K., AO<\/p>\n<p>&nbsp;<\/p>\n<p>&nbsp;<\/p>\n<p><strong>Migrationspakt ist wohl doch rechtsverbindlich<\/strong><br \/>\nErinnern Sie sich noch an die vielstimmige, multimediale und \u00fcberparteiliche Versicherung, der &#8222;Global Compact for Migration&#8220; sei ein rechtlich vollkommen unverbindliches Dokument, und wer das Gegenteil behauptet ein rechtspopulistischer Hetzer? In Kakanien, wo man den Stuss eh&#8216; nicht glaubte, sickert nun zuerst die Erkenntnis durch, dass die Hetzer wieder einmal richtig lagen. Die \u00f6sterreichische Au\u00dfenministerin Karin Kneissl zitiert ein bisher nicht ver\u00f6ffentlichtes Gutachten der EU-Kommission, das &#8222;eine andere Meinung als die bisher kommunizierte rechtliche Unverbindlichkeit&#8220; vertrete (hier <a href=\"https:\/\/www.krone.at\/1885567\">https:\/\/www.krone.at\/1885567<\/a>),<br \/>\nund bereits ein paar Tage zuvor hatte Victor Orban angek\u00fcndigt, die &#8222;bisher gr\u00f6\u00dfte L\u00fcge Br\u00fcssels&#8220; entlarvt zu haben; dem Ungarn zufolge werde der Juristische Dienst der EU-Kommission den Mitgliedsstaaten demn\u00e4chst darlegen, dass durch bestimmte internationale Vertr\u00e4ge der Migrationspakt f\u00fcr alle EU-Staaten bindend sei, auch f\u00fcr jene neun Mitgliedsl\u00e4nder, die den Pakt nicht unterzeichnet haben (hier: <a href=\"https:\/\/derstandard.at\/2000099285226\/Orban-will-bisher-groesste-Luege-Bruessels-entlarvt-haben\">https:\/\/derstandard.at\/2000099285226\/Orban-will-bisher-groesste-Luege-Bruessels-entlarvt-haben<\/a> ).<br \/>\nWer Ohren hatte, zu h\u00f6ren, konnte beides \u2013 die baldige Rechtsverbindlichkeit des Paktes und das \u00dcberstimmtwerden der Neinsager \u2013 bereits am 12. Dezember aus dem Munde der Kanzlerin vernehmen, n\u00e4mlich hier: <a href=\"https:\/\/www.youtube.com\/watch?v=jpeXvoFtdB4\">https:\/\/www.youtube.com\/watch?v=jpeXvoFtdB4<\/a> .<\/p>\n<p>&#8230;. Alles vom 19.3.2019 bitte lesen auf <a href=\"https:\/\/michael-klonovsky.de\/acta-diurna\">https:\/\/michael-klonovsky.de\/acta-diurna<\/a><\/p>\n<p>&nbsp;<\/p>\n<p>&nbsp;<\/p>\n<p>&nbsp;<\/p>\n<p><strong>UN-Migrationspakt: 5 dagegen, 12 enthalten<\/strong><br \/>\nLediglich die Tschechische Republik, Ungarn, Israel, Polen und die USA haben am 19. Dezember auf der UN-Versammlung gegen den UN-Migrationspakt gestimmt. Algerien, Australien, \u00d6sterreich, Bulgarien, Chile, Italien, Lettland, Libyen, Liechtenstein, Rum\u00e4nien, die Schweiz und Singapur haben sich enthalten. UN-Generalsekret\u00e4r Ant\u00f3nio Guterres begr\u00fc\u00dfte die Annahme des \u201eGlobalen Paktes f\u00fcr eine sichere, geordnete und regul\u00e4re Migration\u201c durch die anderen anwesenden 152 UN-Staaten. \u201eDer Pakt ist ein nicht rechtsverbindliches Abkommen, das die grundlegenden Prinzipien unserer globalen Gemeinschaft, einschlie\u00dflich nationaler Souver\u00e4nit\u00e4t und universeller Menschenrechte, bekr\u00e4ftigt und gleichzeitig den Weg zu humanen und vern\u00fcnftigen Ma\u00dfnahmen f\u00fcr Herkunfts-, Transit- und Ziell\u00e4nder sowie f\u00fcr Migranten zeigt\u201c, erkl\u00e4rte der Portugiese. Er dankte allen, die dazu beigetragen h\u00e4tten, diesen \u201eMeilenstein\u201c zu verwirklichen: unter anderem der Zivilgesellschaft, den Migranten, den Diasporagemeinschaften, dem Privatsektor, den Gewerkschaften, akademischen Experten und kommunalen F\u00fchrungskr\u00e4ften. Guterres gab zudem seiner Hoffnung Ausdruck, da\u00df die L\u00e4nder, die sich au\u00dferhalb des Prozesses befinden, den Wert des Pakts erkennen und sich dem Unterfangen noch anschlie\u00dfen werden<br \/>\n4.1.2019<br \/>\n<strong>Vier Ziele des Migrationspaktes f\u00fcr <a title=\"One-World\" href=\"https:\/\/www.freiburg-schwarzwald.de\/blog\/global\/globalisierung\/one-world\/\">OneWorld<\/a><\/strong><br \/>\nDie dem Migrationspakt inh\u00e4rente, gleich eingangs im Text so firmierende universalistische \u201eVision\u201c einer solidarischen Weltgesellschaft beginnt mit der \u201efundamentalen L\u00fcge\u201c (Thilo Sarrazin), da\u00df Migration \u201eimmer schon ein Teil der Weltgeschichte\u201c und ausschlie\u00dflich \u201eQuelle des Wohlstands, der Innovation und der nachhaltigen Entwicklung\u201c gewesen sei.<br \/>\nTats\u00e4chlich ist der zwischen UN, EU und den vom Davoser Weltwirtschaftsforum ausgehandelte Pakt ein technokratisches Riesenwerkzeug, um vier Fliegen mit einer Klappe zu schlagen.<br \/>\nErstens ist es der (untaugliche) Versuch der New Yorker \u201eWeltregierung\u201c, die \u00dcberbev\u00f6lkerung gescheiterter Staaten in den Griff zu bekommen.<br \/>\nZweitens soll es neoliberale W\u00fcnsche nach grenzenloser Deregulierung erf\u00fcllen: der Weltmarkt fordert den Weltarbeitsmarkt, ohne nationale Interventionen in Ausbeutungsverh\u00e4ltnisse.<br \/>\nZu diesem Zweck er\u00f6ffnet Massenmigration drittens die Chance, die Nationalstaaten als Ort demokratischer Selbstbestimmung aufzul\u00f6sen, um in Europa Timmermans identit\u00e4tsarme \u201eSuperkultur\u201c zu etablieren, deren Tr\u00e4ger zur \u201epolitischen Willensbildung zu schwach und somit perfekt beherrschbar sind\u201c (Johannes Eisleben).<br \/>\nViertens schlie\u00dflich, so die eitle Hoffnung, will man den an die \u201eGrenzen des Wachstums\u201c sto\u00dfenden Weltkapitalismus stabilisieren. N\u00f6tigenfalls durch migrationsbedingte \u201eUmverteilung\u201c und Absenkung des \u00f6kologisch bedenklichen, zudem Rendite deckelnden Lebens- und Sozialstandards in den Industriel\u00e4ndern (Rolf Peter Sieferle).<br \/>\n&#8230; Alles vom 7.12.2018 von Wolfgang M\u00fcller zu &#8222;Generalplan West&#8220; bitte lesen in:<br \/>\nJunge Freiheit, Seite 19<\/p>\n<p>&nbsp;<\/p>\n<p>&nbsp;<\/p>\n<p><strong>Eugen Abler (CDU-MdB): Unterschrift zum Migrationspakt ist Landesverrat<\/strong><br \/>\nEugen Abler (CDU-MdB) griff Merkel wegen ihrer geplanten Unterschrift unter den Migrationspakt scharf an: \u201eEine Unterschrift ist f\u00fcr mich Landesverrat. Hier die Passage der Rede im Bundestag:<br \/>\n<em>\u201e<strong>Eine Unterschrift ist f\u00fcr mich Landesverrat.<\/strong> Durch den Zuzug weiterer kulturfremder Fl\u00fcchtlinge und illegaler Einwanderer stehen unsere Art zu leben und das Gef\u00fchl von Heimat auf dem Spiel. Offene Zahlen belegen, dass <strong>80% der Zuwanderer im besten Arbeitsalter von Hartz IV leben<\/strong>, und ebenfalls 80% aller Neuank\u00f6mmlinge geh\u00f6ren dem Islam an. Wir wissen: <\/em><br \/>\n<em>Der Islam ist keine tolerante Religion. Hundert Millionen Christen werden weltweit verfolgt, \u00fcberwiegend von Muslimen. Im Koran wird rund 200mal zum Kampf gegen die Ungl\u00e4ubigen aufgefordert. Es ist naiv zu glauben, dass sich die muslimischen Fl\u00fcchtlinge in Deutschland anpassen werden. Erdogan fordert seine Landsleute in Deutschland auf, sich einer Integration zu widersetzen. <\/em><br \/>\n<em>Mit Sorge ist ein st\u00e4ndiges Wachstum einer Parallelgesellschaft mit eigenem Rechtsverst\u00e4ndnis zu beobachten. Die Islamisierung Deutschlands f\u00fchrt in Gro\u00dfst\u00e4dten zu Kontrollverlusten durch die Beh\u00f6rden. Der Staat hat aber die Pflicht, nicht nur den B\u00fcrger, sondern auch seine kulturelle Identit\u00e4t zu sch\u00fctzen.\u201c<\/em><br \/>\nEugen Abler bekam keinen Applaus, nur Pfiffe. Bezeichnend: Danach redete ein t\u00fcrkisches CDU-Mitglied \u00fcber den Islam und CDU-Mitgliedschaft und die Erfolge Merkels 2015 in humanit\u00e4rer Hinsicht und bekam starken Beifall .<br \/>\n&#8230; Alles vom 7.12.2018 bitte lesen auf<br \/>\n<a href=\"https:\/\/www.schwaebische.de\/landkreis\/landkreis-ravensburg\/bodnegg_artikel,-landesverrat-eugen-abler-attackiert-merkel-auf-cdu-parteitag-in-hamburg-_arid,10976304.html\">https:\/\/www.schwaebische.de\/landkreis\/landkreis-ravensburg\/bodnegg_artikel,-landesverrat-eugen-abler-attackiert-merkel-auf-cdu-parteitag-in-hamburg-_arid,10976304.html<\/a><br \/>\n.<br \/>\nAfD-Chef J\u00f6rg Meuthen kommentiert auf seiner Facebook-Seite, die CDU sei bei der Reaktion auf Eugen Abler ein Fall f\u00fcr den Verfassungsschutz: \u201eUrteilen Sie selbst: Ist das \u201arechte Hetze\u2018? Die CDU, ein Fall f\u00fcr den Verfassungsschutz? Oder ist das einer der ganz wenigen CDUler, die sich von Merkels drastischem Linkskurs nicht haben verbiegen lassen und den Tatsachen ins Gesicht blicken? Bezeichnend, dass Herr Abler erst (nat\u00fcrlich h\u00f6hnischen!) Applaus bekam, als er ank\u00fcndigte, nun zum Ende kommen zu wollen: Man m\u00f6chte bei der CDU einfach nicht h\u00f6ren, was diese Kanzlerdarstellerin aus Deutschland gemacht hat. Zeit, den drastischen Linkskurs Deutschlands zu stoppen.\u201c<br \/>\n7.12.2018<\/p>\n<p><strong>Migrationspakt: Ohne Grenzen wird jeder Grenz\u00fcbertritt legal<\/strong><br \/>\nSinn und Zweck des Abkommens (UN-Migrationspakt) kann man in einem Satz zusammenfassen: Damit Grenzen nicht illegal \u00fcberschritten werden, werden Grenzen und Grenzkontrollen abgeschafft. Eine Grenze, die es nicht gibt, kann auch nicht illegal passiert werden. Man muss sie nicht bewachen und notfalls nicht verteidigen. Das leuchtet ein, sogar jenen, die im Staatskundeunterricht Schiffchenversenken gespielt haben.<br \/>\n.<br \/>\nDiese Art, ein Problem zu entmaterialisieren, ist nicht ganz neu. In Holland wurde der Konsum von weichen Drogen wie Marihuana weitgehend legalisiert, wovon auch der Handel mit harten Drogen profitierte. In Deutschland wurde die Prostitution zu einem sozialversicherungspflichtigen Gewerbe erkl\u00e4rt. Was dem Schutz der Prostituierten vor Ausbeutung dienen sollte, f\u00fchrte zum Gegenteil. Zuh\u00e4lterei und Frauenhandel k\u00f6nnen kaum noch verfolgt werden. Nach Drogenhandel und Prostitution wird nun illegale Migration neu gelabelt und legalisiert.<br \/>\n.<br \/>\nWas kommt als n\u00e4chstes? Werden Einbruch und Diebstahl als \u201eVerm\u00f6gensausgleichsinitiativen\u201c anerkannt? Lie\u00dfe sich der sexuelle Missbrauch von Kindern durch eine Aufhebung der Altersuntergrenze aus der Welt schaffen? Als erstes br\u00e4uchten wir einen \u201eGlobal Compact for Crime\u201c, der Rest wird sich ergeben.<br \/>\n&#8230; Alles von Henryk M. Broder vom 2.12.2018 bitte lesen auf<br \/>\n<a href=\"https:\/\/www.achgut.com\/artikel\/global_compact_for_crime\">https:\/\/www.achgut.com\/artikel\/global_compact_for_crime<\/a><br \/>\n.<br \/>\n<strong>Anarchie: Keine Gesetze &#8211; keine Verbrechen<\/strong><br \/>\nEine ganz alte Forderung der Linken\/Anarchos. \u201cSchafft die Gesetze ab, dann gibt es auch keine Verbrechen mehr!\u201d. Selbsterkl\u00e4rend, dass Ideologen Recht nur als Werkzeug betrachten ihre Ziele zu f\u00f6rdern. Daher wohl auch die teils hirnrissigen Wortspielereien, geltendes Recht durch freie Interpretation so weit zu verzerren, dass sich beliebige Schlussfolgerungen ziehen lassen, Regierungshandeln immer Legal ist und das durchgehende Schweigen der Justiz dazu, auch sie nur Werkzeug. Hier wird die UN\/Internationales Recht als Werkzeug genutzt, nationales Recht aus zu hebeln, das wurde ja schon vielfach erl\u00e4utert. Das die UN nicht f\u00e4hig ist, Frieden, Ordnung und Sicherheit zu garantieren wird man wohl auf die harte Tour lernen m\u00fcssen. Gibt ja genug Failed States, Banlieus und Favellas, ein paar mehr davon in Mittel- und Westeuropa, da passt das Konzept so eines \u201cGlobal Compact for Crime\u201d gut rein, man braucht dem Chaos nur den Anstrich der Ordnung zu geben, dann kann sich die politische Elite weiter f\u00fcr ihre hohe Moral feiern w\u00e4hrend eine Etage tiefer die Zivilisation zerbricht. Satire hat es schwer in solchen Zeiten, bleibt sie doch hinter den realen Entwicklungen zur\u00fcck. Erstaunlich die Mehrheit der W\u00e4hler diesem Kurs folgen zu sehen. Alle Spielen das Spiel alle mit als h\u00e4tte es keine ernsthaften Konsequenzen, glaubt man tats\u00e4chlich mehrheitlich, das politische System der Bundesrepublik w\u00fcrde die heutigen Zust\u00e4nde noch noch mehrere Legislaturperioden lang aushalten ohne schwerwiegenden Schaden zu erleiden und letztlich im Kontrollverlust zu enden? Nun denn, dann braucht es eben die praktische Erfahrung. Es hei\u00dft ja nicht um sonst: \u201cAus Schaden wird man klug\u201d.<br \/>\n2.12.2018, D.I.,<br \/>\n.<\/p>\n<p>\u00c4hh sorry, der Missbrauch und die Vergewaltigung von Kindern ist doch bereits heute legal. Voraussetzung ist dass der Vergewaltiger behauptet Muslim und der rechtm\u00e4\u00dfiger Ehemann des Kindes zu sein. Das ganze wird auf die unbestrittene Tatsache zur\u00fcckgef\u00fchrt, dass der \u201cReligionsstifter\u201d Mohammed die 6-j\u00e4hrige Aisha heiratete und als sie 9 Jahre alt war den Beischlaf mit ihr vollzogen hat. Deshalb aber den Schluss zu ziehen, dass Mohammed p\u00e4dophilie Neigungen hatte und daf\u00fcr in der heutigen Zeit mit Konsequenzen rechnen m\u00fcsse, darf man nicht ungestraft ziehen, wie der europ\u00e4ische Gerichtshof f\u00fcr Menschenrechte k\u00fcrzlich geurteilt hat, weshalb ich bei meinen \u00dcberlegungen selbstverst\u00e4ndlich nicht zu diesem Ergebnis komme. Nein der Schluss ist auch falsch, denn eine Bestrafung solchen Verhaltens findet zumindest in Deutschland nicht oder nicht mehr statt.<br \/>\n2.12.2018, M.S.<br \/>\n.<br \/>\n<strong>Spieltheorie<\/strong><br \/>\nDer \u201cGlobal Pact for Migration\u201d ist l\u00e4ngst schon ein \u201cGlobal Pact for Crime\u201d, da er Verbrechern auf der ganzen Welt stets neue \u201cSpielwiesen\u201d er\u00f6ffnet. Wie viele der neuen Migranten, die heute in Deutschland Verbrechen begehen, habe schon in ihrem Heimatland gestohlen, k\u00f6rperliche Gewalt ausge\u00fcbt, vergewaltigt oder gemordet? In der Spieltheorie gibt es ein Modell, nach dem jene die \u201cnegativ\u201d spielen und deren Gegen\u00fcber sich an ihre Aktionen erinnern, ab einem bestimmten Punkt nur noch Verluste erleiden. Dies funktioniert aber nur in einem geschlossenen Modell, vergleichbar mit einer geschlossenen Gesellschaft und einer Polizei, die die negativ spielenden Individuen wiedererkennt, wenn die Gesellschaft zu gro\u00df ist, dass es der Einzelne verm\u00f6gen k\u00f6nnte. In einem offenen Modell jedoch ziehen die negativen Spieler jeweils weiter und k\u00f6nnen sich immer neue Opfer suchen. Dies f\u00fchrt nicht nur zu einer viel gr\u00f6\u00dferen Gesamtzahl von Opfern, sonder auch zu einem generellen Misstrauen, man kann sich ja nicht darauf verlassen, dass soziale Kontrolle funktioniert. Neben diesen Effekten k\u00f6nnen auch Verbrechersyndikate ihre Macht \u00fcber Migration immer weiter ausdehnen und werden so immer m\u00e4chtiger. Der Globale Migrationspakt ist also eindeutig jetzt schon ein Pakt, der weltweit Kriminalit\u00e4t beg\u00fcnstigt.<br \/>\n2.12.2018, S.Sch<br \/>\n.<br \/>\n<strong>Herabw\u00fcrdigender Ton der Groko dem B\u00fcrger gegen\u00fcber<\/strong><br \/>\nDer herabw\u00fcrdigende Ton der Koalition gegen\u00fcber der Bev\u00f6lkerung, die diesen Pakt kritisiert und anzweifelt, ist unertr\u00e4glich und hat zur Folge, dass die Gesellschaft sich weiter spaltet. Aus Zerw\u00fcrfnissen werden Verwerfungen und daraus resultiert eines Tages ein gewaltt\u00e4tiger Konflikt. Wer kann eine solche Entwicklung wollen?<br \/>\n2.12.2018, J.H.<br \/>\n.<br \/>\n<strong>Deutsches Strebertum wird Migrationspakt bis hinters Komma umsetzen<\/strong><br \/>\nIch habe eine ungef\u00e4hre Vorstellung, wie es weitergeht. Nat\u00fcrlich wird Deutschland in Marrakesch zustimmen, wenn dort der Pakt im Dezember zur Annahme vorgelegt wird. Und selbstverst\u00e4ndlich wird Deutschland auch jedes Komma ernst nehmen. So l\u00e4uft es immer. Die Einf\u00fchrung einer Modetorheit wie das Gendermainstreaming geht auf eine Uno-Initiative zur\u00fcck. Die in Deutschland mit gro\u00dfer Unerbittlichkeit auf den Weg gebrachte Inklusion, die mittlerweile Heerscharen von Lehrern und Eltern in die Verzweiflung treibt, verdanken wir ebenfalls der Uno. Gedacht war die Uno-Behindertenrechtskonvention, um allen Kindern einen Zugang zum Bildungssystem zu erm\u00f6glichen, auch jenen, die ausgeschlossen sind, weil sie nicht richtig h\u00f6ren k\u00f6nnen. Es gibt L\u00e4nder auf der Welt, in denen schon eine leichte Behinderung den Ausschluss aus dem normalen Leben bedeutet. Kaum einer h\u00e4tte gedacht, dass die Zustimmung dazu verleiten k\u00f6nnte, alle Sonderschulen aufzul\u00f6sen und jedes Kind, egal wie schwer sein Handicap ist, in eine Regelklasse zu stecken.<br \/>\nEs ist der deutsche Hang zum Strebertum, der mir Sorge macht, nicht der Migrationspakt selbst. &#8222;Wir verpflichten uns, die Optionen und Wege f\u00fcr eine regul\u00e4re Migration in einer Weise anzupassen, die in Widerspiegelung der demografischen Wirklichkeit und der Realit\u00e4t auf dem Arbeitsmarkt Arbeitskr\u00e4ftemobilit\u00e4t und menschenw\u00fcrdige Arbeit erleichtert, Bildungschancen optimiert, das Recht auf ein Familienleben wahrt und den Bed\u00fcrfnissen von Migranten in einer prek\u00e4ren Situation gerecht wird.&#8220; Was folgt aus so einem Satz? Normalerweise nichts. So wie bei uns die Dinge liegen, werden schon in einem Jahr die ersten Verwaltungsgerichte den Satz zur Grundlage einer neuen sozialrechtlichen Spruchpraxis machen.<br \/>\n&#8230; Alles von Jan Fleischhauer vom 22.11.2018 bitte lesen auf<br \/>\n<a href=\"https:\/\/www.spiegel.de\/politik\/deutschland\/migrationspakt-warum-deutschland-nicht-unterzeichnen-darf-kolumne-a-1239796.html\">https:\/\/www.spiegel.de\/politik\/deutschland\/migrationspakt-warum-deutschland-nicht-unterzeichnen-darf-kolumne-a-1239796.html<\/a><\/p>\n<p>&nbsp;<\/p>\n<p><strong>RTL-Chef J\u00f6rz Zajonic zum UN-Migrationspakt<\/strong><br \/>\nHier die schriftliche Fassung eines RTL-Kommentars<br \/>\nvon RTL WEST Chef J\u00f6rg Zajonc vom 2.11.2018:<br \/>\n<em>\u00bbDer UN-Migrationspakt soll regeln, wie die L\u00e4nder der Welt mit Zuwanderern umgehen. Zum Migrationspakt der Vereinten Nationen ein Kommentar von RTL WEST Chef J\u00f6rg Zajonc.<\/em><br \/>\n<em>\u201eDer UN-Migrationspakt \u2013 Viel Wunsch, wenig Wirklichkeit. Sehr verschachtelt geschrieben, schlecht zu lesen und noch schlechter zu verstehen. Bis auf eine Behauptung: Migration ist gut. Immer und ohne Einschr\u00e4nkung. Begr\u00fcndung? Fehlanzeige.<\/em><br \/>\n<em>Zweiflern wird gesagt, es sei ja nur eine Absichtserkl\u00e4rung, rechtlich nicht bindend. Stimmt zwar formal, faktisch aber sehr wohl verpflichtend. Politisch und moralisch. Und das kann durchaus rechtliche Wirkung erzeugen.<\/em><br \/>\n<em>Jeder kann sich auf den Pakt berufen und vor Gericht ziehen. Welcher Richter wird dann gegen die Vereinbarung urteilen? Sie kommt ja von den Vereinten Nationen. Au\u00dferdem wird im Pakt zwar betont, dass nationales Recht ber\u00fccksichtigt wird, es wird aber auch gefordert, eben dieses Recht im Sinne der UN anzupassen.<\/em><br \/>\n<em>Und dann ist da noch die Sache mit der Information. Es soll ein offener faktenbasierter Diskurs gef\u00fchrt werden. Ich frage mich: Wie denn? Wenn das Ergebnis schon vorher feststeht.<\/em><br \/>\n<em>Realistischer, humaner und konstruktiver soll sie sein, die Wahrnehmung. Medien sollen in die Steuerung von Migration eingebunden werden. Steht da, wortw\u00f6rtlich. Und wer nicht mitspielt, dem soll die finanzielle Unterst\u00fctzung entzogen werden. Auch das steht da. Eines steht da allerdings nicht: Wenn Migration so gut ist, warum braucht es dann eine gelenkte Information und warum \u00fcberhaupt so einen Pakt?\u201c\u00ab<\/em><br \/>\n2.11.2018, RTL-Chef J\u00f6rg Zajonc auf der Facebook-Seite vom 2.11.2018:<br \/>\n<a href=\"https:\/\/www.facebook.com\/rtlwest\/\">https:\/\/www.facebook.com\/rtlwest\/<\/a><\/p>\n<p><strong>Mit dem Migrationspakt wird die Souver\u00e4nit\u00e4t demokratischer Nationalstaaten untergraben<\/strong><br \/>\nDer Streit entzweit Familien, Nachbarn, das Volk. Was geschieht mit Deutschland in der Frage der Migration? Warum steht seit September 2015 das Wort vom \u201eKontrollverlust\u201c im Raum, warum wurde daraus ein Dauerzustand, der nicht mehr aufgehoben werden kann?<br \/>\nEin erheblicher Teil der im Land angestauten Wut gegen Regierung und Eliten wurzelt in deren Weigerung, diese wichtige Frage f\u00fcr die Zukunft unseres Gemeinwesens kontrovers und ergebnisoffen zu diskutieren: n\u00e4mlich wie und mit wem und unter welchem Reglement wir k\u00fcnftig zusammenleben wollen. Bei vielen B\u00fcrgern verfestigt sich schon l\u00e4nger der Eindruck, \u00fcber ihre K\u00f6pfe hinweg werde in entscheidenden Zukunftsfragen eine politische Agenda abgearbeitet und Ziele verfolgt, die der Entscheidung des demokratischen Souver\u00e4ns, des Volkes bewu\u00dft entzogen werden.<br \/>\nDarum ist die Emp\u00f6rung \u00fcber den UN-Migrationspakt auch so gro\u00df, den die Bundesregierung weitgehend \u201eunter dem Radar\u201c der \u00d6ffentlichkeit ausgehandelt hat und am Parlament vorbei Anfang Dezember im marrokanischen Marrakesch absegnen lassen will. Im Kleide ehrfurchtgebietender \u201einternationaler Abkommen\u201c soll \u201etop-down\u201c eine Politik der Umverteilung von Migranten durchgedr\u00fcckt werden, der sich etliche Staaten bislang im Rahmen der EU noch verweigern.<br \/>\nNur auf Druck der AfD kam es dennoch in der vergangenen Woche im Bundestag zu einer breiteren Debatte \u00fcber den Migrationspakt. Bezeichnenderweise schickten die Fraktionen der Gro\u00dfen Koalition kein Regierungsmitglied ans Rednerpult, sondern lie\u00dfen das Thema von zweitklassigen Abgeordneten abfertigen. Diese reduzierten die begr\u00fcndete Kritik arrogant auf eine Kampagne von \u201eVerschw\u00f6rungstheoretikern\u201c und \u201eRechtspopulisten\u201c.<br \/>\nTats\u00e4chlich aber wird die Liste der Staaten, die sich dem Migrationspakt entziehen, w\u00f6chentlich l\u00e4nger. Vorneweg verweigerten sich die USA und Ungarn, dann \u00d6sterreich und Bulgarien \u2013 mutma\u00dflich schon bald die Schweiz, Australien, Polen, Tschechien und weitere osteurop\u00e4ische Staaten. Alles Rechtspopulisten?<br \/>\nDeutschland und Europa stehen an einem historischen Wendepunkt, an dem die Entscheidung dar\u00fcber f\u00e4llt, ob der demokratische Nationalstaat, den die meisten europ\u00e4ischen V\u00f6lker wie wir Deutschen mit ihren Verfassungen als moderne politische Organisation gew\u00e4hlt haben, einer neuen Ordnung geopfert wird. Entscheidung ist jedoch das falsche Wort: Denn den V\u00f6lkern wird diese nicht offen vorgelegt. Sondern sie wird, dies zeigt der UN-Migrationspakt, von Regierungsbeamten mittels v\u00f6lkerrechtlichem \u201eSoft Law\u201c (weichem Recht) stillschweigend an den B\u00fcrgern vorbei getroffen und exekutiert. Der Migrationspakt sei \u201erechtlich nicht verbindlich\u201c, lauten die Sirenenkl\u00e4nge der Regierungssprecher, die aber unterschlagen, da\u00df vermeintlich rechtlich unverbindliche Abkommen zur Standardwaffe im Arsenal technokratischer Herrschaftspraxis wurden.<br \/>\nSo h\u00e4rten regelm\u00e4\u00dfig als schwammige Absichtserkl\u00e4rungen, weiche Wunschziele und blo\u00dfe M\u00f6glichkeiten verkleidete Memoranden still und leise durch V\u00f6lkergewohnheitsrecht zu ehernen Strukturen aus, die Staaten dauerhaft binden.<br \/>\nDer UN-Migrationspakt steht unter einer unversch\u00e4mten Pr\u00e4misse, zu der wir nie gefragt worden sind: Migration sei \u201ein unserer globalisierten Welt eine Quelle des Wohlstands, der Innovation und der nachhaltigen Entwicklung\u201c. Und da\u00df diese \u201epositiven Auswirkungen\u201c lediglich \u201edurch eine besser gesteuerte Migrationspolitik optimiert werden\u201c sollen. An keiner Stelle finden sich im Papier Hinweise auf die massiven ethnischen, religi\u00f6sen und sozialen Verwerfungen, die Migration weltweit tats\u00e4chlich ausl\u00f6st. Kein Wort von kippenden Stadtteilen, Islamisierung und explodierender Kriminalit\u00e4t.<br \/>\nAu\u00dferdem geht der Pakt davon aus, da\u00df Massenmigration wie ein irreversibles Naturereignis sei, das nicht abzuwenden, sondern lediglich \u201eregul\u00e4r\u201c zu \u201esteuern\u201c ist. Da\u00df demokratische Nationalstaaten und ihre V\u00f6lker daran festhalten wollen, in bew\u00e4hrter ethnisch-kultureller Verfassung fortzuexistieren und sich nicht unter Aufsicht der Vereinten Nationen in multikulturelle Siedlungsgebiete verwandeln wollen, scheint bereits v\u00f6llig ausgeschlossen.<br \/>\nDie UN-Menschenrechtskommission formulierte in einer \u201eErkl\u00e4rung \u00fcber Bev\u00f6lkerungstransfers und die Se\u00dfhaftmachung von Siedlern\u201c 1997 in Artikel 6 noch ein anderes Leitbild: \u201eJegliche Praxis oder Politik, die das Ziel oder den Effekt hat, die demographische Zusammensetzung einer Region, in der eine nationale, ethnische, sprachliche oder andere Minderheit oder eine autochthone Bev\u00f6lkerung ans\u00e4ssig ist, zu \u00e4ndern, sei es durch Vertreibung, Umsiedlung und\/oder durch die Se\u00dfhaftmachung von Siedlern oder eine Kombination davon, ist rechtswidrig.\u201c<br \/>\nDer Pakt breitet ein Instrumentarium aus, mit dem die Gesellschaften der Ziell\u00e4nder der Migration drakonisch auf Kurs gebracht werden sollen: K\u00fcnftig soll \u201ePolarisierung\u201c in Debatten unterbunden, das \u201eVertrauen der \u00d6ffentlichkeit in die Migrationspolitik\u201c gest\u00e4rkt, Schulen mit ver\u00e4nderten Lehrpl\u00e4nen unterm Motto \u201eAchtung von Vielfalt\u201c f\u00fcr multikulturelle Indoktrination eingespannt und Medien, die sich der Migrationsagenda verweigern, Unterst\u00fctzung entzogen werden. Und allenthalben sollen \u201eF\u00fchrungsverantwortliche aus Politik, Religion und Gesellschaft\u201c dar\u00fcber wachen, da\u00df \u201eF\u00e4lle von Intoleranz, Rassismus, Fremdenfeindlichkeit\u201c flei\u00dfig \u201eaufzudecken\u201c sind \u2013 auch \u201eim Rahmen von Wahlkampagnen\u201c.<br \/>\nDer UN-Migrationspakt ist antidemokratisch in Geist und Durchf\u00fchrung und zielt auf die Zerst\u00f6rung traditionell gewachsener Nationalstaaten ab. Kritiker und Gegner einer global gesteuerten V\u00f6lkerwanderung (\u201eMigrationspolitik\u201c) werden als Feinde von \u201eVielfalt\u201c und \u201eToleranz\u201c \u2013 sprich der Menschheit \u2013 gesellschaftlich ge\u00e4chtet. Hier weht uns der eiskalte Hauch des Totalitarismus an.<br \/>\n15.11.2018, Dieter Stein, &#8222;Angriff auf unsere Ordnung&#8220;, Junge Freiheit, Seite 1, <a href=\"https:\/\/www.jungefreiheit.de\">www.jungefreiheit.de<\/a><\/p>\n<p>&nbsp;<\/p>\n<p><strong>UNO-Mitgliedstaaten: Migration ist ein Menschenrecht<\/strong><br \/>\nEs kann nicht genug betont werden, dass es bei diesem Abkommen nicht um Fl\u00fcchtlinge geht, die vor Verfolgung fliehen, oder um ihr Recht auf v\u00f6lkerrechtlichen Schutz. Stattdessen propagiert das Abkommen die radikale Idee, dass Migration &#8211; aus welchem Grund auch immer &#8211; etwas ist, das gef\u00f6rdert, erm\u00f6glicht und gesch\u00fctzt werden muss.<br \/>\nDie UNO hat kein Interesse daran, zuzugeben, dass ihr Abkommen die Migration als Menschenrecht promotet; bis vor kurzem gab es wenig Diskussionen dar\u00fcber. Mehr Diskussionen k\u00f6nnten das gesamte Projekt gef\u00e4hrden.<br \/>\nDie UNO-Mitgliedstaaten sollen nicht nur ihre Grenzen f\u00fcr die Migranten der Welt \u00f6ffnen, sondern ihnen auch helfen, ihr zuk\u00fcnftiges Land frei zu w\u00e4hlen, indem sie ihnen umfassende Informationen \u00fcber jedes Land, in dem sie sich niederlassen m\u00f6chten, zur Verf\u00fcgung stellen.<br \/>\n&#8230; Alles vom 11.11.2018 auf<br \/>\n<a href=\"https:\/\/de.gatestoneinstitute.org\/13283\/uno-migration-menschenrecht\">https:\/\/de.gatestoneinstitute.org\/13283\/uno-migration-menschenrecht<\/a><\/p>\n<p>&nbsp;<\/p>\n<p><strong>Migrationpakt statt Geburtenkontrolle<\/strong><br \/>\nDer Staats- und V\u00f6lkerrechtler Ulrich Vosgerau weist in seinem Gutachten &#8222;Zur Verbindlichkeit im V\u00f6lkerrecht am Beispiel des &#8218;Global Compact for Save, Orderly and Regular Migration'&#8220; (GCM) darauf hin , dass das Wort &#8222;\u00dcberbev\u00f6lkerung&#8220; (overpopulation) im UN-Migrationspakt \u00fcberhaupt nicht vorkommt.<br \/>\nSein Fazit: &#8222;Die UN haben offenbar das Ziel der F\u00f6rderung von Familienplanung und Geburtenkontrolle in den stark \u00fcberbev\u00f6lkerten Entwicklungsl\u00e4ndern aufgeben und versuchen nun, den st\u00e4ndig wachsenden Bev\u00f6lkerungsdruck durch Umsiedlung, Migration und die Verschiebung der \u00dcberbev\u00f6lkerung in den Billiglohnsektor bzw. die Sozialsysteme der Industrienationen zu bew\u00e4ltigen. Dies ist aber weder nachhaltig noch demokratisch legitimiert. Die Bundesrepublik Deutschland ist ein demokratischer Nationalstaat und kein offenes Siedlungsgebiet. Die Aufnahme von Einwanderern mu\u00df sich von Verfassungs wegen nach den nationalen Interessen richten, die von den Parlamenten zu formulieren sind und deren Definition auf freien Wahlen beruht.&#8220;<br \/>\n9.11.2018, Michael Klonovsky, <a href=\"https:\/\/www.michael-klonovsky.de\/acta-diurna\">https:\/\/www.michael-klonovsky.de\/acta-diurna<\/a><\/p>\n<p>&nbsp;<\/p>\n<p>&nbsp;<\/p>\n<p><strong>Anh\u00f6rung zum UN-Migrationspakt am 8.11.2018 im Bundestag mit Rede von Gauland<\/strong><br \/>\nBei der heutigen Anh\u00f6rung zum UN-Migrationspakt im Deutschen Bundestag haben die Bef\u00fcrworter des bereits am 10.12.2018 zur Unterzeichnung anstehenden &#8222;Global Compact for Migration&#8220; GCM zwei Argumente angef\u00fchrt: 1) Pakt ist unverbindlich und 2) Migration nach D wird abnehmen. Beide Argumente sind unehrlich:<br \/>\n.<br \/>\n1) Die 23 Punkte des Migrationspaktes sind zwar kein &#8222;Hard Law&#8220;, also keine Gesetze, sondern &#8222;Soft Law&#8220; im Sinne von unverbindlichen Vorgaben. Aber diese werden mit der Zeit zu v\u00f6lkerrechtlichen Verpflichtungen, an denen kein Staat vorbeikommt. Dazu ein Beispiel: Auch die <a title=\"Menschenrechte\" href=\"https:\/\/www.freiburg-schwarzwald.de\/blog\/kultur\/aufklaerung\/menschenrechte\/\">Allg. Menschenrechte<\/a> wurden 1948 als &#8222;Soft Law&#8220; erkl\u00e4rt und gelten sind Normen, die von allen Staaten dieser Welt einzuhalten sind. Zudem:<br \/>\na) Warum beginnt jeder der 23 Punkte mit &#8222;Wir verpflichten uns &#8230;&#8220;?<br \/>\nb) Warum etwas unterschreiben, das eh unverbindlich ist?<br \/>\n.<br \/>\n2) Im UN-Migrationspakt wird gefordert, dass die Staaten die von ihnen f\u00fcr Migranten gew\u00e4hrten Standards angleichen. Wenn MdB Stefan Herbarth (CDU) im Bundestag sagt &#8222;Wenn die Standards weltweit angeglichen sind, dann kommen weniger Migranten nach Deutschland&#8220;, dann ist dies unehrlich, denn:<br \/>\nEinerseits wird kein Land (z.B. Spanien, Griechenland, Senegal) seine Standards auf den deutschen Level anheben &#8211; weder freiwillig noch auf Druck.<br \/>\nAndererseits werden Gr\u00fcne, SPD und Linke verhindern, dass unsere hohen Standards der Transferleistungen f\u00fcr Migranten (Hartz IV-Niveau) gesenkt werden.<br \/>\nFazit: <em><strong>Der Strom der Migration wird zunehmen<\/strong><\/em>, da gem\u00e4\u00df UN-Migrationspakt kein Fl\u00fcchtling mehr an der Grenze abgewiesen werden darf.<br \/>\n.<br \/>\nDie Debatte im Deutschen Bundestag zum UN-Migrationspakt war <a title=\"Demokratie lebt von Debatte\" href=\"https:\/\/www.freiburg-schwarzwald.de\/blog\/demokratie-lebt-von-debatte\/\">keine Diskussion um Sachfragen<\/a> der globalen Migration bzw. inhaltliche Probleme, sondern prim\u00e4r AfD-Bashing.\u00a0 Vier unserer in den USA lebenden Verwandten nahmen in Berlin teil und\u00a0mailten entsetzt: &#8222;No fair discussion. No dicussion at all!&#8220;<br \/>\n9.11.2018<br \/>\n.<\/p>\n<p><strong>Die komplette Rede von AfD-Chef Alexander Gauland im Deutschen Bundestag am 8.11.2018:<\/strong><\/p>\n<p class=\"p1\"><em><span class=\"s1\">Herr Pr\u00e4sident, liebe Kolleginnen und Kollegen,<br \/>\n<\/span><\/em><em><span class=\"s1\">nach allem, was wir von offizieller Seite \u00fcber den \u201eGlobal Compact for Migration\u201c zu h\u00f6ren \u2013 bzw. nicht zu h\u00f6ren \u2013 bekamen, k\u00f6nnen wir davon ausgehen, dass es sich um einen v\u00f6llig belanglosen Pakt handelt, der au\u00dferdem f\u00fcr die Unterzeichner noch absolut unverbindlich ist. Nur eine Willenserkl\u00e4rung, kaum der Rede wert. Deswegen war es auch nicht n\u00f6tig, die \u00d6ffentlichkeit im Vorfeld zu informieren \u2013 bei einer Podiumsdiskussion in Dresden Ende Oktober wurden die Chefredakteure von ARD und ZDF auf diesen Pakt angesprochen, und beide wussten nichts von ihm.<br \/>\n<\/span><\/em><em><span class=\"s1\">Meine Damen und Herren, Otto von Bismarck hat gesagt: \u201eWenn irgendwo zwischen zwei M\u00e4chten ein noch so harmlos aussehender Pakt geschlossen wird, mu\u00df man sich sofort fragen, wer hier umgebracht werden soll.\u201c<br \/>\n<\/span><\/em><em><span class=\"s1\">.<br \/>\nWenn dieser Global Compact blo\u00df eine politische Erkl\u00e4rung ist, die keinerlei Folgen f\u00fcr die nationalen Parlamente und die Gesetzgebung hat, warum regt sich dann pl\u00f6tzlich \u00fcberall Widerstand dagegen? Warum wollen ihn die USA, Australien, Ungarn, \u00d6sterreich, Polen, Kroatien nicht unterzeichnen, warum diskutiert man in Italien, D\u00e4nemark und der Schweiz dar\u00fcber, es ebenfalls nicht zu tun? Alles Populisten? Wohl kaum.<br \/>\n<\/span><\/em><em><span class=\"s1\">Die Antwort steht im Pakt: Diese globale Vereinbarung, hei\u00dft es dort, sei \u201enur ein Meilenstein (\u2026) unserer Bem\u00fchungen\u201c.<br \/>\n<\/span><\/em><em><span class=\"s1\">Migration wird in diesem Dokument ausschlie\u00dflich als Quelle von Wohlstand und nachhaltiger Entwicklung dargestellt. Kein Wort davon, dass Migration L\u00e4nder auch destabilisieren kann. Der Unterschied zwischen der Suche nach Asyl und der Suche nach einem besseren Leben wird verwischt. Der gesamte Text beschreibt Migrationspolitik ausschlie\u00dflich aus Sicht von Migranten. \u201eAlle unsere L\u00e4nder\u201c, ist dort zu lesen, werden \u201ezu Herkunfts-, Transit- und Ziell\u00e4ndern\u201c. Was f\u00fcr ein M\u00e4rchen! Die meisten der Unterzeichnerl\u00e4nder werden niemals Ziell\u00e4nder von Migranten.<br \/>\n<\/span><\/em><em><span class=\"s1\">Die Interessen der Aufnahmegesellschaften bleiben dagegen v\u00f6llig unerw\u00e4hnt. Dieses Dokument ist der erste Schritt, Migration zu einem Menschenrecht zu machen, das Staatenrecht \u00fcbersteigt und zu V\u00f6lkergewohnheitsrecht wird.<\/span><\/em><\/p>\n<div id=\"spendPopupBG\">\n<div>\n<div><em><span class=\"s1\">\u201eWir verpflichten uns, die im Globalen Pakt niedergelegten Ziele und Verpflichtungen im Einklang mit unserer Vision und unseren Leitprinzipien zu erf\u00fcllen\u201c, steht dort geschrieben. Allein die Formulierung \u201eWir verpflichten uns\u201c kommt in dem Papier Dutzende Male vor. Etwa: \u201eWir verpflichten uns, sicherzustellen, dass alle Migranten ungeachtet ihres Migrationsstatus ihre Menschenrechte durch einen sicheren Zugang zu Grundleistungen wahrnehmen k\u00f6nnen\u201c. Weniger empfindsame Gem\u00fcter nennen das: Einwanderung in die Sozialsysteme. Dazu will sich die Bundesregierung also verpflichten, allerdings unverbindlich. Unverbindliche Verpflichtungen \u2013 h\u00f6lzernes Eisen \u2013 meine Damen und Herren auf der Regierungsbank, f\u00fcr wie dumm wollen Sie die Leute eigentlich verkaufen?<br \/>\n<\/span><\/em><em><span class=\"s1\">Schon hei\u00dft es: Mit der Unterzeichnung des Global Compact allein ist es noch nicht getan, die Bundesregierung muss sofort mit der Umsetzung beginnen. Und das hat sie im Ausw\u00e4rtigen Ausschuss ja bereits angek\u00fcndigt. Ganz unverbindlich nat\u00fcrlich.<br \/>\n<\/span><\/em><em><span class=\"s1\">Nicht rechtlich bindend, nur politisch erw\u00fcnscht: Wir kennen diese Art schleichender Rechtsumwandlung auf politischem Wege inzwischen zur Gen\u00fcge. Die \u00d6ffnung der Grenze im September 2015 war auch nicht rechtlich bindend, im Gegenteil, es war ein Rechtsbruch, aber ein politisch erw\u00fcnschter, und schon gibt es erste Juristen, die ihn als rechtens darstellen. Die \u00dcbernahme von Schulden anderer EU-L\u00e4nder war ein klarer Bruch des Maastricht-Vertrages, aber politisch erw\u00fcnscht. Politische Setzungen verwandeln sich gleichsam unter der Hand in geltendes Recht.<\/span><\/em><\/div>\n<\/div>\n<\/div>\n<p class=\"p1\"><em><span class=\"s1\">\u00d6sterreichs Kanzler Kurz sieht \u201edie Gefahr, dass die Ziele des Paktes in k\u00fcnftige Gerichtsurteile einflie\u00dfen und somit unsere souver\u00e4ne Migrationspolitik eingeschr\u00e4nkt wird\u201c. Warum sieht die deutsche Kanzlerin diese Gefahr nicht? Weil genau das ihr Ziel ist? Ist das auch Ihr Ziel, liebe Kollegen von der CDU\/CSU?<br \/>\n.<br \/>\n<\/span><\/em><em><span class=\"s1\">Der \u201eMeilenstein\u201c, von welchen dieser Pakt spricht, steht auf dem Weg zur Preisgabe der Souver\u00e4nit\u00e4t unseres Landes. Millionen von Menschen aus Krisenregionen werden angestiftet, sich auf den Weg zu machen. Linke Tr\u00e4umer und globalistische Eliten wollen unser Land klammheimlich aus einem Nationalstaat in ein Siedlungsgebiet verwandeln.<br \/>\n<\/span><\/em><em><span class=\"s1\"><strong>Wir fordern deshalb die Bundesregierung auf, diesem Vertrag nicht beizutreten, er dient nicht deutschem Interesse, und das haben wir hier zu wahren.<\/strong><br \/>\n8.11.2018,\u00a0 Rede von Alexander Gauland (AfD) im Deutschen Bundestag<\/span><\/em><\/p>\n<p>&nbsp;<\/p>\n<p>&nbsp;<\/p>\n<p>&nbsp;<\/p>\n<p>&nbsp;<\/p>\n<p>.<br \/>\n<strong>Alexander Mitsch (CDU-Werteunion) fordert Diskussion \u00fcber UN-Migrationspakt<\/strong>.<br \/>\nWir mit dem Migrationspakt Migration abseits der politischen Verfolgung gef\u00f6rdert?<br \/>\n<a href=\"https:\/\/www.youtube.com\/watch?v=DsZDMCkwwBw\">https:\/\/www.youtube.com\/watch?v=DsZDMCkwwBw<br \/>\n<\/a>8.11.2018<br \/>\n.<br \/>\n<strong>GCfM macht Abweisungen von Migranten an der Grenze unm\u00f6glich<\/strong><br \/>\nDas werden Sie bald nach Unterzeichnung des Paktes sehen: Ich sage voraus, da\u00df dann jede aufenthaltsbeendende Ma\u00dfnahme, jede Zur\u00fcckweisung an der Grenze, \u00fcberhaupt jede Verwaltungsentscheidung, die nicht den W\u00fcnschen eines \u201eFl\u00fcchtlings\u201c entspricht, von den einschl\u00e4gigen NGOs, also den Nichtregierungsorganisationen, und der sogenannten Asylindustrie mit all ihren Anw\u00e4lten sowie den Medien als Verletzung bindender Abkommen, internationaler Menschenrechtsstandards und der Vorgaben der Uno bewertet werden wird. Und dieser angebliche Makel wird dann so lange in den Medien wiederholt werden, bis auch der letzte dies als eine objektive Tatsache betrachtet \u2013 obwohl das nicht zutrifft. Da\u00df der Pakt unverbindlich ist, mag also theoretisch derzeit stimmen. Nur, vom Tag der Unterzeichnung an werden Sie pl\u00f6tzlich \u00fcberall das Gegenteil lesen und h\u00f6ren..<br \/>\n&#8230; Alles zu &#8222;Unverbindlich ist der Migrationspakt nur theoretisch&#8220; von Ulrich Vosgerau bitte lesen in der Jungen Freiheit vom 8.11.2018, Seite 3<\/p>\n<p>\u201eUnverbindlich ist der Pakt nur theoretisch\u201c<br \/>\nIst der Global Compact for Migration der Uno tats\u00e4chlich so harmlos, wie Politik und Medien behaupten? Im Gegenteil, warnt der V\u00f6lkerrechtler Ulrich Vosgerau, in Sachen Zuwanderung und Souver\u00e4nit\u00e4t ist er gef\u00e4hrlich wie ein Trojanisches Pferd<\/p>\n<p><em>Dr. Ulrich Vosgerau, der habilitierte Staats-, V\u00f6lker- und Europarechtler sowie Experte f\u00fcr \u00d6ffentliches Recht lehrte an den Universit\u00e4ten K\u00f6ln, M\u00fcnchen, Hannover, Passau und Halle-Wittenberg. 2016 legte er in seinem Buch \u201eStaatliche Gemeinschaft und Staatengemeinschaft\u201c als erster deutschsprachiger V\u00f6lkerrechtler eine auf das Selbstbestimmungsrecht aufbauende Grundlagen- und Geltungstheorie des V\u00f6lker- und Europarechts vor. Geboren wurde er 1974 in Pinneberg.<\/em><br \/>\n<em>Aktuelles Buch: &#8222;Die Herrschaft des Unrechts. Die Asylkrise, die Krise des Verfassungsstaats und die Rolle der Massenmedien, ISBN 978-3-7460-94n95-5, 2018<\/em><\/p>\n<p>&nbsp;<\/p>\n<p>&nbsp;<\/p>\n<p><strong>GCM: 23 mal &#8222;Wir verpflichten uns&#8220; zu Recht auf Migration<\/strong><br \/>\nSchafft der \u201eGlobale Pakt f\u00fcr eine sichere, geordnete und regul\u00e4re Migration\u201c der UN (GCM) eine Art Menschenrecht auf Migration? Fest steht: Er idealisiert Migration als \u201eQuelle des Wohlstands, der Innovation und der nachhaltigen Entwicklung\u201c und behauptet, sie mache \u201ealle unsere L\u00e4nder zu Herkunfts-, Transit- und Ziell\u00e4ndern\u201c. Das erste ist nur die halbe Wahrheit, das zweite n\u00e4her zu betrachten. Manche Staaten sind reine Herkunftsl\u00e4nder, Deutschland aber ist Zielland. Die Wahrung der Menschenrechte oder die Nicht-Diskriminierung sind in Deutschland Konsens und in den anderen L\u00e4ndern setzen wir uns mit unseren M\u00f6glichkeiten daf\u00fcr ein. Daf\u00fcr bedarf es von uns keiner Unterzeichnung des GCM! Das Problem sind die politischen Zusagen. Zwar ist der Pakt rechtlich nicht verbindlich. Doch beginnt jede der 23 Zielbeschreibungen mit \u201eWir verpflichten uns\u201c. Zum Zweck hei\u00dft es: \u201e&#8230; verpflichten wir uns, eine sichere, geordnete und regul\u00e4re Migration zum Wohle aller zu erleichtern und zu gew\u00e4hrleisten\u201c. Das ist eine politische Selbstbindung, sie in verbindliches Recht umzusetzen, ohne da\u00df sich unsere Politik mit diesem Thema befa\u00dft hat. Deshalb mu\u00df zuallererst eine Debatte und eine Abstimmung im Bundestag stattfinden.<br \/>\n8.11.2018, Junge Freiheit, Seite 2<br \/>\n<em>Sylvia Pantel geh\u00f6rt seit 2013 f\u00fcr die CDU dem Deutschen Bundestag an.<br \/>\n<\/em>\u00a0.<br \/>\n<strong>\u00d6sterreich zieht sich aus UNO-Migrationspakt zur\u00fcck<\/strong><br \/>\nWenige Wochen vor der Uno-Konferenz in Marokko zur Verabschiedung des im Sommer fertig ausgehandelten globalen Migrationspaktes steigt \u00d6sterreich aus dem Vertragswerk aus. Die Regierung aus \u00d6VP und FP\u00d6 beschloss am Mittwoch formal, den von rund 190 Staaten getragenen Pakt nicht zu unterst\u00fctzen und im Dezember keinen Vertreter nach Marrakesch zu entsenden. Bei der sp\u00e4ter anstehenden Abstimmung der Uno-Generalversammlung will sich \u00d6sterreich enthalten. In einer sogenannten Votumserkl\u00e4rung sollen die Bedenken Wiens vorgebracht werden. Darin heisst es unter anderem, die Republik entscheide souver\u00e4n \u00fcber die Zulassung von Zuwanderung und kenne kein \u00abMenschenrecht auf Migration\u00bb. Die Schaffung der v\u00f6lkerrechtlichen Kategorie des \u00abMigranten\u00bb sei zudem zur\u00fcckzuweisen. Ferner werden einige konkrete Punkte genannt, die man ablehne, etwa die Verw\u00e4sserung der Unterscheidung zwischen legaler und illegaler Migration. &#8230;<br \/>\nAlles vom 31.10.2018 bitte lesen af<br \/>\n<a href=\"https:\/\/www.nzz.ch\/international\/oesterreich-zieht-sich-aus-uno-migrationspakt-zurueck-ld.1432565?mktcid=nled&amp;mktcval=107&amp;kid=_2018-11-1\">https:\/\/www.nzz.ch\/international\/oesterreich-zieht-sich-aus-uno-migrationspakt-zurueck-ld.1432565?mktcid=nled&amp;mktcval=107&amp;kid=_2018-11-1<\/a><\/p>\n<p><strong>17-Punkte-Ablehnung \u00d6sterreichs:<\/strong><br \/>\n<a href=\"https:\/\/diepresse.com\/home\/ausland\/aussenpolitik\/5522097\/UNMigrationspakt_Das-sind-die-17-Punkte-die-Oesterreich-ablehnt\">https:\/\/diepresse.com\/home\/ausland\/aussenpolitik\/5522097\/UNMigrationspakt_Das-sind-die-17-Punkte-die-Oesterreich-ablehnt<\/a><\/p>\n<p>&nbsp;<\/p>\n<p>&nbsp;<\/p>\n<p><strong>GCM &#8211; naive Sicht auf die Migration<\/strong><br \/>\nDer \u00f6sterreichische Innenminister Herbert Kickl (FP\u00d6) fasst w\u00e4hrend einer Talkshow auf Krone.at die problematischen Punkte im UN-Migrationspakt (Global Compact for Migration, kurz: GCM), der Anfang Dezember in Marokko von den UN-Mitgliedsl\u00e4ndern unterzeichnet werden soll, zusammen:<br \/>\n\u201eDieses Papier durchweht eine undifferenzierte, beinahe naive, positive Auffassung des Begriffes der Migration: Also Migration ist per se etwas Gutes, das bringt uns Innovation, das bringt uns Wohlstand \u2013 das bringt uns nur positive Dinge \u2013 Negatives ist ausgeblendet\u201c, erkl\u00e4rt Kickl. Zudem werde in diesem Migrationspakt \u00fcberhaupt nicht unterschieden zwischen legaler und illegaler Migration, f\u00fchrt der Innenminister weiter aus. \u201eMan kann in diesem Migrationspakt nicht wirklich eine Verpflichtung von L\u00e4ndern in Afrika, in der Dritten Welt ableiten, etwa ihre Leute zur\u00fcckzunehmen, im Zuge von Asylverfahren, wenn die negativ ausgehen \u2013 alles das fehlt dort drinnen\u201c.<br \/>\nHinzu kommt laut Krickl, dass es eine Vielzahl von Kritikpunkten g\u00e4be,<br \/>\n\u201ewo man aufpassen muss, dass hier nicht ein Papier auf den Weg gebracht wird, dass dann \u00fcber Gerichtsentscheide \u00fcber die Argumentation diverser NGOs etc. durch die Hintert\u00fcr Eingang in unsere Rechtsordnung findet\u201c. Man m\u00fcsse jetzt schauen, wie viele L\u00e4nder, die diesen Vertrag unterschreiben sollen, seien die Geber, also L\u00e4nder, die etwas machen k\u00f6nnten, und wie gro\u00df sei die Zahl derer, die sich davon etwas erwarteten. \u201eVon wem wird erwartet, dass man sich an diese Vertr\u00e4ge h\u00e4lt, und von wem h\u00f6rt man dann meistens, wir haben das zwar unterschrieben, aber wir sind nicht in der Lage, das, was wir unterschrieben haben, umzusetzen\u201c.<br \/>\n\u201eIch bin als Innenminister angetreten, um in diesem Bereich \u2013 Asyl, Migration, Zuwanderung \u2013 Ordnung zu machen, die Dinge auseinanderzuhalten, die nicht zusammengeh\u00f6ren. Und w\u00e4re ein schlechter Innenminister, wenn ich jetzt etwas unterst\u00fctzen w\u00fcrde, das durch die Hintert\u00fcr wieder diese Probleme hereinbringen w\u00fcrde, indem man alles wieder miteinander vermantscht. Man muss aufpassen, dass das nicht ein toxisches Papier ist\u201c.<br \/>\n&#8230; Alles vom 20.10.2018 bitte lesen auf <a href=\"https:\/\/www.krone.at\">https:\/\/www.krone.at<\/a><\/p>\n<p>&nbsp;<\/p>\n<p>&nbsp;<\/p>\n<p><strong>Nicolaus Fest: &#8222;Global Migration Compact&#8220; verhindern<\/strong><\/p>\n<p>Nicolaus Fest nimmt in einem Aufsehen erregenden Video Stellung zum Migrationspakt der UN (\u201eGlobal Migration Compact \u201e), der im Dezember auch von Deutschland unterzeichnet werden soll: \u201eDas Abkommen ist eine gesellschaftspolitische Atombombe, denn nach dem Global Compact ist jeder berechtigt, sich \u00fcberall niederzulassen \u2013 egal, ob Fl\u00fcchtling oder Migrant. Das hei\u00dft, es gibt keine staatliche Souver\u00e4nit\u00e4t mehr und keine Grenzen. (Anmerkung: Aus diesem Grund lehnen die USA, D\u00e4nemark und Ungarn den Pakt ab).<br \/>\nEs gibt nur noch offene Siedlungsgebiete. Im sogenannten \u201eKampagnenheft\u201c sind diese Ziele klar formuliert. Darin hei\u00dft es:<br \/>\n&#8211; Migration wird ein eigenes Menschenrecht. Dieses Recht geht den Rechten der Einheimischen vor.<br \/>\n&#8211; Staaten haben Migration aktiv zu f\u00f6rdern, z.B. durch sichere Reiserouten.<br \/>\n&#8211; Migranten haben selbstverst\u00e4ndlich Anspruch auf alle Sozialleistungen\u2026<br \/>\n&#8211; Kritische Berichterstattung \u00fcber Migration soll zum Verlust staatlicher F\u00f6rderung f\u00fchren, z.B. zur Stornierung von<br \/>\nAnzeigen (in Medien). So will man die Presse- und Meinungsfreiheit gleich mit beschneiden.<\/p>\n<p>Inzwischen ist der abgenickte Entwurf heimlich, still und leise von 25 auf 34 Seiten angewachsen \u2013 unter Federf\u00fchrung von Au\u00dfenminister Maas, ohne parlamentarische Beratung \u2013 mit klaren Versch\u00e4rfungen zu Lasten der europ\u00e4ischen L\u00e4nder\u2026\u201c<br \/>\n1.10.2018, <a href=\"https:\/\/www.youtube.com\/watch?v=beYW5Gx9oJ0\">https:\/\/www.youtube.com\/watch?v=beYW5Gx9oJ0<\/a><\/p>\n<p>&nbsp;<\/p>\n<p>Nicolaus Fest zum Global Migration Compact und dem Ende Europas<br \/>\n<a href=\"https:\/\/www.youtube.com\/watch?v=beYW5Gx9oJ0\">https:\/\/www.youtube.com\/watch?v=beYW5Gx9oJ0<\/a><\/p>\n<p>Martina B\u00f6swald &#8211; Der Europ\u00e4ische Pakt f\u00fcr Migration und Entwicklung<br \/>\n<a href=\"https:\/\/www.youtube.com\/watch?v=AZf-_Utriv4\">https:\/\/www.youtube.com\/watch?v=AZf-_Utriv4<\/a><br \/>\nKeinen Pakt f\u00fcr Migration! &#8211; Martin Hebner &#8211; AfD-Fraktion im Bundestag<br \/>\n<a href=\"https:\/\/www.youtube.com\/watch?v=xAj0rQB23oM\">https:\/\/www.youtube.com\/watch?v=xAj0rQB23oM<\/a><br \/>\n.<br \/>\nUN Migrationspakt stoppen &#8211; Nicht in unserem Namen!<br \/>\n<a href=\"https:\/\/www.youtube.com\/watch?v=VK6h14l3A60\">https:\/\/www.youtube.com\/watch?v=VK6h14l3A60<\/a><br \/>\nWieso eine Mutter gegen den Pakt unterschreibt &#8211; Phase 1<br \/>\n<a href=\"https:\/\/www.youtube.com\/watch?v=M7C6fGKCLdw\">https:\/\/www.youtube.com\/watch?v=M7C6fGKCLdw<\/a><br \/>\n.<br \/>\nSteve King: Die Migrantenstr\u00f6me nehmen Deutschland schneller ein, als eine Invasionsarmee es k\u00f6nnte<br \/>\n<a href=\"https:\/\/www.youtube.com\/watch?v=hxJpaYgGK-U\">https:\/\/www.youtube.com\/watch?v=hxJpaYgGK-U<\/a><br \/>\nWeidel: \u201eTerroristen werden besser gesch\u00fctzt, als die eigenen B\u00fcrger!\u201c | Wahlkampf in Exing, Bayern<br \/>\n<a href=\"https:\/\/www.youtube.com\/watch?v=2XUGRr7czb0\">https:\/\/www.youtube.com\/watch?v=2XUGRr7czb0<\/a><\/p>\n<p>&nbsp;<\/p>\n<p><strong>Globaler Pakt f\u00fcr Migration &#8211; Petition<\/strong><br \/>\nDie Vereinten Nationen planen, die ganze Welt in eine globale Migrationsgesellschaft zu verwandeln. Mit einem globalen Pakt f\u00fcr Migration sollen Wirtschaftsmigranten echten Fl\u00fcchtlingen gleichgestellt werden und Migration somit zu einer Art \u201eMenschenrecht\u201c werden. Hunderte Millionen Auswanderer aus allen m\u00f6glichen und unm\u00f6glichen L\u00e4ndern der Welt k\u00f6nnten dann ungehindert nach Europa kommen.<br \/>\nDer sogenannte \u201eGlobale Pakt f\u00fcr sichere, geordnete und regul\u00e4re Migration\u201c soll am 10. und 11. Dezember 2018 in Marokko von den Mitgliedsstaaten der Vereinten Nationen (UN) unterzeichnet werden. Im Kern beinhaltet dieser Pakt die Gleichstellung von Migranten aller Art, unabh\u00e4ngig von ihrem legalen Status, mit echten Fl\u00fcchtlingen, die einen Schutzstatus genie\u00dfen. Dies h\u00e4tte zur Folge, dass k\u00fcnftig Staaten gem\u00e4\u00df den neuen UN-Richtlinien gegen die \u201eMenschenrechte\u201c versto\u00dfen w\u00fcrden, wenn sie illegale Einwanderer ausweisen oder illegale Grenz\u00fcbertritte unter Strafe stellen.<\/p>\n<p>Widerstand kommt von diesen L\u00e4ndern: USA, Ungarn, Australien, \u00d6sterreich,.<\/p>\n<p>\u201eWir werden kein Dokument unterzeichnen, das nicht in unserem nationalen Interesse liegt, und es liegt nicht in unserem nationalen Interesse, unsere Grenzschutzpolitik der UNO zu unterstellen. [\u2026] Wir werden unsere nationale Souver\u00e4nit\u00e4t nicht aufgeben. Ich werde es nicht zulassen, dass eine nicht gew\u00e4hlte K\u00f6rperschaft (Anm.: die Vereinten Nationen) uns, dem australischen Volke, Diktate erteilen.\u201c, so der australische Minister f\u00fcr Heimat-Angelegenheiten Peter Dutton., 21.9.2018<br \/>\n<a href=\"https:\/\/www.patriotpetition.org\/2018\/07\/26\/globalen-migrationspakt-der-uno-stoppen-nationale-souveraenitaet-erhalten\/\">https:\/\/www.patriotpetition.org\/2018\/07\/26\/globalen-migrationspakt-der-uno-stoppen-nationale-souveraenitaet-erhalten\/<\/a><\/p>\n<p>&nbsp;<\/p>\n<p>&nbsp;<\/p>\n","protected":false},"excerpt":{"rendered":"<p>Home\u00a0&gt;Global\u00a0&gt;Globalisierung &gt;Global-Migration Listenauswahl eines Beitrags (Artikel\/Datum, Seite\/Inhalt):\u00a0Klicken\u00a0oder scrollen\u00a0 Sieferle \u201eEpochenwechsel\u201c: Universalismus (Migration) vs Partikularismus (Nationen)\u00a0(7.1.2026) Facebooks neue Waffe: Eine KI trainiert auf dich \u2013 kontrolliert von den USA\u00a0(17.4.2025) Replacement Migration \u2013 Lesenswertes von den Vereinten Nationen (23.7.2024) Deutschland als Experimentierfeld &hellip; <a href=\"https:\/\/www.freiburg-schwarzwald.de\/blog\/global\/globalisierung\/global-migration\/\">Weiterlesen <span class=\"meta-nav\">&rarr;<\/span><\/a><\/p>\n","protected":false},"author":2,"featured_media":0,"parent":1180,"menu_order":0,"comment_status":"open","ping_status":"closed","template":"","meta":{"footnotes":""},"class_list":["post-68186","page","type-page","status-publish","hentry"],"_links":{"self":[{"href":"https:\/\/www.freiburg-schwarzwald.de\/blog\/wp-json\/wp\/v2\/pages\/68186","targetHints":{"allow":["GET"]}}],"collection":[{"href":"https:\/\/www.freiburg-schwarzwald.de\/blog\/wp-json\/wp\/v2\/pages"}],"about":[{"href":"https:\/\/www.freiburg-schwarzwald.de\/blog\/wp-json\/wp\/v2\/types\/page"}],"author":[{"embeddable":true,"href":"https:\/\/www.freiburg-schwarzwald.de\/blog\/wp-json\/wp\/v2\/users\/2"}],"replies":[{"embeddable":true,"href":"https:\/\/www.freiburg-schwarzwald.de\/blog\/wp-json\/wp\/v2\/comments?post=68186"}],"version-history":[{"count":5,"href":"https:\/\/www.freiburg-schwarzwald.de\/blog\/wp-json\/wp\/v2\/pages\/68186\/revisions"}],"predecessor-version":[{"id":143898,"href":"https:\/\/www.freiburg-schwarzwald.de\/blog\/wp-json\/wp\/v2\/pages\/68186\/revisions\/143898"}],"up":[{"embeddable":true,"href":"https:\/\/www.freiburg-schwarzwald.de\/blog\/wp-json\/wp\/v2\/pages\/1180"}],"wp:attachment":[{"href":"https:\/\/www.freiburg-schwarzwald.de\/blog\/wp-json\/wp\/v2\/media?parent=68186"}],"curies":[{"name":"wp","href":"https:\/\/api.w.org\/{rel}","templated":true}]}}