{"id":68087,"date":"2018-09-05T15:14:12","date_gmt":"2018-09-05T13:14:12","guid":{"rendered":"https:\/\/www.freiburg-schwarzwald.de\/blog\/?page_id=68087"},"modified":"2026-04-17T14:46:37","modified_gmt":"2026-04-17T12:46:37","slug":"journalismus","status":"publish","type":"page","link":"https:\/\/www.freiburg-schwarzwald.de\/blog\/kultur\/medien\/journalismus\/","title":{"rendered":"Journalismus"},"content":{"rendered":"<p><a href=\"https:\/\/www.freiburg-schwarzwald.de\/blog\">Home<\/a>\u00a0&gt;<a title=\"Kultur\" href=\"https:\/\/www.freiburg-schwarzwald.de\/blog\/kultur\/\">Kultur<\/a>\u00a0&gt;<a title=\"Medien\" href=\"https:\/\/www.freiburg-schwarzwald.de\/blog\/kultur\/medien\/\">Medien<\/a>\u00a0&gt;Journalismus<\/p>\n<p><a href=\"https:\/\/www.freiburg-schwarzwald.de\/blog\/global\/italien\/cavallino\/venedig-schiff-pan180512\/\" rel=\"attachment wp-att-67441\"><img loading=\"lazy\" decoding=\"async\" class=\"alignnone size-full wp-image-67441\" src=\"https:\/\/www.freiburg-schwarzwald.de\/blog\/wp-content\/uploads\/2014\/05\/venedig-schiff-pan180512.jpg\" alt=\"venedig-schiff-pan180512\" width=\"639\" height=\"204\" srcset=\"https:\/\/www.freiburg-schwarzwald.de\/blog\/wp-content\/uploads\/2014\/05\/venedig-schiff-pan180512.jpg 639w, https:\/\/www.freiburg-schwarzwald.de\/blog\/wp-content\/uploads\/2014\/05\/venedig-schiff-pan180512-180x57.jpg 180w\" sizes=\"auto, (max-width: 639px) 100vw, 639px\" \/><\/a>\u00a0 \u00a0 \u00a0 \u00a0 \u00a0 \u00a0 \u00a0 \u00a0 \u00a0 \u00a0 \u00a0 \u00a0 \u00a0 \u00a0 \u00a0 \u00a0 \u00a0 \u00a0 \u00a0 \u00a0 \u00a0 \u00a0 \u00a0 \u00a0 \u00a0 \u00a0 \u00a0 \u00a0 \u00a0 \u00a0 Punta Sabbioni &#8211; Vor Venedig im Mai 2018<a href=\"https:\/\/www.freiburg-schwarzwald.de\/blog\/global\/italien\/cavallino\/venedig-schiff-pan180512\/\" rel=\"attachment wp-att-67441\"><br \/>\n<\/a><\/p>\n<ul>\n<li><em>Listenauswahl eines Beitrags: Bitte <span style=\"text-decoration: underline;\">anklicken<\/span> oder runterscrollen<\/em><\/li>\n<li><a href=\"https:\/\/www.freiburg-schwarzwald.de\/blog\/geheimplan-potsdam-war-luege\/\">Geheimplan Potsdam war L\u00fcge<\/a> (17.4.2026)<\/li>\n<li><a href=\"https:\/\/www.freiburg-schwarzwald.de\/blog\/kultur\/medien\/einseitigkeit\/\">Der Verfall des Journalismus wird besonders deutlich, wenn man in die Vergangenheit schaut<\/a>\u00a0(25,3,2026)<\/li>\n<li><a href=\"https:\/\/www.freiburg-schwarzwald.de\/blog\/martenstein-video-demokratie\/\">Martenstein: Video Demokratie<\/a>\u00a0(15.3.2026)<\/li>\n<li><a href=\"https:\/\/www.freiburg-schwarzwald.de\/blog\/kultur\/medien\/diskussionskultur\/verleugnung\/\">Verleugungssph\u00e4re \u2013 D\u00e9nisph\u00e8re: Die links-woke Ersatzwirklichkeit<\/a>\u00a0(21.1.2026)<\/li>\n<li>Weimer-Journalismus: &#8222;Gem\u00fctlichmachen im Kreis der Macht&#8220; (23.11.2025)<\/li>\n<li><a href=\"https:\/\/www.freiburg-schwarzwald.de\/blog\/kultur\/medien\/beleidigung\/\">Nach Politikerbeleidigung nun auch Journalistenbeleidigung?<\/a> (2.11.2025)<\/li>\n<li><a href=\"https:\/\/www.freiburg-schwarzwald.de\/blog\/kultur\/medien\/pressefreiheit\/\">Verband gegen Journalisten: dju pro und DJV contra Pressefreiheit<\/a> (17.10.2025)<\/li>\n<li><a href=\"https:\/\/www.freiburg-schwarzwald.de\/blog\/un\/\">Die ARD berichtet von der UN: Nichtneutral, einseitig, tendenzi\u00f6s<\/a>\u00a0(30.9.2025)<\/li>\n<li><a href=\"https:\/\/www.freiburg-schwarzwald.de\/blog\/business\/gesund\/corona-virus\/corona-gesundheit\/\">Aya Vel\u00e1zquez: Die Investigavjournalistin bei Jasmin Kosube<\/a>k (4.9.2025)<\/li>\n<li>Welcher Journalismus hat Zukunft? (18.8.2025)<\/li>\n<li><a href=\"https:\/\/www.freiburg-schwarzwald.de\/blog\/sommerinterview-afd-stoerung\/\">Sommerinterview AfD: St\u00f6rung<\/a>\u00a0(21.7.2025)<\/li>\n<li>Sieben Monate Haft f\u00fcr Journalist wegen Fotomontage (8.4.2025)<\/li>\n<li><a href=\"https:\/\/www.freiburg-schwarzwald.de\/blog\/kultur\/medien\/mediendemokratie\/\">Alexander Wendt: Landesmedienanstalten \u00fcberwachen \u201ejournalistische Sorgfaltspflicht\u201c<\/a>\u00a0(2.3.2025)<\/li>\n<li><a href=\"https:\/\/www.freiburg-schwarzwald.de\/blog\/global\/deutschland\/neutral\/\">Friedrichs\u2019 Journalismus-Mantra: Warum die \u201eNeutralit\u00e4t\u201c die Meinungsfreiheit erstickt<\/a> (9.1.2025)<\/li>\n<li><a href=\"https:\/\/www.freiburg-schwarzwald.de\/blog\/kultur\/medien\/gez-medien\/\">Staat reguliert Lokaljournalismus? Ein neuartiger zweiter GEZ-Trog<\/a>\u00a0(20.12.2024)<\/li>\n<li>Journalistische Trennung von Nachricht und Meinung (15.12.2024)<\/li>\n<li><a href=\"https:\/\/www.freiburg-schwarzwald.de\/blog\/engagement\/zukunft\/demokratie\/freiheit\/freiheitsrechte\/\">Julian Assange im Europarat: \u201eUm frei zu sein, musste ich mich des Journalismus schuldig bekennen\u201c<\/a> (1.10.2024)<\/li>\n<li><a href=\"https:\/\/www.freiburg-schwarzwald.de\/blog\/polit-bloggerin-anabel-schunke\/\">Polit-Bloggerin Anabel Schunke<\/a>\u00a0(1.9.2024)<\/li>\n<li><a href=\"https:\/\/www.freiburg-schwarzwald.de\/blog\/kultur\/medien\/medien-afd\/\">Journalisten-Verband: Keine Gespr\u00e4che mit der AfD<\/a> (26.7.2024)<\/li>\n<li><a href=\"https:\/\/www.freiburg-schwarzwald.de\/blog\/journalismus-versus-propaganda\/\">Journalismus versus Propaganda<\/a>\u00a0(3.6.2024)<\/li>\n<li><a href=\"https:\/\/www.freiburg-schwarzwald.de\/blog\/kultur\/medien\/medien-unabhaengigkeit\/\">Wie sich DPA, APA und AFP von den Regierenden f\u00fcr die Gleichrichtung der Medien bezahlen lassen<\/a>\u00a0(20.5.2024)<\/li>\n<li><a href=\"https:\/\/www.freiburg-schwarzwald.de\/blog\/rki-files-veroeffentlicht-akteur\/\">RKI-Files ver\u00f6ffentlicht \u2013 Akteur?<\/a>\u00a0(25.3.2024)<\/li>\n<li><a href=\"https:\/\/www.freiburg-schwarzwald.de\/blog\/kultur\/medien\/medien-afd\/\">Trennen: Parteiprogramm der AfD und Schikane gegen die AfD<\/a> (29.3.2024)<\/li>\n<li><a href=\"https:\/\/www.freiburg-schwarzwald.de\/blog\/kultur\/medien\/journalismus\/erziehungsjournalismus\/\">Journalist: Meinungsfreiheit bzw. -vielfalt erfordert Medienvielfalt<\/a>\u00a0(20.2.2023)<\/li>\n<li><a href=\"https:\/\/www.freiburg-schwarzwald.de\/blog\/kultur\/medien\/journalismus\/staatsjournalismus\/\">Michael Meyen: \u201eDer Journalismus wird zerquetscht\u201c<\/a>\u00a0(16.2.2024)<\/li>\n<li><a href=\"https:\/\/www.freiburg-schwarzwald.de\/blog\/kultur\/medien\/journalismus\/recherche\/\">Das \u201eGeheimtreffen\u201c: Vom Journalismus und seinen ethischen Grunds\u00e4tzen<\/a>\u00a0(7.2.2024)<\/li>\n<li><a href=\"https:\/\/www.freiburg-schwarzwald.de\/blog\/kultur\/medien\/oerr\/\">Endlich amtlich: Studie best\u00e4tigt Links-Drall von ARD und ZDF<\/a>\u00a0(7.2.2024)<\/li>\n<li><a href=\"https:\/\/www.freiburg-schwarzwald.de\/blog\/kultur\/medien\/journalismus\/staatsjournalismus\/\">Staatsjournalismus ist kein Journalismus, sondern Regierungs-Propaganda<\/a> (29.1.2024)<\/li>\n<li><a href=\"https:\/\/www.freiburg-schwarzwald.de\/blog\/friedensjahr-2024-warum-nicht\/\">Friedensjahr 2024 \u2013 warum nicht?<\/a>\u00a0(19.1.2024)<\/li>\n<li><a href=\"https:\/\/www.freiburg-schwarzwald.de\/blog\/kultur\/medien\/medien-unabhaengigkeit\/\">B\u00fcrgerjournalismus: Das Pareto Projekt beginnt<\/a>\u00a0(2.12.2023)<\/li>\n<li><a href=\"https:\/\/www.freiburg-schwarzwald.de\/blog\/kultur\/medien\/meinungsfreiheit\/\">Gottschalk zur Meinungsfreiheit<\/a>\u00a0(27.11.2023)<\/li>\n<li><a href=\"https:\/\/www.freiburg-schwarzwald.de\/blog\/kultur\/medien\/journalismus\/embedded-journalism\/\">Terror vom 7. Oktober: Woher Agenturen und Medien die Bilder aus T\u00e4tersicht bezogen<\/a>\u00a0(9.11.2023)<\/li>\n<li><a href=\"https:\/\/www.freiburg-schwarzwald.de\/blog\/kultur\/medien\/journalismus\/journalismus-wende\/\">Deutsche Journalisten und \u201eWir haben ja nichts gewusst\u201c<\/a>\u00a0(30.10.2023)<\/li>\n<li><a href=\"https:\/\/www.freiburg-schwarzwald.de\/blog\/kultur\/medien\/journalismus\/ausgewogenheit\/\">Ausgewogenheit bei Nachrichten und Kommentar<\/a>\u00a0(29.10.2023)<\/li>\n<li><a href=\"https:\/\/www.freiburg-schwarzwald.de\/blog\/kultur\/medien\/medienleute\/\">Boris Reitschuster: Meine Vertreibung<\/a> (28.9.2023)<\/li>\n<li><a href=\"https:\/\/www.freiburg-schwarzwald.de\/blog\/kultur\/medien\/medienleute\/\">Constantin Schreiber: Journalist verzichtet auf Islam-Diskussion<\/a> (13.9.2023)<\/li>\n<li><a href=\"https:\/\/www.freiburg-schwarzwald.de\/blog\/natur\/klima\/klimajournalismus\/\">Das Netzwerk Klimajournalismus: Wenn Journalisten und Medien sich der Manipulation verschreiben<\/a>\u00a0(24.8.2023)<\/li>\n<li><a href=\"https:\/\/www.freiburg-schwarzwald.de\/blog\/kultur\/medien\/journalismus\/ruthenberg-medien\/\">Warum ich nicht mehr f\u00fcr Mainstream-Medien arbeite \u2013 Die Abrechnung<\/a> (30.7.2023)<\/li>\n<li><a href=\"https:\/\/www.freiburg-schwarzwald.de\/blog\/kultur\/medien\/medien-afd\/\">Berichterstattung zur AfD-Europawahlversammlung am 29.7.2023<\/a>\u00a0(3.8.2023)<\/li>\n<li><a href=\"https:\/\/www.freiburg-schwarzwald.de\/blog\/kultur\/medien\/einseitigkeit\/\">Der Krieg und die Leitmedien \u2013 Einseitige Kriegsberichterstattung<\/a>\u00a0(31.7.2023)<\/li>\n<li><a href=\"https:\/\/www.freiburg-schwarzwald.de\/blog\/kultur\/medien\/journalismus\/erziehungsjournalismus\/\">Zum Empfehlungsjournalismus: Offener Brief an wohlmeinende Co-Trainer der AfD<\/a>\u00a0(25.7.2023)<\/li>\n<li><a href=\"https:\/\/www.freiburg-schwarzwald.de\/blog\/wir-hatten-keine-andere-wahl\/\">Wir hatten keine andere Wahl<\/a>\u00a0(11.7.2023)<\/li>\n<li><a href=\"https:\/\/www.freiburg-schwarzwald.de\/blog\/kultur\/medien\/vierte-gewalt\/\">Journalisten sind geistigen Antagonisten der Politiker<\/a>\u00a0(21.5.2023)<\/li>\n<li><a href=\"https:\/\/www.freiburg-schwarzwald.de\/blog\/engagement\/zukunft\/demokratie\/westen\/wertewesten\/\">Assange weiter in Haft \u2013 wo sind unsere westlichen Werte?<\/a>\u00a0(11.4.2023)<\/li>\n<li><a href=\"https:\/\/www.freiburg-schwarzwald.de\/blog\/regierung-bezahlt-journalisten\/\">Regierung bezahlt Journalisten<\/a>\u00a0(12.3.2023)<\/li>\n<li><a href=\"https:\/\/www.freiburg-schwarzwald.de\/blog\/kultur\/medien\/journalismus\/ruthenberg-medien\/\">Medien im Wandel \u2013 Neue Medien<\/a> (3.3.2023)<\/li>\n<li><a href=\"https:\/\/www.freiburg-schwarzwald.de\/blog\/lumpenpazifist-friedensschwurbler\/\">Lumpenpazifist Friedensschwurbler<\/a>\u00a0(28.2.2023)<\/li>\n<li><a href=\"https:\/\/www.freiburg-schwarzwald.de\/blog\/kultur\/medien\/zensur\/sprechverbot\/\">Deutscher Journalist soll nicht vom Donbas aus berichten<\/a>\u00a0(7.2.2023)<\/li>\n<li><a href=\"https:\/\/www.freiburg-schwarzwald.de\/blog\/kultur\/medien\/diskussionskultur\/diskussionskultur2023\/\">Michael L\u00fcders: In Deutschland gibt es kaum noch eine Debattenkultur<\/a>\u00a0(5.2.2023)<\/li>\n<li><a href=\"https:\/\/www.freiburg-schwarzwald.de\/blog\/chatgpt-schreibt-deinen-text\/\">ChatGPT schreibt \u201edeinen\u201c Text<\/a>\u00a0(14.1.2023)<\/li>\n<li><a href=\"https:\/\/www.freiburg-schwarzwald.de\/blog\/spiegel-relotius-18-maria-22\/\">Spiegel: Relotius 18 \u2013 Maria 22<\/a>\u00a0(3.12.2022)<\/li>\n<li><a href=\"https:\/\/www.freiburg-schwarzwald.de\/blog\/krone-schmalz-ru-und-ua\/\">Krone-Schmalz: RU und UA<\/a>\u00a0(1.11.2022)<\/li>\n<li><a href=\"https:\/\/www.freiburg-schwarzwald.de\/blog\/volksverhetzung-verschaerft\/\">Volkverhetzung versch\u00e4rft<\/a>\u00a0(27.10.2022)<\/li>\n<li><a href=\"https:\/\/www.freiburg-schwarzwald.de\/blog\/kultur\/medien\/neue-medien\/\">Neue Medien \u2013 Liste<\/a>\u00a0(27.10.2022)<\/li>\n<li><a href=\"https:\/\/www.freiburg-schwarzwald.de\/blog\/denker-drewermann-klonovsky\/\">Grosse Denker: Drewermann, Klonovsky<\/a>\u00a0(24.8.2022)<\/li>\n<li><a href=\"https:\/\/www.freiburg-schwarzwald.de\/blog\/kontrafunk-24-std-radio\/\">Kontrafunk: 24-Std-Radio<\/a>\u00a0(30.5.2022)<\/li>\n<li><a href=\"https:\/\/www.freiburg-schwarzwald.de\/blog\/kultur\/medien\/journalismus\/ruthenberg-medien\/\">3. Videobotschaft \u201eFramen wir uns positiv\u201c von Martin Ruthenberg<\/a>\u00a0(16.1.2022)<\/li>\n<li><a href=\"https:\/\/www.freiburg-schwarzwald.de\/blog\/jugendliches-apollo-news-net\/\">Jugendliches Apollo-news.net<\/a>\u00a0(24.11.2021)<\/li>\n<li><a href=\"https:\/\/www.freiburg-schwarzwald.de\/blog\/oerr-und-haltungsjournalismus\/\">\u00d6RR und Haltungsjournalismus<\/a>\u00a0(3.11.2021)<\/li>\n<li><a href=\"https:\/\/www.freiburg-schwarzwald.de\/blog\/kultur\/dichter\/literatur\/\">Denis Y\u00fccel Vorsitzender des deutschen PEN-Clubs \u2013 Warum?<\/a>\u00a0(2.11.2021)<\/li>\n<li><a href=\"https:\/\/www.freiburg-schwarzwald.de\/blog\/kultur\/medien\/zeitung\/bz\/\">Guter Lokaljournalismus \u2013 Ralf-Dahrendorf-Preis<\/a> (12.10.2021)<\/li>\n<li><a href=\"https:\/\/www.freiburg-schwarzwald.de\/blog\/kultur\/medien\/mainstream\/\">Warum wir nicht selbst denken d\u00fcrfen \u2013 Missionarsjournalismus<\/a> (17.8.2021)<\/li>\n<li><a href=\"https:\/\/www.freiburg-schwarzwald.de\/blog\/kultur\/medien\/pressefreiheit\/\">Pressekonferenz: Merkel kontert Reporter-Frage: \u201eGibt es bei Ihnen au\u00dfer Rissen noch was Zusammenh\u00e4ngendes?\u201c<\/a>\u00a0(22.7.2021)<\/li>\n<li><a href=\"https:\/\/www.freiburg-schwarzwald.de\/blog\/kultur\/medien\/medienleute\/\">Danisch.de: Der w\u00fctende wei\u00dfe Mann Hadmut Danisch<\/a> (16.7.2021)<\/li>\n<li><a href=\"https:\/\/www.freiburg-schwarzwald.de\/blog\/journalist-juergen-liminski-ist-tot\/\">Journalist J\u00fcrgen Liminski ist tot<\/a> (18.6.2021)<\/li>\n<li><a href=\"https:\/\/www.freiburg-schwarzwald.de\/blog\/kultur\/medien\/pressefreiheit\/\">Gerichtsurteil gegen Reul (CDU): Junge Freiheit keine rechtsextreme Zeitung<\/a>\u00a0(21.6.2021)<\/li>\n<li><a href=\"https:\/\/www.freiburg-schwarzwald.de\/blog\/journos-helfen-journos-appell\/\">Journalisten helfen Journalisten &#8211; Appell<\/a> (7.4.2021)<\/li>\n<li><a href=\"https:\/\/www.freiburg-schwarzwald.de\/blog\/religion\/kirchen\/ostern\/\">Boris Reitschuster: Eine kleine Osterbitte f\u00fcr die Eltern<\/a>\u00a0(5.4.2021)<\/li>\n<li><a href=\"https:\/\/www.freiburg-schwarzwald.de\/blog\/kultur\/medien\/diversity\/\">Handbuch f\u00fcr Diversity: Verrat am Qualit\u00e4tsjournalismus<\/a>\u00a0(18.3.2021)<\/li>\n<li><a href=\"https:\/\/www.freiburg-schwarzwald.de\/blog\/kultur\/medien\/medienleute\/\">Attacken gegen den Journalisten Boris Reitschuter<\/a>\u00a0(23.2.2021)<\/li>\n<li><a href=\"https:\/\/www.freiburg-schwarzwald.de\/blog\/kultur\/medien\/radio\/podcast\/\">Indubio \u2013 Internet-Politik-Talk mit Burkhard M\u00fcller-Ullrich<\/a>\u00a0(22.1.2021)<\/li>\n<li><a href=\"https:\/\/www.freiburg-schwarzwald.de\/blog\/business\/gesund\/corona-virus\/maske\/\">Maas beweist: Es gibt ein deutsches und ein t\u00fcrkisches Covid19-Virus<\/a> (19.1.2021)<\/li>\n<li><a href=\"https:\/\/www.freiburg-schwarzwald.de\/blog\/kultur\/medien\/medienleute\/\">Weckruf \u2013 an die Journalisten der Leitmedien<\/a>\u00a0(7.1.2021)<\/li>\n<li><a href=\"https:\/\/www.freiburg-schwarzwald.de\/blog\/wunschzettel-ans-christkind\/\">Wunschzettel ans Christkind<\/a> (24.12.2020)<\/li>\n<li><a href=\"https:\/\/www.freiburg-schwarzwald.de\/blog\/nationalitaet-bei-straftat-nennen\/\">Nationalit\u00e4t bei Straftaten nennen<\/a>\u00a0(15.12.2020)<\/li>\n<li><a href=\"https:\/\/www.freiburg-schwarzwald.de\/blog\/angst-essen-seele-auf\/\">Angst essen Seele auf<\/a>\u00a0(22.11.2020)<\/li>\n<li><a href=\"https:\/\/www.freiburg-schwarzwald.de\/blog\/kultur\/medien\/freie-medien\/\">3.650 Planstellen gegen eine: SWR gegen Reitschuster.de<\/a>\u00a0(20.11.2020)<\/li>\n<li><a href=\"https:\/\/www.freiburg-schwarzwald.de\/blog\/kultur\/medien\/meinungsfreiheit\/\">Meinungsfreiheit und Medien: 58% f\u00fcr \u201eVorsicht bei \u201eheiklen Themen\u201c<\/a> (28.11.2020)<\/li>\n<li><a href=\"https:\/\/www.freiburg-schwarzwald.de\/blog\/corona-angstmacher-gleichung\/\">Corona Angstmacher-Gleichung<\/a>\u00a0(26.10.2020)<\/li>\n<li><a title=\"Freie-Medien\" href=\"https:\/\/www.freiburg-schwarzwald.de\/blog\/kultur\/medien\/freie-medien\/\">Zweite\u00a0Konferenz der Freien Medien am 10.10.2020 in Berlin<\/a> (10.10.2020)<\/li>\n<li>Juniorenkreis Publizistik der Hajek-Gesellschaft am 2.-4.10.2020 (22.9.2020)<\/li>\n<li><a title=\"Diskursverweigerung\" href=\"https:\/\/www.freiburg-schwarzwald.de\/blog\/engagement\/zukunft\/demokratie\/diskursverweigerung\/\">Eine moralisierende Diskursverweigerung k\u00f6nnen wir uns nicht leisten<\/a>\u00a0(26.7.2020)<\/li>\n<li><a title=\"Journalismus: Resignation-Letter\" href=\"https:\/\/www.freiburg-schwarzwald.de\/blog\/journalismus-resignation-letter\/\">Journalismus: Resignation-Letter<\/a> (16.7.2020)<\/li>\n<li><a title=\"Pressevielfalt statt Staatspresse\" href=\"https:\/\/www.freiburg-schwarzwald.de\/blog\/pressevielfalt-statt-staatspresse\/\">Pressevielfalt statt Staatspresse<\/a>\u00a0(7.7.2020)<\/li>\n<li><a title=\"Nachricht Kommentar trennen\" href=\"https:\/\/www.freiburg-schwarzwald.de\/blog\/nachricht-kommentar-trennen\/\">Nachricht und Kommentar in den Medien trennen<\/a>\u00a0(14.6.2020)<\/li>\n<li><a href=\"https:\/\/www.freiburg-schwarzwald.de\/blog\/kultur\/medien\/medienleute\/\">Reitschuster-Restle: Woher kommt Ihre Angst vor anderen Meinungen?<\/a>\u00a0(22.5.2020)<\/li>\n<li>Fake-News hin oder her \u2013 in der Krise zeigen neue Medien ihre St\u00e4rke (21.3.2020)<\/li>\n<li><a title=\"Ehrlichkeit\" href=\"https:\/\/www.freiburg-schwarzwald.de\/blog\/engagement\/zukunft\/ehrlichkeit\/\">Journalisten handeln mit Vertrauen, die auf Ehrlichkeit basiert<\/a>\u00a0(9.1.2020)<\/li>\n<li><a title=\"WDR\" href=\"https:\/\/www.freiburg-schwarzwald.de\/blog\/kultur\/medien\/wdr\/\">Warum Deutschlands \u00f6ffentlich-rechtliche Riesensender eine Schrumpfkur ben\u00f6tigen<\/a>\u00a0(4.1.2020)<\/li>\n<li><a title=\"Linke-Gewalt\" href=\"https:\/\/www.freiburg-schwarzwald.de\/blog\/selbsthilfe\/krise\/gewalt\/linke-gewalt\/\">Auto von \u201eB.Z.\u201c-Journalist Gunnar Schupeliu in Brand gesetzt<\/a>\u00a0(2.1.2020)<\/li>\n<li><a title=\"Freie-Medien\" href=\"https:\/\/www.freiburg-schwarzwald.de\/blog\/kultur\/medien\/freie-medien\/\">Gerhard-L\u00f6wenthal-Preis f\u00fcr Alexander Wendt<\/a>\u00a0 (29.11.2019)<\/li>\n<li>Gerhard-L\u00f6wenthal-Preis f\u00fcr Vera Lengsfeld (29.11.2019)<\/li>\n<li><a title=\"Freie-Medien\" href=\"https:\/\/www.freiburg-schwarzwald.de\/blog\/kultur\/medien\/freie-medien\/\">Anabel Schunke ist Deutschlands sch\u00f6nste Merkel-Kritikerin<\/a>\u00a0 (30.10.2019)<\/li>\n<li><a title=\"Intellektuelle\" href=\"https:\/\/www.freiburg-schwarzwald.de\/blog\/global\/deutschland\/gesellschaft\/intellektuelle\/\">Diener der Macht: Medien, Intellektuelle<\/a>\u00a0(18.10.2019)<\/li>\n<li><a title=\"Politisch kontaminierte Hirse?\" href=\"https:\/\/www.freiburg-schwarzwald.de\/blog\/politisch-kontaminierte-hirse\/\">Politisch kontaminierte Hirse?<\/a>\u00a0(15.10.2019)<\/li>\n<li><a title=\"Kant\" href=\"https:\/\/www.freiburg-schwarzwald.de\/blog\/kultur\/aufklaerung\/kant\/\">Johannes Eisleben: Journalisten im Kant-Test<\/a>\u00a0(4.10.2019)<\/li>\n<li><a title=\"Kritik und abweichende Meinung\" href=\"https:\/\/www.freiburg-schwarzwald.de\/blog\/kritik-und-abweichende-meinung\/\">Kritik und abweichende Meinung<\/a>\u00a0(7.8.2019)<\/li>\n<li><a title=\"Meinungsfreiheit\" href=\"https:\/\/www.freiburg-schwarzwald.de\/blog\/kultur\/medien\/meinungsfreiheit\/\">Gauck: Begrenzte Meinungsfreiheit bei uns in Deutschland<\/a>\u00a0(20.6.2019)<\/li>\n<li><a href=\"https:\/\/www.freiburg-schwarzwald.de\/blog\/keine-meinungsfreiheit-mehr\/\">https:\/\/www.freiburg-schwarzwald.de\/blog\/keine-meinungsfreiheit-mehr\/<\/a>\u00a0(15.1.2019)<\/li>\n<li><a href=\"https:\/\/www.freiburg-schwarzwald.de\/blog\/jugendliche-pruegelei-amberg\/\">https:\/\/www.freiburg-schwarzwald.de\/blog\/jugendliche-pruegelei-amberg\/<\/a>\u00a0(31.12.2018)<\/li>\n<li>Politisch eingreifen &#8211; Gesinnungsjournalismus (14.12.2018)<\/li>\n<li>Gesinnungsjournalismus skandalisiert abweichende Meinungen (5.12.2018)<\/li>\n<li><a href=\"https:\/\/www.freiburg-schwarzwald.de\/blog\/meinungsvielfalt-medienvielfalt\/\">https:\/\/www.freiburg-schwarzwald.de\/blog\/meinungsvielfalt-medienvielfalt\/<\/a>\u00a0(29.11.2018)<\/li>\n<li>Hamed Abdel-Samad, Constantin Schreiber, Ahmad Mansour: Keine Meinungsfreiheit an DJS (27.11.2018)<\/li>\n<li>Jounalisten mi\u00dfachten die Meinungsvielfalt-Aussage von Voltaire (24.11.2018)<\/li>\n<li><a href=\"https:\/\/www.freiburg-schwarzwald.de\/blog\/engagement\/zukunft\/demokratie\/populismus\/populismus-keule\/\">SWR: Vorwurf des Populismus gegen das Portal Freiburg-Schwarzwald.de<\/a>\u00a0(1.10.2018)<\/li>\n<li>Politiker und Journalisten leben in einer anderen Welt\u00a0 (8.9.2018)<\/li>\n<li>Journalismus um Chemnitz &#8211; Selbstabschaffung (7.9.2018)<\/li>\n<li>Deutscher Journalismus: \u201eNicht sagen, was die Leute zu denken haben\u201c (3.9.2018)<\/li>\n<li><strong><a href=\"https:\/\/www.freiburg-schwarzwald.de\/blog\/medien-verschweigen-realitaet\/\">https:\/\/www.freiburg-schwarzwald.de\/blog\/medien-verschweigen-realitaet\/<\/a>\u00a0(1.5.2017)<\/strong><\/li>\n<li><\/li>\n<li><a href=\"https:\/\/www.freiburg-schwarzwald.de\/blog\/kultur\/medien\/journalismus\/ausgewogenheit\/\">Ausgewogenheit<\/a><\/li>\n<li><a title=\"Chemnitz-Messermord26-08-2018\" href=\"https:\/\/www.freiburg-schwarzwald.de\/blog\/engagement\/zukunft\/demokratie\/chemnitz-messermord26-08-2018\/\">Chemnitz-messermord26-08-2018<\/a><\/li>\n<\/ul>\n<ul>\n<li><a title=\"Buergerinitiativen\" href=\"https:\/\/www.freiburg-schwarzwald.de\/blog\/engagement\/buergerinitiativen\/\">B\u00fcrgerinitiativen<\/a><\/li>\n<li><a href=\"https:\/\/www.freiburg-schwarzwald.de\/blog\/business\/gesund\/corona-virus\/corona-gesundheit\/\">Corona-Gesundheit<\/a><\/li>\n<li><a title=\"Demokratie\" href=\"https:\/\/www.freiburg-schwarzwald.de\/blog\/engagement\/zukunft\/demokratie\/\">Demokratie<\/a><\/li>\n<li><a title=\"Diskursverweigerung\" href=\"https:\/\/www.freiburg-schwarzwald.de\/blog\/engagement\/zukunft\/demokratie\/diskursverweigerung\/\">Diskursverweigerung<\/a><\/li>\n<li><a title=\"Diskussionskultur\" href=\"https:\/\/www.freiburg-schwarzwald.de\/blog\/kultur\/medien\/diskussionskultur\/\">Diskussionskultur<\/a><\/li>\n<li><a href=\"https:\/\/www.freiburg-schwarzwald.de\/blog\/kultur\/medien\/diversity\/\">Diversity<\/a><\/li>\n<li><a title=\"Ehrlichkeit\" href=\"https:\/\/www.freiburg-schwarzwald.de\/blog\/engagement\/zukunft\/ehrlichkeit\/\">Ehrlichkeit<\/a><\/li>\n<li><a href=\"https:\/\/www.freiburg-schwarzwald.de\/blog\/kultur\/medien\/einseitigkeit\/\">Einseitigkeit medial<\/a><\/li>\n<li><a href=\"https:\/\/www.freiburg-schwarzwald.de\/blog\/kultur\/medien\/journalismus\/embedded-journalism\/\">Embedded-journalism<\/a><\/li>\n<li><a href=\"https:\/\/www.freiburg-schwarzwald.de\/blog\/kultur\/medien\/journalismus\/erziehungsjournalismus\/\">Erziehungsjournalismus<\/a><\/li>\n<li><a title=\"Ethik\" href=\"https:\/\/www.freiburg-schwarzwald.de\/blog\/religion\/ethik\/\">Ethik<\/a><\/li>\n<li><a title=\"Freie-Medien\" href=\"https:\/\/www.freiburg-schwarzwald.de\/blog\/kultur\/medien\/freie-medien\/\">Freie Medien<\/a><\/li>\n<li><a title=\"Gesellschaft\" href=\"https:\/\/www.freiburg-schwarzwald.de\/blog\/global\/deutschland\/gesellschaft\/\">Gesellschaft<\/a><\/li>\n<li><a title=\"Gesinnungsethik\" href=\"https:\/\/www.freiburg-schwarzwald.de\/blog\/engagement\/zukunft\/demokratie\/gesinnungsethik\/\">Gesinnnungsethik<\/a><\/li>\n<li><a title=\"Groessenwahn\" href=\"https:\/\/www.freiburg-schwarzwald.de\/blog\/engagement\/zukunft\/groessenwahn\/\">Gr\u00f6\u00dfenwahn<\/a><\/li>\n<li><a title=\"Haltungsjournalismus\" href=\"https:\/\/www.freiburg-schwarzwald.de\/blog\/kultur\/medien\/journalismus\/haltungsjournalismus\/\">Haltungsjournalismus<br \/>\n<\/a><\/li>\n<li><a title=\"Intellektuelle\" href=\"https:\/\/www.freiburg-schwarzwald.de\/blog\/global\/deutschland\/gesellschaft\/intellektuelle\/\">Intellektuelle<\/a><\/li>\n<li><a href=\"https:\/\/www.freiburg-schwarzwald.de\/blog\/kultur\/medien\/journalismus\/journalismus-wende\/\">Journalismus-Wende<\/a><\/li>\n<li><a title=\"Kant\" href=\"https:\/\/www.freiburg-schwarzwald.de\/blog\/kultur\/aufklaerung\/kant\/\">Kant<\/a><\/li>\n<li><a href=\"https:\/\/www.freiburg-schwarzwald.de\/blog\/natur\/klima\/klimajournalismus\/\">Klimajournalismus<\/a><\/li>\n<li><a href=\"https:\/\/www.freiburg-schwarzwald.de\/blog\/kultur\/medien\/medienleute\/\">Medienleute<\/a><\/li>\n<li><a href=\"https:\/\/www.freiburg-schwarzwald.de\/blog\/kultur\/medien\/medien-afd\/\">Medien-AfD<\/a><\/li>\n<li><a title=\"Multikulti\" href=\"https:\/\/www.freiburg-schwarzwald.de\/blog\/kultur\/leitkultur\/multikulti\/\">Multikulti<\/a><\/li>\n<li><a href=\"https:\/\/www.freiburg-schwarzwald.de\/blog\/kultur\/medien\/neue-medien\/\">Neue-Medien<\/a><\/li>\n<li><a title=\"Petitionen\" href=\"https:\/\/www.freiburg-schwarzwald.de\/blog\/kultur\/intert\/petitionen\/\">Petitionen<\/a><\/li>\n<li><a href=\"https:\/\/www.freiburg-schwarzwald.de\/blog\/kultur\/medien\/radio\/podcast\/\">Podcast<\/a><\/li>\n<li><a title=\"Political-Correctness\" href=\"https:\/\/www.freiburg-schwarzwald.de\/blog\/kultur\/medien\/political-correctness\/\">Political Correctness<\/a><\/li>\n<li><a href=\"https:\/\/www.freiburg-schwarzwald.de\/blog\/kultur\/medien\/alternative-medien\/polit-blog\/\">Polit-Blog<\/a><\/li>\n<li><a title=\"Populismus-Keule\" href=\"https:\/\/www.freiburg-schwarzwald.de\/blog\/engagement\/zukunft\/demokratie\/populismus\/populismus-keule\/\">Populismus-Keule<\/a><\/li>\n<li><a title=\"Postfaktisch\" href=\"https:\/\/www.freiburg-schwarzwald.de\/blog\/kultur\/medien\/postfaktisch\/\">Postfaktisch<\/a><\/li>\n<li><a title=\"Praegung\" href=\"https:\/\/www.freiburg-schwarzwald.de\/blog\/selbsthilfe\/kinder\/praegung\/\">Pr\u00e4gung<\/a><\/li>\n<li><a title=\"Rassismus\" href=\"https:\/\/www.freiburg-schwarzwald.de\/blog\/engagement\/rassismus\/\">Rassismus<\/a><\/li>\n<li><a href=\"https:\/\/www.freiburg-schwarzwald.de\/blog\/kultur\/medien\/journalismus\/recherche\/\">Recherche<\/a><\/li>\n<li><a href=\"https:\/\/www.freiburg-schwarzwald.de\/blog\/kultur\/medien\/journalismus\/ruthenberg-medien\/\">Ruthenberg-Medien<\/a><\/li>\n<li><a title=\"Gutmenschen\" href=\"https:\/\/www.freiburg-schwarzwald.de\/blog\/engagement\/gutmenschen\/\">Gutmenschen\u00a0<\/a><\/li>\n<li><a title=\"Schuld\" href=\"https:\/\/www.freiburg-schwarzwald.de\/blog\/engagement\/zukunft\/schuld\/\">Schuld<\/a><\/li>\n<li><a title=\"Selbsthass\" href=\"https:\/\/www.freiburg-schwarzwald.de\/blog\/engagement\/zukunft\/selbsthass\/\">Selbsthass<\/a><\/li>\n<li><a href=\"https:\/\/www.freiburg-schwarzwald.de\/blog\/kultur\/medien\/journalismus\/staatsjournalismus\/\">Staatsjournalismus<\/a><\/li>\n<li><a title=\"Staatsversagen\" href=\"https:\/\/www.freiburg-schwarzwald.de\/blog\/engagement\/zukunft\/demokratie\/staatsversagen\/\">Staatsversagen<\/a><\/li>\n<li><a href=\"https:\/\/www.freiburg-schwarzwald.de\/blog\/kultur\/medien\/diskussionskultur\/verleugnung\/\">Verleugnung der Realit\u00e4t<\/a><\/li>\n<li><a title=\"WDR\" href=\"https:\/\/www.freiburg-schwarzwald.de\/blog\/kultur\/medien\/wdr\/\">WDR<\/a><\/li>\n<li><a title=\"Wendehals\" href=\"https:\/\/www.freiburg-schwarzwald.de\/blog\/engagement\/zukunft\/demokratie\/wendehals\/\">Wendehals<\/a><\/li>\n<\/ul>\n<p><strong>Der Leitsatz zur journalistischen Arbeit von Hanns-Joachim Friedrichs:<\/strong><br \/>\n\u201eEinen guten Journalisten erkennt man daran,<br \/>\ndass er sich nicht gemein macht mit einer Sache, auch nicht mit einer guten Sache;<br \/>\ndass er \u00fcberall dabei ist, aber nirgendwo dazugeh\u00f6rt.\u201c<br \/>\n.<br \/>\n\u201cJournalismus ist etwas zu ver\u00f6ffentlichen, was andere nicht wollen, da\u00df es ver\u00f6ffentlicht wird. Alles andere ist Propaganda.\u201d (George Orwell)<br \/>\n==========================================================<\/p>\n<p>.<\/p>\n<p><strong>Weimer-Journalismus: &#8222;Gem\u00fctlichmachen im Kreis der Macht&#8220;<\/strong><br \/>\n\u201e<a href=\"https:\/\/www.freiburg-schwarzwald.de\/blog\/kultur\/kulturstaatsminister\/\">Wolfram Weimer<\/a> steht mit seinem Verlagsunternehmen auch f\u00fcr ein eben nicht mehr aktuelles Verst\u00e4ndnis von politischer \u00d6ffentlichkeit. Seine Medien versprachen nie Relevanz und Recherche, nie gro\u00dfe Leserzahlen.<br \/>\nMit seinem \u2018Verlag\u2019 verstand er Journalismus eben nicht als etwas strukturell gegen die Macht gerichtetes, in seinem Dr\u00e4ngen auf die Wahrheit k\u00e4mpferisches und \u2013 in seiner R\u00fccksichtslosigkeit gegen\u00fcber den Befindlichkeiten der Politik \u2013 befreiendes Berufsbild.<br \/>\nSein Gesch\u00e4ft war das Gem\u00fctlichmachen im Kreis der Macht. Das politische Berlin hat sich in Zeiten der Brandmauer mehr denn je auf sich selbst fokussiert.\u201c<br \/>\nMax Mannhart, Chefredakteur, auf dem Portal \u201eapollo-news\u201c vom 23. November 2025<br \/>\n<a href=\"https:\/\/www.apollo-news.net\">https:\/\/www.apollo-news.net\u00a0<\/a><\/p>\n<p>.<\/p>\n<p><strong>Welcher Journalismus hat Zukunft?<\/strong><br \/>\nTelepolis-Chefredakteur Harald Neuber hat Multipolar und andere oppositionelle Medien in einem Artikel scharf kritisiert. Eine Replik.<br \/>\n&#8230; Alles vom 15.8.2025 von Paul Schreyer bitte lesen auf<br \/>\n<a href=\"https:\/\/multipolar-magazin.de\/artikel\/welcher-journalismus-hat-zukunft\">https:\/\/multipolar-magazin.de\/artikel\/welcher-journalismus-hat-zukunft<\/a><\/p>\n<p>&nbsp;<\/p>\n<p><strong>Sieben Monate Haft f\u00fcr Journalist wegen Fotomontage<\/strong><br \/>\n<strong>Faeser stellte Strafantrag, das Amtsgericht Bamberg urteilte<\/strong><br \/>\nZum ersten Mal droht in Deutschland einem Journalisten wegen angeblicher \u201ePolitiker-Verleumdung\u201c Gef\u00e4ngnis. Das Amtsgericht Bamberg verurteilte am 7. April 2025 den Herausgeber und Chefredakteur des Deutschland-Kurier, David Bendels, wegen des Vorwurfs der Ver\u00f6ffentlichung eines satirischen Faeser-Memes zu einer Freiheitsstrafe von 7 Monaten auf Bew\u00e4hrung. Gegenstand des Verfahrens war eine Fotomontage (Meme) mit der Bundesinnenministerin Nancy Faeser in den Mund gelegten Aussage \u201eIch hasse die Meinungsfreiheit!\u201c<br \/>\nDas Gericht sah den Straftatbestand der \u201eVerleumdung gegen Personen des politischen Lebens\u201c nach dem sogenannten \u201eMajest\u00e4ts\u201c-Beleidigungsparagrafen 188 des Strafgesetzbuches (StGB) als erf\u00fcllt an. Da Bendels nicht vorbestraft ist, wurde die Strafe zur Bew\u00e4hrung ausgesetzt. Das erstinstanzliche Urteil ist noch nicht rechtskr\u00e4ftig. Der vorsitzende Richter verlangt von Bendels sogar, dass dieser sich bei der Bundesinnenministerin schriftlich entschuldigt.<\/p>\n<p>Unabh\u00e4ngigen Prozessbeobachtern zufolge sei das Urteil als eindeutig politisch motiviert einzuordnen. Es verfolge offensichtlich den Zweck, kritische Journalisten einzusch\u00fcchtern und missliebige Meinungen zu unterdr\u00fccken.<\/p>\n<p>In dem Verfahren geht es um eine satirische Fotomontage, die das gest\u00f6rte Verh\u00e4ltnis von Noch-Bundesinnenministerin Nancy Faeser (SPD) zur Presse- und Meinungsfreiheit kritisch thematisiert. Der Beitrag wurde im Februar 2024 auf der Twitter-Seite des Deutschland-Kuriers ver\u00f6ffentlicht. Faeser hatte daraufhin Strafantrag gegen David Bendels als presserechtlich verantwortlichen Chefredakteur des Deutschland-Kurier gestellt.<br \/>\nNach Ansicht f\u00fchrender Staats- und Medienrechtler ist der Beitrag eindeutig sowohl durch die Presse- und Meinungsfreiheit als auch durch die gefestigte Rechtsprechung des Bundesverfassungsgerichts gedeckt. Unter anderem der renommierte Staatsrechtler, Bundesminister a.D. Rupert Scholz sowie der Hamburger Medienanwalt Joachim Steinh\u00f6fel halten die Ver\u00f6ffentlichung f\u00fcr unproblematisch. Dennoch erlie\u00df am 5. November 2024 die durch die sogenannte \u201eSchwachkopf\u201c-Aff\u00e4re bundesweit in die Skandal-Schlagzeilen geratene Bamberger Justiz, in deren Einzugsbereich zuf\u00e4llig auch Bendels seinen privaten Wohnsitz hat, Strafbefehl in der ungew\u00f6hnlich hohen H\u00f6he von 210 Tagess\u00e4tzen.<br \/>\nDas Amtsgericht Bamberg st\u00fctzt sein jetzt in der Hauptverhandlung gef\u00e4lltes Urteil auf die \u2013 aus Sicht von Bendels und seinen Anw\u00e4lten abwegige \u2013 Annahme, durch die Ver\u00f6ffentlichung im Deutschland-Kurier werde der Eindruck erweckt, Faeser h\u00e4tte tats\u00e4chlich ein Plakat mit der Aufschrift \u201eIch hasse die Meinungsfreiheit!\u201c vor sich her getragen. Damit sei der Straftatbestand der \u201ePolitiker-Verleumdung\u201c in Verbindung mit dem vor vier Jahren versch\u00e4rften Paragrafen 188 des Strafgesetzbuches erf\u00fcllt.<br \/>\nIm Laufe der Verhandlung hatte die Verteidigung erhebliche Zweifel ge\u00e4u\u00dfert, dass der \u201eMajest\u00e4tsbeleidigungs\u201c-Paragraf \u00fcberhaupt mit dem Grundgesetz vereinbar ist, hier insbesondere im Hinblick auf Artikel 5 (Presse- und Meinungsfreiheit). Der Antrag der Verteidigung, diese Frage dem Bundesverfassungsgericht zur Pr\u00fcfung vorzulegen, wurde vom Gericht als unbegr\u00fcndet abgelehnt.<\/p>\n<p>Damit best\u00e4tigt das Gericht eindrucksvoll den Vorwurf des <a href=\"https:\/\/www.freiburg-schwarzwald.de\/blog\/muenchen-anschlag-vance-msc\/\">US-Vizepr\u00e4sidenten J.D. Vance<\/a>, dass Meinungsfreiheit in Deutschland ein knappes Gut geworden ist. Mit seinen immer neuen Gesetzen zur B\u00fcrgerbespitzelung, der Datensammlung im Bundeskriminalamt von Denunziationsmeldungen sogenannte \u201eMeldestellen\u201c und mit der weiteren Versch\u00e4rfung von Zensurgesetzen, wie sie die Rampel plant, ist Deutschland ein Land auf der Kippe zur Total\u00fcberwachung.<br \/>\n&#8230; Alles vom 8.4.2025 im Newsletter bitte lesen auf<br \/>\n<a href=\"https:\/\/www.tichyseinblick.de\">https:\/\/www.tichyseinblick.de<\/a><\/p>\n<p>&nbsp;<\/p>\n<p><strong>Journalistische Trennung von Nachricht und Meinung<\/strong><br \/>\nEs gibt Fakten. Und es gibt Meinungen. Als ich Journalist geworden bin, war diese Trennung klar und allgemein akzeptiert. Heute gibt es Meinungen, die sich als Fakten tarnen. Und es gibt Fakten, die in Wahrheit Meinungen sind. Eine hybride Form des Journalismus hat sich herausgebildet, die mit unserer Demokratie unvertr\u00e4glich ist. Medien &amp; M\u00e4rchen sind oftmals keine Gegens\u00e4tze mehr. Hannah Arendt hat es in \u201cWahrheit und L\u00fcge in der Politik\u201d auf den Punkt gebracht:<br \/>\n&#8222;Die Wahrheit ist ohnm\u00e4chtig und wird im unmittelbaren Zusammenprall mit den bestehenden M\u00e4chten und Interessen immer den K\u00fcrzeren ziehen. Aber sie hat eine Kraft eigener Art: Es gibt nichts, was sie ersetzen k\u00f6nnte. \u00dcberredungsk\u00fcnste oder Gewalt k\u00f6nnen Wahrheit vernichten, aber nichts an ihre Stelle setzen. \u201c<br \/>\nDie kleine Schwester der Unwahrheit ist die vors\u00e4tzliche Verformung von Tatsachen. Es gibt den \u201eW\u00e4chterpreis der deutschen Tagespresse\u201c. Aber im Grunde m\u00fcsste er in den \u201eErzieherpreis der deutschen Tagespresse\u201c umbenannt werden. Denn viele Journalisten wollen nicht der W\u00e4chter der Demokratie, sondern der Erzieher ihrer Leser sein. Die Wahrheit ist f\u00fcr sie kein Faktum eigener Art, sondern ein Rohstoff. Eine professionelle Selbstbefragung findet kaum mehr statt.<br \/>\nDie gute Nachricht: Die Leser merken das, machen die Erzieher- zu Verlierermedien, denen sie erst das Vertrauen und dann das Abonnement k\u00fcndigen. In der Marktwirtschaft bestraft nicht der liebe Gott die S\u00fcnden, sondern der Kunde. Deshalb jagt in vielen Verlagsh\u00e4usern von Spiegel bis S\u00fcddeutsche Zeitung eine Sparrunde die n\u00e4chste. Auch beim Handelsblatt gibt es neuerdings einen Einstellungsstopp.<br \/>\n&#8230;. Alles vom 15.12.2024 von Gabor Steinhart bitte lesen auf<br \/>\n<a href=\"https:\/\/www.thepioneer.de\/\">https:\/\/www.thepioneer.de\/<\/a><\/p>\n<p>&nbsp;<\/p>\n<p><strong>Juniorenkreis Publizistik der Hajek-Gesellschaft am 2.-4.10.2020<\/strong><br \/>\nLeitung: Air T\u00fcrkis (Herausgeber des Jugendkanals Apollo News, Autor bei Achgut und Tichya Einblick)<br \/>\nund <a title=\"Deutschland-Rede einer jungen Frau\" href=\"https:\/\/www.freiburg-schwarzwald.de\/blog\/deutschland-rede-einer-jungen-frau\/\">Larissa Fu\u00dfer<\/a> (Referentin f\u00fcr Jugendbildung der Hayek-Gesellschaft)<br \/>\nAls Referenten sind eingeladen:<br \/>\nVERA LENGSFELD (MdB a.D. und Publizistin)<br \/>\nJOSEF KRAUS (ehem. Pr\u00e4sident des Deutschen Lehrerverbandes und Publizist)<br \/>\nDR. G\u00c9RARD B\u00d6KENKAMP (Historiker und Publizist)<br \/>\nJOACHIM SCHROEDER (Filmproduzent und Regisseur)<br \/>\n.<br \/>\nZur Begr\u00fc\u00dfung spricht:<br \/>\nProfessor Dr. Gerd Habermann (Vorsitzender der Hayek-Stiftung und Gesch\u00e4ftsf\u00fchrender Vorstand der Hayek-Gesellschaft)<br \/>\nTermin: 2. bis 4. Oktober 2020<br \/>\n<a href=\"https:\/\/hayek.de\/wp-content\/uploads\/2020\/09\/Ausschreibung-JKP-5-Oeffentlich.pdf\">https:\/\/hayek.de\/wp-content\/uploads\/2020\/09\/Ausschreibung-JKP-5-Oeffentlich.pdf<\/a><br \/>\n<a href=\"https:\/\/apollo-news.net\/\">https:\/\/apollo-news.net\/<\/a><\/p>\n<p>22.9.2020<\/p>\n<p>.<\/p>\n<p><strong>Fake-News hin oder her \u2013 in der Krise zeigen neue Medien ihre St\u00e4rke<\/strong><br \/>\nLebensrettender Servicejournalismus<br \/>\nDie Wahrheit ist: F\u00fcr viele Dinge braucht es den klassischen Journalismus nicht mehr. Br\u00e4uchte es ihn, dann ginge es ihm pr\u00e4chtig. Dennoch profitieren auch etablierte Medien von den neuen M\u00f6glichkeiten. Auch sie k\u00f6nnen wertvolle Informationen heute schneller und mit weniger Barrieren beschaffen sowie ansprechender aufbereiten, als dies fr\u00fcher der Fall war. Das gilt vor allem f\u00fcr solche Sachverhalte, die sich quantifizieren und visualisieren lassen. Nicht umsonst besch\u00e4ftigen Redaktionen weltweit immer gr\u00f6\u00dfere Data-Teams, die Daten sammeln, aufbereiten und visualisieren. Bevor diese Data-Scientists im Journalismus anheuerten, taten sie ihre Arbeit auf anderen Gebieten, und das tun sie nach wie vor. Ihre Arbeit finden wir auf Twitter, Medium, unabh\u00e4ngigen Blogs und in Nischenmedien. Der klassische Journalismus dient hier h\u00f6chstens der Reichweitensteigerung.<br \/>\nVieles von dem, was wir gerade als guten Journalismus erfahren, w\u00e4re mit den alten Mitteln gar nicht m\u00f6glich. Trotzdem stehen \u201eneue Medien\u201c und die ihnen zugrundeliegenden Technologien weiter im Verdacht, die Medienlandschaft zu verunstalten. Das Gegenteil ist der Fall. Sie machen auch den klassischen Journalismus besser. In der Krise wird aus dem sonst eher eitlen Deutungsjournalismus ein lebensrettender Servicejournalismus, der sich der neuesten M\u00f6glichkeiten bedient und gerade deshalb einen gro\u00dfen Mehrwert hat. Zwar beobachten wir auch in dieser Krise gelegentlich die typischen Scharm\u00fctzel, die sich im Wesentlichen mit der Frage besch\u00e4ften, ob Pandemie-Vorsorge nun \u201elinks\u201c oder \u201erechts\u201c ist, oder welche Ma\u00dfnahmen welchem Lager vermeintlich in die Karten spielt. Aktuell ist das aber nur Randgeschehen.<br \/>\n&#8230; Alles vom 20.3.2020 von Karim Dabbouz bitte lesen auf<br \/>\n<a href=\"https:\/\/www.achgut.com\/artikel\/fake_news_hin_oder_her_in_der_krise_zeigen_neue_medien_ihre_staerk\">https:\/\/www.achgut.com\/artikel\/fake_news_hin_oder_her_in_der_krise_zeigen_neue_medien_ihre_staerk<\/a>e<br \/>\n.<br \/>\nDieser Beitrag steht auch auf Karim Dabbouz\u2018 Blog.<br \/>\n<a href=\"https:\/\/www.karim.ooo\/2020\/03\/18\/fake-news-corona-neue-medien-qualitat\/\">https:\/\/www.karim.ooo\/2020\/03\/18\/fake-news-corona-neue-medien-qualitat\/<\/a>.<\/p>\n<p>&nbsp;<\/p>\n<p><strong>Gerhard-L\u00f6wenthal-Preis f\u00fcr Vera Lengsfeld<\/strong><br \/>\n<em>Wie sich die Zeiten gleichen \u2013 und die Helden<\/em><br \/>\n<em>Laudatio auf Vera Lengsfeld: Debatte nicht selbsternannten Eliten \u00fcberlassen und L\u00fcgen aufdecken, aber ohne Schaum vor dem Mund<\/em><br \/>\n<em>von Angelika Barbe<\/em><br \/>\nDer Gerhard-L\u00f6wenthal-Ehrenpreis f\u00fcr besondere publizistische Verdienste ist dem Journalisten Gerhard L\u00f6wenthal gewidmet, der im Osten von SED-Gegnern verehrt wurde und unter ihnen einen Kultstatus geno\u00df. Der SED diktierte das \u201eLeben der anderen\u201c im Arbeiter-und-Bauernparadies und die Sprache. Kritik war Hetze, und Kritiker Hetzer. Gerhard L\u00f6wenthal war der Anti-Schnitzler, der den SED-Machthabern \u00fcber 20 Jahre mit seiner Sendung \u201eZDF-Magazin\u201c die Maske vom Gesicht ri\u00df. Die Entspannungspolitik bezeichnete er als \u201eWandel durch Anbiederung\u201c. Westliche Geheimdienste hielten die Bedrohungslage L\u00f6wenthals durch RAF-Terroristen f\u00fcr sehr hoch. L\u00f6wenthal k\u00e4mpfte gegen die westdeutsche Friedensbewegung, die von Stasi-Agenten durchsetzt war. Nach dem Mauerfall kam er in den Osten, um die B\u00fcrgerrechtsbewegung zu unterst\u00fctzen. Vera Lengsfeld studierte Geschichte und Philosophie, engagierte sich seit 1981 in der DDR-Friedens- und Umweltbewegung und erhielt deshalb ein Berufsverbot. Am 17. Januar 1988 ging sie allein mit einem Plakat des Textes des Artikel 27 der DDR-Verfassung zur offiziellen Rosa-Luxemburg-Demonstration der SED: \u201eJeder B\u00fcrger der DDR hat das Recht, den Grunds\u00e4tzen dieser Verfassung gem\u00e4\u00df seine Meinung frei und \u00f6ffentlich zu \u00e4u\u00dfern.\u201c Sie wurde festgenommen und wegen \u201eZusammenrottung\u201c zu sechs Monaten Haft verurteilt. Gegen ihren Willen wurde sie nach England abgeschoben. Am 9. November kehrte sie in die DDR zur\u00fcck und erlebte den Mauerfall an der Bornholmer Stra\u00dfe.<\/p>\n<p>Sie wurde 1990 f\u00fcr die Gr\u00fcne Partei in die erste freigew\u00e4hlte Volkskammer gew\u00e4hlt, dann f\u00fcr B\u00fcndnis 90 in den Bundestag. Erst nach der \u00d6ffnung der Stasiakten erfuhr sie, da\u00df 49 Spitzel sie \u00fcberwacht hatten. Die Linke will in der Auseinandersetzung mit der Geschichte des linken Totalitarismus in Deutschland bis heute die Deutungsmacht behaupten und hat seit langem die B\u00fcrgerrechtsbewegung der DDR entm\u00fcndigt und f\u00fcr sich instrumentalisiert.<\/p>\n<p>Vera Lengsfeld ist eine mutige unbeugsame Frau, wobei nicht der Gratismut unserer \u201eFridays for Future\u201c-H\u00fcpfjugend gemeint ist. Auch nicht der feige Kleinmut eines Thierse, der im DDR-Kulturministerium hinter der Gardine stand und erst Mitte Januar 1990 zur SPD stie\u00df, um den Lohn jahrelanger Zivilcourage anderer einzuheimsen. Das Pr\u00e4dikat \u201eB\u00fcrgerrechtler\u201c gab es zu DDR-Zeiten nicht. \u201eFeindlich-negative Konterrevolution\u00e4re\u201c wurden von der Stasi bespitzelt und als \u201esubversive Elemente\u201c ausgegrenzt. Der Mut der B\u00fcrgerrechtler speiste sich aus der \u00dcberzeugung, da\u00df ihr Widerstand gegen das Unrechtsregime sinnvoll war, obwohl sie nicht wu\u00dften, ob sie Erfolg haben w\u00fcrden. Ihre Waffe war die Wahrheit. Und zwar die ganze Wahrheit und nicht die halben Wahrheiten und ganzen L\u00fcgen Gysis oder Stolpes oder Merkels.<\/p>\n<p>Vera Lengsfeld sp\u00fcrte immer, wo die Wahrheit zu finden ist, auch wenn sie durch die Manipulation der M\u00e4chtigen oft bis zur Unkenntlichkeit verunstaltet wird. Sie sp\u00fcrte sie als 16j\u00e4hrige bei der Niederschlagung des Prager Fr\u00fchlings 1968 durch sowjetische Panzer und die Verleumdung der Toten durch die DDR-Medien als \u201eAufgehetzte\u201c. Sie sp\u00fcrte sie 1996, als sie den Gr\u00fcnen den R\u00fccken kehrte, und sie sp\u00fcrte sie, als Angela Merkel die Werte der CDU verriet und sich selbst erm\u00e4chtigte. \u201eEin Gewissen haben hei\u00dft, sich dort die Freiheit zu nehmen, wo keine mehr ist. Wenn Gewissen Macht ist, dann eine Macht, die uns zur Freiheit f\u00e4hig macht\u201c. Ulrich Schacht ermutigt die Ohnm\u00e4chtigen, ihrem Gewissen zu folgen und damit Freiheit zu gewinnen. Deshalb initiierte Vera die \u201eGemeinsame Erkl\u00e4rung 2018\u201c, die zur Solidarisierung von friedlichen Protesten gegen die Masseneinwanderung und zur Wiederherstellung der \u201erechtstaatlichen Ordnung an den Grenzen unseres Landes\u201c aufrief und 100.000 Unterschriften erhielt. Ihr Gewissen schreibt ihr auch die Methode des Vorgehens vor: informieren, Fakten pr\u00e4sentieren und politisch bewerten, logische Widerspr\u00fcche aufzeigen, die Debatte nicht den selbsternannten Eliten \u00fcberlassen, L\u00fcgen aufdecken \u2013 aber nicht aggressiv argumentieren und kein Schaum vor dem Mund. Keine Gewalt \u2013 ist auch ihr publizistisches Motto.<br \/>\nNach alter \u00dcberlieferung verliert jeder seine Hand, der sie in den \u201eR\u00f6mischen Mund der Wahrheit\u201c \u2013 ein steinernes Relief \u2013 steckt, wenn er auf eine Frage l\u00fcgt. Die meisten Mainstream- Journalisten h\u00e4tten Handprothesen, Vera nicht.<br \/>\n29.11.2019, <a title=\"CDU-Brief von Angelika Barbe\" href=\"https:\/\/www.freiburg-schwarzwald.de\/blog\/cdu-brief-von-angelika-barbe\/\">Angelika Barbe<\/a>, JF 49\/19, Seite 5, <a href=\"https:\/\/www.jungefreiheit.de\">https:\/\/www.jungefreiheit.de<\/a><\/p>\n<p>.<\/p>\n<p><strong>Politisch eingreifen &#8211; Gesinnungsjournalismus<\/strong><br \/>\nDer Druck, bei ARD und ZDF Hofberichterstattung zu leisten, ist gro\u00df. Wie gro\u00df, das macht zwei Jahre nach einem Interview mit dem Psychiater Hans-Joachim Maaz die fr\u00fchere MDR-Journalistin Katrin Hu\u00df nun im Gespr\u00e4ch auf dem Online-Kanal NuoViso.TV \u00f6ffentlich.<br \/>\nSie hatte Maaz aussprechen lassen, als dieser die Fl\u00fcchtlingspolitik kritisierte. Das wurde ihr zum Verh\u00e4ngnis, sie mu\u00dfte zum Rapport beim Chefredakteur. Da fiel der entscheidende Satz: \u201eDu bist verantwortlich f\u00fcr das, was die G\u00e4ste auf Sendung sagen, und du hast politisch einzugreifen im Sinne des MDR.\u201c Schlie\u00dflich fragte sie sich: \u201eIst das der Journalismus, den du machen m\u00f6chtest?\u201c<br \/>\nDer Fauxpas, da\u00df ein Experte tats\u00e4chlich eine vom Merkel-Fernsehen abweichende Meinung \u00e4u\u00dfern durfte, hatte Folgen. Maaz hatte \u00fcber die Fl\u00fcchtlingskrise gesagt: \u201eWer auch nur irgendein kritisches Wort sagt, wird sofort als \u2018rechtsextrem\u2019 oder \u2018populistisch\u2019 eingeordnet. Eine wirkliche Kritik wird \u00fcberhaupt nicht mehr zugelassen.\u201c Wie recht er damit hatte, zeigte sich auch im nachhinein.<br \/>\nDie Zuschauer waren zwar begeistert, verr\u00e4t Katrin Hu\u00df heute: \u201e\u201aEndlich sagt mal jemand die Wahrheit!\u2019\u201c Der Zuspruch des Publikums half der Journalistin jedoch nicht. Schon am n\u00e4chsten Tag entwickelte sich die Redaktionskonferenz zum Standgericht. F\u00fcnf Kollegen h\u00e4tten sie \u201ebefeuert\u201c: \u201e\u2018Wie kannst du den Mann so reden lassen?\u2018\u201c Die anderen 35 h\u00e4tten lediglich betreten geschwiegen.<br \/>\nNach 20 Minuten habe sie dann geantwortet: \u201eLeute, ich bin Journalistin, ich bin kein Meinungsmacher.\u201c Sie m\u00fcsse \u201eneutral\u201c sein. Eben nicht \u2013 jedenfalls nicht beim Staatsfunk. Das alte SED-Lied kam ihr in den Sinn: \u201eDie Partei, die Partei hat immer recht.\u201c Schlie\u00dflich habe sie sich gefragt: \u201eIst das der Journalismus, den du machen m\u00f6chtest?\u201c Ein halbes Jahr sp\u00e4ter hat Katrin Hu\u00df gek\u00fcndigt. Ihre Geschichte wirft die Frage auf, wie viele Mitarbeiter bei den \u00d6ffentlich-Rechtlichen deren Vorgehensweise nur noch mit der Faust in der Tasche mittragen.<br \/>\n14.12.2018, Ronald Berthold: &#8222;Politisch eingreifen&#8220;, Junge Freiheit Seite 17<\/p>\n<p>&nbsp;<\/p>\n<p>&nbsp;<\/p>\n<p><strong>Gesinnungsjournalismus skandalisiert abweichende Meinungen<\/strong><br \/>\nDie Massenmedien stabilisieren die Nachfrage nach der Ware Meinung, das hei\u00dft, sie befriedigen jenen dringenden Orientierungsbedarf, den sich der m\u00fcndige B\u00fcrger allerdings nur ungern eingesteht. Es f\u00e4llt n\u00e4mlich schwer, zu akzeptieren, dass man unf\u00e4hig ist, eine eigene Meinung zu Putin, Nordkorea oder zur Lage im Nahen Osten, zur Fl\u00fcchtlingskrise oder zum Klimawandel zu entwickeln. Und deshalb ist man anf\u00e4llig f\u00fcr Propaganda \u2013 die Meinung von der Stange. Dieser Propagandabegriff meint aber nicht nur Gehirnw\u00e4sche und Zensur. Moderne, westliche Regierungen zensieren nicht im klassischen Stil, sondern sie kontern Fakten mit Fakten. In der Zeit der Aufkl\u00e4rung war der Staat Erzieher. Heute ist der Staat Verf\u00fchrer: Designer der Gef\u00fchle, Hauptkunde der Marktforschung und Warenanbieter auf dem Markt der \u00f6ffentlichen Meinung.<br \/>\nKein Missverst\u00e4ndnis, bitte: Die Massenmedien und die PR-Abteilungen der Politik bieten Fakten und Informationen. Allerdings zunehmend in stark emotionalisierter Form. Meist gen\u00fcgt schon ein Stirnrunzeln der Moderatorin, um die Welt moralisch zu schematisieren. Die Guten hassen dann die B\u00f6sen \u2013 und zwar mit gutem Gewissen. Politisch hat das fatale Konsequenzen. Wir k\u00f6nnen das sehr gut am \u00f6ffentlichen Umgang mit der AfD, aber auch mit dem Brexit oder Donald Trump beobachten. Politiker und Journalisten begegnen ihnen nicht mehr analytisch und mit Argumenten, sondern sie verschmelzen Themen mit Meinungen und Meinungen mit moralischen Bewertungen. So formiert sich ein Gesinnungsjournalismus, der abweichende Meinungen skandalisiert und jedem den Preis deutlich macht, der f\u00fcr Nonkonformismus zu zahlen w\u00e4re.<br \/>\nDie Intellektuellen des linken Mainstream moralisieren politische Themen so radikal, dass zwischen Thema und Meinung gar kein Spielraum mehr bleibt. Die Entscheidung der Amerikaner und Briten war schlecht, die Entscheidung von Frau Merkel, \u00fcber eine Million Fl\u00fcchtlinge ins Land zu lassen, war gut. Die Entscheidung der \u00d6sterreicher gegen Norbert Hofer war gut, die Entscheidung der Italiener f\u00fcr die F\u00fcnf-Sterne-Bewegung war schlecht. Die politische Einheit Europas ist gut, das Interesse an nationaler Souver\u00e4nit\u00e4t ist schlecht. Wer die Welt so sieht, wird von der Medienelite zur guten Gesellschaft zugelassen. Alle anderen sind Rechtspopulisten. Demokratische Mehrheitsentscheidungen werden von der Medienelite nur akzeptiert, wenn sie dem eigenen Programm entsprechen.<br \/>\n&#8230; Alles vom 5.12.2018 von Norbert Bolz zu &#8222;Der Journalist als Oberlehrer&#8220; bitte lesen auf<br \/>\n<a href=\"https:\/\/www.achgut.com\/artikel\/der_journalist_als_oberlehrer\">https:\/\/www.achgut.com\/artikel\/der_journalist_als_oberlehrer<\/a><br \/>\n.<br \/>\n<em>Norbert W. Bolz, geb. 1953 in Ludwigshafen, ist ein deutscher Medien- und Kommunikationstheoretiker. Er lehrt als Professor f\u00fcr Medienwissenschaften an der TU Berlin<\/em><br \/>\n.<\/p>\n<p><strong>Braucht es eine kleine Revolution innerhalb der Welt des Journalismus?<\/strong><br \/>\nDenn es muss sie geben, die Journalisten, die nur widerwillig dem linksgr\u00fcnen Leitmotiv folgen. Die jedoch aus Sorge um ihr berufliches Fortkommen mitmachen. Die gute Mine zum b\u00f6sen Spiel machen und sich abfinden mit dem, was ihre Vorgesetzten oder Kollegen von ihnen erwarten. Sie trauen sich nicht aus der Reihe zu tanzen. Deshalb w\u00e4re es wichtig, man st\u00e4rkte ihnen den R\u00fccken. Dieses k\u00f6nnte von Seiten der Politik erfolgen. Auch von Seiten der B\u00fcrger, die sich dem Meinungszwang widersetzten. Dieses kann in vielen Gespr\u00e4chen mit Bekannten oder mittels Leserbriefen oder auch mittels Demonstrationen geschehen. Weder mediale Verunglimpfung noch Gewaltandrohung durch die Antifa sollten auf Dauer die B\u00fcrger davon abhalten, selbstst\u00e4ndig zu denken und zu dem \u201eDenkergebnis\u201c auch zu stehen. Das bedeutet nicht, dass diese zu Allem eine abgeschlossene Meinung besitzen m\u00fcssen, sondern nur, dass sie sich ihr Denken und Empfinden nicht an der Stange abholen.<br \/>\n5.12.2018, Werner Arning, AO<br \/>\n.<br \/>\n<strong>Die Missachtung des Grundsatzes von Hans Joachim Friedrichs, nicht selbst Partei zu werden<\/strong><br \/>\nTRAURIG ist, wenn von einer ehemals halbwegs freien Presse nur noch der Rumpf der Erinnerung \u00fcbrig bleibt. Das ist der Fall. Die heutigen Verleger, im Jahr 13 seit Merkel, m\u00fcssen sich sch\u00e4men. Die Missachtung des Grundsatzes von Hans Joachim Friedrichs, nicht selbst Partei zu werden, macht nun das Gesch\u00e4ft kaputt. Es ist schwer ertr\u00e4glich, wenn Herr Tiedjen in die NZZ geht, um (fast) gnadenlos \u201cdie Sau rauszulassen\u201d \u00fcber deutsche Verh\u00e4ltnisse. Anstatt dies in der FAZ zu machen. Wobei Tiedjen nach Art der BILD oft dicker auftr\u00e4gt. Doch reihte er Fakt an Fakt und macht dem Leser die deutsche Lage deutlich. Herr Gujer von der NZZ hat eine Rubrik f\u00fcr gefrustete Deutsche. Virtuelle \u00dcberschrift: \u201cNeues Deutschland\u201d. ACHGUT.com war n\u00e4her dran tr\u00e4gt das Label viel l\u00e4nger.<br \/>\n&#8230;<br \/>\nV\u00f6llig richtig, Herr Bolz ! Die lange Unterst\u00fctzerliste, die Lengsfeld und Broder per voller Namensnennung f\u00fcr die Petition bekommen haben, ist ein Fanal. Will man den honorigen Personen, vom Professor f\u00fcr Herzschirurgie, \u00fcber den Diplomer f\u00fcr E-Technik und dem selbst\u00e4ndigen Handwerkermeister, das Leben und die Welt erkl\u00e4ren? Es geh\u00f6rt viel Verve dazu, dies seitens SZ , WAZ etc. und deren Provinz-Ableger auch nur zu versuchen. Die Verachtung, die in den Schimpf-worten \u201cL\u00fcckenpresse\u201d und \u201cSlomka, Kleber, die &#8230;\u201d gipfelt, haben sich die Betreffenden selbst verdient. Ostdeutsche haben die Erfahrung hinter sich, dass es folgenlos bleibt, ideologie-lastige Zeitungen als Einwickelpapier zu benutzen. Sie kloppen damit auch die Verfasser als Ideologen-Helfer in die Tonne. Der Herzchirurg wird gebraucht, ein Journalist der FR aber nicht. Eine kaputte SPD kann sich \u00fcber 100 Zeitung unter einer Holding nicht mehr lange leisten.<br \/>\n5.12.2018, Anders Dairie, AO<\/p>\n<p>&nbsp;<\/p>\n<p>&nbsp;<\/p>\n<p>&nbsp;<\/p>\n<p><strong>Hamed Abdel-Samad, Constantin Schreiber, Ahmad Mansour: Keine Meinungsfreiheit an DJS<\/strong><br \/>\n<em>W\u00e4hrend Islamverb\u00e4nde, Erdogan-Anh\u00e4nger und konservative Prediger einen leichten Zugang zu Universit\u00e4ten, Kirchen, politischen Stiftungen und staatlichen Institutionen haben, sind Kritiker dort nicht willkommen. Im Namen der Toleranz enth\u00e4lt man somit den B\u00fcrgern und Studenten das Recht auf freie Meinungsbildung vor. Wir dokumentieren die Erkl\u00e4rungen von <a title=\"Abdel-Samad\" href=\"https:\/\/www.freiburg-schwarzwald.de\/blog\/religion\/islam\/abdel-samad\/\">Hamed Abdel-Sama<\/a>d, Constantin Schreiber und <a title=\"Mansour\" href=\"https:\/\/www.freiburg-schwarzwald.de\/blog\/religion\/islam\/mansour\/\">Ahmad Mansour<\/a> zur DJS (Deutsche Journalisten Schule in M\u00fcnchen).<\/em><br \/>\n.<br \/>\n\u201eDie Freiheit stirbt nicht \u00fcber Nacht, sondern auf Raten. Die Meinungsfreiheit ist die Mutter aller Freiheiten, und Meinungsvielfalt ist die beste Garantie f\u00fcr einen gesunden gesellschaftlichen Diskurs. <a title=\"Meinungsvielfalt Medienvielfalt\" href=\"https:\/\/www.freiburg-schwarzwald.de\/blog\/meinungsvielfalt-medienvielfalt\/\">Doch je vielf\u00e4ltiger die Gesellschaft wird, desto weniger Meinungsvielfalt haben wir<\/a>. Gerade in der Islam- und Migrationsdebatte trifft diese Aussage besonders zu. Am gef\u00e4hrlichsten ist es, wenn die Medien von vorne herein sich f\u00fcr eine bestimmte Meinung aus moralischen oder politischen Gr\u00fcnden entscheiden.<br \/>\nConstantin Schreiber, Ahmad Mansour und ich haben erfahren, dass Islam-Lobbyisten nun Sch\u00fcler der deutschen Journalisten Schule (DJS) vor uns dreien gewarnt haben, weil wir angeblich die Gesellschaft spalten und Imame Verfolgung aussetzen. Eine Lobby-Gruppe, die sich \u201eThe Muslim Story\u201c nennt, setzt sich nach eigenen Aussagen daf\u00fcr ein, dass \u201epositive Geschichten\u201c \u00fcber den Islam \u201eerz\u00e4hlt\u201c werden und will Redaktionen \u201evon Experten erl\u00f6sen, die keine sind\u201c. Also wollen sie offensichtlich nicht aufkl\u00e4ren, sondern das Bild der eignen Religion verbessern. Sie verlangten, dass Journalisten mit uns nicht sprechen sollen. Propagandisten, die sich Experten nennen, wollen dass alle, die ihrer positiven Islam-Erz\u00e4hlung widersprechen, von der B\u00fchne verschwinden.<br \/>\nEs ist normal, dass Islamvertreter und Lobbyisten versuchen die Berichterstattung zu ihrem Gunsten zu manipulieren und Kritiker zu diskreditieren, doch was ich skandal\u00f6s finde, ist, dass die (DJS), die zur Objektivit\u00e4t und Neutralit\u00e4t verpflichtet ist, die Diffamierung von drei Schriftstellern im eigenen Haus duldet und keine Gegendarstellung zul\u00e4sst. Die Leiterin der Schule wurde \u00fcber den Vorgang informiert, doch eine Antwort darauf bekamen wir nicht. Unser Angebot, unsere Sicht der Dinge den Sch\u00fclern zu erkl\u00e4ren, wurde abgelehnt. Die Schule, die die Meinungsvielfalt garantieren soll, scheint sich f\u00fcr eine Seite entschieden zu haben.<br \/>\nNiemand besitzt aber die absolute Wahrheit, weder Islam-Propagandisten noch Kritiker des Islam. Beide Seiten und auch andere sollten den gleichen Zugang zu Blidungsinstitutionen haben. Der m\u00fcndige B\u00fcrger darf dann seine eigene Meinung bilden, nachdem er alle Meinungen schon geh\u00f6rt hat.<br \/>\nDas ist aber nicht immer der Fall. W\u00e4hrend Islamverb\u00e4nde, Erdogan-Anh\u00e4nger und konservative Prediger einen leichten Zugang zu Universit\u00e4ten, Kirchen, politischen Stiftungen und staatlichen Institutionen haben, sind Kritiker dort nicht willkommen. Im Namen der Toleranz enth\u00e4lt man somit den B\u00fcrgern und Studenten das Recht auf freie Meinungsbildung vor.<br \/>\nWir sind Schriftsteller, die von der Meinungsfreiheit leben. Und wir sind bereit, unsere Meinung mit jedem auszutauschen, auch mit Imamen und Islam-Lobbyisten selbst. Doch diese weigern sich oft, mit uns zu reden, weil sie wissen, dass wir ihre Propaganda entlarven k\u00f6nnen.<br \/>\nWer Angst vor dem Diskurs hat und die Kritiker aus der B\u00fchne verbannen will, hat nicht die Absicht, die Gesellschaft aufzukl\u00e4ren, sondern verfolgt ganz andere Ziele, die nicht im Sinne des Gemeinwesens sind!<br \/>\nHier endet mein eigener Text (Hamed Abdel Samad).<\/p>\n<p>Constantin Schreiber, Ahmad Mansour und ich (Hamed Abdel Samad) haben zu diesem Fall folgende gemeinsame Erkl\u00e4rung verfasst:<br \/>\n&#8222;Wir haben Kenntnis bekommen von einem Vorgang an der Deutschen Journalistenschule (DJS) in M\u00fcnchen, der uns zutiefst irritiert. Die DJS hat die Interessensvertretung \u201eThe Muslime Story\u201c demnach mit einem Seminar zu Islamberichterstattung in Deutschland beauftragt. \u201eThe Muslim Story\u201c setzt sich nach eigenen Aussagen daf\u00fcr ein, dass \u201epositive Geschichten\u201c \u00fcber den Islam \u201eerz\u00e4hlt\u201c werden und will Redaktionen \u201evon Experten erl\u00f6sen, die keine sind\u201c. In diesem Seminar wurde offenbar vor uns dreien \u2013 Hamed Abdel Samad, Ahmed Mansour, Constantin Schreiber \u2013 konkret gewarnt. Nach dem, was uns zu Ohren gekommen ist, wurden wir beschuldigt, die Gesellschaft durch eine kritische Auseinandersetzung mit dem Islam spalten zu wollen und Imame der Verfolgung auszusetzen. Journalisten sollten nicht mit uns als Experten sprechen.<br \/>\nDie Leiterin der DJS, Henriette L\u00f6wisch, wurde davon in Kenntnis gesetzt und um Kl\u00e4rung gebeten, was leider nicht geschah. Das Angebot, unsererseits an der DJS zum Thema Islamberichterstattung mit den Sch\u00fclern zu sprechen, wollte sie nicht annehmen.<br \/>\nWir finden es problematisch, wenn Lobby-Vertreter an einer journalistischen Lehreinrichtung \u00fcber einzelne Personen in diskreditierender Weise referieren. Wir finden es ebenso problematisch, wenn die DJS sich gegen ein journalistisches Prinzip entscheidet, n\u00e4mlich Ausgewogenheit. Unser Gespr\u00e4chsangebot gilt nach wie vor.&#8220;<br \/>\n.<br \/>\nVer\u00f6ffentlicht am 27.11.2018 auf<br \/>\n<a href=\"https:\/\/www.tichyseinblick.de\/daili-es-sentials\/deutsche-journalisten-schule-gegen-hamed-abdel-samad-und-andere\/\">https:\/\/www.tichyseinblick.de\/daili-es-sentials\/deutsche-journalisten-schule-gegen-hamed-abdel-samad-und-andere\/<\/a><\/p>\n<p><strong>Wie 1933?<\/strong><br \/>\nWenn ich so etwas lese, frage ich mich, was kann dieses Land \u00fcberhaupt noch retten? Die Parallelen zu 1933 und dem \u201edritten Reich\u201c sind unverkennbar. Die Entwicklung war \u00e4hnlich, alles nicht Genehme und dem Regime kritisch gegen\u00fcberstehende B\u00fcrger und Bewegungen wurde \u00f6ffentlich an den Pranger gestellt, und sp\u00e4ter schlimmeres. Es ist wieder soweit, Medien\/Regierung\/Kirchen\/Gewerkschaften\/Industrie\/Justiz sind gleichgeschaltet. Eine Opposition, au\u00dfer der AFD , welche von oben genannten bek\u00e4mpft wird gibt es nicht. Und das \u201egemeine Volk\u201c..wie damals, l\u00e4\u00dft sich ohne aufzumucken zur Schlachtbank f\u00fchren. F\u00fcr mich gibt es nur eine Hoffnung das sich noch etwas \u00e4ndern k\u00f6nnte. Die Wirtschaft, also der Motor f\u00fcr alles, bricht massiv ein. Aber auch das ist nur eine vage Hoffnung.<br \/>\n27.11.2018, W.Feuster, CO<br \/>\nJournalismus linksgr\u00fcn<br \/>\nDie Medien und nat\u00fcrlich auch die Journalistenausbildung sind fest in linksgr\u00fcner Hand. Statt kritischem Journalismus wird \u201eHaltung\u201c beigebracht, also einseitiger Gesinnungsjournalismus \u2013 dementsprechend beseelt und mit missionarischem Eifer wird die Erziehung der Leserschaft angegangen. Es dreht sich um den Glauben an die linke Religion, Wahrheiten und Fakten st\u00f6ren nur, Ketzer sind nicht geduldet. Schon w\u00e4hrend meiner Journalistenausbildung Ende der 80er Jahre waren fast alle Dozenten bei Seminaren links.<br \/>\n27.11.2018, Julian Schneider, CO<\/p>\n<p><strong>Hamed Abdel Samad erst unter Personenschutz, nun unter Zensur<\/strong><br \/>\nEs ist einfach unglaublich, was in unserem Land inzwischen alles m\u00f6glich ist. Nicht nur, dass Hamed Abdel Samad sich nur noch unter Personenschutz bei uns bewegen kann, weil er von Islamisten mit dem Tode bedroht wird, jetzt wird auch noch in der Journalistenschule vor ihm und den beiden anderen Islamkritikern Schreiber und Mansour gewarnt! Hoch lebe der neutrale, ausgewogene und objektive Journalismus! Ich bin gespannt auf die Stellungnahme der Leitung oder auf Reaktionen aus der Politik, die, so steht zu bef\u00fcrchten, nicht kommen werden. Von der Meinungsfreiheit sind wir inzwischen meilenweit entfernt, die DDR 2.0 sieht ihrer baldigen Vollendung entgegen. . Man kann allen dreien, die uns immer wieder durch sachliche und aufkl\u00e4rende Ver\u00f6ffentlichungen, Vortr\u00e4ge und Stellungnahmen daran erinnern, wie wichtig die Pflege einer Diskussionskultur und Sachauseinandersetzung ist, nur dankbar sein daf\u00fcr, dass sie trotz der verbalen und sonstigen Angriffe aus bestimmten Richtungen den Mut haben, weiterzumachen und ihnen dabei viel Kraft und Durchhalteverm\u00f6gen w\u00fcnschen.<br \/>\n27.11.2018, Maja Schneider, CO<\/p>\n<p><strong>Linksgr\u00fcner Einheitsjournalismus<\/strong><br \/>\nEs ist schon mal ein Fortschritt, wenn jemand wie Constantin Schreiber, der eigentlich zum politmedialen Mainstreamkartell geh\u00f6rt, sich aus der Gleichschaltung befreit und den Mut zur eigenen Meinung hat. Wenn man seine Vita ber\u00fccksichtigt dann zeigt es auch: jemand mit konkreter Erfaahrung in den Dingen \u00fcber die er redet hat einen ganz anderen Standpunkt als eine faselnde, weltfremde, gehirngewaschene Gutmenschschneeflocke, die von ihren linksgr\u00fcnen Einheitslehrern im Klassenraum mit dem vollges\u00fclzt wird, was die Linksgr\u00fcnen f\u00fcr \u201eToleranz\u201c halten. Wer etwas Welterfahrung hat, etwas rumgekommen ist, der wei\u00df wie es l\u00e4uft. Mit ein Grund warum wir im Bereich der etablierten Parteien solch katastrophale Politversager haben ist deren Weltfremdheit. Wenn sie in andere L\u00e4nder reisen, dann nur auf Tagungen, die \u00fcberall auf der Welt gleich sind und wo die immergleichen Charaktere zu finden sind. Praktischer Wert: gleich null, von der Lebensrealit\u00e4t vor ort haben sie keine Ahnung. Was ihnen fehlt ist etwas, das Politiker fr\u00fcherer Generationen hatten: die \u201estreet credibility\u201c, das Wissen darum, wie es auf der Stra\u00dfe l\u00e4uft und nicht in ihrem Schneewittchenwolkenkuckucksheim. Beispielsweise die SPD von fr\u00fcher: das waren realit\u00e4tsgest\u00e4hlte, gestandene Charaktere, oft Arbeiter, mit einem hohen Ma\u00df an \u201estreet cred\u201c. Und heute? Oh je, oh je. Und in anderen etablierten Parteien ist es noch schlimmer. Leute wie Schreiber wissen wenigstens wor\u00fcber sie reden.<br \/>\n27.11.2018, Harry Charles, TO<\/p>\n<p><strong>Mediendemokratie pur<\/strong><br \/>\n<a href=\"https:\/\/de.wikipedia.org\/wiki\/Mediendemokratie\">https:\/\/de.wikipedia.org\/wiki\/Mediendemokratie<\/a>\u00a0Diese Zeiterscheinung nimmt immer bizarrere Formen an, wenn selbst ausgewiesene Fachleute oder wie hier Hamed Abdel-Samad, dessen Vater m. W. Imam ist, diskreditiert werden! Und dann heulen sie herum, wenn von L\u00fcgenpresse die Rede ist! &#8230;<br \/>\n27.11.2018, Meier, CO<\/p>\n<p><strong>Eine gute Strategie<\/strong><br \/>\nZun\u00e4chst infiltriert man die einschl\u00e4gigen Zulieferfakult\u00e4ten der Massenmedien. Damit besitzt man fr\u00fcher oder sp\u00e4ter die absolute Meinungs- und Deutungshoheit in den Massenmedien. Es bedarf keiner Repression und keiner Zensur. Die Propagandisten arbeiten mit vollster \u00dcberzeugung und mit Eifer ihren gesellschaftlichen Auftrag ab. Und dann bietet man den \u201eFalschen\u201c einfach keine Plattform mehr. Oder wenn, dann nur in Form von Tribunal \u00e4hnlichen Konstellationen. \u201eKeine Meinungsfreiheit f\u00fcr Hass\u201c und so. Jeder der die eigene Weltsicht nicht teilt, wird willk\u00fcrlich als nicht satisfaktionsf\u00e4hig aus dem \u00f6ffentlichen Kommunikationsraum gebannt. Der Marsch durch die Institutionen war kein fluschiger Spontispruch, sondern blutiger Ernst. Hauptsache, Frau L\u00f6wisch agitiert mit ihrer Institution anl\u00e4sslich des \u201eTages der Pressefreiheit\u201c (!) unschuldige Sch\u00fcler in ganz Deutschland. Soviele Putzt\u00fccher gibts nicht, wie man br\u00e4uchte\u2026.<br \/>\n27.11.2018, Montesquieu, CO<br \/>\n.<br \/>\n<strong>Verweigerung des Diskurses<\/strong><br \/>\n\u201eDie Leiterin der Schule wurde \u00fcber den Vorgang informiert, doch eine Antwort darauf bekamen wir nicht.\u201c \u2013&gt; Die Linksgr\u00fcnen haben sich mit dem fundamentalen und auch radikalen Islam verbunden. Die Indizienkette daf\u00fcr wird immer dichter und beweiskr\u00e4ftiger. Das erkennt auch der TE-Autor Giovanni Deriu in zunehmenden Ma\u00dfe, z.B. hier: <a href=\"https:\/\/www.tichyseinblick.de\/meinungen\/zwischen-echter-betroffenheit-und-dem-vorwurf-der-instrumentalisierung\/\">https:\/\/www.tichyseinblick.de\/meinungen\/zwischen-echter-betroffenheit-und-dem-vorwurf-der-instrumentalisierung\/<\/a><br \/>\nDie Verweigerung des Diskurses und damit die Ausgrenzung Andersdenkender, ist nur eine, allerdings sehr wesentliche Folge aus dieser Verbindung mit einer totalit\u00e4ren Ideologie. Nicht umsonst skandieren die Linksgr\u00fcnen permanent \u201eWir lassen uns UNSERE Demokratie\u201c nicht nehmen. Sie meinen damit die Demokratie nach ihrer Vorstellung, also die Antidemokratie.<br \/>\n27.11.2018, Stefan B., CO<br \/>\n<strong>Jounalisten mi\u00dfachten die Meinungsvielfalt-Aussage von Voltaire<\/strong><br \/>\nEs geht so lange gut, solange es als Talkmaster neben einer Anne Will auch einen Gegenspieler als Talkmaster gibt, also eine Talkrunde im Sinne Tichys oder Broders stattfindet. Solange aber nur Anne-Will-Clone das immer Gleiche mit der immer gleichen Tendenz abfeiern, kann man nicht von einer wirklichen Meinungsvielfalt sprechen. Zwar werden z. B. AfD-Politiker eingeladen, da aber auf einer Meta-Ebene eine Anti-AfD-Tendenz vermittelt wird, dienen diese nur als Watschenm\u00e4nner, als \u201eB\u00f6se\u201c, an denen sich die \u201eGuten\u201c abarbeiten k\u00f6nnen, um sich selbst einen Heiligenschein aufzusetzen.<br \/>\nDabei geht es nicht darum, ob die Aussagen von AfD-Politikern sinnvoll sind oder nicht, es geht vielmehr um eine demokratische Grundeinstellung. Es geht darum ob die Aussage von Voltaire (1694 \u2013 1778) noch gilt:<br \/>\n<strong><em>Monsieur, ich teile Ihre Meinung nicht,<br \/>\naber ich w\u00fcrde mein Leben daf\u00fcr einsetzen, dass Sie sie \u00e4u\u00dfern k\u00f6nnen.<\/em><\/strong><br \/>\nHeute w\u00fcrde das Zitat lauten:<br \/>\n<strong><em>Trauen sie sich nur Ihre konservative rechte Meinung zu \u00e4u\u00dfern. <\/em><\/strong><br \/>\n<strong><em>Zwar haben Sie das Recht dazu, aber Sie werden schon sehen, <\/em><\/strong><br \/>\n<strong><em>was dann mit Ihnen passiert, insbesondere, <\/em><\/strong><br \/>\n<strong><em>wenn Sie im \u00f6ffentlichen Leben stehen oder Sie ein \u00f6ffentliches Amt bekleiden.<\/em><\/strong><br \/>\n&#8230; Alles von Klaus-J\u00fcrgen Gadamer vom 24.11.2018 bitte lesen auf<br \/>\n<a href=\"https:\/\/www.tichyseinblick.de\/feuilleton\/medien\/deutschlands-politische-zukunft\/\">https:\/\/www.tichyseinblick.de\/feuilleton\/medien\/deutschlands-politische-zukunft\/<\/a><\/p>\n<p>&nbsp;<\/p>\n<p><strong>Politiker und Journalisten leben in einer anderen Welt<\/strong><br \/>\n\u201eWir m\u00fcssen zur Kenntnis nehmen, da\u00df Politiker und Journalisten in einer anderen Welt leben als die Mehrheit der Menschen drau\u00dfen und da\u00df wir oft auch eine andere Sprache sprechen. Der politische Betrieb ist mittlerweile weitgehend akademisiert. Die Medien sowieso. (&#8230;) Wir d\u00fcrfen nicht den Eindruck erwecken, da\u00df wir paternalistisch den Leuten vorschreiben, was sie<br \/>\ndenken oder reden sollen.<br \/>\nDas f\u00e4ngt bei Veranstaltungen in Chemnitz an, bei denen es nat\u00fcrlich viele st\u00f6rt, wenn da Bands auftreten mit linksextremen Ha\u00dfbotschaften.\u201c<br \/>\n8.9.2018, Christian Hirte, CDU-Bundestagsabgeordneter und Ostbeauftragter der Regierung, im Interview in der WELT<\/p>\n<p>&nbsp;<\/p>\n<p><strong>Journalismus um Chemnitz &#8211; Selbstabschaffung<\/strong><br \/>\nDie Welt als Wille und Wahn &#8211;\u00a0Wie der Journalismus und die Intellektuellen sich selbst abschaffen. Zur Debatte rund um <a title=\"Chemnitz-Messermord26-08-2018\" href=\"https:\/\/www.freiburg-schwarzwald.de\/blog\/engagement\/zukunft\/demokratie\/chemnitz-messermord26-08-2018\/\">Chemnitz<\/a>.<br \/>\n&#8230;<br \/>\nWas hat die AfD mit Trump in den USA, mit Lega und 5 Stelle in Italien, mit Orban in Ungarn, mit Macron in Frankreich und mit den Schwedendemokraten gemeinsam? Dass das alles \u201eRechtspopulisten\u201c sind? Nein, das ist nur ein inhaltsloser Kampfbegriff. Sie haben gemeinsam, dass sie viele W\u00e4hler binden, die nicht f\u00fcr sie stimmen, sondern gegen ein \u201eweiter so\u201c, gegen die traditionellen Exponenten einer Politik, die viele Probleme und Sorgen immer breiterer Bev\u00f6lkerungsschichten nicht ber\u00fccksichtigt, nicht beantwortet.<br \/>\n&#8230;.<br \/>\nWer in Chemnitz von einem Lynchmob spricht, wei\u00df nicht, was ein Lynchmob ist. Wer jeden AfD-W\u00e4hler zum Nazi macht, wei\u00df nicht, was ein Nazi ist. Wer Sarrazin zu einem Ideologen des rassenreinen Ariertums macht, hat keine Ahnung, was ein solcher Ideologe denkt, sagt und schreibt. Wer vorschnell \u201eNazi\u201c ruft, ist genauso dumm wie der Idiot, der die Hand zum Hitlergru\u00df erhebt. &#8230;<br \/>\nAlles vom 7.9.2018 von Rene Zeyer bitte lesen auf<br \/>\n<a href=\"https:\/\/bazonline.ch\/ausland\/europa\/die-welt-als-wille-und-wahn\/story\/11620900\">https:\/\/bazonline.ch\/ausland\/europa\/die-welt-als-wille-und-wahn\/story\/11620900<\/a><\/p>\n<p>Danke Herr Zeyer. Endlich eine Stimme der Vernunft. Eine Regierung mit einem Bundespr\u00e4sidenten welche ihr Staatsvolk verachten hat jede Kritik verdient. F\u00fcr sie und ihre &#8222;Kulturschaffenden&#8220; sind Fl\u00fcchtlinge eine Art neue Heiligen, denen &#8222;die schon l\u00e4nger dort lebenden&#8220; auf immer und ewig zu Diensten sein sollen. Frau Merkel welche zwar in Hamburg geboren und dann freiwillig in der DDR f\u00fcr Agitation und Propaganda in der FDJ (Jugendorganisation der Sozialisten) arbeitete, wendet das gelernte jetzt seit mehr als 12 Jahren in der Regierung an.<br \/>\n8.9.2018, Toni Lutz, BAO<\/p>\n<p>Wer die Geschichte \u201eChemnitz\u201cein wenig weiter verfolgt, h\u00f6rt jetzt in der deutschen Politszene reinste Kakophonie. Was jetzt, nachdem ein Herr Maassen vom Verfassungsschutz (?) die Wahrscheinlichkeit von \u201eHetzjagden oder Pogromen\u201c wegen fehlender Beweise gegen Null tendieren l\u00e4sst, eventuell sogar ein gefaktes Video vermutet, seit eine ver\u00f6ffentlichte \u201eHitlergrusshand\u201c wegen einem Tatoo, das auf die linke Szene deutet, den Verdacht auf Infiltration der Demo durch linke \u201eW\u00fchlm\u00e4use\u201c aufkommen l\u00e4sst, schiessen die Verd\u00e4chtigungen, Beschuldigungen und Forderungen ins Kraut. \u00dcber allem schwebt Merkel, weiss von nichts und redet von allem. Wahrheit? Eine Frage der politischen Farbe.<br \/>\n8.9.2018, Markus Baumann, BAO<\/p>\n<p>Einen Aspekt m\u00f6chte ich dem in meinen Augen sehr ausgewogenen und gut analysierenden Artikel hinzuf\u00fcgen: Das st\u00e4ndige Hinausposaunen, wie dunkelbraunrechts Deutschland doch mittlerweile geworden sei, bewirkt, dass Deutschland im Ausland eben genau so wahrgenommen wird: Dunkelbraunrechts: Denn die meisten ausl\u00e4ndischen Medien geben \u00fcber D doch im wesentlichen das wieder, was sie aus deutschen Medien erfahren! &#8211; Es ist blanke Idiotie zu glauben, durch diese st\u00e4ndige Nestbeschmutzung (als solche nehme ich die in meinen Augen verzerrte Darstellung der politischen und gesellschaftlichen Verh\u00e4ltnisse in D durch den &#8222;politisch-medialen Komplex&#8220; wahr) w\u00fcrde man sich im Ausland Freunde machen: Das Gegenteil ist der Fall.<br \/>\n8.9.2018, Axel Sch\u00f6n, BAO<\/p>\n<p>\u00dcber Rechtsextremismus wird gesprochen, &#8222;Linke Gewalt&#8220; wird vernachl\u00e4ssigt. Ein Hitlergru\u00df von einem &#8222;Antifa-Mann\/V-Mann vom Verfassungsschutz&#8220; ist straf-frei. Und dann soll der normale B\u00fcrger verstehen, dass wir in einem Rechtsstaat leben.<br \/>\nHat die ARD in einem Bericht \u00fcber die Demos der Merkelkritiker junge M\u00e4nner mit Hitlergru\u00df hineingeschnitten. Die Aufnahmen stammten nicht von der Demo, sondern von Hooligans ein paar Tage vorher.<br \/>\n8.9.2018, Julian Schneider, BAO<\/p>\n<p>&nbsp;<\/p>\n<p>&nbsp;<\/p>\n<p>.<\/p>\n<p><strong>Deutscher Journalismus: \u201eNicht sagen, was die Leute zu denken haben\u201c<\/strong><br \/>\nWie steht es um den deutschen Journalismus? Dieser Frage ist der amerikanische Medienwissenschaftler Jay Rosen nachgegangen. Er sprach unter anderem mit Cicero-Chefredakteur Christoph Schwennicke. Rosens Essay wurde jetzt in der FAZ ver\u00f6ffentlicht<br \/>\nDer renommierte amerikanische Medienwissenschaftler Jay Rosen stellt dem deutschen Journalismus ein schlechtes Zeugnis aus: \u201eJournalisten sollen nicht sagen, was Leute zu denken haben.\u201c ..<br \/>\n.. Alles von Christoph Schwennicke vom 3.9.2018 bitte lesen auf<br \/>\n<a href=\"https:\/\/www.cicero.de\/kultur\/journalismus-deutsche-presse-koelner-silvesternacht-fluechtlingskrise\">https:\/\/www.cicero.de\/kultur\/journalismus-deutsche-presse-koelner-silvesternacht-fluechtlingskrise<\/a><\/p>\n<p><strong>Jay Rosen: Brief an die deutschen Journalisten<\/strong><br \/>\n&#8230; Alles vom 3.9.2018 bitte lesen auf<br \/>\n<a href=\"https:\/\/www.faz.net\/aktuell\/feuilleton\/debatten\/jay-rosen-schreibt-einen-brief-an-die-deutschen-journalisten-15765235.html\">https:\/\/www.faz.net\/aktuell\/feuilleton\/debatten\/jay-rosen-schreibt-einen-brief-an-die-deutschen-journalisten-15765235.html<br \/>\n<\/a>\u00a0.<br \/>\nDas man auch diesen Artikel, mal wieder nicht, in der FAZ kommentieren darf, sagt eigentlich schon alles aus, \u00fcber den Ffm Elfenbeinjournalismus&#8230;.<br \/>\n.. und es geht weiter.<a href=\"https:\/\/www.faz.net\/aktuell\/feuilleton\/debatten\/jay-rosen-schreibt-einen-brief-an-die-deutschen-journalisten-15765235.html\"><br \/>\n<\/a>\u00a0.<br \/>\n.<br \/>\n<strong>Belehrungs- und Moralexperten<\/strong><br \/>\n&#8230; mehrheitlich tendenzielle Hetzer, die in ihren apodiktischen Schrifts\u00e4tzen am allerwenigsten informieren. Kern des journalistischen Treibens ist der Versuch Deutungshoheit zu erlangen und im jeweiligen Sinn der pr\u00e4ferierten politischen Perspektive zu interpretieren. Wer noch den Genossen Schnitzler kannte, wei\u00df welche Qualit\u00e4t im deutschen Journalismus herrscht. Zwar wird, noch, wenig direkt wahrheitswidrig geschrieben, daf\u00fcr viel weggelassen oder mit verharmlosenden Kontexten versehen.<br \/>\nDazu unterirdisches Vokabular das auch 2018 noch in jedem illegalen Migranten einen &#8222;Fl\u00fcchtling&#8220; sieht und weder das staatliche Organisationsversagen noch die Pull-Faktoren offen zu diskutierenbereit ist.<br \/>\n3.9., Karl M\u00fcller, CO<br \/>\n.<\/p>\n<p><strong>Journalismus als anmassende Belehrungs-Oberlehrer<\/strong><br \/>\nDanke, Karl M\u00fcller, dass Sie dem Gesinnungsjournalismus klar benennen: Die Hetzer im b\u00fcrgerlichen Schafspelz, die sich den Begriff &#8222;Qualit\u00e4t-Journalismus&#8220; selbst bescheinigen. Es war einmal &#8230; ein freies Land. Adieu, S\u00fcddeutsche, FAZ, Spiegel, ARD, ZDF, die ihr ungenie\u00dfbar geworden seid in eurer \u00dcberheblichkeit und Anmassung. Durch Weglassen und durch aufgeblasenen Einseitigkeit wird man zum Desinformationsministerium. Gott, wie billig und abstossend seid Ihr geworden .<br \/>\n3.9.2018, Til Steinmaeie,<\/p>\n<p><strong>Erkenntnisgewinn<\/strong><br \/>\n\u00dcber Jahre und Jahrzehnte habe ich eigentlich relativ kritiklos alles &#8222;gefressen&#8220;, was mir die MSM und \u00d6R so serviert haben. Das hat sich 2015 schlagartig ge\u00e4ndert. Als ich &#8222;Merkels verh\u00e4ngnisvollster Fehler&#8220; dann im Netz fand, wusste ich, dass ich mich nur abseits informieren muss und ganz andere Stimmen h\u00f6re. Erst war ich misstrauisch &#8211; auch dem Cicero gegen\u00fcber &#8211; und recherchierte sehr genau (was ich auch heute noch viel mache). Mein gr\u00f6\u00dfter Erkenntnisgewinn: wachsam sein, alte Wege verlassen, neue Perspektiven einnehmen, noch sorgf\u00e4ltiger lesen, h\u00f6ren, sehen. Und auch selber die Stimme erheben.<br \/>\nMiaela Diederichs<\/p>\n<p><strong>Jurnalistentrick: Wenn Antworten unerw\u00fcnscht sind &#8211; keine Fragen stellen<\/strong><br \/>\nEntlarvend f\u00fcr die Einstellung des Herrn Rosen ist wohl folgendes Statement: &#8222;Dass Alexander Gauland im ZDF-Sommerinterview am 12. August nicht zum Thema Fl\u00fcchtlinge befragt wurde, \u00fcber das er gewiss sehr gern gesprochen h\u00e4tte, sondern \u00fcber andere wichtige Themen, ist ein kluger Ansatz.&#8220; Genau diese Strategie wurde seit 2015 von den MSM verfolgt: Wenn du keine Antworten haben willst, die nicht in dein Weltbild passen, dann stelle auch die entsprechenden Fragen nicht, sondern dr\u00e4nge den Gespr\u00e4chspartner auf Nebenkriegsschaupl\u00e4tze ab: &#8222;Herr Gauland, wer ist nach Ihrer Meinung f\u00fcr den hei\u00dfen Sommer verantwortlich? Was kann man gegen das Algenwachstum in deutschen Badeseen unternehmen, usw.? Das einzig Neue war, dass Gauland zum Sommerinterview gebeten wurde &#8211; das lie\u00df sich aber wohl unter den gegebenen politischen Verh\u00e4ltnissen nicht mehr vermeiden.<br \/>\n3.9.2018, Eberhard Rademeier, CO<\/p>\n<p>Wenn nun im Verlaufe der n\u00e4chsten Wochen ans Licht gezerrt wird, dass es die inkriminierten Menschjagden, Ausschreitungen und Pogromstimmungen in Chemnitz \u00fcberhaupt nicht gab, sondern sich lediglich aus einem Tweet eines Antifa-Bloggers aufgebauscht haben, k\u00f6nnte der Effekt wesentlich drastischer ausfallen als nach der k\u00f6lner Silvesternacht.<br \/>\n3.9.2018, Sven Stemmer, CO<\/p>\n","protected":false},"excerpt":{"rendered":"<p>Home\u00a0&gt;Kultur\u00a0&gt;Medien\u00a0&gt;Journalismus \u00a0 \u00a0 \u00a0 \u00a0 \u00a0 \u00a0 \u00a0 \u00a0 \u00a0 \u00a0 \u00a0 \u00a0 \u00a0 \u00a0 \u00a0 \u00a0 \u00a0 \u00a0 \u00a0 \u00a0 \u00a0 \u00a0 \u00a0 \u00a0 \u00a0 \u00a0 \u00a0 \u00a0 \u00a0 \u00a0 Punta Sabbioni &#8211; Vor Venedig im Mai 2018 Listenauswahl &hellip; <a href=\"https:\/\/www.freiburg-schwarzwald.de\/blog\/kultur\/medien\/journalismus\/\">Weiterlesen <span class=\"meta-nav\">&rarr;<\/span><\/a><\/p>\n","protected":false},"author":2,"featured_media":0,"parent":678,"menu_order":0,"comment_status":"open","ping_status":"closed","template":"","meta":{"footnotes":""},"class_list":["post-68087","page","type-page","status-publish","hentry"],"_links":{"self":[{"href":"https:\/\/www.freiburg-schwarzwald.de\/blog\/wp-json\/wp\/v2\/pages\/68087","targetHints":{"allow":["GET"]}}],"collection":[{"href":"https:\/\/www.freiburg-schwarzwald.de\/blog\/wp-json\/wp\/v2\/pages"}],"about":[{"href":"https:\/\/www.freiburg-schwarzwald.de\/blog\/wp-json\/wp\/v2\/types\/page"}],"author":[{"embeddable":true,"href":"https:\/\/www.freiburg-schwarzwald.de\/blog\/wp-json\/wp\/v2\/users\/2"}],"replies":[{"embeddable":true,"href":"https:\/\/www.freiburg-schwarzwald.de\/blog\/wp-json\/wp\/v2\/comments?post=68087"}],"version-history":[{"count":6,"href":"https:\/\/www.freiburg-schwarzwald.de\/blog\/wp-json\/wp\/v2\/pages\/68087\/revisions"}],"predecessor-version":[{"id":147995,"href":"https:\/\/www.freiburg-schwarzwald.de\/blog\/wp-json\/wp\/v2\/pages\/68087\/revisions\/147995"}],"up":[{"embeddable":true,"href":"https:\/\/www.freiburg-schwarzwald.de\/blog\/wp-json\/wp\/v2\/pages\/678"}],"wp:attachment":[{"href":"https:\/\/www.freiburg-schwarzwald.de\/blog\/wp-json\/wp\/v2\/media?parent=68087"}],"curies":[{"name":"wp","href":"https:\/\/api.w.org\/{rel}","templated":true}]}}