{"id":67883,"date":"2018-08-15T17:31:21","date_gmt":"2018-08-15T15:31:21","guid":{"rendered":"https:\/\/www.freiburg-schwarzwald.de\/blog\/?page_id=67883"},"modified":"2026-03-08T09:54:04","modified_gmt":"2026-03-08T08:54:04","slug":"justizversagen","status":"publish","type":"page","link":"https:\/\/www.freiburg-schwarzwald.de\/blog\/selbsthilfe\/soziales\/justiz\/justizversagen\/","title":{"rendered":"Justizversagen"},"content":{"rendered":"<p>Home &gt;Selbsthilfe &gt;<a title=\"Soziales\" href=\"https:\/\/www.freiburg-schwarzwald.de\/blog\/selbsthilfe\/soziales\/\">Soziales<\/a>\u00a0&gt;<a title=\"Justiz\" href=\"https:\/\/www.freiburg-schwarzwald.de\/blog\/selbsthilfe\/soziales\/justiz\/\">Justiz\u00a0<\/a>&gt;Justizversagen<\/p>\n<p><a href=\"https:\/\/www.freiburg-schwarzwald.de\/blog\/global\/italien\/cavallino\/venedig-schiff-pan180512\/\" rel=\"attachment wp-att-67441\"><img loading=\"lazy\" decoding=\"async\" class=\"alignnone size-full wp-image-67441\" src=\"https:\/\/www.freiburg-schwarzwald.de\/blog\/wp-content\/uploads\/2014\/05\/venedig-schiff-pan180512.jpg\" alt=\"venedig-schiff-pan180512\" width=\"639\" height=\"204\" srcset=\"https:\/\/www.freiburg-schwarzwald.de\/blog\/wp-content\/uploads\/2014\/05\/venedig-schiff-pan180512.jpg 639w, https:\/\/www.freiburg-schwarzwald.de\/blog\/wp-content\/uploads\/2014\/05\/venedig-schiff-pan180512-180x57.jpg 180w\" sizes=\"auto, (max-width: 639px) 100vw, 639px\" \/><\/a><\/p>\n<p>&nbsp;<\/p>\n<ul>\n<li><em>Listenauswahl eines Beitrags: Bitte anklicken oder runterscrollen<\/em><\/li>\n<li><a href=\"https:\/\/www.freiburg-schwarzwald.de\/blog\/global\/migration\/badoeynhausen-philippos24juni2024\/\">Filipp (16) totgepr\u00fcgelt: Ein Jahr Bew\u00e4hrung f\u00fcr Angeklagten<\/a>\u00a0(25.2.2026)<\/li>\n<li><a href=\"https:\/\/www.freiburg-schwarzwald.de\/blog\/aerztin-dr-witzschel-haft-kennedy\/\">\u00c4rztin Dr Witzschel Haft Kennedy<\/a>\u00a0(25.2.2026)<\/li>\n<li><a href=\"https:\/\/www.freiburg-schwarzwald.de\/blog\/selbsthilfe\/soziales\/justiz\/\">Die Juristerei unterliegt dem Zeitgeist: Kaiser, Weimar, BRD, DDR, EU<\/a>\u00a0(10.3.2025)<\/li>\n<li><a href=\"https:\/\/www.freiburg-schwarzwald.de\/blog\/engagement\/zukunft\/demokratie\/verfassung\/murswiek\/\">Wie der Verfassungsschutz den demokratischen Diskurs besch\u00e4digt \u2013 Anmerkungen zum Fall Maa\u00dfen Teil 1<\/a>\u00a0(8.1.2025)<\/li>\n<li><a href=\"https:\/\/www.freiburg-schwarzwald.de\/blog\/selbsthilfe\/soziales\/justiz\/rechtsstaat\/\">LKA sticht Zeugen-Chats durch?<\/a>\u00a0(28.8.2023)<\/li>\n<li>Willk\u00fcrverfahren gegen Lina E. und Michael Ballweg (15.6.2023)<\/li>\n<li><a href=\"https:\/\/www.freiburg-schwarzwald.de\/blog\/syrer-vergewaltigt-freier-mann\/\">Syrer vergewaltigt \u2013 freier Mann<\/a>\u00a0(3.3.2023)<\/li>\n<li><a href=\"https:\/\/www.freiburg-schwarzwald.de\/blog\/selbsthilfe\/soziales\/justiz\/richter\/\">Der B\u00fcrger als Gef\u00e4hrder \u2013 R\u00fcckgabe Bundesverdienstkreuz<\/a>\u00a0(15.5.2021)<\/li>\n<li><a href=\"https:\/\/www.freiburg-schwarzwald.de\/blog\/selbsthilfe\/soziales\/justiz\/rechtsstaat\/enteignung\/rechtswesen\/\">Rechtsstaat am Ende: Doku-Schocker von Oberstaatsanwalt Knispel<\/a> (15.3.2021)<\/li>\n<li><a href=\"https:\/\/www.freiburg-schwarzwald.de\/blog\/die-justiz-ist-ueberlastet\/\">Die Justiz ist \u00fcberlastet<\/a>\u00a0(15.3.2021)<\/li>\n<li><a href=\"https:\/\/www.freiburg-schwarzwald.de\/blog\/netzwerk-kritischer-richter\/\">Netzwerk kritischer Richter und Staatsanw\u00e4lte<\/a>\u00a0(14.1.2021)<\/li>\n<li><a title=\"Gerichte\" href=\"https:\/\/www.freiburg-schwarzwald.de\/blog\/selbsthilfe\/soziales\/justiz\/gerichte\/\">Rechtsstaat konkret: Die Justiz als Stiefkind der Politik<\/a>\u00a0(22.5.2020)<\/li>\n<li><a title=\"Aufschrei Trauer MeToo \u2013 nichts\" href=\"https:\/\/www.freiburg-schwarzwald.de\/blog\/aufschrei-trauer-metoo-nichts\/\">Aufschrei Trauer MeToo \u2013 Nichts<\/a>\u00a0(11.12.2019)<\/li>\n<li><a title=\"Justiz\" href=\"https:\/\/www.freiburg-schwarzwald.de\/blog\/selbsthilfe\/soziales\/justiz\/\">Ralph Knispel: Staatsanwalt warnt \u00f6ffentlich vor dem Kollaps unseres Rechtsstaats<\/a>\u00a0(9.8.2019)<\/li>\n<li>9mal vorbestrafter Afghane vergewaltigt 14-J\u00e4hrige in HH um 9 Uhr morgens (14.8.2018)<\/li>\n<li>Afrikanischer Asylbewerber terrorisiert Autohaus\u00a0 (12.8.2018)<\/li>\n<\/ul>\n<ul>\n<li><a href=\"https:\/\/www.freiburg-schwarzwald.de\/justiz.htm#Ehrenmorde%20in%20Deutschland\">Ehrenmorde in Deutschland<\/a>\u00a0&gt;Justiz<\/li>\n<li><a title=\"Einzelfall\" href=\"https:\/\/www.freiburg-schwarzwald.de\/blog\/selbsthilfe\/soziales\/justiz\/einzelfall\/\">Einzelfall<\/a><\/li>\n<li><a title=\"Gefaengnis\" href=\"https:\/\/www.freiburg-schwarzwald.de\/blog\/selbsthilfe\/soziales\/justiz\/gefaengnis\/\">Gefaengnis<\/a><\/li>\n<li><a title=\"Gerichte\" href=\"https:\/\/www.freiburg-schwarzwald.de\/blog\/selbsthilfe\/soziales\/justiz\/gerichte\/\">gerichte<\/a><\/li>\n<li><a title=\"Kuscheljustiz\" href=\"https:\/\/www.freiburg-schwarzwald.de\/blog\/selbsthilfe\/soziales\/justiz\/kuscheljustiz\/\">Kuscheljustiz<\/a><\/li>\n<li><a title=\"Messerstecher\" href=\"https:\/\/www.freiburg-schwarzwald.de\/blog\/selbsthilfe\/soziales\/justiz\/messerstecher\/\">Messerstecher<\/a><\/li>\n<li><a href=\"https:\/\/www.freiburg-schwarzwald.de\/blog\/engagement\/zukunft\/demokratie\/verfassung\/murswiek\/\">Murswiek<\/a><\/li>\n<li><a title=\"Ordnungsstaat\" href=\"https:\/\/www.freiburg-schwarzwald.de\/blog\/selbsthilfe\/soziales\/justiz\/ordnungsstaat\/\">Ordnungsstaat<\/a><\/li>\n<li><a title=\"Paralleljustiz\" href=\"https:\/\/www.freiburg-schwarzwald.de\/blog\/selbsthilfe\/soziales\/justiz\/paralleljustiz\/\">Paralleljustiz<\/a><\/li>\n<li><a title=\"Polizei\" href=\"https:\/\/www.freiburg-schwarzwald.de\/blog\/selbsthilfe\/soziales\/justiz\/polizei\/\">Polizei<\/a><\/li>\n<li><a title=\"Rechtsstaat\" href=\"https:\/\/www.freiburg-schwarzwald.de\/blog\/selbsthilfe\/soziales\/justiz\/rechtsstaat\/\">Rechtsstaat<\/a><\/li>\n<li><a href=\"https:\/\/www.freiburg-schwarzwald.de\/blog\/selbsthilfe\/soziales\/justiz\/rechtsstaat\/enteignung\/rechtswesen\/\">Rechtswesen<\/a><\/li>\n<li><a href=\"https:\/\/www.freiburg-schwarzwald.de\/blog\/selbsthilfe\/soziales\/justiz\/richter\/\">Richter<\/a><\/li>\n<li><a title=\"Sicherheit\" href=\"https:\/\/www.freiburg-schwarzwald.de\/blog\/selbsthilfe\/soziales\/justiz\/sicherheit\/\">Sicherheit \u2013 Innere Sicherheit<\/a><\/li>\n<\/ul>\n<p>&nbsp;<\/p>\n<p>&nbsp;<\/p>\n<p><strong>\u00a0Das Justizversagen in Deutschland zeigt sich besonders bei Strafdelikten von Migranten<\/strong><\/p>\n<p>========================================================<\/p>\n<p><strong>Willk\u00fcrverfahren gegen Lina E. und Michael Ballweg<\/strong><br \/>\n<strong>Die Gesichter der Willk\u00fcrjustiz<\/strong><br \/>\n<strong>Die Strafverfahren gegen Lina E. und Michael Ballweg weisen zahlreiche Gemeinsamkeiten auf.<\/strong><br \/>\nWillk\u00fcrverfahren, wie das gegen <a href=\"https:\/\/www.freiburg-schwarzwald.de\/blog\/ballweg-frei-9-monate-in-haft\/\">Michael Ballweg<\/a>, zahlreiche \u00c4rzte, die Masken- oder Impfatteste ausstellten, oder auch gegen Demonstranten bei den Protesten gegen den G20-Gipfel in Hamburg 2017, die ohne hinreichende Beweise teils harte Konsequenzen hatten, d\u00fcrfen in Deutschland nicht zur Regel werden.<br \/>\nStraftaten geh\u00f6ren sauber aufgekl\u00e4rt, T\u00e4ter ordentlich ermittelt. Der Grundsatz \u201eim Zweifel f\u00fcr den Angeklagten\u201c darf nicht in sein Gegenteil verkehrt werden, auch dann nicht, wenn es den politischen Gegner betrifft. Willk\u00fcrjustiz hat viele Gesichter, keines davon ist akzeptabel.<br \/>\nDie langj\u00e4hrige Haftstrafe gegen und die vor\u00fcbergehende Freilassung von <a href=\"https:\/\/www.freiburg-schwarzwald.de\/blog\/leipzig-linke-gewalt-fuer-lina-e\/\">Lina E<\/a>. lie\u00dfen die Emotionen hochkochen. \u201eSchauprozess!\u201c, riefen die einen. \u201eH\u00e4rter bestrafen!\u201c, forderten die anderen. Es ist Zeit f\u00fcr einen sachlichen Blick auf die Fakten: Der offenbart tats\u00e4chlich schwere M\u00e4ngel, die auf \u00e4hnliche Justizwillk\u00fcr bei extrem d\u00fcnner Beweislage hindeuten, wie in Verfahren gegen \u201eQuerdenken\u201c-Gr\u00fcnder Michael Ballweg oder \u00c4rzte, die Hilfe suchenden, entrechteten Ungeimpften Placebospritzen verabreichten. Von einem rechtsstaatlichen Prozess kann keine Rede sein. Wenn solche Willk\u00fcrjustiz zur Normalit\u00e4t wird, kann sie alle treffen.<br \/>\n&#8230;<br \/>\nWas w\u00e4re wenn &#8230;<br \/>\nAm Ende noch ein kleines Gedankenspiel: Was w\u00fcrde wohl passieren, wenn die Leute von \u201eQuerdenken\u201c und anderen b\u00fcrgerlichen Protestgruppen mit verst\u00e4ndlicher Wut auf die vielfach gar nicht links agierende \u201elinke Szene\u201c diese Metaperspektive einn\u00e4hmen, anstatt nach h\u00e4rteren Repressionen in einem derart unzureichend aufgekl\u00e4rten Fall zu rufen? Was w\u00e4re, wenn sie Demos organisierten unter einem Motto wie: \u201eGegen staatliche Willk\u00fcr \u2014 Wir fordern rechtsstaatliche Aufkl\u00e4rung f\u00fcr Lina E., Ballweg und Co?\u201c<br \/>\nMein Verdacht: Die Staatsorgane w\u00fcrden vermutlich genauso dumm aus der W\u00e4sche gucken wie der pseudoantifaschistische \u201eWir impfen euch alle\u201c-Teil der \u201eAntifa\u201c. Das Innenministerium w\u00fcrde wohl in helle Aufregung geraten und umgehend den regierungsamtlichen Wissenschaftsbetrieb bem\u00fchen, um soziologische Studien zu beauftragen, die dann Tipps zum Umgang mit dem Unerwarteten liefern sollen. Die Pseudoantifa, die vielleicht hier und da staatlich gelenkt sein mag, aber doch mehrheitlich aus jungen unerfahrenen Mitl\u00e4ufern bestehen d\u00fcrfte, m\u00fcsste wirklich hart \u00fcberlegen, wie sie dagegen protestieren sollte.<br \/>\nGenau das wollen die Regierung und ihr Apparat als Machtinstrument der herrschenden Klasse n\u00e4mlich vermeiden. Die Bev\u00f6lkerung soll nur ja nicht auf die Idee kommen, gemeinsam gegen \u201edie da oben\u201c zu protestieren. So bleiben dann auch die zu recht kritisierten Verh\u00e4ltnisse verdammt stabil.<br \/>\n&#8230; Alles vom 15.6.2023 bitte lesen auf<br \/>\n<a href=\"https:\/\/www.manova.news\/artikel\/die-gesichter-der-willkurjustiz\">https:\/\/www.manova.news\/artikel\/die-gesichter-der-willkurjustiz<\/a><\/p>\n<p>&nbsp;<\/p>\n<p>&nbsp;<\/p>\n<p><strong>9mal vorbestrafter Afghane vergewaltigt 14-J\u00e4hrige in HH um 9 Uhr morgens<\/strong><br \/>\nUnfassbares zur Vergewaltigung der 14-J\u00e4hrigen mitten in Hamburg morgens um 9 Uhr<br \/>\nEine Tat, die viele von uns ratlos zur\u00fcckl\u00e4sst. Wie ist es m\u00f6glich, dass morgens um neun Uhr mitten in Hamburg, in einer der am st\u00e4rksten frequentierten Einkaufsstra\u00dfen Deutschlands, ein 14-j\u00e4hriges M\u00e4dchen vergewaltigt werden kann, ohne dass es jemand mitbekommt, ohne dass jemand zu Hilfe eilt? Inzwischen ist klar, wer der mutma\u00dfliche T\u00e4ter ist, und nun wird alles noch viel unglaublicher &#8230;<\/p>\n<p>Samstagmorgen mitten in Hamburg. Ein 14-j\u00e4hriges M\u00e4dchen wird gegen 09 Uhr morgens am Hauptbahnhof von einem Mann angesprochen, der so tut, als w\u00fcrden die beiden sich schon lange kennen. Das M\u00e4dchen l\u00e4uft nun in Richtung M\u00f6nckebergstra\u00dfe davon, doch der Mann l\u00e4sst nicht von ihr ab, verfolgt sie und versucht immer wieder, sie in ein Gespr\u00e4ch zu verwickeln. Dann im Bereich des Saturn-Elektromarktes geschieht das Unfassbare.<br \/>\nDazu muss man wissen: Die M\u00f6nckebergstra\u00dfe geh\u00f6rt zu den zehn meist frequentierten Einkaufsstra\u00dfen Deutschlands! Mehr als 9.000 Passanten flanieren hier mitunter an einem Sonnabend pro Stunde entlang, wie aus einer Erhebung des Immobiliendienstleisters Jones Lang LaSalle (JLL) hervorgeht. Doch all das nutzt der 14-J\u00e4hrigen offensichtlich wenig. Ihr Verfolger, der nicht von ihr abl\u00e4sst, packt sie nun mitten in der Stadt morgens um 09 Uhr, zerrt sie im Bereich des Saturn-Elektromarktes in einen Hauseingang, der schlecht einsehbar ist. Das M\u00e4dchen wehrt sich, aber ihr Peiniger ist st\u00e4rker. Jetzt\u201enimmt er sexuelle Handlungen an ihr vor\u201c. Kein Mensch kommt dem M\u00e4dchen zu Hilfe. Mitten in Hamburg an einem Samstagmorgen bei Tageslicht!<\/p>\n<p>Nach der Tat geht die 14-J\u00e4hrige zur U-Bahn, f\u00e4hrt zur Hoheluftbr\u00fccke. Doch ihr Vergewaltiger l\u00e4sst noch immer nicht von ihr ab, stellt ihr weiter nach. Jetzt geht sie schlie\u00dflich zu einer Tankstelle und bittet um Hilfe. Selbst jetzt noch weicht ihr Peiniger nicht von ihr, bis schlie\u00dflich die Polizei kommt und den Mann verhaftet. Ein Atemalkoholtest ergibt, dass er \u00fcber 2,2 Promille Alkohol im Blut hat. Doch wer ist dieser Mann?<\/p>\n<p>Der mutma\u00dfliche Vergewaltiger ist der Polizei, wie sich inzwischen herausstellte, bestens bekannt. Sein Name lautet Mansor S. Er soll 30 Jahre alt sein und stammt aus Afghanistan. Geboren wurde er in Kabul, kam 2011 nach Deutschland.<br \/>\nUnd der Afghane ist den Strafverfolgungsbeh\u00f6rden wegen diverser Delikte bestens vertraut. Insgesamt umfasste sein Strafregister bereits neun Eintr\u00e4ge. Die Bandbreite reicht hierbei von Beleidigung bis Diebstahl und K\u00f6rperverletzung. Und nun halten Sie sich bitte fest! Achtmal kam Mansor S. mit einer Geldstrafe davon. Achtmal! Dabei ist er ja erst seit sieben Jahren in Deutschland.<br \/>\nBeim neunten Mal wurde er dann endlich einmal zu einer Freiheitsstrafe verurteilt. Im April 2016 hat der Afghane einen Mann im Streit mit einer schweren, stumpfen Eisenstange schwer verletzt, ihn damit blutig geschlagen. Aber wieso ist er denn dann \u00fcberhaupt auf freiem Fu\u00df, werden Sie jetzt vielleicht denken. Wieso kann er einem 14-j\u00e4hrigen M\u00e4dchen nachstellen und es vergewaltigen?<\/p>\n<p>Nun, die Freiheitsstrafe bei der neunten Verurteilung wurde auf Bew\u00e4hrung ausgesetzt. Was eine Bew\u00e4hrungsstrafe f\u00fcr einen Afghanen bedeutet, werden Sie sich vorstellen k\u00f6nnen. Er wird wahrscheinlich gar nicht verstehen, was das ist, und wird nur fragen: \u201eMuss ich jetzt ins Gef\u00e4ngnis? Wird mir etwas abgehackt?\u201c Und dann wird die Antwort lauten: \u201eNein, dir wird nichts abgehackt und du musst nichts ins Gef\u00e4ngnis, aber du darfst jetzt nichts mehr anstellen.\u201c<\/p>\n<p>Drei Jahre Freiheitsstrafe? Ach, da gehen wir erstmal in Revision!<br \/>\nMit dem Nichts-anstellen hielt Mansor S. es aber nicht sehr lange durch. Warum sollte er auch, wenn er neun Straftaten begeht, bei denen er angezeigt, erwischt, vor Gericht gestellt und abgeurteilt wurde, ohne dass ihm je etwas geschah? Von all den F\u00e4llen, in denen er etwas anstellte und nicht erwischt oder angezeigt wurde, k\u00f6nnen wir ja nur mutma\u00dfen.<\/p>\n<p>Nur wenige Monate nach seiner neunten Verurteilung, einer Freiheitsstrafe auf Bew\u00e4hrung, kommt es bereits zum zehnten polizeilich erfassten Delikt. Im September 2016 soll er einen Raub begangen haben, also einen Diebstahl mit Androhung von Gewalt oder mit Gewaltaus\u00fcbung. Und nun gab es keine Bew\u00e4hrungsstrafe. Aber wieso war er denn dann auf freiem Fu\u00df und hat das M\u00e4dchen vergewaltigen k\u00f6nnen, werden Sie jetzt bestimmt fragen. Ist er aus dem Gef\u00e4ngnis ausgebrochen. Nein, das brauchte er gar nicht.<\/p>\n<p>Im M\u00e4rz 2017 hat der Richter zwar entschieden: drei Jahre Freiheitsstrafe ohne Bew\u00e4hrung!, aber nun ging unser Herr Mansor S. in Revision. Daher ist das Urteil, jetzt fast zwei Jahre nach der Tat, noch immer nicht rechtskr\u00e4ftig. Und deshalb war der Afghane, der bei diesem Strafregister wahrscheinlich schon gar nicht mehr so genau wusste, um was es da in diesem Prozess eigentlich ging, noch immer auf freiem Fu\u00df.<\/p>\n<p>Irgendwann kam aber immerhin die Ausl\u00e4nderbeh\u00f6rde mal auf die Idee, man k\u00f6nnte den dauerkriminellen Immigranten ja vielleicht abschieben und stellte also einen Antrag auf Abschiebung. Nun aber, nach diesem Strafma\u00df legte die Staatsanwaltschaft ihr Veto ein.<br \/>\n\u201eAngesichts der H\u00f6he der gegen den Beschuldigten verh\u00e4ngten, nicht rechtskr\u00e4ftigen Strafe haben wir uns daf\u00fcr entschieden, der Strafverfolgung den Vorrang vor der Abschiebung zu geben\u201c, sagt Carsten Rinio, Sprecher der Staatsanwaltschaft, gegen\u00fcber der Hamburger Morgenpost. Bis Anfang 2018 wiederholte sich dieser Vorgang etliche Male. Die Ausl\u00e4nderbeh\u00f6rde stellte einen Antrag auf Abschiebung, die Staatsanwaltschaft legte ihr Veto ein. So kam es, dass Mansor S. a) am Samstagmorgen noch immer in Deutschland war und b) auf freiem Fu\u00df. Beides war f\u00fcr die 14-J\u00e4hrige eher ung\u00fcnstig.<br \/>\nNun soll der Afghane aber dingfest gemacht sein. Er sitze derzeit in U-Haft. Und dieses Mal ist er hoffentlich nicht bald wieder in der Innenstadt von Hamburg unterwegs, denn laut Staatsanwaltschaft bestehe \u201eakute Fluchtgefahr\u201c. Ach, ist das nicht beruhigend, wie tadellos unsere Sicherheits- und Strafverfolgungsbeh\u00f6rden arbeiten?! Wir leben ja schlie\u00dflich, wie die CDU nicht m\u00fcde wird zu versichern, im besten \u2013 und ich m\u00f6chte erg\u00e4nzen: auch im sichersten \u2013 Deutschland, das es je gab. Bravo!<br \/>\n&#8230; Alles von J\u00fcrgen Fritz.vom 14.8.2018 bitte lesen auf<br \/>\n<a href=\"https:\/\/juergenfritz.com\/2018\/08\/14\/hh-14-jaehrige-vergewaltigt\/\">https:\/\/juergenfritz.com\/2018\/08\/14\/hh-14-jaehrige-vergewaltigt\/<\/a><\/p>\n<p>&nbsp;<\/p>\n<p>&nbsp;<\/p>\n<p><strong>Afrikanischer Asylbewerber terrorisiert Autohaus<\/strong><\/p>\n<p><em>Filialleiter: \u201eUnbegreiflich, dass so ein Mann frei herumlaufen kann\u201c<\/em><br \/>\nDie Vorf\u00e4lle um einen gewaltt\u00e4tigen afrikanischen Asylbewerber in der Region Unna-Fr\u00f6ndenberg, NRW, besch\u00e4ftigen die dortigen Einwohner und die Medien.<br \/>\nDer junge afrikanischer Asylbewerber fiel schon am 31. Juli auf, weil er ein Dienstauto der Stadt Fr\u00f6ndenberg in Nordrhein-Westfalen schwer besch\u00e4digt hatte. Davon kursiert auch ein Video in den Sozialen Netzwerken. Darin sieht man, wie der Afrikaner einen gro\u00dfen Feldstein zum betreffenden Auto schleppt und ihn gegen das Fahrzeug schleudert. Das Auto ist am Ende schwer besch\u00e4digt. Der Afrikaner wurde sp\u00e4ter durch die Polizei mitgenommen, war jedoch unverz\u00fcglich wieder auf freiem Fu\u00df, berichtet der \u201eRundblick Unna\u201c.<\/p>\n<p>Am Mittwoch, dem 1. August, ging der 23-j\u00e4hrige Mann in ein Autohaus in der Stadt Unna und zeigte sich an einem \u00fcber 50.000 Euro teuren Auto interessiert, das er schlie\u00dflich kaufen wollte. Jedoch konnte er keinen Personalausweis, sondern nur einen Duldungsbescheid vorweisen, woraufhin ihm der Kauf des Fahrzeugs verwehrt wurde. Neben der Duldung gab der Mann dem Verk\u00e4ufer auch eine Telefonnummer vom Fl\u00fcchtlingspatenkreis Unna, schildert der \u201eRundblick Unna\u201c. Der Verk\u00e4ufer rief dort an und erfuhr, dass der Afrikaner in Fr\u00f6ndenberg als Asylbewerber gemeldet sei und er zu Gewaltt\u00e4tigkeit neigte, er solle deshalb ruhig und freundlich bleiben. Der Verk\u00e4ufer reagierte anscheinend besonnen und so verlie\u00df der Afrikaner ohne Vorkommnisse das Autohaus.<\/p>\n<p><em>Doch der Afrikaner kam wieder \u2026<\/em><br \/>\nTags darauf ist er allerdings wieder da und m\u00f6chte wieder ein Auto kaufen. Ihm wird erneut erkl\u00e4rt, warum dies nicht m\u00f6glich ist \u2013 der Fl\u00fcchtlingspatenschaftskreis aus Unna holt ihn schlie\u00dflich ab.<br \/>\nFreitagvormittag zun\u00e4chst das gleiche \u201eSpiel\u201c, er kommt zum Autohaus, besteht wiederum auf dem Kauf des 50.000 Euro Fahrzeugs, das er mit Spielgeld bezahlen m\u00f6chte. Auch dieses Mal wird ihm erkl\u00e4rt, warum dies nicht geht. Daraufhin beginnt der Afrikaner den Autohaus-Mitarbeiter zu beleidigen und mit Schimpfw\u00f6rtern zu attackieren. Der Afrikaner wird aufgefordert, das Autohaus zu verlassen, verl\u00e4sst es auch geht allerdings direkt zu einem Gebrauchtwagen und tritt mehrfach gegen die Sto\u00dfstange. Schadensh\u00f6he laut Autohaus: 2.000 bis 3.000 Euro.<br \/>\nDie Polizei wird gerufen und nimmt den aggressiven Afrikaner mit. Er bekommt eine Anzeige und Hausverbot. Bis 20 Uhr soll er in der Zelle sitzen, hei\u00dft es von den Beamten laut dem Filialeiter Markus Gr\u00fcner.<\/p>\n<p>18:30 Uhr ist der wieder beim Autohaus \u2013 die Polizei wird abermals gerufen. Sie erteilt dem Afrikaner einen Platzverweis, notiert Hausfriedensbruch. Der 23-J\u00e4hrige wartet an einem Baum nahe des Autohauses, bis die Beamten weggefahren sind. Der Filialleiter schilderte, dass dann der Mann \u2013 nach circa 20 Minuten \u2013 auf dem Nachbargrundst\u00fcck einen schweren Sperrpfosten aus Metall herausrei\u00dft und auf vier seiner Mitarbeiter losst\u00fcrmt, die gerade das Autohaus verlassen.<\/p>\n<p><em>Afrikaner nutzt Sperrpfosten als Rammbock, um Scheibe zu zertr\u00fcmmern<\/em><br \/>\nDie Mitarbeiter sehen den Afrikaner und fl\u00fcchten durch den Seiteneingang zur\u00fcck ins Geb\u00e4ude. Daraufhin st\u00f6\u00dft der Asylbewerber den Pfosten wie einen Rammbock gegen die Scheibe, die der Attacke dank Sicherheitsglas standh\u00e4lt. Falls die Scheibe zerbrochen w\u00e4re, w\u00e4ren schwere bis hin zu lebensgef\u00e4hrlichen Verletzungen bei den Mitarbeitern nicht auszuschlie\u00dfen. \u201eEr h\u00e4tte sie t\u00f6ten k\u00f6nnen\u201c, so der Filialleiter w\u00f6rtlich.<\/p>\n<p>Die Polizei kommt erneut und nimmt den Afrikaner wieder mit. \u201eMir war klar: Samstagmorgen um 8 Uhr ist er wieder raus\u201c, erz\u00e4hlt der Autohauschef dem \u201eRundblick Unna\u201c. Der Filialleiter organisiert f\u00fcr die n\u00e4chsten Tage einen Wachdienst. Samstag steht der 23-J\u00e4hrige dann tats\u00e4chlich wieder vor der T\u00fcr.<br \/>\nDie Polizei wird erneut gerufen und bringt ihn, da er wohl doch eine gewisse Gefahr f\u00fcr die \u00f6ffentliche Sicherheit darstellt, in die LWL-Klinik Dortmund-Aplerbeck \u2013 allerdings nur vor\u00fcbergehend, f\u00fcr eine l\u00e4ngerfristige Zwangsunterbringung liegen die gesetzlichen H\u00fcrden hoch, so hei\u00dft es anscheinend seitens der Polizei. Ihr fehle offenbar in solchen F\u00e4llen die n\u00f6tige Handhabe. Muss sie wirklich buchst\u00e4blich so lange warten, bis eine so schwere Straftat ver\u00fcbt wird, dass ein Richter Haftgr\u00fcnde sieht?<\/p>\n<p><em>Nach drei Tagen \u2013 Entlassung aus der Klinik<\/em><br \/>\nDrei Tagen sp\u00e4ter ist der Asylbewerber aus der Klinik wieder entlassen. Gr\u00fcner und seine Autohaus-Mitarbeiter bereiten sich darauf vor, dass der Afrikaner wieder auftaucht. Ein Wachdienst ist vor Ort.<br \/>\nAm Freitagmorgen ist er dann tats\u00e4chlich wieder da und will wieder ein Auto kaufen. Mit 10 Polizisten, hei\u00dft es in dem Artikel im \u201eRundblick Unna\u201c: \u201ewird der ungebetene aggressive Dauerbesucher in Schach gehalten\u201c. Dann wird er in Handschellen abgef\u00fchrt. Dabei erf\u00e4hrt der Filialleiter, dass der junge Mann am Abend circa gegen 19 Uhr wieder auf freiem Fu\u00df sein wird.<br \/>\nDamit war das Ma\u00df f\u00fcr den Autohauschef voll und er sah sich gezwungen, an die \u00d6ffentlichkeit zu gehen. \u201eEin Mensch, der mit einem schweren Poller auf die Mitarbeiter losgeht, sie k\u00f6rperlich bedroht, dass so jemand weiter frei herumlaufen kann \u2013 das ist f\u00fcr mich unbegreiflich.\u201c F\u00fcr ihn \u201eist nicht nachvollziehbar, was hier m\u00f6glich ist\u201c, so der Autohauschef Gr\u00fcner.<\/p>\n<p><em>Stadt und Polizei zeigen sich hilflos \u2013 dabei gibt es M\u00f6glichkeiten<\/em><br \/>\nDie Stadt Unna und Fr\u00f6ndenbergs B\u00fcrgermeister seien \u00fcber die Situation im Bilde, sagt Gr\u00fcner, doch seien ihnen \u00e4hnlich die H\u00e4nde gebunden wie der Polizei. Dabei gibt es Handlungsm\u00f6glichkeiten. Bereits in der Vergangenheit habe das Bundesverfassungsgericht deutlich gemacht, dass das Asylrecht unter den Einschr\u00e4nkungsvorbehalten anderer Verfassungsnormen steht. Daher kann das Asylrecht, wenn es in Konflikt mit anderen Verfassungsnormen stehe, ohne Weiteres beschr\u00e4nkt werden. Ein Einschr\u00e4nkungsvorbehalt ist z. B. Kriminalit\u00e4t. Aufgrund kriminellen Verhaltens kann ein Asylantrag abgelehnt werden bzw. ein Aufenthaltstitel entzogen werden.<br \/>\nDies gilt ebenso, wenn die \u00f6ffentliche Sicherheit gef\u00e4hrdet ist. Auch in diesem Fall kann Artikel 16a des Grundgesetzes eingeschr\u00e4nkt werden. Sollte es dann Schwierigkeiten bei der Abschiebung wegen eines fehlenden Passes geben, k\u00f6nnen Befragungen im Umfeld des Asylbewerbers neue Erkenntnisse bringen.<br \/>\nZudem k\u00f6nnen Fachdolmetscher, die anhand von Dialekt und Aussprache des Asylbewerbers Hinweise zur Herkunft dieses Menschen geben k\u00f6nnen, in einen Feststellungsprozess zur Herkunft des Asylbewerbers eingebunden werden. Sie k\u00f6nnen helfen, das Heimatland zu bestimmen, damit anschlie\u00dfend Kontakt zur betreffenden Botschaft aufgenommen werden kann.<\/p>\n<p>Dauerhafte Einweisung durch ein Betreuungsgericht m\u00f6glich<br \/>\nDie andere M\u00f6glichkeit ist eine dauerhafte station\u00e4re Unterbringung des Mannes. Dies ist m\u00f6glich, wenn die \u00f6ffentliche Sicherheit gef\u00e4hrdet ist, oder wenn der betreffenden Person geholfen werden muss, weil sie allein nicht mehr zurechtkommt. Dazu m\u00fcsste ein Betreuungsgericht einen Antrag auf station\u00e4re Verwahrung der Person stellen.<br \/>\nAuch das Stellen einer Person unter rechtliche Betreuung (fr\u00fcher Vormundschaft) ist m\u00f6glich, wenn offensichtlich ist, dass ein Mensch nicht angemessen mit Beh\u00f6rden und Mitmenschen richtig umgehen kann bzw. nicht rechtlich nachvollziehbare Handlungen durchf\u00fchren kann. Dadurch k\u00f6nnte dieser Mensch einen Betreuer zugewiesen bekommen, der die betreffende Person juristisch vertritt. Dieser Betreuer k\u00f6nnte daraufhin u. a., wenn das Verhalten seines Zubetreuenden eine Gefahr f\u00fcr die \u00d6ffentlichkeit darstellt, ebenfalls einen Antrag beim Betreuungsgericht auf dauerhafte Einweisung in eine psychiatrische Klinik einreichen.<br \/>\n&#8230;. Alles vom 12.8.2018 bitte lesen auf<br \/>\n<a href=\"https:\/\/www.rundblick-unna.de\/\">https:\/\/www.rundblick-unna.de\/<\/a> sowie<br \/>\n<a href=\"https:\/\/www.epochtimes.de\/politik\/deutschland\/asylbewerber-terrorisiert-autohaus-filialleiter-unbegreiflich-dass-so-ein-mann-frei-herumlaufen-kann-a2597351.html?text=1\">https:\/\/www.epochtimes.de\/politik\/deutschland\/asylbewerber-terrorisiert-autohaus-filialleiter-unbegreiflich-dass-so-ein-mann-frei-herumlaufen-kann-a2597351.html?text=1<\/a><br \/>\n.<\/p>\n<p><strong>Wir sind schuld<\/strong><br \/>\nDas ist bestimmt ein Einzellfall und jetzt darf kein Generalverdacht gegen Gefl\u00fcchtete, Schutzsuchende, Migranten und Fl\u00fcchtlinge entstehen!<br \/>\nVielleicht sollten wir es ihm einmal richtig erkl\u00e4ren, dann macht er so was auch nicht &#8211; WIR haben es IHM einfach noch nicht richtig erkl\u00e4rt &#8211; wir sind Schuld an diesem Verhalten!<br \/>\n13.8.2018, Sorgenvolle, ETO<br \/>\n.<br \/>\n<strong>K\u00f6nnte ich als deutsche Frau auch solche Untaten tun?<\/strong><br \/>\nIch frage mich immer, wenn ich \u00fcber solche Untaten lese, was w\u00fcrde passieren, wenn ich so etwas oder \u00e4hnliches tun w\u00fcrde. W\u00fcrde man mich auch einfach so laufen lassen?<br \/>\nIch bin eine deutsche Frau, ohne Vorstrafen und psychischen Problemen und zahle Steuern und bekomme keine erg\u00e4nzende Leistungen vom Staat. Wahrscheinlich w\u00fcrde man mich hart bestrafen und ich m\u00fcsste den Schaden bezahlen.<br \/>\nW\u00e4re ich ein Fl\u00fcchtling, ohne eigenes Einkommen, mit Alkohol und Drogen Problemen, polizeibekannt, dann kann ich machen was ich will und werde nicht behelligt.<br \/>\nWarum ist das blo\u00df so?<br \/>\n13.8.2018, Dora Stein, ETO<br \/>\n.<br \/>\n<strong>Unna hat gew\u00e4hlt &#8230;.<\/strong><br \/>\n\u00bbWussten Sie zum Beispiel, dass &#8230;<br \/>\n&#8211; in Deutschland derzeit 150000 Haftbefehle gegen Menschen, die eigentlich im Gef\u00e4ngnis sitzen m\u00fcssten, nicht vollstreckt sind?<br \/>\n&#8211; das BKA die Straftaten von 600000 Fl\u00fcchtlingen vertuscht hat?\u00ab<br \/>\nAus der Neuerscheinung \u00bbDie Destabilisierung Deutschlands\u00ab aus der Feder des Ex-Polizeibeamten Stefan Schubert&#8230;.<br \/>\nWarum die Aufregung? Er wollte sich nur abholen, was sein Fluchthelfer ihm versprach. Ein Auto nach seiner Wahl. Was muss passieren, um die Vernunft wieder einkehren zu lassen? Wahrscheinlich nichts, denn der Migrant hat nur sein Recht eingefordert. Die Versicherungen bezahlen und die Beitr\u00e4ge werden erh\u00f6ht. Ganz einfach. Man fasst sich langsam an den Kopf, wie verbl\u00f6det unsere Parteien sind.<\/p>\n<p>Unna<br \/>\nSPD 41,31 %<br \/>\nCDU 29,99 %<br \/>\nFDP 8,34 %<br \/>\nGr\u00fcne 7,6 %<br \/>\nAFD 5,77 %<br \/>\nalso ich hoffe, dass Unna &#8230; das t\u00e4glich erleben kann, aber mehrfach.<br \/>\nLilo Ludwig, ETO<\/p>\n","protected":false},"excerpt":{"rendered":"<p>Home &gt;Selbsthilfe &gt;Soziales\u00a0&gt;Justiz\u00a0&gt;Justizversagen &nbsp; Listenauswahl eines Beitrags: Bitte anklicken oder runterscrollen Filipp (16) totgepr\u00fcgelt: Ein Jahr Bew\u00e4hrung f\u00fcr Angeklagten\u00a0(25.2.2026) \u00c4rztin Dr Witzschel Haft Kennedy\u00a0(25.2.2026) Die Juristerei unterliegt dem Zeitgeist: Kaiser, Weimar, BRD, DDR, EU\u00a0(10.3.2025) Wie der Verfassungsschutz den demokratischen Diskurs &hellip; <a href=\"https:\/\/www.freiburg-schwarzwald.de\/blog\/selbsthilfe\/soziales\/justiz\/justizversagen\/\">Weiterlesen <span class=\"meta-nav\">&rarr;<\/span><\/a><\/p>\n","protected":false},"author":2,"featured_media":0,"parent":5244,"menu_order":0,"comment_status":"open","ping_status":"closed","template":"","meta":{"footnotes":""},"class_list":["post-67883","page","type-page","status-publish","hentry"],"_links":{"self":[{"href":"https:\/\/www.freiburg-schwarzwald.de\/blog\/wp-json\/wp\/v2\/pages\/67883","targetHints":{"allow":["GET"]}}],"collection":[{"href":"https:\/\/www.freiburg-schwarzwald.de\/blog\/wp-json\/wp\/v2\/pages"}],"about":[{"href":"https:\/\/www.freiburg-schwarzwald.de\/blog\/wp-json\/wp\/v2\/types\/page"}],"author":[{"embeddable":true,"href":"https:\/\/www.freiburg-schwarzwald.de\/blog\/wp-json\/wp\/v2\/users\/2"}],"replies":[{"embeddable":true,"href":"https:\/\/www.freiburg-schwarzwald.de\/blog\/wp-json\/wp\/v2\/comments?post=67883"}],"version-history":[{"count":6,"href":"https:\/\/www.freiburg-schwarzwald.de\/blog\/wp-json\/wp\/v2\/pages\/67883\/revisions"}],"predecessor-version":[{"id":146547,"href":"https:\/\/www.freiburg-schwarzwald.de\/blog\/wp-json\/wp\/v2\/pages\/67883\/revisions\/146547"}],"up":[{"embeddable":true,"href":"https:\/\/www.freiburg-schwarzwald.de\/blog\/wp-json\/wp\/v2\/pages\/5244"}],"wp:attachment":[{"href":"https:\/\/www.freiburg-schwarzwald.de\/blog\/wp-json\/wp\/v2\/media?parent=67883"}],"curies":[{"name":"wp","href":"https:\/\/api.w.org\/{rel}","templated":true}]}}