{"id":67865,"date":"2018-08-13T10:16:20","date_gmt":"2018-08-13T08:16:20","guid":{"rendered":"https:\/\/www.freiburg-schwarzwald.de\/blog\/?page_id=67865"},"modified":"2026-08-04T21:08:50","modified_gmt":"2026-08-04T19:08:50","slug":"wehrdienst","status":"publish","type":"page","link":"https:\/\/www.freiburg-schwarzwald.de\/blog\/engagement\/zukunft\/demokratie\/wehrdienst\/","title":{"rendered":"Wehrdienst"},"content":{"rendered":"<p><a href=\"https:\/\/www.freiburg-schwarzwald.de\/blog\">Home<\/a>\u00a0&gt;<a title=\"Engagement\" href=\"https:\/\/www.freiburg-schwarzwald.de\/blog\/engagement\/\">Engagement<\/a>\u00a0&gt;<a title=\"Zukunft\" href=\"https:\/\/www.freiburg-schwarzwald.de\/blog\/engagement\/zukunft\/\">Zukunft<\/a>\u00a0&gt;<a title=\"Demokratie\" href=\"https:\/\/www.freiburg-schwarzwald.de\/blog\/engagement\/zukunft\/demokratie\/\">Demokratie<\/a>\u00a0&gt;Wehrdienst<\/p>\n<p><a href=\"https:\/\/www.freiburg-schwarzwald.de\/blog\/engagement\/zukunft\/demokratie\/faschismus\/dreisam-hitze-baden-pan20180720\/\" rel=\"attachment wp-att-67767\"><img loading=\"lazy\" decoding=\"async\" class=\"size-full wp-image-67767\" src=\"https:\/\/www.freiburg-schwarzwald.de\/blog\/wp-content\/uploads\/2018\/08\/dreisam-hitze-baden-pan20180720.jpg\" alt=\"Sommerhitze Juli 2018 - Wenig Wasser zum Baden in der Dreisam\" width=\"638\" height=\"272\" srcset=\"https:\/\/www.freiburg-schwarzwald.de\/blog\/wp-content\/uploads\/2018\/08\/dreisam-hitze-baden-pan20180720.jpg 638w, https:\/\/www.freiburg-schwarzwald.de\/blog\/wp-content\/uploads\/2018\/08\/dreisam-hitze-baden-pan20180720-180x76.jpg 180w\" sizes=\"auto, (max-width: 638px) 100vw, 638px\" \/><\/a><\/p>\n<p>Sommerhitze Juli 2018 &#8211; Wenig Wasser zum Baden in der Dreisam<\/p>\n<p>&nbsp;<\/p>\n<ul>\n<li><em>Listenauswahl eines Beitrags: Bitte\u00a0<span style=\"text-decoration: underline;\">anklicken<\/span>\u00a0oder runterscrollen<\/em><\/li>\n<li><a href=\"https:\/\/www.freiburg-schwarzwald.de\/blog\/engagement\/zukunft\/krieg\/bundeswehr\/\">Bundeswehr Gel\u00f6bnis 20.7.2026<\/a> (1.8.2026)<\/li>\n<li><a href=\"https:\/\/www.freiburg-schwarzwald.de\/blog\/jugend-gegen-wehrdienst\/\">Jugend gegen Wehrdienst<\/a> (12.3.2026)<\/li>\n<li><a href=\"https:\/\/www.freiburg-schwarzwald.de\/blog\/engagement\/zukunft\/krieg\/bundeswehr\/bundeswehr-jugend\/\">F\u00fcr ein mieses St\u00fcck Schei\u00dfe sterben?<\/a> (18.12.2025)<\/li>\n<li>Schulstreik: Frieden und Freiheit gibt es nicht zu Nulltarif (15.12.2025)<\/li>\n<li><a href=\"https:\/\/www.freiburg-schwarzwald.de\/blog\/engagement\/zukunft\/krieg\/wehrhaftigkeit\/\">Streit um Wehrpflicht \u2013 Der Anruf der Nation<\/a>\u00a0(12.12.2025)<\/li>\n<li><a href=\"https:\/\/www.freiburg-schwarzwald.de\/blog\/engagement\/zukunft\/krieg\/armee\/\">Lehrerzimmer: Mit Sch\u00fclern \u00fcber Krieg und Frieden reden<\/a>\u00a0(8.12.2025)<\/li>\n<li>Jeder 6. Wehrpflichtige ist nur noch Passdeutscher (18.11.2025)<\/li>\n<li>Anabel Schunke will echte deutsche M\u00e4nner im Sch\u00fctzengraben \u2013 doch wer verteidigt den Tr\u00fcmmerhaufen? (14.11.2025)<\/li>\n<li>Zwei Probleme trennen: Wehrpflicht\/Drohnen und Ukrainekrieg (6.10.2025)<\/li>\n<li>Die Deutschen m\u00fcssen zur Not zum Wehrdienst gezwungen werden (19.8.2025)<\/li>\n<li>Zum Wehrdienst der Bundestagsabgeordneten: Wieviel % haben gedient? (3.7.2025)<\/li>\n<li>Nur jeder Dritte zu Milit\u00e4rdienst bereit (1.7.2025)<\/li>\n<li><a href=\"https:\/\/www.freiburg-schwarzwald.de\/blog\/engagement\/zukunft\/krieg\/wehrhaftigkeit\/\">Das Problem mit der Wehrpflicht: Wof\u00fcr k\u00e4mpfen wir eigentlich?<\/a>\u00a0(27.6.2025)<\/li>\n<li>Ein Land f\u00fcr das man k\u00e4mpft (10.8.2018)<\/li>\n<li>Nur 18% der Deutschen w\u00fcrden f\u00fcr ihr Land k\u00e4mpfen (24.6.2015)<\/li>\n<li><\/li>\n<li><a href=\"https:\/\/www.freiburg-schwarzwald.de\/blog\/engagement\/zukunft\/krieg\/armee\/\">Armee<\/a><\/li>\n<li><a href=\"https:\/\/www.freiburg-schwarzwald.de\/blog\/engagement\/zukunft\/krieg\/bundeswehr\/\">Bundeswehr<\/a><\/li>\n<li><a title=\"Grundgesetz\" href=\"https:\/\/www.freiburg-schwarzwald.de\/blog\/engagement\/zukunft\/demokratie\/grundgesetz\/\">Grundgesetz<\/a><\/li>\n<li><a title=\"Konservativ\" href=\"https:\/\/www.freiburg-schwarzwald.de\/blog\/engagement\/zukunft\/demokratie\/konservativ\/\">Konservativ<\/a><\/li>\n<li><a title=\"Nationalismus\" href=\"https:\/\/www.freiburg-schwarzwald.de\/blog\/engagement\/zukunft\/demokratie\/nationalismus\/\">Nationalismus<\/a><\/li>\n<li><a title=\"Ordnung\" href=\"https:\/\/www.freiburg-schwarzwald.de\/blog\/engagement\/zukunft\/demokratie\/ordnung\/\">Ordnung<\/a><\/li>\n<li><a title=\"Patriotismus\" href=\"https:\/\/www.freiburg-schwarzwald.de\/blog\/engagement\/zukunft\/demokratie\/patriotismus\/\">Patriotismus<\/a><\/li>\n<li><a title=\"Rechtsstaat\" href=\"https:\/\/www.freiburg-schwarzwald.de\/blog\/selbsthilfe\/soziales\/justiz\/rechtsstaat\/\">Rechtsstaat<\/a><\/li>\n<li><a title=\"Sozialstaat\" href=\"https:\/\/www.freiburg-schwarzwald.de\/blog\/selbsthilfe\/soziales\/sozialstaat\/\">Sozialstaat<\/a><\/li>\n<li><a title=\"Staatsbuergerschaft\" href=\"https:\/\/www.freiburg-schwarzwald.de\/blog\/engagement\/zukunft\/demokratie\/staatsbuergerschaft\/\">Staatsb\u00fcrgerschaft<\/a><\/li>\n<li><a title=\"Staatsversagen\" href=\"https:\/\/www.freiburg-schwarzwald.de\/blog\/engagement\/zukunft\/demokratie\/staatsversagen\/\">Staatsversagen<\/a><\/li>\n<li><a title=\"Steuern\" href=\"https:\/\/www.freiburg-schwarzwald.de\/blog\/engagement\/verbraucher\/steuern\/\">Steuern<\/a><\/li>\n<li><a title=\"Toleranz\" href=\"https:\/\/www.freiburg-schwarzwald.de\/blog\/engagement\/zukunft\/demokratie\/toleranz\/\">Toleranz<\/a><\/li>\n<li><a title=\"Volk\" href=\"https:\/\/www.freiburg-schwarzwald.de\/blog\/engagement\/zukunft\/demokratie\/volk\/\">Volk<\/a><\/li>\n<li><a href=\"https:\/\/www.freiburg-schwarzwald.de\/blog\/engagement\/zukunft\/krieg\/wehrhaftigkeit\/\">Wehrhaftigkeit<\/a><\/li>\n<li><a title=\"Zukunftsfaehiges-Deutschland\" href=\"https:\/\/www.freiburg-schwarzwald.de\/blog\/engagement\/zukunft\/zukunftsfaehiges-deutschland\/\">Zukunftsf\u00e4higes Deutschland<\/a><\/li>\n<\/ul>\n<p>&#8222;Falls die Einf\u00fchrung der Wehrpflicht und die Stationierung neuer Mittelstreckenraketen nicht zu verhindern ist, werden wir historisch wieder zur\u00fcckgeworfen wie bei den gro\u00dfen Niederlagen, die die Friedensbewegung mit der Remilitarisierung in den 50er-Jahren und der Raketenstationierung von 1984 hinnehmen musste.&#8220;<br \/>\n3.10.2025, Friedenslauf, <a href=\"https:\/\/www.nachdenkseiten.de\/?p=139926\">https:\/\/www.nachdenkseiten.de\/?p=139926<\/a><br \/>\n.<br \/>\nDie erste Lotterie, bei der keiner den Hauptgewinn will, ist die Lotterie zur Wehrpflicht. Wir sind \u00fcberzeugt: Ein Losgewinn sollte ein Plus im Leben sein \u2013 etwas, das man sich w\u00fcnscht und nicht f\u00fcrchtet. Kein Zwang, kein Drill, keine Befehle oder Liegest\u00fctze. 1.11.2025<br \/>\n.<br \/>\nJeder sechste junge Mann mu\u00df nicht zur Musterung,<br \/>\nweil er keinen deutschen Pass hat.<br \/>\n.<br \/>\nIn der Diskussion:<br \/>\n<em><strong>Allgemeine Dienstpflicht f\u00fcr junge M\u00e4nner und Frauen<br \/>\nmit der freiwilligen Option zum Wehrdienst<\/strong><\/em><br \/>\n==============================================================<br \/>\n.<\/p>\n<p><strong>Schulstreik: Frieden und Freiheit gibt es nicht zu Nulltarif<\/strong><br \/>\nIch kann es nicht mehr h\u00f6ren: Unsere Jugend leidet an der Staatsverschuldung, an der Klimakrise, an den Corona-Folgen, an der Belastung durch Rentenbeitr\u00e4ge und zuletzt soll die Jugend auch noch die Generation \u00dc50 verteidigen (Wehrpflicht!).<\/p>\n<p>Ich sage dagegen: Unsere Jugend lebt in einem freien Land in Frieden, kann denken und sagen, was Sie will. Die Bildung ist einschlie\u00dflich Hochschulabschluss kostenfrei. Man kann jeden Beruf erlernen, den man sich w\u00fcnscht, man kann jederzeit reisen, wohin man will, und man kann jederzeit zum Arzt gehen. All diese Freiheiten sind nicht selbstverst\u00e4ndlich und wurden durch die Generation \u00dc50 erm\u00f6glicht und auch gesch\u00fctzt. Die meisten haben selbstverst\u00e4ndlich einen Dienst geleistet (Wehrdienst oder Zivildienst). Hintergrund war vor allem der &#8222;Kalte Krieg&#8220;. Seinerzeit standen an der innerdeutschen Grenze auf jeder Seite jeweils 500.000 Soldaten, allein mitten in Deutschland. Nein, das war nicht sch\u00f6n und es war auch be\u00e4ngstigend. Leider ist die Welt, trotz unserer aller Hoffnung, nicht besser geworden. Frieden und Freiheit gibt es nicht zu Nulltarif, und vor allem nicht auf Kosten anderer. Also, die Jugend verteidigt gegebenenfalls nicht die Generation \u00dc50, sondern unsere und vor allem die eigene Art zu leben in einer freien Gesellschaft. Naturgem\u00e4\u00df profitiert davon n\u00e4mlich die Jugend selbst am meisten, sie hat das Leben noch vor sich.<\/p>\n<p>Deshalb bin ich <em><strong>f\u00fcr eine allgemeine Dienstpflicht f\u00fcr junge M\u00e4nner und Frauen mit der freiwilligen Option zum Wehrdienst<\/strong><\/em>. Ich denke, bei dieser Pflicht wird es automatisch auch genug Freiwillige geben, die sich f\u00fcr den Wehrdienst entscheiden. Zu demonstrieren und am besten gar keinen Dienst an der Gesellschaft leisten, nein, daf\u00fcr habe ich kein Verst\u00e4ndnis.<br \/>\n15.12.2025, Paul J\u00e4ger, Denzlingen, BZ<\/p>\n<p>&nbsp;<\/p>\n<p><strong>Jeder 6. Wehrpflichtige ist nur noch Passdeutscher<\/strong><br \/>\n<strong>Doppelpass verhindert Integration<\/strong><br \/>\nDie inzwischen an keinerlei Integrationsbereitschaft (mittlerweile nicht einmal mehr basale Sprachf\u00e4higkeit) gekn\u00fcpfte massenhafte Einb\u00fcrgerung, die immer mehr an Fahrt aufnimmt, sorgt daf\u00fcr, dass in diesem Land eine potentiell kampfbreite Untergrundarmee heranreift \u2013 ausgeblendet von einem linksgr\u00fcnen Milieu tr\u00e4umender Multikulti-Narren, die diese Entwicklung noch f\u00f6rdern und fortgesetzt die innere Sicherheit verraten. Dass nun ungepr\u00fcft jedem, dem der deutsche Pass hinterhergeworfen wurde und weiterhin wird, oder der dank eines hochgradig fragw\u00fcrdigen Doppel- und Mehrfachstaatsb\u00fcrgerrechts die Staatsb\u00fcrgerschaft als eine von mehreren \u201c\u00e0 la carte\u201d aufweist, der Weg in die Streitkr\u00e4fte er\u00f6ffnet wird, k\u00f6nnte sich dereinst als katastrophaler Leichtsinn erweisen.<br \/>\n&#8230;<br \/>\nMenschen, die sich gr\u00f6\u00dftenteils nicht aus Identifikation mit Deutschland haben einb\u00fcrgern lassen, sondern vor allem, um einer Abschiebung in ihre Herkunftsl\u00e4nder zu entziehen und die Vorteile der deutschen Staatsangeh\u00f6rigkeit zu nutzen, werden nun pl\u00f6tzlich zum Wehrdienst herangezogen, womit sie nicht gerechnet haben und was die allermeisten auch kaum freiwillig tun werden. All dies sind keine wilde Spekulation, sondern gesunder Menschenverstand, auf die Gefahr hinzuweisen, dass hier nicht wenige die Chance erkennen d\u00fcrften, sich an der Waffe ausbilden zu lassen, um sie irgendwann gegen das Land, dem sie \u201cdienen\u201d, zu richten, oder um die dort erworbenen F\u00e4higkeiten f\u00fcr eventuellen terroristische Aktivit\u00e4ten zu nutzen.<br \/>\nDer deutschen Politik fliegen nun auch hier ihre eigenen L\u00fcgen um die Ohren. Denn der Doppelpass wird seit Jahren absurderweise als K\u00f6nigsweg zu einer gelingenden Integration verkauft, obwohl er sie in Wahrheit verhindert. Nun kommen pl\u00f6tzlich mehr als berechtigte Zweifel, ob die Rekruten ein Land verteidigen w\u00fcrden, das ihnen bestenfalls gleichg\u00fcltig ist und dessen Werte und Kultur sie schlimmstenfalls hassen. Die Antwort ist nat\u00fcrlich: Im Zweifel nein. Damit zeichnet sich ein weiteres Debakel der wahnwitzigen Migrationspolitik ab \u2013 denn als Folge dieser Erosion des Eigenen, des Heimatgef\u00fchls, der eigenen Identit\u00e4t und Nation sehen zus\u00e4tzlich auch die die meisten Noch-\u201eBiodeutschen\u201c l\u00e4ngst nicht mehr ein, warum sie f\u00fcr ein Land, dessen Politkaste sie nur noch auspl\u00fcndert, das sie bespitzelt, bevormundet und fortgesetzt beleidigt, ihren eigenen Kopf oder den ihrer Kinder riskieren sollten. Am Ende ist kaum noch jemand \u00fcbrig, der sich nicht auf die eine oder andere Weise von Deutschland entfremdet hat \u2013 und weder erkennt noch einsehen,, was daran noch verteidigungswert sein sollte.<br \/>\n,,, Alles vom 18.11.2025 von Daniel Matissek bitte lesen auf<br \/>\n<a href=\"https:\/\/ansage.org\/schon-heute-jeder-6-wehrpflichtige-nur-noch-passdeutscher-wird-die-bundeswehr-zur-islamischen-fremdenlegion\/\">https:\/\/ansage.org\/schon-heute-jeder-6-wehrpflichtige-nur-noch-passdeutscher-wird-die-bundeswehr-zur-islamischen-fremdenlegion\/<\/a><\/p>\n<p>&nbsp;<\/p>\n<p><strong>Anabel Schunke will echte deutsche M\u00e4nner im Sch\u00fctzengraben \u2013 doch wer verteidigt den Tr\u00fcmmerhaufen?<\/strong><br \/>\n&#8230;<br \/>\nAnabel Schunke hat mit ihren angreifenden Posts zwei weitere Debatten angesto\u00dfen: Eine um M\u00e4nnlichkeit und eine um Patriotismus. Nun mag jeder sein individuelles Bild von M\u00e4nnlichkeit haben. F\u00fcr Anabel Schunke muss ein Mann Frau und Land mit der Waffe in der Hand verteidigen k\u00f6nnen und wollen. Sonst sei er kein richtiger Mann, sondern ein Lauch und Lappen.<br \/>\nUnd echte Patrioten sind f\u00fcr die Journalistin nur jene deutschen M\u00e4nner, die sich nicht davor f\u00fcrchten, das Kriegshandwerk, das professionelle T\u00f6ten zur Verteidigung des Eigenen zu erlernen. Zugespitzt: Schunke will M\u00e4nner, die ganz selbstverst\u00e4ndlich \u201edie eigene Heimat\u201c, \u201eden Westen\u201c und \u201edie Freiheit\u201c verteidigen.<br \/>\nDas ist \u00fcbrigens auch mit Blick auf die Masse junger Zuwanderer interessant. Ihnen wird als Gruppe nachgesagt, sie k\u00e4men teilweise aus archaischen Gesellschaften, die viel schneller als Deutsche bereit seien, gewaltt\u00e4tig zu werden, wenn sie sich oder ihre Gruppe angegriffen f\u00fchlen.<br \/>\nAndererseits sind all diese jungen M\u00e4nner auch Kriegsverweigerer \u2013 auf welcher Seite auch immer: Sie haben \u201eNein\u201c dazu gesagt, eine Waffe in die Hand zu nehmen und ihre Heimat zu sch\u00fctzen. Sie haben ihre Heimat aufgegeben, die meisten wollen nie zur\u00fcckkehren. Sie sind also auch Lauch und Lappen?<br \/>\n&#8230; Alles vom 14.11.2025 bitte lesen auf<br \/>\n<a href=\"https:\/\/www.alexander-wallasch.de\/gesellschaft\/anabel-schunke-will-echte-deutsche-maenner-im-schuetzengraben-doch-wer-verteidigt-den-truemmerhaufen\">https:\/\/www.alexander-wallasch.de\/gesellschaft\/anabel-schunke-will-echte-deutsche-maenner-im-schuetzengraben-doch-wer-verteidigt-den-truemmerhaufen<\/a><br \/>\n.<br \/>\n<strong>Anabel Schunke: &#8222;Lauchs wie die linken M\u00e4nner&#8220; als Verteidiger unseres Tr\u00fcmmerhaufens?<\/strong><br \/>\nAnabel Schunke @ainyrockstar<br \/>\n\u201eDeutsche \u201ePatrioten\u201c wieder die ersten, die wegen der Musterungen f\u00fcr M\u00e4nner rumheulen. Erb\u00e4rmliches Lappenpack. Kein patriotischer Amerikaner, Israeli etc. w\u00fcrde das tun. Es geht auch nicht darum, Merz oder diese Regierung zu verteidigen, sondern die eigene Heimat. Den Westen. Die Freiheit. Gibt\u2018s hier eigentlich \u00fcberhaupt noch M\u00e4nner in diesem Land? Frage f\u00fcr eine Freundin.\u201c<br \/>\n13.11.2025, <a href=\"https:\/\/x.com\/ainyrockstar\/status\/1988958013672067462\">https:\/\/x.com\/ainyrockstar\/status\/1988958013672067462<\/a><\/p>\n<p>Anabel Schunke @ainyrockstar<br \/>\n\u201eDieselben M\u00e4nner, die sagen, Frauen sollen beim Thema Wehrpflicht die Schnauze halten, wollen in der Regel dar\u00fcber bestimmen, ob Frauen abtreiben d\u00fcrfen. Der rechte Rand ist einfach so widerlich. Genau solche Lauchs wie die linken M\u00e4nner. Erb\u00e4rmlich. Immer einen auf Patriot und gro\u00dfer Mann machen und dann Frauen im Netz durchbeleidigen und und \u00fcber den b\u00f6sen Feminismus \u00e4tzen, wenn es um die Wehrpflicht geht. Tr\u00fcmmerhaufen in diesem Land. Niemand hier wird uns verteidigen. Wir k\u00f6nnen jederzeit \u00fcberrannt werden. Hier gibt es quasi keine M\u00e4nner mehr.\u201c<br \/>\n14.11.025, <a href=\"https:\/\/x.com\/ainyrockstar\/status\/1989273681588068367\">https:\/\/x.com\/ainyrockstar\/status\/1989273681588068367<\/a><\/p>\n<p>&nbsp;<\/p>\n<p><strong>Zwei Probleme trennen: Wehrpflicht\/Drohnen und Ukrainekrieg<\/strong><br \/>\nWallasch und sein russizistischer Pazifismus<\/p>\n<p>Gestern sprach ich im Interview mit Heiko Teggatz <a href=\"https:\/\/www.tichyseinblick.de\/interviews\/teggatz-gewerkschaftschef-drohnenabwehr\/\">https:\/\/www.tichyseinblick.de\/interviews\/teggatz-gewerkschaftschef-drohnenabwehr\/<\/a> , Gewerkschaftsboss der Bundespolizei, \u00fcber die Dobrindt-Pl\u00e4ne zur Drohnenabwehr, bei denen der Bundespolizei eine wichtige Rolle zukommen soll. Ein Kernsatz von Teggatz wurde meine Schlagzeile: \u201eWir holen die Dinger notfalls robust vom Himmel!\u201c<br \/>\nDas Interview wurde viel gelesen und kommentiert. Teilweise etwas r\u00fcde. Aber was mir aufgefallen ist und schon bei der Debatte um die Wehrpflicht aufgefallen war, ist eine unzul\u00e4ssige \u2013 oder ung\u00fcnstige \u2013 Vermischung zweier Dinge:<br \/>\nZum einen die Frage, ob wir Wehrpflicht und Drohnenabwehr wirklich ben\u00f6tigen.<br \/>\nUnd zum anderen der direkte Zusammenhang des Aufkommens dieser Frage mit dem Ukrainekrieg und der deutschen Unterst\u00fctzung.<br \/>\n&#8230; Alles vom 6.10.2025 bitte lesen auf<br \/>\n<a href=\"https:\/\/www.alexander-wallasch.de\/gesellschaft\/wallasch-und-sein-russizistischer-pazifismus\">https:\/\/www.alexander-wallasch.de\/gesellschaft\/wallasch-und-sein-russizistischer-pazifismus<\/a><\/p>\n<p>&nbsp;<\/p>\n<p><strong>Die Deutschen m\u00fcssen zur Not zum Wehrdienst gezwungen werden<\/strong><br \/>\n\u201eDie Menschen in Europa sind heute so frei wie nie \u2013 und zugleich so unwillig wie nie, diese Freiheit zu verteidigen. Laut einer Umfrage des Meinungsforschungsinstituts Gallup aus dem Jahr 2024 w\u00e4re deutlich weniger als die H\u00e4lfte der Europ\u00e4er bereit, f\u00fcr ihr Land zu den Waffen zu greifen. (&#8230;)<br \/>\nWenn wie derzeit zu wenige junge Deutsche willens sind, ihre Freiheit zu verteidigen, m\u00fcssen sie im Extremfall eben dazu gezwungen werden. (\u2026)<\/p>\n<p>Doch inzwischen kennt eine ganze Generation in Deutschland das Milit\u00e4r nicht mehr aus eigenem Erleben. Jahrzehntelang wurde die Bundeswehr als Fremdk\u00f6rper wahrgenommen \u2013 als Kostenfaktor, Problemfall, Krisenherd. (\u2026)<\/p>\n<p>Diese Entfremdung muss aufh\u00f6ren. Die Truppe muss wieder mitten in die Gesellschaft r\u00fccken: sichtbar in Schulen, pr\u00e4sent bei \u00f6ffentlichen Veranstaltungen, offen im Dialog. Wer sie kennenlernt, wird Vertrauen fassen. Wer Vertrauen hat, akzeptiert auch Pflichtdienste. (\u2026)<\/p>\n<p>Um das zu verhindern, braucht es in Deutschland kein Kaiserreichs-Pathos, keine Dichter und Denker an der Front. Aber ein paar bekannte Politiker, K\u00fcnstler, Schauspieler, Musiker, die \u00f6ffentlich f\u00fcr Wehrhaftigkeit eintreten, w\u00fcrden helfen. Die kulturellen Eliten dieses Landes m\u00fcssen begreifen: Ihre Freiheit zur Kritik und zur Kunst h\u00e4ngt davon ab, dass dieses Land wehrhaft ist.\u201c \u2026\u201c<br \/>\n19.8.2025<br \/>\n<a href=\"https:\/\/www.nzz.ch\/der-andere-blick\/debatte-um-wehrpflicht-deutschland-muss-seine-buerger-zur-waffe-zwingen-ld.1897808\">https:\/\/www.nzz.ch\/der-andere-blick\/debatte-um-wehrpflicht-deutschland-muss-seine-buerger-zur-waffe-zwingen-ld.1897808<\/a><\/p>\n<p>&nbsp;<\/p>\n<p><strong>Zum Wehrdienst der Bundestagsabgeordneten: Wieviel % haben gedient?<\/strong><br \/>\nIm Netz und auf X wurde nat\u00fcrlich von links argumentiert, dass dieses Ergebnis gar nicht den Wehrwillen und die pers\u00f6nlichen Erfahrungen mit der ihn verk\u00f6pernden Institution seitens der MdB abbilde, sondern den Anteil von Frauen sowie \u00e4lteren M\u00e4nnern, die noch die Zeit der Wehrpflicht erlebt haben, in den jeweiligen Parteien. Doch beides trifft zu. Die von ihrem Alter her in Frage kommenden Gr\u00fcnen haben ja den Wehrdienst samt und sonders verweigert, auch der Fischerjockel, der jetzt die Wiedereinf\u00fchrung der allgemeinen Wehrpflicht fordert, weil das seine angels\u00e4chsischen Vorm\u00fcnder ihm soufflieren. Ungeachtet ihrer Verweigerer und Zivildienstleister ist die gr\u00fcne Partei heute diejenige, die am vehementesten daf\u00fcr agitiert, dass Russland milit\u00e4risch in die Knie gezwungen werden m\u00fcsse.<br \/>\nWenn einer selbst in den Kampf zieht, verdient er sogar dann Respekt, wenn man der Sache, f\u00fcr die er streitet, ablehnend gegen\u00fcbersteht. Aber diejenigen, die andere an die Front schicken (wollen), w\u00e4hrend sie sich und ihre Familie (so vorhanden) in Sicherheit bringen, sind und bleiben verachtenswerte Pharis\u00e4er.<\/p>\n<div id=\"attachment_135894\" style=\"width: 679px\" class=\"wp-caption alignnone\"><a href=\"https:\/\/www.freiburg-schwarzwald.de\/blog\/wp-content\/uploads\/2025\/07\/bundeswehr-abgeordnete25pan.jpg\"><img loading=\"lazy\" decoding=\"async\" aria-describedby=\"caption-attachment-135894\" class=\"size-full wp-image-135894\" src=\"https:\/\/www.freiburg-schwarzwald.de\/blog\/wp-content\/uploads\/2025\/07\/bundeswehr-abgeordnete25pan.jpg\" alt=\"\" width=\"669\" height=\"244\" srcset=\"https:\/\/www.freiburg-schwarzwald.de\/blog\/wp-content\/uploads\/2025\/07\/bundeswehr-abgeordnete25pan.jpg 669w, https:\/\/www.freiburg-schwarzwald.de\/blog\/wp-content\/uploads\/2025\/07\/bundeswehr-abgeordnete25pan-640x233.jpg 640w, https:\/\/www.freiburg-schwarzwald.de\/blog\/wp-content\/uploads\/2025\/07\/bundeswehr-abgeordnete25pan-180x66.jpg 180w\" sizes=\"auto, (max-width: 669px) 100vw, 669px\" \/><\/a><p id=\"caption-attachment-135894\" class=\"wp-caption-text\">Wieviele Angeordnete haben prozentual pro Fraktion gedient?<\/p><\/div>\n<p>&#8230; Alles vom 3.7.2025 von Michael Klonovsky bitte lesen auf<br \/>\n<a href=\"https:\/\/www.klonovsky.de\/2025\/07\/3-juli-2025\/\">https:\/\/www.klonovsky.de\/2025\/07\/3-juli-2025\/<\/a><\/p>\n<p>&nbsp;<\/p>\n<p><strong>Nur jeder Dritte zu Milit\u00e4rdienst bereit<\/strong><br \/>\nEinem Pressebericht zufolge w\u00e4re nur jeder dritte Bundesb\u00fcrger bereit, seinen Milit\u00e4rdienst zu leisten, sollte die Wehrpflicht wieder eingef\u00fchrt werden. Damit verbunden scheint die selbstverst\u00e4ndliche Annahme, da\u00df man auch in Zukunft per einfacher Erkl\u00e4rung den \u201eKriegsdienst\u201c verweigern kann. Was schon das Ergebnis einer fatalen Entwicklung war, die zum massenhaften Mi\u00dfbrauch eines Ausnahmerechts gef\u00fchrt hatte.<br \/>\nDas absehend, forderte der erste Bundespr\u00e4sident Theodor Heuss \u2013 der Antimilitarist schlechthin \u2013, das Antreten des Ersatzdienstes nur dann zu erlauben, wenn die Berufung auf das Gewissen an die Mitgliedschaft in einer Glaubensgemeinschaft gebunden war, die den Waffengebrauch unter allen Umst\u00e4nden ablehnte, wie etwa die Zeugen Jehovas oder die Religi\u00f6se Gesellschaft der Freunde, besser bekannt als Qu\u00e4ker.<br \/>\n1.7.2025)<\/p>\n<p>&nbsp;<\/p>\n<p>In Deutschland haben Politiker der Partei, deren Kanzlerin die deutsche Flagge weggeworfen und die Grenzen ge\u00f6ffnet hat, vorgeschlagen, wieder junge Deutsche zu verpflichten, einen Wehrdienst f\u00fcr Deutschland zu leisten (den sie eventuell anders nennen). Zuvor hatte ein Herr Doktor, der nicht als wissenschaftlicher Mitarbeiter angestellt worden war, die Wehrpflicht auf Eis gelegt, und dann wurde er es selbst, politisch gesehen (von zu Guttenberg).<br \/>\nMan schlug vor, die jungen Leute optional zum Dienst an der Waffe zu verpflichten; alternativ k\u00f6nnten sich die Eingezogenen auch als unqualifizierte Hilfskr\u00e4fte in der Pflege der Armen, Alten und Alleingelassenen verdingen.<br \/>\nEs wurde offen kommuniziert, dass es eine erzieherische Ma\u00dfnahme war. Das junge Volk sollte erzogen werden, das Land doch bitte wieder zu m\u00f6gen. Man k\u00f6nnte sagen, die Politik sendet widerspr\u00fcchliche Signale.<br \/>\n&#8230;<br \/>\nDass Menschen nicht k\u00e4mpfen wollen, das ist wahrlich keine schlechte Eigenschaft! Es ist gut, sich selbst zum Frieden zu erziehen, doch es ist wichtig, zu wissen, wof\u00fcr man k\u00e4mpfen w\u00fcrde! Wenn die B\u00fcrger ernste Zweifel haben, ob sie, wenn es drauf ank\u00e4me, f\u00fcr das Land k\u00e4mpfen w\u00fcrden, das ihnen Heimat sein sollte \u2013 oder ob sie sagen w\u00fcrden \u00bbetwas Besseres findet sich allemal\u00ab \u2013 dann liegt etwas im Argen. Was ist es denn, wonach wir uns sehnen? Ein Land, von dem wir sagen k\u00f6nnen: Das ist mein Land und meine Heimat, f\u00fcr diese Heimat w\u00fcrde ich k\u00e4mpfen \u2013 wenn es darauf ank\u00e4me.<\/p>\n<p>(Ich werde immer auf meine Politiker einwirken, Sie m\u00f6gen doch bitte lieber f\u00fcr Frieden sorgen!)<\/p>\n<p>&nbsp;<\/p>\n<p>&nbsp;<\/p>\n<p><strong>Ein Land f\u00fcr das man k\u00e4mpft<\/strong><br \/>\nDie verschiedenen Parteien reagierten verschieden. Die FDP war dagegen, dass junge Leute dem Arbeitsmarkt entzogen w\u00fcrden \u2013 zumindest w\u00fcrde ein Zyniker es so verstehen, aber die FDP formulierte es nat\u00fcrlich korrekt mit Freiheit. Aus der SPD h\u00f6rte man vereinzelte Begeisterung, dass dann wieder billigstm\u00f6gliche Arbeitskr\u00e4fte in der Krankenkassenmedizin zur Verf\u00fcgung st\u00fcnden (sinngem\u00e4\u00df) \u2013 SPD, die Partei, die die Leute klein macht. In der AfD aber, so darf man vermuten, grinste man, wieder einmal, extra breit.<br \/>\n(Erkl\u00e4rung: Der Vorschlag f\u00fchrte dazu, dass Menschen dar\u00fcber nachdachten, ob sie f\u00fcr Deutschland k\u00e4mpfen wollen w\u00fcrden, und wenn sie dar\u00fcber nachdachten, dann w\u00fcrden sie f\u00fchlen, dass es sch\u00f6n w\u00e4re, ein Land zu haben, f\u00fcr das man, wenn es darauf ankommt, zu k\u00e4mpfen bereit ist. So ein Vorschlag f\u00fchrt dazu, dass Menschen sich nach Patriotismus sehnen, und beim Patriotismus trafen im Jahr 2018 die B\u00fcrger in der deutschen Politiklandschaft auf nur wenige Anbieter.) &#8230;<br \/>\nAlles vom 10.8.2018 bitte lesen auf<br \/>\n<a href=\"https:\/\/dushanwegner.com\/ein-land-fuer-das-man-kaempft\/\">https:\/\/dushanwegner.com\/ein-land-fuer-das-man-kaempft\/<\/a><\/p>\n<p>&nbsp;<\/p>\n<p>&nbsp;<\/p>\n<p><strong>Nur 18% der Deutschen w\u00fcrden f\u00fcr ihr Land k\u00e4mpfen<\/strong><br \/>\nDanach waren nur rund ein Viertel der Befragten in Westeuropa bereit, f\u00fcr ihr Land zu k\u00e4mpfen. Selbst in den beiden Vetom\u00e4chten des Weltsicherheitsrates der UN, Frankreich und England, antworteten nur 29 bzw. 27 Prozent mit ja. Noch dahinter liegen Spanien (21), \u00d6sterreich (21), Italien (20), Belgien (19), Deutschland (18) und die Niederlande (15 Prozent). Dass dieses Ergebnis nicht allein mit der Angst um den erworbenen Wohlstand erkl\u00e4rt werden kann, zeigen die Beispiele von Finnland, Schweden und der Schweiz. Immerhin 39 Prozent aller Schweizer B\u00fcrger w\u00fcrden die Waffen, die sie als Reservisten zu Hause haben, auch gebrauchen. 55 Prozent der Einwohner Schwedens gaben sich kampfbereit, bei ihren finnischen Nachbarn waren es sogar 74 Prozent. Das hei\u00dft, dass historische Pr\u00e4gungen eine wichtige Rolle bei der Entscheidung spielen, sein Land zu verteidigen.<br \/>\n&#8230; Alles vom 24.6.2015 bitte lesen auf<br \/>\n<a href=\"https:\/\/www.welt.de\/geschichte\/article142886294\/Nur-wenige-Deutsche-wuerden-fuer-ihr-Land-kaempfen.html\">https:\/\/www.welt.de\/geschichte\/article142886294\/Nur-wenige-Deutsche-wuerden-fuer-ihr-Land-kaempfen.html<\/a><\/p>\n<p>&nbsp;<\/p>\n","protected":false},"excerpt":{"rendered":"<p>Home\u00a0&gt;Engagement\u00a0&gt;Zukunft\u00a0&gt;Demokratie\u00a0&gt;Wehrdienst Sommerhitze Juli 2018 &#8211; Wenig Wasser zum Baden in der Dreisam &nbsp; Listenauswahl eines Beitrags: Bitte\u00a0anklicken\u00a0oder runterscrollen Bundeswehr Gel\u00f6bnis 20.7.2026 (1.8.2026) Jugend gegen Wehrdienst (12.3.2026) F\u00fcr ein mieses St\u00fcck Schei\u00dfe sterben? (18.12.2025) Schulstreik: Frieden und Freiheit gibt es nicht &hellip; <a href=\"https:\/\/www.freiburg-schwarzwald.de\/blog\/engagement\/zukunft\/demokratie\/wehrdienst\/\">Weiterlesen <span class=\"meta-nav\">&rarr;<\/span><\/a><\/p>\n","protected":false},"author":2,"featured_media":0,"parent":21084,"menu_order":0,"comment_status":"open","ping_status":"closed","template":"","meta":{"footnotes":""},"class_list":["post-67865","page","type-page","status-publish","hentry"],"_links":{"self":[{"href":"https:\/\/www.freiburg-schwarzwald.de\/blog\/wp-json\/wp\/v2\/pages\/67865","targetHints":{"allow":["GET"]}}],"collection":[{"href":"https:\/\/www.freiburg-schwarzwald.de\/blog\/wp-json\/wp\/v2\/pages"}],"about":[{"href":"https:\/\/www.freiburg-schwarzwald.de\/blog\/wp-json\/wp\/v2\/types\/page"}],"author":[{"embeddable":true,"href":"https:\/\/www.freiburg-schwarzwald.de\/blog\/wp-json\/wp\/v2\/users\/2"}],"replies":[{"embeddable":true,"href":"https:\/\/www.freiburg-schwarzwald.de\/blog\/wp-json\/wp\/v2\/comments?post=67865"}],"version-history":[{"count":6,"href":"https:\/\/www.freiburg-schwarzwald.de\/blog\/wp-json\/wp\/v2\/pages\/67865\/revisions"}],"predecessor-version":[{"id":152309,"href":"https:\/\/www.freiburg-schwarzwald.de\/blog\/wp-json\/wp\/v2\/pages\/67865\/revisions\/152309"}],"up":[{"embeddable":true,"href":"https:\/\/www.freiburg-schwarzwald.de\/blog\/wp-json\/wp\/v2\/pages\/21084"}],"wp:attachment":[{"href":"https:\/\/www.freiburg-schwarzwald.de\/blog\/wp-json\/wp\/v2\/media?parent=67865"}],"curies":[{"name":"wp","href":"https:\/\/api.w.org\/{rel}","templated":true}]}}