{"id":67445,"date":"2018-05-19T21:00:36","date_gmt":"2018-05-19T19:00:36","guid":{"rendered":"https:\/\/www.freiburg-schwarzwald.de\/blog\/?page_id=67445"},"modified":"2026-04-17T14:50:10","modified_gmt":"2026-04-17T12:50:10","slug":"missverstehen","status":"publish","type":"page","link":"https:\/\/www.freiburg-schwarzwald.de\/blog\/kultur\/medien\/missverstehen\/","title":{"rendered":"Missverstehen"},"content":{"rendered":"<p><a href=\"https:\/\/www.freiburg-schwarzwald.de\/blog\">Home<\/a>\u00a0&gt;<a title=\"Kultur\" href=\"https:\/\/www.freiburg-schwarzwald.de\/blog\/kultur\/\">Kultur<\/a>\u00a0&gt;<a title=\"Medien\" href=\"https:\/\/www.freiburg-schwarzwald.de\/blog\/kultur\/medien\/\">Medien<\/a>\u00a0&gt;<a title=\"Diskussionskultur\" href=\"https:\/\/www.freiburg-schwarzwald.de\/blog\/kultur\/medien\/diskussionskultur\/\">Diskussionskultur<\/a> &gt;Missverstehen mit Absicht<\/p>\n<div id=\"attachment_67441\" style=\"width: 649px\" class=\"wp-caption alignnone\"><a href=\"https:\/\/www.freiburg-schwarzwald.de\/blog\/global\/italien\/cavallino\/venedig-schiff-pan180512\/\" rel=\"attachment wp-att-67441\"><img loading=\"lazy\" decoding=\"async\" aria-describedby=\"caption-attachment-67441\" class=\"wp-image-67441 size-full\" title=\"Riesiges Kreuzfahrtschiff an der Punta Sabbioni bei Venedig am 12.5.2018\" src=\"https:\/\/www.freiburg-schwarzwald.de\/blog\/wp-content\/uploads\/2014\/05\/venedig-schiff-pan180512.jpg\" alt=\"venedig-schiff-pan180512\" width=\"639\" height=\"204\" srcset=\"https:\/\/www.freiburg-schwarzwald.de\/blog\/wp-content\/uploads\/2014\/05\/venedig-schiff-pan180512.jpg 639w, https:\/\/www.freiburg-schwarzwald.de\/blog\/wp-content\/uploads\/2014\/05\/venedig-schiff-pan180512-180x57.jpg 180w\" sizes=\"auto, (max-width: 639px) 100vw, 639px\" \/><\/a><p id=\"caption-attachment-67441\" class=\"wp-caption-text\">Riesiges Kreuzfahrtschiff an der Punta Sabbioni bei Venedig am 12.5.2018<\/p><\/div>\n<p>&nbsp;<\/p>\n<ul>\n<li><em>Listenauswahl eines Beitrags (Artikel\/Datum, Seite\/Inhalt):\u00a0<span style=\"text-decoration: underline;\">Klicken<\/span>\u00a0oder scrollen<\/em><\/li>\n<li><a href=\"https:\/\/www.freiburg-schwarzwald.de\/blog\/geheimplan-potsdam-war-luege\/\">Geheimplan Potsdam war L\u00fcge<\/a>\u00a0(17.4.2026)<\/li>\n<li><a href=\"https:\/\/www.freiburg-schwarzwald.de\/blog\/correctiv-meinung-statt-fakten\/\">Correctiv: Meinung statt Tatsache<\/a> (18.3.2026)<\/li>\n<li><a href=\"https:\/\/www.freiburg-schwarzwald.de\/blog\/geiselaustausch-laut-zdf-nein\/\">Geiselaustausch laut ZDF: Nein!<\/a>\u00a0(13.10.2025)<\/li>\n<li><a href=\"https:\/\/www.freiburg-schwarzwald.de\/blog\/un\/\">Die ARD berichtet von der UN: Nichtneutral, einseitig, tendenzi\u00f6s<\/a>\u00a0(30.9.2025)<\/li>\n<li><a href=\"https:\/\/www.freiburg-schwarzwald.de\/blog\/kultur\/kunst\/satire\/\">Die gar nicht so lustige Geschichte vom Tod der Satire<\/a> (27.9.2025)<\/li>\n<li><a href=\"https:\/\/www.freiburg-schwarzwald.de\/blog\/global\/russland\/russland-bashing\/\">Desinformation: Russen-Anschlag auf Flugzeug von vdL<\/a>\u00a0(7.9.2025)<\/li>\n<li><a href=\"https:\/\/www.freiburg-schwarzwald.de\/blog\/kriminalstatistik-verzerrt-realitaet\/\">Kriminalstatistik verzerrt Realit\u00e4t<\/a>\u00a0(22.5.2025)<\/li>\n<li><a href=\"https:\/\/www.freiburg-schwarzwald.de\/blog\/selbsthilfe\/krise\/doxing\/\">ZDF-B\u00f6hmermann: Soziale Zerst\u00f6rung eines jungen Mannes durch Doxing<\/a>\u00a0(17.5.2025)<\/li>\n<li><a href=\"https:\/\/www.freiburg-schwarzwald.de\/blog\/unwort-biodeutsch-brandmauer\/\">Unwort: biodeutsch Brandmauer<\/a>\u00a0(13.1.2025)<\/li>\n<li><a href=\"https:\/\/www.freiburg-schwarzwald.de\/blog\/magdeburg-terror-vergessen\/\">Magdeburg Terror \u2013 Vergessen<\/a>\u00a0(13.1.2025)<\/li>\n<li><a href=\"https:\/\/www.freiburg-schwarzwald.de\/blog\/vereine\/ngo\/correctiv\/\">Correctiv ist ein \u201edreckiges L\u00fcgen-Medium\u201c \u2013 gemeinn\u00fctzig?<\/a>\u00a0(12.12.2024)<\/li>\n<li><a href=\"https:\/\/www.freiburg-schwarzwald.de\/blog\/global\/deutschland\/mauerfall1989\/\">FAZ ignoriert den 35.Jahrestag des Mauerfalls am 9.11.2024<\/a>\u00a0(9.11.2024)<\/li>\n<li>Die Gell-Mann-Amnesie: Falschen Zeitungsberichten glauben (24.8.2024)<\/li>\n<li><a href=\"https:\/\/www.freiburg-schwarzwald.de\/blog\/vereine\/ngo\/correctiv\/\">Correctiv gesteht Falschbehauptungen zum \u201eGeheimtreffen\u201c ein<\/a>\u00a0(21.6.2024)<\/li>\n<li><a href=\"https:\/\/www.freiburg-schwarzwald.de\/blog\/gewalt-buerger-desinformiert\/\">Gewalt: B\u00fcrger desinformiert<\/a>\u00a0(21.5.2024)<\/li>\n<li><a href=\"https:\/\/www.freiburg-schwarzwald.de\/blog\/demos-gegen-rechtsextremismus\/\">Demos gegen rechtsextrem<\/a>\u00a0(23.1.2024)<\/li>\n<li><a href=\"https:\/\/www.freiburg-schwarzwald.de\/blog\/kultur\/medien\/verschwoerungstheorien\/\">Verschw\u00f6rungstheoretiker &gt; Conspiracy und Leugner &gt;Holocaustleugner<\/a> (29.3.2023)<\/li>\n<li>Twitter-Files: \u201eJede Verschw\u00f6rungstheorie ist wahr geworden\u201c (15.1.2023)<\/li>\n<li><a href=\"https:\/\/www.freiburg-schwarzwald.de\/blog\/global\/japan\/fukushima\/\">Fake-Nuss: von 18500 Fukushima-Toten in der ARD und anderen M\u00e4rchen<\/a>\u00a0(22.1.2023)<\/li>\n<li><a href=\"https:\/\/www.freiburg-schwarzwald.de\/blog\/pfizer-luege-zu-corona-impfung\/\">Pfizer-L\u00fcge zu Corona-Impfung<\/a>\u00a0(13.10.2022)<\/li>\n<li><a href=\"https:\/\/www.freiburg-schwarzwald.de\/blog\/zdf-manipuliert-bild-von-akw\/\">ZDF manipuliert Bild von AKW<\/a>\u00a0(3.8.2022)<\/li>\n<li><a href=\"https:\/\/www.freiburg-schwarzwald.de\/blog\/global\/eu\/eu-ungarn\/\">Viktor Orban\u2019s Rede in Rum\u00e4nien: \u201emixed-up Civilisations\u201c?<\/a>\u00a0 (1.8.2022)<\/li>\n<li><a href=\"https:\/\/www.freiburg-schwarzwald.de\/blog\/schweden-zdf-desinformiert\/\">Schweden: ZDF desinformiert<\/a>\u00a0(20.4.2022)<\/li>\n<li><a href=\"https:\/\/www.freiburg-schwarzwald.de\/blog\/kultur\/medien\/luegenpresse\/\">Titelzeile in Widerspruch zum Inhalt formulieren \u2013 wozu?<\/a> (27.1.2022)<\/li>\n<li>FAZ verschweigt 10000-Menschen-Demo in Frankfurt (25.1.2022)<\/li>\n<li><a href=\"https:\/\/www.freiburg-schwarzwald.de\/blog\/heuchelei-abbitte-ohne-reue\/\">Heuchelei: Abbitte ohne Reue<\/a>\u00a0(26.3.2021)<\/li>\n<li><a href=\"https:\/\/www.freiburg-schwarzwald.de\/blog\/keine-uebersterblichkeit-in-2020\/\">Keine \u00dcbersterblichkeit in 2020<\/a>\u00a0(5.1.2021)<\/li>\n<li><a href=\"https:\/\/www.freiburg-schwarzwald.de\/blog\/kultur\/medien\/diskussionskultur\/kontaktschuld\/\">Kontaktschuld-Prinzip zerst\u00f6rt die Diskussionskultur<\/a>\u00a0(24.10.2020)<\/li>\n<li><a title=\"Apologize for the Climate Scare\" href=\"https:\/\/www.freiburg-schwarzwald.de\/blog\/apologize-for-the-climate-scare\/\">Apologize For The Climate Scare<\/a>\u00a0(16.7.2020)<\/li>\n<li><a title=\"Corona-Demo\" href=\"https:\/\/www.freiburg-schwarzwald.de\/blog\/business\/gesund\/corona-virus\/corona-demo\/\">Corona-Demos: Keine \u00d6ffnungsdiskussionsorgien, sondern Verschw\u00f6rungstheorien<\/a>\u00a0(11.5.2020)<\/li>\n<li><a title=\"Klimaleugner\" href=\"https:\/\/www.freiburg-schwarzwald.de\/blog\/natur\/klima\/klimaleugner\/\">Brief eines \u201eKlimaleugners\u201c an einen Sportsfreund<\/a>\u00a0(30.11.2019)<\/li>\n<li><a title=\"Enteignung\" href=\"https:\/\/www.freiburg-schwarzwald.de\/blog\/selbsthilfe\/soziales\/justiz\/rechtsstaat\/enteignung\/\">Karl Lauterbach: Miethaie enteignen in Berlin wie die Juden im 3.Reich?<\/a>\u00a0(10.4.2019)<\/li>\n<li>Anabel Schunke: Das Vergessen, dass es auch ohne Migration geht (24.8.2018)<\/li>\n<li>Das gewollte Missverstehen der Immeremp\u00f6rten (18.5.2018)<\/li>\n<li>Weidel bezeichnet Messer-M\u00e4nner als Taugenichtse, nicht aber Kopftuchm\u00e4dchen (18.5.2018)<\/li>\n<li>Missverstehen-Beispiele Jenninger, H\u00f6cke, &#8230;: (23.4.2018)<\/li>\n<li><\/li>\n<li><a title=\"Holocaust-Education\" href=\"https:\/\/www.freiburg-schwarzwald.de\/blog\/bildung\/holocaust-education\/\">Holocaust-Education<\/a><\/li>\n<\/ul>\n<ul>\n<li><a title=\"Antisemitismus\" href=\"https:\/\/www.freiburg-schwarzwald.de\/blog\/religion\/juden\/antisemitismus\/\">Antisemitismus<\/a><\/li>\n<li><a title=\"Juden\" href=\"https:\/\/www.freiburg-schwarzwald.de\/blog\/religion\/juden\/\">Juden \u2013 Verst\u00e4ndigung<\/a><\/li>\n<li><a title=\"Kultur\" href=\"https:\/\/www.freiburg-schwarzwald.de\/blog\/kultur\/\">Kultur<\/a><\/li>\n<li><a title=\"Nazi\" href=\"https:\/\/www.freiburg-schwarzwald.de\/blog\/religion\/juden\/nazi\/\">Nazi<\/a><\/li>\n<\/ul>\n<ul>\n<li><a href=\"https:\/\/www.freiburg-schwarzwald.de\/blog\/kultur\/medien\/desinformation\/\">Desinformation<\/a>\u00a0(21.5.2024)<\/li>\n<li><a title=\"Diffamierung\" href=\"https:\/\/www.freiburg-schwarzwald.de\/blog\/kultur\/medien\/diffamierung\/\">Diffamierung<\/a><\/li>\n<li><a title=\"Diskussionskultur\" href=\"https:\/\/www.freiburg-schwarzwald.de\/blog\/kultur\/medien\/diskussionskultur\/\">Diskussionskultur<\/a><\/li>\n<li><a title=\"Ehrlichkeit\" href=\"https:\/\/www.freiburg-schwarzwald.de\/blog\/engagement\/zukunft\/ehrlichkeit\/\">Ehrlichkeit<\/a><\/li>\n<li><a title=\"Klimaleugner\" href=\"https:\/\/www.freiburg-schwarzwald.de\/blog\/natur\/klima\/klimaleugner\/\">Klimaleugner<\/a><\/li>\n<li><a href=\"https:\/\/www.freiburg-schwarzwald.de\/blog\/kultur\/medien\/diskussionskultur\/kontaktschuld\/\">Kontaktschuld<\/a><\/li>\n<li><a title=\"Mainstream\" href=\"https:\/\/www.freiburg-schwarzwald.de\/blog\/kultur\/medien\/mainstream\/\">Mainstream-Medien<\/a><\/li>\n<li><a title=\"Postfaktisch\" href=\"https:\/\/www.freiburg-schwarzwald.de\/blog\/kultur\/medien\/postfaktisch\/\">Postfaktisch<\/a><\/li>\n<li><a title=\"Relativierung\" href=\"https:\/\/www.freiburg-schwarzwald.de\/blog\/kultur\/medien\/relativierung\/\">Relativierung<\/a><\/li>\n<li><a href=\"https:\/\/www.freiburg-schwarzwald.de\/blog\/kultur\/kunst\/satire\/\">Satire<\/a><\/li>\n<li><a title=\"Talkshow\" href=\"https:\/\/www.freiburg-schwarzwald.de\/blog\/kultur\/medien\/talkshow\/\">Talkshow<\/a><\/li>\n<li><a title=\"Vorverurteilung\" href=\"https:\/\/www.freiburg-schwarzwald.de\/blog\/kultur\/medien\/vorverurteilung\/\">Vorverurteilung<\/a><\/li>\n<li><a title=\"Zensur\" href=\"https:\/\/www.freiburg-schwarzwald.de\/blog\/kultur\/medien\/zensur\/\">Zensur<\/a><\/li>\n<\/ul>\n<p>&nbsp;<\/p>\n<p><strong>Die Gell-Mann-Amnesie: Falschen Zeitungsberichten glauben<\/strong><br \/>\nDie meisten Leute scheinen blind zu glauben, was sie in diversen Medien vermittelt bekommen und vertrauen darauf. Selbst wenn \u00fcber ein Thema vollkommen falsch berichtet wurde und sie dies erkannt haben.<br \/>\n&#8230;.<br \/>\nDer Name \u201eGell-Mann-Amnesie\u201c ist eine Reminiszenz an den Physiker Murray Gell-Mann, mit dem Crichton befreundet war und mit dem er ein Gespr\u00e4ch \u00fcber eben jenes Thema f\u00fchrte. \u201eDurch die Nennung sei\u00adnes ber\u00fchmten Namens erhoffte ich mir und dem Ph\u00e4nomen eine gr\u00f6\u00dfe\u00adre Bedeutung zuzuschreiben, als wir ansonsten erzielt h\u00e4tten\u201c, lie\u00df Crichton dar\u00fcber verlauten. Ein kleiner Marketing-Trick, sozusagen.<br \/>\nCrichton weiter: \u201eKurz gesagt funktioniert der Gell-Mann-Amnesie-Effekt wie folgt. Sie schlagen die Zeitung auf und lesen einen Ar\u00adtikel \u00fcber ein Thema, das Sie gut kennen. In Murrays Fall war das Physik. In meinem Fall ist es Showbusiness. Sie lesen den Artikel und stellen fest, dass der Journalist weder die Fakten noch das Thema \u00fcberhaupt versteht. Oft ist der Artikel so falsch, dass er die Geschichte auf den Kopf stellt \u2013 also Ursache und Wirkung ver\u00adtauscht. Ich nenne das die \u201eNasse Stra\u00dfen verursachen Regen\u201c-Ge\u00adschichten. Die Zeitungen sind voll davon. Jedenfalls liest man voller Unglauben oder mit Belustigung die vielen Fehler in einer Ge\u00adschichte, bl\u00e4ttert dann zu nationalen oder internationalen Angele\u00adgenheiten um und liest einfach weiter, so als ob der Rest der Zeitung irgend\u00adwie akkurater \u00fcber Pal\u00e4stina berichten w\u00fcrde als der Bl\u00f6dsinn, den man gerade gelesen hat. <em><strong>Sie bl\u00e4ttern um und vergessen, was Sie wissen.<\/strong><\/em> Das ist der Gell-Mann-Amnesie-Effekt.\u201c<br \/>\n&#8230; Alles vom 24.8.2024 bitte lesen auf<br \/>\n<a href=\"https:\/\/www.achgut.com\/artikel\/die_gell_mann_amnesie\">https:\/\/www.achgut.com\/artikel\/die_gell_mann_amnesie<\/a><br \/>\n.<br \/>\nKommentar:<br \/>\nDer Wille zum Glauben<br \/>\nDanke f\u00fcr diese famose Zusammenfassung eine Ph\u00e4nomens, das ich t\u00e4glich hautnah erlebe: meine Frau ist MSM-Konsumentin, z.B. \u201ctagesschau\u201d, \u201cZEIT\u201d, zuweilen sogar noch Schlimmeres, wie z.B. die \u201cSZ\u201d. Sitze ich neben ihr auf dem Sofa, kann ich zu fast jeder Meldung in der \u201ctagesschau\u201d einen Kommentar geben und ihr darlegen, was daran falsch, verdreht, manipulativ ist. Aber: sie will es nicht h\u00f6ren und nicht wissen. Im Gegenteil: sie h\u00e4lt mich f\u00fcr von finsteren M\u00e4chten und \u201crechter\u201d Desinformation beeinflusst. Mit Fakten und Argumenten komme ich dagegen nicht an. Also bleibe ich fern, wenn sie \u201ctagesschau\u201d oder \u201cheute\u201d sieht, denn schweigen ist mir angesichts der unverfrorenen, haneb\u00fcchenen Manipulation und Propaganda nicht m\u00f6glich. Da wir uns nun schon einige Jahrzehnte kennen und lieben wei\u00df ich, was sie bewegt: sie m\u00f6chte sich sicher f\u00fchlen in der Welt, m\u00f6chte Vertrauen in die sie umgebende Ordnung und die \u201cAutorit\u00e4ten\u201d haben k\u00f6nnen. Sie hofft, dass auch ihre Mitmenschen, die Medien und die Politik so wohlmeinend sind wie sie es ist. Ein Blick hinter die Kulissen und den Propagandanebel k\u00f6nnte dieses Vertrauen zutiefst ersch\u00fcttern und das w\u00fcrde ihr Lebensgef\u00fchl stark beeintr\u00e4chtigen. Deshalb will sie glauben, was ihr von MSM und Politik serviert wird. Liest sie die \u201cZEIT\u201d wird es besonders deutlich: es ist Weltbild-Best\u00e4tigungs-Prosa, zur Ablenkung, Beschwichtigung, Beruhigung<br \/>\n&#8230; Alles vom 30.8.2024 bitte lesen au<br \/>\n<a href=\"https:\/\/www.achgut.com\/artikel\/leserkommentar_der_woche_wille_zum_glauben\">https:\/\/www.achgut.com\/artikel\/leserkommentar_der_woche_wille_zum_glauben<\/a><\/p>\n<p>&nbsp;<\/p>\n<p><strong>FAZ verschweigt 10000-Menschen-Demo in Frankfurt<\/strong><br \/>\n<strong>Offener Brief an FAZ-Herausgeber Carsten Knop<\/strong><br \/>\nSehr geehrter Herr Knop, Sie geh\u00f6ren dem erlauchten Kreis der vier Herausgeber der <a href=\"https:\/\/www.freiburg-schwarzwald.de\/blog\/kultur\/medien\/mainstream\/\">FAZ<\/a> an und sind in diesem Kreis zust\u00e4ndig f\u00fcr die Rhein-Main-Zeitung, also auch f\u00fcr die Frankfurt-Berichterstattung. Als Mitnutzer des FAZ-Abonnements meiner Frau f\u00e4llt mir schon lange unangenehm (um es milde auszudr\u00fccken!) der penetrant einseitige Corona-<a href=\"https:\/\/www.freiburg-schwarzwald.de\/blog\/kultur\/medien\/journalismus\/haltungsjournalismus\/\">Journalismus<\/a> in Ihrem von mir nur noch selten gesch\u00e4tzten Blatt auf. Es ist nichts dagegen zu sagen, die Risiken und Folgen der Virusmutationen zu schildern. Aber es spricht auch nichts dagegen, diese Gefahren realistisch einzuordnen in einem politisch vernachl\u00e4ssigten Gesundheitswesen, dem Ihre Zeitung vor Corona nicht entfernt den Platz einger\u00e4umt hat, der diesem Themenkreis zustehen m\u00fcsste.<\/p>\n<p>Das mag auch damit zusammenh\u00e4ngen, dass Ihr stark \u00fcberalterter, aber einkommensstarker Kreis von Abonnenten und Lesern sehr wenig mit den Problemen von sozial schw\u00e4cheren Schichten der Bev\u00f6lkerung zu tun hat und es ihm deshalb an entsprechendem Interesse mangelt. Umso mehr Interesse hat Ihr Abonnenten- und Leserkreis daran, nicht den Virusgefahren ausgesetzt zu werden. Das ist verst\u00e4ndlich. Unverst\u00e4ndlich \u2013 jedenfalls mir \u2013 ist aber, warum Ihre Zeitung und als verantwortlicher Herausgeber gerade auch Sie, nichts unversucht lassen, diese Virusgefahr Tag um Tag sozusagen am \u201eKochen\u201c zu halten, Zwangsma\u00dfnahmen zu unterst\u00fctzen und alle kritischen Stimmen entweder weg zu schweigen oder gar zu diffamieren.<\/p>\n<p>Womit ich bei meinem aktuellen Anliegen bin: Am vergangenen Samstag hat es die bislang gr\u00f6\u00dfte <a href=\"https:\/\/www.freiburg-schwarzwald.de\/blog\/engagement\/buergerinitiativen\/spaziergaenge\/\">\u201eSpaziergang\u201c-Demonstration<\/a> gegen Corona-Zwangsma\u00dfnahmen und die geplante Impfpflicht in Frankfurt am Main gegeben \u2013 mit rund 10.000 Teilnehmern. Der lange Zug dieser Menschen wurde auf seinem Weg durch die Stadt auffallend oft von zuschauenden Passanten sowie aus den Wohnungen und Balkonen der H\u00e4user mit positiven Zeichen und Gesten bedacht. Daf\u00fcr gibt es rund 10.000 Zeugen. Doch ein FAZ-Reporter geh\u00f6rte, wenn ich in der heutigen Ausgabe da nichts \u00fcberlesen haben sollte, nicht dazu: <em><strong>Kein Bericht, kein Bild von diesem Ereignis. 10.000 Menschen laufen an einem kalten, grauen Samstagnachmittag durch Frankfurt mit einem offenbar popul\u00e4ren Anliegen \u2013 und die FAZ schweigt vollst\u00e4ndig dar\u00fcber?<\/strong><\/em><\/p>\n<p>K\u00fcrzlich brachte die Rhein-Main-Zeitung einen Riesenbericht mit gro\u00dfem Bild \u00fcber eine Aktion von bestenfalls 100 Aktiven von \u201eFridays for Future\u201c auf dem Opernplatz. Geschah das deshalb, weil die FAZ diese Gruppierung wichtiger oder sympathischer findet? Sind <a href=\"https:\/\/www.freiburg-schwarzwald.de\/blog\/kultur\/medien\/zensur\/\">Willk\u00fcr<\/a> und <a href=\"https:\/\/www.freiburg-schwarzwald.de\/blog\/kultur\/medien\/manipulation\/\">Manipulation<\/a> also die neuen Richtlinien Ihres Journalismus? Und was unterscheidet diesen dann noch von jenem der Schreib-und Propagandaknechte in diktatorisch-autorit\u00e4ren Staaten? Ihre Zeitung und damit auch Sie haben jedenfalls heute bewusst die Tatsache und das Anliegen einer der gr\u00f6\u00dften Demonstrationen der letzten Jahre in Frankfurt Ihren Lesern unterschlagen.<\/p>\n<p>Immerhin, dar\u00fcber war ich fast am\u00fcsiert, gab es heute einen Bericht \u00fcber eine Corona-Demonstration in unserer beliebten Nachbarstadt Offenbach, sogar mit stimmungsvollem Bild. Der Bericht versucht zwar, die Teilnehmer in die rechtsextreme und \u201eQuerdenker\u201c- Ecke zu r\u00fccken, aber das muss ein FAZ-Journalist wohl schon routinem\u00e4\u00dfig tun.<\/p>\n<p>Gefreut habe ich mich auch \u00fcber Ihre sp\u00e4te, vor einigen Tagen ver\u00f6ffentlichte pers\u00f6nliche Entdeckung, dass die 2-G-Regelung dem Handel schadet. Wenn Sie jetzt noch mal sehr selbstkritisch dar\u00fcber nachdenken, was die Glaubw\u00fcrdigkeit nicht nur des <a href=\"https:\/\/www.freiburg-schwarzwald.de\/blog\/kultur\/medien\/journalismus\/\">FAZ-Journalismus<\/a> unheilbar zu zerst\u00f6ren droht, dann k\u00f6nnten Sie eine noch wichtigere Entdeckung machen!<br \/>\n25.1.2022, Wolfgang H\u00fcbner<\/p>\n<p>.<\/p>\n<p><strong>Anabel Schunke: Das Vergessen, dass es auch ohne Migration geht<\/strong><br \/>\n&#8230; ob wir nicht alle in einem kleinen Sylt leben k\u00f6nnten, wenn Deutschland, ebenso wie die erfolgreichen Einwanderungsl\u00e4nder, nur jene dauerhaft einwandern lassen w\u00fcrde, die dem Staat und der Gesellschaft von Nutzen sind und Asyl auch nur an diejenigen erteilt, die nach Recht und Gesetz ein Anrecht darauf besitzen.<\/p>\n<p>Die allgegenw\u00e4rtige Angst vor dem \u201cNazi-Sein\u201d und der Drang nach sozialer Kompatibilit\u00e4t in einer Gesellschaft, die linken Irrsinn als Mehrheitsmeinung verkauft, wurde hierbei als Grund Nr. 1 in den letzten Jahren hinl\u00e4nglich benannt. Ebenso Faktoren wie politische Ignoranz, Unwissenheit und grenzenlose Naivit\u00e4t. Ich w\u00fcrde dieses Spektrum um einen weiteren Faktor erg\u00e4nzen: Das Vergessen oder Unwissen dar\u00fcber, dass es auch anders geht.<\/p>\n<p>Meiner Generation fallen Unterschiede zu fr\u00fcher nur noch im direkten Vergleich auf, der immer weniger vorkommt. Wie angenehm es ist, um sich herum mehrheitlich die eigene Sprache zu h\u00f6ren, dieses Gef\u00fchl, als Frau ohne jegliche Angst abends alleine nach Hause zu gehen, im Prinzip sogar Auto und Haust\u00fcr offen lassen zu k\u00f6nnen, die fehlende Angst vor Terror an gro\u00dfen \u00f6ffentlichen Pl\u00e4tzen, die \u00c4sthetik eines Stra\u00dfenbildes ohne Kleiders\u00e4cke und junge herumlungernde M\u00e4nner in Jogginghose und Pelzkragenkapuze, die dich bl\u00f6d anmachen, bemerken wir erst, wenn wir uns f\u00fcr ein paar Tage an so \u201centlegenen\u201d Orten wie Sylt, auf dem Dorf oder gar in Polen aufhalten.<br \/>\n&#8230; alles vom 23.8.2018 von Anabel Schunke bitte lesen auf<br \/>\n<a href=\"https:\/\/www.achgut.com\/artikel\/besuch_in_einem_vergehenden_deutschland\">https:\/\/www.achgut.com\/artikel\/besuch_in_einem_vergehenden_deutschland<\/a><\/p>\n<p><strong>Der Herr Bundespr\u00e4sident ist fein raus und hat gut reden<\/strong>.<br \/>\nDie Anstrengungen bleiben anderen vorbehalten, genau wie die \u201cVerwerfungen\u201d wie Yasha Mounk das auszudr\u00fccken beliebte. Da\u00df sich hinter diesem h\u00fcbsch h\u00e4\u00dflichen Wort in Wahrheit tote und verletzte Einheimische verbergen, interessiert weder diesen Herrn Mounk noch unseren sogenannten Bundespr\u00e4sidenten. Herr Steinmeier wird gut besch\u00fctzt und selbst wenn er das Amt mal nicht mehr aus\u00fcbt, wird er in seiner hochkar\u00e4tigen Villengegend mit Sicherheit nur sehr wenig davon mitbekommen, wie es dem einfachen B\u00fcrger geht. Der das alles erarbeiten \u201cdarf\u201d und immer mehr sehen mu\u00df, da\u00df er f\u00fcr sein horrendes Steuergeld nichts zur\u00fcckbekommt. Im Gegenteil, ihm wird immer noch mehr abgefordert und Anspr\u00fcche seinerseits werden nur zu gerne abgeschmettert, wie gerade aus dem Hartz4-Bereich der Arbeitsagenturen immer wieder ans Licht kommt. Was bleibt, ist die Systemfrage. Warum soll ich mich f\u00fcr ein Land noch abplacken, das mich abgeschrieben hat?<br \/>\nWoher sollen k\u00fcnftig die Renten kommen und die Sozialleistungen f\u00fcr all die Neuen, die das mit Sicherheit nicht selbst erwirtschaften werden, wie sich jetzt schon abzeichnet?<br \/>\nWer bedient dann noch die Verpflichtungen gegen\u00fcber der EU, wer st\u00fctzt mit seinen Target-II-Salden den Euro?<br \/>\nWIR jedenfalls nicht mehr. Und was dann mit der EU passiert, ist absehbar. Wenn Deutschland nicht mehr zahlt, bricht das Ding einfach zusammen. Puff, weg. Der B\u00f6rsencrash kommt schon vorher. Und das hei\u00dft dann Krieg. Denn die Migranten werden in vielen F\u00e4llen nicht einfach gehen, wenn sie kein Geld mehr kriegen. Sie werden versuchen, es sich zu nehmen, wie es ihnen ihrer Vorstellung nach zusteht. Und sie treffen auf eine Gesellschaft, die immer noch nicht gemerkt hat, da\u00df es h\u00f6chste Zeit ist, in die eigene Verteidigungsbereitschaft zu investieren. Gute Nacht, Deutschland<\/p>\n<p>23.8.2018, Cornelia Gilsbach, AO<\/p>\n<p>&nbsp;<\/p>\n<p><strong>Das gewollte Missverstehen der Immeremp\u00f6rten<\/strong><\/p>\n<p>Die Aufregung \u00fcber Christian Lindners angeblich \u201erassistische\u201c \u00c4u\u00dferung auf dem FDP-Parteitag ist nur eines von vielen Beispielen f\u00fcr das bewusste \u201eMissverstehen\u201c: Menschen wird das Wort im Munde herumgedreht, um Diskussionen zu unterdr\u00fccken, Verunsicherung zu verbreiten und die Sprachgebote der politischen Korrektheit durchzusetzen.<br \/>\n&#8230;<br \/>\nLindners Beispiel (B\u00e4ckerei-Story):<em> \u201eMan kann beim B\u00e4cker in der Schlange nicht unterscheiden, wenn einer mit gebrochenem Deutsch ein Br\u00f6tchen bestellt, ob das der hoch qualifizierte Entwickler k\u00fcnstlicher Intelligenz aus Indien ist, oder eigentlich ein sich bei uns illegal aufhaltender, h\u00f6chstens geduldeter Ausl\u00e4nder. Damit die Gesellschaft befriedet ist, m\u00fcssen die anderen, die in der Reihe stehen, damit sie nicht diesen einen schief anschauen und Angst vor ihm haben, m\u00fcssen sich alle sicher sein, dass jeder, der sich bei uns aufh\u00e4lt, sich legal bei uns aufh\u00e4lt. Die Menschen m\u00fcssen sich sicher sein, auch wenn jemand anders aussieht und noch nur gebrochen deutsch spricht, dass es keine Zweifel an seiner Rechtschaffenheit gibt. Das ist die Aufgabe einer fordernden, liberalen, rechtsstaatlichen Einwanderungspolitik.&#8220;<\/em> &#8230;.<br \/>\nDer stellvertretende Bundesvorsitzende der Christlich-Demokratischen Arbeitnehmerschaft (CDA), Christian B\u00e4umler, sprach im Handelsblatt gar von <em>\u201cStimmungsmache gegen Dunkelh\u00e4utige und Hartz-IV-Empf\u00e4nger mit Fl\u00fcchtlingsgeschichte\u201d. Damit betreibe Lindner \u201cdas Gesch\u00e4ft der AfD\u201d,<\/em> sagte B\u00e4umler.<br \/>\n&#8230;.<br \/>\nEmp\u00f6rungsrituale wie jetzt bei Lindner haben die Funktion, Menschen zu verunsichern: Jeder B\u00fcrger soll verstehen: Bei bestimmten Themen muss \u201eman vorsichtig sein\u201c, muss man h\u00f6llisch aufpassen, um nicht \u201emissverstanden\u201c zu werden. Das gilt f\u00fcr alle Themen im Zusammenhang mit Zuwanderung, aber auch, wenn es um andere Minderheiten oder um Frauen geht. Schon harmlose \u00c4u\u00dferungen haben damit das Potenzial, hysterisiert zu werden. <em><strong>Bestimmte Dinge \u201edarf man sagen\u201c, andere darf man auch sagen \u2013 aber nur dann, wenn man Lust hat, sich \u00f6ffentlich als Rassist, Frauenfeind, islamophob usw. diffamieren zu lassen<\/strong><\/em>.<br \/>\n&#8230; Alles von Rainer Zitelmann vom 15.5.2018 bitte lesen auf<br \/>\n<a href=\"https:\/\/www.theeuropean.de\/rainer-zitelmann\/14053-lindners-baeckerei-story-ist-nur-ein-beispiel\">https:\/\/www.theeuropean.de\/rainer-zitelmann\/14053-lindners-baeckerei-story-ist-nur-ein-beispiel<\/a><\/p>\n<p><strong>Die gutmenschlichen Tugendw\u00e4rter<\/strong><br \/>\nSuper Artikel! Vielleicht merkt Herr Lindner nun, wie es sich f\u00fcr die <a title=\"AfD-Bashing Erzbischof Zollitsch\" href=\"https:\/\/www.freiburg-schwarzwald.de\/blog\/afd-bashing-erzbischof-zollitsch\/\">AfD<\/a> anf\u00fchlt, der sowas bei jedweder \u00c4u\u00dferung widerf\u00e4hrt. Auch ich \u00fcberlege bei jedem Kommentar reiflich, denn in aller Regel wird er nicht ver\u00f6ffentlicht, wenn er zu deutlich ist. Ich habe auch keine Angst davor, von irgend welchen Leuten, die ich nicht ernst nehme, als X, Y oder Z diffamiert zu werden; deren Meinung interessiert mich einfach nicht, und auch andere sollten ihre Angst davor ablegen, sonst haben die Tugendw\u00e4chter gewonnen, und bis jetzt sieht es so aus. Es ist schon Terror, was diese Leute aus\u00fcben. Es muss m\u00f6glich sein, seine Meinung, ob missliebig oder nicht, in angemessenen Worten \u00e4u\u00dfern zu k\u00f6nnen. Ich will da nicht um Erlaubnis bitten m\u00fcssen, auch keine Moderatoren.<br \/>\n15.5.2018, Karin Lindemann, TEO<\/p>\n<p>&nbsp;<\/p>\n<p>&nbsp;<\/p>\n<p><strong>Weidel bezeichnet Messer-M\u00e4nner als Taugenichtse, nicht aber Kopftuchm\u00e4dchen<\/strong><br \/>\nDie AfD-Fraktionsvorsitzende Alice Weidel habe\u00a0<a title=\"Parlament\" href=\"https:\/\/www.freiburg-schwarzwald.de\/blog\/engagement\/zukunft\/demokratie\/parlament\/\">in ihrer Bundestagsrede<\/a> alle Frauen, die ein Kopftuch tragen, als \u201eTaugenichtse\u201c diskriminiert, meinte gestern unser amtierender Bundestagspr\u00e4sident Wolfgang (&#8222;Abschottung lasse Europa in Inzucht degenieren&#8220;) Sch\u00e4uble und erteilte ihr einen Ordnungsruf<br \/>\n&#8230;<br \/>\nFrau Weidel sagte: <em>\u201eDoch ich kann Ihnen sagen, Burkas, Kopftuchm\u00e4dchen und alimentierte Messer-M\u00e4nner und sonstige Taugenichtse werden unseren Wohlstand, das Wirtschaftswachstum und vor allem den Sozialstaat nicht sichern.\u201c<\/em><br \/>\nH\u00e4tte sie die \u201eKopftuchm\u00e4dchen\u201c tats\u00e4chlich zu den \u201eTaugenichtsen\u201c z\u00e4hlen wollen, h\u00e4tte sie aus dem ersten \u201eund\u201c allerdings ein Komma machen m\u00fcssen. Der Satz h\u00e4tte dann so gelautet:<br \/>\n<em>&#8222;Doch ich kann Ihnen sagen, Burkas, Kopftuchm\u00e4dchen, alimentierte Messer-M\u00e4nner und sonstige Taugenichtse werden unseren Wohlstand (\u2026) nicht sichern.&#8220;<\/em><br \/>\nHier w\u00e4re klar gewesen, dass sich die Bezeichnung \u201eTaugenichtse\u201c auf die gesamte Aufz\u00e4hlung und damit auch auf die \u201eKopftuchm\u00e4dchen\u201c bezieht. Durch das Einf\u00fcgen des W\u00f6rtchens \u201eund\u201c wird die Aufz\u00e4hlung allerdings unterbrochen oder, anders gesagt, aus einer Aufz\u00e4hlung werden zwei: Einerseits a) \u201eBurkas\u201c und \u201eKopftuchm\u00e4dchen\u201c und andererseits b) \u201eMesser-M\u00e4nner und sonstige Taugenichtse\u201c, womit die Kopftuchtr\u00e4gerinnen nicht unter den Vorwurf der Nutzlosigkeit fallen. Nur eine Nuance, gewiss, aber wen das nicht \u00fcberzeugt, der m\u00f6ge bitte eine andere Erkl\u00e4rung liefen, welche Funktion das W\u00f6rtchen \u201eund\u201c an dieser Stelle erf\u00fcllen soll&#8230;.<br \/>\nAlles vom 18.5.2018 bitte lesen auf<br \/>\n<a href=\"https:\/\/juergenfritz.com\/2018\/05\/17\/was-taugt-der-bundestagspraesident\/\">https:\/\/juergenfritz.com\/2018\/05\/17\/was-taugt-der-bundestagspraesident\/<\/a><br \/>\n.<br \/>\n<strong>Deutsche Sprache statt Denglisch<\/strong><br \/>\nEin sehr guter Kommentar von Axel St\u00f6cker. Ich pers\u00f6nlich kann allerdings dem Fazit an einer Stelle nicht zustimmen: \u201eTrotzdem ist der Satz bei oberfl\u00e4chlichem Lesen missverst\u00e4ndlich und daher nicht sehr gelungen.\u201c Wer der deutschen Sprache m\u00e4chtig ist darf mit so einem Satz, selbst oberfl\u00e4chlich gelesen,\u00a0keine Probleme haben.<br \/>\nWer allerdings der neuen Primitivsprache anh\u00e4ngt, Denglisch gemischt mit Gender in allen Farbvarianten, der wird immer Schwierigkeiten mit so einem Satz haben, in aller Regel aber beabsichtigt. Das Abstimmungsergebnis d\u00fcrfte meine Ansicht unterst\u00fctzen.<br \/>\nDer Fehler war diese R\u00fcge vom Mann mit dem gro\u00dfen Spendenkoffer anzufechten.<br \/>\n18.5.2018, R\u00fcdiger Engelhardt, JFO<\/p>\n<p>Wenn man sieht, wie sich die Abgeordneten der etablierten Parteien mit steinernen Mienen oder hochroten K\u00f6pfen oder auch mit demonstrativer Langeweile und Lachgrimassen den Reden der AfD-Leute, insbesondere jene der souver\u00e4nen Alice Weidel anh\u00f6ren bzw. gezielt danebenh\u00f6ren, wundert es nicht, dass auch ein Herr Sch\u00e4uble nicht richtig zuh\u00f6rt und in seiner pr\u00e4sidialen Arroganz meint, ein ungezogenes Kind massregeln zu m\u00fcssen, ein alter Herr, der gut daran getan h\u00e4tte, nach dem Desaster der letzten Wahl zur\u00fcckzutreten und sein hohes Ruhegehalt zu geniessen. Er ist seiner Aufgabe nicht gewachsen,<br \/>\n19.5.2018, J\u00fcrg Casanova, JFO<br \/>\n.<br \/>\n<strong>Die AfD wurde mal wieder missverstanden<\/strong><br \/>\nAlso die Rede an sich ist ja schon sehr gut, die Stelle mit den Kopftuchm\u00e4dchen dabei ist davon das beste weil sie in meinen Augen eine bewu\u00dfte Provokation war und auch prima so geklappt hat, wenn man sich den Verlauf mal genauer anschaut.<br \/>\nPhase 1<br \/>\nFrau Weidel beginnt Ihre Rede als erstes. Ihr Tonfall ist ruhig und die Gestik passt gut und wir kommen zu der Stelle mit den Kopftuchm\u00e4dchen.<br \/>\nPhase 2<br \/>\nDie Reaktion war schon vorhersehbar, die Emp\u00f6rung ist schnell vorhanden. Bei den Gr\u00fcnen braucht es ja sowieso nicht viel.<br \/>\nPhase 3<br \/>\nFrau Weidel beendet ihre Rede souver\u00e4n und wird erst danach von Sch\u00e4uble zur Ordnung gerufen. Hat wahrscheinlich erstmal selber \u00fcberlegen m\u00fcssen ob er jetzt einen Ordnungsruf ausspricht oder nicht.<br \/>\nPhase 4<br \/>\nOrdnungsruf wegen Kopftuchm\u00e4dchen und sonstigen Taugenichtsen ist erteilt.<br \/>\nDen Medien freuts haben sie ja gleich was zu schreiben \u00fcber AfD und Diskriminierung von Frauen mit Kopft\u00fccher. Die Rede von Merkel interessiert gar nicht mehr so, weil die Schlagzeile mit der AfD mehr hergiebt.<br \/>\nPhase 5<br \/>\nFrau Weidel legt nat\u00fcrlich gleich Einspruch gegen den Ordnungsruf ein und kl\u00e4rt das ganze als Irrtum auf. So ist das nicht gemeint gewesen wenn man sich die M\u00fche macht mal den ganzen Satz in Ruhe durchzulesen. Man k\u00f6nnte sich zwar noch entschuldigen das ganze etwas ungl\u00fccklich formuliert zu haben braucht man aber nicht l\u00e4uft ja alles nach Plan.<br \/>\nPhase 6<br \/>\nAm n\u00e4chsten Tag muss nochmal \u00fcber den Einspruch entschieden werden und wird wie erwartet von den Altparteien abgelehnt.<br \/>\nInsgesamt ein guter Plan, der auch sehr gut funktioniert hat. Die AfD wurde mal wieder missverstanden. Den schwarzen Peter haben die Altparteien inklusive Sch\u00e4uble und man war f\u00fcr zwei Tage in den Medien pr\u00e4sent.<br \/>\nDer Begriff Kopftuchm\u00e4dchen h\u00f6rt sich auch nett und harmlos an. Soll ja auch Frauen mit Kopftuch geben gibt aber nicht so viel her als M\u00e4dchen.<br \/>\nDass der Inhalt der eigentlichen Rede dabei etwas untergeht, kann man so auch nicht sagen. Das Video gibt\u2019s ja \u00fcberall im Internet. Klicken sich Tausende von Nutzern rein weil sie ja neugierig geworden sind. Auch Leute die sich eigentlich wenig oder gar nicht f\u00fcr die AfD interessieren k\u00f6nnen dadurch auch erreicht werden.<br \/>\nDer Ordnungsruf war wahrscheinlich nicht so geplant. Macht aber nichts ist sowieso nur eine Verwarnung und keine Strafe.<br \/>\nKam fr\u00fcher \u00f6fters mal im Bundestag vor. Herbert Wehner zum Beispiel hat stattliche 57 solcher Verwarnungen bekommen, bei Joschka Fischer waren es immerhin auch 12 St\u00fcck.<br \/>\n19.5.2018, Geggy01, JFO<\/p>\n<p>&nbsp;<\/p>\n<p><strong>Missverstehen-Beispiele Jenninger, H\u00f6cke, &#8230;:<\/strong><\/p>\n<p><strong>Missverstehen-Beispiel Jenninger:<\/strong><br \/>\nDie Rede des Pr\u00e4sidenten des Deutschen Bundestages, Philipp Jenninger, am 10. November 1988 zum Gedenken an den 50. Jahrestag der Reichspogromnacht in Deutschland wollte man bewu\u00dft missverstehen und man hat ihm unterstellt, er habe Hitler und den Nationalsozialismus besch\u00f6nigt, weil er bei der Verlesung seiner Rede die \u201eAnf\u00fchrungszeichen\u201c zu manchen Begriffen nicht ausreichend betont habe. Jenninger trat zur\u00fcck. Erst als viel sp\u00e4ter der Vorsitzende des Zentralrats der Juden in Deutschland, Ignatz Bubis, demonstrativ umstrittene Passagen aus Jenningers Ansprache in eine eigene Rede \u00fcbernahm, die nat\u00fcrklich unbeanstandet blieben, wurde Jenninger rehabilitiert. Zu sp\u00e4t!<\/p>\n<p><strong>Missverstehen-Beispiel H\u00f6cke:<\/strong><br \/>\n<em>\u201cWir Deutschen sind das einzige Volk, das sich ein <a title=\"Holocaust-Education\" href=\"https:\/\/www.freiburg-schwarzwald.de\/blog\/bildung\/holocaust-education\/\">Denkmal der Schande<\/a> in das Herz seiner Hauptstadt gepflanzt hat.\u201c<\/em> Dieses H\u00f6cke-Zitat ist korrekt wiedergegeben; das es OK ist, zeigt auch die CDU-Ministerin Monika Gr\u00fctters, die auf Bundesregierung.de den Historiker Neil MacGregor lobend anf\u00fchrt mit <em>&#8222;kenne kein anderes Land, das in der Mitte seiner Hauptstadt ein Mahnmal der eigenen Schande errichtet h\u00e4tte.<\/em>\u201c<br \/>\nBeide Zitate haben den gleichen Inhalt bzw. Sinn \u2013 jeder Linguist wird dies best\u00e4tigen: Das Denkmal mitten in Berlin erinnert an die Schande des Holocoust, es ist ein Denkmal zur Erinnerung an eine \u00fcbergro\u00dfe Schande.<br \/>\nGleichwohl wird das H\u00f6cke-Zitat von den <a title=\"Mainstream\" href=\"https:\/\/www.freiburg-schwarzwald.de\/blog\/kultur\/medien\/mainstream\/\">Mainstream-Medien<\/a> zerrissen, w\u00e4hrend das Gr\u00fctters-shitstormfrei bleibt.<br \/>\nWas macht die Presse aus H\u00f6ckes <em>\u201cDenkmal der Schande\u201d<\/em>? Entweder wird das Zitat verf\u00e4lscht zum <em>\u201csch\u00e4ndlichen Denkmal\u201d<\/em> oder <em>\u201cSchand-Denkmal\u201d<\/em> usw.<br \/>\nOder sie nutzt die Zweideutigkeit des Genitivs im Deutschen und meldet, H\u00f6cke habe mit \u201cDenkmal der Schande\u201d niemals ein \u201eDenkmal zur Erinnerung an eine Schande\u201c gemeint, sondern ein \u201esch\u00e4ndliches Denkmal&#8220;.<br \/>\nViele Beispiele zu bewu\u00dftem Missverstehen finden Sie hier:<br \/>\n<a href=\"https:\/\/www.amazon.de\/Skandale-Medienwissen-kompakt-Mathias-Kepplinger\/dp\/3658213930\">https:\/\/www.amazon.de\/Skandale-Medienwissen-kompakt-Mathias-Kepplinger\/dp\/3658213930<\/a><\/p>\n<p>&nbsp;<\/p>\n","protected":false},"excerpt":{"rendered":"<p>Home\u00a0&gt;Kultur\u00a0&gt;Medien\u00a0&gt;Diskussionskultur &gt;Missverstehen mit Absicht &nbsp; Listenauswahl eines Beitrags (Artikel\/Datum, Seite\/Inhalt):\u00a0Klicken\u00a0oder scrollen Geheimplan Potsdam war L\u00fcge\u00a0(17.4.2026) Correctiv: Meinung statt Tatsache (18.3.2026) Geiselaustausch laut ZDF: Nein!\u00a0(13.10.2025) Die ARD berichtet von der UN: Nichtneutral, einseitig, tendenzi\u00f6s\u00a0(30.9.2025) Die gar nicht so lustige Geschichte vom &hellip; <a href=\"https:\/\/www.freiburg-schwarzwald.de\/blog\/kultur\/medien\/missverstehen\/\">Weiterlesen <span class=\"meta-nav\">&rarr;<\/span><\/a><\/p>\n","protected":false},"author":2,"featured_media":0,"parent":678,"menu_order":0,"comment_status":"open","ping_status":"closed","template":"","meta":{"footnotes":""},"class_list":["post-67445","page","type-page","status-publish","hentry"],"_links":{"self":[{"href":"https:\/\/www.freiburg-schwarzwald.de\/blog\/wp-json\/wp\/v2\/pages\/67445","targetHints":{"allow":["GET"]}}],"collection":[{"href":"https:\/\/www.freiburg-schwarzwald.de\/blog\/wp-json\/wp\/v2\/pages"}],"about":[{"href":"https:\/\/www.freiburg-schwarzwald.de\/blog\/wp-json\/wp\/v2\/types\/page"}],"author":[{"embeddable":true,"href":"https:\/\/www.freiburg-schwarzwald.de\/blog\/wp-json\/wp\/v2\/users\/2"}],"replies":[{"embeddable":true,"href":"https:\/\/www.freiburg-schwarzwald.de\/blog\/wp-json\/wp\/v2\/comments?post=67445"}],"version-history":[{"count":6,"href":"https:\/\/www.freiburg-schwarzwald.de\/blog\/wp-json\/wp\/v2\/pages\/67445\/revisions"}],"predecessor-version":[{"id":148003,"href":"https:\/\/www.freiburg-schwarzwald.de\/blog\/wp-json\/wp\/v2\/pages\/67445\/revisions\/148003"}],"up":[{"embeddable":true,"href":"https:\/\/www.freiburg-schwarzwald.de\/blog\/wp-json\/wp\/v2\/pages\/678"}],"wp:attachment":[{"href":"https:\/\/www.freiburg-schwarzwald.de\/blog\/wp-json\/wp\/v2\/media?parent=67445"}],"curies":[{"name":"wp","href":"https:\/\/api.w.org\/{rel}","templated":true}]}}