{"id":67256,"date":"2018-04-15T20:58:38","date_gmt":"2018-04-15T18:58:38","guid":{"rendered":"https:\/\/www.freiburg-schwarzwald.de\/blog\/?page_id=67256"},"modified":"2026-04-15T20:41:48","modified_gmt":"2026-04-15T18:41:48","slug":"integration-gescheitert","status":"publish","type":"page","link":"https:\/\/www.freiburg-schwarzwald.de\/blog\/global\/integration\/integration-gescheitert\/","title":{"rendered":"Integration-gescheitert"},"content":{"rendered":"<p><a href=\"https:\/\/www.freiburg-schwarzwald.de\/blog\">Home<\/a>\u00a0&gt;<a title=\"Global\" href=\"https:\/\/www.freiburg-schwarzwald.de\/blog\/global\/\">Global<\/a>\u00a0&gt;<a title=\"Migration\" href=\"https:\/\/www.freiburg-schwarzwald.de\/blog\/global\/migration\/\">Migration<\/a>\u00a0&gt;<a title=\"Integration\" href=\"https:\/\/www.freiburg-schwarzwald.de\/blog\/global\/integration\/\">Integration<\/a>\u00a0&gt;Integration-gescheitert<\/p>\n<div id=\"attachment_46886\" style=\"width: 647px\" class=\"wp-caption alignnone\"><a href=\"https:\/\/www.freiburg-schwarzwald.de\/blog\/religion\/islam\/ates\/mulhouse15schleier-pan140412\/\" rel=\"attachment wp-att-46886\"><img loading=\"lazy\" decoding=\"async\" aria-describedby=\"caption-attachment-46886\" class=\"size-full wp-image-46886\" src=\"https:\/\/www.freiburg-schwarzwald.de\/blog\/wp-content\/uploads\/2014\/04\/mulhouse15schleier-pan140412.jpg\" alt=\"Marche de Mulhouse 12.4.2014 - Schleier\" width=\"637\" height=\"222\" srcset=\"https:\/\/www.freiburg-schwarzwald.de\/blog\/wp-content\/uploads\/2014\/04\/mulhouse15schleier-pan140412.jpg 637w, https:\/\/www.freiburg-schwarzwald.de\/blog\/wp-content\/uploads\/2014\/04\/mulhouse15schleier-pan140412-180x62.jpg 180w\" sizes=\"auto, (max-width: 637px) 100vw, 637px\" \/><\/a><p id=\"caption-attachment-46886\" class=\"wp-caption-text\">Marche de Mulhouse 12.4.2014 &#8211; Schleier<\/p><\/div>\n<p>&nbsp;<\/p>\n<ul>\n<li><em>Listenauswahl eines Beitrags (Artikel\/Datum, Seite\/Inhalt):\u00a0<span style=\"text-decoration: underline;\">Klicken<\/span>\u00a0oder scrollen<\/em><\/li>\n<li><a href=\"https:\/\/www.freiburg-schwarzwald.de\/blog\/kultur\/hobby\/\">Ahmet Refii Dener: Das Hobby-Vakuum in der islamischen Welt<\/a>\u00a0(14.4.2026)<\/li>\n<li><a href=\"https:\/\/www.freiburg-schwarzwald.de\/blog\/cousin-und-cousine-heiraten\/\">Cousin und Cousine heiraten<\/a> (16.3.2026)<\/li>\n<li><a href=\"https:\/\/www.freiburg-schwarzwald.de\/blog\/global\/migration\/badoeynhausen-philippos24juni2024\/\">Filipp (16) totgepr\u00fcgelt: Ein Jahr Bew\u00e4hrung f\u00fcr Angeklagten<\/a>\u00a0(25.2.2026)<\/li>\n<li><a href=\"https:\/\/www.freiburg-schwarzwald.de\/blog\/global\/grossbritannien\/england\/\">Lie\u00dfen M\u00e4nner pakistanischer Herkunft ein englisches Kind sogar von einem Hund vergewaltigen?<\/a>\u00a0(25.2.2026)<\/li>\n<li><a href=\"https:\/\/www.freiburg-schwarzwald.de\/blog\/global\/deutschland\/sieferle\/\">Sieferle \u201eEpochenwechsel\u201c: Universalismus (Migration) vs Partikularismus (Nationen)<\/a>\u00a0(7.1.2026)<\/li>\n<li><a href=\"https:\/\/www.freiburg-schwarzwald.de\/blog\/deutsch\/\">Deutscher Drogendealer spricht nicht gut genug Deutsch, um nach Deutschland abgeschoben zu werden<\/a> (25.11.2025)<\/li>\n<li><a href=\"https:\/\/www.freiburg-schwarzwald.de\/blog\/religion\/islam\/islamisierung\/\">Arche schl\u00e4gt Alarm! B\u00fcscher warnt vor Messerangriffen und fordert Integration<\/a> (30.10.20259<\/li>\n<li><a href=\"https:\/\/www.freiburg-schwarzwald.de\/blog\/clan\/\">5000 Clan-Straftaten pro Jahr allein in NRW<\/a>\u00a0(1.10.2025)<\/li>\n<li><a href=\"https:\/\/www.freiburg-schwarzwald.de\/blog\/vereine\/partei\/afd\/afd-migration\/\">Neue Umfrage: Viele Migranten w\u00e4hlen AfD<\/a>\u00a0(1.10.2025)<\/li>\n<li><a href=\"https:\/\/www.freiburg-schwarzwald.de\/blog\/engagement\/zukunft\/demokratie\/kommunalwahl\/kommunal\/\">Gelsenkirchen: \u201eMigranten w\u00e4hlen AfD wegen \u00dcberfremdung\u201c<\/a>\u00a0(19.9.2025)<\/li>\n<li><a href=\"https:\/\/www.freiburg-schwarzwald.de\/blog\/global\/migration\/gastarbeiter\/\">Ahmet Refii Dener: T\u00fcrken fragen \u201eWas soll aus diesem Land nur werden?\u201c<\/a>\u00a0(30.8.2025)<\/li>\n<li><a href=\"https:\/\/www.freiburg-schwarzwald.de\/blog\/10-jahre-wir-schaffen-das\/\">10 Jahre \u201eWir schaffen das\u201c<\/a>\u00a0(26.8.2025)<\/li>\n<li><a href=\"https:\/\/www.freiburg-schwarzwald.de\/blog\/schule-bildung-migration\/\">Schule Bildung Migration<\/a>\u00a0(21..8.2025)<\/li>\n<li><a href=\"https:\/\/www.freiburg-schwarzwald.de\/blog\/global\/syrien\/\">Syrer fallen bei Deutschkurs absichtlich durch<\/a> (18.8.2025)<\/li>\n<li><a href=\"https:\/\/www.freiburg-schwarzwald.de\/blog\/global\/integration\/integrieren\/\">Migranten klagen \u00fcber Migranten<\/a> (9.8.2025)<\/li>\n<li><a href=\"https:\/\/www.freiburg-schwarzwald.de\/blog\/selbsthilfe\/soziales\/arbeit\/buergergeld\/\">Wie hoch ist der Migrantenanteil beim B\u00fcrgergeld?<\/a> (27.7.2025)<\/li>\n<li><a href=\"https:\/\/www.freiburg-schwarzwald.de\/blog\/pro-asyl-konzern-pro-migration\/\">Pro-Asyl Konzern Pro-Migration<\/a>\u00a0(10.6.2025)<\/li>\n<li><a href=\"https:\/\/www.freiburg-schwarzwald.de\/blog\/global\/migration\/migration-kriminalitaet\/\">Zahlen des Generalbundesanwalts: Meist arabische und afghanische Verd\u00e4chtige<\/a>\u00a0(21..2025)<\/li>\n<li><a href=\"https:\/\/www.freiburg-schwarzwald.de\/blog\/freibad-als-kulturgut-erhalten\/\">Freibad als Kulturgut erhalten<\/a>\u00a0(2.7.2025)<\/li>\n<li><a href=\"https:\/\/www.freiburg-schwarzwald.de\/blog\/kultur\/deutsch\/deutsche-sprache\/\">Von wegen \u201eBildungspolitik\u201c: Einfach Deutsch sprechen!<\/a>\u00a0(14.6.2025)<\/li>\n<li><a href=\"https:\/\/www.freiburg-schwarzwald.de\/blog\/tuerkin-wir-koennen-nicht-mehr\/\">T\u00fcrkin: \u201eWir k\u00f6nnen nicht mehr<\/a>\u00a0(27.5.2025)<\/li>\n<li><a href=\"https:\/\/www.freiburg-schwarzwald.de\/blog\/trauer-integration-magdeburg\/\">Trauer Integration: Magdeburg<\/a>\u00a0(29.12.2024)<\/li>\n<li><a href=\"https:\/\/www.freiburg-schwarzwald.de\/blog\/magdeburg-weihnachtsmarkt\/\">Magdeburg Weihnachtsmarkt<\/a>\u00a0(22.12.2024)<\/li>\n<li><a href=\"https:\/\/www.freiburg-schwarzwald.de\/blog\/global\/deutschland\/verwahrlosung\/\">Friedrich Pohlmann: Wie unsere Gesellschaft aussieht \u2013 vulg\u00e4rdekadent, \u00fcberfremdet, verwahrlost<\/a>\u00a0(17.11.2024)<\/li>\n<li><a href=\"https:\/\/www.freiburg-schwarzwald.de\/blog\/global\/integration\/asyl\/asylrecht\/\">Hamer: Asylrecht mu\u00df wieder Ausnahme-Individualrecht werden<\/a>\u00a0(18.10.2024)<\/li>\n<li><a href=\"https:\/\/www.freiburg-schwarzwald.de\/blog\/aufnahmekapazitaetn-erschoepft\/\">Aufnahmekapazit\u00e4ten ersch\u00f6pft<\/a>\u00a0(8.9.2024)<\/li>\n<li><a href=\"https:\/\/www.freiburg-schwarzwald.de\/blog\/global\/migration\/versorgungsmigration\/\">Ahmet Refii Dener: Fl\u00fcchtlingsideologie am Limit<\/a> (30.8.2024)<\/li>\n<li><a href=\"https:\/\/www.freiburg-schwarzwald.de\/blog\/politische-vernunft-in-d\/\">Politische Vernunft in D<\/a>\u00a0(29.8.2024)<\/li>\n<li><a href=\"https:\/\/www.freiburg-schwarzwald.de\/blog\/signale-southport-und-berlin\/\">Signale von Southport 29.6.2024 und Berlin 3.8.2024<\/a>\u00a0(8.8.2024)<\/li>\n<li><a href=\"https:\/\/www.freiburg-schwarzwald.de\/blog\/verantwortungslose-wendehaelse\/\">Verantwortungslose Wendeh\u00e4lse<\/a>\u00a0(1.8.2024)<\/li>\n<li><a href=\"https:\/\/www.freiburg-schwarzwald.de\/blog\/global\/integration\/auslaenderkriminalitaet\/\">Kriminalit\u00e4tsraten 2023: Afghanen, Syrer, Iraker, Chinesen<\/a>\u00a0(26.6.2024)<\/li>\n<li><a href=\"https:\/\/www.freiburg-schwarzwald.de\/blog\/boese-oder-tolerierbare-gewalt\/\">B\u00f6se oder tolerierbare Gewalt<\/a>\u00a0(20.6.2024)<\/li>\n<li><a href=\"https:\/\/www.freiburg-schwarzwald.de\/blog\/einfache-sprache-nachrichten\/\">Einfache Sprache \u2013 Nachrichten<\/a>\u00a0(16.6.2014)<\/li>\n<li><a href=\"https:\/\/www.freiburg-schwarzwald.de\/blog\/wangen-syrer-ersticht-kleinkind\/\">Wangen: Syrer sticht Kleinkind<\/a>\u00a0(8.4.2024)<\/li>\n<li><a href=\"https:\/\/www.freiburg-schwarzwald.de\/blog\/tourismus\/gastro\/gasthaus\/thurner\/\">Brand \u2013 Timeout Thurner: \u201eTeils feindselige Haltung der Bev\u00f6lkerung\u201c<\/a>\u00a0(12.3.2024)<\/li>\n<li><a href=\"https:\/\/www.freiburg-schwarzwald.de\/blog\/global\/france\/frankreich2022\/\">Sprachproblem erschwert Migration in D noch mehr als in F<\/a> (19.2.2024)<\/li>\n<li><a href=\"https:\/\/www.freiburg-schwarzwald.de\/blog\/global\/integration\/ghetto\/\">Hasso Plattner (SAP): Ganze Stadtteile \u00fcbernommen von Arabern<\/a> (7.2.2024)<\/li>\n<li><a href=\"https:\/\/www.freiburg-schwarzwald.de\/blog\/bildung\/pisa\/\">Prof. Hans Peter Klein zu Pisa: Migration aus bildungsfernen Schichten<\/a>\u00a0(15.12.2023)<\/li>\n<li><a href=\"https:\/\/www.freiburg-schwarzwald.de\/blog\/global\/integration\/abschiebung\/remigration\/\">Schweizer Unternehmen bietet an: Abschiebung f\u00fcr 50 Mrd Euro<\/a>\u00a0(22.11.2023)<\/li>\n<li><a href=\"https:\/\/www.freiburg-schwarzwald.de\/blog\/fussball-deutschland-tuerkei-23\/\">Fussball: Deutschland \u2013 T\u00fcrkei 2:3<\/a>\u00a0(19.11.2023)<\/li>\n<li><a href=\"https:\/\/www.freiburg-schwarzwald.de\/blog\/radikalisierte-islam-jugend\/\">Radikalisierte Islam-Jugend<\/a>\u00a0(11.11.2023)<\/li>\n<li><a href=\"https:\/\/www.freiburg-schwarzwald.de\/blog\/la-femme-nest-plus-respectee\/\">La femme n\u2019est plus respect\u00e9e<\/a>\u00a0(17.8.2023)<\/li>\n<li><a href=\"https:\/\/www.freiburg-schwarzwald.de\/blog\/religion\/juden\/judenhass2021\/\">\u201eVon Arabern verpr\u00fcgelt, weil ich Jude bin\u201c: Dieser Fall muss uns wachr\u00fctteln<\/a>\u00a0(7.8.2023)<\/li>\n<li><a href=\"https:\/\/www.freiburg-schwarzwald.de\/blog\/global\/migration\/migration2021\/\">Bis zu 550.000 Gefl\u00fcchtete br\u00e4uchten Therapie<\/a>\u00a0(25.7.2023)<\/li>\n<li><a href=\"https:\/\/www.freiburg-schwarzwald.de\/blog\/global\/integration\/parallelgesellschaft\/\">Parallelstrukturen verhindern Integration<\/a>\u00a0(30.6.2023)<\/li>\n<li>Tichys Talk; Migration und Integration &#8211; Was l\u00e4uft schief? (15.6.2023)<\/li>\n<li><a href=\"https:\/\/www.freiburg-schwarzwald.de\/blog\/annecy-syrer-messert-kinder\/\">Annecy: Syrer messert Kinder<\/a>\u00a0(7.6.2023)<\/li>\n<li><a href=\"https:\/\/www.freiburg-schwarzwald.de\/blog\/global\/migration\/migrantenkinder\/\">Kinder-Stra\u00dfenfest in Berlin Kreuzberg: Verschleierung<\/a> (4.6.2023)<\/li>\n<li><a href=\"https:\/\/www.freiburg-schwarzwald.de\/blog\/bildung\/bildungsprekariat\/\">70 Prozent der Zuwanderer ohne jede schulische Vorbildung<\/a>\u00a0(2.5.2023)<\/li>\n<li><a href=\"https:\/\/www.freiburg-schwarzwald.de\/blog\/syrer-vergewaltigt-freier-mann\/\">Syrer vergewaltigt \u2013 freier Mann<\/a>\u00a0(3.3.2023)<\/li>\n<li><a href=\"https:\/\/www.freiburg-schwarzwald.de\/blog\/selbsthilfe\/soziales\/sozialstaat\/\">Auf dem Sozialamt geboren: Deutschland in einem Lebenslauf beschrieben<\/a>\u00a0(20.2.2023)<\/li>\n<li><a href=\"https:\/\/www.freiburg-schwarzwald.de\/blog\/global\/migration\/migration2021\/\">Juli Zeh: Fl\u00fcchtlingspolitik des Jahres 2015 pr\u00e4gt Stimmung in D<\/a>\u00a0(21.1.2023)<\/li>\n<li><a href=\"https:\/\/www.freiburg-schwarzwald.de\/blog\/kultur\/dichter\/houellebecq\/\">Houellebecq Onfray: Diskussion<\/a>\u00a0(17.1.2023)<\/li>\n<li><a href=\"https:\/\/www.freiburg-schwarzwald.de\/blog\/gewaltmonopol-und-integration\/\">Gewaltmonopol und Integration<\/a>\u00a0(9.1.2023)<\/li>\n<li><a href=\"https:\/\/www.freiburg-schwarzwald.de\/blog\/engagement\/zukunft\/demokratie\/staatsbuergerschaft\/\">Doppelstaatsb\u00fcrgerschaft \u2013 Der Denkfehler der identit\u00e4ren Linken<\/a>\u00a0(20.12.2022)<\/li>\n<li><a href=\"https:\/\/www.freiburg-schwarzwald.de\/blog\/global\/integration\/migrationsindustrie\/\">Integrationsmanager: Versagen in Illerkirchberg<\/a>\u00a0(13.12.2022)<\/li>\n<li><a href=\"https:\/\/www.freiburg-schwarzwald.de\/blog\/schuelerinnen-ulm-messermord\/\">Sch\u00fclerinnen Ulm \u2013 Messermord<\/a>\u00a0(6.12.2022)<\/li>\n<li><a href=\"https:\/\/www.freiburg-schwarzwald.de\/blog\/macheten-mord-ludwigshafen\/\">Macheten-Mord Ludwigshafen<\/a>\u00a0(20.10.2022)<\/li>\n<li><a href=\"https:\/\/www.freiburg-schwarzwald.de\/blog\/regio\/heimat\/fremdheit\/\">Muslime in Br\u00fcssel: Hauptstadt von Europa oder Eurabia?<\/a>\u00a0(17.9.2022)<\/li>\n<li><a href=\"https:\/\/www.freiburg-schwarzwald.de\/blog\/selbsthilfe\/krise\/gewalt\/raub\/\">Bremen: Handwerker von \u201eMann\u201c ausgeraubt, keiner hilft<\/a>\u00a0(21.6.2022)<\/li>\n<li><a href=\"https:\/\/www.freiburg-schwarzwald.de\/blog\/regio\/orte\/stuttgart\/\">Stuttgarter Innenstadt an Wochenenden: \u201emigrantisch gepr\u00e4gt \u2026 wie im Affenzirkus\u201c<\/a>\u00a0(26.1.2022)<\/li>\n<li>Die Integrationssaga &#8211; negative Folgen der Zuwanderung (12.11.2021)<\/li>\n<li><a href=\"https:\/\/www.freiburg-schwarzwald.de\/blog\/religion\/islam\/islamisierung\/\">Islam-Terror ist Alltag geworden: 1500 offene Verfahren<\/a>\u00a0(7.9.2021)<\/li>\n<li><a href=\"https:\/\/www.freiburg-schwarzwald.de\/blog\/selbsthilfe\/krise\/gewalt\/ueberfall\/\">Jeden Tag ein \u00dcberfall in Freiburg \u2013 Nicht der Rede wert<\/a>\u00a0(16.9.2021)<\/li>\n<li><a href=\"https:\/\/www.freiburg-schwarzwald.de\/blog\/625-gegen-weitere-migranten\/\">62,5 % gegen weitere Migranten<\/a>\u00a0(23.6.2021)<\/li>\n<li><a href=\"https:\/\/www.freiburg-schwarzwald.de\/blog\/selbsthilfe\/krise\/gewalt\/kriminalstatistik\/\">Jeder zweite Sexualstraft\u00e4ter ist Ausl\u00e4nder<\/a>\u00a0(15.6.2021)<\/li>\n<li><a href=\"https:\/\/www.freiburg-schwarzwald.de\/blog\/patienten-mit-kommunikationsbarriere\/\">Patienten mit Kommunikationsbarriere: Migration \u2013 Intensivstation<\/a>\u00a0(3.3.2021)<\/li>\n<li><a href=\"https:\/\/www.freiburg-schwarzwald.de\/blog\/migration-75-ohne-ausweis\/\">Migration: 75% kommen ohne Ausweis<\/a>\u00a0(26.2.2021)<\/li>\n<li><a href=\"https:\/\/www.freiburg-schwarzwald.de\/blog\/bildung\/bildung-integration\/\">Integrationsvergeblichkeit zwischen Gebildeten und Bildungsfernen<\/a>\u00a0(3.1.2021)<\/li>\n<li><a title=\"Migrationspolitik\" href=\"https:\/\/www.freiburg-schwarzwald.de\/blog\/global\/migration\/migrationspolitik\/\">Fritz S\u00f6llner: Der H\u00f6hepunkt der (Migrations-)Krise kommt noch<\/a>\u00a0(20.5.2020)<\/li>\n<li><a title=\"Supermarkt Lebensmittellecker\" href=\"https:\/\/www.freiburg-schwarzwald.de\/blog\/supermarkt-lebensmittellecker\/\">Supermarkt \u2013 Lebensmittellecker aus Tunesien<\/a>\u00a0(14.4.2020)<\/li>\n<li><a title=\"Xavier Naidoo: Ihr seid verloren\" href=\"https:\/\/www.freiburg-schwarzwald.de\/blog\/xavier-naidoo-ihr-seid-verloren\/\">Xavier Naidoo: Ihr seid verloren<\/a>\u00a0(12.3.2020)<\/li>\n<li><a title=\"Fluechtlingshelfer\" href=\"https:\/\/www.freiburg-schwarzwald.de\/blog\/global\/integration\/fluechtlingshelfer\/\">Basisinitiative Fl\u00fcchtlingshilfe \u2013 Rebecca Sommer<\/a>\u00a0(1.1.2020)<\/li>\n<li><a title=\"Kriminalstatistik\" href=\"https:\/\/www.freiburg-schwarzwald.de\/blog\/selbsthilfe\/krise\/gewalt\/kriminalstatistik\/\">Migranten sind zehnmal \u00f6fter mordverd\u00e4chtig<\/a>\u00a0(17.12.2019)<\/li>\n<li><a title=\"Aufschrei Trauer MeToo \u2013 nichts\" href=\"https:\/\/www.freiburg-schwarzwald.de\/blog\/aufschrei-trauer-metoo-nichts\/\">Aufschrei Trauer MeToo \u2013 Nichts<\/a>\u00a0(11.12.2019)<\/li>\n<li><a title=\"Augsburg: Feuerwehrmann tot\" href=\"https:\/\/www.freiburg-schwarzwald.de\/blog\/augsburg-feuerwehrmann-tot\/\">Augsburg: Feuerwehrmann tot<\/a>\u00a0(10.12.2019)<\/li>\n<li><a title=\"Islam-Deutschland\" href=\"https:\/\/www.freiburg-schwarzwald.de\/blog\/religion\/islam\/islam-deutschland\/\">Schr\u00f6ter: Islamisierung \u2013 der Druck von DITIB, IGMG und ZdM nimmt zu<\/a>\u00a0(17.11.2019<\/li>\n<li><a title=\"Schuld\" href=\"https:\/\/www.freiburg-schwarzwald.de\/blog\/engagement\/zukunft\/schuld\/\">Murray: Integration in eine von Schuld zermarterte Kultur geht nicht<\/a> (23.5.2019)<\/li>\n<li><a href=\"https:\/\/www.freiburg-schwarzwald.de\/blog\/gewalt-an-grundschulen-in-fr\/\">https:\/\/www.freiburg-schwarzwald.de\/blog\/gewalt-an-grundschulen-in-fr\/<\/a>\u00a0(14.4.2019)<\/li>\n<li>Maa\u00dfen:\u00a0Integration in Parallelgesellschaften, nicht aber in deutsche Gesellschaft (11.4.2019)<\/li>\n<li><a href=\"https:\/\/www.freiburg-schwarzwald.de\/blog\/jugendliche-pruegelei-amberg\/\">https:\/\/www.freiburg-schwarzwald.de\/blog\/jugendliche-pruegelei-amberg\/<\/a>\u00a0(31.12.2018)<\/li>\n<li><a href=\"https:\/\/www.freiburg-schwarzwald.de\/blog\/engagement\/zukunft\/demografie\/bevoelkerungsaustausch\/\">Berlins Bildungssenatorin Astrid-Sabine Busse: \u201eSie bleiben einfach untereinander\u201c<\/a>\u00a0(21.11.2018)<\/li>\n<li>Integration setzt soziale Identit\u00e4t der Deutschen voraus&#8216; (31.10.2018)<\/li>\n<li>Hamed Abdel-Samad: Integration in D l\u00e4uft falsch (2.12.2018)<\/li>\n<li>Tibi: Scheitert die Integration der Muslime, dann &#8222;Selbstmord Europas&#8220; (29.11.2018)<\/li>\n<li>Fl\u00fcchtling zur Integration: &#8222;Von Anfang an zum Scheitern verurteilt\u201c (28.9.2018)<\/li>\n<li>Marcel Zhu: Sozialstaat und offene Grenzen schie\u00dfen sich aus (24.4.2018)<\/li>\n<li>Hans-Werner Sinn: Verantwortungs- statt Gesinnungsethik mu\u00df Migration leiten (16.4.2018)<\/li>\n<li>Integration braucht eine Mehrheitsgesellschaft (15.4.2018)<\/li>\n<li><\/li>\n<li><a href=\"https:\/\/www.freiburg-schwarzwald.de\/blog\/global\/tuerkei\/ehre\/\">Akif Pirincci: Das Schlachten hat begonnen<\/a>\u00a0(25.3.2013)<\/li>\n<li><a href=\"https:\/\/www.freiburg-schwarzwald.de\/blog\/vereine\/partei\/afd\/afd-migration\/\">AfD-Migration<\/a><\/li>\n<li><a title=\"Asyl\" href=\"https:\/\/www.freiburg-schwarzwald.de\/blog\/global\/integration\/asyl\/\">Asyl<\/a><\/li>\n<li><a href=\"https:\/\/www.freiburg-schwarzwald.de\/blog\/global\/integration\/asyl\/asylrecht\/\">Asylrecht<\/a><\/li>\n<li><a title=\"Augsburg061219tod-nach-sturz\" href=\"https:\/\/www.freiburg-schwarzwald.de\/blog\/global\/migration\/augsburg061219tod-nach-sturz\/\">Augsburg061219Tod-nach-Sturz<\/a><\/li>\n<li><a href=\"https:\/\/www.freiburg-schwarzwald.de\/blog\/global\/integration\/auslaenderkriminalitaet\/\">Auslaenderkriminalitaet<\/a><\/li>\n<li><a href=\"https:\/\/www.freiburg-schwarzwald.de\/blog\/bildung\/bildung-integration\/\">Bildung-Integration<\/a><\/li>\n<li><a title=\"Bruessel22-3-2016\" href=\"https:\/\/www.freiburg-schwarzwald.de\/blog\/engagement\/zukunft\/demokratie\/bruessel22-3-2016\/\">Bruessel-22-3-2016<\/a><\/li>\n<li><a title=\"Deutschland-kaputt\" href=\"https:\/\/www.freiburg-schwarzwald.de\/blog\/global\/deutschland\/deutschland-kaputt\/\">Deutschland-kaputt<\/a><\/li>\n<li><a href=\"https:\/\/www.freiburg-schwarzwald.de\/blog\/kultur\/deutsch\/deutsche-sprache\/\">deutsche-Sprache<\/a><\/li>\n<li><a title=\"Ehre\" href=\"https:\/\/www.freiburg-schwarzwald.de\/blog\/global\/tuerkei\/ehre\/\">Ehre<\/a><\/li>\n<li><a title=\"Fluechtlinge\" href=\"https:\/\/www.freiburg-schwarzwald.de\/blog\/global\/integration\/fluechtlinge\/\">Fl\u00fcchtlinge<\/a><\/li>\n<li><a title=\"Fluechtlinge2016\" href=\"https:\/\/www.freiburg-schwarzwald.de\/blog\/global\/integration\/fluechtlinge2016\/\">Fl\u00fcchtlinge2016<\/a><\/li>\n<li><a title=\"Fluechtlinge-Chance\" href=\"https:\/\/www.freiburg-schwarzwald.de\/blog\/global\/integration\/fluechtlinge-chance\/\">Fl\u00fcchtlinge \u2013 Chance<\/a><\/li>\n<li><a title=\"Fluechtlinge-Paten\" href=\"https:\/\/www.freiburg-schwarzwald.de\/blog\/global\/integration\/fluechtlinge-paten\/\">Fluechtlinge-Paten<\/a><\/li>\n<li><a title=\"Fluechtlinge-Pflichten\" href=\"https:\/\/www.freiburg-schwarzwald.de\/blog\/global\/integration\/fluechtlinge-pflichten\/\">Fluechtlinge-Pflichten<\/a><\/li>\n<li><a title=\"Fluechtlingslager\" href=\"https:\/\/www.freiburg-schwarzwald.de\/blog\/global\/migration\/fluechtlingslager\/\">Fl\u00fcchtlingslager<\/a><\/li>\n<li><a title=\"Fluechtlingsaktivisten\" href=\"https:\/\/www.freiburg-schwarzwald.de\/blog\/global\/migration\/fluechtlingsaktivisten\/\">Fluechtlingsaktivisten\u00a0<\/a><\/li>\n<li><a title=\"Immigration\" href=\"https:\/\/www.freiburg-schwarzwald.de\/blog\/global\/integration\/immigration\/\">Immigration<\/a><\/li>\n<li><a title=\"Integration-Bringschuld\" href=\"https:\/\/www.freiburg-schwarzwald.de\/blog\/global\/integration\/integration-bringschuld\/\">Integration-Bringschuld<\/a><\/li>\n<li><a title=\"Integration-Islam\" href=\"https:\/\/www.freiburg-schwarzwald.de\/blog\/global\/integration\/integration-islam\/\">Integration-Islam<\/a><\/li>\n<li><a title=\"Integrieren\" href=\"https:\/\/www.freiburg-schwarzwald.de\/blog\/global\/integration\/integrieren\/\">Integrieren<\/a><\/li>\n<li><a title=\"Interkulturelle-Oeffnung\" href=\"https:\/\/www.freiburg-schwarzwald.de\/blog\/global\/integration\/interkulturelle-oeffnung\/\">Interkulturelle-Oeffnung<\/a><\/li>\n<li><a href=\"https:\/\/www.freiburg-schwarzwald.de\/blog\/religion\/juden\/judenhass2021\/\">Judenhass2021<\/a><\/li>\n<li><a href=\"https:\/\/www.freiburg-schwarzwald.de\/blog\/kultur\/kulturkampf\/migranten-deutsche\/\">Migranten-Deutsche<\/a><\/li>\n<li><a title=\"Migrationspolitik\" href=\"https:\/\/www.freiburg-schwarzwald.de\/blog\/global\/migration\/migrationspolitik\/\">Migrationspolitik ab 2020<\/a><\/li>\n<li><a href=\"https:\/\/www.freiburg-schwarzwald.de\/blog\/selbsthilfe\/krise\/gewalt\/raub\/\">Raub<\/a><\/li>\n<li><a href=\"https:\/\/www.freiburg-schwarzwald.de\/blog\/global\/integration\/abschiebung\/remigration\/\">Remigration<\/a><\/li>\n<li><a href=\"https:\/\/www.freiburg-schwarzwald.de\/blog\/bildung\/schulen\/schulbildung\/\">Schulbildung<\/a><\/li>\n<li><a title=\"Segregation\" href=\"https:\/\/www.freiburg-schwarzwald.de\/blog\/global\/integration\/segregation\/\">Segregation<\/a><\/li>\n<li><a href=\"https:\/\/www.freiburg-schwarzwald.de\/blog\/engagement\/zukunft\/demokratie\/staatsbuergerschaft\/\">Staatsbuergerschaft<\/a><\/li>\n<li><a href=\"https:\/\/www.freiburg-schwarzwald.de\/blog\/engagement\/zukunft\/demokratie\/tabu\/\">Tabu<\/a><\/li>\n<li><a href=\"https:\/\/www.freiburg-schwarzwald.de\/blog\/global\/deutschland\/verwahrlosung\/\">Verwahrlosung<\/a><\/li>\n<\/ul>\n<p><strong>Die meisten Migranten leben und arbeiten hier gerne und gewaltfrei<\/strong><br \/>\nDeshalb ist es gerade in ihrem Sinne, die wenigen Gewaltbereiten von ihrem Tun abzubringen. Durch Benennen und Ahnden von Gewalttaten sowie durch Pr\u00e4vention und Aufkl\u00e4rung.<br \/>\nAlle Migranten, die ich kenne, sind best\u00fcrzt \u00fcber die vom BKA gemeldete Zunahme der migrantischen Gewalt und deren Verschweigen bzw. Kleinreden. Diesen mu\u00df geholfen werden.<br \/>\n.<br \/>\n<strong>Migration: Integration bleibt das Ziel<\/strong><br \/>\nKeine Toleranz dem islam-motivierten Extremismus (Islamismus, politischer Islam)<br \/>\nDamit die Mehrheit der Migranten hier weiter friedlich leben kann<br \/>\n.<br \/>\n<strong>Desintegration ist erw\u00fcnscht<\/strong><br \/>\nPolitik und Medien sprechen kaum noch vom Ziel der Integration. &#8222;Desintegration ist erw\u00fcnscht. Ausl\u00e4nder, die sich wirklich integrieren, k\u00f6nnten schon in der n\u00e4chsten Generation auf die Idee kommen, Deutsche zu sein und &#8222;Wir sind das Volk&#8220; zu rufen&#8220;<br \/>\n&#8230; Alles von Michael Klonovsky am 18.6.2023 bitte <a href=\"https:\/\/www.freiburg-schwarzwald.de\/blog\/engagement\/zukunft\/demokratie\/nationalfeiertag\/17-juni-1953\/\">hier<\/a> lesen<br \/>\n=======================================================<\/p>\n<p><strong>Tichys Talk; Migration und Integration &#8211; Was l\u00e4uft schief?<\/strong><br \/>\nSeit 2015 sind Millionen Menschen nach Deutschland gekommen. Auch in diesem Jahr hat Deutschland \u00fcber eine Millionen Menschen aus der Ukraine aufgenommen, dazu sind kommen noch einmal mehr als 130.000 Asylbewerber aus anderen L\u00e4ndern. Und diese Zahl nimmt kontinuierlich immer weiter zu statt ab. Kommunen und L\u00e4nder schlagen Alarm, Landr\u00e4te schreiben Brandbriefe: Die Kapazit\u00e4ten sind mehr als ersch\u00f6pft, mehr k\u00f6nne nicht geleistet, nicht noch mehr Menschen aufgenommen werden, f\u00fcr kein F\u00f6rdergeld. Roland Tichy und Frank Henkel sprichen mit den G\u00e4sten des heutigen Tichys Einblick Talks zum Thema: Migration und Integration \u2013 was l\u00e4uft schief?<br \/>\nJosef Kraus ist ehemaliger Gymnasialdirektor und war 20 Jahre lang Pr\u00e4sident des Deutschen Lehrerverbandes. Kraus sagt: Das Bildungssystem ist heillos \u00fcberlastet. Es fehlt an Lehrern, weil die Politik ungez\u00fcgelte Migration zwar zugelassen, die Schulen aber nicht vorbereitet habe.<br \/>\nGrenzkontrollen, auch innerhalb des Schengenraums, fordert Rainer Wendt, Vorsitzender der Deutschen Polizeigewerkschaft. \u201eEs ist dieselbe Situation wie 2015\u201c, sagt er. \u201eWir haben keinen Kontrollverlust, wir haben einen Kontrollverzicht!\u201c.<br \/>\nMatthias Nikolaidis ist Journalist und berichtet f\u00fcr Tichys Einblick regelm\u00e4\u00dfig \u00fcber Migration<br \/>\n&#8230; Alles vom 15.6.2023 bitte lesen auf<br \/>\n<a href=\"https:\/\/www.tichyseinblick.de\/video\/tichys-ausblick\/migration-und-integration-was-laeuft-schief\/\">https:\/\/www.tichyseinblick.de\/video\/tichys-ausblick\/migration-und-integration-was-laeuft-schief\/<\/a><\/p>\n<p>&nbsp;<\/p>\n<p><strong>Die Integrationssaga<\/strong><br \/>\n<strong>Negative Folgen der unkontrollierten Zuwanderung nach Deutschland<\/strong><br \/>\nvon Martin Wagener<br \/>\nDie Zuwanderungspolitik ist erfolgreich aus dem Bundestagswahlkampf 2021 herausgehalten worden. Bis zum Schlu\u00df wurde ein Thema gemieden, das im Falle einer offenen Diskussion erhebliche Zentrifugalkr\u00e4fte entfalten kann. Die aktuellen Entwicklungen deuten darauf hin, da\u00df sich dies bald \u00e4ndern wird. Nach der Hochphase der Corona-Pandemie werden die Grenzen wieder durchl\u00e4ssiger, was auch den Migrationsdruck auf die Mitte Europas erh\u00f6ht. Deutschland wird mit weiterer Zuwanderung rechnen m\u00fcssen. 2020 wurden 102.581 Erstantr\u00e4ge auf Asyl gestellt, von Januar bis Oktober 2021 waren es bereits 114.966.<\/p>\n<p>Von einer aktiven Gestaltung dieses Prozesses ist die Bundesregierung weit entfernt. Die Grenze kann und soll nicht gesch\u00fctzt werden, da alle gesellschaftlichen Weichen Richtung multikulturelle Willensnation gestellt worden sind. Artikel 16a Absatz 2 des Grundgesetzes ist de facto au\u00dfer Kraft gesetzt worden. Wer illegal einreisen m\u00f6chte, der schafft es auch. Viele Migranten d\u00fcrften zudem mitbekommen haben, da\u00df aus dem deutschen Asylrecht in der Praxis ein Bleiberecht geworden ist. Die sich am Horizont abzeichnende neue Bundesregierung aus SPD, Gr\u00fcnen und FDP d\u00fcrfte diese Lage versch\u00e4rfen, wie j\u00fcngste Forderungen nach einem leichteren Familiennachzug zeigen.<\/p>\n<p>Auch ein Bundeskanzler Olaf Scholz wird dann an jener Integrationssaga festhalten, die seit der \u00c4ra von Gerhard Schr\u00f6der einge\u00fcbt worden ist und seitdem im Stile einer maoistischen Massenkampagne \u00f6ffentlichkeitswirksam pr\u00e4sentiert wird: Zuwanderung sei, das ist die Basisannahme, grunds\u00e4tzlich eine Bereicherung. Sie sorge f\u00fcr hinreichend Arbeitskr\u00e4fte im Land, mit denen langfristig das Rentensystem stabilisiert werde. Die Aufnahme von Migranten sei f\u00fcrderhin unproblematisch, wenn die richtigen Integrationsma\u00dfnahmen durchgef\u00fchrt werden. Einheimische und Neuank\u00f6mmlinge m\u00fc\u00dften sich nur genug M\u00fche geben, dann funktioniere das Zusammenleben.<\/p>\n<p>Da\u00df Zuwanderung ein Gewinn f\u00fcr Deutschland sein kann, hat die Vergangenheit mehrfach gezeigt. Die Hugenotten aus Frankreich wurden zu einer St\u00fctze des preu\u00dfischen Staates. Am Wirtschaftswunder der fr\u00fchen Bundesrepublik hatten auch Migranten ihren Anteil. Das kulinarische Angebot ist durch Ausl\u00e4nder zweifellos bereichert worden. In vielerlei Hinsicht kann vom Fremden au\u00dferdem gelernt werden. W\u00fcrden sich die Deutschen zum Beispiel st\u00e4rker an den sozialen Umgangsformen von Taiwanern und Japanern orientieren, w\u00e4re dies ein Gewinn f\u00fcr das hiesige Zusammenleben. Ein vollkommen homogenes Volk kann daher niemand wollen, es w\u00e4re geistig und kulturell arm.<\/p>\n<p>Es ist also nicht die Zuwanderung per se, die als Problem markiert werden kann, sondern ihre Ausgestaltung. Kommen in zu kurzer Zeit zu viele Menschen in ein fremdes Land, \u00fcberfordern sie die Aufnahmegesellschaft. Passen dabei auch die kulturellen Schnittstellen nicht zusammen, werden die Herausforderungen gr\u00f6\u00dfer. Von einer Bereicherung kann sp\u00e4testens dann nicht mehr gesprochen werden, wenn es keinen Selektionsmechanismus gibt, der zwischen Qualifizierten und schlecht Ausgebildeten unterscheidet.<\/p>\n<p>Angela Merkel hatte die Lage eigentlich korrekt eingesch\u00e4tzt, als sie im November 2004 sagte: \u201eDie multikulturelle Gesellschaft ist grandios gescheitert.\u201c Im Oktober 2010 erkl\u00e4rte sie: \u201eDer Ansatz f\u00fcr Multikulti ist gescheitert, absolut gescheitert!\u201c<br \/>\nIn der praktischen Umsetzung folgte nichts aus dieser Erkenntnis. Ganz im Gegenteil: In der Amtszeit der Bundeskanzlerin ist der Anteil der in Deutschland lebenden Menschen mit Migrationshintergrund im weiten Sinne von 18,6 auf 26,7 Prozent (2020) angestiegen. Das hat zunehmende Konsequenzen f\u00fcr das Identit\u00e4tsgef\u00fchl vieler Autochthoner, die sich in ihren St\u00e4dten nicht mehr heimisch f\u00fchlen. In M\u00fcnchen liegt der Anteil von Menschen mit Migrationshintergrund im weiten Sinne bei 45,7 Prozent (2020), in Frankfurt am Main bei 54,1 Prozent (2019) und in Offenbach bei 63,9 Prozent (2020).<\/p>\n<p>Jenseits subjektiver Aspekte wie dem nat\u00fcrlichen Identit\u00e4tsbed\u00fcrfnis jener, die sich als Teil der deutschen Kulturnation betrachten, gibt es handfeste objektive, negative Folgen der Zuwanderung. Sie betreffen die Belastung der Staatskasse und die Schw\u00e4chung der inneren Sicherheit. Ein Blick auf die nachfolgenden Zahlen zeigt, warum die politisch-mediale Elite eine solche Debatte scheut. Sie verdeutlichen n\u00e4mlich, da\u00df die Integrationssaga auf beweglichem D\u00fcnensand aufbaut.<\/p>\n<p>Zun\u00e4chst kostet die unkontrollierte Zuwanderung Geld. Die fl\u00fcchtlingsbezogenen Belastungen des Bundeshaushalts (ohne Fluchtursachenbek\u00e4mpfung) sind f\u00fcr 2019 bis 2024 mit 71,7 Milliarden Euro angesetzt worden. Die deutsche Gesellschaft finanziert dabei viele Menschen, von denen sie in monet\u00e4rer Hinsicht langfristig nichts zu erwarten hat. 2020 hatten 46,2 Prozent der eingereisten Afghanen keine Schule besucht oder maximal Grundschulniveau erreicht (Nigerianer: 41 Prozent, Iraker: 42,1 Prozent, Somalier: 62 Prozent). Entsprechend gro\u00df ist die Wahrscheinlichkeit, ohne selbstgeneriertes Einkommen zu bleiben oder nur schlecht entlohnt zu werden. Die Bundesagentur f\u00fcr Arbeit stellte im August 2020 fest: \u201eZwei Drittel der Vollzeitbesch\u00e4ftigten aus den wichtigsten Asylherkunftsl\u00e4ndern waren Ende 2019 im unteren Entgeltbereich besch\u00e4ftigt.\u201c Sie \u00fcben zumeist Helfert\u00e4tigkeiten aus.<\/p>\n<p>Viele Zuwanderer werden mit ihren Jobs daher nicht nur einen geringen Beitrag zum Einkommensteueraufkommen leisten. Ihnen flie\u00dfen langfristig auch weitaus gr\u00f6\u00dfere Beitr\u00e4ge aus dem Renten- und Gesundheitswesen zu, als sie selbst einzahlen. Und das ist f\u00fcr nicht wenige bereits das Positiv-Szenario, soweit sie \u00fcberhaupt Arbeit finden. Als Bezieher von Arbeitslosengeld II (Hartz IV) sind Menschen mit Migrationshintergrund im weiten Sinne mit einem Anteil von 61,2 Prozent (2020) \u00fcberproportional vertreten. Selbiges gilt mit 57,1 Prozent (2020) f\u00fcr den Bereich der Sozialhilfe.<\/p>\n<p>Zu den Tabu-Themen geh\u00f6rt auch die Betrachtung der Wohnungsnot im unteren Einkommenssektor. Wenn viele Deutsche dar\u00fcber klagen, keine bezahlbare Bleibe mehr zu finden, hat dies auch etwas mit der unkontrollierten Zuwanderung zu tun. Von Anfang 2015 bis Oktober 2021 sind 1.884.573 Erstantr\u00e4ge auf Asyl gestellt worden. Viele dieser Menschen sind zu Konkurrenten auf dem Wohnungsmarkt geworden.<\/p>\n<p>Im Bereich der inneren Sicherheit sind die Probleme ebenso sichtbar. Dies bezieht sich nicht nur auf die oft zitierten \u201eAraber-Clans\u201c, die in der Summe \u00fcber eine St\u00e4rke von 200.000 Personen verf\u00fcgen sollen. Ausl\u00e4nder sind generell in den polizeilichen Kriminalstatistiken prominent vertreten. 2020 gab es in Deutschland 1.969.617 Tatverd\u00e4chtige. 33,7 Prozent waren \u2013 inklusive \u201ereisender T\u00e4ter\u201c \u2013 Ausl\u00e4nder (ohne Deutsche mit Migrationshintergrund), obwohl ihr Anteil an der Gesamtbev\u00f6lkerung bei 12,6 Prozent lag. Dieser \u00dcberhang l\u00e4\u00dft sich in vielen Deliktsfeldern beobachten: Gewaltkriminalit\u00e4t 38,2 Prozent; Mord, Totschlag und T\u00f6tung auf Verlangen 40,6 Prozent; Taschendiebstahl 73,4 Prozent. Anfang September 2021 wurde bekannt, da\u00df in den Hochwassergebieten Nordrhein-Westfalens 145 Tatverd\u00e4chtige ermittelt werden konnten. Ihnen wurden Straftaten zugeschrieben, die der Volksmund \u201ePl\u00fcnderungen\u201c nennt. \u00dcber 80 Prozent hatten nicht die deutsche Staatsangeh\u00f6rigkeit.<\/p>\n<p>Besonders gef\u00e4hrdet ist das weibliche Geschlecht, was auch damit zusammenh\u00e4ngt, da\u00df einem starken \u00dcberhang junger eingewanderter M\u00e4nner kein ad\u00e4quates Angebot junger Frauen aus der eigenen Ethnie gegen\u00fcbersteht. So kam es in der Silvesternacht von K\u00f6ln 2015\/16 zu einem Zivilisationsbruch vorher ungekannten Ausma\u00dfes. 661 Frauen berichteten, Opfer einer sexuellen Straftat geworden zu sein. Die Migrationskrise hat auf die Zunahme solcher Verbrechen katalytisch gewirkt. 2014 registrierte das Bundeskriminalamt 949 Straftaten gegen die sexuelle Selbstbestimmung, an denen Zuwanderer beteiligt waren. 2018 waren es bereits 6.046 F\u00e4lle (Steigerungsrate: 537,1 Prozent).<br \/>\nDie Zahl der Gruppenvergewaltigungen wird f\u00fcr 2020 mit 704 angegeben. Der Anteil der tatverd\u00e4chtigen Ausl\u00e4nder lag bei 46 Prozent, wobei Afghanen, Syrer und Iraker die Statistiken anf\u00fchren. Die Zahlen spiegeln sich in den Gef\u00e4ngnisbelegungen wider. Im Februar 2019 wurden die folgenden Angaben bekannt: In Hamburg waren 61 Prozent der Insassen Ausl\u00e4nder, in Berlin 51 Prozent und in Baden-W\u00fcrttemberg 48 Prozent.<\/p>\n<p>Da die Migration derzeit mehrheitlich aus dem islamischen Raum erfolgt, hat auch die Zahl der in Deutschland lebenden Muslime zugenommen \u2013 von 4,4 bis 4,7 Millionen Ende 2015 auf 5,3 bis 5,6 Millionen 2019. So ist jenes Milieu gewachsen, das erhebliche Probleme mit den Errungenschaften des Grundgesetzes hat. 2015\/16 f\u00f6rderte eine Umfrage zutage, da\u00df 47 Prozent der in Deutschland lebenden T\u00fcrken der Aussage zustimmen, die \u201eBefolgung der Gebote meiner Religion ist f\u00fcr mich wichtiger als die [der] Gesetze des Staates, in dem ich lebe\u201c. Auch antisemitische Vorf\u00e4lle haben im Zuge dieser Entwicklung zugenommen. Hinzu kommt die t\u00e4gliche Terrorismusgefahr. Das Bundesamt f\u00fcr Verfassungsschutz sch\u00e4tzt das Islamismus-Potential f\u00fcr 2020 auf 28.715 Personen.<\/p>\n<p>Sicherlich k\u00f6nnen die meisten Menschen mit Migrationshintergrund als treue Demokraten angesehen werden. Sie sind nicht besser und nicht schlechter als die Autochthonen. Dies sollte aber nicht dazu f\u00fchren zu ignorieren, da\u00df die Zuwanderung Unqualifizierter vor allem Kosten verursacht. Auch l\u00e4\u00dft sich nicht \u00fcbersehen, da\u00df in den vergangenen Jahrzehnten in Deutschland Parallelgesellschaften entstanden sind, die negative Folgen zeitigen. Damit ist mit Blick auf die innere Sicherheit das zentrale Argument angesprochen: Probleme gehen abstrakt nicht vom einzelnen Migranten aus, sondern von Milieus mit eigenen kulturellen Normen und tradierten Handlungsmustern, die mit dem Grundgesetz nicht vereinbar sind. Sie erleichtern im Einzelfall jenes Verhalten, das f\u00fcr die Gesellschaft zur Herausforderung werden kann.<\/p>\n<p>Dies wurde ein weiteres Mal deutlich, als im Fr\u00fchjahr 2021 bekannt geworden war, da\u00df in deutschen Krankenh\u00e4usern 50 bis 90 Prozent der Intensivbetten auf den Corona-Stationen von Migranten belegt werden. Daf\u00fcr sei, so hie\u00df es, unter anderem die Sprachbarriere verantwortlich, da viele Ausl\u00e4nder die ausgegebenen Verhaltensregeln nicht verstanden h\u00e4tten. Mangelnde Sprachkenntnisse sind wiederum ein typisches Merkmal einer Parallelgesellschaft.<\/p>\n<p>Je deutlicher sichtbar wird, da\u00df die Zuwanderungspolitik der Bundesregierung gescheitert ist, desto st\u00e4rker wird versucht, die Lage durch die Annahmen der Integrationssaga zu besch\u00f6nigen. Es ist wie im Krieg, wenn ein General nicht einsehen will, da\u00df die Schlacht verloren ist. Statt die Front zu verk\u00fcrzen, werden weitere Ressourcen im Gefecht vergeudet. Das l\u00e4\u00dft sich durchaus auf den betrachteten Fall \u00fcbertragen. Eine Frontverk\u00fcrzung w\u00fcrde bedeuten, der Gesellschaft eine Pause zu g\u00f6nnen, wozu die Zuwanderung aus Konsolidierungsgr\u00fcnden vorl\u00e4ufig zu stoppen w\u00e4re. Der absehbare Weg der neuen Bundesregierung wird dagegen die Grundlagen f\u00fcr interreligi\u00f6se und interethnische Konflikte weiter ausbauen.<br \/>\n&#8230; Alles vom 12.11.2021 von Prof Martin Wagenerbitte lesen in der JF 46\/21, Seite 18<\/p>\n<p><em>Prof. Dr. Martin Wagener, Jahrgang 1970, ist seit 2012 Professor f\u00fcr Politikwissenschaft mit dem Schwerpunkt Internationale Politik und Sicherheitspolitik am Fachbereich Nachrichtendienste der Hochschule des Bundes f\u00fcr \u00f6ffentliche Verwaltung in Berlin. In den Folgen 6 und 7 seines neuen Podcasts hat er das Thema dieses Beitrags vertieft.<\/em><br \/>\n<em><a href=\"https:\/\/martin-wagener.org\">website: https:\/\/martin-wagener.org<\/a><br \/>\nPodcast:<\/em> <a href=\"https:\/\/www.youtube.com\/watch?v=OgMBGthpKqI\">https:\/\/www.youtube.com\/watch?v=OgMBGthpKqI<\/a><\/p>\n<p>Martin Wagener: Kulturkampf um das Volk. Der Verfassungsschutz und die nationale Identit\u00e4t der Deutschen.<br \/>\nOlzog Verlag, Reinbek 2021, gebunden, 512 Seiten, 26 Euro<\/p>\n<p>.<\/p>\n<p>&nbsp;<\/p>\n<p><strong>Mansour: Widerstand von Migranten gegen Integration<\/strong><br \/>\n\u201eWer auf Familienehre basierende Strukturen als Hindernis gelingender Integration erkennt, trifft oft auf Widerstand: Das seien Traditionen, Teil der Identit\u00e4t von Gruppen, Kritik daran sei rassistisch und intolerant, man d\u00fcrfe Migranten nicht vorschreiben, wie sie zu leben h\u00e4tten. (\u2026) Wer verharmlost und kulturrelativistisch argumentiert, der macht sich mitschuldig. Ebenso, wer ideologisch begr\u00fcndete Verbrechen aus \u2018Ehre\u2019 strafrechtlich neutral einordnet, oder die verordnete Unm\u00fcndigkeit der Frauen als \u2018normale\u2019 kulturelle Erscheinung abtut.\u201c<br \/>\nAhmad Mansour, Psychologe, im \u201eTagesspiegel\u201c am 10. Februar<br \/>\n.<\/p>\n<p>&nbsp;<\/p>\n<p><strong>Maa\u00dfen: Integration in Parallelgesellschaften, nicht aber in deutsche Gesellschaft<\/strong><br \/>\n<em>&#8222;Die Integration ist m\u00f6glich, wenn man die rechtlichen Rahmenbedingungen schafft und auch die Leute dazu bringt, sich integrieren zu lassen oder sich zu integrieren. Integration kann man nicht nur anordnen, sondern Integration muss man auch fordern. Das ist die Erwartungshaltung, die man an jeden Ausl\u00e4nder haben muss, der zu uns kommt. <\/em><br \/>\n<em><strong>Und meine Sorge ist, dass es eine Integration gibt,<br \/>\naber keine Integration in die deutsche Gesellschaft,<br \/>\nsondern Integration in die arabische Gesellschaft,<br \/>\nin die salafistische Gesellschaft oder<br \/>\ndie t\u00fcrkische Gesellschaft in Deutschland,<br \/>\ndass wir also <a title=\"Parallelgesellschaft\" href=\"https:\/\/www.freiburg-schwarzwald.de\/blog\/global\/integration\/parallelgesellschaft\/\">Parallelgesellschaften<\/a> haben.<\/strong> <\/em><br \/>\n<em>Und das muss aus meiner Sicht mit aller Kraft verhindert werden.\u00a0(Das gesellschaftliche Klima) hat sich in den letzten Jahren aus meiner Sicht eher zum Schlechteren ver\u00e4ndert. Und das habe ich auch als Pr\u00e4sident des Bundesverfassungsschutzes mit Sorge gesehen. Vor dem Hintergrund, dass wir wahrgenommen haben, dass viele Menschen in Deutschland, die eigentlich zur b\u00fcrgerlichen Mitte z\u00e4hlten oder z\u00e4hlen, die CDU oder SPD gew\u00e4hlt haben, sich von den Parteien abgewendet haben und dann eine neue Partei, die AfD, Alternative f\u00fcr Deutschland, eine rechte Partei unterst\u00fctzten oder w\u00e4hlten.<\/em><br \/>\n<em>Das ist eine Abkehr im Grunde genommen von den bisherigen Parteien und eine Hinwendung zu einer ganz neuen Kraft. Etwas, was wir in anderen westeurop\u00e4ischen L\u00e4ndern auch schon gesehen haben. Angefangen in den Niederlanden oder auch in Italien oder auch in Frankreich. <\/em><br \/>\n<em>Aber das f\u00fchrt auch zu einem Aufbrechen des bisherigen Parteiensystems, zu einer Erosion kann man sagen auch des Vertrauens in das Funktionieren des bisherigen Parteiensystems. Und eine Abkehr von Menschen von dieser Demokratie. Und das hat und erf\u00fcllt mich heute noch mit Sorge, dass diese Entwicklung nicht gestoppt ist, sondern noch weiter geht.&#8220;<\/em><br \/>\n11.4.2019, Hans-Georg Maa\u00dfen\u00a0 (Auszug aus <a title=\"Maa\u00dfen zur Meinungsdiktatur\" href=\"https:\/\/www.freiburg-schwarzwald.de\/blog\/maassen-zur-meinungsdiktatur\/\">TV-Interview im ungarischen Fernsehen<\/a>)<\/p>\n<p>Das \u201egesprochene Wort\u201c hier:\u00a0<a href=\"https:\/\/www.youtube.com\/watch?v=kvUak6QFocQ\">https:\/\/www.youtube.com\/watch?v=kvUak6QFocQ<\/a><br \/>\n&#8230; Alles vom 11.4.2019 bitte lesen auf<br \/>\n<a href=\"https:\/\/www.tichyseinblick.de\/feuilleton\/medien\/hans-georg-maassen-tacheles-im-ungarischen-staatsfernsehen\/\">https:\/\/www.tichyseinblick.de\/feuilleton\/medien\/hans-georg-maassen-tacheles-im-ungarischen-staatsfernsehen\/<br \/>\n<\/a>.<br \/>\n\u2013 <a title=\"Maa\u00dfen zur Meinungsdiktatur\" href=\"https:\/\/www.freiburg-schwarzwald.de\/blog\/maassen-zur-meinungsdiktatur\/\">Maa\u00dfen im TV-Interwiew zur Meinungsdiktatur<\/a><br \/>\n\u2013\u00a0<a title=\"Abschiebung\" href=\"https:\/\/www.freiburg-schwarzwald.de\/blog\/global\/integration\/abschiebung\/\">Maa\u00dfen im TV-Interview zu ausbleibenden Abschiebungen<\/a><br \/>\n\u2013\u00a0Maa\u00dfen im TV-Interview zur Integration in die Parallelgesellschaften (siehe oben)<\/p>\n<p>..<\/p>\n<p><strong>Integration setzt soziale Identit\u00e4t der Deutschen voraus&#8216;<\/strong><br \/>\nW\u00e4hrend die Notwendigkeit pers\u00f6nlicher Identit\u00e4t noch anerkannt wird, gilt das nicht f\u00fcr die soziale Identit\u00e4t. Dabei trifft sowohl auf Individuen, als auch auf Gesellschaften zu, dass stabile Selbstbehauptung nur mit der Ausbildung einer starken Identit\u00e4t m\u00f6glich ist.<br \/>\nErst durch soziale Identit\u00e4t ist ein Mensch oder eine Gesellschaft in der Lage, sozial zu interagieren und soziale R\u00e4ume zu gestalten.<br \/>\n<em><strong>Eine Gesellschaft, die Angst vor ihrer eigenen Identit\u00e4t hat,<br \/>\nkann keine positiven Angebote zur Integration machen.<\/strong><\/em><br \/>\nDeshalb kann von Integration in Deutschland keine Rede sein. Gesch\u00e4tzte 90% der Migranten, die zu uns gekommen sind, leben in Parallelgesellschaften.<br \/>\n&#8230; Alles von Vera Lengsfeld vom 31.10.2018 bitte lesen auf<br \/>\n<a href=\"https:\/\/vera-lengsfeld.de\/2018\/10\/31\/die-wiedergutmacher-das-nachkriegstrauma-und-die-fluechtlingskrise\/\">https:\/\/vera-lengsfeld.de\/2018\/10\/31\/die-wiedergutmacher-das-nachkriegstrauma-und-die-fluechtlingskrise\/<\/a><\/p>\n<p>&nbsp;<\/p>\n<p><strong>Hamed Abdel-Samad: Integration in D l\u00e4uft falsch<\/strong><br \/>\nAlso l\u00e4uft bei der Integration einiges falsch?<br \/>\nAbsolut. Statt zu integrieren, wird letztlich die Separation bef\u00f6rdert. Muslime werden in Deutschland nicht zu B\u00fcrgern eines s\u00e4kularen, weltoffenen Staates erzogen, sondern zu Menschen, die in archaischen Weltbildern verharren. Hier ist auf ganzer Breite ein staatliches Totalversagen zu konstatieren<br \/>\n\u2013 im wahrsten Sinne des Wortes verschleiert hinter einem g\u00e4nzlich missverstandenen Toleranzbegriff, der beispielsweise im Strafrecht die kulturelle Pr\u00e4gung islamischer Straft\u00e4ter nicht ber\u00fccksichtigt und durch zu milde Strafen das Recht selbst der L\u00e4cherlichkeit preisgibt, oder der durch Burkini und Kopftuch meint, den Glaubensorthodoxen entgegen kommen zu m\u00fcssen. Aber dieses Land ist nicht Saudi-Arabien, auch nicht Marokko. Und das darf es auch nicht werden.<br \/>\n&#8230;&#8230; Alles vom 2.12.2018 von Hamed Abdel-Samad bitte lesen auf<br \/>\n<a href=\"https:\/\/www.tichyseinblick.de\/meinungen\/hamed-abdel-samad-zur-initiative-saekularer-muslime\/\">https:\/\/www.tichyseinblick.de\/meinungen\/hamed-abdel-samad-zur-initiative-saekularer-muslime\/<\/a><\/p>\n<p><strong>Tibi: Scheitert die Integration der Muslime, dann &#8222;Selbstmord Europas&#8220;<\/strong><br \/>\nZu den gr\u00f6\u00dften Leistungen der europ\u00e4ischen Aufkl\u00e4rung geh\u00f6rt das Bild des Menschen als Individuum. Der Islam kennt dies nicht und verlangt von allen Muslimen, sich dem weltweiten Umma-Kollektiv zu unterwerfen. Integrationswillige Muslime sind daher herausgefordert, ihre Religion zu reformieren. Denn ein schriftfundamentalistischer Islam ist mit dem GG nicht vereinbar. Nur ein Reform-Islam ist integrationsf\u00e4hig. Bereits im Jahre 2004 habe ich in der Monografie \u201eDer neue Totalitarismus\u201c (WBG) diese Problematik untersucht. Der unreformierte Islam ist religi\u00f6ser Absolutismus. Die religi\u00f6se Aufladung von Politik durch den Islamismus m\u00fcndet nach Faschismus und Kommunismus in einem neuen Totalitarismus. Ich sehe keine M\u00f6glichkeit, wie eine Demokratie mit ihrem Normen die islamistische Ablehnung von Pluralismus der Religionen und der Gleichheit der Geschlechter zulassen kann. Hier liegen die Grenzen der Political Correctness und des kulturellen Relativismus. Die schicksalstr\u00e4chtigen Alternativen lauten: Europ\u00e4isierung des Islam oder Islamisierung Europas. Das ist der Inhalt meines Buches \u201eEuropa ohne Identit\u00e4t\u201c. Darin habe ich als Reform-Muslim mit Migrationshintergrund mein Integrationskonzept eines Euro-Islam entwickelt.<br \/>\nSumma Summarum: Die Integration des Islam und der Muslime in das s\u00e4kular-demokratische Europa ist eine Jahrhundertaufgabe und nicht mit Alimentierung, Sozialleistungen und Sprachkursen zu bew\u00e4ltigen. Integration m\u00fcssen beide Seiten wirklich wollen. Wenn dies mi\u00dflingt, dann muss man sich realistisch \u2013 wie warnende Buchtitel lauten \u2013, auf den \u201eSelbstmord Europas\u201c (Douglas Murray) oder auf \u201eDie letzten Tage Europas\u201c (Walter Laqueur) einstellen.<br \/>\n&#8230; Alles von Bassam Tibi vom 29.11.2018 bitte lesen auf<br \/>\n<a href=\"https:\/\/www.tichyseinblick.de\/gastbeitrag\/bassam-tibi-gehoert-der-islam-zu-deutschland\/\">https:\/\/www.tichyseinblick.de\/gastbeitrag\/bassam-tibi-gehoert-der-islam-zu-deutschland\/<\/a><\/p>\n<p><strong>Tibi mu\u00df wieder in D publizieren!<\/strong><br \/>\nLiebe Tichy Redaktion, herzlichen Gl\u00fcckwunsch dass Sie Prof. Tibi als Gastautor und profilierten, der Realit\u00e4t verpflichteten Islamkenner (Islamologe und eben kein schw\u00e4rmender, philologischer Islamwissenschaftler) gewonnen haben. Es war schon merkw\u00fcrdig, als dieses Land ab 2015 der h\u00f6heren Moral verpflichtet wurde, Tibis hintergr\u00fcndigen Beitr\u00e4ge zur Integration aber nur in der Basler Zeitung und in keiner deutschen Zeitung zu lesen waren. Ich hoffe, Herr Tibi kehrt aus dem erzwungenen Schweizer Schreib-Exil zur\u00fcck und uns hier auf dem Laufenden h\u00e4lt. Dass er weiter seine Finger in die gro\u00dfteils von Frau Merkel zu verantwortenden Migrations-Wunden legt und uns weiter mit profunden Hintergr\u00fcnden versorgt. Nicht nur daf\u00fcr kaufe ich regelm\u00e4\u00dfig sehr gerne die Printausgabe, in der er schon zu lesen war.<br \/>\n29.11.2018, R.P, TO<br \/>\n.<br \/>\n<strong>Deutschland ist ein Desintegrationsland<\/strong><br \/>\nGehen Sie ruhig einen Schritt weiter, Herr Tibi. Deutschland ist ein Desintegrationsland. W\u00e4hrend fr\u00fcher in Deutschland die verschiedenen Meinungen zusammengef\u00fchrt wurden, hat Merkel zu einer starken Segmentierung der Bev\u00f6lkerung beigetragen, die sich immer st\u00e4rker durch Hass und Hetze polarisieren. Wenn Sie fragen, welcher Islam geh\u00f6rt zu Deutschland, dann frage ich Sie \u201c zu welchem Deutschland\u201c.<br \/>\n29.11.2018, V.S., TO<\/p>\n<p><strong>Ich bewundere Herrn Tibi<\/strong><br \/>\nf\u00fcr seine andauernden Bem\u00fchungen das Problem der islamischen Pr\u00e4senz in Europa durch Reformen des Islams zu entsch\u00e4rfen und hoffe dass er trotz seiner zeitweisen Resignation Erfolg haben wird. Es gibt jedoch auch Punkte wo ich ihm nicht zustimme. Z.B. die Behauptung es g\u00e4be nicht \u201eden Islam\u201c. Dieser definiert ein Glaubenssystem, dessen Anh\u00e4nger sich als Muslime bezeichnen und die ein sehr starkes Gruppengef\u00fchl haben. Es muss also grundlegende Kriterien geben, welche die Gruppe der Muslime definieren und die auch von allen Muslimen anerkannt sind \u2013 sonst g\u00e4be es diesen Zusammenhalt nicht. Solche Kriterien gibt es mit den f\u00fcnf S\u00e4ulen, dem Koran, den Hadithen, der Propheten-Biographie und der daraus abgeleiteten Scharia. Welche Hadithe nun im Detail anerkannt werden, darin unterscheiden sich die einzelnen Rechtsschulen. Grundlegend erkennen dies aber alle Muslime an \u2013 also gibt es sehr wohl \u201eden Islam\u201c. Problem ist, dass schon in diesen Grundlagen Gebote enthalten sind, die f\u00fcr Nichtmuslime inakzeptabel sind. Nat\u00fcrlich sind anerkennen und anwenden bei jedem Muslim verschieden. Doch allein die Anerkenntnis ist ein Problem. Tibi erkennt sehr sch\u00f6n, dass Loyalit\u00e4t, wie bei seiner iranischen Bekannten, ein zentraler Punkt ist. Es ist wunderbar, dass diese Deutsche sein will. Genau deshalb ist sie f\u00fcr mich auch Deutsche. Es funktioniert aber nicht, wenn sie gleichzeitig auch zu \u201edem Islam\u201c loyal sein will. Das wird Doppeldenk nach Orwell \u2013 das gleichzeitige f\u00fcr wahr halten zweier sich ausschlie\u00dfender Punkte. Sobald der Konflikt zutage tritt, weil man sich f\u00fcr eine Seite entscheiden muss, wird es zur Nagelprobe f\u00fcr die Loyalit\u00e4t. Und oft geht die Entscheidung dann eben nicht f\u00fcr Deutschland aus.<br \/>\n29.11.2018, A. , TO<\/p>\n<p>.<br \/>\n<strong>Fl\u00fcchtling zur Integration: &#8222;Von Anfang an zum Scheitern verurteilt\u201c<\/strong><br \/>\nZu sehr auf Fl\u00fcchtlinge eingegangen: Trotz guten Willens und aller Bem\u00fchungen wurden die Erwartungen vieler Fl\u00fcchtlinge seltsamerweise nicht erf\u00fcllt. Und diese haben reagiert mit Kritik und Undankbarkeit. Diese Reaktion war mir immer sehr peinlich, und ich f\u00fchlte mich dauernd in die Verlegenheit gebracht, mich f\u00fcr meine Landsleute und ihr Benehmen zu entschuldigen.<br \/>\nDeutschland hat darauf reagiert, indem es neue Ma\u00dfnahmen ergriffen hat, um sich der Lebensweise der Einwanderer anzupassen und sie zufriedenzustellen. So wurden zum Beispiel neue, auf unterschiedlichen Nationen und Sprachen ausgerichtete Moscheen gebaut, weil die verschiedenen Gruppierungen und Nationalit\u00e4ten einander nicht tolerieren. Wie soll man aber von den Deutschen erwarten, Toleranz zu zeigen, wenn die neuen G\u00e4ste dazu untereinander nicht einmal imstande sind?<br \/>\nDeshalb halte ich die deutsche Regierung f\u00fcr mitschuldig, weil sie zu sehr auf die Forderungen der Fl\u00fcchtlinge eingeht. Es scheint so, als ob die Deutschen den Fl\u00fcchtlingen mehr entgegen kommen als umgekehrt. All das wirkt auf mich und viele Deutsche unverst\u00e4ndlich.<br \/>\n&#8230; Alles vom 28.9.2018 von Majd Abboud bitte lesen auf<br \/>\n<a href=\"https:\/\/www.cicero.de\/innenpolitik\/asylpolitik-fluechtlinge-majd-abboud-merkel-afd-islam-terror-syrien\">https:\/\/www.cicero.de\/innenpolitik\/asylpolitik-fluechtlinge-majd-abboud-merkel-afd-islam-terror-syrien<\/a><br \/>\n.<\/p>\n<p><strong>Marcel Zhu: Sozialstaat und offene Grenzen schie\u00dfen sich aus<\/strong><br \/>\nDeutschland hat bereits eine gro\u00dfe soziale Unterschicht, in der fast acht Millionen entweder keine Arbeit haben oder nicht sozialversicherungspflichtig besch\u00e4ftigt sind (Bundesagentur f\u00fcr Arbeit, 2016), d.h. so wenig verdienen, dass sie staatliche Hilfe brauchen. Diese Zahl w\u00e4chst nun durch die Zuwanderung von Millionen Geringqualifizierten seit 2015 rasant. Eine berufliche Integration von Millionen geringqualifizierten Migranten in den gegenw\u00e4rtigen deutschen Arbeitsmarkt, sodass diese nicht mehr auf soziale Systeme angewiesen w\u00e4ren, ist aussichtslos, weil sich sowohl die Zahl freier Stellen in entsprechenden Wirtschaftssektoren als auch die beruflichen Anforderungen seit den 60er Jahren grundlegend ge\u00e4ndert haben.<br \/>\n<a title=\"Sozialstaat\" href=\"https:\/\/www.freiburg-schwarzwald.de\/blog\/selbsthilfe\/soziales\/sozialstaat\/\">Sozialstaat<\/a> und offene Grenze schlie\u00dfen sich gegenseitig aus. Sollte die Massenmigration Geringqualifizierter \u00fcber einen l\u00e4ngeren Zeitraum andauern, so f\u00fchrt das zwangsl\u00e4ufig mit der Zeit zum Kollaps der Sozialsysteme, die wir derzeit in Deutschland kennen.<br \/>\nOhne einen beruflichen Erfolg ist Integration kaum m\u00f6glich.<br \/>\n&#8230; Alles von Marcel Zhu vom 26.4.2018 bitte lesen auf<br \/>\n<a href=\"https:\/\/www.tichyseinblick.de\/kolumnen\/aus-aller-welt\/niedergang-und-wiederaufstieg-von-nationen-die-schicksalsfrage-deutschlands\/\">https:\/\/www.tichyseinblick.de\/kolumnen\/aus-aller-welt\/niedergang-und-wiederaufstieg-von-nationen-die-schicksalsfrage-deutschlands\/<\/a><\/p>\n<p><strong>Erst die Wirtschaftskrise wird helfen<\/strong><br \/>\nWenn es den Deutschen ans Geld geht \u2013 und ich meine richtig ans Geld \u2013 werden sie wach.<br \/>\nAllerdings zeigt die Erfahrung auch, dass dann das andere Extrem an die Macht kommen k\u00f6nnte und da schlie\u00dft sich der Kreis zu dem vom Autor hier anhand der chinesischen Lehre von den Gegens\u00e4tzlichkeiten beschriebenen Muster.<br \/>\nAuch davor h\u00e4tte ich Angst.<br \/>\nAnderseits wird die kommende Wirtschafskrise so derma\u00dfen und unvergleichlich hart sein, dass es f\u00fcr viele Deutsche am Ende zum gleichen Ergebnis f\u00fchrt: Finis Germania.<br \/>\n<a href=\"https:\/\/www.focus.de\/finanzen\/boerse\/interview-mit-autor-des-draghi-crashs-banken-insider-warnt-in-zwei-jahren-fliegt-uns-das-system-um-die-ohren_id_8570527.html\">https:\/\/www.focus.de\/finanzen\/boerse\/interview-mit-autor-des-draghi-crashs-banken-insider-warnt-in-zwei-jahren-fliegt-uns-das-system-um-die-ohren_id_8570527.html<\/a><br \/>\n26.4.2018, J. TO<br \/>\n.<br \/>\n<strong>Thilo Sarrazin: Migration \u00fcber offeme Grenzen zerst\u00f6rt den Sozialstaat<\/strong><br \/>\n\u201eWer einen deutschen Grenzpfosten erreicht und das Wort Asyl aussprechen kann, kann mit mehr als 95 Prozent Wahrscheinlichkeit auf immer in Deutschland bleiben. Das bedroht langfristig die Grundfesten des deutschen Staatswesens und der deutschen Gesellschaft. Ohne wirksame Kontrolle der Grenzen und vollst\u00e4ndige Herrschaft \u00fcber die Entscheidung, wer zu uns kommen darf, ist weder der Sozialstaat noch unser ganzes Gesellschaftsmodell \u00fcberlebensf\u00e4hig.\u201c<br \/>\nThilo Sarrazin, SPD-Politiker, auf <a href=\"https:\/\/www.achgut.com\">www.achgut.com<\/a> am 23. April 2018<\/p>\n<p>&nbsp;<\/p>\n<p>&nbsp;<\/p>\n<p>&nbsp;<\/p>\n<p><strong>Hans-Werner Sinn: Verantwortungs- statt Gesinnungsethik mu\u00df Migration leiten<\/strong><br \/>\nBei der Frage, wie mit dem Problem der Fl\u00fcchtlingswelle und des damit f\u00fcr den deutschen Steuerzahler drohenden Sozialkollapses umzugehen ist, hilft ein Kurzstudium der philosophischen Theorie. Genauer: das bessere Verst\u00e4ndnis f\u00fcr den bedeutenden Unterschied zwischen <a title=\"Gesinnungsethik\" href=\"https:\/\/www.freiburg-schwarzwald.de\/blog\/engagement\/zukunft\/demokratie\/gesinnungsethik\/\">Gesinnungsethik<\/a>\u00a0und <a title=\"Haus mit offenen Fenstern\" href=\"https:\/\/www.freiburg-schwarzwald.de\/blog\/haus-mit-offenen-fenstern\/\">Verantwortungsethik<\/a>. Wenn\u2019s jetzt noch nicht klingelt: Es handelt sich um den weltber\u00fchmten Vortrag mit dem Titel \u201ePolitik als Beruf\u201c, den der renommierte deutsche Volkwirt und Soziologe Max Weber im Jahr 1919 als Inhaber des Lehrstuhls f\u00fcr National\u00f6konomie an der Ludwig-Maximilians-Universit\u00e4t in M\u00fcnchen hielt.<br \/>\nWeber geht davon aus, dass alles ethisch orientierte Handeln diesen zwei ethischen Systemen unterliegt, jede Handlung also einer der beiden Tendenzen zugeschrieben werden kann. Wer demnach gesinnungsethisch handelt, richtet sich bei seinem Tun nach vorgegebenen Regeln und Werten. Die mittelbaren Konsequenzen seines Tuns hat er nicht im Blick.<br \/>\nMit anderen Worten: Wenn es eng wird, beruft sich der Gesinnungsethiker auf die gegebenen Richtlinien \u2013 und ist damit raus aus der Verantwortung. Dagegen handelt verantwortungsethisch derjenige, der eine Handlung nur nach ihren Folgen bewertet, ungeachtet der n\u00f6tigen Mittel, um diese durchzusetzen. Der Verantwortungsethiker tr\u00e4gt, wie der Name schon sagt, die volle Verantwortung f\u00fcr sein Tun, kann sich also nicht auf andere berufen. Kurz gesagt: Entscheidend ist f\u00fcr ihn, was hinten rauskommt.<br \/>\nAls Paradebeispiel, das die Unterschiede zwischen den beiden Ethiken deutlich aufzeigt, dient der Tyrannenmord, bei dem die Bev\u00f6lkerung vor der Entscheidung steht, einen Diktator umzubringen und somit die Lebensumst\u00e4nde im Land zu verbessern. Der Verantwortungsethiker w\u00fcrde sich dem Vorhaben aus voller \u00dcberzeugung anschlie\u00dfen, weil ihn nur die Folgen, also die besseren Lebensumst\u00e4nde interessieren. Der Gesinnungsethiker w\u00e4re strikt dagegen, da er sich an den Grundsatz \u201eDu sollst nicht t\u00f6ten\u201c h\u00e4lt, ungeachtet der m\u00f6glichen positiven Folgen.<br \/>\nAngewendet auf die Einwanderungsproblematik und die Frage, wie auf den Fl\u00fcchtlingsstrom reagiert werden soll, stehen sich zwei Sichtweisen gegen\u00fcber. Erstens: Der Gesinnungsethiker h\u00e4lt die freie Wohnsitzwahl f\u00fcr ein Grundrecht der Menschen, auch von Zuwanderern aus Nigeria, dem Sudan oder anderen armen bev\u00f6lkerungsreichen Staaten. F\u00fcr ihn stehen die Rettung aus dem Mittelmeer und der Transport an die EU-K\u00fcstenregionen au\u00dfer Frage. Zweitens: der Verantwortungsethiker, der die Menschen nicht nach Lampedusa, sondern zur\u00fcck nach Libyen bringt. Sein Kalk\u00fcl: Je mehr sich das herumspricht, desto weniger Menschen werden sich auf die Reise machen \u2013 und dabei ums Leben kommen. &#8230;.<br \/>\nQuelle der o.a. Textausschnitte:<\/p>\n<p><em><a title=\"Sinn\" href=\"https:\/\/www.freiburg-schwarzwald.de\/blog\/global\/deutschland\/sinn\/\">Hans-Werner Sinn<\/a>:<\/em><br \/>\n<em>Auf der Suche nach der Wahrheit<\/em><br \/>\n<em>672 Seiten, Verlag Herder, 2018, 28,00 Euro.<\/em><\/p>\n<p>&nbsp;<\/p>\n<p>&nbsp;<\/p>\n<p><strong>Integration braucht eine Mehrheitsgesellschaft<\/strong><br \/>\n\u201eIn Frankfurt am Main haben 70 Prozent aller Kinder einen Migrationshintergrund, Tendenz steigend. In vielen Stadtteilen in Berlin und Nordrhein-Westfalen ist es \u00e4hnlich. Das hat nat\u00fcrlich Auswirkungen, nicht nur auf die Schulen.\u201c Jeder, der nicht gerade im Bereich Integration forscht, wird sich angesichts solcher Zahlen fragen, wer sich denn dann noch wohin integrieren soll. Oder ob die \u201eBiodeutschen\u201c aus diesen St\u00e4dten verschwinden werden und Migranten das Geschehen und die Kultur dort bestimmen werden. Man muss ja nicht gleich von der drohenden \u201eUmvolkung\u201c sprechen, wie es manche Rechtsausleger tun, doch ich kann mir vorstellen, dass diese Zahlen Angst machen k\u00f6nnen. &#8230;<br \/>\nAlles von Hamed Abdel-Samad vom 15.4.2018 bitte lesen auf<br \/>\n<a href=\"https:\/\/www.achgut.com\/artikel\/wie_realistisch_sind_studien_zur_integration\">https:\/\/www.achgut.com\/artikel\/wie_realistisch_sind_studien_zur_integration<\/a><br \/>\n<a href=\"https:\/\/www.achgut.com\/artikel\/wie_realistisch_sind_studien_zur_intergration_2\">https:\/\/www.achgut.com\/artikel\/wie_realistisch_sind_studien_zur_intergration_2<\/a><\/p>\n<p>Auszug aus dem Buch:<br \/>\nHamed Abdel-Samad: Integration. Ein Protokoll des Scheiterns<br \/>\nDroemer Verlag, M\u00fcnchen 2018, 272 Seiten, 19,99 Euro.<br \/>\n.<br \/>\n<em><a title=\"Abdel-Samad\" href=\"https:\/\/www.freiburg-schwarzwald.de\/blog\/religion\/islam\/abdel-samad\/\">Hamed Abdel-Samad<\/a>, geboren 1972 bei Kairo, studierte Englisch, Franz\u00f6sisch, Japanisch und Politik. Er arbeitete f\u00fcr die UNESCO, am Lehrstuhl f\u00fcr Islamwissenschaft der Universit\u00e4t Erfurt und am Institut f\u00fcr J\u00fcdische Geschichte und Kultur der Universit\u00e4t M\u00fcnchen. Abdel-Samad ist Mitglied der Deutschen Islam Konferenz und z\u00e4hlt zu den profiliertesten islamischen Intellektuellen im deutschsprachigen Raum.<\/em><br \/>\n.<br \/>\n<strong>Ohne deutsche Mehrheitsgesellschaft: Integration erledigt<\/strong><br \/>\nWenn es keine Mehrheitsgesellschaft mehr gibt, hat sich das Thema Integration erledigt. Mal etwas anderes, wie gut sind eigentlich die Bev\u00f6lkerungsgruppen in islamischen Staaten integriert, untereinander? Also alle orientalischen Juden in den meisten arabischen Staaten sind weg, das fing mit Mohammed in Medina an, schon damals funktionierte die Integration nicht. Und die Kopten und Sunniten in \u00c4gypten sind wohl grunds\u00e4tzlich nicht integriert, sondern leben nebeneinander her. Das gleiche gilt f\u00fcr die katholischen Kroaten und die muslimischen Bosnier in Bosnien-herzegowina. Und die Alawieten, Schiiten und Sunniten in Syrien und Irak sind ja auch nicht integriert, wenn sie sich gegenseitig umbringen wollen. Kann das etwas mit Mohammed und Allah zu tun haben? Jesus und Buddha oder der G\u00f6ttervater Zeus sind da jedenfalls v\u00f6llig unschuldig, au\u00dfer bei den Kopten in \u00c4gypten. Wenn sie endlich aufh\u00f6ren w\u00fcrden, an Jesus als Sohn Gottes zu glauben und zur einzig wahren Religion Islam wechseln w\u00fcrden, w\u00e4re das Problem Integration gel\u00f6st. Nein, um Ralph Giordano zu zitieren, \u201cNicht die Migration, der Islam ist das Problem\u201d. Wenn es keinen Islam und keine Muslime g\u00e4be, w\u00e4re das Thema Integration keines. Eine Momentaufnahme aus einer Hamburger U-Bahn: Letztens habe ich eine Chinesin, Mutter mehrer Kinder gesehen, um die 30 Jahre alt, wie sie Vokabeln lernt: Chinesisch-deutsch. So etwas habe ich noch nie bei offensichtlichen Muslimen gesehen, im Gegenteil, sie sprechen mit den Kindern in der Heimatsprache. Die T\u00fcrken sind mangelhaft integriert, nicht weil sie T\u00fcrken sind, sondern Muslime. Klar, es gibt Ausnahmen, aber die best\u00e4tigen nur die Regel: es ist der Islam, stuped!<br \/>\n15.4.2018, H.N., AO<br \/>\n.<br \/>\n<strong>Integration bereits gescheitert<\/strong><br \/>\nNach meinen Beobachtungen kann man Foroutan im Wesentlichen und mit Einschr\u00e4nkungen zustimmen bez\u00fcglich der Einwanderung von sog. Gastarbeitern ab der 60er-Jahre. Im krassen Gegensatz dazu steht f\u00fcr mich die Zuwanderungswelle seit September 2015:<br \/>\na.) vielfach bewusst verheimlichte Identit\u00e4t (kein Pass, kein Visum) der Einwanderer,<br \/>\nb.) -je nach Sch\u00e4tzung- ca. 50% Analphabeten mit keiner oder nur rudiment\u00e4rer beruflicher Qualifikation bei gleichzeitig<br \/>\nc.) kaum Arbeitspl\u00e4tzen oder nur prek\u00e4ren, selbst f\u00fcr minderqualifizierte Schonl\u00e4ngerhierlebende,<br \/>\nd.) kulturell v\u00f6llig andere Pr\u00e4gung (Arbeitsethos, Scharia-gepr\u00e4gt mit islamischem Frauen- und \u201cUngl\u00e4ubigen\u201d-Bild),<br \/>\ne.) teilweise aus failed states kommend mit verinnerlichtem destruktiven Potential und last but not least<br \/>\nf.) die schiere zahlenm\u00e4\u00dfige Gr\u00f6\u00dfenordnung der Zuwanderung innerhalb des Zeitraums 2015-2018 ff.<br \/>\nDie t\u00e4glichen Probleme, Konflikte und fast t\u00e4glichen \u201cEinzelf\u00e4lle\u201d von Messerstechereien, Vergewaltigungen und anderer k\u00f6rperlicher Gewalt bis hin zu Totschlag\/Mord sind f\u00fcr mich, im Gegensatz zu Foroutan, kein \u201cNarrativ\u201d, sondern brutale Realit\u00e4t.<br \/>\n15.4.2018, W.M, AO<\/p>\n<p>M<strong>igration bringt nur Nachteile<\/strong><br \/>\nEigentlich ist die Frage, ob man Migration positiv findet oder eben nicht. Es scheint doch so, als ob Migrationsbef\u00fcrworter haupts\u00e4chlich mit der L\u00f6sung von Problemen k\u00e4mpfen, die es ohne Migration gar nicht g\u00e4be. Wenn man sehr unterschiedliche Lebensvorstellungen unn\u00f6tigerweise innerhalb desselben Territoriums verwirklichen will, f\u00fchrt das zu Konflikten, die im Inneren des Landes allgegenw\u00e4rtig sind. Bei einer r\u00e4umlichen Trennung hingegen fiele es leichter, den fremden Entwurf als fremd, und damit f\u00fcr das eigene Leben nicht ma\u00dfgebend, zu akzeptieren. Die Unterschiedlichkeit k\u00f6nnte vorwurfsfrei erhalten bleiben.. Welche Probleme l\u00f6st denn die Migration? Warum lassen wir sie zu? Wer hat denn etwas davon? Damit meine ich nat\u00fcrlich nicht den Zugriff auf die Sozialsysteme der Ziell\u00e4nder, das ist kein tragf\u00e4higes Konzept. Mir komm es vor, als g\u00e4be es nicht weniger Elend mit Migration als ohne sie, es verteilt sich nur mehr in die Breite und die Probleme betreffen noch mehr Menschen, vor allem solche, die mit den Ursachen nichts zu tun haben. Ich bin eher gegen Migration als f\u00fcr Integration. Integration mu\u00df eine Vielzahl von Problemen l\u00f6sen, die durch Unterbindung der Zuwanderung gar nicht auftr\u00e4ten.<br \/>\n15.4.2017, A.P., AO<\/p>\n<p><strong>Deutsche in Schuld- und Minderwertigkeitsgef\u00fchlen unterwiesen<\/strong><br \/>\nAlles v\u00f6llig richtig, aber Sie haben ein Problem \u00fcbersehen: seit ca. 50 Jahren werden die Deutschen in der Schule in <a title=\"Schuld\" href=\"https:\/\/www.freiburg-schwarzwald.de\/blog\/engagement\/zukunft\/schuld\/\">Schuld- und Minderwertigkeitsgef\u00fchlen<\/a> unterwiesen. Als ich in der 2. oder 3. Klasse war, also gegen 1970, hie\u00df es kurz vor Weihnachten:\u201cIhr bekommt sch\u00f6ne Geschenke und ein gutes Essen, aber die meisten Kinder der Welt haben es nicht so gut wie ihr.\u201d Ab der 5. Klasse kam zum Religions- der Gesellschaftskundeunterricht hinzu, der die moralische Abwertung weiterf\u00fchrte und politisierte. Mit jedem Jahr wurde deutlicher,, dass D ein Hort der Eigenn\u00fctzigkeit, des Materialismus und einer str\u00e4flichen Obrigkeitsh\u00f6rigkeit sei. In der wunderbar traditionellen und gleichzeitig wunderbar fortschrittlichen 3. Welt, die die \u00f6ffentliche Meinung damals als v\u00f6llige wirtschaftliche und kulturelle Einheit sah, war alles tausendmal besser &#8211; oder w\u00e4re es gewesen, wenn nicht wir Deutschen\/Westler\/Europ\u00e4er die Paradiese zerst\u00f6rt h\u00e4tten. Auf jeden Fall war die 3. Welt \u201crevolution\u00e4r\u201d und menschlich wertvoller als wir obrigkeitsh\u00f6rigen Vollpfosten. Die Geschichte des Nationalsozialismus kam erst lange nach der \u00fcberwiegend emotionalen Gehirnw\u00e4sche. Sie lieferte gewisserma\u00dfen die Fakten zum eingeh\u00e4mmerten Gef\u00fchl, kam jedenfalls so an. Ohne die absolute Vermischung des realen Holocaust mit dem irrealen, aber wirksamen Opfertum vieler Muslime (sic!), aber auch linker Deutscher (nochmal: sic!), ist die pampige Anspruchshaltung der Muslime und Linken nicht zu begreifen.<br \/>\nOhne die Schuldgef\u00fchle der \u00fcbrigen Deutschen ist unsere Kriecherei nicht zu begreifen. Und ohne die Wahrnehmung der Kriecherei ist deren Ausbeutung durch muslimische und links-deutsche Ideologen nicht zu begreifen. Zu den von Ihnen erw\u00e4hnten Tatsachen kommt also noch einiges hinzu &#8211; und es versch\u00e4rft die eh schon scharfe Situation.<br \/>\n15.4.2018, G.M., AO<br \/>\n.<br \/>\n<strong>Kopftuch zuhause &#8211; entlarvt<\/strong><br \/>\nWenn ein Kopftuch ein Bekenntnis zur Religion ist, warum nehmen Frauen es zuhause vor dem Ehemann, vor anderen Frauen und Kindern ab, sind sie dann nicht mehr gl\u00e4ubig?<br \/>\nDiese einfache, aber so entlarvende Feststellung zeigt den r\u00fcckst\u00e4ndigen und ausgrenzenden Charakter dieses unscheinbaren und zugleich so aufdringlichen Kleidungsst\u00fccks.<br \/>\n15.4.2018, M.B., AO<\/p>\n<p>&nbsp;<\/p>\n","protected":false},"excerpt":{"rendered":"<p>Home\u00a0&gt;Global\u00a0&gt;Migration\u00a0&gt;Integration\u00a0&gt;Integration-gescheitert &nbsp; Listenauswahl eines Beitrags (Artikel\/Datum, Seite\/Inhalt):\u00a0Klicken\u00a0oder scrollen Ahmet Refii Dener: Das Hobby-Vakuum in der islamischen Welt\u00a0(14.4.2026) Cousin und Cousine heiraten (16.3.2026) Filipp (16) totgepr\u00fcgelt: Ein Jahr Bew\u00e4hrung f\u00fcr Angeklagten\u00a0(25.2.2026) Lie\u00dfen M\u00e4nner pakistanischer Herkunft ein englisches Kind sogar von einem &hellip; <a href=\"https:\/\/www.freiburg-schwarzwald.de\/blog\/global\/integration\/integration-gescheitert\/\">Weiterlesen <span class=\"meta-nav\">&rarr;<\/span><\/a><\/p>\n","protected":false},"author":2,"featured_media":0,"parent":1875,"menu_order":0,"comment_status":"open","ping_status":"closed","template":"","meta":{"footnotes":""},"class_list":["post-67256","page","type-page","status-publish","hentry"],"_links":{"self":[{"href":"https:\/\/www.freiburg-schwarzwald.de\/blog\/wp-json\/wp\/v2\/pages\/67256","targetHints":{"allow":["GET"]}}],"collection":[{"href":"https:\/\/www.freiburg-schwarzwald.de\/blog\/wp-json\/wp\/v2\/pages"}],"about":[{"href":"https:\/\/www.freiburg-schwarzwald.de\/blog\/wp-json\/wp\/v2\/types\/page"}],"author":[{"embeddable":true,"href":"https:\/\/www.freiburg-schwarzwald.de\/blog\/wp-json\/wp\/v2\/users\/2"}],"replies":[{"embeddable":true,"href":"https:\/\/www.freiburg-schwarzwald.de\/blog\/wp-json\/wp\/v2\/comments?post=67256"}],"version-history":[{"count":6,"href":"https:\/\/www.freiburg-schwarzwald.de\/blog\/wp-json\/wp\/v2\/pages\/67256\/revisions"}],"predecessor-version":[{"id":147948,"href":"https:\/\/www.freiburg-schwarzwald.de\/blog\/wp-json\/wp\/v2\/pages\/67256\/revisions\/147948"}],"up":[{"embeddable":true,"href":"https:\/\/www.freiburg-schwarzwald.de\/blog\/wp-json\/wp\/v2\/pages\/1875"}],"wp:attachment":[{"href":"https:\/\/www.freiburg-schwarzwald.de\/blog\/wp-json\/wp\/v2\/media?parent=67256"}],"curies":[{"name":"wp","href":"https:\/\/api.w.org\/{rel}","templated":true}]}}