{"id":66712,"date":"2018-02-27T15:41:45","date_gmt":"2018-02-27T14:41:45","guid":{"rendered":"https:\/\/www.freiburg-schwarzwald.de\/blog\/?page_id=66712"},"modified":"2026-08-15T18:14:20","modified_gmt":"2026-08-15T16:14:20","slug":"gesellschaft","status":"publish","type":"page","link":"https:\/\/www.freiburg-schwarzwald.de\/blog\/global\/deutschland\/gesellschaft\/","title":{"rendered":"Gesellschaft"},"content":{"rendered":"<p><a href=\"https:\/\/freiburg-schwarzwald.de\/blog\">Home<\/a>\u00a0&gt;<a title=\"Engagement\" href=\"https:\/\/www.freiburg-schwarzwald.de\/blog\/engagement\/\">Engagement<\/a>\u00a0&gt;<a title=\"Zukunft\" href=\"https:\/\/www.freiburg-schwarzwald.de\/blog\/engagement\/zukunft\/\">Zukunft<\/a>\u00a0&gt;<a title=\"Demokratie\" href=\"https:\/\/www.freiburg-schwarzwald.de\/blog\/engagement\/zukunft\/demokratie\/\">Demokratie<\/a>\u00a0&gt;<a title=\"Global\" href=\"https:\/\/www.freiburg-schwarzwald.de\/blog\/global\/\">Global<\/a>\u00a0&gt;<a title=\"Deutschland\" href=\"https:\/\/www.freiburg-schwarzwald.de\/blog\/global\/deutschland\/\">Deutschland<\/a>\u00a0&gt;Gesellschaft<\/p>\n<div id=\"attachment_61884\" style=\"width: 648px\" class=\"wp-caption alignnone\"><a href=\"https:\/\/www.freiburg-schwarzwald.de\/blog\/global\/integration\/deutschtuerken\/pokemon1freiburg-pan160726\/\" rel=\"attachment wp-att-61884\"><img loading=\"lazy\" decoding=\"async\" aria-describedby=\"caption-attachment-61884\" class=\"size-full wp-image-61884\" src=\"https:\/\/www.freiburg-schwarzwald.de\/blog\/wp-content\/uploads\/2016\/07\/pokemon1freiburg-pan160726.jpg\" alt=\"Pokemon-Spieler mit ihren Smartphones in Freiburg am 26.7.2016\" width=\"638\" height=\"312\" srcset=\"https:\/\/www.freiburg-schwarzwald.de\/blog\/wp-content\/uploads\/2016\/07\/pokemon1freiburg-pan160726.jpg 638w, https:\/\/www.freiburg-schwarzwald.de\/blog\/wp-content\/uploads\/2016\/07\/pokemon1freiburg-pan160726-180x88.jpg 180w\" sizes=\"auto, (max-width: 638px) 100vw, 638px\" \/><\/a><p id=\"caption-attachment-61884\" class=\"wp-caption-text\">Pokemon-Spieler mit ihren Smartphones in Freiburg am 26.7.2016<\/p><\/div>\n<p><strong><a href=\"https:\/\/www.freiburg-schwarzwald.de\/blog\/engagement\/zukunft\/demokratie\/democracy-first\/\">Demokratie ist die beste Staatsform!<\/a><\/strong><\/p>\n<ul>\n<li><em>Listenauswahl eines Beitrags (Artikel\/Datum, Seite\/Inhalt):\u00a0<span style=\"text-decoration: underline;\">Klicken<\/span>\u00a0oder scrollen<\/em><\/li>\n<li><a href=\"https:\/\/www.freiburg-schwarzwald.de\/blog\/wir-verlieren-dieses-land\/\">Wir verlieren dieses Land<\/a>\u00a0(15.8.2026)<\/li>\n<li><a href=\"https:\/\/www.freiburg-schwarzwald.de\/blog\/global\/migration\/migration-gesellschaft\/\">Migration seit 2015: Eine v\u00f6llig transformierte Gesellschaft<\/a>\u00a0(27.2.2026)<\/li>\n<li><a href=\"https:\/\/www.freiburg-schwarzwald.de\/blog\/aerztin-dr-witzschel-haft-kennedy\/\">\u00c4rztin Dr Witzschel Haft Kennedy<\/a>\u00a0(25.2.2026)<\/li>\n<li><a href=\"https:\/\/www.freiburg-schwarzwald.de\/blog\/gewalt-in-theater-und-realitaet\/\">Gewalt in Theater und Realit\u00e4t<\/a>\u00a0(19.2.2026)<\/li>\n<li><a href=\"https:\/\/www.freiburg-schwarzwald.de\/blog\/teilhabe-analog-und-digital\/\">Teilhabe: analog und digital<\/a>\u00a0(24.1.2026)<\/li>\n<li><a href=\"https:\/\/www.freiburg-schwarzwald.de\/blog\/faule-deutsche-fleissige-politiker\/\">Faule Deutsche \u2013 fleissige Politiker<\/a>\u00a0(21.1.2026)<\/li>\n<li><a href=\"https:\/\/www.freiburg-schwarzwald.de\/blog\/kultur\/zivilisiertheit\/\">Thorsten Hinz: Vom Verlust der Zivilisiertheit<\/a>\u00a0(5.12.2025)<\/li>\n<li><a href=\"https:\/\/www.freiburg-schwarzwald.de\/blog\/global\/deutschland\/gesellschaft\/anspruchsgesellschaft\/\">Eberhard Hamer: Gibt es ein Zur\u00fcck aus der Anspruchsgesellschaft?<\/a>\u00a0(10.10.2025)<\/li>\n<li><a href=\"https:\/\/www.freiburg-schwarzwald.de\/blog\/niedergang-wirtschaft-kritik\/\">Niedergang: Wirtschaft, Kritik<\/a>\u00a0(18.8.2025)<\/li>\n<li><a href=\"https:\/\/www.freiburg-schwarzwald.de\/blog\/business\/volkswirtschaft\/oekonomie\/\">Warum zerbricht dieses Land? Der Kampf gegen die Realit\u00e4t<\/a>\u00a0(17.8.2025)<\/li>\n<li><a href=\"https:\/\/www.freiburg-schwarzwald.de\/blog\/engagement\/buerger\/buergerwehr\/\">Jugendgang terrorisiert Dorf: Einwohner gr\u00fcnden B\u00fcrgerwehr, weil es an Polizei fehlt<\/a>\u00a0(9.7.2025)<\/li>\n<li><a href=\"https:\/\/www.freiburg-schwarzwald.de\/blog\/vahlefeld-die-krisenmaschine\/\">Vahlefeld: Die Krisenmaschine<\/a>\u00a0(29.6.2025)<\/li>\n<li><a href=\"https:\/\/www.freiburg-schwarzwald.de\/blog\/global\/deutschland\/zerfall\/\">Der Einsch\u00fcchterungskrieg gegen die Bev\u00f6lkerung<\/a>\u00a0(25.6.2025)<\/li>\n<li><a href=\"https:\/\/www.freiburg-schwarzwald.de\/blog\/regio\/heimat\/fremdheit\/\">\u201eFremd im eigenen Land\u201c: Eine Gefahr f\u00fcr alle<\/a>\u00a0(15.6.2025)<\/li>\n<li><a href=\"https:\/\/www.freiburg-schwarzwald.de\/blog\/kultur\/leitkultur\/multikulti\/bunt\/\">Klonovsky: Alles f\u00fcr Buntland \u2013 Acta Diurna 2022-2023<\/a>\u00a0(5.6.2025)<\/li>\n<li><a href=\"https:\/\/www.freiburg-schwarzwald.de\/blog\/global\/globalisierung\/\">Safranski: Nation \u2013 Wie viel Globalisierung vertr\u00e4gt ein Mensch?<\/a>\u00a0(24,5,2925)<\/li>\n<li><a href=\"https:\/\/www.freiburg-schwarzwald.de\/blog\/global\/deutschland\/moral2015\/andrick\/\">Michael Andrick: \u201eIch bin nicht dabei2 \u2013 Aus Mitb\u00fcrgern Feinde machen<\/a>\u00a0(23.5.2025)<\/li>\n<li><a href=\"https:\/\/www.freiburg-schwarzwald.de\/blog\/kultur\/medien\/ressentiment\/\">J\u00fcrgen Gro\u00dfe: Die kalte Wut \u2013 Theorie und Praxis des Ressentiments<\/a>\u00a0(9.5.2025)<\/li>\n<li><a href=\"https:\/\/www.freiburg-schwarzwald.de\/blog\/vereine\/ngo\/ngo-komplex\/\">Bj\u00f6rn Harms: Der NGO-Komplex<\/a>\u00a0(20.3.2025)<\/li>\n<li><a href=\"https:\/\/www.freiburg-schwarzwald.de\/blog\/bildung\/infantil\/\">Der Siegestor: eine kurze Erfolgsgeschichte des Robert Habeck \u2013 Puerilismus<\/a>\u00a0(25.1.2025)<\/li>\n<li><a href=\"https:\/\/www.freiburg-schwarzwald.de\/blog\/trauer-integration-magdeburg\/\">Trauer Integration: Magdeburg<\/a>\u00a0(29.12.2024)<\/li>\n<li><a href=\"https:\/\/www.freiburg-schwarzwald.de\/blog\/engagement\/verantwortung\/\">Generation Verantwortungslosigkeit<\/a>\u00a0(30.11.2024)<\/li>\n<li><a href=\"https:\/\/www.freiburg-schwarzwald.de\/blog\/global\/deutschland\/verwahrlosung\/\">Friedrich Pohlmann: Wie unsere Gesellschaft aussieht \u2013 vulg\u00e4rdekadent, \u00fcberfremdet, verwahrlost<\/a> (17.11.2024)<\/li>\n<li><a href=\"https:\/\/www.freiburg-schwarzwald.de\/blog\/gen-z-frei-nur-in-der-bubble\/\">Gen Z: Frei nur in der Bubble?<\/a>\u00a0(12.11.2024)<\/li>\n<li><a href=\"https:\/\/www.freiburg-schwarzwald.de\/blog\/lamour-toujours-sylt-zeitgeist\/\">L\u2019Amour toujours\u201c \u2013 Zeitgeist-Song<\/a>\u00a0(22.6.2024)<\/li>\n<li><a href=\"https:\/\/www.freiburg-schwarzwald.de\/blog\/engagement\/zukunft\/demokratie\/unterschicht\/\">Ideologen wollen wieder eine Unterschichtengesellschaft<\/a>\u00a0(24.5.2024)<\/li>\n<li><a href=\"https:\/\/www.freiburg-schwarzwald.de\/blog\/global\/deutschland\/gesellschaft\/profiteure\/\">Hoppe: Produzenten und Profiteure<\/a>\u00a0(18.4.2024)<\/li>\n<li><a href=\"https:\/\/www.freiburg-schwarzwald.de\/blog\/global\/integration\/muslime\/nicht-muslime\/\">SZ unterteilt Deutschland in Muslime und Nicht-Muslime<\/a>\u00a0(13,4,2024)<\/li>\n<li><a href=\"https:\/\/www.freiburg-schwarzwald.de\/blog\/resignation-der-buerger\/\">Resignation der B\u00fcrger<\/a>\u00a0(27.3.2024)<\/li>\n<li><a href=\"https:\/\/www.freiburg-schwarzwald.de\/blog\/woke-gegen-buerger\/\">Woke gegen B\u00fcrger<\/a>\u00a0(9.3.202)<\/li>\n<li><a href=\"https:\/\/www.freiburg-schwarzwald.de\/blog\/kultur\/kulturverlust\/wokeismus\/\">Josef Kraus: Am woken Marterpfahl \u2013 Wokeismus<\/a>\u00a0(8.12.2023)<\/li>\n<li><a href=\"https:\/\/www.freiburg-schwarzwald.de\/blog\/engagement\/zukunft\/demokratie\/demokratiefoerderung\/\">Amadeu Antonio Stiftung \u2013 Inoffizielle Ideologiebeh\u00f6rde des Familienministeriums<\/a>\u00a0(20.11.2023)<\/li>\n<li><a href=\"https:\/\/www.freiburg-schwarzwald.de\/blog\/engagement\/wir\/\">\u201eWir\u201c? Nein \u2013 Ich nicht<\/a>\u00a0(14.11.2023)<\/li>\n<li><a href=\"https:\/\/www.freiburg-schwarzwald.de\/blog\/global\/deutschland\/deutschland2030\/\">Die deutsche Gesellschaft \u2013 ein Tr\u00fcmmerhaufen. \u2026 Und wie geht es weiter?<\/a>\u00a0(17.10.2023)<\/li>\n<li><a href=\"https:\/\/www.freiburg-schwarzwald.de\/blog\/engagement\/zukunft\/demokratie\/denunziation\/meldewesen\/\">Hubertus Knabe: Deutschland eifrig Spitzelland<\/a>\u00a0(26.8.2023)<\/li>\n<li><a href=\"https:\/\/www.freiburg-schwarzwald.de\/blog\/engagement\/zukunft\/demokratie\/staatsbuergerschaft\/\">Selbstbestimmungsgesetz und das Einb\u00fcrgerungsgesetz<\/a>\u00a0(23.8.2023)<\/li>\n<li><a href=\"https:\/\/www.freiburg-schwarzwald.de\/blog\/engagement\/zukunft\/angst\/angstgesellschaft\/\">Die Angstgesellschaft<\/a> (18.8.2023)<\/li>\n<li><a href=\"https:\/\/www.freiburg-schwarzwald.de\/blog\/selbsthilfe\/soziales\/arbeit\/arbeitsverweigerung\/\">Der gro\u00dfe R\u00fcckzug \u2013 vom Arbeitsmarkt<\/a>\u00a0(19.6.2023)<\/li>\n<li><a href=\"https:\/\/www.freiburg-schwarzwald.de\/blog\/global\/deutschland\/gesellschaft\/buergerrat\/\">B\u00fcrgerr\u00e4te: Im Herbst startet ein neues politisches Gremium<\/a>\u00a0(14.4.2023)<\/li>\n<li><a href=\"https:\/\/www.freiburg-schwarzwald.de\/blog\/global\/deutschland\/gesellschaft\/leistungsgesellschaft\/\">Post-Leistungsgesellschaft: Im Land der zwei Wirklichkeiten<\/a> (29.3.2023)<\/li>\n<li><a href=\"https:\/\/www.freiburg-schwarzwald.de\/blog\/kultur\/commons\/menschenverstand\/\">Michael Esders: Ohne Bestand \u2013 Angriff auf die Lebenswelt<\/a>\u00a0(2.3.2023)<\/li>\n<li><a href=\"https:\/\/www.freiburg-schwarzwald.de\/blog\/ihr-habt-euch-daran-gewoehnt\/\">Ihr habt Euch daran gew\u00f6hnt<\/a>\u00a0(27.2.2023)<\/li>\n<li><a href=\"https:\/\/www.freiburg-schwarzwald.de\/blog\/staat-macht-buergern-angst\/\">Staat macht B\u00fcrgern Angst<\/a>\u00a0(2.2.2023)<\/li>\n<li><a href=\"https:\/\/www.freiburg-schwarzwald.de\/blog\/vorkriegszeit\/\">Vorkriegszeit?<\/a>\u00a0(1.2.2023)<\/li>\n<li><a href=\"https:\/\/www.freiburg-schwarzwald.de\/blog\/direkte-demokratie-waehlerwille\/\">Direkte Demokratie: W\u00e4hlerwille<\/a>\u00a0(21.1.2023)<\/li>\n<li><a href=\"https:\/\/www.freiburg-schwarzwald.de\/blog\/engagement\/zukunft\/demokratie\/demokratieabbau\/\">Umbau von Gesellschaft und politischen Institutionen durch die Ampel-Regierung<\/a>\u00a0(13.1.2023)<\/li>\n<li><a href=\"https:\/\/www.freiburg-schwarzwald.de\/blog\/880-mrd-euro-steuereinnahmen\/\">880 Mrd Euro Steuereinnahmen<\/a>\u00a0(7.1.2023)<\/li>\n<li><a href=\"https:\/\/www.freiburg-schwarzwald.de\/blog\/unschuldsvermutung-beweislast\/\">Unschuldsvermutung Beweislast<\/a>\u00a0(12.12.2022)<\/li>\n<li><a href=\"https:\/\/www.freiburg-schwarzwald.de\/blog\/kultur\/medien\/diskussionskultur\/106921-2\/\">Generalverdacht-Vorwurf beleidigt die B\u00fcrger<\/a>\u00a0(7.12.2022)<\/li>\n<li><a href=\"https:\/\/www.freiburg-schwarzwald.de\/blog\/global\/deutschland\/gesellschaft\/buergerrechte\/\">Warum die Menschen wieder B\u00fcrger sein sollten<\/a>\u00a0(18.11.2022)<\/li>\n<li><a href=\"https:\/\/www.freiburg-schwarzwald.de\/blog\/business\/handel\/tafel\/\">Bei Anne Will: Tafel-Gr\u00fcnderin f\u00fcrchtet, Gesellschaft k\u00f6nne zerrei\u00dfen<\/a>\u00a0(3.10.2022)<\/li>\n<li><a href=\"https:\/\/www.freiburg-schwarzwald.de\/blog\/religion\/kirche-politik\/\">Peter Hahne Ehrendoktor:\u00a0 \u201eHolt Gott zur\u00fcck in die Politik\u201c<\/a>\u00a0(1.10.2022)<\/li>\n<li><a href=\"https:\/\/www.freiburg-schwarzwald.de\/blog\/kultur\/medien\/diskussionskultur\/reden\/\">Miteinander reden: Freie Meinungs\u00e4u\u00dferung auf Schleichfahrt<\/a>\u00a0(23.9.2022)<\/li>\n<li><a href=\"https:\/\/www.freiburg-schwarzwald.de\/blog\/engagiert-kritische-alte-gesucht\/\">Engagiert kritische Alte gesucht<\/a>\u00a0(20.9.2022)<\/li>\n<li><a href=\"https:\/\/www.freiburg-schwarzwald.de\/blog\/global\/deutschland\/gesellschaft\/hysterie\/\">Die hysterische Republik<\/a> (4.4.2022)<\/li>\n<li><a href=\"https:\/\/www.freiburg-schwarzwald.de\/blog\/engagement\/zukunft\/demokratie\/demokratie-verteidigen\/\">Would you fight for your own country?<\/a>\u00a0 (26.3.2022)<\/li>\n<li><a href=\"https:\/\/www.freiburg-schwarzwald.de\/blog\/drewermann-staat-macht-angst\/\">Drewermann: Der Staat macht Angst<\/a>\u00a0(25.2.2022)<\/li>\n<li><a href=\"https:\/\/www.freiburg-schwarzwald.de\/blog\/business\/gesund\/corona-virus\/corona-regiment\/\">Das Corona-Regiment und die gesellschaftlichen Folgen<\/a>\u00a0(18.2.2022)<\/li>\n<li><a href=\"https:\/\/www.freiburg-schwarzwald.de\/blog\/engagement\/zukunft\/demokratie\/arbeiter\/\">Eberhard Hamer: Warum noch arbeiten?<\/a>\u00a0(10.2.2022)<\/li>\n<li><a href=\"https:\/\/www.freiburg-schwarzwald.de\/blog\/selbsthilfe\/soziales\/justiz\/polizei\/polizeibeamte\/\">Die Polizei wurde zum Feindbild der Gesellschaft gemacht<\/a>\u00a0(10.2.2022)<\/li>\n<li><a href=\"https:\/\/www.freiburg-schwarzwald.de\/blog\/global\/deutschland\/gesellschaft\/zivilgesellschaft\/\">Sichtbar-gierige H\u00e4nde: Zivilgesellschaftliche Organisationen<\/a>\u00a0(4.2.2022)<\/li>\n<li><a href=\"https:\/\/www.freiburg-schwarzwald.de\/blog\/business\/gesund\/corona-virus\/corona-abendland\/\">David Engels: Viel Zeit zur inneren Gesundung des Abendlandes bleibt nicht<\/a>\u00a0(2.2.2022)<\/li>\n<li><a href=\"https:\/\/www.freiburg-schwarzwald.de\/blog\/global\/deutschland\/zerfall\/\">Selbstzerst\u00f6rungsgesellschaft \u2013 Wann gehen wir kaputt?<\/a>\u00a0(30.1.2022)<\/li>\n<li><a href=\"https:\/\/www.freiburg-schwarzwald.de\/blog\/selbsthilfe\/soziales\/isolation\/\">Isolation der B\u00fcrgers: Angst, Social Distancing, Singles, Frangmentierung<\/a>\u00a0(22.1.2022)<\/li>\n<li><a href=\"https:\/\/www.freiburg-schwarzwald.de\/blog\/der-zusammenhalt-in-d-sinkt\/\">Der Zusammenhalt in D sinkt<\/a>\u00a0(21.1.2022)<\/li>\n<li><a href=\"https:\/\/www.freiburg-schwarzwald.de\/blog\/demonstranten-als-staatsfeinde\/\">Demonstranten als Staatsfeinde<\/a>\u00a0(16.1.2022)<\/li>\n<li><a href=\"https:\/\/www.freiburg-schwarzwald.de\/blog\/selbsthilfe\/soziales\/justiz\/polizei\/polizeigewalt\/\">Polizeigewalt gegen Vater, alte Frau und Rollstuhlfahrer<\/a>\u00a0(8.1.2022)<\/li>\n<li><a href=\"https:\/\/www.freiburg-schwarzwald.de\/blog\/tyrannei-der-mehrheit\/\">Tyrannei der Mehrheit<\/a>\u00a0(3.1.2022)<\/li>\n<li><a href=\"https:\/\/www.freiburg-schwarzwald.de\/blog\/natur\/neujahr\/\">Neujahrsansprache einer B\u00fcrgerin an Kanzler Olaf Scholz<\/a>\u00a0(1.1.2022)<\/li>\n<li><a href=\"https:\/\/www.freiburg-schwarzwald.de\/blog\/neues-jahr-2022-danser-encore\/\">Neues Jahr 2022: Danser encore<\/a>\u00a0(31.12.2021)<\/li>\n<li><a href=\"https:\/\/www.freiburg-schwarzwald.de\/blog\/intolerante-minderheiten\/\">Intolerante MInderheiten gewinnen<\/a>\u00a0(29.12.2021)<\/li>\n<li><a href=\"https:\/\/www.freiburg-schwarzwald.de\/blog\/business\/gesund\/corona-virus\/corona-versoehnung\/\">Chefarzt Dr. Sarnes: Corona-Video \u201eDenkt endlich selbst nach\u201c<\/a> (24.11.2021)<\/li>\n<li><a href=\"https:\/\/www.freiburg-schwarzwald.de\/blog\/geimpfte-gleich-ungeimpfte\/\">Geimpfte gleich Ungeimpfte!<\/a>\u00a0(13.11.2021)<\/li>\n<li><a href=\"https:\/\/www.freiburg-schwarzwald.de\/blog\/linke-contra-lifestyle-linke-pmc\/\">Linke contra Lifestyle-Linke PMC<\/a>\u00a0(8.11.2021)<\/li>\n<li><a href=\"https:\/\/www.freiburg-schwarzwald.de\/blog\/engagement\/zukunft\/demokratie\/experiment\/\">Mounk-Experiment gescheitert?<\/a>\u00a0(6.11.2021)<\/li>\n<li><a href=\"https:\/\/www.freiburg-schwarzwald.de\/blog\/agamben-kontrollgesellschaft\/\">Agamben: Kontrollgesellschaft<\/a> (15.10.2021)<\/li>\n<li><a href=\"https:\/\/www.freiburg-schwarzwald.de\/blog\/global\/deutschland\/gesellschaft\/untertan\/\">Eric Gujer: Das Pickelhauben-Paradox in Deutschland<\/a> (18.9.2021)<\/li>\n<li><a href=\"https:\/\/www.freiburg-schwarzwald.de\/blog\/eigenverantwortung-fuer-alle\/\">Eigenverantwortung f\u00fcr Alle \u2013 f\u00fcr B\u00fcrger wie Migranten<\/a>\u00a0(7.9.2021)<\/li>\n<li><a href=\"https:\/\/www.freiburg-schwarzwald.de\/blog\/global\/deutschland\/merkel-deutschland\/\">16 Jahre Merkel \u2013 eine Bilanz von A bis Z im August 2021<\/a>\u00a0(29.8.2021)<\/li>\n<li><a href=\"https:\/\/www.freiburg-schwarzwald.de\/blog\/engagement\/zukunft\/demografie\/minderheit\/\">Schulen: Nur noch knappe Mehrheit ohne Migrationshintergrund<\/a>\u00a0(27.8.2021)<\/li>\n<li><a href=\"https:\/\/www.freiburg-schwarzwald.de\/blog\/engagement\/zukunft\/demokratie\/freiheit\/frei\/\">Freiheitsgef\u00fchl der Deutschen nimmt deutlich ab \u2013 nur 36 %<\/a>\u00a0(20.8.2021)<\/li>\n<li><a href=\"https:\/\/www.freiburg-schwarzwald.de\/blog\/freizeitlaerm-gegen-arbeitsleben\/\">Freizeitl\u00e4rm gegen Arbeitsleben<\/a>\u00a0(21.8.2021)<\/li>\n<li><a href=\"https:\/\/www.freiburg-schwarzwald.de\/blog\/versoehnung-nach-corona-jetzt\/\">Vers\u00f6hnung nach Corona: Jetzt!<\/a>\u00a0(11.8.2021)<\/li>\n<li><a href=\"https:\/\/www.freiburg-schwarzwald.de\/blog\/business\/gesund\/corona-virus\/impfung\/\">Impfdruck und Impfzwang nicht rechtm\u00e4\u00dfig<\/a>\u00a0(6.8.2021)<\/li>\n<li><a href=\"https:\/\/www.freiburg-schwarzwald.de\/blog\/wissen-ist-eine-holschuld\/\">Wissen ist eine Holschuld<\/a>\u00a0(5.8.2021)<\/li>\n<li><a href=\"https:\/\/www.freiburg-schwarzwald.de\/blog\/business\/gesund\/corona-virus\/corona-versoehnung\/\">Berlin, 1.8.2021: Ein Bild der Schande<\/a>\u00a0(4.8.2021)<\/li>\n<li><a href=\"https:\/\/www.freiburg-schwarzwald.de\/blog\/corona-versoehnung-statt-angst\/\">Corona. Vers\u00f6hnung statt Angst<\/a>\u00a0 (31.7.2021)<\/li>\n<li><a href=\"https:\/\/www.freiburg-schwarzwald.de\/blog\/kultur\/medien\/political-correctness\/\">Political Correctness als Notpflaster f\u00fcr ungel\u00f6ste Probleme<\/a> (6.7.2021)<\/li>\n<li><a href=\"https:\/\/www.freiburg-schwarzwald.de\/blog\/meinungsfreiheit-nur-fuer-45\/\">Meinungsfreiheit gilt nur f\u00fcr 45% der B\u00fcrger<\/a>\u00a0(17.6.2021)<\/li>\n<li><a href=\"https:\/\/www.freiburg-schwarzwald.de\/blog\/nationalfeiertag-17-juni-1953\/\">Nationalfeiertag 17.6.1953 ade<\/a>\u00a0(17.6.2021)<\/li>\n<li><a href=\"https:\/\/www.freiburg-schwarzwald.de\/blog\/d-im-abstieg-hilfe-von-links\/\">D im Abstieg \u2013 Hilfe von Links?<\/a>\u00a0(3.6.2021)<\/li>\n<li><a href=\"https:\/\/www.freiburg-schwarzwald.de\/blog\/mai-die-zukunft-gestalten-wir\/\">Klaus-R\u00fcdiger\u00a0 Mai: Die Zukunft gestalten wir<\/a>\u00a0(6.5.2021)<\/li>\n<li><a href=\"https:\/\/www.freiburg-schwarzwald.de\/blog\/kultur\/kulturverlust\/dekadenz\/\">\u00dcber die Unf\u00e4higkeit menschlicher Gesellschaften, mit Wohlstand umgehen zu k\u00f6nnen<\/a>\u00a0(31.5.2021)<\/li>\n<li><a href=\"https:\/\/www.freiburg-schwarzwald.de\/blog\/freiheit-in-deutschland\/\">Freiheit in Deutschland<\/a>\u00a0(30.4.2021)<\/li>\n<li><a href=\"https:\/\/www.freiburg-schwarzwald.de\/blog\/demokratie-und-intensivstation\/\">Demokratie und Intensivstation<\/a>\u00a0(20.4.2021)<\/li>\n<li><a href=\"https:\/\/www.freiburg-schwarzwald.de\/blog\/ausgangs-zu-heimkehrsperren\/\">Ausgangssperren werden zu Heimkehrsperren<\/a>\u00a0(18.4.2021)<\/li>\n<li><a href=\"https:\/\/www.freiburg-schwarzwald.de\/blog\/global\/deutschland\/akademikerschwemme\/\">Linke, Liberale, Rechte werden gebraucht \u2013 eine neue Sorte f\u00e4llt raus<\/a>\u00a0(5.4.2021)<\/li>\n<li><a href=\"https:\/\/www.freiburg-schwarzwald.de\/blog\/engagement\/buergerinitiativen\/protest\/\">Erkenne die Lage! Demonstrationen auf der Stra\u00dfe<\/a>\u00a0(9.4.2021)<\/li>\n<li><a href=\"https:\/\/www.freiburg-schwarzwald.de\/blog\/grundrechte-demo-in-stuttgart\/\">Grundrechte-Demo in Stuttgart<\/a>\u00a0(5.4.2021)<\/li>\n<li><a href=\"https:\/\/www.freiburg-schwarzwald.de\/blog\/masochismus-und-angstlust\/\">Masochismus und Angstlust<\/a>\u00a0(25.3.2021)<\/li>\n<li><a href=\"https:\/\/www.freiburg-schwarzwald.de\/blog\/offene-schulen-kinder-first\/\">Offene Schulen \u2013 Kinder first<\/a>\u00a0(22.3.2021)<\/li>\n<li><a href=\"https:\/\/www.freiburg-schwarzwald.de\/blog\/kultur\/medien\/diversity\/\">Neue Deutsche Medienmacher fordern Diversit\u00e4t, aber f\u00f6rdern Einfalt<\/a>\u00a0(18.3.2021)<\/li>\n<li><a href=\"https:\/\/www.freiburg-schwarzwald.de\/blog\/presseclub-quoten-gesellschaft\/\">Presseclub Quoten-Gesellschaft<\/a>\u00a0(15.3.2021)<\/li>\n<li><a href=\"https:\/\/www.freiburg-schwarzwald.de\/blog\/engagement\/zukunft\/demokratie\/identitaetspolitik\/\">Identit\u00e4tspolitik ist ein \u00e4tzendes Gift. Es zersetzt die Gesellschaft<\/a>\u00a0(11.3.2021)<\/li>\n<li><a href=\"https:\/\/www.freiburg-schwarzwald.de\/blog\/reproduktive-gerechtigkeit\/\">Reproduktive Gerechtigkeit<\/a>\u00a0(11.3.2021)<\/li>\n<li><a href=\"https:\/\/www.freiburg-schwarzwald.de\/blog\/global\/deutschland\/gesellschaft\/normalitaet\/\">Die neue Normalit\u00e4t: The New Normal requires a NEW Response<\/a> (12.2.2021)<\/li>\n<li><a href=\"https:\/\/www.freiburg-schwarzwald.de\/blog\/freiheit-freiheitsrechte-freiheit\/\">Freiheit, Freiheitsrechte, Freiheit<\/a>\u00a0(8.2.2021)<\/li>\n<li><a href=\"https:\/\/www.freiburg-schwarzwald.de\/blog\/consent-of-the-governed-in-d\/\">Consent of the Governed \u2013 in D erhalten<\/a>\u00a0(7.2.2021)<\/li>\n<li><a href=\"https:\/\/www.freiburg-schwarzwald.de\/blog\/engagement\/zukunft\/demokratie\/zweiklassengesellschaft\/\">Kindergeburtstag und Moscheegebet \u2013 zweierlei Ma\u00df<\/a>\u00a0(5.2.2021)<\/li>\n<li><a href=\"https:\/\/www.freiburg-schwarzwald.de\/blog\/quote-contra-buergergesellschaft\/\">Quote contra B\u00fcrgergesellschaft<\/a>\u00a0(27.1.2021)<\/li>\n<li><a href=\"https:\/\/www.freiburg-schwarzwald.de\/blog\/engagement\/zukunft\/demokratie\/freiheit\/freiheitsrechte\/\">Freiheit braucht keinen Zweck<\/a>\u00a0(27.1.2021)<\/li>\n<li><a href=\"https:\/\/www.freiburg-schwarzwald.de\/blog\/religion\/islam\/tribalismus\/\">Tribalismus ist Gift f\u00fcr die B\u00fcrgergesellschaft<\/a>\u00a0(22.1.2021)<\/li>\n<li><a href=\"https:\/\/www.freiburg-schwarzwald.de\/blog\/global\/deutschland\/gesellschaft\/untertan\/\">Corona: Der sp\u00e4te Triumph des Totalit\u00e4ren<\/a> (17.1.2021)<\/li>\n<li><a href=\"https:\/\/www.freiburg-schwarzwald.de\/blog\/business\/gesund\/virus\/\">Die Abschaffung der Grippe \u2013 Influenza in Covid19 umbenannt<\/a>\u00a0(14.1.2021)<\/li>\n<li><a href=\"https:\/\/www.freiburg-schwarzwald.de\/blog\/business\/gesund\/corona-virus\/corona-angst\/\">Corona-Angst \u2013 macht aus freien B\u00fcrgern \u00e4ngstliche Untertanen<\/a>\u00a0(11.1.2021)<\/li>\n<li><a href=\"https:\/\/www.freiburg-schwarzwald.de\/blog\/steuerzahler-steuergeldbezieher\/\">Nur 15 Mio Steuergeldzahler und viel mehr Steuergeldbezieher<\/a>\u00a0(3.1.2021)<\/li>\n<li><a href=\"https:\/\/www.freiburg-schwarzwald.de\/blog\/der-gesunde-menschenverstand\/\">Der gesunde Menschenverstand \u2013 Hannah Arendt<\/a>\u00a0(3.1.2021)<\/li>\n<li><a href=\"https:\/\/www.freiburg-schwarzwald.de\/blog\/global\/deutschland\/steuerzahler\/\">Steuerzahler und Steuergeldempf\u00e4nger<\/a>\u00a0(2.1.2021)<\/li>\n<li><a href=\"https:\/\/www.freiburg-schwarzwald.de\/blog\/global\/globalisierung\/macht\/\">Das kommende Machtmodell \u2013 Oligopoleigentum mit Linksideologie<\/a>\u00a0(30.12.2020)<\/li>\n<li><a href=\"https:\/\/www.freiburg-schwarzwald.de\/blog\/wissenschaft-und-politik\/\">Wissenschaft und Politik<\/a>\u00a0(18.12.2020)<\/li>\n<li><a href=\"https:\/\/www.freiburg-schwarzwald.de\/blog\/engagement\/rassismus\/antirassismus\/\">Rassismus: Verbrechen der Mehrheit oder Recht der Minderheit?<\/a>\u00a0(16.12.2020)<\/li>\n<li><a href=\"https:\/\/www.freiburg-schwarzwald.de\/blog\/mensch-virus-mensch-mensch\/\">Mensch gegen Virus sowie Mensch gegen Mensch<\/a>\u00a0(12.12.2020)<\/li>\n<li><a href=\"https:\/\/www.freiburg-schwarzwald.de\/blog\/engagement\/zukunft\/demokratie\/privateigentum\/\">Auf Privateigentum beruhende Gesellschaften prosperieren<\/a>\u00a0(11.12.2020)<\/li>\n<li><a href=\"http:\/\/lockdown\/\">Rupert Scholz (CDU): Verlogene Lockdown-Politik<\/a>\u00a0(4.12.2020)<\/li>\n<li><a href=\"https:\/\/www.freiburg-schwarzwald.de\/blog\/business\/gesund\/corona-virus\/corona-angst\/\">Positiv PCR-Getestete ungleich Coronaf\u00e4lle, Neuinfizierte bzw. Erkrankte<\/a>\u00a0(27.11.2020)<\/li>\n<li><a href=\"https:\/\/www.freiburg-schwarzwald.de\/blog\/angst-essen-seele-auf\/\">Angst essen Seele auf<\/a>\u00a0(22.11.2020)<\/li>\n<li><a href=\"https:\/\/www.freiburg-schwarzwald.de\/blog\/global\/deutschland\/deutsche-kultur\/helden\/\">Anti-Helden gegen die Regierung \u2013 Video der Regierung umgeschnitten<\/a>\u00a0(18.11.2020)<\/li>\n<li><a href=\"https:\/\/www.freiburg-schwarzwald.de\/blog\/engagement\/buerger\/\">B\u00fcrger m\u00fcssen sich nach dem Staat richten, nicht mehr umgekehrt<\/a> (17.11.2020)<\/li>\n<li><a href=\"https:\/\/www.freiburg-schwarzwald.de\/blog\/schuelerinnen-zum-lockdown\/\">Drei Sch\u00fclerinnen zum Lockdown<\/a>\u00a0(15.11.2020)<\/li>\n<li><a href=\"https:\/\/www.freiburg-schwarzwald.de\/blog\/aufschrei-volk-mdbs-medien\/\">Aufschei durch Volk, MdB\u2019s, Medien?<\/a>\u00a0(15.11.2020)<\/li>\n<li><a title=\"Fahrraddemo contra Steuerzahler?\" href=\"https:\/\/www.freiburg-schwarzwald.de\/blog\/fahrraddemo-contra-steuerzahler\/\">Fahrraddemo contra Steuerzahler?<\/a>\u00a0(15.10.2020)<\/li>\n<li><a href=\"https:\/\/www.freiburg-schwarzwald.de\/blog\/business\/gesund\/krankheit\/\">Covid-20 als Krankheit der Gesellschaft im Umgang mit Covid-19 als Virus<\/a>\u00a0(13.10.2020)<\/li>\n<li><a title=\"Kulturverlust\" href=\"https:\/\/www.freiburg-schwarzwald.de\/blog\/kultur\/kulturverlust\/\">Simon Kie\u00dfling: Selbstaufgabe einer Zivilisation?\u00a0\u2013\u00a0Entwurzelt im Nirgendwo<\/a>\u00a0(8.10.2020)<\/li>\n<li><a title=\"Gewalt gegen Frauen nimmt zu\" href=\"https:\/\/www.freiburg-schwarzwald.de\/blog\/gewalt-gegen-frauen-nimmt-zu\/\">Gewalt gegen Frauen nimmt zu<\/a>\u00a0(15.8.2020)<\/li>\n<li><a title=\"Deutsche sind keine Covidioten\" href=\"https:\/\/www.freiburg-schwarzwald.de\/blog\/deutsche-sind-keine-covidioten\/\">Deutsche sind keine Covidioten<\/a>\u00a0 (7.8.2020)<\/li>\n<li><a title=\"Historische Demonstration 1.8.\" href=\"https:\/\/www.freiburg-schwarzwald.de\/blog\/historische-demonstration-1-8\/\">Historische Demonstration zu Corona am 1.8. in Berlin<\/a>\u00a0(5.8.2020)<\/li>\n<li><a title=\"Handwerksbetriebe Nachfolger\" href=\"https:\/\/www.freiburg-schwarzwald.de\/blog\/handwerksbetriebe-nachfolger\/\">Handwerksbetriebe finden\u00a0immer schwieriger Nachfolger<\/a>\u00a0(15.7.2020)<\/li>\n<li><a title=\"Verteilungskampf\" href=\"https:\/\/www.freiburg-schwarzwald.de\/blog\/global\/deutschland\/verteilungskampf\/\">Auf die Corona-Krise k\u00f6nnten Verteilungsk\u00e4mpfe folgen<\/a>\u00a0(10.7.2020)<\/li>\n<li><a title=\"Antirassismus\" href=\"https:\/\/www.freiburg-schwarzwald.de\/blog\/engagement\/rassismus\/antirassismus\/\">Die M\u00e4r des strukturellen Rassismus\u2018 bei der Polizei<\/a>\u00a0(30.6.2020)<\/li>\n<li><a title=\"Germany\" href=\"https:\/\/www.freiburg-schwarzwald.de\/blog\/global\/deutschland\/germany\/\">Ich, der privilegierte Italiener. Evviva la Germania!<\/a>\u00a0(29.6.2020)<\/li>\n<li><a title=\"Ideologie\" href=\"https:\/\/www.freiburg-schwarzwald.de\/blog\/engagement\/zukunft\/ideologie\/\">Finkielkraut: Antirassismus als Ideologie der Wei\u00df-Sein-Scham<\/a>\u00a0(13.6.2020)<\/li>\n<li><a title=\"Rassismus\" href=\"https:\/\/www.freiburg-schwarzwald.de\/blog\/engagement\/rassismus\/\">\u00dcberall Rassisten: Struktureller Rassismus<\/a> (12.6.2020)<\/li>\n<li><a title=\"Freier Debattenraum f\u00fcr B\u00fcrger\" href=\"https:\/\/www.freiburg-schwarzwald.de\/blog\/freier-debattenraum-fuer-buerger\/\">Freier Debattenraum f\u00fcr B\u00fcrger<\/a>\u00a0(1.6.2020)<\/li>\n<li><a title=\"Tips zur \u201cNach Corona\u201d-Zeit\" href=\"https:\/\/www.freiburg-schwarzwald.de\/blog\/tips-zur-nach-corona-zeit\/\">Tips von Medien und Politik zur \u201cNach Corona\u201d-Zeit<\/a>\u00a0(31.5.2020)<\/li>\n<li><a title=\"Nur meckern allein hilft nichts\" href=\"https:\/\/www.freiburg-schwarzwald.de\/blog\/nur-meckern-allein-hilft-nichts\/\">Nur meckern\u00a0 allein hilft nichts<\/a>\u00a0(29.5.2020)<\/li>\n<li><a title=\"Consent-of-the-Governed\" href=\"https:\/\/www.freiburg-schwarzwald.de\/blog\/global\/deutschland\/consent-of-the-governed\/\">Peter Kuntze: Deutschland, die ethnisch fragmentierte Republik \u2013\u00a0Es wird noch bunter<\/a>\u00a0(29.5.2020)<\/li>\n<li><a title=\"Gerichte\" href=\"https:\/\/www.freiburg-schwarzwald.de\/blog\/selbsthilfe\/soziales\/justiz\/gerichte\/\">Rechtsstaat konkret: Die Justiz als Stiefkind der Politik<\/a>\u00a0(22.5.2020)<\/li>\n<li><a href=\"https:\/\/www.freiburg-schwarzwald.de\/blog\/staat-versetzt-buerger-in-angst\/\">Staat versetzt B\u00fcrger in Angst<\/a>\u00a0(10.4.2020)<\/li>\n<li><a title=\"Corona-Grundrechte\" href=\"https:\/\/www.freiburg-schwarzwald.de\/blog\/business\/gesund\/corona-virus\/corona-grundrechte\/\">Deutschland (Baum\u00e4rkte offen, Klopapier knapp) \u2013 Frankreich (Vinothek, Kondome)<\/a>\u00a0(23.3.2020)<\/li>\n<li><a title=\"Mittelschicht\" href=\"https:\/\/www.freiburg-schwarzwald.de\/blog\/engagement\/zukunft\/demokratie\/mittelschicht\/\">Der Kampf der zwei Mittelschichten: Freisassen und Klerus<\/a> (16.3.2020)<\/li>\n<li><a title=\"Deutschland2020\" href=\"https:\/\/www.freiburg-schwarzwald.de\/blog\/global\/deutschland\/deutschland2020\/\">Anmerkungen zur deutschen Erregungsgesellschaft 2015-2020<\/a>\u00a0(29.2.2020)<\/li>\n<li><a title=\"Gesellschaft: offen und tolerant\" href=\"https:\/\/www.freiburg-schwarzwald.de\/blog\/gesellschaft-offen-und-tolerant\/\">Gesellschaft: Offen und tolerant<\/a>\u00a0(26.2.2020)<\/li>\n<li><a title=\"Aktivisten\" href=\"https:\/\/www.freiburg-schwarzwald.de\/blog\/vereine\/ngo\/aktivisten\/\">Offener Brief an die Medien: H\u00f6rt endlich auf, die Gesellschaft zu spalten!<\/a>\u00a0(24.2.2020)<\/li>\n<li><a title=\"Parteienstaat\" href=\"https:\/\/www.freiburg-schwarzwald.de\/blog\/engagement\/zukunft\/demokratie\/parteienstaat\/\">Erfurt: Der Abgeordnete ist nicht Vertreter des B\u00fcrgers, sondern der Parteielite<\/a>\u00a0(6.2.2020)<\/li>\n<li><a title=\"GEZ-Medien\" href=\"https:\/\/www.freiburg-schwarzwald.de\/blog\/kultur\/medien\/gez-medien\/\">So heizt man Pogromstimmungen an: Umweltsau, Nazisau<\/a>\u00a0(29.12.2019)<\/li>\n<li><a title=\"Babyboom \u2013 kein Babyboom\" href=\"https:\/\/www.freiburg-schwarzwald.de\/blog\/babyboom-kein-babyboom\/\">Babyboom \u2013 kein Babyboom<\/a>\u00a0 (20.12.2019)<\/li>\n<li><a title=\"Alte-weisse-Maenner\" href=\"https:\/\/www.freiburg-schwarzwald.de\/blog\/kultur\/alte-weisse-maenner\/\">Die minderwertigen alten wei\u00dfen M\u00e4nner<\/a>\u00a0(11.12.2019)<\/li>\n<li><a title=\"Konservative braucht das Land\" href=\"https:\/\/www.freiburg-schwarzwald.de\/blog\/konservative-braucht-das-land\/\">Konservative braucht das Land<\/a>\u00a0(13.12.2019)<\/li>\n<li><a title=\"Commons\" href=\"https:\/\/www.freiburg-schwarzwald.de\/blog\/kultur\/commons\/\">Die Gefahr der Zerst\u00f6rung von kulturellem Kapital durch Migration<\/a>\u00a0(2.12.2019)<\/li>\n<li>Yascha Mounk: ein \u201eeinmaliges soziales Experiment\u201c\u00a0 (28.11.2019)<\/li>\n<li><a title=\"Repression\" href=\"https:\/\/www.freiburg-schwarzwald.de\/blog\/engagement\/zukunft\/demokratie\/repression\/\">Repression statt L\u00f6sung \u2013\u00a0Politische Legitimit\u00e4t und die Angst der Deutschen<\/a>\u00a0(28.11.2019)<\/li>\n<li><a title=\"Hass\" href=\"https:\/\/www.freiburg-schwarzwald.de\/blog\/kultur\/medien\/hass\/\">Thorsten Hinz: Den Ha\u00df fixiert, wer die Macht besitzt<\/a>\u00a0(22.11.2019)<\/li>\n<li><a title=\"Anywheres\" href=\"https:\/\/www.freiburg-schwarzwald.de\/blog\/global\/deutschland\/gesellschaft\/anywheres\/\">Die kleine Welt der gr\u00fcnen Kosmopoliten \u2013 versus Kommunitarer<\/a> (17.11.2019)<\/li>\n<li><a title=\"Nation\" href=\"https:\/\/www.freiburg-schwarzwald.de\/blog\/engagement\/zukunft\/demokratie\/nation\/\">Der Volkstrauertag in der postnationalen Gesellschaft<\/a>\u00a0(15.11.2019)<\/li>\n<li><a title=\"Intellektuelle\" href=\"https:\/\/www.freiburg-schwarzwald.de\/blog\/global\/deutschland\/gesellschaft\/intellektuelle\/\">Diener der Macht: Medien, Intellektuelle<\/a> (18.10.2019)<\/li>\n<li><a title=\"Consent-of-the-Governed\" href=\"https:\/\/www.freiburg-schwarzwald.de\/blog\/global\/deutschland\/consent-of-the-governed\/\">Gesellschaftsvertrag: Enteignung und Beschimpfung schaffen Populismus<\/a>\u00a0(15.10.2019)<\/li>\n<li><a title=\"Kritik und abweichende Meinung\" href=\"https:\/\/www.freiburg-schwarzwald.de\/blog\/kritik-und-abweichende-meinung\/\">Kritik und abweichende Meinung<\/a>\u00a0(7.8.2019)<\/li>\n<li><a href=\"https:\/\/www.freiburg-schwarzwald.de\/blog\/peripherie-contra-metropole\/\">https:\/\/www.freiburg-schwarzwald.de\/blog\/peripherie-contra-metropole\/<\/a>\u00a0(27.7.2019)<\/li>\n<li><a title=\"Rezession \u2013 Innerer Friede\" href=\"https:\/\/www.freiburg-schwarzwald.de\/blog\/rezession-innerer-friede\/\">Rezession bedroht den inneren Frieden<\/a>\u00a0(11.7.2019)<\/li>\n<li><a href=\"https:\/\/www.freiburg-schwarzwald.de\/blog\/freier-demokratischer-diskurs\/\">https:\/\/www.freiburg-schwarzwald.de\/blog\/freier-demokratischer-diskurs\/<\/a>\u00a0(8.7.2019)<\/li>\n<li><a href=\"https:\/\/www.freiburg-schwarzwald.de\/blog\/gauck-mahnt-zu-toleranz\/\">https:\/\/www.freiburg-schwarzwald.de\/blog\/gauck-mahnt-zu-toleranz\/<\/a>\u00a0(21.6.2019)<\/li>\n<li><a title=\"Meinungsfreiheit\" href=\"https:\/\/www.freiburg-schwarzwald.de\/blog\/kultur\/medien\/meinungsfreiheit\/\">Gauck: Begrenzte Meinungsfreiheit bei uns in Deutschland<\/a>\u00a0(20.6.2019)<\/li>\n<li><a href=\"https:\/\/www.freiburg-schwarzwald.de\/blog\/freiheit-und-der-17-juni-1953\/\">https:\/\/www.freiburg-schwarzwald.de\/blog\/freiheit-und-der-17-juni-1953\/<\/a>\u00a0(17.6.2019)<\/li>\n<li><a href=\"https:\/\/www.freiburg-schwarzwald.de\/blog\/boeckenfoerde-grosser-freiburger\/\">https:\/\/www.freiburg-schwarzwald.de\/blog\/boeckenfoerde-grosser-freiburger\/<\/a>\u00a0(7.3.2019)<\/li>\n<li><a href=\"https:\/\/www.freiburg-schwarzwald.de\/blog\/migranten-eigenverantwortung\/\">https:\/\/www.freiburg-schwarzwald.de\/blog\/migranten-eigenverantwortung\/<\/a>\u00a0 (25.2.2019)<\/li>\n<li>Deutschlands zerbrochene Gesellschaft: Eine Einheitsmeinung (1.2.2019)<\/li>\n<li><a href=\"https:\/\/www.freiburg-schwarzwald.de\/blog\/somewheres-gegen-anywheres\/\">https:\/\/www.freiburg-schwarzwald.de\/blog\/somewheres-gegen-anywheres\/<\/a>\u00a0(13.2.2019)<\/li>\n<li>Zehn Menschen des Jahres 2018\u00a0 (1.2.2019)<\/li>\n<li>Unbehagen der unteren Mittelschicht an kultureller \u00dcberfremdung\u00a0 (20.1.2019)<\/li>\n<li><a href=\"https:\/\/www.freiburg-schwarzwald.de\/blog\/global\/integration\/parallelgesellschaft\/gegengesellschaft\/\">Ali Ertan Toprak: \u201eParallelgesellschaft war gestern, heute muss man von einer Gegengesellschaft sprechen.\u201c<\/a>\u00a0(11.10.2018)<\/li>\n<li>Homogene Gesellschaft garantiert die Freiheit (18.5.2018)<\/li>\n<li>Warum leben wir in Gesellschaften? (30.3.2018)<\/li>\n<li><a title=\"Unsere rechte schiefe Ebene\" href=\"https:\/\/www.freiburg-schwarzwald.de\/blog\/unsere-rechte-schiefe-ebene\/\">https:\/\/www.freiburg-schwarzwald.de\/blog\/unsere-rechte-schiefe-ebene\/<\/a> (28.3.2018)<\/li>\n<li>Links und rechts &#8211; zweierlei Ma\u00df in den Medien (21.3.2018)<\/li>\n<li>Sozialexperiment &#8211; Monoethnische in multiethnische Demokratie verwandeln (26.2.2018)<\/li>\n<li><a title=\"Freiheit der Frauen schwindet\" href=\"https:\/\/www.freiburg-schwarzwald.de\/blog\/freiheit-der-frauen-schwindet\/\">HH-Groteske: Rechte &#8222;Merkel-mu\u00df-weg&#8220;-Demonstrantinnen gegen Antifa<\/a> (25,.2.2018)<\/li>\n<li><a title=\"Fernsehen\" href=\"https:\/\/www.freiburg-schwarzwald.de\/blog\/kultur\/medien\/fernsehen\/\">Tagesschau: Monokulturelle durch Multiethnische Demokratie ersetzen <\/a>(21.2.2018)<\/li>\n<li><strong><a title=\"Landwirt\" href=\"https:\/\/www.freiburg-schwarzwald.de\/blog\/natur\/landwirt\/\">Dirk Maxeiner: Ernte-Dank an Jungbauern, Agrarforschern und Food-Importeure<\/a>\u00a0(20.10.2010)<\/strong><\/li>\n<li><a href=\"https:\/\/www.freiburg-schwarzwald.de\/blog\/global\/globalisierung\/sozialismusangst\/\">Roland Baader: Deutschland im 80%-Sozialismus, nicht im Kapitalismus<\/a>\u00a0(12.1.2016)<\/li>\n<\/ul>\n<p>&nbsp;<\/p>\n<ul>\n<li><a href=\"https:\/\/www.freiburg-schwarzwald.de\/blog\/global\/deutschland\/akademikerschwemme\/\">Akademikerschwemme<\/a><\/li>\n<li><a title=\"Aktivisten\" href=\"https:\/\/www.freiburg-schwarzwald.de\/blog\/vereine\/ngo\/aktivisten\/\">Aktivisten<\/a><\/li>\n<li><a title=\"Alte-weisse-Maenner\" href=\"https:\/\/www.freiburg-schwarzwald.de\/blog\/kultur\/alte-weisse-maenner\/\">Alte-weisse-M\u00e4nner<\/a><\/li>\n<li><a href=\"https:\/\/www.freiburg-schwarzwald.de\/blog\/global\/deutschland\/moral2015\/andrick\/\">Andrick<\/a><\/li>\n<li><a href=\"https:\/\/www.freiburg-schwarzwald.de\/blog\/engagement\/zukunft\/angst\/angstgesellschaft\/\">Angstgesellschaft<\/a><\/li>\n<li><a href=\"https:\/\/www.freiburg-schwarzwald.de\/blog\/global\/deutschland\/gesellschaft\/anspruchsgesellschaft\/\">Anspruchsgesellschaft<\/a><\/li>\n<li><a title=\"Antirassismus\" href=\"https:\/\/www.freiburg-schwarzwald.de\/blog\/engagement\/rassismus\/antirassismus\/\">Antirassismus<\/a><\/li>\n<li><a title=\"Anywheres\" href=\"https:\/\/www.freiburg-schwarzwald.de\/blog\/global\/deutschland\/gesellschaft\/anywheres\/\">Anywheres<\/a><\/li>\n<li><a href=\"https:\/\/www.freiburg-schwarzwald.de\/blog\/engagement\/zukunft\/demokratie\/arbeiter\/\">Arbeiter<\/a><\/li>\n<li><a href=\"https:\/\/www.freiburg-schwarzwald.de\/blog\/selbsthilfe\/soziales\/arbeit\/arbeitsverweigerung\/\">Arbeitsverweigerung<\/a><\/li>\n<li><a href=\"https:\/\/www.freiburg-schwarzwald.de\/blog\/engagement\/buerger\/\">Buerger<\/a><\/li>\n<li>Buergerrat<\/li>\n<li><a href=\"https:\/\/www.freiburg-schwarzwald.de\/blog\/global\/deutschland\/gesellschaft\/buergerrechte\/\">Buergerrechte<\/a><\/li>\n<li><a href=\"https:\/\/www.freiburg-schwarzwald.de\/blog\/engagement\/buerger\/buergerwehr\/\">Buergerwehr<\/a><\/li>\n<li><a href=\"https:\/\/www.freiburg-schwarzwald.de\/blog\/kultur\/leitkultur\/multikulti\/bunt\/\">bunt<\/a><\/li>\n<li><a title=\"Commons\" href=\"https:\/\/www.freiburg-schwarzwald.de\/blog\/kultur\/commons\/\">Commons<\/a><\/li>\n<li><a title=\"Consent-of-the-Governed\" href=\"https:\/\/www.freiburg-schwarzwald.de\/blog\/global\/deutschland\/consent-of-the-governed\/\">Consent of the Governed<\/a><\/li>\n<li><a href=\"https:\/\/www.freiburg-schwarzwald.de\/blog\/business\/gesund\/corona-virus\/corona-abendland\/\">Corona-Abendland<\/a><\/li>\n<li><a href=\"https:\/\/www.freiburg-schwarzwald.de\/blog\/business\/gesund\/corona-virus\/corona-regiment\/\">Corona-Regiment<\/a><\/li>\n<li><a href=\"https:\/\/www.freiburg-schwarzwald.de\/blog\/business\/gesund\/corona-virus\/corona-versoehnung\/\">Corona-Versoehnung<\/a><\/li>\n<li><a href=\"https:\/\/www.freiburg-schwarzwald.de\/blog\/engagement\/zukunft\/demokratie\/freiheit\/frei\/\">frei<\/a><\/li>\n<li><a title=\"Leitkultur\" href=\"https:\/\/www.freiburg-schwarzwald.de\/blog\/kultur\/leitkultur\/\">Leitkultur\u00a0<\/a><\/li>\n<li><a href=\"https:\/\/www.freiburg-schwarzwald.de\/blog\/kultur\/kulturverlust\/dekadenz\/\">Dekadenz<\/a><\/li>\n<li><a title=\"Deutsche-Kultur\" href=\"https:\/\/www.freiburg-schwarzwald.de\/blog\/global\/deutschland\/deutsche-kultur\/\">Deutsche-Kultur<\/a><\/li>\n<li><a title=\"Deutschland-Hoffnung\" href=\"https:\/\/www.freiburg-schwarzwald.de\/blog\/global\/deutschland\/deutschland-hoffnung\/\">Deutschland-Hoffnung<\/a><\/li>\n<li><a href=\"https:\/\/www.freiburg-schwarzwald.de\/blog\/kultur\/medien\/diversity\/\">Diversity<\/a><\/li>\n<li><a title=\"Eliten\" href=\"https:\/\/www.freiburg-schwarzwald.de\/blog\/engagement\/zukunft\/demokratie\/eliten\/\">Eliten<\/a><\/li>\n<li><a title=\"Entwurzelung\" href=\"https:\/\/www.freiburg-schwarzwald.de\/blog\/global\/migration\/entwurzelung\/\">Entwurzelung<\/a><\/li>\n<li><a title=\"Europa-Leitkultur\" href=\"https:\/\/www.freiburg-schwarzwald.de\/blog\/kultur\/europa-leitkultur\/\">Europa-Leitkultur<\/a><\/li>\n<li><a href=\"https:\/\/www.freiburg-schwarzwald.de\/blog\/engagement\/zukunft\/demokratie\/experiment\/\">Experiment &#8211; Mounk<\/a><\/li>\n<li><a title=\"Frauenproteste\" href=\"https:\/\/www.freiburg-schwarzwald.de\/blog\/selbsthilfe\/frauen\/frauenproteste\/\">Frauenproteste<\/a><\/li>\n<li><a href=\"https:\/\/www.freiburg-schwarzwald.de\/blog\/engagement\/zukunft\/demokratie\/freiheit\/freiheitsrechte\/\">Freiheitsrechte<\/a><\/li>\n<li><a href=\"https:\/\/www.freiburg-schwarzwald.de\/blog\/global\/integration\/parallelgesellschaft\/gegengesellschaft\/\">Gegengesellschaf<\/a>t<\/li>\n<li>Gehorsamkeit<\/li>\n<li><a title=\"Gerichte\" href=\"https:\/\/www.freiburg-schwarzwald.de\/blog\/selbsthilfe\/soziales\/justiz\/gerichte\/\">Gerichte<\/a><\/li>\n<li><a title=\"Germany\" href=\"https:\/\/www.freiburg-schwarzwald.de\/blog\/global\/deutschland\/germany\/\">Germany<\/a><\/li>\n<li><a title=\"Gesinnungsdiktatur\" href=\"https:\/\/www.freiburg-schwarzwald.de\/blog\/kultur\/medien\/gesinnungsdiktatur\/\">Gesinnungsdiktatur<\/a><\/li>\n<li><a title=\"Hass\" href=\"https:\/\/www.freiburg-schwarzwald.de\/blog\/kultur\/medien\/hass\/\">Hass<\/a><\/li>\n<li><a title=\"Heimat\" href=\"https:\/\/www.freiburg-schwarzwald.de\/blog\/regio\/heimat\/\">Heima<\/a>t<\/li>\n<li><a href=\"https:\/\/www.freiburg-schwarzwald.de\/blog\/global\/deutschland\/deutsche-kultur\/helden\/\">Helden<\/a><\/li>\n<li><a href=\"https:\/\/www.freiburg-schwarzwald.de\/blog\/global\/deutschland\/gesellschaft\/hysterie\/\">Hysterie<\/a><\/li>\n<li><a title=\"Identitaet\" href=\"https:\/\/www.freiburg-schwarzwald.de\/blog\/engagement\/zukunft\/demokratie\/identitaet\/\">identitaet<\/a><\/li>\n<li><a href=\"https:\/\/www.freiburg-schwarzwald.de\/blog\/engagement\/zukunft\/demokratie\/identitaetspolitik\/\">Identit\u00e4tspolitik<\/a><\/li>\n<li><a title=\"Integration\" href=\"https:\/\/www.freiburg-schwarzwald.de\/blog\/global\/integration\/\">Integration<\/a><\/li>\n<li><a title=\"Intellektuelle\" href=\"https:\/\/www.freiburg-schwarzwald.de\/blog\/global\/deutschland\/gesellschaft\/intellektuelle\/\">Intellektuelle<\/a><\/li>\n<li><a title=\"Interkulturelle-Oeffnung\" href=\"https:\/\/www.freiburg-schwarzwald.de\/blog\/global\/integration\/interkulturelle-oeffnung\/\">Interkulturelle \u00d6ffnung<\/a><\/li>\n<li><a href=\"https:\/\/www.freiburg-schwarzwald.de\/blog\/selbsthilfe\/soziales\/isolation\/\">Isolation<\/a><\/li>\n<li><a title=\"Kinder-instrumentalisieren\" href=\"https:\/\/www.freiburg-schwarzwald.de\/blog\/selbsthilfe\/kinder\/kinder-instrumentalisieren\/\">Kinder-instrumentalisieren<\/a><\/li>\n<li><a href=\"https:\/\/www.freiburg-schwarzwald.de\/blog\/business\/gesund\/krankheit\/\">Krankheit<\/a><\/li>\n<li><a title=\"Kulturverlust\" href=\"https:\/\/www.freiburg-schwarzwald.de\/blog\/kultur\/kulturverlust\/\">Kulturverlust<\/a><\/li>\n<li><a href=\"https:\/\/www.freiburg-schwarzwald.de\/blog\/global\/deutschland\/gesellschaft\/leistungsgesellschaft\/\">Leistungsgesellschaft<\/a><\/li>\n<li><a href=\"https:\/\/www.freiburg-schwarzwald.de\/blog\/global\/globalisierung\/macht\/\">Macht<\/a><\/li>\n<li><a title=\"Mainstream\" href=\"https:\/\/www.freiburg-schwarzwald.de\/blog\/kultur\/medien\/mainstream\/\">Mainstream<\/a><\/li>\n<li><a href=\"https:\/\/www.freiburg-schwarzwald.de\/blog\/engagement\/zukunft\/demokratie\/denunziation\/meldewesen\/\">Meldewesen<\/a><\/li>\n<li><a href=\"https:\/\/www.freiburg-schwarzwald.de\/blog\/kultur\/commons\/menschenverstand\/\">Menschenverstand<\/a><\/li>\n<li><a href=\"https:\/\/www.freiburg-schwarzwald.de\/blog\/global\/migration\/migration-gesellschaft\/\">Migration-Gesellschaft<\/a><\/li>\n<li><a title=\"Migrationshintergrund\" href=\"https:\/\/www.freiburg-schwarzwald.de\/blog\/global\/migration\/migrationshintergrund\/\">Migrationshintergrund<\/a><\/li>\n<li><a href=\"https:\/\/www.freiburg-schwarzwald.de\/blog\/engagement\/zukunft\/demografie\/minderheit\/\">Minderheit<\/a><\/li>\n<li><a title=\"Mittelschicht\" href=\"https:\/\/www.freiburg-schwarzwald.de\/blog\/engagement\/zukunft\/demokratie\/mittelschicht\/\">Mittelschicht<\/a><\/li>\n<li><a title=\"Multikulti\" href=\"https:\/\/www.freiburg-schwarzwald.de\/blog\/kultur\/leitkultur\/multikulti\/\">Multikulti<\/a><\/li>\n<li><a title=\"Nationalstolz\" href=\"https:\/\/www.freiburg-schwarzwald.de\/blog\/engagement\/zukunft\/demokratie\/nationalstolz\/\">Nationalstolz<\/a><\/li>\n<li><a href=\"https:\/\/www.freiburg-schwarzwald.de\/blog\/vereine\/ngo\/ngo-komplex\/\">NGO-Komplex<\/a><\/li>\n<li><a href=\"https:\/\/www.freiburg-schwarzwald.de\/blog\/global\/integration\/muslime\/nicht-muslime\/\">Nicht-Muslime<\/a><\/li>\n<li><a href=\"https:\/\/www.freiburg-schwarzwald.de\/blog\/business\/volkswirtschaft\/niedergang\/\">Niedergang<\/a><\/li>\n<li><a href=\"https:\/\/www.freiburg-schwarzwald.de\/blog\/global\/deutschland\/gesellschaft\/normalitaet\/\">Normalit\u00e4t<\/a><\/li>\n<li><a href=\"https:\/\/www.freiburg-schwarzwald.de\/blog\/business\/volkswirtschaft\/oekonomie\/\">Oekonomie<\/a><\/li>\n<li><a title=\"Parallelgesellschaft\" href=\"https:\/\/www.freiburg-schwarzwald.de\/blog\/global\/integration\/parallelgesellschaft\/\">Parallelgesellschaft<\/a><\/li>\n<li><a title=\"Parallelkultur\" href=\"https:\/\/www.freiburg-schwarzwald.de\/blog\/global\/integration\/parallelkultur\/\">Parallelkulturen<\/a><\/li>\n<li><a title=\"Parteienstaat\" href=\"https:\/\/www.freiburg-schwarzwald.de\/blog\/engagement\/zukunft\/demokratie\/parteienstaat\/\">Parteienstaat<\/a><\/li>\n<li><a title=\"Patriotismus\" href=\"https:\/\/www.freiburg-schwarzwald.de\/blog\/engagement\/zukunft\/demokratie\/patriotismus\/\">Patriotismus<\/a><\/li>\n<li><a title=\"Pegida\" href=\"https:\/\/www.freiburg-schwarzwald.de\/blog\/global\/integration\/pegida\/\">Pegida<\/a><\/li>\n<li><a href=\"https:\/\/www.freiburg-schwarzwald.de\/blog\/selbsthilfe\/soziales\/justiz\/polizei\/polizeigewalt\/\">Polizeigewalt<\/a><\/li>\n<li><a href=\"https:\/\/www.freiburg-schwarzwald.de\/blog\/engagement\/buerger\/privat\/\">privat<\/a><\/li>\n<li><a href=\"https:\/\/www.freiburg-schwarzwald.de\/blog\/global\/deutschland\/gesellschaft\/profiteure\/\">Profiteure<\/a><\/li>\n<li><a href=\"https:\/\/www.freiburg-schwarzwald.de\/blog\/engagement\/zukunft\/demokratie\/privateigentum\/\">Privateigentum<\/a><\/li>\n<li><a href=\"https:\/\/www.freiburg-schwarzwald.de\/blog\/kultur\/medien\/diskussionskultur\/reden\/\">Reden miteinander<\/a><\/li>\n<li><a title=\"Repression\" href=\"https:\/\/www.freiburg-schwarzwald.de\/blog\/engagement\/zukunft\/demokratie\/repression\/\">Repression<\/a><\/li>\n<li><a href=\"https:\/\/www.freiburg-schwarzwald.de\/blog\/kultur\/medien\/ressentiment\/\">Ressentiment<\/a><\/li>\n<li><a title=\"Anywheres\" href=\"https:\/\/www.freiburg-schwarzwald.de\/blog\/global\/deutschland\/gesellschaft\/anywheres\/\">Somewheres<\/a><\/li>\n<li><a title=\"Spaltung\" href=\"https:\/\/www.freiburg-schwarzwald.de\/blog\/global\/deutschland\/spaltung\/\">Spaltung<\/a><\/li>\n<li><a href=\"https:\/\/www.freiburg-schwarzwald.de\/blog\/global\/deutschland\/steuerzahler\/\">Steuerzahler<\/a><\/li>\n<li><a title=\"Transformation\" href=\"https:\/\/www.freiburg-schwarzwald.de\/blog\/natur\/klima\/transformation\/\">Transformation in \u00d6kodiktatur<\/a><\/li>\n<li><a href=\"https:\/\/www.freiburg-schwarzwald.de\/blog\/religion\/islam\/tribalismus\/\">Tribalismus<\/a><\/li>\n<li><a title=\"Ueberfremdung\" href=\"https:\/\/www.freiburg-schwarzwald.de\/blog\/global\/integration\/ueberfremdung\/\">Ueberfremdung<\/a><\/li>\n<li><a href=\"https:\/\/www.freiburg-schwarzwald.de\/blog\/engagement\/zukunft\/demokratie\/freiheit\/ueberwachung\/\">Ueberwachung<\/a><\/li>\n<li><a title=\"Untergang\" href=\"https:\/\/www.freiburg-schwarzwald.de\/blog\/religion\/islam\/untergang\/\">Untergang Europas<\/a><\/li>\n<li><a href=\"https:\/\/www.freiburg-schwarzwald.de\/blog\/engagement\/zukunft\/demokratie\/unterschicht\/\">Unterschicht<\/a><\/li>\n<li><a href=\"https:\/\/www.freiburg-schwarzwald.de\/blog\/global\/deutschland\/gesellschaft\/untertan\/\">Untertan<\/a><\/li>\n<li><a title=\"Verteilungskampf\" href=\"https:\/\/www.freiburg-schwarzwald.de\/blog\/global\/deutschland\/verteilungskampf\/\">Verteilungskampf<\/a><\/li>\n<li><a title=\"Volk\" href=\"https:\/\/www.freiburg-schwarzwald.de\/blog\/engagement\/zukunft\/demokratie\/volk\/\">Volk<\/a><\/li>\n<li><a title=\"Wahlvolk\" href=\"https:\/\/www.freiburg-schwarzwald.de\/blog\/engagement\/zukunft\/demokratie\/wahlvolk\/\">Wahlvolk<\/a><\/li>\n<li><a title=\"Werte\" href=\"https:\/\/www.freiburg-schwarzwald.de\/blog\/global\/integration\/werte\/\">Werte<\/a><\/li>\n<li><a title=\"Willkommenskultur\" href=\"https:\/\/www.freiburg-schwarzwald.de\/blog\/global\/integration\/willkommenskultur\/\">Willkommenskultur<\/a><\/li>\n<li><a href=\"https:\/\/www.freiburg-schwarzwald.de\/blog\/engagement\/wir\/\">wir<\/a><\/li>\n<li><a href=\"https:\/\/www.freiburg-schwarzwald.de\/blog\/kultur\/kulturverlust\/wokeismus\/\">Wokeismus<\/a><\/li>\n<li><a href=\"https:\/\/www.freiburg-schwarzwald.de\/blog\/global\/deutschland\/zerfall\/\">Zerfall<\/a><\/li>\n<li><a href=\"https:\/\/www.freiburg-schwarzwald.de\/blog\/global\/deutschland\/gesellschaft\/zivilgesellschaft\/\">Zivilgesellschaft<\/a><\/li>\n<li><a href=\"https:\/\/www.freiburg-schwarzwald.de\/blog\/kultur\/zivilisiertheit\/\">Zivilisiertheit<\/a><\/li>\n<\/ul>\n<p><strong>&#8222;Jeder ist seines Gl\u00fcckes Schmied&#8220;<\/strong><br \/>\nwird zu<br \/>\n<strong>&#8222;Jeder ist seines N\u00e4chsten Krankheit&#8220;<\/strong><\/p>\n<p>==========================================================<\/p>\n<p>.<\/p>\n<p><strong>Yascha Mounk: ein \u201eeinmaliges soziales Experiment\u201c<\/strong><br \/>\n.<br \/>\n<em><strong>&#8222;Dass wir ein historisch einmaliges Experiment<br \/>\nder Umwandlung einer monoethnischen monokulturellen Demokratie<br \/>\nin eine <a title=\"Multikulti\" href=\"https:\/\/www.freiburg-schwarzwald.de\/blog\/kultur\/leitkultur\/multikulti\/\">multikulturelle<\/a> Demokratie wagen\u201c<\/strong><\/em>,<br \/>\nbeschrieb der Harvard-Politikwissenschaftler <a title=\"Wirtschaft\" href=\"https:\/\/www.freiburg-schwarzwald.de\/blog\/business\/wirtschaft\/\">Yasha Mounk<\/a> am 20.2.2018 in den <a title=\"GEZ-Medien\" href=\"https:\/\/www.freiburg-schwarzwald.de\/blog\/kultur\/medien\/gez-medien\/\">ARD-Tagesthemen<\/a>. Dieses gesellschaftliche <a title=\"Demokratie-Rousseau\" href=\"https:\/\/www.freiburg-schwarzwald.de\/blog\/engagement\/zukunft\/demokratie\/demokratie-rousseau\/\">Experiment <\/a>wird von Politik und Medien begr\u00fc\u00dft (einfach mal googlen) und ist dabei, umgesetzt zu werden. Obgleich Yascha Mounk hinzuf\u00fcgte &#8222;dabei kommt es nat\u00fcrlich auch zu Verwerfungen&#8220;. Obgleich ungekl\u00e4rt ist, wer die von Mounk im ARD-Interview f\u00fcnf Mal genannten &#8222;wir&#8220; sind.<br \/>\nNoch ist es eine Minderheit, wie der Wirtschaftsprofessor Max Otte, die auf die erheblichen Risiken hinweist. Aber was passiert in der Zukunft, wenn eine weiter zunehmende Migration von funktionalen Analphabeten auf eine wirtschaftliche <a title=\"Rezession\" href=\"https:\/\/www.freiburg-schwarzwald.de\/blog\/business\/rezession\/\">Rezession<\/a> trifft und der <a title=\"Sozialstaat\" href=\"https:\/\/www.freiburg-schwarzwald.de\/blog\/selbsthilfe\/soziales\/sozialstaat\/\">Sozialstaat<\/a> die vielf\u00e4ltigen Anspr\u00fcche nicht mehr verkraften kann?<br \/>\nDenn dann gibt es kein Zur\u00fcck mehr: Die Transformation ethnisch und kulturell relativ homogener <a title=\"Nation\" href=\"https:\/\/www.freiburg-schwarzwald.de\/blog\/engagement\/zukunft\/demokratie\/nation\/\">Nationalstaaten<\/a> hin zum inhomogenen <a title=\"Multikulti\" href=\"https:\/\/www.freiburg-schwarzwald.de\/blog\/kultur\/leitkultur\/multikulti\/\">Vielv\u00f6lkerkonglomerat<\/a> wurde vollzogen \u00fcber die schrittweise Ersetzung der Europ\u00e4er durch \u201eEinwanderer\u201c aus dem globalen S\u00fcden .<br \/>\n28.11.2019<br \/>\n.<br \/>\n.<br \/>\n<strong>Bev\u00f6lkerungsaustausch Yascha Mounk: &#8222;Wir&#8220; wagen &#8222;unser&#8220; Experiment<\/strong><br \/>\nWo aber bleibt der Schrei der f\u00fcr dumm verkauften, br\u00fcskierten, nach allen Regeln der Kunst belogenen und vom Staat finanziell Ausgepressten?<br \/>\nWo der Schrei derer, denen Harvard-Politikwissenschaftler Yascha Mounk in den ARD-Tagesthemen zur besten Sendezeit am 20.02.2018 klipp und klar sagte, dass \u201eWir\u201c ein historisch einzigartiges Experiment wagen, n\u00e4mlich faktisch einen Bev\u00f6lkerungsaustausch?<br \/>\nNachzulesen bzw. zu sehen hier: <a href=\"https:\/\/www.youtube.com\/watch?v=pAfWU9hcPHA\">https:\/\/www.youtube.com\/watch?v=pAfWU9hcPHA<\/a> .<br \/>\n.<br \/>\nKennen Sie diesen \u201eWir\u201c aus Yascha Mounks Statement in den Tagesthemen?<br \/>\nSteht diese Planung eines ganz offen kommunizierten Bev\u00f6lkerungsaustausches in den Wahlprogrammen der CDU\/CSU, der SPD, der Gr\u00fcnen, der Linken, der FDP?<br \/>\nNein! Und warum regt sich dann kein partei\u00fcbergreifender Widerstand gegen diese Politik, warum stellt man jeden in die rechte Ecke, der das Thema \u00fcberhaupt anzusprechen wagt?<br \/>\nWarum wird Yascha Mounk nicht in Talkshows vor Kamera und Mikrofon zitiert, um zu erkl\u00e4ren, wer denn \u201eWir\u201c sind und welchen Einfluss sie auf unsere Politik und damit auf unser aller Zukunft nehmen?<br \/>\nWurden wir gefragt, ob wir dieses laufende \u201ehistorische Experiment\u201c \u00fcberhaupt wollen?<br \/>\nWurden wir gefragt, ob wie uns islamisieren, arabisieren und afrikanisieren lassen wollen?<br \/>\nWurde jemals gefragt, wie all dieser Irrsinn finanziert werden soll?<br \/>\nWurde gefragt, warum so viele Menschen den \u00f6ffentlich-rechtlichen Medien nicht mehr vertrauen, warum den Apotheken einige der meistverordneten Antidepressiva ausgehen und warum die Anzahl psychischer Erkrankungen (insbesondere bei Kindern) geradezu explodiert?<br \/>\n&#8230; Alles vom 24.11.2019 bitte lesen auf<br \/>\n<a href=\"https:\/\/www.epochtimes.de\/meinung\/gastkommentar\/axel-retz-der-schrei-a3076081.html\">https:\/\/www.epochtimes.de\/meinung\/gastkommentar\/axel-retz-der-schrei-a3076081.html<\/a><\/p>\n<p>&nbsp;<\/p>\n<p><strong>Deutschlands zerbrochene Gesellschaft: Eine Einheitsmeinung<\/strong><br \/>\nDer Kit, der eine Gesellschaft zusammenh\u00e4lt, ist letztlich das Gef\u00fchl, an einem gemeinsamen Projekt zu arbeiten. Dieses Gef\u00fchl wiederum baut auf der Erfahrung, seine Ideen, seine \u00dcberzeugungen einbringen zu k\u00f6nnen, mit seinen \u00dcberzeugungen Ernst genommen zu werden, mit anderen \u00fcber die richtigen Probleml\u00f6sungen diskutieren zu k\u00f6nnen, sich im Wettstreit der Meinungen bew\u00e4hren zu k\u00f6nnen. Technisch fassen wir das unter den Bezeichnungen: Freier Zugang zum Meinungsmarkt und privilegienfreier Meinungsmarkt zusammen. Das beschriebene gesellschaftliche Bindemittel ist formaler Natur, nicht inhaltlicher. Jede noch so abstruse Meinung kann, wenn sie begr\u00fcndet daher kommt, in Wettstreit mit anderen Meinungen treten.<br \/>\n.<br \/>\nDas, was wir als zerbrochene deutsche Gesellschaft bezeichnen, ist das Ergebnis einer inhaltlichen Bestimmung dessen, was der Kit der Gesellschaft sein soll. Politdarsteller wollen die richtigen Werte, das was sie f\u00fcr demokratische Werte halten (oder ausgeben) anderen aufschw\u00e4tzen, zuweilen auch aufzwingen. Von Steuergeldern unterhaltene Organisationen wie die Amadeu-Antonio-Stiftung wollen die Ideologie, die als richtige Ideologie befunden wurde, durchsetzen und alle anderen Ideologie-Anbieter vom Meinungsmarkt ausschlie\u00dfen. Kurz: Nur bestimmte Meinungen gelten als legitime Meinungen, \u00fcber die diskutiert werden kann, nur bestimmte Akteure erhalten Zugang zum Meinungsmarkt. Im Ergebnis werden Menschen mit abweichender Meinung ausgeschlossen, opponieren gegen diejenigen, die eine Einheitsmeinung erzwingen wollen oder ziehen sich in die Privatheit zur\u00fcck. Das, was als Gesellschaft gedacht war, wird zu einer exklusiven Veranstaltung der Einheitsmeiner, aus der diejenigen, die f\u00fcr eine kritischen und kontroversen Dialog notwendig w\u00e4ren, ausgeschlossen sind.<br \/>\n&#8230; Alles von 1.2.2019 bitte lesen auf<br \/>\n<a href=\"https:\/\/sciencefiles.org\/2019\/02\/01\/deutschlands-zerbrochene-gesellschaft\/\">https:\/\/sciencefiles.org\/2019\/02\/01\/deutschlands-zerbrochene-gesellschaft\/<\/a><\/p>\n<p>&nbsp;<\/p>\n<p><strong>Zehn Menschen des Jahres 2018\u00a0<\/strong><br \/>\nMichel<a title=\"Untergang\" href=\"https:\/\/www.freiburg-schwarzwald.de\/blog\/religion\/islam\/untergang\/\"> Houellebecq<\/a>, 62<br \/>\nDer franz\u00f6sische Autor ist der wichtigste europ\u00e4ische Intellektuelle im urspr\u00fcnglichen Wortsinn<br \/>\nAbiy Ahmed, 43<br \/>\n\u00c4thiopischen Ministerpr\u00e4sident, Christ (Mutter Muslima)<br \/>\n.<br \/>\nChristophe <a title=\"Gelbwesten\" href=\"https:\/\/www.freiburg-schwarzwald.de\/blog\/global\/eu\/gelbwesten\/\">Guilluy<\/a>, 54<br \/>\nFranz\u00f6sischer Autor jeseits des Links-Rechts-Schemas<br \/>\n<a title=\"Ates\" href=\"https:\/\/www.freiburg-schwarzwald.de\/blog\/religion\/islam\/ates\/\">Seyran Ate<\/a>\u015f, 55<br \/>\nFrauenrechtlerin und Gr\u00fcnderin der Ibn-Rushd-Goethe-Moschee in Berlin<br \/>\n<a title=\"Tellkamp \u2013 Diskussionskultur\" href=\"https:\/\/www.freiburg-schwarzwald.de\/blog\/tellkamp-diskussionskultur\/\">Uwe Tellkamp<\/a>, 50<br \/>\nDresdner Erfolgsautor (der Turm), der es wagte, der links-gr\u00fcnen Gesinnungsdiktatur zu widersprechen.<br \/>\n<a title=\"AfD: Abgrenzung zu Neo-Nazis\" href=\"https:\/\/www.freiburg-schwarzwald.de\/blog\/afd-abgrenzung-zu-neo-nazis\/\">Monika Maron<\/a>, 77<br \/>\nRomanschriftstellerin<br \/>\n<a title=\"Erklaerung 2018 \u2013 Rechtsstaat\" href=\"https:\/\/www.freiburg-schwarzwald.de\/blog\/erklaerung-2018-rechtsstaat\/\">Max Otte<\/a>, 54<br \/>\nDeutsch-Amerikanischer Fonds-Manager, CDU-Mitglied<br \/>\n.<br \/>\nAndrew Yan-Tak Ng, 43<br \/>\nChinesischer IT-Professor, derzeit Standford.<br \/>\nJoachim Nikolaus <a title=\"Meinungsfreiheit\" href=\"https:\/\/www.freiburg-schwarzwald.de\/blog\/kultur\/medien\/meinungsfreiheit\/\">Steinh\u00f6fel<\/a>, 56<br \/>\nAls Privatmann in Opposition zu Facebook<br \/>\nKatrin <a title=\"Journalismus\" href=\"https:\/\/www.freiburg-schwarzwald.de\/blog\/kultur\/medien\/journalismus\/\">Hu\u00df<\/a>, 49<br \/>\nDie Journalistin verlie\u00df 2016 den MDR, um &#8222;selbst\u00e4ndig&#8220; recherchieren zu k\u00f6nnen.<br \/>\n.Buch \u201eDie traut sich was\u201c Ende 2018<br \/>\n.<br \/>\n<a href=\"https:\/\/www.publicomag.com\/2019\/01\/zehn-menschen-fuer-2019\/\">https:\/\/www.publicomag.com\/2019\/01\/zehn-menschen-fuer-2019\/<\/a><\/p>\n<p>&nbsp;<\/p>\n<p><strong>Unbehagen der unteren Mittelschicht an kultureller \u00dcberfremdung<\/strong><br \/>\nIn Frankreich, Gro\u00dfbritannien und Deutschland macht sich in der Mittelschicht ein zunehmendes Unbehagen an kultureller \u00dcberfremdung ihres gesellschaftlichen Umfelds breit. Die orientalischen Einwanderer ziehen n\u00e4mlich nicht in die gr\u00fcnen Villenviertel der \u00d6kobourgeoisie und ihre Kinder bev\u00f6lkern auch nicht deren Waldorfschulen und Gymnasien, sondern sie ziehen in die Viertel der Einheimischen, die sozial am Rande stehen. Die unteren Schichten denken nicht, dass sie allen Menschen gegen\u00fcber die gleichen Verpflichtungen haben. Vorrang haben Familie und Freunde vor Migranten und Vorrang haben Angeh\u00f6rige der eigenen Kultur vor Einwanderern aus fremden Kulturen, besonders wenn diese leistungsfern und korrupt sind. Dieses in allen Kulturen der Welt vorherrschende Denken wird von der herrschenden linksliberalen Schicht als Rassismus denunziert.<br \/>\n&#8230;. Alles vom 20.1.2019 von Klaus-J\u00fcrgen Gadamer bitte lesen auf<br \/>\n<a href=\"https:\/\/www.tichyseinblick.de\/meinungen\/warum-gelbwesten-und-buergerbewegungen-spd-und-linke-ersetzen\/\">https:\/\/www.tichyseinblick.de\/meinungen\/warum-gelbwesten-und-buergerbewegungen-spd-und-linke-ersetzen\/<\/a><br \/>\n.<br \/>\n<strong>Ziel ist ein zentralistischer EU-Superstaat<\/strong><br \/>\nWirtschaft und Handelsbeziehungen lassen sich quasi beliebig globalisieren, Nationen und V\u00f6lker erstmal nicht so ohne Weiteres. Die Menschen m\u00fcssen sich entscheiden, ob sie postdemokratische Systeme wollen, in denen eine globalistische Elite f\u00fcr sie entscheidet, angetrieben durch Lobbyinteressen: NGOs, Konzerne, Supranationale Organisationen. Unsere Lenker streben nach immer mehr Macht. Das Ziel ist ein zentralistischer EU-Superstaat. Mag sein, dass es in 50 Jahren einen solchen Staat gibt.<br \/>\nNoch gibt es aber zu gro\u00dfe Unterschiede zwischen den L\u00e4ndern: Sprache, Kultur, Identit\u00e4t. Deswegen ist es der feuchte Traum der Lenker, das Volk und damit die Nation durch eine heterogene Masse zu ersetzen (\u201eTeile und Herrsche\u201c). Wer dagegen ist, ist \u201erechts\u201c und \/ oder \u201epopulistisch\u201c, wer f\u00fcr die Agenda ist (vielleicht auch ohne die wahre Agenda zu kennen) ist \u201eprogressiv\u201c, \u201eweltoffen\u201c und \u201enachhaltig\u201c.<br \/>\nHinzu kommt eine grassierende Wohlstandsverwahrlosung, die in \u201eSinnmaximierung\u201c ausartet.<br \/>\n<em><strong>W\u00fcrden wir uns um unseren Wohlstand und unsere Zukunft wirklich Sorgen machen, <\/strong><\/em><br \/>\n<em><strong>h\u00e4tten wir keine muslimische Massenmigration in die Sozialsysteme, <\/strong><\/em><br \/>\n<em><strong>keine \u201eEnergiewende\u201c und <\/strong><\/em><br \/>\n<em><strong>keine politische W\u00e4hrung, die zum Scheitern verurteilt ist.<\/strong> <\/em><br \/>\nDeutschland w\u00fcrde das Modell einer \u201egro\u00dfen Schweiz\u201c folgen. Aber daf\u00fcr muss der Michel erst seine Lektion lernen.<br \/>\n20.1.2019, P.P,<\/p>\n<p>&nbsp;<\/p>\n<p><strong>Homogene Gesellschaft garantiert die Freiheit<\/strong><br \/>\nDer Verfassungsrechtler Ernst-Wolfgang B\u00f6ckenf\u00f6rde mahnte einmal, nie zu vergessen, da\u00df der freiheitliche, s\u00e4kularisierte Staat von Voraussetzungen lebe, \u201edie er selbst nicht garantieren kann\u201c. Und: Der freiheitliche Staat habe nur Bestand, wenn sich die Freiheit \u201evon innen her, aus der moralischen Substanz des einzelnen und der Homogenit\u00e4t der Gesellschaft\u201c reguliere. Ohne diese historisch gewachsenen Regulierungskr\u00e4fte drohe der Staat \u201ein jenen Totalit\u00e4tsanspruch zur\u00fcckzufallen, aus dem er in den konfessionellen B\u00fcrgerkriegen herausgef\u00fchrt hat\u201c, so B\u00f6ckenf\u00f6rde. Diese blutig bezahlten historischen Lehren scheinen vergessen, wenn wir die aktuelle deutsche Politik betrachten.<br \/>\n18.5.2018, Dieter Stein, Junge Freiheit, Seite 1<\/p>\n<p>&nbsp;<\/p>\n<p><strong>Warum leben wir in Gesellschaften?<\/strong><br \/>\nWissen wir denn, was Gesellschaft ist? Wenn wir auf die Nationalstaaten blicken, in denen wir heute zumeist nicht leben k\u00f6nnen, ohne uns zugleich \u00fcber sie zu beklagen, sollten wir erst einmal von einem philosophischen Staunen ergriffen werden. Die gegenw\u00e4rtigen politischen Grossk\u00f6rper reichen von Norwegen mit 5 Millionen Menschen \u00fcber Italien und Frankreich mit rund 60 Millionen, Deutschland mit 80, Russland mit 140 und die USA mit \u00fcber 300 Millionen bis hin zu Indien und China mit 1,3 Milliarden Menschen. Das sind allesamt systemische Wunderwerke, die auf den geheimen Mechanismen eines Zusammenhangs oder Zusammenzwangs beruhen. Die m\u00fcssen wir genauer erschliessen, wenn wir mit so wenig Krieg wie m\u00f6glich weiterexistieren wollen. An diese Mechanismen muss man umsichtig herangehen. Man kennt pers\u00f6nlich ein paar Dutzend Leute, wenn&#8217;s hoch kommt, einige hundert, aber man koexistiert mit Millionen \u2013 das ist doch pure Alchemie. Das schnellfertige Gerede von \u00abGesellschaft\u00bb und \u00abKommunikation\u00bb verdeckt das Problem.<br \/>\nNat\u00fcrlich hatte Aristoteles recht, als er den Menschen als \u00abzoon politikon\u00bb beschrieb. Nur f\u00e4llt diese zoologische Antwort tautologisch aus: Der Mensch lebt in Gesellschaft, weil er ein geselliges Lebewesen ist, das sind Pinguine auch, wie Schafe und Ameisen. &#8230;.<br \/>\n&#8230; Alles vom 30.3.2018 von Peter Sloterdijk bitte lesen auf<br \/>\n<a href=\"https:\/\/www.nzz.ch\/feuilleton\/wir-erleben-ein-grosses-gleiten-ld.1370201\">https:\/\/www.nzz.ch\/feuilleton\/wir-erleben-ein-grosses-gleiten-ld.1370201<\/a><\/p>\n<p>&nbsp;<\/p>\n<p><strong>Links und rechts &#8211; zweierlei Ma\u00df in den Medien<\/strong><br \/>\nEs wird in diesen Dingen, da hat <a title=\"Tellkamp \u2013 Diskussionskultur\" href=\"https:\/\/www.freiburg-schwarzwald.de\/blog\/tellkamp-diskussionskultur\/\">Tellkamp<\/a> recht, &#8222;mit zweierlei Ma\u00df gemessen&#8220;. Die \u00c4quidistanz zu den Extremen, die Botho Strau\u00df schon vor Jahren gefordert hat, ist hierzulande illusion\u00e4r. In seinem Werk Der Archipel Gulag hatte Alexander Solschenizyn die stalinistischen Vernichtungslager geschildert. Der Schock, den das Buch 1973 ausl\u00f6ste, brachte die franz\u00f6sischen Intellektuellen von ihrer Kommunismus-Begeisterung ab, in Deutschland blieb er fast folgenlos. In der Medien\u00f6ffentlichkeit herrscht noch immer eine Grundsympathie f\u00fcr alles Linke, w\u00e4hrend das Rechte, das gerne auch populistisch oder reaktion\u00e4r genannt wird, sofort Abwehrreflexe ausl\u00f6st. Dann gen\u00fcgt es, jemandem nachzusagen, er stehe der AfD nahe oder er rede wie die Pegida-Leute, schon ist der Fall erledigt.<br \/>\nDas ist auch Uwe Tellkamp passiert. Viele Berichte und Kommentare \u00fcber das Dresdner Gespr\u00e4ch kaprizierten sich auf ein paar Zuspitzungen Tellkamps und auf fragw\u00fcrdige Zahlen. Wer sich die Veranstaltung auf YouTube ansieht, der wird dar\u00fcber erstaunt sein, wie diszipliniert und ruhig die kontroversen Meinungen ausgetauscht wurden. Im Vergleich mit Gr\u00fcnbein wirkte Tellkamp etwas gereizt und angespannt, aber die meisten seiner \u00c4u\u00dferungen waren nachvollziehbar, keine war skandal\u00f6s. Was ihn offensichtlich umtreibt, ist eine Art Lokalpatriotismus. Er mag seine Heimat nicht als braunes Deutschland gezeichnet sehen, w\u00e4hrend Gr\u00fcnbein die rechten Gewalttaten beim Namen nannte. Worauf Tellkamp die linken Chaoten beim G20-Gipfel ins Feld f\u00fchrte. Worauf Gr\u00fcnbein eine &#8222;verbale Aufr\u00fcstung&#8220; feststellte und die Neigung der AfD kritisierte, &#8222;die Grenzen des Sagbaren auszutesten&#8220;.<br \/>\nEs l\u00e4sst sich endlos dar\u00fcber streiten, wer mit der Eskalation angefangen hat und wo die meisten Antidemokraten sitzen \u2013 in der rechten oder in der linken Ecke. Letztlich sind das Sandkistenspiele. Wir hocken aber nicht mehr in der Sandkiste. Es w\u00e4re nicht schlecht, endlich erwachsen zu werden und einander aufmerksam zuzuh\u00f6ren. Um diese Tugend steht es derzeit nicht sonderlich gut.<br \/>\n&#8230; alles von Ulrich Greiner vom 21.3.2018 bitte lesen auf<br \/>\n<a href=\"https:\/\/www.zeit.de\/2018\/13\/uwe-tellkamp-rechtspopulismus-durs-gruenbein-dresden\">https:\/\/www.zeit.de\/2018\/13\/uwe-tellkamp-rechtspopulismus-durs-gruenbein-dresden<\/a><\/p>\n<p><strong>DIE ZEIT im Wandel &#8211; weg von der <a title=\"Luegenpresse\" href=\"https:\/\/www.freiburg-schwarzwald.de\/blog\/kultur\/medien\/luegenpresse\/\">L\u00fcgenpresse<\/a>?<\/strong><br \/>\nDas ist ein Artikel (Ulrich Greiner: Zweierlei Ma\u00df), wie ich ihn in der ZEIT erwarte ; leider viel zu selten geworden. Die ZEIT mu\u00df sich auch entscheiden , will sie eine seri\u00f6se linksliberale diskursf\u00e4hige Zeitung sein, oder eine Art TAZ \/Gr\u00fcne Parteizeitung &#8230;<br \/>\n21.3.2018, Altlinker, ZO<\/p>\n<p><strong>DIE ZEIT wird sachlich<\/strong><br \/>\nOha, so sachlich und neutral las ich schon lange nicht mehr in einem eher linken Blatt. Dankesch\u00f6n! Vor wenigen Tagen geh\u00f6rte Tellkamp wie auch Sarrazin zu den Erstunterzeichnern der Erkl\u00e4rung 2018. Und was geschah? Die linke Presse \u00fcberschlug sich mit B\u00f6swilligkeiten. Der Sandkasten l\u00e4sst gr\u00fc\u00dfen&#8230; So schreibt die Berliner Zeitung: <em>&#8222;Die \u201eGemeinsame Erkl\u00e4rung\u201c vom 15. M\u00e4rz 2018 ist, darauf wies Andreas Montag in der Montagausgabe der Berliner Zeitung hin, geboren aus K\u00e4lte und Kalk\u00fcl. Durch sie wird Deutschland mehr besch\u00e4digt als durch die Fl\u00fcchtlinge&#8230;.&#8220;<\/em> Zitat aus<br \/>\n<a href=\"https:\/\/www.berliner-zeitung.de\/politik\/meinung\/kommentar-zur-fluechtlings-debatte-die--gemeinsame-erklaerung-2018--schadet-deutschland-29894618\">https:\/\/www.berliner-zeitung.de\/politik\/meinung\/kommentar-zur-fluechtlings-debatte-die&#8211;gemeinsame-erklaerung-2018&#8211;schadet-deutschland-29894618<\/a><br \/>\n21.3.2018, Quonlkel, ZO<\/p>\n<p>&nbsp;<\/p>\n<p>&nbsp;<\/p>\n<p><strong>Sozialexperiment &#8211; Monoethnische in multiethnische Demokratie verwandeln<\/strong><\/p>\n<p><strong><em>Petra Paulsen: Zweiter Offener Brief an die Bundeskanzlerin: <\/em><\/strong><br \/>\n<strong><em>\u201eWas f\u00fcr ein teuflisches Spiel wird gespielt?\u201c<\/em><\/strong><br \/>\nSehr geehrte Frau gesch\u00e4ftsf\u00fchrende Bundeskanzlerin Merkel<br \/>\n<em>\u201e(\u2026) Dass wir hier ein historisch einzigartiges Experiment wagen,<br \/>\nund zwar eine monoethnische, monokulturelle Demokratie in eine multiethnische zu verwandeln.<br \/>\nDas kann klappen, das wird glaube ich auch klappen,<br \/>\naber dabei kommt es nat\u00fcrlich auch zu vielen Verwerfungen. (\u2026)\u201c<\/em><br \/>\nDies waren die Worte des Politikwissenschaftlers Yascha Mounk im Live-Interview mit Caren Miosga in den Tagesthemen vom 20.02.2018. Ich konnte meinen Ohren gar nicht trauen, was ich da geh\u00f6rt hatte und musste mir unbedingt noch einmal die Sendung ansehen.<br \/>\nIn der ARD-Mediathek erschien der Hinweis \u201eDieses Video kann leider nicht abgespielt werden. Wir bitten um Ihr Verst\u00e4ndnis.\u201c (Quelle: Hier) [Anm. der Redaktion: Das Video ist inzwischen schon wieder verf\u00fcgbar.] Gl\u00fccklicherweise bin ich aber auf YouTube f\u00fcndig geworden und: Nein, ich hatte mich nicht verh\u00f6rt. Herr Mounk hat tats\u00e4chlich von einem historisch einzigartigen Experiment hinsichtlich der Migrationskrise gesprochen! (Quelle: Hier)<br \/>\n<a href=\"https:\/\/www.youtube.com\/watch?v=eFLY0rcsBGQ\">https:\/\/www.youtube.com\/watch?v=eFLY0rcsBGQ<\/a><br \/>\nEin Experiment mit lebenden Menschen!<br \/>\n.<br \/>\n<em><strong>Ein Experiment mit den hier lebenden Menschen<\/strong><\/em><br \/>\nVon Frau Miosga im GEZ-zwangsfinanzierten System-TV kam keinerlei Nachfrage hinsichtlich dieser Aussage und auch in den Mainstreammedien erfolgte nirgends ein Aufschrei der Emp\u00f6rung. Lediglich die Freien Medien schrieben dar\u00fcber. Nun k\u00f6nnte man ja meinen, Herr Mounk, der an der Universit\u00e4t in Harvard Politische Theorie lehrt, hat sich in den Tagesthemen versprochen. Interessanterweise hat er in der Spiegel-Ausgabe 40\/2015 vom 26.09.2015, also zu dem Zeitpunkt, als die vermeintliche Fl\u00fcchtlingskrise so richtig an Fahrt aufnahm, Folgendes ge\u00e4u\u00dfert:<br \/>\n\u201eVor allem geht es um mehr als ein kurzes, fremdenfreundliches Sommerm\u00e4rchen. In Westeuropa l\u00e4uft ein Experiment, das in der Geschichte der Migration einzigartig ist: L\u00e4nder, die sich als monoethnische, monokulturelle und monoreligi\u00f6se Nationen definiert haben, m\u00fcssen ihre Identit\u00e4t wandeln. Wir wissen nicht, ob es funktioniert, wir wissen nur, dass es funktionieren muss.\u201c (Quelle: Hier)<br \/>\n<a href=\"https:\/\/www.spiegel.de\/spiegel\/print\/d-139000005.html\">https:\/\/www.spiegel.de\/spiegel\/print\/d-139000005.html<br \/>\n<\/a>\u00a0 .<br \/>\nFrau Merkel, Sie erinnern sich bestimmt noch an den kurzen Auftritt von Herrn Prof. Dr. Thomas R\u00f6del bei der Einweihung des Fraunhofer Institutes in Halle im Januar 2016, als dieser ein Plakat mit der Aufschrift \u201eKeine Experimente CDU\u201c hochhielt, Ihre Festrede unterbrach und aus dem Saal gef\u00fchrt wurde. (Quelle: Hier)<br \/>\n<a href=\"https:\/\/www.youtube.com\/watch?v=KILsQ262sO4\">https:\/\/www.youtube.com\/watch?v=KILsQ262sO4<br \/>\n<\/a>\u00a0 .<br \/>\nWas aber passiert, wenn das Humanexperiment nicht klappt? Wurde der Souver\u00e4n \u00fcberhaupt zu einem solchen Feldversuch gefragt? Schon Nicolas Sarkozy hatte im Dezember 2008 im Palaiseau in Paris von dem Ziel der Vermischung der Rassen gesprochen (Quelle: Hier) und auch der Vizepr\u00e4sident der EU-Kommission, Frans Timmermans, sprach davon, das Verschwinden von monokulturellen Staaten und den Prozess der Umsetzung der multikulturellen Vielfalt in allen Staaten weltweit zu beschleunigen. (Quelle: Hier)<br \/>\n<a href=\"https:\/\/unser-mitteleuropa.com\/2016\/05\/04\/vizeprasident-der-eu-kommission-monokulturelle-staaten-ausradieren\/\">https:\/\/unser-mitteleuropa.com\/2016\/05\/04\/vizeprasident-der-eu-kommission-monokulturelle-staaten-ausradieren\/<br \/>\n<\/a>\u00a0 .<br \/>\nWas aber ist das Ende, das Ziel?Ihnen, der Europa-Preistr\u00e4gerin der Coudenhove-Kalergi-Stiftung aus dem Jahre 2010 (Quelle: Hier), sagen die Mainstreammedien nach, Sie w\u00fcrden die Dinge vom Ende her denken. Was aber ist das Ende, das Ziel? Die von den Herren Mounk, Sarkozy, Timmermans und Coudenhove-Kalergi angesprochene multiethnische Demokratie nebst Rassenvermischung mit einer eurasisch-negroiden Zukunftsrasse? (Quelle: Hier)<br \/>\n<a href=\"https:\/\/archive.org\/stream\/PraktischerIdealismus1925\/PraktischerIdealismus#page\/n21\/mode\/2up\">https:\/\/archive.org\/stream\/PraktischerIdealismus1925\/PraktischerIdealismus#page\/n21\/mode\/2up<br \/>\n<\/a>\u00a0 .<br \/>\nUnd was sollen die vielen Verwerfungen sein? Die Aushebelung der Rechtsordnung und der Strafverfolgung, gewaltt\u00e4tige \u00dcbergriffe seitens derjenigen, die hier schon l\u00e4nger leben, und seitens der Neub\u00fcrger, sexuelle \u00dcbergriffe auf Frauen u.v.m.?<br \/>\n&#8230;. Gesamten Offenen Brief von Petra Paulsen vom 26.2.2018 bitte lesen auf<br \/>\n<a href=\"https:\/\/www.epochtimes.de\/politik\/deutschland\/petra-paulsen-zweiter-offener-brief-an-die-bundeskanzlerin-was-fuer-ein-teuflisches-spiel-wird-gespielt-a2359666.html\">https:\/\/www.epochtimes.de\/politik\/deutschland\/petra-paulsen-zweiter-offener-brief-an-die-bundeskanzlerin-was-fuer-ein-teuflisches-spiel-wird-gespielt-a2359666.html<br \/>\n<\/a>.<\/p>\n<p><strong>Viele Fragen &#8211; werden sie geh\u00f6rt werden?<\/strong><br \/>\nFein s\u00e4uberlich mit Quellen hinterlegt, wunderbar abgesfasst &#8211; lieben Dank, Frau Paulsen! Und es wimmelt von Fragen in Ihrem Brief &#8211; &#8222;Wer fragt, f\u00fchrt&#8220;, heisst es so sch\u00f6n. Das setzt nat\u00fcrlich voraus, dass die Fragen geh\u00f6rt werden. Eine steinerne, gewissenlose Marionette ist aber taub. &#8230;<br \/>\nNat\u00fcrlich wird sich die Irre Kanzlerin nicht davon abhalten lassen ihr Ding durchzuziehen. Wahrscheinlich wird sie den Brief nicht einmal lesen, denn sie wei\u00df oder ahnt zumindest den Inhalt. Das ist auch nicht wirklich wichtig. Viel wichtiger scheint mir die Vorbildfunktion von Frau Paulsen zu sein andere Menschen, die vielleicht nicht so intensiv im Thema sind zu \u00e4hnlichen oder anderen Aktionen, zu motivieren oder auch nur aufmeksam zu machen. Der ewige und eindimensionale Hinweis darauf, dass sich dadurch nichts \u00e4ndern wird. \u00e4ndert n\u00e4mlich auch nichts. Wenn nur 100 Personen durch diesen Brief und die Diskussion dar\u00fcber Ihren eigenen Blickwinkel ver\u00e4ndern bzw. erweitern, dann hat es sich schon gelohnt, wenn dadurch ein Schneeball in Gang gesetzt wird, der sich irgendwann zu einer Lawine entwickelt.<br \/>\n26.2.2018, Norbert Schulze, ETO<br \/>\n.<br \/>\n<strong>Es wird alles totgeschwiegen werden<\/strong><br \/>\nIch habe diesen Bericht von Frau Paulsen in Facebook gepostet. Es wurde alles gej\u00f6cht. Deutschland ist verloren. &#8230;<br \/>\nWenn Sie mit diesen Themen auf die Stra\u00dfe gehen, stehen Sie als N\u00e4chstes der organisierten und steuerbezahlten Antifa gegen\u00fcber. Merkels Wegwerfen des Deutschlandf\u00e4hnchens damals 2013 war ein Skandal, der sofort unter dem Teppich verschwand und im \u00d6R nie mehr gezeigt wurde geschweige denn diskutiert. &#8230;<br \/>\nToller Artikel, super recherchiert. Danke, Frau Paulsen! Dass unsere Staatsfunker und die elenden Main-Fake-Medien das alles totschweigen, zeigt die mediale Gleichschaltung im Lande. &#8230;<br \/>\n27.2.2018, Brabka Tielmann, ETO<br \/>\n.<br \/>\n<strong>Migration als Waffe<\/strong><br \/>\nHier wird kein &#8222;Spiel gespielt&#8220;, sondern &#8222;Migration als Waffe&#8220; eingesetzt (Kelly M. Greenhill, Gerhard Wisnewski). Es ist eigentlich ganz einfach, weil es schon absurd primitiv ist: Merkel will Krieg &#8211; und da sie ihn mangels &#8218;Wehrmacht&#8216; nicht f\u00fchren kann, sch\u00fcrt sie ihn und l\u00e4sst ihn f\u00fchren!<br \/>\nSie best\u00e4rkt die USA in deren wilder &#8222;Kanonenboot-Politik&#8220;, sie f\u00f6rdert einen Macron, weil dieser ihr Frankreich zu F\u00fc\u00dfen legt &#8211; und dessen Milit\u00e4r, sie will Britannien f\u00fcr seine &#8218;Untreue&#8216; zu ihr hart abstrafen, sie unternimmt alles f\u00fcr eine weitere Abgrenzung von Russland, sie erpresst \u00fcber &#8222;EU-Mittel&#8220; Osteuropa zu einer vermehrten, von Deutschland gesteuerten Fl\u00fcchtlingsaufnahme, sie biedert sich der T\u00fcrkei an, weil diese milit\u00e4risch in Syrien aktiv ist und damit diese sich nicht weiter Russland ann\u00e4hert und nun verkauft sie hinter dem R\u00fccken des Sicherheitsrates oder mit dessen Zustimmung (Merkel = Rat) weitere Waffen an Saudi Arabien und will dessen Armee zur Schaffung neuer Kriegsschaupl\u00e4tze (Jemen) von der Bundeswehr ausbilden lassen! Das diese &#8218;Ausbildung&#8216; eine zus\u00e4tzliche Terrorgefahr darstellt, passt in das Konzept der &#8222;Volkseinsch\u00fcchterung&#8220;. Denn ein verunsichertes Volk legt sein Geld nicht mehr an, sondern gibt es aus!<br \/>\nZiel: Wachstum!<br \/>\nMit jedem Krieg entstehen gemachte Fl\u00fcchtlinge! Diese werden von Merkels &#8222;Fl\u00fcchtlingsindustrie&#8220; aufgefangen &#8211; das Gesch\u00e4ft beginnt. W\u00e4hrend diese &#8218;Fl\u00fcchtlinge&#8216; hier Leben wie in &#8222;Gottes Scho\u00df&#8220;, in einem f\u00fcr sie gestrickten, rechtsfreien Raum toben, muss diese &#8218;k\u00fcnstliche Industrieblase&#8216; f\u00fcr ALLES von der Infrastruktur \u00fcber den Wohnraum und die Ausstattung, die Kommunikationsm\u00f6glichkeiten der &#8218;Fl\u00fcchtlinge&#8216; von Hard- bis Software sorgen, darf das leibliche Wohl, die Sonderw\u00fcnsche, die &#8222;Kulturellen Befindlichkeiten&#8220;, die modischen W\u00fcnsche, die rechtliche- und medizinische Komplettversorgung und die eigentlich abgeschafften &#8222;ABM-Ma\u00dfnahmen&#8220; f\u00fcr die ankommenden &#8218;Fachleute&#8216; nicht vergessen! Mit jedem neuen Krieg und jeder &#8218;Verl\u00e4ngerung&#8216; eines fast beendeten Krieges macht diese &#8222;merkelsche Fl\u00fcchtlingsindustrie&#8220; einen horrenden Umsatz in j\u00e4hrlich zweistelliger Milliardenh\u00f6he ( laut Professor Sinn 46 Milliarden Euro, Zinsen und Dividenden NICHT eingerechnet)! Daher sind diese &#8218;gemachten Fl\u00fcchtlinge&#8216; auch &#8222;Goldwert&#8220; und da es niemals genug &#8222;Gold&#8220; geben kann, wurde auch noch der &#8222;Familiennachzug&#8220; eingef\u00fchrt! Mit diesem Trick kann man besagte 46 Milliarden gut vervierfachen!<br \/>\n.<br \/>\nDoch neben der Tatsache, dass Merkel so ganz nebenbei und zum Wohle des Machtjuden George Soros Deutschland &amp; Europa zu einem Kontinent OHNE Identit\u00e4t verkommen lasst, ist da noch der merkelsche Haken der sozialistischen Planwirtschaft! Das gesamte Unternehmen &#8222;Wachstum durch Migration&#8220; ist nicht markt- und privatwirtschaftlich finanziert! Daher gibt es keine Gewinne, keine Mehreinnahmen f\u00fcr den Staat! Alles ist von der &#8218;angeblich notwendigen&#8216; Flucht an staatlich finanziert und wird f\u00fcr jeden einzelnen Migranten &#8211; besonders muslimischen Glaubens &#8211; lebenslang so weiter finanziert! Deutsche Bed\u00fcrftige werden ausgegrenzt, zu Feindbildern wie Schmarotzern erkl\u00e4rt und fallen au\u00dfen vor &#8211; und ein d\u00fcmmliches Volk macht mit ohne nachzudenken, dass es somit einen Beitrag zur eigenen Staatsaufl\u00f6sung leistet!<br \/>\nMerkels Unwesen ist Kriegssch\u00fcrung, neuer Krieg, Migrationsnachschub, sozialistisch-planwirtschaftliche organisierte &#8222;Fl\u00fcchtlingsindustrie&#8220; sowie Anbiederung an milit\u00e4risch st\u00e4rkeren, ihr in der &#8218;Undenke&#8216; genehme Staaten!<br \/>\nMerkels Passion ist die Abschaffung von Demokratie und Rechtsstaatlichkeit &#8211; und nach eigenem Bekunden &#8218;bohrt sie ja schon kr\u00e4ftig am Brett der Menschenrechte&#8216;!<br \/>\nUnd hierbei sollte nie vergessen werden, dass diese &#8218;Persona non grata&#8216; lediglich eine Marionette an den Seilen &#8218;auserw\u00e4hlter&#8216; Strippenzieher ist! Am Dienstag, den 21. Februar 2018 um 22:15 Uhr haben die Juden offiziell in den &#8222;ARD-Tagesthemen&#8220; ihr &#8222;historisch einzigartiges Experiment&#8220; &#8218;der vollkommenen Aufl\u00f6sung Europas&#8216; durch den j\u00fcdischen Harvard-Politikwissenschaftler Yascha Mounk dem deutschen Publikum offenbart &#8211; und keiner hat&#8217;s gemerkt! Dieses &#8222;miese teuflische Spiel wird hier gespielt&#8220;!<br \/>\n26.2.2018, Das Wort, ETO<\/p>\n","protected":false},"excerpt":{"rendered":"<p>Home\u00a0&gt;Engagement\u00a0&gt;Zukunft\u00a0&gt;Demokratie\u00a0&gt;Global\u00a0&gt;Deutschland\u00a0&gt;Gesellschaft Demokratie ist die beste Staatsform! Listenauswahl eines Beitrags (Artikel\/Datum, Seite\/Inhalt):\u00a0Klicken\u00a0oder scrollen Wir verlieren dieses Land\u00a0(15.8.2026) Migration seit 2015: Eine v\u00f6llig transformierte Gesellschaft\u00a0(27.2.2026) \u00c4rztin Dr Witzschel Haft Kennedy\u00a0(25.2.2026) Gewalt in Theater und Realit\u00e4t\u00a0(19.2.2026) Teilhabe: analog und digital\u00a0(24.1.2026) Faule Deutsche \u2013 &hellip; <a href=\"https:\/\/www.freiburg-schwarzwald.de\/blog\/global\/deutschland\/gesellschaft\/\">Weiterlesen <span class=\"meta-nav\">&rarr;<\/span><\/a><\/p>\n","protected":false},"author":2,"featured_media":0,"parent":62490,"menu_order":0,"comment_status":"open","ping_status":"closed","template":"","meta":{"footnotes":""},"class_list":["post-66712","page","type-page","status-publish","hentry"],"_links":{"self":[{"href":"https:\/\/www.freiburg-schwarzwald.de\/blog\/wp-json\/wp\/v2\/pages\/66712","targetHints":{"allow":["GET"]}}],"collection":[{"href":"https:\/\/www.freiburg-schwarzwald.de\/blog\/wp-json\/wp\/v2\/pages"}],"about":[{"href":"https:\/\/www.freiburg-schwarzwald.de\/blog\/wp-json\/wp\/v2\/types\/page"}],"author":[{"embeddable":true,"href":"https:\/\/www.freiburg-schwarzwald.de\/blog\/wp-json\/wp\/v2\/users\/2"}],"replies":[{"embeddable":true,"href":"https:\/\/www.freiburg-schwarzwald.de\/blog\/wp-json\/wp\/v2\/comments?post=66712"}],"version-history":[{"count":6,"href":"https:\/\/www.freiburg-schwarzwald.de\/blog\/wp-json\/wp\/v2\/pages\/66712\/revisions"}],"predecessor-version":[{"id":152666,"href":"https:\/\/www.freiburg-schwarzwald.de\/blog\/wp-json\/wp\/v2\/pages\/66712\/revisions\/152666"}],"up":[{"embeddable":true,"href":"https:\/\/www.freiburg-schwarzwald.de\/blog\/wp-json\/wp\/v2\/pages\/62490"}],"wp:attachment":[{"href":"https:\/\/www.freiburg-schwarzwald.de\/blog\/wp-json\/wp\/v2\/media?parent=66712"}],"curies":[{"name":"wp","href":"https:\/\/api.w.org\/{rel}","templated":true}]}}