{"id":66674,"date":"2018-02-24T17:10:48","date_gmt":"2018-02-24T16:10:48","guid":{"rendered":"https:\/\/www.freiburg-schwarzwald.de\/blog\/?page_id=66674"},"modified":"2026-04-17T14:51:28","modified_gmt":"2026-04-17T12:51:28","slug":"kampf-gegen-rechts","status":"publish","type":"page","link":"https:\/\/www.freiburg-schwarzwald.de\/blog\/kultur\/medien\/kampf-gegen-rechts\/","title":{"rendered":"Kampf-gegen-Rechts"},"content":{"rendered":"<p><a href=\"https:\/\/www.freiburg-schwarzwald.de\/blog\">Home<\/a>\u00a0&gt;<a title=\"Kultur\" href=\"https:\/\/www.freiburg-schwarzwald.de\/blog\/kultur\/\">Kultur<\/a>\u00a0&gt;<a title=\"Medien\" href=\"https:\/\/www.freiburg-schwarzwald.de\/blog\/kultur\/medien\/\">Medien<\/a>\u00a0&gt;<a title=\"Mainstream\" href=\"https:\/\/www.freiburg-schwarzwald.de\/blog\/kultur\/medien\/mainstream\/\">Mainstream-Medien<\/a> &gt;<a href=\"https:\/\/www.freiburg-schwarzwald.de\/blog\/kultur\/medien\/kampf-gegen-gruene\/\">Kampf-gegen-Gr\u00fcne<\/a> &gt;Kampf-gegen-Rechts<\/p>\n<div id=\"attachment_65111\" style=\"width: 650px\" class=\"wp-caption alignnone\"><a href=\"https:\/\/www.freiburg-schwarzwald.de\/blog\/religion\/islam\/islam-politik\/freiburg-dreisam-kartaus-heirat-pan170705\/\" rel=\"attachment wp-att-65111\"><img loading=\"lazy\" decoding=\"async\" aria-describedby=\"caption-attachment-65111\" class=\"size-full wp-image-65111\" src=\"https:\/\/www.freiburg-schwarzwald.de\/blog\/wp-content\/uploads\/2017\/06\/freiburg-dreisam-kartaus-heirat-pan170705.jpg\" alt=\"Junggesellinnen-Abschied in Freiburg an der Dreisam (Kartaus im Hintergrund) am 5.7.2017\" width=\"640\" height=\"338\" srcset=\"https:\/\/www.freiburg-schwarzwald.de\/blog\/wp-content\/uploads\/2017\/06\/freiburg-dreisam-kartaus-heirat-pan170705.jpg 640w, https:\/\/www.freiburg-schwarzwald.de\/blog\/wp-content\/uploads\/2017\/06\/freiburg-dreisam-kartaus-heirat-pan170705-180x95.jpg 180w\" sizes=\"auto, (max-width: 640px) 100vw, 640px\" \/><\/a><p id=\"caption-attachment-65111\" class=\"wp-caption-text\">Junggesellinnen-Abschied in Freiburg an der Dreisam (Kartaus im Hintergrund) am 5.7.2017<\/p><\/div>\n<p>&nbsp;<\/p>\n<ul>\n<li><em>Listenauswahl eines Beitrags (Artikel\/Datum, Seite\/Inhalt):\u00a0<span style=\"text-decoration: underline;\">Klicken<\/span>\u00a0oder scrollen<\/em><\/li>\n<li><a href=\"https:\/\/www.freiburg-schwarzwald.de\/blog\/geheimplan-potsdam-war-luege\/\">Geheimplan Potsdam war L\u00fcge<\/a>\u00a0(17.4.2026)<\/li>\n<li><a href=\"https:\/\/www.freiburg-schwarzwald.de\/blog\/engagement\/zukunft\/demokratie\/verfassung\/murswiek\/\">Murswiek: VS benachteiligt die AfD<\/a>\u00a0(1.4.2026)<\/li>\n<li><a href=\"https:\/\/www.freiburg-schwarzwald.de\/blog\/correctiv-meinung-statt-fakten\/\">Correctiv: Meinung statt Tatsache<\/a>\u00a0(18.3.2026)<\/li>\n<li><a href=\"https:\/\/www.freiburg-schwarzwald.de\/blog\/nicht-gesichert-rechtsextrem\/\">AfD ncht \u201egesichert rechtsextrem\u201c<\/a>\u00a0(27.2.2026)<\/li>\n<li><strong><a href=\"https:\/\/www.freiburg-schwarzwald.de\/blog\/kultur\/theater\/prozess-gegen-deutschland\/\">Redetext Harald Martenstein: \u201eKampf gegen Rechts\u201c ist Kampf gegen Demokratie<\/a> (14.2.2026)<\/strong><\/li>\n<li><a href=\"https:\/\/www.freiburg-schwarzwald.de\/blog\/kultur\/theater\/prozess-gegen-deutschland\/\">Harald Martenstein: \u201eWir reden \u00fcber das Ende der Demokratie\u201c<\/a>\u00a0(14.2.2026)<\/li>\n<li><a href=\"https:\/\/www.freiburg-schwarzwald.de\/blog\/kultur\/medien\/meinungsfreiheit\/meinungszensur\/\">Daniel-G\u00fcnther-Medien<\/a>\u00a0(14.1.2026)<\/li>\n<li><a href=\"https:\/\/www.freiburg-schwarzwald.de\/blog\/selbsthilfe\/krise\/gewalt\/linke-gewalt\/giessen29nov2025linkegewalt\/\">Gie\u00dfen ist ein Kipppunkt<\/a>\u00a0(2.12.2025)<\/li>\n<li><a href=\"https:\/\/www.freiburg-schwarzwald.de\/blog\/engagement\/zukunft\/demokratie\/demokratierettung\/\">UnsereDemokratie: Wie der linke Demokratierettungswahn an sich selbst implodiert<\/a>\u00a0(21.11.2025)<\/li>\n<li><a href=\"https:\/\/www.freiburg-schwarzwald.de\/blog\/kultur\/kulturkampf\/\">Weimer: Kulturkampf beenden \u2013 Krall: Nein, ausfechten<\/a> (15.11.2025)<\/li>\n<li><a href=\"https:\/\/www.freiburg-schwarzwald.de\/blog\/kultur\/medien\/kritik\/\">Hubertus Knabe: Kritik an Migrationspolitik laut BfV \u201eextremistisch\u201c<\/a>\u00a0(7.11.2025)<\/li>\n<li>Rechts, rechtsradikal und rechtsextrem in eins setzen: &#8222;Kampf gegen rechts&#8220; (15.10.2025)<\/li>\n<li><a href=\"https:\/\/www.freiburg-schwarzwald.de\/blog\/seitenwechsel-8-9-11-2025-halle\/\">Seitenwechsel 8.\/9.11.2025 Halle<\/a>\u00a0(6.10.2025)<\/li>\n<li><a href=\"https:\/\/www.freiburg-schwarzwald.de\/blog\/26-fuer-gewalt-gegen-rechts\/\">26 % f\u00fcr Gewalt gegen Rechts<\/a>\u00a0(24.9.2025)<\/li>\n<li><a href=\"https:\/\/www.freiburg-schwarzwald.de\/blog\/ob-wahl-lu-kandidatur-verbot\/\">OB-Wahl LU: Kandidatur-Verbot<\/a>\u00a0(20.8.2025)<\/li>\n<li><a href=\"https:\/\/www.freiburg-schwarzwald.de\/blog\/sommerinterview-afd-stoerung\/\">Sommerinterview AfD: St\u00f6rung<\/a>\u00a0(21.7.2025)<\/li>\n<li><a href=\"https:\/\/www.freiburg-schwarzwald.de\/blog\/kultur\/medien\/radio\/kontrafunk\/\">Nach linksextremen Drohungen sagt Kontrafunk Bodensee-Schifffahrt ab<\/a>\u00a0(4.7.2025)<\/li>\n<li><a href=\"https:\/\/www.freiburg-schwarzwald.de\/blog\/vahlefeld-die-krisenmaschine\/\">Vahlefeld: Die Krisenmaschine<\/a>\u00a0(29.6.2025)<\/li>\n<li>&#8222;Kampf gegen Rechts&#8220; f\u00fcr couragierte Feiglinge (25.5.2025)<\/li>\n<li>Corona-Virus und Rechts-Virus (30.5.2025)<\/li>\n<li><a href=\"https:\/\/www.freiburg-schwarzwald.de\/blog\/engagement\/zukunft\/demokratie\/denunziation\/meldewesen\/\">Meldestellen: Die staatlich gef\u00fctterte Inszenierung der rechten Bedrohung<\/a>\u00a0(22.5.2025)<\/li>\n<li><a href=\"https:\/\/www.freiburg-schwarzwald.de\/blog\/selbsthilfe\/krise\/doxing\/\">Jan B\u00f6hmermann doxt einen rechten Youtuber \u2013 erb\u00e4rmlicher Krieg<\/a>\u00a0(11.5.2025)<\/li>\n<li><a href=\"https:\/\/www.freiburg-schwarzwald.de\/blog\/medienkampagne\/\">Vosgerau: Medienkampagne BfV\/AfD 2025 \u00e4hnlich Correctiv\/Wannsee 2023<\/a>\u00a0(5.5.2025)<\/li>\n<li><a href=\"https:\/\/www.freiburg-schwarzwald.de\/blog\/religion\/juden\/nazi\/nazi-keule\/\">Du altes Nazischwein \u2013 Von der Normalit\u00e4t gewohnheitsm\u00e4\u00dfiger Diffamierungen der AfD<\/a>\u00a0(2.2.2025)<\/li>\n<li><a href=\"https:\/\/www.freiburg-schwarzwald.de\/blog\/vereine\/ngo\/correctiv\/\">Correctiv ist ein \u201edreckiges L\u00fcgen-Medium\u201c \u2013 gemeinn\u00fctzig?<\/a>\u00a0(12.12.2024)<\/li>\n<li><a href=\"https:\/\/www.freiburg-schwarzwald.de\/blog\/engagement\/zukunft\/demokratie\/wahlen2025\/\">Parteienforscher warnt vor \u201cemotionalisierter Anti-Rechts-Kampagne\u201d<\/a>\u00a0(22.11.2024)<\/li>\n<li>Kampf gegen Rechtsextremismus &#8211; Zehnfache Ausgaben (10.10.2024)<\/li>\n<li><a href=\"https:\/\/www.freiburg-schwarzwald.de\/blog\/vereine\/ngo\/correctiv\/\">Die Aff\u00e4re Correctiv \u2013 Anatomie einer politisch-medialen Operation<\/a>\u00a0(6.8.2024)<\/li>\n<li><a href=\"https:\/\/www.freiburg-schwarzwald.de\/blog\/essen-gewalt-gegen-opposition\/\">Essen: Gewalt gegen Opposition<\/a>\u00a0(1.7.2024)<\/li>\n<li><a href=\"https:\/\/www.freiburg-schwarzwald.de\/blog\/kultur\/medien\/alternative-medien\/\">De-Banking: Der lautlose Angriff auf oppositionelle Medien<\/a>\u00a0(24.6.2024)<\/li>\n<li><a href=\"https:\/\/www.freiburg-schwarzwald.de\/blog\/engagement\/zukunft\/demokratie\/toleranz\/\">Faeser: \u201eRepressive Toleranz\u201c (Marcuse) im \u201eKampf gegen Rechts\u201c<\/a> (21.6.2024)<\/li>\n<li><a href=\"https:\/\/www.freiburg-schwarzwald.de\/blog\/sylt-party-dominiert-die-medien\/\">Sylt-Party dominiert die Medien<\/a>\u00a0(26.5.2024)<\/li>\n<li><a href=\"https:\/\/www.freiburg-schwarzwald.de\/blog\/demokratie-lebt-von-opposition\/\">Demokratie lebt von Opposition<\/a>\u00a0(29.4.2024)<\/li>\n<li><a href=\"https:\/\/www.freiburg-schwarzwald.de\/blog\/negative-campaigning\/\">Negative Campaigning<\/a>\u00a0(27.4.2024)<\/li>\n<li><a href=\"https:\/\/www.freiburg-schwarzwald.de\/blog\/bfv-radikal-oder-extremistisch\/\">BfV: Radikal oder extremistisch<\/a>? (11.4.2024)<\/li>\n<li><a href=\"https:\/\/www.freiburg-schwarzwald.de\/blog\/engagement\/zukunft\/demokratie\/democracy-first\/\">\u201eDemocracy first!\u201c \u2013 keine Staatsform ist besser als die Demokratie<\/a>\u00a0(10.4.2024)<\/li>\n<li><a href=\"https:\/\/www.freiburg-schwarzwald.de\/blog\/wir-daenen-wir-deutsche\/\">Wir D\u00e4nen! Wir Deutsche?<\/a>\u00a0(9.4.2024)<\/li>\n<li><a href=\"https:\/\/www.freiburg-schwarzwald.de\/blog\/religion\/kirchen\/kirche-repression\/\">Pfarrer Michaelis zur Amtsenthebung: \u201eDas ist offener Rechtsbruch\u201c<\/a>\u00a0(5.4.2024)<\/li>\n<li><a href=\"https:\/\/www.freiburg-schwarzwald.de\/blog\/engagement\/zukunft\/demokratie\/demokratie-eliten\/\">Rainer Mausfeld: Demokratie am Abgrund<\/a>\u00a0(17.3.2024)<\/li>\n<li><a href=\"https:\/\/www.freiburg-schwarzwald.de\/blog\/engagement\/zukunft\/demokratie\/demokratiefoerderung\/\">182 Millionen Euro f\u00fcr \u201eDemokratie leben!\u201c bzw. \u201eKampf gegen rechts\u201c<\/a> (3.4.2024)<\/li>\n<li><a href=\"https:\/\/www.freiburg-schwarzwald.de\/blog\/gesinnungspolizei-im-rechtsstaat\/\">Gesinnungspolizei im Rechtsstaat?<\/a>\u00a0(23.3.2024)<\/li>\n<li><a href=\"https:\/\/www.freiburg-schwarzwald.de\/blog\/global\/deutschland\/buergerkrieg\/\">Mathias Brodkorb. Der Warner \u2013 \u201eKampf gegen rechts\u201c mit B\u00fcrgerkriegspotenzial<\/a> (22.3.2024)<\/li>\n<li><a href=\"https:\/\/www.freiburg-schwarzwald.de\/blog\/engagement\/zukunft\/demokratie\/gegen-rechts\/delegitimierung\/\">Murswiek zu Faesers 13-Punkte-Plan: \u201eDen Rechtsstaat aufweichen\u201c<\/a> (23.2.2024)<\/li>\n<li><a href=\"https:\/\/www.freiburg-schwarzwald.de\/blog\/engagement\/zukunft\/demokratie\/gegen-rechts\/\">Vorwand \u201egegen rechts\u201c: Je mehr die Ampel scheitert, desto weniger Freiheit soll\u2019s geben<\/a> (14.2.2024)<\/li>\n<li><a href=\"https:\/\/www.freiburg-schwarzwald.de\/blog\/selbsthilfe\/psyche\/massenpsychose\/\">Alexis des Tocqueville: Mehrheitsmeinung suggerieren im \u201eKampf gegen Rechts\u201c<\/a> (9.2.2024)<\/li>\n<li>Der \u201eKampf gegen Rechts\u201c \u2013 ein feiges Surrogat (7.2.2024)<\/li>\n<li><a href=\"https:\/\/www.freiburg-schwarzwald.de\/blog\/engagement\/zukunft\/demokratie\/rechts\/rechte-ecke\/\">Es gibt auch rechte Demokraten<\/a>\u00a0(7.2.2024)<\/li>\n<li><a href=\"https:\/\/www.freiburg-schwarzwald.de\/blog\/kultur\/medien\/journalismus\/recherche\/\">Das \u201eGeheimtreffen\u201c: Vom Journalismus und seinen ethischen Grunds\u00e4tzen<\/a>\u00a0(7.2.2024)<\/li>\n<li>\u201eKampf gegen Rechts\u201c statt Kampf gegen die wirtschaftliche Krise (31.1.2024)<\/li>\n<li><a href=\"https:\/\/www.freiburg-schwarzwald.de\/blog\/demonstrationen-gegen-rechts\/\">Demonstrationen gegen rechts<\/a>\u00a0(23.1.2024)<\/li>\n<li><a href=\"https:\/\/www.freiburg-schwarzwald.de\/blog\/engagement\/buergerinitiativen\/demo\/demos-gegen-rechts\/\">Patzelt: Zivilreligi\u00f6se Proteste gegen rechts \u00e4ndern gar nichts<\/a>\u00a0(22.1.2024)<\/li>\n<li><a href=\"https:\/\/www.freiburg-schwarzwald.de\/blog\/kultur\/medien\/framing\/geheimtreffen\/\">\u201eWannseekonferenz 2.0\u201c: Was war wirklich los?<\/a>\u00a0(20.1.2024)<\/li>\n<li><a href=\"https:\/\/www.freiburg-schwarzwald.de\/blog\/engagement\/zukunft\/demokratie\/verfassung\/staatsfeinde\/\">Der Feind lauert \u00fcberall: V-Leute d\u00fcrfen k\u00fcnftig vorbestraft sein<\/a>\u00a0(11.1.2024)<\/li>\n<li>Dieses Rechts, das zur Strecke gebracht werden muss (21.12.2023)<\/li>\n<li>Mehr als 1,5 Milliarden Euro f\u00fcr \u201eKampf gegen rechts\u201c (13.11.2023)<\/li>\n<li><a href=\"https:\/\/www.freiburg-schwarzwald.de\/blog\/engagement\/zukunft\/demokratie\/verfassung\/verfassungsschutz\/\">Delegitimierung: DDR-Strafrechtsbegriff der Ver\u00e4chtlichmachung<\/a> (3.10.2023)<\/li>\n<li><a href=\"https:\/\/www.freiburg-schwarzwald.de\/blog\/engagement\/zukunft\/demokratie\/grundgesetz\/grundgesetz-neu\/\">Unsere Basis als B\u00fcrger: Grundrechte und Grundgesetz<\/a>\u00a0(13.8.2023)<\/li>\n<li><a href=\"https:\/\/www.freiburg-schwarzwald.de\/blog\/engagement\/zukunft\/demokratie\/verfassung\/verfassungsschutz\/\">Haldenwang: Angriff auf die Demokratie<\/a>\u00a0(7.8.2023)<\/li>\n<li><a href=\"https:\/\/www.freiburg-schwarzwald.de\/blog\/brandmauer-cdu-gegen-afd\/\">Brandmauer: CDU gegen AfD<\/a>\u00a0(16.7.2023)<\/li>\n<li><a href=\"https:\/\/www.freiburg-schwarzwald.de\/blog\/engagement\/zukunft\/demokratie\/staatsapparat\/\">Staat finanziert \u201eDemokratie leben!\u201c mit 144,3 Mio Euro<\/a> (8.3.2023)<\/li>\n<li><a href=\"https:\/\/www.freiburg-schwarzwald.de\/blog\/engagement\/zukunft\/demokratie\/extremismus\/\">Kampf gegen Rechts: Regierung will B\u00fcrger zu Mitl\u00e4ufern machen<\/a> (27,2,2023)<\/li>\n<li><a href=\"https:\/\/www.freiburg-schwarzwald.de\/blog\/kultur\/medien\/hass\/hetze\/\">Sarah Bosetti: \u201eQuerdenker sind ein bisschen wie Hitler\u201c<\/a>\u00a0(30.1.2023)<\/li>\n<li><a href=\"https:\/\/www.freiburg-schwarzwald.de\/blog\/engagement\/zukunft\/demokratie\/berlin-demo29-8-2020\/\">Der Sturm auf den Reichstag war staatlich inszeniert<\/a>\u00a0(27.12.2022)<\/li>\n<li><a href=\"https:\/\/www.freiburg-schwarzwald.de\/blog\/reichsbuerger-medien-legal\/\">Reichsb\u00fcrger: Medien legal?<\/a>\u00a0(13.12.2022)<\/li>\n<li><a href=\"https:\/\/www.freiburg-schwarzwald.de\/blog\/unschuldsvermutung-beweislast\/\">Unschuldsvermutung Beweislast<\/a>\u00a0(12.12.2022)<\/li>\n<li><a href=\"https:\/\/www.freiburg-schwarzwald.de\/blog\/engagement\/zukunft\/demokratie\/extremismus\/rechtsextremismus\/\">Razzia mit 3000 Polizisten gegen Reichsb\u00fcrger am 7.1.2022<\/a>\u00a0(9.12.2022)<\/li>\n<li><a href=\"https:\/\/www.freiburg-schwarzwald.de\/blog\/private-arme-staatliche-arme\/\">Private Arme \u2013 Staatliche Arme<\/a>\u00a0(9.8.2022)<\/li>\n<li><a href=\"https:\/\/www.freiburg-schwarzwald.de\/blog\/religion\/islam\/islamismus\/\">Was ist der Grund, mit der Fokussierung auf die \u201eRechten\u201c von der islamistischen Gefahr abzulenken?<\/a> (19.7.2022)<\/li>\n<li><a href=\"https:\/\/www.freiburg-schwarzwald.de\/blog\/religion\/islam\/islam-terror\/\">Terror in D 2020-7\/2022: 757 Islam, 26 Rechts und 17 Links<\/a>\u00a0(16.7.2022)<\/li>\n<li><a href=\"https:\/\/www.freiburg-schwarzwald.de\/blog\/engagement\/zukunft\/demokratie\/demokratiefoerderung\/\">Demokratief\u00f6rderung: Die woke Antirassismus-Agenda 2025<\/a>\u00a0(4.7.2022)<\/li>\n<li><a href=\"https:\/\/www.freiburg-schwarzwald.de\/blog\/delegitimierung-des-staates\/\">Delegitimierung des Staates<\/a>\u00a0(15.6.2022)<\/li>\n<li>Der &#8222;Kampf gegen Rechts&#8220; als Forschungsauftrag (8.6.2022)<\/li>\n<li><a href=\"https:\/\/www.freiburg-schwarzwald.de\/blog\/kultur\/dichter\/tellkamp\/\">Uwe Tellkamp: Der Schlaf in den Uhren<\/a>\u00a0(27.5.2022)<\/li>\n<li><a href=\"https:\/\/www.freiburg-schwarzwald.de\/blog\/neu-bundestag-ohne-debatten\/\">Neu: Bundestag ohne Debatten<\/a>\u00a0(22.2.2022)<\/li>\n<li><a href=\"https:\/\/www.freiburg-schwarzwald.de\/blog\/bildung\/hochschulen\/wissenschaftsfreiheit\/\">Wissenschaftler unterst\u00fctzen Verfassungsschutz-Kritiker Wagener<\/a>\u00a0(16.11.2021)<\/li>\n<li><a href=\"https:\/\/www.freiburg-schwarzwald.de\/blog\/religion\/juden\/nazi\/\">Roger K\u00f6ppel: H\u00f6rt mit dieser Nazis-Paranoia auf!<\/a>\u00a0(21.9.2021)<\/li>\n<li><a href=\"https:\/\/www.freiburg-schwarzwald.de\/blog\/kultur\/medien\/pressefreiheit\/\">Violence Prevention Network: NGO zur Extremismuspr\u00e4vention<\/a>\u00a0(6.8.2021)<\/li>\n<li><a href=\"https:\/\/www.freiburg-schwarzwald.de\/blog\/kultur\/medien\/propaganda\/\">Staatspropaganda bei Flut 2021: Private Helfer \u2013 \u201eKampf gegen Rechts\u201c<\/a>\u00a0(24.7.2021)<\/li>\n<li><a href=\"https:\/\/www.freiburg-schwarzwald.de\/blog\/kultur\/medien\/political-correctness\/\">Ich warte auf den Tag, an dem der rechte Winkel verboten wird<\/a> (9.7.2021)<\/li>\n<li><a href=\"https:\/\/www.freiburg-schwarzwald.de\/blog\/d-im-abstieg-hilfe-von-links\/\">D im Abstieg \u2013 Hilfe von Links?<\/a>\u00a0(3.6.2021)<\/li>\n<li><a href=\"https:\/\/www.freiburg-schwarzwald.de\/blog\/antisemitismus-islam-und-links\/\">Antisemitismus: Islam und links<\/a>\u00a0(20.5.2021)<\/li>\n<li><a href=\"https:\/\/www.freiburg-schwarzwald.de\/blog\/engagement\/zukunft\/demokratie\/rechts\/rechte-ecke\/\">Willkommen in der rechten Ecke \u2013 Ein offener Brief an Jan Josef Liefers<\/a>\u00a0(26.4.2021)<\/li>\n<li><a href=\"https:\/\/www.freiburg-schwarzwald.de\/blog\/journalist-reitschuster-vogelfrei\/\">Journalist Reitschuster: vogelfrei?<\/a>\u00a0(23.3.2021)<\/li>\n<li><a href=\"https:\/\/www.freiburg-schwarzwald.de\/blog\/engagement\/zukunft\/demokratie\/rechts\/rechts-links\/\">Das M\u00e4rchen vom Rechtsrutsch \u2013 wie politische Pr\u00fcderie das Meinungsklima vergiftet<\/a>\u00a0(26.2.2021)<\/li>\n<li><a href=\"https:\/\/www.freiburg-schwarzwald.de\/blog\/selbsthilfe\/krise\/gewalt\/linke-gewalt\/\">378 Brandanschl\u00e4ge 2018-2019: 308 von links und 17 von rechts<\/a>\u00a0(18.2.2021)<\/li>\n<li><a href=\"https:\/\/www.freiburg-schwarzwald.de\/blog\/engagement\/zukunft\/demokratie\/hanau19feb2020\/\">Indubio Folge 102 \u2013 Hanau und das Schweigen der Psychiater<\/a>\u00a0(18.2.2021)<\/li>\n<li><a href=\"https:\/\/www.freiburg-schwarzwald.de\/blog\/global\/deutschland\/ddr2-0\/\">Anetta Kahane von Amadeu Antonio Stiftung: Die T\u00e4ter sind unter uns<\/a> (21.12.2020)<\/li>\n<li>Eine Mrd Euro f\u00fcr &#8222;Kampf gegen Rechts&#8220;: ABM f\u00fcr Geisteswissenschaftler (16.12.20)<\/li>\n<li><a href=\"https:\/\/www.freiburg-schwarzwald.de\/blog\/kultur\/dichter\/literatur\/maerchen\/\">M\u00e4rchen mit diskriminierenden Inhalten: Kampf gegen Rechts<\/a>\u00a0(16.12.2020)<\/li>\n<li><a href=\"https:\/\/www.freiburg-schwarzwald.de\/blog\/kultur\/medien\/hass\/\">Woher kommt der Hass \u2013 alles Nazi? Schweigemarsch in Berlin<\/a>\u00a0(23.11.2020)<\/li>\n<li><a href=\"https:\/\/www.freiburg-schwarzwald.de\/blog\/leipzig-7-11-20-friedliche-demo\/\">Leipzig7-11-20 friedliche Demo<\/a>\u00a0(7.11.2020)<\/li>\n<li><a title=\"Demonstrationsrecht ade?\" href=\"https:\/\/www.freiburg-schwarzwald.de\/blog\/demonstrationsrecht-ade\/\">Demonstrationsrecht ade?<\/a>\u00a0(9.9.2020)<\/li>\n<li><a title=\"Diskursverweigerung\" href=\"https:\/\/www.freiburg-schwarzwald.de\/blog\/engagement\/zukunft\/demokratie\/diskursverweigerung\/\">Eine moralisierende Diskursverweigerung k\u00f6nnen wir uns nicht leisten<\/a>\u00a0(26.7.2020)<\/li>\n<li><a title=\"Denunziation\" href=\"https:\/\/www.freiburg-schwarzwald.de\/blog\/engagement\/zukunft\/demokratie\/denunziation\/\">Wie der \u00f6ffentlichrechtliche Rundfunk einen Bundeswehrsoldaten in die rechtsradikale Ecke stellte<\/a> (24.7.2020)<\/li>\n<li><a title=\"Spaltung\" href=\"https:\/\/www.freiburg-schwarzwald.de\/blog\/global\/deutschland\/spaltung\/\">Maaz: Das gespaltene Land \u2013 Der deutsche Hang zum Mitl\u00e4ufertum<\/a>\u00a0(29.5.2020)<\/li>\n<li><a title=\"Rechts\" href=\"https:\/\/www.freiburg-schwarzwald.de\/blog\/engagement\/zukunft\/demokratie\/rechts\/\">Karlheinz Wei\u00dfmann: Wer ist rechts? Versuch einer Typologie<\/a> (29.5.2020)<\/li>\n<li><a title=\"Populismus\" href=\"https:\/\/www.freiburg-schwarzwald.de\/blog\/engagement\/zukunft\/demokratie\/populismus\/\">Thorsten Hinz:\u00a0Kritik am Rechtspopulismus \u2013 Wir sind auf dem Weg in die P\u00f6belherrschaft<\/a>\u00a0(3.4.2020)<\/li>\n<li><a title=\"Hanau19Feb2020\" href=\"https:\/\/www.freiburg-schwarzwald.de\/blog\/engagement\/zukunft\/demokratie\/hanau19feb2020\/\">BKA-Bericht: Rechtsextremismus nicht die \u201etreibende Kraft\u201c f\u00fcr Morde von Hanau<\/a>\u00a0(29.3.2020)<\/li>\n<li><a title=\"Coronavirus: Opfer oder Crash?\" href=\"https:\/\/www.freiburg-schwarzwald.de\/blog\/coronavirus-opfer-oder-crash\/\">Nazis mit Corona anhusten (Max Czollek wie auch Jutta Ditfurth)<\/a>\u00a0(27.3.2020)<\/li>\n<li><a title=\"Nach Corona: Links? Freiheit?\" href=\"https:\/\/www.freiburg-schwarzwald.de\/blog\/nach-corona-links-freiheit\/\">Nach Corona: Links? Freiheit?<\/a>\u00a0(21.3.2020)<\/li>\n<li><a title=\"Nazi\" href=\"https:\/\/www.freiburg-schwarzwald.de\/blog\/religion\/juden\/nazi\/\">Schlu\u00df mit dem Mi\u00dfbrauch des Nazi- und Faschismusbegriffs<\/a>\u00a0(11.3.2020)<\/li>\n<li><a title=\"Beten gegen Rechts\" href=\"https:\/\/www.freiburg-schwarzwald.de\/blog\/beten-gegen-rechts\/\">Beten gegen Rechts<\/a>\u00a0(7.3.2020)<\/li>\n<li><a title=\"Nazi\" href=\"https:\/\/www.freiburg-schwarzwald.de\/blog\/religion\/juden\/nazi\/\">Wer meint, gegen Nazis zu k\u00e4mpfen, sieht sich selbst als neuer Stauffenberg<\/a> (6.3.2020)<\/li>\n<li><a title=\"Die Linke: Reiche erschiessen\" href=\"https:\/\/www.freiburg-schwarzwald.de\/blog\/die-linke-reiche-erschiessen\/\">Die Linke: Reiche erschiessen<\/a>\u00a0(5.3.2020)<\/li>\n<li><a title=\"Hanau: Jurist Psychiater Schuld\" href=\"https:\/\/www.freiburg-schwarzwald.de\/blog\/hanau-jurist-psychiater-schuld\/\">Hanau: Jurist Psychiater Schuld<\/a>\u00a0(23.2.2020)<\/li>\n<li><a title=\"Establishment\" href=\"https:\/\/www.freiburg-schwarzwald.de\/blog\/global\/deutschland\/gesellschaft\/establishment\/\">Establishment hat keine Angst vor AfD, wohl aber vor Islam und Clan-Wesen<\/a> (14.2.2020)<\/li>\n<li><a title=\"Verfassung\" href=\"https:\/\/www.freiburg-schwarzwald.de\/blog\/engagement\/zukunft\/demokratie\/verfassung\/\">Partei: Entweder erlaubt oder verboten. Und nichts dazwischen<\/a>\u00a0(10.2.2020)<\/li>\n<li><a title=\"AfD\" href=\"https:\/\/www.freiburg-schwarzwald.de\/blog\/vereine\/partei\/afd\/\">Herr H\u00f6cke, wenn Sie\u00a0(nach Erfurt) etwas f\u00fcr unser Land tun wollen: Wandern Sie aus!<\/a>\u00a0(9.2.2020)<\/li>\n<li><a title=\"Parteienstaat\" href=\"https:\/\/www.freiburg-schwarzwald.de\/blog\/engagement\/zukunft\/demokratie\/parteienstaat\/\">Erfurt: Der Abgeordnete ist nicht Vertreter des B\u00fcrgers, sondern der Parteielite<\/a>\u00a0(6.2.2020)<\/li>\n<li><a href=\"https:\/\/www.freiburg-schwarzwald.de\/blog\/engagement\/zukunft\/demokratie\/verfassung\/fdgo\/\">Die Prinzipien bzw. Werte der FDGO<\/a>\u00a0(1.1.2020)<\/li>\n<li><a title=\"Konservativismus\" href=\"https:\/\/www.freiburg-schwarzwald.de\/blog\/engagement\/zukunft\/demokratie\/konservativismus\/\">Konservative \u2013 Mehr Mumm wagen<\/a> (3.12.2019)<\/li>\n<li><a title=\"Klonovsky\" href=\"https:\/\/www.freiburg-schwarzwald.de\/blog\/kultur\/dichter\/klonovsky\/\">Klonovsky: Die Linke \u2013 vom Gegenpart zum Parasit des Kapitalismus<\/a>\u00a0 (28.11.2019)<\/li>\n<li><a title=\"Alles Deutsche schlecht reden\" href=\"https:\/\/www.freiburg-schwarzwald.de\/blog\/alles-deutsche-schlecht-reden\/\">Alles Deutsche schlecht reden<\/a>\u00a0(27.11.2019)<\/li>\n<li><a title=\"Hass-Aufrufe in DLF und Spiegel\" href=\"https:\/\/www.freiburg-schwarzwald.de\/blog\/hass-aufrufe-in-dlf-und-spiegel\/\">Hass-Aufrufe in DLF und Spiegel<\/a>\u00a0(22.11.2019)<\/li>\n<li><a title=\"Linke-Gewalt\" href=\"https:\/\/www.freiburg-schwarzwald.de\/blog\/selbsthilfe\/krise\/gewalt\/linke-gewalt\/\">Dokumentation: Linke Gewalt in Deutschland<\/a>\u00a0(6.11.2019)<\/li>\n<li><a title=\"Klonovsky\" href=\"https:\/\/www.freiburg-schwarzwald.de\/blog\/kultur\/dichter\/klonovsky\/\">Klonovsky: Die Linke \u2013 vom Gegenpart zum Parasit des Kapitalismus<\/a>\u00a0 (28.11.2019)<\/li>\n<li><a title=\"Repression\" href=\"https:\/\/www.freiburg-schwarzwald.de\/blog\/kultur\/medien\/repression\/\">Thorsten Hinz: Meinungsfreiheit \u2013 Die Schlammlawine rollt<\/a>\u00a0(1.11.2019)<\/li>\n<li>Rechtsextreme vergiften uns mit CO2 (30.10.2019)<\/li>\n<li><a title=\"Halle09Okt2019\" href=\"https:\/\/www.freiburg-schwarzwald.de\/blog\/engagement\/zukunft\/demokratie\/halle09okt2019\/\">Mathias D\u00f6pfner: Nie wieder \u201cNie wieder\u201d<\/a>\u00a0(10.10.2019)<\/li>\n<li><a title=\"Dresden\" href=\"https:\/\/www.freiburg-schwarzwald.de\/blog\/global\/deutschland\/dresden\/\">BuchHaus Loschwitz\u00a0von Susanne Dagen \u2013 Politische Gespr\u00e4che<\/a>\u00a0(2.10.2019)<\/li>\n<li><a href=\"https:\/\/www.freiburg-schwarzwald.de\/blog\/vereine\/ngo\/aktivisten\/\">Amadeu Antonio Stiftung<\/a>\u00a0(24.7.2019)<\/li>\n<li><a href=\"https:\/\/www.freiburg-schwarzwald.de\/blog\/groenemeyer-diktieren-diktatur\/\">https:\/\/www.freiburg-schwarzwald.de\/blog\/groenemeyer-diktieren-diktatur\/<\/a>\u00a0(17.9.2019)<\/li>\n<li><a title=\"Meinungsfreiheit bedroht?\" href=\"https:\/\/www.freiburg-schwarzwald.de\/blog\/meinungsfreiheit-bedroht\/\">Meinungsfreiheit bedroht?<\/a>\u00a0(30.8.2019)<\/li>\n<li><a title=\"Kritik und abweichende Meinung\" href=\"https:\/\/www.freiburg-schwarzwald.de\/blog\/kritik-und-abweichende-meinung\/\">Kritik und abweichende Meinung<\/a>\u00a0(7.8.2019)<\/li>\n<li><a title=\"Moral2015\" href=\"https:\/\/www.freiburg-schwarzwald.de\/blog\/global\/deutschland\/moral2015\/\">Vahlefeld: Der ganze Stolz der Deutschen<\/a>\u00a0(3.7.2019)<\/li>\n<li><a title=\"Luebcke-Instrumentalisierung\" href=\"https:\/\/www.freiburg-schwarzwald.de\/blog\/engagement\/zukunft\/demokratie\/luebcke-instrumentalisierung\/\">AKK gibt AfD Mitschuld am L\u00fcbcke-Mord: \u201cWaffe an die Schl\u00e4fe gedr\u00fcckt\u201d<\/a> (24.6.2019)<\/li>\n<li><a href=\"https:\/\/www.freiburg-schwarzwald.de\/blog\/gauck-mahnt-zu-toleranz\/\">https:\/\/www.freiburg-schwarzwald.de\/blog\/gauck-mahnt-zu-toleranz\/<\/a>\u00a0(21.6.2019)<\/li>\n<li><a title=\"Linke-Gewalt\" href=\"https:\/\/www.freiburg-schwarzwald.de\/blog\/selbsthilfe\/krise\/gewalt\/linke-gewalt\/\">254 linksextremistische Straftaten und 71 rechtsextremistische Straftaten<\/a>\u00a0(20.6.2019)<\/li>\n<li><a title=\"Extremismus\" href=\"https:\/\/www.freiburg-schwarzwald.de\/blog\/engagement\/zukunft\/demokratie\/extremismus\/\">Gegen extremistische Gewalt: Es geht nicht um rechts oder links \u2013 es geht um wir oder die<\/a>\u00a0(18.6.2019)<\/li>\n<li>Extremisten bek\u00e4mpfen, nicht aber Andersdenkende (20.6.2019)<\/li>\n<li><a title=\"Toleranz\" href=\"https:\/\/www.freiburg-schwarzwald.de\/blog\/engagement\/zukunft\/demokratie\/toleranz\/\">Gauck fordert mehr Toleranz und Debatte mit Rechts<\/a> (17.6.2019)<\/li>\n<li>Kampf gegen Rechts: Strache-Video, Amadeu-Antonio-Stiftung, DDR-BRD (31.5.2019)<\/li>\n<li><a title=\"Verschwoerungstheorien\" href=\"https:\/\/www.freiburg-schwarzwald.de\/blog\/kultur\/medien\/verschwoerungstheorien\/\">Ausstellung \u201cVerschw\u00f6rungstheorien\u201d \u2013 Rede von Frank-Walter Steinmeier \u2013 OFFENER BRIEF<\/a> (17.5.2019)<\/li>\n<li><a href=\"https:\/\/www.freiburg-schwarzwald.de\/blog\/debatte-links-mit-rechts-fehlt\/\">https:\/\/www.freiburg-schwarzwald.de\/blog\/debatte-links-mit-rechts-fehlt\/<\/a>\u00a0(11.5.2019)<\/li>\n<li>Das Netzwerk der Neuen Rechten? (26.4.2019)<\/li>\n<li><a href=\"https:\/\/www.freiburg-schwarzwald.de\/blog\/medien-in-f-und-d-notre-dame\/\">https:\/\/www.freiburg-schwarzwald.de\/blog\/medien-in-f-und-d-notre-dame\/<\/a>\u00a0(22.4.2019)<\/li>\n<li><a title=\"Denunziation\" href=\"https:\/\/www.freiburg-schwarzwald.de\/blog\/engagement\/zukunft\/demokratie\/69724-2\/\">Politisch Andersdenkende: In der Rolle des S\u00fcndenbocks<\/a>\u00a0 (18.1.2019)<\/li>\n<li><a href=\"https:\/\/www.freiburg-schwarzwald.de\/blog\/nazis-raus-aber-wohin\/\">https:\/\/www.freiburg-schwarzwald.de\/blog\/nazis-raus-aber-wohin\/<\/a> (13.1.2019)<\/li>\n<li><a href=\"https:\/\/www.freiburg-schwarzwald.de\/blog\/fremd-im-eigenen-land\/\">https:\/\/www.freiburg-schwarzwald.de\/blog\/fremd-im-eigenen-land\/<\/a> (8.1.2019)<\/li>\n<li>Kampf gegen Rechts als Ablenkungsman\u00f6ver in Chemnitz (20.11.2018)<\/li>\n<li>Wenn deine Eltern AfD w\u00e4hlen, warum nicht den Kontakt abbrechen? (13.11.2018)<\/li>\n<li>Kirche pro &#8222;Kampf gegen Rechts&#8220;, contra &#8222;Kampf f\u00fcr Individualisierung&#8220; (20.5.2018)<\/li>\n<li>Tote Hosen: &#8222;Kampf gegen Rechts&#8220; als Staatsideologie (18.5.2018)<\/li>\n<li>Fahndungsaufrufe: \u201eRechte Intellektuelle\u201c (22.3.2018)<\/li>\n<li>Tellkamp in Dresden: Andere Schriftsteller k\u00f6nnten nachziehen (16.3.2018)<\/li>\n<li><a href=\"https:\/\/www.freiburg-schwarzwald.de\/blog\/migration-in-hartz4-tellkamp\/\">https:\/\/www.freiburg-schwarzwald.de\/blog\/migration-in-hartz4-tellkamp\/<\/a> (12.3.2018)<\/li>\n<li><a title=\"Cottbus\" href=\"https:\/\/www.freiburg-schwarzwald.de\/blog\/engagement\/zukunft\/demokratie\/cottbus\/\">Frauen demonstrieren f\u00fcr Sicherheit im \u00f6ffentlichen Raum<\/a> (25.2.2018)<\/li>\n<li>Hamburg: Polizei und Antifa gegen &#8218;angeblich rechte&#8216; Frauen-Demo (23.2.2018)<\/li>\n<li>Monika Maron: Kampf gegen Rechts (30.6.2017)<\/li>\n<\/ul>\n<ul>\n<li><a href=\"https:\/\/www.freiburg-schwarzwald.de\/blog\/selbsthilfe\/krise\/gewalt\/linke-gewalt\/antifa\/\">Antifa<\/a><\/li>\n<li><a title=\"Apo2018\" href=\"https:\/\/www.freiburg-schwarzwald.de\/blog\/engagement\/buergerinitiativen\/apo2018\/\">Apo2018<\/a><\/li>\n<li><a title=\"Christchurch\" href=\"https:\/\/www.freiburg-schwarzwald.de\/blog\/religion\/islam\/terror\/christchurch\/\">Christchurch<\/a><\/li>\n<li><a title=\"Corona-Grundrechte\" href=\"https:\/\/www.freiburg-schwarzwald.de\/blog\/business\/gesund\/corona-virus\/corona-grundrechte\/\">Corona-Grundrechte<\/a><\/li>\n<li><a title=\"Cottbus\" href=\"https:\/\/www.freiburg-schwarzwald.de\/blog\/engagement\/zukunft\/demokratie\/cottbus\/\">Cottbus<\/a><\/li>\n<li><a href=\"https:\/\/www.freiburg-schwarzwald.de\/blog\/engagement\/zukunft\/demokratie\/gegen-rechts\/delegitimierung\/\">Delegitimierung<\/a><\/li>\n<li><a href=\"https:\/\/www.freiburg-schwarzwald.de\/blog\/engagement\/zukunft\/demokratie\/democracy-first\/\">Democracy-first<\/a><\/li>\n<li><a href=\"https:\/\/www.freiburg-schwarzwald.de\/blog\/engagement\/zukunft\/demokratie\/demokratiefoerderung\/\">Demokratief\u00f6rderung<\/a><\/li>\n<li><a href=\"https:\/\/www.freiburg-schwarzwald.de\/blog\/engagement\/zukunft\/demokratie\/demokratierettung\/\">Demokratierettung<\/a><\/li>\n<li><a title=\"Demonstrationsrecht\" href=\"https:\/\/www.freiburg-schwarzwald.de\/blog\/engagement\/buergerinitiativen\/demonstrationsrecht\/\">Demonstrationsrecht<\/a><\/li>\n<li><a href=\"https:\/\/www.freiburg-schwarzwald.de\/blog\/engagement\/buergerinitiativen\/demo\/demos-gegen-rechts\/\">Demos-gegen-rechts<\/a><\/li>\n<li><a href=\"https:\/\/www.freiburg-schwarzwald.de\/blog\/engagement\/zukunft\/demokratie\/denunziation\/\">Denunziation<\/a><\/li>\n<li><a title=\"Diskursverweigerung\" href=\"https:\/\/www.freiburg-schwarzwald.de\/blog\/engagement\/zukunft\/demokratie\/diskursverweigerung\/\">Diskursverweigerung<\/a><\/li>\n<li><a title=\"Diskussionskultur\" href=\"https:\/\/www.freiburg-schwarzwald.de\/blog\/kultur\/medien\/diskussionskultur\/\">Diskussionskultur<\/a><\/li>\n<li><a title=\"Dresden\" href=\"https:\/\/www.freiburg-schwarzwald.de\/blog\/global\/deutschland\/dresden\/\">Dresden<\/a><\/li>\n<li><a title=\"Europa-Leitkultur\" href=\"https:\/\/www.freiburg-schwarzwald.de\/blog\/kultur\/europa-leitkultur\/\">Europa-Leitkultur<\/a><\/li>\n<li><a title=\"Extremismus\" href=\"https:\/\/www.freiburg-schwarzwald.de\/blog\/engagement\/zukunft\/demokratie\/extremismus\/\">Extremismus<\/a><\/li>\n<li><a href=\"https:\/\/www.freiburg-schwarzwald.de\/blog\/kultur\/medien\/faktencheck\/\">Faktencheck<\/a><\/li>\n<li><a href=\"https:\/\/www.freiburg-schwarzwald.de\/blog\/engagement\/zukunft\/demokratie\/verfassung\/fdgo\/\">FDGO<\/a><\/li>\n<li><a href=\"https:\/\/www.freiburg-schwarzwald.de\/blog\/engagement\/zukunft\/demokratie\/gegen-rechts\/\">gegen-rechts<\/a><\/li>\n<li><a href=\"https:\/\/www.freiburg-schwarzwald.de\/blog\/kultur\/medien\/framing\/geheimtreffen\/\">Geheimtreffen<\/a><\/li>\n<li><a title=\"Gesinnungsdiktatur\" href=\"https:\/\/www.freiburg-schwarzwald.de\/blog\/kultur\/medien\/gesinnungsdiktatur\/\">Gesinnungsdiktatur<\/a><\/li>\n<li><a href=\"https:\/\/www.freiburg-schwarzwald.de\/blog\/selbsthilfe\/krise\/gewalt\/linke-gewalt\/giessen29nov2025linkegewalt\/\">Gie\u00dfen29Nov2025LinkeGewalt<\/a><\/li>\n<li><a title=\"Immigration\" href=\"https:\/\/www.freiburg-schwarzwald.de\/blog\/global\/integration\/immigration\/\">Immigration<\/a><\/li>\n<li><a title=\"Instrumentalisierung\" href=\"https:\/\/www.freiburg-schwarzwald.de\/blog\/kultur\/medien\/instrumentalisierung\/\">Instrumentalisierung<\/a><\/li>\n<li><a title=\"Integration\" href=\"https:\/\/www.freiburg-schwarzwald.de\/blog\/global\/integration\/\">Integration<\/a><\/li>\n<li><a href=\"https:\/\/www.freiburg-schwarzwald.de\/blog\/religion\/islam\/islam-terror\/\">Islam-Terror<\/a><\/li>\n<li><a href=\"https:\/\/www.freiburg-schwarzwald.de\/blog\/religion\/juden\/judenhass2021\/\">Judenhass<\/a><\/li>\n<li><a href=\"https:\/\/www.freiburg-schwarzwald.de\/blog\/kultur\/medien\/kampf-gegen-gruene\/\">Kampf-gegen-Gr\u00fcne<\/a><\/li>\n<li><a href=\"https:\/\/www.freiburg-schwarzwald.de\/blog\/kultur\/medien\/kampf-gegen-links\/\">Kampf-gegen-Links<\/a><\/li>\n<li><a title=\"Kapitalismus\" href=\"https:\/\/www.freiburg-schwarzwald.de\/blog\/engagement\/zukunft\/demokratie\/kapitalismus\/\">Kapitalismus<\/a><\/li>\n<li><a href=\"https:\/\/www.freiburg-schwarzwald.de\/blog\/religion\/kirchen\/kirche-repression\/\">Kirche-Repression<\/a><\/li>\n<li><a title=\"Kriminalstatistik\" href=\"https:\/\/www.freiburg-schwarzwald.de\/blog\/selbsthilfe\/krise\/gewalt\/kriminalstatistik\/\">Kriminalstatistik<\/a><\/li>\n<li><a title=\"Kritik\" href=\"https:\/\/www.freiburg-schwarzwald.de\/blog\/kultur\/medien\/kritik\/\">Kritik &#8211; abweichende Meinung<\/a><\/li>\n<li><a href=\"https:\/\/www.freiburg-schwarzwald.de\/blog\/engagement\/zukunft\/demokratie\/leipzig-querdenken7-11-2020\/\">Leipzig-Querdenken7-11-2020<\/a><\/li>\n<li><a title=\"Luebcke02Juni2019\" href=\"https:\/\/www.freiburg-schwarzwald.de\/blog\/engagement\/zukunft\/demokratie\/luebcke02juni2019\/\">Luebcke02juni2019<\/a><\/li>\n<li><a title=\"Luegenpresse\" href=\"https:\/\/www.freiburg-schwarzwald.de\/blog\/kultur\/medien\/luegenpresse\/\">L\u00fcgenpresse<\/a><\/li>\n<li><a href=\"https:\/\/www.freiburg-schwarzwald.de\/blog\/medienkampagne\/\">Medienkampagne &#8211; gegen AfD<\/a><\/li>\n<li><a title=\"Meinungsfreiheit\" href=\"https:\/\/www.freiburg-schwarzwald.de\/blog\/kultur\/medien\/meinungsfreiheit\/\">Meinungsfreiheit<\/a><\/li>\n<li><a title=\"Moral2015\" href=\"https:\/\/www.freiburg-schwarzwald.de\/blog\/global\/deutschland\/moral2015\/\">Moral2015<\/a><\/li>\n<li><a title=\"Multikulti\" href=\"https:\/\/www.freiburg-schwarzwald.de\/blog\/kultur\/leitkultur\/multikulti\/\">Multikulti<\/a><\/li>\n<li><a title=\"Nationalstolz\" href=\"https:\/\/www.freiburg-schwarzwald.de\/blog\/engagement\/zukunft\/demokratie\/nationalstolz\/\">Nationalstolz<\/a><\/li>\n<li><a href=\"https:\/\/www.freiburg-schwarzwald.de\/blog\/religion\/juden\/nazi\/nazi-hass\/\">Nazi-Hass<\/a><\/li>\n<li><a title=\"Neue-Rechte\" href=\"https:\/\/www.freiburg-schwarzwald.de\/blog\/engagement\/zukunft\/demokratie\/rechts\/neue-rechte\/\">Neue-Rechte<\/a><\/li>\n<li><a href=\"https:\/\/www.freiburg-schwarzwald.de\/blog\/engagement\/zukunft\/demokratie\/rechts\/omas-gegen-rechts\/\">Omas-gegen-Rechts<\/a><\/li>\n<li><a title=\"Parallelkultur\" href=\"https:\/\/www.freiburg-schwarzwald.de\/blog\/global\/integration\/parallelkultur\/\">Parallelkulturen<\/a><\/li>\n<li><a title=\"Parteienstaat\" href=\"https:\/\/www.freiburg-schwarzwald.de\/blog\/engagement\/zukunft\/demokratie\/parteienstaat\/\">Parteienstaat<\/a><\/li>\n<li><a href=\"https:\/\/www.freiburg-schwarzwald.de\/blog\/kultur\/theater\/prozess-gegen-deutschland\/\">Prozess gegen Deutschland &#8211; AfD-Verbot<\/a><\/li>\n<li><a href=\"https:\/\/www.freiburg-schwarzwald.de\/blog\/kultur\/medien\/journalismus\/recherche\/\">Recherche<\/a><\/li>\n<li><a href=\"https:\/\/www.freiburg-schwarzwald.de\/blog\/engagement\/zukunft\/demokratie\/rechts\/rechte-ecke\/\">rechte-Ecke<\/a><\/li>\n<li><a title=\"Rechts\" href=\"https:\/\/www.freiburg-schwarzwald.de\/blog\/engagement\/zukunft\/demokratie\/rechts\/\">Rechts<\/a><\/li>\n<li><a href=\"https:\/\/www.freiburg-schwarzwald.de\/blog\/engagement\/zukunft\/demokratie\/extremismus\/rechtsextremismus\/\">Rechtsextremismus<\/a><\/li>\n<li><a href=\"https:\/\/www.freiburg-schwarzwald.de\/blog\/engagement\/zukunft\/demokratie\/rechts\/rechts-links\/\">Rechts-Links<\/a><\/li>\n<li><a title=\"Repression\" href=\"https:\/\/www.freiburg-schwarzwald.de\/blog\/kultur\/medien\/repression\/\">Repression<\/a><\/li>\n<li><a href=\"https:\/\/www.freiburg-schwarzwald.de\/blog\/kultur\/dichter\/literatur\/buchmesse\/seitenwechsel\/\">Seitenwechsel &#8211; Buchmesse<\/a><\/li>\n<li><a href=\"https:\/\/www.freiburg-schwarzwald.de\/blog\/engagement\/zukunft\/demokratie\/verfassung\/staatsfeinde\/\">Staatsfeinde<\/a><\/li>\n<li><a title=\"Talkshow\" href=\"https:\/\/www.freiburg-schwarzwald.de\/blog\/kultur\/medien\/talkshow\/\">Talkshow<\/a><\/li>\n<li><a href=\"https:\/\/www.freiburg-schwarzwald.de\/blog\/kultur\/dichter\/tellkamp\/\">Tellkamp<\/a><\/li>\n<li><a href=\"https:\/\/www.freiburg-schwarzwald.de\/blog\/engagement\/zukunft\/demokratie\/verfassung\/verfassungsschutz\/\">Verfassungsschutz<\/a><\/li>\n<li><a title=\"Verschwoerungstheorien\" href=\"https:\/\/www.freiburg-schwarzwald.de\/blog\/kultur\/medien\/verschwoerungstheorien\/\">Verschwoerungstheorien<\/a><\/li>\n<li><a href=\"https:\/\/www.freiburg-schwarzwald.de\/blog\/kultur\/medien\/framing\/geheimtreffen\/\">Wannseekonferenz2.0<\/a><\/li>\n<li><a title=\"Werte\" href=\"https:\/\/www.freiburg-schwarzwald.de\/blog\/global\/integration\/werte\/\">Werte<\/a><\/li>\n<li><a title=\"Willkommenskultur\" href=\"https:\/\/www.freiburg-schwarzwald.de\/blog\/global\/integration\/willkommenskultur\/\">Willkommenskultur<\/a><\/li>\n<li><a title=\"Zeitgeist\" href=\"https:\/\/www.freiburg-schwarzwald.de\/blog\/engagement\/zeitgeist\/\">Zeitgeist<\/a><\/li>\n<li><a href=\"https:\/\/www.freiburg-schwarzwald.de\/blog\/kultur\/medien\/zensur\/\">Zensur<\/a><\/li>\n<\/ul>\n<p>\u201eDie Hinrichtung der Verschw\u00f6rer um Graf Stauffenberg war Hitlers gr\u00f6\u00dfter Erfolg im \u2018Kampf gegen rechts\u2019.\u201c (Michael Klonovsky)<\/p>\n<p><strong>R\u00fcdiger <a href=\"https:\/\/www.freiburg-schwarzwald.de\/blog\/badenweiler-literaturtage-2\/\">Safranski<\/a>:<br \/>\n<\/strong><strong>&#8222;Wo es Links gibt, mu\u00df es auch Rechts geben&#8220;<br \/>\n<\/strong><strong>Deshalb:<br \/>\n&#8222;Kampf gegen Rechtsextremismus&#8220; statt &#8222;Kampf gegen Rechts&#8220;<br \/>\n&#8222;Kampf gegen Linksextremismus&#8220; statt &#8222;Kampf gegen Links&#8220;<br \/>\n.<br \/>\n<\/strong><strong>Ein Rechtsruck liegt dann vor,<br \/>\n<\/strong>wenn die Zahl der von Linken verhinderten Veranstaltungen<br \/>\nso sp\u00fcrbar w\u00e4chst,<br \/>\ndass die Medien dar\u00fcber zu berichten beginnen.<\/p>\n<p><strong>Definitionsvorschlag: <\/strong><br \/>\n&#8222;Als rechtsextrem m\u00f6ge fortan jeder gelten, der oder dessen Familie, Haus, Auto bzw. B\u00fcro von Linksextremen attackiert wurden&#8220; (<a title=\"Klonovsky\" href=\"https:\/\/www.freiburg-schwarzwald.de\/blog\/kultur\/dichter\/klonovsky\/\">Michael Klonovsky<\/a>)<\/p>\n<p><strong>Investitionskontrolle?<\/strong><br \/>\nEs mu\u00df der Nachweis erbracht werden, da\u00df die 182 Mio Euro f\u00fcr den &#8222;Kampf gegen Rechts&#8220; zu Recht investiert wurden. Wie? Indem man m\u00f6glich viele Rechte aufsp\u00fcrt?<br \/>\n.<br \/>\n<strong>Ausgaben des -Bundes gegen Extremismus im Jahr 2023:<\/strong><br \/>\n2,3 Mio Euro gegen Linksextremismus<br \/>\n22,5 Mio Euro gegen Rechtsextremismus<br \/>\nWas sagt und dieser in der EU einmalige Faktor 10?<br \/>\n.<br \/>\n&#8222;Der ganze &#8222;Diskurs gegen rechts&#8220; ist eine Ablenkung vom &#8222;Diskurs gegen oben&#8220;&#8220;<br \/>\n(<a href=\"https:\/\/www.freiburg-schwarzwald.de\/blog\/engagement\/zukunft\/guerot\/\">Ulrike Guerot<\/a>)<br \/>\n.<br \/>\nDer &#8222;Kampf gegen Rechts&#8220; ist seit Jahren ein Ablenkungsman\u00f6ver, um die wahren Probleme nicht l\u00f6sen zu m\u00fcssen: Illegale Migration, Energiepolitik, Deindustrialisierung, Bildungsmisere, marode Infrastruktur, EU-Reform, usw.<\/p>\n<p><a href=\"https:\/\/www.freiburg-schwarzwald.de\/blog\/wp-content\/uploads\/2025\/09\/berlin-links-personalaustausch.jpg\"><img loading=\"lazy\" decoding=\"async\" class=\"alignnone size-thumbnail wp-image-138895\" src=\"https:\/\/www.freiburg-schwarzwald.de\/blog\/wp-content\/uploads\/2025\/09\/berlin-links-personalaustausch-180x147.jpg\" alt=\"\" width=\"180\" height=\"147\" srcset=\"https:\/\/www.freiburg-schwarzwald.de\/blog\/wp-content\/uploads\/2025\/09\/berlin-links-personalaustausch-180x147.jpg 180w, https:\/\/www.freiburg-schwarzwald.de\/blog\/wp-content\/uploads\/2025\/09\/berlin-links-personalaustausch.jpg 640w\" sizes=\"auto, (max-width: 180px) 100vw, 180px\" \/><\/a>\u00a0 \u00a0 \u00a0Berliner Personalaustausch von Links.<\/p>\n<p><strong><a href=\"https:\/\/www.freiburg-schwarzwald.de\/blog\/kultur\/theater\/prozess-gegen-deutschland\/\">Redetext Harald Martenstein: \u201eKampf gegen Rechts\u201c ist Kampf gegen Demokratie<\/a>\u00a0(14.2.2026)<br \/>\n<\/strong>=============================================================<br \/>\n.<\/p>\n<p><strong>Rechts, rechtsradikal und rechtsextrem in eins setzen: &#8222;Kampf gegen rechts&#8220;<\/strong><br \/>\nDie \u2019schl\u00e4ndische \u00d6ffentlichkeit ist seit Jahrzehnten darauf konditioniert worden, rechts, rechtsradikal und rechtsextrem in eins zu setzen; \u201erechts\u201d ist, anders als \u201elinks\u201d, immer pfui; es findet bekanntlich ein \u201eKampf\u201d gegen \u201eRechts\u201d statt, nicht gegen \u201eRechtsextrem\u201d, die normale demokratische Sitzverteilung Links-Mitte-Rechts ist delegitimiert worden durch die Verteufelung der Rechten. Bezeichnenderweise steht in diesem Appell auch nur etwas von \u201eZeichen setzen\u201d gegen \u201eRechtsextremismus\u201d, die anderen Extremismen werden nicht als gegenzeichensetzensw\u00fcrdig erachtet. \u201eHass\u201d und \u201eDiskriminierung\u201d sind nach journalistischer Praxis so ausschlie\u00dflich mit \u201erechts\u201d konnotiert, wie die ebenfalls ins Treffen gef\u00fchrte \u201eWeltoffenheit\u201d mit offenen Grenzen und ungebremster Migration. Diese Leute, die da ihre identischen Schildchen in die H\u00f6he hielten, autonom wie pawlowsche Pudel, in bew\u00e4hrter staatsdeutscher Tradition, taten dies gegen Meinungsfreiheit, gegen die Freiheit der Literatur, gegen ergebnisoffene Wahlen, gegen politische und publizistische Vielfalt, f\u00fcr Gesinnungskontrolle, f\u00fcr die Exkommunikation von Andersedenkenden, f\u00fcr fortgesetzte Massenmigration mit allen bekannten Kollateralsch\u00e4den.<br \/>\n&#8230; Alles vom 16.10.2025 bitte lesen auf<br \/>\n<a href=\"https:\/\/www.klonovsky.de\/2025\/10\/16-oktober-2025\/\">https:\/\/www.klonovsky.de\/2025\/10\/16-oktober-2025\/<\/a><\/p>\n<p>&nbsp;<\/p>\n<p><strong>&#8222;Kampf gegen Rechts&#8220; f\u00fcr couragierte Feiglinge<\/strong><br \/>\n\u201eW\u00e4re der \u2018Kampf\u2019 gegen Rechts riskant, s\u00e4hen wir von den \u2018K\u00e4mpfern\u2019 keine Nasenspitze. Die Akteure sind trendkonforme Meutenfeiglinge, die sich als couragiert ausgeben wollen und zugleich ums Verschontwerden bei denen betteln, von denen tats\u00e4chlich Gefahr droht, indem sie signalisieren:<br \/>\nSeht, wir \u2018k\u00e4mpfen\u2019 gegen diejenigen, die etwas gegen euch haben, wir stehen an eurer Seite. Das ist die l\u00e4cherliche Motivstruktur hinter den Aktionen derer, die auf die t\u00e4glichen Messer\u00adattacken von fast ausschlie\u00dflich Migranten und Migrantennachkommen nicht nur mit den \u00fcblichen Verharmlosungen \u2013 soziale Ursachen, psychische St\u00f6rungen \u2013 sowie dem Weitererz\u00e4hlen der M\u00e4rchen der Faktenerfinder reagieren, sondern mit \u2018Initiativen\u2019 gegen diejenigen, die das Problem politisch bek\u00e4mpfen oder wenigstens beim Namen nennen wollen.\u201c<br \/>\n<a href=\"https:\/\/www.freiburg-schwarzwald.de\/blog\/kultur\/dichter\/klonovsky\/\">Michael Klonovsky<\/a>, Publizist, auf seinem \u201eActa diurna\u201c-Blog am 25. Mai 2025<\/p>\n<p>&nbsp;<\/p>\n<p><strong>Corona-Virus und Rechts-Virus<\/strong><br \/>\n<strong>Gesellschaftliches Klima: Raus aus unseren Blasen\u00a0<\/strong><br \/>\nWie bleiben wir im Gespr\u00e4ch? Wie kann die immer massivere Polarisierung und Spaltung der Gesellschaft durchbrochen werden? Zahllose pers\u00f6nliche Schilderungen in den vergangenen Wochen zeigen mir, wie sehr durch Belegschaften, Freundeskreise, Nachbarschaften, fast jede Familie ein Ri\u00df geht. Das war doch nicht immer so!<br \/>\nDie Corona-Zeit war offensichtlich eine besonders tiefe Z\u00e4sur. Viele Familienfeiern unterblieben, Begegnungen fielen aus, die Distanz wuchs. Erbittert standen sich Gegner und Bef\u00fcrworter von \u201eMa\u00dfnahmen\u201c gegen\u00fcber. Das \u201eEinschr\u00e4nken von Kontakten\u201c aus Corona-Zeiten wird in der Folge im \u00fcbertragenen Sinne zur anhaltenden Devise.<br \/>\nDie Unerbittlichkeit, mit der inzwischen staatliche Institutionen, etablierte Parteien und Medien beispielsweise gegen die AfD vorgehen, \u00e4hnelt den Reaktionen auf die Pandemie. K\u00f6nnte man sich mit einem Rechts-Virus anstecken, wenn man mit Sympathisanten der AfD normal umgeht? &#8230;<br \/>\n&#8230; Alles vom 30.5.2025 von Dieter Stein bitte lesen in der JF 23\/25, Seite 1<\/p>\n<p>&nbsp;<\/p>\n<p><strong>Kampf gegen Rechtsextremismus &#8211; Zehnfache Ausgaben<\/strong><br \/>\n&#8222;Die Bundesregierung hat im vergangenen Jahr 2,3 Millionen Euro zur Bek\u00e4mpfung des Linksextremismus ausgegeben. Das ist ein Zehntel dessen, was sie in die F\u00f6rderung von Projekten gegen Rechtsextremismus steckt: 22,5 Millionen Euro. Davon profitieren fast ausschlie\u00dflich linke Organisationen. &#8230;&#8220;<br \/>\n&#8230; Alles vom 10.10.2024 bitte lesen auf<br \/>\n<a href=\"https:\/\/jungefreiheit.de\/politik\/deutschland\/2024\/so-ungleich-verteilt-die-ampel-geld-im-kampf-gegen-extremismus\/\">https:\/\/jungefreiheit.de\/politik\/deutschland\/2024\/so-ungleich-verteilt-die-ampel-geld-im-kampf-gegen-extremismus\/<\/a><br \/>\n.<\/p>\n<p><strong>Der \u201eKampf gegen Rechts\u201c \u2013 ein feiges Surrogat<\/strong><br \/>\n<strong>Angriffe selten von \u201eRechts\u201c, daf\u00fcr tagt\u00e4glich aus islamischen Milieus<\/strong><br \/>\nGeht die Gefahr f\u00fcr Juden wirklich von \u201eRechts\u201c aus oder stellen militante Muslime das eigentliche Problem dar, das ignoriert und dadurch gef\u00f6rdert wird?<br \/>\nDer von linientreuen Medien ausgerufene, von hunderttausenden Deutschen gehorsam befolgte \u201eKampf gegen Rechts\u201c hat eine massenhysterische Dimension erreicht, die erschreckend wirkt. Wogegen wird hier eigentlich demonstriert? Oder wof\u00fcr? F\u00fcr ein von allem \u201eRechten\u201c gereinigtes Deutschland? Also eine S\u00e4uberungsaktion? Und was ist mit dem Wort \u201erechts\u201c gemeint? Jede Position au\u00dferhalb der Nationalen Front der machthabenden Parteien? Bedeutet der offiziell erkl\u00e4rte \u201eKampf gegen rechts\u201c, dass Deutschland nun unter allen Umst\u00e4nden \u201elinks\u201c werden soll? Dass man sich daran macht, diese befohlene \u201eVerlinkung\u201c nicht nur, wie bisher, durch heimliches Wirken, cancel culture, Medien-Manipulation, \u201egesellschaftliche \u00c4chtung\u201c, sondern mit der Macht der Stra\u00dfe, mit der Gewalt der Menge zu erzwingen?<br \/>\nJa, Zwang ist im Spiel, der Vorgang hat etwas Zwanghaftes. Er ist, tiefenpsychologisch gesehen, ein weiterer Versuch der Entschuldung, der Selbstreinigung von einer gef\u00fchlten Schmach. Wie sie in auf den Demos mitgef\u00fchrten Transparenten \u201eNie wieder!\u201c zum Ausdruck kommt oder, noch modischer, \u201eNie wieder ist jetzt!\u201c Was soll \u201enie wieder\u201c geschehen? Das Unterdr\u00fccken unerw\u00fcnschter Minderheiten und unbequemer Meinungen? Aber das geschieht doch gerade, indem man alles f\u00fcr \u201eRechts\u201c erkl\u00e4rte ausmerzen will.<br \/>\n&#8230;<br \/>\nDer \u201eKampf gegen Rechts\u201c ist ein feiges Surrogat. Ich schreibe dies fern von Deutschland, in Israel. Meine israelischen Landsleute haben derzeit ernsthafte, man kann sagen: existenzielle Probleme, nur ein Problem haben sie nicht: Sie sind nicht feige. Sie stellen sich dem wirklichen Problem, das auch hierzulande \u2013 gro\u00dfe \u00dcberraschung \u2013 mit militanten Muslimen zu tun hat. Auch hier ist der Erfolg ungewiss, aber so, wie man es in Deutschland versucht, durch Flucht in Scheinprobleme, sinnloses Get\u00f6se, billige moralische Selbstbefriedigung, wird es auf keinen Fall funktionieren.<br \/>\n&#8230;. Alles vom 8.2.2024 von Chaim Noll bitte lesen auf<br \/>\n<a href=\"https:\/\/www.achgut.com\/artikel\/der_kampf_gegen_rechts_ein_feiges_surrogat\">https:\/\/www.achgut.com\/artikel\/der_kampf_gegen_rechts_ein_feiges_surrogat<\/a><\/p>\n<p>&nbsp;<\/p>\n<p><strong>\u201eKampf gegen Rechts\u201c statt Kampf gegen die wirtschaftliche Krise<\/strong><br \/>\nDer Bundestag hat in einer Generaldebatte den Haushalt beraten. So stand es zumindest auf der Tagesordnung. Doch eigentlich wollen Ampel und Union nur noch \u00fcber den Kampf gegen Rechts als L\u00f6sung aller Probleme reden.<br \/>\n&#8230;<br \/>\nScholz kann den \u201eKampf gegen Rechts\u201c gar nicht mehr hinterfragen. Der ist schlie\u00dflich das Einzige, was er noch hat. Ohne \u201eKampf gegen Rechts\u201c steht der Kanzler ganz nackt da. Das zeigt Scholz in seiner Haushaltsrede eindrucksvoll. Dort behauptet er, Deutschland habe kein Problem mit mangelnder Besch\u00e4ftigung. Das sagt der Kanzler an dem Tag, an dem die Agentur f\u00fcr Arbeit verk\u00fcndet hat, dass die Arbeitslosigkeit \u00fcbers Jahr um fast 200.000 Arbeitslose gestiegen ist. Scholz redet viel. Interessant wird es aber immer nur bei dem, was er verschweigt.<br \/>\n&#8230;<br \/>\nWeidel erinnert daran, <a href=\"https:\/\/www.youtube.com\/watch?v=07ri4pzjUDw\">https:\/\/www.youtube.com\/watch?v=07ri4pzjUDw<\/a> dass die Ampel vergeblich versucht hat, mit \u201eeiner beispielslosen Verleumdungskampagne gegen Mittelstandskr\u00e4fte\u201c von den Protesten der Leistungstr\u00e4ger abzulenken \u2013 bevor sie dann mit Hilfe von Correctiv die Kampagne gegen Rechts gestartet hat. Die Regierung Scholz argumentiere nach dem Motto: \u201eWird der B\u00fcrger unangenehm, bezeichne ihn als rechtsextrem.\u201c Die Spitzenkandidatin der FDP f\u00fcr die Europawahl redet von \u201eSchmei\u00dffliegen\u201c, der Bundespr\u00e4sident sogar von \u201eRatten\u201c, wenn es um Menschen geht, die ihnen nicht ihre Stimme geben wollen.<br \/>\n&#8230;.<br \/>\nDie Gr\u00fcne entdeckt in der Not den Patriotismus f\u00fcr sich: \u201eReden Sie dieses wunderbare Land nicht schlecht!\u201c Nur wenn nicht mehr offen \u00fcber Wirtschaftspolitik geredet wird, kann Robert Habeck (Gr\u00fcne) schlie\u00dflich \u201eWirtschaftsminister\u201c bleiben<br \/>\n&#8230; Alles vom 31.1.2024 bitte lesen auf<br \/>\n<a href=\"https:\/\/www.tichyseinblick.de\/meinungen\/bundestag-haushalt-generaldebatte-kampf-gegen-rechts\/\">https:\/\/www.tichyseinblick.de\/meinungen\/bundestag-haushalt-generaldebatte-kampf-gegen-rechts\/<\/a><\/p>\n<p><strong>&#8222;Diese Regierung hasst Deutschland!&#8220; &#8211; Alice Weidel<\/strong><br \/>\nEine Schmutzkampagne nicht nur gegen die einzige echte Oppositionskraft, sondern auch gegen die Mittelstandsproteste, Geld f\u00fcr Radwege in Peru und \u00d6kok\u00fchlschr\u00e4nke in Kolumbien, nicht aber f\u00fcr die eigenen B\u00fcrger, B\u00fcrgergeld als Migrationsmagnet, das die arbeitende Bev\u00f6lkerung bezahlen muss: Diese Regierung hasst Deutschland!<br \/>\nRede im Deutschen Bundestag am 31.1.2024<br \/>\n31.1.2024 , <a href=\"https:\/\/www.youtube.com\/watch?v=07ri4pzjUDw\">https:\/\/www.youtube.com\/watch?v=07ri4pzjUDw<\/a><br \/>\n<a href=\"https:\/\/www.youtube.com\/c\/AliceWeidelBundestag\">https:\/\/www.youtube.com\/c\/AliceWeidelBundestag<\/a><\/p>\n<p>&nbsp;<\/p>\n<p><strong>Dieses Rechts, das zur Strecke gebracht werden muss<\/strong><br \/>\nEgon W. Kreutzer: Ich liebe Deutschland &#8211; Gedanken zum Jahreswechsel 2023 \u2013 2024<br \/>\n&#8230;<br \/>\nHeute sind wir alt geworden, meine geliebte Bundesrepublik und ich.<br \/>\nEs ist viel passiert seither, und wir haben uns durchgeschlagen. Wie es bei alten Ehepaaren so ist, achteten wir aufeinander. Doch seit einigen Jahren entwickelt sie sich von mir weg. Sie spricht noch zu mir, aber nicht mehr liebevoll und z\u00e4rtlich und gl\u00fccksverhei\u00dfend, sondern b\u00f6sartig, schrullig, fordernd. Das Alte, das Gute, ist wie ausgel\u00f6scht.<br \/>\nWas wir uns erarbeitet und aufgebaut hatten, verschleudert sie wahllos an Fremde.<br \/>\nEs f\u00e4llt mir nicht leicht und ich will ich es mir nicht eingestehen, aber alle Symptome deuten auf eine fortschreitende Demenz. Ehemaliges Wissen, all ihre Erfahrungen und unser komplettes einstiges Wertesystem sind bei ihr wie versch\u00fcttet und von Wahnideen \u00fcberwuchert.<br \/>\nAls h\u00e4tten alle Gottheiten aus dem Pantheon sich verschworen, ihr einzufl\u00fcstern, sie, und nur sie ganz alleine, sei auserw\u00e4hlt und daher verpflichtet, die Welt zu retten. Sie m\u00fcsse nur allen Einfl\u00fcsterungen unverz\u00fcglich und mit all ihrer Kraft Folge leisten. Und obwohl sie schon l\u00e4nger schw\u00e4chelt und sich kaum noch auf den F\u00fc\u00dfen und den Kopf nicht mehr oben halten kann, rafft sie sich trotz aller Schw\u00e4che immer wieder auf zu unerkl\u00e4rlichen Taten.<br \/>\nIhren Kampf gegen alles, was sie in ihrem Amoklauf aufhalten k\u00f6nnte, f\u00fchrt sie mit geradezu \u00fcbermenschlichem Einsatz. Keine Ecke im Lande mehr, wo nicht das grauenvolle Rechts lauert und von ihr zur Strecke gebracht werden muss.<br \/>\n&#8211; Dieses Rechts, das sich verschworen hat, standhaft die deutsche Sprache vor ihren \u00dcbergriffen zu bewahren,<br \/>\n&#8211; dieses Rechts, das Pippi Langstrumpfs Vater immer noch als Negerk\u00f6nig kennen will,<br \/>\n&#8211; dieses Rechts, das einen Mann trotz Strafandrohung auch dann noch Mann nennen will, wenn der sich mit Langhaarper\u00fccke, St\u00f6ckelschuhen und Reizw\u00e4sche als Frau definiert,<br \/>\n&#8211; dieses Rechts, das immer noch nicht glauben will, dass alle Corona-Ma\u00dfnahmen Schaden vom deutschen Volke abgewendet h\u00e4tten und mit Hass und Hetze nach einer \u201eAufarbeitung\u201c giert,<br \/>\n&#8211; dieses Rechts, das nicht glauben will, dass die Abschaltung der Atomkraftwerke ebenso alternativlos gewesen sei, wie der Verzicht auf russisches Gas und die \u00d6ffnung der Grenzen f\u00fcr die M\u00fchseligen und Beladenen aus aller Welt,<br \/>\n&#8211; dieses Rechts, das meint, den Unterschied in der Behandlung deutscher Obdachloser und ausl\u00e4ndischer Wirtschaftsfl\u00fcchtlinge \u2013 hier, wenn\u2018s hochkommt, W\u00e4rmestuben, dort gro\u00dfz\u00fcgige Unterbringung in Luxushotels \u2013 \u00f6ffentlich anprangern zu m\u00fcssen,<br \/>\n&#8211; dieses Rechts, das sich fragt, wie viele Milliarden die Ukraine uns schon gekostet habe und noch kosten wird, selbst wenn sie nicht so schnell in die EU aufgenommen werden sollte,<br \/>\n&#8211; dieses Rechts, das nicht aufh\u00f6ren will, Deindustrialisierung, Arbeits- und Bedeutungslosigkeit an die Wand zu malen, immer in der verzweifelten Hoffnung, eines der Argumente k\u00f6nne noch zu ihr durchdringen, sie wieder auf einen gesunden Kurs bringen,<br \/>\nall dieses Rechts ist Ziel ihrer fortgesetzter Attacken, bei denen sie vor nichts mehr zur\u00fcckschreckt, au\u00dfer \u2013 bisher noch \u2013 vor dem Einsatz der Bundeswehr im Inneren, gegen alle, in denen sie in ihrem weltumspannend-panpatriotischen Wesen Feinde erkennt, weil sie sich weigern, ihr letztes Hemd herzugeben, damit sie den Raumfahrernationen Indien und China noch Entwicklungshilfe \u00fcberweisen kann.<br \/>\n&#8230; Alles vom 21.12.2023 von Egon W. Kreutzer bitte lesen auf<br \/>\n<a href=\"https:\/\/egon-w-kreutzer.de\/gedanken-zum-jahreswechsel-2023-2024\">https:\/\/egon-w-kreutzer.de\/gedanken-zum-jahreswechsel-2023-2024<\/a><\/p>\n<p>&nbsp;<\/p>\n<p><strong>Mehr als 1,5 Milliarden Euro f\u00fcr \u201eKampf gegen rechts\u201c<\/strong><br \/>\nDie Antwort der Bundesregierung erlaubt nun zum ersten Mal einen Gesamt\u00fcberblick. Darin hei\u00dft es: \u201eDie Haushaltsans\u00e4tze der Bundesprogramme zur Demokratief\u00f6rderung, Vielfaltgestaltung und Extremismuspr\u00e4vention des Bundesministeriums f\u00fcr Familie, Senioren, Frauen und Jugend (BMFSFJ) betragen seit dem Jahr 2001 \u00fcber den Zeitraum von 23 Jahren in Summe 1.375.182.000,00 Euro. Die Haushaltsans\u00e4tze f\u00fcr das Programm \u201aZusammenhalt durch Teilhabe\u2018 belaufen sich seit 2010 auf 133.682.000,00 Euro. F\u00fcr das Bundesprogramm gegen Rechtsextremismus und Menschenfeindlichkeit im Sport sowie der Ma\u00dfnahme \u201aFu\u00dfball vereint gegen Rassismus\u2018 sind seit 2021 im Haushalt 2.526.000,00 Euro veranschlagt worden.\u201c Die Ausgaben seit 2001 zur politischen Einflussnahme auf die Gesellschaft summiert sich also auf mehr als 1,5 Milliarden Euro.<br \/>\n&#8230; Alles vom 13.11.2023 bitte lesen auf<br \/>\n<a href=\"https:\/\/www.tichyseinblick.de\/daili-es-sentials\/mehr-als-1-5-milliarden-euro-fuer-kampf-gegen-rechts\/\">https:\/\/www.tichyseinblick.de\/daili-es-sentials\/mehr-als-1-5-milliarden-euro-fuer-kampf-gegen-rechts\/<\/a><\/p>\n<p>&nbsp;<\/p>\n<p>&nbsp;<\/p>\n<p><strong>Der &#8222;Kampf gegen Rechts&#8220; als Forschungsauftrag<\/strong><br \/>\n<strong>Auf dem Weg zur Regierungswissenschaft<\/strong><br \/>\n<strong>\u201eKampf-gegen-rechts\u201c-Institutionen<\/strong><br \/>\nDer \u201aKampf gegen rechts\u2019 ist in den letzten Jahren zu einem dominierenden Feld der deutschen Innenpolitik geworden. In erster Linie hat er sich bew\u00e4hrt in der Form der medialen Diskurslenkung und des zivilgesellschaftlichen Aktionismus, aber inzwischen hat er sich weitere Gesch\u00e4ftsfelder erschlossen. Dazu geh\u00f6ren insbesondere wissenschaftliche Institutionen, die sich am Rande des regul\u00e4ren Universit\u00e4tsbetriebs etabliert haben und sich ausschlie\u00dflich diesem einen Gesch\u00e4ftszweck widmen.<br \/>\nStatt der Formel \u201aKampf gegen rechts\u2019 verwenden die einschl\u00e4gigen Institutionen in ihren Selbstbeschreibungen wissenschaftsaffine Begriffe wie \u201aDemokratieforschung\u2019, \u201aMigrationsforschung\u2019, \u201aIntegrationsforschung\u2019, \u201aRechtsextremismusforschung\u2019, \u201aRassismusforschung\u2019 und neuerdings die zwischen Politik und Wissenschaft schillernde Bezeichnung \u201agesellschaftlicher Zusammenhalt\u2019, der die politische Agenda am deutlichsten erkennen l\u00e4sst \u2013 sofern man sich klar macht, dass gesellschaftlicher Zusammenhalt dadurch hergestellt wird, dass die ausgeschlossen werden, die nicht dazugeh\u00f6ren.\u201d<br \/>\n&#8230;<br \/>\n\u201eDie \u201aKampf-gegen-rechts\u2019-Institute erf\u00fcllen ihre Funktion unabh\u00e4ngig von ihrer tats\u00e4chlich geleisteten Arbeit. Ihr politischer Auftrag besteht darin, \u201aWissenschaft\u2019 zu produzieren. Denn \u201adie Wissenschaft\u2019 besetzt inzwischen eine zentrale Funktionsstelle im Legitimationssystem postdemokratischer Gesellschaften: Wer Wissensangebote in den politischen Diskurs einschleusen kann, besitzt einen entscheidenden Legitimit\u00e4tsvorsprung. Dabei sind die Anspr\u00fcche an die wissenschaftliche Qualit\u00e4t dieser Angebote nicht allzu hoch. Auch dem gutm\u00fctigsten Betrachter kann nicht verborgen bleiben, dass die zahllosen Forschungs- und Transferprojekte der \u201aKampf-gegen-rechts\u2019-Institute den Eindruck v\u00f6lliger Beliebigkeit hinterlassen. Entscheidend ist nicht die Relevanz und Qualit\u00e4t der Forschung, entscheidend ist ihre Uniformit\u00e4t.\u201d<br \/>\n&#8230;.<br \/>\nAuch dem gutm\u00fctigsten Betrachter kann nicht verborgen bleiben, dass die zahllosen Forschungs- und Transferprojekte der \u201eKampf-gegen-rechts\u201c-Institute den Eindruck v\u00f6lliger Beliebigkeit hinterlassen. Entscheidend ist nicht die Relevanz und Qualit\u00e4t der Forschung, entscheidend ihre Uniformit\u00e4t. Was auch immer auf welche Weise erforscht wird \u2013 es kommt darauf, dass es in der immer gleichen Sprache nach au\u00dfen vermittelt wird. Die \u201eKampf-gegen-rechts\u201c-Institute liefern legitimierende Begriffsschablonen, die in beliebigen Diskursfeldern, in der Zivilgesellschaft, in den Medien, der Politik, in der Rechtsprechung, in den verfassungssch\u00fctzenden Beh\u00f6rden und inzwischen sogar in der Wirtschaft weiterverwendet werden.<br \/>\nDass und wie dieses Zusammenspiel von Politik und Wissenschaft funktioniert, zeigt \u00fcberdeutlich die aktuelle Diskussion um das \u201eDemokratief\u00f6rdergesetz\u201c. In dem \u201eDiskussionspapier\u201c der Bundesregierung zum \u201eDemokratief\u00f6rdergesetz\u201c ist die Handschrift der \u201eKampf-gegen-rechts\u201c-Forschung unverkennbar: \u201eIn den vergangenen Jahren hat insbesondere die rechtextremistische Bedrohung immer weiter zugenommen und sich in einer Vielzahl schrecklicher Straf- und Gewalttaten niedergeschlagen. Rechtsextremismus, Rassismus und Antisemitismus sind ebenso ein Angriff auf unser gesellschaftliches Miteinander wie Antiziganismus, Islam- und Muslimfeindlichkeit, Antifeminismus, Queerfeindlichkeit und weitere Ideologien der Ungleichwertigkeit sowie Diskriminierungen.<br \/>\nIn modernen westlichen demokratischen Staaten werden Herrschaftsverh\u00e4ltnisse nicht durch Ideologien, sondern durch Diskurshegemonie gesichert. Dass man sich im politischen Meinungskampf Worte beliebig gef\u00fcgig machen kann, wenn man nur \u00fcber die entsprechende politische Macht und mediale Infrastruktur verf\u00fcgt, ist keine neue Einsicht. Im Zeitalter der neuen Medien aber stellt sich die Frage nach der Diskurshegemonie grunds\u00e4tzlich neu. Die Diskursangebote der Regierungsmacht konkurrieren mit einer unendlichen Vielzahl von anderen Angeboten und m\u00fcssen deshalb t\u00e4glich neu erk\u00e4mpft werden. Hierzu leisten die \u201eKampf-gegen-rechts\u201c-Institutionen ihren Beitrag, indem sie unabl\u00e4ssig die stets gleichen Begriffskaskaden in die mediale \u00d6ffentlichkeit gie\u00dfen. So entsteht ein wissenschaftlich veredeltes, weitgehend in sich abgeschlossenes Deutungssystem. Es besteht im Wesentlichen aus den Phantasieprodukten einer postdemokratischen Semantik: \u201eKampf gegen rechts\u201c, \u201eDemokratief\u00f6rderung\u201c, \u201eGesellschaftlicher Zusammenhalt\u201c, \u201eIntegration\u201c, \u201eAntirassismus\u201c, \u201eAntifaschismus\u201c, \u201eWillkommenskultur\u201c, \u201ePluralit\u00e4t\u201c, \u201eVielfalt\u201c, \u201eHumanit\u00e4t\u201c, \u201eGleichberechtigung\u201c, \u201eOffenheit\u201c, \u201eSolidarit\u00e4t\u201c. Das sind l\u00e4ngst leere Worte geworden, die jeden Sinngehalt verloren haben. Durch die Arbeit der \u201eKampf-gegen-rechts\u201c-Institute aber werden sie mit wissenschaftlichen Glanz versehen, und durch den Transfer in die bodennahen zivilgesellschaftlichen Organisationen werden sie bis in den letzten Winkel des Erzgebirges verbreitet und erhalten ihren lebensweltlichen Resonanzraum. So erh\u00e4lt auch das Sinnlose seinen Sinn, und das Geld ist gut investiert. .<br \/>\n&#8230; Alles vom 8.6.2022 von Paul J. Brenner bitte lesen auf<br \/>\n<a href=\"https:\/\/www.tumult-magazine.net\/post\/dossier-auf-dem-weg-zur-regierungswissenschaft\">https:\/\/www.tumult-magazine.net\/post\/dossier-auf-dem-weg-zur-regierungswissenschaft<\/a><\/p>\n<p><em>Peter J. Brenner war von 1991 bis 2009 Professor f\u00fcr Neuere deutsche Literaturgeschichte an der Universit\u00e4t zu K\u00f6ln; anschlie\u00dfend arbeitete er bis 2019 an der Technischen Universit\u00e4t M\u00fcnchen. Er ist Verfasser vielgelesener Standardwerke seines Faches.<\/em><\/p>\n<p>&nbsp;<\/p>\n<p><strong>.<br \/>\nEine Mrd Euro f\u00fcr &#8222;Kampf gegen Rechts&#8220;: ABM f\u00fcr Geisteswissenschaftler<\/strong><br \/>\nSie kennen alles diese wilde Schwermut, die uns angesichts der Akademikerprekariats-\u00fcberproduktionskrise ergreift. Wie unwiederbringlich sind die Zeiten dahin, da ein auch nur in Teilen absolviertes geisteswissenschaftliches Studium einen sicheren Arbeitsplatz an der Uni, bei einer Partei, Stiftung, Kulturst\u00e4tte oder in irgendwas mit Medien bedeutete und auf Partys nicht betretenes Schweigen eintrat, sobald sich jemand als Germanistin oder Theaterwissenschaftler vorstellte.<br \/>\nAber heute! Und erst die ganzen Soziologen, Politologen, Sozialpsychologen, Kommunikationsbescheidwissenschaftler, Kulturbegleitbeschwafler, Philokraten, Allosophen, Verbrechenskundler (Neuzeitgeschichtler), interdisziplin\u00e4ren GeschlechterforscherInnen und Genderistas! (Sie kennen diesen gemeinen k\u00f6stlichen Witz, was ein Politikwissenschaftler ohne Job zu einem Politikwissenschaftler mit Job sagt? &#8222;Einmal Pommes mit Majo bitte!&#8220;)<br \/>\nNun zieht unsere Bundeskanzlerin zumindest einen Teil dieses Verdammtenbataillons an ihre immer noch fabelhaft n\u00e4hrenden Br\u00fcste, indem sie eine Milliarde Euronen f\u00fcr den &#8222;Kampf gegen rechts&#8220; lockermacht. Das ist zwar einerseits gemein und bei Zwielicht besehen verfassungswidrig, aber andrerseits ein gener\u00f6ses ABM-Programm f\u00fcr einen basket of deplorables, den speziell die geisteswissenschaftlichen Fakult\u00e4ten unserer Universit\u00e4ten in den vergangenen Jahren bis an den Rand mit unvermittelbaren Nieten gef\u00fcllt haben.<br \/>\nDie rechte Opposition \u2013 und darin gerade der &#8222;Fl\u00fcgel&#8220;, dessen Mitglieder doch st\u00e4ndig Jobs auch f\u00fcr eingeborene Minderbegabte fordern \u2013 sollte wenigstens das akzeptieren; die Leute, die ihnen jetzt zus\u00e4tzlich hinterherschn\u00fcffeln, \u00fcber sie schreiben, ermitteln, wer wo was zu wem gesagt hat und sie wortarm denunzieren, m\u00fcssten sonst von Hartz IV leben.<br \/>\n&#8230; Alles vom 16.12.2020 bitte lesen auf<br \/>\n<a href=\"https:\/\/michael-klonovsky.de\/acta-diurna\">https:\/\/michael-klonovsky.de\/acta-diurna<\/a><\/p>\n<p>&nbsp;<\/p>\n<p><strong>Rechtsextreme vergiften uns mit CO2<\/strong><br \/>\n\u00bbDieses Land hat wirkliche Probleme: den Rechtsextremismus und den Klimawandel, um nur zwei zu nennen\u00ab (<a href=\"https:\/\/www.tagesschau.de\/kommentar\/merz-cdu-109.html\">https:\/\/www.tagesschau.de\/kommentar\/merz-cdu-109.html<\/a> vom 29.10.2019).<br \/>\nMan sch\u00fcttelt den Kopf \u2013 ja, lieber Staatsfunk, das sind die zwei Probleme, die normale Menschen besch\u00e4ftigen. Wir alle kennen diese Angst, abends durch den Park zu gehen oder mit der U-Bahn zu fahren, weil ein Rechtsextremist uns mit CO2 vergiftet.<br \/>\nLeben Staatsfunker wirklich in einer derart weltfremden Parallelrealit\u00e4t oder ist es alles nur teures Theater, das sie selbst nicht glauben?<br \/>\n&#8230; Alles vom 30.10.2019 von Dushan Wegner zu &#8222;Ich f\u00fchle es in der Luft, doch was ist es?&#8220; bitte lesen auf<br \/>\n<a href=\"https:\/\/dushanwegner.com\/etwas-in-der-luft\/\">https:\/\/dushanwegner.com\/etwas-in-der-luft\/<\/a><\/p>\n<p>&nbsp;<\/p>\n<p><strong>Extremisten bek\u00e4mpfen, nicht aber Andersdenkende<\/strong><br \/>\nStatt die Extremisten zur Strecke zu bringen, hat sich der Kampf gegen Rechts auf Andersdenkende fokussiert. Heute ist man nicht mehr Nazi, man wird dazu gestempelt. Wie seinerzeit bei den historischen Hexenverfolgungen gen\u00fcgt die Anzeige \u2013 die Zuweisung wird sofort als Tatsche behandelt. Wehren kann man sich gegen diese Stigmatisierung kaum. Auf diese Weise nehmen die Nazis st\u00e4ndig zu, je st\u00e4rker der Kampf gegen rechts gef\u00fchrt wird.<br \/>\nWie sieht die Bundesregierung die Gefahr, die vom Rechtsextremismus ausgeht? Diese Zahlen des BKA hat die Bundesregierung am 25. Mai 2019 in einer Antwort auf eine Anfrage der AfD mitgeteilt:<br \/>\nIm ersten Quartal 2019 gab es 114 Angriffe auf AfD-Politiker, 15 auf die von der CDU, 1 der CSU, 21 der SPD und 4 auf Sonstige.<br \/>\nIn diesem Zeitraum gab es 254 linksextremistische Straftaten und 71 rechtsextremistische. Die Wirklichkeit weicht von der Propaganda erheblich ab.<br \/>\n&#8230; Alles vom 20.6.2019 bitte lesen auf<br \/>\n<a href=\"https:\/\/vera-lengsfeld.de\/2019\/06\/20\/wer-hetzt-riskiert-den-buergerkrieg\/\">https:\/\/vera-lengsfeld.de\/2019\/06\/20\/wer-hetzt-riskiert-den-buergerkrieg\/<br \/>\n<\/a>\u00a0.<br \/>\n<strong>Kampf gegen Rechts: Strache-Video, Amadeu-Antonio-Stiftung, DDR-BRD<\/strong><br \/>\nEin offenbar in das <a title=\"Oesterreich\" href=\"https:\/\/www.freiburg-schwarzwald.de\/blog\/global\/oesterreich\/\">Strache-Video<\/a> involvierter Wiener Anwalt rechtfertigte die Intrige als ein \u201ezivilgesellschaftlich motiviertes Projekt\u201c. Damit liegt er im politisch-medialen Trend. Der \u201eKampf gegen Rechts\u201c erlaubt Gemeinheiten, Vertrauens- und Rechtsbr\u00fcche, k\u00f6rperliche Attacken und am Ende auch Mord und Totschlag. Es wird nicht argumentiert, sondern der Gegner wird \u2013 wie es im Stasi-Deutsch hie\u00df \u2013 als \u201efeindlich-negative Kraft\u201c behandelt und in einem komplexen \u201eOperativen Vorgang\u201c (OV) bearbeitet. Er wird observiert, diffamiert, seine Aktivit\u00e4ten sabotiert. Ziel sind seine soziale Isolierung, Demoralisierung, die psychische und physische Zerm\u00fcrbung und am Ende der resignierte R\u00fcckzug aus politischen Aktivit\u00e4ten. Besch\u00e4digt wird nicht nur das Opfer, verdorben werden auch die menschliche Substanz der B\u00fcttel und die moralischen Ma\u00dfst\u00e4be der Gesellschaft.<br \/>\n.<br \/>\nDerartige Parallelen zwischen der Bundesrepublik und der <a title=\"DDR2.0\" href=\"https:\/\/www.freiburg-schwarzwald.de\/blog\/global\/deutschland\/ddr2-0\/\">DDR<\/a> herzustellen, wird von Tag zu Tag plausibler. Der 1998 erschienene Roman \u201eMagdalena\u201c des B\u00fcrgerrechtlers J\u00fcrgen Fuchs ist kein literarisches Meisterwerk, doch sein dokumentarischer Wert ist betr\u00e4chtlich. Fuchs, der 1976\/77 im Berliner Stasi-Gef\u00e4ngnis Magdalenenstra\u00dfe inhaftiert war und danach in den Westen abgeschoben wurde, schildert seine Stasi-Akten-Recherchen in der damaligen Gauck-Beh\u00f6rde. Die Verwaltung lag in den H\u00e4nden westdeutscher Beamter; ehemalige Stasi-Angestellte gingen ihnen mit ihrem Expertenwissen zur Hand. Fuchs sah sich in seinen Nachforschungen behindert. Jede einzelne Fotokopie mu\u00dfte beantragt, Klinken mu\u00dften geputzt, G\u00e4nge durchwandert werden. Fuchs nannte das die \u201everwaltungstechnische, beh\u00f6rdliche Z\u00e4hmung einer Revolution\u201c und fragte: \u201eGeht es um die Erziehung der Ostpopulation? Das umfassende Vergeben von Registriernummern?\u201c<br \/>\n.<br \/>\nEine Antwort gibt die staatliche Alimentierung der Amadeu-Antonio-Stiftung, die von einer ehemaligen Stasi-Informantin geleitet wird und vom Justizministerium mit der \u00dcberwachung der Internetkommunikation betraut wurde. Im Stiftungsrat sitzt auch der minderqualifizierte, daf\u00fcr geltungss\u00fcchtige Chef des Th\u00fcringer Verfassungsschutzes, der von Politikern der SED-Nachfolgepartei ins Amt gehoben wurde.<br \/>\nDeshalb wirkt der inszenierte Skandal um Heinz-Christian Strache auch hierzulande be\u00e4ngstigend. Nicht nur \u201epopulistische\u201c Politiker m\u00fcssen damit rechnen, da\u00df Orwells \u201eGro\u00dfer Bruder\u201c stets neben ihnen steht und ihre Gedanken belauscht. Schon heute sind <a title=\"Grundgesetz 70: Freie Meinung\" href=\"https:\/\/www.freiburg-schwarzwald.de\/blog\/grundgesetz-70-freie-meinung\/\">71 Prozent der Befragten in Deutschland der Meinung<\/a>, da\u00df \u00c4u\u00dferungen \u00fcber Einwanderung, \u00fcber Muslime oder den Islam gef\u00e4hrlich sind. Mehr als die H\u00e4lfte der Befragten spricht zudem nicht gerne \u00f6ffentlich \u00fcber Themen wie die NS-Zeit und Juden. Auch Rechtsextremismus und die AfD werden ungern in der \u00d6ffentlichkeit thematisiert.<br \/>\nDie bis zur Zersetzungsbereitschaft reichende Aggressivit\u00e4t der Etablierten zeigt, da\u00df sie \u00fcber keine politischen Argumente verf\u00fcgen. Ihr Europawahlkampf war v\u00f6llig inhaltsleer. Notd\u00fcrftig mobilisieren k\u00f6nnen sie nur durch die Pflege des d\u00e4monisierten \u201ePopulisten\u201c-Feindbildes. Das birgt viel Potential f\u00fcr weitere Eskalationen.<br \/>\n.<br \/>\n\u2026 Alles von Thorsten Hinz zu \u201cDie Ma\u00dfst\u00e4be werden verdorben. Nachbetrachtung zur Ibiza-Aff\u00e4re: Warum der Skandal um das Strache-Video so be\u00e4ngstigend ist\u201d bitte lesen in Junge Freiheit, 31.5.2019, Seite 13<\/p>\n<p>&nbsp;<\/p>\n<p><strong>Das Netzwerk der Neuen Rechten?<\/strong><br \/>\nDer \u201eKampf gegen Rechts\u201c ist inzwischen ein hunderte Millionen schweres Unternehmen, das unz\u00e4hlige Initiativen n\u00e4hrt und f\u00f6rdert. Damit die Staatsknete zuverl\u00e4ssig weiter flie\u00dft, m\u00fcssen immer neue \u201eRechte\u201c erfunden werden. Der Phantasie scheinen dabei keine Grenzen gesetzt zu sein, am wenigsten von journalistischen Skrupeln. Der vorl\u00e4ufige H\u00f6hepunkt dieser Bem\u00fchungen wurde von zwei Relotius-J\u00fcngern der Zeit, Christian Fuchs und Paul Middelhoff produziert. Ihr \u201eDas Netzwerk der Neuen Rechten\u201c hat den noch auszulobenden Relotius-Preis f\u00fcr Haltungsjournalismus hoch verdient. Beide sind so genannte \u201eInvestigativ-Reporter\u201c und arbeiten f\u00fcr das gleichnamige Ressort der Zeit. Es verwundert nicht, dass sie sich mit dem Titel \u201eJournalisten des Jahres\u201c bzw. \u201e30 unter 30-Journalisten\u201c schm\u00fccken d\u00fcrfen. Gegen \u201erechts\u201c zu recherchieren scheint geradezu eine Anwartschaft auf Auszeichnungen zu sein, egal wie das Rechercheprodukt aussieht.<br \/>\n&#8230;.<br \/>\nWenn alle \u201eRecherchen\u201c zu den im Buch genannten Personen von der Qualit\u00e4t sind, wie die \u00fcber mich, stimmt an den fast 300 Seiten so gut wie nichts. Middelhoff und Fuchs behaupten im Klappentext, dass sie durch Deutschland und Europa gereist seien und die \u201ewichtigsten Protagonisten der Szene\u201c getroffen h\u00e4tten. Wer hat das bezahlt? Die Zeit, der Verlag, das Familienministerium direkt oder indirekt aus dem Topf f\u00fcr den Kampf gegen rechts? Wer immer es war, warum wurde f\u00fcr diesen Aufwand ein so st\u00fcmperhaftes Ergebnis nicht nur akzeptiert, sondern mit viel Eifer der \u00d6ffentlichkeit pr\u00e4sentiert?<br \/>\nMich haben die Autoren nicht getroffen, sie haben mich nicht mal anst\u00e4ndig gegoogelt. So behaupten sie in meiner Kurzvita auf Seite 81, ich arbeitete als Publizistin f\u00fcr die Freie Welt, Journalistenwatch und eigent\u00fcmlich frei. Tats\u00e4chlich bin ich Autorin der Achse des Guten und habe seit drei Jahren einen eigenen Blog. Ich ver\u00f6ffentliche lediglich auf meinem Blog und auf der Achse. Meine Beitr\u00e4ge werden h\u00e4ufig von anderen Blogs und Online-Zeitungen \u00fcbernommen. Es handelt sich dann klar um Zweitverwertungen. So lange mir die entsprechenden Medien offen standen, habe ich auch Artikel in der Jungen Welt, dem Neuen Deutschland publiziert oder der TAZ Interviews gegeben, ohne das jemand auf den Gedanken kommen w\u00fcrde, mich zur Autorin dieser Bl\u00e4tter zu erkl\u00e4ren.<br \/>\n&#8230; Alles vom 26.4.2019 von Vera Lengsfeld bitte lesen auf<br \/>\n<a href=\"https:\/\/vera-lengsfeld.de\/2019\/04\/26\/wie-man-ein-rechtes-netzwerk-erfindet\/#more-4334\">https:\/\/vera-lengsfeld.de\/2019\/04\/26\/wie-man-ein-rechtes-netzwerk-erfindet\/#more-4334<\/a><br \/>\n.<br \/>\nBuch: Christian Fuchs und Paul Middelhoff<br \/>\nDas Netzwerk der Neuen Rechten<br \/>\nrororo, 16,99 Euro<br \/>\n.<br \/>\n<a href=\"https:\/\/philosophia-perennis.com\/2019\/03\/12\/anschlagstipps-fuer-linksextreme-vice-veroeffentlicht-karte-mit-wohnorten-neurechter-blogger\/\">https:\/\/philosophia-perennis.com\/2019\/03\/12\/anschlagstipps-fuer-linksextreme-vice-veroeffentlicht-karte-mit-wohnorten-neurechter-blogger\/<\/a><\/p>\n<p>&nbsp;<\/p>\n<p><strong>Kampf gegen Rechts als Ablenkungsman\u00f6ver in Chemnitz<\/strong><br \/>\nDie Faktenverdrehung von Chemnitz sowie die Nebelkerzen gegen Maa\u00dfen und Seehofer (letzterer steht weiter auf der Abschussliste von roten und gr\u00fcnen Sympathisanten), sind das gr\u00f6\u00dfte Ablenkungsman\u00f6ver von der Einwanderungsproblematik \u00fcberhaupt.<br \/>\nEs helfen in der Tat nur Kontrollen, und eine umfassende Registrierung und der Abgleich von Fingerabdr\u00fccken und Daten aus den Herkunftsl\u00e4ndern, Drittstaatsangeh\u00f6rigen und Staatenlosen. Es ist absurd, wenn in mehreren Staaten Asyl beantragt wurde. Den absoluten Gro\u00dfteil zieht es nach Deutschland. Unter den M\u00e4nnern spricht sich dieser Dreisatz herum: \u201eMehr Geld, mehr Freiheiten, und eine Polizei ohne Macht.\u201c<br \/>\n&#8230; Alles vom 20.11.2018 von Giovanni Deriu bitte lesen auf<br \/>\n<a href=\"https:\/\/www.tichyseinblick.de\/meinungen\/zwischen-echter-betroffenheit-und-dem-vorwurf-der-instrumentalisierung\/\">https:\/\/www.tichyseinblick.de\/meinungen\/zwischen-echter-betroffenheit-und-dem-vorwurf-der-instrumentalisierung\/<\/a><\/p>\n<p><em>Giovanni Deriu, Dipl. Sozialp\u00e4dagoge, Freier Journalist. Seit 20 Jahren in der (interkulturellen) Erwachsenenbildung t\u00e4tig.<\/em><\/p>\n<p>&nbsp;<\/p>\n<p><strong>Wenn deine Eltern AfD w\u00e4hlen, warum nicht den Kontakt abbrechen?<\/strong><br \/>\n<em>Vertreter der Hypermoral weiten ihre Kampfzone gerade bis in die Buchl\u00e4den aus. Ihre Hauptbesch\u00e4ftigung besteht darin, quer durch das grenzenlose Land antifaschistische Schutzw\u00e4lle zu errichten<br \/>\n&#8230;.<\/em><br \/>\nEs sind ausschlie\u00dflich Regressionslinke, die diesen Gedanken nicht in den Kopf bekommen, und ihre Reinheitsvorstellungen notfalls mit Mitteln totalit\u00e4rer Systeme durchsetzen. \u201eWenn deine Eltern AfD w\u00e4hlen, warum nicht den Kontakt abbrechen?\u201c, twitterte Ende Oktober Hannes Leitlein, stellvertretender Ressortleiter der \u201eZeit\u201c-Beilage \u201eChrist und Welt\u201c.<br \/>\n&#8222;Wenn deine Eltern AfD w\u00e4hlen, warum nicht den Kontakt abbrechen?&#8220;<br \/>\n1.11.2018 auf<br \/>\n<a href=\"https:\/\/www.zeit.de\/2018\/45\/wahlverhalten-familie-afd-weltanschauung-grundsatzdebatte-twitter-diskurs\">https:\/\/www.zeit.de\/2018\/45\/wahlverhalten-familie-afd-weltanschauung-grundsatzdebatte-twitter-diskurs<\/a><br \/>\n&#8230; Alles vom 12.11.2018 von Alexander Wendt bitte lesen auf<br \/>\n<a href=\"https:\/\/www.publicomag.com\/2018\/11\/rausch-und-reinheit\/\">https:\/\/www.publicomag.com\/2018\/11\/rausch-und-reinheit\/<\/a><br \/>\n13.11.2018: <a href=\"https:\/\/www.achgut.com\/artikel\/rausch_und_reinheit_\">https:\/\/www.achgut.com\/artikel\/rausch_und_reinheit_<\/a><\/p>\n<p><strong>Antifaschistische Schutzw\u00e4lle<\/strong><br \/>\nZitat:\u201cIn einem Reinstraum verbessert niemand sein Immunsystem. Hinter den neuen antifaschistischen Schutzw\u00e4llen kommt es zu geistigen Versorgungsengp\u00e4ssen. \u201c<br \/>\nOder das Immunsystem langweilt sich und dann bekommt man Allergien oder Autoimmunkrankheiten. Auffallend ist bei diesen Leuten, da\u00df sie heftig verbal austeilen k\u00f6nnen und irre Gewaltphantasien verbreiten, aber nicht gut einstecken k\u00f6nnen.<br \/>\n13.11.2018, Rudi Knoth, AO<br \/>\n.<\/p>\n<p><strong>Meine Prognose ist finsterer<\/strong><br \/>\nLieber Alexander Wendt, ich kann Ihrer Prognose nicht zustimmen. Meine sieht finsterer aus. Da sich niemand, au\u00dfer den Gottseibeiuns, den Linken, Gr\u00fcnen, der Antifa und all jenen entgegenstellt, die diesen \u201cKampf gegen rechts\u201d unterst\u00fctzen\/initiieren, wird der Graben immer tiefer, w\u00e4hrend die Meinungsmache der Linken funktioniert. Schon heute wird jeder, der nicht linksgr\u00fcner Meinung ist, diffamiert und terrorisiert. Es wird nicht mehr lange dauern, bis auch Berufsverbote ausgesprochen werden, B\u00fccher von Autoren wie Ihnen auf dem Index landen, dann verbrannt werden\u2026 kommt Ihnen das bekannt vor? Die Linken und Gr\u00fcnen von heute sind, was sie Andersdenkenden vorwerfen: sie agieren exakt so, wie die Nazis im vergangenen Jahrhundert. Und auf eine gewisse Art sind sie sogar noch schlimmer als die Nazis: zum unter Linksgr\u00fcnen weit verbreiteten Antisemitismus kommt hinzu, dass sie den \u201cZuzug\u201d von Millionen antisemtischer, Juden und Israel hassender Moslems nicht nur begr\u00fc\u00dfen, sondern sogar fordern und f\u00f6rdern. Salbadern die uns Beherrschenden nicht stets von einer Verantwortung aus der \u201chistorischen Schuld\u201d heraus? Was tun diese Leute wie Merkel &amp; Co denn gegen den durch Linksgr\u00fcn offen gef\u00f6rderten Antisemitismus? Nichts. Sie unterst\u00fctzen ihn. Die Gefahr in Deutschland geht nicht von rechts aus, auch wenn es dort eine unbedeutende Anzahl extrem(istisch)er Gestalten gibt. Die wirkliche Gefahr geht von Gr\u00fcnen und Linken aus, denen inzwischen nur noch die AfD gegen\u00fcber steht, CDU und SPD haben sich als Gegner selbst entleibt, die FDP ist von je her eine F\u00e4hnchen-nach-dem-Wind-Partei ohne R\u00fcckgrat. Deutschlands Zukunft sieht wahrlich nicht rosig aus.<br \/>\n13.11.2018, HaJo Wolf, AO<\/p>\n<p>Dass schlichte Gem\u00fcter wie diese stramme Linke Stochowski die Realit\u00e4t durch lebensfremde Denkmodelle ersetzen, musste schon Galilei erfahren, der ja auch nur der \u201cMeinung\u201d war, dass die Erde rund ist. So geht es eben auch der \u201cAchse\u201d und Ihnen. Fakten werden verdr\u00e4ngt, am besten durch linke Experten. \u00dcberhaupt, scheint es mir, geht es gar nicht mehr um Fakten, sondern nur ums kleinkindliche Rechthaben wollen. Die unkontrollierte Masseninvasion wird stur als Bereicherung empfunden, bar jeder offensichtlichen und augenf\u00e4lligen Tatsachen. Wo bewegen sich solche Leute eigentlich? Offensichtlich nur in ihren Linksghettos. Diese Frau ist leider nur wieder mal ein trauriges Beispiel deutscher Irrationalit\u00e4t und Realit\u00e4tsausblendung. Den Preis wird sie vielleicht auch einmal zahlen m\u00fcssen.<br \/>\n13.11.2018, Joachim Likas, AO<\/p>\n<p>&nbsp;<\/p>\n<p>&nbsp;<\/p>\n<p><strong>Kirche pro &#8222;Kampf gegen Rechts&#8220;, contra &#8222;Kampf f\u00fcr Individualisierung&#8220;<\/strong><br \/>\nParadoxerweise werden gr\u00f6\u00dfere Freiheiten mit einer Art Neofeudalisierung erkauft. Gro\u00dfe Internetimperien betreiben eine gnadenlose Landnahme im virtuellen Raum. Der Mensch kann zwar durch die Welt reisen und alles vom Smartphone aus erledigen, aber er wird gl\u00e4sern, durchschau- und manipulierbar. Gerade eben wurde auf dem Weltwirtschaftsgipfel in Davos eine Initiative vorgestellt, die darauf hinausl\u00e4uft, dass sich die Reisenden freiwillig zum gl\u00e4sernen Menschen machen. Diese Initiative wird von den Niederlanden und Kanada demn\u00e4chst bilateral getestet werden. https:\/\/www3.weforum.org\/docs\/WEF_The_Known_Traveller_Digital_Identity_Concept.pdf<br \/>\nJeder Reisende soll eine eigene Datenbank mit Informationen wie Hotel\u00fcbernachtungen, Mietwagen, Bankdaten und allen m\u00f6glichen Dokumenten, die Auskunft \u00fcber ihn geben, erstellen. Auf diese Datenbank wird beim \u00dcberschreiten von L\u00e4ndergrenzen den betreffenden Beh\u00f6rden (Grenzschutz, Zoll, ggf. Homeland Security) Zugriff gew\u00e4hrt. Je nach Geschmack kann man es als demagogisch oder als zynisch empfinden, wenn die in staatlicher Partnerschaft agierenden privatwirtschaftlichen Projektentwickler in ihrer Pr\u00e4sentation schreiben: \u201eEndlich m\u00fcssen die Reisen die Gelegenheit erhalten, von der passiven Rolle zu einer aktiven Partnerschaft im Sicherheitsprozess zu wechseln.\u201c Wenn sie durch \u201eselfselecting\u201c willig ihre Daten zur Verf\u00fcgung stellen, dann werden sie bei der Abfertigung privilegiert. Man wird also den Grenz\u00fcbertritt f\u00fcr diejenigen, die nicht \u201efreiwillig\u201c ihre Daten zur Verf\u00fcgung stellen, extrem unkomfortabel gestalten. In dem Dokument wird trotz Verschleierung so viel gesagt, dass Orwells \u201e1984\u201c als gutm\u00fctige und fast w\u00fcnschenswerte Utopie erscheint. Der B\u00fcrger wird nicht mehr ausspioniert, er spioniert sich selbst aus und stellt die Ergebnisse dem Staat und den Internetgiganten zur Verf\u00fcgung. Dadurch, dass die Daten beim Reisenden bleiben, er sie \u201enur\u201c zur Verf\u00fcgung stellt, beh\u00e4lt er sein \u201eDateneigentum\u201c und ist daf\u00fcr selbst verantwortlich.<\/p>\n<p><strong>Neofeudalismus der Dateneigenen<\/strong><br \/>\nDas scheinbare Fehlen von zentralen Datenbanken entbindet den Staat und die Internetgiganten, die auf die Daten zugreifen, von der Verpflichtung, die Daten vor Hackerangriffen zu sch\u00fctzen, denn erstens existiert ja keine zentrale Datenbank und zweitens bleiben die Daten, wie dreist behauptet wird, Eigentum des Reisenden. In der Pr\u00e4sentation findet sich dann doch ein, allerdings sehr kryptischer, Hinweis darauf, dass die Daten gespeichert werden, und zwar \u201e\u00fcber ein Spiegelkabinett aus Blockchain- Terminologie wird daf\u00fcr gesorgt, dass das nur sehr misstrauischen oder gewissenhaften Lesern auff\u00e4llt. (Auf Seite 25 erf\u00e4hrt man verklausuliert und vage die Wahrheit.)\u201c Kannte der Feudalismus den Leibeigenen, so kennt der Neofeudalismus den Dateneigenen der gro\u00dfen Internetherrscher. Die amerikanische Wirtschaftswissenschaftlerin Shoshanna Zuboff sprach vom \u00dcberwachungskapitalismus, es w\u00e4re schon eine Hoffnung, wenn wenigstens der Kapitalismus \u00fcbrig bliebe. Gerade an dieser Stelle findet tats\u00e4chlich ein Generalangriff auf das christliche Menschenbild statt, gerade hier m\u00fcsste die Kirche den Menschen als Gesch\u00f6pf Gottes verteidigen und eine gro\u00dfe Debatte in Gang setzen. Stattdessen starrt die Kirche auf den \u201eRechtspopulismus\u201c wie das Kaninchen auf die Schlange und verkennt die gro\u00dfe Gefahr, die von der konzerngetriebenen Digitalisierung f\u00fcr die Demokratie, die Freiheit und f\u00fcr die Menschlichkeit ausgeht. Dieses Thema hat die Kirche ausgehend von Luthers Entdeckung des Individuums, ausgehend von der Verantwortung der Christen f\u00fcr die Sch\u00f6pfung offensiv anzugehen. Weder der Mensch noch Gott, der Sch\u00f6pfer, sind ein Sch\u00fcrfgebiet f\u00fcr Daten. Allein dieses Beispiel skizziert, in welchem fundamentalen Wechsel des gesellschaftlichen Paradigmas wir uns befinden.[\u2026]<\/p>\n<p>Nicht umsonst und vollkommen zu Recht bezeichnet Immanuel Kant die von Martin Luthers Schrift \u201eVon der Freiheit eines Christenmenschen\u201c ausgehende grundst\u00fcrzende Ver\u00e4nderung des Verst\u00e4ndnisses von Subjekt und Objekt, die zum Rationalismus f\u00fchrte und zum ersten Mal von Ren\u00e9 Descartes gefasst wurde, als \u201ekopernikanische Wende\u201c. Mit dieser kopernikanischen Wende, mit der Erfindung des Individuums, mit der Reformation, entwickelte sich das gro\u00dfe gesellschaftliche Paradigma, das in unseren Tagen zu Ende geht. Es droht, in der Digitalisierung faktisch abger\u00e4umt zu werden, weil das Individuum zu Datenstaub zerbr\u00f6selt. Der Mensch wird verf\u00fcgbar. Es geht schlicht nicht mehr um Entfremdung oder Selbstentfremdung, weil das eben das sich entfremdende Individuum voraussetzt, es geht um die Aufl\u00f6sung des Individuums in Dateneinheiten. Die folgenschwerste Ver\u00e4nderung besteht im Ende des Individuums. &#8230;<br \/>\nAlles vom 20.5.2018 von Klaus-R\u00fcdiger Mai bitte lesen auf<br \/>\n<a href=\"https:\/\/www.achgut.com\/artikel\/gott_als_polit_schranze_2\">https:\/\/www.achgut.com\/artikel\/gott_als_polit_schranze_2<\/a><\/p>\n<p><em>Klaus-R\u00fcdiger Mai: \u201eGeht der Kirche der Glaube aus? &#8211; eine Streitschrift&#8220; ,<\/em><br \/>\n<em>Evangelische Verlagsanstalt Leipzig 2018<\/em><br \/>\n<em>192 Seiten, ISBN 978-3-374-05305-6, 15 Euro<\/em><br \/>\n.<br \/>\nZur o.a. Streitschrift fand im rbb ein Streitgespr\u00e4ch zwischen dem Autor Dr. Klaus-R\u00fcdiger Mai und dem Kulturbeauftragten der EKD Dr. Johann Hinrich Claussen statt. Es empfiehlt sich aber, nicht die Sendefassung von 15 min, sondern die Langfassung anzuh\u00f6ren, weil die Kurzfassung das Streitgespr\u00e4ch zuungunsten des Autors nicht korrekt abbildet.<br \/>\nhttps:\/\/www.inforadio.de\/programm\/schema\/sendungen\/religionundgesellschaft\/201805\/236873.html<br \/>\n<strong>Kirche als moderner Geldwechsler?<\/strong><br \/>\nJesus wurde nicht gekreuzigt, weil er so wahnsinnig angepasst war und sich bei der Obrigkeit beliebt gemacht hat. Er hat seinen Standpunkt unmissverst\u00e4ndlich klar gemacht, z.B. im Tempel mit den Wechslern. Er hat dort nicht lange gefackelt. Und auch ansonsten war er unbequem. Im Mittelalter war es Martin Luther, der Missst\u00e4nde der Kirche anprangerte, z.B. den Ablasshandel. Auch hier wollten sich die Kirchenoberen anma\u00dfen, den Glauben \u201cihrer Sch\u00e4fchen\u201d zu beurteilen und Geld herausschlagen. Luther hat Gl\u00fcck gehabt, dass er auf der Wartburg einen G\u00f6nner hatte. Ihr Profil sollten m.A. nach die Kirchen sch\u00e4rfen, indem sie ihre St\u00e4rken betonen und nicht, indem sie andere ausschlie\u00dfen. Da kann kein Segen drauf liegen und zeugt von Respektlosigkeit. \u201cKirche\u201d hat drei Bedeutungen: Glauben, Geb\u00e4ude, Institution. Die dritte Bedeutung hat f\u00fcr mich sehr an Glaubw\u00fcrdigkeit und Respekt verloren. Obwohl ich mich als gl\u00e4ubig bezeichne und viele Kirchengeb\u00e4ude als gro\u00dfartig empfinde. Mittlerweile schwanke ich bei den Leitungspers\u00f6nlichkeiten der Institutionen nur noch dazwischen, ob es sich um moderne Geldwechsler oder um moderne Ablassh\u00e4ndler handelt &#8230;<br \/>\n19.5.2018, Wiebke Lenz, AO<\/p>\n<p>&nbsp;<\/p>\n<p>&nbsp;<\/p>\n<p>&nbsp;<\/p>\n<p>&nbsp;<\/p>\n<p><strong>Tote Hosen: &#8222;Kampf gegen Rechts&#8220; als Staatsideologie<\/strong><br \/>\n<em>Sp\u00e4tpubert\u00e4re Staatsk\u00fcnstler &#8211; Campino, die Toten Hosen &amp; Co.: Viele Kulturschaffende surfen auf der Welle des politischen Zeitgeistes<\/em><br \/>\nCampino, Frontmann der Toten Hosen, darf sich Hoffnungen auf das Bundesverdienstkreuz machen. Vorgeschlagen hat ihn der neue Antisemitismus-Beauftragte der Bundesregierung, so gro\u00dfartig fand er des S\u00e4ngers Einspruch gegen die Rapper Kollegah und Farid Bang bei der \u201eEcho\u201c-Verleihung. Campinos politisches Wirken w\u00e4hrt jedoch schon l\u00e4nger und umfa\u00dft viel mehr als die Schelte an den zwei b\u00f6sen Buben. &#8230;<br \/>\nDer \u201eKampf gegen Rechts\u201c und \u201eFremdenfeinde\u201c ist zur informellen Staatsideologie der Bundesrepulik geworden, die den Meinungspluralismus sukzessive zerst\u00f6rt und die Denunziation zur staatsb\u00fcrgerlichen Tugend erhebt. Statt seine Argumentations- und Handlungsmuster subversiv zu unterlaufen, best\u00e4tigen die Toten Hosen ihn und kitzeln beim Publikum standardisierte Reaktionen heraus.<br \/>\nSolche staatsnahe Kunst geh\u00f6rt in die Abteilung Reklame, Agitation &amp; Propaganda. Campino und die Toten Hosen sind damit nicht alleine. Gemeinsam mit BAP, Gr\u00f6nemeyer, Westernhagen, den Prinzen und vielen anderen surfen sie auf der Welle des politisch-korrekten Zeitgeistes. Sie sind hineingewachsen in eine Rolle, die bis 1989 als Merkmal und Relikt des real-existierenden Sozialismus galt: in die des Staatsk\u00fcnstlers.<\/p>\n<p>Alles vom 18.5.2018 von Thorsten Hinz bitte lesen auf: Junge Freiheit, Seite 13<\/p>\n<p>&nbsp;<\/p>\n<p>&nbsp;<\/p>\n<p><strong>Fahndungsaufrufe: \u201eRechte Intellektuelle\u201c<\/strong><br \/>\nRechte\u201c Intellektuelle werden gejagt. Die taz gab den Ton vor: Man solle sie jagen, bis sie sich \u201enicht mehr zum B\u00e4cker trauen\u201c. ZEIT und WELT sind mit dabei. &#8230;.<br \/>\nFahnungsplakate im Muster der fr\u00fcher bekannten Plakate des Bundeskriminalamts im Zuge der Suche nach RAF-Terroristen in der ZEIT. Aber diesmal sind es nicht M\u00f6rder, die gesucht werden, sondern Intellektuelle und Schriftsteller. Bei der WELT macht sich als \u201eRechter\u201c verd\u00e4chtig, wer wie Uwe Tellkamp die g\u00e4ngige Einwanderungspolitik kritisiert. Vorwurf laut Welt hier: \u201eIm Herzen Pegidist\u201c.<br \/>\nWELT macht aus einem Quote auf einer Podiumsdiskussion eine Art geistige Rasterfahndung, beispielsweise bei Monika Maron: \u201eVerteidigt Uwe Tellkamp.\u201c Gef\u00e4hrdet ist jeder, der vom erw\u00fcnschten Jubelkurs abweicht, &#8230;.<br \/>\nHannah L\u00fchmann (WELT-Redakteurin) schreibt auf Facebook: \u201eWir haben einen Schnellcheck entwickelt. Ihr k\u00f6nnt ihn unbedenklich anwenden, wenn Euch das n\u00e4chste Mal ein Schriftsteller begegnet.\u201c Diese S\u00e4tze schmerzen. Es erinnert an Maos Revolutionsgarden, die Abweichlern spitze Papierh\u00fcte aufsetzten, ehe sie vernichtet wurden. Oder an die Kampagnen der DDR gegen Wolf Biermann und seine Ausb\u00fcrgerung. Aber davon haben L\u00fchmann und die ihren keine Ahnung. Sie sind Kinder ohne reflektierte Bildung, aber mit heiligem Eifer und gl\u00fchendem Ernst. Aber es war ja ein Witz, beeilt sich das Blatt nachzuliefern, nachdem L\u00fchmann das eigene Blatt nicht verstanden hat. Es stimmt. Auch die ZEIT und die taz sind ein Witz. &#8230;<br \/>\nAlles vom 22.3.2018 bitte lesen au<br \/>\n<a href=\"https:\/\/www.tichyseinblick.de\/daili-es-sentials\/fahndungsaufrufe-rechte-intellektuelle\/\">https:\/\/www.tichyseinblick.de\/daili-es-sentials\/fahndungsaufrufe-rechte-intellektuelle\/<\/a><\/p>\n<p>Danke. Man sollte sich einmal vor Augen f\u00fchren, welche generelle Mentalit\u00e4t sich da auslebt. Zu den Errungenschaften der Moderne geh\u00f6rt es, (a) Privates und \u00d6ffentliches zu separieren, (b) elementare Rechte unaufhebbar zuzusprechen. Wenn es hei\u00dft, man m\u00fcsse Menschen \u201esozial \u00e4chten\u201c, derart, dass sie nicht einmal mehr \u201ezum B\u00e4cker trauen\u201c, dann l\u00e4uft das auf die Rechtlos- und Vogelfrei-Erkl\u00e4rung des Mittelalters hinaus, dann entspricht das dem Vernichtungsstempel des Stalinismus und Nationalsozialismus.<br \/>\n24.3.2018, R.J. TO<br \/>\n.<br \/>\n\u201eDie taz gab den Ton vor: Man solle sie jagen, bis sie sich \u201enicht mehr zum B\u00e4cker trauen\u201c.\u201c<\/p>\n<p><a href=\"https:\/\/www.freiburg-schwarzwald.de\/blog\/kultur\/medien\/kampf-gegen-rechts\/fahndung-intellektuelle180222\/\" rel=\"attachment wp-att-67061\"><img loading=\"lazy\" decoding=\"async\" class=\"alignnone size-thumbnail wp-image-67061\" src=\"https:\/\/www.freiburg-schwarzwald.de\/blog\/wp-content\/uploads\/2018\/02\/fahndung-intellektuelle180222-180x119.jpg\" alt=\"fahndung-intellektuelle180222\" width=\"180\" height=\"119\" srcset=\"https:\/\/www.freiburg-schwarzwald.de\/blog\/wp-content\/uploads\/2018\/02\/fahndung-intellektuelle180222-180x119.jpg 180w, https:\/\/www.freiburg-schwarzwald.de\/blog\/wp-content\/uploads\/2018\/02\/fahndung-intellektuelle180222.jpg 620w\" sizes=\"auto, (max-width: 180px) 100vw, 180px\" \/><\/a>\u00a0 \u00a0Fahndungsaufrufe 3\/2018 in DIE ZEIT (links) und WELT (rechts vorne)<br \/>\n.<\/p>\n<p><strong>Solche Aufrufe sind nicht harmlos<\/strong>; sie zeigen Wirkung. In Hamburg ein zum Sch\u00e4del-Hirn-Trauma zusammengeschlagener Demonstrant mit Fu\u00dftritten gegen den Kopf: Intensivstation.<br \/>\nEbenfalls in Hamburg eine <a title=\"Frauen-Demo \u2013 Berlin Kandel\" href=\"https:\/\/www.freiburg-schwarzwald.de\/blog\/frauen-demo-berlin-kandel\/\">B\u00fcrgerin mit Anschlag <\/a>auf das Zimmer ihrer Kinder. Hohe Politiker der Hansestadt, die das durch Schweigen billigen. Diese Leute haben nicht aus der Geschichte gelernt, dass man f\u00fcr Demokratie offene Diskussion braucht, sondern dass sich Gewalt auszahlt.<br \/>\nB\u00fcrger, geht trotzdem demonstrieren! Und bestellt endlich Euro Abos ab.<br \/>\n2.3.2018, Marcel Seiler, TO<\/p>\n<p><strong>Schlimm, diese Meinungsdiktatur!<\/strong> Das ersch\u00fcttert mein Demokratie-und Meinungsfreiheitverst\u00e4ndnis in den Grundfesten! Ich meine, die taz kann man sowieso nicht f\u00fcr voll nehmen, das ist nur eines der Parteiorgane linksextremer Parteien! Wenn ich herzhaft lachen will, lese ich taz! Aber die linke Einseitigkeit ist beileibe nicht allein das Problem der taz! Es ist sehr schwer \u201enicht linkslastige\u201c Medien zu finden! 90% dackeln dem politisch vorgegebenen Mainstream hinterher! Das ist bedenklich!<br \/>\n&#8230;..<br \/>\nOb die Leipziger Buchmesse, die Tellkamp-Hetzjagd oder jetzt die medialen Ausf\u00e4lle von TAZ und Konsorten: Das alles erinnert fatal an die Vorg\u00e4nge des 10. Mai 1933. Damals verbrannten hysterische Studenten unter \u201efreundlicher\u201c Assistenz von Professoren und Journalisten B\u00fccher, die ihnen nicht in den Kram passten. Heute jagen sie auch wieder missliebige Autoren. Wo liegt da der Unterschied? Das zeigt doch sehr deutlich, wo die Faschisten in diesem Land sitzen!<br \/>\n&#8230;.<br \/>\n24.3.2018, Regina Lange, TO<\/p>\n<p>&nbsp;<\/p>\n<p>&nbsp;<\/p>\n<p>&nbsp;<\/p>\n<p><strong>Tellkamp in Dresden: Andere Schriftsteller k\u00f6nnten nachziehen<\/strong><br \/>\nNach Tellkamps Auftritt k\u00f6nnen auch andere Schriftsteller den Mut fassen, aus dem Schweigen herauszutreten. In Tellkamps Stimme schwang un\u00fcberh\u00f6rbar ein Erregungsvibrato mit, w\u00e4hrend Gr\u00fcnbein sich in der Position des abgekl\u00e4rten Weltendeuters gefiel. Doch war es nicht die Qualit\u00e4t der Argumente, die den Unterschied im Auftritt verursachte, sondern die ungleiche Verteilung der Risiken. Gr\u00fcnbein, der Merkels sogenannte Fl\u00fcchtlingspolitik f\u00fcr ein \u201eRuhmesblatt\u201c hielt, ging mit seinen Ausf\u00fchrungen keinerlei Wagnis ein.<br \/>\nTellkamp hatte nicht nur Gr\u00fcnbein als Widerpart, sondern er redete vor allem gegen die normative Sprache der Medien und der Politik an, die als drohendes \u00dcber-Ich einen Schatten auf jede \u00f6ffentliche Diskussion wirft. Der eine sprach aus der Gewi\u00dfheit heraus, machttechnisch auf der sicheren Seite zu stehen, der andere aus der berechtigten Furcht, da\u00df ein soziales Fallbeil \u00fcber ihm schwebt.<br \/>\n&#8230; Alles vom 16.3.2018 von Thorsten Hinz bitte lesen auf<br \/>\n<a href=\"https:\/\/jungefreiheit.de\/debatte\/kommentar\/2018\/nicht-mehr-laenger-schweigen\/\">https:\/\/jungefreiheit.de\/debatte\/kommentar\/2018\/nicht-mehr-laenger-schweigen\/<\/a><\/p>\n<p>Selbst wenn der Deckel nun vom Topf herunter fl\u00f6ge, w\u00e4re damit kein Sieg verbunden. Der Topf kocht munter weiter. Dass die Wahrheit heute derart durch bedrohliches Stigmatisieren (<a title=\"Nazi\" href=\"https:\/\/www.freiburg-schwarzwald.de\/blog\/religion\/juden\/nazi\/\">Nazi-Keule<\/a>) unterdr\u00fcckt zu werden beginnt ist unertr\u00e4glich. Wenn sich die Zensur weiter ausbreiten kann, m\u00fcssten wir in absehbarer Zeit von einer Zivilisationsschande reden.<br \/>\n.<br \/>\nFr\u00fcher<br \/>\nWar Barmherzigkeit eine freiwillige Leistung,<br \/>\njetzt wird sie erpresst.<br \/>\nKamen Eroberer mit dem Schwert,<br \/>\njetzt kommen sie mit der Bettelschale.<br \/>\nGab es Grenzen,<br \/>\njetzt haben wir grenzenlose Unordnung.<br \/>\nHatten wir Hirten,<br \/>\njetzt sehe ich Mietlinge.<br \/>\nWar mir mein Staat Schutz,<br \/>\njetzt ist er mir Bedrohung.<br \/>\nHatte meine Regierung Macht,<br \/>\njetzt muss sie Schutzgelder zahlen.<br \/>\nBesa\u00dfen wir Wohlstand,<br \/>\njetzt wird abger\u00e4umt.<br \/>\nHatten wir als Volk eine Identit\u00e4t,<br \/>\njetzt werden wir zu Tode vervielf\u00e4ltigt.<br \/>\nBlickten wir in eine gute Zukunft,<br \/>\njetzt erleben wir Untergang.<br \/>\n18.3.2018, K.Twiel, JFO<\/p>\n<p>&nbsp;<\/p>\n<p>&nbsp;<\/p>\n<p><strong>Hamburg: Polizei und Antifa gegen &#8218;angeblich rechte&#8216; Frauen-Demo<\/strong><\/p>\n<p>Im \u201eKampf gegen rechts\u201c verschieben sich schon einmal die Koordinaten. Linke Gewalt wird als \u201egrandiose Zivilcourage\u201c im \u00f6ffentlichen Bewusstsein hochgelobt, das m\u00fcsse doch schlie\u00dflich auch mal erlaubt sein. Linksextreme sind pl\u00f6tzlich \u201eAktivisten\u201c, Wutb\u00fcrger der linksgr\u00fcnen Art, &#8230;<br \/>\n<a title=\"Freiheit der Frauen schwindet\" href=\"https:\/\/www.freiburg-schwarzwald.de\/blog\/freiheit-der-frauen-schwindet\/\">In Hamburg demonstrierte eine Frau (Ogilvie)<\/a> mit einem Schild \u201e<a title=\"Merkel-muss-weg\" href=\"https:\/\/www.freiburg-schwarzwald.de\/blog\/engagement\/zukunft\/demokratie\/merkel-muss-weg\/\">Merkel muss weg<\/a>\u201c. Eigentlich ein normaler Vorgang in einer Demokratie. W\u00e4hrend der Regierung Schr\u00f6der\/Fischer demonstrierten jeden Montag in dutzenden von St\u00e4dten gegen die Hartz-Reformen. Man kann daf\u00fcr sein, oder dagegen \u2013 so ist Demokratie. Nicht mehr in Deutschland. Der Demonstrantin in Hamburg wurden die Scheiben zum Kinderzimmer mit Steinen eingeworfen, die Reifen der Autos zerstochen, das Haus beschmiert. Bei der n\u00e4chsten Demo waren 100 B\u00fcrger da und ein Heer von Gegendemonstranten. Die Merkel-Kritiker wurden mit Bussen der Polizei aus der Gefahrenzone gebracht. Vielleicht eine pragmatische L\u00f6sung \u2013 das Demonstrationsrecht aber sieht anderes vor. Frau Ogilvie gab auf. Eine Woche sp\u00e4ter gab es wieder eine Demonstration, wieder Stra\u00dfenterror von Links. Auch die Nachfolgerin gibt auf. &#8230;.<br \/>\nDas Demonstrationsrecht in Deutschland wurde zum Privileg der Herrschenden und ihrer Anh\u00e4nger verk\u00fcrzt. Wer gegen die Politik der Herrschenden demonstriert, muss mit Steinen ins Kinderzimmer rechnen. Polizeischutz f\u00fcr die betroffene Familie Ogilvie in Niedersachsen gibt es nicht, nur ein Streifenwagen fuhr \u00f6fter als sonst mal vorbei. Die Steinewerfer kamen zwischen den Touren.<br \/>\n..<br \/>\n<strong>Der linke Terror sch\u00fcchtert die Andersdenkenden ein, die Stra\u00dfe geh\u00f6rt den Schl\u00e4gern und Schreiern der Antifa<\/strong>. Die d\u00fcrfen sich allerdings als Demokraten f\u00fchlen. Sie haben den Staat nicht nur finanziell auf ihrer Seite:<br \/>\nIn Frankfurt sollte eine Tagung zu \u201eEhe f\u00fcr Alle\u201c stattfinden. Eigentlich auch eine normale Sache \u2013 hatte der Bundestag doch auch nur mit knapper Mehrheit zugestimmt. Auch hier vertrieb eine linke Demo (incl Antifa) unter jubelnder Anteilnahme beispielsweise der \u201eFrankfurter Rundschau\u201c die Tagungsteilnehmer an einen geheimgehaltenen Vorort.<br \/>\n<a href=\"https:\/\/www.fr.de\/frankfurt\/demo-in-frankfurt-demo-gegen-demo-fuer-alle-a-1430419\">https:\/\/www.fr.de\/frankfurt\/demo-in-frankfurt-demo-gegen-demo-fuer-alle-a-1430419<\/a><br \/>\n&#8230;&#8230;<br \/>\nAlles von Steffen Meltzer vom 23.2.2018 bitte lesen auf<br \/>\n<a href=\"https:\/\/www.tichyseinblick.de\/meinungen\/politik-und-polizei-demonstrationsrecht-ausgehoehlt\/\">https:\/\/www.tichyseinblick.de\/meinungen\/politik-und-polizei-demonstrationsrecht-ausgehoehlt\/<\/a><\/p>\n<p>.<br \/>\n<em>Steffen Meltzer, ehemals Zugf\u00fchrer bei der Polizei, ist Buchautor von:<\/em><br \/>\n<em>\u201eSo sch\u00fctzen Sie Ihr Kind! Polizeitrainer vermittelt Verhaltensrichtlinien zur Gewaltabwehr\u201c <\/em><br \/>\n<em>und \u201eRatgeber Gefahrenabwehr: Wie Sie Gewalt- und Alltagskriminalit\u00e4t in der Gesellschaft begegnen\u201c.<br \/>\n<\/em>\u00a0.<br \/>\n<strong>Jede abweichende Meinung ist &#8222;rechts&#8220;<\/strong><br \/>\nBezeichnend war auch die von der AfD angeregte aktuelle Stunde im Bundestag zum Thema. Auf sachliche Darstellungen der AfD folgten die \u00fcblichen Diffamierungen und Phrasen der vernunftresistenten (mittlerweile auch demokratieresistenten?) Altparteien. Wer Menschen wie Uta Ogilvie (Hamburg), Leyla Bilge (Berlin) oder Imad Karim als \u201eRechte\u201c oder gar \u201eNazis\u201c bezeichnet, leidet offenkundig an unheilbarem Realit\u00e4tsverlust. Das alles vor fast leeren B\u00e4nken. Das Desinteresse der etablierten Parteien an der Durchsetzung demokratischer Grundrechte ist erschreckend.<br \/>\n23.2.2018, Corinne Henker, TO<br \/>\n.<br \/>\n<strong>&#8222;Kampf gegen Recht&#8220; statt &#8222;Kampf gegen Rechts&#8220;<\/strong><br \/>\nEin neuer Versuch oder ad usum delphini: Der \u201eKampf gegen Rechts\u201c kann auch als \u201eKampf gegen Recht\u201c gelesen werde. Diese Leseweise hat den Vorteil der Wahrheit. Die Aushebelung der Versammlungs-und Demonstrationsfreiheit ist n\u00e4mlich ein Kernziel dieses Kampfes. In der Regel geht es um die Verhinderung von \u00d6ffentlichkeit und um Einsch\u00fcchterung, Bedrohung und Verletzung der k\u00f6rperlichen Unversehrtheit derjenigen, die ihr verb\u00fcrgtes Versammlungs- und Demonstrationsrecht wahrnehmen wollen. Unter der Regierungsflagge des ehrenwerten Kampfes gegen Rechts d\u00fcrfen sich die antifaschistischen Stalinnachfolger und die Polizei zu abgestimmtem Tun zusammenfinden. Flankiert wird das Ganze von der Merkel-Presse. Da es verboten ist und noch nicht dem Merkel-Staat opportun erscheint, die Polizei in aller \u00d6ffentlichkeit f\u00fcr die Verhinderung eines zentralen Grundrechtes einzusetzen, \u00fcbernimmt die sogenannte Antifa- Abteilung diese undankbare und in den Grauzonen operierende Arbeit, die demokratischen Abweichler auf den Regierungspfad der Tugend n\u00f6tigenfalls mit sanfter Nachhilfe zur\u00fcckzuf\u00fchren. Diese Aufgabe ist eine Abgeltung der staatlichen und stattlichen Alimentierung der Stalinisten-Imitatoren. Die Polizei schaut dem Treiben des B\u00fcrgerschutzes weitgehend zu und greift dann ein, wenn die Gewaltdosis eine tolerierbare Grenze \u00fcberschreitet. Die mutigen K\u00e4mpfer wissen, dass ihre Aktionen nie und nimmer geahndet werden. Die Polizei selbst sch\u00fctzt nat\u00fcrlich im Ernstfall die Demonstranten und beweist damit ihre Existenzberechtigung und ihre demokratische Einstellung. Wir sehen eine sich schleichend entwickelnde Doppelstruktur des Staatsapparates: Polizei als rechtliche Ordnungsmacht auf der einen Seite und die Antifa- Sauberm\u00e4nner als in den rechtlichen Grauzonen und in den Bereichen der Straftaten t\u00e4tige Para-Macht. Wie sich solche Formen der Zusammenarbeit entfalten k\u00f6nnen, zeigen nicht zuletzt die j\u00fcngsten Beispiele in Hamburg und die Berliner Frauen-Demo. Ich selbst habe solche Erlebnisse bei Besuchen von AfD-Veranstaltungen in Schleswig-Holstein am eigenen Leibe machen k\u00f6nnen; Herr Habeck und Frau Lange standen dort bei der Antifa-Garde, wo sonst?<br \/>\n23.2.2018, Dr. Aleander Brandenburg, TO<br \/>\n<strong>.<\/strong><br \/>\n<strong>Polizei und Staat schw\u00e4chen<\/strong><br \/>\nSehr aufschlussreicher Artikel. Offenbar versucht das linke politische Establishment die Polizei ma\u00dfgeblich in ihrem Sinne zu beeinflussen. Bedenkt man nun noch den fortw\u00e4hrenden Stellenabbau bei der Polizei in den letzten Jahren und die andauernden Versuche, nicht nur das Demonstrationsrecht zu torpedieren, sondern auch das Waffenrecht f\u00fcr den Privatb\u00fcrger zu versch\u00e4rfen, wird offenbar, worum es geht: Die Wehrhaftigkeit dieses Staates und seiner B\u00fcrger so weit zu unterminieren, dass der Staatsstreich problemlos gelingt.<br \/>\nAn der Spitze dieses Vorgangs zeigt sich der Justizminister der SPD, der mit rechtswidrigen Gesetzen und auffallend propagandistisch gestrickten B\u00fcchern auf sich aufmerksam macht. Man sollte nicht dar\u00fcber diskutieren, ob die AFD vom Verfassungsschutz \u00fcberwacht werden sollte, sondern die SPD.<br \/>\n23.2.2018, Ralf P\u00f6hling, TO<\/p>\n<p><strong>Linke Gewalt: Presse schweigt, zum Gl\u00fcck gibt es das Internet<\/strong><br \/>\nWenn es diese linke Gewalt nicht geben w\u00fcrde, w\u00e4ren schon viel viel mehr Menschen<br \/>\nauf diesen Demos. Die \u201ealteingesessene\u201c Presse tut ihr \u00fcbriges. Allerdings ersch\u00fcttert<br \/>\ndiese Propaganda weiter deren Glaubw\u00fcrdigkeit.<br \/>\n\u00dcber Youtube, vor Ort oder bei anderen alternative Medien kann sich jeder selbst ein Bild machen und dann entscheiden, was er<br \/>\nglaubt oder nicht.<br \/>\n23.2.2018 , Marc J. TO<\/p>\n<p>.<\/p>\n<p><strong>Monika Maron: Kampf gegen Rechts<\/strong><br \/>\nWenn das alles rechts sein soll und gleichzeitig ein hysterischer Kampf gegen rechts gef\u00fchrt wird, wenn darum Meinung und Sprache zensiert, \u00f6ffentliche Veranstaltungen und Diskussionen gewaltsam verhindert werden und wenn diese K\u00e4mpfer gegen rechts sich selbst als links bezeichnen, dann hat wirklich jemand am Meinungskompass gedreht, und nicht ich habe die Seiten gewechselt&#8230;.<br \/>\nAlles vom 30.6.2017 von Monika Maron bitte lesen auf<br \/>\n<a href=\"https:\/\/www.nzz.ch\/feuilleton\/bundestagswahl-links-bin-ich-schon-lange-nicht-mehr-ld.1303513\">https:\/\/www.nzz.ch\/feuilleton\/bundestagswahl-links-bin-ich-schon-lange-nicht-mehr-ld.1303513<\/a><br \/>\n.<br \/>\nDie Schriftstellerin Monika Maron lebt in Berlin. Zuletzt erschien von ihr die Erz\u00e4hlung \u00abKr\u00e4hengekr\u00e4chz\u00bb (2016) im Fischer-Verlag. &#8222;Als ich 1988 aus dem Osten in den Westen zog, habe ich die Gr\u00fcnen noch f\u00fcr meine nat\u00fcrlichen Verb\u00fcndeten gehalten. \u00dcber diesen Irrtum haben mich die Gr\u00fcnen selbst binnen k\u00fcrzester Zeit aufgekl\u00e4rt.&#8220;<\/p>\n<p>&nbsp;<\/p>\n","protected":false},"excerpt":{"rendered":"<p>Home\u00a0&gt;Kultur\u00a0&gt;Medien\u00a0&gt;Mainstream-Medien &gt;Kampf-gegen-Gr\u00fcne &gt;Kampf-gegen-Rechts &nbsp; Listenauswahl eines Beitrags (Artikel\/Datum, Seite\/Inhalt):\u00a0Klicken\u00a0oder scrollen Geheimplan Potsdam war L\u00fcge\u00a0(17.4.2026) Murswiek: VS benachteiligt die AfD\u00a0(1.4.2026) Correctiv: Meinung statt Tatsache\u00a0(18.3.2026) AfD ncht \u201egesichert rechtsextrem\u201c\u00a0(27.2.2026) Redetext Harald Martenstein: \u201eKampf gegen Rechts\u201c ist Kampf gegen Demokratie (14.2.2026) Harald Martenstein: &hellip; <a href=\"https:\/\/www.freiburg-schwarzwald.de\/blog\/kultur\/medien\/kampf-gegen-rechts\/\">Weiterlesen <span class=\"meta-nav\">&rarr;<\/span><\/a><\/p>\n","protected":false},"author":2,"featured_media":0,"parent":678,"menu_order":0,"comment_status":"open","ping_status":"closed","template":"","meta":{"footnotes":""},"class_list":["post-66674","page","type-page","status-publish","hentry"],"_links":{"self":[{"href":"https:\/\/www.freiburg-schwarzwald.de\/blog\/wp-json\/wp\/v2\/pages\/66674","targetHints":{"allow":["GET"]}}],"collection":[{"href":"https:\/\/www.freiburg-schwarzwald.de\/blog\/wp-json\/wp\/v2\/pages"}],"about":[{"href":"https:\/\/www.freiburg-schwarzwald.de\/blog\/wp-json\/wp\/v2\/types\/page"}],"author":[{"embeddable":true,"href":"https:\/\/www.freiburg-schwarzwald.de\/blog\/wp-json\/wp\/v2\/users\/2"}],"replies":[{"embeddable":true,"href":"https:\/\/www.freiburg-schwarzwald.de\/blog\/wp-json\/wp\/v2\/comments?post=66674"}],"version-history":[{"count":6,"href":"https:\/\/www.freiburg-schwarzwald.de\/blog\/wp-json\/wp\/v2\/pages\/66674\/revisions"}],"predecessor-version":[{"id":148007,"href":"https:\/\/www.freiburg-schwarzwald.de\/blog\/wp-json\/wp\/v2\/pages\/66674\/revisions\/148007"}],"up":[{"embeddable":true,"href":"https:\/\/www.freiburg-schwarzwald.de\/blog\/wp-json\/wp\/v2\/pages\/678"}],"wp:attachment":[{"href":"https:\/\/www.freiburg-schwarzwald.de\/blog\/wp-json\/wp\/v2\/media?parent=66674"}],"curies":[{"name":"wp","href":"https:\/\/api.w.org\/{rel}","templated":true}]}}