{"id":66587,"date":"2018-02-17T21:02:52","date_gmt":"2018-02-17T20:02:52","guid":{"rendered":"https:\/\/www.freiburg-schwarzwald.de\/blog\/?page_id=66587"},"modified":"2026-08-07T09:54:22","modified_gmt":"2026-08-07T07:54:22","slug":"deutsche-kultur","status":"publish","type":"page","link":"https:\/\/www.freiburg-schwarzwald.de\/blog\/global\/deutschland\/deutsche-kultur\/","title":{"rendered":"Deutsche-Kultur"},"content":{"rendered":"<p><a href=\"https:\/\/freiburg-schwarzwald.de\/blog\">Home<\/a>\u00a0&gt;<a title=\"Engagement\" href=\"https:\/\/www.freiburg-schwarzwald.de\/blog\/engagement\/\">Engagement<\/a>\u00a0&gt;<a title=\"Zukunft\" href=\"https:\/\/www.freiburg-schwarzwald.de\/blog\/engagement\/zukunft\/\">Zukunft<\/a>\u00a0&gt;<a title=\"Demokratie\" href=\"https:\/\/www.freiburg-schwarzwald.de\/blog\/engagement\/zukunft\/demokratie\/\">Demokratie<\/a>\u00a0&gt;<a title=\"Global\" href=\"https:\/\/www.freiburg-schwarzwald.de\/blog\/global\/\">Global<\/a>\u00a0&gt;<a title=\"Deutschland\" href=\"https:\/\/www.freiburg-schwarzwald.de\/blog\/global\/deutschland\/\">Deutschland<\/a>\u00a0&gt;Deutsche-Kultur<br \/>\n.<br \/>\n.\u00a0<a href=\"https:\/\/www.freiburg-schwarzwald.de\/blog\/engagement\/zukunft\/digitalisierung\/schafe-pan151231\/\" rel=\"attachment wp-att-58731\"><img loading=\"lazy\" decoding=\"async\" class=\"alignnone size-full wp-image-58731\" src=\"https:\/\/www.freiburg-schwarzwald.de\/blog\/wp-content\/uploads\/2016\/01\/schafe-pan151231.jpg\" alt=\"schafe-pan151231\" width=\"639\" height=\"220\" srcset=\"https:\/\/www.freiburg-schwarzwald.de\/blog\/wp-content\/uploads\/2016\/01\/schafe-pan151231.jpg 639w, https:\/\/www.freiburg-schwarzwald.de\/blog\/wp-content\/uploads\/2016\/01\/schafe-pan151231-180x61.jpg 180w\" sizes=\"auto, (max-width: 639px) 100vw, 639px\" \/><\/a><\/p>\n<p>&nbsp;<\/p>\n<ul>\n<li><em>Listenauswahl eines Beitrags (Artikel\/Datum, Seite\/Inhalt):\u00a0<span style=\"text-decoration: underline;\">Klicken<\/span>\u00a0oder scrollen<\/em><\/li>\n<li><a href=\"https:\/\/www.freiburg-schwarzwald.de\/blog\/kultur\/deutsch\/sprache\/\">Thomas Hartung: Deutsch darf in der Schule nicht zur Fremdsprache werden<\/a>\u00a0(24.7.2026)<\/li>\n<li><a href=\"https:\/\/www.freiburg-schwarzwald.de\/blog\/kultur\/kulturvergleich\/\">Die Deutsche Kultur im Hofstede-Modell<\/a>\u00a0(12.6.2026)<\/li>\n<li><a href=\"https:\/\/www.freiburg-schwarzwald.de\/blog\/global\/deutschland\/antideutsch\/\">Die Antideutschen sind eine extremistische Sekte mit Breitenwirkung<\/a>\u00a0(9.6.2026)<\/li>\n<li><a href=\"https:\/\/www.freiburg-schwarzwald.de\/blog\/einheitsbraune-nicht-migranten\/\">Deutsche als einheitsbraune Nicht-Muslime<\/a>\u00a0(25.5.2026)<\/li>\n<li><a href=\"https:\/\/www.freiburg-schwarzwald.de\/blog\/goethe-in-einfacher-sprache\/\">Goethe in einfacher Sprache?<\/a>\u00a0(14.1.2026)<\/li>\n<li><a href=\"https:\/\/www.freiburg-schwarzwald.de\/blog\/kultur\/erinnerungskultur\/erinnerungspolitik\/\">9. November \u2013 Vier Schicksalstage der Deutschen<\/a>\u00a0(11.11.2025)<\/li>\n<li><a href=\"https:\/\/www.freiburg-schwarzwald.de\/blog\/kultur\/leitkultur\/\">Deutsche Kultur und Integration: Kulturimitat statt Leitkultur<\/a> (16.8.2025)<\/li>\n<li><a href=\"https:\/\/www.freiburg-schwarzwald.de\/blog\/kultur\/deutsch\/deutsche-sprache\/\">Von wegen \u201eBildungspolitik\u201c: Einfach Deutsch sprechen!<\/a> (14.6.2025)<\/li>\n<li><a href=\"https:\/\/www.freiburg-schwarzwald.de\/blog\/kultur\/erinnerungskultur\/kriegsende8mai1945\/\">Hubertus Knabe: \u201eTag des Friedens\u201c statt \u201eTag der Befreiung\u201c<\/a>\u00a0(9.5.2025)<\/li>\n<li><a href=\"https:\/\/www.freiburg-schwarzwald.de\/blog\/engagement\/zukunft\/demokratie\/volk\/siedlungsgebiet\/\">Volksbegriff, Land ohne Volk, \u201eNo Border, no Nation\u201c-Ideologie, Siedlungsgebiet<\/a>\u00a0(4.5.2025)<\/li>\n<li>R\u00fcdiger Safranski : Identit\u00e4tsverlust ohne verpflichtende deutsche Kulturtradition (25.4.2024)<\/li>\n<li><a href=\"https:\/\/www.freiburg-schwarzwald.de\/blog\/holocaust-zeitzeugen-anhoeren\/\">Holocaust: Zeitzeugen anh\u00f6ren<\/a>\u00a0(29.1.2025)<\/li>\n<li><a href=\"https:\/\/www.freiburg-schwarzwald.de\/blog\/global\/deutschland\/deutsche-geschichte\/\">Bernd Wagner: Die letzten Europ\u00e4er \u2013 Belle \u00c9poque bzw. Wilhelmismus 1871-2014<\/a>\u00a0(27.11.2024)<\/li>\n<li><a href=\"https:\/\/www.freiburg-schwarzwald.de\/blog\/global\/deutschland\/deutschland-liebe\/\">Mariam K\u00fchsel-Hussaini: \u201eMehr Furchtlosigkeit wagen!\u201c<\/a>\u00a0(18.10.2024)<\/li>\n<li><a href=\"https:\/\/www.freiburg-schwarzwald.de\/blog\/kultur\/zivilisation\/\">Erkl\u00e4rung zur westlichen Zivilisation<\/a>\u00a0(1.10.2024)<\/li>\n<li><a href=\"https:\/\/www.freiburg-schwarzwald.de\/blog\/global\/deutschland\/ddr2-0\/\">Nicht blo\u00df wegen der DDR: Die Unterschiede zwischen Ost und West liegen viel tiefer<\/a>\u00a0(30.9.2024)<\/li>\n<li><a href=\"https:\/\/www.freiburg-schwarzwald.de\/blog\/deutsch-deutsches-miteinander\/\">Deutsch-deutsches Miteinander<\/a>\u00a0(9.9.2024)<\/li>\n<li>Tr\u00e4ge Masochisten sind die Deutschen (7.8.2024)<\/li>\n<li><a href=\"https:\/\/www.freiburg-schwarzwald.de\/blog\/kultur\/deutsch\/sprache\/einfache-sprache\/\">Energiewende \u2013 Jetzt in einfacher Sprache<\/a>\u00a0(22.7.2024)<\/li>\n<li>Anabel Schunke \u00fcber ihre Liebe zur deutschen Kultur (1.5.2024)<\/li>\n<li><a href=\"https:\/\/www.freiburg-schwarzwald.de\/blog\/global\/deutschland\/deutsche-geschichte\/\">Rahmenkonzept Erinnerungskultur aus dem Kulturstaatsministerium<\/a>\u00a0(17.4.2024)<\/li>\n<li><a href=\"https:\/\/www.freiburg-schwarzwald.de\/blog\/global\/deutschland\/vertriebene\/\">Claudia Roth streicht \u201eder Deutschen\u201c<\/a>\u00a0(15.4.2024)<\/li>\n<li><a href=\"https:\/\/www.freiburg-schwarzwald.de\/blog\/kultur\/erinnerungskultur\/kollektivschuld\/\">Die verlorene Erbschuld der Deutschen<\/a>\u00a0(7.4.2024)<\/li>\n<li><a href=\"https:\/\/www.freiburg-schwarzwald.de\/blog\/engagement\/zukunft\/demokratie\/volk\/\">Das Deutsche Volk<\/a>\u00a0(28.12.2023)<\/li>\n<li><a href=\"https:\/\/www.freiburg-schwarzwald.de\/blog\/natur\/neujahr\/\">Egon W. Kreutzer: Ich liebe Deutschland \u2013 Gedanken zum Jahreswechsel 2023 \u2013 2024<\/a>\u00a0(21.12.2023)<\/li>\n<li><a href=\"https:\/\/www.freiburg-schwarzwald.de\/blog\/einfach-deutsche-ueber-70-toeten\/\">Einfach Deutsche \u00fcber 70 t\u00f6ten<\/a>\u00a0(20.11.2023)<\/li>\n<li><a href=\"https:\/\/www.freiburg-schwarzwald.de\/blog\/kultur\/medien\/medien-afd\/\">Bj\u00f6rn H\u00f6cke im AUF1-Interview: \u201eDas bin ich meinem Land schuldig\u201c<\/a>\u00a0(11.11.2023)<\/li>\n<li><a href=\"https:\/\/www.freiburg-schwarzwald.de\/blog\/3-10-feiertag-ohne-feierlaune\/\">3.10. \u2013 Feiertag ohne Feierlaune<\/a>\u00a0(4.10.2023)<\/li>\n<li><a href=\"https:\/\/www.freiburg-schwarzwald.de\/blog\/engagement\/zukunft\/demokratie\/volk\/einheimische\/\">Keine Privilegien f\u00fcr die Einheimischen gegen\u00fcber Migranten<\/a>\u00a0(1.10.2023)<\/li>\n<li><a href=\"https:\/\/www.freiburg-schwarzwald.de\/blog\/kultur\/kulturverlust\/prole-drift\/\">Prole drift: Die Unterschichtskultur breitet sich aus<\/a>\u00a0(19.7.2023)<\/li>\n<li><a href=\"https:\/\/www.freiburg-schwarzwald.de\/blog\/engagement\/zukunft\/demokratie\/nationalfeiertag\/17juni1953\/\">17. Juni 2023 in der deutschen Erinnerungspolitik<\/a>\u00a0(18..6.2023)<\/li>\n<li><a href=\"https:\/\/www.freiburg-schwarzwald.de\/blog\/engagement\/zukunft\/demokratie\/konservatismus\/\">Konservative und Progressive<\/a>\u00a0(5.1.2023)<\/li>\n<li><a href=\"https:\/\/www.freiburg-schwarzwald.de\/blog\/ukrainekrieg-wozu-zynismus\/\">Ukrainekrieg: Wozu Zynismus?<\/a>\u00a0(20.12.2022)<\/li>\n<li><a href=\"https:\/\/www.freiburg-schwarzwald.de\/blog\/engagement\/zukunft\/demokratie\/staatsbuergerschaft\/\">Staatsb\u00fcrgerschaft ohne deutsche Sprache<\/a>\u00a0(10.12.2022)<\/li>\n<li><a href=\"https:\/\/www.freiburg-schwarzwald.de\/blog\/religion\/pluralismus\/\">Vereinheitlichung des Denkens und Sagens \u2013 Pluralismus ade<\/a>\u00a0(29.11.2022)<\/li>\n<li><a href=\"https:\/\/www.freiburg-schwarzwald.de\/blog\/global\/deutschland\/gesellschaft\/buergerrechte\/\">Warum die Menschen wieder B\u00fcrger sein sollten<\/a>\u00a0(18.11.2022)<\/li>\n<li><a href=\"https:\/\/www.freiburg-schwarzwald.de\/blog\/kulturkampf-kreuz-und-bibel\/\">Kulturkampf: Kreuz und Bibel<\/a>\u00a0(7.11.2022)<\/li>\n<li><a href=\"https:\/\/www.freiburg-schwarzwald.de\/blog\/global\/deutschland\/deutschland-provisorium\/\">Welche Zukunft f\u00fcr die Bundesrepublik Deutschland?<\/a>\u00a0(3.10.2022)<\/li>\n<li><a href=\"https:\/\/www.freiburg-schwarzwald.de\/blog\/tag-der-deutschen-einheit-3-10-2\/\">Tag der Deutschen Einheit 3.10.<\/a>\u00a0(4.10.2022)<\/li>\n<li><a href=\"https:\/\/www.freiburg-schwarzwald.de\/blog\/olympia-attentat-muenchen-50\/\">Olympia-Attentat M\u00fcnchen 50 Jahre<\/a>\u00a0(14.9.2022)<\/li>\n<li><a href=\"https:\/\/www.freiburg-schwarzwald.de\/blog\/kultur\/kulturelle-aneignung\/\">Kulturelle Aneignung ist Grundlage kultureller Teilhabe<\/a> (31.8.2022)<\/li>\n<li><a href=\"https:\/\/www.freiburg-schwarzwald.de\/blog\/bildung\/schulen\/gymnasium\/\">Bayern streicht Goethes \u201eFaust\u201c als Pflichtlekt\u00fcre aus Lehrplan<\/a>\u00a0(19.8.2022)<\/li>\n<li><a href=\"https:\/\/www.freiburg-schwarzwald.de\/blog\/engagement\/zukunft\/frieden\/regenbogen\/\">Regenbogen \u2013 Flagge und Kult<\/a>\u00a0(8.6.2022)<\/li>\n<li><a href=\"https:\/\/www.freiburg-schwarzwald.de\/blog\/regio\/heimat\/heimatland\/\">Nun ade du mein lieb\u2018 Heimatland<\/a>\u00a0(1.6.2022)<\/li>\n<li><a href=\"https:\/\/www.freiburg-schwarzwald.de\/blog\/hambacher-fest-1832-2022\/\">Hambacher Fest 1832 \u2013 2022<\/a>\u00a0(1.6.2022)<\/li>\n<li><a href=\"https:\/\/www.freiburg-schwarzwald.de\/blog\/engagement\/zukunft\/demokratie\/demokratie-nation\/\">Ukraine: Nation ja, Gender nein<\/a>\u00a0(19.3.2022)<\/li>\n<li><a href=\"https:\/\/www.freiburg-schwarzwald.de\/blog\/engagement\/zukunft\/demokratie\/volk\/staatsvolk\/\">Der Staat der Deutschen:- Deutsches Volk \u2013 Ethnischer Volksbegriff \u2013 AfD<\/a>\u00a0(18.3.2022)<\/li>\n<li><a href=\"https:\/\/www.freiburg-schwarzwald.de\/blog\/business\/gesund\/corona-virus\/corona-abendland\/\">David Engels: Viel Zeit zur inneren Gesundung des Abendlandes bleibt nicht<\/a>\u00a0(2.2.2022)<\/li>\n<li><a href=\"https:\/\/www.freiburg-schwarzwald.de\/blog\/luxuskinder-auch-luxuseltern\/\">Luxuskinder \u2013 auch Luxuseltern?<\/a>\u00a0(9.9.2021)<\/li>\n<li><a href=\"https:\/\/www.freiburg-schwarzwald.de\/blog\/selbsthilfe\/frauen\/gender\/gender-sprache\/\">Schriftsteller Politycki wandert aus wegen Gender<\/a>\u00a0(20.8.2021)<\/li>\n<li><a href=\"https:\/\/www.freiburg-schwarzwald.de\/blog\/kultur\/deutsch\/\">Deutsche Sprachwelt \u2013 Zeitschrift<\/a> (13.8.2021)<\/li>\n<li><a href=\"https:\/\/www.freiburg-schwarzwald.de\/blog\/global\/deutschland\/vertriebene\/\">\u201eDokumentationszentrum Flucht, Vertreibung, Vers\u00f6hnung\u201c er\u00f6ffnet<\/a>\u00a0(2.7.2021)<\/li>\n<li><a href=\"https:\/\/www.freiburg-schwarzwald.de\/blog\/selbsthilfe\/frauen\/gender\/gender-sprache\/\">Genderisten sind Sexisten und Neomarxisten<\/a>\u00a0(25.5.2021)<\/li>\n<li><a href=\"https:\/\/www.freiburg-schwarzwald.de\/blog\/deutscher-liederabend-ade\/\">Deutscher Liederabend \u2013 ade<\/a>\u00a0(13.4.2021)<\/li>\n<li><a href=\"https:\/\/www.freiburg-schwarzwald.de\/blog\/dante-1321-goettliche-komoedie\/\">Dante 1321: G\u00f6ttliche Kom\u00f6die<\/a>\u00a0(10.4.2021)<\/li>\n<li><a href=\"https:\/\/www.freiburg-schwarzwald.de\/blog\/kultur\/kulturverlust\/cancelculture\/\">Kolja Zydatiss: Cancel Culture \u2013 Demokratie in Gefahr<\/a>\u00a0(29.3.2021)<\/li>\n<li><a href=\"https:\/\/www.freiburg-schwarzwald.de\/blog\/volkslied-oder-menschheitslied\/\">Volkslied oder Menschheitslied<\/a>\u00a0(17.3.2021)<\/li>\n<li><a href=\"https:\/\/www.freiburg-schwarzwald.de\/blog\/romeo-und-julia-verbieten\/\">Romeo und Julia verbieten<\/a>\u00a0(22.2.2021)<\/li>\n<li><a href=\"https:\/\/www.freiburg-schwarzwald.de\/blog\/engagement\/zukunft\/gruendlichkeit\/\">Immer wieder das Gleiche tun und andere Ergebnisse erwarten<\/a> (14.2.2021)<\/li>\n<li><a href=\"https:\/\/www.freiburg-schwarzwald.de\/blog\/global\/deutschland\/nationalstaat\/\">Vor 150 Jahren: Bismarck schafft die Einheit der Nation<\/a>\u00a0(18.1.2021)<\/li>\n<li><a href=\"https:\/\/www.freiburg-schwarzwald.de\/blog\/global\/deutschland\/deutsche-kultur\/helden\/\">Anti-Helden gegen die Regierung \u2013 Video der Regierung umgeschnitten<\/a> (18.11.2020)<\/li>\n<li><a href=\"https:\/\/www.freiburg-schwarzwald.de\/blog\/bild-zu-paris-und-bild-zu-wien\/\">Bild zu Paris (bekannt) und Bild zu Wien (unbekannt)<\/a>\u00a0(13.11.2020)<\/li>\n<li><a href=\"https:\/\/www.freiburg-schwarzwald.de\/blog\/sprachregime-der-anwheres\/\">Sprachregime der Anywheres<\/a>\u00a0(27.10.2020)<\/li>\n<li><a title=\"Kulturrevolution als Paradoxie\" href=\"https:\/\/www.freiburg-schwarzwald.de\/blog\/kulturrevolution-als-paradoxie\/\">Egon Flaig: Kulturrevolution \u2013 Geschichte des Westens als Fake History<\/a> (9.8.2020)<\/li>\n<li><a title=\"Vertriebene\" href=\"https:\/\/www.freiburg-schwarzwald.de\/blog\/global\/deutschland\/vertriebene\/\">Vertriebene vor 70 Jahren am 5.8.1950: \u201eWir verzichten auf Rache und Vergeltung<\/a>\u201c (7.8.2020)<\/li>\n<li><a title=\"Abendland\" href=\"https:\/\/www.freiburg-schwarzwald.de\/blog\/religion\/christen\/abendland\/\">David Engels: Abendland und Christentum<\/a>\u00a0(7.8.2020)<\/li>\n<li><a title=\"Nein zum Gender-Deutsch\" href=\"https:\/\/www.freiburg-schwarzwald.de\/blog\/nein-zum-gender-deutsch\/\">Nein zum Gender-Deutsch<\/a>\u00a0(3.7.2020)<\/li>\n<li><a title=\"Germany\" href=\"https:\/\/www.freiburg-schwarzwald.de\/blog\/global\/deutschland\/germany\/\">Ich, der privilegierte Italiener. Evviva la Germania!<\/a>\u00a0(29.6.2020)<\/li>\n<li><a title=\"Antirassismus\" href=\"https:\/\/www.freiburg-schwarzwald.de\/blog\/engagement\/rassismus\/antirassismus\/\">Antirassismus als Zivilreligion \u2013 Kulturkampf<\/a>\u00a0(19.6.2020)<\/li>\n<li><a title=\"Gruene\" href=\"https:\/\/www.freiburg-schwarzwald.de\/blog\/vereine\/partei\/gruene\/\">Robert Habeck: \u201cPatriotismus, Vaterlandsliebe also, fand ist stets zum Kotzen\u201d<\/a>\u00a0(23.3.2020)<\/li>\n<li><a title=\"Auschwitz1945-2020\" href=\"https:\/\/www.freiburg-schwarzwald.de\/blog\/kultur\/erinnerungskultur\/auschwitz1945-2020\/\">Steinmeiers Rede auf Englisch in Yad Vashem erntete er auch Kritik<\/a> (10.2.2020)<\/li>\n<li><a title=\"Buerger\" href=\"https:\/\/www.freiburg-schwarzwald.de\/blog\/engagement\/buerger\/\">Die Antwort auf Soros: Der kritisch denkende B\u00fcrger<\/a>\u00a0(24.1.2020)<\/li>\n<li>Roger Scruton: Kulturelles Erbe des Westens &#8211; sieben Charakteristika (17.12.2019)<\/li>\n<li><a title=\"Kunstfreiheit\" href=\"https:\/\/www.freiburg-schwarzwald.de\/blog\/kultur\/kunst\/kunstfreiheit\/\">Zentrum f\u00fcr Politische Sch\u00f6nheit: Instrumentalisierung des Holocaust<\/a>\u00a0(4.12.2019)<\/li>\n<li><a title=\"Commons\" href=\"https:\/\/www.freiburg-schwarzwald.de\/blog\/kultur\/commons\/\">Die Gefahr der Zerst\u00f6rung von kulturellem Kapital durch Migration<\/a>\u00a0(2.12.2019)<\/li>\n<li><a title=\"Mauerfall1989\" href=\"https:\/\/www.freiburg-schwarzwald.de\/blog\/global\/deutschland\/mauerfall1989\/\">Monika Maron: Unser galliges Gel\u00e4chter \u2013 Zum Mauerfall vor 30 Jahren<\/a> (7.11.2019)<\/li>\n<li><a title=\"Merkelismus\" href=\"https:\/\/www.freiburg-schwarzwald.de\/blog\/engagement\/zukunft\/demokratie\/merkelismus\/\">Chaim Noll: Eine Schande, ein Schmerz: Theodor-Herzl-Preis f\u00fcr Merkel<\/a>\u00a0(1.11.2019)<\/li>\n<li><a title=\"Intellektuelle\" href=\"https:\/\/www.freiburg-schwarzwald.de\/blog\/global\/deutschland\/gesellschaft\/intellektuelle\/\">Diener der Macht: Medien, Intellektuelle<\/a>\u00a0(18.10.2019)<\/li>\n<li><a title=\"Deutsche-Geschichte\" href=\"https:\/\/www.freiburg-schwarzwald.de\/blog\/global\/deutschland\/deutsche-geschichte\/\">Das Zeitalter der Amnesie \u2013\u00a0wir vergessen unsere Geschichte<\/a>.(31.8.2019)<\/li>\n<li><a title=\"Patriotismus\" href=\"https:\/\/www.freiburg-schwarzwald.de\/blog\/engagement\/zukunft\/demokratie\/patriotismus\/\">Identit\u00e4tspolitik: Der Ethnologe Claude L\u00e9vi-Strauss, die Unesco und der Rassismus-Begriff<\/a> (9.8.2019)<\/li>\n<li><a title=\"Moral2015\" href=\"https:\/\/www.freiburg-schwarzwald.de\/blog\/global\/deutschland\/moral2015\/\">Vahlefeld: Der ganze Stolz der Deutschen<\/a>\u00a0(3.7.2019)<\/li>\n<li><a title=\"Gender\" href=\"https:\/\/www.freiburg-schwarzwald.de\/blog\/selbsthilfe\/frauen\/gender\/\">Unterschriftenaktion des VDS gegen Gender-Sprache<\/a>\u00a0(6.3.2019)<\/li>\n<li><a href=\"https:\/\/www.freiburg-schwarzwald.de\/blog\/migranten-eigenverantwortung\/\">https:\/\/www.freiburg-schwarzwald.de\/blog\/migranten-eigenverantwortung\/<\/a>\u00a0 (25.2.2019)<\/li>\n<li><a title=\"Deutschland-kaputt\" href=\"https:\/\/www.freiburg-schwarzwald.de\/blog\/global\/deutschland\/deutschland-kaputt\/\">Im Ausland hei\u00dfen wir Deutsche nur noch Sheeple<\/a> (1.1.2019)<\/li>\n<li><a title=\"Sch\u00f6nheit\" href=\"https:\/\/www.freiburg-schwarzwald.de\/blog\/kultur\/kunst\/schoenheit\/\">Kulturelle Wende \u2013 Hinwendung zur Sch\u00f6nheit statt zur Gewalt<\/a>\u00a0(7.11.2018)<\/li>\n<li><a title=\"Interkulturelle-Oeffnung\" href=\"https:\/\/www.freiburg-schwarzwald.de\/blog\/global\/integration\/interkulturelle-oeffnung\/\">15 Thesen des Deutschen Kulturrats zur kulturellen Integration<\/a> (14.11.2018)<\/li>\n<li>Was nicht gesagt wird: Kultur ist kein Basar (14.11.2018)<\/li>\n<li>Ohne deutsche Kultur keine Integration (13.12.2017)<\/li>\n<li>Marcel Zhu: Ohne nationale deutsche Identit\u00e4t keine Integration (24.4.2018)<\/li>\n<li><a title=\"Kultur\" href=\"https:\/\/www.freiburg-schwarzwald.de\/blog\/kultur\/\">Sloterdijk: Tellkamp \u2013 Beobachtungen \u00fcber Beobachungen (Luhmann) \u00fcberwiegen<\/a> (30.3.2018)<\/li>\n<li><a title=\"Fernsehen\" href=\"https:\/\/www.freiburg-schwarzwald.de\/blog\/kultur\/medien\/fernsehen\/\">Tagesschau: Monokulturelle durch Multiethnische Demokratie ersetzen<\/a>\u00a0(21.2.2018)<\/li>\n<li><a href=\"https:\/\/www.freiburg-schwarzwald.de\/blog\/konservativismus-rechts-links\">https:\/\/www.freiburg-schwarzwald.de\/blog\/konservativismus-rechts-links<\/a>\/ (18.2.2018)<\/li>\n<li>Ulrich Greiner:\u00a0Deutsche kulturelle Identit\u00e4t (17.2.2018)<\/li>\n<li><a title=\"Konservativismus\" href=\"https:\/\/www.freiburg-schwarzwald.de\/blog\/engagement\/zukunft\/demokratie\/konservativismus\/\">Egon Flaig: Gegen den Strom<\/a>\u00a0(20.2.2014)<\/li>\n<li><\/li>\n<li><a href=\"https:\/\/www.freiburg-schwarzwald.de\/blog\/engagement\/zukunft\/demokratie\/nationalfeiertag\/17juni1953\/\">17Juni1953<\/a><\/li>\n<li><a title=\"Abendland\" href=\"https:\/\/www.freiburg-schwarzwald.de\/blog\/religion\/christen\/abendland\/\">Abendland<\/a><\/li>\n<li><a href=\"https:\/\/www.freiburg-schwarzwald.de\/blog\/global\/deutschland\/antideutsch\/\">antideutsch<\/a><\/li>\n<li><a title=\"Antirassismus\" href=\"https:\/\/www.freiburg-schwarzwald.de\/blog\/engagement\/rassismus\/antirassismus\/\">Antirassismus<\/a><\/li>\n<li><a title=\"Buerger\" href=\"https:\/\/www.freiburg-schwarzwald.de\/blog\/engagement\/buerger\/\">Buerger<\/a><\/li>\n<li><a href=\"https:\/\/www.freiburg-schwarzwald.de\/blog\/global\/deutschland\/gesellschaft\/buergerrechte\/\">Buergerrechte<\/a><\/li>\n<li><a href=\"https:\/\/www.freiburg-schwarzwald.de\/blog\/kultur\/kulturverlust\/cancelculture\/\">CancelCulture<\/a><\/li>\n<li><a title=\"Commons\" href=\"https:\/\/www.freiburg-schwarzwald.de\/blog\/kultur\/commons\/\">Commons<\/a><\/li>\n<li><a href=\"https:\/\/www.freiburg-schwarzwald.de\/blog\/business\/gesund\/corona-virus\/corona-abendland\/\">Corona-Abendland<\/a><\/li>\n<li><a title=\"Denunziation\" href=\"https:\/\/www.freiburg-schwarzwald.de\/blog\/engagement\/zukunft\/demokratie\/69724-2\/\">Denunziation<\/a><\/li>\n<li><a title=\"Deutsche-Geschichte\" href=\"https:\/\/www.freiburg-schwarzwald.de\/blog\/global\/deutschland\/deutsche-geschichte\/\">Deutsche Geschichte<\/a><\/li>\n<li><a href=\"https:\/\/www.freiburg-schwarzwald.de\/blog\/kultur\/deutsch\/deutsche-sprache\/\">Deutsche-Sprache<\/a><\/li>\n<li><a title=\"Deutschland-kaputt\" href=\"https:\/\/www.freiburg-schwarzwald.de\/blog\/global\/deutschland\/deutschland-kaputt\/\">Deutschland-kaputt<\/a><\/li>\n<li><a href=\"https:\/\/www.freiburg-schwarzwald.de\/blog\/global\/deutschland\/deutschland-liebe\/\">Deutschland-Liebe<\/a><\/li>\n<li><a href=\"https:\/\/www.freiburg-schwarzwald.de\/blog\/global\/deutschland\/deutschland-provisorium\/\">Deutschland-Provisorium<\/a><\/li>\n<li><a href=\"https:\/\/www.freiburg-schwarzwald.de\/blog\/kultur\/deutsch\/sprache\/einfache-sprache\/\">Einfache Sprache<\/a><\/li>\n<li><a href=\"https:\/\/www.freiburg-schwarzwald.de\/blog\/engagement\/zukunft\/demokratie\/volk\/einheimische\/\">Einheimische<\/a><\/li>\n<li><a title=\"Eliten\" href=\"https:\/\/www.freiburg-schwarzwald.de\/blog\/engagement\/zukunft\/demokratie\/eliten\/\">Eliten<\/a><\/li>\n<li><a title=\"Erinnerungskultur\" href=\"https:\/\/www.freiburg-schwarzwald.de\/blog\/kultur\/erinnerungskultur\/\">Erinnerungskultur<\/a><\/li>\n<li><a title=\"Europa-Leitkultur\" href=\"https:\/\/www.freiburg-schwarzwald.de\/blog\/kultur\/europa-leitkultur\/\">Europa-Leitkultur<\/a><\/li>\n<li><a href=\"https:\/\/www.freiburg-schwarzwald.de\/blog\/selbsthilfe\/frauen\/gender\/gender-sprache\/\">Gender-Sprache<\/a><\/li>\n<li><a title=\"Germany\" href=\"https:\/\/www.freiburg-schwarzwald.de\/blog\/global\/deutschland\/germany\/\">Germany<\/a><\/li>\n<li><a title=\"Gesellschaft\" href=\"https:\/\/www.freiburg-schwarzwald.de\/blog\/global\/deutschland\/gesellschaft\/\">Gesellschaft &#8211; monokulturell oder multikulturell<\/a><\/li>\n<li><a href=\"https:\/\/www.freiburg-schwarzwald.de\/blog\/engagement\/zukunft\/gruendlichkeit\/\">Gr\u00fcndlichkeit<\/a><\/li>\n<li><a title=\"Hambacher-Fest\" href=\"https:\/\/www.freiburg-schwarzwald.de\/blog\/engagement\/zukunft\/demokratie\/hambacher-fest\/\">Hambacher-Fest<\/a><\/li>\n<li><a title=\"Heimat\" href=\"https:\/\/www.freiburg-schwarzwald.de\/blog\/regio\/heimat\/\">Heima<\/a>t<\/li>\n<li><a href=\"https:\/\/www.freiburg-schwarzwald.de\/blog\/regio\/heimat\/heimatland\/\">Heimatland<\/a><\/li>\n<li><a href=\"https:\/\/www.freiburg-schwarzwald.de\/blog\/global\/deutschland\/deutsche-kultur\/helden\/\">Helden<\/a><\/li>\n<li><a title=\"Identitaet\" href=\"https:\/\/www.freiburg-schwarzwald.de\/blog\/engagement\/zukunft\/demokratie\/identitaet\/\">identitaet<\/a><\/li>\n<li><a title=\"Immigration\" href=\"https:\/\/www.freiburg-schwarzwald.de\/blog\/global\/integration\/immigration\/\">Immigration<\/a><\/li>\n<li><a title=\"Integration\" href=\"https:\/\/www.freiburg-schwarzwald.de\/blog\/global\/integration\/\">Integration<\/a><\/li>\n<li><a title=\"Intellektuelle\" href=\"https:\/\/www.freiburg-schwarzwald.de\/blog\/global\/deutschland\/gesellschaft\/intellektuelle\/\">Intellektuelle<\/a><\/li>\n<li><a title=\"Interkulturelle-Oeffnung\" href=\"https:\/\/www.freiburg-schwarzwald.de\/blog\/global\/integration\/interkulturelle-oeffnung\/\">Interkulturelle \u00d6ffnung<\/a><\/li>\n<li><a href=\"https:\/\/www.freiburg-schwarzwald.de\/blog\/kultur\/erinnerungskultur\/kollektivschuld\/\">Kollektivschuld<\/a><\/li>\n<li><a title=\"Konservativismus\" href=\"https:\/\/www.freiburg-schwarzwald.de\/blog\/engagement\/zukunft\/demokratie\/konservativismus\/\">Konservativismus<\/a><\/li>\n<li><a href=\"https:\/\/www.freiburg-schwarzwald.de\/blog\/engagement\/zukunft\/demokratie\/konservatismus\/\">Konservatismus<\/a><\/li>\n<li><a href=\"https:\/\/www.freiburg-schwarzwald.de\/blog\/kultur\/erinnerungskultur\/kriegsende8mai1945\/\">Kriegsende8Mai1945<\/a><\/li>\n<li><a href=\"https:\/\/www.freiburg-schwarzwald.de\/blog\/kultur\/kulturelle-aneignung\/\">Kulturelle Aneignung<\/a><\/li>\n<li><a title=\"Kulturrevolution\" href=\"https:\/\/www.freiburg-schwarzwald.de\/blog\/kultur\/kulturrevolution\/\">Kulturrevolution<\/a><\/li>\n<li><a href=\"https:\/\/www.freiburg-schwarzwald.de\/blog\/kultur\/kulturvergleich\/\">Kulturvergleich<\/a><\/li>\n<li><a title=\"Kunstfreiheit\" href=\"https:\/\/www.freiburg-schwarzwald.de\/blog\/kultur\/kunst\/kunstfreiheit\/\">Kunstfreiheit<\/a><\/li>\n<li><a title=\"Mauerfall1989\" href=\"https:\/\/www.freiburg-schwarzwald.de\/blog\/global\/deutschland\/mauerfall1989\/\">Mauerfall1989<\/a><\/li>\n<li><a title=\"Moral2015\" href=\"https:\/\/www.freiburg-schwarzwald.de\/blog\/global\/deutschland\/moral2015\/\">Moral2015<\/a><\/li>\n<li><a title=\"Multikulti\" href=\"https:\/\/www.freiburg-schwarzwald.de\/blog\/kultur\/leitkultur\/multikulti\/\">Multikulti<\/a><\/li>\n<li><a title=\"Nation\" href=\"https:\/\/www.freiburg-schwarzwald.de\/blog\/engagement\/zukunft\/demokratie\/nation\/\">Nation<\/a><\/li>\n<li><a title=\"Nationalismus\" href=\"https:\/\/www.freiburg-schwarzwald.de\/blog\/engagement\/zukunft\/demokratie\/nationalismus\/\">Nationalismus<\/a><\/li>\n<li><a href=\"https:\/\/www.freiburg-schwarzwald.de\/blog\/global\/deutschland\/nationalstaat\/\">Nationalstaat<\/a><\/li>\n<li><a title=\"Parallelgesellschaft\" href=\"https:\/\/www.freiburg-schwarzwald.de\/blog\/global\/integration\/parallelgesellschaft\/\">Parallelgesellschaft<\/a><\/li>\n<li><a title=\"Parallelkultur\" href=\"https:\/\/www.freiburg-schwarzwald.de\/blog\/global\/integration\/parallelkultur\/\">Parallelkulturen<\/a><\/li>\n<li><a title=\"Patriotismus\" href=\"https:\/\/www.freiburg-schwarzwald.de\/blog\/engagement\/zukunft\/demokratie\/patriotismus\/\">Patriotismus<\/a><\/li>\n<li><a href=\"https:\/\/www.freiburg-schwarzwald.de\/blog\/kultur\/kulturverlust\/prole-drift\/\">Prole-Drift<\/a><\/li>\n<li><a href=\"https:\/\/www.freiburg-schwarzwald.de\/blog\/engagement\/zukunft\/frieden\/regenbogen\/\">Regenbogen<\/a><\/li>\n<li><a title=\"Sch\u00f6nheit\" href=\"https:\/\/www.freiburg-schwarzwald.de\/blog\/kultur\/kunst\/schoenheit\/\">Sch\u00f6nheit<\/a><\/li>\n<li><a href=\"https:\/\/www.freiburg-schwarzwald.de\/blog\/engagement\/zukunft\/demokratie\/volk\/siedlungsgebiet\/\">Siedlungsgebiet<\/a><\/li>\n<li><a href=\"https:\/\/www.freiburg-schwarzwald.de\/blog\/kultur\/kulturverlust\/sprachregime\/\">Sprachregime<\/a><\/li>\n<li><a href=\"https:\/\/www.freiburg-schwarzwald.de\/blog\/engagement\/zukunft\/demokratie\/volk\/staatsvolk\/\">Staatsvolk<\/a><\/li>\n<li><a title=\"Traditionen\" href=\"https:\/\/www.freiburg-schwarzwald.de\/blog\/global\/deutschland\/deutsche-kultur\/traditionen\/\">Traditionen<\/a><\/li>\n<li><a title=\"Vertriebene\" href=\"https:\/\/www.freiburg-schwarzwald.de\/blog\/global\/deutschland\/vertriebene\/\">Vertriebene<\/a><\/li>\n<li><a title=\"Wahlvolk\" href=\"https:\/\/www.freiburg-schwarzwald.de\/blog\/engagement\/zukunft\/demokratie\/wahlvolk\/\">Wahlvolk<\/a><\/li>\n<li><a title=\"Werte\" href=\"https:\/\/www.freiburg-schwarzwald.de\/blog\/global\/integration\/werte\/\">Werte<\/a><\/li>\n<li><a title=\"Willkommenskultur\" href=\"https:\/\/www.freiburg-schwarzwald.de\/blog\/global\/integration\/willkommenskultur\/\">Willkommenskultur<\/a><\/li>\n<li><a title=\"Zivilisation\" href=\"https:\/\/www.freiburg-schwarzwald.de\/blog\/kultur\/zivilisation\/\">Zivilisation<\/a><\/li>\n<\/ul>\n<p><strong>&#8222;Es gibt keine deutsche Kultur&#8220;<\/strong><br \/>\n(Aydan \u00d6zoguz)<br \/>\n=========================================================<\/p>\n<p><strong>R\u00fcdiger Safranski : Identit\u00e4tsverlust ohne verpflichtende deutsche Kulturtradition<\/strong><br \/>\nDer Philosoph und Schriftsteller R\u00fcdiger Safranski hat der Welt am Sonntag (Ausgabe vom 20. April) ein gro\u00dfartiges Interview gegeben. Zum Herzst\u00fcck seiner Argumentation geh\u00f6rt eine Analyse des totalen Identit\u00e4tsverlusts, den Deutschland erlitten hat: \u201eUnsere Politik pa\u00dft doch l\u00e4ngst zur allgemeinen Mentalit\u00e4t, gem\u00e4\u00df derer es keine verpflichtende deutsche Kulturtradition mehr gibt. In Deutschland war die Verw\u00fcstung 1945 total, f\u00fcr die weitere Verw\u00fcstung und kulturelle Entwurzelung haben wir dann selbst gesorgt, besonders in der 68er-Zeit. Man wollte den endg\u00fcltigen Bruch mit der deutschen Geschichte. Das hat geklappt.<br \/>\nDie kulturelle Verw\u00fcstung und Entwurzelung Deutschlands ist inzwischen beispiellos.\u201c Wenn hier \u00fcberhaupt eine Erg\u00e4nzung n\u00f6tig ist, dann die, da\u00df zwischen der \u201eVerw\u00fcstung 1945\u201c und \u201eder 68er-Zeit\u201c noch das lag, was reeducation hie\u00df \u2013 also die Umerziehung der Besiegten durch die Sieger, zwecks Ausmerzung der \u201edeutschen Gefahr\u201c auch in den K\u00f6pfen und Herzen der Besiegten \u2013 und das, was man reorientation nannte: die Installation von Eliten im Bereich der Meinungsmacher, die daf\u00fcr sorgten, da\u00df die Deutschen harmlos blieben.<br \/>\n&#8230; Alles vom 25.4.2025 von Karlheinz Weissmann bitte lesen in der JF 18\/25, Seite 15<br \/>\n.<\/p>\n<p><strong>Tr\u00e4ge Masochisten sind die Deutschen<\/strong><br \/>\nZweierlei hat die ausl\u00e4ndischen G\u00e4ste w\u00e4hrend der Europameisterschaft verst\u00f6rt: wie unzuverl\u00e4ssig die Deutsche Bahn f\u00e4hrt, vor allem aber, wie geduldig sich die Deutschen das gefallen lassen. Kein Aufmucken der Fahrg\u00e4ste, kein Protest der W\u00e4hler, dass die Bahn all die Milliarden Euro aus Subventionen und Ticketpreisen nicht f\u00fcr einen funktionierenden Nahverkehr nutzt. Keine Forderung nach einem R\u00fccktritt des Vorstands, der das alles tagt\u00e4glich verbockt. Der Deutsche ist wie ein Masochist. Nur noch viel passiver.<br \/>\nSich Unzumutbares zuzumuten, ist l\u00e4ngst zum t\u00e4glichen Brot des Deutschen geworden. Etwa beim Internetempfang. Anderes Beispiel als die Bahn, gleiches Trauerspiel. Das Netz f\u00e4llt aus. Wieder mal. Informationen vom Anbieter? Erst einmal keine, dann: \u201eWir arbeiten dran.\u201c Der Kunde hat sich zu freuen, wenn mal Internet da ist, und es geduldig zu ertragen, wenn das Internet ausf\u00e4llt. Nat\u00fcrlich zahlt er weiterhin den vollen Preis.<br \/>\nTr\u00e4ge Masochisten sind die Deutschen nicht nur als Kunden. Sie sind es auch als B\u00fcrger. Ein 17-J\u00e4hriger ist bereits 34 Straftaten \u00fcberf\u00fchrt worden, l\u00e4uft frei rum und ersticht jemanden? Kann man nichts machen. Einsperren? Man will doch einem 17-J\u00e4hrigen mit 34 Straftaten nicht seine Chancen verbauen, Hirnchirurg oder Atomphysiker zu werden. Abschieben, weil er Syrer ist und die deutsche Gastfreundschaft f\u00fcr Straftaten missbraucht? Aber in Syrien k\u00f6nnte er niedergestochen werden und ihm will man diese Gefahr nicht zumuten.So lange die Deutschen ausgefallene Z\u00fcge und Internetverbindungen f\u00fcr gottgegeben halten. So lange sie die Behauptung akzeptieren, gegen einen 17 Jahre alten Intensivt\u00e4ter g\u00e4be es kein Mittel, sich zu wehren. So lange sie Politiker im Amt lassen, von denen sie wissen, dass die l\u00fcgen, w\u00e4hrend sie l\u00fcgen. So lange \u00e4ndert sich in der Politik nichts.<br \/>\n&#8230; Alles vom 7.8.2024 im Newsletter bitte lesen auf <a href=\"https:\/\/www.tichyseinblick.de\">https:\/\/www.tichyseinblick.de<\/a><\/p>\n<p>&nbsp;<\/p>\n<p><strong>Anabel Schunke \u00fcber ihre Liebe zur deutschen Kultur<\/strong><br \/>\nDie Journalistin und Influencerin Anabel Schunke hat heute auf X einen wichtigen Text ver\u00f6ffentlicht. Eine Ode an eine Kultur, die sie liebt. Und eine Absage an Extremisten und den Totalitarismus. &#8230; <a href=\"https:\/\/twitter.com\/ainyrockstar\/status\/1785637957673595002?s=48&amp;t=kl5z6yOGdUPDSoFmB3kf6g\">https:\/\/twitter.com\/ainyrockstar\/status\/1785637957673595002?s=48&amp;t=kl5z6yOGdUPDSoFmB3kf6g<\/a><br \/>\n&#8230; Alles vom 1.5.202 bitte lesen auf<br \/>\n<a href=\"https:\/\/www.alexander-wallasch.de\/gesellschaft\/anabel-schunke-ueber-eine-liebe-zur-deutschen-kultur\">https:\/\/www.alexander-wallasch.de\/gesellschaft\/anabel-schunke-ueber-eine-liebe-zur-deutschen-kultur<\/a><\/p>\n<p><strong>Anabel Schunke: Ich habe nur diese eine (kulturelle) Heimat<\/strong><br \/>\nWisst ihr was das wirklich Sch\u00f6ne am liberal-konservativ-sein ist? Erstmal nat\u00fcrlich die Tatsache, dass man sich nicht die ganze Zeit pseudo-moralisch verrenken muss. Linkssein hat heute nichts mehr mit rebellisch sein, 68er, Revolution zu tun. Heute ist \u201erechts\u201c Anti-Establishment. Heute sind es die Liberalen und Konservativen, die die gute Satire, die witzige Comedy, die guten Jokes\/Memes, den investigativen, den kritischen Journalismus und die provokante Kunst machen. Die, die darauf schei\u00dfen k\u00f6nnen, ob irgendwas politisch korrekt ist, weil man ja eh schon \u201egesichert rechtsextrem\u201c ist. Die, die nicht gendern m\u00fcssen, die irgendwelchen Minderheiten mit geschlechtlichen Wahnvorstellungen einen gepflegten Mittelfinger zeigen. Die nicht vor radikalen Gl\u00e4ubigen im Namen des Antirassismus rumbuckeln m\u00fcssen. Die nicht an ihren eigenen pseudo-moralischen Anspr\u00fcchen im selbst gebastelten Spie\u00dfer-Korsett der gr\u00fcnw\u00e4hlenden Prenzlberg-Familie ersticken oder als vermeintliche Antifa die Fresse halten, wenn Muslime hier zur Judenverfolgung blasen.<br \/>\nWas aber das wirklich Sch\u00f6nste daran ist, wenn man nicht nur nicht links\/woke ist, sondern aus \u00dcberzeugung liberal-konservativ, ist, dass man in der Lage ist, zu erkennen, wie wundervoll der Westen ist und daraus resultierend, wie wertvoll das ist, was wir (noch) hier haben.<br \/>\nDas westliche Gesellschaftsmodell mit seinem liberalen Rechtsstaat und dem freien Markt ist und bleibt, trotz aller Schw\u00e4chen, das Beste auf der Welt. Er muss sicherlich wehrhafter gegen\u00fcber seinen Feinden werden, aber wenn das gegeben ist, ist etwas Besserem kaum m\u00f6glich.<br \/>\nStellt euch den Westen der 1980-90er Jahre vor. G\u00e4be es irgendein nichtwestliches Land, in dem ihr lieber leben w\u00fcrdet als hier? Subtrahiert den Faktor Migration und Islam, wie es heute ist, von euren \u00dcberlegungen. W\u00fcrdet ihr dann auch nur ein Land in Osteuropa dem Westen vorziehen? Oder gar Russland? Ein asiatisches Land? W\u00fcrdet ihr irgendein Land von seinen Werten, seiner Freiheit, seiner Kultur einem westlichen Land vorziehen?<br \/>\nIch nicht. Sicher nicht. Nicht, weil unbedingt alles in allen Punkten besser ist, aber weil es das ist, was ich kenne. Weil nichts anderes mir so vertraut ist. Weil alles andere ein Kulturschock w\u00e4re.<br \/>\nIch habe nur diese eine (kulturelle) Heimat. Jeder Zuwanderer hat noch eine andere, auf die er im Zweifel zur\u00fcckgreifen kann. Ich habe diese Option nicht.<\/p>\n<p>Der Westen hat gro\u00dfartiges hervorgebracht. Technisch, Popkulturell, in Sachen Kunst und vor allem in Bezug auf die Freiheit der Menschen und die Toleranz gegen\u00fcber einander.<br \/>\nUnd wenn ich sagen m\u00fcsste, was das Sch\u00f6nste am liberal-konservativ-sein ist, dann ist es sicher die Tatsache, dass ich mir all dessen bewusst bin. Dass ich die Sch\u00f6nheit meiner Kultur, ihre Errungenschaften zu erkennen in der Lage bin, statt wie Muslime, Linke und rechtsextreme Pseudo-Patrioten qua Ideologie immer diesen Zwang versp\u00fcre, gegen diese gro\u00dfartige Kultur zu st\u00e4nkern, mich komischen Sympathieb f\u00fcr autorit\u00e4re Staaten hinzugeben und sie als Teil, der mich ausmacht, zu verleugnen. Meine Identit\u00e4t nicht \u00fcber d\u00e4mlichen Antiamerikanismus, Antisemitismus, durch antiwestliche, antikapitalistische Miesepeterei zu generieren, sondern \u00fcber die Liebe zu einer Kultur, die so viel mehr Sch\u00f6nheit, Wohlstand und Freiheit hervorgebracht hat als alle anderen in der Nachkriegsgeschichte.<br \/>\nIch will nicht, dass das Verloren geht. Ich will nicht dar\u00fcber nachdenken, in welchem Land abseits des Westens es \u00fcber kurz oder lang noch ertr\u00e4glich sein k\u00f6nnte, wenn die Art der Migration diese meine Kultur zerst\u00f6rt hat. Ich will hier bleiben. Ich beweg mich nicht. Ich verteidige diese einzige (kulturelle) Heimat, die ich habe, bis zum Letzten.<\/p>\n<p>Weil ich wei\u00df, dass nichts Besseres mehr kommen wird, als das, was wir l\u00e4ngst schon hatten.<br \/>\n&#8230; Alles vom 1.5.2024 von Anabel Schunke bitte lesen auf <a href=\"https:\/\/twitter.com\/ainyrockstar\/status\/1785637957673595002\">https:\/\/twitter.com\/ainyrockstar\/status\/1785637957673595002<\/a><\/p>\n<p>&nbsp;<\/p>\n<p>&nbsp;<\/p>\n<p><strong>Roger Scruton: Kulturelles Erbe des Westens &#8211; sieben Charakteristika<\/strong><br \/>\n<em><a title=\"Konservativismus\" href=\"https:\/\/www.freiburg-schwarzwald.de\/blog\/engagement\/zukunft\/demokratie\/konservativismus\/\">Konservative<\/a> haben die Aufgabe, den Westen zu verteidigen. Seit dem Ende des Vietnamkrieges hat sich ein enormer kultureller Wandel in Europa und Amerika vollzogen. Ein Aspekt dieses Wandels ist das wachsende Bed\u00fcrfnis der meinungsmachenden Klassen nach Beschwichtigung und \u00f6ffentlicher Bu\u00dffertigkeit. Beides ist nicht geeignet, den wichtigsten Gegner des Westens, den Islamismus, zur\u00fcckzudr\u00e4ngen. Es f\u00fchrt nur zu einer weiteren Versch\u00e4rfung der offiziellen Nichtanerkennung unseres kulturellen und religi\u00f6sen Erbes. Scuton z\u00e4hlt <strong>sieben Charakteristika<\/strong> dieses Erbes auf.<\/em><br \/>\n.<br \/>\n<strong>1) Erstens das B\u00fcrgerrecht<\/strong>, was die Bereitschaft, Recht und Gesetz zu gehorchen beinhaltet. Westliche Gesellschaften bestehen (noch) aus B\u00fcrgern, religi\u00f6se Gemeinwesen, wie die des Islam, aus Untertanen, denn in islamischen Gesellschaften werden Recht und Gesetz nicht als freie \u00dcbereink\u00fcnfte, sondern als von Gott gegeben verstanden. Nach islamischen Recht fordert das Gesetz Gehorsam ein.<br \/>\nWeil dieser Gehorsam im Westen von den Migranten nicht eingefordert wird, respektieren sie ihn nicht.<br \/>\n.<br \/>\n<strong>2) Das zweite Charakteristikum ist Nationalit\u00e4t.<\/strong> Keine politische Ordnung ist stabil ohne verbindliche Loyalit\u00e4t. Im Westen besteht die Verpflichtung dem Gemeinwesen gegen\u00fcber, Familie, Stamm oder Glaubensbekenntnis sind zweitrangig. Nationale Identit\u00e4t, die B\u00fcrger des Westens bef\u00e4higt, Seite an Seite zu leben und die Rechte des jeweils anderen zu respektieren, kennt man in islamischen Gemeinschaften nicht. In der islamischen Welt ist es nur den T\u00fcrken und den Kurden gelungen, so etwas, wie eine nationale Identit\u00e4t zu entwickeln. Ohne diese Identit\u00e4t gibt es keine Loyalit\u00e4t zur Gesellschaft als Ganzem.<br \/>\n.<br \/>\n<strong>3) Das dritte wesentliche Charakteristikum ist das Christentum<\/strong>. Die vielen Jahrhunderte christlicher Vorherrschaft in Europa haben die Basis f\u00fcr nationale Loyalit\u00e4t geschaffen. Schon Christus befand sich im Zwiespalt zwischen dem Legalismus seiner j\u00fcdischen Glaubensgenossen und einer weitgehenden Sympathie f\u00fcr das Konzept der s\u00e4kularen Regierung. (Gebt dem Kaiser, was des Kaisers ist \u2026). Paulus hat dann den Glauben f\u00fcr den Gebrauch im R\u00f6mischen Reich ausgelegt, ohne die weltliche Macht herauszufordern.<br \/>\n\u201eDie weitgehende Billigung weltlicher Regierungsmacht durch die fr\u00fchchristliche Kirche war verantwortlich f\u00fcr die nachfolgende Entwicklung Europas\u2026 bis hin zu der territorialen Rechtsordnung, die heutzutage im Westen vorherrscht.\u201c<br \/>\n.<br \/>\n<strong>4) Das vierte Charakteristikum, das man in der Auseinandersetzung mit dem Islam hervorheben sollte, ist die Ironie<\/strong>. Schon die hebr\u00e4ische Bibel entwickelt die Neigung zur Ironie, wir finden sie auch in den christlichen Parabeln. Jesus: \u201eWer ohne S\u00fcnde ist, werfe den ersten Stein\u201c.<br \/>\nIronie sollte als Tugend begriffen werden, als praktizierte Form der Anerkennung des Andersseins aller, einschlie\u00dflich der eigenen Person. Im Islam gibt es keine Ironie, nur heiligen Ernst, der nicht mit den westlichen ironischen Gepflogenheiten umgehen kann.<br \/>\n.<br \/>\n<strong>5) Als f\u00fcnftes Kriterium nennt Scruton die F\u00e4higkeit zur Selbstkritik.<\/strong> Es ist zur zweiten Natur geworden, immer auch die Gegenstimmen zu Wort kommen zu lassen und damit wirkliche Meinungsfreiheit zu praktizieren. Der Brauch, Kritiker zu Wort kommen zu lassen und zu ehren, stellt eine Besonderheit der westlichen Kultur dar und ist ein Zeichen von Freiheit.<br \/>\n.<br \/>\n<strong>6) Ein weiteres entscheidendes Merkmal ist die Interessenvertretung.<\/strong> Der Westen hat eine lange Tradition der Zusammenschl\u00fcsse in Vereinen, Verb\u00e4nden, Klubs, Unternehmen, ohne Erlaubnis \u00fcbergeordneter Stellen. Diese Zusammenschl\u00fcsse stellen Interessenvertreter, die \u00f6ffentlich in Erscheinung treten und deren Verhandlungsergebnisse akzeptiert werden. Etwas Vergleichbares gibt es im Islam nicht. Dem islamischen Gemeinwesen fehlt die Instanz des Sprechers. Das macht Verhandlungen schwierig. Die westliche Gesellschaft ist unendlich erfinderisch in der Schaffung neuer Zusammenschl\u00fcsse, die es den B\u00fcrgern erm\u00f6glichen, friedlich zusammenzuleben, w\u00e4hrend sich islamische Gesellschaften in ununterbrochner Auseinandersetzung befinden.<br \/>\n.<br \/>\n<strong>7) Was l\u00e4sst die westliche Lebensweise funktionieren? Scrutons \u00fcberraschende Antwort: Das Trinken.<\/strong> Auf jeder Party schmilzt das Eis zwischen vollkommen Unbekannten sofort, wenn man sich gegenseitig ein Glas einschenkt und anst\u00f6\u00dft. Das gemeinsame Trinken hat zu der enormen Flexibilit\u00e4t westlicher Gesellschaften gef\u00fchrt und hilft immer wieder, gro\u00dfe Ver\u00e4nderungen zu bew\u00e4ltigen. Die daraus resultierende Leichtg\u00e4ngigkeit der westlichen Gesellschaften, best\u00e4rken den Groll ihrer Gegner, die sich nicht mit dieser Leichtigkeit bewegen k\u00f6nnen.<br \/>\n.<\/p>\n<p>Zum Schluss beantwortet Scruton die Frage, wie wir uns vor dem islamischen Terrorismus sch\u00fctzen k\u00f6nnen.<br \/>\n<strong>Erstens<\/strong> m\u00fcssen wir und klar werden, was wir verteidigen wollen, weil es sich lohnt. Das sind im Wesentlichen die sieben Charakteristika (oben 1) bis 7)), die westliche Gesellschaften auszeichnen und sie, wenn auch nicht zur perfekten, aber der besten und erfolgreichsten aller bekannten menschlichen Gemeinschaften gemacht haben.<br \/>\n.<br \/>\n<strong>Zweiten<\/strong>s m\u00fcssen wir uns dar\u00fcber klar werden, dass man Feindseligkeit und Vorurteile nicht durch Schuldgef\u00fchle und Fehlerbeichte \u00fcberwindet. Schw\u00e4che wirkt provozierend.<br \/>\n&#8222;Wir haben zwei M\u00f6glichkeiten, die zu unserer Verteidigung zur Verf\u00fcgung stehen. Auf gesellschaftlicher Ebene die entschlossene Verteidigung unseres Erbes. Das bedeutet, keine Zugest\u00e4ndnisse an diejenigen zu machen, die wollen, dass wir 1) B\u00fcrgerrechte gegen Untertanengeist, 2) Nationalit\u00e4t gegen Konformit\u00e4t, 3) weltliches Recht gegen die Scharia, die j\u00fcdisch-christliche Tradition gegen den Islam, 4) Ironie gegen heiligen Ernst, 5) Selbstkritik gegen Dogmatismus, 6) Interessenvertretung gegen Unterwerfung und 7)fr\u00f6hliches Trinken gegen Abstinenz eintauschen.\u201c<br \/>\n\u201eIm privaten Raum \u2026 sollten wir dem Weg folgen, den Christus uns gewiesen hat und das bedeutet, die Schl\u00e4ge, die uns zugef\u00fcgt werden, n\u00fcchtern und im Geist der Vergebung betrachten und durch unser Beispiel zeigen, dass diese Schl\u00e4ge nicht mehr ausrichten, als denjenigen, der sie zuf\u00fcgt, zu diskreditieren.\u201c<br \/>\n.<br \/>\n&#8230; Alles vom 17.12.2019 von Vera Lengsfeld bitte lesen auf<br \/>\n<a href=\"https:\/\/vera-lengsfeld.de\/2019\/12\/17\/von-der-lust-ein-konservativer-zu-sein\/\">https:\/\/vera-lengsfeld.de\/2019\/12\/17\/von-der-lust-ein-konservativer-zu-sein\/<\/a><br \/>\n.<br \/>\n<em>Roger Scruton:<\/em><br \/>\n<em>\u201eBekenntnisse eines H\u00e4retikers \u2013 Zw\u00f6lf konservative Streifz\u00fcge\u201c.<\/em><br \/>\n<em>August 2019, 26 Euro, <\/em><br \/>\n<em>.<\/em><br \/>\n<em>Roger Scruton: <\/em><br \/>\n<em>&#8222;Von der Idee, konservativ zu sein. &#8211; Eine Anleitung f\u00fcrGegenwart und Zukunft&#8220;<\/em><br \/>\n<em>FBV, 282 S., iSBN 978-3-95972-272-8. 2019,\u00a022 Euro<\/em><br \/>\n.<\/p>\n<p><strong>Was nicht gesagt wird: Kultur ist kein Basar<\/strong>.<br \/>\nKultur stiftet Identit\u00e4t. Durch Identit\u00e4t entsteht Heimat: Das ist gerade der Ort, an dem man Sitten und Gebr\u00e4uche und vor allem grundlegende Werte eben nicht jeden Tag neu aushandeln muss \u2013 sondern an dem man sich darauf verlassen kann, dass die Anderen, die man auf der Stra\u00dfe oder bei der Arbeit oder beim Einkaufen trifft, diese grundlegenden Werte mindestens weit \u00fcberwiegend teilen und auch die heimischen Sitten und Gebr\u00e4uche respektieren.<br \/>\nWir machen uns mit einiger Berechtigung \u00fcber deutsche Touristen im Ausland lustig, die sich da benehmen wie der Elefant im Porzellanladen und so tun, als seien sie zuhause in Deutschland. Das kritisieren wir, weil wir ein Verst\u00e4ndnis davon haben, dass man als Gast das Zuhause des Gastgebers zu respektieren hat \u2013 mit den dazugeh\u00f6rigen Werten, Sitten und Gebr\u00e4uchen.<br \/>\nMan stellt sich in London an der Bushaltestelle an. Man zieht sich in Kairo die Schuhe aus, bevor man eine Moschee besichtigt. Man spuckt in Peking nicht auf die Stra\u00dfe. Kurz: Man passt sich an. Das kann man nicht nur von Deutschen im Ausland erwarten. Das kann man auch von Ausl\u00e4ndern in Deutschland erwarten.<br \/>\n&#8230;..<br \/>\nAlles vom 14.11.2018 von Christopher Walther bitte lesen auf<br \/>\n<a href=\"https:\/\/www.tichyseinblick.de\/meinungen\/thesen-zur-kulturellen-integration\/\">https:\/\/www.tichyseinblick.de\/meinungen\/thesen-zur-kulturellen-integration\/<\/a><\/p>\n<p>&nbsp;<\/p>\n<p>&nbsp;<\/p>\n<p><strong>Ohne deutsche Kultur keine Integration<\/strong><br \/>\nWenn die sozialdemokratische Integrationsbeauftragte Aydan \u00d6zoguz behauptet, es gebe keine spezifische deutsche Kultur, dann hat sie nicht blo\u00df vergessen, welcher Menge von deutschen Gegebenheiten sie verdankt, dass sie so leben darf, wie sie lebt, sondern sie offenbart damit, in welchem Grade sie sich geweigert hat, ein kulturbedingtes Wertesystem pers\u00f6nlich und bewusst anzunehmen. Wenn es keine deutsche Kultur gibt, dann besteht auch keine Pflicht f\u00fcr den Immigranten, sich in eine solche Kultur zu integrieren. Daher konnte sie verlangen, in Deutschland Kinderehen und Zwangsverheiratungen zu legalisieren.<br \/>\n&#8230; Alles vom 13.12.2017 von Egon Flaig bitte lesen auf<br \/>\n<a href=\"https:\/\/www.achgut.com\/artikel\/ohne_kulturelle_dankbarkeit_keine_demokratie\">https:\/\/www.achgut.com\/artikel\/ohne_kulturelle_dankbarkeit_keine_demokratie<\/a><\/p>\n<p><em>Egon Flaig, Professor Emeritus f\u00fcr Alte Geschichte, Autor zahlreicher B\u00fccher, u.a. Weltgeschichte der Sklaverei (2009), Gegen den Strom. F\u00fcr eine s\u00e4kulare Republik Europa (2013), Die Niederlage der politischen Vernunft (2017).<br \/>\n.<\/em><\/p>\n<p>\u201eSobald diese Leitkultur aber inhaltlich gef\u00fcllt wird, gleitet die Debatte ins L\u00e4cherliche und Absurde, die Vorschl\u00e4ge verkommen zum Klischee des Deutschsein. Kein Wunder, denn eine spezifisch deutsche Kultur ist, jenseits der Sprache, schlicht nicht identifizierbar.\u201c<br \/>\nAydan \u00d6zoguz am 14. Mai 2017: <a href=\"https:\/\/causa.tagesspiegel.de\/gesellschaft\/wie-nuetzlich-ist-eine-leitkultur-debatte\/leitkultur-verkommt-zum-klischee-des-deutschseins.html\">https:\/\/causa.tagesspiegel.de\/gesellschaft\/wie-nuetzlich-ist-eine-leitkultur-debatte\/leitkultur-verkommt-zum-klischee-des-deutschseins.html<\/a><\/p>\n<p>&nbsp;<\/p>\n<p>&nbsp;<\/p>\n<p><strong>Marcel Zhu: Ohne nationale deutsche Identit\u00e4t keine Integration<\/strong><br \/>\nOhne einen beruflichen Erfolg ist Integration kaum m\u00f6glich. Aber selbst viele integrationswillige Migranten aus dem nicht-europ\u00e4ischen Raum, die den Sprung in den Arbeitsmarkt erfolgreich geschafft haben, k\u00f6nnen sich nur schwer mit der neuen, deutschen Heimat identifizieren. Der Grund hierf\u00fcr liegt auch in der deutschen Mehrheitsgesellschaft selbst. <strong>Denn die heutige deutsche Gesellschaft<br \/>\nin Verleugnung und Marginalisierung ihrer <a title=\"Nationalismus\" href=\"https:\/\/www.freiburg-schwarzwald.de\/blog\/engagement\/zukunft\/demokratie\/nationalismus\/\">nationalen<\/a> Identit\u00e4t<br \/>\nist nicht in der Lage,<br \/>\nden Migranten eine neue, deutsche Identit\u00e4t zu geben.<\/strong><br \/>\nDie entwurzelten Einwanderer suchen daher ihre Identit\u00e4t vor allem in ihrem alten Heimatland oder in ihrer mitgebrachten Religion, Kultur oder Ethnie. Auf diese Weise wird oft die aus dem Herkunftsland mitgebrachte Sozialisierung in der Fremde \u2013 in Deutschland \u2013 fortlaufend verst\u00e4rkt. Eine Integration ist somit nicht m\u00f6glich.<br \/>\nGerade jungen Migranten, die in Deutschland zur Schule gehen, wurde derzeit eher ein negatives Bild von Deutschland im Unterricht vermittelt, da das heutige Bild von Deutschland durch die starke Fokussierung auf die NS-Zeit negativ emotionalisiert sei, so kontaktierte ein K\u00f6lner Psychologie-Professor nach einer Untersuchung von 6.122 Jugendlichen und ihren Eltern \u00fcber deren Deutschland-Bild.<br \/>\nAus diesen Gr\u00fcnden w\u00e4re eigentlich die F\u00f6rderung positiver und identit\u00e4tsstiftender Teile deutscher Geschichte und die Pflege der <a title=\"Identitaet\" href=\"https:\/\/www.freiburg-schwarzwald.de\/blog\/engagement\/zukunft\/demokratie\/identitaet\/\">nationalen Identit\u00e4t<\/a> notwendig gewesen, um den integrationswilligen Migranten ein positives Deutschland-Bild zu vermitteln und denjenigen, die bereit sind, ihre alte nationale Identit\u00e4t abzulegen, eine neue, deutsche Identit\u00e4t zu geben. Eine solche F\u00f6rderung der deutschen Identit\u00e4t steht derzeit jedoch nirgendwo in der Agenda der Regierungsparteien zur Integration von Migranten und ist daher politisch momentan nicht durchsetzbar.<br \/>\n&#8230; Alles von <a title=\"Migration: Sozialstaat Identitaet\" href=\"https:\/\/www.freiburg-schwarzwald.de\/blog\/migration-sozialstaat-identitaet\/\">Marcel Zhu<\/a> vom 26.4.2018 bitte lesen auf<br \/>\n<a href=\"https:\/\/www.tichyseinblick.de\/kolumnen\/aus-aller-welt\/niedergang-und-wiederaufstieg-von-nationen-die-schicksalsfrage-deutschlands\/\">https:\/\/www.tichyseinblick.de\/kolumnen\/aus-aller-welt\/niedergang-und-wiederaufstieg-von-nationen-die-schicksalsfrage-deutschlands\/<\/a><\/p>\n<p>&nbsp;<\/p>\n<p>&nbsp;<\/p>\n<p><strong>Ulrich Greiner:\u00a0Deutsche kulturelle Identit\u00e4t<\/strong><\/p>\n<p>In seinem Buch &#8222;Heimatlos &#8211; Bekenntnisse eines Konservativen&#8220; stellt Ulrich Greiner konservativ und rechts gleich &#8211; als Gegenpol zu links: &#8222;Es ist g\u00e4ngig, den humanit\u00e4r gesinnten Zeitgenossen, der den Mulitkulturalismus begr\u00fc\u00dft und die Willkommenskultur hochh\u00e4lt, &#8222;links&#8220; zu nennen, den relit\u00e4tsbezogenen Zeitgenossen hingegen, der eine Obergrenze der Zusanderung fordert und vor einer Islamisierung warnt, hingegen &#8222;rechts&#8220;. Was abermals in das \u00f6ffentlich gepflegte Bild pa\u00dft, die Linken seien weltoffen und die rechten borniert. Letztlich geht es um die Kategorien des Eigenen und des Fremden. Wer links ist, neigt zum Internationalismus, er kann also das Eigene f\u00fcr nebens\u00e4chlich halten und mu\u00df es nicht n\u00e4her bestimmen. Als Konservativer jedoch kann ich mich vor dieser Frage nicht dr\u00fccken, obwohl die m\u00f6glichen Antworten in manche Fallen f\u00fchren.&#8220; (Greiner, Seite 43)&#8216;.<\/p>\n<p>Das Eigene, die kulturelle Identit\u00e4t, deutsche Kultur bzw. Leitkultur &#8211; diese Begriffe lassen sich aus unterschiedenen Sichtweisen heraus definieren. Greiner beschreibt mehrere Versuche, die &#8222;deutsche Kultur&#8220; zu definieren:<br \/>\n1) Rechtsradikal aus dem V\u00f6lkischen. Verbietet sich, da rassisch-biologisch aufgeladen.<br \/>\n2) Kulturell aus M\u00e4rchen, Volksliedern der Romantik, des Barocks.<br \/>\n3) Kulturell \u00fcber Kirche, Liberalismus, Trennung von Kirche und Staat.<br \/>\n4) Leitkultur &#8211; zehn Thesen von de Maiziere als Richtschnur, 2017.<br \/>\n5) Kulturelle Identit\u00e4t als typisch deutsche Reaktionen bei kollektiven Ereignissen (siehe oben).<br \/>\n6) Was die jetzige Generation als Tradition lernt und der n\u00e4chsten weitergibt (Schiller)<br \/>\n7) Das Eigene als Gegenpol zum Fremden (Globalisierung, Migration).<br \/>\n.<br \/>\nGreiner geht ausf\u00fchrlich auf 5) &#8211; er beschreibt unsere Kultur \u00fcber die Begeisterung, Emp\u00f6rung oder Betroffenheit, die bewegende kollektive Ereignisse ausl\u00f6sen: &#8222;Die Reaktionen auf den Fall der Mauer 1989, der heitere Sommer der Fussball-Weltmeisteschaft 2006, die Welle der Hilfsbereitschaft f\u00fcr die eintreffenden Fl\u00fcchtlinge im Herbst 2015 und schlie\u00dflich auch das allgemeine Entsetzen \u00fcber die Ereignisse der K\u00f6lner Silvesternacht kurz darauf (2016) h\u00e4tten sich in anderen L\u00e4ndern auf andere Weise Ausdruck verschafft.&#8220; (Seite 52). Will sagen, wie die WM 2016 in den Stadien, Strassen, Parks, Gasth\u00e4usern, Hotels, beim Public Viewing, im \u00f6ffentlichen wie privaten Raum stattgefunden hat, all das verdanken wir unserer Kultur. &#8222;Diese Identit\u00e4t ist Ausdruck einer Mentalit\u00e4t, einer durch geschichtliche Erfahrung gepr\u00e4gten kollektiven Reaktionsweise. Sie ist nichts, worauf man stolz sein m\u00fcsste oder d\u00fcrfte. Um Stolz (Nationalstolz) geht es nicht. Es geht um den geschichtlichen Raum, in dem die Menschen, ob sie wollen oder nicht, heranwachsen und den sie sich aneignen m\u00fcssen, um selbstbewu\u00dfte Mitglieder ihrer Gesellschaft zu werden. Erst so erlangen sie das, was man Identit\u00e4t nennt.&#8220;<br \/>\nAlso: Besuchen Sie die Karnevalsumz\u00fcge in D\u00fcsseldorf, K\u00f6ln und Mainz, besuchen Sie den Narrensprung in Rottweil &#8211; und Sie erleben deutsche Kultur, mit Menschen, die sich ihrer kulturellen Identit\u00e4t bewu\u00dft sind.<br \/>\n.<br \/>\n<em>Ulrich Greiner: Heimatlos &#8211; Bekenntnisse eines Konservativen, <\/em><br \/>\n<em>158 S., Rowohlt, Hamburg 2017<br \/>\n.<\/em><\/p>\n<p><strong>F\u00fcr Multikulti-Anh\u00e4nger gibt es \u00fcberhaupt keine eigene, deutsche Kultur<br \/>\n<\/strong>Deutschland ohne\u00a0eigene Kultur &#8211; f\u00fcr Ulrich Greiner als Konservativem undenkbar.\u00a0&#8222;Unabh\u00e4ngig jedoch davon, was die AfD unter &#8222;deutscher kultureller Identit\u00e4t&#8220; versteht, bin ich davon \u00fcberzeugt, dass es diese Identit\u00e4t gibt&#8220; (Greiner, Seite 48). Dem aktuellen Multikulturalismus ist das Eigene fremd &#8211; er\u00a0erkennt \u00fcberhaupt keine Leitkultur &#8211; wie etwa Jens Jessen:<br \/>\n&#8222;Deutschland besteht seit Generationen, auf jeden Fall schon vor der Ankunft einer nennenswerten Menge von Fremden, aus einer Vielzahl von Parallelgesellschaften. Sie verstehen sich nur m\u00fchsam, manche hassen sich, die meisten ertragen einander seufzend. &#8230; Die &#8218;deutsche kulturelle Identit\u00e4t&#8216; ist nicht als Beschreibung eines Zustands denkbar, sondern nur als Kampfziel &#8211; als kulturelle Gleichschaltung.&#8220; (Jens Jessen, DIE ZEIT, 22.9.2016).<br \/>\nWenn ein Franzose sagt &#8222;Ich f\u00fchle mich als Franzose&#8220;, dann ist dies demnach nur als Kampfziel nach innen (Gleichschaltung von Menschen in der Lorraine, Marne, Bretagne, &#8230; ) oder nach au\u00dfen (Spanier sind keine Franzosen) zu werten, nicht aber als Ausdruck von Identit\u00e4t, Stolz, Verbr\u00fcderung, &#8230; gegen\u00fcber all denen, die sich genauso als Franzosen f\u00fchlen. Jeder Normalfranzose, gerne auch der aus bildungsschwachen Schichten, w\u00fcrde Jessen des Selbsthasses bezichtigen. Die deutschen gutmenschlichen Weltb\u00fcrger hingegen applaudieren brav.<\/p>\n","protected":false},"excerpt":{"rendered":"<p>Home\u00a0&gt;Engagement\u00a0&gt;Zukunft\u00a0&gt;Demokratie\u00a0&gt;Global\u00a0&gt;Deutschland\u00a0&gt;Deutsche-Kultur . .\u00a0 &nbsp; Listenauswahl eines Beitrags (Artikel\/Datum, Seite\/Inhalt):\u00a0Klicken\u00a0oder scrollen Thomas Hartung: Deutsch darf in der Schule nicht zur Fremdsprache werden\u00a0(24.7.2026) Die Deutsche Kultur im Hofstede-Modell\u00a0(12.6.2026) Die Antideutschen sind eine extremistische Sekte mit Breitenwirkung\u00a0(9.6.2026) Deutsche als einheitsbraune Nicht-Muslime\u00a0(25.5.2026) Goethe in &hellip; <a href=\"https:\/\/www.freiburg-schwarzwald.de\/blog\/global\/deutschland\/deutsche-kultur\/\">Weiterlesen <span class=\"meta-nav\">&rarr;<\/span><\/a><\/p>\n","protected":false},"author":2,"featured_media":0,"parent":62490,"menu_order":0,"comment_status":"open","ping_status":"closed","template":"","meta":{"footnotes":""},"class_list":["post-66587","page","type-page","status-publish","hentry"],"_links":{"self":[{"href":"https:\/\/www.freiburg-schwarzwald.de\/blog\/wp-json\/wp\/v2\/pages\/66587","targetHints":{"allow":["GET"]}}],"collection":[{"href":"https:\/\/www.freiburg-schwarzwald.de\/blog\/wp-json\/wp\/v2\/pages"}],"about":[{"href":"https:\/\/www.freiburg-schwarzwald.de\/blog\/wp-json\/wp\/v2\/types\/page"}],"author":[{"embeddable":true,"href":"https:\/\/www.freiburg-schwarzwald.de\/blog\/wp-json\/wp\/v2\/users\/2"}],"replies":[{"embeddable":true,"href":"https:\/\/www.freiburg-schwarzwald.de\/blog\/wp-json\/wp\/v2\/comments?post=66587"}],"version-history":[{"count":6,"href":"https:\/\/www.freiburg-schwarzwald.de\/blog\/wp-json\/wp\/v2\/pages\/66587\/revisions"}],"predecessor-version":[{"id":152435,"href":"https:\/\/www.freiburg-schwarzwald.de\/blog\/wp-json\/wp\/v2\/pages\/66587\/revisions\/152435"}],"up":[{"embeddable":true,"href":"https:\/\/www.freiburg-schwarzwald.de\/blog\/wp-json\/wp\/v2\/pages\/62490"}],"wp:attachment":[{"href":"https:\/\/www.freiburg-schwarzwald.de\/blog\/wp-json\/wp\/v2\/media?parent=66587"}],"curies":[{"name":"wp","href":"https:\/\/api.w.org\/{rel}","templated":true}]}}