{"id":66504,"date":"2018-02-11T17:10:47","date_gmt":"2018-02-11T16:10:47","guid":{"rendered":"https:\/\/www.freiburg-schwarzwald.de\/blog\/?page_id=66504"},"modified":"2026-01-03T14:52:25","modified_gmt":"2026-01-03T13:52:25","slug":"buergerkrieg","status":"publish","type":"page","link":"https:\/\/www.freiburg-schwarzwald.de\/blog\/global\/deutschland\/buergerkrieg\/","title":{"rendered":"Buergerkrieg"},"content":{"rendered":"<p><a href=\"https:\/\/freiburg-schwarzwald.de\/blog\">Home<\/a>\u00a0&gt;<a title=\"Engagement\" href=\"https:\/\/www.freiburg-schwarzwald.de\/blog\/engagement\/\">Engagement<\/a>\u00a0&gt;<a title=\"Zukunft\" href=\"https:\/\/www.freiburg-schwarzwald.de\/blog\/engagement\/zukunft\/\">Zukunft<\/a>\u00a0&gt;<a title=\"Demokratie\" href=\"https:\/\/www.freiburg-schwarzwald.de\/blog\/engagement\/zukunft\/demokratie\/\">Demokratie<\/a>\u00a0&gt;<a title=\"Global\" href=\"https:\/\/www.freiburg-schwarzwald.de\/blog\/global\/\">Global<\/a>\u00a0&gt;<a title=\"Deutschland\" href=\"https:\/\/www.freiburg-schwarzwald.de\/blog\/global\/deutschland\/\">Deutschland<\/a>\u00a0&gt;Buergerkrieg<\/p>\n<div id=\"attachment_51166\" style=\"width: 651px\" class=\"wp-caption alignnone\"><a href=\"https:\/\/www.freiburg-schwarzwald.de\/blog\/global\/iran\/frauen-iran\/yazd1wueste-pan141013\/\" rel=\"attachment wp-att-51166\"><img loading=\"lazy\" decoding=\"async\" aria-describedby=\"caption-attachment-51166\" class=\"size-full wp-image-51166\" src=\"https:\/\/www.freiburg-schwarzwald.de\/blog\/wp-content\/uploads\/2014\/10\/yazd1wueste-pan141013.jpg\" alt=\"Oase in der trockenen Gebirgslandschaft zwischen Shiraz und Yazd am 13.10.2014\" width=\"641\" height=\"192\" srcset=\"https:\/\/www.freiburg-schwarzwald.de\/blog\/wp-content\/uploads\/2014\/10\/yazd1wueste-pan141013.jpg 641w, https:\/\/www.freiburg-schwarzwald.de\/blog\/wp-content\/uploads\/2014\/10\/yazd1wueste-pan141013-180x53.jpg 180w, https:\/\/www.freiburg-schwarzwald.de\/blog\/wp-content\/uploads\/2014\/10\/yazd1wueste-pan141013-640x191.jpg 640w\" sizes=\"auto, (max-width: 641px) 100vw, 641px\" \/><\/a><p id=\"caption-attachment-51166\" class=\"wp-caption-text\">Oase in der trockenen Gebirgslandschaft zwischen Shiraz und Yazd am 13.10.2014<\/p><\/div>\n<ul>\n<li><em>Listenauswahl eines Beitrags: Bitte <span style=\"text-decoration: underline;\">anklicken<\/span> oder runterscrollen<\/em><\/li>\n<li><a href=\"https:\/\/www.freiburg-schwarzwald.de\/blog\/silvesternacht-2026-friedlich\/\">Entsteht auch in Europa eine islamische Untergrundarmee \u2013 5.Kolonne?<\/a>\u00a0(3.1.2026)<\/li>\n<li><a href=\"https:\/\/www.freiburg-schwarzwald.de\/blog\/giessen-der-staat-laesst-gewalt-zu\/\">Gie\u00dfen: Der Staat l\u00e4\u00dft Gewalt zu<\/a>\u00a0(30.11.2025)<\/li>\n<li><a href=\"https:\/\/www.freiburg-schwarzwald.de\/blog\/global\/france\/\">Wie Frankreich in einen B\u00fcrgerkrieg hinein schlafwandelt<\/a> (21.11.2025)<\/li>\n<li><a href=\"https:\/\/www.freiburg-schwarzwald.de\/blog\/niedergang-oekonomie-freiheit\/\">Niedergang: \u00d6konomie, Freiheit<\/a>\u00a0(1.11.2025)<\/li>\n<li><a href=\"https:\/\/www.freiburg-schwarzwald.de\/blog\/nationalfeiertag-am-3-10-2025\/\">Nationalfeiertag am 3.10.2025<\/a>\u00a0(3.10.2025)<\/li>\n<li><a href=\"https:\/\/www.freiburg-schwarzwald.de\/blog\/vereine\/partei\/afd\/afd-verbot\/\">B\u00fcrgerkriegs\u00e4hnliche Zust\u00e4nde nach AfD-Verbot?<\/a> (25.9.2025)<\/li>\n<li>David J. Betz: Hat in Westeuropa schon der B\u00fcrgerkrieg begonnen? (21.7.2025)<\/li>\n<li><a href=\"https:\/\/www.freiburg-schwarzwald.de\/blog\/vereine\/partei\/afd\/afd-verbot\/\">Andreas R\u00f6dder: B\u00fcrgerkrieg bei AfD-Verbot<\/a> (17.7.2025)<\/li>\n<li><a href=\"https:\/\/www.freiburg-schwarzwald.de\/blog\/engagement\/buerger\/buergerwehr\/\">Jugendgang terrorisiert Dorf: Einwohner gr\u00fcnden B\u00fcrgerwehr, weil es an Polizei fehlt<\/a>\u00a0(9.7.2025)<\/li>\n<li><a href=\"https:\/\/www.freiburg-schwarzwald.de\/blog\/global\/integration\/gewaltimport\/\">Gewalt auf Pal\u00e4stina-Demos: Die B\u00fcrgerkriege der anderen<\/a> (23.5.2025)<\/li>\n<li><a href=\"https:\/\/www.freiburg-schwarzwald.de\/blog\/frieden-nach-ende-ukrainekrieg\/\">Frieden nach Ende Ukrainekrieg<\/a>\u00a0(28.4.2025)<\/li>\n<li>Aufruf zum B\u00fcrgerkrieg im deutschen Bundestag? (29.1.2025)<\/li>\n<li><a href=\"https:\/\/www.freiburg-schwarzwald.de\/blog\/politische-vernunft-in-d\/\">Politische Vernunft in D<\/a>\u00a0(29.8.2024)<\/li>\n<li><a href=\"https:\/\/www.freiburg-schwarzwald.de\/blog\/signale-southport-und-berlin\/\">Signale von Southport 29.6.2024 und Berlin 3.8.2024<\/a>\u00a0(8.8.2024)<\/li>\n<li>Der deutsche B\u00fcrgerkrieg: links-gr\u00fcn gegen konservativ (3.8.2024)<\/li>\n<li><a href=\"https:\/\/www.freiburg-schwarzwald.de\/blog\/essen-gewalt-gegen-opposition\/\">Essen: Gewalt gegen Opposition<\/a>\u00a0(1.7.2024)<\/li>\n<li><a href=\"https:\/\/www.freiburg-schwarzwald.de\/blog\/global\/integration\/parallelgesellschaft\/\">Eine islamistische Parallelgesellschaft f\u00fchrt Krieg gegen Deutschland<\/a>\u00a0(4.6.2024)<\/li>\n<li><a href=\"https:\/\/www.freiburg-schwarzwald.de\/blog\/engagement\/zukunft\/krieg\/bundeswehr\/\">Wof\u00fcr k\u00e4mpfen deutsche Soldaten? \u2013 Heimaturlaub<\/a> (23.3.2024)<\/li>\n<li>Mathias Brodkorb. Der Warner &#8211; &#8222;Kampf gegen rechts&#8220; mit B\u00fcrgerkriegspotenzial (22.3.2024)<\/li>\n<li>Der inszenierte B\u00fcrgerkrieg &#8211; Demonstrationen der Regierung mit der Regierung (7.2.2024)<\/li>\n<li><a href=\"https:\/\/www.freiburg-schwarzwald.de\/blog\/global\/france\/crepol\/\">Das andere Frankreich steht auf: Nach Cr\u00e9pol dreht sich der Wind<\/a>\u00a0(4.12.2023)<\/li>\n<li><a href=\"https:\/\/www.freiburg-schwarzwald.de\/blog\/global\/deutschland\/deutschland-israel\/\">Anti-j\u00fcdische Ausschreitungen in D: Vom Multi-Kulti-Traum in den B\u00fcrgerkrieg<\/a> (20.10.2023)<\/li>\n<li><a href=\"https:\/\/www.freiburg-schwarzwald.de\/blog\/energie\/akw\/kernkraft\/\">Manfred Haferburg: \u201eDas ist Krieg gegen die eigene Bev\u00f6lkerung!\u201c<\/a>\u00a0(26.7.2023)<\/li>\n<li><a href=\"https:\/\/www.freiburg-schwarzwald.de\/blog\/in-frankreich-guerre-civile\/\">In Frankreich: Guerre civile<\/a>\u00a0(2.7.2023)<\/li>\n<li><a href=\"https:\/\/www.freiburg-schwarzwald.de\/blog\/global\/deutschland\/consent-of-the-governed\/\">Krieg gegen die eigene Bev\u00f6lkerung<\/a> (22.4.2023)<\/li>\n<li><a href=\"https:\/\/www.freiburg-schwarzwald.de\/blog\/kultur\/kulturkampf\/migranten-deutsche\/\">Gewalt zwischen Migranten und Deutschen<\/a>\u00a0(24.3.2023)<\/li>\n<li><a href=\"https:\/\/www.freiburg-schwarzwald.de\/blog\/schalom-rechnungen-bezahlt\/\">Schalom: Rechnungen bezahlt<\/a>\u00a0(8.10.2022)<\/li>\n<li><a href=\"https:\/\/www.freiburg-schwarzwald.de\/blog\/global\/usa\/us-geopolitik\/\">Guerot: Vier Kriege toben in der Ukraine<\/a>\u00a0(2.6.2022)<\/li>\n<li>Kultureller B\u00fcrgerkrieg (3.11.2021)<\/li>\n<li><a href=\"https:\/\/www.freiburg-schwarzwald.de\/blog\/business\/gesund\/corona-virus\/corona-warum\/\">\u201eHolt mich hier raus\u201c: 50 Jahre Stanford-Prison-Experiment<\/a>\u00a0(14.8.2021)<\/li>\n<li><a href=\"https:\/\/www.freiburg-schwarzwald.de\/blog\/religion\/islam\/untergang\/\">Constantin Schreiber: Die Kandidatin \u2013 Warnung vor dem B\u00fcrgerkrieg<\/a>\u00a0(3.6.2021)<\/li>\n<li><a href=\"https:\/\/www.freiburg-schwarzwald.de\/blog\/israel-staatsraison-nur-verbal\/\">Israel Staatsraison \u2013 nur verbal<\/a>\u00a0(15.5.2021)<\/li>\n<li><a href=\"https:\/\/www.freiburg-schwarzwald.de\/blog\/bildung\/politische-bildung\/\">BpB: Linksextremismus teilt Ideen von Freiheit, Gleichheit, Br\u00fcderlichkeit<\/a>\u00a0(11.1.2021)<\/li>\n<li><a title=\"Partyszene randaliert in S und F\" href=\"https:\/\/www.freiburg-schwarzwald.de\/blog\/partyszene-randaliert-in-s-und-f\/\">Partyszene randaliert in S und F<\/a>\u00a0(21.7.2020)<\/li>\n<li><a title=\"Verteilungskampf\" href=\"https:\/\/www.freiburg-schwarzwald.de\/blog\/global\/deutschland\/verteilungskampf\/\">Auf die Corona-Krise k\u00f6nnten Verteilungsk\u00e4mpfe folgen<\/a>\u00a0(10.7.2020)<\/li>\n<li>&#8222;Das ist Krieg&#8220; &#8211; Hilferuf eines Polizisten aus Stuttgart (22.6.2020)<\/li>\n<li><a title=\"Migrationspolitik\" href=\"https:\/\/www.freiburg-schwarzwald.de\/blog\/global\/migration\/migrationspolitik\/\">Fritz S\u00f6llner: Der H\u00f6hepunkt der (Migrations-)Krise kommt noch<\/a>\u00a0(20.5.2020)<\/li>\n<li><a title=\"Hass\" href=\"https:\/\/www.freiburg-schwarzwald.de\/blog\/kultur\/medien\/hass\/\">Thorsten Hinz: Den Ha\u00df fixiert, wer die Macht besitzt &#8211; geistiger B\u00fcrgerkrieg<\/a>\u00a0(22.11.2019)<\/li>\n<li><a title=\"Demokratie-Rousseau\" href=\"https:\/\/www.freiburg-schwarzwald.de\/blog\/engagement\/zukunft\/demokratie\/demokratie-rousseau\/\">Zweierlei Demokratie \u2013 \u201cvon unten\u201d oder \u201cvon oben\u201d<\/a>\u00a0(5.11.2019)<\/li>\n<li><a title=\"Intellektuelle\" href=\"https:\/\/www.freiburg-schwarzwald.de\/blog\/global\/deutschland\/gesellschaft\/intellektuelle\/\">Diener der Macht: Medien, Intellektuelle<\/a>\u00a0(18.10.2019)<\/li>\n<li><a href=\"https:\/\/www.freiburg-schwarzwald.de\/blog\/polizei-im-geordneten-rueckzug\/\">https:\/\/www.freiburg-schwarzwald.de\/blog\/polizei-im-geordneten-rueckzug\/<\/a>\u00a0(24.7.2019)<\/li>\n<li><a title=\"Rezession \u2013 Innerer Friede\" href=\"https:\/\/www.freiburg-schwarzwald.de\/blog\/rezession-innerer-friede\/\">Rezession bedroht den inneren Frieden<\/a>\u00a0(11.7.2019)<\/li>\n<li><a title=\"Meinungsfreiheit\" href=\"https:\/\/www.freiburg-schwarzwald.de\/blog\/kultur\/medien\/meinungsfreiheit\/\">Gauck: Begrenzte Meinungsfreiheit bei uns in Deutschland<\/a>\u00a0(20.6.2019)<\/li>\n<li>Das Sch\u00fcren von Klimaangst-Hysterie ist gef\u00e4hrlich &#8211; B\u00fcrgerkrieg (20.6.2019)<\/li>\n<li>Zeyer in der BAZ: Rechtsstaat verrottet &#8211; B\u00fcrgerkrieg droht (29.11.2018)<\/li>\n<li>CDU &#8211; AfD &#8211; Grenzen &#8211; Nationalismus &#8211; B\u00fcrgerkrieg (27.11.2018)<\/li>\n<li>B\u00fcrgerkrieg? (15.9.2018)<\/li>\n<li>Medien teilen demokratische Mitte in Merkelfans und Merkelgegner (3.9.2018)<\/li>\n<li>Ellwangen: B\u00fcrgerkrieg erfolgreich begonnen (3.5.2018)<\/li>\n<li><a title=\"Merkel-muss-weg\" href=\"https:\/\/www.freiburg-schwarzwald.de\/blog\/engagement\/zukunft\/demokratie\/merkel-muss-weg\/\">Gerade auch die Ossis fordern: Merkel mu\u00df weg<\/a>\u00a0 (19.3.2018)<\/li>\n<li><a href=\"https:\/\/www.freiburg-schwarzwald.de\/blog\/haben-wir-bald-buergerkrieg\/\">https:\/\/www.freiburg-schwarzwald.de\/blog\/haben-wir-bald-buergerkrieg\/<\/a> (2.3.2018)<\/li>\n<li><a title=\"Terror\" href=\"https:\/\/www.freiburg-schwarzwald.de\/blog\/religion\/islam\/terror\/\">Islam: Stille Eroberung statt Terror &#8211; f\u00fchrt zum B\u00fcrgerkrieg in D<\/a>\u00a0(20.2.2018)<\/li>\n<li>Ein B\u00fcrgerkrieg in Deutschland ist abwegig (11.2.2018)<\/li>\n<li><\/li>\n<li><a href=\"https:\/\/www.freiburg-schwarzwald.de\/blog\/engagement\/buerger\/\">Buerger<\/a><\/li>\n<li><a href=\"https:\/\/www.freiburg-schwarzwald.de\/blog\/engagement\/buerger\/buergerwehr\/\">Buergerwehr<\/a><\/li>\n<li><a title=\"CDU\" href=\"https:\/\/www.freiburg-schwarzwald.de\/blog\/vereine\/partei\/cdu\/\">CDU<\/a><\/li>\n<li><a title=\"Chemnitz-Messermord26-08-2018\" href=\"https:\/\/www.freiburg-schwarzwald.de\/blog\/engagement\/zukunft\/demokratie\/chemnitz-messermord26-08-2018\/\">Chemnitz-.Messermord26-08-2018<\/a><\/li>\n<li><a title=\"Corona-Sozialismus\" href=\"https:\/\/www.freiburg-schwarzwald.de\/blog\/business\/rezession\/corona-sozialismus\/\">Corona-Sozialismus<\/a><\/li>\n<li><a href=\"https:\/\/www.freiburg-schwarzwald.de\/blog\/business\/gesund\/corona-virus\/corona-warum\/\">Corona-Warum<\/a><\/li>\n<li><a title=\"Demokratie\" href=\"https:\/\/www.freiburg-schwarzwald.de\/blog\/engagement\/zukunft\/demokratie\/\">Demokratie<\/a><\/li>\n<li><a title=\"Demokratie-Rousseau\" href=\"https:\/\/www.freiburg-schwarzwald.de\/blog\/engagement\/zukunft\/demokratie\/demokratie-rousseau\/\">Demokratie-Rousseau<\/a><\/li>\n<li><a title=\"Deutschland\" href=\"https:\/\/www.freiburg-schwarzwald.de\/blog\/global\/deutschland\/\">Deutschland<\/a><\/li>\n<li><a title=\"Extremismus\" href=\"https:\/\/www.freiburg-schwarzwald.de\/blog\/engagement\/zukunft\/demokratie\/extremismus\/\">Extremismus<\/a><\/li>\n<li><a title=\"Groessenwahn\" href=\"https:\/\/www.freiburg-schwarzwald.de\/blog\/engagement\/zukunft\/groessenwahn\/\">Groessenwahn<\/a><\/li>\n<li><a title=\"Grundgesetz\" href=\"https:\/\/www.freiburg-schwarzwald.de\/blog\/engagement\/zukunft\/demokratie\/grundgesetz\/\">Grundgesetz<\/a><\/li>\n<li><a title=\"Gruppenvergewaltigung\" href=\"https:\/\/www.freiburg-schwarzwald.de\/blog\/selbsthilfe\/krise\/sexuellermissbrauch\/gruppenvergewaltigung\/\">Gruppenvergewaltigung<\/a><\/li>\n<li><a title=\"Gutmenschen\" href=\"https:\/\/www.freiburg-schwarzwald.de\/blog\/engagement\/gutmenschen\/\">Gutmenschen<\/a><\/li>\n<li><a title=\"Hass\" href=\"https:\/\/www.freiburg-schwarzwald.de\/blog\/kultur\/medien\/hass\/\">Hass<\/a><\/li>\n<li><a title=\"Intellektuelle\" href=\"https:\/\/www.freiburg-schwarzwald.de\/blog\/global\/deutschland\/gesellschaft\/intellektuelle\/\">Intellektuelle<\/a><\/li>\n<li><a title=\"Linke-Gewalt\" href=\"https:\/\/www.freiburg-schwarzwald.de\/blog\/selbsthilfe\/krise\/gewalt\/linke-gewalt\/\">Linke Gewalt<\/a><\/li>\n<li><a title=\"Merkelismus\" href=\"https:\/\/www.freiburg-schwarzwald.de\/blog\/engagement\/zukunft\/demokratie\/merkelismus\/\">Merkelismus<\/a><\/li>\n<li><a title=\"Migranten-Armee\" href=\"https:\/\/www.freiburg-schwarzwald.de\/blog\/global\/migration\/migranten-armee\/\">Migranten-Armee<\/a><\/li>\n<li><a href=\"https:\/\/www.freiburg-schwarzwald.de\/blog\/kultur\/kulturkampf\/migranten-deutsche\/\">Migranten-Deutsche<\/a><\/li>\n<li><a title=\"Migration\" href=\"https:\/\/www.freiburg-schwarzwald.de\/blog\/global\/migration\/\">Migration<\/a><\/li>\n<li><a title=\"Migrationspolitik\" href=\"https:\/\/www.freiburg-schwarzwald.de\/blog\/global\/migration\/migrationspolitik\/\">Migrationspolitk ab 2020<\/a><\/li>\n<li><a title=\"Nation\" href=\"https:\/\/www.freiburg-schwarzwald.de\/blog\/engagement\/zukunft\/demokratie\/nation\/\">Nation<\/a><\/li>\n<li><a title=\"Nationalismus\" href=\"https:\/\/www.freiburg-schwarzwald.de\/blog\/engagement\/zukunft\/demokratie\/nationalismus\/\">Nationalismus<\/a><\/li>\n<li><a title=\"Parlament\" href=\"https:\/\/www.freiburg-schwarzwald.de\/blog\/engagement\/zukunft\/demokratie\/parlament\/\">Parlament \u2013 Bundestag<\/a><\/li>\n<li><a title=\"Patriotismus\" href=\"https:\/\/www.freiburg-schwarzwald.de\/blog\/engagement\/zukunft\/demokratie\/patriotismus\/\">Patriotismus<\/a><\/li>\n<li><a title=\"Rechtsstaat\" href=\"https:\/\/www.freiburg-schwarzwald.de\/blog\/selbsthilfe\/soziales\/justiz\/rechtsstaat\/\">Rechtsstaat<\/a><\/li>\n<li><a title=\"Schuldkomplex\" href=\"https:\/\/www.freiburg-schwarzwald.de\/blog\/global\/deutschland\/schuldkomplex\/\">Schuldkomplex<\/a><\/li>\n<li><a title=\"Selbsthass\" href=\"https:\/\/www.freiburg-schwarzwald.de\/blog\/engagement\/zukunft\/selbsthass\/\">Selbsthass<\/a><\/li>\n<li><a href=\"https:\/\/www.freiburg-schwarzwald.de\/blog\/global\/ukraine\/ukraine-russland\/\">Ukraine-Russland<\/a><\/li>\n<li><a title=\"Verteilungskampf\" href=\"https:\/\/www.freiburg-schwarzwald.de\/blog\/global\/deutschland\/verteilungskampf\/\">Verteilungskampf<\/a><\/li>\n<li><a title=\"Volk\" href=\"https:\/\/www.freiburg-schwarzwald.de\/blog\/engagement\/zukunft\/demokratie\/volk\/\">Volk<\/a><\/li>\n<li><a title=\"Werte\" href=\"https:\/\/www.freiburg-schwarzwald.de\/blog\/global\/integration\/werte\/\">Werte<\/a><\/li>\n<li><a title=\"Zeitgeist\" href=\"https:\/\/www.freiburg-schwarzwald.de\/blog\/engagement\/zeitgeist\/\">Zeitgeist<\/a><\/li>\n<li><a title=\"Zukunftsfaehiges-Deutschland\" href=\"https:\/\/www.freiburg-schwarzwald.de\/blog\/engagement\/zukunft\/zukunftsfaehiges-deutschland\/\">Zukunftsf\u00e4higes Deutschland<\/a><\/li>\n<\/ul>\n<p>&nbsp;<\/p>\n<p><strong>Zwischen Weltkrieg Zwei und Drei<\/strong><br \/>\n&#8222;Zwischen Weltkrieg Zwei und Drei dr\u00e4ngten sich die Deutschen an die Spitze der Humanit\u00e4t und Allg\u00fcte.<br \/>\nDer Gebrauch des Wortes &#8222;Humanit\u00e4tsduselei&#8220; kostete achtundvierzig Stunden Arrest oder eine entsprechend hohe Geldsumme.<br \/>\nDie meisten der Deutschen nahmen auch, was sie unter Humanit\u00e4t und G\u00fcte verstanden, \u00e4u\u00dferst ernst. Sie hatten doch seit Jahrhunderten danach gelechzt, beliebt zu sein.<br \/>\nHumanit\u00e4t und G\u00fcte erschien ihnen jetzt der beste Weg zu diesem Ziel. Sie fanden ihn sogar weit bequemer als Heroismus und Rassenlehre.&#8220;<br \/>\n(Franz Werfel 1946 in: &#8222;Stern der Ungeborenen&#8220;)<br \/>\n==========================================================<\/p>\n<p><strong>David J. Betz: Hat in Westeuropa schon der B\u00fcrgerkrieg begonnen?<\/strong><br \/>\nDer britische Kriegsforscher Prof. David J. Betz sorgte 2023 f\u00fcr Aufsehen, als er einen B\u00fcrgerkrieg in Westeuropa vorhersagte. Ein zweiter Teil dieses Essays erschien erst vor wenigen Wochen. Im Interview mit Mark Feldon erkl\u00e4rt er, warum er das so sieht.<br \/>\nMan liest die Essays von David J. Betz, Professor f\u00fcr moderne Kriegsforschung am Londoner King\u2019s College, und fragt sich, ob der Startschuss f\u00fcr den von ihm prophezeiten B\u00fcrgerkrieg im Westen nicht l\u00e4ngst gefallen ist. Vielleicht werden zuk\u00fcnftige Historiker den Beginn des \u201ekommenden Aufstands\u201c <a href=\"https:\/\/lafabrique.fr\/wp-content\/uploads\/2017\/05\/pdf_Insurrection.pdf\">https:\/\/lafabrique.fr\/wp-content\/uploads\/2017\/05\/pdf_Insurrection.pdf<\/a> an Gewaltakten festmachen, die es vor wenigen Wochen und Monaten in unsere Medien schafften, aber nach einer Schrecksekunde und ohne gro\u00df Spuren zu hinterlassen, von anderen, nicht weniger schrecklichen Meldungen verdr\u00e4ngt wurden.<br \/>\nWer spricht noch von den landesweiten Angriffen mit Sturmgewehren auf franz\u00f6sische Gef\u00e4ngnisse? <a href=\"https:\/\/www.lemonde.fr\/societe\/article\/2025\/04\/16\/attaques-de-prisons-des-actions-de-natures-tres-diverses-qui-sement-le-doute-sur-les-motivations-de-leurs-auteurs_6596643_3224.html\">https:\/\/www.lemonde.fr\/societe\/article\/2025\/04\/16\/attaques-de-prisons-des-actions-de-natures-tres-diverses-qui-sement-le-doute-sur-les-motivations-de-leurs-auteurs_6596643_3224.html<\/a><br \/>\nOder von den beiden Maskierten, die in den Morgenstunden in der Br\u00fcsseler Innenstadt Salven aus Kalaschnikows abgaben? <a href=\"https:\/\/news.sky.com\/story\/manhunt-after-shooting-at-brussels-underground-station-13303433\">https:\/\/news.sky.com\/story\/manhunt-after-shooting-at-brussels-underground-station-13303433<\/a><\/p>\n<p>Wo liest man noch \u00fcber die \u201eKindersoldaten\u201c <a href=\"https:\/\/deref-web.de\/mail\/client\/ox2aKRcGrVE\/dereferrer\/\">https:\/\/deref-web.de\/mail\/client\/ox2aKRcGrVE\/dereferrer\/<\/a><br \/>\n<a href=\"https:\/\/www.lemonde.fr\/en\/international\/article\/2025\/06\/09\/sweden-s-teen-hitmen-are-on-the-rise_6742139_4.html\">https:\/\/www.lemonde.fr\/en\/international\/article\/2025\/06\/09\/sweden-s-teen-hitmen-are-on-the-rise_6742139_4.html<\/a> ,<br \/>\ndie \u201eschwedische\u201c Gangs f\u00fcr Attentate und f\u00fcr Bombenangriffe \u2013 \u00fcber 30 im Januar \u2013 rekrutieren <a href=\"https:\/\/nct-cbnw.com\/an-explosion-a-day-in-sweden-what-is-going-on\/\">https:\/\/nct-cbnw.com\/an-explosion-a-day-in-sweden-what-is-going-on\/<\/a> und die nun \u00fcber Nachbarstaaten herfallen? Oder die vom franz\u00f6sischen Innenministerium dokumentierte Infiltration <a href=\"https:\/\/www.france24.com\/en\/france\/20250521-muslim-brotherhood-movement-poses-threat-to-national-cohesion-french-govt-report-says\">https:\/\/www.france24.com\/en\/france\/20250521-muslim-brotherhood-movement-poses-threat-to-national-cohesion-french-govt-report-says<\/a> gesellschaftlicher und staatlicher Institutionen durch die Muslimbruderschaft, die fortschreitende Landnahme aus den \u201everlorenen Gebieten der Republik\u201c? <a href=\"https:\/\/www.fayard.fr\/livre\/les-territoires-perdus-de-la-republique-9782842058241\/\">https:\/\/www.fayard.fr\/livre\/les-territoires-perdus-de-la-republique-9782842058241\/<\/a><\/p>\n<p>Selbst die massenhafte und systematisch betriebene Vergewaltigung <a href=\"https:\/\/unherd.com\/newsroom\/grooming-gangs-report-lays-bare-generational-cover-up\/\">https:\/\/unherd.com\/newsroom\/grooming-gangs-report-lays-bare-generational-cover-up\/<\/a>, Entf\u00fchrung und Folter von wei\u00dfen M\u00e4dchen aus der englischen Unterschicht durch pakistanische Gangs, protegiert durch Beh\u00f6rden, Polizei und Politik, ist im medialen Sommerloch versunken.<\/p>\n<p>Nicht minder die Messerangriffe und Anschl\u00e4ge in<br \/>\nAschaffenburg <a href=\"https:\/\/www.br.de\/nachrichten\/bayern\/toedlicher-messerangriff-in-aschaffenburg-was-wir-bisher-wissen,UacXLCm\">https:\/\/www.br.de\/nachrichten\/bayern\/toedlicher-messerangriff-in-aschaffenburg-was-wir-bisher-wissen,UacXLCm<\/a> ,<br \/>\nBielefeld <a href=\"https:\/\/www.br.de\/nachrichten\/deutschland-welt\/bundesanwaltschaft-ermittelt-nach-messerattacke-in-bielefeld,UlkzVke\">https:\/\/www.br.de\/nachrichten\/deutschland-welt\/bundesanwaltschaft-ermittelt-nach-messerattacke-in-bielefeld,UlkzVke<\/a> ,<br \/>\nM\u00fcnchen <a href=\"https:\/\/www.tagesschau.de\/inland\/muenchen-anschlag-ermittlungen-104.html\">https:\/\/www.tagesschau.de\/inland\/muenchen-anschlag-ermittlungen-104.html<\/a>,<br \/>\nBerlin <a href=\"https:\/\/www.tagesschau.de\/inland\/gesellschaft\/generalbundesanwalt-angriff-berlin-100.html\">https:\/\/www.tagesschau.de\/inland\/gesellschaft\/generalbundesanwalt-angriff-berlin-100.html<\/a>,<br \/>\nHeidenau <a href=\"https:\/\/www.mdr.de\/nachrichten\/sachsen\/dresden\/freital-pirna\/verletzte-messerstecherei-heidenau-supermarkt-100.html\">https:\/\/www.mdr.de\/nachrichten\/sachsen\/dresden\/freital-pirna\/verletzte-messerstecherei-heidenau-supermarkt-100.html<\/a>,<br \/>\nKrefeld <a href=\"https:\/\/www1.wdr.de\/nachrichten\/rheinland\/erneut-messerattacke-krefeld-100.html#:~:text=Erneut%2520gab%2520es%2520in%2520Krefeld,am%2520Krefelder%2520Nordwall%2520aneinander%2520geraten\">https:\/\/www1.wdr.de\/nachrichten\/rheinland\/erneut-messerattacke-krefeld-100.html#:~:text=Erneut%2520gab%2520es%2520in%2520Krefeld,am%2520Krefelder%2520Nordwall%2520aneinander%2520geraten<\/a>. ,<br \/>\nStuttgart <a href=\"https:\/\/www.swr.de\/swraktuell\/baden-wuerttemberg\/stuttgart\/urteil-angriff-koenigstrasse-syrische-familie-100.html\">https:\/\/www.swr.de\/swraktuell\/baden-wuerttemberg\/stuttgart\/urteil-angriff-koenigstrasse-syrische-familie-100.html<\/a>,<br \/>\nSolingen <a href=\"https:\/\/www.tagesschau.de\/inland\/gesellschaft\/solingen-prozess-gestaendnis-100.html\">https:\/\/www.tagesschau.de\/inland\/gesellschaft\/solingen-prozess-gestaendnis-100.html<\/a><br \/>\n\u2026 Nachrichten aus dem ersten Halbjahr 2025 \u2013 und die Sommermonate haben erst begonnen.<br \/>\nDie Gewalt ist l\u00e4ngst nicht mehr \u201emolekular\u201c, die Islamisierung alles andere als schleichend und der Staat scheut keine Mittel \u2013 Zensur, Parteiverbote, Razzien, Haftstrafen, \u00c4chtung durch Geheimdienste \u2013, um das letzte Aufgebot der liberalen Demokratie, die Regenbogenrepublik, vor dem Verfall zu retten. Um das zu erkennen, muss man kein Professor f\u00fcr Kriegsforschung sein, aber es hilft. David J. Betz\u2018 d\u00fcstere Prognosen \u00fcber den B\u00fcrgerkrieg im Westen werden in Deutschland noch wenig zu Kenntnis genommen. Ich denke, das wird sich demn\u00e4chst \u00e4ndern.<br \/>\nInterview mit David J. Betz: &#8230;.<br \/>\n&#8230; Alles vom 21.7.2025 bitte lesen auf <a href=\"https:\/\/www.achgut.com\/artikel\/hat_in_westeuropa_schon_der_buergerkrieg_begonnen\">https:\/\/www.achgut.com\/artikel\/hat_in_westeuropa_schon_der_buergerkrieg_begonnen<\/a><br \/>\n.<br \/>\n<em>Prof. David J. Betz forscht \u00fcber moderne Kriegsf\u00fchrung, Aufstandsbek\u00e4mpfung und Cyberkriege an der Abteilung f\u00fcr Kriegsstudien am King\u2019s College London. Dort leitet er auch die Insurgency Research Group. Au\u00dferdem ist er Senior Fellow beim Foreign Policy Research Institute und Berater des britischen Verteidigungsministeriums. Betz ist Autor zahlreicher Fachartikel und B\u00fccher, darunter u. a. \u201eCyberspace and the State\u201d und \u201cThe Guarded Age: Fortification in the 21st Century\u201d.<\/em><br \/>\n<em>Das Interview f\u00fchrte Mark Feldon. Aus dem Englischen \u00fcbersetzt von Kolja Zydatiss.<\/em><\/p>\n<p>&nbsp;<\/p>\n<p><strong>Aufruf zum B\u00fcrgerkrieg im deutschen Bundestag?<\/strong><br \/>\nIst das ein Aufruf zum B\u00fcrgerkrieg?&#8216; <a href=\"https:\/\/x.com\/Eisenkraut3\/status\/1884688554216796529\">https:\/\/x.com\/Eisenkraut3\/status\/1884688554216796529<\/a><br \/>\n(&#8222;Auf die Barrikaden!\u201c Heidi Reichinnek (Die Linke) im Bundestag 29.1.2025).<br \/>\nKann das auch anders verstanden werden?<br \/>\n&#8230; Alles vom 29.1.2025 bitte lesen auf<br \/>\n<a href=\"https:\/\/www.danisch.de\/blog\/2025\/01\/29\/aufruf-zum-buergerkrieg\/\">https:\/\/www.danisch.de\/blog\/2025\/01\/29\/aufruf-zum-buergerkrieg\/<\/a><\/p>\n<p>&nbsp;<\/p>\n<p><strong>Der deutsche B\u00fcrgerkrieg: links-gr\u00fcn gegen konservativ<\/strong><br \/>\nDas links-gr\u00fcne und das konservative Lager driften immer weiter auseinander und bek\u00e4mpfen einander mit zunehmender Gereiztheit \u2014 das kann b\u00f6se enden.<br \/>\nNur um Ohresbreite sind die USA am 13. Juli 2024 an einem B\u00fcrgerkrieg vorbeigeschrammt. H\u00e4tte Pr\u00e4sidentschaftskandidat <a href=\"https:\/\/www.freiburg-schwarzwald.de\/blog\/mordversuch-an-donald-trump\/\">Donald Trump<\/a> n\u00e4mlich nicht intuitiv seinen Kopf weggewendet, h\u00e4tte das seinen Tod bedeuten k\u00f6nnen. Und das endg\u00fcltige Ende eines ohnehin br\u00fcchigen Friedens in einem Land, in dem das \u201erechte\u201c und das \u201elinke\u201c Lager zunehmend gereizt und unvers\u00f6hnlich aufeinander losgehen.<br \/>\n&#8230;<br \/>\nIn einem sehenswerten Video <a href=\"https:\/\/www.youtube.com\/watch?v=H5jncardwTY&amp;t=6s\">https:\/\/www.youtube.com\/watch?v=H5jncardwTY&amp;t=6s<\/a> stellt der Kriegsreporter und Video-Blogger Konstantin Flemig die aktuelle Entwicklung in einen historischen Kontext. &#8230; Stattdessen diagnostiziert Flemig eine \u201evertikale Spaltung\u201c, jene zwischen Links und Rechts, was meist verkn\u00fcpft ist mit einer Identifikation mit einer der beiden gro\u00dfen Parteien. Beide Lager seien in ihrer Ideologie so gefestigt und in ihrer feindseligen Haltung so ineinander verhakt, dass politische Beobachter schon von \u201eTribes\u201c (St\u00e4mmen) spr\u00e4chen. Ob man Demokrat oder Republikaner sei, sei wichtiger als alles andere \u2014 selbst religi\u00f6se Zugeh\u00f6rigkeit oder Staatsangeh\u00f6rigkeit.<br \/>\n&#8230;<br \/>\nIn Deutschland scheint die gr\u00f6\u00dfere Aggressivit\u00e4t derzeit von \u201elinks\u201c auszugehen \u2014 was nicht bedeutet, dass es \u201erechts\u201c keine g\u00e4be. Joe Bidens Versuch, einen Konkurrenten, der zu diesem Zeitpunkt in Umfragen vorne lag, als \u201eDiktator\u201c abzukanzeln, erinnert stark an die Rhetorik von Ampel- und Unionspolitikern gegen die in Ostdeutschland vermutlich bald siegreiche AfD.<br \/>\n.,,, Alles vom 3..8.2024 von Roland Rottenfu\u00dfer bitte lesen auf<br \/>\n<a href=\"https:\/\/www.manova.news\/artikel\/der-deutsche-burgerkrieg\">https:\/\/www.manova.news\/artikel\/der-deutsche-burgerkrieg<\/a><\/p>\n<p>&nbsp;<\/p>\n<p>.<\/p>\n<p><strong>Mathias Brodkorb. Der Warner &#8211; &#8222;Kampf gegen rechts&#8220; mit B\u00fcrgerkriegspotenzial<\/strong><br \/>\nDer Sozialdemokrat f\u00f6rderte erst den \u201e<a href=\"https:\/\/www.freiburg-schwarzwald.de\/blog\/kultur\/medien\/kampf-gegen-rechts\/\">Kampf gegen Rechts<\/a>\u201c, nun mahnt er dessen Konsequenzen an.<br \/>\nDer Buchautor, Publizist und Ex-Politiker Mathias Brodkorb stellt sich quer zum Gros der Meinungsmacher, das einem AfD-Verbot geradezu entgegenfiebert: Die wirkliche Gefahr f\u00fcr Demokratie und Rechtsstaat sieht er im Vorgehen des Verfassungsschutzes. Und weil er ihn f\u00fcr nicht zu reformieren und einer Demokratie f\u00fcr unw\u00fcrdig h\u00e4lt, spricht er sich daf\u00fcr aus, diesen institutionellen Sonderfall der Bundesrepublik abzuschaffen.<\/p>\n<p>Sein Pl\u00e4doyer sorgt f\u00fcr Aufsehen. Zum einen, da er dem linken Spektrum entstammt und keiner Rechtslastigkeit verd\u00e4chtig ist, zum anderen, weil sein neues Buch \u201eGesinnungspolizei im Rechtsstaat? Der Verfassungsschutz als Erf\u00fcllungsgehilfe der Politik\u201c (siehe Seite 4) unverbl\u00fcmte, hieb- und stichfeste Begr\u00fcndungen liefert.<\/p>\n<p>Brodkorb, der 1977 in Rostock geboren wurde und dort Philosophie und Altgriechisch studiert hat, galt anfangs als politischer \u00dcberflieger. Mit 25 Jahren zog er 2011 f\u00fcr die SPD in den Landtag von Mecklenburg-Vorpommern ein, mit 34 wurde er Minister f\u00fcr Bildung, Wissenschaft und Kultur, sp\u00e4ter Finanzminister. Es schien ausgemacht, da\u00df er eines Tages die Nachfolge seines F\u00f6rderers Erwin Sellering antreten w\u00fcrde. Doch als der erkrankte Ministerpr\u00e4sident 2017 \u00fcberst\u00fcrzt zur\u00fccktrat, hatte Ministerkollegin Manuela Schwesig die besseren Karten.<\/p>\n<p>Brodkorb erkennt, da\u00df der \u201eKampf gegen Rechts\u201c das Potential zur Aufl\u00f6sung der Polis und zum B\u00fcrgerkrieg hat<\/p>\n<p>Brodkorb ist ein Alpha-, aber kein Kumpeltyp. Er vereint in seltener Weise mecklenburgische Sturheit mit philosophischem Feingeist. Statt Bier bevorzugt er guten Wein, dem Strippenziehen im Hinterzimmer zieht er die geschliffene Diskussion in gepflegter Atmosph\u00e4re vor. Die Neigung, andere seine geistige \u00dcberlegenheit sp\u00fcren zu lassen, machte den Konflikt mit Alpha-Frau Schwesig unausweichlich. 2019 schied er aus der Landesregierung aus und zog sich bald ganz aus dem Politikbetrieb zur\u00fcck.<\/p>\n<p>Der Karriereknick war auch Befreiung. Man kann und mag ihn sich nicht in trauter Runde mit S\u00f6der, Ramelow etc. vorstellen und \u00fcber die \u201erechte Gefahr\u201c als angeblichem Hauptproblem des Landes beratschlagen. Ein berufener Experte w\u00e4re er allerdings zweifellos, denn seine Karriere begann mit der Bet\u00e4tigung bei den \u201eKampf gegen Rechts\u201c-Projekten \u201eEndstation Rechts\u201c und \u201eStorch Heinar\u201c (ein Verballhornung der in rechten Kreisen beliebten Modemarke \u201eThor Steinar\u201c). \u00dcber den peinlichen Opportunismus solcher Aktionen war er sich im klaren, doch was z\u00e4hlte, war Aufmerksamkeit zu erlangen. Zudem lag sein Interesse auf der analytisch-theoretischen Ebene, weshalb er auch fr\u00fch davor warnte, einen \u201emetaphysischen Nazi\u201c zu konstruieren und ins Zentrum des Staatsdiskurses zu r\u00fccken.<br \/>\n<em><strong>Brodkorb sieht darin ein Symptom der Aufl\u00f6sung der Polis und erkennt, da\u00df der \u201eKampf gegen Rechts\u201c das Potential zum B\u00fcrgerkrieg besitzt.<\/strong> <\/em>Als st\u00e4ndiger Kolumnist des Cicero seit 2019 hat er dem Magazin eine deutliche Profilsch\u00e4rfung verpa\u00dft. Die enorme Resonanz auf sein neues Buch er\u00f6ffnet ihm vielleicht die Chance, sich als unabh\u00e4ngiger politischer Analytiker zu etablieren. Dabei wandelt er auf d\u00fcnnem Eis. Die Regionalpresse im Nordosten w\u00e4hnt in ihm bereits den neuen Sarrazin. Vorw\u00e4nde, um jemand ins Abseits zu stellen, sind schnell gefunden. Deshalb w\u00e4gt er bei der Wahl seiner Auftritte m\u00f6gliche Risiken genau ab.<br \/>\n&#8230; Alles vom 22.3.2024 von Thorsten Hinz bitte lesen in der JF 13\/24, Seite 3<\/p>\n<p>&nbsp;<\/p>\n<p><strong>Der inszenierte B\u00fcrgerkrieg &#8211; Demonstrationen der Regierung mit der Regierung<\/strong><br \/>\nNach \u201eRettet das Klima!\u201c haben die Aktivisten und Staatsjournalisten in den letzten Wochen ein neues Mega-Thema gesetzt: \u201eRettet die Ampel!\u201c \u2013 Das ist aufgrund der katastrophalen Umfragewerte f\u00fcr die Regierungsparteien durchaus verst\u00e4ndlich. Die Ablenkungsstrategie, die die politisch-mediale Elite dabei verfolgt, hatte bisher zwei H\u00f6hepunkte: Die Blockade der F\u00e4hre, die Habeck von seiner Ferieninsel zur\u00fcckbrachte, wurde zum deutschen Sturm auf das Capitol stilisiert; und das Treffen einiger rechter Kr\u00e4fte zum Thema \u201eRemigration\u201c wurde zur <a href=\"https:\/\/www.freiburg-schwarzwald.de\/blog\/kultur\/medien\/framing\/geheimtreffen\/\">Wannseekonferenz 2.0<\/a> d\u00e4monisiert.<\/p>\n<p>Eigentlich ist diese Strategie leicht zu durchschauen. Der \u201eKampf gegen rechts\u201c wird wie ein riesengro\u00dfer Teppich ausgebreitet, unter den man alle realen Probleme kehren kann. Das Ornament der Massen auf den Stra\u00dfen unserer gro\u00dfen St\u00e4dte soll ein Ausdruck der Wehrhaftigkeit unserer Demokratie sein. Seltsam nur, dass es sich dabei um Demonstrationen mit der Regierung f\u00fcr die Regierung handelt. Bisher kannten wir das nur von der DDR. Die \u201eWehrhaften\u201c lautet der Adelstitel, den der \u201eSpiegel\u201c dem Teil des Volkes verliehen hat, der dem Aufruf der Herrschenden folgt, gegen die Opposition zu demonstrieren. Es wird auch gerne davon gesprochen, dass sich hier die \u201eZivilgesellschaft\u201c engagiere, um unsere Demokratie zu retten. Doch \u201eZivilgesellschaft\u201c bedeutet im Klartext: <em><strong>Die Regierung finanziert Nichtregierungsorganisationen, die Propaganda f\u00fcr die Regierung machen. Auf diese Weise mobilisiert die politisch-mediale Elite ihre Fu\u00dftruppen.<\/strong><\/em> Die Ampel erhofft sich die Rettung von der Magie des Aktionismus. Aus Angst vor der Diskussion mit dem politischen Gegner setzt man Zeichen.<br \/>\nAber auch scheinbar kritische Stimmen wie \u201eCorrectiv\u201c sind von der Regierung finanziert. Und die Mitarbeiter des \u00d6RR interviewen sich immer h\u00e4ufiger selbst als \u201eStimme des Volkes\u201c. Dabei wird der politische Gegner als Feind behandelt, die Opposition verteufelt. Das wirft ein eigent\u00fcmliches Licht auf die Regierungsma\u00dfnahmen gegen Hass und Hetze. Sie sind despotisch, weil sie im Unklaren lassen, wo Hass und Hetze beginnen. Sicher scheint nur: Der Hass der Guten ist der gute Hass.<br \/>\n&#8230;. Alles vom 7.2.2024 von Norbert Bolz bitte lesen auf<br \/>\n<a href=\"https:\/\/www.dersandwirt.de\/der-inszenierte-buergerkrieg\/\">https:\/\/www.dersandwirt.de\/der-inszenierte-buergerkrieg\/<\/a><\/p>\n<p>&nbsp;<\/p>\n<p><strong>Kultureller B\u00fcrgerkrieg<\/strong><br \/>\nDer Medienwissenschafter Prof. Dr. Norbert Bolz &#8222;Wir befinden uns in kulturellen B\u00fcrgerkrieg&#8220; \u2013 wie &#8222;woke&#8220; Eliten die Hegemonie erk\u00e4mpft haben<br \/>\n<a href=\"https:\/\/rumble.com\/voawbl-bolz-v1.html\">https:\/\/rumble.com\/voawbl-bolz-v1.htm<\/a><br \/>\n3.11.2021<\/p>\n<p>.<\/p>\n<p><strong>&#8222;Das ist Krieg&#8220; &#8211; Hilferuf eines Polizisten aus <a title=\"Stuttgarter Sommern\u00e4chte\" href=\"https:\/\/www.freiburg-schwarzwald.de\/blog\/stuttgarter-sommernaechte\/\">Stuttgart<\/a><\/strong><br \/>\nHier die Textfassung &#8211; unten \u00fcber den Video-Link k\u00f6nnen Sie sich die Aussagen im Original anh\u00f6ren:<br \/>\n<a href=\"https:\/\/youtu.be\/9oZqDVwny_Y\">https:\/\/youtu.be\/9oZqDVwny_Y<\/a><br \/>\n<em>&#8222;Hallo zusammen! <\/em><br \/>\n<em>Ich gebe euch mal eine dramatische Lage von <a title=\"Stuttgart16Mai2020LinkeGewalt\" href=\"https:\/\/www.freiburg-schwarzwald.de\/blog\/selbsthilfe\/krise\/gewalt\/linke-gewalt\/stuttgart16mai2020linkegewalt\/\">Stuttgart<\/a> heute Nacht. Jetzt haben wir 1.55 Uhr, Teile der Innenstadt, K\u00f6nigstra\u00dfe, Roteb\u00fchlplatz sind entglast. Die Kollegen sind massiv mit Steinen Flaschen beworfen worden. Es war die Landesreserve aktiviert. <\/em><br \/>\n<em>Um 1.56 Uhr, der Weber hat schon fast um ein Haar das Maul voll gekriegt. Hier ist mal Land unter. Das sind Krawalle. Ich w\u00fcrde sagen wie in Amerika! <\/em><br \/>\n<em>Das kannst du hier wunderbar nicht nur mith\u00f6ren, das siehst du live. Also das ist, also, Leute bleibt blo\u00df daheim! Ich kann es Euch sagen! Ich hoffe, das kommt auch in den Medien. Es ist ein Wunder, dass es noch keine toten Kollegen gibt. Also, das ist Krieg. Wir befinden uns gerade heute Nacht wirklich im Krieg. Und ich \u00fcbertreibe nicht. <\/em><br \/>\n<em>Ich bin so richtig frustriert, dass ich sag ja, ich finde gar keine Worte daf\u00fcr. Ich hoffe, das wird auch dementsprechend in der Presse so dargestellt. Nur Kanacken. Ja, ich bin sprachlos. Und die F\u00fchrung? Ja, ist so richtig hilflos. Deswegen muss ich es mal loswerden. <\/em><br \/>\n<em>Alles in allem ist es eine Katastrophe. Es ist alles da aus umliegenden Polizeidirektionen. Wirklich alles da. Und die Landesreserve kommt noch, von was wei\u00df ich, vom Bodensee oder was, keine Ahnung. Es ist wirklich abartig. <\/em><br \/>\n<em>Also hier in Stuttgart ist Krieg. Wenn du eine Uniform tr\u00e4gst &#8211; gute Nacht! Dann bist du nur Opfer, egal wie. Streifenwagen, sind kaputt. Das erste Revier wurde angegangen. Nee, und es ist ein Wunder, das keiner erschossen worden ist. Also ich wei\u00df nicht, aber ich \u00fcbertreibe nicht. Also, ich bin schon lange genug bei der Polizei. Aber das macht mir wirklich fassungslos. Da kommt noch was da auf uns zu. Wenn das die Spitze war, dann war es gut. Aber ich glaube, das ist erst der Auftakt von dem, was man gewollt hat. <\/em><br \/>\n<em>So sieht&#8217;s aus, Leute! Und jetzt gebe ich noch ein paar weiter. Ich bin echt konsterniert. Unfassbar!!&#8220;<\/em><br \/>\n<a href=\"https:\/\/youtu.be\/9oZqDVwny_Y\">https:\/\/youtu.be\/9oZqDVwny_Y<\/a><br \/>\n<a href=\"https:\/\/twitter.com\/Friedenskatze1\/status\/1274693037436932097\">https:\/\/twitter.com\/Friedenskatze1\/status\/1274693037436932097<\/a><\/p>\n<p>&#8230;. Alles vom 21.6.2020 bitte lesen auf<br \/>\n<a href=\"https:\/\/www.reitschuster.de\/post\/das-ist-krieg-hilferuf-eines-polizisten-aus-stuttgart\">https:\/\/www.reitschuster.de\/post\/das-ist-krieg-hilferuf-eines-polizisten-aus-stuttgart<\/a><\/p>\n<p>&#8222;Das ist Krieg&#8220; &#8211; Sprachnachricht eines Stuttgarter Polizisten vom 20.6.2020<br \/>\n<a href=\"https:\/\/twitter.com\/Friedenskatze1\/status\/1274693037436932097\">https:\/\/twitter.com\/Friedenskatze1\/status\/1274693037436932097<\/a><\/p>\n<p>.<\/p>\n<p><strong>Stuttgart: Ermittlungen gegen Klartext-Polizisten<\/strong><br \/>\nEs ist das wohl bewegendste und interessanteste Zeitzeugnis zu der Stuttgarter Krawallnacht: Der Audiomitschnitt eines Polizisten, in dem der Mann den ganzen Schrecken in Worte fasst, den er und seine Kollegen erlebt haben. Es sei wie im Krieg, sagt er dort, und bef\u00fcrchtet, dass dies erst der Anfang einer schlimmen Entwicklung sei. Und er benennt ganz klar, wen er vor Ort angetroffen habe: Alles Ausl\u00e4nder, sagt der Polizist in seiner schw\u00e4bischen Mundart, und benutzt daf\u00fcr das Schimpfwort \u201eKanake\u201c. Das ist das einzige unkorrekte Wort im ganzen Mitschnitt. Herausgerutscht in einer emotionalen, aufgew\u00fchlten Situation. In einem Land, in dem schlimmste Beschimpfungen etwa gegen Politiker inzwischen selbst vor Gerichten durchgehen &#8211; ob es nun \u201eDrecks-Fotze\u201c oder Nazi-Schlampe ist.<br \/>\nBei YouTube wurde bei mir und anderen Nutzern das Video mit dem Augenzeugenbericht zensiert.<br \/>\n&#8230; Alles vom 25.6.2020 von Boris Reitschuster bitte lesen auf<br \/>\n<a href=\"https:\/\/www.reitschuster.de\/post\/stuttgart-ermittlungen-gegen-klartext-polizisten\">https:\/\/www.reitschuster.de\/post\/stuttgart-ermittlungen-gegen-klartext-polizisten<\/a><br \/>\n<a href=\"https:\/\/youtu.be\/9oZqDVwny_Y\">https:\/\/youtu.be\/9oZqDVwny_Y<\/a><\/p>\n<p>&nbsp;<\/p>\n<p>.<\/p>\n<p>&nbsp;<\/p>\n<p><strong>Das Sch\u00fcren von Klimaangst-Hysterie ist gef\u00e4hrlich &#8211; B\u00fcrgerkrieg<\/strong><br \/>\nWie gef\u00e4hrlich das Sch\u00fcrren von Hysterie ist, k\u00f6nnen wir t\u00e4glich am Beispiel der Klima-Angst erleben. Mehrere Deutsche St\u00e4dte haben den \u201eKlimanotstand\u201c ausgerufen. Im Notstand sind alle Rettungsmittel erlaubt. Das jedenfalls scheinen Linksradikale zu glauben.<br \/>\nIn K\u00f6ln-Ehrenfeld hat die <a title=\"Linke-Gewalt\" href=\"https:\/\/www.freiburg-schwarzwald.de\/blog\/selbsthilfe\/krise\/gewalt\/linke-gewalt\/\">linksautonome Szene<\/a> ein Feuer im Porschezentrum gelegt. Bei der Tat wurden mehrere der hochwertigen Wagen zerst\u00f6rt. Auf ihrer Homepage feiern sich die Linksradikalen:<em> \u201eHeute nacht haben wir vier backfrische Porsche Cayenne der Premium-Klasse (550 PS, 180.000 Euro je Fahrzeug) auf dem Gel\u00e4nde des Porschezentrums K\u00f6ln-Ehrenfeld abgebrannt. Jeden morgen fahren unz\u00e4hlige 3,5 Tonnen Autos vor um je 35 Kilo Kind vor der Schule abzuladen. Das muss ein Ende haben! \u2018Ende Gel\u00e4ndewagen\u2019 sp\u00fcrbar werden lassen!\u201c<\/em><br \/>\n&#8230; Alles vom 20.6.2019 bitte lesen auf<br \/>\n<a href=\"https:\/\/vera-lengsfeld.de\/2019\/06\/20\/wer-hetzt-riskiert-den-buergerkrieg\/\">https:\/\/vera-lengsfeld.de\/2019\/06\/20\/wer-hetzt-riskiert-den-buergerkrieg\/<br \/>\n<\/a>\u00a0.<br \/>\n<strong>Zeyer in der BAZ: Rechtsstaat verrottet &#8211; B\u00fcrgerkrieg droht<\/strong><br \/>\nBasler Zeitung: Rechtsstaat in Deutschland droht zu verrotten \u2013 B\u00fcrgerkrieg k\u00f6nnte fr\u00fcher oder sp\u00e4ter die Folge sein<br \/>\nRen\u00e9 Zeyer mag der vermeintlichen Harmonie nicht so ganz trauen. In der \u201eBasler Zeitung\u201c f\u00fchlt er sich eher an Heinrich Heine im Pariser Exil 1844 erinnert, der einst im Vorm\u00e4rz \u00fcber die deutschen Zust\u00e4nde schrieb: \u201eDer Rechtsstaat verrottet, wenn nicht klar Schiff gemacht wird.\u201c Das deutsche und europ\u00e4ische Recht sei \u201e\u00fcber Jahre nicht wirklich umgesetzt\u201c worden, zitiert der Autor den fr\u00fcheren Gr\u00fcnen-Chef Cem \u00d6zdemir.<br \/>\n&#8230;<br \/>\n<strong><em>In vielen Wohngebieten gilt deutsches Recht nur noch auf dem Papier:<\/em><\/strong> Die Warnung vor einem Verrotten des Rechtsstaats ist, glaubt man Zeyers Einsch\u00e4tzung, mehr als nur ein larmoyantes Klagen konservativer Akademiker, die die Zeichen der Zeit nicht verstanden h\u00e4tten, oder dumpfen Fremdenfeinden, die dem bunten Deutschland seine Freude an der Weltoffenheit nicht g\u00f6nnen wollen. Merkels Alleingang in der Fl\u00fcchtlingskrise 2015, der den Regierungsparteien Rekordverluste beschert und der AfD den Einzug in s\u00e4mtliche Landesparlamente erm\u00f6glicht hat, sei nur ein Aspekt des Problems. Zeyer schreibt, &#8222;dass es in Deutschland, wie in anderen europ\u00e4ischen L\u00e4ndern auch, Quartiere, Bezirke, Gegenden gibt, in denen der Staat als Ordnungsmacht abgedankt hat, nicht einmal mehr sein Gewaltmonopol durchsetzen kann. Stattdessen herrschen mafi\u00f6se Clans. Vielk\u00f6pfige Familien kontrollieren den Drogenhandel, erpressen Schutzgelder, bestimmen die Regeln des Zusammenlebens. In Berlin, in Duisburg, Dortmund, Essen und andernorts gibt es Gegenden, in denen der Rechtsstaat nur noch von Fall zu Fall funktioniert.\u201c<br \/>\n&#8230;..<br \/>\nEtablierte sch\u00fcren Angst vor \u201ebrauner Macht\u00fcbernahme\u201c \u2013 Mittelschicht f\u00fcrchtet sozialen Abstieg. Die Folgewirkungen von 2015 pr\u00e4gten Deutschland nicht nur im Erscheinungsbild oder im Zusammenleben, sondern eben auch auf rechtlicher Ebene. Der Rechtsstaat aber, so unvollkommen er auch sein m\u00f6ge, sei das letzte und beste Bollwerk gegen Willk\u00fcr, Barbarei und Faustrecht. Was zu dessen Erosion dazu trete, sei auch die F\u00e4higkeit zu kritischer Selbstreflexion: Wenn sich die Regierung Deutschlands \u00fcber Wochen damit besch\u00e4ftigt, ob ein Beamter \u00f6ffentlich das sagen darf, was er f\u00fcr richtig h\u00e4lt, auch wenn das dem Narrativ der Altparteien widerspricht, dann ist zudem eine B\u00fcrgerferne erreicht, die bedenklich ist.\u201c <em><strong>Die Warnung vor einer angeblichen \u201ebraunen Macht\u00fcbernahme\u201c durch die AfD lenke nur von den realen Problemen ab.<\/strong><\/em> Und diese manifestieren sich in einer Mittelschicht, die nicht mehr vom Aufstieg tr\u00e4ume, sondern in Sorge dar\u00fcber sei, selbst einen Abstieg zu erleben.<br \/>\n&#8230; Mehr vom 19.11.2018 bitte lesen auf<br \/>\n<a href=\"https:\/\/www.epochtimes.de\/politik\/deutschland\/basler-zeitung-rechtsstaat-in-deutschland-droht-zu-verrotten-buergerkrieg-koennte-frueher-oder-spaeter-die-folge-sein-a2713143.html\">https:\/\/www.epochtimes.de\/politik\/deutschland\/basler-zeitung-rechtsstaat-in-deutschland-droht-zu-verrotten-buergerkrieg-koennte-frueher-oder-spaeter-die-folge-sein-a2713143.html<\/a><br \/>\n.<br \/>\n<a href=\"https:\/\/www.baz.ch\">https:\/\/www.baz.ch<\/a><\/p>\n<p>&nbsp;<\/p>\n<p><strong>CDU &#8211; AfD &#8211; Grenzen &#8211; Nationalismus &#8211; B\u00fcrgerkrieg<\/strong><br \/>\nAngela Merkels Lieblingsdemoskop Matthias Jung von der Forschungsgruppe Wahlen pr\u00e4sentierte bereits im Fr\u00fchjahr 2016 im Konrad-Adenauer-Haus einen Bericht mit dem Titel \u201eDie AfD als Chance f\u00fcr die Union\u201c. Darin schreibt er:<\/p>\n<p><em>\u201eDie <a title=\"CDU\" href=\"https:\/\/www.freiburg-schwarzwald.de\/blog\/vereine\/partei\/cdu\/\">CDU\/CSU<\/a> ist durch die blo\u00dfe Existenz der AfD vom latenten Vorwurf befreit, rechts zu sein, was anders als in den meisten europ\u00e4ischen L\u00e4ndern in Deutschland einen stigmatisierenden Charakter hat.\u201c Durch diese Wiederauferstehung der Union als sch\u00f6ner Schwan ohne st\u00f6rendes Stigma, k\u00f6nne sie nicht nur in linken W\u00e4hlerkreisen wildern, es w\u00fcrden damit endlich auch Koalitionen mit den Gr\u00fcnen m\u00f6glich. Und so kommt er zu dem Schluss: \u201eAus diesen Gr\u00fcnden kann sich das Erscheinen der <strong>AfD im politischen System mehr als Segen denn als Fluch f\u00fcr die Union<\/strong>\u00a0erweisen.\u201c<\/em><br \/>\n&#8230;.<br \/>\nIn der Politik geht es um Machterhalt, und der immer noch erfolgreichste Mechanismus zum Machterhalt baut den Feind, gegen den zu k\u00e4mpfen und sich zu behaupten ist, erst auf, um ihn dann heldenhaft zu besiegen. Nun will das moralisch gel\u00e4uterte, grenzenlose und pazifistische Deutschland in einer Welt leben, in der es keine \u00e4u\u00dferen Feinde mehr geben soll, und so musste der Feind ins Innere transformiert werden. Diese Weigerung, einen \u00e4u\u00dferen Feind wahrnehmen zu wollen, ist auch die tiefere Schicht hinter der Ablehnung allen Nationalismus.<br \/>\nDer Nationalismus funktioniert in letzter Konsequenz nur, indem eine \u00e4u\u00dfere Feindbedrohung wachgehalten wird. Nationalismus und Bellizismus sind eng miteinander verwandt. Nur sollte man nicht meinen, dass die Transformation des Feindes ins Innere auch nur einen Deut friedlicher abl\u00e4uft.<br \/>\n<strong><em>So pazifistisch sich die Gutmeinenden geben, in letzter Konsequenz wollen sie nicht den Krieg, sondern den B\u00fcrgerkrieg gegen diesen inneren Feind.<\/em><\/strong><br \/>\nUnd die Vorboten zum B\u00fcrgerkrieg haben ja schon ihre Schatten geworfen. Das geh\u00f6rt auch zum Verm\u00e4chtnis Angela Merkels. &#8230;<br \/>\nAlles vom 27.11.2018 von Markus Vahlefeld bitte lesen auf<br \/>\n<a href=\"https:\/\/www.achgut.com\/artikel\/cdu_achselzucken_ueber_afd_nein_frohlocken\">https:\/\/www.achgut.com\/artikel\/cdu_achselzucken_ueber_afd_nein_frohlocken<\/a><br \/>\n<strong>Koalition CDU-Gr\u00fcne als Katastrophe<\/strong><br \/>\nDass eine Koalition mit den Gr\u00fcnen sich f\u00fcr die CDU als Segen erweisen wird , glaube ich kaum. F\u00fcr Deutschland w\u00e4re es eine (noch) schlimmere Katastrophe als der jetzige Merkelismus und die GroKo mit den orientierungslosen Spezialdemokraten, die jetzt als soziales Schmankerl eine Erh\u00f6hung der Grundsteuer aus dem Hut zaubern. Die Ersatzreligion \u201cKlimaschutz\u201d , f\u00fcr jeden der rechnen kann, sowieso nur ein Tarnm\u00e4ntelchen f\u00fcr die \u201cGro\u00dfe Transformation\u201d \u00f6kodogmatischer Weltretter des PIK, im Geiste des Club of Rome, wird von der n\u00e4chsten \u201cKaltzeit\u201d ad absurdum gef\u00fchrt werden. Der von den Gr\u00fcnen, mit Grenzwerten und Regulierungen befeuerte, nur durch den momentanen EZB bedingten Crack-up Boom aufgeschobene, Niedergang der deutschen Industrie, wird der Afd weitere W\u00e4hler zutreiben, die sich auch von der Naso-Keule nicht mehr abschrecken lassen werden. Die gleiche Wirkung wird der, Dank Compact und UN- Fl\u00fcchtlingspakt, ungehemmte Import von Fachkr\u00e4ften haben, deren F\u00e4higkeiten sich oft nur in der Kriminalstatistik niederschlagen. Dank Merkels \u201cMacht hoch die T\u00fcr\u201d wird das Friedensprojekt EU vermutlich (hoffentlich nicht!) in Jugoslawien-\u00e4hnlichen B\u00fcrgerkriegen enden!<br \/>\n27.11.2018, Bernd Gro\u00dfe-Lordemann, AO<\/p>\n<p><strong>Nicht gewollt<\/strong><br \/>\nSo gut Ihre Analyse auch ist, Herr Vahlefeld, ich glaube nicht, dass ein B\u00fcrgerkrieg gewollt ist. Allerdings kann ein B\u00fcrgerkrieg die Folge sein und dann ein Krieg, denn sowohl die Amerikaner als auch die Russen w\u00fcrden eingreifen, schon wegen ihrer Investitionen hier. Wir sollten uns an das bl\u00fchende Afghanistan erinnern und an Syrien und den Jemen. \u00dcbrigens w\u00fcrden die diversen Muslime zur\u00fcckfl\u00fcchten, w\u00e4hrend wir, die wir schn\u00f6de als schon l\u00e4nger Hierseiende tituliert werden, nur diese eine Heimat haben. Au\u00dferdem hat sich die CDU und die CSU genauso verrechnet, weil sie ihre Wahlergebnisse falsch interpretieren. Es kann durchaus passieren, dass bei der n\u00e4chsten BT-Wahl entweder die AfD oder die Gr\u00fcnen zur st\u00e4rksten Partei werden.<br \/>\n27.11.2018, Frances Jonson, AO<\/p>\n<p><strong>Merkels Grundst\u00fcck in Paraguay<\/strong><br \/>\nMerkel spaltet und sie schw\u00e4cht. Der <a title=\"Global-Migration\" href=\"https:\/\/www.freiburg-schwarzwald.de\/blog\/global\/globalisierung\/global-migration\/\">Migrationspakt<\/a> kommt, mit ihrer Vorarbeit. Die Deutschen werden Freiheit und Wohlstand verlieren. Weil die Zuwanderer der Gedanke sozialer Gerechtigkeit nicht interessiert. Er ist ein Ergebnis der europ. Aufkl\u00e4rung. Der mitgebrachte Islam wird alle Gesellschaftskonzepte ver-dr\u00e4ngen, weil er radikaler und kampfbereiter ist. Siehe Syrien\/Irak . Siehe auch Prof. Depenheuer \u201cSelbstbehauptung des Rechtsstaates\u201d Momentan l\u00e4uft alles gegen die F\u00e4higkeit zur Selbstbehauptung. Das ist die deutsche Politik. Und hier sind wir wieder bei der Kanzlerin, die die Richtlinien bestimmt. Sie hat ein Grundst\u00fcck in Paraguay. Will sie ab 2022 Schafe z\u00fcchten? Oder ersetzt sie GazGerd Schr\u00f6der?<br \/>\n27.11.2018, Anders Dairie, AO<\/p>\n<p><strong>Ulrike Guerot: Europ\u00e4ische Republik statt B\u00fcrgerkrieg?<\/strong><br \/>\nApropos B\u00fcrgerkrieg, Herr Vahlefeld, da gibt es doch die attraktive, schnell sprechende Frau Ulricke Guerot, Professorin f\u00fcr Europapolitik und Demokratieforschung an der Donau- UNI Krems. Das ist die Dame, die mit einigen wenigen Anderen am 10.11.18, die \u201cEurop\u00e4ische Republik\u201d ausgerufen hat. Sie schreibt in Ihren Buch \u201cDer neue B\u00fcrgerkrieg\u201d, dass mit Gr\u00fcndung einer solchen \u201cEurop\u00e4ischen Republik\u201d dem neuen B\u00fcrgerkrieg die Grundlage, n\u00e4mlich der Nationalismus entzogen wird und weg ist er. Und da nach Meinung der Ausrufer die Europ\u00e4ische Republik nur die Vorstufe einer sp\u00e4teren Weltregierung sein soll, verschwindet, folgt man ihrer Logik, wie von Zauberhand dann wohl auch jede Art von Krieg. Und ich bin der Weihnachtsmann, denn ich habe einen wei\u00dfen Bart.<br \/>\n27.11.2018, J\u00fcrgen Keil, AO<\/p>\n<p><strong>Frau Merkel ist offensichtlich im DDR-Sozialismus sozialisiert worden<\/strong><br \/>\nvermutlich parallel mit urchristlicher Pr\u00e4gung (christlicher Urkommunismus) durch ihren Vater, dem roten Kasner. Sie hat anschaulich erfahren, wie nationale Einheitsfront geht. Offensichtlich hat sie in sehr intelligenter Weise eine Einheitsfront der Altparteien geschaffen, indem sie ihre Themen abspenstig gemacht hat. Nach ihrem Fehlgriff des Hereinlassens ALLER OHNE OBERGRENZE 2015 setzte sie sich auf die linksgr\u00fcne Welle des Mainstreams, um an der Macht zu bleiben. Wenn sie die Grenzen geschlossen h\u00e4tte, w\u00e4re sie von diesem irren Mainstream entmachtet worden. Jetzt regiert sie quasi mit dem Neuen Testament. Damit konnten nicht einmal die fr\u00fchen P\u00e4pste regieren, sonst w\u00e4ren sie untergegangen. Sie haben ihren Verstand eingesetzt, sind sogar mit R\u00fcstung und Schwert in den Krieg gezogen. Anderenfalls w\u00e4re das Bollwerk Wien schon in historischen Zeiten gefallen. Wir aber spielen jetzt den muslimischen F\u00fchrern und Machthabern direkt in die H\u00e4nde.<br \/>\nSie haben alle Zeit der Welt, sie \u00e4ndern Deutschland und Europa neben der direkten aggressiven Einwanderung auf demographische Weise. Wenn sich die Muslime in unserem Land weiter ausbreiten, wird alles in relativ kurzer Zeit unumkehrbar kippen. <a title=\"Sarrazin\" href=\"https:\/\/www.freiburg-schwarzwald.de\/blog\/engagement\/zukunft\/sarrazin\/\">Sarrazin<\/a> hat uns eindringlich auf wissenschaftliche Weise davor gewarnt. Es ist l\u00e4ngst nicht ausgemacht, dass diese Muslime Atheisten oder Christen werden, denn der Islam ist die intoleranteste Religion, die es gibt. In einer Religion ohne Papst und mit nicht ver\u00e4nderbarem Koran, werden sich IMMER die Radikalsten durchsetzen mit Druck, Gewalt, Mord und Bomben (siehe u.a. die Drangsalierung der Kopten in \u00c4gypten). Ich bef\u00fcrchte, dass es in Deutschland wie schon 1918 zu wenige Demokraten gibt. Es gen\u00fcgt nicht mehr, nur zur Wahl zu gehen und schlecht informiert sein Kreuzchen zu machen. Angesichts der offensichtlich von Merkel gebildeten neuen \u201cNationalen Front\u201d sind Demonstrationen erforderlich.<br \/>\n27.11.2018, Roland Stiehler, AO<\/p>\n<p><strong>Es muss erst ganz schlimm werden<\/strong><br \/>\nSehr klug geschrieben, es geht Angela Merkel immer nur um sich, um ihren Machterhalt. Und schon im Herbst 2015 stand hier auf der Achse, dass Machiavelli in Merkel eine Meisterin sehen w\u00fcrde. Instinktiv wei\u00df Merkel, dass eine Partei rechts der CDU von Medien, Kulturschaffenden, von der Antifa und also von der gro\u00dfen Mehrheit der Bev\u00f6lkerung als Auss\u00e4tzige, als Rechtsradikale gebrandmarkt werden.<br \/>\nDas dient der CDU als Fixstern dem Machterhalt, denn links der AfD geht nun jede Koalition mit der CDU als Zentrum, als Kanzlerpartei. Dass dabei Deutschland geopfert wird, macht Sinn, da die gro\u00dfe Mehrheit der Deutschen gegen\u00fcber ihrem Land keinen Stolz, keinen Patriotismus empfindet (darf). Auch junge, kluge Achse-Autoren verwechseln Patriotismus mit Nationalismus. Aber:<br \/>\nEs muss erst ganz schlimm werden, bevor es besser wird: nach der Wahl 2021, oder bei der n\u00e4chsten Bundestagswahl, wird es ggf. einen gr\u00fcnen Kanzler geben, denn die CDU hat sich (hoffentlich) vergaloppiert und die W\u00e4hler entscheiden sich f\u00fcr das Original, f\u00fcr die Gr\u00fcnen, statt f\u00fcr die zur Kopie gewordenen CDU. Vielleicht l\u00e4uft es manchmal anders, als in der Schule der Dialektik. Allerdings wird eine n\u00e4chste Gr\u00fcne Kanzlerschaft den Weg Deutschlands in b\u00fcrgerkriegs\u00e4hnliche Zust\u00e4nde beschleunigen. B\u00fcrgerfeindliche Zust\u00e4nde, also dass gro\u00dfe Teile der B\u00fcrger Deutschlands von anderen als Feinde angesehen werden, haben wir ja schon einige Jahre, und es wird immer heftiger. Die alles entscheidende Frage bleibt: gibt es die Hoffnung, dass Deutschland mittelfristig nicht an den Islam verloren geht? Ich habe da leider zu wenig Hoffnung. Aber ich habe den Anf\u00e4ngen gewehrt und w\u00e4hle ganz bestimmt auch keine FDP, die sich dem Islam nicht in den Weg stellt.<br \/>\n27.11.2018, Herrmann Neuburg, AO<\/p>\n<p>&nbsp;<\/p>\n<p>&nbsp;<\/p>\n<p><strong>B\u00fcrgerkrieg?<\/strong><br \/>\nDeutschland zerf\u00e4llt immer mehr in Parallelgesellschaften, die religi\u00f6s oder sozial stigmatisiert sind, in ein Prekariat und in eine Schicht Superreiche, w\u00e4hrend der Kitt einer modernen Gesellschaft, der Mittelstand, nicht von Aufstieg tr\u00e4umt, sondern sich vor Abstieg f\u00fcrchtet. L\u00f6st sich dieser Kitt auf, empfindet sich der B\u00fcrger nicht mehr als Staatsb\u00fcrger, sieht er seine Anliegen nicht von den Repr\u00e4sentanten des Staates wahrgenommen, stellt er das Gewaltmonopol und die Rechtsordnung des Staates in Frage.<br \/>\nZieht sich der Staat aus bestimmten Gebieten zur\u00fcck, entstehen No-Go-Zonen, in denen das Faustrecht herrscht, B\u00fcrgerwehren versuchen, ihre Auffassung von Recht und Ordnung durchzusetzen.<br \/>\nDie n\u00e4chste Eskalationsstufe w\u00e4re der offene B\u00fcrgerkrieg, der Staatszerfall, das Mosaik aus kleinsten Herrschaftsgebieten. F\u00fcr Deutschland nichts Neues.<br \/>\nOb sich dieser Alptraum realisiert, steht in der Zukunft geschrieben. Aber heute kann man konstatieren: Die Regierenden in Deutschland tun viel daf\u00fcr, dass er Wirklichkeit wird. &#8230;<br \/>\nAlles vom 15.9.2018 bitte lesen auf<br \/>\n<a href=\"https:\/\/www.tichyseinblick.de\/gastbeitrag\/wohin-bewegt-sich-deutschland\/\">https:\/\/www.tichyseinblick.de\/gastbeitrag\/wohin-bewegt-sich-deutschland\/<\/a><\/p>\n<p>&nbsp;<\/p>\n<p>&nbsp;<\/p>\n<p><strong>Medien teilen demokratische Mitte in Merkelfans und Merkelgegner<\/strong><br \/>\nEs ist nicht nur die Sensationsgier vieler Medien, die das erkl\u00e4rt. Warum spielen sie zusammen? Warum ist kein Anlass zu nichtig, damit die Bundesregierungen und die sogenannten Oppositonsparteien wie die Gr\u00fcnen da mitgr\u00f6len und so viele teilnehmen an dieser Raserei bis hin zu Rockbands und Kirchenheinis? Entschuldigt hat sich bislang keiner. Daf\u00fcr erh\u00e4lt die Stadt <a title=\"Chemnitz: Hetzjagd war L\u00fcge\" href=\"https:\/\/www.freiburg-schwarzwald.de\/blog\/chemnitz-hetzjagd-war-luege\/\">Chemnitz<\/a> Mittel aus einem \u201eDemokratiefonds\u201c der Bundesregierung \u2026<br \/>\nEs geht wohl um mehr. Es geht um die Spaltung des Landes. Die demokratische Mitte soll aus dem \u00f6ffentlichen Bild dadurch gel\u00f6scht werden, dass man die B\u00fcrger in zwei Gruppen teilt: Die guten, die Merkels Einwanderungspolitik kritiklos unterst\u00fctzen. Die b\u00f6sen, die es wagen, daran Kritik zu \u00fcben.<br \/>\n&#8230; Alles vom 3.9.2018 bitte lesen auf<br \/>\n<a href=\"https:\/\/www.tichyseinblick.de\/tichys-einblick\/die-verlorene-ehre-der-buerger-von-chemnitz\/\">https:\/\/www.tichyseinblick.de\/tichys-einblick\/die-verlorene-ehre-der-buerger-von-chemnitz\/<\/a><\/p>\n<p><strong>D befindet sich in einem linken Putsch<\/strong><br \/>\nIch denke schon lange, dass D sich in einem linken Putsch befindet, der in Zeitlupentempo abl\u00e4uft, damit niemand etwas merkt.. Ich erinnere an Venezuela. So \u00e4hnlich k\u00f6nnte es kommen. Denn eines ist sicher : CDU, SPD und Gr\u00fcne wollen nichtvon der Macht lassen. Chemnitz wurde eine gewaltige, masslose Propagandaktion der heerschenden Linken.<br \/>\nBetrachtet man die \u00c4usserungen von Barley, Maas oder Seibert, die allgemeine Verachtung gegen\u00fcber Kritikern, das hemmu,gslose Selbstbedienen und die schamlose Realisierung linksextremen Politik ( Einwanderung, Abschiebungen, legal, illegal, scheissegal, Aufgabe nationaler Identit\u00e4t, Steuer- und Abgabenwahn, etc)), nicht zu vergessen, die Entmachtung des BT, der nur noch abnickt, was von oben kommt sowie die linke Justiz und die \u00fcberwiegend links-gr\u00fcnen Medien, so frage ich mich : Was kommt als n\u00e4chstes ?<br \/>\n3.9.2018, Jean Nicot, TO<\/p>\n<p><strong>Bundesregierung und ihr Mediengefolge im Gr\u00f6\u00dfenwahn<\/strong><br \/>\nIn bin viel in ausl\u00e4ndischen Blogs unterwegs. In vielen angels\u00e4schischen Medien sind die Kommentatoren mehr als irritiert, dass sich die Deutsche Bundesregierung inkl. der Leitmedien der Nazi-Diffamierung einer ganzen Stadt und ganz Mitteldeutschlands hingeben. Dort wird offen und erschrocken gefragt:<br \/>\n<em>\u201eWie kann es sein, dass sie ihre eigenen Mitb\u00fcrger derartig hassen und sie weltweit als Nazis herabw\u00fcrdigen? Warum sch\u00fctzen sie ihre eigenen Leute nicht?\u201c<\/em><br \/>\nIch wei\u00df darauf keine Antwort. Aber ich habe eine Ahnung: M\u00f6glicherweise sieht sich die Bundesregierung und ihr Mediengefolge in einem Anfall von absurdem Gr\u00f6\u00dfenwahn schon gar nicht mehr vornehmlich als Interessensvertreter der eigenen B\u00fcrger, sondern als Interessensvertreter und F\u00fchrungselite einer globalisierten Welt und damit zu weit h\u00f6heren Aufgaben und Missionen verpflichtet, als nur die eigenen B\u00fcrger zu sch\u00fctzen. Am deutschen Wesen soll die Welt genesen. Diese Mischung aus Gr\u00f6\u00dfenwahn, Arroganz und Dummheit w\u00e4re aus geschichtlicher Perspektive leider nichts Neues sondern ein wilhelminisch, faschistoider Aufguss.<br \/>\n3.9.2018, IJ, TO<\/p>\n<p><strong>Nazis verabscheuten Fremde &#8211; GroKo verabscheuen das eigene Volk<\/strong><br \/>\nMan hat nicht nur den Chemnitzer die Ehre gestohlen, sondern stellvertretend dem ganzen Deutschen Volk. Vom Mord von einem Schutzsuchenden soll abgelenkt werden, dabei ist es nicht der erste Mord an denen, die ihnen Schutz bieten. Die Zuwanderer lernen schnell, dass man sie immer in Schutz nimmt, selbst wenn sie Mitglied beim IS waren.<br \/>\nDie Angst vor der immer st\u00e4rker werdenden AfD l\u00e4sst die Altparteien mit ihren Linken Verb\u00fcndeten zu solchen Mitteln greifen.<br \/>\nDie Forderung, die AfD vom Verfassungsschutz beobachten zu lassen, obwohl der schon mehrfach keine Veranlassung dazu sah, zeigt mit welchen Mitteln gearbeitet wird.<br \/>\nW\u00e4hlt nicht die AfD und kauft nicht bei denen, wie sich die Parolen gleichen.<br \/>\nDie echten Nazis damals verabscheuten Fremde, die heutigen Altparteien verabscheuen das eigene Volk.<br \/>\nWenn nichts geschieht, haben wir hier <strong><em>bald B\u00fcrgerkrieg<\/em><\/strong>, wobei wir schon l\u00e4nger hier Lebenden nicht auf den Schutz unserer Politiker hoffen k\u00f6nnen, das haben mir die Zust\u00e4nde in Chemnitz ganz deutlich vor Augen gef\u00fchrt.<br \/>\nWenn ich nicht zu alt w\u00e4re, w\u00fcrde ich auswandern, nur wohin ?<br \/>\n3.9.2018, Pippi L., TO<\/p>\n<p>&nbsp;<\/p>\n<p>&nbsp;<\/p>\n<p>&nbsp;<\/p>\n<p><strong>Ellwangen: B\u00fcrgerkrieg erfolgreich begonnen<\/strong><br \/>\nDie Afrikanerkrawalle in Ellwangen sind eine Z\u00e4sur: So beginnt ein B\u00fcrgerkrieg. Dass der Staat in der Nacht auf den Montag so erb\u00e4rmlich kapituliert hat, wird den illegalen Neusiedlern Appetit auf mehr machen. Ellwangen ist \u00fcberall: Im ganzen Land gibt es Asylzentren in der Provinz, wo die kaputtgesparte Polizei kaum noch pr\u00e4sent ist. Die Lehre, die jetzt \u00fcbers Internet in den letzten afrikanischen Kral verbreitet wird, ist ganz simpel: Afrika schl\u00e4gt Europa. Wir sind st\u00e4rker als die Deutschen \u2013 selbst da, wo der Staat sein Gewaltmonopol einsetzt. Denn dieses Gewaltmonopol ist ein Popanz: Es wird in der Regel nur noch gegen das eigene Volk und angebliche Rechte zum Einsatz gebracht, w\u00e4hrend sich die sogenannten Fl\u00fcchtlinge und ihre linksradikalen Unterst\u00fctzer alles erlauben k\u00f6nnen.<br \/>\nMan k\u00f6nnte einwenden: War der Staat nicht auch schon zahnlos beim Schutz der Frauen in der K\u00f6lner Silvesternacht 2015, beim G20-Gipfel in Hamburg letzten Sommer? Ja, das stimmt. Und dennoch ist Ellwangen eine neue Eskalationsstufe: Hier wurde die Staatsmacht nicht en passant, im Verfolg anderer Ziele (Frauen, G20-Teilnehmer) attackiert, sondern direkt, ohne jeden weiteren Vorwand. Und: Die ohnedies l\u00e4cherlichen Versuche, Illegale abzuschieben (2017 wurden weniger abgeschoben als 2016!), wurden ausgerechnet in einem der wenigen F\u00e4lle torpediert, wo ernst gemacht werden sollte. Die Botschaft der Illegalen: Ellwangen zeigt, dass Ihr uns nicht mehr loswerdet.<br \/>\n&#8230; Alles von J\u00fcrgen Els\u00e4sser vom 3.5.2018 bitte lesen uf<br \/>\n<a href=\"https:\/\/www.compact-online.de\/die-zaesur-von-ellwangen-die-invasoren-haben-den-buergerkrieg-erfolgreich-begonnen-ein-weckruf-von-juergen-elsaesser-chefredakteur-compact\/\">https:\/\/www.compact-online.de\/die-zaesur-von-ellwangen-die-invasoren-haben-den-buergerkrieg-erfolgreich-begonnen-ein-weckruf-von-juergen-elsaesser-chefredakteur-compact\/<\/a><\/p>\n<p>&nbsp;<\/p>\n<p>&nbsp;<\/p>\n<p><strong>Ein B\u00fcrgerkrieg in Deutschland ist abwegig<\/strong><\/p>\n<p>In seinem B\u00fcchlein &#8222;Zur\u00fcstung zum B\u00fcrgerkrieg &#8211; Notizen zur \u00dcberfremdung Deutschlands&#8220; konstatiert Thorsten Hinz:\u00a0 &#8222;Die M\u00f6glichkeit eines B\u00fcrgerkriegs erscheint den meisten Deutschen abwegig.&#8220;\u00a0Um dann auf den von Hans Magnus Enzensberger in 1993 in Aussicht gestellten B\u00fcrgerkrieg einzugehen. Beides Hirngespinste?<br \/>\n.<\/p>\n<p>Der Staat hat sich zu einer &#8222;Wohlfahrtsagentur&#8220; entwickelt: \u201eAnstatt durch die \u00dcberzeugungskraft der Staatlichkeit wurden Zusammenhalt und Stabilit\u00e4t durch die Sozialsysteme und durch die soziale Ausgeglichenheit, die sie m\u00f6glich machten, garantiert. (\u2026) Der Staat schrumpft zum Adressaten von individuellen Anspr\u00fcchen und zur Wohlfahrtsagentur. (\u2026) Das ist deshalb fatal, weil das Politische sich zwar nicht im Staatlichen ersch\u00f6pft, der Staat aber die Form ist, in der ein Volk sich zu politischem Handeln bef\u00e4higt.\u201c (S. 29 und 30)<br \/>\nWo man bei den Bundestagswahlen das Kreuzchen macht, wird kaum hinterfragt, Hauptsache die Wirtschaft l\u00e4uft und es geht immer weiter bergauf: &#8222;&#8230; der in langen Wohlstandsjahren staatspolitisch desinteressierte B\u00fcrger hat dadurch, dass er seine Wahlentscheidungen danach ausrichtete, wer ihm am meisten Daseinsvorsorge versprach,eine unheilvolle sozialstaatliche Eigendynamik ausgel\u00f6st, die sich in Form immer h\u00f6herer Steuern und Sozialabgaben l\u00e4ngst gegen ihn wendet.&#8220; (Seite 31)<br \/>\nSeit der von Merkel mit <a title=\"Budapest-Dublin2015\" href=\"https:\/\/www.freiburg-schwarzwald.de\/blog\/global\/eu\/budapest-dublin2015\/\">Budapest 9\/2015<\/a> initiierten Masseneinwanderung bedienen sich ca 2 Mio Migranten dieser deutschen Wohlfahrtsagentur. Und da der Grundgesetzartikel &#8222;Die W\u00fcrde des Menschen ist unantastbar&#8220; so ausgelegt wird, dass damit nicht nur die W\u00fcrde &#8222;der Deutschen&#8220;, sondern die &#8222;aller Menschen&#8220; gemeint ist, praktizieren die <a title=\"Gesinnungsethik\" href=\"https:\/\/www.freiburg-schwarzwald.de\/blog\/engagement\/zukunft\/demokratie\/gesinnungsethik\/\">Gesinnungsethiker<\/a> um Angela Merkel eine <a title=\"Groessenwahn\" href=\"https:\/\/www.freiburg-schwarzwald.de\/blog\/engagement\/zukunft\/groessenwahn\/\">gr\u00f6\u00dfenwahnsinnige<\/a> Migrationspolitik, in der &#8222;auf die vom Grundgesetz garantierten individuellen Grundrechte ein quasi-universelles Zugriffsrecht besteht.&#8220; (Seite 33).<br \/>\nWill hei\u00dfen, dass jeder Migrant, dem es gelingt, ohne Ausweis die deutsche Grenze zu \u00fcberschreiten, ein Recht hat, lebenslang Sozialtransfers per Hartz IV zu beziehen. Ist er unter 18 Jahre alt, dann erh\u00e4lt er als <a title=\"UMF\" href=\"https:\/\/www.freiburg-schwarzwald.de\/blog\/global\/integration\/umf\/\">UMF<\/a> sogar ca 5000 Euro im Monat bis zum Alter von maximal 27 Jahren (laut Sozialgesetzbuch).<br \/>\n.<br \/>\nWas passiert aber, wenn Konjunktur und Konsumparty in Deutschland zu Ende gehen?<br \/>\n(1) Wie verhalten sich die vielen Migranten, zu 90 % Sozialhilfeempf\u00e4nger, wenn die Staatskassen nicht mehr sprudeln und zur Arbeitslosigkeit noch die Mittellosigkeit hinzukommt? Sie gehen auf die Stra\u00dfe der Gro\u00dfst\u00e4dte &#8211; in Massen, jung und stark.<br \/>\n(2) Was tun die deutschen B\u00fcrger, wenn der \u201eErnstfall\u201c eintritt? Was h\u00e4lt die b\u00fcrgerliche Gesellschaft und parlamentarische Demokratie dann noch zusammen, wo Geld und Kapital weg sind? Welche staatspolitische und staatsb\u00fcrgerliche Substanz verm\u00f6chte im Falle der Krise den politischen Durchmarsch eines neuen autorit\u00e4ren linken oder rechten Populisten zu verhindern, der Brot und Spiele f\u00fcr alle verspricht?<br \/>\nDie Antwort auf diese Frage (2) f\u00e4llt schwer, da seit 1949 Begriffe wie <a title=\"Nationalismus\" href=\"https:\/\/www.freiburg-schwarzwald.de\/blog\/engagement\/zukunft\/demokratie\/nationalismus\/\">Nationalstaat<\/a>, <a title=\"Patriotismus\" href=\"https:\/\/www.freiburg-schwarzwald.de\/blog\/engagement\/zukunft\/demokratie\/patriotismus\/\">Patriotismus<\/a>, Staatsbewu\u00dftsein, Heimat , <a title=\"Identitaet\" href=\"https:\/\/www.freiburg-schwarzwald.de\/blog\/engagement\/zukunft\/demokratie\/identitaet\/\">Identit\u00e4t<\/a> und <a title=\"Volk\" href=\"https:\/\/www.freiburg-schwarzwald.de\/blog\/engagement\/zukunft\/demokratie\/volk\/\">deutsches Volk<\/a> ja beharrlich abtrainiert worden sind, da nun pl\u00f6tzlich ein \u00fcbergro\u00dfes kulturell-politisches Vakuum unserer linksliberalen <a title=\"Demokratie\" href=\"https:\/\/www.freiburg-schwarzwald.de\/blog\/engagement\/zukunft\/demokratie\/\">Demokratie<\/a> sichtbar wird. Im Bankrott wird die gutmenschliche N\u00e4chstenliebe rasch abebben und nur noch der <a title=\"Selbsthass\" href=\"https:\/\/www.freiburg-schwarzwald.de\/blog\/engagement\/zukunft\/selbsthass\/\">Selbsthass<\/a> bleiben: <a title=\"Deutschland-verrecke\" href=\"https:\/\/www.freiburg-schwarzwald.de\/blog\/global\/deutschland\/deutschland-verrecke\/\">Deutschland verrecke<\/a>.<br \/>\nDie Franzosen w\u00fcrden im Fall der Krise die Marseillaise anstimmen, mit allem, was darin steht. Und wir &#8230;?<br \/>\n11.2.2018<br \/>\n.<br \/>\n<em>Thorsten Hinz: Zur\u00fcstung zum B\u00fcrgerkrieg &#8211; Notizen zur \u00dcberfremdung Deutschlands,<\/em><br \/>\n<em> 2017, ISBN 978-3-935063-79-1<\/em><\/p>\n<p>&nbsp;<\/p>\n<p>&nbsp;<\/p>\n","protected":false},"excerpt":{"rendered":"<p>Home\u00a0&gt;Engagement\u00a0&gt;Zukunft\u00a0&gt;Demokratie\u00a0&gt;Global\u00a0&gt;Deutschland\u00a0&gt;Buergerkrieg Listenauswahl eines Beitrags: Bitte anklicken oder runterscrollen Entsteht auch in Europa eine islamische Untergrundarmee \u2013 5.Kolonne?\u00a0(3.1.2026) Gie\u00dfen: Der Staat l\u00e4\u00dft Gewalt zu\u00a0(30.11.2025) Wie Frankreich in einen B\u00fcrgerkrieg hinein schlafwandelt (21.11.2025) Niedergang: \u00d6konomie, Freiheit\u00a0(1.11.2025) Nationalfeiertag am 3.10.2025\u00a0(3.10.2025) B\u00fcrgerkriegs\u00e4hnliche Zust\u00e4nde nach &hellip; <a href=\"https:\/\/www.freiburg-schwarzwald.de\/blog\/global\/deutschland\/buergerkrieg\/\">Weiterlesen <span class=\"meta-nav\">&rarr;<\/span><\/a><\/p>\n","protected":false},"author":2,"featured_media":0,"parent":62490,"menu_order":0,"comment_status":"open","ping_status":"closed","template":"","meta":{"footnotes":""},"class_list":["post-66504","page","type-page","status-publish","hentry"],"_links":{"self":[{"href":"https:\/\/www.freiburg-schwarzwald.de\/blog\/wp-json\/wp\/v2\/pages\/66504","targetHints":{"allow":["GET"]}}],"collection":[{"href":"https:\/\/www.freiburg-schwarzwald.de\/blog\/wp-json\/wp\/v2\/pages"}],"about":[{"href":"https:\/\/www.freiburg-schwarzwald.de\/blog\/wp-json\/wp\/v2\/types\/page"}],"author":[{"embeddable":true,"href":"https:\/\/www.freiburg-schwarzwald.de\/blog\/wp-json\/wp\/v2\/users\/2"}],"replies":[{"embeddable":true,"href":"https:\/\/www.freiburg-schwarzwald.de\/blog\/wp-json\/wp\/v2\/comments?post=66504"}],"version-history":[{"count":6,"href":"https:\/\/www.freiburg-schwarzwald.de\/blog\/wp-json\/wp\/v2\/pages\/66504\/revisions"}],"predecessor-version":[{"id":143640,"href":"https:\/\/www.freiburg-schwarzwald.de\/blog\/wp-json\/wp\/v2\/pages\/66504\/revisions\/143640"}],"up":[{"embeddable":true,"href":"https:\/\/www.freiburg-schwarzwald.de\/blog\/wp-json\/wp\/v2\/pages\/62490"}],"wp:attachment":[{"href":"https:\/\/www.freiburg-schwarzwald.de\/blog\/wp-json\/wp\/v2\/media?parent=66504"}],"curies":[{"name":"wp","href":"https:\/\/api.w.org\/{rel}","templated":true}]}}