{"id":664,"date":"2012-04-08T06:25:58","date_gmt":"2012-04-08T06:25:58","guid":{"rendered":"https:\/\/www.freiburg-schwarzwald.de\/blog\/?page_id=664"},"modified":"2026-04-15T20:55:48","modified_gmt":"2026-04-15T18:55:48","slug":"ostern","status":"publish","type":"page","link":"https:\/\/www.freiburg-schwarzwald.de\/blog\/religion\/kirchen\/ostern\/","title":{"rendered":"Ostern"},"content":{"rendered":"<p><a href=\"https:\/\/www.freiburg-schwarzwald.de\/blog\">Home<\/a> &gt;<a title=\"Religion\" href=\"https:\/\/www.freiburg-schwarzwald.de\/blog\/religion\/\">Religion<\/a> &gt;<a title=\"Ostern\" href=\"https:\/\/www.freiburg-schwarzwald.de\/blog\/religion\/kirchen\/ostern\/\">Kirchen<\/a> &gt;Ostern<\/p>\n<div id=\"attachment_691\" style=\"width: 647px\" class=\"wp-caption alignnone\"><a href=\"https:\/\/www.freiburg-schwarzwald.de\/blog\/wp-content\/uploads\/2012\/04\/kybfelsen0204.jpg\"><img loading=\"lazy\" decoding=\"async\" aria-describedby=\"caption-attachment-691\" class=\"size-full wp-image-691\" title=\"kybfelsen0204\" src=\"https:\/\/www.freiburg-schwarzwald.de\/blog\/wp-content\/uploads\/2012\/04\/kybfelsen0204.jpg\" alt=\"\" width=\"637\" height=\"151\" srcset=\"https:\/\/www.freiburg-schwarzwald.de\/blog\/wp-content\/uploads\/2012\/04\/kybfelsen0204.jpg 637w, https:\/\/www.freiburg-schwarzwald.de\/blog\/wp-content\/uploads\/2012\/04\/kybfelsen0204-180x42.jpg 180w\" sizes=\"auto, (max-width: 637px) 100vw, 637px\" \/><\/a><p id=\"caption-attachment-691\" class=\"wp-caption-text\">Ostern 2002 um 18.30 Uhr: Blick von Freiburg-Ebnet nach Littenweiler und hoch zum Kybfelsen<\/p><\/div>\n<ul>\n<li><em>Listenauswahl eines Beitrags (Artikel\/Datum, Seite\/Inhalt): <span style=\"text-decoration: underline;\">Klicken<\/span> oder scrollen<\/em><\/li>\n<li><a href=\"https:\/\/www.freiburg-schwarzwald.de\/blog\/ostern-das-fest-des-friedens\/\">Ostern \u2013 das Fest des Friedens<\/a> (6.4.2026)<\/li>\n<li>Nina Hagens Osterbekenntnis (4.4.2026)<\/li>\n<li><a href=\"https:\/\/www.freiburg-schwarzwald.de\/blog\/religion\/kirchen\/raetschen\/\">Osterzeit R\u00e4tscherbuben Brauch<\/a>\u00a0(3.4.2026)<\/li>\n<li><a href=\"https:\/\/www.freiburg-schwarzwald.de\/blog\/global\/spanien\/\">Karwoche Spanien 2026 &#8211; Osterprozessionen<\/a> (3.4.2026)<\/li>\n<li><a href=\"https:\/\/www.freiburg-schwarzwald.de\/blog\/christen-ostern-bis-pfingsten\/\">Christen: Ostern bis Pfingsten<\/a>\u00a0(2.4.2026)<\/li>\n<li>Ostermarsch 2026, Samstag 4.4.2026 Freiburg, 11 Uhr PdaS (25.3.2026)<\/li>\n<li><a href=\"https:\/\/www.freiburg-schwarzwald.de\/blog\/ostern-raetschen-statt-glocken-2\/\">Ostern: R\u00e4tschen statt Glocken<\/a>\u00a0(20.4.2025)<\/li>\n<li><a href=\"https:\/\/www.freiburg-schwarzwald.de\/blog\/ostermarsch-in-fr-am-17-4-2025\/\">Ostermarsch in FR am 17.4.2025<\/a>\u00a0(18.4.2025)<\/li>\n<li><a href=\"https:\/\/www.freiburg-schwarzwald.de\/blog\/ostern-welt-christentum-islam\/\">Ostern: Welt Christentum Islam<\/a> (16.4.2025)<\/li>\n<li><a href=\"https:\/\/www.freiburg-schwarzwald.de\/blog\/ostern-und-der-hass-aufs-eigene\/\">Ostern und der Hass aufs Eigene<\/a>\u00a0(31.3.2024)<\/li>\n<li><a href=\"https:\/\/www.freiburg-schwarzwald.de\/blog\/religion\/christen\/urchristentum\/\">Maria Schneider zu Ostern 2024: Deutschland, selig Opferlamm<\/a>\u00a0(31.3.2024)<\/li>\n<li>Osterspaziergang: L\u00e4cherlich oder zum F\u00fcrchten? Politik in Deutschland (31.3.2024)<\/li>\n<li><a href=\"https:\/\/www.freiburg-schwarzwald.de\/blog\/engagement\/zukunft\/frieden\/ostermarsch\/\">Ostermarsch f\u00fcr Diplomatie statt Weltkrieg<\/a>\u00a0(29.3.2024)<\/li>\n<li>Die Kreuzigung Jesu: Wie Gutmenschen und Politiker den Rechtsstaat zerst\u00f6ren (29.3.2024)<\/li>\n<li><a href=\"https:\/\/www.freiburg-schwarzwald.de\/blog\/religion\/islam\/islam-deutschland\/\">Susanne Schr\u00f6ter: Ramadan wird gefeiert, Karfreitag bek\u00e4mpft<\/a>\u00a0(29.3.2024)<\/li>\n<li>Jakob Tscharnke Karfreitagspredigt 29.3.2024: &#8222;Rettung f\u00fcr hoffnungslose F\u00e4lle&#8220; (29.3.2024)<\/li>\n<li><a href=\"https:\/\/www.freiburg-schwarzwald.de\/blog\/ostermarsch-freiburg-28-3-2024\/\">Ostermarsch Freiburg Donnerstag, 28. M\u00e4rz 2024 ab 16:30 PdaSynagoge<\/a>\u00a0(21.3.2.24)<\/li>\n<li><a href=\"https:\/\/www.freiburg-schwarzwald.de\/blog\/ostermarsch-2023-drewermann\/\">Ostermarsch 2023 Drewermann<\/a>\u00a0(13.4.2023)<\/li>\n<li><a href=\"https:\/\/www.freiburg-schwarzwald.de\/blog\/ostern-raetschen-brandbrief\/\">Ostern: R\u00e4tschen \u2013 Brandbrief<\/a>\u00a0(8.4.2023)<\/li>\n<li><a href=\"https:\/\/www.freiburg-schwarzwald.de\/blog\/der-karfreitag-und-das-klima\/\">Der Karfreitag und das Klima<\/a>\u00a0(8.4.2023)<\/li>\n<li><a href=\"https:\/\/www.freiburg-schwarzwald.de\/blog\/faeser-ramadan-ja-ostern-nein\/\">Faeser: Ramadan ja, Ostern nein<\/a>\u00a0(19.4.2022)<\/li>\n<li><a href=\"https:\/\/www.freiburg-schwarzwald.de\/blog\/raetschen-bei-osterfeier-in-ebnet\/\">R\u00e4tschen bei Osterfeier in Ebnet<\/a> (16.4.2022)<\/li>\n<li><a href=\"https:\/\/www.freiburg-schwarzwald.de\/blog\/ostergruss-von-kardinal-mueller\/\">Ostergruss von Kardinal M\u00fcller<\/a>\u00a0(16.4.2022)<\/li>\n<li><a href=\"https:\/\/www.freiburg-schwarzwald.de\/blog\/ostermarsch-freiburg-graesslin\/\">Ostermarsch in Freiburg am 14. April 2022, 17h, Platz der alten Synagoge<\/a>\u00a0(14.4.2022)<\/li>\n<li><a href=\"https:\/\/www.freiburg-schwarzwald.de\/blog\/religion\/kirchen\/pfingsten\/\">Pfingsten-Realsatire: Wetter, Essen, Israel-Gaza, Heilige<\/a>\u00a0(24.5.2021)<\/li>\n<li><a href=\"https:\/\/www.freiburg-schwarzwald.de\/blog\/ausgangs-zu-heimkehrsperren\/\">Ausgangssperren werden zu Heimkehrsperren<\/a> (18.4.2021)<\/li>\n<li>Boris Reitschuster: Eine kleine Osterbitte f\u00fcr die Eltern (5.4.2021)<\/li>\n<li>Wie froh war Ostern? \u201eDeutschland unterm Leichentuch\u201c (5.4.2021)<\/li>\n<li><a href=\"https:\/\/www.freiburg-schwarzwald.de\/blog\/ostern-raetschen-statt-glocken\/\">Ostern: R\u00e4tschen statt Kirchenglocken<\/a> (3.4.2021)<\/li>\n<li><a title=\"Lockdown-Ende Ramadan 23.4.\" href=\"https:\/\/www.freiburg-schwarzwald.de\/blog\/lockdown-ende-ramadan-23-4\/\">Lockdown-Ende zum Beginn des Ramadan am 23.4<\/a>. (3.4.2020)<\/li>\n<li><a href=\"https:\/\/www.freiburg-schwarzwald.de\/blog\/engagement\/zukunft\/demokratie\/freiheit\/freiheitsrechte\/\">Notker Wolf: Die Freiheit nicht nehmen lassen<\/a>\u00a0(2.4.2021)<\/li>\n<li><a href=\"https:\/\/www.freiburg-schwarzwald.de\/blog\/klappern-osterfeuer-und-klima\/\">https:\/\/www.freiburg-schwarzwald.de\/blog\/klappern-osterfeuer-und-klima\/<\/a>\u00a0(20.4.2019)<\/li>\n<li><a href=\"https:\/\/www.freiburg-schwarzwald.de\/blog\/osterfeuer-contra-klimawandel\/\">https:\/\/www.freiburg-schwarzwald.de\/blog\/osterfeuer-contra-klimawandel\/<\/a> (22.2.2019)<\/li>\n<li>Ostergarten &#8211; Jesuspassion kindgerecht? (4.5.2017)<\/li>\n<li><a href=\"https:\/\/www.freiburg-schwarzwald.de\/blog\/raetschen-am-karfreitag-ebnet\">https:\/\/www.freiburg-schwarzwald.de\/blog\/raetschen-am-karfreitag-ebnet<\/a>\/ (3.4.2015)<\/li>\n<li>Osternacht Karsamstag 19.4.2014 St.Hilarius in Freiburg-Ebnet (20.4.2014)<\/li>\n<li>Ex-Bisch\u00f6fin K\u00e4\u00dfmann ist gegen Osterschmuck vorm Fest (18.4.2014)<\/li>\n<li><a href=\"https:\/\/www.freiburg-schwarzwald.de\/blog\/religion\/kirchen\/raetschen\/\">https:\/\/www.freiburg-schwarzwald.de\/blog\/religion\/kirchen\/raetschen\/<\/a>\u00a0(29.3.2013)<\/li>\n<li>Ostern &#8211; das Fest des Lebens (28.3.2013)<\/li>\n<li>Ostermarkt am Kartoffelmarkt (8.3.2013)<\/li>\n<li><a href=\"https:\/\/www.freiburg-schwarzwald.de\/blog\/osterbrot-karfreitagslaible\/\">https:\/\/www.freiburg-schwarzwald.de\/blog\/osterbrot-karfreitagslaible\/<\/a>\u00a0(2.2.2013)<\/li>\n<li><a href=\"https:\/\/www.freiburg-schwarzwald.de\/blog\/anonymitaet-im-internet-karfreitagspredigt\/\">https:\/\/www.freiburg-schwarzwald.de\/blog\/anonymitaet-im-internet-karfreitagspredigt\/<\/a>\u00a0(6.4.2012)<\/li>\n<li><a href=\"https:\/\/www.freiburg-schwarzwald.de\/akw13.htm#\u00d6kum. Gottesdienst am Ostermontag im Freiburger M\u00fcnster: Tscher\/Fuku\">\u00d6kum. Gottesdienst am Ostermontag im Freiburger M\u00fcnster: Tscher\/Fuku<\/a> &gt;AKW13 (19.4.2011)<\/li>\n<li><a href=\"https:\/\/www.freiburg-schwarzwald.de\/ostern.htm#Da geht?s um Leben und Tod: Gr\u00fcndonnerstag, Karfreitag\">Da geht\u2019s um Leben und Tod: Gr\u00fcndonnerstag, Karfreitag<\/a> &gt;Ostern (21.4.2011)<\/li>\n<li><a href=\"https:\/\/www.freiburg-schwarzwald.de\/ostern.htm#R\u00e4tschen am Karsamstag in Ebnet\">R\u00e4tschen am Karsamstag in Ebnet<\/a> &gt;Ostern (3.4.2010)<\/li>\n<li><a href=\"https:\/\/www.freiburg-schwarzwald.de\/littenweiler\/auferstehung3.htm#Kreuzwegandacht: Via Crucis von Franz List\">Kreuzwegandacht: Via Crucis von Franz List<\/a> &gt;Auferstehung3 (3.4.2010)<\/li>\n<li><a href=\"https:\/\/www.freiburg-schwarzwald.de\/littenweiler\/littenweiler11.htm#Osterfreizeit am Lernort Kunzenhof\">Osterfreizeit am Lernort Kunzenhof<\/a> &gt;Littenweiler11 (25.3.2010)<\/li>\n<li><a href=\"https:\/\/www.freiburg-schwarzwald.de\/finanzsystem.htm#Was haben die Kirchen zur Finanz- und Wirtschaftskrise zu sagen\">Was haben die Kirchen zur Finanz- und Wirtschaftskrise zu sagen?<\/a> &gt;Finanzsystem (11.4.09)<\/li>\n<li><a href=\"https:\/\/www.freiburg-schwarzwald.de\/fastenzeit.htm#Veranstaltungen der kath. Kirche Freiburg in der Fastenzeit\">Veranstaltungen der kath. Kirche Freiburg in der Fastenzeit<\/a> &gt;Fastenzeit (18.2.2009)<\/li>\n<li><a href=\"https:\/\/www.freiburg-schwarzwald.de\/ostern.htm#Osterschwamm-Tragen in St. Peter - von Hof zu Hof\">Osterschwamm-Tragen in St. Peter &#8211; von Hof zu Hof<\/a> &gt;Ostern (23.3.2008)<\/li>\n<li><a href=\"https:\/\/www.freiburg-schwarzwald.de\/ostern.htm#Erster Ostermarsch in Freiburg am 23.4.1962, organisiert von Udo Hegar\">Erster Ostermarsch in Freiburg am 23.4.1962, organisiert von Udo Hegar<\/a> &gt;Ostern (20.3.2008)<\/li>\n<li><a href=\"https:\/\/www.freiburg-schwarzwald.de\/kreuze1.htm#Laienbewegung CL geht einen Kreuzweg an Karfreitag in Freiburg\">Laienbewegung CL geht einen Kreuzweg an Karfreitag in Freiburg<\/a> &gt;Kreuze1 (20.2.2008)<\/li>\n<li><a href=\"https:\/\/www.freiburg-schwarzwald.de\/ostern.htm#Friedensmarsch 24.8.2008 in M\u00fcllheim, Robert Schuman Kaserne\">Friedensmarsch 24.8.2008 in M\u00fcllheim, Robert Schuman Kaserne<\/a> &gt;Ostern (19.3.2008)<\/li>\n<li><a href=\"https:\/\/www.freiburg-schwarzwald.de\/afghanistan.htm#Ostern 2008 -Truppen aus Afghanistan abziehen\">Ostern 2008 -Truppen aus Afghanistan abziehen<\/a> &gt;Afghanistan (17.3.2008)<\/li>\n<li><a href=\"https:\/\/www.freiburg-schwarzwald.de\/ehrenkirchen1.htm#Ostergarten Ehrenstetten: Von Leid, Tod und Auferstehung\">Ostergarten Ehrenstetten: Von Leid, Tod und Auferstehung<\/a> &gt;Ehrenkirchen1 (15.3.2008)<\/li>\n<li><a href=\"https:\/\/www.freiburg-schwarzwald.de\/raetschen.htm#R\u00e4tschen - ein Ebneter Brauch\">R\u00e4tschen &#8211; ein Ebneter Brauch<\/a> &gt;Raetschen (6.3.2007)<\/li>\n<li><a href=\"https:\/\/www.freiburg-schwarzwald.de\/littenweiler\/oekumene.htm#Osterfeuer Karsamstag 21 Uhr am Friedensplatz Littenweiler\">Osterfeuer Karsamstag 21 Uhr am Friedensplatz Littenweiler<\/a> &gt;Oekumene (30.3.2005)<\/li>\n<li><\/li>\n<li><a href=\"https:\/\/www.freiburg-schwarzwald.de\/blog\/religion\/kirchen\/fastenzeit\/\">Fastenzeit<\/a><\/li>\n<li>Ostern &#8211; H\u00f6chster christlicher Feiertag<\/li>\n<li><a href=\"https:\/\/www.freiburg-schwarzwald.de\/blog\/engagement\/zukunft\/frieden\/ostermarsch\/\">Ostermarsch<\/a><\/li>\n<li><a href=\"https:\/\/www.freiburg-schwarzwald.de\/blog\/religion\/kirchen\/pfingsten\/\">Pfingsten<\/a><\/li>\n<li><a title=\"Raetschen\" href=\"https:\/\/www.freiburg-schwarzwald.de\/blog\/religion\/kirchen\/raetschen\/\">R\u00e4tschen<\/a><\/li>\n<li><a title=\"Sri-Lanka2019Ostern\" href=\"https:\/\/www.freiburg-schwarzwald.de\/blog\/religion\/christen\/sri-lanka2019ostern\/\">Sri-Lanka2019Ostern<\/a><\/li>\n<li><a href=\"https:\/\/www.freiburg-schwarzwald.de\/blog\/religion\/christen\/urchristentum\/\">Urchristentum &#8211; neu<\/a><\/li>\n<\/ul>\n<p>&nbsp;<\/p>\n<h5><a href=\"https:\/\/www.freiburg-schwarzwald.de\/blog\/religion\/kirchen\/ostern\/bernau4osterbaum130316\/\" rel=\"attachment wp-att-25697\"><img loading=\"lazy\" decoding=\"async\" class=\"alignnone size-thumbnail wp-image-25697\" title=\"bernau4osterbaum130316\" src=\"https:\/\/www.freiburg-schwarzwald.de\/blog\/wp-content\/uploads\/2012\/04\/bernau4osterbaum130316-180x143.jpg\" alt=\"\" width=\"180\" height=\"143\" srcset=\"https:\/\/www.freiburg-schwarzwald.de\/blog\/wp-content\/uploads\/2012\/04\/bernau4osterbaum130316-180x143.jpg 180w, https:\/\/www.freiburg-schwarzwald.de\/blog\/wp-content\/uploads\/2012\/04\/bernau4osterbaum130316-640x509.jpg 640w, https:\/\/www.freiburg-schwarzwald.de\/blog\/wp-content\/uploads\/2012\/04\/bernau4osterbaum130316.jpg 641w\" sizes=\"auto, (max-width: 180px) 100vw, 180px\" \/><\/a>\u00a0\u00a0\u00a0\u00a0\u00a0\u00a0\u00a0\u00a0\u00a0 <a href=\"https:\/\/www.freiburg-schwarzwald.de\/blog\/religion\/kirchen\/ostern\/markt1erdbeeren140410\/\" rel=\"attachment wp-att-47006\"><img loading=\"lazy\" decoding=\"async\" class=\"alignnone size-thumbnail wp-image-47006\" src=\"https:\/\/www.freiburg-schwarzwald.de\/blog\/wp-content\/uploads\/2012\/04\/markt1erdbeeren140410-135x180.jpg\" alt=\"markt1erdbeeren140410\" width=\"135\" height=\"180\" srcset=\"https:\/\/www.freiburg-schwarzwald.de\/blog\/wp-content\/uploads\/2012\/04\/markt1erdbeeren140410-135x180.jpg 135w, https:\/\/www.freiburg-schwarzwald.de\/blog\/wp-content\/uploads\/2012\/04\/markt1erdbeeren140410.jpg 480w\" sizes=\"auto, (max-width: 135px) 100vw, 135px\" \/><\/a>\u00a0\u00a0\u00a0\u00a0\u00a0\u00a0\u00a0\u00a0\u00a0\u00a0\u00a0\u00a0\u00a0\u00a0\u00a0\u00a0\u00a0\u00a0\u00a0\u00a0 <a href=\"https:\/\/www.freiburg-schwarzwald.de\/blog\/religion\/kirchen\/ostern\/markt2osterhase140410\/\" rel=\"attachment wp-att-47007\"><img loading=\"lazy\" decoding=\"async\" class=\"alignnone size-thumbnail wp-image-47007\" src=\"https:\/\/www.freiburg-schwarzwald.de\/blog\/wp-content\/uploads\/2012\/04\/markt2osterhase140410-180x135.jpg\" alt=\"markt2osterhase140410\" width=\"180\" height=\"135\" srcset=\"https:\/\/www.freiburg-schwarzwald.de\/blog\/wp-content\/uploads\/2012\/04\/markt2osterhase140410-180x135.jpg 180w, https:\/\/www.freiburg-schwarzwald.de\/blog\/wp-content\/uploads\/2012\/04\/markt2osterhase140410.jpg 640w\" sizes=\"auto, (max-width: 180px) 100vw, 180px\" \/><\/a><br \/>\n(1) <a title=\"Ostern\" href=\"https:\/\/www.freiburg-schwarzwald.de\/blog\/religion\/kirchen\/ostern\/\">Osterbaum<\/a> Bernau 16.3.2013\u00a0 \u00a0 \u00a0 \u00a0 \u00a0 \u00a0 (2) H\u00f6lzerne Osterhasen am <a title=\"Muenstermarkt\" href=\"https:\/\/www.freiburg-schwarzwald.de\/blog\/business\/markt\/muenstermarkt\/\">M\u00fcnstermarkt\u00a0<\/a> 14.4.2014<\/h5>\n<h5><a href=\"https:\/\/www.freiburg-schwarzwald.de\/blog\/religion\/kirchen\/ostern\/osterkutsche140419\/\" rel=\"attachment wp-att-47391\"><img loading=\"lazy\" decoding=\"async\" class=\"alignnone size-thumbnail wp-image-47391\" src=\"https:\/\/www.freiburg-schwarzwald.de\/blog\/wp-content\/uploads\/2012\/04\/osterkutsche140419-180x135.jpg\" alt=\"osterkutsche140419\" width=\"180\" height=\"135\" srcset=\"https:\/\/www.freiburg-schwarzwald.de\/blog\/wp-content\/uploads\/2012\/04\/osterkutsche140419-180x135.jpg 180w, https:\/\/www.freiburg-schwarzwald.de\/blog\/wp-content\/uploads\/2012\/04\/osterkutsche140419.jpg 640w\" sizes=\"auto, (max-width: 180px) 100vw, 180px\" \/><\/a>\u00a0\u00a0\u00a0\u00a0\u00a0\u00a0\u00a0\u00a0\u00a0 <a href=\"https:\/\/www.freiburg-schwarzwald.de\/blog\/religion\/kirchen\/ostern\/ostern1muenstermarkt140419\/\" rel=\"attachment wp-att-47392\"><img loading=\"lazy\" decoding=\"async\" class=\"alignnone size-thumbnail wp-image-47392\" src=\"https:\/\/www.freiburg-schwarzwald.de\/blog\/wp-content\/uploads\/2012\/04\/ostern1muenstermarkt140419-135x180.jpg\" alt=\"ostern1muenstermarkt140419\" width=\"135\" height=\"180\" srcset=\"https:\/\/www.freiburg-schwarzwald.de\/blog\/wp-content\/uploads\/2012\/04\/ostern1muenstermarkt140419-135x180.jpg 135w, https:\/\/www.freiburg-schwarzwald.de\/blog\/wp-content\/uploads\/2012\/04\/ostern1muenstermarkt140419.jpg 480w\" sizes=\"auto, (max-width: 135px) 100vw, 135px\" \/><\/a>\u00a0\u00a0\u00a0\u00a0\u00a0\u00a0\u00a0\u00a0\u00a0\u00a0\u00a0\u00a0\u00a0\u00a0\u00a0\u00a0\u00a0\u00a0\u00a0\u00a0\u00a0\u00a0\u00a0 <a href=\"https:\/\/www.freiburg-schwarzwald.de\/blog\/religion\/kirchen\/ostern\/ostern2muenstermarkt140419\/\" rel=\"attachment wp-att-47393\"><img loading=\"lazy\" decoding=\"async\" class=\"alignnone size-thumbnail wp-image-47393\" src=\"https:\/\/www.freiburg-schwarzwald.de\/blog\/wp-content\/uploads\/2012\/04\/ostern2muenstermarkt140419-180x135.jpg\" alt=\"ostern2muenstermarkt140419\" width=\"180\" height=\"135\" srcset=\"https:\/\/www.freiburg-schwarzwald.de\/blog\/wp-content\/uploads\/2012\/04\/ostern2muenstermarkt140419-180x135.jpg 180w, https:\/\/www.freiburg-schwarzwald.de\/blog\/wp-content\/uploads\/2012\/04\/ostern2muenstermarkt140419.jpg 640w\" sizes=\"auto, (max-width: 180px) 100vw, 180px\" \/><\/a><br \/>\n(4) Osterkutsche 19.4.2014\u00a0 \u00a0 \u00a0 \u00a0 \u00a0 \u00a0 \u00a0 \u00a0 \u00a0 \u00a0 \u00a0(5) Osterhase aus Holz 19.4.2014\u00a0 \u00a0 \u00a0 \u00a0 \u00a0 \u00a0 \u00a0 (6) Ostern M\u00fcnstermarkt<\/h5>\n<p>Ostern ist zwar schon vorbei,<br \/>\nAlso dies kein Osterei;<br \/>\nDoch wer sagt, es sei kein Segen,<br \/>\nWenn im Mai die Hasen legen?<br \/>\nAus der Pfanne, aus dem Schmalz<br \/>\nSchmeckt ein Eilein jedenfalls,<br \/>\nUnd kurzum, mich t\u00e4t\u2019s gaudieren,<br \/>\nDir dies Ei zu pr\u00e4sentieren,<br \/>\nUnd zugleich t\u00e4t es mich kitzeln,<br \/>\nDir ein R\u00e4tsel drauf zu kritzeln.<\/p>\n<p>Die Sophisten und die Pfaffen<br \/>\nStritten sich mit viel Geschrei:<br \/>\nWas hat Gott zuerst erschaffen,<br \/>\nWohl die Henne? wohl das Ei?<\/p>\n<p>W\u00e4re das so schwer zu l\u00f6sen?<br \/>\nErstlich ward ein Ei erdacht:<br \/>\nDoch weil noch kein Huhn gewesen,<br \/>\nSchatz, so hat\u2019s der Has gebracht.<\/p>\n<p>Eduard M\u00f6rike (* 1804, \u2020 1875)<\/p>\n<div id=\"attachment_147762\" style=\"width: 650px\" class=\"wp-caption alignnone\"><a href=\"https:\/\/www.freiburg-schwarzwald.de\/blog\/wp-content\/uploads\/2026\/04\/ostern-loewenzahl-dreisamtal-pan260405.jpg\"><img loading=\"lazy\" decoding=\"async\" aria-describedby=\"caption-attachment-147762\" class=\"size-full wp-image-147762\" src=\"https:\/\/www.freiburg-schwarzwald.de\/blog\/wp-content\/uploads\/2026\/04\/ostern-loewenzahl-dreisamtal-pan260405.jpg\" alt=\"\" width=\"640\" height=\"345\" srcset=\"https:\/\/www.freiburg-schwarzwald.de\/blog\/wp-content\/uploads\/2026\/04\/ostern-loewenzahl-dreisamtal-pan260405.jpg 640w, https:\/\/www.freiburg-schwarzwald.de\/blog\/wp-content\/uploads\/2026\/04\/ostern-loewenzahl-dreisamtal-pan260405-180x97.jpg 180w\" sizes=\"auto, (max-width: 640px) 100vw, 640px\" \/><\/a><p id=\"caption-attachment-147762\" class=\"wp-caption-text\">Ostern im Dreisamtal bei Freiburg 5,4,2026: <a href=\"https:\/\/www.freiburg-schwarzwald.de\/blog\/natur\/landwirt\/wiese\/\">L\u00f6wenzahn<\/a>, Kybfelsen, 20 Grad<\/p><\/div>\n<p>==============================================================<\/p>\n<p>&nbsp;<\/p>\n<p><strong>Nina Hagens Osterbekenntnis<\/strong><br \/>\nIch hoffe, es geht Ihnen wie mir, wenn Sie durch unser kleines Onlinemagazin klicken und bl\u00e4ttern und dabei immer etwas Neues lernen. So erging es mir jedenfalls beim erstmaligen Lesen der neuen Kolumne unseres \u201eHauspfarrers\u201c Guido Rodheudt. Nina Hagen, die \u201eGodmother of Punk\u201c, hat sich bereits 2009 taufen lassen. Vor kurzem hat sie ihren provokanten Abtreibungs-Song bereut und vor wenigen Wochen ihr Gospel-Album \u201eHighway to Heaven\u201c ver\u00f6ffentlicht. Darauf singt sie das Lied<br \/>\n<em>\u201eAlle wollen in den Himmel, <\/em><br \/>\n<em>aber niemand hat Bock auf Tod\u201c<\/em><br \/>\n<em><a href=\"https:\/\/www.youtube.com\/watch?v=g4egIstyiFE\">https:\/\/www.youtube.com\/watch?v=g4egIstyiFE<\/a><\/em><br \/>\nund beweist damit mehr Osterbekenntnis als so mancher Kirchenverantwortliche. \u201eAlle wollen in den Himmel, aber keiner hat Bock auf den Tod.\u201c Nur noch elf Prozent der Deutschen verbinden mit dem Osterfest in erster Linie etwas Religi\u00f6ses. Und auch in Kirchen werden Kruzifixe abgeh\u00e4ngt. \u201eAlle wollen Gl\u00fcck und Leben und am liebsten leben ohne Tod\u201c, schreibt Rodheudt. Genau das Kreuz ist aber \u201eder Tod des Todes und schafft dem Tod den Tod\u201c. Nina Hagen sollte einen Katechese-Award gewinnen.<br \/>\n&#8230;<br \/>\n<strong>Osterhagen &#8211; von Guido Rodheudt<\/strong><br \/>\nEs ist exakt zehn Jahre her, da erreichte mich die folgende Handreichung aus dem Haus eines deutschen Lebensmitteldiscounters:<br \/>\n\u201eAn Ostern feiern Christen auf der ganzen Welt die Auferstehung von Jesus Christus, dem Sohn Gottes. [\u2026] Der J\u00fcnger Judas verriet dem Hohen Rat, wo sich Jesus aufhielt. Als Belohnung bekam Judas 30 Silberm\u00fcnzen. Nachdem die Tempelwache Jesus gefangen genommen hatte, wurde er von Pilatus, dem r\u00f6mischen Statthalter und m\u00e4chtigsten Mann der Gegend, zum Tod am Kreuz verurteilt. Sein schweres Kreuz musste Jesus selbst auf den Berg tragen, auf dem er wenig sp\u00e4ter gekreuzigt wurde und starb. [\u2026]<br \/>\nSp\u00e4ter wurde Jesus von seinen Freunden und von seiner Mutter vom Kreuz geholt. Sie wickelten ihn in T\u00fccher und legten seinen K\u00f6rper in eine H\u00f6hle. Den Eingang der H\u00f6hle verschlossen sie mit einem gro\u00dfen Felsen. Als einige Frauen am Ostermorgen nach dem Grab schauen wollten, sahen sie, dass der Fels zur Seite gerollt und das Grab leer war. Pl\u00f6tzlich erschien ihnen ein Engel und erz\u00e4hlte von Jesu Auferstehung. Als sich die Apostel am Abend zuhause versammelten, erschien Jesus unter ihnen und sagte, dass er von den Toten auferstanden sei. [\u2026]<br \/>\nDas Osterfest und die Geschichte von Jesu Auferstehung sollen uns verdeutlichen, dass der Tod nicht das Ende ist und es immer Hoffnung auf ein neues Leben gibt. Wie ein neues Leben entsteht, zeigt sich besonders gut, wenn kleines niedliches K\u00fcken aus der Eierschale schl\u00fcpft.\u201c<\/p>\n<p>Dieses Zitat, das m\u00fchelos aus einer handels\u00fcblichen Handreichung zur Unterweisung von Erstkommunikanten stammen k\u00f6nnte, steht in einer 16-seitigen Prospektwerbung der Firma Aldi aus dem Jahre 2016! Auch f\u00fcr damalige Verh\u00e4ltnisse war diese extrem religi\u00f6se und noch dazu christliche Dimension in einer ansonsten rein profanen Handelswelt erstaunlich.<br \/>\nAuch vor zehn Jahren hatte man als Christ ja schon Angst zu husten und nicht weiter in der Gesellschaft zu st\u00f6ren, wurde Christliches bestenfalls als l\u00e4cherlich empfunden, schlimmstenfalls auch damals schon f\u00fcr gemeingef\u00e4hrlich gehalten, weil es als hinderlich f\u00fcr den Fortschrittsdrang der Menschheit betrachtet wurde.<\/p>\n<p>Zum Beispiel wurde damals zeitgleich zu der ungeschminkt offenen Bekundung der Osterinhalte des Christentums im Prospekt eines Lebensmitteldiscounters ein unscheinbarer muslimischer Ladenbesitzer in Glasgow erstochen, weil er dem christlichen Land, in dem er lebte, auf Facebook \u201eFrohe Ostern\u201c gew\u00fcnscht hatte.<\/p>\n<p>Ostern, kein religi\u00f6ses Fest mehr?<br \/>\nMich hat das seinerzeit als Pfarrer dazu gef\u00fchrt, den Umstand in der Osterpredigt zu thematisieren. Denn die unverhoffte katechetische Information aus dem Aldi-Prospekt war keineswegs ein Grund zum Jubeln, sondern rangierte auf dem Hintergrund der schon damals keineswegs hoffnungsfrohen Umfrageergebnisse \u00fcber das Thema \u201eOstern\u201c in der deutschen Bev\u00f6lkerung. Denen zufolge assoziierten 2016 nur 36 Prozent mit Ostern in erster Linie die Auferstehung Jesu von den Toten, der Rest verband mit Ostern irgendwelche heidnischen Gebr\u00e4uche oder es fiel ihnen zu dem Thema \u201enichts Besonderes\u201c ein.<br \/>\nHeute, zehn Jahre sp\u00e4ter, haben sich die Zahlen weiter dramatisch nach unten ver\u00e4ndert. Aktuell sind aus den 36 Prozent der Befragten, f\u00fcr die Ostern damals noch einen religi\u00f6sen Charakter hatte, nur noch 11 Prozent \u00fcbriggeblieben. F\u00fcr den Rest ist es eine Mischung aus Fr\u00fchlings- und Kulturfest, oder man macht keine Angaben in den Umfragen.<br \/>\nKein Wunder, dass nach dem katechetischen Aldi-Wunder von 2016 in diesem Jahr mal gerade der Slogan \u201eOsterfreude f\u00fcr alle. Zum Aldi-Preis\u201c \u00fcbriggeblieben ist. P\u00fcnktlich zum Fest bewirbt der Discounter seine g\u00fcnstigen Osterprodukte wie zum Beispiel Feinkost zum Osterbrunch, Schokoeier, Geschirr, Gl\u00e4ser und Besteck f\u00fcr das Familien-Osterfr\u00fchst\u00fcck.<\/p>\n<p>Heute ist kein Platz mehr f\u00fcr Jesus am Kreuz<br \/>\nHeute jedoch ist kein Platz mehr f\u00fcr Jesus und die Auferstehung und erst recht nicht f\u00fcr Sein Kreuz im Marketing des kulinarischen Grundversorgers der Nation. Der urspr\u00fcngliche Anlass von Ostern ist dem heutigen Hasen-Familien-Fr\u00fchlingsfest egal. Wegen der S\u00e4kularisierung unseres Landes findet Ostern nur noch dem Namen nach statt. Religion spielt allenfalls als Hintergrund eine Rolle. Und dann auch nur, insofern christliches Ostern und Fr\u00fchling irgendwie diffus kompatibel erscheinen und sich Ostereier sowohl aus sakralen als auch aus profanen Motiven f\u00e4rben und verzehren lassen. Um Osterfreude zu haben, gen\u00fcgt den meisten eben der \u201eAldi-Preis\u201c. Jesus ist dazu nicht notwendig. Jedenfalls nicht als ein gekreuzigter Gott.<br \/>\n&#8230;<br \/>\nWie so oft, bekommt man in solchen Situationen Sch\u00fctzenhilfe von unerwarteter Seite. In diesem Fall ist es Nina Hagen \u2013 die vor kurzem ihren Abtreibungs-Song bereut hat <a href=\"https:\/\/www.1000plus.net\/de-de\/news\/nina-hagen-bereut-provokanten-abtreibungs-song\">https:\/\/www.1000plus.net\/de-de\/news\/nina-hagen-bereut-provokanten-abtreibungs-song<\/a> \u2013 und ihr im Februar ver\u00f6ffentlichtes Gospel-Album \u201eHighway to Heaven\u201c. Darin findet sich die deutsche Adaption von \u201eEverybody wanna go to heaven\u201c.<br \/>\n<a href=\"https:\/\/www.youtube.com\/watch?v=g4egIstyiFE\">https:\/\/www.youtube.com\/watch?v=g4egIstyiFE<\/a><br \/>\n<a href=\"https:\/\/www.youtube.com\/@NinaHagen_Official\">https:\/\/www.youtube.com\/@NinaHagen_Official<\/a><br \/>\nIm typischen Nina-Hagen-Stil bringt es die \u201eGodmother of Punk\u201c auf dem Punkt: \u201eAlle wollen in den Himmel, aber keiner hat Bock auf den Tod\u201c, singt sie und l\u00f6st das Problem der Eink\u00fcrzung der Osterbotschaft auf ihre Weise. Denn in der Tat, wer mag schon den Tod? Wer will schon sterben? Niemand!<br \/>\nUnd doch ist es der unabwendbare Weg zum Leben, daf\u00fcr einen Tod zu sterben, der zur Rettung vor dem Tod f\u00fchrt. Paradox? Ja \u2013 aber Nina Hagen hat es verstanden und sogar pers\u00f6nliche Konsequenzen daraus gezogen, weshalb sie sich 2009 im Alter von 54 Jahren taufen lie\u00df. \u201eAls Jesus hier auf Erden war, erkannte er Gottes Willen\u201c, singt sie weiter. \u201eEr wusste, dass Er am Kreuz sterben musste, um ihn zu erf\u00fcllen. Als Judas ihn verraten hat, da fing er an zu weinen. Aber Jesus war stark, ging \u00fcber den Tod hinaus und rettete die Seinen.\u201c Bingo! Ja: kein Himmel ohne Tod, keine Sehnsuchtserf\u00fcllung ohne den Sehnsuchtserf\u00fcller Jesus Christus.<br \/>\nIch schlage Nina Hagen f\u00fcr den Alternativen Katechese-Award 2026 vor (den es leider nicht gibt, den man aber mangels profunder Katechesen im Kirchensteuermilieu so langsam mal erfinden m\u00fcsste.) Denn in ihrem zugegebenerma\u00dfen ein wenig antizyklischen Song bringt sie Ostern auf den Punkt.<br \/>\nWie in einem Brennglas konzentriert sie darin das, wovon die Aldi-Welt keinen blassen Schimmer hat und das die christlichen Verk\u00fcnder derzeit gerne unter Bergen von Klimasorgen begraben: Dass Jesus deswegen der Retter ist, weil er den Willen Gottes erf\u00fcllte und in Seiner freiwilligen Ohnmacht Seine St\u00e4rke gezeigt hat. Dies ist der einzige Grund zur Hoffnung, die wir haben.<br \/>\nWir k\u00f6nnen zwar nicht unbedingt die Waffen zum Schweigen bringen und die M\u00f6rder verjagen. Aber wir werden gegen den Schrecken diese Wahrheit sagen: Christus ist am Kreuz gestorben. Und Er ist von den Toten auferstanden. Er hat S\u00fcnde, Hass und Tod ihrem Innersten besiegt und ihre zerst\u00f6rerische Macht gebrochen. Er hat das letzte Wort, denn Er ist das Alpha und das Omega! Und in Ihm ist der Wunsch erf\u00fcllt, den Nina Hagen in ihrem Schlusssatz besingt: \u201eWir woll\u2019n leben, leben, leben, wir wollen leben!\u201c<\/p>\n<p>&#8230; Alles vom 4.4.2026 von Guido Rodheudt bitte lesen auf <a href=\"https:\/\/www.corrigenda.online\/kultur\/kolumne-von-guido-rodheudt-osterhagen\">https:\/\/www.corrigenda.online\/kultur\/kolumne-von-guido-rodheudt-osterhagen<\/a><\/p>\n<p>&nbsp;<\/p>\n<p><strong>Ostermarsch 2026, Samstag 4.4.2026 Freiburg, 11 Uhr PdaS<\/strong><br \/>\nDer Ostermarsch Freiburg 2026 \u00f6ffnet sich f\u00fcr ein breiteres Publikum als bisher f\u00fcr alle die guten Willens und konsensf\u00e4hig in Friedensfragen und gegen Krieg sind. Keine Parteiwerbung und Nationalflaggen!<br \/>\nDie Situation in D (Umbau auf Kriegswirtschaft, Spannungsfall 2026 ?, neuartige US-Raketen exklusiv in D geplant f\u00fcr 2026 &#8211; ohne Verhandlungsangebot), in Europa und vielen Teilen der Welt ist \u00e4u\u00dferst besorgniserregend und war seit der Kuba-Krise 1962 (erst US-Atomraketen in der T\u00fcrkei 1961\/62, dann sowjetische 1962 in\/nach Kuba nach Ansicht vieler noch nie so ernst.<\/p>\n<p>Immer mehr wird auch ge\u00e4u\u00dfert, Deutschland und Europa m\u00fc\u00dften etwa nach Vorbild Schweiz und \u00d6sterreich (bewaffnet) neutral werden.<br \/>\nRedner*innen (u.a): J\u00fcrgen Gr\u00e4sslin (R\u00fcstungsexportexperte, DFG-VK), Thema: Friedensf\u00e4hig statt kriegst\u00fcchtig! Gegen Wehrpflicht und Aufr\u00fcstung! F\u00fcr Verhandlungen und Deeskalation,<br \/>\nDr. Helmut Lohrer (Internationale \u00c4rztinnen f\u00fcr Verh\u00fctung des Atomkrieges IPPNW), N.N. (Schulstreik gegen Wehrpflicht),<br \/>\nMusik: Roma Band (Blech und Blasinstrumente), anschlie\u00dfend Aufzug durch die Innenstadt (Ende ca 13 Uhr),<br \/>\nVeranstalter: Freiburger Friedensforum u.a.<br \/>\n.<br \/>\n<strong>Monatlicher Friedenslauf, Samstag 4.4.2026 Freiburg durch die Freiburger Innenstadt<\/strong><br \/>\nTreff 14 Uhr und Start ca. 14:15 Uhr vorm Konzerthaus gegen\u00fcber Hbf. Freiburg i.Br.<br \/>\nAufzug bis 16.00 mit aktuellen Seitenthemen.<br \/>\nVeranstalter u.a. FreiseinFreiburg <a href=\"https:\/\/t.me\/FreiSeinFreiburg\">https:\/\/t.me\/FreiSeinFreiburg<\/a><br \/>\nFreieFriedensaktivistenFreiburg <a href=\"https:\/\/t.me\/FreieFriedensaktivistenFreiburg\">https:\/\/t.me\/FreieFriedensaktivistenFreiburg<\/a><\/p>\n<p>25.3.2026<\/p>\n<p>&nbsp;<\/p>\n<p><strong>Osterspaziergang: L\u00e4cherlich oder zum F\u00fcrchten? Politik in Deutschland<\/strong><br \/>\nWas ist eigentlich los mit Deutschland? Dar\u00fcber sinniert man beim Osterspaziergang. Das fr\u00fcher so erfolgreiche Land l\u00e4sst sich buchst\u00e4blich kaputt regieren. Das ist so traurig wie seine Regierung l\u00e4cherlich. Darf man jetzt lachen \u00fcber unsere Politiker oder muss man wegen der Folgen weinen?<br \/>\n&#8230;<br \/>\nDabei reden wir noch gar nicht \u00fcber Folgen. Wir reden nicht davon, dass in ganz Deutschland jetzt Baracken errichtet werden, die fr\u00fchere Arbeitslager der Nazis neudeutsch zu \u201eWillkommens-Center\u201c umbenennen. W\u00f6rter sollen die Welt ver\u00e4ndern. Die Migrationsfrage spitzt sich immer weiter zu, ist dabei, den sonst so geheiligten Sozialstaat, die Sicherheit auf den Stra\u00dfen und die Bildung in den Schulen zu zerst\u00f6ren. Aber die W\u00f6rter werden besser. \u201eWillkommens-Center\u201c f\u00fcr Notlager! Da muss man erst drauf kommen. Frauen steigen auf Fahrr\u00e4der um, wenn sie Fahrradfahrende genannt werden statt Fahrradfahrer. Die Welt gehorcht aufs Wort, und das Wort ist Gr\u00fcn.<br \/>\nLebe Deinen Traum, denn W\u00f6rter z\u00e4hlen, nicht Taten. Und so f\u00f6rdern sie Elektroautos, die nicht wirklich sauberer sind. Sie erzwingen W\u00e4rmepumpen, die viele Eigent\u00fcmer ruinieren und Mieter arm machen werden, aber es fehlt der Strom. Sie wollen die Ukraine verteidigen, aber haben vergessen, Munition zu organisieren. &#8230;<br \/>\n&#8230; Alles vom 31,3,2924 von Roland Tichy bitte lesen auf<br \/>\n<a href=\"https:\/\/www.tichyseinblick.de\/tichys-einblick\/politik-in-deutschland\/\">https:\/\/www.tichyseinblick.de\/tichys-einblick\/politik-in-deutschland\/<\/a><\/p>\n<p>&nbsp;<\/p>\n<p><strong>Die Kreuzigung Jesu: Wie Gutmenschen und Politiker den Rechtsstaat zerst\u00f6ren<\/strong><br \/>\nIm Hohen Rat in Jerusalem waren die obersten Gutmenschen Israels versammelt. Sie meinten es f\u00fcr das Volk nur gut. Sie waren sich in ihrem Gutsein so sicher, dass sie es als ihre sittlich-religi\u00f6se Pflicht ansahen, Andersdenkende aus dem Weg zu r\u00e4umen. Darum wollten sie Jesus t\u00f6ten. Er war ihnen ein Dorn im Auge.<br \/>\n&#8211; Mit seiner Rede von einer v\u00e4terlichen Beziehung zu Gott war Jesus ein \u201eSCHWURBLER\u201c:<br \/>\n&#8211; Mit seinen Weherufen \u00fcber die Pharis\u00e4er und Schriftgelehrten war Jesus ein \u201eHASSPREDIGER\u201c.<br \/>\n&#8211; Mit seinen unbek\u00fcmmerten Besuchen bei den Auss\u00e4tzigen war Jesus ein \u201eWIRROLOGE\u201c:<br \/>\n&#8211; Durch seine Begegnungen mit Z\u00f6llnern und Prostituierten war Jesus ein \u201eKONTAKTSCHULDIGER\u201c.<br \/>\n&#8211; Mit seiner Predigt vom Reich Gottes war Jesus eine \u201eDELEGITIMIERER DES STAATES\u201c.<br \/>\n&#8211; Mit seiner g\u00f6ttlichen Vollmacht in Person, Wort und Tat war Jesus ein \u201eGOTTESLEUGNER\u201c.<br \/>\n\u201eJesus ist Gift f\u00fcr unser Land\u201c, wusste der Hohe Rat ohne ordentliche Gerichtsverhandlung. \u201eEs ist besser, ein Mensch sterbe f\u00fcr das Volk, als dass das ganze Volk verderbe\u201c (Johannes 11,50). Ihre eigene Moral steht f\u00fcr Gutmenschen bekanntlich \u00fcber dem Recht.<br \/>\n&#8230;<br \/>\nEs ist interessant, wie n\u00fcchtern und historisch wahrscheinlich die Evangelien uns die gesellschaftspolitischen Interesssenlagen der Kreuzigung Jesu schildern. Und die Frage von damals ist bis heute aktuell: Wie kann der <a href=\"https:\/\/www.freiburg-schwarzwald.de\/blog\/selbsthilfe\/soziales\/justiz\/rechtsstaat\/\">Rechtsstaat<\/a> und damit das Recht der einfachen Menschen gegen\u00fcber machtbesessenen Politikern und gegen\u00fcber s\u00e4uberungseifrigen <a href=\"https:\/\/www.freiburg-schwarzwald.de\/blog\/engagement\/gutmenschen\/\">Gutmenschen<\/a> gesichert werden?.<br \/>\n&#8230; Alles vom 29.3.2024 von Achijah Zorn bitte lesen auf<br \/>\n<a href=\"https:\/\/www.tichyseinblick.de\/kolumnen\/vorwort-zum-sonntag\/karfreitag-vorwort\/\">https:\/\/www.tichyseinblick.de\/kolumnen\/vorwort-zum-sonntag\/karfreitag-vorwort\/<\/a><br \/>\n.<br \/>\nEinige Kommentare:<br \/>\nDie religi\u00f6se Vereinnahmung politischer Themen? Jesus hat mit seinem Wirken jenseits von Religion, historisch einmalig, eine bis heute ganz neue Ethik begr\u00fcndet, n\u00e4mlich \u201edie Menschenw\u00fcrde\u201c zugrunde allen Handelns zu stellen. Darauf basieren heutzutage alle Rechtsysteme demokratischer Staaten. Und es ist gut von Zeit zu Zeit daran zu erinnern, auch wenn man nicht praktizierender Gl\u00e4ubiger ist. Darum geht es um die Ethik, die als Grundlage jedwelchen rechtlichen Wirkens zu stehen hat. Mit Politik hat dies nichts zu tun. P.P.<br \/>\n.<br \/>\nHerr Zorns Pl\u00e4doyer f\u00fcr das im Vergeben begriffenen christliche Abendland l\u00e4\u00dft auch Menschen fern christlicher Erziehung erzittern. Wem dr\u00e4ngt sich bei seinem Satz &#8222;Politikern geht es nicht um Recht oder Wahrheit, sondern schlicht und einfach um Macht&#8220; (Max Weber)<br \/>\n\u2026nicht der w\u00e4hrend \u201eCorona\u201c auftrumpfende \u201eSeuchen-S\u00f6der\u201c auf? Und offenbart sich die politisch-aktuellen Hoffnungslosigkeit gegen\u00fcber Heil der Ewigkeit, die sich nicht um die zeitgeistige Gegenwart k\u00fcmmert, angesichts \u2026<br \/>\n&#8222;Das j\u00e4mmerliche Ende des menschlichen Rechtsstaates verwandelt Gott zur Rechtsgrundlage seiner g\u00f6ttlichen Vers\u00f6hnung.&#8220;<br \/>\nWei\u00dfe, gesellschaftlich irrelevante Reaktion\u00e4re k\u00f6nnten in der demokratischen Gegenwart \u00e0 la Steinmeier die nicht satisfaktionsf\u00e4hige Rache f\u00fcr den November 1918 sehen. P.G.<br \/>\nEnde Kommentare<\/p>\n<p>&nbsp;<\/p>\n<p><strong>Jakob Tscharnke Karfreitagspredigt 29.3.2024: &#8222;Rettung f\u00fcr hoffnungslose F\u00e4lle&#8220;<\/strong><br \/>\n<a href=\"https:\/\/www.freiburg-schwarzwald.de\/blog\/religion\/christen\/\">Jakob Tscharnke<\/a> Predigt zum Karfreitag: Im letzten Moment vor der H\u00f6lle gerettet!<br \/>\n<a href=\"https:\/\/www.youtube.com\/watch?v=F2HcVN6Y6-s\">https:\/\/www.youtube.com\/watch?v=F2HcVN6Y6-s<\/a><br \/>\nW\u00e4hlen die Menschen den Himmel oder die H\u00f6lle? In seiner Predigt zum Karfreitag am 29.03.2024 sprach Pastor Jakob Tscharntke \u00fcber die Kreuzigung von Jesus mit den zwei Verbrechern. Ein Verbrecher wurde kurz vor seinem Tod vor der H\u00f6lle gerettet. Des Weiteren berichtet Herr Tscharntke von einem Fall, den selbst erlebte, wo auch jemand im letzten Moment zu Gott fand und nicht in die H\u00f6lle einging. Der Teufel arbeitet unaufh\u00f6rlich und wir schlafen oftmals ein wie die J\u00fcnger kurz vor der Ergreifung Jesu durch die Hohepriester. Die Menschen bet\u00e4uben sich mit oberfl\u00e4chlichen Dingen wie Fu\u00dfball oder sinnlosen TV-Shows und taumeln schlafwandelnd in ihr eigenes Verderben hinein. Das Antichrist-System wird immer offensichtlicher. Die fehlerhafte Corona-Politik, welche nun selbst die EMA im EU-Parlament zugeben musste oder auch die RKI-Papiere (wenn auch geschw\u00e4rzt) belegen, ist nur die Spitze des Eisberges. Migration ohne Grenzen mit Islamisierung, Kriege wie in Israel gegen Hamas oder die Ukraine gegen Russland sind alles Zeichen der Endzeit. Die deutsche Regierung mit der unf\u00e4higen Ampel reagiert \u00fcberhaupt nicht auf die Herausforderungen, sondern verschlimmert sie nur noch, deswegen gibt es zum Beispiel die Bauernproteste. Menschen wie Klaus Schwab, Bill Gates, Karl Lauterbach, Robert Habeck, Annalena Baerbock, Nancy Faeser tun ihr \u00dcbriges dazu. Bitte schaut auch Predigten von Olaf Latzel, Jakob Tscharntke, Dr. Werner Gitt, Peter Hahne und Karl-Hermann Kauffmann.<br \/>\n29.3.2024 , Jakob Tscharnke, <a href=\"https:\/\/www.youtube.com\/watch?v=F2HcVN6Y6-s\">https:\/\/www.youtube.com\/watch?v=F2HcVN6Y6-s<\/a><br \/>\nVollst\u00e4ndige Predigt &#8222;Rettung f\u00fcr hoffnungslose F\u00e4lle&#8220;: <a href=\"https:\/\/odysee.com\/@efkriedlingen:a\/2024-03-29-pred:e\">https:\/\/odysee.com\/@efkriedlingen:a\/2024-03-29-pred:e<\/a><\/p>\n<p>&nbsp;<\/p>\n<p><strong>Boris Reitschuster: Eine kleine Osterbitte f\u00fcr die Eltern<\/strong><br \/>\nLiebe Leserinnen und Leser,<br \/>\nIhnen allen ein frohes und trotz aller Umst\u00e4nde fr\u00f6hliches Osterfest! Erlauben Sie mir an diesem hohen Feiertag eine pers\u00f6nliche Bitte an Sie? Ich bitte nicht f\u00fcr mich, sondern f\u00fcr einen Menschen, der mir so nahe steht wie kaum ein anderer. Der wesentlich dazu beigetragen hat, dass ich so bin, wie ich bin.<br \/>\nF\u00fcr meine Mutter. Sie ist 82 und kurz vor Ostern schwer gest\u00fcrzt und jetzt in der Klinik. Wegen <a href=\"https:\/\/www.freiburg-schwarzwald.de\/blog\/business\/gesund\/corona-virus\/corona-grundrechte\/\">Corona<\/a> darf sie <a href=\"http:\/\/lockdown-e\">niemand besuchen<\/a>, nicht einmal mein Vater. Die beiden sind seit fast 62 Jahren unzertrennlich, und seit vielen Jahrzehnten gab es keinen Tag, an dem sie sich nicht gesehen haben. Was sie jetzt erleben, ist f\u00fcr sie sehr heftig.<\/p>\n<p>Ebenso wie es f\u00fcr sie sehr heftig war, etwa den <a href=\"https:\/\/www.freiburg-schwarzwald.de\/blog\/journalist-reitschuster-vogelfrei\/\">Rufmord-Artikel in der S\u00fcddeutschen Zeitung<\/a> \u00fcber ihren Sohn zu lesen. Mir kam spontan die Idee: Da m\u00f6chte ich einen Gegenakzent setzen. Und wer k\u00f6nnte das besser als Sie, liebe Leserinnen und Leser? Wenn Sie ein Zeichen setzen m\u00f6chten gegen den <a href=\"https:\/\/www.freiburg-schwarzwald.de\/blog\/kultur\/medien\/hass\/\">Hass<\/a>, wie ihn die <a href=\"https:\/\/www.freiburg-schwarzwald.de\/blog\/kultur\/medien\/journalismus\/haltungsjournalismus\/\">S\u00fcddeutsche<\/a> sch\u00fcrt und gegen die erzwungene <a href=\"https:\/\/www.freiburg-schwarzwald.de\/blog\/selbsthilfe\/chronisch\/einsamkeit\/\">Einsamkeit<\/a>, und meiner Mutter (und gerne auch meinem Vater) ein paar Zeilen schreiben, ihr etwas N\u00e4he und W\u00e4rme schenken, w\u00fcrden Sie damit nicht nur ihr eine Freude machen (auch wenn ihre Bescheidenheit eine solche Bitte nie zulassen w\u00fcrde, und sie mich daf\u00fcr schimpfen w\u00fcrden) \u2013 sie w\u00fcrden auch mir eine riesige Freude bereiten. Gerne als Kommentar hier unten \u2013 ich werde alle ausdrucken und meiner Mutter per Post senden. Oder, was f\u00fcr sie sicher besonders bewegend ist, direkt: Hessing-Kliniken, Frau Reitschuster (Patientin), Hessingstra\u00dfe 17, 86199 Augsburg. &#8230;.<br \/>\n,,, Alles vom 5.4.2021 von <a href=\"https:\/\/www.freiburg-schwarzwald.de\/blog\/kultur\/medien\/medienleute\/\">Boris Reitschuster<\/a> bitte lesen auf<br \/>\n<a href=\"https:\/\/reitschuster.de\/post\/eine-kleine-osterbitte-an-sie-alle\/\">https:\/\/reitschuster.de\/post\/eine-kleine-osterbitte-an-sie-alle\/<\/a><\/p>\n<p>.<\/p>\n<p><strong>Wie froh war Ostern? \u201eDeutschland unterm Leichentuch\u201c<\/strong><br \/>\n<em>\u2013 Gedanken zu einem Vers aus Heinrich Heines Weber-Gedicht<\/em><br \/>\n<em>\u2013 Nicht alle blasen Tr\u00fcbsal, Corona-Demos sind damit nicht gemeint<\/em><br \/>\nAls ich die Osternachtfeier verlie\u00df, war die Stimmung eine andere als fr\u00fcher. Nicht wie sonst \u00fcblich begr\u00fc\u00dften wir uns allseits mit dem herzlichen \u201efrohe Ostern\u201c. Es w\u00e4re auch akustisch schwer verst\u00e4ndlich gewesen, denn fast alle trugen auch nach der Kirche noch ihre Masken, die man drinnen trotz eines Abstandes von drei Metern nicht ablegen durfte. Das d\u00fcrfte auch der Grund sein, weshalb die Kirchen gemieden werden \u2013 auch f\u00fcr Besuche au\u00dferhalb von Gottesdiensten. \u201eMeine\u201c <a href=\"https:\/\/www.freiburg-schwarzwald.de\/blog\/religion\/evangelisch\/\">Kirche<\/a> fasst normal bis zu 500 Besucher, von denen wegen der von den Kirchenoberen \u00fcbertriebenen Abst\u00e4nden nur 50 freigegeben sind.<\/p>\n<p>Von diesen 50 nicht gesperrten Pl\u00e4tzen war nur die H\u00e4lfte besetzt. Und das an Ostern, dem h\u00f6chsten Fest von uns <a href=\"https:\/\/www.freiburg-schwarzwald.de\/blog\/religion\/katholisch\/\">(katholischen) Christen<\/a>. Ich \u00fcberlegte vorher noch, meinen Platz einem regelm\u00e4\u00dfigen Kirchg\u00e4nger zu \u00fcberlassen und mich deshalb nicht anzumelden \u2013 Sie lesen richtig, dazu war eine Anmeldung erforderlich! Aber f\u00fcr mich war die Teilnahme diesmal auch eine Demonstration gegen die missg\u00fcnstige Kanzlerin, die den Kirchen die totalen Ostern \u2013 die Fortsetzung der Grabesruhe \u2013 aufschwatzen wollte. Die den Kirchen wohl lieber den Rest geben will \u2013 ohne Auferstehung.<\/p>\n<p>Die Karfreitagsstimmung wollte auch bei der Auferstehungsfeier nicht weichen. Dem Pfarrer\/Dekan fehlte es an den passenden Worten und Vergleichen, der sonst, redegewandt wie er ist, selten den roten Faden verlor. Selbstverst\u00e4ndlich durfte Corona in der Predigt nicht fehlen und man merkte, dass er bedr\u00fcckt war \u00fcber Gl\u00e4ubige, die er am Sterbebett begleitet hatte \u2013 was andere Pfarrer abgelehnt hatten. Aber er ist wie fast alle, auch ein Opfer der Hysterie, die in den Medien verbreitet wird. Diese bedr\u00fcckte Stimmung erinnerte mich an das Gedicht Die schlesischen Weber von Heinrich Heine, dessen letzte Strophe hier in Erinnerung gerufen wird:<br \/>\n\u201e\u2026<br \/>\nAltdeutschland, wir weben dein Leichentuch,<br \/>\nwir weben hinein den dreifachen Fluch,<br \/>\nwir weben, wir weben!<br \/>\n&#8230;\u201c<br \/>\n<a href=\"https:\/\/www.staff.uni-mainz.de\/pommeren\/Gedichte\/HeineNachlese\/weber.htm\">https:\/\/www.staff.uni-mainz.de\/pommeren\/Gedichte\/HeineNachlese\/weber.htm<\/a><br \/>\nJa, sie weben wieder. Diesmal die K\u00f6nig\/in, der\/die in dem Gedicht zusammen mit dem \u201efalschen Vaterlande\u201c verflucht wird. Heute weben sie an ihrer Legende der \u201eschlimmsten Pandemie seit Menschengedenken.\u201c Dabei kommt die angeblich katastrophale Pandemie als Begriff selbst im eigenen nachtr\u00e4glich erg\u00e4nzten Infektionsschutzgesetz mit keinem Wort vor. Dort ist nur die Rede von einer Epidemie. Und jeder Ausschlag in der Statistik nach oben wird als die gef\u00e4hrlichste Welle seit Entdeckung eines Corona-Virus wie die leibhaftige Apokalypse an die Wand gemalt. Die meisten Einheimischen erbeben innerlich, sobald die K\u00f6nigin\/Kanzlerin Luft holt zu einer anders formulierten Hiobsbotschaft.<\/p>\n<p>Ganz anders die Feiertagstimmung am Karfreitag in einer t\u00fcrkischen <a href=\"https:\/\/www.freiburg-schwarzwald.de\/blog\/religion\/islam\/moscheen\/\">Moschee<\/a>. Wie an allen anderen Freitagen gab es auf dem Parkplatz dieser nicht weit entfernt liegenden Moschee zur Zeit des Freitagsgebetes mehr als doppelt so viele Autos als Kirchenbesucher in meiner Kirche am Ostersonntag, lie\u00df ich mir berichten. Dazu kommen welche mit dem Fahrrad oder zu Fu\u00df zur Freitagspredigt, so dass leicht auszurechnen ist, wie viele Mohammed-Fans sich den Platz im Gebetsraum teilen.<br \/>\nOffensichtlich mangelt es <a href=\"https:\/\/www.freiburg-schwarzwald.de\/blog\/religion\/islam\/islam-deutschland\/\">Muslimen<\/a> nicht an \u201eGottvertrauen\u201c wie uns <a href=\"https:\/\/www.freiburg-schwarzwald.de\/blog\/religion\/christen\/christentum\/\">Christen<\/a>. Vor Allah f\u00fcrchten sie sich jedenfalls mehr als vor einer Frau Merkel. Aber man kann alles \u00fcbertreiben. Wenn bei 26 Prozent Migrationsanteil an der Bev\u00f6lkerung (6 Prozent Muslime) \u00fcber die H\u00e4lfte der Intensivbetten von \u201eMenschen mit Sprachbarriere\u201c belegt sind, hat diese Sonderbelastung des Gesundheitssystems wahrscheinlich nicht nur Gr\u00fcnde in deren privatem Umfeld.<br \/>\nDer T\u00fcbinger Modellversuch wird in einer Woche bundesweit um eine Variante erweitert: Vom 13. April bis 12. Mai ist Ramadan! Wetten, dass mehr Politiker in die Moscheen pilgern als an Ostern in der Kirche waren \u2013 Corona hin, Corona her. Bis Mitte April solle der Lockdown dauern \u2013 Zufall?<br \/>\n5.4.2021, E. K\u00fcnstle, Herbolzheim. kuenstle.e \u00e4t gmx.de<\/p>\n<p>&nbsp;<\/p>\n<p>&nbsp;<\/p>\n<p><strong>Ostergarten &#8211; Jesuspassion kindgerecht?<\/strong><br \/>\nDass ein katholischer Kindergarten auch die Allerkleinsten schon mit Gei\u00dfelung, Kreuzigung und &#8222;Auferstehung&#8220; behelligt, belastet und verwirrt, ist offensichtlich leider erlaubt. Dass Ihre Journalistin dies v\u00f6llig unkritisch auch noch feiert, bedauerlich. Denn das geht aus dem Bericht \u00fcber den &#8222;Ostergarten&#8220; von Maria-Hilf doch selbst hervor: Dass eine kindgerechte Erz\u00e4hlung der Jesuspassion gar nicht m\u00f6glich ist. Ein Mann reitet auf einer Eselin in die Stadt Jerusalem, die Massen jubeln ihm zu \u2013 warum? Weil er ein &#8222;K\u00f6nig&#8220; ist, sagt die Kindergartenleiterin ihren Sch\u00fctzlingen. Von r\u00f6mischer Oberherrschaft und j\u00fcdischen Kampf dagegen zu sprechen, w\u00e4re wohl zu kompliziert. Da wird Jesus ein Prominenter, wegen dem die Leute an den Stra\u00dfenrand rennen und winken. Ein paar Tage sp\u00e4ter schreien die selben Leute: &#8222;Ans Kreuz mit ihm!&#8220; Was ist denn da passiert? Warum k\u00f6nnen die ihn nun nicht mehr leiden? Und warum k\u00f6nnen die Soldaten \u2013 ja wer \u00fcberhaupt, wo R\u00f6mer und j\u00fcdische Priesterschaft nicht genannt werden k\u00f6nnen \u2013 einen &#8222;K\u00f6nig&#8220; einfach festnehmen und umbringen? Ein K\u00f6nig ist doch ein Bestimmer. Wieso wollen die ihn \u00fcberhaupt umbringen? Kinder kommen mit vielem klar, sprechenden Tieren, fliegenden Elefanten und zaubernden Elfen, da kann es auch einen Jesus geben, der im voraus wei\u00df, was passieren wird. Das ist vielleicht harmlos. Ungem\u00fctlich wird es aber, wenn dieser Jesus wei\u00df, dass er bald sterben wird, und Angst davor hat. Da betet er im Olivenw\u00e4ldchen zu seinem Vater im Himmel. Jetzt ist der &#8222;K\u00f6nig&#8220; nicht mehr K\u00f6nig, sondern Sohn eines Gottes, und sein Vater will oder erlaubt zumindest, dass er ans Kreuz geschlagen wird. Was f\u00fcr ein Vater! Erz\u00e4hlen diese Erzieherinnen auch sonst von \u00fcberforderten Eltern, die ihre Kinder totschlagen? Der Kindergartenleiterin sei als R\u00fccksichtnahme angerechnet, wenn sie an dieser Stelle nicht von der &#8222;Erbs\u00fcnde&#8220; anf\u00e4ngt und darauf verzichtet, die abstruse Geschichte zu erz\u00e4hlen, dass ein g\u00f6ttlicher Vater seinen Sohn von Menschen umbringen l\u00e4sst, weil diese (vom Vater geschaffenen) Menschen ungehorsam gegen\u00fcber ihrem Sch\u00f6pfer waren. Aber das kommt sicher auch noch.<br \/>\n2.5.2017, Edgar Wolf, Oberau<br \/>\nZum Bericht &#8222;Am Schluss ist es im Paradies cool&#8220; \u00fcber den Ostergarten des Freiburger Kindergartens Maria Hilf (BZ vom 8. April).<br \/>\n<a href=\"https:\/\/www.badische-zeitung.de\/freiburg-sued\/am-schluss-ist-es-im-paradies-cool--135453008.html\">https:\/\/www.badische-zeitung.de\/freiburg-sued\/am-schluss-ist-es-im-paradies-cool&#8211;135453008.html<\/a><\/p>\n<p>&nbsp;<\/p>\n<p>&nbsp;<\/p>\n<p><strong>Osternacht Karsamstag 19.4.2014 St.Hilarius<\/strong> in Freiburg-Ebnet<\/p>\n<p><a href=\"https:\/\/www.freiburg-schwarzwald.de\/blog\/religion\/kirchen\/ostern\/ostern2ebnet140419\/\" rel=\"attachment wp-att-47231\"><img loading=\"lazy\" decoding=\"async\" class=\"alignnone size-thumbnail wp-image-47231\" src=\"https:\/\/www.freiburg-schwarzwald.de\/blog\/wp-content\/uploads\/2012\/04\/ostern2ebnet140419-180x135.jpg\" alt=\"ostern2ebnet140419\" width=\"180\" height=\"135\" srcset=\"https:\/\/www.freiburg-schwarzwald.de\/blog\/wp-content\/uploads\/2012\/04\/ostern2ebnet140419-180x135.jpg 180w, https:\/\/www.freiburg-schwarzwald.de\/blog\/wp-content\/uploads\/2012\/04\/ostern2ebnet140419.jpg 640w\" sizes=\"auto, (max-width: 180px) 100vw, 180px\" \/><\/a>\u00a0\u00a0\u00a0\u00a0\u00a0\u00a0\u00a0\u00a0 <a href=\"https:\/\/www.freiburg-schwarzwald.de\/blog\/religion\/kirchen\/ostern\/ostern1ebnet140419\/\" rel=\"attachment wp-att-47230\"><img loading=\"lazy\" decoding=\"async\" class=\"alignnone size-thumbnail wp-image-47230\" src=\"https:\/\/www.freiburg-schwarzwald.de\/blog\/wp-content\/uploads\/2012\/04\/ostern1ebnet140419-180x135.jpg\" alt=\"ostern1ebnet140419\" width=\"180\" height=\"135\" srcset=\"https:\/\/www.freiburg-schwarzwald.de\/blog\/wp-content\/uploads\/2012\/04\/ostern1ebnet140419-180x135.jpg 180w, https:\/\/www.freiburg-schwarzwald.de\/blog\/wp-content\/uploads\/2012\/04\/ostern1ebnet140419-640x480.jpg 640w, https:\/\/www.freiburg-schwarzwald.de\/blog\/wp-content\/uploads\/2012\/04\/ostern1ebnet140419.jpg 1000w\" sizes=\"auto, (max-width: 180px) 100vw, 180px\" \/><\/a>\u00a0\u00a0\u00a0\u00a0\u00a0\u00a0\u00a0\u00a0\u00a0 <a href=\"https:\/\/www.freiburg-schwarzwald.de\/blog\/religion\/kirchen\/ostern\/ostern3ebnet140419\/\" rel=\"attachment wp-att-47232\"><img loading=\"lazy\" decoding=\"async\" class=\"alignnone size-thumbnail wp-image-47232\" src=\"https:\/\/www.freiburg-schwarzwald.de\/blog\/wp-content\/uploads\/2012\/04\/ostern3ebnet140419-180x135.jpg\" alt=\"ostern3ebnet140419\" width=\"180\" height=\"135\" srcset=\"https:\/\/www.freiburg-schwarzwald.de\/blog\/wp-content\/uploads\/2012\/04\/ostern3ebnet140419-180x135.jpg 180w, https:\/\/www.freiburg-schwarzwald.de\/blog\/wp-content\/uploads\/2012\/04\/ostern3ebnet140419.jpg 640w\" sizes=\"auto, (max-width: 180px) 100vw, 180px\" \/><\/a><br \/>\n(1) R\u00e4tschenbuben (links)\u00a0 \u00a0 \u00a0(2) Die gro\u00dfe Kontrabassr\u00e4tsche\u00a0 \u00a0(3) Osterfeuer 19.4.2014 um 21 Uhr<\/p>\n<p><a href=\"https:\/\/www.freiburg-schwarzwald.de\/blog\/religion\/kirchen\/ostern\/ostern4ebnet140419\/\" rel=\"attachment wp-att-47233\"><img loading=\"lazy\" decoding=\"async\" class=\"alignnone size-thumbnail wp-image-47233\" src=\"https:\/\/www.freiburg-schwarzwald.de\/blog\/wp-content\/uploads\/2012\/04\/ostern4ebnet140419-135x180.jpg\" alt=\"ostern4ebnet140419\" width=\"135\" height=\"180\" srcset=\"https:\/\/www.freiburg-schwarzwald.de\/blog\/wp-content\/uploads\/2012\/04\/ostern4ebnet140419-135x180.jpg 135w, https:\/\/www.freiburg-schwarzwald.de\/blog\/wp-content\/uploads\/2012\/04\/ostern4ebnet140419.jpg 480w\" sizes=\"auto, (max-width: 135px) 100vw, 135px\" \/><\/a>\u00a0\u00a0\u00a0\u00a0\u00a0\u00a0\u00a0\u00a0\u00a0\u00a0\u00a0\u00a0\u00a0\u00a0\u00a0\u00a0\u00a0\u00a0\u00a0\u00a0\u00a0\u00a0\u00a0\u00a0\u00a0\u00a0\u00a0<a href=\"https:\/\/www.freiburg-schwarzwald.de\/blog\/religion\/kirchen\/ostern\/ostern5ebnet140419\/\" rel=\"attachment wp-att-47234\"><img loading=\"lazy\" decoding=\"async\" class=\"alignnone size-thumbnail wp-image-47234\" src=\"https:\/\/www.freiburg-schwarzwald.de\/blog\/wp-content\/uploads\/2012\/04\/ostern5ebnet140419-180x135.jpg\" alt=\"ostern5ebnet140419\" width=\"180\" height=\"135\" srcset=\"https:\/\/www.freiburg-schwarzwald.de\/blog\/wp-content\/uploads\/2012\/04\/ostern5ebnet140419-180x135.jpg 180w, https:\/\/www.freiburg-schwarzwald.de\/blog\/wp-content\/uploads\/2012\/04\/ostern5ebnet140419.jpg 640w\" sizes=\"auto, (max-width: 180px) 100vw, 180px\" \/><\/a>\u00a0\u00a0\u00a0\u00a0\u00a0\u00a0\u00a0\u00a0\u00a0 <a href=\"https:\/\/www.freiburg-schwarzwald.de\/blog\/religion\/kirchen\/ostern\/ostern6ebnet140419\/\" rel=\"attachment wp-att-47235\"><img loading=\"lazy\" decoding=\"async\" class=\"alignnone size-thumbnail wp-image-47235\" src=\"https:\/\/www.freiburg-schwarzwald.de\/blog\/wp-content\/uploads\/2012\/04\/ostern6ebnet140419-135x180.jpg\" alt=\"ostern6ebnet140419\" width=\"135\" height=\"180\" srcset=\"https:\/\/www.freiburg-schwarzwald.de\/blog\/wp-content\/uploads\/2012\/04\/ostern6ebnet140419-135x180.jpg 135w, https:\/\/www.freiburg-schwarzwald.de\/blog\/wp-content\/uploads\/2012\/04\/ostern6ebnet140419.jpg 480w\" sizes=\"auto, (max-width: 135px) 100vw, 135px\" \/><\/a><br \/>\n(4) das lodernde Feuer\u00a0 \u00a0 \u00a0 \u00a0 \u00a0 \u00a0 \u00a0 (5) Friedhof vor der Kirche\u00a0 \u00a0 \u00a0 \u00a0 \u00a0 \u00a0 \u00a0(6) &#8222;Lumen Christi&#8220;<\/p>\n<p><a href=\"https:\/\/www.freiburg-schwarzwald.de\/blog\/religion\/kirchen\/ostern\/ostern7ebnet-feuer140419\/\" rel=\"attachment wp-att-47236\"><img loading=\"lazy\" decoding=\"async\" class=\"alignnone size-thumbnail wp-image-47236\" src=\"https:\/\/www.freiburg-schwarzwald.de\/blog\/wp-content\/uploads\/2012\/04\/ostern7ebnet-feuer140419-180x144.jpg\" alt=\"ostern7ebnet-feuer140419\" width=\"180\" height=\"144\" srcset=\"https:\/\/www.freiburg-schwarzwald.de\/blog\/wp-content\/uploads\/2012\/04\/ostern7ebnet-feuer140419-180x144.jpg 180w, https:\/\/www.freiburg-schwarzwald.de\/blog\/wp-content\/uploads\/2012\/04\/ostern7ebnet-feuer140419-640x515.jpg 640w, https:\/\/www.freiburg-schwarzwald.de\/blog\/wp-content\/uploads\/2012\/04\/ostern7ebnet-feuer140419.jpg 641w\" sizes=\"auto, (max-width: 180px) 100vw, 180px\" \/><\/a>\u00a0\u00a0\u00a0\u00a0\u00a0\u00a0\u00a0\u00a0\u00a0 <a href=\"https:\/\/www.freiburg-schwarzwald.de\/blog\/religion\/kirchen\/ostern\/ostern8ebnet140419\/\" rel=\"attachment wp-att-47237\"><img loading=\"lazy\" decoding=\"async\" class=\"alignnone size-thumbnail wp-image-47237\" src=\"https:\/\/www.freiburg-schwarzwald.de\/blog\/wp-content\/uploads\/2012\/04\/ostern8ebnet140419-180x135.jpg\" alt=\"ostern8ebnet140419\" width=\"180\" height=\"135\" srcset=\"https:\/\/www.freiburg-schwarzwald.de\/blog\/wp-content\/uploads\/2012\/04\/ostern8ebnet140419-180x135.jpg 180w, https:\/\/www.freiburg-schwarzwald.de\/blog\/wp-content\/uploads\/2012\/04\/ostern8ebnet140419.jpg 640w\" sizes=\"auto, (max-width: 180px) 100vw, 180px\" \/><\/a><br \/>\n(7) Feuer\u00a0 \u00a0 \u00a0 \u00a0 \u00a0 \u00a0 \u00a0 \u00a0 \u00a0 \u00a0 \u00a0 \u00a0 \u00a0 \u00a0 \u00a0 \u00a0 \u00a0 \u00a0(8) Ostermesse St.Hilarius 19.4.2014<\/p>\n<p>Um 21 Uhr am Karsamstag ist es fast dunkel im Friedhof an der alten Dorfkirche St. Hilarius in Freiburg-<a title=\"Ebnet\" href=\"https:\/\/www.freiburg-schwarzwald.de\/blog\/regio\/freiburg\/ebnet\/\">Ebnet<\/a>. Auf einmal setzt ohrenbet\u00e4ubender L\u00e4rm ein. <a title=\"Raetschen\" href=\"https:\/\/www.freiburg-schwarzwald.de\/blog\/religion\/kirchen\/raetschen\/\">13 R\u00e4tschenbuben<\/a> drehen ihre R\u00e4tschen im Wechselspiel auf vier Gruppen auf den Friedhofsmauern verteilt. Den vielen Kirchenbesuchern, die zwischen den Gr\u00e4bern stehen, bietet sich ein besonderes Schauspiel: Knarren in allen vier Ecken des Friedhof, in der Mitte ein hoch loderndes Feuer, dazwischen die vielen kleinen Grableuchten. Zum Abschlu\u00df setzt auch noch die gro\u00dfe, ca 200 kg schwere Kontrabassr\u00e4tsche mit ihren riesigen Zungen aus Buchenholz ein, die von zwei jungen M\u00e4nnern schwei\u00dftreibend bedient wird &#8211; dann pl\u00f6tzlich Stille.<br \/>\nrten, nur von den\u00a0\u00a0&#8222;Lumen Christi&#8220;-Rufen unterbrochen, die von drau\u00dfen her imer n\u00e4her kommen. Endlich trifft das Osterlicht in der Kirche ein, wo es rasch an die vielen Kerzlein der Kirchg\u00e4nger weitergegeben wird. Die Auferstehungsmesse kann beginnen, aber erst zum Gloria l\u00f6sen elektrische Beleuchtung, Handschellen, Kirchenglocken und Orgelspiel das lange \u00f6sterliche Warten ab.<br \/>\n20.4.2014<\/p>\n<p>.<br \/>\n.<\/p>\n<p><strong>Ex-Bisch\u00f6fin K\u00e4\u00dfmann ist gegen Osterschmuck vorm Fest<\/strong><br \/>\nDie fr\u00fchere Bisch\u00f6fin\u00a0Margot K\u00e4\u00dfmann\u00a0ist gegen das Osterschm\u00fccken vor dem Fest. &#8222;Wenn \u00fcberall schon Ostereier h\u00e4ngen und Osterfeste gefeiert werden, finde ich das inhaltsleer&#8220; &#8230; Alles vom 18.4.2014 bitte lesen auf<br \/>\n<a href=\"https:\/\/www.spiegel.de\/panorama\/gesellschaft\/ostern-und-karfreitag-kaessmann-gegen-osterschmuck-vorm-fest-a-965188.html#js-article-comments-box-pager\">https:\/\/www.spiegel.de\/panorama\/gesellschaft\/ostern-und-karfreitag-kaessmann-gegen-osterschmuck-vorm-fest-a-965188.html#js-article-comments-box-pager<\/a><\/p>\n<p><strong>Danke Frau Oberlehrerin<\/strong><br \/>\n&#8230; das ist ganz sicher nicht schlimm. SCHLIMM ist, es NICHT zu D\u00dcRFEN. Und schlimm ist es, immer und immer wieder belehrt zu werden und erzogen zu werden&#8230; immer wieder der erhobene Zeigefinger! Danke Frau Oberlehrerin, wieder ein Versuch, den Leuten ihren Spa\u00df zu vermiesen. Isses das, was Sie wollen?<br \/>\n18.4.2014, Gerlinde<br \/>\n.<br \/>\n<strong>Lasst den Leuten ihre Ostereier und Gartenzwerge<\/strong><br \/>\nAbgesehen davon, dass alle christlichen Rituale so auch Ostern auf heidnischen Ursprung zur\u00fcckzuf\u00fchren sind, hat sich in einer immer mehr s\u00e4kularisierten Welt das Fest mit den bunten Eiern weitgehend von seiner christlich-ideologischen &#8222;Okkupation&#8220; gel\u00f6st und wieder sukzessiv seinen nat\u00fcrlich-heidnischen Ursprung zur\u00fcckerobert &#8211; und gut so.<br \/>\nOstereier und Gartenzwerge, darauf kommt es doch nun auch nicht an, oder? Sind wir hier so intolerant und vorurteilsbezogen&#8230; die Ostereier haben doch auch was mit Vorfreude und Traditionen au\u00dferhalb der Kirche zu tun. Nennen wir es einen Countdown, der die Tage zuvor stattfindet. Vielleicht gab es am Karfreitag aus christlicher Besinnung, Bu\u00dfe, Demut, Fasten keinen Wein auf dem Tisch bei der Frau K. Muss man doch nicht gleich so geh\u00e4ssig werden und die Freude der kleinen Menschen in Frage stellen, vielleicht hilft da ein bisserl N\u00e4chstenliebe und Respekt weiter &#8211; also Ihr vor\u00f6sterlichen Eiermaler- Schm\u00fccker und Verzierer, mich st\u00f6ren Eure Werke nix :-))<br \/>\n18.4.2014, Ulrich Lukas<\/p>\n<p>.<\/p>\n<p align=\"left\"><strong>Ostern &#8211; das Fest des Lebens<\/strong><\/p>\n<p>Ostern, das wichtigste Fest f\u00fcr Christen, steht vor der T\u00fcre. F\u00fcr viele bedeutet dies Ostereier bemalen, verstecken oder auf die Suche danach gehen. In den Gesch\u00e4ften dominieren die urspr\u00fcnglich heidnischen Symbole der Fruchtbarkeit, Eier und Hase.<br \/>\nTheologisch gesehen ist das Osterfest wichtiger als Weihnachten. Einen R\u00fcckgang der Gottesdienstbesucher kann M\u00fcnsterpfarrer Wolfgang Gaber zumindest in der Innenstadt aber nicht beobachten: \u201eZur \u00d6lweihung hatten wir 1.700 Hostien gerichtet, \u00fcber 1.000 Jugendliche sind gekommen,\u201c freut sich der\u00a0 Seelsorger. In Freiburg gibt es rund 90.000 Katholiken, 55.000 Protestanten sowie einige hundert Angeh\u00f6rige anderer christlicher Konfessionen. Romano Adler, Mitglied im \u00c4ltestenrat der Christengemeinde in Lehen, best\u00e4tigt,\u00a0 dass an den hohen kirchlichen Feiertagen mehr Leute zum Gottesdienst kommen als sonst. Nach dem Neuen Testament, einem der beiden Bibelteile, wurde Jesus gekreuzigt und stand drei Tage sp\u00e4ter von den Toten auf. Aus dem Grund l\u00e4uten von Karfreitag, dem Tag der Kreuzigung, bis zum Auferstehungstag beispielsweise keine Kirchenglocken. \u201eZu Ostern erleben wir viele sch\u00f6ne Gottesdienste, mit einer ganz eigenen Atmosph\u00e4re\u201c, schw\u00e4rmt Wolfgang Gaber. \u201eEs ist toll, wenn das Osterfeuer brennt, die Osterkerze entz\u00fcndet wird und das Licht durch das dunkle M\u00fcnster getragen wird.\u201c Auch in der Alt-Katholischen Gemeinde im Schwarzen Kloster wird nach dem Osternachtsgottesdienst eine Kerze entz\u00fcndet. \u201eNach dem Gottesdienst am Sonntag k\u00f6nnen die Kinder dann im Hof Hasen suchen\u201c, sagt deren Pfarrer Gerhard Ruisch. \u201eF\u00fcr mich ist Ostern der Sieg des Lebens \u00fcber den Tod.\u201c \u201eOstern ist ein Fest, wo sich die Menschen zur\u00fcckbesinnen k\u00f6nnen\u201c, findet Romano Adler. \u201eOstern bedeutet Mut haben zum Leben. Da ist einer, durch ihn ist der Tod nicht das Ende. Ostern ist der Beginn neuen Lebens\u201c, sagt Wolfgang Gaber. F\u00fcr ihn selbst endet Ostern auch die Fastenzeit, die f\u00fcr ihn weniger Fernsehen und Auto fahren bedeutete. Von einer Abschaffung eines Tanzverbotes an Karfreitag h\u00e4lt er nichts. \u201eIch bin f\u00fcr das fr\u00f6hliche und herzliche, aber Karfreitag sollte ein ernster Tag bleiben. An einem Tag im Jahr sollte das m\u00f6glich sein.\u201c<br \/>\nEinen ganz eigenen Osterbrauch gibt es in Ebnet. Dort beginnen seit 1725 von Gr\u00fcndonnerstag bis Ostern die sogenannten \u201eR\u00e4tschebuben\u201c vor jedem Gottesdienst, mit einer \u201eR\u00e4tsche\u201c, Ger\u00e4usche zu machen.<br \/>\n28.3.2013, Nils Kickert, <a href=\"https:\/\/www.stadtkurier.de\">www.stadtkurier.de<\/a><\/p>\n<p><a href=\"https:\/\/www.freiburg-schwarzwald.de\/raetschen.htm\">www.freiburg-schwarzwald.de\/raetschen.htm<\/a><\/p>\n<p>&nbsp;<\/p>\n<p>&nbsp;<\/p>\n<p>&nbsp;<\/p>\n<p align=\"left\"><strong>Ostermarkt am Kartoffelmarkt<\/strong><\/p>\n<p>Zum ersten Mal wird die Stadt Freiburg in diesem Jahr einen Ostermarkt veranstalten, der sich vor allem an Familien richtet: Zwischen Freitag, dem 22. M\u00e4rz und dem 1. April (Ostermontag) finden sich auf dem Kartoffelmarkt in der Stadtmitte nicht nur kommerzielle H\u00e4ndler mit ihren kulinarischen und dekorativen Angeboten rund um Ostern ein. Die christlichen Kirchen Freiburgs sind mit einem eigenen Stand vertreten. Gemeinsam mit Diakonie, Caritas, Hospizbewegung etc. gestalten sie ein besonderes Programm, das die Botschaft der Kar- und Ostertage zu den Menschen bringen will.<br \/>\n8.3.2013<\/p>\n<p>&nbsp;<\/p>\n<p><strong>Ostern &#8211; H\u00f6chster christlicher Feiertag<\/strong><\/p>\n<p>Der Karfreitag galt fr\u00fcher als &#8222;h\u00f6chster Feiertag&#8220; der evangelischen Christen, weil die Reformatoren vor allem im Tod Jesu die Erl\u00f6sung aus S\u00fcnde und Schuld sahen. In der katholischen und orthodoxen Kirche wurde vor allem der Triumph der Auferstehung, der Sieg \u00fcber den Tod mit dem liturgisch reichsten und festlichsten Gottesdienst des Jahres herausgehoben. Heute besteht in allen christlichen Konfessionen weitgehend Einigkeit dar\u00fcber, dass Tod und Auferstehung Christi an Ostern unl\u00f6sbar zusammengeh\u00f6ren und als Ganzes gefeiert werden.<br \/>\n<a href=\"https:\/\/www.ekd.de\/aktuell_presse\/news_2004_04_07_1_stichwort_karwoche.html\">https:\/\/www.ekd.de\/aktuell_presse\/news_2004_04_07_1_stichwort_karwoche.html<\/a><\/p>\n<p>Laut dem \u201eLexikon Kirche und Religion\u201c ist der Karfreitag f\u00fcr evangelische Christen der h\u00f6chste Feiertag. F\u00fcr Katholiken das Osterfest.\u00a0In der katholischen Kirche ist Karfreitag ein strenger Fast- und Abstinenztag<\/p>\n","protected":false},"excerpt":{"rendered":"<p>Home &gt;Religion &gt;Kirchen &gt;Ostern Listenauswahl eines Beitrags (Artikel\/Datum, Seite\/Inhalt): Klicken oder scrollen Ostern \u2013 das Fest des Friedens (6.4.2026) Nina Hagens Osterbekenntnis (4.4.2026) Osterzeit R\u00e4tscherbuben Brauch\u00a0(3.4.2026) Karwoche Spanien 2026 &#8211; Osterprozessionen (3.4.2026) Christen: Ostern bis Pfingsten\u00a0(2.4.2026) Ostermarsch 2026, Samstag 4.4.2026 &hellip; <a href=\"https:\/\/www.freiburg-schwarzwald.de\/blog\/religion\/kirchen\/ostern\/\">Weiterlesen <span class=\"meta-nav\">&rarr;<\/span><\/a><\/p>\n","protected":false},"author":2,"featured_media":0,"parent":459,"menu_order":0,"comment_status":"open","ping_status":"closed","template":"","meta":{"footnotes":""},"class_list":["post-664","page","type-page","status-publish","hentry"],"_links":{"self":[{"href":"https:\/\/www.freiburg-schwarzwald.de\/blog\/wp-json\/wp\/v2\/pages\/664","targetHints":{"allow":["GET"]}}],"collection":[{"href":"https:\/\/www.freiburg-schwarzwald.de\/blog\/wp-json\/wp\/v2\/pages"}],"about":[{"href":"https:\/\/www.freiburg-schwarzwald.de\/blog\/wp-json\/wp\/v2\/types\/page"}],"author":[{"embeddable":true,"href":"https:\/\/www.freiburg-schwarzwald.de\/blog\/wp-json\/wp\/v2\/users\/2"}],"replies":[{"embeddable":true,"href":"https:\/\/www.freiburg-schwarzwald.de\/blog\/wp-json\/wp\/v2\/comments?post=664"}],"version-history":[{"count":5,"href":"https:\/\/www.freiburg-schwarzwald.de\/blog\/wp-json\/wp\/v2\/pages\/664\/revisions"}],"predecessor-version":[{"id":147958,"href":"https:\/\/www.freiburg-schwarzwald.de\/blog\/wp-json\/wp\/v2\/pages\/664\/revisions\/147958"}],"up":[{"embeddable":true,"href":"https:\/\/www.freiburg-schwarzwald.de\/blog\/wp-json\/wp\/v2\/pages\/459"}],"wp:attachment":[{"href":"https:\/\/www.freiburg-schwarzwald.de\/blog\/wp-json\/wp\/v2\/media?parent=664"}],"curies":[{"name":"wp","href":"https:\/\/api.w.org\/{rel}","templated":true}]}}