{"id":64998,"date":"2017-06-19T12:43:27","date_gmt":"2017-06-19T10:43:27","guid":{"rendered":"https:\/\/www.freiburg-schwarzwald.de\/blog\/?page_id=64998"},"modified":"2026-08-10T07:58:33","modified_gmt":"2026-08-10T05:58:33","slug":"islam-politik","status":"publish","type":"page","link":"https:\/\/www.freiburg-schwarzwald.de\/blog\/religion\/islam\/islam-politik\/","title":{"rendered":"Islam-Politik"},"content":{"rendered":"<p><a href=\"https:\/\/freiburg-schwarzwald.de\/blog\">Home<\/a> &gt;<a title=\"Religion\" href=\"https:\/\/www.freiburg-schwarzwald.de\/blog\/religion\/\">Religion<\/a> &gt;<a title=\"Islam\" href=\"https:\/\/www.freiburg-schwarzwald.de\/blog\/religion\/islam\/\">Islam<\/a> &gt;Islam-Politik<\/p>\n<div id=\"attachment_65111\" style=\"width: 650px\" class=\"wp-caption alignnone\"><a href=\"https:\/\/www.freiburg-schwarzwald.de\/blog\/religion\/islam\/islam-politik\/freiburg-dreisam-kartaus-heirat-pan170705\/\" rel=\"attachment wp-att-65111\"><img loading=\"lazy\" decoding=\"async\" aria-describedby=\"caption-attachment-65111\" class=\"size-full wp-image-65111\" src=\"https:\/\/www.freiburg-schwarzwald.de\/blog\/wp-content\/uploads\/2017\/06\/freiburg-dreisam-kartaus-heirat-pan170705.jpg\" alt=\"Junggesellinnen-Abschied in Freiburg an der Dreisam (Kartaus im Hintergrund) am 5.7.2017\" width=\"640\" height=\"338\" srcset=\"https:\/\/www.freiburg-schwarzwald.de\/blog\/wp-content\/uploads\/2017\/06\/freiburg-dreisam-kartaus-heirat-pan170705.jpg 640w, https:\/\/www.freiburg-schwarzwald.de\/blog\/wp-content\/uploads\/2017\/06\/freiburg-dreisam-kartaus-heirat-pan170705-180x95.jpg 180w\" sizes=\"auto, (max-width: 640px) 100vw, 640px\" \/><\/a><p id=\"caption-attachment-65111\" class=\"wp-caption-text\">Junggesellinnen-Abschied in Freiburg an der Dreisam (Kartaus im Hintergrund) am 5.7.2017<\/p><\/div>\n<p>&nbsp;<\/p>\n<ul>\n<li><em>Listenauswahl eines Beitrags (Artikel\/Datum, Seite\/Inhalt):\u00a0<span style=\"text-decoration: underline;\">Klicken<\/span>\u00a0oder scrollen<\/em><\/li>\n<li>Susanne Schr\u00f6ter: Buch &#8222;Links, rechts, islamistisch&#8220; (8.8.2026)<\/li>\n<li><a href=\"https:\/\/www.freiburg-schwarzwald.de\/blog\/religion\/islam\/islam-organisationen\/\">Nach CSD-Anschlag: \u00d6zdemir \u00fcbt scharfe Kritik an Reaktion der Islamverb\u00e4nde<\/a>\u00a0(28.7.2026)<\/li>\n<li><a href=\"https:\/\/www.freiburg-schwarzwald.de\/blog\/islam-oder-islamismus\/\">Islam oder Islamismus<\/a>\u00a0(20.7.2026)<\/li>\n<li><a href=\"https:\/\/www.freiburg-schwarzwald.de\/blog\/schulbarometer-islam-linke\/\">Schulbarometer \u2013 Islam \u2013 Linke<\/a>\u00a0(25.6.2026)<\/li>\n<li><a href=\"https:\/\/www.freiburg-schwarzwald.de\/blog\/nmecha-das-christentum-leben\/\">Anabel Schunke: Warum es das Christentum gerade jetzt wieder braucht<\/a>\u00a0(22.6.2026)<\/li>\n<li><a href=\"https:\/\/www.freiburg-schwarzwald.de\/blog\/nmecha-das-christentum-leben\/\">Nmecha: Das Christentum leben<\/a>\u00a0(22.6.2026)<\/li>\n<li><a href=\"https:\/\/www.freiburg-schwarzwald.de\/blog\/enough-gb-assez-f-genug-d\/\">Enough GB \u2013 Assez F \u2013 Genug D<\/a>\u00a0(15.6.2026)<\/li>\n<li><a href=\"https:\/\/www.freiburg-schwarzwald.de\/blog\/religion\/islam\/islamismus\/enthauptung\/\">Birgit Kelle: Wenn K\u00f6pfe rollen in Europa<\/a>\u00a0(13.6.2026)<\/li>\n<li><a href=\"https:\/\/www.freiburg-schwarzwald.de\/blog\/bpe-pax-europa-23-5-in-freiburg\/\">BPE-Pax Europa 23.5. in Freiburg<\/a> (24.5.2026)<\/li>\n<li><a href=\"https:\/\/www.freiburg-schwarzwald.de\/blog\/religion\/islam\/islamisierung\/unterwanderung\/\">Sascha Adamek: \u201eUnterwanderung\u201c: Wie der politische Islam Politik und Gesellschaft infiltriert<\/a>\u00a0(26.4.2026)<\/li>\n<li><a href=\"https:\/\/www.freiburg-schwarzwald.de\/blog\/ramadan-im-oeffentlichen-raum\/\">Ramadan im \u00f6ffentlichen Raum? Nein<\/a>\u00a0(8.3.2026)<\/li>\n<li><a href=\"https:\/\/www.freiburg-schwarzwald.de\/blog\/religion\/islam\/islam-zunahme\/\">Deutsche Erziehungsmedien stimmen uns auf den Ramadan ein<\/a> (20.2.2026)<\/li>\n<li><a href=\"https:\/\/www.freiburg-schwarzwald.de\/blog\/global\/iran\/iran2026\/\">Iran: Nur Mullahs eines Regimes? Es sind Islamisten<\/a>\u00a0(15.1.2026)<\/li>\n<li><a href=\"https:\/\/www.freiburg-schwarzwald.de\/blog\/silvesternacht-2026-friedlich\/\">Entsteht auch in Europa eine islamische Untergrundarmee \u2013 5.Kolonne?<\/a>\u00a0(3.1.2026)<\/li>\n<li><a href=\"https:\/\/www.freiburg-schwarzwald.de\/blog\/mobbing-vom-politischen-islam\/\">Mobbing vom politischen Islam<\/a>\u00a0(28.12.2025)<\/li>\n<li><a href=\"https:\/\/www.freiburg-schwarzwald.de\/blog\/global\/deutschland\/deutschland2025\/\">\u201eEs gibt kein Deutschland mehr \u2013 es geh\u00f6rt uns Muslimen\u201c<\/a>\u00a0(12.12.2025)<\/li>\n<li>Warnungen vor politischem Islam (3.10.2025)<\/li>\n<li><a href=\"https:\/\/www.freiburg-schwarzwald.de\/blog\/religion\/christen\/christlich-islamischer-dialog\/\">Frankfurter Forschungszentrum Globaler Islam FFGI von Susanne Schr\u00f6ter ist Geschichte<\/a>\u00a0(30.8.2025)<\/li>\n<li><a href=\"https:\/\/www.freiburg-schwarzwald.de\/blog\/houellebecq-2015-unterwerfung\/\">Houellebecq 2015 Unterwerfung<\/a>\u00a0(14.8.2025)<\/li>\n<li><a href=\"https:\/\/www.freiburg-schwarzwald.de\/blog\/engagement\/zukunft\/demokratie\/islamogauchisme\/\">Alexander Wendt: Raubsozialismus mit Prophetengr\u00fcn<\/a>\u00a0(30.6.2025)<\/li>\n<li><a href=\"https:\/\/www.freiburg-schwarzwald.de\/blog\/engagement\/zukunft\/demokratie\/islamogauchisme\/\">Linke &amp; Islamisten. Die untersch\u00e4tzte Allianz gegen das freie Deutschland<\/a>\u00a0(26.5.2025)<\/li>\n<li><a href=\"https:\/\/www.freiburg-schwarzwald.de\/blog\/berlin-contra-kind-jude-christ\/\">Berlin contra Kind, Jude, Christ<\/a>\u00a0(23.5.2025)<\/li>\n<li><a href=\"https:\/\/www.freiburg-schwarzwald.de\/blog\/trauer-integration-magdeburg\/\">Trauer Integration: Magdeburg<\/a>\u00a0(29.12.2024)<\/li>\n<li>Pax Europa: Aufkl\u00e4rung \u00fcber den Politischen Islam und die Hamburger Justiz (11.12.2024)<\/li>\n<li>Die gr\u00f6\u00dfte Gefahr: Islamismus bzw. politischer Islam (6.9.2024)<\/li>\n<li><a href=\"https:\/\/www.freiburg-schwarzwald.de\/blog\/politische-vernunft-in-d\/\">Politische Vernunft in D<\/a>\u00a0(29.8.2024)<\/li>\n<li>Was haben Solingen, der S\u00fcdlibanon, Gaza und Teheran gemeinsam? (27.8.2024)<\/li>\n<li><a href=\"https:\/\/www.freiburg-schwarzwald.de\/blog\/global\/deutschland\/deutschland-islam\/\">Wie die politische Vernunft in Europa vor dem Islam versagt<\/a>\u00a0(4.8.2024)<\/li>\n<li><a href=\"https:\/\/www.freiburg-schwarzwald.de\/blog\/viel-sylt-wenig-mannheim\/\">Viel Sylt \u2013 wenig Mannheim<\/a>\u00a0(6.6.2024)<\/li>\n<li>Kissler: Politischer Islam wurde lange untersch\u00e4tzt (5.6.2024)<\/li>\n<li>Der politische Islam ist eine totalit\u00e4re Ideologie (4.6.2024)<\/li>\n<li><a href=\"https:\/\/www.freiburg-schwarzwald.de\/blog\/polizistenmord-durch-islamist\/\">Polizistenmord durch Islamist<\/a>\u00a0(3.6.2024)<\/li>\n<li><a href=\"https:\/\/www.freiburg-schwarzwald.de\/blog\/ma-messer-wegen-bpe-kritik\/\">MA: Messer wegen BPE-Kritik<\/a>\u00a0(31.5.2024)<\/li>\n<li><a href=\"https:\/\/www.freiburg-schwarzwald.de\/blog\/religion\/islam\/islam-deutschland\/\">Susanne Schr\u00f6ter: Ramadan wird gefeiert, Karfreitag bek\u00e4mpft<\/a>\u00a0(29.3.2024)<\/li>\n<li><a href=\"https:\/\/www.freiburg-schwarzwald.de\/blog\/religion\/islam\/islamismus\/\">Julian Reichelt zur Anzeige von Antonio R\u00fcdiger wegen Islamisten-Gru\u00df<\/a>\u00a0(25.3.2024)<\/li>\n<li><a href=\"https:\/\/www.freiburg-schwarzwald.de\/blog\/wdr-will-deutschen-ramadan\/\">WDR will deutschen Ramadan<\/a>\u00a0(13.3.2024)<\/li>\n<li><a href=\"https:\/\/www.freiburg-schwarzwald.de\/blog\/global\/israel\/israel-hamas\/\">Die Hamas will \u201edie gesamte Gleichung \u00e4ndern und nicht nur einen Konflikt ausl\u00f6sen\u201c<\/a> (10.11.2023)<\/li>\n<li><a href=\"https:\/\/www.freiburg-schwarzwald.de\/blog\/religion\/islam\/islam-politik\/\">BPE informiert \u00fcber den Politischen Islam<\/a> (7.11.2023)<\/li>\n<li><a href=\"https:\/\/www.freiburg-schwarzwald.de\/blog\/massenzuwanderung-stoppen\/\">Massenzuwanderung stoppen<\/a>\u00a0(26.10.2023)<\/li>\n<li><a href=\"https:\/\/www.freiburg-schwarzwald.de\/blog\/kultur\/dichter\/houellebecq\/\">Houellebecq Onfray: Diskussion<\/a>\u00a0(17.1.2023)<\/li>\n<li><a href=\"https:\/\/www.freiburg-schwarzwald.de\/blog\/religion\/kirchen\/ekd\/\">EKD: Vorfeldorganisation der gr\u00fcnen Partei<\/a>\u00a0(19.11.2022)<\/li>\n<li>Achtung, Reichelt!: &#8222;Expertenkreis Politischer Islamismus&#8220; aufgel\u00f6st (17.9.2022)<\/li>\n<li><a href=\"https:\/\/www.freiburg-schwarzwald.de\/blog\/dante-1321-goettliche-komoedie\/\">Dante 1321: G\u00f6ttliche Kom\u00f6die<\/a>\u00a0(10.4.2021)<\/li>\n<li>Strategie gegen politischen Islam gefordert in EU, F, A und D (4.1.2021)<\/li>\n<li>Politischer Islam: B\u00fcrgerbewegung PaxEuropa (BPE) informiert (4.12.2020)<\/li>\n<li><a href=\"https:\/\/www.freiburg-schwarzwald.de\/blog\/kultur\/medien\/appeasement\/\">Birg\u00fcl Akpinar: Religion kein Mittel der Integration<\/a>\u00a0(17.11.2020)<\/li>\n<li><a href=\"https:\/\/www.freiburg-schwarzwald.de\/blog\/gegen-gewalt-von-extremisten\/\">Gegen Gewalt von Extremisten \u2013 nach Dresden, Paris und Nizza<\/a>\u00a0(30.10.2020)<\/li>\n<li><a title=\"Moscheen\" href=\"https:\/\/www.freiburg-schwarzwald.de\/blog\/religion\/islam\/moscheen\/\">Verfassungsschutz beobachtet vier Moscheen in Freiburg<\/a>\u00a0(1.2.2020)<\/li>\n<li><a title=\"Israel2019\" href=\"https:\/\/www.freiburg-schwarzwald.de\/blog\/global\/israel\/israel2019\/\">Deutschland \u2013 Israel:\u00a0Staatsraison Identit\u00e4t\u00a0Geschichte Schuld<\/a>\u00a0(30.1.2020)<\/li>\n<li><a title=\"Pluralismus\" href=\"https:\/\/www.freiburg-schwarzwald.de\/blog\/religion\/pluralismus\/\">Prof Susanne Schr\u00f6ter: Kirche l\u00e4sst sich von Islamverb\u00e4nden Agenda diktieren<\/a> (14.1.2020)<\/li>\n<li><a title=\"Pluralismus\" href=\"https:\/\/www.freiburg-schwarzwald.de\/blog\/religion\/pluralismus\/\">Nur ja nicht die Mullahs beleidigen<\/a> (14.1.2020)<\/li>\n<li><a title=\"Iran\" href=\"https:\/\/www.freiburg-schwarzwald.de\/blog\/global\/iran\/\">Seyran Ates: Wie der Iran Deutschland unterwandert<\/a>\u00a0(13.1.2020)<\/li>\n<li>Das k\u00fcrzliche Gipfeltreffen in Kuala Lumpur offenbart den desolaten Zustand der islamischen Welt (1.1.2020)<\/li>\n<li><a title=\"Islamophobie\" href=\"https:\/\/www.freiburg-schwarzwald.de\/blog\/religion\/islam\/islamophobie\/\">Islamophil-Islamophob-Christophob: Worte mit dunklem Hintergrund<\/a>\u00a0(2.12.2019)<\/li>\n<li><a title=\"Rechtsstaat\" href=\"https:\/\/www.freiburg-schwarzwald.de\/blog\/selbsthilfe\/soziales\/justiz\/rechtsstaat\/\">Der verh\u00f6hnte Rechtsstaat \u2013\u00a0Emma entlarvt ZdM von Mazyek<\/a>\u00a0 (19.11.2019)<\/li>\n<li><a title=\"Hochschulen-Freiheit\" href=\"https:\/\/www.freiburg-schwarzwald.de\/blog\/bildung\/hochschulen-freiheit\/\">Alice Schwarzer angegriffen an Kunsthochschule Wien<\/a>\u00a0(26.11.2019)<\/li>\n<li>Susanne Schr\u00f6ter: Politischer Islam (18.10.2019)<\/li>\n<li><a title=\"Aufklaerung\" href=\"https:\/\/www.freiburg-schwarzwald.de\/blog\/kultur\/aufklaerung\/\">Wiener Appell \u2013\u00a0Gegen die Ausbreitung islamischer Herrschaftskultur in Europa<\/a> (7.3.2019)<\/li>\n<li>Der Islam will die Welteroberung (20.2.2018)<\/li>\n<li><a title=\"Grundgesetz\" href=\"https:\/\/www.freiburg-schwarzwald.de\/blog\/engagement\/zukunft\/demokratie\/grundgesetz\/\">Islam und Grundgesetz nicht vereinbar \u2013 6 Punkte von Mohsen Kadivar<\/a> (9.2.2018)<\/li>\n<li>ie zugewanderte Muslime politisch ticken (14.1.2018)<\/li>\n<li>Islamisierung &#8211; Der Gefahr ins Auge sehen (16.6.2017)<\/li>\n<li>Islam als Religion macht Integration unm\u00f6glich (15.6.2017)<\/li>\n<li><\/li>\n<li><a title=\"Auschwitz1945-2020\" href=\"https:\/\/www.freiburg-schwarzwald.de\/blog\/kultur\/erinnerungskultur\/auschwitz1945-2020\/\">Auschwitz1933-1945<\/a><\/li>\n<li><a href=\"https:\/\/www.freiburg-schwarzwald.de\/blog\/religion\/kirchen\/ekd\/\">EKD<\/a><\/li>\n<li><a href=\"https:\/\/www.freiburg-schwarzwald.de\/blog\/religion\/islam\/islamismus\/enthauptung\/\">Enthauptung<\/a><\/li>\n<li><a title=\"Islam-Fatwa\" href=\"https:\/\/www.freiburg-schwarzwald.de\/blog\/religion\/islam\/islam-fatwa\/\">Fatwa<\/a><\/li>\n<li><a title=\"Integration-Islam\" href=\"https:\/\/www.freiburg-schwarzwald.de\/blog\/global\/integration\/integration-islam\/\">Integration-Islam<\/a><\/li>\n<li><a title=\"Iran\" href=\"https:\/\/www.freiburg-schwarzwald.de\/blog\/global\/iran\/\">Iran<\/a><\/li>\n<li><a title=\"IS\" href=\"https:\/\/www.freiburg-schwarzwald.de\/blog\/religion\/islam\/is\/\">IS<\/a><\/li>\n<li><a href=\"https:\/\/www.freiburg-schwarzwald.de\/blog\/religion\/islam\/islamismus\/\">Islamismus<\/a><\/li>\n<li><a title=\"Islamunterricht\" href=\"https:\/\/www.freiburg-schwarzwald.de\/blog\/religion\/islam\/islamunterricht\/\">Islamunterricht<\/a><\/li>\n<li><a title=\"Islam-Antisemitismus\" href=\"https:\/\/www.freiburg-schwarzwald.de\/blog\/religion\/islam\/islam-antisemitismus\/\">Islam-Antisemitismus<\/a><\/li>\n<li><a title=\"Islam-Frauen\" href=\"https:\/\/www.freiburg-schwarzwald.de\/blog\/religion\/islam\/islam-frauen\/\">Islam-Frauenbild<\/a><\/li>\n<li><a title=\"Islam-Opferrolle\" href=\"https:\/\/www.freiburg-schwarzwald.de\/blog\/religion\/islam\/islam-opferrolle\/\">Islam-Opferrolle<\/a><\/li>\n<li><a title=\"Islam-Organisationen\" href=\"https:\/\/www.freiburg-schwarzwald.de\/blog\/religion\/islam\/islam-organisationen\/\">Islam-Organisationen in D<\/a><\/li>\n<li><a title=\"Islam-Reformen\" href=\"https:\/\/www.freiburg-schwarzwald.de\/blog\/religion\/islam\/islam-reformen\/\">Islam-Reformen<\/a><\/li>\n<li><a title=\"Islam-Sexualitaet\" href=\"https:\/\/www.freiburg-schwarzwald.de\/blog\/religion\/islam\/islam-sexualitaet\/\">Islam-Sexualitaet<\/a><\/li>\n<li><a title=\"Islamisierung\" href=\"https:\/\/www.freiburg-schwarzwald.de\/blog\/religion\/islam\/islamisierung\/\">Islamisierung<\/a><\/li>\n<li><a href=\"https:\/\/www.freiburg-schwarzwald.de\/blog\/religion\/islam\/islamkritik\/\">Islamkritik<\/a><\/li>\n<li><a href=\"https:\/\/www.freiburg-schwarzwald.de\/blog\/engagement\/zukunft\/demokratie\/islamogauchisme\/\">Islamogauchisme<\/a><\/li>\n<li><a title=\"Islamophobie\" href=\"https:\/\/www.freiburg-schwarzwald.de\/blog\/religion\/islam\/islamophobie\/\">Islamophobie<\/a><\/li>\n<li><a title=\"Kelek\" href=\"https:\/\/www.freiburg-schwarzwald.de\/blog\/religion\/islam\/kelek\/\">Kelek Necla<\/a><\/li>\n<li><a title=\"Kinderehe\" href=\"https:\/\/www.freiburg-schwarzwald.de\/blog\/religion\/islam\/kinderehe\/\">Kinderehe<\/a><\/li>\n<li><a title=\"Kirche-Staat\" href=\"https:\/\/www.freiburg-schwarzwald.de\/blog\/religion\/kirche-staat\/\">Kirche-Staat<\/a><\/li>\n<li><a title=\"Kopftuch\" href=\"https:\/\/www.freiburg-schwarzwald.de\/blog\/kopftuch\/\">Kopftuch<\/a><\/li>\n<li><a title=\"Maghreb\" href=\"https:\/\/www.freiburg-schwarzwald.de\/blog\/global\/maghreb\/\">Maghreb<\/a><\/li>\n<li><a title=\"Mansour\" href=\"https:\/\/www.freiburg-schwarzwald.de\/blog\/religion\/islam\/mansour\/\">Ahmad Mansour<\/a><\/li>\n<li><a title=\"Menschenrechte\" href=\"https:\/\/www.freiburg-schwarzwald.de\/blog\/kultur\/aufklaerung\/menschenrechte\/\">Menschenrechte<\/a><\/li>\n<li><a title=\"Pluralismus\" href=\"https:\/\/www.freiburg-schwarzwald.de\/blog\/religion\/pluralismus\/\">Pluralismus &#8211; religi\u00f6s<\/a><\/li>\n<li><a title=\"Untergang\" href=\"https:\/\/www.freiburg-schwarzwald.de\/blog\/religion\/islam\/untergang\/\">Untergang Europas<\/a><\/li>\n<li><a href=\"https:\/\/www.freiburg-schwarzwald.de\/blog\/religion\/islam\/islamisierung\/unterwanderung\/\">Unterwanderung<\/a><\/li>\n<\/ul>\n<p><strong>Islam-Politik = Politischer Islam = Islamismus = extremistischer Islam<\/strong><\/p>\n<p><strong>Migration: Integration bleibt das Ziel<br \/>\n<\/strong>Integration als <a href=\"https:\/\/www.freiburg-schwarzwald.de\/blog\/global\/integration\/integration-bringschuld\/\">Bringschuld<\/a> der Migranten.<br \/>\nKeine Toleranz dem islam-motivierten Extremismus (Islamismus, politischer Islam).<br \/>\nDamit die Mehrheit der muslimischen Migranten hier weiter friedlich leben kann.<br \/>\n.<br \/>\n&#8222;Allahu akbar&#8220; hei\u00df nicht &#8222;Allah ist gro\u00df&#8220;, sondern &#8222;Allah ist gr\u00f6\u00dfer&#8220;. &#8222;Akbar&#8220; ist ein sog. Elativ und bedeutet &#8222;keiner ist gr\u00f6\u00dfer&#8220;, also einen Anspruch auf Hegemonie.<br \/>\n===========================================================<br \/>\n.<\/p>\n<p><strong> Susanne Schr\u00f6ter: Buch &#8222;Links, rechts, islamistisch&#8220;<\/strong><br \/>\nDer lange Blick: Das neue Buch von Susanne Schr\u00f6ter<br \/>\n&#8230; Der Titel \u201eLinks, rechts, islamistisch\u201c wirkt zun\u00e4chst provokant. Tats\u00e4chlich verfolgt Schr\u00f6ter ein analytisches Anliegen. Sie fragt, was mit einer liberalen Demokratie geschieht, wenn unterschiedliche autorit\u00e4re Str\u00f6mungen \u2013 ob von links, rechts oder aus dem islamistischen Spektrum \u2013 Freiheitsrechte, offene Debatten und den Rechtsstaat zunehmend unter Druck setzen.<br \/>\nSchr\u00f6ters Blick gilt dabei nicht den Frontlinien, sondern den R\u00e4umen, die zwischen ihnen entstehen. Dort, wo s\u00e4kulare Kr\u00e4fte ihre Energie im Kampf gegeneinander aufreiben und tiefe Gr\u00e4ben hinterlassen, \u00f6ffnen sich politische Zwischenr\u00e4ume. Diese, so Schr\u00f6ters These, werden von autorit\u00e4ren Akteuren genutzt \u2013 nicht aus gemeinsamer \u00dcberzeugung, sondern aus strategischem Kalk\u00fcl. Es ist einer der st\u00e4rksten und originellsten Gedanken des Buches, den politischen Blick auf jene oft \u00fcbersehenen Zwischenr\u00e4ume zu lenken, in denen gesellschaftlicher Einfluss w\u00e4chst, lange bevor er f\u00fcr alle sichtbar wird.<br \/>\n&#8230;<br \/>\nBesonders deutlich wird das in ihrer Analyse des legalistischen Islamismus. Im Mittelpunkt stehen nicht spektakul\u00e4re Gewalttaten, sondern langfristige Strategien: Vereine, Bildungsangebote, Netzwerke und gesellschaftliche B\u00fcndnisse, \u00fcber die religi\u00f6s-politischen Akteure Schritt f\u00fcr Schritt Einfluss gewinnen. Schr\u00f6ter beschreibt diese Prozesse mit der N\u00fcchternheit einer Wissenschaftlerin, nicht mit der Emp\u00f6rung einer politischen Aktivistin. Gerade darin liegt die St\u00e4rke ihrer Analyse.<br \/>\n&#8230; Alles vom 8.8.026 bitte lesen auf<br \/>\n<a href=\"https:\/\/www.tichyseinblick.de\/feuilleton\/buecher\/der-lange-blick-das-neue-buch-von-susanne-schroeter\/\">https:\/\/www.tichyseinblick.de\/feuilleton\/buecher\/der-lange-blick-das-neue-buch-von-susanne-schroeter\/<\/a><\/p>\n<p><em>Susanne Schr\u00f6ter. Links, rechts, islamistisch. <\/em><br \/>\n<em>Die wahren Feinde der Demokratie. <\/em><br \/>\n<em>Herder Verlag, Klappbroschur, 240 Seiten, 22,00 \u20ac<\/em><\/p>\n<p>&nbsp;<\/p>\n<p><strong>Warnungen vor politischem Islam<\/strong><br \/>\nBei Internetaufrufen in arabischer Sprache zur Vernichtung Israels mit Allahs Hilfe seitens islamistisch gepr\u00e4gter Abgeordneter in deutschen St\u00e4dten sollten manche Alarmglocken schrillen und vor allem der Verfassungsschutz Interesse zeigen. Wenn derartige \u00f6ffentliche \u00c4u\u00dferungen ungeahndet zur Kenntnis genommen werden, kann man spekulieren, wie lange es dauern wird, bis der Islam in Deutschland mehrheitlich bestimmenden Einflu\u00df haben wird, nicht zuletzt auch dank der h\u00f6heren Geburtenrate und des andauernden Zustroms aus islamischen L\u00e4ndern.<br \/>\nBis es soweit ist, gilt f\u00fcr strenggl\u00e4ubige Moslems die \u201eTaqqiya\u201c. Mit diesem Begriff, der T\u00e4uschung beziehungsweise Irref\u00fchrung bedeutet, wird der moslemische Gl\u00e4ubige inmitten einer nicht muslimischen Mehrheitsgesellschaft zur (scheinbaren) Anpassung so lange angehalten, bis der Islam die dominierende Mehrheit der Bev\u00f6lkerung repr\u00e4sentiert. Danach k\u00f6nnen alle Regeln des Korans und seiner ausf\u00fchrenden Schriften (Hadithen) der Gesamtbev\u00f6lkerung aufoktroyiert werden, vorwiegend qua Gesetzes\u00e4nderung.<br \/>\nDie international renommierte Islamforscherin Susanne Schr\u00f6ter sieht bei streng gl\u00e4ubigen Muslimen in Deutschland keinerlei Tendenz zur Abkehr von den kodifizierten Koranvorschriften im Sinne einer aufgekl\u00e4rten Interpretation. Dies im Unterschied zur Tendenz in den meisten muslimischen Staaten, vielleicht mit Ausnahme Saudi-Arabiens. Deutschland ist nach ihrer Einsch\u00e4tzung das (nahezu) einzige Land, worin die moslemischen Wortf\u00fchrer an der w\u00f6rtlichen Koranauslegung festhalten.<br \/>\n3.10.2025 Roland Bitsch, Gie\u00dfen<br \/>\n&#8230; Alles vom 3.10.2025 bitte lesen in der JF 41\/25, Seite 23<\/p>\n<p>&nbsp;<\/p>\n<p><strong>Pax Europa: Aufkl\u00e4rung \u00fcber den Politischen Islam und die Hamburger Justiz<br \/>\n<\/strong>von Michael St\u00fcrzenberger<br \/>\nIch habe in Deutschland schon viel mit der Justiz im Zusammenhang mit Verfahren zum Politischen Islam erleben m\u00fcssen. Nat\u00fcrlich auch Positives, denn es gab in den 15 Jahren, in denen ich diese \u00f6ffentliche Aufkl\u00e4rungsarbeit durchf\u00fchre, auch einige Freispr\u00fcche. Schlie\u00dflich haben wir bei der B\u00fcrgerbewegung PAX EUROPA immer differenziert und sachlich fundiert \u00fcber dieses extrem schwierige und brandhei\u00dfe Thema aufgekl\u00e4rt, das leider die meisten Journalisten der Mainstream-Medien und Politiker der etablierten Parteien nur selten aufgreifen. Verharmlosen, vertuschen und verschweigen ist meist die Devise.<br \/>\nIn den sieben Jahren, in denen wir mit unserem BPE-Mobil in ganz Deutschland zu Kundgebungen unterwegs waren, von Flensburg im Norden bis Rosenheim im S\u00fcden, von K\u00f6ln im Westen bis Dresden im Osten, musste ich nur eine einzige Verurteilung wegen angeblicher \u201cVolksverhetzung\u201c hinnehmen. In Hamburg. Ausgerechnet in Hamburg.<br \/>\n&#8211; Wo sich drei der vier Piloten des bisher gr\u00f6\u00dften Terror-Anschlags des Politischen Islams vom 11. September 2001 in der Al-Quds-Moschee durch den dortigen Imam Mohammed Fazazi radikalisierten, ausf\u00fchrlich dokumentiert in den \u201eHamburger Lektionen\u201c, um dann mit Flugzeugen in New York, Washington und Pennsylvania knapp 3000 Menschen zu t\u00f6ten.<br \/>\n&#8211; Wo die Islamische Republik Iran jahrzehntelang ungest\u00f6rt ihren Au\u00dfenposten mit dem Islamischen Zentrum Hamburg hatte.<br \/>\n&#8211; Wo selbst in der Hamburger Morgenpost am 8. Dezember 2018 angesichts der Dichte an radikalen Moscheen die Stadt durch den pakistanisch-st\u00e4mmigen Journalisten Shams Ul-Haq als \u201eislamistischer Hotspot\u201c bezeichnet wurde.<br \/>\n&#8211; Wo jetzt drei gro\u00dfe Demonstrationen von Anh\u00e4ngern des Politischen Islams stattfanden, die in Deutschland ideologiekonform ein Kalifat mit Scharia forderten.<\/p>\n<p>Es gab also, au\u00dfer in Hamburg, keine andere Verurteilung bei Kundgebungen der letzten sieben Jahre. Wir reden hier von 145 Veranstaltungen seit 2018, bei denen ich bis zu sieben Stunden frei redete. Und bei mir wird wirklich jeder \u00f6ffentliche Auftritt mit der Lupe untersucht, jedes Wort und jeder Satz auf die Goldwaage gelegt. Man versucht mir immer mit isoliert herausgepickten kurzen Passagen zu unterstellen, ich w\u00fcrde \u201ealle Moslems\u201c und \u201eden Islam\u201c verunglimpfen, was aber nachweislich nicht der Fall ist.<br \/>\nEs geht vielmehr darum, dass viele ideologische Bestandteile des Politischen Islams, die auf Werten aus dem siebten Jahrhundert beruhen, unsere Demokratie, Freiheit, Sicherheit, Menschenrechte, Schutz von Minderheiten wie Homosexuelle und Juden sowie auch die Gleichberechtigung von Mann und Frau ernsthaft bedrohen.<br \/>\nDies f\u00fchrt zu vielen Auswirkungen in der Realit\u00e4t, die wir jetzt auch in Deutschland immer intensiver registrieren m\u00fcssen.<\/p>\n<p>Mit unserer Aufkl\u00e4rungsarbeit wollen wir insbesondere auch die vielen modern eingestellten Moslems erreichen, die gerne in unserer freiheitlichen Gesellschaft statt in einem totalit\u00e4ren Kalifat leben und unsere liberale Rechtsordnung der drakonischen Scharia vorziehen. Daher sagen wir st\u00e4ndig, dass sich unsere Kritik an die Ideologie des Politischen Islams und nicht gegen Moslems richtet. Dazu h\u00e4ngt auch dieses eineinhalb Quadratmeter gro\u00dfe Plakat bei jeder Kundgebung direkt neben unserem Pavillon:<br \/>\n&#8222;Unsere Kritik richtet sich nicht gegen Moslems,<br \/>\nsondern gegen den Politischen Islam&#8220;<br \/>\n<a href=\"https:\/\/www.bpe-paxeuropa.de\">https:\/\/www.bpe-paxeuropa.de<\/a><br \/>\n.<br \/>\nAuch bei der vierst\u00fcndigen Kundgebung in Hamburg am 8. Oktober 2020 differenzierte ich in meinen Ausf\u00fchrungen permanent. So sagte ich den Linken in der Gegendemonstration:<br \/>\n\u201eWie gesagt, es geht nicht um Moslems und schon gar nicht um die friedlichen Moslems. Im Februar war unsere Kundgebung hier, da waren einige Moslems, modern eingestellte, die sich auf unsere Seite gestellt haben. Da war ein t\u00fcrkischst\u00e4mmiger Moslem, der hat gesagt, alles richtig was wir hier sagen. Ja, der Politische Islam ist gef\u00e4hrlich. Es geht um den Politischen Islam. Ja und das ist etwas, was auch Euch betrifft, vor allem auch die Frauen, denn die Frauen sind die ersten Opfer des Politischen Islams. Der Politische Islam stellt die Frauen eindeutig unter den Mann.\u201c (Timecode des Livestreams <a href=\"https:\/\/www.youtube.com\/watch?v=TLk_snxKqXM\">https:\/\/www.youtube.com\/watch?v=TLk_snxKqXM<\/a> ab 20:34)<br \/>\n.<br \/>\nZu dem jungen modern eingestellten t\u00fcrkischst\u00e4mmigen Kurden Serhan, den ich schon von der BPE-Kundgebung am 15. Februar 2020 in Hamburg kannte, sagte ich: \u201eDu hast gesagt, der Politische Islam ist etwas, was Du auch kritisierst. Nein, ich beziehe es doch nicht auf die Allgemeinheit. Ich habe gesagt, der Politische Islam, das ist all das, was Unheil verursacht, all das was Gewalt propagiert, was diesen Dschihad propagiert, was auch die Unterdr\u00fcckung der Frau propagiert, da bist Du doch auch dagegen. Du bist als Linker f\u00fcr die Gleichstellung von Mann und Frau und da wei\u00dft Du doch, dass der Politische Islam das ganz anders sieht. Das wei\u00dft Du, und da kann man sich daf\u00fcr einsetzen und das hat gar nichts damit zu tun mit, was wei\u00df ich, den Glauben Islam, k\u00f6nnt Ihr alle Moscheen bauen, an Allah glauben und aufs Paradies hoffen, alles in Ordnung. Kein Problem. Und der Punkt ist, dass keine Religion Gesetze bestimmen darf. Unser Zusammenleben, das wird in Parlamenten entschieden.\u201c (Timecode ab 26:20)<\/p>\n<p>Um zu verdeutlichen, wie differenziert wir den Politischen Islam kritisieren, erkl\u00e4rte ich dem Publikum: \u201eWenn ich doch sage, es geht nur um die Ideologie, nicht gegen die Menschen. So, ein Schild hier: Es geht nicht gegen die Menschen. Wir reichen Moslems die Hand. Wir sagen jedem Moslem, wenn Ihr modern eingestellt seid, wenn Ihr unser Grundgesetz sch\u00e4tzt und die Scharia ablehnt. Wenn Ihr Demokratie sch\u00e4tzt und den totalit\u00e4ren Politischen Islam ablehnt, dann seid Ihr auf unserer Seite, dann seid Ihr herzlich willkommen in Deutschland. Alles gut. Und andere, ja, versuchen wir zu \u00fcberzeugen, andere, die noch nicht dieser Meinung sind, versuchen wir zu \u00fcberzeugen.\u201c (ab 54:36)<\/p>\n<p>Bei einer moslemischen Zuh\u00f6rerin, die sich als Rechtsanw\u00e4ltin zu erkennen gab und mit der ich 20 Minuten lang insbesondere \u00fcber das Rechtssystem Scharia und die Frauenunterdr\u00fcckung im Politischen Islam gut diskutierte, bedankte ich mich am Ende wie folgt: \u201eHerzlichen Dank, dass Sie mitdiskutiert haben, und das ist, was wir brauchen. Diskussion, ja, Austausch, dass dieses Thema weitergetragen wird. Herzlichen Dank, sch\u00f6nen Tag noch und ich hoffe, dass Sie keine weiteren Anfeindungen bekommen von irgendwelchen rassistischen Arschl\u00f6chern. Weil Sie sind als Rechtsanw\u00e4ltin ein wertvoller Bestandteil unserer Gesellschaft und das ist unsere feste \u00dcberzeugung. Es ist nicht wichtig, wie ein Mensch aussieht oder wo er herkommt, es ist wichtig, was er denkt, was er sagt, wie er sich verh\u00e4lt.\u201c (ab TC 1:40:43)<\/p>\n<p>Um aufzuzeigen, wie gef\u00e4hrlich es ist, wenn die Ideologie des Politischen Islams in die K\u00f6pfe junger Moslems kommt, beschrieb ich: \u201eJede Generation, die in diesem Geist der Scharia des Politischen Islams herangezogen wird, wird f\u00fcr unsere demokratische Gesellschaft gef\u00e4hrlich werden. Wir verlieren st\u00e4ndig junge Menschen, die in diesem Geist erzogen werden. Junge Moslems k\u00f6nnten, wenn sie mit dem demokratischen Gedanken, mit dem freiheitlichen Gedanken erzogen werden, k\u00f6nnten sie wertvolle Mitglieder unserer Gesellschaft werden. Wenn sie in dem totalit\u00e4ren Geist des Politischen Islams erzogen werden, mit dieser gef\u00e4hrlichen Gesetzgebung Scharia, verlieren wir sie.\u201c (TC 1:49:58)<\/p>\n<p>An diesen beispielhaften Sequenzen d\u00fcrfte der Grundcharakter dieser Kundgebung in Hamburg gut zu erkennen sein. Ich diskutierte mit dem Publikum, egal ob es linke Gegendemonstranten oder Moslems waren, versuchte Br\u00fccken zu bauen, Gemeinsamkeiten zu finden und \u00fcber das tiefgreifende Problem zu diskutieren, das uns doch alle betrifft, die wir unsere moderne freiheitliche Gesellschaftsordnung wertsch\u00e4tzen.<br \/>\nAll dies interessierte aber die Richter und Staatsanw\u00e4lte in Hamburg, die an diesem drei Jahre dauernden Verfahren mit drei Instanzen und einer h\u00f6chst bemerkenswerten Vorgeschichte beteiligt waren, nicht.<br \/>\n&#8211; Auch nicht, dass Prof. Dr. Daniel Zerbin, der Kriminalwissenschaften an der Northern Business School in Hamburg lehrte und wissenschaftlicher Mitarbeiter der Polizei in Hamburg war, eine Beurteilung meiner Aussagen vornahm und sie auch mit Statistiken des Bundeskriminalamtes best\u00e4tigte.<br \/>\n&#8211; Es interessierte die Hamburger Justiz auch nicht, dass der bekannte Islamwissenschaftler Prof. Dr. Tilman Nagel, der 16 B\u00fccher \u00fcber den Islam verfasst hat und an der Georg-August-Universit\u00e4t G\u00f6ttingen Professor f\u00fcr Arabistik und Islamwissenschaft war, meine Formulierungen mit Fakten best\u00e4tigte.<\/p>\n<p>Durch all diese Ignoranz kam es dann am 7.9.2022 bei der Verhandlung vor dem Amtsgericht Hamburg zu einer absolut skandal\u00f6sen Verurteilung von sechs Monaten Gef\u00e4ngnis ohne (!) Bew\u00e4hrung. Wie absurd und v\u00f6llig ungerecht diese Verhandlung ablief, hatte ich am 27.9.2022 in einem Artikel bei PI-NEWS beschrieben.<\/p>\n<p>Als ich dann am 9. Oktober des letzten Jahres zu der Berufungsverhandlung in Hamburg erschien, er\u00f6ffnete der Richter meinem Anwalt und mir, dass es durchaus zu einer Best\u00e4tigung der Gef\u00e4ngnisstrafe kommen k\u00f6nnte! Was nur mit einer Rechtsmittelbeschr\u00e4nkung verhindert werden k\u00f6nne.<br \/>\nDas bedeutet, dass man darauf verzichtet, auf Freispruch zu pl\u00e4dieren, sondern eine Verurteilung akzeptiert, aber hierbei versucht, auf eine m\u00f6glichst geringf\u00fcgige Geldstrafe oder im besten Falle auf eine Einstellung des Verfahrens hinzuwirken.<br \/>\nEs gab daraufhin eine Sitzungsunterbrechung und ich beriet mich mit meinem Anwalt. Er meinte, dass wir es nat\u00fcrlich versuchen k\u00f6nnten, um einen Freispruch zu k\u00e4mpfen, aber die reale Gefahr bestehe, dass der sichtlich bissige Staatsanwalt, der schon aus der Beurteilung der Vorfeld-Kommunikation eher negativ eingestellt erscheinende Richter und die beiden vom \u00e4u\u00dferen Eindruck auch eher ablehnend wirkenden Sch\u00f6ffen das Gef\u00e4ngnisurteil erneut best\u00e4tigen.<\/p>\n<p>Die akute Bedrohung durch eine Gef\u00e4ngnisstrafe, die f\u00fcr einen bekannten Kritiker des Politischen Islams angesichts der Zusammensetzung in den Gef\u00e4ngnissen lebensgef\u00e4hrlich werden kann, brachte meinen Anwalt und mich nach einer knapp halbst\u00fcndigen intensiven Besprechung zu der \u00dcberzeugung, dass es besser w\u00e4re, diese Rechtsmittelbeschr\u00e4nkung anzunehmen, als eine Gef\u00e4ngnisstrafe zu riskieren. Obwohl das eine \u00e4u\u00dferst giftige Kr\u00f6te war, die ich da schlucken musste, denn ich hatte einen ganzen Aktenordner mit Beweisen zusammengestellt, mit denen ich unbedingt um einen Freispruch k\u00e4mpfen wollte.<br \/>\nWie bissig der relativ junge Staatsanwalt eingestellt war, zeigte sich dann in seinem Pl\u00e4doyer, in dem er allen Ernstes trotz der Rechtsmittelbeschr\u00e4nkung erneut eine sechsmonatige Gef\u00e4ngnisstrafe OHNE Bew\u00e4hrung forderte!<br \/>\nSo weit wollte der Richter dann doch nicht gehen und verh\u00e4ngte eine viermonatige Haftstrafe auf Bew\u00e4hrung. Dagegen gingen wir in Revision, und jetzt kam dann dieses letztliche Urteil zu einer Geldstrafe von 3600 Euro zustande. Die Staatsanw\u00e4ltin hatte gar 4800 Euro gefordert.<\/p>\n<p>\u00dcber Einzelheiten werde ich mich zu einem sp\u00e4teren Zeitpunkt \u00e4u\u00dfern. NiUS hat am heutigen Mittwoch in seiner Morgensendung darauf Bezug genommen. Julian Reichelt sagte, dass ich mit all den beanstandeten Redepassagen, f\u00fcr die ich verurteilt wurde, Recht hatte. Die Passage ist in dem Video dieser hervorragenden Sendung ab Timecode 18:15 zu sehen.<br \/>\nZara Riffler hat zu diesem Urteil am 28. November auch einen sehr guten Kommentar bei NiUS ver\u00f6ffentlicht: \u201eDie Kritik am Politischen Islam ist f\u00fcr Westeuropa \u00fcberlebenswichtig\u201c<\/p>\n<p>Zum Schluss m\u00f6chte ich noch erw\u00e4hnen, was mich positiv mit Hamburg verbindet: vor allem der fr\u00fchere Bundeskanzler Helmut Schmidt. Er hatte in der ARD- Sendung \u201eMaischberger\u201c am 20. Mai 2008 auf die Frage, welches Buch er noch gerne lesen w\u00fcrde, geantwortet: \u201eDen Koran\u201c<\/p>\n<p>Daraufhin schickte ich ihm eine Auswahl der meiner Meinung nach bedenklichsten Koranverse per Brief nach Hamburg, und er antwortete mir am 14. Oktober 2008 ebenfalls per Brief:<br \/>\n&#8230;.<br \/>\n<em>&#8222;Sehr geehrter Herr St\u00fcrzenberger,<\/em><br \/>\n<em>haben Sie besten Dank f\u00fcr Ihr Schreiben vom 23. September diesen Jahres und die Zusendung Ihrer Analyse \u00fcber den Koran.<\/em><br \/>\n<em>\u00dcber das in Ihren Zeilen zum Ausdruck gekommene Zeichen der Sympathie habe ich mich gefreut. Ich \u00fcbermittle Ihnen die besten W\u00fcnsche f\u00fcr Ihr pers\u00f6nliches Wohlergehen und verbleibe mit<\/em><br \/>\n<em>freundlichen Gr\u00fc\u00dfen<\/em><br \/>\n<em>gez. Helmut Schmidt&#8220;<\/em><br \/>\n&#8230;<br \/>\nDer Politische Islam pr\u00e4gt viele der Menschen in diesen L\u00e4ndern von klein auf und auch nicht wenige der Asylbewerber, die zu uns kommen. Diese Ideologie vermittelt eine feindselige Einstellung zu Andersgl\u00e4ubigen, lehnt die Demokratie ab und legitimiert zur Durchsetzung ihrer Ziele auch Gewaltanwendungen, was dann manche der Zugewanderten auch zu Straftaten in unserem Land veranlasst.<br \/>\nDas v\u00f6llig andere Frauenbild des Politischen Islams, das aus dem 7. Jahrhundert Arabiens stammt, kann dann auch zu Straftaten gegen die sexuelle Selbstbestimmung f\u00fchren. So waren beispielsweise bei den 704 Gruppenvergewaltigungen des Jahres 2020 in Deutschland 6 % der Straft\u00e4ter Afghanen. Bei einem Bev\u00f6lkerungsanteil von nur 0,3 % sind sie dadurch hier 20-fach \u00fcberrepr\u00e4sentiert. Dies und noch viele weitere Tatsachen gilt es bei der Diskussion um den Politischen Islam und seinen realen Auswirkungen zu ber\u00fccksichtigen.<br \/>\nDar\u00fcber sprach ich intensiv auch bei der Kundgebung in Hamburg am 8. Oktober 2020, und das wurde mir in isoliert herausgepickten sechs kurzen Redepassagen angekreidet. Darauf werde ich zu einem sp\u00e4teren Zeitpunkt noch detailliert eingehen.<br \/>\n&#8230; Alles vom 11.12.2024 von Michael St\u00fcrzenberger bitte lesen auf <a href=\"https:\/\/www.bpe-paxeuropa.de\">https:\/\/www.bpe-paxeuropa.de<\/a><br \/>\n.<br \/>\n<em>Michael St\u00fcrzenberger arbeitete als Journalist u.a. f\u00fcr das Bayern Journal, dessen Chef Ralph Burkei beim Terroranschlag des Politischen Islams in Mumbai starb.<br \/>\n2003\/2004 war er Pressesprecher der CSU M\u00fcnchen bei der Franz Josef Strau\u00df-Tochter Monika Hohlmeier und von 2014 bis 2016 Bundesvorsitzender der Partei \u201eDie Freiheit\u201c. Seine fundamentale Kritik am Politischen Islam muss er seit 2013 in vielen Prozessen vor Gericht verteidigen.<br \/>\nUnterst\u00fctzung hierf\u00fcr ist \u00fcber diese Bankverbindung m\u00f6glich: Michael St\u00fcrzenberger, IBAN:HU70117753795954288500000000, BIC:OTPVHUHB<\/em><\/p>\n<p>&nbsp;<\/p>\n<p><strong>Die gr\u00f6\u00dfte Gefahr: Islamismus bzw. politischer Islam<\/strong><br \/>\n<strong>Politische Religion &#8211; Die Religion ist einerlei?<\/strong><br \/>\nEs ist schon wieder geschehen. Drei Tote und acht zum Teil Schwerverletzte \u2013 das ist die Bilanz des Anschlags eines Messerattent\u00e4ters in Solingen. Der \u201eWelt\u201c liegt ein interner Polizeibericht vor, demzufolge der T\u00e4ter bei der Messerattacke \u201eAllahu Akbar\u201c gerufen hat.<br \/>\n&#8230;<br \/>\nEric Voegelin (1901 \u2013 1985) hat 1938 den Begriff der \u201apolitischen Religion\u2018 gepr\u00e4gt und damit die totalit\u00e4ren Ideologien der ersten H\u00e4lfte des zwanzigsten Jahrhunderts (Kommunismus, Nationalsozialismus und Faschismus) beschrieben. Der \u201aIslamismus\u2018 (ein von westlichen Intellektuellen gepr\u00e4gter Neologismus) war zu seiner Zeit noch nicht geboren.<br \/>\nDiese von Voegelin apostrophierten totalit\u00e4ren Bewegungen werden durch einander \u00e4hnliche Ph\u00e4nomene charakterisiert, zu denen Heilsversprechen, F\u00fchrerkult, Utopismus und eine Portion Esoterik z\u00e4hlen. Der Islamismus nimmt unter den Religionen und totalit\u00e4ren Ideologien insofern eine Sonderstellung ein, als er \u2013 anders als Kommunismus und Nationalsozialismus \u2013 das Heil nicht ausschlie\u00dflich im Diesseits, sondern auch im Jenseits verspricht. Darin liegt die besondere Gefahr, die von ihm f\u00fcr die s\u00e4kularisierten (\u201agottlosen\u2018) westlichen Gesellschaften ausgeht. Denn w\u00e4hrend Kommunismus und Nationalsozialismus sich bereits im irdischen Jammertal derart gr\u00fcndlich diskreditiert haben, dass heute kein bei klarem Verstand befindlicher Zeitgenosse mehr deren Neuauflage herbeisehnt, darf der \u201aRechtgl\u00e4ubige\u2018 immerhin auf das Paradies im Jenseits hoffen. Der Islamismus versagt bislang zwar dabei, f\u00fcr seine \u201eUmma\u201c (Gemeinde) ein \u201aHaus des Friedens\u2018 auf Erden zu errichten (indem er sein Banner \u00fcber den gesamten Erdkreis tr\u00e4gt), aber nach einem ehrenvollen Tod im \u201eDschihad\u201c (Heiliger Krieg) erwarten den Gl\u00e4ubigen daf\u00fcr immerhin unbeschreibliche himmlische Freuden.<br \/>\n&#8230;<br \/>\nDer herausragende \u00f6sterreichische \u00d6konom und Sozialphilosoph Ludwig von Mises (1881 \u2013 1973) hat sich in seinen Schriften selten zu Religionsfragen ge\u00e4u\u00dfert, sondern es dabei belassen, Religion zu einer Privatangelegenheit zu erkl\u00e4ren und eine strikte Trennung von Glaubensangelegenheiten und Staat zu fordern. Seine diesbez\u00fcgliche Position entspricht seiner Philosophie, die auf der Bedeutung der individuellen Freiheit und einer m\u00f6glichst geringen Einmischung des Staates in das Leben der B\u00fcrger gr\u00fcndet. Aber wenn religi\u00f6ser Fanatismus den Frieden in der Gesellschaft zu st\u00f6ren drohe, sprach er sich f\u00fcr ein entschiedenes Vorgehen dagegen aus<br \/>\n&#8230;<br \/>\nVom Kampf gegen den \u201aIslamismus\u2018 zu phantasieren (der Begriff ist ein \u2013 zum Gaudium der \u201aRechtgl\u00e4ubigen\u2018 \u2013 von \u201an\u00fctzlichen Idioten\u2018 im Westen erfundenes Phantom) oder \u00fcber ein Verbot des \u201apolitischen Islam\u2018 nachzudenken, greift eindeutig zu kurz.<br \/>\nJetzt besteht die vielleicht letzte Chance, aktiv zu werden und die westliche Zivilisation vor ihrer gr\u00f6\u00dften Bedrohung zu bewahren.<br \/>\n&#8230; Alles vom 6.9.2024 von Andreas T\u00f6gel bitte lesen auf<br \/>\n<a href=\"https:\/\/www.misesde.org\/2024\/09\/die-religion-ist-einerlei\/\">https:\/\/www.misesde.org\/2024\/09\/die-religion-ist-einerlei\/<\/a><\/p>\n<p>&nbsp;<\/p>\n<p><strong>Was haben Solingen, der S\u00fcdlibanon, Gaza und Teheran gemeinsam?<\/strong><br \/>\nEs mag Zufall sein, dass der <a href=\"https:\/\/www.freiburg-schwarzwald.de\/blog\/solingen-ist-ueberall\/\">Mordanschlag in Solingen<\/a> und der Angriff der Hisbollah auf <a href=\"https:\/\/www.freiburg-schwarzwald.de\/blog\/global\/israel\/anti-israel\/\">Israel<\/a> fast gleichzeitig stattfanden. Die Motive der Terroristen, die unterschiedlichen Gruppen zugerechnet werden, sind jedenfalls gleich. Sie wollen keine Welt, die auf den j\u00fcdisch-christlichen Werten beruht.<br \/>\n&#8230;<br \/>\nWas haben Solingen, der S\u00fcdlibanon, Gaza und Teheran gemeinsam? Sehr viel! Es geht um die Vorherrschaft des Islam gegen\u00fcber der Welt, die auf den j\u00fcdisch-christlichen Werten, festgeschrieben in der Bibel, basiert. Exakt diese Werte bilden die Grundlage f\u00fcr die gewachsenen individuellen Freiheiten, die Gleichstellung aller Menschen vor Gott und dem Gesetz und \u2013 bei aller berechtigten Kritik \u2013 den wirtschaftlichen Erfolg der westlichen Welt seit dem 2. Weltkrieg.<br \/>\nDer Terrorist von Solingen mag ein irregeleiteter Syrer sein, aber er handelte aus den gleichen niedrigen Beweggr\u00fcnden wie seine Vorbilder bei ISIS, Hamas oder Hisbollah. Das Mullah-Regime in Teheran ist hinter dem blutigen Gesch\u00e4ft die treibende Kraft, die die Welt derzeit in den Abgrund blicken l\u00e4sst.<br \/>\n&#8230; Alles vom 27.8.2024 von Godel Rosenberg bitte lesen auf<br \/>\n<a href=\"https:\/\/www.tichyseinblick.de\/kolumnen\/aus-aller-welt\/hisbollah-fuehrer-das-gerupfte-huhn\/\">https:\/\/www.tichyseinblick.de\/kolumnen\/aus-aller-welt\/hisbollah-fuehrer-das-gerupfte-huhn\/<\/a><\/p>\n<p>&nbsp;<\/p>\n<p><strong>Kissler: Politischer Islam wurde lange untersch\u00e4tzt<\/strong><br \/>\nAlexander Kissler (NZZ) : &#8222;Wir haben das Problem des politischen Islam lange untersch\u00e4tzt. Wir haben es unter Oberbegriffen laufen lassen wie Verrohung der Gesellschaft, allgemeine Extremismen, Spaltung der Gesellschaft. Das ist ein Fehler. Wir m\u00fcssen den politischen Islam als die gr\u00f6\u00dfte Herausforderung f\u00fcr unsere Freiheit, unsere Sicherheit, unseren Rechtsstaat punktgenau adressieren&#8220;, meinte der NZZ-Journalist. Man brauche ein neues Bewusstsein f\u00fcr diese Gefahr.<br \/>\n&#8222;Es wurde zu lange weggeschaut, welche Menschen ins Land kommen.&#8220; (&#8230;) Wenn man bei einem Migrationsdruck aus den Niederlanden nach wie vor alle reinlasse, &#8222;dann haben wir jede Menge tickende Zeitbomben in diesem Land&#8220;. Kissler warnte: &#8222;Wenn sich jetzt nichts \u00e4ndert, dann verlieren wir den sozialen Frieden im gesamten Land \u2013 den Zusammenhalt zwischen Deutschen und Eingewanderten, Muslimen, Christen, Atheisten \u2013 das steht auf dem Spiel.&#8220;<br \/>\n&#8230; Alles vom 5.6.2024 von Alexander Kissler bitte lesen auf <a href=\"https:\/\/web.de\/magazine\/politik\/politische-talkshows\/journalist-kissler-warnt-maischberger-tickende-zeitbomben-land-39734054\">https:\/\/web.de\/magazine\/politik\/politische-talkshows\/journalist-kissler-warnt-maischberger-tickende-zeitbomben-land-39734054<\/a><\/p>\n<p>&nbsp;<\/p>\n<p><strong>Der politische Islam ist eine totalit\u00e4re Ideologie<\/strong><br \/>\nEs ist schlicht so: Der politische Islam ist eine totalit\u00e4re Ideologie. Also ein allumfassendes Weltbild, dass jeden Aspekt des Lebens durchdringen und die ganze Welt per Mission ihrem Dogma unterwerfen will. Das ist keine Polemik, sondern definitionsgem\u00e4\u00df. Das geht aus den Grundsatzwerken der Religion hervor und zeigt sich in vielen Teilen der islamischen Welt. Nur darf man das in Deutschland scheinbar nicht benennen.<br \/>\nKeine Religion ist gewaltvoller<br \/>\nWir k\u00f6nnen jetzt wieder das M\u00e4rchen vom \u201eEuro-Islam\u201c rausholen, dass wir uns als Mehrheitsgesellschaft vor allem selbst erz\u00e4hlen. Wir k\u00f6nnen betonen, dass der Islam ja zu Deutschland geh\u00f6rt und wie viele tolle, integrierte Muslime es hier gibt (nur mal so: der Mannheim-Terrorist galt laut Medien auch als \u201eintegriert\u201c). Oder wir erkennen an, dass Islamkritiker wie St\u00fcrzenberger vielleicht doch recht haben mit ihren Warnungen.<br \/>\nFakt ist: Keine Religion ist so unbarmherzig und gewaltvoll gegen\u00fcber Kritikern, Apostaten und Gegnern wie der Islam. Keine Religion inspiriert Terrorismus so sehr wie der Islam. Aus keiner Religion heraus kommt so viel Antisemitismus, Frauenhass oder Schwulen- und Lesbenfeindlichkeit wie aus dem Islam. Auch in Deutschland.<br \/>\n&#8230; Alles vom 4.6.2024 von Max Roland bitte lesen auf<br \/>\n<a href=\"https:\/\/apollo-news.net\/hatte-stuerzenberger-nicht-vielleicht-auch-einfach-recht\/\">https:\/\/apollo-news.net\/hatte-stuerzenberger-nicht-vielleicht-auch-einfach-recht\/<\/a><\/p>\n<p>&nbsp;<\/p>\n<p><strong>Achtung, Reichelt!: &#8222;Expertenkreis Politischer Islamismus&#8220; aufgel\u00f6st<\/strong><br \/>\n<strong>So vertuschen Faeser und ARD-Chef Gniffke Gewalt von Islamisten<br \/>\n<\/strong><a href=\"https:\/\/youtu.be\/Cp9dQj4qSe0\">https:\/\/youtu.be\/Cp9dQj4qSe0\u00a0<\/a><strong><br \/>\n<\/strong>Vor wenigen Tagen l\u00f6ste unsere Innenministerin Nancy Faeser, die eher ihre eigenen Ansichten als unser Land besch\u00fctzt, den Expertenkreis Politischer Islamismus auf \u2013 ohne Angabe von Gr\u00fcnden. Was sie uns vorgaukeln m\u00f6chte, k\u00f6nnte klarer kaum sein.<br \/>\nWo es keine Islamismus-Experten gibt, gibt es auch keinen Islamismus. Das ist so, als w\u00fcrden Sie die Polizei abschaffen und hoffen, dass es dann keine Bank\u00fcberf\u00e4lle mehr gibt.<br \/>\nGenau 21 Jahre nach dem 11. September 2001, der nur m\u00f6glich wurde, weil deutsche Sicherheitsbeh\u00f6rden die gr\u00f6\u00dfte und m\u00f6rderischste Terror-Verschw\u00f6rung der Weltgeschichte direkt vor ihren Augen \u00fcbersahen, die Zelle von Mohammed Atta in Hamburg-Harburg, hat unsere Innenministerin Nancy Faeser den Islamismus in Deutschland \u2013 besiegt.<br \/>\nNicht durch \u00dcberwachung, nicht durch Fahndungsdruck und unerbittliche Jagd auf diese m\u00f6rderische Ideologie und ihre Zehntausenden Anh\u00e4nger in Deutschland, nicht durch Anklagen und lange Haftstrafen, nicht, indem man jeden Tag da genau hinsieht, wo man vor 21 Jahren so f\u00fcrchterlich versagt hat, nicht durch Abschiebung und sichere Grenzen, nein.<br \/>\nNancy Faeser und ihre geistigen Mitstreiter bei unseren \u00f6ffentlich-rechtlichen Medien wie der neue ARD-Chef Kai Gniffke haben den Islamismus mit einem viel sanfteren Mittel \u00fcberwunden: Sie reden einfach nicht mehr dr\u00fcber, sie vertuschen es.<br \/>\n17.9.2022, <a href=\"https:\/\/youtu.be\/Cp9dQj4qSe0\">https:\/\/youtu.be\/Cp9dQj4qSe0<\/a><\/p>\n<p>&nbsp;<\/p>\n<p><strong>Strategie gegen politischen Islam gefordert in EU, F, A und D<\/strong><br \/>\n<em>Ministerin fordert europ\u00e4ische Strategie gegen politischen Islam<\/em><br \/>\n<em>&#8211; Ein Spaga<\/em>t<br \/>\nDie hessische Europa-Ministerin Lucia Puttrich fordert eine neue europ\u00e4ische Strategie &#8222;im Umgang mit dem politischen Islam&#8220;. Denn diese Herausforderung betreffe ganz Europa. M\u00f6gliche Ankn\u00fcpfungspunkte sieht sie in Frankreich und \u00d6sterreich.<br \/>\nIn einem Gastbeitrag f\u00fcr die &#8222;Frankfurter Allgemeine Zeitung&#8220; am Montag weist Puttrich (CDU) als Vorbild f\u00fcr eine solche Strategie auf die &#8222;Kampfansage&#8220; des franz\u00f6sischen Pr\u00e4sidenten Emmanuel Macron als &#8222;wegweisenden Schritt&#8220; hin, den es zu unterst\u00fctzen gelte. Im von islamistischen Anschl\u00e4gen aufger\u00fcttelten Frankreich habe Macron dem radikalen Islam den Kampf angesagt, so Puttrich. Macron versuche derzeit den Spagat zwischen repressiven Ma\u00dfnahmen wie der Aufl\u00f6sung extremistischer Vereine und moderaten Angeboten, die auf Integration und gesellschaftliche Teilhabe zielten. Seine Vision sei ein moderner europ\u00e4ischer Islam.<br \/>\nDer Umgang mit dem radikalen Islam sei eine ungel\u00f6ste politische Herausforderung in ganz Europa, schreibt Puttrich weiter: &#8222;Entsprechend europ\u00e4isch muss unsere Antwort sein.&#8220; Die Antiterrorstrategie der EU-Kommission, die auf eine bessere Zusammenarbeit der Sicherheitsbeh\u00f6rden und eine st\u00e4rkere Kontrolle der Finanzstr\u00f6me setze, sei richtig. Doch d\u00fcrfe es nicht allein bei dieser Strategie bleiben. Neben einer Eind\u00e4mmung der Gefahr durch bereits radikalisierte T\u00e4ter(-gruppen) sei es vor allem notwendig, dem extremistischen Gedankengut entgegenzutreten. Islamistische Ideologien seien &#8222;antiwestlich, antisemitisch und mit dem Geist des Grundgesetzes und der europ\u00e4ischen Grundrechtecharta nicht zu vereinbaren&#8220;.<br \/>\nHier k\u00f6nne und m\u00fcsse die EU mehr tun, forderte die Politikerin weiter: &#8222;Wenn wir eine echte Wertegemeinschaft sein wollen, m\u00fcssen wir unsere Werte auch verteidigen. Wir brauchen ein klares gesellschaftliches Signal, dass der Kampf um Meinungsfreiheit, rechtsstaatliche Werte und Menschenrechte eine gemeinsame Sache aller Mitgliedstaaten ist.&#8220; Der derzeit in \u00d6sterreich diskutierte Straftatbestand des &#8222;fortgesetzten und gesetzeswidrigen Versuchs der Ersetzung der demokratischen Rechtsordnung durch eine ausschlie\u00dflich religi\u00f6s begr\u00fcndete Gesellschafts- und Staatsordnung&#8220; k\u00f6nne ein solch klares Grenzsignal f\u00fcr ganz Europa darstellen, betonte die Ministerin. Er k\u00f6nnte zumindest als Ausgangspunkt f\u00fcr eine Diskussion um eine gemeinsame europ\u00e4ische Strategie dienen.<br \/>\n&#8230; Alles vom 4.1.2021 bitte lesen auf<br \/>\n<a href=\"https:\/\/www.domradio.de\/themen\/kirche-und-politik\/2021-01-04\/ein-spagat-ministerin-fordert-europaeische-strategie-gegen-politischen-islam\">https:\/\/www.domradio.de\/themen\/kirche-und-politik\/2021-01-04\/ein-spagat-ministerin-fordert-europaeische-strategie-gegen-politischen-islam<\/a><br \/>\n.<\/p>\n<p><strong>Politischer Islam: B\u00fcrgerbewegung PaxEuropa (BPE) informiert<\/strong><br \/>\nDaher gilt es, seitens der Freien Medien, der B\u00fcrgerbewegungen und aller informierter B\u00fcrger zus\u00e4tzlichen umfassenden Druck auf die etablierten Parteien, Mainstream-Medien, Kirchen und andere gesellschaftliche Gruppen auszu\u00fcben, damit diese existentielle Bedrohung endlich umfassend erkannt, thematisiert und der L\u00f6sung zugef\u00fchrt wird.<br \/>\nHierzu m\u00fcssen wirklich modern eingestellte, kritikbereite und modernisierungswillige Moslems wie <a href=\"https:\/\/www.freiburg-schwarzwald.de\/blog\/religion\/islam\/mansour\/\">Ahmad Mansour<\/a>, <a href=\"https:\/\/www.freiburg-schwarzwald.de\/blog\/religion\/islam\/abdel-samad\/\">Hamed Abdel-Samad<\/a>, <a href=\"https:\/\/www.freiburg-schwarzwald.de\/blog\/religion\/islam\/ourghi\/\">Abdel-Hakim Ourghi,<\/a> <a href=\"https:\/\/www.freiburg-schwarzwald.de\/blog\/religion\/islam\/ates\/\">Seyran Ates<\/a> oder <a href=\"https:\/\/www.freiburg-schwarzwald.de\/blog\/religion\/islam\/kelek\/\">Necla Kelek<\/a> den R\u00fccken gest\u00e4rkt bekommen.<br \/>\nLeider zieht es die derzeitige Regierung vor, immer noch mit den <a href=\"https:\/\/www.freiburg-schwarzwald.de\/blog\/religion\/islam\/islam-organisationen\/\">streng konservativen Verb\u00e4nden und Organisationen<\/a> zusammenzuarbeiten, die den politischen Islam vertreten, weswegen Hamed Abdel-Samad auch im vergangenen November aus Protest die Islamkonferenz verlassen hat.<br \/>\nEs ist ein unfassbarer Skandal, dass ein umtriebiger Funktion\u00e4r des Politischen Islams wie Imam Bajrambejamin Idriz vom Bundespr\u00e4sidenten Steinmeier und Bayerischen Innenminister Herrmann hofiert und auch noch als Beispiel f\u00fcr \u201eOffenheit\u201c hingestellt wird. Dies zeigt, wie grundlegend falsch die Politik der derzeitig verantwortlichen Politiker im Umgang mit diesem existentiellen Problem ist.<br \/>\nAufkl\u00e4rung ist enorm wichtig. Die B\u00fcrgerbewegung Pax Europa (BPE) hat in der 26. Folge ihrer Videoreihe \u201eIslam kompakt\u201c den Faschismus im Politischen Islam dokumentiert und damit einen tiefen Einblick in die totalit\u00e4re Gedankenwelt des Korans geliefert<br \/>\nDer Faschismus im politischen Islam:<br \/>\n<a href=\"https:\/\/youtu.be\/ZUQfB2QcNsI\">https:\/\/youtu.be\/ZUQfB2QcNsI<\/a><br \/>\n.<br \/>\nIm zweiten Teil, in dem dessen Merkmale aufgezeigt werden, sind Aussagen von bekannten Islamkritikern wie Hamed Abdel-Samad, Mina Ahadi, Ayaan Hirsi-Ali und Imad Karim zu sehen, die alle den Politischen Islam als faschistische Ideologie beurteilen:<br \/>\nMerkmale des politischen Islam:<br \/>\n<a href=\"https:\/\/youtu.be\/q--_6iz7nlU\">https:\/\/youtu.be\/q&#8211;_6iz7nlU<\/a><\/p>\n<p>Im dritten Teil ist der Pakt des Politischen Islams mit dem National-Sozialismus dargestellt. Dieser Pakt zeigt auf, wie viel Gemeinsamkeiten zwischen beiden Ideologien bestehen, was deren hochrangige Funktion\u00e4re wie Gro\u00dfmufti Mohammed Amin A-Husseini, Heinrich Himmler und Adolf Hitler mit vielen Aussagen best\u00e4tigten:<br \/>\nPakt zwischen politischem Islam und Nationalsozialismus:<br \/>\n<a href=\"https:\/\/youtu.be\/bw3y_IiUzlU\">https:\/\/youtu.be\/bw3y_IiUzlU<\/a><\/p>\n<p>4.12.2020, B\u00fcrgerbewegung Pax Europa<br \/>\n<a href=\"https:\/\/paxeuropa.de\">https:\/\/paxeuropa.de<\/a>\/<br \/>\n<a href=\"https:\/\/www.buergerbewegungen.de\">https:\/\/www.buergerbewegungen.de<\/a><\/p>\n<p>.<\/p>\n<p><strong>Islam ist nicht nur\u00a0Religion, sondern ein politisch-gesellschaftliches System<\/strong><\/p>\n<p>&nbsp;<\/p>\n<p><strong>Das k\u00fcrzliche Gipfeltreffen in Kuala Lumpur offenbart den desolaten Zustand der islamischen Welt<\/strong><br \/>\nDie viel beschworene Einheit der islamischen Welt existiert nicht \u2013 stattdessen gab es jede Menge Propaganda<br \/>\nDie islamisch gepr\u00e4gten Teile der Welt sind in keinem besonders guten Zustand, was sich auch in den Treffen islamischer Staaten niederschl\u00e4gt. Die haben den Ruf, vor allem die Uneinigkeit untereinander sichtbar werden zu lassen, nichts als bedeutungslose Propaganda zu fabrizieren, aber ganz sicher niemals eines zu tun: sich konstruktiv mit den gravierenden Problemlagen der eigenen Gesellschaften zu besch\u00e4ftigen. F\u00fcr diese Dauermisere hat das gerade zu Ende gegangene islamische Gipfeltreffen in Kuala Lumpur ein perfektes Beispiel geliefert. Vor allem, weil diesmal ja alles anders sein sollte.<br \/>\nMahathir Mohamad, der Gastgeber und malaysische Ministerpr\u00e4sident, gab sich bei der Zielsetzung des Treffens sehr selbstkritisch: <em><strong>Die islamische Welt sei nicht l\u00e4nger \u201edie Quelle menschlichen Wissens oder das Modell menschlicher Zivilisation\u201c. Wenn es so weitergehe, werde \u201eunsere gro\u00dfe Religion als eine Religion des Scheiterns, der Unterdr\u00fcckung und des Terrorismus verunglimpft\u201c. Der desastr\u00f6se Zustand der islamischen Gemeinschaft, der \u201eUmmah\u201c, sollte im Zentrum der Beratungen stehen:<\/strong><\/em><br \/>\n\u201eHeute ist die Ummah mit Unterdr\u00fcckung, der Inhaftierung von Millionen Menschen, Internierungslagern, B\u00fcrgerkriegen, der v\u00f6lligen Zerst\u00f6rung von St\u00e4dten und Nationen, der Massenmigration von vertriebenen Muslimen in nichtmuslimische L\u00e4nder, dem Aufkommen von Islamophobie und irrationalen Praktiken konfrontiert, die den Grunds\u00e4tzen des Islam entgegenstehen, aber doch im Namen des Islam verk\u00fcndet werden.\u201c<br \/>\n&#8230; Alles vom 1.1.2020 bitte lesen auf<br \/>\n<a href=\"https:\/\/juedischerundschau.de\/article.2020-01.das-kuerzliche-gipfeltreffen-in-kuala-lumpur-offenbart-den-desolaten-zustand-der-islamischen-welt.html\">https:\/\/juedischerundschau.de\/article.2020-01.das-kuerzliche-gipfeltreffen-in-kuala-lumpur-offenbart-den-desolaten-zustand-der-islamischen-welt.html<\/a><br \/>\n.<br \/>\n<strong>Susanne Schr\u00f6ter: Politischer Islam<\/strong><br \/>\n<em>Freir\u00e4ume erkennen und besetzen<\/em><br \/>\n<em>Die Frankfurter Ethnologin Susanne Schr\u00f6ter analysiert die durchschaubaren Taktiken des politischen Islam, die Kontrolle \u00fcber liberale Gesellschaften zu erlangen<\/em><br \/>\n<em>von Fabian Schmidt-Ahmad<\/em><br \/>\nMit ihrem j\u00fcngsten Werk \u201ePolitischer Islam. Stre\u00dftest f\u00fcr Deutschland\u201c legt Susanne Schr\u00f6ter eine kenntnisreiche Studie \u00fcber Einfl\u00fcsse des radikalen Islam auf unsere Gesellschaft vor. Anders als viele andere trennt die Leiterin des \u201eFrankfurter Forschungszentrums Globaler Islam\u201c dabei nicht streng zwischen der mohammedanischen Religion einerseits und einem \u201eIslamismus\u201c andererseits, die scheinbar isoliert voneinander existieren, sondern betrachtet letzteren als politische Ausformung von etwas, das sich auch auf innerweltliche Fragen beschr\u00e4nken kann.<br \/>\nDiesen politischen Islam sieht Schr\u00f6ter vor allem in Krisenzeiten der islamischen Geschichte aufkommen, beginnend mit der Vernichtung des glanzvollen Abbasidenreiches im Mongolensturm. Diese Krisen werden hier stets von politisch-religi\u00f6sen Str\u00f6mungen als Folge einer Abkehr vom urspr\u00fcnglich reinen, vollkommenen Glauben der islamischen Fr\u00fchzeit gedeutet. Der Aufstieg der Wahhabiten, Moslembr\u00fcder, Salafisten bis hin zur AKP als Reaktion auf soziale Verwerfungen werden in der Einleitung knapp umrissen. Die Initialz\u00fcndung kam dabei von der Iranischen Revolution 1979, die auch unter Sunniten Strahlkraft besitzt.<br \/>\nAusf\u00fchrlicher in ihrer Bedeutung f\u00fcr Deutschland werden diese Str\u00f6mungen dann in einzelnen Abschnitten n\u00e4her betrachtet, wobei das Einwirken des Wahhabismus mit seinen gewaltigen Finanzstr\u00f6men etwas zu kurz kommt. Allerdings veranschaulicht Schr\u00f6ter, ausgewiesene Expertin f\u00fcr den Islam in S\u00fcdostasien, gelungen die Funktionsweisen, wie Saudi-Arabien die indonesische Gesellschaft mit ihrem urspr\u00fcnglich liberalen Islamverst\u00e4ndnis destruiert, w\u00e4hrend umgekehrt einheimische Politiker den radikalen Islam zur Mobilisierung von W\u00e4hlerpotential entdecken. Analogien zur deutschen Gesellschaft sind offenkundig.<br \/>\n\u00dcberhaupt beschreibt Schr\u00f6ter immer wieder die gleichen, schlichten Methoden, mit denen der politische Islam seine Macht weltweit auszudehnen sucht. Zun\u00e4chst als Minderheit werden st\u00e4ndig Sonderrechte eingefordert, die angeblich essentiell f\u00fcr die Religionsaus\u00fcbung seien. Mit wachsender St\u00e4rke werden dann die eigenen Sozialvorstellungen in der \u00d6ffentlichkeit ausgelebt, politische Parteien gegr\u00fcndet, die die Agenda des politischen Islams propagieren, flankiert von wachsender Gewalt gegen diejenigen, die sich dieser raumgreifenden Sozialordnung widersetzen.<br \/>\nEine liberale Gesellschaft, die es gewohnt ist, Freir\u00e4ume zu geben, \u00f6ffnet sich dadurch einer Ideologie, die diese Freir\u00e4ume besetzt. \u201eDas islamische Recht reduziert sich nicht auf den \u00f6ffentlichen Raum oder den Bereich der Kriminaldelikte, wie sie uns bekannt sind, sondern unterwirft das Individuum auch in seiner Privatsph\u00e4re der islamistischen Doktrin.\u201c Augenf\u00e4llig wird dies in der Kontrolle der Sexualit\u00e4t. \u201eIm Zentrum des politischen Islam steht unangefochten die islamistische Genderordnung, deren augenf\u00e4lligste Merkmale eine umf\u00e4ngliche Geschlechtertrennung, ein extremer Patriarchalismus (\u2026) und die Fetischisierung der Bedeckung des weiblichen K\u00f6rpers und Kopfes sind.\u201c<br \/>\nAllerdings, bei aller inhaltlichen N\u00e4he dieser radikalen Str\u00f6mungen, sieht Schr\u00f6ter ein situationsgebundenes Taktieren, das je nach Lage zu unterschiedlichen Kompromissen f\u00fchrt. \u201eDie Vereinheitlichung aller Muslime unter einem F\u00fchrer ist gegenw\u00e4rtig mehr als unwahrscheinlich. Islamisten sehen sich daher zu einem gewissen Pragmatismus gen\u00f6tigt.\u201c Selbst die Moslembruderschaft als eine der bestorganisierten Bewegungen des politischen Islam verfolge hier eine uneinheitliche Linie, die von Land zu Land unterschiedlich ausfallen k\u00f6nne.<br \/>\nDas letzte Instrument im Werkzeugkasten des politischen Islam, die Gewalt gegen jeden, der sich dieser Ordnung widersetzt, wird in den letzten Abschnitten des Buches beleuchtet. Hier betrachtet Schr\u00f6ter unter anderem den Verdr\u00e4ngungsproze\u00df an unseren Schulen, wenn deutsche Kinder zur unterdr\u00fcckten Minderheit werden. Denn Gewalt, so wird durch die Lekt\u00fcre deutlich, ist wesentlicher Bestandteil des Islam. \u201eFloskelhafte Bekundungen, Terror und andere Formen der Gewalt h\u00e4tten nichts mit dem Islam zu tun, m\u00fcssen zur\u00fcckgewiesen werden\u201c, fordert die Professorin der Goethe-Universit\u00e4t.<br \/>\nStatt dem Ausland die Indoktrination hier lebender und aufwachsender Muslime zu \u00fcberlassen, sei hier politisches Eingreifen n\u00f6tig. \u201eIslampolitik ist ein Teil der Integrationspolitik und mu\u00df offen diskutiert werden\u201c, hei\u00dft es bei Schr\u00f6ter. \u201eEine freie Gesellschaft lebt von einer freien Debatte, gerade dann, wenn es um eine totalit\u00e4re Bewegung geht, die im Namen von Religionsfreiheit und Toleranz an den Fundamenten unserer Gesellschaft s\u00e4gt.\u201c<br \/>\n.<br \/>\n<em>Susanne Schr\u00f6ter: Politischer Islam. Stre\u00dftest f\u00fcr Deutschland. <\/em><br \/>\n<em>G\u00fctersloher Verlagshaus, G\u00fctersloh 2019, gebunden, 382 Seiten, 25 Euro<\/em><br \/>\n18.10.2019, Junge Freiheit, 43\/19, Seite 31<\/p>\n<p>&nbsp;<\/p>\n<p>&nbsp;<\/p>\n<p><strong>Der Islam will die Welteroberung<\/strong><br \/>\n&#8222;Wer weiterhin das M\u00e4rchen von der islamischen Toleranz verbreitet, behindert jene muslimischen Intellektuellen, die ernsthaft an jener Reform des Islam arbeiten, die im neunzehnten Jahrhundert so erfolgversprechend begann. Denn er beraubt sie der Chance, eine Vergangenheit zu \u00fcberwinden, die ansonsten zur abscheulichen Gegenwart zu werden droht. Gel\u00e4nge es den Reformern, den Islam radikal zu entpolitisieren, dann k\u00f6nnten die Muslime zu wirklichen B\u00fcrgern in ihren Staaten werden. \u00dcbrig bliebe jene hochgradig spirituelle Religion, die nicht nur Goethe fasziniert hat: Hegel nannte den Islam die \u201eReligion der Erhabenheit\u201c. Dazu k\u00f6nnte er werden.&#8220; &#8230;<br \/>\nGesamtes Essay von Egon Flaig vom 15.9.2006 bitte lesen auf<br \/>\n<a href=\"https:\/\/www.faz.net\/frankfurter-allgemeine-zeitung\/essay-der-islam-will-die-welteroberung-1354009.html\">https:\/\/www.faz.net\/frankfurter-allgemeine-zeitung\/essay-der-islam-will-die-welteroberung-1354009.html<\/a><\/p>\n<p><em>Egon Flaig<\/em><br \/>\n<em>De Niederlage der politischen Vernunft<\/em><br \/>\n<em>Wie wir die Errungenschaften der Aufkl\u00e4rung verspielen, 416 Seiten, 2017<\/em><br \/>\n<em>ISBN 978-3-86674-535-3,<\/em><\/p>\n<p>&nbsp;<\/p>\n<p><strong>Wie zugewanderte Muslime politisch ticken<\/strong><br \/>\nDer hohe Anteil von orthodox-konservativ und radikal-militant eingestellten Muslimen unter den nieders\u00e4chsischen Jugendlichen, den Christian Pfeiffer unter anderen in der jetzt ver\u00f6ffentlichten Studie \u201eZur Entwicklung der Gewalt in Deutschland. Schwerpunkte: Jugendliche und Fl\u00fcchtlinge als T\u00e4ter und Opfer\u201c (Januar 2018) feststellen mussten, kann angesichts schon l\u00e4nger vorliegender Befragungsergebnisse nicht wirklich \u00fcberraschen. Gerade deshalb ist ja die Kritik an der irregul\u00e4ren Masseneinwanderung von \u201eFl\u00fcchtlingen\u201c aus islamischen L\u00e4ndern mehr als berechtigt und alles andere als \u201erassistisch\u201c.<br \/>\n&#8230;.<br \/>\nLaut einer Studie des \u201eExzellenzclusters Religion und Politik\u201c der Westf\u00e4lischen Wilhelms-Universit\u00e4t M\u00fcnster (siehe hier und hier) , die f\u00fcr TNS Emnid durchgef\u00fchrt und am 16. Juni 2016 in Berlin vorgestellt wurde, \u201egab fast jeder Zweite (47 Prozent) an, dass die Befolgung der Gebote des Islams wichtiger sei als die Gesetze des Staates. 32 Prozent der Befragten sind der Meinung, Muslime sollten die R\u00fcckkehr zu einer Gesellschaftsordnung wie zu Zeiten des Propheten Mohammeds anstreben. 50 Prozent stimmten der Aussage zu, dass es nur eine wahre Religion gebe. 73 Prozent bejahten, dass man B\u00fccher und Filme, die religi\u00f6se Gef\u00fchle verletzen, gesetzlich verbieten solle. 36 Prozent sagten, dass nur der Islam in der Lage sei, aktuelle Probleme zu l\u00f6sen. Jeder F\u00fcnfte \u00e4u\u00dferte, die Bedrohung des Islams durch die westliche Welt rechtfertige es, dass Muslime Gewalt anwenden. Zudem vertraten sieben Prozent die Ansicht, dass Gewalt gerechtfertigt sei, wenn es um die Durchsetzung des Islams gehe.\u201c In zahlreichen arabischen, afrikanischen und asiatischen Herkunftsl\u00e4ndern der \u201eGefl\u00fcchteten\u201c mit islamischer Mehrheitsbev\u00f6lkerung sieht das Einstellungsgef\u00fcge noch weitaus r\u00fcckst\u00e4ndiger aus, wie diese Studien hier<br \/>\n<a href=\"https:\/\/www.gam-online.de\/text-Islam%20im%20Kopf.html\">https:\/\/www.gam-online.de\/text-Islam%20im%20Kopf.html<\/a><br \/>\nund hier<br \/>\n<a href=\"https:\/\/www.pewforum.org\/2013\/04\/30\/the-worlds-muslims-religion-politics-society-overview\/\">https:\/\/www.pewforum.org\/2013\/04\/30\/the-worlds-muslims-religion-politics-society-overview\/<\/a><br \/>\nzeigen.<br \/>\nDementsprechend ist dann auch das irregul\u00e4r importierte Einstellungsprofil dieser \u00fcberwiegend j\u00fcngeren Personen beschaffen. So stimmten 69,6 Prozent der nieders\u00e4chsischen muslimischen Jugendlichen der Aussage zu, dass der Koran das einzig wahre Glaubensbuch ist. &#8230;<br \/>\nAlles von Hartmut Krauss vom 16.1.2018 bitte lesen auf<br \/>\n<a href=\"https:\/\/www.achgut.com\/artikel\/wie_zugewanderte_muslime_politisch_ticken\/P5#section_leserpost\">https:\/\/www.achgut.com\/artikel\/wie_zugewanderte_muslime_politisch_ticken\/P5#section_leserpost<\/a><\/p>\n<p>.<\/p>\n<p><strong>Wer wissen m\u00f6chte wie zugewanderte Muslime wirklich ticken<\/strong>,<br \/>\nsollte eine Woche in Berlin mehrmals t\u00e4glich mit der U- und S-Bahn fahren, Internet-Cafes, Shisha-Bars, Schwimmb\u00e4der und Jugendclubs besuchen Das ist erhellender als jede TV-Talkshow und jede Statistik.<br \/>\nBerlin war schon immer eine harte Stadt, aber die letzten zweieinhalb Jahre weisen den Weg zu Faustrecht, Chaos, Anarchie und vollkommenem Staatsversagen<br \/>\n16.1.2018, Dolores Winter , AO<\/p>\n<p><strong>Die wahren Rechtsextremisten kommen aus dem Morgenland<\/strong><br \/>\nSeit 2007 k\u00f6nnte es also klar sein, dass die wahren Rechtsextremen im Land die Moslems sind. Die Mehrheit von ihnen, ob Mann oder Frau, leiden an \u00abAllmachtsphantasien und Gr\u00f6ssenwahn, Paranoia und Verfolgungswahn, Kritikunf\u00e4higkeit und Zwangsst\u00f6rungen\u00bb (Hamed Abdel-Samad). Und in der Tat: Eine Mehrheit glaubt, dass nur der Islam in der Lage sei, die Probleme unserer Zeit zu l\u00f6sen, dass der Koran das einzig wahre Glaubensbuch, der Islam die einzig wahre Religion, die Befolgung der Gebote ihrer Religion wichtiger sei als die Demokratie und dass man B\u00fccher und Filme, die religi\u00f6se Gef\u00fchle verletzen, gesetzlich verbieten sollte. Nun weiss man ja, wie schnell sie sich beleidigt f\u00fchlen, schon ein Blick reicht, ein unbedecktes Frauenknie, offene Frauenhaare. Schon der Anblick eines Ungl\u00e4ubigen ist f\u00fcr einen Fundamentalisten eine Beleidigung, jedes kritische Wort gegen\u00fcber dem Islam, jeder Zweifel an den rassistischen Aussagen eines Mohammed. Zusammenfassend kann man sagen, dass schon 2007 aufgrund der Studie des Bundesinnenministeriums h\u00e4tte festgestellt werden k\u00f6nnen, dass lediglich knapp jeder f\u00fcnfte Muslim sich als gering religi\u00f6s versteht. Doch auch die werden, so die Traditionalisten, Orthodoxen und Fundamentalisten mal die Macht haben, mitlaufen. F\u00fchrt man sich diese Einsichten zu Gem\u00fcte, keimt ein leiser Verdacht auf: Die Hetze der etablierten Linksparteien Linke, SPD, Gr\u00fcne, CDU\/CSU gegen die ebenfalls demokratisch gew\u00e4hlte AfD und gegen die paar unbedeutenden Horden ewiggestriger Neonazis soll davon ablenken, dass man den wahren Rechtsextremen aus dem Morgenland den roten Teppich ausrollt.<br \/>\n16.1.2018, J\u00fcrg Casanova, AO<br \/>\n.<br \/>\n<strong>Computervirus und Islam: Verbreitung<\/strong><br \/>\nSolche Untersuchungen sind in der Tat bekannt, aber wohl nicht einer breiten \u00d6ffentlichkeit. Der Laie fragt sich, was h\u00e4lt eine solch gef\u00e4hrliche Ideologie am Leben? Warum wurde sie nicht l\u00e4ngst niedergelegt von ihren Mitgliedern? Die Antwort klingt bereits im obigen Artikel an: weil der Islam selbst f\u00fcr seine eigene Verbreitung sorgt. Ich vergleiche das Prinzip gern mit dem eines Virus oder, noch anschaulicher, eines Computervirus. Ein Computervirus ist nichts weiter als ein von einem Hacker zusammengestellter Satz von Befehlen, dessen wichtigste Eigenschaft ist, die Befehle zu seiner eigenen Weiterverbreitung zu enthalten. Manche Computerviren schicken z.B. ihren eigenen Code per E-Mail an Adressen aus der Kontaktliste des Besitzers. Der Islam funktioniert \u00e4hnlich, als ein Regelwerk, das menschliche Gehirne verwendet und diese die Befehle f\u00fcr seine eigene Weiterverbreitung ausf\u00fchren l\u00e4sst. Deshalb kann man Muslime auch nicht direkt als schuldig ansehen.<br \/>\n16.1.2018, Mike Loewe, AO<br \/>\n.<br \/>\nSPD und Gr\u00fcne kennen weder Ober- noch Untergrenzen. Beide Parteien werden diese simplen &amp; erschreckenden Zahlen von Hartmut Krauss erst interpretieren k\u00f6nnen, wenn sie unter 5% gesunken sind.<\/p>\n<p>&nbsp;<\/p>\n<p>&nbsp;<\/p>\n<p><strong>Islamisierung &#8211; Der Gefahr ins Auge sehen<\/strong><br \/>\nIn Deutschland hat nie eine Diskussion dar\u00fcber stattgefunden, da\u00df wir von Menschen, die aus vielen Gr\u00fcnden nach Deutschland kommen, erwarten m\u00fcssen, da\u00df sie sich an deutsche Gesetze, Normen und Werte halten, die aus der Aufkl\u00e4rung herr\u00fchren und konstitutiv f\u00fcr unser friedliches Zusammenleben sind.<br \/>\nAls Friedrich Merz vor 17 Jahren von der Notwendigkeit der <a title=\"Leitkultur\" href=\"https:\/\/www.freiburg-schwarzwald.de\/blog\/kultur\/leitkultur\/\">Leitkultur<\/a> sprach, hagelte es Kritik aus der Welt der \u201ePolitical Correctness\u201c. W\u00e4hrend andere L\u00e4nder klar definieren, was sie von Zuwanderern verlangen \u2013 Sprachbeherrschung, Gesetzestreue, Integrationsbereitschaft (wem das zu beschwerlich ist, hat jederzeit das Recht, wieder zu gehen) \u2013, haben wir in Deutschland aus falsch verstandener Toleranz nicht diesen notwendigen Mut besessen, sondern der Intoleranz den Weg ebenso geebnet wie der Entwicklung von Parallelgesellschaften, No-go-Areas, und der Segregation Vorschub geleistet.<\/p>\n<p><strong>Zeichen gelungener Integration?<\/strong><br \/>\nIst es Integration,<br \/>\nwenn in Neuss in einem Bad nur noch H\u00fchnchen und keine Bockwurst mehr angeboten wird,<br \/>\nwenn in Kassel in einem Kindergarten keine Weihnachtslieder mehr gesungen werden,<br \/>\nwenn in Hannover zweieinhalb Jahre akzeptiert wird, da\u00df eine Sch\u00fclerin vollverschleiert im Unterricht erscheint,<br \/>\nwenn in Berlin eine Lehrerin keine christliche Kreuzkette tragen darf,<br \/>\nwenn in <a title=\"Damenbad\" href=\"https:\/\/www.freiburg-schwarzwald.de\/blog\/sport\/baeder\/damenbad\/\">Freiburg<\/a> muslimische Frauen in einem Damenbad keine m\u00e4nnlichen Bademeister akzeptieren,<br \/>\nwenn in Mannheim eine muslimische Pflegerin sich weigert, m\u00e4nnliche Patienten zu waschen,<br \/>\nwenn in Berlin muslimische Eltern gegen einen homosexuellen Erzieher demonstrieren,<br \/>\nwenn in Hessen eine Muslima als Rechtsreferendarin sich weigert, vor Gericht das Kopftuch abzulegen?<br \/>\n.<br \/>\nGeh\u00f6rt es auch zur Integration, eine Teilnahme an Klassenfahrten zu verweigern, gegen Koedukation im Sport- und Schwimmunterricht zu k\u00e4mpfen, zu versuchen, islamische Kinderg\u00e4rten und Schulen zu errichten, einen islamischen Wohlfahrtsverband aufzubauen, bekenntnisorientierten islamischen Religionsunterricht mit einer kritiklosen Verherrlichung Mohammeds einzuf\u00fchren? Geh\u00f6ren erste muslimische Listen bei Kommunalwahlen dazu, Zuckerfest statt Weihnachtsfest?<br \/>\n.<br \/>\n<strong>Islamisierung fester Bestandteil des Islam<\/strong><br \/>\nEinzelf\u00e4lle? Nein! Nur ein kleiner Auszug aus der Lebenswirklichkeit. Rund sechzig Prozent der Deutschen haben Sorge wegen einer zunehmenden Islamisierung. Zu Recht: 1970 lebten etwa 300.000 Muslime in Deutschland, im Jahr 2000 ca. drei Millionen, heute etwa sechs bis sieben Millionen. Und im Jahre 2025 und 2040?<br \/>\nDer Islamwissenschaftler <a title=\"Europa-Leitkultur\" href=\"https:\/\/www.freiburg-schwarzwald.de\/blog\/kultur\/europa-leitkultur\/\">Bassam Tibi<\/a> weist darauf hin, da\u00df die Islamisierung der Welt ein fester Bestandteil islamischer Weltanschauung ist.<br \/>\nWas machen unsere christlichen Volkskirchen? Bischof Reinhard Marx und der EKD-Ratsvorsitzende Bedford-Strohm verzichten bei einem Besuch auf dem Tempelberg mit einem muslimischen Scheich auf das Tragen ihrer Amtskreuze. Ein fatales Signal.<br \/>\n.<br \/>\n<strong>Ziel ist die Weltherrschaft<\/strong><br \/>\nWas macht partei\u00fcbergreifend die Politik in Deutschland? Sie denkt von Wahltermin zu Wahltermin und befa\u00dft sich nicht vertiefend mit dem Problem einer Religion, die als Ziel die Weltherrschaft hat.<br \/>\nDer Islamrat f\u00fcr Europa hat 1980 in London beschlossen: \u201eDer Islam ist ein Glaube, eine Lebensweise und eine Bewegung zur Aufrichtung der islamischen Ordnung in der Welt.\u201c<br \/>\nIn der Kairoer Erkl\u00e4rung der Menschenrechte von 1990 haben 45 islamische Saaten darauf verwiesen, da\u00df die Menschenrechte immer unter dem Vorbehalt der islamischen Rechtsordnung der Scharia stehen, denn diese sei Allahs Gebot und damit bindend \u2013 und nicht der von Menschenhand formulierte Grundsatz der UN-Menschenrechtskonvention.<br \/>\n.<br \/>\n<strong>Koran unvereinbar mit dem Grundgesetz<\/strong><br \/>\nWann fordert der Westen die islamischen Staaten auf, sich von diesen Beschl\u00fcssen zu distanzieren? Warum fordert die europ\u00e4ische Staatengemeinschaft nicht t\u00e4glich, die Verfolgung der Christen in praktisch allen islamischen Staaten endlich zu beenden? Wann demonstrieren die Muslime hier lautstark gegen islamistische Terroranschl\u00e4ge, so wie es geschieht, wenn es um Proteste gegen harmlose Mohammed-Karikaturen geht?<br \/>\nWann endlich gibt es die Aufkl\u00e4rung im Islam, die klarstellen mu\u00df, da\u00df die rund 200 Stellen im Koran, die zum Kampf gegen die \u201eUngl\u00e4ubigen\u201c und deren Vernichtung aufrufen, nur im Kontext der damaligen Zeit zu sehen sind und heute keine Bedeutung mehr haben? Solange dies nicht geschieht, mu\u00df man den Koran als unvereinbar mit dem Grundgesetz bezeichnen.<br \/>\nDie Wahrscheinlichkeit eines aufgekl\u00e4rten Reformislams ist allerdings gering, wenn man wei\u00df, was der t\u00fcrkische Pr\u00e4sident Erdo\u011fan diesbez\u00fcglich gesagt hat: \u201eEs gibt keinen moderaten oder nichtmoderaten Islam. Islam ist Islam und damit hat es sich.\u201c Oder der ehemalige Chef der t\u00fcrkischen Religionsbeh\u00f6rde Diyanet, Ali Bardako\u011flu: \u201eEs steht au\u00dferhalb jeder Er\u00f6rterung, da\u00df das, was im Koran steht, gilt.\u201c<br \/>\n.<br \/>\n<strong>Minderheit darf keine Mehrheit werden<\/strong><br \/>\nEtwas mehr Nachdenklichkeit in Deutschland w\u00e4re daher angebracht, zumal wenn man wei\u00df, da\u00df Takija, also die bewu\u00dfte T\u00e4uschung des \u201eUngl\u00e4ubigen\u201c, fester Bestandteil muslimischer Politik ist. Wie antwortete doch der ehemalige Vorsitzende des Zentralrats der Muslime, Nadeem Elyas, auf die Frage, ob der s\u00e4kulare Rechtsstaat die unumst\u00f6\u00dfliche Grundlage sei? \u201eJa, solange Muslime in der Minderheit sind.\u201c<br \/>\nDamit aus der Minderheit keine Mehrheit wird, d\u00fcrfen wir unsere eigene Identit\u00e4t ebensowenig aufgeben wie unsere Werte und unsere Leitkultur auf der Basis des Grundgesetzes.<br \/>\nWenn Muslime heute bewu\u00dft Islam mit Friedfertigkeit statt Unterdr\u00fcckung \u00fcbersetzen, dann wollen wir das gerne glauben, wenn in allen 57 islamischen Staaten Religion und Politik getrennt sind, der Dschihad und die Scharia genauso aufgegeben werden wie der Anspruch auf Vorherrschaft und religi\u00f6se \u00dcberlegenheit, wenn es Geschlechtergleichheit und Glaubensfreiheit, Rechtsstaatlichkeit, Gewaltenteilung und freie Wahlen gibt. Aber keinen Moment fr\u00fcher.<br \/>\n.<br \/>\n17.6.2017, Hans-J\u00fcrgen Irmer (CDU-MdL): Islamisierung &#8211; Der Gefahr ins Auge sehen<br \/>\n<a href=\"https:\/\/jungefreiheit.de\/debatte\/kommentar\/2017\/der-gefahr-ins-auge-sehen\/\">https:\/\/jungefreiheit.de\/debatte\/kommentar\/2017\/der-gefahr-ins-auge-sehen<\/a><br \/>\nHans-J\u00fcrgen Irmer, CDU-Abgeordneter im Hessischen Landtag.<\/p>\n<p>&nbsp;<\/p>\n<p><strong>Islam als Religion macht Integration unm\u00f6glich<\/strong><br \/>\nDie Probleme sind in der Religion angesiedelt. So wie wir Muslime sozialisiert wurden, sind wir alle tickende Zeitbomben. Meine Eltern im Libanon waren nicht gl\u00e4ubig, aber wenn wir andere Familienangeh\u00f6rige zu Festen besuchten, wurde dort gebetet. Und wissen Sie, was wir gebetet haben? Gott verfluche die Juden, Gott verfluche die Christen. Das steckt in unseren K\u00f6pfen von Kindesbeinen, ich kenne hier Araber in Deutschland, die dieselben Gebete in ihren H\u00e4usern beten und nicht nur in ihren H\u00e4usern.<br \/>\n&#8230; Alles von Imad Karim vom 16.6.2017 bitte lesen auf<br \/>\n<a href=\"https:\/\/kurier.at\/politik\/deutsch-libanesischer-regisseur-imad-karim-wir-befinden-uns-mitten-in-der-islamischen-inquisitionszeit\/270.091.734\">https:\/\/kurier.at\/politik\/deutsch-libanesischer-regisseur-imad-karim-wir-befinden-uns-mitten-in-der-islamischen-inquisitionszeit\/270.091.734<\/a><br \/>\n<em>Imad Karim ist ein libanesisch-deutscher Regisseur, Drehbuchautor und Fernsehjournalist. Seine Filme wurden in den Fernsehanstalten ARD, ZDF, WDR, hr, BR, MDR, ORB, SR, SWR, NDR, 3Sat, Phoenix ausgestrahlt. Er geh\u00f6rte verschiedenen Filmjurys an und ist selber Tr\u00e4ger verschiedener Fernsehpreise. Seine Islamkritik brachte ihm viele Vorw\u00fcrfe ein, so wird ihm immer wieder die N\u00e4he zur AfD vorgeworfen, die er aber vehement abstreitet. Er selbst bezeichnet sich als Agnostiker.<\/em><\/p>\n<p>&nbsp;<\/p>\n","protected":false},"excerpt":{"rendered":"<p>Home &gt;Religion &gt;Islam &gt;Islam-Politik &nbsp; Listenauswahl eines Beitrags (Artikel\/Datum, Seite\/Inhalt):\u00a0Klicken\u00a0oder scrollen Susanne Schr\u00f6ter: Buch &#8222;Links, rechts, islamistisch&#8220; (8.8.2026) Nach CSD-Anschlag: \u00d6zdemir \u00fcbt scharfe Kritik an Reaktion der Islamverb\u00e4nde\u00a0(28.7.2026) Islam oder Islamismus\u00a0(20.7.2026) Schulbarometer \u2013 Islam \u2013 Linke\u00a0(25.6.2026) Anabel Schunke: Warum es &hellip; <a href=\"https:\/\/www.freiburg-schwarzwald.de\/blog\/religion\/islam\/islam-politik\/\">Weiterlesen <span class=\"meta-nav\">&rarr;<\/span><\/a><\/p>\n","protected":false},"author":2,"featured_media":0,"parent":12111,"menu_order":0,"comment_status":"open","ping_status":"closed","template":"","meta":{"footnotes":""},"class_list":["post-64998","page","type-page","status-publish","hentry"],"_links":{"self":[{"href":"https:\/\/www.freiburg-schwarzwald.de\/blog\/wp-json\/wp\/v2\/pages\/64998","targetHints":{"allow":["GET"]}}],"collection":[{"href":"https:\/\/www.freiburg-schwarzwald.de\/blog\/wp-json\/wp\/v2\/pages"}],"about":[{"href":"https:\/\/www.freiburg-schwarzwald.de\/blog\/wp-json\/wp\/v2\/types\/page"}],"author":[{"embeddable":true,"href":"https:\/\/www.freiburg-schwarzwald.de\/blog\/wp-json\/wp\/v2\/users\/2"}],"replies":[{"embeddable":true,"href":"https:\/\/www.freiburg-schwarzwald.de\/blog\/wp-json\/wp\/v2\/comments?post=64998"}],"version-history":[{"count":5,"href":"https:\/\/www.freiburg-schwarzwald.de\/blog\/wp-json\/wp\/v2\/pages\/64998\/revisions"}],"predecessor-version":[{"id":152500,"href":"https:\/\/www.freiburg-schwarzwald.de\/blog\/wp-json\/wp\/v2\/pages\/64998\/revisions\/152500"}],"up":[{"embeddable":true,"href":"https:\/\/www.freiburg-schwarzwald.de\/blog\/wp-json\/wp\/v2\/pages\/12111"}],"wp:attachment":[{"href":"https:\/\/www.freiburg-schwarzwald.de\/blog\/wp-json\/wp\/v2\/media?parent=64998"}],"curies":[{"name":"wp","href":"https:\/\/api.w.org\/{rel}","templated":true}]}}